{"id":107060,"date":"2026-08-24T14:07:20","date_gmt":"2026-08-24T14:07:20","guid":{"rendered":"https:\/\/iwell-guard.com\/?page_id=107060"},"modified":"2026-08-26T18:06:02","modified_gmt":"2026-08-26T18:06:02","slug":"rauhnaechte","status":"publish","type":"page","link":"https:\/\/iwell-guard.com\/tr\/rauhnaechte\/","title":{"rendered":"Rauhn\u00e4chte \u2013 On \u0130ki Gece"},"content":{"rendered":"\t\t<div data-elementor-type=\"wp-page\" data-elementor-id=\"107060\" class=\"elementor elementor-107060 elementor-107038\" data-elementor-post-type=\"page\">\n\t\t\t\t<div class=\"elementor-element elementor-element-iwgs-raeuchern-hero e-flex e-con-boxed e-con e-parent\" data-id=\"iwgs-raeuchern-hero\" data-element_type=\"container\" data-e-type=\"container\">\n\t\t\t\t\t<div class=\"e-con-inner\">\n\t\t<div class=\"elementor-element elementor-element-iw-raeuchern-hero-left e-con-full e-flex e-con e-child\" data-id=\"iw-raeuchern-hero-left\" data-element_type=\"container\" data-e-type=\"container\">\n\t\t\t\t<div class=\"elementor-element elementor-element-iwgs-raeuchern-h1 elementor-widget elementor-widget-heading\" data-id=\"iwgs-raeuchern-h1\" data-element_type=\"widget\" data-e-type=\"widget\" data-widget_type=\"heading.default\">\n\t\t\t\t\t<h1 class=\"elementor-heading-title elementor-size-default\">Rauhn\u00e4chte: y\u0131llar aras\u0131ndaki On \u0130ki Gece<\/h1>\t\t\t\t<\/div>\n\t\t<div class=\"elementor-element elementor-element-iw-raeuchern-hero-bw e-con-full e-flex e-con e-child\" data-id=\"iw-raeuchern-hero-bw\" data-element_type=\"container\" data-e-type=\"container\">\n\t\t\t\t<div class=\"elementor-element elementor-element-iwgs-raeuchern-pills elementor-widget elementor-widget-html\" data-id=\"iwgs-raeuchern-pills\" data-element_type=\"widget\" data-e-type=\"widget\" data-widget_type=\"html.default\">\n\t\t\t\t\t<div class=\"iwg-pill-row\"><span class=\"iwg-klasse-badge\" tabindex=\"0\" data-tooltip=\"Kendine \u00f6zg\u00fc geleneklere sahip bir zaman dilimi.\">Gelenek<\/span><a href=\"https:\/\/iwell-guard.com\/tr\/kuzey-tanrilari\/\" class=\"iwg-kultur-badge\" tabindex=\"0\" data-tooltip=\"Germen gelene\u011fine genel bak\u0131\u015f i\u00e7in.\">Germen k\u00fclt\u00fcr alan\u0131<\/a><\/div>\t\t\t\t<\/div>\n\t\t\t\t<div class=\"elementor-element elementor-element-iwgs-raeuchern-lead elementor-widget elementor-widget-text-editor\" data-id=\"iwgs-raeuchern-lead\" data-element_type=\"widget\" data-e-type=\"widget\" data-widget_type=\"text-editor.default\">\n\t\t\t\t\t\t\t\t\t<p>Noel ile Epifani (6 Ocak) aras\u0131nda, Almanca konu\u015fulan b\u00f6lgelerde kendine \u00f6zg\u00fc kurallar\u0131 olan bir zaman dilimi uzan\u0131r. Bu d\u00f6neme On \u0130ki Gece, Rauhn\u00e4chte ya da Raun\u00e4chte denirdi. Bu gecelerde g\u00f6r\u00fcnen d\u00fcnya ile g\u00f6r\u00fcnmeyen d\u00fcnya aras\u0131ndaki s\u0131n\u0131r\u0131n ge\u00e7irgen oldu\u011funa inan\u0131l\u0131rd\u0131.<\/p><p>Bu ansiklopedi a\u00e7\u0131s\u0131ndan bu geceler, y\u0131l\u0131n en yo\u011fun koruma d\u00f6nemidir. Gelene\u011fin koruma konusunda bildi\u011fi hemen her \u015fey burada yo\u011fun bi\u00e7imde bir araya gelir: duman, g\u00fcr\u00fclt\u00fc, kutsal su, e\u015fik i\u015faretleri ve bir dizi yasak. Ayn\u0131 zamanda bu geceler, ansiklopedinin ba\u015fka b\u00f6l\u00fcmlerinde kendi sayfalar\u0131 bulunan fig\u00fcrleri de bir araya toplar.<\/p>\t\t\t\t\t\t\t\t<\/div>\n\t\t\t\t<\/div>\n\t\t\t\t<\/div>\n\t\t<div class=\"elementor-element elementor-element-iw-raeuchern-hero-img e-con-full e-flex e-con e-child\" data-id=\"iw-raeuchern-hero-img\" data-element_type=\"container\" data-e-type=\"container\">\n\t\t\t\t<div class=\"elementor-element elementor-element-iwgs-raeuchern-himg iwg-hero-image elementor-widget elementor-widget-image\" data-id=\"iwgs-raeuchern-himg\" data-element_type=\"widget\" data-e-type=\"widget\" data-widget_type=\"image.default\">\n\t\t\t\t\t\t\t\t\t\t\t\t\t\t\t<img fetchpriority=\"high\" decoding=\"async\" width=\"683\" height=\"1024\" src=\"https:\/\/iwell-guard.com\/wp-content\/uploads\/2026\/05\/schutzsymbol_universell_raeuchern-683x1024.png\" class=\"attachment-large size-large wp-image-122693\" alt=\"T\u00fcts\u00fcleme ve ar\u0131nma \u2013 ar\u0131nman\u0131n simgesi olarak y\u00fckselen duman\" srcset=\"https:\/\/iwell-guard.com\/wp-content\/uploads\/2026\/05\/schutzsymbol_universell_raeuchern-683x1024.png 683w, https:\/\/iwell-guard.com\/wp-content\/uploads\/2026\/05\/schutzsymbol_universell_raeuchern-200x300.png 200w, https:\/\/iwell-guard.com\/wp-content\/uploads\/2026\/05\/schutzsymbol_universell_raeuchern-768x1152.png 768w, https:\/\/iwell-guard.com\/wp-content\/uploads\/2026\/05\/schutzsymbol_universell_raeuchern.png 1024w\" sizes=\"(max-width: 683px) 100vw, 683px\" \/>\t\t\t\t\t\t\t\t\t\t\t\t\t\t\t<\/div>\n\t\t\t\t<\/div>\n\t\t\t\t\t<\/div>\n\t\t\t\t<\/div>\n\t\t<div class=\"elementor-element elementor-element-iwgs-raeuchern-s0 e-flex e-con-boxed e-con e-parent\" data-id=\"iwgs-raeuchern-s0\" data-element_type=\"container\" data-e-type=\"container\">\n\t\t\t\t\t<div class=\"e-con-inner\">\n\t\t\t\t<div class=\"elementor-element elementor-element-iwgs-raeuchern-s0h elementor-widget elementor-widget-heading\" data-id=\"iwgs-raeuchern-s0h\" data-element_type=\"widget\" data-e-type=\"widget\" data-widget_type=\"heading.default\">\n\t\t\t\t\t<h2 class=\"elementor-heading-title elementor-size-default\">Rauhn\u00e4chte nedir?<\/h2>\t\t\t\t<\/div>\n\t\t<div class=\"elementor-element elementor-element-iw-raeuchern-s0-bw e-con-full e-flex e-con e-child\" data-id=\"iw-raeuchern-s0-bw\" data-element_type=\"container\" data-e-type=\"container\">\n\t\t\t\t<div class=\"elementor-element elementor-element-iwgs-raeuchern-s0t elementor-widget elementor-widget-text-editor\" data-id=\"iwgs-raeuchern-s0t\" data-element_type=\"widget\" data-e-type=\"widget\" data-widget_type=\"text-editor.default\">\n\t\t\t\t\t\t\t\t\t<p>Rauhn\u00e4chte, Noel ile 6 Ocak&#8217;taki Epifani bayram\u0131 aras\u0131ndaki on iki gecedir. Daha eski adland\u0131rmayla bunlara On \u0130kiler ya da On \u0130ki Gece de denir. B\u00f6lgesel olarak Innern\u00e4chte, Untern\u00e4chte veya Gl\u00f6ckeln\u00e4chte gibi adlar da kullan\u0131l\u0131r.<\/p><p>Halk inanc\u0131 bu d\u00f6neme istisnai bir durum y\u00fckler. Y\u0131l\u0131n d\u00fczeni tamamlanm\u0131\u015f, yenisi hen\u00fcz ba\u015flamam\u0131\u015ft\u0131r; gelene\u011fe g\u00f6re bu ara bo\u015flukta dola\u015fan ruhlar ve efsanevi fig\u00fcrler ortaya \u00e7\u0131kard\u0131. Bu geceler i\u00e7in kay\u0131tl\u0131 koruyucu geleneklerin yo\u011funlu\u011fu buradan gelir.<\/p><p>Anla\u015f\u0131lmas\u0131 \u00f6nemli olan \u015fu: Rauhn\u00e4chte tek bir varl\u0131k ya da tek bir gelenek de\u011fil, bir\u00e7ok gelene\u011fin ba\u011fland\u0131\u011f\u0131 bir zaman dilimidir. Bu d\u00f6nemde ne yap\u0131l\u0131p ne yap\u0131lmad\u0131\u011f\u0131 vadiden vadiye b\u00fcy\u00fck farkl\u0131l\u0131klar g\u00f6sterirdi.<\/p>\t\t\t\t\t\t\t\t<\/div>\n\t\t\t\t<\/div>\n\t\t\t\t\t<\/div>\n\t\t\t\t<\/div>\n\t\t<div class=\"elementor-element elementor-element-82e1f70 e-flex e-con-boxed e-con e-parent\" data-id=\"82e1f70\" data-element_type=\"container\" data-e-type=\"container\">\n\t\t\t\t\t<div class=\"e-con-inner\">\n\t\t\t\t<div class=\"elementor-element elementor-element- elementor-widget elementor-widget-heading\" data-id=\"\" data-element_type=\"widget\" data-e-type=\"widget\" data-widget_type=\"heading.default\">\n\t\t\t\t\t<h2 class=\"elementor-heading-title elementor-size-default\">Rauhn\u00e4chte ne zaman? Tarihler<\/h2>\t\t\t\t<\/div>\n\t\t<div class=\"elementor-element elementor-element- e-con-full e-flex e-con e-child\" data-id=\"\" data-element_type=\"container\" data-e-type=\"container\">\n\t\t\t\t<div class=\"elementor-element elementor-element- elementor-widget elementor-widget-text-editor\" data-id=\"\" data-element_type=\"widget\" data-e-type=\"widget\" data-widget_type=\"text-editor.default\">\n\t\t\t\t\t\t\t\t\t<p>En yayg\u0131n say\u0131ma g\u00f6re Rauhn\u00e4chte, 25 Aral\u0131k ile 6 Ocak aras\u0131ndaki gecelere denk gelir. 2026\/27 sezonu i\u00e7in bu \u015fu anlama gelir: dizi, 25&#8217;ten 26 Aral\u0131k 2026&#8217;ya ge\u00e7en gece ba\u015flar ve 5&#8217;ten 6 Ocak 2027&#8217;ye ge\u00e7en gece sona erer.<\/p><p>Bunun yan\u0131nda daha eski ve b\u00f6lgesel say\u0131mlar da vard\u0131r. Bir\u00e7ok yerde, eski takvimde y\u0131l\u0131n en uzun gecesine denk geldi\u011fi i\u00e7in 20&#8217;den 21 Aral\u0131k&#8217;a ge\u00e7en Aziz Thomas Gecesi ba\u015flang\u0131\u00e7 say\u0131l\u0131rd\u0131. Bu varyantta dizi, y\u0131lba\u015f\u0131 gecesine kadar s\u00fcrer. Ba\u015fka b\u00f6lgelerde ise 24&#8217;ten 25 Aral\u0131k&#8217;a ge\u00e7en Noel Gecesi ile ba\u015flan\u0131rd\u0131.<\/p><p>Sabit bir tarih arayan biri kaynaklarda bunu bulamayacakt\u0131r. B\u00f6lgeye g\u00f6re gece say\u0131s\u0131 bile de\u011fi\u015fir; kay\u0131tlarda \u00f6ne \u00e7\u0131kan \u00fc\u00e7 ile on iki gece aras\u0131nda de\u011fi\u015fen say\u0131lar ge\u00e7er. T\u00fcm say\u0131mlarda ortak olan, y\u0131l\u0131n en karanl\u0131k zaman\u0131na yap\u0131lan g\u00f6ndermedir.<\/p>\t\t\t\t\t\t\t\t<\/div>\n\t\t\t\t<\/div>\n\t\t\t\t\t<\/div>\n\t\t\t\t<\/div>\n\t\t<div class=\"elementor-element elementor-element-188289f e-flex e-con-boxed e-con e-parent\" data-id=\"188289f\" data-element_type=\"container\" data-e-type=\"container\">\n\t\t\t\t\t<div class=\"e-con-inner\">\n\t\t\t\t<div class=\"elementor-element elementor-element- elementor-widget elementor-widget-heading\" data-id=\"\" data-element_type=\"widget\" data-e-type=\"widget\" data-widget_type=\"heading.default\">\n\t\t\t\t\t<h2 class=\"elementor-heading-title elementor-size-default\">Rauhn\u00e4chte mi, Raun\u00e4chte mi? Ad\u0131n k\u00f6keni<\/h2>\t\t\t\t<\/div>\n\t\t<div class=\"elementor-element elementor-element- e-con-full e-flex e-con e-child\" data-id=\"\" data-element_type=\"container\" data-e-type=\"container\">\n\t\t\t\t<div class=\"elementor-element elementor-element- elementor-widget elementor-widget-text-editor\" data-id=\"\" data-element_type=\"widget\" data-e-type=\"widget\" data-widget_type=\"text-editor.default\">\n\t\t\t\t\t\t\t\t\t<p>Her iki yaz\u0131m bi\u00e7imi de kullan\u0131l\u0131r ve ikisi de ayn\u0131 anlama gelir. H&#8217;li bi\u00e7im, ge\u00e7erli iki t\u00fcretmeden birine i\u015faret eder; h&#8217;siz bi\u00e7im ise di\u011ferine.<\/p><p>Birinci yoruma g\u00f6re ad, t\u00fcts\u00fclemeden gelir. Evler ve ah\u0131rlar bu gecelerde g\u00fcnl\u00fck ve kurutulmu\u015f otlarla t\u00fcts\u00fclenirdi; buradan \u00f6nce Rauchn\u00e4chte, yani duman geceleri, sonra da Rauhn\u00e4chte ad\u0131n\u0131n t\u00fcredi\u011fi d\u00fc\u015f\u00fcn\u00fcl\u00fcr. \u0130kinci yoruma g\u00f6re ad, kaba ve t\u00fcyl\u00fc anlam\u0131na gelen Orta Y\u00fcksek Almanca ruch s\u00f6zc\u00fc\u011f\u00fcnden gelir ve bu gecelerde dola\u015fan post giysili korkutucu fig\u00fcrlere g\u00f6nderme yapar.<\/p><p>Ara\u015ft\u0131rmalar bu soruyu kesin bi\u00e7imde \u00e7\u00f6zm\u00fc\u015f de\u011fildir. Her iki t\u00fcretme de dilbilimsel olarak m\u00fcmk\u00fcnd\u00fcr ve ikisi de kay\u0131tl\u0131 geleneklerle uyumludur.<\/p>\t\t\t\t\t\t\t\t<\/div>\n\t\t\t\t<\/div>\n\t\t\t\t\t<\/div>\n\t\t\t\t<\/div>\n\t\t<div class=\"elementor-element elementor-element-2256a9e e-flex e-con-boxed e-con e-parent\" data-id=\"2256a9e\" data-element_type=\"container\" data-e-type=\"container\">\n\t\t\t\t\t<div class=\"e-con-inner\">\n\t\t\t\t<div class=\"elementor-element elementor-element- elementor-widget elementor-widget-heading\" data-id=\"\" data-element_type=\"widget\" data-e-type=\"widget\" data-widget_type=\"heading.default\">\n\t\t\t\t\t<h2 class=\"elementor-heading-title elementor-size-default\">K\u00f6ken: gelenek nereden geliyor?<\/h2>\t\t\t\t<\/div>\n\t\t<div class=\"elementor-element elementor-element- e-con-full e-flex e-con e-child\" data-id=\"\" data-element_type=\"container\" data-e-type=\"container\">\n\t\t\t\t<div class=\"elementor-element elementor-element- elementor-widget elementor-widget-text-editor\" data-id=\"\" data-element_type=\"widget\" data-e-type=\"widget\" data-widget_type=\"text-editor.default\">\n\t\t\t\t\t\t\t\t\t<p>En yayg\u0131n a\u00e7\u0131klama takvimseldir. On iki ay tutumu yakla\u015f\u0131k 354 g\u00fcn eder, g\u00fcne\u015f y\u0131l\u0131 ise 365 g\u00fcnd\u00fcr. Aradaki on bir g\u00fcnl\u00fck fark, gece olarak say\u0131ld\u0131\u011f\u0131nda on iki, normal d\u00fczenin d\u0131\u015f\u0131nda kalan ve ba\u015fka kurallar\u0131n ge\u00e7erli oldu\u011fu bir ara zaman olarak g\u00f6r\u00fcl\u00fcrd\u00fc.<\/p><p>Bu hesaplama ak\u0131lda kal\u0131c\u0131d\u0131r ve g\u00fcn\u00fcm\u00fcze kadar aktar\u0131lm\u0131\u015ft\u0131r. Ancak H\u0131ristiyanl\u0131k \u00f6ncesi bir k\u00f6kenin tarihsel kan\u0131t\u0131 olarak hizmet etmez. Gelenek ara\u015ft\u0131rmalar\u0131, On \u0130kiler&#8217;in ancak H\u0131ristiyanl\u0131k d\u00f6neminden itibaren somutla\u015ft\u0131\u011f\u0131n\u0131 ve Noel ile Epifani aras\u0131ndaki kapal\u0131 d\u00f6nemin Kilise taraf\u0131ndan belirlendi\u011fini defalarca ortaya koymu\u015ftur.<\/p><p>Ansiklopedi burada kaynaklar\u0131 esas al\u0131r. Gelenekler, yasaklar ve efsaneler Orta \u00c7a\u011f&#8217;dan beri belgelenmi\u015ftir; kimi zaman kilise k\u0131namalar\u0131nda, kimi zaman hukuki kaynaklarda. Buradan Germen bayramlar\u0131na kesintisiz bir \u00e7izgi \u00e7ekilemez. Bug\u00fcn \u00e7ok eski san\u0131lan pek \u00e7ok \u015fey, bi\u00e7imini ancak 19. y\u00fczy\u0131lda, derlemeciler ve romantikler halk gelene\u011fini y\u00fcceltti\u011finde alm\u0131\u015ft\u0131r.<\/p>\t\t\t\t\t\t\t\t<\/div>\n\t\t\t\t<\/div>\n\t\t\t\t\t<\/div>\n\t\t\t\t<\/div>\n\t\t<div class=\"elementor-element elementor-element-0678d93 e-flex e-con-boxed e-con e-parent\" data-id=\"0678d93\" data-element_type=\"container\" data-e-type=\"container\">\n\t\t\t\t\t<div class=\"e-con-inner\">\n\t\t\t\t<div class=\"elementor-element elementor-element- elementor-widget elementor-widget-heading\" data-id=\"\" data-element_type=\"widget\" data-e-type=\"widget\" data-widget_type=\"heading.default\">\n\t\t\t\t\t<h2 class=\"elementor-heading-title elementor-size-default\">Rauhn\u00e4chte'nin fig\u00fcrleri<\/h2>\t\t\t\t<\/div>\n\t\t<div class=\"elementor-element elementor-element- e-con-full e-flex e-con e-child\" data-id=\"\" data-element_type=\"container\" data-e-type=\"container\">\n\t\t\t\t<div class=\"elementor-element elementor-element- elementor-widget elementor-widget-text-editor\" data-id=\"\" data-element_type=\"widget\" data-e-type=\"widget\" data-widget_type=\"text-editor.default\">\n\t\t\t\t\t\t\t\t\t<p>Bu gecelerin efsanelerinde koca bir fig\u00fcrler toplulu\u011fu kar\u015f\u0131m\u0131za \u00e7\u0131kar. Bunlardan d\u00f6rd\u00fc gelene\u011fi \u00f6zellikle bi\u00e7imlendirir.<\/p><p><a href=\"https:\/\/iwell-guard.com\/tr\/frau-perchta\/\">Frau Perchta<\/a>, Alpler&#8217;de ve Bavyera&#8217;da y\u0131l\u0131n i\u015finin tamamlan\u0131p tamamlanmad\u0131\u011f\u0131n\u0131 denetler. E\u011firme i\u015fini bitirmi\u015f ve evini d\u00fczene sokmu\u015f olan ki\u015fi bereket umabilir; ihmalk\u00e2r davranan ise azar umard\u0131. <a href=\"https:\/\/iwell-guard.com\/tr\/holla-frau-holle\/\">Frau Holle<\/a>, Orta Almanya&#8217;da k\u0131\u015f\u0131n di\u015fil fig\u00fcr\u00fc olarak ayn\u0131 rol\u00fc \u00fcstlenir.<\/p><p>Efsaneye g\u00f6re Vah\u015fi Av bu gecelerde \u00fclke \u00fczerinde s\u00fcz\u00fcl\u00fcr; kimsenin kar\u015f\u0131la\u015fmak istemedi\u011fi atl\u0131lar, av k\u00f6pekleri ve \u00f6l\u00fclerden olu\u015fan bir alay. 19. y\u00fczy\u0131l halkbilimi \u00e7al\u0131\u015fmalar\u0131, alay\u0131n ba\u015f\u0131ndaki fig\u00fcr\u00fc <a href=\"https:\/\/iwell-guard.com\/tr\/odin\/\">Odin<\/a> ile \u00f6zde\u015fle\u015ftirmi\u015ftir; bu, Jacob Grimm&#8217;in yorumu olarak kabul edilir ve daha eski kaynaklarda bu \u015fekilde yer almaz.<\/p><p>Buna, Orta Avrupa&#8217;n\u0131n her yerinde anlat\u0131lan bir motif eklenir: Noel gecesi ah\u0131rdaki hayvanlar insan sesiyle konu\u015fur. Efsaneye g\u00f6re onlar\u0131 gizlice dinleyen ki\u015fi, kendi \u00f6l\u00fcm\u00fcn\u00fcn haber verildi\u011fini duyar. Bu anlat\u0131, d\u00f6nemin ola\u011fan\u00fcst\u00fc motiflerine dahildir.<\/p>\t\t\t\t\t\t\t\t<\/div>\n\t\t\t\t<\/div>\n\t\t\t\t\t<\/div>\n\t\t\t\t<\/div>\n\t\t<div class=\"elementor-element elementor-element-df2669e e-flex e-con-boxed e-con e-parent\" data-id=\"df2669e\" data-element_type=\"container\" data-e-type=\"container\">\n\t\t\t\t\t<div class=\"e-con-inner\">\n\t\t\t\t<div class=\"elementor-element elementor-element- elementor-widget elementor-widget-heading\" data-id=\"\" data-element_type=\"widget\" data-e-type=\"widget\" data-widget_type=\"heading.default\">\n\t\t\t\t\t<h2 class=\"elementor-heading-title elementor-size-default\">Rauhn\u00e4chte'de t\u00fcts\u00fcleme<\/h2>\t\t\t\t<\/div>\n\t\t<div class=\"elementor-element elementor-element- e-con-full e-flex e-con e-child\" data-id=\"\" data-element_type=\"container\" data-e-type=\"container\">\n\t\t\t\t<div class=\"elementor-element elementor-element- elementor-widget elementor-widget-text-editor\" data-id=\"\" data-element_type=\"widget\" data-e-type=\"widget\" data-widget_type=\"text-editor.default\">\n\t\t\t\t\t\t\t\t\t<p>T\u00fcts\u00fcleme, muhtemelen gecelere ad\u0131n\u0131 veren gelenektir. \u00c7iftlik evlerinin, oturma odalar\u0131n\u0131n ve ah\u0131rlar\u0131n bu gecelerde g\u00fcnl\u00fck ve kurutulmu\u015f otlarla t\u00fcts\u00fclendi\u011fi; bunu \u00e7o\u011funlukla elinde bir tavayla her oday\u0131 dola\u015fan ev sahibinin yapt\u0131\u011f\u0131 belgelenmi\u015ftir.<\/p><p>Bu uygulama, \u00f6rne\u011fin 1520&#8217;de Johannes Boemus ve 1534&#8217;te Sebastian Franck taraf\u0131ndan, daha 16. y\u00fczy\u0131lda betimlenmi\u015ftir. Duman\u0131n \u00e7ifte bir anlam\u0131 vard\u0131: hem dola\u015fan ruhlar\u0131 uzak tutmay\u0131 hem de kutsanm\u0131\u015f duman olarak Kilise&#8217;nin onaylad\u0131\u011f\u0131 bir bereketi temsil ederdi. Bir\u00e7ok b\u00f6lgede kutsanm\u0131\u015f su da g\u00f6t\u00fcr\u00fcl\u00fcr ve \u00e7iftlik bununla kutsan\u0131rd\u0131.<\/p><p>Gelenekte \u00fc\u00e7 gece klasik t\u00fcts\u00fcleme gecesi say\u0131l\u0131r: Aziz Thomas Gecesi, y\u0131lba\u015f\u0131 gecesi ve Epifani arifesi. D\u00f6nemin sonunda y\u0131ld\u0131z \u015fark\u0131c\u0131lar\u0131 evden eve dola\u015f\u0131r ve kap\u0131 lentosuna kutsanm\u0131\u015f tebe\u015firle C, M ve B harflerini yazard\u0131. Bu harfler, Mesih bu evi kutsas\u0131n anlam\u0131na gelen Christus mansionem benedicat Latince bereket duas\u0131n\u0131n k\u0131saltmas\u0131d\u0131r ve halk inanc\u0131nda \u00dc\u00e7 Kral&#8217;\u0131n ba\u015f harfleri olarak okunur.<\/p><p>Ansiklopedi, <a href=\"https:\/\/iwell-guard.com\/tr\/tutsulamak-ve-temizlik\/\">t\u00fcts\u00fcleme<\/a> ve <a href=\"https:\/\/iwell-guard.com\/tr\/tuts\/\">g\u00fcnl\u00fck<\/a> uygulamalar\u0131n\u0131 geleneksel koruma bi\u00e7imleri olarak ayr\u0131 maddelerde ele almaya devam eder.<\/p>\t\t\t\t\t\t\t\t<\/div>\n\t\t\t\t<\/div>\n\t\t\t\t\t<\/div>\n\t\t\t\t<\/div>\n\t\t<div class=\"elementor-element elementor-element-79fba3f e-flex e-con-boxed e-con e-parent\" data-id=\"79fba3f\" data-element_type=\"container\" data-e-type=\"container\">\n\t\t\t\t\t<div class=\"e-con-inner\">\n\t\t\t\t<div class=\"elementor-element elementor-element- elementor-widget elementor-widget-heading\" data-id=\"\" data-element_type=\"widget\" data-e-type=\"widget\" data-widget_type=\"heading.default\">\n\t\t\t\t\t<h2 class=\"elementor-heading-title elementor-size-default\">On \u0130kiler'de kurallar ve yasaklar<\/h2>\t\t\t\t<\/div>\n\t\t<div class=\"elementor-element elementor-element- e-con-full e-flex e-con e-child\" data-id=\"\" data-element_type=\"container\" data-e-type=\"container\">\n\t\t\t\t<div class=\"elementor-element elementor-element- elementor-widget elementor-widget-text-editor\" data-id=\"\" data-element_type=\"widget\" data-e-type=\"widget\" data-widget_type=\"text-editor.default\">\n\t\t\t\t\t\t\t\t\t<p>Rauhn\u00e4chte, her \u015feyden \u00f6nce yasaklar d\u00f6nemiydi. En bilinen yasak, \u00e7ama\u015f\u0131r y\u0131kamak ve gece d\u0131\u015far\u0131da as\u0131l\u0131 b\u0131rakmakt\u0131. Gelene\u011fe g\u00f6re Vah\u015fi Av \u00e7ama\u015f\u0131rlara dolanabilir; beyaz \u00e7ama\u015f\u0131r\u0131n\u0131 as\u0131l\u0131 b\u0131rakan ki\u015fi, ertesi y\u0131l onun kefene d\u00f6n\u00fc\u015ft\u00fc\u011f\u00fcn\u00fc g\u00f6r\u00fcrd\u00fc.<\/p><p>Di\u011fer kurallar evin d\u00fczeniyle ilgiliydi. Ba\u015flanm\u0131\u015f i\u015fler bitirilir, \u00e7\u0131kr\u0131k ve i\u011f durdurulur, odalar toplu tutulurdu. \u00d6d\u00fcn\u00e7 verilenler geri istenirdi, \u00e7\u00fcnk\u00fc bu d\u00f6nemde evden d\u0131\u015far\u0131 \u00e7\u0131kan her \u015fey kay\u0131p say\u0131l\u0131rd\u0131. Ba\u015fkas\u0131na \u00f6d\u00fcn\u00e7 vermek de bu nedenle yap\u0131lmazd\u0131.<\/p><p>Buna davran\u0131\u015f kurallar\u0131 da eklenirdi. G\u00fcr\u00fclt\u00fc, d\u0131\u015far\u0131daki alaylara aitti; evin i\u00e7inde ise s\u00fckunet hakimdi ve On \u0130kiler&#8217;de ya\u015fanan bir kavgan\u0131n b\u00fct\u00fcn y\u0131l boyunca yank\u0131lanaca\u011f\u0131na inan\u0131l\u0131rd\u0131. Baz\u0131 b\u00f6lgelerde hava karard\u0131ktan sonra tek ba\u015f\u0131na d\u0131\u015far\u0131 \u00e7\u0131kmak yasakt\u0131.<\/p><p>Bu kurallar, kendi d\u00f6neminin gelenek buyruklar\u0131yd\u0131 ve bug\u00fcn i\u00e7in bir talimat de\u011fildir. G\u00fcn\u00fcm\u00fcze ula\u015fan, \u00f6ncelikle anlat\u0131 gelene\u011fi ve baz\u0131 k\u0131rsal b\u00f6lgelerde al\u0131\u015fkanl\u0131k bi\u00e7imindedir.<\/p>\t\t\t\t\t\t\t\t<\/div>\n\t\t\t\t<\/div>\n\t\t\t\t\t<\/div>\n\t\t\t\t<\/div>\n\t\t<div class=\"elementor-element elementor-element-92ffc6f e-flex e-con-boxed e-con e-parent\" data-id=\"92ffc6f\" data-element_type=\"container\" data-e-type=\"container\">\n\t\t\t\t\t<div class=\"e-con-inner\">\n\t\t\t\t<div class=\"elementor-element elementor-element- elementor-widget elementor-widget-heading\" data-id=\"\" data-element_type=\"widget\" data-e-type=\"widget\" data-widget_type=\"heading.default\">\n\t\t\t\t\t<h2 class=\"elementor-heading-title elementor-size-default\">Losn\u00e4chte ve kehanetler<\/h2>\t\t\t\t<\/div>\n\t\t<div class=\"elementor-element elementor-element- e-con-full e-flex e-con e-child\" data-id=\"\" data-element_type=\"container\" data-e-type=\"container\">\n\t\t\t\t<div class=\"elementor-element elementor-element- elementor-widget elementor-widget-text-editor\" data-id=\"\" data-element_type=\"widget\" data-e-type=\"widget\" data-widget_type=\"text-editor.default\">\n\t\t\t\t\t\t\t\t\t<p>Korunman\u0131n yan\u0131nda \u00f6ng\u00f6r\u00fc de vard\u0131. On \u0130kiler, gelece\u011fin okunabildi\u011fi Losn\u00e4chte olarak kabul edilirdi. En yayg\u0131n bi\u00e7im, atamayd\u0131: on iki gecenin her biri yeni y\u0131l\u0131n bir ay\u0131n\u0131 temsil eder, o gecenin havas\u0131 da ilgili ay\u0131n havas\u0131na dair bir i\u015faret say\u0131l\u0131rd\u0131.<\/p><p>Ayn\u0131 mant\u0131k r\u00fcyalar i\u00e7in de ge\u00e7erliydi. Yedinci gece g\u00f6r\u00fclen r\u00fcya, buna g\u00f6re temmuz ay\u0131yla ilgiliydi. \u00c7ift\u00e7i kurallar\u0131 ve el yazmas\u0131 takvimler bu t\u00fcr g\u00f6zlemleri nesiller boyunca korumu\u015ftur.<\/p><p>Buna, elma kesmekten ayakkab\u0131 f\u0131rlatmaya, y\u0131lba\u015f\u0131 gecesi kur\u015fun d\u00f6kmeye kadar basit ara\u00e7larla yap\u0131lan kehanetler eklenirdi. Kur\u015fun d\u00f6kme setleri, kur\u015fun i\u00e7eri\u011fi kimyasallar t\u00fcz\u00fc\u011f\u00fcn\u00fcn s\u0131n\u0131rlar\u0131n\u0131 a\u015ft\u0131\u011f\u0131 i\u00e7in Nisan 2018&#8217;den beri Avrupa Birli\u011fi&#8217;nde sat\u0131lm\u0131yor. Yerlerini kalay setleri ve mum d\u00f6kme alm\u0131\u015ft\u0131r.<\/p>\t\t\t\t\t\t\t\t<\/div>\n\t\t\t\t<\/div>\n\t\t\t\t\t<\/div>\n\t\t\t\t<\/div>\n\t\t<div class=\"elementor-element elementor-element-19277ab e-flex e-con-boxed e-con e-parent\" data-id=\"19277ab\" data-element_type=\"container\" data-e-type=\"container\">\n\t\t\t\t\t<div class=\"e-con-inner\">\n\t\t\t\t<div class=\"elementor-element elementor-element- elementor-widget elementor-widget-heading\" data-id=\"\" data-element_type=\"widget\" data-e-type=\"widget\" data-widget_type=\"heading.default\">\n\t\t\t\t\t<h2 class=\"elementor-heading-title elementor-size-default\">Modern Rauhn\u00e4chte: journaling ve on \u00fc\u00e7 dilek<\/h2>\t\t\t\t<\/div>\n\t\t<div class=\"elementor-element elementor-element- e-con-full e-flex e-con e-child\" data-id=\"\" data-element_type=\"container\" data-e-type=\"container\">\n\t\t\t\t<div class=\"elementor-element elementor-element- elementor-widget elementor-widget-text-editor\" data-id=\"\" data-element_type=\"widget\" data-e-type=\"widget\" data-widget_type=\"text-editor.default\">\n\t\t\t\t\t\t\t\t\t<p>1990&#8217;lardan bu yana Rauhn\u00e4chte etraf\u0131nda, rehber kitaplar, kurslar ve sosyal a\u011flar arac\u0131l\u0131\u011f\u0131yla yay\u0131lan yeni bir uygulama olu\u015ftu. Bu uygulama on iki geceyi bir muhasebe ve karar alma d\u00f6nemi olarak g\u00f6r\u00fcr ve defter, mum ve her g\u00fcn i\u00e7in belirlenmi\u015f sorularla \u00e7al\u0131\u015f\u0131r.<\/p><p>En bilineni on \u00fc\u00e7 dilek rit\u00fcelidir. \u015e\u00f6yle anlat\u0131l\u0131r: Rauhn\u00e4chte ba\u015flamadan \u00f6nce on \u00fc\u00e7 dilek ayr\u0131 ka\u011f\u0131tlara yaz\u0131l\u0131r ve katlan\u0131r. On iki gecenin her birinde bir ka\u011f\u0131t okunmadan yak\u0131l\u0131r; on \u00fc\u00e7\u00fcnc\u00fcs\u00fc ise kal\u0131r ve okunur. Bu uygulamada bu dilek, ki\u015finin kendine bakmas\u0131 gereken dilek olarak kabul edilir.<\/p><p>Tarihsel olarak bu rit\u00fcel gen\u00e7tir. 19. ve 20. y\u00fczy\u0131l ba\u015f\u0131 kaynaklar\u0131nda g\u00f6r\u00fclmez. Gecelerin aylara atanmas\u0131 ve kapan\u0131\u015f olarak yakma gibi daha eski motifleri al\u0131r ve bunlardan modern bir gelenek olu\u015fturur. Ansiklopedi bunu bu \u015fekilde belgeler.<\/p>\t\t\t\t\t\t\t\t<\/div>\n\t\t\t\t<\/div>\n\t\t\t\t\t<\/div>\n\t\t\t\t<\/div>\n\t\t<div class=\"elementor-element elementor-element-0493a62 e-flex e-con-boxed e-con e-parent\" data-id=\"0493a62\" data-element_type=\"container\" data-e-type=\"container\">\n\t\t\t\t\t<div class=\"e-con-inner\">\n\t\t\t\t<div class=\"elementor-element elementor-element- elementor-widget elementor-widget-heading\" data-id=\"\" data-element_type=\"widget\" data-e-type=\"widget\" data-widget_type=\"heading.default\">\n\t\t\t\t\t<h2 class=\"elementor-heading-title elementor-size-default\">On iki gece bir bak\u0131\u015fta<\/h2>\t\t\t\t<\/div>\n\t\t<div class=\"elementor-element elementor-element- e-con-full e-flex e-con e-child\" data-id=\"\" data-element_type=\"container\" data-e-type=\"container\">\n\t\t\t\t<div class=\"elementor-element elementor-element- elementor-widget elementor-widget-text-editor\" data-id=\"\" data-element_type=\"widget\" data-e-type=\"widget\" data-widget_type=\"text-editor.default\">\n\t\t\t\t\t\t\t\t\t<p>A\u015fa\u011f\u0131daki genel bak\u0131\u015f, 25 Aral\u0131k&#8217;tan 6 Ocak&#8217;a kadar olan en yayg\u0131n say\u0131m\u0131 esas al\u0131r ve aylara yap\u0131lan atamay\u0131, gelenekte \u00f6ne \u00e7\u0131kan gecelerle birlikte g\u00f6sterir. Verilen sezon 2026\/27&#8217;dir.<\/p><ul><li><strong>\u00d6ncesi, 20-21 Aral\u0131k:<\/strong> Aziz Thomas Gecesi, bir\u00e7ok b\u00f6lgede ba\u015flang\u0131\u00e7 ve t\u00fcts\u00fcleme gecelerinden biri.<\/li><li><strong>1. gece, 25-26 Aral\u0131k:<\/strong> Ocak ay\u0131n\u0131 temsil eder. Di\u011fer say\u0131mlarda dizi Noel Gecesi&#8217;nde ba\u015flar.<\/li><li><strong>2. gece, 26-27 Aral\u0131k:<\/strong> \u015eubat ay\u0131n\u0131 temsil eder. Aziz \u0130stefanos G\u00fcn\u00fc.<\/li><li><strong>3. gece, 27-28 Aral\u0131k:<\/strong> Mart ay\u0131n\u0131 temsil eder.<\/li><li><strong>4. gece, 28-29 Aral\u0131k:<\/strong> Nisan ay\u0131n\u0131 temsil eder. Masum \u00c7ocuklar G\u00fcn\u00fc.<\/li><li><strong>5. gece, 29-30 Aral\u0131k:<\/strong> May\u0131s ay\u0131n\u0131 temsil eder.<\/li><li><strong>6. gece, 30-31 Aral\u0131k:<\/strong> Haziran ay\u0131n\u0131 temsil eder.<\/li><li><strong>7. gece, 31 Aral\u0131k-1 Ocak:<\/strong> Temmuz ay\u0131n\u0131 temsil eder. Y\u0131lba\u015f\u0131 gecesi, bir t\u00fcts\u00fcleme gecesi ve klasik kehanet gecesi.<\/li><li><strong>8. gece, 1-2 Ocak:<\/strong> A\u011fustos ay\u0131n\u0131 temsil eder. Y\u0131lba\u015f\u0131.<\/li><li><strong>9. gece, 2-3 Ocak:<\/strong> Eyl\u00fcl ay\u0131n\u0131 temsil eder.<\/li><li><strong>10. gece, 3-4 Ocak:<\/strong> Ekim ay\u0131n\u0131 temsil eder.<\/li><li><strong>11. gece, 4-5 Ocak:<\/strong> Kas\u0131m ay\u0131n\u0131 temsil eder. Salzkammergut&#8217;ta Gl\u00f6ckler gecesi.<\/li><li><strong>12. gece, 5-6 Ocak:<\/strong> Aral\u0131k ay\u0131n\u0131 temsil eder. Perchtennacht, Epifani arifesi ve dizinin kapan\u0131\u015f\u0131.<\/li><\/ul><p>En \u00f6nemli d\u00f6rt gece olarak \u00e7o\u011fu kaynak Aziz Thomas Gecesi&#8217;ni, Noel Gecesi&#8217;ni, y\u0131lba\u015f\u0131 gecesini ve 6 Ocak&#8217;a \u00e7\u0131kan Perchtennacht&#8217;\u0131 \u00f6ne \u00e7\u0131kar\u0131r.<\/p>\t\t\t\t\t\t\t\t<\/div>\n\t\t\t\t<\/div>\n\t\t\t\t\t<\/div>\n\t\t\t\t<\/div>\n\t\t<div class=\"elementor-element elementor-element-87a8df2 e-flex e-con-boxed e-con e-parent\" data-id=\"87a8df2\" data-element_type=\"container\" data-e-type=\"container\">\n\t\t\t\t\t<div class=\"e-con-inner\">\n\t\t\t\t<div class=\"elementor-element elementor-element- elementor-widget elementor-widget-heading\" data-id=\"\" data-element_type=\"widget\" data-e-type=\"widget\" data-widget_type=\"heading.default\">\n\t\t\t\t\t<h2 class=\"elementor-heading-title elementor-size-default\">Alp b\u00f6lgesinde Rauhn\u00e4chte: Perchten y\u00fcr\u00fcy\u00fc\u015fleri ve Gl\u00f6ckler<\/h2>\t\t\t\t<\/div>\n\t\t<div class=\"elementor-element elementor-element- e-con-full e-flex e-con e-child\" data-id=\"\" data-element_type=\"container\" data-e-type=\"container\">\n\t\t\t\t<div class=\"elementor-element elementor-element- elementor-widget elementor-widget-text-editor\" data-id=\"\" data-element_type=\"widget\" data-e-type=\"widget\" data-widget_type=\"text-editor.default\">\n\t\t\t\t\t\t\t\t\t<p>Do\u011fu Alpler&#8217;de On \u0130kiler en g\u00f6r\u00fcn\u00fcr bi\u00e7imini korumu\u015ftur. Orada <a href=\"https:\/\/iwell-guard.com\/tr\/frau-perchta\/\">Perchten<\/a>, bu gecelerde k\u00f6yleri iki farkl\u0131 bi\u00e7imde dola\u015f\u0131r: s\u00fcsl\u00fc ba\u015fl\u0131klar\u0131yla Sch\u00f6nperchten ve \u015feytans\u0131 ah\u015fap maskeleri, postlar\u0131 ve \u00e7anlar\u0131yla Schiachperchten.<\/p><p>En bilinen geleneksel y\u00fcr\u00fcy\u00fc\u015f, Salzburg b\u00f6lgesindeki Pongauer Perchtenlauf&#8217;tur; Epifani civar\u0131nda s\u0131rayla farkl\u0131 belediyelerde d\u00fczenlenir. Salzkammergut&#8217;ta Gl\u00f6ckler, 5 Ocak&#8217;ta par\u0131ldayan ba\u015fl\u0131kl\u0131 fenerleriyle y\u00fcr\u00fcr; Rauris&#8217;te ise Schnabelperchten dola\u015f\u0131r.<\/p><p>Bu y\u00fcr\u00fcy\u00fc\u015fler <a href=\"https:\/\/iwell-guard.com\/tr\/krampus\/\">Krampus<\/a>&#8216;tan ayr\u0131lmal\u0131d\u0131r. Krampus, Aziz Nikolaus&#8217;un yard\u0131mc\u0131s\u0131 olarak Advent d\u00f6nemine aittir ve 5-6 Aral\u0131k&#8217;ta dola\u015f\u0131r; Perchten ise Noel d\u00f6neminin di\u011fer ucuna aittir. Modern g\u00f6steri y\u00fcr\u00fcy\u00fc\u015flerinde bu iki fig\u00fcr birbirine kar\u0131\u015f\u0131r.<\/p>\t\t\t\t\t\t\t\t<\/div>\n\t\t\t\t<\/div>\n\t\t\t\t\t<\/div>\n\t\t\t\t<\/div>\n\t\t<div class=\"elementor-element elementor-element-9000290 e-flex e-con-boxed e-con e-parent\" data-id=\"9000290\" data-element_type=\"container\" data-e-type=\"container\">\n\t\t\t\t\t<div class=\"e-con-inner\">\n\t\t\t\t<div class=\"elementor-element elementor-element- elementor-widget elementor-widget-heading\" data-id=\"\" data-element_type=\"widget\" data-e-type=\"widget\" data-widget_type=\"heading.default\">\n\t\t\t\t\t<h2 class=\"elementor-heading-title elementor-size-default\">Duman, g\u00fcr\u00fclt\u00fc ve koruma: On \u0130kiler'i bir arada tutan \u015fey<\/h2>\t\t\t\t<\/div>\n\t\t<div class=\"elementor-element elementor-element- e-con-full e-flex e-con e-child\" data-id=\"\" data-element_type=\"container\" data-e-type=\"container\">\n\t\t\t\t<div class=\"elementor-element elementor-element- elementor-widget elementor-widget-text-editor\" data-id=\"\" data-element_type=\"widget\" data-e-type=\"widget\" data-widget_type=\"text-editor.default\">\n\t\t\t\t\t\t\t\t\t<p>Bu gecelerin gelenekleri yan yana kondu\u011funda tek bir \u00f6r\u00fcnt\u00fc ortaya \u00e7\u0131kar. Kay\u0131tl\u0131 olan hemen her \u015fey korumaya aittir: evdeki duman, e\u015fikteki kutsanm\u0131\u015f su, kap\u0131n\u0131n \u00fcst\u00fcndeki tebe\u015fir, alaydaki \u00e7anlar\u0131n sesi, i\u00e7erideki sessizlik.<\/p><p>Halkbilimi ara\u015ft\u0131rmalar\u0131 bunda bir yo\u011funla\u015fma g\u00f6r\u00fcr. Y\u0131l\u0131n en d\u00fczensiz say\u0131lan noktas\u0131nda gelenek, koruma ara\u00e7lar\u0131n\u0131 bir araya toplar ve bunlar\u0131 kapal\u0131 bir d\u00fczen i\u00e7inde s\u0131ralar. Bu d\u00fczende ortaya \u00e7\u0131kan korkutucu fig\u00fcrler de bu d\u00fczenin bir par\u00e7as\u0131d\u0131r, \u00e7\u00fcnk\u00fc g\u00f6r\u00fcnmeleri s\u0131n\u0131rl\u0131 ve tarihlidir.<\/p><p>Bu ayn\u0131 zamanda, bu gecelerin pek \u00e7ok motifinin ba\u015fka k\u00fclt\u00fcrlerde de neden tekrarland\u0131\u011f\u0131n\u0131 a\u00e7\u0131klar. Duman, g\u00fcr\u00fclt\u00fc ve maske, en eski ve en yayg\u0131n koruma bi\u00e7imleri aras\u0131ndad\u0131r; On \u0130kiler bunlar\u0131 tek bir zaman dilimi i\u00e7inde bir araya getirir.<\/p>\t\t\t\t\t\t\t\t<\/div>\n\t\t\t\t<\/div>\n\t\t\t\t\t<\/div>\n\t\t\t\t<\/div>\n\t\t<div class=\"elementor-element elementor-element-918fb03 e-flex e-con-boxed e-con e-parent\" data-id=\"918fb03\" data-element_type=\"container\" data-e-type=\"container\">\n\t\t\t\t\t<div class=\"e-con-inner\">\n\t\t\t\t<div class=\"elementor-element elementor-element- elementor-widget elementor-widget-heading\" data-id=\"\" data-element_type=\"widget\" data-e-type=\"widget\" data-widget_type=\"heading.default\">\n\t\t\t\t\t<h2 class=\"elementor-heading-title elementor-size-default\">Rauhn\u00e4chte hakk\u0131nda s\u0131k\u00e7a sorulan sorular<\/h2>\t\t\t\t<\/div>\n\t\t<div class=\"elementor-element elementor-element- e-con-full e-flex e-con e-child\" data-id=\"\" data-element_type=\"container\" data-e-type=\"container\">\n\t\t\t\t<div class=\"elementor-element elementor-element- elementor-widget elementor-widget-text-editor\" data-id=\"\" data-element_type=\"widget\" data-e-type=\"widget\" data-widget_type=\"text-editor.default\">\n\t\t\t\t\t\t\t\t\t<p><strong>Rauhn\u00e4chte&#8217;de ne yap\u0131lmamal\u0131?<\/strong><\/p><p>Gelenek \u00f6zellikle \u00fc\u00e7 yasak sayar. \u00c7ama\u015f\u0131r y\u0131kanmaz ve gece d\u0131\u015far\u0131da as\u0131l\u0131 b\u0131rak\u0131lmazd\u0131, \u00e7\u00fcnk\u00fc efsaneye g\u00f6re Vah\u015fi Av ona dolan\u0131rd\u0131. Ba\u015flanm\u0131\u015f i\u015fler bitirilir ve i\u011fler kald\u0131r\u0131l\u0131rd\u0131. \u00d6d\u00fcn\u00e7 al\u0131nan e\u015fyalar geri getirilir, bu d\u00f6nemde evden hi\u00e7bir \u015fey d\u0131\u015far\u0131 verilmezdi. Bunlar ge\u00e7mi\u015f d\u00f6nemlerin gelenek kurallar\u0131d\u0131r ve g\u00fcn\u00fcm\u00fczde \u00f6ncelikle anlat\u0131 gelene\u011fi olarak ya\u015famaya devam eder.<\/p><p><strong>Rauhn\u00e4chte&#8217;de tam olarak ne yap\u0131l\u0131r?<\/strong><\/p><p>D\u00f6rt eylem alan\u0131 kay\u0131tl\u0131d\u0131r: evi ve ah\u0131r\u0131 g\u00fcnl\u00fck ve otlarla t\u00fcts\u00fclemek; e\u015fikte kutsanm\u0131\u015f suyla kutsama ve y\u0131ld\u0131z \u015fark\u0131c\u0131lar\u0131n\u0131n tebe\u015fir yaz\u0131s\u0131; havay\u0131 ve r\u00fcyalar\u0131 on iki ay i\u00e7in i\u015faret olarak okumak; ve Alp b\u00f6lgesinin maskeli y\u00fcr\u00fcy\u00fc\u015fleri. G\u00fcn\u00fcm\u00fcz uygulamas\u0131nda bunlara defterle yap\u0131lan muhasebe ve gen\u00e7 bir gelenek say\u0131lan on \u00fc\u00e7 dilek rit\u00fceli eklenir.<\/p><p><strong>12 Rauhn\u00e4chte nedir?<\/strong><\/p><p>On iki Rauhn\u00e4chte, Noel ile Epifani aras\u0131ndaki gecelerdir; en yayg\u0131n say\u0131ma g\u00f6re 25 Aral\u0131k&#8217;tan 6 Ocak&#8217;a kadar s\u00fcrer. Daha eski say\u0131mlar 21 Aral\u0131k&#8217;taki Aziz Thomas Gecesi&#8217;yle ya da Noel Gecesi&#8217;yle ba\u015flar. On iki gecenin her biri, gelenekte gelecek y\u0131l\u0131n bir ay\u0131 i\u00e7in i\u015faret say\u0131l\u0131r.<\/p><p><strong>En \u00f6nemli 4 Rauhn\u00e4chte hangileridir?<\/strong><\/p><p>\u00c7o\u011fu kaynak, eski takvimin en uzun gecesi olan 20-21 Aral\u0131k&#8217;taki Aziz Thomas Gecesi&#8217;ni, 24-25 Aral\u0131k&#8217;taki Noel Gecesi&#8217;ni, klasik kehanet gecesi olan y\u0131lba\u015f\u0131 gecesini ve dizinin kapan\u0131\u015f\u0131 olan 5-6 Ocak&#8217;taki Perchtennacht&#8217;\u0131 \u00f6ne \u00e7\u0131kar\u0131r.<\/p>\t\t\t\t\t\t\t\t<\/div>\n\t\t\t\t<div class=\"elementor-element elementor-element-8ab5043 elementor-widget elementor-widget-html\" data-id=\"8ab5043\" data-element_type=\"widget\" data-e-type=\"widget\" data-widget_type=\"html.default\">\n\t\t\t\t\t<script type=\"application\/ld+json\">{\"@context\":\"https:\/\/schema.org\",\"@type\":\"FAQPage\",\"mainEntity\":[{\"@type\":\"Question\",\"name\":\"Rauhn\u00e4chte'de ne yap\u0131lmamal\u0131?\",\"acceptedAnswer\":{\"@type\":\"Answer\",\"text\":\"Gelenek \u00f6zellikle \u00fc\u00e7 yasak sayar. \u00c7ama\u015f\u0131r y\u0131kanmaz ve gece d\u0131\u015far\u0131da as\u0131l\u0131 b\u0131rak\u0131lmazd\u0131, \u00e7\u00fcnk\u00fc efsaneye g\u00f6re Vah\u015fi Av ona dolan\u0131rd\u0131. Ba\u015flanm\u0131\u015f i\u015fler bitirilir ve i\u011fler kald\u0131r\u0131l\u0131rd\u0131. \u00d6d\u00fcn\u00e7 al\u0131nan e\u015fyalar geri getirilir, bu d\u00f6nemde evden hi\u00e7bir \u015fey d\u0131\u015far\u0131 verilmezdi. Bunlar ge\u00e7mi\u015f d\u00f6nemlerin gelenek kurallar\u0131d\u0131r ve g\u00fcn\u00fcm\u00fczde \u00f6ncelikle anlat\u0131 gelene\u011fi olarak ya\u015famaya devam eder.\"}},{\"@type\":\"Question\",\"name\":\"Rauhn\u00e4chte'de tam olarak ne yap\u0131l\u0131r?\",\"acceptedAnswer\":{\"@type\":\"Answer\",\"text\":\"D\u00f6rt eylem alan\u0131 kay\u0131tl\u0131d\u0131r: evi ve ah\u0131r\u0131 g\u00fcnl\u00fck ve otlarla t\u00fcts\u00fclemek; e\u015fikte kutsanm\u0131\u015f suyla kutsama ve y\u0131ld\u0131z \u015fark\u0131c\u0131lar\u0131n\u0131n tebe\u015fir yaz\u0131s\u0131; havay\u0131 ve r\u00fcyalar\u0131 on iki ay i\u00e7in i\u015faret olarak okumak; ve Alp b\u00f6lgesinin maskeli y\u00fcr\u00fcy\u00fc\u015fleri. G\u00fcn\u00fcm\u00fcz uygulamas\u0131nda bunlara defterle yap\u0131lan muhasebe ve gen\u00e7 bir gelenek say\u0131lan on \u00fc\u00e7 dilek rit\u00fceli eklenir.\"}},{\"@type\":\"Question\",\"name\":\"12 Rauhn\u00e4chte nedir?\",\"acceptedAnswer\":{\"@type\":\"Answer\",\"text\":\"On iki Rauhn\u00e4chte, Noel ile Epifani aras\u0131ndaki gecelerdir; en yayg\u0131n say\u0131ma g\u00f6re 25 Aral\u0131k'tan 6 Ocak'a kadar s\u00fcrer. Daha eski say\u0131mlar 21 Aral\u0131k'taki Aziz Thomas Gecesi'yle ya da Noel Gecesi'yle ba\u015flar. On iki gecenin her biri, gelenekte gelecek y\u0131l\u0131n bir ay\u0131 i\u00e7in i\u015faret say\u0131l\u0131r.\"}},{\"@type\":\"Question\",\"name\":\"En \u00f6nemli 4 Rauhn\u00e4chte hangileridir?\",\"acceptedAnswer\":{\"@type\":\"Answer\",\"text\":\"\u00c7o\u011fu kaynak, eski takvimin en uzun gecesi olan 20-21 Aral\u0131k'taki Aziz Thomas Gecesi'ni, 24-25 Aral\u0131k'taki Noel Gecesi'ni, klasik kehanet gecesi olan y\u0131lba\u015f\u0131 gecesini ve dizinin kapan\u0131\u015f\u0131 olan 5-6 Ocak'taki Perchtennacht'\u0131 \u00f6ne \u00e7\u0131kar\u0131r.\"}}]}<\/script>\t\t\t\t<\/div>\n\t\t\t\t<\/div>\n\t\t\t\t\t<\/div>\n\t\t\t\t<\/div>\n\t\t<div class=\"elementor-element elementor-element-7b4a206 e-flex e-con-boxed e-con e-parent\" data-id=\"7b4a206\" data-element_type=\"container\" data-e-type=\"container\">\n\t\t\t\t\t<div class=\"e-con-inner\">\n\t\t\t\t<div class=\"elementor-element elementor-element- elementor-widget elementor-widget-heading\" data-id=\"\" data-element_type=\"widget\" data-e-type=\"widget\" data-widget_type=\"heading.default\">\n\t\t\t\t\t<h2 class=\"elementor-heading-title elementor-size-default\">\u0130lgili varl\u0131klar ve konular<\/h2>\t\t\t\t<\/div>\n\t\t<div class=\"elementor-element elementor-element- e-con-full e-flex e-con e-child\" data-id=\"\" data-element_type=\"container\" data-e-type=\"container\">\n\t\t\t\t<div class=\"elementor-element elementor-element- elementor-widget elementor-widget-text-editor\" data-id=\"\" data-element_type=\"widget\" data-e-type=\"widget\" data-widget_type=\"text-editor.default\">\n\t\t\t\t\t\t\t\t\t<p>Bu gecelerin fig\u00fcrleri ve uygulamalar\u0131 ansiklopedide ayr\u0131 ayr\u0131 ele al\u0131n\u0131r: On \u0130kiler&#8217;in denet\u00e7isi olarak <a href=\"https:\/\/iwell-guard.com\/tr\/frau-perchta\/\">Frau Perchta ve Perchten<\/a>, onun Orta Almanya&#8217;daki kar\u015f\u0131l\u0131\u011f\u0131 olarak <a href=\"https:\/\/iwell-guard.com\/tr\/holla-frau-holle\/\">Frau Holle<\/a>, Vah\u015fi Av ile ba\u011flant\u0131l\u0131 <a href=\"https:\/\/iwell-guard.com\/tr\/odin\/\">Odin<\/a> ve Advent&#8217;in korkutucu fig\u00fcr\u00fc olarak <a href=\"https:\/\/iwell-guard.com\/tr\/krampus\/\">Krampus<\/a>. Gelene\u011fe genel bir bak\u0131\u015f <a href=\"https:\/\/iwell-guard.com\/tr\/kuzey-tanrilari\/\">Germen gelene\u011fi<\/a> sayfas\u0131nda sunulur; bu d\u00f6nemin geleneksel koruma bi\u00e7imleri ise <a href=\"https:\/\/iwell-guard.com\/tr\/tutsulamak-ve-temizlik\/\">t\u00fcts\u00fcleme<\/a> ve <a href=\"https:\/\/iwell-guard.com\/tr\/tuts\/\">g\u00fcnl\u00fck<\/a> maddelerinde anlat\u0131l\u0131r.<\/p>\t\t\t\t\t\t\t\t<\/div>\n\t\t\t\t<\/div>\n\t\t\t\t\t<\/div>\n\t\t\t\t<\/div>\n\t\t<div class=\"elementor-element elementor-element-iwgs-raeuchern-lit e-flex e-con-boxed e-con e-parent\" data-id=\"iwgs-raeuchern-lit\" data-element_type=\"container\" data-e-type=\"container\">\n\t\t\t\t\t<div class=\"e-con-inner\">\n\t\t\t\t<div class=\"elementor-element elementor-element-iwgs-raeuchern-lith elementor-widget elementor-widget-heading\" data-id=\"iwgs-raeuchern-lith\" data-element_type=\"widget\" data-e-type=\"widget\" data-widget_type=\"heading.default\">\n\t\t\t\t\t<h2 class=\"elementor-heading-title elementor-size-default\">Kaynak\u00e7a (se\u00e7me)<\/h2>\t\t\t\t<\/div>\n\t\t<div class=\"elementor-element elementor-element-iw-raeuchern-lit-bw e-con-full e-flex e-con e-child\" data-id=\"iw-raeuchern-lit-bw\" data-element_type=\"container\" data-e-type=\"container\">\n\t\t\t\t<div class=\"elementor-element elementor-element-iwgs-raeuchern-litt elementor-widget elementor-widget-html\" data-id=\"iwgs-raeuchern-litt\" data-element_type=\"widget\" data-e-type=\"widget\" data-widget_type=\"html.default\">\n\t\t\t\t\t<footer data-nosnippet=\"true\"><ul><li>Handw\u00f6rterbuch des deutschen Aberglaubens. Hrsg. von Hanns B\u00e4chtold-St\u00e4ubli. Bd. 9, Artikel \u201eZw\u00f6lften\". Berlin: de Gruyter, 1938-1941.<\/li><li>Dietz-R\u00fcdiger Moser: Br\u00e4uche und Feste im christlichen Jahreslauf. Brauchformen der Gegenwart in kulturgeschichtlichen Zusammenh\u00e4ngen. Graz: Styria, 1993.<\/li><li>Manfred Becker-Huberti: Feiern, Feste, Jahreszeiten. Lebendige Br\u00e4uche im ganzen Jahr. Freiburg: Herder, 2001.<\/li><li>Marianne Rumpf: Perchten. Popul\u00e4re Glaubensgestalten zwischen Mythos und Katechese. W\u00fcrzburg: K\u00f6nigshausen und Neumann, 1991.<\/li><\/ul><\/footer>\t\t\t\t<\/div>\n\t\t\t\t<\/div>\n\t\t\t\t\t<\/div>\n\t\t\t\t<\/div>\n\t\t<div class=\"elementor-element elementor-element-iwgs-raeuchern-kwd e-flex e-con-boxed e-con e-parent\" data-id=\"iwgs-raeuchern-kwd\" data-element_type=\"container\" data-e-type=\"container\">\n\t\t\t\t\t<div class=\"e-con-inner\">\n\t\t<div class=\"elementor-element elementor-element-iw-raeuchern-kwd-bw e-con-full e-flex e-con e-child\" data-id=\"iw-raeuchern-kwd-bw\" data-element_type=\"container\" data-e-type=\"container\">\n\t\t\t\t<div class=\"elementor-element elementor-element-iwgs-raeuchern-kwdt elementor-widget elementor-widget-text-editor\" data-id=\"iwgs-raeuchern-kwdt\" data-element_type=\"widget\" data-e-type=\"widget\" data-widget_type=\"text-editor.default\">\n\t\t\t\t\t\t\t\t\t<p><em>\u0130lgili anahtar terimler: rauhnaechte raunaechte on iki gece duman geceleri t\u00fcts\u00fcleme perchtennacht.<\/em><\/p>\t\t\t\t\t\t\t\t<\/div>\n\t\t\t\t<\/div>\n\t\t\t\t\t<\/div>\n\t\t\t\t<\/div>\n\t\t<div class=\"elementor-element elementor-element-iwgs-raeuchern-cc e-flex e-con-boxed e-con e-parent\" data-id=\"iwgs-raeuchern-cc\" data-element_type=\"container\" data-e-type=\"container\" id=\"iwg-cc-raeuchern\">\n\t\t\t\t\t<div class=\"e-con-inner\">\n\t\t<div class=\"elementor-element elementor-element-iwgs-raeuchern-ccinner e-flex e-con-boxed e-con e-child\" data-id=\"iwgs-raeuchern-ccinner\" data-element_type=\"container\" data-e-type=\"container\" data-settings=\"{&quot;background_background&quot;:&quot;classic&quot;}\">\n\t\t\t\t\t<div class=\"e-con-inner\">\n\t\t\t\t<div class=\"elementor-element elementor-element-iwgs-raeuchern-cch elementor-widget elementor-widget-heading\" data-id=\"iwgs-raeuchern-cch\" data-element_type=\"widget\" data-e-type=\"widget\" data-widget_type=\"heading.default\">\n\t\t\t\t\t<h2 class=\"elementor-heading-title elementor-size-default\">iWell Guard ve koruma gelenekleri<\/h2>\t\t\t\t<\/div>\n\t\t\t\t<div class=\"elementor-element elementor-element-iwgs-raeuchern-cct elementor-widget elementor-widget-text-editor\" data-id=\"iwgs-raeuchern-cct\" data-element_type=\"widget\" data-e-type=\"widget\" data-widget_type=\"text-editor.default\">\n\t\t\t\t\t\t\t\t\t<p>T\u00fcts\u00fcleme uygulamalar\u0131n\u0131n \u00e7e\u015fitlili\u011fi, farkl\u0131 k\u0131talardaki insanlar\u0131n benzer sonu\u00e7lara vard\u0131\u011f\u0131n\u0131 g\u00f6sterir: bir mek\u00e2n ya da bir ki\u015fi, bilin\u00e7li eylemler yoluyla d\u0131\u015far\u0131dan gelen etkiyi zorla\u015ft\u0131ran ya da engelleyen bir duruma sokulabilir.<\/p><p><a href=\"https:\/\/iwell-guard.com\/tr\/koruyucu-muska-iwell-guard-satin-al\/\">iWell Guard<\/a>, bu gelenekleri devral\u0131r ve bunlar\u0131 ta\u015f\u0131nabilir bir koruma i\u015faretinde yo\u011funla\u015ft\u0131r\u0131r. K\u00fclt\u00fcrlerin t\u00fcts\u00fcleme yoluyla mek\u00e2n i\u00e7in ba\u015fard\u0131\u011f\u0131n\u0131, kolye ki\u015fi i\u00e7in ba\u015farmay\u0131 ama\u00e7lar: k\u00fclt\u00fcrler aras\u0131 geleneklerden beslenen, kal\u0131c\u0131 ve yan\u0131nda ta\u015f\u0131nan bir koruma hat\u0131rlat\u0131c\u0131s\u0131.<\/p>\t\t\t\t\t\t\t\t<\/div>\n\t\t\t\t<div class=\"elementor-element elementor-element-iwgs-raeuchern-ccb iwg-cc-button iwg-cc-cta-2026-05-13 elementor-widget elementor-widget-jet-button\" data-id=\"iwgs-raeuchern-ccb\" data-element_type=\"widget\" data-e-type=\"widget\" data-widget_type=\"jet-button.default\">\n\t\t\t\t<div class=\"elementor-widget-container\">\n\t\t\t\t\t<div class=\"elementor-jet-button jet-elements\"><div class=\"jet-button__container\"><a class=\"jet-button__instance jet-button__instance--icon-left hover-effect-1\" href=\"\/schutzanhaenger-iwell-guard-kaufen\/?utm_source=iwell-guard.com&amp;utm_medium=info-box&amp;utm_campaign=schutzsymbole\"><div class=\"jet-button__plane jet-button__plane-normal\"><\/div><div class=\"jet-button__plane jet-button__plane-hover\"><\/div><div class=\"jet-button__state jet-button__state-normal\"><span class=\"jet-button__label\">iWell Guard hakk\u0131nda daha fazla bilgi<\/span><\/div><div class=\"jet-button__state jet-button__state-hover\"><span class=\"jet-button__label\">iWell Guard hakk\u0131nda daha fazla bilgi<\/span><\/div><\/a><\/div><\/div><style>.elementor-element.elementor-element-iwgs-raeuchern-ccb .jet-button__instance{width:320px;height:56px;}.elementor-element.elementor-element-iwgs-raeuchern-ccb .jet-button__state-normal .jet-button__label{text-align:center;margin:0px 0px 0px 0px;color:#1a1b20;font-family:Montserrat,sans-serif;font-size:13px;font-weight:400;letter-spacing:4px;line-height:1.714em;text-transform:uppercase;}.elementor-element.elementor-element-iwgs-raeuchern-ccb .jet-button__state-hover .jet-button__label{text-align:center;margin:0px 0px 0px 0px;color:#FECC76;font-family:Montserrat,sans-serif;font-size:13px;font-weight:400;letter-spacing:4px;line-height:1.714em;text-transform:uppercase;}.elementor-element.elementor-element-iwgs-raeuchern-ccb .jet-button__plane-normal{background-color:#FECC76;border-style:solid;border-color:#C99540;border-width:2px 2px 2px 2px;}.elementor-element.elementor-element-iwgs-raeuchern-ccb .jet-button__plane-hover{background-color:rgba(0,0,0,0.55);border-style:solid;border-color:#FECC76;border-width:2px 2px 2px 2px;}<\/style>\t\t\t\t<\/div>\n\t\t\t\t<\/div>\n\t\t\t\t<div class=\"elementor-element elementor-element-iwgs-raeuchern-ccd elementor-widget elementor-widget-text-editor\" data-id=\"iwgs-raeuchern-ccd\" data-element_type=\"widget\" data-e-type=\"widget\" data-widget_type=\"text-editor.default\">\n\t\t\t\t\t\t\t\t\t<p style=\"text-align:center;font-size:13px;opacity:0.7;margin-top:14px\" data-nosnippet=\"true\">Ki\u015fisel deneyimler farkl\u0131l\u0131k g\u00f6sterebilir. T\u0131bbi \u00fcr\u00fcn de\u011fildir. Sa\u011fl\u0131k vaadi i\u00e7ermez.<\/p>\t\t\t\t\t\t\t\t<\/div>\n\t\t\t\t\t<\/div>\n\t\t\t\t<\/div>\n\t\t\t\t\t<\/div>\n\t\t\t\t<\/div>\n\t\t<div class=\"elementor-element elementor-element-iwgs-raeuchern-disc e-flex e-con-boxed e-con e-parent\" data-id=\"iwgs-raeuchern-disc\" data-element_type=\"container\" data-e-type=\"container\">\n\t\t\t\t\t<div class=\"e-con-inner\">\n\t\t<div class=\"elementor-element elementor-element-iw-raeuchern-disc-bw e-con-full e-flex e-con e-child\" data-id=\"iw-raeuchern-disc-bw\" data-element_type=\"container\" data-e-type=\"container\">\n\t\t\t\t<div class=\"elementor-element elementor-element-iwgs-raeuchern-discw elementor-widget elementor-widget-html\" data-id=\"iwgs-raeuchern-discw\" data-element_type=\"widget\" data-e-type=\"widget\" data-widget_type=\"html.default\">\n\t\t\t\t\t<footer data-nosnippet=\"true\" class=\"iwg-disclaimer-block\"><p data-nosnippet=\"true\">iWell Guard <strong>t\u0131bbi bir \u00fcr\u00fcn de\u011fildir<\/strong> ve t\u0131bbi ya da psikoterap\u00f6tik tedavinin yerini tutmaz. Burada sunulan i\u00e7erikler din bilimleri ve k\u00fclt\u00fcr tarihi a\u00e7\u0131s\u0131ndan yap\u0131lm\u0131\u015f bir s\u0131n\u0131fland\u0131rmad\u0131r; manevi bir etki g\u00fcvencesi de\u011fildir.<\/p><\/footer>\t\t\t\t<\/div>\n\t\t\t\t<\/div>\n\t\t\t\t\t<\/div>\n\t\t\t\t<\/div>\n\t\t\t\t<\/div>\n\t\t","protected":false},"excerpt":{"rendered":"<p>T\u00fcts\u00fcleme ve Ar\u0131nma Koruma Arac\u0131 T\u00fcr\u00fcKoruma Pusulas\u0131 T\u00fcts\u00fcleme, rit\u00fcel ar\u0131nman\u0131n en eski bi\u00e7imlerinden biridir. Temel ilke her yerde ayn\u0131d\u0131r: Bir madde yak\u0131l\u0131r, duman\u0131 y\u00fckselir ve gelene\u011fe g\u00f6re yaln\u0131zca bir mek\u00e2n\u0131n atmosferini de\u011fil, onun g\u00f6r\u00fcnmez niteli\u011fini de d\u00f6n\u00fc\u015ft\u00fcr\u00fcr. Zararl\u0131 etkilerin ba\u011flanmas\u0131, kovulmas\u0131 veya etkisiz k\u0131l\u0131nmas\u0131; korumay\u0131 hak eden e\u015fiklerin, ki\u015filerin ve nesnelerin duman arac\u0131l\u0131\u011f\u0131yla kutsanmas\u0131 ya [&hellip;]<\/p>\n","protected":false},"author":1,"featured_media":4143,"parent":0,"menu_order":0,"comment_status":"closed","ping_status":"closed","template":"elementor_header_footer","meta":{"_yoast_wpseo_focuskw":"rauhn\u00e4chte","_yoast_wpseo_title":"Rauhn\u00e4chte: anlam\u0131, rit\u00fcelleri ve tarihleri","_yoast_wpseo_metadesc":"Rauhn\u00e4chte nedir? Y\u0131llar aras\u0131ndaki on iki gecenin anlam\u0131: gelenekler ve yasaklar, t\u00fcts\u00fcleme ve kehanetler, Frau Perchta'dan Vah\u015fi Av'a.","_yoast_wpseo_meta-robots-noindex":"","_yoast_wpseo_canonical":"","_angie_page":false,"gefaehrdungsstufe":"","wesen_kultur":"","wesen_klasse":"","footnotes":""},"categories":[],"class_list":["post-107060","page","type-page","status-publish","has-post-thumbnail","hentry"],"yoast_head":"<!-- This site is optimized with the Yoast SEO Premium plugin v27.7 (Yoast SEO v28.3) - https:\/\/yoast.com\/product\/yoast-seo-premium-wordpress\/ -->\n<title>Rauhn\u00e4chte: anlam\u0131, rit\u00fcelleri ve tarihleri<\/title>\n<meta name=\"description\" content=\"Rauhn\u00e4chte nedir? Y\u0131llar aras\u0131ndaki on iki gecenin anlam\u0131: gelenekler ve yasaklar, t\u00fcts\u00fcleme ve kehanetler, Frau Perchta&#039;dan Vah\u015fi Av&#039;a.\" \/>\n<meta name=\"robots\" content=\"index, follow, max-snippet:-1, max-image-preview:large, max-video-preview:-1\" \/>\n<link rel=\"canonical\" href=\"https:\/\/iwell-guard.com\/tr\/rauhnaechte\/\" \/>\n<meta property=\"og:locale\" content=\"tr_TR\" \/>\n<meta property=\"og:type\" content=\"article\" \/>\n<meta property=\"og:title\" content=\"Rauhn\u00e4chte \u2013 On \u0130ki Gece\" \/>\n<meta property=\"og:description\" content=\"Rauhn\u00e4chte nedir? Y\u0131llar aras\u0131ndaki on iki gecenin anlam\u0131: gelenekler ve yasaklar, t\u00fcts\u00fcleme ve kehanetler, Frau Perchta&#039;dan Vah\u015fi Av&#039;a.\" \/>\n<meta property=\"og:url\" content=\"https:\/\/iwell-guard.com\/tr\/rauhnaechte\/\" \/>\n<meta property=\"og:site_name\" content=\"iWell Guard\" \/>\n<meta property=\"article:modified_time\" content=\"2026-08-26T18:06:02+00:00\" \/>\n<meta property=\"og:image\" content=\"https:\/\/iwell-guard.com\/wp-content\/uploads\/2026\/05\/schutzsymbol_universell_raeuchern-683x1024.png\" \/>\n\t<meta property=\"og:image:width\" content=\"683\" \/>\n\t<meta property=\"og:image:height\" content=\"1024\" \/>\n\t<meta property=\"og:image:type\" content=\"image\/png\" \/>\n<meta name=\"twitter:card\" content=\"summary_large_image\" \/>\n<meta name=\"twitter:label1\" content=\"Tahmini okuma s\u00fcresi\" \/>\n\t<meta name=\"twitter:data1\" content=\"7 dakika\" \/>\n<script type=\"application\/ld+json\" class=\"yoast-schema-graph\">{\"@context\":\"https:\\\/\\\/schema.org\",\"@graph\":[{\"@type\":\"WebPage\",\"@id\":\"https:\\\/\\\/iwell-guard.com\\\/tr\\\/rauhnaechte\\\/\",\"url\":\"https:\\\/\\\/iwell-guard.com\\\/tr\\\/rauhnaechte\\\/\",\"name\":\"Rauhn\u00e4chte: anlam\u0131, rit\u00fcelleri ve tarihleri\",\"isPartOf\":{\"@id\":\"https:\\\/\\\/iwell-guard.com\\\/tr\\\/#website\"},\"primaryImageOfPage\":{\"@id\":\"https:\\\/\\\/iwell-guard.com\\\/tr\\\/rauhnaechte\\\/#primaryimage\"},\"image\":{\"@id\":\"https:\\\/\\\/iwell-guard.com\\\/tr\\\/rauhnaechte\\\/#primaryimage\"},\"thumbnailUrl\":\"https:\\\/\\\/iwell-guard.com\\\/wp-content\\\/uploads\\\/2026\\\/05\\\/schutzsymbol_universell_raeuchern.png\",\"datePublished\":\"2026-08-24T14:07:20+00:00\",\"dateModified\":\"2026-08-26T18:06:02+00:00\",\"description\":\"Rauhn\u00e4chte nedir? Y\u0131llar aras\u0131ndaki on iki gecenin anlam\u0131: gelenekler ve yasaklar, t\u00fcts\u00fcleme ve kehanetler, Frau Perchta'dan Vah\u015fi Av'a.\",\"breadcrumb\":{\"@id\":\"https:\\\/\\\/iwell-guard.com\\\/tr\\\/rauhnaechte\\\/#breadcrumb\"},\"inLanguage\":\"tr\",\"potentialAction\":[{\"@type\":\"ReadAction\",\"target\":[\"https:\\\/\\\/iwell-guard.com\\\/tr\\\/rauhnaechte\\\/\"]}]},{\"@type\":\"ImageObject\",\"inLanguage\":\"tr\",\"@id\":\"https:\\\/\\\/iwell-guard.com\\\/tr\\\/rauhnaechte\\\/#primaryimage\",\"url\":\"https:\\\/\\\/iwell-guard.com\\\/wp-content\\\/uploads\\\/2026\\\/05\\\/schutzsymbol_universell_raeuchern.png\",\"contentUrl\":\"https:\\\/\\\/iwell-guard.com\\\/wp-content\\\/uploads\\\/2026\\\/05\\\/schutzsymbol_universell_raeuchern.png\",\"width\":1024,\"height\":1536,\"caption\":\"T\u00fcts\u00fcleme ve ar\u0131nma \u2013 ar\u0131nman\u0131n simgesi olarak y\u00fckselen duman\"},{\"@type\":\"BreadcrumbList\",\"@id\":\"https:\\\/\\\/iwell-guard.com\\\/tr\\\/rauhnaechte\\\/#breadcrumb\",\"itemListElement\":[{\"@type\":\"ListItem\",\"position\":1,\"name\":\"Start\",\"item\":\"https:\\\/\\\/iwell-guard.com\\\/tr\\\/ana-sayfa\\\/\"},{\"@type\":\"ListItem\",\"position\":2,\"name\":\"Rauhn\u00e4chte \u2013 On \u0130ki Gece\"}]},{\"@type\":\"WebSite\",\"@id\":\"https:\\\/\\\/iwell-guard.com\\\/tr\\\/#website\",\"url\":\"https:\\\/\\\/iwell-guard.com\\\/tr\\\/\",\"name\":\"iWell Guard\",\"description\":\"Schutz vor dunklen Einfl\u00fcssen\",\"publisher\":{\"@id\":\"https:\\\/\\\/iwell-guard.com\\\/tr\\\/#organization\"},\"potentialAction\":[{\"@type\":\"SearchAction\",\"target\":{\"@type\":\"EntryPoint\",\"urlTemplate\":\"https:\\\/\\\/iwell-guard.com\\\/tr\\\/?s={search_term_string}\"},\"query-input\":{\"@type\":\"PropertyValueSpecification\",\"valueRequired\":true,\"valueName\":\"search_term_string\"}}],\"inLanguage\":\"tr\"},{\"@type\":\"Organization\",\"@id\":\"https:\\\/\\\/iwell-guard.com\\\/tr\\\/#organization\",\"name\":\"Ittermann electronic GmbH\",\"url\":\"https:\\\/\\\/iwell-guard.com\\\/tr\\\/\",\"logo\":{\"@type\":\"ImageObject\",\"inLanguage\":\"tr\",\"@id\":\"https:\\\/\\\/iwell-guard.com\\\/tr\\\/#\\\/schema\\\/logo\\\/image\\\/\",\"url\":\"https:\\\/\\\/iwell-guard.com\\\/wp-content\\\/uploads\\\/2026\\\/05\\\/Ittermann-Logo-1182x237-1.png\",\"contentUrl\":\"https:\\\/\\\/iwell-guard.com\\\/wp-content\\\/uploads\\\/2026\\\/05\\\/Ittermann-Logo-1182x237-1.png\",\"width\":1182,\"height\":237,\"caption\":\"Ittermann electronic GmbH\"},\"image\":{\"@id\":\"https:\\\/\\\/iwell-guard.com\\\/tr\\\/#\\\/schema\\\/logo\\\/image\\\/\"},\"sameAs\":[\"https:\\\/\\\/pantip.com\\\/profile\\\/9367242\",\"https:\\\/\\\/micro.blog\\\/iwellguard\",\"https:\\\/\\\/www.diggerslist.com\\\/iwellguard\\\/about\",\"https:\\\/\\\/skitterphoto.com\\\/photographers\\\/2870314\\\/iwell-guard\",\"https:\\\/\\\/iwellguard.wordpress.com\\\/2026\\\/06\\\/06\\\/iwell-guard\\\/\",\"https:\\\/\\\/hub.docker.com\\\/u\\\/iwellguard\",\"https:\\\/\\\/www.pinterest.com\\\/iwellguard\\\/\",\"https:\\\/\\\/bit.ly\\\/m\\\/iwellguard\",\"https:\\\/\\\/entre-vos-mains.alsace.eu\\\/profiles\\\/iwellguard\\\/activity\",\"https:\\\/\\\/gravatar.com\\\/reallybeded8fd34\",\"https:\\\/\\\/naijamatta.com\\\/iwellguard\",\"https:\\\/\\\/www.goodreads.com\\\/iwellguard\",\"https:\\\/\\\/profile.hatena.ne.jp\\\/iwellguard\\\/\",\"https:\\\/\\\/experiment.com\\\/users\\\/iwellguard\",\"https:\\\/\\\/wakelet.com\\\/@iWellGuard82270\",\"https:\\\/\\\/www.chordie.com\\\/forum\\\/profile.php?id=2555664\",\"https:\\\/\\\/www.instapaper.com\\\/p\\\/17757966\",\"https:\\\/\\\/www.mapleprimes.com\\\/users\\\/iwellguard\",\"https:\\\/\\\/businesslistingplus.com\\\/profile\\\/iwell-guard\\\/\",\"https:\\\/\\\/telegra.ph\\\/iWell-Guard-06-06\",\"https:\\\/\\\/pbase.com\\\/iwellguard\\\/iwellguard\",\"https:\\\/\\\/b.hatena.ne.jp\\\/iwellguard\\\/20260607#bookmark-4788405196491818882\",\"https:\\\/\\\/fliphtml5.com\\\/home\\\/iwellguard\",\"https:\\\/\\\/anyflip.com\\\/homepage\\\/cmiwl#About\",\"https:\\\/\\\/transfur.com\\\/Users\\\/iwellguard\",\"http:\\\/\\\/delphi.larsbo.org\\\/user\\\/iwellguard\",\"https:\\\/\\\/jobs.lajobsportal.org\\\/profiles\\\/8380803-iwell-guard\",\"https:\\\/\\\/md.chaosdorf.de\\\/s\\\/jfbe5SBdJD\",\"https:\\\/\\\/www.lingvolive.com\\\/en-us\\\/profile\\\/9ecaeaca-ce11-4e51-9e71-01d55e2bff36\\\/translations\",\"https:\\\/\\\/www.fitday.com\\\/fitness\\\/forums\\\/members\\\/iwellguard.html\",\"https:\\\/\\\/www.mymeetbook.com\\\/iwellguard\",\"https:\\\/\\\/pxhere.com\\\/en\\\/photographer-me\\\/5040798\",\"https:\\\/\\\/disqus.com\\\/by\\\/iwellguard\\\/about\\\/\",\"https:\\\/\\\/pastelink.net\\\/hjwciqwq\",\"https:\\\/\\\/pubhtml5.com\\\/homepage\\\/scjhn\\\/\",\"https:\\\/\\\/www.bitchute.com\\\/channel\\\/2O2eOKzNqujT\",\"https:\\\/\\\/audiomack.com\\\/iwellguard\"]}]}<\/script>\n<!-- \/ Yoast SEO Premium plugin. -->","yoast_head_json":{"title":"Rauhn\u00e4chte: anlam\u0131, rit\u00fcelleri ve tarihleri","description":"Rauhn\u00e4chte nedir? Y\u0131llar aras\u0131ndaki on iki gecenin anlam\u0131: gelenekler ve yasaklar, t\u00fcts\u00fcleme ve kehanetler, Frau Perchta'dan Vah\u015fi Av'a.","robots":{"index":"index","follow":"follow","max-snippet":"max-snippet:-1","max-image-preview":"max-image-preview:large","max-video-preview":"max-video-preview:-1"},"canonical":"https:\/\/iwell-guard.com\/tr\/rauhnaechte\/","og_locale":"tr_TR","og_type":"article","og_title":"Rauhn\u00e4chte \u2013 On \u0130ki Gece","og_description":"Rauhn\u00e4chte nedir? Y\u0131llar aras\u0131ndaki on iki gecenin anlam\u0131: gelenekler ve yasaklar, t\u00fcts\u00fcleme ve kehanetler, Frau Perchta'dan Vah\u015fi Av'a.","og_url":"https:\/\/iwell-guard.com\/tr\/rauhnaechte\/","og_site_name":"iWell Guard","article_modified_time":"2026-08-26T18:06:02+00:00","og_image":[{"width":683,"height":1024,"url":"https:\/\/iwell-guard.com\/wp-content\/uploads\/2026\/05\/schutzsymbol_universell_raeuchern-683x1024.png","type":"image\/png"}],"twitter_card":"summary_large_image","twitter_misc":{"Tahmini okuma s\u00fcresi":"7 dakika"},"schema":{"@context":"https:\/\/schema.org","@graph":[{"@type":"WebPage","@id":"https:\/\/iwell-guard.com\/tr\/rauhnaechte\/","url":"https:\/\/iwell-guard.com\/tr\/rauhnaechte\/","name":"Rauhn\u00e4chte: anlam\u0131, rit\u00fcelleri ve tarihleri","isPartOf":{"@id":"https:\/\/iwell-guard.com\/tr\/#website"},"primaryImageOfPage":{"@id":"https:\/\/iwell-guard.com\/tr\/rauhnaechte\/#primaryimage"},"image":{"@id":"https:\/\/iwell-guard.com\/tr\/rauhnaechte\/#primaryimage"},"thumbnailUrl":"https:\/\/iwell-guard.com\/wp-content\/uploads\/2026\/05\/schutzsymbol_universell_raeuchern.png","datePublished":"2026-08-24T14:07:20+00:00","dateModified":"2026-08-26T18:06:02+00:00","description":"Rauhn\u00e4chte nedir? Y\u0131llar aras\u0131ndaki on iki gecenin anlam\u0131: gelenekler ve yasaklar, t\u00fcts\u00fcleme ve kehanetler, Frau Perchta'dan Vah\u015fi Av'a.","breadcrumb":{"@id":"https:\/\/iwell-guard.com\/tr\/rauhnaechte\/#breadcrumb"},"inLanguage":"tr","potentialAction":[{"@type":"ReadAction","target":["https:\/\/iwell-guard.com\/tr\/rauhnaechte\/"]}]},{"@type":"ImageObject","inLanguage":"tr","@id":"https:\/\/iwell-guard.com\/tr\/rauhnaechte\/#primaryimage","url":"https:\/\/iwell-guard.com\/wp-content\/uploads\/2026\/05\/schutzsymbol_universell_raeuchern.png","contentUrl":"https:\/\/iwell-guard.com\/wp-content\/uploads\/2026\/05\/schutzsymbol_universell_raeuchern.png","width":1024,"height":1536,"caption":"T\u00fcts\u00fcleme ve ar\u0131nma \u2013 ar\u0131nman\u0131n simgesi olarak y\u00fckselen duman"},{"@type":"BreadcrumbList","@id":"https:\/\/iwell-guard.com\/tr\/rauhnaechte\/#breadcrumb","itemListElement":[{"@type":"ListItem","position":1,"name":"Start","item":"https:\/\/iwell-guard.com\/tr\/ana-sayfa\/"},{"@type":"ListItem","position":2,"name":"Rauhn\u00e4chte \u2013 On \u0130ki Gece"}]},{"@type":"WebSite","@id":"https:\/\/iwell-guard.com\/tr\/#website","url":"https:\/\/iwell-guard.com\/tr\/","name":"iWell Guard","description":"Schutz vor dunklen Einfl\u00fcssen","publisher":{"@id":"https:\/\/iwell-guard.com\/tr\/#organization"},"potentialAction":[{"@type":"SearchAction","target":{"@type":"EntryPoint","urlTemplate":"https:\/\/iwell-guard.com\/tr\/?s={search_term_string}"},"query-input":{"@type":"PropertyValueSpecification","valueRequired":true,"valueName":"search_term_string"}}],"inLanguage":"tr"},{"@type":"Organization","@id":"https:\/\/iwell-guard.com\/tr\/#organization","name":"Ittermann electronic GmbH","url":"https:\/\/iwell-guard.com\/tr\/","logo":{"@type":"ImageObject","inLanguage":"tr","@id":"https:\/\/iwell-guard.com\/tr\/#\/schema\/logo\/image\/","url":"https:\/\/iwell-guard.com\/wp-content\/uploads\/2026\/05\/Ittermann-Logo-1182x237-1.png","contentUrl":"https:\/\/iwell-guard.com\/wp-content\/uploads\/2026\/05\/Ittermann-Logo-1182x237-1.png","width":1182,"height":237,"caption":"Ittermann electronic GmbH"},"image":{"@id":"https:\/\/iwell-guard.com\/tr\/#\/schema\/logo\/image\/"},"sameAs":["https:\/\/pantip.com\/profile\/9367242","https:\/\/micro.blog\/iwellguard","https:\/\/www.diggerslist.com\/iwellguard\/about","https:\/\/skitterphoto.com\/photographers\/2870314\/iwell-guard","https:\/\/iwellguard.wordpress.com\/2026\/06\/06\/iwell-guard\/","https:\/\/hub.docker.com\/u\/iwellguard","https:\/\/www.pinterest.com\/iwellguard\/","https:\/\/bit.ly\/m\/iwellguard","https:\/\/entre-vos-mains.alsace.eu\/profiles\/iwellguard\/activity","https:\/\/gravatar.com\/reallybeded8fd34","https:\/\/naijamatta.com\/iwellguard","https:\/\/www.goodreads.com\/iwellguard","https:\/\/profile.hatena.ne.jp\/iwellguard\/","https:\/\/experiment.com\/users\/iwellguard","https:\/\/wakelet.com\/@iWellGuard82270","https:\/\/www.chordie.com\/forum\/profile.php?id=2555664","https:\/\/www.instapaper.com\/p\/17757966","https:\/\/www.mapleprimes.com\/users\/iwellguard","https:\/\/businesslistingplus.com\/profile\/iwell-guard\/","https:\/\/telegra.ph\/iWell-Guard-06-06","https:\/\/pbase.com\/iwellguard\/iwellguard","https:\/\/b.hatena.ne.jp\/iwellguard\/20260607#bookmark-4788405196491818882","https:\/\/fliphtml5.com\/home\/iwellguard","https:\/\/anyflip.com\/homepage\/cmiwl#About","https:\/\/transfur.com\/Users\/iwellguard","http:\/\/delphi.larsbo.org\/user\/iwellguard","https:\/\/jobs.lajobsportal.org\/profiles\/8380803-iwell-guard","https:\/\/md.chaosdorf.de\/s\/jfbe5SBdJD","https:\/\/www.lingvolive.com\/en-us\/profile\/9ecaeaca-ce11-4e51-9e71-01d55e2bff36\/translations","https:\/\/www.fitday.com\/fitness\/forums\/members\/iwellguard.html","https:\/\/www.mymeetbook.com\/iwellguard","https:\/\/pxhere.com\/en\/photographer-me\/5040798","https:\/\/disqus.com\/by\/iwellguard\/about\/","https:\/\/pastelink.net\/hjwciqwq","https:\/\/pubhtml5.com\/homepage\/scjhn\/","https:\/\/www.bitchute.com\/channel\/2O2eOKzNqujT","https:\/\/audiomack.com\/iwellguard"]}]}},"_links":{"self":[{"href":"https:\/\/iwell-guard.com\/tr\/wp-json\/wp\/v2\/pages\/107060","targetHints":{"allow":["GET"]}}],"collection":[{"href":"https:\/\/iwell-guard.com\/tr\/wp-json\/wp\/v2\/pages"}],"about":[{"href":"https:\/\/iwell-guard.com\/tr\/wp-json\/wp\/v2\/types\/page"}],"author":[{"embeddable":true,"href":"https:\/\/iwell-guard.com\/tr\/wp-json\/wp\/v2\/users\/1"}],"replies":[{"embeddable":true,"href":"https:\/\/iwell-guard.com\/tr\/wp-json\/wp\/v2\/comments?post=107060"}],"version-history":[{"count":3,"href":"https:\/\/iwell-guard.com\/tr\/wp-json\/wp\/v2\/pages\/107060\/revisions"}],"predecessor-version":[{"id":107344,"href":"https:\/\/iwell-guard.com\/tr\/wp-json\/wp\/v2\/pages\/107060\/revisions\/107344"}],"wp:featuredmedia":[{"embeddable":true,"href":"https:\/\/iwell-guard.com\/tr\/wp-json\/wp\/v2\/media\/4143"}],"wp:attachment":[{"href":"https:\/\/iwell-guard.com\/tr\/wp-json\/wp\/v2\/media?parent=107060"}],"wp:term":[{"taxonomy":"category","embeddable":true,"href":"https:\/\/iwell-guard.com\/tr\/wp-json\/wp\/v2\/categories?post=107060"}],"curies":[{"name":"wp","href":"https:\/\/api.w.org\/{rel}","templated":true}]}}