{"id":137771,"date":"2026-09-03T00:18:45","date_gmt":"2026-09-03T00:18:45","guid":{"rendered":"https:\/\/iwell-guard.com\/?page_id=137771"},"modified":"2026-09-03T06:52:41","modified_gmt":"2026-09-03T06:52:41","slug":"rauhnachte","status":"publish","type":"page","link":"https:\/\/iwell-guard.com\/sv\/rauhnachte\/","title":{"rendered":"Rauhn\u00e4chte"},"content":{"rendered":"\t\t<div data-elementor-type=\"wp-page\" data-elementor-id=\"137771\" class=\"elementor elementor-137771 elementor-107038\" data-elementor-post-type=\"page\">\n\t\t\t\t<div class=\"elementor-element elementor-element-iwgs-raeuchern-hero e-flex e-con-boxed e-con e-parent\" data-id=\"iwgs-raeuchern-hero\" data-element_type=\"container\" data-e-type=\"container\">\n\t\t\t\t\t<div class=\"e-con-inner\">\n\t\t<div class=\"elementor-element elementor-element-iw-raeuchern-hero-left e-con-full e-flex e-con e-child\" data-id=\"iw-raeuchern-hero-left\" data-element_type=\"container\" data-e-type=\"container\">\n\t\t\t\t<div class=\"elementor-element elementor-element-iwgs-raeuchern-h1 elementor-widget elementor-widget-heading\" data-id=\"iwgs-raeuchern-h1\" data-element_type=\"widget\" data-e-type=\"widget\" data-widget_type=\"heading.default\">\n\t\t\t\t\t<h1 class=\"elementor-heading-title elementor-size-default\">Rauhn\u00e4chte: de tolv n\u00e4tterna mellan \u00e5ren<\/h1>\t\t\t\t<\/div>\n\t\t<div class=\"elementor-element elementor-element-iw-raeuchern-hero-bw e-con-full e-flex e-con e-child\" data-id=\"iw-raeuchern-hero-bw\" data-element_type=\"container\" data-e-type=\"container\">\n\t\t\t\t<div class=\"elementor-element elementor-element-iwgs-raeuchern-pills elementor-widget elementor-widget-html\" data-id=\"iwgs-raeuchern-pills\" data-element_type=\"widget\" data-e-type=\"widget\" data-widget_type=\"html.default\">\n\t\t\t\t\t<div class=\"iwg-pill-row\"><span class=\"iwg-klasse-badge\" tabindex=\"0\" data-tooltip=\"Tidsperiod med egna sedv\u00e4njor.\">Sedv\u00e4njor<\/span><a href=\"https:\/\/iwell-guard.com\/sv\/germanskt\/\" class=\"iwg-kultur-badge\" tabindex=\"0\" data-tooltip=\"Till \u00f6versikten \u00f6ver den germanska traditionen.\">Germanskt omr\u00e5de<\/a><\/div>\t\t\t\t<\/div>\n\t\t\t\t<div class=\"elementor-element elementor-element-iwgs-raeuchern-lead elementor-widget elementor-widget-text-editor\" data-id=\"iwgs-raeuchern-lead\" data-element_type=\"widget\" data-e-type=\"widget\" data-widget_type=\"text-editor.default\">\n\t\t\t\t\t\t\t\t\t<p>Mellan jul och trettondedag jul infaller en period som i det tyskspr\u00e5kiga omr\u00e5det hade egna regler. Den kallades de tolv, Rauhn\u00e4chte eller Raun\u00e4chte. Under dessa n\u00e4tter ans\u00e5gs gr\u00e4nsen mellan den synliga och den osynliga v\u00e4rlden vara genomsl\u00e4pplig.<\/p><p>F\u00f6r lexikonet \u00e4r dessa n\u00e4tter \u00e5rets t\u00e4taste skyddsperiod. N\u00e4stan allt som traditionen k\u00e4nner till om avv\u00e4rjning f\u00f6rekommer h\u00e4r samlat: r\u00f6k, buller, vigvatten, tr\u00f6skeltecken och en rad f\u00f6rbud. Samtidigt samlas h\u00e4r de gestalter som annars har egna sidor i lexikonet.<\/p>\t\t\t\t\t\t\t\t<\/div>\n\t\t\t\t<\/div>\n\t\t\t\t<\/div>\n\t\t<div class=\"elementor-element elementor-element-iw-raeuchern-hero-img e-con-full e-flex e-con e-child\" data-id=\"iw-raeuchern-hero-img\" data-element_type=\"container\" data-e-type=\"container\">\n\t\t\t\t<div class=\"elementor-element elementor-element-iwgs-raeuchern-himg iwg-hero-image elementor-widget elementor-widget-image\" data-id=\"iwgs-raeuchern-himg\" data-element_type=\"widget\" data-e-type=\"widget\" data-widget_type=\"image.default\">\n\t\t\t\t\t\t\t\t\t\t\t\t\t\t\t<img fetchpriority=\"high\" decoding=\"async\" width=\"683\" height=\"1024\" src=\"https:\/\/iwell-guard.com\/wp-content\/uploads\/2026\/05\/schutzsymbol_universell_raeuchern-683x1024.png\" class=\"attachment-large size-large wp-image-135726\" alt=\"R\u00f6kelse och rening \u2013 stigande r\u00f6k som symbol f\u00f6r renande kraft\" srcset=\"https:\/\/iwell-guard.com\/wp-content\/uploads\/2026\/05\/schutzsymbol_universell_raeuchern-683x1024.png 683w, https:\/\/iwell-guard.com\/wp-content\/uploads\/2026\/05\/schutzsymbol_universell_raeuchern-200x300.png 200w, https:\/\/iwell-guard.com\/wp-content\/uploads\/2026\/05\/schutzsymbol_universell_raeuchern-768x1152.png 768w, https:\/\/iwell-guard.com\/wp-content\/uploads\/2026\/05\/schutzsymbol_universell_raeuchern.png 1024w\" sizes=\"(max-width: 683px) 100vw, 683px\" \/>\t\t\t\t\t\t\t\t\t\t\t\t\t\t\t<\/div>\n\t\t\t\t<\/div>\n\t\t\t\t\t<\/div>\n\t\t\t\t<\/div>\n\t\t<div class=\"elementor-element elementor-element-iwgs-raeuchern-s0 e-flex e-con-boxed e-con e-parent\" data-id=\"iwgs-raeuchern-s0\" data-element_type=\"container\" data-e-type=\"container\">\n\t\t\t\t\t<div class=\"e-con-inner\">\n\t\t\t\t<div class=\"elementor-element elementor-element-iwgs-raeuchern-s0h elementor-widget elementor-widget-heading\" data-id=\"iwgs-raeuchern-s0h\" data-element_type=\"widget\" data-e-type=\"widget\" data-widget_type=\"heading.default\">\n\t\t\t\t\t<h2 class=\"elementor-heading-title elementor-size-default\">Vad \u00e4r Rauhn\u00e4chte?<\/h2>\t\t\t\t<\/div>\n\t\t<div class=\"elementor-element elementor-element-iw-raeuchern-s0-bw e-con-full e-flex e-con e-child\" data-id=\"iw-raeuchern-s0-bw\" data-element_type=\"container\" data-e-type=\"container\">\n\t\t\t\t<div class=\"elementor-element elementor-element-iwgs-raeuchern-s0t elementor-widget elementor-widget-text-editor\" data-id=\"iwgs-raeuchern-s0t\" data-element_type=\"widget\" data-e-type=\"widget\" data-widget_type=\"text-editor.default\">\n\t\t\t\t\t\t\t\t\t<p>Rauhn\u00e4chte \u00e4r de tolv n\u00e4tterna mellan juldagen och trettondedag jul den 6 januari. Den \u00e4ldre ben\u00e4mningen \u00e4r de tolv eller tolvn\u00e4tterna. Regionalt f\u00f6rekommer \u00e4ven namn som Innern\u00e4chte, Untern\u00e4chte eller Gl\u00f6ckeln\u00e4chte.<\/p><p>Folktron tillskrev denna tid ett undantagstillst\u00e5nd. \u00c5rets ordning var avslutad, den nya hade \u00e4nnu inte b\u00f6rjat, och i detta mellanrum r\u00f6rde sig enligt traditionen kringvandrande andar och sagov\u00e4sen. D\u00e4rav f\u00f6rklaras den t\u00e4thet av skyddsseder som \u00e4r belagd f\u00f6r dessa n\u00e4tter.<\/p><p>Viktigt f\u00f6r f\u00f6rst\u00e5elsen: Rauhn\u00e4chte \u00e4r inget v\u00e4sen och ingen enskild sed, utan en tidsperiod som m\u00e5nga seder har knutits till. Vad som gjordes och underl\u00e4ts under dem skilde sig avsev\u00e4rt mellan olika dalar.<\/p>\t\t\t\t\t\t\t\t<\/div>\n\t\t\t\t<\/div>\n\t\t\t\t\t<\/div>\n\t\t\t\t<\/div>\n\t\t<div class=\"elementor-element elementor-element-82e1f70 e-flex e-con-boxed e-con e-parent\" data-id=\"82e1f70\" data-element_type=\"container\" data-e-type=\"container\">\n\t\t\t\t\t<div class=\"e-con-inner\">\n\t\t\t\t<div class=\"elementor-element elementor-element- elementor-widget elementor-widget-heading\" data-id=\"\" data-element_type=\"widget\" data-e-type=\"widget\" data-widget_type=\"heading.default\">\n\t\t\t\t\t<h2 class=\"elementor-heading-title elementor-size-default\">Relaterade v\u00e4sen och teman<\/h2>\t\t\t\t<\/div>\n\t\t<div class=\"elementor-element elementor-element- e-con-full e-flex e-con e-child\" data-id=\"\" data-element_type=\"container\" data-e-type=\"container\">\n\t\t\t\t<div class=\"elementor-element elementor-element- elementor-widget elementor-widget-text-editor\" data-id=\"\" data-element_type=\"widget\" data-e-type=\"widget\" data-widget_type=\"text-editor.default\">\n\t\t\t\t\t\t\t\t\t<p>Gestalterna och sedv\u00e4njorna under dessa n\u00e4tter beskrivs var f\u00f6r sig i lexikonet: <a href=\"https:\/\/iwell-guard.com\/sv\/fru-perchta\/\">Fru Perchta och perchterna<\/a> som pr\u00f6varinna under Rauhn\u00e4chte, <a href=\"https:\/\/iwell-guard.com\/sv\/holla-frau-holle\/\">Fru Holle<\/a> som hennes medeltyska motsvarighet, <a href=\"https:\/\/iwell-guard.com\/sv\/odin\/\">Oden<\/a> i samband med Vilda jakten och <a href=\"https:\/\/iwell-guard.com\/sv\/krampus\/\">Krampus<\/a> som adventstidens skr\u00e4ckgestalt. En \u00f6versikt av traditionen ges p\u00e5 sidan om <a href=\"https:\/\/iwell-guard.com\/sv\/germanskt\/\">germansk tradition<\/a>, medan de \u00f6verl\u00e4mnade skyddsformerna fr\u00e5n denna tid beskrivs under <a href=\"https:\/\/iwell-guard.com\/sv\/rokelse-och-rening\/\">r\u00f6kning<\/a> och <a href=\"https:\/\/iwell-guard.com\/sv\/rokelse\/\">r\u00f6kelse<\/a>.<\/p>\t\t\t\t\t\t\t\t<\/div>\n\t\t\t\t<\/div>\n\t\t\t\t\t<\/div>\n\t\t\t\t<\/div>\n\t\t<div class=\"elementor-element elementor-element-188289f e-flex e-con-boxed e-con e-parent\" data-id=\"188289f\" data-element_type=\"container\" data-e-type=\"container\">\n\t\t\t\t\t<div class=\"e-con-inner\">\n\t\t\t\t<div class=\"elementor-element elementor-element- elementor-widget elementor-widget-heading\" data-id=\"\" data-element_type=\"widget\" data-e-type=\"widget\" data-widget_type=\"heading.default\">\n\t\t\t\t\t<h2 class=\"elementor-heading-title elementor-size-default\">Relaterade v\u00e4sen och teman<\/h2>\t\t\t\t<\/div>\n\t\t<div class=\"elementor-element elementor-element- e-con-full e-flex e-con e-child\" data-id=\"\" data-element_type=\"container\" data-e-type=\"container\">\n\t\t\t\t<div class=\"elementor-element elementor-element- elementor-widget elementor-widget-text-editor\" data-id=\"\" data-element_type=\"widget\" data-e-type=\"widget\" data-widget_type=\"text-editor.default\">\n\t\t\t\t\t\t\t\t\t<p>Gestalterna och sedv\u00e4njorna under dessa n\u00e4tter beskrivs var f\u00f6r sig i lexikonet: <a href=\"https:\/\/iwell-guard.com\/sv\/fru-perchta\/\">Fru Perchta och perchterna<\/a> som pr\u00f6varinna under Rauhn\u00e4chte, <a href=\"https:\/\/iwell-guard.com\/sv\/holla-frau-holle\/\">Fru Holle<\/a> som hennes medeltyska motsvarighet, <a href=\"https:\/\/iwell-guard.com\/sv\/odin\/\">Oden<\/a> i samband med Vilda jakten och <a href=\"https:\/\/iwell-guard.com\/sv\/krampus\/\">Krampus<\/a> som adventstidens skr\u00e4ckgestalt. En \u00f6versikt av traditionen ges p\u00e5 sidan om <a href=\"https:\/\/iwell-guard.com\/sv\/germanskt\/\">germansk tradition<\/a>, medan de \u00f6verl\u00e4mnade skyddsformerna fr\u00e5n denna tid beskrivs under <a href=\"https:\/\/iwell-guard.com\/sv\/rokelse-och-rening\/\">r\u00f6kning<\/a> och <a href=\"https:\/\/iwell-guard.com\/sv\/rokelse\/\">r\u00f6kelse<\/a>.<\/p>\t\t\t\t\t\t\t\t<\/div>\n\t\t\t\t<\/div>\n\t\t\t\t\t<\/div>\n\t\t\t\t<\/div>\n\t\t<div class=\"elementor-element elementor-element-2256a9e e-flex e-con-boxed e-con e-parent\" data-id=\"2256a9e\" data-element_type=\"container\" data-e-type=\"container\">\n\t\t\t\t\t<div class=\"e-con-inner\">\n\t\t\t\t<div class=\"elementor-element elementor-element- elementor-widget elementor-widget-heading\" data-id=\"\" data-element_type=\"widget\" data-e-type=\"widget\" data-widget_type=\"heading.default\">\n\t\t\t\t\t<h2 class=\"elementor-heading-title elementor-size-default\">Relaterade v\u00e4sen och teman<\/h2>\t\t\t\t<\/div>\n\t\t<div class=\"elementor-element elementor-element- e-con-full e-flex e-con e-child\" data-id=\"\" data-element_type=\"container\" data-e-type=\"container\">\n\t\t\t\t<div class=\"elementor-element elementor-element- elementor-widget elementor-widget-text-editor\" data-id=\"\" data-element_type=\"widget\" data-e-type=\"widget\" data-widget_type=\"text-editor.default\">\n\t\t\t\t\t\t\t\t\t<p>Gestalterna och sedv\u00e4njorna under dessa n\u00e4tter beskrivs var f\u00f6r sig i lexikonet: <a href=\"https:\/\/iwell-guard.com\/sv\/fru-perchta\/\">Fru Perchta och perchterna<\/a> som pr\u00f6varinna under Rauhn\u00e4chte, <a href=\"https:\/\/iwell-guard.com\/sv\/holla-frau-holle\/\">Fru Holle<\/a> som hennes medeltyska motsvarighet, <a href=\"https:\/\/iwell-guard.com\/sv\/odin\/\">Oden<\/a> i samband med Vilda jakten och <a href=\"https:\/\/iwell-guard.com\/sv\/krampus\/\">Krampus<\/a> som adventstidens skr\u00e4ckgestalt. En \u00f6versikt av traditionen ges p\u00e5 sidan om <a href=\"https:\/\/iwell-guard.com\/sv\/germanskt\/\">germansk tradition<\/a>, medan de \u00f6verl\u00e4mnade skyddsformerna fr\u00e5n denna tid beskrivs under <a href=\"https:\/\/iwell-guard.com\/sv\/rokelse-och-rening\/\">r\u00f6kning<\/a> och <a href=\"https:\/\/iwell-guard.com\/sv\/rokelse\/\">r\u00f6kelse<\/a>.<\/p>\t\t\t\t\t\t\t\t<\/div>\n\t\t\t\t<\/div>\n\t\t\t\t\t<\/div>\n\t\t\t\t<\/div>\n\t\t<div class=\"elementor-element elementor-element-0678d93 e-flex e-con-boxed e-con e-parent\" data-id=\"0678d93\" data-element_type=\"container\" data-e-type=\"container\">\n\t\t\t\t\t<div class=\"e-con-inner\">\n\t\t\t\t<div class=\"elementor-element elementor-element- elementor-widget elementor-widget-heading\" data-id=\"\" data-element_type=\"widget\" data-e-type=\"widget\" data-widget_type=\"heading.default\">\n\t\t\t\t\t<h2 class=\"elementor-heading-title elementor-size-default\">Relaterade v\u00e4sen och teman<\/h2>\t\t\t\t<\/div>\n\t\t<div class=\"elementor-element elementor-element- e-con-full e-flex e-con e-child\" data-id=\"\" data-element_type=\"container\" data-e-type=\"container\">\n\t\t\t\t<div class=\"elementor-element elementor-element- elementor-widget elementor-widget-text-editor\" data-id=\"\" data-element_type=\"widget\" data-e-type=\"widget\" data-widget_type=\"text-editor.default\">\n\t\t\t\t\t\t\t\t\t<p>Gestalterna och sedv\u00e4njorna under dessa n\u00e4tter beskrivs var f\u00f6r sig i lexikonet: <a href=\"https:\/\/iwell-guard.com\/sv\/fru-perchta\/\">Fru Perchta och perchterna<\/a> som pr\u00f6varinna under Rauhn\u00e4chte, <a href=\"https:\/\/iwell-guard.com\/sv\/holla-frau-holle\/\">Fru Holle<\/a> som hennes medeltyska motsvarighet, <a href=\"https:\/\/iwell-guard.com\/sv\/odin\/\">Oden<\/a> i samband med Vilda jakten och <a href=\"https:\/\/iwell-guard.com\/sv\/krampus\/\">Krampus<\/a> som adventstidens skr\u00e4ckgestalt. En \u00f6versikt av traditionen ges p\u00e5 sidan om <a href=\"https:\/\/iwell-guard.com\/sv\/germanskt\/\">germansk tradition<\/a>, medan de \u00f6verl\u00e4mnade skyddsformerna fr\u00e5n denna tid beskrivs under <a href=\"https:\/\/iwell-guard.com\/sv\/rokelse-och-rening\/\">r\u00f6kning<\/a> och <a href=\"https:\/\/iwell-guard.com\/sv\/rokelse\/\">r\u00f6kelse<\/a>.<\/p>\t\t\t\t\t\t\t\t<\/div>\n\t\t\t\t<\/div>\n\t\t\t\t\t<\/div>\n\t\t\t\t<\/div>\n\t\t<div class=\"elementor-element elementor-element-df2669e e-flex e-con-boxed e-con e-parent\" data-id=\"df2669e\" data-element_type=\"container\" data-e-type=\"container\">\n\t\t\t\t\t<div class=\"e-con-inner\">\n\t\t\t\t<div class=\"elementor-element elementor-element- elementor-widget elementor-widget-heading\" data-id=\"\" data-element_type=\"widget\" data-e-type=\"widget\" data-widget_type=\"heading.default\">\n\t\t\t\t\t<h2 class=\"elementor-heading-title elementor-size-default\">Relaterade v\u00e4sen och teman<\/h2>\t\t\t\t<\/div>\n\t\t<div class=\"elementor-element elementor-element- e-con-full e-flex e-con e-child\" data-id=\"\" data-element_type=\"container\" data-e-type=\"container\">\n\t\t\t\t<div class=\"elementor-element elementor-element- elementor-widget elementor-widget-text-editor\" data-id=\"\" data-element_type=\"widget\" data-e-type=\"widget\" data-widget_type=\"text-editor.default\">\n\t\t\t\t\t\t\t\t\t<p>Gestalterna och sedv\u00e4njorna under dessa n\u00e4tter beskrivs var f\u00f6r sig i lexikonet: <a href=\"https:\/\/iwell-guard.com\/sv\/fru-perchta\/\">Fru Perchta och perchterna<\/a> som pr\u00f6varinna under Rauhn\u00e4chte, <a href=\"https:\/\/iwell-guard.com\/sv\/holla-frau-holle\/\">Fru Holle<\/a> som hennes medeltyska motsvarighet, <a href=\"https:\/\/iwell-guard.com\/sv\/odin\/\">Oden<\/a> i samband med Vilda jakten och <a href=\"https:\/\/iwell-guard.com\/sv\/krampus\/\">Krampus<\/a> som adventstidens skr\u00e4ckgestalt. En \u00f6versikt av traditionen ges p\u00e5 sidan om <a href=\"https:\/\/iwell-guard.com\/sv\/germanskt\/\">germansk tradition<\/a>, medan de \u00f6verl\u00e4mnade skyddsformerna fr\u00e5n denna tid beskrivs under <a href=\"https:\/\/iwell-guard.com\/sv\/rokelse-och-rening\/\">r\u00f6kning<\/a> och <a href=\"https:\/\/iwell-guard.com\/sv\/rokelse\/\">r\u00f6kelse<\/a>.<\/p>\t\t\t\t\t\t\t\t<\/div>\n\t\t\t\t<\/div>\n\t\t\t\t\t<\/div>\n\t\t\t\t<\/div>\n\t\t<div class=\"elementor-element elementor-element-79fba3f e-flex e-con-boxed e-con e-parent\" data-id=\"79fba3f\" data-element_type=\"container\" data-e-type=\"container\">\n\t\t\t\t\t<div class=\"e-con-inner\">\n\t\t\t\t<div class=\"elementor-element elementor-element- elementor-widget elementor-widget-heading\" data-id=\"\" data-element_type=\"widget\" data-e-type=\"widget\" data-widget_type=\"heading.default\">\n\t\t\t\t\t<h2 class=\"elementor-heading-title elementor-size-default\">Relaterade v\u00e4sen och teman<\/h2>\t\t\t\t<\/div>\n\t\t<div class=\"elementor-element elementor-element- e-con-full e-flex e-con e-child\" data-id=\"\" data-element_type=\"container\" data-e-type=\"container\">\n\t\t\t\t<div class=\"elementor-element elementor-element- elementor-widget elementor-widget-text-editor\" data-id=\"\" data-element_type=\"widget\" data-e-type=\"widget\" data-widget_type=\"text-editor.default\">\n\t\t\t\t\t\t\t\t\t<p>Gestalterna och sedv\u00e4njorna under dessa n\u00e4tter beskrivs var f\u00f6r sig i lexikonet: <a href=\"https:\/\/iwell-guard.com\/sv\/fru-perchta\/\">Fru Perchta och perchterna<\/a> som pr\u00f6varinna under Rauhn\u00e4chte, <a href=\"https:\/\/iwell-guard.com\/sv\/holla-frau-holle\/\">Fru Holle<\/a> som hennes medeltyska motsvarighet, <a href=\"https:\/\/iwell-guard.com\/sv\/odin\/\">Oden<\/a> i samband med Vilda jakten och <a href=\"https:\/\/iwell-guard.com\/sv\/krampus\/\">Krampus<\/a> som adventstidens skr\u00e4ckgestalt. En \u00f6versikt av traditionen ges p\u00e5 sidan om <a href=\"https:\/\/iwell-guard.com\/sv\/germanskt\/\">germansk tradition<\/a>, medan de \u00f6verl\u00e4mnade skyddsformerna fr\u00e5n denna tid beskrivs under <a href=\"https:\/\/iwell-guard.com\/sv\/rokelse-och-rening\/\">r\u00f6kning<\/a> och <a href=\"https:\/\/iwell-guard.com\/sv\/rokelse\/\">r\u00f6kelse<\/a>.<\/p>\t\t\t\t\t\t\t\t<\/div>\n\t\t\t\t<\/div>\n\t\t\t\t\t<\/div>\n\t\t\t\t<\/div>\n\t\t<div class=\"elementor-element elementor-element-92ffc6f e-flex e-con-boxed e-con e-parent\" data-id=\"92ffc6f\" data-element_type=\"container\" data-e-type=\"container\">\n\t\t\t\t\t<div class=\"e-con-inner\">\n\t\t\t\t<div class=\"elementor-element elementor-element- elementor-widget elementor-widget-heading\" data-id=\"\" data-element_type=\"widget\" data-e-type=\"widget\" data-widget_type=\"heading.default\">\n\t\t\t\t\t<h2 class=\"elementor-heading-title elementor-size-default\">Relaterade v\u00e4sen och teman<\/h2>\t\t\t\t<\/div>\n\t\t<div class=\"elementor-element elementor-element- e-con-full e-flex e-con e-child\" data-id=\"\" data-element_type=\"container\" data-e-type=\"container\">\n\t\t\t\t<div class=\"elementor-element elementor-element- elementor-widget elementor-widget-text-editor\" data-id=\"\" data-element_type=\"widget\" data-e-type=\"widget\" data-widget_type=\"text-editor.default\">\n\t\t\t\t\t\t\t\t\t<p>Gestalterna och sedv\u00e4njorna under dessa n\u00e4tter beskrivs var f\u00f6r sig i lexikonet: <a href=\"https:\/\/iwell-guard.com\/sv\/fru-perchta\/\">Fru Perchta och perchterna<\/a> som pr\u00f6varinna under Rauhn\u00e4chte, <a href=\"https:\/\/iwell-guard.com\/sv\/holla-frau-holle\/\">Fru Holle<\/a> som hennes medeltyska motsvarighet, <a href=\"https:\/\/iwell-guard.com\/sv\/odin\/\">Oden<\/a> i samband med Vilda jakten och <a href=\"https:\/\/iwell-guard.com\/sv\/krampus\/\">Krampus<\/a> som adventstidens skr\u00e4ckgestalt. En \u00f6versikt av traditionen ges p\u00e5 sidan om <a href=\"https:\/\/iwell-guard.com\/sv\/germanskt\/\">germansk tradition<\/a>, medan de \u00f6verl\u00e4mnade skyddsformerna fr\u00e5n denna tid beskrivs under <a href=\"https:\/\/iwell-guard.com\/sv\/rokelse-och-rening\/\">r\u00f6kning<\/a> och <a href=\"https:\/\/iwell-guard.com\/sv\/rokelse\/\">r\u00f6kelse<\/a>.<\/p>\t\t\t\t\t\t\t\t<\/div>\n\t\t\t\t<\/div>\n\t\t\t\t\t<\/div>\n\t\t\t\t<\/div>\n\t\t<div class=\"elementor-element elementor-element-19277ab e-flex e-con-boxed e-con e-parent\" data-id=\"19277ab\" data-element_type=\"container\" data-e-type=\"container\">\n\t\t\t\t\t<div class=\"e-con-inner\">\n\t\t\t\t<div class=\"elementor-element elementor-element- elementor-widget elementor-widget-heading\" data-id=\"\" data-element_type=\"widget\" data-e-type=\"widget\" data-widget_type=\"heading.default\">\n\t\t\t\t\t<h2 class=\"elementor-heading-title elementor-size-default\">Relaterade v\u00e4sen och teman<\/h2>\t\t\t\t<\/div>\n\t\t<div class=\"elementor-element elementor-element- e-con-full e-flex e-con e-child\" data-id=\"\" data-element_type=\"container\" data-e-type=\"container\">\n\t\t\t\t<div class=\"elementor-element elementor-element- elementor-widget elementor-widget-text-editor\" data-id=\"\" data-element_type=\"widget\" data-e-type=\"widget\" data-widget_type=\"text-editor.default\">\n\t\t\t\t\t\t\t\t\t<p>Gestalterna och sedv\u00e4njorna under dessa n\u00e4tter beskrivs var f\u00f6r sig i lexikonet: <a href=\"https:\/\/iwell-guard.com\/sv\/fru-perchta\/\">Fru Perchta och perchterna<\/a> som pr\u00f6varinna under Rauhn\u00e4chte, <a href=\"https:\/\/iwell-guard.com\/sv\/holla-frau-holle\/\">Fru Holle<\/a> som hennes medeltyska motsvarighet, <a href=\"https:\/\/iwell-guard.com\/sv\/odin\/\">Oden<\/a> i samband med Vilda jakten och <a href=\"https:\/\/iwell-guard.com\/sv\/krampus\/\">Krampus<\/a> som adventstidens skr\u00e4ckgestalt. En \u00f6versikt av traditionen ges p\u00e5 sidan om <a href=\"https:\/\/iwell-guard.com\/sv\/germanskt\/\">germansk tradition<\/a>, medan de \u00f6verl\u00e4mnade skyddsformerna fr\u00e5n denna tid beskrivs under <a href=\"https:\/\/iwell-guard.com\/sv\/rokelse-och-rening\/\">r\u00f6kning<\/a> och <a href=\"https:\/\/iwell-guard.com\/sv\/rokelse\/\">r\u00f6kelse<\/a>.<\/p>\t\t\t\t\t\t\t\t<\/div>\n\t\t\t\t<\/div>\n\t\t\t\t\t<\/div>\n\t\t\t\t<\/div>\n\t\t<div class=\"elementor-element elementor-element-0493a62 e-flex e-con-boxed e-con e-parent\" data-id=\"0493a62\" data-element_type=\"container\" data-e-type=\"container\">\n\t\t\t\t\t<div class=\"e-con-inner\">\n\t\t\t\t<div class=\"elementor-element elementor-element- elementor-widget elementor-widget-heading\" data-id=\"\" data-element_type=\"widget\" data-e-type=\"widget\" data-widget_type=\"heading.default\">\n\t\t\t\t\t<h2 class=\"elementor-heading-title elementor-size-default\">Relaterade v\u00e4sen och teman<\/h2>\t\t\t\t<\/div>\n\t\t<div class=\"elementor-element elementor-element- e-con-full e-flex e-con e-child\" data-id=\"\" data-element_type=\"container\" data-e-type=\"container\">\n\t\t\t\t<div class=\"elementor-element elementor-element- elementor-widget elementor-widget-text-editor\" data-id=\"\" data-element_type=\"widget\" data-e-type=\"widget\" data-widget_type=\"text-editor.default\">\n\t\t\t\t\t\t\t\t\t<p>Gestalterna och sedv\u00e4njorna under dessa n\u00e4tter beskrivs var f\u00f6r sig i lexikonet: <a href=\"https:\/\/iwell-guard.com\/sv\/fru-perchta\/\">Fru Perchta och perchterna<\/a> som pr\u00f6varinna under Rauhn\u00e4chte, <a href=\"https:\/\/iwell-guard.com\/sv\/holla-frau-holle\/\">Fru Holle<\/a> som hennes medeltyska motsvarighet, <a href=\"https:\/\/iwell-guard.com\/sv\/odin\/\">Oden<\/a> i samband med Vilda jakten och <a href=\"https:\/\/iwell-guard.com\/sv\/krampus\/\">Krampus<\/a> som adventstidens skr\u00e4ckgestalt. En \u00f6versikt av traditionen ges p\u00e5 sidan om <a href=\"https:\/\/iwell-guard.com\/sv\/germanskt\/\">germansk tradition<\/a>, medan de \u00f6verl\u00e4mnade skyddsformerna fr\u00e5n denna tid beskrivs under <a href=\"https:\/\/iwell-guard.com\/sv\/rokelse-och-rening\/\">r\u00f6kning<\/a> och <a href=\"https:\/\/iwell-guard.com\/sv\/rokelse\/\">r\u00f6kelse<\/a>.<\/p>\t\t\t\t\t\t\t\t<\/div>\n\t\t\t\t<\/div>\n\t\t\t\t\t<\/div>\n\t\t\t\t<\/div>\n\t\t<div class=\"elementor-element elementor-element-87a8df2 e-flex e-con-boxed e-con e-parent\" data-id=\"87a8df2\" data-element_type=\"container\" data-e-type=\"container\">\n\t\t\t\t\t<div class=\"e-con-inner\">\n\t\t\t\t<div class=\"elementor-element elementor-element- elementor-widget elementor-widget-heading\" data-id=\"\" data-element_type=\"widget\" data-e-type=\"widget\" data-widget_type=\"heading.default\">\n\t\t\t\t\t<h2 class=\"elementor-heading-title elementor-size-default\">Relaterade v\u00e4sen och teman<\/h2>\t\t\t\t<\/div>\n\t\t<div class=\"elementor-element elementor-element- e-con-full e-flex e-con e-child\" data-id=\"\" data-element_type=\"container\" data-e-type=\"container\">\n\t\t\t\t<div class=\"elementor-element elementor-element- elementor-widget elementor-widget-text-editor\" data-id=\"\" data-element_type=\"widget\" data-e-type=\"widget\" data-widget_type=\"text-editor.default\">\n\t\t\t\t\t\t\t\t\t<p>Gestalterna och sedv\u00e4njorna under dessa n\u00e4tter beskrivs var f\u00f6r sig i lexikonet: <a href=\"https:\/\/iwell-guard.com\/sv\/fru-perchta\/\">Fru Perchta och perchterna<\/a> som pr\u00f6varinna under Rauhn\u00e4chte, <a href=\"https:\/\/iwell-guard.com\/sv\/holla-frau-holle\/\">Fru Holle<\/a> som hennes medeltyska motsvarighet, <a href=\"https:\/\/iwell-guard.com\/sv\/odin\/\">Oden<\/a> i samband med Vilda jakten och <a href=\"https:\/\/iwell-guard.com\/sv\/krampus\/\">Krampus<\/a> som adventstidens skr\u00e4ckgestalt. En \u00f6versikt av traditionen ges p\u00e5 sidan om <a href=\"https:\/\/iwell-guard.com\/sv\/germanskt\/\">germansk tradition<\/a>, medan de \u00f6verl\u00e4mnade skyddsformerna fr\u00e5n denna tid beskrivs under <a href=\"https:\/\/iwell-guard.com\/sv\/rokelse-och-rening\/\">r\u00f6kning<\/a> och <a href=\"https:\/\/iwell-guard.com\/sv\/rokelse\/\">r\u00f6kelse<\/a>.<\/p>\t\t\t\t\t\t\t\t<\/div>\n\t\t\t\t<\/div>\n\t\t\t\t\t<\/div>\n\t\t\t\t<\/div>\n\t\t<div class=\"elementor-element elementor-element-9000290 e-flex e-con-boxed e-con e-parent\" data-id=\"9000290\" data-element_type=\"container\" data-e-type=\"container\">\n\t\t\t\t\t<div class=\"e-con-inner\">\n\t\t\t\t<div class=\"elementor-element elementor-element- elementor-widget elementor-widget-heading\" data-id=\"\" data-element_type=\"widget\" data-e-type=\"widget\" data-widget_type=\"heading.default\">\n\t\t\t\t\t<h2 class=\"elementor-heading-title elementor-size-default\">Relaterade v\u00e4sen och teman<\/h2>\t\t\t\t<\/div>\n\t\t<div class=\"elementor-element elementor-element- e-con-full e-flex e-con e-child\" data-id=\"\" data-element_type=\"container\" data-e-type=\"container\">\n\t\t\t\t<div class=\"elementor-element elementor-element- elementor-widget elementor-widget-text-editor\" data-id=\"\" data-element_type=\"widget\" data-e-type=\"widget\" data-widget_type=\"text-editor.default\">\n\t\t\t\t\t\t\t\t\t<p>Gestalterna och sedv\u00e4njorna under dessa n\u00e4tter beskrivs var f\u00f6r sig i lexikonet: <a href=\"https:\/\/iwell-guard.com\/sv\/fru-perchta\/\">Fru Perchta och perchterna<\/a> som pr\u00f6varinna under Rauhn\u00e4chte, <a href=\"https:\/\/iwell-guard.com\/sv\/holla-frau-holle\/\">Fru Holle<\/a> som hennes medeltyska motsvarighet, <a href=\"https:\/\/iwell-guard.com\/sv\/odin\/\">Oden<\/a> i samband med Vilda jakten och <a href=\"https:\/\/iwell-guard.com\/sv\/krampus\/\">Krampus<\/a> som adventstidens skr\u00e4ckgestalt. En \u00f6versikt av traditionen ges p\u00e5 sidan om <a href=\"https:\/\/iwell-guard.com\/sv\/germanskt\/\">germansk tradition<\/a>, medan de \u00f6verl\u00e4mnade skyddsformerna fr\u00e5n denna tid beskrivs under <a href=\"https:\/\/iwell-guard.com\/sv\/rokelse-och-rening\/\">r\u00f6kning<\/a> och <a href=\"https:\/\/iwell-guard.com\/sv\/rokelse\/\">r\u00f6kelse<\/a>.<\/p>\t\t\t\t\t\t\t\t<\/div>\n\t\t\t\t<\/div>\n\t\t\t\t\t<\/div>\n\t\t\t\t<\/div>\n\t\t<div class=\"elementor-element elementor-element-918fb03 e-flex e-con-boxed e-con e-parent\" data-id=\"918fb03\" data-element_type=\"container\" data-e-type=\"container\">\n\t\t\t\t\t<div class=\"e-con-inner\">\n\t\t\t\t<div class=\"elementor-element elementor-element- elementor-widget elementor-widget-heading\" data-id=\"\" data-element_type=\"widget\" data-e-type=\"widget\" data-widget_type=\"heading.default\">\n\t\t\t\t\t<h2 class=\"elementor-heading-title elementor-size-default\">Relaterade v\u00e4sen och teman<\/h2>\t\t\t\t<\/div>\n\t\t<div class=\"elementor-element elementor-element- e-con-full e-flex e-con e-child\" data-id=\"\" data-element_type=\"container\" data-e-type=\"container\">\n\t\t\t\t<div class=\"elementor-element elementor-element- elementor-widget elementor-widget-text-editor\" data-id=\"\" data-element_type=\"widget\" data-e-type=\"widget\" data-widget_type=\"text-editor.default\">\n\t\t\t\t\t\t\t\t\t<p>Gestalterna och sedv\u00e4njorna under dessa n\u00e4tter beskrivs var f\u00f6r sig i lexikonet: <a href=\"https:\/\/iwell-guard.com\/sv\/fru-perchta\/\">Fru Perchta och perchterna<\/a> som pr\u00f6varinna under Rauhn\u00e4chte, <a href=\"https:\/\/iwell-guard.com\/sv\/holla-frau-holle\/\">Fru Holle<\/a> som hennes medeltyska motsvarighet, <a href=\"https:\/\/iwell-guard.com\/sv\/odin\/\">Oden<\/a> i samband med Vilda jakten och <a href=\"https:\/\/iwell-guard.com\/sv\/krampus\/\">Krampus<\/a> som adventstidens skr\u00e4ckgestalt. En \u00f6versikt av traditionen ges p\u00e5 sidan om <a href=\"https:\/\/iwell-guard.com\/sv\/germanskt\/\">germansk tradition<\/a>, medan de \u00f6verl\u00e4mnade skyddsformerna fr\u00e5n denna tid beskrivs under <a href=\"https:\/\/iwell-guard.com\/sv\/rokelse-och-rening\/\">r\u00f6kning<\/a> och <a href=\"https:\/\/iwell-guard.com\/sv\/rokelse\/\">r\u00f6kelse<\/a>.<\/p>\t\t\t\t\t\t\t\t<\/div>\n\t\t\t\t<div class=\"elementor-element elementor-element-8ab5043 elementor-widget elementor-widget-html\" data-id=\"8ab5043\" data-element_type=\"widget\" data-e-type=\"widget\" data-widget_type=\"html.default\">\n\t\t\t\t\t<script type=\"application\/ld+json\">{\"@context\": \"https:\/\/schema.org\", \"@type\": \"FAQPage\", \"mainEntity\": [{\"@type\": \"Question\", \"name\": \"Vad f\u00e5r man inte g\u00f6ra under Rauhn\u00e4chte?\", \"acceptedAnswer\": {\"@type\": \"Answer\", \"text\": \"Traditionen n\u00e4mner framf\u00f6r allt tre f\u00f6rbud. Tv\u00e4tt skulle inte tv\u00e4ttas eller h\u00e4ngas ut \u00f6ver natten, eftersom Vilda jakten enligt s\u00e4gnen kunde fastna i den. P\u00e5b\u00f6rjade arbeten skulle avslutas och spinnrockar plockas undan. Utl\u00e5nade f\u00f6rem\u00e5l h\u00e4mtades tillbaka, och under denna tid gav man ingenting ut ur huset. Det r\u00f6r sig om sedv\u00e4njor fr\u00e5n f\u00f6rg\u00e5ngna tider som i dag fr\u00e4mst lever vidare som ber\u00e4ttartradition.\"}}, {\"@type\": \"Question\", \"name\": \"Vad g\u00f6r man egentligen under Rauhn\u00e4chte?\", \"acceptedAnswer\": {\"@type\": \"Answer\", \"text\": \"Fyra handlingsomr\u00e5den \u00e4r belagda: r\u00f6kning av hus och stall med r\u00f6kelse och \u00f6rter, v\u00e4lsignelsen vid tr\u00f6skeln med invigt vatten och stj\u00e4rngossarnas kritinskrift, tydning av v\u00e4der och dr\u00f6mmar som f\u00f6rebud f\u00f6r de tolv m\u00e5naderna samt maskprocessionerna i Alperna. I dagens praktik tillkommer \u00e5rs\u00f6verblicken med anteckningsbok och ritualen med de tretton \u00f6nskningarna, som r\u00e4knas som en yngre sedv\u00e4nja.\"}}, {\"@type\": \"Question\", \"name\": \"Vad \u00e4r de 12 Rauhn\u00e4chte?\", \"acceptedAnswer\": {\"@type\": \"Answer\", \"text\": \"De tolv Rauhn\u00e4chte \u00e4r n\u00e4tterna mellan julen och trettondagen, enligt den vanligaste r\u00e4kningen fr\u00e5n den 25 december till den 6 januari. \u00c4ldre r\u00e4kningar b\u00f6rjar med Tomasnatten den 21 december eller med julnatten. Var och en av de tolv n\u00e4tterna anses enligt traditionen f\u00f6reb\u00e5da en av det kommande \u00e5rets m\u00e5nader.\"}}, {\"@type\": \"Question\", \"name\": \"Vilka \u00e4r de 4 viktigaste Rauhn\u00e4chte?\", \"acceptedAnswer\": {\"@type\": \"Answer\", \"text\": \"I de flesta framst\u00e4llningar lyfts Tomasnatten mellan den 20 och 21 december fram som den l\u00e4ngsta natten i den gamla kalendern, julnatten mellan den 24 och 25 december, ny\u00e5rsnatten som den klassiska sp\u00e5domsnatten samt Perchtanatten mellan den 5 och 6 januari som avslutning p\u00e5 raden.\"}}]}<\/script>\t\t\t\t<\/div>\n\t\t\t\t<\/div>\n\t\t\t\t\t<\/div>\n\t\t\t\t<\/div>\n\t\t<div class=\"elementor-element elementor-element-7b4a206 e-flex e-con-boxed e-con e-parent\" data-id=\"7b4a206\" data-element_type=\"container\" data-e-type=\"container\">\n\t\t\t\t\t<div class=\"e-con-inner\">\n\t\t\t\t<div class=\"elementor-element elementor-element- elementor-widget elementor-widget-heading\" data-id=\"\" data-element_type=\"widget\" data-e-type=\"widget\" data-widget_type=\"heading.default\">\n\t\t\t\t\t<h2 class=\"elementor-heading-title elementor-size-default\">Relaterade v\u00e4sen och teman<\/h2>\t\t\t\t<\/div>\n\t\t<div class=\"elementor-element elementor-element- e-con-full e-flex e-con e-child\" data-id=\"\" data-element_type=\"container\" data-e-type=\"container\">\n\t\t\t\t<div class=\"elementor-element elementor-element- elementor-widget elementor-widget-text-editor\" data-id=\"\" data-element_type=\"widget\" data-e-type=\"widget\" data-widget_type=\"text-editor.default\">\n\t\t\t\t\t\t\t\t\t<p>Gestalterna och sedv\u00e4njorna under dessa n\u00e4tter beskrivs var f\u00f6r sig i lexikonet: <a href=\"https:\/\/iwell-guard.com\/sv\/fru-perchta\/\">Fru Perchta och perchterna<\/a> som pr\u00f6varinna under Rauhn\u00e4chte, <a href=\"https:\/\/iwell-guard.com\/sv\/holla-frau-holle\/\">Fru Holle<\/a> som hennes medeltyska motsvarighet, <a href=\"https:\/\/iwell-guard.com\/sv\/odin\/\">Oden<\/a> i samband med Vilda jakten och <a href=\"https:\/\/iwell-guard.com\/sv\/krampus\/\">Krampus<\/a> som adventstidens skr\u00e4ckgestalt. En \u00f6versikt av traditionen ges p\u00e5 sidan om <a href=\"https:\/\/iwell-guard.com\/sv\/germanskt\/\">germansk tradition<\/a>, medan de \u00f6verl\u00e4mnade skyddsformerna fr\u00e5n denna tid beskrivs under <a href=\"https:\/\/iwell-guard.com\/sv\/rokelse-och-rening\/\">r\u00f6kning<\/a> och <a href=\"https:\/\/iwell-guard.com\/sv\/rokelse\/\">r\u00f6kelse<\/a>.<\/p>\t\t\t\t\t\t\t\t<\/div>\n\t\t\t\t<\/div>\n\t\t\t\t\t<\/div>\n\t\t\t\t<\/div>\n\t\t<div class=\"elementor-element elementor-element-iwgs-raeuchern-lit e-flex e-con-boxed e-con e-parent\" data-id=\"iwgs-raeuchern-lit\" data-element_type=\"container\" data-e-type=\"container\">\n\t\t\t\t\t<div class=\"e-con-inner\">\n\t\t\t\t<div class=\"elementor-element elementor-element-iwgs-raeuchern-lith elementor-widget elementor-widget-heading\" data-id=\"iwgs-raeuchern-lith\" data-element_type=\"widget\" data-e-type=\"widget\" data-widget_type=\"heading.default\">\n\t\t\t\t\t<h2 class=\"elementor-heading-title elementor-size-default\">Litteratur (urval)<\/h2>\t\t\t\t<\/div>\n\t\t<div class=\"elementor-element elementor-element-iw-raeuchern-lit-bw e-con-full e-flex e-con e-child\" data-id=\"iw-raeuchern-lit-bw\" data-element_type=\"container\" data-e-type=\"container\">\n\t\t\t\t<div class=\"elementor-element elementor-element-iwgs-raeuchern-litt elementor-widget elementor-widget-html\" data-id=\"iwgs-raeuchern-litt\" data-element_type=\"widget\" data-e-type=\"widget\" data-widget_type=\"html.default\">\n\t\t\t\t\t<footer data-nosnippet=\"true\"><ul><li>Handw\u00f6rterbuch des deutschen Aberglaubens. Red. Hanns B\u00e4chtold-St\u00e4ubli. Bd. 9, artikeln \u201eZw\u00f6lften\". Berlin: de Gruyter, 1938-1941.<\/li><li>Dietz-R\u00fcdiger Moser: Br\u00e4uche und Feste im christlichen Jahreslauf. Brauchformen der Gegenwart in kulturgeschichtlichen Zusammenh\u00e4ngen. Graz: Styria, 1993.<\/li><li>Manfred Becker-Huberti: Feiern, Feste, Jahreszeiten. Lebendige Br\u00e4uche im ganzen Jahr. Freiburg: Herder, 2001.<\/li><li>Marianne Rumpf: Perchten. Popul\u00e4re Glaubensgestalten zwischen Mythos und Katechese. W\u00fcrzburg: K\u00f6nigshausen und Neumann, 1991.<\/li><\/ul><\/footer>\t\t\t\t<\/div>\n\t\t\t\t<\/div>\n\t\t\t\t\t<\/div>\n\t\t\t\t<\/div>\n\t\t<div class=\"elementor-element elementor-element-iwgs-raeuchern-kwd e-flex e-con-boxed e-con e-parent\" data-id=\"iwgs-raeuchern-kwd\" data-element_type=\"container\" data-e-type=\"container\">\n\t\t\t\t\t<div class=\"e-con-inner\">\n\t\t<div class=\"elementor-element elementor-element-iw-raeuchern-kwd-bw e-con-full e-flex e-con e-child\" data-id=\"iw-raeuchern-kwd-bw\" data-element_type=\"container\" data-e-type=\"container\">\n\t\t\t\t<div class=\"elementor-element elementor-element-iwgs-raeuchern-kwdt elementor-widget elementor-widget-text-editor\" data-id=\"iwgs-raeuchern-kwdt\" data-element_type=\"widget\" data-e-type=\"widget\" data-widget_type=\"text-editor.default\">\n\t\t\t\t\t\t\t\t\t<p><em>Verwandte Schl\u00fcsselbegriffe: rauhnaechte raunaechte zwoelften raeuchern losnaechte perchtennacht.<\/em><\/p>\t\t\t\t\t\t\t\t<\/div>\n\t\t\t\t<\/div>\n\t\t\t\t\t<\/div>\n\t\t\t\t<\/div>\n\t\t<div class=\"elementor-element elementor-element-iwgs-raeuchern-cc e-flex e-con-boxed e-con e-parent\" data-id=\"iwgs-raeuchern-cc\" data-element_type=\"container\" data-e-type=\"container\" id=\"iwg-cc-raeuchern\">\n\t\t\t\t\t<div class=\"e-con-inner\">\n\t\t<div class=\"elementor-element elementor-element-iwgs-raeuchern-ccinner e-flex e-con-boxed e-con e-child\" data-id=\"iwgs-raeuchern-ccinner\" data-element_type=\"container\" data-e-type=\"container\" data-settings=\"{&quot;background_background&quot;:&quot;classic&quot;}\">\n\t\t\t\t\t<div class=\"e-con-inner\">\n\t\t\t\t<div class=\"elementor-element elementor-element-iwgs-raeuchern-cch elementor-widget elementor-widget-heading\" data-id=\"iwgs-raeuchern-cch\" data-element_type=\"widget\" data-e-type=\"widget\" data-widget_type=\"heading.default\">\n\t\t\t\t\t<h2 class=\"elementor-heading-title elementor-size-default\">iWell Guard och skyddstraditioner<\/h2>\t\t\t\t<\/div>\n\t\t\t\t<div class=\"elementor-element elementor-element-iwgs-raeuchern-cct elementor-widget elementor-widget-text-editor\" data-id=\"iwgs-raeuchern-cct\" data-element_type=\"widget\" data-e-type=\"widget\" data-widget_type=\"text-editor.default\">\n\t\t\t\t\t\t\t\t\t<p>M\u00e5ngfalden av r\u00f6kpraktiker visar att m\u00e4nniskor p\u00e5 olika kontinenter kom till liknande slutsatser: ett rum eller en person kan genom m\u00e5linriktade handlingar f\u00f6rs\u00e4ttas i ett tillst\u00e5nd som g\u00f6r p\u00e5verkan utifr\u00e5n sv\u00e5rare eller f\u00f6rhindrar den.<\/p><p><a href=\"https:\/\/iwell-guard.com\/sv\/skyddshanget-iwell-guard-kop\/\">iWell Guard<\/a> tar upp dessa traditioner och f\u00f6rt\u00e4tar dem i ett buret skyddstecken. Vad kulturer genom r\u00f6kning \u00e5stadkom f\u00f6r rummet, ska h\u00e4ngsmycket \u00e5stadkomma f\u00f6r personen: ett varaktigt, medburet minne av skyddsviljan, h\u00e4mtat ur kultur\u00f6verskridande traditioner.<\/p>\t\t\t\t\t\t\t\t<\/div>\n\t\t\t\t<div class=\"elementor-element elementor-element-iwgs-raeuchern-ccb iwg-cc-button iwg-cc-cta-2026-05-13 elementor-widget elementor-widget-jet-button\" data-id=\"iwgs-raeuchern-ccb\" data-element_type=\"widget\" data-e-type=\"widget\" data-widget_type=\"jet-button.default\">\n\t\t\t\t<div class=\"elementor-widget-container\">\n\t\t\t\t\t<div class=\"elementor-jet-button jet-elements\"><div class=\"jet-button__container\"><a class=\"jet-button__instance jet-button__instance--icon-left hover-effect-1\" href=\"\/schutzanhaenger-iwell-guard-kaufen\/?utm_source=iwell-guard.com&amp;utm_medium=info-box&amp;utm_campaign=schutzsymbole\"><div class=\"jet-button__plane jet-button__plane-normal\"><\/div><div class=\"jet-button__plane jet-button__plane-hover\"><\/div><div class=\"jet-button__state jet-button__state-normal\"><span class=\"jet-button__label\">Mer om iWell Guard<\/span><\/div><div class=\"jet-button__state jet-button__state-hover\"><span class=\"jet-button__label\">Mer om iWell Guard<\/span><\/div><\/a><\/div><\/div><style>.elementor-element.elementor-element-iwgs-raeuchern-ccb .jet-button__instance{width:320px;height:56px;}.elementor-element.elementor-element-iwgs-raeuchern-ccb .jet-button__state-normal .jet-button__label{text-align:center;margin:0px 0px 0px 0px;color:#1a1b20;font-family:Montserrat,sans-serif;font-size:13px;font-weight:400;letter-spacing:4px;line-height:1.714em;text-transform:uppercase;}.elementor-element.elementor-element-iwgs-raeuchern-ccb .jet-button__state-hover .jet-button__label{text-align:center;margin:0px 0px 0px 0px;color:#FECC76;font-family:Montserrat,sans-serif;font-size:13px;font-weight:400;letter-spacing:4px;line-height:1.714em;text-transform:uppercase;}.elementor-element.elementor-element-iwgs-raeuchern-ccb .jet-button__plane-normal{background-color:#FECC76;border-style:solid;border-color:#C99540;border-width:2px 2px 2px 2px;}.elementor-element.elementor-element-iwgs-raeuchern-ccb .jet-button__plane-hover{background-color:rgba(0,0,0,0.55);border-style:solid;border-color:#FECC76;border-width:2px 2px 2px 2px;}<\/style>\t\t\t\t<\/div>\n\t\t\t\t<\/div>\n\t\t\t\t<div class=\"elementor-element elementor-element-iwgs-raeuchern-ccd elementor-widget elementor-widget-text-editor\" data-id=\"iwgs-raeuchern-ccd\" data-element_type=\"widget\" data-e-type=\"widget\" data-widget_type=\"text-editor.default\">\n\t\t\t\t\t\t\t\t\t<p style=\"text-align:center;font-size:13px;opacity:0.7;margin-top:14px\" data-nosnippet=\"true\">Personliga erfarenheter kan variera. Ingen medicinteknisk produkt. Inget l\u00f6fte om l\u00e4kning.<\/p>\t\t\t\t\t\t\t\t<\/div>\n\t\t\t\t\t<\/div>\n\t\t\t\t<\/div>\n\t\t\t\t\t<\/div>\n\t\t\t\t<\/div>\n\t\t<div class=\"elementor-element elementor-element-iwgs-raeuchern-disc e-flex e-con-boxed e-con e-parent\" data-id=\"iwgs-raeuchern-disc\" data-element_type=\"container\" data-e-type=\"container\">\n\t\t\t\t\t<div class=\"e-con-inner\">\n\t\t<div class=\"elementor-element elementor-element-iw-raeuchern-disc-bw e-con-full e-flex e-con e-child\" data-id=\"iw-raeuchern-disc-bw\" data-element_type=\"container\" data-e-type=\"container\">\n\t\t\t\t<div class=\"elementor-element elementor-element-iwgs-raeuchern-discw elementor-widget elementor-widget-html\" data-id=\"iwgs-raeuchern-discw\" data-element_type=\"widget\" data-e-type=\"widget\" data-widget_type=\"html.default\">\n\t\t\t\t\t<footer data-nosnippet=\"true\" class=\"iwg-disclaimer-block\"><p data-nosnippet=\"true\">iWell Guard \u00e4r <strong>ingen medicinteknisk produkt<\/strong> och ers\u00e4tter ingen l\u00e4karbehandling eller psykoterapeutisk behandling. Inneh\u00e5llet som presenteras h\u00e4r \u00e4r en religionsvetenskaplig och kulturhistorisk kontextualisering, inget l\u00f6fte om andlig verkan.<\/p><\/footer>\t\t\t\t<\/div>\n\t\t\t\t<\/div>\n\t\t\t\t\t<\/div>\n\t\t\t\t<\/div>\n\t\t\t\t<\/div>\n\t\t","protected":false},"excerpt":{"rendered":"","protected":false},"author":1,"featured_media":4143,"parent":0,"menu_order":0,"comment_status":"closed","ping_status":"closed","template":"elementor_header_footer","meta":{"_yoast_wpseo_focuskw":"rauhn\u00e4chte","_yoast_wpseo_title":"Rauhn\u00e4chte: betydelse, ritualer och datum","_yoast_wpseo_metadesc":"Vad \u00e4r Rauhn\u00e4chte? Betydelsen av de tolv n\u00e4tterna mellan \u00e5ren, seder och f\u00f6rbud, r\u00f6kning och orakel, fr\u00e5n Fru Perchta till Vildjakten.","_yoast_wpseo_meta-robots-noindex":"","_yoast_wpseo_canonical":"","_angie_page":false,"gefaehrdungsstufe":"","wesen_kultur":"","wesen_klasse":"","footnotes":""},"categories":[],"class_list":["post-137771","page","type-page","status-publish","has-post-thumbnail","hentry"],"yoast_head":"<!-- This site is optimized with the Yoast SEO Premium plugin v27.7 (Yoast SEO v28.3) - https:\/\/yoast.com\/product\/yoast-seo-premium-wordpress\/ -->\n<title>Rauhn\u00e4chte: betydelse, ritualer och datum<\/title>\n<meta name=\"description\" content=\"Vad \u00e4r Rauhn\u00e4chte? Betydelsen av de tolv n\u00e4tterna mellan \u00e5ren, seder och f\u00f6rbud, r\u00f6kning och orakel, fr\u00e5n Fru Perchta till Vildjakten.\" \/>\n<meta name=\"robots\" content=\"index, follow, max-snippet:-1, max-image-preview:large, max-video-preview:-1\" \/>\n<link rel=\"canonical\" href=\"https:\/\/iwell-guard.com\/sv\/rauhnachte\/\" \/>\n<meta property=\"og:locale\" content=\"sv_SE\" \/>\n<meta property=\"og:type\" content=\"article\" \/>\n<meta property=\"og:title\" content=\"Rauhn\u00e4chte\" \/>\n<meta property=\"og:description\" content=\"Vad \u00e4r Rauhn\u00e4chte? Betydelsen av de tolv n\u00e4tterna mellan \u00e5ren, seder och f\u00f6rbud, r\u00f6kning och orakel, fr\u00e5n Fru Perchta till Vildjakten.\" \/>\n<meta property=\"og:url\" content=\"https:\/\/iwell-guard.com\/sv\/rauhnachte\/\" \/>\n<meta property=\"og:site_name\" content=\"iWell Guard\" \/>\n<meta property=\"article:modified_time\" content=\"2026-09-03T06:52:41+00:00\" \/>\n<meta property=\"og:image\" content=\"https:\/\/iwell-guard.com\/wp-content\/uploads\/2026\/05\/schutzsymbol_universell_raeuchern-683x1024.png\" \/>\n\t<meta property=\"og:image:width\" content=\"683\" \/>\n\t<meta property=\"og:image:height\" content=\"1024\" \/>\n\t<meta property=\"og:image:type\" content=\"image\/png\" \/>\n<meta name=\"twitter:card\" content=\"summary_large_image\" \/>\n<script type=\"application\/ld+json\" class=\"yoast-schema-graph\">{\"@context\":\"https:\\\/\\\/schema.org\",\"@graph\":[{\"@type\":\"WebPage\",\"@id\":\"https:\\\/\\\/iwell-guard.com\\\/sv\\\/rauhnachte\\\/\",\"url\":\"https:\\\/\\\/iwell-guard.com\\\/sv\\\/rauhnachte\\\/\",\"name\":\"Rauhn\u00e4chte: betydelse, ritualer och datum\",\"isPartOf\":{\"@id\":\"https:\\\/\\\/iwell-guard.com\\\/sv\\\/#website\"},\"primaryImageOfPage\":{\"@id\":\"https:\\\/\\\/iwell-guard.com\\\/sv\\\/rauhnachte\\\/#primaryimage\"},\"image\":{\"@id\":\"https:\\\/\\\/iwell-guard.com\\\/sv\\\/rauhnachte\\\/#primaryimage\"},\"thumbnailUrl\":\"https:\\\/\\\/iwell-guard.com\\\/wp-content\\\/uploads\\\/2026\\\/05\\\/schutzsymbol_universell_raeuchern.png\",\"datePublished\":\"2026-09-03T00:18:45+00:00\",\"dateModified\":\"2026-09-03T06:52:41+00:00\",\"description\":\"Vad \u00e4r Rauhn\u00e4chte? Betydelsen av de tolv n\u00e4tterna mellan \u00e5ren, seder och f\u00f6rbud, r\u00f6kning och orakel, fr\u00e5n Fru Perchta till Vildjakten.\",\"breadcrumb\":{\"@id\":\"https:\\\/\\\/iwell-guard.com\\\/sv\\\/rauhnachte\\\/#breadcrumb\"},\"inLanguage\":\"sv-SE\",\"potentialAction\":[{\"@type\":\"ReadAction\",\"target\":[\"https:\\\/\\\/iwell-guard.com\\\/sv\\\/rauhnachte\\\/\"]}]},{\"@type\":\"ImageObject\",\"inLanguage\":\"sv-SE\",\"@id\":\"https:\\\/\\\/iwell-guard.com\\\/sv\\\/rauhnachte\\\/#primaryimage\",\"url\":\"https:\\\/\\\/iwell-guard.com\\\/wp-content\\\/uploads\\\/2026\\\/05\\\/schutzsymbol_universell_raeuchern.png\",\"contentUrl\":\"https:\\\/\\\/iwell-guard.com\\\/wp-content\\\/uploads\\\/2026\\\/05\\\/schutzsymbol_universell_raeuchern.png\",\"width\":1024,\"height\":1536,\"caption\":\"R\u00f6kelse och rening \u2013 stigande r\u00f6k som symbol f\u00f6r renande kraft\"},{\"@type\":\"BreadcrumbList\",\"@id\":\"https:\\\/\\\/iwell-guard.com\\\/sv\\\/rauhnachte\\\/#breadcrumb\",\"itemListElement\":[{\"@type\":\"ListItem\",\"position\":1,\"name\":\"Start\",\"item\":\"https:\\\/\\\/iwell-guard.com\\\/sv\\\/?page_id=136483\"},{\"@type\":\"ListItem\",\"position\":2,\"name\":\"Rauhn\u00e4chte\"}]},{\"@type\":\"WebSite\",\"@id\":\"https:\\\/\\\/iwell-guard.com\\\/sv\\\/#website\",\"url\":\"https:\\\/\\\/iwell-guard.com\\\/sv\\\/\",\"name\":\"iWell Guard\",\"description\":\"Schutz vor dunklen Einfl\u00fcssen\",\"publisher\":{\"@id\":\"https:\\\/\\\/iwell-guard.com\\\/sv\\\/#organization\"},\"potentialAction\":[{\"@type\":\"SearchAction\",\"target\":{\"@type\":\"EntryPoint\",\"urlTemplate\":\"https:\\\/\\\/iwell-guard.com\\\/sv\\\/?s={search_term_string}\"},\"query-input\":{\"@type\":\"PropertyValueSpecification\",\"valueRequired\":true,\"valueName\":\"search_term_string\"}}],\"inLanguage\":\"sv-SE\"},{\"@type\":\"Organization\",\"@id\":\"https:\\\/\\\/iwell-guard.com\\\/sv\\\/#organization\",\"name\":\"Ittermann electronic GmbH\",\"url\":\"https:\\\/\\\/iwell-guard.com\\\/sv\\\/\",\"logo\":{\"@type\":\"ImageObject\",\"inLanguage\":\"sv-SE\",\"@id\":\"https:\\\/\\\/iwell-guard.com\\\/sv\\\/#\\\/schema\\\/logo\\\/image\\\/\",\"url\":\"https:\\\/\\\/iwell-guard.com\\\/wp-content\\\/uploads\\\/2026\\\/05\\\/Ittermann-Logo-1182x237-1.png\",\"contentUrl\":\"https:\\\/\\\/iwell-guard.com\\\/wp-content\\\/uploads\\\/2026\\\/05\\\/Ittermann-Logo-1182x237-1.png\",\"width\":1182,\"height\":237,\"caption\":\"Ittermann electronic GmbH\"},\"image\":{\"@id\":\"https:\\\/\\\/iwell-guard.com\\\/sv\\\/#\\\/schema\\\/logo\\\/image\\\/\"},\"sameAs\":[\"https:\\\/\\\/pantip.com\\\/profile\\\/9367242\",\"https:\\\/\\\/micro.blog\\\/iwellguard\",\"https:\\\/\\\/www.diggerslist.com\\\/iwellguard\\\/about\",\"https:\\\/\\\/skitterphoto.com\\\/photographers\\\/2870314\\\/iwell-guard\",\"https:\\\/\\\/iwellguard.wordpress.com\\\/2026\\\/06\\\/06\\\/iwell-guard\\\/\",\"https:\\\/\\\/hub.docker.com\\\/u\\\/iwellguard\",\"https:\\\/\\\/www.pinterest.com\\\/iwellguard\\\/\",\"https:\\\/\\\/bit.ly\\\/m\\\/iwellguard\",\"https:\\\/\\\/entre-vos-mains.alsace.eu\\\/profiles\\\/iwellguard\\\/activity\",\"https:\\\/\\\/gravatar.com\\\/reallybeded8fd34\",\"https:\\\/\\\/naijamatta.com\\\/iwellguard\",\"https:\\\/\\\/www.goodreads.com\\\/iwellguard\",\"https:\\\/\\\/profile.hatena.ne.jp\\\/iwellguard\\\/\",\"https:\\\/\\\/experiment.com\\\/users\\\/iwellguard\",\"https:\\\/\\\/wakelet.com\\\/@iWellGuard82270\",\"https:\\\/\\\/www.chordie.com\\\/forum\\\/profile.php?id=2555664\",\"https:\\\/\\\/www.instapaper.com\\\/p\\\/17757966\",\"https:\\\/\\\/www.mapleprimes.com\\\/users\\\/iwellguard\",\"https:\\\/\\\/businesslistingplus.com\\\/profile\\\/iwell-guard\\\/\",\"https:\\\/\\\/telegra.ph\\\/iWell-Guard-06-06\",\"https:\\\/\\\/pbase.com\\\/iwellguard\\\/iwellguard\",\"https:\\\/\\\/b.hatena.ne.jp\\\/iwellguard\\\/20260607#bookmark-4788405196491818882\",\"https:\\\/\\\/fliphtml5.com\\\/home\\\/iwellguard\",\"https:\\\/\\\/anyflip.com\\\/homepage\\\/cmiwl#About\",\"https:\\\/\\\/transfur.com\\\/Users\\\/iwellguard\",\"http:\\\/\\\/delphi.larsbo.org\\\/user\\\/iwellguard\",\"https:\\\/\\\/jobs.lajobsportal.org\\\/profiles\\\/8380803-iwell-guard\",\"https:\\\/\\\/md.chaosdorf.de\\\/s\\\/jfbe5SBdJD\",\"https:\\\/\\\/www.lingvolive.com\\\/en-us\\\/profile\\\/9ecaeaca-ce11-4e51-9e71-01d55e2bff36\\\/translations\",\"https:\\\/\\\/www.fitday.com\\\/fitness\\\/forums\\\/members\\\/iwellguard.html\",\"https:\\\/\\\/www.mymeetbook.com\\\/iwellguard\",\"https:\\\/\\\/pxhere.com\\\/en\\\/photographer-me\\\/5040798\",\"https:\\\/\\\/disqus.com\\\/by\\\/iwellguard\\\/about\\\/\",\"https:\\\/\\\/pastelink.net\\\/hjwciqwq\",\"https:\\\/\\\/pubhtml5.com\\\/homepage\\\/scjhn\\\/\",\"https:\\\/\\\/www.bitchute.com\\\/channel\\\/2O2eOKzNqujT\",\"https:\\\/\\\/audiomack.com\\\/iwellguard\"]}]}<\/script>\n<!-- \/ Yoast SEO Premium plugin. -->","yoast_head_json":{"title":"Rauhn\u00e4chte: betydelse, ritualer och datum","description":"Vad \u00e4r Rauhn\u00e4chte? Betydelsen av de tolv n\u00e4tterna mellan \u00e5ren, seder och f\u00f6rbud, r\u00f6kning och orakel, fr\u00e5n Fru Perchta till Vildjakten.","robots":{"index":"index","follow":"follow","max-snippet":"max-snippet:-1","max-image-preview":"max-image-preview:large","max-video-preview":"max-video-preview:-1"},"canonical":"https:\/\/iwell-guard.com\/sv\/rauhnachte\/","og_locale":"sv_SE","og_type":"article","og_title":"Rauhn\u00e4chte","og_description":"Vad \u00e4r Rauhn\u00e4chte? Betydelsen av de tolv n\u00e4tterna mellan \u00e5ren, seder och f\u00f6rbud, r\u00f6kning och orakel, fr\u00e5n Fru Perchta till Vildjakten.","og_url":"https:\/\/iwell-guard.com\/sv\/rauhnachte\/","og_site_name":"iWell Guard","article_modified_time":"2026-09-03T06:52:41+00:00","og_image":[{"width":683,"height":1024,"url":"https:\/\/iwell-guard.com\/wp-content\/uploads\/2026\/05\/schutzsymbol_universell_raeuchern-683x1024.png","type":"image\/png"}],"twitter_card":"summary_large_image","schema":{"@context":"https:\/\/schema.org","@graph":[{"@type":"WebPage","@id":"https:\/\/iwell-guard.com\/sv\/rauhnachte\/","url":"https:\/\/iwell-guard.com\/sv\/rauhnachte\/","name":"Rauhn\u00e4chte: betydelse, ritualer och datum","isPartOf":{"@id":"https:\/\/iwell-guard.com\/sv\/#website"},"primaryImageOfPage":{"@id":"https:\/\/iwell-guard.com\/sv\/rauhnachte\/#primaryimage"},"image":{"@id":"https:\/\/iwell-guard.com\/sv\/rauhnachte\/#primaryimage"},"thumbnailUrl":"https:\/\/iwell-guard.com\/wp-content\/uploads\/2026\/05\/schutzsymbol_universell_raeuchern.png","datePublished":"2026-09-03T00:18:45+00:00","dateModified":"2026-09-03T06:52:41+00:00","description":"Vad \u00e4r Rauhn\u00e4chte? Betydelsen av de tolv n\u00e4tterna mellan \u00e5ren, seder och f\u00f6rbud, r\u00f6kning och orakel, fr\u00e5n Fru Perchta till Vildjakten.","breadcrumb":{"@id":"https:\/\/iwell-guard.com\/sv\/rauhnachte\/#breadcrumb"},"inLanguage":"sv-SE","potentialAction":[{"@type":"ReadAction","target":["https:\/\/iwell-guard.com\/sv\/rauhnachte\/"]}]},{"@type":"ImageObject","inLanguage":"sv-SE","@id":"https:\/\/iwell-guard.com\/sv\/rauhnachte\/#primaryimage","url":"https:\/\/iwell-guard.com\/wp-content\/uploads\/2026\/05\/schutzsymbol_universell_raeuchern.png","contentUrl":"https:\/\/iwell-guard.com\/wp-content\/uploads\/2026\/05\/schutzsymbol_universell_raeuchern.png","width":1024,"height":1536,"caption":"R\u00f6kelse och rening \u2013 stigande r\u00f6k som symbol f\u00f6r renande kraft"},{"@type":"BreadcrumbList","@id":"https:\/\/iwell-guard.com\/sv\/rauhnachte\/#breadcrumb","itemListElement":[{"@type":"ListItem","position":1,"name":"Start","item":"https:\/\/iwell-guard.com\/sv\/?page_id=136483"},{"@type":"ListItem","position":2,"name":"Rauhn\u00e4chte"}]},{"@type":"WebSite","@id":"https:\/\/iwell-guard.com\/sv\/#website","url":"https:\/\/iwell-guard.com\/sv\/","name":"iWell Guard","description":"Schutz vor dunklen Einfl\u00fcssen","publisher":{"@id":"https:\/\/iwell-guard.com\/sv\/#organization"},"potentialAction":[{"@type":"SearchAction","target":{"@type":"EntryPoint","urlTemplate":"https:\/\/iwell-guard.com\/sv\/?s={search_term_string}"},"query-input":{"@type":"PropertyValueSpecification","valueRequired":true,"valueName":"search_term_string"}}],"inLanguage":"sv-SE"},{"@type":"Organization","@id":"https:\/\/iwell-guard.com\/sv\/#organization","name":"Ittermann electronic GmbH","url":"https:\/\/iwell-guard.com\/sv\/","logo":{"@type":"ImageObject","inLanguage":"sv-SE","@id":"https:\/\/iwell-guard.com\/sv\/#\/schema\/logo\/image\/","url":"https:\/\/iwell-guard.com\/wp-content\/uploads\/2026\/05\/Ittermann-Logo-1182x237-1.png","contentUrl":"https:\/\/iwell-guard.com\/wp-content\/uploads\/2026\/05\/Ittermann-Logo-1182x237-1.png","width":1182,"height":237,"caption":"Ittermann electronic GmbH"},"image":{"@id":"https:\/\/iwell-guard.com\/sv\/#\/schema\/logo\/image\/"},"sameAs":["https:\/\/pantip.com\/profile\/9367242","https:\/\/micro.blog\/iwellguard","https:\/\/www.diggerslist.com\/iwellguard\/about","https:\/\/skitterphoto.com\/photographers\/2870314\/iwell-guard","https:\/\/iwellguard.wordpress.com\/2026\/06\/06\/iwell-guard\/","https:\/\/hub.docker.com\/u\/iwellguard","https:\/\/www.pinterest.com\/iwellguard\/","https:\/\/bit.ly\/m\/iwellguard","https:\/\/entre-vos-mains.alsace.eu\/profiles\/iwellguard\/activity","https:\/\/gravatar.com\/reallybeded8fd34","https:\/\/naijamatta.com\/iwellguard","https:\/\/www.goodreads.com\/iwellguard","https:\/\/profile.hatena.ne.jp\/iwellguard\/","https:\/\/experiment.com\/users\/iwellguard","https:\/\/wakelet.com\/@iWellGuard82270","https:\/\/www.chordie.com\/forum\/profile.php?id=2555664","https:\/\/www.instapaper.com\/p\/17757966","https:\/\/www.mapleprimes.com\/users\/iwellguard","https:\/\/businesslistingplus.com\/profile\/iwell-guard\/","https:\/\/telegra.ph\/iWell-Guard-06-06","https:\/\/pbase.com\/iwellguard\/iwellguard","https:\/\/b.hatena.ne.jp\/iwellguard\/20260607#bookmark-4788405196491818882","https:\/\/fliphtml5.com\/home\/iwellguard","https:\/\/anyflip.com\/homepage\/cmiwl#About","https:\/\/transfur.com\/Users\/iwellguard","http:\/\/delphi.larsbo.org\/user\/iwellguard","https:\/\/jobs.lajobsportal.org\/profiles\/8380803-iwell-guard","https:\/\/md.chaosdorf.de\/s\/jfbe5SBdJD","https:\/\/www.lingvolive.com\/en-us\/profile\/9ecaeaca-ce11-4e51-9e71-01d55e2bff36\/translations","https:\/\/www.fitday.com\/fitness\/forums\/members\/iwellguard.html","https:\/\/www.mymeetbook.com\/iwellguard","https:\/\/pxhere.com\/en\/photographer-me\/5040798","https:\/\/disqus.com\/by\/iwellguard\/about\/","https:\/\/pastelink.net\/hjwciqwq","https:\/\/pubhtml5.com\/homepage\/scjhn\/","https:\/\/www.bitchute.com\/channel\/2O2eOKzNqujT","https:\/\/audiomack.com\/iwellguard"]}]}},"_links":{"self":[{"href":"https:\/\/iwell-guard.com\/sv\/wp-json\/wp\/v2\/pages\/137771","targetHints":{"allow":["GET"]}}],"collection":[{"href":"https:\/\/iwell-guard.com\/sv\/wp-json\/wp\/v2\/pages"}],"about":[{"href":"https:\/\/iwell-guard.com\/sv\/wp-json\/wp\/v2\/types\/page"}],"author":[{"embeddable":true,"href":"https:\/\/iwell-guard.com\/sv\/wp-json\/wp\/v2\/users\/1"}],"replies":[{"embeddable":true,"href":"https:\/\/iwell-guard.com\/sv\/wp-json\/wp\/v2\/comments?post=137771"}],"version-history":[{"count":0,"href":"https:\/\/iwell-guard.com\/sv\/wp-json\/wp\/v2\/pages\/137771\/revisions"}],"wp:featuredmedia":[{"embeddable":true,"href":"https:\/\/iwell-guard.com\/sv\/wp-json\/wp\/v2\/media\/4143"}],"wp:attachment":[{"href":"https:\/\/iwell-guard.com\/sv\/wp-json\/wp\/v2\/media?parent=137771"}],"wp:term":[{"taxonomy":"category","embeddable":true,"href":"https:\/\/iwell-guard.com\/sv\/wp-json\/wp\/v2\/categories?post=137771"}],"curies":[{"name":"wp","href":"https:\/\/api.w.org\/{rel}","templated":true}]}}