{"id":137762,"date":"2026-09-03T00:18:41","date_gmt":"2026-09-03T00:18:41","guid":{"rendered":"https:\/\/iwell-guard.com\/?page_id=137762"},"modified":"2026-09-03T06:52:38","modified_gmt":"2026-09-03T06:52:38","slug":"alpsagner","status":"publish","type":"page","link":"https:\/\/iwell-guard.com\/sv\/alpsagner\/","title":{"rendered":"Alps\u00e4gner"},"content":{"rendered":"\t\t<div data-elementor-type=\"wp-page\" data-elementor-id=\"137762\" class=\"elementor elementor-137762 elementor-20578 elementor-bc-flex-widget\" data-elementor-post-type=\"page\">\n\t\t\t\t<div class=\"elementor-element elementor-element-iwgcn-sami-hero iwg-kultur-hero e-flex e-con-boxed e-con e-parent\" data-id=\"iwgcn-sami-hero\" data-element_type=\"container\" data-e-type=\"container\">\n\t\t\t\t\t<div class=\"e-con-inner\">\n\t\t<div class=\"elementor-element elementor-element-iwgcn-sami-hl iwg-kultur-hero-left e-flex e-con-boxed e-con e-child\" data-id=\"iwgcn-sami-hl\" data-element_type=\"container\" data-e-type=\"container\">\n\t\t\t\t\t<div class=\"e-con-inner\">\n\t\t\t\t<div class=\"elementor-element elementor-element-iwgcn-sami-h1 elementor-widget elementor-widget-heading\" data-id=\"iwgcn-sami-h1\" data-element_type=\"widget\" data-e-type=\"widget\" data-widget_type=\"heading.default\">\n\t\t\t\t\t<h1 class=\"elementor-heading-title elementor-size-default\">Perchta, Krampus och alpernas s\u00e4genv\u00e4rld<\/h1>\t\t\t\t<\/div>\n\t\t<div class=\"elementor-element elementor-element-iwgcn-sami-leadc e-con-full e-flex e-con e-child\" data-id=\"iwgcn-sami-leadc\" data-element_type=\"container\" data-e-type=\"container\">\n\t\t\t\t<div class=\"elementor-element elementor-element-iwgcn-sami-lead elementor-widget elementor-widget-text-editor\" data-id=\"iwgcn-sami-lead\" data-element_type=\"widget\" data-e-type=\"widget\" data-widget_type=\"text-editor.default\">\n\t\t\t\t\t\t\t\t\t<p>S\u00e4genv\u00e4rlden i Alpregionen, fr\u00e5n Bayern via \u00d6sterrike och Schweiz till Sydtyrolen, f\u00f6renar den vinterliga sedv\u00e4njekrets kring Rauhn\u00e4chte (de tolv n\u00e4tterna mellan jul och trettondagen) med Perchta och Krampus, almgeister som Kasermandl, mardr\u00f6msgestalter som Drud och Toggeli samt bergss\u00e4gner om Tatzelwurm. Dessa traditioner \u00e4r n\u00e4ra f\u00f6rbundna med den bondiska alm- och bergsekonomin, det katolska kyrko\u00e5ret och lokala sedv\u00e4njor som Perchtenlauf.<\/p>\n<p class=\"iwg-kwfix\">Alps\u00e4gnerna omfattar en m\u00e4ngd regionalt varierande v\u00e4sen, fr\u00e5n Waldfrau till bergstroll, som fortfarande lever kvar i sedv\u00e4njor, ber\u00e4ttartradition och turism i alpregionerna.<\/p>\t\t\t\t\t\t\t\t<\/div>\n\t\t\t\t<\/div>\n\t\t\t\t\t<\/div>\n\t\t\t\t<\/div>\n\t\t<div class=\"elementor-element elementor-element-iwgcn-sami-hr iwg-kultur-hero-right e-flex e-con-boxed e-con e-child\" data-id=\"iwgcn-sami-hr\" data-element_type=\"container\" data-e-type=\"container\">\n\t\t\t\t\t<div class=\"e-con-inner\">\n\t\t\t\t<div class=\"elementor-element elementor-element-iwgcn-sami-himg iwg-hero-image elementor-widget elementor-widget-image\" data-id=\"iwgcn-sami-himg\" data-element_type=\"widget\" data-e-type=\"widget\" data-widget_type=\"image.default\">\n\t\t\t\t\t\t\t\t\t\t\t\t\t\t\t<img fetchpriority=\"high\" decoding=\"async\" width=\"683\" height=\"1024\" src=\"https:\/\/iwell-guard.com\/wp-content\/uploads\/2026\/05\/goetter_sami_beaivi-683x1024.webp\" class=\"attachment-large size-large wp-image-136055\" alt=\"Beaivi \u2013 gud fr\u00e5n den samiska traditionen, historiskt-illustrativ\" srcset=\"https:\/\/iwell-guard.com\/wp-content\/uploads\/2026\/05\/goetter_sami_beaivi-683x1024.webp 683w, https:\/\/iwell-guard.com\/wp-content\/uploads\/2026\/05\/goetter_sami_beaivi-200x300.webp 200w, https:\/\/iwell-guard.com\/wp-content\/uploads\/2026\/05\/goetter_sami_beaivi-768x1152.webp 768w, https:\/\/iwell-guard.com\/wp-content\/uploads\/2026\/05\/goetter_sami_beaivi.webp 1024w\" sizes=\"(max-width: 683px) 100vw, 683px\" \/>\t\t\t\t\t\t\t\t\t\t\t\t\t\t\t<\/div>\n\t\t\t\t\t<\/div>\n\t\t\t\t<\/div>\n\t\t\t\t\t<\/div>\n\t\t\t\t<\/div>\n\t\t\t\t<section class=\"elementor-section elementor-top-section elementor-element elementor-element-sec-iwgcomp-sami elementor-section-boxed elementor-section-height-default elementor-section-height-default\" data-id=\"sec-iwgcomp-sami\" data-element_type=\"section\" data-e-type=\"section\">\n\t\t\t\t\t\t<div class=\"elementor-container elementor-column-gap-default\">\n\t\t\t\t\t<div class=\"elementor-column elementor-col-100 elementor-top-column elementor-element elementor-element-col-iwgcomp-sami\" data-id=\"col-iwgcomp-sami\" data-element_type=\"column\" data-e-type=\"column\">\n\t\t\t<div class=\"elementor-widget-wrap elementor-element-populated\">\n\t\t\t\t\t\t<div class=\"elementor-element elementor-element-iwgcomp-sami elementor-widget elementor-widget-text-editor\" data-id=\"iwgcomp-sami\" data-element_type=\"widget\" data-e-type=\"widget\" data-widget_type=\"text-editor.default\">\n\t\t\t\t\t\t\t\t\t<p>Den alpina <strong><span class=\"iwg-fachbegriff\" data-tooltip=\"Tolv n\u00e4tter mellan jul och trettondagen, som i folktron tillskrivs s\u00e4rskild kraft.\" tabindex=\"0\">Rauhn\u00e4chte-traditionen<\/span><\/strong> utg\u00f6r ramen f\u00f6r en stor del av alpregionens vinterliga s\u00e4gengestalter.<\/p>\n<p class=\"iwg-kwfix\">Alps\u00e4gnerna kan delas in i Rauhn\u00e4chte-gestalter som <a href=\"https:\/\/iwell-guard.com\/sv\/fru-perchta\/\">Perchta<\/a> och <a href=\"https:\/\/iwell-guard.com\/sv\/krampus\/\">Krampus<\/a>, almgeister som <a href=\"https:\/\/iwell-guard.com\/sv\/kasermandl\/\">Kasermandl<\/a> och <a href=\"https:\/\/iwell-guard.com\/sv\/venedigermandl\/\">Venedigermandl<\/a>, mardr\u00f6msv\u00e4sen som <a href=\"https:\/\/iwell-guard.com\/sv\/drud\/\">Drud<\/a> och <a href=\"https:\/\/iwell-guard.com\/sv\/toggeli\/\">Toggeli<\/a> samt bergss\u00e4gner om <a href=\"https:\/\/iwell-guard.com\/sv\/tatzelwurm\/\">Tatzelwurm<\/a>. De ber\u00e4ttas fortfarande i Bayern, \u00d6sterrike, Schweiz och Sydtyrolen.<\/p>\t\t\t\t\t\t\t\t<\/div>\n\t\t\t\t\t<\/div>\n\t\t<\/div>\n\t\t\t\t\t<\/div>\n\t\t<\/section>\n\t\t<div class=\"elementor-element elementor-element-iwgcn-sami-s0 e-flex e-con-boxed e-con e-parent\" data-id=\"iwgcn-sami-s0\" data-element_type=\"container\" data-e-type=\"container\">\n\t\t\t\t\t<div class=\"e-con-inner\">\n\t\t\t\t<div class=\"elementor-element elementor-element-iwgcn-sami-s0h elementor-widget elementor-widget-heading\" data-id=\"iwgcn-sami-s0h\" data-element_type=\"widget\" data-e-type=\"widget\" data-widget_type=\"heading.default\">\n\t\t\t\t\t<h2 class=\"elementor-heading-title elementor-size-default\">Bayern, \u00d6sterrike, Schweiz, Sydtyrolen: alpernas religi\u00f6sa landskap<\/h2>\t\t\t\t<\/div>\n\t\t<div class=\"elementor-element elementor-element-iwgcn-sami-s0-c e-con-full e-flex e-con e-child\" data-id=\"iwgcn-sami-s0-c\" data-element_type=\"container\" data-e-type=\"container\">\n\t\t\t\t<div class=\"elementor-element elementor-element-iwgcn-sami-s0t elementor-widget elementor-widget-text-editor\" data-id=\"iwgcn-sami-s0t\" data-element_type=\"widget\" data-e-type=\"widget\" data-widget_type=\"text-editor.default\">\n\t\t\t\t\t\t\t\t\t<p>Alpregionen \u00e4r \u00f6verv\u00e4gande romersk-katolskt pr\u00e4glad, med reformerta majoriteter i delar av Schweiz. S\u00e4genv\u00e4rlden utvecklades under \u00e5rhundraden i sp\u00e4nningsf\u00e4ltet mellan kyrklig fromhet och \u00e4ldre, f\u00f6rkristna f\u00f6rest\u00e4llningar om naturv\u00e4sen och bergsv\u00e4sen, som hade praktisk betydelse i den bondiska alm- och bergsekonomin.<\/p>\n<p>Fr\u00e5n Bayern via Tyrolen, Vorarlberg och Schweiz till Sydtyrolen varierar s\u00e4gengestalternas namn och utseende betydligt; ett Kasermandl i Tyrolen \u00e4r inte n\u00f6dv\u00e4ndigtvis identiskt med en j\u00e4mf\u00f6rbar gestalt i Berner Oberland. Denna m\u00e5ngfald speglar de alpina dalarnas sm\u00e5skalighet, d\u00e4r ber\u00e4ttartraditioner under \u00e5rhundraden kunnat utvecklas relativt isolerat.<\/p>\n<p class=\"iwg-kwfix\">Grunddragen i denna tradition: en \u00e5rskalender med Rauhn\u00e4chte som en tr\u00f6skeltid, almgeister som v\u00e4ktare av alm och boskap, mardr\u00f6msgestalter som f\u00f6rklaring till mardr\u00f6mmar, och bergss\u00e4gner som tolkning av of\u00f6rklarliga naturfenomen i h\u00f6gfj\u00e4llen.<\/p>\t\t\t\t\t\t\t\t<\/div>\n\t\t\t\t<\/div>\n\t\t\t\t\t<\/div>\n\t\t\t\t<\/div>\n\t\t<div class=\"elementor-element elementor-element-iwgcn-sami-s1 e-flex e-con-boxed e-con e-parent\" data-id=\"iwgcn-sami-s1\" data-element_type=\"container\" data-e-type=\"container\">\n\t\t\t\t\t<div class=\"e-con-inner\">\n\t\t\t\t<div class=\"elementor-element elementor-element-iwgcn-sami-s1h elementor-widget elementor-widget-heading\" data-id=\"iwgcn-sami-s1h\" data-element_type=\"widget\" data-e-type=\"widget\" data-widget_type=\"heading.default\">\n\t\t\t\t\t<h2 class=\"elementor-heading-title elementor-size-default\">Perchta och Rauhn\u00e4chte<\/h2>\t\t\t\t<\/div>\n\t\t<div class=\"elementor-element elementor-element-iwgcn-sami-s1-c e-con-full e-flex e-con e-child\" data-id=\"iwgcn-sami-s1-c\" data-element_type=\"container\" data-e-type=\"container\">\n\t\t\t\t<div class=\"elementor-element elementor-element-iwgcn-sami-s1t elementor-widget elementor-widget-text-editor\" data-id=\"iwgcn-sami-s1t\" data-element_type=\"widget\" data-e-type=\"widget\" data-widget_type=\"text-editor.default\">\n\t\t\t\t\t\t\t\t\t<p><a href=\"https:\/\/iwell-guard.com\/sv\/fru-perchta\/\">Perchta<\/a>, \u00e4ven kallad Frau Percht eller Berchta, \u00e4r en av de centrala gestalterna i den vinterliga alpina sedv\u00e4njan, b\u00e5de v\u00f6rdad och fruktad som h\u00e4rskarinna \u00f6ver vilt, hus och tj\u00e4nstefolk. Under Rauhn\u00e4chte mellan jul och trettondagen drar hon enligt traditionen med sitt f\u00f6lje genom byar och g\u00e5rdar, pr\u00f6var flit och ordning och bestraffar f\u00f6rsumlighet.<\/p>\n<p>Vid Perchtenlauf upptr\u00e4der \u00e4n idag Schiachperchten, det vill s\u00e4ga fula gestalter med grimasmasker och p\u00e4lsar, samt Sch\u00f6nperchten i praktfulla kostymer, en sedv\u00e4nja som lever kvar s\u00e4rskilt starkt i Salzburg, Tyrolen och angr\u00e4nsande regioner och som med sitt larm ska driva bort onda andar.<\/p>\t\t\t\t\t\t\t\t<\/div>\n\t\t\t\t<\/div>\n\t\t\t\t\t<\/div>\n\t\t\t\t<\/div>\n\t\t<div class=\"elementor-element elementor-element-iwgcn-sami-s2 e-flex e-con-boxed e-con e-parent\" data-id=\"iwgcn-sami-s2\" data-element_type=\"container\" data-e-type=\"container\">\n\t\t\t\t\t<div class=\"e-con-inner\">\n\t\t\t\t<div class=\"elementor-element elementor-element-iwgcn-sami-s2h elementor-widget elementor-widget-heading\" data-id=\"iwgcn-sami-s2h\" data-element_type=\"widget\" data-e-type=\"widget\" data-widget_type=\"heading.default\">\n\t\t\t\t\t<h2 class=\"elementor-heading-title elementor-size-default\">Krampus: Nikolaus f\u00f6ljeslagare<\/h2>\t\t\t\t<\/div>\n\t\t<div class=\"elementor-element elementor-element-iwgcn-sami-s2-c e-con-full e-flex e-con e-child\" data-id=\"iwgcn-sami-s2-c\" data-element_type=\"container\" data-e-type=\"container\">\n\t\t\t\t<div class=\"elementor-element elementor-element-iwgcn-sami-s2t elementor-widget elementor-widget-text-editor\" data-id=\"iwgcn-sami-s2t\" data-element_type=\"widget\" data-e-type=\"widget\" data-widget_type=\"text-editor.default\">\n\t\t\t\t\t\t\t\t\t<p><a href=\"https:\/\/iwell-guard.com\/sv\/krampus\/\">Krampus<\/a> upptr\u00e4der i alpregionen kv\u00e4llen f\u00f6re Sankt Nikolaus dag, den 5 december, som en dyster motpol till den helige Nikolaus, med horn, p\u00e4ls, kedja och ris f\u00f6r att skr\u00e4mma stygga barn. Gestaltens exakta ursprung \u00e4r religionsvetenskapligt inte slutgiltigt klarlagt; man antar ett samspel mellan f\u00f6rkristna f\u00f6rest\u00e4llningar om vinterdemoner och det kyrkliga Nikolausfirandet.<\/p>\n<p>Krampuslauf, beroende p\u00e5 region \u00e4ven kallat Krampuslauf eller Perchtenlauf och ibland sammanblandat, h\u00f6r idag till \u00d6sterrikes, Bayerns och Sydtyrolens mest k\u00e4nda vintersedv\u00e4njor och lockar i allt h\u00f6gre grad \u00e4ven turistintresse.<\/p>\t\t\t\t\t\t\t\t<\/div>\n\t\t\t\t<\/div>\n\t\t\t\t\t<\/div>\n\t\t\t\t<\/div>\n\t\t<div class=\"elementor-element elementor-element-iwgcn-sami-s3 e-flex e-con-boxed e-con e-parent\" data-id=\"iwgcn-sami-s3\" data-element_type=\"container\" data-e-type=\"container\">\n\t\t\t\t\t<div class=\"e-con-inner\">\n\t\t\t\t<div class=\"elementor-element elementor-element-iwgcn-sami-s3h elementor-widget elementor-widget-heading\" data-id=\"iwgcn-sami-s3h\" data-element_type=\"widget\" data-e-type=\"widget\" data-widget_type=\"heading.default\">\n\t\t\t\t\t<h2 class=\"elementor-heading-title elementor-size-default\">Almgeister: Kasermandl, Venedigermandl och Barbegazi<\/h2>\t\t\t\t<\/div>\n\t\t<div class=\"elementor-element elementor-element-iwgcn-sami-s3-c e-con-full e-flex e-con e-child\" data-id=\"iwgcn-sami-s3-c\" data-element_type=\"container\" data-e-type=\"container\">\n\t\t\t\t<div class=\"elementor-element elementor-element-iwgcn-sami-s3t elementor-widget elementor-widget-text-editor\" data-id=\"iwgcn-sami-s3t\" data-element_type=\"widget\" data-e-type=\"widget\" data-widget_type=\"text-editor.default\">\n\t\t\t\t\t\t\t\t\t<p><a href=\"https:\/\/iwell-guard.com\/sv\/kasermandl\/\">Kasermandl<\/a> anses vara en liten, oftast godmodig ande som h\u00e5ller till i avl\u00e4gsna almstugor (Kasern), vaktar boskap och stuga om natten och hj\u00e4lper alpherden i arbetet, s\u00e5 l\u00e4nge denne visar respekt och l\u00e4mnar lite mj\u00f6lk eller mat \u00e5t honom; otacksamhet eller h\u00e5n bestraffas enligt traditionen med hyss eller olycka.<\/p>\n<p><a href=\"https:\/\/iwell-guard.com\/sv\/venedigermandl\/\">Venedigermandl<\/a> \u00e4r en sm\u00e5v\u00e4xt gestalt i tyroliska och salzburgska bergss\u00e4gner, som f\u00f6rknippas med de s\u00e5 kallade venedigerna, fr\u00e4mmande skatts\u00f6kare fr\u00e5n s\u00f6der; han s\u00e4gs ha kunskap om dolda malm- och guldfyndigheter och ibland ge herdar eller bergsarbetare tips. <a href=\"https:\/\/iwell-guard.com\/sv\/barbegazi\/\">Barbegazi<\/a> \u00e4r en sn\u00f6andegestalt i de fransk-schweiziska alperna, med enorma, skidliknande f\u00f6tter och isigt sk\u00e4gg, som varnar f\u00f6r laviner och f\u00f6rsvinner i bergsklyftor under sommaren.<\/p>\t\t\t\t\t\t\t\t<\/div>\n\t\t\t\t<\/div>\n\t\t\t\t\t<\/div>\n\t\t\t\t<\/div>\n\t\t<div class=\"elementor-element elementor-element-x-sami-s-faq e-flex e-con-boxed e-con e-parent\" data-id=\"x-sami-s-faq\" data-element_type=\"container\" data-e-type=\"container\">\n\t\t\t\t\t<div class=\"e-con-inner\">\n\t\t\t\t<div class=\"elementor-element elementor-element-x-sami-h-faq elementor-widget elementor-widget-heading\" data-id=\"x-sami-h-faq\" data-element_type=\"widget\" data-e-type=\"widget\" data-widget_type=\"heading.default\">\n\t\t\t\t\t<h2 class=\"elementor-heading-title elementor-size-default\">Vanliga fr\u00e5gor om alps\u00e4gnerna<\/h2>\t\t\t\t<\/div>\n\t\t<div class=\"elementor-element elementor-element-iwgcn-sami-s3-c e-con-full e-flex e-con e-child\" data-id=\"iwgcn-sami-s3-c\" data-element_type=\"container\" data-e-type=\"container\">\n\t\t\t\t<div class=\"elementor-element elementor-element-x-sami-t-faq elementor-widget elementor-widget-text-editor\" data-id=\"x-sami-t-faq\" data-element_type=\"widget\" data-e-type=\"widget\" data-widget_type=\"text-editor.default\">\n\t\t\t\t\t\t\t\t\t<h3>Vad \u00e4r Rauhn\u00e4chte?<\/h3>\n<p>Rauhn\u00e4chte \u00e4r de tolv n\u00e4tterna mellan jul och trettondagen, som i Alpregionen betraktas som en tr\u00f6skeltid mellan \u00e5ren, d\u00e5 Perchta och andra andev\u00e4sen s\u00e4gs vandra omkring. Till sedv\u00e4njorna h\u00f6r r\u00f6kning med r\u00f6kelse och olika orakel.<\/p>\n<h3>Vad \u00e4r skillnaden mellan Perchta och Krampus?<\/h3>\n<p>Perchta \u00e4r en Rauhnacht-gestalt som kontrollerar flit och ordning och drar genom g\u00e5rdarna med sitt f\u00f6lje, medan Krampus upptr\u00e4der som den m\u00f6rke f\u00f6ljeslagaren till den helige Nikolaus den 5 december och skr\u00e4mmer oartiga barn. P\u00e5 vissa h\u00e5ll kombineras eller f\u00f6rv\u00e4xlas de b\u00e5da sedv\u00e4njorna.<\/p>\n<h3>Vad \u00e4r ett Kasermandl?<\/h3>\n<p>Kasermandl \u00e4r en f\u00e4bodande som h\u00e5ller till i avl\u00e4gsna f\u00e4bodstugor, vaktar boskap och stuga om natten och hj\u00e4lper f\u00e4bodherden s\u00e5 l\u00e4nge denne visar respekt och l\u00e4mnar en liten g\u00e5va, till exempel mj\u00f6lk.<\/p>\n<h3>\u00c4r Tatzelwurm verklig?<\/h3>\n<p>Det finns inget zoologiskt bel\u00e4gg f\u00f6r Tatzelwurm. Den betraktas som ett bergss\u00e4gen-motiv fr\u00e5n Alpregionen, som tillskrivs m\u00e5nga observationsrapporter, delvis \u00e4nda in p\u00e5 1900-talet, utan att n\u00e5got belagt djur kan h\u00e4rledas ur dessa.<\/p>\n<script type=\"application\/ld+json\">{\"@context\": \"https:\/\/schema.org\", \"@type\": \"FAQPage\", \"mainEntity\": [{\"@type\": \"Question\", \"name\": \"Vad \u00e4r Rauhn\u00e4chte?\", \"acceptedAnswer\": {\"@type\": \"Answer\", \"text\": \"Rauhn\u00e4chte \u00e4r de tolv n\u00e4tterna mellan jul och trettondagen, som i Alpregionen betraktas som en tr\u00f6skeltid mellan \u00e5ren, d\u00e5 Perchta och andra andev\u00e4sen s\u00e4gs vandra omkring. Till sedv\u00e4njorna h\u00f6r r\u00f6kning med r\u00f6kelse och olika orakel.\"}}, {\"@type\": \"Question\", \"name\": \"Vad \u00e4r skillnaden mellan Perchta och Krampus?\", \"acceptedAnswer\": {\"@type\": \"Answer\", \"text\": \"Perchta \u00e4r en Rauhnacht-gestalt som kontrollerar flit och ordning och drar genom g\u00e5rdarna med sitt f\u00f6lje, medan Krampus upptr\u00e4der som den m\u00f6rke f\u00f6ljeslagaren till den helige Nikolaus den 5 december och skr\u00e4mmer oartiga barn. P\u00e5 vissa h\u00e5ll kombineras eller f\u00f6rv\u00e4xlas de b\u00e5da sedv\u00e4njorna.\"}}, {\"@type\": \"Question\", \"name\": \"Vad \u00e4r ett Kasermandl?\", \"acceptedAnswer\": {\"@type\": \"Answer\", \"text\": \"Kasermandl \u00e4r en f\u00e4bodande som h\u00e5ller till i avl\u00e4gsna f\u00e4bodstugor, vaktar boskap och stuga om natten och hj\u00e4lper f\u00e4bodherden s\u00e5 l\u00e4nge denne visar respekt och l\u00e4mnar en liten g\u00e5va, till exempel mj\u00f6lk.\"}}, {\"@type\": \"Question\", \"name\": \"\u00c4r Tatzelwurm verklig?\", \"acceptedAnswer\": {\"@type\": \"Answer\", \"text\": \"Det finns inget zoologiskt bel\u00e4gg f\u00f6r Tatzelwurm. Den betraktas som ett bergss\u00e4gen-motiv fr\u00e5n Alpregionen, som tillskrivs m\u00e5nga observationsrapporter, delvis \u00e4nda in p\u00e5 1900-talet, utan att n\u00e5got belagt djur kan h\u00e4rledas ur dessa.\"}}]}<\/script>\t\t\t\t\t\t\t\t<\/div>\n\t\t\t\t<\/div>\n\t\t\t\t\t<\/div>\n\t\t\t\t<\/div>\n\t\t<div class=\"elementor-element elementor-element-iwgcn-sami-s4 e-flex e-con-boxed e-con e-parent\" data-id=\"iwgcn-sami-s4\" data-element_type=\"container\" data-e-type=\"container\">\n\t\t\t\t\t<div class=\"e-con-inner\">\n\t\t\t\t<div class=\"elementor-element elementor-element-iwgcn-sami-s4h elementor-widget elementor-widget-heading\" data-id=\"iwgcn-sami-s4h\" data-element_type=\"widget\" data-e-type=\"widget\" data-widget_type=\"heading.default\">\n\t\t\t\t\t<h2 class=\"elementor-heading-title elementor-size-default\">Nattmaragestalter: Drud, Toggeli och mardr\u00f6mstrycket<\/h2>\t\t\t\t<\/div>\n\t\t<div class=\"elementor-element elementor-element-iwgcn-sami-s4-c e-con-full e-flex e-con e-child\" data-id=\"iwgcn-sami-s4-c\" data-element_type=\"container\" data-e-type=\"container\">\n\t\t\t\t<div class=\"elementor-element elementor-element-iwgcn-sami-s4t elementor-widget elementor-widget-text-editor\" data-id=\"iwgcn-sami-s4t\" data-element_type=\"widget\" data-e-type=\"widget\" data-widget_type=\"text-editor.default\">\n\t\t\t\t\t\t\t\t\t<p><a href=\"https:\/\/iwell-guard.com\/sv\/drud\/\">Drud<\/a>, \u00e4ven Trud, \u00e4r en bayersk-\u00f6sterrikisk f\u00f6rest\u00e4llning om en nattlig pl\u00e5goande som trycker sig mot br\u00f6stet p\u00e5 sovande personer och orsakar mardr\u00f6mmar, det s\u00e5 kallade alptrycket. Som skyddstecken g\u00e4llde drudfoten, en femuddig stj\u00e4rna som sattes upp ovanf\u00f6r d\u00f6rrar och s\u00e4ngar.<\/p>\n<p>I Schweiz \u00e4r motsvarande gestalt k\u00e4nd som <a href=\"https:\/\/iwell-guard.com\/sv\/toggeli\/\">Toggeli<\/a>, ett nattligt v\u00e4sen som i katt- eller djurskepnad tar sig in i sovrummet och likas\u00e5 s\u00e4gs orsaka mardr\u00f6mmar och en k\u00e4nsla av f\u00f6rlamning. B\u00e5da f\u00f6rest\u00e4llningarna h\u00f6r till det utbredda europeiska f\u00f6rklaringsm\u00f6nstret f\u00f6r alptrycket, som p\u00e5 folkligt vis tolkade s\u00f6mnfysiologiska fenomen som s\u00f6mnparalys.<\/p>\t\t\t\t\t\t\t\t<\/div>\n\t\t\t\t<\/div>\n\t\t\t\t\t<\/div>\n\t\t\t\t<\/div>\n\t\t<div class=\"elementor-element elementor-element-iwgcn-sami-s5 e-flex e-con-boxed e-con e-parent\" data-id=\"iwgcn-sami-s5\" data-element_type=\"container\" data-e-type=\"container\">\n\t\t\t\t\t<div class=\"e-con-inner\">\n\t\t\t\t<div class=\"elementor-element elementor-element-iwgcn-sami-s5h elementor-widget elementor-widget-heading\" data-id=\"iwgcn-sami-s5h\" data-element_type=\"widget\" data-e-type=\"widget\" data-widget_type=\"heading.default\">\n\t\t\t\t\t<h2 class=\"elementor-heading-title elementor-size-default\">Bergss\u00e4gner: Tatzelwurm, Habergeiss och Nachtkrapp<\/h2>\t\t\t\t<\/div>\n\t\t<div class=\"elementor-element elementor-element-iwgcn-sami-s5-c e-con-full e-flex e-con e-child\" data-id=\"iwgcn-sami-s5-c\" data-element_type=\"container\" data-e-type=\"container\">\n\t\t\t\t<div class=\"elementor-element elementor-element-iwgcn-sami-s5t elementor-widget elementor-widget-text-editor\" data-id=\"iwgcn-sami-s5t\" data-element_type=\"widget\" data-e-type=\"widget\" data-widget_type=\"text-editor.default\">\n\t\t\t\t\t\t\t\t\t<p><a href=\"https:\/\/iwell-guard.com\/sv\/tatzelwurm\/\">Tatzelwurm<\/a> \u00e4r en av de mest k\u00e4nda bergss\u00e4gnerna i Alpomr\u00e5det, ett katthuvudlikt, mask- eller \u00f6dleliknande v\u00e4sen med korta framben, som tillskrivs ett stort antal siktningsrapporter, en del \u00e4nda in p\u00e5 1900-talet, fr\u00e5n Schweiz, Bayern och \u00d6sterrike. Naturvetenskapligt betraktas Tatzelwurm som ett oklarlagt s\u00e4genmotiv utan belagd zoologisk bakgrund, medan den inom kryptozoologin ibland f\u00f6rknippas med ouppt\u00e4ckta reptiler.<\/p>\n<p><a href=\"https:\/\/iwell-guard.com\/sv\/habergeiss\/\">Habergeiss<\/a>, ett sp\u00f6klikt, getliknande blandv\u00e4sen, f\u00f6rekommer fr\u00e4mst inom perchten-traditionen som en larmande skr\u00e4ckgestalt. <a href=\"https:\/\/iwell-guard.com\/sv\/nachtkrapp\/\">Nachtkrapp<\/a>, en j\u00e4ttelik korpf\u00e5gel, och <a href=\"https:\/\/iwell-guard.com\/sv\/butz\/\">Butz<\/a>, \u00e4ven Butzemann, fr\u00e5n det alemannisk-schwabiska omr\u00e5det g\u00e4llde f\u00f6r barn som nattliga skr\u00e4ckgestalter f\u00f6r dem som inte gick i s\u00e4ng i tid, ber\u00e4ttande figurer med uppfostrande funktion, av det slag som \u00e4r k\u00e4nda i liknande form i stora delar av Centraleuropa.<\/p>\t\t\t\t\t\t\t\t<\/div>\n\t\t\t\t<\/div>\n\t\t\t\t\t<\/div>\n\t\t\t\t<\/div>\n\t\t<div class=\"elementor-element elementor-element-iwgcn-sami-s6 e-flex e-con-boxed e-con e-parent\" data-id=\"iwgcn-sami-s6\" data-element_type=\"container\" data-e-type=\"container\">\n\t\t\t\t\t<div class=\"e-con-inner\">\n\t\t\t\t<div class=\"elementor-element elementor-element-iwgcn-sami-s6h elementor-widget elementor-widget-heading\" data-id=\"iwgcn-sami-s6h\" data-element_type=\"widget\" data-e-type=\"widget\" data-widget_type=\"heading.default\">\n\t\t\t\t\t<h2 class=\"elementor-heading-title elementor-size-default\">Rauhnacht-sedv\u00e4njor: r\u00f6kning, drudfoten och skyddsseder<\/h2>\t\t\t\t<\/div>\n\t\t<div class=\"elementor-element elementor-element-iwgcn-sami-s6-c e-con-full e-flex e-con e-child\" data-id=\"iwgcn-sami-s6-c\" data-element_type=\"container\" data-e-type=\"container\">\n\t\t\t\t<div class=\"elementor-element elementor-element-iwgcn-sami-s6t elementor-widget elementor-widget-text-editor\" data-id=\"iwgcn-sami-s6t\" data-element_type=\"widget\" data-e-type=\"widget\" data-widget_type=\"text-editor.default\">\n\t\t\t\t\t\t\t\t\t<p>Till Alpregionens vinterliga skyddsseder h\u00f6r att r\u00f6ka hus, stall och f\u00e4bod med r\u00f6kelse och v\u00e4lsignade \u00f6rter under Rauhn\u00e4chte, f\u00f6r att h\u00e5lla onda andar och sjukdomar borta fr\u00e5n det kommande \u00e5ret. Drudfoten, en femuddig stj\u00e4rna, sattes upp ovanf\u00f6r d\u00f6rrar, stall och s\u00e4ngar f\u00f6r att h\u00e5lla Drud och Toggeli borta fr\u00e5n det nattliga mardr\u00f6mstrycket.<\/p>\n<p>Till Mari\u00e4 himmelsf\u00e4rd den 15 augusti binds i katolska trakter av Alpregionen \u00f6rtbuketter av sju, nio eller fler v\u00e4xtarter, som v\u00e4lsignas i kyrkan och sedan f\u00f6rvaras i hemmet, och vid \u00e5skv\u00e4der eller sjukdom delvis r\u00f6ks tillsammans med annat. De tunga klockorna och skramlorna vid Perchten- och Krampusl\u00f6pningarna tj\u00e4nar samma grundmotiv: att med buller driva bort vinterdemoner och onda andar.<\/p>\t\t\t\t\t\t\t\t<\/div>\n\t\t\t\t<\/div>\n\t\t\t\t\t<\/div>\n\t\t\t\t<\/div>\n\t\t<div class=\"elementor-element elementor-element-cp2d9a92a3 e-flex e-con-boxed e-con e-parent\" data-id=\"cp2d9a92a3\" data-element_type=\"container\" data-e-type=\"container\">\n\t\t\t\t\t<div class=\"e-con-inner\">\n\t\t\t\t<div class=\"elementor-element elementor-element-cp2515827f elementor-widget elementor-widget-heading\" data-id=\"cp2515827f\" data-element_type=\"widget\" data-e-type=\"widget\" data-widget_type=\"heading.default\">\n\t\t\t\t\t<h2 class=\"elementor-heading-title elementor-size-default\">Regional m\u00e5ngfald: fr\u00e5n Bayern till Sydtyrolen<\/h2>\t\t\t\t<\/div>\n\t\t<div class=\"elementor-element elementor-element-cp25cbddf2 e-flex e-con-boxed e-con e-child\" data-id=\"cp25cbddf2\" data-element_type=\"container\" data-e-type=\"container\">\n\t\t\t\t\t<div class=\"e-con-inner\">\n\t\t\t\t<div class=\"elementor-element elementor-element-cp240cdc6c elementor-widget elementor-widget-text-editor\" data-id=\"cp240cdc6c\" data-element_type=\"widget\" data-e-type=\"widget\" data-widget_type=\"text-editor.default\">\n\t\t\t\t\t\t\t\t\t<p>Alps\u00e4gnerna utg\u00f6r inte en enhetlig korpus, utan en samlingsbeteckning f\u00f6r ber\u00e4ttartraditioner fr\u00e5n ett omr\u00e5de som str\u00e4cker sig \u00f6ver Bayern, \u00d6sterrike, Schweiz, Liechtenstein och Sydtyrolen, med egna dialekter, landskap och historiska utvecklingar.<\/p>\n<p>V\u00e4sen som <a href=\"https:\/\/iwell-guard.com\/sv\/norgel\/\">N\u00f6rgel<\/a> (N\u00f6rggele) och <a href=\"https:\/\/iwell-guard.com\/sv\/fanggen\/\">F\u00e4nggen<\/a> \u00e4r belagda framf\u00f6r allt i Sydtyrolen och delar av Tyrolen, n\u00e4ra besl\u00e4ktade med <a href=\"https:\/\/iwell-guard.com\/sv\/salige-frau\/\">Salige Frau<\/a>, en skygg men hj\u00e4lpsam bergskvinna som enligt traditionen l\u00e4rde herdar v\u00e4veri och \u00e5kerbruk. <a href=\"https:\/\/iwell-guard.com\/sv\/dellermannle\/\">Dellerm\u00e4nnle<\/a> h\u00e4rstammar fr\u00e5n Vorarlbergs tradition, <a href=\"https:\/\/iwell-guard.com\/sv\/isarnixe\/\">Isarnixe<\/a> \u00e4r knuten till den bayerska floden Isar, och <a href=\"https:\/\/iwell-guard.com\/sv\/wolpertinger\/\">Wolpertinger<\/a>, ett fabelv\u00e4sen sammansatt av olika djurdelar, betraktas specifikt som en bayersk sagenfigur med humoristisk, j\u00e4garlatinsartad karakt\u00e4r.<\/p>\n<p>Vissa motiv i dessa vinterliga utt\u00e5g av maskerade gestalter uppvisar avl\u00e4gsna paralleller till <a href=\"https:\/\/iwell-guard.com\/sv\/germanskt\/\">germansk mytologi<\/a>, till exempel f\u00f6rest\u00e4llningar om vilda nattliga utt\u00e5g, utan att man d\u00e4rav kan h\u00e4rleda en genomg\u00e5ende, belagd kontinuitet.<\/p>\n<p>Denna sm\u00e5skaliga spridning g\u00f6r det sv\u00e5rt att g\u00f6ra generella uttalanden om alps\u00e4gnen; det \u00e4r mer korrekt att tala om ett n\u00e4tverk av lokala och regionala traditioner som f\u00f6renar gemensamma grundm\u00f6nster, almgeister, mardr\u00f6msv\u00e4sen, bergmonster, med sina egna namn och utformningar.<\/p>\t\t\t\t\t\t\t\t<\/div>\n\t\t\t\t\t<\/div>\n\t\t\t\t<\/div>\n\t\t\t\t\t<\/div>\n\t\t\t\t<\/div>\n\t\t<div class=\"elementor-element elementor-element-cp2b1a3dae e-flex e-con-boxed e-con e-parent\" data-id=\"cp2b1a3dae\" data-element_type=\"container\" data-e-type=\"container\">\n\t\t\t\t\t<div class=\"e-con-inner\">\n\t\t\t\t<div class=\"elementor-element elementor-element-cp282c06ff elementor-widget elementor-widget-heading\" data-id=\"cp282c06ff\" data-element_type=\"widget\" data-e-type=\"widget\" data-widget_type=\"heading.default\">\n\t\t\t\t\t<h2 class=\"elementor-heading-title elementor-size-default\">Rauhn\u00e4chtes kalender<\/h2>\t\t\t\t<\/div>\n\t\t<div class=\"elementor-element elementor-element-cp228b4522 e-flex e-con-boxed e-con e-child\" data-id=\"cp228b4522\" data-element_type=\"container\" data-e-type=\"container\">\n\t\t\t\t\t<div class=\"e-con-inner\">\n\t\t\t\t<div class=\"elementor-element elementor-element-cp261454c5 elementor-widget elementor-widget-text-editor\" data-id=\"cp261454c5\" data-element_type=\"widget\" data-e-type=\"widget\" data-widget_type=\"text-editor.default\">\n\t\t\t\t\t\t\t\t\t<p>De tolv Rauhn\u00e4chte mellan jul, den 24\/25 december, och trettondagen, den 6 januari, betraktas traditionellt i alpregionen som en tr\u00f6skeltid mellan \u00e5ren, d\u00e5 gr\u00e4nsen mellan denna v\u00e4rld och andev\u00e4rlden beskrivs som genomtr\u00e4nglig. Under denna tid s\u00e4gs Perchta och hennes f\u00f6lje, men \u00e4ven andra ande- och demongestalter, dra omkring.<\/p>\n<p>Till Rauhn\u00e4chtes sedv\u00e4njor h\u00f6r r\u00f6kelse av hus och stall med \u00f6rter och r\u00f6kelse f\u00f6r att h\u00e5lla onda andar borta och v\u00e4lsigna det kommande \u00e5ret, samt olika lott- och v\u00e4derorakel. Perchtenlauf markerar ofta \u00f6verg\u00e5ngen fr\u00e5n Rauhn\u00e4chte till den vanliga tiden, med larmande processioner som symboliskt ska driva bort vinterdemoner.<\/p>\n<p>Krampus-seden kv\u00e4llen f\u00f6re Sankt Nikolaus dag ligger tidsm\u00e4ssigt f\u00f6re de egentliga Rauhn\u00e4chte, men uppfattas ofta i det allm\u00e4nna medvetandet tillsammans med dem, som en del av ett bredare vinterligt <span class=\"iwg-fachbegriff\" data-tooltip=\"Dagar eller n\u00e4tter som i folktron tillskrivs s\u00e4rskild, ofta farlig kraft.\" tabindex=\"0\">tr\u00f6skeltids<\/span>-komplex.<\/p>\t\t\t\t\t\t\t\t<\/div>\n\t\t\t\t\t<\/div>\n\t\t\t\t<\/div>\n\t\t\t\t\t<\/div>\n\t\t\t\t<\/div>\n\t\t<div class=\"elementor-element elementor-element-cp295547c2 e-flex e-con-boxed e-con e-parent\" data-id=\"cp295547c2\" data-element_type=\"container\" data-e-type=\"container\">\n\t\t\t\t\t<div class=\"e-con-inner\">\n\t\t\t\t<div class=\"elementor-element elementor-element-cp28944fb0 elementor-widget elementor-widget-heading\" data-id=\"cp28944fb0\" data-element_type=\"widget\" data-e-type=\"widget\" data-widget_type=\"heading.default\">\n\t\t\t\t\t<h2 class=\"elementor-heading-title elementor-size-default\">K\u00e4llor: s\u00e4gensamlingar fr\u00e5n 1800- och 1900-talet<\/h2>\t\t\t\t<\/div>\n\t\t<div class=\"elementor-element elementor-element-cp23d59da4 e-flex e-con-boxed e-con e-child\" data-id=\"cp23d59da4\" data-element_type=\"container\" data-e-type=\"container\">\n\t\t\t\t\t<div class=\"e-con-inner\">\n\t\t\t\t<div class=\"elementor-element elementor-element-cp2ce157b6 elementor-widget elementor-widget-text-editor\" data-id=\"cp2ce157b6\" data-element_type=\"widget\" data-e-type=\"widget\" data-widget_type=\"text-editor.default\">\n\t\t\t\t\t\t\t\t\t<p>En stor del av de idag k\u00e4nda alps\u00e4gnerna nedtecknades under 1800- och det tidiga 1900-talet av regionala s\u00e4gensamlare, inom ramen f\u00f6r den romantiska folkloristiken efter f\u00f6rebild av br\u00f6derna Grimm. F\u00f6r Tyrolen kan exempelvis Ignaz Vinzenz Zingerles samlingar n\u00e4mnas, och f\u00f6r andra regioner uppstod j\u00e4mf\u00f6rbara verk av lokala hembygdsforskare.<\/p>\n<p>Dessa tidiga samlingar \u00e4r viktiga men inte oproblematiska k\u00e4llor: de bearbetades ofta i efterhand litter\u00e4rt, sammanf\u00f6rdes regionalt och sl\u00e4tades ut enligt tidens estetiska ideal, vilket g\u00f6r att muntliga varianter och deras ursprungliga ber\u00e4ttelsesituation endast i begr\u00e4nsad utstr\u00e4ckning g\u00e5r att rekonstruera.<\/p>\n<p>Modern folkloristisk och religionsvetenskaplig forskning placerar dessa s\u00e4genfigurer i st\u00f6rre sammanhang, till exempel den europeiska komplexen av mardr\u00f6msf\u00f6rest\u00e4llningar, Drud och Toggeli, f\u00f6rklaringen av of\u00f6rklarade naturfenomen, Tatzelwurm, eller barnaskr\u00e4mmande gestalter med uppfostrande funktion, Nachtkrapp och Habergeiss. Digitala s\u00e4genarkiv har under de senaste decennierna gjort det l\u00e4ttare att f\u00e5 tillg\u00e5ng till detta spridda material.<\/p>\t\t\t\t\t\t\t\t<\/div>\n\t\t\t\t\t<\/div>\n\t\t\t\t<\/div>\n\t\t\t\t\t<\/div>\n\t\t\t\t<\/div>\n\t\t<div class=\"elementor-element elementor-element-cp2c009332 e-flex e-con-boxed e-con e-parent\" data-id=\"cp2c009332\" data-element_type=\"container\" data-e-type=\"container\">\n\t\t\t\t\t<div class=\"e-con-inner\">\n\t\t\t\t<div class=\"elementor-element elementor-element-cp225c94da elementor-widget elementor-widget-heading\" data-id=\"cp225c94da\" data-element_type=\"widget\" data-e-type=\"widget\" data-widget_type=\"heading.default\">\n\t\t\t\t\t<h2 class=\"elementor-heading-title elementor-size-default\">Fr\u00e5n f\u00e4huset till Perchtenlauf-scenen: sedv\u00e4nja i f\u00f6r\u00e4ndring<\/h2>\t\t\t\t<\/div>\n\t\t<div class=\"elementor-element elementor-element-cp2c7191ab e-flex e-con-boxed e-con e-child\" data-id=\"cp2c7191ab\" data-element_type=\"container\" data-e-type=\"container\">\n\t\t\t\t\t<div class=\"e-con-inner\">\n\t\t\t\t<div class=\"elementor-element elementor-element-cp23f4061d elementor-widget elementor-widget-text-editor\" data-id=\"cp23f4061d\" data-element_type=\"widget\" data-e-type=\"widget\" data-widget_type=\"text-editor.default\">\n\t\t\t\t\t\t\t\t\t<p>M\u00e5nga alps\u00e4gner \u00e4r n\u00e4ra f\u00f6rbundna med konkreta bondiska arbetssammanhang: almgeister som Kasermandl eller Barbegazi uppstod i samband med alm- och betesekonomi, mardr\u00f6msgestalter som Drud och Toggeli f\u00f6rklarade nattliga \u00e5ngestk\u00e4nslor, och bergss\u00e4gner som Tatzelwurm tolkade of\u00f6rklarliga iakttagelser i h\u00f6gfj\u00e4llen.<\/p>\n<p>Under 1900- och 2000-talen har en del av denna sedv\u00e4nja, s\u00e4rskilt Perchtenlauf och Krampuslauf, l\u00f6sgjort sig fr\u00e5n sin ursprungliga bondiska f\u00f6rankring och utvecklats till ett offentligt iscensatt, turistiskt marknadsf\u00f6rt evenemang, med uts\u00f6kt utskurna masker, organiserade f\u00f6reningar och delvis publik fr\u00e5n hela regionen och d\u00e4rut\u00f6ver.<\/p>\n<p>Gestalter som <a href=\"https:\/\/iwell-guard.com\/sv\/sennentuntschi\/\">Sennentuntschi<\/a>, en s\u00e4gen om en docka gjord av halm och tyg p\u00e5 en alm som v\u00e4cks till liv och h\u00e4mnas p\u00e5 sina skapare, visar samtidigt att alpernas s\u00e4genv\u00e4rld ocks\u00e5 omfattar dystra, moraliskt laddade ber\u00e4ttelser om ensamhet, isolering och gr\u00e4ns\u00f6verskridande p\u00e5 almen, som tydligt skiljer sig fr\u00e5n de mer skyddande almgeisterna.<\/p>\n<p>Religionsvetenskapligt kan denna f\u00f6r\u00e4ndring beskrivas som en \u00f6verg\u00e5ng fr\u00e5n en livsv\u00e4rldsf\u00f6rankrad <span class=\"iwg-fachbegriff\" data-tooltip=\"Vidaref\u00f6randet av kunskap och ber\u00e4ttelser genom generationer.\" tabindex=\"0\">muntlig tradition<\/span> till ett medvetet v\u00e5rdat kulturarv, utan att s\u00e4gnernas \u00e4ldre skydds- och f\u00f6rklaringsfunktioner d\u00e4rmed helt har f\u00f6rsvunnit.<\/p>\t\t\t\t\t\t\t\t<\/div>\n\t\t\t\t\t<\/div>\n\t\t\t\t<\/div>\n\t\t\t\t\t<\/div>\n\t\t\t\t<\/div>\n\t\t<div class=\"elementor-element elementor-element-iwgha-sami-sec e-flex e-con-boxed e-con e-parent\" data-id=\"iwgha-sami-sec\" data-element_type=\"container\" data-e-type=\"container\">\n\t\t\t\t\t<div class=\"e-con-inner\">\n\t\t\t\t<div class=\"elementor-element elementor-element-iwgha-sami-h elementor-widget elementor-widget-heading\" data-id=\"iwgha-sami-h\" data-element_type=\"widget\" data-e-type=\"widget\" data-widget_type=\"heading.default\">\n\t\t\t\t\t<h2 class=\"elementor-heading-title elementor-size-default\">V\u00e4sen inom denna tradition (18)<\/h2>\t\t\t\t<\/div>\n\t\t<div class=\"elementor-element elementor-element-iwgha-sami-gc e-flex e-con-boxed e-con e-parent\" data-id=\"iwgha-sami-gc\" data-element_type=\"container\" data-e-type=\"container\">\n\t\t\t\t\t<div class=\"e-con-inner\">\n\t\t\t\t<div class=\"elementor-element elementor-element-iwgha-sami-grid elementor-widget elementor-widget-text-editor\" data-id=\"iwgha-sami-grid\" data-element_type=\"widget\" data-e-type=\"widget\" data-widget_type=\"text-editor.default\">\n\t\t\t\t\t\t\t\t\t<div class=\"iwg-wesen-grid\"><a class=\"iwg-wesen-card\" href=\"https:\/\/iwell-guard.com\/sv\/venedigermandl\/\" aria-label=\"Venedigermandl\"><div class=\"iwg-wesen-card-imgwrap\"><img decoding=\"async\" src=\"https:\/\/iwell-guard.com\/wp-content\/uploads\/2026\/07\/geister_alpin_venedigermandl-200x300.webp\" alt=\"Venedigermandl\" loading=\"lazy\"><\/div><div class=\"iwg-wesen-card-body\"><div class=\"iwg-wesen-card-name\">Venedigermandl<\/div><div class=\"iwg-wesen-card-arrow\">\u2192 Till v\u00e4sendet<\/div><\/div><\/a><a class=\"iwg-wesen-card\" href=\"https:\/\/iwell-guard.com\/sv\/kasermandl\/\" aria-label=\"Kasermandl\"><div class=\"iwg-wesen-card-imgwrap\"><img decoding=\"async\" src=\"https:\/\/iwell-guard.com\/wp-content\/uploads\/2026\/07\/geister_alpin_kasermandl-200x300.webp\" alt=\"Kasermandl\" loading=\"lazy\"><\/div><div class=\"iwg-wesen-card-body\"><div class=\"iwg-wesen-card-name\">Kasermandl<\/div><div class=\"iwg-wesen-card-arrow\">\u2192 Till v\u00e4sendet<\/div><\/div><\/a><a class=\"iwg-wesen-card\" href=\"https:\/\/iwell-guard.com\/sv\/barbegazi\/\" aria-label=\"Barbegazi\"><div class=\"iwg-wesen-card-imgwrap\"><img decoding=\"async\" src=\"https:\/\/iwell-guard.com\/wp-content\/uploads\/2026\/07\/geister_alpin_barbegazi-200x300.webp\" alt=\"Barbegazi\" loading=\"lazy\"><\/div><div class=\"iwg-wesen-card-body\"><div class=\"iwg-wesen-card-name\">Barbegazi<\/div><div class=\"iwg-wesen-card-arrow\">\u2192 Till v\u00e4sendet<\/div><\/div><\/a><a class=\"iwg-wesen-card\" href=\"https:\/\/iwell-guard.com\/sv\/nachtkrapp\/\" aria-label=\"Nachtkrapp\"><div class=\"iwg-wesen-card-imgwrap\"><img decoding=\"async\" src=\"https:\/\/iwell-guard.com\/wp-content\/uploads\/2026\/07\/geister_alpin_nachtkrapp-200x300.webp\" alt=\"Nachtkrapp\" loading=\"lazy\"><\/div><div class=\"iwg-wesen-card-body\"><div class=\"iwg-wesen-card-name\">Nachtkrapp<\/div><div class=\"iwg-wesen-card-arrow\">\u2192 Till v\u00e4sendet<\/div><\/div><\/a><a class=\"iwg-wesen-card\" href=\"https:\/\/iwell-guard.com\/sv\/wolpertinger\/\" aria-label=\"Wolpertinger\"><div class=\"iwg-wesen-card-imgwrap\"><img decoding=\"async\" src=\"https:\/\/iwell-guard.com\/wp-content\/uploads\/2026\/07\/geister_alpin_wolpertinger-200x300.webp\" alt=\"Wolpertinger\" loading=\"lazy\"><\/div><div class=\"iwg-wesen-card-body\"><div class=\"iwg-wesen-card-name\">Wolpertinger<\/div><div class=\"iwg-wesen-card-arrow\">\u2192 Till v\u00e4sendet<\/div><\/div><\/a><a class=\"iwg-wesen-card\" href=\"https:\/\/iwell-guard.com\/sv\/isarnixe\/\" aria-label=\"Isarnixe\"><div class=\"iwg-wesen-card-imgwrap\"><img decoding=\"async\" src=\"https:\/\/iwell-guard.com\/wp-content\/uploads\/2026\/07\/geister_alpin_isarnixe-200x300.webp\" alt=\"Isarnixe\" loading=\"lazy\"><\/div><div class=\"iwg-wesen-card-body\"><div class=\"iwg-wesen-card-name\">Isarnixe<\/div><div class=\"iwg-wesen-card-arrow\">\u2192 Till v\u00e4sendet<\/div><\/div><\/a><a class=\"iwg-wesen-card\" href=\"https:\/\/iwell-guard.com\/sv\/butz\/\" aria-label=\"Butz\"><div class=\"iwg-wesen-card-imgwrap\"><img decoding=\"async\" src=\"https:\/\/iwell-guard.com\/wp-content\/uploads\/2026\/07\/geister_alpin_butz-200x300.webp\" alt=\"Butz\" loading=\"lazy\"><\/div><div class=\"iwg-wesen-card-body\"><div class=\"iwg-wesen-card-name\">Butz<\/div><div class=\"iwg-wesen-card-arrow\">\u2192 Till v\u00e4sendet<\/div><\/div><\/a><a class=\"iwg-wesen-card\" href=\"https:\/\/iwell-guard.com\/sv\/toggeli\/\" aria-label=\"Toggeli\"><div class=\"iwg-wesen-card-imgwrap\"><img decoding=\"async\" src=\"https:\/\/iwell-guard.com\/wp-content\/uploads\/2026\/07\/daemonen_alpin_toggeli-200x300.webp\" alt=\"Toggeli\" loading=\"lazy\"><\/div><div class=\"iwg-wesen-card-body\"><div class=\"iwg-wesen-card-name\">Toggeli<\/div><div class=\"iwg-wesen-card-arrow\">\u2192 Till v\u00e4sendet<\/div><\/div><\/a><a class=\"iwg-wesen-card\" href=\"https:\/\/iwell-guard.com\/sv\/sennentuntschi\/\" aria-label=\"Sennentuntschi\"><div class=\"iwg-wesen-card-imgwrap\"><img decoding=\"async\" src=\"https:\/\/iwell-guard.com\/wp-content\/uploads\/2026\/07\/daemonen_alpin_sennentuntschi-200x300.webp\" alt=\"Sennentuntschi\" loading=\"lazy\"><\/div><div class=\"iwg-wesen-card-body\"><div class=\"iwg-wesen-card-name\">Sennentuntschi<\/div><div class=\"iwg-wesen-card-arrow\">\u2192 Till v\u00e4sendet<\/div><\/div><\/a><a class=\"iwg-wesen-card\" href=\"https:\/\/iwell-guard.com\/sv\/drud\/\" aria-label=\"Drud\"><div class=\"iwg-wesen-card-imgwrap\"><img decoding=\"async\" src=\"https:\/\/iwell-guard.com\/wp-content\/uploads\/2026\/07\/daemonen_alpin_drud-200x300.webp\" alt=\"Drud\" loading=\"lazy\"><\/div><div class=\"iwg-wesen-card-body\"><div class=\"iwg-wesen-card-name\">Drud<\/div><div class=\"iwg-wesen-card-arrow\">\u2192 Till v\u00e4sendet<\/div><\/div><\/a><a class=\"iwg-wesen-card\" href=\"https:\/\/iwell-guard.com\/sv\/habergeiss\/\" aria-label=\"Habergei\u00df\"><div class=\"iwg-wesen-card-imgwrap\"><img decoding=\"async\" src=\"https:\/\/iwell-guard.com\/wp-content\/uploads\/2026\/07\/daemonen_alpin_habergeiss-200x300.webp\" alt=\"Habergei\u00df\" loading=\"lazy\"><\/div><div class=\"iwg-wesen-card-body\"><div class=\"iwg-wesen-card-name\">Habergei\u00df<\/div><div class=\"iwg-wesen-card-arrow\">\u2192 Till v\u00e4sendet<\/div><\/div><\/a><a class=\"iwg-wesen-card\" href=\"https:\/\/iwell-guard.com\/sv\/fru-perchta\/\" aria-label=\"Fru Perchta\"><div class=\"iwg-wesen-card-imgwrap\"><img decoding=\"async\" src=\"https:\/\/iwell-guard.com\/wp-content\/uploads\/2026\/07\/geister_alpin_perchta-200x300.webp\" alt=\"Fru Perchta\" loading=\"lazy\"><\/div><div class=\"iwg-wesen-card-body\"><div class=\"iwg-wesen-card-name\">Fru Perchta<\/div><div class=\"iwg-wesen-card-arrow\">\u2192 Till v\u00e4sendet<\/div><\/div><\/a><a class=\"iwg-wesen-card\" href=\"https:\/\/iwell-guard.com\/sv\/krampus\/\" aria-label=\"Krampus\"><div class=\"iwg-wesen-card-imgwrap\"><img decoding=\"async\" src=\"https:\/\/iwell-guard.com\/wp-content\/uploads\/2026\/07\/daemonen_alpin_krampus-200x300.webp\" alt=\"Krampus\" loading=\"lazy\"><\/div><div class=\"iwg-wesen-card-body\"><div class=\"iwg-wesen-card-name\">Krampus<\/div><div class=\"iwg-wesen-card-arrow\">\u2192 Till v\u00e4sendet<\/div><\/div><\/a><a class=\"iwg-wesen-card\" href=\"https:\/\/iwell-guard.com\/sv\/tatzelwurm\/\" aria-label=\"Tatzelwurm\"><div class=\"iwg-wesen-card-imgwrap\"><img decoding=\"async\" src=\"https:\/\/iwell-guard.com\/wp-content\/uploads\/2026\/07\/daemonen_alpin_tatzelwurm-200x300.webp\" alt=\"Tatzelwurm\" loading=\"lazy\"><\/div><div class=\"iwg-wesen-card-body\"><div class=\"iwg-wesen-card-name\">Tatzelwurm<\/div><div class=\"iwg-wesen-card-arrow\">\u2192 Till v\u00e4sendet<\/div><\/div><\/a><a class=\"iwg-wesen-card\" href=\"https:\/\/iwell-guard.com\/sv\/salige-frau\/\" aria-label=\"Salige Frau\"><div class=\"iwg-wesen-card-imgwrap\"><img decoding=\"async\" src=\"https:\/\/iwell-guard.com\/wp-content\/uploads\/2026\/07\/geister_alpin_salige-frau-200x300.webp\" alt=\"Salige Frau\" loading=\"lazy\"><\/div><div class=\"iwg-wesen-card-body\"><div class=\"iwg-wesen-card-name\">Salige Frau<\/div><div class=\"iwg-wesen-card-arrow\">\u2192 Till v\u00e4sendet<\/div><\/div><\/a><a class=\"iwg-wesen-card\" href=\"https:\/\/iwell-guard.com\/sv\/norgel\/\" aria-label=\"N\u00f6rgel\"><div class=\"iwg-wesen-card-imgwrap\"><img decoding=\"async\" src=\"https:\/\/iwell-guard.com\/wp-content\/uploads\/2026\/07\/geister_alpin_noergel-200x300.webp\" alt=\"N\u00f6rgel\" loading=\"lazy\"><\/div><div class=\"iwg-wesen-card-body\"><div class=\"iwg-wesen-card-name\">N\u00f6rgel<\/div><div class=\"iwg-wesen-card-arrow\">\u2192 Till v\u00e4sendet<\/div><\/div><\/a><a class=\"iwg-wesen-card\" href=\"https:\/\/iwell-guard.com\/sv\/fanggen\/\" aria-label=\"F\u00e4nggen\"><div class=\"iwg-wesen-card-imgwrap\"><img decoding=\"async\" src=\"https:\/\/iwell-guard.com\/wp-content\/uploads\/2026\/07\/geister_alpin_faenggen-200x300.webp\" alt=\"F\u00e4nggen\" loading=\"lazy\"><\/div><div class=\"iwg-wesen-card-body\"><div class=\"iwg-wesen-card-name\">F\u00e4nggen<\/div><div class=\"iwg-wesen-card-arrow\">\u2192 Till v\u00e4sendet<\/div><\/div><\/a><a class=\"iwg-wesen-card\" href=\"https:\/\/iwell-guard.com\/sv\/dellermannle\/\" aria-label=\"Dellerm\u00e4nnle\"><div class=\"iwg-wesen-card-imgwrap\"><img decoding=\"async\" src=\"https:\/\/iwell-guard.com\/wp-content\/uploads\/2026\/07\/geister_alpin_dellermaennle-200x300.webp\" alt=\"Dellerm\u00e4nnle\" loading=\"lazy\"><\/div><div class=\"iwg-wesen-card-body\"><div class=\"iwg-wesen-card-name\">Dellerm\u00e4nnle<\/div><div class=\"iwg-wesen-card-arrow\">\u2192 Till v\u00e4sendet<\/div><\/div><\/a><\/div>\t\t\t\t\t\t\t\t<\/div>\n\t\t\t\t\t<\/div>\n\t\t\t\t<\/div>\n\t\t\t\t\t<\/div>\n\t\t\t\t<\/div>\n\t\t<div class=\"elementor-element elementor-element-iwgkw2-add-sami e-flex e-con-boxed e-con e-parent\" data-id=\"iwgkw2-add-sami\" data-element_type=\"container\" data-e-type=\"container\">\n\t\t\t\t\t<div class=\"e-con-inner\">\n\t\t\t\t<div class=\"elementor-element elementor-element-iwgkw2-add-sami-t elementor-widget elementor-widget-text-editor\" data-id=\"iwgkw2-add-sami-t\" data-element_type=\"widget\" data-e-type=\"widget\" data-widget_type=\"text-editor.default\">\n\t\t\t\t\t\t\t\t\t<p>Sedv\u00e4njan kring <em>perchtenlauf<\/em> och de \u00f6vriga <em>fj\u00e4llandarna i Alperna<\/em>, som Kasermandl, Venedigermandl och Barbegazi, f\u00f6renar Rauhn\u00e4chte-r\u00f6kning, drudfot och vigda \u00f6rtknippen till en egen skyddspraktik, som skulle bevara hus, g\u00e5rd och f\u00e4bod fr\u00e5n vinterdemoner och mardr\u00f6msv\u00e4sen.<\/p>\t\t\t\t\t\t\t\t<\/div>\n\t\t\t\t\t<\/div>\n\t\t\t\t<\/div>\n\t\t<div class=\"elementor-element elementor-element-iwgcn-sami-kwd e-flex e-con-boxed e-con e-parent\" data-id=\"iwgcn-sami-kwd\" data-element_type=\"container\" data-e-type=\"container\">\n\t\t\t\t\t<div class=\"e-con-inner\">\n\t\t<div class=\"elementor-element elementor-element-iwgcn-sami-kwd-c e-con-full e-flex e-con e-child\" data-id=\"iwgcn-sami-kwd-c\" data-element_type=\"container\" data-e-type=\"container\">\n\t\t\t\t<div class=\"elementor-element elementor-element-iwgcn-sami-kwdt elementor-widget elementor-widget-text-editor\" data-id=\"iwgcn-sami-kwdt\" data-element_type=\"widget\" data-e-type=\"widget\" data-widget_type=\"text-editor.default\">\n\t\t\t\t\t\t\t\t\t<p><em>Relaterade nyckelbegrepp: Perchta, Krampus, Rauhn\u00e4chte, Kasermandl, Drud, Toggeli, Tatzelwurm, Habergeiss, Salige Frau, Alpomr\u00e5det, Sydtyrolen, Tyrolen.<\/em><\/p>\t\t\t\t\t\t\t\t<\/div>\n\t\t\t\t<\/div>\n\t\t\t\t\t<\/div>\n\t\t\t\t<\/div>\n\t\t<div class=\"elementor-element elementor-element-iwgcn-sami-cc e-flex e-con-boxed e-con e-parent\" data-id=\"iwgcn-sami-cc\" data-element_type=\"container\" data-e-type=\"container\" id=\"iwg-cc-sami\">\n\t\t\t\t\t<div class=\"e-con-inner\">\n\t\t<div class=\"elementor-element elementor-element-iwgcn-sami-ccinner e-flex e-con-boxed e-con e-parent\" data-id=\"iwgcn-sami-ccinner\" data-element_type=\"container\" data-e-type=\"container\" data-settings=\"{&quot;background_background&quot;:&quot;classic&quot;}\">\n\t\t\t\t\t<div class=\"e-con-inner\">\n\t\t\t\t<div class=\"elementor-element elementor-element-iwgcn-sami-cch elementor-widget elementor-widget-heading\" data-id=\"iwgcn-sami-cch\" data-element_type=\"widget\" data-e-type=\"widget\" data-widget_type=\"heading.default\">\n\t\t\t\t\t<h2 class=\"elementor-heading-title elementor-size-default\">Skyddsobjekt i denna kulturtradition<\/h2>\t\t\t\t<\/div>\n\t\t\t\t<div class=\"elementor-element elementor-element-iwgcn-sami-cct elementor-widget elementor-widget-text-editor\" data-id=\"iwgcn-sami-cct\" data-element_type=\"widget\" data-e-type=\"widget\" data-widget_type=\"text-editor.default\">\n\t\t\t\t\t\t\t\t\t<p>Den alpina traditionen k\u00e4nner till <a href=\"https:\/\/iwell-guard.com\/sv\/drudenfuss-och-pentagram\/\">drudfoten<\/a> ovanf\u00f6r d\u00f6rrar och s\u00e4ngar, vigda <a href=\"https:\/\/iwell-guard.com\/sv\/skyddsorter\/\">\u00f6rtknippen<\/a> till Marie himmelsf\u00e4rd, <a href=\"https:\/\/iwell-guard.com\/sv\/rokelse-och-rening\/\">Rauhn\u00e4chte-r\u00f6kningen<\/a> av hus och stall med <a href=\"https:\/\/iwell-guard.com\/sv\/rokelse\/\">r\u00f6kelse<\/a> samt de tunga <a href=\"https:\/\/iwell-guard.com\/sv\/klockor-bjallror-larmande-skydd\/\">klockorna<\/a> i Perchten- och Krampuslopp, vars larm ska skr\u00e4mma bort vinterdemoner. En kultur\u00f6verskridande \u00f6versikt ges av <a href=\"https:\/\/iwell-guard.com\/sv\/skydds-kompass\/\">Skydds-kompassen<\/a>.<\/p>\n<div data-nosnippet=\"true\"><p>iWell Guard ansluter sig till denna kulturhistoriska linje av b\u00e4rbara skyddsobjekt, i samtida materialarkitektur, tillverkad i Tyskland. 41 lager, \u00e4kta guld, platina, silver. 30 dagars \u00f6ppet k\u00f6p.<\/p><\/div>\t\t\t\t\t\t\t\t<\/div>\n\t\t\t\t<div class=\"elementor-element elementor-element-iwgcn-sami-ccb iwg-cc-button iwg-cc-cta-2026-05-13 elementor-widget elementor-widget-jet-button\" data-id=\"iwgcn-sami-ccb\" data-element_type=\"widget\" data-e-type=\"widget\" data-widget_type=\"jet-button.default\">\n\t\t\t\t<div class=\"elementor-widget-container\">\n\t\t\t\t\t<div class=\"elementor-jet-button jet-elements\"><div class=\"jet-button__container\"><a class=\"jet-button__instance jet-button__instance--icon-left hover-effect-1\" href=\"\/ueber-iwell-guard\/?utm_source=iwell-guard.com&amp;utm_medium=info-box&amp;utm_campaign=kultur-tradition\"><div class=\"jet-button__plane jet-button__plane-normal\"><\/div><div class=\"jet-button__plane jet-button__plane-hover\"><\/div><div class=\"jet-button__state jet-button__state-normal\"><span class=\"jet-button__label\">Mer om iWell Guard<\/span><\/div><div class=\"jet-button__state jet-button__state-hover\"><span class=\"jet-button__label\">Mer om iWell Guard<\/span><\/div><\/a><\/div><\/div><style>.elementor-element.elementor-element-iwgcn-sami-ccb .jet-button__instance{width:320px;height:56px;}.elementor-element.elementor-element-iwgcn-sami-ccb .jet-button__state-normal .jet-button__label{text-align:center;margin:0px 0px 0px 0px;color:#1a1b20;font-family:Montserrat,sans-serif;font-size:13px;font-weight:400;letter-spacing:4px;line-height:1.714em;text-transform:uppercase;}.elementor-element.elementor-element-iwgcn-sami-ccb .jet-button__state-hover .jet-button__label{text-align:center;margin:0px 0px 0px 0px;color:#FECC76;font-family:Montserrat,sans-serif;font-size:13px;font-weight:400;letter-spacing:4px;line-height:1.714em;text-transform:uppercase;}.elementor-element.elementor-element-iwgcn-sami-ccb .jet-button__plane-normal{background-color:#FECC76;border-style:solid;border-color:#C99540;border-width:2px 2px 2px 2px;}.elementor-element.elementor-element-iwgcn-sami-ccb .jet-button__plane-hover{background-color:rgba(0,0,0,0.55);border-style:solid;border-color:#FECC76;border-width:2px 2px 2px 2px;}<\/style>\t\t\t\t<\/div>\n\t\t\t\t<\/div>\n\t\t\t\t<div class=\"elementor-element elementor-element-iwgcn-sami-ccd elementor-widget elementor-widget-text-editor\" data-id=\"iwgcn-sami-ccd\" data-element_type=\"widget\" data-e-type=\"widget\" data-widget_type=\"text-editor.default\">\n\t\t\t\t\t\t\t\t\t<div data-nosnippet=\"true\"><p style=\"text-align:center;font-size:13px;opacity:0.7;margin-top:14px\" data-nosnippet=\"true\">Personliga erfarenheter kan variera. Ingen medicinteknisk produkt. Inget l\u00f6fte om l\u00e4kning.<\/p><\/div>\t\t\t\t\t\t\t\t<\/div>\n\t\t\t\t\t<\/div>\n\t\t\t\t<\/div>\n\t\t\t\t\t<\/div>\n\t\t\t\t<\/div>\n\t\t<div class=\"elementor-element elementor-element-iwgcn-sami-disc e-flex e-con-boxed e-con e-parent\" data-id=\"iwgcn-sami-disc\" data-element_type=\"container\" data-e-type=\"container\">\n\t\t\t\t\t<div class=\"e-con-inner\">\n\t\t\t\t<div class=\"elementor-element elementor-element-iwgcn-sami-discw elementor-widget elementor-widget-html\" data-id=\"iwgcn-sami-discw\" data-element_type=\"widget\" data-e-type=\"widget\" data-widget_type=\"html.default\">\n\t\t\t\t\t<footer data-nosnippet=\"true\" class=\"iwg-disclaimer-block\"><p data-nosnippet=\"true\">iWell Guard \u00e4r <strong>ingen medicinteknisk produkt<\/strong> och ers\u00e4tter inte l\u00e4karv\u00e5rd eller psykoterapeutisk behandling. De religionsvetenskapliga inneh\u00e5llen \u00e4r kulturhistorisk inordning, ingen andlig praxisrekommendation.<\/p><\/footer>\t\t\t\t<\/div>\n\t\t\t\t\t<\/div>\n\t\t\t\t<\/div>\n\t\t\t\t<\/div>\n\t\t","protected":false},"excerpt":{"rendered":"","protected":false},"author":3,"featured_media":20516,"parent":0,"menu_order":0,"comment_status":"closed","ping_status":"closed","template":"elementor_header_footer","meta":{"_yoast_wpseo_focuskw":"alps\u00e4gner","_yoast_wpseo_title":"Alps\u00e4gner: Perchta, Krampus & Tatzelwurm","_yoast_wpseo_metadesc":"Perchta, Krampus, Kasermandl och Tatzelwurm: alpernas s\u00e4genv\u00e4rld religionsvetenskapligt f\u00f6rklarad, med rauhnachtsseder fr\u00e5n Bayern och Sydtyrolen.","_yoast_wpseo_meta-robots-noindex":"","_yoast_wpseo_canonical":"","_angie_page":false,"gefaehrdungsstufe":"","wesen_kultur":"","wesen_klasse":"","footnotes":""},"categories":[],"class_list":["post-137762","page","type-page","status-publish","has-post-thumbnail","hentry"],"yoast_head":"<!-- This site is optimized with the Yoast SEO Premium plugin v27.7 (Yoast SEO v28.3) - https:\/\/yoast.com\/product\/yoast-seo-premium-wordpress\/ -->\n<title>Alps\u00e4gner: Perchta, Krampus &amp; Tatzelwurm<\/title>\n<meta name=\"description\" content=\"Perchta, Krampus, Kasermandl och Tatzelwurm: alpernas s\u00e4genv\u00e4rld religionsvetenskapligt f\u00f6rklarad, med rauhnachtsseder fr\u00e5n Bayern och Sydtyrolen.\" \/>\n<meta name=\"robots\" content=\"index, follow, max-snippet:-1, max-image-preview:large, max-video-preview:-1\" \/>\n<link rel=\"canonical\" href=\"https:\/\/iwell-guard.com\/sv\/alpsagner\/\" \/>\n<meta property=\"og:locale\" content=\"sv_SE\" \/>\n<meta property=\"og:type\" content=\"article\" \/>\n<meta property=\"og:title\" content=\"Alps\u00e4gner\" \/>\n<meta property=\"og:description\" content=\"Perchta, Krampus, Kasermandl och Tatzelwurm: alpernas s\u00e4genv\u00e4rld religionsvetenskapligt f\u00f6rklarad, med rauhnachtsseder fr\u00e5n Bayern och Sydtyrolen.\" \/>\n<meta property=\"og:url\" content=\"https:\/\/iwell-guard.com\/sv\/alpsagner\/\" \/>\n<meta property=\"og:site_name\" content=\"iWell Guard\" \/>\n<meta property=\"article:modified_time\" content=\"2026-09-03T06:52:38+00:00\" \/>\n<meta property=\"og:image\" content=\"https:\/\/iwell-guard.com\/wp-content\/uploads\/2026\/07\/daemonen_alpin_krampus.webp\" \/>\n\t<meta property=\"og:image:width\" content=\"1024\" \/>\n\t<meta property=\"og:image:height\" content=\"1536\" \/>\n\t<meta property=\"og:image:type\" content=\"image\/webp\" \/>\n<meta name=\"twitter:card\" content=\"summary_large_image\" \/>\n<script type=\"application\/ld+json\" class=\"yoast-schema-graph\">{\"@context\":\"https:\\\/\\\/schema.org\",\"@graph\":[{\"@type\":\"WebPage\",\"@id\":\"https:\\\/\\\/iwell-guard.com\\\/sv\\\/alpsagner\\\/\",\"url\":\"https:\\\/\\\/iwell-guard.com\\\/sv\\\/alpsagner\\\/\",\"name\":\"Alps\u00e4gner: Perchta, Krampus & Tatzelwurm\",\"isPartOf\":{\"@id\":\"https:\\\/\\\/iwell-guard.com\\\/sv\\\/#website\"},\"primaryImageOfPage\":{\"@id\":\"https:\\\/\\\/iwell-guard.com\\\/sv\\\/alpsagner\\\/#primaryimage\"},\"image\":{\"@id\":\"https:\\\/\\\/iwell-guard.com\\\/sv\\\/alpsagner\\\/#primaryimage\"},\"thumbnailUrl\":\"https:\\\/\\\/iwell-guard.com\\\/wp-content\\\/uploads\\\/2026\\\/07\\\/daemonen_alpin_krampus.webp\",\"datePublished\":\"2026-09-03T00:18:41+00:00\",\"dateModified\":\"2026-09-03T06:52:38+00:00\",\"description\":\"Perchta, Krampus, Kasermandl och Tatzelwurm: alpernas s\u00e4genv\u00e4rld religionsvetenskapligt f\u00f6rklarad, med rauhnachtsseder fr\u00e5n Bayern och Sydtyrolen.\",\"breadcrumb\":{\"@id\":\"https:\\\/\\\/iwell-guard.com\\\/sv\\\/alpsagner\\\/#breadcrumb\"},\"inLanguage\":\"sv-SE\",\"potentialAction\":[{\"@type\":\"ReadAction\",\"target\":[\"https:\\\/\\\/iwell-guard.com\\\/sv\\\/alpsagner\\\/\"]}]},{\"@type\":\"ImageObject\",\"inLanguage\":\"sv-SE\",\"@id\":\"https:\\\/\\\/iwell-guard.com\\\/sv\\\/alpsagner\\\/#primaryimage\",\"url\":\"https:\\\/\\\/iwell-guard.com\\\/wp-content\\\/uploads\\\/2026\\\/07\\\/daemonen_alpin_krampus.webp\",\"contentUrl\":\"https:\\\/\\\/iwell-guard.com\\\/wp-content\\\/uploads\\\/2026\\\/07\\\/daemonen_alpin_krampus.webp\",\"width\":1024,\"height\":1536,\"caption\":\"Krampus \u2013 demoner fr\u00e5n den alpina traditionen, historiskt-illustrativt\"},{\"@type\":\"BreadcrumbList\",\"@id\":\"https:\\\/\\\/iwell-guard.com\\\/sv\\\/alpsagner\\\/#breadcrumb\",\"itemListElement\":[{\"@type\":\"ListItem\",\"position\":1,\"name\":\"Start\",\"item\":\"https:\\\/\\\/iwell-guard.com\\\/sv\\\/?page_id=136483\"},{\"@type\":\"ListItem\",\"position\":2,\"name\":\"Alps\u00e4gner\"}]},{\"@type\":\"WebSite\",\"@id\":\"https:\\\/\\\/iwell-guard.com\\\/sv\\\/#website\",\"url\":\"https:\\\/\\\/iwell-guard.com\\\/sv\\\/\",\"name\":\"iWell Guard\",\"description\":\"Schutz vor dunklen Einfl\u00fcssen\",\"publisher\":{\"@id\":\"https:\\\/\\\/iwell-guard.com\\\/sv\\\/#organization\"},\"potentialAction\":[{\"@type\":\"SearchAction\",\"target\":{\"@type\":\"EntryPoint\",\"urlTemplate\":\"https:\\\/\\\/iwell-guard.com\\\/sv\\\/?s={search_term_string}\"},\"query-input\":{\"@type\":\"PropertyValueSpecification\",\"valueRequired\":true,\"valueName\":\"search_term_string\"}}],\"inLanguage\":\"sv-SE\"},{\"@type\":\"Organization\",\"@id\":\"https:\\\/\\\/iwell-guard.com\\\/sv\\\/#organization\",\"name\":\"Ittermann electronic GmbH\",\"url\":\"https:\\\/\\\/iwell-guard.com\\\/sv\\\/\",\"logo\":{\"@type\":\"ImageObject\",\"inLanguage\":\"sv-SE\",\"@id\":\"https:\\\/\\\/iwell-guard.com\\\/sv\\\/#\\\/schema\\\/logo\\\/image\\\/\",\"url\":\"https:\\\/\\\/iwell-guard.com\\\/wp-content\\\/uploads\\\/2026\\\/05\\\/Ittermann-Logo-1182x237-1.png\",\"contentUrl\":\"https:\\\/\\\/iwell-guard.com\\\/wp-content\\\/uploads\\\/2026\\\/05\\\/Ittermann-Logo-1182x237-1.png\",\"width\":1182,\"height\":237,\"caption\":\"Ittermann electronic GmbH\"},\"image\":{\"@id\":\"https:\\\/\\\/iwell-guard.com\\\/sv\\\/#\\\/schema\\\/logo\\\/image\\\/\"},\"sameAs\":[\"https:\\\/\\\/pantip.com\\\/profile\\\/9367242\",\"https:\\\/\\\/micro.blog\\\/iwellguard\",\"https:\\\/\\\/www.diggerslist.com\\\/iwellguard\\\/about\",\"https:\\\/\\\/skitterphoto.com\\\/photographers\\\/2870314\\\/iwell-guard\",\"https:\\\/\\\/iwellguard.wordpress.com\\\/2026\\\/06\\\/06\\\/iwell-guard\\\/\",\"https:\\\/\\\/hub.docker.com\\\/u\\\/iwellguard\",\"https:\\\/\\\/www.pinterest.com\\\/iwellguard\\\/\",\"https:\\\/\\\/bit.ly\\\/m\\\/iwellguard\",\"https:\\\/\\\/entre-vos-mains.alsace.eu\\\/profiles\\\/iwellguard\\\/activity\",\"https:\\\/\\\/gravatar.com\\\/reallybeded8fd34\",\"https:\\\/\\\/naijamatta.com\\\/iwellguard\",\"https:\\\/\\\/www.goodreads.com\\\/iwellguard\",\"https:\\\/\\\/profile.hatena.ne.jp\\\/iwellguard\\\/\",\"https:\\\/\\\/experiment.com\\\/users\\\/iwellguard\",\"https:\\\/\\\/wakelet.com\\\/@iWellGuard82270\",\"https:\\\/\\\/www.chordie.com\\\/forum\\\/profile.php?id=2555664\",\"https:\\\/\\\/www.instapaper.com\\\/p\\\/17757966\",\"https:\\\/\\\/www.mapleprimes.com\\\/users\\\/iwellguard\",\"https:\\\/\\\/businesslistingplus.com\\\/profile\\\/iwell-guard\\\/\",\"https:\\\/\\\/telegra.ph\\\/iWell-Guard-06-06\",\"https:\\\/\\\/pbase.com\\\/iwellguard\\\/iwellguard\",\"https:\\\/\\\/b.hatena.ne.jp\\\/iwellguard\\\/20260607#bookmark-4788405196491818882\",\"https:\\\/\\\/fliphtml5.com\\\/home\\\/iwellguard\",\"https:\\\/\\\/anyflip.com\\\/homepage\\\/cmiwl#About\",\"https:\\\/\\\/transfur.com\\\/Users\\\/iwellguard\",\"http:\\\/\\\/delphi.larsbo.org\\\/user\\\/iwellguard\",\"https:\\\/\\\/jobs.lajobsportal.org\\\/profiles\\\/8380803-iwell-guard\",\"https:\\\/\\\/md.chaosdorf.de\\\/s\\\/jfbe5SBdJD\",\"https:\\\/\\\/www.lingvolive.com\\\/en-us\\\/profile\\\/9ecaeaca-ce11-4e51-9e71-01d55e2bff36\\\/translations\",\"https:\\\/\\\/www.fitday.com\\\/fitness\\\/forums\\\/members\\\/iwellguard.html\",\"https:\\\/\\\/www.mymeetbook.com\\\/iwellguard\",\"https:\\\/\\\/pxhere.com\\\/en\\\/photographer-me\\\/5040798\",\"https:\\\/\\\/disqus.com\\\/by\\\/iwellguard\\\/about\\\/\",\"https:\\\/\\\/pastelink.net\\\/hjwciqwq\",\"https:\\\/\\\/pubhtml5.com\\\/homepage\\\/scjhn\\\/\",\"https:\\\/\\\/www.bitchute.com\\\/channel\\\/2O2eOKzNqujT\",\"https:\\\/\\\/audiomack.com\\\/iwellguard\"]}]}<\/script>\n<!-- \/ Yoast SEO Premium plugin. -->","yoast_head_json":{"title":"Alps\u00e4gner: Perchta, Krampus & Tatzelwurm","description":"Perchta, Krampus, Kasermandl och Tatzelwurm: alpernas s\u00e4genv\u00e4rld religionsvetenskapligt f\u00f6rklarad, med rauhnachtsseder fr\u00e5n Bayern och Sydtyrolen.","robots":{"index":"index","follow":"follow","max-snippet":"max-snippet:-1","max-image-preview":"max-image-preview:large","max-video-preview":"max-video-preview:-1"},"canonical":"https:\/\/iwell-guard.com\/sv\/alpsagner\/","og_locale":"sv_SE","og_type":"article","og_title":"Alps\u00e4gner","og_description":"Perchta, Krampus, Kasermandl och Tatzelwurm: alpernas s\u00e4genv\u00e4rld religionsvetenskapligt f\u00f6rklarad, med rauhnachtsseder fr\u00e5n Bayern och Sydtyrolen.","og_url":"https:\/\/iwell-guard.com\/sv\/alpsagner\/","og_site_name":"iWell Guard","article_modified_time":"2026-09-03T06:52:38+00:00","og_image":[{"width":1024,"height":1536,"url":"https:\/\/iwell-guard.com\/wp-content\/uploads\/2026\/07\/daemonen_alpin_krampus.webp","type":"image\/webp"}],"twitter_card":"summary_large_image","schema":{"@context":"https:\/\/schema.org","@graph":[{"@type":"WebPage","@id":"https:\/\/iwell-guard.com\/sv\/alpsagner\/","url":"https:\/\/iwell-guard.com\/sv\/alpsagner\/","name":"Alps\u00e4gner: Perchta, Krampus & Tatzelwurm","isPartOf":{"@id":"https:\/\/iwell-guard.com\/sv\/#website"},"primaryImageOfPage":{"@id":"https:\/\/iwell-guard.com\/sv\/alpsagner\/#primaryimage"},"image":{"@id":"https:\/\/iwell-guard.com\/sv\/alpsagner\/#primaryimage"},"thumbnailUrl":"https:\/\/iwell-guard.com\/wp-content\/uploads\/2026\/07\/daemonen_alpin_krampus.webp","datePublished":"2026-09-03T00:18:41+00:00","dateModified":"2026-09-03T06:52:38+00:00","description":"Perchta, Krampus, Kasermandl och Tatzelwurm: alpernas s\u00e4genv\u00e4rld religionsvetenskapligt f\u00f6rklarad, med rauhnachtsseder fr\u00e5n Bayern och Sydtyrolen.","breadcrumb":{"@id":"https:\/\/iwell-guard.com\/sv\/alpsagner\/#breadcrumb"},"inLanguage":"sv-SE","potentialAction":[{"@type":"ReadAction","target":["https:\/\/iwell-guard.com\/sv\/alpsagner\/"]}]},{"@type":"ImageObject","inLanguage":"sv-SE","@id":"https:\/\/iwell-guard.com\/sv\/alpsagner\/#primaryimage","url":"https:\/\/iwell-guard.com\/wp-content\/uploads\/2026\/07\/daemonen_alpin_krampus.webp","contentUrl":"https:\/\/iwell-guard.com\/wp-content\/uploads\/2026\/07\/daemonen_alpin_krampus.webp","width":1024,"height":1536,"caption":"Krampus \u2013 demoner fr\u00e5n den alpina traditionen, historiskt-illustrativt"},{"@type":"BreadcrumbList","@id":"https:\/\/iwell-guard.com\/sv\/alpsagner\/#breadcrumb","itemListElement":[{"@type":"ListItem","position":1,"name":"Start","item":"https:\/\/iwell-guard.com\/sv\/?page_id=136483"},{"@type":"ListItem","position":2,"name":"Alps\u00e4gner"}]},{"@type":"WebSite","@id":"https:\/\/iwell-guard.com\/sv\/#website","url":"https:\/\/iwell-guard.com\/sv\/","name":"iWell Guard","description":"Schutz vor dunklen Einfl\u00fcssen","publisher":{"@id":"https:\/\/iwell-guard.com\/sv\/#organization"},"potentialAction":[{"@type":"SearchAction","target":{"@type":"EntryPoint","urlTemplate":"https:\/\/iwell-guard.com\/sv\/?s={search_term_string}"},"query-input":{"@type":"PropertyValueSpecification","valueRequired":true,"valueName":"search_term_string"}}],"inLanguage":"sv-SE"},{"@type":"Organization","@id":"https:\/\/iwell-guard.com\/sv\/#organization","name":"Ittermann electronic GmbH","url":"https:\/\/iwell-guard.com\/sv\/","logo":{"@type":"ImageObject","inLanguage":"sv-SE","@id":"https:\/\/iwell-guard.com\/sv\/#\/schema\/logo\/image\/","url":"https:\/\/iwell-guard.com\/wp-content\/uploads\/2026\/05\/Ittermann-Logo-1182x237-1.png","contentUrl":"https:\/\/iwell-guard.com\/wp-content\/uploads\/2026\/05\/Ittermann-Logo-1182x237-1.png","width":1182,"height":237,"caption":"Ittermann electronic GmbH"},"image":{"@id":"https:\/\/iwell-guard.com\/sv\/#\/schema\/logo\/image\/"},"sameAs":["https:\/\/pantip.com\/profile\/9367242","https:\/\/micro.blog\/iwellguard","https:\/\/www.diggerslist.com\/iwellguard\/about","https:\/\/skitterphoto.com\/photographers\/2870314\/iwell-guard","https:\/\/iwellguard.wordpress.com\/2026\/06\/06\/iwell-guard\/","https:\/\/hub.docker.com\/u\/iwellguard","https:\/\/www.pinterest.com\/iwellguard\/","https:\/\/bit.ly\/m\/iwellguard","https:\/\/entre-vos-mains.alsace.eu\/profiles\/iwellguard\/activity","https:\/\/gravatar.com\/reallybeded8fd34","https:\/\/naijamatta.com\/iwellguard","https:\/\/www.goodreads.com\/iwellguard","https:\/\/profile.hatena.ne.jp\/iwellguard\/","https:\/\/experiment.com\/users\/iwellguard","https:\/\/wakelet.com\/@iWellGuard82270","https:\/\/www.chordie.com\/forum\/profile.php?id=2555664","https:\/\/www.instapaper.com\/p\/17757966","https:\/\/www.mapleprimes.com\/users\/iwellguard","https:\/\/businesslistingplus.com\/profile\/iwell-guard\/","https:\/\/telegra.ph\/iWell-Guard-06-06","https:\/\/pbase.com\/iwellguard\/iwellguard","https:\/\/b.hatena.ne.jp\/iwellguard\/20260607#bookmark-4788405196491818882","https:\/\/fliphtml5.com\/home\/iwellguard","https:\/\/anyflip.com\/homepage\/cmiwl#About","https:\/\/transfur.com\/Users\/iwellguard","http:\/\/delphi.larsbo.org\/user\/iwellguard","https:\/\/jobs.lajobsportal.org\/profiles\/8380803-iwell-guard","https:\/\/md.chaosdorf.de\/s\/jfbe5SBdJD","https:\/\/www.lingvolive.com\/en-us\/profile\/9ecaeaca-ce11-4e51-9e71-01d55e2bff36\/translations","https:\/\/www.fitday.com\/fitness\/forums\/members\/iwellguard.html","https:\/\/www.mymeetbook.com\/iwellguard","https:\/\/pxhere.com\/en\/photographer-me\/5040798","https:\/\/disqus.com\/by\/iwellguard\/about\/","https:\/\/pastelink.net\/hjwciqwq","https:\/\/pubhtml5.com\/homepage\/scjhn\/","https:\/\/www.bitchute.com\/channel\/2O2eOKzNqujT","https:\/\/audiomack.com\/iwellguard"]}]}},"_links":{"self":[{"href":"https:\/\/iwell-guard.com\/sv\/wp-json\/wp\/v2\/pages\/137762","targetHints":{"allow":["GET"]}}],"collection":[{"href":"https:\/\/iwell-guard.com\/sv\/wp-json\/wp\/v2\/pages"}],"about":[{"href":"https:\/\/iwell-guard.com\/sv\/wp-json\/wp\/v2\/types\/page"}],"author":[{"embeddable":true,"href":"https:\/\/iwell-guard.com\/sv\/wp-json\/wp\/v2\/users\/3"}],"replies":[{"embeddable":true,"href":"https:\/\/iwell-guard.com\/sv\/wp-json\/wp\/v2\/comments?post=137762"}],"version-history":[{"count":0,"href":"https:\/\/iwell-guard.com\/sv\/wp-json\/wp\/v2\/pages\/137762\/revisions"}],"wp:featuredmedia":[{"embeddable":true,"href":"https:\/\/iwell-guard.com\/sv\/wp-json\/wp\/v2\/media\/20516"}],"wp:attachment":[{"href":"https:\/\/iwell-guard.com\/sv\/wp-json\/wp\/v2\/media?parent=137762"}],"wp:term":[{"taxonomy":"category","embeddable":true,"href":"https:\/\/iwell-guard.com\/sv\/wp-json\/wp\/v2\/categories?post=137762"}],"curies":[{"name":"wp","href":"https:\/\/api.w.org\/{rel}","templated":true}]}}