{"id":137758,"date":"2026-09-03T00:18:39","date_gmt":"2026-09-03T00:18:39","guid":{"rendered":"https:\/\/iwell-guard.com\/?page_id=137758"},"modified":"2026-09-03T01:38:20","modified_gmt":"2026-09-03T01:38:20","slug":"mapuche-mytologi","status":"publish","type":"page","link":"https:\/\/iwell-guard.com\/sv\/mapuche-mytologi\/","title":{"rendered":"Mapuche-mytologi"},"content":{"rendered":"\t\t<div data-elementor-type=\"wp-page\" data-elementor-id=\"137758\" class=\"elementor elementor-137758 elementor-20570 elementor-bc-flex-widget\" data-elementor-post-type=\"page\">\n\t\t\t\t<div class=\"elementor-element elementor-element-iwgcn-sami-hero iwg-kultur-hero e-flex e-con-boxed e-con e-parent\" data-id=\"iwgcn-sami-hero\" data-element_type=\"container\" data-e-type=\"container\">\n\t\t\t\t\t<div class=\"e-con-inner\">\n\t\t<div class=\"elementor-element elementor-element-iwgcn-sami-hl iwg-kultur-hero-left e-flex e-con-boxed e-con e-child\" data-id=\"iwgcn-sami-hl\" data-element_type=\"container\" data-e-type=\"container\">\n\t\t\t\t\t<div class=\"e-con-inner\">\n\t\t\t\t<div class=\"elementor-element elementor-element-iwgcn-sami-h1 elementor-widget elementor-widget-heading\" data-id=\"iwgcn-sami-h1\" data-element_type=\"widget\" data-e-type=\"widget\" data-widget_type=\"heading.default\">\n\t\t\t\t\t<h1 class=\"elementor-heading-title elementor-size-default\">Mapuche-mytologi, Pill\u00e1n och Chiles andev\u00e4rld<\/h1>\t\t\t\t<\/div>\n\t\t<div class=\"elementor-element elementor-element-iwgcn-sami-leadc e-con-full e-flex e-con e-child\" data-id=\"iwgcn-sami-leadc\" data-element_type=\"container\" data-e-type=\"container\">\n\t\t\t\t<div class=\"elementor-element elementor-element-iwgcn-sami-lead elementor-widget elementor-widget-text-editor\" data-id=\"iwgcn-sami-lead\" data-element_type=\"widget\" data-e-type=\"widget\" data-widget_type=\"text-editor.default\">\n\t\t\t\t\t\t\t\t\t<p>Mapuche, med omkring 1,75 miljoner m\u00e4nniskor den st\u00f6rsta urbefolkningsgruppen i Chile, och med ytterligare omkring 200 000 m\u00e4nniskor \u00e4ven bosatta i Argentina, bevarar en levande religi\u00f6s tradition i regionen Araucan\u00eda och det angr\u00e4nsande Patagonien. Machi-shamanerna med sin trumma kultrun, pill\u00e1n-andarna i vulkanerna och \u00f6versv\u00e4mningsmyten om ormarna Caicai och Trentren \u00e4r n\u00e5gra av de mest k\u00e4nda elementen i denna tradition, som fortfarande praktiseras aktivt \u00e4n idag.<\/p>\n<p class=\"iwg-kwfix\">Mapuche-andev\u00e4rlden \u00e4r t\u00e4tt f\u00f6rbunden med havet, vulkanen och landskapets krafter.<\/p>\t\t\t\t\t\t\t\t<\/div>\n\t\t\t\t<\/div>\n\t\t\t\t\t<\/div>\n\t\t\t\t<\/div>\n\t\t<div class=\"elementor-element elementor-element-iwgcn-sami-hr iwg-kultur-hero-right e-flex e-con-boxed e-con e-child\" data-id=\"iwgcn-sami-hr\" data-element_type=\"container\" data-e-type=\"container\">\n\t\t\t\t\t<div class=\"e-con-inner\">\n\t\t\t\t<div class=\"elementor-element elementor-element-iwgcn-sami-himg iwg-hero-image elementor-widget elementor-widget-image\" data-id=\"iwgcn-sami-himg\" data-element_type=\"widget\" data-e-type=\"widget\" data-widget_type=\"image.default\">\n\t\t\t\t\t\t\t\t\t\t\t\t\t\t\t<img fetchpriority=\"high\" decoding=\"async\" width=\"683\" height=\"1024\" src=\"https:\/\/iwell-guard.com\/wp-content\/uploads\/2026\/05\/goetter_sami_beaivi-683x1024.webp\" class=\"attachment-large size-large wp-image-136055\" alt=\"Beaivi \u2013 gud fr\u00e5n den samiska traditionen, historiskt-illustrativ\" srcset=\"https:\/\/iwell-guard.com\/wp-content\/uploads\/2026\/05\/goetter_sami_beaivi-683x1024.webp 683w, https:\/\/iwell-guard.com\/wp-content\/uploads\/2026\/05\/goetter_sami_beaivi-200x300.webp 200w, https:\/\/iwell-guard.com\/wp-content\/uploads\/2026\/05\/goetter_sami_beaivi-768x1152.webp 768w, https:\/\/iwell-guard.com\/wp-content\/uploads\/2026\/05\/goetter_sami_beaivi.webp 1024w\" sizes=\"(max-width: 683px) 100vw, 683px\" \/>\t\t\t\t\t\t\t\t\t\t\t\t\t\t\t<\/div>\n\t\t\t\t\t<\/div>\n\t\t\t\t<\/div>\n\t\t\t\t\t<\/div>\n\t\t\t\t<\/div>\n\t\t\t\t<section class=\"elementor-section elementor-top-section elementor-element elementor-element-sec-iwgcomp-sami elementor-section-boxed elementor-section-height-default elementor-section-height-default\" data-id=\"sec-iwgcomp-sami\" data-element_type=\"section\" data-e-type=\"section\">\n\t\t\t\t\t\t<div class=\"elementor-container elementor-column-gap-default\">\n\t\t\t\t\t<div class=\"elementor-column elementor-col-100 elementor-top-column elementor-element elementor-element-col-iwgcomp-sami\" data-id=\"col-iwgcomp-sami\" data-element_type=\"column\" data-e-type=\"column\">\n\t\t\t<div class=\"elementor-widget-wrap elementor-element-populated\">\n\t\t\t\t\t\t<div class=\"elementor-element elementor-element-iwgcomp-sami elementor-widget elementor-widget-text-editor\" data-id=\"iwgcomp-sami\" data-element_type=\"widget\" data-e-type=\"widget\" data-widget_type=\"text-editor.default\">\n\t\t\t\t\t\t\t\t\t<p>Den <strong><span class=\"iwg-fachbegriff\" data-tooltip=\"Shamansk ritualspecialist hos mapuche, oftast en kvinna, ansvarig f\u00f6r l\u00e4kning och f\u00f6rmedling med andev\u00e4rlden.\" tabindex=\"0\">machi<\/span>-traditionen<\/strong> utg\u00f6r ryggraden i den religi\u00f6sa praktiken i Wallmapu.<\/p>\n<p class=\"iwg-kwfix\">Mapuche-andev\u00e4rlden delas in i f\u00f6rf\u00e4ders- och vulkanandar kring Pill\u00e1n, havsvarelser som Sumpall och Pincoya samt ambivalenta kalku-andar. \u00c4n idag f\u00f6rs de vidare inom machi-traditionen i Chile och Argentina.<\/p>\t\t\t\t\t\t\t\t<\/div>\n\t\t\t\t\t<\/div>\n\t\t<\/div>\n\t\t\t\t\t<\/div>\n\t\t<\/section>\n\t\t<div class=\"elementor-element elementor-element-iwgcn-sami-s0 e-flex e-con-boxed e-con e-parent\" data-id=\"iwgcn-sami-s0\" data-element_type=\"container\" data-e-type=\"container\">\n\t\t\t\t\t<div class=\"e-con-inner\">\n\t\t\t\t<div class=\"elementor-element elementor-element-iwgcn-sami-s0h elementor-widget elementor-widget-heading\" data-id=\"iwgcn-sami-s0h\" data-element_type=\"widget\" data-e-type=\"widget\" data-widget_type=\"heading.default\">\n\t\t\t\t\t<h2 class=\"elementor-heading-title elementor-size-default\">Mapuche, spr\u00e5k och bos\u00e4ttningsomr\u00e5de<\/h2>\t\t\t\t<\/div>\n\t\t<div class=\"elementor-element elementor-element-iwgcn-sami-s0-c e-con-full e-flex e-con e-child\" data-id=\"iwgcn-sami-s0-c\" data-element_type=\"container\" data-e-type=\"container\">\n\t\t\t\t<div class=\"elementor-element elementor-element-iwgcn-sami-s0t elementor-widget elementor-widget-text-editor\" data-id=\"iwgcn-sami-s0t\" data-element_type=\"widget\" data-e-type=\"widget\" data-widget_type=\"text-editor.default\">\n\t\t\t\t\t\t\t\t\t<p>Mapuche talar mapudungun, ett isolerat spr\u00e5k som klassificeras som hotat och som idag st\u00f6ds genom tv\u00e5spr\u00e5kiga skolor och egna radioprogram. Enligt folkr\u00e4kningen 2017 r\u00e4knar sig omkring 1,75 miljoner m\u00e4nniskor i Chile, knappt 10 procent av befolkningen, som mapuche, i Argentina omkring 200 000 enligt folkr\u00e4kningen 2010.<\/p><p>K\u00e4rnbos\u00e4ttningsomr\u00e5det ligger i den chilenska regionen Araucan\u00eda och det angr\u00e4nsande Patagonien i Argentina, ofta kallat Wallmapu av politiska f\u00f6retr\u00e4dare. Historiskt motstod mapuche under 1400-talet expansionen av Inkariket och stod fr\u00e5n omkring 1550 i det s\u00e5 kallade Arauco-kriget i \u00e5rhundraden emot den spanska kolonialmakten, floden B\u00edo-B\u00edo ans\u00e5gs l\u00e4nge vara en erk\u00e4nd gr\u00e4ns. \u00c4n idag p\u00e5g\u00e5r markr\u00e4ttskonflikter i regionen.<\/p>\n<p class=\"iwg-kwfix\">Vulkan och hav ordnar mapuches andev\u00e4rld, i jorden och vulkanerna finns pill\u00e1n-f\u00f6rf\u00e4dersandarna, i vattnet varelser som Sumpall och Pincoya. Machi-traditionen i Chile och Argentina h\u00e5ller denna kunskap levande \u00e4n idag.<\/p>\t\t\t\t\t\t\t\t<\/div>\n\t\t\t\t<\/div>\n\t\t\t\t\t<\/div>\n\t\t\t\t<\/div>\n\t\t<div class=\"elementor-element elementor-element-iwgcn-sami-s1 e-flex e-con-boxed e-con e-parent\" data-id=\"iwgcn-sami-s1\" data-element_type=\"container\" data-e-type=\"container\">\n\t\t\t\t\t<div class=\"e-con-inner\">\n\t\t\t\t<div class=\"elementor-element elementor-element-iwgcn-sami-s1h elementor-widget elementor-widget-heading\" data-id=\"iwgcn-sami-s1h\" data-element_type=\"widget\" data-e-type=\"widget\" data-widget_type=\"heading.default\">\n\t\t\t\t\t<h2 class=\"elementor-heading-title elementor-size-default\">Pill\u00e1n, Ng\u00fcnechen och vulkanernas f\u00f6rf\u00e4dersandar<\/h2>\t\t\t\t<\/div>\n\t\t<div class=\"elementor-element elementor-element-iwgcn-sami-s1-c e-con-full e-flex e-con e-child\" data-id=\"iwgcn-sami-s1-c\" data-element_type=\"container\" data-e-type=\"container\">\n\t\t\t\t<div class=\"elementor-element elementor-element-iwgcn-sami-s1t elementor-widget elementor-widget-text-editor\" data-id=\"iwgcn-sami-s1t\" data-element_type=\"widget\" data-e-type=\"widget\" data-widget_type=\"text-editor.default\">\n\t\t\t\t\t\t\t\t\t<p><a href=\"https:\/\/iwell-guard.com\/sv\/pillan\/\">Pill\u00e1n<\/a> betecknar f\u00f6rf\u00e4ders- och naturandar som ofta f\u00f6rknippas med vulkaner, till exempel vulkanen Villarrica, vars utbrott traditionellt tolkades som en pill\u00e1ns verk. Vissa traditioner h\u00e4rleder pill\u00e1n till gudomliggjorda m\u00e4ktiga f\u00f6rf\u00e4der, exempelvis avlidna h\u00f6vdingar (lonko).<\/p><p>Ng\u00fcnechen, en skapelseprincip eller skapargudom, t\u00e4nks i vissa framst\u00e4llningar som en fyrdelad enhet och betraktas som en \u00f6verordnad ordningsmakt, medan pill\u00e1n agerar som f\u00f6rmedlande, ambivalenta naturkrafter, till exempel i blixt och vulkanutbrott. Den exakta systematiken i denna relation beskrivs inte enhetligt i den etnografiska litteraturen.<\/p>\t\t\t\t\t\t\t\t<\/div>\n\t\t\t\t<\/div>\n\t\t\t\t\t<\/div>\n\t\t\t\t<\/div>\n\t\t<div class=\"elementor-element elementor-element-iwgcn-sami-s2 e-flex e-con-boxed e-con e-parent\" data-id=\"iwgcn-sami-s2\" data-element_type=\"container\" data-e-type=\"container\">\n\t\t\t\t\t<div class=\"e-con-inner\">\n\t\t\t\t<div class=\"elementor-element elementor-element-iwgcn-sami-s2h elementor-widget elementor-widget-heading\" data-id=\"iwgcn-sami-s2h\" data-element_type=\"widget\" data-e-type=\"widget\" data-widget_type=\"heading.default\">\n\t\t\t\t\t<h2 class=\"elementor-heading-title elementor-size-default\">Machi, kultrun och ngillatun<\/h2>\t\t\t\t<\/div>\n\t\t<div class=\"elementor-element elementor-element-iwgcn-sami-s2-c e-con-full e-flex e-con e-child\" data-id=\"iwgcn-sami-s2-c\" data-element_type=\"container\" data-e-type=\"container\">\n\t\t\t\t<div class=\"elementor-element elementor-element-iwgcn-sami-s2t elementor-widget elementor-widget-text-editor\" data-id=\"iwgcn-sami-s2t\" data-element_type=\"widget\" data-e-type=\"widget\" data-widget_type=\"text-editor.default\">\n\t\t\t\t\t\t\t\t\t<p>Machin \u00e4r mapuches centrala religi\u00f6st-medicinska auktoritet, oftast men inte uteslutande en kvinna; kallelsen sker ofta genom dr\u00f6m eller sjukdom, f\u00f6ljt av en initiation (machiluw\u00fcn) under ledning av en erfaren machi. Hennes viktigaste instrument \u00e4r kultrun, en helig trumma m\u00e5lad med ett kosmogram, som anv\u00e4nds vid diagnos och trance.<\/p><p>Framf\u00f6r machins hus st\u00e5r rewe, en trappstegsformad helig p\u00e5le eller tr\u00e4dstam som betraktas som en axel mellan den jordiska och den \u00f6vre v\u00e4rlden. Vid ngillatun, ett periodiskt gemenskapsritual f\u00f6r fruktbarhet och v\u00e4lg\u00e5ng, leder machin med dans, s\u00e5ng och kultrun den samlade gemenskapen. Etnografen Ana Mariella Bacigalupo har ing\u00e5ende dokumenterat den fortsatta samh\u00e4lleliga betydelsen av denna praktik, som fortfarande \u00e4r aktiv idag.<\/p>\t\t\t\t\t\t\t\t<\/div>\n\t\t\t\t<\/div>\n\t\t\t\t\t<\/div>\n\t\t\t\t<\/div>\n\t\t<div class=\"elementor-element elementor-element-iwgcn-sami-s3 e-flex e-con-boxed e-con e-parent\" data-id=\"iwgcn-sami-s3\" data-element_type=\"container\" data-e-type=\"container\">\n\t\t\t\t\t<div class=\"e-con-inner\">\n\t\t\t\t<div class=\"elementor-element elementor-element-iwgcn-sami-s3h elementor-widget elementor-widget-heading\" data-id=\"iwgcn-sami-s3h\" data-element_type=\"widget\" data-e-type=\"widget\" data-widget_type=\"heading.default\">\n\t\t\t\t\t<h2 class=\"elementor-heading-title elementor-size-default\">\u00d6versv\u00e4mningsmyten om Caicai-Vilu och Trentren-Vilu<\/h2>\t\t\t\t<\/div>\n\t\t<div class=\"elementor-element elementor-element-iwgcn-sami-s3-c e-con-full e-flex e-con e-child\" data-id=\"iwgcn-sami-s3-c\" data-element_type=\"container\" data-e-type=\"container\">\n\t\t\t\t<div class=\"elementor-element elementor-element-iwgcn-sami-s3t elementor-widget elementor-widget-text-editor\" data-id=\"iwgcn-sami-s3t\" data-element_type=\"widget\" data-e-type=\"widget\" data-widget_type=\"text-editor.default\">\n\t\t\t\t\t\t\t\t\t<p>I centrum av en av de mest k\u00e4nda mapuche-myterna st\u00e5r striden mellan havsormen <a href=\"https:\/\/iwell-guard.com\/sv\/caicai-vilu\/\">Caicai-Vilu<\/a>, som frammanar en stor \u00f6versv\u00e4mning, och jord- och bergsormen Trentren-Vilu, som h\u00f6jer upp landet f\u00f6r att r\u00e4dda m\u00e4nniskorna. Den som inte hinner n\u00e5 bergstopparna i tid f\u00f6rvandlas enligt traditionen till en fisk eller ett annat havsdjur.<\/p><p>S\u00e4rskilt i ber\u00e4ttartraditionen p\u00e5 \u00f6n Chilo\u00e9 g\u00e4ller denna myt som ursprungsber\u00e4ttelse f\u00f6r regionens uppsplittrade \u00f6-v\u00e4rld; den \u00e4r en levande del av den muntliga traditionen utan en enskild kanonisk version.<\/p>\t\t\t\t\t\t\t\t<\/div>\n\t\t\t\t<\/div>\n\t\t\t\t\t<\/div>\n\t\t\t\t<\/div>\n\t\t<div class=\"elementor-element elementor-element-x-sami-s-faq e-flex e-con-boxed e-con e-parent\" data-id=\"x-sami-s-faq\" data-element_type=\"container\" data-e-type=\"container\">\n\t\t\t\t\t<div class=\"e-con-inner\">\n\t\t\t\t<div class=\"elementor-element elementor-element-x-sami-h-faq elementor-widget elementor-widget-heading\" data-id=\"x-sami-h-faq\" data-element_type=\"widget\" data-e-type=\"widget\" data-widget_type=\"heading.default\">\n\t\t\t\t\t<h2 class=\"elementor-heading-title elementor-size-default\">Vanliga fr\u00e5gor om Mapuche-mytologin<\/h2>\t\t\t\t<\/div>\n\t\t<div class=\"elementor-element elementor-element-iwgcn-sami-s3-c e-con-full e-flex e-con e-child\" data-id=\"iwgcn-sami-s3-c\" data-element_type=\"container\" data-e-type=\"container\">\n\t\t\t\t<div class=\"elementor-element elementor-element-x-sami-t-faq elementor-widget elementor-widget-text-editor\" data-id=\"x-sami-t-faq\" data-element_type=\"widget\" data-e-type=\"widget\" data-widget_type=\"text-editor.default\">\n\t\t\t\t\t\t\t\t\t<h3>Vem \u00e4r mapucherna?<\/h3>\n<p>Mapucherna \u00e4r den st\u00f6rsta urfolksgruppen i Chile, omkring 1,75 miljoner m\u00e4nniskor, med ytterligare omkring 200 000 m\u00e4nniskor i Argentina. De talar mapudungun och lever framf\u00f6r allt i regionen Araucan\u00eda och i angr\u00e4nsande Patagonien.<\/p>\n<h3>Vad \u00e4r en machi?<\/h3>\n<p>Machi \u00e4r en shamansk ritualspecialist hos mapucherna, oftast en kvinna, ansvarig f\u00f6r l\u00e4kekonst, sp\u00e5dom och ledning av gemenskapsritualer som ngillatun. Hennes viktigaste verktyg \u00e4r den heliga trumman kultrun. Machi-traditionen \u00e4r \u00e4n i dag en aktivt ut\u00f6vad verklighet, inte ett historiskt minne.<\/p>\n<h3>Vad \u00e4r pill\u00e1n?<\/h3>\n<p>Pill\u00e1n \u00e4r f\u00f6rf\u00e4ders- och naturandar som ofta f\u00f6rknippas med vulkaner. Enligt traditionen visar sig deras verkan genom blixt, \u00e5ska och vulkanutbrott.<\/p>\n<h3>Vad ber\u00e4ttar myten om Caicai och Trentren?<\/h3>\n<p>Myten skildrar striden mellan havsormen Caicai-Vilu, som frammanar en \u00f6versv\u00e4mning, och bergsormen Trentren-Vilu, som r\u00e4ddar landet. Den anses framf\u00f6r allt p\u00e5 \u00f6n Chilo\u00e9 som ursprungsber\u00e4ttelsen om \u00f6riket.<\/p>\n<script type=\"application\/ld+json\">{\"@context\": \"https:\/\/schema.org\", \"@type\": \"FAQPage\", \"mainEntity\": [{\"@type\": \"Question\", \"name\": \"Vem \u00e4r mapucherna?\", \"acceptedAnswer\": {\"@type\": \"Answer\", \"text\": \"Mapucherna \u00e4r den st\u00f6rsta urfolksgruppen i Chile, omkring 1,75 miljoner m\u00e4nniskor, med ytterligare omkring 200 000 m\u00e4nniskor i Argentina. De talar mapudungun och lever framf\u00f6r allt i regionen Araucan\u00eda och i angr\u00e4nsande Patagonien.\"}}, {\"@type\": \"Question\", \"name\": \"Vad \u00e4r en machi?\", \"acceptedAnswer\": {\"@type\": \"Answer\", \"text\": \"Machi \u00e4r en shamansk ritualspecialist hos mapucherna, oftast en kvinna, ansvarig f\u00f6r l\u00e4kekonst, sp\u00e5dom och ledning av gemenskapsritualer som ngillatun. Hennes viktigaste verktyg \u00e4r den heliga trumman kultrun. Machi-traditionen \u00e4r \u00e4n i dag en aktivt ut\u00f6vad verklighet, inte ett historiskt minne.\"}}, {\"@type\": \"Question\", \"name\": \"Vad \u00e4r pill\u00e1n?\", \"acceptedAnswer\": {\"@type\": \"Answer\", \"text\": \"Pill\u00e1n \u00e4r f\u00f6rf\u00e4ders- och naturandar som ofta f\u00f6rknippas med vulkaner. Enligt traditionen visar sig deras verkan genom blixt, \u00e5ska och vulkanutbrott.\"}}, {\"@type\": \"Question\", \"name\": \"Vad ber\u00e4ttar myten om Caicai och Trentren?\", \"acceptedAnswer\": {\"@type\": \"Answer\", \"text\": \"Myten skildrar striden mellan havsormen Caicai-Vilu, som frammanar en \u00f6versv\u00e4mning, och bergsormen Trentren-Vilu, som r\u00e4ddar landet. Den anses framf\u00f6r allt p\u00e5 \u00f6n Chilo\u00e9 som ursprungsber\u00e4ttelsen om \u00f6riket.\"}}]}<\/script>\t\t\t\t\t\t\t\t<\/div>\n\t\t\t\t<\/div>\n\t\t\t\t\t<\/div>\n\t\t\t\t<\/div>\n\t\t<div class=\"elementor-element elementor-element-iwgcn-sami-s4 e-flex e-con-boxed e-con e-parent\" data-id=\"iwgcn-sami-s4\" data-element_type=\"container\" data-e-type=\"container\">\n\t\t\t\t\t<div class=\"e-con-inner\">\n\t\t\t\t<div class=\"elementor-element elementor-element-iwgcn-sami-s4h elementor-widget elementor-widget-heading\" data-id=\"iwgcn-sami-s4h\" data-element_type=\"widget\" data-e-type=\"widget\" data-widget_type=\"heading.default\">\n\t\t\t\t\t<h2 class=\"elementor-heading-title elementor-size-default\">Kalku, anchimayen och magins ambivalens<\/h2>\t\t\t\t<\/div>\n\t\t<div class=\"elementor-element elementor-element-iwgcn-sami-s4-c e-con-full e-flex e-con e-child\" data-id=\"iwgcn-sami-s4-c\" data-element_type=\"container\" data-e-type=\"container\">\n\t\t\t\t<div class=\"elementor-element elementor-element-iwgcn-sami-s4t elementor-widget elementor-widget-text-editor\" data-id=\"iwgcn-sami-s4t\" data-element_type=\"widget\" data-e-type=\"widget\" data-widget_type=\"text-editor.default\">\n\t\t\t\t\t\t\t\t\t<p><a href=\"https:\/\/iwell-guard.com\/sv\/kalku\/\">Kalku<\/a> betecknar en person som tillskrivs skadlig magi, i viss m\u00e5n motpolen till den l\u00e4kande machin. Historiskt var gr\u00e4nsen mellan de tv\u00e5 rollerna flytande och berodde i h\u00f6g grad p\u00e5 hur den anklagande gemenskapen tillskrev rollen; begreppet fungerade framf\u00f6r allt som en f\u00f6rklaringsmodell f\u00f6r of\u00f6rklarlig olycka, sjukdom eller d\u00f6d.<\/p><p><a href=\"https:\/\/iwell-guard.com\/sv\/anchimayen\/\">Anchimayen<\/a> \u00e4r en eldande som enligt traditionen ofta tolkas som sj\u00e4len hos ett avlidet barn och f\u00f6rest\u00e4lls som en tj\u00e4nare eller f\u00f6ljeslagare till en kalku. Forskning, till exempel om kalku-anklagelser p\u00e5 1600- och 1700-talet, visar att s\u00e5dana tillskrivningar var t\u00e4tt knutna till sociala konflikter.<\/p>\t\t\t\t\t\t\t\t<\/div>\n\t\t\t\t<\/div>\n\t\t\t\t\t<\/div>\n\t\t\t\t<\/div>\n\t\t<div class=\"elementor-element elementor-element-iwgcn-sami-s5 e-flex e-con-boxed e-con e-parent\" data-id=\"iwgcn-sami-s5\" data-element_type=\"container\" data-e-type=\"container\">\n\t\t\t\t\t<div class=\"e-con-inner\">\n\t\t\t\t<div class=\"elementor-element elementor-element-iwgcn-sami-s5h elementor-widget elementor-widget-heading\" data-id=\"iwgcn-sami-s5h\" data-element_type=\"widget\" data-e-type=\"widget\" data-widget_type=\"heading.default\">\n\t\t\t\t\t<h2 class=\"elementor-heading-title elementor-size-default\">Havsv\u00e4sen i Chilo\u00e9s mytologi: Pincoya och sumpall<\/h2>\t\t\t\t<\/div>\n\t\t<div class=\"elementor-element elementor-element-iwgcn-sami-s5-c e-con-full e-flex e-con e-child\" data-id=\"iwgcn-sami-s5-c\" data-element_type=\"container\" data-e-type=\"container\">\n\t\t\t\t<div class=\"elementor-element elementor-element-iwgcn-sami-s5t elementor-widget elementor-widget-text-editor\" data-id=\"iwgcn-sami-s5t\" data-element_type=\"widget\" data-e-type=\"widget\" data-widget_type=\"text-editor.default\">\n\t\t\t\t\t\t\t\t\t<p><a href=\"https:\/\/iwell-guard.com\/sv\/sumpall\/\">Sumpall<\/a> anses vara en vatten- och fiskande, en m\u00e4nnisko-fisk-varelse som, som &#8221;fiskarnas herre&#8221;, avg\u00f6r lyckan vid fiskef\u00e5ngst. <a href=\"https:\/\/iwell-guard.com\/sv\/pincoya\/\">Pincoya<\/a>, en havsfeva i Chilo\u00e9s mytologi, dansar enligt traditionen p\u00e5 stranden, d\u00e4r riktningen p\u00e5 hennes dans, mot havet eller mot land, ska avg\u00f6ra fiskrikedom eller brist.<\/p><p>Farligare anses d\u00e4remot <a href=\"https:\/\/iwell-guard.com\/sv\/nguruvilu\/\">Nguruvilu<\/a>, ett ormliknande flodmonster som lurar resen\u00e4rer och boskap vid flod\u00f6verg\u00e5ngar. <a href=\"https:\/\/iwell-guard.com\/sv\/cherufe\/\">Cherufe<\/a>, en eldig varelse som lever under vulkaner och i jorden, f\u00f6rbinds i senare, litter\u00e4rt pr\u00e4glade versioner med motivet av m\u00e4nniskooffer.<\/p>\t\t\t\t\t\t\t\t<\/div>\n\t\t\t\t<\/div>\n\t\t\t\t\t<\/div>\n\t\t\t\t<\/div>\n\t\t<div class=\"elementor-element elementor-element-iwgcn-sami-s6 e-flex e-con-boxed e-con e-parent\" data-id=\"iwgcn-sami-s6\" data-element_type=\"container\" data-e-type=\"container\">\n\t\t\t\t\t<div class=\"e-con-inner\">\n\t\t\t\t<div class=\"elementor-element elementor-element-iwgcn-sami-s6h elementor-widget elementor-widget-heading\" data-id=\"iwgcn-sami-s6h\" data-element_type=\"widget\" data-e-type=\"widget\" data-widget_type=\"heading.default\">\n\t\t\t\t\t<h2 class=\"elementor-heading-title elementor-size-default\">Kolonisation, motst\u00e5nd och mapuche-traditionen i dag<\/h2>\t\t\t\t<\/div>\n\t\t<div class=\"elementor-element elementor-element-iwgcn-sami-s6-c e-con-full e-flex e-con e-child\" data-id=\"iwgcn-sami-s6-c\" data-element_type=\"container\" data-e-type=\"container\">\n\t\t\t\t<div class=\"elementor-element elementor-element-iwgcn-sami-s6t elementor-widget elementor-widget-text-editor\" data-id=\"iwgcn-sami-s6t\" data-element_type=\"widget\" data-e-type=\"widget\" data-widget_type=\"text-editor.default\">\n\t\t\t\t\t\t\t\t\t<p>Mapucherna gjorde p\u00e5 1400-talet framg\u00e5ngsrikt motst\u00e5nd mot inkarikets expansion och gjorde fr\u00e5n omkring 1550 under \u00e5rhundraden milit\u00e4rt motst\u00e5nd mot den spanska kolonialmakten, k\u00e4nt som Arauco-kriget. F\u00f6rst p\u00e5 1800-talet inf\u00f6rlivade den chilenska staten regionen Araucan\u00eda med v\u00e5ld, i samband med den s\u00e5 kallade Pacificaci\u00f3n de la Araucan\u00eda, f\u00f6renat med landf\u00f6rlust och missionering.<\/p><p>\u00c4nnu i dag finns markr\u00e4ttskonflikter i regionen mellan mapuche-samh\u00e4llen, skogs- och jordbruksf\u00f6retag samt den chilenska staten. Samtidigt har machi-traditionen f\u00f6rblivit en levande, erk\u00e4nd religi\u00f6s praxis, ofta i kombination med biomedicinsk v\u00e5rd, och \u00e4r f\u00f6rem\u00e5l f\u00f6r fortl\u00f6pande etnografisk forskning, bland annat av Ana Mariella Bacigalupo och arkeologen Tom Dillehay.<\/p>\t\t\t\t\t\t\t\t<\/div>\n\t\t\t\t<\/div>\n\t\t\t\t\t<\/div>\n\t\t\t\t<\/div>\n\t\t<div class=\"elementor-element elementor-element-cp2d9a92a3 e-flex e-con-boxed e-con e-parent\" data-id=\"cp2d9a92a3\" data-element_type=\"container\" data-e-type=\"container\">\n\t\t\t\t\t<div class=\"e-con-inner\">\n\t\t\t\t<div class=\"elementor-element elementor-element-cp2515827f elementor-widget elementor-widget-heading\" data-id=\"cp2515827f\" data-element_type=\"widget\" data-e-type=\"widget\" data-widget_type=\"heading.default\">\n\t\t\t\t\t<h2 class=\"elementor-heading-title elementor-size-default\">Ett folk i tv\u00e5 stater och dess regionala m\u00e5ngfald<\/h2>\t\t\t\t<\/div>\n\t\t<div class=\"elementor-element elementor-element-cp25cbddf2 e-flex e-con-boxed e-con e-child\" data-id=\"cp25cbddf2\" data-element_type=\"container\" data-e-type=\"container\">\n\t\t\t\t\t<div class=\"e-con-inner\">\n\t\t\t\t<div class=\"elementor-element elementor-element-cp240cdc6c elementor-widget elementor-widget-text-editor\" data-id=\"cp240cdc6c\" data-element_type=\"widget\" data-e-type=\"widget\" data-widget_type=\"text-editor.default\">\n\t\t\t\t\t\t\t\t\t<p>Mapucherna lever i dag framf\u00f6r allt i den chilenska regionen Araucan\u00eda samt i angr\u00e4nsande Patagonien i Argentina, ett omr\u00e5de som politiska f\u00f6retr\u00e4dare ofta ben\u00e4mner \u00f6vergripande som Wallmapu. Historiskt indelade sig mapucherna i flera regionala grupper, till exempel kustmapucherna (lafkenche), inv\u00e5narna i Anderna (pewenche) och inv\u00e5narna p\u00e5 sl\u00e4tterna och sj\u00f6landskapen, vars levnadss\u00e4tt och lokala traditioner skilde sig \u00e5t.<\/p><p>P\u00e5 \u00f6n Chilo\u00e9, som sedan 1500-talet varit starkt pr\u00e4glad av spansk kolonisation och katolsk mission, utvecklades en s\u00e4rskilt rik ber\u00e4ttartradition, delvis sammanfl\u00e4tad med europeiska element, om havsv\u00e4sen som Pincoya, Sumpall och flodmyten om Caicai och Trentren, en tradition som i denna form inte \u00e4r lika k\u00e4nd i hela mapuche-omr\u00e5det.<\/p><p>\u00c4ven machins praxis och betydelsen av enskilda andev\u00e4sen som Pill\u00e1n eller Nguruvilu varierar mellan regionerna. Generella uttalanden om &#8221;mapuche-mytologin&#8221; d\u00f6ljer d\u00e4rf\u00f6r en betydande inre m\u00e5ngfald mellan Anderna, kusten och \u00f6riket.<\/p><p>Gemensamt f\u00f6r de flesta grupperna \u00e4r machins centrala roll som f\u00f6rmedlare till andev\u00e4rlden, v\u00f6rdnaden f\u00f6r pill\u00e1n-f\u00f6rf\u00e4dersandarna och f\u00f6rest\u00e4llningen om ett levande landskap befolkat av m\u00e5nga v\u00e4sen. \u00c4ven dessa gemensamma element \u00e4r regionalt olika v\u00e4l dokumenterade i k\u00e4llorna.<\/p>\t\t\t\t\t\t\t\t<\/div>\n\t\t\t\t\t<\/div>\n\t\t\t\t<\/div>\n\t\t\t\t\t<\/div>\n\t\t\t\t<\/div>\n\t\t<div class=\"elementor-element elementor-element-cp2b1a3dae e-flex e-con-boxed e-con e-parent\" data-id=\"cp2b1a3dae\" data-element_type=\"container\" data-e-type=\"container\">\n\t\t\t\t\t<div class=\"e-con-inner\">\n\t\t\t\t<div class=\"elementor-element elementor-element-cp282c06ff elementor-widget elementor-widget-heading\" data-id=\"cp282c06ff\" data-element_type=\"widget\" data-e-type=\"widget\" data-widget_type=\"heading.default\">\n\t\t\t\t\t<h2 class=\"elementor-heading-title elementor-size-default\">Kultrun, rewe och krafterna i mapuchernas v\u00e4rldsbild<\/h2>\t\t\t\t<\/div>\n\t\t<div class=\"elementor-element elementor-element-cp228b4522 e-flex e-con-boxed e-con e-child\" data-id=\"cp228b4522\" data-element_type=\"container\" data-e-type=\"container\">\n\t\t\t\t\t<div class=\"e-con-inner\">\n\t\t\t\t<div class=\"elementor-element elementor-element-cp261454c5 elementor-widget elementor-widget-text-editor\" data-id=\"cp261454c5\" data-element_type=\"widget\" data-e-type=\"widget\" data-widget_type=\"text-editor.default\">\n\t\t\t\t\t\t\t\t\t<p>Det mest k\u00e4nda religi\u00f6sa f\u00f6rem\u00e5let hos mapuche \u00e4r kultrun, machins heliga trumma. P\u00e5 trumskinnet \u00e4r ofta ett kosmogram m\u00e5lat som avbildar de fyra v\u00e4derstrecken och v\u00e4rldens olika niv\u00e5er, och som d\u00e4rmed utg\u00f6r en bild av kosmologin.<\/p><p>Machin anv\u00e4nder kultrun vid diagnos, helande ritual och trans, d\u00e4r hennes sj\u00e4l kommer i kontakt med andar och f\u00f6rf\u00e4der. Framf\u00f6r hennes hus st\u00e5r rewe, en trappstegsformad helig p\u00e5le eller tr\u00e4dstam som betraktas som en axel mellan den jordiska och den \u00f6vre v\u00e4rlden och som \u00e4r plats f\u00f6r centrala ritualer.<\/p><p>Mapuches v\u00e4rldsbild r\u00e4knar med Ng\u00fcnechen som ett \u00f6vergripande skapelseprincip samt en m\u00e5ngfald av <a href=\"https:\/\/iwell-guard.com\/sv\/pillan\/\">pill\u00e1n<\/a>, f\u00f6rf\u00e4ders- och naturandar som framf\u00f6r allt f\u00f6rknippas med vulkaner. Dessutom befolkas landskapet av m\u00e5nga v\u00e4sen: vattenandar som <a href=\"https:\/\/iwell-guard.com\/sv\/sumpall\/\">sumpall<\/a> och <a href=\"https:\/\/iwell-guard.com\/sv\/nguruvilu\/\">nguruvilu<\/a>, havsfeer som <a href=\"https:\/\/iwell-guard.com\/sv\/pincoya\/\">pincoya<\/a>, eldiga gestalter som <a href=\"https:\/\/iwell-guard.com\/sv\/cherufe\/\">cherufe<\/a> och <a href=\"https:\/\/iwell-guard.com\/sv\/anchimayen\/\">anchimayen<\/a> samt ormen <a href=\"https:\/\/iwell-guard.com\/sv\/caicai-vilu\/\">caicai-vilu<\/a> ur \u00f6versv\u00e4mningsmyten.<\/p><p><a href=\"https:\/\/iwell-guard.com\/sv\/kalku\/\">Kalku<\/a>, en person med skadlig magi, st\u00e5r som motpol till den helande machin, \u00e4ven om gr\u00e4nsen mellan de tv\u00e5 rollerna historiskt sett var flytande och starkt beroende av social tillskrivning.<\/p><p>Om den exakta systematiken i detta v\u00e4rldsbild r\u00e5der ingen fullst\u00e4ndig enighet, eftersom traditionen varierar regionalt och m\u00e5nga ber\u00e4ttelser f\u00f6rst nedtecknades under 1800- och 1900-talet. Machins fortsatta praktik och ngillatun-ritualen \u00e4r en viktig, levande k\u00e4lla som inte l\u00e5ter sig reduceras till en rent historisk rekonstruktion.<\/p>\t\t\t\t\t\t\t\t<\/div>\n\t\t\t\t\t<\/div>\n\t\t\t\t<\/div>\n\t\t\t\t\t<\/div>\n\t\t\t\t<\/div>\n\t\t<div class=\"elementor-element elementor-element-cp295547c2 e-flex e-con-boxed e-con e-parent\" data-id=\"cp295547c2\" data-element_type=\"container\" data-e-type=\"container\">\n\t\t\t\t\t<div class=\"e-con-inner\">\n\t\t\t\t<div class=\"elementor-element elementor-element-cp28944fb0 elementor-widget elementor-widget-heading\" data-id=\"cp28944fb0\" data-element_type=\"widget\" data-e-type=\"widget\" data-widget_type=\"heading.default\">\n\t\t\t\t\t<h2 class=\"elementor-heading-title elementor-size-default\">K\u00e4llorna: kolonialrapporter, etnografi och muntlig ber\u00e4ttartradition<\/h2>\t\t\t\t<\/div>\n\t\t<div class=\"elementor-element elementor-element-cp23d59da4 e-flex e-con-boxed e-con e-child\" data-id=\"cp23d59da4\" data-element_type=\"container\" data-e-type=\"container\">\n\t\t\t\t\t<div class=\"e-con-inner\">\n\t\t\t\t<div class=\"elementor-element elementor-element-cp2ce157b6 elementor-widget elementor-widget-text-editor\" data-id=\"cp2ce157b6\" data-element_type=\"widget\" data-e-type=\"widget\" data-widget_type=\"text-editor.default\">\n\t\t\t\t\t\t\t\t\t<p>Tidiga skriftliga vittnesb\u00f6rd om mapuches religion kommer fr\u00e5n spanska kr\u00f6nik\u00f6rer och mission\u00e4rer under 1500- och 1600-talet, som i samband med Arauco-kriget rapporterade om mapuches seder som de uppfattade som fr\u00e4mmande. Dessa texter \u00e4r, liksom p\u00e5 andra h\u00e5ll, starkt pr\u00e4glade av kolonialmaktens perspektiv.<\/p><p>I slutet av 1800-talet och b\u00f6rjan av 1900-talet grundade den tysk-chilenske lingvisten Rodolfo Lenz, med studier av mapudungun och den muntliga ber\u00e4ttartraditionen, en f\u00f6rsta systematisk vetenskaplig kartl\u00e4ggning som senare etnografer byggde vidare p\u00e5.<\/p><p>Arkeologen Tom Dillehay, framf\u00f6r allt k\u00e4nd f\u00f6r sina utgr\u00e4vningar i Monte Verde, har genom l\u00e5ngtidsstudier av mapuches historia och motst\u00e5nd bidragit v\u00e4sentligt till den historiska f\u00f6rst\u00e5elsen. F\u00f6r den religi\u00f6sa praktiken i nutid \u00e4r etnografen Ana Mariella Bacigalupo en central k\u00e4lla, hennes arbeten om k\u00f6n, makt och helande hos chilenska machi betraktas som standardverk.<\/p><p>En egen k\u00e4llkategori utg\u00f6rs av den muntliga ber\u00e4ttartraditionen sj\u00e4lv, myterna om pill\u00e1n, caicai-vilu och trentren-vilu eller havsv\u00e4sendena i Chilo\u00e9-regionen, som fortfarande ber\u00e4ttas och d\u00e4rmed kontinuerligt omformas. De \u00e4r inte fixerade i en enskild kanonisk version, vilket f\u00f6rsv\u00e5rar den religionshistoriska analysen men samtidigt utg\u00f6r deras livskraft som en aktiv tradition.<\/p><p>Forskare betonar att mapuches religion inte \u00e4r en avslutad, historisk storhet, utan en st\u00e4ndigt f\u00f6r\u00e4nderlig, i nutid praktiserad tradition, vars vetenskapliga beskrivning m\u00e5ste ta h\u00e4nsyn till denna levande karakt\u00e4r.<\/p>\t\t\t\t\t\t\t\t<\/div>\n\t\t\t\t\t<\/div>\n\t\t\t\t<\/div>\n\t\t\t\t\t<\/div>\n\t\t\t\t<\/div>\n\t\t<div class=\"elementor-element elementor-element-cp2c009332 e-flex e-con-boxed e-con e-parent\" data-id=\"cp2c009332\" data-element_type=\"container\" data-e-type=\"container\">\n\t\t\t\t\t<div class=\"e-con-inner\">\n\t\t\t\t<div class=\"elementor-element elementor-element-cp225c94da elementor-widget elementor-widget-heading\" data-id=\"cp225c94da\" data-element_type=\"widget\" data-e-type=\"widget\" data-widget_type=\"heading.default\">\n\t\t\t\t\t<h2 class=\"elementor-heading-title elementor-size-default\">Kolonisation, markkonflikter och levande tradition idag<\/h2>\t\t\t\t<\/div>\n\t\t<div class=\"elementor-element elementor-element-cp2c7191ab e-flex e-con-boxed e-con e-child\" data-id=\"cp2c7191ab\" data-element_type=\"container\" data-e-type=\"container\">\n\t\t\t\t\t<div class=\"e-con-inner\">\n\t\t\t\t<div class=\"elementor-element elementor-element-cp23f4061d elementor-widget elementor-widget-text-editor\" data-id=\"cp23f4061d\" data-element_type=\"widget\" data-e-type=\"widget\" data-widget_type=\"text-editor.default\">\n\t\t\t\t\t\t\t\t\t<p>Mapuche f\u00f6rsvarade sig framg\u00e5ngsrikt mot Inkarikets expansion under 1400-talet och gjorde fr\u00e5n omkring 1550, under det s\u00e5 kallade Arauco-kriget, motst\u00e5nd mot den spanska kolonialmakten under flera \u00e5rhundraden. Floden B\u00edo-B\u00edo utgjorde l\u00e4nge en erk\u00e4nd gr\u00e4ns mot spanskkontrollerat territorium.<\/p><p>F\u00f6rst i slutet av 1800-talet inlemmade den chilenska staten regionen Araucan\u00eda med v\u00e5ld, i samband med de milit\u00e4rkampanjer som kallas Pacificaci\u00f3n de la Araucan\u00eda, \u00e5tf\u00f6ljda av markf\u00f6rlust, f\u00f6rflyttning till reduktioner och intensifierad kristen mission. Liknande processer \u00e4gde rum under samma period p\u00e5 den argentinska sidan.<\/p><p>Trots detta tryck bevarades den religi\u00f6sa praktiken kring machi, ngillatun-ritualen och v\u00f6rdnaden f\u00f6r pill\u00e1n och andra andev\u00e4sen, ofta i n\u00e4ra samband med samh\u00e4llenas sociala och politiska sj\u00e4lvorganisering.<\/p><p>\u00c4n idag finns betydande markr\u00e4ttskonflikter i Araucan\u00eda mellan mapuche-samh\u00e4llen, skogs- och jordbruksf\u00f6retag samt chilenska staten, \u00e5tf\u00f6ljda av politiska strider om erk\u00e4nnande och autonomi.<\/p><p>Till skillnad fr\u00e5n m\u00e5nga historiskt f\u00f6rtryckta traditioner handlar mapuches religion inte om en minneskultur, utan om en tradition som i nutid aktivt praktiseras. Machi verkar idag som erk\u00e4nda ritualspecialister, ngillatun firas fortfarande, och muntliga ber\u00e4ttelser om pill\u00e1n, caicai-vilu, trentren-vilu och v\u00e4sendena i Chilo\u00e9-mytologin f\u00f6rs vidare \u00e4nda in i v\u00e5r tid.<\/p><p>Vetenskaplig beskrivning och offentlig uppfattning m\u00e5ste d\u00e4rf\u00f6r ta h\u00e4nsyn till att det r\u00f6r sig om en levande religi\u00f6s praktik hos ett folk som existerar idag, inte om ett avslutat historiskt \u00e4mne.<\/p>\t\t\t\t\t\t\t\t<\/div>\n\t\t\t\t\t<\/div>\n\t\t\t\t<\/div>\n\t\t\t\t\t<\/div>\n\t\t\t\t<\/div>\n\t\t<div class=\"elementor-element elementor-element-iwgha-sami-sec e-flex e-con-boxed e-con e-parent\" data-id=\"iwgha-sami-sec\" data-element_type=\"container\" data-e-type=\"container\">\n\t\t\t\t\t<div class=\"e-con-inner\">\n\t\t\t\t<div class=\"elementor-element elementor-element-iwgha-sami-h elementor-widget elementor-widget-heading\" data-id=\"iwgha-sami-h\" data-element_type=\"widget\" data-e-type=\"widget\" data-widget_type=\"heading.default\">\n\t\t\t\t\t<h2 class=\"elementor-heading-title elementor-size-default\">V\u00e4sen i denna tradition (8)<\/h2>\t\t\t\t<\/div>\n\t\t<div class=\"elementor-element elementor-element-iwgha-sami-gc e-flex e-con-boxed e-con e-parent\" data-id=\"iwgha-sami-gc\" data-element_type=\"container\" data-e-type=\"container\">\n\t\t\t\t\t<div class=\"e-con-inner\">\n\t\t\t\t<div class=\"elementor-element elementor-element-iwgha-sami-grid elementor-widget elementor-widget-text-editor\" data-id=\"iwgha-sami-grid\" data-element_type=\"widget\" data-e-type=\"widget\" data-widget_type=\"text-editor.default\">\n\t\t\t\t\t\t\t\t\t<div class=\"iwg-wesen-grid\"><a class=\"iwg-wesen-card\" href=\"https:\/\/iwell-guard.com\/sv\/sumpall\/\" aria-label=\"Sumpall\"><div class=\"iwg-wesen-card-imgwrap\"><img decoding=\"async\" src=\"https:\/\/iwell-guard.com\/wp-content\/uploads\/2026\/07\/geister_mapuche_sumpall-200x300.webp\" alt=\"Sumpall\" loading=\"lazy\"><\/div><div class=\"iwg-wesen-card-body\"><div class=\"iwg-wesen-card-name\">Sumpall<\/div><div class=\"iwg-wesen-card-arrow\">\u2192 Till v\u00e4sendet<\/div><\/div><\/a><a class=\"iwg-wesen-card\" href=\"https:\/\/iwell-guard.com\/sv\/pincoya\/\" aria-label=\"Pincoya\"><div class=\"iwg-wesen-card-imgwrap\"><img decoding=\"async\" src=\"https:\/\/iwell-guard.com\/wp-content\/uploads\/2026\/07\/goetter_mapuche_pincoya-200x300.webp\" alt=\"Pincoya\" loading=\"lazy\"><\/div><div class=\"iwg-wesen-card-body\"><div class=\"iwg-wesen-card-name\">Pincoya<\/div><div class=\"iwg-wesen-card-arrow\">\u2192 Till v\u00e4sendet<\/div><\/div><\/a><a class=\"iwg-wesen-card\" href=\"https:\/\/iwell-guard.com\/sv\/nguruvilu\/\" aria-label=\"Nguruvilu\"><div class=\"iwg-wesen-card-imgwrap\"><img decoding=\"async\" src=\"https:\/\/iwell-guard.com\/wp-content\/uploads\/2026\/07\/daemonen_mapuche_nguruvilu-200x300.webp\" alt=\"Nguruvilu\" loading=\"lazy\"><\/div><div class=\"iwg-wesen-card-body\"><div class=\"iwg-wesen-card-name\">Nguruvilu<\/div><div class=\"iwg-wesen-card-arrow\">\u2192 Till v\u00e4sendet<\/div><\/div><\/a><a class=\"iwg-wesen-card\" href=\"https:\/\/iwell-guard.com\/sv\/caicai-vilu\/\" aria-label=\"Caicai-Vilu\"><div class=\"iwg-wesen-card-imgwrap\"><img decoding=\"async\" src=\"https:\/\/iwell-guard.com\/wp-content\/uploads\/2026\/07\/goetter_mapuche_caicai-vilu-200x300.webp\" alt=\"Caicai-Vilu\" loading=\"lazy\"><\/div><div class=\"iwg-wesen-card-body\"><div class=\"iwg-wesen-card-name\">Caicai-Vilu<\/div><div class=\"iwg-wesen-card-arrow\">\u2192 Till v\u00e4sendet<\/div><\/div><\/a><a class=\"iwg-wesen-card\" href=\"https:\/\/iwell-guard.com\/sv\/kalku\/\" aria-label=\"Kalku\"><div class=\"iwg-wesen-card-imgwrap\"><img decoding=\"async\" src=\"https:\/\/iwell-guard.com\/wp-content\/uploads\/2026\/07\/daemonen_mapuche_calku-200x300.webp\" alt=\"Kalku\" loading=\"lazy\"><\/div><div class=\"iwg-wesen-card-body\"><div class=\"iwg-wesen-card-name\">Kalku<\/div><div class=\"iwg-wesen-card-arrow\">\u2192 Till v\u00e4sendet<\/div><\/div><\/a><a class=\"iwg-wesen-card\" href=\"https:\/\/iwell-guard.com\/sv\/anchimayen\/\" aria-label=\"Anchimayen\"><div class=\"iwg-wesen-card-imgwrap\"><img decoding=\"async\" src=\"https:\/\/iwell-guard.com\/wp-content\/uploads\/2026\/07\/geister_mapuche_anchimayen-200x300.webp\" alt=\"Anchimayen\" loading=\"lazy\"><\/div><div class=\"iwg-wesen-card-body\"><div class=\"iwg-wesen-card-name\">Anchimayen<\/div><div class=\"iwg-wesen-card-arrow\">\u2192 Till v\u00e4sendet<\/div><\/div><\/a><a class=\"iwg-wesen-card\" href=\"https:\/\/iwell-guard.com\/sv\/pillan\/\" aria-label=\"Pill\u00e1n\"><div class=\"iwg-wesen-card-imgwrap\"><img decoding=\"async\" src=\"https:\/\/iwell-guard.com\/wp-content\/uploads\/2026\/07\/geister_mapuche_pillan-200x300.webp\" alt=\"Pill\u00e1n\" loading=\"lazy\"><\/div><div class=\"iwg-wesen-card-body\"><div class=\"iwg-wesen-card-name\">Pill\u00e1n<\/div><div class=\"iwg-wesen-card-arrow\">\u2192 Till v\u00e4sendet<\/div><\/div><\/a><a class=\"iwg-wesen-card\" href=\"https:\/\/iwell-guard.com\/sv\/cherufe\/\" aria-label=\"Cherufe\"><div class=\"iwg-wesen-card-imgwrap\"><img decoding=\"async\" src=\"https:\/\/iwell-guard.com\/wp-content\/uploads\/2026\/07\/daemonen_mapuche_cherufe-200x300.webp\" alt=\"Cherufe\" loading=\"lazy\"><\/div><div class=\"iwg-wesen-card-body\"><div class=\"iwg-wesen-card-name\">Cherufe<\/div><div class=\"iwg-wesen-card-arrow\">\u2192 Till v\u00e4sendet<\/div><\/div><\/a><\/div>\t\t\t\t\t\t\t\t<\/div>\n\t\t\t\t\t<\/div>\n\t\t\t\t<\/div>\n\t\t\t\t\t<\/div>\n\t\t\t\t<\/div>\n\t\t<div class=\"elementor-element elementor-element-iwgkw2-add-sami e-flex e-con-boxed e-con e-parent\" data-id=\"iwgkw2-add-sami\" data-element_type=\"container\" data-e-type=\"container\">\n\t\t\t\t\t<div class=\"e-con-inner\">\n\t\t\t\t<div class=\"elementor-element elementor-element-iwgkw2-add-sami-t elementor-widget elementor-widget-text-editor\" data-id=\"iwgkw2-add-sami-t\" data-element_type=\"widget\" data-e-type=\"widget\" data-widget_type=\"text-editor.default\">\n\t\t\t\t\t\t\t\t\t<p><em>Machi-schamanerna<\/em> hos mapuche f\u00f6renar kultrun, rewe och ngillatun-ritualen till en tradition av skydd och helande som fortfarande praktiseras aktivt idag, d\u00e4r de f\u00f6rf\u00e4ders- och vulkanmakter som \u00e4r k\u00e4nda som <em>pill\u00e1n-andar<\/em> \u00e4r t\u00e4tt sammanfl\u00e4tade med familj och gemenskap.<\/p>\t\t\t\t\t\t\t\t<\/div>\n\t\t\t\t\t<\/div>\n\t\t\t\t<\/div>\n\t\t<div class=\"elementor-element elementor-element-iwgcn-sami-kwd e-flex e-con-boxed e-con e-parent\" data-id=\"iwgcn-sami-kwd\" data-element_type=\"container\" data-e-type=\"container\">\n\t\t\t\t\t<div class=\"e-con-inner\">\n\t\t<div class=\"elementor-element elementor-element-iwgcn-sami-kwd-c e-con-full e-flex e-con e-child\" data-id=\"iwgcn-sami-kwd-c\" data-element_type=\"container\" data-e-type=\"container\">\n\t\t\t\t<div class=\"elementor-element elementor-element-iwgcn-sami-kwdt elementor-widget elementor-widget-text-editor\" data-id=\"iwgcn-sami-kwdt\" data-element_type=\"widget\" data-e-type=\"widget\" data-widget_type=\"text-editor.default\">\n\t\t\t\t\t\t\t\t\t<p><em>Relaterade nyckelbegrepp: Mapuche Machi Kultrun Rewe Ngillatun Pill\u00e1n Wallmapu Araucan\u00eda Chilo\u00e9 Chile.<\/em><\/p>\t\t\t\t\t\t\t\t<\/div>\n\t\t\t\t<\/div>\n\t\t\t\t\t<\/div>\n\t\t\t\t<\/div>\n\t\t<div class=\"elementor-element elementor-element-iwgcn-sami-cc e-flex e-con-boxed e-con e-parent\" data-id=\"iwgcn-sami-cc\" data-element_type=\"container\" data-e-type=\"container\" id=\"iwg-cc-sami\">\n\t\t\t\t\t<div class=\"e-con-inner\">\n\t\t<div class=\"elementor-element elementor-element-iwgcn-sami-ccinner e-flex e-con-boxed e-con e-parent\" data-id=\"iwgcn-sami-ccinner\" data-element_type=\"container\" data-e-type=\"container\" data-settings=\"{&quot;background_background&quot;:&quot;classic&quot;}\">\n\t\t\t\t\t<div class=\"e-con-inner\">\n\t\t\t\t<div class=\"elementor-element elementor-element-iwgcn-sami-cch elementor-widget elementor-widget-heading\" data-id=\"iwgcn-sami-cch\" data-element_type=\"widget\" data-e-type=\"widget\" data-widget_type=\"heading.default\">\n\t\t\t\t\t<h2 class=\"elementor-heading-title elementor-size-default\">Skyddsobjekt i denna kulturtradition<\/h2>\t\t\t\t<\/div>\n\t\t\t\t<div class=\"elementor-element elementor-element-iwgcn-sami-cct elementor-widget elementor-widget-text-editor\" data-id=\"iwgcn-sami-cct\" data-element_type=\"widget\" data-e-type=\"widget\" data-widget_type=\"text-editor.default\">\n\t\t\t\t\t\t\t\t\t<p>Mapuche-traditionen k\u00e4nner till kultrun som machins heliga trumma, rewe som ett trappstegsformat helgedom framf\u00f6r hennes hus samt silversmycken (plater\u00eda mapuche) med skyddande och statusmarkerande funktion. Personliga b\u00e4rbara amuletter i mer strikt mening \u00e4r s\u00e4llsynt belagda j\u00e4mf\u00f6rt med dessa rituella och gemensamma skyddsformer, m\u00f6jligen j\u00e4mf\u00f6rbara med <a href=\"https:\/\/iwell-guard.com\/sv\/skyddsorter\/\">skydds\u00f6rter<\/a> eller <a href=\"https:\/\/iwell-guard.com\/sv\/magiska-skyddstecken\/\">skyddstecken<\/a> fr\u00e5n andra kulturer. En \u00f6versikt \u00f6ver skyddsobjekt fr\u00e5n olika traditioner ges av <a href=\"https:\/\/iwell-guard.com\/sv\/skydds-kompass\/\">Skydds-Kompassen<\/a>.<\/p><div data-nosnippet=\"true\"><p>iWell Guard ansluter till denna kulturhistoriska linje av b\u00e4rbara skyddsobjekt, i samtida materialarkitektur, tillverkad i Tyskland. 41 lager, \u00e4kta guld, platina, silver. 30 dagars \u00f6ppet k\u00f6p.<\/p><\/div>\t\t\t\t\t\t\t\t<\/div>\n\t\t\t\t<div class=\"elementor-element elementor-element-iwgcn-sami-ccb iwg-cc-button iwg-cc-cta-2026-05-13 elementor-widget elementor-widget-jet-button\" data-id=\"iwgcn-sami-ccb\" data-element_type=\"widget\" data-e-type=\"widget\" data-widget_type=\"jet-button.default\">\n\t\t\t\t<div class=\"elementor-widget-container\">\n\t\t\t\t\t<div class=\"elementor-jet-button jet-elements\"><div class=\"jet-button__container\"><a class=\"jet-button__instance jet-button__instance--icon-left hover-effect-1\" href=\"\/ueber-iwell-guard\/?utm_source=iwell-guard.com&amp;utm_medium=info-box&amp;utm_campaign=kultur-tradition\"><div class=\"jet-button__plane jet-button__plane-normal\"><\/div><div class=\"jet-button__plane jet-button__plane-hover\"><\/div><div class=\"jet-button__state jet-button__state-normal\"><span class=\"jet-button__label\">Mer om iWell Guard<\/span><\/div><div class=\"jet-button__state jet-button__state-hover\"><span class=\"jet-button__label\">Mer om iWell Guard<\/span><\/div><\/a><\/div><\/div><style>.elementor-element.elementor-element-iwgcn-sami-ccb .jet-button__instance{width:320px;height:56px;}.elementor-element.elementor-element-iwgcn-sami-ccb .jet-button__state-normal .jet-button__label{text-align:center;margin:0px 0px 0px 0px;color:#1a1b20;font-family:Montserrat,sans-serif;font-size:13px;font-weight:400;letter-spacing:4px;line-height:1.714em;text-transform:uppercase;}.elementor-element.elementor-element-iwgcn-sami-ccb .jet-button__state-hover .jet-button__label{text-align:center;margin:0px 0px 0px 0px;color:#FECC76;font-family:Montserrat,sans-serif;font-size:13px;font-weight:400;letter-spacing:4px;line-height:1.714em;text-transform:uppercase;}.elementor-element.elementor-element-iwgcn-sami-ccb .jet-button__plane-normal{background-color:#FECC76;border-style:solid;border-color:#C99540;border-width:2px 2px 2px 2px;}.elementor-element.elementor-element-iwgcn-sami-ccb .jet-button__plane-hover{background-color:rgba(0,0,0,0.55);border-style:solid;border-color:#FECC76;border-width:2px 2px 2px 2px;}<\/style>\t\t\t\t<\/div>\n\t\t\t\t<\/div>\n\t\t\t\t<div class=\"elementor-element elementor-element-iwgcn-sami-ccd elementor-widget elementor-widget-text-editor\" data-id=\"iwgcn-sami-ccd\" data-element_type=\"widget\" data-e-type=\"widget\" data-widget_type=\"text-editor.default\">\n\t\t\t\t\t\t\t\t\t<div data-nosnippet=\"true\"><p style=\"text-align:center;font-size:13px;opacity:0.7;margin-top:14px\" data-nosnippet=\"true\">Personliga erfarenheter kan variera. Ingen medicinteknisk produkt. Inget l\u00f6fte om l\u00e4kning.<\/p><\/div>\t\t\t\t\t\t\t\t<\/div>\n\t\t\t\t\t<\/div>\n\t\t\t\t<\/div>\n\t\t\t\t\t<\/div>\n\t\t\t\t<\/div>\n\t\t<div class=\"elementor-element elementor-element-iwgcn-sami-disc e-flex e-con-boxed e-con e-parent\" data-id=\"iwgcn-sami-disc\" data-element_type=\"container\" data-e-type=\"container\">\n\t\t\t\t\t<div class=\"e-con-inner\">\n\t\t\t\t<div class=\"elementor-element elementor-element-iwgcn-sami-discw elementor-widget elementor-widget-html\" data-id=\"iwgcn-sami-discw\" data-element_type=\"widget\" data-e-type=\"widget\" data-widget_type=\"html.default\">\n\t\t\t\t\t<footer data-nosnippet=\"true\" class=\"iwg-disclaimer-block\"><p data-nosnippet=\"true\">iWell Guard \u00e4r <strong>ingen medicinteknisk produkt<\/strong> och ers\u00e4tter inte l\u00e4karv\u00e5rd eller psykoterapeutisk behandling. De religionsvetenskapliga inneh\u00e5llen \u00e4r kulturhistorisk inordning, ingen andlig praxisrekommendation.<\/p><\/footer>\t\t\t\t<\/div>\n\t\t\t\t\t<\/div>\n\t\t\t\t<\/div>\n\t\t\t\t<\/div>\n\t\t","protected":false},"excerpt":{"rendered":"","protected":false},"author":3,"featured_media":20159,"parent":0,"menu_order":0,"comment_status":"closed","ping_status":"closed","template":"elementor_header_footer","meta":{"_yoast_wpseo_focuskw":"mapuche mytologi","_yoast_wpseo_title":"Mapuche-mytologi: Pill\u00e1n, machi och andev\u00e4rld","_yoast_wpseo_metadesc":"Machi-shamaner, pill\u00e1n-andar och \u00f6versv\u00e4mningsmyten om Caicai och Trentren: Mapuche-mytologin i Chile och Argentina f\u00f6rklarad grundligt.","_yoast_wpseo_meta-robots-noindex":"","_yoast_wpseo_canonical":"","_angie_page":false,"gefaehrdungsstufe":"","wesen_kultur":"","wesen_klasse":"","footnotes":""},"categories":[],"class_list":["post-137758","page","type-page","status-publish","has-post-thumbnail","hentry"],"yoast_head":"<!-- This site is optimized with the Yoast SEO Premium plugin v27.7 (Yoast SEO v28.3) - https:\/\/yoast.com\/product\/yoast-seo-premium-wordpress\/ -->\n<title>Mapuche-mytologi: Pill\u00e1n, machi och andev\u00e4rld<\/title>\n<meta name=\"description\" content=\"Machi-shamaner, pill\u00e1n-andar och \u00f6versv\u00e4mningsmyten om Caicai och Trentren: Mapuche-mytologin i Chile och Argentina f\u00f6rklarad grundligt.\" \/>\n<meta name=\"robots\" content=\"index, follow, max-snippet:-1, max-image-preview:large, max-video-preview:-1\" \/>\n<link rel=\"canonical\" href=\"https:\/\/iwell-guard.com\/sv\/mapuche-mytologi\/\" \/>\n<meta property=\"og:locale\" content=\"sv_SE\" \/>\n<meta property=\"og:type\" content=\"article\" \/>\n<meta property=\"og:title\" content=\"Mapuche-mytologi\" \/>\n<meta property=\"og:description\" content=\"Machi-shamaner, pill\u00e1n-andar och \u00f6versv\u00e4mningsmyten om Caicai och Trentren: Mapuche-mytologin i Chile och Argentina f\u00f6rklarad grundligt.\" \/>\n<meta property=\"og:url\" content=\"https:\/\/iwell-guard.com\/sv\/mapuche-mytologi\/\" \/>\n<meta property=\"og:site_name\" content=\"iWell Guard\" \/>\n<meta property=\"article:modified_time\" content=\"2026-09-03T01:38:20+00:00\" \/>\n<meta property=\"og:image\" content=\"https:\/\/iwell-guard.com\/wp-content\/uploads\/2026\/07\/geister_mapuche_pillan.webp\" \/>\n\t<meta property=\"og:image:width\" content=\"1024\" \/>\n\t<meta property=\"og:image:height\" content=\"1536\" \/>\n\t<meta property=\"og:image:type\" content=\"image\/webp\" \/>\n<meta name=\"twitter:card\" content=\"summary_large_image\" \/>\n<script type=\"application\/ld+json\" class=\"yoast-schema-graph\">{\"@context\":\"https:\\\/\\\/schema.org\",\"@graph\":[{\"@type\":\"WebPage\",\"@id\":\"https:\\\/\\\/iwell-guard.com\\\/sv\\\/mapuche-mytologi\\\/\",\"url\":\"https:\\\/\\\/iwell-guard.com\\\/sv\\\/mapuche-mytologi\\\/\",\"name\":\"Mapuche-mytologi: Pill\u00e1n, machi och andev\u00e4rld\",\"isPartOf\":{\"@id\":\"https:\\\/\\\/iwell-guard.com\\\/sv\\\/#website\"},\"primaryImageOfPage\":{\"@id\":\"https:\\\/\\\/iwell-guard.com\\\/sv\\\/mapuche-mytologi\\\/#primaryimage\"},\"image\":{\"@id\":\"https:\\\/\\\/iwell-guard.com\\\/sv\\\/mapuche-mytologi\\\/#primaryimage\"},\"thumbnailUrl\":\"https:\\\/\\\/iwell-guard.com\\\/wp-content\\\/uploads\\\/2026\\\/07\\\/geister_mapuche_pillan.webp\",\"datePublished\":\"2026-09-03T00:18:39+00:00\",\"dateModified\":\"2026-09-03T01:38:20+00:00\",\"description\":\"Machi-shamaner, pill\u00e1n-andar och \u00f6versv\u00e4mningsmyten om Caicai och Trentren: Mapuche-mytologin i Chile och Argentina f\u00f6rklarad grundligt.\",\"breadcrumb\":{\"@id\":\"https:\\\/\\\/iwell-guard.com\\\/sv\\\/mapuche-mytologi\\\/#breadcrumb\"},\"inLanguage\":\"sv-SE\",\"potentialAction\":[{\"@type\":\"ReadAction\",\"target\":[\"https:\\\/\\\/iwell-guard.com\\\/sv\\\/mapuche-mytologi\\\/\"]}]},{\"@type\":\"ImageObject\",\"inLanguage\":\"sv-SE\",\"@id\":\"https:\\\/\\\/iwell-guard.com\\\/sv\\\/mapuche-mytologi\\\/#primaryimage\",\"url\":\"https:\\\/\\\/iwell-guard.com\\\/wp-content\\\/uploads\\\/2026\\\/07\\\/geister_mapuche_pillan.webp\",\"contentUrl\":\"https:\\\/\\\/iwell-guard.com\\\/wp-content\\\/uploads\\\/2026\\\/07\\\/geister_mapuche_pillan.webp\",\"width\":1024,\"height\":1536,\"caption\":\"Pill\u00e1n, eld- och \u00e5skanden hos mapucherna\"},{\"@type\":\"BreadcrumbList\",\"@id\":\"https:\\\/\\\/iwell-guard.com\\\/sv\\\/mapuche-mytologi\\\/#breadcrumb\",\"itemListElement\":[{\"@type\":\"ListItem\",\"position\":1,\"name\":\"Start\",\"item\":\"https:\\\/\\\/iwell-guard.com\\\/sv\\\/?page_id=136483\"},{\"@type\":\"ListItem\",\"position\":2,\"name\":\"Mapuche-mytologi\"}]},{\"@type\":\"WebSite\",\"@id\":\"https:\\\/\\\/iwell-guard.com\\\/sv\\\/#website\",\"url\":\"https:\\\/\\\/iwell-guard.com\\\/sv\\\/\",\"name\":\"iWell Guard\",\"description\":\"Schutz vor dunklen Einfl\u00fcssen\",\"publisher\":{\"@id\":\"https:\\\/\\\/iwell-guard.com\\\/sv\\\/#organization\"},\"potentialAction\":[{\"@type\":\"SearchAction\",\"target\":{\"@type\":\"EntryPoint\",\"urlTemplate\":\"https:\\\/\\\/iwell-guard.com\\\/sv\\\/?s={search_term_string}\"},\"query-input\":{\"@type\":\"PropertyValueSpecification\",\"valueRequired\":true,\"valueName\":\"search_term_string\"}}],\"inLanguage\":\"sv-SE\"},{\"@type\":\"Organization\",\"@id\":\"https:\\\/\\\/iwell-guard.com\\\/sv\\\/#organization\",\"name\":\"Ittermann electronic GmbH\",\"url\":\"https:\\\/\\\/iwell-guard.com\\\/sv\\\/\",\"logo\":{\"@type\":\"ImageObject\",\"inLanguage\":\"sv-SE\",\"@id\":\"https:\\\/\\\/iwell-guard.com\\\/sv\\\/#\\\/schema\\\/logo\\\/image\\\/\",\"url\":\"https:\\\/\\\/iwell-guard.com\\\/wp-content\\\/uploads\\\/2026\\\/05\\\/Ittermann-Logo-1182x237-1.png\",\"contentUrl\":\"https:\\\/\\\/iwell-guard.com\\\/wp-content\\\/uploads\\\/2026\\\/05\\\/Ittermann-Logo-1182x237-1.png\",\"width\":1182,\"height\":237,\"caption\":\"Ittermann electronic GmbH\"},\"image\":{\"@id\":\"https:\\\/\\\/iwell-guard.com\\\/sv\\\/#\\\/schema\\\/logo\\\/image\\\/\"},\"sameAs\":[\"https:\\\/\\\/pantip.com\\\/profile\\\/9367242\",\"https:\\\/\\\/micro.blog\\\/iwellguard\",\"https:\\\/\\\/www.diggerslist.com\\\/iwellguard\\\/about\",\"https:\\\/\\\/skitterphoto.com\\\/photographers\\\/2870314\\\/iwell-guard\",\"https:\\\/\\\/iwellguard.wordpress.com\\\/2026\\\/06\\\/06\\\/iwell-guard\\\/\",\"https:\\\/\\\/hub.docker.com\\\/u\\\/iwellguard\",\"https:\\\/\\\/www.pinterest.com\\\/iwellguard\\\/\",\"https:\\\/\\\/bit.ly\\\/m\\\/iwellguard\",\"https:\\\/\\\/entre-vos-mains.alsace.eu\\\/profiles\\\/iwellguard\\\/activity\",\"https:\\\/\\\/gravatar.com\\\/reallybeded8fd34\",\"https:\\\/\\\/naijamatta.com\\\/iwellguard\",\"https:\\\/\\\/www.goodreads.com\\\/iwellguard\",\"https:\\\/\\\/profile.hatena.ne.jp\\\/iwellguard\\\/\",\"https:\\\/\\\/experiment.com\\\/users\\\/iwellguard\",\"https:\\\/\\\/wakelet.com\\\/@iWellGuard82270\",\"https:\\\/\\\/www.chordie.com\\\/forum\\\/profile.php?id=2555664\",\"https:\\\/\\\/www.instapaper.com\\\/p\\\/17757966\",\"https:\\\/\\\/www.mapleprimes.com\\\/users\\\/iwellguard\",\"https:\\\/\\\/businesslistingplus.com\\\/profile\\\/iwell-guard\\\/\",\"https:\\\/\\\/telegra.ph\\\/iWell-Guard-06-06\",\"https:\\\/\\\/pbase.com\\\/iwellguard\\\/iwellguard\",\"https:\\\/\\\/b.hatena.ne.jp\\\/iwellguard\\\/20260607#bookmark-4788405196491818882\",\"https:\\\/\\\/fliphtml5.com\\\/home\\\/iwellguard\",\"https:\\\/\\\/anyflip.com\\\/homepage\\\/cmiwl#About\",\"https:\\\/\\\/transfur.com\\\/Users\\\/iwellguard\",\"http:\\\/\\\/delphi.larsbo.org\\\/user\\\/iwellguard\",\"https:\\\/\\\/jobs.lajobsportal.org\\\/profiles\\\/8380803-iwell-guard\",\"https:\\\/\\\/md.chaosdorf.de\\\/s\\\/jfbe5SBdJD\",\"https:\\\/\\\/www.lingvolive.com\\\/en-us\\\/profile\\\/9ecaeaca-ce11-4e51-9e71-01d55e2bff36\\\/translations\",\"https:\\\/\\\/www.fitday.com\\\/fitness\\\/forums\\\/members\\\/iwellguard.html\",\"https:\\\/\\\/www.mymeetbook.com\\\/iwellguard\",\"https:\\\/\\\/pxhere.com\\\/en\\\/photographer-me\\\/5040798\",\"https:\\\/\\\/disqus.com\\\/by\\\/iwellguard\\\/about\\\/\",\"https:\\\/\\\/pastelink.net\\\/hjwciqwq\",\"https:\\\/\\\/pubhtml5.com\\\/homepage\\\/scjhn\\\/\",\"https:\\\/\\\/www.bitchute.com\\\/channel\\\/2O2eOKzNqujT\",\"https:\\\/\\\/audiomack.com\\\/iwellguard\"]}]}<\/script>\n<!-- \/ Yoast SEO Premium plugin. -->","yoast_head_json":{"title":"Mapuche-mytologi: Pill\u00e1n, machi och andev\u00e4rld","description":"Machi-shamaner, pill\u00e1n-andar och \u00f6versv\u00e4mningsmyten om Caicai och Trentren: Mapuche-mytologin i Chile och Argentina f\u00f6rklarad grundligt.","robots":{"index":"index","follow":"follow","max-snippet":"max-snippet:-1","max-image-preview":"max-image-preview:large","max-video-preview":"max-video-preview:-1"},"canonical":"https:\/\/iwell-guard.com\/sv\/mapuche-mytologi\/","og_locale":"sv_SE","og_type":"article","og_title":"Mapuche-mytologi","og_description":"Machi-shamaner, pill\u00e1n-andar och \u00f6versv\u00e4mningsmyten om Caicai och Trentren: Mapuche-mytologin i Chile och Argentina f\u00f6rklarad grundligt.","og_url":"https:\/\/iwell-guard.com\/sv\/mapuche-mytologi\/","og_site_name":"iWell Guard","article_modified_time":"2026-09-03T01:38:20+00:00","og_image":[{"width":1024,"height":1536,"url":"https:\/\/iwell-guard.com\/wp-content\/uploads\/2026\/07\/geister_mapuche_pillan.webp","type":"image\/webp"}],"twitter_card":"summary_large_image","schema":{"@context":"https:\/\/schema.org","@graph":[{"@type":"WebPage","@id":"https:\/\/iwell-guard.com\/sv\/mapuche-mytologi\/","url":"https:\/\/iwell-guard.com\/sv\/mapuche-mytologi\/","name":"Mapuche-mytologi: Pill\u00e1n, machi och andev\u00e4rld","isPartOf":{"@id":"https:\/\/iwell-guard.com\/sv\/#website"},"primaryImageOfPage":{"@id":"https:\/\/iwell-guard.com\/sv\/mapuche-mytologi\/#primaryimage"},"image":{"@id":"https:\/\/iwell-guard.com\/sv\/mapuche-mytologi\/#primaryimage"},"thumbnailUrl":"https:\/\/iwell-guard.com\/wp-content\/uploads\/2026\/07\/geister_mapuche_pillan.webp","datePublished":"2026-09-03T00:18:39+00:00","dateModified":"2026-09-03T01:38:20+00:00","description":"Machi-shamaner, pill\u00e1n-andar och \u00f6versv\u00e4mningsmyten om Caicai och Trentren: Mapuche-mytologin i Chile och Argentina f\u00f6rklarad grundligt.","breadcrumb":{"@id":"https:\/\/iwell-guard.com\/sv\/mapuche-mytologi\/#breadcrumb"},"inLanguage":"sv-SE","potentialAction":[{"@type":"ReadAction","target":["https:\/\/iwell-guard.com\/sv\/mapuche-mytologi\/"]}]},{"@type":"ImageObject","inLanguage":"sv-SE","@id":"https:\/\/iwell-guard.com\/sv\/mapuche-mytologi\/#primaryimage","url":"https:\/\/iwell-guard.com\/wp-content\/uploads\/2026\/07\/geister_mapuche_pillan.webp","contentUrl":"https:\/\/iwell-guard.com\/wp-content\/uploads\/2026\/07\/geister_mapuche_pillan.webp","width":1024,"height":1536,"caption":"Pill\u00e1n, eld- och \u00e5skanden hos mapucherna"},{"@type":"BreadcrumbList","@id":"https:\/\/iwell-guard.com\/sv\/mapuche-mytologi\/#breadcrumb","itemListElement":[{"@type":"ListItem","position":1,"name":"Start","item":"https:\/\/iwell-guard.com\/sv\/?page_id=136483"},{"@type":"ListItem","position":2,"name":"Mapuche-mytologi"}]},{"@type":"WebSite","@id":"https:\/\/iwell-guard.com\/sv\/#website","url":"https:\/\/iwell-guard.com\/sv\/","name":"iWell Guard","description":"Schutz vor dunklen Einfl\u00fcssen","publisher":{"@id":"https:\/\/iwell-guard.com\/sv\/#organization"},"potentialAction":[{"@type":"SearchAction","target":{"@type":"EntryPoint","urlTemplate":"https:\/\/iwell-guard.com\/sv\/?s={search_term_string}"},"query-input":{"@type":"PropertyValueSpecification","valueRequired":true,"valueName":"search_term_string"}}],"inLanguage":"sv-SE"},{"@type":"Organization","@id":"https:\/\/iwell-guard.com\/sv\/#organization","name":"Ittermann electronic GmbH","url":"https:\/\/iwell-guard.com\/sv\/","logo":{"@type":"ImageObject","inLanguage":"sv-SE","@id":"https:\/\/iwell-guard.com\/sv\/#\/schema\/logo\/image\/","url":"https:\/\/iwell-guard.com\/wp-content\/uploads\/2026\/05\/Ittermann-Logo-1182x237-1.png","contentUrl":"https:\/\/iwell-guard.com\/wp-content\/uploads\/2026\/05\/Ittermann-Logo-1182x237-1.png","width":1182,"height":237,"caption":"Ittermann electronic GmbH"},"image":{"@id":"https:\/\/iwell-guard.com\/sv\/#\/schema\/logo\/image\/"},"sameAs":["https:\/\/pantip.com\/profile\/9367242","https:\/\/micro.blog\/iwellguard","https:\/\/www.diggerslist.com\/iwellguard\/about","https:\/\/skitterphoto.com\/photographers\/2870314\/iwell-guard","https:\/\/iwellguard.wordpress.com\/2026\/06\/06\/iwell-guard\/","https:\/\/hub.docker.com\/u\/iwellguard","https:\/\/www.pinterest.com\/iwellguard\/","https:\/\/bit.ly\/m\/iwellguard","https:\/\/entre-vos-mains.alsace.eu\/profiles\/iwellguard\/activity","https:\/\/gravatar.com\/reallybeded8fd34","https:\/\/naijamatta.com\/iwellguard","https:\/\/www.goodreads.com\/iwellguard","https:\/\/profile.hatena.ne.jp\/iwellguard\/","https:\/\/experiment.com\/users\/iwellguard","https:\/\/wakelet.com\/@iWellGuard82270","https:\/\/www.chordie.com\/forum\/profile.php?id=2555664","https:\/\/www.instapaper.com\/p\/17757966","https:\/\/www.mapleprimes.com\/users\/iwellguard","https:\/\/businesslistingplus.com\/profile\/iwell-guard\/","https:\/\/telegra.ph\/iWell-Guard-06-06","https:\/\/pbase.com\/iwellguard\/iwellguard","https:\/\/b.hatena.ne.jp\/iwellguard\/20260607#bookmark-4788405196491818882","https:\/\/fliphtml5.com\/home\/iwellguard","https:\/\/anyflip.com\/homepage\/cmiwl#About","https:\/\/transfur.com\/Users\/iwellguard","http:\/\/delphi.larsbo.org\/user\/iwellguard","https:\/\/jobs.lajobsportal.org\/profiles\/8380803-iwell-guard","https:\/\/md.chaosdorf.de\/s\/jfbe5SBdJD","https:\/\/www.lingvolive.com\/en-us\/profile\/9ecaeaca-ce11-4e51-9e71-01d55e2bff36\/translations","https:\/\/www.fitday.com\/fitness\/forums\/members\/iwellguard.html","https:\/\/www.mymeetbook.com\/iwellguard","https:\/\/pxhere.com\/en\/photographer-me\/5040798","https:\/\/disqus.com\/by\/iwellguard\/about\/","https:\/\/pastelink.net\/hjwciqwq","https:\/\/pubhtml5.com\/homepage\/scjhn\/","https:\/\/www.bitchute.com\/channel\/2O2eOKzNqujT","https:\/\/audiomack.com\/iwellguard"]}]}},"_links":{"self":[{"href":"https:\/\/iwell-guard.com\/sv\/wp-json\/wp\/v2\/pages\/137758","targetHints":{"allow":["GET"]}}],"collection":[{"href":"https:\/\/iwell-guard.com\/sv\/wp-json\/wp\/v2\/pages"}],"about":[{"href":"https:\/\/iwell-guard.com\/sv\/wp-json\/wp\/v2\/types\/page"}],"author":[{"embeddable":true,"href":"https:\/\/iwell-guard.com\/sv\/wp-json\/wp\/v2\/users\/3"}],"replies":[{"embeddable":true,"href":"https:\/\/iwell-guard.com\/sv\/wp-json\/wp\/v2\/comments?post=137758"}],"version-history":[{"count":0,"href":"https:\/\/iwell-guard.com\/sv\/wp-json\/wp\/v2\/pages\/137758\/revisions"}],"wp:featuredmedia":[{"embeddable":true,"href":"https:\/\/iwell-guard.com\/sv\/wp-json\/wp\/v2\/media\/20159"}],"wp:attachment":[{"href":"https:\/\/iwell-guard.com\/sv\/wp-json\/wp\/v2\/media?parent=137758"}],"wp:term":[{"taxonomy":"category","embeddable":true,"href":"https:\/\/iwell-guard.com\/sv\/wp-json\/wp\/v2\/categories?post=137758"}],"curies":[{"name":"wp","href":"https:\/\/api.w.org\/{rel}","templated":true}]}}