{"id":137757,"date":"2026-09-03T00:18:38","date_gmt":"2026-09-03T00:18:38","guid":{"rendered":"https:\/\/iwell-guard.com\/?page_id=137757"},"modified":"2026-09-03T01:38:20","modified_gmt":"2026-09-03T01:38:20","slug":"baltisk-mytologi","status":"publish","type":"page","link":"https:\/\/iwell-guard.com\/sv\/baltisk-mytologi\/","title":{"rendered":"Baltisk mytologi"},"content":{"rendered":"\t\t<div data-elementor-type=\"wp-page\" data-elementor-id=\"137757\" class=\"elementor elementor-137757 elementor-20568 elementor-bc-flex-widget\" data-elementor-post-type=\"page\">\n\t\t\t\t<div class=\"elementor-element elementor-element-iwgcn-sami-hero iwg-kultur-hero e-flex e-con-boxed e-con e-parent\" data-id=\"iwgcn-sami-hero\" data-element_type=\"container\" data-e-type=\"container\">\n\t\t\t\t\t<div class=\"e-con-inner\">\n\t\t<div class=\"elementor-element elementor-element-iwgcn-sami-hl iwg-kultur-hero-left e-flex e-con-boxed e-con e-child\" data-id=\"iwgcn-sami-hl\" data-element_type=\"container\" data-e-type=\"container\">\n\t\t\t\t\t<div class=\"e-con-inner\">\n\t\t\t\t<div class=\"elementor-element elementor-element-iwgcn-sami-h1 elementor-widget elementor-widget-heading\" data-id=\"iwgcn-sami-h1\" data-element_type=\"widget\" data-e-type=\"widget\" data-widget_type=\"heading.default\">\n\t\t\t\t\t<h1 class=\"elementor-heading-title elementor-size-default\">Baltiska gudar, Perk\u016bnas och mytologin i Litauen och Lettland<\/h1>\t\t\t\t<\/div>\n\t\t<div class=\"elementor-element elementor-element-iwgcn-sami-leadc e-con-full e-flex e-con e-child\" data-id=\"iwgcn-sami-leadc\" data-element_type=\"container\" data-e-type=\"container\">\n\t\t\t\t<div class=\"elementor-element elementor-element-iwgcn-sami-lead elementor-widget elementor-widget-text-editor\" data-id=\"iwgcn-sami-lead\" data-element_type=\"widget\" data-e-type=\"widget\" data-widget_type=\"text-editor.default\">\n\t\t\t\t\t\t\t\t\t<p>Balterna, litauer och letter, spridda \u00f6ver dagens Litauen och Lettland, bevarade genom att kristnandet inte slutf\u00f6rdes f\u00f6rr\u00e4n 1387, och i omr\u00e5det \u017demaitija s\u00e5 sent som 1413, Europas l\u00e4ngst bevarade f\u00f6rkristna religion. De folkvisor som kallas dainas, h\u00e4rdeldskulten kring gudinnan Gabija och v\u00f6rdnaden f\u00f6r husormen Zaltys utg\u00f6r ett eget, indoeuropeiskt s\u00e4rskilt \u00e5lderdomligt religi\u00f6st lager.<\/p>\n<p class=\"iwg-kwfix\">Den baltiska gudav\u00e4rlden \u00e4r n\u00e4ra knuten till hus, h\u00e4rd och landskapets makter.<\/p>\t\t\t\t\t\t\t\t<\/div>\n\t\t\t\t<\/div>\n\t\t\t\t\t<\/div>\n\t\t\t\t<\/div>\n\t\t<div class=\"elementor-element elementor-element-iwgcn-sami-hr iwg-kultur-hero-right e-flex e-con-boxed e-con e-child\" data-id=\"iwgcn-sami-hr\" data-element_type=\"container\" data-e-type=\"container\">\n\t\t\t\t\t<div class=\"e-con-inner\">\n\t\t\t\t<div class=\"elementor-element elementor-element-iwgcn-sami-himg iwg-hero-image elementor-widget elementor-widget-image\" data-id=\"iwgcn-sami-himg\" data-element_type=\"widget\" data-e-type=\"widget\" data-widget_type=\"image.default\">\n\t\t\t\t\t\t\t\t\t\t\t\t\t\t\t<img fetchpriority=\"high\" decoding=\"async\" width=\"683\" height=\"1024\" src=\"https:\/\/iwell-guard.com\/wp-content\/uploads\/2026\/05\/goetter_sami_beaivi-683x1024.webp\" class=\"attachment-large size-large wp-image-136055\" alt=\"Beaivi \u2013 gud fr\u00e5n den samiska traditionen, historiskt-illustrativ\" srcset=\"https:\/\/iwell-guard.com\/wp-content\/uploads\/2026\/05\/goetter_sami_beaivi-683x1024.webp 683w, https:\/\/iwell-guard.com\/wp-content\/uploads\/2026\/05\/goetter_sami_beaivi-200x300.webp 200w, https:\/\/iwell-guard.com\/wp-content\/uploads\/2026\/05\/goetter_sami_beaivi-768x1152.webp 768w, https:\/\/iwell-guard.com\/wp-content\/uploads\/2026\/05\/goetter_sami_beaivi.webp 1024w\" sizes=\"(max-width: 683px) 100vw, 683px\" \/>\t\t\t\t\t\t\t\t\t\t\t\t\t\t\t<\/div>\n\t\t\t\t\t<\/div>\n\t\t\t\t<\/div>\n\t\t\t\t\t<\/div>\n\t\t\t\t<\/div>\n\t\t\t\t<section class=\"elementor-section elementor-top-section elementor-element elementor-element-sec-iwgcomp-sami elementor-section-boxed elementor-section-height-default elementor-section-height-default\" data-id=\"sec-iwgcomp-sami\" data-element_type=\"section\" data-e-type=\"section\">\n\t\t\t\t\t\t<div class=\"elementor-container elementor-column-gap-default\">\n\t\t\t\t\t<div class=\"elementor-column elementor-col-100 elementor-top-column elementor-element elementor-element-col-iwgcomp-sami\" data-id=\"col-iwgcomp-sami\" data-element_type=\"column\" data-e-type=\"column\">\n\t\t\t<div class=\"elementor-widget-wrap elementor-element-populated\">\n\t\t\t\t\t\t<div class=\"elementor-element elementor-element-iwgcomp-sami elementor-widget elementor-widget-text-editor\" data-id=\"iwgcomp-sami\" data-element_type=\"widget\" data-e-type=\"widget\" data-widget_type=\"text-editor.default\">\n\t\t\t\t\t\t\t\t\t<p>Den baltiska <strong><span class=\"iwg-fachbegriff\" data-tooltip=\"Korta, muntligt \u00f6verl\u00e4mnade folkvisor fr\u00e5n Litauen och Lettland, den viktigaste k\u00e4llan till f\u00f6rkristna f\u00f6rest\u00e4llningar.\" tabindex=\"0\">dainas<\/span>-traditionen<\/strong> utg\u00f6r ryggraden i rekonstruktionen av f\u00f6rkristen religion i Baltikum.<\/p>\n<p class=\"iwg-kwfix\">De baltiska gudarna delas in i himmels- och v\u00e4dermakter kring \u00e5skguden Perk\u016bnas, husandar som Kaukas och Aitvaras samt en m\u00e4ngd modergudinnor som h\u00e4rskar \u00f6ver skog, eld och vatten. \u00c4nnu i dag h\u00e5lls dessa motiv levande i Litauen och Lettland.<\/p>\t\t\t\t\t\t\t\t<\/div>\n\t\t\t\t\t<\/div>\n\t\t<\/div>\n\t\t\t\t\t<\/div>\n\t\t<\/section>\n\t\t<div class=\"elementor-element elementor-element-iwgcn-sami-s0 e-flex e-con-boxed e-con e-parent\" data-id=\"iwgcn-sami-s0\" data-element_type=\"container\" data-e-type=\"container\">\n\t\t\t\t\t<div class=\"e-con-inner\">\n\t\t\t\t<div class=\"elementor-element elementor-element-iwgcn-sami-s0h elementor-widget elementor-widget-heading\" data-id=\"iwgcn-sami-s0h\" data-element_type=\"widget\" data-e-type=\"widget\" data-widget_type=\"heading.default\">\n\t\t\t\t\t<h2 class=\"elementor-heading-title elementor-size-default\">Balter, spr\u00e5k och bos\u00e4ttningsomr\u00e5de<\/h2>\t\t\t\t<\/div>\n\t\t<div class=\"elementor-element elementor-element-iwgcn-sami-s0-c e-con-full e-flex e-con e-child\" data-id=\"iwgcn-sami-s0-c\" data-element_type=\"container\" data-e-type=\"container\">\n\t\t\t\t<div class=\"elementor-element elementor-element-iwgcn-sami-s0t elementor-widget elementor-widget-text-editor\" data-id=\"iwgcn-sami-s0t\" data-element_type=\"widget\" data-e-type=\"widget\" data-widget_type=\"text-editor.default\">\n\t\t\t\t\t\t\t\t\t<p>Den baltiska spr\u00e5kfamiljen, en egen grupp inom de indoeuropeiska spr\u00e5ken, omfattar de levande spr\u00e5ken litauiska och lettiska samt det v\u00e4stbaltiska spr\u00e5ket preussiska, som dog ut p\u00e5 1600-talet. Spr\u00e5kvetenskapligt betraktas de baltiska spr\u00e5ken som s\u00e4rskilt \u00e5lderdomliga och d\u00e4rf\u00f6r viktiga f\u00f6r rekonstruktionen av indoeuropeiska f\u00f6rh\u00e5llanden.<\/p><p>Bos\u00e4ttningsomr\u00e5det omfattar dagens Litauen och Lettland vid \u00d6stersj\u00f6n. Kristnandet av Litauen skedde officiellt f\u00f6rst 1387 under storfursten Jogaila, och omr\u00e5det \u017demaitija (Nedre Litauen) f\u00f6ljde 1413 som ett av de sista hedniska omr\u00e5dena i Europa. Enstaka rapporter om f\u00f6rkristna sedv\u00e4njor str\u00e4cker sig \u00e4nda in p\u00e5 1700-talet.<\/p>\n<p class=\"iwg-kwfix\">Himmel och h\u00e4rd ordnar balternas gudav\u00e4rld, ovan \u00e5skguden Perk\u016bnas, i hemmet eldgudinnan Gabija, i landskapet de m\u00e5nga modergudinnorna. Dainas-traditionen i Litauen och Lettland h\u00e5ller denna kunskap levande \u00e4n i dag.<\/p>\t\t\t\t\t\t\t\t<\/div>\n\t\t\t\t<\/div>\n\t\t\t\t\t<\/div>\n\t\t\t\t<\/div>\n\t\t<div class=\"elementor-element elementor-element-iwgcn-sami-s1 e-flex e-con-boxed e-con e-parent\" data-id=\"iwgcn-sami-s1\" data-element_type=\"container\" data-e-type=\"container\">\n\t\t\t\t\t<div class=\"e-con-inner\">\n\t\t\t\t<div class=\"elementor-element elementor-element-iwgcn-sami-s1h elementor-widget elementor-widget-heading\" data-id=\"iwgcn-sami-s1h\" data-element_type=\"widget\" data-e-type=\"widget\" data-widget_type=\"heading.default\">\n\t\t\t\t\t<h2 class=\"elementor-heading-title elementor-size-default\">Pantheon: Dievas, Perk\u016bnas, Laima, Saul\u0117<\/h2>\t\t\t\t<\/div>\n\t\t<div class=\"elementor-element elementor-element-iwgcn-sami-s1-c e-con-full e-flex e-con e-child\" data-id=\"iwgcn-sami-s1-c\" data-element_type=\"container\" data-e-type=\"container\">\n\t\t\t\t<div class=\"elementor-element elementor-element-iwgcn-sami-s1t elementor-widget elementor-widget-text-editor\" data-id=\"iwgcn-sami-s1t\" data-element_type=\"widget\" data-e-type=\"widget\" data-widget_type=\"text-editor.default\">\n\t\t\t\t\t\t\t\t\t<p>Dievas, litauiska, respektive Dievs, lettiska, betecknar himmelsguden, en avl\u00e4gsen, ordnande gestalt. Perk\u016bnas, litauiska, och P\u0113rkons, lettiska, \u00e4r \u00e5skguden, ansvarig f\u00f6r \u00e5skv\u00e4der, fruktbarhet och r\u00e4ttvisa. Laima \u00e4r \u00f6des- och lyckogudinnan som vakar \u00f6ver f\u00f6dsel och livsv\u00e4g, Saul\u0117, litauiska, respektive Saule, lettiska, den kvinnliga solgudomen. I Lettland framtr\u00e4der dessutom M\u0101ra som jord- och modergudom vid sidan av Dievs och Laima.<\/p><p>Velinas, litauiska, respektive Velns, lettiska, \u00e4r en underjords- och d\u00f6dsgestalt som efter kristnandet alltmer sm\u00e4lte samman med den kristna dj\u00e4vulen. Vid sidan av dessa stora gestalter k\u00e4nner traditionen egna gudomar f\u00f6r enskilda omr\u00e5den, till exempel vindguden <a href=\"https:\/\/iwell-guard.com\/sv\/vejopatis\/\">V\u0117jopatis<\/a> eller den lettiska husanden <a href=\"https:\/\/iwell-guard.com\/sv\/majas-gars\/\">M\u0101jas gars<\/a>, som vakar \u00f6ver hus och g\u00e5rd. Den lettiska traditionen k\u00e4nner dessutom ett omfattande system av omkring sjuttio \u201dm\u00f6drar\u201d (m\u0101tes), personifierade h\u00e4rskarinnor \u00f6ver enskilda naturomr\u00e5den som skog, hav, vind eller eld.<\/p>\t\t\t\t\t\t\t\t<\/div>\n\t\t\t\t<\/div>\n\t\t\t\t\t<\/div>\n\t\t\t\t<\/div>\n\t\t<div class=\"elementor-element elementor-element-iwgcn-sami-s2 e-flex e-con-boxed e-con e-parent\" data-id=\"iwgcn-sami-s2\" data-element_type=\"container\" data-e-type=\"container\">\n\t\t\t\t\t<div class=\"e-con-inner\">\n\t\t\t\t<div class=\"elementor-element elementor-element-iwgcn-sami-s2h elementor-widget elementor-widget-heading\" data-id=\"iwgcn-sami-s2h\" data-element_type=\"widget\" data-e-type=\"widget\" data-widget_type=\"heading.default\">\n\t\t\t\t\t<h2 class=\"elementor-heading-title elementor-size-default\">Dainas som religionshistorisk k\u00e4lla<\/h2>\t\t\t\t<\/div>\n\t\t<div class=\"elementor-element elementor-element-iwgcn-sami-s2-c e-con-full e-flex e-con e-child\" data-id=\"iwgcn-sami-s2-c\" data-element_type=\"container\" data-e-type=\"container\">\n\t\t\t\t<div class=\"elementor-element elementor-element-iwgcn-sami-s2t elementor-widget elementor-widget-text-editor\" data-id=\"iwgcn-sami-s2t\" data-element_type=\"widget\" data-e-type=\"widget\" data-widget_type=\"text-editor.default\">\n\t\t\t\t\t\t\t\t\t<p>Dainas \u00e4r korta, oftast fyraradiga litauiska och lettiska folkvisor som muntligt f\u00f6rts vidare genom generationer och betraktas som ett f\u00f6nster mot f\u00f6rkristna f\u00f6rest\u00e4llningar, knappt p\u00e5verkat av kristen omtolkning. Den lettiska juristen och folklivsforskaren Kri\u0161j\u0101nis Barons samlade mellan 1894 och 1915 n\u00e4stan 218 000 dainas i sex band, och det lettiska helhetskorpuset fr\u00e5n alla samlare uppskattas omfatta mer \u00e4n en miljon texter.<\/p><p>Det omkring 1880 efter Barons ritningar tillverkade dainask\u00e5pet med mer \u00e4n 350 000 lappar h\u00f6r sedan 2001 till Unescos v\u00e4rldsminnesregister och f\u00f6rvaras i dag p\u00e5 Lettlands nationalbibliotek. \u00c4ven i Litauen utg\u00f6r insamlade folkvisor, sagor och ortnamn en central k\u00e4lla f\u00f6r den religionshistoriska rekonstruktionen.<\/p>\t\t\t\t\t\t\t\t<\/div>\n\t\t\t\t<\/div>\n\t\t\t\t\t<\/div>\n\t\t\t\t<\/div>\n\t\t<div class=\"elementor-element elementor-element-iwgcn-sami-s3 e-flex e-con-boxed e-con e-parent\" data-id=\"iwgcn-sami-s3\" data-element_type=\"container\" data-e-type=\"container\">\n\t\t\t\t\t<div class=\"e-con-inner\">\n\t\t\t\t<div class=\"elementor-element elementor-element-iwgcn-sami-s3h elementor-widget elementor-widget-heading\" data-id=\"iwgcn-sami-s3h\" data-element_type=\"widget\" data-e-type=\"widget\" data-widget_type=\"heading.default\">\n\t\t\t\t\t<h2 class=\"elementor-heading-title elementor-size-default\">Eldkulten kring Gabija<\/h2>\t\t\t\t<\/div>\n\t\t<div class=\"elementor-element elementor-element-iwgcn-sami-s3-c e-con-full e-flex e-con e-child\" data-id=\"iwgcn-sami-s3-c\" data-element_type=\"container\" data-e-type=\"container\">\n\t\t\t\t<div class=\"elementor-element elementor-element-iwgcn-sami-s3t elementor-widget elementor-widget-text-editor\" data-id=\"iwgcn-sami-s3t\" data-element_type=\"widget\" data-e-type=\"widget\" data-widget_type=\"text-editor.default\">\n\t\t\t\t\t\t\t\t\t<p><a href=\"https:\/\/iwell-guard.com\/sv\/gabija\/\">Gabija<\/a> \u00e4r den litauiska h\u00e4rdeldsgudinnan, v\u00e4ktare av hus och familj, som f\u00f6rest\u00e4lldes i zoomorf gestalt som katt, stork eller tupp, eller som en r\u00f6dkl\u00e4dd kvinna. Hennes kult kr\u00e4vde ett respektfullt f\u00f6rh\u00e5llande till elden, den fick inte spottas p\u00e5 eller trampas ner, gl\u00f6den t\u00e4cktes noggrant \u00f6ver natten ist\u00e4llet f\u00f6r att sl\u00e4ckas, och br\u00f6d och salt betraktades som l\u00e4mpliga <span class=\"iwg-fachbegriff\" data-tooltip=\"G\u00e5va till en gudom f\u00f6r att uttrycka tacksamhet, b\u00f6n eller v\u00f6rdnad.\" tabindex=\"0\">offerg\u00e5vor<\/span>.<\/p><p>Huvudk\u00e4llan f\u00f6r denna kult \u00e4r skriften De diis Samagitarum fr\u00e5n 1615 av den polske l\u00e4rde Jan \u0141asicki. I Lettland framtr\u00e4der Uguns m\u0101te, eldmodern, som en besl\u00e4ktad gestalt inom det lettiska modersystemet.<\/p>\t\t\t\t\t\t\t\t<\/div>\n\t\t\t\t<\/div>\n\t\t\t\t\t<\/div>\n\t\t\t\t<\/div>\n\t\t<div class=\"elementor-element elementor-element-x-sami-s-faq e-flex e-con-boxed e-con e-parent\" data-id=\"x-sami-s-faq\" data-element_type=\"container\" data-e-type=\"container\">\n\t\t\t\t\t<div class=\"e-con-inner\">\n\t\t\t\t<div class=\"elementor-element elementor-element-x-sami-h-faq elementor-widget elementor-widget-heading\" data-id=\"x-sami-h-faq\" data-element_type=\"widget\" data-e-type=\"widget\" data-widget_type=\"heading.default\">\n\t\t\t\t\t<h2 class=\"elementor-heading-title elementor-size-default\">Vanliga fr\u00e5gor om baltisk mytologi<\/h2>\t\t\t\t<\/div>\n\t\t<div class=\"elementor-element elementor-element-iwgcn-sami-s3-c e-con-full e-flex e-con e-child\" data-id=\"iwgcn-sami-s3-c\" data-element_type=\"container\" data-e-type=\"container\">\n\t\t\t\t<div class=\"elementor-element elementor-element-x-sami-t-faq elementor-widget elementor-widget-text-editor\" data-id=\"x-sami-t-faq\" data-element_type=\"widget\" data-e-type=\"widget\" data-widget_type=\"text-editor.default\">\n\t\t\t\t\t\t\t\t\t<h3>Vem \u00e4r balterna?<\/h3>\n<p>Till balterna r\u00e4knas litauer och letter samt de preussare som dog ut p\u00e5 1600-talet. De talar spr\u00e5k inom en egen, s\u00e4rskilt \u00e5lderdomlig gren av den indoeuropeiska spr\u00e5kfamiljen och bosatte sig i det nuvarande Litauen och Lettland vid \u00d6stersj\u00f6n.<\/p>\n<h3>Varf\u00f6r kristnades Litauen s\u00e5 sent?<\/h3>\n<p>Litauen antog officiellt kristendomen 1387, medan omr\u00e5det \u017demaitija (Nedre Litauen) f\u00f6ljde f\u00f6rst 1413. D\u00e4rmed betraktas Litauen som det omr\u00e5de i Europa som l\u00e4ngst f\u00f6rblev f\u00f6rkristet, gynnat av sin politiska styrka som storfurstend\u00f6me och sitt perifera l\u00e4ge.<\/p>\n<h3>Vad \u00e4r dainas?<\/h3>\n<p>Dainas \u00e4r korta litauiska och lettiska folkvisor som f\u00f6rts vidare muntligt och r\u00e4knas till de viktigaste k\u00e4llorna f\u00f6r den f\u00f6rkristna religionen. Kri\u0161j\u0101nis Barons samlade ensam i Lettland n\u00e4stan 218 000 av dessa visor, bevarade i Dainask\u00e5pet vid Lettlands nationalbibliotek.<\/p>\n<h3>Vad \u00e4r hushormen \u017daltys?<\/h3>\n<p>\u017daltys, litauiska, respektive Zalktis, lettiska, \u00e4r snoken, som ans\u00e5gs vara ett heligt husdjur, matades med mj\u00f6lk och inte fick d\u00f6das. Den ans\u00e5gs vara skyddare av hus och boskap och sattes delvis i samband med den lettiska mj\u00f6lkmodern Piena m\u0101te.<\/p>\n<script type=\"application\/ld+json\">{\"@context\": \"https:\/\/schema.org\", \"@type\": \"FAQPage\", \"mainEntity\": [{\"@type\": \"Question\", \"name\": \"Vem \u00e4r balterna?\", \"acceptedAnswer\": {\"@type\": \"Answer\", \"text\": \"Till balterna r\u00e4knas litauer och letter samt de preussare som dog ut p\u00e5 1600-talet. De talar spr\u00e5k inom en egen, s\u00e4rskilt \u00e5lderdomlig gren av den indoeuropeiska spr\u00e5kfamiljen och bosatte sig i det nuvarande Litauen och Lettland vid \u00d6stersj\u00f6n.\"}}, {\"@type\": \"Question\", \"name\": \"Varf\u00f6r kristnades Litauen s\u00e5 sent?\", \"acceptedAnswer\": {\"@type\": \"Answer\", \"text\": \"Litauen antog officiellt kristendomen 1387, medan omr\u00e5det \u017demaitija (Nedre Litauen) f\u00f6ljde f\u00f6rst 1413. D\u00e4rmed betraktas Litauen som det omr\u00e5de i Europa som l\u00e4ngst f\u00f6rblev f\u00f6rkristet, gynnat av sin politiska styrka som storfurstend\u00f6me och sitt perifera l\u00e4ge.\"}}, {\"@type\": \"Question\", \"name\": \"Vad \u00e4r dainas?\", \"acceptedAnswer\": {\"@type\": \"Answer\", \"text\": \"Dainas \u00e4r korta litauiska och lettiska folkvisor som f\u00f6rts vidare muntligt och r\u00e4knas till de viktigaste k\u00e4llorna f\u00f6r den f\u00f6rkristna religionen. Kri\u0161j\u0101nis Barons samlade ensam i Lettland n\u00e4stan 218 000 av dessa visor, bevarade i Dainask\u00e5pet vid Lettlands nationalbibliotek.\"}}, {\"@type\": \"Question\", \"name\": \"Vad \u00e4r hushormen \u017daltys?\", \"acceptedAnswer\": {\"@type\": \"Answer\", \"text\": \"\u017daltys, litauiska, respektive Zalktis, lettiska, \u00e4r snoken, som ans\u00e5gs vara ett heligt husdjur, matades med mj\u00f6lk och inte fick d\u00f6das. Den ans\u00e5gs vara skyddare av hus och boskap och sattes delvis i samband med den lettiska mj\u00f6lkmodern Piena m\u0101te.\"}}]}<\/script>\t\t\t\t\t\t\t\t<\/div>\n\t\t\t\t<\/div>\n\t\t\t\t\t<\/div>\n\t\t\t\t<\/div>\n\t\t<div class=\"elementor-element elementor-element-iwgcn-sami-s4 e-flex e-con-boxed e-con e-parent\" data-id=\"iwgcn-sami-s4\" data-element_type=\"container\" data-e-type=\"container\">\n\t\t\t\t\t<div class=\"e-con-inner\">\n\t\t\t\t<div class=\"elementor-element elementor-element-iwgcn-sami-s4h elementor-widget elementor-widget-heading\" data-id=\"iwgcn-sami-s4h\" data-element_type=\"widget\" data-e-type=\"widget\" data-widget_type=\"heading.default\">\n\t\t\t\t\t<h2 class=\"elementor-heading-title elementor-size-default\">Hushormen \u017daltys och dess v\u00f6rdnad<\/h2>\t\t\t\t<\/div>\n\t\t<div class=\"elementor-element elementor-element-iwgcn-sami-s4-c e-con-full e-flex e-con e-child\" data-id=\"iwgcn-sami-s4-c\" data-element_type=\"container\" data-e-type=\"container\">\n\t\t\t\t<div class=\"elementor-element elementor-element-iwgcn-sami-s4t elementor-widget elementor-widget-text-editor\" data-id=\"iwgcn-sami-s4t\" data-element_type=\"widget\" data-e-type=\"widget\" data-widget_type=\"text-editor.default\">\n\t\t\t\t\t\t\t\t\t<p><a href=\"https:\/\/iwell-guard.com\/sv\/zaltys\/\">\u017daltys<\/a>, litauiska, respektive Zalktis, lettiska, betecknar snoken, som i den baltiska traditionen ans\u00e5gs vara ett heligt, lyckobringande husdjur. Den matades regelbundet med mj\u00f6lk, och dess n\u00e4rvaro i hus eller ladug\u00e5rd innebar skydd f\u00f6r de boende och boskapen; ett vanligt tales\u00e4tt s\u00e4ger att solen gr\u00e5ter vid \u00e5synen av en d\u00f6d \u017daltys.<\/p><p>D\u00f6dningsf\u00f6rbudet f\u00f6r snokar \u00e4r etnografiskt belagt \u00e4nda in i nyare tid, bland annat beskrivet av religionsforskarna Jonas Balys och Haralds Biezais samt av Marija Gimbutas. I enstaka fall \u00e4r v\u00f6rdnaden av \u017daltys \u00e4ven belagd hos preussarna.<\/p>\t\t\t\t\t\t\t\t<\/div>\n\t\t\t\t<\/div>\n\t\t\t\t\t<\/div>\n\t\t\t\t<\/div>\n\t\t<div class=\"elementor-element elementor-element-iwgcn-sami-s5 e-flex e-con-boxed e-con e-parent\" data-id=\"iwgcn-sami-s5\" data-element_type=\"container\" data-e-type=\"container\">\n\t\t\t\t\t<div class=\"e-con-inner\">\n\t\t\t\t<div class=\"elementor-element elementor-element-iwgcn-sami-s5h elementor-widget elementor-widget-heading\" data-id=\"iwgcn-sami-s5h\" data-element_type=\"widget\" data-e-type=\"widget\" data-widget_type=\"heading.default\">\n\t\t\t\t\t<h2 class=\"elementor-heading-title elementor-size-default\">Skogsm\u00f6drar: Me\u017ea m\u0101te och Medeina<\/h2>\t\t\t\t<\/div>\n\t\t<div class=\"elementor-element elementor-element-iwgcn-sami-s5-c e-con-full e-flex e-con e-child\" data-id=\"iwgcn-sami-s5-c\" data-element_type=\"container\" data-e-type=\"container\">\n\t\t\t\t<div class=\"elementor-element elementor-element-iwgcn-sami-s5t elementor-widget elementor-widget-text-editor\" data-id=\"iwgcn-sami-s5t\" data-element_type=\"widget\" data-e-type=\"widget\" data-widget_type=\"text-editor.default\">\n\t\t\t\t\t\t\t\t\t<p><a href=\"https:\/\/iwell-guard.com\/sv\/meza-mate\/\">Me\u017ea m\u0101te<\/a>, den lettiska skogsmodern, h\u00f6r till det omfattande systemet av lettiska modergudinnor (m\u0101tes) och skyddar j\u00e4gare, skogsarbetare och herdar; som partner st\u00e4lls ibland en Me\u017eat\u0113vs, en skogsfader, vid hennes sida. I Litauen fyller <a href=\"https:\/\/iwell-guard.com\/sv\/medeina\/\">Medeina<\/a> en liknande funktion som h\u00e4rskarinna \u00f6ver skog och vilt, med haren som attributdjur.<\/p><p>Redan Hypatioskr\u00f6nikan fr\u00e5n 1252 och senare den polske kr\u00f6nik\u00f6ren Jan D\u0142ugosz p\u00e5 1400-talet j\u00e4mf\u00f6rde Medeina med den romerska jaktgudinnan Diana. Litauistikforskaren Algirdas Julien Greimas tolkade henne som en jungfrulig, j\u00e4garinneliknande gestalt, som delvis \u00e4ven f\u00f6rest\u00e4lldes som en varghona.<\/p>\t\t\t\t\t\t\t\t<\/div>\n\t\t\t\t<\/div>\n\t\t\t\t\t<\/div>\n\t\t\t\t<\/div>\n\t\t<div class=\"elementor-element elementor-element-iwgcn-sami-s6 e-flex e-con-boxed e-con e-parent\" data-id=\"iwgcn-sami-s6\" data-element_type=\"container\" data-e-type=\"container\">\n\t\t\t\t\t<div class=\"e-con-inner\">\n\t\t\t\t<div class=\"elementor-element elementor-element-iwgcn-sami-s6h elementor-widget elementor-widget-heading\" data-id=\"iwgcn-sami-s6h\" data-element_type=\"widget\" data-e-type=\"widget\" data-widget_type=\"heading.default\">\n\t\t\t\t\t<h2 class=\"elementor-heading-title elementor-size-default\">Tv\u00e5ngskristnande och dagens \u00e5tertagande<\/h2>\t\t\t\t<\/div>\n\t\t<div class=\"elementor-element elementor-element-iwgcn-sami-s6-c e-con-full e-flex e-con e-child\" data-id=\"iwgcn-sami-s6-c\" data-element_type=\"container\" data-e-type=\"container\">\n\t\t\t\t<div class=\"elementor-element elementor-element-iwgcn-sami-s6t elementor-widget elementor-widget-text-editor\" data-id=\"iwgcn-sami-s6t\" data-element_type=\"widget\" data-e-type=\"widget\" data-widget_type=\"text-editor.default\">\n\t\t\t\t\t\t\t\t\t<p>Kristnandet av balterna var en s\u00e4rskilt l\u00e5ng och delvis v\u00e5ldsam process. Ordensstaterna Tyska orden och Sv\u00e4rdsriddarorden bedrev mission fr\u00e5n 1200-talet under milit\u00e4rt tryck, medan Litauen som sj\u00e4lvst\u00e4ndigt storfurstend\u00f6me accepterade dopet f\u00f6rst 1387 av politiska sk\u00e4l. Rapporter om f\u00f6rbjudna offer till eld, tr\u00e4d och ormar str\u00e4cker sig \u00e4nda till 1700-talet.<\/p><p>Sedan slutet av 1900-talet, f\u00f6rst\u00e4rkt efter Litauens och Lettlands sj\u00e4lvst\u00e4ndighet 1990 och 1991, sker ett kulturellt \u00e5tertagande, synligt i den nyhedniska r\u00f6relsen Romuva i Litauen och Dievtur\u012bba-r\u00f6relsen i Lettland samt i v\u00e5rden av dainas, folkvisefestivaler och sedv\u00e4njor kring hemv\u00e4ttar som <a href=\"https:\/\/iwell-guard.com\/sv\/kaukas\/\">Kaukas<\/a> och <a href=\"https:\/\/iwell-guard.com\/sv\/aitvaras\/\">Aitvaras<\/a>. Religionsvetenskapliga standardverk \u00e4r skrivna av Marija Gimbutas, Algirdas Julien Greimas, Haralds Biezais och Norbertas V\u0117lius.<\/p>\t\t\t\t\t\t\t\t<\/div>\n\t\t\t\t<\/div>\n\t\t\t\t\t<\/div>\n\t\t\t\t<\/div>\n\t\t<div class=\"elementor-element elementor-element-cp2d9a92a3 e-flex e-con-boxed e-con e-parent\" data-id=\"cp2d9a92a3\" data-element_type=\"container\" data-e-type=\"container\">\n\t\t\t\t\t<div class=\"e-con-inner\">\n\t\t\t\t<div class=\"elementor-element elementor-element-cp2515827f elementor-widget elementor-widget-heading\" data-id=\"cp2515827f\" data-element_type=\"widget\" data-e-type=\"widget\" data-widget_type=\"heading.default\">\n\t\t\t\t\t<h2 class=\"elementor-heading-title elementor-size-default\">Tv\u00e5 spr\u00e5k, ett kulturomr\u00e5de och dess inre skillnader<\/h2>\t\t\t\t<\/div>\n\t\t<div class=\"elementor-element elementor-element-cp25cbddf2 e-flex e-con-boxed e-con e-child\" data-id=\"cp25cbddf2\" data-element_type=\"container\" data-e-type=\"container\">\n\t\t\t\t\t<div class=\"e-con-inner\">\n\t\t\t\t<div class=\"elementor-element elementor-element-cp240cdc6c elementor-widget elementor-widget-text-editor\" data-id=\"cp240cdc6c\" data-element_type=\"widget\" data-e-type=\"widget\" data-widget_type=\"text-editor.default\">\n\t\t\t\t\t\t\t\t\t<p>Till det baltiska kulturomr\u00e5det r\u00e4knas litauer och letter samt de preussare som dog ut p\u00e5 1600-talet, vars spr\u00e5k endast \u00e4r fragmentariskt bevarat. Litauiska och lettiska \u00e4r visserligen n\u00e4ra besl\u00e4ktade, men sedan l\u00e4nge egna spr\u00e5k, och \u00e4ven de religi\u00f6sa f\u00f6rest\u00e4llningarna hos de tv\u00e5 folken skiljer sig avsev\u00e4rt i detaljer.<\/p><p>S\u00e4rskilt p\u00e5taglig \u00e4r skillnaden i det lettiska modersystemet, som med uppskattningsvis sjuttio personifierade naturm\u00f6drar (m\u0101tes) \u00e4r betydligt mer differentierat utbyggt \u00e4n den litauiska traditionen, d\u00e4r enskilda, tydligt konturerade gestalter som Medeina eller Gabija ist\u00e4llet st\u00e5r i f\u00f6rgrunden.<\/p><p>\u00c4ven regionalt skilde sig sedv\u00e4njorna \u00e5t, beroende p\u00e5 landskap, kust- eller inlandsl\u00e4ge och ekonomisk inriktning, till exempel jordbruk, fiske eller skogsbruk. Generella uttalanden om \u201dden baltiska religionen\u201d d\u00f6ljer denna inre m\u00e5ngfald mellan och inom de tv\u00e5 folken.<\/p><p>Gemensamt f\u00f6r b\u00e5da traditionerna \u00e4r \u00e5skgudens centrala st\u00e4llning, litauiska Perk\u016bnas, lettiska P\u0113rkons, betydelsen av h\u00e4rdelden, v\u00f6rdnaden f\u00f6r hushormen \u017daltys och dainas som den viktigaste muntliga k\u00e4llgenren. \u00c4ven dessa gemensamma element \u00e4r dock regionalt olika belagda.<\/p>\t\t\t\t\t\t\t\t<\/div>\n\t\t\t\t\t<\/div>\n\t\t\t\t<\/div>\n\t\t\t\t\t<\/div>\n\t\t\t\t<\/div>\n\t\t<div class=\"elementor-element elementor-element-cp2b1a3dae e-flex e-con-boxed e-con e-parent\" data-id=\"cp2b1a3dae\" data-element_type=\"container\" data-e-type=\"container\">\n\t\t\t\t\t<div class=\"e-con-inner\">\n\t\t\t\t<div class=\"elementor-element elementor-element-cp282c06ff elementor-widget elementor-widget-heading\" data-id=\"cp282c06ff\" data-element_type=\"widget\" data-e-type=\"widget\" data-widget_type=\"heading.default\">\n\t\t\t\t\t<h2 class=\"elementor-heading-title elementor-size-default\">Dainas, modergudinnor och krafterna i den baltiska v\u00e4rldsbilden<\/h2>\t\t\t\t<\/div>\n\t\t<div class=\"elementor-element elementor-element-cp228b4522 e-flex e-con-boxed e-con e-child\" data-id=\"cp228b4522\" data-element_type=\"container\" data-e-type=\"container\">\n\t\t\t\t\t<div class=\"e-con-inner\">\n\t\t\t\t<div class=\"elementor-element elementor-element-cp261454c5 elementor-widget elementor-widget-text-editor\" data-id=\"cp261454c5\" data-element_type=\"widget\" data-e-type=\"widget\" data-widget_type=\"text-editor.default\">\n\t\t\t\t\t\t\t\t\t<p>Det mest k\u00e4nda religi\u00f6sa arvet fr\u00e5n balterna \u00e4r dainorna, korta, oftast fyrradiga folkvisor som bevarar religi\u00f6sa f\u00f6rest\u00e4llningar i f\u00f6rt\u00e4tat, formelartat spr\u00e5k. De besjunger vardagen i hus, p\u00e5 f\u00e4lt och i familjen liksom pantheonets stora gestalter, och anses vara j\u00e4mf\u00f6relsevis lite pr\u00e4glade av kristendomen.<\/p><p>Den lettiska folklivsforskaren Kri\u0161j\u0101nis Barons samlade mellan 1894 och 1915 n\u00e4stan 218 000 dainor och ordnade dem i sex volymer. Hans system utg\u00f6r fortfarande grunden f\u00f6r den lettiska folkvisforskningen. Hela det lettiska korpuset, inklusive senare samlingar, uppskattas omfatta mer \u00e4n en miljon texter, och i Litauen finns j\u00e4mf\u00f6rbart omfattande samlingar.<\/p><p>Den baltiska v\u00e4rldsbilden k\u00e4nner en fj\u00e4rran himmelsgud, Dievas respektive Dievs, en central \u00e5skgud, Perk\u016bnas respektive P\u0113rkons, samt \u00f6de-, sol- och jordgudinnor som Laima, Saul\u0117 och, i Lettland, M\u0101ra. Vid sidan av dessa finns i Lettland ett omfattande system av omkring sjuttio modergudinnor, som h\u00e4rskar \u00f6ver enskilda delar av landskapet och livet, fr\u00e5n skogsmodern <a href=\"https:\/\/iwell-guard.com\/sv\/meza-mate\/\">Me\u017ea m\u0101te<\/a> \u00f6ver eldmodern Uguns m\u0101te till havsmodern J\u016bras m\u0101te.<\/p><p>Hus och g\u00e5rd har egna skyddsmakter, eldgudinnan <a href=\"https:\/\/iwell-guard.com\/sv\/gabija\/\">Gabija<\/a>, hushormen <a href=\"https:\/\/iwell-guard.com\/sv\/zaltys\/\">Zaltys<\/a> samt ambivalenta husandar som <a href=\"https:\/\/iwell-guard.com\/sv\/kaukas\/\">Kaukas<\/a> och den eldsprutande <a href=\"https:\/\/iwell-guard.com\/sv\/aitvaras\/\">Aitvaras<\/a>, som bringar rikedom men vid missaktning ocks\u00e5 olycka. F\u00f6r enskilda naturomr\u00e5den finns ytterligare gestalter som den litauiska vindguden <a href=\"https:\/\/iwell-guard.com\/sv\/vejopatis\/\">V\u0117jopatis<\/a>, den lettiska husanden <a href=\"https:\/\/iwell-guard.com\/sv\/majas-gars\/\">M\u0101jas gars<\/a> och gudomen <a href=\"https:\/\/iwell-guard.com\/sv\/jagaubis\/\">Jagaubis<\/a>, som n\u00e4mns i tidigmoderna k\u00e4llor.<\/p><p>Om den exakta systematiken i detta pantheon r\u00e5der inom forskningen ingen fullst\u00e4ndig enighet, eftersom de tidiga skriftliga k\u00e4llorna kommer fr\u00e5n kristna kr\u00f6nikeskrivare och mission\u00e4rer, och den senare folkvisinsamlingen inte inleddes f\u00f6rr\u00e4n p\u00e5 1800-talet. Marija Gimbutas, Algirdas Julien Greimas och Haralds Biezais har lagt fram olika, delvis konkurrerande tolkningar av detta material.<\/p>\t\t\t\t\t\t\t\t<\/div>\n\t\t\t\t\t<\/div>\n\t\t\t\t<\/div>\n\t\t\t\t\t<\/div>\n\t\t\t\t<\/div>\n\t\t<div class=\"elementor-element elementor-element-cp295547c2 e-flex e-con-boxed e-con e-parent\" data-id=\"cp295547c2\" data-element_type=\"container\" data-e-type=\"container\">\n\t\t\t\t\t<div class=\"e-con-inner\">\n\t\t\t\t<div class=\"elementor-element elementor-element-cp28944fb0 elementor-widget elementor-widget-heading\" data-id=\"cp28944fb0\" data-element_type=\"widget\" data-e-type=\"widget\" data-widget_type=\"heading.default\">\n\t\t\t\t\t<h2 class=\"elementor-heading-title elementor-size-default\">K\u00e4llorna: kr\u00f6nikor, missionsrapporter och folkvisesamlingar<\/h2>\t\t\t\t<\/div>\n\t\t<div class=\"elementor-element elementor-element-cp23d59da4 e-flex e-con-boxed e-con e-child\" data-id=\"cp23d59da4\" data-element_type=\"container\" data-e-type=\"container\">\n\t\t\t\t\t<div class=\"e-con-inner\">\n\t\t\t\t<div class=\"elementor-element elementor-element-cp2ce157b6 elementor-widget elementor-widget-text-editor\" data-id=\"cp2ce157b6\" data-element_type=\"widget\" data-e-type=\"widget\" data-widget_type=\"text-editor.default\">\n\t\t\t\t\t\t\t\t\t<p>Den tidigaste skriftliga <span class=\"iwg-fachbegriff\" data-tooltip=\"Kunskapens och ber\u00e4ttelsernas \u00f6verf\u00f6ring genom generationer.\" tabindex=\"0\">\u00f6verlevnaden<\/span> om den baltiska religionen kommer utifr\u00e5n, framf\u00f6r allt fr\u00e5n kristna kr\u00f6nikeskrivare och mission\u00e4rer i samband med Tyska ordens och Sv\u00e4rdsbr\u00f6draordens korst\u00e5g i Baltikum. Till de tidigaste k\u00e4llorna h\u00f6r Henrik av Letts kr\u00f6nika fr\u00e5n \u00e5ren 1225 till 1227 samt Livl\u00e4ndska rimkr\u00f6nikan.<\/p><p>Under 1300-talet ber\u00e4ttade ordenskr\u00f6nik\u00f6ren Peter av Dusburg (1326) om preussarnas seder, och under 1500-talet f\u00f6ljde Simon Grunaus omtvistade anteckningar (1519 till 1529). En av de viktigaste tidigmoderna k\u00e4llorna anses vara skriften De diis Samagitarum, tryckt 1615 av den polske l\u00e4rde Jan \u0141asicki, som r\u00e4knar upp ett stort antal gudomar och riter fr\u00e5n Litauen och \u017demaitija, d\u00e4ribland omn\u00e4mnanden av en gudom kallad <a href=\"https:\/\/iwell-guard.com\/sv\/jagaubis\/\">Jagaubis<\/a>, vars exakta funktion inte \u00e5terges enhetligt i k\u00e4llorna.<\/p><p>Dessa tidiga texter \u00e4r inneh\u00e5llsrika men djupt partiska, eftersom deras syfte huvudsakligen var att r\u00e4ttf\u00e4rdiga missionen eller att bek\u00e4mpa seder som ans\u00e5gs <span class=\"iwg-fachbegriff\" data-tooltip=\"Ur kristen synvinkel: h\u00f6rande till en f\u00f6rkristen eller icke-kristen religion.\" tabindex=\"0\">hedniska<\/span>, inte att beskriva dem neutralt.<\/p><p>En andra, yngre k\u00e4llgrupp utg\u00f6rs av de dainor, sagor och ortnamn som samlades in under 1800- och tidigt 1900-tal. Den lettiska juristen Kri\u0161j\u0101nis Barons och senare forskare som Jonas Balys i Litauen lade p\u00e5 s\u00e5 s\u00e4tt fram ett omfattande, till \u00f6verv\u00e4gande del muntligt pr\u00e4glat korpus, som \u00e4r betydligt mindre pr\u00e4glat av kristen tolkningsavsikt \u00e4n de tidigare kr\u00f6nikorna.<\/p><p>Under 1900-talet tillkom systematiska vetenskapliga analyser, exempelvis av Marija Gimbutas, som f\u00f6renade arkeologiska och spr\u00e5kliga r\u00f6n, av Algirdas Julien Greimas, som analyserade myterna strukturalistiskt, och av Haralds Biezais, som i svensk exil framf\u00f6r allt utv\u00e4rderade lettiskt material och kritiskt granskade matriarkatsteorier. Norbertas V\u0117lius lade med en flerbandig k\u00e4llsamling en viktig grund f\u00f6r fortsatt forskning.<\/p><p>Forskare betonar sammantaget att k\u00e4ll\u00e4get f\u00f6r den baltiska religionen \u00e4r splittrat och utspritt \u00f6ver \u00e5rhundraden, varf\u00f6r varje helhetsframst\u00e4llning m\u00e5ste leva med betydande os\u00e4kerheter och regionala luckor.<\/p>\t\t\t\t\t\t\t\t<\/div>\n\t\t\t\t\t<\/div>\n\t\t\t\t<\/div>\n\t\t\t\t\t<\/div>\n\t\t\t\t<\/div>\n\t\t<div class=\"elementor-element elementor-element-cp2c009332 e-flex e-con-boxed e-con e-parent\" data-id=\"cp2c009332\" data-element_type=\"container\" data-e-type=\"container\">\n\t\t\t\t\t<div class=\"e-con-inner\">\n\t\t\t\t<div class=\"elementor-element elementor-element-cp225c94da elementor-widget elementor-widget-heading\" data-id=\"cp225c94da\" data-element_type=\"widget\" data-e-type=\"widget\" data-widget_type=\"heading.default\">\n\t\t\t\t\t<h2 class=\"elementor-heading-title elementor-size-default\">Tv\u00e5ngsmission, f\u00f6rtryck och dagens \u00e5terer\u00f6vring<\/h2>\t\t\t\t<\/div>\n\t\t<div class=\"elementor-element elementor-element-cp2c7191ab e-flex e-con-boxed e-con e-child\" data-id=\"cp2c7191ab\" data-element_type=\"container\" data-e-type=\"container\">\n\t\t\t\t\t<div class=\"e-con-inner\">\n\t\t\t\t<div class=\"elementor-element elementor-element-cp23f4061d elementor-widget elementor-widget-text-editor\" data-id=\"cp23f4061d\" data-element_type=\"widget\" data-e-type=\"widget\" data-widget_type=\"text-editor.default\">\n\t\t\t\t\t\t\t\t\t<p>Kristnandet av balterna var en l\u00e5ng process som delvis skedde med v\u00e5ld. Tyska orden och Sv\u00e4rdsriddarorden missionerade fr\u00e5n 1200-talet bland preussarna samt inv\u00e5narna i Lettland och Estland under milit\u00e4rt tryck, med stora f\u00f6rluster av liv och egen kultur. Preussarnas spr\u00e5k dog ut p\u00e5 1600-talet.<\/p><p>Litauen, som sj\u00e4lvst\u00e4ndigt storfurstend\u00f6me, antog kristendomen 1387 under storfurst Jogaila av politiska sk\u00e4l, f\u00f6r att bef\u00e4sta f\u00f6rbindelsen med Polen och undandra Tyska ordens korst\u00e5g dess grund. Omr\u00e5det \u017demaitija (Nedre Litauen) f\u00f6ljde f\u00f6rst 1413, efter segern \u00f6ver orden vid Tannenberg 1410. Enstaka rapporter om fortsatta offer till eld, tr\u00e4d, ormar och andra heliga f\u00f6rem\u00e5l f\u00f6rekommer \u00e4nda in p\u00e5 1700-talet.<\/p><p>Under 1800- och 1900-talet f\u00f6renades det religi\u00f6sa trycket med ett spr\u00e5kligt och kulturellt tryck. Under tsarv\u00e4ldet, senare det sovjetiska v\u00e4ldet, begr\u00e4nsades litauiskt och lettiskt spr\u00e5k och kultur tidvis kraftigt.<\/p><p>Sedan slutet av 1900-talet, s\u00e4rskilt efter att Litauen och Lettland \u00e5terfick sin sj\u00e4lvst\u00e4ndighet 1990 och 1991, kan ett nytt intresse f\u00f6r den f\u00f6rkristna <span class=\"iwg-fachbegriff\" data-tooltip=\"Kunskap och ber\u00e4ttelser som f\u00f6rs vidare mellan generationer.\" tabindex=\"0\">traditionen<\/span> observeras. Det m\u00e4rks i den nyhedniska r\u00f6relsen Romuva i Litauen, som 2015 genomgick en officiell erk\u00e4nnandeprocess d\u00e4r, och i Lettlands Dievtur\u012bba-r\u00f6relse, som redan uppstod under mellankrigstiden.<\/p><p>Detta intresse syns \u00e4ven i v\u00e5rdandet av dainorna, i folks\u00e5ngsfestivaler som ing\u00e5r i Unescos representativa lista \u00f6ver immateriellt kulturarv, samt i ett v\u00e4xande akademiskt och konstn\u00e4rligt intresse f\u00f6r f\u00f6rkristna motiv.<\/p><p>Man kan dock inte tala om en bred \u00e5terupplivning av den gamla religionen som en levande majoritetspraxis. De flesta litauer och letter \u00e4r konfessionellt kristna, och intresset f\u00f6r det f\u00f6rkristna f\u00f6rflutna handlar fr\u00e4mst om kulturell sj\u00e4lvbekr\u00e4ftelse och historisk bearbetning.<\/p>\t\t\t\t\t\t\t\t<\/div>\n\t\t\t\t\t<\/div>\n\t\t\t\t<\/div>\n\t\t\t\t\t<\/div>\n\t\t\t\t<\/div>\n\t\t<div class=\"elementor-element elementor-element-iwgha-sami-sec e-flex e-con-boxed e-con e-parent\" data-id=\"iwgha-sami-sec\" data-element_type=\"container\" data-e-type=\"container\">\n\t\t\t\t\t<div class=\"e-con-inner\">\n\t\t\t\t<div class=\"elementor-element elementor-element-iwgha-sami-h elementor-widget elementor-widget-heading\" data-id=\"iwgha-sami-h\" data-element_type=\"widget\" data-e-type=\"widget\" data-widget_type=\"heading.default\">\n\t\t\t\t\t<h2 class=\"elementor-heading-title elementor-size-default\">V\u00e4sen inom denna tradition (9)<\/h2>\t\t\t\t<\/div>\n\t\t<div class=\"elementor-element elementor-element-iwgha-sami-gc e-flex e-con-boxed e-con e-parent\" data-id=\"iwgha-sami-gc\" data-element_type=\"container\" data-e-type=\"container\">\n\t\t\t\t\t<div class=\"e-con-inner\">\n\t\t\t\t<div class=\"elementor-element elementor-element-iwgha-sami-grid elementor-widget elementor-widget-text-editor\" data-id=\"iwgha-sami-grid\" data-element_type=\"widget\" data-e-type=\"widget\" data-widget_type=\"text-editor.default\">\n\t\t\t\t\t\t\t\t\t<div class=\"iwg-wesen-grid\"><a class=\"iwg-wesen-card\" href=\"https:\/\/iwell-guard.com\/sv\/meza-mate\/\" aria-label=\"Me\u017ea m\u0101te\"><div class=\"iwg-wesen-card-imgwrap\"><img decoding=\"async\" src=\"https:\/\/iwell-guard.com\/wp-content\/uploads\/2026\/07\/goetter_baltikum_meza-mate-200x300.webp\" alt=\"Me\u017ea m\u0101te\" loading=\"lazy\"><\/div><div class=\"iwg-wesen-card-body\"><div class=\"iwg-wesen-card-name\">Me\u017ea m\u0101te<\/div><div class=\"iwg-wesen-card-arrow\">\u2192 Till v\u00e4sendet<\/div><\/div><\/a><a class=\"iwg-wesen-card\" href=\"https:\/\/iwell-guard.com\/sv\/medeina\/\" aria-label=\"Medeina\"><div class=\"iwg-wesen-card-imgwrap\"><img decoding=\"async\" src=\"https:\/\/iwell-guard.com\/wp-content\/uploads\/2026\/07\/goetter_baltikum_medeina-200x300.webp\" alt=\"Medeina\" loading=\"lazy\"><\/div><div class=\"iwg-wesen-card-body\"><div class=\"iwg-wesen-card-name\">Medeina<\/div><div class=\"iwg-wesen-card-arrow\">\u2192 Till v\u00e4sendet<\/div><\/div><\/a><a class=\"iwg-wesen-card\" href=\"https:\/\/iwell-guard.com\/sv\/jagaubis\/\" aria-label=\"Jagaubis\"><div class=\"iwg-wesen-card-imgwrap\"><img decoding=\"async\" src=\"https:\/\/iwell-guard.com\/wp-content\/uploads\/2026\/07\/geister_baltisch_jagaubis-200x300.webp\" alt=\"Jagaubis\" loading=\"lazy\"><\/div><div class=\"iwg-wesen-card-body\"><div class=\"iwg-wesen-card-name\">Jagaubis<\/div><div class=\"iwg-wesen-card-arrow\">\u2192 Till v\u00e4sendet<\/div><\/div><\/a><a class=\"iwg-wesen-card\" href=\"https:\/\/iwell-guard.com\/sv\/gabija\/\" aria-label=\"Gabija\"><div class=\"iwg-wesen-card-imgwrap\"><img decoding=\"async\" src=\"https:\/\/iwell-guard.com\/wp-content\/uploads\/2026\/07\/goetter_baltisch_gabija-200x300.webp\" alt=\"Gabija\" loading=\"lazy\"><\/div><div class=\"iwg-wesen-card-body\"><div class=\"iwg-wesen-card-name\">Gabija<\/div><div class=\"iwg-wesen-card-arrow\">\u2192 Till v\u00e4sendet<\/div><\/div><\/a><a class=\"iwg-wesen-card\" href=\"https:\/\/iwell-guard.com\/sv\/vejopatis\/\" aria-label=\"Vejopatis\"><div class=\"iwg-wesen-card-imgwrap\"><img decoding=\"async\" src=\"https:\/\/iwell-guard.com\/wp-content\/uploads\/2026\/07\/goetter_baltisch_vejopatis-200x300.webp\" alt=\"Vejopatis\" loading=\"lazy\"><\/div><div class=\"iwg-wesen-card-body\"><div class=\"iwg-wesen-card-name\">Vejopatis<\/div><div class=\"iwg-wesen-card-arrow\">\u2192 Till v\u00e4sendet<\/div><\/div><\/a><a class=\"iwg-wesen-card\" href=\"https:\/\/iwell-guard.com\/sv\/zaltys\/\" aria-label=\"\u017daltys\"><div class=\"iwg-wesen-card-imgwrap\"><img decoding=\"async\" src=\"https:\/\/iwell-guard.com\/wp-content\/uploads\/2026\/07\/geister_baltisch_zaltys-200x300.webp\" alt=\"\u017daltys\" loading=\"lazy\"><\/div><div class=\"iwg-wesen-card-body\"><div class=\"iwg-wesen-card-name\">\u017daltys<\/div><div class=\"iwg-wesen-card-arrow\">\u2192 Till v\u00e4sendet<\/div><\/div><\/a><a class=\"iwg-wesen-card\" href=\"https:\/\/iwell-guard.com\/sv\/majas-gars\/\" aria-label=\"M\u0101jas gars\"><div class=\"iwg-wesen-card-imgwrap\"><img decoding=\"async\" src=\"https:\/\/iwell-guard.com\/wp-content\/uploads\/2026\/07\/geister_baltisch_majas-gars-200x300.webp\" alt=\"M\u0101jas gars\" loading=\"lazy\"><\/div><div class=\"iwg-wesen-card-body\"><div class=\"iwg-wesen-card-name\">M\u0101jas gars<\/div><div class=\"iwg-wesen-card-arrow\">\u2192 Till v\u00e4sendet<\/div><\/div><\/a><a class=\"iwg-wesen-card\" href=\"https:\/\/iwell-guard.com\/sv\/kaukas\/\" aria-label=\"Kaukas\"><div class=\"iwg-wesen-card-imgwrap\"><img decoding=\"async\" src=\"https:\/\/iwell-guard.com\/wp-content\/uploads\/2026\/07\/geister_baltisch_kaukas-200x300.webp\" alt=\"Kaukas\" loading=\"lazy\"><\/div><div class=\"iwg-wesen-card-body\"><div class=\"iwg-wesen-card-name\">Kaukas<\/div><div class=\"iwg-wesen-card-arrow\">\u2192 Till v\u00e4sendet<\/div><\/div><\/a><a class=\"iwg-wesen-card\" href=\"https:\/\/iwell-guard.com\/sv\/aitvaras\/\" aria-label=\"Aitvaras\"><div class=\"iwg-wesen-card-imgwrap\"><img decoding=\"async\" src=\"https:\/\/iwell-guard.com\/wp-content\/uploads\/2026\/07\/geister_baltisch_aitvaras-200x300.webp\" alt=\"Aitvaras\" loading=\"lazy\"><\/div><div class=\"iwg-wesen-card-body\"><div class=\"iwg-wesen-card-name\">Aitvaras<\/div><div class=\"iwg-wesen-card-arrow\">\u2192 Till v\u00e4sendet<\/div><\/div><\/a><\/div>\t\t\t\t\t\t\t\t<\/div>\n\t\t\t\t\t<\/div>\n\t\t\t\t<\/div>\n\t\t\t\t\t<\/div>\n\t\t\t\t<\/div>\n\t\t<div class=\"elementor-element elementor-element-iwgkw2-add-sami e-flex e-con-boxed e-con e-parent\" data-id=\"iwgkw2-add-sami\" data-element_type=\"container\" data-e-type=\"container\">\n\t\t\t\t\t<div class=\"e-con-inner\">\n\t\t\t\t<div class=\"elementor-element elementor-element-iwgkw2-add-sami-t elementor-widget elementor-widget-text-editor\" data-id=\"iwgkw2-add-sami-t\" data-element_type=\"widget\" data-e-type=\"widget\" data-widget_type=\"text-editor.default\">\n\t\t\t\t\t\t\t\t\t<p>Den litauisk-lettiska <em>Gabija-eldkulten<\/em> f\u00f6renar h\u00e4rdeld, offerg\u00e5vor och renhetsbud till en egen skyddspraxis f\u00f6r hus och familj, medan <em>hussormen Zaltys<\/em> stod som ett levande skyddsdjur f\u00f6r v\u00e4lst\u00e5nd och trygghet p\u00e5 g\u00e5rd och f\u00f6r boskap.<\/p>\t\t\t\t\t\t\t\t<\/div>\n\t\t\t\t\t<\/div>\n\t\t\t\t<\/div>\n\t\t<div class=\"elementor-element elementor-element-iwgcn-sami-kwd e-flex e-con-boxed e-con e-parent\" data-id=\"iwgcn-sami-kwd\" data-element_type=\"container\" data-e-type=\"container\">\n\t\t\t\t\t<div class=\"e-con-inner\">\n\t\t<div class=\"elementor-element elementor-element-iwgcn-sami-kwd-c e-con-full e-flex e-con e-child\" data-id=\"iwgcn-sami-kwd-c\" data-element_type=\"container\" data-e-type=\"container\">\n\t\t\t\t<div class=\"elementor-element elementor-element-iwgcn-sami-kwdt elementor-widget elementor-widget-text-editor\" data-id=\"iwgcn-sami-kwdt\" data-element_type=\"widget\" data-e-type=\"widget\" data-widget_type=\"text-editor.default\">\n\t\t\t\t\t\t\t\t\t<p><em>Relaterade nyckelbegrepp: Perk\u016bnas P\u0113rkons Dievas Dievs Laima Saul\u0117 Gabija Zaltys Dainas Litauen Lettland.<\/em><\/p>\t\t\t\t\t\t\t\t<\/div>\n\t\t\t\t<\/div>\n\t\t\t\t\t<\/div>\n\t\t\t\t<\/div>\n\t\t<div class=\"elementor-element elementor-element-iwgcn-sami-cc e-flex e-con-boxed e-con e-parent\" data-id=\"iwgcn-sami-cc\" data-element_type=\"container\" data-e-type=\"container\" id=\"iwg-cc-sami\">\n\t\t\t\t\t<div class=\"e-con-inner\">\n\t\t<div class=\"elementor-element elementor-element-iwgcn-sami-ccinner e-flex e-con-boxed e-con e-parent\" data-id=\"iwgcn-sami-ccinner\" data-element_type=\"container\" data-e-type=\"container\" data-settings=\"{&quot;background_background&quot;:&quot;classic&quot;}\">\n\t\t\t\t\t<div class=\"e-con-inner\">\n\t\t\t\t<div class=\"elementor-element elementor-element-iwgcn-sami-cch elementor-widget elementor-widget-heading\" data-id=\"iwgcn-sami-cch\" data-element_type=\"widget\" data-e-type=\"widget\" data-widget_type=\"heading.default\">\n\t\t\t\t\t<h2 class=\"elementor-heading-title elementor-size-default\">Skyddsobjekt i denna kulturtradition<\/h2>\t\t\t\t<\/div>\n\t\t\t\t<div class=\"elementor-element elementor-element-iwgcn-sami-cct elementor-widget elementor-widget-text-editor\" data-id=\"iwgcn-sami-cct\" data-element_type=\"widget\" data-e-type=\"widget\" data-widget_type=\"text-editor.default\">\n\t\t\t\t\t\t\t\t\t<p>Den baltiska traditionen k\u00e4nner till Gabijas omsorgsfullt v\u00e5rdade h\u00e4rdeld, hussormen Zaltys, som matades med mj\u00f6lk, som ett levande skyddsdjur, samt ambivalenta hush\u00e5llsandar som Kaukas och den eldiga Aitvaras, vilka f\u00f6r med sig v\u00e4lst\u00e5nd men vid vanv\u00f6rdnad \u00e4ven olycka. B\u00e4rbara amuletter \u00e4r s\u00e4llan belagda i k\u00e4llorna j\u00e4mf\u00f6rt med dessa hus- och g\u00e5rdsbundna skyddsformer, j\u00e4mf\u00f6rbara h\u00f6gst med <a href=\"https:\/\/iwell-guard.com\/sv\/jarn-och-kallt-jarn\/\">j\u00e4rn<\/a> eller <a href=\"https:\/\/iwell-guard.com\/sv\/skyddspase-och-breverl\/\">skyddsp\u00e5sar<\/a> fr\u00e5n andra kulturer. En \u00f6versikt \u00f6ver skyddsobjekt fr\u00e5n olika traditioner ges av <a href=\"https:\/\/iwell-guard.com\/sv\/skydds-kompass\/\">Skyddskompassen<\/a>.<\/p><div data-nosnippet=\"true\"><p>iWell Guard ansluter sig till denna kulturhistoriska linje av b\u00e4rbara skyddsobjekt, i samtida materialarkitektur, tillverkad i Tyskland. 41 lager, \u00e4kta guld, platina, silver. 30 dagars \u00f6ppet k\u00f6p.<\/p><\/div>\t\t\t\t\t\t\t\t<\/div>\n\t\t\t\t<div class=\"elementor-element elementor-element-iwgcn-sami-ccb iwg-cc-button iwg-cc-cta-2026-05-13 elementor-widget elementor-widget-jet-button\" data-id=\"iwgcn-sami-ccb\" data-element_type=\"widget\" data-e-type=\"widget\" data-widget_type=\"jet-button.default\">\n\t\t\t\t<div class=\"elementor-widget-container\">\n\t\t\t\t\t<div class=\"elementor-jet-button jet-elements\"><div class=\"jet-button__container\"><a class=\"jet-button__instance jet-button__instance--icon-left hover-effect-1\" href=\"\/ueber-iwell-guard\/?utm_source=iwell-guard.com&amp;utm_medium=info-box&amp;utm_campaign=kultur-tradition\"><div class=\"jet-button__plane jet-button__plane-normal\"><\/div><div class=\"jet-button__plane jet-button__plane-hover\"><\/div><div class=\"jet-button__state jet-button__state-normal\"><span class=\"jet-button__label\">Mer om iWell Guard<\/span><\/div><div class=\"jet-button__state jet-button__state-hover\"><span class=\"jet-button__label\">Mer om iWell Guard<\/span><\/div><\/a><\/div><\/div><style>.elementor-element.elementor-element-iwgcn-sami-ccb .jet-button__instance{width:320px;height:56px;}.elementor-element.elementor-element-iwgcn-sami-ccb .jet-button__state-normal .jet-button__label{text-align:center;margin:0px 0px 0px 0px;color:#1a1b20;font-family:Montserrat,sans-serif;font-size:13px;font-weight:400;letter-spacing:4px;line-height:1.714em;text-transform:uppercase;}.elementor-element.elementor-element-iwgcn-sami-ccb .jet-button__state-hover .jet-button__label{text-align:center;margin:0px 0px 0px 0px;color:#FECC76;font-family:Montserrat,sans-serif;font-size:13px;font-weight:400;letter-spacing:4px;line-height:1.714em;text-transform:uppercase;}.elementor-element.elementor-element-iwgcn-sami-ccb .jet-button__plane-normal{background-color:#FECC76;border-style:solid;border-color:#C99540;border-width:2px 2px 2px 2px;}.elementor-element.elementor-element-iwgcn-sami-ccb .jet-button__plane-hover{background-color:rgba(0,0,0,0.55);border-style:solid;border-color:#FECC76;border-width:2px 2px 2px 2px;}<\/style>\t\t\t\t<\/div>\n\t\t\t\t<\/div>\n\t\t\t\t<div class=\"elementor-element elementor-element-iwgcn-sami-ccd elementor-widget elementor-widget-text-editor\" data-id=\"iwgcn-sami-ccd\" data-element_type=\"widget\" data-e-type=\"widget\" data-widget_type=\"text-editor.default\">\n\t\t\t\t\t\t\t\t\t<div data-nosnippet=\"true\"><p style=\"text-align:center;font-size:13px;opacity:0.7;margin-top:14px\" data-nosnippet=\"true\">Personliga erfarenheter kan variera. Ingen medicinteknisk produkt. Inget l\u00f6fte om l\u00e4kning.<\/p><\/div>\t\t\t\t\t\t\t\t<\/div>\n\t\t\t\t\t<\/div>\n\t\t\t\t<\/div>\n\t\t\t\t\t<\/div>\n\t\t\t\t<\/div>\n\t\t<div class=\"elementor-element elementor-element-iwgcn-sami-disc e-flex e-con-boxed e-con e-parent\" data-id=\"iwgcn-sami-disc\" data-element_type=\"container\" data-e-type=\"container\">\n\t\t\t\t\t<div class=\"e-con-inner\">\n\t\t\t\t<div class=\"elementor-element elementor-element-iwgcn-sami-discw elementor-widget elementor-widget-html\" data-id=\"iwgcn-sami-discw\" data-element_type=\"widget\" data-e-type=\"widget\" data-widget_type=\"html.default\">\n\t\t\t\t\t<footer data-nosnippet=\"true\" class=\"iwg-disclaimer-block\"><p data-nosnippet=\"true\">iWell Guard \u00e4r <strong>ingen medicinteknisk produkt<\/strong> och ers\u00e4tter inte l\u00e4karv\u00e5rd eller psykoterapeutisk behandling. De religionsvetenskapliga inneh\u00e5llen \u00e4r kulturhistorisk inordning, ingen andlig praxisrekommendation.<\/p><\/footer>\t\t\t\t<\/div>\n\t\t\t\t\t<\/div>\n\t\t\t\t<\/div>\n\t\t\t\t<\/div>\n\t\t","protected":false},"excerpt":{"rendered":"","protected":false},"author":3,"featured_media":20404,"parent":0,"menu_order":0,"comment_status":"closed","ping_status":"closed","template":"elementor_header_footer","meta":{"_yoast_wpseo_focuskw":"baltisk mytologi","_yoast_wpseo_title":"Baltisk mytologi: gudar i Litauen och Lettland","_yoast_wpseo_metadesc":"Perk\u016bnas, Gabija och husormen Zaltys: den baltiska mytologin i Litauen och Lettland f\u00f6rklarad utifr\u00e5n religionsvetenskaplig grund.","_yoast_wpseo_meta-robots-noindex":"","_yoast_wpseo_canonical":"","_angie_page":false,"gefaehrdungsstufe":"","wesen_kultur":"","wesen_klasse":"","footnotes":""},"categories":[],"class_list":["post-137757","page","type-page","status-publish","has-post-thumbnail","hentry"],"yoast_head":"<!-- This site is optimized with the Yoast SEO Premium plugin v27.7 (Yoast SEO v28.3) - https:\/\/yoast.com\/product\/yoast-seo-premium-wordpress\/ -->\n<title>Baltisk mytologi: gudar i Litauen och Lettland<\/title>\n<meta name=\"description\" content=\"Perk\u016bnas, Gabija och husormen Zaltys: den baltiska mytologin i Litauen och Lettland f\u00f6rklarad utifr\u00e5n religionsvetenskaplig grund.\" \/>\n<meta name=\"robots\" content=\"index, follow, max-snippet:-1, max-image-preview:large, max-video-preview:-1\" \/>\n<link rel=\"canonical\" href=\"https:\/\/iwell-guard.com\/sv\/baltisk-mytologi\/\" \/>\n<meta property=\"og:locale\" content=\"sv_SE\" \/>\n<meta property=\"og:type\" content=\"article\" \/>\n<meta property=\"og:title\" content=\"Baltisk mytologi\" \/>\n<meta property=\"og:description\" content=\"Perk\u016bnas, Gabija och husormen Zaltys: den baltiska mytologin i Litauen och Lettland f\u00f6rklarad utifr\u00e5n religionsvetenskaplig grund.\" \/>\n<meta property=\"og:url\" content=\"https:\/\/iwell-guard.com\/sv\/baltisk-mytologi\/\" \/>\n<meta property=\"og:site_name\" content=\"iWell Guard\" \/>\n<meta property=\"article:modified_time\" content=\"2026-09-03T01:38:20+00:00\" \/>\n<meta property=\"og:image\" content=\"https:\/\/iwell-guard.com\/wp-content\/uploads\/2026\/07\/goetter_baltikum_medeina.webp\" \/>\n\t<meta property=\"og:image:width\" content=\"1024\" \/>\n\t<meta property=\"og:image:height\" content=\"1536\" \/>\n\t<meta property=\"og:image:type\" content=\"image\/webp\" \/>\n<meta name=\"twitter:card\" content=\"summary_large_image\" \/>\n<script type=\"application\/ld+json\" class=\"yoast-schema-graph\">{\"@context\":\"https:\\\/\\\/schema.org\",\"@graph\":[{\"@type\":\"WebPage\",\"@id\":\"https:\\\/\\\/iwell-guard.com\\\/sv\\\/baltisk-mytologi\\\/\",\"url\":\"https:\\\/\\\/iwell-guard.com\\\/sv\\\/baltisk-mytologi\\\/\",\"name\":\"Baltisk mytologi: gudar i Litauen och Lettland\",\"isPartOf\":{\"@id\":\"https:\\\/\\\/iwell-guard.com\\\/sv\\\/#website\"},\"primaryImageOfPage\":{\"@id\":\"https:\\\/\\\/iwell-guard.com\\\/sv\\\/baltisk-mytologi\\\/#primaryimage\"},\"image\":{\"@id\":\"https:\\\/\\\/iwell-guard.com\\\/sv\\\/baltisk-mytologi\\\/#primaryimage\"},\"thumbnailUrl\":\"https:\\\/\\\/iwell-guard.com\\\/wp-content\\\/uploads\\\/2026\\\/07\\\/goetter_baltikum_medeina.webp\",\"datePublished\":\"2026-09-03T00:18:38+00:00\",\"dateModified\":\"2026-09-03T01:38:20+00:00\",\"description\":\"Perk\u016bnas, Gabija och husormen Zaltys: den baltiska mytologin i Litauen och Lettland f\u00f6rklarad utifr\u00e5n religionsvetenskaplig grund.\",\"breadcrumb\":{\"@id\":\"https:\\\/\\\/iwell-guard.com\\\/sv\\\/baltisk-mytologi\\\/#breadcrumb\"},\"inLanguage\":\"sv-SE\",\"potentialAction\":[{\"@type\":\"ReadAction\",\"target\":[\"https:\\\/\\\/iwell-guard.com\\\/sv\\\/baltisk-mytologi\\\/\"]}]},{\"@type\":\"ImageObject\",\"inLanguage\":\"sv-SE\",\"@id\":\"https:\\\/\\\/iwell-guard.com\\\/sv\\\/baltisk-mytologi\\\/#primaryimage\",\"url\":\"https:\\\/\\\/iwell-guard.com\\\/wp-content\\\/uploads\\\/2026\\\/07\\\/goetter_baltikum_medeina.webp\",\"contentUrl\":\"https:\\\/\\\/iwell-guard.com\\\/wp-content\\\/uploads\\\/2026\\\/07\\\/goetter_baltikum_medeina.webp\",\"width\":1024,\"height\":1536,\"caption\":\"Medeina, gudinna i den baltiska traditionen\"},{\"@type\":\"BreadcrumbList\",\"@id\":\"https:\\\/\\\/iwell-guard.com\\\/sv\\\/baltisk-mytologi\\\/#breadcrumb\",\"itemListElement\":[{\"@type\":\"ListItem\",\"position\":1,\"name\":\"Start\",\"item\":\"https:\\\/\\\/iwell-guard.com\\\/sv\\\/?page_id=136483\"},{\"@type\":\"ListItem\",\"position\":2,\"name\":\"Baltisk mytologi\"}]},{\"@type\":\"WebSite\",\"@id\":\"https:\\\/\\\/iwell-guard.com\\\/sv\\\/#website\",\"url\":\"https:\\\/\\\/iwell-guard.com\\\/sv\\\/\",\"name\":\"iWell Guard\",\"description\":\"Schutz vor dunklen Einfl\u00fcssen\",\"publisher\":{\"@id\":\"https:\\\/\\\/iwell-guard.com\\\/sv\\\/#organization\"},\"potentialAction\":[{\"@type\":\"SearchAction\",\"target\":{\"@type\":\"EntryPoint\",\"urlTemplate\":\"https:\\\/\\\/iwell-guard.com\\\/sv\\\/?s={search_term_string}\"},\"query-input\":{\"@type\":\"PropertyValueSpecification\",\"valueRequired\":true,\"valueName\":\"search_term_string\"}}],\"inLanguage\":\"sv-SE\"},{\"@type\":\"Organization\",\"@id\":\"https:\\\/\\\/iwell-guard.com\\\/sv\\\/#organization\",\"name\":\"Ittermann electronic GmbH\",\"url\":\"https:\\\/\\\/iwell-guard.com\\\/sv\\\/\",\"logo\":{\"@type\":\"ImageObject\",\"inLanguage\":\"sv-SE\",\"@id\":\"https:\\\/\\\/iwell-guard.com\\\/sv\\\/#\\\/schema\\\/logo\\\/image\\\/\",\"url\":\"https:\\\/\\\/iwell-guard.com\\\/wp-content\\\/uploads\\\/2026\\\/05\\\/Ittermann-Logo-1182x237-1.png\",\"contentUrl\":\"https:\\\/\\\/iwell-guard.com\\\/wp-content\\\/uploads\\\/2026\\\/05\\\/Ittermann-Logo-1182x237-1.png\",\"width\":1182,\"height\":237,\"caption\":\"Ittermann electronic GmbH\"},\"image\":{\"@id\":\"https:\\\/\\\/iwell-guard.com\\\/sv\\\/#\\\/schema\\\/logo\\\/image\\\/\"},\"sameAs\":[\"https:\\\/\\\/pantip.com\\\/profile\\\/9367242\",\"https:\\\/\\\/micro.blog\\\/iwellguard\",\"https:\\\/\\\/www.diggerslist.com\\\/iwellguard\\\/about\",\"https:\\\/\\\/skitterphoto.com\\\/photographers\\\/2870314\\\/iwell-guard\",\"https:\\\/\\\/iwellguard.wordpress.com\\\/2026\\\/06\\\/06\\\/iwell-guard\\\/\",\"https:\\\/\\\/hub.docker.com\\\/u\\\/iwellguard\",\"https:\\\/\\\/www.pinterest.com\\\/iwellguard\\\/\",\"https:\\\/\\\/bit.ly\\\/m\\\/iwellguard\",\"https:\\\/\\\/entre-vos-mains.alsace.eu\\\/profiles\\\/iwellguard\\\/activity\",\"https:\\\/\\\/gravatar.com\\\/reallybeded8fd34\",\"https:\\\/\\\/naijamatta.com\\\/iwellguard\",\"https:\\\/\\\/www.goodreads.com\\\/iwellguard\",\"https:\\\/\\\/profile.hatena.ne.jp\\\/iwellguard\\\/\",\"https:\\\/\\\/experiment.com\\\/users\\\/iwellguard\",\"https:\\\/\\\/wakelet.com\\\/@iWellGuard82270\",\"https:\\\/\\\/www.chordie.com\\\/forum\\\/profile.php?id=2555664\",\"https:\\\/\\\/www.instapaper.com\\\/p\\\/17757966\",\"https:\\\/\\\/www.mapleprimes.com\\\/users\\\/iwellguard\",\"https:\\\/\\\/businesslistingplus.com\\\/profile\\\/iwell-guard\\\/\",\"https:\\\/\\\/telegra.ph\\\/iWell-Guard-06-06\",\"https:\\\/\\\/pbase.com\\\/iwellguard\\\/iwellguard\",\"https:\\\/\\\/b.hatena.ne.jp\\\/iwellguard\\\/20260607#bookmark-4788405196491818882\",\"https:\\\/\\\/fliphtml5.com\\\/home\\\/iwellguard\",\"https:\\\/\\\/anyflip.com\\\/homepage\\\/cmiwl#About\",\"https:\\\/\\\/transfur.com\\\/Users\\\/iwellguard\",\"http:\\\/\\\/delphi.larsbo.org\\\/user\\\/iwellguard\",\"https:\\\/\\\/jobs.lajobsportal.org\\\/profiles\\\/8380803-iwell-guard\",\"https:\\\/\\\/md.chaosdorf.de\\\/s\\\/jfbe5SBdJD\",\"https:\\\/\\\/www.lingvolive.com\\\/en-us\\\/profile\\\/9ecaeaca-ce11-4e51-9e71-01d55e2bff36\\\/translations\",\"https:\\\/\\\/www.fitday.com\\\/fitness\\\/forums\\\/members\\\/iwellguard.html\",\"https:\\\/\\\/www.mymeetbook.com\\\/iwellguard\",\"https:\\\/\\\/pxhere.com\\\/en\\\/photographer-me\\\/5040798\",\"https:\\\/\\\/disqus.com\\\/by\\\/iwellguard\\\/about\\\/\",\"https:\\\/\\\/pastelink.net\\\/hjwciqwq\",\"https:\\\/\\\/pubhtml5.com\\\/homepage\\\/scjhn\\\/\",\"https:\\\/\\\/www.bitchute.com\\\/channel\\\/2O2eOKzNqujT\",\"https:\\\/\\\/audiomack.com\\\/iwellguard\"]}]}<\/script>\n<!-- \/ Yoast SEO Premium plugin. -->","yoast_head_json":{"title":"Baltisk mytologi: gudar i Litauen och Lettland","description":"Perk\u016bnas, Gabija och husormen Zaltys: den baltiska mytologin i Litauen och Lettland f\u00f6rklarad utifr\u00e5n religionsvetenskaplig grund.","robots":{"index":"index","follow":"follow","max-snippet":"max-snippet:-1","max-image-preview":"max-image-preview:large","max-video-preview":"max-video-preview:-1"},"canonical":"https:\/\/iwell-guard.com\/sv\/baltisk-mytologi\/","og_locale":"sv_SE","og_type":"article","og_title":"Baltisk mytologi","og_description":"Perk\u016bnas, Gabija och husormen Zaltys: den baltiska mytologin i Litauen och Lettland f\u00f6rklarad utifr\u00e5n religionsvetenskaplig grund.","og_url":"https:\/\/iwell-guard.com\/sv\/baltisk-mytologi\/","og_site_name":"iWell Guard","article_modified_time":"2026-09-03T01:38:20+00:00","og_image":[{"width":1024,"height":1536,"url":"https:\/\/iwell-guard.com\/wp-content\/uploads\/2026\/07\/goetter_baltikum_medeina.webp","type":"image\/webp"}],"twitter_card":"summary_large_image","schema":{"@context":"https:\/\/schema.org","@graph":[{"@type":"WebPage","@id":"https:\/\/iwell-guard.com\/sv\/baltisk-mytologi\/","url":"https:\/\/iwell-guard.com\/sv\/baltisk-mytologi\/","name":"Baltisk mytologi: gudar i Litauen och Lettland","isPartOf":{"@id":"https:\/\/iwell-guard.com\/sv\/#website"},"primaryImageOfPage":{"@id":"https:\/\/iwell-guard.com\/sv\/baltisk-mytologi\/#primaryimage"},"image":{"@id":"https:\/\/iwell-guard.com\/sv\/baltisk-mytologi\/#primaryimage"},"thumbnailUrl":"https:\/\/iwell-guard.com\/wp-content\/uploads\/2026\/07\/goetter_baltikum_medeina.webp","datePublished":"2026-09-03T00:18:38+00:00","dateModified":"2026-09-03T01:38:20+00:00","description":"Perk\u016bnas, Gabija och husormen Zaltys: den baltiska mytologin i Litauen och Lettland f\u00f6rklarad utifr\u00e5n religionsvetenskaplig grund.","breadcrumb":{"@id":"https:\/\/iwell-guard.com\/sv\/baltisk-mytologi\/#breadcrumb"},"inLanguage":"sv-SE","potentialAction":[{"@type":"ReadAction","target":["https:\/\/iwell-guard.com\/sv\/baltisk-mytologi\/"]}]},{"@type":"ImageObject","inLanguage":"sv-SE","@id":"https:\/\/iwell-guard.com\/sv\/baltisk-mytologi\/#primaryimage","url":"https:\/\/iwell-guard.com\/wp-content\/uploads\/2026\/07\/goetter_baltikum_medeina.webp","contentUrl":"https:\/\/iwell-guard.com\/wp-content\/uploads\/2026\/07\/goetter_baltikum_medeina.webp","width":1024,"height":1536,"caption":"Medeina, gudinna i den baltiska traditionen"},{"@type":"BreadcrumbList","@id":"https:\/\/iwell-guard.com\/sv\/baltisk-mytologi\/#breadcrumb","itemListElement":[{"@type":"ListItem","position":1,"name":"Start","item":"https:\/\/iwell-guard.com\/sv\/?page_id=136483"},{"@type":"ListItem","position":2,"name":"Baltisk mytologi"}]},{"@type":"WebSite","@id":"https:\/\/iwell-guard.com\/sv\/#website","url":"https:\/\/iwell-guard.com\/sv\/","name":"iWell Guard","description":"Schutz vor dunklen Einfl\u00fcssen","publisher":{"@id":"https:\/\/iwell-guard.com\/sv\/#organization"},"potentialAction":[{"@type":"SearchAction","target":{"@type":"EntryPoint","urlTemplate":"https:\/\/iwell-guard.com\/sv\/?s={search_term_string}"},"query-input":{"@type":"PropertyValueSpecification","valueRequired":true,"valueName":"search_term_string"}}],"inLanguage":"sv-SE"},{"@type":"Organization","@id":"https:\/\/iwell-guard.com\/sv\/#organization","name":"Ittermann electronic GmbH","url":"https:\/\/iwell-guard.com\/sv\/","logo":{"@type":"ImageObject","inLanguage":"sv-SE","@id":"https:\/\/iwell-guard.com\/sv\/#\/schema\/logo\/image\/","url":"https:\/\/iwell-guard.com\/wp-content\/uploads\/2026\/05\/Ittermann-Logo-1182x237-1.png","contentUrl":"https:\/\/iwell-guard.com\/wp-content\/uploads\/2026\/05\/Ittermann-Logo-1182x237-1.png","width":1182,"height":237,"caption":"Ittermann electronic GmbH"},"image":{"@id":"https:\/\/iwell-guard.com\/sv\/#\/schema\/logo\/image\/"},"sameAs":["https:\/\/pantip.com\/profile\/9367242","https:\/\/micro.blog\/iwellguard","https:\/\/www.diggerslist.com\/iwellguard\/about","https:\/\/skitterphoto.com\/photographers\/2870314\/iwell-guard","https:\/\/iwellguard.wordpress.com\/2026\/06\/06\/iwell-guard\/","https:\/\/hub.docker.com\/u\/iwellguard","https:\/\/www.pinterest.com\/iwellguard\/","https:\/\/bit.ly\/m\/iwellguard","https:\/\/entre-vos-mains.alsace.eu\/profiles\/iwellguard\/activity","https:\/\/gravatar.com\/reallybeded8fd34","https:\/\/naijamatta.com\/iwellguard","https:\/\/www.goodreads.com\/iwellguard","https:\/\/profile.hatena.ne.jp\/iwellguard\/","https:\/\/experiment.com\/users\/iwellguard","https:\/\/wakelet.com\/@iWellGuard82270","https:\/\/www.chordie.com\/forum\/profile.php?id=2555664","https:\/\/www.instapaper.com\/p\/17757966","https:\/\/www.mapleprimes.com\/users\/iwellguard","https:\/\/businesslistingplus.com\/profile\/iwell-guard\/","https:\/\/telegra.ph\/iWell-Guard-06-06","https:\/\/pbase.com\/iwellguard\/iwellguard","https:\/\/b.hatena.ne.jp\/iwellguard\/20260607#bookmark-4788405196491818882","https:\/\/fliphtml5.com\/home\/iwellguard","https:\/\/anyflip.com\/homepage\/cmiwl#About","https:\/\/transfur.com\/Users\/iwellguard","http:\/\/delphi.larsbo.org\/user\/iwellguard","https:\/\/jobs.lajobsportal.org\/profiles\/8380803-iwell-guard","https:\/\/md.chaosdorf.de\/s\/jfbe5SBdJD","https:\/\/www.lingvolive.com\/en-us\/profile\/9ecaeaca-ce11-4e51-9e71-01d55e2bff36\/translations","https:\/\/www.fitday.com\/fitness\/forums\/members\/iwellguard.html","https:\/\/www.mymeetbook.com\/iwellguard","https:\/\/pxhere.com\/en\/photographer-me\/5040798","https:\/\/disqus.com\/by\/iwellguard\/about\/","https:\/\/pastelink.net\/hjwciqwq","https:\/\/pubhtml5.com\/homepage\/scjhn\/","https:\/\/www.bitchute.com\/channel\/2O2eOKzNqujT","https:\/\/audiomack.com\/iwellguard"]}]}},"_links":{"self":[{"href":"https:\/\/iwell-guard.com\/sv\/wp-json\/wp\/v2\/pages\/137757","targetHints":{"allow":["GET"]}}],"collection":[{"href":"https:\/\/iwell-guard.com\/sv\/wp-json\/wp\/v2\/pages"}],"about":[{"href":"https:\/\/iwell-guard.com\/sv\/wp-json\/wp\/v2\/types\/page"}],"author":[{"embeddable":true,"href":"https:\/\/iwell-guard.com\/sv\/wp-json\/wp\/v2\/users\/3"}],"replies":[{"embeddable":true,"href":"https:\/\/iwell-guard.com\/sv\/wp-json\/wp\/v2\/comments?post=137757"}],"version-history":[{"count":0,"href":"https:\/\/iwell-guard.com\/sv\/wp-json\/wp\/v2\/pages\/137757\/revisions"}],"wp:featuredmedia":[{"embeddable":true,"href":"https:\/\/iwell-guard.com\/sv\/wp-json\/wp\/v2\/media\/20404"}],"wp:attachment":[{"href":"https:\/\/iwell-guard.com\/sv\/wp-json\/wp\/v2\/media?parent=137757"}],"wp:term":[{"taxonomy":"category","embeddable":true,"href":"https:\/\/iwell-guard.com\/sv\/wp-json\/wp\/v2\/categories?post=137757"}],"curies":[{"name":"wp","href":"https:\/\/api.w.org\/{rel}","templated":true}]}}