{"id":137752,"date":"2026-09-03T00:18:36","date_gmt":"2026-09-03T00:18:36","guid":{"rendered":"https:\/\/iwell-guard.com\/?page_id=137752"},"modified":"2026-09-03T01:38:03","modified_gmt":"2026-09-03T01:38:03","slug":"filippinsk-mytologi","status":"publish","type":"page","link":"https:\/\/iwell-guard.com\/sv\/filippinsk-mytologi\/","title":{"rendered":"Filippinsk mytologi"},"content":{"rendered":"\t\t<div data-elementor-type=\"wp-page\" data-elementor-id=\"137752\" class=\"elementor elementor-137752 elementor-20558 elementor-bc-flex-widget\" data-elementor-post-type=\"page\">\n\t\t\t\t<div class=\"elementor-element elementor-element-iwgcn-sami-hero iwg-kultur-hero e-flex e-con-boxed e-con e-parent\" data-id=\"iwgcn-sami-hero\" data-element_type=\"container\" data-e-type=\"container\">\n\t\t\t\t\t<div class=\"e-con-inner\">\n\t\t<div class=\"elementor-element elementor-element-iwgcn-sami-hl iwg-kultur-hero-left e-flex e-con-boxed e-con e-child\" data-id=\"iwgcn-sami-hl\" data-element_type=\"container\" data-e-type=\"container\">\n\t\t\t\t\t<div class=\"e-con-inner\">\n\t\t\t\t<div class=\"elementor-element elementor-element-iwgcn-sami-h1 elementor-widget elementor-widget-heading\" data-id=\"iwgcn-sami-h1\" data-element_type=\"widget\" data-e-type=\"widget\" data-widget_type=\"heading.default\">\n\t\t\t\t\t<h1 class=\"elementor-heading-title elementor-size-default\">Filippinsk mytologi, Anito-tro och Aswang-komplexet<\/h1>\t\t\t\t<\/div>\n\t\t<div class=\"elementor-element elementor-element-iwgcn-sami-leadc e-con-full e-flex e-con e-child\" data-id=\"iwgcn-sami-leadc\" data-element_type=\"container\" data-e-type=\"container\">\n\t\t\t\t<div class=\"elementor-element elementor-element-iwgcn-sami-lead elementor-widget elementor-widget-text-editor\" data-id=\"iwgcn-sami-lead\" data-element_type=\"widget\" data-e-type=\"widget\" data-widget_type=\"text-editor.default\">\n\t\t\t\t\t\t\t\t\t<p>Filippinerna omfattar mer \u00e4n 7.000 \u00f6ar och \u00f6ver 180 spr\u00e5kgrupper, och lika m\u00e5ngfaldiga \u00e4r de f\u00f6rspanska trosv\u00e4rldarna. Gemensamt f\u00f6r m\u00e5nga traditioner \u00e4r v\u00f6rdnaden f\u00f6r <strong>Anito<\/strong>, f\u00f6rf\u00e4ders- och naturandar, samt f\u00f6r <strong>Diwata<\/strong>, v\u00e4sen med tydlig hinduisk-malajisk pr\u00e4gel. Sedan 1500-talet lade den spanska kolonialtiden ett lager av katolsk mission \u00f6ver dessa skikt, utan att helt tr\u00e4nga undan dem.<\/p>\n<p class=\"iwg-kwfix\">Den filippinska mytologin \u00e4r d\u00e4rmed ett v\u00e4vverk av f\u00f6rspansk andev\u00e4rld, regionala panteon och sekell\u00e5ng kristen \u00f6verlagring. Artikeln placerar Anito-tron som grundskiktet i detta v\u00e4vverk av f\u00f6rspansk andev\u00e4rld och kristen \u00f6verlagring.<\/p>\t\t\t\t\t\t\t\t<\/div>\n\t\t\t\t<\/div>\n\t\t\t\t\t<\/div>\n\t\t\t\t<\/div>\n\t\t<div class=\"elementor-element elementor-element-iwgcn-sami-hr iwg-kultur-hero-right e-flex e-con-boxed e-con e-child\" data-id=\"iwgcn-sami-hr\" data-element_type=\"container\" data-e-type=\"container\">\n\t\t\t\t\t<div class=\"e-con-inner\">\n\t\t\t\t<div class=\"elementor-element elementor-element-iwgcn-sami-himg iwg-hero-image elementor-widget elementor-widget-image\" data-id=\"iwgcn-sami-himg\" data-element_type=\"widget\" data-e-type=\"widget\" data-widget_type=\"image.default\">\n\t\t\t\t\t\t\t\t\t\t\t\t\t\t\t<img fetchpriority=\"high\" decoding=\"async\" width=\"683\" height=\"1024\" src=\"https:\/\/iwell-guard.com\/wp-content\/uploads\/2026\/05\/goetter_sami_beaivi-683x1024.webp\" class=\"attachment-large size-large wp-image-136055\" alt=\"Beaivi \u2013 gud fr\u00e5n den samiska traditionen, historiskt-illustrativ\" srcset=\"https:\/\/iwell-guard.com\/wp-content\/uploads\/2026\/05\/goetter_sami_beaivi-683x1024.webp 683w, https:\/\/iwell-guard.com\/wp-content\/uploads\/2026\/05\/goetter_sami_beaivi-200x300.webp 200w, https:\/\/iwell-guard.com\/wp-content\/uploads\/2026\/05\/goetter_sami_beaivi-768x1152.webp 768w, https:\/\/iwell-guard.com\/wp-content\/uploads\/2026\/05\/goetter_sami_beaivi.webp 1024w\" sizes=\"(max-width: 683px) 100vw, 683px\" \/>\t\t\t\t\t\t\t\t\t\t\t\t\t\t\t<\/div>\n\t\t\t\t\t<\/div>\n\t\t\t\t<\/div>\n\t\t\t\t\t<\/div>\n\t\t\t\t<\/div>\n\t\t\t\t<section class=\"elementor-section elementor-top-section elementor-element elementor-element-sec-iwgcomp-sami elementor-section-boxed elementor-section-height-default elementor-section-height-default\" data-id=\"sec-iwgcomp-sami\" data-element_type=\"section\" data-e-type=\"section\">\n\t\t\t\t\t\t<div class=\"elementor-container elementor-column-gap-default\">\n\t\t\t\t\t<div class=\"elementor-column elementor-col-100 elementor-top-column elementor-element elementor-element-col-iwgcomp-sami\" data-id=\"col-iwgcomp-sami\" data-element_type=\"column\" data-e-type=\"column\">\n\t\t\t<div class=\"elementor-widget-wrap elementor-element-populated\">\n\t\t\t\t\t\t<div class=\"elementor-element elementor-element-iwgcomp-sami elementor-widget elementor-widget-text-editor\" data-id=\"iwgcomp-sami\" data-element_type=\"widget\" data-e-type=\"widget\" data-widget_type=\"text-editor.default\">\n\t\t\t\t\t\t\t\t\t<p>Begreppet <strong><span class=\"iwg-fachbegriff\" data-tooltip=\"V\u00e4rlds\u00e5sk\u00e5dning d\u00e4r naturfenomen, platser och f\u00f6rf\u00e4der tillskrivs en egen andesubstans.\" tabindex=\"0\">Animism<\/span><\/strong> beskriver den religionsvetenskapliga k\u00e4rnan i den f\u00f6rspanska filippinska trosv\u00e4rlden, d\u00e4r berg, tr\u00e4d, floder och avlidna ans\u00e5gs vara besj\u00e4lade.<\/p>\n<p class=\"iwg-kwfix\">Det s\u00e5 kallade <span class=\"iwg-fachbegriff\" data-tooltip=\"Ett samlingsbegrepp pr\u00e4glat av folklorister som Maximo Ramos f\u00f6r en grupp f\u00f6r\u00e4nderliga v\u00e4sen som skildras som hotfulla.\" tabindex=\"0\">Aswang-komplexet<\/span> och Anito-f\u00f6rf\u00e4derskulten formades om under tre \u00e5rhundraden av kolonialtid och katolsk folktro, men lever kvar i muntlig tradition p\u00e5 Visayas och Luzon \u00e4n i dag.<\/p>\t\t\t\t\t\t\t\t<\/div>\n\t\t\t\t\t<\/div>\n\t\t<\/div>\n\t\t\t\t\t<\/div>\n\t\t<\/section>\n\t\t<div class=\"elementor-element elementor-element-iwgcn-sami-s0 e-flex e-con-boxed e-con e-parent\" data-id=\"iwgcn-sami-s0\" data-element_type=\"container\" data-e-type=\"container\">\n\t\t\t\t\t<div class=\"e-con-inner\">\n\t\t\t\t<div class=\"elementor-element elementor-element-iwgcn-sami-s0h elementor-widget elementor-widget-heading\" data-id=\"iwgcn-sami-s0h\" data-element_type=\"widget\" data-e-type=\"widget\" data-widget_type=\"heading.default\">\n\t\t\t\t\t<h2 class=\"elementor-heading-title elementor-size-default\">\u00d6riket, spr\u00e5kfamiljer och den f\u00f6rspanska trosv\u00e4rlden<\/h2>\t\t\t\t<\/div>\n\t\t<div class=\"elementor-element elementor-element-iwgcn-sami-s0-c e-con-full e-flex e-con e-child\" data-id=\"iwgcn-sami-s0-c\" data-element_type=\"container\" data-e-type=\"container\">\n\t\t\t\t<div class=\"elementor-element elementor-element-iwgcn-sami-s0t elementor-widget elementor-widget-text-editor\" data-id=\"iwgcn-sami-s0t\" data-element_type=\"widget\" data-e-type=\"widget\" data-widget_type=\"text-editor.default\">\n\t\t\t\t\t\t\t\t\t<p>De filippinska spr\u00e5ken tillh\u00f6r den austronesiska familjen, med Tagalog, Cebuano, Ilocano, Bikol och Hiligaynon som de st\u00f6rsta grupperna. F\u00f6re den spanska ankomsten 1521 fanns inget enhetligt panteon, utan en m\u00e5ngfald regionala trossystem med egna ritualspecialister, Babaylan eller Catalonan, oftast kvinnor eller m\u00e4n i kvinnlig roll.<\/p><p>Begreppet <strong>Anito<\/strong> \u00e4r belagt \u00f6ver stora delar av arkipelagen och betecknar fr\u00e4mst f\u00f6rf\u00e4ders- och platsandar. <strong>Diwata<\/strong>, h\u00e4rlett fr\u00e5n sanskritordet <em>devata<\/em> via malajisk f\u00f6rmedling, \u00e4r mer utbrett p\u00e5 Visayas och Mindanao och betecknar d\u00e4r snarare natur- och landskapsgudomar som <a href=\"https:\/\/iwell-guard.com\/sv\/maria-makiling\/\">Maria Makiling<\/a>. En skarp \u00e5tskillnad mellan de b\u00e5da begreppen kan religionsvetenskapligt inte uppr\u00e4tth\u00e5llas \u00f6verallt, eftersom regionala k\u00e4llor delvis anv\u00e4nder dem \u00f6verlappande.<\/p>\n<p class=\"iwg-kwfix\">Anito-f\u00f6rf\u00e4derskult, Diwata-v\u00f6rdnad och det senare Aswang-komplexet utg\u00f6r tillsammans grundstommen i den filippinska mytologin, f\u00f6re och vid sidan av den katolska \u00f6verlagringen.<\/p>\t\t\t\t\t\t\t\t<\/div>\n\t\t\t\t<\/div>\n\t\t\t\t\t<\/div>\n\t\t\t\t<\/div>\n\t\t<div class=\"elementor-element elementor-element-iwgcn-sami-s1 e-flex e-con-boxed e-con e-parent\" data-id=\"iwgcn-sami-s1\" data-element_type=\"container\" data-e-type=\"container\">\n\t\t\t\t\t<div class=\"e-con-inner\">\n\t\t\t\t<div class=\"elementor-element elementor-element-iwgcn-sami-s1h elementor-widget elementor-widget-heading\" data-id=\"iwgcn-sami-s1h\" data-element_type=\"widget\" data-e-type=\"widget\" data-widget_type=\"heading.default\">\n\t\t\t\t\t<h2 class=\"elementor-heading-title elementor-size-default\">Panteon: Bathala, Bakunawa och naturens Diwata<\/h2>\t\t\t\t<\/div>\n\t\t<div class=\"elementor-element elementor-element-iwgcn-sami-s1-c e-con-full e-flex e-con e-child\" data-id=\"iwgcn-sami-s1-c\" data-element_type=\"container\" data-e-type=\"container\">\n\t\t\t\t<div class=\"elementor-element elementor-element-iwgcn-sami-s1t elementor-widget elementor-widget-text-editor\" data-id=\"iwgcn-sami-s1t\" data-element_type=\"widget\" data-e-type=\"widget\" data-widget_type=\"text-editor.default\">\n\t\t\t\t\t\t\t\t\t<p>I tidiga spanska rapporter, till exempel franciskanen Juan de Plasencias Relaci\u00f3n fr\u00e5n 1589, framtr\u00e4der <strong>Bathala<\/strong> som en tagalogisk himmels- och skapargud, under vilken Anito och Diwata \u00e4r underordnade. Denna hierarkiska tolkning pr\u00e4glas dock starkt av mission\u00e4rernas kristna f\u00f6rutfattade meningar och kan inte utan vidare \u00f6verf\u00f6ras p\u00e5 hela det f\u00f6rspanska religi\u00f6sa landskapet.<\/p><p>I Visayas- och Bicol-traditioner f\u00f6rklarar ormen <strong>Bakunawa<\/strong> m\u00e5nf\u00f6rm\u00f6rkelser genom att f\u00f6rs\u00f6ka sluka m\u00e5nen, varf\u00f6r ov\u00e4sen och trumslag skulle jaga bort henne. Som <strong>Diwata<\/strong> r\u00e4knas bland annat <a href=\"https:\/\/iwell-guard.com\/sv\/diwata\/\">Diwata<\/a> som samlingsbegrepp, sj\u00f6jungfrun <a href=\"https:\/\/iwell-guard.com\/sv\/sirena\/\">Sirena<\/a> och bergsgudinnan <a href=\"https:\/\/iwell-guard.com\/sv\/maria-makiling\/\">Maria Makiling<\/a>, vars legend om berget Makiling i Laguna ber\u00e4ttas \u00e4n i dag.<\/p>\t\t\t\t\t\t\t\t<\/div>\n\t\t\t\t<\/div>\n\t\t\t\t\t<\/div>\n\t\t\t\t<\/div>\n\t\t<div class=\"elementor-element elementor-element-iwgcn-sami-s2 e-flex e-con-boxed e-con e-parent\" data-id=\"iwgcn-sami-s2\" data-element_type=\"container\" data-e-type=\"container\">\n\t\t\t\t\t<div class=\"e-con-inner\">\n\t\t\t\t<div class=\"elementor-element elementor-element-iwgcn-sami-s2h elementor-widget elementor-widget-heading\" data-id=\"iwgcn-sami-s2h\" data-element_type=\"widget\" data-e-type=\"widget\" data-widget_type=\"heading.default\">\n\t\t\t\t\t<h2 class=\"elementor-heading-title elementor-size-default\">Aswang-komplexet: Manananggal, Tiyanak, Aswang<\/h2>\t\t\t\t<\/div>\n\t\t<div class=\"elementor-element elementor-element-iwgcn-sami-s2-c e-con-full e-flex e-con e-child\" data-id=\"iwgcn-sami-s2-c\" data-element_type=\"container\" data-e-type=\"container\">\n\t\t\t\t<div class=\"elementor-element elementor-element-iwgcn-sami-s2t elementor-widget elementor-widget-text-editor\" data-id=\"iwgcn-sami-s2t\" data-element_type=\"widget\" data-e-type=\"widget\" data-widget_type=\"text-editor.default\">\n\t\t\t\t\t\t\t\t\t<p>Folkloristen Maximo Ramos myntade i sina studier p\u00e5 1960- och 1970-talen begreppet <em>Aswang-komplexet<\/em> f\u00f6r en grupp besl\u00e4ktade, f\u00f6r\u00e4nderliga v\u00e4sen som skildras som hotfulla och som \u00e4r mest belagda i v\u00e4stra Visayas, s\u00e4rskilt provinsen Capiz. Begreppet <a href=\"https:\/\/iwell-guard.com\/sv\/aswang\/\">Aswang<\/a> anv\u00e4nds regionalt olika, ibland som ett samlingsbegrepp, ibland f\u00f6r en best\u00e4md yttringsform.<\/p><p>Till komplexet h\u00f6r <a href=\"https:\/\/iwell-guard.com\/sv\/manananggal\/\">Manananggal<\/a>, som enligt traditionen skiljer sin \u00f6verkropp fr\u00e5n underkroppen och flyger med fladdermuslika vingar, samt <a href=\"https:\/\/iwell-guard.com\/sv\/tiyanak\/\">Tiyanak<\/a>, ett v\u00e4sen i form av ett sp\u00e4dbarn som lockar till sig resen\u00e4rer. Dessa ber\u00e4ttelser tj\u00e4nade i byasamh\u00e4llen bland annat till social kontroll och till att f\u00f6rklara of\u00f6rklarade d\u00f6dsfall eller missfall.<\/p>\t\t\t\t\t\t\t\t<\/div>\n\t\t\t\t<\/div>\n\t\t\t\t\t<\/div>\n\t\t\t\t<\/div>\n\t\t<div class=\"elementor-element elementor-element-iwgcn-sami-s3 e-flex e-con-boxed e-con e-parent\" data-id=\"iwgcn-sami-s3\" data-element_type=\"container\" data-e-type=\"container\">\n\t\t\t\t\t<div class=\"e-con-inner\">\n\t\t\t\t<div class=\"elementor-element elementor-element-iwgcn-sami-s3h elementor-widget elementor-widget-heading\" data-id=\"iwgcn-sami-s3h\" data-element_type=\"widget\" data-e-type=\"widget\" data-widget_type=\"heading.default\">\n\t\t\t\t\t<h2 class=\"elementor-heading-title elementor-size-default\">Skogsv\u00e4sen och koloniala blandgestalter: Tikbalang, Kapre, Berberoka<\/h2>\t\t\t\t<\/div>\n\t\t<div class=\"elementor-element elementor-element-iwgcn-sami-s3-c e-con-full e-flex e-con e-child\" data-id=\"iwgcn-sami-s3-c\" data-element_type=\"container\" data-e-type=\"container\">\n\t\t\t\t<div class=\"elementor-element elementor-element-iwgcn-sami-s3t elementor-widget elementor-widget-text-editor\" data-id=\"iwgcn-sami-s3t\" data-element_type=\"widget\" data-e-type=\"widget\" data-widget_type=\"text-editor.default\">\n\t\t\t\t\t\t\t\t\t<p>Vid sidan av f\u00f6rf\u00e4ders- och naturandar k\u00e4nner den filippinska traditionen till en rad landskaps- och blandv\u00e4sen, d\u00e4r f\u00f6rspanska f\u00f6rest\u00e4llningar f\u00f6renades med senare influenser. <a href=\"https:\/\/iwell-guard.com\/sv\/tikbalang\/\">Tikbalang<\/a>, ett h\u00e4sth\u00f6vdat v\u00e4sen i skogar och berg, ska enligt traditionen f\u00e5 resen\u00e4rer att g\u00e5 i cirklar tills de tappar orienteringen. <a href=\"https:\/\/iwell-guard.com\/sv\/kapre\/\">Kapre<\/a>, ett j\u00e4ttelikt, cigarr\u00f6kande tr\u00e4dv\u00e4sen, b\u00e4r ett namn som via spanskan sannolikt g\u00e5r tillbaka p\u00e5 ett arabiskt ord f\u00f6r icke-troende, ett tecken p\u00e5 arkipelagens m\u00e5ngskiktade kontakthistoria.<\/p><p>I norra Luzon ber\u00e4ttar Ilocano- och Isneg-traditionen om <a href=\"https:\/\/iwell-guard.com\/sv\/berberoka\/\">Berberoka<\/a>, ett tr\u00e4skodjur som h\u00e5ller tillbaka vatten och \u00f6versv\u00e4mmar land f\u00f6r att f\u00e5nga byten, dokumenterat bland annat av historikern William Henry Scott. Den huvudl\u00f6se <a href=\"https:\/\/iwell-guard.com\/sv\/pugot\/\">Pugot<\/a> och <a href=\"https:\/\/iwell-guard.com\/sv\/multo\/\">Multo<\/a>, som uppfattas som en allm\u00e4n ande och vars namn g\u00e5r tillbaka p\u00e5 det spanska ordet f\u00f6r avlidna, visar hur f\u00f6rspanska andef\u00f6rest\u00e4llningar blandades med spansk-katolska begrepp.<\/p>\t\t\t\t\t\t\t\t<\/div>\n\t\t\t\t<\/div>\n\t\t\t\t\t<\/div>\n\t\t\t\t<\/div>\n\t\t<div class=\"elementor-element elementor-element-x-sami-s-faq e-flex e-con-boxed e-con e-parent\" data-id=\"x-sami-s-faq\" data-element_type=\"container\" data-e-type=\"container\">\n\t\t\t\t\t<div class=\"e-con-inner\">\n\t\t\t\t<div class=\"elementor-element elementor-element-x-sami-h-faq elementor-widget elementor-widget-heading\" data-id=\"x-sami-h-faq\" data-element_type=\"widget\" data-e-type=\"widget\" data-widget_type=\"heading.default\">\n\t\t\t\t\t<h2 class=\"elementor-heading-title elementor-size-default\">Vanliga fr\u00e5gor om filippinsk mytologi<\/h2>\t\t\t\t<\/div>\n\t\t<div class=\"elementor-element elementor-element-iwgcn-sami-s3-c e-con-full e-flex e-con e-child\" data-id=\"iwgcn-sami-s3-c\" data-element_type=\"container\" data-e-type=\"container\">\n\t\t\t\t<div class=\"elementor-element elementor-element-x-sami-t-faq elementor-widget elementor-widget-text-editor\" data-id=\"x-sami-t-faq\" data-element_type=\"widget\" data-e-type=\"widget\" data-widget_type=\"text-editor.default\">\n\t\t\t\t\t\t\t\t\t<h3>Vad betyder Anito?<\/h3>\n<p>Anito betecknar i stora delar av det f\u00f6rspanska Filippinerna anda- och naturv\u00e4sen kopplade till f\u00f6rf\u00e4der, som man offrade till. Begreppet \u00e4r belagt \u00f6ver m\u00e5nga spr\u00e5kgrupper i arkipelagen, \u00e4ven om dess exakta inneb\u00f6rd varierar regionalt.<\/p>\n<h3>Vad \u00e4r Aswang-komplexet?<\/h3>\n<p>Aswang-komplexet \u00e4r ett samlingsbegrepp som pr\u00e4glats av folklorister som Maximo Ramos f\u00f6r en grupp besl\u00e4ktade, formskiftande v\u00e4sen som i ber\u00e4ttelserna framst\u00e4lls som m\u00e4nnisko\u00e4tande, till exempel Manananggal, Tiyanak och Aswang, vilka framf\u00f6r allt \u00e4r rikt belagda i de v\u00e4stra Visayas.<\/p>\n<h3>Vad skiljer Anito och Diwata \u00e5t?<\/h3>\n<p>Anito anv\u00e4nds oftare f\u00f6r f\u00f6rf\u00e4ders och platsers andar och \u00e4r spridd \u00f6ver hela arkipelagen, medan Diwata, som spr\u00e5kligt h\u00e4rstammar fr\u00e5n det sanskrittiska ordet devata, i h\u00f6gre grad f\u00f6rknippas med natur- och landskapsgudomar i Visayas och p\u00e5 Mindanao. Gr\u00e4nsen mellan de tv\u00e5 begreppen \u00e4r dock inte alltid tydlig i k\u00e4llorna.<\/p>\n<h3>Hur f\u00f6r\u00e4ndrade den spanska kolonialtiden den filippinska mytologin?<\/h3>\n<p>Spanska mission\u00e4rer tolkade fr\u00e5n 1500-talet Anito och Diwata till \u00f6verv\u00e4gande del som demoner och bek\u00e4mpade dyrkan av dem. M\u00e5nga element \u00f6verlevde likv\u00e4l i en folklig form av katolicism och i den muntliga ber\u00e4ttartraditionen, som lever kvar \u00e4n idag.<\/p>\n<script type=\"application\/ld+json\">{\"@context\": \"https:\/\/schema.org\", \"@type\": \"FAQPage\", \"mainEntity\": [{\"@type\": \"Question\", \"name\": \"Vad betyder Anito?\", \"acceptedAnswer\": {\"@type\": \"Answer\", \"text\": \"Anito betecknar i stora delar av det f\u00f6rspanska Filippinerna anda- och naturv\u00e4sen kopplade till f\u00f6rf\u00e4der, som man offrade till. Begreppet \u00e4r belagt \u00f6ver m\u00e5nga spr\u00e5kgrupper i arkipelagen, \u00e4ven om dess exakta inneb\u00f6rd varierar regionalt.\"}}, {\"@type\": \"Question\", \"name\": \"Vad \u00e4r Aswang-komplexet?\", \"acceptedAnswer\": {\"@type\": \"Answer\", \"text\": \"Aswang-komplexet \u00e4r ett samlingsbegrepp som pr\u00e4glats av folklorister som Maximo Ramos f\u00f6r en grupp besl\u00e4ktade, formskiftande v\u00e4sen som i ber\u00e4ttelserna framst\u00e4lls som m\u00e4nnisko\u00e4tande, till exempel Manananggal, Tiyanak och Aswang, vilka framf\u00f6r allt \u00e4r rikt belagda i de v\u00e4stra Visayas.\"}}, {\"@type\": \"Question\", \"name\": \"Vad skiljer Anito och Diwata \u00e5t?\", \"acceptedAnswer\": {\"@type\": \"Answer\", \"text\": \"Anito anv\u00e4nds oftare f\u00f6r f\u00f6rf\u00e4ders och platsers andar och \u00e4r spridd \u00f6ver hela arkipelagen, medan Diwata, som spr\u00e5kligt h\u00e4rstammar fr\u00e5n det sanskrittiska ordet devata, i h\u00f6gre grad f\u00f6rknippas med natur- och landskapsgudomar i Visayas och p\u00e5 Mindanao. Gr\u00e4nsen mellan de tv\u00e5 begreppen \u00e4r dock inte alltid tydlig i k\u00e4llorna.\"}}, {\"@type\": \"Question\", \"name\": \"Hur f\u00f6r\u00e4ndrade den spanska kolonialtiden den filippinska mytologin?\", \"acceptedAnswer\": {\"@type\": \"Answer\", \"text\": \"Spanska mission\u00e4rer tolkade fr\u00e5n 1500-talet Anito och Diwata till \u00f6verv\u00e4gande del som demoner och bek\u00e4mpade dyrkan av dem. M\u00e5nga element \u00f6verlevde likv\u00e4l i en folklig form av katolicism och i den muntliga ber\u00e4ttartraditionen, som lever kvar \u00e4n idag.\"}}]}<\/script>\t\t\t\t\t\t\t\t<\/div>\n\t\t\t\t<\/div>\n\t\t\t\t\t<\/div>\n\t\t\t\t<\/div>\n\t\t<div class=\"elementor-element elementor-element-iwgcn-sami-s4 e-flex e-con-boxed e-con e-parent\" data-id=\"iwgcn-sami-s4\" data-element_type=\"container\" data-e-type=\"container\">\n\t\t\t\t\t<div class=\"e-con-inner\">\n\t\t\t\t<div class=\"elementor-element elementor-element-iwgcn-sami-s4h elementor-widget elementor-widget-heading\" data-id=\"iwgcn-sami-s4h\" data-element_type=\"widget\" data-e-type=\"widget\" data-widget_type=\"heading.default\">\n\t\t\t\t\t<h2 class=\"elementor-heading-title elementor-size-default\">Bicolano-pantheon: Gugurang, Kan-Laon och Lalahon<\/h2>\t\t\t\t<\/div>\n\t\t<div class=\"elementor-element elementor-element-iwgcn-sami-s4-c e-con-full e-flex e-con e-child\" data-id=\"iwgcn-sami-s4-c\" data-element_type=\"container\" data-e-type=\"container\">\n\t\t\t\t<div class=\"elementor-element elementor-element-iwgcn-sami-s4t elementor-widget elementor-widget-text-editor\" data-id=\"iwgcn-sami-s4t\" data-element_type=\"widget\" data-e-type=\"widget\" data-widget_type=\"text-editor.default\">\n\t\t\t\t\t\t\t\t\t<p>I Ibalong-epikens Bicol-region, som en spansk mission\u00e4r f\u00f6rst nedtecknade p\u00e5 1500-talet och som Fray Jos\u00e9 Casta\u00f1o rekonstruerade p\u00e5 1800-talet, g\u00e4ller <a href=\"https:\/\/iwell-guard.com\/sv\/gugurang\/\">Gugurang<\/a> som den h\u00f6gsta eldgudomen i vulkanen Mayon, som utmanas av en rivaliserande ande. P\u00e5 \u00f6n Negros f\u00f6rknippas <a href=\"https:\/\/iwell-guard.com\/sv\/kan-laon\/\">Kan-Laon<\/a> med vulkanen Kanlaon, medan <a href=\"https:\/\/iwell-guard.com\/sv\/lalahon\/\">Lalahon<\/a> g\u00e4ller som sk\u00f6rdegudinna, som enligt traditionen s\u00e4nder gr\u00e4shoppor om hon f\u00f6rol\u00e4mpas. B\u00e5da gestalterna beskrivs i olika k\u00e4llor delvis \u00f6verlappande, delvis som skilda v\u00e4sen, och forskningsl\u00e4get \u00e4r inte enhetligt.<\/p><p>Vid sidan av de stora pantheon-gestalterna k\u00e4nner Bicol-traditionen \u00e4ven till regionala ormv\u00e4sen fr\u00e5n flodomr\u00e5det, som samlas under begreppet <a href=\"https:\/\/iwell-guard.com\/sv\/naga-bicol\/\">Naga-Bicol<\/a>, ett eko av det fr\u00e5n Sydasien f\u00f6rmedlade naga-motivet i lokal utformning.<\/p>\t\t\t\t\t\t\t\t<\/div>\n\t\t\t\t<\/div>\n\t\t\t\t\t<\/div>\n\t\t\t\t<\/div>\n\t\t<div class=\"elementor-element elementor-element-iwgcn-sami-s5 e-flex e-con-boxed e-con e-parent\" data-id=\"iwgcn-sami-s5\" data-element_type=\"container\" data-e-type=\"container\">\n\t\t\t\t\t<div class=\"e-con-inner\">\n\t\t\t\t<div class=\"elementor-element elementor-element-iwgcn-sami-s5h elementor-widget elementor-widget-heading\" data-id=\"iwgcn-sami-s5h\" data-element_type=\"widget\" data-e-type=\"widget\" data-widget_type=\"heading.default\">\n\t\t\t\t\t<h2 class=\"elementor-heading-title elementor-size-default\">Vindgudomar: Amihan, Habagat och Lihangins barn<\/h2>\t\t\t\t<\/div>\n\t\t<div class=\"elementor-element elementor-element-iwgcn-sami-s5-c e-con-full e-flex e-con e-child\" data-id=\"iwgcn-sami-s5-c\" data-element_type=\"container\" data-e-type=\"container\">\n\t\t\t\t<div class=\"elementor-element elementor-element-iwgcn-sami-s5t elementor-widget elementor-widget-text-editor\" data-id=\"iwgcn-sami-s5t\" data-element_type=\"widget\" data-e-type=\"widget\" data-widget_type=\"text-editor.default\">\n\t\t\t\t\t\t\t\t\t<p>I tagalogiska skapelseber\u00e4ttelser g\u00e4ller <a href=\"https:\/\/iwell-guard.com\/sv\/lihangin\/\">Lihangin<\/a> som vindgud, gift med en havsgudinna. Deras barn \u00e4r de fyra vindarna, bland dem <a href=\"https:\/\/iwell-guard.com\/sv\/amihan\/\">Amihan<\/a>, nordostmonsunen, och <a href=\"https:\/\/iwell-guard.com\/sv\/habagat\/\">Habagat<\/a>, sydv\u00e4stmonsunen, som b\u00e5da fortfarande anv\u00e4nds som namn f\u00f6r de filippinska \u00e5rstiderna. <a href=\"https:\/\/iwell-guard.com\/sv\/anitun-tabu\/\">Anitun Tabu<\/a> f\u00f6rekommer i vissa versioner som en nyckfull v\u00e4der- och blixtgudom.<\/p><p>Ytterligare vind- och stormv\u00e4sen \u00e4r den regionalt i Kapampangan- och Ilocano-traditionen belagda <a href=\"https:\/\/iwell-guard.com\/sv\/apo-angin\/\">Apo-Angin<\/a> samt <a href=\"https:\/\/iwell-guard.com\/sv\/buhawi\/\">Buhawi<\/a>, virvelstormen, som i muntliga ber\u00e4ttelser framtr\u00e4der personifierad.<\/p>\t\t\t\t\t\t\t\t<\/div>\n\t\t\t\t<\/div>\n\t\t\t\t\t<\/div>\n\t\t\t\t<\/div>\n\t\t<div class=\"elementor-element elementor-element-iwgcn-sami-s6 e-flex e-con-boxed e-con e-parent\" data-id=\"iwgcn-sami-s6\" data-element_type=\"container\" data-e-type=\"container\">\n\t\t\t\t\t<div class=\"e-con-inner\">\n\t\t\t\t<div class=\"elementor-element elementor-element-iwgcn-sami-s6h elementor-widget elementor-widget-heading\" data-id=\"iwgcn-sami-s6h\" data-element_type=\"widget\" data-e-type=\"widget\" data-widget_type=\"heading.default\">\n\t\t\t\t\t<h2 class=\"elementor-heading-title elementor-size-default\">Spansk kolonialtid, missionering och folkreligiositet idag<\/h2>\t\t\t\t<\/div>\n\t\t<div class=\"elementor-element elementor-element-iwgcn-sami-s6-c e-con-full e-flex e-con e-child\" data-id=\"iwgcn-sami-s6-c\" data-element_type=\"container\" data-e-type=\"container\">\n\t\t\t\t<div class=\"elementor-element elementor-element-iwgcn-sami-s6t elementor-widget elementor-widget-text-editor\" data-id=\"iwgcn-sami-s6t\" data-element_type=\"widget\" data-e-type=\"widget\" data-widget_type=\"text-editor.default\">\n\t\t\t\t\t\t\t\t\t<p>Under den spanska kolonialherrav\u00e4ldet fr\u00e5n 1565 till 1898 dokumenterade ordensgeistliga som Ignacio Francisco Alcina, vars Historia de las Islas e Indios de Bisayas tillkom 1668, de inhemska trosf\u00f6rest\u00e4llningarna, samtidigt som de bek\u00e4mpade dem som dj\u00e4vulska. Anito- och Diwata-dyrkan demoniserades konsekvent i kyrkliga k\u00e4llor, vilket pr\u00e4glar \u00f6verlevnaden \u00e4n idag: mycket \u00e4r bara bevarat ur motst\u00e5ndarnas perspektiv.<\/p><p>Trots seklerl\u00e5ng missionering \u00f6verlevde element av den gamla andev\u00e4rlden i en folklig form av katolicism, d\u00e4r helgon ibland tog \u00f6ver tidigare Anitos funktioner, samt i muntlig ber\u00e4ttartradition, i helarpraktiker och i den fortfarande utbredda Aswang-tron p\u00e5 landsbygden. Folklorister som Maximo Ramos, Damiana Eugenio och senare Fenella Cannell har vetenskapligt dokumenterat dessa traditioner.<\/p>\t\t\t\t\t\t\t\t<\/div>\n\t\t\t\t<\/div>\n\t\t\t\t\t<\/div>\n\t\t\t\t<\/div>\n\t\t<div class=\"elementor-element elementor-element-cp2d9a92a3 e-flex e-con-boxed e-con e-parent\" data-id=\"cp2d9a92a3\" data-element_type=\"container\" data-e-type=\"container\">\n\t\t\t\t\t<div class=\"e-con-inner\">\n\t\t\t\t<div class=\"elementor-element elementor-element-cp2515827f elementor-widget elementor-widget-heading\" data-id=\"cp2515827f\" data-element_type=\"widget\" data-e-type=\"widget\" data-widget_type=\"heading.default\">\n\t\t\t\t\t<h2 class=\"elementor-heading-title elementor-size-default\">En arkipelag med fler \u00e4n hundra folkgrupper och spr\u00e5k<\/h2>\t\t\t\t<\/div>\n\t\t<div class=\"elementor-element elementor-element-cp25cbddf2 e-flex e-con-boxed e-con e-child\" data-id=\"cp25cbddf2\" data-element_type=\"container\" data-e-type=\"container\">\n\t\t\t\t\t<div class=\"e-con-inner\">\n\t\t\t\t<div class=\"elementor-element elementor-element-cp240cdc6c elementor-widget elementor-widget-text-editor\" data-id=\"cp240cdc6c\" data-element_type=\"widget\" data-e-type=\"widget\" data-widget_type=\"text-editor.default\">\n\t\t\t\t\t\t\t\t\t<p>Filippinerna best\u00e5r av \u00f6ver 7 000 \u00f6ar och hyser mer \u00e4n 180 spr\u00e5k, vilket g\u00f6r att man str\u00e4ngt taget inte kan tala om en enda &#8221;filippinsk mytologi&#8221;. Det som idag sammanfattas under denna rubrik \u00e4r i sj\u00e4lva verket m\u00e5nga regionala traditioner som skiljer sig betydligt \u00e5t p\u00e5 Luzon, Visayas och Mindanao.<\/p><p>F\u00f6re den spanska koloniseringen fr\u00e5n 1565 fanns ingen central pantheon och inget enhetligt pr\u00e4sterskap. Ist\u00e4llet ut\u00f6vade lokala ritualspecialister, kallade Babaylan eller Catalonan, ceremonier f\u00f6r sina respektive samh\u00e4llen. Deras uppgifter str\u00e4ckte sig fr\u00e5n l\u00e4kekonst och d\u00f6dsritualer till att f\u00f6rmedla kontakt mellan m\u00e4nniskor och Anito.<\/p><p>Sk\u00e4rg\u00e5rdens stora spr\u00e5kliga och kulturella m\u00e5ngfald f\u00f6rklarar ocks\u00e5 varf\u00f6r centrala begrepp som Anito och Diwata anv\u00e4nds olika i olika regioner, och varf\u00f6r pantheon-gestalter som Gugurang eller Kan-Laon endast \u00e4r k\u00e4nda i vissa regioner och inte i hela sk\u00e4rg\u00e5rden.<\/p><p>Religionsvetenskapligt b\u00f6r man d\u00e4rf\u00f6r vara f\u00f6rsiktig med framst\u00e4llningar som antyder en sluten filippinsk pantheon. N\u00e4rmare k\u00e4ll\u00e4get ligger beskrivningen av ett n\u00e4tverk av besl\u00e4ktade men frist\u00e5ende regionala traditioner.<\/p>\t\t\t\t\t\t\t\t<\/div>\n\t\t\t\t\t<\/div>\n\t\t\t\t<\/div>\n\t\t\t\t\t<\/div>\n\t\t\t\t<\/div>\n\t\t<div class=\"elementor-element elementor-element-cp2b1a3dae e-flex e-con-boxed e-con e-parent\" data-id=\"cp2b1a3dae\" data-element_type=\"container\" data-e-type=\"container\">\n\t\t\t\t\t<div class=\"e-con-inner\">\n\t\t\t\t<div class=\"elementor-element elementor-element-cp282c06ff elementor-widget elementor-widget-heading\" data-id=\"cp282c06ff\" data-element_type=\"widget\" data-e-type=\"widget\" data-widget_type=\"heading.default\">\n\t\t\t\t\t<h2 class=\"elementor-heading-title elementor-size-default\">Anito, Diwata och f\u00f6rf\u00e4derna: trons grundstrukturer<\/h2>\t\t\t\t<\/div>\n\t\t<div class=\"elementor-element elementor-element-cp228b4522 e-flex e-con-boxed e-con e-child\" data-id=\"cp228b4522\" data-element_type=\"container\" data-e-type=\"container\">\n\t\t\t\t\t<div class=\"e-con-inner\">\n\t\t\t\t<div class=\"elementor-element elementor-element-cp261454c5 elementor-widget elementor-widget-text-editor\" data-id=\"cp261454c5\" data-element_type=\"widget\" data-e-type=\"widget\" data-widget_type=\"text-editor.default\">\n\t\t\t\t\t\t\t\t\t<p>I centrum f\u00f6r den f\u00f6rspanska religionen stod f\u00f6rest\u00e4llningen att f\u00f6rf\u00e4der, naturplatser och vissa djur genomsyras av en egen andesubstans, ett k\u00e4nnetecken f\u00f6r det religionsvetare kallar <span class=\"iwg-fachbegriff\" data-tooltip=\"En v\u00e4rldsbild d\u00e4r naturfenomen, platser och f\u00f6rf\u00e4der tillskrivs en egen andesubstans.\" tabindex=\"0\">animism<\/span>. Anito stod oftast f\u00f6r avlidna f\u00f6rf\u00e4ders andar, som fick offerg\u00e5vor vid sjukdom, sk\u00f6rd eller viktiga livsh\u00e4ndelser.<\/p><p>Diwata, ett begrepp som via malajisk f\u00f6rmedling l\u00e5nats in fr\u00e5n sanskrit, betecknade snarare v\u00e4sen bundna till best\u00e4mda platser, till exempel ett berg, ett gammalt tr\u00e4d eller en k\u00e4lla. V\u00f6rdnaden f\u00f6r s\u00e5dana platsandar kr\u00e4vde h\u00e4nsyn till landskapet: tr\u00e4d fick inte f\u00e4llas utan tillst\u00e5nd, och vissa platser fick inte betr\u00e4das utan ritual.<\/p><p>Kontakten med andev\u00e4rlden f\u00f6rmedlades av Babaylan, rituella specialister som i trance kom i kontakt med Anito eller Diwata, tolkade sjukdomar och ledde ceremonier. I m\u00e5nga samh\u00e4llen \u00e5tnj\u00f6t de h\u00f6g status, men deras roll undergr\u00e4vdes systematiskt under den spanska kolonialtiden.<\/p><p>F\u00f6rh\u00e5llandet mellan m\u00e4nniskor och andev\u00e4rlden var inte abstrakt-teologiskt utan genomsyrade vardagen: markanv\u00e4ndning, sjukdom, f\u00f6dsel och d\u00f6d tolkades konsekvent i relation till Anito och Diwata.<\/p>\t\t\t\t\t\t\t\t<\/div>\n\t\t\t\t\t<\/div>\n\t\t\t\t<\/div>\n\t\t\t\t\t<\/div>\n\t\t\t\t<\/div>\n\t\t<div class=\"elementor-element elementor-element-cp295547c2 e-flex e-con-boxed e-con e-parent\" data-id=\"cp295547c2\" data-element_type=\"container\" data-e-type=\"container\">\n\t\t\t\t\t<div class=\"e-con-inner\">\n\t\t\t\t<div class=\"elementor-element elementor-element-cp28944fb0 elementor-widget elementor-widget-heading\" data-id=\"cp28944fb0\" data-element_type=\"widget\" data-e-type=\"widget\" data-widget_type=\"heading.default\">\n\t\t\t\t\t<h2 class=\"elementor-heading-title elementor-size-default\">K\u00e4llorna: spanska kr\u00f6nikor och muntliga epos<\/h2>\t\t\t\t<\/div>\n\t\t<div class=\"elementor-element elementor-element-cp23d59da4 e-flex e-con-boxed e-con e-child\" data-id=\"cp23d59da4\" data-element_type=\"container\" data-e-type=\"container\">\n\t\t\t\t\t<div class=\"e-con-inner\">\n\t\t\t\t<div class=\"elementor-element elementor-element-cp2ce157b6 elementor-widget elementor-widget-text-editor\" data-id=\"cp2ce157b6\" data-element_type=\"widget\" data-e-type=\"widget\" data-widget_type=\"text-editor.default\">\n\t\t\t\t\t\t\t\t\t<p>Den skriftliga <span class=\"iwg-fachbegriff\" data-tooltip=\"Vidaref\u00f6randet av kunskap och ber\u00e4ttelser genom generationer.\" tabindex=\"0\">\u00f6verlevern<\/span> om Filippinernas f\u00f6rspanska religion kommer n\u00e4stan uteslutande fr\u00e5n spanska ordensm\u00e4n. Bland de tidigaste och viktigaste k\u00e4llorna finns Relaci\u00f3n de las Costumbres de los Tagalos av franciskanen Juan de Plasencia fr\u00e5n 1589 samt den strax senare tillkomna Boxer Codex, ett rikt illustrerat manuskript om sk\u00e4rg\u00e5rdens inv\u00e5nare.<\/p><p>F\u00f6r Visayas \u00e4r Historia de las Islas e Indios de Bisayas av jesuiten Ignacio Francisco Alcina fr\u00e5n 1668 en central k\u00e4lla, \u00e4ven om den \u00e4r skriven ur ett mission\u00e4rsperspektiv. Som med j\u00e4mf\u00f6rbara kolonialtexter fr\u00e5n andra delar av v\u00e4rlden g\u00e4ller: syftet var att tr\u00e4nga tillbaka de praktiker som st\u00e4mplats som <span class=\"iwg-fachbegriff\" data-tooltip=\"Ur kristen synvinkel: tillh\u00f6rande en f\u00f6rkristen eller icke-kristen religion.\" tabindex=\"0\">hedniska<\/span>, inte att beskriva dem neutralt.<\/p><p>En andra, mer oberoende k\u00e4llgrupp utg\u00f6rs av muntligt \u00f6verl\u00e4mnade epos som f\u00f6rst under 1800- och 1900-talet nedtecknades skriftligt, bland annat Ibalong-epet fr\u00e5n Bicol-regionen och Hinilawod-epet fr\u00e5n Panay. Trots att de bearbetats senare, bevarar de \u00e4ldre ber\u00e4ttarstrukturer och pantheon-gestalter som Gugurang eller Handyong.<\/p><p>Under 1900-talet systematiserade folklorister som Maximo Ramos, som myntade begreppet Aswang-komplex, och Damiana Eugenio med sin flerbandsamling av filippinsk folklitteratur f\u00f6r f\u00f6rsta g\u00e5ngen dessa spridda k\u00e4llor p\u00e5 vetenskaplig grund.<\/p>\t\t\t\t\t\t\t\t<\/div>\n\t\t\t\t\t<\/div>\n\t\t\t\t<\/div>\n\t\t\t\t\t<\/div>\n\t\t\t\t<\/div>\n\t\t<div class=\"elementor-element elementor-element-cp2c009332 e-flex e-con-boxed e-con e-parent\" data-id=\"cp2c009332\" data-element_type=\"container\" data-e-type=\"container\">\n\t\t\t\t\t<div class=\"e-con-inner\">\n\t\t\t\t<div class=\"elementor-element elementor-element-cp225c94da elementor-widget elementor-widget-heading\" data-id=\"cp225c94da\" data-element_type=\"widget\" data-e-type=\"widget\" data-widget_type=\"heading.default\">\n\t\t\t\t\t<h2 class=\"elementor-heading-title elementor-size-default\">Kolonisering, kristnande och dagens \u00e5teruppt\u00e4ckt<\/h2>\t\t\t\t<\/div>\n\t\t<div class=\"elementor-element elementor-element-cp2c7191ab e-flex e-con-boxed e-con e-child\" data-id=\"cp2c7191ab\" data-element_type=\"container\" data-e-type=\"container\">\n\t\t\t\t\t<div class=\"e-con-inner\">\n\t\t\t\t<div class=\"elementor-element elementor-element-cp23f4061d elementor-widget elementor-widget-text-editor\" data-id=\"cp23f4061d\" data-element_type=\"widget\" data-e-type=\"widget\" data-widget_type=\"text-editor.default\">\n\t\t\t\t\t\t\t\t\t<p>Den spanska kolonialtiden fr\u00e5n 1565 till 1898 innebar en systematisk kristnande. Anito och Diwata framst\u00e4lldes regelbundet som demoner i kyrkliga skrifter, deras v\u00f6rdnad f\u00f6rf\u00f6ljdes som synd, och Babaylan avsattes eller pressades till konvertering i m\u00e5nga regioner.<\/p><p>Den gamla andev\u00e4rlden f\u00f6rsvann dock inte helt. Den \u00f6verlevde i en folklig form av katolicism, d\u00e4r helgondagar sm\u00e4lte samman med f\u00f6rspanska sk\u00f6rdeseder, samt i en muntlig ber\u00e4ttartradition kring Aswang, Diwata och naturandar som fortfarande \u00e4r aktiv, s\u00e4rskilt p\u00e5 landsbygden i Visayas.<\/p><p>Under 1900-talet v\u00e4cktes med den filippinska nationalismen ett nytt intresse f\u00f6r f\u00f6rspanska traditioner, synligt till exempel i Jos\u00e9 Rizals litter\u00e4ra bearbetning av Maria Makiling. Fr\u00e5n 1960-talet dokumenterade folklorister som Maximo Ramos och Damiana Eugenio de kvarvarande ber\u00e4ttartraditionerna systematiskt.<\/p><p>Idag pr\u00e4glas den offentliga bilden av Aswang och Diwata i h\u00f6g grad av film, TV och popul\u00e4rkultur, vilket f\u00e5r religionsvetare som Fenella Cannell att uppmana till att skilja mellan popul\u00e4r f\u00f6renkling och de mer komplexa, regionalt varierande k\u00e4llorna. Man kan inte tala om en sluten \u00e5terupplivning av den f\u00f6rspanska religionen som levd praxis, den stora majoriteten av filippinare \u00e4r idag katoliker eller, i delar av Mindanao, muslimer.<\/p>\t\t\t\t\t\t\t\t<\/div>\n\t\t\t\t\t<\/div>\n\t\t\t\t<\/div>\n\t\t\t\t\t<\/div>\n\t\t\t\t<\/div>\n\t\t<div class=\"elementor-element elementor-element-iwgha-sami-sec e-flex e-con-boxed e-con e-parent\" data-id=\"iwgha-sami-sec\" data-element_type=\"container\" data-e-type=\"container\">\n\t\t\t\t\t<div class=\"e-con-inner\">\n\t\t\t\t<div class=\"elementor-element elementor-element-iwgha-sami-h elementor-widget elementor-widget-heading\" data-id=\"iwgha-sami-h\" data-element_type=\"widget\" data-e-type=\"widget\" data-widget_type=\"heading.default\">\n\t\t\t\t\t<h2 class=\"elementor-heading-title elementor-size-default\">V\u00e4sen i denna tradition (21)<\/h2>\t\t\t\t<\/div>\n\t\t<div class=\"elementor-element elementor-element-iwgha-sami-gc e-flex e-con-boxed e-con e-parent\" data-id=\"iwgha-sami-gc\" data-element_type=\"container\" data-e-type=\"container\">\n\t\t\t\t\t<div class=\"e-con-inner\">\n\t\t\t\t<div class=\"elementor-element elementor-element-iwgha-sami-grid elementor-widget elementor-widget-text-editor\" data-id=\"iwgha-sami-grid\" data-element_type=\"widget\" data-e-type=\"widget\" data-widget_type=\"text-editor.default\">\n\t\t\t\t\t\t\t\t\t<div class=\"iwg-wesen-grid\"><a class=\"iwg-wesen-card\" href=\"https:\/\/iwell-guard.com\/sv\/tikbalang\/\" aria-label=\"Tikbalang\"><div class=\"iwg-wesen-card-imgwrap\"><img decoding=\"async\" src=\"https:\/\/iwell-guard.com\/wp-content\/uploads\/2026\/07\/geister_philippinisch_tikbalang-200x300.webp\" alt=\"Tikbalang\" loading=\"lazy\"><\/div><div class=\"iwg-wesen-card-body\"><div class=\"iwg-wesen-card-name\">Tikbalang<\/div><div class=\"iwg-wesen-card-arrow\">\u2192 Till v\u00e4sendet<\/div><\/div><\/a><a class=\"iwg-wesen-card\" href=\"https:\/\/iwell-guard.com\/sv\/kapre\/\" aria-label=\"Kapre\"><div class=\"iwg-wesen-card-imgwrap\"><img decoding=\"async\" src=\"https:\/\/iwell-guard.com\/wp-content\/uploads\/2026\/07\/geister_philippinisch_kapre-200x300.webp\" alt=\"Kapre\" loading=\"lazy\"><\/div><div class=\"iwg-wesen-card-body\"><div class=\"iwg-wesen-card-name\">Kapre<\/div><div class=\"iwg-wesen-card-arrow\">\u2192 Till v\u00e4sendet<\/div><\/div><\/a><a class=\"iwg-wesen-card\" href=\"https:\/\/iwell-guard.com\/sv\/diwata\/\" aria-label=\"Diwata\"><div class=\"iwg-wesen-card-imgwrap\"><img decoding=\"async\" src=\"https:\/\/iwell-guard.com\/wp-content\/uploads\/2026\/07\/goetter_philippinisch_diwata-200x300.webp\" alt=\"Diwata\" loading=\"lazy\"><\/div><div class=\"iwg-wesen-card-body\"><div class=\"iwg-wesen-card-name\">Diwata<\/div><div class=\"iwg-wesen-card-arrow\">\u2192 Till v\u00e4sendet<\/div><\/div><\/a><a class=\"iwg-wesen-card\" href=\"https:\/\/iwell-guard.com\/sv\/sirena\/\" aria-label=\"Sirena\"><div class=\"iwg-wesen-card-imgwrap\"><img decoding=\"async\" src=\"https:\/\/iwell-guard.com\/wp-content\/uploads\/2026\/07\/geister_philippinisch_sirena-200x300.webp\" alt=\"Sirena\" loading=\"lazy\"><\/div><div class=\"iwg-wesen-card-body\"><div class=\"iwg-wesen-card-name\">Sirena<\/div><div class=\"iwg-wesen-card-arrow\">\u2192 Till v\u00e4sendet<\/div><\/div><\/a><a class=\"iwg-wesen-card\" href=\"https:\/\/iwell-guard.com\/sv\/naga-bicol\/\" aria-label=\"Naga (Bicol)\"><div class=\"iwg-wesen-card-imgwrap\"><img decoding=\"async\" src=\"https:\/\/iwell-guard.com\/wp-content\/uploads\/2026\/07\/goetter_philippinisch_naga-bicol-200x300.webp\" alt=\"Naga (Bicol)\" loading=\"lazy\"><\/div><div class=\"iwg-wesen-card-body\"><div class=\"iwg-wesen-card-name\">Naga (Bicol)<\/div><div class=\"iwg-wesen-card-arrow\">\u2192 Till v\u00e4sendet<\/div><\/div><\/a><a class=\"iwg-wesen-card\" href=\"https:\/\/iwell-guard.com\/sv\/berberoka\/\" aria-label=\"Berberoka\"><div class=\"iwg-wesen-card-imgwrap\"><img decoding=\"async\" src=\"https:\/\/iwell-guard.com\/wp-content\/uploads\/2026\/07\/daemonen_philippinisch_berberoka-200x300.webp\" alt=\"Berberoka\" loading=\"lazy\"><\/div><div class=\"iwg-wesen-card-body\"><div class=\"iwg-wesen-card-name\">Berberoka<\/div><div class=\"iwg-wesen-card-arrow\">\u2192 Till v\u00e4sendet<\/div><\/div><\/a><a class=\"iwg-wesen-card\" href=\"https:\/\/iwell-guard.com\/sv\/tiyanak\/\" aria-label=\"Tiyanak\"><div class=\"iwg-wesen-card-imgwrap\"><img decoding=\"async\" src=\"https:\/\/iwell-guard.com\/wp-content\/uploads\/2026\/07\/daemonen_philippinisch_tiyanak-200x300.webp\" alt=\"Tiyanak\" loading=\"lazy\"><\/div><div class=\"iwg-wesen-card-body\"><div class=\"iwg-wesen-card-name\">Tiyanak<\/div><div class=\"iwg-wesen-card-arrow\">\u2192 Till v\u00e4sendet<\/div><\/div><\/a><a class=\"iwg-wesen-card\" href=\"https:\/\/iwell-guard.com\/sv\/pugot\/\" aria-label=\"Pugot\"><div class=\"iwg-wesen-card-imgwrap\"><img decoding=\"async\" src=\"https:\/\/iwell-guard.com\/wp-content\/uploads\/2026\/07\/geister_philippinisch_pugot-200x300.webp\" alt=\"Pugot\" loading=\"lazy\"><\/div><div class=\"iwg-wesen-card-body\"><div class=\"iwg-wesen-card-name\">Pugot<\/div><div class=\"iwg-wesen-card-arrow\">\u2192 Till v\u00e4sendet<\/div><\/div><\/a><a class=\"iwg-wesen-card\" href=\"https:\/\/iwell-guard.com\/sv\/multo\/\" aria-label=\"Multo\"><div class=\"iwg-wesen-card-imgwrap\"><img decoding=\"async\" src=\"https:\/\/iwell-guard.com\/wp-content\/uploads\/2026\/07\/geister_philippinisch_multo-200x300.webp\" alt=\"Multo\" loading=\"lazy\"><\/div><div class=\"iwg-wesen-card-body\"><div class=\"iwg-wesen-card-name\">Multo<\/div><div class=\"iwg-wesen-card-arrow\">\u2192 Till v\u00e4sendet<\/div><\/div><\/a><a class=\"iwg-wesen-card\" href=\"https:\/\/iwell-guard.com\/sv\/manananggal\/\" aria-label=\"Manananggal\"><div class=\"iwg-wesen-card-imgwrap\"><img decoding=\"async\" src=\"https:\/\/iwell-guard.com\/wp-content\/uploads\/2026\/07\/daemonen_philippinisch_manananggal-200x300.webp\" alt=\"Manananggal\" loading=\"lazy\"><\/div><div class=\"iwg-wesen-card-body\"><div class=\"iwg-wesen-card-name\">Manananggal<\/div><div class=\"iwg-wesen-card-arrow\">\u2192 Till v\u00e4sendet<\/div><\/div><\/a><a class=\"iwg-wesen-card\" href=\"https:\/\/iwell-guard.com\/sv\/aswang\/\" aria-label=\"Aswang\"><div class=\"iwg-wesen-card-imgwrap\"><img decoding=\"async\" src=\"https:\/\/iwell-guard.com\/wp-content\/uploads\/2026\/07\/daemonen_philippinisch_aswang-200x300.webp\" alt=\"Aswang\" loading=\"lazy\"><\/div><div class=\"iwg-wesen-card-body\"><div class=\"iwg-wesen-card-name\">Aswang<\/div><div class=\"iwg-wesen-card-arrow\">\u2192 Till v\u00e4sendet<\/div><\/div><\/a><a class=\"iwg-wesen-card\" href=\"https:\/\/iwell-guard.com\/sv\/lalahon\/\" aria-label=\"Lalahon\"><div class=\"iwg-wesen-card-imgwrap\"><img decoding=\"async\" src=\"https:\/\/iwell-guard.com\/wp-content\/uploads\/2026\/07\/goetter_philippinisch_lalahon-200x300.webp\" alt=\"Lalahon\" loading=\"lazy\"><\/div><div class=\"iwg-wesen-card-body\"><div class=\"iwg-wesen-card-name\">Lalahon<\/div><div class=\"iwg-wesen-card-arrow\">\u2192 Till v\u00e4sendet<\/div><\/div><\/a><a class=\"iwg-wesen-card\" href=\"https:\/\/iwell-guard.com\/sv\/kan-laon\/\" aria-label=\"Kan-Laon\"><div class=\"iwg-wesen-card-imgwrap\"><img decoding=\"async\" src=\"https:\/\/iwell-guard.com\/wp-content\/uploads\/2026\/07\/goetter_philippinisch_kan-laon-200x300.webp\" alt=\"Kan-Laon\" loading=\"lazy\"><\/div><div class=\"iwg-wesen-card-body\"><div class=\"iwg-wesen-card-name\">Kan-Laon<\/div><div class=\"iwg-wesen-card-arrow\">\u2192 Till v\u00e4sendet<\/div><\/div><\/a><a class=\"iwg-wesen-card\" href=\"https:\/\/iwell-guard.com\/sv\/gugurang\/\" aria-label=\"Gugurang\"><div class=\"iwg-wesen-card-imgwrap\"><img decoding=\"async\" src=\"https:\/\/iwell-guard.com\/wp-content\/uploads\/2026\/07\/goetter_philippinisch_gugurang-200x300.webp\" alt=\"Gugurang\" loading=\"lazy\"><\/div><div class=\"iwg-wesen-card-body\"><div class=\"iwg-wesen-card-name\">Gugurang<\/div><div class=\"iwg-wesen-card-arrow\">\u2192 Till v\u00e4sendet<\/div><\/div><\/a><a class=\"iwg-wesen-card\" href=\"https:\/\/iwell-guard.com\/sv\/lihangin\/\" aria-label=\"Lihangin\"><div class=\"iwg-wesen-card-imgwrap\"><img decoding=\"async\" src=\"https:\/\/iwell-guard.com\/wp-content\/uploads\/2026\/07\/goetter_philippinisch_lihangin-200x300.webp\" alt=\"Lihangin\" loading=\"lazy\"><\/div><div class=\"iwg-wesen-card-body\"><div class=\"iwg-wesen-card-name\">Lihangin<\/div><div class=\"iwg-wesen-card-arrow\">\u2192 Till v\u00e4sendet<\/div><\/div><\/a><a class=\"iwg-wesen-card\" href=\"https:\/\/iwell-guard.com\/sv\/habagat\/\" aria-label=\"Habagat\"><div class=\"iwg-wesen-card-imgwrap\"><img decoding=\"async\" src=\"https:\/\/iwell-guard.com\/wp-content\/uploads\/2026\/07\/goetter_philippinisch_habagat-200x300.webp\" alt=\"Habagat\" loading=\"lazy\"><\/div><div class=\"iwg-wesen-card-body\"><div class=\"iwg-wesen-card-name\">Habagat<\/div><div class=\"iwg-wesen-card-arrow\">\u2192 Till v\u00e4sendet<\/div><\/div><\/a><a class=\"iwg-wesen-card\" href=\"https:\/\/iwell-guard.com\/sv\/buhawi\/\" aria-label=\"Buhawi\"><div class=\"iwg-wesen-card-imgwrap\"><img decoding=\"async\" src=\"https:\/\/iwell-guard.com\/wp-content\/uploads\/2026\/07\/geister_philippinisch_buhawi-200x300.webp\" alt=\"Buhawi\" loading=\"lazy\"><\/div><div class=\"iwg-wesen-card-body\"><div class=\"iwg-wesen-card-name\">Buhawi<\/div><div class=\"iwg-wesen-card-arrow\">\u2192 Till v\u00e4sendet<\/div><\/div><\/a><a class=\"iwg-wesen-card\" href=\"https:\/\/iwell-guard.com\/sv\/apo-angin\/\" aria-label=\"Apo Angin\"><div class=\"iwg-wesen-card-imgwrap\"><img decoding=\"async\" src=\"https:\/\/iwell-guard.com\/wp-content\/uploads\/2026\/07\/goetter_philippinisch_apo-angin-200x300.webp\" alt=\"Apo Angin\" loading=\"lazy\"><\/div><div class=\"iwg-wesen-card-body\"><div class=\"iwg-wesen-card-name\">Apo Angin<\/div><div class=\"iwg-wesen-card-arrow\">\u2192 Till v\u00e4sendet<\/div><\/div><\/a><a class=\"iwg-wesen-card\" href=\"https:\/\/iwell-guard.com\/sv\/anitun-tabu\/\" aria-label=\"Anitun Tabu\"><div class=\"iwg-wesen-card-imgwrap\"><img decoding=\"async\" src=\"https:\/\/iwell-guard.com\/wp-content\/uploads\/2026\/07\/goetter_philippinisch_anitun-tabu-200x300.webp\" alt=\"Anitun Tabu\" loading=\"lazy\"><\/div><div class=\"iwg-wesen-card-body\"><div class=\"iwg-wesen-card-name\">Anitun Tabu<\/div><div class=\"iwg-wesen-card-arrow\">\u2192 Till v\u00e4sendet<\/div><\/div><\/a><a class=\"iwg-wesen-card\" href=\"https:\/\/iwell-guard.com\/sv\/amihan\/\" aria-label=\"Amihan\"><div class=\"iwg-wesen-card-imgwrap\"><img decoding=\"async\" src=\"https:\/\/iwell-guard.com\/wp-content\/uploads\/2026\/07\/goetter_philippinisch_amihan-200x300.webp\" alt=\"Amihan\" loading=\"lazy\"><\/div><div class=\"iwg-wesen-card-body\"><div class=\"iwg-wesen-card-name\">Amihan<\/div><div class=\"iwg-wesen-card-arrow\">\u2192 Till v\u00e4sendet<\/div><\/div><\/a><a class=\"iwg-wesen-card\" href=\"https:\/\/iwell-guard.com\/sv\/maria-makiling\/\" aria-label=\"Maria Makiling\"><div class=\"iwg-wesen-card-imgwrap\"><img decoding=\"async\" src=\"https:\/\/iwell-guard.com\/wp-content\/uploads\/2026\/07\/geister_philippinisch_maria-makiling-200x300.webp\" alt=\"Maria Makiling\" loading=\"lazy\"><\/div><div class=\"iwg-wesen-card-body\"><div class=\"iwg-wesen-card-name\">Maria Makiling<\/div><div class=\"iwg-wesen-card-arrow\">\u2192 Till v\u00e4sendet<\/div><\/div><\/a><\/div>\t\t\t\t\t\t\t\t<\/div>\n\t\t\t\t\t<\/div>\n\t\t\t\t<\/div>\n\t\t\t\t\t<\/div>\n\t\t\t\t<\/div>\n\t\t<div class=\"elementor-element elementor-element-iwgkw2-add-sami e-flex e-con-boxed e-con e-parent\" data-id=\"iwgkw2-add-sami\" data-element_type=\"container\" data-e-type=\"container\">\n\t\t\t\t\t<div class=\"e-con-inner\">\n\t\t\t\t<div class=\"elementor-element elementor-element-iwgkw2-add-sami-t elementor-widget elementor-widget-text-editor\" data-id=\"iwgkw2-add-sami-t\" data-element_type=\"widget\" data-e-type=\"widget\" data-widget_type=\"text-editor.default\">\n\t\t\t\t\t\t\t\t\t<p>Den filippinska <em>Anito-f\u00f6rf\u00e4derskulten<\/em> f\u00f6renar Babaylan, offerg\u00e5vor och platsandar till en egen skyddspraxis, medan det av forskningen beskrivna <em>Aswang-komplexet<\/em> visar hur samh\u00e4llen bearbetade hot ber\u00e4ttande, till exempel genom vitl\u00f6k, salt eller vigda f\u00f6rem\u00e5l mot nattens fruktade v\u00e4sen.<\/p>\t\t\t\t\t\t\t\t<\/div>\n\t\t\t\t\t<\/div>\n\t\t\t\t<\/div>\n\t\t<div class=\"elementor-element elementor-element-iwgcn-sami-kwd e-flex e-con-boxed e-con e-parent\" data-id=\"iwgcn-sami-kwd\" data-element_type=\"container\" data-e-type=\"container\">\n\t\t\t\t\t<div class=\"e-con-inner\">\n\t\t<div class=\"elementor-element elementor-element-iwgcn-sami-kwd-c e-con-full e-flex e-con e-child\" data-id=\"iwgcn-sami-kwd-c\" data-element_type=\"container\" data-e-type=\"container\">\n\t\t\t\t<div class=\"elementor-element elementor-element-iwgcn-sami-kwdt elementor-widget elementor-widget-text-editor\" data-id=\"iwgcn-sami-kwdt\" data-element_type=\"widget\" data-e-type=\"widget\" data-widget_type=\"text-editor.default\">\n\t\t\t\t\t\t\t\t\t<p><em>Besl\u00e4ktade nyckelbegrepp: Anito Diwata Bathala Bakunawa Babaylan Aswang Ibalong Visayas Luzon Mindanao.<\/em><\/p>\t\t\t\t\t\t\t\t<\/div>\n\t\t\t\t<\/div>\n\t\t\t\t\t<\/div>\n\t\t\t\t<\/div>\n\t\t<div class=\"elementor-element elementor-element-iwgcn-sami-cc e-flex e-con-boxed e-con e-parent\" data-id=\"iwgcn-sami-cc\" data-element_type=\"container\" data-e-type=\"container\" id=\"iwg-cc-sami\">\n\t\t\t\t\t<div class=\"e-con-inner\">\n\t\t<div class=\"elementor-element elementor-element-iwgcn-sami-ccinner e-flex e-con-boxed e-con e-parent\" data-id=\"iwgcn-sami-ccinner\" data-element_type=\"container\" data-e-type=\"container\" data-settings=\"{&quot;background_background&quot;:&quot;classic&quot;}\">\n\t\t\t\t\t<div class=\"e-con-inner\">\n\t\t\t\t<div class=\"elementor-element elementor-element-iwgcn-sami-cch elementor-widget elementor-widget-heading\" data-id=\"iwgcn-sami-cch\" data-element_type=\"widget\" data-e-type=\"widget\" data-widget_type=\"heading.default\">\n\t\t\t\t\t<h2 class=\"elementor-heading-title elementor-size-default\">Skyddsobjekt i denna kulturtradition<\/h2>\t\t\t\t<\/div>\n\t\t\t\t<div class=\"elementor-element elementor-element-iwgcn-sami-cct elementor-widget elementor-widget-text-editor\" data-id=\"iwgcn-sami-cct\" data-element_type=\"widget\" data-e-type=\"widget\" data-widget_type=\"text-editor.default\">\n\t\t\t\t\t\t\t\t\t<p>Till den filippinska folktraditionen h\u00f6r det <a href=\"https:\/\/iwell-guard.com\/sv\/amulett\/\">amulett<\/a> som kallas Anting-Anting, f\u00f6rsett med religi\u00f6sa tecken och <a href=\"https:\/\/iwell-guard.com\/sv\/boner-som-skydd\/\">b\u00f6neformler<\/a>, samt Agimat som en besl\u00e4ktad <a href=\"https:\/\/iwell-guard.com\/sv\/talisman\/\">talisman<\/a>, liksom vitl\u00f6k, <a href=\"https:\/\/iwell-guard.com\/sv\/salt-som-skydd\/\">salt<\/a> och vigd olja, vilka i lokala ber\u00e4ttelser anv\u00e4ndes mot Aswang-komplexet. S\u00e5dana f\u00f6rem\u00e5l b\u00f6r f\u00f6rst\u00e5s kulturhistoriskt som uttryck f\u00f6r ett behov av skydd, inte som vetenskapligt bekr\u00e4ftade verkningsmedel. En \u00f6versikt \u00f6ver skyddsformer i olika kulturer finns i <a href=\"https:\/\/iwell-guard.com\/sv\/skydds-kompass\/\">Skydds-kompassen<\/a>.<\/p><div data-nosnippet=\"true\"><p>iWell Guard ansluter sig till denna kulturhistoriska linje av b\u00e4rbara skyddsobjekt, i en samtida materialarkitektur, tillverkad i Tyskland. 41 lager, \u00e4kta guld, platina, silver. 30 dagars returr\u00e4tt.<\/p><\/div>\t\t\t\t\t\t\t\t<\/div>\n\t\t\t\t<div class=\"elementor-element elementor-element-iwgcn-sami-ccb iwg-cc-button iwg-cc-cta-2026-05-13 elementor-widget elementor-widget-jet-button\" data-id=\"iwgcn-sami-ccb\" data-element_type=\"widget\" data-e-type=\"widget\" data-widget_type=\"jet-button.default\">\n\t\t\t\t<div class=\"elementor-widget-container\">\n\t\t\t\t\t<div class=\"elementor-jet-button jet-elements\"><div class=\"jet-button__container\"><a class=\"jet-button__instance jet-button__instance--icon-left hover-effect-1\" href=\"\/ueber-iwell-guard\/?utm_source=iwell-guard.com&amp;utm_medium=info-box&amp;utm_campaign=kultur-tradition\"><div class=\"jet-button__plane jet-button__plane-normal\"><\/div><div class=\"jet-button__plane jet-button__plane-hover\"><\/div><div class=\"jet-button__state jet-button__state-normal\"><span class=\"jet-button__label\">Mer om iWell Guard<\/span><\/div><div class=\"jet-button__state jet-button__state-hover\"><span class=\"jet-button__label\">Mer om iWell Guard<\/span><\/div><\/a><\/div><\/div><style>.elementor-element.elementor-element-iwgcn-sami-ccb .jet-button__instance{width:320px;height:56px;}.elementor-element.elementor-element-iwgcn-sami-ccb .jet-button__state-normal .jet-button__label{text-align:center;margin:0px 0px 0px 0px;color:#1a1b20;font-family:Montserrat,sans-serif;font-size:13px;font-weight:400;letter-spacing:4px;line-height:1.714em;text-transform:uppercase;}.elementor-element.elementor-element-iwgcn-sami-ccb .jet-button__state-hover .jet-button__label{text-align:center;margin:0px 0px 0px 0px;color:#FECC76;font-family:Montserrat,sans-serif;font-size:13px;font-weight:400;letter-spacing:4px;line-height:1.714em;text-transform:uppercase;}.elementor-element.elementor-element-iwgcn-sami-ccb .jet-button__plane-normal{background-color:#FECC76;border-style:solid;border-color:#C99540;border-width:2px 2px 2px 2px;}.elementor-element.elementor-element-iwgcn-sami-ccb .jet-button__plane-hover{background-color:rgba(0,0,0,0.55);border-style:solid;border-color:#FECC76;border-width:2px 2px 2px 2px;}<\/style>\t\t\t\t<\/div>\n\t\t\t\t<\/div>\n\t\t\t\t<div class=\"elementor-element elementor-element-iwgcn-sami-ccd elementor-widget elementor-widget-text-editor\" data-id=\"iwgcn-sami-ccd\" data-element_type=\"widget\" data-e-type=\"widget\" data-widget_type=\"text-editor.default\">\n\t\t\t\t\t\t\t\t\t<div data-nosnippet=\"true\"><p style=\"text-align:center;font-size:13px;opacity:0.7;margin-top:14px\" data-nosnippet=\"true\">Personliga erfarenheter kan variera. Ingen medicinteknisk produkt. Inget l\u00f6fte om l\u00e4kning.<\/p><\/div>\t\t\t\t\t\t\t\t<\/div>\n\t\t\t\t\t<\/div>\n\t\t\t\t<\/div>\n\t\t\t\t\t<\/div>\n\t\t\t\t<\/div>\n\t\t<div class=\"elementor-element elementor-element-iwgcn-sami-disc e-flex e-con-boxed e-con e-parent\" data-id=\"iwgcn-sami-disc\" data-element_type=\"container\" data-e-type=\"container\">\n\t\t\t\t\t<div class=\"e-con-inner\">\n\t\t\t\t<div class=\"elementor-element elementor-element-iwgcn-sami-discw elementor-widget elementor-widget-html\" data-id=\"iwgcn-sami-discw\" data-element_type=\"widget\" data-e-type=\"widget\" data-widget_type=\"html.default\">\n\t\t\t\t\t<footer data-nosnippet=\"true\" class=\"iwg-disclaimer-block\"><p data-nosnippet=\"true\">iWell Guard \u00e4r <strong>ingen medicinteknisk produkt<\/strong> och ers\u00e4tter inte l\u00e4karv\u00e5rd eller psykoterapeutisk behandling. De religionsvetenskapliga inneh\u00e5llen \u00e4r kulturhistorisk inordning, ingen andlig praxisrekommendation.<\/p><\/footer>\t\t\t\t<\/div>\n\t\t\t\t\t<\/div>\n\t\t\t\t<\/div>\n\t\t\t\t<\/div>\n\t\t","protected":false},"excerpt":{"rendered":"","protected":false},"author":3,"featured_media":20197,"parent":0,"menu_order":0,"comment_status":"closed","ping_status":"closed","template":"elementor_header_footer","meta":{"_yoast_wpseo_focuskw":"filippinsk mytologi","_yoast_wpseo_title":"Filippinsk mytologi: Anito, Diwata, Aswang","_yoast_wpseo_metadesc":"Anito-f\u00f6rf\u00e4derskult, Diwata-andar och Aswang-komplexet p\u00e5 Filippinerna: religionsvetenskapligt beskrivna, med v\u00e4sen fr\u00e5n Tikbalang till Manananggal.","_yoast_wpseo_meta-robots-noindex":"","_yoast_wpseo_canonical":"","_angie_page":false,"gefaehrdungsstufe":"","wesen_kultur":"","wesen_klasse":"","footnotes":""},"categories":[],"class_list":["post-137752","page","type-page","status-publish","has-post-thumbnail","hentry"],"yoast_head":"<!-- This site is optimized with the Yoast SEO Premium plugin v27.7 (Yoast SEO v28.3) - https:\/\/yoast.com\/product\/yoast-seo-premium-wordpress\/ -->\n<title>Filippinsk mytologi: Anito, Diwata, Aswang<\/title>\n<meta name=\"description\" content=\"Anito-f\u00f6rf\u00e4derskult, Diwata-andar och Aswang-komplexet p\u00e5 Filippinerna: religionsvetenskapligt beskrivna, med v\u00e4sen fr\u00e5n Tikbalang till Manananggal.\" \/>\n<meta name=\"robots\" content=\"index, follow, max-snippet:-1, max-image-preview:large, max-video-preview:-1\" \/>\n<link rel=\"canonical\" href=\"https:\/\/iwell-guard.com\/sv\/filippinsk-mytologi\/\" \/>\n<meta property=\"og:locale\" content=\"sv_SE\" \/>\n<meta property=\"og:type\" content=\"article\" \/>\n<meta property=\"og:title\" content=\"Filippinsk mytologi\" \/>\n<meta property=\"og:description\" content=\"Anito-f\u00f6rf\u00e4derskult, Diwata-andar och Aswang-komplexet p\u00e5 Filippinerna: religionsvetenskapligt beskrivna, med v\u00e4sen fr\u00e5n Tikbalang till Manananggal.\" \/>\n<meta property=\"og:url\" content=\"https:\/\/iwell-guard.com\/sv\/filippinsk-mytologi\/\" \/>\n<meta property=\"og:site_name\" content=\"iWell Guard\" \/>\n<meta property=\"article:modified_time\" content=\"2026-09-03T01:38:03+00:00\" \/>\n<meta property=\"og:image\" content=\"https:\/\/iwell-guard.com\/wp-content\/uploads\/2026\/07\/daemonen_philippinisch_aswang.webp\" \/>\n\t<meta property=\"og:image:width\" content=\"1024\" \/>\n\t<meta property=\"og:image:height\" content=\"1536\" \/>\n\t<meta property=\"og:image:type\" content=\"image\/webp\" \/>\n<meta name=\"twitter:card\" content=\"summary_large_image\" \/>\n<script type=\"application\/ld+json\" class=\"yoast-schema-graph\">{\"@context\":\"https:\\\/\\\/schema.org\",\"@graph\":[{\"@type\":\"WebPage\",\"@id\":\"https:\\\/\\\/iwell-guard.com\\\/sv\\\/filippinsk-mytologi\\\/\",\"url\":\"https:\\\/\\\/iwell-guard.com\\\/sv\\\/filippinsk-mytologi\\\/\",\"name\":\"Filippinsk mytologi: Anito, Diwata, Aswang\",\"isPartOf\":{\"@id\":\"https:\\\/\\\/iwell-guard.com\\\/sv\\\/#website\"},\"primaryImageOfPage\":{\"@id\":\"https:\\\/\\\/iwell-guard.com\\\/sv\\\/filippinsk-mytologi\\\/#primaryimage\"},\"image\":{\"@id\":\"https:\\\/\\\/iwell-guard.com\\\/sv\\\/filippinsk-mytologi\\\/#primaryimage\"},\"thumbnailUrl\":\"https:\\\/\\\/iwell-guard.com\\\/wp-content\\\/uploads\\\/2026\\\/07\\\/daemonen_philippinisch_aswang.webp\",\"datePublished\":\"2026-09-03T00:18:36+00:00\",\"dateModified\":\"2026-09-03T01:38:03+00:00\",\"description\":\"Anito-f\u00f6rf\u00e4derskult, Diwata-andar och Aswang-komplexet p\u00e5 Filippinerna: religionsvetenskapligt beskrivna, med v\u00e4sen fr\u00e5n Tikbalang till Manananggal.\",\"breadcrumb\":{\"@id\":\"https:\\\/\\\/iwell-guard.com\\\/sv\\\/filippinsk-mytologi\\\/#breadcrumb\"},\"inLanguage\":\"sv-SE\",\"potentialAction\":[{\"@type\":\"ReadAction\",\"target\":[\"https:\\\/\\\/iwell-guard.com\\\/sv\\\/filippinsk-mytologi\\\/\"]}]},{\"@type\":\"ImageObject\",\"inLanguage\":\"sv-SE\",\"@id\":\"https:\\\/\\\/iwell-guard.com\\\/sv\\\/filippinsk-mytologi\\\/#primaryimage\",\"url\":\"https:\\\/\\\/iwell-guard.com\\\/wp-content\\\/uploads\\\/2026\\\/07\\\/daemonen_philippinisch_aswang.webp\",\"contentUrl\":\"https:\\\/\\\/iwell-guard.com\\\/wp-content\\\/uploads\\\/2026\\\/07\\\/daemonen_philippinisch_aswang.webp\",\"width\":1024,\"height\":1536,\"caption\":\"Aswang, demon i filippinsk tradition\"},{\"@type\":\"BreadcrumbList\",\"@id\":\"https:\\\/\\\/iwell-guard.com\\\/sv\\\/filippinsk-mytologi\\\/#breadcrumb\",\"itemListElement\":[{\"@type\":\"ListItem\",\"position\":1,\"name\":\"Start\",\"item\":\"https:\\\/\\\/iwell-guard.com\\\/sv\\\/?page_id=136483\"},{\"@type\":\"ListItem\",\"position\":2,\"name\":\"Filippinsk mytologi\"}]},{\"@type\":\"WebSite\",\"@id\":\"https:\\\/\\\/iwell-guard.com\\\/sv\\\/#website\",\"url\":\"https:\\\/\\\/iwell-guard.com\\\/sv\\\/\",\"name\":\"iWell Guard\",\"description\":\"Schutz vor dunklen Einfl\u00fcssen\",\"publisher\":{\"@id\":\"https:\\\/\\\/iwell-guard.com\\\/sv\\\/#organization\"},\"potentialAction\":[{\"@type\":\"SearchAction\",\"target\":{\"@type\":\"EntryPoint\",\"urlTemplate\":\"https:\\\/\\\/iwell-guard.com\\\/sv\\\/?s={search_term_string}\"},\"query-input\":{\"@type\":\"PropertyValueSpecification\",\"valueRequired\":true,\"valueName\":\"search_term_string\"}}],\"inLanguage\":\"sv-SE\"},{\"@type\":\"Organization\",\"@id\":\"https:\\\/\\\/iwell-guard.com\\\/sv\\\/#organization\",\"name\":\"Ittermann electronic GmbH\",\"url\":\"https:\\\/\\\/iwell-guard.com\\\/sv\\\/\",\"logo\":{\"@type\":\"ImageObject\",\"inLanguage\":\"sv-SE\",\"@id\":\"https:\\\/\\\/iwell-guard.com\\\/sv\\\/#\\\/schema\\\/logo\\\/image\\\/\",\"url\":\"https:\\\/\\\/iwell-guard.com\\\/wp-content\\\/uploads\\\/2026\\\/05\\\/Ittermann-Logo-1182x237-1.png\",\"contentUrl\":\"https:\\\/\\\/iwell-guard.com\\\/wp-content\\\/uploads\\\/2026\\\/05\\\/Ittermann-Logo-1182x237-1.png\",\"width\":1182,\"height\":237,\"caption\":\"Ittermann electronic GmbH\"},\"image\":{\"@id\":\"https:\\\/\\\/iwell-guard.com\\\/sv\\\/#\\\/schema\\\/logo\\\/image\\\/\"},\"sameAs\":[\"https:\\\/\\\/pantip.com\\\/profile\\\/9367242\",\"https:\\\/\\\/micro.blog\\\/iwellguard\",\"https:\\\/\\\/www.diggerslist.com\\\/iwellguard\\\/about\",\"https:\\\/\\\/skitterphoto.com\\\/photographers\\\/2870314\\\/iwell-guard\",\"https:\\\/\\\/iwellguard.wordpress.com\\\/2026\\\/06\\\/06\\\/iwell-guard\\\/\",\"https:\\\/\\\/hub.docker.com\\\/u\\\/iwellguard\",\"https:\\\/\\\/www.pinterest.com\\\/iwellguard\\\/\",\"https:\\\/\\\/bit.ly\\\/m\\\/iwellguard\",\"https:\\\/\\\/entre-vos-mains.alsace.eu\\\/profiles\\\/iwellguard\\\/activity\",\"https:\\\/\\\/gravatar.com\\\/reallybeded8fd34\",\"https:\\\/\\\/naijamatta.com\\\/iwellguard\",\"https:\\\/\\\/www.goodreads.com\\\/iwellguard\",\"https:\\\/\\\/profile.hatena.ne.jp\\\/iwellguard\\\/\",\"https:\\\/\\\/experiment.com\\\/users\\\/iwellguard\",\"https:\\\/\\\/wakelet.com\\\/@iWellGuard82270\",\"https:\\\/\\\/www.chordie.com\\\/forum\\\/profile.php?id=2555664\",\"https:\\\/\\\/www.instapaper.com\\\/p\\\/17757966\",\"https:\\\/\\\/www.mapleprimes.com\\\/users\\\/iwellguard\",\"https:\\\/\\\/businesslistingplus.com\\\/profile\\\/iwell-guard\\\/\",\"https:\\\/\\\/telegra.ph\\\/iWell-Guard-06-06\",\"https:\\\/\\\/pbase.com\\\/iwellguard\\\/iwellguard\",\"https:\\\/\\\/b.hatena.ne.jp\\\/iwellguard\\\/20260607#bookmark-4788405196491818882\",\"https:\\\/\\\/fliphtml5.com\\\/home\\\/iwellguard\",\"https:\\\/\\\/anyflip.com\\\/homepage\\\/cmiwl#About\",\"https:\\\/\\\/transfur.com\\\/Users\\\/iwellguard\",\"http:\\\/\\\/delphi.larsbo.org\\\/user\\\/iwellguard\",\"https:\\\/\\\/jobs.lajobsportal.org\\\/profiles\\\/8380803-iwell-guard\",\"https:\\\/\\\/md.chaosdorf.de\\\/s\\\/jfbe5SBdJD\",\"https:\\\/\\\/www.lingvolive.com\\\/en-us\\\/profile\\\/9ecaeaca-ce11-4e51-9e71-01d55e2bff36\\\/translations\",\"https:\\\/\\\/www.fitday.com\\\/fitness\\\/forums\\\/members\\\/iwellguard.html\",\"https:\\\/\\\/www.mymeetbook.com\\\/iwellguard\",\"https:\\\/\\\/pxhere.com\\\/en\\\/photographer-me\\\/5040798\",\"https:\\\/\\\/disqus.com\\\/by\\\/iwellguard\\\/about\\\/\",\"https:\\\/\\\/pastelink.net\\\/hjwciqwq\",\"https:\\\/\\\/pubhtml5.com\\\/homepage\\\/scjhn\\\/\",\"https:\\\/\\\/www.bitchute.com\\\/channel\\\/2O2eOKzNqujT\",\"https:\\\/\\\/audiomack.com\\\/iwellguard\"]}]}<\/script>\n<!-- \/ Yoast SEO Premium plugin. -->","yoast_head_json":{"title":"Filippinsk mytologi: Anito, Diwata, Aswang","description":"Anito-f\u00f6rf\u00e4derskult, Diwata-andar och Aswang-komplexet p\u00e5 Filippinerna: religionsvetenskapligt beskrivna, med v\u00e4sen fr\u00e5n Tikbalang till Manananggal.","robots":{"index":"index","follow":"follow","max-snippet":"max-snippet:-1","max-image-preview":"max-image-preview:large","max-video-preview":"max-video-preview:-1"},"canonical":"https:\/\/iwell-guard.com\/sv\/filippinsk-mytologi\/","og_locale":"sv_SE","og_type":"article","og_title":"Filippinsk mytologi","og_description":"Anito-f\u00f6rf\u00e4derskult, Diwata-andar och Aswang-komplexet p\u00e5 Filippinerna: religionsvetenskapligt beskrivna, med v\u00e4sen fr\u00e5n Tikbalang till Manananggal.","og_url":"https:\/\/iwell-guard.com\/sv\/filippinsk-mytologi\/","og_site_name":"iWell Guard","article_modified_time":"2026-09-03T01:38:03+00:00","og_image":[{"width":1024,"height":1536,"url":"https:\/\/iwell-guard.com\/wp-content\/uploads\/2026\/07\/daemonen_philippinisch_aswang.webp","type":"image\/webp"}],"twitter_card":"summary_large_image","schema":{"@context":"https:\/\/schema.org","@graph":[{"@type":"WebPage","@id":"https:\/\/iwell-guard.com\/sv\/filippinsk-mytologi\/","url":"https:\/\/iwell-guard.com\/sv\/filippinsk-mytologi\/","name":"Filippinsk mytologi: Anito, Diwata, Aswang","isPartOf":{"@id":"https:\/\/iwell-guard.com\/sv\/#website"},"primaryImageOfPage":{"@id":"https:\/\/iwell-guard.com\/sv\/filippinsk-mytologi\/#primaryimage"},"image":{"@id":"https:\/\/iwell-guard.com\/sv\/filippinsk-mytologi\/#primaryimage"},"thumbnailUrl":"https:\/\/iwell-guard.com\/wp-content\/uploads\/2026\/07\/daemonen_philippinisch_aswang.webp","datePublished":"2026-09-03T00:18:36+00:00","dateModified":"2026-09-03T01:38:03+00:00","description":"Anito-f\u00f6rf\u00e4derskult, Diwata-andar och Aswang-komplexet p\u00e5 Filippinerna: religionsvetenskapligt beskrivna, med v\u00e4sen fr\u00e5n Tikbalang till Manananggal.","breadcrumb":{"@id":"https:\/\/iwell-guard.com\/sv\/filippinsk-mytologi\/#breadcrumb"},"inLanguage":"sv-SE","potentialAction":[{"@type":"ReadAction","target":["https:\/\/iwell-guard.com\/sv\/filippinsk-mytologi\/"]}]},{"@type":"ImageObject","inLanguage":"sv-SE","@id":"https:\/\/iwell-guard.com\/sv\/filippinsk-mytologi\/#primaryimage","url":"https:\/\/iwell-guard.com\/wp-content\/uploads\/2026\/07\/daemonen_philippinisch_aswang.webp","contentUrl":"https:\/\/iwell-guard.com\/wp-content\/uploads\/2026\/07\/daemonen_philippinisch_aswang.webp","width":1024,"height":1536,"caption":"Aswang, demon i filippinsk tradition"},{"@type":"BreadcrumbList","@id":"https:\/\/iwell-guard.com\/sv\/filippinsk-mytologi\/#breadcrumb","itemListElement":[{"@type":"ListItem","position":1,"name":"Start","item":"https:\/\/iwell-guard.com\/sv\/?page_id=136483"},{"@type":"ListItem","position":2,"name":"Filippinsk mytologi"}]},{"@type":"WebSite","@id":"https:\/\/iwell-guard.com\/sv\/#website","url":"https:\/\/iwell-guard.com\/sv\/","name":"iWell Guard","description":"Schutz vor dunklen Einfl\u00fcssen","publisher":{"@id":"https:\/\/iwell-guard.com\/sv\/#organization"},"potentialAction":[{"@type":"SearchAction","target":{"@type":"EntryPoint","urlTemplate":"https:\/\/iwell-guard.com\/sv\/?s={search_term_string}"},"query-input":{"@type":"PropertyValueSpecification","valueRequired":true,"valueName":"search_term_string"}}],"inLanguage":"sv-SE"},{"@type":"Organization","@id":"https:\/\/iwell-guard.com\/sv\/#organization","name":"Ittermann electronic GmbH","url":"https:\/\/iwell-guard.com\/sv\/","logo":{"@type":"ImageObject","inLanguage":"sv-SE","@id":"https:\/\/iwell-guard.com\/sv\/#\/schema\/logo\/image\/","url":"https:\/\/iwell-guard.com\/wp-content\/uploads\/2026\/05\/Ittermann-Logo-1182x237-1.png","contentUrl":"https:\/\/iwell-guard.com\/wp-content\/uploads\/2026\/05\/Ittermann-Logo-1182x237-1.png","width":1182,"height":237,"caption":"Ittermann electronic GmbH"},"image":{"@id":"https:\/\/iwell-guard.com\/sv\/#\/schema\/logo\/image\/"},"sameAs":["https:\/\/pantip.com\/profile\/9367242","https:\/\/micro.blog\/iwellguard","https:\/\/www.diggerslist.com\/iwellguard\/about","https:\/\/skitterphoto.com\/photographers\/2870314\/iwell-guard","https:\/\/iwellguard.wordpress.com\/2026\/06\/06\/iwell-guard\/","https:\/\/hub.docker.com\/u\/iwellguard","https:\/\/www.pinterest.com\/iwellguard\/","https:\/\/bit.ly\/m\/iwellguard","https:\/\/entre-vos-mains.alsace.eu\/profiles\/iwellguard\/activity","https:\/\/gravatar.com\/reallybeded8fd34","https:\/\/naijamatta.com\/iwellguard","https:\/\/www.goodreads.com\/iwellguard","https:\/\/profile.hatena.ne.jp\/iwellguard\/","https:\/\/experiment.com\/users\/iwellguard","https:\/\/wakelet.com\/@iWellGuard82270","https:\/\/www.chordie.com\/forum\/profile.php?id=2555664","https:\/\/www.instapaper.com\/p\/17757966","https:\/\/www.mapleprimes.com\/users\/iwellguard","https:\/\/businesslistingplus.com\/profile\/iwell-guard\/","https:\/\/telegra.ph\/iWell-Guard-06-06","https:\/\/pbase.com\/iwellguard\/iwellguard","https:\/\/b.hatena.ne.jp\/iwellguard\/20260607#bookmark-4788405196491818882","https:\/\/fliphtml5.com\/home\/iwellguard","https:\/\/anyflip.com\/homepage\/cmiwl#About","https:\/\/transfur.com\/Users\/iwellguard","http:\/\/delphi.larsbo.org\/user\/iwellguard","https:\/\/jobs.lajobsportal.org\/profiles\/8380803-iwell-guard","https:\/\/md.chaosdorf.de\/s\/jfbe5SBdJD","https:\/\/www.lingvolive.com\/en-us\/profile\/9ecaeaca-ce11-4e51-9e71-01d55e2bff36\/translations","https:\/\/www.fitday.com\/fitness\/forums\/members\/iwellguard.html","https:\/\/www.mymeetbook.com\/iwellguard","https:\/\/pxhere.com\/en\/photographer-me\/5040798","https:\/\/disqus.com\/by\/iwellguard\/about\/","https:\/\/pastelink.net\/hjwciqwq","https:\/\/pubhtml5.com\/homepage\/scjhn\/","https:\/\/www.bitchute.com\/channel\/2O2eOKzNqujT","https:\/\/audiomack.com\/iwellguard"]}]}},"_links":{"self":[{"href":"https:\/\/iwell-guard.com\/sv\/wp-json\/wp\/v2\/pages\/137752","targetHints":{"allow":["GET"]}}],"collection":[{"href":"https:\/\/iwell-guard.com\/sv\/wp-json\/wp\/v2\/pages"}],"about":[{"href":"https:\/\/iwell-guard.com\/sv\/wp-json\/wp\/v2\/types\/page"}],"author":[{"embeddable":true,"href":"https:\/\/iwell-guard.com\/sv\/wp-json\/wp\/v2\/users\/3"}],"replies":[{"embeddable":true,"href":"https:\/\/iwell-guard.com\/sv\/wp-json\/wp\/v2\/comments?post=137752"}],"version-history":[{"count":0,"href":"https:\/\/iwell-guard.com\/sv\/wp-json\/wp\/v2\/pages\/137752\/revisions"}],"wp:featuredmedia":[{"embeddable":true,"href":"https:\/\/iwell-guard.com\/sv\/wp-json\/wp\/v2\/media\/20197"}],"wp:attachment":[{"href":"https:\/\/iwell-guard.com\/sv\/wp-json\/wp\/v2\/media?parent=137752"}],"wp:term":[{"taxonomy":"category","embeddable":true,"href":"https:\/\/iwell-guard.com\/sv\/wp-json\/wp\/v2\/categories?post=137752"}],"curies":[{"name":"wp","href":"https:\/\/api.w.org\/{rel}","templated":true}]}}