{"id":137738,"date":"2026-09-03T00:18:28","date_gmt":"2026-09-03T00:18:28","guid":{"rendered":"https:\/\/iwell-guard.com\/?page_id=137738"},"modified":"2026-09-03T01:37:42","modified_gmt":"2026-09-03T01:37:42","slug":"skyddsorter","status":"publish","type":"page","link":"https:\/\/iwell-guard.com\/sv\/skyddsorter\/","title":{"rendered":"Skydds\u00f6rter"},"content":{"rendered":"\t\t<div data-elementor-type=\"wp-page\" data-elementor-id=\"137738\" class=\"elementor elementor-137738 elementor-20502 elementor-bc-flex-widget\" data-elementor-post-type=\"page\">\n\t\t\t\t<div class=\"elementor-element elementor-element-iwgs-wacholder-hero e-flex e-con-boxed e-con e-parent\" data-id=\"iwgs-wacholder-hero\" data-element_type=\"container\" data-e-type=\"container\">\n\t\t\t\t\t<div class=\"e-con-inner\">\n\t\t<div class=\"elementor-element elementor-element-iw-wacholder-hero-left e-con-full e-flex e-con e-child\" data-id=\"iw-wacholder-hero-left\" data-element_type=\"container\" data-e-type=\"container\">\n\t\t\t\t<div class=\"elementor-element elementor-element-iwgs-wacholder-h1 elementor-widget elementor-widget-heading\" data-id=\"iwgs-wacholder-h1\" data-element_type=\"widget\" data-e-type=\"widget\" data-widget_type=\"heading.default\">\n\t\t\t\t\t<h1 class=\"elementor-heading-title elementor-size-default\">Skydds\u00f6rter \u2013 \u00f6rter som skyddsmedel i folktron<\/h1>\t\t\t\t<\/div>\n\t\t<div class=\"elementor-element elementor-element-iw-wacholder-hero-bw e-con-full e-flex e-con e-child\" data-id=\"iw-wacholder-hero-bw\" data-element_type=\"container\" data-e-type=\"container\">\n\t\t\t\t<div class=\"elementor-element elementor-element-iwgs-wacholder-pills elementor-widget elementor-widget-html\" data-id=\"iwgs-wacholder-pills\" data-element_type=\"widget\" data-e-type=\"widget\" data-widget_type=\"html.default\">\n\t\t\t\t\t<div class=\"iwg-pill-row\"><span class=\"iwg-klasse-badge\" tabindex=\"0\" data-tooltip=\"Typ av skyddsmedel.\">\u00d6rtl\u00e4ra<\/span><a href=\"https:\/\/iwell-guard.com\/sv\/skydds-kompass\/\" class=\"iwg-kultur-badge\" tabindex=\"0\" data-tooltip=\"Till Skyddskompassen.\">Skyddskompassen<\/a><\/div>\t\t\t\t<\/div>\n\t\t\t\t<div class=\"elementor-element elementor-element-iwgs-wacholder-lead elementor-widget elementor-widget-text-editor\" data-id=\"iwgs-wacholder-lead\" data-element_type=\"widget\" data-e-type=\"widget\" data-widget_type=\"text-editor.default\">\n\t\t\t\t\t\t\t\t\t<p>F\u00e5 omr\u00e5den inom folktron \u00e4r s\u00e5 rika p\u00e5 \u00f6verlevda praktiker som umg\u00e4nget med skydds\u00f6rter. Fr\u00e5n <a href=\"https:\/\/iwell-guard.com\/sv\/malort-beifuss\/\">gr\u00e5bo<\/a> vid v\u00e4gkanten till <a href=\"https:\/\/iwell-guard.com\/sv\/alruna-skydds-och-lyckorot\/\">alrunan<\/a> i kistan, fr\u00e5n <a href=\"https:\/\/iwell-guard.com\/sv\/vitlok-som-skydd\/\">vitl\u00f6ksklyftan<\/a> \u00f6ver d\u00f6rr\u00f6verstycket till <a href=\"https:\/\/iwell-guard.com\/sv\/\">enkvisten<\/a> i r\u00f6kelsekaret str\u00e4cker sig bredden av v\u00e4xter som b\u00f6nder, barnmorskor och \u00f6rtkvinnor tillskrev avv\u00e4rjande kraft.<\/p><p>En gammal minnesramsa fr\u00e5n det tyskspr\u00e5kiga omr\u00e5det sammanfattar denna tro i en fyndig formel: &#8221;V\u00e4nderot, dost och dill, h\u00e4xan g\u00f6r ej som hon vill.&#8221; S\u00e5dana ramsor tj\u00e4nade till att muntligt f\u00f6ra vidare kunskap genom generationer och visar hur djupt f\u00f6rankrade \u00f6rter var i vardagens avv\u00e4rjning.<\/p>\n<p class=\"iwg-kwfix\">Skydds\u00f6rter \u00e4r v\u00e4xter som folktron tillskriver avv\u00e4rjande kraft mot skademagi och onda makter. Som skyddsmedel mot skademagi har dessa \u00f6rter f\u00f6ljt vardagen i generationer och pr\u00e4glar folktron \u00e4n idag.<\/p>\t\t\t\t\t\t\t\t<\/div>\n\t\t\t\t<\/div>\n\t\t\t\t<\/div>\n\t\t<div class=\"elementor-element elementor-element-iw-wacholder-hero-img e-con-full e-flex e-con e-child\" data-id=\"iw-wacholder-hero-img\" data-element_type=\"container\" data-e-type=\"container\">\n\t\t\t\t<div class=\"elementor-element elementor-element-iwgs-wacholder-himg iwg-hero-image elementor-widget elementor-widget-image\" data-id=\"iwgs-wacholder-himg\" data-element_type=\"widget\" data-e-type=\"widget\" data-widget_type=\"image.default\">\n\t\t\t\t\t\t\t\t\t\t\t\t\t\t\t<img fetchpriority=\"high\" decoding=\"async\" width=\"683\" height=\"1024\" src=\"https:\/\/iwell-guard.com\/wp-content\/uploads\/2026\/05\/schutzsymbol_germanisch_wacholder-683x1024.png\" class=\"attachment-large size-large wp-image-135732\" alt=\"J\u00e4rn\u00f6rt \u2013 skydds- och ritualv\u00e4xt, historiskt-illustrativt\" srcset=\"https:\/\/iwell-guard.com\/wp-content\/uploads\/2026\/05\/schutzsymbol_germanisch_wacholder-683x1024.png 683w, https:\/\/iwell-guard.com\/wp-content\/uploads\/2026\/05\/schutzsymbol_germanisch_wacholder-200x300.png 200w, https:\/\/iwell-guard.com\/wp-content\/uploads\/2026\/05\/schutzsymbol_germanisch_wacholder-768x1152.png 768w, https:\/\/iwell-guard.com\/wp-content\/uploads\/2026\/05\/schutzsymbol_germanisch_wacholder.png 1024w\" sizes=\"(max-width: 683px) 100vw, 683px\" \/>\t\t\t\t\t\t\t\t\t\t\t\t\t\t\t<\/div>\n\t\t\t\t<\/div>\n\t\t\t\t\t<\/div>\n\t\t\t\t<\/div>\n\t\t<div class=\"elementor-element elementor-element-iwgs-wacholder-s0 e-flex e-con-boxed e-con e-parent\" data-id=\"iwgs-wacholder-s0\" data-element_type=\"container\" data-e-type=\"container\">\n\t\t\t\t\t<div class=\"e-con-inner\">\n\t\t\t\t<div class=\"elementor-element elementor-element-iwgs-wacholder-s0h elementor-widget elementor-widget-heading\" data-id=\"iwgs-wacholder-s0h\" data-element_type=\"widget\" data-e-type=\"widget\" data-widget_type=\"heading.default\">\n\t\t\t\t\t<h2 class=\"elementor-heading-title elementor-size-default\">Snabb\u00f6versikt<\/h2>\t\t\t\t<\/div>\n\t\t<div class=\"elementor-element elementor-element-iw-wacholder-s0-bw e-con-full e-flex e-con e-child\" data-id=\"iw-wacholder-s0-bw\" data-element_type=\"container\" data-e-type=\"container\">\n\t\t\t\t<div class=\"elementor-element elementor-element-iwgs-wacholder-s0t elementor-widget elementor-widget-text-editor\" data-id=\"iwgs-wacholder-s0t\" data-element_type=\"widget\" data-e-type=\"widget\" data-widget_type=\"text-editor.default\">\n\t\t\t\t\t\t\t\t\t<p>Med skydds\u00f6rter avser den folkloristiska forskningen v\u00e4xter som i s\u00e4gner, sedv\u00e4njor och vidskepelse tillskrevs avv\u00e4rjande verkan mot h\u00e4xeri, onda \u00f6gat, sjukdomsandar och andra skadliga inflytanden. Bredden str\u00e4cker sig fr\u00e5n k\u00e4nda k\u00f6ks- och tr\u00e4dg\u00e5rds\u00f6rter till s\u00e4llsynta r\u00f6tter som alrunan.<\/p><p>Denna sida samlar de \u00f6verlevda kunskaperna om ett urval skydds\u00f6rter fr\u00e5n det tyskspr\u00e5kiga omr\u00e5det och h\u00e4nvisar till egna detaljsidor om de enskilda v\u00e4xterna.<\/p>\t\t\t\t\t\t\t\t<\/div>\n\t\t\t\t<\/div>\n\t\t\t\t\t<\/div>\n\t\t\t\t<\/div>\n\t\t<div class=\"elementor-element elementor-element-iwgs-wacholder-s1 e-flex e-con-boxed e-con e-parent\" data-id=\"iwgs-wacholder-s1\" data-element_type=\"container\" data-e-type=\"container\">\n\t\t\t\t\t<div class=\"e-con-inner\">\n\t\t\t\t<div class=\"elementor-element elementor-element-iwgs-wacholder-s1h elementor-widget elementor-widget-heading\" data-id=\"iwgs-wacholder-s1h\" data-element_type=\"widget\" data-e-type=\"widget\" data-widget_type=\"heading.default\">\n\t\t\t\t\t<h2 class=\"elementor-heading-title elementor-size-default\">Ursprung och tradition<\/h2>\t\t\t\t<\/div>\n\t\t<div class=\"elementor-element elementor-element-iw-wacholder-s1-bw e-con-full e-flex e-con e-child\" data-id=\"iw-wacholder-s1-bw\" data-element_type=\"container\" data-e-type=\"container\">\n\t\t\t\t<div class=\"elementor-element elementor-element-iwgs-wacholder-s1t elementor-widget elementor-widget-text-editor\" data-id=\"iwgs-wacholder-s1t\" data-element_type=\"widget\" data-e-type=\"widget\" data-widget_type=\"text-editor.default\">\n\t\t\t\t\t\t\t\t\t<p>F\u00f6rest\u00e4llningen att vissa v\u00e4xter skyddar mot olycka g\u00e5r tillbaka till f\u00f6rkristen tid och integrerades delvis kyrkligt under medeltiden: \u00f6rtvigningen p\u00e5 Mari\u00e4 himmelsf\u00e4rdsdag v\u00e4lsignade \u00f6rtknippen d\u00e4r skydds\u00f6rter som <a href=\"https:\/\/iwell-guard.com\/sv\/kungsljus\/\">kungsljus<\/a> och <a href=\"https:\/\/iwell-guard.com\/sv\/johannesort\/\">johannes\u00f6rt<\/a> bands samman med s\u00e4desax.<\/p><p>Parallellt med detta levde en bondepraktisk erfarenhetskunskap vidare, oberoende av kyrkans l\u00e4ra: genom minnesramsor, genom praktiskt visande inom familjen och genom byarnas \u00f6rtkvinnor och barnmorskor, som ans\u00e5gs vara b\u00e4rare av denna kunskap.<\/p><p>Handw\u00f6rterbuch des deutschen Aberglaubens noterar f\u00f6r n\u00e4stan varje inhemsk \u00f6rt n\u00e5gon form av skyddstradition, vilket tyder p\u00e5 ett t\u00e4tt tolkningssystem som vuxit fram genom generationer.<\/p>\t\t\t\t\t\t\t\t<\/div>\n\t\t\t\t<\/div>\n\t\t\t\t\t<\/div>\n\t\t\t\t<\/div>\n\t\t<div class=\"elementor-element elementor-element-iwgs-wacholder-s2 e-flex e-con-boxed e-con e-parent\" data-id=\"iwgs-wacholder-s2\" data-element_type=\"container\" data-e-type=\"container\">\n\t\t\t\t\t<div class=\"e-con-inner\">\n\t\t\t\t<div class=\"elementor-element elementor-element-iwgs-wacholder-s2h elementor-widget elementor-widget-heading\" data-id=\"iwgs-wacholder-s2h\" data-element_type=\"widget\" data-e-type=\"widget\" data-widget_type=\"heading.default\">\n\t\t\t\t\t<h2 class=\"elementor-heading-title elementor-size-default\">Verkningsprincip enligt traditionen<\/h2>\t\t\t\t<\/div>\n\t\t<div class=\"elementor-element elementor-element-iw-wacholder-s2-bw e-con-full e-flex e-con e-child\" data-id=\"iw-wacholder-s2-bw\" data-element_type=\"container\" data-e-type=\"container\">\n\t\t\t\t<div class=\"elementor-element elementor-element-iwgs-wacholder-s2t elementor-widget elementor-widget-text-editor\" data-id=\"iwgs-wacholder-s2t\" data-element_type=\"widget\" data-e-type=\"widget\" data-widget_type=\"text-editor.default\">\n\t\t\t\t\t\t\t\t\t<p>Folktron k\u00e4nner till \u00e5terkommande anv\u00e4ndningsformer f\u00f6r skydds\u00f6rter, som liknar varandra \u00f6ver m\u00e5nga v\u00e4xter och regioner. Buret p\u00e5 kroppen, oftast i en liten <a href=\"https:\/\/iwell-guard.com\/sv\/skyddspase-och-breverl\/\">skyddsp\u00e5se<\/a> eller pung, skulle \u00f6rterna f\u00f6lja b\u00e4raren direkt och skydda mot skademagi.<\/p><p>Placerade vid husets ing\u00e5ng samt \u00f6ver d\u00f6rr och stall, ofta som knippe eller krans, markerade de <a href=\"https:\/\/iwell-guard.com\/sv\/troskelskydd-dorr-fonster-husentre\/\">tr\u00f6skeln<\/a> som en gr\u00e4ns som det skadliga inte skulle \u00f6verskrida. Lagda under huvudkudden eller under s\u00e4ngen skyddade \u00f6rterna den skyddsl\u00f6sa stunden av s\u00f6mn. Br\u00e4nda som <a href=\"https:\/\/iwell-guard.com\/sv\/rokelse-och-rening\/\">r\u00f6kelse<\/a> spred de slutligen en r\u00f6k som tillskrevs renande och avv\u00e4rjande kraft.<\/p><p>Dessa former, p\u00e5se, tr\u00f6skel, s\u00e4ng och r\u00f6k, \u00e5terkommer som ett m\u00f6nster i traditionen kring n\u00e4stan alla \u00f6rter som presenteras h\u00e4r.<\/p>\t\t\t\t\t\t\t\t<\/div>\n\t\t\t\t<\/div>\n\t\t\t\t\t<\/div>\n\t\t\t\t<\/div>\n\t\t<div class=\"elementor-element elementor-element-iwgs-wacholder-s3 e-flex e-con-boxed e-con e-parent\" data-id=\"iwgs-wacholder-s3\" data-element_type=\"container\" data-e-type=\"container\">\n\t\t\t\t\t<div class=\"e-con-inner\">\n\t\t\t\t<div class=\"elementor-element elementor-element-iwgs-wacholder-s3h elementor-widget elementor-widget-heading\" data-id=\"iwgs-wacholder-s3h\" data-element_type=\"widget\" data-e-type=\"widget\" data-widget_type=\"heading.default\">\n\t\t\t\t\t<h2 class=\"elementor-heading-title elementor-size-default\">Kultur\u00f6verskridande spridning<\/h2>\t\t\t\t<\/div>\n\t\t<div class=\"elementor-element elementor-element-iw-wacholder-s3-bw e-con-full e-flex e-con e-child\" data-id=\"iw-wacholder-s3-bw\" data-element_type=\"container\" data-e-type=\"container\">\n\t\t\t\t<div class=\"elementor-element elementor-element-iwgs-wacholder-s3t elementor-widget elementor-widget-text-editor\" data-id=\"iwgs-wacholder-s3t\" data-element_type=\"widget\" data-e-type=\"widget\" data-widget_type=\"text-editor.default\">\n\t\t\t\t\t\t\t\t\t<p>Tron p\u00e5 skyddande \u00f6rter \u00e4r inte begr\u00e4nsad till det tyskspr\u00e5kiga omr\u00e5det. I det keltiska omr\u00e5det ans\u00e5gs v\u00e4xter som <a href=\"https:\/\/iwell-guard.com\/sv\/verbena\/\">verbena<\/a> heliga och samlades enligt fasta ritualer. I den slaviska folktron skyddade man hus och stall med liknande knippen som i alpin sedv\u00e4nja, \u00e4ven om det r\u00f6rde sig om andra v\u00e4xtarter.<\/p><p>\u00c4ven utomeuropeiska kulturer k\u00e4nner till j\u00e4mf\u00f6rbara f\u00f6rest\u00e4llningar: i Indien anv\u00e4ndes till exempel sl\u00e4ktingar till <a href=\"https:\/\/iwell-guard.com\/sv\/kungsljus\/\">kungsljus<\/a> mot onda andar och magi. Dessa paralleller vittnar om ett utbrett behov av att anv\u00e4nda konkreta v\u00e4xter som f\u00f6rmedlare mellan den egna s\u00e5rbarheten och en osynlig v\u00e4rld som upplevdes som hotfull.<\/p>\t\t\t\t\t\t\t\t<\/div>\n\t\t\t\t<\/div>\n\t\t\t\t\t<\/div>\n\t\t\t\t<\/div>\n\t\t<div class=\"elementor-element elementor-element-iwgs-wacholder-s4 e-flex e-con-boxed e-con e-parent\" data-id=\"iwgs-wacholder-s4\" data-element_type=\"container\" data-e-type=\"container\">\n\t\t\t\t\t<div class=\"e-con-inner\">\n\t\t\t\t<div class=\"elementor-element elementor-element-iwgs-wacholder-s4h elementor-widget elementor-widget-heading\" data-id=\"iwgs-wacholder-s4h\" data-element_type=\"widget\" data-e-type=\"widget\" data-widget_type=\"heading.default\">\n\t\t\t\t\t<h2 class=\"elementor-heading-title elementor-size-default\">Vad den anv\u00e4nds mot<\/h2>\t\t\t\t<\/div>\n\t\t<div class=\"elementor-element elementor-element-iw-wacholder-s4-bw e-con-full e-flex e-con e-child\" data-id=\"iw-wacholder-s4-bw\" data-element_type=\"container\" data-e-type=\"container\">\n\t\t\t\t<div class=\"elementor-element elementor-element-iwgs-wacholder-s4t elementor-widget elementor-widget-text-editor\" data-id=\"iwgs-wacholder-s4t\" data-element_type=\"widget\" data-e-type=\"widget\" data-widget_type=\"text-editor.default\">\n\t\t\t\t\t\t\t\t\t<p>Traditionen anv\u00e4nder skydds\u00f6rter mot ett brett spektrum av hot. Dit h\u00f6r onda \u00f6gat, det vill s\u00e4ga avundsblicken som skulle skada m\u00e4nniska, djur och sk\u00f6rd, samt h\u00e4xeri och f\u00f6rh\u00e4xning i egentlig mening. Sjukdomsandar, som tillskrevs feber, farsoter och of\u00f6rklarliga lidanden, h\u00f6r lika mycket till hotbilden som v\u00e4derfaror, exempelvis blixtnedslag, mot vilket enskilda \u00f6rter som kungsljus ans\u00e5gs s\u00e4rskilt verksamma.<\/p><p>\u00c4ven elakt skvaller och gr\u00e4l i hush\u00e5llet, som exempelvis kvanne skulle skydda mot, h\u00f6r till m\u00e5len f\u00f6r denna skyddspraktik. <a href=\"https:\/\/iwell-guard.com\/sv\/skydds-kompass\/\">Skyddskompassen<\/a> knyter de enskilda \u00f6rterna till de hotbilder som de \u00e4r belagda mot i k\u00e4llorna.<\/p>\t\t\t\t\t\t\t\t<\/div>\n\t\t\t\t<\/div>\n\t\t\t\t\t<\/div>\n\t\t\t\t<\/div>\n\t\t<div class=\"elementor-element elementor-element-iwgs-wacholder-s5 e-flex e-con-boxed e-con e-parent\" data-id=\"iwgs-wacholder-s5\" data-element_type=\"container\" data-e-type=\"container\">\n\t\t\t\t\t<div class=\"e-con-inner\">\n\t\t\t\t<div class=\"elementor-element elementor-element-iwgs-wacholder-s5h elementor-widget elementor-widget-heading\" data-id=\"iwgs-wacholder-s5h\" data-element_type=\"widget\" data-e-type=\"widget\" data-widget_type=\"heading.default\">\n\t\t\t\t\t<h2 class=\"elementor-heading-title elementor-size-default\">Till\u00e4mpning och gr\u00e4nser<\/h2>\t\t\t\t<\/div>\n\t\t<div class=\"elementor-element elementor-element-iw-wacholder-s5-bw e-con-full e-flex e-con e-child\" data-id=\"iw-wacholder-s5-bw\" data-element_type=\"container\" data-e-type=\"container\">\n\t\t\t\t<div class=\"elementor-element elementor-element-iwgs-wacholder-s5t elementor-widget elementor-widget-text-editor\" data-id=\"iwgs-wacholder-s5t\" data-element_type=\"widget\" data-e-type=\"widget\" data-widget_type=\"text-editor.default\">\n\t\t\t\t\t\t\t\t\t<p>F\u00f6ljande sidor presenterar enskilda skydds\u00f6rter i detalj, med deras respektive traditionshistoria, anv\u00e4ndningsformer och de gr\u00e4nser som folktron sj\u00e4lv formulerade:<\/p><ul><li><a href=\"https:\/\/iwell-guard.com\/sv\/malort-beifuss\/\">Gr\u00e5bo<\/a><\/li><li><a href=\"https:\/\/iwell-guard.com\/sv\/salvia-rokelse\/\">Salvia<\/a><\/li><li><a href=\"https:\/\/iwell-guard.com\/sv\/\">En<\/a><\/li><li><a href=\"https:\/\/iwell-guard.com\/sv\/ronn-skyddstrad-och-skyddstra-i-folkmagin\/\">R\u00f6nn<\/a><\/li><li><a href=\"https:\/\/iwell-guard.com\/sv\/johannesort\/\">Johannes\u00f6rt<\/a><\/li><li><a href=\"https:\/\/iwell-guard.com\/sv\/vitlok-som-skydd\/\">Vitl\u00f6k<\/a><\/li><li><a href=\"https:\/\/iwell-guard.com\/sv\/alruna-skydds-och-lyckorot\/\">Alruna<\/a><\/li><li><a href=\"https:\/\/iwell-guard.com\/sv\/verbena\/\">Verbena<\/a><\/li><li><a href=\"https:\/\/iwell-guard.com\/sv\/kungsljus\/\">Kungsljus<\/a><\/li><li><a href=\"https:\/\/iwell-guard.com\/sv\/rollleka\/\">R\u00f6llika<\/a><\/li><li><a href=\"https:\/\/iwell-guard.com\/sv\/malort\/\">Mal\u00f6rt<\/a><\/li><li><a href=\"https:\/\/iwell-guard.com\/sv\/kvanne\/\">Kvanne<\/a><\/li><\/ul><p>En gr\u00e4ns f\u00f6r alla skydds\u00f6rter ligger i traditionen sj\u00e4lv: ingen \u00f6rt betraktades som tillr\u00e4cklig ensam. Den kombinerades alltid med b\u00f6ner, v\u00e4lsignelser, <a href=\"https:\/\/iwell-guard.com\/sv\/salt-som-skydd\/\">salt<\/a> och andra skyddsmedel, vilket ocks\u00e5 <a href=\"https:\/\/iwell-guard.com\/sv\/skydds-kompass\/\">Skyddskompassen<\/a> visar i sina traditionella kombinationer.<\/p>\t\t\t\t\t\t\t\t<\/div>\n\t\t\t\t<\/div>\n\t\t\t\t\t<\/div>\n\t\t\t\t<\/div>\n\t\t<div class=\"elementor-element elementor-element-iwgs-wacholder-lit e-flex e-con-boxed e-con e-parent\" data-id=\"iwgs-wacholder-lit\" data-element_type=\"container\" data-e-type=\"container\">\n\t\t\t\t\t<div class=\"e-con-inner\">\n\t\t\t\t<div class=\"elementor-element elementor-element-iwgs-wacholder-lith elementor-widget elementor-widget-heading\" data-id=\"iwgs-wacholder-lith\" data-element_type=\"widget\" data-e-type=\"widget\" data-widget_type=\"heading.default\">\n\t\t\t\t\t<h2 class=\"elementor-heading-title elementor-size-default\">Litteratur (urval)<\/h2>\t\t\t\t<\/div>\n\t\t<div class=\"elementor-element elementor-element-iw-wacholder-lit-bw e-con-full e-flex e-con e-child\" data-id=\"iw-wacholder-lit-bw\" data-element_type=\"container\" data-e-type=\"container\">\n\t\t\t\t<div class=\"elementor-element elementor-element-iwgs-wacholder-litt elementor-widget elementor-widget-html\" data-id=\"iwgs-wacholder-litt\" data-element_type=\"widget\" data-e-type=\"widget\" data-widget_type=\"html.default\">\n\t\t\t\t\t<footer data-nosnippet=\"true\"><ul><li>Handw\u00f6rterbuch des deutschen Aberglaubens. Utgiven av Hanns B\u00e4chtold-St\u00e4ubli. Berlin: de Gruyter, 1927-1942.<\/li><li>Heinrich Marzell (med medverkan av Wilhelm Wissmann): W\u00f6rterbuch der deutschen Pflanzennamen. Leipzig\/Stuttgart: Hirzel, 1943-1979.<\/li><li>Will-Erich Peuckert: Deutscher Volksglaube des Sp\u00e4tmittelalters. Stuttgart: Kohlhammer, 1942.<\/li><li>Siegfried Seligmann: Der b\u00f6se Blick und Verwandtes. Berlin: Barsdorf, 1910.<\/li><li>Lutz R\u00f6hrich: Lexikon der sprichw\u00f6rtlichen Redensarten. Freiburg: Herder, 1991.<\/li><\/ul><\/footer>\t\t\t\t<\/div>\n\t\t\t\t<\/div>\n\t\t\t\t\t<\/div>\n\t\t\t\t<\/div>\n\t\t<div class=\"elementor-element elementor-element-iwgs-wacholder-kwd e-flex e-con-boxed e-con e-parent\" data-id=\"iwgs-wacholder-kwd\" data-element_type=\"container\" data-e-type=\"container\">\n\t\t\t\t\t<div class=\"e-con-inner\">\n\t\t<div class=\"elementor-element elementor-element-iw-wacholder-kwd-bw e-con-full e-flex e-con e-child\" data-id=\"iw-wacholder-kwd-bw\" data-element_type=\"container\" data-e-type=\"container\">\n\t\t\t\t<div class=\"elementor-element elementor-element-iwgs-wacholder-kwdt elementor-widget elementor-widget-text-editor\" data-id=\"iwgs-wacholder-kwdt\" data-element_type=\"widget\" data-e-type=\"widget\" data-widget_type=\"text-editor.default\">\n\t\t\t\t\t\t\t\t\t<p><em>Relaterade nyckelbegrepp: skydds\u00f6rter folktro \u00f6rtmagi tr\u00f6skelskydd.<\/em><\/p>\t\t\t\t\t\t\t\t<\/div>\n\t\t\t\t<\/div>\n\t\t\t\t\t<\/div>\n\t\t\t\t<\/div>\n\t\t<div class=\"elementor-element elementor-element-iwgs-wacholder-cc e-flex e-con-boxed e-con e-parent\" data-id=\"iwgs-wacholder-cc\" data-element_type=\"container\" data-e-type=\"container\" id=\"iwg-cc-wacholder\">\n\t\t\t\t\t<div class=\"e-con-inner\">\n\t\t<div class=\"elementor-element elementor-element-iwgs-wacholder-ccinner e-flex e-con-boxed e-con e-parent\" data-id=\"iwgs-wacholder-ccinner\" data-element_type=\"container\" data-e-type=\"container\" data-settings=\"{&quot;background_background&quot;:&quot;classic&quot;}\">\n\t\t\t\t\t<div class=\"e-con-inner\">\n\t\t\t\t<div class=\"elementor-element elementor-element-iwgs-wacholder-cch elementor-widget elementor-widget-heading\" data-id=\"iwgs-wacholder-cch\" data-element_type=\"widget\" data-e-type=\"widget\" data-widget_type=\"heading.default\">\n\t\t\t\t\t<h2 class=\"elementor-heading-title elementor-size-default\">iWell Guard och skyddstraditioner<\/h2>\t\t\t\t<\/div>\n\t\t\t\t<div class=\"elementor-element elementor-element-iwgs-wacholder-cct elementor-widget elementor-widget-text-editor\" data-id=\"iwgs-wacholder-cct\" data-element_type=\"widget\" data-e-type=\"widget\" data-widget_type=\"text-editor.default\">\n\t\t\t\t\t\t\t\t\t<p>M\u00e5ngfalden av skydds\u00f6rter visar ett \u00e5terkommande m\u00e4nskligt behov: att \u00e4ga konkreta f\u00f6rem\u00e5l som markerar en osynlig gr\u00e4ns mellan det egna, skyddade omr\u00e5det och en omv\u00e4rld som uppfattas som hotfull. Denna princip ligger ocks\u00e5 till grund f\u00f6r <a href=\"https:\/\/iwell-guard.com\/sv\/skyddshanget-iwell-guard-kop\/\">iWell Guard<\/a>.<\/p><p>Det som tidigare generationer f\u00f6rs\u00f6kte uppn\u00e5 med \u00f6rtp\u00e5sar, d\u00f6rrbuntar och r\u00f6kelse, \u00f6verf\u00f6r h\u00e4ngsmycket till en form som kan b\u00e4ras permanent p\u00e5 kroppen. Den symboliska logiken i gr\u00e4nsdragningen f\u00f6rblir densamma, endast dess yttre form har f\u00f6r\u00e4ndrats.<\/p>\t\t\t\t\t\t\t\t<\/div>\n\t\t\t\t<div class=\"elementor-element elementor-element-iwgs-wacholder-ccb iwg-cc-button iwg-cc-cta-2026-05-13 elementor-widget elementor-widget-jet-button\" data-id=\"iwgs-wacholder-ccb\" data-element_type=\"widget\" data-e-type=\"widget\" data-widget_type=\"jet-button.default\">\n\t\t\t\t<div class=\"elementor-widget-container\">\n\t\t\t\t\t<div class=\"elementor-jet-button jet-elements\"><div class=\"jet-button__container\"><a class=\"jet-button__instance jet-button__instance--icon-left hover-effect-1\" href=\"\/schutzanhaenger-iwell-guard-kaufen\/?utm_source=iwell-guard.com&amp;utm_medium=info-box&amp;utm_campaign=schutzsymbole\"><div class=\"jet-button__plane jet-button__plane-normal\"><\/div><div class=\"jet-button__plane jet-button__plane-hover\"><\/div><div class=\"jet-button__state jet-button__state-normal\"><span class=\"jet-button__label\">Mer om iWell Guard<\/span><\/div><div class=\"jet-button__state jet-button__state-hover\"><span class=\"jet-button__label\">Mer om iWell Guard<\/span><\/div><\/a><\/div><\/div><style>.elementor-element.elementor-element-iwgs-wacholder-ccb .jet-button__instance{width:320px;height:56px;}.elementor-element.elementor-element-iwgs-wacholder-ccb .jet-button__state-normal .jet-button__label{text-align:center;margin:0px 0px 0px 0px;color:#1a1b20;font-family:Montserrat,sans-serif;font-size:13px;font-weight:400;letter-spacing:4px;line-height:1.714em;text-transform:uppercase;}.elementor-element.elementor-element-iwgs-wacholder-ccb .jet-button__state-hover .jet-button__label{text-align:center;margin:0px 0px 0px 0px;color:#FECC76;font-family:Montserrat,sans-serif;font-size:13px;font-weight:400;letter-spacing:4px;line-height:1.714em;text-transform:uppercase;}.elementor-element.elementor-element-iwgs-wacholder-ccb .jet-button__plane-normal{background-color:#FECC76;border-style:solid;border-color:#C99540;border-width:2px 2px 2px 2px;}.elementor-element.elementor-element-iwgs-wacholder-ccb .jet-button__plane-hover{background-color:rgba(0,0,0,0.55);border-style:solid;border-color:#FECC76;border-width:2px 2px 2px 2px;}<\/style>\t\t\t\t<\/div>\n\t\t\t\t<\/div>\n\t\t\t\t<div class=\"elementor-element elementor-element-iwgs-wacholder-ccd elementor-widget elementor-widget-text-editor\" data-id=\"iwgs-wacholder-ccd\" data-element_type=\"widget\" data-e-type=\"widget\" data-widget_type=\"text-editor.default\">\n\t\t\t\t\t\t\t\t\t<p style=\"text-align:center;font-size:13px;opacity:0.7;margin-top:14px\" data-nosnippet=\"true\">Personliga erfarenheter kan variera. Ingen medicinteknisk produkt. Inget l\u00f6fte om l\u00e4kning.<\/p>\t\t\t\t\t\t\t\t<\/div>\n\t\t\t\t\t<\/div>\n\t\t\t\t<\/div>\n\t\t\t\t\t<\/div>\n\t\t\t\t<\/div>\n\t\t<div class=\"elementor-element elementor-element-iwgs-wacholder-disc e-flex e-con-boxed e-con e-parent\" data-id=\"iwgs-wacholder-disc\" data-element_type=\"container\" data-e-type=\"container\">\n\t\t\t\t\t<div class=\"e-con-inner\">\n\t\t<div class=\"elementor-element elementor-element-iw-wacholder-disc-bw e-con-full e-flex e-con e-child\" data-id=\"iw-wacholder-disc-bw\" data-element_type=\"container\" data-e-type=\"container\">\n\t\t\t\t<div class=\"elementor-element elementor-element-iwgs-wacholder-discw elementor-widget elementor-widget-html\" data-id=\"iwgs-wacholder-discw\" data-element_type=\"widget\" data-e-type=\"widget\" data-widget_type=\"html.default\">\n\t\t\t\t\t<footer data-nosnippet=\"true\" class=\"iwg-disclaimer-block\"><p data-nosnippet=\"true\">iWell Guard \u00e4r <strong>ingen medicinteknisk produkt<\/strong> och ers\u00e4tter ingen l\u00e4karbehandling eller psykoterapeutisk behandling. Inneh\u00e5llet som presenteras h\u00e4r \u00e4r en religionsvetenskaplig och kulturhistorisk kontextualisering, inget l\u00f6fte om andlig verkan.<\/p><\/footer>\t\t\t\t<\/div>\n\t\t\t\t<\/div>\n\t\t\t\t\t<\/div>\n\t\t\t\t<\/div>\n\t\t\t\t<\/div>\n\t\t","protected":false},"excerpt":{"rendered":"","protected":false},"author":3,"featured_media":20530,"parent":0,"menu_order":0,"comment_status":"closed","ping_status":"closed","template":"elementor_header_footer","meta":{"_yoast_wpseo_focuskw":"skydds\u00f6rter","_yoast_wpseo_title":"Skydds\u00f6rter: \u00f6rter som skyddsmedel i folktron","_yoast_wpseo_metadesc":"Skydds\u00f6rter i folktron: anv\u00e4ndningsformer, tradition och en \u00f6versikt \u00f6ver alla sidor om skydds\u00f6rter, fr\u00e5n gr\u00e5bo till kvanne.","_yoast_wpseo_meta-robots-noindex":"","_yoast_wpseo_canonical":"","_angie_page":false,"gefaehrdungsstufe":"","wesen_kultur":"","wesen_klasse":"","footnotes":""},"categories":[],"class_list":["post-137738","page","type-page","status-publish","has-post-thumbnail","hentry"],"yoast_head":"<!-- This site is optimized with the Yoast SEO Premium plugin v27.7 (Yoast SEO v28.3) - https:\/\/yoast.com\/product\/yoast-seo-premium-wordpress\/ -->\n<title>Skydds\u00f6rter: \u00f6rter som skyddsmedel i folktron<\/title>\n<meta name=\"description\" content=\"Skydds\u00f6rter i folktron: anv\u00e4ndningsformer, tradition och en \u00f6versikt \u00f6ver alla sidor om skydds\u00f6rter, fr\u00e5n gr\u00e5bo till kvanne.\" \/>\n<meta name=\"robots\" content=\"index, follow, max-snippet:-1, max-image-preview:large, max-video-preview:-1\" \/>\n<link rel=\"canonical\" href=\"https:\/\/iwell-guard.com\/sv\/skyddsorter\/\" \/>\n<meta property=\"og:locale\" content=\"sv_SE\" \/>\n<meta property=\"og:type\" content=\"article\" \/>\n<meta property=\"og:title\" content=\"Skydds\u00f6rter\" \/>\n<meta property=\"og:description\" content=\"Skydds\u00f6rter i folktron: anv\u00e4ndningsformer, tradition och en \u00f6versikt \u00f6ver alla sidor om skydds\u00f6rter, fr\u00e5n gr\u00e5bo till kvanne.\" \/>\n<meta property=\"og:url\" content=\"https:\/\/iwell-guard.com\/sv\/skyddsorter\/\" \/>\n<meta property=\"og:site_name\" content=\"iWell Guard\" \/>\n<meta property=\"article:modified_time\" content=\"2026-09-03T01:37:42+00:00\" \/>\n<meta property=\"og:image\" content=\"https:\/\/iwell-guard.com\/wp-content\/uploads\/2026\/07\/schutzsymbol_universell_schutzkraeuter.webp\" \/>\n\t<meta property=\"og:image:width\" content=\"1024\" \/>\n\t<meta property=\"og:image:height\" content=\"1536\" \/>\n\t<meta property=\"og:image:type\" content=\"image\/webp\" \/>\n<meta name=\"twitter:card\" content=\"summary_large_image\" \/>\n<script type=\"application\/ld+json\" class=\"yoast-schema-graph\">{\"@context\":\"https:\\\/\\\/schema.org\",\"@graph\":[{\"@type\":\"WebPage\",\"@id\":\"https:\\\/\\\/iwell-guard.com\\\/sv\\\/skyddsorter\\\/\",\"url\":\"https:\\\/\\\/iwell-guard.com\\\/sv\\\/skyddsorter\\\/\",\"name\":\"Skydds\u00f6rter: \u00f6rter som skyddsmedel i folktron\",\"isPartOf\":{\"@id\":\"https:\\\/\\\/iwell-guard.com\\\/sv\\\/#website\"},\"primaryImageOfPage\":{\"@id\":\"https:\\\/\\\/iwell-guard.com\\\/sv\\\/skyddsorter\\\/#primaryimage\"},\"image\":{\"@id\":\"https:\\\/\\\/iwell-guard.com\\\/sv\\\/skyddsorter\\\/#primaryimage\"},\"thumbnailUrl\":\"https:\\\/\\\/iwell-guard.com\\\/wp-content\\\/uploads\\\/2026\\\/07\\\/schutzsymbol_universell_schutzkraeuter.webp\",\"datePublished\":\"2026-09-03T00:18:28+00:00\",\"dateModified\":\"2026-09-03T01:37:42+00:00\",\"description\":\"Skydds\u00f6rter i folktron: anv\u00e4ndningsformer, tradition och en \u00f6versikt \u00f6ver alla sidor om skydds\u00f6rter, fr\u00e5n gr\u00e5bo till kvanne.\",\"breadcrumb\":{\"@id\":\"https:\\\/\\\/iwell-guard.com\\\/sv\\\/skyddsorter\\\/#breadcrumb\"},\"inLanguage\":\"sv-SE\",\"potentialAction\":[{\"@type\":\"ReadAction\",\"target\":[\"https:\\\/\\\/iwell-guard.com\\\/sv\\\/skyddsorter\\\/\"]}]},{\"@type\":\"ImageObject\",\"inLanguage\":\"sv-SE\",\"@id\":\"https:\\\/\\\/iwell-guard.com\\\/sv\\\/skyddsorter\\\/#primaryimage\",\"url\":\"https:\\\/\\\/iwell-guard.com\\\/wp-content\\\/uploads\\\/2026\\\/07\\\/schutzsymbol_universell_schutzkraeuter.webp\",\"contentUrl\":\"https:\\\/\\\/iwell-guard.com\\\/wp-content\\\/uploads\\\/2026\\\/07\\\/schutzsymbol_universell_schutzkraeuter.webp\",\"width\":1024,\"height\":1536,\"caption\":\"Bunt av skydds\u00f6rter med lintygs\u00e4ck mot m\u00f6rk stenbakgrund\"},{\"@type\":\"BreadcrumbList\",\"@id\":\"https:\\\/\\\/iwell-guard.com\\\/sv\\\/skyddsorter\\\/#breadcrumb\",\"itemListElement\":[{\"@type\":\"ListItem\",\"position\":1,\"name\":\"Start\",\"item\":\"https:\\\/\\\/iwell-guard.com\\\/sv\\\/?page_id=136483\"},{\"@type\":\"ListItem\",\"position\":2,\"name\":\"Skydds\u00f6rter\"}]},{\"@type\":\"WebSite\",\"@id\":\"https:\\\/\\\/iwell-guard.com\\\/sv\\\/#website\",\"url\":\"https:\\\/\\\/iwell-guard.com\\\/sv\\\/\",\"name\":\"iWell Guard\",\"description\":\"Schutz vor dunklen Einfl\u00fcssen\",\"publisher\":{\"@id\":\"https:\\\/\\\/iwell-guard.com\\\/sv\\\/#organization\"},\"potentialAction\":[{\"@type\":\"SearchAction\",\"target\":{\"@type\":\"EntryPoint\",\"urlTemplate\":\"https:\\\/\\\/iwell-guard.com\\\/sv\\\/?s={search_term_string}\"},\"query-input\":{\"@type\":\"PropertyValueSpecification\",\"valueRequired\":true,\"valueName\":\"search_term_string\"}}],\"inLanguage\":\"sv-SE\"},{\"@type\":\"Organization\",\"@id\":\"https:\\\/\\\/iwell-guard.com\\\/sv\\\/#organization\",\"name\":\"Ittermann electronic GmbH\",\"url\":\"https:\\\/\\\/iwell-guard.com\\\/sv\\\/\",\"logo\":{\"@type\":\"ImageObject\",\"inLanguage\":\"sv-SE\",\"@id\":\"https:\\\/\\\/iwell-guard.com\\\/sv\\\/#\\\/schema\\\/logo\\\/image\\\/\",\"url\":\"https:\\\/\\\/iwell-guard.com\\\/wp-content\\\/uploads\\\/2026\\\/05\\\/Ittermann-Logo-1182x237-1.png\",\"contentUrl\":\"https:\\\/\\\/iwell-guard.com\\\/wp-content\\\/uploads\\\/2026\\\/05\\\/Ittermann-Logo-1182x237-1.png\",\"width\":1182,\"height\":237,\"caption\":\"Ittermann electronic GmbH\"},\"image\":{\"@id\":\"https:\\\/\\\/iwell-guard.com\\\/sv\\\/#\\\/schema\\\/logo\\\/image\\\/\"},\"sameAs\":[\"https:\\\/\\\/pantip.com\\\/profile\\\/9367242\",\"https:\\\/\\\/micro.blog\\\/iwellguard\",\"https:\\\/\\\/www.diggerslist.com\\\/iwellguard\\\/about\",\"https:\\\/\\\/skitterphoto.com\\\/photographers\\\/2870314\\\/iwell-guard\",\"https:\\\/\\\/iwellguard.wordpress.com\\\/2026\\\/06\\\/06\\\/iwell-guard\\\/\",\"https:\\\/\\\/hub.docker.com\\\/u\\\/iwellguard\",\"https:\\\/\\\/www.pinterest.com\\\/iwellguard\\\/\",\"https:\\\/\\\/bit.ly\\\/m\\\/iwellguard\",\"https:\\\/\\\/entre-vos-mains.alsace.eu\\\/profiles\\\/iwellguard\\\/activity\",\"https:\\\/\\\/gravatar.com\\\/reallybeded8fd34\",\"https:\\\/\\\/naijamatta.com\\\/iwellguard\",\"https:\\\/\\\/www.goodreads.com\\\/iwellguard\",\"https:\\\/\\\/profile.hatena.ne.jp\\\/iwellguard\\\/\",\"https:\\\/\\\/experiment.com\\\/users\\\/iwellguard\",\"https:\\\/\\\/wakelet.com\\\/@iWellGuard82270\",\"https:\\\/\\\/www.chordie.com\\\/forum\\\/profile.php?id=2555664\",\"https:\\\/\\\/www.instapaper.com\\\/p\\\/17757966\",\"https:\\\/\\\/www.mapleprimes.com\\\/users\\\/iwellguard\",\"https:\\\/\\\/businesslistingplus.com\\\/profile\\\/iwell-guard\\\/\",\"https:\\\/\\\/telegra.ph\\\/iWell-Guard-06-06\",\"https:\\\/\\\/pbase.com\\\/iwellguard\\\/iwellguard\",\"https:\\\/\\\/b.hatena.ne.jp\\\/iwellguard\\\/20260607#bookmark-4788405196491818882\",\"https:\\\/\\\/fliphtml5.com\\\/home\\\/iwellguard\",\"https:\\\/\\\/anyflip.com\\\/homepage\\\/cmiwl#About\",\"https:\\\/\\\/transfur.com\\\/Users\\\/iwellguard\",\"http:\\\/\\\/delphi.larsbo.org\\\/user\\\/iwellguard\",\"https:\\\/\\\/jobs.lajobsportal.org\\\/profiles\\\/8380803-iwell-guard\",\"https:\\\/\\\/md.chaosdorf.de\\\/s\\\/jfbe5SBdJD\",\"https:\\\/\\\/www.lingvolive.com\\\/en-us\\\/profile\\\/9ecaeaca-ce11-4e51-9e71-01d55e2bff36\\\/translations\",\"https:\\\/\\\/www.fitday.com\\\/fitness\\\/forums\\\/members\\\/iwellguard.html\",\"https:\\\/\\\/www.mymeetbook.com\\\/iwellguard\",\"https:\\\/\\\/pxhere.com\\\/en\\\/photographer-me\\\/5040798\",\"https:\\\/\\\/disqus.com\\\/by\\\/iwellguard\\\/about\\\/\",\"https:\\\/\\\/pastelink.net\\\/hjwciqwq\",\"https:\\\/\\\/pubhtml5.com\\\/homepage\\\/scjhn\\\/\",\"https:\\\/\\\/www.bitchute.com\\\/channel\\\/2O2eOKzNqujT\",\"https:\\\/\\\/audiomack.com\\\/iwellguard\"]}]}<\/script>\n<!-- \/ Yoast SEO Premium plugin. -->","yoast_head_json":{"title":"Skydds\u00f6rter: \u00f6rter som skyddsmedel i folktron","description":"Skydds\u00f6rter i folktron: anv\u00e4ndningsformer, tradition och en \u00f6versikt \u00f6ver alla sidor om skydds\u00f6rter, fr\u00e5n gr\u00e5bo till kvanne.","robots":{"index":"index","follow":"follow","max-snippet":"max-snippet:-1","max-image-preview":"max-image-preview:large","max-video-preview":"max-video-preview:-1"},"canonical":"https:\/\/iwell-guard.com\/sv\/skyddsorter\/","og_locale":"sv_SE","og_type":"article","og_title":"Skydds\u00f6rter","og_description":"Skydds\u00f6rter i folktron: anv\u00e4ndningsformer, tradition och en \u00f6versikt \u00f6ver alla sidor om skydds\u00f6rter, fr\u00e5n gr\u00e5bo till kvanne.","og_url":"https:\/\/iwell-guard.com\/sv\/skyddsorter\/","og_site_name":"iWell Guard","article_modified_time":"2026-09-03T01:37:42+00:00","og_image":[{"width":1024,"height":1536,"url":"https:\/\/iwell-guard.com\/wp-content\/uploads\/2026\/07\/schutzsymbol_universell_schutzkraeuter.webp","type":"image\/webp"}],"twitter_card":"summary_large_image","schema":{"@context":"https:\/\/schema.org","@graph":[{"@type":"WebPage","@id":"https:\/\/iwell-guard.com\/sv\/skyddsorter\/","url":"https:\/\/iwell-guard.com\/sv\/skyddsorter\/","name":"Skydds\u00f6rter: \u00f6rter som skyddsmedel i folktron","isPartOf":{"@id":"https:\/\/iwell-guard.com\/sv\/#website"},"primaryImageOfPage":{"@id":"https:\/\/iwell-guard.com\/sv\/skyddsorter\/#primaryimage"},"image":{"@id":"https:\/\/iwell-guard.com\/sv\/skyddsorter\/#primaryimage"},"thumbnailUrl":"https:\/\/iwell-guard.com\/wp-content\/uploads\/2026\/07\/schutzsymbol_universell_schutzkraeuter.webp","datePublished":"2026-09-03T00:18:28+00:00","dateModified":"2026-09-03T01:37:42+00:00","description":"Skydds\u00f6rter i folktron: anv\u00e4ndningsformer, tradition och en \u00f6versikt \u00f6ver alla sidor om skydds\u00f6rter, fr\u00e5n gr\u00e5bo till kvanne.","breadcrumb":{"@id":"https:\/\/iwell-guard.com\/sv\/skyddsorter\/#breadcrumb"},"inLanguage":"sv-SE","potentialAction":[{"@type":"ReadAction","target":["https:\/\/iwell-guard.com\/sv\/skyddsorter\/"]}]},{"@type":"ImageObject","inLanguage":"sv-SE","@id":"https:\/\/iwell-guard.com\/sv\/skyddsorter\/#primaryimage","url":"https:\/\/iwell-guard.com\/wp-content\/uploads\/2026\/07\/schutzsymbol_universell_schutzkraeuter.webp","contentUrl":"https:\/\/iwell-guard.com\/wp-content\/uploads\/2026\/07\/schutzsymbol_universell_schutzkraeuter.webp","width":1024,"height":1536,"caption":"Bunt av skydds\u00f6rter med lintygs\u00e4ck mot m\u00f6rk stenbakgrund"},{"@type":"BreadcrumbList","@id":"https:\/\/iwell-guard.com\/sv\/skyddsorter\/#breadcrumb","itemListElement":[{"@type":"ListItem","position":1,"name":"Start","item":"https:\/\/iwell-guard.com\/sv\/?page_id=136483"},{"@type":"ListItem","position":2,"name":"Skydds\u00f6rter"}]},{"@type":"WebSite","@id":"https:\/\/iwell-guard.com\/sv\/#website","url":"https:\/\/iwell-guard.com\/sv\/","name":"iWell Guard","description":"Schutz vor dunklen Einfl\u00fcssen","publisher":{"@id":"https:\/\/iwell-guard.com\/sv\/#organization"},"potentialAction":[{"@type":"SearchAction","target":{"@type":"EntryPoint","urlTemplate":"https:\/\/iwell-guard.com\/sv\/?s={search_term_string}"},"query-input":{"@type":"PropertyValueSpecification","valueRequired":true,"valueName":"search_term_string"}}],"inLanguage":"sv-SE"},{"@type":"Organization","@id":"https:\/\/iwell-guard.com\/sv\/#organization","name":"Ittermann electronic GmbH","url":"https:\/\/iwell-guard.com\/sv\/","logo":{"@type":"ImageObject","inLanguage":"sv-SE","@id":"https:\/\/iwell-guard.com\/sv\/#\/schema\/logo\/image\/","url":"https:\/\/iwell-guard.com\/wp-content\/uploads\/2026\/05\/Ittermann-Logo-1182x237-1.png","contentUrl":"https:\/\/iwell-guard.com\/wp-content\/uploads\/2026\/05\/Ittermann-Logo-1182x237-1.png","width":1182,"height":237,"caption":"Ittermann electronic GmbH"},"image":{"@id":"https:\/\/iwell-guard.com\/sv\/#\/schema\/logo\/image\/"},"sameAs":["https:\/\/pantip.com\/profile\/9367242","https:\/\/micro.blog\/iwellguard","https:\/\/www.diggerslist.com\/iwellguard\/about","https:\/\/skitterphoto.com\/photographers\/2870314\/iwell-guard","https:\/\/iwellguard.wordpress.com\/2026\/06\/06\/iwell-guard\/","https:\/\/hub.docker.com\/u\/iwellguard","https:\/\/www.pinterest.com\/iwellguard\/","https:\/\/bit.ly\/m\/iwellguard","https:\/\/entre-vos-mains.alsace.eu\/profiles\/iwellguard\/activity","https:\/\/gravatar.com\/reallybeded8fd34","https:\/\/naijamatta.com\/iwellguard","https:\/\/www.goodreads.com\/iwellguard","https:\/\/profile.hatena.ne.jp\/iwellguard\/","https:\/\/experiment.com\/users\/iwellguard","https:\/\/wakelet.com\/@iWellGuard82270","https:\/\/www.chordie.com\/forum\/profile.php?id=2555664","https:\/\/www.instapaper.com\/p\/17757966","https:\/\/www.mapleprimes.com\/users\/iwellguard","https:\/\/businesslistingplus.com\/profile\/iwell-guard\/","https:\/\/telegra.ph\/iWell-Guard-06-06","https:\/\/pbase.com\/iwellguard\/iwellguard","https:\/\/b.hatena.ne.jp\/iwellguard\/20260607#bookmark-4788405196491818882","https:\/\/fliphtml5.com\/home\/iwellguard","https:\/\/anyflip.com\/homepage\/cmiwl#About","https:\/\/transfur.com\/Users\/iwellguard","http:\/\/delphi.larsbo.org\/user\/iwellguard","https:\/\/jobs.lajobsportal.org\/profiles\/8380803-iwell-guard","https:\/\/md.chaosdorf.de\/s\/jfbe5SBdJD","https:\/\/www.lingvolive.com\/en-us\/profile\/9ecaeaca-ce11-4e51-9e71-01d55e2bff36\/translations","https:\/\/www.fitday.com\/fitness\/forums\/members\/iwellguard.html","https:\/\/www.mymeetbook.com\/iwellguard","https:\/\/pxhere.com\/en\/photographer-me\/5040798","https:\/\/disqus.com\/by\/iwellguard\/about\/","https:\/\/pastelink.net\/hjwciqwq","https:\/\/pubhtml5.com\/homepage\/scjhn\/","https:\/\/www.bitchute.com\/channel\/2O2eOKzNqujT","https:\/\/audiomack.com\/iwellguard"]}]}},"_links":{"self":[{"href":"https:\/\/iwell-guard.com\/sv\/wp-json\/wp\/v2\/pages\/137738","targetHints":{"allow":["GET"]}}],"collection":[{"href":"https:\/\/iwell-guard.com\/sv\/wp-json\/wp\/v2\/pages"}],"about":[{"href":"https:\/\/iwell-guard.com\/sv\/wp-json\/wp\/v2\/types\/page"}],"author":[{"embeddable":true,"href":"https:\/\/iwell-guard.com\/sv\/wp-json\/wp\/v2\/users\/3"}],"replies":[{"embeddable":true,"href":"https:\/\/iwell-guard.com\/sv\/wp-json\/wp\/v2\/comments?post=137738"}],"version-history":[{"count":0,"href":"https:\/\/iwell-guard.com\/sv\/wp-json\/wp\/v2\/pages\/137738\/revisions"}],"wp:featuredmedia":[{"embeddable":true,"href":"https:\/\/iwell-guard.com\/sv\/wp-json\/wp\/v2\/media\/20530"}],"wp:attachment":[{"href":"https:\/\/iwell-guard.com\/sv\/wp-json\/wp\/v2\/media?parent=137738"}],"wp:term":[{"taxonomy":"category","embeddable":true,"href":"https:\/\/iwell-guard.com\/sv\/wp-json\/wp\/v2\/categories?post=137738"}],"curies":[{"name":"wp","href":"https:\/\/api.w.org\/{rel}","templated":true}]}}