{"id":137182,"date":"2026-09-03T00:13:32","date_gmt":"2026-09-03T00:13:32","guid":{"rendered":"https:\/\/iwell-guard.com\/?page_id=137182"},"modified":"2026-09-03T01:22:36","modified_gmt":"2026-09-03T01:22:36","slug":"skyddsklockor-och-klockljud","status":"publish","type":"page","link":"https:\/\/iwell-guard.com\/sv\/skyddsklockor-och-klockljud\/","title":{"rendered":"Skyddsklockor och klockljud"},"content":{"rendered":"\t\t<div data-elementor-type=\"wp-page\" data-elementor-id=\"137182\" class=\"elementor elementor-137182 elementor-3788 elementor-bc-flex-widget\" data-elementor-post-type=\"page\">\n\t\t\t\t<div class=\"elementor-element elementor-element-iwgs-schutzglocken-hero e-flex e-con-boxed e-con e-parent\" data-id=\"iwgs-schutzglocken-hero\" data-element_type=\"container\" data-e-type=\"container\">\n\t\t\t\t\t<div class=\"e-con-inner\">\n\t\t<div class=\"elementor-element elementor-element-iw-schutzglocken-hero-left e-con-full e-flex e-con e-child\" data-id=\"iw-schutzglocken-hero-left\" data-element_type=\"container\" data-e-type=\"container\">\n\t\t\t\t<div class=\"elementor-element elementor-element-iwgs-schutzglocken-h1 elementor-widget elementor-widget-heading\" data-id=\"iwgs-schutzglocken-h1\" data-element_type=\"widget\" data-e-type=\"widget\" data-widget_type=\"heading.default\">\n\t\t\t\t\t<h1 class=\"elementor-heading-title elementor-size-default\">Skyddsklockor och klockljud<\/h1>\t\t\t\t<\/div>\n\t\t<div class=\"elementor-element elementor-element-iw-schutzglocken-hero-bw e-con-full e-flex e-con e-child\" data-id=\"iw-schutzglocken-hero-bw\" data-element_type=\"container\" data-e-type=\"container\">\n\t\t\t\t<div class=\"elementor-element elementor-element-iwgs-schutzglocken-pills elementor-widget elementor-widget-html\" data-id=\"iwgs-schutzglocken-pills\" data-element_type=\"widget\" data-e-type=\"widget\" data-widget_type=\"html.default\">\n\t\t\t\t\t<div class=\"iwg-pill-row\"><span class=\"iwg-klasse-badge\" tabindex=\"0\" data-tooltip=\"Typ av skyddsmedel.\">Klang och ljus<\/span><a href=\"https:\/\/iwell-guard.com\/sv\/klang-och-ljus-som-skydd\/\" class=\"iwg-kultur-badge\" tabindex=\"0\" data-tooltip=\"Till \u00f6versikten.\">Klang och ljus<\/a><\/div>\t\t\t\t<\/div>\n\t\t\t\t<div class=\"elementor-element elementor-element-iwgs-schutzglocken-lead elementor-widget elementor-widget-text-editor\" data-id=\"iwgs-schutzglocken-lead\" data-element_type=\"widget\" data-e-type=\"widget\" data-widget_type=\"text-editor.default\">\n\t\t\t\t\t\t\t\t\t<p>Ljudet fr\u00e5n en klocka n\u00e5r l\u00e4ngre \u00e4n n\u00e5got m\u00e5lat tecken str\u00e4cker sig. Denna egenskap, att genomtr\u00e4nga rummet och ta det i akustisk besittning, har lett till att kulturer p\u00e5 n\u00e4stan alla kontinenter har f\u00f6rsett klockor, bj\u00e4llror, cymbaler och liknande instrument med skyddsfunktion.<\/p><p><span class=\"iwg-fachbegriff\" data-tooltip=\"\u00d6verf\u00f6ring av kunskap och ber\u00e4ttelser mellan generationer.\" tabindex=\"0\">Traditionen<\/span> beskriver klockljud inte prim\u00e4rt som en akustisk retning, utan som en p\u00e5verkan p\u00e5 en form av verklighet som vardagen bara delvis har tillg\u00e5ng till: ett ljud som uppfattar det osynliga och tvingar det att dra sig tillbaka.<\/p>\n<p>Klockor som skyddsmedel skiljer sig fr\u00e5n amuletter eller skydds\u00e4mnen genom att deras verkan \u00e4r bunden till sj\u00e4lva klingandets \u00f6gonblick. En tyst klocka har enligt <span class=\"iwg-fachbegriff\" data-tooltip=\"\u00d6verf\u00f6ring av kunskap och ber\u00e4ttelser mellan generationer.\" tabindex=\"0\">traditionen<\/span> en annan status \u00e4n en som ringer. D\u00e4rmed h\u00f6r klockor till kategorin <a href=\"https:\/\/iwell-guard.com\/sv\/klang-och-ljus-som-skydd\/\">ljud- och ljusmedel<\/a>: aktiva, kortlivade, beroende av sj\u00e4lva anv\u00e4ndnings\u00f6gonblicket.<\/p>\t\t\t\t\t\t\t\t<\/div>\n\t\t\t\t<\/div>\n\t\t\t\t<\/div>\n\t\t<div class=\"elementor-element elementor-element-iw-schutzglocken-hero-img e-con-full e-flex e-con e-child\" data-id=\"iw-schutzglocken-hero-img\" data-element_type=\"container\" data-e-type=\"container\">\n\t\t\t\t<div class=\"elementor-element elementor-element-iwgs-schutzglocken-himg iwg-hero-image elementor-widget elementor-widget-image\" data-id=\"iwgs-schutzglocken-himg\" data-element_type=\"widget\" data-e-type=\"widget\" data-widget_type=\"image.default\">\n\t\t\t\t\t\t\t\t\t\t\t\t\t\t\t<img fetchpriority=\"high\" decoding=\"async\" width=\"683\" height=\"1024\" src=\"https:\/\/iwell-guard.com\/wp-content\/uploads\/2026\/05\/schutzsymbol_christentum_schutzglocken-683x1024.png\" class=\"attachment-large size-large wp-image-135736\" alt=\"Skyddsklockor och klockklang, historiskt-illustrativt\" srcset=\"https:\/\/iwell-guard.com\/wp-content\/uploads\/2026\/05\/schutzsymbol_christentum_schutzglocken-683x1024.png 683w, https:\/\/iwell-guard.com\/wp-content\/uploads\/2026\/05\/schutzsymbol_christentum_schutzglocken-200x300.png 200w, https:\/\/iwell-guard.com\/wp-content\/uploads\/2026\/05\/schutzsymbol_christentum_schutzglocken-768x1152.png 768w, https:\/\/iwell-guard.com\/wp-content\/uploads\/2026\/05\/schutzsymbol_christentum_schutzglocken.png 1024w\" sizes=\"(max-width: 683px) 100vw, 683px\" \/>\t\t\t\t\t\t\t\t\t\t\t\t\t\t\t<\/div>\n\t\t\t\t<\/div>\n\t\t\t\t\t<\/div>\n\t\t\t\t<\/div>\n\t\t<div class=\"elementor-element elementor-element-iwgs-schutzglocken-s0 e-flex e-con-boxed e-con e-parent\" data-id=\"iwgs-schutzglocken-s0\" data-element_type=\"container\" data-e-type=\"container\">\n\t\t\t\t\t<div class=\"e-con-inner\">\n\t\t\t\t<div class=\"elementor-element elementor-element-iwgs-schutzglocken-s0h elementor-widget elementor-widget-heading\" data-id=\"iwgs-schutzglocken-s0h\" data-element_type=\"widget\" data-e-type=\"widget\" data-widget_type=\"heading.default\">\n\t\t\t\t\t<h2 class=\"elementor-heading-title elementor-size-default\">Snabb\u00f6versikt<\/h2>\t\t\t\t<\/div>\n\t\t<div class=\"elementor-element elementor-element-iw-schutzglocken-s0-bw e-con-full e-flex e-con e-child\" data-id=\"iw-schutzglocken-s0-bw\" data-element_type=\"container\" data-e-type=\"container\">\n\t\t\t\t<div class=\"elementor-element elementor-element-iwgs-schutzglocken-s0t elementor-widget elementor-widget-text-editor\" data-id=\"iwgs-schutzglocken-s0t\" data-element_type=\"widget\" data-e-type=\"widget\" data-widget_type=\"text-editor.default\">\n\t\t\t\t\t\t\t\t\t<p>I <span class=\"iwg-fachbegriff\" data-tooltip=\"\u00d6verf\u00f6ring av kunskap och ber\u00e4ttelser mellan generationer.\" tabindex=\"0\">traditionen<\/span> anses klockljud vara ett medel f\u00f6r att skr\u00e4mma bort skadliga andar och demoner, att akustiskt markera heliga eller skyddade platser samt att <span class=\"iwg-fachbegriff\" data-tooltip=\"Som h\u00f6r till en fastst\u00e4lld religi\u00f6s handling.\" tabindex=\"0\">rituellt<\/span> s\u00e4kra \u00f6verg\u00e5ngar som natten, \u00e5rsskiften eller d\u00f6den.<\/p><p>Klockans ton beskrivs som outh\u00e4rdlig f\u00f6r det onda, eftersom den f\u00f6rkroppsligar ordning, gemenskap och helighet. Mindre bj\u00e4llror fyllde samma funktion p\u00e5 djur, barn och d\u00f6rrar. Enligt <span class=\"iwg-fachbegriff\" data-tooltip=\"\u00d6verf\u00f6ring av kunskap och ber\u00e4ttelser mellan generationer.\" tabindex=\"0\">traditionen<\/span> uppst\u00e5r skyddseffekten i klingandet, inte bara i klockans blotta existens.<\/p>\t\t\t\t\t\t\t\t<\/div>\n\t\t\t\t<\/div>\n\t\t\t\t\t<\/div>\n\t\t\t\t<\/div>\n\t\t<div class=\"elementor-element elementor-element-iwgs-schutzglocken-s1 e-flex e-con-boxed e-con e-parent\" data-id=\"iwgs-schutzglocken-s1\" data-element_type=\"container\" data-e-type=\"container\">\n\t\t\t\t\t<div class=\"e-con-inner\">\n\t\t\t\t<div class=\"elementor-element elementor-element-iwgs-schutzglocken-s1h elementor-widget elementor-widget-heading\" data-id=\"iwgs-schutzglocken-s1h\" data-element_type=\"widget\" data-e-type=\"widget\" data-widget_type=\"heading.default\">\n\t\t\t\t\t<h2 class=\"elementor-heading-title elementor-size-default\">Ursprung och tradition<\/h2>\t\t\t\t<\/div>\n\t\t<div class=\"elementor-element elementor-element-iw-schutzglocken-s1-bw e-con-full e-flex e-con e-child\" data-id=\"iw-schutzglocken-s1-bw\" data-element_type=\"container\" data-e-type=\"container\">\n\t\t\t\t<div class=\"elementor-element elementor-element-iwgs-schutzglocken-s1t elementor-widget elementor-widget-text-editor\" data-id=\"iwgs-schutzglocken-s1t\" data-element_type=\"widget\" data-e-type=\"widget\" data-widget_type=\"text-editor.default\">\n\t\t\t\t\t\t\t\t\t<p>De \u00e4ldsta bel\u00e4ggen f\u00f6r klockor med apotropeisk funktion kommer fr\u00e5n Fr\u00e4mre Orienten och \u00f6stra Medelhavsomr\u00e5det. Sm\u00e5 bronsbj\u00e4llror har hittats i gravar och p\u00e5 kl\u00e4desplagg, vars rituella betydelse antyds av inskriptioner och gravg\u00e5vor.<\/p><p>I Gamla testamentet beskrivs hur \u00f6verstepr\u00e4sten bar guldbj\u00e4llror i f\u00e5llen p\u00e5 sin dr\u00e4kt, som ringde n\u00e4r han gick in i det allra heligaste, troligen f\u00f6r att h\u00e5lla onda andar borta och signalera pr\u00e4stens n\u00e4rvaro.<\/p>\n<p>I det medeltida Europa utvecklades en omfattande klocksymbolik. Kyrkklockor d\u00f6ptes, v\u00e4lsignades, f\u00f6rs\u00e5gs med helgonnamn och med latinska inskriptioner mot blixt, storm och dj\u00e4vulen. Folktron tillskrev klockringningen f\u00f6rm\u00e5gan att driva bort \u00e5skdemoner, ledsaga sj\u00e4lar p\u00e5 v\u00e4gen till andra sidan och hindra h\u00e4xor i deras arbete.<\/p><p>Formuleringen vivos voco, mortuos plango, fulgura frango, ungef\u00e4r &#8221;jag kallar de levande, jag beklagar de d\u00f6da, jag krossar blixtarna&#8221;, \u00e5terfinns p\u00e5 ett stort antal tyska kyrkklockor och sammanfattar den trefaldiga funktionen: att skapa gemenskap, ledsaga de d\u00f6da och avv\u00e4rja det onda.<\/p>\n<p>I Japan spelar tempelklockorna, bonsh\u014d, en central roll vid reningen av orenhet och avv\u00e4rjandet av onda andar.<\/p><p>Vid \u00e5rsskiften, s\u00e4rskilt under sh\u014dgatsu, ny\u00e5rsfirandet, ringer klockorna 108 g\u00e5nger, ett tal som motsvarar de 108 m\u00e4nskliga beg\u00e4ren som klangen ska uppl\u00f6sa. Sm\u00e5 vindspel och bj\u00e4llror, furin, klingar under sommaren och ska enligt folklig f\u00f6rest\u00e4llning h\u00e5lla olycksbringande andar p\u00e5 avst\u00e5nd.<\/p>\n<p>Inom tibetansk buddhism h\u00f6r handklockan, drilbu, till grundrepertoaren av rituella f\u00f6rem\u00e5l. Den anv\u00e4nds tillsammans med vajra och betraktas som en f\u00f6rkroppsling av vishet och tomhet. Dess klang ska l\u00f6sa upp hinder, skr\u00e4mma bort demoner och rena rummet f\u00f6r meditativ praktik.<\/p>\t\t\t\t\t\t\t\t<\/div>\n\t\t\t\t<\/div>\n\t\t\t\t\t<\/div>\n\t\t\t\t<\/div>\n\t\t<div class=\"elementor-element elementor-element-iwgs-schutzglocken-s2 e-flex e-con-boxed e-con e-parent\" data-id=\"iwgs-schutzglocken-s2\" data-element_type=\"container\" data-e-type=\"container\">\n\t\t\t\t\t<div class=\"e-con-inner\">\n\t\t\t\t<div class=\"elementor-element elementor-element-iwgs-schutzglocken-s2h elementor-widget elementor-widget-heading\" data-id=\"iwgs-schutzglocken-s2h\" data-element_type=\"widget\" data-e-type=\"widget\" data-widget_type=\"heading.default\">\n\t\t\t\t\t<h2 class=\"elementor-heading-title elementor-size-default\">Verkningsprincip enligt traditionen<\/h2>\t\t\t\t<\/div>\n\t\t<div class=\"elementor-element elementor-element-iw-schutzglocken-s2-bw e-con-full e-flex e-con e-child\" data-id=\"iw-schutzglocken-s2-bw\" data-element_type=\"container\" data-e-type=\"container\">\n\t\t\t\t<div class=\"elementor-element elementor-element-iwgs-schutzglocken-s2t elementor-widget elementor-widget-text-editor\" data-id=\"iwgs-schutzglocken-s2t\" data-element_type=\"widget\" data-e-type=\"widget\" data-widget_type=\"text-editor.default\">\n\t\t\t\t\t\t\t\t\t<p><span class=\"iwg-fachbegriff\" data-tooltip=\"\u00d6verf\u00f6ring av kunskap och ber\u00e4ttelser mellan generationer.\" tabindex=\"0\">Traditionen<\/span> f\u00f6rklarar klockklangens skyddsverkan p\u00e5 olika s\u00e4tt, som dock liknar varandra i k\u00e4rnan. Klockljud betraktas som ett uttryck f\u00f6r ordning, gemenskap och helig auktoritet. Det som \u00e4r fientligt mot dessa v\u00e4rden kan inte uth\u00e4rda klangen.<\/p>\n<p>I kristet pr\u00e4glade k\u00e4llor st\u00e5r klockklangen under v\u00e4lsignelsens skydd och f\u00f6rkroppsligar Guds eller hans helgons n\u00e4rvaro. Demoner och onda andar flyr det som \u00e4r dem v\u00e4sensfr\u00e4mmande.<\/p><p>I \u00f6sterl\u00e4ndska traditioner beskrivs tonen som en vibration som l\u00f6ser upp eller bryter s\u00f6nder disharmoniska energier. I germansk och keltisk folktro ans\u00e5gs oljud generellt utg\u00f6ra ett skydd: v\u00e4sen som s\u00f6ker tystnad och m\u00f6rker st\u00f6rs av det h\u00f6ga ljudet och tvingas p\u00e5 flykt.<\/p>\n<p>En andra f\u00f6rklaring betonar ljudv\u00e5gen som en fysisk p\u00e5verkan p\u00e5 subtila niv\u00e5er: tonen tr\u00e4ffar inte bara \u00f6rat utan verkar p\u00e5 skikt av verkligheten som inte \u00e4r f\u00f6rnimbara f\u00f6r det vanliga sinnet.<\/p><p>Denna beskrivning \u00e5terfinns i shamanska traditioner v\u00e4rlden \u00f6ver, som anv\u00e4nder trumma och klangsk\u00e5l som instrument f\u00f6r att n\u00e5 andra medvetandetillst\u00e5nd och d\u00e4r tilltala eller driva bort skadliga v\u00e4sen.<\/p>\t\t\t\t\t\t\t\t<\/div>\n\t\t\t\t<\/div>\n\t\t\t\t\t<\/div>\n\t\t\t\t<\/div>\n\t\t<div class=\"elementor-element elementor-element-iwgs-schutzglocken-s3 e-flex e-con-boxed e-con e-parent\" data-id=\"iwgs-schutzglocken-s3\" data-element_type=\"container\" data-e-type=\"container\">\n\t\t\t\t\t<div class=\"e-con-inner\">\n\t\t\t\t<div class=\"elementor-element elementor-element-iwgs-schutzglocken-s3h elementor-widget elementor-widget-heading\" data-id=\"iwgs-schutzglocken-s3h\" data-element_type=\"widget\" data-e-type=\"widget\" data-widget_type=\"heading.default\">\n\t\t\t\t\t<h2 class=\"elementor-heading-title elementor-size-default\">Kultur\u00f6verskridande spridning<\/h2>\t\t\t\t<\/div>\n\t\t<div class=\"elementor-element elementor-element-iw-schutzglocken-s3-bw e-con-full e-flex e-con e-child\" data-id=\"iw-schutzglocken-s3-bw\" data-element_type=\"container\" data-e-type=\"container\">\n\t\t\t\t<div class=\"elementor-element elementor-element-iwgs-schutzglocken-s3t elementor-widget elementor-widget-text-editor\" data-id=\"iwgs-schutzglocken-s3t\" data-element_type=\"widget\" data-e-type=\"widget\" data-widget_type=\"text-editor.default\">\n\t\t\t\t\t\t\t\t\t<p>Europa: kyrkklockor, d\u00f6rrklockor vid husentr\u00e9er, boskapsklockor, klockor p\u00e5 barnvagnar och vaggor. I den alpina <span class=\"iwg-fachbegriff\" data-tooltip=\"Den samlade traditionen av seder som f\u00f6rs vidare inom en gemenskap.\" tabindex=\"0\">sedv\u00e4njan<\/span> f\u00f6rknippas sk\u00e4llardr\u00e4kter och maskerade uppt\u00e5g vid \u00e5rsskiftet med syftet att jaga bort det gamla \u00e5rets onda andar.<\/p>\n<p>Japan: klockor vid <span class=\"iwg-fachbegriff\" data-tooltip=\"En byggnad som anv\u00e4nds f\u00f6r dyrkan av en eller flera gudomligheter.\" tabindex=\"0\">tempel<\/span> och helgedomar, furin-vindspel, kagura-bj\u00e4llror vid <span class=\"iwg-fachbegriff\" data-tooltip=\"Japans inhemska religion, pr\u00e4glad av v\u00f6rdnad f\u00f6r kami.\" tabindex=\"0\">shinto<\/span>-ritualer. Miko, helgedomens pr\u00e4stinnor, anv\u00e4nder bj\u00e4llror i dansen f\u00f6r att g\u00f6ra gudarna n\u00e4rvarande och rena rummet.<\/p>\n<p>Tibet och Nepal: ritualer med drilbu, klangsk\u00e5lar och dorje. Klangsk\u00e5lar anv\u00e4nds enligt folktron ocks\u00e5 f\u00f6r att rena rum genom att l\u00e5ta klangen n\u00e5 alla h\u00f6rn av en byggnad.<\/p>\n<p>V\u00e4stafrika och afroamerikanska traditioner: bj\u00e4llror och klockor p\u00e5 rituella kl\u00e4der och masker inom Eg\u00fang\u00fan-s\u00e4llskapet markerar f\u00f6rf\u00e4dernas n\u00e4rvaro och h\u00e5ller st\u00f6rande andar p\u00e5 avst\u00e5nd.<\/p>\n<p>Indien: tempelklockor (ghanta) ringes i b\u00f6rjan och slutet av puja-ritualen. <span class=\"iwg-fachbegriff\" data-tooltip=\"Kunskap och ber\u00e4ttelser som f\u00f6rs vidare mellan generationer.\" tabindex=\"0\">Traditionen<\/span> beskriver ljudet som behagligt f\u00f6r gudarna och obehagligt f\u00f6r demonerna, eftersom det efterliknar Oms vibration.<\/p>\t\t\t\t\t\t\t\t<\/div>\n\t\t\t\t<\/div>\n\t\t\t\t\t<\/div>\n\t\t\t\t<\/div>\n\t\t<div class=\"elementor-element elementor-element-iwgs-schutzglocken-s4 e-flex e-con-boxed e-con e-parent\" data-id=\"iwgs-schutzglocken-s4\" data-element_type=\"container\" data-e-type=\"container\">\n\t\t\t\t\t<div class=\"e-con-inner\">\n\t\t\t\t<div class=\"elementor-element elementor-element-iwgs-schutzglocken-s4h elementor-widget elementor-widget-heading\" data-id=\"iwgs-schutzglocken-s4h\" data-element_type=\"widget\" data-e-type=\"widget\" data-widget_type=\"heading.default\">\n\t\t\t\t\t<h2 class=\"elementor-heading-title elementor-size-default\">Vad den anv\u00e4nds mot<\/h2>\t\t\t\t<\/div>\n\t\t<div class=\"elementor-element elementor-element-iw-schutzglocken-s4-bw e-con-full e-flex e-con e-child\" data-id=\"iw-schutzglocken-s4-bw\" data-element_type=\"container\" data-e-type=\"container\">\n\t\t\t\t<div class=\"elementor-element elementor-element-iwgs-schutzglocken-s4t elementor-widget elementor-widget-text-editor\" data-id=\"iwgs-schutzglocken-s4t\" data-element_type=\"widget\" data-e-type=\"widget\" data-widget_type=\"text-editor.default\">\n\t\t\t\t\t\t\t\t\t<p><span class=\"iwg-fachbegriff\" data-tooltip=\"Kunskap och ber\u00e4ttelser som f\u00f6rs vidare mellan generationer.\" tabindex=\"0\">Traditionen<\/span> beskriver klockklang som s\u00e4rskilt verksamt mot varelser som f\u00f6redrar tystnad, m\u00f6rker och oordning. Enligt olika traditioner r\u00e4knas bland dessa:<\/p>\n<p>Avlidnas andar som inte funnit sin plats, s\u00e5 kallade oroliga eller bundna d\u00f6da. I m\u00e5nga europeiska regioner ringde man i kyrkklockor f\u00f6r att leda sj\u00e4lar s\u00e4kert till andra sidan och hindra dem fr\u00e5n att stanna kvar bland de levande.<\/p>\n<p>Demoner och skadev\u00e5llande andar som h\u00e5ller till i hus, p\u00e5 v\u00e4gar eller p\u00e5 vissa platser. S\u00e4rskilt p\u00e5 natten, vid \u00e5rsskiften och under \u00e5skv\u00e4der ans\u00e5gs dessa v\u00e4sen vara aktiva, och klockklangen s\u00e5gs som ett medel att st\u00e4nga dem ute.<\/p>\n<p>H\u00e4xor och skadev\u00e5llande m\u00e4nniskor. I den medeltida och tidigmoderna folktron i Europa ans\u00e5gs klockringning verksam mot f\u00f6rh\u00e4xning, eftersom den br\u00f6t p\u00e5verkan fr\u00e5n den som ut\u00f6vade skadeg\u00f6relsen eller st\u00f6rde henne under utf\u00f6randet.<\/p>\n<p>Naturv\u00e4sen som verkar vid gr\u00e4nser och tr\u00f6skelplatser, till exempel alper, n\u00e4ckar och liknande gestalter som enligt folktron beskrivs som ljudk\u00e4nsliga.<\/p>\n<p>Mer exakta kopplingar mellan vilka v\u00e4sensklasser i lexikonet som f\u00f6rknippas med klockklang finns i <a href=\"https:\/\/iwell-guard.com\/sv\/skydds-kompass\/\">Skydds-Kompassen<\/a>.<\/p>\t\t\t\t\t\t\t\t<\/div>\n\t\t\t\t<\/div>\n\t\t\t\t\t<\/div>\n\t\t\t\t<\/div>\n\t\t<div class=\"elementor-element elementor-element-iwgs-schutzglocken-s5 e-flex e-con-boxed e-con e-parent\" data-id=\"iwgs-schutzglocken-s5\" data-element_type=\"container\" data-e-type=\"container\">\n\t\t\t\t\t<div class=\"e-con-inner\">\n\t\t\t\t<div class=\"elementor-element elementor-element-iwgs-schutzglocken-s5h elementor-widget elementor-widget-heading\" data-id=\"iwgs-schutzglocken-s5h\" data-element_type=\"widget\" data-e-type=\"widget\" data-widget_type=\"heading.default\">\n\t\t\t\t\t<h2 class=\"elementor-heading-title elementor-size-default\">Till\u00e4mpning och gr\u00e4nser<\/h2>\t\t\t\t<\/div>\n\t\t<div class=\"elementor-element elementor-element-iw-schutzglocken-s5-bw e-con-full e-flex e-con e-child\" data-id=\"iw-schutzglocken-s5-bw\" data-element_type=\"container\" data-e-type=\"container\">\n\t\t\t\t<div class=\"elementor-element elementor-element-iwgs-schutzglocken-s5t elementor-widget elementor-widget-text-editor\" data-id=\"iwgs-schutzglocken-s5t\" data-element_type=\"widget\" data-e-type=\"widget\" data-widget_type=\"text-editor.default\">\n\t\t\t\t\t\t\t\t\t<p>Den praktiska anv\u00e4ndningen av klockor som skyddsmedel f\u00f6ljer enligt <span class=\"iwg-fachbegriff\" data-tooltip=\"Kunskap och ber\u00e4ttelser som f\u00f6rs vidare mellan generationer.\" tabindex=\"0\">traditionen<\/span> best\u00e4mda m\u00f6nster. Klockor anv\u00e4nds i b\u00f6rjan och slutet av ritualer f\u00f6r att \u00f6ppna och st\u00e4nga rummet.<\/p><p>De placeras vid tr\u00f6skelplatser: husentr\u00e9er, ladug\u00e5rdsing\u00e5ngar, f\u00f6nster. De ringes vid best\u00e4mda tider, s\u00e4rskilt n\u00e4r m\u00f6rkret faller, vid \u00e5skv\u00e4der, vid \u00e5rsskiften och n\u00e4r en medlem av gemenskapen avlider.<\/p>\n<p>Begr\u00e4nsningen ligger i att klockklang inte skapar en varaktig barri\u00e4r. Den verkar i sj\u00e4lva \u00f6gonblicket av ringningen och under en begr\u00e4nsad tid d\u00e4refter. En klocka som inte ringts p\u00e5 flera veckor anses enligt folktron sakna aktiv skyddsverkan, \u00e4ven om dess blotta n\u00e4rvaro har en viss symbolisk betydelse.<\/p>\n<p>Inte alla hot anses vara ljudk\u00e4nsliga. V\u00e4sen som uttryckligen f\u00f6rknippas med buller och oordning l\u00e5ter sig inte skr\u00e4mmas bort med ljud. Och enligt m\u00e5nga traditioner beror verkan ocks\u00e5 p\u00e5 avsikten hos den som ringer: en mekanisk klockklang utan kunskap om syftet anses mindre verksam \u00e4n en medveten, rituell ringning.<\/p>\t\t\t\t\t\t\t\t<\/div>\n\t\t\t\t<\/div>\n\t\t\t\t\t<\/div>\n\t\t\t\t<\/div>\n\t\t<div class=\"elementor-element elementor-element-iwgs-schutzglocken-lit e-flex e-con-boxed e-con e-parent\" data-id=\"iwgs-schutzglocken-lit\" data-element_type=\"container\" data-e-type=\"container\">\n\t\t\t\t\t<div class=\"e-con-inner\">\n\t\t\t\t<div class=\"elementor-element elementor-element-iwgs-schutzglocken-lith elementor-widget elementor-widget-heading\" data-id=\"iwgs-schutzglocken-lith\" data-element_type=\"widget\" data-e-type=\"widget\" data-widget_type=\"heading.default\">\n\t\t\t\t\t<h2 class=\"elementor-heading-title elementor-size-default\">Litteratur (urval)<\/h2>\t\t\t\t<\/div>\n\t\t<div class=\"elementor-element elementor-element-iw-schutzglocken-lit-bw e-con-full e-flex e-con e-child\" data-id=\"iw-schutzglocken-lit-bw\" data-element_type=\"container\" data-e-type=\"container\">\n\t\t\t\t<div class=\"elementor-element elementor-element-iwgs-schutzglocken-litt elementor-widget elementor-widget-html\" data-id=\"iwgs-schutzglocken-litt\" data-element_type=\"widget\" data-e-type=\"widget\" data-widget_type=\"html.default\">\n\t\t\t\t\t<footer data-nosnippet=\"true\"><ul><li>Handw\u00f6rterbuch des deutschen Aberglaubens, hrsg. von Hanns B\u00e4chtold-St\u00e4ubli, Artikel \"Glocke\", Bd. 3, Berlin\/Leipzig 1930\/31.<\/li><li>Lurker, Manfred: W\u00f6rterbuch der Symbolik. Stuttgart 1988.<\/li><li>Eliade, Mircea: Shamanism: Archaic Techniques of Ecstasy. Princeton 1964.<\/li><li>Ono, Sokyo: Shinto: The Kami Way. Rutland\/Tokio 1962.<\/li><li>Rechenberg, Almut: Die Kirchenglocke. Geschichte und Symbolik. M\u00fcnchen 1994.<\/li><\/ul><\/footer>\t\t\t\t<\/div>\n\t\t\t\t<\/div>\n\t\t\t\t\t<\/div>\n\t\t\t\t<\/div>\n\t\t<div class=\"elementor-element elementor-element-iwgs-schutzglocken-kwd e-flex e-con-boxed e-con e-parent\" data-id=\"iwgs-schutzglocken-kwd\" data-element_type=\"container\" data-e-type=\"container\">\n\t\t\t\t\t<div class=\"e-con-inner\">\n\t\t<div class=\"elementor-element elementor-element-iw-schutzglocken-kwd-bw e-con-full e-flex e-con e-child\" data-id=\"iw-schutzglocken-kwd-bw\" data-element_type=\"container\" data-e-type=\"container\">\n\t\t\t\t<div class=\"elementor-element elementor-element-iwgs-schutzglocken-kwdt elementor-widget elementor-widget-text-editor\" data-id=\"iwgs-schutzglocken-kwdt\" data-element_type=\"widget\" data-e-type=\"widget\" data-widget_type=\"text-editor.default\">\n\t\t\t\t\t\t\t\t\t<p><em>Relaterade nyckelbegrepp: skyddsklockor klockklang bj\u00e4llror klang avv\u00e4rjning kyrkklocka.<\/em><\/p>\t\t\t\t\t\t\t\t<\/div>\n\t\t\t\t<\/div>\n\t\t\t\t\t<\/div>\n\t\t\t\t<\/div>\n\t\t<div class=\"elementor-element elementor-element-iwgs-schutzglocken-cc e-flex e-con-boxed e-con e-parent\" data-id=\"iwgs-schutzglocken-cc\" data-element_type=\"container\" data-e-type=\"container\" id=\"iwg-cc-schutzglocken\">\n\t\t\t\t\t<div class=\"e-con-inner\">\n\t\t<div class=\"elementor-element elementor-element-iwgs-schutzglocken-ccinner e-flex e-con-boxed e-con e-parent\" data-id=\"iwgs-schutzglocken-ccinner\" data-element_type=\"container\" data-e-type=\"container\" data-settings=\"{&quot;background_background&quot;:&quot;classic&quot;}\">\n\t\t\t\t\t<div class=\"e-con-inner\">\n\t\t\t\t<div class=\"elementor-element elementor-element-iwgs-schutzglocken-cch elementor-widget elementor-widget-heading\" data-id=\"iwgs-schutzglocken-cch\" data-element_type=\"widget\" data-e-type=\"widget\" data-widget_type=\"heading.default\">\n\t\t\t\t\t<h2 class=\"elementor-heading-title elementor-size-default\">iWell Guard och skyddstraditioner<\/h2>\t\t\t\t<\/div>\n\t\t\t\t<div class=\"elementor-element elementor-element-iwgs-schutzglocken-cct elementor-widget elementor-widget-text-editor\" data-id=\"iwgs-schutzglocken-cct\" data-element_type=\"widget\" data-e-type=\"widget\" data-widget_type=\"text-editor.default\">\n\t\t\t\t\t\t\t\t\t<p>Klockklang som skyddsprincip f\u00f6rekommer i kulturer som inte haft n\u00e5gon kunskap om varandra. Vare sig det g\u00e4ller tibetanska drilbu, japanska furin eller mellaneuropeiska kyrkklockor, \u00e4r \u00f6vertygelsen att klang f\u00f6r\u00e4ndrar n\u00e5got i rummet och st\u00f6r skadliga inverkningar en erfarenhet som uppst\u00e5tt oberoende p\u00e5 olika h\u00e5ll.<\/p><p><a href=\"https:\/\/iwell-guard.com\/sv\/skyddshanget-iwell-guard-kop\/\">iWell Guard<\/a> tar upp dessa skyddstraditioner och samlar dem i ett b\u00e4rbart f\u00f6rem\u00e5l. Den klingar inte, men den b\u00e4r med sig minnet av dessa principer, som en del av en medvetet utformad skyddspraktik.<\/p>\t\t\t\t\t\t\t\t<\/div>\n\t\t\t\t<div class=\"elementor-element elementor-element-iwgs-schutzglocken-ccb iwg-cc-button iwg-cc-cta-2026-05-13 elementor-widget elementor-widget-jet-button\" data-id=\"iwgs-schutzglocken-ccb\" data-element_type=\"widget\" data-e-type=\"widget\" data-widget_type=\"jet-button.default\">\n\t\t\t\t<div class=\"elementor-widget-container\">\n\t\t\t\t\t<div class=\"elementor-jet-button jet-elements\"><div class=\"jet-button__container\"><a class=\"jet-button__instance jet-button__instance--icon-left hover-effect-1\" href=\"\/schutzanhaenger-iwell-guard-kaufen\/?utm_source=iwell-guard.com&amp;utm_medium=info-box&amp;utm_campaign=schutzsymbole\"><div class=\"jet-button__plane jet-button__plane-normal\"><\/div><div class=\"jet-button__plane jet-button__plane-hover\"><\/div><div class=\"jet-button__state jet-button__state-normal\"><span class=\"jet-button__label\">Mer om iWell Guard<\/span><\/div><div class=\"jet-button__state jet-button__state-hover\"><span class=\"jet-button__label\">Mer om iWell Guard<\/span><\/div><\/a><\/div><\/div><style>.elementor-element.elementor-element-iwgs-schutzglocken-ccb .jet-button__instance{width:320px;height:56px;}.elementor-element.elementor-element-iwgs-schutzglocken-ccb .jet-button__state-normal .jet-button__label{text-align:center;margin:0px 0px 0px 0px;color:#1a1b20;font-family:Montserrat,sans-serif;font-size:13px;font-weight:400;letter-spacing:4px;line-height:1.714em;text-transform:uppercase;}.elementor-element.elementor-element-iwgs-schutzglocken-ccb .jet-button__state-hover .jet-button__label{text-align:center;margin:0px 0px 0px 0px;color:#FECC76;font-family:Montserrat,sans-serif;font-size:13px;font-weight:400;letter-spacing:4px;line-height:1.714em;text-transform:uppercase;}.elementor-element.elementor-element-iwgs-schutzglocken-ccb .jet-button__plane-normal{background-color:#FECC76;border-style:solid;border-color:#C99540;border-width:2px 2px 2px 2px;}.elementor-element.elementor-element-iwgs-schutzglocken-ccb .jet-button__plane-hover{background-color:rgba(0,0,0,0.55);border-style:solid;border-color:#FECC76;border-width:2px 2px 2px 2px;}<\/style>\t\t\t\t<\/div>\n\t\t\t\t<\/div>\n\t\t\t\t<div class=\"elementor-element elementor-element-iwgs-schutzglocken-ccd elementor-widget elementor-widget-text-editor\" data-id=\"iwgs-schutzglocken-ccd\" data-element_type=\"widget\" data-e-type=\"widget\" data-widget_type=\"text-editor.default\">\n\t\t\t\t\t\t\t\t\t<p style=\"text-align:center;font-size:13px;opacity:0.7;margin-top:14px\" data-nosnippet=\"true\">Personliga erfarenheter kan variera. Ingen medicinteknisk produkt. Inget l\u00f6fte om l\u00e4kning.<\/p>\t\t\t\t\t\t\t\t<\/div>\n\t\t\t\t\t<\/div>\n\t\t\t\t<\/div>\n\t\t\t\t\t<\/div>\n\t\t\t\t<\/div>\n\t\t<div class=\"elementor-element elementor-element-iwgs-schutzglocken-disc e-flex e-con-boxed e-con e-parent\" data-id=\"iwgs-schutzglocken-disc\" data-element_type=\"container\" data-e-type=\"container\">\n\t\t\t\t\t<div class=\"e-con-inner\">\n\t\t<div class=\"elementor-element elementor-element-iw-schutzglocken-disc-bw e-con-full e-flex e-con e-child\" data-id=\"iw-schutzglocken-disc-bw\" data-element_type=\"container\" data-e-type=\"container\">\n\t\t\t\t<div class=\"elementor-element elementor-element-iwgs-schutzglocken-discw elementor-widget elementor-widget-html\" data-id=\"iwgs-schutzglocken-discw\" data-element_type=\"widget\" data-e-type=\"widget\" data-widget_type=\"html.default\">\n\t\t\t\t\t<footer data-nosnippet=\"true\" class=\"iwg-disclaimer-block\"><p data-nosnippet=\"true\">iWell Guard \u00e4r <strong>ingen medicinteknisk produkt<\/strong> och ers\u00e4tter ingen l\u00e4karbehandling eller psykoterapeutisk behandling. Inneh\u00e5llet som presenteras h\u00e4r \u00e4r en religionsvetenskaplig och kulturhistorisk kontextualisering, inget l\u00f6fte om andlig verkan.<\/p><\/footer>\t\t\t\t<\/div>\n\t\t\t\t<\/div>\n\t\t\t\t\t<\/div>\n\t\t\t\t<\/div>\n\t\t\t\t<\/div>\n\t\t","protected":false},"excerpt":{"rendered":"","protected":false},"author":3,"featured_media":4121,"parent":0,"menu_order":0,"comment_status":"closed","ping_status":"closed","template":"elementor_header_footer","meta":{"_yoast_wpseo_focuskw":"skyddsklockor","_yoast_wpseo_title":"Skyddsklockor och klockljud","_yoast_wpseo_metadesc":"Vad traditionen tillskriver klockor och bj\u00e4llror som skyddsmedel: ursprung, verkningsprincip och spridning \u00f6ver kulturer.","_yoast_wpseo_meta-robots-noindex":"","_yoast_wpseo_canonical":"","_angie_page":false,"gefaehrdungsstufe":"","wesen_kultur":"","wesen_klasse":"","footnotes":""},"categories":[],"class_list":["post-137182","page","type-page","status-publish","has-post-thumbnail","hentry"],"yoast_head":"<!-- This site is optimized with the Yoast SEO Premium plugin v27.7 (Yoast SEO v28.3) - https:\/\/yoast.com\/product\/yoast-seo-premium-wordpress\/ -->\n<title>Skyddsklockor och klockljud<\/title>\n<meta name=\"description\" content=\"Vad traditionen tillskriver klockor och bj\u00e4llror som skyddsmedel: ursprung, verkningsprincip och spridning \u00f6ver kulturer.\" \/>\n<meta name=\"robots\" content=\"index, follow, max-snippet:-1, max-image-preview:large, max-video-preview:-1\" \/>\n<link rel=\"canonical\" href=\"https:\/\/iwell-guard.com\/sv\/skyddsklockor-och-klockljud\/\" \/>\n<meta property=\"og:locale\" content=\"sv_SE\" \/>\n<meta property=\"og:type\" content=\"article\" \/>\n<meta property=\"og:title\" content=\"Skyddsklockor och klockljud\" \/>\n<meta property=\"og:description\" content=\"Vad traditionen tillskriver klockor och bj\u00e4llror som skyddsmedel: ursprung, verkningsprincip och spridning \u00f6ver kulturer.\" \/>\n<meta property=\"og:url\" content=\"https:\/\/iwell-guard.com\/sv\/skyddsklockor-och-klockljud\/\" \/>\n<meta property=\"og:site_name\" content=\"iWell Guard\" \/>\n<meta property=\"article:modified_time\" content=\"2026-09-03T01:22:36+00:00\" \/>\n<meta property=\"og:image\" content=\"https:\/\/iwell-guard.com\/wp-content\/uploads\/2026\/05\/schutzsymbol_christentum_schutzglocken.png\" \/>\n\t<meta property=\"og:image:width\" content=\"1024\" \/>\n\t<meta property=\"og:image:height\" content=\"1536\" \/>\n\t<meta property=\"og:image:type\" content=\"image\/png\" \/>\n<meta name=\"twitter:card\" content=\"summary_large_image\" \/>\n<script type=\"application\/ld+json\" class=\"yoast-schema-graph\">{\"@context\":\"https:\\\/\\\/schema.org\",\"@graph\":[{\"@type\":\"WebPage\",\"@id\":\"https:\\\/\\\/iwell-guard.com\\\/sv\\\/skyddsklockor-och-klockljud\\\/\",\"url\":\"https:\\\/\\\/iwell-guard.com\\\/sv\\\/skyddsklockor-och-klockljud\\\/\",\"name\":\"Skyddsklockor och klockljud\",\"isPartOf\":{\"@id\":\"https:\\\/\\\/iwell-guard.com\\\/sv\\\/#website\"},\"primaryImageOfPage\":{\"@id\":\"https:\\\/\\\/iwell-guard.com\\\/sv\\\/skyddsklockor-och-klockljud\\\/#primaryimage\"},\"image\":{\"@id\":\"https:\\\/\\\/iwell-guard.com\\\/sv\\\/skyddsklockor-och-klockljud\\\/#primaryimage\"},\"thumbnailUrl\":\"https:\\\/\\\/iwell-guard.com\\\/wp-content\\\/uploads\\\/2026\\\/05\\\/schutzsymbol_christentum_schutzglocken.png\",\"datePublished\":\"2026-09-03T00:13:32+00:00\",\"dateModified\":\"2026-09-03T01:22:36+00:00\",\"description\":\"Vad traditionen tillskriver klockor och bj\u00e4llror som skyddsmedel: ursprung, verkningsprincip och spridning \u00f6ver kulturer.\",\"breadcrumb\":{\"@id\":\"https:\\\/\\\/iwell-guard.com\\\/sv\\\/skyddsklockor-och-klockljud\\\/#breadcrumb\"},\"inLanguage\":\"sv-SE\",\"potentialAction\":[{\"@type\":\"ReadAction\",\"target\":[\"https:\\\/\\\/iwell-guard.com\\\/sv\\\/skyddsklockor-och-klockljud\\\/\"]}]},{\"@type\":\"ImageObject\",\"inLanguage\":\"sv-SE\",\"@id\":\"https:\\\/\\\/iwell-guard.com\\\/sv\\\/skyddsklockor-och-klockljud\\\/#primaryimage\",\"url\":\"https:\\\/\\\/iwell-guard.com\\\/wp-content\\\/uploads\\\/2026\\\/05\\\/schutzsymbol_christentum_schutzglocken.png\",\"contentUrl\":\"https:\\\/\\\/iwell-guard.com\\\/wp-content\\\/uploads\\\/2026\\\/05\\\/schutzsymbol_christentum_schutzglocken.png\",\"width\":1024,\"height\":1536,\"caption\":\"Skyddsklockor och klockklang, historiskt-illustrativt\"},{\"@type\":\"BreadcrumbList\",\"@id\":\"https:\\\/\\\/iwell-guard.com\\\/sv\\\/skyddsklockor-och-klockljud\\\/#breadcrumb\",\"itemListElement\":[{\"@type\":\"ListItem\",\"position\":1,\"name\":\"Start\",\"item\":\"https:\\\/\\\/iwell-guard.com\\\/sv\\\/?page_id=136483\"},{\"@type\":\"ListItem\",\"position\":2,\"name\":\"Skyddsklockor och klockljud\"}]},{\"@type\":\"WebSite\",\"@id\":\"https:\\\/\\\/iwell-guard.com\\\/sv\\\/#website\",\"url\":\"https:\\\/\\\/iwell-guard.com\\\/sv\\\/\",\"name\":\"iWell Guard\",\"description\":\"Schutz vor dunklen Einfl\u00fcssen\",\"publisher\":{\"@id\":\"https:\\\/\\\/iwell-guard.com\\\/sv\\\/#organization\"},\"potentialAction\":[{\"@type\":\"SearchAction\",\"target\":{\"@type\":\"EntryPoint\",\"urlTemplate\":\"https:\\\/\\\/iwell-guard.com\\\/sv\\\/?s={search_term_string}\"},\"query-input\":{\"@type\":\"PropertyValueSpecification\",\"valueRequired\":true,\"valueName\":\"search_term_string\"}}],\"inLanguage\":\"sv-SE\"},{\"@type\":\"Organization\",\"@id\":\"https:\\\/\\\/iwell-guard.com\\\/sv\\\/#organization\",\"name\":\"Ittermann electronic GmbH\",\"url\":\"https:\\\/\\\/iwell-guard.com\\\/sv\\\/\",\"logo\":{\"@type\":\"ImageObject\",\"inLanguage\":\"sv-SE\",\"@id\":\"https:\\\/\\\/iwell-guard.com\\\/sv\\\/#\\\/schema\\\/logo\\\/image\\\/\",\"url\":\"https:\\\/\\\/iwell-guard.com\\\/wp-content\\\/uploads\\\/2026\\\/05\\\/Ittermann-Logo-1182x237-1.png\",\"contentUrl\":\"https:\\\/\\\/iwell-guard.com\\\/wp-content\\\/uploads\\\/2026\\\/05\\\/Ittermann-Logo-1182x237-1.png\",\"width\":1182,\"height\":237,\"caption\":\"Ittermann electronic GmbH\"},\"image\":{\"@id\":\"https:\\\/\\\/iwell-guard.com\\\/sv\\\/#\\\/schema\\\/logo\\\/image\\\/\"},\"sameAs\":[\"https:\\\/\\\/pantip.com\\\/profile\\\/9367242\",\"https:\\\/\\\/micro.blog\\\/iwellguard\",\"https:\\\/\\\/www.diggerslist.com\\\/iwellguard\\\/about\",\"https:\\\/\\\/skitterphoto.com\\\/photographers\\\/2870314\\\/iwell-guard\",\"https:\\\/\\\/iwellguard.wordpress.com\\\/2026\\\/06\\\/06\\\/iwell-guard\\\/\",\"https:\\\/\\\/hub.docker.com\\\/u\\\/iwellguard\",\"https:\\\/\\\/www.pinterest.com\\\/iwellguard\\\/\",\"https:\\\/\\\/bit.ly\\\/m\\\/iwellguard\",\"https:\\\/\\\/entre-vos-mains.alsace.eu\\\/profiles\\\/iwellguard\\\/activity\",\"https:\\\/\\\/gravatar.com\\\/reallybeded8fd34\",\"https:\\\/\\\/naijamatta.com\\\/iwellguard\",\"https:\\\/\\\/www.goodreads.com\\\/iwellguard\",\"https:\\\/\\\/profile.hatena.ne.jp\\\/iwellguard\\\/\",\"https:\\\/\\\/experiment.com\\\/users\\\/iwellguard\",\"https:\\\/\\\/wakelet.com\\\/@iWellGuard82270\",\"https:\\\/\\\/www.chordie.com\\\/forum\\\/profile.php?id=2555664\",\"https:\\\/\\\/www.instapaper.com\\\/p\\\/17757966\",\"https:\\\/\\\/www.mapleprimes.com\\\/users\\\/iwellguard\",\"https:\\\/\\\/businesslistingplus.com\\\/profile\\\/iwell-guard\\\/\",\"https:\\\/\\\/telegra.ph\\\/iWell-Guard-06-06\",\"https:\\\/\\\/pbase.com\\\/iwellguard\\\/iwellguard\",\"https:\\\/\\\/b.hatena.ne.jp\\\/iwellguard\\\/20260607#bookmark-4788405196491818882\",\"https:\\\/\\\/fliphtml5.com\\\/home\\\/iwellguard\",\"https:\\\/\\\/anyflip.com\\\/homepage\\\/cmiwl#About\",\"https:\\\/\\\/transfur.com\\\/Users\\\/iwellguard\",\"http:\\\/\\\/delphi.larsbo.org\\\/user\\\/iwellguard\",\"https:\\\/\\\/jobs.lajobsportal.org\\\/profiles\\\/8380803-iwell-guard\",\"https:\\\/\\\/md.chaosdorf.de\\\/s\\\/jfbe5SBdJD\",\"https:\\\/\\\/www.lingvolive.com\\\/en-us\\\/profile\\\/9ecaeaca-ce11-4e51-9e71-01d55e2bff36\\\/translations\",\"https:\\\/\\\/www.fitday.com\\\/fitness\\\/forums\\\/members\\\/iwellguard.html\",\"https:\\\/\\\/www.mymeetbook.com\\\/iwellguard\",\"https:\\\/\\\/pxhere.com\\\/en\\\/photographer-me\\\/5040798\",\"https:\\\/\\\/disqus.com\\\/by\\\/iwellguard\\\/about\\\/\",\"https:\\\/\\\/pastelink.net\\\/hjwciqwq\",\"https:\\\/\\\/pubhtml5.com\\\/homepage\\\/scjhn\\\/\",\"https:\\\/\\\/www.bitchute.com\\\/channel\\\/2O2eOKzNqujT\",\"https:\\\/\\\/audiomack.com\\\/iwellguard\"]}]}<\/script>\n<!-- \/ Yoast SEO Premium plugin. -->","yoast_head_json":{"title":"Skyddsklockor och klockljud","description":"Vad traditionen tillskriver klockor och bj\u00e4llror som skyddsmedel: ursprung, verkningsprincip och spridning \u00f6ver kulturer.","robots":{"index":"index","follow":"follow","max-snippet":"max-snippet:-1","max-image-preview":"max-image-preview:large","max-video-preview":"max-video-preview:-1"},"canonical":"https:\/\/iwell-guard.com\/sv\/skyddsklockor-och-klockljud\/","og_locale":"sv_SE","og_type":"article","og_title":"Skyddsklockor och klockljud","og_description":"Vad traditionen tillskriver klockor och bj\u00e4llror som skyddsmedel: ursprung, verkningsprincip och spridning \u00f6ver kulturer.","og_url":"https:\/\/iwell-guard.com\/sv\/skyddsklockor-och-klockljud\/","og_site_name":"iWell Guard","article_modified_time":"2026-09-03T01:22:36+00:00","og_image":[{"width":1024,"height":1536,"url":"https:\/\/iwell-guard.com\/wp-content\/uploads\/2026\/05\/schutzsymbol_christentum_schutzglocken.png","type":"image\/png"}],"twitter_card":"summary_large_image","schema":{"@context":"https:\/\/schema.org","@graph":[{"@type":"WebPage","@id":"https:\/\/iwell-guard.com\/sv\/skyddsklockor-och-klockljud\/","url":"https:\/\/iwell-guard.com\/sv\/skyddsklockor-och-klockljud\/","name":"Skyddsklockor och klockljud","isPartOf":{"@id":"https:\/\/iwell-guard.com\/sv\/#website"},"primaryImageOfPage":{"@id":"https:\/\/iwell-guard.com\/sv\/skyddsklockor-och-klockljud\/#primaryimage"},"image":{"@id":"https:\/\/iwell-guard.com\/sv\/skyddsklockor-och-klockljud\/#primaryimage"},"thumbnailUrl":"https:\/\/iwell-guard.com\/wp-content\/uploads\/2026\/05\/schutzsymbol_christentum_schutzglocken.png","datePublished":"2026-09-03T00:13:32+00:00","dateModified":"2026-09-03T01:22:36+00:00","description":"Vad traditionen tillskriver klockor och bj\u00e4llror som skyddsmedel: ursprung, verkningsprincip och spridning \u00f6ver kulturer.","breadcrumb":{"@id":"https:\/\/iwell-guard.com\/sv\/skyddsklockor-och-klockljud\/#breadcrumb"},"inLanguage":"sv-SE","potentialAction":[{"@type":"ReadAction","target":["https:\/\/iwell-guard.com\/sv\/skyddsklockor-och-klockljud\/"]}]},{"@type":"ImageObject","inLanguage":"sv-SE","@id":"https:\/\/iwell-guard.com\/sv\/skyddsklockor-och-klockljud\/#primaryimage","url":"https:\/\/iwell-guard.com\/wp-content\/uploads\/2026\/05\/schutzsymbol_christentum_schutzglocken.png","contentUrl":"https:\/\/iwell-guard.com\/wp-content\/uploads\/2026\/05\/schutzsymbol_christentum_schutzglocken.png","width":1024,"height":1536,"caption":"Skyddsklockor och klockklang, historiskt-illustrativt"},{"@type":"BreadcrumbList","@id":"https:\/\/iwell-guard.com\/sv\/skyddsklockor-och-klockljud\/#breadcrumb","itemListElement":[{"@type":"ListItem","position":1,"name":"Start","item":"https:\/\/iwell-guard.com\/sv\/?page_id=136483"},{"@type":"ListItem","position":2,"name":"Skyddsklockor och klockljud"}]},{"@type":"WebSite","@id":"https:\/\/iwell-guard.com\/sv\/#website","url":"https:\/\/iwell-guard.com\/sv\/","name":"iWell Guard","description":"Schutz vor dunklen Einfl\u00fcssen","publisher":{"@id":"https:\/\/iwell-guard.com\/sv\/#organization"},"potentialAction":[{"@type":"SearchAction","target":{"@type":"EntryPoint","urlTemplate":"https:\/\/iwell-guard.com\/sv\/?s={search_term_string}"},"query-input":{"@type":"PropertyValueSpecification","valueRequired":true,"valueName":"search_term_string"}}],"inLanguage":"sv-SE"},{"@type":"Organization","@id":"https:\/\/iwell-guard.com\/sv\/#organization","name":"Ittermann electronic GmbH","url":"https:\/\/iwell-guard.com\/sv\/","logo":{"@type":"ImageObject","inLanguage":"sv-SE","@id":"https:\/\/iwell-guard.com\/sv\/#\/schema\/logo\/image\/","url":"https:\/\/iwell-guard.com\/wp-content\/uploads\/2026\/05\/Ittermann-Logo-1182x237-1.png","contentUrl":"https:\/\/iwell-guard.com\/wp-content\/uploads\/2026\/05\/Ittermann-Logo-1182x237-1.png","width":1182,"height":237,"caption":"Ittermann electronic GmbH"},"image":{"@id":"https:\/\/iwell-guard.com\/sv\/#\/schema\/logo\/image\/"},"sameAs":["https:\/\/pantip.com\/profile\/9367242","https:\/\/micro.blog\/iwellguard","https:\/\/www.diggerslist.com\/iwellguard\/about","https:\/\/skitterphoto.com\/photographers\/2870314\/iwell-guard","https:\/\/iwellguard.wordpress.com\/2026\/06\/06\/iwell-guard\/","https:\/\/hub.docker.com\/u\/iwellguard","https:\/\/www.pinterest.com\/iwellguard\/","https:\/\/bit.ly\/m\/iwellguard","https:\/\/entre-vos-mains.alsace.eu\/profiles\/iwellguard\/activity","https:\/\/gravatar.com\/reallybeded8fd34","https:\/\/naijamatta.com\/iwellguard","https:\/\/www.goodreads.com\/iwellguard","https:\/\/profile.hatena.ne.jp\/iwellguard\/","https:\/\/experiment.com\/users\/iwellguard","https:\/\/wakelet.com\/@iWellGuard82270","https:\/\/www.chordie.com\/forum\/profile.php?id=2555664","https:\/\/www.instapaper.com\/p\/17757966","https:\/\/www.mapleprimes.com\/users\/iwellguard","https:\/\/businesslistingplus.com\/profile\/iwell-guard\/","https:\/\/telegra.ph\/iWell-Guard-06-06","https:\/\/pbase.com\/iwellguard\/iwellguard","https:\/\/b.hatena.ne.jp\/iwellguard\/20260607#bookmark-4788405196491818882","https:\/\/fliphtml5.com\/home\/iwellguard","https:\/\/anyflip.com\/homepage\/cmiwl#About","https:\/\/transfur.com\/Users\/iwellguard","http:\/\/delphi.larsbo.org\/user\/iwellguard","https:\/\/jobs.lajobsportal.org\/profiles\/8380803-iwell-guard","https:\/\/md.chaosdorf.de\/s\/jfbe5SBdJD","https:\/\/www.lingvolive.com\/en-us\/profile\/9ecaeaca-ce11-4e51-9e71-01d55e2bff36\/translations","https:\/\/www.fitday.com\/fitness\/forums\/members\/iwellguard.html","https:\/\/www.mymeetbook.com\/iwellguard","https:\/\/pxhere.com\/en\/photographer-me\/5040798","https:\/\/disqus.com\/by\/iwellguard\/about\/","https:\/\/pastelink.net\/hjwciqwq","https:\/\/pubhtml5.com\/homepage\/scjhn\/","https:\/\/www.bitchute.com\/channel\/2O2eOKzNqujT","https:\/\/audiomack.com\/iwellguard"]}]}},"_links":{"self":[{"href":"https:\/\/iwell-guard.com\/sv\/wp-json\/wp\/v2\/pages\/137182","targetHints":{"allow":["GET"]}}],"collection":[{"href":"https:\/\/iwell-guard.com\/sv\/wp-json\/wp\/v2\/pages"}],"about":[{"href":"https:\/\/iwell-guard.com\/sv\/wp-json\/wp\/v2\/types\/page"}],"author":[{"embeddable":true,"href":"https:\/\/iwell-guard.com\/sv\/wp-json\/wp\/v2\/users\/3"}],"replies":[{"embeddable":true,"href":"https:\/\/iwell-guard.com\/sv\/wp-json\/wp\/v2\/comments?post=137182"}],"version-history":[{"count":0,"href":"https:\/\/iwell-guard.com\/sv\/wp-json\/wp\/v2\/pages\/137182\/revisions"}],"wp:featuredmedia":[{"embeddable":true,"href":"https:\/\/iwell-guard.com\/sv\/wp-json\/wp\/v2\/media\/4121"}],"wp:attachment":[{"href":"https:\/\/iwell-guard.com\/sv\/wp-json\/wp\/v2\/media?parent=137182"}],"wp:term":[{"taxonomy":"category","embeddable":true,"href":"https:\/\/iwell-guard.com\/sv\/wp-json\/wp\/v2\/categories?post=137182"}],"curies":[{"name":"wp","href":"https:\/\/api.w.org\/{rel}","templated":true}]}}