{"id":137172,"date":"2026-09-03T00:13:25","date_gmt":"2026-09-03T00:13:25","guid":{"rendered":"https:\/\/iwell-guard.com\/?page_id=137172"},"modified":"2026-09-03T01:22:22","modified_gmt":"2026-09-03T01:22:22","slug":"vitlok-som-skydd","status":"publish","type":"page","link":"https:\/\/iwell-guard.com\/sv\/vitlok-som-skydd\/","title":{"rendered":"Vitl\u00f6k som skydd"},"content":{"rendered":"\t\t<div data-elementor-type=\"wp-page\" data-elementor-id=\"137172\" class=\"elementor elementor-137172 elementor-3778 elementor-bc-flex-widget\" data-elementor-post-type=\"page\">\n\t\t\t\t<div class=\"elementor-element elementor-element-iwgs-knoblauch-hero e-flex e-con-boxed e-con e-parent\" data-id=\"iwgs-knoblauch-hero\" data-element_type=\"container\" data-e-type=\"container\">\n\t\t\t\t\t<div class=\"e-con-inner\">\n\t\t<div class=\"elementor-element elementor-element-iw-knoblauch-hero-left e-con-full e-flex e-con e-child\" data-id=\"iw-knoblauch-hero-left\" data-element_type=\"container\" data-e-type=\"container\">\n\t\t\t\t<div class=\"elementor-element elementor-element-iwgs-knoblauch-h1 elementor-widget elementor-widget-heading\" data-id=\"iwgs-knoblauch-h1\" data-element_type=\"widget\" data-e-type=\"widget\" data-widget_type=\"heading.default\">\n\t\t\t\t\t<h1 class=\"elementor-heading-title elementor-size-default\">Vitl\u00f6k som skydd<\/h1>\t\t\t\t<\/div>\n\t\t<div class=\"elementor-element elementor-element-iw-knoblauch-hero-bw e-con-full e-flex e-con e-child\" data-id=\"iw-knoblauch-hero-bw\" data-element_type=\"container\" data-e-type=\"container\">\n\t\t\t\t<div class=\"elementor-element elementor-element-iwgs-knoblauch-pills elementor-widget elementor-widget-html\" data-id=\"iwgs-knoblauch-pills\" data-element_type=\"widget\" data-e-type=\"widget\" data-widget_type=\"html.default\">\n\t\t\t\t\t<div class=\"iwg-pill-row\"><span class=\"iwg-klasse-badge\" tabindex=\"0\" data-tooltip=\"Typ av skyddsmedel.\">Skydds\u00e4mne<\/span><a href=\"https:\/\/iwell-guard.com\/sv\/skyddsamnen-och-skyddsvaxter\/\" class=\"iwg-kultur-badge\" tabindex=\"0\" data-tooltip=\"Till \u00f6versikten.\">Skydds\u00e4mnen och v\u00e4xter<\/a><\/div>\t\t\t\t<\/div>\n\t\t\t\t<div class=\"elementor-element elementor-element-iwgs-knoblauch-lead elementor-widget elementor-widget-text-editor\" data-id=\"iwgs-knoblauch-lead\" data-element_type=\"widget\" data-e-type=\"widget\" data-widget_type=\"text-editor.default\">\n\t\t\t\t\t\t\t\t\t<p>Vitl\u00f6k \u00e4r ett av de mest k\u00e4nda skyddsmedlen inom folktron, och dess rykte str\u00e4cker sig l\u00e5ngt bortom det som vampyrlegenderna gett upphov till.<\/p><p>Kn\u00f6len med sin karakteristiska doft har i m\u00e5nga kulturer betraktats som en skyddsv\u00e4xt: mot blodsugande varelser, mot det onda \u00f6gat, mot demoner och mot allm\u00e4n skadlig p\u00e5verkan fr\u00e5n andev\u00e4rlden. Denna skyddsfunktion \u00e4r belagd fr\u00e5n Europa \u00f6ver Mellan\u00f6stern till \u00d6stasien.<\/p>\n<p>Som en del av <a href=\"https:\/\/iwell-guard.com\/sv\/skyddsamnen-och-skyddsvaxter\/\">skydds\u00e4mnen och skyddsv\u00e4xter<\/a> h\u00f6r vitl\u00f6k till gruppen av v\u00e4xtbaserade skyddsmedel, vars verkan <span class=\"iwg-fachbegriff\" data-tooltip=\"\u00d6verf\u00f6ring av kunskap och ber\u00e4ttelser genom generationer.\" tabindex=\"0\">traditionen<\/span> huvudsakligen tillskriver doften, sk\u00e4rpan och en inneboende avv\u00e4rjande kraft hos v\u00e4xten. Den folkloristiska skyddsfunktionen m\u00e5ste h\u00e5llas strikt \u00e5tskild fr\u00e5n medicinska verkningsp\u00e5st\u00e5enden: vad <span class=\"iwg-fachbegriff\" data-tooltip=\"\u00d6verf\u00f6ring av kunskap och ber\u00e4ttelser genom generationer.\" tabindex=\"0\">traditionen<\/span> beskriver \u00e4r <span class=\"iwg-fachbegriff\" data-tooltip=\"Religi\u00f6sa f\u00f6rest\u00e4llningar och sedv\u00e4njor som \u00e4r spridda i vardagen.\" tabindex=\"0\">folktron<\/span>, ingen p\u00e5visad l\u00e4kande verkan.<\/p>\t\t\t\t\t\t\t\t<\/div>\n\t\t\t\t<\/div>\n\t\t\t\t<\/div>\n\t\t<div class=\"elementor-element elementor-element-iw-knoblauch-hero-img e-con-full e-flex e-con e-child\" data-id=\"iw-knoblauch-hero-img\" data-element_type=\"container\" data-e-type=\"container\">\n\t\t\t\t<div class=\"elementor-element elementor-element-iwgs-knoblauch-himg iwg-hero-image elementor-widget elementor-widget-image\" data-id=\"iwgs-knoblauch-himg\" data-element_type=\"widget\" data-e-type=\"widget\" data-widget_type=\"image.default\">\n\t\t\t\t\t\t\t\t\t\t\t\t\t\t\t<img fetchpriority=\"high\" decoding=\"async\" width=\"683\" height=\"1024\" src=\"https:\/\/iwell-guard.com\/wp-content\/uploads\/2026\/05\/schutzsymbol_mediterran_knoblauch-683x1024.png\" class=\"attachment-large size-large wp-image-135742\" alt=\"Vitl\u00f6k som skydd, historiskt-illustrativt\" srcset=\"https:\/\/iwell-guard.com\/wp-content\/uploads\/2026\/05\/schutzsymbol_mediterran_knoblauch-683x1024.png 683w, https:\/\/iwell-guard.com\/wp-content\/uploads\/2026\/05\/schutzsymbol_mediterran_knoblauch-200x300.png 200w, https:\/\/iwell-guard.com\/wp-content\/uploads\/2026\/05\/schutzsymbol_mediterran_knoblauch-768x1152.png 768w, https:\/\/iwell-guard.com\/wp-content\/uploads\/2026\/05\/schutzsymbol_mediterran_knoblauch.png 1024w\" sizes=\"(max-width: 683px) 100vw, 683px\" \/>\t\t\t\t\t\t\t\t\t\t\t\t\t\t\t<\/div>\n\t\t\t\t<\/div>\n\t\t\t\t\t<\/div>\n\t\t\t\t<\/div>\n\t\t<div class=\"elementor-element elementor-element-iwgs-knoblauch-s0 e-flex e-con-boxed e-con e-parent\" data-id=\"iwgs-knoblauch-s0\" data-element_type=\"container\" data-e-type=\"container\">\n\t\t\t\t\t<div class=\"e-con-inner\">\n\t\t\t\t<div class=\"elementor-element elementor-element-iwgs-knoblauch-s0h elementor-widget elementor-widget-heading\" data-id=\"iwgs-knoblauch-s0h\" data-element_type=\"widget\" data-e-type=\"widget\" data-widget_type=\"heading.default\">\n\t\t\t\t\t<h2 class=\"elementor-heading-title elementor-size-default\">Snabb\u00f6versikt<\/h2>\t\t\t\t<\/div>\n\t\t<div class=\"elementor-element elementor-element-iw-knoblauch-s0-bw e-con-full e-flex e-con e-child\" data-id=\"iw-knoblauch-s0-bw\" data-element_type=\"container\" data-e-type=\"container\">\n\t\t\t\t<div class=\"elementor-element elementor-element-iwgs-knoblauch-s0t elementor-widget elementor-widget-text-editor\" data-id=\"iwgs-knoblauch-s0t\" data-element_type=\"widget\" data-e-type=\"widget\" data-widget_type=\"text-editor.default\">\n\t\t\t\t\t\t\t\t\t<p>I <span class=\"iwg-fachbegriff\" data-tooltip=\"\u00d6verf\u00f6ring av kunskap och ber\u00e4ttelser genom generationer.\" tabindex=\"0\">traditionen<\/span> anses vitl\u00f6k vara ett av de viktigaste skyddsmedlen mot vampyrer och vampyrlika varelser i \u00d6steuropa och Medelhavsomr\u00e5det. Dessutom anv\u00e4nds den i m\u00e5nga kulturer mot det onda \u00f6gat, mot demoner och mot sjukdomsandar.<\/p><p>Typiska till\u00e4mpningar \u00e4r torkade vitl\u00f6ksfl\u00e4tor \u00f6ver d\u00f6rrar och f\u00f6nster, vitl\u00f6ksklyftor vid s\u00e4ngar och barns\u00e4ngar samt att gnida in d\u00f6rrtr\u00f6sklar och v\u00e4gg\u00f6ppningar. Skyddsverkan tillskrivs v\u00e4xtens speciella sk\u00e4rpa och genomtr\u00e4ngande doft.<\/p>\t\t\t\t\t\t\t\t<\/div>\n\t\t\t\t<\/div>\n\t\t\t\t\t<\/div>\n\t\t\t\t<\/div>\n\t\t<div class=\"elementor-element elementor-element-iwgs-knoblauch-s1 e-flex e-con-boxed e-con e-parent\" data-id=\"iwgs-knoblauch-s1\" data-element_type=\"container\" data-e-type=\"container\">\n\t\t\t\t\t<div class=\"e-con-inner\">\n\t\t\t\t<div class=\"elementor-element elementor-element-iwgs-knoblauch-s1h elementor-widget elementor-widget-heading\" data-id=\"iwgs-knoblauch-s1h\" data-element_type=\"widget\" data-e-type=\"widget\" data-widget_type=\"heading.default\">\n\t\t\t\t\t<h2 class=\"elementor-heading-title elementor-size-default\">Ursprung och tradition<\/h2>\t\t\t\t<\/div>\n\t\t<div class=\"elementor-element elementor-element-iw-knoblauch-s1-bw e-con-full e-flex e-con e-child\" data-id=\"iw-knoblauch-s1-bw\" data-element_type=\"container\" data-e-type=\"container\">\n\t\t\t\t<div class=\"elementor-element elementor-element-iwgs-knoblauch-s1t elementor-widget elementor-widget-text-editor\" data-id=\"iwgs-knoblauch-s1t\" data-element_type=\"widget\" data-e-type=\"widget\" data-widget_type=\"text-editor.default\">\n\t\t\t\t\t\t\t\t\t<p>Den skyddsmagiska anv\u00e4ndningen av vitl\u00f6k \u00e4r belagd i skriftliga k\u00e4llor sedan <span class=\"iwg-fachbegriff\" data-tooltip=\"Epoken f\u00f6r den grekiska och romerska kulturen, cirka 800 f.Kr. till 600 e.Kr.\" tabindex=\"0\">antiken<\/span>. Egyptiska papyrusrullar och antika grekiska k\u00e4llor h\u00e4nvisar till vitl\u00f6kens avv\u00e4rjande kraft mot andev\u00e4sen. I den grekiska folktron lade man vitl\u00f6k vid v\u00e4gkorsningar, som ans\u00e5gs vara vistelseplatser f\u00f6r Hekate och hennes andef\u00f6ljd, f\u00f6r att h\u00e5lla dem borta.<\/p>\n<p>I Europa \u00e4r kopplingen mellan vitl\u00f6k och vampyrskydd dokumenterad sedan medeltiden, \u00e4ven om den i sin utbredda form starkt pr\u00e4glas av balkantraditionen fr\u00e5n 1600- till 1800-talet.<\/p><p><span data-nosnippet>\u00d6sterrikiska och serbiska rapporter fr\u00e5n denna tid, dokumenterade i vampyrologiska k\u00e4llor som fallet Arnaud Paole (1726), beskriver vitl\u00f6k som ett av standardmedlen vid vampyrmisstanke: i munnen p\u00e5 den misst\u00e4nkte, \u00f6ver tr\u00f6sklarna till det ber\u00f6rda huset, i graven.<\/span><\/p>\n<p>Samtidigt finns en tradition av vitl\u00f6k som skydd mot det onda \u00f6gat, oberoende av vampyrtraditionen.<\/p><p>Denna tradition \u00e4r s\u00e4rskilt stark i Medelhavsomr\u00e5det: i Grekland, Syditalien, Turkiet och Mellan\u00f6stern anses det skydda mot Nazar, det onda \u00f6gat, att b\u00e4ra en bit vitl\u00f6k eller h\u00e4nga upp vitl\u00f6ksfl\u00e4tor. Tillsammans med <a href=\"https:\/\/iwell-guard.com\/sv\/salt-som-skydd\/\">salt<\/a> och bl\u00e5 \u00f6gonamuletter bildar vitl\u00f6k i denna region ett klassiskt skyddsmedelsset.<\/p>\t\t\t\t\t\t\t\t<\/div>\n\t\t\t\t<\/div>\n\t\t\t\t\t<\/div>\n\t\t\t\t<\/div>\n\t\t<div class=\"elementor-element elementor-element-iwgs-knoblauch-s2 e-flex e-con-boxed e-con e-parent\" data-id=\"iwgs-knoblauch-s2\" data-element_type=\"container\" data-e-type=\"container\">\n\t\t\t\t\t<div class=\"e-con-inner\">\n\t\t\t\t<div class=\"elementor-element elementor-element-iwgs-knoblauch-s2h elementor-widget elementor-widget-heading\" data-id=\"iwgs-knoblauch-s2h\" data-element_type=\"widget\" data-e-type=\"widget\" data-widget_type=\"heading.default\">\n\t\t\t\t\t<h2 class=\"elementor-heading-title elementor-size-default\">Verkningsprincip enligt traditionen<\/h2>\t\t\t\t<\/div>\n\t\t<div class=\"elementor-element elementor-element-iw-knoblauch-s2-bw e-con-full e-flex e-con e-child\" data-id=\"iw-knoblauch-s2-bw\" data-element_type=\"container\" data-e-type=\"container\">\n\t\t\t\t<div class=\"elementor-element elementor-element-iwgs-knoblauch-s2t elementor-widget elementor-widget-text-editor\" data-id=\"iwgs-knoblauch-s2t\" data-element_type=\"widget\" data-e-type=\"widget\" data-widget_type=\"text-editor.default\">\n\t\t\t\t\t\t\t\t\t<p><span class=\"iwg-fachbegriff\" data-tooltip=\"\u00d6verf\u00f6ring av kunskap och ber\u00e4ttelser genom generationer.\" tabindex=\"0\">Traditionen<\/span> tillskriver vitl\u00f6kens skyddsverkan flera egenskaper.<\/p>\n<p>Den genomtr\u00e4ngande doften anses vara den vanligaste f\u00f6rklaringen. Varelser som enligt folktron \u00e4r bundna till s\u00e4rskilda kvaliteter i luften, m\u00f6rkret, tystnaden, kylan, kan enligt denna logik inte uth\u00e4rda vitl\u00f6kens intensiva sensoriska n\u00e4rvaro.<\/p><p>Doft som gr\u00e4nsmark\u00f6r \u00e4r vanligt f\u00f6rekommande i folktron: det som luktar starkt kan h\u00e5lla det osynliga p\u00e5 avst\u00e5nd.<\/p>\n<p>I kristet pr\u00e4glade europeiska kulturer finns dessutom en symbolisk tolkning: kn\u00f6len, som bildas under jorden och vid upptagning tr\u00e4der in i ett nytt element, betraktas som en tr\u00f6skelv\u00e4xt, en f\u00f6rmedlare mellan den underjordiska och den jordiska sf\u00e4ren. Denna egenskap g\u00f6r den enligt folktron till ett l\u00e4mpligt medel mot varelser som anv\u00e4nder samma tr\u00f6skel.<\/p>\n<p><span class=\"iwg-fachbegriff\" data-tooltip=\"\u00d6verf\u00f6ring av kunskap och ber\u00e4ttelser genom generationer.\" tabindex=\"0\">Traditionen<\/span> n\u00e4mner \u00e4ven v\u00e4xtens intensiva vitalitet som f\u00f6rklaring: vitl\u00f6k v\u00e4xer under f\u00f6rh\u00e5llanden d\u00e4r andra v\u00e4xter misslyckas, dess l\u00f6kar \u00f6verlever torka och kyla. Denna livskraft \u00f6verf\u00f6rs enligt folktron till skyddsfunktionen.<\/p>\t\t\t\t\t\t\t\t<\/div>\n\t\t\t\t<\/div>\n\t\t\t\t\t<\/div>\n\t\t\t\t<\/div>\n\t\t<div class=\"elementor-element elementor-element-iwgs-knoblauch-s3 e-flex e-con-boxed e-con e-parent\" data-id=\"iwgs-knoblauch-s3\" data-element_type=\"container\" data-e-type=\"container\">\n\t\t\t\t\t<div class=\"e-con-inner\">\n\t\t\t\t<div class=\"elementor-element elementor-element-iwgs-knoblauch-s3h elementor-widget elementor-widget-heading\" data-id=\"iwgs-knoblauch-s3h\" data-element_type=\"widget\" data-e-type=\"widget\" data-widget_type=\"heading.default\">\n\t\t\t\t\t<h2 class=\"elementor-heading-title elementor-size-default\">Kultur\u00f6verskridande spridning<\/h2>\t\t\t\t<\/div>\n\t\t<div class=\"elementor-element elementor-element-iw-knoblauch-s3-bw e-con-full e-flex e-con e-child\" data-id=\"iw-knoblauch-s3-bw\" data-element_type=\"container\" data-e-type=\"container\">\n\t\t\t\t<div class=\"elementor-element elementor-element-iwgs-knoblauch-s3t elementor-widget elementor-widget-text-editor\" data-id=\"iwgs-knoblauch-s3t\" data-element_type=\"widget\" data-e-type=\"widget\" data-widget_type=\"text-editor.default\">\n\t\t\t\t\t\t\t\t\t<p>Vitl\u00f6k som skyddsmedel \u00e4r belagt p\u00e5 flera kontinenter, \u00e4ven om tyngdpunkten varierar.<\/p>\n<p>I <strong>\u00d6steuropa<\/strong> \u00e4r kopplingen till vampyrskydd starkast. Fr\u00e5n Serbien \u00f6ver Rum\u00e4nien, Ukraina och Bulgarien till Polen h\u00f6r vitl\u00f6k till standardutrustningen f\u00f6r skydd mot vampyrer och vampyrlika varelser. Vitl\u00f6k i mat, \u00f6ver d\u00f6rrar och vid s\u00e4ngar f\u00f6rekommer genomg\u00e5ende i etnografiska rapporter fr\u00e5n 1800-talet och det tidiga 1900-talet.<\/p>\n<p>I <strong>Medelhavsomr\u00e5det<\/strong> \u00e4r skyddsfunktionen mot det onda \u00f6gat central. Vitl\u00f6ksfl\u00e4tor \u00f6ver husd\u00f6rrar, vitl\u00f6ksbitar vid barns\u00e4ngar och att b\u00e4ra sm\u00e5 vitl\u00f6ksbitar \u00e4r vanligt i Grekland, Syditalien, Spanien och Levanten.<\/p>\n<p>I <strong>Mellan\u00f6stern<\/strong> beskrivs vitl\u00f6k i vissa islamiska folktraditioner som ett skyddsmedel mot djinner och skadliga andev\u00e4sen.<\/p>\n<p>I <strong>\u00d6stasien<\/strong> anv\u00e4nder den japanska folktraditionen vitl\u00f6k i begr\u00e4nsad omfattning som skydd mot demoner och onda andar, liknande anv\u00e4ndningar f\u00f6rekommer i vissa kinesiska regionalkulturer.<\/p>\n<p>I den <strong>indiska<\/strong> folktraditionen n\u00e4mns vitl\u00f6k ibland i avv\u00e4rjningsritualer mot demoner och onda inflytanden, \u00e4ven om den d\u00e4r spelar en mindre central roll \u00e4n i europeiska traditioner.<\/p>\t\t\t\t\t\t\t\t<\/div>\n\t\t\t\t<\/div>\n\t\t\t\t\t<\/div>\n\t\t\t\t<\/div>\n\t\t<div class=\"elementor-element elementor-element-iwgs-knoblauch-s4 e-flex e-con-boxed e-con e-parent\" data-id=\"iwgs-knoblauch-s4\" data-element_type=\"container\" data-e-type=\"container\">\n\t\t\t\t\t<div class=\"e-con-inner\">\n\t\t\t\t<div class=\"elementor-element elementor-element-iwgs-knoblauch-s4h elementor-widget elementor-widget-heading\" data-id=\"iwgs-knoblauch-s4h\" data-element_type=\"widget\" data-e-type=\"widget\" data-widget_type=\"heading.default\">\n\t\t\t\t\t<h2 class=\"elementor-heading-title elementor-size-default\">Vad den anv\u00e4nds mot<\/h2>\t\t\t\t<\/div>\n\t\t<div class=\"elementor-element elementor-element-iw-knoblauch-s4-bw e-con-full e-flex e-con e-child\" data-id=\"iw-knoblauch-s4-bw\" data-element_type=\"container\" data-e-type=\"container\">\n\t\t\t\t<div class=\"elementor-element elementor-element-iwgs-knoblauch-s4t elementor-widget elementor-widget-text-editor\" data-id=\"iwgs-knoblauch-s4t\" data-element_type=\"widget\" data-e-type=\"widget\" data-widget_type=\"text-editor.default\">\n\t\t\t\t\t\t\t\t\t<p>Enligt traditionell uppfattning har vitl\u00f6k huvudsakligen anv\u00e4nts mot f\u00f6ljande varelsetyper och p\u00e5verkansformer:<\/p>\n<p>Mot <strong>vampyrer och blodsugare<\/strong>: Detta \u00e4r det folkligt mest k\u00e4nda omr\u00e5det. I \u00f6steuropeisk <span class=\"iwg-fachbegriff\" data-tooltip=\"\u00d6verf\u00f6ringen av kunskap och ber\u00e4ttelser genom generationer.\" tabindex=\"0\">tradition<\/span> h\u00f6r vitl\u00f6k till k\u00e4rnan i vampyrskyddet. Strigoi, Vrykolakas, Upyr och besl\u00e4ktade varelser ska inte t\u00e5la vitl\u00f6k.<\/p>\n<p>Mot <strong>onda \u00f6gat<\/strong>: I Medelhavsomr\u00e5det och Mellan\u00f6stern anses vitl\u00f6k vara ett verksamt motmedel mot verkan av onda \u00f6gat, som i dessa kulturer betraktas som en verklig skadekraft.<\/p>\n<p>Mot <strong>demoner och skadliga andev\u00e4sen<\/strong>: I flera kulturer anv\u00e4nds vitl\u00f6k f\u00f6r att rena rum fr\u00e5n demonisk n\u00e4rvaro eller f\u00f6r att hindra demoner fr\u00e5n att tr\u00e4nga in.<\/p>\n<p>Mot <strong>sjukdomsandar<\/strong>: I vissa folktrostraditioner, d\u00e4r sjukdom anses orsakad av andev\u00e4sen, tj\u00e4nar vitl\u00f6k som skydd mot att dessa andar tr\u00e4nger in.<\/p>\t\t\t\t\t\t\t\t<\/div>\n\t\t\t\t<\/div>\n\t\t\t\t\t<\/div>\n\t\t\t\t<\/div>\n\t\t<div class=\"elementor-element elementor-element-iwgs-knoblauch-s5 e-flex e-con-boxed e-con e-parent\" data-id=\"iwgs-knoblauch-s5\" data-element_type=\"container\" data-e-type=\"container\">\n\t\t\t\t\t<div class=\"e-con-inner\">\n\t\t\t\t<div class=\"elementor-element elementor-element-iwgs-knoblauch-s5h elementor-widget elementor-widget-heading\" data-id=\"iwgs-knoblauch-s5h\" data-element_type=\"widget\" data-e-type=\"widget\" data-widget_type=\"heading.default\">\n\t\t\t\t\t<h2 class=\"elementor-heading-title elementor-size-default\">Till\u00e4mpning och gr\u00e4nser<\/h2>\t\t\t\t<\/div>\n\t\t<div class=\"elementor-element elementor-element-iw-knoblauch-s5-bw e-con-full e-flex e-con e-child\" data-id=\"iw-knoblauch-s5-bw\" data-element_type=\"container\" data-e-type=\"container\">\n\t\t\t\t<div class=\"elementor-element elementor-element-iwgs-knoblauch-s5t elementor-widget elementor-widget-text-editor\" data-id=\"iwgs-knoblauch-s5t\" data-element_type=\"widget\" data-e-type=\"widget\" data-widget_type=\"text-editor.default\">\n\t\t\t\t\t\t\t\t\t<p>Torkade vitl\u00f6ksfl\u00e4tor ovanf\u00f6r d\u00f6rrar och f\u00f6nster \u00e4r den vanligaste formen. Enskilda klyftor l\u00e4ggs i springor, d\u00f6rrposter eller under tr\u00f6sklar. I vissa \u00f6steuropeiska traditioner sys vitl\u00f6k in i kl\u00e4der eller b\u00e4rs i en skyddsp\u00e5se. Vid s\u00e4ngg\u00e5endet stoppas klyftor under huvudkudden eller i kuddarna.<\/p>\n<p>Vissa \u00f6verl\u00e4mnade traditioner kr\u00e4ver f\u00e4rsk vitl\u00f6k f\u00f6r skyddseffekten; torkad eller \u00e4ttikslagd vitl\u00f6k anses i vissa traditioner ha svagare verkan. Andra k\u00e4llor ser ingen skillnad.<\/p>\n<p>Viktigt: Den folkloristiska skyddstraditionen kring vitl\u00f6k avser uteslutande skydd mot andev\u00e4sen och \u00f6vernaturlig p\u00e5verkan, s\u00e5 som <span class=\"iwg-fachbegriff\" data-tooltip=\"\u00d6verf\u00f6ringen av kunskap och ber\u00e4ttelser genom generationer.\" tabindex=\"0\">traditionen<\/span> beskriver det. Ingen medicinsk verkningsutsaga \u00e4r f\u00f6rknippad med detta.<\/p>\t\t\t\t\t\t\t\t<\/div>\n\t\t\t\t<\/div>\n\t\t\t\t\t<\/div>\n\t\t\t\t<\/div>\n\t\t<div class=\"elementor-element elementor-element-iwgs-knoblauch-lit e-flex e-con-boxed e-con e-parent\" data-id=\"iwgs-knoblauch-lit\" data-element_type=\"container\" data-e-type=\"container\">\n\t\t\t\t\t<div class=\"e-con-inner\">\n\t\t\t\t<div class=\"elementor-element elementor-element-iwgs-knoblauch-lith elementor-widget elementor-widget-heading\" data-id=\"iwgs-knoblauch-lith\" data-element_type=\"widget\" data-e-type=\"widget\" data-widget_type=\"heading.default\">\n\t\t\t\t\t<h2 class=\"elementor-heading-title elementor-size-default\">Litteratur (urval)<\/h2>\t\t\t\t<\/div>\n\t\t<div class=\"elementor-element elementor-element-iw-knoblauch-lit-bw e-con-full e-flex e-con e-child\" data-id=\"iw-knoblauch-lit-bw\" data-element_type=\"container\" data-e-type=\"container\">\n\t\t\t\t<div class=\"elementor-element elementor-element-iwgs-knoblauch-litt elementor-widget elementor-widget-html\" data-id=\"iwgs-knoblauch-litt\" data-element_type=\"widget\" data-e-type=\"widget\" data-widget_type=\"html.default\">\n\t\t\t\t\t<footer data-nosnippet=\"true\"><ul><li>Handw\u00f6rterbuch des deutschen Aberglaubens. Hrsg. von Hanns B\u00e4chtold-St\u00e4ubli und Eduard Hoffmann-Krayer. Berlin \/ Leipzig 1927-1942. Artikel \"Knoblauch\".<\/li><li>Paul Barber: Vampires, Burial, and Death. Yale University Press, 1988.<\/li><li>Alan Dundes (Hrsg.): The Evil Eye: A Casebook. University of Wisconsin Press, 1992.<\/li><li>Montague Summers: The Vampire in Europe. London 1929.<\/li><li>Leander Petzoldt: Kleines Lexikon der D\u00e4monen und Elementargeister. M\u00fcnchen 1990.<\/li><\/ul><\/footer>\t\t\t\t<\/div>\n\t\t\t\t<\/div>\n\t\t\t\t\t<\/div>\n\t\t\t\t<\/div>\n\t\t<div class=\"elementor-element elementor-element-iwgs-knoblauch-kwd e-flex e-con-boxed e-con e-parent\" data-id=\"iwgs-knoblauch-kwd\" data-element_type=\"container\" data-e-type=\"container\">\n\t\t\t\t\t<div class=\"e-con-inner\">\n\t\t<div class=\"elementor-element elementor-element-iw-knoblauch-kwd-bw e-con-full e-flex e-con e-child\" data-id=\"iw-knoblauch-kwd-bw\" data-element_type=\"container\" data-e-type=\"container\">\n\t\t\t\t<div class=\"elementor-element elementor-element-iwgs-knoblauch-kwdt elementor-widget elementor-widget-text-editor\" data-id=\"iwgs-knoblauch-kwdt\" data-element_type=\"widget\" data-e-type=\"widget\" data-widget_type=\"text-editor.default\">\n\t\t\t\t\t\t\t\t\t<p><em>Besl\u00e4ktade nyckelbegrepp: vitl\u00f6k skydd vampyr onda \u00f6gat.<\/em><\/p>\t\t\t\t\t\t\t\t<\/div>\n\t\t\t\t<\/div>\n\t\t\t\t\t<\/div>\n\t\t\t\t<\/div>\n\t\t<div class=\"elementor-element elementor-element-iwgs-knoblauch-cc e-flex e-con-boxed e-con e-parent\" data-id=\"iwgs-knoblauch-cc\" data-element_type=\"container\" data-e-type=\"container\" id=\"iwg-cc-knoblauch\">\n\t\t\t\t\t<div class=\"e-con-inner\">\n\t\t<div class=\"elementor-element elementor-element-iwgs-knoblauch-ccinner e-flex e-con-boxed e-con e-parent\" data-id=\"iwgs-knoblauch-ccinner\" data-element_type=\"container\" data-e-type=\"container\" data-settings=\"{&quot;background_background&quot;:&quot;classic&quot;}\">\n\t\t\t\t\t<div class=\"e-con-inner\">\n\t\t\t\t<div class=\"elementor-element elementor-element-iwgs-knoblauch-cch elementor-widget elementor-widget-heading\" data-id=\"iwgs-knoblauch-cch\" data-element_type=\"widget\" data-e-type=\"widget\" data-widget_type=\"heading.default\">\n\t\t\t\t\t<h2 class=\"elementor-heading-title elementor-size-default\">iWell Guard och skyddstraditioner<\/h2>\t\t\t\t<\/div>\n\t\t\t\t<div class=\"elementor-element elementor-element-iwgs-knoblauch-cct elementor-widget elementor-widget-text-editor\" data-id=\"iwgs-knoblauch-cct\" data-element_type=\"widget\" data-e-type=\"widget\" data-widget_type=\"text-editor.default\">\n\t\t\t\t\t\t\t\t\t<p>Vitl\u00f6k visar hur en vanlig v\u00e4xt i m\u00e5nga kulturer, samtidigt och oberoende av varandra, uppfattades som skyddsb\u00e4rare. Denna \u00e5terkommande \u00f6vertygelse, att vissa naturmaterial b\u00e4r p\u00e5 en skyddande kraft, utg\u00f6r bakgrunden till konceptet bakom <a href=\"https:\/\/iwell-guard.com\/sv\/skyddshanget-iwell-guard-kop\/\">iWell Guard<\/a>, som i form av ett b\u00e4rbart skyddsobjekt f\u00f6renar olika traditionslinjer inom det m\u00e4nskliga skyddst\u00e4nkandet.<\/p>\t\t\t\t\t\t\t\t<\/div>\n\t\t\t\t<div class=\"elementor-element elementor-element-iwgs-knoblauch-ccb iwg-cc-button iwg-cc-cta-2026-05-13 elementor-widget elementor-widget-jet-button\" data-id=\"iwgs-knoblauch-ccb\" data-element_type=\"widget\" data-e-type=\"widget\" data-widget_type=\"jet-button.default\">\n\t\t\t\t<div class=\"elementor-widget-container\">\n\t\t\t\t\t<div class=\"elementor-jet-button jet-elements\"><div class=\"jet-button__container\"><a class=\"jet-button__instance jet-button__instance--icon-left hover-effect-1\" href=\"\/schutzanhaenger-iwell-guard-kaufen\/?utm_source=iwell-guard.com&amp;utm_medium=info-box&amp;utm_campaign=schutzsymbole\"><div class=\"jet-button__plane jet-button__plane-normal\"><\/div><div class=\"jet-button__plane jet-button__plane-hover\"><\/div><div class=\"jet-button__state jet-button__state-normal\"><span class=\"jet-button__label\">Mer om iWell Guard<\/span><\/div><div class=\"jet-button__state jet-button__state-hover\"><span class=\"jet-button__label\">Mer om iWell Guard<\/span><\/div><\/a><\/div><\/div><style>.elementor-element.elementor-element-iwgs-knoblauch-ccb .jet-button__instance{width:320px;height:56px;}.elementor-element.elementor-element-iwgs-knoblauch-ccb .jet-button__state-normal .jet-button__label{text-align:center;margin:0px 0px 0px 0px;color:#1a1b20;font-family:Montserrat,sans-serif;font-size:13px;font-weight:400;letter-spacing:4px;line-height:1.714em;text-transform:uppercase;}.elementor-element.elementor-element-iwgs-knoblauch-ccb .jet-button__state-hover .jet-button__label{text-align:center;margin:0px 0px 0px 0px;color:#FECC76;font-family:Montserrat,sans-serif;font-size:13px;font-weight:400;letter-spacing:4px;line-height:1.714em;text-transform:uppercase;}.elementor-element.elementor-element-iwgs-knoblauch-ccb .jet-button__plane-normal{background-color:#FECC76;border-style:solid;border-color:#C99540;border-width:2px 2px 2px 2px;}.elementor-element.elementor-element-iwgs-knoblauch-ccb .jet-button__plane-hover{background-color:rgba(0,0,0,0.55);border-style:solid;border-color:#FECC76;border-width:2px 2px 2px 2px;}<\/style>\t\t\t\t<\/div>\n\t\t\t\t<\/div>\n\t\t\t\t<div class=\"elementor-element elementor-element-iwgs-knoblauch-ccd elementor-widget elementor-widget-text-editor\" data-id=\"iwgs-knoblauch-ccd\" data-element_type=\"widget\" data-e-type=\"widget\" data-widget_type=\"text-editor.default\">\n\t\t\t\t\t\t\t\t\t<p style=\"text-align:center;font-size:13px;opacity:0.7;margin-top:14px\" data-nosnippet=\"true\">Personliga erfarenheter kan variera. Ingen medicinteknisk produkt. Inget l\u00f6fte om l\u00e4kning.<\/p>\t\t\t\t\t\t\t\t<\/div>\n\t\t\t\t\t<\/div>\n\t\t\t\t<\/div>\n\t\t\t\t\t<\/div>\n\t\t\t\t<\/div>\n\t\t<div class=\"elementor-element elementor-element-iwgs-knoblauch-disc e-flex e-con-boxed e-con e-parent\" data-id=\"iwgs-knoblauch-disc\" data-element_type=\"container\" data-e-type=\"container\">\n\t\t\t\t\t<div class=\"e-con-inner\">\n\t\t<div class=\"elementor-element elementor-element-iw-knoblauch-disc-bw e-con-full e-flex e-con e-child\" data-id=\"iw-knoblauch-disc-bw\" data-element_type=\"container\" data-e-type=\"container\">\n\t\t\t\t<div class=\"elementor-element elementor-element-iwgs-knoblauch-discw elementor-widget elementor-widget-html\" data-id=\"iwgs-knoblauch-discw\" data-element_type=\"widget\" data-e-type=\"widget\" data-widget_type=\"html.default\">\n\t\t\t\t\t<footer data-nosnippet=\"true\" class=\"iwg-disclaimer-block\"><p data-nosnippet=\"true\">iWell Guard \u00e4r <strong>ingen medicinteknisk produkt<\/strong> och ers\u00e4tter ingen l\u00e4karbehandling eller psykoterapeutisk behandling. Inneh\u00e5llet som presenteras h\u00e4r \u00e4r en religionsvetenskaplig och kulturhistorisk kontextualisering, inget l\u00f6fte om andlig verkan.<\/p><\/footer>\t\t\t\t<\/div>\n\t\t\t\t<\/div>\n\t\t\t\t\t<\/div>\n\t\t\t\t<\/div>\n\t\t\t\t<\/div>\n\t\t","protected":false},"excerpt":{"rendered":"","protected":false},"author":3,"featured_media":4112,"parent":0,"menu_order":0,"comment_status":"closed","ping_status":"closed","template":"elementor_header_footer","meta":{"_yoast_wpseo_focuskw":"vitl\u00f6k skydd","_yoast_wpseo_title":"Vitl\u00f6k som skydd mot ondskefull p\u00e5verkan","_yoast_wpseo_metadesc":"Enligt folktron skyddar vitl\u00f6k mot vampyrer, det onda \u00f6gat och demoner. Ursprung, verkningsprincip och spridning \u00f6ver olika kulturer.","_yoast_wpseo_meta-robots-noindex":"","_yoast_wpseo_canonical":"","_angie_page":false,"gefaehrdungsstufe":"","wesen_kultur":"","wesen_klasse":"","footnotes":""},"categories":[],"class_list":["post-137172","page","type-page","status-publish","has-post-thumbnail","hentry"],"yoast_head":"<!-- This site is optimized with the Yoast SEO Premium plugin v27.7 (Yoast SEO v28.3) - https:\/\/yoast.com\/product\/yoast-seo-premium-wordpress\/ -->\n<title>Vitl\u00f6k som skydd mot ondskefull p\u00e5verkan<\/title>\n<meta name=\"description\" content=\"Enligt folktron skyddar vitl\u00f6k mot vampyrer, det onda \u00f6gat och demoner. Ursprung, verkningsprincip och spridning \u00f6ver olika kulturer.\" \/>\n<meta name=\"robots\" content=\"index, follow, max-snippet:-1, max-image-preview:large, max-video-preview:-1\" \/>\n<link rel=\"canonical\" href=\"https:\/\/iwell-guard.com\/sv\/vitlok-som-skydd\/\" \/>\n<meta property=\"og:locale\" content=\"sv_SE\" \/>\n<meta property=\"og:type\" content=\"article\" \/>\n<meta property=\"og:title\" content=\"Vitl\u00f6k som skydd\" \/>\n<meta property=\"og:description\" content=\"Enligt folktron skyddar vitl\u00f6k mot vampyrer, det onda \u00f6gat och demoner. Ursprung, verkningsprincip och spridning \u00f6ver olika kulturer.\" \/>\n<meta property=\"og:url\" content=\"https:\/\/iwell-guard.com\/sv\/vitlok-som-skydd\/\" \/>\n<meta property=\"og:site_name\" content=\"iWell Guard\" \/>\n<meta property=\"article:modified_time\" content=\"2026-09-03T01:22:22+00:00\" \/>\n<meta property=\"og:image\" content=\"https:\/\/iwell-guard.com\/wp-content\/uploads\/2026\/05\/schutzsymbol_mediterran_knoblauch.png\" \/>\n\t<meta property=\"og:image:width\" content=\"1024\" \/>\n\t<meta property=\"og:image:height\" content=\"1536\" \/>\n\t<meta property=\"og:image:type\" content=\"image\/png\" \/>\n<meta name=\"twitter:card\" content=\"summary_large_image\" \/>\n<script type=\"application\/ld+json\" class=\"yoast-schema-graph\">{\"@context\":\"https:\\\/\\\/schema.org\",\"@graph\":[{\"@type\":\"WebPage\",\"@id\":\"https:\\\/\\\/iwell-guard.com\\\/sv\\\/vitlok-som-skydd\\\/\",\"url\":\"https:\\\/\\\/iwell-guard.com\\\/sv\\\/vitlok-som-skydd\\\/\",\"name\":\"Vitl\u00f6k som skydd mot ondskefull p\u00e5verkan\",\"isPartOf\":{\"@id\":\"https:\\\/\\\/iwell-guard.com\\\/sv\\\/#website\"},\"primaryImageOfPage\":{\"@id\":\"https:\\\/\\\/iwell-guard.com\\\/sv\\\/vitlok-som-skydd\\\/#primaryimage\"},\"image\":{\"@id\":\"https:\\\/\\\/iwell-guard.com\\\/sv\\\/vitlok-som-skydd\\\/#primaryimage\"},\"thumbnailUrl\":\"https:\\\/\\\/iwell-guard.com\\\/wp-content\\\/uploads\\\/2026\\\/05\\\/schutzsymbol_mediterran_knoblauch.png\",\"datePublished\":\"2026-09-03T00:13:25+00:00\",\"dateModified\":\"2026-09-03T01:22:22+00:00\",\"description\":\"Enligt folktron skyddar vitl\u00f6k mot vampyrer, det onda \u00f6gat och demoner. Ursprung, verkningsprincip och spridning \u00f6ver olika kulturer.\",\"breadcrumb\":{\"@id\":\"https:\\\/\\\/iwell-guard.com\\\/sv\\\/vitlok-som-skydd\\\/#breadcrumb\"},\"inLanguage\":\"sv-SE\",\"potentialAction\":[{\"@type\":\"ReadAction\",\"target\":[\"https:\\\/\\\/iwell-guard.com\\\/sv\\\/vitlok-som-skydd\\\/\"]}]},{\"@type\":\"ImageObject\",\"inLanguage\":\"sv-SE\",\"@id\":\"https:\\\/\\\/iwell-guard.com\\\/sv\\\/vitlok-som-skydd\\\/#primaryimage\",\"url\":\"https:\\\/\\\/iwell-guard.com\\\/wp-content\\\/uploads\\\/2026\\\/05\\\/schutzsymbol_mediterran_knoblauch.png\",\"contentUrl\":\"https:\\\/\\\/iwell-guard.com\\\/wp-content\\\/uploads\\\/2026\\\/05\\\/schutzsymbol_mediterran_knoblauch.png\",\"width\":1024,\"height\":1536,\"caption\":\"Vitl\u00f6k som skydd, historiskt-illustrativt\"},{\"@type\":\"BreadcrumbList\",\"@id\":\"https:\\\/\\\/iwell-guard.com\\\/sv\\\/vitlok-som-skydd\\\/#breadcrumb\",\"itemListElement\":[{\"@type\":\"ListItem\",\"position\":1,\"name\":\"Start\",\"item\":\"https:\\\/\\\/iwell-guard.com\\\/sv\\\/?page_id=136483\"},{\"@type\":\"ListItem\",\"position\":2,\"name\":\"Vitl\u00f6k som skydd\"}]},{\"@type\":\"WebSite\",\"@id\":\"https:\\\/\\\/iwell-guard.com\\\/sv\\\/#website\",\"url\":\"https:\\\/\\\/iwell-guard.com\\\/sv\\\/\",\"name\":\"iWell Guard\",\"description\":\"Schutz vor dunklen Einfl\u00fcssen\",\"publisher\":{\"@id\":\"https:\\\/\\\/iwell-guard.com\\\/sv\\\/#organization\"},\"potentialAction\":[{\"@type\":\"SearchAction\",\"target\":{\"@type\":\"EntryPoint\",\"urlTemplate\":\"https:\\\/\\\/iwell-guard.com\\\/sv\\\/?s={search_term_string}\"},\"query-input\":{\"@type\":\"PropertyValueSpecification\",\"valueRequired\":true,\"valueName\":\"search_term_string\"}}],\"inLanguage\":\"sv-SE\"},{\"@type\":\"Organization\",\"@id\":\"https:\\\/\\\/iwell-guard.com\\\/sv\\\/#organization\",\"name\":\"Ittermann electronic GmbH\",\"url\":\"https:\\\/\\\/iwell-guard.com\\\/sv\\\/\",\"logo\":{\"@type\":\"ImageObject\",\"inLanguage\":\"sv-SE\",\"@id\":\"https:\\\/\\\/iwell-guard.com\\\/sv\\\/#\\\/schema\\\/logo\\\/image\\\/\",\"url\":\"https:\\\/\\\/iwell-guard.com\\\/wp-content\\\/uploads\\\/2026\\\/05\\\/Ittermann-Logo-1182x237-1.png\",\"contentUrl\":\"https:\\\/\\\/iwell-guard.com\\\/wp-content\\\/uploads\\\/2026\\\/05\\\/Ittermann-Logo-1182x237-1.png\",\"width\":1182,\"height\":237,\"caption\":\"Ittermann electronic GmbH\"},\"image\":{\"@id\":\"https:\\\/\\\/iwell-guard.com\\\/sv\\\/#\\\/schema\\\/logo\\\/image\\\/\"},\"sameAs\":[\"https:\\\/\\\/pantip.com\\\/profile\\\/9367242\",\"https:\\\/\\\/micro.blog\\\/iwellguard\",\"https:\\\/\\\/www.diggerslist.com\\\/iwellguard\\\/about\",\"https:\\\/\\\/skitterphoto.com\\\/photographers\\\/2870314\\\/iwell-guard\",\"https:\\\/\\\/iwellguard.wordpress.com\\\/2026\\\/06\\\/06\\\/iwell-guard\\\/\",\"https:\\\/\\\/hub.docker.com\\\/u\\\/iwellguard\",\"https:\\\/\\\/www.pinterest.com\\\/iwellguard\\\/\",\"https:\\\/\\\/bit.ly\\\/m\\\/iwellguard\",\"https:\\\/\\\/entre-vos-mains.alsace.eu\\\/profiles\\\/iwellguard\\\/activity\",\"https:\\\/\\\/gravatar.com\\\/reallybeded8fd34\",\"https:\\\/\\\/naijamatta.com\\\/iwellguard\",\"https:\\\/\\\/www.goodreads.com\\\/iwellguard\",\"https:\\\/\\\/profile.hatena.ne.jp\\\/iwellguard\\\/\",\"https:\\\/\\\/experiment.com\\\/users\\\/iwellguard\",\"https:\\\/\\\/wakelet.com\\\/@iWellGuard82270\",\"https:\\\/\\\/www.chordie.com\\\/forum\\\/profile.php?id=2555664\",\"https:\\\/\\\/www.instapaper.com\\\/p\\\/17757966\",\"https:\\\/\\\/www.mapleprimes.com\\\/users\\\/iwellguard\",\"https:\\\/\\\/businesslistingplus.com\\\/profile\\\/iwell-guard\\\/\",\"https:\\\/\\\/telegra.ph\\\/iWell-Guard-06-06\",\"https:\\\/\\\/pbase.com\\\/iwellguard\\\/iwellguard\",\"https:\\\/\\\/b.hatena.ne.jp\\\/iwellguard\\\/20260607#bookmark-4788405196491818882\",\"https:\\\/\\\/fliphtml5.com\\\/home\\\/iwellguard\",\"https:\\\/\\\/anyflip.com\\\/homepage\\\/cmiwl#About\",\"https:\\\/\\\/transfur.com\\\/Users\\\/iwellguard\",\"http:\\\/\\\/delphi.larsbo.org\\\/user\\\/iwellguard\",\"https:\\\/\\\/jobs.lajobsportal.org\\\/profiles\\\/8380803-iwell-guard\",\"https:\\\/\\\/md.chaosdorf.de\\\/s\\\/jfbe5SBdJD\",\"https:\\\/\\\/www.lingvolive.com\\\/en-us\\\/profile\\\/9ecaeaca-ce11-4e51-9e71-01d55e2bff36\\\/translations\",\"https:\\\/\\\/www.fitday.com\\\/fitness\\\/forums\\\/members\\\/iwellguard.html\",\"https:\\\/\\\/www.mymeetbook.com\\\/iwellguard\",\"https:\\\/\\\/pxhere.com\\\/en\\\/photographer-me\\\/5040798\",\"https:\\\/\\\/disqus.com\\\/by\\\/iwellguard\\\/about\\\/\",\"https:\\\/\\\/pastelink.net\\\/hjwciqwq\",\"https:\\\/\\\/pubhtml5.com\\\/homepage\\\/scjhn\\\/\",\"https:\\\/\\\/www.bitchute.com\\\/channel\\\/2O2eOKzNqujT\",\"https:\\\/\\\/audiomack.com\\\/iwellguard\"]}]}<\/script>\n<!-- \/ Yoast SEO Premium plugin. -->","yoast_head_json":{"title":"Vitl\u00f6k som skydd mot ondskefull p\u00e5verkan","description":"Enligt folktron skyddar vitl\u00f6k mot vampyrer, det onda \u00f6gat och demoner. Ursprung, verkningsprincip och spridning \u00f6ver olika kulturer.","robots":{"index":"index","follow":"follow","max-snippet":"max-snippet:-1","max-image-preview":"max-image-preview:large","max-video-preview":"max-video-preview:-1"},"canonical":"https:\/\/iwell-guard.com\/sv\/vitlok-som-skydd\/","og_locale":"sv_SE","og_type":"article","og_title":"Vitl\u00f6k som skydd","og_description":"Enligt folktron skyddar vitl\u00f6k mot vampyrer, det onda \u00f6gat och demoner. Ursprung, verkningsprincip och spridning \u00f6ver olika kulturer.","og_url":"https:\/\/iwell-guard.com\/sv\/vitlok-som-skydd\/","og_site_name":"iWell Guard","article_modified_time":"2026-09-03T01:22:22+00:00","og_image":[{"width":1024,"height":1536,"url":"https:\/\/iwell-guard.com\/wp-content\/uploads\/2026\/05\/schutzsymbol_mediterran_knoblauch.png","type":"image\/png"}],"twitter_card":"summary_large_image","schema":{"@context":"https:\/\/schema.org","@graph":[{"@type":"WebPage","@id":"https:\/\/iwell-guard.com\/sv\/vitlok-som-skydd\/","url":"https:\/\/iwell-guard.com\/sv\/vitlok-som-skydd\/","name":"Vitl\u00f6k som skydd mot ondskefull p\u00e5verkan","isPartOf":{"@id":"https:\/\/iwell-guard.com\/sv\/#website"},"primaryImageOfPage":{"@id":"https:\/\/iwell-guard.com\/sv\/vitlok-som-skydd\/#primaryimage"},"image":{"@id":"https:\/\/iwell-guard.com\/sv\/vitlok-som-skydd\/#primaryimage"},"thumbnailUrl":"https:\/\/iwell-guard.com\/wp-content\/uploads\/2026\/05\/schutzsymbol_mediterran_knoblauch.png","datePublished":"2026-09-03T00:13:25+00:00","dateModified":"2026-09-03T01:22:22+00:00","description":"Enligt folktron skyddar vitl\u00f6k mot vampyrer, det onda \u00f6gat och demoner. Ursprung, verkningsprincip och spridning \u00f6ver olika kulturer.","breadcrumb":{"@id":"https:\/\/iwell-guard.com\/sv\/vitlok-som-skydd\/#breadcrumb"},"inLanguage":"sv-SE","potentialAction":[{"@type":"ReadAction","target":["https:\/\/iwell-guard.com\/sv\/vitlok-som-skydd\/"]}]},{"@type":"ImageObject","inLanguage":"sv-SE","@id":"https:\/\/iwell-guard.com\/sv\/vitlok-som-skydd\/#primaryimage","url":"https:\/\/iwell-guard.com\/wp-content\/uploads\/2026\/05\/schutzsymbol_mediterran_knoblauch.png","contentUrl":"https:\/\/iwell-guard.com\/wp-content\/uploads\/2026\/05\/schutzsymbol_mediterran_knoblauch.png","width":1024,"height":1536,"caption":"Vitl\u00f6k som skydd, historiskt-illustrativt"},{"@type":"BreadcrumbList","@id":"https:\/\/iwell-guard.com\/sv\/vitlok-som-skydd\/#breadcrumb","itemListElement":[{"@type":"ListItem","position":1,"name":"Start","item":"https:\/\/iwell-guard.com\/sv\/?page_id=136483"},{"@type":"ListItem","position":2,"name":"Vitl\u00f6k som skydd"}]},{"@type":"WebSite","@id":"https:\/\/iwell-guard.com\/sv\/#website","url":"https:\/\/iwell-guard.com\/sv\/","name":"iWell Guard","description":"Schutz vor dunklen Einfl\u00fcssen","publisher":{"@id":"https:\/\/iwell-guard.com\/sv\/#organization"},"potentialAction":[{"@type":"SearchAction","target":{"@type":"EntryPoint","urlTemplate":"https:\/\/iwell-guard.com\/sv\/?s={search_term_string}"},"query-input":{"@type":"PropertyValueSpecification","valueRequired":true,"valueName":"search_term_string"}}],"inLanguage":"sv-SE"},{"@type":"Organization","@id":"https:\/\/iwell-guard.com\/sv\/#organization","name":"Ittermann electronic GmbH","url":"https:\/\/iwell-guard.com\/sv\/","logo":{"@type":"ImageObject","inLanguage":"sv-SE","@id":"https:\/\/iwell-guard.com\/sv\/#\/schema\/logo\/image\/","url":"https:\/\/iwell-guard.com\/wp-content\/uploads\/2026\/05\/Ittermann-Logo-1182x237-1.png","contentUrl":"https:\/\/iwell-guard.com\/wp-content\/uploads\/2026\/05\/Ittermann-Logo-1182x237-1.png","width":1182,"height":237,"caption":"Ittermann electronic GmbH"},"image":{"@id":"https:\/\/iwell-guard.com\/sv\/#\/schema\/logo\/image\/"},"sameAs":["https:\/\/pantip.com\/profile\/9367242","https:\/\/micro.blog\/iwellguard","https:\/\/www.diggerslist.com\/iwellguard\/about","https:\/\/skitterphoto.com\/photographers\/2870314\/iwell-guard","https:\/\/iwellguard.wordpress.com\/2026\/06\/06\/iwell-guard\/","https:\/\/hub.docker.com\/u\/iwellguard","https:\/\/www.pinterest.com\/iwellguard\/","https:\/\/bit.ly\/m\/iwellguard","https:\/\/entre-vos-mains.alsace.eu\/profiles\/iwellguard\/activity","https:\/\/gravatar.com\/reallybeded8fd34","https:\/\/naijamatta.com\/iwellguard","https:\/\/www.goodreads.com\/iwellguard","https:\/\/profile.hatena.ne.jp\/iwellguard\/","https:\/\/experiment.com\/users\/iwellguard","https:\/\/wakelet.com\/@iWellGuard82270","https:\/\/www.chordie.com\/forum\/profile.php?id=2555664","https:\/\/www.instapaper.com\/p\/17757966","https:\/\/www.mapleprimes.com\/users\/iwellguard","https:\/\/businesslistingplus.com\/profile\/iwell-guard\/","https:\/\/telegra.ph\/iWell-Guard-06-06","https:\/\/pbase.com\/iwellguard\/iwellguard","https:\/\/b.hatena.ne.jp\/iwellguard\/20260607#bookmark-4788405196491818882","https:\/\/fliphtml5.com\/home\/iwellguard","https:\/\/anyflip.com\/homepage\/cmiwl#About","https:\/\/transfur.com\/Users\/iwellguard","http:\/\/delphi.larsbo.org\/user\/iwellguard","https:\/\/jobs.lajobsportal.org\/profiles\/8380803-iwell-guard","https:\/\/md.chaosdorf.de\/s\/jfbe5SBdJD","https:\/\/www.lingvolive.com\/en-us\/profile\/9ecaeaca-ce11-4e51-9e71-01d55e2bff36\/translations","https:\/\/www.fitday.com\/fitness\/forums\/members\/iwellguard.html","https:\/\/www.mymeetbook.com\/iwellguard","https:\/\/pxhere.com\/en\/photographer-me\/5040798","https:\/\/disqus.com\/by\/iwellguard\/about\/","https:\/\/pastelink.net\/hjwciqwq","https:\/\/pubhtml5.com\/homepage\/scjhn\/","https:\/\/www.bitchute.com\/channel\/2O2eOKzNqujT","https:\/\/audiomack.com\/iwellguard"]}]}},"_links":{"self":[{"href":"https:\/\/iwell-guard.com\/sv\/wp-json\/wp\/v2\/pages\/137172","targetHints":{"allow":["GET"]}}],"collection":[{"href":"https:\/\/iwell-guard.com\/sv\/wp-json\/wp\/v2\/pages"}],"about":[{"href":"https:\/\/iwell-guard.com\/sv\/wp-json\/wp\/v2\/types\/page"}],"author":[{"embeddable":true,"href":"https:\/\/iwell-guard.com\/sv\/wp-json\/wp\/v2\/users\/3"}],"replies":[{"embeddable":true,"href":"https:\/\/iwell-guard.com\/sv\/wp-json\/wp\/v2\/comments?post=137172"}],"version-history":[{"count":0,"href":"https:\/\/iwell-guard.com\/sv\/wp-json\/wp\/v2\/pages\/137172\/revisions"}],"wp:featuredmedia":[{"embeddable":true,"href":"https:\/\/iwell-guard.com\/sv\/wp-json\/wp\/v2\/media\/4112"}],"wp:attachment":[{"href":"https:\/\/iwell-guard.com\/sv\/wp-json\/wp\/v2\/media?parent=137172"}],"wp:term":[{"taxonomy":"category","embeddable":true,"href":"https:\/\/iwell-guard.com\/sv\/wp-json\/wp\/v2\/categories?post=137172"}],"curies":[{"name":"wp","href":"https:\/\/api.w.org\/{rel}","templated":true}]}}