{"id":137171,"date":"2026-09-03T00:13:25","date_gmt":"2026-09-03T00:13:25","guid":{"rendered":"https:\/\/iwell-guard.com\/?page_id=137171"},"modified":"2026-09-03T01:22:20","modified_gmt":"2026-09-03T01:22:20","slug":"klang-och-ljus-som-skydd","status":"publish","type":"page","link":"https:\/\/iwell-guard.com\/sv\/klang-och-ljus-som-skydd\/","title":{"rendered":"Klang och ljus som skydd"},"content":{"rendered":"\t\t<div data-elementor-type=\"wp-page\" data-elementor-id=\"137171\" class=\"elementor elementor-137171 elementor-3777 elementor-bc-flex-widget\" data-elementor-post-type=\"page\">\n\t\t\t\t<div class=\"elementor-element elementor-element-iwgs-klang-und-licht-hero e-flex e-con-boxed e-con e-parent\" data-id=\"iwgs-klang-und-licht-hero\" data-element_type=\"container\" data-e-type=\"container\">\n\t\t\t\t\t<div class=\"e-con-inner\">\n\t\t<div class=\"elementor-element elementor-element-iw-klang-und-licht-hero-left e-con-full e-flex e-con e-child\" data-id=\"iw-klang-und-licht-hero-left\" data-element_type=\"container\" data-e-type=\"container\">\n\t\t\t\t<div class=\"elementor-element elementor-element-iwgs-klang-und-licht-h1 elementor-widget elementor-widget-heading\" data-id=\"iwgs-klang-und-licht-h1\" data-element_type=\"widget\" data-e-type=\"widget\" data-widget_type=\"heading.default\">\n\t\t\t\t\t<h1 class=\"elementor-heading-title elementor-size-default\">Klang och ljus som skydd<\/h1>\t\t\t\t<\/div>\n\t\t<div class=\"elementor-element elementor-element-iw-klang-und-licht-hero-bw e-con-full e-flex e-con e-child\" data-id=\"iw-klang-und-licht-hero-bw\" data-element_type=\"container\" data-e-type=\"container\">\n\t\t\t\t<div class=\"elementor-element elementor-element-iwgs-klang-und-licht-pills elementor-widget elementor-widget-html\" data-id=\"iwgs-klang-und-licht-pills\" data-element_type=\"widget\" data-e-type=\"widget\" data-widget_type=\"html.default\">\n\t\t\t\t\t<div class=\"iwg-pill-row\"><span class=\"iwg-klasse-badge\" tabindex=\"0\" data-tooltip=\"Typ av skyddsmedel.\">Skyddsmedelstyp<\/span><a href=\"https:\/\/iwell-guard.com\/sv\/skydds-kompass\/\" class=\"iwg-kultur-badge\" tabindex=\"0\" data-tooltip=\"Till \u00f6versikten.\">Skyddskompass<\/a><\/div>\t\t\t\t<\/div>\n\t\t\t\t<div class=\"elementor-element elementor-element-iwgs-klang-und-licht-lead elementor-widget elementor-widget-text-editor\" data-id=\"iwgs-klang-und-licht-lead\" data-element_type=\"widget\" data-e-type=\"widget\" data-widget_type=\"text-editor.default\">\n\t\t\t\t\t\t\t\t\t<p>Bland de skyddsmedel som folktron k\u00e4nner till intar klang och ljus en s\u00e4rskild plats: de \u00e4r flyktiga, dyrbara och kan skapas var som helst. Ett klockringande g\u00e5r inte att b\u00e4ra i fickan, ett ljus g\u00e5r inte att spika fast p\u00e5 en byggnad.<\/p><p>Deras verkan uppst\u00e5r i sj\u00e4lva \u00f6gonblicket de anv\u00e4nds, inte varaktigt. Just d\u00e4ri ligger deras karakt\u00e4r som aktiva skyddsmedel, vilka m\u00e4nniskor medvetet tar till n\u00e4r de uppfattar ett hot eller vill markera en gr\u00e4ns.<\/p>\n<p>Kulturer p\u00e5 alla kontinenter har beskrivit klang och ljus som medel f\u00f6r avv\u00e4rjning. Formerna skiljer sig \u00e5t: kyrkklockor i Europa, cymbaler i det buddhistiska Asien, trummor i v\u00e4stafrikanska ritualer.<\/p><p>Facklor vid tr\u00f6skeln, ljus p\u00e5 <span class=\"iwg-fachbegriff\" data-tooltip=\"Upph\u00f6jd plats eller bord f\u00f6r offer och religi\u00f6sa handlingar.\" tabindex=\"0\">altaret<\/span>, brasor p\u00e5 midsommarnatten. Det som f\u00f6renar dem \u00e4r samma grundprincip: ljud och ljus genomtr\u00e4nger rummet, markerar en n\u00e4rvaro och anses enligt <span class=\"iwg-fachbegriff\" data-tooltip=\"\u00d6verf\u00f6ring av kunskap och ber\u00e4ttelser genom generationer.\" tabindex=\"0\">traditionen<\/span> vara of\u00f6renliga med det som skadar.<\/p>\n<p>P\u00e5 den h\u00e4r sidan finner ni en \u00f6versikt \u00f6ver kategorin, gemensamma verkningsprinciper och en kort presentation av de tre detaljsidorna: <a href=\"https:\/\/iwell-guard.com\/sv\/skyddsklockor-och-klockljud\/\">Skyddsklockor<\/a>, <a href=\"https:\/\/iwell-guard.com\/sv\/skyddsljus\/\">Skyddsljus<\/a> och <a href=\"https:\/\/iwell-guard.com\/sv\/skyddseld-och-troskelljus\/\">Skyddseld<\/a>. P\u00e5 s\u00e5 s\u00e4tt tj\u00e4nar klang och ljus till att avv\u00e4rja skadliga v\u00e4sen, vilkas n\u00e4rhet traditionen f\u00f6rknippar med tystnad och m\u00f6rker.<\/p>\t\t\t\t\t\t\t\t<\/div>\n\t\t\t\t<\/div>\n\t\t\t\t<\/div>\n\t\t<div class=\"elementor-element elementor-element-iw-klang-und-licht-hero-img e-con-full e-flex e-con e-child\" data-id=\"iw-klang-und-licht-hero-img\" data-element_type=\"container\" data-e-type=\"container\">\n\t\t\t\t<div class=\"elementor-element elementor-element-iwgs-klang-und-licht-himg iwg-hero-image elementor-widget elementor-widget-image\" data-id=\"iwgs-klang-und-licht-himg\" data-element_type=\"widget\" data-e-type=\"widget\" data-widget_type=\"image.default\">\n\t\t\t\t\t\t\t\t\t\t\t\t\t\t\t<img fetchpriority=\"high\" decoding=\"async\" width=\"683\" height=\"1024\" src=\"https:\/\/iwell-guard.com\/wp-content\/uploads\/2026\/05\/schutzsymbol_universell_klang-und-licht-683x1024.png\" class=\"attachment-large size-large wp-image-135728\" alt=\"Klang och ljus till skydd: klocka och ljussken\" srcset=\"https:\/\/iwell-guard.com\/wp-content\/uploads\/2026\/05\/schutzsymbol_universell_klang-und-licht-683x1024.png 683w, https:\/\/iwell-guard.com\/wp-content\/uploads\/2026\/05\/schutzsymbol_universell_klang-und-licht-200x300.png 200w, https:\/\/iwell-guard.com\/wp-content\/uploads\/2026\/05\/schutzsymbol_universell_klang-und-licht-768x1152.png 768w, https:\/\/iwell-guard.com\/wp-content\/uploads\/2026\/05\/schutzsymbol_universell_klang-und-licht.png 1024w\" sizes=\"(max-width: 683px) 100vw, 683px\" \/>\t\t\t\t\t\t\t\t\t\t\t\t\t\t\t<\/div>\n\t\t\t\t<\/div>\n\t\t\t\t\t<\/div>\n\t\t\t\t<\/div>\n\t\t<div class=\"elementor-element elementor-element-iwgs-klang-und-licht-s0 e-flex e-con-boxed e-con e-parent\" data-id=\"iwgs-klang-und-licht-s0\" data-element_type=\"container\" data-e-type=\"container\">\n\t\t\t\t\t<div class=\"e-con-inner\">\n\t\t\t\t<div class=\"elementor-element elementor-element-iwgs-klang-und-licht-s0h elementor-widget elementor-widget-heading\" data-id=\"iwgs-klang-und-licht-s0h\" data-element_type=\"widget\" data-e-type=\"widget\" data-widget_type=\"heading.default\">\n\t\t\t\t\t<h2 class=\"elementor-heading-title elementor-size-default\">Gemensamma k\u00e4nnetecken och verkningsprincip<\/h2>\t\t\t\t<\/div>\n\t\t<div class=\"elementor-element elementor-element-iw-klang-und-licht-s0-bw e-con-full e-flex e-con e-child\" data-id=\"iw-klang-und-licht-s0-bw\" data-element_type=\"container\" data-e-type=\"container\">\n\t\t\t\t<div class=\"elementor-element elementor-element-iwgs-klang-und-licht-s0t elementor-widget elementor-widget-text-editor\" data-id=\"iwgs-klang-und-licht-s0t\" data-element_type=\"widget\" data-e-type=\"widget\" data-widget_type=\"text-editor.default\">\n\t\t\t\t\t\t\t\t\t<p>Klang och ljus delar i <span class=\"iwg-fachbegriff\" data-tooltip=\"\u00d6verf\u00f6ring av kunskap och ber\u00e4ttelser genom generationer.\" tabindex=\"0\">traditionen<\/span> flera egenskaper som f\u00f6rklarar deras skyddskarakt\u00e4r.<\/p>\n<p>F\u00f6r det f\u00f6rsta betraktas b\u00e5da som former av energi som f\u00f6r\u00e4ndrar ett rum inifr\u00e5n. Ett brinnande ljus f\u00f6r\u00e4ndrar atmosf\u00e4ren i ett rum p\u00e5 ett annat s\u00e4tt \u00e4n ett upph\u00e4ngt <span class=\"iwg-fachbegriff\" data-tooltip=\"Ett buret f\u00f6rem\u00e5l som tillskrivs en skyddande, ondskeavv\u00e4rjande verkan.\" tabindex=\"0\">amulett<\/span>. En klockton tr\u00e4nger igenom v\u00e4ggar som ett m\u00e5lat tecken inte kan \u00f6verskrida.<\/p><p><span class=\"iwg-fachbegriff\" data-tooltip=\"\u00d6verf\u00f6ring av kunskap och ber\u00e4ttelser genom generationer.\" tabindex=\"0\">Traditionen<\/span> beskriver denna genomtr\u00e4ngande kraft som v\u00e4sentlig: det som verkar i m\u00f6rker blir synligt, det som agerar i tystnad blir st\u00f6rts.<\/p>\n<p>F\u00f6r det andra \u00e4r klang och ljus bundna till en m\u00e4nsklig handling. N\u00e5gon m\u00e5ste ringa i klockan, t\u00e4nda elden, sl\u00e5 upp en l\u00e5ga. Denna handling betraktas i m\u00e5nga traditioner sj\u00e4lv som en del av skyddet, eftersom den samlar avsikt och koncentration. Enbart det faktum att en klocka finns utan att ringas, eller ett ljus utan att brinna, tillskrivs enligt <span class=\"iwg-fachbegriff\" data-tooltip=\"\u00d6verf\u00f6ring av kunskap och ber\u00e4ttelser genom generationer.\" tabindex=\"0\">traditionen<\/span> i regel ingen skyddande verkan.<\/p>\n<p>F\u00f6r det tredje finns en gemensam koppling till tr\u00f6sklar och \u00f6verg\u00e5ngar. Klockor rings vid s\u00e4rskilda tidpunkter, inte st\u00e4ndigt. Ljus brinner p\u00e5 natten, inte i klara dagsljuset. Eldar flammar vid midsommar och vid vinterns b\u00f6rjan. <span class=\"iwg-fachbegriff\" data-tooltip=\"\u00d6verf\u00f6ring av kunskap och ber\u00e4ttelser genom generationer.\" tabindex=\"0\">Traditionen<\/span> placerar faran vid gr\u00e4nserna: mellan dag och natt, mellan \u00e5rstiderna, mellan det k\u00e4nda och det ok\u00e4nda.<\/p>\t\t\t\t\t\t\t\t<\/div>\n\t\t\t\t<\/div>\n\t\t\t\t\t<\/div>\n\t\t\t\t<\/div>\n\t\t<div class=\"elementor-element elementor-element-iwgs-klang-und-licht-s1 e-flex e-con-boxed e-con e-parent\" data-id=\"iwgs-klang-und-licht-s1\" data-element_type=\"container\" data-e-type=\"container\">\n\t\t\t\t\t<div class=\"e-con-inner\">\n\t\t\t\t<div class=\"elementor-element elementor-element-iwgs-klang-und-licht-s1h elementor-widget elementor-widget-heading\" data-id=\"iwgs-klang-und-licht-s1h\" data-element_type=\"widget\" data-e-type=\"widget\" data-widget_type=\"heading.default\">\n\t\t\t\t\t<h2 class=\"elementor-heading-title elementor-size-default\">Kultur\u00f6vergripande \u00f6versikt<\/h2>\t\t\t\t<\/div>\n\t\t<div class=\"elementor-element elementor-element-iw-klang-und-licht-s1-bw e-con-full e-flex e-con e-child\" data-id=\"iw-klang-und-licht-s1-bw\" data-element_type=\"container\" data-e-type=\"container\">\n\t\t\t\t<div class=\"elementor-element elementor-element-iwgs-klang-und-licht-s1t elementor-widget elementor-widget-text-editor\" data-id=\"iwgs-klang-und-licht-s1t\" data-element_type=\"widget\" data-e-type=\"widget\" data-widget_type=\"text-editor.default\">\n\t\t\t\t\t\t\t\t\t<p>De tre detaljsidorna i denna kategori behandlar de viktigaste uttrycksformerna.<\/p>\n<p><strong><a href=\"https:\/\/iwell-guard.com\/sv\/skyddsklockor-och-klockljud\/\">Skyddsklockor och klockklang<\/a>:<\/strong> Ljudet av en klocka eller bj\u00e4llra anses i den europeiska, japanska och tibetanska <span class=\"iwg-fachbegriff\" data-tooltip=\"\u00d6verf\u00f6ringen av kunskap och ber\u00e4ttelser genom generationer.\" tabindex=\"0\">traditionen<\/span> vara ett medel f\u00f6r att skr\u00e4mma bort skadliga v\u00e4sen och definiera heliga rum. Enligt medeltida k\u00e4llor skulle kyrkklockor h\u00e5lla demoner borta och lugna ov\u00e4der. Sm\u00e5 bj\u00e4llror p\u00e5 djurhalsband, barnvagnar och d\u00f6rrhandtag hade samma apotrop\u00e4iska funktion i mindre skala.<\/p>\n<p><strong><a href=\"https:\/\/iwell-guard.com\/sv\/skyddsljus\/\">Skyddsljuset<\/a>:<\/strong> Ljus i kontrollerad, kompakt form. Ljuset st\u00e5r i \u00f6verg\u00e5ngen mellan rent ljus och rituell handling: det t\u00e4nds med avsikt, ofta v\u00e4lsignat, ibland m\u00e4rkt med tecken. I kristna, judiska, hedniska och synkretistiska traditioner brinner ljuset f\u00f6r att avv\u00e4rja nattaktiva v\u00e4sen, f\u00f6r att skydda d\u00f6ende och f\u00f6r att h\u00e5lla en f\u00f6rbindelse till det heliga \u00f6ppen.<\/p>\n<p><strong><a href=\"https:\/\/iwell-guard.com\/sv\/skyddseld-och-troskelljus\/\">Skyddseld och tr\u00f6skelljus<\/a>:<\/strong> Den \u00f6ppna elden \u00e4r den \u00e4ldre, st\u00f6rre varianten. N\u00f6deldar, midsommarbrasor och ladug\u00e5rdseldar tj\u00e4nade i den europeiska folktraditionen till kollektiv rening och markering av \u00e5rsgr\u00e4nser, d\u00e5 skadliga krafter ans\u00e5gs vara s\u00e4rskilt aktiva. Eld vid husd\u00f6rren, facklor runt f\u00e4ltet, kolkors \u00f6ver tr\u00f6skeln: ljus som gr\u00e4nsdragning.<\/p>\t\t\t\t\t\t\t\t<\/div>\n\t\t\t\t<\/div>\n\t\t\t\t\t<\/div>\n\t\t\t\t<\/div>\n\t\t<div class=\"elementor-element elementor-element-iwgs-klang-und-licht-s2 e-flex e-con-boxed e-con e-parent\" data-id=\"iwgs-klang-und-licht-s2\" data-element_type=\"container\" data-e-type=\"container\">\n\t\t\t\t\t<div class=\"e-con-inner\">\n\t\t\t\t<div class=\"elementor-element elementor-element-iwgs-klang-und-licht-s2h elementor-widget elementor-widget-heading\" data-id=\"iwgs-klang-und-licht-s2h\" data-element_type=\"widget\" data-e-type=\"widget\" data-widget_type=\"heading.default\">\n\t\t\t\t\t<h2 class=\"elementor-heading-title elementor-size-default\">Till\u00e4mpning och gr\u00e4nser<\/h2>\t\t\t\t<\/div>\n\t\t<div class=\"elementor-element elementor-element-iw-klang-und-licht-s2-bw e-con-full e-flex e-con e-child\" data-id=\"iw-klang-und-licht-s2-bw\" data-element_type=\"container\" data-e-type=\"container\">\n\t\t\t\t<div class=\"elementor-element elementor-element-iwgs-klang-und-licht-s2t elementor-widget elementor-widget-text-editor\" data-id=\"iwgs-klang-und-licht-s2t\" data-element_type=\"widget\" data-e-type=\"widget\" data-widget_type=\"text-editor.default\">\n\t\t\t\t\t\t\t\t\t<p><span class=\"iwg-fachbegriff\" data-tooltip=\"\u00d6verf\u00f6ringen av kunskap och ber\u00e4ttelser genom generationer.\" tabindex=\"0\">Traditionen<\/span> beskriver klang och ljus som verksamma mot en m\u00e4ngd hot, men betonar ocks\u00e5 villkor och gr\u00e4nser. Ringning utan tro och kunskap om syftet ans\u00e5gs av m\u00e5nga traditionsb\u00e4rare vara verkningsl\u00f6s. Ett ljus som brinner ouppm\u00e4rksamt har i den rituella folkpraktiken en annan status \u00e4n det medvetet t\u00e4nda.<\/p>\n<p>Enligt samst\u00e4mmig tradition \u00e4r klang och ljus inga varaktiga skyddsbarri\u00e4rer. De skapar ett f\u00f6nster av s\u00e4kerhet, inte en mur. Den som g\u00e5r genom ett skr\u00e4mmande omr\u00e5de med ett ljus om natten \u00e4r enligt <span class=\"iwg-fachbegriff\" data-tooltip=\"\u00d6verf\u00f6ringen av kunskap och ber\u00e4ttelser genom generationer.\" tabindex=\"0\">traditionen<\/span> b\u00e4ttre skyddad \u00e4n den som \u00e4r utan ljus. Men <span class=\"iwg-fachbegriff\" data-tooltip=\"\u00d6verf\u00f6ringen av kunskap och ber\u00e4ttelser genom generationer.\" tabindex=\"0\">traditionen<\/span> betonar samtidigt att skyddsverkan omedelbart upph\u00f6r om l\u00e5gan slocknar.<\/p>\n<p>En ytterligare gr\u00e4ns ligger i hotets art. Inte alla skadliga v\u00e4sen anses av folktraditionen vara k\u00e4nsliga f\u00f6r klang eller ljus. Vissa jordandar eller v\u00e4sen som uttryckligen f\u00f6rknippas med elden kan inte drivas bort med dessa medel. Vilka v\u00e4sen som beskrivs mot vilka skyddsmedel visar <a href=\"https:\/\/iwell-guard.com\/sv\/skydds-kompass\/\">Skydds-kompassen<\/a>.<\/p>\t\t\t\t\t\t\t\t<\/div>\n\t\t\t\t<\/div>\n\t\t\t\t\t<\/div>\n\t\t\t\t<\/div>\n\t\t<div class=\"elementor-element elementor-element-iwgs-klang-und-licht-s3 e-flex e-con-boxed e-con e-parent\" data-id=\"iwgs-klang-und-licht-s3\" data-element_type=\"container\" data-e-type=\"container\">\n\t\t\t\t\t<div class=\"e-con-inner\">\n\t\t\t\t<div class=\"elementor-element elementor-element-iwgs-klang-und-licht-s3h elementor-widget elementor-widget-heading\" data-id=\"iwgs-klang-und-licht-s3h\" data-element_type=\"widget\" data-e-type=\"widget\" data-widget_type=\"heading.default\">\n\t\t\t\t\t<h2 class=\"elementor-heading-title elementor-size-default\">I Skyddskompassen<\/h2>\t\t\t\t<\/div>\n\t\t<div class=\"elementor-element elementor-element-iw-klang-und-licht-s3-bw e-con-full e-flex e-con e-child\" data-id=\"iw-klang-und-licht-s3-bw\" data-element_type=\"container\" data-e-type=\"container\">\n\t\t\t\t<div class=\"elementor-element elementor-element-iwgs-klang-und-licht-s3t elementor-widget elementor-widget-text-editor\" data-id=\"iwgs-klang-und-licht-s3t\" data-element_type=\"widget\" data-e-type=\"widget\" data-widget_type=\"text-editor.default\">\n\t\t\t\t\t\t\t\t\t<p>I <a href=\"https:\/\/iwell-guard.com\/sv\/skydds-kompass\/\">Skydds-kompassen<\/a> \u00e4r skyddsklockor, skyddsljus och skyddseld var f\u00f6r sig kopplade till de v\u00e4sen som de enligt <span class=\"iwg-fachbegriff\" data-tooltip=\"Vidaref\u00f6rmedlingen av kunskap och ber\u00e4ttelser genom generationer.\" tabindex=\"0\">traditionen<\/span> anv\u00e4ndes mot. D\u00e4r ser du p\u00e5 en g\u00e5ng vilka v\u00e4sensklasser och kulturer dessa skyddsmedel beskriver, och i vilken riskgrad de rekommenderas.<\/p>\t\t\t\t\t\t\t\t<\/div>\n\t\t\t\t<\/div>\n\t\t\t\t\t<\/div>\n\t\t\t\t<\/div>\n\t\t<div class=\"elementor-element elementor-element-iwgs-klang-und-licht-lit e-flex e-con-boxed e-con e-parent\" data-id=\"iwgs-klang-und-licht-lit\" data-element_type=\"container\" data-e-type=\"container\">\n\t\t\t\t\t<div class=\"e-con-inner\">\n\t\t\t\t<div class=\"elementor-element elementor-element-iwgs-klang-und-licht-lith elementor-widget elementor-widget-heading\" data-id=\"iwgs-klang-und-licht-lith\" data-element_type=\"widget\" data-e-type=\"widget\" data-widget_type=\"heading.default\">\n\t\t\t\t\t<h2 class=\"elementor-heading-title elementor-size-default\">Litteratur (urval)<\/h2>\t\t\t\t<\/div>\n\t\t<div class=\"elementor-element elementor-element-iw-klang-und-licht-lit-bw e-con-full e-flex e-con e-child\" data-id=\"iw-klang-und-licht-lit-bw\" data-element_type=\"container\" data-e-type=\"container\">\n\t\t\t\t<div class=\"elementor-element elementor-element-iwgs-klang-und-licht-litt elementor-widget elementor-widget-html\" data-id=\"iwgs-klang-und-licht-litt\" data-element_type=\"widget\" data-e-type=\"widget\" data-widget_type=\"html.default\">\n\t\t\t\t\t<footer data-nosnippet=\"true\"><ul><li>Handw\u00f6rterbuch des deutschen Aberglaubens, hrsg. von Hanns B\u00e4chtold-St\u00e4ubli, 10 Bde., Berlin\/Leipzig 1927-1942 (Neudr. Berlin 1987).<\/li><li>P\u00f3cs, \u00c9va: Between the Living and the Dead. A Perspective on Witches and Seers in the Early Modern Age. Budapest 1999.<\/li><li>Eliade, Mircea: Das Heilige und das Profane. Vom Wesen des Religi\u00f6sen. Hamburg 1957.<\/li><li>Frazer, James George: Der goldene Zweig. Das Geheimnis von Glauben und Sitten der V\u00f6lker. K\u00f6ln 1968.<\/li><li>Lurker, Manfred: W\u00f6rterbuch der Symbolik. Stuttgart 1988.<\/li><\/ul><\/footer>\t\t\t\t<\/div>\n\t\t\t\t<\/div>\n\t\t\t\t\t<\/div>\n\t\t\t\t<\/div>\n\t\t<div class=\"elementor-element elementor-element-iwgs-klang-und-licht-kwd e-flex e-con-boxed e-con e-parent\" data-id=\"iwgs-klang-und-licht-kwd\" data-element_type=\"container\" data-e-type=\"container\">\n\t\t\t\t\t<div class=\"e-con-inner\">\n\t\t<div class=\"elementor-element elementor-element-iw-klang-und-licht-kwd-bw e-con-full e-flex e-con e-child\" data-id=\"iw-klang-und-licht-kwd-bw\" data-element_type=\"container\" data-e-type=\"container\">\n\t\t\t\t<div class=\"elementor-element elementor-element-iwgs-klang-und-licht-kwdt elementor-widget elementor-widget-text-editor\" data-id=\"iwgs-klang-und-licht-kwdt\" data-element_type=\"widget\" data-e-type=\"widget\" data-widget_type=\"text-editor.default\">\n\t\t\t\t\t\t\t\t\t<p><em>Relaterade nyckelbegrepp: klang och ljus skydd klockor avv\u00e4rjning skyddsljus skyddseld buller andar.<\/em><\/p>\t\t\t\t\t\t\t\t<\/div>\n\t\t\t\t<\/div>\n\t\t\t\t\t<\/div>\n\t\t\t\t<\/div>\n\t\t<div class=\"elementor-element elementor-element-iwgs-klang-und-licht-cc e-flex e-con-boxed e-con e-parent\" data-id=\"iwgs-klang-und-licht-cc\" data-element_type=\"container\" data-e-type=\"container\" id=\"iwg-cc-klang-und-licht\">\n\t\t\t\t\t<div class=\"e-con-inner\">\n\t\t<div class=\"elementor-element elementor-element-iwgs-klang-und-licht-ccinner e-flex e-con-boxed e-con e-parent\" data-id=\"iwgs-klang-und-licht-ccinner\" data-element_type=\"container\" data-e-type=\"container\" data-settings=\"{&quot;background_background&quot;:&quot;classic&quot;}\">\n\t\t\t\t\t<div class=\"e-con-inner\">\n\t\t\t\t<div class=\"elementor-element elementor-element-iwgs-klang-und-licht-cch elementor-widget elementor-widget-heading\" data-id=\"iwgs-klang-und-licht-cch\" data-element_type=\"widget\" data-e-type=\"widget\" data-widget_type=\"heading.default\">\n\t\t\t\t\t<h2 class=\"elementor-heading-title elementor-size-default\">iWell Guard och skyddstraditioner<\/h2>\t\t\t\t<\/div>\n\t\t\t\t<div class=\"elementor-element elementor-element-iwgs-klang-und-licht-cct elementor-widget elementor-widget-text-editor\" data-id=\"iwgs-klang-und-licht-cct\" data-element_type=\"widget\" data-e-type=\"widget\" data-widget_type=\"text-editor.default\">\n\t\t\t\t\t\t\t\t\t<p>F\u00f6rbindelsen mellan klang, ljus och skydd g\u00e5r genom kulturer som inte k\u00e4nde till varandra. Europeiska klockor, tibetanska cymbaler, forntida egyptiska facklor: \u00f6verallt uppstod erfarenheten att ljud och ljus f\u00f6r\u00e4ndrar n\u00e5got i rummet.<\/p><p><a href=\"https:\/\/iwell-guard.com\/sv\/skyddshanget-iwell-guard-kop\/\">iWell Guard<\/a> utvecklades med ambitionen att f\u00f6ra samman s\u00e5dana skyddstraditioner i en buren form som f\u00f6ljer b\u00e4raren oberoende av tid och plats. Den ers\u00e4tter inte den rituella anv\u00e4ndningen av klang och ljus som <span class=\"iwg-fachbegriff\" data-tooltip=\"Vidaref\u00f6rmedlingen av kunskap och ber\u00e4ttelser genom generationer.\" tabindex=\"0\">traditionen<\/span> beskriver, utan kompletterar den som en varaktigt buren p\u00e5minnelse om dessa principer.<\/p>\t\t\t\t\t\t\t\t<\/div>\n\t\t\t\t<div class=\"elementor-element elementor-element-iwgs-klang-und-licht-ccb iwg-cc-button iwg-cc-cta-2026-05-13 elementor-widget elementor-widget-jet-button\" data-id=\"iwgs-klang-und-licht-ccb\" data-element_type=\"widget\" data-e-type=\"widget\" data-widget_type=\"jet-button.default\">\n\t\t\t\t<div class=\"elementor-widget-container\">\n\t\t\t\t\t<div class=\"elementor-jet-button jet-elements\"><div class=\"jet-button__container\"><a class=\"jet-button__instance jet-button__instance--icon-left hover-effect-1\" href=\"\/schutzanhaenger-iwell-guard-kaufen\/?utm_source=iwell-guard.com&amp;utm_medium=info-box&amp;utm_campaign=schutzsymbole\"><div class=\"jet-button__plane jet-button__plane-normal\"><\/div><div class=\"jet-button__plane jet-button__plane-hover\"><\/div><div class=\"jet-button__state jet-button__state-normal\"><span class=\"jet-button__label\">Mer om iWell Guard<\/span><\/div><div class=\"jet-button__state jet-button__state-hover\"><span class=\"jet-button__label\">Mer om iWell Guard<\/span><\/div><\/a><\/div><\/div><style>.elementor-element.elementor-element-iwgs-klang-und-licht-ccb .jet-button__instance{width:320px;height:56px;}.elementor-element.elementor-element-iwgs-klang-und-licht-ccb .jet-button__state-normal .jet-button__label{text-align:center;margin:0px 0px 0px 0px;color:#1a1b20;font-family:Montserrat,sans-serif;font-size:13px;font-weight:400;letter-spacing:4px;line-height:1.714em;text-transform:uppercase;}.elementor-element.elementor-element-iwgs-klang-und-licht-ccb .jet-button__state-hover .jet-button__label{text-align:center;margin:0px 0px 0px 0px;color:#FECC76;font-family:Montserrat,sans-serif;font-size:13px;font-weight:400;letter-spacing:4px;line-height:1.714em;text-transform:uppercase;}.elementor-element.elementor-element-iwgs-klang-und-licht-ccb .jet-button__plane-normal{background-color:#FECC76;border-style:solid;border-color:#C99540;border-width:2px 2px 2px 2px;}.elementor-element.elementor-element-iwgs-klang-und-licht-ccb .jet-button__plane-hover{background-color:rgba(0,0,0,0.55);border-style:solid;border-color:#FECC76;border-width:2px 2px 2px 2px;}<\/style>\t\t\t\t<\/div>\n\t\t\t\t<\/div>\n\t\t\t\t<div class=\"elementor-element elementor-element-iwgs-klang-und-licht-ccd elementor-widget elementor-widget-text-editor\" data-id=\"iwgs-klang-und-licht-ccd\" data-element_type=\"widget\" data-e-type=\"widget\" data-widget_type=\"text-editor.default\">\n\t\t\t\t\t\t\t\t\t<p style=\"text-align:center;font-size:13px;opacity:0.7;margin-top:14px\" data-nosnippet=\"true\">Personliga erfarenheter kan variera. Ingen medicinteknisk produkt. Inget l\u00f6fte om l\u00e4kning.<\/p>\t\t\t\t\t\t\t\t<\/div>\n\t\t\t\t\t<\/div>\n\t\t\t\t<\/div>\n\t\t\t\t\t<\/div>\n\t\t\t\t<\/div>\n\t\t<div class=\"elementor-element elementor-element-iwgs-klang-und-licht-disc e-flex e-con-boxed e-con e-parent\" data-id=\"iwgs-klang-und-licht-disc\" data-element_type=\"container\" data-e-type=\"container\">\n\t\t\t\t\t<div class=\"e-con-inner\">\n\t\t<div class=\"elementor-element elementor-element-iw-klang-und-licht-disc-bw e-con-full e-flex e-con e-child\" data-id=\"iw-klang-und-licht-disc-bw\" data-element_type=\"container\" data-e-type=\"container\">\n\t\t\t\t<div class=\"elementor-element elementor-element-iwgs-klang-und-licht-discw elementor-widget elementor-widget-html\" data-id=\"iwgs-klang-und-licht-discw\" data-element_type=\"widget\" data-e-type=\"widget\" data-widget_type=\"html.default\">\n\t\t\t\t\t<footer data-nosnippet=\"true\" class=\"iwg-disclaimer-block\"><p data-nosnippet=\"true\">iWell Guard \u00e4r <strong>ingen medicinteknisk produkt<\/strong> och ers\u00e4tter ingen l\u00e4karbehandling eller psykoterapeutisk behandling. Inneh\u00e5llet som presenteras h\u00e4r \u00e4r en religionsvetenskaplig och kulturhistorisk kontextualisering, inget l\u00f6fte om andlig verkan.<\/p><\/footer>\t\t\t\t<\/div>\n\t\t\t\t<\/div>\n\t\t\t\t\t<\/div>\n\t\t\t\t<\/div>\n\t\t\t\t<\/div>\n\t\t","protected":false},"excerpt":{"rendered":"","protected":false},"author":3,"featured_media":4141,"parent":0,"menu_order":0,"comment_status":"closed","ping_status":"closed","template":"elementor_header_footer","meta":{"_yoast_wpseo_focuskw":"klang och ljus skydd","_yoast_wpseo_title":"Klang och ljus som skydd mot skadliga v\u00e4sen","_yoast_wpseo_metadesc":"Klockor, ljus och eld som skyddsmedel: vad traditionen tillskriver klang och ljus mot skadliga v\u00e4sen.","_yoast_wpseo_meta-robots-noindex":"","_yoast_wpseo_canonical":"","_angie_page":false,"gefaehrdungsstufe":"","wesen_kultur":"","wesen_klasse":"","footnotes":""},"categories":[],"class_list":["post-137171","page","type-page","status-publish","has-post-thumbnail","hentry"],"yoast_head":"<!-- This site is optimized with the Yoast SEO Premium plugin v27.7 (Yoast SEO v28.3) - https:\/\/yoast.com\/product\/yoast-seo-premium-wordpress\/ -->\n<title>Klang och ljus som skydd mot skadliga v\u00e4sen<\/title>\n<meta name=\"description\" content=\"Klockor, ljus och eld som skyddsmedel: vad traditionen tillskriver klang och ljus mot skadliga v\u00e4sen.\" \/>\n<meta name=\"robots\" content=\"index, follow, max-snippet:-1, max-image-preview:large, max-video-preview:-1\" \/>\n<link rel=\"canonical\" href=\"https:\/\/iwell-guard.com\/sv\/klang-och-ljus-som-skydd\/\" \/>\n<meta property=\"og:locale\" content=\"sv_SE\" \/>\n<meta property=\"og:type\" content=\"article\" \/>\n<meta property=\"og:title\" content=\"Klang och ljus som skydd\" \/>\n<meta property=\"og:description\" content=\"Klockor, ljus och eld som skyddsmedel: vad traditionen tillskriver klang och ljus mot skadliga v\u00e4sen.\" \/>\n<meta property=\"og:url\" content=\"https:\/\/iwell-guard.com\/sv\/klang-och-ljus-som-skydd\/\" \/>\n<meta property=\"og:site_name\" content=\"iWell Guard\" \/>\n<meta property=\"article:modified_time\" content=\"2026-09-03T01:22:20+00:00\" \/>\n<meta property=\"og:image\" content=\"https:\/\/iwell-guard.com\/wp-content\/uploads\/2026\/05\/schutzsymbol_universell_klang-und-licht.png\" \/>\n\t<meta property=\"og:image:width\" content=\"1024\" \/>\n\t<meta property=\"og:image:height\" content=\"1536\" \/>\n\t<meta property=\"og:image:type\" content=\"image\/png\" \/>\n<meta name=\"twitter:card\" content=\"summary_large_image\" \/>\n<script type=\"application\/ld+json\" class=\"yoast-schema-graph\">{\"@context\":\"https:\\\/\\\/schema.org\",\"@graph\":[{\"@type\":\"WebPage\",\"@id\":\"https:\\\/\\\/iwell-guard.com\\\/sv\\\/klang-och-ljus-som-skydd\\\/\",\"url\":\"https:\\\/\\\/iwell-guard.com\\\/sv\\\/klang-och-ljus-som-skydd\\\/\",\"name\":\"Klang och ljus som skydd mot skadliga v\u00e4sen\",\"isPartOf\":{\"@id\":\"https:\\\/\\\/iwell-guard.com\\\/sv\\\/#website\"},\"primaryImageOfPage\":{\"@id\":\"https:\\\/\\\/iwell-guard.com\\\/sv\\\/klang-och-ljus-som-skydd\\\/#primaryimage\"},\"image\":{\"@id\":\"https:\\\/\\\/iwell-guard.com\\\/sv\\\/klang-och-ljus-som-skydd\\\/#primaryimage\"},\"thumbnailUrl\":\"https:\\\/\\\/iwell-guard.com\\\/wp-content\\\/uploads\\\/2026\\\/05\\\/schutzsymbol_universell_klang-und-licht.png\",\"datePublished\":\"2026-09-03T00:13:25+00:00\",\"dateModified\":\"2026-09-03T01:22:20+00:00\",\"description\":\"Klockor, ljus och eld som skyddsmedel: vad traditionen tillskriver klang och ljus mot skadliga v\u00e4sen.\",\"breadcrumb\":{\"@id\":\"https:\\\/\\\/iwell-guard.com\\\/sv\\\/klang-och-ljus-som-skydd\\\/#breadcrumb\"},\"inLanguage\":\"sv-SE\",\"potentialAction\":[{\"@type\":\"ReadAction\",\"target\":[\"https:\\\/\\\/iwell-guard.com\\\/sv\\\/klang-och-ljus-som-skydd\\\/\"]}]},{\"@type\":\"ImageObject\",\"inLanguage\":\"sv-SE\",\"@id\":\"https:\\\/\\\/iwell-guard.com\\\/sv\\\/klang-och-ljus-som-skydd\\\/#primaryimage\",\"url\":\"https:\\\/\\\/iwell-guard.com\\\/wp-content\\\/uploads\\\/2026\\\/05\\\/schutzsymbol_universell_klang-und-licht.png\",\"contentUrl\":\"https:\\\/\\\/iwell-guard.com\\\/wp-content\\\/uploads\\\/2026\\\/05\\\/schutzsymbol_universell_klang-und-licht.png\",\"width\":1024,\"height\":1536,\"caption\":\"Klang och ljus till skydd: klocka och ljussken\"},{\"@type\":\"BreadcrumbList\",\"@id\":\"https:\\\/\\\/iwell-guard.com\\\/sv\\\/klang-och-ljus-som-skydd\\\/#breadcrumb\",\"itemListElement\":[{\"@type\":\"ListItem\",\"position\":1,\"name\":\"Start\",\"item\":\"https:\\\/\\\/iwell-guard.com\\\/sv\\\/?page_id=136483\"},{\"@type\":\"ListItem\",\"position\":2,\"name\":\"Klang och ljus som skydd\"}]},{\"@type\":\"WebSite\",\"@id\":\"https:\\\/\\\/iwell-guard.com\\\/sv\\\/#website\",\"url\":\"https:\\\/\\\/iwell-guard.com\\\/sv\\\/\",\"name\":\"iWell Guard\",\"description\":\"Schutz vor dunklen Einfl\u00fcssen\",\"publisher\":{\"@id\":\"https:\\\/\\\/iwell-guard.com\\\/sv\\\/#organization\"},\"potentialAction\":[{\"@type\":\"SearchAction\",\"target\":{\"@type\":\"EntryPoint\",\"urlTemplate\":\"https:\\\/\\\/iwell-guard.com\\\/sv\\\/?s={search_term_string}\"},\"query-input\":{\"@type\":\"PropertyValueSpecification\",\"valueRequired\":true,\"valueName\":\"search_term_string\"}}],\"inLanguage\":\"sv-SE\"},{\"@type\":\"Organization\",\"@id\":\"https:\\\/\\\/iwell-guard.com\\\/sv\\\/#organization\",\"name\":\"Ittermann electronic GmbH\",\"url\":\"https:\\\/\\\/iwell-guard.com\\\/sv\\\/\",\"logo\":{\"@type\":\"ImageObject\",\"inLanguage\":\"sv-SE\",\"@id\":\"https:\\\/\\\/iwell-guard.com\\\/sv\\\/#\\\/schema\\\/logo\\\/image\\\/\",\"url\":\"https:\\\/\\\/iwell-guard.com\\\/wp-content\\\/uploads\\\/2026\\\/05\\\/Ittermann-Logo-1182x237-1.png\",\"contentUrl\":\"https:\\\/\\\/iwell-guard.com\\\/wp-content\\\/uploads\\\/2026\\\/05\\\/Ittermann-Logo-1182x237-1.png\",\"width\":1182,\"height\":237,\"caption\":\"Ittermann electronic GmbH\"},\"image\":{\"@id\":\"https:\\\/\\\/iwell-guard.com\\\/sv\\\/#\\\/schema\\\/logo\\\/image\\\/\"},\"sameAs\":[\"https:\\\/\\\/pantip.com\\\/profile\\\/9367242\",\"https:\\\/\\\/micro.blog\\\/iwellguard\",\"https:\\\/\\\/www.diggerslist.com\\\/iwellguard\\\/about\",\"https:\\\/\\\/skitterphoto.com\\\/photographers\\\/2870314\\\/iwell-guard\",\"https:\\\/\\\/iwellguard.wordpress.com\\\/2026\\\/06\\\/06\\\/iwell-guard\\\/\",\"https:\\\/\\\/hub.docker.com\\\/u\\\/iwellguard\",\"https:\\\/\\\/www.pinterest.com\\\/iwellguard\\\/\",\"https:\\\/\\\/bit.ly\\\/m\\\/iwellguard\",\"https:\\\/\\\/entre-vos-mains.alsace.eu\\\/profiles\\\/iwellguard\\\/activity\",\"https:\\\/\\\/gravatar.com\\\/reallybeded8fd34\",\"https:\\\/\\\/naijamatta.com\\\/iwellguard\",\"https:\\\/\\\/www.goodreads.com\\\/iwellguard\",\"https:\\\/\\\/profile.hatena.ne.jp\\\/iwellguard\\\/\",\"https:\\\/\\\/experiment.com\\\/users\\\/iwellguard\",\"https:\\\/\\\/wakelet.com\\\/@iWellGuard82270\",\"https:\\\/\\\/www.chordie.com\\\/forum\\\/profile.php?id=2555664\",\"https:\\\/\\\/www.instapaper.com\\\/p\\\/17757966\",\"https:\\\/\\\/www.mapleprimes.com\\\/users\\\/iwellguard\",\"https:\\\/\\\/businesslistingplus.com\\\/profile\\\/iwell-guard\\\/\",\"https:\\\/\\\/telegra.ph\\\/iWell-Guard-06-06\",\"https:\\\/\\\/pbase.com\\\/iwellguard\\\/iwellguard\",\"https:\\\/\\\/b.hatena.ne.jp\\\/iwellguard\\\/20260607#bookmark-4788405196491818882\",\"https:\\\/\\\/fliphtml5.com\\\/home\\\/iwellguard\",\"https:\\\/\\\/anyflip.com\\\/homepage\\\/cmiwl#About\",\"https:\\\/\\\/transfur.com\\\/Users\\\/iwellguard\",\"http:\\\/\\\/delphi.larsbo.org\\\/user\\\/iwellguard\",\"https:\\\/\\\/jobs.lajobsportal.org\\\/profiles\\\/8380803-iwell-guard\",\"https:\\\/\\\/md.chaosdorf.de\\\/s\\\/jfbe5SBdJD\",\"https:\\\/\\\/www.lingvolive.com\\\/en-us\\\/profile\\\/9ecaeaca-ce11-4e51-9e71-01d55e2bff36\\\/translations\",\"https:\\\/\\\/www.fitday.com\\\/fitness\\\/forums\\\/members\\\/iwellguard.html\",\"https:\\\/\\\/www.mymeetbook.com\\\/iwellguard\",\"https:\\\/\\\/pxhere.com\\\/en\\\/photographer-me\\\/5040798\",\"https:\\\/\\\/disqus.com\\\/by\\\/iwellguard\\\/about\\\/\",\"https:\\\/\\\/pastelink.net\\\/hjwciqwq\",\"https:\\\/\\\/pubhtml5.com\\\/homepage\\\/scjhn\\\/\",\"https:\\\/\\\/www.bitchute.com\\\/channel\\\/2O2eOKzNqujT\",\"https:\\\/\\\/audiomack.com\\\/iwellguard\"]}]}<\/script>\n<!-- \/ Yoast SEO Premium plugin. -->","yoast_head_json":{"title":"Klang och ljus som skydd mot skadliga v\u00e4sen","description":"Klockor, ljus och eld som skyddsmedel: vad traditionen tillskriver klang och ljus mot skadliga v\u00e4sen.","robots":{"index":"index","follow":"follow","max-snippet":"max-snippet:-1","max-image-preview":"max-image-preview:large","max-video-preview":"max-video-preview:-1"},"canonical":"https:\/\/iwell-guard.com\/sv\/klang-och-ljus-som-skydd\/","og_locale":"sv_SE","og_type":"article","og_title":"Klang och ljus som skydd","og_description":"Klockor, ljus och eld som skyddsmedel: vad traditionen tillskriver klang och ljus mot skadliga v\u00e4sen.","og_url":"https:\/\/iwell-guard.com\/sv\/klang-och-ljus-som-skydd\/","og_site_name":"iWell Guard","article_modified_time":"2026-09-03T01:22:20+00:00","og_image":[{"width":1024,"height":1536,"url":"https:\/\/iwell-guard.com\/wp-content\/uploads\/2026\/05\/schutzsymbol_universell_klang-und-licht.png","type":"image\/png"}],"twitter_card":"summary_large_image","schema":{"@context":"https:\/\/schema.org","@graph":[{"@type":"WebPage","@id":"https:\/\/iwell-guard.com\/sv\/klang-och-ljus-som-skydd\/","url":"https:\/\/iwell-guard.com\/sv\/klang-och-ljus-som-skydd\/","name":"Klang och ljus som skydd mot skadliga v\u00e4sen","isPartOf":{"@id":"https:\/\/iwell-guard.com\/sv\/#website"},"primaryImageOfPage":{"@id":"https:\/\/iwell-guard.com\/sv\/klang-och-ljus-som-skydd\/#primaryimage"},"image":{"@id":"https:\/\/iwell-guard.com\/sv\/klang-och-ljus-som-skydd\/#primaryimage"},"thumbnailUrl":"https:\/\/iwell-guard.com\/wp-content\/uploads\/2026\/05\/schutzsymbol_universell_klang-und-licht.png","datePublished":"2026-09-03T00:13:25+00:00","dateModified":"2026-09-03T01:22:20+00:00","description":"Klockor, ljus och eld som skyddsmedel: vad traditionen tillskriver klang och ljus mot skadliga v\u00e4sen.","breadcrumb":{"@id":"https:\/\/iwell-guard.com\/sv\/klang-och-ljus-som-skydd\/#breadcrumb"},"inLanguage":"sv-SE","potentialAction":[{"@type":"ReadAction","target":["https:\/\/iwell-guard.com\/sv\/klang-och-ljus-som-skydd\/"]}]},{"@type":"ImageObject","inLanguage":"sv-SE","@id":"https:\/\/iwell-guard.com\/sv\/klang-och-ljus-som-skydd\/#primaryimage","url":"https:\/\/iwell-guard.com\/wp-content\/uploads\/2026\/05\/schutzsymbol_universell_klang-und-licht.png","contentUrl":"https:\/\/iwell-guard.com\/wp-content\/uploads\/2026\/05\/schutzsymbol_universell_klang-und-licht.png","width":1024,"height":1536,"caption":"Klang och ljus till skydd: klocka och ljussken"},{"@type":"BreadcrumbList","@id":"https:\/\/iwell-guard.com\/sv\/klang-och-ljus-som-skydd\/#breadcrumb","itemListElement":[{"@type":"ListItem","position":1,"name":"Start","item":"https:\/\/iwell-guard.com\/sv\/?page_id=136483"},{"@type":"ListItem","position":2,"name":"Klang och ljus som skydd"}]},{"@type":"WebSite","@id":"https:\/\/iwell-guard.com\/sv\/#website","url":"https:\/\/iwell-guard.com\/sv\/","name":"iWell Guard","description":"Schutz vor dunklen Einfl\u00fcssen","publisher":{"@id":"https:\/\/iwell-guard.com\/sv\/#organization"},"potentialAction":[{"@type":"SearchAction","target":{"@type":"EntryPoint","urlTemplate":"https:\/\/iwell-guard.com\/sv\/?s={search_term_string}"},"query-input":{"@type":"PropertyValueSpecification","valueRequired":true,"valueName":"search_term_string"}}],"inLanguage":"sv-SE"},{"@type":"Organization","@id":"https:\/\/iwell-guard.com\/sv\/#organization","name":"Ittermann electronic GmbH","url":"https:\/\/iwell-guard.com\/sv\/","logo":{"@type":"ImageObject","inLanguage":"sv-SE","@id":"https:\/\/iwell-guard.com\/sv\/#\/schema\/logo\/image\/","url":"https:\/\/iwell-guard.com\/wp-content\/uploads\/2026\/05\/Ittermann-Logo-1182x237-1.png","contentUrl":"https:\/\/iwell-guard.com\/wp-content\/uploads\/2026\/05\/Ittermann-Logo-1182x237-1.png","width":1182,"height":237,"caption":"Ittermann electronic GmbH"},"image":{"@id":"https:\/\/iwell-guard.com\/sv\/#\/schema\/logo\/image\/"},"sameAs":["https:\/\/pantip.com\/profile\/9367242","https:\/\/micro.blog\/iwellguard","https:\/\/www.diggerslist.com\/iwellguard\/about","https:\/\/skitterphoto.com\/photographers\/2870314\/iwell-guard","https:\/\/iwellguard.wordpress.com\/2026\/06\/06\/iwell-guard\/","https:\/\/hub.docker.com\/u\/iwellguard","https:\/\/www.pinterest.com\/iwellguard\/","https:\/\/bit.ly\/m\/iwellguard","https:\/\/entre-vos-mains.alsace.eu\/profiles\/iwellguard\/activity","https:\/\/gravatar.com\/reallybeded8fd34","https:\/\/naijamatta.com\/iwellguard","https:\/\/www.goodreads.com\/iwellguard","https:\/\/profile.hatena.ne.jp\/iwellguard\/","https:\/\/experiment.com\/users\/iwellguard","https:\/\/wakelet.com\/@iWellGuard82270","https:\/\/www.chordie.com\/forum\/profile.php?id=2555664","https:\/\/www.instapaper.com\/p\/17757966","https:\/\/www.mapleprimes.com\/users\/iwellguard","https:\/\/businesslistingplus.com\/profile\/iwell-guard\/","https:\/\/telegra.ph\/iWell-Guard-06-06","https:\/\/pbase.com\/iwellguard\/iwellguard","https:\/\/b.hatena.ne.jp\/iwellguard\/20260607#bookmark-4788405196491818882","https:\/\/fliphtml5.com\/home\/iwellguard","https:\/\/anyflip.com\/homepage\/cmiwl#About","https:\/\/transfur.com\/Users\/iwellguard","http:\/\/delphi.larsbo.org\/user\/iwellguard","https:\/\/jobs.lajobsportal.org\/profiles\/8380803-iwell-guard","https:\/\/md.chaosdorf.de\/s\/jfbe5SBdJD","https:\/\/www.lingvolive.com\/en-us\/profile\/9ecaeaca-ce11-4e51-9e71-01d55e2bff36\/translations","https:\/\/www.fitday.com\/fitness\/forums\/members\/iwellguard.html","https:\/\/www.mymeetbook.com\/iwellguard","https:\/\/pxhere.com\/en\/photographer-me\/5040798","https:\/\/disqus.com\/by\/iwellguard\/about\/","https:\/\/pastelink.net\/hjwciqwq","https:\/\/pubhtml5.com\/homepage\/scjhn\/","https:\/\/www.bitchute.com\/channel\/2O2eOKzNqujT","https:\/\/audiomack.com\/iwellguard"]}]}},"_links":{"self":[{"href":"https:\/\/iwell-guard.com\/sv\/wp-json\/wp\/v2\/pages\/137171","targetHints":{"allow":["GET"]}}],"collection":[{"href":"https:\/\/iwell-guard.com\/sv\/wp-json\/wp\/v2\/pages"}],"about":[{"href":"https:\/\/iwell-guard.com\/sv\/wp-json\/wp\/v2\/types\/page"}],"author":[{"embeddable":true,"href":"https:\/\/iwell-guard.com\/sv\/wp-json\/wp\/v2\/users\/3"}],"replies":[{"embeddable":true,"href":"https:\/\/iwell-guard.com\/sv\/wp-json\/wp\/v2\/comments?post=137171"}],"version-history":[{"count":0,"href":"https:\/\/iwell-guard.com\/sv\/wp-json\/wp\/v2\/pages\/137171\/revisions"}],"wp:featuredmedia":[{"embeddable":true,"href":"https:\/\/iwell-guard.com\/sv\/wp-json\/wp\/v2\/media\/4141"}],"wp:attachment":[{"href":"https:\/\/iwell-guard.com\/sv\/wp-json\/wp\/v2\/media?parent=137171"}],"wp:term":[{"taxonomy":"category","embeddable":true,"href":"https:\/\/iwell-guard.com\/sv\/wp-json\/wp\/v2\/categories?post=137171"}],"curies":[{"name":"wp","href":"https:\/\/api.w.org\/{rel}","templated":true}]}}