{"id":137170,"date":"2026-09-03T00:13:24","date_gmt":"2026-09-03T00:13:24","guid":{"rendered":"https:\/\/iwell-guard.com\/?page_id=137170"},"modified":"2026-09-03T01:22:18","modified_gmt":"2026-09-03T01:22:18","slug":"johannesort","status":"publish","type":"page","link":"https:\/\/iwell-guard.com\/sv\/johannesort\/","title":{"rendered":"Johannes\u00f6rt"},"content":{"rendered":"\t\t<div data-elementor-type=\"wp-page\" data-elementor-id=\"137170\" class=\"elementor elementor-137170 elementor-3776 elementor-bc-flex-widget\" data-elementor-post-type=\"page\">\n\t\t\t\t<div class=\"elementor-element elementor-element-iwgs-johanniskraut-hero e-flex e-con-boxed e-con e-parent\" data-id=\"iwgs-johanniskraut-hero\" data-element_type=\"container\" data-e-type=\"container\">\n\t\t\t\t\t<div class=\"e-con-inner\">\n\t\t<div class=\"elementor-element elementor-element-iw-johanniskraut-hero-left e-con-full e-flex e-con e-child\" data-id=\"iw-johanniskraut-hero-left\" data-element_type=\"container\" data-e-type=\"container\">\n\t\t\t\t<div class=\"elementor-element elementor-element-iwgs-johanniskraut-h1 elementor-widget elementor-widget-heading\" data-id=\"iwgs-johanniskraut-h1\" data-element_type=\"widget\" data-e-type=\"widget\" data-widget_type=\"heading.default\">\n\t\t\t\t\t<h1 class=\"elementor-heading-title elementor-size-default\">Johannes\u00f6rt \u2014 skyddsv\u00e4xt vid sommarsolst\u00e5ndet<\/h1>\t\t\t\t<\/div>\n\t\t<div class=\"elementor-element elementor-element-iw-johanniskraut-hero-bw e-con-full e-flex e-con e-child\" data-id=\"iw-johanniskraut-hero-bw\" data-element_type=\"container\" data-e-type=\"container\">\n\t\t\t\t<div class=\"elementor-element elementor-element-iwgs-johanniskraut-pills elementor-widget elementor-widget-html\" data-id=\"iwgs-johanniskraut-pills\" data-element_type=\"widget\" data-e-type=\"widget\" data-widget_type=\"html.default\">\n\t\t\t\t\t<div class=\"iwg-pill-row\"><span class=\"iwg-klasse-badge\" tabindex=\"0\" data-tooltip=\"Typ av skyddsmedel.\">Skydds\u00e4mne<\/span><a href=\"https:\/\/iwell-guard.com\/sv\/skyddsamnen-och-skyddsvaxter\/\" class=\"iwg-kultur-badge\" tabindex=\"0\" data-tooltip=\"Till \u00f6versikten.\">Skydds\u00e4mnen och v\u00e4xter<\/a><\/div>\t\t\t\t<\/div>\n\t\t\t\t<div class=\"elementor-element elementor-element-iwgs-johanniskraut-lead elementor-widget elementor-widget-text-editor\" data-id=\"iwgs-johanniskraut-lead\" data-element_type=\"widget\" data-e-type=\"widget\" data-widget_type=\"text-editor.default\">\n\t\t\t\t\t\t\t\t\t<p>Johannes\u00f6rt b\u00e4r i den latinska v\u00e4xtkunskapen ett av de mest uttrycksfulla folkliga tillnamn en l\u00e4kev\u00e4xt n\u00e5gonsin f\u00e5tt: <em>Fuga daemonum<\/em>, demonernas flykt.<\/p><p>Detta namn, som \u00e4r belagt sedan medeltiden i botaniska och teologiska texter, sammanfattar k\u00e4rnan i den folkloristiska <span class=\"iwg-fachbegriff\" data-tooltip=\"Kunskap och ber\u00e4ttelser som f\u00f6rs vidare genom generationer.\" tabindex=\"0\">traditionen<\/span>: \u00d6rten, som st\u00e5r i full blom kring midsommardagen den 24 juni, ska h\u00e5lla demoner, maror och skadliga andev\u00e4sen borta fr\u00e5n huset och personen.<\/p>\n<p>Johannes\u00f6rt \u00e4r en del av <a href=\"https:\/\/iwell-guard.com\/sv\/skyddsamnen-och-skyddsvaxter\/\">skydds\u00e4mnen och skyddsv\u00e4xter<\/a> och intar en s\u00e4rst\u00e4llning bland skyddsv\u00e4xterna, eftersom det \u00e4r den enda v\u00e4xten i denna grupp som b\u00e4r ett kyrkligt sanktionerat latinskt skyddsnamn: Beteckningen <em>Fuga daemonum<\/em> visar att \u00e4ven den medeltida kyrkan k\u00e4nde till denna skyddstillskrivning, dokumenterade den och tog upp den i sin botanik utan att f\u00f6rkasta den.<\/p><p>Viktigt: Denna sida handlar uteslutande om den folkloristiska skyddstraditionen. Medicinska eller farmakologiska uttalanden om \u00f6rten \u00e4r inte f\u00f6rem\u00e5l f\u00f6r denna artikel. N\u00e4rheten till sommarsolst\u00e5ndet pr\u00e4glar \u00e4n idag den folkliga uppfattningen om johannes\u00f6rt som skyddsv\u00e4xt.<\/p>\t\t\t\t\t\t\t\t<\/div>\n\t\t\t\t<\/div>\n\t\t\t\t<\/div>\n\t\t<div class=\"elementor-element elementor-element-iw-johanniskraut-hero-img e-con-full e-flex e-con e-child\" data-id=\"iw-johanniskraut-hero-img\" data-element_type=\"container\" data-e-type=\"container\">\n\t\t\t\t<div class=\"elementor-element elementor-element-iwgs-johanniskraut-himg iwg-hero-image elementor-widget elementor-widget-image\" data-id=\"iwgs-johanniskraut-himg\" data-element_type=\"widget\" data-e-type=\"widget\" data-widget_type=\"image.default\">\n\t\t\t\t\t\t\t\t\t\t\t\t\t\t\t<img fetchpriority=\"high\" decoding=\"async\" width=\"683\" height=\"1024\" src=\"https:\/\/iwell-guard.com\/wp-content\/uploads\/2026\/05\/schutzsymbol_germanisch_johanniskraut-683x1024.png\" class=\"attachment-large size-large wp-image-135743\" alt=\"Johannes\u00f6rt \u2013 midsommarens skyddsv\u00e4xt, historisk-illustrativ\" srcset=\"https:\/\/iwell-guard.com\/wp-content\/uploads\/2026\/05\/schutzsymbol_germanisch_johanniskraut-683x1024.png 683w, https:\/\/iwell-guard.com\/wp-content\/uploads\/2026\/05\/schutzsymbol_germanisch_johanniskraut-200x300.png 200w, https:\/\/iwell-guard.com\/wp-content\/uploads\/2026\/05\/schutzsymbol_germanisch_johanniskraut-768x1152.png 768w, https:\/\/iwell-guard.com\/wp-content\/uploads\/2026\/05\/schutzsymbol_germanisch_johanniskraut.png 1024w\" sizes=\"(max-width: 683px) 100vw, 683px\" \/>\t\t\t\t\t\t\t\t\t\t\t\t\t\t\t<\/div>\n\t\t\t\t<\/div>\n\t\t\t\t\t<\/div>\n\t\t\t\t<\/div>\n\t\t<div class=\"elementor-element elementor-element-iwgs-johanniskraut-s0 e-flex e-con-boxed e-con e-parent\" data-id=\"iwgs-johanniskraut-s0\" data-element_type=\"container\" data-e-type=\"container\">\n\t\t\t\t\t<div class=\"e-con-inner\">\n\t\t\t\t<div class=\"elementor-element elementor-element-iwgs-johanniskraut-s0h elementor-widget elementor-widget-heading\" data-id=\"iwgs-johanniskraut-s0h\" data-element_type=\"widget\" data-e-type=\"widget\" data-widget_type=\"heading.default\">\n\t\t\t\t\t<h2 class=\"elementor-heading-title elementor-size-default\">Snabb\u00f6versikt<\/h2>\t\t\t\t<\/div>\n\t\t<div class=\"elementor-element elementor-element-iw-johanniskraut-s0-bw e-con-full e-flex e-con e-child\" data-id=\"iw-johanniskraut-s0-bw\" data-element_type=\"container\" data-e-type=\"container\">\n\t\t\t\t<div class=\"elementor-element elementor-element-iwgs-johanniskraut-s0t elementor-widget elementor-widget-text-editor\" data-id=\"iwgs-johanniskraut-s0t\" data-element_type=\"widget\" data-e-type=\"widget\" data-widget_type=\"text-editor.default\">\n\t\t\t\t\t\t\t\t\t<p>I <span class=\"iwg-fachbegriff\" data-tooltip=\"Kunskap och ber\u00e4ttelser som f\u00f6rs vidare genom generationer.\" tabindex=\"0\">traditionen<\/span> anses johannes\u00f6rt vara en skyddsv\u00e4xt mot demoner, maror och allm\u00e4n nattlig p\u00e5verkan. \u00d6rten torkas och h\u00e4ngs i knippor \u00f6ver d\u00f6rrar, i f\u00f6nsterkarmar och vid s\u00e4ngar.<\/p><p>\u00d6rter som samlats p\u00e5 midsommardagen anses s\u00e4rskilt kraftfulla. De guldgula blommorna och det r\u00f6da f\u00e4rg\u00e4mnet fr\u00e5n de gnuggade bladen tolkas i <span class=\"iwg-fachbegriff\" data-tooltip=\"Kunskap och ber\u00e4ttelser som f\u00f6rs vidare genom generationer.\" tabindex=\"0\">traditionen<\/span> som tecken p\u00e5 ljuskraft som tr\u00e4nger tillbaka m\u00f6rkret.<\/p>\t\t\t\t\t\t\t\t<\/div>\n\t\t\t\t<\/div>\n\t\t\t\t\t<\/div>\n\t\t\t\t<\/div>\n\t\t<div class=\"elementor-element elementor-element-iwgs-johanniskraut-s1 e-flex e-con-boxed e-con e-parent\" data-id=\"iwgs-johanniskraut-s1\" data-element_type=\"container\" data-e-type=\"container\">\n\t\t\t\t\t<div class=\"e-con-inner\">\n\t\t\t\t<div class=\"elementor-element elementor-element-iwgs-johanniskraut-s1h elementor-widget elementor-widget-heading\" data-id=\"iwgs-johanniskraut-s1h\" data-element_type=\"widget\" data-e-type=\"widget\" data-widget_type=\"heading.default\">\n\t\t\t\t\t<h2 class=\"elementor-heading-title elementor-size-default\">Ursprung och tradition<\/h2>\t\t\t\t<\/div>\n\t\t<div class=\"elementor-element elementor-element-iw-johanniskraut-s1-bw e-con-full e-flex e-con e-child\" data-id=\"iw-johanniskraut-s1-bw\" data-element_type=\"container\" data-e-type=\"container\">\n\t\t\t\t<div class=\"elementor-element elementor-element-iwgs-johanniskraut-s1t elementor-widget elementor-widget-text-editor\" data-id=\"iwgs-johanniskraut-s1t\" data-element_type=\"widget\" data-e-type=\"widget\" data-widget_type=\"text-editor.default\">\n\t\t\t\t\t\t\t\t\t<p>Namnet johannes\u00f6rt syftar p\u00e5 Johannes D\u00f6paren, vars minnesdag firas den 24 juni. Sommarsolst\u00e5ndet infaller strax f\u00f6re detta datum, och i folktraditionen sm\u00e4lte de f\u00f6rsedvanliga solv\u00e4ndseldarna samman med den kristna helgondyrkan.<\/p><p>V\u00e4xter som sk\u00f6rdades vid denna tidpunkt ans\u00e5gs vara s\u00e4rskilt kraftfulla, eftersom de hade tagit upp solkraftens maximum i sig.<\/p>\n<p><em>Hypericum perforatum<\/em>, v\u00e4xtens botaniska namn, inneh\u00e5ller en antydan i artnamnet: Bladen visar fina genomskinliga punkter mot ljuset, vilka i folktraditionen tolkades som stick- eller s\u00e5rm\u00e4rken. Denna koppling till d\u00f6parens lidande st\u00e4rkte \u00f6rtens religi\u00f6sa laddning.<\/p>\n<p>I den medeltida botaniken av Konrad von Megenberg (<em>Buch der Natur<\/em>, 14. Jahrhundert) n\u00e4mns johannes\u00f6rt i samband med demon- och marav\u00e4rn. Paracelsus, l\u00e4karen och naturfilosofen fr\u00e5n tidigt 1500-tal, beskriver \u00f6rten i sammanhang av ljus, rening och andeavv\u00e4rjning.<\/p>\n<p>I den tyska folktraditionen, utf\u00f6rligt dokumenterad i Handw\u00f6rterbuch des deutschen Aberglaubens, h\u00f6r upph\u00e4ngningen av johannes\u00f6rtknippor vid midsommar till de mest spridda husliga sedv\u00e4njorna. Den som gl\u00f6mde att sk\u00e4ra f\u00e4rsk \u00f6rt p\u00e5 midsommardagen och h\u00e4nga den \u00f6ver d\u00f6rren ans\u00e5gs p\u00e5 vissa h\u00e5ll vara skyddsl\u00f6s f\u00f6r det kommande \u00e5ret.<\/p>\t\t\t\t\t\t\t\t<\/div>\n\t\t\t\t<\/div>\n\t\t\t\t\t<\/div>\n\t\t\t\t<\/div>\n\t\t<div class=\"elementor-element elementor-element-iwgs-johanniskraut-s2 e-flex e-con-boxed e-con e-parent\" data-id=\"iwgs-johanniskraut-s2\" data-element_type=\"container\" data-e-type=\"container\">\n\t\t\t\t\t<div class=\"e-con-inner\">\n\t\t\t\t<div class=\"elementor-element elementor-element-iwgs-johanniskraut-s2h elementor-widget elementor-widget-heading\" data-id=\"iwgs-johanniskraut-s2h\" data-element_type=\"widget\" data-e-type=\"widget\" data-widget_type=\"heading.default\">\n\t\t\t\t\t<h2 class=\"elementor-heading-title elementor-size-default\">Verkningsprincip enligt traditionen<\/h2>\t\t\t\t<\/div>\n\t\t<div class=\"elementor-element elementor-element-iw-johanniskraut-s2-bw e-con-full e-flex e-con e-child\" data-id=\"iw-johanniskraut-s2-bw\" data-element_type=\"container\" data-e-type=\"container\">\n\t\t\t\t<div class=\"elementor-element elementor-element-iwgs-johanniskraut-s2t elementor-widget elementor-widget-text-editor\" data-id=\"iwgs-johanniskraut-s2t\" data-element_type=\"widget\" data-e-type=\"widget\" data-widget_type=\"text-editor.default\">\n\t\t\t\t\t\t\t\t\t<p><span class=\"iwg-fachbegriff\" data-tooltip=\"Kunskap och ber\u00e4ttelser som f\u00f6rs vidare genom generationer.\" tabindex=\"0\">Traditionen<\/span> motiverar johannes\u00f6rtens skyddsverkan p\u00e5 flera niv\u00e5er.<\/p>\n<p>Ljustillskrivningen \u00e4r den starkaste. \u00d6rten blommar intensivt gul under \u00e5rets l\u00e4ngsta dagsljustimmar, och det r\u00f6da f\u00e4rg\u00e4mnet hypericin, som tr\u00e4nger fram ur de gnuggade blommorna, tolkades som stelnat solljus eller som ett symboliskt blod fr\u00e5n solhelgonet. V\u00e4sen som s\u00f6ker m\u00f6rker kan enligt denna traditionslogik inte st\u00e5 emot denna koncentrerade ljuskraft.<\/p>\n<p>Dessutom kommer tidpunkten: V\u00e4xter som sk\u00f6rdas vid midsommar anses i folktron st\u00e5 p\u00e5 h\u00f6jdpunkten av sin naturkraft. Gr\u00e4nsen mellan en v\u00e4xts vanliga styrka och dess skyddsverkan ligger enligt denna uppfattning inte i kemin, utan i sk\u00f6rdetidpunkten och den kosmiska energikonstellation som \u00e4r f\u00f6rknippad med den.<\/p>\n<p>Slutligen bidrar den kyrkliga ben\u00e4mningen <em>Fuga daemonum<\/em> till traditionens djup: N\u00e4r till och med medeltidens latinskt l\u00e4rda botanik n\u00e4mnde denna \u00f6rt vid demonavv\u00e4rjning, fick den folkliga praktiken en f\u00f6rankring i skriftkulturen som andra skyddsv\u00e4xter saknade.<\/p>\t\t\t\t\t\t\t\t<\/div>\n\t\t\t\t<\/div>\n\t\t\t\t\t<\/div>\n\t\t\t\t<\/div>\n\t\t<div class=\"elementor-element elementor-element-iwgs-johanniskraut-s3 e-flex e-con-boxed e-con e-parent\" data-id=\"iwgs-johanniskraut-s3\" data-element_type=\"container\" data-e-type=\"container\">\n\t\t\t\t\t<div class=\"e-con-inner\">\n\t\t\t\t<div class=\"elementor-element elementor-element-iwgs-johanniskraut-s3h elementor-widget elementor-widget-heading\" data-id=\"iwgs-johanniskraut-s3h\" data-element_type=\"widget\" data-e-type=\"widget\" data-widget_type=\"heading.default\">\n\t\t\t\t\t<h2 class=\"elementor-heading-title elementor-size-default\">Kultur\u00f6verskridande spridning<\/h2>\t\t\t\t<\/div>\n\t\t<div class=\"elementor-element elementor-element-iw-johanniskraut-s3-bw e-con-full e-flex e-con e-child\" data-id=\"iw-johanniskraut-s3-bw\" data-element_type=\"container\" data-e-type=\"container\">\n\t\t\t\t<div class=\"elementor-element elementor-element-iwgs-johanniskraut-s3t elementor-widget elementor-widget-text-editor\" data-id=\"iwgs-johanniskraut-s3t\" data-element_type=\"widget\" data-e-type=\"widget\" data-widget_type=\"text-editor.default\">\n\t\t\t\t\t\t\t\t\t<p>Johannes\u00f6rt som skyddsv\u00e4xt \u00e4r i f\u00f6rsta hand ett centraleuropeiskt fenomen, men har \u00e4ven l\u00e4mnat sp\u00e5r i angr\u00e4nsande kulturer.<\/p>\n<p>I <strong>Central- och V\u00e4steuropa<\/strong> \u00e4r midsommarens skyddspraxis dokumenterad \u00f6ver hela regionen. Fr\u00e5n Bayern \u00f6ver \u00d6sterrike, Schweiz, Frankrike till Polen och de baltiska l\u00e4nderna framtr\u00e4der upph\u00e4ngningen av johannes\u00f6rt p\u00e5 midsommardagen som en enhetlig skyddssed.<\/p>\n<p>I <strong>Skandinavien<\/strong> \u00e4r liknande solv\u00e4nds\u00f6rter k\u00e4nda. \u00d6rten sj\u00e4lv \u00e4r mer s\u00e4llsynt, men logiken med solv\u00e4nds\u00f6rten som skyddsv\u00e4xt \u00e5terfinns i lokala v\u00e4xter som v\u00e4nderot.<\/p>\n<p>I <strong>Sydeuropa<\/strong> och i <strong>Medelhavsomr\u00e5det<\/strong> \u00e4r midsommardagen som sk\u00f6rddatum f\u00f6r magiska \u00f6rter ocks\u00e5 vanligt, och i vissa regioner i Italien och Grekland spelar johannes\u00f6rt en liknande roll som i det tyskspr\u00e5kiga omr\u00e5det.<\/p>\n<p>I <strong>Nordafrika och Mellan\u00f6stern<\/strong> \u00e4r v\u00e4xten mindre framtr\u00e4dande som skyddsmedel, men f\u00f6rknippas i vissa berbiska och arabiska folkmedicinska k\u00e4llor med andeavv\u00e4rjning.<\/p>\t\t\t\t\t\t\t\t<\/div>\n\t\t\t\t<\/div>\n\t\t\t\t\t<\/div>\n\t\t\t\t<\/div>\n\t\t<div class=\"elementor-element elementor-element-iwgs-johanniskraut-s4 e-flex e-con-boxed e-con e-parent\" data-id=\"iwgs-johanniskraut-s4\" data-element_type=\"container\" data-e-type=\"container\">\n\t\t\t\t\t<div class=\"e-con-inner\">\n\t\t\t\t<div class=\"elementor-element elementor-element-iwgs-johanniskraut-s4h elementor-widget elementor-widget-heading\" data-id=\"iwgs-johanniskraut-s4h\" data-element_type=\"widget\" data-e-type=\"widget\" data-widget_type=\"heading.default\">\n\t\t\t\t\t<h2 class=\"elementor-heading-title elementor-size-default\">Vad den anv\u00e4nds mot<\/h2>\t\t\t\t<\/div>\n\t\t<div class=\"elementor-element elementor-element-iw-johanniskraut-s4-bw e-con-full e-flex e-con e-child\" data-id=\"iw-johanniskraut-s4-bw\" data-element_type=\"container\" data-e-type=\"container\">\n\t\t\t\t<div class=\"elementor-element elementor-element-iwgs-johanniskraut-s4t elementor-widget elementor-widget-text-editor\" data-id=\"iwgs-johanniskraut-s4t\" data-element_type=\"widget\" data-e-type=\"widget\" data-widget_type=\"text-editor.default\">\n\t\t\t\t\t\t\t\t\t<p>Enligt traditionell uppfattning anses johannes\u00f6rt skydda s\u00e4rskilt mot:<\/p>\n<p>Mot <strong>demoner och demonisk p\u00e5verkan<\/strong>: Namnet <em>Fuga daemonum<\/em> syftar direkt p\u00e5 detta. \u00d6rten ska h\u00e5lla demoner borta fr\u00e5n rum och tvinga dem att l\u00e4mna ett hush\u00e5ll d\u00e4r den h\u00e4nger.<\/p>\n<p>Mot <strong>alver och nattmaror<\/strong>: I den mellaneuropeiska folktraditionen \u00e4r alven, en nattande som s\u00e4tter sig p\u00e5 sovande m\u00e4nniskor och pl\u00e5gar dem med mardr\u00f6mmar, ett huvudm\u00e5l f\u00f6r johannes\u00f6rtens skyddspraxis. Buketter vid s\u00e4ngst\u00e4llningar och \u00f6ver sovrumsd\u00f6rrar ska h\u00e5lla alven borta.<\/p>\n<p>Mot <strong>h\u00e4xor och skadeg\u00f6rande trolldom<\/strong>: Johannes\u00f6rt som h\u00e4ngs vid d\u00f6rrar och f\u00f6nster anses ocks\u00e5 skydda mot att h\u00e4xor tr\u00e4nger in eller mot verkan av skadeg\u00f6rande trolldom riktad mot huset.<\/p>\n<p>Mot <strong>allm\u00e4n ond p\u00e5verkan under midsommartiden<\/strong>: I den folkliga praktiken markerar midsommar (Johanni) inledningen av den &#8221;farligare halvan av \u00e5ret&#8221;, d\u00e5 \u00f6vernaturliga krafter anses vara mer aktiva. Den f\u00e4rska \u00f6rten anses vara en s\u00e4songsbunden skyddsutrustning f\u00f6r denna tid.<\/p>\t\t\t\t\t\t\t\t<\/div>\n\t\t\t\t<\/div>\n\t\t\t\t\t<\/div>\n\t\t\t\t<\/div>\n\t\t<div class=\"elementor-element elementor-element-iwgs-johanniskraut-s5 e-flex e-con-boxed e-con e-parent\" data-id=\"iwgs-johanniskraut-s5\" data-element_type=\"container\" data-e-type=\"container\">\n\t\t\t\t\t<div class=\"e-con-inner\">\n\t\t\t\t<div class=\"elementor-element elementor-element-iwgs-johanniskraut-s5h elementor-widget elementor-widget-heading\" data-id=\"iwgs-johanniskraut-s5h\" data-element_type=\"widget\" data-e-type=\"widget\" data-widget_type=\"heading.default\">\n\t\t\t\t\t<h2 class=\"elementor-heading-title elementor-size-default\">Till\u00e4mpning och gr\u00e4nser<\/h2>\t\t\t\t<\/div>\n\t\t<div class=\"elementor-element elementor-element-iw-johanniskraut-s5-bw e-con-full e-flex e-con e-child\" data-id=\"iw-johanniskraut-s5-bw\" data-element_type=\"container\" data-e-type=\"container\">\n\t\t\t\t<div class=\"elementor-element elementor-element-iwgs-johanniskraut-s5t elementor-widget elementor-widget-text-editor\" data-id=\"iwgs-johanniskraut-s5t\" data-element_type=\"widget\" data-e-type=\"widget\" data-widget_type=\"text-editor.default\">\n\t\t\t\t\t\t\t\t\t<p>Torkade buketter h\u00e4ngs \u00f6ver ing\u00e5ngar, i f\u00f6nsterkarmar och i sovrum. Enligt <span class=\"iwg-fachbegriff\" data-tooltip=\"\u00d6verf\u00f6ring av kunskap och ber\u00e4ttelser genom generationer.\" tabindex=\"0\">traditionen<\/span> \u00e4r det optimala l\u00e4get vid midsommardagen (Johannisdagen) sj\u00e4lv eller strax innan: \u00f6rten som d\u00e5 sk\u00e4rs b\u00e4r den fulla solkraften. \u00d6rt som sk\u00f6rdas utanf\u00f6r denna tid anses enligt en strikt tolkning av <span class=\"iwg-fachbegriff\" data-tooltip=\"\u00d6verf\u00f6ring av kunskap och ber\u00e4ttelser genom generationer.\" tabindex=\"0\">traditionen<\/span> vara mindre verksam.<\/p>\n<p>Vissa traditioner kr\u00e4ver att \u00f6rten sk\u00f6rdas utan j\u00e4rnverktyg, allts\u00e5 med bara h\u00e4nder eller med en tr\u00e4kniv, f\u00f6r att inte st\u00f6ra naturkraften. Andra ser ingen s\u00e5dan begr\u00e4nsning.<\/p>\n<p>Skyddseffekten \u00e4r knuten till platsen d\u00e4r \u00f6rten h\u00e4nger: den skyddar rummet, inte personen som l\u00e4mnar rummet. F\u00f6r personligt skydd under resa syddes \u00f6rten enligt andra traditioner in i en skyddsp\u00e5se.<\/p>\n<p>Inga medicinska verkningsp\u00e5st\u00e5enden \u00e4r f\u00f6rknippade med denna <span class=\"iwg-fachbegriff\" data-tooltip=\"\u00d6verf\u00f6ring av kunskap och ber\u00e4ttelser genom generationer.\" tabindex=\"0\">traditionen<\/span>.<\/p>\t\t\t\t\t\t\t\t<\/div>\n\t\t\t\t<\/div>\n\t\t\t\t\t<\/div>\n\t\t\t\t<\/div>\n\t\t<div class=\"elementor-element elementor-element-iwgs-johanniskraut-lit e-flex e-con-boxed e-con e-parent\" data-id=\"iwgs-johanniskraut-lit\" data-element_type=\"container\" data-e-type=\"container\">\n\t\t\t\t\t<div class=\"e-con-inner\">\n\t\t\t\t<div class=\"elementor-element elementor-element-iwgs-johanniskraut-lith elementor-widget elementor-widget-heading\" data-id=\"iwgs-johanniskraut-lith\" data-element_type=\"widget\" data-e-type=\"widget\" data-widget_type=\"heading.default\">\n\t\t\t\t\t<h2 class=\"elementor-heading-title elementor-size-default\">Litteratur (urval)<\/h2>\t\t\t\t<\/div>\n\t\t<div class=\"elementor-element elementor-element-iw-johanniskraut-lit-bw e-con-full e-flex e-con e-child\" data-id=\"iw-johanniskraut-lit-bw\" data-element_type=\"container\" data-e-type=\"container\">\n\t\t\t\t<div class=\"elementor-element elementor-element-iwgs-johanniskraut-litt elementor-widget elementor-widget-html\" data-id=\"iwgs-johanniskraut-litt\" data-element_type=\"widget\" data-e-type=\"widget\" data-widget_type=\"html.default\">\n\t\t\t\t\t<footer data-nosnippet=\"true\"><ul><li>Handw\u00f6rterbuch des deutschen Aberglaubens. Hrsg. von Hanns B\u00e4chtold-St\u00e4ubli und Eduard Hoffmann-Krayer. Berlin \/ Leipzig 1927-1942. Artikel \"Johanniskraut\".<\/li><li>Konrad von Megenberg: Buch der Natur. 14. Jahrhundert (Hrsg. Franz Pfeiffer, Stuttgart 1861).<\/li><li>Marzell, Heinrich: W\u00f6rterbuch der deutschen Pflanzennamen. Leipzig 1943-1979.<\/li><li>Richard Kieckhefer: Magic in the Middle Ages. Cambridge University Press, 1989.<\/li><li>Jacob Grimm: Deutsche Mythologie. 4. Auflage, Berlin 1875-1878.<\/li><\/ul><\/footer>\t\t\t\t<\/div>\n\t\t\t\t<\/div>\n\t\t\t\t\t<\/div>\n\t\t\t\t<\/div>\n\t\t<div class=\"elementor-element elementor-element-iwgs-johanniskraut-kwd e-flex e-con-boxed e-con e-parent\" data-id=\"iwgs-johanniskraut-kwd\" data-element_type=\"container\" data-e-type=\"container\">\n\t\t\t\t\t<div class=\"e-con-inner\">\n\t\t<div class=\"elementor-element elementor-element-iw-johanniskraut-kwd-bw e-con-full e-flex e-con e-child\" data-id=\"iw-johanniskraut-kwd-bw\" data-element_type=\"container\" data-e-type=\"container\">\n\t\t\t\t<div class=\"elementor-element elementor-element-iwgs-johanniskraut-kwdt elementor-widget elementor-widget-text-editor\" data-id=\"iwgs-johanniskraut-kwdt\" data-element_type=\"widget\" data-e-type=\"widget\" data-widget_type=\"text-editor.default\">\n\t\t\t\t\t\t\t\t\t<p><em>Relaterade nyckelbegrepp: johanniskraut skydd fuga daemonum daemonenkraut <span class=\"iwg-fachbegriff\" data-tooltip=\"Religi\u00f6sa f\u00f6rest\u00e4llningar och seder som \u00e4r spridda i vardagen.\" tabindex=\"0\">folktro<\/span>.<\/em><\/p>\t\t\t\t\t\t\t\t<\/div>\n\t\t\t\t<\/div>\n\t\t\t\t\t<\/div>\n\t\t\t\t<\/div>\n\t\t<div class=\"elementor-element elementor-element-iwgs-johanniskraut-cc e-flex e-con-boxed e-con e-parent\" data-id=\"iwgs-johanniskraut-cc\" data-element_type=\"container\" data-e-type=\"container\" id=\"iwg-cc-johanniskraut\">\n\t\t\t\t\t<div class=\"e-con-inner\">\n\t\t<div class=\"elementor-element elementor-element-iwgs-johanniskraut-ccinner e-flex e-con-boxed e-con e-parent\" data-id=\"iwgs-johanniskraut-ccinner\" data-element_type=\"container\" data-e-type=\"container\" data-settings=\"{&quot;background_background&quot;:&quot;classic&quot;}\">\n\t\t\t\t\t<div class=\"e-con-inner\">\n\t\t\t\t<div class=\"elementor-element elementor-element-iwgs-johanniskraut-cch elementor-widget elementor-widget-heading\" data-id=\"iwgs-johanniskraut-cch\" data-element_type=\"widget\" data-e-type=\"widget\" data-widget_type=\"heading.default\">\n\t\t\t\t\t<h2 class=\"elementor-heading-title elementor-size-default\">iWell Guard och skyddstraditioner<\/h2>\t\t\t\t<\/div>\n\t\t\t\t<div class=\"elementor-element elementor-element-iwgs-johanniskraut-cct elementor-widget elementor-widget-text-editor\" data-id=\"iwgs-johanniskraut-cct\" data-element_type=\"widget\" data-e-type=\"widget\" data-widget_type=\"text-editor.default\">\n\t\t\t\t\t\t\t\t\t<p><span class=\"iwg-fachbegriff\" data-tooltip=\"\u00d6verf\u00f6ring av kunskap och ber\u00e4ttelser genom generationer.\" tabindex=\"0\">Traditionen<\/span> kring johannes\u00f6rt visar hur ljus och natur tillsammans formade en skyddsf\u00f6rest\u00e4llning som f\u00f6rblev levande i flera \u00e5rhundraden.<\/p><p>Tanken att vissa v\u00e4xter och \u00e4mnen, insamlade vid r\u00e4tt tid och p\u00e5 r\u00e4tt plats, utvecklar en skyddande verkan f\u00f6renas med konceptet bakom <a href=\"https:\/\/iwell-guard.com\/sv\/skyddshanget-iwell-guard-kop\/\">iWell Guard<\/a>, ett f\u00f6rem\u00e5l som f\u00f6renar skyddst\u00e4nkandets traditionslinjer fr\u00e5n m\u00e5nga kulturer.<\/p>\t\t\t\t\t\t\t\t<\/div>\n\t\t\t\t<div class=\"elementor-element elementor-element-iwgs-johanniskraut-ccb iwg-cc-button iwg-cc-cta-2026-05-13 elementor-widget elementor-widget-jet-button\" data-id=\"iwgs-johanniskraut-ccb\" data-element_type=\"widget\" data-e-type=\"widget\" data-widget_type=\"jet-button.default\">\n\t\t\t\t<div class=\"elementor-widget-container\">\n\t\t\t\t\t<div class=\"elementor-jet-button jet-elements\"><div class=\"jet-button__container\"><a class=\"jet-button__instance jet-button__instance--icon-left hover-effect-1\" href=\"\/schutzanhaenger-iwell-guard-kaufen\/?utm_source=iwell-guard.com&amp;utm_medium=info-box&amp;utm_campaign=schutzsymbole\"><div class=\"jet-button__plane jet-button__plane-normal\"><\/div><div class=\"jet-button__plane jet-button__plane-hover\"><\/div><div class=\"jet-button__state jet-button__state-normal\"><span class=\"jet-button__label\">Mer om iWell Guard<\/span><\/div><div class=\"jet-button__state jet-button__state-hover\"><span class=\"jet-button__label\">Mer om iWell Guard<\/span><\/div><\/a><\/div><\/div><style>.elementor-element.elementor-element-iwgs-johanniskraut-ccb .jet-button__instance{width:320px;height:56px;}.elementor-element.elementor-element-iwgs-johanniskraut-ccb .jet-button__state-normal .jet-button__label{text-align:center;margin:0px 0px 0px 0px;color:#1a1b20;font-family:Montserrat,sans-serif;font-size:13px;font-weight:400;letter-spacing:4px;line-height:1.714em;text-transform:uppercase;}.elementor-element.elementor-element-iwgs-johanniskraut-ccb .jet-button__state-hover .jet-button__label{text-align:center;margin:0px 0px 0px 0px;color:#FECC76;font-family:Montserrat,sans-serif;font-size:13px;font-weight:400;letter-spacing:4px;line-height:1.714em;text-transform:uppercase;}.elementor-element.elementor-element-iwgs-johanniskraut-ccb .jet-button__plane-normal{background-color:#FECC76;border-style:solid;border-color:#C99540;border-width:2px 2px 2px 2px;}.elementor-element.elementor-element-iwgs-johanniskraut-ccb .jet-button__plane-hover{background-color:rgba(0,0,0,0.55);border-style:solid;border-color:#FECC76;border-width:2px 2px 2px 2px;}<\/style>\t\t\t\t<\/div>\n\t\t\t\t<\/div>\n\t\t\t\t<div class=\"elementor-element elementor-element-iwgs-johanniskraut-ccd elementor-widget elementor-widget-text-editor\" data-id=\"iwgs-johanniskraut-ccd\" data-element_type=\"widget\" data-e-type=\"widget\" data-widget_type=\"text-editor.default\">\n\t\t\t\t\t\t\t\t\t<p style=\"text-align:center;font-size:13px;opacity:0.7;margin-top:14px\" data-nosnippet=\"true\">Personliga erfarenheter kan variera. Ingen medicinteknisk produkt. Inget l\u00f6fte om l\u00e4kning.<\/p>\t\t\t\t\t\t\t\t<\/div>\n\t\t\t\t\t<\/div>\n\t\t\t\t<\/div>\n\t\t\t\t\t<\/div>\n\t\t\t\t<\/div>\n\t\t<div class=\"elementor-element elementor-element-iwgs-johanniskraut-disc e-flex e-con-boxed e-con e-parent\" data-id=\"iwgs-johanniskraut-disc\" data-element_type=\"container\" data-e-type=\"container\">\n\t\t\t\t\t<div class=\"e-con-inner\">\n\t\t<div class=\"elementor-element elementor-element-iw-johanniskraut-disc-bw e-con-full e-flex e-con e-child\" data-id=\"iw-johanniskraut-disc-bw\" data-element_type=\"container\" data-e-type=\"container\">\n\t\t\t\t<div class=\"elementor-element elementor-element-iwgs-johanniskraut-discw elementor-widget elementor-widget-html\" data-id=\"iwgs-johanniskraut-discw\" data-element_type=\"widget\" data-e-type=\"widget\" data-widget_type=\"html.default\">\n\t\t\t\t\t<footer data-nosnippet=\"true\" class=\"iwg-disclaimer-block\"><p data-nosnippet=\"true\">iWell Guard \u00e4r <strong>ingen medicinteknisk produkt<\/strong> och ers\u00e4tter ingen l\u00e4karbehandling eller psykoterapeutisk behandling. Inneh\u00e5llet som presenteras h\u00e4r \u00e4r en religionsvetenskaplig och kulturhistorisk kontextualisering, inget l\u00f6fte om andlig verkan.<\/p><\/footer>\t\t\t\t<\/div>\n\t\t\t\t<\/div>\n\t\t\t\t\t<\/div>\n\t\t\t\t<\/div>\n\t\t\t\t<\/div>\n\t\t","protected":false},"excerpt":{"rendered":"","protected":false},"author":3,"featured_media":4111,"parent":0,"menu_order":0,"comment_status":"closed","ping_status":"closed","template":"elementor_header_footer","meta":{"_yoast_wpseo_focuskw":"johannes\u00f6rt skydd","_yoast_wpseo_title":"Johannes\u00f6rt som skyddsv\u00e4xt","_yoast_wpseo_metadesc":"Fuga daemonum: Enligt traditionen har johannes\u00f6rt kraften att driva bort demoner och nattandar. Ursprung, verkningsprincip, anv\u00e4ndning.","_yoast_wpseo_meta-robots-noindex":"","_yoast_wpseo_canonical":"","_angie_page":false,"gefaehrdungsstufe":"","wesen_kultur":"","wesen_klasse":"","footnotes":""},"categories":[],"class_list":["post-137170","page","type-page","status-publish","has-post-thumbnail","hentry"],"yoast_head":"<!-- This site is optimized with the Yoast SEO Premium plugin v27.7 (Yoast SEO v28.3) - https:\/\/yoast.com\/product\/yoast-seo-premium-wordpress\/ -->\n<title>Johannes\u00f6rt som skyddsv\u00e4xt<\/title>\n<meta name=\"description\" content=\"Fuga daemonum: Enligt traditionen har johannes\u00f6rt kraften att driva bort demoner och nattandar. Ursprung, verkningsprincip, anv\u00e4ndning.\" \/>\n<meta name=\"robots\" content=\"index, follow, max-snippet:-1, max-image-preview:large, max-video-preview:-1\" \/>\n<link rel=\"canonical\" href=\"https:\/\/iwell-guard.com\/sv\/johannesort\/\" \/>\n<meta property=\"og:locale\" content=\"sv_SE\" \/>\n<meta property=\"og:type\" content=\"article\" \/>\n<meta property=\"og:title\" content=\"Johannes\u00f6rt\" \/>\n<meta property=\"og:description\" content=\"Fuga daemonum: Enligt traditionen har johannes\u00f6rt kraften att driva bort demoner och nattandar. Ursprung, verkningsprincip, anv\u00e4ndning.\" \/>\n<meta property=\"og:url\" content=\"https:\/\/iwell-guard.com\/sv\/johannesort\/\" \/>\n<meta property=\"og:site_name\" content=\"iWell Guard\" \/>\n<meta property=\"article:modified_time\" content=\"2026-09-03T01:22:18+00:00\" \/>\n<meta property=\"og:image\" content=\"https:\/\/iwell-guard.com\/wp-content\/uploads\/2026\/05\/schutzsymbol_germanisch_johanniskraut.png\" \/>\n\t<meta property=\"og:image:width\" content=\"1024\" \/>\n\t<meta property=\"og:image:height\" content=\"1536\" \/>\n\t<meta property=\"og:image:type\" content=\"image\/png\" \/>\n<meta name=\"twitter:card\" content=\"summary_large_image\" \/>\n<script type=\"application\/ld+json\" class=\"yoast-schema-graph\">{\"@context\":\"https:\\\/\\\/schema.org\",\"@graph\":[{\"@type\":\"WebPage\",\"@id\":\"https:\\\/\\\/iwell-guard.com\\\/sv\\\/johannesort\\\/\",\"url\":\"https:\\\/\\\/iwell-guard.com\\\/sv\\\/johannesort\\\/\",\"name\":\"Johannes\u00f6rt som skyddsv\u00e4xt\",\"isPartOf\":{\"@id\":\"https:\\\/\\\/iwell-guard.com\\\/sv\\\/#website\"},\"primaryImageOfPage\":{\"@id\":\"https:\\\/\\\/iwell-guard.com\\\/sv\\\/johannesort\\\/#primaryimage\"},\"image\":{\"@id\":\"https:\\\/\\\/iwell-guard.com\\\/sv\\\/johannesort\\\/#primaryimage\"},\"thumbnailUrl\":\"https:\\\/\\\/iwell-guard.com\\\/wp-content\\\/uploads\\\/2026\\\/05\\\/schutzsymbol_germanisch_johanniskraut.png\",\"datePublished\":\"2026-09-03T00:13:24+00:00\",\"dateModified\":\"2026-09-03T01:22:18+00:00\",\"description\":\"Fuga daemonum: Enligt traditionen har johannes\u00f6rt kraften att driva bort demoner och nattandar. Ursprung, verkningsprincip, anv\u00e4ndning.\",\"breadcrumb\":{\"@id\":\"https:\\\/\\\/iwell-guard.com\\\/sv\\\/johannesort\\\/#breadcrumb\"},\"inLanguage\":\"sv-SE\",\"potentialAction\":[{\"@type\":\"ReadAction\",\"target\":[\"https:\\\/\\\/iwell-guard.com\\\/sv\\\/johannesort\\\/\"]}]},{\"@type\":\"ImageObject\",\"inLanguage\":\"sv-SE\",\"@id\":\"https:\\\/\\\/iwell-guard.com\\\/sv\\\/johannesort\\\/#primaryimage\",\"url\":\"https:\\\/\\\/iwell-guard.com\\\/wp-content\\\/uploads\\\/2026\\\/05\\\/schutzsymbol_germanisch_johanniskraut.png\",\"contentUrl\":\"https:\\\/\\\/iwell-guard.com\\\/wp-content\\\/uploads\\\/2026\\\/05\\\/schutzsymbol_germanisch_johanniskraut.png\",\"width\":1024,\"height\":1536,\"caption\":\"Johannes\u00f6rt \u2013 midsommarens skyddsv\u00e4xt, historisk-illustrativ\"},{\"@type\":\"BreadcrumbList\",\"@id\":\"https:\\\/\\\/iwell-guard.com\\\/sv\\\/johannesort\\\/#breadcrumb\",\"itemListElement\":[{\"@type\":\"ListItem\",\"position\":1,\"name\":\"Start\",\"item\":\"https:\\\/\\\/iwell-guard.com\\\/sv\\\/?page_id=136483\"},{\"@type\":\"ListItem\",\"position\":2,\"name\":\"Johannes\u00f6rt\"}]},{\"@type\":\"WebSite\",\"@id\":\"https:\\\/\\\/iwell-guard.com\\\/sv\\\/#website\",\"url\":\"https:\\\/\\\/iwell-guard.com\\\/sv\\\/\",\"name\":\"iWell Guard\",\"description\":\"Schutz vor dunklen Einfl\u00fcssen\",\"publisher\":{\"@id\":\"https:\\\/\\\/iwell-guard.com\\\/sv\\\/#organization\"},\"potentialAction\":[{\"@type\":\"SearchAction\",\"target\":{\"@type\":\"EntryPoint\",\"urlTemplate\":\"https:\\\/\\\/iwell-guard.com\\\/sv\\\/?s={search_term_string}\"},\"query-input\":{\"@type\":\"PropertyValueSpecification\",\"valueRequired\":true,\"valueName\":\"search_term_string\"}}],\"inLanguage\":\"sv-SE\"},{\"@type\":\"Organization\",\"@id\":\"https:\\\/\\\/iwell-guard.com\\\/sv\\\/#organization\",\"name\":\"Ittermann electronic GmbH\",\"url\":\"https:\\\/\\\/iwell-guard.com\\\/sv\\\/\",\"logo\":{\"@type\":\"ImageObject\",\"inLanguage\":\"sv-SE\",\"@id\":\"https:\\\/\\\/iwell-guard.com\\\/sv\\\/#\\\/schema\\\/logo\\\/image\\\/\",\"url\":\"https:\\\/\\\/iwell-guard.com\\\/wp-content\\\/uploads\\\/2026\\\/05\\\/Ittermann-Logo-1182x237-1.png\",\"contentUrl\":\"https:\\\/\\\/iwell-guard.com\\\/wp-content\\\/uploads\\\/2026\\\/05\\\/Ittermann-Logo-1182x237-1.png\",\"width\":1182,\"height\":237,\"caption\":\"Ittermann electronic GmbH\"},\"image\":{\"@id\":\"https:\\\/\\\/iwell-guard.com\\\/sv\\\/#\\\/schema\\\/logo\\\/image\\\/\"},\"sameAs\":[\"https:\\\/\\\/pantip.com\\\/profile\\\/9367242\",\"https:\\\/\\\/micro.blog\\\/iwellguard\",\"https:\\\/\\\/www.diggerslist.com\\\/iwellguard\\\/about\",\"https:\\\/\\\/skitterphoto.com\\\/photographers\\\/2870314\\\/iwell-guard\",\"https:\\\/\\\/iwellguard.wordpress.com\\\/2026\\\/06\\\/06\\\/iwell-guard\\\/\",\"https:\\\/\\\/hub.docker.com\\\/u\\\/iwellguard\",\"https:\\\/\\\/www.pinterest.com\\\/iwellguard\\\/\",\"https:\\\/\\\/bit.ly\\\/m\\\/iwellguard\",\"https:\\\/\\\/entre-vos-mains.alsace.eu\\\/profiles\\\/iwellguard\\\/activity\",\"https:\\\/\\\/gravatar.com\\\/reallybeded8fd34\",\"https:\\\/\\\/naijamatta.com\\\/iwellguard\",\"https:\\\/\\\/www.goodreads.com\\\/iwellguard\",\"https:\\\/\\\/profile.hatena.ne.jp\\\/iwellguard\\\/\",\"https:\\\/\\\/experiment.com\\\/users\\\/iwellguard\",\"https:\\\/\\\/wakelet.com\\\/@iWellGuard82270\",\"https:\\\/\\\/www.chordie.com\\\/forum\\\/profile.php?id=2555664\",\"https:\\\/\\\/www.instapaper.com\\\/p\\\/17757966\",\"https:\\\/\\\/www.mapleprimes.com\\\/users\\\/iwellguard\",\"https:\\\/\\\/businesslistingplus.com\\\/profile\\\/iwell-guard\\\/\",\"https:\\\/\\\/telegra.ph\\\/iWell-Guard-06-06\",\"https:\\\/\\\/pbase.com\\\/iwellguard\\\/iwellguard\",\"https:\\\/\\\/b.hatena.ne.jp\\\/iwellguard\\\/20260607#bookmark-4788405196491818882\",\"https:\\\/\\\/fliphtml5.com\\\/home\\\/iwellguard\",\"https:\\\/\\\/anyflip.com\\\/homepage\\\/cmiwl#About\",\"https:\\\/\\\/transfur.com\\\/Users\\\/iwellguard\",\"http:\\\/\\\/delphi.larsbo.org\\\/user\\\/iwellguard\",\"https:\\\/\\\/jobs.lajobsportal.org\\\/profiles\\\/8380803-iwell-guard\",\"https:\\\/\\\/md.chaosdorf.de\\\/s\\\/jfbe5SBdJD\",\"https:\\\/\\\/www.lingvolive.com\\\/en-us\\\/profile\\\/9ecaeaca-ce11-4e51-9e71-01d55e2bff36\\\/translations\",\"https:\\\/\\\/www.fitday.com\\\/fitness\\\/forums\\\/members\\\/iwellguard.html\",\"https:\\\/\\\/www.mymeetbook.com\\\/iwellguard\",\"https:\\\/\\\/pxhere.com\\\/en\\\/photographer-me\\\/5040798\",\"https:\\\/\\\/disqus.com\\\/by\\\/iwellguard\\\/about\\\/\",\"https:\\\/\\\/pastelink.net\\\/hjwciqwq\",\"https:\\\/\\\/pubhtml5.com\\\/homepage\\\/scjhn\\\/\",\"https:\\\/\\\/www.bitchute.com\\\/channel\\\/2O2eOKzNqujT\",\"https:\\\/\\\/audiomack.com\\\/iwellguard\"]}]}<\/script>\n<!-- \/ Yoast SEO Premium plugin. -->","yoast_head_json":{"title":"Johannes\u00f6rt som skyddsv\u00e4xt","description":"Fuga daemonum: Enligt traditionen har johannes\u00f6rt kraften att driva bort demoner och nattandar. Ursprung, verkningsprincip, anv\u00e4ndning.","robots":{"index":"index","follow":"follow","max-snippet":"max-snippet:-1","max-image-preview":"max-image-preview:large","max-video-preview":"max-video-preview:-1"},"canonical":"https:\/\/iwell-guard.com\/sv\/johannesort\/","og_locale":"sv_SE","og_type":"article","og_title":"Johannes\u00f6rt","og_description":"Fuga daemonum: Enligt traditionen har johannes\u00f6rt kraften att driva bort demoner och nattandar. Ursprung, verkningsprincip, anv\u00e4ndning.","og_url":"https:\/\/iwell-guard.com\/sv\/johannesort\/","og_site_name":"iWell Guard","article_modified_time":"2026-09-03T01:22:18+00:00","og_image":[{"width":1024,"height":1536,"url":"https:\/\/iwell-guard.com\/wp-content\/uploads\/2026\/05\/schutzsymbol_germanisch_johanniskraut.png","type":"image\/png"}],"twitter_card":"summary_large_image","schema":{"@context":"https:\/\/schema.org","@graph":[{"@type":"WebPage","@id":"https:\/\/iwell-guard.com\/sv\/johannesort\/","url":"https:\/\/iwell-guard.com\/sv\/johannesort\/","name":"Johannes\u00f6rt som skyddsv\u00e4xt","isPartOf":{"@id":"https:\/\/iwell-guard.com\/sv\/#website"},"primaryImageOfPage":{"@id":"https:\/\/iwell-guard.com\/sv\/johannesort\/#primaryimage"},"image":{"@id":"https:\/\/iwell-guard.com\/sv\/johannesort\/#primaryimage"},"thumbnailUrl":"https:\/\/iwell-guard.com\/wp-content\/uploads\/2026\/05\/schutzsymbol_germanisch_johanniskraut.png","datePublished":"2026-09-03T00:13:24+00:00","dateModified":"2026-09-03T01:22:18+00:00","description":"Fuga daemonum: Enligt traditionen har johannes\u00f6rt kraften att driva bort demoner och nattandar. Ursprung, verkningsprincip, anv\u00e4ndning.","breadcrumb":{"@id":"https:\/\/iwell-guard.com\/sv\/johannesort\/#breadcrumb"},"inLanguage":"sv-SE","potentialAction":[{"@type":"ReadAction","target":["https:\/\/iwell-guard.com\/sv\/johannesort\/"]}]},{"@type":"ImageObject","inLanguage":"sv-SE","@id":"https:\/\/iwell-guard.com\/sv\/johannesort\/#primaryimage","url":"https:\/\/iwell-guard.com\/wp-content\/uploads\/2026\/05\/schutzsymbol_germanisch_johanniskraut.png","contentUrl":"https:\/\/iwell-guard.com\/wp-content\/uploads\/2026\/05\/schutzsymbol_germanisch_johanniskraut.png","width":1024,"height":1536,"caption":"Johannes\u00f6rt \u2013 midsommarens skyddsv\u00e4xt, historisk-illustrativ"},{"@type":"BreadcrumbList","@id":"https:\/\/iwell-guard.com\/sv\/johannesort\/#breadcrumb","itemListElement":[{"@type":"ListItem","position":1,"name":"Start","item":"https:\/\/iwell-guard.com\/sv\/?page_id=136483"},{"@type":"ListItem","position":2,"name":"Johannes\u00f6rt"}]},{"@type":"WebSite","@id":"https:\/\/iwell-guard.com\/sv\/#website","url":"https:\/\/iwell-guard.com\/sv\/","name":"iWell Guard","description":"Schutz vor dunklen Einfl\u00fcssen","publisher":{"@id":"https:\/\/iwell-guard.com\/sv\/#organization"},"potentialAction":[{"@type":"SearchAction","target":{"@type":"EntryPoint","urlTemplate":"https:\/\/iwell-guard.com\/sv\/?s={search_term_string}"},"query-input":{"@type":"PropertyValueSpecification","valueRequired":true,"valueName":"search_term_string"}}],"inLanguage":"sv-SE"},{"@type":"Organization","@id":"https:\/\/iwell-guard.com\/sv\/#organization","name":"Ittermann electronic GmbH","url":"https:\/\/iwell-guard.com\/sv\/","logo":{"@type":"ImageObject","inLanguage":"sv-SE","@id":"https:\/\/iwell-guard.com\/sv\/#\/schema\/logo\/image\/","url":"https:\/\/iwell-guard.com\/wp-content\/uploads\/2026\/05\/Ittermann-Logo-1182x237-1.png","contentUrl":"https:\/\/iwell-guard.com\/wp-content\/uploads\/2026\/05\/Ittermann-Logo-1182x237-1.png","width":1182,"height":237,"caption":"Ittermann electronic GmbH"},"image":{"@id":"https:\/\/iwell-guard.com\/sv\/#\/schema\/logo\/image\/"},"sameAs":["https:\/\/pantip.com\/profile\/9367242","https:\/\/micro.blog\/iwellguard","https:\/\/www.diggerslist.com\/iwellguard\/about","https:\/\/skitterphoto.com\/photographers\/2870314\/iwell-guard","https:\/\/iwellguard.wordpress.com\/2026\/06\/06\/iwell-guard\/","https:\/\/hub.docker.com\/u\/iwellguard","https:\/\/www.pinterest.com\/iwellguard\/","https:\/\/bit.ly\/m\/iwellguard","https:\/\/entre-vos-mains.alsace.eu\/profiles\/iwellguard\/activity","https:\/\/gravatar.com\/reallybeded8fd34","https:\/\/naijamatta.com\/iwellguard","https:\/\/www.goodreads.com\/iwellguard","https:\/\/profile.hatena.ne.jp\/iwellguard\/","https:\/\/experiment.com\/users\/iwellguard","https:\/\/wakelet.com\/@iWellGuard82270","https:\/\/www.chordie.com\/forum\/profile.php?id=2555664","https:\/\/www.instapaper.com\/p\/17757966","https:\/\/www.mapleprimes.com\/users\/iwellguard","https:\/\/businesslistingplus.com\/profile\/iwell-guard\/","https:\/\/telegra.ph\/iWell-Guard-06-06","https:\/\/pbase.com\/iwellguard\/iwellguard","https:\/\/b.hatena.ne.jp\/iwellguard\/20260607#bookmark-4788405196491818882","https:\/\/fliphtml5.com\/home\/iwellguard","https:\/\/anyflip.com\/homepage\/cmiwl#About","https:\/\/transfur.com\/Users\/iwellguard","http:\/\/delphi.larsbo.org\/user\/iwellguard","https:\/\/jobs.lajobsportal.org\/profiles\/8380803-iwell-guard","https:\/\/md.chaosdorf.de\/s\/jfbe5SBdJD","https:\/\/www.lingvolive.com\/en-us\/profile\/9ecaeaca-ce11-4e51-9e71-01d55e2bff36\/translations","https:\/\/www.fitday.com\/fitness\/forums\/members\/iwellguard.html","https:\/\/www.mymeetbook.com\/iwellguard","https:\/\/pxhere.com\/en\/photographer-me\/5040798","https:\/\/disqus.com\/by\/iwellguard\/about\/","https:\/\/pastelink.net\/hjwciqwq","https:\/\/pubhtml5.com\/homepage\/scjhn\/","https:\/\/www.bitchute.com\/channel\/2O2eOKzNqujT","https:\/\/audiomack.com\/iwellguard"]}]}},"_links":{"self":[{"href":"https:\/\/iwell-guard.com\/sv\/wp-json\/wp\/v2\/pages\/137170","targetHints":{"allow":["GET"]}}],"collection":[{"href":"https:\/\/iwell-guard.com\/sv\/wp-json\/wp\/v2\/pages"}],"about":[{"href":"https:\/\/iwell-guard.com\/sv\/wp-json\/wp\/v2\/types\/page"}],"author":[{"embeddable":true,"href":"https:\/\/iwell-guard.com\/sv\/wp-json\/wp\/v2\/users\/3"}],"replies":[{"embeddable":true,"href":"https:\/\/iwell-guard.com\/sv\/wp-json\/wp\/v2\/comments?post=137170"}],"version-history":[{"count":0,"href":"https:\/\/iwell-guard.com\/sv\/wp-json\/wp\/v2\/pages\/137170\/revisions"}],"wp:featuredmedia":[{"embeddable":true,"href":"https:\/\/iwell-guard.com\/sv\/wp-json\/wp\/v2\/media\/4111"}],"wp:attachment":[{"href":"https:\/\/iwell-guard.com\/sv\/wp-json\/wp\/v2\/media?parent=137170"}],"wp:term":[{"taxonomy":"category","embeddable":true,"href":"https:\/\/iwell-guard.com\/sv\/wp-json\/wp\/v2\/categories?post=137170"}],"curies":[{"name":"wp","href":"https:\/\/api.w.org\/{rel}","templated":true}]}}