{"id":137167,"date":"2026-09-03T00:13:23","date_gmt":"2026-09-03T00:13:23","guid":{"rendered":"https:\/\/iwell-guard.com\/?page_id=137167"},"modified":"2026-09-03T01:22:13","modified_gmt":"2026-09-03T01:22:13","slug":"drudenfuss-och-pentagram","status":"publish","type":"page","link":"https:\/\/iwell-guard.com\/sv\/drudenfuss-och-pentagram\/","title":{"rendered":"Drudenfu\u00df och pentagram"},"content":{"rendered":"\t\t<div data-elementor-type=\"wp-page\" data-elementor-id=\"137167\" class=\"elementor elementor-137167 elementor-3772 elementor-bc-flex-widget\" data-elementor-post-type=\"page\">\n\t\t\t\t<div class=\"elementor-element elementor-element-iwgs-drudenfuss-hero e-flex e-con-boxed e-con e-parent\" data-id=\"iwgs-drudenfuss-hero\" data-element_type=\"container\" data-e-type=\"container\">\n\t\t\t\t\t<div class=\"e-con-inner\">\n\t\t<div class=\"elementor-element elementor-element-iw-drudenfuss-hero-left e-con-full e-flex e-con e-child\" data-id=\"iw-drudenfuss-hero-left\" data-element_type=\"container\" data-e-type=\"container\">\n\t\t\t\t<div class=\"elementor-element elementor-element-iwgs-drudenfuss-h1 elementor-widget elementor-widget-heading\" data-id=\"iwgs-drudenfuss-h1\" data-element_type=\"widget\" data-e-type=\"widget\" data-widget_type=\"heading.default\">\n\t\t\t\t\t<h1 class=\"elementor-heading-title elementor-size-default\">Drudenfu\u00df och pentagram<\/h1>\t\t\t\t<\/div>\n\t\t<div class=\"elementor-element elementor-element-iw-drudenfuss-hero-bw e-con-full e-flex e-con e-child\" data-id=\"iw-drudenfuss-hero-bw\" data-element_type=\"container\" data-e-type=\"container\">\n\t\t\t\t<div class=\"elementor-element elementor-element-iwgs-drudenfuss-pills elementor-widget elementor-widget-html\" data-id=\"iwgs-drudenfuss-pills\" data-element_type=\"widget\" data-e-type=\"widget\" data-widget_type=\"html.default\">\n\t\t\t\t\t<div class=\"iwg-pill-row\"><span class=\"iwg-klasse-badge\" tabindex=\"0\" data-tooltip=\"Typ av skyddsmedel.\">Skyddstecken<\/span><a href=\"https:\/\/iwell-guard.com\/sv\/skyddssymboler\/\" class=\"iwg-kultur-badge\" tabindex=\"0\" data-tooltip=\"Till \u00f6versikten.\">Tecken och symboler<\/a><\/div>\t\t\t\t<\/div>\n\t\t\t\t<div class=\"elementor-element elementor-element-iwgs-drudenfuss-lead elementor-widget elementor-widget-text-editor\" data-id=\"iwgs-drudenfuss-lead\" data-element_type=\"widget\" data-e-type=\"widget\" data-widget_type=\"text-editor.default\">\n\t\t\t\t\t\t\t\t\t<p>Drudenfu\u00df \u00e4r ett av de mest k\u00e4nda skyddstecknen inom den tyskspr\u00e5kiga folktron. Det r\u00f6r sig om ett femuddigt stj\u00e4rnm\u00f6nster som kan ritas i ett enda streck, utan att lyfta pennan.<\/p><p>Denna egenskap, den slutna linjef\u00f6ringen, ans\u00e5gs inom <span class=\"iwg-fachbegriff\" data-tooltip=\"\u00d6verf\u00f6ringen av kunskap och ber\u00e4ttelser mellan generationer.\" tabindex=\"0\">traditionen<\/span> vara avg\u00f6rande f\u00f6r dess avv\u00e4rjande kraft: ett s\u00e5dant tecken har varken b\u00f6rjan eller slut och l\u00e4mnar d\u00e4rf\u00f6r, enligt f\u00f6rest\u00e4llningen, ingen \u00f6ppning fri.<\/p>\n<p>Beteckningen &#8221;Drudenfu\u00df&#8221; syftar p\u00e5 Drude, ett nattligt tryckande v\u00e4sen inom den alpina samt bayerska och \u00f6sterrikiska folktron. Besl\u00e4ktade tecken och liknande f\u00f6rest\u00e4llningar \u00e5terfinns dock l\u00e5ngt utanf\u00f6r detta omr\u00e5de, b\u00e5de inom senantik filosofi och inom den arabiska <span class=\"iwg-fachbegriff\" data-tooltip=\"\u00d6verf\u00f6ringen av kunskap och ber\u00e4ttelser mellan generationer.\" tabindex=\"0\">traditionen<\/span> under medeltiden.<\/p>\n<p>Denna sida placerar tecknet i sitt folkloristiska sammanhang. Den ger ingen skyddsgaranti, utan beskriver vad kulturerna har tillskrivit det. Den som s\u00f6ker en \u00f6versikt \u00f6ver besl\u00e4ktade tecken hittar den p\u00e5 \u00f6versiktssidan <a href=\"https:\/\/iwell-guard.com\/sv\/skyddssymboler\/\">Skyddssymboler<\/a>; <a href=\"https:\/\/iwell-guard.com\/sv\/skydds-kompass\/\">Skyddskompassen<\/a> kopplar Drudenfu\u00df till de v\u00e4sen som det enligt <span class=\"iwg-fachbegriff\" data-tooltip=\"\u00d6verf\u00f6ringen av kunskap och ber\u00e4ttelser mellan generationer.\" tabindex=\"0\">traditionen<\/span> anv\u00e4ndes mot.<\/p>\t\t\t\t\t\t\t\t<\/div>\n\t\t\t\t<\/div>\n\t\t\t\t<\/div>\n\t\t<div class=\"elementor-element elementor-element-iw-drudenfuss-hero-img e-con-full e-flex e-con e-child\" data-id=\"iw-drudenfuss-hero-img\" data-element_type=\"container\" data-e-type=\"container\">\n\t\t\t\t<div class=\"elementor-element elementor-element-iwgs-drudenfuss-himg iwg-hero-image elementor-widget elementor-widget-image\" data-id=\"iwgs-drudenfuss-himg\" data-element_type=\"widget\" data-e-type=\"widget\" data-widget_type=\"image.default\">\n\t\t\t\t\t\t\t\t\t\t\t\t\t\t\t<img fetchpriority=\"high\" decoding=\"async\" width=\"683\" height=\"1024\" src=\"https:\/\/iwell-guard.com\/wp-content\/uploads\/2026\/05\/schutzsymbol_germanisch_drudenfuss-683x1024.png\" class=\"attachment-large size-large wp-image-135746\" alt=\"Drudenfu\u00df och pentagram, historiskt-illustrativt\" srcset=\"https:\/\/iwell-guard.com\/wp-content\/uploads\/2026\/05\/schutzsymbol_germanisch_drudenfuss-683x1024.png 683w, https:\/\/iwell-guard.com\/wp-content\/uploads\/2026\/05\/schutzsymbol_germanisch_drudenfuss-200x300.png 200w, https:\/\/iwell-guard.com\/wp-content\/uploads\/2026\/05\/schutzsymbol_germanisch_drudenfuss-768x1152.png 768w, https:\/\/iwell-guard.com\/wp-content\/uploads\/2026\/05\/schutzsymbol_germanisch_drudenfuss.png 1024w\" sizes=\"(max-width: 683px) 100vw, 683px\" \/>\t\t\t\t\t\t\t\t\t\t\t\t\t\t\t<\/div>\n\t\t\t\t<\/div>\n\t\t\t\t\t<\/div>\n\t\t\t\t<\/div>\n\t\t<div class=\"elementor-element elementor-element-iwgs-drudenfuss-s0 e-flex e-con-boxed e-con e-parent\" data-id=\"iwgs-drudenfuss-s0\" data-element_type=\"container\" data-e-type=\"container\">\n\t\t\t\t\t<div class=\"e-con-inner\">\n\t\t\t\t<div class=\"elementor-element elementor-element-iwgs-drudenfuss-s0h elementor-widget elementor-widget-heading\" data-id=\"iwgs-drudenfuss-s0h\" data-element_type=\"widget\" data-e-type=\"widget\" data-widget_type=\"heading.default\">\n\t\t\t\t\t<h2 class=\"elementor-heading-title elementor-size-default\">Snabb\u00f6versikt<\/h2>\t\t\t\t<\/div>\n\t\t<div class=\"elementor-element elementor-element-iw-drudenfuss-s0-bw e-con-full e-flex e-con e-child\" data-id=\"iw-drudenfuss-s0-bw\" data-element_type=\"container\" data-e-type=\"container\">\n\t\t\t\t<div class=\"elementor-element elementor-element-iwgs-drudenfuss-s0t elementor-widget elementor-widget-text-editor\" data-id=\"iwgs-drudenfuss-s0t\" data-element_type=\"widget\" data-e-type=\"widget\" data-widget_type=\"text-editor.default\">\n\t\t\t\t\t\t\t\t\t<p>Enligt <span class=\"iwg-fachbegriff\" data-tooltip=\"\u00d6verf\u00f6ringen av kunskap och ber\u00e4ttelser mellan generationer.\" tabindex=\"0\">traditionen<\/span> g\u00e4ller Drudenfu\u00df som ett apotropeiskt tecken: det ska hindra druder, alver och andra nattliga p\u00e5verkningar fr\u00e5n att tr\u00e4nga in i hus eller sovplats. Tecknet ritas eller sk\u00e4rs som en sluten enkellinje p\u00e5 d\u00f6rrar, f\u00f6nsterkarmar och redskap.<\/p><p>Utanf\u00f6r det tyskspr\u00e5kiga omr\u00e5det \u00e4r samma geometriska <span class=\"iwg-fachbegriff\" data-tooltip=\"Ett tecken som representerar en f\u00f6rest\u00e4llning eller betydelse.\" tabindex=\"0\">symbol<\/span> k\u00e4nd som pentagram och var till exempel inom den pythagoreiska <span class=\"iwg-fachbegriff\" data-tooltip=\"\u00d6verf\u00f6ringen av kunskap och ber\u00e4ttelser mellan generationer.\" tabindex=\"0\">traditionen<\/span> ett igenk\u00e4nningstecken bland likasinnade, som man samtidigt tillskrev skyddande egenskaper. I folktron under senmedeltiden och den tidiga nya tiden var Drudenfu\u00df s\u00e5 spridd i det sydtyska och \u00f6sterrikiska omr\u00e5det att den f\u00f6rekommer p\u00e5 v\u00e4rdshusskyltar, kistframsidor och husbj\u00e4lkar.<\/p>\t\t\t\t\t\t\t\t<\/div>\n\t\t\t\t<\/div>\n\t\t\t\t\t<\/div>\n\t\t\t\t<\/div>\n\t\t<div class=\"elementor-element elementor-element-iwgs-drudenfuss-s1 e-flex e-con-boxed e-con e-parent\" data-id=\"iwgs-drudenfuss-s1\" data-element_type=\"container\" data-e-type=\"container\">\n\t\t\t\t\t<div class=\"e-con-inner\">\n\t\t\t\t<div class=\"elementor-element elementor-element-iwgs-drudenfuss-s1h elementor-widget elementor-widget-heading\" data-id=\"iwgs-drudenfuss-s1h\" data-element_type=\"widget\" data-e-type=\"widget\" data-widget_type=\"heading.default\">\n\t\t\t\t\t<h2 class=\"elementor-heading-title elementor-size-default\">Ursprung och tradition<\/h2>\t\t\t\t<\/div>\n\t\t<div class=\"elementor-element elementor-element-iw-drudenfuss-s1-bw e-con-full e-flex e-con e-child\" data-id=\"iw-drudenfuss-s1-bw\" data-element_type=\"container\" data-e-type=\"container\">\n\t\t\t\t<div class=\"elementor-element elementor-element-iwgs-drudenfuss-s1t elementor-widget elementor-widget-text-editor\" data-id=\"iwgs-drudenfuss-s1t\" data-element_type=\"widget\" data-e-type=\"widget\" data-widget_type=\"text-editor.default\">\n\t\t\t\t\t\t\t\t\t<p>De \u00e4ldsta bel\u00e4ggen f\u00f6r femstj\u00e4rnem\u00f6nstret som medvetet tecken kommer fr\u00e5n det mesopotamiska omr\u00e5det, d\u00e4r det f\u00f6rekommer p\u00e5 keramik och lertavlor. En avv\u00e4rjande eller skyddande betydelse kan dock inte tydligt bel\u00e4ggas d\u00e4r; tecknen hade snarare en klassificerande karakt\u00e4r.<\/p>\n<p>Inom den grekiska kulturkretsen \u00f6vertog den pythagoreiska skolan pentagrammet som igenk\u00e4nningstecken. Sena k\u00e4llor fr\u00e5n nyplatonismen tolkade det som <span class=\"iwg-fachbegriff\" data-tooltip=\"Ett tecken som representerar en f\u00f6rest\u00e4llning eller betydelse.\" tabindex=\"0\">symbol<\/span> f\u00f6r harmoni och h\u00e4lsa; begreppet &#8221;Hygieia&#8221; skrevs ibland in i uddarna. Fr\u00e5n denna l\u00e4rda tradition kom tecknet, via arabisk <span class=\"iwg-fachbegriff\" data-tooltip=\"\u00d6verf\u00f6ringen av kunskap och ber\u00e4ttelser mellan generationer.\" tabindex=\"0\">tradition<\/span> och medeltida skolfilosofi, in i den europeiska bildningshorisonten.<\/p>\n<p>I den tyskspr\u00e5kiga folktron \u00e4r namnet &#8221;Drudenfu\u00df&#8221; belagt sedan senmedeltiden. Drude, ibland \u00e4ven skrivet &#8221;Trude&#8221;, \u00e4r ett v\u00e4sen som enligt <span class=\"iwg-fachbegriff\" data-tooltip=\"\u00d6verf\u00f6ringen av kunskap och ber\u00e4ttelser mellan generationer.\" tabindex=\"0\">traditionen<\/span> nattetid l\u00e4gger sig p\u00e5 br\u00f6stet hos sovande m\u00e4nniskor och trycker samman deras andning, det vill s\u00e4ga framkallar den tryckande k\u00e4nsla som i dag motsvarar s\u00f6mnfenomenet s\u00f6mnparalys.<\/p><p>Avtrycket av detta v\u00e4sens fot skulle l\u00e4mna femuddsm\u00f6nstret, d\u00e4rav namnet.<\/p>\n<p>Johann Wolfgang von Goethes &#8221;Faust&#8221; inneh\u00e5ller den k\u00e4nda scenen d\u00e4r Mefistofeles fastnar vid pentagrammet i d\u00f6rrkarmen, vilket visar hur levande denna f\u00f6rest\u00e4llning fortfarande var i b\u00f6rjan av 1800-talet. Tecknet p\u00e5 d\u00f6rrtr\u00f6skeln eller d\u00f6rrposten ans\u00e5gs vara ett hinder f\u00f6r v\u00e4sen som f\u00f6rs\u00f6kte tr\u00e4nga in.<\/p>\t\t\t\t\t\t\t\t<\/div>\n\t\t\t\t<\/div>\n\t\t\t\t\t<\/div>\n\t\t\t\t<\/div>\n\t\t<div class=\"elementor-element elementor-element-iwgs-drudenfuss-s2 e-flex e-con-boxed e-con e-parent\" data-id=\"iwgs-drudenfuss-s2\" data-element_type=\"container\" data-e-type=\"container\">\n\t\t\t\t\t<div class=\"e-con-inner\">\n\t\t\t\t<div class=\"elementor-element elementor-element-iwgs-drudenfuss-s2h elementor-widget elementor-widget-heading\" data-id=\"iwgs-drudenfuss-s2h\" data-element_type=\"widget\" data-e-type=\"widget\" data-widget_type=\"heading.default\">\n\t\t\t\t\t<h2 class=\"elementor-heading-title elementor-size-default\">Verkningsprincip enligt traditionen<\/h2>\t\t\t\t<\/div>\n\t\t<div class=\"elementor-element elementor-element-iw-drudenfuss-s2-bw e-con-full e-flex e-con e-child\" data-id=\"iw-drudenfuss-s2-bw\" data-element_type=\"container\" data-e-type=\"container\">\n\t\t\t\t<div class=\"elementor-element elementor-element-iwgs-drudenfuss-s2t elementor-widget elementor-widget-text-editor\" data-id=\"iwgs-drudenfuss-s2t\" data-element_type=\"widget\" data-e-type=\"widget\" data-widget_type=\"text-editor.default\">\n\t\t\t\t\t\t\t\t\t<p>Den <span class=\"iwg-fachbegriff\" data-tooltip=\"Vidaref\u00f6randet av kunskap och ber\u00e4ttelser genom generationer.\" tabindex=\"0\">traditionen<\/span> f\u00f6rklarar drudenfu\u00dfens verkan p\u00e5 tv\u00e5 n\u00e4ra besl\u00e4ktade s\u00e4tt. F\u00f6r det f\u00f6rsta anses den obrutna, slutna linjedragningen vara nyckeln: en varelse som n\u00e4rmar sig ett s\u00e5dant tecken tvingas f\u00f6lja linjens f\u00f6rlopp utan att finna en utv\u00e4g, och blir d\u00e4rmed bunden eller distraherad tills natten tar slut.<\/p><p>F\u00f6r det andra uppfattas tecknet som en tr\u00f6skelsp\u00e4rr som fysiskt hindrar en varelse fr\u00e5n att korsa d\u00f6rrtr\u00f6skeln.<\/p>\n<p>B\u00e5da f\u00f6rklaringsmodellerna f\u00f6ruts\u00e4tter att vissa varelser reagerar p\u00e5 geometriska former och m\u00e5ste f\u00f6lja deras regler. Denna f\u00f6rest\u00e4llning \u00e5terfinns i mycket liknande form \u00e4ven hos <a href=\"https:\/\/iwell-guard.com\/sv\/skyddscirkeln-som-avgransning-mot-skada\/\">skyddscirkeln<\/a>, som med en dragen linje skyddar det inre rummet. Skillnaden \u00e4r att drudenfu\u00dfen \u00e4r ett varaktigt tecken p\u00e5 fasta platser, inte ett situationsbundet <span class=\"iwg-fachbegriff\" data-tooltip=\"En reglerad sekvens av symboliska handlingar med religi\u00f6s eller kulturell betydelse.\" tabindex=\"0\">ritual<\/span>.<\/p>\n<p>Inom medeltidens och den tidiga moderna tidens l\u00e4rda <span class=\"iwg-fachbegriff\" data-tooltip=\"Praktiker som genom s\u00e4rskilda handlingar eller formler f\u00f6rs\u00f6ker p\u00e5verka h\u00e4ndelsef\u00f6rloppet.\" tabindex=\"0\">magi<\/span> anv\u00e4ndes pentagrammet som bindmedel f\u00f6r andar: den som ritade det i r\u00e4tt proportion och skrev namnet p\u00e5 den varelse som skulle bindas, ans\u00e5gs kunna f\u00e5nga denna i tecknet.<\/p><p>Denna l\u00e4rda <span class=\"iwg-fachbegriff\" data-tooltip=\"Vidaref\u00f6randet av kunskap och ber\u00e4ttelser genom generationer.\" tabindex=\"0\">tradition<\/span> skiljer sig fr\u00e5n den folkliga hush\u00e5llsskyddspraxisen, men delar grundprincipen om den bindande, slutna formen.<\/p>\t\t\t\t\t\t\t\t<\/div>\n\t\t\t\t<\/div>\n\t\t\t\t\t<\/div>\n\t\t\t\t<\/div>\n\t\t<div class=\"elementor-element elementor-element-iwgs-drudenfuss-s3 e-flex e-con-boxed e-con e-parent\" data-id=\"iwgs-drudenfuss-s3\" data-element_type=\"container\" data-e-type=\"container\">\n\t\t\t\t\t<div class=\"e-con-inner\">\n\t\t\t\t<div class=\"elementor-element elementor-element-iwgs-drudenfuss-s3h elementor-widget elementor-widget-heading\" data-id=\"iwgs-drudenfuss-s3h\" data-element_type=\"widget\" data-e-type=\"widget\" data-widget_type=\"heading.default\">\n\t\t\t\t\t<h2 class=\"elementor-heading-title elementor-size-default\">Kultur\u00f6verskridande spridning<\/h2>\t\t\t\t<\/div>\n\t\t<div class=\"elementor-element elementor-element-iw-drudenfuss-s3-bw e-con-full e-flex e-con e-child\" data-id=\"iw-drudenfuss-s3-bw\" data-element_type=\"container\" data-e-type=\"container\">\n\t\t\t\t<div class=\"elementor-element elementor-element-iwgs-drudenfuss-s3t elementor-widget elementor-widget-text-editor\" data-id=\"iwgs-drudenfuss-s3t\" data-element_type=\"widget\" data-e-type=\"widget\" data-widget_type=\"text-editor.default\">\n\t\t\t\t\t\t\t\t\t<p>Det femuddiga stj\u00e4rnm\u00f6nstret f\u00f6rekommer i m\u00e5nga kulturer, utan att en direkt p\u00e5verkan alltid kan bel\u00e4ggas. I den etiopiska kristendomen framtr\u00e4der tecknet som &#8221;Salomos sigill&#8221; p\u00e5 amuletter och pergament som ska skydda mot demoner och det onda \u00f6gat.<\/p><p>I den islamiska <span class=\"iwg-fachbegriff\" data-tooltip=\"Vidaref\u00f6randet av kunskap och ber\u00e4ttelser genom generationer.\" tabindex=\"0\">traditionen<\/span> under medeltiden f\u00f6rekommer det som ett av sigillen i arabiska trolldomstexter. Under den europeiska medeltiden anv\u00e4ndes det b\u00e5de i den folkliga skyddspraxisen och i den l\u00e4rda <span class=\"iwg-fachbegriff\" data-tooltip=\"Praktiker som genom s\u00e4rskilda handlingar eller formler f\u00f6rs\u00f6ker p\u00e5verka h\u00e4ndelsef\u00f6rloppet.\" tabindex=\"0\">magin<\/span>.<\/p>\n<p>Cherokeefolkets och andra nordamerikanska kulturers <span class=\"iwg-fachbegriff\" data-tooltip=\"Vidaref\u00f6randet av kunskap och ber\u00e4ttelser genom generationer.\" tabindex=\"0\">tradition<\/span> har egna femuddiga m\u00f6nster, men d\u00e4r kan inget samband med den europeiska drudenfu\u00dfen fastst\u00e4llas; det r\u00f6r sig om sj\u00e4lvst\u00e4ndiga utvecklingar.<\/p>\n<p>Drudenfu\u00dfen som husm\u00e4rke \u00e4r s\u00e4rskilt v\u00e4l belagd i det sydtyska, \u00f6sterrikiska och schweiziska omr\u00e5det. L\u00e4ngre norrut dominerar andra skyddstecken, till exempel runor eller den s\u00e5 kallade &#8221;h\u00e4xkorset&#8221;. I England finns ett besl\u00e4ktat begrepp, &#8221;witch&#8217;s foot&#8221;, och i den engelska husarkeologin f\u00f6rekommer pentagram inristade som tecken p\u00e5 d\u00f6rrposter och spiselkanter.<\/p>\t\t\t\t\t\t\t\t<\/div>\n\t\t\t\t<\/div>\n\t\t\t\t\t<\/div>\n\t\t\t\t<\/div>\n\t\t<div class=\"elementor-element elementor-element-iwgs-drudenfuss-s4 e-flex e-con-boxed e-con e-parent\" data-id=\"iwgs-drudenfuss-s4\" data-element_type=\"container\" data-e-type=\"container\">\n\t\t\t\t\t<div class=\"e-con-inner\">\n\t\t\t\t<div class=\"elementor-element elementor-element-iwgs-drudenfuss-s4h elementor-widget elementor-widget-heading\" data-id=\"iwgs-drudenfuss-s4h\" data-element_type=\"widget\" data-e-type=\"widget\" data-widget_type=\"heading.default\">\n\t\t\t\t\t<h2 class=\"elementor-heading-title elementor-size-default\">Vad den anv\u00e4nds mot<\/h2>\t\t\t\t<\/div>\n\t\t<div class=\"elementor-element elementor-element-iw-drudenfuss-s4-bw e-con-full e-flex e-con e-child\" data-id=\"iw-drudenfuss-s4-bw\" data-element_type=\"container\" data-e-type=\"container\">\n\t\t\t\t<div class=\"elementor-element elementor-element-iwgs-drudenfuss-s4t elementor-widget elementor-widget-text-editor\" data-id=\"iwgs-drudenfuss-s4t\" data-element_type=\"widget\" data-e-type=\"widget\" data-widget_type=\"text-editor.default\">\n\t\t\t\t\t\t\t\t\t<p>I den folkliga <span class=\"iwg-fachbegriff\" data-tooltip=\"Vidaref\u00f6randet av kunskap och ber\u00e4ttelser genom generationer.\" tabindex=\"0\">traditionen<\/span> \u00e4r drudenfu\u00dfen i f\u00f6rsta hand riktad mot druder: nattliga tryckande varelser som l\u00e4gger sig p\u00e5 den sovande m\u00e4nniskan, f\u00f6rlamar och pl\u00e5gar henne. Samma kategori omfattar alpen, k\u00e4nd i norra Tysklands och Skandinaviens folktro som &#8221;Mahr&#8221; eller &#8221;Mare&#8221;, samt andra varelser som verkar under s\u00f6mnen.<\/p>\n<p>Dessutom anv\u00e4nds tecknet enligt <span class=\"iwg-fachbegriff\" data-tooltip=\"Vidaref\u00f6randet av kunskap och ber\u00e4ttelser genom generationer.\" tabindex=\"0\">traditionen<\/span> mot:<\/p>\n<ul>\n<li>H\u00e4xor och personer kunniga i trolldom, som man ans\u00e5g kunde tr\u00e4nga igenom st\u00e4ngda d\u00f6rrar eller skada boskap och f\u00f6rr\u00e5d.<\/li>\n<li>Sp\u00f6ken och geng\u00e5ngare, som ans\u00e5gs vara bundna till best\u00e4mda v\u00e4gar eller tr\u00f6sklar.<\/li>\n<li>Allm\u00e4nna skadliga inverkningar utifr\u00e5n p\u00e5 hus, ladug\u00e5rd och sovplats, utan att n\u00e5gon exakt varelseart angavs.<\/li>\n<\/ul>\n<p>Inom 1500- till 1700-talets l\u00e4rda <span class=\"iwg-fachbegriff\" data-tooltip=\"Praktiker som genom s\u00e4rskilda handlingar eller formler f\u00f6rs\u00f6ker p\u00e5verka h\u00e4ndelsef\u00f6rloppet.\" tabindex=\"0\">magi<\/span> ut\u00f6kades anv\u00e4ndningen till att binda och bannlysa demoner i enlighet med tidens dj\u00e4vulsb\u00f6cker och besv\u00e4rjelsehandb\u00f6cker. Denna praxis skiljer sig avsev\u00e4rt fr\u00e5n den enkla hush\u00e5llsskyddstraditionen, men visar hur brett tecknet anv\u00e4ndes.<\/p>\t\t\t\t\t\t\t\t<\/div>\n\t\t\t\t<\/div>\n\t\t\t\t\t<\/div>\n\t\t\t\t<\/div>\n\t\t<div class=\"elementor-element elementor-element-iwgs-drudenfuss-s5 e-flex e-con-boxed e-con e-parent\" data-id=\"iwgs-drudenfuss-s5\" data-element_type=\"container\" data-e-type=\"container\">\n\t\t\t\t\t<div class=\"e-con-inner\">\n\t\t\t\t<div class=\"elementor-element elementor-element-iwgs-drudenfuss-s5h elementor-widget elementor-widget-heading\" data-id=\"iwgs-drudenfuss-s5h\" data-element_type=\"widget\" data-e-type=\"widget\" data-widget_type=\"heading.default\">\n\t\t\t\t\t<h2 class=\"elementor-heading-title elementor-size-default\">Till\u00e4mpning och gr\u00e4nser<\/h2>\t\t\t\t<\/div>\n\t\t<div class=\"elementor-element elementor-element-iw-drudenfuss-s5-bw e-con-full e-flex e-con e-child\" data-id=\"iw-drudenfuss-s5-bw\" data-element_type=\"container\" data-e-type=\"container\">\n\t\t\t\t<div class=\"elementor-element elementor-element-iwgs-drudenfuss-s5t elementor-widget elementor-widget-text-editor\" data-id=\"iwgs-drudenfuss-s5t\" data-element_type=\"widget\" data-e-type=\"widget\" data-widget_type=\"text-editor.default\">\n\t\t\t\t\t\t\t\t\t<p>Den folkliga anv\u00e4ndningen var enkel och varaktig: drudenfu\u00dfen ristades in i bj\u00e4lkar eller d\u00f6rrposter, m\u00e5lades p\u00e5 ladug\u00e5rdsv\u00e4ggar eller applicerades p\u00e5 f\u00f6rem\u00e5l som kistor och sm\u00f6rformar. Enligt <span class=\"iwg-fachbegriff\" data-tooltip=\"Vidaref\u00f6randet av kunskap och ber\u00e4ttelser genom generationer.\" tabindex=\"0\">traditionen<\/span> var det avg\u00f6rande att tecknet ritades i ett enda drag utan att lyfta ritverktyget, eftersom det bara p\u00e5 s\u00e5 s\u00e4tt bildades en sluten linje utan avbrott.<\/p>\n<p>Placerat vid d\u00f6rrtr\u00f6skeln eller p\u00e5 f\u00f6nsterbr\u00e4dan skulle det sp\u00e4rra ing\u00e5ngen. Ritat p\u00e5 golvet i sovrummet eller p\u00e5 ett papper under s\u00e4ngen skulle det skydda den sovande personen.<\/p>\n<p>Sj\u00e4lva <span class=\"iwg-fachbegriff\" data-tooltip=\"Vidaref\u00f6randet av kunskap och ber\u00e4ttelser genom generationer.\" tabindex=\"0\">traditionen<\/span> k\u00e4nner till gr\u00e4nser: en ofullst\u00e4ndigt ritad drudenfu\u00df, d\u00e4r linjen br\u00f6ts, ans\u00e5gs verkningsl\u00f6s eller till och med som en inbjudan, eftersom den l\u00e4mnade en \u00f6ppning f\u00f6r varelsen. \u00c4ven ett inristat tecken i d\u00e5ligt skick, exempelvis p\u00e5 grund av v\u00e4derp\u00e5verkan eller n\u00f6tning, betraktades som en m\u00f6jlig f\u00f6rsvagning av den avv\u00e4rjande verkan.<\/p>\n<p>Historiskt b\u00f6r man ocks\u00e5 beakta att tecken av detta slag fr\u00e4mst anv\u00e4ndes i kombination med andra \u00e5tg\u00e4rder: \u00f6rter vid tr\u00f6skeln, invigda f\u00f6rem\u00e5l, b\u00f6nformler. Drudenfu\u00dfen var s\u00e4llan det enda medlet, utan en del av en mer omfattande skyddspraxis.<\/p>\t\t\t\t\t\t\t\t<\/div>\n\t\t\t\t<\/div>\n\t\t\t\t\t<\/div>\n\t\t\t\t<\/div>\n\t\t<div class=\"elementor-element elementor-element-iwgs-drudenfuss-lit e-flex e-con-boxed e-con e-parent\" data-id=\"iwgs-drudenfuss-lit\" data-element_type=\"container\" data-e-type=\"container\">\n\t\t\t\t\t<div class=\"e-con-inner\">\n\t\t\t\t<div class=\"elementor-element elementor-element-iwgs-drudenfuss-lith elementor-widget elementor-widget-heading\" data-id=\"iwgs-drudenfuss-lith\" data-element_type=\"widget\" data-e-type=\"widget\" data-widget_type=\"heading.default\">\n\t\t\t\t\t<h2 class=\"elementor-heading-title elementor-size-default\">Litteratur (urval)<\/h2>\t\t\t\t<\/div>\n\t\t<div class=\"elementor-element elementor-element-iw-drudenfuss-lit-bw e-con-full e-flex e-con e-child\" data-id=\"iw-drudenfuss-lit-bw\" data-element_type=\"container\" data-e-type=\"container\">\n\t\t\t\t<div class=\"elementor-element elementor-element-iwgs-drudenfuss-litt elementor-widget elementor-widget-html\" data-id=\"iwgs-drudenfuss-litt\" data-element_type=\"widget\" data-e-type=\"widget\" data-widget_type=\"html.default\">\n\t\t\t\t\t<footer data-nosnippet=\"true\"><ul><li>B\u00e4chtold-St\u00e4ubli, Hanns (red.): Handw\u00f6rterbuch des deutschen Aberglaubens. De Gruyter, Berlin, 1927-1942. Artiklarna \"Drudenfu\u00df\", \"Drude\", \"Pentagramm\".<\/li><li>Grimm, Jacob: Deutsche Mythologie. 4. upplagan, Berlin, 1875-1878.<\/li><li>Lecouteux, Claude: Das Reich der Nachtd\u00e4monen. Angst und Aberglaube im Mittelalter. D\u00fcsseldorf, 2001.<\/li><li>Sch\u00f6ck, Inge: Hexenglaube in der Gegenwart. T\u00fcbingen, 1978.<\/li><li>Kieckhefer, Richard: Magic in the Middle Ages. Cambridge University Press, Cambridge, 1989.<\/li><\/ul><\/footer>\t\t\t\t<\/div>\n\t\t\t\t<\/div>\n\t\t\t\t\t<\/div>\n\t\t\t\t<\/div>\n\t\t<div class=\"elementor-element elementor-element-iwgs-drudenfuss-kwd e-flex e-con-boxed e-con e-parent\" data-id=\"iwgs-drudenfuss-kwd\" data-element_type=\"container\" data-e-type=\"container\">\n\t\t\t\t\t<div class=\"e-con-inner\">\n\t\t<div class=\"elementor-element elementor-element-iw-drudenfuss-kwd-bw e-con-full e-flex e-con e-child\" data-id=\"iw-drudenfuss-kwd-bw\" data-element_type=\"container\" data-e-type=\"container\">\n\t\t\t\t<div class=\"elementor-element elementor-element-iwgs-drudenfuss-kwdt elementor-widget elementor-widget-text-editor\" data-id=\"iwgs-drudenfuss-kwdt\" data-element_type=\"widget\" data-e-type=\"widget\" data-widget_type=\"text-editor.default\">\n\t\t\t\t\t\t\t\t\t<p><em>Relaterade nyckelbegrepp: drudenfuss pentagram drudenstein mara skydd.<\/em><\/p>\t\t\t\t\t\t\t\t<\/div>\n\t\t\t\t<\/div>\n\t\t\t\t\t<\/div>\n\t\t\t\t<\/div>\n\t\t<div class=\"elementor-element elementor-element-iwgs-drudenfuss-cc e-flex e-con-boxed e-con e-parent\" data-id=\"iwgs-drudenfuss-cc\" data-element_type=\"container\" data-e-type=\"container\" id=\"iwg-cc-drudenfuss\">\n\t\t\t\t\t<div class=\"e-con-inner\">\n\t\t<div class=\"elementor-element elementor-element-iwgs-drudenfuss-ccinner e-flex e-con-boxed e-con e-parent\" data-id=\"iwgs-drudenfuss-ccinner\" data-element_type=\"container\" data-e-type=\"container\" data-settings=\"{&quot;background_background&quot;:&quot;classic&quot;}\">\n\t\t\t\t\t<div class=\"e-con-inner\">\n\t\t\t\t<div class=\"elementor-element elementor-element-iwgs-drudenfuss-cch elementor-widget elementor-widget-heading\" data-id=\"iwgs-drudenfuss-cch\" data-element_type=\"widget\" data-e-type=\"widget\" data-widget_type=\"heading.default\">\n\t\t\t\t\t<h2 class=\"elementor-heading-title elementor-size-default\">iWell Guard och skyddstraditioner<\/h2>\t\t\t\t<\/div>\n\t\t\t\t<div class=\"elementor-element elementor-element-iwgs-drudenfuss-cct elementor-widget elementor-widget-text-editor\" data-id=\"iwgs-drudenfuss-cct\" data-element_type=\"widget\" data-e-type=\"widget\" data-widget_type=\"text-editor.default\">\n\t\t\t\t\t\t\t\t\t<p>Kulturer p\u00e5 olika kontinenter har oberoende av varandra observerat att vissa geometriska former och tecken upplevs som en gr\u00e4ns mellan det skyddade och det hotfulla. Drudenfoten st\u00e5r f\u00f6r det europeiska arvet av denna praktik: ett varaktigt tecken, f\u00f6rankrat vid tr\u00f6skeln, som markerar b\u00e4rarens inflytandesf\u00e4r.<\/p>\n<p><a href=\"https:\/\/iwell-guard.com\/sv\/skyddshanget-iwell-guard-kop\/\">iWell Guard<\/a> tar upp denna princip p\u00e5 en annan niv\u00e5: som ett buret tecken som f\u00f6rt\u00e4tar denna skyddstradition och g\u00f6r m\u00e4nniskan sj\u00e4lv till en tr\u00f6skel. Den som vill veta mer om hur olika kulturer har utvecklat sina skyddstraditioner och hur Skydds-kompassen f\u00f6r samman dessa finner en introduktion under <a href=\"https:\/\/iwell-guard.com\/sv\/skydds-kompass\/\">\/schutz-kompass\/<\/a>.<\/p>\t\t\t\t\t\t\t\t<\/div>\n\t\t\t\t<div class=\"elementor-element elementor-element-iwgs-drudenfuss-ccb iwg-cc-button iwg-cc-cta-2026-05-13 elementor-widget elementor-widget-jet-button\" data-id=\"iwgs-drudenfuss-ccb\" data-element_type=\"widget\" data-e-type=\"widget\" data-widget_type=\"jet-button.default\">\n\t\t\t\t<div class=\"elementor-widget-container\">\n\t\t\t\t\t<div class=\"elementor-jet-button jet-elements\"><div class=\"jet-button__container\"><a class=\"jet-button__instance jet-button__instance--icon-left hover-effect-1\" href=\"\/schutzanhaenger-iwell-guard-kaufen\/?utm_source=iwell-guard.com&amp;utm_medium=info-box&amp;utm_campaign=schutzsymbole\"><div class=\"jet-button__plane jet-button__plane-normal\"><\/div><div class=\"jet-button__plane jet-button__plane-hover\"><\/div><div class=\"jet-button__state jet-button__state-normal\"><span class=\"jet-button__label\">Mer om iWell Guard<\/span><\/div><div class=\"jet-button__state jet-button__state-hover\"><span class=\"jet-button__label\">Mer om iWell Guard<\/span><\/div><\/a><\/div><\/div><style>.elementor-element.elementor-element-iwgs-drudenfuss-ccb .jet-button__instance{width:320px;height:56px;}.elementor-element.elementor-element-iwgs-drudenfuss-ccb .jet-button__state-normal .jet-button__label{text-align:center;margin:0px 0px 0px 0px;color:#1a1b20;font-family:Montserrat,sans-serif;font-size:13px;font-weight:400;letter-spacing:4px;line-height:1.714em;text-transform:uppercase;}.elementor-element.elementor-element-iwgs-drudenfuss-ccb .jet-button__state-hover .jet-button__label{text-align:center;margin:0px 0px 0px 0px;color:#FECC76;font-family:Montserrat,sans-serif;font-size:13px;font-weight:400;letter-spacing:4px;line-height:1.714em;text-transform:uppercase;}.elementor-element.elementor-element-iwgs-drudenfuss-ccb .jet-button__plane-normal{background-color:#FECC76;border-style:solid;border-color:#C99540;border-width:2px 2px 2px 2px;}.elementor-element.elementor-element-iwgs-drudenfuss-ccb .jet-button__plane-hover{background-color:rgba(0,0,0,0.55);border-style:solid;border-color:#FECC76;border-width:2px 2px 2px 2px;}<\/style>\t\t\t\t<\/div>\n\t\t\t\t<\/div>\n\t\t\t\t<div class=\"elementor-element elementor-element-iwgs-drudenfuss-ccd elementor-widget elementor-widget-text-editor\" data-id=\"iwgs-drudenfuss-ccd\" data-element_type=\"widget\" data-e-type=\"widget\" data-widget_type=\"text-editor.default\">\n\t\t\t\t\t\t\t\t\t<p style=\"text-align:center;font-size:13px;opacity:0.7;margin-top:14px\" data-nosnippet=\"true\">Personliga erfarenheter kan variera. Ingen medicinteknisk produkt. Inget l\u00f6fte om l\u00e4kning.<\/p>\t\t\t\t\t\t\t\t<\/div>\n\t\t\t\t\t<\/div>\n\t\t\t\t<\/div>\n\t\t\t\t\t<\/div>\n\t\t\t\t<\/div>\n\t\t<div class=\"elementor-element elementor-element-iwgs-drudenfuss-disc e-flex e-con-boxed e-con e-parent\" data-id=\"iwgs-drudenfuss-disc\" data-element_type=\"container\" data-e-type=\"container\">\n\t\t\t\t\t<div class=\"e-con-inner\">\n\t\t<div class=\"elementor-element elementor-element-iw-drudenfuss-disc-bw e-con-full e-flex e-con e-child\" data-id=\"iw-drudenfuss-disc-bw\" data-element_type=\"container\" data-e-type=\"container\">\n\t\t\t\t<div class=\"elementor-element elementor-element-iwgs-drudenfuss-discw elementor-widget elementor-widget-html\" data-id=\"iwgs-drudenfuss-discw\" data-element_type=\"widget\" data-e-type=\"widget\" data-widget_type=\"html.default\">\n\t\t\t\t\t<footer data-nosnippet=\"true\" class=\"iwg-disclaimer-block\"><p data-nosnippet=\"true\">iWell Guard \u00e4r <strong>ingen medicinteknisk produkt<\/strong> och ers\u00e4tter ingen l\u00e4karbehandling eller psykoterapeutisk behandling. Inneh\u00e5llet som presenteras h\u00e4r \u00e4r en religionsvetenskaplig och kulturhistorisk kontextualisering, inget l\u00f6fte om andlig verkan.<\/p><\/footer>\t\t\t\t<\/div>\n\t\t\t\t<\/div>\n\t\t\t\t\t<\/div>\n\t\t\t\t<\/div>\n\t\t\t\t<\/div>\n\t\t","protected":false},"excerpt":{"rendered":"","protected":false},"author":3,"featured_media":4107,"parent":0,"menu_order":0,"comment_status":"closed","ping_status":"closed","template":"elementor_header_footer","meta":{"_yoast_wpseo_focuskw":"drudenfuss","_yoast_wpseo_title":"Drudenfu\u00df och pentagram som skyddstecken","_yoast_wpseo_metadesc":"Vad tradition och folktro tillskriver Drudenfu\u00df som skyddstecken: ursprung, verkningsprincip, anv\u00e4ndning och kulturell spridning.","_yoast_wpseo_meta-robots-noindex":"","_yoast_wpseo_canonical":"","_angie_page":false,"gefaehrdungsstufe":"","wesen_kultur":"","wesen_klasse":"","footnotes":""},"categories":[],"class_list":["post-137167","page","type-page","status-publish","has-post-thumbnail","hentry"],"yoast_head":"<!-- This site is optimized with the Yoast SEO Premium plugin v27.7 (Yoast SEO v28.3) - https:\/\/yoast.com\/product\/yoast-seo-premium-wordpress\/ -->\n<title>Drudenfu\u00df och pentagram som skyddstecken<\/title>\n<meta name=\"description\" content=\"Vad tradition och folktro tillskriver Drudenfu\u00df som skyddstecken: ursprung, verkningsprincip, anv\u00e4ndning och kulturell spridning.\" \/>\n<meta name=\"robots\" content=\"index, follow, max-snippet:-1, max-image-preview:large, max-video-preview:-1\" \/>\n<link rel=\"canonical\" href=\"https:\/\/iwell-guard.com\/sv\/drudenfuss-och-pentagram\/\" \/>\n<meta property=\"og:locale\" content=\"sv_SE\" \/>\n<meta property=\"og:type\" content=\"article\" \/>\n<meta property=\"og:title\" content=\"Drudenfu\u00df och pentagram\" \/>\n<meta property=\"og:description\" content=\"Vad tradition och folktro tillskriver Drudenfu\u00df som skyddstecken: ursprung, verkningsprincip, anv\u00e4ndning och kulturell spridning.\" \/>\n<meta property=\"og:url\" content=\"https:\/\/iwell-guard.com\/sv\/drudenfuss-och-pentagram\/\" \/>\n<meta property=\"og:site_name\" content=\"iWell Guard\" \/>\n<meta property=\"article:modified_time\" content=\"2026-09-03T01:22:13+00:00\" \/>\n<meta property=\"og:image\" content=\"https:\/\/iwell-guard.com\/wp-content\/uploads\/2026\/05\/schutzsymbol_germanisch_drudenfuss-683x1024.png\" \/>\n\t<meta property=\"og:image:width\" content=\"683\" \/>\n\t<meta property=\"og:image:height\" content=\"1024\" \/>\n\t<meta property=\"og:image:type\" content=\"image\/png\" \/>\n<meta name=\"twitter:card\" content=\"summary_large_image\" \/>\n<script type=\"application\/ld+json\" class=\"yoast-schema-graph\">{\"@context\":\"https:\\\/\\\/schema.org\",\"@graph\":[{\"@type\":\"WebPage\",\"@id\":\"https:\\\/\\\/iwell-guard.com\\\/sv\\\/drudenfuss-och-pentagram\\\/\",\"url\":\"https:\\\/\\\/iwell-guard.com\\\/sv\\\/drudenfuss-och-pentagram\\\/\",\"name\":\"Drudenfu\u00df och pentagram som skyddstecken\",\"isPartOf\":{\"@id\":\"https:\\\/\\\/iwell-guard.com\\\/sv\\\/#website\"},\"primaryImageOfPage\":{\"@id\":\"https:\\\/\\\/iwell-guard.com\\\/sv\\\/drudenfuss-och-pentagram\\\/#primaryimage\"},\"image\":{\"@id\":\"https:\\\/\\\/iwell-guard.com\\\/sv\\\/drudenfuss-och-pentagram\\\/#primaryimage\"},\"thumbnailUrl\":\"https:\\\/\\\/iwell-guard.com\\\/wp-content\\\/uploads\\\/2026\\\/05\\\/schutzsymbol_germanisch_drudenfuss.png\",\"datePublished\":\"2026-09-03T00:13:23+00:00\",\"dateModified\":\"2026-09-03T01:22:13+00:00\",\"description\":\"Vad tradition och folktro tillskriver Drudenfu\u00df som skyddstecken: ursprung, verkningsprincip, anv\u00e4ndning och kulturell spridning.\",\"breadcrumb\":{\"@id\":\"https:\\\/\\\/iwell-guard.com\\\/sv\\\/drudenfuss-och-pentagram\\\/#breadcrumb\"},\"inLanguage\":\"sv-SE\",\"potentialAction\":[{\"@type\":\"ReadAction\",\"target\":[\"https:\\\/\\\/iwell-guard.com\\\/sv\\\/drudenfuss-och-pentagram\\\/\"]}]},{\"@type\":\"ImageObject\",\"inLanguage\":\"sv-SE\",\"@id\":\"https:\\\/\\\/iwell-guard.com\\\/sv\\\/drudenfuss-och-pentagram\\\/#primaryimage\",\"url\":\"https:\\\/\\\/iwell-guard.com\\\/wp-content\\\/uploads\\\/2026\\\/05\\\/schutzsymbol_germanisch_drudenfuss.png\",\"contentUrl\":\"https:\\\/\\\/iwell-guard.com\\\/wp-content\\\/uploads\\\/2026\\\/05\\\/schutzsymbol_germanisch_drudenfuss.png\",\"width\":1024,\"height\":1536,\"caption\":\"Drudenfu\u00df och pentagram, historiskt-illustrativt\"},{\"@type\":\"BreadcrumbList\",\"@id\":\"https:\\\/\\\/iwell-guard.com\\\/sv\\\/drudenfuss-och-pentagram\\\/#breadcrumb\",\"itemListElement\":[{\"@type\":\"ListItem\",\"position\":1,\"name\":\"Start\",\"item\":\"https:\\\/\\\/iwell-guard.com\\\/sv\\\/?page_id=136483\"},{\"@type\":\"ListItem\",\"position\":2,\"name\":\"Drudenfu\u00df och pentagram\"}]},{\"@type\":\"WebSite\",\"@id\":\"https:\\\/\\\/iwell-guard.com\\\/sv\\\/#website\",\"url\":\"https:\\\/\\\/iwell-guard.com\\\/sv\\\/\",\"name\":\"iWell Guard\",\"description\":\"Schutz vor dunklen Einfl\u00fcssen\",\"publisher\":{\"@id\":\"https:\\\/\\\/iwell-guard.com\\\/sv\\\/#organization\"},\"potentialAction\":[{\"@type\":\"SearchAction\",\"target\":{\"@type\":\"EntryPoint\",\"urlTemplate\":\"https:\\\/\\\/iwell-guard.com\\\/sv\\\/?s={search_term_string}\"},\"query-input\":{\"@type\":\"PropertyValueSpecification\",\"valueRequired\":true,\"valueName\":\"search_term_string\"}}],\"inLanguage\":\"sv-SE\"},{\"@type\":\"Organization\",\"@id\":\"https:\\\/\\\/iwell-guard.com\\\/sv\\\/#organization\",\"name\":\"Ittermann electronic GmbH\",\"url\":\"https:\\\/\\\/iwell-guard.com\\\/sv\\\/\",\"logo\":{\"@type\":\"ImageObject\",\"inLanguage\":\"sv-SE\",\"@id\":\"https:\\\/\\\/iwell-guard.com\\\/sv\\\/#\\\/schema\\\/logo\\\/image\\\/\",\"url\":\"https:\\\/\\\/iwell-guard.com\\\/wp-content\\\/uploads\\\/2026\\\/05\\\/Ittermann-Logo-1182x237-1.png\",\"contentUrl\":\"https:\\\/\\\/iwell-guard.com\\\/wp-content\\\/uploads\\\/2026\\\/05\\\/Ittermann-Logo-1182x237-1.png\",\"width\":1182,\"height\":237,\"caption\":\"Ittermann electronic GmbH\"},\"image\":{\"@id\":\"https:\\\/\\\/iwell-guard.com\\\/sv\\\/#\\\/schema\\\/logo\\\/image\\\/\"},\"sameAs\":[\"https:\\\/\\\/pantip.com\\\/profile\\\/9367242\",\"https:\\\/\\\/micro.blog\\\/iwellguard\",\"https:\\\/\\\/www.diggerslist.com\\\/iwellguard\\\/about\",\"https:\\\/\\\/skitterphoto.com\\\/photographers\\\/2870314\\\/iwell-guard\",\"https:\\\/\\\/iwellguard.wordpress.com\\\/2026\\\/06\\\/06\\\/iwell-guard\\\/\",\"https:\\\/\\\/hub.docker.com\\\/u\\\/iwellguard\",\"https:\\\/\\\/www.pinterest.com\\\/iwellguard\\\/\",\"https:\\\/\\\/bit.ly\\\/m\\\/iwellguard\",\"https:\\\/\\\/entre-vos-mains.alsace.eu\\\/profiles\\\/iwellguard\\\/activity\",\"https:\\\/\\\/gravatar.com\\\/reallybeded8fd34\",\"https:\\\/\\\/naijamatta.com\\\/iwellguard\",\"https:\\\/\\\/www.goodreads.com\\\/iwellguard\",\"https:\\\/\\\/profile.hatena.ne.jp\\\/iwellguard\\\/\",\"https:\\\/\\\/experiment.com\\\/users\\\/iwellguard\",\"https:\\\/\\\/wakelet.com\\\/@iWellGuard82270\",\"https:\\\/\\\/www.chordie.com\\\/forum\\\/profile.php?id=2555664\",\"https:\\\/\\\/www.instapaper.com\\\/p\\\/17757966\",\"https:\\\/\\\/www.mapleprimes.com\\\/users\\\/iwellguard\",\"https:\\\/\\\/businesslistingplus.com\\\/profile\\\/iwell-guard\\\/\",\"https:\\\/\\\/telegra.ph\\\/iWell-Guard-06-06\",\"https:\\\/\\\/pbase.com\\\/iwellguard\\\/iwellguard\",\"https:\\\/\\\/b.hatena.ne.jp\\\/iwellguard\\\/20260607#bookmark-4788405196491818882\",\"https:\\\/\\\/fliphtml5.com\\\/home\\\/iwellguard\",\"https:\\\/\\\/anyflip.com\\\/homepage\\\/cmiwl#About\",\"https:\\\/\\\/transfur.com\\\/Users\\\/iwellguard\",\"http:\\\/\\\/delphi.larsbo.org\\\/user\\\/iwellguard\",\"https:\\\/\\\/jobs.lajobsportal.org\\\/profiles\\\/8380803-iwell-guard\",\"https:\\\/\\\/md.chaosdorf.de\\\/s\\\/jfbe5SBdJD\",\"https:\\\/\\\/www.lingvolive.com\\\/en-us\\\/profile\\\/9ecaeaca-ce11-4e51-9e71-01d55e2bff36\\\/translations\",\"https:\\\/\\\/www.fitday.com\\\/fitness\\\/forums\\\/members\\\/iwellguard.html\",\"https:\\\/\\\/www.mymeetbook.com\\\/iwellguard\",\"https:\\\/\\\/pxhere.com\\\/en\\\/photographer-me\\\/5040798\",\"https:\\\/\\\/disqus.com\\\/by\\\/iwellguard\\\/about\\\/\",\"https:\\\/\\\/pastelink.net\\\/hjwciqwq\",\"https:\\\/\\\/pubhtml5.com\\\/homepage\\\/scjhn\\\/\",\"https:\\\/\\\/www.bitchute.com\\\/channel\\\/2O2eOKzNqujT\",\"https:\\\/\\\/audiomack.com\\\/iwellguard\"]}]}<\/script>\n<!-- \/ Yoast SEO Premium plugin. -->","yoast_head_json":{"title":"Drudenfu\u00df och pentagram som skyddstecken","description":"Vad tradition och folktro tillskriver Drudenfu\u00df som skyddstecken: ursprung, verkningsprincip, anv\u00e4ndning och kulturell spridning.","robots":{"index":"index","follow":"follow","max-snippet":"max-snippet:-1","max-image-preview":"max-image-preview:large","max-video-preview":"max-video-preview:-1"},"canonical":"https:\/\/iwell-guard.com\/sv\/drudenfuss-och-pentagram\/","og_locale":"sv_SE","og_type":"article","og_title":"Drudenfu\u00df och pentagram","og_description":"Vad tradition och folktro tillskriver Drudenfu\u00df som skyddstecken: ursprung, verkningsprincip, anv\u00e4ndning och kulturell spridning.","og_url":"https:\/\/iwell-guard.com\/sv\/drudenfuss-och-pentagram\/","og_site_name":"iWell Guard","article_modified_time":"2026-09-03T01:22:13+00:00","og_image":[{"width":683,"height":1024,"url":"https:\/\/iwell-guard.com\/wp-content\/uploads\/2026\/05\/schutzsymbol_germanisch_drudenfuss-683x1024.png","type":"image\/png"}],"twitter_card":"summary_large_image","schema":{"@context":"https:\/\/schema.org","@graph":[{"@type":"WebPage","@id":"https:\/\/iwell-guard.com\/sv\/drudenfuss-och-pentagram\/","url":"https:\/\/iwell-guard.com\/sv\/drudenfuss-och-pentagram\/","name":"Drudenfu\u00df och pentagram som skyddstecken","isPartOf":{"@id":"https:\/\/iwell-guard.com\/sv\/#website"},"primaryImageOfPage":{"@id":"https:\/\/iwell-guard.com\/sv\/drudenfuss-och-pentagram\/#primaryimage"},"image":{"@id":"https:\/\/iwell-guard.com\/sv\/drudenfuss-och-pentagram\/#primaryimage"},"thumbnailUrl":"https:\/\/iwell-guard.com\/wp-content\/uploads\/2026\/05\/schutzsymbol_germanisch_drudenfuss.png","datePublished":"2026-09-03T00:13:23+00:00","dateModified":"2026-09-03T01:22:13+00:00","description":"Vad tradition och folktro tillskriver Drudenfu\u00df som skyddstecken: ursprung, verkningsprincip, anv\u00e4ndning och kulturell spridning.","breadcrumb":{"@id":"https:\/\/iwell-guard.com\/sv\/drudenfuss-och-pentagram\/#breadcrumb"},"inLanguage":"sv-SE","potentialAction":[{"@type":"ReadAction","target":["https:\/\/iwell-guard.com\/sv\/drudenfuss-och-pentagram\/"]}]},{"@type":"ImageObject","inLanguage":"sv-SE","@id":"https:\/\/iwell-guard.com\/sv\/drudenfuss-och-pentagram\/#primaryimage","url":"https:\/\/iwell-guard.com\/wp-content\/uploads\/2026\/05\/schutzsymbol_germanisch_drudenfuss.png","contentUrl":"https:\/\/iwell-guard.com\/wp-content\/uploads\/2026\/05\/schutzsymbol_germanisch_drudenfuss.png","width":1024,"height":1536,"caption":"Drudenfu\u00df och pentagram, historiskt-illustrativt"},{"@type":"BreadcrumbList","@id":"https:\/\/iwell-guard.com\/sv\/drudenfuss-och-pentagram\/#breadcrumb","itemListElement":[{"@type":"ListItem","position":1,"name":"Start","item":"https:\/\/iwell-guard.com\/sv\/?page_id=136483"},{"@type":"ListItem","position":2,"name":"Drudenfu\u00df och pentagram"}]},{"@type":"WebSite","@id":"https:\/\/iwell-guard.com\/sv\/#website","url":"https:\/\/iwell-guard.com\/sv\/","name":"iWell Guard","description":"Schutz vor dunklen Einfl\u00fcssen","publisher":{"@id":"https:\/\/iwell-guard.com\/sv\/#organization"},"potentialAction":[{"@type":"SearchAction","target":{"@type":"EntryPoint","urlTemplate":"https:\/\/iwell-guard.com\/sv\/?s={search_term_string}"},"query-input":{"@type":"PropertyValueSpecification","valueRequired":true,"valueName":"search_term_string"}}],"inLanguage":"sv-SE"},{"@type":"Organization","@id":"https:\/\/iwell-guard.com\/sv\/#organization","name":"Ittermann electronic GmbH","url":"https:\/\/iwell-guard.com\/sv\/","logo":{"@type":"ImageObject","inLanguage":"sv-SE","@id":"https:\/\/iwell-guard.com\/sv\/#\/schema\/logo\/image\/","url":"https:\/\/iwell-guard.com\/wp-content\/uploads\/2026\/05\/Ittermann-Logo-1182x237-1.png","contentUrl":"https:\/\/iwell-guard.com\/wp-content\/uploads\/2026\/05\/Ittermann-Logo-1182x237-1.png","width":1182,"height":237,"caption":"Ittermann electronic GmbH"},"image":{"@id":"https:\/\/iwell-guard.com\/sv\/#\/schema\/logo\/image\/"},"sameAs":["https:\/\/pantip.com\/profile\/9367242","https:\/\/micro.blog\/iwellguard","https:\/\/www.diggerslist.com\/iwellguard\/about","https:\/\/skitterphoto.com\/photographers\/2870314\/iwell-guard","https:\/\/iwellguard.wordpress.com\/2026\/06\/06\/iwell-guard\/","https:\/\/hub.docker.com\/u\/iwellguard","https:\/\/www.pinterest.com\/iwellguard\/","https:\/\/bit.ly\/m\/iwellguard","https:\/\/entre-vos-mains.alsace.eu\/profiles\/iwellguard\/activity","https:\/\/gravatar.com\/reallybeded8fd34","https:\/\/naijamatta.com\/iwellguard","https:\/\/www.goodreads.com\/iwellguard","https:\/\/profile.hatena.ne.jp\/iwellguard\/","https:\/\/experiment.com\/users\/iwellguard","https:\/\/wakelet.com\/@iWellGuard82270","https:\/\/www.chordie.com\/forum\/profile.php?id=2555664","https:\/\/www.instapaper.com\/p\/17757966","https:\/\/www.mapleprimes.com\/users\/iwellguard","https:\/\/businesslistingplus.com\/profile\/iwell-guard\/","https:\/\/telegra.ph\/iWell-Guard-06-06","https:\/\/pbase.com\/iwellguard\/iwellguard","https:\/\/b.hatena.ne.jp\/iwellguard\/20260607#bookmark-4788405196491818882","https:\/\/fliphtml5.com\/home\/iwellguard","https:\/\/anyflip.com\/homepage\/cmiwl#About","https:\/\/transfur.com\/Users\/iwellguard","http:\/\/delphi.larsbo.org\/user\/iwellguard","https:\/\/jobs.lajobsportal.org\/profiles\/8380803-iwell-guard","https:\/\/md.chaosdorf.de\/s\/jfbe5SBdJD","https:\/\/www.lingvolive.com\/en-us\/profile\/9ecaeaca-ce11-4e51-9e71-01d55e2bff36\/translations","https:\/\/www.fitday.com\/fitness\/forums\/members\/iwellguard.html","https:\/\/www.mymeetbook.com\/iwellguard","https:\/\/pxhere.com\/en\/photographer-me\/5040798","https:\/\/disqus.com\/by\/iwellguard\/about\/","https:\/\/pastelink.net\/hjwciqwq","https:\/\/pubhtml5.com\/homepage\/scjhn\/","https:\/\/www.bitchute.com\/channel\/2O2eOKzNqujT","https:\/\/audiomack.com\/iwellguard"]}]}},"_links":{"self":[{"href":"https:\/\/iwell-guard.com\/sv\/wp-json\/wp\/v2\/pages\/137167","targetHints":{"allow":["GET"]}}],"collection":[{"href":"https:\/\/iwell-guard.com\/sv\/wp-json\/wp\/v2\/pages"}],"about":[{"href":"https:\/\/iwell-guard.com\/sv\/wp-json\/wp\/v2\/types\/page"}],"author":[{"embeddable":true,"href":"https:\/\/iwell-guard.com\/sv\/wp-json\/wp\/v2\/users\/3"}],"replies":[{"embeddable":true,"href":"https:\/\/iwell-guard.com\/sv\/wp-json\/wp\/v2\/comments?post=137167"}],"version-history":[{"count":0,"href":"https:\/\/iwell-guard.com\/sv\/wp-json\/wp\/v2\/pages\/137167\/revisions"}],"wp:featuredmedia":[{"embeddable":true,"href":"https:\/\/iwell-guard.com\/sv\/wp-json\/wp\/v2\/media\/4107"}],"wp:attachment":[{"href":"https:\/\/iwell-guard.com\/sv\/wp-json\/wp\/v2\/media?parent=137167"}],"wp:term":[{"taxonomy":"category","embeddable":true,"href":"https:\/\/iwell-guard.com\/sv\/wp-json\/wp\/v2\/categories?post=137167"}],"curies":[{"name":"wp","href":"https:\/\/api.w.org\/{rel}","templated":true}]}}