{"id":137166,"date":"2026-09-03T00:13:22","date_gmt":"2026-09-03T00:13:22","guid":{"rendered":"https:\/\/iwell-guard.com\/?page_id=137166"},"modified":"2026-09-03T01:22:13","modified_gmt":"2026-09-03T01:22:13","slug":"lasning","status":"publish","type":"page","link":"https:\/\/iwell-guard.com\/sv\/lasning\/","title":{"rendered":"L\u00e4sning"},"content":{"rendered":"\t\t<div data-elementor-type=\"wp-page\" data-elementor-id=\"137166\" class=\"elementor elementor-137166 elementor-3771 elementor-bc-flex-widget\" data-elementor-post-type=\"page\">\n\t\t\t\t<div class=\"elementor-element elementor-element-iwgs-besprechen-hero e-flex e-con-boxed e-con e-parent\" data-id=\"iwgs-besprechen-hero\" data-element_type=\"container\" data-e-type=\"container\">\n\t\t\t\t\t<div class=\"e-con-inner\">\n\t\t<div class=\"elementor-element elementor-element-iw-besprechen-hero-left e-con-full e-flex e-con e-child\" data-id=\"iw-besprechen-hero-left\" data-element_type=\"container\" data-e-type=\"container\">\n\t\t\t\t<div class=\"elementor-element elementor-element-iwgs-besprechen-h1 elementor-widget elementor-widget-heading\" data-id=\"iwgs-besprechen-h1\" data-element_type=\"widget\" data-e-type=\"widget\" data-widget_type=\"heading.default\">\n\t\t\t\t\t<h1 class=\"elementor-heading-title elementor-size-default\">L\u00e4sning \u2014 det helande skyddsordet<\/h1>\t\t\t\t<\/div>\n\t\t<div class=\"elementor-element elementor-element-iw-besprechen-hero-bw e-con-full e-flex e-con e-child\" data-id=\"iw-besprechen-hero-bw\" data-element_type=\"container\" data-e-type=\"container\">\n\t\t\t\t<div class=\"elementor-element elementor-element-iwgs-besprechen-pills elementor-widget elementor-widget-html\" data-id=\"iwgs-besprechen-pills\" data-element_type=\"widget\" data-e-type=\"widget\" data-widget_type=\"html.default\">\n\t\t\t\t\t<div class=\"iwg-pill-row\"><span class=\"iwg-klasse-badge\" tabindex=\"0\" data-tooltip=\"Typ av skyddsmedel.\">Skyddspraktik<\/span><a href=\"https:\/\/iwell-guard.com\/sv\/skyddsritualer-och-akallan\/\" class=\"iwg-kultur-badge\" tabindex=\"0\" data-tooltip=\"Till \u00f6versikten.\">Skyddsritualer och \u00e5kallan<\/a><\/div>\t\t\t\t<\/div>\n\t\t\t\t<div class=\"elementor-element elementor-element-iwgs-besprechen-lead elementor-widget elementor-widget-text-editor\" data-id=\"iwgs-besprechen-lead\" data-element_type=\"widget\" data-e-type=\"widget\" data-widget_type=\"text-editor.default\">\n\t\t\t\t\t\t\t\t\t<p>L\u00e4sning \u00e4r en praktik som \u00e4r s\u00e4rskilt v\u00e4l belagd i den tyskspr\u00e5kiga folktraditionen, d\u00e4r en person genom att viska eller halvh\u00f6gt tala en ned\u00e4rvd formel f\u00f6rs\u00f6ker avv\u00e4rja skada fr\u00e5n en m\u00e4nniska eller ett djur.<\/p><p>Ordet &#8221;besprechen&#8221; (l\u00e4sa \u00f6ver) betyder h\u00e4r att t\u00e4cka n\u00e5gon eller n\u00e5got med en formel, det vill s\u00e4ga att h\u00f6lja in med ord och d\u00e4rigenom skydda mot skadlig p\u00e5verkan eller upph\u00e4va en p\u00e5verkan som redan har intr\u00e4ffat.<\/p>\n<p>L\u00e4sning skiljer sig fr\u00e5n <a href=\"https:\/\/iwell-guard.com\/sv\/bannsprak-och-bannritual\/\">bannformeln<\/a> i en v\u00e4sentlig punkt: den riktar sig mindre mot att driva ut eller binda en varelse \u00e4n mot personen eller djuret som ska helas eller skyddas.<\/p><p>Formlerna f\u00f6r l\u00e4sning \u00e4r inom <span class=\"iwg-fachbegriff\" data-tooltip=\"\u00d6verf\u00f6ringen av kunskap och ber\u00e4ttelser mellan generationer.\" tabindex=\"0\">traditionen<\/span> ofta kortare, mer konkreta och anpassade till best\u00e4mda besv\u00e4r eller faror, till exempel bl\u00f6dningar, br\u00e4nnskador, det onda \u00f6gat, rosfeber eller barnsjukdomar.<\/p><p>Samtidigt f\u00f6ruts\u00e4tter praktiken i m\u00e5nga traditioner en s\u00e4rskild f\u00f6rm\u00e5ga hos den l\u00e4sande personen, en f\u00f6rm\u00e5ga som definieras genom h\u00e4rkomst, \u00e5lder, k\u00f6n eller en f\u00f6rm\u00e5ga som uppfattas som en gudomlig g\u00e5va.<\/p>\n<p>L\u00e4sning tillh\u00f6r kategorin <a href=\"https:\/\/iwell-guard.com\/sv\/skyddsritualer-och-akallan\/\">skyddsritualer och \u00e5kallanden<\/a>.<\/p>\n<p class=\"iwg-kwfix\">L\u00e4sning anv\u00e4nder det talade skyddsordet som medel mot sjukdom och olycka.<\/p>\t\t\t\t\t\t\t\t<\/div>\n\t\t\t\t<\/div>\n\t\t\t\t<\/div>\n\t\t<div class=\"elementor-element elementor-element-iw-besprechen-hero-img e-con-full e-flex e-con e-child\" data-id=\"iw-besprechen-hero-img\" data-element_type=\"container\" data-e-type=\"container\">\n\t\t\t\t<div class=\"elementor-element elementor-element-iwgs-besprechen-himg iwg-hero-image elementor-widget elementor-widget-image\" data-id=\"iwgs-besprechen-himg\" data-element_type=\"widget\" data-e-type=\"widget\" data-widget_type=\"image.default\">\n\t\t\t\t\t\t\t\t\t\t\t\t\t\t\t<img fetchpriority=\"high\" decoding=\"async\" width=\"683\" height=\"1024\" src=\"https:\/\/iwell-guard.com\/wp-content\/uploads\/2026\/05\/schutzsymbol_germanisch_besprechen-683x1024.png\" class=\"attachment-large size-large wp-image-135748\" alt=\"Besprechen \u2013 det helande skyddsordet, historiskt-illustrativt\" srcset=\"https:\/\/iwell-guard.com\/wp-content\/uploads\/2026\/05\/schutzsymbol_germanisch_besprechen-683x1024.png 683w, https:\/\/iwell-guard.com\/wp-content\/uploads\/2026\/05\/schutzsymbol_germanisch_besprechen-200x300.png 200w, https:\/\/iwell-guard.com\/wp-content\/uploads\/2026\/05\/schutzsymbol_germanisch_besprechen-768x1152.png 768w, https:\/\/iwell-guard.com\/wp-content\/uploads\/2026\/05\/schutzsymbol_germanisch_besprechen.png 1024w\" sizes=\"(max-width: 683px) 100vw, 683px\" \/>\t\t\t\t\t\t\t\t\t\t\t\t\t\t\t<\/div>\n\t\t\t\t<\/div>\n\t\t\t\t\t<\/div>\n\t\t\t\t<\/div>\n\t\t<div class=\"elementor-element elementor-element-iwgs-besprechen-s0 e-flex e-con-boxed e-con e-parent\" data-id=\"iwgs-besprechen-s0\" data-element_type=\"container\" data-e-type=\"container\">\n\t\t\t\t\t<div class=\"e-con-inner\">\n\t\t\t\t<div class=\"elementor-element elementor-element-iwgs-besprechen-s0h elementor-widget elementor-widget-heading\" data-id=\"iwgs-besprechen-s0h\" data-element_type=\"widget\" data-e-type=\"widget\" data-widget_type=\"heading.default\">\n\t\t\t\t\t<h2 class=\"elementor-heading-title elementor-size-default\">Snabb\u00f6versikt<\/h2>\t\t\t\t<\/div>\n\t\t<div class=\"elementor-element elementor-element-iw-besprechen-s0-bw e-con-full e-flex e-con e-child\" data-id=\"iw-besprechen-s0-bw\" data-element_type=\"container\" data-e-type=\"container\">\n\t\t\t\t<div class=\"elementor-element elementor-element-iwgs-besprechen-s0t elementor-widget elementor-widget-text-editor\" data-id=\"iwgs-besprechen-s0t\" data-element_type=\"widget\" data-e-type=\"widget\" data-widget_type=\"text-editor.default\">\n\t\t\t\t\t\t\t\t\t<p>L\u00e4sning inneb\u00e4r det skyddande eller helande talandet av en ned\u00e4rvd formel \u00f6ver en person eller ett djur. I den tyskspr\u00e5kiga folktraditionen \u00e4r praktiken v\u00e4l dokumenterad fr\u00e5n medeltiden fram till det tidiga 1900-talet. Den f\u00f6renar kristna element, <span class=\"iwg-fachbegriff\" data-tooltip=\"Det b\u00f6nfallande eller besv\u00e4rjande tilltalet av en gudom eller makt.\" tabindex=\"0\">\u00e5kallan<\/span> av helgon eller gudsnamn, med f\u00f6rkristna strukturer, mytologiskt prejudikat och befallningsformel.<\/p><p>Inte vem som helst anses vara f\u00f6rm\u00f6gen till detta, utan best\u00e4mda personer som \u00e4ldre kvinnor, den sjunde sonen eller barnmorskan. Formeln \u00e4r i m\u00e5nga traditioner hemlig och f\u00e5r inte talas h\u00f6gt eller inf\u00f6r fr\u00e4mlingar.<\/p>\t\t\t\t\t\t\t\t<\/div>\n\t\t\t\t<\/div>\n\t\t\t\t\t<\/div>\n\t\t\t\t<\/div>\n\t\t<div class=\"elementor-element elementor-element-iwgs-besprechen-s1 e-flex e-con-boxed e-con e-parent\" data-id=\"iwgs-besprechen-s1\" data-element_type=\"container\" data-e-type=\"container\">\n\t\t\t\t\t<div class=\"e-con-inner\">\n\t\t\t\t<div class=\"elementor-element elementor-element-iwgs-besprechen-s1h elementor-widget elementor-widget-heading\" data-id=\"iwgs-besprechen-s1h\" data-element_type=\"widget\" data-e-type=\"widget\" data-widget_type=\"heading.default\">\n\t\t\t\t\t<h2 class=\"elementor-heading-title elementor-size-default\">Ursprung och tradition<\/h2>\t\t\t\t<\/div>\n\t\t<div class=\"elementor-element elementor-element-iw-besprechen-s1-bw e-con-full e-flex e-con e-child\" data-id=\"iw-besprechen-s1-bw\" data-element_type=\"container\" data-e-type=\"container\">\n\t\t\t\t<div class=\"elementor-element elementor-element-iwgs-besprechen-s1t elementor-widget elementor-widget-text-editor\" data-id=\"iwgs-besprechen-s1t\" data-element_type=\"widget\" data-e-type=\"widget\" data-widget_type=\"text-editor.default\">\n\t\t\t\t\t\t\t\t\t<p>L\u00e4sningens r\u00f6tter g\u00e5r djupare \u00e4n den kristna <span class=\"iwg-fachbegriff\" data-tooltip=\"\u00d6verf\u00f6ringen av kunskap och ber\u00e4ttelser mellan generationer.\" tabindex=\"0\">traditionen<\/span>.<\/p><p>Merseburger Zauberspr\u00fcche fr\u00e5n 900-talet, de \u00e4ldsta bevarade tyskspr\u00e5kiga vittnesb\u00f6rden av detta slag, visar en grundstruktur som anses vara karakteristisk f\u00f6r praktiken: ett mytologiskt prejudikat d\u00e4r en gud eller hj\u00e4lte l\u00f6ser ett problem, f\u00f6ljt av formeln &#8221;Liksom det d\u00e5 skedde, s\u00e5 m\u00e5 det nu ske&#8221;.<\/p><p>Denna struktur, den s\u00e5 kallade historiola-typen, \u00e5terfinns i l\u00e4sningsformler fr\u00e5n hela Europa, vilket tyder p\u00e5 h\u00f6g \u00e5lder och stor spridning.<\/p>\n<p>I den kristna traditionen ers\u00e4tts de hedniska gudsnamnen med Jesus, Maria och helgonen, men strukturen f\u00f6rblir ofta igenk\u00e4nnligt likartad.<\/p><p>Den l\u00e4sande personen \u00e5beropar att Kristus har helat ett s\u00e5r, att Maria har v\u00e4nt bort febern fr\u00e5n Jesusbarnet, f\u00f6r att d\u00e4refter forts\u00e4tta: s\u00e5 ska \u00e4ven detta s\u00e5r helas, denna feber ocks\u00e5 vika. Kyrkor\u00e4tten har vid upprepade tillf\u00e4llen f\u00f6rd\u00f6mt s\u00e5dana praktiker, vilket vittnar om deras spridning och seghet.<\/p>\n<p>Under den tidigmoderna perioden dokumenterar h\u00e4xprocessakter, medicinska r\u00e5dgivningsb\u00f6cker och stiftsvisitationsprotokoll att l\u00e4sning var vanligt f\u00f6rekommande i vardagen.<\/p><p>Det r\u00f6rde sig ofta om kvinnor som f\u00f6r sin by eller f\u00f6rsamling h\u00f6ll formler tillg\u00e4ngliga f\u00f6r s\u00e5r, boskapssjukdomar eller skador orsakade av det onda \u00f6gat. Under 1800-talet sammanst\u00e4llde folklorister i Tyskland, \u00d6sterrike och Schweiz omfattande samlingar av s\u00e5dana formler.<\/p>\t\t\t\t\t\t\t\t<\/div>\n\t\t\t\t<\/div>\n\t\t\t\t\t<\/div>\n\t\t\t\t<\/div>\n\t\t<div class=\"elementor-element elementor-element-iwgs-besprechen-s2 e-flex e-con-boxed e-con e-parent\" data-id=\"iwgs-besprechen-s2\" data-element_type=\"container\" data-e-type=\"container\">\n\t\t\t\t\t<div class=\"e-con-inner\">\n\t\t\t\t<div class=\"elementor-element elementor-element-iwgs-besprechen-s2h elementor-widget elementor-widget-heading\" data-id=\"iwgs-besprechen-s2h\" data-element_type=\"widget\" data-e-type=\"widget\" data-widget_type=\"heading.default\">\n\t\t\t\t\t<h2 class=\"elementor-heading-title elementor-size-default\">Verkningsprincip enligt traditionen<\/h2>\t\t\t\t<\/div>\n\t\t<div class=\"elementor-element elementor-element-iw-besprechen-s2-bw e-con-full e-flex e-con e-child\" data-id=\"iw-besprechen-s2-bw\" data-element_type=\"container\" data-e-type=\"container\">\n\t\t\t\t<div class=\"elementor-element elementor-element-iwgs-besprechen-s2t elementor-widget elementor-widget-text-editor\" data-id=\"iwgs-besprechen-s2t\" data-element_type=\"widget\" data-e-type=\"widget\" data-widget_type=\"text-editor.default\">\n\t\t\t\t\t\t\t\t\t<p>Verkningsprincipen bakom l\u00e4sning bygger p\u00e5 f\u00f6rest\u00e4llningen att spr\u00e5ket, n\u00e4r det uttalas korrekt och med r\u00e4tt inre h\u00e5llning, ut\u00f6var en ordnande kraft p\u00e5 det kosmiska informationsf\u00e4ltet.<\/p><p>Skadan, p\u00e5verkan, ondskan, betraktas som n\u00e5got som har tr\u00e4tt in p\u00e5 en person utifr\u00e5n. Formeln namnger denna ondska, f\u00f6rklarar den som fr\u00e4mmande och icke tillh\u00f6rande, och avvisar den.<\/p>\n<p>\u00c5beropandet av sakral auktoritet \u00e4r centralt: den l\u00e4sande personen talar inte i eget namn, utan som f\u00f6rmedlare av en kraft som st\u00e5r \u00f6ver henne eller honom.<\/p><p>Det \u00e4r anledningen till att praktiken i m\u00e5nga traditioner \u00e4r knuten till en best\u00e4md typ av person: inte vem som helst f\u00e5r eller kan fylla denna f\u00f6rmedlarfunktion. D\u00e4r den personliga f\u00f6rm\u00e5gan saknas anses formeln vara verkningsl\u00f6s.<\/p>\n<p>Den hemliga vidaref\u00f6rmedlingen av formeln, fr\u00e5n kvinna till man, fr\u00e5n \u00e4ldre till yngre, vid en best\u00e4md tidpunkt och under best\u00e4mda villkor, \u00e4r ocks\u00e5 en fast del av traditionens logik. Formler som \u00e4r allm\u00e4nt k\u00e4nda anses i m\u00e5nga beskrivningar vara f\u00f6rbrukade eller svagare.<\/p>\t\t\t\t\t\t\t\t<\/div>\n\t\t\t\t<\/div>\n\t\t\t\t\t<\/div>\n\t\t\t\t<\/div>\n\t\t<div class=\"elementor-element elementor-element-iwgs-besprechen-s3 e-flex e-con-boxed e-con e-parent\" data-id=\"iwgs-besprechen-s3\" data-element_type=\"container\" data-e-type=\"container\">\n\t\t\t\t\t<div class=\"e-con-inner\">\n\t\t\t\t<div class=\"elementor-element elementor-element-iwgs-besprechen-s3h elementor-widget elementor-widget-heading\" data-id=\"iwgs-besprechen-s3h\" data-element_type=\"widget\" data-e-type=\"widget\" data-widget_type=\"heading.default\">\n\t\t\t\t\t<h2 class=\"elementor-heading-title elementor-size-default\">Kultur\u00f6verskridande spridning<\/h2>\t\t\t\t<\/div>\n\t\t<div class=\"elementor-element elementor-element-iw-besprechen-s3-bw e-con-full e-flex e-con e-child\" data-id=\"iw-besprechen-s3-bw\" data-element_type=\"container\" data-e-type=\"container\">\n\t\t\t\t<div class=\"elementor-element elementor-element-iwgs-besprechen-s3t elementor-widget elementor-widget-text-editor\" data-id=\"iwgs-besprechen-s3t\" data-element_type=\"widget\" data-e-type=\"widget\" data-widget_type=\"text-editor.default\">\n\t\t\t\t\t\t\t\t\t<p>Grundprincipen f\u00f6r l\u00e4sning \u00e4r inte begr\u00e4nsad till det tyskspr\u00e5kiga omr\u00e5det. Besl\u00e4ktade praktiker kan p\u00e5visas i n\u00e4stan alla europeiska folktraditioner. I Skandinavien kallas de som ut\u00f6var detta kloka gubbar eller kloka gummor, visa m\u00e4n och visa kvinnor.<\/p><p>I England talas om &#8221;cunning folk&#8221;, som h\u00e4mtade l\u00e4sningsformler ur handskrivna manuskript. I Ryssland och \u00f6vriga slaviska omr\u00e5den finns det s\u00e5 kallade sjeptanie, viskandet av helande ord, som strukturellt \u00e4r n\u00e4ra besl\u00e4ktat med den tyska l\u00e4sningen.<\/p>\n<p>I Irland och Skottland finns helande formler bevarade p\u00e5 g\u00e4liska, s\u00e5 kallade ortha eller eolas, som uppvisar samma historiola-uppbyggnad. En irl\u00e4ndsk formel f\u00f6r att hela br\u00e4nnskador \u00e5beropar den heliga Brigid, som helade en skada, precis som en nedertysk formel f\u00f6r samma problem h\u00e4nvisar till Kristus.<\/p>\n<p>\u00c4ven utanf\u00f6r Europa finns strukturellt besl\u00e4ktade praktiker. I delar av V\u00e4stafrika och i den afrokaribiska traditionen finns formler k\u00e4nda som talas \u00f6ver en sjuk eller hotad person och som ska ge en skyddande eller helande kraft. I n\u00e5gra regioner i Latinamerika har den koloniala \u00f6verlagringen av inhemska och kristna l\u00e4sningstraditioner bevarats.<\/p>\t\t\t\t\t\t\t\t<\/div>\n\t\t\t\t<\/div>\n\t\t\t\t\t<\/div>\n\t\t\t\t<\/div>\n\t\t<div class=\"elementor-element elementor-element-iwgs-besprechen-s4 e-flex e-con-boxed e-con e-parent\" data-id=\"iwgs-besprechen-s4\" data-element_type=\"container\" data-e-type=\"container\">\n\t\t\t\t\t<div class=\"e-con-inner\">\n\t\t\t\t<div class=\"elementor-element elementor-element-iwgs-besprechen-s4h elementor-widget elementor-widget-heading\" data-id=\"iwgs-besprechen-s4h\" data-element_type=\"widget\" data-e-type=\"widget\" data-widget_type=\"heading.default\">\n\t\t\t\t\t<h2 class=\"elementor-heading-title elementor-size-default\">Vad den anv\u00e4nds mot<\/h2>\t\t\t\t<\/div>\n\t\t<div class=\"elementor-element elementor-element-iw-besprechen-s4-bw e-con-full e-flex e-con e-child\" data-id=\"iw-besprechen-s4-bw\" data-element_type=\"container\" data-e-type=\"container\">\n\t\t\t\t<div class=\"elementor-element elementor-element-iwgs-besprechen-s4t elementor-widget elementor-widget-text-editor\" data-id=\"iwgs-besprechen-s4t\" data-element_type=\"widget\" data-e-type=\"widget\" data-widget_type=\"text-editor.default\">\n\t\t\t\t\t\t\t\t\t<p>Besv\u00e4rjelsen (Besprechen) riktar sig i <span class=\"iwg-fachbegriff\" data-tooltip=\"Kunskapens och ber\u00e4ttelsernas \u00f6verf\u00f6ring genom generationer.\" tabindex=\"0\">traditionen<\/span> framf\u00f6r allt mot inverkningar som har p\u00e5verkat eller forts\u00e4tter att p\u00e5verka en person utifr\u00e5n. Till de vanligaste dokumenterade till\u00e4mpningsomr\u00e5dena h\u00f6r:<\/p>\n<p>Den onda \u00f6gat, som i m\u00e5nga kulturer uppfattas som en kraft \u00f6verf\u00f6rd genom avund eller ond avsikt som orsakar sjukdom eller olycka. Andar och sp\u00f6ken, s\u00e4rskilt s\u00e5dana som f\u00f6rblivit oroliga efter en persons d\u00f6d och f\u00f6rf\u00f6ljer eller g\u00f6r de levande sjuka.<\/p><p>H\u00e4xsignelser och skadeg\u00f6rande trolldom, det vill s\u00e4ga inverkningar som ut\u00f6vats av en annan person med ond avsikt. Vissa sjukdomar hos m\u00e4nniskor och boskap, som i den f\u00f6rindustriella v\u00e4rlden ofta tillskrevs \u00f6vernaturlig p\u00e5verkan, d\u00e4ribland rosfeber, mask eller mara. Slutligen mardr\u00f6mmar och nattmaror, som ans\u00e5gs vara orsaken till s\u00f6mnst\u00f6rningar, kv\u00e4vnings\u00e5ngest och nattlig skr\u00e4ck.<\/p>\t\t\t\t\t\t\t\t<\/div>\n\t\t\t\t<\/div>\n\t\t\t\t\t<\/div>\n\t\t\t\t<\/div>\n\t\t<div class=\"elementor-element elementor-element-iwgs-besprechen-s5 e-flex e-con-boxed e-con e-parent\" data-id=\"iwgs-besprechen-s5\" data-element_type=\"container\" data-e-type=\"container\">\n\t\t\t\t\t<div class=\"e-con-inner\">\n\t\t\t\t<div class=\"elementor-element elementor-element-iwgs-besprechen-s5h elementor-widget elementor-widget-heading\" data-id=\"iwgs-besprechen-s5h\" data-element_type=\"widget\" data-e-type=\"widget\" data-widget_type=\"heading.default\">\n\t\t\t\t\t<h2 class=\"elementor-heading-title elementor-size-default\">Till\u00e4mpning och gr\u00e4nser<\/h2>\t\t\t\t<\/div>\n\t\t<div class=\"elementor-element elementor-element-iw-besprechen-s5-bw e-con-full e-flex e-con e-child\" data-id=\"iw-besprechen-s5-bw\" data-element_type=\"container\" data-e-type=\"container\">\n\t\t\t\t<div class=\"elementor-element elementor-element-iwgs-besprechen-s5t elementor-widget elementor-widget-text-editor\" data-id=\"iwgs-besprechen-s5t\" data-element_type=\"widget\" data-e-type=\"widget\" data-widget_type=\"text-editor.default\">\n\t\t\t\t\t\t\t\t\t<p>I <span class=\"iwg-fachbegriff\" data-tooltip=\"Kunskapens och ber\u00e4ttelsernas \u00f6verf\u00f6ring genom generationer.\" tabindex=\"0\">traditionen<\/span> anses besv\u00e4rjelsen vara bunden till vissa villkor, som varierar beroende p\u00e5 region och k\u00e4lla men uppvisar en gemensam k\u00e4rna. Formeln m\u00e5ste vara korrekt, det vill s\u00e4ga fullst\u00e4ndigt \u00f6verl\u00e4mnad och uttalad utan f\u00f6r\u00e4ndring.<\/p><p>Den person som utf\u00f6r besv\u00e4rjelsen m\u00e5ste anses vara beh\u00f6rig. Besv\u00e4rjelsen ska som regel inte iakttas, eller \u00e5tminstone ska formeln sj\u00e4lv inte uttalas h\u00f6rbart. I vissa traditioner f\u00f6reskrivs en best\u00e4md tid p\u00e5 dygnet, ofta gryning eller solnedg\u00e5ng.<\/p>\n<p>Till de \u00f6verl\u00e4mnade gr\u00e4nserna h\u00f6r ocks\u00e5 f\u00f6rest\u00e4llningen att besv\u00e4rjelsen inte verkar mot en m\u00e4ktigare motst\u00e5ndare. Mot en <span class=\"iwg-fachbegriff\" data-tooltip=\"Andligt v\u00e4sen som tillskrivs skadlig eller mots\u00e4gelsefull verkan.\" tabindex=\"0\">demon<\/span> av h\u00f6g rang r\u00e4cker inte en enkel l\u00e4keformel, d\u00e4r kr\u00e4vs det fullst\u00e4ndiga bannritualet. Besv\u00e4rjelsen \u00e4r enligt denna logik avsedd f\u00f6r vardagliga inverkningar, inte f\u00f6r ovanliga fall.<\/p>\n<p>Den har ett n\u00e4ra sl\u00e4ktskap med <a href=\"https:\/\/iwell-guard.com\/sv\/bannsprak-och-bannritual\/\">bannformeln<\/a>, men skiljer sig genom sitt fokus p\u00e5 den drabbade personen i st\u00e4llet f\u00f6r p\u00e5 det p\u00e5verkande v\u00e4sendet. I vissa traditioner kombineras b\u00e5da formerna: formeln besv\u00e4rjer f\u00f6rst personen och avvisar sedan ondskan.<\/p>\t\t\t\t\t\t\t\t<\/div>\n\t\t\t\t<\/div>\n\t\t\t\t\t<\/div>\n\t\t\t\t<\/div>\n\t\t<div class=\"elementor-element elementor-element-iwgs-besprechen-lit e-flex e-con-boxed e-con e-parent\" data-id=\"iwgs-besprechen-lit\" data-element_type=\"container\" data-e-type=\"container\">\n\t\t\t\t\t<div class=\"e-con-inner\">\n\t\t\t\t<div class=\"elementor-element elementor-element-iwgs-besprechen-lith elementor-widget elementor-widget-heading\" data-id=\"iwgs-besprechen-lith\" data-element_type=\"widget\" data-e-type=\"widget\" data-widget_type=\"heading.default\">\n\t\t\t\t\t<h2 class=\"elementor-heading-title elementor-size-default\">Litteratur (urval)<\/h2>\t\t\t\t<\/div>\n\t\t<div class=\"elementor-element elementor-element-iw-besprechen-lit-bw e-con-full e-flex e-con e-child\" data-id=\"iw-besprechen-lit-bw\" data-element_type=\"container\" data-e-type=\"container\">\n\t\t\t\t<div class=\"elementor-element elementor-element-iwgs-besprechen-litt elementor-widget elementor-widget-html\" data-id=\"iwgs-besprechen-litt\" data-element_type=\"widget\" data-e-type=\"widget\" data-widget_type=\"html.default\">\n\t\t\t\t\t<footer data-nosnippet=\"true\"><ul><li>Handw\u00f6rterbuch des deutschen Aberglaubens, hrsg. von Hanns B\u00e4chtold-St\u00e4ubli, Berlin\/Leipzig 1927-1942 (artikel \"Besprechen\", \"Heilsegen\").<\/li><li>Wolfgang Spiewok (Hrsg.): Die Merseburger Zauberspr\u00fcche, Stuttgart 1991.<\/li><li>Keith Thomas: Religion and the Decline of Magic, London 1971.<\/li><li>Wayland D. Hand: Magical Medicine. The Folkloric Component of Medicine in the Folk Belief, Custom, and Ritual of the Peoples of Europe and America, Berkeley 1980.<\/li><li>Inge Lecouteux: Charmes, conjurations et b\u00e9n\u00e9dictions. Lexique et formules, Paris 1996 (om formler och deras spridning i Europa).<\/li><li>Lutz R\u00f6hrich: Geb\u00e4rde, Metapher, Parodie. Studien zur Sprache und Volksdichtung, D\u00fcsseldorf 1967.<\/li><\/ul><\/footer>\t\t\t\t<\/div>\n\t\t\t\t<\/div>\n\t\t\t\t\t<\/div>\n\t\t\t\t<\/div>\n\t\t<div class=\"elementor-element elementor-element-iwgs-besprechen-kwd e-flex e-con-boxed e-con e-parent\" data-id=\"iwgs-besprechen-kwd\" data-element_type=\"container\" data-e-type=\"container\">\n\t\t\t\t\t<div class=\"e-con-inner\">\n\t\t<div class=\"elementor-element elementor-element-iw-besprechen-kwd-bw e-con-full e-flex e-con e-child\" data-id=\"iw-besprechen-kwd-bw\" data-element_type=\"container\" data-e-type=\"container\">\n\t\t\t\t<div class=\"elementor-element elementor-element-iwgs-besprechen-kwdt elementor-widget elementor-widget-text-editor\" data-id=\"iwgs-besprechen-kwdt\" data-element_type=\"widget\" data-e-type=\"widget\" data-widget_type=\"text-editor.default\">\n\t\t\t\t\t\t\t\t\t<p><em>Relaterade nyckelbegrepp: besprechen besprecher gesundbeten heilformel.<\/em><\/p>\t\t\t\t\t\t\t\t<\/div>\n\t\t\t\t<\/div>\n\t\t\t\t\t<\/div>\n\t\t\t\t<\/div>\n\t\t<div class=\"elementor-element elementor-element-iwgs-besprechen-cc e-flex e-con-boxed e-con e-parent\" data-id=\"iwgs-besprechen-cc\" data-element_type=\"container\" data-e-type=\"container\" id=\"iwg-cc-besprechen\">\n\t\t\t\t\t<div class=\"e-con-inner\">\n\t\t<div class=\"elementor-element elementor-element-iwgs-besprechen-ccinner e-flex e-con-boxed e-con e-parent\" data-id=\"iwgs-besprechen-ccinner\" data-element_type=\"container\" data-e-type=\"container\" data-settings=\"{&quot;background_background&quot;:&quot;classic&quot;}\">\n\t\t\t\t\t<div class=\"e-con-inner\">\n\t\t\t\t<div class=\"elementor-element elementor-element-iwgs-besprechen-cch elementor-widget elementor-widget-heading\" data-id=\"iwgs-besprechen-cch\" data-element_type=\"widget\" data-e-type=\"widget\" data-widget_type=\"heading.default\">\n\t\t\t\t\t<h2 class=\"elementor-heading-title elementor-size-default\">iWell Guard och skyddstraditioner<\/h2>\t\t\t\t<\/div>\n\t\t\t\t<div class=\"elementor-element elementor-element-iwgs-besprechen-cct elementor-widget elementor-widget-text-editor\" data-id=\"iwgs-besprechen-cct\" data-element_type=\"widget\" data-e-type=\"widget\" data-widget_type=\"text-editor.default\">\n\t\t\t\t\t\t\t\t\t<p>Besv\u00e4rjelsen (Besprechen) visar hur djupt f\u00f6rankrad id\u00e9n \u00e4r att spr\u00e5k och <span class=\"iwg-fachbegriff\" data-tooltip=\"Ett tecken som representerar en f\u00f6rest\u00e4llning eller betydelse.\" tabindex=\"0\">symbol<\/span> kan skapa ett skyddande rum runt en person.<\/p><p>Denna tanke, som l\u00f6per fr\u00e5n de Merseburgska trollformlerna via medeltida v\u00e4lsignelseformler fram till 1900-talets folkmedicin, finner ett modernt uttryck i <a href=\"https:\/\/iwell-guard.com\/sv\/skyddshanget-iwell-guard-kop\/\">iWell Guard<\/a>: ett f\u00f6rem\u00e5l som samlar skyddstankar fr\u00e5n m\u00e5nga traditioner och som burens symbol uppr\u00e4tth\u00e5ller kopplingen till dessa traditioner.<\/p>\t\t\t\t\t\t\t\t<\/div>\n\t\t\t\t<div class=\"elementor-element elementor-element-iwgs-besprechen-ccb iwg-cc-button iwg-cc-cta-2026-05-13 elementor-widget elementor-widget-jet-button\" data-id=\"iwgs-besprechen-ccb\" data-element_type=\"widget\" data-e-type=\"widget\" data-widget_type=\"jet-button.default\">\n\t\t\t\t<div class=\"elementor-widget-container\">\n\t\t\t\t\t<div class=\"elementor-jet-button jet-elements\"><div class=\"jet-button__container\"><a class=\"jet-button__instance jet-button__instance--icon-left hover-effect-1\" href=\"\/schutzanhaenger-iwell-guard-kaufen\/?utm_source=iwell-guard.com&amp;utm_medium=info-box&amp;utm_campaign=schutzsymbole\"><div class=\"jet-button__plane jet-button__plane-normal\"><\/div><div class=\"jet-button__plane jet-button__plane-hover\"><\/div><div class=\"jet-button__state jet-button__state-normal\"><span class=\"jet-button__label\">Mer om iWell Guard<\/span><\/div><div class=\"jet-button__state jet-button__state-hover\"><span class=\"jet-button__label\">Mer om iWell Guard<\/span><\/div><\/a><\/div><\/div><style>.elementor-element.elementor-element-iwgs-besprechen-ccb .jet-button__instance{width:320px;height:56px;}.elementor-element.elementor-element-iwgs-besprechen-ccb .jet-button__state-normal .jet-button__label{text-align:center;margin:0px 0px 0px 0px;color:#1a1b20;font-family:Montserrat,sans-serif;font-size:13px;font-weight:400;letter-spacing:4px;line-height:1.714em;text-transform:uppercase;}.elementor-element.elementor-element-iwgs-besprechen-ccb .jet-button__state-hover .jet-button__label{text-align:center;margin:0px 0px 0px 0px;color:#FECC76;font-family:Montserrat,sans-serif;font-size:13px;font-weight:400;letter-spacing:4px;line-height:1.714em;text-transform:uppercase;}.elementor-element.elementor-element-iwgs-besprechen-ccb .jet-button__plane-normal{background-color:#FECC76;border-style:solid;border-color:#C99540;border-width:2px 2px 2px 2px;}.elementor-element.elementor-element-iwgs-besprechen-ccb .jet-button__plane-hover{background-color:rgba(0,0,0,0.55);border-style:solid;border-color:#FECC76;border-width:2px 2px 2px 2px;}<\/style>\t\t\t\t<\/div>\n\t\t\t\t<\/div>\n\t\t\t\t<div class=\"elementor-element elementor-element-iwgs-besprechen-ccd elementor-widget elementor-widget-text-editor\" data-id=\"iwgs-besprechen-ccd\" data-element_type=\"widget\" data-e-type=\"widget\" data-widget_type=\"text-editor.default\">\n\t\t\t\t\t\t\t\t\t<p style=\"text-align:center;font-size:13px;opacity:0.7;margin-top:14px\" data-nosnippet=\"true\">Personliga erfarenheter kan variera. Ingen medicinteknisk produkt. Inget l\u00f6fte om l\u00e4kning.<\/p>\t\t\t\t\t\t\t\t<\/div>\n\t\t\t\t\t<\/div>\n\t\t\t\t<\/div>\n\t\t\t\t\t<\/div>\n\t\t\t\t<\/div>\n\t\t<div class=\"elementor-element elementor-element-iwgs-besprechen-disc e-flex e-con-boxed e-con e-parent\" data-id=\"iwgs-besprechen-disc\" data-element_type=\"container\" data-e-type=\"container\">\n\t\t\t\t\t<div class=\"e-con-inner\">\n\t\t<div class=\"elementor-element elementor-element-iw-besprechen-disc-bw e-con-full e-flex e-con e-child\" data-id=\"iw-besprechen-disc-bw\" data-element_type=\"container\" data-e-type=\"container\">\n\t\t\t\t<div class=\"elementor-element elementor-element-iwgs-besprechen-discw elementor-widget elementor-widget-html\" data-id=\"iwgs-besprechen-discw\" data-element_type=\"widget\" data-e-type=\"widget\" data-widget_type=\"html.default\">\n\t\t\t\t\t<footer data-nosnippet=\"true\" class=\"iwg-disclaimer-block\"><p data-nosnippet=\"true\">iWell Guard \u00e4r <strong>ingen medicinteknisk produkt<\/strong> och ers\u00e4tter ingen l\u00e4karbehandling eller psykoterapeutisk behandling. Inneh\u00e5llet som presenteras h\u00e4r \u00e4r en religionsvetenskaplig och kulturhistorisk kontextualisering, inget l\u00f6fte om andlig verkan.<\/p><\/footer>\t\t\t\t<\/div>\n\t\t\t\t<\/div>\n\t\t\t\t\t<\/div>\n\t\t\t\t<\/div>\n\t\t\t\t<\/div>\n\t\t","protected":false},"excerpt":{"rendered":"","protected":false},"author":3,"featured_media":4105,"parent":0,"menu_order":0,"comment_status":"closed","ping_status":"closed","template":"elementor_header_footer","meta":{"_yoast_wpseo_focuskw":"l\u00e4sning","_yoast_wpseo_title":"L\u00e4sning - helande och skyddande formler","_yoast_wpseo_metadesc":"L\u00e4sning i tysk folktradition: l\u00e4keformelns ursprung, verkningsprincip och kultur\u00f6verskridande motsvarigheter.","_yoast_wpseo_meta-robots-noindex":"","_yoast_wpseo_canonical":"","_angie_page":false,"gefaehrdungsstufe":"","wesen_kultur":"","wesen_klasse":"","footnotes":""},"categories":[],"class_list":["post-137166","page","type-page","status-publish","has-post-thumbnail","hentry"],"yoast_head":"<!-- This site is optimized with the Yoast SEO Premium plugin v27.7 (Yoast SEO v28.3) - https:\/\/yoast.com\/product\/yoast-seo-premium-wordpress\/ -->\n<title>L\u00e4sning - helande och skyddande formler<\/title>\n<meta name=\"description\" content=\"L\u00e4sning i tysk folktradition: l\u00e4keformelns ursprung, verkningsprincip och kultur\u00f6verskridande motsvarigheter.\" \/>\n<meta name=\"robots\" content=\"index, follow, max-snippet:-1, max-image-preview:large, max-video-preview:-1\" \/>\n<link rel=\"canonical\" href=\"https:\/\/iwell-guard.com\/sv\/lasning\/\" \/>\n<meta property=\"og:locale\" content=\"sv_SE\" \/>\n<meta property=\"og:type\" content=\"article\" \/>\n<meta property=\"og:title\" content=\"L\u00e4sning\" \/>\n<meta property=\"og:description\" content=\"L\u00e4sning i tysk folktradition: l\u00e4keformelns ursprung, verkningsprincip och kultur\u00f6verskridande motsvarigheter.\" \/>\n<meta property=\"og:url\" content=\"https:\/\/iwell-guard.com\/sv\/lasning\/\" \/>\n<meta property=\"og:site_name\" content=\"iWell Guard\" \/>\n<meta property=\"article:modified_time\" content=\"2026-09-03T01:22:13+00:00\" \/>\n<meta property=\"og:image\" content=\"https:\/\/iwell-guard.com\/wp-content\/uploads\/2026\/05\/schutzsymbol_germanisch_besprechen.png\" \/>\n\t<meta property=\"og:image:width\" content=\"1024\" \/>\n\t<meta property=\"og:image:height\" content=\"1536\" \/>\n\t<meta property=\"og:image:type\" content=\"image\/png\" \/>\n<meta name=\"twitter:card\" content=\"summary_large_image\" \/>\n<script type=\"application\/ld+json\" class=\"yoast-schema-graph\">{\"@context\":\"https:\\\/\\\/schema.org\",\"@graph\":[{\"@type\":\"WebPage\",\"@id\":\"https:\\\/\\\/iwell-guard.com\\\/sv\\\/lasning\\\/\",\"url\":\"https:\\\/\\\/iwell-guard.com\\\/sv\\\/lasning\\\/\",\"name\":\"L\u00e4sning - helande och skyddande formler\",\"isPartOf\":{\"@id\":\"https:\\\/\\\/iwell-guard.com\\\/sv\\\/#website\"},\"primaryImageOfPage\":{\"@id\":\"https:\\\/\\\/iwell-guard.com\\\/sv\\\/lasning\\\/#primaryimage\"},\"image\":{\"@id\":\"https:\\\/\\\/iwell-guard.com\\\/sv\\\/lasning\\\/#primaryimage\"},\"thumbnailUrl\":\"https:\\\/\\\/iwell-guard.com\\\/wp-content\\\/uploads\\\/2026\\\/05\\\/schutzsymbol_germanisch_besprechen.png\",\"datePublished\":\"2026-09-03T00:13:22+00:00\",\"dateModified\":\"2026-09-03T01:22:13+00:00\",\"description\":\"L\u00e4sning i tysk folktradition: l\u00e4keformelns ursprung, verkningsprincip och kultur\u00f6verskridande motsvarigheter.\",\"breadcrumb\":{\"@id\":\"https:\\\/\\\/iwell-guard.com\\\/sv\\\/lasning\\\/#breadcrumb\"},\"inLanguage\":\"sv-SE\",\"potentialAction\":[{\"@type\":\"ReadAction\",\"target\":[\"https:\\\/\\\/iwell-guard.com\\\/sv\\\/lasning\\\/\"]}]},{\"@type\":\"ImageObject\",\"inLanguage\":\"sv-SE\",\"@id\":\"https:\\\/\\\/iwell-guard.com\\\/sv\\\/lasning\\\/#primaryimage\",\"url\":\"https:\\\/\\\/iwell-guard.com\\\/wp-content\\\/uploads\\\/2026\\\/05\\\/schutzsymbol_germanisch_besprechen.png\",\"contentUrl\":\"https:\\\/\\\/iwell-guard.com\\\/wp-content\\\/uploads\\\/2026\\\/05\\\/schutzsymbol_germanisch_besprechen.png\",\"width\":1024,\"height\":1536,\"caption\":\"Besprechen \u2013 det helande skyddsordet, historiskt-illustrativt\"},{\"@type\":\"BreadcrumbList\",\"@id\":\"https:\\\/\\\/iwell-guard.com\\\/sv\\\/lasning\\\/#breadcrumb\",\"itemListElement\":[{\"@type\":\"ListItem\",\"position\":1,\"name\":\"Start\",\"item\":\"https:\\\/\\\/iwell-guard.com\\\/sv\\\/?page_id=136483\"},{\"@type\":\"ListItem\",\"position\":2,\"name\":\"L\u00e4sning\"}]},{\"@type\":\"WebSite\",\"@id\":\"https:\\\/\\\/iwell-guard.com\\\/sv\\\/#website\",\"url\":\"https:\\\/\\\/iwell-guard.com\\\/sv\\\/\",\"name\":\"iWell Guard\",\"description\":\"Schutz vor dunklen Einfl\u00fcssen\",\"publisher\":{\"@id\":\"https:\\\/\\\/iwell-guard.com\\\/sv\\\/#organization\"},\"potentialAction\":[{\"@type\":\"SearchAction\",\"target\":{\"@type\":\"EntryPoint\",\"urlTemplate\":\"https:\\\/\\\/iwell-guard.com\\\/sv\\\/?s={search_term_string}\"},\"query-input\":{\"@type\":\"PropertyValueSpecification\",\"valueRequired\":true,\"valueName\":\"search_term_string\"}}],\"inLanguage\":\"sv-SE\"},{\"@type\":\"Organization\",\"@id\":\"https:\\\/\\\/iwell-guard.com\\\/sv\\\/#organization\",\"name\":\"Ittermann electronic GmbH\",\"url\":\"https:\\\/\\\/iwell-guard.com\\\/sv\\\/\",\"logo\":{\"@type\":\"ImageObject\",\"inLanguage\":\"sv-SE\",\"@id\":\"https:\\\/\\\/iwell-guard.com\\\/sv\\\/#\\\/schema\\\/logo\\\/image\\\/\",\"url\":\"https:\\\/\\\/iwell-guard.com\\\/wp-content\\\/uploads\\\/2026\\\/05\\\/Ittermann-Logo-1182x237-1.png\",\"contentUrl\":\"https:\\\/\\\/iwell-guard.com\\\/wp-content\\\/uploads\\\/2026\\\/05\\\/Ittermann-Logo-1182x237-1.png\",\"width\":1182,\"height\":237,\"caption\":\"Ittermann electronic GmbH\"},\"image\":{\"@id\":\"https:\\\/\\\/iwell-guard.com\\\/sv\\\/#\\\/schema\\\/logo\\\/image\\\/\"},\"sameAs\":[\"https:\\\/\\\/pantip.com\\\/profile\\\/9367242\",\"https:\\\/\\\/micro.blog\\\/iwellguard\",\"https:\\\/\\\/www.diggerslist.com\\\/iwellguard\\\/about\",\"https:\\\/\\\/skitterphoto.com\\\/photographers\\\/2870314\\\/iwell-guard\",\"https:\\\/\\\/iwellguard.wordpress.com\\\/2026\\\/06\\\/06\\\/iwell-guard\\\/\",\"https:\\\/\\\/hub.docker.com\\\/u\\\/iwellguard\",\"https:\\\/\\\/www.pinterest.com\\\/iwellguard\\\/\",\"https:\\\/\\\/bit.ly\\\/m\\\/iwellguard\",\"https:\\\/\\\/entre-vos-mains.alsace.eu\\\/profiles\\\/iwellguard\\\/activity\",\"https:\\\/\\\/gravatar.com\\\/reallybeded8fd34\",\"https:\\\/\\\/naijamatta.com\\\/iwellguard\",\"https:\\\/\\\/www.goodreads.com\\\/iwellguard\",\"https:\\\/\\\/profile.hatena.ne.jp\\\/iwellguard\\\/\",\"https:\\\/\\\/experiment.com\\\/users\\\/iwellguard\",\"https:\\\/\\\/wakelet.com\\\/@iWellGuard82270\",\"https:\\\/\\\/www.chordie.com\\\/forum\\\/profile.php?id=2555664\",\"https:\\\/\\\/www.instapaper.com\\\/p\\\/17757966\",\"https:\\\/\\\/www.mapleprimes.com\\\/users\\\/iwellguard\",\"https:\\\/\\\/businesslistingplus.com\\\/profile\\\/iwell-guard\\\/\",\"https:\\\/\\\/telegra.ph\\\/iWell-Guard-06-06\",\"https:\\\/\\\/pbase.com\\\/iwellguard\\\/iwellguard\",\"https:\\\/\\\/b.hatena.ne.jp\\\/iwellguard\\\/20260607#bookmark-4788405196491818882\",\"https:\\\/\\\/fliphtml5.com\\\/home\\\/iwellguard\",\"https:\\\/\\\/anyflip.com\\\/homepage\\\/cmiwl#About\",\"https:\\\/\\\/transfur.com\\\/Users\\\/iwellguard\",\"http:\\\/\\\/delphi.larsbo.org\\\/user\\\/iwellguard\",\"https:\\\/\\\/jobs.lajobsportal.org\\\/profiles\\\/8380803-iwell-guard\",\"https:\\\/\\\/md.chaosdorf.de\\\/s\\\/jfbe5SBdJD\",\"https:\\\/\\\/www.lingvolive.com\\\/en-us\\\/profile\\\/9ecaeaca-ce11-4e51-9e71-01d55e2bff36\\\/translations\",\"https:\\\/\\\/www.fitday.com\\\/fitness\\\/forums\\\/members\\\/iwellguard.html\",\"https:\\\/\\\/www.mymeetbook.com\\\/iwellguard\",\"https:\\\/\\\/pxhere.com\\\/en\\\/photographer-me\\\/5040798\",\"https:\\\/\\\/disqus.com\\\/by\\\/iwellguard\\\/about\\\/\",\"https:\\\/\\\/pastelink.net\\\/hjwciqwq\",\"https:\\\/\\\/pubhtml5.com\\\/homepage\\\/scjhn\\\/\",\"https:\\\/\\\/www.bitchute.com\\\/channel\\\/2O2eOKzNqujT\",\"https:\\\/\\\/audiomack.com\\\/iwellguard\"]}]}<\/script>\n<!-- \/ Yoast SEO Premium plugin. -->","yoast_head_json":{"title":"L\u00e4sning - helande och skyddande formler","description":"L\u00e4sning i tysk folktradition: l\u00e4keformelns ursprung, verkningsprincip och kultur\u00f6verskridande motsvarigheter.","robots":{"index":"index","follow":"follow","max-snippet":"max-snippet:-1","max-image-preview":"max-image-preview:large","max-video-preview":"max-video-preview:-1"},"canonical":"https:\/\/iwell-guard.com\/sv\/lasning\/","og_locale":"sv_SE","og_type":"article","og_title":"L\u00e4sning","og_description":"L\u00e4sning i tysk folktradition: l\u00e4keformelns ursprung, verkningsprincip och kultur\u00f6verskridande motsvarigheter.","og_url":"https:\/\/iwell-guard.com\/sv\/lasning\/","og_site_name":"iWell Guard","article_modified_time":"2026-09-03T01:22:13+00:00","og_image":[{"width":1024,"height":1536,"url":"https:\/\/iwell-guard.com\/wp-content\/uploads\/2026\/05\/schutzsymbol_germanisch_besprechen.png","type":"image\/png"}],"twitter_card":"summary_large_image","schema":{"@context":"https:\/\/schema.org","@graph":[{"@type":"WebPage","@id":"https:\/\/iwell-guard.com\/sv\/lasning\/","url":"https:\/\/iwell-guard.com\/sv\/lasning\/","name":"L\u00e4sning - helande och skyddande formler","isPartOf":{"@id":"https:\/\/iwell-guard.com\/sv\/#website"},"primaryImageOfPage":{"@id":"https:\/\/iwell-guard.com\/sv\/lasning\/#primaryimage"},"image":{"@id":"https:\/\/iwell-guard.com\/sv\/lasning\/#primaryimage"},"thumbnailUrl":"https:\/\/iwell-guard.com\/wp-content\/uploads\/2026\/05\/schutzsymbol_germanisch_besprechen.png","datePublished":"2026-09-03T00:13:22+00:00","dateModified":"2026-09-03T01:22:13+00:00","description":"L\u00e4sning i tysk folktradition: l\u00e4keformelns ursprung, verkningsprincip och kultur\u00f6verskridande motsvarigheter.","breadcrumb":{"@id":"https:\/\/iwell-guard.com\/sv\/lasning\/#breadcrumb"},"inLanguage":"sv-SE","potentialAction":[{"@type":"ReadAction","target":["https:\/\/iwell-guard.com\/sv\/lasning\/"]}]},{"@type":"ImageObject","inLanguage":"sv-SE","@id":"https:\/\/iwell-guard.com\/sv\/lasning\/#primaryimage","url":"https:\/\/iwell-guard.com\/wp-content\/uploads\/2026\/05\/schutzsymbol_germanisch_besprechen.png","contentUrl":"https:\/\/iwell-guard.com\/wp-content\/uploads\/2026\/05\/schutzsymbol_germanisch_besprechen.png","width":1024,"height":1536,"caption":"Besprechen \u2013 det helande skyddsordet, historiskt-illustrativt"},{"@type":"BreadcrumbList","@id":"https:\/\/iwell-guard.com\/sv\/lasning\/#breadcrumb","itemListElement":[{"@type":"ListItem","position":1,"name":"Start","item":"https:\/\/iwell-guard.com\/sv\/?page_id=136483"},{"@type":"ListItem","position":2,"name":"L\u00e4sning"}]},{"@type":"WebSite","@id":"https:\/\/iwell-guard.com\/sv\/#website","url":"https:\/\/iwell-guard.com\/sv\/","name":"iWell Guard","description":"Schutz vor dunklen Einfl\u00fcssen","publisher":{"@id":"https:\/\/iwell-guard.com\/sv\/#organization"},"potentialAction":[{"@type":"SearchAction","target":{"@type":"EntryPoint","urlTemplate":"https:\/\/iwell-guard.com\/sv\/?s={search_term_string}"},"query-input":{"@type":"PropertyValueSpecification","valueRequired":true,"valueName":"search_term_string"}}],"inLanguage":"sv-SE"},{"@type":"Organization","@id":"https:\/\/iwell-guard.com\/sv\/#organization","name":"Ittermann electronic GmbH","url":"https:\/\/iwell-guard.com\/sv\/","logo":{"@type":"ImageObject","inLanguage":"sv-SE","@id":"https:\/\/iwell-guard.com\/sv\/#\/schema\/logo\/image\/","url":"https:\/\/iwell-guard.com\/wp-content\/uploads\/2026\/05\/Ittermann-Logo-1182x237-1.png","contentUrl":"https:\/\/iwell-guard.com\/wp-content\/uploads\/2026\/05\/Ittermann-Logo-1182x237-1.png","width":1182,"height":237,"caption":"Ittermann electronic GmbH"},"image":{"@id":"https:\/\/iwell-guard.com\/sv\/#\/schema\/logo\/image\/"},"sameAs":["https:\/\/pantip.com\/profile\/9367242","https:\/\/micro.blog\/iwellguard","https:\/\/www.diggerslist.com\/iwellguard\/about","https:\/\/skitterphoto.com\/photographers\/2870314\/iwell-guard","https:\/\/iwellguard.wordpress.com\/2026\/06\/06\/iwell-guard\/","https:\/\/hub.docker.com\/u\/iwellguard","https:\/\/www.pinterest.com\/iwellguard\/","https:\/\/bit.ly\/m\/iwellguard","https:\/\/entre-vos-mains.alsace.eu\/profiles\/iwellguard\/activity","https:\/\/gravatar.com\/reallybeded8fd34","https:\/\/naijamatta.com\/iwellguard","https:\/\/www.goodreads.com\/iwellguard","https:\/\/profile.hatena.ne.jp\/iwellguard\/","https:\/\/experiment.com\/users\/iwellguard","https:\/\/wakelet.com\/@iWellGuard82270","https:\/\/www.chordie.com\/forum\/profile.php?id=2555664","https:\/\/www.instapaper.com\/p\/17757966","https:\/\/www.mapleprimes.com\/users\/iwellguard","https:\/\/businesslistingplus.com\/profile\/iwell-guard\/","https:\/\/telegra.ph\/iWell-Guard-06-06","https:\/\/pbase.com\/iwellguard\/iwellguard","https:\/\/b.hatena.ne.jp\/iwellguard\/20260607#bookmark-4788405196491818882","https:\/\/fliphtml5.com\/home\/iwellguard","https:\/\/anyflip.com\/homepage\/cmiwl#About","https:\/\/transfur.com\/Users\/iwellguard","http:\/\/delphi.larsbo.org\/user\/iwellguard","https:\/\/jobs.lajobsportal.org\/profiles\/8380803-iwell-guard","https:\/\/md.chaosdorf.de\/s\/jfbe5SBdJD","https:\/\/www.lingvolive.com\/en-us\/profile\/9ecaeaca-ce11-4e51-9e71-01d55e2bff36\/translations","https:\/\/www.fitday.com\/fitness\/forums\/members\/iwellguard.html","https:\/\/www.mymeetbook.com\/iwellguard","https:\/\/pxhere.com\/en\/photographer-me\/5040798","https:\/\/disqus.com\/by\/iwellguard\/about\/","https:\/\/pastelink.net\/hjwciqwq","https:\/\/pubhtml5.com\/homepage\/scjhn\/","https:\/\/www.bitchute.com\/channel\/2O2eOKzNqujT","https:\/\/audiomack.com\/iwellguard"]}]}},"_links":{"self":[{"href":"https:\/\/iwell-guard.com\/sv\/wp-json\/wp\/v2\/pages\/137166","targetHints":{"allow":["GET"]}}],"collection":[{"href":"https:\/\/iwell-guard.com\/sv\/wp-json\/wp\/v2\/pages"}],"about":[{"href":"https:\/\/iwell-guard.com\/sv\/wp-json\/wp\/v2\/types\/page"}],"author":[{"embeddable":true,"href":"https:\/\/iwell-guard.com\/sv\/wp-json\/wp\/v2\/users\/3"}],"replies":[{"embeddable":true,"href":"https:\/\/iwell-guard.com\/sv\/wp-json\/wp\/v2\/comments?post=137166"}],"version-history":[{"count":0,"href":"https:\/\/iwell-guard.com\/sv\/wp-json\/wp\/v2\/pages\/137166\/revisions"}],"wp:featuredmedia":[{"embeddable":true,"href":"https:\/\/iwell-guard.com\/sv\/wp-json\/wp\/v2\/media\/4105"}],"wp:attachment":[{"href":"https:\/\/iwell-guard.com\/sv\/wp-json\/wp\/v2\/media?parent=137166"}],"wp:term":[{"taxonomy":"category","embeddable":true,"href":"https:\/\/iwell-guard.com\/sv\/wp-json\/wp\/v2\/categories?post=137166"}],"curies":[{"name":"wp","href":"https:\/\/api.w.org\/{rel}","templated":true}]}}