{"id":137165,"date":"2026-09-03T00:13:22","date_gmt":"2026-09-03T00:13:22","guid":{"rendered":"https:\/\/iwell-guard.com\/?page_id=137165"},"modified":"2026-09-03T01:22:09","modified_gmt":"2026-09-03T01:22:09","slug":"malort-beifuss","status":"publish","type":"page","link":"https:\/\/iwell-guard.com\/sv\/malort-beifuss\/","title":{"rendered":"Mal\u00f6rt"},"content":{"rendered":"\t\t<div data-elementor-type=\"wp-page\" data-elementor-id=\"137165\" class=\"elementor elementor-137165 elementor-3770 elementor-bc-flex-widget\" data-elementor-post-type=\"page\">\n\t\t\t\t<div class=\"elementor-element elementor-element-iwgs-beifuss-hero e-flex e-con-boxed e-con e-parent\" data-id=\"iwgs-beifuss-hero\" data-element_type=\"container\" data-e-type=\"container\">\n\t\t\t\t\t<div class=\"e-con-inner\">\n\t\t<div class=\"elementor-element elementor-element-iw-beifuss-hero-left e-con-full e-flex e-con e-child\" data-id=\"iw-beifuss-hero-left\" data-element_type=\"container\" data-e-type=\"container\">\n\t\t\t\t<div class=\"elementor-element elementor-element-iwgs-beifuss-h1 elementor-widget elementor-widget-heading\" data-id=\"iwgs-beifuss-h1\" data-element_type=\"widget\" data-e-type=\"widget\" data-widget_type=\"heading.default\">\n\t\t\t\t\t<h1 class=\"elementor-heading-title elementor-size-default\">Mal\u00f6rt \u2014 skydds\u00f6rt mot ond p\u00e5verkan<\/h1>\t\t\t\t<\/div>\n\t\t<div class=\"elementor-element elementor-element-iw-beifuss-hero-bw e-con-full e-flex e-con e-child\" data-id=\"iw-beifuss-hero-bw\" data-element_type=\"container\" data-e-type=\"container\">\n\t\t\t\t<div class=\"elementor-element elementor-element-iwgs-beifuss-pills elementor-widget elementor-widget-html\" data-id=\"iwgs-beifuss-pills\" data-element_type=\"widget\" data-e-type=\"widget\" data-widget_type=\"html.default\">\n\t\t\t\t\t<div class=\"iwg-pill-row\"><span class=\"iwg-klasse-badge\" tabindex=\"0\" data-tooltip=\"Typ av skyddsmedel.\">Skydds\u00e4mne<\/span><a href=\"https:\/\/iwell-guard.com\/sv\/skyddsamnen-och-skyddsvaxter\/\" class=\"iwg-kultur-badge\" tabindex=\"0\" data-tooltip=\"Till \u00f6versikten.\">Skydds\u00e4mnen och v\u00e4xter<\/a><\/div>\t\t\t\t<\/div>\n\t\t\t\t<div class=\"elementor-element elementor-element-iwgs-beifuss-lead elementor-widget elementor-widget-text-editor\" data-id=\"iwgs-beifuss-lead\" data-element_type=\"widget\" data-e-type=\"widget\" data-widget_type=\"text-editor.default\">\n\t\t\t\t\t\t\t\t\t<p>Mal\u00f6rt, botaniskt <em>Artemisia vulgaris<\/em>, \u00e4r en av de mest m\u00e5ngsidiga skyddsv\u00e4xterna i den europeiska och \u00f6stasiatiska folktraditionen.<\/p><p>K\u00e4nd under namnen b\u00e4ltes\u00f6rt, kvast\u00f6rt och johannes\u00f6rt, h\u00f6r den till de v\u00e4xter vars skyddsfunktion str\u00e4cker sig \u00f6ver flera omr\u00e5den: Enligt <span class=\"iwg-fachbegriff\" data-tooltip=\"Vidaref\u00f6randet av kunskap och ber\u00e4ttelser genom generationer.\" tabindex=\"0\">traditionen<\/span> skyddar den resen\u00e4ren p\u00e5 v\u00e4gen, renar rum genom r\u00f6kelse, h\u00e5ller skadliga v\u00e4sen borta fr\u00e5n tr\u00f6sklar och st\u00e4rker den person som b\u00e4r den p\u00e5 kroppen.<\/p>\n<p>Mal\u00f6rt \u00e4r en del av <a href=\"https:\/\/iwell-guard.com\/sv\/skyddsamnen-och-skyddsvaxter\/\">skydds\u00e4mnen och skyddsv\u00e4xter<\/a> och skiljer sig fr\u00e5n mer specifika skyddsv\u00e4xter som <a href=\"https:\/\/iwell-guard.com\/sv\/johannesort\/\">johannes\u00f6rt<\/a> genom att den i <span class=\"iwg-fachbegriff\" data-tooltip=\"Vidaref\u00f6randet av kunskap och ber\u00e4ttelser genom generationer.\" tabindex=\"0\">traditionen<\/span> inte anv\u00e4nds mot en best\u00e4md typ av v\u00e4sen, utan g\u00e4ller som ett allm\u00e4nt st\u00e4rkande skydd: Den f\u00f6rst\u00e4rker skyddet kring b\u00e4raren och tr\u00f6skeln, utan att vara begr\u00e4nsad till ett enda verkningsm\u00e5l.<\/p><p>Som med alla skyddsv\u00e4xter g\u00e4ller: Det handlar h\u00e4r enbart om den folkloristiska <span class=\"iwg-fachbegriff\" data-tooltip=\"Vidaref\u00f6randet av kunskap och ber\u00e4ttelser genom generationer.\" tabindex=\"0\">traditionen<\/span>, inte om medicinska verkningsp\u00e5st\u00e5enden.<\/p>\n<p class=\"iwg-kwfix\">Mal\u00f6rt anses inom folkkulturen vara en skydds\u00f6rt mot ond p\u00e5verkan.<\/p>\t\t\t\t\t\t\t\t<\/div>\n\t\t\t\t<\/div>\n\t\t\t\t<\/div>\n\t\t<div class=\"elementor-element elementor-element-iw-beifuss-hero-img e-con-full e-flex e-con e-child\" data-id=\"iw-beifuss-hero-img\" data-element_type=\"container\" data-e-type=\"container\">\n\t\t\t\t<div class=\"elementor-element elementor-element-iwgs-beifuss-himg iwg-hero-image elementor-widget elementor-widget-image\" data-id=\"iwgs-beifuss-himg\" data-element_type=\"widget\" data-e-type=\"widget\" data-widget_type=\"image.default\">\n\t\t\t\t\t\t\t\t\t\t\t\t\t\t\t<img fetchpriority=\"high\" decoding=\"async\" width=\"683\" height=\"1024\" src=\"https:\/\/iwell-guard.com\/wp-content\/uploads\/2026\/05\/schutzsymbol_germanisch_beifuss-683x1024.png\" class=\"attachment-large size-large wp-image-135749\" alt=\"Gr\u00e5bo \u2013 skydds\u00f6rt mot ont inflytande, historiskt-illustrativt\" srcset=\"https:\/\/iwell-guard.com\/wp-content\/uploads\/2026\/05\/schutzsymbol_germanisch_beifuss-683x1024.png 683w, https:\/\/iwell-guard.com\/wp-content\/uploads\/2026\/05\/schutzsymbol_germanisch_beifuss-200x300.png 200w, https:\/\/iwell-guard.com\/wp-content\/uploads\/2026\/05\/schutzsymbol_germanisch_beifuss-768x1152.png 768w, https:\/\/iwell-guard.com\/wp-content\/uploads\/2026\/05\/schutzsymbol_germanisch_beifuss.png 1024w\" sizes=\"(max-width: 683px) 100vw, 683px\" \/>\t\t\t\t\t\t\t\t\t\t\t\t\t\t\t<\/div>\n\t\t\t\t<\/div>\n\t\t\t\t\t<\/div>\n\t\t\t\t<\/div>\n\t\t<div class=\"elementor-element elementor-element-iwgs-beifuss-s0 e-flex e-con-boxed e-con e-parent\" data-id=\"iwgs-beifuss-s0\" data-element_type=\"container\" data-e-type=\"container\">\n\t\t\t\t\t<div class=\"e-con-inner\">\n\t\t\t\t<div class=\"elementor-element elementor-element-iwgs-beifuss-s0h elementor-widget elementor-widget-heading\" data-id=\"iwgs-beifuss-s0h\" data-element_type=\"widget\" data-e-type=\"widget\" data-widget_type=\"heading.default\">\n\t\t\t\t\t<h2 class=\"elementor-heading-title elementor-size-default\">Snabb\u00f6versikt<\/h2>\t\t\t\t<\/div>\n\t\t<div class=\"elementor-element elementor-element-iw-beifuss-s0-bw e-con-full e-flex e-con e-child\" data-id=\"iw-beifuss-s0-bw\" data-element_type=\"container\" data-e-type=\"container\">\n\t\t\t\t<div class=\"elementor-element elementor-element-iwgs-beifuss-s0t elementor-widget elementor-widget-text-editor\" data-id=\"iwgs-beifuss-s0t\" data-element_type=\"widget\" data-e-type=\"widget\" data-widget_type=\"text-editor.default\">\n\t\t\t\t\t\t\t\t\t<p>I <span class=\"iwg-fachbegriff\" data-tooltip=\"Vidaref\u00f6randet av kunskap och ber\u00e4ttelser genom generationer.\" tabindex=\"0\">traditionen<\/span> anses mal\u00f6rt vara ett reseskydd n\u00e4r den sys in i b\u00e4ltet eller skorna, en r\u00f6kelsev\u00e4xt f\u00f6r att rena rum, samt en tr\u00f6skelv\u00e4xt mot skadlig p\u00e5verkan utifr\u00e5n.<\/p><p>S\u00e4rskilt sk\u00f6rdad vid midsommar eller under midsommarnatten anses \u00f6rten vara starkast. I \u00d6stasien \u00e4r mal\u00f6rt, kallad mugwort, ocks\u00e5 k\u00e4nd inom moxibustion, men i detta sammanhang som <span class=\"iwg-fachbegriff\" data-tooltip=\"En reglerad f\u00f6ljd av symboliska handlingar med religi\u00f6s eller kulturell betydelse.\" tabindex=\"0\">ritual<\/span>medel, inte som skyddsmedel.<\/p>\t\t\t\t\t\t\t\t<\/div>\n\t\t\t\t<\/div>\n\t\t\t\t\t<\/div>\n\t\t\t\t<\/div>\n\t\t<div class=\"elementor-element elementor-element-iwgs-beifuss-s1 e-flex e-con-boxed e-con e-parent\" data-id=\"iwgs-beifuss-s1\" data-element_type=\"container\" data-e-type=\"container\">\n\t\t\t\t\t<div class=\"e-con-inner\">\n\t\t\t\t<div class=\"elementor-element elementor-element-iwgs-beifuss-s1h elementor-widget elementor-widget-heading\" data-id=\"iwgs-beifuss-s1h\" data-element_type=\"widget\" data-e-type=\"widget\" data-widget_type=\"heading.default\">\n\t\t\t\t\t<h2 class=\"elementor-heading-title elementor-size-default\">Ursprung och tradition<\/h2>\t\t\t\t<\/div>\n\t\t<div class=\"elementor-element elementor-element-iw-beifuss-s1-bw e-con-full e-flex e-con e-child\" data-id=\"iw-beifuss-s1-bw\" data-element_type=\"container\" data-e-type=\"container\">\n\t\t\t\t<div class=\"elementor-element elementor-element-iwgs-beifuss-s1t elementor-widget elementor-widget-text-editor\" data-id=\"iwgs-beifuss-s1t\" data-element_type=\"widget\" data-e-type=\"widget\" data-widget_type=\"text-editor.default\">\n\t\t\t\t\t\t\t\t\t<p><span class=\"iwg-fachbegriff\" data-tooltip=\"Att f\u00f6ra vidare kunskap och ber\u00e4ttelser genom generationer.\" tabindex=\"0\">Traditionen<\/span> kring gr\u00e5bo som skyddsv\u00e4xt kan i Europa sp\u00e5ras tillbaka \u00e5tminstone till tidig medeltid.<\/p><p>I den fornengelska <em>Nio \u00f6rters besv\u00e4rjelse<\/em>, bevarad i 900-talsmanuskriptet Lacnunga, n\u00e4mns gr\u00e5bo (<em>mucgwyrt<\/em>) allra f\u00f6rst: &#8221;Kom ih\u00e5g, mugwort, vad du kungjort, vad du fastst\u00e4llt i din st\u00f6rsta kraft.&#8221; Besv\u00e4rjelsen kallar den f\u00f6r moder till alla \u00f6rter och det \u00e4ldsta skyddet mot utmattning och onda andar p\u00e5 resan.<\/p>\n<p>I den tyska folktraditionen kan namnet G\u00fcrtelkraut (b\u00e4ltes\u00f6rt) direkt h\u00e4rledas ur skyddspraktiken: vandrare, <span class=\"iwg-fachbegriff\" data-tooltip=\"En person som g\u00f6r en religi\u00f6st motiverad resa till en helig plats.\" tabindex=\"0\">pilgrimer<\/span> och soldater sydde in gr\u00e5bo i sina b\u00e4lten f\u00f6r att h\u00e5lla utmattning borta och skydda sig mot farorna p\u00e5 v\u00e4gen.<\/p><p>I tider d\u00e5 v\u00e4gar ans\u00e5gs vara farliga platser, d\u00e4r r\u00f6vare och andar lurade i lika h\u00f6g grad, f\u00f6renade denna praktik kroppsligt skydd med skydd mot osynliga hot.<\/p>\n<p>I Skandinavien r\u00e4knas gr\u00e5bo till midsommarv\u00e4xterna, som samlades under midsommarnatten och s\u00e4gs utveckla sin starkaste skyddande verkan vid \u00e5rsskiftet. I svensk och norsk folklivslitteratur beskrivs den som en v\u00e4xt som bands upp vid ladug\u00e5rdsd\u00f6rrar och husentr\u00e9er.<\/p>\n<p>I Japan och Kina \u00e4r gr\u00e5bo k\u00e4nd som yomogi respektive mugwort och har i folktron en stark rituell funktion. I den japanska traditionen anv\u00e4nds gr\u00e5bodekorationer vid Tanj\u014dsai-festen och andra skyddsh\u00f6gtider. I Kina h\u00e4ngs buntar av gr\u00e5bo och kalmus upp \u00f6ver d\u00f6rrar vid Duanwu (drakb\u00e5tsfestivalen) f\u00f6r att h\u00e5lla onda andar och sjukdomsdemoner borta.<\/p>\t\t\t\t\t\t\t\t<\/div>\n\t\t\t\t<\/div>\n\t\t\t\t\t<\/div>\n\t\t\t\t<\/div>\n\t\t<div class=\"elementor-element elementor-element-iwgs-beifuss-s2 e-flex e-con-boxed e-con e-parent\" data-id=\"iwgs-beifuss-s2\" data-element_type=\"container\" data-e-type=\"container\">\n\t\t\t\t\t<div class=\"e-con-inner\">\n\t\t\t\t<div class=\"elementor-element elementor-element-iwgs-beifuss-s2h elementor-widget elementor-widget-heading\" data-id=\"iwgs-beifuss-s2h\" data-element_type=\"widget\" data-e-type=\"widget\" data-widget_type=\"heading.default\">\n\t\t\t\t\t<h2 class=\"elementor-heading-title elementor-size-default\">Verkningsprincip enligt traditionen<\/h2>\t\t\t\t<\/div>\n\t\t<div class=\"elementor-element elementor-element-iw-beifuss-s2-bw e-con-full e-flex e-con e-child\" data-id=\"iw-beifuss-s2-bw\" data-element_type=\"container\" data-e-type=\"container\">\n\t\t\t\t<div class=\"elementor-element elementor-element-iwgs-beifuss-s2t elementor-widget elementor-widget-text-editor\" data-id=\"iwgs-beifuss-s2t\" data-element_type=\"widget\" data-e-type=\"widget\" data-widget_type=\"text-editor.default\">\n\t\t\t\t\t\t\t\t\t<p>Mal\u00f6rt anses i <span class=\"iwg-fachbegriff\" data-tooltip=\"Vidaref\u00f6randet av kunskap och ber\u00e4ttelser genom generationer.\" tabindex=\"0\">traditionen<\/span> vara en v\u00e4xt f\u00f6r st\u00e4rkning och gr\u00e4nsdragning. Tillsammans f\u00f6rklarar detta dess breda skyddsfunktion.<\/p>\n<p>Som st\u00e4rkande v\u00e4xt anses den s\u00e4rskilt gynna resen\u00e4rer: Insydd i b\u00e4ltet eller skorna ska den enligt anglosaxiska och tyska k\u00e4llor h\u00e5lla tr\u00f6tthet och utmattning borta, men \u00e4ven stabilisera b\u00e4rarens inre styrka mot yttre p\u00e5verkan. Enligt folktroliga logiken kan den som \u00e4r stark sv\u00e5rare angripas av v\u00e4sen som utnyttjar svaghet.<\/p>\n<p>Som r\u00f6kelsev\u00e4xt verkar mal\u00f6rt genom sin intensiva, n\u00e5got beska r\u00f6k. I r\u00f6kelsetraditionen anses doft vara en gr\u00e4nsmark\u00f6r: Det som luktar starkt och inte behagligt, utan skarpt och jordbundet, tr\u00e4nger undan det subtila och osynliga.<\/p><p>Mal\u00f6rtsr\u00f6k anses rena belastade rum och avl\u00e4gsna skadliga anh\u00e4ftningar fr\u00e5n en plats energif\u00e4lt, en f\u00f6rest\u00e4llning som str\u00e4cker sig fr\u00e5n den europeiska folktraditionen \u00e4nda in i \u00f6stasiatisk praxis.<\/p>\n<p>Anv\u00e4nd vid tr\u00f6sklar och d\u00f6rrar tar mal\u00f6rt p\u00e5 sig funktionen som gr\u00e4nsv\u00e4xt: Liksom <a href=\"https:\/\/iwell-guard.com\/sv\/johannesort\/\">johannes\u00f6rt<\/a> och <a href=\"https:\/\/iwell-guard.com\/sv\/ronn-skyddstrad-och-skyddstra-i-folkmagin\/\">r\u00f6nn<\/a> markerar den \u00f6verg\u00e5ngen mellan inne och ute som en skyddad zon.<\/p>\t\t\t\t\t\t\t\t<\/div>\n\t\t\t\t<\/div>\n\t\t\t\t\t<\/div>\n\t\t\t\t<\/div>\n\t\t<div class=\"elementor-element elementor-element-iwgs-beifuss-s3 e-flex e-con-boxed e-con e-parent\" data-id=\"iwgs-beifuss-s3\" data-element_type=\"container\" data-e-type=\"container\">\n\t\t\t\t\t<div class=\"e-con-inner\">\n\t\t\t\t<div class=\"elementor-element elementor-element-iwgs-beifuss-s3h elementor-widget elementor-widget-heading\" data-id=\"iwgs-beifuss-s3h\" data-element_type=\"widget\" data-e-type=\"widget\" data-widget_type=\"heading.default\">\n\t\t\t\t\t<h2 class=\"elementor-heading-title elementor-size-default\">Kultur\u00f6verskridande spridning<\/h2>\t\t\t\t<\/div>\n\t\t<div class=\"elementor-element elementor-element-iw-beifuss-s3-bw e-con-full e-flex e-con e-child\" data-id=\"iw-beifuss-s3-bw\" data-element_type=\"container\" data-e-type=\"container\">\n\t\t\t\t<div class=\"elementor-element elementor-element-iwgs-beifuss-s3t elementor-widget elementor-widget-text-editor\" data-id=\"iwgs-beifuss-s3t\" data-element_type=\"widget\" data-e-type=\"widget\" data-widget_type=\"text-editor.default\">\n\t\t\t\t\t\t\t\t\t<p>Mal\u00f6rtens skyddande funktion \u00e4r anm\u00e4rkningsv\u00e4rt v\u00e4l belagd i m\u00e5nga kulturer, oberoende av varandra.<\/p>\n<p>I <strong>Nordv\u00e4steuropa<\/strong>, s\u00e4rskilt p\u00e5 de brittiska \u00f6arna och i Tyskland, \u00e4r mal\u00f6rt dokumenterad som reseskydd och midsommarv\u00e4xt. Den anglosaxiska Nio-\u00f6rtersformeln g\u00f6r den till modern av alla skydds\u00f6rter.<\/p>\n<p>I <strong>Skandinavien<\/strong> h\u00f6r den till midsommarv\u00e4xterna som h\u00e4ngs vid d\u00f6rrar.<\/p>\n<p>I <strong>\u00d6steuropa<\/strong>, fr\u00e5n Polen till Ukraina, \u00e4r mal\u00f6rt belagd som r\u00f6kelsev\u00e4xt och skyddsv\u00e4xt f\u00f6r hus och stall.<\/p>\n<p>I <strong>Japan<\/strong> anses Yomogi vara en helig skyddsv\u00e4xt som h\u00e5ller olycka borta vid vissa h\u00f6gtider och binds vid d\u00f6rrar och f\u00f6nster.<\/p>\n<p>I <strong>Kina<\/strong> \u00e4r mal\u00f6rt, som \u00c0i (<em>\u827e<\/em>), den centrala skyddsv\u00e4xten i knippen till Drakb\u00e5tsfestivalen, ofta bunden tillsammans med den sv\u00e4rdformade kalmusen och h\u00e4ngd \u00f6ver ing\u00e5ngar.<\/p>\t\t\t\t\t\t\t\t<\/div>\n\t\t\t\t<\/div>\n\t\t\t\t\t<\/div>\n\t\t\t\t<\/div>\n\t\t<div class=\"elementor-element elementor-element-iwgs-beifuss-s4 e-flex e-con-boxed e-con e-parent\" data-id=\"iwgs-beifuss-s4\" data-element_type=\"container\" data-e-type=\"container\">\n\t\t\t\t\t<div class=\"e-con-inner\">\n\t\t\t\t<div class=\"elementor-element elementor-element-iwgs-beifuss-s4h elementor-widget elementor-widget-heading\" data-id=\"iwgs-beifuss-s4h\" data-element_type=\"widget\" data-e-type=\"widget\" data-widget_type=\"heading.default\">\n\t\t\t\t\t<h2 class=\"elementor-heading-title elementor-size-default\">Vad den anv\u00e4nds mot<\/h2>\t\t\t\t<\/div>\n\t\t<div class=\"elementor-element elementor-element-iw-beifuss-s4-bw e-con-full e-flex e-con e-child\" data-id=\"iw-beifuss-s4-bw\" data-element_type=\"container\" data-e-type=\"container\">\n\t\t\t\t<div class=\"elementor-element elementor-element-iwgs-beifuss-s4t elementor-widget elementor-widget-text-editor\" data-id=\"iwgs-beifuss-s4t\" data-element_type=\"widget\" data-e-type=\"widget\" data-widget_type=\"text-editor.default\">\n\t\t\t\t\t\t\t\t\t<p>Enligt traditionen skyddar mal\u00f6rt framf\u00f6r allt mot:<\/p>\n<p>Mot <strong>utmattning och dess \u00f6vernaturliga orsaker<\/strong>: I traditioner som beskriver utmattning som verk av v\u00e4sen som dr\u00e4nerar den resandes kraft, anses mal\u00f6rt vara ett direkt motmedel.<\/p>\n<p>Mot <strong>allm\u00e4n ond p\u00e5verkan vid tr\u00f6sklar<\/strong>: Bunden som en tr\u00f6skelv\u00e4xt vid d\u00f6rr och f\u00f6nster h\u00e5ller mal\u00f6rt skadliga v\u00e4sen borta i allm\u00e4nhet, utan att vara inriktad mot en s\u00e4rskild art av v\u00e4sen.<\/p>\n<p>Mot <strong>sjukdomsdemoner och onda andar vid \u00e5rs\u00f6verg\u00e5ngar<\/strong>: S\u00e4rskilt inom \u00f6stasiatisk <span class=\"iwg-fachbegriff\" data-tooltip=\"Vidaref\u00f6randet av kunskap och ber\u00e4ttelser genom generationer.\" tabindex=\"0\">tradition<\/span>, men \u00e4ven i det europeiska midsommarbruket, tj\u00e4nar mal\u00f6rt som skydd i \u00e5rets farliga \u00f6verg\u00e5ngs\u00f6gonblick.<\/p>\n<p>Mot <strong>belastade rum och anh\u00e4ftningar<\/strong>: Som r\u00f6kelsev\u00e4xt anses mal\u00f6rt l\u00e4mplig f\u00f6r att l\u00f6sa upp och driva bort det som fastnat i ett rum efter sjukdom, gr\u00e4l eller oklar belastning.<\/p>\t\t\t\t\t\t\t\t<\/div>\n\t\t\t\t<\/div>\n\t\t\t\t\t<\/div>\n\t\t\t\t<\/div>\n\t\t<div class=\"elementor-element elementor-element-iwgs-beifuss-s5 e-flex e-con-boxed e-con e-parent\" data-id=\"iwgs-beifuss-s5\" data-element_type=\"container\" data-e-type=\"container\">\n\t\t\t\t\t<div class=\"e-con-inner\">\n\t\t\t\t<div class=\"elementor-element elementor-element-iwgs-beifuss-s5h elementor-widget elementor-widget-heading\" data-id=\"iwgs-beifuss-s5h\" data-element_type=\"widget\" data-e-type=\"widget\" data-widget_type=\"heading.default\">\n\t\t\t\t\t<h2 class=\"elementor-heading-title elementor-size-default\">Till\u00e4mpning och gr\u00e4nser<\/h2>\t\t\t\t<\/div>\n\t\t<div class=\"elementor-element elementor-element-iw-beifuss-s5-bw e-con-full e-flex e-con e-child\" data-id=\"iw-beifuss-s5-bw\" data-element_type=\"container\" data-e-type=\"container\">\n\t\t\t\t<div class=\"elementor-element elementor-element-iwgs-beifuss-s5t elementor-widget elementor-widget-text-editor\" data-id=\"iwgs-beifuss-s5t\" data-element_type=\"widget\" data-e-type=\"widget\" data-widget_type=\"text-editor.default\">\n\t\t\t\t\t\t\t\t\t<p>F\u00f6r reseskydd syr man in mal\u00f6rt i b\u00e4lte eller skor. F\u00f6r tr\u00f6skelskydd h\u00e4ngs torkade knippen \u00f6ver d\u00f6rrar och f\u00f6nster eller kl\u00e4ms in i d\u00f6rrkarmar. Som r\u00f6kelsev\u00e4xt br\u00e4nns torkad mal\u00f6rt p\u00e5 gl\u00f6dande kol eller direkt som knippe; r\u00f6ken fyller rummet och anses rena det.<\/p>\n<p><span class=\"iwg-fachbegriff\" data-tooltip=\"Vidaref\u00f6randet av kunskap och ber\u00e4ttelser genom generationer.\" tabindex=\"0\">Traditionen<\/span> rekommenderar midsommardagen eller midsommarnatten som sk\u00f6rdetid, d\u00e5 v\u00e4xten anses ha sin h\u00f6gsta kraft. Mal\u00f6rt som samlas utanf\u00f6r denna tid anses enligt strikt tolkning vara svagare, men anv\u00e4nds i praktiken \u00e4ven \u00e5ret runt.<\/p>\n<p>R\u00f6kelsens skyddande verkan anses vara tillf\u00e4llig: Efter att ett rum r\u00f6kts b\u00f6r man r\u00f6ka igen regelbundet om belastningen kvarst\u00e5r.<\/p>\n<p>Inga medicinska verkningsp\u00e5st\u00e5enden \u00e4r f\u00f6renade med denna <span class=\"iwg-fachbegriff\" data-tooltip=\"Vidaref\u00f6randet av kunskap och ber\u00e4ttelser genom generationer.\" tabindex=\"0\">tradition<\/span>.<\/p>\t\t\t\t\t\t\t\t<\/div>\n\t\t\t\t<\/div>\n\t\t\t\t\t<\/div>\n\t\t\t\t<\/div>\n\t\t<div class=\"elementor-element elementor-element-iwgs-beifuss-lit e-flex e-con-boxed e-con e-parent\" data-id=\"iwgs-beifuss-lit\" data-element_type=\"container\" data-e-type=\"container\">\n\t\t\t\t\t<div class=\"e-con-inner\">\n\t\t\t\t<div class=\"elementor-element elementor-element-iwgs-beifuss-lith elementor-widget elementor-widget-heading\" data-id=\"iwgs-beifuss-lith\" data-element_type=\"widget\" data-e-type=\"widget\" data-widget_type=\"heading.default\">\n\t\t\t\t\t<h2 class=\"elementor-heading-title elementor-size-default\">Litteratur (urval)<\/h2>\t\t\t\t<\/div>\n\t\t<div class=\"elementor-element elementor-element-iw-beifuss-lit-bw e-con-full e-flex e-con e-child\" data-id=\"iw-beifuss-lit-bw\" data-element_type=\"container\" data-e-type=\"container\">\n\t\t\t\t<div class=\"elementor-element elementor-element-iwgs-beifuss-litt elementor-widget elementor-widget-html\" data-id=\"iwgs-beifuss-litt\" data-element_type=\"widget\" data-e-type=\"widget\" data-widget_type=\"html.default\">\n\t\t\t\t\t<footer data-nosnippet=\"true\"><ul><li>Handw\u00f6rterbuch des deutschen Aberglaubens. Hrsg. von Hanns B\u00e4chtold-St\u00e4ubli und Eduard Hoffmann-Krayer. Berlin \/ Leipzig 1927-1942. Artikel \"Beifu\u00df\".<\/li><li>Lacnunga (Neun-Kr\u00e4uter-Bannformel). Angels\u00e4chsisches Manuskript, 10. Jahrhundert. Hrsg. och \u00f6versatt av Edward Pettit, Cambridge 2001.<\/li><li>Marzell, Heinrich: W\u00f6rterbuch der deutschen Pflanzennamen. Leipzig 1943-1979.<\/li><li>Wolfram Eberhard: A Dictionary of Chinese Symbols. London 1986.<\/li><li>Jacob Grimm: Deutsche Mythologie. 4. Auflage, Berlin 1875-1878.<\/li><\/ul><\/footer>\t\t\t\t<\/div>\n\t\t\t\t<\/div>\n\t\t\t\t\t<\/div>\n\t\t\t\t<\/div>\n\t\t<div class=\"elementor-element elementor-element-iwgs-beifuss-kwd e-flex e-con-boxed e-con e-parent\" data-id=\"iwgs-beifuss-kwd\" data-element_type=\"container\" data-e-type=\"container\">\n\t\t\t\t\t<div class=\"e-con-inner\">\n\t\t<div class=\"elementor-element elementor-element-iw-beifuss-kwd-bw e-con-full e-flex e-con e-child\" data-id=\"iw-beifuss-kwd-bw\" data-element_type=\"container\" data-e-type=\"container\">\n\t\t\t\t<div class=\"elementor-element elementor-element-iwgs-beifuss-kwdt elementor-widget elementor-widget-text-editor\" data-id=\"iwgs-beifuss-kwdt\" data-element_type=\"widget\" data-e-type=\"widget\" data-widget_type=\"text-editor.default\">\n\t\t\t\t\t\t\t\t\t<p><em>Relaterade nyckelbegrepp: mal\u00f6rt skydd r\u00f6kelse b\u00e4lte\u00f6rt mugwort.<\/em><\/p>\t\t\t\t\t\t\t\t<\/div>\n\t\t\t\t<\/div>\n\t\t\t\t\t<\/div>\n\t\t\t\t<\/div>\n\t\t<div class=\"elementor-element elementor-element-iwgs-beifuss-cc e-flex e-con-boxed e-con e-parent\" data-id=\"iwgs-beifuss-cc\" data-element_type=\"container\" data-e-type=\"container\" id=\"iwg-cc-beifuss\">\n\t\t\t\t\t<div class=\"e-con-inner\">\n\t\t<div class=\"elementor-element elementor-element-iwgs-beifuss-ccinner e-flex e-con-boxed e-con e-parent\" data-id=\"iwgs-beifuss-ccinner\" data-element_type=\"container\" data-e-type=\"container\" data-settings=\"{&quot;background_background&quot;:&quot;classic&quot;}\">\n\t\t\t\t\t<div class=\"e-con-inner\">\n\t\t\t\t<div class=\"elementor-element elementor-element-iwgs-beifuss-cch elementor-widget elementor-widget-heading\" data-id=\"iwgs-beifuss-cch\" data-element_type=\"widget\" data-e-type=\"widget\" data-widget_type=\"heading.default\">\n\t\t\t\t\t<h2 class=\"elementor-heading-title elementor-size-default\">iWell Guard och skyddstraditioner<\/h2>\t\t\t\t<\/div>\n\t\t\t\t<div class=\"elementor-element elementor-element-iwgs-beifuss-cct elementor-widget elementor-widget-text-editor\" data-id=\"iwgs-beifuss-cct\" data-element_type=\"widget\" data-e-type=\"widget\" data-widget_type=\"text-editor.default\">\n\t\t\t\t\t\t\t\t\t<p>Mal\u00f6rt visar att skydd i <span class=\"iwg-fachbegriff\" data-tooltip=\"Vidaref\u00f6randet av kunskap och ber\u00e4ttelser genom generationer.\" tabindex=\"0\">traditionen<\/span> inte alltid riktar sig mot ett hot, utan mot att st\u00e4rka personen eller platsen. Denna tanke, att b\u00e4ra ett f\u00f6rebyggande skydd som st\u00e4rker motst\u00e5ndskraften, \u00e5terfinns i konceptet bakom <a href=\"https:\/\/iwell-guard.com\/sv\/skyddshanget-iwell-guard-kop\/\">iWell Guard<\/a>, ett skyddsobjekt som tar upp olika tr\u00e5dar av m\u00e4nsklighetens skyddstradition.<\/p>\t\t\t\t\t\t\t\t<\/div>\n\t\t\t\t<div class=\"elementor-element elementor-element-iwgs-beifuss-ccb iwg-cc-button iwg-cc-cta-2026-05-13 elementor-widget elementor-widget-jet-button\" data-id=\"iwgs-beifuss-ccb\" data-element_type=\"widget\" data-e-type=\"widget\" data-widget_type=\"jet-button.default\">\n\t\t\t\t<div class=\"elementor-widget-container\">\n\t\t\t\t\t<div class=\"elementor-jet-button jet-elements\"><div class=\"jet-button__container\"><a class=\"jet-button__instance jet-button__instance--icon-left hover-effect-1\" href=\"\/schutzanhaenger-iwell-guard-kaufen\/?utm_source=iwell-guard.com&amp;utm_medium=info-box&amp;utm_campaign=schutzsymbole\"><div class=\"jet-button__plane jet-button__plane-normal\"><\/div><div class=\"jet-button__plane jet-button__plane-hover\"><\/div><div class=\"jet-button__state jet-button__state-normal\"><span class=\"jet-button__label\">Mer om iWell Guard<\/span><\/div><div class=\"jet-button__state jet-button__state-hover\"><span class=\"jet-button__label\">Mer om iWell Guard<\/span><\/div><\/a><\/div><\/div><style>.elementor-element.elementor-element-iwgs-beifuss-ccb .jet-button__instance{width:320px;height:56px;}.elementor-element.elementor-element-iwgs-beifuss-ccb .jet-button__state-normal .jet-button__label{text-align:center;margin:0px 0px 0px 0px;color:#1a1b20;font-family:Montserrat,sans-serif;font-size:13px;font-weight:400;letter-spacing:4px;line-height:1.714em;text-transform:uppercase;}.elementor-element.elementor-element-iwgs-beifuss-ccb .jet-button__state-hover .jet-button__label{text-align:center;margin:0px 0px 0px 0px;color:#FECC76;font-family:Montserrat,sans-serif;font-size:13px;font-weight:400;letter-spacing:4px;line-height:1.714em;text-transform:uppercase;}.elementor-element.elementor-element-iwgs-beifuss-ccb .jet-button__plane-normal{background-color:#FECC76;border-style:solid;border-color:#C99540;border-width:2px 2px 2px 2px;}.elementor-element.elementor-element-iwgs-beifuss-ccb .jet-button__plane-hover{background-color:rgba(0,0,0,0.55);border-style:solid;border-color:#FECC76;border-width:2px 2px 2px 2px;}<\/style>\t\t\t\t<\/div>\n\t\t\t\t<\/div>\n\t\t\t\t<div class=\"elementor-element elementor-element-iwgs-beifuss-ccd elementor-widget elementor-widget-text-editor\" data-id=\"iwgs-beifuss-ccd\" data-element_type=\"widget\" data-e-type=\"widget\" data-widget_type=\"text-editor.default\">\n\t\t\t\t\t\t\t\t\t<p style=\"text-align:center;font-size:13px;opacity:0.7;margin-top:14px\" data-nosnippet=\"true\">Personliga erfarenheter kan variera. Ingen medicinteknisk produkt. Inget l\u00f6fte om l\u00e4kning.<\/p>\t\t\t\t\t\t\t\t<\/div>\n\t\t\t\t\t<\/div>\n\t\t\t\t<\/div>\n\t\t\t\t\t<\/div>\n\t\t\t\t<\/div>\n\t\t<div class=\"elementor-element elementor-element-iwgs-beifuss-disc e-flex e-con-boxed e-con e-parent\" data-id=\"iwgs-beifuss-disc\" data-element_type=\"container\" data-e-type=\"container\">\n\t\t\t\t\t<div class=\"e-con-inner\">\n\t\t<div class=\"elementor-element elementor-element-iw-beifuss-disc-bw e-con-full e-flex e-con e-child\" data-id=\"iw-beifuss-disc-bw\" data-element_type=\"container\" data-e-type=\"container\">\n\t\t\t\t<div class=\"elementor-element elementor-element-iwgs-beifuss-discw elementor-widget elementor-widget-html\" data-id=\"iwgs-beifuss-discw\" data-element_type=\"widget\" data-e-type=\"widget\" data-widget_type=\"html.default\">\n\t\t\t\t\t<footer data-nosnippet=\"true\" class=\"iwg-disclaimer-block\"><p data-nosnippet=\"true\">iWell Guard \u00e4r <strong>ingen medicinteknisk produkt<\/strong> och ers\u00e4tter ingen l\u00e4karbehandling eller psykoterapeutisk behandling. Inneh\u00e5llet som presenteras h\u00e4r \u00e4r en religionsvetenskaplig och kulturhistorisk kontextualisering, inget l\u00f6fte om andlig verkan.<\/p><\/footer>\t\t\t\t<\/div>\n\t\t\t\t<\/div>\n\t\t\t\t\t<\/div>\n\t\t\t\t<\/div>\n\t\t\t\t<\/div>\n\t\t","protected":false},"excerpt":{"rendered":"","protected":false},"author":3,"featured_media":4104,"parent":0,"menu_order":0,"comment_status":"closed","ping_status":"closed","template":"elementor_header_footer","meta":{"_yoast_wpseo_focuskw":"malort skydd","_yoast_wpseo_title":"Mal\u00f6rt - skydds\u00f6rt och r\u00f6kelsev\u00e4xt","_yoast_wpseo_metadesc":"Mal\u00f6rt anses i traditionen vara reseskydd, r\u00f6kelse\u00f6rt och tr\u00f6skelskydd. Ursprung, verkningsprincip och kultur\u00f6verskridande spridning.","_yoast_wpseo_meta-robots-noindex":"","_yoast_wpseo_canonical":"","_angie_page":false,"gefaehrdungsstufe":"","wesen_kultur":"","wesen_klasse":"","footnotes":""},"categories":[],"class_list":["post-137165","page","type-page","status-publish","has-post-thumbnail","hentry"],"yoast_head":"<!-- This site is optimized with the Yoast SEO Premium plugin v27.7 (Yoast SEO v28.3) - https:\/\/yoast.com\/product\/yoast-seo-premium-wordpress\/ -->\n<title>Mal\u00f6rt - skydds\u00f6rt och r\u00f6kelsev\u00e4xt<\/title>\n<meta name=\"description\" content=\"Mal\u00f6rt anses i traditionen vara reseskydd, r\u00f6kelse\u00f6rt och tr\u00f6skelskydd. Ursprung, verkningsprincip och kultur\u00f6verskridande spridning.\" \/>\n<meta name=\"robots\" content=\"index, follow, max-snippet:-1, max-image-preview:large, max-video-preview:-1\" \/>\n<link rel=\"canonical\" href=\"https:\/\/iwell-guard.com\/sv\/malort-beifuss\/\" \/>\n<meta property=\"og:locale\" content=\"sv_SE\" \/>\n<meta property=\"og:type\" content=\"article\" \/>\n<meta property=\"og:title\" content=\"Mal\u00f6rt\" \/>\n<meta property=\"og:description\" content=\"Mal\u00f6rt anses i traditionen vara reseskydd, r\u00f6kelse\u00f6rt och tr\u00f6skelskydd. Ursprung, verkningsprincip och kultur\u00f6verskridande spridning.\" \/>\n<meta property=\"og:url\" content=\"https:\/\/iwell-guard.com\/sv\/malort-beifuss\/\" \/>\n<meta property=\"og:site_name\" content=\"iWell Guard\" \/>\n<meta property=\"article:modified_time\" content=\"2026-09-03T01:22:09+00:00\" \/>\n<meta property=\"og:image\" content=\"https:\/\/iwell-guard.com\/wp-content\/uploads\/2026\/05\/schutzsymbol_germanisch_beifuss.png\" \/>\n\t<meta property=\"og:image:width\" content=\"1024\" \/>\n\t<meta property=\"og:image:height\" content=\"1536\" \/>\n\t<meta property=\"og:image:type\" content=\"image\/png\" \/>\n<meta name=\"twitter:card\" content=\"summary_large_image\" \/>\n<script type=\"application\/ld+json\" class=\"yoast-schema-graph\">{\"@context\":\"https:\\\/\\\/schema.org\",\"@graph\":[{\"@type\":\"WebPage\",\"@id\":\"https:\\\/\\\/iwell-guard.com\\\/sv\\\/malort-beifuss\\\/\",\"url\":\"https:\\\/\\\/iwell-guard.com\\\/sv\\\/malort-beifuss\\\/\",\"name\":\"Mal\u00f6rt - skydds\u00f6rt och r\u00f6kelsev\u00e4xt\",\"isPartOf\":{\"@id\":\"https:\\\/\\\/iwell-guard.com\\\/sv\\\/#website\"},\"primaryImageOfPage\":{\"@id\":\"https:\\\/\\\/iwell-guard.com\\\/sv\\\/malort-beifuss\\\/#primaryimage\"},\"image\":{\"@id\":\"https:\\\/\\\/iwell-guard.com\\\/sv\\\/malort-beifuss\\\/#primaryimage\"},\"thumbnailUrl\":\"https:\\\/\\\/iwell-guard.com\\\/wp-content\\\/uploads\\\/2026\\\/05\\\/schutzsymbol_germanisch_beifuss.png\",\"datePublished\":\"2026-09-03T00:13:22+00:00\",\"dateModified\":\"2026-09-03T01:22:09+00:00\",\"description\":\"Mal\u00f6rt anses i traditionen vara reseskydd, r\u00f6kelse\u00f6rt och tr\u00f6skelskydd. Ursprung, verkningsprincip och kultur\u00f6verskridande spridning.\",\"breadcrumb\":{\"@id\":\"https:\\\/\\\/iwell-guard.com\\\/sv\\\/malort-beifuss\\\/#breadcrumb\"},\"inLanguage\":\"sv-SE\",\"potentialAction\":[{\"@type\":\"ReadAction\",\"target\":[\"https:\\\/\\\/iwell-guard.com\\\/sv\\\/malort-beifuss\\\/\"]}]},{\"@type\":\"ImageObject\",\"inLanguage\":\"sv-SE\",\"@id\":\"https:\\\/\\\/iwell-guard.com\\\/sv\\\/malort-beifuss\\\/#primaryimage\",\"url\":\"https:\\\/\\\/iwell-guard.com\\\/wp-content\\\/uploads\\\/2026\\\/05\\\/schutzsymbol_germanisch_beifuss.png\",\"contentUrl\":\"https:\\\/\\\/iwell-guard.com\\\/wp-content\\\/uploads\\\/2026\\\/05\\\/schutzsymbol_germanisch_beifuss.png\",\"width\":1024,\"height\":1536,\"caption\":\"Gr\u00e5bo \u2013 skydds\u00f6rt mot ont inflytande, historiskt-illustrativt\"},{\"@type\":\"BreadcrumbList\",\"@id\":\"https:\\\/\\\/iwell-guard.com\\\/sv\\\/malort-beifuss\\\/#breadcrumb\",\"itemListElement\":[{\"@type\":\"ListItem\",\"position\":1,\"name\":\"Start\",\"item\":\"https:\\\/\\\/iwell-guard.com\\\/sv\\\/?page_id=136483\"},{\"@type\":\"ListItem\",\"position\":2,\"name\":\"Mal\u00f6rt\"}]},{\"@type\":\"WebSite\",\"@id\":\"https:\\\/\\\/iwell-guard.com\\\/sv\\\/#website\",\"url\":\"https:\\\/\\\/iwell-guard.com\\\/sv\\\/\",\"name\":\"iWell Guard\",\"description\":\"Schutz vor dunklen Einfl\u00fcssen\",\"publisher\":{\"@id\":\"https:\\\/\\\/iwell-guard.com\\\/sv\\\/#organization\"},\"potentialAction\":[{\"@type\":\"SearchAction\",\"target\":{\"@type\":\"EntryPoint\",\"urlTemplate\":\"https:\\\/\\\/iwell-guard.com\\\/sv\\\/?s={search_term_string}\"},\"query-input\":{\"@type\":\"PropertyValueSpecification\",\"valueRequired\":true,\"valueName\":\"search_term_string\"}}],\"inLanguage\":\"sv-SE\"},{\"@type\":\"Organization\",\"@id\":\"https:\\\/\\\/iwell-guard.com\\\/sv\\\/#organization\",\"name\":\"Ittermann electronic GmbH\",\"url\":\"https:\\\/\\\/iwell-guard.com\\\/sv\\\/\",\"logo\":{\"@type\":\"ImageObject\",\"inLanguage\":\"sv-SE\",\"@id\":\"https:\\\/\\\/iwell-guard.com\\\/sv\\\/#\\\/schema\\\/logo\\\/image\\\/\",\"url\":\"https:\\\/\\\/iwell-guard.com\\\/wp-content\\\/uploads\\\/2026\\\/05\\\/Ittermann-Logo-1182x237-1.png\",\"contentUrl\":\"https:\\\/\\\/iwell-guard.com\\\/wp-content\\\/uploads\\\/2026\\\/05\\\/Ittermann-Logo-1182x237-1.png\",\"width\":1182,\"height\":237,\"caption\":\"Ittermann electronic GmbH\"},\"image\":{\"@id\":\"https:\\\/\\\/iwell-guard.com\\\/sv\\\/#\\\/schema\\\/logo\\\/image\\\/\"},\"sameAs\":[\"https:\\\/\\\/pantip.com\\\/profile\\\/9367242\",\"https:\\\/\\\/micro.blog\\\/iwellguard\",\"https:\\\/\\\/www.diggerslist.com\\\/iwellguard\\\/about\",\"https:\\\/\\\/skitterphoto.com\\\/photographers\\\/2870314\\\/iwell-guard\",\"https:\\\/\\\/iwellguard.wordpress.com\\\/2026\\\/06\\\/06\\\/iwell-guard\\\/\",\"https:\\\/\\\/hub.docker.com\\\/u\\\/iwellguard\",\"https:\\\/\\\/www.pinterest.com\\\/iwellguard\\\/\",\"https:\\\/\\\/bit.ly\\\/m\\\/iwellguard\",\"https:\\\/\\\/entre-vos-mains.alsace.eu\\\/profiles\\\/iwellguard\\\/activity\",\"https:\\\/\\\/gravatar.com\\\/reallybeded8fd34\",\"https:\\\/\\\/naijamatta.com\\\/iwellguard\",\"https:\\\/\\\/www.goodreads.com\\\/iwellguard\",\"https:\\\/\\\/profile.hatena.ne.jp\\\/iwellguard\\\/\",\"https:\\\/\\\/experiment.com\\\/users\\\/iwellguard\",\"https:\\\/\\\/wakelet.com\\\/@iWellGuard82270\",\"https:\\\/\\\/www.chordie.com\\\/forum\\\/profile.php?id=2555664\",\"https:\\\/\\\/www.instapaper.com\\\/p\\\/17757966\",\"https:\\\/\\\/www.mapleprimes.com\\\/users\\\/iwellguard\",\"https:\\\/\\\/businesslistingplus.com\\\/profile\\\/iwell-guard\\\/\",\"https:\\\/\\\/telegra.ph\\\/iWell-Guard-06-06\",\"https:\\\/\\\/pbase.com\\\/iwellguard\\\/iwellguard\",\"https:\\\/\\\/b.hatena.ne.jp\\\/iwellguard\\\/20260607#bookmark-4788405196491818882\",\"https:\\\/\\\/fliphtml5.com\\\/home\\\/iwellguard\",\"https:\\\/\\\/anyflip.com\\\/homepage\\\/cmiwl#About\",\"https:\\\/\\\/transfur.com\\\/Users\\\/iwellguard\",\"http:\\\/\\\/delphi.larsbo.org\\\/user\\\/iwellguard\",\"https:\\\/\\\/jobs.lajobsportal.org\\\/profiles\\\/8380803-iwell-guard\",\"https:\\\/\\\/md.chaosdorf.de\\\/s\\\/jfbe5SBdJD\",\"https:\\\/\\\/www.lingvolive.com\\\/en-us\\\/profile\\\/9ecaeaca-ce11-4e51-9e71-01d55e2bff36\\\/translations\",\"https:\\\/\\\/www.fitday.com\\\/fitness\\\/forums\\\/members\\\/iwellguard.html\",\"https:\\\/\\\/www.mymeetbook.com\\\/iwellguard\",\"https:\\\/\\\/pxhere.com\\\/en\\\/photographer-me\\\/5040798\",\"https:\\\/\\\/disqus.com\\\/by\\\/iwellguard\\\/about\\\/\",\"https:\\\/\\\/pastelink.net\\\/hjwciqwq\",\"https:\\\/\\\/pubhtml5.com\\\/homepage\\\/scjhn\\\/\",\"https:\\\/\\\/www.bitchute.com\\\/channel\\\/2O2eOKzNqujT\",\"https:\\\/\\\/audiomack.com\\\/iwellguard\"]}]}<\/script>\n<!-- \/ Yoast SEO Premium plugin. -->","yoast_head_json":{"title":"Mal\u00f6rt - skydds\u00f6rt och r\u00f6kelsev\u00e4xt","description":"Mal\u00f6rt anses i traditionen vara reseskydd, r\u00f6kelse\u00f6rt och tr\u00f6skelskydd. Ursprung, verkningsprincip och kultur\u00f6verskridande spridning.","robots":{"index":"index","follow":"follow","max-snippet":"max-snippet:-1","max-image-preview":"max-image-preview:large","max-video-preview":"max-video-preview:-1"},"canonical":"https:\/\/iwell-guard.com\/sv\/malort-beifuss\/","og_locale":"sv_SE","og_type":"article","og_title":"Mal\u00f6rt","og_description":"Mal\u00f6rt anses i traditionen vara reseskydd, r\u00f6kelse\u00f6rt och tr\u00f6skelskydd. Ursprung, verkningsprincip och kultur\u00f6verskridande spridning.","og_url":"https:\/\/iwell-guard.com\/sv\/malort-beifuss\/","og_site_name":"iWell Guard","article_modified_time":"2026-09-03T01:22:09+00:00","og_image":[{"width":1024,"height":1536,"url":"https:\/\/iwell-guard.com\/wp-content\/uploads\/2026\/05\/schutzsymbol_germanisch_beifuss.png","type":"image\/png"}],"twitter_card":"summary_large_image","schema":{"@context":"https:\/\/schema.org","@graph":[{"@type":"WebPage","@id":"https:\/\/iwell-guard.com\/sv\/malort-beifuss\/","url":"https:\/\/iwell-guard.com\/sv\/malort-beifuss\/","name":"Mal\u00f6rt - skydds\u00f6rt och r\u00f6kelsev\u00e4xt","isPartOf":{"@id":"https:\/\/iwell-guard.com\/sv\/#website"},"primaryImageOfPage":{"@id":"https:\/\/iwell-guard.com\/sv\/malort-beifuss\/#primaryimage"},"image":{"@id":"https:\/\/iwell-guard.com\/sv\/malort-beifuss\/#primaryimage"},"thumbnailUrl":"https:\/\/iwell-guard.com\/wp-content\/uploads\/2026\/05\/schutzsymbol_germanisch_beifuss.png","datePublished":"2026-09-03T00:13:22+00:00","dateModified":"2026-09-03T01:22:09+00:00","description":"Mal\u00f6rt anses i traditionen vara reseskydd, r\u00f6kelse\u00f6rt och tr\u00f6skelskydd. Ursprung, verkningsprincip och kultur\u00f6verskridande spridning.","breadcrumb":{"@id":"https:\/\/iwell-guard.com\/sv\/malort-beifuss\/#breadcrumb"},"inLanguage":"sv-SE","potentialAction":[{"@type":"ReadAction","target":["https:\/\/iwell-guard.com\/sv\/malort-beifuss\/"]}]},{"@type":"ImageObject","inLanguage":"sv-SE","@id":"https:\/\/iwell-guard.com\/sv\/malort-beifuss\/#primaryimage","url":"https:\/\/iwell-guard.com\/wp-content\/uploads\/2026\/05\/schutzsymbol_germanisch_beifuss.png","contentUrl":"https:\/\/iwell-guard.com\/wp-content\/uploads\/2026\/05\/schutzsymbol_germanisch_beifuss.png","width":1024,"height":1536,"caption":"Gr\u00e5bo \u2013 skydds\u00f6rt mot ont inflytande, historiskt-illustrativt"},{"@type":"BreadcrumbList","@id":"https:\/\/iwell-guard.com\/sv\/malort-beifuss\/#breadcrumb","itemListElement":[{"@type":"ListItem","position":1,"name":"Start","item":"https:\/\/iwell-guard.com\/sv\/?page_id=136483"},{"@type":"ListItem","position":2,"name":"Mal\u00f6rt"}]},{"@type":"WebSite","@id":"https:\/\/iwell-guard.com\/sv\/#website","url":"https:\/\/iwell-guard.com\/sv\/","name":"iWell Guard","description":"Schutz vor dunklen Einfl\u00fcssen","publisher":{"@id":"https:\/\/iwell-guard.com\/sv\/#organization"},"potentialAction":[{"@type":"SearchAction","target":{"@type":"EntryPoint","urlTemplate":"https:\/\/iwell-guard.com\/sv\/?s={search_term_string}"},"query-input":{"@type":"PropertyValueSpecification","valueRequired":true,"valueName":"search_term_string"}}],"inLanguage":"sv-SE"},{"@type":"Organization","@id":"https:\/\/iwell-guard.com\/sv\/#organization","name":"Ittermann electronic GmbH","url":"https:\/\/iwell-guard.com\/sv\/","logo":{"@type":"ImageObject","inLanguage":"sv-SE","@id":"https:\/\/iwell-guard.com\/sv\/#\/schema\/logo\/image\/","url":"https:\/\/iwell-guard.com\/wp-content\/uploads\/2026\/05\/Ittermann-Logo-1182x237-1.png","contentUrl":"https:\/\/iwell-guard.com\/wp-content\/uploads\/2026\/05\/Ittermann-Logo-1182x237-1.png","width":1182,"height":237,"caption":"Ittermann electronic GmbH"},"image":{"@id":"https:\/\/iwell-guard.com\/sv\/#\/schema\/logo\/image\/"},"sameAs":["https:\/\/pantip.com\/profile\/9367242","https:\/\/micro.blog\/iwellguard","https:\/\/www.diggerslist.com\/iwellguard\/about","https:\/\/skitterphoto.com\/photographers\/2870314\/iwell-guard","https:\/\/iwellguard.wordpress.com\/2026\/06\/06\/iwell-guard\/","https:\/\/hub.docker.com\/u\/iwellguard","https:\/\/www.pinterest.com\/iwellguard\/","https:\/\/bit.ly\/m\/iwellguard","https:\/\/entre-vos-mains.alsace.eu\/profiles\/iwellguard\/activity","https:\/\/gravatar.com\/reallybeded8fd34","https:\/\/naijamatta.com\/iwellguard","https:\/\/www.goodreads.com\/iwellguard","https:\/\/profile.hatena.ne.jp\/iwellguard\/","https:\/\/experiment.com\/users\/iwellguard","https:\/\/wakelet.com\/@iWellGuard82270","https:\/\/www.chordie.com\/forum\/profile.php?id=2555664","https:\/\/www.instapaper.com\/p\/17757966","https:\/\/www.mapleprimes.com\/users\/iwellguard","https:\/\/businesslistingplus.com\/profile\/iwell-guard\/","https:\/\/telegra.ph\/iWell-Guard-06-06","https:\/\/pbase.com\/iwellguard\/iwellguard","https:\/\/b.hatena.ne.jp\/iwellguard\/20260607#bookmark-4788405196491818882","https:\/\/fliphtml5.com\/home\/iwellguard","https:\/\/anyflip.com\/homepage\/cmiwl#About","https:\/\/transfur.com\/Users\/iwellguard","http:\/\/delphi.larsbo.org\/user\/iwellguard","https:\/\/jobs.lajobsportal.org\/profiles\/8380803-iwell-guard","https:\/\/md.chaosdorf.de\/s\/jfbe5SBdJD","https:\/\/www.lingvolive.com\/en-us\/profile\/9ecaeaca-ce11-4e51-9e71-01d55e2bff36\/translations","https:\/\/www.fitday.com\/fitness\/forums\/members\/iwellguard.html","https:\/\/www.mymeetbook.com\/iwellguard","https:\/\/pxhere.com\/en\/photographer-me\/5040798","https:\/\/disqus.com\/by\/iwellguard\/about\/","https:\/\/pastelink.net\/hjwciqwq","https:\/\/pubhtml5.com\/homepage\/scjhn\/","https:\/\/www.bitchute.com\/channel\/2O2eOKzNqujT","https:\/\/audiomack.com\/iwellguard"]}]}},"_links":{"self":[{"href":"https:\/\/iwell-guard.com\/sv\/wp-json\/wp\/v2\/pages\/137165","targetHints":{"allow":["GET"]}}],"collection":[{"href":"https:\/\/iwell-guard.com\/sv\/wp-json\/wp\/v2\/pages"}],"about":[{"href":"https:\/\/iwell-guard.com\/sv\/wp-json\/wp\/v2\/types\/page"}],"author":[{"embeddable":true,"href":"https:\/\/iwell-guard.com\/sv\/wp-json\/wp\/v2\/users\/3"}],"replies":[{"embeddable":true,"href":"https:\/\/iwell-guard.com\/sv\/wp-json\/wp\/v2\/comments?post=137165"}],"version-history":[{"count":0,"href":"https:\/\/iwell-guard.com\/sv\/wp-json\/wp\/v2\/pages\/137165\/revisions"}],"wp:featuredmedia":[{"embeddable":true,"href":"https:\/\/iwell-guard.com\/sv\/wp-json\/wp\/v2\/media\/4104"}],"wp:attachment":[{"href":"https:\/\/iwell-guard.com\/sv\/wp-json\/wp\/v2\/media?parent=137165"}],"wp:term":[{"taxonomy":"category","embeddable":true,"href":"https:\/\/iwell-guard.com\/sv\/wp-json\/wp\/v2\/categories?post=137165"}],"curies":[{"name":"wp","href":"https:\/\/api.w.org\/{rel}","templated":true}]}}