{"id":137159,"date":"2026-09-03T00:13:19","date_gmt":"2026-09-03T00:13:19","guid":{"rendered":"https:\/\/iwell-guard.com\/?page_id=137159"},"modified":"2026-09-03T01:22:00","modified_gmt":"2026-09-03T01:22:00","slug":"klockor-bjallror-larmande-skydd","status":"publish","type":"page","link":"https:\/\/iwell-guard.com\/sv\/klockor-bjallror-larmande-skydd\/","title":{"rendered":"Klockor och bj\u00e4llror som larmande skydd"},"content":{"rendered":"\t\t<div data-elementor-type=\"wp-page\" data-elementor-id=\"137159\" class=\"elementor elementor-137159 elementor-3748 elementor-bc-flex-widget\" data-elementor-post-type=\"page\">\n\t\t\t\t<div class=\"elementor-element elementor-element-iwgs-glocken-hero e-flex e-con-boxed e-con e-parent\" data-id=\"iwgs-glocken-hero\" data-element_type=\"container\" data-e-type=\"container\">\n\t\t\t\t\t<div class=\"e-con-inner\">\n\t\t<div class=\"elementor-element elementor-element-iwgs-glocken-hl e-flex e-con-boxed e-con e-parent\" data-id=\"iwgs-glocken-hl\" data-element_type=\"container\" data-e-type=\"container\">\n\t\t\t\t\t<div class=\"e-con-inner\">\n\t\t<div class=\"elementor-element elementor-element-iwgs-glocken-hlbox e-con-full e-flex e-con e-parent\" data-id=\"iwgs-glocken-hlbox\" data-element_type=\"container\" data-e-type=\"container\">\n\t\t\t\t<div class=\"elementor-element elementor-element-iwgs-glocken-h1 elementor-widget elementor-widget-heading\" data-id=\"iwgs-glocken-h1\" data-element_type=\"widget\" data-e-type=\"widget\" data-widget_type=\"heading.default\">\n\t\t\t\t\t<h1 class=\"elementor-heading-title elementor-size-default\">Klockor och bj\u00e4llror: Larmande skydd mot skadliga andar<\/h1>\t\t\t\t<\/div>\n\t\t\t\t<div class=\"elementor-element elementor-element-iwgs-glocken-lead elementor-widget elementor-widget-text-editor\" data-id=\"iwgs-glocken-lead\" data-element_type=\"widget\" data-e-type=\"widget\" data-widget_type=\"text-editor.default\">\n\t\t\t\t\t\t\t\t\t<p>Klockor och bj\u00e4llror \u00e4r bland de vanligaste larmande skyddsmedlen. Grundtanken \u00e4r den akustiska avv\u00e4rjningen mot skadliga andar: h\u00f6gt, klart eller ih\u00e5llande ljud ska driva bort skadliga inflytelser. Denna artikel placerar det larmande skyddet i ett religionsvetenskapligt sammanhang och f\u00f6ljer dess sp\u00e5r fr\u00e5n <span class=\"iwg-fachbegriff\" data-tooltip=\"Epoken f\u00f6r den grekiska och romerska kulturen, ungef\u00e4r 800 f.Kr. till 600 e.Kr.\" tabindex=\"0\">antiken<\/span> till dagens tolkning. D\u00e4rvid skiljs mellan historiskt dokumenterade <span class=\"iwg-fachbegriff\" data-tooltip=\"Summan av en gemenskaps traditionella sedv\u00e4njor.\" tabindex=\"0\">sedv\u00e4njor<\/span> och modern tolkning.<\/p>\t\t\t\t\t\t\t\t<\/div>\n\t\t\t\t<\/div>\n\t\t\t\t<div class=\"elementor-element elementor-element-iwgs-glocken-pills elementor-widget elementor-widget-html\" data-id=\"iwgs-glocken-pills\" data-element_type=\"widget\" data-e-type=\"widget\" data-widget_type=\"html.default\">\n\t\t\t\t\t<div class=\"iwg-pill-row\"><span class=\"iwg-klasse-badge\" tabindex=\"0\" data-tooltip=\"Skyddssymbol, amulett eller apotrop\u00e4iskt f\u00f6rem\u00e5l.\">Skyddssymbol<\/span><a href=\"https:\/\/iwell-guard.com\/sv\/skyddssymboler\/\" class=\"iwg-kultur-badge\" tabindex=\"0\" data-tooltip=\"Skyddstradition: Kultur\u00f6verskridande\">Kultur\u00f6verskridande<\/a><span class=\"iwg-tradition-badge\" tabindex=\"0\" data-tooltip=\"En rituell handling f\u00f6r att avv\u00e4rja olycka.\">Avv\u00e4rjningsrit<\/span><\/div>\t\t\t\t<\/div>\n\t\t\t\t\t<\/div>\n\t\t\t\t<\/div>\n\t\t<div class=\"elementor-element elementor-element-iwgs-glocken-hr e-con-full e-flex e-con e-parent\" data-id=\"iwgs-glocken-hr\" data-element_type=\"container\" data-e-type=\"container\">\n\t\t\t\t<div class=\"elementor-element elementor-element-iwgs-glocken-himg iwg-hero-image elementor-widget elementor-widget-image\" data-id=\"iwgs-glocken-himg\" data-element_type=\"widget\" data-e-type=\"widget\" data-widget_type=\"image.default\">\n\t\t\t\t\t\t\t\t\t\t\t\t\t\t\t<img fetchpriority=\"high\" decoding=\"async\" width=\"683\" height=\"1024\" src=\"https:\/\/iwell-guard.com\/wp-content\/uploads\/2026\/05\/schutzsymbol_universell_glocken-683x1024.webp\" class=\"attachment-large size-large wp-image-135756\" alt=\"Klockor - skyddssymbol, museal illustration\" srcset=\"https:\/\/iwell-guard.com\/wp-content\/uploads\/2026\/05\/schutzsymbol_universell_glocken-683x1024.webp 683w, https:\/\/iwell-guard.com\/wp-content\/uploads\/2026\/05\/schutzsymbol_universell_glocken-200x300.webp 200w, https:\/\/iwell-guard.com\/wp-content\/uploads\/2026\/05\/schutzsymbol_universell_glocken-768x1152.webp 768w, https:\/\/iwell-guard.com\/wp-content\/uploads\/2026\/05\/schutzsymbol_universell_glocken.webp 1024w\" sizes=\"(max-width: 683px) 100vw, 683px\" \/>\t\t\t\t\t\t\t\t\t\t\t\t\t\t\t<\/div>\n\t\t\t\t<\/div>\n\t\t\t\t\t<\/div>\n\t\t\t\t<\/div>\n\t\t<div class=\"elementor-element elementor-element-iwgs-glocken-s0 e-flex e-con-boxed e-con e-parent\" data-id=\"iwgs-glocken-s0\" data-element_type=\"container\" data-e-type=\"container\">\n\t\t\t\t\t<div class=\"e-con-inner\">\n\t\t\t\t<div class=\"elementor-element elementor-element-iwgs-glocken-s0h elementor-widget elementor-widget-heading\" data-id=\"iwgs-glocken-s0h\" data-element_type=\"widget\" data-e-type=\"widget\" data-widget_type=\"heading.default\">\n\t\t\t\t\t<h2 class=\"elementor-heading-title elementor-size-default\">Kontextualisering: Klockor och bj\u00e4llror som larmande skydd<\/h2>\t\t\t\t<\/div>\n\t\t<div class=\"elementor-element elementor-element-iwgs-glocken-s0box e-con-full e-flex e-con e-parent\" data-id=\"iwgs-glocken-s0box\" data-element_type=\"container\" data-e-type=\"container\">\n\t\t\t\t<div class=\"elementor-element elementor-element-iwgs-glocken-s0t elementor-widget elementor-widget-text-editor\" data-id=\"iwgs-glocken-s0t\" data-element_type=\"widget\" data-e-type=\"widget\" data-widget_type=\"text-editor.default\">\n\t\t\t\t\t\t\t\t\t<p>Klockor och bj\u00e4llror \u00e4r ljudredskap som i m\u00e5nga kulturer tillskrivs en avv\u00e4rjande betydelse. Klockan alstrar en fyllig, vida h\u00f6rbar ton, medan den mindre bj\u00e4llran ger ett klarare, ofta upprepat ljud.<\/p><p>Grundtanken \u00e4r den akustiska avv\u00e4rjningen. Skadliga inflytelser ans\u00e5gs i m\u00e5nga folktrosystem kunna drivas bort genom ljud. H\u00f6gt eller klart ljud skulle h\u00e5lla dem borta eller skr\u00e4mma dem iv\u00e4g.<\/p><p>Klockor och bj\u00e4llror \u00e4r h\u00e4r bara de mest k\u00e4nda exemplen. \u00c4ven skallror, trummor, visselpipor och m\u00e4nniskors h\u00f6gljudda rop h\u00f6r till det larmande skyddet och f\u00f6ljer samma princip.<\/p><p>Anv\u00e4ndningen str\u00e4cker sig fr\u00e5n den lilla bj\u00e4llran, f\u00e4st p\u00e5 kl\u00e4der eller djur, till den stora klockan, monterad p\u00e5 en byggnad. B\u00e5da b\u00e4r samma grundtanke i olika skala.<\/p><p>Inom <a href=\"https:\/\/iwell-guard.com\/sv\/skyddssymboler\/\">skyddssymbolerna<\/a> h\u00f6r klockor och bj\u00e4llror till gruppen av akustiska skyddsmedel. De verkar inte genom en bild eller ett material, utan genom ljudet.<\/p><p>Det larmande skyddet \u00e4r d\u00e4rmed mindre ett f\u00f6rem\u00e5l \u00e4n en handling. F\u00f6rst genom att ringa eller skaka blir klockan eller bj\u00e4llran ett skyddsmedel i egentlig mening.<\/p><p>Klockor och bj\u00e4llror skiljer sig inte bara i storlek utan \u00e4ven i anv\u00e4ndning. Den stora klockan \u00e4r bunden till en fast plats och ringes medvetet, medan den lilla bj\u00e4llran f\u00f6ljer sin b\u00e4rare och ljuder vid varje r\u00f6relse. B\u00e5da formerna b\u00e4r samma grundtanke om akustisk avv\u00e4rjning.<\/p>\t\t\t\t\t\t\t\t<\/div>\n\t\t\t\t<\/div>\n\t\t\t\t\t<\/div>\n\t\t\t\t<\/div>\n\t\t<div class=\"elementor-element elementor-element-iwgs-glocken-s1 e-flex e-con-boxed e-con e-parent\" data-id=\"iwgs-glocken-s1\" data-element_type=\"container\" data-e-type=\"container\">\n\t\t\t\t\t<div class=\"e-con-inner\">\n\t\t\t\t<div class=\"elementor-element elementor-element-iwgs-glocken-s1h elementor-widget elementor-widget-heading\" data-id=\"iwgs-glocken-s1h\" data-element_type=\"widget\" data-e-type=\"widget\" data-widget_type=\"heading.default\">\n\t\t\t\t\t<h2 class=\"elementor-heading-title elementor-size-default\">Ursprung och historiskt djup hos det larmande skyddet<\/h2>\t\t\t\t<\/div>\n\t\t<div class=\"elementor-element elementor-element-iwgs-glocken-s1box e-con-full e-flex e-con e-parent\" data-id=\"iwgs-glocken-s1box\" data-element_type=\"container\" data-e-type=\"container\">\n\t\t\t\t<div class=\"elementor-element elementor-element-iwgs-glocken-s1t elementor-widget elementor-widget-text-editor\" data-id=\"iwgs-glocken-s1t\" data-element_type=\"widget\" data-e-type=\"widget\" data-widget_type=\"text-editor.default\">\n\t\t\t\t\t\t\t\t\t<p>Ljudredskap h\u00f6r till m\u00e4nniskans \u00e4ldsta f\u00f6rem\u00e5l. Skallror och enkla klockor \u00e4r k\u00e4nda fr\u00e5n mycket tidiga sammanhang, ofta i samband med <span class=\"iwg-fachbegriff\" data-tooltip=\"Summan av religi\u00f6sa v\u00f6rdnadshandlingar f\u00f6r en gudom eller helig gestalt.\" tabindex=\"0\">kult<\/span> och <span class=\"iwg-fachbegriff\" data-tooltip=\"En reglerad f\u00f6ljd av symboliska handlingar med religi\u00f6s eller kulturell betydelse.\" tabindex=\"0\">ritual<\/span>.<\/p><p>Klockan i sin utvecklade form \u00e4r belagd sedan <span class=\"iwg-fachbegriff\" data-tooltip=\"Epoken f\u00f6r den grekiska och romerska kulturen, ungef\u00e4r 800 f.Kr. till 600 e.Kr.\" tabindex=\"0\">antiken<\/span>. Fr\u00e5n Kina, Fr\u00e4mre Orienten och Medelhavsomr\u00e5det finns bevarade metallklockor och bj\u00e4llror som delvis anv\u00e4ndes kultiskt.<\/p><p>I Kina har klockan en s\u00e4rskilt djup historia. Redan under <span class=\"iwg-fachbegriff\" data-tooltip=\"F\u00f6rhistorisk epok d\u00e5 brons var det viktigaste metallmaterialet f\u00f6r redskap.\" tabindex=\"0\">brons\u00e5ldern<\/span> tillverkades konstfulla klockor som spelade en betydande roll inom musik och <span class=\"iwg-fachbegriff\" data-tooltip=\"En reglerad f\u00f6ljd av symboliska handlingar med religi\u00f6s eller kulturell betydelse.\" tabindex=\"0\">ritual<\/span>.<\/p><p>I det antika Medelhavsomr\u00e5det var bj\u00e4llror och klockor k\u00e4nda som b\u00e5de ljud- och skyddsredskap. De f\u00f6rekommer p\u00e5 kl\u00e4der, p\u00e5 djur och inom det kultiska omr\u00e5det.<\/p><p>Under den europeiska medeltiden blev kyrkklockan ett centralt ljudredskap. Med den f\u00f6renades religi\u00f6sa och folkliga f\u00f6rest\u00e4llningar, av vilka n\u00e5gra b\u00e4r en avv\u00e4rjande tolkning.<\/p><p>Sammantaget visar det sig att ljudet i m\u00e5nga kulturer gavs en betydelse som gick ut\u00f6ver det h\u00f6rbara. Det larmande skyddet str\u00e4cker sig \u00f6ver l\u00e5nga tidsperioder och m\u00e5nga kulturer.<\/p><p>Med Europas kristnande blev klockan en fast del av det kyrkliga livet. Klockor <span class=\"iwg-fachbegriff\" data-tooltip=\"\u00d6verl\u00e4mnad till det heliga genom en religi\u00f6s handling och d\u00e4rmed lyft ur det vardagliga.\" tabindex=\"0\">invigdes<\/span> och fick namn, och deras klockklang strukturerade dagen och \u00e5ret. Till denna kyrkliga anv\u00e4ndning kn\u00f6ts m\u00e5nga folkliga f\u00f6rest\u00e4llningar.<\/p>\t\t\t\t\t\t\t\t<\/div>\n\t\t\t\t<\/div>\n\t\t\t\t\t<\/div>\n\t\t\t\t<\/div>\n\t\t<div class=\"elementor-element elementor-element-iwgs-glocken-s2 e-flex e-con-boxed e-con e-parent\" data-id=\"iwgs-glocken-s2\" data-element_type=\"container\" data-e-type=\"container\">\n\t\t\t\t\t<div class=\"e-con-inner\">\n\t\t\t\t<div class=\"elementor-element elementor-element-iwgs-glocken-s2h elementor-widget elementor-widget-heading\" data-id=\"iwgs-glocken-s2h\" data-element_type=\"widget\" data-e-type=\"widget\" data-widget_type=\"heading.default\">\n\t\t\t\t\t<h2 class=\"elementor-heading-title elementor-size-default\">Den bakomliggande f\u00f6rest\u00e4llningen om det avv\u00e4rjande ljudet<\/h2>\t\t\t\t<\/div>\n\t\t<div class=\"elementor-element elementor-element-iwgs-glocken-s2box e-con-full e-flex e-con e-parent\" data-id=\"iwgs-glocken-s2box\" data-element_type=\"container\" data-e-type=\"container\">\n\t\t\t\t<div class=\"elementor-element elementor-element-iwgs-glocken-s2t elementor-widget elementor-widget-text-editor\" data-id=\"iwgs-glocken-s2t\" data-element_type=\"widget\" data-e-type=\"widget\" data-widget_type=\"text-editor.default\">\n\t\t\t\t\t\t\t\t\t<p>En vanlig f\u00f6rest\u00e4llning \u00e4r att skadliga v\u00e4sen skyr buller. H\u00f6ga och pl\u00f6tsliga ljud ans\u00e5gs vara n\u00e5got som driver bort eller skr\u00e4mmer iv\u00e4g s\u00e5dana v\u00e4sen.<\/p><p>En andra tanke g\u00e4ller klangens renhet och klarhet. En klockas klara ton uppfattades som ren och tydlig. Denna klarhet ans\u00e5gs vara en motbild till influenser som betraktades som orena.<\/p><p>D\u00e4rtill kommer klangens r\u00e4ckvidd. En klocka h\u00f6rs vida omkring. Dess ton fyller ett helt rum eller ett helt omr\u00e5de. Denna r\u00e4ckvidd tolkades som en bild av ett vitt utbrett skydd.<\/p><p>Vid en sk\u00e4llas upprepade klang spelar uth\u00e5lligheten en roll. En liten klocka f\u00e4st p\u00e5 ett djur eller p\u00e5 kl\u00e4der klingar vid varje r\u00f6relse. Den f\u00f6ljer b\u00e4raren och dess klang forts\u00e4tter att h\u00f6ras.<\/p><p>En ytterligare tanke \u00e4r den varslande verkan. Klangen fr\u00e5n en klocka anger en r\u00f6relse eller en h\u00e4ndelse. I vissa traditioner skulle den \u00e4ven avbryta en skadlig influens som var p\u00e5 v\u00e4g att n\u00e4rma sig.<\/p><p>De f\u00f6rest\u00e4llningar som beskrivs h\u00e4r \u00e4r kulturhistoriska f\u00f6rklaringar. De beskriver varf\u00f6r klangen tillskrevs en avv\u00e4rjande betydelse och dokumenterar en tro. De utg\u00f6r inget bevis f\u00f6r en verkan. Forskningen beskriver f\u00f6rest\u00e4llningen utan att bekr\u00e4fta den.<\/p><p>D\u00e4rtill kommer f\u00f6rest\u00e4llningen om klockan som r\u00f6st. En ringande klocka uppfattades i m\u00e5nga traditioner som en ropande r\u00f6st som fyllde ett omr\u00e5de. Denna tolkning f\u00f6rband klangen med f\u00f6rest\u00e4llningen om en <span class=\"iwg-fachbegriff\" data-tooltip=\"Det bedjande eller besv\u00e4rjande tilltalet av en gudom eller makt.\" tabindex=\"0\">\u00e5kallan<\/span>, som skulle driva bort skadliga influenser.<\/p><p>D\u00e4rtill kommer tanken om den pl\u00f6tsliga avbrytningen. En klar, ov\u00e4ntad klang uppfattades som n\u00e5got som bryter igenom och f\u00f6r\u00e4ndrar ett tillst\u00e5nd. I vissa traditioner skulle just detta pl\u00f6tsliga ljud st\u00f6ra en skadlig influens i dess verkan.<\/p>\t\t\t\t\t\t\t\t<\/div>\n\t\t\t\t<\/div>\n\t\t\t\t\t<\/div>\n\t\t\t\t<\/div>\n\t\t<div class=\"elementor-element elementor-element-iwgs-glocken-s3 e-flex e-con-boxed e-con e-parent\" data-id=\"iwgs-glocken-s3\" data-element_type=\"container\" data-e-type=\"container\">\n\t\t\t\t\t<div class=\"e-con-inner\">\n\t\t\t\t<div class=\"elementor-element elementor-element-iwgs-glocken-s3h elementor-widget elementor-widget-heading\" data-id=\"iwgs-glocken-s3h\" data-element_type=\"widget\" data-e-type=\"widget\" data-widget_type=\"heading.default\">\n\t\t\t\t\t<h2 class=\"elementor-heading-title elementor-size-default\">Exempel fr\u00e5n antiken och Fr\u00e4mre Orienten<\/h2>\t\t\t\t<\/div>\n\t\t<div class=\"elementor-element elementor-element-iwgs-glocken-s3box e-con-full e-flex e-con e-parent\" data-id=\"iwgs-glocken-s3box\" data-element_type=\"container\" data-e-type=\"container\">\n\t\t\t\t<div class=\"elementor-element elementor-element-iwgs-glocken-s3t elementor-widget elementor-widget-text-editor\" data-id=\"iwgs-glocken-s3t\" data-element_type=\"widget\" data-e-type=\"widget\" data-widget_type=\"text-editor.default\">\n\t\t\t\t\t\t\t\t\t<p>Fr\u00e5n det antika Medelhavsomr\u00e5det finns talrika bevarade sm\u00e5 bronsklockor och sk\u00e4llor. De f\u00e4stes p\u00e5 kl\u00e4der, d\u00f6rrar och djur och f\u00f6rknippades ibland med en avv\u00e4rjande betydelse.<\/p><p>I den grekiska och romerska v\u00e4rlden f\u00f6rekommer sk\u00e4llor p\u00e5 amuletter och p\u00e5 barnsmycken. Klangen skulle f\u00f6lja b\u00e4raren och h\u00e5lla skadliga influenser borta.<\/p><p>I Fr\u00e4mre Orienten \u00e4r klockor p\u00e5 h\u00f6gtidlig och kultisk kl\u00e4dsel belagda. Fr\u00e5n religi\u00f6sa texter \u00e4r det k\u00e4nt att klockor p\u00e5 pr\u00e4sters dr\u00e4kter spelade en roll.<\/p><p>I Mesopotamien och i grannkulturer anv\u00e4ndes klanginstrument inom det rituella omr\u00e5det. Trummor och skallror ingick i handlingar som bland annat skulle tj\u00e4na till avv\u00e4rjning.<\/p><p>\u00c4ven h\u00f6gljutt ropande och skapandet av buller genom m\u00e4nniskor \u00e4r k\u00e4nt fr\u00e5n antika k\u00e4llor. Vid vissa tillf\u00e4llen skulle gemensamt buller driva bort skadliga influenser.<\/p><p>Dessa exempel visar att klangen i det antika Medelhavsomr\u00e5det och i Fr\u00e4mre Orienten inte enbart tj\u00e4nade musiken. Den ingick i ett n\u00e4tverk av f\u00f6rest\u00e4llningar som avv\u00e4rjningstolkningen ankn\u00f6t till.<\/p><p>\u00c4ven fr\u00e5n det faraoniska Egypten finns bevarade sm\u00e5 metallklockor som f\u00e4stes p\u00e5 smycken och kl\u00e4der. Deras klang skulle f\u00f6lja b\u00e4raren och ans\u00e5gs betydelsefull. De ing\u00e5r i det breda betydelsef\u00e4lt d\u00e4r klangen pekar bortom det rent h\u00f6rbara.<\/p>\t\t\t\t\t\t\t\t<\/div>\n\t\t\t\t<\/div>\n\t\t\t\t\t<\/div>\n\t\t\t\t<\/div>\n\t\t<div class=\"elementor-element elementor-element-iwgs-glocken-s4 e-flex e-con-boxed e-con e-parent\" data-id=\"iwgs-glocken-s4\" data-element_type=\"container\" data-e-type=\"container\">\n\t\t\t\t\t<div class=\"e-con-inner\">\n\t\t\t\t<div class=\"elementor-element elementor-element-iwgs-glocken-s4h elementor-widget elementor-widget-heading\" data-id=\"iwgs-glocken-s4h\" data-element_type=\"widget\" data-e-type=\"widget\" data-widget_type=\"heading.default\">\n\t\t\t\t\t<h2 class=\"elementor-heading-title elementor-size-default\">Exempel fr\u00e5n den europeiska folkmagin<\/h2>\t\t\t\t<\/div>\n\t\t<div class=\"elementor-element elementor-element-iwgs-glocken-s4box e-con-full e-flex e-con e-parent\" data-id=\"iwgs-glocken-s4box\" data-element_type=\"container\" data-e-type=\"container\">\n\t\t\t\t<div class=\"elementor-element elementor-element-iwgs-glocken-s4t elementor-widget elementor-widget-text-editor\" data-id=\"iwgs-glocken-s4t\" data-element_type=\"widget\" data-e-type=\"widget\" data-widget_type=\"text-editor.default\">\n\t\t\t\t\t\t\t\t\t<p>I den europeiska folkmagin spelar det bullrande skyddet en framtr\u00e4dande roll. Folkloristiska samlingar ber\u00e4ttar om bullerbruk med vilka man vid vissa tider p\u00e5 \u00e5ret ville driva bort skadliga influenser.<\/p><p>S\u00e4rskilt k\u00e4nda \u00e4r bullert\u00e5g under den m\u00f6rka \u00e5rstiden. Med klockor, sk\u00e4llor, piskor och h\u00f6ga rop drog grupper genom byar. S\u00e5dana seder \u00e4r belagda i m\u00e5nga regioner i Alpomr\u00e5det.<\/p><p>Sk\u00e4llor f\u00e4stes p\u00e5 djur, framf\u00f6r allt p\u00e5 boskap p\u00e5 bete. Sk\u00e4llan anv\u00e4ndes f\u00f6r att hitta djuret och f\u00f6rknippades samtidigt med en skyddande betydelse.<\/p><p>Kyrkklockan tillskrevs i folkmagin, ut\u00f6ver sin religi\u00f6sa funktion, en avv\u00e4rjande betydelse. Folkloristiska k\u00e4llor ber\u00e4ttar om ringning vid ov\u00e4der och i andra situationer som upplevdes som hotande.<\/p><p>Ber\u00e4ttelser om s\u00e5dana bullerbruk dokumenterar anv\u00e4ndarnas f\u00f6rv\u00e4ntningar och inte en belagd verkan. De visar att klangen uppfattades som ett medel f\u00f6r att driva bort.<\/p><p>N\u00e5gra av dessa seder, till exempel bullert\u00e5gen under vintern, lever kvar \u00e4n idag som <span class=\"iwg-fachbegriff\" data-tooltip=\"Den samlade upps\u00e4ttningen av en gemenskaps traderade seder.\" tabindex=\"0\">sedv\u00e4nja<\/span>. Deras ursprungligen avv\u00e4rjande tolkning har d\u00e4rvid ofta tr\u00e4ngts i bakgrunden.<\/p><p>Folkloristiska k\u00e4llor upptecknar vidare sk\u00e4llor p\u00e5 h\u00e4stselar och p\u00e5 sl\u00e4dar. Sk\u00e4llorna tj\u00e4nade till att signalera det annalkande ekipaget och f\u00f6rknippades samtidigt med en avv\u00e4rjande betydelse. Handw\u00f6rterbuch des deutschen Aberglaubens h\u00e4nf\u00f6r denna <span class=\"iwg-fachbegriff\" data-tooltip=\"En traderad handling som regelbundet upprepas inom en gemenskap.\" tabindex=\"0\">sed<\/span> till f\u00f6rest\u00e4llningen om den medf\u00f6ljande klangen.<\/p>\t\t\t\t\t\t\t\t<\/div>\n\t\t\t\t<\/div>\n\t\t\t\t\t<\/div>\n\t\t\t\t<\/div>\n\t\t<div class=\"elementor-element elementor-element-iwgs-glocken-s5 e-flex e-con-boxed e-con e-parent\" data-id=\"iwgs-glocken-s5\" data-element_type=\"container\" data-e-type=\"container\">\n\t\t\t\t\t<div class=\"e-con-inner\">\n\t\t\t\t<div class=\"elementor-element elementor-element-iwgs-glocken-s5h elementor-widget elementor-widget-heading\" data-id=\"iwgs-glocken-s5h\" data-element_type=\"widget\" data-e-type=\"widget\" data-widget_type=\"heading.default\">\n\t\t\t\t\t<h2 class=\"elementor-heading-title elementor-size-default\">Exempel fr\u00e5n Asien och andra kulturer<\/h2>\t\t\t\t<\/div>\n\t\t<div class=\"elementor-element elementor-element-iwgs-glocken-s5box e-con-full e-flex e-con e-parent\" data-id=\"iwgs-glocken-s5box\" data-element_type=\"container\" data-e-type=\"container\">\n\t\t\t\t<div class=\"elementor-element elementor-element-iwgs-glocken-s5t elementor-widget elementor-widget-text-editor\" data-id=\"iwgs-glocken-s5t\" data-element_type=\"widget\" data-e-type=\"widget\" data-widget_type=\"text-editor.default\">\n\t\t\t\t\t\t\t\t\t<p>I \u00d6stasien spelar klockor en betydande roll i religi\u00f6sa sammanhang. Vid tempel ringer man i klockor, och klangen tillskrivs en renande och ordnande betydelse.<\/p><p>I den buddhistiska traditionen h\u00f6r klockor och bj\u00e4llror till den rituella utrustningen. Deras klang gliar upp handlingar och f\u00f6rknippas med f\u00f6rest\u00e4llningar om renhet och uppm\u00e4rksamhet.<\/p><p>Vid \u00f6stasiatiska byggnader \u00e4r vindklockor vanliga, som ljuder vid varje vindfl\u00e4kt. Deras klang tillskrivs dels en skyddande, dels en lyckobringande betydelse.<\/p><p>I Sydasien anv\u00e4nds klockor i tempel och i hemmets b\u00f6n. Klangen \u00e5tf\u00f6ljer rituella handlingar och markerar deras b\u00f6rjan.<\/p><p>\u00d6ver dessa regioner framtr\u00e4der ett m\u00f6nster: klangen fr\u00e5n klockor och bj\u00e4llror har i m\u00e5nga kulturer getts en betydelse som g\u00e5r ut\u00f6ver musiken. Det larmande skyddet \u00e4r inte ett <span class=\"iwg-fachbegriff\" data-tooltip=\"Ett \u00e5terkommande inneh\u00e5llsligt element i konst eller ber\u00e4ttelse.\" tabindex=\"0\">motiv<\/span> fr\u00e5n en enskild tradition.<\/p><p>M\u00e5ngfalden av exempel visar tydligt att det larmande skyddet b\u00f6r f\u00f6rst\u00e5s som en princip. Det uppst\u00e5r \u00f6verallt d\u00e4r klangen ges en f\u00f6rdrivande eller renande betydelse.<\/p><p>I delar av Afrika h\u00f6r klockor och skallror till den rituella utrustningen och \u00e5tf\u00f6ljer dans och <span class=\"iwg-fachbegriff\" data-tooltip=\"Det bedjande eller besv\u00e4rjande tilltalet av en gudomlighet eller makt.\" tabindex=\"0\">\u00e5kallan<\/span>. Deras klang gliar upp handlingen och f\u00f6rknippas med f\u00f6rest\u00e4llningen att rena ett omr\u00e5de. Dessa exempel visar att den avv\u00e4rjande klangen \u00e4ven utanf\u00f6r Eurasien hade en fast plats.<\/p><p>I Mongoliet och delar av Centralasien h\u00f6r klockor och bj\u00e4llror till de rituella specialisternas utrustning och \u00e4r f\u00e4sta vid deras dr\u00e4kter och trummor. Deras klang \u00e5tf\u00f6ljer den rituella handlingen och f\u00f6rknippas med rening och avv\u00e4rjning. \u00c4ven dessa exempel visar den klangliga skyddsformens vida spridning.<\/p>\t\t\t\t\t\t\t\t<\/div>\n\t\t\t\t<\/div>\n\t\t\t\t\t<\/div>\n\t\t\t\t<\/div>\n\t\t<div class=\"elementor-element elementor-element-iwgs-glocken-s6 e-flex e-con-boxed e-con e-parent\" data-id=\"iwgs-glocken-s6\" data-element_type=\"container\" data-e-type=\"container\">\n\t\t\t\t\t<div class=\"e-con-inner\">\n\t\t\t\t<div class=\"elementor-element elementor-element-iwgs-glocken-s6h elementor-widget elementor-widget-heading\" data-id=\"iwgs-glocken-s6h\" data-element_type=\"widget\" data-e-type=\"widget\" data-widget_type=\"heading.default\">\n\t\t\t\t\t<h2 class=\"elementor-heading-title elementor-size-default\">Anv\u00e4ndning i ritual och vardag<\/h2>\t\t\t\t<\/div>\n\t\t<div class=\"elementor-element elementor-element-iwgs-glocken-s6box e-con-full e-flex e-con e-parent\" data-id=\"iwgs-glocken-s6box\" data-element_type=\"container\" data-e-type=\"container\">\n\t\t\t\t<div class=\"elementor-element elementor-element-iwgs-glocken-s6t elementor-widget elementor-widget-text-editor\" data-id=\"iwgs-glocken-s6t\" data-element_type=\"widget\" data-e-type=\"widget\" data-widget_type=\"text-editor.default\">\n\t\t\t\t\t\t\t\t\t<p>Det larmande skyddet anv\u00e4ndes i vardagen p\u00e5 olika s\u00e4tt. En bj\u00e4llra f\u00e4st vid ett djur eller vid kl\u00e4der klingade vid varje r\u00f6relse och \u00e5tf\u00f6ljde b\u00e4raren fortl\u00f6pande.<\/p><p>Klockor och vindklockor som satts upp p\u00e5 byggnader klingade i vind eller n\u00e4r en d\u00f6rr \u00f6ppnades. Deras klang var bunden till en plats och lj\u00f6d s\u00e5 snart en r\u00f6relse \u00e4gde rum d\u00e4r.<\/p><p>Larmprocessioner och gemensamt larmande var bundna till best\u00e4mda tider. Framf\u00f6r allt under den m\u00f6rka \u00e5rstiden och vid \u00e5rets \u00f6verg\u00e5ngar skapades larm med avsikt.<\/p><p>Kyrkoklockans ringning f\u00f6ljde en fast ordning, men var \u00e4ven bunden till s\u00e4rskilda tillf\u00e4llen. Vid ov\u00e4der och i situationer som upplevdes som hotfulla ringde man extra.<\/p><p>I rituella sammanhang, framf\u00f6r allt inom Asiens religioner, \u00e4r klockringning en del av fastst\u00e4llda f\u00f6rlopp. Klangen gliar upp handlingen och markerar dess avsnitt.<\/p><p>Det finns ingen enhetlig ritualordning f\u00f6r det larmande skyddet. Den exakta formen berodde p\u00e5 region, tillf\u00e4lle och tradition, vilket den folkloristiska forskningen flera g\u00e5nger har konstaterat.<\/p><p>\u00c4ven klockans material och tillverkning ans\u00e5gs betydelsefulla. Att gjuta en klocka var en omfattande process, som ofta \u00e5tf\u00f6ljdes av v\u00e4lsignelseord. Denna omsorgsfulla tillverkning var sj\u00e4lv en del av de f\u00f6rest\u00e4llningar som gav klockans klang dess s\u00e4rskilda betydelse.<\/p>\t\t\t\t\t\t\t\t<\/div>\n\t\t\t\t<\/div>\n\t\t\t\t\t<\/div>\n\t\t\t\t<\/div>\n\t\t<div class=\"elementor-element elementor-element-iwgs-glocken-s7 e-flex e-con-boxed e-con e-parent\" data-id=\"iwgs-glocken-s7\" data-element_type=\"container\" data-e-type=\"container\">\n\t\t\t\t\t<div class=\"e-con-inner\">\n\t\t\t\t<div class=\"elementor-element elementor-element-iwgs-glocken-s7h elementor-widget elementor-widget-heading\" data-id=\"iwgs-glocken-s7h\" data-element_type=\"widget\" data-e-type=\"widget\" data-widget_type=\"heading.default\">\n\t\t\t\t\t<h2 class=\"elementor-heading-title elementor-size-default\">Besl\u00e4ktade skyddsformer och avgr\u00e4nsning<\/h2>\t\t\t\t<\/div>\n\t\t<div class=\"elementor-element elementor-element-iwgs-glocken-s7box e-con-full e-flex e-con e-parent\" data-id=\"iwgs-glocken-s7box\" data-element_type=\"container\" data-e-type=\"container\">\n\t\t\t\t<div class=\"elementor-element elementor-element-iwgs-glocken-s7t elementor-widget elementor-widget-text-editor\" data-id=\"iwgs-glocken-s7t\" data-element_type=\"widget\" data-e-type=\"widget\" data-widget_type=\"text-editor.default\">\n\t\t\t\t\t\t\t\t\t<p>Det larmande skyddet \u00e4r besl\u00e4ktat med de skyddsmedel som b\u00e4rs p\u00e5 kroppen. En bj\u00e4llra f\u00e4st vid kl\u00e4der \u00e4r samtidigt ett <a href=\"https:\/\/iwell-guard.com\/sv\/amulett-talisman-skyddstecken-grunderna\/\">amulett eller talisman<\/a>, som dock verkar genom klangen och inte genom en bild.<\/p><p>N\u00e4ra f\u00f6rbundet \u00e4r det larmande skyddet med tr\u00f6skelskyddet. Klockor vid d\u00f6rrar och ing\u00e5ngar f\u00f6renar \u00f6ppningens plats med den avv\u00e4rjande klangen.<\/p><p>Fr\u00e5n bildamulettet och det apotrop\u00e4iska tyget skiljer sig det larmande skyddet tydligt. Bild och tyg verkar i m\u00e5nga f\u00f6rest\u00e4llningar varaktigt och tyst. Det larmande skyddet verkar i sj\u00e4lva klang\u00f6gonblicket.<\/p><p>Inom de akustiska skyddsmedlen st\u00e5r klockor och bj\u00e4llror tillsammans med andra klangredskap. \u00c4ven skallror, trummor, pipor och det m\u00e4nskliga ropet h\u00f6r till denna grupp.<\/p><p>En gr\u00e4ns finns mot den rent musikaliska eller signalgivande anv\u00e4ndningen. En klocka som endast visar tiden eller \u00e5tf\u00f6ljer musik beh\u00f6ver inte n\u00f6dv\u00e4ndigtvis b\u00e4ra en avv\u00e4rjande tolkning.<\/p><p>Placeringen i detta sammanhang hj\u00e4lper till att precisera det larmande skyddet. Det \u00e4r ett akustiskt skyddsmedel som verkar i klang\u00f6gonblicket, och det skiljer sig fr\u00e5n tysta amuletter och fr\u00e5n den rena signalfunktionen.<\/p><p>Inom de akustiska skyddsmedlen finns dessutom en koppling till det talade och sungna ordet. \u00c4ven <span class=\"iwg-fachbegriff\" data-tooltip=\"Det bedjande eller besv\u00e4rjande tilltalet av en gudomlighet eller makt.\" tabindex=\"0\">\u00e5kallan<\/span>, v\u00e4lsignelseformler och s\u00e5ng anv\u00e4ndes med avv\u00e4rjande betydelse. Klocka och bj\u00e4llra fogar sig d\u00e4rmed in i ett brett f\u00e4lt av klangliga handlingar.<\/p>\t\t\t\t\t\t\t\t<\/div>\n\t\t\t\t<\/div>\n\t\t\t\t\t<\/div>\n\t\t\t\t<\/div>\n\t\t<div class=\"elementor-element elementor-element-iwgs-glocken-s8 e-flex e-con-boxed e-con e-parent\" data-id=\"iwgs-glocken-s8\" data-element_type=\"container\" data-e-type=\"container\">\n\t\t\t\t\t<div class=\"e-con-inner\">\n\t\t\t\t<div class=\"elementor-element elementor-element-iwgs-glocken-s8h elementor-widget elementor-widget-heading\" data-id=\"iwgs-glocken-s8h\" data-element_type=\"widget\" data-e-type=\"widget\" data-widget_type=\"heading.default\">\n\t\t\t\t\t<h2 class=\"elementor-heading-title elementor-size-default\">Dagens tolkning av det larmande skyddet<\/h2>\t\t\t\t<\/div>\n\t\t<div class=\"elementor-element elementor-element-iwgs-glocken-s8box e-con-full e-flex e-con e-parent\" data-id=\"iwgs-glocken-s8box\" data-element_type=\"container\" data-e-type=\"container\">\n\t\t\t\t<div class=\"elementor-element elementor-element-iwgs-glocken-s8t elementor-widget elementor-widget-text-editor\" data-id=\"iwgs-glocken-s8t\" data-element_type=\"widget\" data-e-type=\"widget\" data-widget_type=\"text-editor.default\">\n\t\t\t\t\t\t\t\t\t<p>Vissa bullerbruk lever \u00e4n i dag som <span class=\"iwg-fachbegriff\" data-tooltip=\"Summan av de traderade sedv\u00e4njorna i en gemenskap.\" tabindex=\"0\">folksed<\/span>. Bulleropt\u00e5g under den m\u00f6rka \u00e5rstiden h\u00e5lls fortfarande i m\u00e5nga delar av Alpregionen, ofta som en gemensam h\u00f6gtid.<\/p><p>I dessa nutida bruk st\u00e5r oftast den gemensamma upplevelsen i f\u00f6rgrunden. Den ursprungliga avv\u00e4rjande tolkningen \u00e4r k\u00e4nd, men uppfattas s\u00e4llan l\u00e4ngre som ett bokstavligt menat skyddsmedel.<\/p><p>Inom modern <span class=\"iwg-fachbegriff\" data-tooltip=\"Samlingsbegrepp f\u00f6r l\u00e4ror som g\u00f6r anspr\u00e5k p\u00e5 en dold kunskap, endast tillg\u00e4nglig f\u00f6r invigda.\" tabindex=\"0\">esoterik<\/span> f\u00f6rknippas klang och klockljud ibland med renande verkningar. S\u00e5dana metoder tillskrivs effekter som inte \u00e4r belagda. De b\u00f6r betraktas kritiskt.<\/p><p>Vindklockor \u00e4r i dag vanliga som dekoration. Deras gamla skyddande eller lyckobringande betydelse har d\u00e4rmed oftast tr\u00e4ngts i bakgrunden.<\/p><p>F\u00f6r <span class=\"iwg-fachbegriff\" data-tooltip=\"Vetenskapen som unders\u00f6ker religioner j\u00e4mf\u00f6rande och utan trosbundenhet.\" tabindex=\"0\">religionsvetenskapen<\/span> \u00e4r det bullriga skyddet ett l\u00e4rorikt exempel. Det visar hur en sinnlig upplevelse, klangen, kunde bli grunden f\u00f6r en avv\u00e4rjande tolkning.<\/p><p>Den som i dag \u00e4gnar sig \u00e5t det bullriga skyddet finner d\u00e4r framf\u00f6r allt ett kulturhistoriskt \u00e4mne. Ett sakligt f\u00f6rh\u00e5llningss\u00e4tt skiljer den belagda historien om bruken fr\u00e5n moderna verkningsl\u00f6ften som inte h\u00e5ller f\u00f6r granskning.<\/p><p>Inom klockforskningen registreras, dateras och beskrivs gamla klockor i dag efter klang och <span class=\"iwg-fachbegriff\" data-tooltip=\"En text som \u00e4r inristad eller huggen i ett fast underlag.\" tabindex=\"0\">inskription<\/span>. M\u00e5nga b\u00e4r inskriptioner som \u00e5kallar skydd mot ov\u00e4der och olycka. Dessa inskriptioner visar direkt att klockans klang, ut\u00f6ver den religi\u00f6sa funktionen, tillskrevs en avv\u00e4rjande betydelse.<\/p>\t\t\t\t\t\t\t\t<\/div>\n\t\t\t\t<\/div>\n\t\t\t\t\t<\/div>\n\t\t\t\t<\/div>\n\t\t<div class=\"elementor-element elementor-element-iwgs-glocken-lit e-flex e-con-boxed e-con e-parent\" data-id=\"iwgs-glocken-lit\" data-element_type=\"container\" data-e-type=\"container\">\n\t\t\t\t\t<div class=\"e-con-inner\">\n\t\t\t\t<div class=\"elementor-element elementor-element-iwgs-glocken-lith elementor-widget elementor-widget-heading\" data-id=\"iwgs-glocken-lith\" data-element_type=\"widget\" data-e-type=\"widget\" data-widget_type=\"heading.default\">\n\t\t\t\t\t<h2 class=\"elementor-heading-title elementor-size-default\">Litteratur (urval)<\/h2>\t\t\t\t<\/div>\n\t\t<div class=\"elementor-element elementor-element-iwgs-glocken-litbox e-con-full e-flex e-con e-parent\" data-id=\"iwgs-glocken-litbox\" data-element_type=\"container\" data-e-type=\"container\">\n\t\t\t\t<div class=\"elementor-element elementor-element-iwgs-glocken-litt elementor-widget elementor-widget-html\" data-id=\"iwgs-glocken-litt\" data-element_type=\"widget\" data-e-type=\"widget\" data-widget_type=\"html.default\">\n\t\t\t\t\t<footer data-nosnippet=\"true\"><ul><li>Hanns B\u00e4chtold-St\u00e4ubli (Hrsg.): <em>Handw\u00f6rterbuch des deutschen Aberglaubens<\/em> (1927-1942)<\/li><li>Liselotte Hansmann, Lenz Kriss-Rettenbeck: <em>Amulett und Talisman. Erscheinungsform und Geschichte<\/em> (1966)<\/li><li>Percival Price: <em>Bells and Man<\/em> (1983)<\/li><li>Wolfram Eberhard: <em>Lexikon chinesischer Symbole<\/em> (1983)<\/li><li>Dietz-R\u00fcdiger Moser: <em>Fastnacht, Fasching, Karneval. Das Fest der verkehrten Welt<\/em> (1986)<\/li><\/ul><\/footer>\t\t\t\t<\/div>\n\t\t\t\t<\/div>\n\t\t\t\t\t<\/div>\n\t\t\t\t<\/div>\n\t\t<div class=\"elementor-element elementor-element-iwgs-glocken-kwd e-flex e-con-boxed e-con e-parent\" data-id=\"iwgs-glocken-kwd\" data-element_type=\"container\" data-e-type=\"container\">\n\t\t\t\t\t<div class=\"e-con-inner\">\n\t\t\t\t<div class=\"elementor-element elementor-element-iwgs-glocken-kwdt elementor-widget elementor-widget-text-editor\" data-id=\"iwgs-glocken-kwdt\" data-element_type=\"widget\" data-e-type=\"widget\" data-widget_type=\"text-editor.default\">\n\t\t\t\t\t\t\t\t\t<p><em>Relaterade nyckelbegrepp: klockor som skydd bj\u00e4llror klang buller akustiskt skydd vindklocka bulleropt\u00e5g kyrkklocka <span class=\"iwg-fachbegriff\" data-tooltip=\"Ont avv\u00e4rjande: om tecken och f\u00f6rem\u00e5l avsedda att h\u00e5lla skadliga influenser borta.\" tabindex=\"0\">apotrop\u00e4isk<\/span> klangskydd.<\/em><\/p>\t\t\t\t\t\t\t\t<\/div>\n\t\t\t\t\t<\/div>\n\t\t\t\t<\/div>\n\t\t<div class=\"elementor-element elementor-element-iwgs-glocken-cc e-flex e-con-boxed e-con e-parent\" data-id=\"iwgs-glocken-cc\" data-element_type=\"container\" data-e-type=\"container\" id=\"iwg-cc-glocken\">\n\t\t\t\t\t<div class=\"e-con-inner\">\n\t\t<div class=\"elementor-element elementor-element-iwgs-glocken-ccinner e-flex e-con-boxed e-con e-parent\" data-id=\"iwgs-glocken-ccinner\" data-element_type=\"container\" data-e-type=\"container\" data-settings=\"{&quot;background_background&quot;:&quot;classic&quot;}\">\n\t\t\t\t\t<div class=\"e-con-inner\">\n\t\t\t\t<div class=\"elementor-element elementor-element-iwgs-glocken-cch elementor-widget elementor-widget-heading\" data-id=\"iwgs-glocken-cch\" data-element_type=\"widget\" data-e-type=\"widget\" data-widget_type=\"heading.default\">\n\t\t\t\t\t<h2 class=\"elementor-heading-title elementor-size-default\">iWell Guard och skyddstraditioner<\/h2>\t\t\t\t<\/div>\n\t\t\t\t<div class=\"elementor-element elementor-element-iwgs-glocken-cct elementor-widget elementor-widget-text-editor\" data-id=\"iwgs-glocken-cct\" data-element_type=\"widget\" data-e-type=\"widget\" data-widget_type=\"text-editor.default\">\n\t\t\t\t\t\t\t\t\t<p>iWell Guard st\u00e5r i den kulturhistoriska tradition av b\u00e4rbara skyddsobjekt som klockan tillh\u00f6r. En modern f\u00f6ljeslagare f\u00f6r m\u00e4nniskor som lever med skyddssymboler: tillverkad i Tyskland, 41 lager av \u00e4kta guld, platina och silver, med 30 dagars returr\u00e4tt.<\/p>\t\t\t\t\t\t\t\t<\/div>\n\t\t\t\t<div class=\"elementor-element elementor-element-iwgs-glocken-ccb iwg-cc-button iwg-cc-cta-2026-05-13 elementor-widget elementor-widget-jet-button\" data-id=\"iwgs-glocken-ccb\" data-element_type=\"widget\" data-e-type=\"widget\" data-widget_type=\"jet-button.default\">\n\t\t\t\t<div class=\"elementor-widget-container\">\n\t\t\t\t\t<div class=\"elementor-jet-button jet-elements\"><div class=\"jet-button__container\"><a class=\"jet-button__instance jet-button__instance--icon-left hover-effect-1\" href=\"\/schutzanhaenger-iwell-guard-kaufen\/?utm_source=iwell-guard.com&amp;utm_medium=info-box&amp;utm_campaign=schutzsymbole\"><div class=\"jet-button__plane jet-button__plane-normal\"><\/div><div class=\"jet-button__plane jet-button__plane-hover\"><\/div><div class=\"jet-button__state jet-button__state-normal\"><span class=\"jet-button__label\">Mer om iWell Guard<\/span><\/div><div class=\"jet-button__state jet-button__state-hover\"><span class=\"jet-button__label\">Mer om iWell Guard<\/span><\/div><\/a><\/div><\/div><style>.elementor-element.elementor-element-iwgs-glocken-ccb .jet-button__instance{width:320px;height:56px;}.elementor-element.elementor-element-iwgs-glocken-ccb .jet-button__state-normal .jet-button__label{text-align:center;margin:0px 0px 0px 0px;color:#1a1b20;font-family:Montserrat,sans-serif;font-size:13px;font-weight:400;letter-spacing:4px;line-height:1.714em;text-transform:uppercase;}.elementor-element.elementor-element-iwgs-glocken-ccb .jet-button__state-hover .jet-button__label{text-align:center;margin:0px 0px 0px 0px;color:#FECC76;font-family:Montserrat,sans-serif;font-size:13px;font-weight:400;letter-spacing:4px;line-height:1.714em;text-transform:uppercase;}.elementor-element.elementor-element-iwgs-glocken-ccb .jet-button__plane-normal{background-color:#FECC76;border-style:solid;border-color:#C99540;border-width:2px 2px 2px 2px;}.elementor-element.elementor-element-iwgs-glocken-ccb .jet-button__plane-hover{background-color:rgba(0,0,0,0.55);border-style:solid;border-color:#FECC76;border-width:2px 2px 2px 2px;}<\/style>\t\t\t\t<\/div>\n\t\t\t\t<\/div>\n\t\t\t\t<div class=\"elementor-element elementor-element-iwgs-glocken-ccd elementor-widget elementor-widget-text-editor\" data-id=\"iwgs-glocken-ccd\" data-element_type=\"widget\" data-e-type=\"widget\" data-widget_type=\"text-editor.default\">\n\t\t\t\t\t\t\t\t\t<p style=\"text-align:center;font-size:13px;opacity:0.7;margin-top:14px\" data-nosnippet=\"true\">Personliga erfarenheter kan variera. Ingen medicinteknisk produkt. Inget l\u00f6fte om l\u00e4kning.<\/p>\t\t\t\t\t\t\t\t<\/div>\n\t\t\t\t\t<\/div>\n\t\t\t\t<\/div>\n\t\t\t\t\t<\/div>\n\t\t\t\t<\/div>\n\t\t<div class=\"elementor-element elementor-element-iwgs-glocken-disc e-flex e-con-boxed e-con e-parent\" data-id=\"iwgs-glocken-disc\" data-element_type=\"container\" data-e-type=\"container\">\n\t\t\t\t\t<div class=\"e-con-inner\">\n\t\t\t\t<div class=\"elementor-element elementor-element-iwgs-glocken-discw elementor-widget elementor-widget-html\" data-id=\"iwgs-glocken-discw\" data-element_type=\"widget\" data-e-type=\"widget\" data-widget_type=\"html.default\">\n\t\t\t\t\t<footer data-nosnippet=\"true\" class=\"iwg-disclaimer-block\"><p data-nosnippet=\"true\">iWell Guard \u00e4r <strong>ingen medicinteknisk produkt<\/strong> och ers\u00e4tter ingen l\u00e4karbehandling eller psykoterapeutisk behandling. Inneh\u00e5llet som presenteras h\u00e4r \u00e4r en religionsvetenskaplig och kulturhistorisk kontextualisering, inget l\u00f6fte om andlig verkan.<\/p><\/footer>\t\t\t\t<\/div>\n\t\t\t\t\t<\/div>\n\t\t\t\t<\/div>\n\t\t\t\t<\/div>\n\t\t","protected":false},"excerpt":{"rendered":"","protected":false},"author":3,"featured_media":3583,"parent":0,"menu_order":0,"comment_status":"closed","ping_status":"closed","template":"elementor_header_footer","meta":{"_yoast_wpseo_focuskw":"Klockor som skydd","_yoast_wpseo_title":"Klockor och bj\u00e4llror som skydd","_yoast_wpseo_metadesc":"Klockor och bj\u00e4llror som larmande skydd: varf\u00f6r ljud riktades mot skadliga inflytelser, med exempel fr\u00e5n antiken, folkmagi och Asien.","_yoast_wpseo_meta-robots-noindex":"","_yoast_wpseo_canonical":"","_angie_page":false,"gefaehrdungsstufe":"","wesen_kultur":"","wesen_klasse":"","footnotes":""},"categories":[],"class_list":["post-137159","page","type-page","status-publish","has-post-thumbnail","hentry"],"yoast_head":"<!-- This site is optimized with the Yoast SEO Premium plugin v27.7 (Yoast SEO v28.3) - https:\/\/yoast.com\/product\/yoast-seo-premium-wordpress\/ -->\n<title>Klockor och bj\u00e4llror som skydd<\/title>\n<meta name=\"description\" content=\"Klockor och bj\u00e4llror som larmande skydd: varf\u00f6r ljud riktades mot skadliga inflytelser, med exempel fr\u00e5n antiken, folkmagi och Asien.\" \/>\n<meta name=\"robots\" content=\"index, follow, max-snippet:-1, max-image-preview:large, max-video-preview:-1\" \/>\n<link rel=\"canonical\" href=\"https:\/\/iwell-guard.com\/sv\/klockor-bjallror-larmande-skydd\/\" \/>\n<meta property=\"og:locale\" content=\"sv_SE\" \/>\n<meta property=\"og:type\" content=\"article\" \/>\n<meta property=\"og:title\" content=\"Klockor och bj\u00e4llror som larmande skydd\" \/>\n<meta property=\"og:description\" content=\"Klockor och bj\u00e4llror som larmande skydd: varf\u00f6r ljud riktades mot skadliga inflytelser, med exempel fr\u00e5n antiken, folkmagi och Asien.\" \/>\n<meta property=\"og:url\" content=\"https:\/\/iwell-guard.com\/sv\/klockor-bjallror-larmande-skydd\/\" \/>\n<meta property=\"og:site_name\" content=\"iWell Guard\" \/>\n<meta property=\"article:modified_time\" content=\"2026-09-03T01:22:00+00:00\" \/>\n<meta property=\"og:image\" content=\"https:\/\/iwell-guard.com\/wp-content\/uploads\/2026\/05\/schutzsymbol_universell_glocken.webp\" \/>\n\t<meta property=\"og:image:width\" content=\"1024\" \/>\n\t<meta property=\"og:image:height\" content=\"1536\" \/>\n\t<meta property=\"og:image:type\" content=\"image\/webp\" \/>\n<meta name=\"twitter:card\" content=\"summary_large_image\" \/>\n<script type=\"application\/ld+json\" class=\"yoast-schema-graph\">{\"@context\":\"https:\\\/\\\/schema.org\",\"@graph\":[{\"@type\":\"WebPage\",\"@id\":\"https:\\\/\\\/iwell-guard.com\\\/sv\\\/klockor-bjallror-larmande-skydd\\\/\",\"url\":\"https:\\\/\\\/iwell-guard.com\\\/sv\\\/klockor-bjallror-larmande-skydd\\\/\",\"name\":\"Klockor och bj\u00e4llror som skydd\",\"isPartOf\":{\"@id\":\"https:\\\/\\\/iwell-guard.com\\\/sv\\\/#website\"},\"primaryImageOfPage\":{\"@id\":\"https:\\\/\\\/iwell-guard.com\\\/sv\\\/klockor-bjallror-larmande-skydd\\\/#primaryimage\"},\"image\":{\"@id\":\"https:\\\/\\\/iwell-guard.com\\\/sv\\\/klockor-bjallror-larmande-skydd\\\/#primaryimage\"},\"thumbnailUrl\":\"https:\\\/\\\/iwell-guard.com\\\/wp-content\\\/uploads\\\/2026\\\/05\\\/schutzsymbol_universell_glocken.webp\",\"datePublished\":\"2026-09-03T00:13:19+00:00\",\"dateModified\":\"2026-09-03T01:22:00+00:00\",\"description\":\"Klockor och bj\u00e4llror som larmande skydd: varf\u00f6r ljud riktades mot skadliga inflytelser, med exempel fr\u00e5n antiken, folkmagi och Asien.\",\"breadcrumb\":{\"@id\":\"https:\\\/\\\/iwell-guard.com\\\/sv\\\/klockor-bjallror-larmande-skydd\\\/#breadcrumb\"},\"inLanguage\":\"sv-SE\",\"potentialAction\":[{\"@type\":\"ReadAction\",\"target\":[\"https:\\\/\\\/iwell-guard.com\\\/sv\\\/klockor-bjallror-larmande-skydd\\\/\"]}]},{\"@type\":\"ImageObject\",\"inLanguage\":\"sv-SE\",\"@id\":\"https:\\\/\\\/iwell-guard.com\\\/sv\\\/klockor-bjallror-larmande-skydd\\\/#primaryimage\",\"url\":\"https:\\\/\\\/iwell-guard.com\\\/wp-content\\\/uploads\\\/2026\\\/05\\\/schutzsymbol_universell_glocken.webp\",\"contentUrl\":\"https:\\\/\\\/iwell-guard.com\\\/wp-content\\\/uploads\\\/2026\\\/05\\\/schutzsymbol_universell_glocken.webp\",\"width\":1024,\"height\":1536,\"caption\":\"Skyddssymbol. Stilleben-illustration i museistil.\"},{\"@type\":\"BreadcrumbList\",\"@id\":\"https:\\\/\\\/iwell-guard.com\\\/sv\\\/klockor-bjallror-larmande-skydd\\\/#breadcrumb\",\"itemListElement\":[{\"@type\":\"ListItem\",\"position\":1,\"name\":\"Start\",\"item\":\"https:\\\/\\\/iwell-guard.com\\\/sv\\\/?page_id=136483\"},{\"@type\":\"ListItem\",\"position\":2,\"name\":\"Klockor och bj\u00e4llror som larmande skydd\"}]},{\"@type\":\"WebSite\",\"@id\":\"https:\\\/\\\/iwell-guard.com\\\/sv\\\/#website\",\"url\":\"https:\\\/\\\/iwell-guard.com\\\/sv\\\/\",\"name\":\"iWell Guard\",\"description\":\"Schutz vor dunklen Einfl\u00fcssen\",\"publisher\":{\"@id\":\"https:\\\/\\\/iwell-guard.com\\\/sv\\\/#organization\"},\"potentialAction\":[{\"@type\":\"SearchAction\",\"target\":{\"@type\":\"EntryPoint\",\"urlTemplate\":\"https:\\\/\\\/iwell-guard.com\\\/sv\\\/?s={search_term_string}\"},\"query-input\":{\"@type\":\"PropertyValueSpecification\",\"valueRequired\":true,\"valueName\":\"search_term_string\"}}],\"inLanguage\":\"sv-SE\"},{\"@type\":\"Organization\",\"@id\":\"https:\\\/\\\/iwell-guard.com\\\/sv\\\/#organization\",\"name\":\"Ittermann electronic GmbH\",\"url\":\"https:\\\/\\\/iwell-guard.com\\\/sv\\\/\",\"logo\":{\"@type\":\"ImageObject\",\"inLanguage\":\"sv-SE\",\"@id\":\"https:\\\/\\\/iwell-guard.com\\\/sv\\\/#\\\/schema\\\/logo\\\/image\\\/\",\"url\":\"https:\\\/\\\/iwell-guard.com\\\/wp-content\\\/uploads\\\/2026\\\/05\\\/Ittermann-Logo-1182x237-1.png\",\"contentUrl\":\"https:\\\/\\\/iwell-guard.com\\\/wp-content\\\/uploads\\\/2026\\\/05\\\/Ittermann-Logo-1182x237-1.png\",\"width\":1182,\"height\":237,\"caption\":\"Ittermann electronic GmbH\"},\"image\":{\"@id\":\"https:\\\/\\\/iwell-guard.com\\\/sv\\\/#\\\/schema\\\/logo\\\/image\\\/\"},\"sameAs\":[\"https:\\\/\\\/pantip.com\\\/profile\\\/9367242\",\"https:\\\/\\\/micro.blog\\\/iwellguard\",\"https:\\\/\\\/www.diggerslist.com\\\/iwellguard\\\/about\",\"https:\\\/\\\/skitterphoto.com\\\/photographers\\\/2870314\\\/iwell-guard\",\"https:\\\/\\\/iwellguard.wordpress.com\\\/2026\\\/06\\\/06\\\/iwell-guard\\\/\",\"https:\\\/\\\/hub.docker.com\\\/u\\\/iwellguard\",\"https:\\\/\\\/www.pinterest.com\\\/iwellguard\\\/\",\"https:\\\/\\\/bit.ly\\\/m\\\/iwellguard\",\"https:\\\/\\\/entre-vos-mains.alsace.eu\\\/profiles\\\/iwellguard\\\/activity\",\"https:\\\/\\\/gravatar.com\\\/reallybeded8fd34\",\"https:\\\/\\\/naijamatta.com\\\/iwellguard\",\"https:\\\/\\\/www.goodreads.com\\\/iwellguard\",\"https:\\\/\\\/profile.hatena.ne.jp\\\/iwellguard\\\/\",\"https:\\\/\\\/experiment.com\\\/users\\\/iwellguard\",\"https:\\\/\\\/wakelet.com\\\/@iWellGuard82270\",\"https:\\\/\\\/www.chordie.com\\\/forum\\\/profile.php?id=2555664\",\"https:\\\/\\\/www.instapaper.com\\\/p\\\/17757966\",\"https:\\\/\\\/www.mapleprimes.com\\\/users\\\/iwellguard\",\"https:\\\/\\\/businesslistingplus.com\\\/profile\\\/iwell-guard\\\/\",\"https:\\\/\\\/telegra.ph\\\/iWell-Guard-06-06\",\"https:\\\/\\\/pbase.com\\\/iwellguard\\\/iwellguard\",\"https:\\\/\\\/b.hatena.ne.jp\\\/iwellguard\\\/20260607#bookmark-4788405196491818882\",\"https:\\\/\\\/fliphtml5.com\\\/home\\\/iwellguard\",\"https:\\\/\\\/anyflip.com\\\/homepage\\\/cmiwl#About\",\"https:\\\/\\\/transfur.com\\\/Users\\\/iwellguard\",\"http:\\\/\\\/delphi.larsbo.org\\\/user\\\/iwellguard\",\"https:\\\/\\\/jobs.lajobsportal.org\\\/profiles\\\/8380803-iwell-guard\",\"https:\\\/\\\/md.chaosdorf.de\\\/s\\\/jfbe5SBdJD\",\"https:\\\/\\\/www.lingvolive.com\\\/en-us\\\/profile\\\/9ecaeaca-ce11-4e51-9e71-01d55e2bff36\\\/translations\",\"https:\\\/\\\/www.fitday.com\\\/fitness\\\/forums\\\/members\\\/iwellguard.html\",\"https:\\\/\\\/www.mymeetbook.com\\\/iwellguard\",\"https:\\\/\\\/pxhere.com\\\/en\\\/photographer-me\\\/5040798\",\"https:\\\/\\\/disqus.com\\\/by\\\/iwellguard\\\/about\\\/\",\"https:\\\/\\\/pastelink.net\\\/hjwciqwq\",\"https:\\\/\\\/pubhtml5.com\\\/homepage\\\/scjhn\\\/\",\"https:\\\/\\\/www.bitchute.com\\\/channel\\\/2O2eOKzNqujT\",\"https:\\\/\\\/audiomack.com\\\/iwellguard\"]}]}<\/script>\n<!-- \/ Yoast SEO Premium plugin. -->","yoast_head_json":{"title":"Klockor och bj\u00e4llror som skydd","description":"Klockor och bj\u00e4llror som larmande skydd: varf\u00f6r ljud riktades mot skadliga inflytelser, med exempel fr\u00e5n antiken, folkmagi och Asien.","robots":{"index":"index","follow":"follow","max-snippet":"max-snippet:-1","max-image-preview":"max-image-preview:large","max-video-preview":"max-video-preview:-1"},"canonical":"https:\/\/iwell-guard.com\/sv\/klockor-bjallror-larmande-skydd\/","og_locale":"sv_SE","og_type":"article","og_title":"Klockor och bj\u00e4llror som larmande skydd","og_description":"Klockor och bj\u00e4llror som larmande skydd: varf\u00f6r ljud riktades mot skadliga inflytelser, med exempel fr\u00e5n antiken, folkmagi och Asien.","og_url":"https:\/\/iwell-guard.com\/sv\/klockor-bjallror-larmande-skydd\/","og_site_name":"iWell Guard","article_modified_time":"2026-09-03T01:22:00+00:00","og_image":[{"width":1024,"height":1536,"url":"https:\/\/iwell-guard.com\/wp-content\/uploads\/2026\/05\/schutzsymbol_universell_glocken.webp","type":"image\/webp"}],"twitter_card":"summary_large_image","schema":{"@context":"https:\/\/schema.org","@graph":[{"@type":"WebPage","@id":"https:\/\/iwell-guard.com\/sv\/klockor-bjallror-larmande-skydd\/","url":"https:\/\/iwell-guard.com\/sv\/klockor-bjallror-larmande-skydd\/","name":"Klockor och bj\u00e4llror som skydd","isPartOf":{"@id":"https:\/\/iwell-guard.com\/sv\/#website"},"primaryImageOfPage":{"@id":"https:\/\/iwell-guard.com\/sv\/klockor-bjallror-larmande-skydd\/#primaryimage"},"image":{"@id":"https:\/\/iwell-guard.com\/sv\/klockor-bjallror-larmande-skydd\/#primaryimage"},"thumbnailUrl":"https:\/\/iwell-guard.com\/wp-content\/uploads\/2026\/05\/schutzsymbol_universell_glocken.webp","datePublished":"2026-09-03T00:13:19+00:00","dateModified":"2026-09-03T01:22:00+00:00","description":"Klockor och bj\u00e4llror som larmande skydd: varf\u00f6r ljud riktades mot skadliga inflytelser, med exempel fr\u00e5n antiken, folkmagi och Asien.","breadcrumb":{"@id":"https:\/\/iwell-guard.com\/sv\/klockor-bjallror-larmande-skydd\/#breadcrumb"},"inLanguage":"sv-SE","potentialAction":[{"@type":"ReadAction","target":["https:\/\/iwell-guard.com\/sv\/klockor-bjallror-larmande-skydd\/"]}]},{"@type":"ImageObject","inLanguage":"sv-SE","@id":"https:\/\/iwell-guard.com\/sv\/klockor-bjallror-larmande-skydd\/#primaryimage","url":"https:\/\/iwell-guard.com\/wp-content\/uploads\/2026\/05\/schutzsymbol_universell_glocken.webp","contentUrl":"https:\/\/iwell-guard.com\/wp-content\/uploads\/2026\/05\/schutzsymbol_universell_glocken.webp","width":1024,"height":1536,"caption":"Skyddssymbol. Stilleben-illustration i museistil."},{"@type":"BreadcrumbList","@id":"https:\/\/iwell-guard.com\/sv\/klockor-bjallror-larmande-skydd\/#breadcrumb","itemListElement":[{"@type":"ListItem","position":1,"name":"Start","item":"https:\/\/iwell-guard.com\/sv\/?page_id=136483"},{"@type":"ListItem","position":2,"name":"Klockor och bj\u00e4llror som larmande skydd"}]},{"@type":"WebSite","@id":"https:\/\/iwell-guard.com\/sv\/#website","url":"https:\/\/iwell-guard.com\/sv\/","name":"iWell Guard","description":"Schutz vor dunklen Einfl\u00fcssen","publisher":{"@id":"https:\/\/iwell-guard.com\/sv\/#organization"},"potentialAction":[{"@type":"SearchAction","target":{"@type":"EntryPoint","urlTemplate":"https:\/\/iwell-guard.com\/sv\/?s={search_term_string}"},"query-input":{"@type":"PropertyValueSpecification","valueRequired":true,"valueName":"search_term_string"}}],"inLanguage":"sv-SE"},{"@type":"Organization","@id":"https:\/\/iwell-guard.com\/sv\/#organization","name":"Ittermann electronic GmbH","url":"https:\/\/iwell-guard.com\/sv\/","logo":{"@type":"ImageObject","inLanguage":"sv-SE","@id":"https:\/\/iwell-guard.com\/sv\/#\/schema\/logo\/image\/","url":"https:\/\/iwell-guard.com\/wp-content\/uploads\/2026\/05\/Ittermann-Logo-1182x237-1.png","contentUrl":"https:\/\/iwell-guard.com\/wp-content\/uploads\/2026\/05\/Ittermann-Logo-1182x237-1.png","width":1182,"height":237,"caption":"Ittermann electronic GmbH"},"image":{"@id":"https:\/\/iwell-guard.com\/sv\/#\/schema\/logo\/image\/"},"sameAs":["https:\/\/pantip.com\/profile\/9367242","https:\/\/micro.blog\/iwellguard","https:\/\/www.diggerslist.com\/iwellguard\/about","https:\/\/skitterphoto.com\/photographers\/2870314\/iwell-guard","https:\/\/iwellguard.wordpress.com\/2026\/06\/06\/iwell-guard\/","https:\/\/hub.docker.com\/u\/iwellguard","https:\/\/www.pinterest.com\/iwellguard\/","https:\/\/bit.ly\/m\/iwellguard","https:\/\/entre-vos-mains.alsace.eu\/profiles\/iwellguard\/activity","https:\/\/gravatar.com\/reallybeded8fd34","https:\/\/naijamatta.com\/iwellguard","https:\/\/www.goodreads.com\/iwellguard","https:\/\/profile.hatena.ne.jp\/iwellguard\/","https:\/\/experiment.com\/users\/iwellguard","https:\/\/wakelet.com\/@iWellGuard82270","https:\/\/www.chordie.com\/forum\/profile.php?id=2555664","https:\/\/www.instapaper.com\/p\/17757966","https:\/\/www.mapleprimes.com\/users\/iwellguard","https:\/\/businesslistingplus.com\/profile\/iwell-guard\/","https:\/\/telegra.ph\/iWell-Guard-06-06","https:\/\/pbase.com\/iwellguard\/iwellguard","https:\/\/b.hatena.ne.jp\/iwellguard\/20260607#bookmark-4788405196491818882","https:\/\/fliphtml5.com\/home\/iwellguard","https:\/\/anyflip.com\/homepage\/cmiwl#About","https:\/\/transfur.com\/Users\/iwellguard","http:\/\/delphi.larsbo.org\/user\/iwellguard","https:\/\/jobs.lajobsportal.org\/profiles\/8380803-iwell-guard","https:\/\/md.chaosdorf.de\/s\/jfbe5SBdJD","https:\/\/www.lingvolive.com\/en-us\/profile\/9ecaeaca-ce11-4e51-9e71-01d55e2bff36\/translations","https:\/\/www.fitday.com\/fitness\/forums\/members\/iwellguard.html","https:\/\/www.mymeetbook.com\/iwellguard","https:\/\/pxhere.com\/en\/photographer-me\/5040798","https:\/\/disqus.com\/by\/iwellguard\/about\/","https:\/\/pastelink.net\/hjwciqwq","https:\/\/pubhtml5.com\/homepage\/scjhn\/","https:\/\/www.bitchute.com\/channel\/2O2eOKzNqujT","https:\/\/audiomack.com\/iwellguard"]}]}},"_links":{"self":[{"href":"https:\/\/iwell-guard.com\/sv\/wp-json\/wp\/v2\/pages\/137159","targetHints":{"allow":["GET"]}}],"collection":[{"href":"https:\/\/iwell-guard.com\/sv\/wp-json\/wp\/v2\/pages"}],"about":[{"href":"https:\/\/iwell-guard.com\/sv\/wp-json\/wp\/v2\/types\/page"}],"author":[{"embeddable":true,"href":"https:\/\/iwell-guard.com\/sv\/wp-json\/wp\/v2\/users\/3"}],"replies":[{"embeddable":true,"href":"https:\/\/iwell-guard.com\/sv\/wp-json\/wp\/v2\/comments?post=137159"}],"version-history":[{"count":0,"href":"https:\/\/iwell-guard.com\/sv\/wp-json\/wp\/v2\/pages\/137159\/revisions"}],"wp:featuredmedia":[{"embeddable":true,"href":"https:\/\/iwell-guard.com\/sv\/wp-json\/wp\/v2\/media\/3583"}],"wp:attachment":[{"href":"https:\/\/iwell-guard.com\/sv\/wp-json\/wp\/v2\/media?parent=137159"}],"wp:term":[{"taxonomy":"category","embeddable":true,"href":"https:\/\/iwell-guard.com\/sv\/wp-json\/wp\/v2\/categories?post=137159"}],"curies":[{"name":"wp","href":"https:\/\/api.w.org\/{rel}","templated":true}]}}