{"id":137156,"date":"2026-09-03T00:13:17","date_gmt":"2026-09-03T00:13:17","guid":{"rendered":"https:\/\/iwell-guard.com\/?page_id=137156"},"modified":"2026-09-03T01:21:55","modified_gmt":"2026-09-03T01:21:55","slug":"skyddsfarger-blatt-rott-svart","status":"publish","type":"page","link":"https:\/\/iwell-guard.com\/sv\/skyddsfarger-blatt-rott-svart\/","title":{"rendered":"Skyddsf\u00e4rger \u2013 bl\u00e5tt, r\u00f6tt och svart som avv\u00e4rjande"},"content":{"rendered":"\t\t<div data-elementor-type=\"wp-page\" data-elementor-id=\"137156\" class=\"elementor elementor-137156 elementor-3745 elementor-bc-flex-widget\" data-elementor-post-type=\"page\">\n\t\t\t\t<div class=\"elementor-element elementor-element-iwgs-schutzfarben-hero e-flex e-con-boxed e-con e-parent\" data-id=\"iwgs-schutzfarben-hero\" data-element_type=\"container\" data-e-type=\"container\">\n\t\t\t\t\t<div class=\"e-con-inner\">\n\t\t<div class=\"elementor-element elementor-element-iwgs-schutzfarben-hl e-flex e-con-boxed e-con e-parent\" data-id=\"iwgs-schutzfarben-hl\" data-element_type=\"container\" data-e-type=\"container\">\n\t\t\t\t\t<div class=\"e-con-inner\">\n\t\t<div class=\"elementor-element elementor-element-iwgs-schutzfarben-hlbox e-con-full e-flex e-con e-parent\" data-id=\"iwgs-schutzfarben-hlbox\" data-element_type=\"container\" data-e-type=\"container\">\n\t\t\t\t<div class=\"elementor-element elementor-element-iwgs-schutzfarben-h1 elementor-widget elementor-widget-heading\" data-id=\"iwgs-schutzfarben-h1\" data-element_type=\"widget\" data-e-type=\"widget\" data-widget_type=\"heading.default\">\n\t\t\t\t\t<h1 class=\"elementor-heading-title elementor-size-default\">Skyddsf\u00e4rger: f\u00e4rger med avv\u00e4rjande betydelse<\/h1>\t\t\t\t<\/div>\n\t\t\t\t<div class=\"elementor-element elementor-element-iwgs-schutzfarben-lead elementor-widget elementor-widget-text-editor\" data-id=\"iwgs-schutzfarben-lead\" data-element_type=\"widget\" data-e-type=\"widget\" data-widget_type=\"text-editor.default\">\n\t\t\t\t\t\t\t\t\t<p>I m\u00e5nga kulturer tillskrivs vissa f\u00e4rger en avv\u00e4rjande betydelse. Bl\u00e5tt, r\u00f6tt och svart f\u00f6rekommer s\u00e4rskilt ofta som skyddsf\u00e4rger, varje f\u00e4rg med sina egna f\u00f6rklaringar. Denna artikel placerar principen om skyddsf\u00e4rg i ett religionsvetenskapligt sammanhang och f\u00f6ljer dess sp\u00e5r fr\u00e5n <span class=\"iwg-fachbegriff\" data-tooltip=\"Epok f\u00f6r den grekiska och romerska kulturen, ungef\u00e4r 800 f.Kr. till 600 e.Kr.\" tabindex=\"0\">antiken<\/span> till dagens tolkningar. H\u00e4r skiljs mellan historiskt dokumenterade <span class=\"iwg-fachbegriff\" data-tooltip=\"Helheten av en gemenskaps traditionella sedv\u00e4njor.\" tabindex=\"0\">seder<\/span> och moderna tolkningar.<\/p>\t\t\t\t\t\t\t\t<\/div>\n\t\t\t\t<\/div>\n\t\t\t\t<div class=\"elementor-element elementor-element-iwgs-schutzfarben-pills elementor-widget elementor-widget-html\" data-id=\"iwgs-schutzfarben-pills\" data-element_type=\"widget\" data-e-type=\"widget\" data-widget_type=\"html.default\">\n\t\t\t\t\t<div class=\"iwg-pill-row\"><span class=\"iwg-klasse-badge\" tabindex=\"0\" data-tooltip=\"Skyddssymbol, amulett eller apotropeiskt objekt.\">Skyddssymbol<\/span><a href=\"https:\/\/iwell-guard.com\/sv\/skyddssymboler\/\" class=\"iwg-kultur-badge\" tabindex=\"0\" data-tooltip=\"Skyddstradition: Kultur\u00f6verskridande\">Kultur\u00f6verskridande<\/a><span class=\"iwg-tradition-badge\" tabindex=\"0\" data-tooltip=\"En allm\u00e4n verkningsprincip som skyddsbruk bygger p\u00e5.\">Skyddsprincip<\/span><\/div>\t\t\t\t<\/div>\n\t\t\t\t\t<\/div>\n\t\t\t\t<\/div>\n\t\t<div class=\"elementor-element elementor-element-iwgs-schutzfarben-hr e-con-full e-flex e-con e-parent\" data-id=\"iwgs-schutzfarben-hr\" data-element_type=\"container\" data-e-type=\"container\">\n\t\t\t\t<div class=\"elementor-element elementor-element-iwgs-schutzfarben-himg iwg-hero-image elementor-widget elementor-widget-image\" data-id=\"iwgs-schutzfarben-himg\" data-element_type=\"widget\" data-e-type=\"widget\" data-widget_type=\"image.default\">\n\t\t\t\t\t\t\t\t\t\t\t\t\t\t\t<img fetchpriority=\"high\" decoding=\"async\" width=\"683\" height=\"1024\" src=\"https:\/\/iwell-guard.com\/wp-content\/uploads\/2026\/05\/schutzsymbol_universell_schutzfarben-683x1024.webp\" class=\"attachment-large size-large wp-image-135757\" alt=\"Skyddsf\u00e4rger \u2013 skyddssymbol, musealt illustration\" srcset=\"https:\/\/iwell-guard.com\/wp-content\/uploads\/2026\/05\/schutzsymbol_universell_schutzfarben-683x1024.webp 683w, https:\/\/iwell-guard.com\/wp-content\/uploads\/2026\/05\/schutzsymbol_universell_schutzfarben-200x300.webp 200w, https:\/\/iwell-guard.com\/wp-content\/uploads\/2026\/05\/schutzsymbol_universell_schutzfarben-768x1152.webp 768w, https:\/\/iwell-guard.com\/wp-content\/uploads\/2026\/05\/schutzsymbol_universell_schutzfarben.webp 1024w\" sizes=\"(max-width: 683px) 100vw, 683px\" \/>\t\t\t\t\t\t\t\t\t\t\t\t\t\t\t<\/div>\n\t\t\t\t<\/div>\n\t\t\t\t\t<\/div>\n\t\t\t\t<\/div>\n\t\t<div class=\"elementor-element elementor-element-iwgs-schutzfarben-s0 e-flex e-con-boxed e-con e-parent\" data-id=\"iwgs-schutzfarben-s0\" data-element_type=\"container\" data-e-type=\"container\">\n\t\t\t\t\t<div class=\"e-con-inner\">\n\t\t\t\t<div class=\"elementor-element elementor-element-iwgs-schutzfarben-s0h elementor-widget elementor-widget-heading\" data-id=\"iwgs-schutzfarben-s0h\" data-element_type=\"widget\" data-e-type=\"widget\" data-widget_type=\"heading.default\">\n\t\t\t\t\t<h2 class=\"elementor-heading-title elementor-size-default\">Definition: vad en skyddsf\u00e4rg \u00e4r<\/h2>\t\t\t\t<\/div>\n\t\t<div class=\"elementor-element elementor-element-iwgs-schutzfarben-s0box e-con-full e-flex e-con e-parent\" data-id=\"iwgs-schutzfarben-s0box\" data-element_type=\"container\" data-e-type=\"container\">\n\t\t\t\t<div class=\"elementor-element elementor-element-iwgs-schutzfarben-s0t elementor-widget elementor-widget-text-editor\" data-id=\"iwgs-schutzfarben-s0t\" data-element_type=\"widget\" data-e-type=\"widget\" data-widget_type=\"text-editor.default\">\n\t\t\t\t\t\t\t\t\t<p>En skyddsf\u00e4rg \u00e4r en f\u00e4rg som tillskrivs en avv\u00e4rjande betydelse. Den anv\u00e4nds p\u00e5 f\u00f6rem\u00e5l, kl\u00e4der, smycken eller byggnader i f\u00f6rv\u00e4ntan att h\u00e5lla skadliga inflytanden p\u00e5 avst\u00e5nd.<\/p><p>Det speciella med skyddsf\u00e4rgen \u00e4r att betydelsen \u00e4r knuten till sj\u00e4lva f\u00e4rgen och inte till ett best\u00e4mt <span class=\"iwg-fachbegriff\" data-tooltip=\"Ett \u00e5terkommande inneh\u00e5llselement inom konst eller ber\u00e4ttande.\" tabindex=\"0\">motiv<\/span>. Ett bl\u00e5tt band, en r\u00f6d tr\u00e5d eller en svartkl\u00e4dd person b\u00e4r f\u00e4rgen som b\u00e4rare av tolkningen.<\/p><p>Vilken f\u00e4rg som anses skyddande beror i h\u00f6g grad p\u00e5 kulturen. Bl\u00e5tt, r\u00f6tt och svart \u00e4r de vanligaste skyddsf\u00e4rgerna, men \u00e4ven andra f\u00e4rger kan regionalt anta denna roll.<\/p><p>Skyddsf\u00e4rgen f\u00f6rekommer s\u00e4llan ensam. Oftast \u00e4r den kopplad till ett f\u00f6rem\u00e5l, exempelvis en p\u00e4rla, ett band, en sten eller en tygbit. F\u00e4rgen f\u00f6rst\u00e4rker d\u00e5 den tillskrivna betydelsen hos f\u00f6rem\u00e5let.<\/p><p>Inom <a href=\"https:\/\/iwell-guard.com\/sv\/skyddssymboler\/\">skyddssymbolerna<\/a> h\u00f6r skyddsf\u00e4rgen till de egenskaper som g\u00f6r ett f\u00f6rem\u00e5l till ett skyddstecken. Den st\u00e5r vid sidan av material, form och <span class=\"iwg-fachbegriff\" data-tooltip=\"Ett \u00e5terkommande inneh\u00e5llselement inom konst eller ber\u00e4ttande.\" tabindex=\"0\">motiv<\/span>.<\/p><p>Skyddsf\u00e4rgen \u00e4r d\u00e4rmed mindre en egen <span class=\"iwg-fachbegriff\" data-tooltip=\"Ett tecken som representerar en f\u00f6rest\u00e4llning eller betydelse.\" tabindex=\"0\">symbol<\/span> \u00e4n en genomg\u00e5ende princip. Den visar att inte bara bild och material, utan \u00e4ven f\u00e4rgen kan vara b\u00e4rare av en avv\u00e4rjande tolkning.<\/p><p>Skyddsf\u00e4rgen \u00e4r s\u00e4llan entydig, eftersom samma f\u00e4rg kan tolkas mycket olika i skilda kulturer. Vad som i en tradition anses skyddande kan i en annan f\u00f6rknippas med sorg eller fara. Denna m\u00e5ngtydighet \u00e4r en del av f\u00e4rgsymbolikens natur.<\/p>\t\t\t\t\t\t\t\t<\/div>\n\t\t\t\t<\/div>\n\t\t\t\t\t<\/div>\n\t\t\t\t<\/div>\n\t\t<div class=\"elementor-element elementor-element-iwgs-schutzfarben-s1 e-flex e-con-boxed e-con e-parent\" data-id=\"iwgs-schutzfarben-s1\" data-element_type=\"container\" data-e-type=\"container\">\n\t\t\t\t\t<div class=\"e-con-inner\">\n\t\t\t\t<div class=\"elementor-element elementor-element-iwgs-schutzfarben-s1h elementor-widget elementor-widget-heading\" data-id=\"iwgs-schutzfarben-s1h\" data-element_type=\"widget\" data-e-type=\"widget\" data-widget_type=\"heading.default\">\n\t\t\t\t\t<h2 class=\"elementor-heading-title elementor-size-default\">Ursprung och historiskt djup hos skyddsf\u00e4rgerna<\/h2>\t\t\t\t<\/div>\n\t\t<div class=\"elementor-element elementor-element-iwgs-schutzfarben-s1box e-con-full e-flex e-con e-parent\" data-id=\"iwgs-schutzfarben-s1box\" data-element_type=\"container\" data-e-type=\"container\">\n\t\t\t\t<div class=\"elementor-element elementor-element-iwgs-schutzfarben-s1t elementor-widget elementor-widget-text-editor\" data-id=\"iwgs-schutzfarben-s1t\" data-element_type=\"widget\" data-e-type=\"widget\" data-widget_type=\"text-editor.default\">\n\t\t\t\t\t\t\t\t\t<p>Kopplingen mellan f\u00e4rger och betydelser \u00e4r mycket gammal. Redan i tidiga kulturer utvanns f\u00e4rgpigment och anv\u00e4ndes medvetet, till exempel vid begravningar och inom <span class=\"iwg-fachbegriff\" data-tooltip=\"Helheten av religi\u00f6sa v\u00f6rdnadshandlingar f\u00f6r en gudom eller helig gestalt.\" tabindex=\"0\">kulten<\/span>. Vissa f\u00f6rest\u00e4llningar kn\u00f6ts tidigt till f\u00e4rgerna.<\/p><p>En f\u00e4rgs betydelse h\u00e4ngde ofta samman med sv\u00e5righeten att framst\u00e4lla den. Vissa f\u00e4rg\u00e4mnen var s\u00e4llsynta och dyrbara, andra l\u00e4tt tillg\u00e4ngliga. Dessa skillnader pr\u00e4glade uppskattningen av enskilda f\u00e4rger.<\/p><p>Bl\u00e5tt var i m\u00e5nga regioner en f\u00e4rg som var sv\u00e5r att framst\u00e4lla. Vissa bl\u00e5 pigment och bl\u00e5 glasfl\u00f6den ans\u00e5gs v\u00e4rdefulla. Denna kostbarhet \u00e4r en bakgrund till f\u00e4rgen bl\u00e5tts s\u00e4rst\u00e4llning.<\/p><p>R\u00f6tt \u00e4r blodets och eldens f\u00e4rg och h\u00f6r till de \u00e4ldsta f\u00e4rger som anv\u00e4nts. R\u00f6d ockra \u00e4r k\u00e4nd redan fr\u00e5n f\u00f6rhistoriska sammanhang, vilket visar denna f\u00e4rgs djupa historia.<\/p><p>Svart \u00e4r nattens, m\u00f6rkrets och sorgens f\u00e4rg. Det f\u00f6rknippades i m\u00e5nga kulturer med d\u00f6den, men anv\u00e4ndes samtidigt i skyddsseder, vilket visar dess dubbla betydelse.<\/p><p>Sammantaget visar detta att den avv\u00e4rjande tolkningen av f\u00e4rger str\u00e4cker sig \u00f6ver l\u00e5nga tidsperioder och m\u00e5nga kulturer. Vilken f\u00e4rg som ans\u00e5gs skyddande varierade beroende p\u00e5 region.<\/p><p>Med uppfinningen av konstgjorda f\u00e4rg\u00e4mnen p\u00e5 artonhundratalet blev f\u00e4rg allm\u00e4nt tillg\u00e4nglig och f\u00f6rlorade en del av sin tidigare kostbarhet. Denna f\u00f6r\u00e4ndring p\u00e5verkade ocks\u00e5 hur f\u00e4rger anv\u00e4ndes inom <span class=\"iwg-fachbegriff\" data-tooltip=\"Helheten av en gemenskaps traditionella sedv\u00e4njor.\" tabindex=\"0\">sedv\u00e4njorna<\/span>. Den forna uppskattningen av s\u00e4llsynta f\u00e4rgtoner g\u00e5r idag fr\u00e4mst att utl\u00e4sa ur \u00e4ldre k\u00e4llor.<\/p>\t\t\t\t\t\t\t\t<\/div>\n\t\t\t\t<\/div>\n\t\t\t\t\t<\/div>\n\t\t\t\t<\/div>\n\t\t<div class=\"elementor-element elementor-element-iwgs-schutzfarben-s2 e-flex e-con-boxed e-con e-parent\" data-id=\"iwgs-schutzfarben-s2\" data-element_type=\"container\" data-e-type=\"container\">\n\t\t\t\t\t<div class=\"e-con-inner\">\n\t\t\t\t<div class=\"elementor-element elementor-element-iwgs-schutzfarben-s2h elementor-widget elementor-widget-heading\" data-id=\"iwgs-schutzfarben-s2h\" data-element_type=\"widget\" data-e-type=\"widget\" data-widget_type=\"heading.default\">\n\t\t\t\t\t<h2 class=\"elementor-heading-title elementor-size-default\">F\u00f6rest\u00e4llningen bakom den skyddande f\u00e4rgen<\/h2>\t\t\t\t<\/div>\n\t\t<div class=\"elementor-element elementor-element-iwgs-schutzfarben-s2box e-con-full e-flex e-con e-parent\" data-id=\"iwgs-schutzfarben-s2box\" data-element_type=\"container\" data-e-type=\"container\">\n\t\t\t\t<div class=\"elementor-element elementor-element-iwgs-schutzfarben-s2t elementor-widget elementor-widget-text-editor\" data-id=\"iwgs-schutzfarben-s2t\" data-element_type=\"widget\" data-e-type=\"widget\" data-widget_type=\"text-editor.default\">\n\t\t\t\t\t\t\t\t\t<p>N\u00e4r det g\u00e4ller bl\u00e5tt \u00e4r en viktig tanke kopplingen till himlen och vattnet. Bl\u00e5tt f\u00f6rknippades med vidd, klarhet och renhet. Denna koppling gjorde f\u00e4rgen till en f\u00f6redragen skyddsf\u00e4rg i flera kulturer.<\/p><p>I Fr\u00e4mre Orienten och Medelhavsomr\u00e5det \u00e4r bl\u00e5tt n\u00e4ra f\u00f6rknippat med avv\u00e4rjande av den s\u00e5 kallade onda \u00f6gat. Den bl\u00e5 \u00f6gonp\u00e4rlan, <a href=\"https:\/\/iwell-guard.com\/sv\/nazar-boncugu-skyddsoga\/\">Nazar Boncu\u011fu<\/a>, \u00e4r det mest k\u00e4nda exemplet p\u00e5 denna koppling.<\/p><p>N\u00e4r det g\u00e4ller r\u00f6tt \u00e4r kopplingen till blod och liv central. R\u00f6tt ans\u00e5gs vara livskraftens f\u00e4rg. Vissa traditioner uppfattade en r\u00f6d f\u00e4rg som ett medel att avleda eller binda skadliga inflytanden fr\u00e5n en person.<\/p><p>R\u00f6tt f\u00f6rknippades \u00e4ven med elden, som i sig ans\u00e5gs vara renande och avv\u00e4rjande. En r\u00f6d f\u00e4rg kunde d\u00e4rf\u00f6r uppfattas som en del av eldens kraft.<\/p><p>N\u00e4r det g\u00e4ller svart \u00e4r en vanlig tanke det dolda. En svart f\u00e4rg anses vara oansenlig och kan enligt vissa f\u00f6rest\u00e4llningar undandra en b\u00e4rare fr\u00e5n det onda \u00f6gat.<\/p><p>De f\u00f6rest\u00e4llningar som beskrivs h\u00e4r \u00e4r kulturhistoriska f\u00f6rklaringar. De beskriver varf\u00f6r vissa f\u00e4rger tillskrevs en avv\u00e4rjande betydelse och dokumenterar en tro. De \u00e4r inget bel\u00e4gg f\u00f6r en verkan. Forskningen beskriver f\u00f6rest\u00e4llningen utan att bekr\u00e4fta den.<\/p><p>N\u00e4r det g\u00e4ller bl\u00e5tt spelar dessutom i flera traditioner tanken en roll att denna f\u00e4rg s\u00e4llan f\u00f6rekommer i den levande naturen. Just det ovanliga hos ett djupt bl\u00e5tt kunde bidra till att f\u00e4rgen tillskrevs en s\u00e4rskild betydelse. F\u00e4rgen ans\u00e5gs d\u00e4rmed vara b\u00e5de p\u00e5fallande och betydelsefull.<\/p>\t\t\t\t\t\t\t\t<\/div>\n\t\t\t\t<\/div>\n\t\t\t\t\t<\/div>\n\t\t\t\t<\/div>\n\t\t<div class=\"elementor-element elementor-element-iwgs-schutzfarben-s3 e-flex e-con-boxed e-con e-parent\" data-id=\"iwgs-schutzfarben-s3\" data-element_type=\"container\" data-e-type=\"container\">\n\t\t\t\t\t<div class=\"e-con-inner\">\n\t\t\t\t<div class=\"elementor-element elementor-element-iwgs-schutzfarben-s3h elementor-widget elementor-widget-heading\" data-id=\"iwgs-schutzfarben-s3h\" data-element_type=\"widget\" data-e-type=\"widget\" data-widget_type=\"heading.default\">\n\t\t\t\t\t<h2 class=\"elementor-heading-title elementor-size-default\">Exempel fr\u00e5n antiken och Fr\u00e4mre Orienten<\/h2>\t\t\t\t<\/div>\n\t\t<div class=\"elementor-element elementor-element-iwgs-schutzfarben-s3box e-con-full e-flex e-con e-parent\" data-id=\"iwgs-schutzfarben-s3box\" data-element_type=\"container\" data-e-type=\"container\">\n\t\t\t\t<div class=\"elementor-element elementor-element-iwgs-schutzfarben-s3t elementor-widget elementor-widget-text-editor\" data-id=\"iwgs-schutzfarben-s3t\" data-element_type=\"widget\" data-e-type=\"widget\" data-widget_type=\"text-editor.default\">\n\t\t\t\t\t\t\t\t\t<p>I det faraoniska Egypten var f\u00e4rger fast f\u00f6rknippade med betydelser. Bl\u00e5 och gr\u00f6na nyanser f\u00f6rknippades med himlen, vattnet och f\u00f6rnyelsen, och bl\u00e5 amuletter och p\u00e4rlor \u00e4r rikligt belagda.<\/p><p>I Egypten anv\u00e4ndes bl\u00e5tt glasfl\u00f6de och den bl\u00e5 stenen lapis lazuli till smycken och amuletter. B\u00e5da materialen tillm\u00e4ttes s\u00e4rskild betydelse p\u00e5 grund av sin f\u00e4rg och sitt v\u00e4rde.<\/p><p>I Mesopotamien anv\u00e4ndes f\u00e4rgade stenar och glasfl\u00f6den till amuletter. Stenens f\u00e4rg var ofta en del av dess tillskrivna betydelse och inte bara ett smycke.<\/p><p>I Fr\u00e4mre Orienten \u00e4r den bl\u00e5 \u00f6gonp\u00e4rlan mot den s\u00e5 kallade onda blicken vitt spridd. Kopplingen mellan bl\u00e5 f\u00e4rg och \u00f6gonmotivet str\u00e4cker sig l\u00e5ngt tillbaka i regionen.<\/p><p>R\u00f6da f\u00e4rg\u00e4mnen anv\u00e4ndes under <span class=\"iwg-fachbegriff\" data-tooltip=\"Epok av grekisk och romersk kultur, ungef\u00e4r 800 f.Kr. till 600 e.Kr.\" tabindex=\"0\">antiken<\/span> till kl\u00e4der, smycken och bem\u00e5lning. I vissa sammanhang b\u00e4r ett r\u00f6tt sn\u00f6re eller ett r\u00f6tt band en betydelse som g\u00e5r ut\u00f6ver ren dekoration.<\/p><p>Dessa exempel visar att f\u00e4rger i det antika Medelhavsomr\u00e5det och i Fr\u00e4mre Orienten inte enbart uppfattades som dekorativa. De ingick i ett n\u00e4t av betydelser som skyddstolkningen ankn\u00f6t till.<\/p><p>\u00c4ven i den grekiska och romerska v\u00e4rlden var r\u00f6tt n\u00e4ra f\u00f6rknippat med livets och \u00f6verg\u00e5ngarnas sf\u00e4r. Vid br\u00f6llop f\u00f6rekom r\u00f6da dukar och r\u00f6da sl\u00f6jor, och r\u00f6da f\u00e4rg\u00e4mnen anv\u00e4ndes till betydelsefulla kl\u00e4desplagg. F\u00e4rgen bar d\u00e4r en betydelse som gick ut\u00f6ver enbart utsmyckning.<\/p>\t\t\t\t\t\t\t\t<\/div>\n\t\t\t\t<\/div>\n\t\t\t\t\t<\/div>\n\t\t\t\t<\/div>\n\t\t<div class=\"elementor-element elementor-element-iwgs-schutzfarben-s4 e-flex e-con-boxed e-con e-parent\" data-id=\"iwgs-schutzfarben-s4\" data-element_type=\"container\" data-e-type=\"container\">\n\t\t\t\t\t<div class=\"e-con-inner\">\n\t\t\t\t<div class=\"elementor-element elementor-element-iwgs-schutzfarben-s4h elementor-widget elementor-widget-heading\" data-id=\"iwgs-schutzfarben-s4h\" data-element_type=\"widget\" data-e-type=\"widget\" data-widget_type=\"heading.default\">\n\t\t\t\t\t<h2 class=\"elementor-heading-title elementor-size-default\">Exempel fr\u00e5n den europeiska folkmagin<\/h2>\t\t\t\t<\/div>\n\t\t<div class=\"elementor-element elementor-element-iwgs-schutzfarben-s4box e-con-full e-flex e-con e-parent\" data-id=\"iwgs-schutzfarben-s4box\" data-element_type=\"container\" data-e-type=\"container\">\n\t\t\t\t<div class=\"elementor-element elementor-element-iwgs-schutzfarben-s4t elementor-widget elementor-widget-text-editor\" data-id=\"iwgs-schutzfarben-s4t\" data-element_type=\"widget\" data-e-type=\"widget\" data-widget_type=\"text-editor.default\">\n\t\t\t\t\t\t\t\t\t<p>I den europeiska folkmagin spelar den r\u00f6da f\u00e4rgen en framtr\u00e4dande roll. Folklivssamlingar ber\u00e4ttar om r\u00f6da band och r\u00f6da sn\u00f6ren som kn\u00f6ts p\u00e5 barn, djur och brudpar.<\/p><p>Ett r\u00f6tt band bands runt handleden p\u00e5 nyf\u00f6dda eller kn\u00f6ts fast vid vaggan. \u00c4ven boskapen fick r\u00f6da band. Dessa seder \u00e4r belagda i m\u00e5nga delar av Europa.<\/p><p>Bl\u00e5tt f\u00f6rekommer i den europeiska folkmagin bland annat i form av bl\u00e5 p\u00e4rlor och bl\u00e5 glaselement. De f\u00e4stes p\u00e5 kl\u00e4der och smycken och f\u00f6rknippades med att avv\u00e4rja den s\u00e5 kallade onda blicken.<\/p><p>Svart \u00e4r i Europa starkt f\u00f6rknippat med sorg. I vissa seder bars svarta kl\u00e4der eller ett svart inslag samtidigt med en skyddande tolkning, till exempel vid begravningar.<\/p><p>Ber\u00e4ttelser om f\u00e4rgbundna seder dokumenterar anv\u00e4ndarnas f\u00f6rv\u00e4ntningar, inte en styrkt verkan. De visar att f\u00e4rger uppfattades som b\u00e4rare av en betydelse som skapade trygghet.<\/p><p>I takt med att den magiska hush\u00e5llsseden avtog f\u00f6rlorade m\u00e5nga av dessa seder sin plats i vardagen. Det r\u00f6da bandet f\u00f6r nyf\u00f6dda levde i vissa trakter kvar l\u00e4ngre som en <span class=\"iwg-fachbegriff\" data-tooltip=\"En traditionell handling som upprepas regelbundet i en gemenskap.\" tabindex=\"0\">sedv\u00e4nja<\/span>.<\/p><p>Folklivssamlingar noterar dessutom anv\u00e4ndningen av gr\u00f6na och vita inslag i enskilda skyddsseder. Gr\u00f6nt f\u00f6rknippades med v\u00e4xtkraft och livskraft, vitt med renhet. Dessa exempel visar att den europeiska folkmagin laddade fler f\u00e4rger \u00e4n bl\u00e5tt, r\u00f6tt och svart med betydelse.<\/p>\t\t\t\t\t\t\t\t<\/div>\n\t\t\t\t<\/div>\n\t\t\t\t\t<\/div>\n\t\t\t\t<\/div>\n\t\t<div class=\"elementor-element elementor-element-iwgs-schutzfarben-s5 e-flex e-con-boxed e-con e-parent\" data-id=\"iwgs-schutzfarben-s5\" data-element_type=\"container\" data-e-type=\"container\">\n\t\t\t\t\t<div class=\"e-con-inner\">\n\t\t\t\t<div class=\"elementor-element elementor-element-iwgs-schutzfarben-s5h elementor-widget elementor-widget-heading\" data-id=\"iwgs-schutzfarben-s5h\" data-element_type=\"widget\" data-e-type=\"widget\" data-widget_type=\"heading.default\">\n\t\t\t\t\t<h2 class=\"elementor-heading-title elementor-size-default\">Exempel fr\u00e5n Asien och andra kulturer<\/h2>\t\t\t\t<\/div>\n\t\t<div class=\"elementor-element elementor-element-iwgs-schutzfarben-s5box e-con-full e-flex e-con e-parent\" data-id=\"iwgs-schutzfarben-s5box\" data-element_type=\"container\" data-e-type=\"container\">\n\t\t\t\t<div class=\"elementor-element elementor-element-iwgs-schutzfarben-s5t elementor-widget elementor-widget-text-editor\" data-id=\"iwgs-schutzfarben-s5t\" data-element_type=\"widget\" data-e-type=\"widget\" data-widget_type=\"text-editor.default\">\n\t\t\t\t\t\t\t\t\t<p>I Kina \u00e4r r\u00f6tt den viktigaste skydds- och turf\u00e4rgen. R\u00f6da kuvert, r\u00f6da sn\u00f6ren och r\u00f6da band anv\u00e4nds vid h\u00f6gtider och vid livets \u00f6verg\u00e5ngar. \u00c4ven r\u00f6da tecken p\u00e5 d\u00f6rrar h\u00f6r till <span class=\"iwg-fachbegriff\" data-tooltip=\"En traditionell handling som upprepas regelbundet i en gemenskap.\" tabindex=\"0\">seden<\/span>.<\/p><p>I Sydasien tillskrivs ett r\u00f6tt sn\u00f6re som knyts runt handleden en skyddande betydelse. \u00c4ven r\u00f6da m\u00e4rken i pannan och r\u00f6tt pulver h\u00f6r till det rituella omr\u00e5det.<\/p><p>I Fr\u00e4mre Orienten och i Turkiet \u00e4r den bl\u00e5 \u00f6gonp\u00e4rlan vitt spridd. F\u00e4rgen bl\u00e5tt \u00e4r d\u00e4r n\u00e4ra f\u00f6rknippad med att avv\u00e4rja den s\u00e5 kallade onda blicken och pr\u00e4glar m\u00e5nga skyddsobjekt.<\/p><p>I olika kulturer ges en svart markering, till exempel en svart prick i ett barns ansikte, en avledande betydelse. Den ska leda blicken bort fr\u00e5n barnet.<\/p><p>Genom dessa olika omr\u00e5den framtr\u00e4der m\u00f6nstret att flera f\u00e4rger i m\u00e5nga kulturer har f\u00f6rknippats med avv\u00e4rjande. Vilken f\u00e4rg som f\u00e5r denna roll varierar beroende p\u00e5 tradition.<\/p><p>M\u00e5ngfalden av exempel visar tydligt att skyddsf\u00e4rgen b\u00f6r f\u00f6rst\u00e5s som en princip. Den uppst\u00e5r \u00f6verallt d\u00e4r en f\u00e4rg, p\u00e5 grund av sina f\u00f6rbindelser, ges en s\u00e4rskild betydelse.<\/p><p>I den \u00f6stasiatiska f\u00e4rgordningen f\u00f6rknippas \u00e4ven gult med h\u00f6g betydelse, eftersom f\u00e4rgen l\u00e4nge var f\u00f6rbeh\u00e5llen den h\u00e4rskande sf\u00e4ren i Kina. I rituella sammanhang f\u00f6rekommer gula papper och gula skriftremsor som tillskrivits en skyddande tolkning. F\u00e4rgordningen var d\u00e4rmed n\u00e4ra knuten till samh\u00e4lleliga och kosmologiska f\u00f6rest\u00e4llningar.<\/p>\t\t\t\t\t\t\t\t<\/div>\n\t\t\t\t<\/div>\n\t\t\t\t\t<\/div>\n\t\t\t\t<\/div>\n\t\t<div class=\"elementor-element elementor-element-iwgs-schutzfarben-s6 e-flex e-con-boxed e-con e-parent\" data-id=\"iwgs-schutzfarben-s6\" data-element_type=\"container\" data-e-type=\"container\">\n\t\t\t\t\t<div class=\"e-con-inner\">\n\t\t\t\t<div class=\"elementor-element elementor-element-iwgs-schutzfarben-s6h elementor-widget elementor-widget-heading\" data-id=\"iwgs-schutzfarben-s6h\" data-element_type=\"widget\" data-e-type=\"widget\" data-widget_type=\"heading.default\">\n\t\t\t\t\t<h2 class=\"elementor-heading-title elementor-size-default\">Anv\u00e4ndning i ritual och vardag<\/h2>\t\t\t\t<\/div>\n\t\t<div class=\"elementor-element elementor-element-iwgs-schutzfarben-s6box e-con-full e-flex e-con e-parent\" data-id=\"iwgs-schutzfarben-s6box\" data-element_type=\"container\" data-e-type=\"container\">\n\t\t\t\t<div class=\"elementor-element elementor-element-iwgs-schutzfarben-s6t elementor-widget elementor-widget-text-editor\" data-id=\"iwgs-schutzfarben-s6t\" data-element_type=\"widget\" data-e-type=\"widget\" data-widget_type=\"text-editor.default\">\n\t\t\t\t\t\t\t\t\t<p>Skyddsf\u00e4rger anv\u00e4ndes i vardagen oftast via f\u00f6rem\u00e5l. Ett f\u00e4rgat band, en f\u00e4rgad p\u00e4rla eller ett f\u00e4rgat tygstycke bar f\u00e4rgen och d\u00e4rmed dess tillskrivna betydelse.<\/p><p>Ofta var f\u00e4rgbundna seder knutna till livsh\u00e4ndelser. Vid f\u00f6dsel, br\u00f6llop och i barndomen bars f\u00e4rgade band och p\u00e4rlor, eftersom dessa livsfaser ans\u00e5gs s\u00e4rskilt k\u00e4nsliga.<\/p><p>Skyddsf\u00e4rgen bars ofta p\u00e5 kroppen. Ett r\u00f6tt band runt handleden eller en bl\u00e5 p\u00e4rla runt halsen f\u00f6ljde b\u00e4raren till olika platser och skulle skydda denne varaktigt.<\/p><p>P\u00e5 byggnader f\u00f6rekommer skyddsf\u00e4rger i form av f\u00e4rgade fasader, f\u00e4rgade d\u00f6rrar och f\u00e4rgade inslag vid f\u00f6nster. I vissa regioner f\u00f6rknippas bl\u00e5m\u00e5lade d\u00f6rrar och f\u00f6nsterkarmar med en skyddande tolkning.<\/p><p>Vissa seder f\u00f6renade p\u00e5l\u00e4ggandet av en skyddsf\u00e4rg med uttalade ord eller med en best\u00e4md tidpunkt. F\u00e4rgen ingick d\u00e5 i en st\u00f6rre handling.<\/p><p>Det finns ingen enhetlig ritualordning f\u00f6r skyddsf\u00e4rger. Vilken f\u00e4rg som anv\u00e4ndes, n\u00e4r och hur, berodde p\u00e5 region och tradition, vilket folklivsforskningen flera g\u00e5nger har konstaterat.<\/p><p>\u00c4ven vid sj\u00e4lva f\u00e4rgningen spelade f\u00f6rest\u00e4llningar en roll. I vissa traditioner ans\u00e5gs tidpunkten f\u00f6r f\u00e4rgningen eller f\u00e4rg\u00e4mnets ursprung vara betydelsefull. S\u00e5dana f\u00f6ruts\u00e4ttningar visar att inte bara den f\u00e4rdiga f\u00e4rgen, utan \u00e4ven dess framst\u00e4llning, kunde ing\u00e5 i <span class=\"iwg-fachbegriff\" data-tooltip=\"En traditionell handling som upprepas regelbundet i en gemenskap.\" tabindex=\"0\">seden<\/span>.<\/p>\t\t\t\t\t\t\t\t<\/div>\n\t\t\t\t<\/div>\n\t\t\t\t\t<\/div>\n\t\t\t\t<\/div>\n\t\t<div class=\"elementor-element elementor-element-iwgs-schutzfarben-s7 e-flex e-con-boxed e-con e-parent\" data-id=\"iwgs-schutzfarben-s7\" data-element_type=\"container\" data-e-type=\"container\">\n\t\t\t\t\t<div class=\"e-con-inner\">\n\t\t\t\t<div class=\"elementor-element elementor-element-iwgs-schutzfarben-s7h elementor-widget elementor-widget-heading\" data-id=\"iwgs-schutzfarben-s7h\" data-element_type=\"widget\" data-e-type=\"widget\" data-widget_type=\"heading.default\">\n\t\t\t\t\t<h2 class=\"elementor-heading-title elementor-size-default\">Besl\u00e4ktade skyddsformer och avgr\u00e4nsning<\/h2>\t\t\t\t<\/div>\n\t\t<div class=\"elementor-element elementor-element-iwgs-schutzfarben-s7box e-con-full e-flex e-con e-parent\" data-id=\"iwgs-schutzfarben-s7box\" data-element_type=\"container\" data-e-type=\"container\">\n\t\t\t\t<div class=\"elementor-element elementor-element-iwgs-schutzfarben-s7t elementor-widget elementor-widget-text-editor\" data-id=\"iwgs-schutzfarben-s7t\" data-element_type=\"widget\" data-e-type=\"widget\" data-widget_type=\"text-editor.default\">\n\t\t\t\t\t\t\t\t\t<p>Skyddsf\u00e4rgen har ett n\u00e4ra samband med bildamuletterna. M\u00e5nga <a href=\"https:\/\/iwell-guard.com\/sv\/amulett-talisman-skyddstecken-grunderna\/\">amuletter och talismaner<\/a> b\u00e4r en best\u00e4md f\u00e4rg som h\u00f6r samman med den betydelse de tillskrivs. F\u00e4rg och <span class=\"iwg-fachbegriff\" data-tooltip=\"Ett \u00e5terkommande inneh\u00e5llsm\u00e4ssigt element i konst eller ber\u00e4ttande.\" tabindex=\"0\">motiv<\/span> samverkar d\u00e5.<\/p><p>Skyddsf\u00e4rgen \u00e4r n\u00e4ra f\u00f6rbunden med den bl\u00e5 \u00f6gonp\u00e4rlan. Hos Nazar Boncugu \u00e4r den bl\u00e5 f\u00e4rgen och \u00f6gonmotivet oskiljaktiga. P\u00e4rlan visar hur f\u00e4rg och bild kan sm\u00e4lta samman till ett skyddstecken.<\/p><p>Skyddsf\u00e4rgen skiljer sig fr\u00e5n det apotrop\u00e4iska materialet. Hos salt och j\u00e4rn g\u00e4ller betydelsen materialet. Hos skyddsf\u00e4rgen g\u00e4ller den f\u00e4rgen, som kan appliceras p\u00e5 mycket olika material.<\/p><p>En gr\u00e4ns finns mot rent dekorativ f\u00e4rgs\u00e4ttning. F\u00e4rgade kl\u00e4der eller en f\u00e4rgad ytbehandling b\u00e4r inte n\u00f6dv\u00e4ndigtvis en skyddande tolkning. Avg\u00f6rande \u00e4r om f\u00e4rgen tillskrivs en avv\u00e4rjande funktion.<\/p><p>Skyddsf\u00e4rgen b\u00f6r vidare avgr\u00e4nsas fr\u00e5n f\u00e4rgen som ett rent st\u00e5nds- eller sorgetecken. Svart som sorgef\u00e4rg f\u00f6ljer till exempel i f\u00f6rsta hand en samh\u00e4llelig konvention och inte en avv\u00e4rjande tolkning.<\/p><p>Placeringen i detta sammanhang hj\u00e4lper till att exakt best\u00e4mma skyddsf\u00e4rgen. Den \u00e4r en egenskap som kan g\u00f6ra f\u00f6rem\u00e5l till skyddstecken, och skiljer sig fr\u00e5n material, <span class=\"iwg-fachbegriff\" data-tooltip=\"Ett \u00e5terkommande inneh\u00e5llsm\u00e4ssigt element i konst eller ber\u00e4ttande.\" tabindex=\"0\">motiv<\/span> och ren utsmyckning.<\/p><p>Inom skyddsf\u00e4rgerna finns ocks\u00e5 ett samband med den form i vilken en f\u00e4rg b\u00e4rs. Ett band, en snodd och en p\u00e4rla \u00e4r sj\u00e4lva b\u00e4rare av en betydelse. Hos skyddsf\u00e4rgen samverkar f\u00e4rgen och den valda formen, och de kan inte alltid tydligt skiljas \u00e5t.<\/p>\t\t\t\t\t\t\t\t<\/div>\n\t\t\t\t<\/div>\n\t\t\t\t\t<\/div>\n\t\t\t\t<\/div>\n\t\t<div class=\"elementor-element elementor-element-iwgs-schutzfarben-s8 e-flex e-con-boxed e-con e-parent\" data-id=\"iwgs-schutzfarben-s8\" data-element_type=\"container\" data-e-type=\"container\">\n\t\t\t\t\t<div class=\"e-con-inner\">\n\t\t\t\t<div class=\"elementor-element elementor-element-iwgs-schutzfarben-s8h elementor-widget elementor-widget-heading\" data-id=\"iwgs-schutzfarben-s8h\" data-element_type=\"widget\" data-e-type=\"widget\" data-widget_type=\"heading.default\">\n\t\t\t\t\t<h2 class=\"elementor-heading-title elementor-size-default\">Nutida mottagande av skyddsf\u00e4rgerna<\/h2>\t\t\t\t<\/div>\n\t\t<div class=\"elementor-element elementor-element-iwgs-schutzfarben-s8box e-con-full e-flex e-con e-parent\" data-id=\"iwgs-schutzfarben-s8box\" data-element_type=\"container\" data-e-type=\"container\">\n\t\t\t\t<div class=\"elementor-element elementor-element-iwgs-schutzfarben-s8t elementor-widget elementor-widget-text-editor\" data-id=\"iwgs-schutzfarben-s8t\" data-element_type=\"widget\" data-e-type=\"widget\" data-widget_type=\"text-editor.default\">\n\t\t\t\t\t\t\t\t\t<p>N\u00e5gra f\u00e4rgbundna sedv\u00e4njor lever kvar \u00e4n idag. Den bl\u00e5 \u00f6gonp\u00e4rlan \u00e4r vanligt f\u00f6rekommande i Medelhavsomr\u00e5det och \u00e4ven utanf\u00f6r det. R\u00f6da band binds fortfarande p\u00e5 barn i flera kulturer.<\/p><p>I den moderna <span class=\"iwg-fachbegriff\" data-tooltip=\"Samlingsbegrepp f\u00f6r l\u00e4ror som g\u00f6r anspr\u00e5k p\u00e5 en dold kunskap som endast \u00e4r tillg\u00e4nglig f\u00f6r invigda.\" tabindex=\"0\">esoteriken<\/span> f\u00f6rknippas f\u00e4rger ofta med egenskaper och verkningar. Det finns m\u00e5nga f\u00e4rgl\u00e4ror som tillskriver enskilda f\u00e4rger s\u00e4rskilda krafter. S\u00e5dana tillskrivningar \u00e4r inte belagda.<\/p><p>Dessa nutida f\u00e4rgl\u00e4ror b\u00f6r betraktas kritiskt. F\u00e4rger ska f\u00f6rst\u00e5s som kulturella symboler med en l\u00e5ng betydelsehistoria, inte som b\u00e4rare av verifierbara verkningar.<\/p><p>I reklam och design utnyttjas f\u00e4rgverkningar, dock i betydelsen perception och st\u00e4mning. Denna psykologiskt beskrivna verkan b\u00f6r skiljas fr\u00e5n den magiska skyddstolkningen.<\/p><p>F\u00f6r <span class=\"iwg-fachbegriff\" data-tooltip=\"Vetenskapen som studerar religioner j\u00e4mf\u00f6rande och utan trosbundenhet.\" tabindex=\"0\">religionsvetenskapen<\/span> \u00e4r skyddsf\u00e4rger ett l\u00e4rorikt exempel. De visar hur synliga egenskaper i v\u00e4rlden, f\u00e4rgerna hos himmel, blod och natt, kunde bli grunden f\u00f6r avv\u00e4rjande tolkningar.<\/p><p>Den som i dag \u00e4gnar sig \u00e5t skyddsf\u00e4rger finner d\u00e4ri framf\u00f6r allt ett kulturhistoriskt tema. Ett sakligt f\u00f6rh\u00e5llningss\u00e4tt skiljer sedv\u00e4njornas belagda historia fr\u00e5n moderna verkningsl\u00f6ften som inte h\u00e5ller f\u00f6r en granskning.<\/p><p>\u00c4ven spr\u00e5kforskningen har \u00e4gnat sig \u00e5t f\u00e4rgbeteckningarna och visat att kulturer delar in sina f\u00e4rger p\u00e5 olika s\u00e4tt. Vilka nyanser som r\u00e4knas som en f\u00e4rg och vilken betydelse de b\u00e4r \u00e4r kulturellt pr\u00e4glat. Detta resultat st\u00f6djer observationen att valet av skyddsf\u00e4rg varierar fr\u00e5n region till region.<\/p>\t\t\t\t\t\t\t\t<\/div>\n\t\t\t\t<\/div>\n\t\t\t\t\t<\/div>\n\t\t\t\t<\/div>\n\t\t<div class=\"elementor-element elementor-element-iwgs-schutzfarben-lit e-flex e-con-boxed e-con e-parent\" data-id=\"iwgs-schutzfarben-lit\" data-element_type=\"container\" data-e-type=\"container\">\n\t\t\t\t\t<div class=\"e-con-inner\">\n\t\t\t\t<div class=\"elementor-element elementor-element-iwgs-schutzfarben-lith elementor-widget elementor-widget-heading\" data-id=\"iwgs-schutzfarben-lith\" data-element_type=\"widget\" data-e-type=\"widget\" data-widget_type=\"heading.default\">\n\t\t\t\t\t<h2 class=\"elementor-heading-title elementor-size-default\">Litteratur (urval)<\/h2>\t\t\t\t<\/div>\n\t\t<div class=\"elementor-element elementor-element-iwgs-schutzfarben-litbox e-con-full e-flex e-con e-parent\" data-id=\"iwgs-schutzfarben-litbox\" data-element_type=\"container\" data-e-type=\"container\">\n\t\t\t\t<div class=\"elementor-element elementor-element-iwgs-schutzfarben-litt elementor-widget elementor-widget-html\" data-id=\"iwgs-schutzfarben-litt\" data-element_type=\"widget\" data-e-type=\"widget\" data-widget_type=\"html.default\">\n\t\t\t\t\t<footer data-nosnippet=\"true\"><ul><li>Michel Pastoureau: <em>Bl\u00e5tt. En f\u00e4rgs historia<\/em> (2000)<\/li><li>Michel Pastoureau: <em>Svart. En f\u00e4rgs historia<\/em> (2008)<\/li><li>Liselotte Hansmann, Lenz Kriss-Rettenbeck: <em>Amulett und Talisman. Erscheinungsform und Geschichte<\/em> (1966)<\/li><li>Hanns B\u00e4chtold-St\u00e4ubli (red.): <em>Handw\u00f6rterbuch des deutschen Aberglaubens<\/em> (1927-1942)<\/li><li>Wolfram Eberhard: <em>Lexikon chinesischer Symbole<\/em> (1983)<\/li><\/ul><\/footer>\t\t\t\t<\/div>\n\t\t\t\t<\/div>\n\t\t\t\t\t<\/div>\n\t\t\t\t<\/div>\n\t\t<div class=\"elementor-element elementor-element-iwgs-schutzfarben-kwd e-flex e-con-boxed e-con e-parent\" data-id=\"iwgs-schutzfarben-kwd\" data-element_type=\"container\" data-e-type=\"container\">\n\t\t\t\t\t<div class=\"e-con-inner\">\n\t\t\t\t<div class=\"elementor-element elementor-element-iwgs-schutzfarben-kwdt elementor-widget elementor-widget-text-editor\" data-id=\"iwgs-schutzfarben-kwdt\" data-element_type=\"widget\" data-e-type=\"widget\" data-widget_type=\"text-editor.default\">\n\t\t\t\t\t\t\t\t\t<p><em>Relaterade nyckelbegrepp: Skyddsf\u00e4rger F\u00e4rgsymbolik Bl\u00e5 R\u00f6d Svart r\u00f6tt band bl\u00e5 p\u00e4rla F\u00e4rg Avv\u00e4rjning <span class=\"iwg-fachbegriff\" data-tooltip=\"Ont avv\u00e4rjande: om tecken och f\u00f6rem\u00e5l som \u00e4r avsedda att h\u00e5lla skadliga inflytelser p\u00e5 avst\u00e5nd.\" tabindex=\"0\">apotropaisk<\/span>.<\/em><\/p>\t\t\t\t\t\t\t\t<\/div>\n\t\t\t\t\t<\/div>\n\t\t\t\t<\/div>\n\t\t<div class=\"elementor-element elementor-element-iwgs-schutzfarben-cc e-flex e-con-boxed e-con e-parent\" data-id=\"iwgs-schutzfarben-cc\" data-element_type=\"container\" data-e-type=\"container\" id=\"iwg-cc-schutzfarben\">\n\t\t\t\t\t<div class=\"e-con-inner\">\n\t\t<div class=\"elementor-element elementor-element-iwgs-schutzfarben-ccinner e-flex e-con-boxed e-con e-parent\" data-id=\"iwgs-schutzfarben-ccinner\" data-element_type=\"container\" data-e-type=\"container\" data-settings=\"{&quot;background_background&quot;:&quot;classic&quot;}\">\n\t\t\t\t\t<div class=\"e-con-inner\">\n\t\t\t\t<div class=\"elementor-element elementor-element-iwgs-schutzfarben-cch elementor-widget elementor-widget-heading\" data-id=\"iwgs-schutzfarben-cch\" data-element_type=\"widget\" data-e-type=\"widget\" data-widget_type=\"heading.default\">\n\t\t\t\t\t<h2 class=\"elementor-heading-title elementor-size-default\">iWell Guard och skyddstraditioner<\/h2>\t\t\t\t<\/div>\n\t\t\t\t<div class=\"elementor-element elementor-element-iwgs-schutzfarben-cct elementor-widget elementor-widget-text-editor\" data-id=\"iwgs-schutzfarben-cct\" data-element_type=\"widget\" data-e-type=\"widget\" data-widget_type=\"text-editor.default\">\n\t\t\t\t\t\t\t\t\t<p>iWell Guard st\u00e5r i den kulturhistoriska linjen av b\u00e4rbara skyddsobjekt, till vilken \u00e4ven skyddsf\u00e4rgen h\u00f6r. En modern f\u00f6ljeslagare f\u00f6r m\u00e4nniskor som lever med skyddssymboler: tillverkad i Tyskland, 41 lager av \u00e4kta guld, platina och silver, med 30 dagars \u00e5ngerr\u00e4tt.<\/p>\t\t\t\t\t\t\t\t<\/div>\n\t\t\t\t<div class=\"elementor-element elementor-element-iwgs-schutzfarben-ccb iwg-cc-button iwg-cc-cta-2026-05-13 elementor-widget elementor-widget-jet-button\" data-id=\"iwgs-schutzfarben-ccb\" data-element_type=\"widget\" data-e-type=\"widget\" data-widget_type=\"jet-button.default\">\n\t\t\t\t<div class=\"elementor-widget-container\">\n\t\t\t\t\t<div class=\"elementor-jet-button jet-elements\"><div class=\"jet-button__container\"><a class=\"jet-button__instance jet-button__instance--icon-left hover-effect-1\" href=\"\/schutzanhaenger-iwell-guard-kaufen\/?utm_source=iwell-guard.com&amp;utm_medium=info-box&amp;utm_campaign=schutzsymbole\"><div class=\"jet-button__plane jet-button__plane-normal\"><\/div><div class=\"jet-button__plane jet-button__plane-hover\"><\/div><div class=\"jet-button__state jet-button__state-normal\"><span class=\"jet-button__label\">Mer om iWell Guard<\/span><\/div><div class=\"jet-button__state jet-button__state-hover\"><span class=\"jet-button__label\">Mer om iWell Guard<\/span><\/div><\/a><\/div><\/div><style>.elementor-element.elementor-element-iwgs-schutzfarben-ccb .jet-button__instance{width:320px;height:56px;}.elementor-element.elementor-element-iwgs-schutzfarben-ccb .jet-button__state-normal .jet-button__label{text-align:center;margin:0px 0px 0px 0px;color:#1a1b20;font-family:Montserrat,sans-serif;font-size:13px;font-weight:400;letter-spacing:4px;line-height:1.714em;text-transform:uppercase;}.elementor-element.elementor-element-iwgs-schutzfarben-ccb .jet-button__state-hover .jet-button__label{text-align:center;margin:0px 0px 0px 0px;color:#FECC76;font-family:Montserrat,sans-serif;font-size:13px;font-weight:400;letter-spacing:4px;line-height:1.714em;text-transform:uppercase;}.elementor-element.elementor-element-iwgs-schutzfarben-ccb .jet-button__plane-normal{background-color:#FECC76;border-style:solid;border-color:#C99540;border-width:2px 2px 2px 2px;}.elementor-element.elementor-element-iwgs-schutzfarben-ccb .jet-button__plane-hover{background-color:rgba(0,0,0,0.55);border-style:solid;border-color:#FECC76;border-width:2px 2px 2px 2px;}<\/style>\t\t\t\t<\/div>\n\t\t\t\t<\/div>\n\t\t\t\t<div class=\"elementor-element elementor-element-iwgs-schutzfarben-ccd elementor-widget elementor-widget-text-editor\" data-id=\"iwgs-schutzfarben-ccd\" data-element_type=\"widget\" data-e-type=\"widget\" data-widget_type=\"text-editor.default\">\n\t\t\t\t\t\t\t\t\t<p style=\"text-align:center;font-size:13px;opacity:0.7;margin-top:14px\" data-nosnippet=\"true\">Personliga erfarenheter kan variera. Ingen medicinteknisk produkt. Inget l\u00f6fte om l\u00e4kning.<\/p>\t\t\t\t\t\t\t\t<\/div>\n\t\t\t\t\t<\/div>\n\t\t\t\t<\/div>\n\t\t\t\t\t<\/div>\n\t\t\t\t<\/div>\n\t\t<div class=\"elementor-element elementor-element-iwgs-schutzfarben-disc e-flex e-con-boxed e-con e-parent\" data-id=\"iwgs-schutzfarben-disc\" data-element_type=\"container\" data-e-type=\"container\">\n\t\t\t\t\t<div class=\"e-con-inner\">\n\t\t\t\t<div class=\"elementor-element elementor-element-iwgs-schutzfarben-discw elementor-widget elementor-widget-html\" data-id=\"iwgs-schutzfarben-discw\" data-element_type=\"widget\" data-e-type=\"widget\" data-widget_type=\"html.default\">\n\t\t\t\t\t<footer data-nosnippet=\"true\" class=\"iwg-disclaimer-block\"><p data-nosnippet=\"true\">iWell Guard \u00e4r <strong>ingen medicinteknisk produkt<\/strong> och ers\u00e4tter ingen l\u00e4karbehandling eller psykoterapeutisk behandling. Inneh\u00e5llet som presenteras h\u00e4r \u00e4r en religionsvetenskaplig och kulturhistorisk kontextualisering, inget l\u00f6fte om andlig verkan.<\/p><\/footer>\t\t\t\t<\/div>\n\t\t\t\t\t<\/div>\n\t\t\t\t<\/div>\n\t\t\t\t<\/div>\n\t\t","protected":false},"excerpt":{"rendered":"","protected":false},"author":3,"featured_media":3582,"parent":0,"menu_order":0,"comment_status":"closed","ping_status":"closed","template":"elementor_header_footer","meta":{"_yoast_wpseo_focuskw":"Skyddsf\u00e4rger","_yoast_wpseo_title":"Skyddsf\u00e4rger: bl\u00e5tt, r\u00f6tt och svart","_yoast_wpseo_metadesc":"Skyddsf\u00e4rger med avv\u00e4rjande betydelse: varf\u00f6r bl\u00e5tt, r\u00f6tt och svart anses vara skyddsf\u00e4rger, med exempel fr\u00e5n antiken, folkmagi och Asien.","_yoast_wpseo_meta-robots-noindex":"","_yoast_wpseo_canonical":"","_angie_page":false,"gefaehrdungsstufe":"","wesen_kultur":"","wesen_klasse":"","footnotes":""},"categories":[],"class_list":["post-137156","page","type-page","status-publish","has-post-thumbnail","hentry"],"yoast_head":"<!-- This site is optimized with the Yoast SEO Premium plugin v27.7 (Yoast SEO v28.3) - https:\/\/yoast.com\/product\/yoast-seo-premium-wordpress\/ -->\n<title>Skyddsf\u00e4rger: bl\u00e5tt, r\u00f6tt och svart<\/title>\n<meta name=\"description\" content=\"Skyddsf\u00e4rger med avv\u00e4rjande betydelse: varf\u00f6r bl\u00e5tt, r\u00f6tt och svart anses vara skyddsf\u00e4rger, med exempel fr\u00e5n antiken, folkmagi och Asien.\" \/>\n<meta name=\"robots\" content=\"index, follow, max-snippet:-1, max-image-preview:large, max-video-preview:-1\" \/>\n<link rel=\"canonical\" href=\"https:\/\/iwell-guard.com\/sv\/skyddsfarger-blatt-rott-svart\/\" \/>\n<meta property=\"og:locale\" content=\"sv_SE\" \/>\n<meta property=\"og:type\" content=\"article\" \/>\n<meta property=\"og:title\" content=\"Skyddsf\u00e4rger \u2013 bl\u00e5tt, r\u00f6tt och svart som avv\u00e4rjande\" \/>\n<meta property=\"og:description\" content=\"Skyddsf\u00e4rger med avv\u00e4rjande betydelse: varf\u00f6r bl\u00e5tt, r\u00f6tt och svart anses vara skyddsf\u00e4rger, med exempel fr\u00e5n antiken, folkmagi och Asien.\" \/>\n<meta property=\"og:url\" content=\"https:\/\/iwell-guard.com\/sv\/skyddsfarger-blatt-rott-svart\/\" \/>\n<meta property=\"og:site_name\" content=\"iWell Guard\" \/>\n<meta property=\"article:modified_time\" content=\"2026-09-03T01:21:55+00:00\" \/>\n<meta property=\"og:image\" content=\"https:\/\/iwell-guard.com\/wp-content\/uploads\/2026\/05\/schutzsymbol_universell_schutzfarben.webp\" \/>\n\t<meta property=\"og:image:width\" content=\"1024\" \/>\n\t<meta property=\"og:image:height\" content=\"1536\" \/>\n\t<meta property=\"og:image:type\" content=\"image\/webp\" \/>\n<meta name=\"twitter:card\" content=\"summary_large_image\" \/>\n<script type=\"application\/ld+json\" class=\"yoast-schema-graph\">{\"@context\":\"https:\\\/\\\/schema.org\",\"@graph\":[{\"@type\":\"WebPage\",\"@id\":\"https:\\\/\\\/iwell-guard.com\\\/sv\\\/skyddsfarger-blatt-rott-svart\\\/\",\"url\":\"https:\\\/\\\/iwell-guard.com\\\/sv\\\/skyddsfarger-blatt-rott-svart\\\/\",\"name\":\"Skyddsf\u00e4rger: bl\u00e5tt, r\u00f6tt och svart\",\"isPartOf\":{\"@id\":\"https:\\\/\\\/iwell-guard.com\\\/sv\\\/#website\"},\"primaryImageOfPage\":{\"@id\":\"https:\\\/\\\/iwell-guard.com\\\/sv\\\/skyddsfarger-blatt-rott-svart\\\/#primaryimage\"},\"image\":{\"@id\":\"https:\\\/\\\/iwell-guard.com\\\/sv\\\/skyddsfarger-blatt-rott-svart\\\/#primaryimage\"},\"thumbnailUrl\":\"https:\\\/\\\/iwell-guard.com\\\/wp-content\\\/uploads\\\/2026\\\/05\\\/schutzsymbol_universell_schutzfarben.webp\",\"datePublished\":\"2026-09-03T00:13:17+00:00\",\"dateModified\":\"2026-09-03T01:21:55+00:00\",\"description\":\"Skyddsf\u00e4rger med avv\u00e4rjande betydelse: varf\u00f6r bl\u00e5tt, r\u00f6tt och svart anses vara skyddsf\u00e4rger, med exempel fr\u00e5n antiken, folkmagi och Asien.\",\"breadcrumb\":{\"@id\":\"https:\\\/\\\/iwell-guard.com\\\/sv\\\/skyddsfarger-blatt-rott-svart\\\/#breadcrumb\"},\"inLanguage\":\"sv-SE\",\"potentialAction\":[{\"@type\":\"ReadAction\",\"target\":[\"https:\\\/\\\/iwell-guard.com\\\/sv\\\/skyddsfarger-blatt-rott-svart\\\/\"]}]},{\"@type\":\"ImageObject\",\"inLanguage\":\"sv-SE\",\"@id\":\"https:\\\/\\\/iwell-guard.com\\\/sv\\\/skyddsfarger-blatt-rott-svart\\\/#primaryimage\",\"url\":\"https:\\\/\\\/iwell-guard.com\\\/wp-content\\\/uploads\\\/2026\\\/05\\\/schutzsymbol_universell_schutzfarben.webp\",\"contentUrl\":\"https:\\\/\\\/iwell-guard.com\\\/wp-content\\\/uploads\\\/2026\\\/05\\\/schutzsymbol_universell_schutzfarben.webp\",\"width\":1024,\"height\":1536,\"caption\":\"Skyddssymbol. Stilleben-illustration i museistil.\"},{\"@type\":\"BreadcrumbList\",\"@id\":\"https:\\\/\\\/iwell-guard.com\\\/sv\\\/skyddsfarger-blatt-rott-svart\\\/#breadcrumb\",\"itemListElement\":[{\"@type\":\"ListItem\",\"position\":1,\"name\":\"Start\",\"item\":\"https:\\\/\\\/iwell-guard.com\\\/sv\\\/?page_id=136483\"},{\"@type\":\"ListItem\",\"position\":2,\"name\":\"Skyddsf\u00e4rger \u2013 bl\u00e5tt, r\u00f6tt och svart som avv\u00e4rjande\"}]},{\"@type\":\"WebSite\",\"@id\":\"https:\\\/\\\/iwell-guard.com\\\/sv\\\/#website\",\"url\":\"https:\\\/\\\/iwell-guard.com\\\/sv\\\/\",\"name\":\"iWell Guard\",\"description\":\"Schutz vor dunklen Einfl\u00fcssen\",\"publisher\":{\"@id\":\"https:\\\/\\\/iwell-guard.com\\\/sv\\\/#organization\"},\"potentialAction\":[{\"@type\":\"SearchAction\",\"target\":{\"@type\":\"EntryPoint\",\"urlTemplate\":\"https:\\\/\\\/iwell-guard.com\\\/sv\\\/?s={search_term_string}\"},\"query-input\":{\"@type\":\"PropertyValueSpecification\",\"valueRequired\":true,\"valueName\":\"search_term_string\"}}],\"inLanguage\":\"sv-SE\"},{\"@type\":\"Organization\",\"@id\":\"https:\\\/\\\/iwell-guard.com\\\/sv\\\/#organization\",\"name\":\"Ittermann electronic GmbH\",\"url\":\"https:\\\/\\\/iwell-guard.com\\\/sv\\\/\",\"logo\":{\"@type\":\"ImageObject\",\"inLanguage\":\"sv-SE\",\"@id\":\"https:\\\/\\\/iwell-guard.com\\\/sv\\\/#\\\/schema\\\/logo\\\/image\\\/\",\"url\":\"https:\\\/\\\/iwell-guard.com\\\/wp-content\\\/uploads\\\/2026\\\/05\\\/Ittermann-Logo-1182x237-1.png\",\"contentUrl\":\"https:\\\/\\\/iwell-guard.com\\\/wp-content\\\/uploads\\\/2026\\\/05\\\/Ittermann-Logo-1182x237-1.png\",\"width\":1182,\"height\":237,\"caption\":\"Ittermann electronic GmbH\"},\"image\":{\"@id\":\"https:\\\/\\\/iwell-guard.com\\\/sv\\\/#\\\/schema\\\/logo\\\/image\\\/\"},\"sameAs\":[\"https:\\\/\\\/pantip.com\\\/profile\\\/9367242\",\"https:\\\/\\\/micro.blog\\\/iwellguard\",\"https:\\\/\\\/www.diggerslist.com\\\/iwellguard\\\/about\",\"https:\\\/\\\/skitterphoto.com\\\/photographers\\\/2870314\\\/iwell-guard\",\"https:\\\/\\\/iwellguard.wordpress.com\\\/2026\\\/06\\\/06\\\/iwell-guard\\\/\",\"https:\\\/\\\/hub.docker.com\\\/u\\\/iwellguard\",\"https:\\\/\\\/www.pinterest.com\\\/iwellguard\\\/\",\"https:\\\/\\\/bit.ly\\\/m\\\/iwellguard\",\"https:\\\/\\\/entre-vos-mains.alsace.eu\\\/profiles\\\/iwellguard\\\/activity\",\"https:\\\/\\\/gravatar.com\\\/reallybeded8fd34\",\"https:\\\/\\\/naijamatta.com\\\/iwellguard\",\"https:\\\/\\\/www.goodreads.com\\\/iwellguard\",\"https:\\\/\\\/profile.hatena.ne.jp\\\/iwellguard\\\/\",\"https:\\\/\\\/experiment.com\\\/users\\\/iwellguard\",\"https:\\\/\\\/wakelet.com\\\/@iWellGuard82270\",\"https:\\\/\\\/www.chordie.com\\\/forum\\\/profile.php?id=2555664\",\"https:\\\/\\\/www.instapaper.com\\\/p\\\/17757966\",\"https:\\\/\\\/www.mapleprimes.com\\\/users\\\/iwellguard\",\"https:\\\/\\\/businesslistingplus.com\\\/profile\\\/iwell-guard\\\/\",\"https:\\\/\\\/telegra.ph\\\/iWell-Guard-06-06\",\"https:\\\/\\\/pbase.com\\\/iwellguard\\\/iwellguard\",\"https:\\\/\\\/b.hatena.ne.jp\\\/iwellguard\\\/20260607#bookmark-4788405196491818882\",\"https:\\\/\\\/fliphtml5.com\\\/home\\\/iwellguard\",\"https:\\\/\\\/anyflip.com\\\/homepage\\\/cmiwl#About\",\"https:\\\/\\\/transfur.com\\\/Users\\\/iwellguard\",\"http:\\\/\\\/delphi.larsbo.org\\\/user\\\/iwellguard\",\"https:\\\/\\\/jobs.lajobsportal.org\\\/profiles\\\/8380803-iwell-guard\",\"https:\\\/\\\/md.chaosdorf.de\\\/s\\\/jfbe5SBdJD\",\"https:\\\/\\\/www.lingvolive.com\\\/en-us\\\/profile\\\/9ecaeaca-ce11-4e51-9e71-01d55e2bff36\\\/translations\",\"https:\\\/\\\/www.fitday.com\\\/fitness\\\/forums\\\/members\\\/iwellguard.html\",\"https:\\\/\\\/www.mymeetbook.com\\\/iwellguard\",\"https:\\\/\\\/pxhere.com\\\/en\\\/photographer-me\\\/5040798\",\"https:\\\/\\\/disqus.com\\\/by\\\/iwellguard\\\/about\\\/\",\"https:\\\/\\\/pastelink.net\\\/hjwciqwq\",\"https:\\\/\\\/pubhtml5.com\\\/homepage\\\/scjhn\\\/\",\"https:\\\/\\\/www.bitchute.com\\\/channel\\\/2O2eOKzNqujT\",\"https:\\\/\\\/audiomack.com\\\/iwellguard\"]}]}<\/script>\n<!-- \/ Yoast SEO Premium plugin. -->","yoast_head_json":{"title":"Skyddsf\u00e4rger: bl\u00e5tt, r\u00f6tt och svart","description":"Skyddsf\u00e4rger med avv\u00e4rjande betydelse: varf\u00f6r bl\u00e5tt, r\u00f6tt och svart anses vara skyddsf\u00e4rger, med exempel fr\u00e5n antiken, folkmagi och Asien.","robots":{"index":"index","follow":"follow","max-snippet":"max-snippet:-1","max-image-preview":"max-image-preview:large","max-video-preview":"max-video-preview:-1"},"canonical":"https:\/\/iwell-guard.com\/sv\/skyddsfarger-blatt-rott-svart\/","og_locale":"sv_SE","og_type":"article","og_title":"Skyddsf\u00e4rger \u2013 bl\u00e5tt, r\u00f6tt och svart som avv\u00e4rjande","og_description":"Skyddsf\u00e4rger med avv\u00e4rjande betydelse: varf\u00f6r bl\u00e5tt, r\u00f6tt och svart anses vara skyddsf\u00e4rger, med exempel fr\u00e5n antiken, folkmagi och Asien.","og_url":"https:\/\/iwell-guard.com\/sv\/skyddsfarger-blatt-rott-svart\/","og_site_name":"iWell Guard","article_modified_time":"2026-09-03T01:21:55+00:00","og_image":[{"width":1024,"height":1536,"url":"https:\/\/iwell-guard.com\/wp-content\/uploads\/2026\/05\/schutzsymbol_universell_schutzfarben.webp","type":"image\/webp"}],"twitter_card":"summary_large_image","schema":{"@context":"https:\/\/schema.org","@graph":[{"@type":"WebPage","@id":"https:\/\/iwell-guard.com\/sv\/skyddsfarger-blatt-rott-svart\/","url":"https:\/\/iwell-guard.com\/sv\/skyddsfarger-blatt-rott-svart\/","name":"Skyddsf\u00e4rger: bl\u00e5tt, r\u00f6tt och svart","isPartOf":{"@id":"https:\/\/iwell-guard.com\/sv\/#website"},"primaryImageOfPage":{"@id":"https:\/\/iwell-guard.com\/sv\/skyddsfarger-blatt-rott-svart\/#primaryimage"},"image":{"@id":"https:\/\/iwell-guard.com\/sv\/skyddsfarger-blatt-rott-svart\/#primaryimage"},"thumbnailUrl":"https:\/\/iwell-guard.com\/wp-content\/uploads\/2026\/05\/schutzsymbol_universell_schutzfarben.webp","datePublished":"2026-09-03T00:13:17+00:00","dateModified":"2026-09-03T01:21:55+00:00","description":"Skyddsf\u00e4rger med avv\u00e4rjande betydelse: varf\u00f6r bl\u00e5tt, r\u00f6tt och svart anses vara skyddsf\u00e4rger, med exempel fr\u00e5n antiken, folkmagi och Asien.","breadcrumb":{"@id":"https:\/\/iwell-guard.com\/sv\/skyddsfarger-blatt-rott-svart\/#breadcrumb"},"inLanguage":"sv-SE","potentialAction":[{"@type":"ReadAction","target":["https:\/\/iwell-guard.com\/sv\/skyddsfarger-blatt-rott-svart\/"]}]},{"@type":"ImageObject","inLanguage":"sv-SE","@id":"https:\/\/iwell-guard.com\/sv\/skyddsfarger-blatt-rott-svart\/#primaryimage","url":"https:\/\/iwell-guard.com\/wp-content\/uploads\/2026\/05\/schutzsymbol_universell_schutzfarben.webp","contentUrl":"https:\/\/iwell-guard.com\/wp-content\/uploads\/2026\/05\/schutzsymbol_universell_schutzfarben.webp","width":1024,"height":1536,"caption":"Skyddssymbol. Stilleben-illustration i museistil."},{"@type":"BreadcrumbList","@id":"https:\/\/iwell-guard.com\/sv\/skyddsfarger-blatt-rott-svart\/#breadcrumb","itemListElement":[{"@type":"ListItem","position":1,"name":"Start","item":"https:\/\/iwell-guard.com\/sv\/?page_id=136483"},{"@type":"ListItem","position":2,"name":"Skyddsf\u00e4rger \u2013 bl\u00e5tt, r\u00f6tt och svart som avv\u00e4rjande"}]},{"@type":"WebSite","@id":"https:\/\/iwell-guard.com\/sv\/#website","url":"https:\/\/iwell-guard.com\/sv\/","name":"iWell Guard","description":"Schutz vor dunklen Einfl\u00fcssen","publisher":{"@id":"https:\/\/iwell-guard.com\/sv\/#organization"},"potentialAction":[{"@type":"SearchAction","target":{"@type":"EntryPoint","urlTemplate":"https:\/\/iwell-guard.com\/sv\/?s={search_term_string}"},"query-input":{"@type":"PropertyValueSpecification","valueRequired":true,"valueName":"search_term_string"}}],"inLanguage":"sv-SE"},{"@type":"Organization","@id":"https:\/\/iwell-guard.com\/sv\/#organization","name":"Ittermann electronic GmbH","url":"https:\/\/iwell-guard.com\/sv\/","logo":{"@type":"ImageObject","inLanguage":"sv-SE","@id":"https:\/\/iwell-guard.com\/sv\/#\/schema\/logo\/image\/","url":"https:\/\/iwell-guard.com\/wp-content\/uploads\/2026\/05\/Ittermann-Logo-1182x237-1.png","contentUrl":"https:\/\/iwell-guard.com\/wp-content\/uploads\/2026\/05\/Ittermann-Logo-1182x237-1.png","width":1182,"height":237,"caption":"Ittermann electronic GmbH"},"image":{"@id":"https:\/\/iwell-guard.com\/sv\/#\/schema\/logo\/image\/"},"sameAs":["https:\/\/pantip.com\/profile\/9367242","https:\/\/micro.blog\/iwellguard","https:\/\/www.diggerslist.com\/iwellguard\/about","https:\/\/skitterphoto.com\/photographers\/2870314\/iwell-guard","https:\/\/iwellguard.wordpress.com\/2026\/06\/06\/iwell-guard\/","https:\/\/hub.docker.com\/u\/iwellguard","https:\/\/www.pinterest.com\/iwellguard\/","https:\/\/bit.ly\/m\/iwellguard","https:\/\/entre-vos-mains.alsace.eu\/profiles\/iwellguard\/activity","https:\/\/gravatar.com\/reallybeded8fd34","https:\/\/naijamatta.com\/iwellguard","https:\/\/www.goodreads.com\/iwellguard","https:\/\/profile.hatena.ne.jp\/iwellguard\/","https:\/\/experiment.com\/users\/iwellguard","https:\/\/wakelet.com\/@iWellGuard82270","https:\/\/www.chordie.com\/forum\/profile.php?id=2555664","https:\/\/www.instapaper.com\/p\/17757966","https:\/\/www.mapleprimes.com\/users\/iwellguard","https:\/\/businesslistingplus.com\/profile\/iwell-guard\/","https:\/\/telegra.ph\/iWell-Guard-06-06","https:\/\/pbase.com\/iwellguard\/iwellguard","https:\/\/b.hatena.ne.jp\/iwellguard\/20260607#bookmark-4788405196491818882","https:\/\/fliphtml5.com\/home\/iwellguard","https:\/\/anyflip.com\/homepage\/cmiwl#About","https:\/\/transfur.com\/Users\/iwellguard","http:\/\/delphi.larsbo.org\/user\/iwellguard","https:\/\/jobs.lajobsportal.org\/profiles\/8380803-iwell-guard","https:\/\/md.chaosdorf.de\/s\/jfbe5SBdJD","https:\/\/www.lingvolive.com\/en-us\/profile\/9ecaeaca-ce11-4e51-9e71-01d55e2bff36\/translations","https:\/\/www.fitday.com\/fitness\/forums\/members\/iwellguard.html","https:\/\/www.mymeetbook.com\/iwellguard","https:\/\/pxhere.com\/en\/photographer-me\/5040798","https:\/\/disqus.com\/by\/iwellguard\/about\/","https:\/\/pastelink.net\/hjwciqwq","https:\/\/pubhtml5.com\/homepage\/scjhn\/","https:\/\/www.bitchute.com\/channel\/2O2eOKzNqujT","https:\/\/audiomack.com\/iwellguard"]}]}},"_links":{"self":[{"href":"https:\/\/iwell-guard.com\/sv\/wp-json\/wp\/v2\/pages\/137156","targetHints":{"allow":["GET"]}}],"collection":[{"href":"https:\/\/iwell-guard.com\/sv\/wp-json\/wp\/v2\/pages"}],"about":[{"href":"https:\/\/iwell-guard.com\/sv\/wp-json\/wp\/v2\/types\/page"}],"author":[{"embeddable":true,"href":"https:\/\/iwell-guard.com\/sv\/wp-json\/wp\/v2\/users\/3"}],"replies":[{"embeddable":true,"href":"https:\/\/iwell-guard.com\/sv\/wp-json\/wp\/v2\/comments?post=137156"}],"version-history":[{"count":0,"href":"https:\/\/iwell-guard.com\/sv\/wp-json\/wp\/v2\/pages\/137156\/revisions"}],"wp:featuredmedia":[{"embeddable":true,"href":"https:\/\/iwell-guard.com\/sv\/wp-json\/wp\/v2\/media\/3582"}],"wp:attachment":[{"href":"https:\/\/iwell-guard.com\/sv\/wp-json\/wp\/v2\/media?parent=137156"}],"wp:term":[{"taxonomy":"category","embeddable":true,"href":"https:\/\/iwell-guard.com\/sv\/wp-json\/wp\/v2\/categories?post=137156"}],"curies":[{"name":"wp","href":"https:\/\/api.w.org\/{rel}","templated":true}]}}