{"id":137154,"date":"2026-09-03T00:13:16","date_gmt":"2026-09-03T00:13:16","guid":{"rendered":"https:\/\/iwell-guard.com\/?page_id=137154"},"modified":"2026-09-03T01:21:54","modified_gmt":"2026-09-03T01:21:54","slug":"spegel-som-skyddsmedel-reflexionens-princip","status":"publish","type":"page","link":"https:\/\/iwell-guard.com\/sv\/spegel-som-skyddsmedel-reflexionens-princip\/","title":{"rendered":"Spegeln som skyddsmedel \u2013 reflexionens princip"},"content":{"rendered":"\t\t<div data-elementor-type=\"wp-page\" data-elementor-id=\"137154\" class=\"elementor elementor-137154 elementor-3743 elementor-bc-flex-widget\" data-elementor-post-type=\"page\">\n\t\t\t\t<div class=\"elementor-element elementor-element-iwgs-spiegelabweh-hero e-flex e-con-boxed e-con e-parent\" data-id=\"iwgs-spiegelabweh-hero\" data-element_type=\"container\" data-e-type=\"container\">\n\t\t\t\t\t<div class=\"e-con-inner\">\n\t\t<div class=\"elementor-element elementor-element-iwgs-spiegelabweh-hl e-flex e-con-boxed e-con e-parent\" data-id=\"iwgs-spiegelabweh-hl\" data-element_type=\"container\" data-e-type=\"container\">\n\t\t\t\t\t<div class=\"e-con-inner\">\n\t\t<div class=\"elementor-element elementor-element-iwgs-spiegelabweh-hlbox e-con-full e-flex e-con e-parent\" data-id=\"iwgs-spiegelabweh-hlbox\" data-element_type=\"container\" data-e-type=\"container\">\n\t\t\t\t<div class=\"elementor-element elementor-element-iwgs-spiegelabweh-h1 elementor-widget elementor-widget-heading\" data-id=\"iwgs-spiegelabweh-h1\" data-element_type=\"widget\" data-e-type=\"widget\" data-widget_type=\"heading.default\">\n\t\t\t\t\t<h1 class=\"elementor-heading-title elementor-size-default\">Spegeln som skyddsmedel: att s\u00e4nda tillbaka det onda<\/h1>\t\t\t\t<\/div>\n\t\t\t\t<div class=\"elementor-element elementor-element-iwgs-spiegelabweh-lead elementor-widget elementor-widget-text-editor\" data-id=\"iwgs-spiegelabweh-lead\" data-element_type=\"widget\" data-e-type=\"widget\" data-widget_type=\"text-editor.default\">\n\t\t\t\t\t\t\t\t\t<p>Spegeln \u00e4r ett av de mest spridda f\u00f6rem\u00e5l som tillskrivs en skyddande betydelse. Den bakomliggande f\u00f6rest\u00e4llningen \u00e4r reflexionen: en skadlig p\u00e5verkan ska kastas tillbaka av den speglande ytan och \u00e5terv\u00e4nda till sin ursprungsk\u00e4lla.<\/p><p>Den h\u00e4r artikeln ger en religionsvetenskaplig beskrivning av skyddsspegeln och f\u00f6ljer dess sp\u00e5r fr\u00e5n <span class=\"iwg-fachbegriff\" data-tooltip=\"Epoken f\u00f6r den grekiska och romerska kulturen, ungef\u00e4r 800 f.Kr. till 600 e.Kr.\" tabindex=\"0\">antiken<\/span> till dagens tolkning. H\u00e4r skiljs mellan historiskt dokumenterade <span class=\"iwg-fachbegriff\" data-tooltip=\"Helheten av en gemenskaps traderade seder.\" tabindex=\"0\">sedv\u00e4njor<\/span> och modern tolkning.<\/p>\n<p class=\"iwg-kwfix\">Spegeln som skyddsmedel ska s\u00e4nda tillbaka det onda till avs\u00e4ndaren.<\/p>\t\t\t\t\t\t\t\t<\/div>\n\t\t\t\t<\/div>\n\t\t\t\t<div class=\"elementor-element elementor-element-iwgs-spiegelabweh-pills elementor-widget elementor-widget-html\" data-id=\"iwgs-spiegelabweh-pills\" data-element_type=\"widget\" data-e-type=\"widget\" data-widget_type=\"html.default\">\n\t\t\t\t\t<div class=\"iwg-pill-row\"><span class=\"iwg-klasse-badge\" tabindex=\"0\" data-tooltip=\"Skyddssymbol, amulett eller apotropeiskt objekt.\">Skyddssymbol<\/span><a href=\"https:\/\/iwell-guard.com\/sv\/skyddssymboler\/\" class=\"iwg-kultur-badge\" tabindex=\"0\" data-tooltip=\"Skyddstradition: Kultur\u00f6verskridande\">Kultur\u00f6verskridande<\/a><span class=\"iwg-tradition-badge\" tabindex=\"0\" data-tooltip=\"En allm\u00e4n verkningsprincip som skyddsbruk bygger p\u00e5.\">Skyddsprincip<\/span><\/div>\t\t\t\t<\/div>\n\t\t\t\t\t<\/div>\n\t\t\t\t<\/div>\n\t\t<div class=\"elementor-element elementor-element-iwgs-spiegelabweh-hr e-con-full e-flex e-con e-parent\" data-id=\"iwgs-spiegelabweh-hr\" data-element_type=\"container\" data-e-type=\"container\">\n\t\t\t\t<div class=\"elementor-element elementor-element-iwgs-spiegelabweh-himg iwg-hero-image elementor-widget elementor-widget-image\" data-id=\"iwgs-spiegelabweh-himg\" data-element_type=\"widget\" data-e-type=\"widget\" data-widget_type=\"image.default\">\n\t\t\t\t\t\t\t\t\t\t\t\t\t\t\t<img fetchpriority=\"high\" decoding=\"async\" width=\"683\" height=\"1024\" src=\"https:\/\/iwell-guard.com\/wp-content\/uploads\/2026\/05\/schutzsymbol_universell_spiegel-abwehr-683x1024.webp\" class=\"attachment-large size-large wp-image-135759\" alt=\"Spegel skydd \u2013 skyddssymbol, musealt illustration\" srcset=\"https:\/\/iwell-guard.com\/wp-content\/uploads\/2026\/05\/schutzsymbol_universell_spiegel-abwehr-683x1024.webp 683w, https:\/\/iwell-guard.com\/wp-content\/uploads\/2026\/05\/schutzsymbol_universell_spiegel-abwehr-200x300.webp 200w, https:\/\/iwell-guard.com\/wp-content\/uploads\/2026\/05\/schutzsymbol_universell_spiegel-abwehr-768x1152.webp 768w, https:\/\/iwell-guard.com\/wp-content\/uploads\/2026\/05\/schutzsymbol_universell_spiegel-abwehr.webp 1024w\" sizes=\"(max-width: 683px) 100vw, 683px\" \/>\t\t\t\t\t\t\t\t\t\t\t\t\t\t\t<\/div>\n\t\t\t\t<\/div>\n\t\t\t\t\t<\/div>\n\t\t\t\t<\/div>\n\t\t<div class=\"elementor-element elementor-element-iwgs-spiegelabweh-s0 e-flex e-con-boxed e-con e-parent\" data-id=\"iwgs-spiegelabweh-s0\" data-element_type=\"container\" data-e-type=\"container\">\n\t\t\t\t\t<div class=\"e-con-inner\">\n\t\t\t\t<div class=\"elementor-element elementor-element-iwgs-spiegelabweh-s0h elementor-widget elementor-widget-heading\" data-id=\"iwgs-spiegelabweh-s0h\" data-element_type=\"widget\" data-e-type=\"widget\" data-widget_type=\"heading.default\">\n\t\t\t\t\t<h2 class=\"elementor-heading-title elementor-size-default\">Beskrivning: Vad skyddsspegeln \u00e4r<\/h2>\t\t\t\t<\/div>\n\t\t<div class=\"elementor-element elementor-element-iwgs-spiegelabweh-s0box e-con-full e-flex e-con e-parent\" data-id=\"iwgs-spiegelabweh-s0box\" data-element_type=\"container\" data-e-type=\"container\">\n\t\t\t\t<div class=\"elementor-element elementor-element-iwgs-spiegelabweh-s0t elementor-widget elementor-widget-text-editor\" data-id=\"iwgs-spiegelabweh-s0t\" data-element_type=\"widget\" data-e-type=\"widget\" data-widget_type=\"text-editor.default\">\n\t\t\t\t\t\t\t\t\t<p>Skyddsspegeln \u00e4r en spegel eller en speglande yta som tillskrivs en skyddande funktion. Den placeras p\u00e5 hus, d\u00f6rrar, f\u00f6nster eller p\u00e5 kroppen och ska avv\u00e4rja skadliga p\u00e5verkningar.<\/p><p>Grundtanken \u00e4r reflexionen. En spegel kastar tillbaka det ljus och den bild som faller p\u00e5 den. Denna vardagliga egenskap \u00f6verf\u00f6rdes till f\u00f6rest\u00e4llningen att \u00e4ven en skadlig p\u00e5verkan skulle kunna kastas tillbaka.<\/p><p>Ofta riktar sig skyddsspegeln mot den blick som anses skadlig, vilken i m\u00e5nga kulturer uppfattas som en k\u00e4lla till olycka. Spegeln ska s\u00e4nda denna blick tillbaka till dess ursprung.<\/p><p>Formerna varierar fr\u00e5n sm\u00e5 speglar insydda i tyg eller smycken till stora speglar monterade p\u00e5 husv\u00e4ggen. \u00c4ven polerade metallytor och gl\u00e4nsande f\u00f6rem\u00e5l har anv\u00e4nts i denna funktion.<\/p><p>Inom <a href=\"https:\/\/iwell-guard.com\/sv\/skyddssymboler\/\">skyddssymbolerna<\/a> h\u00f6r spegeln till gruppen skyddande f\u00f6rem\u00e5l som tolkas inte genom ett bildmotiv utan genom en fysikalisk egenskap. Denna egenskap \u00e4r reflexionen.<\/p><p>Skyddsspegeln st\u00e5r d\u00e4rmed mellan f\u00f6rem\u00e5l och <span class=\"iwg-fachbegriff\" data-tooltip=\"Ett tecken som representerar en f\u00f6rest\u00e4llning eller betydelse.\" tabindex=\"0\">symbol<\/span>. Den \u00e4r en verklig spegel med verklig reflexion, som samtidigt tillskrivs en betydelse som g\u00e5r bortom optiken.<\/p><p>Skyddsspegeln \u00e4r n\u00e4ra f\u00f6rbunden med f\u00f6rest\u00e4llningen om den blick som anses skadlig, vilken \u00e4r spridd i m\u00e5nga kulturer. Denna blick uppfattas som n\u00e5got som utg\u00e5r fr\u00e5n en m\u00e4nniska och tr\u00e4ffar ett m\u00e5l. Spegeln utg\u00e5r just fr\u00e5n denna f\u00f6rest\u00e4llning genom att s\u00e4nda blicken tillbaka.<\/p>\t\t\t\t\t\t\t\t<\/div>\n\t\t\t\t<\/div>\n\t\t\t\t\t<\/div>\n\t\t\t\t<\/div>\n\t\t<div class=\"elementor-element elementor-element-iwgs-spiegelabweh-s1 e-flex e-con-boxed e-con e-parent\" data-id=\"iwgs-spiegelabweh-s1\" data-element_type=\"container\" data-e-type=\"container\">\n\t\t\t\t\t<div class=\"e-con-inner\">\n\t\t\t\t<div class=\"elementor-element elementor-element-iwgs-spiegelabweh-s1h elementor-widget elementor-widget-heading\" data-id=\"iwgs-spiegelabweh-s1h\" data-element_type=\"widget\" data-e-type=\"widget\" data-widget_type=\"heading.default\">\n\t\t\t\t\t<h2 class=\"elementor-heading-title elementor-size-default\">Skyddsspegelns ursprung och historiska djup<\/h2>\t\t\t\t<\/div>\n\t\t<div class=\"elementor-element elementor-element-iwgs-spiegelabweh-s1box e-con-full e-flex e-con e-parent\" data-id=\"iwgs-spiegelabweh-s1box\" data-element_type=\"container\" data-e-type=\"container\">\n\t\t\t\t<div class=\"elementor-element elementor-element-iwgs-spiegelabweh-s1t elementor-widget elementor-widget-text-editor\" data-id=\"iwgs-spiegelabweh-s1t\" data-element_type=\"widget\" data-e-type=\"widget\" data-widget_type=\"text-editor.default\">\n\t\t\t\t\t\t\t\t\t<p>Speglar \u00e4r k\u00e4nda sedan f\u00f6rhistorisk tid, f\u00f6rst som polerade stenar och metallytor, senare som glasspeglar. Redan tidigt f\u00f6rknippades spegeln med en betydelse som gick bortom den enkla avbildningen.<\/p><p>Fr\u00e5n det gamla Orienten och fr\u00e5n Egypten \u00e4r speglar k\u00e4nda som f\u00f6rem\u00e5l med kultisk betydelse. De f\u00f6rekommer i gravar och i tempelomr\u00e5den, vilket ger dem en roll ut\u00f6ver den vardagliga funktionen.<\/p><p>I Kina har spegeln en s\u00e4rskilt djup historia. Bronsspeglar tillverkades redan under den tidiga <span class=\"iwg-fachbegriff\" data-tooltip=\"F\u00f6rhistorisk epok d\u00e5 brons var det viktigaste metallet f\u00f6r redskap.\" tabindex=\"0\">brons\u00e5ldern<\/span>, ofta med kosmologiska m\u00f6nster p\u00e5 baksidan, och betraktades som betydelsefulla f\u00f6rem\u00e5l.<\/p><p>Fr\u00e5n Kina kommer ocks\u00e5 den mest k\u00e4nda skyddsspegeln, den \u00e5ttkantiga spegeln med en symbolram som monteras \u00f6ver d\u00f6rrar. Den behandlas utf\u00f6rligt i artikeln om <a href=\"https:\/\/iwell-guard.com\/sv\/bagua-spegeln-kinesiska-skyddsspegeln\/\">bagua-spegeln<\/a>.<\/p><p>I Europa spreds glasspegeln fr\u00e5n senmedeltiden. Med den f\u00f6rknippades m\u00e5nga sedv\u00e4njor och f\u00f6rest\u00e4llningar, av vilka n\u00e5gra \u00e5terger den skyddande tolkningen.<\/p><p>Sammantaget visar det sig att spegeln i m\u00e5nga kulturer tillskrevs en betydelse som gick bortom avbildningen. Den skyddande tolkningen \u00e4r en del av detta breda betydelsef\u00e4lt.<\/p><p>Med spridningen av den venetianska glasspegeln under den tidiga moderna tiden blev spegeln allm\u00e4nt tillg\u00e4nglig och drog till sig m\u00e5nga nya f\u00f6rest\u00e4llningar. Den klara, plana glasspegeln avl\u00f6ste de \u00e4ldre metallspeglarna och pr\u00e4glade omg\u00e5ngen med f\u00f6rem\u00e5let. Till denna breda f\u00f6r\u00e4ndring anknyter ocks\u00e5 m\u00e5nga av de traderade spegelsedv\u00e4njorna.<\/p>\t\t\t\t\t\t\t\t<\/div>\n\t\t\t\t<\/div>\n\t\t\t\t\t<\/div>\n\t\t\t\t<\/div>\n\t\t<div class=\"elementor-element elementor-element-iwgs-spiegelabweh-s2 e-flex e-con-boxed e-con e-parent\" data-id=\"iwgs-spiegelabweh-s2\" data-element_type=\"container\" data-e-type=\"container\">\n\t\t\t\t\t<div class=\"e-con-inner\">\n\t\t\t\t<div class=\"elementor-element elementor-element-iwgs-spiegelabweh-s2h elementor-widget elementor-widget-heading\" data-id=\"iwgs-spiegelabweh-s2h\" data-element_type=\"widget\" data-e-type=\"widget\" data-widget_type=\"heading.default\">\n\t\t\t\t\t<h2 class=\"elementor-heading-title elementor-size-default\">Den bakomliggande f\u00f6rest\u00e4llningen om reflexion<\/h2>\t\t\t\t<\/div>\n\t\t<div class=\"elementor-element elementor-element-iwgs-spiegelabweh-s2box e-con-full e-flex e-con e-parent\" data-id=\"iwgs-spiegelabweh-s2box\" data-element_type=\"container\" data-e-type=\"container\">\n\t\t\t\t<div class=\"elementor-element elementor-element-iwgs-spiegelabweh-s2t elementor-widget elementor-widget-text-editor\" data-id=\"iwgs-spiegelabweh-s2t\" data-element_type=\"widget\" data-e-type=\"widget\" data-widget_type=\"text-editor.default\">\n\t\t\t\t\t\t\t\t\t<p>Skyddsspegelns tankem\u00e4ssiga k\u00e4rna \u00e4r f\u00f6rest\u00e4llningen om reflexionen. En spegel kastar synligt tillbaka det som tr\u00e4ffar den. Denna synliga egenskap blev grunden f\u00f6r en \u00f6verf\u00f6rd tolkning.<\/p><p>I m\u00e5nga kulturer antas det att skadliga p\u00e5verkningar utg\u00e5r fr\u00e5n en k\u00e4lla och riktas mot ett m\u00e5l. N\u00e4r en s\u00e5dan p\u00e5verkan tr\u00e4ffar en spegel ska den enligt denna f\u00f6rest\u00e4llning inte tr\u00e4nga in, utan v\u00e4nda om.<\/p><p>Ofta riktar sig denna f\u00f6rest\u00e4llning mot den blick som anses skadlig. Blicken uppfattas som n\u00e5got som s\u00e4nds ut. Spegeln ska f\u00e5nga upp denna blick och s\u00e4nda den tillbaka till dess ursprung.<\/p><p>En andra tanke \u00e4r avledningen genom spegelbilden. Vissa traditioner utg\u00e5r fr\u00e5n att en skadlig varelse hindras eller f\u00f6rvirras av sin egen spegelbild innan den g\u00e5r vidare.<\/p><p>N\u00e4ra f\u00f6rbunden med detta \u00e4r tanken om glansen. Gl\u00e4nsande och bl\u00e4nkande ytor betraktades i m\u00e5nga kulturer som ett s\u00e4tt att dra en blick till sig och d\u00e4rmed avleda den fr\u00e5n sitt egentliga m\u00e5l.<\/p><p>Den f\u00f6rest\u00e4llning som beskrivs h\u00e4r \u00e4r en kulturhistorisk f\u00f6rklaring. Den beskriver varf\u00f6r spegeln tillskrevs en skyddande betydelse och dokumenterar en tro. Den \u00e4r inget bel\u00e4gg f\u00f6r en verkan. Forskningen beskriver f\u00f6rest\u00e4llningen utan att bekr\u00e4fta den.<\/p>\t\t\t\t\t\t\t\t<\/div>\n\t\t\t\t<\/div>\n\t\t\t\t\t<\/div>\n\t\t\t\t<\/div>\n\t\t<div class=\"elementor-element elementor-element-iwgs-spiegelabweh-s3 e-flex e-con-boxed e-con e-parent\" data-id=\"iwgs-spiegelabweh-s3\" data-element_type=\"container\" data-e-type=\"container\">\n\t\t\t\t\t<div class=\"e-con-inner\">\n\t\t\t\t<div class=\"elementor-element elementor-element-iwgs-spiegelabweh-s3h elementor-widget elementor-widget-heading\" data-id=\"iwgs-spiegelabweh-s3h\" data-element_type=\"widget\" data-e-type=\"widget\" data-widget_type=\"heading.default\">\n\t\t\t\t\t<h2 class=\"elementor-heading-title elementor-size-default\">Exempel fr\u00e5n antiken och Fr\u00e4mre Orienten<\/h2>\t\t\t\t<\/div>\n\t\t<div class=\"elementor-element elementor-element-iwgs-spiegelabweh-s3box e-con-full e-flex e-con e-parent\" data-id=\"iwgs-spiegelabweh-s3box\" data-element_type=\"container\" data-e-type=\"container\">\n\t\t\t\t<div class=\"elementor-element elementor-element-iwgs-spiegelabweh-s3t elementor-widget elementor-widget-text-editor\" data-id=\"iwgs-spiegelabweh-s3t\" data-element_type=\"widget\" data-e-type=\"widget\" data-widget_type=\"text-editor.default\">\n\t\t\t\t\t\t\t\t\t<p>Fr\u00e5n det faraoniska Egypten \u00e4r speglar k\u00e4nda som gravg\u00e5vor och som kultiska f\u00f6rem\u00e5l. I samband med vissa gudomligheter och f\u00f6rest\u00e4llningar om ljus tillskrevs de en betydelse som gick ut\u00f6ver vardagsfunktionen.<\/p><p>I den grekiska och romerska v\u00e4rlden var speglar vanliga f\u00f6rem\u00e5l, ofta av polerad metall. <span class=\"iwg-fachbegriff\" data-tooltip=\"Epok av grekisk och romersk kultur, ungef\u00e4r 800 f.Kr. till 600 e.Kr.\" tabindex=\"0\">Antika<\/span> texter n\u00e4mner speglar i samband med f\u00f6rest\u00e4llningar om bilden, om sj\u00e4len och om blicken.<\/p><p>I Fr\u00e4mre Orienten finns sm\u00e5 speglande element belagda p\u00e5 smycken och amuletter. Gl\u00e4nsande och bl\u00e4nkande h\u00e4ngen skulle dra till sig blicken och d\u00e4rmed avleda den fr\u00e5n sin b\u00e4rare.<\/p><p>Fr\u00e5n den antika <span class=\"iwg-fachbegriff\" data-tooltip=\"Praktiker som genom s\u00e4rskilda handlingar eller formler f\u00f6rs\u00f6ker ingripa i tingens g\u00e5ng.\" tabindex=\"0\">magin<\/span> \u00e4r f\u00f6rfaranden k\u00e4nda d\u00e4r en spegel eller en gl\u00e4nsande yta spelar en roll. Dessa f\u00f6rfaranden r\u00f6r oftast sk\u00e5dande och tydning, men ber\u00f6r \u00e4ven det vidare omr\u00e5det kring spegelns betydelse.<\/p><p>Generellt visar sig i det antika Medelhavsomr\u00e5det att spegeln tillskrevs ett brett betydelsef\u00e4lt. Den avv\u00e4rjande tolkningen st\u00e5r d\u00e4r sida vid sida med f\u00f6rest\u00e4llningar om bild, sj\u00e4l och <span class=\"iwg-fachbegriff\" data-tooltip=\"Tydning av tecken f\u00f6r att f\u00f6rst\u00e5 dolda eller kommande ting.\" tabindex=\"0\">sp\u00e5dom<\/span>.<\/p><p>Dessa exempel visar tydligt att spegeln i <span class=\"iwg-fachbegriff\" data-tooltip=\"Epok av grekisk och romersk kultur, ungef\u00e4r 800 f.Kr. till 600 e.Kr.\" tabindex=\"0\">antiken<\/span> inte var ett rent vardagsf\u00f6rem\u00e5l. Den stod i ett n\u00e4t av f\u00f6rest\u00e4llningar som den senare avv\u00e4rjande tolkningen kunde ansluta till.<\/p><p>\u00c4ven fr\u00e5n den etruskiska v\u00e4rlden finns rikt utsmyckade bronsspeglar bevarade, vars baksidor visar scener ur <span class=\"iwg-fachbegriff\" data-tooltip=\"En \u00f6verl\u00e4mnad ber\u00e4ttelse om gudar, ursprung och v\u00e4rldens ordning.\" tabindex=\"0\">mytologi<\/span> och <span class=\"iwg-fachbegriff\" data-tooltip=\"Helheten av religi\u00f6sa v\u00f6rdnadshandlingar f\u00f6r en gudom eller helig gestalt.\" tabindex=\"0\">kult<\/span>. Dessa speglar anv\u00e4ndes som gravg\u00e5vor och ans\u00e5gs vara f\u00f6rem\u00e5l med en betydelse som gick ut\u00f6ver vardagen. De ing\u00e5r i det breda <span class=\"iwg-fachbegriff\" data-tooltip=\"Epok av grekisk och romersk kultur, ungef\u00e4r 800 f.Kr. till 600 e.Kr.\" tabindex=\"0\">antika<\/span> betydelsef\u00e4ltet som den senare avv\u00e4rjande tolkningen ansl\u00f6t till.<\/p>\t\t\t\t\t\t\t\t<\/div>\n\t\t\t\t<\/div>\n\t\t\t\t\t<\/div>\n\t\t\t\t<\/div>\n\t\t<div class=\"elementor-element elementor-element-iwgs-spiegelabweh-s4 e-flex e-con-boxed e-con e-parent\" data-id=\"iwgs-spiegelabweh-s4\" data-element_type=\"container\" data-e-type=\"container\">\n\t\t\t\t\t<div class=\"e-con-inner\">\n\t\t\t\t<div class=\"elementor-element elementor-element-iwgs-spiegelabweh-s4h elementor-widget elementor-widget-heading\" data-id=\"iwgs-spiegelabweh-s4h\" data-element_type=\"widget\" data-e-type=\"widget\" data-widget_type=\"heading.default\">\n\t\t\t\t\t<h2 class=\"elementor-heading-title elementor-size-default\">Exempel fr\u00e5n den europeiska folkmagin<\/h2>\t\t\t\t<\/div>\n\t\t<div class=\"elementor-element elementor-element-iwgs-spiegelabweh-s4box e-con-full e-flex e-con e-parent\" data-id=\"iwgs-spiegelabweh-s4box\" data-element_type=\"container\" data-e-type=\"container\">\n\t\t\t\t<div class=\"elementor-element elementor-element-iwgs-spiegelabweh-s4t elementor-widget elementor-widget-text-editor\" data-id=\"iwgs-spiegelabweh-s4t\" data-element_type=\"widget\" data-e-type=\"widget\" data-widget_type=\"text-editor.default\">\n\t\t\t\t\t\t\t\t\t<p>I den europeiska folkmagin \u00e4r spegeln f\u00f6rknippad med talrika seder. Folkloristiska samlingar ber\u00e4ttar om speglar som sattes upp p\u00e5 platser som ans\u00e5gs farliga eller anv\u00e4ndes vid s\u00e4rskilda tillf\u00e4llen.<\/p><p>En spridd <span class=\"iwg-fachbegriff\" data-tooltip=\"En \u00f6verl\u00e4mnad handling som regelbundet upprepas i en gemenskap.\" tabindex=\"0\">sed<\/span> \u00e4r att t\u00e4cka \u00f6ver eller v\u00e4nda speglar vid d\u00f6dsfall. Folkloristiska k\u00e4llor ber\u00e4ttar om detta fr\u00e5n m\u00e5nga regioner. Den exakta tolkningen av denna sed \u00e4r inte enhetlig inom forskningen.<\/p><p>Gl\u00e4nsande h\u00e4ngen och sm\u00e5 speglande element sattes i vissa regioner p\u00e5 kl\u00e4der och smycken. De skulle dra till sig den blick som ans\u00e5gs skadlig och avleda den fr\u00e5n b\u00e4raren.<\/p><p>Speglar uppsatta p\u00e5 hus \u00e4r belagda i vissa trakter. De sattes upp vid f\u00f6nster eller d\u00f6rrar och skulle kasta tillbaka ett inflytande som kom utifr\u00e5n.<\/p><p>Ber\u00e4ttelser om spegelseder dokumenterar anv\u00e4ndarnas f\u00f6rv\u00e4ntningar, inte en p\u00e5visad verkan. De visar att spegeln uppfattades som ett f\u00f6rem\u00e5l med s\u00e4rskild betydelse.<\/p><p>I takt med att den magiska hussedv\u00e4njan avtog f\u00f6rlorade m\u00e5nga av dessa spegelseder sin plats i vardagen. Enskilda seder, som att t\u00e4cka \u00f6ver speglar vid d\u00f6dsfall, levde kvar l\u00e4ngre p\u00e5 vissa h\u00e5ll.<\/p><p>Fr\u00e5n det tyskspr\u00e5kiga omr\u00e5det ber\u00e4ttar folkloristiska samlingar att speglar i vardagsrummet t\u00e4cktes \u00f6ver eller v\u00e4ndes vid vissa tillf\u00e4llen. F\u00f6rutom vid d\u00f6dsfall n\u00e4mns detta \u00e4ven vid \u00e5skv\u00e4der och vid ett barns f\u00f6delse. Handw\u00f6rterbuch des deutschen Aberglaubens h\u00e4nf\u00f6r dessa seder till f\u00f6rest\u00e4llningen att den speglande ytan kr\u00e4ver s\u00e4rskild uppm\u00e4rksamhet vid k\u00e4nsliga tidpunkter.<\/p>\t\t\t\t\t\t\t\t<\/div>\n\t\t\t\t<\/div>\n\t\t\t\t\t<\/div>\n\t\t\t\t<\/div>\n\t\t<div class=\"elementor-element elementor-element-iwgs-spiegelabweh-s5 e-flex e-con-boxed e-con e-parent\" data-id=\"iwgs-spiegelabweh-s5\" data-element_type=\"container\" data-e-type=\"container\">\n\t\t\t\t\t<div class=\"e-con-inner\">\n\t\t\t\t<div class=\"elementor-element elementor-element-iwgs-spiegelabweh-s5h elementor-widget elementor-widget-heading\" data-id=\"iwgs-spiegelabweh-s5h\" data-element_type=\"widget\" data-e-type=\"widget\" data-widget_type=\"heading.default\">\n\t\t\t\t\t<h2 class=\"elementor-heading-title elementor-size-default\">Exempel fr\u00e5n Asien och andra kulturer<\/h2>\t\t\t\t<\/div>\n\t\t<div class=\"elementor-element elementor-element-iwgs-spiegelabweh-s5box e-con-full e-flex e-con e-parent\" data-id=\"iwgs-spiegelabweh-s5box\" data-element_type=\"container\" data-e-type=\"container\">\n\t\t\t\t<div class=\"elementor-element elementor-element-iwgs-spiegelabweh-s5t elementor-widget elementor-widget-text-editor\" data-id=\"iwgs-spiegelabweh-s5t\" data-element_type=\"widget\" data-e-type=\"widget\" data-widget_type=\"text-editor.default\">\n\t\t\t\t\t\t\t\t\t<p>I Kina har avv\u00e4rjningsspegeln en s\u00e4rskilt fast plats. Den \u00e5ttkantiga <a href=\"https:\/\/iwell-guard.com\/sv\/bagua-spegeln-kinesiska-skyddsspegeln\/\">bagua-spegeln<\/a> s\u00e4tts upp ovanf\u00f6r d\u00f6rrar och ska kasta tillbaka inflytanden som kommer fr\u00e5n utsidan. Den anv\u00e4nds fortfarande i dag.<\/p><p>I den mongoliska och i den tibetanskt-buddhistiska traditionen spelar tolin en roll, en rund spegelskiva av metall. Den anv\u00e4nds bland annat inom det rituella omr\u00e5det och f\u00f6rknippas med renhet och avv\u00e4rjning.<\/p><p>I Sydasien \u00e4r sm\u00e5 speglar vanliga i broderier och textilier. Denna spegelbroderi pryder kl\u00e4der och tyger och f\u00f6rknippas samtidigt med f\u00f6rest\u00e4llningen att avleda den blick som anses skadlig.<\/p><p>I olika kulturer har polerade metallytor och gl\u00e4nsande f\u00f6rem\u00e5l anv\u00e4nts p\u00e5 liknande s\u00e4tt. Glansen ans\u00e5gs vara ett medel f\u00f6r att dra till sig en blick och d\u00e4rmed g\u00f6ra den overksam.<\/p><p>\u00d6ver dessa omr\u00e5den visar sig att spegeln i m\u00e5nga kulturer gavs en avv\u00e4rjande tolkning. Id\u00e9n om \u00e5terkastning \u00e4r inget <span class=\"iwg-fachbegriff\" data-tooltip=\"Ett \u00e5terkommande inneh\u00e5llselement i konst eller ber\u00e4ttelse.\" tabindex=\"0\">motiv<\/span> som h\u00f6r till en enskild tradition.<\/p><p>M\u00e5ngfalden av exempel visar tydligt att avv\u00e4rjningsspegeln b\u00f6r f\u00f6rst\u00e5s som en princip. Den uppst\u00e5r \u00f6verallt d\u00e4r spegelns reflektion \u00f6verf\u00f6rs p\u00e5 skadliga inflytanden.<\/p><p>I delar av Syd- och Mellanamerika finns polerade stenskivor av obsidian bevarade, som i f\u00f6rkolonial tid tillskrevs s\u00e4rskild betydelse. De anv\u00e4ndes f\u00f6r att sk\u00e5da och tyda och f\u00f6rknippades med f\u00f6rest\u00e4llningar om ljus och spegling. Dessa exempel visar att tolkningen av den speglande ytan inte var begr\u00e4nsad till det eurasiska omr\u00e5det.<\/p>\t\t\t\t\t\t\t\t<\/div>\n\t\t\t\t<\/div>\n\t\t\t\t\t<\/div>\n\t\t\t\t<\/div>\n\t\t<div class=\"elementor-element elementor-element-iwgs-spiegelabweh-s6 e-flex e-con-boxed e-con e-parent\" data-id=\"iwgs-spiegelabweh-s6\" data-element_type=\"container\" data-e-type=\"container\">\n\t\t\t\t\t<div class=\"e-con-inner\">\n\t\t\t\t<div class=\"elementor-element elementor-element-iwgs-spiegelabweh-s6h elementor-widget elementor-widget-heading\" data-id=\"iwgs-spiegelabweh-s6h\" data-element_type=\"widget\" data-e-type=\"widget\" data-widget_type=\"heading.default\">\n\t\t\t\t\t<h2 class=\"elementor-heading-title elementor-size-default\">Anv\u00e4ndning i ritual och vardag<\/h2>\t\t\t\t<\/div>\n\t\t<div class=\"elementor-element elementor-element-iwgs-spiegelabweh-s6box e-con-full e-flex e-con e-parent\" data-id=\"iwgs-spiegelabweh-s6box\" data-element_type=\"container\" data-e-type=\"container\">\n\t\t\t\t<div class=\"elementor-element elementor-element-iwgs-spiegelabweh-s6t elementor-widget elementor-widget-text-editor\" data-id=\"iwgs-spiegelabweh-s6t\" data-element_type=\"widget\" data-e-type=\"widget\" data-widget_type=\"text-editor.default\">\n\t\t\t\t\t\t\t\t\t<p>Avv\u00e4rjningsspegeln anv\u00e4ndes i vardagen framf\u00f6r allt vid ing\u00e5ngar. Ovanf\u00f6r d\u00f6rrar och vid f\u00f6nster skulle den kasta tillbaka ett inflytande som kom utifr\u00e5n. Denna anv\u00e4ndning knyter den till tr\u00f6skelskydd.<\/p><p>Som b\u00e4rbart element inarbetades spegeln i smycken, kl\u00e4der och amuletter. Sm\u00e5 speglande ytor f\u00f6ljde sin b\u00e4rare och skulle avleda den blick som ans\u00e5gs skadlig.<\/p><p>I rituella sammanhang spelade spegeln ibland en roll i handlingar som skulle skydda en plats eller en person. Spegeln riktades d\u00e5 medvetet, till exempel mot den sida som ans\u00e5gs hotad.<\/p><p>Riktningen var ofta viktig. Avv\u00e4rjningsspegeln skulle v\u00e4ndas ut\u00e5t, mot gatan, mot grannens tomt eller mot det \u00f6ppna f\u00e4ltet. V\u00e4nd in\u00e5t ans\u00e5gs den i m\u00e5nga traditioner ol\u00e4mplig.<\/p><p>Vissa seder f\u00f6renade upps\u00e4ttningen av en spegel med talade ord eller med en best\u00e4md tidpunkt. Spegeln var d\u00e5 en del av en st\u00f6rre handling och inte bara ett uppsatt f\u00f6rem\u00e5l.<\/p><p>Det finns ingen enhetlig ritualordning f\u00f6r avv\u00e4rjningsspegeln. Den exakta formen berodde p\u00e5 region och tradition, vilket folklivsforskningen upprepade g\u00e5nger har konstaterat.<\/p><p>\u00c4ven tidpunkten f\u00f6r upps\u00e4ttningen var i vissa traditioner fastst\u00e4lld. En spegel skulle s\u00e4ttas upp vid en best\u00e4md tid p\u00e5 dygnet eller en best\u00e4md dag, f\u00f6r att den tillskrivna inneb\u00f6rden skulle g\u00e4lla. S\u00e5dana best\u00e4mmelser visar att avv\u00e4rjningsspegeln kunde ing\u00e5 i en reglerad <span class=\"iwg-fachbegriff\" data-tooltip=\"En traditionell, i en gemenskap regelbundet upprepad handling.\" tabindex=\"0\">sed<\/span>.<\/p>\t\t\t\t\t\t\t\t<\/div>\n\t\t\t\t<\/div>\n\t\t\t\t\t<\/div>\n\t\t\t\t<\/div>\n\t\t<div class=\"elementor-element elementor-element-iwgs-spiegelabweh-s7 e-flex e-con-boxed e-con e-parent\" data-id=\"iwgs-spiegelabweh-s7\" data-element_type=\"container\" data-e-type=\"container\">\n\t\t\t\t\t<div class=\"e-con-inner\">\n\t\t\t\t<div class=\"elementor-element elementor-element-iwgs-spiegelabweh-s7h elementor-widget elementor-widget-heading\" data-id=\"iwgs-spiegelabweh-s7h\" data-element_type=\"widget\" data-e-type=\"widget\" data-widget_type=\"heading.default\">\n\t\t\t\t\t<h2 class=\"elementor-heading-title elementor-size-default\">Besl\u00e4ktade skyddsformer och avgr\u00e4nsning<\/h2>\t\t\t\t<\/div>\n\t\t<div class=\"elementor-element elementor-element-iwgs-spiegelabweh-s7box e-con-full e-flex e-con e-parent\" data-id=\"iwgs-spiegelabweh-s7box\" data-element_type=\"container\" data-e-type=\"container\">\n\t\t\t\t<div class=\"elementor-element elementor-element-iwgs-spiegelabweh-s7t elementor-widget elementor-widget-text-editor\" data-id=\"iwgs-spiegelabweh-s7t\" data-element_type=\"widget\" data-e-type=\"widget\" data-widget_type=\"text-editor.default\">\n\t\t\t\t\t\t\t\t\t<p>Avv\u00e4rjningsspegeln \u00e4r n\u00e4ra besl\u00e4ktad med \u00f6gonmotivet mot den onda blicken. <a href=\"https:\/\/iwell-guard.com\/sv\/nazar-boncugu-skyddsoga\/\">Nazar boncu\u011fu<\/a> riktar sig liksom spegeln mot blicken, men arbetar med ett bildmotiv ist\u00e4llet f\u00f6r reflektion.<\/p><p>Spegeln \u00e4r n\u00e4ra f\u00f6rbunden med alla gl\u00e4nsande skyddselement. Bl\u00e4nkande h\u00e4ngen, p\u00e4rlor och metallytor delar med spegeln f\u00f6rest\u00e4llningen att glans drar blicken till sig och avleder den.<\/p><p>Fr\u00e5n det rena bildamulettet skiljer sig spegeln genom sin fysikaliska egenskap. Ett bildamulett b\u00e4r ett m\u00e5lat eller graverat <span class=\"iwg-fachbegriff\" data-tooltip=\"Ett \u00e5terkommande inneh\u00e5llsligt element i konst eller ber\u00e4ttelse.\" tabindex=\"0\">motiv<\/span>. Spegeln d\u00e4remot kastar verkligen tillbaka ljus, och det \u00e4r till denna reella egenskap som tolkningen ansluter.<\/p><p>En gr\u00e4ns finns mot spegeln som sp\u00e5domsinstrument. I vissa traditioner anv\u00e4nds en speglande yta f\u00f6r att sk\u00e5da och tyda. Denna anv\u00e4ndning ska skiljas fr\u00e5n avv\u00e4rjningsspegeln, \u00e4ven om b\u00e5da anv\u00e4nder samma f\u00f6rem\u00e5l.<\/p><p>Avv\u00e4rjningsspegeln ska vidare skiljas fr\u00e5n spegeln som ren utsmyckning. En dekorativ spegel b\u00e4r inte n\u00f6dv\u00e4ndigtvis en skyddande tolkning. Avg\u00f6rande \u00e4r den funktion av \u00e5terkastning som tillskrivs den.<\/p><p>Denna avgr\u00e4nsning hj\u00e4lper till att best\u00e4mma avv\u00e4rjningsspegeln mer exakt. Den \u00e4r ett f\u00f6rem\u00e5l som p\u00e5 grund av sin reflektion tillskrivs en avv\u00e4rjande funktion, och skiljer sig fr\u00e5n bildamuletter och fr\u00e5n sp\u00e5domsspegeln.<\/p><p>En gr\u00e4ns finns \u00e4ven mot spegeln som medel f\u00f6r sj\u00e4lvbetraktelse. I denna vardagliga anv\u00e4ndning tj\u00e4nar spegeln till att granska det egna utseendet och b\u00e4r ingen avv\u00e4rjande tolkning. F\u00f6rst den tillskrivna funktionen av \u00e5terkastning g\u00f6r det vardagliga f\u00f6rem\u00e5let till en avv\u00e4rjningsspegel.<\/p>\t\t\t\t\t\t\t\t<\/div>\n\t\t\t\t<\/div>\n\t\t\t\t\t<\/div>\n\t\t\t\t<\/div>\n\t\t<div class=\"elementor-element elementor-element-iwgs-spiegelabweh-s8 e-flex e-con-boxed e-con e-parent\" data-id=\"iwgs-spiegelabweh-s8\" data-element_type=\"container\" data-e-type=\"container\">\n\t\t\t\t\t<div class=\"e-con-inner\">\n\t\t\t\t<div class=\"elementor-element elementor-element-iwgs-spiegelabweh-s8h elementor-widget elementor-widget-heading\" data-id=\"iwgs-spiegelabweh-s8h\" data-element_type=\"widget\" data-e-type=\"widget\" data-widget_type=\"heading.default\">\n\t\t\t\t\t<h2 class=\"elementor-heading-title elementor-size-default\">Dagens mottagande av avv\u00e4rjningsspegeln<\/h2>\t\t\t\t<\/div>\n\t\t<div class=\"elementor-element elementor-element-iwgs-spiegelabweh-s8box e-con-full e-flex e-con e-parent\" data-id=\"iwgs-spiegelabweh-s8box\" data-element_type=\"container\" data-e-type=\"container\">\n\t\t\t\t<div class=\"elementor-element elementor-element-iwgs-spiegelabweh-s8t elementor-widget elementor-widget-text-editor\" data-id=\"iwgs-spiegelabweh-s8t\" data-element_type=\"widget\" data-e-type=\"widget\" data-widget_type=\"text-editor.default\">\n\t\t\t\t\t\t\t\t\t<p>Bagua-spegeln anv\u00e4nds fortfarande idag och s\u00e4tts upp ovanf\u00f6r d\u00f6rrar i \u00f6stasiatiskt pr\u00e4glade milj\u00f6er. \u00c4ven i v\u00e4stl\u00e4nder erbjuds och anv\u00e4nds den i samband med rumsl\u00e4ror.<\/p><p>I den moderna <span class=\"iwg-fachbegriff\" data-tooltip=\"Samlingsbegrepp f\u00f6r l\u00e4ror som g\u00f6r anspr\u00e5k p\u00e5 en dold kunskap som endast \u00e4r tillg\u00e4nglig f\u00f6r invigda.\" tabindex=\"0\">esoteriken<\/span> beskrivs spegeln ofta som ett medel f\u00f6r avv\u00e4rjning. Det finns anvisningar med hj\u00e4lp av vilka en spegel ska riktas f\u00f6r skydd. S\u00e5dana erbjudanden tillskrivs verkningar som inte \u00e4r belagda.<\/p><p>Dessa dagens praktiker b\u00f6r betraktas kritiskt. Spegeln b\u00f6r f\u00f6rst\u00e5s som en kulturell <span class=\"iwg-fachbegriff\" data-tooltip=\"Ett tecken som st\u00e5r i st\u00e4llet f\u00f6r en f\u00f6rest\u00e4llning eller betydelse.\" tabindex=\"0\">symbol<\/span> och som ett f\u00f6rem\u00e5l med l\u00e5ng betydelsehistoria, inte som ett verifierbart skyddsmedel.<\/p><p>I popul\u00e4rkulturen framtr\u00e4der spegeln ofta som en plats f\u00f6r \u00f6verg\u00e5ng och fara. Filmer och ber\u00e4ttelser tar upp spegelns gamla, m\u00e5ngfacetterade betydelse och f\u00f6rbinder den med kusliga motiv.<\/p><p>F\u00f6r <span class=\"iwg-fachbegriff\" data-tooltip=\"Vetenskapen som utforskar religioner j\u00e4mf\u00f6rande och utan trosbindning.\" tabindex=\"0\">religionsvetenskapen<\/span> \u00e4r avv\u00e4rjningsspegeln ett l\u00e4rorikt exempel. Den visar hur en fysikalisk egenskap, reflektionen, kunde bli grunden f\u00f6r en avv\u00e4rjande tolkning.<\/p><p>Den som idag \u00e4gnar sig \u00e5t avv\u00e4rjningsspegeln finner d\u00e4r framf\u00f6r allt ett kulturhistoriskt \u00e4mne. Ett sakligt f\u00f6rh\u00e5llningss\u00e4tt skiljer sedens belagda historia fr\u00e5n moderna verkningsl\u00f6ften som inte h\u00e5ller f\u00f6r granskning.<\/p><p>Inom byggforskningen och den materiella kulturforskningen \u00e4r speglar och gl\u00e4nsande element som satts upp p\u00e5 hus ett erk\u00e4nt forskningsobjekt. De registreras och tolkas som vittnesb\u00f6rd om g\u00e5ngen tids husbruk. P\u00e5 s\u00e5 s\u00e4tt f\u00f6rblir avv\u00e4rjningsspegeln gripbar \u00e4ven d\u00e4r den underliggande tron sedan l\u00e4nge inte l\u00e4ngre \u00e4r levande.<\/p>\t\t\t\t\t\t\t\t<\/div>\n\t\t\t\t<\/div>\n\t\t\t\t\t<\/div>\n\t\t\t\t<\/div>\n\t\t<div class=\"elementor-element elementor-element-iwgs-spiegelabweh-lit e-flex e-con-boxed e-con e-parent\" data-id=\"iwgs-spiegelabweh-lit\" data-element_type=\"container\" data-e-type=\"container\">\n\t\t\t\t\t<div class=\"e-con-inner\">\n\t\t\t\t<div class=\"elementor-element elementor-element-iwgs-spiegelabweh-lith elementor-widget elementor-widget-heading\" data-id=\"iwgs-spiegelabweh-lith\" data-element_type=\"widget\" data-e-type=\"widget\" data-widget_type=\"heading.default\">\n\t\t\t\t\t<h2 class=\"elementor-heading-title elementor-size-default\">Litteratur (urval)<\/h2>\t\t\t\t<\/div>\n\t\t<div class=\"elementor-element elementor-element-iwgs-spiegelabweh-litbox e-con-full e-flex e-con e-parent\" data-id=\"iwgs-spiegelabweh-litbox\" data-element_type=\"container\" data-e-type=\"container\">\n\t\t\t\t<div class=\"elementor-element elementor-element-iwgs-spiegelabweh-litt elementor-widget elementor-widget-html\" data-id=\"iwgs-spiegelabweh-litt\" data-element_type=\"widget\" data-e-type=\"widget\" data-widget_type=\"html.default\">\n\t\t\t\t\t<footer data-nosnippet=\"true\"><ul><li>Liselotte Hansmann, Lenz Kriss-Rettenbeck: <em>Amulett und Talisman. Erscheinungsform und Geschichte<\/em> (1966)<\/li><li>Alan Dundes (red.): <em>The Evil Eye. A Casebook<\/em> (1981)<\/li><li>Hanns B\u00e4chtold-St\u00e4ubli (red.): <em>Handw\u00f6rterbuch des deutschen Aberglaubens<\/em> (1927-1942)<\/li><li>Wolfram Eberhard: <em>Lexikon chinesischer Symbole<\/em> (1983)<\/li><li>Sabine Melchior-Bonnet: <em>Der Spiegel. Geschichte eines Kultobjekts<\/em> (1994)<\/li><\/ul><\/footer>\t\t\t\t<\/div>\n\t\t\t\t<\/div>\n\t\t\t\t\t<\/div>\n\t\t\t\t<\/div>\n\t\t<div class=\"elementor-element elementor-element-iwgs-spiegelabweh-kwd e-flex e-con-boxed e-con e-parent\" data-id=\"iwgs-spiegelabweh-kwd\" data-element_type=\"container\" data-e-type=\"container\">\n\t\t\t\t\t<div class=\"e-con-inner\">\n\t\t\t\t<div class=\"elementor-element elementor-element-iwgs-spiegelabweh-kwdt elementor-widget elementor-widget-text-editor\" data-id=\"iwgs-spiegelabweh-kwdt\" data-element_type=\"widget\" data-e-type=\"widget\" data-widget_type=\"text-editor.default\">\n\t\t\t\t\t\t\t\t\t<p><em>Relaterade nyckelbegrepp: spegel som avv\u00e4rjningsmedel bagua-spegel toli \u00e5terkastning <span class=\"iwg-fachbegriff\" data-tooltip=\"Spridd f\u00f6rest\u00e4llning om att en avundsjuk blick fr\u00e5n en annan person kan orsaka skada.\" tabindex=\"0\">ond blick<\/span> spegelbroderi gl\u00e4nsande h\u00e4ngen reflektion <span class=\"iwg-fachbegriff\" data-tooltip=\"Ondsavv\u00e4rjande: om tecken och f\u00f6rem\u00e5l som ska h\u00e5lla skadliga inflytanden p\u00e5 avst\u00e5nd.\" tabindex=\"0\">apotrop\u00e4isk<\/span> avv\u00e4rjningsspegel.<\/em><\/p>\t\t\t\t\t\t\t\t<\/div>\n\t\t\t\t\t<\/div>\n\t\t\t\t<\/div>\n\t\t<div class=\"elementor-element elementor-element-iwgs-spiegelabweh-cc e-flex e-con-boxed e-con e-parent\" data-id=\"iwgs-spiegelabweh-cc\" data-element_type=\"container\" data-e-type=\"container\" id=\"iwg-cc-spiegel-abwehr\">\n\t\t\t\t\t<div class=\"e-con-inner\">\n\t\t<div class=\"elementor-element elementor-element-iwgs-spiegelabweh-ccinner e-flex e-con-boxed e-con e-parent\" data-id=\"iwgs-spiegelabweh-ccinner\" data-element_type=\"container\" data-e-type=\"container\" data-settings=\"{&quot;background_background&quot;:&quot;classic&quot;}\">\n\t\t\t\t\t<div class=\"e-con-inner\">\n\t\t\t\t<div class=\"elementor-element elementor-element-iwgs-spiegelabweh-cch elementor-widget elementor-widget-heading\" data-id=\"iwgs-spiegelabweh-cch\" data-element_type=\"widget\" data-e-type=\"widget\" data-widget_type=\"heading.default\">\n\t\t\t\t\t<h2 class=\"elementor-heading-title elementor-size-default\">iWell Guard och skyddstraditioner<\/h2>\t\t\t\t<\/div>\n\t\t\t\t<div class=\"elementor-element elementor-element-iwgs-spiegelabweh-cct elementor-widget elementor-widget-text-editor\" data-id=\"iwgs-spiegelabweh-cct\" data-element_type=\"widget\" data-e-type=\"widget\" data-widget_type=\"text-editor.default\">\n\t\t\t\t\t\t\t\t\t<p>iWell Guard st\u00e5r i den kulturhistoriska traditionen av b\u00e4rbara skyddsobjekt, som spegelavv\u00e4rjaren ocks\u00e5 tillh\u00f6r. En modern f\u00f6ljeslagare f\u00f6r m\u00e4nniskor som lever med skyddssymboler: tillverkad i Tyskland, 41 lager av \u00e4kta guld, platina och silver, med 30 dagars returr\u00e4tt.<\/p>\t\t\t\t\t\t\t\t<\/div>\n\t\t\t\t<div class=\"elementor-element elementor-element-iwgs-spiegelabweh-ccb iwg-cc-button iwg-cc-cta-2026-05-13 elementor-widget elementor-widget-jet-button\" data-id=\"iwgs-spiegelabweh-ccb\" data-element_type=\"widget\" data-e-type=\"widget\" data-widget_type=\"jet-button.default\">\n\t\t\t\t<div class=\"elementor-widget-container\">\n\t\t\t\t\t<div class=\"elementor-jet-button jet-elements\"><div class=\"jet-button__container\"><a class=\"jet-button__instance jet-button__instance--icon-left hover-effect-1\" href=\"\/schutzanhaenger-iwell-guard-kaufen\/?utm_source=iwell-guard.com&amp;utm_medium=info-box&amp;utm_campaign=schutzsymbole\"><div class=\"jet-button__plane jet-button__plane-normal\"><\/div><div class=\"jet-button__plane jet-button__plane-hover\"><\/div><div class=\"jet-button__state jet-button__state-normal\"><span class=\"jet-button__label\">Mer om iWell Guard<\/span><\/div><div class=\"jet-button__state jet-button__state-hover\"><span class=\"jet-button__label\">Mer om iWell Guard<\/span><\/div><\/a><\/div><\/div><style>.elementor-element.elementor-element-iwgs-spiegelabweh-ccb .jet-button__instance{width:320px;height:56px;}.elementor-element.elementor-element-iwgs-spiegelabweh-ccb .jet-button__state-normal .jet-button__label{text-align:center;margin:0px 0px 0px 0px;color:#1a1b20;font-family:Montserrat,sans-serif;font-size:13px;font-weight:400;letter-spacing:4px;line-height:1.714em;text-transform:uppercase;}.elementor-element.elementor-element-iwgs-spiegelabweh-ccb .jet-button__state-hover .jet-button__label{text-align:center;margin:0px 0px 0px 0px;color:#FECC76;font-family:Montserrat,sans-serif;font-size:13px;font-weight:400;letter-spacing:4px;line-height:1.714em;text-transform:uppercase;}.elementor-element.elementor-element-iwgs-spiegelabweh-ccb .jet-button__plane-normal{background-color:#FECC76;border-style:solid;border-color:#C99540;border-width:2px 2px 2px 2px;}.elementor-element.elementor-element-iwgs-spiegelabweh-ccb .jet-button__plane-hover{background-color:rgba(0,0,0,0.55);border-style:solid;border-color:#FECC76;border-width:2px 2px 2px 2px;}<\/style>\t\t\t\t<\/div>\n\t\t\t\t<\/div>\n\t\t\t\t<div class=\"elementor-element elementor-element-iwgs-spiegelabweh-ccd elementor-widget elementor-widget-text-editor\" data-id=\"iwgs-spiegelabweh-ccd\" data-element_type=\"widget\" data-e-type=\"widget\" data-widget_type=\"text-editor.default\">\n\t\t\t\t\t\t\t\t\t<p style=\"text-align:center;font-size:13px;opacity:0.7;margin-top:14px\" data-nosnippet=\"true\">Personliga erfarenheter kan variera. Ingen medicinteknisk produkt. Inget l\u00f6fte om l\u00e4kning.<\/p>\t\t\t\t\t\t\t\t<\/div>\n\t\t\t\t\t<\/div>\n\t\t\t\t<\/div>\n\t\t\t\t\t<\/div>\n\t\t\t\t<\/div>\n\t\t<div class=\"elementor-element elementor-element-iwgs-spiegelabweh-disc e-flex e-con-boxed e-con e-parent\" data-id=\"iwgs-spiegelabweh-disc\" data-element_type=\"container\" data-e-type=\"container\">\n\t\t\t\t\t<div class=\"e-con-inner\">\n\t\t\t\t<div class=\"elementor-element elementor-element-iwgs-spiegelabweh-discw elementor-widget elementor-widget-html\" data-id=\"iwgs-spiegelabweh-discw\" data-element_type=\"widget\" data-e-type=\"widget\" data-widget_type=\"html.default\">\n\t\t\t\t\t<footer data-nosnippet=\"true\" class=\"iwg-disclaimer-block\"><p data-nosnippet=\"true\">iWell Guard \u00e4r <strong>ingen medicinteknisk produkt<\/strong> och ers\u00e4tter ingen l\u00e4karbehandling eller psykoterapeutisk behandling. Inneh\u00e5llet som presenteras h\u00e4r \u00e4r en religionsvetenskaplig och kulturhistorisk kontextualisering, inget l\u00f6fte om andlig verkan.<\/p><\/footer>\t\t\t\t<\/div>\n\t\t\t\t\t<\/div>\n\t\t\t\t<\/div>\n\t\t\t\t<\/div>\n\t\t","protected":false},"excerpt":{"rendered":"","protected":false},"author":3,"featured_media":3580,"parent":0,"menu_order":0,"comment_status":"closed","ping_status":"closed","template":"elementor_header_footer","meta":{"_yoast_wpseo_focuskw":"Spegeln som skyddsmedel","_yoast_wpseo_title":"Spegeln som skyddsmedel \u2013 reflexionens princip","_yoast_wpseo_metadesc":"Spegeln som skyddsmedel: reflexionens princip, fr\u00e5n bagua-spegeln till europeisk folkmagi, religionsvetenskapligt beskriven.","_yoast_wpseo_meta-robots-noindex":"","_yoast_wpseo_canonical":"","_angie_page":false,"gefaehrdungsstufe":"","wesen_kultur":"","wesen_klasse":"","footnotes":""},"categories":[],"class_list":["post-137154","page","type-page","status-publish","has-post-thumbnail","hentry"],"yoast_head":"<!-- This site is optimized with the Yoast SEO Premium plugin v27.7 (Yoast SEO v28.3) - https:\/\/yoast.com\/product\/yoast-seo-premium-wordpress\/ -->\n<title>Spegeln som skyddsmedel \u2013 reflexionens princip<\/title>\n<meta name=\"description\" content=\"Spegeln som skyddsmedel: reflexionens princip, fr\u00e5n bagua-spegeln till europeisk folkmagi, religionsvetenskapligt beskriven.\" \/>\n<meta name=\"robots\" content=\"index, follow, max-snippet:-1, max-image-preview:large, max-video-preview:-1\" \/>\n<link rel=\"canonical\" href=\"https:\/\/iwell-guard.com\/sv\/spegel-som-skyddsmedel-reflexionens-princip\/\" \/>\n<meta property=\"og:locale\" content=\"sv_SE\" \/>\n<meta property=\"og:type\" content=\"article\" \/>\n<meta property=\"og:title\" content=\"Spegeln som skyddsmedel \u2013 reflexionens princip\" \/>\n<meta property=\"og:description\" content=\"Spegeln som skyddsmedel: reflexionens princip, fr\u00e5n bagua-spegeln till europeisk folkmagi, religionsvetenskapligt beskriven.\" \/>\n<meta property=\"og:url\" content=\"https:\/\/iwell-guard.com\/sv\/spegel-som-skyddsmedel-reflexionens-princip\/\" \/>\n<meta property=\"og:site_name\" content=\"iWell Guard\" \/>\n<meta property=\"article:modified_time\" content=\"2026-09-03T01:21:54+00:00\" \/>\n<meta property=\"og:image\" content=\"https:\/\/iwell-guard.com\/wp-content\/uploads\/2026\/05\/schutzsymbol_universell_spiegel-abwehr.webp\" \/>\n\t<meta property=\"og:image:width\" content=\"1024\" \/>\n\t<meta property=\"og:image:height\" content=\"1536\" \/>\n\t<meta property=\"og:image:type\" content=\"image\/webp\" \/>\n<meta name=\"twitter:card\" content=\"summary_large_image\" \/>\n<script type=\"application\/ld+json\" class=\"yoast-schema-graph\">{\"@context\":\"https:\\\/\\\/schema.org\",\"@graph\":[{\"@type\":\"WebPage\",\"@id\":\"https:\\\/\\\/iwell-guard.com\\\/sv\\\/spegel-som-skyddsmedel-reflexionens-princip\\\/\",\"url\":\"https:\\\/\\\/iwell-guard.com\\\/sv\\\/spegel-som-skyddsmedel-reflexionens-princip\\\/\",\"name\":\"Spegeln som skyddsmedel \u2013 reflexionens princip\",\"isPartOf\":{\"@id\":\"https:\\\/\\\/iwell-guard.com\\\/sv\\\/#website\"},\"primaryImageOfPage\":{\"@id\":\"https:\\\/\\\/iwell-guard.com\\\/sv\\\/spegel-som-skyddsmedel-reflexionens-princip\\\/#primaryimage\"},\"image\":{\"@id\":\"https:\\\/\\\/iwell-guard.com\\\/sv\\\/spegel-som-skyddsmedel-reflexionens-princip\\\/#primaryimage\"},\"thumbnailUrl\":\"https:\\\/\\\/iwell-guard.com\\\/wp-content\\\/uploads\\\/2026\\\/05\\\/schutzsymbol_universell_spiegel-abwehr.webp\",\"datePublished\":\"2026-09-03T00:13:16+00:00\",\"dateModified\":\"2026-09-03T01:21:54+00:00\",\"description\":\"Spegeln som skyddsmedel: reflexionens princip, fr\u00e5n bagua-spegeln till europeisk folkmagi, religionsvetenskapligt beskriven.\",\"breadcrumb\":{\"@id\":\"https:\\\/\\\/iwell-guard.com\\\/sv\\\/spegel-som-skyddsmedel-reflexionens-princip\\\/#breadcrumb\"},\"inLanguage\":\"sv-SE\",\"potentialAction\":[{\"@type\":\"ReadAction\",\"target\":[\"https:\\\/\\\/iwell-guard.com\\\/sv\\\/spegel-som-skyddsmedel-reflexionens-princip\\\/\"]}]},{\"@type\":\"ImageObject\",\"inLanguage\":\"sv-SE\",\"@id\":\"https:\\\/\\\/iwell-guard.com\\\/sv\\\/spegel-som-skyddsmedel-reflexionens-princip\\\/#primaryimage\",\"url\":\"https:\\\/\\\/iwell-guard.com\\\/wp-content\\\/uploads\\\/2026\\\/05\\\/schutzsymbol_universell_spiegel-abwehr.webp\",\"contentUrl\":\"https:\\\/\\\/iwell-guard.com\\\/wp-content\\\/uploads\\\/2026\\\/05\\\/schutzsymbol_universell_spiegel-abwehr.webp\",\"width\":1024,\"height\":1536,\"caption\":\"Skyddssymbol. Stilleben-illustration i museistil.\"},{\"@type\":\"BreadcrumbList\",\"@id\":\"https:\\\/\\\/iwell-guard.com\\\/sv\\\/spegel-som-skyddsmedel-reflexionens-princip\\\/#breadcrumb\",\"itemListElement\":[{\"@type\":\"ListItem\",\"position\":1,\"name\":\"Start\",\"item\":\"https:\\\/\\\/iwell-guard.com\\\/sv\\\/?page_id=136483\"},{\"@type\":\"ListItem\",\"position\":2,\"name\":\"Spegeln som skyddsmedel \u2013 reflexionens princip\"}]},{\"@type\":\"WebSite\",\"@id\":\"https:\\\/\\\/iwell-guard.com\\\/sv\\\/#website\",\"url\":\"https:\\\/\\\/iwell-guard.com\\\/sv\\\/\",\"name\":\"iWell Guard\",\"description\":\"Schutz vor dunklen Einfl\u00fcssen\",\"publisher\":{\"@id\":\"https:\\\/\\\/iwell-guard.com\\\/sv\\\/#organization\"},\"potentialAction\":[{\"@type\":\"SearchAction\",\"target\":{\"@type\":\"EntryPoint\",\"urlTemplate\":\"https:\\\/\\\/iwell-guard.com\\\/sv\\\/?s={search_term_string}\"},\"query-input\":{\"@type\":\"PropertyValueSpecification\",\"valueRequired\":true,\"valueName\":\"search_term_string\"}}],\"inLanguage\":\"sv-SE\"},{\"@type\":\"Organization\",\"@id\":\"https:\\\/\\\/iwell-guard.com\\\/sv\\\/#organization\",\"name\":\"Ittermann electronic GmbH\",\"url\":\"https:\\\/\\\/iwell-guard.com\\\/sv\\\/\",\"logo\":{\"@type\":\"ImageObject\",\"inLanguage\":\"sv-SE\",\"@id\":\"https:\\\/\\\/iwell-guard.com\\\/sv\\\/#\\\/schema\\\/logo\\\/image\\\/\",\"url\":\"https:\\\/\\\/iwell-guard.com\\\/wp-content\\\/uploads\\\/2026\\\/05\\\/Ittermann-Logo-1182x237-1.png\",\"contentUrl\":\"https:\\\/\\\/iwell-guard.com\\\/wp-content\\\/uploads\\\/2026\\\/05\\\/Ittermann-Logo-1182x237-1.png\",\"width\":1182,\"height\":237,\"caption\":\"Ittermann electronic GmbH\"},\"image\":{\"@id\":\"https:\\\/\\\/iwell-guard.com\\\/sv\\\/#\\\/schema\\\/logo\\\/image\\\/\"},\"sameAs\":[\"https:\\\/\\\/pantip.com\\\/profile\\\/9367242\",\"https:\\\/\\\/micro.blog\\\/iwellguard\",\"https:\\\/\\\/www.diggerslist.com\\\/iwellguard\\\/about\",\"https:\\\/\\\/skitterphoto.com\\\/photographers\\\/2870314\\\/iwell-guard\",\"https:\\\/\\\/iwellguard.wordpress.com\\\/2026\\\/06\\\/06\\\/iwell-guard\\\/\",\"https:\\\/\\\/hub.docker.com\\\/u\\\/iwellguard\",\"https:\\\/\\\/www.pinterest.com\\\/iwellguard\\\/\",\"https:\\\/\\\/bit.ly\\\/m\\\/iwellguard\",\"https:\\\/\\\/entre-vos-mains.alsace.eu\\\/profiles\\\/iwellguard\\\/activity\",\"https:\\\/\\\/gravatar.com\\\/reallybeded8fd34\",\"https:\\\/\\\/naijamatta.com\\\/iwellguard\",\"https:\\\/\\\/www.goodreads.com\\\/iwellguard\",\"https:\\\/\\\/profile.hatena.ne.jp\\\/iwellguard\\\/\",\"https:\\\/\\\/experiment.com\\\/users\\\/iwellguard\",\"https:\\\/\\\/wakelet.com\\\/@iWellGuard82270\",\"https:\\\/\\\/www.chordie.com\\\/forum\\\/profile.php?id=2555664\",\"https:\\\/\\\/www.instapaper.com\\\/p\\\/17757966\",\"https:\\\/\\\/www.mapleprimes.com\\\/users\\\/iwellguard\",\"https:\\\/\\\/businesslistingplus.com\\\/profile\\\/iwell-guard\\\/\",\"https:\\\/\\\/telegra.ph\\\/iWell-Guard-06-06\",\"https:\\\/\\\/pbase.com\\\/iwellguard\\\/iwellguard\",\"https:\\\/\\\/b.hatena.ne.jp\\\/iwellguard\\\/20260607#bookmark-4788405196491818882\",\"https:\\\/\\\/fliphtml5.com\\\/home\\\/iwellguard\",\"https:\\\/\\\/anyflip.com\\\/homepage\\\/cmiwl#About\",\"https:\\\/\\\/transfur.com\\\/Users\\\/iwellguard\",\"http:\\\/\\\/delphi.larsbo.org\\\/user\\\/iwellguard\",\"https:\\\/\\\/jobs.lajobsportal.org\\\/profiles\\\/8380803-iwell-guard\",\"https:\\\/\\\/md.chaosdorf.de\\\/s\\\/jfbe5SBdJD\",\"https:\\\/\\\/www.lingvolive.com\\\/en-us\\\/profile\\\/9ecaeaca-ce11-4e51-9e71-01d55e2bff36\\\/translations\",\"https:\\\/\\\/www.fitday.com\\\/fitness\\\/forums\\\/members\\\/iwellguard.html\",\"https:\\\/\\\/www.mymeetbook.com\\\/iwellguard\",\"https:\\\/\\\/pxhere.com\\\/en\\\/photographer-me\\\/5040798\",\"https:\\\/\\\/disqus.com\\\/by\\\/iwellguard\\\/about\\\/\",\"https:\\\/\\\/pastelink.net\\\/hjwciqwq\",\"https:\\\/\\\/pubhtml5.com\\\/homepage\\\/scjhn\\\/\",\"https:\\\/\\\/www.bitchute.com\\\/channel\\\/2O2eOKzNqujT\",\"https:\\\/\\\/audiomack.com\\\/iwellguard\"]}]}<\/script>\n<!-- \/ Yoast SEO Premium plugin. -->","yoast_head_json":{"title":"Spegeln som skyddsmedel \u2013 reflexionens princip","description":"Spegeln som skyddsmedel: reflexionens princip, fr\u00e5n bagua-spegeln till europeisk folkmagi, religionsvetenskapligt beskriven.","robots":{"index":"index","follow":"follow","max-snippet":"max-snippet:-1","max-image-preview":"max-image-preview:large","max-video-preview":"max-video-preview:-1"},"canonical":"https:\/\/iwell-guard.com\/sv\/spegel-som-skyddsmedel-reflexionens-princip\/","og_locale":"sv_SE","og_type":"article","og_title":"Spegeln som skyddsmedel \u2013 reflexionens princip","og_description":"Spegeln som skyddsmedel: reflexionens princip, fr\u00e5n bagua-spegeln till europeisk folkmagi, religionsvetenskapligt beskriven.","og_url":"https:\/\/iwell-guard.com\/sv\/spegel-som-skyddsmedel-reflexionens-princip\/","og_site_name":"iWell Guard","article_modified_time":"2026-09-03T01:21:54+00:00","og_image":[{"width":1024,"height":1536,"url":"https:\/\/iwell-guard.com\/wp-content\/uploads\/2026\/05\/schutzsymbol_universell_spiegel-abwehr.webp","type":"image\/webp"}],"twitter_card":"summary_large_image","schema":{"@context":"https:\/\/schema.org","@graph":[{"@type":"WebPage","@id":"https:\/\/iwell-guard.com\/sv\/spegel-som-skyddsmedel-reflexionens-princip\/","url":"https:\/\/iwell-guard.com\/sv\/spegel-som-skyddsmedel-reflexionens-princip\/","name":"Spegeln som skyddsmedel \u2013 reflexionens princip","isPartOf":{"@id":"https:\/\/iwell-guard.com\/sv\/#website"},"primaryImageOfPage":{"@id":"https:\/\/iwell-guard.com\/sv\/spegel-som-skyddsmedel-reflexionens-princip\/#primaryimage"},"image":{"@id":"https:\/\/iwell-guard.com\/sv\/spegel-som-skyddsmedel-reflexionens-princip\/#primaryimage"},"thumbnailUrl":"https:\/\/iwell-guard.com\/wp-content\/uploads\/2026\/05\/schutzsymbol_universell_spiegel-abwehr.webp","datePublished":"2026-09-03T00:13:16+00:00","dateModified":"2026-09-03T01:21:54+00:00","description":"Spegeln som skyddsmedel: reflexionens princip, fr\u00e5n bagua-spegeln till europeisk folkmagi, religionsvetenskapligt beskriven.","breadcrumb":{"@id":"https:\/\/iwell-guard.com\/sv\/spegel-som-skyddsmedel-reflexionens-princip\/#breadcrumb"},"inLanguage":"sv-SE","potentialAction":[{"@type":"ReadAction","target":["https:\/\/iwell-guard.com\/sv\/spegel-som-skyddsmedel-reflexionens-princip\/"]}]},{"@type":"ImageObject","inLanguage":"sv-SE","@id":"https:\/\/iwell-guard.com\/sv\/spegel-som-skyddsmedel-reflexionens-princip\/#primaryimage","url":"https:\/\/iwell-guard.com\/wp-content\/uploads\/2026\/05\/schutzsymbol_universell_spiegel-abwehr.webp","contentUrl":"https:\/\/iwell-guard.com\/wp-content\/uploads\/2026\/05\/schutzsymbol_universell_spiegel-abwehr.webp","width":1024,"height":1536,"caption":"Skyddssymbol. Stilleben-illustration i museistil."},{"@type":"BreadcrumbList","@id":"https:\/\/iwell-guard.com\/sv\/spegel-som-skyddsmedel-reflexionens-princip\/#breadcrumb","itemListElement":[{"@type":"ListItem","position":1,"name":"Start","item":"https:\/\/iwell-guard.com\/sv\/?page_id=136483"},{"@type":"ListItem","position":2,"name":"Spegeln som skyddsmedel \u2013 reflexionens princip"}]},{"@type":"WebSite","@id":"https:\/\/iwell-guard.com\/sv\/#website","url":"https:\/\/iwell-guard.com\/sv\/","name":"iWell Guard","description":"Schutz vor dunklen Einfl\u00fcssen","publisher":{"@id":"https:\/\/iwell-guard.com\/sv\/#organization"},"potentialAction":[{"@type":"SearchAction","target":{"@type":"EntryPoint","urlTemplate":"https:\/\/iwell-guard.com\/sv\/?s={search_term_string}"},"query-input":{"@type":"PropertyValueSpecification","valueRequired":true,"valueName":"search_term_string"}}],"inLanguage":"sv-SE"},{"@type":"Organization","@id":"https:\/\/iwell-guard.com\/sv\/#organization","name":"Ittermann electronic GmbH","url":"https:\/\/iwell-guard.com\/sv\/","logo":{"@type":"ImageObject","inLanguage":"sv-SE","@id":"https:\/\/iwell-guard.com\/sv\/#\/schema\/logo\/image\/","url":"https:\/\/iwell-guard.com\/wp-content\/uploads\/2026\/05\/Ittermann-Logo-1182x237-1.png","contentUrl":"https:\/\/iwell-guard.com\/wp-content\/uploads\/2026\/05\/Ittermann-Logo-1182x237-1.png","width":1182,"height":237,"caption":"Ittermann electronic GmbH"},"image":{"@id":"https:\/\/iwell-guard.com\/sv\/#\/schema\/logo\/image\/"},"sameAs":["https:\/\/pantip.com\/profile\/9367242","https:\/\/micro.blog\/iwellguard","https:\/\/www.diggerslist.com\/iwellguard\/about","https:\/\/skitterphoto.com\/photographers\/2870314\/iwell-guard","https:\/\/iwellguard.wordpress.com\/2026\/06\/06\/iwell-guard\/","https:\/\/hub.docker.com\/u\/iwellguard","https:\/\/www.pinterest.com\/iwellguard\/","https:\/\/bit.ly\/m\/iwellguard","https:\/\/entre-vos-mains.alsace.eu\/profiles\/iwellguard\/activity","https:\/\/gravatar.com\/reallybeded8fd34","https:\/\/naijamatta.com\/iwellguard","https:\/\/www.goodreads.com\/iwellguard","https:\/\/profile.hatena.ne.jp\/iwellguard\/","https:\/\/experiment.com\/users\/iwellguard","https:\/\/wakelet.com\/@iWellGuard82270","https:\/\/www.chordie.com\/forum\/profile.php?id=2555664","https:\/\/www.instapaper.com\/p\/17757966","https:\/\/www.mapleprimes.com\/users\/iwellguard","https:\/\/businesslistingplus.com\/profile\/iwell-guard\/","https:\/\/telegra.ph\/iWell-Guard-06-06","https:\/\/pbase.com\/iwellguard\/iwellguard","https:\/\/b.hatena.ne.jp\/iwellguard\/20260607#bookmark-4788405196491818882","https:\/\/fliphtml5.com\/home\/iwellguard","https:\/\/anyflip.com\/homepage\/cmiwl#About","https:\/\/transfur.com\/Users\/iwellguard","http:\/\/delphi.larsbo.org\/user\/iwellguard","https:\/\/jobs.lajobsportal.org\/profiles\/8380803-iwell-guard","https:\/\/md.chaosdorf.de\/s\/jfbe5SBdJD","https:\/\/www.lingvolive.com\/en-us\/profile\/9ecaeaca-ce11-4e51-9e71-01d55e2bff36\/translations","https:\/\/www.fitday.com\/fitness\/forums\/members\/iwellguard.html","https:\/\/www.mymeetbook.com\/iwellguard","https:\/\/pxhere.com\/en\/photographer-me\/5040798","https:\/\/disqus.com\/by\/iwellguard\/about\/","https:\/\/pastelink.net\/hjwciqwq","https:\/\/pubhtml5.com\/homepage\/scjhn\/","https:\/\/www.bitchute.com\/channel\/2O2eOKzNqujT","https:\/\/audiomack.com\/iwellguard"]}]}},"_links":{"self":[{"href":"https:\/\/iwell-guard.com\/sv\/wp-json\/wp\/v2\/pages\/137154","targetHints":{"allow":["GET"]}}],"collection":[{"href":"https:\/\/iwell-guard.com\/sv\/wp-json\/wp\/v2\/pages"}],"about":[{"href":"https:\/\/iwell-guard.com\/sv\/wp-json\/wp\/v2\/types\/page"}],"author":[{"embeddable":true,"href":"https:\/\/iwell-guard.com\/sv\/wp-json\/wp\/v2\/users\/3"}],"replies":[{"embeddable":true,"href":"https:\/\/iwell-guard.com\/sv\/wp-json\/wp\/v2\/comments?post=137154"}],"version-history":[{"count":0,"href":"https:\/\/iwell-guard.com\/sv\/wp-json\/wp\/v2\/pages\/137154\/revisions"}],"wp:featuredmedia":[{"embeddable":true,"href":"https:\/\/iwell-guard.com\/sv\/wp-json\/wp\/v2\/media\/3580"}],"wp:attachment":[{"href":"https:\/\/iwell-guard.com\/sv\/wp-json\/wp\/v2\/media?parent=137154"}],"wp:term":[{"taxonomy":"category","embeddable":true,"href":"https:\/\/iwell-guard.com\/sv\/wp-json\/wp\/v2\/categories?post=137154"}],"curies":[{"name":"wp","href":"https:\/\/api.w.org\/{rel}","templated":true}]}}