{"id":137153,"date":"2026-09-03T00:13:15","date_gmt":"2026-09-03T00:13:15","guid":{"rendered":"https:\/\/iwell-guard.com\/?page_id=137153"},"modified":"2026-09-03T01:21:50","modified_gmt":"2026-09-03T01:21:50","slug":"troskelskydd-dorr-fonster-husentre","status":"publish","type":"page","link":"https:\/\/iwell-guard.com\/sv\/troskelskydd-dorr-fonster-husentre\/","title":{"rendered":"Tr\u00f6skelskydd: d\u00f6rr, f\u00f6nster och husentr\u00e9"},"content":{"rendered":"\t\t<div data-elementor-type=\"wp-page\" data-elementor-id=\"137153\" class=\"elementor elementor-137153 elementor-3742 elementor-bc-flex-widget\" data-elementor-post-type=\"page\">\n\t\t\t\t<div class=\"elementor-element elementor-element-iwgs-schwellensch-hero e-flex e-con-boxed e-con e-parent\" data-id=\"iwgs-schwellensch-hero\" data-element_type=\"container\" data-e-type=\"container\">\n\t\t\t\t\t<div class=\"e-con-inner\">\n\t\t<div class=\"elementor-element elementor-element-iwgs-schwellensch-hl e-flex e-con-boxed e-con e-parent\" data-id=\"iwgs-schwellensch-hl\" data-element_type=\"container\" data-e-type=\"container\">\n\t\t\t\t\t<div class=\"e-con-inner\">\n\t\t<div class=\"elementor-element elementor-element-iwgs-schwellensch-hlbox e-con-full e-flex e-con e-parent\" data-id=\"iwgs-schwellensch-hlbox\" data-element_type=\"container\" data-e-type=\"container\">\n\t\t\t\t<div class=\"elementor-element elementor-element-iwgs-schwellensch-h1 elementor-widget elementor-widget-heading\" data-id=\"iwgs-schwellensch-h1\" data-element_type=\"widget\" data-e-type=\"widget\" data-widget_type=\"heading.default\">\n\t\t\t\t\t<h1 class=\"elementor-heading-title elementor-size-default\">Tr\u00f6skelskydd: Skyddet av d\u00f6rrtr\u00f6skel, f\u00f6nster och husentr\u00e9<\/h1>\t\t\t\t<\/div>\n\t\t\t\t<div class=\"elementor-element elementor-element-iwgs-schwellensch-lead elementor-widget elementor-widget-text-editor\" data-id=\"iwgs-schwellensch-lead\" data-element_type=\"widget\" data-e-type=\"widget\" data-widget_type=\"text-editor.default\">\n\t\t\t\t\t\t\t\t\t<p>Tr\u00f6skelskydd omfattar alla sedv\u00e4njor genom vilka d\u00f6rrtr\u00f6skel, f\u00f6nster och husentr\u00e9 skyddades mot skadliga inflytelser. Det bygger p\u00e5 f\u00f6rest\u00e4llningen att en \u00f6ppning \u00e4r en s\u00e4rskilt utsatt plats, eftersom n\u00e5got kan ta sig in i huset genom den.<\/p><p>Denna artikel placerar tr\u00f6skelskyddet i ett religionsvetenskapligt sammanhang och f\u00f6ljer dess sp\u00e5r fr\u00e5n <span class=\"iwg-fachbegriff\" data-tooltip=\"Epoken f\u00f6r den grekiska och romerska kulturen, cirka 800 f.Kr. till 600 e.Kr.\" tabindex=\"0\">antiken<\/span> fram till dagens reception. D\u00e4rvid skiljs mellan historiskt dokumenterat <span class=\"iwg-fachbegriff\" data-tooltip=\"Samlingen av en gemenskaps traderade sedv\u00e4njor.\" tabindex=\"0\">bruk<\/span> och modern tolkning.<\/p>\t\t\t\t\t\t\t\t<\/div>\n\t\t\t\t<\/div>\n\t\t\t\t<div class=\"elementor-element elementor-element-iwgs-schwellensch-pills elementor-widget elementor-widget-html\" data-id=\"iwgs-schwellensch-pills\" data-element_type=\"widget\" data-e-type=\"widget\" data-widget_type=\"html.default\">\n\t\t\t\t\t<div class=\"iwg-pill-row\"><span class=\"iwg-klasse-badge\" tabindex=\"0\" data-tooltip=\"Skyddssymbol, amulett eller apotropeiskt objekt.\">Skyddssymbol<\/span><a href=\"https:\/\/iwell-guard.com\/sv\/skyddssymboler\/\" class=\"iwg-kultur-badge\" tabindex=\"0\" data-tooltip=\"Skyddstradition: Kultur\u00f6verskridande\">Kultur\u00f6verskridande<\/a><span class=\"iwg-tradition-badge\" tabindex=\"0\" data-tooltip=\"En allm\u00e4n verkningsprincip som skyddsbruk bygger p\u00e5.\">Skyddsprincip<\/span><\/div>\t\t\t\t<\/div>\n\t\t\t\t\t<\/div>\n\t\t\t\t<\/div>\n\t\t<div class=\"elementor-element elementor-element-iwgs-schwellensch-hr e-con-full e-flex e-con e-parent\" data-id=\"iwgs-schwellensch-hr\" data-element_type=\"container\" data-e-type=\"container\">\n\t\t\t\t<div class=\"elementor-element elementor-element-iwgs-schwellensch-himg iwg-hero-image elementor-widget elementor-widget-image\" data-id=\"iwgs-schwellensch-himg\" data-element_type=\"widget\" data-e-type=\"widget\" data-widget_type=\"image.default\">\n\t\t\t\t\t\t\t\t\t\t\t\t\t\t\t<img fetchpriority=\"high\" decoding=\"async\" width=\"683\" height=\"1024\" src=\"https:\/\/iwell-guard.com\/wp-content\/uploads\/2026\/05\/schutzsymbol_universell_schwellenschutz-683x1024.webp\" class=\"attachment-large size-large wp-image-135760\" alt=\"Tr\u00f6skelskydd \u2013 skyddssymbol, musealt illustration\" srcset=\"https:\/\/iwell-guard.com\/wp-content\/uploads\/2026\/05\/schutzsymbol_universell_schwellenschutz-683x1024.webp 683w, https:\/\/iwell-guard.com\/wp-content\/uploads\/2026\/05\/schutzsymbol_universell_schwellenschutz-200x300.webp 200w, https:\/\/iwell-guard.com\/wp-content\/uploads\/2026\/05\/schutzsymbol_universell_schwellenschutz-768x1152.webp 768w, https:\/\/iwell-guard.com\/wp-content\/uploads\/2026\/05\/schutzsymbol_universell_schwellenschutz.webp 1024w\" sizes=\"(max-width: 683px) 100vw, 683px\" \/>\t\t\t\t\t\t\t\t\t\t\t\t\t\t\t<\/div>\n\t\t\t\t<\/div>\n\t\t\t\t\t<\/div>\n\t\t\t\t<\/div>\n\t\t<div class=\"elementor-element elementor-element-iwgs-schwellensch-s0 e-flex e-con-boxed e-con e-parent\" data-id=\"iwgs-schwellensch-s0\" data-element_type=\"container\" data-e-type=\"container\">\n\t\t\t\t\t<div class=\"e-con-inner\">\n\t\t\t\t<div class=\"elementor-element elementor-element-iwgs-schwellensch-s0h elementor-widget elementor-widget-heading\" data-id=\"iwgs-schwellensch-s0h\" data-element_type=\"widget\" data-e-type=\"widget\" data-widget_type=\"heading.default\">\n\t\t\t\t\t<h2 class=\"elementor-heading-title elementor-size-default\">Inordning: Vad tr\u00f6skelskydd inneb\u00e4r<\/h2>\t\t\t\t<\/div>\n\t\t<div class=\"elementor-element elementor-element-iwgs-schwellensch-s0box e-con-full e-flex e-con e-parent\" data-id=\"iwgs-schwellensch-s0box\" data-element_type=\"container\" data-e-type=\"container\">\n\t\t\t\t<div class=\"elementor-element elementor-element-iwgs-schwellensch-s0t elementor-widget elementor-widget-text-editor\" data-id=\"iwgs-schwellensch-s0t\" data-element_type=\"widget\" data-e-type=\"widget\" data-widget_type=\"text-editor.default\">\n\t\t\t\t\t\t\t\t\t<p>Tr\u00f6skelskydd \u00e4r ett samlingsbegrepp f\u00f6r sedv\u00e4njor som riktar sig mot en byggnads \u00f6ppningar. Framf\u00f6r allt avses d\u00f6rrtr\u00f6skeln, d\u00f6rrkarmen, f\u00f6nstren och hela husentr\u00e9n. Dessa platser uppfattades i m\u00e5nga kulturer som s\u00e4rskilt k\u00e4nsliga.<\/p><p>Grundtanken \u00e4r enkel. Ett hus anses vara ett skyddat rum, men detta rum har n\u00f6dv\u00e4ndiga \u00f6ppningar. Genom dem g\u00e5r m\u00e4nniskor in och ut, och genom dem kunde enligt spridd f\u00f6rest\u00e4llning \u00e4ven ett t\u00e4nkt skadligt inflytande tr\u00e4nga in.<\/p><p>Tr\u00f6skelskyddet riktar sig d\u00e4rf\u00f6r just mot dessa \u00f6verg\u00e5ngsplatser. Det best\u00e5r av tecken, f\u00f6rem\u00e5l eller handlingar som placeras vid eller ovanf\u00f6r tr\u00f6skeln och som ska s\u00e4kra \u00f6ppningen.<\/p><p>Medlen \u00e4r mycket varierande. Belagda \u00e4r inristade tecken, upph\u00e4ngda f\u00f6rem\u00e5l, inmurade objekt, utspridda \u00e4mnen och m\u00e5lade m\u00f6nster. De delar alla anknytningen till \u00f6ppningens plats.<\/p><p>Inom <a href=\"https:\/\/iwell-guard.com\/sv\/skyddssymboler\/\">skyddssymbolerna<\/a> \u00e4r tr\u00f6skelskyddet mindre en enskild <span class=\"iwg-fachbegriff\" data-tooltip=\"Ett tecken som representerar en f\u00f6rest\u00e4llning eller betydelse.\" tabindex=\"0\">symbol<\/span> \u00e4n ett till\u00e4mpningsomr\u00e5de. Det sammanfattar vad som gjordes p\u00e5 en best\u00e4md plats, n\u00e4mligen vid ing\u00e5ngen.<\/p><p>Tr\u00f6skelskyddet h\u00e4nger n\u00e4ra samman med skyddskretsen. Medan kretsen avgr\u00e4nsar ett helt omr\u00e5de, s\u00e4krar tr\u00f6skelskyddet den enskilda \u00f6ppning genom vilken detta omr\u00e5de betr\u00e4ds.<\/p><p>Tr\u00f6skelskyddet riktar sig inte bara mot skada i egentlig mening, utan \u00e4ven mot ett hus lycka. Vissa sedv\u00e4njor skulle f\u00f6rhindra att v\u00e4lg\u00e5ng l\u00e4mnade huset, andra skulle locka in den. D\u00e4rmed har tr\u00f6skelskyddet f\u00f6rutom den avv\u00e4rjande sidan \u00e4ven en bevarande och inbjudande sida.<\/p>\t\t\t\t\t\t\t\t<\/div>\n\t\t\t\t<\/div>\n\t\t\t\t\t<\/div>\n\t\t\t\t<\/div>\n\t\t<div class=\"elementor-element elementor-element-iwgs-schwellensch-s1 e-flex e-con-boxed e-con e-parent\" data-id=\"iwgs-schwellensch-s1\" data-element_type=\"container\" data-e-type=\"container\">\n\t\t\t\t\t<div class=\"e-con-inner\">\n\t\t\t\t<div class=\"elementor-element elementor-element-iwgs-schwellensch-s1h elementor-widget elementor-widget-heading\" data-id=\"iwgs-schwellensch-s1h\" data-element_type=\"widget\" data-e-type=\"widget\" data-widget_type=\"heading.default\">\n\t\t\t\t\t<h2 class=\"elementor-heading-title elementor-size-default\">Ursprung och historiskt djup hos tr\u00f6skelskyddet<\/h2>\t\t\t\t<\/div>\n\t\t<div class=\"elementor-element elementor-element-iwgs-schwellensch-s1box e-con-full e-flex e-con e-parent\" data-id=\"iwgs-schwellensch-s1box\" data-element_type=\"container\" data-e-type=\"container\">\n\t\t\t\t<div class=\"elementor-element elementor-element-iwgs-schwellensch-s1t elementor-widget elementor-widget-text-editor\" data-id=\"iwgs-schwellensch-s1t\" data-element_type=\"widget\" data-e-type=\"widget\" data-widget_type=\"text-editor.default\">\n\t\t\t\t\t\t\t\t\t<p>Skyddet av d\u00f6rrar och f\u00f6nster \u00e4r lika gammalt som det fasta huset. Redan fr\u00e5n Fr\u00e4mre Orienten \u00e4r sedv\u00e4njor k\u00e4nda genom vilka ing\u00e5ngar skyddades, vilket kan utl\u00e4sas ur texter och arkeologiska fynd.<\/p><p>I Mesopotamien gr\u00e4vdes sm\u00e5 figurer ner i golvet vid d\u00f6rr\u00f6ppningar. Dessa s\u00e5 kallade apotropaia skulle s\u00e4kra ing\u00e5ngen. \u00c5tf\u00f6ljande texter beskriver tillv\u00e4gag\u00e5ngss\u00e4ttet och de f\u00f6rest\u00e4llningar som var f\u00f6rknippade med det.<\/p><p>I det faraoniska Egypten finns tecken och inskriptioner med skyddande betydelse p\u00e5 d\u00f6rrar och ovanf\u00f6r ing\u00e5ngar. \u00c4ven h\u00e4r ans\u00e5gs ing\u00e5ngen vara en plats som kr\u00e4vde s\u00e4rskild uppm\u00e4rksamhet.<\/p><p>I den grekiska och romerska v\u00e4rlden var ing\u00e5ngen knuten till vissa gudomligheters dom\u00e4n, och p\u00e5 d\u00f6rrar placerades tecken och f\u00f6rem\u00e5l. D\u00f6rrkarmen framtr\u00e4der i antika k\u00e4llor som en betydelsefull plats i huset.<\/p><p>Under den europeiska medeltiden och i den tidigmoderna perioden fortsatte tr\u00f6skelskyddet i husbruket. Inristade tecken p\u00e5 d\u00f6rrbj\u00e4lkar och ovanf\u00f6r ing\u00e5ngar g\u00e5r att bel\u00e4gga p\u00e5 m\u00e5nga bevarade byggnader.<\/p><p>Sammantaget visar sig tr\u00f6skelskyddet vara ett beteende som \u00e4r belagt \u00f6ver mycket l\u00e5nga tidsperioder och m\u00e5nga kulturer. Det \u00e4r mindre ett vandrande <span class=\"iwg-fachbegriff\" data-tooltip=\"Ett \u00e5terkommande inneh\u00e5llselement i konst eller ber\u00e4ttande.\" tabindex=\"0\">motiv<\/span> \u00e4n en oro f\u00f6r ing\u00e5ngen som st\u00e4ndigt uppst\u00e5tt p\u00e5 nytt.<\/p>\t\t\t\t\t\t\t\t<\/div>\n\t\t\t\t<\/div>\n\t\t\t\t\t<\/div>\n\t\t\t\t<\/div>\n\t\t<div class=\"elementor-element elementor-element-iwgs-schwellensch-s2 e-flex e-con-boxed e-con e-parent\" data-id=\"iwgs-schwellensch-s2\" data-element_type=\"container\" data-e-type=\"container\">\n\t\t\t\t\t<div class=\"e-con-inner\">\n\t\t\t\t<div class=\"elementor-element elementor-element-iwgs-schwellensch-s2h elementor-widget elementor-widget-heading\" data-id=\"iwgs-schwellensch-s2h\" data-element_type=\"widget\" data-e-type=\"widget\" data-widget_type=\"heading.default\">\n\t\t\t\t\t<h2 class=\"elementor-heading-title elementor-size-default\">Den underliggande f\u00f6rest\u00e4llningen om den utsatta \u00f6verg\u00e5ngen<\/h2>\t\t\t\t<\/div>\n\t\t<div class=\"elementor-element elementor-element-iwgs-schwellensch-s2box e-con-full e-flex e-con e-parent\" data-id=\"iwgs-schwellensch-s2box\" data-element_type=\"container\" data-e-type=\"container\">\n\t\t\t\t<div class=\"elementor-element elementor-element-iwgs-schwellensch-s2t elementor-widget elementor-widget-text-editor\" data-id=\"iwgs-schwellensch-s2t\" data-element_type=\"widget\" data-e-type=\"widget\" data-widget_type=\"text-editor.default\">\n\t\t\t\t\t\t\t\t\t<p>Den tankem\u00e4ssiga k\u00e4rnan i tr\u00f6skelskyddet \u00e4r f\u00f6rest\u00e4llningen om den utsatta \u00f6verg\u00e5ngen. Tr\u00f6skeln \u00e4r platsen d\u00e4r innerrummet slutar och det yttre rummet b\u00f6rjar. Den \u00e4r d\u00e4rmed b\u00e5de en gr\u00e4ns och samtidigt en lucka i denna gr\u00e4ns.<\/p><p>Skadliga inflytelser ans\u00e5gs i m\u00e5nga folktrosystem vara n\u00e5got som kommer fr\u00e5n utsidan och m\u00e5ste tr\u00e4da in i ett rum f\u00f6r att verka. \u00d6ppningen \u00e4r d\u00e4rf\u00f6r den plats d\u00e4r ett s\u00e5dant intr\u00e5ng \u00f6verhuvudtaget f\u00f6ref\u00f6ll m\u00f6jligt.<\/p><p>Tr\u00f6skeln uppfattades d\u00e4rvid som en plats av eget slag, som varken ligger helt inne eller helt ute. S\u00e5dana mellanplatser ans\u00e5gs i m\u00e5nga kulturer vara s\u00e4rskilt betydelsefulla och samtidigt s\u00e4rskilt k\u00e4nsliga.<\/p><p>Av denna anledning riktade sig skyddet inte mot hela muren, utan specifikt mot \u00f6ppningen. En sluten v\u00e4gg ans\u00e5gs s\u00e4ker, medan d\u00f6rr\u00f6ppningen ans\u00e5gs vara platsen d\u00e4r gr\u00e4nsen \u00e4r genombruten.<\/p><p>Tecken och f\u00f6rem\u00e5l vid ing\u00e5ngen skulle liksom sluta luckan i gr\u00e4nsen igen. De kompletterade den fasta v\u00e4ggen med ett skydd just p\u00e5 den plats d\u00e4r v\u00e4ggen med n\u00f6dv\u00e4ndighet \u00e4r \u00f6ppen.<\/p><p>Den f\u00f6rest\u00e4llning som beskrivs h\u00e4r \u00e4r en kulturhistorisk f\u00f6rklaring. Den beskriver varf\u00f6r m\u00e4nniskor skyddade ing\u00e5ngen och dokumenterar en tro. Den utg\u00f6r inget bel\u00e4gg f\u00f6r en verkan. Forskningen beskriver f\u00f6rest\u00e4llningen utan att bekr\u00e4fta den.<\/p>\t\t\t\t\t\t\t\t<\/div>\n\t\t\t\t<\/div>\n\t\t\t\t\t<\/div>\n\t\t\t\t<\/div>\n\t\t<div class=\"elementor-element elementor-element-iwgs-schwellensch-s3 e-flex e-con-boxed e-con e-parent\" data-id=\"iwgs-schwellensch-s3\" data-element_type=\"container\" data-e-type=\"container\">\n\t\t\t\t\t<div class=\"e-con-inner\">\n\t\t\t\t<div class=\"elementor-element elementor-element-iwgs-schwellensch-s3h elementor-widget elementor-widget-heading\" data-id=\"iwgs-schwellensch-s3h\" data-element_type=\"widget\" data-e-type=\"widget\" data-widget_type=\"heading.default\">\n\t\t\t\t\t<h2 class=\"elementor-heading-title elementor-size-default\">Exempel fr\u00e5n antiken och Fr\u00e4mre Orienten<\/h2>\t\t\t\t<\/div>\n\t\t<div class=\"elementor-element elementor-element-iwgs-schwellensch-s3box e-con-full e-flex e-con e-parent\" data-id=\"iwgs-schwellensch-s3box\" data-element_type=\"container\" data-e-type=\"container\">\n\t\t\t\t<div class=\"elementor-element elementor-element-iwgs-schwellensch-s3t elementor-widget elementor-widget-text-editor\" data-id=\"iwgs-schwellensch-s3t\" data-element_type=\"widget\" data-e-type=\"widget\" data-widget_type=\"text-editor.default\">\n\t\t\t\t\t\t\t\t\t<p>I Mesopotamien gr\u00e4vdes rader av sm\u00e5 lerfigurer in under tr\u00f6sklarna till hus och palats. \u00c5tf\u00f6ljande besv\u00e4rjelsetexter n\u00e4mner figurerna vid namn och beskriver att de skulle s\u00e4kra ing\u00e5ngen.<\/p><p>Mesopotamiska k\u00e4llor k\u00e4nner ocks\u00e5 till att tecken och inskriptioner sattes p\u00e5 d\u00f6rrkarmar. Ing\u00e5ngen framtr\u00e4der i dessa texter som en plats som \u00e4gnades s\u00e4rskild uppm\u00e4rksamhet vid byggande och <span class=\"iwg-fachbegriff\" data-tooltip=\"En traditionell handling som upprepas regelbundet i en gemenskap.\" tabindex=\"0\">sedv\u00e4nja<\/span>.<\/p><p>I det faraoniska Egypten f\u00f6rs\u00e5gs d\u00f6rr\u00f6verstycken och d\u00f6rrposter med inskriptioner som bland annat hade en skyddande betydelse. Vid ing\u00e5ngar f\u00f6rekommer \u00e4ven tecken som tillskrevs en avv\u00e4rjande funktion.<\/p><p>I den romerska v\u00e4rlden var d\u00f6rromr\u00e5det knutet till vissa gudomar, och vid ing\u00e5ngar sattes tecken och f\u00f6rem\u00e5l upp. <span class=\"iwg-fachbegriff\" data-tooltip=\"Epoken f\u00f6r den grekiska och romerska kulturen, cirka 800 f.Kr. till 600 e.Kr.\" tabindex=\"0\">Antikens<\/span> texter omtalar sedv\u00e4njor som riktade sig mot tr\u00f6skel och d\u00f6rrkarm.<\/p><p>I den judiska traditionen \u00e4r det k\u00e4nt att en inskriven skriftkapsel s\u00e4tts upp p\u00e5 d\u00f6rrposten, en sed som fortfarande \u00e4r en del av religi\u00f6s praxis. Den syftar uttryckligen p\u00e5 d\u00f6rrposten som en betydelsefull plats.<\/p><p>Dessa exempel visar att ing\u00e5ngen i det antika Medelhavsomr\u00e5det och i Fr\u00e4mre Orienten var en plats f\u00f6r egna sedv\u00e4njor. Skydd av tr\u00f6skeln \u00e4r d\u00e4rmed v\u00e4l belagt \u00f6ver flera kulturer.<\/p><p>Fr\u00e5n den grekiska v\u00e4rlden finns uppgifter om att ing\u00e5ngen var knuten till vissa gudomars omr\u00e5de och att grenar, band och sm\u00e5 tecken sattes upp p\u00e5 d\u00f6rrar. <span class=\"iwg-fachbegriff\" data-tooltip=\"Epoken f\u00f6r den grekiska och romerska kulturen, cirka 800 f.Kr. till 600 e.Kr.\" tabindex=\"0\">Antikens<\/span> f\u00f6rfattare n\u00e4mner sedv\u00e4njor som riktade sig mot tr\u00f6skeln, till exempel vid inflyttning i ett nytt hus. Ing\u00e5ngen framtr\u00e4der d\u00e4r som en plats d\u00e4r \u00f6verg\u00e5ng och omsorg m\u00f6ts.<\/p>\t\t\t\t\t\t\t\t<\/div>\n\t\t\t\t<\/div>\n\t\t\t\t\t<\/div>\n\t\t\t\t<\/div>\n\t\t<div class=\"elementor-element elementor-element-iwgs-schwellensch-s4 e-flex e-con-boxed e-con e-parent\" data-id=\"iwgs-schwellensch-s4\" data-element_type=\"container\" data-e-type=\"container\">\n\t\t\t\t\t<div class=\"e-con-inner\">\n\t\t\t\t<div class=\"elementor-element elementor-element-iwgs-schwellensch-s4h elementor-widget elementor-widget-heading\" data-id=\"iwgs-schwellensch-s4h\" data-element_type=\"widget\" data-e-type=\"widget\" data-widget_type=\"heading.default\">\n\t\t\t\t\t<h2 class=\"elementor-heading-title elementor-size-default\">Exempel fr\u00e5n den europeiska folkmagin<\/h2>\t\t\t\t<\/div>\n\t\t<div class=\"elementor-element elementor-element-iwgs-schwellensch-s4box e-con-full e-flex e-con e-parent\" data-id=\"iwgs-schwellensch-s4box\" data-element_type=\"container\" data-e-type=\"container\">\n\t\t\t\t<div class=\"elementor-element elementor-element-iwgs-schwellensch-s4t elementor-widget elementor-widget-text-editor\" data-id=\"iwgs-schwellensch-s4t\" data-element_type=\"widget\" data-e-type=\"widget\" data-widget_type=\"text-editor.default\">\n\t\t\t\t\t\t\t\t\t<p>I den europeiska folkmagin \u00e4r skydd av tr\u00f6skeln v\u00e4l belagt. P\u00e5 bevarade bondg\u00e5rdar finns inristade tecken p\u00e5 d\u00f6rrbj\u00e4lkar, ovanf\u00f6r ing\u00e5ngar och p\u00e5 f\u00f6nster. Folkloristiska samlingar har utf\u00f6rligt dokumenterat s\u00e5dana tecken.<\/p><p>Bland de traditionella medlen fanns h\u00e4stskor som sattes upp ovanf\u00f6r d\u00f6rren, inristade stj\u00e4rnfigurer och kors, inmurade f\u00f6rem\u00e5l samt v\u00e4xter som h\u00e4ngdes vid eller ovanf\u00f6r ing\u00e5ngen.<\/p><p>\u00c4ven \u00e4mnen som salt str\u00f6s p\u00e5 tr\u00f6sklar. Denna koppling f\u00f6rbinder skydd av tr\u00f6skeln med f\u00f6rest\u00e4llningen om salt och j\u00e4rn som avv\u00e4rjande \u00e4mnen, vilket behandlas i en egen artikel.<\/p><p>Vissa tider ans\u00e5gs s\u00e4rskilt k\u00e4nsliga, till exempel best\u00e4mda n\u00e4tter under \u00e5ret. Vid dessa tillf\u00e4llen f\u00f6rs\u00e5gs d\u00f6rrar och f\u00f6nster medvetet med tecken eller s\u00e4krades med f\u00f6rem\u00e5l.<\/p><p>Ber\u00e4ttelser om skydd av tr\u00f6skeln dokumenterar anv\u00e4ndarnas f\u00f6rv\u00e4ntningar, inte en styrkt verkan. De visar att s\u00e4krandet av ing\u00e5ngen uppfattades som en handling som skapade trygghet.<\/p><p>Med tillbakag\u00e5ngen av den magiska husseden f\u00f6rlorade skydd av tr\u00f6skeln sin vardagliga roll. Bevarade blev framf\u00f6r allt de inristade tecknen p\u00e5 gamla byggnader, som idag studeras inom byggnadsforskningen.<\/p><p>\u00c4ven valet av vissa tr\u00e4slag och v\u00e4xter vid ing\u00e5ngen \u00e4r folkloristiskt belagt. P\u00e5 d\u00f6rrar och ovanf\u00f6r ing\u00e5ngar sattes kvistar av fl\u00e4der, en eller r\u00f6nn upp, vilka tillskrevs en avv\u00e4rjande betydelse. S\u00e5dana v\u00e4xtbaserade medel kompletterade de inristade tecknen och f\u00f6rband skydd av tr\u00f6skeln med det vidare omr\u00e5det av skyddsv\u00e4xter.<\/p>\t\t\t\t\t\t\t\t<\/div>\n\t\t\t\t<\/div>\n\t\t\t\t\t<\/div>\n\t\t\t\t<\/div>\n\t\t<div class=\"elementor-element elementor-element-iwgs-schwellensch-s5 e-flex e-con-boxed e-con e-parent\" data-id=\"iwgs-schwellensch-s5\" data-element_type=\"container\" data-e-type=\"container\">\n\t\t\t\t\t<div class=\"e-con-inner\">\n\t\t\t\t<div class=\"elementor-element elementor-element-iwgs-schwellensch-s5h elementor-widget elementor-widget-heading\" data-id=\"iwgs-schwellensch-s5h\" data-element_type=\"widget\" data-e-type=\"widget\" data-widget_type=\"heading.default\">\n\t\t\t\t\t<h2 class=\"elementor-heading-title elementor-size-default\">Exempel fr\u00e5n Asien och andra kulturer<\/h2>\t\t\t\t<\/div>\n\t\t<div class=\"elementor-element elementor-element-iwgs-schwellensch-s5box e-con-full e-flex e-con e-parent\" data-id=\"iwgs-schwellensch-s5box\" data-element_type=\"container\" data-e-type=\"container\">\n\t\t\t\t<div class=\"elementor-element elementor-element-iwgs-schwellensch-s5t elementor-widget elementor-widget-text-editor\" data-id=\"iwgs-schwellensch-s5t\" data-element_type=\"widget\" data-e-type=\"widget\" data-widget_type=\"text-editor.default\">\n\t\t\t\t\t\t\t\t\t<p>I Sydasien l\u00e4ggs golv- och tr\u00f6skelm\u00f6nster av mj\u00f6l, rismj\u00f6l eller f\u00e4rgat pulver framf\u00f6r d\u00f6rrtr\u00f6sklar. Dessa m\u00f6nster smyckar ing\u00e5ngen och markerar den samtidigt som en betydelsefull plats i huset.<\/p><p>I Kina s\u00e4tts spruckelremsor, bilder och tecken upp p\u00e5 d\u00f6rrar, s\u00e4rskilt vid \u00e5rsskiftet. D\u00f6rrbladen och d\u00f6rrkarmen \u00e4r d\u00e4rvid fasta platser f\u00f6r husseden, d\u00e4r tecken med skyddande betydelse f\u00f6rekommer.<\/p><p>I den islamiska v\u00e4rlden \u00e4r inskriptioner, h\u00e4nder och \u00f6gonmotiv som s\u00e4tts upp ovanf\u00f6r ing\u00e5ngar vanliga. Ing\u00e5ngen \u00e4r d\u00e4r en f\u00f6redragen plats f\u00f6r tecken som <a href=\"https:\/\/iwell-guard.com\/sv\/nazar-boncugu-skyddsoga\/\">Nazar Boncu\u011fu<\/a>, som \u00e4r riktat mot den blick som anses skadlig.<\/p><p>I delar av Afrika s\u00e4tts f\u00f6rem\u00e5l, v\u00e4xter och tecken upp vid ing\u00e5ngar f\u00f6r att s\u00e4kra huset. Intr\u00e4det till en g\u00e5rd leder ofta genom ett markerat omr\u00e5de.<\/p><p>\u00d6ver dessa regioner visar sig att ing\u00e5ngen n\u00e4stan \u00f6verallt \u00e4r en plats f\u00f6r egna sedv\u00e4njor. Skydd av tr\u00f6skeln \u00e4r inget <span class=\"iwg-fachbegriff\" data-tooltip=\"Ett \u00e5terkommande inneh\u00e5llsm\u00e4ssigt element i konst eller ber\u00e4ttelse.\" tabindex=\"0\">motiv<\/span> f\u00f6r en enskild kultur, utan en vitt spridd omsorg.<\/p><p>M\u00e5ngfalden av exempel g\u00f6r tydligt att skydd av tr\u00f6skeln b\u00f6r f\u00f6rst\u00e5s som ett till\u00e4mpningsomr\u00e5de. Det uppst\u00e5r \u00f6verallt d\u00e4r ett hus t\u00e4nks som ett skyddat rum med n\u00f6dv\u00e4ndiga \u00f6ppningar.<\/p><p>I det gamla Orienten \u00e4r dessutom inskrivna d\u00f6rrspikar och grundl\u00e4ggningsoffer k\u00e4nda, vilka lades in i tr\u00f6sklar och murar vid byggandet. De n\u00e4mner byggherren och \u00e5kallar samtidigt skydd f\u00f6r byggnaden. Dessa fynd visar att omsorgen om ing\u00e5ngen redan vid husets uppf\u00f6rande hade sin fasta plats.<\/p>\t\t\t\t\t\t\t\t<\/div>\n\t\t\t\t<\/div>\n\t\t\t\t\t<\/div>\n\t\t\t\t<\/div>\n\t\t<div class=\"elementor-element elementor-element-iwgs-schwellensch-s6 e-flex e-con-boxed e-con e-parent\" data-id=\"iwgs-schwellensch-s6\" data-element_type=\"container\" data-e-type=\"container\">\n\t\t\t\t\t<div class=\"e-con-inner\">\n\t\t\t\t<div class=\"elementor-element elementor-element-iwgs-schwellensch-s6h elementor-widget elementor-widget-heading\" data-id=\"iwgs-schwellensch-s6h\" data-element_type=\"widget\" data-e-type=\"widget\" data-widget_type=\"heading.default\">\n\t\t\t\t\t<h2 class=\"elementor-heading-title elementor-size-default\">Anv\u00e4ndning i ritual och vardag<\/h2>\t\t\t\t<\/div>\n\t\t<div class=\"elementor-element elementor-element-iwgs-schwellensch-s6box e-con-full e-flex e-con e-parent\" data-id=\"iwgs-schwellensch-s6box\" data-element_type=\"container\" data-e-type=\"container\">\n\t\t\t\t<div class=\"elementor-element elementor-element-iwgs-schwellensch-s6t elementor-widget elementor-widget-text-editor\" data-id=\"iwgs-schwellensch-s6t\" data-element_type=\"widget\" data-e-type=\"widget\" data-widget_type=\"text-editor.default\">\n\t\t\t\t\t\t\t\t\t<p>Tr\u00f6skelskyddet grundades i vardagen ofta redan vid husbygget. Inmurade f\u00f6rem\u00e5l och inristade tecken tillkom medan byggnaden uppf\u00f6rdes och f\u00f6rblev sedan permanent p\u00e5 sin plats.<\/p><p>Andra former f\u00f6rnyades l\u00f6pande. Utstr\u00f6tt salt, upph\u00e4ngda v\u00e4xter och m\u00e5lade tr\u00f6skelm\u00f6nster m\u00e5ste regelbundet ers\u00e4ttas. Denna f\u00f6rnyelse gjorde tr\u00f6skelskyddet till en \u00e5terkommande <span class=\"iwg-fachbegriff\" data-tooltip=\"En \u00f6verl\u00e4mnad handling som regelbundet upprepas inom en gemenskap.\" tabindex=\"0\">sed<\/span>.<\/p><p>Vissa tillf\u00e4llen f\u00f6rst\u00e4rkte tr\u00f6skelskyddet. Inf\u00f6r k\u00e4nsliga n\u00e4tter, vid h\u00f6gtider eller vid s\u00e4rskilda h\u00e4ndelser i familjens liv f\u00f6rs\u00e5gs d\u00f6rrar och f\u00f6nster ytterligare med tecken eller f\u00f6rem\u00e5l.<\/p><p>\u00c4ven beteendet vid tr\u00f6skeln var reglerat. I m\u00e5nga kulturer anses det opassande eller olyckbringande att st\u00e5 eller stanna p\u00e5 tr\u00f6skeln. S\u00e5dana beteenderegler h\u00f6r till den vidare kretsen kring tr\u00f6skelskyddet.<\/p><p>Tr\u00f6skelskyddet var ofta f\u00f6renat med talade v\u00e4lsignelseord. Vid upps\u00e4ttningen av ett tecken eller vid utstr\u00f6endet av ett \u00e4mne kunde en formel uttalas som \u00e5tf\u00f6ljde handlingen.<\/p><p>Det finns ingen enhetlig ritualordning f\u00f6r tr\u00f6skelskyddet. Den exakta formen berodde p\u00e5 region, byggs\u00e4tt och tradition, vilket den folkloristiska forskningen har fastslagit vid upprepade tillf\u00e4llen.<\/p><p>\u00c4ven vid att l\u00e4mna och betr\u00e4da huset var handlingarna vid tr\u00f6skeln reglerade. Att stiga \u00f6ver tr\u00f6skeln med en best\u00e4md fot och att b\u00e4ra en brud \u00f6ver tr\u00f6skeln h\u00f6r till denna krets. S\u00e5dana seder visar att tr\u00f6skeln inte bara betraktades som en plats f\u00f6r tecken, utan \u00e4ven som en plats f\u00f6r reglerat beteende.<\/p>\t\t\t\t\t\t\t\t<\/div>\n\t\t\t\t<\/div>\n\t\t\t\t\t<\/div>\n\t\t\t\t<\/div>\n\t\t<div class=\"elementor-element elementor-element-iwgs-schwellensch-s7 e-flex e-con-boxed e-con e-parent\" data-id=\"iwgs-schwellensch-s7\" data-element_type=\"container\" data-e-type=\"container\">\n\t\t\t\t\t<div class=\"e-con-inner\">\n\t\t\t\t<div class=\"elementor-element elementor-element-iwgs-schwellensch-s7h elementor-widget elementor-widget-heading\" data-id=\"iwgs-schwellensch-s7h\" data-element_type=\"widget\" data-e-type=\"widget\" data-widget_type=\"heading.default\">\n\t\t\t\t\t<h2 class=\"elementor-heading-title elementor-size-default\">Besl\u00e4ktade skyddsformer och avgr\u00e4nsning<\/h2>\t\t\t\t<\/div>\n\t\t<div class=\"elementor-element elementor-element-iwgs-schwellensch-s7box e-con-full e-flex e-con e-parent\" data-id=\"iwgs-schwellensch-s7box\" data-element_type=\"container\" data-e-type=\"container\">\n\t\t\t\t<div class=\"elementor-element elementor-element-iwgs-schwellensch-s7t elementor-widget elementor-widget-text-editor\" data-id=\"iwgs-schwellensch-s7t\" data-element_type=\"widget\" data-e-type=\"widget\" data-widget_type=\"text-editor.default\">\n\t\t\t\t\t\t\t\t\t<p>Tr\u00f6skelskyddet \u00e4r n\u00e4ra besl\u00e4ktat med skyddscirkeln. B\u00e5da bygger p\u00e5 id\u00e9n om en gr\u00e4ns. Cirkeln omsluter ett omr\u00e5de, medan tr\u00f6skelskyddet s\u00e4krar den enskilda \u00f6ppningen i denna gr\u00e4ns.<\/p><p>Tr\u00f6skelskyddet \u00e4r ocks\u00e5 n\u00e4ra f\u00f6rknippat med f\u00f6rest\u00e4llningen om salt och j\u00e4rn som avv\u00e4rjande \u00e4mnen. H\u00e4stskor \u00f6ver d\u00f6rren och salt p\u00e5 tr\u00f6skeln f\u00f6rbinder ing\u00e5ngsplatsen med det \u00e4mne som anv\u00e4nds d\u00e4r.<\/p><p>M\u00e5nga f\u00f6rem\u00e5l som placeras vid ing\u00e5ngen \u00e4r samtidigt <a href=\"https:\/\/iwell-guard.com\/sv\/amulett-talisman-skyddstecken-grunderna\/\">amuletter och talismaner<\/a>. \u00d6gonmotivet \u00f6ver d\u00f6rren eller den upph\u00e4ngda handen \u00e4r frist\u00e5ende skyddstecken som h\u00e4r anv\u00e4nds vid tr\u00f6skeln.<\/p><p>Till skillnad fr\u00e5n det rena <span class=\"iwg-fachbegriff\" data-tooltip=\"Ett buret f\u00f6rem\u00e5l som anses ha en skyddande, olycksavv\u00e4rjande verkan.\" tabindex=\"0\">amulettet<\/span> k\u00e4nnetecknas tr\u00f6skelskyddet av sin platsbundenhet. Ett <span class=\"iwg-fachbegriff\" data-tooltip=\"Ett buret f\u00f6rem\u00e5l som anses ha en skyddande, olycksavv\u00e4rjande verkan.\" tabindex=\"0\">amulett<\/span> kan b\u00e4ras p\u00e5 kroppen. Tr\u00f6skelskyddet \u00e4r d\u00e4remot bundet till en fast plats i byggnaden.<\/p><p>En gr\u00e4ns finns mot ren byggnadsdekor. Utsmyckningar p\u00e5 d\u00f6rrar och f\u00f6nster beh\u00f6ver inte ha en skyddande tolkning. Avg\u00f6rande \u00e4r om ett tecken vid ing\u00e5ngen tillskrevs en avv\u00e4rjande funktion.<\/p><p>Denna avgr\u00e4nsning i f\u00f6rh\u00e5llande till n\u00e4rliggande begrepp hj\u00e4lper till att precisera tr\u00f6skelskyddet. Det \u00e4r ett platsbundet till\u00e4mpningsomr\u00e5de som samlar frist\u00e5ende skyddstecken, \u00e4mnen och handlingar vid ing\u00e5ngen.<\/p>\t\t\t\t\t\t\t\t<\/div>\n\t\t\t\t<\/div>\n\t\t\t\t\t<\/div>\n\t\t\t\t<\/div>\n\t\t<div class=\"elementor-element elementor-element-iwgs-schwellensch-s8 e-flex e-con-boxed e-con e-parent\" data-id=\"iwgs-schwellensch-s8\" data-element_type=\"container\" data-e-type=\"container\">\n\t\t\t\t\t<div class=\"e-con-inner\">\n\t\t\t\t<div class=\"elementor-element elementor-element-iwgs-schwellensch-s8h elementor-widget elementor-widget-heading\" data-id=\"iwgs-schwellensch-s8h\" data-element_type=\"widget\" data-e-type=\"widget\" data-widget_type=\"heading.default\">\n\t\t\t\t\t<h2 class=\"elementor-heading-title elementor-size-default\">Nutida mottagande av tr\u00f6skelskyddet<\/h2>\t\t\t\t<\/div>\n\t\t<div class=\"elementor-element elementor-element-iwgs-schwellensch-s8box e-con-full e-flex e-con e-parent\" data-id=\"iwgs-schwellensch-s8box\" data-element_type=\"container\" data-e-type=\"container\">\n\t\t\t\t<div class=\"elementor-element elementor-element-iwgs-schwellensch-s8t elementor-widget elementor-widget-text-editor\" data-id=\"iwgs-schwellensch-s8t\" data-element_type=\"widget\" data-e-type=\"widget\" data-widget_type=\"text-editor.default\">\n\t\t\t\t\t\t\t\t\t<p>N\u00e5gra former av tr\u00f6skelskydd lever kvar \u00e4n i dag. Den judiska skriftkapseln vid d\u00f6rrposten \u00e4r en del av dagens religi\u00f6sa praxis. \u00c4ven h\u00e4stskon \u00f6ver d\u00f6rren s\u00e4tts fortfarande upp p\u00e5 m\u00e5nga h\u00e5ll, oftast snarare som <span class=\"iwg-fachbegriff\" data-tooltip=\"En \u00f6verl\u00e4mnad handling som regelbundet upprepas inom en gemenskap.\" tabindex=\"0\">sed<\/span> \u00e4n som skyddsmedel.<\/p><p>Inom byggnadsforskningen och <span class=\"iwg-fachbegriff\" data-tooltip=\"Vetenskapen som studerar vardagskultur, seder och \u00f6verl\u00e4mnade f\u00f6rest\u00e4llningar.\" tabindex=\"0\">folkloristiken<\/span> \u00e4r inristade tecken p\u00e5 gamla byggnader ett erk\u00e4nt forskningsobjekt. De registreras, dateras och tolkas som vittnesb\u00f6rd om tidigare husseder.<\/p><p>I modern <span class=\"iwg-fachbegriff\" data-tooltip=\"Samlingsbegrepp f\u00f6r l\u00e4ror som g\u00f6r anspr\u00e5k p\u00e5 en dold kunskap som endast \u00e4r tillg\u00e4nglig f\u00f6r invigda.\" tabindex=\"0\">esoterik<\/span> och i popul\u00e4ra r\u00e5dgivare tas tr\u00f6skelskyddet ibland upp. S\u00e5dana erbjudanden b\u00f6r betraktas kritiskt, eftersom de verkningar som tillskrivs dem inte \u00e4r belagda.<\/p><p>I popul\u00e4rkulturen framtr\u00e4der tr\u00f6sklar och ing\u00e5ngar ofta som platser f\u00f6r \u00f6verg\u00e5ng och fara. Filmer och ber\u00e4ttelser tar upp den gamla f\u00f6rest\u00e4llningen om tr\u00f6skeln som en k\u00e4nslig plats.<\/p><p>F\u00f6r <span class=\"iwg-fachbegriff\" data-tooltip=\"Vetenskapen som j\u00e4mf\u00f6rande och utan trosbundenhet studerar religioner.\" tabindex=\"0\">religionsvetenskapen<\/span> \u00e4r tr\u00f6skelskyddet ett tydligt exempel p\u00e5 en skyddsprincip som \u00e4r bunden till en best\u00e4md plats. Det visar hur f\u00f6rest\u00e4llningen om den utsatta \u00f6verg\u00e5ngen har gett upphov till seder i m\u00e5nga kulturer.<\/p><p>Den som i dag \u00e4gnar sig \u00e5t tr\u00f6skelskyddet finner d\u00e4ri framf\u00f6r allt ett kulturhistoriskt \u00e4mne. Ett sakligt f\u00f6rh\u00e5llningss\u00e4tt skiljer sedens belagda historia fr\u00e5n moderna verkansl\u00f6ften som inte h\u00e5ller f\u00f6r en granskning.<\/p><p>\u00c4ven arkitekturhistorien har unders\u00f6kt ing\u00e5ngen som en betydelsefull plats. D\u00f6rr\u00f6verstycken, d\u00f6rromfattningar och tr\u00f6skelstenar utformades ofta med s\u00e4rskild omsorg och f\u00f6rs\u00e5gs med inskriptioner. Denna byggnadsm\u00e4ssiga betoning av ing\u00e5ngen motsvarar f\u00f6rest\u00e4llningen att \u00f6verg\u00e5ngen f\u00f6rtj\u00e4nar s\u00e4rskild uppm\u00e4rksamhet.<\/p>\t\t\t\t\t\t\t\t<\/div>\n\t\t\t\t<\/div>\n\t\t\t\t\t<\/div>\n\t\t\t\t<\/div>\n\t\t<div class=\"elementor-element elementor-element-iwgs-schwellensch-lit e-flex e-con-boxed e-con e-parent\" data-id=\"iwgs-schwellensch-lit\" data-element_type=\"container\" data-e-type=\"container\">\n\t\t\t\t\t<div class=\"e-con-inner\">\n\t\t\t\t<div class=\"elementor-element elementor-element-iwgs-schwellensch-lith elementor-widget elementor-widget-heading\" data-id=\"iwgs-schwellensch-lith\" data-element_type=\"widget\" data-e-type=\"widget\" data-widget_type=\"heading.default\">\n\t\t\t\t\t<h2 class=\"elementor-heading-title elementor-size-default\">Litteratur (urval)<\/h2>\t\t\t\t<\/div>\n\t\t<div class=\"elementor-element elementor-element-iwgs-schwellensch-litbox e-con-full e-flex e-con e-parent\" data-id=\"iwgs-schwellensch-litbox\" data-element_type=\"container\" data-e-type=\"container\">\n\t\t\t\t<div class=\"elementor-element elementor-element-iwgs-schwellensch-litt elementor-widget elementor-widget-html\" data-id=\"iwgs-schwellensch-litt\" data-element_type=\"widget\" data-e-type=\"widget\" data-widget_type=\"html.default\">\n\t\t\t\t\t<footer data-nosnippet=\"true\"><ul><li>Hanns B\u00e4chtold-St\u00e4ubli (red.): <em>Handw\u00f6rterbuch des deutschen Aberglaubens<\/em> (1927-1942)<\/li><li>Liselotte Hansmann, Lenz Kriss-Rettenbeck: <em>Amulett und Talisman. Erscheinungsform und Geschichte<\/em> (1966)<\/li><li>Arnold van Gennep: <em>Les rites de passage<\/em> (1909)<\/li><li>Carlo Ginzburg: <em>Die Benandanti. Feldkulte und Hexenwesen im 16. und 17. Jahrhundert<\/em> (1966)<\/li><li>Jeremy Black, Anthony Green: <em>Gods, Demons and Symbols of Ancient Mesopotamia<\/em> (1992)<\/li><\/ul><\/footer>\t\t\t\t<\/div>\n\t\t\t\t<\/div>\n\t\t\t\t\t<\/div>\n\t\t\t\t<\/div>\n\t\t<div class=\"elementor-element elementor-element-iwgs-schwellensch-kwd e-flex e-con-boxed e-con e-parent\" data-id=\"iwgs-schwellensch-kwd\" data-element_type=\"container\" data-e-type=\"container\">\n\t\t\t\t\t<div class=\"e-con-inner\">\n\t\t\t\t<div class=\"elementor-element elementor-element-iwgs-schwellensch-kwdt elementor-widget elementor-widget-text-editor\" data-id=\"iwgs-schwellensch-kwdt\" data-element_type=\"widget\" data-e-type=\"widget\" data-widget_type=\"text-editor.default\">\n\t\t\t\t\t\t\t\t\t<p><em>Relaterade nyckelbegrepp: tr\u00f6skelskydd d\u00f6rrtr\u00f6skel husing\u00e5ng d\u00f6rrskydd f\u00f6nsterskydd h\u00e4stsko tr\u00f6skelm\u00f6nster inristade tecken ing\u00e5ng <span class=\"iwg-fachbegriff\" data-tooltip=\"Olycksavv\u00e4rjande: om tecken och objekt som ska h\u00e5lla skadliga inflytelser p\u00e5 avst\u00e5nd.\" tabindex=\"0\">apotrop\u00e4isk<\/span>.<\/em><\/p>\t\t\t\t\t\t\t\t<\/div>\n\t\t\t\t\t<\/div>\n\t\t\t\t<\/div>\n\t\t<div class=\"elementor-element elementor-element-iwgs-schwellensch-cc e-flex e-con-boxed e-con e-parent\" data-id=\"iwgs-schwellensch-cc\" data-element_type=\"container\" data-e-type=\"container\" id=\"iwg-cc-schwellenschutz\">\n\t\t\t\t\t<div class=\"e-con-inner\">\n\t\t<div class=\"elementor-element elementor-element-iwgs-schwellensch-ccinner e-flex e-con-boxed e-con e-parent\" data-id=\"iwgs-schwellensch-ccinner\" data-element_type=\"container\" data-e-type=\"container\" data-settings=\"{&quot;background_background&quot;:&quot;classic&quot;}\">\n\t\t\t\t\t<div class=\"e-con-inner\">\n\t\t\t\t<div class=\"elementor-element elementor-element-iwgs-schwellensch-cch elementor-widget elementor-widget-heading\" data-id=\"iwgs-schwellensch-cch\" data-element_type=\"widget\" data-e-type=\"widget\" data-widget_type=\"heading.default\">\n\t\t\t\t\t<h2 class=\"elementor-heading-title elementor-size-default\">iWell Guard och skyddstraditioner<\/h2>\t\t\t\t<\/div>\n\t\t\t\t<div class=\"elementor-element elementor-element-iwgs-schwellensch-cct elementor-widget elementor-widget-text-editor\" data-id=\"iwgs-schwellensch-cct\" data-element_type=\"widget\" data-e-type=\"widget\" data-widget_type=\"text-editor.default\">\n\t\t\t\t\t\t\t\t\t<p>iWell Guard st\u00e5r i den kulturhistoriska traditionen av b\u00e4rbara skyddsobjekt, till vilken \u00e4ven tr\u00f6skelskyddet h\u00f6r. En modern f\u00f6ljeslagare f\u00f6r m\u00e4nniskor som lever med skyddssymboler: tillverkad i Tyskland, 41 lager av \u00e4kta guld, platina och silver, med 30 dagars returr\u00e4tt.<\/p>\t\t\t\t\t\t\t\t<\/div>\n\t\t\t\t<div class=\"elementor-element elementor-element-iwgs-schwellensch-ccb iwg-cc-button iwg-cc-cta-2026-05-13 elementor-widget elementor-widget-jet-button\" data-id=\"iwgs-schwellensch-ccb\" data-element_type=\"widget\" data-e-type=\"widget\" data-widget_type=\"jet-button.default\">\n\t\t\t\t<div class=\"elementor-widget-container\">\n\t\t\t\t\t<div class=\"elementor-jet-button jet-elements\"><div class=\"jet-button__container\"><a class=\"jet-button__instance jet-button__instance--icon-left hover-effect-1\" href=\"\/schutzanhaenger-iwell-guard-kaufen\/?utm_source=iwell-guard.com&amp;utm_medium=info-box&amp;utm_campaign=schutzsymbole\"><div class=\"jet-button__plane jet-button__plane-normal\"><\/div><div class=\"jet-button__plane jet-button__plane-hover\"><\/div><div class=\"jet-button__state jet-button__state-normal\"><span class=\"jet-button__label\">Mer om iWell Guard<\/span><\/div><div class=\"jet-button__state jet-button__state-hover\"><span class=\"jet-button__label\">Mer om iWell Guard<\/span><\/div><\/a><\/div><\/div><style>.elementor-element.elementor-element-iwgs-schwellensch-ccb .jet-button__instance{width:320px;height:56px;}.elementor-element.elementor-element-iwgs-schwellensch-ccb .jet-button__state-normal .jet-button__label{text-align:center;margin:0px 0px 0px 0px;color:#1a1b20;font-family:Montserrat,sans-serif;font-size:13px;font-weight:400;letter-spacing:4px;line-height:1.714em;text-transform:uppercase;}.elementor-element.elementor-element-iwgs-schwellensch-ccb .jet-button__state-hover .jet-button__label{text-align:center;margin:0px 0px 0px 0px;color:#FECC76;font-family:Montserrat,sans-serif;font-size:13px;font-weight:400;letter-spacing:4px;line-height:1.714em;text-transform:uppercase;}.elementor-element.elementor-element-iwgs-schwellensch-ccb .jet-button__plane-normal{background-color:#FECC76;border-style:solid;border-color:#C99540;border-width:2px 2px 2px 2px;}.elementor-element.elementor-element-iwgs-schwellensch-ccb .jet-button__plane-hover{background-color:rgba(0,0,0,0.55);border-style:solid;border-color:#FECC76;border-width:2px 2px 2px 2px;}<\/style>\t\t\t\t<\/div>\n\t\t\t\t<\/div>\n\t\t\t\t<div class=\"elementor-element elementor-element-iwgs-schwellensch-ccd elementor-widget elementor-widget-text-editor\" data-id=\"iwgs-schwellensch-ccd\" data-element_type=\"widget\" data-e-type=\"widget\" data-widget_type=\"text-editor.default\">\n\t\t\t\t\t\t\t\t\t<p style=\"text-align:center;font-size:13px;opacity:0.7;margin-top:14px\" data-nosnippet=\"true\">Personliga erfarenheter kan variera. Ingen medicinteknisk produkt. Inget l\u00f6fte om l\u00e4kning.<\/p>\t\t\t\t\t\t\t\t<\/div>\n\t\t\t\t\t<\/div>\n\t\t\t\t<\/div>\n\t\t\t\t\t<\/div>\n\t\t\t\t<\/div>\n\t\t<div class=\"elementor-element elementor-element-iwgs-schwellensch-disc e-flex e-con-boxed e-con e-parent\" data-id=\"iwgs-schwellensch-disc\" data-element_type=\"container\" data-e-type=\"container\">\n\t\t\t\t\t<div class=\"e-con-inner\">\n\t\t\t\t<div class=\"elementor-element elementor-element-iwgs-schwellensch-discw elementor-widget elementor-widget-html\" data-id=\"iwgs-schwellensch-discw\" data-element_type=\"widget\" data-e-type=\"widget\" data-widget_type=\"html.default\">\n\t\t\t\t\t<footer data-nosnippet=\"true\" class=\"iwg-disclaimer-block\"><p data-nosnippet=\"true\">iWell Guard \u00e4r <strong>ingen medicinteknisk produkt<\/strong> och ers\u00e4tter ingen l\u00e4karbehandling eller psykoterapeutisk behandling. Inneh\u00e5llet som presenteras h\u00e4r \u00e4r en religionsvetenskaplig och kulturhistorisk kontextualisering, inget l\u00f6fte om andlig verkan.<\/p><\/footer>\t\t\t\t<\/div>\n\t\t\t\t\t<\/div>\n\t\t\t\t<\/div>\n\t\t\t\t<\/div>\n\t\t","protected":false},"excerpt":{"rendered":"","protected":false},"author":3,"featured_media":3579,"parent":0,"menu_order":0,"comment_status":"closed","ping_status":"closed","template":"elementor_header_footer","meta":{"_yoast_wpseo_focuskw":"Tr\u00f6skelskydd","_yoast_wpseo_title":"Tr\u00f6skelskydd vid d\u00f6rr och f\u00f6nster","_yoast_wpseo_metadesc":"Tr\u00f6skelskydd som skyddsprincip: varf\u00f6r d\u00f6rrtr\u00f6skel, f\u00f6nster och husentr\u00e9 skyddades, med exempel fr\u00e5n antiken, folkmagi och Asien.","_yoast_wpseo_meta-robots-noindex":"","_yoast_wpseo_canonical":"","_angie_page":false,"gefaehrdungsstufe":"","wesen_kultur":"","wesen_klasse":"","footnotes":""},"categories":[],"class_list":["post-137153","page","type-page","status-publish","has-post-thumbnail","hentry"],"yoast_head":"<!-- This site is optimized with the Yoast SEO Premium plugin v27.7 (Yoast SEO v28.3) - https:\/\/yoast.com\/product\/yoast-seo-premium-wordpress\/ -->\n<title>Tr\u00f6skelskydd vid d\u00f6rr och f\u00f6nster<\/title>\n<meta name=\"description\" content=\"Tr\u00f6skelskydd som skyddsprincip: varf\u00f6r d\u00f6rrtr\u00f6skel, f\u00f6nster och husentr\u00e9 skyddades, med exempel fr\u00e5n antiken, folkmagi och Asien.\" \/>\n<meta name=\"robots\" content=\"index, follow, max-snippet:-1, max-image-preview:large, max-video-preview:-1\" \/>\n<link rel=\"canonical\" href=\"https:\/\/iwell-guard.com\/sv\/troskelskydd-dorr-fonster-husentre\/\" \/>\n<meta property=\"og:locale\" content=\"sv_SE\" \/>\n<meta property=\"og:type\" content=\"article\" \/>\n<meta property=\"og:title\" content=\"Tr\u00f6skelskydd: d\u00f6rr, f\u00f6nster och husentr\u00e9\" \/>\n<meta property=\"og:description\" content=\"Tr\u00f6skelskydd som skyddsprincip: varf\u00f6r d\u00f6rrtr\u00f6skel, f\u00f6nster och husentr\u00e9 skyddades, med exempel fr\u00e5n antiken, folkmagi och Asien.\" \/>\n<meta property=\"og:url\" content=\"https:\/\/iwell-guard.com\/sv\/troskelskydd-dorr-fonster-husentre\/\" \/>\n<meta property=\"og:site_name\" content=\"iWell Guard\" \/>\n<meta property=\"article:modified_time\" content=\"2026-09-03T01:21:50+00:00\" \/>\n<meta property=\"og:image\" content=\"https:\/\/iwell-guard.com\/wp-content\/uploads\/2026\/05\/schutzsymbol_universell_schwellenschutz.webp\" \/>\n\t<meta property=\"og:image:width\" content=\"1024\" \/>\n\t<meta property=\"og:image:height\" content=\"1536\" \/>\n\t<meta property=\"og:image:type\" content=\"image\/webp\" \/>\n<meta name=\"twitter:card\" content=\"summary_large_image\" \/>\n<script type=\"application\/ld+json\" class=\"yoast-schema-graph\">{\"@context\":\"https:\\\/\\\/schema.org\",\"@graph\":[{\"@type\":\"WebPage\",\"@id\":\"https:\\\/\\\/iwell-guard.com\\\/sv\\\/troskelskydd-dorr-fonster-husentre\\\/\",\"url\":\"https:\\\/\\\/iwell-guard.com\\\/sv\\\/troskelskydd-dorr-fonster-husentre\\\/\",\"name\":\"Tr\u00f6skelskydd vid d\u00f6rr och f\u00f6nster\",\"isPartOf\":{\"@id\":\"https:\\\/\\\/iwell-guard.com\\\/sv\\\/#website\"},\"primaryImageOfPage\":{\"@id\":\"https:\\\/\\\/iwell-guard.com\\\/sv\\\/troskelskydd-dorr-fonster-husentre\\\/#primaryimage\"},\"image\":{\"@id\":\"https:\\\/\\\/iwell-guard.com\\\/sv\\\/troskelskydd-dorr-fonster-husentre\\\/#primaryimage\"},\"thumbnailUrl\":\"https:\\\/\\\/iwell-guard.com\\\/wp-content\\\/uploads\\\/2026\\\/05\\\/schutzsymbol_universell_schwellenschutz.webp\",\"datePublished\":\"2026-09-03T00:13:15+00:00\",\"dateModified\":\"2026-09-03T01:21:50+00:00\",\"description\":\"Tr\u00f6skelskydd som skyddsprincip: varf\u00f6r d\u00f6rrtr\u00f6skel, f\u00f6nster och husentr\u00e9 skyddades, med exempel fr\u00e5n antiken, folkmagi och Asien.\",\"breadcrumb\":{\"@id\":\"https:\\\/\\\/iwell-guard.com\\\/sv\\\/troskelskydd-dorr-fonster-husentre\\\/#breadcrumb\"},\"inLanguage\":\"sv-SE\",\"potentialAction\":[{\"@type\":\"ReadAction\",\"target\":[\"https:\\\/\\\/iwell-guard.com\\\/sv\\\/troskelskydd-dorr-fonster-husentre\\\/\"]}]},{\"@type\":\"ImageObject\",\"inLanguage\":\"sv-SE\",\"@id\":\"https:\\\/\\\/iwell-guard.com\\\/sv\\\/troskelskydd-dorr-fonster-husentre\\\/#primaryimage\",\"url\":\"https:\\\/\\\/iwell-guard.com\\\/wp-content\\\/uploads\\\/2026\\\/05\\\/schutzsymbol_universell_schwellenschutz.webp\",\"contentUrl\":\"https:\\\/\\\/iwell-guard.com\\\/wp-content\\\/uploads\\\/2026\\\/05\\\/schutzsymbol_universell_schwellenschutz.webp\",\"width\":1024,\"height\":1536,\"caption\":\"Skyddssymbol. Stilleben-illustration i museistil.\"},{\"@type\":\"BreadcrumbList\",\"@id\":\"https:\\\/\\\/iwell-guard.com\\\/sv\\\/troskelskydd-dorr-fonster-husentre\\\/#breadcrumb\",\"itemListElement\":[{\"@type\":\"ListItem\",\"position\":1,\"name\":\"Start\",\"item\":\"https:\\\/\\\/iwell-guard.com\\\/sv\\\/?page_id=136483\"},{\"@type\":\"ListItem\",\"position\":2,\"name\":\"Tr\u00f6skelskydd: d\u00f6rr, f\u00f6nster och husentr\u00e9\"}]},{\"@type\":\"WebSite\",\"@id\":\"https:\\\/\\\/iwell-guard.com\\\/sv\\\/#website\",\"url\":\"https:\\\/\\\/iwell-guard.com\\\/sv\\\/\",\"name\":\"iWell Guard\",\"description\":\"Schutz vor dunklen Einfl\u00fcssen\",\"publisher\":{\"@id\":\"https:\\\/\\\/iwell-guard.com\\\/sv\\\/#organization\"},\"potentialAction\":[{\"@type\":\"SearchAction\",\"target\":{\"@type\":\"EntryPoint\",\"urlTemplate\":\"https:\\\/\\\/iwell-guard.com\\\/sv\\\/?s={search_term_string}\"},\"query-input\":{\"@type\":\"PropertyValueSpecification\",\"valueRequired\":true,\"valueName\":\"search_term_string\"}}],\"inLanguage\":\"sv-SE\"},{\"@type\":\"Organization\",\"@id\":\"https:\\\/\\\/iwell-guard.com\\\/sv\\\/#organization\",\"name\":\"Ittermann electronic GmbH\",\"url\":\"https:\\\/\\\/iwell-guard.com\\\/sv\\\/\",\"logo\":{\"@type\":\"ImageObject\",\"inLanguage\":\"sv-SE\",\"@id\":\"https:\\\/\\\/iwell-guard.com\\\/sv\\\/#\\\/schema\\\/logo\\\/image\\\/\",\"url\":\"https:\\\/\\\/iwell-guard.com\\\/wp-content\\\/uploads\\\/2026\\\/05\\\/Ittermann-Logo-1182x237-1.png\",\"contentUrl\":\"https:\\\/\\\/iwell-guard.com\\\/wp-content\\\/uploads\\\/2026\\\/05\\\/Ittermann-Logo-1182x237-1.png\",\"width\":1182,\"height\":237,\"caption\":\"Ittermann electronic GmbH\"},\"image\":{\"@id\":\"https:\\\/\\\/iwell-guard.com\\\/sv\\\/#\\\/schema\\\/logo\\\/image\\\/\"},\"sameAs\":[\"https:\\\/\\\/pantip.com\\\/profile\\\/9367242\",\"https:\\\/\\\/micro.blog\\\/iwellguard\",\"https:\\\/\\\/www.diggerslist.com\\\/iwellguard\\\/about\",\"https:\\\/\\\/skitterphoto.com\\\/photographers\\\/2870314\\\/iwell-guard\",\"https:\\\/\\\/iwellguard.wordpress.com\\\/2026\\\/06\\\/06\\\/iwell-guard\\\/\",\"https:\\\/\\\/hub.docker.com\\\/u\\\/iwellguard\",\"https:\\\/\\\/www.pinterest.com\\\/iwellguard\\\/\",\"https:\\\/\\\/bit.ly\\\/m\\\/iwellguard\",\"https:\\\/\\\/entre-vos-mains.alsace.eu\\\/profiles\\\/iwellguard\\\/activity\",\"https:\\\/\\\/gravatar.com\\\/reallybeded8fd34\",\"https:\\\/\\\/naijamatta.com\\\/iwellguard\",\"https:\\\/\\\/www.goodreads.com\\\/iwellguard\",\"https:\\\/\\\/profile.hatena.ne.jp\\\/iwellguard\\\/\",\"https:\\\/\\\/experiment.com\\\/users\\\/iwellguard\",\"https:\\\/\\\/wakelet.com\\\/@iWellGuard82270\",\"https:\\\/\\\/www.chordie.com\\\/forum\\\/profile.php?id=2555664\",\"https:\\\/\\\/www.instapaper.com\\\/p\\\/17757966\",\"https:\\\/\\\/www.mapleprimes.com\\\/users\\\/iwellguard\",\"https:\\\/\\\/businesslistingplus.com\\\/profile\\\/iwell-guard\\\/\",\"https:\\\/\\\/telegra.ph\\\/iWell-Guard-06-06\",\"https:\\\/\\\/pbase.com\\\/iwellguard\\\/iwellguard\",\"https:\\\/\\\/b.hatena.ne.jp\\\/iwellguard\\\/20260607#bookmark-4788405196491818882\",\"https:\\\/\\\/fliphtml5.com\\\/home\\\/iwellguard\",\"https:\\\/\\\/anyflip.com\\\/homepage\\\/cmiwl#About\",\"https:\\\/\\\/transfur.com\\\/Users\\\/iwellguard\",\"http:\\\/\\\/delphi.larsbo.org\\\/user\\\/iwellguard\",\"https:\\\/\\\/jobs.lajobsportal.org\\\/profiles\\\/8380803-iwell-guard\",\"https:\\\/\\\/md.chaosdorf.de\\\/s\\\/jfbe5SBdJD\",\"https:\\\/\\\/www.lingvolive.com\\\/en-us\\\/profile\\\/9ecaeaca-ce11-4e51-9e71-01d55e2bff36\\\/translations\",\"https:\\\/\\\/www.fitday.com\\\/fitness\\\/forums\\\/members\\\/iwellguard.html\",\"https:\\\/\\\/www.mymeetbook.com\\\/iwellguard\",\"https:\\\/\\\/pxhere.com\\\/en\\\/photographer-me\\\/5040798\",\"https:\\\/\\\/disqus.com\\\/by\\\/iwellguard\\\/about\\\/\",\"https:\\\/\\\/pastelink.net\\\/hjwciqwq\",\"https:\\\/\\\/pubhtml5.com\\\/homepage\\\/scjhn\\\/\",\"https:\\\/\\\/www.bitchute.com\\\/channel\\\/2O2eOKzNqujT\",\"https:\\\/\\\/audiomack.com\\\/iwellguard\"]}]}<\/script>\n<!-- \/ Yoast SEO Premium plugin. -->","yoast_head_json":{"title":"Tr\u00f6skelskydd vid d\u00f6rr och f\u00f6nster","description":"Tr\u00f6skelskydd som skyddsprincip: varf\u00f6r d\u00f6rrtr\u00f6skel, f\u00f6nster och husentr\u00e9 skyddades, med exempel fr\u00e5n antiken, folkmagi och Asien.","robots":{"index":"index","follow":"follow","max-snippet":"max-snippet:-1","max-image-preview":"max-image-preview:large","max-video-preview":"max-video-preview:-1"},"canonical":"https:\/\/iwell-guard.com\/sv\/troskelskydd-dorr-fonster-husentre\/","og_locale":"sv_SE","og_type":"article","og_title":"Tr\u00f6skelskydd: d\u00f6rr, f\u00f6nster och husentr\u00e9","og_description":"Tr\u00f6skelskydd som skyddsprincip: varf\u00f6r d\u00f6rrtr\u00f6skel, f\u00f6nster och husentr\u00e9 skyddades, med exempel fr\u00e5n antiken, folkmagi och Asien.","og_url":"https:\/\/iwell-guard.com\/sv\/troskelskydd-dorr-fonster-husentre\/","og_site_name":"iWell Guard","article_modified_time":"2026-09-03T01:21:50+00:00","og_image":[{"width":1024,"height":1536,"url":"https:\/\/iwell-guard.com\/wp-content\/uploads\/2026\/05\/schutzsymbol_universell_schwellenschutz.webp","type":"image\/webp"}],"twitter_card":"summary_large_image","schema":{"@context":"https:\/\/schema.org","@graph":[{"@type":"WebPage","@id":"https:\/\/iwell-guard.com\/sv\/troskelskydd-dorr-fonster-husentre\/","url":"https:\/\/iwell-guard.com\/sv\/troskelskydd-dorr-fonster-husentre\/","name":"Tr\u00f6skelskydd vid d\u00f6rr och f\u00f6nster","isPartOf":{"@id":"https:\/\/iwell-guard.com\/sv\/#website"},"primaryImageOfPage":{"@id":"https:\/\/iwell-guard.com\/sv\/troskelskydd-dorr-fonster-husentre\/#primaryimage"},"image":{"@id":"https:\/\/iwell-guard.com\/sv\/troskelskydd-dorr-fonster-husentre\/#primaryimage"},"thumbnailUrl":"https:\/\/iwell-guard.com\/wp-content\/uploads\/2026\/05\/schutzsymbol_universell_schwellenschutz.webp","datePublished":"2026-09-03T00:13:15+00:00","dateModified":"2026-09-03T01:21:50+00:00","description":"Tr\u00f6skelskydd som skyddsprincip: varf\u00f6r d\u00f6rrtr\u00f6skel, f\u00f6nster och husentr\u00e9 skyddades, med exempel fr\u00e5n antiken, folkmagi och Asien.","breadcrumb":{"@id":"https:\/\/iwell-guard.com\/sv\/troskelskydd-dorr-fonster-husentre\/#breadcrumb"},"inLanguage":"sv-SE","potentialAction":[{"@type":"ReadAction","target":["https:\/\/iwell-guard.com\/sv\/troskelskydd-dorr-fonster-husentre\/"]}]},{"@type":"ImageObject","inLanguage":"sv-SE","@id":"https:\/\/iwell-guard.com\/sv\/troskelskydd-dorr-fonster-husentre\/#primaryimage","url":"https:\/\/iwell-guard.com\/wp-content\/uploads\/2026\/05\/schutzsymbol_universell_schwellenschutz.webp","contentUrl":"https:\/\/iwell-guard.com\/wp-content\/uploads\/2026\/05\/schutzsymbol_universell_schwellenschutz.webp","width":1024,"height":1536,"caption":"Skyddssymbol. Stilleben-illustration i museistil."},{"@type":"BreadcrumbList","@id":"https:\/\/iwell-guard.com\/sv\/troskelskydd-dorr-fonster-husentre\/#breadcrumb","itemListElement":[{"@type":"ListItem","position":1,"name":"Start","item":"https:\/\/iwell-guard.com\/sv\/?page_id=136483"},{"@type":"ListItem","position":2,"name":"Tr\u00f6skelskydd: d\u00f6rr, f\u00f6nster och husentr\u00e9"}]},{"@type":"WebSite","@id":"https:\/\/iwell-guard.com\/sv\/#website","url":"https:\/\/iwell-guard.com\/sv\/","name":"iWell Guard","description":"Schutz vor dunklen Einfl\u00fcssen","publisher":{"@id":"https:\/\/iwell-guard.com\/sv\/#organization"},"potentialAction":[{"@type":"SearchAction","target":{"@type":"EntryPoint","urlTemplate":"https:\/\/iwell-guard.com\/sv\/?s={search_term_string}"},"query-input":{"@type":"PropertyValueSpecification","valueRequired":true,"valueName":"search_term_string"}}],"inLanguage":"sv-SE"},{"@type":"Organization","@id":"https:\/\/iwell-guard.com\/sv\/#organization","name":"Ittermann electronic GmbH","url":"https:\/\/iwell-guard.com\/sv\/","logo":{"@type":"ImageObject","inLanguage":"sv-SE","@id":"https:\/\/iwell-guard.com\/sv\/#\/schema\/logo\/image\/","url":"https:\/\/iwell-guard.com\/wp-content\/uploads\/2026\/05\/Ittermann-Logo-1182x237-1.png","contentUrl":"https:\/\/iwell-guard.com\/wp-content\/uploads\/2026\/05\/Ittermann-Logo-1182x237-1.png","width":1182,"height":237,"caption":"Ittermann electronic GmbH"},"image":{"@id":"https:\/\/iwell-guard.com\/sv\/#\/schema\/logo\/image\/"},"sameAs":["https:\/\/pantip.com\/profile\/9367242","https:\/\/micro.blog\/iwellguard","https:\/\/www.diggerslist.com\/iwellguard\/about","https:\/\/skitterphoto.com\/photographers\/2870314\/iwell-guard","https:\/\/iwellguard.wordpress.com\/2026\/06\/06\/iwell-guard\/","https:\/\/hub.docker.com\/u\/iwellguard","https:\/\/www.pinterest.com\/iwellguard\/","https:\/\/bit.ly\/m\/iwellguard","https:\/\/entre-vos-mains.alsace.eu\/profiles\/iwellguard\/activity","https:\/\/gravatar.com\/reallybeded8fd34","https:\/\/naijamatta.com\/iwellguard","https:\/\/www.goodreads.com\/iwellguard","https:\/\/profile.hatena.ne.jp\/iwellguard\/","https:\/\/experiment.com\/users\/iwellguard","https:\/\/wakelet.com\/@iWellGuard82270","https:\/\/www.chordie.com\/forum\/profile.php?id=2555664","https:\/\/www.instapaper.com\/p\/17757966","https:\/\/www.mapleprimes.com\/users\/iwellguard","https:\/\/businesslistingplus.com\/profile\/iwell-guard\/","https:\/\/telegra.ph\/iWell-Guard-06-06","https:\/\/pbase.com\/iwellguard\/iwellguard","https:\/\/b.hatena.ne.jp\/iwellguard\/20260607#bookmark-4788405196491818882","https:\/\/fliphtml5.com\/home\/iwellguard","https:\/\/anyflip.com\/homepage\/cmiwl#About","https:\/\/transfur.com\/Users\/iwellguard","http:\/\/delphi.larsbo.org\/user\/iwellguard","https:\/\/jobs.lajobsportal.org\/profiles\/8380803-iwell-guard","https:\/\/md.chaosdorf.de\/s\/jfbe5SBdJD","https:\/\/www.lingvolive.com\/en-us\/profile\/9ecaeaca-ce11-4e51-9e71-01d55e2bff36\/translations","https:\/\/www.fitday.com\/fitness\/forums\/members\/iwellguard.html","https:\/\/www.mymeetbook.com\/iwellguard","https:\/\/pxhere.com\/en\/photographer-me\/5040798","https:\/\/disqus.com\/by\/iwellguard\/about\/","https:\/\/pastelink.net\/hjwciqwq","https:\/\/pubhtml5.com\/homepage\/scjhn\/","https:\/\/www.bitchute.com\/channel\/2O2eOKzNqujT","https:\/\/audiomack.com\/iwellguard"]}]}},"_links":{"self":[{"href":"https:\/\/iwell-guard.com\/sv\/wp-json\/wp\/v2\/pages\/137153","targetHints":{"allow":["GET"]}}],"collection":[{"href":"https:\/\/iwell-guard.com\/sv\/wp-json\/wp\/v2\/pages"}],"about":[{"href":"https:\/\/iwell-guard.com\/sv\/wp-json\/wp\/v2\/types\/page"}],"author":[{"embeddable":true,"href":"https:\/\/iwell-guard.com\/sv\/wp-json\/wp\/v2\/users\/3"}],"replies":[{"embeddable":true,"href":"https:\/\/iwell-guard.com\/sv\/wp-json\/wp\/v2\/comments?post=137153"}],"version-history":[{"count":0,"href":"https:\/\/iwell-guard.com\/sv\/wp-json\/wp\/v2\/pages\/137153\/revisions"}],"wp:featuredmedia":[{"embeddable":true,"href":"https:\/\/iwell-guard.com\/sv\/wp-json\/wp\/v2\/media\/3579"}],"wp:attachment":[{"href":"https:\/\/iwell-guard.com\/sv\/wp-json\/wp\/v2\/media?parent=137153"}],"wp:term":[{"taxonomy":"category","embeddable":true,"href":"https:\/\/iwell-guard.com\/sv\/wp-json\/wp\/v2\/categories?post=137153"}],"curies":[{"name":"wp","href":"https:\/\/api.w.org\/{rel}","templated":true}]}}