{"id":137152,"date":"2026-09-03T00:13:15","date_gmt":"2026-09-03T00:13:15","guid":{"rendered":"https:\/\/iwell-guard.com\/?page_id=137152"},"modified":"2026-09-03T01:21:50","modified_gmt":"2026-09-03T01:21:50","slug":"skyddscirkeln-som-avgransning-mot-skada","status":"publish","type":"page","link":"https:\/\/iwell-guard.com\/sv\/skyddscirkeln-som-avgransning-mot-skada\/","title":{"rendered":"Skyddscirkeln som avgr\u00e4nsning mot skada"},"content":{"rendered":"\t\t<div data-elementor-type=\"wp-page\" data-elementor-id=\"137152\" class=\"elementor elementor-137152 elementor-3741 elementor-bc-flex-widget\" data-elementor-post-type=\"page\">\n\t\t\t\t<div class=\"elementor-element elementor-element-iwgs-schutzkreis-hero e-flex e-con-boxed e-con e-parent\" data-id=\"iwgs-schutzkreis-hero\" data-element_type=\"container\" data-e-type=\"container\">\n\t\t\t\t\t<div class=\"e-con-inner\">\n\t\t<div class=\"elementor-element elementor-element-iw-schutzkreis-hero-bw e-con-full e-flex e-con e-child\" data-id=\"iw-schutzkreis-hero-bw\" data-element_type=\"container\" data-e-type=\"container\">\n\t\t<div class=\"elementor-element elementor-element-iwgs-schutzkreis-hl e-flex e-con-boxed e-con e-parent\" data-id=\"iwgs-schutzkreis-hl\" data-element_type=\"container\" data-e-type=\"container\">\n\t\t\t\t\t<div class=\"e-con-inner\">\n\t\t<div class=\"elementor-element elementor-element-iwgs-schutzkreis-hlbox e-con-full e-flex e-con e-parent\" data-id=\"iwgs-schutzkreis-hlbox\" data-element_type=\"container\" data-e-type=\"container\">\n\t\t\t\t<div class=\"elementor-element elementor-element-iwgs-schutzkreis-h1 elementor-widget elementor-widget-heading\" data-id=\"iwgs-schutzkreis-h1\" data-element_type=\"widget\" data-e-type=\"widget\" data-widget_type=\"heading.default\">\n\t\t\t\t\t<h1 class=\"elementor-heading-title elementor-size-default\">Skyddscirkeln: den dragna cirkeln som gr\u00e4ns mot skadeinflytande<\/h1>\t\t\t\t<\/div>\n\t\t\t\t<div class=\"elementor-element elementor-element-iwgs-schutzkreis-lead elementor-widget elementor-widget-text-editor\" data-id=\"iwgs-schutzkreis-lead\" data-element_type=\"widget\" data-e-type=\"widget\" data-widget_type=\"text-editor.default\">\n\t\t\t\t\t\t\t\t\t<p>Skyddscirkeln \u00e4r en av de enklaste och samtidigt mest spridda skyddsformerna. Den best\u00e5r av en sluten linje som omger ett rum eller en person och drar en gr\u00e4ns mellan ett omr\u00e5de som betraktas som s\u00e4kert och ett som betraktas som hotat.<\/p><p>Denna artikel placerar cirkeln i ett religionsvetenskapligt sammanhang och f\u00f6ljer dess sp\u00e5r fr\u00e5n <span class=\"iwg-fachbegriff\" data-tooltip=\"Epoken f\u00f6r den grekiska och romerska kulturen, ungef\u00e4r 800 f.Kr. till 600 e.Kr.\" tabindex=\"0\">antiken<\/span> fram till dagens tolkningar. D\u00e4rvid g\u00f6rs en \u00e5tskillnad mellan historiskt dokumenterat <span class=\"iwg-fachbegriff\" data-tooltip=\"Helheten av en gemenskaps traditionella seder.\" tabindex=\"0\">sedv\u00e4nja<\/span> och modern esoterisk tolkning.<\/p>\n<p class=\"iwg-kwfix\">Den dragna cirkeln bildar en gr\u00e4ns som ska h\u00e5lla skadligt inflytande utanf\u00f6r.<\/p>\t\t\t\t\t\t\t\t<\/div>\n\t\t\t\t<\/div>\n\t\t\t\t<div class=\"elementor-element elementor-element-iwgs-schutzkreis-pills elementor-widget elementor-widget-html\" data-id=\"iwgs-schutzkreis-pills\" data-element_type=\"widget\" data-e-type=\"widget\" data-widget_type=\"html.default\">\n\t\t\t\t\t<div class=\"iwg-pill-row\"><span class=\"iwg-klasse-badge\" tabindex=\"0\" data-tooltip=\"Skyddssymbol, amulett eller apotrop\u00e4iskt f\u00f6rem\u00e5l.\">Skyddssymbol<\/span><a href=\"https:\/\/iwell-guard.com\/sv\/skyddssymboler\/\" class=\"iwg-kultur-badge\" tabindex=\"0\" data-tooltip=\"Skyddstradition: Kultur\u00f6verskridande\">Kultur\u00f6verskridande<\/a><span class=\"iwg-tradition-badge\" tabindex=\"0\" data-tooltip=\"En rituell handling f\u00f6r att avv\u00e4rja olycka.\">Avv\u00e4rjningsrit<\/span><\/div>\t\t\t\t<\/div>\n\t\t\t\t\t<\/div>\n\t\t\t\t<\/div>\n\t\t<div class=\"elementor-element elementor-element-iwgs-schutzkreis-hr e-con-full e-flex e-con e-parent\" data-id=\"iwgs-schutzkreis-hr\" data-element_type=\"container\" data-e-type=\"container\">\n\t\t\t\t<div class=\"elementor-element elementor-element-iwgs-schutzkreis-himg iwg-hero-image elementor-widget elementor-widget-image\" data-id=\"iwgs-schutzkreis-himg\" data-element_type=\"widget\" data-e-type=\"widget\" data-widget_type=\"image.default\">\n\t\t\t\t\t\t\t\t\t\t\t\t\t\t\t<img fetchpriority=\"high\" decoding=\"async\" width=\"683\" height=\"1024\" src=\"https:\/\/iwell-guard.com\/wp-content\/uploads\/2026\/05\/schutzsymbol_universell_schutzkreis-683x1024.webp\" class=\"attachment-large size-large wp-image-135761\" alt=\"Skyddscirkel - skyddssymbol, museal illustration\" srcset=\"https:\/\/iwell-guard.com\/wp-content\/uploads\/2026\/05\/schutzsymbol_universell_schutzkreis-683x1024.webp 683w, https:\/\/iwell-guard.com\/wp-content\/uploads\/2026\/05\/schutzsymbol_universell_schutzkreis-200x300.webp 200w, https:\/\/iwell-guard.com\/wp-content\/uploads\/2026\/05\/schutzsymbol_universell_schutzkreis-768x1152.webp 768w, https:\/\/iwell-guard.com\/wp-content\/uploads\/2026\/05\/schutzsymbol_universell_schutzkreis.webp 1024w\" sizes=\"(max-width: 683px) 100vw, 683px\" \/>\t\t\t\t\t\t\t\t\t\t\t\t\t\t\t<\/div>\n\t\t\t\t<\/div>\n\t\t\t\t<\/div>\n\t\t\t\t\t<\/div>\n\t\t\t\t<\/div>\n\t\t<div class=\"elementor-element elementor-element-iwgs-schutzkreis-s0 e-flex e-con-boxed e-con e-parent\" data-id=\"iwgs-schutzkreis-s0\" data-element_type=\"container\" data-e-type=\"container\">\n\t\t\t\t\t<div class=\"e-con-inner\">\n\t\t\t\t<div class=\"elementor-element elementor-element-iwgs-schutzkreis-s0h elementor-widget elementor-widget-heading\" data-id=\"iwgs-schutzkreis-s0h\" data-element_type=\"widget\" data-e-type=\"widget\" data-widget_type=\"heading.default\">\n\t\t\t\t\t<h2 class=\"elementor-heading-title elementor-size-default\">Definition: Vad skyddscirkeln \u00e4r<\/h2>\t\t\t\t<\/div>\n\t\t<div class=\"elementor-element elementor-element-iw-schutzkreis-s0-bw e-con-full e-flex e-con e-child\" data-id=\"iw-schutzkreis-s0-bw\" data-element_type=\"container\" data-e-type=\"container\">\n\t\t<div class=\"elementor-element elementor-element-iwgs-schutzkreis-s0box e-con-full e-flex e-con e-parent\" data-id=\"iwgs-schutzkreis-s0box\" data-element_type=\"container\" data-e-type=\"container\">\n\t\t\t\t<div class=\"elementor-element elementor-element-iwgs-schutzkreis-s0t elementor-widget elementor-widget-text-editor\" data-id=\"iwgs-schutzkreis-s0t\" data-element_type=\"widget\" data-e-type=\"widget\" data-widget_type=\"text-editor.default\">\n\t\t\t\t\t\t\t\t\t<p>Skyddscirkeln \u00e4r en sluten, oftast cirkelformad linje som medvetet dras runt en plats, ett f\u00f6rem\u00e5l eller en person. Dess k\u00e4nnetecken \u00e4r slutenheten. Det \u00e4r f\u00f6rst den obrutna linjen som g\u00f6r en markering till en gr\u00e4ns som skiljer ett inre rum fr\u00e5n ett yttre rum.<\/p><p>Cirkelns grundtanke \u00e4r avgr\u00e4nsningen. Innanf\u00f6r ligger ett omr\u00e5de som ska anses skyddat, utanf\u00f6r omr\u00e5det som f\u00f6rknippas med skadligt inflytande. Cirkeln \u00e4r d\u00e4rmed inte ett bildmotiv utan b\u00e5de en handling och en linje p\u00e5 samma g\u00e5ng.<\/p><p>Cirkeln kan dras med olika medel. Dokumenterade \u00e4r linjer av krita, aska, salt, mj\u00f6l eller helt enkelt streck ristade i marken. \u00c4ven att g\u00e5 runt ett omr\u00e5de eller kringg\u00e5 en plats kunde uppfattas som att dra en cirkel.<\/p><p>Vid sidan av den fysiskt dragna cirkeln finns den t\u00e4nkta eller uttalade cirkeln. H\u00e4r markeras gr\u00e4nsen inte synligt utan dras genom ord eller f\u00f6rest\u00e4llning. B\u00e5da formerna f\u00f6ljer samma avgr\u00e4nsningsprincip.<\/p><p>Bland <a href=\"https:\/\/iwell-guard.com\/sv\/skyddssymboler\/\">skyddssymbolerna<\/a> h\u00f6r cirkeln till de geometriska skyddsformerna. Den arbetar inte med en igenk\u00e4nnlig bild utan med en ren form som i m\u00e5nga kulturer g\u00e4ller som uttryck f\u00f6r slutenhet och fullst\u00e4ndighet.<\/p><p>Skyddscirkeln f\u00f6rekommer b\u00e5de som en eng\u00e5ngshandling i ett <span class=\"iwg-fachbegriff\" data-tooltip=\"En reglerad f\u00f6ljd av symboliska handlingar med religi\u00f6s eller kulturell betydelse.\" tabindex=\"0\">ritual<\/span> och som en varaktig markering. I det f\u00f6rsta fallet f\u00f6rsvinner den efter bruk, i det andra f\u00f6rblir den kvar som en linje p\u00e5 platsen, exempelvis som en cirkel runt en byggnad.<\/p>\t\t\t\t\t\t\t\t<\/div>\n\t\t\t\t<\/div>\n\t\t\t\t<\/div>\n\t\t\t\t\t<\/div>\n\t\t\t\t<\/div>\n\t\t<div class=\"elementor-element elementor-element-iwgs-schutzkreis-s1 e-flex e-con-boxed e-con e-parent\" data-id=\"iwgs-schutzkreis-s1\" data-element_type=\"container\" data-e-type=\"container\">\n\t\t\t\t\t<div class=\"e-con-inner\">\n\t\t\t\t<div class=\"elementor-element elementor-element-iwgs-schutzkreis-s1h elementor-widget elementor-widget-heading\" data-id=\"iwgs-schutzkreis-s1h\" data-element_type=\"widget\" data-e-type=\"widget\" data-widget_type=\"heading.default\">\n\t\t\t\t\t<h2 class=\"elementor-heading-title elementor-size-default\">Skyddscirkelns ursprung och historiska djup<\/h2>\t\t\t\t<\/div>\n\t\t<div class=\"elementor-element elementor-element-iw-schutzkreis-s1-bw e-con-full e-flex e-con e-child\" data-id=\"iw-schutzkreis-s1-bw\" data-element_type=\"container\" data-e-type=\"container\">\n\t\t<div class=\"elementor-element elementor-element-iwgs-schutzkreis-s1box e-con-full e-flex e-con e-parent\" data-id=\"iwgs-schutzkreis-s1box\" data-element_type=\"container\" data-e-type=\"container\">\n\t\t\t\t<div class=\"elementor-element elementor-element-iwgs-schutzkreis-s1t elementor-widget elementor-widget-text-editor\" data-id=\"iwgs-schutzkreis-s1t\" data-element_type=\"widget\" data-e-type=\"widget\" data-widget_type=\"text-editor.default\">\n\t\t\t\t\t\t\t\t\t<p>Cirkeln som skyddsform kan bara med sv\u00e5righet h\u00e4rledas till ett enda ursprung. F\u00f6rest\u00e4llningen om en sluten gr\u00e4nslinje g\u00e5r att bel\u00e4gga oberoende av varandra i mycket m\u00e5nga kulturer, vilket g\u00f6r ett enhetligt ursprung osannolikt.<\/p><p>Fr\u00e5n den forna Orienten \u00e4r rening- och skyddshandlingar k\u00e4nda d\u00e4r en plats avgr\u00e4nsades genom att sprida mj\u00f6l eller dra linjer. Mesopotamiska besv\u00e4rjelsetexter n\u00e4mner att omge en sjuk person eller ett hus med en skyddande markering.<\/p><p>I den grekiska och romerska <span class=\"iwg-fachbegriff\" data-tooltip=\"Epoken f\u00f6r den grekiska och romerska kulturen, ungef\u00e4r 800 f.Kr. till 600 e.Kr.\" tabindex=\"0\">antiken<\/span> spelade omg\u00e4rdade eller avgr\u00e4nsade omr\u00e5den en roll inom <span class=\"iwg-fachbegriff\" data-tooltip=\"Helheten av de religi\u00f6sa v\u00f6rdnadshandlingarna f\u00f6r en gud eller helig gestalt.\" tabindex=\"0\">kulten<\/span> och r\u00e4tten. Heliga omr\u00e5den utm\u00e4rktes genom gr\u00e4nser, och att g\u00e5 runt ett omr\u00e5de tj\u00e4nade dess rituella fastst\u00e4llande.<\/p><p>Under den europeiska medeltiden och tidigmoderna tiden framtr\u00e4der den dragna cirkeln p\u00e5tagligt i besv\u00e4rjelse- och trollb\u00f6cker. D\u00e4r blir den till magikerns st\u00e5ende cirkel, inom vars linje han skulle st\u00e5 medan man t\u00e4nkte sig de tillkallade krafterna utanf\u00f6r.<\/p><p>Parallellt med detta levde den enkla skyddscirkeln vidare i den bondliga <span class=\"iwg-fachbegriff\" data-tooltip=\"En traditionell handling som regelbundet upprepas inom en gemenskap.\" tabindex=\"0\">sedv\u00e4njan<\/span>. H\u00e4r anv\u00e4ndes den utan l\u00e4rd besv\u00e4rjelsel\u00e4ra, till exempel som en linje runt hus, ladug\u00e5rd eller boskap. Denna folkliga linje b\u00f6r skiljas fr\u00e5n den l\u00e4rda <span class=\"iwg-fachbegriff\" data-tooltip=\"Praktiker som genom s\u00e4rskilda handlingar eller formler f\u00f6rs\u00f6ker ingripa i tingens g\u00e5ng.\" tabindex=\"0\">magin<\/span>.<\/p><p>Sammantaget framst\u00e5r skyddscirkeln som ett f\u00f6rfarande belagt \u00f6ver tusentals \u00e5r och i m\u00e5nga kulturer. Dess historia \u00e4r mindre historien om ett vandrande motiv \u00e4n historien om en grundform som st\u00e4ndigt uppst\u00e5tt p\u00e5 nytt.<\/p>\t\t\t\t\t\t\t\t<\/div>\n\t\t\t\t<\/div>\n\t\t\t\t<\/div>\n\t\t\t\t\t<\/div>\n\t\t\t\t<\/div>\n\t\t<div class=\"elementor-element elementor-element-iwgs-schutzkreis-s2 e-flex e-con-boxed e-con e-parent\" data-id=\"iwgs-schutzkreis-s2\" data-element_type=\"container\" data-e-type=\"container\">\n\t\t\t\t\t<div class=\"e-con-inner\">\n\t\t\t\t<div class=\"elementor-element elementor-element-iwgs-schutzkreis-s2h elementor-widget elementor-widget-heading\" data-id=\"iwgs-schutzkreis-s2h\" data-element_type=\"widget\" data-e-type=\"widget\" data-widget_type=\"heading.default\">\n\t\t\t\t\t<h2 class=\"elementor-heading-title elementor-size-default\">Den bakomliggande f\u00f6rest\u00e4llningen om den skyddande gr\u00e4nsen<\/h2>\t\t\t\t<\/div>\n\t\t<div class=\"elementor-element elementor-element-iw-schutzkreis-s2-bw e-con-full e-flex e-con e-child\" data-id=\"iw-schutzkreis-s2-bw\" data-element_type=\"container\" data-e-type=\"container\">\n\t\t<div class=\"elementor-element elementor-element-iwgs-schutzkreis-s2box e-con-full e-flex e-con e-parent\" data-id=\"iwgs-schutzkreis-s2box\" data-element_type=\"container\" data-e-type=\"container\">\n\t\t\t\t<div class=\"elementor-element elementor-element-iwgs-schutzkreis-s2t elementor-widget elementor-widget-text-editor\" data-id=\"iwgs-schutzkreis-s2t\" data-element_type=\"widget\" data-e-type=\"widget\" data-widget_type=\"text-editor.default\">\n\t\t\t\t\t\t\t\t\t<p>Den tankem\u00e4ssiga k\u00e4rnan i skyddscirkeln \u00e4r \u00e5tskillnaden mellan inne och ute. M\u00e5nga former av folktro utg\u00e5r fr\u00e5n att skadliga inflytanden m\u00e5ste ta sig in i ett omr\u00e5de f\u00f6r att verka. En dragen gr\u00e4ns ska f\u00f6rhindra just detta intr\u00e5ng.<\/p><p>Cirkeln betraktas som en s\u00e4rskilt l\u00e4mplig gr\u00e4nsform eftersom den saknar b\u00e5de b\u00f6rjan och slut. En sluten linje har ingen punkt d\u00e4r gr\u00e4nsen st\u00e5r \u00f6ppen. Denna obrutna helhet uppfattades som en bild av ett fullst\u00e4ndigt skydd.<\/p><p>I m\u00e5nga traditioner \u00e4r det avg\u00f6rande att linjen \u00e4r oavbruten. Bryts linjen p\u00e5 ett st\u00e4lle anses cirkeln verkningsl\u00f6s, eftersom gr\u00e4nsen d\u00e5 \u00e4r \u00f6ppen d\u00e4r. Denna f\u00f6rest\u00e4llning visar att det \u00e4r den slutna formen i sig som \u00e4r det centrala.<\/p><p>Det valda materialet har en egen betydelse. Salt, aska och j\u00e4rn ans\u00e5gs i m\u00e5nga kulturer sj\u00e4lva vara avv\u00e4rjande \u00e4mnen. En cirkel av ett s\u00e5dant material f\u00f6renade tanken p\u00e5 gr\u00e4nsen med tanken p\u00e5 ett verksamt \u00e4mne.<\/p><p>\u00c4ven handlingen att dra cirkeln hade betydelse. Cirkeln uppstod genom en medveten r\u00f6relse, ofta \u00e5tf\u00f6ljd av ord. Denna f\u00f6rening av r\u00f6relse, linje och ord gjorde dragandet till ett <span class=\"iwg-fachbegriff\" data-tooltip=\"En reglerad f\u00f6ljd av symboliska handlingar med religi\u00f6s eller kulturell betydelse.\" tabindex=\"0\">ritual<\/span> och inte bara en markering.<\/p><p>Den f\u00f6rest\u00e4llning som beskrivs h\u00e4r \u00e4r en kulturhistorisk f\u00f6rklaring till varf\u00f6r cirkeln ans\u00e5gs skyddande. Den beskriver en tro, inte en p\u00e5visad verkan. Forskningen dokumenterar f\u00f6rest\u00e4llningen utan att bekr\u00e4fta den.<\/p>\t\t\t\t\t\t\t\t<\/div>\n\t\t\t\t<\/div>\n\t\t\t\t<\/div>\n\t\t\t\t\t<\/div>\n\t\t\t\t<\/div>\n\t\t<div class=\"elementor-element elementor-element-iwgs-schutzkreis-s3 e-flex e-con-boxed e-con e-parent\" data-id=\"iwgs-schutzkreis-s3\" data-element_type=\"container\" data-e-type=\"container\">\n\t\t\t\t\t<div class=\"e-con-inner\">\n\t\t\t\t<div class=\"elementor-element elementor-element-iwgs-schutzkreis-s3h elementor-widget elementor-widget-heading\" data-id=\"iwgs-schutzkreis-s3h\" data-element_type=\"widget\" data-e-type=\"widget\" data-widget_type=\"heading.default\">\n\t\t\t\t\t<h2 class=\"elementor-heading-title elementor-size-default\">Exempel fr\u00e5n antiken och Fr\u00e4mre Orienten<\/h2>\t\t\t\t<\/div>\n\t\t<div class=\"elementor-element elementor-element-iw-schutzkreis-s3-bw e-con-full e-flex e-con e-child\" data-id=\"iw-schutzkreis-s3-bw\" data-element_type=\"container\" data-e-type=\"container\">\n\t\t<div class=\"elementor-element elementor-element-iwgs-schutzkreis-s3box e-con-full e-flex e-con e-parent\" data-id=\"iwgs-schutzkreis-s3box\" data-element_type=\"container\" data-e-type=\"container\">\n\t\t\t\t<div class=\"elementor-element elementor-element-iwgs-schutzkreis-s3t elementor-widget elementor-widget-text-editor\" data-id=\"iwgs-schutzkreis-s3t\" data-element_type=\"widget\" data-e-type=\"widget\" data-widget_type=\"text-editor.default\">\n\t\t\t\t\t\t\t\t\t<p>I mesopotamiska besv\u00e4rjelseritualer omgavs en sjuk person eller en utsatt plats ofta med en linje av mj\u00f6l. Denna linje skulle avgr\u00e4nsa ett omr\u00e5de som skadliga krafter inte skulle kunna tr\u00e4nga in i. Texterna beskriver tillv\u00e4gag\u00e5ngss\u00e4ttet i detalj.<\/p><p>Mesopotamiska k\u00e4llor k\u00e4nner \u00e4ven till att man st\u00e4llde upp figurer l\u00e4ngs en s\u00e5dan gr\u00e4ns. Sm\u00e5 lerfigurer gr\u00e4vdes ner vid tr\u00f6sklar och l\u00e4ngs linjer och skulle ytterligare s\u00e4kra det avgr\u00e4nsade omr\u00e5det.<\/p><p>I den grekiska v\u00e4rlden markerades heliga omr\u00e5den med gr\u00e4nsstenar och murar. Att betr\u00e4da dessa omr\u00e5den var bundet av regler, och gr\u00e4nsen skilde ett invigt rum fr\u00e5n ett vanligt.<\/p><p>I romersk <span class=\"iwg-fachbegriff\" data-tooltip=\"En \u00f6verl\u00e4mnad, i en gemenskap regelbundet upprepad handling.\" tabindex=\"0\">sedv\u00e4nja<\/span> hade avm\u00e4tandet av ett omr\u00e5de en fast plats vid stadsgrundande och religi\u00f6sa handlingar. Den avgr\u00e4nsade ytan ans\u00e5gs best\u00e4md och skyddad mot ingrepp fr\u00e5n utsidan.<\/p><p>Fr\u00e5n antik magi finns besv\u00e4rjelsetexter k\u00e4nda d\u00e4r en plats avgr\u00e4nsades med ord eller tecken. S\u00e5dana texter f\u00f6renar linjen med uttalade formler och inskrivna tecken.<\/p><p>Dessa exempel visar att den avgr\u00e4nsade ytan i det antika Medelhavsomr\u00e5det och i Fr\u00e4mre Orienten spelade en roll inom <span class=\"iwg-fachbegriff\" data-tooltip=\"Samlingen av religi\u00f6sa v\u00f6rdnadshandlingar f\u00f6r en gudom eller helig gestalt.\" tabindex=\"0\">kult<\/span>, r\u00e4tt och <span class=\"iwg-fachbegriff\" data-tooltip=\"Praktiker som genom s\u00e4rskilda handlingar eller formler f\u00f6rs\u00f6ker p\u00e5verka tingens g\u00e5ng.\" tabindex=\"0\">magi<\/span>. Skyddscirkeln \u00e4r d\u00e4rmed inte begr\u00e4nsad till ett enda omr\u00e5de.<\/p><p>\u00c4ven fr\u00e5n det gamla Egypten finns avgr\u00e4nsade omr\u00e5den \u00f6verl\u00e4mnade i samband med skydd och renhet. Tempelomr\u00e5den och gravar skildes fr\u00e5n den omgivande ytan genom murar och linjer, och vid gr\u00e4nserna f\u00f6rekommer inskriptioner som utpekar innerrummet som <span class=\"iwg-fachbegriff\" data-tooltip=\"\u00d6verl\u00e4mnad till det heliga genom en religi\u00f6s handling och d\u00e4rmed lyft ur det vardagliga.\" tabindex=\"0\">helgat<\/span>.<\/p><p>Den avgr\u00e4nsade ytan tj\u00e4nade d\u00e4r b\u00e5de den kultiska best\u00e4mningen och avv\u00e4rjandet av det som ans\u00e5gs orent.<\/p>\t\t\t\t\t\t\t\t<\/div>\n\t\t\t\t<\/div>\n\t\t\t\t<\/div>\n\t\t\t\t\t<\/div>\n\t\t\t\t<\/div>\n\t\t<div class=\"elementor-element elementor-element-iwgs-schutzkreis-s4 e-flex e-con-boxed e-con e-parent\" data-id=\"iwgs-schutzkreis-s4\" data-element_type=\"container\" data-e-type=\"container\">\n\t\t\t\t\t<div class=\"e-con-inner\">\n\t\t\t\t<div class=\"elementor-element elementor-element-iwgs-schutzkreis-s4h elementor-widget elementor-widget-heading\" data-id=\"iwgs-schutzkreis-s4h\" data-element_type=\"widget\" data-e-type=\"widget\" data-widget_type=\"heading.default\">\n\t\t\t\t\t<h2 class=\"elementor-heading-title elementor-size-default\">Exempel fr\u00e5n den europeiska folkmagin<\/h2>\t\t\t\t<\/div>\n\t\t<div class=\"elementor-element elementor-element-iw-schutzkreis-s4-bw e-con-full e-flex e-con e-child\" data-id=\"iw-schutzkreis-s4-bw\" data-element_type=\"container\" data-e-type=\"container\">\n\t\t<div class=\"elementor-element elementor-element-iwgs-schutzkreis-s4box e-con-full e-flex e-con e-parent\" data-id=\"iwgs-schutzkreis-s4box\" data-element_type=\"container\" data-e-type=\"container\">\n\t\t\t\t<div class=\"elementor-element elementor-element-iwgs-schutzkreis-s4t elementor-widget elementor-widget-text-editor\" data-id=\"iwgs-schutzkreis-s4t\" data-element_type=\"widget\" data-e-type=\"widget\" data-widget_type=\"text-editor.default\">\n\t\t\t\t\t\t\t\t\t<p>I den europeiska folkmagin \u00e4r skyddscirkeln v\u00e4l belagd. Folkloristiska samlingar ber\u00e4ttar om cirklar som drogs med krita, aska eller salt runt s\u00e4ngar, vaggor, ladug\u00e5rdar och f\u00f6rr\u00e5dsrum.<\/p><p>Ofta drogs cirkeln vid best\u00e4mda tider, till exempel under n\u00e4tter som ans\u00e5gs inneb\u00e4ra \u00f6kad risk. \u00c5tf\u00f6ljande ramsor och valet av ett visst material var i m\u00e5nga trakter en del av <span class=\"iwg-fachbegriff\" data-tooltip=\"En \u00f6verl\u00e4mnad, i en gemenskap regelbundet upprepad handling.\" tabindex=\"0\">sedv\u00e4njan<\/span>.<\/p><p>Fr\u00e5n den tidigmoderna l\u00e4rda magin \u00e4r besv\u00e4rjelsecirkeln k\u00e4nd. Trollb\u00f6cker beskriver en cirkel d\u00e4r ut\u00f6varen skulle st\u00e5, ofta med inskrivna namn och tecken. Denna linje tj\u00e4nade till att skydda besv\u00e4rjaren.<\/p><p>I den bondliga <span class=\"iwg-fachbegriff\" data-tooltip=\"En \u00f6verl\u00e4mnad, i en gemenskap regelbundet upprepad handling.\" tabindex=\"0\">sedv\u00e4njan<\/span> anv\u00e4ndes cirkeln utan denna l\u00e4rda l\u00e4ra. H\u00e4r skulle den avgr\u00e4nsa hus, g\u00e5rd och boskap fr\u00e5n inflytanden som uppfattades som skadliga. Denna enkla linje ska skiljas fr\u00e5n den l\u00e4rda <span class=\"iwg-fachbegriff\" data-tooltip=\"Ett spr\u00e5kligt ritual som ska mana fram eller binda en makt.\" tabindex=\"0\">besv\u00e4rjelsen<\/span>.<\/p><p>Ber\u00e4ttelser om skyddscirkeln dokumenterar ut\u00f6varnas f\u00f6rv\u00e4ntningar, inte en p\u00e5visad verkan. De visar att att dra en gr\u00e4ns uppfattades som en lugnande och trygghetsskapande handling.<\/p><p>I takt med att den magiska hussedv\u00e4njan avtog f\u00f6rlorade skyddscirkeln sin vardagliga roll. Den bevarades som f\u00f6rem\u00e5l f\u00f6r folkloristiska anteckningar och i enskilda, lokalt vidarel\u00e4mnade sedv\u00e4njor.<\/p><p>Folkloristiska k\u00e4llor fr\u00e5n det tyskspr\u00e5kiga omr\u00e5det noterar dessutom att cirkeln inte bara drogs runt platser, utan ocks\u00e5 runt enskilda handlingar. Vid upps\u00f6kandet av en \u00f6rtplats eller vid gr\u00e4vning efter ett f\u00f6rem\u00e5l som ans\u00e5gs betydelsefullt drog man ibland f\u00f6rst en linje. Handw\u00f6rterbuch des deutschen Aberglaubens upptecknar s\u00e5dana sedv\u00e4njor fr\u00e5n flera landsdelar.<\/p>\t\t\t\t\t\t\t\t<\/div>\n\t\t\t\t<\/div>\n\t\t\t\t<\/div>\n\t\t\t\t\t<\/div>\n\t\t\t\t<\/div>\n\t\t<div class=\"elementor-element elementor-element-iwgs-schutzkreis-s5 e-flex e-con-boxed e-con e-parent\" data-id=\"iwgs-schutzkreis-s5\" data-element_type=\"container\" data-e-type=\"container\">\n\t\t\t\t\t<div class=\"e-con-inner\">\n\t\t\t\t<div class=\"elementor-element elementor-element-iwgs-schutzkreis-s5h elementor-widget elementor-widget-heading\" data-id=\"iwgs-schutzkreis-s5h\" data-element_type=\"widget\" data-e-type=\"widget\" data-widget_type=\"heading.default\">\n\t\t\t\t\t<h2 class=\"elementor-heading-title elementor-size-default\">Exempel fr\u00e5n Asien och andra kulturer<\/h2>\t\t\t\t<\/div>\n\t\t<div class=\"elementor-element elementor-element-iw-schutzkreis-s5-bw e-con-full e-flex e-con e-child\" data-id=\"iw-schutzkreis-s5-bw\" data-element_type=\"container\" data-e-type=\"container\">\n\t\t<div class=\"elementor-element elementor-element-iwgs-schutzkreis-s5box e-con-full e-flex e-con e-parent\" data-id=\"iwgs-schutzkreis-s5box\" data-element_type=\"container\" data-e-type=\"container\">\n\t\t\t\t<div class=\"elementor-element elementor-element-iwgs-schutzkreis-s5t elementor-widget elementor-widget-text-editor\" data-id=\"iwgs-schutzkreis-s5t\" data-element_type=\"widget\" data-e-type=\"widget\" data-widget_type=\"text-editor.default\">\n\t\t\t\t\t\t\t\t\t<p>I Sydasien \u00e4r avgr\u00e4nsade och m\u00f6nsterprydda ytor k\u00e4nda fr\u00e5n hush\u00e5llsseder. Framf\u00f6r tr\u00f6skeln l\u00e4ggs golv- och tr\u00f6skelm\u00f6nster av mj\u00f6l eller f\u00e4rgat pulver, som markerar och pryder ett omr\u00e5de.<\/p><p>I den tibetanskt-buddhistiska och den hinduiska traditionen spelar cirkelformade diagram en roll, som ordnar och avgr\u00e4nsar ett rum. S\u00e5dana diagram \u00e4r en del av rituell praxis och skapas f\u00f6r varaktigheten av ett ritual.<\/p><p>I delar av Afrika finns ber\u00e4ttelser om att dra linjer och sprida \u00e4mnen runt bost\u00e4der och kring sjuka. Det avgr\u00e4nsade omr\u00e5det ska d\u00e4r ange en zon som ska anses s\u00e4ker.<\/p><p>I \u00f6stasiatiska hush\u00e5llsseder avgr\u00e4nsas ett omr\u00e5de ibland genom att str\u00f6 salt eller genom att s\u00e4tta upp tecken vid dess kanter. \u00c4ven h\u00e4r st\u00e5r id\u00e9n om gr\u00e4nsen i f\u00f6rgrunden.<\/p><p>Genom dessa rum framg\u00e5r att den slutna gr\u00e4nslinjen inte \u00e4r ett <span class=\"iwg-fachbegriff\" data-tooltip=\"Ett \u00e5terkommande inneh\u00e5llsligt element i konst eller ber\u00e4ttelse.\" tabindex=\"0\">motiv<\/span> f\u00f6r en enskild kultur. Den dyker upp i mycket olika religi\u00f6sa sammanhang och kopplas d\u00e4r till lokala f\u00f6rest\u00e4llningar.<\/p><p>M\u00e5ngfalden av exempel visar tydligt att skyddscirkeln b\u00f6r f\u00f6rst\u00e5s som en grundform. Den uppst\u00e5r \u00f6verallt d\u00e4r m\u00e4nniskor medvetet vill avskilja ett rum fr\u00e5n ett annat.<\/p><p>I den japanska traditionen markeras ibland ett omr\u00e5de framf\u00f6r byggplatser och vid ing\u00e5ngar med sp\u00e4nda rep och remsor. Denna markering betecknar en yta som renad och skyddad. Den f\u00f6ljer samma grundtanke om den medvetet dragna gr\u00e4nsen som \u00e4ven ligger till grund f\u00f6r den europeiska skyddscirkeln.<\/p>\t\t\t\t\t\t\t\t<\/div>\n\t\t\t\t<\/div>\n\t\t\t\t<\/div>\n\t\t\t\t\t<\/div>\n\t\t\t\t<\/div>\n\t\t<div class=\"elementor-element elementor-element-iwgs-schutzkreis-s6 e-flex e-con-boxed e-con e-parent\" data-id=\"iwgs-schutzkreis-s6\" data-element_type=\"container\" data-e-type=\"container\">\n\t\t\t\t\t<div class=\"e-con-inner\">\n\t\t\t\t<div class=\"elementor-element elementor-element-iwgs-schutzkreis-s6h elementor-widget elementor-widget-heading\" data-id=\"iwgs-schutzkreis-s6h\" data-element_type=\"widget\" data-e-type=\"widget\" data-widget_type=\"heading.default\">\n\t\t\t\t\t<h2 class=\"elementor-heading-title elementor-size-default\">Anv\u00e4ndning i ritual och vardag<\/h2>\t\t\t\t<\/div>\n\t\t<div class=\"elementor-element elementor-element-iw-schutzkreis-s6-bw e-con-full e-flex e-con e-child\" data-id=\"iw-schutzkreis-s6-bw\" data-element_type=\"container\" data-e-type=\"container\">\n\t\t<div class=\"elementor-element elementor-element-iwgs-schutzkreis-s6box e-con-full e-flex e-con e-parent\" data-id=\"iwgs-schutzkreis-s6box\" data-element_type=\"container\" data-e-type=\"container\">\n\t\t\t\t<div class=\"elementor-element elementor-element-iwgs-schutzkreis-s6t elementor-widget elementor-widget-text-editor\" data-id=\"iwgs-schutzkreis-s6t\" data-element_type=\"widget\" data-e-type=\"widget\" data-widget_type=\"text-editor.default\">\n\t\t\t\t\t\t\t\t\t<p>Skyddscirkeln dras i till\u00e4mpningen oftast i en best\u00e4md ordning. Ofta finns en fastst\u00e4lld riktning belagd, till exempel enligt solens g\u00e5ng, samt en tydlig start- och slutpunkt f\u00f6r linjen.<\/p><p>I rituella sammanhang \u00e5tf\u00f6ljs dragningen ofta av en talad text. Ord och r\u00f6relse h\u00f6r d\u00e5 ihop, och cirkeln r\u00e4knas som fullst\u00e4ndig f\u00f6rst n\u00e4r linjen \u00e4r sluten och besv\u00e4rjelsen avslutad.<\/p><p>I vardagen drogs cirkeln framf\u00f6r allt kring platser som ans\u00e5gs utsatta, till exempel runt en vagga, en sjukb\u00e4dd eller ett stall. Linjen skulle avgr\u00e4nsa ett best\u00e4mt omr\u00e5de under en natt eller vid ett tillf\u00e4lle.<\/p><p>Best\u00e5ende cirklar \u00e4r s\u00e4llsyntare, men f\u00f6rekommer. S\u00e5 kunde en byggnad en g\u00e5ng omges och d\u00e4rmed symboliskt inringas, eller en linje kunde finnas kvar som markering. I s\u00e5dana fall verkade cirkeln som en best\u00e5ende gr\u00e4ns.<\/p><p>Att l\u00f6sa upp cirkeln var i vissa traditioner ett eget steg. Omr\u00e5det skulle f\u00f6rst l\u00e4mnas efter en medveten \u00f6ppning. I andra seder upph\u00f6rde cirkeln helt enkelt n\u00e4r linjen suddades ut.<\/p><p>Det finns ingen enhetlig ritualordning f\u00f6r skyddscirkeln. Den exakta formen berodde p\u00e5 region, tradition och tillf\u00e4lle, vilket den folkloristiska forskningen har konstaterat vid flera tillf\u00e4llen.<\/p>\t\t\t\t\t\t\t\t<\/div>\n\t\t\t\t<\/div>\n\t\t\t\t<\/div>\n\t\t\t\t\t<\/div>\n\t\t\t\t<\/div>\n\t\t<div class=\"elementor-element elementor-element-iwgs-schutzkreis-s7 e-flex e-con-boxed e-con e-parent\" data-id=\"iwgs-schutzkreis-s7\" data-element_type=\"container\" data-e-type=\"container\">\n\t\t\t\t\t<div class=\"e-con-inner\">\n\t\t\t\t<div class=\"elementor-element elementor-element-iwgs-schutzkreis-s7h elementor-widget elementor-widget-heading\" data-id=\"iwgs-schutzkreis-s7h\" data-element_type=\"widget\" data-e-type=\"widget\" data-widget_type=\"heading.default\">\n\t\t\t\t\t<h2 class=\"elementor-heading-title elementor-size-default\">Besl\u00e4ktade skyddsformer och avgr\u00e4nsning<\/h2>\t\t\t\t<\/div>\n\t\t<div class=\"elementor-element elementor-element-iw-schutzkreis-s7-bw e-con-full e-flex e-con e-child\" data-id=\"iw-schutzkreis-s7-bw\" data-element_type=\"container\" data-e-type=\"container\">\n\t\t<div class=\"elementor-element elementor-element-iwgs-schutzkreis-s7box e-con-full e-flex e-con e-parent\" data-id=\"iwgs-schutzkreis-s7box\" data-element_type=\"container\" data-e-type=\"container\">\n\t\t\t\t<div class=\"elementor-element elementor-element-iwgs-schutzkreis-s7t elementor-widget elementor-widget-text-editor\" data-id=\"iwgs-schutzkreis-s7t\" data-element_type=\"widget\" data-e-type=\"widget\" data-widget_type=\"text-editor.default\">\n\t\t\t\t\t\t\t\t\t<p>Skyddscirkeln \u00e4r n\u00e4ra besl\u00e4ktad med tr\u00f6skelskyddet. B\u00e5da bygger p\u00e5 id\u00e9n om en gr\u00e4ns. Medan cirkeln omsluter ett helt omr\u00e5de, s\u00e4krar tr\u00f6skelskyddet den enskilda \u00f6ppningen genom vilken ett omr\u00e5de betr\u00e4ds.<\/p><p>Det finns \u00e4ven en koppling till att str\u00f6 salt och j\u00e4rnfilsp\u00e5n. Dessa \u00e4mnen spreds ofta l\u00e4ngs en linje och f\u00f6renar d\u00e4rmed id\u00e9n om gr\u00e4nsen med id\u00e9n om ett apotrop\u00e4iskt \u00e4mne.<\/p><p>Fr\u00e5n bildamuletten skiljer sig cirkeln tydligt. \u00d6ga-, hand- eller djurmotiv verkar genom en igenk\u00e4nnbar bild. Cirkeln d\u00e4remot \u00e4r en ren form och en handling. Den h\u00f6r till den geometriska, inte till den bildm\u00e4ssiga gruppen av <a href=\"https:\/\/iwell-guard.com\/sv\/skyddssymboler\/\">skyddssymboler<\/a>.<\/p><p>Skyddscirkeln b\u00f6r avgr\u00e4nsas fr\u00e5n det cirkelformade smyckes- eller bildmotivet. En m\u00e5lad eller graverad cirkel som utsmyckning b\u00e4r inte n\u00f6dv\u00e4ndigtvis en skyddande inneb\u00f6rd. Avg\u00f6rande \u00e4r funktionen som en medvetet dragen gr\u00e4ns.<\/p><p>En gr\u00e4ns finns \u00e4ven gentemot det invigda omr\u00e5det inom religi\u00f6s r\u00e4tt. Heliga omr\u00e5den \u00e4r ocks\u00e5 avgr\u00e4nsade, men deras gr\u00e4ns tj\u00e4nar den r\u00e4ttsliga och kultiska markeringen och inte i f\u00f6rsta hand avv\u00e4rjande.<\/p><p>Placeringen i detta sammanhang hj\u00e4lper till att best\u00e4mma skyddscirkeln exakt. Den \u00e4r en medvetet dragen, sluten gr\u00e4nslinje med avv\u00e4rjande funktion och skiljer sig fr\u00e5n bildamuletter, smyckesmotiv och invigda omr\u00e5den.<\/p>\t\t\t\t\t\t\t\t<\/div>\n\t\t\t\t<\/div>\n\t\t\t\t<\/div>\n\t\t\t\t\t<\/div>\n\t\t\t\t<\/div>\n\t\t<div class=\"elementor-element elementor-element-iwgs-schutzkreis-s8 e-flex e-con-boxed e-con e-parent\" data-id=\"iwgs-schutzkreis-s8\" data-element_type=\"container\" data-e-type=\"container\">\n\t\t\t\t\t<div class=\"e-con-inner\">\n\t\t\t\t<div class=\"elementor-element elementor-element-iwgs-schutzkreis-s8h elementor-widget elementor-widget-heading\" data-id=\"iwgs-schutzkreis-s8h\" data-element_type=\"widget\" data-e-type=\"widget\" data-widget_type=\"heading.default\">\n\t\t\t\t\t<h2 class=\"elementor-heading-title elementor-size-default\">Dagens syn p\u00e5 skyddscirkeln<\/h2>\t\t\t\t<\/div>\n\t\t<div class=\"elementor-element elementor-element-iw-schutzkreis-s8-bw e-con-full e-flex e-con e-child\" data-id=\"iw-schutzkreis-s8-bw\" data-element_type=\"container\" data-e-type=\"container\">\n\t\t<div class=\"elementor-element elementor-element-iwgs-schutzkreis-s8box e-con-full e-flex e-con e-parent\" data-id=\"iwgs-schutzkreis-s8box\" data-element_type=\"container\" data-e-type=\"container\">\n\t\t\t\t<div class=\"elementor-element elementor-element-iwgs-schutzkreis-s8t elementor-widget elementor-widget-text-editor\" data-id=\"iwgs-schutzkreis-s8t\" data-element_type=\"widget\" data-e-type=\"widget\" data-widget_type=\"text-editor.default\">\n\t\t\t\t\t\t\t\t\t<p>I den moderna <span class=\"iwg-fachbegriff\" data-tooltip=\"Samlingsbegrepp f\u00f6r l\u00e4ror som g\u00f6r anspr\u00e5k p\u00e5 en dold kunskap, endast tillg\u00e4nglig f\u00f6r invigda.\" tabindex=\"0\">esoteriken<\/span> \u00e4r skyddscirkeln ett ofta anv\u00e4nt element. I neopaganska och ritualmagiska str\u00f6mningar uppfattas dragandet av en cirkel som inledningen p\u00e5 en rituell handling och kopplas ibland till fasta f\u00f6rlopp.<\/p><p>Dessa moderna metoder h\u00e4nvisar ofta till historiska f\u00f6red\u00f6men, men omformar dem. Religionsvetenskaplig forskning beskriver dem som en egen modern tradition, som skiljer sig fr\u00e5n de \u00e4ldre folkloristiska sederna.<\/p><p>De moderna cirkelritualerna tillskrivs ibland verkningar. S\u00e5dana p\u00e5st\u00e5enden \u00e4r inte belagda. Cirkeln b\u00f6r f\u00f6rst\u00e5s som en kulturell <span class=\"iwg-fachbegriff\" data-tooltip=\"Ett tecken som st\u00e5r f\u00f6r en f\u00f6rest\u00e4llning eller betydelse.\" tabindex=\"0\">symbol<\/span> och som en rituell handling, inte som ett pr\u00f6vbart skyddsmedel.<\/p><p>I popul\u00e4rkulturen f\u00f6rekommer skyddscirkeln ofta i filmer, romaner och spel, oftast som en dragen cirkel runt en person som vill skydda sig mot ett hot. Dessa skildringar tar upp <span class=\"iwg-fachbegriff\" data-tooltip=\"Ett \u00e5terkommande inneh\u00e5llsligt element i konst eller ber\u00e4ttelse.\" tabindex=\"0\">motivet<\/span> och \u00f6verdriver det.<\/p><p>F\u00f6r <span class=\"iwg-fachbegriff\" data-tooltip=\"Vetenskapen som utforskar religioner j\u00e4mf\u00f6rande och utan trosbindning.\" tabindex=\"0\">religionsvetenskapen<\/span> \u00e4r skyddscirkeln ett tydligt exempel p\u00e5 en skyddsprincip som bygger p\u00e5 rum och gr\u00e4ns. Den visar hur en enkel geometrisk id\u00e9 uppstod oberoende i m\u00e5nga kulturer.<\/p><p>Den som i dag \u00e4gnar sig \u00e5t skyddscirkeln finner d\u00e4ri framf\u00f6r allt ett kulturhistoriskt \u00e4mne. Ett sakligt f\u00f6rh\u00e5llningss\u00e4tt skiljer den belagda historien om seden fr\u00e5n moderna verkningsl\u00f6ften som inte h\u00e5ller f\u00f6r en granskning.<\/p><p>Inom sakkulturforskningen \u00e4r cirkellinjer ristade eller m\u00e5lade i marken ett forskningsobjekt, i den m\u00e5n de har bevarats. De dokumenteras och tolkas som vittnesb\u00f6rd om g\u00e5ngna seder. P\u00e5 s\u00e5 s\u00e4tt f\u00f6rblir skyddscirkeln greppbar \u00e4ven d\u00e4r den underliggande tron inte l\u00e4ngre lever.<\/p>\t\t\t\t\t\t\t\t<\/div>\n\t\t\t\t<\/div>\n\t\t\t\t<\/div>\n\t\t\t\t\t<\/div>\n\t\t\t\t<\/div>\n\t\t<div class=\"elementor-element elementor-element-iwgs-schutzkreis-lit e-flex e-con-boxed e-con e-parent\" data-id=\"iwgs-schutzkreis-lit\" data-element_type=\"container\" data-e-type=\"container\">\n\t\t\t\t\t<div class=\"e-con-inner\">\n\t\t\t\t<div class=\"elementor-element elementor-element-iwgs-schutzkreis-lith elementor-widget elementor-widget-heading\" data-id=\"iwgs-schutzkreis-lith\" data-element_type=\"widget\" data-e-type=\"widget\" data-widget_type=\"heading.default\">\n\t\t\t\t\t<h2 class=\"elementor-heading-title elementor-size-default\">Litteratur (urval)<\/h2>\t\t\t\t<\/div>\n\t\t<div class=\"elementor-element elementor-element-iw-schutzkreis-lit-bw e-con-full e-flex e-con e-child\" data-id=\"iw-schutzkreis-lit-bw\" data-element_type=\"container\" data-e-type=\"container\">\n\t\t<div class=\"elementor-element elementor-element-iwgs-schutzkreis-litbox e-con-full e-flex e-con e-parent\" data-id=\"iwgs-schutzkreis-litbox\" data-element_type=\"container\" data-e-type=\"container\">\n\t\t\t\t<div class=\"elementor-element elementor-element-iwgs-schutzkreis-litt elementor-widget elementor-widget-html\" data-id=\"iwgs-schutzkreis-litt\" data-element_type=\"widget\" data-e-type=\"widget\" data-widget_type=\"html.default\">\n\t\t\t\t\t<footer data-nosnippet=\"true\"><ul><li>Liselotte Hansmann, Lenz Kriss-Rettenbeck: <em>Amulett und Talisman. Erscheinungsform und Geschichte<\/em> (1966)<\/li><li>Mircea Eliade: <em>Das Heilige und das Profane<\/em> (1957)<\/li><li>Erich-Joachim Marg, Hanns B\u00e4chtold-St\u00e4ubli (red.): <em>Handw\u00f6rterbuch des deutschen Aberglaubens<\/em> (1927-1942)<\/li><li>Walter Burkert: <em>Griechische Religion der archaischen und klassischen Epoche<\/em> (1977)<\/li><li>Erica Reiner: <em>Astral Magic in Babylonia<\/em> (1995)<\/li><\/ul><\/footer>\t\t\t\t<\/div>\n\t\t\t\t<\/div>\n\t\t\t\t<\/div>\n\t\t\t\t\t<\/div>\n\t\t\t\t<\/div>\n\t\t<div class=\"elementor-element elementor-element-iwgs-schutzkreis-kwd e-flex e-con-boxed e-con e-parent\" data-id=\"iwgs-schutzkreis-kwd\" data-element_type=\"container\" data-e-type=\"container\">\n\t\t\t\t\t<div class=\"e-con-inner\">\n\t\t<div class=\"elementor-element elementor-element-iw-schutzkreis-kwd-bw e-con-full e-flex e-con e-child\" data-id=\"iw-schutzkreis-kwd-bw\" data-element_type=\"container\" data-e-type=\"container\">\n\t\t\t\t<div class=\"elementor-element elementor-element-iwgs-schutzkreis-kwdt elementor-widget elementor-widget-text-editor\" data-id=\"iwgs-schutzkreis-kwdt\" data-element_type=\"widget\" data-e-type=\"widget\" data-widget_type=\"text-editor.default\">\n\t\t\t\t\t\t\t\t\t<p><em>Relaterade nyckelbegrepp: skyddscirkel banncirkel besv\u00e4rjelsecirkel dragen cirkel skyddsgr\u00e4ns saltcirkel kritcirkel avgr\u00e4nsning <span class=\"iwg-fachbegriff\" data-tooltip=\"Ondav\u00e4rjande: om tecken och objekt som \u00e4r avsedda att h\u00e5lla skadliga influenser borta.\" tabindex=\"0\">apotropeisk<\/span> sluten linje.<\/em><\/p>\t\t\t\t\t\t\t\t<\/div>\n\t\t\t\t<\/div>\n\t\t\t\t\t<\/div>\n\t\t\t\t<\/div>\n\t\t<div class=\"elementor-element elementor-element-iwgs-schutzkreis-cc e-flex e-con-boxed e-con e-parent\" data-id=\"iwgs-schutzkreis-cc\" data-element_type=\"container\" data-e-type=\"container\" id=\"iwg-cc-schutzkreis\">\n\t\t\t\t\t<div class=\"e-con-inner\">\n\t\t<div class=\"elementor-element elementor-element-iwgs-schutzkreis-ccinner e-flex e-con-boxed e-con e-parent\" data-id=\"iwgs-schutzkreis-ccinner\" data-element_type=\"container\" data-e-type=\"container\" data-settings=\"{&quot;background_background&quot;:&quot;classic&quot;}\">\n\t\t\t\t\t<div class=\"e-con-inner\">\n\t\t\t\t<div class=\"elementor-element elementor-element-iwgs-schutzkreis-cch elementor-widget elementor-widget-heading\" data-id=\"iwgs-schutzkreis-cch\" data-element_type=\"widget\" data-e-type=\"widget\" data-widget_type=\"heading.default\">\n\t\t\t\t\t<h2 class=\"elementor-heading-title elementor-size-default\">iWell Guard och skyddstraditioner<\/h2>\t\t\t\t<\/div>\n\t\t\t\t<div class=\"elementor-element elementor-element-iwgs-schutzkreis-cct elementor-widget elementor-widget-text-editor\" data-id=\"iwgs-schutzkreis-cct\" data-element_type=\"widget\" data-e-type=\"widget\" data-widget_type=\"text-editor.default\">\n\t\t\t\t\t\t\t\t\t<p>iWell Guard ing\u00e5r i den kulturhistoriska traditionen av b\u00e4rbara skyddsobjekt, dit \u00e4ven skyddscirkeln h\u00f6r. En modern f\u00f6ljeslagare f\u00f6r m\u00e4nniskor som lever med skyddssymboler: tillverkad i Tyskland, 41 lager av \u00e4kta guld, platina och silver, med 30 dagars returr\u00e4tt.<\/p>\t\t\t\t\t\t\t\t<\/div>\n\t\t\t\t<div class=\"elementor-element elementor-element-iwgs-schutzkreis-ccb iwg-cc-button iwg-cc-cta-2026-05-13 elementor-widget elementor-widget-jet-button\" data-id=\"iwgs-schutzkreis-ccb\" data-element_type=\"widget\" data-e-type=\"widget\" data-widget_type=\"jet-button.default\">\n\t\t\t\t<div class=\"elementor-widget-container\">\n\t\t\t\t\t<div class=\"elementor-jet-button jet-elements\"><div class=\"jet-button__container\"><a class=\"jet-button__instance jet-button__instance--icon-left hover-effect-1\" href=\"\/schutzanhaenger-iwell-guard-kaufen\/?utm_source=iwell-guard.com&amp;utm_medium=info-box&amp;utm_campaign=schutzsymbole\"><div class=\"jet-button__plane jet-button__plane-normal\"><\/div><div class=\"jet-button__plane jet-button__plane-hover\"><\/div><div class=\"jet-button__state jet-button__state-normal\"><span class=\"jet-button__label\">Mer om iWell Guard<\/span><\/div><div class=\"jet-button__state jet-button__state-hover\"><span class=\"jet-button__label\">Mer om iWell Guard<\/span><\/div><\/a><\/div><\/div><style>.elementor-element.elementor-element-iwgs-schutzkreis-ccb .jet-button__instance{width:320px;height:56px;}.elementor-element.elementor-element-iwgs-schutzkreis-ccb .jet-button__state-normal .jet-button__label{text-align:center;margin:0px 0px 0px 0px;color:#1a1b20;font-family:Montserrat,sans-serif;font-size:13px;font-weight:400;letter-spacing:4px;line-height:1.714em;text-transform:uppercase;}.elementor-element.elementor-element-iwgs-schutzkreis-ccb .jet-button__state-hover .jet-button__label{text-align:center;margin:0px 0px 0px 0px;color:#FECC76;font-family:Montserrat,sans-serif;font-size:13px;font-weight:400;letter-spacing:4px;line-height:1.714em;text-transform:uppercase;}.elementor-element.elementor-element-iwgs-schutzkreis-ccb .jet-button__plane-normal{background-color:#FECC76;border-style:solid;border-color:#C99540;border-width:2px 2px 2px 2px;}.elementor-element.elementor-element-iwgs-schutzkreis-ccb .jet-button__plane-hover{background-color:rgba(0,0,0,0.55);border-style:solid;border-color:#FECC76;border-width:2px 2px 2px 2px;}<\/style>\t\t\t\t<\/div>\n\t\t\t\t<\/div>\n\t\t\t\t<div class=\"elementor-element elementor-element-iwgs-schutzkreis-ccd elementor-widget elementor-widget-text-editor\" data-id=\"iwgs-schutzkreis-ccd\" data-element_type=\"widget\" data-e-type=\"widget\" data-widget_type=\"text-editor.default\">\n\t\t\t\t\t\t\t\t\t<p style=\"text-align:center;font-size:13px;opacity:0.7;margin-top:14px\" data-nosnippet=\"true\">Personliga erfarenheter kan variera. Ingen medicinteknisk produkt. Inget l\u00f6fte om l\u00e4kning.<\/p>\t\t\t\t\t\t\t\t<\/div>\n\t\t\t\t\t<\/div>\n\t\t\t\t<\/div>\n\t\t\t\t\t<\/div>\n\t\t\t\t<\/div>\n\t\t<div class=\"elementor-element elementor-element-iwgs-schutzkreis-disc e-flex e-con-boxed e-con e-parent\" data-id=\"iwgs-schutzkreis-disc\" data-element_type=\"container\" data-e-type=\"container\">\n\t\t\t\t\t<div class=\"e-con-inner\">\n\t\t<div class=\"elementor-element elementor-element-iw-schutzkreis-disc-bw e-con-full e-flex e-con e-child\" data-id=\"iw-schutzkreis-disc-bw\" data-element_type=\"container\" data-e-type=\"container\">\n\t\t\t\t<div class=\"elementor-element elementor-element-iwgs-schutzkreis-discw elementor-widget elementor-widget-html\" data-id=\"iwgs-schutzkreis-discw\" data-element_type=\"widget\" data-e-type=\"widget\" data-widget_type=\"html.default\">\n\t\t\t\t\t<footer data-nosnippet=\"true\" class=\"iwg-disclaimer-block\"><p data-nosnippet=\"true\">iWell Guard \u00e4r <strong>ingen medicinteknisk produkt<\/strong> och ers\u00e4tter ingen l\u00e4karbehandling eller psykoterapeutisk behandling. Inneh\u00e5llet som presenteras h\u00e4r \u00e4r en religionsvetenskaplig och kulturhistorisk kontextualisering, inget l\u00f6fte om andlig verkan.<\/p><\/footer>\t\t\t\t<\/div>\n\t\t\t\t<\/div>\n\t\t\t\t\t<\/div>\n\t\t\t\t<\/div>\n\t\t\t\t<\/div>\n\t\t","protected":false},"excerpt":{"rendered":"","protected":false},"author":3,"featured_media":3578,"parent":0,"menu_order":0,"comment_status":"closed","ping_status":"closed","template":"elementor_header_footer","meta":{"_yoast_wpseo_focuskw":"Skyddscirkel","_yoast_wpseo_title":"Skyddscirkeln som avgr\u00e4nsning","_yoast_wpseo_metadesc":"Skyddscirkeln som kultur\u00f6verskridande skyddsprincip: ursprung, f\u00f6rest\u00e4llningen om den skyddande gr\u00e4nsen och exempel fr\u00e5n antiken","_yoast_wpseo_meta-robots-noindex":"","_yoast_wpseo_canonical":"","_angie_page":false,"gefaehrdungsstufe":"","wesen_kultur":"","wesen_klasse":"","footnotes":""},"categories":[],"class_list":["post-137152","page","type-page","status-publish","has-post-thumbnail","hentry"],"yoast_head":"<!-- This site is optimized with the Yoast SEO Premium plugin v27.7 (Yoast SEO v28.3) - https:\/\/yoast.com\/product\/yoast-seo-premium-wordpress\/ -->\n<title>Skyddscirkeln som avgr\u00e4nsning<\/title>\n<meta name=\"description\" content=\"Skyddscirkeln som kultur\u00f6verskridande skyddsprincip: ursprung, f\u00f6rest\u00e4llningen om den skyddande gr\u00e4nsen och exempel fr\u00e5n antiken\" \/>\n<meta name=\"robots\" content=\"index, follow, max-snippet:-1, max-image-preview:large, max-video-preview:-1\" \/>\n<link rel=\"canonical\" href=\"https:\/\/iwell-guard.com\/sv\/skyddscirkeln-som-avgransning-mot-skada\/\" \/>\n<meta property=\"og:locale\" content=\"sv_SE\" \/>\n<meta property=\"og:type\" content=\"article\" \/>\n<meta property=\"og:title\" content=\"Skyddscirkeln som avgr\u00e4nsning mot skada\" \/>\n<meta property=\"og:description\" content=\"Skyddscirkeln som kultur\u00f6verskridande skyddsprincip: ursprung, f\u00f6rest\u00e4llningen om den skyddande gr\u00e4nsen och exempel fr\u00e5n antiken\" \/>\n<meta property=\"og:url\" content=\"https:\/\/iwell-guard.com\/sv\/skyddscirkeln-som-avgransning-mot-skada\/\" \/>\n<meta property=\"og:site_name\" content=\"iWell Guard\" \/>\n<meta property=\"article:modified_time\" content=\"2026-09-03T01:21:50+00:00\" \/>\n<meta property=\"og:image\" content=\"https:\/\/iwell-guard.com\/wp-content\/uploads\/2026\/05\/schutzsymbol_universell_schutzkreis.webp\" \/>\n\t<meta property=\"og:image:width\" content=\"1024\" \/>\n\t<meta property=\"og:image:height\" content=\"1536\" \/>\n\t<meta property=\"og:image:type\" content=\"image\/webp\" \/>\n<meta name=\"twitter:card\" content=\"summary_large_image\" \/>\n<script type=\"application\/ld+json\" class=\"yoast-schema-graph\">{\"@context\":\"https:\\\/\\\/schema.org\",\"@graph\":[{\"@type\":\"WebPage\",\"@id\":\"https:\\\/\\\/iwell-guard.com\\\/sv\\\/skyddscirkeln-som-avgransning-mot-skada\\\/\",\"url\":\"https:\\\/\\\/iwell-guard.com\\\/sv\\\/skyddscirkeln-som-avgransning-mot-skada\\\/\",\"name\":\"Skyddscirkeln som avgr\u00e4nsning\",\"isPartOf\":{\"@id\":\"https:\\\/\\\/iwell-guard.com\\\/sv\\\/#website\"},\"primaryImageOfPage\":{\"@id\":\"https:\\\/\\\/iwell-guard.com\\\/sv\\\/skyddscirkeln-som-avgransning-mot-skada\\\/#primaryimage\"},\"image\":{\"@id\":\"https:\\\/\\\/iwell-guard.com\\\/sv\\\/skyddscirkeln-som-avgransning-mot-skada\\\/#primaryimage\"},\"thumbnailUrl\":\"https:\\\/\\\/iwell-guard.com\\\/wp-content\\\/uploads\\\/2026\\\/05\\\/schutzsymbol_universell_schutzkreis.webp\",\"datePublished\":\"2026-09-03T00:13:15+00:00\",\"dateModified\":\"2026-09-03T01:21:50+00:00\",\"description\":\"Skyddscirkeln som kultur\u00f6verskridande skyddsprincip: ursprung, f\u00f6rest\u00e4llningen om den skyddande gr\u00e4nsen och exempel fr\u00e5n antiken\",\"breadcrumb\":{\"@id\":\"https:\\\/\\\/iwell-guard.com\\\/sv\\\/skyddscirkeln-som-avgransning-mot-skada\\\/#breadcrumb\"},\"inLanguage\":\"sv-SE\",\"potentialAction\":[{\"@type\":\"ReadAction\",\"target\":[\"https:\\\/\\\/iwell-guard.com\\\/sv\\\/skyddscirkeln-som-avgransning-mot-skada\\\/\"]}]},{\"@type\":\"ImageObject\",\"inLanguage\":\"sv-SE\",\"@id\":\"https:\\\/\\\/iwell-guard.com\\\/sv\\\/skyddscirkeln-som-avgransning-mot-skada\\\/#primaryimage\",\"url\":\"https:\\\/\\\/iwell-guard.com\\\/wp-content\\\/uploads\\\/2026\\\/05\\\/schutzsymbol_universell_schutzkreis.webp\",\"contentUrl\":\"https:\\\/\\\/iwell-guard.com\\\/wp-content\\\/uploads\\\/2026\\\/05\\\/schutzsymbol_universell_schutzkreis.webp\",\"width\":1024,\"height\":1536,\"caption\":\"Skyddssymbol. Stilleben-illustration i museistil.\"},{\"@type\":\"BreadcrumbList\",\"@id\":\"https:\\\/\\\/iwell-guard.com\\\/sv\\\/skyddscirkeln-som-avgransning-mot-skada\\\/#breadcrumb\",\"itemListElement\":[{\"@type\":\"ListItem\",\"position\":1,\"name\":\"Start\",\"item\":\"https:\\\/\\\/iwell-guard.com\\\/sv\\\/?page_id=136483\"},{\"@type\":\"ListItem\",\"position\":2,\"name\":\"Skyddscirkeln som avgr\u00e4nsning mot skada\"}]},{\"@type\":\"WebSite\",\"@id\":\"https:\\\/\\\/iwell-guard.com\\\/sv\\\/#website\",\"url\":\"https:\\\/\\\/iwell-guard.com\\\/sv\\\/\",\"name\":\"iWell Guard\",\"description\":\"Schutz vor dunklen Einfl\u00fcssen\",\"publisher\":{\"@id\":\"https:\\\/\\\/iwell-guard.com\\\/sv\\\/#organization\"},\"potentialAction\":[{\"@type\":\"SearchAction\",\"target\":{\"@type\":\"EntryPoint\",\"urlTemplate\":\"https:\\\/\\\/iwell-guard.com\\\/sv\\\/?s={search_term_string}\"},\"query-input\":{\"@type\":\"PropertyValueSpecification\",\"valueRequired\":true,\"valueName\":\"search_term_string\"}}],\"inLanguage\":\"sv-SE\"},{\"@type\":\"Organization\",\"@id\":\"https:\\\/\\\/iwell-guard.com\\\/sv\\\/#organization\",\"name\":\"Ittermann electronic GmbH\",\"url\":\"https:\\\/\\\/iwell-guard.com\\\/sv\\\/\",\"logo\":{\"@type\":\"ImageObject\",\"inLanguage\":\"sv-SE\",\"@id\":\"https:\\\/\\\/iwell-guard.com\\\/sv\\\/#\\\/schema\\\/logo\\\/image\\\/\",\"url\":\"https:\\\/\\\/iwell-guard.com\\\/wp-content\\\/uploads\\\/2026\\\/05\\\/Ittermann-Logo-1182x237-1.png\",\"contentUrl\":\"https:\\\/\\\/iwell-guard.com\\\/wp-content\\\/uploads\\\/2026\\\/05\\\/Ittermann-Logo-1182x237-1.png\",\"width\":1182,\"height\":237,\"caption\":\"Ittermann electronic GmbH\"},\"image\":{\"@id\":\"https:\\\/\\\/iwell-guard.com\\\/sv\\\/#\\\/schema\\\/logo\\\/image\\\/\"},\"sameAs\":[\"https:\\\/\\\/pantip.com\\\/profile\\\/9367242\",\"https:\\\/\\\/micro.blog\\\/iwellguard\",\"https:\\\/\\\/www.diggerslist.com\\\/iwellguard\\\/about\",\"https:\\\/\\\/skitterphoto.com\\\/photographers\\\/2870314\\\/iwell-guard\",\"https:\\\/\\\/iwellguard.wordpress.com\\\/2026\\\/06\\\/06\\\/iwell-guard\\\/\",\"https:\\\/\\\/hub.docker.com\\\/u\\\/iwellguard\",\"https:\\\/\\\/www.pinterest.com\\\/iwellguard\\\/\",\"https:\\\/\\\/bit.ly\\\/m\\\/iwellguard\",\"https:\\\/\\\/entre-vos-mains.alsace.eu\\\/profiles\\\/iwellguard\\\/activity\",\"https:\\\/\\\/gravatar.com\\\/reallybeded8fd34\",\"https:\\\/\\\/naijamatta.com\\\/iwellguard\",\"https:\\\/\\\/www.goodreads.com\\\/iwellguard\",\"https:\\\/\\\/profile.hatena.ne.jp\\\/iwellguard\\\/\",\"https:\\\/\\\/experiment.com\\\/users\\\/iwellguard\",\"https:\\\/\\\/wakelet.com\\\/@iWellGuard82270\",\"https:\\\/\\\/www.chordie.com\\\/forum\\\/profile.php?id=2555664\",\"https:\\\/\\\/www.instapaper.com\\\/p\\\/17757966\",\"https:\\\/\\\/www.mapleprimes.com\\\/users\\\/iwellguard\",\"https:\\\/\\\/businesslistingplus.com\\\/profile\\\/iwell-guard\\\/\",\"https:\\\/\\\/telegra.ph\\\/iWell-Guard-06-06\",\"https:\\\/\\\/pbase.com\\\/iwellguard\\\/iwellguard\",\"https:\\\/\\\/b.hatena.ne.jp\\\/iwellguard\\\/20260607#bookmark-4788405196491818882\",\"https:\\\/\\\/fliphtml5.com\\\/home\\\/iwellguard\",\"https:\\\/\\\/anyflip.com\\\/homepage\\\/cmiwl#About\",\"https:\\\/\\\/transfur.com\\\/Users\\\/iwellguard\",\"http:\\\/\\\/delphi.larsbo.org\\\/user\\\/iwellguard\",\"https:\\\/\\\/jobs.lajobsportal.org\\\/profiles\\\/8380803-iwell-guard\",\"https:\\\/\\\/md.chaosdorf.de\\\/s\\\/jfbe5SBdJD\",\"https:\\\/\\\/www.lingvolive.com\\\/en-us\\\/profile\\\/9ecaeaca-ce11-4e51-9e71-01d55e2bff36\\\/translations\",\"https:\\\/\\\/www.fitday.com\\\/fitness\\\/forums\\\/members\\\/iwellguard.html\",\"https:\\\/\\\/www.mymeetbook.com\\\/iwellguard\",\"https:\\\/\\\/pxhere.com\\\/en\\\/photographer-me\\\/5040798\",\"https:\\\/\\\/disqus.com\\\/by\\\/iwellguard\\\/about\\\/\",\"https:\\\/\\\/pastelink.net\\\/hjwciqwq\",\"https:\\\/\\\/pubhtml5.com\\\/homepage\\\/scjhn\\\/\",\"https:\\\/\\\/www.bitchute.com\\\/channel\\\/2O2eOKzNqujT\",\"https:\\\/\\\/audiomack.com\\\/iwellguard\"]}]}<\/script>\n<!-- \/ Yoast SEO Premium plugin. -->","yoast_head_json":{"title":"Skyddscirkeln som avgr\u00e4nsning","description":"Skyddscirkeln som kultur\u00f6verskridande skyddsprincip: ursprung, f\u00f6rest\u00e4llningen om den skyddande gr\u00e4nsen och exempel fr\u00e5n antiken","robots":{"index":"index","follow":"follow","max-snippet":"max-snippet:-1","max-image-preview":"max-image-preview:large","max-video-preview":"max-video-preview:-1"},"canonical":"https:\/\/iwell-guard.com\/sv\/skyddscirkeln-som-avgransning-mot-skada\/","og_locale":"sv_SE","og_type":"article","og_title":"Skyddscirkeln som avgr\u00e4nsning mot skada","og_description":"Skyddscirkeln som kultur\u00f6verskridande skyddsprincip: ursprung, f\u00f6rest\u00e4llningen om den skyddande gr\u00e4nsen och exempel fr\u00e5n antiken","og_url":"https:\/\/iwell-guard.com\/sv\/skyddscirkeln-som-avgransning-mot-skada\/","og_site_name":"iWell Guard","article_modified_time":"2026-09-03T01:21:50+00:00","og_image":[{"width":1024,"height":1536,"url":"https:\/\/iwell-guard.com\/wp-content\/uploads\/2026\/05\/schutzsymbol_universell_schutzkreis.webp","type":"image\/webp"}],"twitter_card":"summary_large_image","schema":{"@context":"https:\/\/schema.org","@graph":[{"@type":"WebPage","@id":"https:\/\/iwell-guard.com\/sv\/skyddscirkeln-som-avgransning-mot-skada\/","url":"https:\/\/iwell-guard.com\/sv\/skyddscirkeln-som-avgransning-mot-skada\/","name":"Skyddscirkeln som avgr\u00e4nsning","isPartOf":{"@id":"https:\/\/iwell-guard.com\/sv\/#website"},"primaryImageOfPage":{"@id":"https:\/\/iwell-guard.com\/sv\/skyddscirkeln-som-avgransning-mot-skada\/#primaryimage"},"image":{"@id":"https:\/\/iwell-guard.com\/sv\/skyddscirkeln-som-avgransning-mot-skada\/#primaryimage"},"thumbnailUrl":"https:\/\/iwell-guard.com\/wp-content\/uploads\/2026\/05\/schutzsymbol_universell_schutzkreis.webp","datePublished":"2026-09-03T00:13:15+00:00","dateModified":"2026-09-03T01:21:50+00:00","description":"Skyddscirkeln som kultur\u00f6verskridande skyddsprincip: ursprung, f\u00f6rest\u00e4llningen om den skyddande gr\u00e4nsen och exempel fr\u00e5n antiken","breadcrumb":{"@id":"https:\/\/iwell-guard.com\/sv\/skyddscirkeln-som-avgransning-mot-skada\/#breadcrumb"},"inLanguage":"sv-SE","potentialAction":[{"@type":"ReadAction","target":["https:\/\/iwell-guard.com\/sv\/skyddscirkeln-som-avgransning-mot-skada\/"]}]},{"@type":"ImageObject","inLanguage":"sv-SE","@id":"https:\/\/iwell-guard.com\/sv\/skyddscirkeln-som-avgransning-mot-skada\/#primaryimage","url":"https:\/\/iwell-guard.com\/wp-content\/uploads\/2026\/05\/schutzsymbol_universell_schutzkreis.webp","contentUrl":"https:\/\/iwell-guard.com\/wp-content\/uploads\/2026\/05\/schutzsymbol_universell_schutzkreis.webp","width":1024,"height":1536,"caption":"Skyddssymbol. Stilleben-illustration i museistil."},{"@type":"BreadcrumbList","@id":"https:\/\/iwell-guard.com\/sv\/skyddscirkeln-som-avgransning-mot-skada\/#breadcrumb","itemListElement":[{"@type":"ListItem","position":1,"name":"Start","item":"https:\/\/iwell-guard.com\/sv\/?page_id=136483"},{"@type":"ListItem","position":2,"name":"Skyddscirkeln som avgr\u00e4nsning mot skada"}]},{"@type":"WebSite","@id":"https:\/\/iwell-guard.com\/sv\/#website","url":"https:\/\/iwell-guard.com\/sv\/","name":"iWell Guard","description":"Schutz vor dunklen Einfl\u00fcssen","publisher":{"@id":"https:\/\/iwell-guard.com\/sv\/#organization"},"potentialAction":[{"@type":"SearchAction","target":{"@type":"EntryPoint","urlTemplate":"https:\/\/iwell-guard.com\/sv\/?s={search_term_string}"},"query-input":{"@type":"PropertyValueSpecification","valueRequired":true,"valueName":"search_term_string"}}],"inLanguage":"sv-SE"},{"@type":"Organization","@id":"https:\/\/iwell-guard.com\/sv\/#organization","name":"Ittermann electronic GmbH","url":"https:\/\/iwell-guard.com\/sv\/","logo":{"@type":"ImageObject","inLanguage":"sv-SE","@id":"https:\/\/iwell-guard.com\/sv\/#\/schema\/logo\/image\/","url":"https:\/\/iwell-guard.com\/wp-content\/uploads\/2026\/05\/Ittermann-Logo-1182x237-1.png","contentUrl":"https:\/\/iwell-guard.com\/wp-content\/uploads\/2026\/05\/Ittermann-Logo-1182x237-1.png","width":1182,"height":237,"caption":"Ittermann electronic GmbH"},"image":{"@id":"https:\/\/iwell-guard.com\/sv\/#\/schema\/logo\/image\/"},"sameAs":["https:\/\/pantip.com\/profile\/9367242","https:\/\/micro.blog\/iwellguard","https:\/\/www.diggerslist.com\/iwellguard\/about","https:\/\/skitterphoto.com\/photographers\/2870314\/iwell-guard","https:\/\/iwellguard.wordpress.com\/2026\/06\/06\/iwell-guard\/","https:\/\/hub.docker.com\/u\/iwellguard","https:\/\/www.pinterest.com\/iwellguard\/","https:\/\/bit.ly\/m\/iwellguard","https:\/\/entre-vos-mains.alsace.eu\/profiles\/iwellguard\/activity","https:\/\/gravatar.com\/reallybeded8fd34","https:\/\/naijamatta.com\/iwellguard","https:\/\/www.goodreads.com\/iwellguard","https:\/\/profile.hatena.ne.jp\/iwellguard\/","https:\/\/experiment.com\/users\/iwellguard","https:\/\/wakelet.com\/@iWellGuard82270","https:\/\/www.chordie.com\/forum\/profile.php?id=2555664","https:\/\/www.instapaper.com\/p\/17757966","https:\/\/www.mapleprimes.com\/users\/iwellguard","https:\/\/businesslistingplus.com\/profile\/iwell-guard\/","https:\/\/telegra.ph\/iWell-Guard-06-06","https:\/\/pbase.com\/iwellguard\/iwellguard","https:\/\/b.hatena.ne.jp\/iwellguard\/20260607#bookmark-4788405196491818882","https:\/\/fliphtml5.com\/home\/iwellguard","https:\/\/anyflip.com\/homepage\/cmiwl#About","https:\/\/transfur.com\/Users\/iwellguard","http:\/\/delphi.larsbo.org\/user\/iwellguard","https:\/\/jobs.lajobsportal.org\/profiles\/8380803-iwell-guard","https:\/\/md.chaosdorf.de\/s\/jfbe5SBdJD","https:\/\/www.lingvolive.com\/en-us\/profile\/9ecaeaca-ce11-4e51-9e71-01d55e2bff36\/translations","https:\/\/www.fitday.com\/fitness\/forums\/members\/iwellguard.html","https:\/\/www.mymeetbook.com\/iwellguard","https:\/\/pxhere.com\/en\/photographer-me\/5040798","https:\/\/disqus.com\/by\/iwellguard\/about\/","https:\/\/pastelink.net\/hjwciqwq","https:\/\/pubhtml5.com\/homepage\/scjhn\/","https:\/\/www.bitchute.com\/channel\/2O2eOKzNqujT","https:\/\/audiomack.com\/iwellguard"]}]}},"_links":{"self":[{"href":"https:\/\/iwell-guard.com\/sv\/wp-json\/wp\/v2\/pages\/137152","targetHints":{"allow":["GET"]}}],"collection":[{"href":"https:\/\/iwell-guard.com\/sv\/wp-json\/wp\/v2\/pages"}],"about":[{"href":"https:\/\/iwell-guard.com\/sv\/wp-json\/wp\/v2\/types\/page"}],"author":[{"embeddable":true,"href":"https:\/\/iwell-guard.com\/sv\/wp-json\/wp\/v2\/users\/3"}],"replies":[{"embeddable":true,"href":"https:\/\/iwell-guard.com\/sv\/wp-json\/wp\/v2\/comments?post=137152"}],"version-history":[{"count":0,"href":"https:\/\/iwell-guard.com\/sv\/wp-json\/wp\/v2\/pages\/137152\/revisions"}],"wp:featuredmedia":[{"embeddable":true,"href":"https:\/\/iwell-guard.com\/sv\/wp-json\/wp\/v2\/media\/3578"}],"wp:attachment":[{"href":"https:\/\/iwell-guard.com\/sv\/wp-json\/wp\/v2\/media?parent=137152"}],"wp:term":[{"taxonomy":"category","embeddable":true,"href":"https:\/\/iwell-guard.com\/sv\/wp-json\/wp\/v2\/categories?post=137152"}],"curies":[{"name":"wp","href":"https:\/\/api.w.org\/{rel}","templated":true}]}}