{"id":137148,"date":"2026-09-03T00:13:12","date_gmt":"2026-09-03T00:13:12","guid":{"rendered":"https:\/\/iwell-guard.com\/?page_id=137148"},"modified":"2026-09-03T01:21:45","modified_gmt":"2026-09-03T01:21:45","slug":"ronn-skyddstrad-och-skyddstra-i-folkmagin","status":"publish","type":"page","link":"https:\/\/iwell-guard.com\/sv\/ronn-skyddstrad-och-skyddstra-i-folkmagin\/","title":{"rendered":"R\u00f6nn \u2013 skyddstr\u00e4d och skyddstr\u00e4 i folkmagin"},"content":{"rendered":"\t\t<div data-elementor-type=\"wp-page\" data-elementor-id=\"137148\" class=\"elementor elementor-137148 elementor-3737 elementor-bc-flex-widget\" data-elementor-post-type=\"page\">\n\t\t\t\t<div class=\"elementor-element elementor-element-iwgs-eberesche-hero e-flex e-con-boxed e-con e-parent\" data-id=\"iwgs-eberesche-hero\" data-element_type=\"container\" data-e-type=\"container\">\n\t\t\t\t\t<div class=\"e-con-inner\">\n\t\t<div class=\"elementor-element elementor-element-iw-eberesche-hero-bw e-con-full e-flex e-con e-child\" data-id=\"iw-eberesche-hero-bw\" data-element_type=\"container\" data-e-type=\"container\">\n\t\t<div class=\"elementor-element elementor-element-iwgs-eberesche-hl e-flex e-con-boxed e-con e-parent\" data-id=\"iwgs-eberesche-hl\" data-element_type=\"container\" data-e-type=\"container\">\n\t\t\t\t\t<div class=\"e-con-inner\">\n\t\t<div class=\"elementor-element elementor-element-iwgs-eberesche-hlbox e-con-full e-flex e-con e-parent\" data-id=\"iwgs-eberesche-hlbox\" data-element_type=\"container\" data-e-type=\"container\">\n\t\t\t\t<div class=\"elementor-element elementor-element-iwgs-eberesche-h1 elementor-widget elementor-widget-heading\" data-id=\"iwgs-eberesche-h1\" data-element_type=\"widget\" data-e-type=\"widget\" data-widget_type=\"heading.default\">\n\t\t\t\t\t<h1 class=\"elementor-heading-title elementor-size-default\">R\u00f6nnen: skyddstr\u00e4d och skyddstr\u00e4 i den europeiska folkmagin<\/h1>\t\t\t\t<\/div>\n\t\t\t\t<div class=\"elementor-element elementor-element-iwgs-eberesche-lead elementor-widget elementor-widget-text-editor\" data-id=\"iwgs-eberesche-lead\" data-element_type=\"widget\" data-e-type=\"widget\" data-widget_type=\"text-editor.default\">\n\t\t\t\t\t\t\t\t\t<p>R\u00f6nnen, \u00e4ven kallad f\u00e5gelb\u00e4r, ans\u00e5gs i den europeiska folkmagin vara ett skyddstr\u00e4d. Dess ved, kvistar och lysande r\u00f6da b\u00e4r tillskrevs avv\u00e4rjande kraft mot h\u00e4xeri, blixt och skadeg\u00f6rande trolldom.<\/p><p>S\u00e4rskilt i Central- och Nordeuropa var tr\u00e4det f\u00f6rknippat med talrika skyddssedv\u00e4njor. Folkloristiskt r\u00e4knas r\u00f6nnen till skyddsv\u00e4xterna inom <span class=\"iwg-fachbegriff\" data-tooltip=\"Den religiositet som levs i vardagen, ofta vid sidan av den officiella l\u00e4ran.\" tabindex=\"0\">folktron<\/span>. Denna artikel presenterar ursprung, <span class=\"iwg-fachbegriff\" data-tooltip=\"En traditionell handling som regelbundet upprepas i en gemenskap.\" tabindex=\"0\">sedv\u00e4nja<\/span> och tolkning av skyddstr\u00e4det.<\/p>\t\t\t\t\t\t\t\t<\/div>\n\t\t\t\t<\/div>\n\t\t\t\t<div class=\"elementor-element elementor-element-iwgs-eberesche-pills elementor-widget elementor-widget-html\" data-id=\"iwgs-eberesche-pills\" data-element_type=\"widget\" data-e-type=\"widget\" data-widget_type=\"html.default\">\n\t\t\t\t\t<div class=\"iwg-pill-row\"><span class=\"iwg-klasse-badge\" tabindex=\"0\" data-tooltip=\"Skyddssymbol, amulett eller apotropeiskt f\u00f6rem\u00e5l.\">Skyddssymbol<\/span><a href=\"https:\/\/iwell-guard.com\/sv\/skyddssymboler\/\" class=\"iwg-kultur-badge\" tabindex=\"0\" data-tooltip=\"Skyddstradition: Europeisk folkmagi\">Europeisk folkmagi<\/a><span class=\"iwg-tradition-badge\" tabindex=\"0\" data-tooltip=\"En bit tr\u00e4 som tillskrivs skyddskraft.\">Skyddstr\u00e4<\/span><\/div>\t\t\t\t<\/div>\n\t\t\t\t\t<\/div>\n\t\t\t\t<\/div>\n\t\t<div class=\"elementor-element elementor-element-iwgs-eberesche-hr e-con-full e-flex e-con e-parent\" data-id=\"iwgs-eberesche-hr\" data-element_type=\"container\" data-e-type=\"container\">\n\t\t\t\t<div class=\"elementor-element elementor-element-iwgs-eberesche-himg iwg-hero-image elementor-widget elementor-widget-image\" data-id=\"iwgs-eberesche-himg\" data-element_type=\"widget\" data-e-type=\"widget\" data-widget_type=\"image.default\">\n\t\t\t\t\t\t\t\t\t\t\t\t\t\t\t<img fetchpriority=\"high\" decoding=\"async\" width=\"683\" height=\"1024\" src=\"https:\/\/iwell-guard.com\/wp-content\/uploads\/2026\/05\/schutzsymbol_volksmagie_eberesche-683x1024.webp\" class=\"attachment-large size-large wp-image-135766\" alt=\"R\u00f6nn \u2013 skyddssymbol, museal illustration\" srcset=\"https:\/\/iwell-guard.com\/wp-content\/uploads\/2026\/05\/schutzsymbol_volksmagie_eberesche-683x1024.webp 683w, https:\/\/iwell-guard.com\/wp-content\/uploads\/2026\/05\/schutzsymbol_volksmagie_eberesche-200x300.webp 200w, https:\/\/iwell-guard.com\/wp-content\/uploads\/2026\/05\/schutzsymbol_volksmagie_eberesche-768x1152.webp 768w, https:\/\/iwell-guard.com\/wp-content\/uploads\/2026\/05\/schutzsymbol_volksmagie_eberesche.webp 1024w\" sizes=\"(max-width: 683px) 100vw, 683px\" \/>\t\t\t\t\t\t\t\t\t\t\t\t\t\t\t<\/div>\n\t\t\t\t<\/div>\n\t\t\t\t<\/div>\n\t\t\t\t\t<\/div>\n\t\t\t\t<\/div>\n\t\t<div class=\"elementor-element elementor-element-iwgs-eberesche-s0 e-flex e-con-boxed e-con e-parent\" data-id=\"iwgs-eberesche-s0\" data-element_type=\"container\" data-e-type=\"container\">\n\t\t\t\t\t<div class=\"e-con-inner\">\n\t\t\t\t<div class=\"elementor-element elementor-element-iwgs-eberesche-s0h elementor-widget elementor-widget-heading\" data-id=\"iwgs-eberesche-s0h\" data-element_type=\"widget\" data-e-type=\"widget\" data-widget_type=\"heading.default\">\n\t\t\t\t\t<h2 class=\"elementor-heading-title elementor-size-default\">Inordning<\/h2>\t\t\t\t<\/div>\n\t\t<div class=\"elementor-element elementor-element-iw-eberesche-s0-bw e-con-full e-flex e-con e-child\" data-id=\"iw-eberesche-s0-bw\" data-element_type=\"container\" data-e-type=\"container\">\n\t\t<div class=\"elementor-element elementor-element-iwgs-eberesche-s0box e-con-full e-flex e-con e-parent\" data-id=\"iwgs-eberesche-s0box\" data-element_type=\"container\" data-e-type=\"container\">\n\t\t\t\t<div class=\"elementor-element elementor-element-iwgs-eberesche-s0t elementor-widget elementor-widget-text-editor\" data-id=\"iwgs-eberesche-s0t\" data-element_type=\"widget\" data-e-type=\"widget\" data-widget_type=\"text-editor.default\">\n\t\t\t\t\t\t\t\t\t<p>R\u00f6nnen, botaniskt Sorbus aucuparia, \u00e4r ett i Europa vitt spritt l\u00f6vtr\u00e4d. I folkmagin ans\u00e5gs den vara ett av de viktigaste skyddstr\u00e4den. Den tillskrevs kraften att h\u00e5lla h\u00e4xeri, blixt och skadliga makter borta.<\/p><p>Tr\u00e4det b\u00e4r m\u00e5nga folkliga namn. Vanliga \u00e4r f\u00e5gelb\u00e4r, drudtr\u00e4d, kvitten och krammelb\u00e4r. Namnet f\u00e5gelb\u00e4r syftar p\u00e5 att f\u00e5glar \u00e4ter b\u00e4ren, namnet drudtr\u00e4d p\u00e5 den tillskrivna skyddsfunktionen mot druden.<\/p><p>Folkloristiskt r\u00e4knas r\u00f6nnen till skyddsv\u00e4xterna, en grupp av tr\u00e4d och \u00f6rter som tillskrevs avv\u00e4rjande kraft. Den st\u00e5r d\u00e4rmed i en rad tillsammans med fl\u00e4der, en och hassel.<\/p><p>Till skillnad fr\u00e5n tillverkade <a href=\"https:\/\/iwell-guard.com\/sv\/skyddssymboler\/\">skyddssymboler<\/a> var r\u00f6nnen ett levande skydd. Hela tr\u00e4det, enskilda kvistar, veden och b\u00e4ren kunde anv\u00e4ndas beroende p\u00e5 <span class=\"iwg-fachbegriff\" data-tooltip=\"En traditionell handling som regelbundet upprepas i en gemenskap.\" tabindex=\"0\">sedv\u00e4nja<\/span>.<\/p><p>Skyddsbetydelsen f\u00f6rdelade sig p\u00e5 olika delar av v\u00e4xten. Veden anv\u00e4ndes f\u00f6r att tillverka redskap och stavar, kvistarna f\u00f6r att s\u00e4ttas upp vid hus och stall, de r\u00f6da b\u00e4ren som smycke och avv\u00e4rjningsmedel.<\/p><p data-nosnippet=\"true\">Det b\u00f6r betonas att r\u00f6nnens skyddsverkan beskriver en historisk trosf\u00f6rest\u00e4llning. Tr\u00e4det \u00e4r ett folkloristiskt vittnesb\u00f6rd, inte ett verksamt skyddsmedel i naturvetenskaplig mening. Inga l\u00f6ften om helande \u00e4r f\u00f6rknippade med detta.<\/p>\t\t\t\t\t\t\t\t<\/div>\n\t\t\t\t<\/div>\n\t\t\t\t<\/div>\n\t\t\t\t\t<\/div>\n\t\t\t\t<\/div>\n\t\t<div class=\"elementor-element elementor-element-iwgs-eberesche-s1 e-flex e-con-boxed e-con e-parent\" data-id=\"iwgs-eberesche-s1\" data-element_type=\"container\" data-e-type=\"container\">\n\t\t\t\t\t<div class=\"e-con-inner\">\n\t\t\t\t<div class=\"elementor-element elementor-element-iwgs-eberesche-s1h elementor-widget elementor-widget-heading\" data-id=\"iwgs-eberesche-s1h\" data-element_type=\"widget\" data-e-type=\"widget\" data-widget_type=\"heading.default\">\n\t\t\t\t\t<h2 class=\"elementor-heading-title elementor-size-default\">Ursprung och historia<\/h2>\t\t\t\t<\/div>\n\t\t<div class=\"elementor-element elementor-element-iw-eberesche-s1-bw e-con-full e-flex e-con e-child\" data-id=\"iw-eberesche-s1-bw\" data-element_type=\"container\" data-e-type=\"container\">\n\t\t<div class=\"elementor-element elementor-element-iwgs-eberesche-s1box e-con-full e-flex e-con e-parent\" data-id=\"iwgs-eberesche-s1box\" data-element_type=\"container\" data-e-type=\"container\">\n\t\t\t\t<div class=\"elementor-element elementor-element-iwgs-eberesche-s1t elementor-widget elementor-widget-text-editor\" data-id=\"iwgs-eberesche-s1t\" data-element_type=\"widget\" data-e-type=\"widget\" data-widget_type=\"text-editor.default\">\n\t\t\t\t\t\t\t\t\t<p>R\u00f6nnen v\u00e4xer \u00f6ver n\u00e4stan hela Europa, fr\u00e5n l\u00e5gl\u00e4nta omr\u00e5den till bergstrakter. Dess spridning och dess i\u00f6gonfallande r\u00f6da b\u00e4r gjorde tidigt tr\u00e4det till ett tr\u00e4d med s\u00e4rskild betydelse i folktron.<\/p><p>Redan i f\u00f6rkristen tid torde tr\u00e4det ha haft kultisk betydelse, \u00e4ven om k\u00e4ll\u00e4get h\u00e4r \u00e4r tunt. I den nordiska <span class=\"iwg-fachbegriff\" data-tooltip=\"Vidaref\u00f6randet av kunskap och ber\u00e4ttelser genom generationer.\" tabindex=\"0\">traditionen<\/span> f\u00f6rekommer r\u00f6nnen i samband med guden Tor, vilket tyder p\u00e5 en gammal h\u00f6gaktning.<\/p><p>S\u00e4kra bel\u00e4gg f\u00f6r skyddssedv\u00e4njorna kommer fr\u00e5n medeltiden och den tidigmoderna perioden. Under denna tid var tron p\u00e5 h\u00e4xeri utbredd, och r\u00f6nnen ans\u00e5gs vara ett bevisat avv\u00e4rjningsmedel mot skadliga makter.<\/p><p>De folkloristiska samlingarna fr\u00e5n 1800-talet dokumenterar r\u00f6nnsedv\u00e4njorna t\u00e4tt. De visar att tr\u00e4det i Tyskland, England, Skandinavien och \u00d6stersj\u00f6omr\u00e5det f\u00f6rknippades med liknande skyddsf\u00f6rest\u00e4llningar.<\/p><p>S\u00e4rskilt p\u00e5 landsbygden levde <span class=\"iwg-fachbegriff\" data-tooltip=\"En traditionell handling som regelbundet upprepas i en gemenskap.\" tabindex=\"0\">sedv\u00e4njan<\/span> l\u00e4nge kvar. \u00c4nnu p\u00e5 1800-talet och sporadiskt p\u00e5 1900-talet sattes r\u00f6nnkvistar upp som skydd vid stall och hus, framf\u00f6r allt under valborgsm\u00e4ssonatten.<\/p><p>R\u00f6nnens historia som skyddstr\u00e4d visar en l\u00e5ng kontinuitet. Fr\u00e5n det f\u00f6rmodat f\u00f6rkristna kulttr\u00e4det \u00f6ver avv\u00e4rjningsmedlet under den tidigmoderna perioden fram till den dokumenterade <span class=\"iwg-fachbegriff\" data-tooltip=\"En traditionell handling som regelbundet upprepas i en gemenskap.\" tabindex=\"0\">sedv\u00e4njan<\/span> p\u00e5 1800-talet kan den f\u00f6ljas.<\/p><p>I den anglosaxiska och nordiska <span class=\"iwg-fachbegriff\" data-tooltip=\"Vidaref\u00f6randet av kunskap och ber\u00e4ttelser genom generationer.\" tabindex=\"0\">traditionen<\/span> f\u00f6rekommer r\u00f6nnen dessutom i ber\u00e4ttelsen om att tr\u00e4det gav guden Tor st\u00f6d n\u00e4r han korsade en forsande flod.<\/p><p>S\u00e5dana ber\u00e4ttelsemotiv kan endast bel\u00e4ggas i medeltida nedteckningar och medger inga s\u00e4kra slutsatser om en f\u00f6rkristen <span class=\"iwg-fachbegriff\" data-tooltip=\"Helheten av religi\u00f6sa v\u00f6rdnadshandlingar f\u00f6r en gudom eller helig gestalt.\" tabindex=\"0\">kult<\/span>, men de visar den gamla f\u00f6rbindelsen mellan tr\u00e4det och f\u00f6rest\u00e4llningen om skydd och fasthet.<\/p>\t\t\t\t\t\t\t\t<\/div>\n\t\t\t\t<\/div>\n\t\t\t\t<\/div>\n\t\t\t\t\t<\/div>\n\t\t\t\t<\/div>\n\t\t<div class=\"elementor-element elementor-element-iwgs-eberesche-s2 e-flex e-con-boxed e-con e-parent\" data-id=\"iwgs-eberesche-s2\" data-element_type=\"container\" data-e-type=\"container\">\n\t\t\t\t\t<div class=\"e-con-inner\">\n\t\t\t\t<div class=\"elementor-element elementor-element-iwgs-eberesche-s2h elementor-widget elementor-widget-heading\" data-id=\"iwgs-eberesche-s2h\" data-element_type=\"widget\" data-e-type=\"widget\" data-widget_type=\"heading.default\">\n\t\t\t\t\t<h2 class=\"elementor-heading-title elementor-size-default\">Form, material och tillverkning<\/h2>\t\t\t\t<\/div>\n\t\t<div class=\"elementor-element elementor-element-iw-eberesche-s2-bw e-con-full e-flex e-con e-child\" data-id=\"iw-eberesche-s2-bw\" data-element_type=\"container\" data-e-type=\"container\">\n\t\t<div class=\"elementor-element elementor-element-iwgs-eberesche-s2box e-con-full e-flex e-con e-parent\" data-id=\"iwgs-eberesche-s2box\" data-element_type=\"container\" data-e-type=\"container\">\n\t\t\t\t<div class=\"elementor-element elementor-element-iwgs-eberesche-s2t elementor-widget elementor-widget-text-editor\" data-id=\"iwgs-eberesche-s2t\" data-element_type=\"widget\" data-e-type=\"widget\" data-widget_type=\"text-editor.default\">\n\t\t\t\t\t\t\t\t\t<p>R\u00f6nnen (Eberesche) \u00e4r ett litet till medelstort l\u00f6vtr\u00e4d med parbladiga blad. Framtr\u00e4dande \u00e4r de lysande r\u00f6da b\u00e4ren som h\u00e4nger i t\u00e4ta klasar p\u00e5 h\u00f6sten. Dessa r\u00f6da b\u00e4r spelar en viktig roll i folkmagin.<\/p><p>Olika delar av tr\u00e4det anv\u00e4ndes. F\u00e4rska kvistar med l\u00f6v och b\u00e4r anv\u00e4ndes f\u00f6r att s\u00e4ttas upp. De skars vid best\u00e4mda tider och f\u00e4stes vid d\u00f6rrar, f\u00f6nster och stalld\u00f6rrar.<\/p><p>R\u00f6nnens ved \u00e4r seg och elastisk. Den bearbetades till verktygsskaft, promenad- och herdestavar, piskskaft och mindre redskap. S\u00e5dana redskap av r\u00f6nnved tillskrevs en skyddande egenskap.<\/p><p>Av b\u00e4ren kunde man tr\u00e4 upp kedjor. Sn\u00f6ren av r\u00f6da r\u00f6nnb\u00e4r bars som smycke eller h\u00e4ngdes upp i hemmet. Den kraftiga r\u00f6da f\u00e4rgen ans\u00e5gs h\u00e4rvid vara betydelsefull.<\/p><p>En s\u00e4rskild ritual kr\u00e4vdes i regel inte f\u00f6r tillverkningen. Viktig var dock den r\u00e4tta tidpunkten f\u00f6r sk\u00f6rden. Enligt vissa seder skulle kvistarna h\u00e4mtas p\u00e5 best\u00e4mda dagar eller utan j\u00e4rnverktyg.<\/p><p>\u00c4ven tr\u00e4dets v\u00e4xtplats hade betydelse. En r\u00f6nn som v\u00e4xte p\u00e5 en klippa eller i en klyka i ett annat tr\u00e4d, allts\u00e5 utan r\u00f6tter i marken, ans\u00e5gs vara s\u00e4rskilt kraftfull. S\u00e5dana tr\u00e4d kallades flygr\u00f6nn.<\/p><p>P\u00e5 vissa h\u00e5ll ans\u00e5gs r\u00f6nnen \u00e4ven vara ett v\u00e4dertr\u00e4d, vars b\u00e4rs\u00e4ttning gav v\u00e4gledning om den kommande vintern. Ett tr\u00e4d med rik b\u00e4rsk\u00f6rd f\u00f6reb\u00e5dade enligt denna tro en h\u00e5rd, sn\u00f6rik \u00e5rstid. Denna v\u00e4derregel har inledningsvis inget att g\u00f6ra med skyddsfunktionen, men visar hur n\u00e4ra f\u00f6rbunden r\u00f6nnen var med det bondesamh\u00e4llets livsv\u00e4rld.<\/p>\t\t\t\t\t\t\t\t<\/div>\n\t\t\t\t<\/div>\n\t\t\t\t<\/div>\n\t\t\t\t\t<\/div>\n\t\t\t\t<\/div>\n\t\t<div class=\"elementor-element elementor-element-iwgs-eberesche-s3 e-flex e-con-boxed e-con e-parent\" data-id=\"iwgs-eberesche-s3\" data-element_type=\"container\" data-e-type=\"container\">\n\t\t\t\t\t<div class=\"e-con-inner\">\n\t\t\t\t<div class=\"elementor-element elementor-element-iwgs-eberesche-s3h elementor-widget elementor-widget-heading\" data-id=\"iwgs-eberesche-s3h\" data-element_type=\"widget\" data-e-type=\"widget\" data-widget_type=\"heading.default\">\n\t\t\t\t\t<h2 class=\"elementor-heading-title elementor-size-default\">Folklig bakgrund och trosf\u00f6rest\u00e4llningar<\/h2>\t\t\t\t<\/div>\n\t\t<div class=\"elementor-element elementor-element-iw-eberesche-s3-bw e-con-full e-flex e-con e-child\" data-id=\"iw-eberesche-s3-bw\" data-element_type=\"container\" data-e-type=\"container\">\n\t\t<div class=\"elementor-element elementor-element-iwgs-eberesche-s3box e-con-full e-flex e-con e-parent\" data-id=\"iwgs-eberesche-s3box\" data-element_type=\"container\" data-e-type=\"container\">\n\t\t\t\t<div class=\"elementor-element elementor-element-iwgs-eberesche-s3t elementor-widget elementor-widget-text-editor\" data-id=\"iwgs-eberesche-s3t\" data-element_type=\"widget\" data-e-type=\"widget\" data-widget_type=\"text-editor.default\">\n\t\t\t\t\t\t\t\t\t<p>Bakom r\u00f6nnen l\u00e5g f\u00f6rest\u00e4llningen att vissa tr\u00e4d besatt en skyddande kraft som stod i motsats till hexeriet. R\u00f6nnen ans\u00e5gs vara ett av de mest verksamma av dessa tr\u00e4d.<\/p><p>En central roll spelade b\u00e4rens r\u00f6da f\u00e4rg. R\u00f6tt ans\u00e5gs i den europeiska folkmagin allm\u00e4nt vara en avv\u00e4rjande f\u00e4rg, som skulle h\u00e5lla skadliga makter och det onda \u00f6gat p\u00e5 avst\u00e5nd. De r\u00f6da r\u00f6nnb\u00e4ren f\u00f6rkroppsligade denna skyddsf\u00e4rg i naturen.<\/p><p>Tr\u00e4det anv\u00e4ndes mot olika hot. Det skulle avv\u00e4rja hexor och deras skadeg\u00f6rande trolldom, f\u00f6rhindra maran och skydda m\u00e4nniska och boskap fr\u00e5n det onda \u00f6gat. Denna samling av funktioner \u00e4r typisk f\u00f6r skyddsv\u00e4xter.<\/p><p>\u00c4ven mot \u00e5skan ans\u00e5gs r\u00f6nnen ge skydd. I denna egenskap stod den i b\u00e5de konkurrens och samband med andra tr\u00e4d som tillskrevs blixtskydd. H\u00e4r anas den nordiska kopplingen till \u00e5skguden Tor.<\/p><p>Den s\u00e4rskilda uppskattningen av flygr\u00f6nnen, allts\u00e5 det tr\u00e4d som inte var rotat i marken, f\u00f6rklaras av en utbredd logik inom folkmagin. Det som hade vuxit p\u00e5 ett ovanligt s\u00e4tt och till synes stod i motsats till den naturliga ordningen, ans\u00e5gs vara s\u00e4rskilt kraftfullt.<\/p><p>R\u00f6nnen f\u00f6renade s\u00e5ledes flera f\u00f6rest\u00e4llningar. Den var ett avv\u00e4rjningstr\u00e4d mot hexeri, ett skydd mot blixten och b\u00e4rare av den betydelsefulla r\u00f6da f\u00e4rgen. Denna betydelsefullhet gjorde den till ett av de viktigaste tr\u00e4den inom folkmagin.<\/p><p>Mot den skadliga blicken fanns f\u00f6rest\u00e4llningen att en m\u00e4nniska eller ett djur med en r\u00f6nnkvist var undandragen det onda \u00f6gat.<\/p><p>Kvisten skulle enligt denna logik dra den skadliga uppm\u00e4rksamheten till sig, ungef\u00e4r som ett i\u00f6gonfallande <span class=\"iwg-fachbegriff\" data-tooltip=\"Ett buret f\u00f6rem\u00e5l som tillskrivs en skyddande, olycksavv\u00e4rjande verkan.\" tabindex=\"0\">amulett<\/span>, och skyddade d\u00e4rigenom den egentliga b\u00e4raren. Denna f\u00f6rest\u00e4llning f\u00f6rband skyddstr\u00e4det med det vida f\u00e4ltet av avv\u00e4rjning av det onda \u00f6gat.<\/p>\t\t\t\t\t\t\t\t<\/div>\n\t\t\t\t<\/div>\n\t\t\t\t<\/div>\n\t\t\t\t\t<\/div>\n\t\t\t\t<\/div>\n\t\t<div class=\"elementor-element elementor-element-iwgs-eberesche-s4 e-flex e-con-boxed e-con e-parent\" data-id=\"iwgs-eberesche-s4\" data-element_type=\"container\" data-e-type=\"container\">\n\t\t\t\t\t<div class=\"e-con-inner\">\n\t\t\t\t<div class=\"elementor-element elementor-element-iwgs-eberesche-s4h elementor-widget elementor-widget-heading\" data-id=\"iwgs-eberesche-s4h\" data-element_type=\"widget\" data-e-type=\"widget\" data-widget_type=\"heading.default\">\n\t\t\t\t\t<h2 class=\"elementor-heading-title elementor-size-default\">Anv\u00e4ndning och sed<\/h2>\t\t\t\t<\/div>\n\t\t<div class=\"elementor-element elementor-element-iw-eberesche-s4-bw e-con-full e-flex e-con e-child\" data-id=\"iw-eberesche-s4-bw\" data-element_type=\"container\" data-e-type=\"container\">\n\t\t<div class=\"elementor-element elementor-element-iwgs-eberesche-s4box e-con-full e-flex e-con e-parent\" data-id=\"iwgs-eberesche-s4box\" data-element_type=\"container\" data-e-type=\"container\">\n\t\t\t\t<div class=\"elementor-element elementor-element-iwgs-eberesche-s4t elementor-widget elementor-widget-text-editor\" data-id=\"iwgs-eberesche-s4t\" data-element_type=\"widget\" data-e-type=\"widget\" data-widget_type=\"text-editor.default\">\n\t\t\t\t\t\t\t\t\t<p>En utbredd <span class=\"iwg-fachbegriff\" data-tooltip=\"En traditionell handling som regelbundet upprepas inom en gemenskap.\" tabindex=\"0\">sedv\u00e4nja<\/span> var att s\u00e4tta upp r\u00f6nnkvistar vid hus och stall. S\u00e4rskilt under valborgsm\u00e4ssonatten, d\u00e5 man trodde att hexorna var extra aktiva, f\u00e4stes f\u00e4rska kvistar vid d\u00f6rrar och stalld\u00f6rrar.<\/p><p>I stallet skulle r\u00f6nnen skydda boskapen. Kvistar sattes upp ovanf\u00f6r stalld\u00f6rrarna eller stacks in i stallet f\u00f6r att skydda h\u00e4star och n\u00f6tkreatur mot sjukdom, mara och f\u00f6rhexning.<\/p><p>Redskap och stavar av r\u00f6nnved hade en egen betydelse. En herdestav av r\u00f6nnved skulle skydda hjorden, ett piskskaft dragdjuren. \u00c4ven visp- och r\u00f6rredskap av detta tr\u00e4 ans\u00e5gs vara f\u00f6rdelaktiga.<\/p><p>Vid d\u00f6rrar och tr\u00f6sklar anv\u00e4ndes r\u00f6nnen p\u00e5 liknande s\u00e4tt som andra byggnadsskyddande medel. En inkl\u00e4md kvist eller en tr\u00e4bit vid tr\u00f6skeln skulle f\u00f6rhindra att skadliga makter tr\u00e4ngde in.<\/p><p>De r\u00f6da b\u00e4ren tr\u00e4des upp till kedjor och h\u00e4ngdes p\u00e5 barn eller djur. Dessa b\u00e4rsn\u00f6ren f\u00f6renade tr\u00e4dets skydd med den r\u00f6da f\u00e4rgens avv\u00e4rjande verkan.<\/p><p>Denna <span class=\"iwg-fachbegriff\" data-tooltip=\"En traditionell handling som regelbundet upprepas inom en gemenskap.\" tabindex=\"0\">sedv\u00e4nja<\/span> var enkel att utf\u00f6ra och bunden till ingen s\u00e4rskild person. Varje hush\u00e5ll kunde sk\u00e4ra och s\u00e4tta upp kvistar. Denna enkelhet bidrog till r\u00f6nnsedv\u00e4njornas stora spridning.<\/p><p>Vidare var det en utbredd <span class=\"iwg-fachbegriff\" data-tooltip=\"En traditionell handling som regelbundet upprepas inom en gemenskap.\" tabindex=\"0\">sedv\u00e4nja<\/span> att r\u00f6ra nyslagen sm\u00f6r med en visp av r\u00f6nnved. Misslyckades k\u00e4rningen tolkades detta ofta som en hexas verk, som hade tagit kraften ur mj\u00f6lken. Ett r\u00f6rredskap av det skyddande tr\u00e4et skulle f\u00f6rebygga s\u00e5dan skadetrolldom och s\u00e4kra arbetets framg\u00e5ng.<\/p>\t\t\t\t\t\t\t\t<\/div>\n\t\t\t\t<\/div>\n\t\t\t\t<\/div>\n\t\t\t\t\t<\/div>\n\t\t\t\t<\/div>\n\t\t<div class=\"elementor-element elementor-element-iwgs-eberesche-s5 e-flex e-con-boxed e-con e-parent\" data-id=\"iwgs-eberesche-s5\" data-element_type=\"container\" data-e-type=\"container\">\n\t\t\t\t\t<div class=\"e-con-inner\">\n\t\t\t\t<div class=\"elementor-element elementor-element-iwgs-eberesche-s5h elementor-widget elementor-widget-heading\" data-id=\"iwgs-eberesche-s5h\" data-element_type=\"widget\" data-e-type=\"widget\" data-widget_type=\"heading.default\">\n\t\t\t\t\t<h2 class=\"elementor-heading-title elementor-size-default\">Regionala varianter och sl\u00e4ktskap<\/h2>\t\t\t\t<\/div>\n\t\t<div class=\"elementor-element elementor-element-iw-eberesche-s5-bw e-con-full e-flex e-con e-child\" data-id=\"iw-eberesche-s5-bw\" data-element_type=\"container\" data-e-type=\"container\">\n\t\t<div class=\"elementor-element elementor-element-iwgs-eberesche-s5box e-con-full e-flex e-con e-parent\" data-id=\"iwgs-eberesche-s5box\" data-element_type=\"container\" data-e-type=\"container\">\n\t\t\t\t<div class=\"elementor-element elementor-element-iwgs-eberesche-s5t elementor-widget elementor-widget-text-editor\" data-id=\"iwgs-eberesche-s5t\" data-element_type=\"widget\" data-e-type=\"widget\" data-widget_type=\"text-editor.default\">\n\t\t\t\t\t\t\t\t\t<p>Bruken kring r\u00f6nnen skiljer sig \u00e5t mellan olika regioner. I Norra Tyskland och i \u00d6stersj\u00f6omr\u00e5det l\u00e5g tyngdpunkten p\u00e5 skyddet av boskapen genom uppsatta kvistar. I mellersta bergstrakterna betonades skyddet mot h\u00e4xor och mara starkare.<\/p><p>I Skottland och Irland ans\u00e5gs r\u00f6nnen, d\u00e4r kallad Rowan, vara ett s\u00e4rskilt kraftfullt skyddstr\u00e4d. Kors bundna av tv\u00e5 r\u00f6nnkvistar, sammanh\u00e5llna med r\u00f6d tr\u00e5d, var ett vanligt skyddsmedel.<\/p><p>I Skandinavien var r\u00f6nnen n\u00e4ra f\u00f6rbunden med skyddet av hus och g\u00e5rd. \u00c4ven d\u00e4r spelade flygr\u00f6nnen, det p\u00e5 andra tr\u00e4d v\u00e4xande tr\u00e4det, en s\u00e4rskild roll.<\/p><p>R\u00f6nnen \u00e4r besl\u00e4ktad med andra skyddsv\u00e4xter i den europeiska folkmagin. Fl\u00e4der ans\u00e5gs vara ett hustr\u00e4d och skydd, en, ans\u00e5gs vara ett renande r\u00f6kelsetr\u00e4, och hasseln\u00f6t en ris med s\u00e4rskild kraft.<\/p><p>Liksom <a href=\"https:\/\/iwell-guard.com\/sv\/skyddssymboler\/\">Hagstenen<\/a> h\u00f6r r\u00f6nnen till de naturobjekt vars skyddskraft inte h\u00e4rleddes ur m\u00e4nsklig tillverkning utan ur v\u00e4xten sj\u00e4lv. B\u00e5da st\u00e5r f\u00f6r en skyddsmagi som bygger p\u00e5 naturen.<\/p><p>Trots regionala skillnader framtr\u00e4der ett gemensamt m\u00f6nster. \u00d6verallt ans\u00e5gs de r\u00f6da b\u00e4ren betydelsefulla, \u00f6verallt riktades skyddet mot h\u00e4xeri och mara, och \u00f6verallt hade tr\u00e4det en fast plats i skyddet av hus och boskap.<\/p><p>I Wales anv\u00e4ndes r\u00f6nnvirke till skaft f\u00f6r slagrutor och till spinnsl\u00e4ndor, och p\u00e5 vissa kyrkog\u00e5rdar planterade man tr\u00e4det avsiktligt f\u00f6r att s\u00e4kra de d\u00f6das ro. Denna kyrkon\u00e4ra anv\u00e4ndning visar att r\u00f6nnen, liksom andra skyddsv\u00e4xter, anv\u00e4ndes utan mots\u00e4ttning mellan den folkmagiska och den kristna sf\u00e4ren.<\/p>\t\t\t\t\t\t\t\t<\/div>\n\t\t\t\t<\/div>\n\t\t\t\t<\/div>\n\t\t\t\t\t<\/div>\n\t\t\t\t<\/div>\n\t\t<div class=\"elementor-element elementor-element-iwgs-eberesche-s6 e-flex e-con-boxed e-con e-parent\" data-id=\"iwgs-eberesche-s6\" data-element_type=\"container\" data-e-type=\"container\">\n\t\t\t\t\t<div class=\"e-con-inner\">\n\t\t\t\t<div class=\"elementor-element elementor-element-iwgs-eberesche-s6h elementor-widget elementor-widget-heading\" data-id=\"iwgs-eberesche-s6h\" data-element_type=\"widget\" data-e-type=\"widget\" data-widget_type=\"heading.default\">\n\t\t\t\t\t<h2 class=\"elementor-heading-title elementor-size-default\">Betydelse som skyddsmedel<\/h2>\t\t\t\t<\/div>\n\t\t<div class=\"elementor-element elementor-element-iw-eberesche-s6-bw e-con-full e-flex e-con e-child\" data-id=\"iw-eberesche-s6-bw\" data-element_type=\"container\" data-e-type=\"container\">\n\t\t<div class=\"elementor-element elementor-element-iwgs-eberesche-s6box e-con-full e-flex e-con e-parent\" data-id=\"iwgs-eberesche-s6box\" data-element_type=\"container\" data-e-type=\"container\">\n\t\t\t\t<div class=\"elementor-element elementor-element-iwgs-eberesche-s6t elementor-widget elementor-widget-text-editor\" data-id=\"iwgs-eberesche-s6t\" data-element_type=\"widget\" data-e-type=\"widget\" data-widget_type=\"text-editor.default\">\n\t\t\t\t\t\t\t\t\t<p>R\u00f6nnens skyddsbetydelse bygger p\u00e5 en kombination av flera f\u00f6rest\u00e4llningar. Tr\u00e4det ans\u00e5gs av naturen vara h\u00e4xeriets motsats, och dess r\u00f6da b\u00e4r bar den avv\u00e4rjande skyddsf\u00e4rgen.<\/p><p>En central roll spelade skyddet av boskapen. Eftersom djursjukdomar ofta tolkades som en f\u00f6ljd av skadef\u00f6rg\u00f6relse, var ett medel som troddes vara verksamt av stor betydelse f\u00f6r det bondiska hush\u00e5llet. R\u00f6nnen uppfyllde denna f\u00f6rv\u00e4ntning.<\/p><p>Skyddet av huset kompletterade skyddet av boskapen. Uppsatta kvistar vid d\u00f6rrar och f\u00f6nster skulle s\u00e4kra hela g\u00e5rden mot intr\u00e5ng av skadliga makter, p\u00e5 liknande s\u00e4tt som inristade avv\u00e4rjningstecken.<\/p><p>Det tillskrivna blixtskyddet ut\u00f6kade skyddsfunktionen till en naturfara. I en tid utan tekniskt blixtskydd hade tron p\u00e5 ett blixtavv\u00e4rjande tr\u00e4d stor betydelse f\u00f6r m\u00e4nniskorna.<\/p><p>F\u00f6r m\u00e4nniskorna l\u00e5g r\u00f6nnens v\u00e4rde i dess tillg\u00e4nglighet. Tr\u00e4det v\u00e4xte n\u00e4stan \u00f6verallt, och dess kvistar kunde sk\u00e4ras utan kostnad. Skydd var d\u00e4rmed tillg\u00e4ngligt f\u00f6r varje hush\u00e5ll.<\/p><p>Det b\u00f6r noteras att denna skyddsbetydelse \u00e5terger historiska trosf\u00f6rest\u00e4llningar. Ett verkligt skydd mot sjukdom, skadef\u00f6rg\u00f6relse eller blixt \u00e4r inte f\u00f6rbundet med r\u00f6nnen. Dess v\u00e4rde ligger i det kulturhistoriska uttalandet om forna tankes\u00e4tt.<\/p>\t\t\t\t\t\t\t\t<\/div>\n\t\t\t\t<\/div>\n\t\t\t\t<\/div>\n\t\t\t\t\t<\/div>\n\t\t\t\t<\/div>\n\t\t<div class=\"elementor-element elementor-element-iwgs-eberesche-s7 e-flex e-con-boxed e-con e-parent\" data-id=\"iwgs-eberesche-s7\" data-element_type=\"container\" data-e-type=\"container\">\n\t\t\t\t\t<div class=\"e-con-inner\">\n\t\t\t\t<div class=\"elementor-element elementor-element-iwgs-eberesche-s7h elementor-widget elementor-widget-heading\" data-id=\"iwgs-eberesche-s7h\" data-element_type=\"widget\" data-e-type=\"widget\" data-widget_type=\"heading.default\">\n\t\t\t\t\t<h2 class=\"elementor-heading-title elementor-size-default\">K\u00e4ll\u00e4ge och forskningshistoria<\/h2>\t\t\t\t<\/div>\n\t\t<div class=\"elementor-element elementor-element-iw-eberesche-s7-bw e-con-full e-flex e-con e-child\" data-id=\"iw-eberesche-s7-bw\" data-element_type=\"container\" data-e-type=\"container\">\n\t\t<div class=\"elementor-element elementor-element-iwgs-eberesche-s7box e-con-full e-flex e-con e-parent\" data-id=\"iwgs-eberesche-s7box\" data-element_type=\"container\" data-e-type=\"container\">\n\t\t\t\t<div class=\"elementor-element elementor-element-iwgs-eberesche-s7t elementor-widget elementor-widget-text-editor\" data-id=\"iwgs-eberesche-s7t\" data-element_type=\"widget\" data-e-type=\"widget\" data-widget_type=\"text-editor.default\">\n\t\t\t\t\t\t\t\t\t<p>K\u00e4lll\u00e4get kring r\u00f6nnen som skyddstr\u00e4d \u00e4r t\u00e4tt f\u00f6r <span class=\"iwg-fachbegriff\" data-tooltip=\"Epok ungef\u00e4r fr\u00e5n 1400-talet till 1700-talet.\" tabindex=\"0\">tidigmodern tid<\/span> och 1800-talet, men bristf\u00e4lligt f\u00f6r \u00e4ldre epoker. Mycket om den f\u00f6rkristna tiden f\u00f6rblir gissningar.<\/p><p>F\u00f6r den nordiska <span class=\"iwg-fachbegriff\" data-tooltip=\"Vidaref\u00f6randet av kunskap och ber\u00e4ttelser genom generationer.\" tabindex=\"0\">traditionen<\/span> ger de medeltida isl\u00e4ndska skrifterna bel\u00e4gg f\u00f6r r\u00f6nnens betydelse i samband med guden Tor. Dessa bel\u00e4gg \u00e4r dock sparsamma och b\u00f6r tolkas med f\u00f6rsiktighet.<\/p><p>Den viktigaste grunden utg\u00f6rs av de folkloristiska samlingarna fr\u00e5n 1800-talet och det tidiga 1900-talet. Forskare samlade genom intervjuer ett rikt material om seder, som visar den regionala m\u00e5ngfalden i bruken kring r\u00f6nnen.<\/p><p>Handw\u00f6rterbuch des deutschen Aberglaubens inneh\u00e5ller en utf\u00f6rlig artikel om r\u00f6nnen. Den ordnar bruken systematiskt och kopplar dem till f\u00f6rest\u00e4llningarna om h\u00e4xeri, mara och skyddsf\u00e4rg.<\/p><p>En metodisk sv\u00e5righet ligger i att dra slutsatser om en f\u00f6rkristen kultbetydelse utifr\u00e5n yngre bruk. Forskningen manar h\u00e4r till f\u00f6rsiktighet, eftersom senare bruk inte utan vidare kan projiceras tillbaka till en avl\u00e4gsen forntid.<\/p><p>Forskningshistorien visar att r\u00f6nnen h\u00f6r till de b\u00e4st dokumenterade skyddstr\u00e4den i Europa. Den folkloristiska insamlingsverksamheten har gjort dess m\u00e5ngsidiga roll i folkmagin synlig i omfattande grad.<\/p><p>Ett \u00e5terkommande problem i forskningen \u00e4r f\u00f6rv\u00e4xlingen av r\u00f6nnen med andra tr\u00e4d i \u00e4ldre texter. De folkliga namnen \u00e4r inte entydiga, och begrepp som Quitsche eller Drudenbaum anv\u00e4ndes olika beroende p\u00e5 region. Att avg\u00f6ra vilket tr\u00e4d som avses i en k\u00e4lla kr\u00e4ver d\u00e4rf\u00f6r en j\u00e4mf\u00f6relse med det regionala spr\u00e5kbruket.<\/p>\t\t\t\t\t\t\t\t<\/div>\n\t\t\t\t<\/div>\n\t\t\t\t<\/div>\n\t\t\t\t\t<\/div>\n\t\t\t\t<\/div>\n\t\t<div class=\"elementor-element elementor-element-iwgs-eberesche-s8 e-flex e-con-boxed e-con e-parent\" data-id=\"iwgs-eberesche-s8\" data-element_type=\"container\" data-e-type=\"container\">\n\t\t\t\t\t<div class=\"e-con-inner\">\n\t\t\t\t<div class=\"elementor-element elementor-element-iwgs-eberesche-s8h elementor-widget elementor-widget-heading\" data-id=\"iwgs-eberesche-s8h\" data-element_type=\"widget\" data-e-type=\"widget\" data-widget_type=\"heading.default\">\n\t\t\t\t\t<h2 class=\"elementor-heading-title elementor-size-default\">Aktuell mottagning<\/h2>\t\t\t\t<\/div>\n\t\t<div class=\"elementor-element elementor-element-iw-eberesche-s8-bw e-con-full e-flex e-con e-child\" data-id=\"iw-eberesche-s8-bw\" data-element_type=\"container\" data-e-type=\"container\">\n\t\t<div class=\"elementor-element elementor-element-iwgs-eberesche-s8box e-con-full e-flex e-con e-parent\" data-id=\"iwgs-eberesche-s8box\" data-element_type=\"container\" data-e-type=\"container\">\n\t\t\t\t<div class=\"elementor-element elementor-element-iwgs-eberesche-s8t elementor-widget elementor-widget-text-editor\" data-id=\"iwgs-eberesche-s8t\" data-element_type=\"widget\" data-e-type=\"widget\" data-widget_type=\"text-editor.default\">\n\t\t\t\t\t\t\t\t\t<p>R\u00f6nnen \u00e4r idag framf\u00f6r allt k\u00e4nd som prydnads- och f\u00e5gelskyddstr\u00e4d. Dess r\u00f6da b\u00e4r \u00e4r en viktig n\u00e4ringsk\u00e4lla f\u00f6r f\u00e5glar, vilket g\u00f6r den popul\u00e4r i naturn\u00e4ra tr\u00e4dg\u00e5rdar.<\/p><p>I den moderna naturl\u00e4kekonsten och <span class=\"iwg-fachbegriff\" data-tooltip=\"Samlingsbegrepp f\u00f6r l\u00e4ror som g\u00f6r anspr\u00e5k p\u00e5 en dold kunskap, endast tillg\u00e4nglig f\u00f6r invigda.\" tabindex=\"0\">esoteriken<\/span> tas r\u00f6nnen ibland upp som ett skyddstr\u00e4d. R\u00e5dgivningslitteratur beskriver den som ett tr\u00e4d med avv\u00e4rjande kraft. Dessa framst\u00e4llningar knyter an till de gamla f\u00f6rest\u00e4llningarna, men b\u00f6r skiljas fr\u00e5n den historiska <span class=\"iwg-fachbegriff\" data-tooltip=\"\u00d6verf\u00f6ringen av kunskap och ber\u00e4ttelser genom generationer.\" tabindex=\"0\">\u00f6verl\u00e4mningen<\/span>.<\/p><p>I sedvane- och hembygdskulturen lever kunskapen om r\u00f6nnen som skyddstr\u00e4d vidare. Vid f\u00f6rmedlingen av regional folkkultur f\u00f6rklaras tr\u00e4det och dess gamla <span class=\"iwg-fachbegriff\" data-tooltip=\"En traditionell handling som regelbundet upprepas i en gemenskap.\" tabindex=\"0\">sedv\u00e4nja<\/span>.<\/p><p>Inom den keltiskt inspirerade moderna hedendomen spelar r\u00f6nnen under namnet Rowan en roll. D\u00e4r tolkas den som ett skyddstr\u00e4d, varvid historisk <span class=\"iwg-fachbegriff\" data-tooltip=\"\u00d6verf\u00f6ringen av kunskap och ber\u00e4ttelser genom generationer.\" tabindex=\"0\">\u00f6verl\u00e4mning<\/span> och modern nytolkning blandas samman.<\/p><div data-nosnippet=\"true\"><p>Den som vill f\u00f6rst\u00e5 r\u00f6nnens roll i den nordiska och keltiska folktron mer i detalj b\u00f6r v\u00e4nda sig till folkloristiska handb\u00f6cker och till \u00f6versikten \u00f6ver skyddssymboler. Esoteriska r\u00e5dgivare framst\u00e4ller ofta skyddstr\u00e4dets historia p\u00e5 ett starkt f\u00f6renklat s\u00e4tt.<\/p><\/div><p>Dagens rezeption visar d\u00e4rmed tv\u00e5 linjer. R\u00f6nnen \u00e4r ett uppskattat naturtr\u00e4d, och den lever vidare som skyddstr\u00e4d inom sedvanev\u00e5rd och modern hedendom, dock d\u00e4r i en nytolkad form.<\/p>\t\t\t\t\t\t\t\t<\/div>\n\t\t\t\t<\/div>\n\t\t\t\t<\/div>\n\t\t\t\t\t<\/div>\n\t\t\t\t<\/div>\n\t\t<div class=\"elementor-element elementor-element-iwgs-eberesche-lit e-flex e-con-boxed e-con e-parent\" data-id=\"iwgs-eberesche-lit\" data-element_type=\"container\" data-e-type=\"container\">\n\t\t\t\t\t<div class=\"e-con-inner\">\n\t\t\t\t<div class=\"elementor-element elementor-element-iwgs-eberesche-lith elementor-widget elementor-widget-heading\" data-id=\"iwgs-eberesche-lith\" data-element_type=\"widget\" data-e-type=\"widget\" data-widget_type=\"heading.default\">\n\t\t\t\t\t<h2 class=\"elementor-heading-title elementor-size-default\">Litteratur (urval)<\/h2>\t\t\t\t<\/div>\n\t\t<div class=\"elementor-element elementor-element-iw-eberesche-lit-bw e-con-full e-flex e-con e-child\" data-id=\"iw-eberesche-lit-bw\" data-element_type=\"container\" data-e-type=\"container\">\n\t\t<div class=\"elementor-element elementor-element-iwgs-eberesche-litbox e-con-full e-flex e-con e-parent\" data-id=\"iwgs-eberesche-litbox\" data-element_type=\"container\" data-e-type=\"container\">\n\t\t\t\t<div class=\"elementor-element elementor-element-iwgs-eberesche-litt elementor-widget elementor-widget-html\" data-id=\"iwgs-eberesche-litt\" data-element_type=\"widget\" data-e-type=\"widget\" data-widget_type=\"html.default\">\n\t\t\t\t\t<footer data-nosnippet=\"true\"><ul><li>Hanns B\u00e4chtold-St\u00e4ubli (Hg.): <em>Handw\u00f6rterbuch des deutschen Aberglaubens<\/em> (1927-1942)<\/li><li>Heinrich Marzell: <em>W\u00f6rterbuch der deutschen Pflanzennamen<\/em> (1943-1979)<\/li><li>Adolf Wuttke: <em>Der deutsche Volksaberglaube der Gegenwart<\/em> (1869)<\/li><li>Wolf-Dieter Storl: <em>Pflanzen der Kelten<\/em> (2000)<\/li><li>Doris Laudert: <em>Mythos Baum. Geschichte, Brauchtum, 40 Baumportr\u00e4ts<\/em> (1998)<\/li><\/ul><\/footer>\t\t\t\t<\/div>\n\t\t\t\t<\/div>\n\t\t\t\t<\/div>\n\t\t\t\t\t<\/div>\n\t\t\t\t<\/div>\n\t\t<div class=\"elementor-element elementor-element-iwgs-eberesche-kwd e-flex e-con-boxed e-con e-parent\" data-id=\"iwgs-eberesche-kwd\" data-element_type=\"container\" data-e-type=\"container\">\n\t\t\t\t\t<div class=\"e-con-inner\">\n\t\t<div class=\"elementor-element elementor-element-iw-eberesche-kwd-bw e-con-full e-flex e-con e-child\" data-id=\"iw-eberesche-kwd-bw\" data-element_type=\"container\" data-e-type=\"container\">\n\t\t\t\t<div class=\"elementor-element elementor-element-iwgs-eberesche-kwdt elementor-widget elementor-widget-text-editor\" data-id=\"iwgs-eberesche-kwdt\" data-element_type=\"widget\" data-e-type=\"widget\" data-widget_type=\"text-editor.default\">\n\t\t\t\t\t\t\t\t\t<p><em>Relaterade nyckelbegrepp: r\u00f6nn Sorbus aucuparia skyddstr\u00e4d Drudenbaum Rowan Valborgsnatt h\u00e4xavv\u00e4rjning flygr\u00f6nn skyddstr\u00e4 boskapsskydd blixtskydd.<\/em><\/p>\t\t\t\t\t\t\t\t<\/div>\n\t\t\t\t<\/div>\n\t\t\t\t\t<\/div>\n\t\t\t\t<\/div>\n\t\t<div class=\"elementor-element elementor-element-iwgs-eberesche-cc e-flex e-con-boxed e-con e-parent\" data-id=\"iwgs-eberesche-cc\" data-element_type=\"container\" data-e-type=\"container\" id=\"iwg-cc-eberesche\">\n\t\t\t\t\t<div class=\"e-con-inner\">\n\t\t<div class=\"elementor-element elementor-element-iwgs-eberesche-ccinner e-flex e-con-boxed e-con e-parent\" data-id=\"iwgs-eberesche-ccinner\" data-element_type=\"container\" data-e-type=\"container\" data-settings=\"{&quot;background_background&quot;:&quot;classic&quot;}\">\n\t\t\t\t\t<div class=\"e-con-inner\">\n\t\t\t\t<div class=\"elementor-element elementor-element-iwgs-eberesche-cch elementor-widget elementor-widget-heading\" data-id=\"iwgs-eberesche-cch\" data-element_type=\"widget\" data-e-type=\"widget\" data-widget_type=\"heading.default\">\n\t\t\t\t\t<h2 class=\"elementor-heading-title elementor-size-default\">iWell Guard och skyddstraditioner<\/h2>\t\t\t\t<\/div>\n\t\t\t\t<div class=\"elementor-element elementor-element-iwgs-eberesche-cct elementor-widget elementor-widget-text-editor\" data-id=\"iwgs-eberesche-cct\" data-element_type=\"widget\" data-e-type=\"widget\" data-widget_type=\"text-editor.default\">\n\t\t\t\t\t\t\t\t\t<p>iWell Guard st\u00e5r i den kulturhistoriska linjen av b\u00e4rbara skyddsobjekt, som \u00e4ven r\u00f6nnen tillh\u00f6r. En modern f\u00f6ljeslagare f\u00f6r m\u00e4nniskor som lever med skyddssymboler: tillverkad i Tyskland, 41 lager av \u00e4kta guld, platina och silver, med 30 dagars returr\u00e4tt.<\/p>\t\t\t\t\t\t\t\t<\/div>\n\t\t\t\t<div class=\"elementor-element elementor-element-iwgs-eberesche-ccb iwg-cc-button iwg-cc-cta-2026-05-13 elementor-widget elementor-widget-jet-button\" data-id=\"iwgs-eberesche-ccb\" data-element_type=\"widget\" data-e-type=\"widget\" data-widget_type=\"jet-button.default\">\n\t\t\t\t<div class=\"elementor-widget-container\">\n\t\t\t\t\t<div class=\"elementor-jet-button jet-elements\"><div class=\"jet-button__container\"><a class=\"jet-button__instance jet-button__instance--icon-left hover-effect-1\" href=\"\/schutzanhaenger-iwell-guard-kaufen\/?utm_source=iwell-guard.com&amp;utm_medium=info-box&amp;utm_campaign=schutzsymbole\"><div class=\"jet-button__plane jet-button__plane-normal\"><\/div><div class=\"jet-button__plane jet-button__plane-hover\"><\/div><div class=\"jet-button__state jet-button__state-normal\"><span class=\"jet-button__label\">Mer om iWell Guard<\/span><\/div><div class=\"jet-button__state jet-button__state-hover\"><span class=\"jet-button__label\">Mer om iWell Guard<\/span><\/div><\/a><\/div><\/div><style>.elementor-element.elementor-element-iwgs-eberesche-ccb .jet-button__instance{width:320px;height:56px;}.elementor-element.elementor-element-iwgs-eberesche-ccb .jet-button__state-normal .jet-button__label{text-align:center;margin:0px 0px 0px 0px;color:#1a1b20;font-family:Montserrat,sans-serif;font-size:13px;font-weight:400;letter-spacing:4px;line-height:1.714em;text-transform:uppercase;}.elementor-element.elementor-element-iwgs-eberesche-ccb .jet-button__state-hover .jet-button__label{text-align:center;margin:0px 0px 0px 0px;color:#FECC76;font-family:Montserrat,sans-serif;font-size:13px;font-weight:400;letter-spacing:4px;line-height:1.714em;text-transform:uppercase;}.elementor-element.elementor-element-iwgs-eberesche-ccb .jet-button__plane-normal{background-color:#FECC76;border-style:solid;border-color:#C99540;border-width:2px 2px 2px 2px;}.elementor-element.elementor-element-iwgs-eberesche-ccb .jet-button__plane-hover{background-color:rgba(0,0,0,0.55);border-style:solid;border-color:#FECC76;border-width:2px 2px 2px 2px;}<\/style>\t\t\t\t<\/div>\n\t\t\t\t<\/div>\n\t\t\t\t<div class=\"elementor-element elementor-element-iwgs-eberesche-ccd elementor-widget elementor-widget-text-editor\" data-id=\"iwgs-eberesche-ccd\" data-element_type=\"widget\" data-e-type=\"widget\" data-widget_type=\"text-editor.default\">\n\t\t\t\t\t\t\t\t\t<p style=\"text-align:center;font-size:13px;opacity:0.7;margin-top:14px\" data-nosnippet=\"true\">Personliga erfarenheter kan variera. Ingen medicinteknisk produkt. Inget l\u00f6fte om l\u00e4kning.<\/p>\t\t\t\t\t\t\t\t<\/div>\n\t\t\t\t\t<\/div>\n\t\t\t\t<\/div>\n\t\t\t\t\t<\/div>\n\t\t\t\t<\/div>\n\t\t<div class=\"elementor-element elementor-element-iwgs-eberesche-disc e-flex e-con-boxed e-con e-parent\" data-id=\"iwgs-eberesche-disc\" data-element_type=\"container\" data-e-type=\"container\">\n\t\t\t\t\t<div class=\"e-con-inner\">\n\t\t<div class=\"elementor-element elementor-element-iw-eberesche-disc-bw e-con-full e-flex e-con e-child\" data-id=\"iw-eberesche-disc-bw\" data-element_type=\"container\" data-e-type=\"container\">\n\t\t\t\t<div class=\"elementor-element elementor-element-iwgs-eberesche-discw elementor-widget elementor-widget-html\" data-id=\"iwgs-eberesche-discw\" data-element_type=\"widget\" data-e-type=\"widget\" data-widget_type=\"html.default\">\n\t\t\t\t\t<footer data-nosnippet=\"true\" class=\"iwg-disclaimer-block\"><p data-nosnippet=\"true\">iWell Guard \u00e4r <strong>ingen medicinteknisk produkt<\/strong> och ers\u00e4tter ingen l\u00e4karbehandling eller psykoterapeutisk behandling. Inneh\u00e5llet som presenteras h\u00e4r \u00e4r en religionsvetenskaplig och kulturhistorisk kontextualisering, inget l\u00f6fte om andlig verkan.<\/p><\/footer>\t\t\t\t<\/div>\n\t\t\t\t<\/div>\n\t\t\t\t\t<\/div>\n\t\t\t\t<\/div>\n\t\t\t\t<\/div>\n\t\t","protected":false},"excerpt":{"rendered":"","protected":false},"author":3,"featured_media":3573,"parent":0,"menu_order":0,"comment_status":"closed","ping_status":"closed","template":"elementor_header_footer","meta":{"_yoast_wpseo_focuskw":"R\u00f6nn","_yoast_wpseo_title":"R\u00f6nn: skyddstr\u00e4d i den europeiska folkmagin","_yoast_wpseo_metadesc":"R\u00f6nnen ans\u00e5gs vara ett skyddstr\u00e4d och skyddstr\u00e4 mot h\u00e4xeri och blixt. Ursprung, sedv\u00e4nja och folklig tolkning av skyddstr\u00e4det.","_yoast_wpseo_meta-robots-noindex":"","_yoast_wpseo_canonical":"","_angie_page":false,"gefaehrdungsstufe":"","wesen_kultur":"","wesen_klasse":"","footnotes":""},"categories":[],"class_list":["post-137148","page","type-page","status-publish","has-post-thumbnail","hentry"],"yoast_head":"<!-- This site is optimized with the Yoast SEO Premium plugin v27.7 (Yoast SEO v28.3) - https:\/\/yoast.com\/product\/yoast-seo-premium-wordpress\/ -->\n<title>R\u00f6nn: skyddstr\u00e4d i den europeiska folkmagin<\/title>\n<meta name=\"description\" content=\"R\u00f6nnen ans\u00e5gs vara ett skyddstr\u00e4d och skyddstr\u00e4 mot h\u00e4xeri och blixt. Ursprung, sedv\u00e4nja och folklig tolkning av skyddstr\u00e4det.\" \/>\n<meta name=\"robots\" content=\"index, follow, max-snippet:-1, max-image-preview:large, max-video-preview:-1\" \/>\n<link rel=\"canonical\" href=\"https:\/\/iwell-guard.com\/sv\/ronn-skyddstrad-och-skyddstra-i-folkmagin\/\" \/>\n<meta property=\"og:locale\" content=\"sv_SE\" \/>\n<meta property=\"og:type\" content=\"article\" \/>\n<meta property=\"og:title\" content=\"R\u00f6nn \u2013 skyddstr\u00e4d och skyddstr\u00e4 i folkmagin\" \/>\n<meta property=\"og:description\" content=\"R\u00f6nnen ans\u00e5gs vara ett skyddstr\u00e4d och skyddstr\u00e4 mot h\u00e4xeri och blixt. Ursprung, sedv\u00e4nja och folklig tolkning av skyddstr\u00e4det.\" \/>\n<meta property=\"og:url\" content=\"https:\/\/iwell-guard.com\/sv\/ronn-skyddstrad-och-skyddstra-i-folkmagin\/\" \/>\n<meta property=\"og:site_name\" content=\"iWell Guard\" \/>\n<meta property=\"article:modified_time\" content=\"2026-09-03T01:21:45+00:00\" \/>\n<meta property=\"og:image\" content=\"https:\/\/iwell-guard.com\/wp-content\/uploads\/2026\/05\/schutzsymbol_volksmagie_eberesche.webp\" \/>\n\t<meta property=\"og:image:width\" content=\"1024\" \/>\n\t<meta property=\"og:image:height\" content=\"1536\" \/>\n\t<meta property=\"og:image:type\" content=\"image\/webp\" \/>\n<meta name=\"twitter:card\" content=\"summary_large_image\" \/>\n<script type=\"application\/ld+json\" class=\"yoast-schema-graph\">{\"@context\":\"https:\\\/\\\/schema.org\",\"@graph\":[{\"@type\":\"WebPage\",\"@id\":\"https:\\\/\\\/iwell-guard.com\\\/sv\\\/ronn-skyddstrad-och-skyddstra-i-folkmagin\\\/\",\"url\":\"https:\\\/\\\/iwell-guard.com\\\/sv\\\/ronn-skyddstrad-och-skyddstra-i-folkmagin\\\/\",\"name\":\"R\u00f6nn: skyddstr\u00e4d i den europeiska folkmagin\",\"isPartOf\":{\"@id\":\"https:\\\/\\\/iwell-guard.com\\\/sv\\\/#website\"},\"primaryImageOfPage\":{\"@id\":\"https:\\\/\\\/iwell-guard.com\\\/sv\\\/ronn-skyddstrad-och-skyddstra-i-folkmagin\\\/#primaryimage\"},\"image\":{\"@id\":\"https:\\\/\\\/iwell-guard.com\\\/sv\\\/ronn-skyddstrad-och-skyddstra-i-folkmagin\\\/#primaryimage\"},\"thumbnailUrl\":\"https:\\\/\\\/iwell-guard.com\\\/wp-content\\\/uploads\\\/2026\\\/05\\\/schutzsymbol_volksmagie_eberesche.webp\",\"datePublished\":\"2026-09-03T00:13:12+00:00\",\"dateModified\":\"2026-09-03T01:21:45+00:00\",\"description\":\"R\u00f6nnen ans\u00e5gs vara ett skyddstr\u00e4d och skyddstr\u00e4 mot h\u00e4xeri och blixt. Ursprung, sedv\u00e4nja och folklig tolkning av skyddstr\u00e4det.\",\"breadcrumb\":{\"@id\":\"https:\\\/\\\/iwell-guard.com\\\/sv\\\/ronn-skyddstrad-och-skyddstra-i-folkmagin\\\/#breadcrumb\"},\"inLanguage\":\"sv-SE\",\"potentialAction\":[{\"@type\":\"ReadAction\",\"target\":[\"https:\\\/\\\/iwell-guard.com\\\/sv\\\/ronn-skyddstrad-och-skyddstra-i-folkmagin\\\/\"]}]},{\"@type\":\"ImageObject\",\"inLanguage\":\"sv-SE\",\"@id\":\"https:\\\/\\\/iwell-guard.com\\\/sv\\\/ronn-skyddstrad-och-skyddstra-i-folkmagin\\\/#primaryimage\",\"url\":\"https:\\\/\\\/iwell-guard.com\\\/wp-content\\\/uploads\\\/2026\\\/05\\\/schutzsymbol_volksmagie_eberesche.webp\",\"contentUrl\":\"https:\\\/\\\/iwell-guard.com\\\/wp-content\\\/uploads\\\/2026\\\/05\\\/schutzsymbol_volksmagie_eberesche.webp\",\"width\":1024,\"height\":1536,\"caption\":\"Skyddssymbol. Stilleben-illustration i museistil.\"},{\"@type\":\"BreadcrumbList\",\"@id\":\"https:\\\/\\\/iwell-guard.com\\\/sv\\\/ronn-skyddstrad-och-skyddstra-i-folkmagin\\\/#breadcrumb\",\"itemListElement\":[{\"@type\":\"ListItem\",\"position\":1,\"name\":\"Start\",\"item\":\"https:\\\/\\\/iwell-guard.com\\\/sv\\\/?page_id=136483\"},{\"@type\":\"ListItem\",\"position\":2,\"name\":\"R\u00f6nn \u2013 skyddstr\u00e4d och skyddstr\u00e4 i folkmagin\"}]},{\"@type\":\"WebSite\",\"@id\":\"https:\\\/\\\/iwell-guard.com\\\/sv\\\/#website\",\"url\":\"https:\\\/\\\/iwell-guard.com\\\/sv\\\/\",\"name\":\"iWell Guard\",\"description\":\"Schutz vor dunklen Einfl\u00fcssen\",\"publisher\":{\"@id\":\"https:\\\/\\\/iwell-guard.com\\\/sv\\\/#organization\"},\"potentialAction\":[{\"@type\":\"SearchAction\",\"target\":{\"@type\":\"EntryPoint\",\"urlTemplate\":\"https:\\\/\\\/iwell-guard.com\\\/sv\\\/?s={search_term_string}\"},\"query-input\":{\"@type\":\"PropertyValueSpecification\",\"valueRequired\":true,\"valueName\":\"search_term_string\"}}],\"inLanguage\":\"sv-SE\"},{\"@type\":\"Organization\",\"@id\":\"https:\\\/\\\/iwell-guard.com\\\/sv\\\/#organization\",\"name\":\"Ittermann electronic GmbH\",\"url\":\"https:\\\/\\\/iwell-guard.com\\\/sv\\\/\",\"logo\":{\"@type\":\"ImageObject\",\"inLanguage\":\"sv-SE\",\"@id\":\"https:\\\/\\\/iwell-guard.com\\\/sv\\\/#\\\/schema\\\/logo\\\/image\\\/\",\"url\":\"https:\\\/\\\/iwell-guard.com\\\/wp-content\\\/uploads\\\/2026\\\/05\\\/Ittermann-Logo-1182x237-1.png\",\"contentUrl\":\"https:\\\/\\\/iwell-guard.com\\\/wp-content\\\/uploads\\\/2026\\\/05\\\/Ittermann-Logo-1182x237-1.png\",\"width\":1182,\"height\":237,\"caption\":\"Ittermann electronic GmbH\"},\"image\":{\"@id\":\"https:\\\/\\\/iwell-guard.com\\\/sv\\\/#\\\/schema\\\/logo\\\/image\\\/\"},\"sameAs\":[\"https:\\\/\\\/pantip.com\\\/profile\\\/9367242\",\"https:\\\/\\\/micro.blog\\\/iwellguard\",\"https:\\\/\\\/www.diggerslist.com\\\/iwellguard\\\/about\",\"https:\\\/\\\/skitterphoto.com\\\/photographers\\\/2870314\\\/iwell-guard\",\"https:\\\/\\\/iwellguard.wordpress.com\\\/2026\\\/06\\\/06\\\/iwell-guard\\\/\",\"https:\\\/\\\/hub.docker.com\\\/u\\\/iwellguard\",\"https:\\\/\\\/www.pinterest.com\\\/iwellguard\\\/\",\"https:\\\/\\\/bit.ly\\\/m\\\/iwellguard\",\"https:\\\/\\\/entre-vos-mains.alsace.eu\\\/profiles\\\/iwellguard\\\/activity\",\"https:\\\/\\\/gravatar.com\\\/reallybeded8fd34\",\"https:\\\/\\\/naijamatta.com\\\/iwellguard\",\"https:\\\/\\\/www.goodreads.com\\\/iwellguard\",\"https:\\\/\\\/profile.hatena.ne.jp\\\/iwellguard\\\/\",\"https:\\\/\\\/experiment.com\\\/users\\\/iwellguard\",\"https:\\\/\\\/wakelet.com\\\/@iWellGuard82270\",\"https:\\\/\\\/www.chordie.com\\\/forum\\\/profile.php?id=2555664\",\"https:\\\/\\\/www.instapaper.com\\\/p\\\/17757966\",\"https:\\\/\\\/www.mapleprimes.com\\\/users\\\/iwellguard\",\"https:\\\/\\\/businesslistingplus.com\\\/profile\\\/iwell-guard\\\/\",\"https:\\\/\\\/telegra.ph\\\/iWell-Guard-06-06\",\"https:\\\/\\\/pbase.com\\\/iwellguard\\\/iwellguard\",\"https:\\\/\\\/b.hatena.ne.jp\\\/iwellguard\\\/20260607#bookmark-4788405196491818882\",\"https:\\\/\\\/fliphtml5.com\\\/home\\\/iwellguard\",\"https:\\\/\\\/anyflip.com\\\/homepage\\\/cmiwl#About\",\"https:\\\/\\\/transfur.com\\\/Users\\\/iwellguard\",\"http:\\\/\\\/delphi.larsbo.org\\\/user\\\/iwellguard\",\"https:\\\/\\\/jobs.lajobsportal.org\\\/profiles\\\/8380803-iwell-guard\",\"https:\\\/\\\/md.chaosdorf.de\\\/s\\\/jfbe5SBdJD\",\"https:\\\/\\\/www.lingvolive.com\\\/en-us\\\/profile\\\/9ecaeaca-ce11-4e51-9e71-01d55e2bff36\\\/translations\",\"https:\\\/\\\/www.fitday.com\\\/fitness\\\/forums\\\/members\\\/iwellguard.html\",\"https:\\\/\\\/www.mymeetbook.com\\\/iwellguard\",\"https:\\\/\\\/pxhere.com\\\/en\\\/photographer-me\\\/5040798\",\"https:\\\/\\\/disqus.com\\\/by\\\/iwellguard\\\/about\\\/\",\"https:\\\/\\\/pastelink.net\\\/hjwciqwq\",\"https:\\\/\\\/pubhtml5.com\\\/homepage\\\/scjhn\\\/\",\"https:\\\/\\\/www.bitchute.com\\\/channel\\\/2O2eOKzNqujT\",\"https:\\\/\\\/audiomack.com\\\/iwellguard\"]}]}<\/script>\n<!-- \/ Yoast SEO Premium plugin. -->","yoast_head_json":{"title":"R\u00f6nn: skyddstr\u00e4d i den europeiska folkmagin","description":"R\u00f6nnen ans\u00e5gs vara ett skyddstr\u00e4d och skyddstr\u00e4 mot h\u00e4xeri och blixt. Ursprung, sedv\u00e4nja och folklig tolkning av skyddstr\u00e4det.","robots":{"index":"index","follow":"follow","max-snippet":"max-snippet:-1","max-image-preview":"max-image-preview:large","max-video-preview":"max-video-preview:-1"},"canonical":"https:\/\/iwell-guard.com\/sv\/ronn-skyddstrad-och-skyddstra-i-folkmagin\/","og_locale":"sv_SE","og_type":"article","og_title":"R\u00f6nn \u2013 skyddstr\u00e4d och skyddstr\u00e4 i folkmagin","og_description":"R\u00f6nnen ans\u00e5gs vara ett skyddstr\u00e4d och skyddstr\u00e4 mot h\u00e4xeri och blixt. Ursprung, sedv\u00e4nja och folklig tolkning av skyddstr\u00e4det.","og_url":"https:\/\/iwell-guard.com\/sv\/ronn-skyddstrad-och-skyddstra-i-folkmagin\/","og_site_name":"iWell Guard","article_modified_time":"2026-09-03T01:21:45+00:00","og_image":[{"width":1024,"height":1536,"url":"https:\/\/iwell-guard.com\/wp-content\/uploads\/2026\/05\/schutzsymbol_volksmagie_eberesche.webp","type":"image\/webp"}],"twitter_card":"summary_large_image","schema":{"@context":"https:\/\/schema.org","@graph":[{"@type":"WebPage","@id":"https:\/\/iwell-guard.com\/sv\/ronn-skyddstrad-och-skyddstra-i-folkmagin\/","url":"https:\/\/iwell-guard.com\/sv\/ronn-skyddstrad-och-skyddstra-i-folkmagin\/","name":"R\u00f6nn: skyddstr\u00e4d i den europeiska folkmagin","isPartOf":{"@id":"https:\/\/iwell-guard.com\/sv\/#website"},"primaryImageOfPage":{"@id":"https:\/\/iwell-guard.com\/sv\/ronn-skyddstrad-och-skyddstra-i-folkmagin\/#primaryimage"},"image":{"@id":"https:\/\/iwell-guard.com\/sv\/ronn-skyddstrad-och-skyddstra-i-folkmagin\/#primaryimage"},"thumbnailUrl":"https:\/\/iwell-guard.com\/wp-content\/uploads\/2026\/05\/schutzsymbol_volksmagie_eberesche.webp","datePublished":"2026-09-03T00:13:12+00:00","dateModified":"2026-09-03T01:21:45+00:00","description":"R\u00f6nnen ans\u00e5gs vara ett skyddstr\u00e4d och skyddstr\u00e4 mot h\u00e4xeri och blixt. Ursprung, sedv\u00e4nja och folklig tolkning av skyddstr\u00e4det.","breadcrumb":{"@id":"https:\/\/iwell-guard.com\/sv\/ronn-skyddstrad-och-skyddstra-i-folkmagin\/#breadcrumb"},"inLanguage":"sv-SE","potentialAction":[{"@type":"ReadAction","target":["https:\/\/iwell-guard.com\/sv\/ronn-skyddstrad-och-skyddstra-i-folkmagin\/"]}]},{"@type":"ImageObject","inLanguage":"sv-SE","@id":"https:\/\/iwell-guard.com\/sv\/ronn-skyddstrad-och-skyddstra-i-folkmagin\/#primaryimage","url":"https:\/\/iwell-guard.com\/wp-content\/uploads\/2026\/05\/schutzsymbol_volksmagie_eberesche.webp","contentUrl":"https:\/\/iwell-guard.com\/wp-content\/uploads\/2026\/05\/schutzsymbol_volksmagie_eberesche.webp","width":1024,"height":1536,"caption":"Skyddssymbol. Stilleben-illustration i museistil."},{"@type":"BreadcrumbList","@id":"https:\/\/iwell-guard.com\/sv\/ronn-skyddstrad-och-skyddstra-i-folkmagin\/#breadcrumb","itemListElement":[{"@type":"ListItem","position":1,"name":"Start","item":"https:\/\/iwell-guard.com\/sv\/?page_id=136483"},{"@type":"ListItem","position":2,"name":"R\u00f6nn \u2013 skyddstr\u00e4d och skyddstr\u00e4 i folkmagin"}]},{"@type":"WebSite","@id":"https:\/\/iwell-guard.com\/sv\/#website","url":"https:\/\/iwell-guard.com\/sv\/","name":"iWell Guard","description":"Schutz vor dunklen Einfl\u00fcssen","publisher":{"@id":"https:\/\/iwell-guard.com\/sv\/#organization"},"potentialAction":[{"@type":"SearchAction","target":{"@type":"EntryPoint","urlTemplate":"https:\/\/iwell-guard.com\/sv\/?s={search_term_string}"},"query-input":{"@type":"PropertyValueSpecification","valueRequired":true,"valueName":"search_term_string"}}],"inLanguage":"sv-SE"},{"@type":"Organization","@id":"https:\/\/iwell-guard.com\/sv\/#organization","name":"Ittermann electronic GmbH","url":"https:\/\/iwell-guard.com\/sv\/","logo":{"@type":"ImageObject","inLanguage":"sv-SE","@id":"https:\/\/iwell-guard.com\/sv\/#\/schema\/logo\/image\/","url":"https:\/\/iwell-guard.com\/wp-content\/uploads\/2026\/05\/Ittermann-Logo-1182x237-1.png","contentUrl":"https:\/\/iwell-guard.com\/wp-content\/uploads\/2026\/05\/Ittermann-Logo-1182x237-1.png","width":1182,"height":237,"caption":"Ittermann electronic GmbH"},"image":{"@id":"https:\/\/iwell-guard.com\/sv\/#\/schema\/logo\/image\/"},"sameAs":["https:\/\/pantip.com\/profile\/9367242","https:\/\/micro.blog\/iwellguard","https:\/\/www.diggerslist.com\/iwellguard\/about","https:\/\/skitterphoto.com\/photographers\/2870314\/iwell-guard","https:\/\/iwellguard.wordpress.com\/2026\/06\/06\/iwell-guard\/","https:\/\/hub.docker.com\/u\/iwellguard","https:\/\/www.pinterest.com\/iwellguard\/","https:\/\/bit.ly\/m\/iwellguard","https:\/\/entre-vos-mains.alsace.eu\/profiles\/iwellguard\/activity","https:\/\/gravatar.com\/reallybeded8fd34","https:\/\/naijamatta.com\/iwellguard","https:\/\/www.goodreads.com\/iwellguard","https:\/\/profile.hatena.ne.jp\/iwellguard\/","https:\/\/experiment.com\/users\/iwellguard","https:\/\/wakelet.com\/@iWellGuard82270","https:\/\/www.chordie.com\/forum\/profile.php?id=2555664","https:\/\/www.instapaper.com\/p\/17757966","https:\/\/www.mapleprimes.com\/users\/iwellguard","https:\/\/businesslistingplus.com\/profile\/iwell-guard\/","https:\/\/telegra.ph\/iWell-Guard-06-06","https:\/\/pbase.com\/iwellguard\/iwellguard","https:\/\/b.hatena.ne.jp\/iwellguard\/20260607#bookmark-4788405196491818882","https:\/\/fliphtml5.com\/home\/iwellguard","https:\/\/anyflip.com\/homepage\/cmiwl#About","https:\/\/transfur.com\/Users\/iwellguard","http:\/\/delphi.larsbo.org\/user\/iwellguard","https:\/\/jobs.lajobsportal.org\/profiles\/8380803-iwell-guard","https:\/\/md.chaosdorf.de\/s\/jfbe5SBdJD","https:\/\/www.lingvolive.com\/en-us\/profile\/9ecaeaca-ce11-4e51-9e71-01d55e2bff36\/translations","https:\/\/www.fitday.com\/fitness\/forums\/members\/iwellguard.html","https:\/\/www.mymeetbook.com\/iwellguard","https:\/\/pxhere.com\/en\/photographer-me\/5040798","https:\/\/disqus.com\/by\/iwellguard\/about\/","https:\/\/pastelink.net\/hjwciqwq","https:\/\/pubhtml5.com\/homepage\/scjhn\/","https:\/\/www.bitchute.com\/channel\/2O2eOKzNqujT","https:\/\/audiomack.com\/iwellguard"]}]}},"_links":{"self":[{"href":"https:\/\/iwell-guard.com\/sv\/wp-json\/wp\/v2\/pages\/137148","targetHints":{"allow":["GET"]}}],"collection":[{"href":"https:\/\/iwell-guard.com\/sv\/wp-json\/wp\/v2\/pages"}],"about":[{"href":"https:\/\/iwell-guard.com\/sv\/wp-json\/wp\/v2\/types\/page"}],"author":[{"embeddable":true,"href":"https:\/\/iwell-guard.com\/sv\/wp-json\/wp\/v2\/users\/3"}],"replies":[{"embeddable":true,"href":"https:\/\/iwell-guard.com\/sv\/wp-json\/wp\/v2\/comments?post=137148"}],"version-history":[{"count":0,"href":"https:\/\/iwell-guard.com\/sv\/wp-json\/wp\/v2\/pages\/137148\/revisions"}],"wp:featuredmedia":[{"embeddable":true,"href":"https:\/\/iwell-guard.com\/sv\/wp-json\/wp\/v2\/media\/3573"}],"wp:attachment":[{"href":"https:\/\/iwell-guard.com\/sv\/wp-json\/wp\/v2\/media?parent=137148"}],"wp:term":[{"taxonomy":"category","embeddable":true,"href":"https:\/\/iwell-guard.com\/sv\/wp-json\/wp\/v2\/categories?post=137148"}],"curies":[{"name":"wp","href":"https:\/\/api.w.org\/{rel}","templated":true}]}}