{"id":137137,"date":"2026-09-03T00:13:07","date_gmt":"2026-09-03T00:13:07","guid":{"rendered":"https:\/\/iwell-guard.com\/?page_id=137137"},"modified":"2026-09-03T01:21:22","modified_gmt":"2026-09-03T01:21:22","slug":"mullu-andernas-heliga-spondylusmussla","status":"publish","type":"page","link":"https:\/\/iwell-guard.com\/sv\/mullu-andernas-heliga-spondylusmussla\/","title":{"rendered":"Mullu: Andernas heliga spondylusmussla"},"content":{"rendered":"\t\t<div data-elementor-type=\"wp-page\" data-elementor-id=\"137137\" class=\"elementor elementor-137137 elementor-3726 elementor-bc-flex-widget\" data-elementor-post-type=\"page\">\n\t\t\t\t<div class=\"elementor-element elementor-element-iwgs-mullu-hero e-flex e-con-boxed e-con e-parent\" data-id=\"iwgs-mullu-hero\" data-element_type=\"container\" data-e-type=\"container\">\n\t\t\t\t\t<div class=\"e-con-inner\">\n\t\t<div class=\"elementor-element elementor-element-iwgs-mullu-hl e-flex e-con-boxed e-con e-parent\" data-id=\"iwgs-mullu-hl\" data-element_type=\"container\" data-e-type=\"container\">\n\t\t\t\t\t<div class=\"e-con-inner\">\n\t\t<div class=\"elementor-element elementor-element-iwgs-mullu-hlbox e-con-full e-flex e-con e-parent\" data-id=\"iwgs-mullu-hlbox\" data-element_type=\"container\" data-e-type=\"container\">\n\t\t\t\t<div class=\"elementor-element elementor-element-iwgs-mullu-h1 elementor-widget elementor-widget-heading\" data-id=\"iwgs-mullu-h1\" data-element_type=\"widget\" data-e-type=\"widget\" data-widget_type=\"heading.default\">\n\t\t\t\t\t<h1 class=\"elementor-heading-title elementor-size-default\">Mullu: den heliga spondylusmusslan som skydds- och offermaterial i Anderna<\/h1>\t\t\t\t<\/div>\n\t\t\t\t<div class=\"elementor-element elementor-element-iwgs-mullu-lead elementor-widget elementor-widget-text-editor\" data-id=\"iwgs-mullu-lead\" data-element_type=\"widget\" data-e-type=\"widget\" data-widget_type=\"text-editor.default\">\n\t\t\t\t\t\t\t\t\t<p>Mullu \u00e4r den i Anderna vanliga beteckningen p\u00e5 skalet fr\u00e5n t\u00f6rnostron av sl\u00e4ktet Spondylus, en havsmussla med markant r\u00f6d och orange f\u00e4rgs\u00e4ttning. I de f\u00f6rspanska kulturerna i Anderna betraktades denna mussla som ett heligt material av h\u00f6g religi\u00f6s rang.<\/p><p>Den frambars som <span class=\"iwg-fachbegriff\" data-tooltip=\"Det konkreta f\u00f6rem\u00e5l eller den f\u00f6da som offras till en gudom.\" tabindex=\"0\">offerg\u00e5va<\/span>, bearbetades till smycken och figurer och f\u00f6rknippades med vatten, fruktbarhet och gemenskapens v\u00e4lg\u00e5ng. Ur religionsvetenskaplig synvinkel \u00e4r mullu mindre ett enskilt skyddsobjekt \u00e4n ett material som tillskrevs en s\u00e4rskild kraft. Denna text beskriver dess ursprung, anv\u00e4ndning och betydelse ur ett utifr\u00e5nperspektiv. Traditionen ser i mullu framf\u00f6r allt ett betydelsefullt offermaterial i de andinska kulturerna.<\/p>\t\t\t\t\t\t\t\t<\/div>\n\t\t\t\t<\/div>\n\t\t\t\t<div class=\"elementor-element elementor-element-iwgs-mullu-pills elementor-widget elementor-widget-html\" data-id=\"iwgs-mullu-pills\" data-element_type=\"widget\" data-e-type=\"widget\" data-widget_type=\"html.default\">\n\t\t\t\t\t<div class=\"iwg-pill-row\"><span class=\"iwg-klasse-badge\" tabindex=\"0\" data-tooltip=\"Skyddssymbol, amulett eller apotropeiskt f\u00f6rem\u00e5l.\">Skyddssymbol<\/span><a href=\"https:\/\/iwell-guard.com\/sv\/andeska-kulturer-inka-inti-pachamama-viracocha\/\" class=\"iwg-kultur-badge\" tabindex=\"0\" data-tooltip=\"Skyddstradition: Anderna\">Anderna<\/a><span class=\"iwg-tradition-badge\" tabindex=\"0\" data-tooltip=\"Ett material som anv\u00e4nds f\u00f6r religi\u00f6sa offerg\u00e5vor.\">Heligt offermaterial<\/span><\/div>\t\t\t\t<\/div>\n\t\t\t\t\t<\/div>\n\t\t\t\t<\/div>\n\t\t<div class=\"elementor-element elementor-element-iwgs-mullu-hr e-con-full e-flex e-con e-parent\" data-id=\"iwgs-mullu-hr\" data-element_type=\"container\" data-e-type=\"container\">\n\t\t\t\t<div class=\"elementor-element elementor-element-iwgs-mullu-himg iwg-hero-image elementor-widget elementor-widget-image\" data-id=\"iwgs-mullu-himg\" data-element_type=\"widget\" data-e-type=\"widget\" data-widget_type=\"image.default\">\n\t\t\t\t\t\t\t\t\t\t\t\t\t\t\t<img fetchpriority=\"high\" decoding=\"async\" width=\"683\" height=\"1024\" src=\"https:\/\/iwell-guard.com\/wp-content\/uploads\/2026\/05\/schutzsymbol_anden_mullu-683x1024.webp\" class=\"attachment-large size-large wp-image-135780\" alt=\"Mullu \u2013 skyddssymbol, illustration i museistil\" srcset=\"https:\/\/iwell-guard.com\/wp-content\/uploads\/2026\/05\/schutzsymbol_anden_mullu-683x1024.webp 683w, https:\/\/iwell-guard.com\/wp-content\/uploads\/2026\/05\/schutzsymbol_anden_mullu-200x300.webp 200w, https:\/\/iwell-guard.com\/wp-content\/uploads\/2026\/05\/schutzsymbol_anden_mullu-768x1152.webp 768w, https:\/\/iwell-guard.com\/wp-content\/uploads\/2026\/05\/schutzsymbol_anden_mullu.webp 1024w\" sizes=\"(max-width: 683px) 100vw, 683px\" \/>\t\t\t\t\t\t\t\t\t\t\t\t\t\t\t<\/div>\n\t\t\t\t<\/div>\n\t\t\t\t\t<\/div>\n\t\t\t\t<\/div>\n\t\t<div class=\"elementor-element elementor-element-iwgs-mullu-s0 e-flex e-con-boxed e-con e-parent\" data-id=\"iwgs-mullu-s0\" data-element_type=\"container\" data-e-type=\"container\">\n\t\t\t\t\t<div class=\"e-con-inner\">\n\t\t\t\t<div class=\"elementor-element elementor-element-iwgs-mullu-s0h elementor-widget elementor-widget-heading\" data-id=\"iwgs-mullu-s0h\" data-element_type=\"widget\" data-e-type=\"widget\" data-widget_type=\"heading.default\">\n\t\t\t\t\t<h2 class=\"elementor-heading-title elementor-size-default\">Beskrivning av Mullu<\/h2>\t\t\t\t<\/div>\n\t\t<div class=\"elementor-element elementor-element-iwgs-mullu-s0box e-con-full e-flex e-con e-parent\" data-id=\"iwgs-mullu-s0box\" data-element_type=\"container\" data-e-type=\"container\">\n\t\t\t\t<div class=\"elementor-element elementor-element-iwgs-mullu-s0t elementor-widget elementor-widget-text-editor\" data-id=\"iwgs-mullu-s0t\" data-element_type=\"widget\" data-e-type=\"widget\" data-widget_type=\"text-editor.default\">\n\t\t\t\t\t\t\t\t\t<p>Mullu betecknar i Andernas spr\u00e5k, s\u00e4rskilt i quechua, skalet fr\u00e5n spondylusmusslan. Denna havsmussla lever i varma vatten i Stilla havet och k\u00e4nnetecknas av sin starka r\u00f6da till orange f\u00e4rgs\u00e4ttning och sina taggiga skal.<\/p><p>I de f\u00f6rspanska kulturerna i Anderna var mullu ett material av h\u00f6gt religi\u00f6st v\u00e4rde. Det betraktades inte som en vanlig r\u00e5vara, utan som en helig substans som anv\u00e4ndes i offer, smycken och rituella f\u00f6rem\u00e5l.<\/p><p>Till skillnad fr\u00e5n ett f\u00e4rdigt <span class=\"iwg-fachbegriff\" data-tooltip=\"Ett buret f\u00f6rem\u00e5l som tillskrivs en skyddande, ondskaavv\u00e4rjande verkan.\" tabindex=\"0\">amulett<\/span> var mullu i grunden ett material. Av det framst\u00e4lldes p\u00e4rlor, h\u00e4ngen, sm\u00e5 figurer och inl\u00e4ggningsarbeten. \u00c4ven obearbetade skal och fragment offrades. Betydelsen l\u00e5g i sj\u00e4lva \u00e4mnet.<\/p><p>Uppskattningen av mullu var spridd \u00f6ver ett vidstr\u00e4ckt omr\u00e5de som omfattar dagens Peru, Ecuador, Bolivia och delar av Chile. Via l\u00e5nga handelsv\u00e4gar n\u00e5dde musslan l\u00e5ngt in i landet och upp i Andernas h\u00f6gl\u00e4nta trakter.<\/p><p>Religionsvetenskapligt h\u00f6r mullu till det vidare sammanhanget av <a href=\"https:\/\/iwell-guard.com\/sv\/skyddssymboler\/\">skyddssymboler<\/a> och heliga material. Det visar att inte bara enskilda f\u00f6rem\u00e5l, utan \u00e4ven \u00e4mnen kan anses b\u00e4ra p\u00e5 s\u00e4rskild kraft.<\/p><p>Viktigt f\u00f6r en saklig framst\u00e4llning \u00e4r det tidsm\u00e4ssiga djupet. Mullu var betydelsefullt under flera tusen \u00e5r och i m\u00e5nga kulturer i Anderna. Dess historia str\u00e4cker sig fr\u00e5n tidiga kustkulturer till Inkariket och d\u00e4rut\u00f6ver.<\/p><p>D\u00e4rmed skiljer sig mullu fr\u00e5n f\u00e4rdigt utformade skyddsobjekt. Det \u00e4r sj\u00e4lva \u00e4mnet som tillskrevs betydelse, inte en best\u00e4md form. Ur detta \u00e4mne kunde p\u00e4rlor, figurer och inl\u00e4ggningsarbeten skapas, men uppskattningen g\u00e4llde i f\u00f6rsta hand materialet.<\/p>\t\t\t\t\t\t\t\t<\/div>\n\t\t\t\t<\/div>\n\t\t\t\t\t<\/div>\n\t\t\t\t<\/div>\n\t\t<div class=\"elementor-element elementor-element-iwgs-mullu-s1 e-flex e-con-boxed e-con e-parent\" data-id=\"iwgs-mullu-s1\" data-element_type=\"container\" data-e-type=\"container\">\n\t\t\t\t\t<div class=\"e-con-inner\">\n\t\t\t\t<div class=\"elementor-element elementor-element-iwgs-mullu-s1h elementor-widget elementor-widget-heading\" data-id=\"iwgs-mullu-s1h\" data-element_type=\"widget\" data-e-type=\"widget\" data-widget_type=\"heading.default\">\n\t\t\t\t\t<h2 class=\"elementor-heading-title elementor-size-default\">Ursprung och historia<\/h2>\t\t\t\t<\/div>\n\t\t<div class=\"elementor-element elementor-element-iwgs-mullu-s1box e-con-full e-flex e-con e-parent\" data-id=\"iwgs-mullu-s1box\" data-element_type=\"container\" data-e-type=\"container\">\n\t\t\t\t<div class=\"elementor-element elementor-element-iwgs-mullu-s1t elementor-widget elementor-widget-text-editor\" data-id=\"iwgs-mullu-s1t\" data-element_type=\"widget\" data-e-type=\"widget\" data-widget_type=\"text-editor.default\">\n\t\t\t\t\t\t\t\t\t<p>Uppskattningen av mullu \u00e4r mycket gammal i Anderna. Redan i tidiga kustkulturer bearbetades spondylusmusslan och anv\u00e4ndes i religi\u00f6sa sammanhang. Fynd bel\u00e4gger dess betydelse under flera \u00e5rtusenden.<\/p><p>Musslan lever framf\u00f6r allt i de varma vattnen utanf\u00f6r kusten av dagens Ecuador. Fr\u00e5n d\u00e4r n\u00e5dde den via handelsn\u00e4t s\u00f6derut och upp i h\u00f6glandet. Dessa handelsv\u00e4gar f\u00f6rband kulturer som l\u00e5g l\u00e5ngt ifr\u00e5n varandra.<\/p><p>I Moche-kulturen vid Perus norra kust och i andra f\u00f6rspanska kulturer \u00e4r mullu belagt i gravar, helgedomar och konstverk. Det framtr\u00e4der d\u00e4r som en g\u00e5va av rang och som material f\u00f6r dyrbara f\u00f6rem\u00e5l.<\/p><p>I Inkariket n\u00e5dde betydelsen av mullu sin h\u00f6jdpunkt. Musslan frambars som <span class=\"iwg-fachbegriff\" data-tooltip=\"Det konkreta f\u00f6rem\u00e5l eller den f\u00f6da som offras till en gudom.\" tabindex=\"0\">offerg\u00e5va<\/span> till gudomarna och till heliga platser. S\u00e4rskilda ombud ska ha varit ansvariga f\u00f6r att skaffa musslan.<\/p><p>Utvinningen av spondylusmusslan var m\u00f6dosam, eftersom den m\u00e5ste b\u00e4rgas genom dykning p\u00e5 djupare vatten. Denna m\u00f6da bidrog till dess v\u00e4rde. Mullu var d\u00e4rmed \u00e4ven ett tecken p\u00e5 m\u00f6da och h\u00e4ngivenhet.<\/p><p>Dykplatserna utanf\u00f6r kusten av dagens Ecuador l\u00e5g l\u00e5ngt fr\u00e5n f\u00f6rbrukningsorterna i h\u00f6glandet. B\u00e4rgningen av musslan var d\u00e4rf\u00f6r f\u00f6rbunden med fara och l\u00e5nga transportv\u00e4gar.<\/p><p>Arkeologiska fynd av spondylus p\u00e5 platser djupt inne i Andesregionen visar hur l\u00e5ngt detta material handlades och vilken st\u00e4llning det hade i de f\u00f6rspanska tidernas bytesn\u00e4tverk.<\/p><p>Med den spanska er\u00f6vringen minskade mullus centrala rituella roll, utan att helt f\u00f6rsvinna. I Andernas folkreligion levde f\u00f6rest\u00e4llningar vidare som fortfarande tillskrev musslan en s\u00e4rskild betydelse.<\/p>\t\t\t\t\t\t\t\t<\/div>\n\t\t\t\t<\/div>\n\t\t\t\t\t<\/div>\n\t\t\t\t<\/div>\n\t\t<div class=\"elementor-element elementor-element-iwgs-mullu-s2 e-flex e-con-boxed e-con e-parent\" data-id=\"iwgs-mullu-s2\" data-element_type=\"container\" data-e-type=\"container\">\n\t\t\t\t\t<div class=\"e-con-inner\">\n\t\t\t\t<div class=\"elementor-element elementor-element-iwgs-mullu-s2h elementor-widget elementor-widget-heading\" data-id=\"iwgs-mullu-s2h\" data-element_type=\"widget\" data-e-type=\"widget\" data-widget_type=\"heading.default\">\n\t\t\t\t\t<h2 class=\"elementor-heading-title elementor-size-default\">Form, material och tillverkning<\/h2>\t\t\t\t<\/div>\n\t\t<div class=\"elementor-element elementor-element-iwgs-mullu-s2box e-con-full e-flex e-con e-parent\" data-id=\"iwgs-mullu-s2box\" data-element_type=\"container\" data-e-type=\"container\">\n\t\t\t\t<div class=\"elementor-element elementor-element-iwgs-mullu-s2t elementor-widget elementor-widget-text-editor\" data-id=\"iwgs-mullu-s2t\" data-element_type=\"widget\" data-e-type=\"widget\" data-widget_type=\"text-editor.default\">\n\t\t\t\t\t\t\t\t\t<p>Utg\u00e5ngsmaterialet f\u00f6r mullu \u00e4r skalet fr\u00e5n spondylusmusslan. Det \u00e4r tjockt, h\u00e5rt och f\u00f6rsett med taggar p\u00e5 utsidan. Insidan visar ofta en stark r\u00f6d eller orange f\u00e4rg, med vita och violetta toner mot kanterna.<\/p><p>Av detta material framst\u00e4lldes m\u00e5ngahanda f\u00f6rem\u00e5l. Vanligt var p\u00e4rlor som tr\u00e4des upp till kedjor, samt h\u00e4ngen, sm\u00e5 figurer av m\u00e4nniskor och djur och plattor f\u00f6r inl\u00e4ggningsarbeten.<\/p><p>Bearbetningen kr\u00e4vde skicklighet, eftersom det h\u00e5rda skalet m\u00e5ste s\u00e5gas, slipas och borras. Specialiserade hantverkare framst\u00e4llde av mullu h\u00f6gv\u00e4rdiga f\u00f6rem\u00e5l som h\u00f6rde till Andernas mest skattade varor.<\/p><p>Vid sidan av de bearbetade f\u00f6rem\u00e5len anv\u00e4ndes \u00e4ven obearbetade skal, malet musselpulver och fragment. Malet mullu kunde str\u00f6s ut eller blandas i offerg\u00e5vor. Anv\u00e4ndningss\u00e4ttet var m\u00e5ngskiftande.<\/p><p>Musslans r\u00f6da f\u00e4rg var av stor betydelse f\u00f6r dess v\u00e4rde. I Anderna var r\u00f6tt en f\u00e4rg av h\u00f6g symbolisk rang. F\u00f6rbindelsen mellan dyrbart material och betydelsefull f\u00e4rg f\u00f6rst\u00e4rkte den religi\u00f6sa uppskattningen.<\/p><p>Denna text beskriver bearbetningen av mullu endast i allm\u00e4nna termer. En anvisning f\u00f6r \u00e5terskapande skulle inte vara l\u00e4mplig, eftersom mullu var ett heligt material inom en fr\u00e4mmande religion och spondylusmusslan dessutom idag omfattas av artskydd.<\/p>\t\t\t\t\t\t\t\t<\/div>\n\t\t\t\t<\/div>\n\t\t\t\t\t<\/div>\n\t\t\t\t<\/div>\n\t\t<div class=\"elementor-element elementor-element-iwgs-mullu-s3 e-flex e-con-boxed e-con e-parent\" data-id=\"iwgs-mullu-s3\" data-element_type=\"container\" data-e-type=\"container\">\n\t\t\t\t\t<div class=\"e-con-inner\">\n\t\t\t\t<div class=\"elementor-element elementor-element-iwgs-mullu-s3h elementor-widget elementor-widget-heading\" data-id=\"iwgs-mullu-s3h\" data-element_type=\"widget\" data-e-type=\"widget\" data-widget_type=\"heading.default\">\n\t\t\t\t\t<h2 class=\"elementor-heading-title elementor-size-default\">Religi\u00f6s och mytologisk bakgrund<\/h2>\t\t\t\t<\/div>\n\t\t<div class=\"elementor-element elementor-element-iwgs-mullu-s3box e-con-full e-flex e-con e-parent\" data-id=\"iwgs-mullu-s3box\" data-element_type=\"container\" data-e-type=\"container\">\n\t\t\t\t<div class=\"elementor-element elementor-element-iwgs-mullu-s3t elementor-widget elementor-widget-text-editor\" data-id=\"iwgs-mullu-s3t\" data-element_type=\"widget\" data-e-type=\"widget\" data-widget_type=\"text-editor.default\">\n\t\t\t\t\t\t\t\t\t<p>I andernas religion var mullu n\u00e4ra f\u00f6rbundet med vatten och regn. Eftersom musslan kommer fr\u00e5n havet betraktades den som en g\u00e5va fr\u00e5n vattnen och som ett material f\u00f6rknippat med fukt och fruktbarhet.<\/p><p>Andernas kulturer pr\u00e4glas av fr\u00e5gan om tillr\u00e4ckligt vatten f\u00f6r \u00e5krarna. I detta sammanhang fick mullu en s\u00e4rskild betydelse. Den offrades f\u00f6r att be om regn och en god sk\u00f6rd.<\/p><p>Mullu betraktades \u00e4ven som en v\u00e4lkommen f\u00f6da eller g\u00e5va \u00e5t gudomarna och de heliga platserna, i Anderna kallade huaca. Den lades ned vid bergshelgedomar, vid k\u00e4llor och i tempel.<\/p><p>I den f\u00f6rspanska konsten \u00e5terkommer spondylusmusslan ofta. Den avbildas p\u00e5 k\u00e4rl, textilier och reliefer, oftast i samband med gudomar, vatten och fruktbarhet.<\/p><p>S\u00e4rskilt i chim\u00fa-kulturens konst och i tidigare kustkulturer avbildas musslan tillsammans med dykare, b\u00e5tar och vattenf\u00e5glar. S\u00e5dana bilder f\u00f6renar mullus ursprung ur havet med dess rituella anv\u00e4ndning.<\/p><p>De visar att materialets betydelse i Andernas religion var n\u00e4ra knuten till f\u00f6rest\u00e4llningar om havet och dess g\u00e5vor.<\/p><p>Vetenskapligt kan mullu f\u00f6rst\u00e5s som ett heligt material vars kraft h\u00e4rleddes ur dess ursprung, dess f\u00e4rg och dess koppling till livsviktiga naturkrafter. Det var b\u00e4rare av en relation mellan m\u00e4nniska och v\u00e4rld som upplevdes som verklig.<\/p><p>Viktigt \u00e4r att mullu inte verkade av sig sj\u00e4lvt, utan inom ramen f\u00f6r offer, b\u00f6ner och fastst\u00e4llda handlingar. Dess betydelse framtr\u00e4dde f\u00f6rst i det rituella sammanhanget, inte i materialet ensamt.<\/p>\t\t\t\t\t\t\t\t<\/div>\n\t\t\t\t<\/div>\n\t\t\t\t\t<\/div>\n\t\t\t\t<\/div>\n\t\t<div class=\"elementor-element elementor-element-iwgs-mullu-s4 e-flex e-con-boxed e-con e-parent\" data-id=\"iwgs-mullu-s4\" data-element_type=\"container\" data-e-type=\"container\">\n\t\t\t\t\t<div class=\"e-con-inner\">\n\t\t\t\t<div class=\"elementor-element elementor-element-iwgs-mullu-s4h elementor-widget elementor-widget-heading\" data-id=\"iwgs-mullu-s4h\" data-element_type=\"widget\" data-e-type=\"widget\" data-widget_type=\"heading.default\">\n\t\t\t\t\t<h2 class=\"elementor-heading-title elementor-size-default\">Rituellt bruk och b\u00e4rare<\/h2>\t\t\t\t<\/div>\n\t\t<div class=\"elementor-element elementor-element-iwgs-mullu-s4box e-con-full e-flex e-con e-parent\" data-id=\"iwgs-mullu-s4box\" data-element_type=\"container\" data-e-type=\"container\">\n\t\t\t\t<div class=\"elementor-element elementor-element-iwgs-mullu-s4t elementor-widget elementor-widget-text-editor\" data-id=\"iwgs-mullu-s4t\" data-element_type=\"widget\" data-e-type=\"widget\" data-widget_type=\"text-editor.default\">\n\t\t\t\t\t\t\t\t\t<p>Den viktigaste rituella anv\u00e4ndningen av mullu bestod i att den frambars som <span class=\"iwg-fachbegriff\" data-tooltip=\"Det konkreta f\u00f6rem\u00e5l eller den f\u00f6da som offras \u00e5t en gudom.\" tabindex=\"0\">offerg\u00e5va<\/span>. Den lades ned vid helgedomar, spreds p\u00e5 \u00e5krar, murades in i byggnader eller offrades tillsammans med andra g\u00e5vor.<\/p><p>Vid offer f\u00f6r regn och fruktbarhet hade mullu en framtr\u00e4dande st\u00e4llning. Den offrades f\u00f6r att blidka vattnets och jordens gudomar och d\u00e4rmed s\u00e4kra sk\u00f6rdens v\u00e4lg\u00e5ng.<\/p><p>Mullu f\u00f6rekommer \u00e4ven som gravg\u00e5va. Den f\u00f6ljde avlidna av rang och vittnar d\u00e4rmed om sin betydelse f\u00f6r f\u00f6rest\u00e4llningar om d\u00f6den och livet efter detta.<\/p><p>B\u00e4rare av den rituella praktiken var religi\u00f6sa specialister, pr\u00e4ster och maktens ombud. I Inkariket var anskaffningen och anv\u00e4ndningen av mullu en del av den statligt styrda religionen.<\/p><p>Bearbetat mullu, till exempel p\u00e4rlhalsband och h\u00e4ngen, bars \u00e4ven som smycke. I denna form visade det b\u00e4rarens rang och var samtidigt f\u00f6rbundet med materialets religi\u00f6sa betydelse.<\/p><p>I dagens folkreligiositet i Anderna lever f\u00f6rest\u00e4llningar kvar som tillskriver musslan och dess f\u00e4rg en s\u00e4rskild betydelse. Dessa f\u00f6rest\u00e4llningar b\u00f6r dock skiljas fr\u00e5n den f\u00f6rspanska praktiken och varierar mellan regioner.<\/p>\t\t\t\t\t\t\t\t<\/div>\n\t\t\t\t<\/div>\n\t\t\t\t\t<\/div>\n\t\t\t\t<\/div>\n\t\t<div class=\"elementor-element elementor-element-iwgs-mullu-s5 e-flex e-con-boxed e-con e-parent\" data-id=\"iwgs-mullu-s5\" data-element_type=\"container\" data-e-type=\"container\">\n\t\t\t\t\t<div class=\"e-con-inner\">\n\t\t\t\t<div class=\"elementor-element elementor-element-iwgs-mullu-s5h elementor-widget elementor-widget-heading\" data-id=\"iwgs-mullu-s5h\" data-element_type=\"widget\" data-e-type=\"widget\" data-widget_type=\"heading.default\">\n\t\t\t\t\t<h2 class=\"elementor-heading-title elementor-size-default\">Regionala varianter och sl\u00e4ktskap<\/h2>\t\t\t\t<\/div>\n\t\t<div class=\"elementor-element elementor-element-iwgs-mullu-s5box e-con-full e-flex e-con e-parent\" data-id=\"iwgs-mullu-s5box\" data-element_type=\"container\" data-e-type=\"container\">\n\t\t\t\t<div class=\"elementor-element elementor-element-iwgs-mullu-s5t elementor-widget elementor-widget-text-editor\" data-id=\"iwgs-mullu-s5t\" data-element_type=\"widget\" data-e-type=\"widget\" data-widget_type=\"text-editor.default\">\n\t\t\t\t\t\t\t\t\t<p>Uppskattningen av mullu var utbredd i hela Anderna, men den exakta anv\u00e4ndningen skilde sig mellan kulturer och epoker. Tidiga kustkulturer, moche, chim\u00fa och inkafolket anv\u00e4nde mullu p\u00e5 sina egna s\u00e4tt.<\/p><p>Spondylusmusslan var en viktig handelsvara. Specialiserade handlare, framf\u00f6r allt fr\u00e5n Ecuadors kust, f\u00f6rde den \u00f6ver l\u00e5nga str\u00e4ckor. Mullu f\u00f6renade d\u00e4rmed kust och h\u00f6gland i ett vidstr\u00e4ckt n\u00e4tverk.<\/p><p>Andra kostbara material i Anderna, till exempel vissa stenar, fj\u00e4drar och metaller, \u00e4r besl\u00e4ktade med mullu i sin betydelse. \u00c4ven de betraktades som b\u00e4rare av s\u00e4rskild kraft och anv\u00e4ndes vid offer och som smycke.<\/p><p>Vetenskapligt kan mullu j\u00e4mf\u00f6ras med heliga material i andra kulturer, till exempel material som ans\u00e5gs s\u00e4rskilda p\u00e5 grund av sin f\u00e4rg eller sitt ursprung. S\u00e5dana j\u00e4mf\u00f6relser tj\u00e4nar till att s\u00e4tta materialet i sitt sammanhang, men f\u00e5r inte d\u00f6lja Andernas egenart.<\/p><p>Inom omr\u00e5det <a href=\"https:\/\/iwell-guard.com\/sv\/skyddssymboler\/\">skyddssymboler<\/a> \u00e4r mullu ett exempel p\u00e5 ett heligt material, till skillnad fr\u00e5n f\u00e4rdigt utformade f\u00f6rem\u00e5l. Artikeln om <a href=\"https:\/\/iwell-guard.com\/sv\/amulett-talisman-skyddstecken-grunderna\/\">amulett och talisman<\/a> f\u00f6rklarar de begreppsliga avgr\u00e4nsningarna.<\/p><p>F\u00f6rem\u00e5l tillverkade av mullu, som p\u00e4rlor och figurer, st\u00e5r samtidigt i en rad tillsammans med andra bearbetade skydds- och smyckeobjekt. Mullu visar d\u00e4rmed hur ett material och de f\u00f6rem\u00e5l som tillverkas av det m\u00e5ste betraktas tillsammans.<\/p>\t\t\t\t\t\t\t\t<\/div>\n\t\t\t\t<\/div>\n\t\t\t\t\t<\/div>\n\t\t\t\t<\/div>\n\t\t<div class=\"elementor-element elementor-element-iwgs-mullu-s6 e-flex e-con-boxed e-con e-parent\" data-id=\"iwgs-mullu-s6\" data-element_type=\"container\" data-e-type=\"container\">\n\t\t\t\t\t<div class=\"e-con-inner\">\n\t\t\t\t<div class=\"elementor-element elementor-element-iwgs-mullu-s6h elementor-widget elementor-widget-heading\" data-id=\"iwgs-mullu-s6h\" data-element_type=\"widget\" data-e-type=\"widget\" data-widget_type=\"heading.default\">\n\t\t\t\t\t<h2 class=\"elementor-heading-title elementor-size-default\">Betydelse som skyddsobjekt<\/h2>\t\t\t\t<\/div>\n\t\t<div class=\"elementor-element elementor-element-iwgs-mullu-s6box e-con-full e-flex e-con e-parent\" data-id=\"iwgs-mullu-s6box\" data-element_type=\"container\" data-e-type=\"container\">\n\t\t\t\t<div class=\"elementor-element elementor-element-iwgs-mullu-s6t elementor-widget elementor-widget-text-editor\" data-id=\"iwgs-mullu-s6t\" data-element_type=\"widget\" data-e-type=\"widget\" data-widget_type=\"text-editor.default\">\n\t\t\t\t\t\t\t\t\t<p>Mullu tillskrevs i Anderna en skyddande och v\u00e4lsignande betydelse, framf\u00f6r allt i samband med vatten, fruktbarhet och gemenskapens v\u00e4lg\u00e5ng. Skyddet riktades ofta mot sk\u00f6rden och d\u00e4rmed mot livsuppeh\u00e4llet.<\/p><p>Skyddet f\u00f6rstods inte som en mekanisk verkan av materialet, utan som en f\u00f6ljd av en r\u00e4tt relation till vattnets och jordens gudomar. Mullu var medlet genom vilket denna relation v\u00e5rdades.<\/p><p>Bearbetat mullu p\u00e5 kroppen, till exempel som p\u00e4rlhalsband, kunde samtidigt uppfattas som ett personligt skydds- och rangtecken. Det f\u00f6renade b\u00e4raren med den kraft som tillskrevs materialet.<\/p><p>Vetenskapligt kan mullus skyddsbetydelse beskrivas som en del av en hantering av os\u00e4kerhet. I en v\u00e4rld hotad av torka och missv\u00e4xt erbj\u00f6d offrandet av mullu en ordnad handling mot oron.<\/p><p data-nosnippet=\"true\">Denna text g\u00f6r inga p\u00e5st\u00e5enden om faktiska verkningar. Endast den betydelse som Andernas kulturer tillskrev materialet beskrivs. L\u00f6ften om l\u00e4kning och verkansp\u00e5st\u00e5enden \u00e4r uttryckligen uteslutna.<\/p><p>Kvar st\u00e5r att mullus skyddsbetydelse var bunden till Andernas religion. Utanf\u00f6r detta sammanhang \u00e4r mullu ett arkeologiskt material och ett f\u00f6rem\u00e5l f\u00f6r artskydd, inget sj\u00e4lvverkande <span class=\"iwg-fachbegriff\" data-tooltip=\"Ett buret f\u00f6rem\u00e5l som tillskrivs en skyddande, olycksavv\u00e4rjande verkan.\" tabindex=\"0\">amulett<\/span>.<\/p>\t\t\t\t\t\t\t\t<\/div>\n\t\t\t\t<\/div>\n\t\t\t\t\t<\/div>\n\t\t\t\t<\/div>\n\t\t<div class=\"elementor-element elementor-element-iwgs-mullu-s7 e-flex e-con-boxed e-con e-parent\" data-id=\"iwgs-mullu-s7\" data-element_type=\"container\" data-e-type=\"container\">\n\t\t\t\t\t<div class=\"e-con-inner\">\n\t\t\t\t<div class=\"elementor-element elementor-element-iwgs-mullu-s7h elementor-widget elementor-widget-heading\" data-id=\"iwgs-mullu-s7h\" data-element_type=\"widget\" data-e-type=\"widget\" data-widget_type=\"heading.default\">\n\t\t\t\t\t<h2 class=\"elementor-heading-title elementor-size-default\">Forskningshistoria, etiska fr\u00e5gor och kulturell appropriering<\/h2>\t\t\t\t<\/div>\n\t\t<div class=\"elementor-element elementor-element-iwgs-mullu-s7box e-con-full e-flex e-con e-parent\" data-id=\"iwgs-mullu-s7box\" data-element_type=\"container\" data-e-type=\"container\">\n\t\t\t\t<div class=\"elementor-element elementor-element-iwgs-mullu-s7t elementor-widget elementor-widget-text-editor\" data-id=\"iwgs-mullu-s7t\" data-element_type=\"widget\" data-e-type=\"widget\" data-widget_type=\"text-editor.default\">\n\t\t\t\t\t\t\t\t\t<p>Utforskningen av Mullu \u00e4r n\u00e4ra f\u00f6rbunden med <span class=\"iwg-fachbegriff\" data-tooltip=\"Vetenskapen som utforskar forna kulturer utifr\u00e5n materiella fynd.\" tabindex=\"0\">arkeologin<\/span> i Anderna. Fynd i gravar, helgedomar och boplatser visade tydligt vilken rang spondylusmusslan hade under \u00e5rtusenden. \u00c4ven koloniala k\u00e4llor ber\u00e4ttar om dess anv\u00e4ndning.<\/p><p>Senare forskning unders\u00f6kte musslans handelsv\u00e4gar, dess framst\u00e4llning i konsten och dess roll i religionen. Mullu blev d\u00e4rmed ett viktigt tema f\u00f6r f\u00f6rst\u00e5elsen av det f\u00f6rspanska Anderna.<\/p><p>Ett etiskt problem g\u00e4ller hanteringen av arkeologiska fynd. Gravplundring och illegal handel med f\u00f6rem\u00e5l fr\u00e5n Anderna har f\u00f6rst\u00f6rt fyndplatser och f\u00f6rst\u00f6rt kunskap. Mullu-objekt ber\u00f6rs ocks\u00e5 av detta problem.<\/p><p>Ett andra problem \u00e4r artskyddet. Spondylusmusslans best\u00e5nd \u00e4r idag hotade och omfattas av skyddsbest\u00e4mmelser. En kommersiell anv\u00e4ndning av musslan som esoteriskt objekt b\u00f6r d\u00e4rf\u00f6r avvisas \u00e4ven ur ekologisk synvinkel.<\/p><p>I den esoteriska litteraturen framst\u00e4lls Mullu ibland som ett kraftfullt l\u00e4kande eller skyddande material. Vetenskapligt sett \u00e4r detta en modern tillskrivning som m\u00e5ste skiljas fr\u00e5n den f\u00f6rspanska betydelsen och som saknar bel\u00e4gg f\u00f6r n\u00e5gon verkan.<\/p><p>Sedan slutet av 1900-talet har den arkeologiska forskningen unders\u00f6kt Mullus handelsv\u00e4gar med naturvetenskapliga metoder. Ursprungsanalyser av skalfynd g\u00f6r det m\u00f6jligt att h\u00e4nf\u00f6ra enskilda stycken till best\u00e4mda kustavsnitt. Dessa arbeten har bekr\u00e4ftat bilden av ett vittomfattande utbytesn\u00e4tverk som under l\u00e5ng tid f\u00f6renade kust och h\u00f6glandet.<\/p><p>En seri\u00f6s framst\u00e4llning beskriver Mullu som ett heligt material i det f\u00f6rspanska Anderna, placerar den moderna <span class=\"iwg-fachbegriff\" data-tooltip=\"Samlingsbegrepp f\u00f6r l\u00e4ror som g\u00f6r anspr\u00e5k p\u00e5 en dold kunskap, tillg\u00e4nglig endast f\u00f6r invigda.\" tabindex=\"0\">esoteriska<\/span> mottagningen som en egen f\u00f6reteelse och pekar p\u00e5 artskyddet. Den undviker all form av marknadsf\u00f6ring av musslan som vara.<\/p>\t\t\t\t\t\t\t\t<\/div>\n\t\t\t\t<\/div>\n\t\t\t\t\t<\/div>\n\t\t\t\t<\/div>\n\t\t<div class=\"elementor-element elementor-element-iwgs-mullu-s8 e-flex e-con-boxed e-con e-parent\" data-id=\"iwgs-mullu-s8\" data-element_type=\"container\" data-e-type=\"container\">\n\t\t\t\t\t<div class=\"e-con-inner\">\n\t\t\t\t<div class=\"elementor-element elementor-element-iwgs-mullu-s8h elementor-widget elementor-widget-heading\" data-id=\"iwgs-mullu-s8h\" data-element_type=\"widget\" data-e-type=\"widget\" data-widget_type=\"heading.default\">\n\t\t\t\t\t<h2 class=\"elementor-heading-title elementor-size-default\">Aktuell mottagning<\/h2>\t\t\t\t<\/div>\n\t\t<div class=\"elementor-element elementor-element-iwgs-mullu-s8box e-con-full e-flex e-con e-parent\" data-id=\"iwgs-mullu-s8box\" data-element_type=\"container\" data-e-type=\"container\">\n\t\t\t\t<div class=\"elementor-element elementor-element-iwgs-mullu-s8t elementor-widget elementor-widget-text-editor\" data-id=\"iwgs-mullu-s8t\" data-element_type=\"widget\" data-e-type=\"widget\" data-widget_type=\"text-editor.default\">\n\t\t\t\t\t\t\t\t\t<p>Inom <span class=\"iwg-fachbegriff\" data-tooltip=\"Vetenskapen som utforskar forna kulturer utifr\u00e5n materiella fynd.\" tabindex=\"0\">arkeologin<\/span> och <span class=\"iwg-fachbegriff\" data-tooltip=\"Vetenskapen som utforskar religioner j\u00e4mf\u00f6rande och utan trosbindning.\" tabindex=\"0\">religionsvetenskapen<\/span> \u00e4r Mullu ett erk\u00e4nt \u00e4mne. Fynd unders\u00f6ks, st\u00e4lls ut och s\u00e4tts in i sammanhanget av Andernas historia. Museer i Peru, Ecuador och andra l\u00e4nder visar Mullu-objekt.<\/p><p>I dagens Anders folkreligion lever f\u00f6rest\u00e4llningar vidare som tillskriver musslan och den r\u00f6da f\u00e4rgen en s\u00e4rskild betydelse. Dessa f\u00f6rest\u00e4llningar varierar regionalt och st\u00e5r i ett l\u00e5ngt traditionssammanhang.<\/p><p>I den esoteriska och konsthantverksm\u00e4ssiga mottagningen erbjuds Mullu ibland som smycke eller som ett p\u00e5st\u00e5tt kraftfullt material. Denna anv\u00e4ndning m\u00e5ste skiljas fr\u00e5n den historiska betydelsen och \u00e4r dessutom problematisk p\u00e5 grund av artskyddet.<\/p><p>Artskyddet pr\u00e4glar dagens hantering av spondylusmusslan. Eftersom dess best\u00e5nd \u00e4r hotade \u00e4r handeln med den begr\u00e4nsad. Ansvarsfulla leverant\u00f6rer avst\u00e5r fr\u00e5n att anv\u00e4nda \u00e4kta musslor f\u00f6r dekorativa \u00e4ndam\u00e5l.<\/p><p>Konstn\u00e4rer i Anderna tar ibland upp Mullus betydelse f\u00f6r att anknyta till sin regions f\u00f6rspanska historia. I denna konstn\u00e4rliga anv\u00e4ndning blir Mullu ett tecken p\u00e5 kulturellt ursprung.<\/p><p>F\u00f6r intresserade l\u00e4sare rekommenderas en medveten hantering. Att skaffa sig kunskap om Mullu \u00e4r legitimt, men att k\u00f6pa \u00e4kta spondylusmusslor \u00e4r av artskyddssk\u00e4l inte att rekommendera. Fler skyddsobjekt presenteras i avsnittet <a href=\"https:\/\/iwell-guard.com\/sv\/skyddssymboler\/\">Skyddssymboler<\/a>.<\/p>\t\t\t\t\t\t\t\t<\/div>\n\t\t\t\t<\/div>\n\t\t\t\t\t<\/div>\n\t\t\t\t<\/div>\n\t\t<div class=\"elementor-element elementor-element-iwgs-mullu-lit e-flex e-con-boxed e-con e-parent\" data-id=\"iwgs-mullu-lit\" data-element_type=\"container\" data-e-type=\"container\">\n\t\t\t\t\t<div class=\"e-con-inner\">\n\t\t\t\t<div class=\"elementor-element elementor-element-iwgs-mullu-lith elementor-widget elementor-widget-heading\" data-id=\"iwgs-mullu-lith\" data-element_type=\"widget\" data-e-type=\"widget\" data-widget_type=\"heading.default\">\n\t\t\t\t\t<h2 class=\"elementor-heading-title elementor-size-default\">Litteratur (urval)<\/h2>\t\t\t\t<\/div>\n\t\t<div class=\"elementor-element elementor-element-iwgs-mullu-litbox e-con-full e-flex e-con e-parent\" data-id=\"iwgs-mullu-litbox\" data-element_type=\"container\" data-e-type=\"container\">\n\t\t\t\t<div class=\"elementor-element elementor-element-iwgs-mullu-litt elementor-widget elementor-widget-html\" data-id=\"iwgs-mullu-litt\" data-element_type=\"widget\" data-e-type=\"widget\" data-widget_type=\"html.default\">\n\t\t\t\t\t<footer data-nosnippet=\"true\"><ul><li>Mar\u00eda Rostworowski: <em>Historia del Tahuantinsuyu<\/em> (1988)<\/li><li>Mary Helms: <em>Spondylus Shell in the Andes<\/em> (1986)<\/li><li>Henry Reichlen: <em>Recherches arch\u00e9ologiques dans les Andes<\/em> (1979)<\/li><li>Daniel Sandweiss: <em>The Archaeology of the Spondylus Shell Trade<\/em> (1996)<\/li><li>Izumi Shimada: <em>Pampa Grande and the Mochica Culture<\/em> (1994)<\/li><\/ul><\/footer>\t\t\t\t<\/div>\n\t\t\t\t<\/div>\n\t\t\t\t\t<\/div>\n\t\t\t\t<\/div>\n\t\t<div class=\"elementor-element elementor-element-iwgs-mullu-kwd e-flex e-con-boxed e-con e-parent\" data-id=\"iwgs-mullu-kwd\" data-element_type=\"container\" data-e-type=\"container\">\n\t\t\t\t\t<div class=\"e-con-inner\">\n\t\t\t\t<div class=\"elementor-element elementor-element-iwgs-mullu-kwdt elementor-widget elementor-widget-text-editor\" data-id=\"iwgs-mullu-kwdt\" data-element_type=\"widget\" data-e-type=\"widget\" data-widget_type=\"text-editor.default\">\n\t\t\t\t\t\t\t\t\t<p><em>Relaterade nyckelbegrepp: Mullu Spondylus Musselan Anderna Inka Moche <span class=\"iwg-fachbegriff\" data-tooltip=\"Det konkreta f\u00f6rem\u00e5l eller den f\u00f6da som offras till en gudom.\" tabindex=\"0\">offerg\u00e5va<\/span> heligt material Quechua regn fruktbarhet huaca.<\/em><\/p>\t\t\t\t\t\t\t\t<\/div>\n\t\t\t\t\t<\/div>\n\t\t\t\t<\/div>\n\t\t<div class=\"elementor-element elementor-element-iwgs-mullu-cc e-flex e-con-boxed e-con e-parent\" data-id=\"iwgs-mullu-cc\" data-element_type=\"container\" data-e-type=\"container\" id=\"iwg-cc-mullu\">\n\t\t\t\t\t<div class=\"e-con-inner\">\n\t\t<div class=\"elementor-element elementor-element-iwgs-mullu-ccinner e-flex e-con-boxed e-con e-parent\" data-id=\"iwgs-mullu-ccinner\" data-element_type=\"container\" data-e-type=\"container\" data-settings=\"{&quot;background_background&quot;:&quot;classic&quot;}\">\n\t\t\t\t\t<div class=\"e-con-inner\">\n\t\t\t\t<div class=\"elementor-element elementor-element-iwgs-mullu-cch elementor-widget elementor-widget-heading\" data-id=\"iwgs-mullu-cch\" data-element_type=\"widget\" data-e-type=\"widget\" data-widget_type=\"heading.default\">\n\t\t\t\t\t<h2 class=\"elementor-heading-title elementor-size-default\">iWell Guard och skyddstraditioner<\/h2>\t\t\t\t<\/div>\n\t\t\t\t<div class=\"elementor-element elementor-element-iwgs-mullu-cct elementor-widget elementor-widget-text-editor\" data-id=\"iwgs-mullu-cct\" data-element_type=\"widget\" data-e-type=\"widget\" data-widget_type=\"text-editor.default\">\n\t\t\t\t\t\t\t\t\t<p>iWell Guard st\u00e5r i den kulturhistoriska linjen av b\u00e4rbara skyddsobjekt, till vilken \u00e4ven Mullu h\u00f6r. En modern f\u00f6ljeslagare f\u00f6r m\u00e4nniskor som lever med skyddssymboler: tillverkad i Tyskland, 41 lager av \u00e4kta guld, platina och silver, med 30 dagars returr\u00e4tt.<\/p>\t\t\t\t\t\t\t\t<\/div>\n\t\t\t\t<div class=\"elementor-element elementor-element-iwgs-mullu-ccb iwg-cc-button iwg-cc-cta-2026-05-13 elementor-widget elementor-widget-jet-button\" data-id=\"iwgs-mullu-ccb\" data-element_type=\"widget\" data-e-type=\"widget\" data-widget_type=\"jet-button.default\">\n\t\t\t\t<div class=\"elementor-widget-container\">\n\t\t\t\t\t<div class=\"elementor-jet-button jet-elements\"><div class=\"jet-button__container\"><a class=\"jet-button__instance jet-button__instance--icon-left hover-effect-1\" href=\"\/schutzanhaenger-iwell-guard-kaufen\/?utm_source=iwell-guard.com&amp;utm_medium=info-box&amp;utm_campaign=schutzsymbole\"><div class=\"jet-button__plane jet-button__plane-normal\"><\/div><div class=\"jet-button__plane jet-button__plane-hover\"><\/div><div class=\"jet-button__state jet-button__state-normal\"><span class=\"jet-button__label\">Mer om iWell Guard<\/span><\/div><div class=\"jet-button__state jet-button__state-hover\"><span class=\"jet-button__label\">Mer om iWell Guard<\/span><\/div><\/a><\/div><\/div><style>.elementor-element.elementor-element-iwgs-mullu-ccb .jet-button__instance{width:320px;height:56px;}.elementor-element.elementor-element-iwgs-mullu-ccb .jet-button__state-normal .jet-button__label{text-align:center;margin:0px 0px 0px 0px;color:#1a1b20;font-family:Montserrat,sans-serif;font-size:13px;font-weight:400;letter-spacing:4px;line-height:1.714em;text-transform:uppercase;}.elementor-element.elementor-element-iwgs-mullu-ccb .jet-button__state-hover .jet-button__label{text-align:center;margin:0px 0px 0px 0px;color:#FECC76;font-family:Montserrat,sans-serif;font-size:13px;font-weight:400;letter-spacing:4px;line-height:1.714em;text-transform:uppercase;}.elementor-element.elementor-element-iwgs-mullu-ccb .jet-button__plane-normal{background-color:#FECC76;border-style:solid;border-color:#C99540;border-width:2px 2px 2px 2px;}.elementor-element.elementor-element-iwgs-mullu-ccb .jet-button__plane-hover{background-color:rgba(0,0,0,0.55);border-style:solid;border-color:#FECC76;border-width:2px 2px 2px 2px;}<\/style>\t\t\t\t<\/div>\n\t\t\t\t<\/div>\n\t\t\t\t<div class=\"elementor-element elementor-element-iwgs-mullu-ccd elementor-widget elementor-widget-text-editor\" data-id=\"iwgs-mullu-ccd\" data-element_type=\"widget\" data-e-type=\"widget\" data-widget_type=\"text-editor.default\">\n\t\t\t\t\t\t\t\t\t<p style=\"text-align:center;font-size:13px;opacity:0.7;margin-top:14px\" data-nosnippet=\"true\">Personliga erfarenheter kan variera. Ingen medicinteknisk produkt. Inget l\u00f6fte om l\u00e4kning.<\/p>\t\t\t\t\t\t\t\t<\/div>\n\t\t\t\t\t<\/div>\n\t\t\t\t<\/div>\n\t\t\t\t\t<\/div>\n\t\t\t\t<\/div>\n\t\t<div class=\"elementor-element elementor-element-iwgs-mullu-disc e-flex e-con-boxed e-con e-parent\" data-id=\"iwgs-mullu-disc\" data-element_type=\"container\" data-e-type=\"container\">\n\t\t\t\t\t<div class=\"e-con-inner\">\n\t\t\t\t<div class=\"elementor-element elementor-element-iwgs-mullu-discw elementor-widget elementor-widget-html\" data-id=\"iwgs-mullu-discw\" data-element_type=\"widget\" data-e-type=\"widget\" data-widget_type=\"html.default\">\n\t\t\t\t\t<footer data-nosnippet=\"true\" class=\"iwg-disclaimer-block\"><p data-nosnippet=\"true\">iWell Guard \u00e4r <strong>ingen medicinteknisk produkt<\/strong> och ers\u00e4tter ingen l\u00e4karbehandling eller psykoterapeutisk behandling. Inneh\u00e5llet som presenteras h\u00e4r \u00e4r en religionsvetenskaplig och kulturhistorisk kontextualisering, inget l\u00f6fte om andlig verkan.<\/p><\/footer>\t\t\t\t<\/div>\n\t\t\t\t\t<\/div>\n\t\t\t\t<\/div>\n\t\t\t\t<\/div>\n\t\t","protected":false},"excerpt":{"rendered":"","protected":false},"author":3,"featured_media":3559,"parent":0,"menu_order":0,"comment_status":"closed","ping_status":"closed","template":"elementor_header_footer","meta":{"_yoast_wpseo_focuskw":"Mullu","_yoast_wpseo_title":"Mullu: Andernas heliga spondylusmussla","_yoast_wpseo_metadesc":"Mullu, Andernas heliga spondylusmussla: ursprung, religi\u00f6s betydelse och anv\u00e4ndning som skydds- och offermaterial, sakligt f\u00f6rklarat.","_yoast_wpseo_meta-robots-noindex":"","_yoast_wpseo_canonical":"","_angie_page":false,"gefaehrdungsstufe":"","wesen_kultur":"","wesen_klasse":"","footnotes":""},"categories":[],"class_list":["post-137137","page","type-page","status-publish","has-post-thumbnail","hentry"],"yoast_head":"<!-- This site is optimized with the Yoast SEO Premium plugin v27.7 (Yoast SEO v28.3) - https:\/\/yoast.com\/product\/yoast-seo-premium-wordpress\/ -->\n<title>Mullu: Andernas heliga spondylusmussla<\/title>\n<meta name=\"description\" content=\"Mullu, Andernas heliga spondylusmussla: ursprung, religi\u00f6s betydelse och anv\u00e4ndning som skydds- och offermaterial, sakligt f\u00f6rklarat.\" \/>\n<meta name=\"robots\" content=\"index, follow, max-snippet:-1, max-image-preview:large, max-video-preview:-1\" \/>\n<link rel=\"canonical\" href=\"https:\/\/iwell-guard.com\/sv\/mullu-andernas-heliga-spondylusmussla\/\" \/>\n<meta property=\"og:locale\" content=\"sv_SE\" \/>\n<meta property=\"og:type\" content=\"article\" \/>\n<meta property=\"og:title\" content=\"Mullu: Andernas heliga spondylusmussla\" \/>\n<meta property=\"og:description\" content=\"Mullu, Andernas heliga spondylusmussla: ursprung, religi\u00f6s betydelse och anv\u00e4ndning som skydds- och offermaterial, sakligt f\u00f6rklarat.\" \/>\n<meta property=\"og:url\" content=\"https:\/\/iwell-guard.com\/sv\/mullu-andernas-heliga-spondylusmussla\/\" \/>\n<meta property=\"og:site_name\" content=\"iWell Guard\" \/>\n<meta property=\"article:modified_time\" content=\"2026-09-03T01:21:22+00:00\" \/>\n<meta property=\"og:image\" content=\"https:\/\/iwell-guard.com\/wp-content\/uploads\/2026\/05\/schutzsymbol_anden_mullu.webp\" \/>\n\t<meta property=\"og:image:width\" content=\"1024\" \/>\n\t<meta property=\"og:image:height\" content=\"1536\" \/>\n\t<meta property=\"og:image:type\" content=\"image\/webp\" \/>\n<meta name=\"twitter:card\" content=\"summary_large_image\" \/>\n<script type=\"application\/ld+json\" class=\"yoast-schema-graph\">{\"@context\":\"https:\\\/\\\/schema.org\",\"@graph\":[{\"@type\":\"WebPage\",\"@id\":\"https:\\\/\\\/iwell-guard.com\\\/sv\\\/mullu-andernas-heliga-spondylusmussla\\\/\",\"url\":\"https:\\\/\\\/iwell-guard.com\\\/sv\\\/mullu-andernas-heliga-spondylusmussla\\\/\",\"name\":\"Mullu: Andernas heliga spondylusmussla\",\"isPartOf\":{\"@id\":\"https:\\\/\\\/iwell-guard.com\\\/sv\\\/#website\"},\"primaryImageOfPage\":{\"@id\":\"https:\\\/\\\/iwell-guard.com\\\/sv\\\/mullu-andernas-heliga-spondylusmussla\\\/#primaryimage\"},\"image\":{\"@id\":\"https:\\\/\\\/iwell-guard.com\\\/sv\\\/mullu-andernas-heliga-spondylusmussla\\\/#primaryimage\"},\"thumbnailUrl\":\"https:\\\/\\\/iwell-guard.com\\\/wp-content\\\/uploads\\\/2026\\\/05\\\/schutzsymbol_anden_mullu.webp\",\"datePublished\":\"2026-09-03T00:13:07+00:00\",\"dateModified\":\"2026-09-03T01:21:22+00:00\",\"description\":\"Mullu, Andernas heliga spondylusmussla: ursprung, religi\u00f6s betydelse och anv\u00e4ndning som skydds- och offermaterial, sakligt f\u00f6rklarat.\",\"breadcrumb\":{\"@id\":\"https:\\\/\\\/iwell-guard.com\\\/sv\\\/mullu-andernas-heliga-spondylusmussla\\\/#breadcrumb\"},\"inLanguage\":\"sv-SE\",\"potentialAction\":[{\"@type\":\"ReadAction\",\"target\":[\"https:\\\/\\\/iwell-guard.com\\\/sv\\\/mullu-andernas-heliga-spondylusmussla\\\/\"]}]},{\"@type\":\"ImageObject\",\"inLanguage\":\"sv-SE\",\"@id\":\"https:\\\/\\\/iwell-guard.com\\\/sv\\\/mullu-andernas-heliga-spondylusmussla\\\/#primaryimage\",\"url\":\"https:\\\/\\\/iwell-guard.com\\\/wp-content\\\/uploads\\\/2026\\\/05\\\/schutzsymbol_anden_mullu.webp\",\"contentUrl\":\"https:\\\/\\\/iwell-guard.com\\\/wp-content\\\/uploads\\\/2026\\\/05\\\/schutzsymbol_anden_mullu.webp\",\"width\":1024,\"height\":1536,\"caption\":\"Skyddssymbol. Stilleben-illustration i museistil.\"},{\"@type\":\"BreadcrumbList\",\"@id\":\"https:\\\/\\\/iwell-guard.com\\\/sv\\\/mullu-andernas-heliga-spondylusmussla\\\/#breadcrumb\",\"itemListElement\":[{\"@type\":\"ListItem\",\"position\":1,\"name\":\"Start\",\"item\":\"https:\\\/\\\/iwell-guard.com\\\/sv\\\/?page_id=136483\"},{\"@type\":\"ListItem\",\"position\":2,\"name\":\"Mullu: Andernas heliga spondylusmussla\"}]},{\"@type\":\"WebSite\",\"@id\":\"https:\\\/\\\/iwell-guard.com\\\/sv\\\/#website\",\"url\":\"https:\\\/\\\/iwell-guard.com\\\/sv\\\/\",\"name\":\"iWell Guard\",\"description\":\"Schutz vor dunklen Einfl\u00fcssen\",\"publisher\":{\"@id\":\"https:\\\/\\\/iwell-guard.com\\\/sv\\\/#organization\"},\"potentialAction\":[{\"@type\":\"SearchAction\",\"target\":{\"@type\":\"EntryPoint\",\"urlTemplate\":\"https:\\\/\\\/iwell-guard.com\\\/sv\\\/?s={search_term_string}\"},\"query-input\":{\"@type\":\"PropertyValueSpecification\",\"valueRequired\":true,\"valueName\":\"search_term_string\"}}],\"inLanguage\":\"sv-SE\"},{\"@type\":\"Organization\",\"@id\":\"https:\\\/\\\/iwell-guard.com\\\/sv\\\/#organization\",\"name\":\"Ittermann electronic GmbH\",\"url\":\"https:\\\/\\\/iwell-guard.com\\\/sv\\\/\",\"logo\":{\"@type\":\"ImageObject\",\"inLanguage\":\"sv-SE\",\"@id\":\"https:\\\/\\\/iwell-guard.com\\\/sv\\\/#\\\/schema\\\/logo\\\/image\\\/\",\"url\":\"https:\\\/\\\/iwell-guard.com\\\/wp-content\\\/uploads\\\/2026\\\/05\\\/Ittermann-Logo-1182x237-1.png\",\"contentUrl\":\"https:\\\/\\\/iwell-guard.com\\\/wp-content\\\/uploads\\\/2026\\\/05\\\/Ittermann-Logo-1182x237-1.png\",\"width\":1182,\"height\":237,\"caption\":\"Ittermann electronic GmbH\"},\"image\":{\"@id\":\"https:\\\/\\\/iwell-guard.com\\\/sv\\\/#\\\/schema\\\/logo\\\/image\\\/\"},\"sameAs\":[\"https:\\\/\\\/pantip.com\\\/profile\\\/9367242\",\"https:\\\/\\\/micro.blog\\\/iwellguard\",\"https:\\\/\\\/www.diggerslist.com\\\/iwellguard\\\/about\",\"https:\\\/\\\/skitterphoto.com\\\/photographers\\\/2870314\\\/iwell-guard\",\"https:\\\/\\\/iwellguard.wordpress.com\\\/2026\\\/06\\\/06\\\/iwell-guard\\\/\",\"https:\\\/\\\/hub.docker.com\\\/u\\\/iwellguard\",\"https:\\\/\\\/www.pinterest.com\\\/iwellguard\\\/\",\"https:\\\/\\\/bit.ly\\\/m\\\/iwellguard\",\"https:\\\/\\\/entre-vos-mains.alsace.eu\\\/profiles\\\/iwellguard\\\/activity\",\"https:\\\/\\\/gravatar.com\\\/reallybeded8fd34\",\"https:\\\/\\\/naijamatta.com\\\/iwellguard\",\"https:\\\/\\\/www.goodreads.com\\\/iwellguard\",\"https:\\\/\\\/profile.hatena.ne.jp\\\/iwellguard\\\/\",\"https:\\\/\\\/experiment.com\\\/users\\\/iwellguard\",\"https:\\\/\\\/wakelet.com\\\/@iWellGuard82270\",\"https:\\\/\\\/www.chordie.com\\\/forum\\\/profile.php?id=2555664\",\"https:\\\/\\\/www.instapaper.com\\\/p\\\/17757966\",\"https:\\\/\\\/www.mapleprimes.com\\\/users\\\/iwellguard\",\"https:\\\/\\\/businesslistingplus.com\\\/profile\\\/iwell-guard\\\/\",\"https:\\\/\\\/telegra.ph\\\/iWell-Guard-06-06\",\"https:\\\/\\\/pbase.com\\\/iwellguard\\\/iwellguard\",\"https:\\\/\\\/b.hatena.ne.jp\\\/iwellguard\\\/20260607#bookmark-4788405196491818882\",\"https:\\\/\\\/fliphtml5.com\\\/home\\\/iwellguard\",\"https:\\\/\\\/anyflip.com\\\/homepage\\\/cmiwl#About\",\"https:\\\/\\\/transfur.com\\\/Users\\\/iwellguard\",\"http:\\\/\\\/delphi.larsbo.org\\\/user\\\/iwellguard\",\"https:\\\/\\\/jobs.lajobsportal.org\\\/profiles\\\/8380803-iwell-guard\",\"https:\\\/\\\/md.chaosdorf.de\\\/s\\\/jfbe5SBdJD\",\"https:\\\/\\\/www.lingvolive.com\\\/en-us\\\/profile\\\/9ecaeaca-ce11-4e51-9e71-01d55e2bff36\\\/translations\",\"https:\\\/\\\/www.fitday.com\\\/fitness\\\/forums\\\/members\\\/iwellguard.html\",\"https:\\\/\\\/www.mymeetbook.com\\\/iwellguard\",\"https:\\\/\\\/pxhere.com\\\/en\\\/photographer-me\\\/5040798\",\"https:\\\/\\\/disqus.com\\\/by\\\/iwellguard\\\/about\\\/\",\"https:\\\/\\\/pastelink.net\\\/hjwciqwq\",\"https:\\\/\\\/pubhtml5.com\\\/homepage\\\/scjhn\\\/\",\"https:\\\/\\\/www.bitchute.com\\\/channel\\\/2O2eOKzNqujT\",\"https:\\\/\\\/audiomack.com\\\/iwellguard\"]}]}<\/script>\n<!-- \/ Yoast SEO Premium plugin. -->","yoast_head_json":{"title":"Mullu: Andernas heliga spondylusmussla","description":"Mullu, Andernas heliga spondylusmussla: ursprung, religi\u00f6s betydelse och anv\u00e4ndning som skydds- och offermaterial, sakligt f\u00f6rklarat.","robots":{"index":"index","follow":"follow","max-snippet":"max-snippet:-1","max-image-preview":"max-image-preview:large","max-video-preview":"max-video-preview:-1"},"canonical":"https:\/\/iwell-guard.com\/sv\/mullu-andernas-heliga-spondylusmussla\/","og_locale":"sv_SE","og_type":"article","og_title":"Mullu: Andernas heliga spondylusmussla","og_description":"Mullu, Andernas heliga spondylusmussla: ursprung, religi\u00f6s betydelse och anv\u00e4ndning som skydds- och offermaterial, sakligt f\u00f6rklarat.","og_url":"https:\/\/iwell-guard.com\/sv\/mullu-andernas-heliga-spondylusmussla\/","og_site_name":"iWell Guard","article_modified_time":"2026-09-03T01:21:22+00:00","og_image":[{"width":1024,"height":1536,"url":"https:\/\/iwell-guard.com\/wp-content\/uploads\/2026\/05\/schutzsymbol_anden_mullu.webp","type":"image\/webp"}],"twitter_card":"summary_large_image","schema":{"@context":"https:\/\/schema.org","@graph":[{"@type":"WebPage","@id":"https:\/\/iwell-guard.com\/sv\/mullu-andernas-heliga-spondylusmussla\/","url":"https:\/\/iwell-guard.com\/sv\/mullu-andernas-heliga-spondylusmussla\/","name":"Mullu: Andernas heliga spondylusmussla","isPartOf":{"@id":"https:\/\/iwell-guard.com\/sv\/#website"},"primaryImageOfPage":{"@id":"https:\/\/iwell-guard.com\/sv\/mullu-andernas-heliga-spondylusmussla\/#primaryimage"},"image":{"@id":"https:\/\/iwell-guard.com\/sv\/mullu-andernas-heliga-spondylusmussla\/#primaryimage"},"thumbnailUrl":"https:\/\/iwell-guard.com\/wp-content\/uploads\/2026\/05\/schutzsymbol_anden_mullu.webp","datePublished":"2026-09-03T00:13:07+00:00","dateModified":"2026-09-03T01:21:22+00:00","description":"Mullu, Andernas heliga spondylusmussla: ursprung, religi\u00f6s betydelse och anv\u00e4ndning som skydds- och offermaterial, sakligt f\u00f6rklarat.","breadcrumb":{"@id":"https:\/\/iwell-guard.com\/sv\/mullu-andernas-heliga-spondylusmussla\/#breadcrumb"},"inLanguage":"sv-SE","potentialAction":[{"@type":"ReadAction","target":["https:\/\/iwell-guard.com\/sv\/mullu-andernas-heliga-spondylusmussla\/"]}]},{"@type":"ImageObject","inLanguage":"sv-SE","@id":"https:\/\/iwell-guard.com\/sv\/mullu-andernas-heliga-spondylusmussla\/#primaryimage","url":"https:\/\/iwell-guard.com\/wp-content\/uploads\/2026\/05\/schutzsymbol_anden_mullu.webp","contentUrl":"https:\/\/iwell-guard.com\/wp-content\/uploads\/2026\/05\/schutzsymbol_anden_mullu.webp","width":1024,"height":1536,"caption":"Skyddssymbol. Stilleben-illustration i museistil."},{"@type":"BreadcrumbList","@id":"https:\/\/iwell-guard.com\/sv\/mullu-andernas-heliga-spondylusmussla\/#breadcrumb","itemListElement":[{"@type":"ListItem","position":1,"name":"Start","item":"https:\/\/iwell-guard.com\/sv\/?page_id=136483"},{"@type":"ListItem","position":2,"name":"Mullu: Andernas heliga spondylusmussla"}]},{"@type":"WebSite","@id":"https:\/\/iwell-guard.com\/sv\/#website","url":"https:\/\/iwell-guard.com\/sv\/","name":"iWell Guard","description":"Schutz vor dunklen Einfl\u00fcssen","publisher":{"@id":"https:\/\/iwell-guard.com\/sv\/#organization"},"potentialAction":[{"@type":"SearchAction","target":{"@type":"EntryPoint","urlTemplate":"https:\/\/iwell-guard.com\/sv\/?s={search_term_string}"},"query-input":{"@type":"PropertyValueSpecification","valueRequired":true,"valueName":"search_term_string"}}],"inLanguage":"sv-SE"},{"@type":"Organization","@id":"https:\/\/iwell-guard.com\/sv\/#organization","name":"Ittermann electronic GmbH","url":"https:\/\/iwell-guard.com\/sv\/","logo":{"@type":"ImageObject","inLanguage":"sv-SE","@id":"https:\/\/iwell-guard.com\/sv\/#\/schema\/logo\/image\/","url":"https:\/\/iwell-guard.com\/wp-content\/uploads\/2026\/05\/Ittermann-Logo-1182x237-1.png","contentUrl":"https:\/\/iwell-guard.com\/wp-content\/uploads\/2026\/05\/Ittermann-Logo-1182x237-1.png","width":1182,"height":237,"caption":"Ittermann electronic GmbH"},"image":{"@id":"https:\/\/iwell-guard.com\/sv\/#\/schema\/logo\/image\/"},"sameAs":["https:\/\/pantip.com\/profile\/9367242","https:\/\/micro.blog\/iwellguard","https:\/\/www.diggerslist.com\/iwellguard\/about","https:\/\/skitterphoto.com\/photographers\/2870314\/iwell-guard","https:\/\/iwellguard.wordpress.com\/2026\/06\/06\/iwell-guard\/","https:\/\/hub.docker.com\/u\/iwellguard","https:\/\/www.pinterest.com\/iwellguard\/","https:\/\/bit.ly\/m\/iwellguard","https:\/\/entre-vos-mains.alsace.eu\/profiles\/iwellguard\/activity","https:\/\/gravatar.com\/reallybeded8fd34","https:\/\/naijamatta.com\/iwellguard","https:\/\/www.goodreads.com\/iwellguard","https:\/\/profile.hatena.ne.jp\/iwellguard\/","https:\/\/experiment.com\/users\/iwellguard","https:\/\/wakelet.com\/@iWellGuard82270","https:\/\/www.chordie.com\/forum\/profile.php?id=2555664","https:\/\/www.instapaper.com\/p\/17757966","https:\/\/www.mapleprimes.com\/users\/iwellguard","https:\/\/businesslistingplus.com\/profile\/iwell-guard\/","https:\/\/telegra.ph\/iWell-Guard-06-06","https:\/\/pbase.com\/iwellguard\/iwellguard","https:\/\/b.hatena.ne.jp\/iwellguard\/20260607#bookmark-4788405196491818882","https:\/\/fliphtml5.com\/home\/iwellguard","https:\/\/anyflip.com\/homepage\/cmiwl#About","https:\/\/transfur.com\/Users\/iwellguard","http:\/\/delphi.larsbo.org\/user\/iwellguard","https:\/\/jobs.lajobsportal.org\/profiles\/8380803-iwell-guard","https:\/\/md.chaosdorf.de\/s\/jfbe5SBdJD","https:\/\/www.lingvolive.com\/en-us\/profile\/9ecaeaca-ce11-4e51-9e71-01d55e2bff36\/translations","https:\/\/www.fitday.com\/fitness\/forums\/members\/iwellguard.html","https:\/\/www.mymeetbook.com\/iwellguard","https:\/\/pxhere.com\/en\/photographer-me\/5040798","https:\/\/disqus.com\/by\/iwellguard\/about\/","https:\/\/pastelink.net\/hjwciqwq","https:\/\/pubhtml5.com\/homepage\/scjhn\/","https:\/\/www.bitchute.com\/channel\/2O2eOKzNqujT","https:\/\/audiomack.com\/iwellguard"]}]}},"_links":{"self":[{"href":"https:\/\/iwell-guard.com\/sv\/wp-json\/wp\/v2\/pages\/137137","targetHints":{"allow":["GET"]}}],"collection":[{"href":"https:\/\/iwell-guard.com\/sv\/wp-json\/wp\/v2\/pages"}],"about":[{"href":"https:\/\/iwell-guard.com\/sv\/wp-json\/wp\/v2\/types\/page"}],"author":[{"embeddable":true,"href":"https:\/\/iwell-guard.com\/sv\/wp-json\/wp\/v2\/users\/3"}],"replies":[{"embeddable":true,"href":"https:\/\/iwell-guard.com\/sv\/wp-json\/wp\/v2\/comments?post=137137"}],"version-history":[{"count":0,"href":"https:\/\/iwell-guard.com\/sv\/wp-json\/wp\/v2\/pages\/137137\/revisions"}],"wp:featuredmedia":[{"embeddable":true,"href":"https:\/\/iwell-guard.com\/sv\/wp-json\/wp\/v2\/media\/3559"}],"wp:attachment":[{"href":"https:\/\/iwell-guard.com\/sv\/wp-json\/wp\/v2\/media?parent=137137"}],"wp:term":[{"taxonomy":"category","embeddable":true,"href":"https:\/\/iwell-guard.com\/sv\/wp-json\/wp\/v2\/categories?post=137137"}],"curies":[{"name":"wp","href":"https:\/\/api.w.org\/{rel}","templated":true}]}}