{"id":137123,"date":"2026-09-03T00:12:59","date_gmt":"2026-09-03T00:12:59","guid":{"rendered":"https:\/\/iwell-guard.com\/?page_id=137123"},"modified":"2026-09-03T01:20:59","modified_gmt":"2026-09-03T01:20:59","slug":"eleggua-skyddshuvudet-vid-husets-ingang","status":"publish","type":"page","link":"https:\/\/iwell-guard.com\/sv\/eleggua-skyddshuvudet-vid-husets-ingang\/","title":{"rendered":"Eleggua \u2013 skyddshuvudet vid husets ing\u00e5ng"},"content":{"rendered":"\t\t<div data-elementor-type=\"wp-page\" data-elementor-id=\"137123\" class=\"elementor elementor-137123 elementor-3712 elementor-bc-flex-widget\" data-elementor-post-type=\"page\">\n\t\t\t\t<div class=\"elementor-element elementor-element-iwgs-eleggua-hero e-flex e-con-boxed e-con e-parent\" data-id=\"iwgs-eleggua-hero\" data-element_type=\"container\" data-e-type=\"container\">\n\t\t\t\t\t<div class=\"e-con-inner\">\n\t\t<div class=\"elementor-element elementor-element-iwgs-eleggua-hl e-flex e-con-boxed e-con e-parent\" data-id=\"iwgs-eleggua-hl\" data-element_type=\"container\" data-e-type=\"container\">\n\t\t\t\t\t<div class=\"e-con-inner\">\n\t\t<div class=\"elementor-element elementor-element-iwgs-eleggua-hlbox e-con-full e-flex e-con e-parent\" data-id=\"iwgs-eleggua-hlbox\" data-element_type=\"container\" data-e-type=\"container\">\n\t\t\t\t<div class=\"elementor-element elementor-element-iwgs-eleggua-h1 elementor-widget elementor-widget-heading\" data-id=\"iwgs-eleggua-h1\" data-element_type=\"widget\" data-e-type=\"widget\" data-widget_type=\"heading.default\">\n\t\t\t\t\t<h1 class=\"elementor-heading-title elementor-size-default\">Eleggua \u2013 skyddshuvudet vid husets ing\u00e5ng inom Santeria<\/h1>\t\t\t\t<\/div>\n\t\t\t\t<div class=\"elementor-element elementor-element-iwgs-eleggua-lead elementor-widget elementor-widget-text-editor\" data-id=\"iwgs-eleggua-lead\" data-element_type=\"widget\" data-e-type=\"widget\" data-widget_type=\"text-editor.default\">\n\t\t\t\t\t\t\t\t\t<p>Eleggua \u00e4r en betydande gestalt inom Santeria, den kubanska religionen med v\u00e4stafrikanska r\u00f6tter. Vid husets ing\u00e5ng representeras han av ett litet huvud av cement med insatta kaurisn\u00e4ckor.<\/p>\n<p class=\"iwg-kwfix\">Eleggua st\u00e4lls upp som skyddshuvud vid husets ing\u00e5ng och vaktar tr\u00f6skeln.<\/p>\t\t\t\t\t\t\t\t<\/div>\n\t\t\t\t<\/div>\n\t\t\t\t<div class=\"elementor-element elementor-element-iwgs-eleggua-pills elementor-widget elementor-widget-html\" data-id=\"iwgs-eleggua-pills\" data-element_type=\"widget\" data-e-type=\"widget\" data-widget_type=\"html.default\">\n\t\t\t\t\t<div class=\"iwg-pill-row\"><span class=\"iwg-klasse-badge\" tabindex=\"0\" data-tooltip=\"Skyddssymbol, amulett eller apotropeiskt objekt.\">Skyddssymbol<\/span><a href=\"https:\/\/iwell-guard.com\/sv\/afrikansk-karibiska-vodou-santeria-candomble\/\" class=\"iwg-kultur-badge\" tabindex=\"0\" data-tooltip=\"Skyddstradition: Afrikansk-karibiska traditioner\">Afrikansk-karibiska traditioner<\/a><span class=\"iwg-tradition-badge\" tabindex=\"0\" data-tooltip=\"En figur som tillskrivs en skyddande verkan.\">Skyddsfigur<\/span><\/div>\t\t\t\t<\/div>\n\t\t\t\t\t<\/div>\n\t\t\t\t<\/div>\n\t\t<div class=\"elementor-element elementor-element-iwgs-eleggua-hr e-con-full e-flex e-con e-parent\" data-id=\"iwgs-eleggua-hr\" data-element_type=\"container\" data-e-type=\"container\">\n\t\t\t\t<div class=\"elementor-element elementor-element-iwgs-eleggua-himg iwg-hero-image elementor-widget elementor-widget-image\" data-id=\"iwgs-eleggua-himg\" data-element_type=\"widget\" data-e-type=\"widget\" data-widget_type=\"image.default\">\n\t\t\t\t\t\t\t\t\t\t\t\t\t\t\t<img fetchpriority=\"high\" decoding=\"async\" width=\"683\" height=\"1024\" src=\"https:\/\/iwell-guard.com\/wp-content\/uploads\/2026\/05\/schutzsymbol_afrika_eleggua-683x1024.webp\" class=\"attachment-large size-large wp-image-135785\" alt=\"Eleggua \u2013 skyddssymbol, musealt illustrerad\" srcset=\"https:\/\/iwell-guard.com\/wp-content\/uploads\/2026\/05\/schutzsymbol_afrika_eleggua-683x1024.webp 683w, https:\/\/iwell-guard.com\/wp-content\/uploads\/2026\/05\/schutzsymbol_afrika_eleggua-200x300.webp 200w, https:\/\/iwell-guard.com\/wp-content\/uploads\/2026\/05\/schutzsymbol_afrika_eleggua-768x1152.webp 768w, https:\/\/iwell-guard.com\/wp-content\/uploads\/2026\/05\/schutzsymbol_afrika_eleggua.webp 1024w\" sizes=\"(max-width: 683px) 100vw, 683px\" \/>\t\t\t\t\t\t\t\t\t\t\t\t\t\t\t<\/div>\n\t\t\t\t<\/div>\n\t\t\t\t\t<\/div>\n\t\t\t\t<\/div>\n\t\t<div class=\"elementor-element elementor-element-iwgs-eleggua-s0 e-flex e-con-boxed e-con e-parent\" data-id=\"iwgs-eleggua-s0\" data-element_type=\"container\" data-e-type=\"container\">\n\t\t\t\t\t<div class=\"e-con-inner\">\n\t\t\t\t<div class=\"elementor-element elementor-element-iwgs-eleggua-s0h elementor-widget elementor-widget-heading\" data-id=\"iwgs-eleggua-s0h\" data-element_type=\"widget\" data-e-type=\"widget\" data-widget_type=\"heading.default\">\n\t\t\t\t\t<h2 class=\"elementor-heading-title elementor-size-default\">Inordning<\/h2>\t\t\t\t<\/div>\n\t\t<div class=\"elementor-element elementor-element-iwgs-eleggua-s0box e-con-full e-flex e-con e-parent\" data-id=\"iwgs-eleggua-s0box\" data-element_type=\"container\" data-e-type=\"container\">\n\t\t\t\t<div class=\"elementor-element elementor-element-iwgs-eleggua-s0t elementor-widget elementor-widget-text-editor\" data-id=\"iwgs-eleggua-s0t\" data-element_type=\"widget\" data-e-type=\"widget\" data-widget_type=\"text-editor.default\">\n\t\t\t\t\t\t\t\t\t<p>Eleggua \u00e4r en betydande gestalt inom Santeria. Santeria \u00e4r en religion som utvecklats p\u00e5 Kuba ur v\u00e4stafrikanska r\u00f6tter och h\u00f6r till de <a href=\"https:\/\/iwell-guard.com\/sv\/afrikansk-karibiska-vodou-santeria-candomble\/\">afrikansk-karibiska traditionerna<\/a>.<\/p><p>Eleggua h\u00f6r till orishorna, de v\u00f6rdade gestalterna inom Santeria. Han \u00e4r gestalten av v\u00e4garna, d\u00f6rrarna och tr\u00f6sklarna, v\u00e4ktaren av \u00f6verg\u00e5ngarna.<\/p><p>Vid husets ing\u00e5ng representeras Eleggua av ett litet f\u00f6rem\u00e5l. Detta best\u00e5r oftast av ett huvud av cement, i vilket kaurisn\u00e4ckor \u00e4r insatta som bildar \u00f6gon och mun.<\/p><p>Detta Eleggua-huvud st\u00e4lls upp vid husets ing\u00e5ng eller h\u00e5lls i dess n\u00e4rhet. D\u00e4rifr\u00e5n vaktar Eleggua tr\u00f6skeln och skyddar huset mot olycka.<\/p><p>Inom <span class=\"iwg-fachbegriff\" data-tooltip=\"Vetenskapen som utforskar religioner j\u00e4mf\u00f6rande och utan trosbundenhet.\" tabindex=\"0\">religionsvetenskapen<\/span> \u00e4r Eleggua-huvudet ett gott exempel p\u00e5 en skyddsfigur som vaktar en plats. Den \u00e4r bunden till tr\u00f6skeln och vaktar \u00f6verg\u00e5ngen ut\u00e5t och in\u00e5t.<\/p><p>Denna sida behandlar Eleggua ur skyddets perspektiv. Den beskriver gestalten Eleggua, hans plats inom Santeria och Eleggua-huvudet vid husets ing\u00e5ng.<\/p>\t\t\t\t\t\t\t\t<\/div>\n\t\t\t\t<\/div>\n\t\t\t\t\t<\/div>\n\t\t\t\t<\/div>\n\t\t<div class=\"elementor-element elementor-element-iwgs-eleggua-s1 e-flex e-con-boxed e-con e-parent\" data-id=\"iwgs-eleggua-s1\" data-element_type=\"container\" data-e-type=\"container\">\n\t\t\t\t\t<div class=\"e-con-inner\">\n\t\t\t\t<div class=\"elementor-element elementor-element-iwgs-eleggua-s1h elementor-widget elementor-widget-heading\" data-id=\"iwgs-eleggua-s1h\" data-element_type=\"widget\" data-e-type=\"widget\" data-widget_type=\"heading.default\">\n\t\t\t\t\t<h2 class=\"elementor-heading-title elementor-size-default\">Santeria och dess historia<\/h2>\t\t\t\t<\/div>\n\t\t<div class=\"elementor-element elementor-element-iwgs-eleggua-s1box e-con-full e-flex e-con e-parent\" data-id=\"iwgs-eleggua-s1box\" data-element_type=\"container\" data-e-type=\"container\">\n\t\t\t\t<div class=\"elementor-element elementor-element-iwgs-eleggua-s1t elementor-widget elementor-widget-text-editor\" data-id=\"iwgs-eleggua-s1t\" data-element_type=\"widget\" data-e-type=\"widget\" data-widget_type=\"text-editor.default\">\n\t\t\t\t\t\t\t\t\t<p>Santeria \u00e4r en religion som formats p\u00e5 Kuba. Dess r\u00f6tter finns hos yoruba, ett folk i dagens Nigeria och i angr\u00e4nsande delar av V\u00e4stafrika.<\/p><p>Under den transatlantiska slavhandeln f\u00f6rdes talrika yoruba bort till Kuba. Med dem reste deras religion med dess orishor och f\u00f6rest\u00e4llningar.<\/p><p>P\u00e5 Kuba m\u00f6tte yoruba den katolicism som den spanska kolonialmakten f\u00f6rde med sig. Under trycket av omst\u00e4ndigheterna f\u00f6renades de b\u00e5da traditionerna p\u00e5 flera s\u00e4tt.<\/p><p>S\u00e5 kom orishorna delvis att f\u00f6rknippas med katolska helgon. Denna koppling gjorde det m\u00f6jligt att forts\u00e4tta den \u00f6verlevda v\u00f6rdnaden under sken av katolsk <span class=\"iwg-fachbegriff\" data-tooltip=\"Den levda religi\u00f6sa h\u00e5llningen och praktiken hos en m\u00e4nniska.\" tabindex=\"0\">fromhet<\/span>.<\/p><p>Namnet Santeria syftar just p\u00e5 denna koppling. En mer adekvat beteckning, som f\u00f6redras av m\u00e5nga anh\u00e4ngare, \u00e4r Regla de Ocha eller orishornas religion.<\/p><p>Santeria \u00e4r d\u00e4rmed en religion av blandat ursprung. Den bevarar yorubas v\u00e4stafrikanska arv och f\u00f6renar det med influenser som den tagit upp p\u00e5 Kuba.<\/p>\t\t\t\t\t\t\t\t<\/div>\n\t\t\t\t<\/div>\n\t\t\t\t\t<\/div>\n\t\t\t\t<\/div>\n\t\t<div class=\"elementor-element elementor-element-iwgs-eleggua-s2 e-flex e-con-boxed e-con e-parent\" data-id=\"iwgs-eleggua-s2\" data-element_type=\"container\" data-e-type=\"container\">\n\t\t\t\t\t<div class=\"e-con-inner\">\n\t\t\t\t<div class=\"elementor-element elementor-element-iwgs-eleggua-s2h elementor-widget elementor-widget-heading\" data-id=\"iwgs-eleggua-s2h\" data-element_type=\"widget\" data-e-type=\"widget\" data-widget_type=\"heading.default\">\n\t\t\t\t\t<h2 class=\"elementor-heading-title elementor-size-default\">Eleggua, orishan f\u00f6r v\u00e4garna<\/h2>\t\t\t\t<\/div>\n\t\t<div class=\"elementor-element elementor-element-iwgs-eleggua-s2box e-con-full e-flex e-con e-parent\" data-id=\"iwgs-eleggua-s2box\" data-element_type=\"container\" data-e-type=\"container\">\n\t\t\t\t<div class=\"elementor-element elementor-element-iwgs-eleggua-s2t elementor-widget elementor-widget-text-editor\" data-id=\"iwgs-eleggua-s2t\" data-element_type=\"widget\" data-e-type=\"widget\" data-widget_type=\"text-editor.default\">\n\t\t\t\t\t\t\t\t\t<p>Eleggua \u00e4r en av de viktigaste orishorna inom Santeria. Han \u00e4r gestalten av v\u00e4garna, d\u00f6rrarna, tr\u00f6sklarna och korsv\u00e4garna.<\/p><p>Som v\u00e4ktare av \u00f6verg\u00e5ngarna har Eleggua en nyckelst\u00e4llning. Han \u00f6ppnar och st\u00e4nger v\u00e4garna. Utan honom kan enligt Santerias f\u00f6rest\u00e4llningsv\u00e4rld ingenting lyckas.<\/p><p>Av denna anledning \u00e5kallas Eleggua f\u00f6rst vid m\u00e5nga tillf\u00e4llen. Han \u00e4r den gestalt som varje handling inleds med, eftersom han m\u00e5ste \u00f6ppna v\u00e4gen f\u00f6r det \u00f6nskade.<\/p><p>Eleggua har en m\u00e5ngbottnad karakt\u00e4r. Han betraktas som v\u00e4ktare och hj\u00e4lpare, men samtidigt som ober\u00e4knelig och road av sk\u00e4mt. Denna komplexitet h\u00f6r till hans v\u00e4sen.<\/p><p>Eleggua f\u00f6rknippas ofta med f\u00e4rgerna r\u00f6tt och svart. Dessa f\u00e4rger \u00e5terfinns p\u00e5 hans f\u00f6rem\u00e5l och p\u00e5 det som \u00e4r <span class=\"iwg-fachbegriff\" data-tooltip=\"\u00d6verl\u00e4mnat till det heliga genom en religi\u00f6s handling och d\u00e4rmed lyft ur det vardagliga.\" tabindex=\"0\">invigt<\/span> \u00e5t honom.<\/p><p>Som tr\u00f6sklarnas orisha \u00e4r Eleggua av naturen f\u00f6rbunden med husets ing\u00e5ng. Ing\u00e5ngen \u00e4r husets tr\u00f6skel, och att vakta den \u00e4r Elegguas egen uppgift.<\/p>\t\t\t\t\t\t\t\t<\/div>\n\t\t\t\t<\/div>\n\t\t\t\t\t<\/div>\n\t\t\t\t<\/div>\n\t\t<div class=\"elementor-element elementor-element-iwgs-eleggua-s3 e-flex e-con-boxed e-con e-parent\" data-id=\"iwgs-eleggua-s3\" data-element_type=\"container\" data-e-type=\"container\">\n\t\t\t\t\t<div class=\"e-con-inner\">\n\t\t\t\t<div class=\"elementor-element elementor-element-iwgs-eleggua-s3h elementor-widget elementor-widget-heading\" data-id=\"iwgs-eleggua-s3h\" data-element_type=\"widget\" data-e-type=\"widget\" data-widget_type=\"heading.default\">\n\t\t\t\t\t<h2 class=\"elementor-heading-title elementor-size-default\">Huvudet av cement och kaurisn\u00e4ckor<\/h2>\t\t\t\t<\/div>\n\t\t<div class=\"elementor-element elementor-element-iwgs-eleggua-s3box e-con-full e-flex e-con e-parent\" data-id=\"iwgs-eleggua-s3box\" data-element_type=\"container\" data-e-type=\"container\">\n\t\t\t\t<div class=\"elementor-element elementor-element-iwgs-eleggua-s3t elementor-widget elementor-widget-text-editor\" data-id=\"iwgs-eleggua-s3t\" data-element_type=\"widget\" data-e-type=\"widget\" data-widget_type=\"text-editor.default\">\n\t\t\t\t\t\t\t\t\t<p>Vid husets ing\u00e5ng representeras Eleggua av ett litet f\u00f6rem\u00e5l. Detta har oftast formen av ett huvud och \u00e4r gjort av cement.<\/p><p>Cementen formas till en rundad form som antyder ett huvud. I denna form s\u00e4tts kaurisn\u00e4ckor in som bildar \u00f6gon, mun och ibland ytterligare drag.<\/p><p>Kaurisn\u00e4ckan har en s\u00e4rskild betydelse inom de afrikansk-karibiska religionerna. Den tj\u00e4nade i V\u00e4stafrika som betalningsmedel och anv\u00e4nds inom Santeria f\u00f6r heliga f\u00f6rem\u00e5l.<\/p><p>I Eleggua-huvudet bildar kaurisn\u00e4ckorna ansiktet. De ger huvudet dess drag och dess blick. Av den enkla cementen blir det p\u00e5 s\u00e5 s\u00e4tt en figur med ett ansikte.<\/p><p>I huvudets inre placeras vid tillverkningen utvalda best\u00e5ndsdelar. F\u00f6rst genom dessa best\u00e5ndsdelar blir huvudet till det som det anses vara: en representation av Eleggua.<\/p><p>Eleggua-huvudet \u00e4r d\u00e4rmed en f\u00f6rening av bild och beh\u00e5llare. Cementformen med kaurisn\u00e4ckorna ger det synliga ansiktet, de inneslutna best\u00e5ndsdelarna ger den dolda k\u00e4rnan.<\/p>\t\t\t\t\t\t\t\t<\/div>\n\t\t\t\t<\/div>\n\t\t\t\t\t<\/div>\n\t\t\t\t<\/div>\n\t\t<div class=\"elementor-element elementor-element-iwgs-eleggua-s4 e-flex e-con-boxed e-con e-parent\" data-id=\"iwgs-eleggua-s4\" data-element_type=\"container\" data-e-type=\"container\">\n\t\t\t\t\t<div class=\"e-con-inner\">\n\t\t\t\t<div class=\"elementor-element elementor-element-iwgs-eleggua-s4h elementor-widget elementor-widget-heading\" data-id=\"iwgs-eleggua-s4h\" data-element_type=\"widget\" data-e-type=\"widget\" data-widget_type=\"heading.default\">\n\t\t\t\t\t<h2 class=\"elementor-heading-title elementor-size-default\">Eleggua vid husets ing\u00e5ng<\/h2>\t\t\t\t<\/div>\n\t\t<div class=\"elementor-element elementor-element-iwgs-eleggua-s4box e-con-full e-flex e-con e-parent\" data-id=\"iwgs-eleggua-s4box\" data-element_type=\"container\" data-e-type=\"container\">\n\t\t\t\t<div class=\"elementor-element elementor-element-iwgs-eleggua-s4t elementor-widget elementor-widget-text-editor\" data-id=\"iwgs-eleggua-s4t\" data-element_type=\"widget\" data-e-type=\"widget\" data-widget_type=\"text-editor.default\">\n\t\t\t\t\t\t\t\t\t<p>Eleggua-huvudet har sin plats vid husets ing\u00e5ng. D\u00e4r vaktar det husets tr\u00f6skel och bevakar \u00f6verg\u00e5ngen mellan utanf\u00f6r och innanf\u00f6r.<\/p><p>Huvudet placeras eller h\u00e5lls n\u00e4ra d\u00f6rren. Fr\u00e5n denna plats riktas dess uppm\u00e4rksamhet mot allt som passerar in eller ut ur huset.<\/p><p>Elegguas uppgift vid ing\u00e5ngen \u00e4r skydd. Han ska avv\u00e4rja olycka fr\u00e5n tr\u00f6skeln och f\u00f6rhindra att skadliga inflytanden n\u00e5r in i huset.<\/p><p>Eleggua-huvudet l\u00e4mnas inte \u00e5t sig sj\u00e4lvt. Det tas hand om och f\u00f6rses med g\u00e5vor. Denna omv\u00e5rdnad h\u00f6r till relationen mellan hush\u00e5llet och orishan.<\/p><p>Elegguas f\u00f6rbindelse med husets ing\u00e5ng f\u00f6ljer av hans v\u00e4sen. Som orisha f\u00f6r tr\u00f6sklar och \u00f6verg\u00e5ngar \u00e4r ing\u00e5ngen den plats som naturligt tillh\u00f6r honom.<\/p><p>Eleggua-huvudet vid ing\u00e5ngen h\u00f6r d\u00e4rmed till de skyddsfigurer som vaktar en plats. Liksom andra d\u00f6rrv\u00e4ktare \u00e4r han bunden till tr\u00f6skeln och bevakar d\u00e4rifr\u00e5n det skyddade omr\u00e5det.<\/p>\t\t\t\t\t\t\t\t<\/div>\n\t\t\t\t<\/div>\n\t\t\t\t\t<\/div>\n\t\t\t\t<\/div>\n\t\t<div class=\"elementor-element elementor-element-iwgs-eleggua-s5 e-flex e-con-boxed e-con e-parent\" data-id=\"iwgs-eleggua-s5\" data-element_type=\"container\" data-e-type=\"container\">\n\t\t\t\t\t<div class=\"e-con-inner\">\n\t\t\t\t<div class=\"elementor-element elementor-element-iwgs-eleggua-s5h elementor-widget elementor-widget-heading\" data-id=\"iwgs-eleggua-s5h\" data-element_type=\"widget\" data-e-type=\"widget\" data-widget_type=\"heading.default\">\n\t\t\t\t\t<h2 class=\"elementor-heading-title elementor-size-default\">Eleggua och tr\u00f6sklarnas v\u00e4ktare<\/h2>\t\t\t\t<\/div>\n\t\t<div class=\"elementor-element elementor-element-iwgs-eleggua-s5box e-con-full e-flex e-con e-parent\" data-id=\"iwgs-eleggua-s5box\" data-element_type=\"container\" data-e-type=\"container\">\n\t\t\t\t<div class=\"elementor-element elementor-element-iwgs-eleggua-s5t elementor-widget elementor-widget-text-editor\" data-id=\"iwgs-eleggua-s5t\" data-element_type=\"widget\" data-e-type=\"widget\" data-widget_type=\"text-editor.default\">\n\t\t\t\t\t\t\t\t\t<p>Eleggua vid husets ing\u00e5ng kan betraktas i det st\u00f6rre sammanhanget av tr\u00f6sklarnas v\u00e4ktare. Tanken att skydda d\u00f6rren och tr\u00f6skeln \u00e4r utbredd.<\/p><p>Ett hus tr\u00f6skel betraktas i m\u00e5nga kulturer som en utsatt plats. Den \u00e4r gr\u00e4nsen mellan det skyddade inre och den oskyddade ytterv\u00e4rlden.<\/p><p>Av denna anledning k\u00e4nner m\u00e5nga traditioner till skyddstecken och skyddsfigurer som placeras vid d\u00f6rren. De ska bevaka tr\u00f6skeln och hindra olycka fr\u00e5n att komma in.<\/p><p>I den judiska traditionen vaktar mezuzan d\u00f6rrposten. I andra kulturer finns d\u00f6rrv\u00e4ktare, skyddsbilder eller skyddstecken vid ing\u00e5ngen. Eleggua-huvudet h\u00f6r till denna rad.<\/p><p>Eleggua skiljer sig fr\u00e5n m\u00e5nga av dessa tecken genom att han \u00e4r en v\u00f6rdad orisha. Han \u00e4r inte bara ett tecken utan f\u00f6rkroppsligandet av en gestalt, med vilken en relation uppr\u00e4tth\u00e5lls.<\/p><p>Eleggua \u00e4r d\u00e4rmed tr\u00f6skelv\u00e4ktarens uttryck inom santeria. Han f\u00f6renar den utbredda tanken om d\u00f6rrens skydd med v\u00f6rdnaden f\u00f6r en best\u00e4md orisha, till vilken tr\u00f6sklarna naturligt tillh\u00f6r.<\/p>\t\t\t\t\t\t\t\t<\/div>\n\t\t\t\t<\/div>\n\t\t\t\t\t<\/div>\n\t\t\t\t<\/div>\n\t\t<div class=\"elementor-element elementor-element-iwgs-eleggua-s6 e-flex e-con-boxed e-con e-parent\" data-id=\"iwgs-eleggua-s6\" data-element_type=\"container\" data-e-type=\"container\">\n\t\t\t\t\t<div class=\"e-con-inner\">\n\t\t\t\t<div class=\"elementor-element elementor-element-iwgs-eleggua-s6h elementor-widget elementor-widget-heading\" data-id=\"iwgs-eleggua-s6h\" data-element_type=\"widget\" data-e-type=\"widget\" data-widget_type=\"heading.default\">\n\t\t\t\t\t<h2 class=\"elementor-heading-title elementor-size-default\">Eleggua och yorubar\u00f6tterna<\/h2>\t\t\t\t<\/div>\n\t\t<div class=\"elementor-element elementor-element-iwgs-eleggua-s6box e-con-full e-flex e-con e-parent\" data-id=\"iwgs-eleggua-s6box\" data-element_type=\"container\" data-e-type=\"container\">\n\t\t\t\t<div class=\"elementor-element elementor-element-iwgs-eleggua-s6t elementor-widget elementor-widget-text-editor\" data-id=\"iwgs-eleggua-s6t\" data-element_type=\"widget\" data-e-type=\"widget\" data-widget_type=\"text-editor.default\">\n\t\t\t\t\t\t\t\t\t<p>Eleggua har sina r\u00f6tter i yorubareligionen. D\u00e4r motsvaras han av en gestalt som likas\u00e5 vaktar v\u00e4garna, d\u00f6rrarna och korsningarna.<\/p><p>Inom yorubareligionen \u00e4r denna gestalt tr\u00f6sklarnas v\u00e4ktare och den oumb\u00e4rliga f\u00f6rmedlaren. \u00c4ven d\u00e4r \u00e5kallas han f\u00f6rst vid m\u00e5nga tillf\u00e4llen.<\/p><p>Med bortf\u00f6randet av yorubafolk till Kuba reste denna f\u00f6rest\u00e4llning \u00f6ver Atlanten. P\u00e5 Kuba blev den till gestalten Eleggua, inlemmad i den nya religionen santeria.<\/p><p>Besl\u00e4ktade gestalter finns i fler afrikansk-karibiska religioner. \u00c4ven inom vodou och i andra traditioner finns v\u00e4ktare av v\u00e4gar och tr\u00f6sklar med liknande uppgifter.<\/p><p>Detta sl\u00e4ktskap visar att Eleggua inte \u00e4r ett isolerat fall. Han h\u00f6r till en grupp tr\u00f6skelv\u00e4ktare som f\u00f6r vidare det gemensamma v\u00e4stafrikanska arvet i olika religioner.<\/p><p>Eleggua \u00e4r d\u00e4rmed ett vittnesb\u00f6rd om kulturell uth\u00e5llighet. I honom har en yorubagestalt levt vidare \u00f6ver Atlanten och funnit en ny, egen form inom santeria.<\/p>\t\t\t\t\t\t\t\t<\/div>\n\t\t\t\t<\/div>\n\t\t\t\t\t<\/div>\n\t\t\t\t<\/div>\n\t\t<div class=\"elementor-element elementor-element-iwgs-eleggua-s7 e-flex e-con-boxed e-con e-parent\" data-id=\"iwgs-eleggua-s7\" data-element_type=\"container\" data-e-type=\"container\">\n\t\t\t\t\t<div class=\"e-con-inner\">\n\t\t\t\t<div class=\"elementor-element elementor-element-iwgs-eleggua-s7h elementor-widget elementor-widget-heading\" data-id=\"iwgs-eleggua-s7h\" data-element_type=\"widget\" data-e-type=\"widget\" data-widget_type=\"heading.default\">\n\t\t\t\t\t<h2 class=\"elementor-heading-title elementor-size-default\">F\u00f6rkroppsligande i st\u00e4llet f\u00f6r avbildning<\/h2>\t\t\t\t<\/div>\n\t\t<div class=\"elementor-element elementor-element-iwgs-eleggua-s7box e-con-full e-flex e-con e-parent\" data-id=\"iwgs-eleggua-s7box\" data-element_type=\"container\" data-e-type=\"container\">\n\t\t\t\t<div class=\"elementor-element elementor-element-iwgs-eleggua-s7t elementor-widget elementor-widget-text-editor\" data-id=\"iwgs-eleggua-s7t\" data-element_type=\"widget\" data-e-type=\"widget\" data-widget_type=\"text-editor.default\">\n\t\t\t\t\t\t\t\t\t<p>Eleggua-huvudet f\u00f6ljer en egen f\u00f6rst\u00e5else. Det \u00e4r inte bara en avbildning av Eleggua utan g\u00e4ller som hans f\u00f6rkroppsligande.<\/p><p>Skillnaden \u00e4r betydelsefull. En avbildning framst\u00e4ller bara en gestalt. Ett f\u00f6rkroppsligande d\u00e4remot g\u00f6r gestalten n\u00e4rvarande p\u00e5 platsen, s\u00e5 att en relation till den blir m\u00f6jlig.<\/p><p>I Eleggua-huvudet blir Eleggua n\u00e4rvarande. Huvudet \u00e4r den plats d\u00e4r relationen mellan hush\u00e5llet och orishan uppr\u00e4tth\u00e5lls.<\/p><p>Denna n\u00e4rvaro skapas genom tillverkningen. De inlagda best\u00e5ndsdelarna, kaurisn\u00e4ckorna och de \u00e5tf\u00f6ljande handlingarna g\u00f6r cementformen till Elegguas f\u00f6rkroppsligande.<\/p><p>Ur denna f\u00f6rst\u00e5else f\u00f6ljer ocks\u00e5 omv\u00e5rdnaden av huvudet. Eftersom Eleggua \u00e4r n\u00e4rvarande i det behandlas huvudet inte som ett vanligt f\u00f6rem\u00e5l utan bem\u00f6ts med omtanke.<\/p><p>Eleggua-huvudet visar d\u00e4rmed en f\u00f6rst\u00e5else som \u00e4r utbredd inom de afrikansk-karibiska religionerna. Ett f\u00f6rem\u00e5l \u00e4r inte bara en bild utan en plats f\u00f6r en v\u00f6rdad gestalts n\u00e4rvaro.<\/p>\t\t\t\t\t\t\t\t<\/div>\n\t\t\t\t<\/div>\n\t\t\t\t\t<\/div>\n\t\t\t\t<\/div>\n\t\t<div class=\"elementor-element elementor-element-iwgs-eleggua-s8 e-flex e-con-boxed e-con e-parent\" data-id=\"iwgs-eleggua-s8\" data-element_type=\"container\" data-e-type=\"container\">\n\t\t\t\t\t<div class=\"e-con-inner\">\n\t\t\t\t<div class=\"elementor-element elementor-element-iwgs-eleggua-s8h elementor-widget elementor-widget-heading\" data-id=\"iwgs-eleggua-s8h\" data-element_type=\"widget\" data-e-type=\"widget\" data-widget_type=\"heading.default\">\n\t\t\t\t\t<h2 class=\"elementor-heading-title elementor-size-default\">Aktuell mottagning<\/h2>\t\t\t\t<\/div>\n\t\t<div class=\"elementor-element elementor-element-iwgs-eleggua-s8box e-con-full e-flex e-con e-parent\" data-id=\"iwgs-eleggua-s8box\" data-element_type=\"container\" data-e-type=\"container\">\n\t\t\t\t<div class=\"elementor-element elementor-element-iwgs-eleggua-s8t elementor-widget elementor-widget-text-editor\" data-id=\"iwgs-eleggua-s8t\" data-element_type=\"widget\" data-e-type=\"widget\" data-widget_type=\"text-editor.default\">\n\t\t\t\t\t\t\t\t\t<p>Santeria \u00e4r i dag en levande religion. Den praktiseras av m\u00e5nga m\u00e4nniskor p\u00e5 Kuba, i USA och i andra l\u00e4nder.<\/p><p>Eleggua h\u00f6r till de orishor som spelar en viktig roll inom dagens santeria. Eleggua-huvudet vid husets ing\u00e5ng \u00e4r vanligt f\u00f6rekommande i anh\u00e4ngarnas hush\u00e5ll.<\/p><p>I det allm\u00e4nna medvetandet framst\u00e4lls santeria, ofta under namnet voodoo, ofta som ett skr\u00e4ck\u00e4mne. Denna framst\u00e4llning g\u00f6r inte religionen r\u00e4ttvisa.<\/p><p>En saklig betraktelse erk\u00e4nner santeria f\u00f6r vad den \u00e4r, en framvuxen religion med v\u00e4stafrikanska r\u00f6tter, med en egen ordning och med v\u00f6rdade gestalter.<\/p><p>Inom denna religion \u00e4r Eleggua tr\u00f6sklarnas v\u00e4ktare. Eleggua-huvudet vid husets ing\u00e5ng \u00e4r den synliga formen i vilken detta skydd \u00e4r n\u00e4rvarande i vardagen.<\/p><p>Eleggua-huvudet f\u00f6rblir d\u00e4rmed ett gripande exempel p\u00e5 en skyddsfigur vid husets ing\u00e5ng. I det f\u00f6renas yorubaarvet, santerians historia och tanken att husets tr\u00f6skel beh\u00f6ver en v\u00e4ktare.<\/p>\t\t\t\t\t\t\t\t<\/div>\n\t\t\t\t<\/div>\n\t\t\t\t\t<\/div>\n\t\t\t\t<\/div>\n\t\t<div class=\"elementor-element elementor-element-iwgs-eleggua-lit e-flex e-con-boxed e-con e-parent\" data-id=\"iwgs-eleggua-lit\" data-element_type=\"container\" data-e-type=\"container\">\n\t\t\t\t\t<div class=\"e-con-inner\">\n\t\t\t\t<div class=\"elementor-element elementor-element-iwgs-eleggua-lith elementor-widget elementor-widget-heading\" data-id=\"iwgs-eleggua-lith\" data-element_type=\"widget\" data-e-type=\"widget\" data-widget_type=\"heading.default\">\n\t\t\t\t\t<h2 class=\"elementor-heading-title elementor-size-default\">Litteratur (urval)<\/h2>\t\t\t\t<\/div>\n\t\t<div class=\"elementor-element elementor-element-iwgs-eleggua-litbox e-con-full e-flex e-con e-parent\" data-id=\"iwgs-eleggua-litbox\" data-element_type=\"container\" data-e-type=\"container\">\n\t\t\t\t<div class=\"elementor-element elementor-element-iwgs-eleggua-litt elementor-widget elementor-widget-html\" data-id=\"iwgs-eleggua-litt\" data-element_type=\"widget\" data-e-type=\"widget\" data-widget_type=\"html.default\">\n\t\t\t\t\t<footer data-nosnippet=\"true\"><ul><li>George Brandon: <em>Santeria from Africa to the New World<\/em> (1993)<\/li><li>Joseph M. Murphy: <em>Santeria. African Spirits in America<\/em> (1988)<\/li><li>Miguel Barnet: <em>Afro-Cuban Religions<\/em> (2001)<\/li><li>David H. Brown: <em>Santeria Enthroned. Art, Ritual, and Innovation in an Afro-Cuban Religion<\/em> (2003)<\/li><li>Robert Farris Thompson: <em>Flash of the Spirit. African and Afro-American Art and Philosophy<\/em> (1983)<\/li><\/ul><\/footer>\t\t\t\t<\/div>\n\t\t\t\t<\/div>\n\t\t\t\t\t<\/div>\n\t\t\t\t<\/div>\n\t\t<div class=\"elementor-element elementor-element-iwgs-eleggua-kwd e-flex e-con-boxed e-con e-parent\" data-id=\"iwgs-eleggua-kwd\" data-element_type=\"container\" data-e-type=\"container\">\n\t\t\t\t\t<div class=\"e-con-inner\">\n\t\t\t\t<div class=\"elementor-element elementor-element-iwgs-eleggua-kwdt elementor-widget elementor-widget-text-editor\" data-id=\"iwgs-eleggua-kwdt\" data-element_type=\"widget\" data-e-type=\"widget\" data-widget_type=\"text-editor.default\">\n\t\t\t\t\t\t\t\t\t<p><em>Relaterade nyckelbegrepp: Eleggua santeria orisha husing\u00e5ng tr\u00f6skelv\u00e4ktare kaurisn\u00e4ckor yoruba Kuba.<\/em><\/p>\t\t\t\t\t\t\t\t<\/div>\n\t\t\t\t\t<\/div>\n\t\t\t\t<\/div>\n\t\t<div class=\"elementor-element elementor-element-iwgs-eleggua-cc e-flex e-con-boxed e-con e-parent\" data-id=\"iwgs-eleggua-cc\" data-element_type=\"container\" data-e-type=\"container\" id=\"iwg-cc-eleggua\">\n\t\t\t\t\t<div class=\"e-con-inner\">\n\t\t<div class=\"elementor-element elementor-element-iwgs-eleggua-ccinner e-flex e-con-boxed e-con e-parent\" data-id=\"iwgs-eleggua-ccinner\" data-element_type=\"container\" data-e-type=\"container\" data-settings=\"{&quot;background_background&quot;:&quot;classic&quot;}\">\n\t\t\t\t\t<div class=\"e-con-inner\">\n\t\t\t\t<div class=\"elementor-element elementor-element-iwgs-eleggua-cch elementor-widget elementor-widget-heading\" data-id=\"iwgs-eleggua-cch\" data-element_type=\"widget\" data-e-type=\"widget\" data-widget_type=\"heading.default\">\n\t\t\t\t\t<h2 class=\"elementor-heading-title elementor-size-default\">iWell Guard och skyddstraditioner<\/h2>\t\t\t\t<\/div>\n\t\t\t\t<div class=\"elementor-element elementor-element-iwgs-eleggua-cct elementor-widget elementor-widget-text-editor\" data-id=\"iwgs-eleggua-cct\" data-element_type=\"widget\" data-e-type=\"widget\" data-widget_type=\"text-editor.default\">\n\t\t\t\t\t\t\t\t\t<p>iWell Guard st\u00e5r i den kulturhistoriska linjen av b\u00e4rbara skyddsobjekt, till vilken \u00e4ven Eleggua-huvudet h\u00f6r. En modern f\u00f6ljeslagare f\u00f6r m\u00e4nniskor som lever med skyddssymboler: tillverkad i Tyskland, 41 skikt av \u00e4kta guld, platina och silver, med 30 dagars returr\u00e4tt.<\/p>\t\t\t\t\t\t\t\t<\/div>\n\t\t\t\t<div class=\"elementor-element elementor-element-iwgs-eleggua-ccb iwg-cc-button iwg-cc-cta-2026-05-13 elementor-widget elementor-widget-jet-button\" data-id=\"iwgs-eleggua-ccb\" data-element_type=\"widget\" data-e-type=\"widget\" data-widget_type=\"jet-button.default\">\n\t\t\t\t<div class=\"elementor-widget-container\">\n\t\t\t\t\t<div class=\"elementor-jet-button jet-elements\"><div class=\"jet-button__container\"><a class=\"jet-button__instance jet-button__instance--icon-left hover-effect-1\" href=\"\/schutzanhaenger-iwell-guard-kaufen\/?utm_source=iwell-guard.com&amp;utm_medium=info-box&amp;utm_campaign=schutzsymbole\"><div class=\"jet-button__plane jet-button__plane-normal\"><\/div><div class=\"jet-button__plane jet-button__plane-hover\"><\/div><div class=\"jet-button__state jet-button__state-normal\"><span class=\"jet-button__label\">Mer om iWell Guard<\/span><\/div><div class=\"jet-button__state jet-button__state-hover\"><span class=\"jet-button__label\">Mer om iWell Guard<\/span><\/div><\/a><\/div><\/div><style>.elementor-element.elementor-element-iwgs-eleggua-ccb .jet-button__instance{width:320px;height:56px;}.elementor-element.elementor-element-iwgs-eleggua-ccb .jet-button__state-normal .jet-button__label{text-align:center;margin:0px 0px 0px 0px;color:#1a1b20;font-family:Montserrat,sans-serif;font-size:13px;font-weight:400;letter-spacing:4px;line-height:1.714em;text-transform:uppercase;}.elementor-element.elementor-element-iwgs-eleggua-ccb .jet-button__state-hover .jet-button__label{text-align:center;margin:0px 0px 0px 0px;color:#FECC76;font-family:Montserrat,sans-serif;font-size:13px;font-weight:400;letter-spacing:4px;line-height:1.714em;text-transform:uppercase;}.elementor-element.elementor-element-iwgs-eleggua-ccb .jet-button__plane-normal{background-color:#FECC76;border-style:solid;border-color:#C99540;border-width:2px 2px 2px 2px;}.elementor-element.elementor-element-iwgs-eleggua-ccb .jet-button__plane-hover{background-color:rgba(0,0,0,0.55);border-style:solid;border-color:#FECC76;border-width:2px 2px 2px 2px;}<\/style>\t\t\t\t<\/div>\n\t\t\t\t<\/div>\n\t\t\t\t<div class=\"elementor-element elementor-element-iwgs-eleggua-ccd elementor-widget elementor-widget-text-editor\" data-id=\"iwgs-eleggua-ccd\" data-element_type=\"widget\" data-e-type=\"widget\" data-widget_type=\"text-editor.default\">\n\t\t\t\t\t\t\t\t\t<p style=\"text-align:center;font-size:13px;opacity:0.7;margin-top:14px\" data-nosnippet=\"true\">Personliga erfarenheter kan variera. Ingen medicinteknisk produkt. Inget l\u00f6fte om l\u00e4kning.<\/p>\t\t\t\t\t\t\t\t<\/div>\n\t\t\t\t\t<\/div>\n\t\t\t\t<\/div>\n\t\t\t\t\t<\/div>\n\t\t\t\t<\/div>\n\t\t<div class=\"elementor-element elementor-element-iwgs-eleggua-disc e-flex e-con-boxed e-con e-parent\" data-id=\"iwgs-eleggua-disc\" data-element_type=\"container\" data-e-type=\"container\">\n\t\t\t\t\t<div class=\"e-con-inner\">\n\t\t\t\t<div class=\"elementor-element elementor-element-iwgs-eleggua-discw elementor-widget elementor-widget-html\" data-id=\"iwgs-eleggua-discw\" data-element_type=\"widget\" data-e-type=\"widget\" data-widget_type=\"html.default\">\n\t\t\t\t\t<footer data-nosnippet=\"true\" class=\"iwg-disclaimer-block\"><p data-nosnippet=\"true\">iWell Guard \u00e4r <strong>ingen medicinteknisk produkt<\/strong> och ers\u00e4tter ingen l\u00e4karbehandling eller psykoterapeutisk behandling. Inneh\u00e5llet som presenteras h\u00e4r \u00e4r en religionsvetenskaplig och kulturhistorisk kontextualisering, inget l\u00f6fte om andlig verkan.<\/p><\/footer>\t\t\t\t<\/div>\n\t\t\t\t\t<\/div>\n\t\t\t\t<\/div>\n\t\t\t\t<\/div>\n\t\t","protected":false},"excerpt":{"rendered":"","protected":false},"author":3,"featured_media":3554,"parent":0,"menu_order":0,"comment_status":"closed","ping_status":"closed","template":"elementor_header_footer","meta":{"_yoast_wpseo_focuskw":"Eleggua","_yoast_wpseo_title":"Eleggua \u2013 skyddshuvudet i Santeria","_yoast_wpseo_metadesc":"Eleggua \u00e4r skyddshuvudet vid husets ing\u00e5ng inom Santeria, gjort av cement med kaurisn\u00e4ckor. Ursprung och betydelse f\u00f6rklaras sakligt.","_yoast_wpseo_meta-robots-noindex":"","_yoast_wpseo_canonical":"","_angie_page":false,"gefaehrdungsstufe":"","wesen_kultur":"","wesen_klasse":"","footnotes":""},"categories":[],"class_list":["post-137123","page","type-page","status-publish","has-post-thumbnail","hentry"],"yoast_head":"<!-- This site is optimized with the Yoast SEO Premium plugin v27.7 (Yoast SEO v28.3) - https:\/\/yoast.com\/product\/yoast-seo-premium-wordpress\/ -->\n<title>Eleggua \u2013 skyddshuvudet i Santeria<\/title>\n<meta name=\"description\" content=\"Eleggua \u00e4r skyddshuvudet vid husets ing\u00e5ng inom Santeria, gjort av cement med kaurisn\u00e4ckor. Ursprung och betydelse f\u00f6rklaras sakligt.\" \/>\n<meta name=\"robots\" content=\"index, follow, max-snippet:-1, max-image-preview:large, max-video-preview:-1\" \/>\n<link rel=\"canonical\" href=\"https:\/\/iwell-guard.com\/sv\/eleggua-skyddshuvudet-vid-husets-ingang\/\" \/>\n<meta property=\"og:locale\" content=\"sv_SE\" \/>\n<meta property=\"og:type\" content=\"article\" \/>\n<meta property=\"og:title\" content=\"Eleggua \u2013 skyddshuvudet vid husets ing\u00e5ng\" \/>\n<meta property=\"og:description\" content=\"Eleggua \u00e4r skyddshuvudet vid husets ing\u00e5ng inom Santeria, gjort av cement med kaurisn\u00e4ckor. Ursprung och betydelse f\u00f6rklaras sakligt.\" \/>\n<meta property=\"og:url\" content=\"https:\/\/iwell-guard.com\/sv\/eleggua-skyddshuvudet-vid-husets-ingang\/\" \/>\n<meta property=\"og:site_name\" content=\"iWell Guard\" \/>\n<meta property=\"article:modified_time\" content=\"2026-09-03T01:20:59+00:00\" \/>\n<meta property=\"og:image\" content=\"https:\/\/iwell-guard.com\/wp-content\/uploads\/2026\/05\/schutzsymbol_afrika_eleggua.webp\" \/>\n\t<meta property=\"og:image:width\" content=\"1024\" \/>\n\t<meta property=\"og:image:height\" content=\"1536\" \/>\n\t<meta property=\"og:image:type\" content=\"image\/webp\" \/>\n<meta name=\"twitter:card\" content=\"summary_large_image\" \/>\n<script type=\"application\/ld+json\" class=\"yoast-schema-graph\">{\"@context\":\"https:\\\/\\\/schema.org\",\"@graph\":[{\"@type\":\"WebPage\",\"@id\":\"https:\\\/\\\/iwell-guard.com\\\/sv\\\/eleggua-skyddshuvudet-vid-husets-ingang\\\/\",\"url\":\"https:\\\/\\\/iwell-guard.com\\\/sv\\\/eleggua-skyddshuvudet-vid-husets-ingang\\\/\",\"name\":\"Eleggua \u2013 skyddshuvudet i Santeria\",\"isPartOf\":{\"@id\":\"https:\\\/\\\/iwell-guard.com\\\/sv\\\/#website\"},\"primaryImageOfPage\":{\"@id\":\"https:\\\/\\\/iwell-guard.com\\\/sv\\\/eleggua-skyddshuvudet-vid-husets-ingang\\\/#primaryimage\"},\"image\":{\"@id\":\"https:\\\/\\\/iwell-guard.com\\\/sv\\\/eleggua-skyddshuvudet-vid-husets-ingang\\\/#primaryimage\"},\"thumbnailUrl\":\"https:\\\/\\\/iwell-guard.com\\\/wp-content\\\/uploads\\\/2026\\\/05\\\/schutzsymbol_afrika_eleggua.webp\",\"datePublished\":\"2026-09-03T00:12:59+00:00\",\"dateModified\":\"2026-09-03T01:20:59+00:00\",\"description\":\"Eleggua \u00e4r skyddshuvudet vid husets ing\u00e5ng inom Santeria, gjort av cement med kaurisn\u00e4ckor. Ursprung och betydelse f\u00f6rklaras sakligt.\",\"breadcrumb\":{\"@id\":\"https:\\\/\\\/iwell-guard.com\\\/sv\\\/eleggua-skyddshuvudet-vid-husets-ingang\\\/#breadcrumb\"},\"inLanguage\":\"sv-SE\",\"potentialAction\":[{\"@type\":\"ReadAction\",\"target\":[\"https:\\\/\\\/iwell-guard.com\\\/sv\\\/eleggua-skyddshuvudet-vid-husets-ingang\\\/\"]}]},{\"@type\":\"ImageObject\",\"inLanguage\":\"sv-SE\",\"@id\":\"https:\\\/\\\/iwell-guard.com\\\/sv\\\/eleggua-skyddshuvudet-vid-husets-ingang\\\/#primaryimage\",\"url\":\"https:\\\/\\\/iwell-guard.com\\\/wp-content\\\/uploads\\\/2026\\\/05\\\/schutzsymbol_afrika_eleggua.webp\",\"contentUrl\":\"https:\\\/\\\/iwell-guard.com\\\/wp-content\\\/uploads\\\/2026\\\/05\\\/schutzsymbol_afrika_eleggua.webp\",\"width\":1024,\"height\":1536,\"caption\":\"Skyddssymbol. Stilleben-illustration i museistil.\"},{\"@type\":\"BreadcrumbList\",\"@id\":\"https:\\\/\\\/iwell-guard.com\\\/sv\\\/eleggua-skyddshuvudet-vid-husets-ingang\\\/#breadcrumb\",\"itemListElement\":[{\"@type\":\"ListItem\",\"position\":1,\"name\":\"Start\",\"item\":\"https:\\\/\\\/iwell-guard.com\\\/sv\\\/?page_id=136483\"},{\"@type\":\"ListItem\",\"position\":2,\"name\":\"Eleggua \u2013 skyddshuvudet vid husets ing\u00e5ng\"}]},{\"@type\":\"WebSite\",\"@id\":\"https:\\\/\\\/iwell-guard.com\\\/sv\\\/#website\",\"url\":\"https:\\\/\\\/iwell-guard.com\\\/sv\\\/\",\"name\":\"iWell Guard\",\"description\":\"Schutz vor dunklen Einfl\u00fcssen\",\"publisher\":{\"@id\":\"https:\\\/\\\/iwell-guard.com\\\/sv\\\/#organization\"},\"potentialAction\":[{\"@type\":\"SearchAction\",\"target\":{\"@type\":\"EntryPoint\",\"urlTemplate\":\"https:\\\/\\\/iwell-guard.com\\\/sv\\\/?s={search_term_string}\"},\"query-input\":{\"@type\":\"PropertyValueSpecification\",\"valueRequired\":true,\"valueName\":\"search_term_string\"}}],\"inLanguage\":\"sv-SE\"},{\"@type\":\"Organization\",\"@id\":\"https:\\\/\\\/iwell-guard.com\\\/sv\\\/#organization\",\"name\":\"Ittermann electronic GmbH\",\"url\":\"https:\\\/\\\/iwell-guard.com\\\/sv\\\/\",\"logo\":{\"@type\":\"ImageObject\",\"inLanguage\":\"sv-SE\",\"@id\":\"https:\\\/\\\/iwell-guard.com\\\/sv\\\/#\\\/schema\\\/logo\\\/image\\\/\",\"url\":\"https:\\\/\\\/iwell-guard.com\\\/wp-content\\\/uploads\\\/2026\\\/05\\\/Ittermann-Logo-1182x237-1.png\",\"contentUrl\":\"https:\\\/\\\/iwell-guard.com\\\/wp-content\\\/uploads\\\/2026\\\/05\\\/Ittermann-Logo-1182x237-1.png\",\"width\":1182,\"height\":237,\"caption\":\"Ittermann electronic GmbH\"},\"image\":{\"@id\":\"https:\\\/\\\/iwell-guard.com\\\/sv\\\/#\\\/schema\\\/logo\\\/image\\\/\"},\"sameAs\":[\"https:\\\/\\\/pantip.com\\\/profile\\\/9367242\",\"https:\\\/\\\/micro.blog\\\/iwellguard\",\"https:\\\/\\\/www.diggerslist.com\\\/iwellguard\\\/about\",\"https:\\\/\\\/skitterphoto.com\\\/photographers\\\/2870314\\\/iwell-guard\",\"https:\\\/\\\/iwellguard.wordpress.com\\\/2026\\\/06\\\/06\\\/iwell-guard\\\/\",\"https:\\\/\\\/hub.docker.com\\\/u\\\/iwellguard\",\"https:\\\/\\\/www.pinterest.com\\\/iwellguard\\\/\",\"https:\\\/\\\/bit.ly\\\/m\\\/iwellguard\",\"https:\\\/\\\/entre-vos-mains.alsace.eu\\\/profiles\\\/iwellguard\\\/activity\",\"https:\\\/\\\/gravatar.com\\\/reallybeded8fd34\",\"https:\\\/\\\/naijamatta.com\\\/iwellguard\",\"https:\\\/\\\/www.goodreads.com\\\/iwellguard\",\"https:\\\/\\\/profile.hatena.ne.jp\\\/iwellguard\\\/\",\"https:\\\/\\\/experiment.com\\\/users\\\/iwellguard\",\"https:\\\/\\\/wakelet.com\\\/@iWellGuard82270\",\"https:\\\/\\\/www.chordie.com\\\/forum\\\/profile.php?id=2555664\",\"https:\\\/\\\/www.instapaper.com\\\/p\\\/17757966\",\"https:\\\/\\\/www.mapleprimes.com\\\/users\\\/iwellguard\",\"https:\\\/\\\/businesslistingplus.com\\\/profile\\\/iwell-guard\\\/\",\"https:\\\/\\\/telegra.ph\\\/iWell-Guard-06-06\",\"https:\\\/\\\/pbase.com\\\/iwellguard\\\/iwellguard\",\"https:\\\/\\\/b.hatena.ne.jp\\\/iwellguard\\\/20260607#bookmark-4788405196491818882\",\"https:\\\/\\\/fliphtml5.com\\\/home\\\/iwellguard\",\"https:\\\/\\\/anyflip.com\\\/homepage\\\/cmiwl#About\",\"https:\\\/\\\/transfur.com\\\/Users\\\/iwellguard\",\"http:\\\/\\\/delphi.larsbo.org\\\/user\\\/iwellguard\",\"https:\\\/\\\/jobs.lajobsportal.org\\\/profiles\\\/8380803-iwell-guard\",\"https:\\\/\\\/md.chaosdorf.de\\\/s\\\/jfbe5SBdJD\",\"https:\\\/\\\/www.lingvolive.com\\\/en-us\\\/profile\\\/9ecaeaca-ce11-4e51-9e71-01d55e2bff36\\\/translations\",\"https:\\\/\\\/www.fitday.com\\\/fitness\\\/forums\\\/members\\\/iwellguard.html\",\"https:\\\/\\\/www.mymeetbook.com\\\/iwellguard\",\"https:\\\/\\\/pxhere.com\\\/en\\\/photographer-me\\\/5040798\",\"https:\\\/\\\/disqus.com\\\/by\\\/iwellguard\\\/about\\\/\",\"https:\\\/\\\/pastelink.net\\\/hjwciqwq\",\"https:\\\/\\\/pubhtml5.com\\\/homepage\\\/scjhn\\\/\",\"https:\\\/\\\/www.bitchute.com\\\/channel\\\/2O2eOKzNqujT\",\"https:\\\/\\\/audiomack.com\\\/iwellguard\"]}]}<\/script>\n<!-- \/ Yoast SEO Premium plugin. -->","yoast_head_json":{"title":"Eleggua \u2013 skyddshuvudet i Santeria","description":"Eleggua \u00e4r skyddshuvudet vid husets ing\u00e5ng inom Santeria, gjort av cement med kaurisn\u00e4ckor. Ursprung och betydelse f\u00f6rklaras sakligt.","robots":{"index":"index","follow":"follow","max-snippet":"max-snippet:-1","max-image-preview":"max-image-preview:large","max-video-preview":"max-video-preview:-1"},"canonical":"https:\/\/iwell-guard.com\/sv\/eleggua-skyddshuvudet-vid-husets-ingang\/","og_locale":"sv_SE","og_type":"article","og_title":"Eleggua \u2013 skyddshuvudet vid husets ing\u00e5ng","og_description":"Eleggua \u00e4r skyddshuvudet vid husets ing\u00e5ng inom Santeria, gjort av cement med kaurisn\u00e4ckor. Ursprung och betydelse f\u00f6rklaras sakligt.","og_url":"https:\/\/iwell-guard.com\/sv\/eleggua-skyddshuvudet-vid-husets-ingang\/","og_site_name":"iWell Guard","article_modified_time":"2026-09-03T01:20:59+00:00","og_image":[{"width":1024,"height":1536,"url":"https:\/\/iwell-guard.com\/wp-content\/uploads\/2026\/05\/schutzsymbol_afrika_eleggua.webp","type":"image\/webp"}],"twitter_card":"summary_large_image","schema":{"@context":"https:\/\/schema.org","@graph":[{"@type":"WebPage","@id":"https:\/\/iwell-guard.com\/sv\/eleggua-skyddshuvudet-vid-husets-ingang\/","url":"https:\/\/iwell-guard.com\/sv\/eleggua-skyddshuvudet-vid-husets-ingang\/","name":"Eleggua \u2013 skyddshuvudet i Santeria","isPartOf":{"@id":"https:\/\/iwell-guard.com\/sv\/#website"},"primaryImageOfPage":{"@id":"https:\/\/iwell-guard.com\/sv\/eleggua-skyddshuvudet-vid-husets-ingang\/#primaryimage"},"image":{"@id":"https:\/\/iwell-guard.com\/sv\/eleggua-skyddshuvudet-vid-husets-ingang\/#primaryimage"},"thumbnailUrl":"https:\/\/iwell-guard.com\/wp-content\/uploads\/2026\/05\/schutzsymbol_afrika_eleggua.webp","datePublished":"2026-09-03T00:12:59+00:00","dateModified":"2026-09-03T01:20:59+00:00","description":"Eleggua \u00e4r skyddshuvudet vid husets ing\u00e5ng inom Santeria, gjort av cement med kaurisn\u00e4ckor. Ursprung och betydelse f\u00f6rklaras sakligt.","breadcrumb":{"@id":"https:\/\/iwell-guard.com\/sv\/eleggua-skyddshuvudet-vid-husets-ingang\/#breadcrumb"},"inLanguage":"sv-SE","potentialAction":[{"@type":"ReadAction","target":["https:\/\/iwell-guard.com\/sv\/eleggua-skyddshuvudet-vid-husets-ingang\/"]}]},{"@type":"ImageObject","inLanguage":"sv-SE","@id":"https:\/\/iwell-guard.com\/sv\/eleggua-skyddshuvudet-vid-husets-ingang\/#primaryimage","url":"https:\/\/iwell-guard.com\/wp-content\/uploads\/2026\/05\/schutzsymbol_afrika_eleggua.webp","contentUrl":"https:\/\/iwell-guard.com\/wp-content\/uploads\/2026\/05\/schutzsymbol_afrika_eleggua.webp","width":1024,"height":1536,"caption":"Skyddssymbol. Stilleben-illustration i museistil."},{"@type":"BreadcrumbList","@id":"https:\/\/iwell-guard.com\/sv\/eleggua-skyddshuvudet-vid-husets-ingang\/#breadcrumb","itemListElement":[{"@type":"ListItem","position":1,"name":"Start","item":"https:\/\/iwell-guard.com\/sv\/?page_id=136483"},{"@type":"ListItem","position":2,"name":"Eleggua \u2013 skyddshuvudet vid husets ing\u00e5ng"}]},{"@type":"WebSite","@id":"https:\/\/iwell-guard.com\/sv\/#website","url":"https:\/\/iwell-guard.com\/sv\/","name":"iWell Guard","description":"Schutz vor dunklen Einfl\u00fcssen","publisher":{"@id":"https:\/\/iwell-guard.com\/sv\/#organization"},"potentialAction":[{"@type":"SearchAction","target":{"@type":"EntryPoint","urlTemplate":"https:\/\/iwell-guard.com\/sv\/?s={search_term_string}"},"query-input":{"@type":"PropertyValueSpecification","valueRequired":true,"valueName":"search_term_string"}}],"inLanguage":"sv-SE"},{"@type":"Organization","@id":"https:\/\/iwell-guard.com\/sv\/#organization","name":"Ittermann electronic GmbH","url":"https:\/\/iwell-guard.com\/sv\/","logo":{"@type":"ImageObject","inLanguage":"sv-SE","@id":"https:\/\/iwell-guard.com\/sv\/#\/schema\/logo\/image\/","url":"https:\/\/iwell-guard.com\/wp-content\/uploads\/2026\/05\/Ittermann-Logo-1182x237-1.png","contentUrl":"https:\/\/iwell-guard.com\/wp-content\/uploads\/2026\/05\/Ittermann-Logo-1182x237-1.png","width":1182,"height":237,"caption":"Ittermann electronic GmbH"},"image":{"@id":"https:\/\/iwell-guard.com\/sv\/#\/schema\/logo\/image\/"},"sameAs":["https:\/\/pantip.com\/profile\/9367242","https:\/\/micro.blog\/iwellguard","https:\/\/www.diggerslist.com\/iwellguard\/about","https:\/\/skitterphoto.com\/photographers\/2870314\/iwell-guard","https:\/\/iwellguard.wordpress.com\/2026\/06\/06\/iwell-guard\/","https:\/\/hub.docker.com\/u\/iwellguard","https:\/\/www.pinterest.com\/iwellguard\/","https:\/\/bit.ly\/m\/iwellguard","https:\/\/entre-vos-mains.alsace.eu\/profiles\/iwellguard\/activity","https:\/\/gravatar.com\/reallybeded8fd34","https:\/\/naijamatta.com\/iwellguard","https:\/\/www.goodreads.com\/iwellguard","https:\/\/profile.hatena.ne.jp\/iwellguard\/","https:\/\/experiment.com\/users\/iwellguard","https:\/\/wakelet.com\/@iWellGuard82270","https:\/\/www.chordie.com\/forum\/profile.php?id=2555664","https:\/\/www.instapaper.com\/p\/17757966","https:\/\/www.mapleprimes.com\/users\/iwellguard","https:\/\/businesslistingplus.com\/profile\/iwell-guard\/","https:\/\/telegra.ph\/iWell-Guard-06-06","https:\/\/pbase.com\/iwellguard\/iwellguard","https:\/\/b.hatena.ne.jp\/iwellguard\/20260607#bookmark-4788405196491818882","https:\/\/fliphtml5.com\/home\/iwellguard","https:\/\/anyflip.com\/homepage\/cmiwl#About","https:\/\/transfur.com\/Users\/iwellguard","http:\/\/delphi.larsbo.org\/user\/iwellguard","https:\/\/jobs.lajobsportal.org\/profiles\/8380803-iwell-guard","https:\/\/md.chaosdorf.de\/s\/jfbe5SBdJD","https:\/\/www.lingvolive.com\/en-us\/profile\/9ecaeaca-ce11-4e51-9e71-01d55e2bff36\/translations","https:\/\/www.fitday.com\/fitness\/forums\/members\/iwellguard.html","https:\/\/www.mymeetbook.com\/iwellguard","https:\/\/pxhere.com\/en\/photographer-me\/5040798","https:\/\/disqus.com\/by\/iwellguard\/about\/","https:\/\/pastelink.net\/hjwciqwq","https:\/\/pubhtml5.com\/homepage\/scjhn\/","https:\/\/www.bitchute.com\/channel\/2O2eOKzNqujT","https:\/\/audiomack.com\/iwellguard"]}]}},"_links":{"self":[{"href":"https:\/\/iwell-guard.com\/sv\/wp-json\/wp\/v2\/pages\/137123","targetHints":{"allow":["GET"]}}],"collection":[{"href":"https:\/\/iwell-guard.com\/sv\/wp-json\/wp\/v2\/pages"}],"about":[{"href":"https:\/\/iwell-guard.com\/sv\/wp-json\/wp\/v2\/types\/page"}],"author":[{"embeddable":true,"href":"https:\/\/iwell-guard.com\/sv\/wp-json\/wp\/v2\/users\/3"}],"replies":[{"embeddable":true,"href":"https:\/\/iwell-guard.com\/sv\/wp-json\/wp\/v2\/comments?post=137123"}],"version-history":[{"count":0,"href":"https:\/\/iwell-guard.com\/sv\/wp-json\/wp\/v2\/pages\/137123\/revisions"}],"wp:featuredmedia":[{"embeddable":true,"href":"https:\/\/iwell-guard.com\/sv\/wp-json\/wp\/v2\/media\/3554"}],"wp:attachment":[{"href":"https:\/\/iwell-guard.com\/sv\/wp-json\/wp\/v2\/media?parent=137123"}],"wp:term":[{"taxonomy":"category","embeddable":true,"href":"https:\/\/iwell-guard.com\/sv\/wp-json\/wp\/v2\/categories?post=137123"}],"curies":[{"name":"wp","href":"https:\/\/api.w.org\/{rel}","templated":true}]}}