{"id":137116,"date":"2026-09-03T00:12:55","date_gmt":"2026-09-03T00:12:55","guid":{"rendered":"https:\/\/iwell-guard.com\/?page_id=137116"},"modified":"2026-09-03T01:20:49","modified_gmt":"2026-09-03T01:20:49","slug":"keltisk-knut-oandliga-knutmonstret","status":"publish","type":"page","link":"https:\/\/iwell-guard.com\/sv\/keltisk-knut-oandliga-knutmonstret\/","title":{"rendered":"Den keltiska knuten \u2013 det o\u00e4ndliga knutm\u00f6nstret"},"content":{"rendered":"\t\t<div data-elementor-type=\"wp-page\" data-elementor-id=\"137116\" class=\"elementor elementor-137116 elementor-3705 elementor-bc-flex-widget\" data-elementor-post-type=\"page\">\n\t\t\t\t<div class=\"elementor-element elementor-element-iwgs-keltischerkn-hero e-flex e-con-boxed e-con e-parent\" data-id=\"iwgs-keltischerkn-hero\" data-element_type=\"container\" data-e-type=\"container\">\n\t\t\t\t\t<div class=\"e-con-inner\">\n\t\t<div class=\"elementor-element elementor-element-iwgs-keltischerkn-hl e-flex e-con-boxed e-con e-parent\" data-id=\"iwgs-keltischerkn-hl\" data-element_type=\"container\" data-e-type=\"container\">\n\t\t\t\t\t<div class=\"e-con-inner\">\n\t\t<div class=\"elementor-element elementor-element-iwgs-keltischerkn-hlbox e-con-full e-flex e-con e-parent\" data-id=\"iwgs-keltischerkn-hlbox\" data-element_type=\"container\" data-e-type=\"container\">\n\t\t\t\t<div class=\"elementor-element elementor-element-iwgs-keltischerkn-h1 elementor-widget elementor-widget-heading\" data-id=\"iwgs-keltischerkn-h1\" data-element_type=\"widget\" data-e-type=\"widget\" data-widget_type=\"heading.default\">\n\t\t\t\t\t<h1 class=\"elementor-heading-title elementor-size-default\">Den keltiska knuten \u2013 de o\u00e4ndliga m\u00f6nstren i den insul\u00e4ra konsten<\/h1>\t\t\t\t<\/div>\n\t\t\t\t<div class=\"elementor-element elementor-element-iwgs-keltischerkn-lead elementor-widget elementor-widget-text-editor\" data-id=\"iwgs-keltischerkn-lead\" data-element_type=\"widget\" data-e-type=\"widget\" data-widget_type=\"text-editor.default\">\n\t\t\t\t\t\t\t\t\t<p>Den keltiska knuten betecknar de sammanfl\u00e4tade fl\u00e4tm\u00f6nstren i den insul\u00e4ra konsten. Bildade av ett enda obrutet band pryder de handskrifter, stenkors och metallarbeten fr\u00e5n medeltiden.<\/p>\t\t\t\t\t\t\t\t<\/div>\n\t\t\t\t<\/div>\n\t\t\t\t<div class=\"elementor-element elementor-element-iwgs-keltischerkn-pills elementor-widget elementor-widget-html\" data-id=\"iwgs-keltischerkn-pills\" data-element_type=\"widget\" data-e-type=\"widget\" data-widget_type=\"html.default\">\n\t\t\t\t\t<div class=\"iwg-pill-row\"><span class=\"iwg-klasse-badge\" tabindex=\"0\" data-tooltip=\"Skyddssymbol, amulett eller apotropeiskt f\u00f6rem\u00e5l.\">Skyddssymbol<\/span><a href=\"https:\/\/iwell-guard.com\/sv\/keltisk\/\" class=\"iwg-kultur-badge\" tabindex=\"0\" data-tooltip=\"Skyddstradition: Keltisk\">Keltisk<\/a><span class=\"iwg-tradition-badge\" tabindex=\"0\" data-tooltip=\"Ett skyddstecken i form av en sammanfl\u00e4tad knut.\">Knuttecken<\/span><\/div>\t\t\t\t<\/div>\n\t\t\t\t\t<\/div>\n\t\t\t\t<\/div>\n\t\t<div class=\"elementor-element elementor-element-iwgs-keltischerkn-hr e-con-full e-flex e-con e-parent\" data-id=\"iwgs-keltischerkn-hr\" data-element_type=\"container\" data-e-type=\"container\">\n\t\t\t\t<div class=\"elementor-element elementor-element-iwgs-keltischerkn-himg iwg-hero-image elementor-widget elementor-widget-image\" data-id=\"iwgs-keltischerkn-himg\" data-element_type=\"widget\" data-e-type=\"widget\" data-widget_type=\"image.default\">\n\t\t\t\t\t\t\t\t\t\t\t\t\t\t\t<img fetchpriority=\"high\" decoding=\"async\" width=\"683\" height=\"1024\" src=\"https:\/\/iwell-guard.com\/wp-content\/uploads\/2026\/05\/schutzsymbol_keltisch_keltischer-knoten-683x1024.webp\" class=\"attachment-large size-large wp-image-135855\" alt=\"Keltisk knut \u2013 skyddssymbol, museal illustration\" srcset=\"https:\/\/iwell-guard.com\/wp-content\/uploads\/2026\/05\/schutzsymbol_keltisch_keltischer-knoten-683x1024.webp 683w, https:\/\/iwell-guard.com\/wp-content\/uploads\/2026\/05\/schutzsymbol_keltisch_keltischer-knoten-200x300.webp 200w, https:\/\/iwell-guard.com\/wp-content\/uploads\/2026\/05\/schutzsymbol_keltisch_keltischer-knoten-768x1152.webp 768w, https:\/\/iwell-guard.com\/wp-content\/uploads\/2026\/05\/schutzsymbol_keltisch_keltischer-knoten.webp 1024w\" sizes=\"(max-width: 683px) 100vw, 683px\" \/>\t\t\t\t\t\t\t\t\t\t\t\t\t\t\t<\/div>\n\t\t\t\t<\/div>\n\t\t\t\t\t<\/div>\n\t\t\t\t<\/div>\n\t\t<div class=\"elementor-element elementor-element-iwgs-keltischerkn-s0 e-flex e-con-boxed e-con e-parent\" data-id=\"iwgs-keltischerkn-s0\" data-element_type=\"container\" data-e-type=\"container\">\n\t\t\t\t\t<div class=\"e-con-inner\">\n\t\t\t\t<div class=\"elementor-element elementor-element-iwgs-keltischerkn-s0h elementor-widget elementor-widget-heading\" data-id=\"iwgs-keltischerkn-s0h\" data-element_type=\"widget\" data-e-type=\"widget\" data-widget_type=\"heading.default\">\n\t\t\t\t\t<h2 class=\"elementor-heading-title elementor-size-default\">Inordning<\/h2>\t\t\t\t<\/div>\n\t\t<div class=\"elementor-element elementor-element-iwgs-keltischerkn-s0box e-con-full e-flex e-con e-parent\" data-id=\"iwgs-keltischerkn-s0box\" data-element_type=\"container\" data-e-type=\"container\">\n\t\t\t\t<div class=\"elementor-element elementor-element-iwgs-keltischerkn-s0t elementor-widget elementor-widget-text-editor\" data-id=\"iwgs-keltischerkn-s0t\" data-element_type=\"widget\" data-e-type=\"widget\" data-widget_type=\"text-editor.default\">\n\t\t\t\t\t\t\t\t\t<p>Den keltiska knuten \u00e4r ett ornamentm\u00f6nster som f\u00f6rknippas med <a href=\"https:\/\/iwell-guard.com\/sv\/keltisk\/\">den keltiska<\/a> v\u00e4rlden, och mer specifikt med den insul\u00e4ra konsten i Irland och Britannien. Den h\u00f6r till de mest k\u00e4nda ornamentformerna inom denna konst.<\/p><p>M\u00f6nstret best\u00e5r av band som slingrar sig, korsar varandra och fl\u00e4tas samman. Ofta \u00e4r hela fl\u00e4tverket bildat av ett enda obrutet band, som inte l\u00e5ter n\u00e5gon b\u00f6rjan eller n\u00e5got slut urskiljas.<\/p><p>S\u00e5dana knutm\u00f6nster pryder de stora handskrifterna fr\u00e5n tidig medeltid, de stenhuggna h\u00f6gkorsen, smycken och metallarbeten. De h\u00f6r till k\u00e4rnan i den insul\u00e4ra ornamentkonsten.<\/p><p>Den keltiska knuten \u00e4r i f\u00f6rsta hand ett ornamentm\u00f6nster. En fastst\u00e4lld religi\u00f6s betydelse kan s\u00e4llan bel\u00e4ggas f\u00f6r de enskilda knutarna. I dagens tolkning l\u00e4ses det o\u00e4ndliga bandet ofta som en <span class=\"iwg-fachbegriff\" data-tooltip=\"En \u00e5sk\u00e5dlig bild som st\u00e5r f\u00f6r en abstrakt tanke.\" tabindex=\"0\">symbol<\/span>.<\/p><p>Inom <span class=\"iwg-fachbegriff\" data-tooltip=\"Vetenskapen som studerar religioner j\u00e4mf\u00f6rande och utan trosbundenhet.\" tabindex=\"0\">religionsvetenskapen<\/span> och konsthistorien \u00e4r den keltiska knuten ett gott exempel p\u00e5 hur en ren ornamentform senare f\u00f6rses med betydelser som ursprungligen inte tillh\u00f6rde den.<\/p><p>Denna sida beskriver den keltiska knuten utifr\u00e5n skydd och betydelse. Den redog\u00f6r f\u00f6r m\u00f6nstren, deras ursprung, deras bruk och dagens tolkning av det o\u00e4ndliga bandet.<\/p>\t\t\t\t\t\t\t\t<\/div>\n\t\t\t\t<\/div>\n\t\t\t\t\t<\/div>\n\t\t\t\t<\/div>\n\t\t<div class=\"elementor-element elementor-element-iwgs-keltischerkn-s1 e-flex e-con-boxed e-con e-parent\" data-id=\"iwgs-keltischerkn-s1\" data-element_type=\"container\" data-e-type=\"container\">\n\t\t\t\t\t<div class=\"e-con-inner\">\n\t\t\t\t<div class=\"elementor-element elementor-element-iwgs-keltischerkn-s1h elementor-widget elementor-widget-heading\" data-id=\"iwgs-keltischerkn-s1h\" data-element_type=\"widget\" data-e-type=\"widget\" data-widget_type=\"heading.default\">\n\t\t\t\t\t<h2 class=\"elementor-heading-title elementor-size-default\">Det o\u00e4ndliga bandet<\/h2>\t\t\t\t<\/div>\n\t\t<div class=\"elementor-element elementor-element-iwgs-keltischerkn-s1box e-con-full e-flex e-con e-parent\" data-id=\"iwgs-keltischerkn-s1box\" data-element_type=\"container\" data-e-type=\"container\">\n\t\t\t\t<div class=\"elementor-element elementor-element-iwgs-keltischerkn-s1t elementor-widget elementor-widget-text-editor\" data-id=\"iwgs-keltischerkn-s1t\" data-element_type=\"widget\" data-e-type=\"widget\" data-widget_type=\"text-editor.default\">\n\t\t\t\t\t\t\t\t\t<p>Det viktigaste k\u00e4nnetecknet f\u00f6r den keltiska knuten \u00e4r det o\u00e4ndliga bandet. M\u00e5nga av dessa m\u00f6nster \u00e4r utformade s\u00e5 att det sammanfl\u00e4tade bandet varken har en b\u00f6rjan eller ett slut.<\/p><p>Den som med blicken f\u00f6ljer ett s\u00e5dant m\u00f6nster kan forts\u00e4tta f\u00f6lja bandet utan att n\u00e5gonsin n\u00e5 ett slut. Bandet \u00e5terv\u00e4nder alltid till sig sj\u00e4lvt och bildar ett slutet fl\u00e4tverk.<\/p><p>Denna slutenhet \u00e4r resultatet av noggrann planering. Konstn\u00e4ren m\u00e5ste f\u00f6ra bandet s\u00e5 att det fl\u00e4tas fullst\u00e4ndigt samman och \u00e4nd\u00e5 f\u00f6rblir en enda obruten linje.<\/p><p>M\u00f6nstren f\u00f6ljer strikta regler. Det finns fasta metoder f\u00f6r hur ett band f\u00f6rs \u00f6ver och under andra band, s\u00e5 att ett j\u00e4mnt, ordnat fl\u00e4tverk uppst\u00e5r.<\/p><p>Trots dessa regler \u00e4r m\u00e5ngfalden av m\u00f6nster stor. Fr\u00e5n ett f\u00e5tal grundmetoder kan otaliga olika knutar bildas, enkla och mycket invecklade.<\/p><p>Det o\u00e4ndliga bandet \u00e4r d\u00e4rmed k\u00e4nnetecknet f\u00f6r den keltiska knuten. Det \u00e4r samtidigt utg\u00e5ngspunkten f\u00f6r dagens tolkning, som i o\u00e4ndligheten ser en <span class=\"iwg-fachbegriff\" data-tooltip=\"En \u00e5sk\u00e5dlig bild som st\u00e5r f\u00f6r en abstrakt tanke.\" tabindex=\"0\">symbol<\/span> f\u00f6r evighet och best\u00e4ndighet.<\/p>\t\t\t\t\t\t\t\t<\/div>\n\t\t\t\t<\/div>\n\t\t\t\t\t<\/div>\n\t\t\t\t<\/div>\n\t\t<div class=\"elementor-element elementor-element-iwgs-keltischerkn-s2 e-flex e-con-boxed e-con e-parent\" data-id=\"iwgs-keltischerkn-s2\" data-element_type=\"container\" data-e-type=\"container\">\n\t\t\t\t\t<div class=\"e-con-inner\">\n\t\t\t\t<div class=\"elementor-element elementor-element-iwgs-keltischerkn-s2h elementor-widget elementor-widget-heading\" data-id=\"iwgs-keltischerkn-s2h\" data-element_type=\"widget\" data-e-type=\"widget\" data-widget_type=\"heading.default\">\n\t\t\t\t\t<h2 class=\"elementor-heading-title elementor-size-default\">Ursprung i den insul\u00e4ra konsten<\/h2>\t\t\t\t<\/div>\n\t\t<div class=\"elementor-element elementor-element-iwgs-keltischerkn-s2box e-con-full e-flex e-con e-parent\" data-id=\"iwgs-keltischerkn-s2box\" data-element_type=\"container\" data-e-type=\"container\">\n\t\t\t\t<div class=\"elementor-element elementor-element-iwgs-keltischerkn-s2t elementor-widget elementor-widget-text-editor\" data-id=\"iwgs-keltischerkn-s2t\" data-element_type=\"widget\" data-e-type=\"widget\" data-widget_type=\"text-editor.default\">\n\t\t\t\t\t\t\t\t\t<p>Den keltiska knuten har sin mest k\u00e4nda form i den insul\u00e4ra konsten. Detta \u00e4r den konst som uppstod under tidig medeltid i Irland och Britannien.<\/p><p>Den insul\u00e4ra konsten f\u00f6renar olika r\u00f6tter. I den fl\u00f6t \u00e4ldre keltiska ornamentformer samman med impulser fr\u00e5n andra konsttraditioner. Ur denna f\u00f6rening uppstod en egen, rik stil.<\/p><p>Fl\u00e4tbandet i sig \u00e4r inget rent keltiskt <span class=\"iwg-fachbegriff\" data-tooltip=\"Ett \u00e5terkommande inneh\u00e5llsm\u00e4ssigt element i konst eller ber\u00e4ttelse.\" tabindex=\"0\">motiv<\/span>. Sammanfl\u00e4tade band f\u00f6rekommer i flera konsttraditioner fr\u00e5n <span class=\"iwg-fachbegriff\" data-tooltip=\"Epoken f\u00f6r den grekiska och romerska kulturen, cirka 800 f.Kr. till 600 e.Kr.\" tabindex=\"0\">antiken<\/span> och <span class=\"iwg-fachbegriff\" data-tooltip=\"\u00d6verg\u00e5ngsepok mellan antiken och medeltiden, ungef\u00e4r 3:e till 7:e \u00e5rhundradet.\" tabindex=\"0\">senantiken<\/span>. Den insul\u00e4ra konsten tog upp detta <span class=\"iwg-fachbegriff\" data-tooltip=\"Ett \u00e5terkommande inneh\u00e5llsm\u00e4ssigt element i konst eller ber\u00e4ttelse.\" tabindex=\"0\">motiv<\/span> och utvecklade det p\u00e5 ett s\u00e4rskilt rikt s\u00e4tt.<\/p><p>Den insul\u00e4ra knutkonsten upplevde sin storhetstid under tidig medeltid, i den tid d\u00e5 kristendomen fick f\u00e4ste i Irland och Britannien. M\u00e5nga av de k\u00e4nda verken skapades i kloster.<\/p><p>Beteckningen keltisk knut \u00e4r i det avseendet inte helt exakt. M\u00f6nstren \u00e4r snarare ett verk av den insul\u00e4ra konsten under den kristna medeltiden \u00e4n av den f\u00f6rkristna keltiska v\u00e4rlden.<\/p><p>En \u00e4rlig framst\u00e4llning n\u00e4mner detta f\u00f6rh\u00e5llande. Den keltiska knuten \u00e4r f\u00f6rbunden med den keltiska v\u00e4rlden, men dess k\u00e4nda form h\u00f6r till den insul\u00e4ra konsten fr\u00e5n tidig medeltid.<\/p>\t\t\t\t\t\t\t\t<\/div>\n\t\t\t\t<\/div>\n\t\t\t\t\t<\/div>\n\t\t\t\t<\/div>\n\t\t<div class=\"elementor-element elementor-element-iwgs-keltischerkn-s3 e-flex e-con-boxed e-con e-parent\" data-id=\"iwgs-keltischerkn-s3\" data-element_type=\"container\" data-e-type=\"container\">\n\t\t\t\t\t<div class=\"e-con-inner\">\n\t\t\t\t<div class=\"elementor-element elementor-element-iwgs-keltischerkn-s3h elementor-widget elementor-widget-heading\" data-id=\"iwgs-keltischerkn-s3h\" data-element_type=\"widget\" data-e-type=\"widget\" data-widget_type=\"heading.default\">\n\t\t\t\t\t<h2 class=\"elementor-heading-title elementor-size-default\">Knutar i handskrifter och p\u00e5 sten<\/h2>\t\t\t\t<\/div>\n\t\t<div class=\"elementor-element elementor-element-iwgs-keltischerkn-s3box e-con-full e-flex e-con e-parent\" data-id=\"iwgs-keltischerkn-s3box\" data-element_type=\"container\" data-e-type=\"container\">\n\t\t\t\t<div class=\"elementor-element elementor-element-iwgs-keltischerkn-s3t elementor-widget elementor-widget-text-editor\" data-id=\"iwgs-keltischerkn-s3t\" data-element_type=\"widget\" data-e-type=\"widget\" data-widget_type=\"text-editor.default\">\n\t\t\t\t\t\t\t\t\t<p>Den keltiska knuten m\u00f6ter man framf\u00f6r allt p\u00e5 tre platser: i de stora handskrifterna, p\u00e5 de stenhuggna h\u00f6gkorsen och p\u00e5 metallarbeten.<\/p><p>De k\u00e4nda handskrifterna fr\u00e5n den insul\u00e4ra medeltiden \u00e4r rikt smyckade med knutm\u00f6nster. Hela sidor \u00e4r t\u00e4ckta med sammanfl\u00e4tade band, och \u00e4ven de stora begynnelsebokst\u00e4verna \u00e4r inramade i knutverk.<\/p><p>De stenhuggna h\u00f6gkorsen b\u00e4r ocks\u00e5 knutm\u00f6nster. P\u00e5 dessa stora, frist\u00e5ende kors fyller de sammanfl\u00e4tade banden ytorna och ramar in bildscenerna. <a href=\"https:\/\/iwell-guard.com\/sv\/keltiskt-kors-hogkors-och-skyddstecken\/\">Det keltiska korset<\/a> \u00e4r n\u00e4ra f\u00f6rbundet med denna konst.<\/p><p>\u00c4ven metallarbeten, smycken och liturgiska redskap \u00e4r utsmyckade med knutverk. Guldsmedernas fina arbete f\u00f6rde vidare bandfl\u00e4tningen i mindre skala.<\/p><p>P\u00e5 alla dessa platser fyller knuten f\u00f6rst och fr\u00e4mst en dekorativ funktion. Den fyller ytor, ramar in och strukturerar. Den insul\u00e4ra konsten har av denna funktion utvecklat ett rikt ornamentsystem.<\/p><p>Den keltiska knuten \u00e4r d\u00e4rmed framf\u00f6r allt en ornamentform inom den kristna insul\u00e4ra konsten. Handskrifter, h\u00f6gkors och metallarbeten \u00e4r de verk d\u00e4r den n\u00e5tt sin st\u00f6rsta utveckling.<\/p>\t\t\t\t\t\t\t\t<\/div>\n\t\t\t\t<\/div>\n\t\t\t\t\t<\/div>\n\t\t\t\t<\/div>\n\t\t<div class=\"elementor-element elementor-element-iwgs-keltischerkn-s4 e-flex e-con-boxed e-con e-parent\" data-id=\"iwgs-keltischerkn-s4\" data-element_type=\"container\" data-e-type=\"container\">\n\t\t\t\t\t<div class=\"e-con-inner\">\n\t\t\t\t<div class=\"elementor-element elementor-element-iwgs-keltischerkn-s4h elementor-widget elementor-widget-heading\" data-id=\"iwgs-keltischerkn-s4h\" data-element_type=\"widget\" data-e-type=\"widget\" data-widget_type=\"heading.default\">\n\t\t\t\t\t<h2 class=\"elementor-heading-title elementor-size-default\">Knuten vid sidan av spiralen och triquetran<\/h2>\t\t\t\t<\/div>\n\t\t<div class=\"elementor-element elementor-element-iwgs-keltischerkn-s4box e-con-full e-flex e-con e-parent\" data-id=\"iwgs-keltischerkn-s4box\" data-element_type=\"container\" data-e-type=\"container\">\n\t\t\t\t<div class=\"elementor-element elementor-element-iwgs-keltischerkn-s4t elementor-widget elementor-widget-text-editor\" data-id=\"iwgs-keltischerkn-s4t\" data-element_type=\"widget\" data-e-type=\"widget\" data-widget_type=\"text-editor.default\">\n\t\t\t\t\t\t\t\t\t<p>Den keltiska knuten st\u00e5r inte ensam. Den h\u00f6r till en grupp m\u00f6nster och tecken som tillsammans utg\u00f6r den insul\u00e4ra ornamentkonsten.<\/p><p>Vid sidan av fl\u00e4tknuten \u00e4r spiralen ett viktigt <span class=\"iwg-fachbegriff\" data-tooltip=\"Ett \u00e5terkommande inneh\u00e5llsligt element i konst eller ber\u00e4ttelse.\" tabindex=\"0\">motiv<\/span>. Spiralm\u00f6nster h\u00f6r till de \u00e4ldsta ornamentformerna i den insul\u00e4ra v\u00e4rlden och str\u00e4cker sig l\u00e5ngt tillbaka i f\u00f6rkristen tid.<\/p><p>Ett eget, n\u00e4ra besl\u00e4ktat tecken \u00e4r triquetran, en triangelknut av tre sammanfl\u00e4tade b\u00e5gar. Den \u00e4r p\u00e5 sitt s\u00e4tt en enkel, klart avgr\u00e4nsad knut och beskrivs p\u00e5 sidan om <a href=\"https:\/\/iwell-guard.com\/sv\/triquetra-den-keltiska-treenighetsknuten\/\">Triquetran<\/a>.<\/p><p>\u00c4ven fl\u00e4tade djurframst\u00e4llningar h\u00f6r till den insul\u00e4ra konsten. D\u00e4r \u00e4r djurens kroppar, halsar och lemmar sammanfl\u00e4tade till ett m\u00f6nster som \u00e4r besl\u00e4ktat med knutm\u00f6nstren.<\/p><p>Dessa olika motiv, fl\u00e4tknuten, spiralen, triquetran och djurfl\u00e4tet, f\u00f6rekommer ofta tillsammans. De bildar tillsammans det rika ornamentsystemet i de insul\u00e4ra handskrifterna och stenverken.<\/p><p>Den keltiska knuten \u00e4r d\u00e4rmed en del av en hel ornamentv\u00e4rld. Den \u00e4r det mest invecklade och kanske mest k\u00e4nda elementet i denna v\u00e4rld, men den st\u00e5r alltid i samband med spiralen, triquetran och djurfl\u00e4tet.<\/p>\t\t\t\t\t\t\t\t<\/div>\n\t\t\t\t<\/div>\n\t\t\t\t\t<\/div>\n\t\t\t\t<\/div>\n\t\t<div class=\"elementor-element elementor-element-iwgs-keltischerkn-s5 e-flex e-con-boxed e-con e-parent\" data-id=\"iwgs-keltischerkn-s5\" data-element_type=\"container\" data-e-type=\"container\">\n\t\t\t\t\t<div class=\"e-con-inner\">\n\t\t\t\t<div class=\"elementor-element elementor-element-iwgs-keltischerkn-s5h elementor-widget elementor-widget-heading\" data-id=\"iwgs-keltischerkn-s5h\" data-element_type=\"widget\" data-e-type=\"widget\" data-widget_type=\"heading.default\">\n\t\t\t\t\t<h2 class=\"elementor-heading-title elementor-size-default\">Fr\u00e5gan om den ursprungliga betydelsen<\/h2>\t\t\t\t<\/div>\n\t\t<div class=\"elementor-element elementor-element-iwgs-keltischerkn-s5box e-con-full e-flex e-con e-parent\" data-id=\"iwgs-keltischerkn-s5box\" data-element_type=\"container\" data-e-type=\"container\">\n\t\t\t\t<div class=\"elementor-element elementor-element-iwgs-keltischerkn-s5t elementor-widget elementor-widget-text-editor\" data-id=\"iwgs-keltischerkn-s5t\" data-element_type=\"widget\" data-e-type=\"widget\" data-widget_type=\"text-editor.default\">\n\t\t\t\t\t\t\t\t\t<p>En viktig och ofta st\u00e4lld fr\u00e5ga \u00e4r den om den ursprungliga betydelsen av den keltiska knuten. Hade m\u00f6nstret f\u00f6r sina skapare en fastst\u00e4lld religi\u00f6s betydelse?<\/p><p>Det \u00e4rliga svaret \u00e4r att en s\u00e5dan fastst\u00e4lld betydelse f\u00f6r de enskilda knutarna oftast inte kan bel\u00e4ggas. Konstn\u00e4rerna har inte l\u00e4mnat efter sig n\u00e5gra tolkningar av sina m\u00f6nster.<\/p><p>Mycket talar f\u00f6r att knuten i f\u00f6rsta hand var en ornamentform. Den fyllde ytor, prydde och gav struktur. Dess v\u00e4rde l\u00e5g i sk\u00f6nheten och i den konstf\u00e4rdighet den kr\u00e4vde.<\/p><p>Vissa forskare har antagit att det sammanfl\u00e4tade bandet \u00e4ven hade en avv\u00e4rjande betydelse. Tanken att ett fl\u00e4tverk f\u00f6rvirrar och binder olyckan \u00e4r k\u00e4nd fr\u00e5n andra kulturer.<\/p><p>En s\u00e5dan avv\u00e4rjande betydelse kan dock inte s\u00e4kert bel\u00e4ggas f\u00f6r den keltiska knuten. Den f\u00f6rblir ett antagande som st\u00f6djer sig p\u00e5 j\u00e4mf\u00f6relser, inte p\u00e5 \u00f6verl\u00e4mnade uttalanden.<\/p><p>En saklig framst\u00e4llning anger detta l\u00e4ge \u00f6ppet. Den keltiska knuten \u00e4r belagd som ornamentform. En fastst\u00e4lld religi\u00f6s eller skyddande betydelse kan inte bel\u00e4ggas f\u00f6r dess tillkomsttid.<\/p>\t\t\t\t\t\t\t\t<\/div>\n\t\t\t\t<\/div>\n\t\t\t\t\t<\/div>\n\t\t\t\t<\/div>\n\t\t<div class=\"elementor-element elementor-element-iwgs-keltischerkn-s6 e-flex e-con-boxed e-con e-parent\" data-id=\"iwgs-keltischerkn-s6\" data-element_type=\"container\" data-e-type=\"container\">\n\t\t\t\t\t<div class=\"e-con-inner\">\n\t\t\t\t<div class=\"elementor-element elementor-element-iwgs-keltischerkn-s6h elementor-widget elementor-widget-heading\" data-id=\"iwgs-keltischerkn-s6h\" data-element_type=\"widget\" data-e-type=\"widget\" data-widget_type=\"heading.default\">\n\t\t\t\t\t<h2 class=\"elementor-heading-title elementor-size-default\">Knutmotivet och skyddstanken<\/h2>\t\t\t\t<\/div>\n\t\t<div class=\"elementor-element elementor-element-iwgs-keltischerkn-s6box e-con-full e-flex e-con e-parent\" data-id=\"iwgs-keltischerkn-s6box\" data-element_type=\"container\" data-e-type=\"container\">\n\t\t\t\t<div class=\"elementor-element elementor-element-iwgs-keltischerkn-s6t elementor-widget elementor-widget-text-editor\" data-id=\"iwgs-keltischerkn-s6t\" data-element_type=\"widget\" data-e-type=\"widget\" data-widget_type=\"text-editor.default\">\n\t\t\t\t\t\t\t\t\t<p>\u00c4ven om ingen s\u00e4ker skyddsbetydelse kan bel\u00e4ggas f\u00f6r den keltiska knuten sj\u00e4lv, \u00e4r tanken om den skyddande knuten v\u00e4l belagd i andra kulturer.<\/p><p>I m\u00e5nga traditioner betraktades knuten som ett skyddsmedel. Tanken bakom detta \u00e4r \u00e5sk\u00e5dlig. Ett invecklat fl\u00e4tverk h\u00e5ller fast, binder och f\u00f6rvirrar.<\/p><p>Enligt denna f\u00f6rest\u00e4llning fastnar olyckan i knutens vindlingar. Den kan inte f\u00f6lja de sammanfl\u00e4tade banorna och n\u00e5r inte fram till det som knuten omger.<\/p><p>Ett o\u00e4ndligt, obrutet band f\u00f6rst\u00e4rker denna tanke. Det bildar en sluten linje utan \u00f6ppning genom vilken olyckan skulle kunna tr\u00e4nga in.<\/p><p>Det \u00e4r m\u00f6jligt att \u00e4ven den insul\u00e4ra knutkonsten p\u00e5verkades av s\u00e5dana f\u00f6rest\u00e4llningar. Detta kan dock inte s\u00e4kert bel\u00e4ggas. Skyddstanken f\u00f6rblir ett v\u00e4lgrundat antagande.<\/p><p>Den keltiska knuten \u00e4r d\u00e4rmed ett gott exempel p\u00e5 den f\u00f6rsiktighet som en saklig framst\u00e4llning kr\u00e4ver. Knutmotivet \u00e4r p\u00e5 andra h\u00e5ll f\u00f6rknippat med skydd. F\u00f6r den keltiska knuten sj\u00e4lv \u00e4r detta inte belagt.<\/p>\t\t\t\t\t\t\t\t<\/div>\n\t\t\t\t<\/div>\n\t\t\t\t\t<\/div>\n\t\t\t\t<\/div>\n\t\t<div class=\"elementor-element elementor-element-iwgs-keltischerkn-s7 e-flex e-con-boxed e-con e-parent\" data-id=\"iwgs-keltischerkn-s7\" data-element_type=\"container\" data-e-type=\"container\">\n\t\t\t\t\t<div class=\"e-con-inner\">\n\t\t\t\t<div class=\"elementor-element elementor-element-iwgs-keltischerkn-s7h elementor-widget elementor-widget-heading\" data-id=\"iwgs-keltischerkn-s7h\" data-element_type=\"widget\" data-e-type=\"widget\" data-widget_type=\"heading.default\">\n\t\t\t\t\t<h2 class=\"elementor-heading-title elementor-size-default\">Den moderna tolkningen av knuten<\/h2>\t\t\t\t<\/div>\n\t\t<div class=\"elementor-element elementor-element-iwgs-keltischerkn-s7box e-con-full e-flex e-con e-parent\" data-id=\"iwgs-keltischerkn-s7box\" data-element_type=\"container\" data-e-type=\"container\">\n\t\t\t\t<div class=\"elementor-element elementor-element-iwgs-keltischerkn-s7t elementor-widget elementor-widget-text-editor\" data-id=\"iwgs-keltischerkn-s7t\" data-element_type=\"widget\" data-e-type=\"widget\" data-widget_type=\"text-editor.default\">\n\t\t\t\t\t\t\t\t\t<p>Ut\u00f6ver den belagda historien har den keltiska knuten i nutiden f\u00e5tt en rik tolkning. Denna moderna tolkning skiljer sig fr\u00e5n den medeltida konsten.<\/p><p>I den nutida f\u00f6rst\u00e5elsen l\u00e4ses det o\u00e4ndliga bandet ofta som en <span class=\"iwg-fachbegriff\" data-tooltip=\"En \u00e5sk\u00e5dlig bild som st\u00e5r f\u00f6r en abstrakt tanke.\" tabindex=\"0\">symbol<\/span> f\u00f6r evigheten. Knuten utan b\u00f6rjan och slut st\u00e5r d\u00e5 f\u00f6r det eviga, det best\u00e4ndiga och det som aldrig upph\u00f6r.<\/p><p>Vanlig \u00e4r \u00e4ven tolkningen som ett tecken p\u00e5 samh\u00f6righet. Det sammanfl\u00e4tade bandet uppfattas som en bild f\u00f6r en ouppl\u00f6slig bindning mellan m\u00e4nniskor, till exempel mellan tv\u00e5 \u00e4lskande.<\/p><p>I denna tolkning har den keltiska knuten blivit ett popul\u00e4rt tecken vid br\u00f6llop och i relationer. Det o\u00e4ndliga bandet st\u00e5r f\u00f6r den varaktiga, obrutna f\u00f6rbindelsen.<\/p><p>Dessa tolkningar \u00e4r inte felaktiga, men de \u00e4r moderna. De tolkar det o\u00e4ndliga bandet p\u00e5 ett s\u00e4tt som inte kan bel\u00e4ggas f\u00f6r de medeltida konstn\u00e4rerna.<\/p><p>En \u00e4rlig framst\u00e4llning skiljer d\u00e4rf\u00f6r mellan tv\u00e5 niv\u00e5er. Den keltiska knuten \u00e4r en medeltida ornamentform. Tolkningen som tecken p\u00e5 evighet och samh\u00f6righet \u00e4r en senare, modern tolkning.<\/p>\t\t\t\t\t\t\t\t<\/div>\n\t\t\t\t<\/div>\n\t\t\t\t\t<\/div>\n\t\t\t\t<\/div>\n\t\t<div class=\"elementor-element elementor-element-iwgs-keltischerkn-s8 e-flex e-con-boxed e-con e-parent\" data-id=\"iwgs-keltischerkn-s8\" data-element_type=\"container\" data-e-type=\"container\">\n\t\t\t\t\t<div class=\"e-con-inner\">\n\t\t\t\t<div class=\"elementor-element elementor-element-iwgs-keltischerkn-s8h elementor-widget elementor-widget-heading\" data-id=\"iwgs-keltischerkn-s8h\" data-element_type=\"widget\" data-e-type=\"widget\" data-widget_type=\"heading.default\">\n\t\t\t\t\t<h2 class=\"elementor-heading-title elementor-size-default\">Aktuell mottagning<\/h2>\t\t\t\t<\/div>\n\t\t<div class=\"elementor-element elementor-element-iwgs-keltischerkn-s8box e-con-full e-flex e-con e-parent\" data-id=\"iwgs-keltischerkn-s8box\" data-element_type=\"container\" data-e-type=\"container\">\n\t\t\t\t<div class=\"elementor-element elementor-element-iwgs-keltischerkn-s8t elementor-widget elementor-widget-text-editor\" data-id=\"iwgs-keltischerkn-s8t\" data-element_type=\"widget\" data-e-type=\"widget\" data-widget_type=\"text-editor.default\">\n\t\t\t\t\t\t\t\t\t<p>Den keltiska knuten \u00e4r i dag ett av de mest k\u00e4nda och omtyckta tecknen fr\u00e5n den keltiska kretsen. Den \u00e4r spridd l\u00e5ngt utanf\u00f6r Irland och Britannien.<\/p><p>Som smycke \u00e4r den keltiska knuten s\u00e4rskilt omtyckt. Ringar, h\u00e4ngen och armband med knutm\u00f6nster tillverkas och b\u00e4rs i stort antal.<\/p><p>\u00c4ven som ursprungstecken har den keltiska knuten betydelse. I de irl\u00e4ndska samfunden v\u00e4rlden \u00f6ver \u00e4r den ett igenk\u00e4nningstecken som uttrycker samh\u00f6righeten med ursprungsregionen.<\/p><p>I den moderna anv\u00e4ndningen st\u00e5r ofta tolkningen som tecken p\u00e5 evighet och samh\u00f6righet i f\u00f6rgrunden. Den keltiska knuten har blivit ett omtyckt tecken vid br\u00f6llop.<\/p><p>F\u00f6r konsthistorien och <span class=\"iwg-fachbegriff\" data-tooltip=\"Vetenskapen som utforskar religioner j\u00e4mf\u00f6rande och utan trosbindning.\" tabindex=\"0\">religionsvetenskapen<\/span> f\u00f6rblir den keltiska knuten intressant. Den visar hur en medeltida ornamentform i nutiden laddas med nya betydelser.<\/p><p>Den keltiska knuten \u00e4r d\u00e4rmed ett tydligt exempel p\u00e5 ett tecken med tv\u00e5 historier. Den \u00e4r en rik ornamentform i den insul\u00e4ra konsten, och den \u00e4r en modern <span class=\"iwg-fachbegriff\" data-tooltip=\"En \u00e5sk\u00e5dlig bild som st\u00e5r f\u00f6r en abstrakt tanke.\" tabindex=\"0\">symbol<\/span> f\u00f6r evigheten och samh\u00f6righeten.<\/p>\t\t\t\t\t\t\t\t<\/div>\n\t\t\t\t<\/div>\n\t\t\t\t\t<\/div>\n\t\t\t\t<\/div>\n\t\t<div class=\"elementor-element elementor-element-iwgs-keltischerkn-lit e-flex e-con-boxed e-con e-parent\" data-id=\"iwgs-keltischerkn-lit\" data-element_type=\"container\" data-e-type=\"container\">\n\t\t\t\t\t<div class=\"e-con-inner\">\n\t\t\t\t<div class=\"elementor-element elementor-element-iwgs-keltischerkn-lith elementor-widget elementor-widget-heading\" data-id=\"iwgs-keltischerkn-lith\" data-element_type=\"widget\" data-e-type=\"widget\" data-widget_type=\"heading.default\">\n\t\t\t\t\t<h2 class=\"elementor-heading-title elementor-size-default\">Litteratur (urval)<\/h2>\t\t\t\t<\/div>\n\t\t<div class=\"elementor-element elementor-element-iwgs-keltischerkn-litbox e-con-full e-flex e-con e-parent\" data-id=\"iwgs-keltischerkn-litbox\" data-element_type=\"container\" data-e-type=\"container\">\n\t\t\t\t<div class=\"elementor-element elementor-element-iwgs-keltischerkn-litt elementor-widget elementor-widget-html\" data-id=\"iwgs-keltischerkn-litt\" data-element_type=\"widget\" data-e-type=\"widget\" data-widget_type=\"html.default\">\n\t\t\t\t\t<footer data-nosnippet=\"true\"><ul><li>George Bain: <em>Celtic Art. The Methods of Construction<\/em> (1951)<\/li><li>Ruth Megaw, Vincent Megaw: <em>Celtic Art. From its Beginnings to the Book of Kells<\/em> (1989)<\/li><li>Bernard Meehan: <em>The Book of Kells<\/em> (1994)<\/li><li>Hilary Richardson: <em>Celtic Art<\/em> (1996)<\/li><li>Nancy Edwards: <em>The Archaeology of Early Medieval Ireland<\/em> (1990)<\/li><\/ul><\/footer>\t\t\t\t<\/div>\n\t\t\t\t<\/div>\n\t\t\t\t\t<\/div>\n\t\t\t\t<\/div>\n\t\t<div class=\"elementor-element elementor-element-iwgs-keltischerkn-kwd e-flex e-con-boxed e-con e-parent\" data-id=\"iwgs-keltischerkn-kwd\" data-element_type=\"container\" data-e-type=\"container\">\n\t\t\t\t\t<div class=\"e-con-inner\">\n\t\t\t\t<div class=\"elementor-element elementor-element-iwgs-keltischerkn-kwdt elementor-widget elementor-widget-text-editor\" data-id=\"iwgs-keltischerkn-kwdt\" data-element_type=\"widget\" data-e-type=\"widget\" data-widget_type=\"text-editor.default\">\n\t\t\t\t\t\t\t\t\t<p><em>Relaterade nyckelbegrepp: keltisk knut knutm\u00f6nster insul\u00e4r konst o\u00e4ndligt band fl\u00e4tverk h\u00f6gkors triquetra spiral knuttecken medeltiden.<\/em><\/p>\t\t\t\t\t\t\t\t<\/div>\n\t\t\t\t\t<\/div>\n\t\t\t\t<\/div>\n\t\t<div class=\"elementor-element elementor-element-iwgs-keltischerkn-cc e-flex e-con-boxed e-con e-parent\" data-id=\"iwgs-keltischerkn-cc\" data-element_type=\"container\" data-e-type=\"container\" id=\"iwg-cc-keltischer-knoten\">\n\t\t\t\t\t<div class=\"e-con-inner\">\n\t\t<div class=\"elementor-element elementor-element-iwgs-keltischerkn-ccinner e-flex e-con-boxed e-con e-parent\" data-id=\"iwgs-keltischerkn-ccinner\" data-element_type=\"container\" data-e-type=\"container\" data-settings=\"{&quot;background_background&quot;:&quot;classic&quot;}\">\n\t\t\t\t\t<div class=\"e-con-inner\">\n\t\t\t\t<div class=\"elementor-element elementor-element-iwgs-keltischerkn-cch elementor-widget elementor-widget-heading\" data-id=\"iwgs-keltischerkn-cch\" data-element_type=\"widget\" data-e-type=\"widget\" data-widget_type=\"heading.default\">\n\t\t\t\t\t<h2 class=\"elementor-heading-title elementor-size-default\">iWell Guard och skyddstraditioner<\/h2>\t\t\t\t<\/div>\n\t\t\t\t<div class=\"elementor-element elementor-element-iwgs-keltischerkn-cct elementor-widget elementor-widget-text-editor\" data-id=\"iwgs-keltischerkn-cct\" data-element_type=\"widget\" data-e-type=\"widget\" data-widget_type=\"text-editor.default\">\n\t\t\t\t\t\t\t\t\t<p>iWell Guard f\u00f6ljer den kulturhistoriska traditionen av b\u00e4rbara skyddsobjekt, till vilken \u00e4ven den keltiska knuten h\u00f6r. En modern f\u00f6ljeslagare f\u00f6r m\u00e4nniskor som lever med skyddssymboler: tillverkad i Tyskland, 41 lager av \u00e4kta guld, platina och silver, med 30 dagars returr\u00e4tt.<\/p>\t\t\t\t\t\t\t\t<\/div>\n\t\t\t\t<div class=\"elementor-element elementor-element-iwgs-keltischerkn-ccb iwg-cc-button iwg-cc-cta-2026-05-13 elementor-widget elementor-widget-jet-button\" data-id=\"iwgs-keltischerkn-ccb\" data-element_type=\"widget\" data-e-type=\"widget\" data-widget_type=\"jet-button.default\">\n\t\t\t\t<div class=\"elementor-widget-container\">\n\t\t\t\t\t<div class=\"elementor-jet-button jet-elements\"><div class=\"jet-button__container\"><a class=\"jet-button__instance jet-button__instance--icon-left hover-effect-1\" href=\"\/schutzanhaenger-iwell-guard-kaufen\/?utm_source=iwell-guard.com&amp;utm_medium=info-box&amp;utm_campaign=schutzsymbole\"><div class=\"jet-button__plane jet-button__plane-normal\"><\/div><div class=\"jet-button__plane jet-button__plane-hover\"><\/div><div class=\"jet-button__state jet-button__state-normal\"><span class=\"jet-button__label\">Mer om iWell Guard<\/span><\/div><div class=\"jet-button__state jet-button__state-hover\"><span class=\"jet-button__label\">Mer om iWell Guard<\/span><\/div><\/a><\/div><\/div><style>.elementor-element.elementor-element-iwgs-keltischerkn-ccb .jet-button__instance{width:320px;height:56px;}.elementor-element.elementor-element-iwgs-keltischerkn-ccb .jet-button__state-normal .jet-button__label{text-align:center;margin:0px 0px 0px 0px;color:#1a1b20;font-family:Montserrat,sans-serif;font-size:13px;font-weight:400;letter-spacing:4px;line-height:1.714em;text-transform:uppercase;}.elementor-element.elementor-element-iwgs-keltischerkn-ccb .jet-button__state-hover .jet-button__label{text-align:center;margin:0px 0px 0px 0px;color:#FECC76;font-family:Montserrat,sans-serif;font-size:13px;font-weight:400;letter-spacing:4px;line-height:1.714em;text-transform:uppercase;}.elementor-element.elementor-element-iwgs-keltischerkn-ccb .jet-button__plane-normal{background-color:#FECC76;border-style:solid;border-color:#C99540;border-width:2px 2px 2px 2px;}.elementor-element.elementor-element-iwgs-keltischerkn-ccb .jet-button__plane-hover{background-color:rgba(0,0,0,0.55);border-style:solid;border-color:#FECC76;border-width:2px 2px 2px 2px;}<\/style>\t\t\t\t<\/div>\n\t\t\t\t<\/div>\n\t\t\t\t<div class=\"elementor-element elementor-element-iwgs-keltischerkn-ccd elementor-widget elementor-widget-text-editor\" data-id=\"iwgs-keltischerkn-ccd\" data-element_type=\"widget\" data-e-type=\"widget\" data-widget_type=\"text-editor.default\">\n\t\t\t\t\t\t\t\t\t<p style=\"text-align:center;font-size:13px;opacity:0.7;margin-top:14px\" data-nosnippet=\"true\">Personliga erfarenheter kan variera. Ingen medicinteknisk produkt. Inget l\u00f6fte om l\u00e4kning.<\/p>\t\t\t\t\t\t\t\t<\/div>\n\t\t\t\t\t<\/div>\n\t\t\t\t<\/div>\n\t\t\t\t\t<\/div>\n\t\t\t\t<\/div>\n\t\t<div class=\"elementor-element elementor-element-iwgs-keltischerkn-disc e-flex e-con-boxed e-con e-parent\" data-id=\"iwgs-keltischerkn-disc\" data-element_type=\"container\" data-e-type=\"container\">\n\t\t\t\t\t<div class=\"e-con-inner\">\n\t\t\t\t<div class=\"elementor-element elementor-element-iwgs-keltischerkn-discw elementor-widget elementor-widget-html\" data-id=\"iwgs-keltischerkn-discw\" data-element_type=\"widget\" data-e-type=\"widget\" data-widget_type=\"html.default\">\n\t\t\t\t\t<footer data-nosnippet=\"true\" class=\"iwg-disclaimer-block\"><p data-nosnippet=\"true\">iWell Guard \u00e4r <strong>ingen medicinteknisk produkt<\/strong> och ers\u00e4tter ingen l\u00e4karbehandling eller psykoterapeutisk behandling. Inneh\u00e5llet som presenteras h\u00e4r \u00e4r en religionsvetenskaplig och kulturhistorisk kontextualisering, inget l\u00f6fte om andlig verkan.<\/p><\/footer>\t\t\t\t<\/div>\n\t\t\t\t\t<\/div>\n\t\t\t\t<\/div>\n\t\t\t\t<\/div>\n\t\t","protected":false},"excerpt":{"rendered":"","protected":false},"author":3,"featured_media":3484,"parent":0,"menu_order":0,"comment_status":"closed","ping_status":"closed","template":"elementor_header_footer","meta":{"_yoast_wpseo_focuskw":"keltisk knut","_yoast_wpseo_title":"Keltisk knut \u2013 det o\u00e4ndliga m\u00f6nstret","_yoast_wpseo_metadesc":"Den keltiska knuten \u00e4r det o\u00e4ndliga sammanfl\u00e4tade knutm\u00f6nstret i den insul\u00e4ra konsten. Ursprung och betydelse f\u00f6rklarat p\u00e5 ett l\u00e4ttillg\u00e4ngligt s\u00e4tt.","_yoast_wpseo_meta-robots-noindex":"","_yoast_wpseo_canonical":"","_angie_page":false,"gefaehrdungsstufe":"","wesen_kultur":"","wesen_klasse":"","footnotes":""},"categories":[],"class_list":["post-137116","page","type-page","status-publish","has-post-thumbnail","hentry"],"yoast_head":"<!-- This site is optimized with the Yoast SEO Premium plugin v27.7 (Yoast SEO v28.3) - https:\/\/yoast.com\/product\/yoast-seo-premium-wordpress\/ -->\n<title>Keltisk knut \u2013 det o\u00e4ndliga m\u00f6nstret<\/title>\n<meta name=\"description\" content=\"Den keltiska knuten \u00e4r det o\u00e4ndliga sammanfl\u00e4tade knutm\u00f6nstret i den insul\u00e4ra konsten. Ursprung och betydelse f\u00f6rklarat p\u00e5 ett l\u00e4ttillg\u00e4ngligt s\u00e4tt.\" \/>\n<meta name=\"robots\" content=\"index, follow, max-snippet:-1, max-image-preview:large, max-video-preview:-1\" \/>\n<link rel=\"canonical\" href=\"https:\/\/iwell-guard.com\/sv\/keltisk-knut-oandliga-knutmonstret\/\" \/>\n<meta property=\"og:locale\" content=\"sv_SE\" \/>\n<meta property=\"og:type\" content=\"article\" \/>\n<meta property=\"og:title\" content=\"Den keltiska knuten \u2013 det o\u00e4ndliga knutm\u00f6nstret\" \/>\n<meta property=\"og:description\" content=\"Den keltiska knuten \u00e4r det o\u00e4ndliga sammanfl\u00e4tade knutm\u00f6nstret i den insul\u00e4ra konsten. Ursprung och betydelse f\u00f6rklarat p\u00e5 ett l\u00e4ttillg\u00e4ngligt s\u00e4tt.\" \/>\n<meta property=\"og:url\" content=\"https:\/\/iwell-guard.com\/sv\/keltisk-knut-oandliga-knutmonstret\/\" \/>\n<meta property=\"og:site_name\" content=\"iWell Guard\" \/>\n<meta property=\"article:modified_time\" content=\"2026-09-03T01:20:49+00:00\" \/>\n<meta property=\"og:image\" content=\"https:\/\/iwell-guard.com\/wp-content\/uploads\/2026\/05\/schutzsymbol_keltisch_keltischer-knoten.webp\" \/>\n\t<meta property=\"og:image:width\" content=\"1024\" \/>\n\t<meta property=\"og:image:height\" content=\"1536\" \/>\n\t<meta property=\"og:image:type\" content=\"image\/webp\" \/>\n<meta name=\"twitter:card\" content=\"summary_large_image\" \/>\n<script type=\"application\/ld+json\" class=\"yoast-schema-graph\">{\"@context\":\"https:\\\/\\\/schema.org\",\"@graph\":[{\"@type\":\"WebPage\",\"@id\":\"https:\\\/\\\/iwell-guard.com\\\/sv\\\/keltisk-knut-oandliga-knutmonstret\\\/\",\"url\":\"https:\\\/\\\/iwell-guard.com\\\/sv\\\/keltisk-knut-oandliga-knutmonstret\\\/\",\"name\":\"Keltisk knut \u2013 det o\u00e4ndliga m\u00f6nstret\",\"isPartOf\":{\"@id\":\"https:\\\/\\\/iwell-guard.com\\\/sv\\\/#website\"},\"primaryImageOfPage\":{\"@id\":\"https:\\\/\\\/iwell-guard.com\\\/sv\\\/keltisk-knut-oandliga-knutmonstret\\\/#primaryimage\"},\"image\":{\"@id\":\"https:\\\/\\\/iwell-guard.com\\\/sv\\\/keltisk-knut-oandliga-knutmonstret\\\/#primaryimage\"},\"thumbnailUrl\":\"https:\\\/\\\/iwell-guard.com\\\/wp-content\\\/uploads\\\/2026\\\/05\\\/schutzsymbol_keltisch_keltischer-knoten.webp\",\"datePublished\":\"2026-09-03T00:12:55+00:00\",\"dateModified\":\"2026-09-03T01:20:49+00:00\",\"description\":\"Den keltiska knuten \u00e4r det o\u00e4ndliga sammanfl\u00e4tade knutm\u00f6nstret i den insul\u00e4ra konsten. Ursprung och betydelse f\u00f6rklarat p\u00e5 ett l\u00e4ttillg\u00e4ngligt s\u00e4tt.\",\"breadcrumb\":{\"@id\":\"https:\\\/\\\/iwell-guard.com\\\/sv\\\/keltisk-knut-oandliga-knutmonstret\\\/#breadcrumb\"},\"inLanguage\":\"sv-SE\",\"potentialAction\":[{\"@type\":\"ReadAction\",\"target\":[\"https:\\\/\\\/iwell-guard.com\\\/sv\\\/keltisk-knut-oandliga-knutmonstret\\\/\"]}]},{\"@type\":\"ImageObject\",\"inLanguage\":\"sv-SE\",\"@id\":\"https:\\\/\\\/iwell-guard.com\\\/sv\\\/keltisk-knut-oandliga-knutmonstret\\\/#primaryimage\",\"url\":\"https:\\\/\\\/iwell-guard.com\\\/wp-content\\\/uploads\\\/2026\\\/05\\\/schutzsymbol_keltisch_keltischer-knoten.webp\",\"contentUrl\":\"https:\\\/\\\/iwell-guard.com\\\/wp-content\\\/uploads\\\/2026\\\/05\\\/schutzsymbol_keltisch_keltischer-knoten.webp\",\"width\":1024,\"height\":1536,\"caption\":\"Skyddssymbol. Stilleben-illustration i museistil.\"},{\"@type\":\"BreadcrumbList\",\"@id\":\"https:\\\/\\\/iwell-guard.com\\\/sv\\\/keltisk-knut-oandliga-knutmonstret\\\/#breadcrumb\",\"itemListElement\":[{\"@type\":\"ListItem\",\"position\":1,\"name\":\"Start\",\"item\":\"https:\\\/\\\/iwell-guard.com\\\/sv\\\/?page_id=136483\"},{\"@type\":\"ListItem\",\"position\":2,\"name\":\"Den keltiska knuten \u2013 det o\u00e4ndliga knutm\u00f6nstret\"}]},{\"@type\":\"WebSite\",\"@id\":\"https:\\\/\\\/iwell-guard.com\\\/sv\\\/#website\",\"url\":\"https:\\\/\\\/iwell-guard.com\\\/sv\\\/\",\"name\":\"iWell Guard\",\"description\":\"Schutz vor dunklen Einfl\u00fcssen\",\"publisher\":{\"@id\":\"https:\\\/\\\/iwell-guard.com\\\/sv\\\/#organization\"},\"potentialAction\":[{\"@type\":\"SearchAction\",\"target\":{\"@type\":\"EntryPoint\",\"urlTemplate\":\"https:\\\/\\\/iwell-guard.com\\\/sv\\\/?s={search_term_string}\"},\"query-input\":{\"@type\":\"PropertyValueSpecification\",\"valueRequired\":true,\"valueName\":\"search_term_string\"}}],\"inLanguage\":\"sv-SE\"},{\"@type\":\"Organization\",\"@id\":\"https:\\\/\\\/iwell-guard.com\\\/sv\\\/#organization\",\"name\":\"Ittermann electronic GmbH\",\"url\":\"https:\\\/\\\/iwell-guard.com\\\/sv\\\/\",\"logo\":{\"@type\":\"ImageObject\",\"inLanguage\":\"sv-SE\",\"@id\":\"https:\\\/\\\/iwell-guard.com\\\/sv\\\/#\\\/schema\\\/logo\\\/image\\\/\",\"url\":\"https:\\\/\\\/iwell-guard.com\\\/wp-content\\\/uploads\\\/2026\\\/05\\\/Ittermann-Logo-1182x237-1.png\",\"contentUrl\":\"https:\\\/\\\/iwell-guard.com\\\/wp-content\\\/uploads\\\/2026\\\/05\\\/Ittermann-Logo-1182x237-1.png\",\"width\":1182,\"height\":237,\"caption\":\"Ittermann electronic GmbH\"},\"image\":{\"@id\":\"https:\\\/\\\/iwell-guard.com\\\/sv\\\/#\\\/schema\\\/logo\\\/image\\\/\"},\"sameAs\":[\"https:\\\/\\\/pantip.com\\\/profile\\\/9367242\",\"https:\\\/\\\/micro.blog\\\/iwellguard\",\"https:\\\/\\\/www.diggerslist.com\\\/iwellguard\\\/about\",\"https:\\\/\\\/skitterphoto.com\\\/photographers\\\/2870314\\\/iwell-guard\",\"https:\\\/\\\/iwellguard.wordpress.com\\\/2026\\\/06\\\/06\\\/iwell-guard\\\/\",\"https:\\\/\\\/hub.docker.com\\\/u\\\/iwellguard\",\"https:\\\/\\\/www.pinterest.com\\\/iwellguard\\\/\",\"https:\\\/\\\/bit.ly\\\/m\\\/iwellguard\",\"https:\\\/\\\/entre-vos-mains.alsace.eu\\\/profiles\\\/iwellguard\\\/activity\",\"https:\\\/\\\/gravatar.com\\\/reallybeded8fd34\",\"https:\\\/\\\/naijamatta.com\\\/iwellguard\",\"https:\\\/\\\/www.goodreads.com\\\/iwellguard\",\"https:\\\/\\\/profile.hatena.ne.jp\\\/iwellguard\\\/\",\"https:\\\/\\\/experiment.com\\\/users\\\/iwellguard\",\"https:\\\/\\\/wakelet.com\\\/@iWellGuard82270\",\"https:\\\/\\\/www.chordie.com\\\/forum\\\/profile.php?id=2555664\",\"https:\\\/\\\/www.instapaper.com\\\/p\\\/17757966\",\"https:\\\/\\\/www.mapleprimes.com\\\/users\\\/iwellguard\",\"https:\\\/\\\/businesslistingplus.com\\\/profile\\\/iwell-guard\\\/\",\"https:\\\/\\\/telegra.ph\\\/iWell-Guard-06-06\",\"https:\\\/\\\/pbase.com\\\/iwellguard\\\/iwellguard\",\"https:\\\/\\\/b.hatena.ne.jp\\\/iwellguard\\\/20260607#bookmark-4788405196491818882\",\"https:\\\/\\\/fliphtml5.com\\\/home\\\/iwellguard\",\"https:\\\/\\\/anyflip.com\\\/homepage\\\/cmiwl#About\",\"https:\\\/\\\/transfur.com\\\/Users\\\/iwellguard\",\"http:\\\/\\\/delphi.larsbo.org\\\/user\\\/iwellguard\",\"https:\\\/\\\/jobs.lajobsportal.org\\\/profiles\\\/8380803-iwell-guard\",\"https:\\\/\\\/md.chaosdorf.de\\\/s\\\/jfbe5SBdJD\",\"https:\\\/\\\/www.lingvolive.com\\\/en-us\\\/profile\\\/9ecaeaca-ce11-4e51-9e71-01d55e2bff36\\\/translations\",\"https:\\\/\\\/www.fitday.com\\\/fitness\\\/forums\\\/members\\\/iwellguard.html\",\"https:\\\/\\\/www.mymeetbook.com\\\/iwellguard\",\"https:\\\/\\\/pxhere.com\\\/en\\\/photographer-me\\\/5040798\",\"https:\\\/\\\/disqus.com\\\/by\\\/iwellguard\\\/about\\\/\",\"https:\\\/\\\/pastelink.net\\\/hjwciqwq\",\"https:\\\/\\\/pubhtml5.com\\\/homepage\\\/scjhn\\\/\",\"https:\\\/\\\/www.bitchute.com\\\/channel\\\/2O2eOKzNqujT\",\"https:\\\/\\\/audiomack.com\\\/iwellguard\"]}]}<\/script>\n<!-- \/ Yoast SEO Premium plugin. -->","yoast_head_json":{"title":"Keltisk knut \u2013 det o\u00e4ndliga m\u00f6nstret","description":"Den keltiska knuten \u00e4r det o\u00e4ndliga sammanfl\u00e4tade knutm\u00f6nstret i den insul\u00e4ra konsten. Ursprung och betydelse f\u00f6rklarat p\u00e5 ett l\u00e4ttillg\u00e4ngligt s\u00e4tt.","robots":{"index":"index","follow":"follow","max-snippet":"max-snippet:-1","max-image-preview":"max-image-preview:large","max-video-preview":"max-video-preview:-1"},"canonical":"https:\/\/iwell-guard.com\/sv\/keltisk-knut-oandliga-knutmonstret\/","og_locale":"sv_SE","og_type":"article","og_title":"Den keltiska knuten \u2013 det o\u00e4ndliga knutm\u00f6nstret","og_description":"Den keltiska knuten \u00e4r det o\u00e4ndliga sammanfl\u00e4tade knutm\u00f6nstret i den insul\u00e4ra konsten. Ursprung och betydelse f\u00f6rklarat p\u00e5 ett l\u00e4ttillg\u00e4ngligt s\u00e4tt.","og_url":"https:\/\/iwell-guard.com\/sv\/keltisk-knut-oandliga-knutmonstret\/","og_site_name":"iWell Guard","article_modified_time":"2026-09-03T01:20:49+00:00","og_image":[{"width":1024,"height":1536,"url":"https:\/\/iwell-guard.com\/wp-content\/uploads\/2026\/05\/schutzsymbol_keltisch_keltischer-knoten.webp","type":"image\/webp"}],"twitter_card":"summary_large_image","schema":{"@context":"https:\/\/schema.org","@graph":[{"@type":"WebPage","@id":"https:\/\/iwell-guard.com\/sv\/keltisk-knut-oandliga-knutmonstret\/","url":"https:\/\/iwell-guard.com\/sv\/keltisk-knut-oandliga-knutmonstret\/","name":"Keltisk knut \u2013 det o\u00e4ndliga m\u00f6nstret","isPartOf":{"@id":"https:\/\/iwell-guard.com\/sv\/#website"},"primaryImageOfPage":{"@id":"https:\/\/iwell-guard.com\/sv\/keltisk-knut-oandliga-knutmonstret\/#primaryimage"},"image":{"@id":"https:\/\/iwell-guard.com\/sv\/keltisk-knut-oandliga-knutmonstret\/#primaryimage"},"thumbnailUrl":"https:\/\/iwell-guard.com\/wp-content\/uploads\/2026\/05\/schutzsymbol_keltisch_keltischer-knoten.webp","datePublished":"2026-09-03T00:12:55+00:00","dateModified":"2026-09-03T01:20:49+00:00","description":"Den keltiska knuten \u00e4r det o\u00e4ndliga sammanfl\u00e4tade knutm\u00f6nstret i den insul\u00e4ra konsten. Ursprung och betydelse f\u00f6rklarat p\u00e5 ett l\u00e4ttillg\u00e4ngligt s\u00e4tt.","breadcrumb":{"@id":"https:\/\/iwell-guard.com\/sv\/keltisk-knut-oandliga-knutmonstret\/#breadcrumb"},"inLanguage":"sv-SE","potentialAction":[{"@type":"ReadAction","target":["https:\/\/iwell-guard.com\/sv\/keltisk-knut-oandliga-knutmonstret\/"]}]},{"@type":"ImageObject","inLanguage":"sv-SE","@id":"https:\/\/iwell-guard.com\/sv\/keltisk-knut-oandliga-knutmonstret\/#primaryimage","url":"https:\/\/iwell-guard.com\/wp-content\/uploads\/2026\/05\/schutzsymbol_keltisch_keltischer-knoten.webp","contentUrl":"https:\/\/iwell-guard.com\/wp-content\/uploads\/2026\/05\/schutzsymbol_keltisch_keltischer-knoten.webp","width":1024,"height":1536,"caption":"Skyddssymbol. Stilleben-illustration i museistil."},{"@type":"BreadcrumbList","@id":"https:\/\/iwell-guard.com\/sv\/keltisk-knut-oandliga-knutmonstret\/#breadcrumb","itemListElement":[{"@type":"ListItem","position":1,"name":"Start","item":"https:\/\/iwell-guard.com\/sv\/?page_id=136483"},{"@type":"ListItem","position":2,"name":"Den keltiska knuten \u2013 det o\u00e4ndliga knutm\u00f6nstret"}]},{"@type":"WebSite","@id":"https:\/\/iwell-guard.com\/sv\/#website","url":"https:\/\/iwell-guard.com\/sv\/","name":"iWell Guard","description":"Schutz vor dunklen Einfl\u00fcssen","publisher":{"@id":"https:\/\/iwell-guard.com\/sv\/#organization"},"potentialAction":[{"@type":"SearchAction","target":{"@type":"EntryPoint","urlTemplate":"https:\/\/iwell-guard.com\/sv\/?s={search_term_string}"},"query-input":{"@type":"PropertyValueSpecification","valueRequired":true,"valueName":"search_term_string"}}],"inLanguage":"sv-SE"},{"@type":"Organization","@id":"https:\/\/iwell-guard.com\/sv\/#organization","name":"Ittermann electronic GmbH","url":"https:\/\/iwell-guard.com\/sv\/","logo":{"@type":"ImageObject","inLanguage":"sv-SE","@id":"https:\/\/iwell-guard.com\/sv\/#\/schema\/logo\/image\/","url":"https:\/\/iwell-guard.com\/wp-content\/uploads\/2026\/05\/Ittermann-Logo-1182x237-1.png","contentUrl":"https:\/\/iwell-guard.com\/wp-content\/uploads\/2026\/05\/Ittermann-Logo-1182x237-1.png","width":1182,"height":237,"caption":"Ittermann electronic GmbH"},"image":{"@id":"https:\/\/iwell-guard.com\/sv\/#\/schema\/logo\/image\/"},"sameAs":["https:\/\/pantip.com\/profile\/9367242","https:\/\/micro.blog\/iwellguard","https:\/\/www.diggerslist.com\/iwellguard\/about","https:\/\/skitterphoto.com\/photographers\/2870314\/iwell-guard","https:\/\/iwellguard.wordpress.com\/2026\/06\/06\/iwell-guard\/","https:\/\/hub.docker.com\/u\/iwellguard","https:\/\/www.pinterest.com\/iwellguard\/","https:\/\/bit.ly\/m\/iwellguard","https:\/\/entre-vos-mains.alsace.eu\/profiles\/iwellguard\/activity","https:\/\/gravatar.com\/reallybeded8fd34","https:\/\/naijamatta.com\/iwellguard","https:\/\/www.goodreads.com\/iwellguard","https:\/\/profile.hatena.ne.jp\/iwellguard\/","https:\/\/experiment.com\/users\/iwellguard","https:\/\/wakelet.com\/@iWellGuard82270","https:\/\/www.chordie.com\/forum\/profile.php?id=2555664","https:\/\/www.instapaper.com\/p\/17757966","https:\/\/www.mapleprimes.com\/users\/iwellguard","https:\/\/businesslistingplus.com\/profile\/iwell-guard\/","https:\/\/telegra.ph\/iWell-Guard-06-06","https:\/\/pbase.com\/iwellguard\/iwellguard","https:\/\/b.hatena.ne.jp\/iwellguard\/20260607#bookmark-4788405196491818882","https:\/\/fliphtml5.com\/home\/iwellguard","https:\/\/anyflip.com\/homepage\/cmiwl#About","https:\/\/transfur.com\/Users\/iwellguard","http:\/\/delphi.larsbo.org\/user\/iwellguard","https:\/\/jobs.lajobsportal.org\/profiles\/8380803-iwell-guard","https:\/\/md.chaosdorf.de\/s\/jfbe5SBdJD","https:\/\/www.lingvolive.com\/en-us\/profile\/9ecaeaca-ce11-4e51-9e71-01d55e2bff36\/translations","https:\/\/www.fitday.com\/fitness\/forums\/members\/iwellguard.html","https:\/\/www.mymeetbook.com\/iwellguard","https:\/\/pxhere.com\/en\/photographer-me\/5040798","https:\/\/disqus.com\/by\/iwellguard\/about\/","https:\/\/pastelink.net\/hjwciqwq","https:\/\/pubhtml5.com\/homepage\/scjhn\/","https:\/\/www.bitchute.com\/channel\/2O2eOKzNqujT","https:\/\/audiomack.com\/iwellguard"]}]}},"_links":{"self":[{"href":"https:\/\/iwell-guard.com\/sv\/wp-json\/wp\/v2\/pages\/137116","targetHints":{"allow":["GET"]}}],"collection":[{"href":"https:\/\/iwell-guard.com\/sv\/wp-json\/wp\/v2\/pages"}],"about":[{"href":"https:\/\/iwell-guard.com\/sv\/wp-json\/wp\/v2\/types\/page"}],"author":[{"embeddable":true,"href":"https:\/\/iwell-guard.com\/sv\/wp-json\/wp\/v2\/users\/3"}],"replies":[{"embeddable":true,"href":"https:\/\/iwell-guard.com\/sv\/wp-json\/wp\/v2\/comments?post=137116"}],"version-history":[{"count":0,"href":"https:\/\/iwell-guard.com\/sv\/wp-json\/wp\/v2\/pages\/137116\/revisions"}],"wp:featuredmedia":[{"embeddable":true,"href":"https:\/\/iwell-guard.com\/sv\/wp-json\/wp\/v2\/media\/3484"}],"wp:attachment":[{"href":"https:\/\/iwell-guard.com\/sv\/wp-json\/wp\/v2\/media?parent=137116"}],"wp:term":[{"taxonomy":"category","embeddable":true,"href":"https:\/\/iwell-guard.com\/sv\/wp-json\/wp\/v2\/categories?post=137116"}],"curies":[{"name":"wp","href":"https:\/\/api.w.org\/{rel}","templated":true}]}}