{"id":137093,"date":"2026-09-03T00:12:43","date_gmt":"2026-09-03T00:12:43","guid":{"rendered":"https:\/\/iwell-guard.com\/?page_id=137093"},"modified":"2026-09-03T01:20:14","modified_gmt":"2026-09-03T01:20:14","slug":"svart-trad-skyddsband-mot-onda-ogat","status":"publish","type":"page","link":"https:\/\/iwell-guard.com\/sv\/svart-trad-skyddsband-mot-onda-ogat\/","title":{"rendered":"Svart tr\u00e5d \u2013 skyddsbandet mot det onda \u00f6gat"},"content":{"rendered":"\t\t<div data-elementor-type=\"wp-page\" data-elementor-id=\"137093\" class=\"elementor elementor-137093 elementor-3681 elementor-bc-flex-widget\" data-elementor-post-type=\"page\">\n\t\t\t\t<div class=\"elementor-element elementor-element-iwgs-schwarzerfad-hero e-flex e-con-boxed e-con e-parent\" data-id=\"iwgs-schwarzerfad-hero\" data-element_type=\"container\" data-e-type=\"container\">\n\t\t\t\t\t<div class=\"e-con-inner\">\n\t\t<div class=\"elementor-element elementor-element-iwgs-schwarzerfad-hl e-flex e-con-boxed e-con e-parent\" data-id=\"iwgs-schwarzerfad-hl\" data-element_type=\"container\" data-e-type=\"container\">\n\t\t\t\t\t<div class=\"e-con-inner\">\n\t\t<div class=\"elementor-element elementor-element-iwgs-schwarzerfad-hlbox e-con-full e-flex e-con e-parent\" data-id=\"iwgs-schwarzerfad-hlbox\" data-element_type=\"container\" data-e-type=\"container\">\n\t\t\t\t<div class=\"elementor-element elementor-element-iwgs-schwarzerfad-h1 elementor-widget elementor-widget-heading\" data-id=\"iwgs-schwarzerfad-h1\" data-element_type=\"widget\" data-e-type=\"widget\" data-widget_type=\"heading.default\">\n\t\t\t\t\t<h1 class=\"elementor-heading-title elementor-size-default\">Svart tr\u00e5d \u2013 det svarta skyddsbandet mot det onda \u00f6gat<\/h1>\t\t\t\t<\/div>\n\t\t\t\t<div class=\"elementor-element elementor-element-iwgs-schwarzerfad-lead elementor-widget elementor-widget-text-editor\" data-id=\"iwgs-schwarzerfad-lead\" data-element_type=\"widget\" data-e-type=\"widget\" data-widget_type=\"text-editor.default\">\n\t\t\t\t\t\t\t\t\t<p>Den svarta tr\u00e5den \u00e4r ett enkelt skyddsband som i Indien l\u00e4ggs runt handleden, h\u00f6ften eller vristen p\u00e5 m\u00e5nga m\u00e4nniskor, s\u00e4rskilt sm\u00e5 barn. Den ska skydda mot det onda \u00f6gat och mot olycka och r\u00e4knas till de mest spridda vardagliga skyddsmedlen.<\/p>\t\t\t\t\t\t\t\t<\/div>\n\t\t\t\t<\/div>\n\t\t\t\t<div class=\"elementor-element elementor-element-iwgs-schwarzerfad-pills elementor-widget elementor-widget-html\" data-id=\"iwgs-schwarzerfad-pills\" data-element_type=\"widget\" data-e-type=\"widget\" data-widget_type=\"html.default\">\n\t\t\t\t\t<div class=\"iwg-pill-row\"><span class=\"iwg-klasse-badge\" tabindex=\"0\" data-tooltip=\"Skyddssymbol, amulett eller apotrop\u00e4iskt objekt.\">Skyddssymbol<\/span><a href=\"https:\/\/iwell-guard.com\/sv\/hinduism\/\" class=\"iwg-kultur-badge\" tabindex=\"0\" data-tooltip=\"Skyddstradition: Hinduismen\">Hinduismen<\/a><span class=\"iwg-tradition-badge\" tabindex=\"0\" data-tooltip=\"Ett band som tillskrivs en skyddande verkan.\">Skyddsband<\/span><\/div>\t\t\t\t<\/div>\n\t\t\t\t\t<\/div>\n\t\t\t\t<\/div>\n\t\t<div class=\"elementor-element elementor-element-iwgs-schwarzerfad-hr e-con-full e-flex e-con e-parent\" data-id=\"iwgs-schwarzerfad-hr\" data-element_type=\"container\" data-e-type=\"container\">\n\t\t\t\t<div class=\"elementor-element elementor-element-iwgs-schwarzerfad-himg iwg-hero-image elementor-widget elementor-widget-image\" data-id=\"iwgs-schwarzerfad-himg\" data-element_type=\"widget\" data-e-type=\"widget\" data-widget_type=\"image.default\">\n\t\t\t\t\t\t\t\t\t\t\t\t\t\t\t<img fetchpriority=\"high\" decoding=\"async\" width=\"683\" height=\"1024\" src=\"https:\/\/iwell-guard.com\/wp-content\/uploads\/2026\/05\/schutzsymbol_hinduismus_schwarzer-faden-683x1024.webp\" class=\"attachment-large size-large wp-image-135820\" alt=\"Svart tr\u00e5d \u2013 skyddssymbol, musealt illustration\" srcset=\"https:\/\/iwell-guard.com\/wp-content\/uploads\/2026\/05\/schutzsymbol_hinduismus_schwarzer-faden-683x1024.webp 683w, https:\/\/iwell-guard.com\/wp-content\/uploads\/2026\/05\/schutzsymbol_hinduismus_schwarzer-faden-200x300.webp 200w, https:\/\/iwell-guard.com\/wp-content\/uploads\/2026\/05\/schutzsymbol_hinduismus_schwarzer-faden-768x1152.webp 768w, https:\/\/iwell-guard.com\/wp-content\/uploads\/2026\/05\/schutzsymbol_hinduismus_schwarzer-faden.webp 1024w\" sizes=\"(max-width: 683px) 100vw, 683px\" \/>\t\t\t\t\t\t\t\t\t\t\t\t\t\t\t<\/div>\n\t\t\t\t<\/div>\n\t\t\t\t\t<\/div>\n\t\t\t\t<\/div>\n\t\t<div class=\"elementor-element elementor-element-iwgs-schwarzerfad-s0 e-flex e-con-boxed e-con e-parent\" data-id=\"iwgs-schwarzerfad-s0\" data-element_type=\"container\" data-e-type=\"container\">\n\t\t\t\t\t<div class=\"e-con-inner\">\n\t\t\t\t<div class=\"elementor-element elementor-element-iwgs-schwarzerfad-s0h elementor-widget elementor-widget-heading\" data-id=\"iwgs-schwarzerfad-s0h\" data-element_type=\"widget\" data-e-type=\"widget\" data-widget_type=\"heading.default\">\n\t\t\t\t\t<h2 class=\"elementor-heading-title elementor-size-default\">Inordning<\/h2>\t\t\t\t<\/div>\n\t\t<div class=\"elementor-element elementor-element-iwgs-schwarzerfad-s0box e-con-full e-flex e-con e-parent\" data-id=\"iwgs-schwarzerfad-s0box\" data-element_type=\"container\" data-e-type=\"container\">\n\t\t\t\t<div class=\"elementor-element elementor-element-iwgs-schwarzerfad-s0t elementor-widget elementor-widget-text-editor\" data-id=\"iwgs-schwarzerfad-s0t\" data-element_type=\"widget\" data-e-type=\"widget\" data-widget_type=\"text-editor.default\">\n\t\t\t\t\t\t\t\t\t<p>Den svarta tr\u00e5den \u00e4r ett enkelt skyddsband ur <a href=\"https:\/\/iwell-guard.com\/sv\/hinduism\/\">hinduismens<\/a> och den indiska vardagens livsv\u00e4rld. Det r\u00f6r sig om ett enkelt svart sn\u00f6re som knyts runt en kroppsdel.<\/p><p>Den svarta tr\u00e5den b\u00e4rs vid handleden, vid vristen eller runt h\u00f6ften. S\u00e4rskilt ofta l\u00e4ggs den p\u00e5 sm\u00e5 barn, som enligt en spridd f\u00f6rest\u00e4llning anses vara s\u00e4rskilt utsatta.<\/p><p>Den svarta tr\u00e5dens uppgift \u00e4r skydd. Den ska bevara b\u00e4raren fr\u00e5n det onda \u00f6gat och allm\u00e4nt h\u00e5lla olycka och skadliga inflytanden borta.<\/p><p>Den svarta tr\u00e5den \u00e4r n\u00e4ra besl\u00e4ktad med andra indiska skyddsband, framf\u00f6r allt med f\u00e4rgade och v\u00e4lsignade tr\u00e5dar som knyts i ett rituellt sammanhang. Till skillnad fr\u00e5n dessa \u00e4r den svarta tr\u00e5den vanligtvis enkel och utan s\u00e4rskild <span class=\"iwg-fachbegriff\" data-tooltip=\"En h\u00f6gtidlig handling som f\u00f6ljer fasta regler.\" tabindex=\"0\">ceremoni<\/span>.<\/p><p>Den svarta tr\u00e5den \u00e4r spridd \u00f6ver religi\u00f6sa gr\u00e4nser. Den b\u00e4rs av hinduiska familjer, men f\u00f6rekommer \u00e4ven hos andra befolkningsgrupper i Indien och g\u00e4ller d\u00e4r som ett allm\u00e4nt skyddsmedel.<\/p><p>Inom <span class=\"iwg-fachbegriff\" data-tooltip=\"Vetenskapen som j\u00e4mf\u00f6rande och utan trosbundenhet unders\u00f6ker religioner.\" tabindex=\"0\">religionsvetenskapen<\/span> \u00e4r den svarta tr\u00e5den ett bra exempel p\u00e5 ett enkelt vardagligt skyddsmedel. Dess verkan grundar sig mindre p\u00e5 en utarbetad l\u00e4ra \u00e4n p\u00e5 en brett delad f\u00f6rest\u00e4llning om skydd genom bandet och genom f\u00e4rgen svart.<\/p>\t\t\t\t\t\t\t\t<\/div>\n\t\t\t\t<\/div>\n\t\t\t\t\t<\/div>\n\t\t\t\t<\/div>\n\t\t<div class=\"elementor-element elementor-element-iwgs-schwarzerfad-s1 e-flex e-con-boxed e-con e-parent\" data-id=\"iwgs-schwarzerfad-s1\" data-element_type=\"container\" data-e-type=\"container\">\n\t\t\t\t\t<div class=\"e-con-inner\">\n\t\t\t\t<div class=\"elementor-element elementor-element-iwgs-schwarzerfad-s1h elementor-widget elementor-widget-heading\" data-id=\"iwgs-schwarzerfad-s1h\" data-element_type=\"widget\" data-e-type=\"widget\" data-widget_type=\"heading.default\">\n\t\t\t\t\t<h2 class=\"elementor-heading-title elementor-size-default\">Bandet som skyddsmedel<\/h2>\t\t\t\t<\/div>\n\t\t<div class=\"elementor-element elementor-element-iwgs-schwarzerfad-s1box e-con-full e-flex e-con e-parent\" data-id=\"iwgs-schwarzerfad-s1box\" data-element_type=\"container\" data-e-type=\"container\">\n\t\t\t\t<div class=\"elementor-element elementor-element-iwgs-schwarzerfad-s1t elementor-widget elementor-widget-text-editor\" data-id=\"iwgs-schwarzerfad-s1t\" data-element_type=\"widget\" data-e-type=\"widget\" data-widget_type=\"text-editor.default\">\n\t\t\t\t\t\t\t\t\t<p>Den svarta tr\u00e5den h\u00f6r till skyddsbanden. Det knutna bandet \u00e4r ett skyddsmedel som f\u00f6rekommer i m\u00e5nga kulturer och som \u00e4r brett spritt \u00e4ven i Indien.<\/p><p>Ett band l\u00e4ggs runt en kroppsdel och knyts d\u00e4r. Detta att knyta \u00e4r symboliskt menat. Det innesluter b\u00e4raren och skapar liksom en skyddad gr\u00e4ns runt honom eller henne.<\/p><p>Knuten spelar d\u00e4rvid en egen roll. I m\u00e5nga f\u00f6rest\u00e4llningar g\u00e4ller knuten som ett medel att h\u00e5lla fast n\u00e5got eller att avv\u00e4rja n\u00e5got. Ett knutet band \u00e4r d\u00e4rf\u00f6r mer \u00e4n bara ett sn\u00f6re.<\/p><p>Bandet b\u00e4rs ofta vid handleden, eftersom denna plats \u00e4r synlig och l\u00e4tt \u00e5tkomlig. Hos barn l\u00e4ggs bandet \u00e4ven runt h\u00f6ften eller vristen, d\u00e4r det f\u00f6rblir dolt under kl\u00e4derna.<\/p><p>Skyddsband \u00e4r talrika i Indien. Det finns v\u00e4lsignade tr\u00e5dar som en pr\u00e4st knyter, f\u00e4rgade band till best\u00e4mda h\u00f6gtider och band som l\u00e4ggs vid pilgrimsorter. Den svarta tr\u00e5den \u00e4r den enklaste av dessa former.<\/p><p>Den svarta tr\u00e5den delar grundtanken med de andra skyddsbanden. Det knutna bandet omsluter b\u00e4raren och ska skydda honom eller henne fr\u00e5n skadliga inflytanden. Dess s\u00e4rdrag ligger i f\u00e4rgen och i dess enkla, vardagliga anv\u00e4ndning.<\/p>\t\t\t\t\t\t\t\t<\/div>\n\t\t\t\t<\/div>\n\t\t\t\t\t<\/div>\n\t\t\t\t<\/div>\n\t\t<div class=\"elementor-element elementor-element-iwgs-schwarzerfad-s2 e-flex e-con-boxed e-con e-parent\" data-id=\"iwgs-schwarzerfad-s2\" data-element_type=\"container\" data-e-type=\"container\">\n\t\t\t\t\t<div class=\"e-con-inner\">\n\t\t\t\t<div class=\"elementor-element elementor-element-iwgs-schwarzerfad-s2h elementor-widget elementor-widget-heading\" data-id=\"iwgs-schwarzerfad-s2h\" data-element_type=\"widget\" data-e-type=\"widget\" data-widget_type=\"heading.default\">\n\t\t\t\t\t<h2 class=\"elementor-heading-title elementor-size-default\">Betydelsen av f\u00e4rgen svart<\/h2>\t\t\t\t<\/div>\n\t\t<div class=\"elementor-element elementor-element-iwgs-schwarzerfad-s2box e-con-full e-flex e-con e-parent\" data-id=\"iwgs-schwarzerfad-s2box\" data-element_type=\"container\" data-e-type=\"container\">\n\t\t\t\t<div class=\"elementor-element elementor-element-iwgs-schwarzerfad-s2t elementor-widget elementor-widget-text-editor\" data-id=\"iwgs-schwarzerfad-s2t\" data-element_type=\"widget\" data-e-type=\"widget\" data-widget_type=\"text-editor.default\">\n\t\t\t\t\t\t\t\t\t<p>Det mest framtr\u00e4dande draget hos detta skyddsband \u00e4r dess f\u00e4rg. Till skillnad fr\u00e5n de r\u00f6da eller gula skyddstr\u00e5darna i Indien \u00e4r denna tr\u00e5d medvetet svart.<\/p><p>F\u00e4rgen svart b\u00e4r i det indiska sammanhanget en s\u00e4rskild betydelse med tanke p\u00e5 det onda \u00f6gat. Svart g\u00e4ller som den f\u00e4rg som drar till sig och avleder den skadliga blicken.<\/p><p>Tanken bakom detta \u00e4r en omdirigering. Det onda \u00f6gat riktas enligt denna f\u00f6rest\u00e4llning f\u00f6rst mot det framtr\u00e4dande svarta tecknet och inte mot det skyddade barnet. Det svarta bandet f\u00e5ngar liksom upp blicken.<\/p><p>Av samma sk\u00e4l ges sm\u00e5 barn i Indien ofta \u00e4ven en svart prick, oftast p\u00e5 kinden eller p\u00e5 pannan. \u00c4ven denna svarta prick ska avleda blicken och l\u00e4tt rubba det fullkomliga intrycket av barnet.<\/p><p>Bakom b\u00e5da st\u00e5r en gemensam f\u00f6rest\u00e4llning. Ett fullst\u00e4ndigt vackert, friskt barn anses vara s\u00e4rskilt utsatt, eftersom det drar till sig beundran och avund. En liten svart fl\u00e4ck avleder blicken och minskar faran.<\/p><p>F\u00e4rgen svart \u00e4r allts\u00e5 inte slumpm\u00e4ssigt vald hos den svarta tr\u00e5den. Den \u00e4r en del av skyddstanken. Bandet verkar inte bara som knutet band, utan \u00e4ven genom sin avledande, blickf\u00e5ngande f\u00e4rg.<\/p>\t\t\t\t\t\t\t\t<\/div>\n\t\t\t\t<\/div>\n\t\t\t\t\t<\/div>\n\t\t\t\t<\/div>\n\t\t<div class=\"elementor-element elementor-element-iwgs-schwarzerfad-s3 e-flex e-con-boxed e-con e-parent\" data-id=\"iwgs-schwarzerfad-s3\" data-element_type=\"container\" data-e-type=\"container\">\n\t\t\t\t\t<div class=\"e-con-inner\">\n\t\t\t\t<div class=\"elementor-element elementor-element-iwgs-schwarzerfad-s3h elementor-widget elementor-widget-heading\" data-id=\"iwgs-schwarzerfad-s3h\" data-element_type=\"widget\" data-e-type=\"widget\" data-widget_type=\"heading.default\">\n\t\t\t\t\t<h2 class=\"elementor-heading-title elementor-size-default\">Den svarta tr\u00e5den och det onda \u00f6gat<\/h2>\t\t\t\t<\/div>\n\t\t<div class=\"elementor-element elementor-element-iwgs-schwarzerfad-s3box e-con-full e-flex e-con e-parent\" data-id=\"iwgs-schwarzerfad-s3box\" data-element_type=\"container\" data-e-type=\"container\">\n\t\t\t\t<div class=\"elementor-element elementor-element-iwgs-schwarzerfad-s3t elementor-widget elementor-widget-text-editor\" data-id=\"iwgs-schwarzerfad-s3t\" data-element_type=\"widget\" data-e-type=\"widget\" data-widget_type=\"text-editor.default\">\n\t\t\t\t\t\t\t\t\t<p>Den svarta tr\u00e5dens viktigaste uppgift \u00e4r skyddet mot det onda \u00f6gat. Denna tro \u00e4r spridd i Indien liksom i m\u00e5nga delar av v\u00e4rlden.<\/p><p>Enligt f\u00f6rest\u00e4llningen om det onda \u00f6gat kan en blick orsaka skada. Ofta f\u00f6rknippas den med avund och missunnsamhet. Den som betraktar n\u00e5got med s\u00e5rande avund kan enligt denna f\u00f6rest\u00e4llning skada det.<\/p><p>Barn anses s\u00e4rskilt utsatta. Ett friskt, vackert barn drar till sig beundran, och just denna beundran kan enligt f\u00f6rest\u00e4llningen sl\u00e5 \u00f6ver i en skadlig blick, \u00e4ven utan onda avsikter.<\/p><p>H\u00e4r kommer den svarta tr\u00e5den in. Den l\u00e4ggs p\u00e5 barn f\u00f6r att skydda dem mot denna blick. Det framtr\u00e4dande svarta bandet ska avleda blicken och g\u00f6ra barnet mindre uppseendev\u00e4ckande.<\/p><p>Tron p\u00e5 det onda \u00f6gat och medlen mot det bildar ett eget, brett spritt omr\u00e5de av skyddsf\u00f6rest\u00e4llningar. Den svarta tr\u00e5den h\u00f6r till detta omr\u00e5de, som beskrivs mer utf\u00f6rligt p\u00e5 sidan om <a href=\"https:\/\/iwell-guard.com\/sv\/onda-ogat\/\">det onda \u00f6gat<\/a>.<\/p><p>Den svarta tr\u00e5den \u00e4r d\u00e4rmed ett av de enklaste och samtidigt mest spridda medlen mot det onda \u00f6gat i Indien. Den kr\u00e4ver ingen anstr\u00e4ngning och ingen <span class=\"iwg-fachbegriff\" data-tooltip=\"En h\u00f6gtidlig handling som f\u00f6ljer fasta regler.\" tabindex=\"0\">ceremoni<\/span> och st\u00e5r till f\u00f6rfogande f\u00f6r varje familj.<\/p>\t\t\t\t\t\t\t\t<\/div>\n\t\t\t\t<\/div>\n\t\t\t\t\t<\/div>\n\t\t\t\t<\/div>\n\t\t<div class=\"elementor-element elementor-element-iwgs-schwarzerfad-s4 e-flex e-con-boxed e-con e-parent\" data-id=\"iwgs-schwarzerfad-s4\" data-element_type=\"container\" data-e-type=\"container\">\n\t\t\t\t\t<div class=\"e-con-inner\">\n\t\t\t\t<div class=\"elementor-element elementor-element-iwgs-schwarzerfad-s4h elementor-widget elementor-widget-heading\" data-id=\"iwgs-schwarzerfad-s4h\" data-element_type=\"widget\" data-e-type=\"widget\" data-widget_type=\"heading.default\">\n\t\t\t\t\t<h2 class=\"elementor-heading-title elementor-size-default\">Den svarta tr\u00e5den hos barn<\/h2>\t\t\t\t<\/div>\n\t\t<div class=\"elementor-element elementor-element-iwgs-schwarzerfad-s4box e-con-full e-flex e-con e-parent\" data-id=\"iwgs-schwarzerfad-s4box\" data-element_type=\"container\" data-e-type=\"container\">\n\t\t\t\t<div class=\"elementor-element elementor-element-iwgs-schwarzerfad-s4t elementor-widget elementor-widget-text-editor\" data-id=\"iwgs-schwarzerfad-s4t\" data-element_type=\"widget\" data-e-type=\"widget\" data-widget_type=\"text-editor.default\">\n\t\t\t\t\t\t\t\t\t<p>Den vanligaste b\u00e4raren av den svarta tr\u00e5den \u00e4r det lilla barnet. M\u00e5nga sp\u00e4dbarn och sm\u00e5 barn i Indien f\u00e5r ett s\u00e5dant band knutet strax efter f\u00f6delsen.<\/p><p>Orsaken ligger i den s\u00e4rskilda s\u00e5rbarhet som tillskrivs sm\u00e5 barn. De anses \u00e4nnu inte vara stabila och d\u00e4rf\u00f6r s\u00e4rskilt k\u00e4nsliga f\u00f6r skadliga inflytanden och f\u00f6r den onda blicken.<\/p><p>Bandet knyts oftast runt barnets handled, vrist eller h\u00f6ft. Vid h\u00f6ften d\u00f6ljs det under kl\u00e4derna och f\u00f6ljer barnet om\u00e4rkligt genom dagen.<\/p><p>Ofta kombineras den svarta tr\u00e5den med andra skydds\u00e5tg\u00e4rder. Till dessa h\u00f6r den n\u00e4mnda svarta punkten p\u00e5 barnets kind eller panna, som ocks\u00e5 den ska avleda blicken.<\/p><p>Att knyta bandet \u00e4r oftast en familjeangel\u00e4genhet, ofta modern eller mormodern\/farmodern. Inget pr\u00e4st\u00e4mbete kr\u00e4vs. Den svarta tr\u00e5den h\u00f6r d\u00e4rmed till den hemmabaserade, familj\u00e4ra skyddspraktiken.<\/p><p>I denna anv\u00e4ndning visar sig att den svarta tr\u00e5den framf\u00f6r allt \u00e4r ett tecken p\u00e5 omsorg. Den uttrycker familjens oro f\u00f6r barnets v\u00e4lbefinnande och ger denna oro en synlig, konkret form.<\/p>\t\t\t\t\t\t\t\t<\/div>\n\t\t\t\t<\/div>\n\t\t\t\t\t<\/div>\n\t\t\t\t<\/div>\n\t\t<div class=\"elementor-element elementor-element-iwgs-schwarzerfad-s5 e-flex e-con-boxed e-con e-parent\" data-id=\"iwgs-schwarzerfad-s5\" data-element_type=\"container\" data-e-type=\"container\">\n\t\t\t\t\t<div class=\"e-con-inner\">\n\t\t\t\t<div class=\"elementor-element elementor-element-iwgs-schwarzerfad-s5h elementor-widget elementor-widget-heading\" data-id=\"iwgs-schwarzerfad-s5h\" data-element_type=\"widget\" data-e-type=\"widget\" data-widget_type=\"heading.default\">\n\t\t\t\t\t<h2 class=\"elementor-heading-title elementor-size-default\">Den svarta tr\u00e5den och den r\u00f6da tr\u00e5den<\/h2>\t\t\t\t<\/div>\n\t\t<div class=\"elementor-element elementor-element-iwgs-schwarzerfad-s5box e-con-full e-flex e-con e-parent\" data-id=\"iwgs-schwarzerfad-s5box\" data-element_type=\"container\" data-e-type=\"container\">\n\t\t\t\t<div class=\"elementor-element elementor-element-iwgs-schwarzerfad-s5t elementor-widget elementor-widget-text-editor\" data-id=\"iwgs-schwarzerfad-s5t\" data-element_type=\"widget\" data-e-type=\"widget\" data-widget_type=\"text-editor.default\">\n\t\t\t\t\t\t\t\t\t<p>Den svarta tr\u00e5den kan f\u00f6rst\u00e5s v\u00e4l i j\u00e4mf\u00f6relse med den r\u00f6da tr\u00e5den. B\u00e5da \u00e4r skyddsband, men de skiljer sig i f\u00e4rg och i betydelse.<\/p><p>Den r\u00f6da tr\u00e5den \u00e4r det vanliga v\u00e4lsignade skyddsbandet i Indien. Den knyts ofta av en pr\u00e4st, s\u00e4tts p\u00e5 vid pilgrimsplatser eller delas ut vid vissa h\u00f6gtider. R\u00f6tt anses vara en gynnsam, kraftfull f\u00e4rg.<\/p><p>Den r\u00f6da tr\u00e5den st\u00e5r d\u00e4rmed snarare f\u00f6r <span class=\"iwg-fachbegriff\" data-tooltip=\"Till\u00e4gnande av lycka och skydd, ofta i fast spr\u00e5klig form.\" tabindex=\"0\">v\u00e4lsignelsen<\/span> och f\u00f6r bindningen till det heliga. Den \u00f6verf\u00f6r en gynnsam kraft till b\u00e4raren. Ofta \u00e4r den f\u00f6rbunden med en <span class=\"iwg-fachbegriff\" data-tooltip=\"En h\u00f6gtidlig handling som utf\u00f6rs enligt fasta regler.\" tabindex=\"0\">ceremoni<\/span> och med en uttalad formel.<\/p><p>Den svarta tr\u00e5den \u00e4r d\u00e4remot oftast enkel och utan <span class=\"iwg-fachbegriff\" data-tooltip=\"En h\u00f6gtidlig handling som utf\u00f6rs enligt fasta regler.\" tabindex=\"0\">ceremoni<\/span>. Dess f\u00e4rg riktar sig inte mot <span class=\"iwg-fachbegriff\" data-tooltip=\"Till\u00e4gnande av lycka och skydd, ofta i fast spr\u00e5klig form.\" tabindex=\"0\">v\u00e4lsignelsen<\/span>, utan mot avv\u00e4rjandet. Svart avleder den onda blicken och f\u00e5ngar den.<\/p><p>B\u00e5da tr\u00e5darna kompletterar varandra. Den ena verkar genom gynnsam <span class=\"iwg-fachbegriff\" data-tooltip=\"Till\u00e4gnande av lycka och skydd, ofta i fast spr\u00e5klig form.\" tabindex=\"0\">v\u00e4lsignelse<\/span>, den andra genom avv\u00e4rjande skydd. Vissa barn b\u00e4r d\u00e4rf\u00f6r b\u00e5da banden, det r\u00f6da och det svarta, samtidigt.<\/p><p>J\u00e4mf\u00f6relsen visar att f\u00e4rgen p\u00e5 ett skyddsband medbest\u00e4mmer dess betydelse. R\u00f6tt och svart st\u00e5r f\u00f6r tv\u00e5 olika s\u00e4tt att skydda, den attraherande <span class=\"iwg-fachbegriff\" data-tooltip=\"Till\u00e4gnande av lycka och skydd, ofta i fast spr\u00e5klig form.\" tabindex=\"0\">v\u00e4lsignelsen<\/span> och det avledande avv\u00e4rjandet.<\/p>\t\t\t\t\t\t\t\t<\/div>\n\t\t\t\t<\/div>\n\t\t\t\t\t<\/div>\n\t\t\t\t<\/div>\n\t\t<div class=\"elementor-element elementor-element-iwgs-schwarzerfad-s6 e-flex e-con-boxed e-con e-parent\" data-id=\"iwgs-schwarzerfad-s6\" data-element_type=\"container\" data-e-type=\"container\">\n\t\t\t\t\t<div class=\"e-con-inner\">\n\t\t\t\t<div class=\"elementor-element elementor-element-iwgs-schwarzerfad-s6h elementor-widget elementor-widget-heading\" data-id=\"iwgs-schwarzerfad-s6h\" data-element_type=\"widget\" data-e-type=\"widget\" data-widget_type=\"heading.default\">\n\t\t\t\t\t<h2 class=\"elementor-heading-title elementor-size-default\">Svarta skyddsband \u00f6ver kulturer<\/h2>\t\t\t\t<\/div>\n\t\t<div class=\"elementor-element elementor-element-iwgs-schwarzerfad-s6box e-con-full e-flex e-con e-parent\" data-id=\"iwgs-schwarzerfad-s6box\" data-element_type=\"container\" data-e-type=\"container\">\n\t\t\t\t<div class=\"elementor-element elementor-element-iwgs-schwarzerfad-s6t elementor-widget elementor-widget-text-editor\" data-id=\"iwgs-schwarzerfad-s6t\" data-element_type=\"widget\" data-e-type=\"widget\" data-widget_type=\"text-editor.default\">\n\t\t\t\t\t\t\t\t\t<p>Den svarta tr\u00e5den kan betraktas i det st\u00f6rre sammanhanget av skyddsband. Det knutna bandet \u00e4r ett skyddsmedel som f\u00f6rekommer i m\u00e5nga kulturer.<\/p><p>I m\u00e5nga traditioner knyts ett band runt handled eller vrist f\u00f6r att skydda b\u00e4raren. F\u00e4rgerna skiljer sig, men grundtanken \u00e4r besl\u00e4ktad, skyddet genom det omslutande, knutna bandet.<\/p><p>\u00c4ven den svarta f\u00e4rgen som medel mot den onda blicken \u00e4r inte begr\u00e4nsad till Indien. I olika kulturer i Medelhavsomr\u00e5det och Mellan\u00f6stern anses m\u00f6rka eller i\u00f6gonfallande tecken vara medel f\u00f6r att avleda den skadliga blicken.<\/p><p>Besl\u00e4ktat \u00e4r ocks\u00e5 det bl\u00e5 \u00f6gonamulettet, som \u00e4r spritt i det turkiska och i Medelhavsomr\u00e5det. Det avv\u00e4rjer den onda blicken genom att f\u00e5nga den. P\u00e5 sidan om <a href=\"https:\/\/iwell-guard.com\/sv\/nazar-boncugu-skyddsoga\/\">Nazar Boncu\u011fu<\/a> beskrivs detta medel n\u00e4rmare.<\/p><p>Indiens svarta tr\u00e5d och Medelhavsomr\u00e5dets bl\u00e5 \u00f6ga f\u00f6ljer en liknande tanke. Ett i\u00f6gonfallande tecken drar den skadliga blicken till sig och avleder den fr\u00e5n den skyddade personen.<\/p><p>Den svarta tr\u00e5den \u00e4r d\u00e4rmed den indiska utformningen av en globalt spridd tanke. Skyddsbandet och den avledande f\u00e4rgen f\u00f6renas i den till ett enkelt, i vardagen fast f\u00f6rankrat skyddsmedel.<\/p>\t\t\t\t\t\t\t\t<\/div>\n\t\t\t\t<\/div>\n\t\t\t\t\t<\/div>\n\t\t\t\t<\/div>\n\t\t<div class=\"elementor-element elementor-element-iwgs-schwarzerfad-s7 e-flex e-con-boxed e-con e-parent\" data-id=\"iwgs-schwarzerfad-s7\" data-element_type=\"container\" data-e-type=\"container\">\n\t\t\t\t\t<div class=\"e-con-inner\">\n\t\t\t\t<div class=\"elementor-element elementor-element-iwgs-schwarzerfad-s7h elementor-widget elementor-widget-heading\" data-id=\"iwgs-schwarzerfad-s7h\" data-element_type=\"widget\" data-e-type=\"widget\" data-widget_type=\"heading.default\">\n\t\t\t\t\t<h2 class=\"elementor-heading-title elementor-size-default\">\u00c4rlig bed\u00f6mning av ursprung och tolkning<\/h2>\t\t\t\t<\/div>\n\t\t<div class=\"elementor-element elementor-element-iwgs-schwarzerfad-s7box e-con-full e-flex e-con e-parent\" data-id=\"iwgs-schwarzerfad-s7box\" data-element_type=\"container\" data-e-type=\"container\">\n\t\t\t\t<div class=\"elementor-element elementor-element-iwgs-schwarzerfad-s7t elementor-widget elementor-widget-text-editor\" data-id=\"iwgs-schwarzerfad-s7t\" data-element_type=\"widget\" data-e-type=\"widget\" data-widget_type=\"text-editor.default\">\n\t\t\t\t\t\t\t\t\t<p>Vid ett s\u00e5 enkelt och vardagligt skyddsmedel som den svarta tr\u00e5den \u00e4r en \u00e4rlig bed\u00f6mning viktig. Mycket av det bygger p\u00e5 vitt spridda f\u00f6rest\u00e4llningar, inte p\u00e5 fastst\u00e4lld l\u00e4ra.<\/p><p>Den svarta tr\u00e5den h\u00f6r till den folkliga skyddspraktiken. Den \u00e4r inte fastskriven i hinduismens l\u00e4rda religi\u00f6sa texter, utan f\u00f6rs vidare och \u00f6verl\u00e4mnas inom familjerna.<\/p><p>Dess \u00e5lder kan inte fastst\u00e4llas exakt. Att knyta skyddsband \u00e4r mycket gammalt i Indien, men den enkla svarta tr\u00e5den i sin nuvarande form kan som enskild <span class=\"iwg-fachbegriff\" data-tooltip=\"En traditionsburen handling som regelbundet upprepas inom en gemenskap.\" tabindex=\"0\">sedv\u00e4nja<\/span> knappast dateras exakt.<\/p><p>\u00c4ven tolkningen av den svarta f\u00e4rgen \u00e4r inte strikt fastst\u00e4lld. F\u00f6rklaringen att svart avleder blicken \u00e4r spridd och rimlig, men den \u00e4r en tolkning av seden och inte dess enda m\u00f6jliga f\u00f6rklaring.<\/p><p>Den svarta tr\u00e5den \u00e4r dessutom inte ett rent hinduiskt tecken. Den anv\u00e4nds \u00f6ver religi\u00f6sa gr\u00e4nser och h\u00f6r till den gemensamma skyddskulturen i indisk vardag.<\/p><p>En hederlig framst\u00e4llning ben\u00e4mner d\u00e4rf\u00f6r den svarta tr\u00e5den f\u00f6r vad den \u00e4r, ett enkelt, vitt spritt skyddsband i indisk vardag, vars betydelse ligger i den levda praktiken och inte i en fastst\u00e4lld l\u00e4ra.<\/p>\t\t\t\t\t\t\t\t<\/div>\n\t\t\t\t<\/div>\n\t\t\t\t\t<\/div>\n\t\t\t\t<\/div>\n\t\t<div class=\"elementor-element elementor-element-iwgs-schwarzerfad-s8 e-flex e-con-boxed e-con e-parent\" data-id=\"iwgs-schwarzerfad-s8\" data-element_type=\"container\" data-e-type=\"container\">\n\t\t\t\t\t<div class=\"e-con-inner\">\n\t\t\t\t<div class=\"elementor-element elementor-element-iwgs-schwarzerfad-s8h elementor-widget elementor-widget-heading\" data-id=\"iwgs-schwarzerfad-s8h\" data-element_type=\"widget\" data-e-type=\"widget\" data-widget_type=\"heading.default\">\n\t\t\t\t\t<h2 class=\"elementor-heading-title elementor-size-default\">Aktuell mottagning<\/h2>\t\t\t\t<\/div>\n\t\t<div class=\"elementor-element elementor-element-iwgs-schwarzerfad-s8box e-con-full e-flex e-con e-parent\" data-id=\"iwgs-schwarzerfad-s8box\" data-element_type=\"container\" data-e-type=\"container\">\n\t\t\t\t<div class=\"elementor-element elementor-element-iwgs-schwarzerfad-s8t elementor-widget elementor-widget-text-editor\" data-id=\"iwgs-schwarzerfad-s8t\" data-element_type=\"widget\" data-e-type=\"widget\" data-widget_type=\"text-editor.default\">\n\t\t\t\t\t\t\t\t\t<p>Den svarta tr\u00e5den \u00e4r \u00e4n idag utomordentligt vanlig i Indien. P\u00e5 m\u00e5nga handleder och p\u00e5 m\u00e5nga barn kan man se det enkla svarta bandet.<\/p><p>Just d\u00e4rf\u00f6r att den \u00e4r enkel och kostnadseffektiv har den svarta tr\u00e5den bevarats genom alla samh\u00e4llsskikt. Den kr\u00e4ver varken stora insatser eller <span class=\"iwg-fachbegriff\" data-tooltip=\"En h\u00f6gtidlig handling som utf\u00f6rs enligt fasta regler.\" tabindex=\"0\">ceremoni<\/span> och st\u00e5r till f\u00f6rfogande f\u00f6r varje familj.<\/p><p>\u00c4ven bland indiska utvandrare och i indiska samfund utanf\u00f6r Indien b\u00e4rs den svarta tr\u00e5den vidare. Den h\u00f6r till de seder som vandrar med familjen \u00f6ver nationsgr\u00e4nser.<\/p><p>I dag uppfattas den svarta tr\u00e5den dels som en medveten religi\u00f6s skyddspraktik, dels som en sj\u00e4lvklar <span class=\"iwg-fachbegriff\" data-tooltip=\"En ned\u00e4rvd handling som upprepas regelbundet inom en gemenskap.\" tabindex=\"0\">sedv\u00e4nja<\/span> vars exakta inneb\u00f6rd tonar bort i bakgrunden. B\u00e5da h\u00e5llningarna existerar sida vid sida.<\/p><p>En saklig beskrivning ben\u00e4mner den svarta tr\u00e5den som ett enkelt skyddsband som ska skydda mot det onda \u00f6gat och som framf\u00f6r allt anl\u00e4ggs av omtanke om barnen.<\/p><p>Den svarta tr\u00e5den \u00e4r d\u00e4rmed ett tydligt exempel p\u00e5 ett enkelt vardagligt skyddsmedel. I den f\u00f6renas skyddet genom det knutna bandet, den avledande betydelsen hos den svarta f\u00e4rgen och familjens omsorg om barnets v\u00e4lbefinnande.<\/p>\t\t\t\t\t\t\t\t<\/div>\n\t\t\t\t<\/div>\n\t\t\t\t\t<\/div>\n\t\t\t\t<\/div>\n\t\t<div class=\"elementor-element elementor-element-iwgs-schwarzerfad-lit e-flex e-con-boxed e-con e-parent\" data-id=\"iwgs-schwarzerfad-lit\" data-element_type=\"container\" data-e-type=\"container\">\n\t\t\t\t\t<div class=\"e-con-inner\">\n\t\t\t\t<div class=\"elementor-element elementor-element-iwgs-schwarzerfad-lith elementor-widget elementor-widget-heading\" data-id=\"iwgs-schwarzerfad-lith\" data-element_type=\"widget\" data-e-type=\"widget\" data-widget_type=\"heading.default\">\n\t\t\t\t\t<h2 class=\"elementor-heading-title elementor-size-default\">Litteratur (urval)<\/h2>\t\t\t\t<\/div>\n\t\t<div class=\"elementor-element elementor-element-iwgs-schwarzerfad-litbox e-con-full e-flex e-con e-parent\" data-id=\"iwgs-schwarzerfad-litbox\" data-element_type=\"container\" data-e-type=\"container\">\n\t\t\t\t<div class=\"elementor-element elementor-element-iwgs-schwarzerfad-litt elementor-widget elementor-widget-html\" data-id=\"iwgs-schwarzerfad-litt\" data-element_type=\"widget\" data-e-type=\"widget\" data-widget_type=\"html.default\">\n\t\t\t\t\t<footer data-nosnippet=\"true\"><ul><li>Axel Michaels: <em>Der Hinduismus. Geschichte und Gegenwart<\/em> (1998)<\/li><li>Alan Dundes (Hrsg.): <em>The Evil Eye. A Casebook<\/em> (1981)<\/li><li>William Crooke: <em>Religion and Folklore of Northern India<\/em> (1926)<\/li><li>Heinrich von Stietencron: <em>Der Hinduismus<\/em> (2001)<\/li><li>Lawrence A. Babb: <em>The Divine Hierarchy. Popular Hinduism in Central India<\/em> (1975)<\/li><\/ul><\/footer>\t\t\t\t<\/div>\n\t\t\t\t<\/div>\n\t\t\t\t\t<\/div>\n\t\t\t\t<\/div>\n\t\t<div class=\"elementor-element elementor-element-iwgs-schwarzerfad-kwd e-flex e-con-boxed e-con e-parent\" data-id=\"iwgs-schwarzerfad-kwd\" data-element_type=\"container\" data-e-type=\"container\">\n\t\t\t\t\t<div class=\"e-con-inner\">\n\t\t\t\t<div class=\"elementor-element elementor-element-iwgs-schwarzerfad-kwdt elementor-widget elementor-widget-text-editor\" data-id=\"iwgs-schwarzerfad-kwdt\" data-element_type=\"widget\" data-e-type=\"widget\" data-widget_type=\"text-editor.default\">\n\t\t\t\t\t\t\t\t\t<p><em>Relaterade nyckelbegrepp: svart tr\u00e5d skyddsband <span class=\"iwg-fachbegriff\" data-tooltip=\"Utbredd f\u00f6rest\u00e4llning att en avundsjuk blick fr\u00e5n en annan person kan orsaka skada.\" tabindex=\"0\">onda \u00f6gat<\/span> barn handled knut svart f\u00e4rg hinduism.<\/em><\/p>\t\t\t\t\t\t\t\t<\/div>\n\t\t\t\t\t<\/div>\n\t\t\t\t<\/div>\n\t\t<div class=\"elementor-element elementor-element-iwgs-schwarzerfad-cc e-flex e-con-boxed e-con e-parent\" data-id=\"iwgs-schwarzerfad-cc\" data-element_type=\"container\" data-e-type=\"container\" id=\"iwg-cc-schwarzer-faden\">\n\t\t\t\t\t<div class=\"e-con-inner\">\n\t\t<div class=\"elementor-element elementor-element-iwgs-schwarzerfad-ccinner e-flex e-con-boxed e-con e-parent\" data-id=\"iwgs-schwarzerfad-ccinner\" data-element_type=\"container\" data-e-type=\"container\" data-settings=\"{&quot;background_background&quot;:&quot;classic&quot;}\">\n\t\t\t\t\t<div class=\"e-con-inner\">\n\t\t\t\t<div class=\"elementor-element elementor-element-iwgs-schwarzerfad-cch elementor-widget elementor-widget-heading\" data-id=\"iwgs-schwarzerfad-cch\" data-element_type=\"widget\" data-e-type=\"widget\" data-widget_type=\"heading.default\">\n\t\t\t\t\t<h2 class=\"elementor-heading-title elementor-size-default\">iWell Guard och skyddstraditioner<\/h2>\t\t\t\t<\/div>\n\t\t\t\t<div class=\"elementor-element elementor-element-iwgs-schwarzerfad-cct elementor-widget elementor-widget-text-editor\" data-id=\"iwgs-schwarzerfad-cct\" data-element_type=\"widget\" data-e-type=\"widget\" data-widget_type=\"text-editor.default\">\n\t\t\t\t\t\t\t\t\t<p>iWell Guard ing\u00e5r i den kulturhistoriska linjen av b\u00e4rbara skyddsobjekt, till vilken \u00e4ven den svarta tr\u00e5den h\u00f6r. En modern f\u00f6ljeslagare f\u00f6r m\u00e4nniskor som lever med skyddssymboler: tillverkad i Tyskland, 41 lager av \u00e4kta guld, platina och silver, med 30 dagars returr\u00e4tt.<\/p>\t\t\t\t\t\t\t\t<\/div>\n\t\t\t\t<div class=\"elementor-element elementor-element-iwgs-schwarzerfad-ccb iwg-cc-button iwg-cc-cta-2026-05-13 elementor-widget elementor-widget-jet-button\" data-id=\"iwgs-schwarzerfad-ccb\" data-element_type=\"widget\" data-e-type=\"widget\" data-widget_type=\"jet-button.default\">\n\t\t\t\t<div class=\"elementor-widget-container\">\n\t\t\t\t\t<div class=\"elementor-jet-button jet-elements\"><div class=\"jet-button__container\"><a class=\"jet-button__instance jet-button__instance--icon-left hover-effect-1\" href=\"\/schutzanhaenger-iwell-guard-kaufen\/?utm_source=iwell-guard.com&amp;utm_medium=info-box&amp;utm_campaign=schutzsymbole\"><div class=\"jet-button__plane jet-button__plane-normal\"><\/div><div class=\"jet-button__plane jet-button__plane-hover\"><\/div><div class=\"jet-button__state jet-button__state-normal\"><span class=\"jet-button__label\">Mer om iWell Guard<\/span><\/div><div class=\"jet-button__state jet-button__state-hover\"><span class=\"jet-button__label\">Mer om iWell Guard<\/span><\/div><\/a><\/div><\/div><style>.elementor-element.elementor-element-iwgs-schwarzerfad-ccb .jet-button__instance{width:320px;height:56px;}.elementor-element.elementor-element-iwgs-schwarzerfad-ccb .jet-button__state-normal .jet-button__label{text-align:center;margin:0px 0px 0px 0px;color:#1a1b20;font-family:Montserrat,sans-serif;font-size:13px;font-weight:400;letter-spacing:4px;line-height:1.714em;text-transform:uppercase;}.elementor-element.elementor-element-iwgs-schwarzerfad-ccb .jet-button__state-hover .jet-button__label{text-align:center;margin:0px 0px 0px 0px;color:#FECC76;font-family:Montserrat,sans-serif;font-size:13px;font-weight:400;letter-spacing:4px;line-height:1.714em;text-transform:uppercase;}.elementor-element.elementor-element-iwgs-schwarzerfad-ccb .jet-button__plane-normal{background-color:#FECC76;border-style:solid;border-color:#C99540;border-width:2px 2px 2px 2px;}.elementor-element.elementor-element-iwgs-schwarzerfad-ccb .jet-button__plane-hover{background-color:rgba(0,0,0,0.55);border-style:solid;border-color:#FECC76;border-width:2px 2px 2px 2px;}<\/style>\t\t\t\t<\/div>\n\t\t\t\t<\/div>\n\t\t\t\t<div class=\"elementor-element elementor-element-iwgs-schwarzerfad-ccd elementor-widget elementor-widget-text-editor\" data-id=\"iwgs-schwarzerfad-ccd\" data-element_type=\"widget\" data-e-type=\"widget\" data-widget_type=\"text-editor.default\">\n\t\t\t\t\t\t\t\t\t<p style=\"text-align:center;font-size:13px;opacity:0.7;margin-top:14px\" data-nosnippet=\"true\">Personliga erfarenheter kan variera. Ingen medicinteknisk produkt. Inget l\u00f6fte om l\u00e4kning.<\/p>\t\t\t\t\t\t\t\t<\/div>\n\t\t\t\t\t<\/div>\n\t\t\t\t<\/div>\n\t\t\t\t\t<\/div>\n\t\t\t\t<\/div>\n\t\t<div class=\"elementor-element elementor-element-iwgs-schwarzerfad-disc e-flex e-con-boxed e-con e-parent\" data-id=\"iwgs-schwarzerfad-disc\" data-element_type=\"container\" data-e-type=\"container\">\n\t\t\t\t\t<div class=\"e-con-inner\">\n\t\t\t\t<div class=\"elementor-element elementor-element-iwgs-schwarzerfad-discw elementor-widget elementor-widget-html\" data-id=\"iwgs-schwarzerfad-discw\" data-element_type=\"widget\" data-e-type=\"widget\" data-widget_type=\"html.default\">\n\t\t\t\t\t<footer data-nosnippet=\"true\" class=\"iwg-disclaimer-block\"><p data-nosnippet=\"true\">iWell Guard \u00e4r <strong>ingen medicinteknisk produkt<\/strong> och ers\u00e4tter ingen l\u00e4karbehandling eller psykoterapeutisk behandling. Inneh\u00e5llet som presenteras h\u00e4r \u00e4r en religionsvetenskaplig och kulturhistorisk kontextualisering, inget l\u00f6fte om andlig verkan.<\/p><\/footer>\t\t\t\t<\/div>\n\t\t\t\t\t<\/div>\n\t\t\t\t<\/div>\n\t\t\t\t<\/div>\n\t\t","protected":false},"excerpt":{"rendered":"","protected":false},"author":3,"featured_media":3519,"parent":0,"menu_order":0,"comment_status":"closed","ping_status":"closed","template":"elementor_header_footer","meta":{"_yoast_wpseo_focuskw":"svart tr\u00e5d","_yoast_wpseo_title":"Svart tr\u00e5d \u2013 skyddsband inom hinduismen","_yoast_wpseo_metadesc":"Den svarta tr\u00e5den \u00e4r ett skyddsband mot det onda \u00f6gat, ofta buret av barn. Betydelse, ursprung och bruk f\u00f6rklarat p\u00e5 ett begripligt s\u00e4tt.","_yoast_wpseo_meta-robots-noindex":"","_yoast_wpseo_canonical":"","_angie_page":false,"gefaehrdungsstufe":"","wesen_kultur":"","wesen_klasse":"","footnotes":""},"categories":[],"class_list":["post-137093","page","type-page","status-publish","has-post-thumbnail","hentry"],"yoast_head":"<!-- This site is optimized with the Yoast SEO Premium plugin v27.7 (Yoast SEO v28.3) - https:\/\/yoast.com\/product\/yoast-seo-premium-wordpress\/ -->\n<title>Svart tr\u00e5d \u2013 skyddsband inom hinduismen<\/title>\n<meta name=\"description\" content=\"Den svarta tr\u00e5den \u00e4r ett skyddsband mot det onda \u00f6gat, ofta buret av barn. Betydelse, ursprung och bruk f\u00f6rklarat p\u00e5 ett begripligt s\u00e4tt.\" \/>\n<meta name=\"robots\" content=\"index, follow, max-snippet:-1, max-image-preview:large, max-video-preview:-1\" \/>\n<link rel=\"canonical\" href=\"https:\/\/iwell-guard.com\/sv\/svart-trad-skyddsband-mot-onda-ogat\/\" \/>\n<meta property=\"og:locale\" content=\"sv_SE\" \/>\n<meta property=\"og:type\" content=\"article\" \/>\n<meta property=\"og:title\" content=\"Svart tr\u00e5d \u2013 skyddsbandet mot det onda \u00f6gat\" \/>\n<meta property=\"og:description\" content=\"Den svarta tr\u00e5den \u00e4r ett skyddsband mot det onda \u00f6gat, ofta buret av barn. Betydelse, ursprung och bruk f\u00f6rklarat p\u00e5 ett begripligt s\u00e4tt.\" \/>\n<meta property=\"og:url\" content=\"https:\/\/iwell-guard.com\/sv\/svart-trad-skyddsband-mot-onda-ogat\/\" \/>\n<meta property=\"og:site_name\" content=\"iWell Guard\" \/>\n<meta property=\"article:modified_time\" content=\"2026-09-03T01:20:14+00:00\" \/>\n<meta property=\"og:image\" content=\"https:\/\/iwell-guard.com\/wp-content\/uploads\/2026\/05\/schutzsymbol_hinduismus_schwarzer-faden.webp\" \/>\n\t<meta property=\"og:image:width\" content=\"1024\" \/>\n\t<meta property=\"og:image:height\" content=\"1536\" \/>\n\t<meta property=\"og:image:type\" content=\"image\/webp\" \/>\n<meta name=\"twitter:card\" content=\"summary_large_image\" \/>\n<script type=\"application\/ld+json\" class=\"yoast-schema-graph\">{\"@context\":\"https:\\\/\\\/schema.org\",\"@graph\":[{\"@type\":\"WebPage\",\"@id\":\"https:\\\/\\\/iwell-guard.com\\\/sv\\\/svart-trad-skyddsband-mot-onda-ogat\\\/\",\"url\":\"https:\\\/\\\/iwell-guard.com\\\/sv\\\/svart-trad-skyddsband-mot-onda-ogat\\\/\",\"name\":\"Svart tr\u00e5d \u2013 skyddsband inom hinduismen\",\"isPartOf\":{\"@id\":\"https:\\\/\\\/iwell-guard.com\\\/sv\\\/#website\"},\"primaryImageOfPage\":{\"@id\":\"https:\\\/\\\/iwell-guard.com\\\/sv\\\/svart-trad-skyddsband-mot-onda-ogat\\\/#primaryimage\"},\"image\":{\"@id\":\"https:\\\/\\\/iwell-guard.com\\\/sv\\\/svart-trad-skyddsband-mot-onda-ogat\\\/#primaryimage\"},\"thumbnailUrl\":\"https:\\\/\\\/iwell-guard.com\\\/wp-content\\\/uploads\\\/2026\\\/05\\\/schutzsymbol_hinduismus_schwarzer-faden.webp\",\"datePublished\":\"2026-09-03T00:12:43+00:00\",\"dateModified\":\"2026-09-03T01:20:14+00:00\",\"description\":\"Den svarta tr\u00e5den \u00e4r ett skyddsband mot det onda \u00f6gat, ofta buret av barn. Betydelse, ursprung och bruk f\u00f6rklarat p\u00e5 ett begripligt s\u00e4tt.\",\"breadcrumb\":{\"@id\":\"https:\\\/\\\/iwell-guard.com\\\/sv\\\/svart-trad-skyddsband-mot-onda-ogat\\\/#breadcrumb\"},\"inLanguage\":\"sv-SE\",\"potentialAction\":[{\"@type\":\"ReadAction\",\"target\":[\"https:\\\/\\\/iwell-guard.com\\\/sv\\\/svart-trad-skyddsband-mot-onda-ogat\\\/\"]}]},{\"@type\":\"ImageObject\",\"inLanguage\":\"sv-SE\",\"@id\":\"https:\\\/\\\/iwell-guard.com\\\/sv\\\/svart-trad-skyddsband-mot-onda-ogat\\\/#primaryimage\",\"url\":\"https:\\\/\\\/iwell-guard.com\\\/wp-content\\\/uploads\\\/2026\\\/05\\\/schutzsymbol_hinduismus_schwarzer-faden.webp\",\"contentUrl\":\"https:\\\/\\\/iwell-guard.com\\\/wp-content\\\/uploads\\\/2026\\\/05\\\/schutzsymbol_hinduismus_schwarzer-faden.webp\",\"width\":1024,\"height\":1536,\"caption\":\"Skyddssymbol. Stilleben-illustration i museistil.\"},{\"@type\":\"BreadcrumbList\",\"@id\":\"https:\\\/\\\/iwell-guard.com\\\/sv\\\/svart-trad-skyddsband-mot-onda-ogat\\\/#breadcrumb\",\"itemListElement\":[{\"@type\":\"ListItem\",\"position\":1,\"name\":\"Start\",\"item\":\"https:\\\/\\\/iwell-guard.com\\\/sv\\\/?page_id=136483\"},{\"@type\":\"ListItem\",\"position\":2,\"name\":\"Svart tr\u00e5d \u2013 skyddsbandet mot det onda \u00f6gat\"}]},{\"@type\":\"WebSite\",\"@id\":\"https:\\\/\\\/iwell-guard.com\\\/sv\\\/#website\",\"url\":\"https:\\\/\\\/iwell-guard.com\\\/sv\\\/\",\"name\":\"iWell Guard\",\"description\":\"Schutz vor dunklen Einfl\u00fcssen\",\"publisher\":{\"@id\":\"https:\\\/\\\/iwell-guard.com\\\/sv\\\/#organization\"},\"potentialAction\":[{\"@type\":\"SearchAction\",\"target\":{\"@type\":\"EntryPoint\",\"urlTemplate\":\"https:\\\/\\\/iwell-guard.com\\\/sv\\\/?s={search_term_string}\"},\"query-input\":{\"@type\":\"PropertyValueSpecification\",\"valueRequired\":true,\"valueName\":\"search_term_string\"}}],\"inLanguage\":\"sv-SE\"},{\"@type\":\"Organization\",\"@id\":\"https:\\\/\\\/iwell-guard.com\\\/sv\\\/#organization\",\"name\":\"Ittermann electronic GmbH\",\"url\":\"https:\\\/\\\/iwell-guard.com\\\/sv\\\/\",\"logo\":{\"@type\":\"ImageObject\",\"inLanguage\":\"sv-SE\",\"@id\":\"https:\\\/\\\/iwell-guard.com\\\/sv\\\/#\\\/schema\\\/logo\\\/image\\\/\",\"url\":\"https:\\\/\\\/iwell-guard.com\\\/wp-content\\\/uploads\\\/2026\\\/05\\\/Ittermann-Logo-1182x237-1.png\",\"contentUrl\":\"https:\\\/\\\/iwell-guard.com\\\/wp-content\\\/uploads\\\/2026\\\/05\\\/Ittermann-Logo-1182x237-1.png\",\"width\":1182,\"height\":237,\"caption\":\"Ittermann electronic GmbH\"},\"image\":{\"@id\":\"https:\\\/\\\/iwell-guard.com\\\/sv\\\/#\\\/schema\\\/logo\\\/image\\\/\"},\"sameAs\":[\"https:\\\/\\\/pantip.com\\\/profile\\\/9367242\",\"https:\\\/\\\/micro.blog\\\/iwellguard\",\"https:\\\/\\\/www.diggerslist.com\\\/iwellguard\\\/about\",\"https:\\\/\\\/skitterphoto.com\\\/photographers\\\/2870314\\\/iwell-guard\",\"https:\\\/\\\/iwellguard.wordpress.com\\\/2026\\\/06\\\/06\\\/iwell-guard\\\/\",\"https:\\\/\\\/hub.docker.com\\\/u\\\/iwellguard\",\"https:\\\/\\\/www.pinterest.com\\\/iwellguard\\\/\",\"https:\\\/\\\/bit.ly\\\/m\\\/iwellguard\",\"https:\\\/\\\/entre-vos-mains.alsace.eu\\\/profiles\\\/iwellguard\\\/activity\",\"https:\\\/\\\/gravatar.com\\\/reallybeded8fd34\",\"https:\\\/\\\/naijamatta.com\\\/iwellguard\",\"https:\\\/\\\/www.goodreads.com\\\/iwellguard\",\"https:\\\/\\\/profile.hatena.ne.jp\\\/iwellguard\\\/\",\"https:\\\/\\\/experiment.com\\\/users\\\/iwellguard\",\"https:\\\/\\\/wakelet.com\\\/@iWellGuard82270\",\"https:\\\/\\\/www.chordie.com\\\/forum\\\/profile.php?id=2555664\",\"https:\\\/\\\/www.instapaper.com\\\/p\\\/17757966\",\"https:\\\/\\\/www.mapleprimes.com\\\/users\\\/iwellguard\",\"https:\\\/\\\/businesslistingplus.com\\\/profile\\\/iwell-guard\\\/\",\"https:\\\/\\\/telegra.ph\\\/iWell-Guard-06-06\",\"https:\\\/\\\/pbase.com\\\/iwellguard\\\/iwellguard\",\"https:\\\/\\\/b.hatena.ne.jp\\\/iwellguard\\\/20260607#bookmark-4788405196491818882\",\"https:\\\/\\\/fliphtml5.com\\\/home\\\/iwellguard\",\"https:\\\/\\\/anyflip.com\\\/homepage\\\/cmiwl#About\",\"https:\\\/\\\/transfur.com\\\/Users\\\/iwellguard\",\"http:\\\/\\\/delphi.larsbo.org\\\/user\\\/iwellguard\",\"https:\\\/\\\/jobs.lajobsportal.org\\\/profiles\\\/8380803-iwell-guard\",\"https:\\\/\\\/md.chaosdorf.de\\\/s\\\/jfbe5SBdJD\",\"https:\\\/\\\/www.lingvolive.com\\\/en-us\\\/profile\\\/9ecaeaca-ce11-4e51-9e71-01d55e2bff36\\\/translations\",\"https:\\\/\\\/www.fitday.com\\\/fitness\\\/forums\\\/members\\\/iwellguard.html\",\"https:\\\/\\\/www.mymeetbook.com\\\/iwellguard\",\"https:\\\/\\\/pxhere.com\\\/en\\\/photographer-me\\\/5040798\",\"https:\\\/\\\/disqus.com\\\/by\\\/iwellguard\\\/about\\\/\",\"https:\\\/\\\/pastelink.net\\\/hjwciqwq\",\"https:\\\/\\\/pubhtml5.com\\\/homepage\\\/scjhn\\\/\",\"https:\\\/\\\/www.bitchute.com\\\/channel\\\/2O2eOKzNqujT\",\"https:\\\/\\\/audiomack.com\\\/iwellguard\"]}]}<\/script>\n<!-- \/ Yoast SEO Premium plugin. -->","yoast_head_json":{"title":"Svart tr\u00e5d \u2013 skyddsband inom hinduismen","description":"Den svarta tr\u00e5den \u00e4r ett skyddsband mot det onda \u00f6gat, ofta buret av barn. Betydelse, ursprung och bruk f\u00f6rklarat p\u00e5 ett begripligt s\u00e4tt.","robots":{"index":"index","follow":"follow","max-snippet":"max-snippet:-1","max-image-preview":"max-image-preview:large","max-video-preview":"max-video-preview:-1"},"canonical":"https:\/\/iwell-guard.com\/sv\/svart-trad-skyddsband-mot-onda-ogat\/","og_locale":"sv_SE","og_type":"article","og_title":"Svart tr\u00e5d \u2013 skyddsbandet mot det onda \u00f6gat","og_description":"Den svarta tr\u00e5den \u00e4r ett skyddsband mot det onda \u00f6gat, ofta buret av barn. Betydelse, ursprung och bruk f\u00f6rklarat p\u00e5 ett begripligt s\u00e4tt.","og_url":"https:\/\/iwell-guard.com\/sv\/svart-trad-skyddsband-mot-onda-ogat\/","og_site_name":"iWell Guard","article_modified_time":"2026-09-03T01:20:14+00:00","og_image":[{"width":1024,"height":1536,"url":"https:\/\/iwell-guard.com\/wp-content\/uploads\/2026\/05\/schutzsymbol_hinduismus_schwarzer-faden.webp","type":"image\/webp"}],"twitter_card":"summary_large_image","schema":{"@context":"https:\/\/schema.org","@graph":[{"@type":"WebPage","@id":"https:\/\/iwell-guard.com\/sv\/svart-trad-skyddsband-mot-onda-ogat\/","url":"https:\/\/iwell-guard.com\/sv\/svart-trad-skyddsband-mot-onda-ogat\/","name":"Svart tr\u00e5d \u2013 skyddsband inom hinduismen","isPartOf":{"@id":"https:\/\/iwell-guard.com\/sv\/#website"},"primaryImageOfPage":{"@id":"https:\/\/iwell-guard.com\/sv\/svart-trad-skyddsband-mot-onda-ogat\/#primaryimage"},"image":{"@id":"https:\/\/iwell-guard.com\/sv\/svart-trad-skyddsband-mot-onda-ogat\/#primaryimage"},"thumbnailUrl":"https:\/\/iwell-guard.com\/wp-content\/uploads\/2026\/05\/schutzsymbol_hinduismus_schwarzer-faden.webp","datePublished":"2026-09-03T00:12:43+00:00","dateModified":"2026-09-03T01:20:14+00:00","description":"Den svarta tr\u00e5den \u00e4r ett skyddsband mot det onda \u00f6gat, ofta buret av barn. Betydelse, ursprung och bruk f\u00f6rklarat p\u00e5 ett begripligt s\u00e4tt.","breadcrumb":{"@id":"https:\/\/iwell-guard.com\/sv\/svart-trad-skyddsband-mot-onda-ogat\/#breadcrumb"},"inLanguage":"sv-SE","potentialAction":[{"@type":"ReadAction","target":["https:\/\/iwell-guard.com\/sv\/svart-trad-skyddsband-mot-onda-ogat\/"]}]},{"@type":"ImageObject","inLanguage":"sv-SE","@id":"https:\/\/iwell-guard.com\/sv\/svart-trad-skyddsband-mot-onda-ogat\/#primaryimage","url":"https:\/\/iwell-guard.com\/wp-content\/uploads\/2026\/05\/schutzsymbol_hinduismus_schwarzer-faden.webp","contentUrl":"https:\/\/iwell-guard.com\/wp-content\/uploads\/2026\/05\/schutzsymbol_hinduismus_schwarzer-faden.webp","width":1024,"height":1536,"caption":"Skyddssymbol. Stilleben-illustration i museistil."},{"@type":"BreadcrumbList","@id":"https:\/\/iwell-guard.com\/sv\/svart-trad-skyddsband-mot-onda-ogat\/#breadcrumb","itemListElement":[{"@type":"ListItem","position":1,"name":"Start","item":"https:\/\/iwell-guard.com\/sv\/?page_id=136483"},{"@type":"ListItem","position":2,"name":"Svart tr\u00e5d \u2013 skyddsbandet mot det onda \u00f6gat"}]},{"@type":"WebSite","@id":"https:\/\/iwell-guard.com\/sv\/#website","url":"https:\/\/iwell-guard.com\/sv\/","name":"iWell Guard","description":"Schutz vor dunklen Einfl\u00fcssen","publisher":{"@id":"https:\/\/iwell-guard.com\/sv\/#organization"},"potentialAction":[{"@type":"SearchAction","target":{"@type":"EntryPoint","urlTemplate":"https:\/\/iwell-guard.com\/sv\/?s={search_term_string}"},"query-input":{"@type":"PropertyValueSpecification","valueRequired":true,"valueName":"search_term_string"}}],"inLanguage":"sv-SE"},{"@type":"Organization","@id":"https:\/\/iwell-guard.com\/sv\/#organization","name":"Ittermann electronic GmbH","url":"https:\/\/iwell-guard.com\/sv\/","logo":{"@type":"ImageObject","inLanguage":"sv-SE","@id":"https:\/\/iwell-guard.com\/sv\/#\/schema\/logo\/image\/","url":"https:\/\/iwell-guard.com\/wp-content\/uploads\/2026\/05\/Ittermann-Logo-1182x237-1.png","contentUrl":"https:\/\/iwell-guard.com\/wp-content\/uploads\/2026\/05\/Ittermann-Logo-1182x237-1.png","width":1182,"height":237,"caption":"Ittermann electronic GmbH"},"image":{"@id":"https:\/\/iwell-guard.com\/sv\/#\/schema\/logo\/image\/"},"sameAs":["https:\/\/pantip.com\/profile\/9367242","https:\/\/micro.blog\/iwellguard","https:\/\/www.diggerslist.com\/iwellguard\/about","https:\/\/skitterphoto.com\/photographers\/2870314\/iwell-guard","https:\/\/iwellguard.wordpress.com\/2026\/06\/06\/iwell-guard\/","https:\/\/hub.docker.com\/u\/iwellguard","https:\/\/www.pinterest.com\/iwellguard\/","https:\/\/bit.ly\/m\/iwellguard","https:\/\/entre-vos-mains.alsace.eu\/profiles\/iwellguard\/activity","https:\/\/gravatar.com\/reallybeded8fd34","https:\/\/naijamatta.com\/iwellguard","https:\/\/www.goodreads.com\/iwellguard","https:\/\/profile.hatena.ne.jp\/iwellguard\/","https:\/\/experiment.com\/users\/iwellguard","https:\/\/wakelet.com\/@iWellGuard82270","https:\/\/www.chordie.com\/forum\/profile.php?id=2555664","https:\/\/www.instapaper.com\/p\/17757966","https:\/\/www.mapleprimes.com\/users\/iwellguard","https:\/\/businesslistingplus.com\/profile\/iwell-guard\/","https:\/\/telegra.ph\/iWell-Guard-06-06","https:\/\/pbase.com\/iwellguard\/iwellguard","https:\/\/b.hatena.ne.jp\/iwellguard\/20260607#bookmark-4788405196491818882","https:\/\/fliphtml5.com\/home\/iwellguard","https:\/\/anyflip.com\/homepage\/cmiwl#About","https:\/\/transfur.com\/Users\/iwellguard","http:\/\/delphi.larsbo.org\/user\/iwellguard","https:\/\/jobs.lajobsportal.org\/profiles\/8380803-iwell-guard","https:\/\/md.chaosdorf.de\/s\/jfbe5SBdJD","https:\/\/www.lingvolive.com\/en-us\/profile\/9ecaeaca-ce11-4e51-9e71-01d55e2bff36\/translations","https:\/\/www.fitday.com\/fitness\/forums\/members\/iwellguard.html","https:\/\/www.mymeetbook.com\/iwellguard","https:\/\/pxhere.com\/en\/photographer-me\/5040798","https:\/\/disqus.com\/by\/iwellguard\/about\/","https:\/\/pastelink.net\/hjwciqwq","https:\/\/pubhtml5.com\/homepage\/scjhn\/","https:\/\/www.bitchute.com\/channel\/2O2eOKzNqujT","https:\/\/audiomack.com\/iwellguard"]}]}},"_links":{"self":[{"href":"https:\/\/iwell-guard.com\/sv\/wp-json\/wp\/v2\/pages\/137093","targetHints":{"allow":["GET"]}}],"collection":[{"href":"https:\/\/iwell-guard.com\/sv\/wp-json\/wp\/v2\/pages"}],"about":[{"href":"https:\/\/iwell-guard.com\/sv\/wp-json\/wp\/v2\/types\/page"}],"author":[{"embeddable":true,"href":"https:\/\/iwell-guard.com\/sv\/wp-json\/wp\/v2\/users\/3"}],"replies":[{"embeddable":true,"href":"https:\/\/iwell-guard.com\/sv\/wp-json\/wp\/v2\/comments?post=137093"}],"version-history":[{"count":0,"href":"https:\/\/iwell-guard.com\/sv\/wp-json\/wp\/v2\/pages\/137093\/revisions"}],"wp:featuredmedia":[{"embeddable":true,"href":"https:\/\/iwell-guard.com\/sv\/wp-json\/wp\/v2\/media\/3519"}],"wp:attachment":[{"href":"https:\/\/iwell-guard.com\/sv\/wp-json\/wp\/v2\/media?parent=137093"}],"wp:term":[{"taxonomy":"category","embeddable":true,"href":"https:\/\/iwell-guard.com\/sv\/wp-json\/wp\/v2\/categories?post=137093"}],"curies":[{"name":"wp","href":"https:\/\/api.w.org\/{rel}","templated":true}]}}