{"id":137086,"date":"2026-09-03T00:12:40","date_gmt":"2026-09-03T00:12:40","guid":{"rendered":"https:\/\/iwell-guard.com\/?page_id=137086"},"modified":"2026-09-03T01:20:03","modified_gmt":"2026-09-03T01:20:03","slug":"schiwiti-tavla-andakts-och-skyddsbild","status":"publish","type":"page","link":"https:\/\/iwell-guard.com\/sv\/schiwiti-tavla-andakts-och-skyddsbild\/","title":{"rendered":"Schiwiti-tavla \u2013 den judiska andakts- och skyddsbilden"},"content":{"rendered":"\t\t<div data-elementor-type=\"wp-page\" data-elementor-id=\"137086\" class=\"elementor elementor-137086 elementor-3673 elementor-bc-flex-widget\" data-elementor-post-type=\"page\">\n\t\t\t\t<div class=\"elementor-element elementor-element-iwgs-schiwititafe-hero e-flex e-con-boxed e-con e-parent\" data-id=\"iwgs-schiwititafe-hero\" data-element_type=\"container\" data-e-type=\"container\">\n\t\t\t\t\t<div class=\"e-con-inner\">\n\t\t<div class=\"elementor-element elementor-element-iwgs-schiwititafe-hl e-flex e-con-boxed e-con e-parent\" data-id=\"iwgs-schiwititafe-hl\" data-element_type=\"container\" data-e-type=\"container\">\n\t\t\t\t\t<div class=\"e-con-inner\">\n\t\t<div class=\"elementor-element elementor-element-iwgs-schiwititafe-hlbox e-con-full e-flex e-con e-parent\" data-id=\"iwgs-schiwititafe-hlbox\" data-element_type=\"container\" data-e-type=\"container\">\n\t\t\t\t<div class=\"elementor-element elementor-element-iwgs-schiwititafe-h1 elementor-widget elementor-widget-heading\" data-id=\"iwgs-schiwititafe-h1\" data-element_type=\"widget\" data-e-type=\"widget\" data-widget_type=\"heading.default\">\n\t\t\t\t\t<h1 class=\"elementor-heading-title elementor-size-default\">Schiwiti-tavlan \u2013 den judiska andakts- och skyddsbilden<\/h1>\t\t\t\t<\/div>\n\t\t\t\t<div class=\"elementor-element elementor-element-iwgs-schiwititafe-lead elementor-widget elementor-widget-text-editor\" data-id=\"iwgs-schiwititafe-lead\" data-element_type=\"widget\" data-e-type=\"widget\" data-widget_type=\"text-editor.default\">\n\t\t\t\t\t\t\t\t\t<p>Schiwiti-tavlan \u00e4r en judisk andaktsbild. Namnet kommer fr\u00e5n en psalmvers, och den ska p\u00e5minna den bedjande om Guds st\u00e4ndiga n\u00e4rvaro. I Guds namn p\u00e5 tavlan ligger samtidigt ett skyddande drag.<\/p>\n<p class=\"iwg-kwfix\">Schiwiti-tavlan \u00e4r samtidigt en andakts- och skyddsbild i det judiska hemmet.<\/p>\t\t\t\t\t\t\t\t<\/div>\n\t\t\t\t<\/div>\n\t\t\t\t<div class=\"elementor-element elementor-element-iwgs-schiwititafe-pills elementor-widget elementor-widget-html\" data-id=\"iwgs-schiwititafe-pills\" data-element_type=\"widget\" data-e-type=\"widget\" data-widget_type=\"html.default\">\n\t\t\t\t\t<div class=\"iwg-pill-row\"><span class=\"iwg-klasse-badge\" tabindex=\"0\" data-tooltip=\"Skyddssymbol, amulett eller apotropeiskt f\u00f6rem\u00e5l.\">Skyddssymbol<\/span><a href=\"https:\/\/iwell-guard.com\/sv\/judendom\/\" class=\"iwg-kultur-badge\" tabindex=\"0\" data-tooltip=\"Skyddstradition: judendom\">Judendom<\/a><span class=\"iwg-tradition-badge\" tabindex=\"0\" data-tooltip=\"En bild f\u00f6r personlig religi\u00f6s betraktelse.\">Andaktsbild<\/span><\/div>\t\t\t\t<\/div>\n\t\t\t\t\t<\/div>\n\t\t\t\t<\/div>\n\t\t<div class=\"elementor-element elementor-element-iwgs-schiwititafe-hr e-con-full e-flex e-con e-parent\" data-id=\"iwgs-schiwititafe-hr\" data-element_type=\"container\" data-e-type=\"container\">\n\t\t\t\t<div class=\"elementor-element elementor-element-iwgs-schiwititafe-himg iwg-hero-image elementor-widget elementor-widget-image\" data-id=\"iwgs-schiwititafe-himg\" data-element_type=\"widget\" data-e-type=\"widget\" data-widget_type=\"image.default\">\n\t\t\t\t\t\t\t\t\t\t\t\t\t\t\t<img fetchpriority=\"high\" decoding=\"async\" width=\"683\" height=\"1024\" src=\"https:\/\/iwell-guard.com\/wp-content\/uploads\/2026\/05\/schutzsymbol_judentum_schiwiti-683x1024.webp\" class=\"attachment-large size-large wp-image-135838\" alt=\"Shiviti \u2013 skyddssymbol, museal illustration\" srcset=\"https:\/\/iwell-guard.com\/wp-content\/uploads\/2026\/05\/schutzsymbol_judentum_schiwiti-683x1024.webp 683w, https:\/\/iwell-guard.com\/wp-content\/uploads\/2026\/05\/schutzsymbol_judentum_schiwiti-200x300.webp 200w, https:\/\/iwell-guard.com\/wp-content\/uploads\/2026\/05\/schutzsymbol_judentum_schiwiti-768x1152.webp 768w, https:\/\/iwell-guard.com\/wp-content\/uploads\/2026\/05\/schutzsymbol_judentum_schiwiti.webp 1024w\" sizes=\"(max-width: 683px) 100vw, 683px\" \/>\t\t\t\t\t\t\t\t\t\t\t\t\t\t\t<\/div>\n\t\t\t\t<\/div>\n\t\t\t\t\t<\/div>\n\t\t\t\t<\/div>\n\t\t<div class=\"elementor-element elementor-element-iwgs-schiwititafe-s0 e-flex e-con-boxed e-con e-parent\" data-id=\"iwgs-schiwititafe-s0\" data-element_type=\"container\" data-e-type=\"container\">\n\t\t\t\t\t<div class=\"e-con-inner\">\n\t\t\t\t<div class=\"elementor-element elementor-element-iwgs-schiwititafe-s0h elementor-widget elementor-widget-heading\" data-id=\"iwgs-schiwititafe-s0h\" data-element_type=\"widget\" data-e-type=\"widget\" data-widget_type=\"heading.default\">\n\t\t\t\t\t<h2 class=\"elementor-heading-title elementor-size-default\">Inordning<\/h2>\t\t\t\t<\/div>\n\t\t<div class=\"elementor-element elementor-element-iwgs-schiwititafe-s0box e-con-full e-flex e-con e-parent\" data-id=\"iwgs-schiwititafe-s0box\" data-element_type=\"container\" data-e-type=\"container\">\n\t\t\t\t<div class=\"elementor-element elementor-element-iwgs-schiwititafe-s0t elementor-widget elementor-widget-text-editor\" data-id=\"iwgs-schiwititafe-s0t\" data-element_type=\"widget\" data-e-type=\"widget\" data-widget_type=\"text-editor.default\">\n\t\t\t\t\t\t\t\t\t<p>Schiwiti-tavlan \u00e4r en andaktsbild ur den judiska traditionen. Den \u00e4r en tavla med inskription eller ett inramat blad, utformat med heliga ord och tecken.<\/p><p>Schiwiti-tavlan har f\u00e5tt sitt namn fr\u00e5n ett ord i psalmerna. Det hebreiska ord som en best\u00e4md psalmvers inleds med \u00e4r schiwiti, och det \u00e4r efter detta ord tavlan \u00e4r namngiven.<\/p><p>Schiwiti-tavlan \u00e4r i f\u00f6rsta hand en andaktsbild. Den ska samla den bedjande och p\u00e5minna om Guds st\u00e4ndiga n\u00e4rvaro.<\/p><p>Ut\u00f6ver denna andaktsfunktion har Schiwiti-tavlan ett skyddande drag. Den inneh\u00e5ller Guds namn och heliga ord som i den judiska traditionen tillskrivs en bevarande kraft.<\/p><p>I <span class=\"iwg-fachbegriff\" data-tooltip=\"Vetenskapen som studerar religioner j\u00e4mf\u00f6rande och utan trosbindning.\" tabindex=\"0\">religionsvetenskapen<\/span> \u00e4r Schiwiti-tavlan ett gott exempel p\u00e5 ett f\u00f6rem\u00e5l d\u00e4r <span class=\"iwg-fachbegriff\" data-tooltip=\"En kort, personlig eller gemensam religi\u00f6s besinning.\" tabindex=\"0\">andakt<\/span> och skydd griper in i varandra. Den \u00e4r mindre ett avv\u00e4rjande <span class=\"iwg-fachbegriff\" data-tooltip=\"Ett buret f\u00f6rem\u00e5l som tillskrivs en skyddande, olycksavv\u00e4rjande verkan.\" tabindex=\"0\">amulett<\/span> \u00e4n en bild f\u00f6r samling som samtidigt skyddar.<\/p><p>Schiwiti-tavlan visar d\u00e4rmed att gr\u00e4nsen mellan andaktsbild och skyddstecken inte \u00e4r skarp. En bild som riktar in p\u00e5 Gud kan samtidigt f\u00f6rst\u00e5s som skydd.<\/p>\t\t\t\t\t\t\t\t<\/div>\n\t\t\t\t<\/div>\n\t\t\t\t\t<\/div>\n\t\t\t\t<\/div>\n\t\t<div class=\"elementor-element elementor-element-iwgs-schiwititafe-s1 e-flex e-con-boxed e-con e-parent\" data-id=\"iwgs-schiwititafe-s1\" data-element_type=\"container\" data-e-type=\"container\">\n\t\t\t\t\t<div class=\"e-con-inner\">\n\t\t\t\t<div class=\"elementor-element elementor-element-iwgs-schiwititafe-s1h elementor-widget elementor-widget-heading\" data-id=\"iwgs-schiwititafe-s1h\" data-element_type=\"widget\" data-e-type=\"widget\" data-widget_type=\"heading.default\">\n\t\t\t\t\t<h2 class=\"elementor-heading-title elementor-size-default\">Psalmversen Schiwiti<\/h2>\t\t\t\t<\/div>\n\t\t<div class=\"elementor-element elementor-element-iwgs-schiwititafe-s1box e-con-full e-flex e-con e-parent\" data-id=\"iwgs-schiwititafe-s1box\" data-element_type=\"container\" data-e-type=\"container\">\n\t\t\t\t<div class=\"elementor-element elementor-element-iwgs-schiwititafe-s1t elementor-widget elementor-widget-text-editor\" data-id=\"iwgs-schiwititafe-s1t\" data-element_type=\"widget\" data-e-type=\"widget\" data-widget_type=\"text-editor.default\">\n\t\t\t\t\t\t\t\t\t<p>I centrum av Schiwiti-tavlan st\u00e5r en best\u00e4md vers ur psalmerna. Det \u00e4r en vers som talar om m\u00e4nniskans st\u00e4ndiga inriktning mot Gud.<\/p><p>Versen inneb\u00e4r i huvudsak att den bedjande alltid h\u00e5ller Gud f\u00f6r \u00f6gonen. M\u00e4nniskan h\u00e5ller sig Guds n\u00e4rvaro st\u00e4ndigt inf\u00f6r \u00f6gonen, i allt hon g\u00f6r.<\/p><p>Med detta ord, schiwiti, inleds den hebreiska versen. Det betyder ungef\u00e4r jag har satt eller jag st\u00e4ller mig framf\u00f6r \u00f6gonen. Detta f\u00f6rsta ord gav tavlan dess namn.<\/p><p>Versen uttrycker en grundh\u00e5llning inom den judiska <span class=\"iwg-fachbegriff\" data-tooltip=\"Den levda religi\u00f6sa h\u00e5llningen och praktiken hos en m\u00e4nniska.\" tabindex=\"0\">fromheten<\/span>. M\u00e4nniskan ska leva medveten om att Gud alltid \u00e4r n\u00e4rvarande och att hennes handlande sker inf\u00f6r Gud.<\/p><p>Schiwiti-tavlan g\u00f6r denna grundh\u00e5llning synlig. Den \u00e4r p\u00e5 s\u00e4tt och vis psalmversen i bildform, ett f\u00f6rem\u00e5l som g\u00f6r den st\u00e4ndiga inriktningen mot Gud levande.<\/p><p>Av denna vers f\u00f6ljer tavlans uppgift. Den ska p\u00e5minna den bedjande om att alltid h\u00e5lla Gud f\u00f6r \u00f6gonen, och den ska hj\u00e4lpa honom med detta.<\/p>\t\t\t\t\t\t\t\t<\/div>\n\t\t\t\t<\/div>\n\t\t\t\t\t<\/div>\n\t\t\t\t<\/div>\n\t\t<div class=\"elementor-element elementor-element-iwgs-schiwititafe-s2 e-flex e-con-boxed e-con e-parent\" data-id=\"iwgs-schiwititafe-s2\" data-element_type=\"container\" data-e-type=\"container\">\n\t\t\t\t\t<div class=\"e-con-inner\">\n\t\t\t\t<div class=\"elementor-element elementor-element-iwgs-schiwititafe-s2h elementor-widget elementor-widget-heading\" data-id=\"iwgs-schiwititafe-s2h\" data-element_type=\"widget\" data-e-type=\"widget\" data-widget_type=\"heading.default\">\n\t\t\t\t\t<h2 class=\"elementor-heading-title elementor-size-default\">Tavlans utformning<\/h2>\t\t\t\t<\/div>\n\t\t<div class=\"elementor-element elementor-element-iwgs-schiwititafe-s2box e-con-full e-flex e-con e-parent\" data-id=\"iwgs-schiwititafe-s2box\" data-element_type=\"container\" data-e-type=\"container\">\n\t\t\t\t<div class=\"elementor-element elementor-element-iwgs-schiwititafe-s2t elementor-widget elementor-widget-text-editor\" data-id=\"iwgs-schiwititafe-s2t\" data-element_type=\"widget\" data-e-type=\"widget\" data-widget_type=\"text-editor.default\">\n\t\t\t\t\t\t\t\t\t<p>Schiwiti-tavlan \u00e4r oftast ett inramat blad eller en tavla som s\u00e4tts upp p\u00e5 v\u00e4ggen. Dess utformning \u00e4r konstfull och f\u00f6ljer best\u00e4mda, traderade m\u00f6nster.<\/p><p>I centrum st\u00e5r ofta Guds namn, vanligen stort och framh\u00e4vt \u00e5tergivet. Omkring det \u00e4r fler heliga ord, verser och namn ordnade.<\/p><p>Ett s\u00e4rskilt vanligt utformningsm\u00f6nster \u00e4r formen av den sjuarmade ljusstaken. En psalm skrivs d\u00e5 p\u00e5 ett s\u00e5dant s\u00e4tt att raderna \u00e5terger ljusstakens form.<\/p><p>Denna skrift i bildform kallas mikrografi. Av mycket sm\u00e5, t\u00e4tt skrivna bokst\u00e4ver bildas bilder och m\u00f6nster. Schiwiti-tavlan \u00e4r ett k\u00e4nt exempel p\u00e5 denna konstform.<\/p><p>Tavlorna kunde vara rikt utsmyckade. Vid sidan av skriften bar de m\u00f6nster, ornament och andra tecken ur den judiska bildtraditionen.<\/p><p>I den konstfulla f\u00f6rbindelsen mellan helig skrift och bild ligger ett v\u00e4sentligt drag hos Schiwiti-tavlan. Den \u00e4r skrift och bild p\u00e5 samma g\u00e5ng, en utformad andaktsbild av heliga ord.<\/p>\t\t\t\t\t\t\t\t<\/div>\n\t\t\t\t<\/div>\n\t\t\t\t\t<\/div>\n\t\t\t\t<\/div>\n\t\t<div class=\"elementor-element elementor-element-iwgs-schiwititafe-s3 e-flex e-con-boxed e-con e-parent\" data-id=\"iwgs-schiwititafe-s3\" data-element_type=\"container\" data-e-type=\"container\">\n\t\t\t\t\t<div class=\"e-con-inner\">\n\t\t\t\t<div class=\"elementor-element elementor-element-iwgs-schiwititafe-s3h elementor-widget elementor-widget-heading\" data-id=\"iwgs-schiwititafe-s3h\" data-element_type=\"widget\" data-e-type=\"widget\" data-widget_type=\"heading.default\">\n\t\t\t\t\t<h2 class=\"elementor-heading-title elementor-size-default\">Schiwiti-tavlan i synagogan<\/h2>\t\t\t\t<\/div>\n\t\t<div class=\"elementor-element elementor-element-iwgs-schiwititafe-s3box e-con-full e-flex e-con e-parent\" data-id=\"iwgs-schiwititafe-s3box\" data-element_type=\"container\" data-e-type=\"container\">\n\t\t\t\t<div class=\"elementor-element elementor-element-iwgs-schiwititafe-s3t elementor-widget elementor-widget-text-editor\" data-id=\"iwgs-schiwititafe-s3t\" data-element_type=\"widget\" data-e-type=\"widget\" data-widget_type=\"text-editor.default\">\n\t\t\t\t\t\t\t\t\t<p>Schiwiti-tavlan har sin plats framf\u00f6r allt i synagogan, det judiska samlings- och b\u00f6neutrymmet.<\/p><p>I synagogan s\u00e4tts tavlan ofta upp p\u00e5 den plats d\u00e4r b\u00f6neledaren st\u00e5r. B\u00f6neledaren leder den gemensamma <span class=\"iwg-fachbegriff\" data-tooltip=\"M\u00e4nniskans spr\u00e5kliga v\u00e4ndning till en gudom.\" tabindex=\"0\">b\u00f6nen<\/span>, och framf\u00f6r honom h\u00e4nger Schiwiti-tavlan.<\/p><p>F\u00f6r b\u00f6neledaren fyller tavlan en best\u00e4md uppgift. Den h\u00e5ller psalmversen och Guds namn framf\u00f6r \u00f6gonen p\u00e5 honom och p\u00e5minner honom om att utf\u00f6ra sin <span class=\"iwg-fachbegriff\" data-tooltip=\"M\u00e4nniskans spr\u00e5kliga v\u00e4ndning till en gudom.\" tabindex=\"0\">b\u00f6n<\/span> med r\u00e4tt h\u00e5llning och inriktning mot Gud.<\/p><p>Schiwiti-tavlan \u00e4r d\u00e4rmed ett hj\u00e4lpmedel f\u00f6r <span class=\"iwg-fachbegriff\" data-tooltip=\"En kort, personlig eller gemensam religi\u00f6s besinning.\" tabindex=\"0\">andakten<\/span>. Den st\u00f6djer den bedjandes samling och riktar hans <span class=\"iwg-fachbegriff\" data-tooltip=\"En kroppsl\u00f6s varelse som tillskrivs verkan i v\u00e4rlden.\" tabindex=\"0\">ande<\/span> mot <span class=\"iwg-fachbegriff\" data-tooltip=\"M\u00e4nniskans spr\u00e5kliga v\u00e4ndning till en gudom.\" tabindex=\"0\">b\u00f6nen<\/span>.<\/p><p>Ut\u00f6ver b\u00f6neledarens plats kunde Schiwiti-tavlan \u00e4ven s\u00e4ttas upp p\u00e5 andra platser i synagogan. Den tj\u00e4nade alltid samma syfte, inriktningen mot Guds n\u00e4rvaro.<\/p><p>Schiwiti-tavlan h\u00f6r d\u00e4rmed till inredningen i det judiska b\u00f6neutrymmet. Den \u00e4r en andaktsbild som f\u00f6ljer och st\u00f6djer den gemensamma och den personliga <span class=\"iwg-fachbegriff\" data-tooltip=\"M\u00e4nniskans spr\u00e5kliga v\u00e4ndning till en gudom.\" tabindex=\"0\">b\u00f6nen<\/span>.<\/p>\t\t\t\t\t\t\t\t<\/div>\n\t\t\t\t<\/div>\n\t\t\t\t\t<\/div>\n\t\t\t\t<\/div>\n\t\t<div class=\"elementor-element elementor-element-iwgs-schiwititafe-s4 e-flex e-con-boxed e-con e-parent\" data-id=\"iwgs-schiwititafe-s4\" data-element_type=\"container\" data-e-type=\"container\">\n\t\t\t\t\t<div class=\"e-con-inner\">\n\t\t\t\t<div class=\"elementor-element elementor-element-iwgs-schiwititafe-s4h elementor-widget elementor-widget-heading\" data-id=\"iwgs-schiwititafe-s4h\" data-element_type=\"widget\" data-e-type=\"widget\" data-widget_type=\"heading.default\">\n\t\t\t\t\t<h2 class=\"elementor-heading-title elementor-size-default\">Schiwiti-tavlan i hemmet<\/h2>\t\t\t\t<\/div>\n\t\t<div class=\"elementor-element elementor-element-iwgs-schiwititafe-s4box e-con-full e-flex e-con e-parent\" data-id=\"iwgs-schiwititafe-s4box\" data-element_type=\"container\" data-e-type=\"container\">\n\t\t\t\t<div class=\"elementor-element elementor-element-iwgs-schiwititafe-s4t elementor-widget elementor-widget-text-editor\" data-id=\"iwgs-schiwititafe-s4t\" data-element_type=\"widget\" data-e-type=\"widget\" data-widget_type=\"text-editor.default\">\n\t\t\t\t\t\t\t\t\t<p>Schiwititavlan var inte begr\u00e4nsad till synagogan. \u00c4ven i hem och bost\u00e4der fann den sin plats.<\/p><p>Uppsatt i hemmet p\u00e5minde tavlan de boende om Guds st\u00e4ndiga n\u00e4rvaro. Den \u00f6verf\u00f6rde h\u00e5llningen i psalmversen fr\u00e5n b\u00f6neutrymmet till boendeutrymmet.<\/p><p>En schiwititavla i hemmet st\u00e4llde boendeutrymmet under tecknet av Guds n\u00e4rvaro. Den som s\u00e5g den p\u00e5mindes om sin tro och om den r\u00e4tta livsh\u00e5llningen.<\/p><p>I denna hemmabruk framtr\u00e4der tavlans skyddande drag tydligare. Ett hem d\u00e4r Guds namn och psalmversen \u00e4r n\u00e4rvarande ans\u00e5gs vara v\u00e4lsignat och skyddat.<\/p><p>D\u00e4rmed st\u00e5r schiwititavlan n\u00e4ra andra judiska hemtecken, s\u00e4rskilt mesusan, skriftkapseln p\u00e5 d\u00f6rrposten. B\u00e5da st\u00e4ller hemmet under tecknet av de heliga orden.<\/p><p>Schiwititavlan t\u00e4cker d\u00e4rmed b\u00e5da omr\u00e5dena, b\u00f6neutrymmet och hemmet. I b\u00e5da fyller den samma uppgift, inriktningen mot Guds n\u00e4rvaro.<\/p>\t\t\t\t\t\t\t\t<\/div>\n\t\t\t\t<\/div>\n\t\t\t\t\t<\/div>\n\t\t\t\t<\/div>\n\t\t<div class=\"elementor-element elementor-element-iwgs-schiwititafe-s5 e-flex e-con-boxed e-con e-parent\" data-id=\"iwgs-schiwititafe-s5\" data-element_type=\"container\" data-e-type=\"container\">\n\t\t\t\t\t<div class=\"e-con-inner\">\n\t\t\t\t<div class=\"elementor-element elementor-element-iwgs-schiwititafe-s5h elementor-widget elementor-widget-heading\" data-id=\"iwgs-schiwititafe-s5h\" data-element_type=\"widget\" data-e-type=\"widget\" data-widget_type=\"heading.default\">\n\t\t\t\t\t<h2 class=\"elementor-heading-title elementor-size-default\">Andakt och skydd<\/h2>\t\t\t\t<\/div>\n\t\t<div class=\"elementor-element elementor-element-iwgs-schiwititafe-s5box e-con-full e-flex e-con e-parent\" data-id=\"iwgs-schiwititafe-s5box\" data-element_type=\"container\" data-e-type=\"container\">\n\t\t\t\t<div class=\"elementor-element elementor-element-iwgs-schiwititafe-s5t elementor-widget elementor-widget-text-editor\" data-id=\"iwgs-schiwititafe-s5t\" data-element_type=\"widget\" data-e-type=\"widget\" data-widget_type=\"text-editor.default\">\n\t\t\t\t\t\t\t\t\t<p>Schiwititavlan \u00e4r i f\u00f6rsta hand en andaktsbild. Dess huvuduppgift \u00e4r att samla den bedjande och p\u00e5minna om Guds n\u00e4rvaro.<\/p><p>Samtidigt b\u00e4r tavlan ett skyddande drag. Detta f\u00f6ljer av dess inneh\u00e5ll, eftersom tavlan inneh\u00e5ller Guds namn och heliga ord.<\/p><p>I den judiska traditionen tillskrivs Guds namn och de heliga orden en bevarande kraft. Ett rum d\u00e4r de \u00e4r n\u00e4rvarande anses vara st\u00e4llt under skydd.<\/p><p>Schiwititavlan verkar d\u00e4rmed p\u00e5 liknande s\u00e4tt som ett v\u00e4lsignelsetecken. Den avv\u00e4rjer inte genom en skr\u00e4ckbild och f\u00e5ngar ingen blick. Den helgar ett rum genom att g\u00f6ra Guds n\u00e4rvaro p\u00e5taglig.<\/p><p><span class=\"iwg-fachbegriff\" data-tooltip=\"En kort, personlig eller gemensam religi\u00f6s besinning.\" tabindex=\"0\">Andakt<\/span> och skydd griper in i varandra hos schiwititavlan. Inriktningen mot Gud \u00e4r samtidigt en st\u00e4llning under hans skydd. Den som st\u00e4ller Gud framf\u00f6r sina \u00f6gon vet sig vara i hans n\u00e4rhet trygg.<\/p><p>Schiwititavlan \u00e4r d\u00e4rmed ett gott exempel p\u00e5 att en andaktsbild och ett skyddstecken ligger n\u00e4ra varandra. Den \u00e4r b\u00e5da, en samlingsbild och ett tecken p\u00e5 skydd genom Guds n\u00e4rvaro.<\/p>\t\t\t\t\t\t\t\t<\/div>\n\t\t\t\t<\/div>\n\t\t\t\t\t<\/div>\n\t\t\t\t<\/div>\n\t\t<div class=\"elementor-element elementor-element-iwgs-schiwititafe-s6 e-flex e-con-boxed e-con e-parent\" data-id=\"iwgs-schiwititafe-s6\" data-element_type=\"container\" data-e-type=\"container\">\n\t\t\t\t\t<div class=\"e-con-inner\">\n\t\t\t\t<div class=\"elementor-element elementor-element-iwgs-schiwititafe-s6h elementor-widget elementor-widget-heading\" data-id=\"iwgs-schiwititafe-s6h\" data-element_type=\"widget\" data-e-type=\"widget\" data-widget_type=\"heading.default\">\n\t\t\t\t\t<h2 class=\"elementor-heading-title elementor-size-default\">Schiwititavlan och mesusan<\/h2>\t\t\t\t<\/div>\n\t\t<div class=\"elementor-element elementor-element-iwgs-schiwititafe-s6box e-con-full e-flex e-con e-parent\" data-id=\"iwgs-schiwititafe-s6box\" data-element_type=\"container\" data-e-type=\"container\">\n\t\t\t\t<div class=\"elementor-element elementor-element-iwgs-schiwititafe-s6t elementor-widget elementor-widget-text-editor\" data-id=\"iwgs-schiwititafe-s6t\" data-element_type=\"widget\" data-e-type=\"widget\" data-widget_type=\"text-editor.default\">\n\t\t\t\t\t\t\t\t\t<p>Schiwititavlan kan v\u00e4l j\u00e4mf\u00f6ras med ett annat judiskt hemtecken, mesusan. B\u00e5da st\u00e4ller ett hem eller ett rum under tecknet av de heliga orden.<\/p><p>Mesusan \u00e4r en liten kapsel p\u00e5 d\u00f6rrposten som inneh\u00e5ller ett skrivet pergament med ord fr\u00e5n <span class=\"iwg-fachbegriff\" data-tooltip=\"De fem Moseb\u00f6ckerna, judendomens grundl\u00e4ggande skriftbest\u00e5nd.\" tabindex=\"0\">Toran<\/span>. Den markerar tr\u00f6skeln till det judiska hemmet.<\/p><p>Schiwititavlan \u00e4r d\u00e4remot en st\u00f6rre, synlig andaktsbild inne i rummet. Den \u00e4r inte uppsatt vid tr\u00f6skeln utan d\u00e4r den bedjandes blick faller p\u00e5 den.<\/p><p>B\u00e5da h\u00f6r till den judiska traditionen med heliga ord i boende- och b\u00f6neutrymmet. B\u00e5da f\u00f6rbinder de heliga ordens n\u00e4rvaro med skydd och med den r\u00e4tta livsh\u00e5llningen.<\/p><p>De kompletterar varandra. Mesusan s\u00e4krar tr\u00f6skeln, schiwititavlan riktar inne i rummet <span class=\"iwg-fachbegriff\" data-tooltip=\"En kroppsl\u00f6s varelse som tillskrivs verkan i v\u00e4rlden.\" tabindex=\"0\">anden<\/span> mot Gud. Tillsammans st\u00e4ller de hemmet under tecknet av de heliga orden.<\/p><p>Schiwititavlan och mesusan visar d\u00e4rmed hur den judiska traditionen gestaltade boende- och b\u00f6neutrymmet. Heliga ord vid tr\u00f6skeln och inne i rummet \u00e5tf\u00f6ljde det dagliga livet.<\/p>\t\t\t\t\t\t\t\t<\/div>\n\t\t\t\t<\/div>\n\t\t\t\t\t<\/div>\n\t\t\t\t<\/div>\n\t\t<div class=\"elementor-element elementor-element-iwgs-schiwititafe-s7 e-flex e-con-boxed e-con e-parent\" data-id=\"iwgs-schiwititafe-s7\" data-element_type=\"container\" data-e-type=\"container\">\n\t\t\t\t\t<div class=\"e-con-inner\">\n\t\t\t\t<div class=\"elementor-element elementor-element-iwgs-schiwititafe-s7h elementor-widget elementor-widget-heading\" data-id=\"iwgs-schiwititafe-s7h\" data-element_type=\"widget\" data-e-type=\"widget\" data-widget_type=\"heading.default\">\n\t\t\t\t\t<h2 class=\"elementor-heading-title elementor-size-default\">Skrift som bild<\/h2>\t\t\t\t<\/div>\n\t\t<div class=\"elementor-element elementor-element-iwgs-schiwititafe-s7box e-con-full e-flex e-con e-parent\" data-id=\"iwgs-schiwititafe-s7box\" data-element_type=\"container\" data-e-type=\"container\">\n\t\t\t\t<div class=\"elementor-element elementor-element-iwgs-schiwititafe-s7t elementor-widget elementor-widget-text-editor\" data-id=\"iwgs-schiwititafe-s7t\" data-element_type=\"widget\" data-e-type=\"widget\" data-widget_type=\"text-editor.default\">\n\t\t\t\t\t\t\t\t\t<p>En s\u00e4rskild egenskap hos schiwititavlan \u00e4r den konstfulla f\u00f6rbindelsen mellan skrift och bild. P\u00e5 m\u00e5nga tavlor blir den heliga skriften sj\u00e4lv till bild.<\/p><p>Det vanligaste exemplet \u00e4r utformningen i form av den sjuarmade ljusstaken. En hel psalm ordnas d\u00e5 med finstilt skrift s\u00e5 att raderna tecknar ljusstaken.<\/p><p>Denna mikrografikonst \u00e4r spridd inom den judiska traditionen. Av mycket finstilta bokst\u00e4ver skapas bilder, m\u00f6nster och former.<\/p><p>Bakom mikrografin ligger en s\u00e4rskild h\u00e5llning. I den judiska traditionen betraktas bildframst\u00e4llning med \u00e5terh\u00e5llsamhet. Skriften d\u00e4remot \u00e4r h\u00f6gt aktad. Mikrografin f\u00f6renar b\u00e5da, eftersom den skapar bilder som helt och h\u00e5llet best\u00e5r av skrift.<\/p><p>Schiwititavlan \u00e4r ett k\u00e4nt exempel p\u00e5 denna konst. P\u00e5 den bildas ljusstaken och andra former av psalmernas ord och av heliga namn.<\/p><p>I denna f\u00f6rbindelse mellan skrift och bild ligger en egen dragningskraft hos schiwititavlan. Den \u00e4r en bild som helt och h\u00e5llet best\u00e5r av heliga ord, och d\u00e4rmed ett tydligt exempel p\u00e5 den judiska uppskattningen av skriften.<\/p>\t\t\t\t\t\t\t\t<\/div>\n\t\t\t\t<\/div>\n\t\t\t\t\t<\/div>\n\t\t\t\t<\/div>\n\t\t<div class=\"elementor-element elementor-element-iwgs-schiwititafe-s8 e-flex e-con-boxed e-con e-parent\" data-id=\"iwgs-schiwititafe-s8\" data-element_type=\"container\" data-e-type=\"container\">\n\t\t\t\t\t<div class=\"e-con-inner\">\n\t\t\t\t<div class=\"elementor-element elementor-element-iwgs-schiwititafe-s8h elementor-widget elementor-widget-heading\" data-id=\"iwgs-schiwititafe-s8h\" data-element_type=\"widget\" data-e-type=\"widget\" data-widget_type=\"heading.default\">\n\t\t\t\t\t<h2 class=\"elementor-heading-title elementor-size-default\">Aktuell mottagning<\/h2>\t\t\t\t<\/div>\n\t\t<div class=\"elementor-element elementor-element-iwgs-schiwititafe-s8box e-con-full e-flex e-con e-parent\" data-id=\"iwgs-schiwititafe-s8box\" data-element_type=\"container\" data-e-type=\"container\">\n\t\t\t\t<div class=\"elementor-element elementor-element-iwgs-schiwititafe-s8t elementor-widget elementor-widget-text-editor\" data-id=\"iwgs-schiwititafe-s8t\" data-element_type=\"widget\" data-e-type=\"widget\" data-widget_type=\"text-editor.default\">\n\t\t\t\t\t\t\t\t\t<p>Schiwititavlan \u00e4r i bruk \u00e4n i dag. I m\u00e5nga synagogor syns den vid f\u00f6rbedjarens plats, och \u00e4ven i hem s\u00e4tts den fortfarande upp.<\/p><p>I m\u00e5nga museisamlingar finns konstfulla schiwititavlor bevarade. De vittnar om mikrografikonsten och om den judiska traditionen av det utformade heliga ordet.<\/p><p>F\u00f6r forskningen om judisk <span class=\"iwg-fachbegriff\" data-tooltip=\"Den levda religi\u00f6sa h\u00e5llningen och praktiken hos en m\u00e4nniska.\" tabindex=\"0\">fromhet<\/span> och konst \u00e4r schiwititavlan ett v\u00e4rdefullt f\u00f6rem\u00e5l. Den visar hur <span class=\"iwg-fachbegriff\" data-tooltip=\"En kort, personlig eller gemensam religi\u00f6s besinning.\" tabindex=\"0\">andakt<\/span>, skrift och bild samverkar i den judiska traditionen.<\/p><p>Schiwititavlan \u00e4r dessutom ett gott exempel p\u00e5 att inte varje religi\u00f6st f\u00f6rem\u00e5l \u00e4r ett rent skyddsamulett. Den \u00e4r i f\u00f6rsta hand en andaktsbild som b\u00e4r ett skyddande drag inom sig.<\/p><p>D\u00e4rmed kompletterar schiwititavlan bilden av den judiska skydds- och andaktskulturen. Vid sidan av amuletterna och tr\u00f6skeltecknen st\u00e5r andaktsbilden, som riktar <span class=\"iwg-fachbegriff\" data-tooltip=\"En kroppsl\u00f6s varelse som tillskrivs verkan i v\u00e4rlden.\" tabindex=\"0\">anden<\/span> mot Gud.<\/p><p>Schiwititavlan f\u00f6rblir ett gripande exempel. I den f\u00f6renas psalmversen om Guds n\u00e4rvaro, skriftkonsten och tanken att inriktningen mot Gud samtidigt betyder skydd och trygghet.<\/p><p>Relaterade sidor i lexikonet: en \u00f6versikt \u00f6ver <a href=\"https:\/\/iwell-guard.com\/sv\/skyddssymboler\/\">skyddssymboler i \u00f6versikt<\/a> samt sidan om <a href=\"https:\/\/iwell-guard.com\/sv\/kabbalistisk-amulett-judisk-skyddsamulett\/\">det kabbalistiska amulettet<\/a>.<\/p>\t\t\t\t\t\t\t\t<\/div>\n\t\t\t\t<\/div>\n\t\t\t\t\t<\/div>\n\t\t\t\t<\/div>\n\t\t<div class=\"elementor-element elementor-element-iwgs-schiwititafe-lit e-flex e-con-boxed e-con e-parent\" data-id=\"iwgs-schiwititafe-lit\" data-element_type=\"container\" data-e-type=\"container\">\n\t\t\t\t\t<div class=\"e-con-inner\">\n\t\t\t\t<div class=\"elementor-element elementor-element-iwgs-schiwititafe-lith elementor-widget elementor-widget-heading\" data-id=\"iwgs-schiwititafe-lith\" data-element_type=\"widget\" data-e-type=\"widget\" data-widget_type=\"heading.default\">\n\t\t\t\t\t<h2 class=\"elementor-heading-title elementor-size-default\">Litteratur (urval)<\/h2>\t\t\t\t<\/div>\n\t\t<div class=\"elementor-element elementor-element-iwgs-schiwititafe-litbox e-con-full e-flex e-con e-parent\" data-id=\"iwgs-schiwititafe-litbox\" data-element_type=\"container\" data-e-type=\"container\">\n\t\t\t\t<div class=\"elementor-element elementor-element-iwgs-schiwititafe-litt elementor-widget elementor-widget-html\" data-id=\"iwgs-schiwititafe-litt\" data-element_type=\"widget\" data-e-type=\"widget\" data-widget_type=\"html.default\">\n\t\t\t\t\t<footer data-nosnippet=\"true\"><ul><li>Joseph Gutmann: <em>The Jewish Sanctuary<\/em> (1983)<\/li><li>Joshua Trachtenberg: <em>Jewish Magic and Superstition<\/em> (1939)<\/li><li>Lexikon des Judentums, artikel om synagoga och andakt<\/li><li>Vivian Mann: <em>Jewish Texts on the Visual Arts<\/em> (2000)<\/li><li>Hans Biedermann: <em>Knaurs Lexikon der Symbole<\/em> (1989)<\/li><\/ul><\/footer>\t\t\t\t<\/div>\n\t\t\t\t<\/div>\n\t\t\t\t\t<\/div>\n\t\t\t\t<\/div>\n\t\t<div class=\"elementor-element elementor-element-iwgs-schiwititafe-kwd e-flex e-con-boxed e-con e-parent\" data-id=\"iwgs-schiwititafe-kwd\" data-element_type=\"container\" data-e-type=\"container\">\n\t\t\t\t\t<div class=\"e-con-inner\">\n\t\t\t\t<div class=\"elementor-element elementor-element-iwgs-schiwititafe-kwdt elementor-widget elementor-widget-text-editor\" data-id=\"iwgs-schiwititafe-kwdt\" data-element_type=\"widget\" data-e-type=\"widget\" data-widget_type=\"text-editor.default\">\n\t\t\t\t\t\t\t\t\t<p><em>Relaterade nyckelbegrepp: Schiwiti andaktsbild psalm Guds namn mikrografi synagoga mezuzah judendom.<\/em><\/p>\t\t\t\t\t\t\t\t<\/div>\n\t\t\t\t\t<\/div>\n\t\t\t\t<\/div>\n\t\t<div class=\"elementor-element elementor-element-iwgs-schiwititafe-cc e-flex e-con-boxed e-con e-parent\" data-id=\"iwgs-schiwititafe-cc\" data-element_type=\"container\" data-e-type=\"container\" id=\"iwg-cc-schiwiti-tafel\">\n\t\t\t\t\t<div class=\"e-con-inner\">\n\t\t<div class=\"elementor-element elementor-element-iwgs-schiwititafe-ccinner e-flex e-con-boxed e-con e-parent\" data-id=\"iwgs-schiwititafe-ccinner\" data-element_type=\"container\" data-e-type=\"container\" data-settings=\"{&quot;background_background&quot;:&quot;classic&quot;}\">\n\t\t\t\t\t<div class=\"e-con-inner\">\n\t\t\t\t<div class=\"elementor-element elementor-element-iwgs-schiwititafe-cch elementor-widget elementor-widget-heading\" data-id=\"iwgs-schiwititafe-cch\" data-element_type=\"widget\" data-e-type=\"widget\" data-widget_type=\"heading.default\">\n\t\t\t\t\t<h2 class=\"elementor-heading-title elementor-size-default\">iWell Guard och skyddstraditioner<\/h2>\t\t\t\t<\/div>\n\t\t\t\t<div class=\"elementor-element elementor-element-iwgs-schiwititafe-cct elementor-widget elementor-widget-text-editor\" data-id=\"iwgs-schiwititafe-cct\" data-element_type=\"widget\" data-e-type=\"widget\" data-widget_type=\"text-editor.default\">\n\t\t\t\t\t\t\t\t\t<p>iWell Guard st\u00e5r i den kulturhistoriska traditionen av b\u00e4rbara skyddsobjekt, dit \u00e4ven schiwiti-tavlan h\u00f6r. En modern f\u00f6ljeslagare f\u00f6r m\u00e4nniskor som lever med skyddssymboler: tillverkad i Tyskland, 41 lager av \u00e4kta guld, platina och silver, med 30 dagars returr\u00e4tt.<\/p>\t\t\t\t\t\t\t\t<\/div>\n\t\t\t\t<div class=\"elementor-element elementor-element-iwgs-schiwititafe-ccb iwg-cc-button iwg-cc-cta-2026-05-13 elementor-widget elementor-widget-jet-button\" data-id=\"iwgs-schiwititafe-ccb\" data-element_type=\"widget\" data-e-type=\"widget\" data-widget_type=\"jet-button.default\">\n\t\t\t\t<div class=\"elementor-widget-container\">\n\t\t\t\t\t<div class=\"elementor-jet-button jet-elements\"><div class=\"jet-button__container\"><a class=\"jet-button__instance jet-button__instance--icon-left hover-effect-1\" href=\"\/schutzanhaenger-iwell-guard-kaufen\/?utm_source=iwell-guard.com&amp;utm_medium=info-box&amp;utm_campaign=schutzsymbole\"><div class=\"jet-button__plane jet-button__plane-normal\"><\/div><div class=\"jet-button__plane jet-button__plane-hover\"><\/div><div class=\"jet-button__state jet-button__state-normal\"><span class=\"jet-button__label\">Mer om iWell Guard<\/span><\/div><div class=\"jet-button__state jet-button__state-hover\"><span class=\"jet-button__label\">Mer om iWell Guard<\/span><\/div><\/a><\/div><\/div><style>.elementor-element.elementor-element-iwgs-schiwititafe-ccb .jet-button__instance{width:320px;height:56px;}.elementor-element.elementor-element-iwgs-schiwititafe-ccb .jet-button__state-normal .jet-button__label{text-align:center;margin:0px 0px 0px 0px;color:#1a1b20;font-family:Montserrat,sans-serif;font-size:13px;font-weight:400;letter-spacing:4px;line-height:1.714em;text-transform:uppercase;}.elementor-element.elementor-element-iwgs-schiwititafe-ccb .jet-button__state-hover .jet-button__label{text-align:center;margin:0px 0px 0px 0px;color:#FECC76;font-family:Montserrat,sans-serif;font-size:13px;font-weight:400;letter-spacing:4px;line-height:1.714em;text-transform:uppercase;}.elementor-element.elementor-element-iwgs-schiwititafe-ccb .jet-button__plane-normal{background-color:#FECC76;border-style:solid;border-color:#C99540;border-width:2px 2px 2px 2px;}.elementor-element.elementor-element-iwgs-schiwititafe-ccb .jet-button__plane-hover{background-color:rgba(0,0,0,0.55);border-style:solid;border-color:#FECC76;border-width:2px 2px 2px 2px;}<\/style>\t\t\t\t<\/div>\n\t\t\t\t<\/div>\n\t\t\t\t<div class=\"elementor-element elementor-element-iwgs-schiwititafe-ccd elementor-widget elementor-widget-text-editor\" data-id=\"iwgs-schiwititafe-ccd\" data-element_type=\"widget\" data-e-type=\"widget\" data-widget_type=\"text-editor.default\">\n\t\t\t\t\t\t\t\t\t<p style=\"text-align:center;font-size:13px;opacity:0.7;margin-top:14px\" data-nosnippet=\"true\">Personliga erfarenheter kan variera. Ingen medicinteknisk produkt. Inget l\u00f6fte om l\u00e4kning.<\/p>\t\t\t\t\t\t\t\t<\/div>\n\t\t\t\t\t<\/div>\n\t\t\t\t<\/div>\n\t\t\t\t\t<\/div>\n\t\t\t\t<\/div>\n\t\t<div class=\"elementor-element elementor-element-iwgs-schiwititafe-disc e-flex e-con-boxed e-con e-parent\" data-id=\"iwgs-schiwititafe-disc\" data-element_type=\"container\" data-e-type=\"container\">\n\t\t\t\t\t<div class=\"e-con-inner\">\n\t\t\t\t<div class=\"elementor-element elementor-element-iwgs-schiwititafe-discw elementor-widget elementor-widget-html\" data-id=\"iwgs-schiwititafe-discw\" data-element_type=\"widget\" data-e-type=\"widget\" data-widget_type=\"html.default\">\n\t\t\t\t\t<footer data-nosnippet=\"true\" class=\"iwg-disclaimer-block\"><p data-nosnippet=\"true\">iWell Guard \u00e4r <strong>ingen medicinteknisk produkt<\/strong> och ers\u00e4tter ingen l\u00e4karbehandling eller psykoterapeutisk behandling. Inneh\u00e5llet som presenteras h\u00e4r \u00e4r en religionsvetenskaplig och kulturhistorisk kontextualisering, inget l\u00f6fte om andlig verkan.<\/p><\/footer>\t\t\t\t<\/div>\n\t\t\t\t\t<\/div>\n\t\t\t\t<\/div>\n\t\t\t\t<\/div>\n\t\t","protected":false},"excerpt":{"rendered":"","protected":false},"author":3,"featured_media":3501,"parent":0,"menu_order":0,"comment_status":"closed","ping_status":"closed","template":"elementor_header_footer","meta":{"_yoast_wpseo_focuskw":"Schiwiti","_yoast_wpseo_title":"Schiwiti-tavla \u2013 judisk andaktsbild","_yoast_wpseo_metadesc":"Schiwiti-tavlan \u00e4r en judisk andaktsbild med Guds namn och psalmord. Ursprung och inneb\u00f6rd f\u00f6rklaras p\u00e5 ett l\u00e4ttbegripligt s\u00e4tt.","_yoast_wpseo_meta-robots-noindex":"","_yoast_wpseo_canonical":"","_angie_page":false,"gefaehrdungsstufe":"","wesen_kultur":"","wesen_klasse":"","footnotes":""},"categories":[],"class_list":["post-137086","page","type-page","status-publish","has-post-thumbnail","hentry"],"yoast_head":"<!-- This site is optimized with the Yoast SEO Premium plugin v27.7 (Yoast SEO v28.3) - https:\/\/yoast.com\/product\/yoast-seo-premium-wordpress\/ -->\n<title>Schiwiti-tavla \u2013 judisk andaktsbild<\/title>\n<meta name=\"description\" content=\"Schiwiti-tavlan \u00e4r en judisk andaktsbild med Guds namn och psalmord. Ursprung och inneb\u00f6rd f\u00f6rklaras p\u00e5 ett l\u00e4ttbegripligt s\u00e4tt.\" \/>\n<meta name=\"robots\" content=\"index, follow, max-snippet:-1, max-image-preview:large, max-video-preview:-1\" \/>\n<link rel=\"canonical\" href=\"https:\/\/iwell-guard.com\/sv\/schiwiti-tavla-andakts-och-skyddsbild\/\" \/>\n<meta property=\"og:locale\" content=\"sv_SE\" \/>\n<meta property=\"og:type\" content=\"article\" \/>\n<meta property=\"og:title\" content=\"Schiwiti-tavla \u2013 den judiska andakts- och skyddsbilden\" \/>\n<meta property=\"og:description\" content=\"Schiwiti-tavlan \u00e4r en judisk andaktsbild med Guds namn och psalmord. Ursprung och inneb\u00f6rd f\u00f6rklaras p\u00e5 ett l\u00e4ttbegripligt s\u00e4tt.\" \/>\n<meta property=\"og:url\" content=\"https:\/\/iwell-guard.com\/sv\/schiwiti-tavla-andakts-och-skyddsbild\/\" \/>\n<meta property=\"og:site_name\" content=\"iWell Guard\" \/>\n<meta property=\"article:modified_time\" content=\"2026-09-03T01:20:03+00:00\" \/>\n<meta property=\"og:image\" content=\"https:\/\/iwell-guard.com\/wp-content\/uploads\/2026\/05\/schutzsymbol_judentum_schiwiti.webp\" \/>\n\t<meta property=\"og:image:width\" content=\"1024\" \/>\n\t<meta property=\"og:image:height\" content=\"1536\" \/>\n\t<meta property=\"og:image:type\" content=\"image\/webp\" \/>\n<meta name=\"twitter:card\" content=\"summary_large_image\" \/>\n<script type=\"application\/ld+json\" class=\"yoast-schema-graph\">{\"@context\":\"https:\\\/\\\/schema.org\",\"@graph\":[{\"@type\":\"WebPage\",\"@id\":\"https:\\\/\\\/iwell-guard.com\\\/sv\\\/schiwiti-tavla-andakts-och-skyddsbild\\\/\",\"url\":\"https:\\\/\\\/iwell-guard.com\\\/sv\\\/schiwiti-tavla-andakts-och-skyddsbild\\\/\",\"name\":\"Schiwiti-tavla \u2013 judisk andaktsbild\",\"isPartOf\":{\"@id\":\"https:\\\/\\\/iwell-guard.com\\\/sv\\\/#website\"},\"primaryImageOfPage\":{\"@id\":\"https:\\\/\\\/iwell-guard.com\\\/sv\\\/schiwiti-tavla-andakts-och-skyddsbild\\\/#primaryimage\"},\"image\":{\"@id\":\"https:\\\/\\\/iwell-guard.com\\\/sv\\\/schiwiti-tavla-andakts-och-skyddsbild\\\/#primaryimage\"},\"thumbnailUrl\":\"https:\\\/\\\/iwell-guard.com\\\/wp-content\\\/uploads\\\/2026\\\/05\\\/schutzsymbol_judentum_schiwiti.webp\",\"datePublished\":\"2026-09-03T00:12:40+00:00\",\"dateModified\":\"2026-09-03T01:20:03+00:00\",\"description\":\"Schiwiti-tavlan \u00e4r en judisk andaktsbild med Guds namn och psalmord. Ursprung och inneb\u00f6rd f\u00f6rklaras p\u00e5 ett l\u00e4ttbegripligt s\u00e4tt.\",\"breadcrumb\":{\"@id\":\"https:\\\/\\\/iwell-guard.com\\\/sv\\\/schiwiti-tavla-andakts-och-skyddsbild\\\/#breadcrumb\"},\"inLanguage\":\"sv-SE\",\"potentialAction\":[{\"@type\":\"ReadAction\",\"target\":[\"https:\\\/\\\/iwell-guard.com\\\/sv\\\/schiwiti-tavla-andakts-och-skyddsbild\\\/\"]}]},{\"@type\":\"ImageObject\",\"inLanguage\":\"sv-SE\",\"@id\":\"https:\\\/\\\/iwell-guard.com\\\/sv\\\/schiwiti-tavla-andakts-och-skyddsbild\\\/#primaryimage\",\"url\":\"https:\\\/\\\/iwell-guard.com\\\/wp-content\\\/uploads\\\/2026\\\/05\\\/schutzsymbol_judentum_schiwiti.webp\",\"contentUrl\":\"https:\\\/\\\/iwell-guard.com\\\/wp-content\\\/uploads\\\/2026\\\/05\\\/schutzsymbol_judentum_schiwiti.webp\",\"width\":1024,\"height\":1536,\"caption\":\"Skyddssymbol. Stilleben-illustration i museistil.\"},{\"@type\":\"BreadcrumbList\",\"@id\":\"https:\\\/\\\/iwell-guard.com\\\/sv\\\/schiwiti-tavla-andakts-och-skyddsbild\\\/#breadcrumb\",\"itemListElement\":[{\"@type\":\"ListItem\",\"position\":1,\"name\":\"Start\",\"item\":\"https:\\\/\\\/iwell-guard.com\\\/sv\\\/?page_id=136483\"},{\"@type\":\"ListItem\",\"position\":2,\"name\":\"Schiwiti-tavla \u2013 den judiska andakts- och skyddsbilden\"}]},{\"@type\":\"WebSite\",\"@id\":\"https:\\\/\\\/iwell-guard.com\\\/sv\\\/#website\",\"url\":\"https:\\\/\\\/iwell-guard.com\\\/sv\\\/\",\"name\":\"iWell Guard\",\"description\":\"Schutz vor dunklen Einfl\u00fcssen\",\"publisher\":{\"@id\":\"https:\\\/\\\/iwell-guard.com\\\/sv\\\/#organization\"},\"potentialAction\":[{\"@type\":\"SearchAction\",\"target\":{\"@type\":\"EntryPoint\",\"urlTemplate\":\"https:\\\/\\\/iwell-guard.com\\\/sv\\\/?s={search_term_string}\"},\"query-input\":{\"@type\":\"PropertyValueSpecification\",\"valueRequired\":true,\"valueName\":\"search_term_string\"}}],\"inLanguage\":\"sv-SE\"},{\"@type\":\"Organization\",\"@id\":\"https:\\\/\\\/iwell-guard.com\\\/sv\\\/#organization\",\"name\":\"Ittermann electronic GmbH\",\"url\":\"https:\\\/\\\/iwell-guard.com\\\/sv\\\/\",\"logo\":{\"@type\":\"ImageObject\",\"inLanguage\":\"sv-SE\",\"@id\":\"https:\\\/\\\/iwell-guard.com\\\/sv\\\/#\\\/schema\\\/logo\\\/image\\\/\",\"url\":\"https:\\\/\\\/iwell-guard.com\\\/wp-content\\\/uploads\\\/2026\\\/05\\\/Ittermann-Logo-1182x237-1.png\",\"contentUrl\":\"https:\\\/\\\/iwell-guard.com\\\/wp-content\\\/uploads\\\/2026\\\/05\\\/Ittermann-Logo-1182x237-1.png\",\"width\":1182,\"height\":237,\"caption\":\"Ittermann electronic GmbH\"},\"image\":{\"@id\":\"https:\\\/\\\/iwell-guard.com\\\/sv\\\/#\\\/schema\\\/logo\\\/image\\\/\"},\"sameAs\":[\"https:\\\/\\\/pantip.com\\\/profile\\\/9367242\",\"https:\\\/\\\/micro.blog\\\/iwellguard\",\"https:\\\/\\\/www.diggerslist.com\\\/iwellguard\\\/about\",\"https:\\\/\\\/skitterphoto.com\\\/photographers\\\/2870314\\\/iwell-guard\",\"https:\\\/\\\/iwellguard.wordpress.com\\\/2026\\\/06\\\/06\\\/iwell-guard\\\/\",\"https:\\\/\\\/hub.docker.com\\\/u\\\/iwellguard\",\"https:\\\/\\\/www.pinterest.com\\\/iwellguard\\\/\",\"https:\\\/\\\/bit.ly\\\/m\\\/iwellguard\",\"https:\\\/\\\/entre-vos-mains.alsace.eu\\\/profiles\\\/iwellguard\\\/activity\",\"https:\\\/\\\/gravatar.com\\\/reallybeded8fd34\",\"https:\\\/\\\/naijamatta.com\\\/iwellguard\",\"https:\\\/\\\/www.goodreads.com\\\/iwellguard\",\"https:\\\/\\\/profile.hatena.ne.jp\\\/iwellguard\\\/\",\"https:\\\/\\\/experiment.com\\\/users\\\/iwellguard\",\"https:\\\/\\\/wakelet.com\\\/@iWellGuard82270\",\"https:\\\/\\\/www.chordie.com\\\/forum\\\/profile.php?id=2555664\",\"https:\\\/\\\/www.instapaper.com\\\/p\\\/17757966\",\"https:\\\/\\\/www.mapleprimes.com\\\/users\\\/iwellguard\",\"https:\\\/\\\/businesslistingplus.com\\\/profile\\\/iwell-guard\\\/\",\"https:\\\/\\\/telegra.ph\\\/iWell-Guard-06-06\",\"https:\\\/\\\/pbase.com\\\/iwellguard\\\/iwellguard\",\"https:\\\/\\\/b.hatena.ne.jp\\\/iwellguard\\\/20260607#bookmark-4788405196491818882\",\"https:\\\/\\\/fliphtml5.com\\\/home\\\/iwellguard\",\"https:\\\/\\\/anyflip.com\\\/homepage\\\/cmiwl#About\",\"https:\\\/\\\/transfur.com\\\/Users\\\/iwellguard\",\"http:\\\/\\\/delphi.larsbo.org\\\/user\\\/iwellguard\",\"https:\\\/\\\/jobs.lajobsportal.org\\\/profiles\\\/8380803-iwell-guard\",\"https:\\\/\\\/md.chaosdorf.de\\\/s\\\/jfbe5SBdJD\",\"https:\\\/\\\/www.lingvolive.com\\\/en-us\\\/profile\\\/9ecaeaca-ce11-4e51-9e71-01d55e2bff36\\\/translations\",\"https:\\\/\\\/www.fitday.com\\\/fitness\\\/forums\\\/members\\\/iwellguard.html\",\"https:\\\/\\\/www.mymeetbook.com\\\/iwellguard\",\"https:\\\/\\\/pxhere.com\\\/en\\\/photographer-me\\\/5040798\",\"https:\\\/\\\/disqus.com\\\/by\\\/iwellguard\\\/about\\\/\",\"https:\\\/\\\/pastelink.net\\\/hjwciqwq\",\"https:\\\/\\\/pubhtml5.com\\\/homepage\\\/scjhn\\\/\",\"https:\\\/\\\/www.bitchute.com\\\/channel\\\/2O2eOKzNqujT\",\"https:\\\/\\\/audiomack.com\\\/iwellguard\"]}]}<\/script>\n<!-- \/ Yoast SEO Premium plugin. -->","yoast_head_json":{"title":"Schiwiti-tavla \u2013 judisk andaktsbild","description":"Schiwiti-tavlan \u00e4r en judisk andaktsbild med Guds namn och psalmord. Ursprung och inneb\u00f6rd f\u00f6rklaras p\u00e5 ett l\u00e4ttbegripligt s\u00e4tt.","robots":{"index":"index","follow":"follow","max-snippet":"max-snippet:-1","max-image-preview":"max-image-preview:large","max-video-preview":"max-video-preview:-1"},"canonical":"https:\/\/iwell-guard.com\/sv\/schiwiti-tavla-andakts-och-skyddsbild\/","og_locale":"sv_SE","og_type":"article","og_title":"Schiwiti-tavla \u2013 den judiska andakts- och skyddsbilden","og_description":"Schiwiti-tavlan \u00e4r en judisk andaktsbild med Guds namn och psalmord. Ursprung och inneb\u00f6rd f\u00f6rklaras p\u00e5 ett l\u00e4ttbegripligt s\u00e4tt.","og_url":"https:\/\/iwell-guard.com\/sv\/schiwiti-tavla-andakts-och-skyddsbild\/","og_site_name":"iWell Guard","article_modified_time":"2026-09-03T01:20:03+00:00","og_image":[{"width":1024,"height":1536,"url":"https:\/\/iwell-guard.com\/wp-content\/uploads\/2026\/05\/schutzsymbol_judentum_schiwiti.webp","type":"image\/webp"}],"twitter_card":"summary_large_image","schema":{"@context":"https:\/\/schema.org","@graph":[{"@type":"WebPage","@id":"https:\/\/iwell-guard.com\/sv\/schiwiti-tavla-andakts-och-skyddsbild\/","url":"https:\/\/iwell-guard.com\/sv\/schiwiti-tavla-andakts-och-skyddsbild\/","name":"Schiwiti-tavla \u2013 judisk andaktsbild","isPartOf":{"@id":"https:\/\/iwell-guard.com\/sv\/#website"},"primaryImageOfPage":{"@id":"https:\/\/iwell-guard.com\/sv\/schiwiti-tavla-andakts-och-skyddsbild\/#primaryimage"},"image":{"@id":"https:\/\/iwell-guard.com\/sv\/schiwiti-tavla-andakts-och-skyddsbild\/#primaryimage"},"thumbnailUrl":"https:\/\/iwell-guard.com\/wp-content\/uploads\/2026\/05\/schutzsymbol_judentum_schiwiti.webp","datePublished":"2026-09-03T00:12:40+00:00","dateModified":"2026-09-03T01:20:03+00:00","description":"Schiwiti-tavlan \u00e4r en judisk andaktsbild med Guds namn och psalmord. Ursprung och inneb\u00f6rd f\u00f6rklaras p\u00e5 ett l\u00e4ttbegripligt s\u00e4tt.","breadcrumb":{"@id":"https:\/\/iwell-guard.com\/sv\/schiwiti-tavla-andakts-och-skyddsbild\/#breadcrumb"},"inLanguage":"sv-SE","potentialAction":[{"@type":"ReadAction","target":["https:\/\/iwell-guard.com\/sv\/schiwiti-tavla-andakts-och-skyddsbild\/"]}]},{"@type":"ImageObject","inLanguage":"sv-SE","@id":"https:\/\/iwell-guard.com\/sv\/schiwiti-tavla-andakts-och-skyddsbild\/#primaryimage","url":"https:\/\/iwell-guard.com\/wp-content\/uploads\/2026\/05\/schutzsymbol_judentum_schiwiti.webp","contentUrl":"https:\/\/iwell-guard.com\/wp-content\/uploads\/2026\/05\/schutzsymbol_judentum_schiwiti.webp","width":1024,"height":1536,"caption":"Skyddssymbol. Stilleben-illustration i museistil."},{"@type":"BreadcrumbList","@id":"https:\/\/iwell-guard.com\/sv\/schiwiti-tavla-andakts-och-skyddsbild\/#breadcrumb","itemListElement":[{"@type":"ListItem","position":1,"name":"Start","item":"https:\/\/iwell-guard.com\/sv\/?page_id=136483"},{"@type":"ListItem","position":2,"name":"Schiwiti-tavla \u2013 den judiska andakts- och skyddsbilden"}]},{"@type":"WebSite","@id":"https:\/\/iwell-guard.com\/sv\/#website","url":"https:\/\/iwell-guard.com\/sv\/","name":"iWell Guard","description":"Schutz vor dunklen Einfl\u00fcssen","publisher":{"@id":"https:\/\/iwell-guard.com\/sv\/#organization"},"potentialAction":[{"@type":"SearchAction","target":{"@type":"EntryPoint","urlTemplate":"https:\/\/iwell-guard.com\/sv\/?s={search_term_string}"},"query-input":{"@type":"PropertyValueSpecification","valueRequired":true,"valueName":"search_term_string"}}],"inLanguage":"sv-SE"},{"@type":"Organization","@id":"https:\/\/iwell-guard.com\/sv\/#organization","name":"Ittermann electronic GmbH","url":"https:\/\/iwell-guard.com\/sv\/","logo":{"@type":"ImageObject","inLanguage":"sv-SE","@id":"https:\/\/iwell-guard.com\/sv\/#\/schema\/logo\/image\/","url":"https:\/\/iwell-guard.com\/wp-content\/uploads\/2026\/05\/Ittermann-Logo-1182x237-1.png","contentUrl":"https:\/\/iwell-guard.com\/wp-content\/uploads\/2026\/05\/Ittermann-Logo-1182x237-1.png","width":1182,"height":237,"caption":"Ittermann electronic GmbH"},"image":{"@id":"https:\/\/iwell-guard.com\/sv\/#\/schema\/logo\/image\/"},"sameAs":["https:\/\/pantip.com\/profile\/9367242","https:\/\/micro.blog\/iwellguard","https:\/\/www.diggerslist.com\/iwellguard\/about","https:\/\/skitterphoto.com\/photographers\/2870314\/iwell-guard","https:\/\/iwellguard.wordpress.com\/2026\/06\/06\/iwell-guard\/","https:\/\/hub.docker.com\/u\/iwellguard","https:\/\/www.pinterest.com\/iwellguard\/","https:\/\/bit.ly\/m\/iwellguard","https:\/\/entre-vos-mains.alsace.eu\/profiles\/iwellguard\/activity","https:\/\/gravatar.com\/reallybeded8fd34","https:\/\/naijamatta.com\/iwellguard","https:\/\/www.goodreads.com\/iwellguard","https:\/\/profile.hatena.ne.jp\/iwellguard\/","https:\/\/experiment.com\/users\/iwellguard","https:\/\/wakelet.com\/@iWellGuard82270","https:\/\/www.chordie.com\/forum\/profile.php?id=2555664","https:\/\/www.instapaper.com\/p\/17757966","https:\/\/www.mapleprimes.com\/users\/iwellguard","https:\/\/businesslistingplus.com\/profile\/iwell-guard\/","https:\/\/telegra.ph\/iWell-Guard-06-06","https:\/\/pbase.com\/iwellguard\/iwellguard","https:\/\/b.hatena.ne.jp\/iwellguard\/20260607#bookmark-4788405196491818882","https:\/\/fliphtml5.com\/home\/iwellguard","https:\/\/anyflip.com\/homepage\/cmiwl#About","https:\/\/transfur.com\/Users\/iwellguard","http:\/\/delphi.larsbo.org\/user\/iwellguard","https:\/\/jobs.lajobsportal.org\/profiles\/8380803-iwell-guard","https:\/\/md.chaosdorf.de\/s\/jfbe5SBdJD","https:\/\/www.lingvolive.com\/en-us\/profile\/9ecaeaca-ce11-4e51-9e71-01d55e2bff36\/translations","https:\/\/www.fitday.com\/fitness\/forums\/members\/iwellguard.html","https:\/\/www.mymeetbook.com\/iwellguard","https:\/\/pxhere.com\/en\/photographer-me\/5040798","https:\/\/disqus.com\/by\/iwellguard\/about\/","https:\/\/pastelink.net\/hjwciqwq","https:\/\/pubhtml5.com\/homepage\/scjhn\/","https:\/\/www.bitchute.com\/channel\/2O2eOKzNqujT","https:\/\/audiomack.com\/iwellguard"]}]}},"_links":{"self":[{"href":"https:\/\/iwell-guard.com\/sv\/wp-json\/wp\/v2\/pages\/137086","targetHints":{"allow":["GET"]}}],"collection":[{"href":"https:\/\/iwell-guard.com\/sv\/wp-json\/wp\/v2\/pages"}],"about":[{"href":"https:\/\/iwell-guard.com\/sv\/wp-json\/wp\/v2\/types\/page"}],"author":[{"embeddable":true,"href":"https:\/\/iwell-guard.com\/sv\/wp-json\/wp\/v2\/users\/3"}],"replies":[{"embeddable":true,"href":"https:\/\/iwell-guard.com\/sv\/wp-json\/wp\/v2\/comments?post=137086"}],"version-history":[{"count":0,"href":"https:\/\/iwell-guard.com\/sv\/wp-json\/wp\/v2\/pages\/137086\/revisions"}],"wp:featuredmedia":[{"embeddable":true,"href":"https:\/\/iwell-guard.com\/sv\/wp-json\/wp\/v2\/media\/3501"}],"wp:attachment":[{"href":"https:\/\/iwell-guard.com\/sv\/wp-json\/wp\/v2\/media?parent=137086"}],"wp:term":[{"taxonomy":"category","embeddable":true,"href":"https:\/\/iwell-guard.com\/sv\/wp-json\/wp\/v2\/categories?post=137086"}],"curies":[{"name":"wp","href":"https:\/\/api.w.org\/{rel}","templated":true}]}}