{"id":137078,"date":"2026-09-03T00:12:35","date_gmt":"2026-09-03T00:12:35","guid":{"rendered":"https:\/\/iwell-guard.com\/?page_id=137078"},"modified":"2026-09-03T01:19:48","modified_gmt":"2026-09-03T01:19:48","slug":"awen-tecknet-for-inspiration","status":"publish","type":"page","link":"https:\/\/iwell-guard.com\/sv\/awen-tecknet-for-inspiration\/","title":{"rendered":"Awen \u2013 tecknet f\u00f6r inspiration"},"content":{"rendered":"\t\t<div data-elementor-type=\"wp-page\" data-elementor-id=\"137078\" class=\"elementor elementor-137078 elementor-3665 elementor-bc-flex-widget\" data-elementor-post-type=\"page\">\n\t\t\t\t<div class=\"elementor-element elementor-element-iwgs-awen-hero e-flex e-con-boxed e-con e-parent\" data-id=\"iwgs-awen-hero\" data-element_type=\"container\" data-e-type=\"container\">\n\t\t\t\t\t<div class=\"e-con-inner\">\n\t\t<div class=\"elementor-element elementor-element-iwgs-awen-hl e-flex e-con-boxed e-con e-parent\" data-id=\"iwgs-awen-hl\" data-element_type=\"container\" data-e-type=\"container\">\n\t\t\t\t\t<div class=\"e-con-inner\">\n\t\t<div class=\"elementor-element elementor-element-iwgs-awen-hlbox e-con-full e-flex e-con e-parent\" data-id=\"iwgs-awen-hlbox\" data-element_type=\"container\" data-e-type=\"container\">\n\t\t\t\t<div class=\"elementor-element elementor-element-iwgs-awen-h1 elementor-widget elementor-widget-heading\" data-id=\"iwgs-awen-h1\" data-element_type=\"widget\" data-e-type=\"widget\" data-widget_type=\"heading.default\">\n\t\t\t\t\t<h1 class=\"elementor-heading-title elementor-size-default\">Awen \u2013 tecknet f\u00f6r den poetiska inspirationen<\/h1>\t\t\t\t<\/div>\n\t\t\t\t<div class=\"elementor-element elementor-element-iwgs-awen-lead elementor-widget elementor-widget-text-editor\" data-id=\"iwgs-awen-lead\" data-element_type=\"widget\" data-e-type=\"widget\" data-widget_type=\"text-editor.default\">\n\t\t\t\t\t\t\t\t\t<p>Awen \u00e4r ett tecken av tre str\u00e5lar, ofta med tre punkter ovanf\u00f6r. Det st\u00e5r f\u00f6r den poetiska inspirationen. Ordet \u00e4r gammalt, men <span class=\"iwg-fachbegriff\" data-tooltip=\"Ett tecken som representerar en f\u00f6rest\u00e4llning eller betydelse.\" tabindex=\"0\">symbolen<\/span> sj\u00e4lv uppkom f\u00f6rst p\u00e5 1700-talet.<\/p>\t\t\t\t\t\t\t\t<\/div>\n\t\t\t\t<\/div>\n\t\t\t\t<div class=\"elementor-element elementor-element-iwgs-awen-pills elementor-widget elementor-widget-html\" data-id=\"iwgs-awen-pills\" data-element_type=\"widget\" data-e-type=\"widget\" data-widget_type=\"html.default\">\n\t\t\t\t\t<div class=\"iwg-pill-row\"><span class=\"iwg-klasse-badge\" tabindex=\"0\" data-tooltip=\"Skyddssymbol, amulett eller apotrop\u00e4iskt objekt.\">Skyddssymbol<\/span><a href=\"https:\/\/iwell-guard.com\/sv\/keltisk\/\" class=\"iwg-kultur-badge\" tabindex=\"0\" data-tooltip=\"Skyddstradition: Keltisk\">Keltisk<\/a><span class=\"iwg-tradition-badge\" tabindex=\"0\" data-tooltip=\"Ett tecken som representerar en betydelse.\">Symbol<\/span><\/div>\t\t\t\t<\/div>\n\t\t\t\t\t<\/div>\n\t\t\t\t<\/div>\n\t\t<div class=\"elementor-element elementor-element-iwgs-awen-hr e-con-full e-flex e-con e-parent\" data-id=\"iwgs-awen-hr\" data-element_type=\"container\" data-e-type=\"container\">\n\t\t\t\t<div class=\"elementor-element elementor-element-iwgs-awen-himg iwg-hero-image elementor-widget elementor-widget-image\" data-id=\"iwgs-awen-himg\" data-element_type=\"widget\" data-e-type=\"widget\" data-widget_type=\"image.default\">\n\t\t\t\t\t\t\t\t\t\t\t\t\t\t\t<img fetchpriority=\"high\" decoding=\"async\" width=\"683\" height=\"1024\" src=\"https:\/\/iwell-guard.com\/wp-content\/uploads\/2026\/05\/schutzsymbol_keltisch_awen-683x1024.webp\" class=\"attachment-large size-large wp-image-135850\" alt=\"Awen \u2013 skyddssymbol, illustration i musealt stil\" srcset=\"https:\/\/iwell-guard.com\/wp-content\/uploads\/2026\/05\/schutzsymbol_keltisch_awen-683x1024.webp 683w, https:\/\/iwell-guard.com\/wp-content\/uploads\/2026\/05\/schutzsymbol_keltisch_awen-200x300.webp 200w, https:\/\/iwell-guard.com\/wp-content\/uploads\/2026\/05\/schutzsymbol_keltisch_awen-768x1152.webp 768w, https:\/\/iwell-guard.com\/wp-content\/uploads\/2026\/05\/schutzsymbol_keltisch_awen.webp 1024w\" sizes=\"(max-width: 683px) 100vw, 683px\" \/>\t\t\t\t\t\t\t\t\t\t\t\t\t\t\t<\/div>\n\t\t\t\t<\/div>\n\t\t\t\t\t<\/div>\n\t\t\t\t<\/div>\n\t\t<div class=\"elementor-element elementor-element-iwgs-awen-s0 e-flex e-con-boxed e-con e-parent\" data-id=\"iwgs-awen-s0\" data-element_type=\"container\" data-e-type=\"container\">\n\t\t\t\t\t<div class=\"e-con-inner\">\n\t\t\t\t<div class=\"elementor-element elementor-element-iwgs-awen-s0h elementor-widget elementor-widget-heading\" data-id=\"iwgs-awen-s0h\" data-element_type=\"widget\" data-e-type=\"widget\" data-widget_type=\"heading.default\">\n\t\t\t\t\t<h2 class=\"elementor-heading-title elementor-size-default\">Inordning<\/h2>\t\t\t\t<\/div>\n\t\t<div class=\"elementor-element elementor-element-iwgs-awen-s0box e-con-full e-flex e-con e-parent\" data-id=\"iwgs-awen-s0box\" data-element_type=\"container\" data-e-type=\"container\">\n\t\t\t\t<div class=\"elementor-element elementor-element-iwgs-awen-s0t elementor-widget elementor-widget-text-editor\" data-id=\"iwgs-awen-s0t\" data-element_type=\"widget\" data-e-type=\"widget\" data-widget_type=\"text-editor.default\">\n\t\t\t\t\t\t\t\t\t<p>Awen \u00e4r ett tecken fr\u00e5n den <a href=\"https:\/\/iwell-guard.com\/sv\/keltisk\/\">keltiska<\/a> traditionen, n\u00e4rmare best\u00e4mt fr\u00e5n den walesiska <span class=\"iwg-fachbegriff\" data-tooltip=\"Vidaref\u00f6randet av kunskap och ber\u00e4ttelser genom generationer.\" tabindex=\"0\">\u00f6verl\u00e4mningstraditionen<\/span>. Det best\u00e5r av tre str\u00e5lar eller linjer som glider is\u00e4r ned\u00e5t, och oftast av tre punkter ovanf\u00f6r.<\/p><p>Ordet Awen kommer fr\u00e5n walesiskan. Det betecknar den poetiska inspirationen, den skapande ingivelsen, liksom andetaget eller fl\u00e4kten ur vilken diktning och insikt uppst\u00e5r.<\/p><p>Awen \u00e4r d\u00e4rmed i f\u00f6rsta hand ett tecken f\u00f6r inspiration och skapande kraft. Det \u00e4r inget avv\u00e4rjande skyddsamulett i egentlig mening, utan ett meningsb\u00e4rande tecken.<\/p><p>I dagens anv\u00e4ndning b\u00e4r Awen dock \u00e4ven en skyddande och v\u00e4lsignande betydelse. I de moderna druidiska r\u00f6relserna \u00e4r det ett tecken p\u00e5 andlig samh\u00f6righet, som ocks\u00e5 b\u00e4rs som skydds- och v\u00e4lsignelsetecken.<\/p><p>Vid bed\u00f6mningen av Awen \u00e4r en tydlig \u00e5tskillnad viktig. Ordet Awen \u00e4r gammalt och g\u00e5r tillbaka till den medeltida walesiska <span class=\"iwg-fachbegriff\" data-tooltip=\"Vidaref\u00f6randet av kunskap och ber\u00e4ttelser genom generationer.\" tabindex=\"0\">\u00f6verl\u00e4mningstraditionen<\/span>. <span class=\"iwg-fachbegriff\" data-tooltip=\"Ett tecken som representerar en f\u00f6rest\u00e4llning eller betydelse.\" tabindex=\"0\">Symbolen<\/span> med tre str\u00e5lar \u00e4r d\u00e4remot betydligt yngre.<\/p><p>Denna \u00e5tskillnad mellan det gamla ordet och den unga <span class=\"iwg-fachbegriff\" data-tooltip=\"Ett tecken som representerar en f\u00f6rest\u00e4llning eller betydelse.\" tabindex=\"0\">symbolen<\/span> genomsyrar hela framst\u00e4llningen. Den \u00e4r s\u00e4rskilt viktig eftersom Awen ofta felaktigt framst\u00e4lls som ett rent gammalt keltiskt tecken.<\/p>\t\t\t\t\t\t\t\t<\/div>\n\t\t\t\t<\/div>\n\t\t\t\t\t<\/div>\n\t\t\t\t<\/div>\n\t\t<div class=\"elementor-element elementor-element-iwgs-awen-s1 e-flex e-con-boxed e-con e-parent\" data-id=\"iwgs-awen-s1\" data-element_type=\"container\" data-e-type=\"container\">\n\t\t\t\t\t<div class=\"e-con-inner\">\n\t\t\t\t<div class=\"elementor-element elementor-element-iwgs-awen-s1h elementor-widget elementor-widget-heading\" data-id=\"iwgs-awen-s1h\" data-element_type=\"widget\" data-e-type=\"widget\" data-widget_type=\"heading.default\">\n\t\t\t\t\t<h2 class=\"elementor-heading-title elementor-size-default\">Ordet Awen<\/h2>\t\t\t\t<\/div>\n\t\t<div class=\"elementor-element elementor-element-iwgs-awen-s1box e-con-full e-flex e-con e-parent\" data-id=\"iwgs-awen-s1box\" data-element_type=\"container\" data-e-type=\"container\">\n\t\t\t\t<div class=\"elementor-element elementor-element-iwgs-awen-s1t elementor-widget elementor-widget-text-editor\" data-id=\"iwgs-awen-s1t\" data-element_type=\"widget\" data-e-type=\"widget\" data-widget_type=\"text-editor.default\">\n\t\t\t\t\t\t\t\t\t<p>Begreppet Awen \u00e4r gammalt. Det \u00e4r belagt i den medeltida walesiska litteraturen och betecknar d\u00e4r den poetiska inspirationen.<\/p><p>Den walesiska <span class=\"iwg-fachbegriff\" data-tooltip=\"\u00d6verf\u00f6ringen av kunskap och ber\u00e4ttelser genom generationerna.\" tabindex=\"0\">traditionen<\/span> k\u00e4nde till gestalten av bard, diktare och s\u00e5ngare. Diktning betraktades inte som ett rent hantverk, utan som en g\u00e5va som str\u00f6mmade till diktaren. Denna tillstr\u00f6mmande g\u00e5va \u00e4r Awen.<\/p><p>Awen f\u00f6rstods d\u00e4rmed som en kraft som kommer utifr\u00e5n eller ovanifr\u00e5n. Diktaren tog emot den, han skapade den inte ur sig sj\u00e4lv. Den var liksom ett andetag som uppfyllde honom.<\/p><p>I de walesiska ber\u00e4ttelserna f\u00f6rbinds Awen med vissa gestalter. K\u00e4nd \u00e4r ber\u00e4ttelsen om en kittel ur vilken inspirationen utvinns, och om en diktare som d\u00e4rigenom blir siare och s\u00e5ngare.<\/p><p>Ordet Awen h\u00f6r d\u00e4rmed till en \u00e4kta, gammal tradition. Den walesiska kulturen k\u00e4nde till begreppet och f\u00f6rest\u00e4llningen om den tillstr\u00f6mmande poetiska inspirationen.<\/p><p>Vad den gamla <span class=\"iwg-fachbegriff\" data-tooltip=\"\u00d6verf\u00f6ringen av kunskap och ber\u00e4ttelser genom generationerna.\" tabindex=\"0\">traditionen<\/span> d\u00e4remot inte k\u00e4nner till \u00e4r en s\u00e4rskild tecknad <span class=\"iwg-fachbegriff\" data-tooltip=\"Ett tecken som representerar en f\u00f6rest\u00e4llning eller betydelse.\" tabindex=\"0\">symbol<\/span> f\u00f6r Awen. Ordet \u00e4r gammalt, tecknet med tre str\u00e5lar \u00e4r det inte.<\/p>\t\t\t\t\t\t\t\t<\/div>\n\t\t\t\t<\/div>\n\t\t\t\t\t<\/div>\n\t\t\t\t<\/div>\n\t\t<div class=\"elementor-element elementor-element-iwgs-awen-s2 e-flex e-con-boxed e-con e-parent\" data-id=\"iwgs-awen-s2\" data-element_type=\"container\" data-e-type=\"container\">\n\t\t\t\t\t<div class=\"e-con-inner\">\n\t\t\t\t<div class=\"elementor-element elementor-element-iwgs-awen-s2h elementor-widget elementor-widget-heading\" data-id=\"iwgs-awen-s2h\" data-element_type=\"widget\" data-e-type=\"widget\" data-widget_type=\"heading.default\">\n\t\t\t\t\t<h2 class=\"elementor-heading-title elementor-size-default\">Symbolen med de tre str\u00e5larna<\/h2>\t\t\t\t<\/div>\n\t\t<div class=\"elementor-element elementor-element-iwgs-awen-s2box e-con-full e-flex e-con e-parent\" data-id=\"iwgs-awen-s2box\" data-element_type=\"container\" data-e-type=\"container\">\n\t\t\t\t<div class=\"elementor-element elementor-element-iwgs-awen-s2t elementor-widget elementor-widget-text-editor\" data-id=\"iwgs-awen-s2t\" data-element_type=\"widget\" data-e-type=\"widget\" data-widget_type=\"text-editor.default\">\n\t\t\t\t\t\t\t\t\t<p>Den tecknade Awen-<span class=\"iwg-fachbegriff\" data-tooltip=\"Ett tecken som representerar en f\u00f6rest\u00e4llning eller betydelse.\" tabindex=\"0\">symbolen<\/span> best\u00e5r av tre str\u00e5lar. De l\u00f6per is\u00e4r uppifr\u00e5n och ned\u00e5t, och ovanf\u00f6r dem finns oftast tre punkter. Ofta omsluts det hela av en eller flera cirklar.<\/p><p>Denna <span class=\"iwg-fachbegriff\" data-tooltip=\"Ett tecken som representerar en f\u00f6rest\u00e4llning eller betydelse.\" tabindex=\"0\">symbol<\/span> \u00e4r inte gammal. Den uppkom i slutet av 1700-talet. Dess skapare var walesaren Edward Williams, som blev k\u00e4nd under namnet Iolo Morganwg.<\/p><p>Iolo Morganwg var en diktare och samlare som brann f\u00f6r det walesiska arvet. Han grundade en sammankomst av walesiska diktare och utvecklade en egen symbolv\u00e4rld f\u00f6r denna r\u00f6relse.<\/p><p>F\u00f6r denna moderna druidiska r\u00f6relse skapade Iolo Morganwg Awen-<span class=\"iwg-fachbegriff\" data-tooltip=\"Ett tecken som representerar en f\u00f6rest\u00e4llning eller betydelse.\" tabindex=\"0\">symbolen<\/span> med de tre str\u00e5larna. Det var en nyskapelse, \u00e4ven om den ankn\u00f6t till gamla begrepp och f\u00f6rest\u00e4llningar.<\/p><p>Iolo Morganwg utgav mycket f\u00f6r att vara gammalt, som han sj\u00e4lv hade skapat eller utformat. Forskningen har senare klarlagt detta. Awen-<span class=\"iwg-fachbegriff\" data-tooltip=\"Ett tecken som representerar en f\u00f6rest\u00e4llning eller betydelse.\" tabindex=\"0\">symbolen<\/span> h\u00f6r till dessa skapelser fr\u00e5n 1700-talet.<\/p><p>D\u00e4rmed g\u00e5r det att g\u00f6ra en tydlig \u00e5tskillnad. Ordet Awen \u00e4r medeltida och \u00e4kta. Den tecknade <span class=\"iwg-fachbegriff\" data-tooltip=\"Ett tecken som representerar en f\u00f6rest\u00e4llning eller betydelse.\" tabindex=\"0\">symbolen<\/span> med tre str\u00e5lar \u00e4r en skapelse fr\u00e5n slutet av 1700-talet. B\u00e5da h\u00f6r samman, men de \u00e4r av olika \u00e5lder.<\/p>\t\t\t\t\t\t\t\t<\/div>\n\t\t\t\t<\/div>\n\t\t\t\t\t<\/div>\n\t\t\t\t<\/div>\n\t\t<div class=\"elementor-element elementor-element-iwgs-awen-s3 e-flex e-con-boxed e-con e-parent\" data-id=\"iwgs-awen-s3\" data-element_type=\"container\" data-e-type=\"container\">\n\t\t\t\t\t<div class=\"e-con-inner\">\n\t\t\t\t<div class=\"elementor-element elementor-element-iwgs-awen-s3h elementor-widget elementor-widget-heading\" data-id=\"iwgs-awen-s3h\" data-element_type=\"widget\" data-e-type=\"widget\" data-widget_type=\"heading.default\">\n\t\t\t\t\t<h2 class=\"elementor-heading-title elementor-size-default\">Iolo Morganwg och den walesiska p\u00e5nyttf\u00f6delsen<\/h2>\t\t\t\t<\/div>\n\t\t<div class=\"elementor-element elementor-element-iwgs-awen-s3box e-con-full e-flex e-con e-parent\" data-id=\"iwgs-awen-s3box\" data-element_type=\"container\" data-e-type=\"container\">\n\t\t\t\t<div class=\"elementor-element elementor-element-iwgs-awen-s3t elementor-widget elementor-widget-text-editor\" data-id=\"iwgs-awen-s3t\" data-element_type=\"widget\" data-e-type=\"widget\" data-widget_type=\"text-editor.default\">\n\t\t\t\t\t\t\t\t\t<p>F\u00f6r att f\u00f6rst\u00e5 Awen-<span class=\"iwg-fachbegriff\" data-tooltip=\"Ett tecken som representerar en f\u00f6rest\u00e4llning eller betydelse.\" tabindex=\"0\">symbolen<\/span> \u00e4r det v\u00e4rt att titta p\u00e5 dess tillkomsttid. Slutet av 1700-talet var en tid d\u00e5 intresset f\u00f6r de brittiska \u00f6arnas gamla kulturer \u00f6kade starkt.<\/p><p>I Wales uppstod en r\u00f6relse som ville v\u00e5rda och \u00e5teruppliva det walesiska arvet, det walesiska spr\u00e5ket och den walesiska diktkonsten. Iolo Morganwg var en av de drivande gestalterna i denna r\u00f6relse.<\/p><p>Han grundade en h\u00f6gtidlig diktarsamling som ankn\u00f6t till gamla f\u00f6rest\u00e4llningar om b\u00e5rder och druider. F\u00f6r denna samling skapade han seder, riter och tecken.<\/p><p>Awen-<span class=\"iwg-fachbegriff\" data-tooltip=\"Ett tecken som representerar en f\u00f6rest\u00e4llning eller betydelse.\" tabindex=\"0\">symbolen<\/span> h\u00f6r till denna skapelse. Den var fr\u00e5n b\u00f6rjan ett tecken f\u00f6r den moderna druidiska r\u00f6relsen, inte en \u00f6verl\u00e4mnad gammal <span class=\"iwg-fachbegriff\" data-tooltip=\"Ett tecken som representerar en f\u00f6rest\u00e4llning eller betydelse.\" tabindex=\"0\">symbol<\/span>.<\/p><p>Denna r\u00f6relse var ingen ren bluff. Den bars av \u00e4kta entusiasm f\u00f6r det walesiska arvet och har bidragit mycket till v\u00e5rden av den walesiska kulturen. N\u00e5gra av dess seder lever kvar \u00e4n idag.<\/p><p>Men det var en nutida r\u00f6relse som ville \u00e5teruppliva det gamla och samtidigt skapa nytt. Awen-<span class=\"iwg-fachbegriff\" data-tooltip=\"Ett tecken som representerar en f\u00f6rest\u00e4llning eller betydelse.\" tabindex=\"0\">symbolen<\/span> \u00e4r en produkt av denna r\u00f6relse, och det \u00e4r \u00e4rligt att kalla den s\u00e5.<\/p>\t\t\t\t\t\t\t\t<\/div>\n\t\t\t\t<\/div>\n\t\t\t\t\t<\/div>\n\t\t\t\t<\/div>\n\t\t<div class=\"elementor-element elementor-element-iwgs-awen-s4 e-flex e-con-boxed e-con e-parent\" data-id=\"iwgs-awen-s4\" data-element_type=\"container\" data-e-type=\"container\">\n\t\t\t\t\t<div class=\"e-con-inner\">\n\t\t\t\t<div class=\"elementor-element elementor-element-iwgs-awen-s4h elementor-widget elementor-widget-heading\" data-id=\"iwgs-awen-s4h\" data-element_type=\"widget\" data-e-type=\"widget\" data-widget_type=\"heading.default\">\n\t\t\t\t\t<h2 class=\"elementor-heading-title elementor-size-default\">Tolkning av tecknet<\/h2>\t\t\t\t<\/div>\n\t\t<div class=\"elementor-element elementor-element-iwgs-awen-s4box e-con-full e-flex e-con e-parent\" data-id=\"iwgs-awen-s4box\" data-element_type=\"container\" data-e-type=\"container\">\n\t\t\t\t<div class=\"elementor-element elementor-element-iwgs-awen-s4t elementor-widget elementor-widget-text-editor\" data-id=\"iwgs-awen-s4t\" data-element_type=\"widget\" data-e-type=\"widget\" data-widget_type=\"text-editor.default\">\n\t\t\t\t\t\t\t\t\t<p>Awen-<span class=\"iwg-fachbegriff\" data-tooltip=\"Ett tecken som representerar en f\u00f6rest\u00e4llning eller betydelse.\" tabindex=\"0\">symbolen<\/span> med tre str\u00e5lar \u00e4r f\u00f6rknippad med en tolkning som f\u00f6rklarar dess best\u00e5ndsdelar. Denna tolkning h\u00f6r till den moderna druidiska traditionen.<\/p><p>De tre str\u00e5larna tolkas p\u00e5 olika s\u00e4tt. En vanlig tolkning ser dem som tre ljusstr\u00e5lar eller som tre aspekter av det gudomliga verkandet.<\/p><p>De tre punkterna ovanf\u00f6r str\u00e5larna tolkas ocks\u00e5, till exempel som punkter varifr\u00e5n ljuset utg\u00e5r, eller som symboler f\u00f6r grundl\u00e4ggande krafter. \u00c4ven de omslutande cirklarna b\u00e4r en betydelse.<\/p><p>Sammantaget st\u00e5r Awen-<span class=\"iwg-fachbegriff\" data-tooltip=\"Ett tecken som representerar en f\u00f6rest\u00e4llning eller betydelse.\" tabindex=\"0\">symbolen<\/span> f\u00f6r inspiration, f\u00f6r skapande ingivelse och f\u00f6r det harmoniska samspelet mellan krafter. Det \u00e4r ett tecken f\u00f6r den andliga skaparkraften.<\/p><p>Dessa tolkningar \u00e4r genomt\u00e4nkta och betydelsefulla f\u00f6r anh\u00e4ngarna av den druidiska r\u00f6relsen. De h\u00f6r till tecknets levande nutid.<\/p><p>Det \u00e4r dock viktigt att veta att dessa tolkningar \u00e4r en del av den moderna druidiska traditionen. De \u00e4r inte gammal, \u00f6verl\u00e4mnad kunskap, utan h\u00f6r till den symbolv\u00e4rld som har utarbetats sedan 1700-talet.<\/p>\t\t\t\t\t\t\t\t<\/div>\n\t\t\t\t<\/div>\n\t\t\t\t\t<\/div>\n\t\t\t\t<\/div>\n\t\t<div class=\"elementor-element elementor-element-iwgs-awen-s5 e-flex e-con-boxed e-con e-parent\" data-id=\"iwgs-awen-s5\" data-element_type=\"container\" data-e-type=\"container\">\n\t\t\t\t\t<div class=\"e-con-inner\">\n\t\t\t\t<div class=\"elementor-element elementor-element-iwgs-awen-s5h elementor-widget elementor-widget-heading\" data-id=\"iwgs-awen-s5h\" data-element_type=\"widget\" data-e-type=\"widget\" data-widget_type=\"heading.default\">\n\t\t\t\t\t<h2 class=\"elementor-heading-title elementor-size-default\">Awen som skydds- och v\u00e4lsignelsetecken<\/h2>\t\t\t\t<\/div>\n\t\t<div class=\"elementor-element elementor-element-iwgs-awen-s5box e-con-full e-flex e-con e-parent\" data-id=\"iwgs-awen-s5box\" data-element_type=\"container\" data-e-type=\"container\">\n\t\t\t\t<div class=\"elementor-element elementor-element-iwgs-awen-s5t elementor-widget elementor-widget-text-editor\" data-id=\"iwgs-awen-s5t\" data-element_type=\"widget\" data-e-type=\"widget\" data-widget_type=\"text-editor.default\">\n\t\t\t\t\t\t\t\t\t<p>Awen \u00e4r i f\u00f6rsta hand ett tecken f\u00f6r inspiration, inte ett avv\u00e4rjande skyddsamulett. I dagens anv\u00e4ndning b\u00e4r det dock \u00e4ven en skyddande och v\u00e4lsignande betydelse.<\/p><p>I de moderna druidiska r\u00f6relserna anv\u00e4nds Awen som ett centralt tros- och igenk\u00e4nningstecken. Den som b\u00e4r det bek\u00e4nner sig till denna andliga tradition.<\/p><p>I detta sammanhang f\u00e5r Awen en koppling till skydd. Det st\u00e4ller sin b\u00e4rare under inspirationens och den andliga samh\u00f6righetens tecken och g\u00e4ller som ett tecken f\u00f6r v\u00e4lsignelse och god kraft.<\/p><p>D\u00e4rmed h\u00f6r Awen mindre till de avv\u00e4rjande <span class=\"iwg-fachbegriff\" data-tooltip=\"Pluralform av apotropaikon: f\u00f6rem\u00e5l och tecken som ska avv\u00e4rja olycka.\" tabindex=\"0\">apotropaika<\/span> \u00e4n till v\u00e4lsignelsetecknen. Det avv\u00e4rjer inte genom skr\u00e4ck och f\u00e5ngar ingen blick, utan st\u00e4ller under en god, skapande kraft.<\/p><p>I detta avseende liknar Awen andra v\u00e4lsignelsetecken som inte avv\u00e4rjer, utan <span class=\"iwg-fachbegriff\" data-tooltip=\"Att \u00f6verl\u00e4mna ett f\u00f6rem\u00e5l, en plats eller en m\u00e4nniska till det heliga genom en religi\u00f6s handling.\" tabindex=\"0\">helgar<\/span> och st\u00e4ller under ett gott f\u00f6rtecken. Dess skydd \u00e4r f\u00f6rbindelsen med den inspirerande kraften.<\/p><p>F\u00f6r en korrekt framst\u00e4llning \u00e4r det viktigt att placera Awen r\u00e4tt. Det \u00e4r ett modernt tecken f\u00f6r inspiration och andlig v\u00e4lsignelse, som inom den druidiska r\u00f6relsen \u00e4ven har f\u00e5tt en skyddande betydelse.<\/p>\t\t\t\t\t\t\t\t<\/div>\n\t\t\t\t<\/div>\n\t\t\t\t\t<\/div>\n\t\t\t\t<\/div>\n\t\t<div class=\"elementor-element elementor-element-iwgs-awen-s6 e-flex e-con-boxed e-con e-parent\" data-id=\"iwgs-awen-s6\" data-element_type=\"container\" data-e-type=\"container\">\n\t\t\t\t\t<div class=\"e-con-inner\">\n\t\t\t\t<div class=\"elementor-element elementor-element-iwgs-awen-s6h elementor-widget elementor-widget-heading\" data-id=\"iwgs-awen-s6h\" data-element_type=\"widget\" data-e-type=\"widget\" data-widget_type=\"heading.default\">\n\t\t\t\t\t<h2 class=\"elementor-heading-title elementor-size-default\">Den moderna druidr\u00f6relsen<\/h2>\t\t\t\t<\/div>\n\t\t<div class=\"elementor-element elementor-element-iwgs-awen-s6box e-con-full e-flex e-con e-parent\" data-id=\"iwgs-awen-s6box\" data-element_type=\"container\" data-e-type=\"container\">\n\t\t\t\t<div class=\"elementor-element elementor-element-iwgs-awen-s6t elementor-widget elementor-widget-text-editor\" data-id=\"iwgs-awen-s6t\" data-element_type=\"widget\" data-e-type=\"widget\" data-widget_type=\"text-editor.default\">\n\t\t\t\t\t\t\t\t\t<p>Awen-<span class=\"iwg-fachbegriff\" data-tooltip=\"Ett tecken som representerar en f\u00f6rest\u00e4llning eller betydelse.\" tabindex=\"0\">symbolen<\/span> \u00e4r n\u00e4ra f\u00f6rbunden med den moderna druidr\u00f6relsen. Denna r\u00f6relse h\u00e4nvisar till de gamla druiderna, den keltiska v\u00e4rldens pr\u00e4ster och l\u00e4rda.<\/p><p>Om de historiska druiderna vet man endast litet med s\u00e4kerhet. De l\u00e4mnade inga egna skrifter efter sig. Kunskapen om dem bygger p\u00e5 ett f\u00e5tal utomst\u00e5ende vittnesm\u00e5l, framf\u00f6r allt fr\u00e5n den antika litteraturen.<\/p><p>Den moderna druidr\u00f6relsen uppstod f\u00f6rst i nyare tid, fr\u00e5n 1700-talet. Den \u00e4r inte en obruten forts\u00e4ttning p\u00e5 de gamla druiderna, utan en nutida skapelse som \u00e5beropar sig p\u00e5 denna gamla gestalt.<\/p><p>Inom denna r\u00f6relse finns olika str\u00f6mningar. N\u00e5gra f\u00f6rst\u00e5r sig som en kulturell r\u00f6relse f\u00f6r att v\u00e5rda det keltiska arvet, andra som ett religi\u00f6st eller andligt samfund.<\/p><p>I alla dessa str\u00f6mningar \u00e4r Awen ett f\u00f6renande tecken. Det \u00e4r p\u00e5 s\u00e4tt och vis den moderna druidr\u00f6relsens igenk\u00e4nningstecken, ungef\u00e4r som korset f\u00f6r kristendomen.<\/p><p>Awen \u00e4r d\u00e4rmed ett gott exempel p\u00e5 ett tecken som skapats av en modern r\u00f6relse och som intar en central plats inom denna r\u00f6relse. Det \u00e4r ungt, men fast f\u00f6rankrat inom sin tradition.<\/p>\t\t\t\t\t\t\t\t<\/div>\n\t\t\t\t<\/div>\n\t\t\t\t\t<\/div>\n\t\t\t\t<\/div>\n\t\t<div class=\"elementor-element elementor-element-iwgs-awen-s7 e-flex e-con-boxed e-con e-parent\" data-id=\"iwgs-awen-s7\" data-element_type=\"container\" data-e-type=\"container\">\n\t\t\t\t\t<div class=\"e-con-inner\">\n\t\t\t\t<div class=\"elementor-element elementor-element-iwgs-awen-s7h elementor-widget elementor-widget-heading\" data-id=\"iwgs-awen-s7h\" data-element_type=\"widget\" data-e-type=\"widget\" data-widget_type=\"heading.default\">\n\t\t\t\t\t<h2 class=\"elementor-heading-title elementor-size-default\">Gammalt ord, ungt tecken<\/h2>\t\t\t\t<\/div>\n\t\t<div class=\"elementor-element elementor-element-iwgs-awen-s7box e-con-full e-flex e-con e-parent\" data-id=\"iwgs-awen-s7box\" data-element_type=\"container\" data-e-type=\"container\">\n\t\t\t\t<div class=\"elementor-element elementor-element-iwgs-awen-s7t elementor-widget elementor-widget-text-editor\" data-id=\"iwgs-awen-s7t\" data-element_type=\"widget\" data-e-type=\"widget\" data-widget_type=\"text-editor.default\">\n\t\t\t\t\t\t\t\t\t<p>N\u00e4r det g\u00e4ller Awen \u00e4r skillnaden mellan det gamla ordet och det unga tecknet den avg\u00f6rande punkten. B\u00e5da h\u00f6r samman, men de \u00e4r av olika \u00e5lder, och det b\u00f6r tydligt framg\u00e5.<\/p><p>Ordet Awen \u00e4r gammalt. Det \u00e4r belagt i den medeltida walesiska litteraturen och betecknar d\u00e4r den poetiska inspirationen. F\u00f6rest\u00e4llningen om den str\u00f6mmande skapande g\u00e5van \u00e4r \u00e4kta och traderad.<\/p><p>Det tecknade <span class=\"iwg-fachbegriff\" data-tooltip=\"Ett tecken som representerar en f\u00f6rest\u00e4llning eller betydelse.\" tabindex=\"0\">symbolen<\/span> med tre str\u00e5lar \u00e4r d\u00e4remot ung. Den skapades i slutet av 1700-talet av Iolo Morganwg f\u00f6r den moderna druidiska r\u00f6relsen.<\/p><p>Denna skillnad \u00e4r ingen bisak. I dagens bild framst\u00e4lls Awen-<span class=\"iwg-fachbegriff\" data-tooltip=\"Ett tecken som representerar en f\u00f6rest\u00e4llning eller betydelse.\" tabindex=\"0\">symbolen<\/span> ofta som ett urgammalt keltiskt eller druidiskt tecken. Denna framst\u00e4llning h\u00e5ller inte sakligt.<\/p><p>Det korrekta \u00e4r snarare: ett gammalt ord och en gammal f\u00f6rest\u00e4llning f\u00f6renades under 1700-talet med en nyskapad <span class=\"iwg-fachbegriff\" data-tooltip=\"Ett tecken som representerar en f\u00f6rest\u00e4llning eller betydelse.\" tabindex=\"0\">symbol<\/span>. <span class=\"iwg-fachbegriff\" data-tooltip=\"Ett tecken som representerar en f\u00f6rest\u00e4llning eller betydelse.\" tabindex=\"0\">Symbolen<\/span> ansluter till det gamla, men \u00e4r sj\u00e4lv en nyskapelse.<\/p><p>En \u00e4rlig framst\u00e4llning av Awen ben\u00e4mner b\u00e5da delarna. Den hedrar det gamla ordet och den gamla f\u00f6rest\u00e4llningen om inspiration, och den placerar tydligt <span class=\"iwg-fachbegriff\" data-tooltip=\"Ett tecken som representerar en f\u00f6rest\u00e4llning eller betydelse.\" tabindex=\"0\">symbolen<\/span> som en skapelse fr\u00e5n nyare tid. P\u00e5 s\u00e5 s\u00e4tt g\u00f6rs Awen varken konstgjort \u00e4ldre, eller f\u00f6rminskas i sin betydelse.<\/p>\t\t\t\t\t\t\t\t<\/div>\n\t\t\t\t<\/div>\n\t\t\t\t\t<\/div>\n\t\t\t\t<\/div>\n\t\t<div class=\"elementor-element elementor-element-iwgs-awen-s8 e-flex e-con-boxed e-con e-parent\" data-id=\"iwgs-awen-s8\" data-element_type=\"container\" data-e-type=\"container\">\n\t\t\t\t\t<div class=\"e-con-inner\">\n\t\t\t\t<div class=\"elementor-element elementor-element-iwgs-awen-s8h elementor-widget elementor-widget-heading\" data-id=\"iwgs-awen-s8h\" data-element_type=\"widget\" data-e-type=\"widget\" data-widget_type=\"heading.default\">\n\t\t\t\t\t<h2 class=\"elementor-heading-title elementor-size-default\">Aktuell mottagning<\/h2>\t\t\t\t<\/div>\n\t\t<div class=\"elementor-element elementor-element-iwgs-awen-s8box e-con-full e-flex e-con e-parent\" data-id=\"iwgs-awen-s8box\" data-element_type=\"container\" data-e-type=\"container\">\n\t\t\t\t<div class=\"elementor-element elementor-element-iwgs-awen-s8t elementor-widget elementor-widget-text-editor\" data-id=\"iwgs-awen-s8t\" data-element_type=\"widget\" data-e-type=\"widget\" data-widget_type=\"text-editor.default\">\n\t\t\t\t\t\t\t\t\t<p>Awen-<span class=\"iwg-fachbegriff\" data-tooltip=\"Ett tecken som representerar en f\u00f6rest\u00e4llning eller betydelse.\" tabindex=\"0\">symbolen<\/span> \u00e4r idag vitt spridd. Den f\u00f6rekommer som smyckeh\u00e4nge, som tatuering och som <span class=\"iwg-fachbegriff\" data-tooltip=\"Ett \u00e5terkommande inneh\u00e5llsligt element inom konst eller ber\u00e4ttande.\" tabindex=\"0\">motiv<\/span> inom formgivning. S\u00e4rskilt i samband med den keltiska kulturen och med spiritualitet \u00e4r den popul\u00e4r.<\/p><p>Inom den moderna druidr\u00f6relsen har Awen sin fasta plats som ett centralt tecken. D\u00e4r st\u00e5r det f\u00f6r inspirationen, f\u00f6r den andliga samh\u00f6righeten och f\u00f6r bek\u00e4nnelsen till denna tradition.<\/p><p>Bortom druidr\u00f6relsen b\u00e4rs Awen som ett allm\u00e4nt tecken f\u00f6r inspiration, kreativitet och en naturf\u00f6rbunden spiritualitet. I denna anv\u00e4ndning \u00e4r dess exakta ursprung ofta inte k\u00e4nt.<\/p><p>Som med m\u00e5nga tecken \u00e4r den sakliga inordningen viktig \u00e4ven f\u00f6r Awen. Ordet \u00e4r gammalt, tecknet \u00e4r ungt. Den som framst\u00e4ller Awen b\u00f6r k\u00e4nna till och ben\u00e4mna denna skillnad.<\/p><p>Denna inordning f\u00f6rminskar inte Awen. Det f\u00f6rblir ett gripande tecken med en vacker, klar form och en ber\u00f6rande betydelse, den skapande inspirationen.<\/p><p>Awen \u00e4r d\u00e4rmed ett l\u00e4rorikt exempel. Det visar hur en modern r\u00f6relse kan ansluta till ett gammalt ord och d\u00e4rav skapa ett nytt, levande tecken, som idag b\u00e4rs vitt och brett.<\/p>\t\t\t\t\t\t\t\t<\/div>\n\t\t\t\t<\/div>\n\t\t\t\t\t<\/div>\n\t\t\t\t<\/div>\n\t\t<div class=\"elementor-element elementor-element-iwgs-awen-lit e-flex e-con-boxed e-con e-parent\" data-id=\"iwgs-awen-lit\" data-element_type=\"container\" data-e-type=\"container\">\n\t\t\t\t\t<div class=\"e-con-inner\">\n\t\t\t\t<div class=\"elementor-element elementor-element-iwgs-awen-lith elementor-widget elementor-widget-heading\" data-id=\"iwgs-awen-lith\" data-element_type=\"widget\" data-e-type=\"widget\" data-widget_type=\"heading.default\">\n\t\t\t\t\t<h2 class=\"elementor-heading-title elementor-size-default\">Litteratur (urval)<\/h2>\t\t\t\t<\/div>\n\t\t<div class=\"elementor-element elementor-element-iwgs-awen-litbox e-con-full e-flex e-con e-parent\" data-id=\"iwgs-awen-litbox\" data-element_type=\"container\" data-e-type=\"container\">\n\t\t\t\t<div class=\"elementor-element elementor-element-iwgs-awen-litt elementor-widget elementor-widget-html\" data-id=\"iwgs-awen-litt\" data-element_type=\"widget\" data-e-type=\"widget\" data-widget_type=\"html.default\">\n\t\t\t\t\t<footer data-nosnippet=\"true\"><ul><li>Ronald Hutton: <em>Blood and Mistletoe. The History of the Druids in Britain<\/em> (2009)<\/li><li>Ronald Hutton: <em>The Druids<\/em> (2007)<\/li><li>Bernhard Maier: <em>Die Religion der Kelten<\/em> (2001)<\/li><li>Geraint H. Jenkins (red.): <em>A Rattleskull Genius. The Many Faces of Iolo Morganwg<\/em> (2005)<\/li><li>Juliette Wood: Studier om walesisk tradition<\/li><\/ul><\/footer>\t\t\t\t<\/div>\n\t\t\t\t<\/div>\n\t\t\t\t\t<\/div>\n\t\t\t\t<\/div>\n\t\t<div class=\"elementor-element elementor-element-iwgs-awen-kwd e-flex e-con-boxed e-con e-parent\" data-id=\"iwgs-awen-kwd\" data-element_type=\"container\" data-e-type=\"container\">\n\t\t\t\t\t<div class=\"e-con-inner\">\n\t\t\t\t<div class=\"elementor-element elementor-element-iwgs-awen-kwdt elementor-widget elementor-widget-text-editor\" data-id=\"iwgs-awen-kwdt\" data-element_type=\"widget\" data-e-type=\"widget\" data-widget_type=\"text-editor.default\">\n\t\t\t\t\t\t\t\t\t<p><em>Relaterade nyckelbegrepp: Awen inspiration Iolo Morganwg druider Wales tre str\u00e5lar bard Gorsedd.<\/em><\/p>\t\t\t\t\t\t\t\t<\/div>\n\t\t\t\t\t<\/div>\n\t\t\t\t<\/div>\n\t\t<div class=\"elementor-element elementor-element-iwgs-awen-cc e-flex e-con-boxed e-con e-parent\" data-id=\"iwgs-awen-cc\" data-element_type=\"container\" data-e-type=\"container\" id=\"iwg-cc-awen\">\n\t\t\t\t\t<div class=\"e-con-inner\">\n\t\t<div class=\"elementor-element elementor-element-iwgs-awen-ccinner e-flex e-con-boxed e-con e-parent\" data-id=\"iwgs-awen-ccinner\" data-element_type=\"container\" data-e-type=\"container\" data-settings=\"{&quot;background_background&quot;:&quot;classic&quot;}\">\n\t\t\t\t\t<div class=\"e-con-inner\">\n\t\t\t\t<div class=\"elementor-element elementor-element-iwgs-awen-cch elementor-widget elementor-widget-heading\" data-id=\"iwgs-awen-cch\" data-element_type=\"widget\" data-e-type=\"widget\" data-widget_type=\"heading.default\">\n\t\t\t\t\t<h2 class=\"elementor-heading-title elementor-size-default\">iWell Guard och skyddstraditioner<\/h2>\t\t\t\t<\/div>\n\t\t\t\t<div class=\"elementor-element elementor-element-iwgs-awen-cct elementor-widget elementor-widget-text-editor\" data-id=\"iwgs-awen-cct\" data-element_type=\"widget\" data-e-type=\"widget\" data-widget_type=\"text-editor.default\">\n\t\t\t\t\t\t\t\t\t<p>iWell Guard st\u00e5r i den kulturhistoriska linjen av b\u00e4rbara skyddsobjekt, till vilken \u00e4ven Awen h\u00f6r. En modern f\u00f6ljeslagare f\u00f6r m\u00e4nniskor som lever med skyddssymboler: tillverkad i Tyskland, 41 lager av \u00e4kta guld, platina och silver, med 30 dagars \u00f6ppet k\u00f6p.<\/p>\t\t\t\t\t\t\t\t<\/div>\n\t\t\t\t<div class=\"elementor-element elementor-element-iwgs-awen-ccb iwg-cc-button iwg-cc-cta-2026-05-13 elementor-widget elementor-widget-jet-button\" data-id=\"iwgs-awen-ccb\" data-element_type=\"widget\" data-e-type=\"widget\" data-widget_type=\"jet-button.default\">\n\t\t\t\t<div class=\"elementor-widget-container\">\n\t\t\t\t\t<div class=\"elementor-jet-button jet-elements\"><div class=\"jet-button__container\"><a class=\"jet-button__instance jet-button__instance--icon-left hover-effect-1\" href=\"\/schutzanhaenger-iwell-guard-kaufen\/?utm_source=iwell-guard.com&amp;utm_medium=info-box&amp;utm_campaign=schutzsymbole\"><div class=\"jet-button__plane jet-button__plane-normal\"><\/div><div class=\"jet-button__plane jet-button__plane-hover\"><\/div><div class=\"jet-button__state jet-button__state-normal\"><span class=\"jet-button__label\">Mer om iWell Guard<\/span><\/div><div class=\"jet-button__state jet-button__state-hover\"><span class=\"jet-button__label\">Mer om iWell Guard<\/span><\/div><\/a><\/div><\/div><style>.elementor-element.elementor-element-iwgs-awen-ccb .jet-button__instance{width:320px;height:56px;}.elementor-element.elementor-element-iwgs-awen-ccb .jet-button__state-normal .jet-button__label{text-align:center;margin:0px 0px 0px 0px;color:#1a1b20;font-family:Montserrat,sans-serif;font-size:13px;font-weight:400;letter-spacing:4px;line-height:1.714em;text-transform:uppercase;}.elementor-element.elementor-element-iwgs-awen-ccb .jet-button__state-hover .jet-button__label{text-align:center;margin:0px 0px 0px 0px;color:#FECC76;font-family:Montserrat,sans-serif;font-size:13px;font-weight:400;letter-spacing:4px;line-height:1.714em;text-transform:uppercase;}.elementor-element.elementor-element-iwgs-awen-ccb .jet-button__plane-normal{background-color:#FECC76;border-style:solid;border-color:#C99540;border-width:2px 2px 2px 2px;}.elementor-element.elementor-element-iwgs-awen-ccb .jet-button__plane-hover{background-color:rgba(0,0,0,0.55);border-style:solid;border-color:#FECC76;border-width:2px 2px 2px 2px;}<\/style>\t\t\t\t<\/div>\n\t\t\t\t<\/div>\n\t\t\t\t<div class=\"elementor-element elementor-element-iwgs-awen-ccd elementor-widget elementor-widget-text-editor\" data-id=\"iwgs-awen-ccd\" data-element_type=\"widget\" data-e-type=\"widget\" data-widget_type=\"text-editor.default\">\n\t\t\t\t\t\t\t\t\t<p style=\"text-align:center;font-size:13px;opacity:0.7;margin-top:14px\" data-nosnippet=\"true\">Personliga erfarenheter kan variera. Ingen medicinteknisk produkt. Inget l\u00f6fte om l\u00e4kning.<\/p>\t\t\t\t\t\t\t\t<\/div>\n\t\t\t\t\t<\/div>\n\t\t\t\t<\/div>\n\t\t\t\t\t<\/div>\n\t\t\t\t<\/div>\n\t\t<div class=\"elementor-element elementor-element-iwgs-awen-disc e-flex e-con-boxed e-con e-parent\" data-id=\"iwgs-awen-disc\" data-element_type=\"container\" data-e-type=\"container\">\n\t\t\t\t\t<div class=\"e-con-inner\">\n\t\t\t\t<div class=\"elementor-element elementor-element-iwgs-awen-discw elementor-widget elementor-widget-html\" data-id=\"iwgs-awen-discw\" data-element_type=\"widget\" data-e-type=\"widget\" data-widget_type=\"html.default\">\n\t\t\t\t\t<footer data-nosnippet=\"true\" class=\"iwg-disclaimer-block\"><p data-nosnippet=\"true\">iWell Guard \u00e4r <strong>ingen medicinteknisk produkt<\/strong> och ers\u00e4tter ingen l\u00e4karbehandling eller psykoterapeutisk behandling. Inneh\u00e5llet som presenteras h\u00e4r \u00e4r en religionsvetenskaplig och kulturhistorisk kontextualisering, inget l\u00f6fte om andlig verkan.<\/p><\/footer>\t\t\t\t<\/div>\n\t\t\t\t\t<\/div>\n\t\t\t\t<\/div>\n\t\t\t\t<\/div>\n\t\t","protected":false},"excerpt":{"rendered":"","protected":false},"author":3,"featured_media":3489,"parent":0,"menu_order":0,"comment_status":"closed","ping_status":"closed","template":"elementor_header_footer","meta":{"_yoast_wpseo_focuskw":"Awen","_yoast_wpseo_title":"Awen \u2013 keltiskt tecken f\u00f6r inspiration","_yoast_wpseo_metadesc":"Awen \u00e4r ett tecken av tre str\u00e5lar som st\u00e5r f\u00f6r inspiration. Ordets och symbolens ursprung f\u00f6rklaras p\u00e5 ett l\u00e4ttbegripligt s\u00e4tt.","_yoast_wpseo_meta-robots-noindex":"","_yoast_wpseo_canonical":"","_angie_page":false,"gefaehrdungsstufe":"","wesen_kultur":"","wesen_klasse":"","footnotes":""},"categories":[],"class_list":["post-137078","page","type-page","status-publish","has-post-thumbnail","hentry"],"yoast_head":"<!-- This site is optimized with the Yoast SEO Premium plugin v27.7 (Yoast SEO v28.3) - https:\/\/yoast.com\/product\/yoast-seo-premium-wordpress\/ -->\n<title>Awen \u2013 keltiskt tecken f\u00f6r inspiration<\/title>\n<meta name=\"description\" content=\"Awen \u00e4r ett tecken av tre str\u00e5lar som st\u00e5r f\u00f6r inspiration. Ordets och symbolens ursprung f\u00f6rklaras p\u00e5 ett l\u00e4ttbegripligt s\u00e4tt.\" \/>\n<meta name=\"robots\" content=\"index, follow, max-snippet:-1, max-image-preview:large, max-video-preview:-1\" \/>\n<link rel=\"canonical\" href=\"https:\/\/iwell-guard.com\/sv\/awen-tecknet-for-inspiration\/\" \/>\n<meta property=\"og:locale\" content=\"sv_SE\" \/>\n<meta property=\"og:type\" content=\"article\" \/>\n<meta property=\"og:title\" content=\"Awen \u2013 tecknet f\u00f6r inspiration\" \/>\n<meta property=\"og:description\" content=\"Awen \u00e4r ett tecken av tre str\u00e5lar som st\u00e5r f\u00f6r inspiration. Ordets och symbolens ursprung f\u00f6rklaras p\u00e5 ett l\u00e4ttbegripligt s\u00e4tt.\" \/>\n<meta property=\"og:url\" content=\"https:\/\/iwell-guard.com\/sv\/awen-tecknet-for-inspiration\/\" \/>\n<meta property=\"og:site_name\" content=\"iWell Guard\" \/>\n<meta property=\"article:modified_time\" content=\"2026-09-03T01:19:48+00:00\" \/>\n<meta property=\"og:image\" content=\"https:\/\/iwell-guard.com\/wp-content\/uploads\/2026\/05\/schutzsymbol_keltisch_awen.webp\" \/>\n\t<meta property=\"og:image:width\" content=\"1024\" \/>\n\t<meta property=\"og:image:height\" content=\"1536\" \/>\n\t<meta property=\"og:image:type\" content=\"image\/webp\" \/>\n<meta name=\"twitter:card\" content=\"summary_large_image\" \/>\n<script type=\"application\/ld+json\" class=\"yoast-schema-graph\">{\"@context\":\"https:\\\/\\\/schema.org\",\"@graph\":[{\"@type\":\"WebPage\",\"@id\":\"https:\\\/\\\/iwell-guard.com\\\/sv\\\/awen-tecknet-for-inspiration\\\/\",\"url\":\"https:\\\/\\\/iwell-guard.com\\\/sv\\\/awen-tecknet-for-inspiration\\\/\",\"name\":\"Awen \u2013 keltiskt tecken f\u00f6r inspiration\",\"isPartOf\":{\"@id\":\"https:\\\/\\\/iwell-guard.com\\\/sv\\\/#website\"},\"primaryImageOfPage\":{\"@id\":\"https:\\\/\\\/iwell-guard.com\\\/sv\\\/awen-tecknet-for-inspiration\\\/#primaryimage\"},\"image\":{\"@id\":\"https:\\\/\\\/iwell-guard.com\\\/sv\\\/awen-tecknet-for-inspiration\\\/#primaryimage\"},\"thumbnailUrl\":\"https:\\\/\\\/iwell-guard.com\\\/wp-content\\\/uploads\\\/2026\\\/05\\\/schutzsymbol_keltisch_awen.webp\",\"datePublished\":\"2026-09-03T00:12:35+00:00\",\"dateModified\":\"2026-09-03T01:19:48+00:00\",\"description\":\"Awen \u00e4r ett tecken av tre str\u00e5lar som st\u00e5r f\u00f6r inspiration. Ordets och symbolens ursprung f\u00f6rklaras p\u00e5 ett l\u00e4ttbegripligt s\u00e4tt.\",\"breadcrumb\":{\"@id\":\"https:\\\/\\\/iwell-guard.com\\\/sv\\\/awen-tecknet-for-inspiration\\\/#breadcrumb\"},\"inLanguage\":\"sv-SE\",\"potentialAction\":[{\"@type\":\"ReadAction\",\"target\":[\"https:\\\/\\\/iwell-guard.com\\\/sv\\\/awen-tecknet-for-inspiration\\\/\"]}]},{\"@type\":\"ImageObject\",\"inLanguage\":\"sv-SE\",\"@id\":\"https:\\\/\\\/iwell-guard.com\\\/sv\\\/awen-tecknet-for-inspiration\\\/#primaryimage\",\"url\":\"https:\\\/\\\/iwell-guard.com\\\/wp-content\\\/uploads\\\/2026\\\/05\\\/schutzsymbol_keltisch_awen.webp\",\"contentUrl\":\"https:\\\/\\\/iwell-guard.com\\\/wp-content\\\/uploads\\\/2026\\\/05\\\/schutzsymbol_keltisch_awen.webp\",\"width\":1024,\"height\":1536,\"caption\":\"Skyddssymbol. Stilleben-illustration i museistil.\"},{\"@type\":\"BreadcrumbList\",\"@id\":\"https:\\\/\\\/iwell-guard.com\\\/sv\\\/awen-tecknet-for-inspiration\\\/#breadcrumb\",\"itemListElement\":[{\"@type\":\"ListItem\",\"position\":1,\"name\":\"Start\",\"item\":\"https:\\\/\\\/iwell-guard.com\\\/sv\\\/?page_id=136483\"},{\"@type\":\"ListItem\",\"position\":2,\"name\":\"Awen \u2013 tecknet f\u00f6r inspiration\"}]},{\"@type\":\"WebSite\",\"@id\":\"https:\\\/\\\/iwell-guard.com\\\/sv\\\/#website\",\"url\":\"https:\\\/\\\/iwell-guard.com\\\/sv\\\/\",\"name\":\"iWell Guard\",\"description\":\"Schutz vor dunklen Einfl\u00fcssen\",\"publisher\":{\"@id\":\"https:\\\/\\\/iwell-guard.com\\\/sv\\\/#organization\"},\"potentialAction\":[{\"@type\":\"SearchAction\",\"target\":{\"@type\":\"EntryPoint\",\"urlTemplate\":\"https:\\\/\\\/iwell-guard.com\\\/sv\\\/?s={search_term_string}\"},\"query-input\":{\"@type\":\"PropertyValueSpecification\",\"valueRequired\":true,\"valueName\":\"search_term_string\"}}],\"inLanguage\":\"sv-SE\"},{\"@type\":\"Organization\",\"@id\":\"https:\\\/\\\/iwell-guard.com\\\/sv\\\/#organization\",\"name\":\"Ittermann electronic GmbH\",\"url\":\"https:\\\/\\\/iwell-guard.com\\\/sv\\\/\",\"logo\":{\"@type\":\"ImageObject\",\"inLanguage\":\"sv-SE\",\"@id\":\"https:\\\/\\\/iwell-guard.com\\\/sv\\\/#\\\/schema\\\/logo\\\/image\\\/\",\"url\":\"https:\\\/\\\/iwell-guard.com\\\/wp-content\\\/uploads\\\/2026\\\/05\\\/Ittermann-Logo-1182x237-1.png\",\"contentUrl\":\"https:\\\/\\\/iwell-guard.com\\\/wp-content\\\/uploads\\\/2026\\\/05\\\/Ittermann-Logo-1182x237-1.png\",\"width\":1182,\"height\":237,\"caption\":\"Ittermann electronic GmbH\"},\"image\":{\"@id\":\"https:\\\/\\\/iwell-guard.com\\\/sv\\\/#\\\/schema\\\/logo\\\/image\\\/\"},\"sameAs\":[\"https:\\\/\\\/pantip.com\\\/profile\\\/9367242\",\"https:\\\/\\\/micro.blog\\\/iwellguard\",\"https:\\\/\\\/www.diggerslist.com\\\/iwellguard\\\/about\",\"https:\\\/\\\/skitterphoto.com\\\/photographers\\\/2870314\\\/iwell-guard\",\"https:\\\/\\\/iwellguard.wordpress.com\\\/2026\\\/06\\\/06\\\/iwell-guard\\\/\",\"https:\\\/\\\/hub.docker.com\\\/u\\\/iwellguard\",\"https:\\\/\\\/www.pinterest.com\\\/iwellguard\\\/\",\"https:\\\/\\\/bit.ly\\\/m\\\/iwellguard\",\"https:\\\/\\\/entre-vos-mains.alsace.eu\\\/profiles\\\/iwellguard\\\/activity\",\"https:\\\/\\\/gravatar.com\\\/reallybeded8fd34\",\"https:\\\/\\\/naijamatta.com\\\/iwellguard\",\"https:\\\/\\\/www.goodreads.com\\\/iwellguard\",\"https:\\\/\\\/profile.hatena.ne.jp\\\/iwellguard\\\/\",\"https:\\\/\\\/experiment.com\\\/users\\\/iwellguard\",\"https:\\\/\\\/wakelet.com\\\/@iWellGuard82270\",\"https:\\\/\\\/www.chordie.com\\\/forum\\\/profile.php?id=2555664\",\"https:\\\/\\\/www.instapaper.com\\\/p\\\/17757966\",\"https:\\\/\\\/www.mapleprimes.com\\\/users\\\/iwellguard\",\"https:\\\/\\\/businesslistingplus.com\\\/profile\\\/iwell-guard\\\/\",\"https:\\\/\\\/telegra.ph\\\/iWell-Guard-06-06\",\"https:\\\/\\\/pbase.com\\\/iwellguard\\\/iwellguard\",\"https:\\\/\\\/b.hatena.ne.jp\\\/iwellguard\\\/20260607#bookmark-4788405196491818882\",\"https:\\\/\\\/fliphtml5.com\\\/home\\\/iwellguard\",\"https:\\\/\\\/anyflip.com\\\/homepage\\\/cmiwl#About\",\"https:\\\/\\\/transfur.com\\\/Users\\\/iwellguard\",\"http:\\\/\\\/delphi.larsbo.org\\\/user\\\/iwellguard\",\"https:\\\/\\\/jobs.lajobsportal.org\\\/profiles\\\/8380803-iwell-guard\",\"https:\\\/\\\/md.chaosdorf.de\\\/s\\\/jfbe5SBdJD\",\"https:\\\/\\\/www.lingvolive.com\\\/en-us\\\/profile\\\/9ecaeaca-ce11-4e51-9e71-01d55e2bff36\\\/translations\",\"https:\\\/\\\/www.fitday.com\\\/fitness\\\/forums\\\/members\\\/iwellguard.html\",\"https:\\\/\\\/www.mymeetbook.com\\\/iwellguard\",\"https:\\\/\\\/pxhere.com\\\/en\\\/photographer-me\\\/5040798\",\"https:\\\/\\\/disqus.com\\\/by\\\/iwellguard\\\/about\\\/\",\"https:\\\/\\\/pastelink.net\\\/hjwciqwq\",\"https:\\\/\\\/pubhtml5.com\\\/homepage\\\/scjhn\\\/\",\"https:\\\/\\\/www.bitchute.com\\\/channel\\\/2O2eOKzNqujT\",\"https:\\\/\\\/audiomack.com\\\/iwellguard\"]}]}<\/script>\n<!-- \/ Yoast SEO Premium plugin. -->","yoast_head_json":{"title":"Awen \u2013 keltiskt tecken f\u00f6r inspiration","description":"Awen \u00e4r ett tecken av tre str\u00e5lar som st\u00e5r f\u00f6r inspiration. Ordets och symbolens ursprung f\u00f6rklaras p\u00e5 ett l\u00e4ttbegripligt s\u00e4tt.","robots":{"index":"index","follow":"follow","max-snippet":"max-snippet:-1","max-image-preview":"max-image-preview:large","max-video-preview":"max-video-preview:-1"},"canonical":"https:\/\/iwell-guard.com\/sv\/awen-tecknet-for-inspiration\/","og_locale":"sv_SE","og_type":"article","og_title":"Awen \u2013 tecknet f\u00f6r inspiration","og_description":"Awen \u00e4r ett tecken av tre str\u00e5lar som st\u00e5r f\u00f6r inspiration. Ordets och symbolens ursprung f\u00f6rklaras p\u00e5 ett l\u00e4ttbegripligt s\u00e4tt.","og_url":"https:\/\/iwell-guard.com\/sv\/awen-tecknet-for-inspiration\/","og_site_name":"iWell Guard","article_modified_time":"2026-09-03T01:19:48+00:00","og_image":[{"width":1024,"height":1536,"url":"https:\/\/iwell-guard.com\/wp-content\/uploads\/2026\/05\/schutzsymbol_keltisch_awen.webp","type":"image\/webp"}],"twitter_card":"summary_large_image","schema":{"@context":"https:\/\/schema.org","@graph":[{"@type":"WebPage","@id":"https:\/\/iwell-guard.com\/sv\/awen-tecknet-for-inspiration\/","url":"https:\/\/iwell-guard.com\/sv\/awen-tecknet-for-inspiration\/","name":"Awen \u2013 keltiskt tecken f\u00f6r inspiration","isPartOf":{"@id":"https:\/\/iwell-guard.com\/sv\/#website"},"primaryImageOfPage":{"@id":"https:\/\/iwell-guard.com\/sv\/awen-tecknet-for-inspiration\/#primaryimage"},"image":{"@id":"https:\/\/iwell-guard.com\/sv\/awen-tecknet-for-inspiration\/#primaryimage"},"thumbnailUrl":"https:\/\/iwell-guard.com\/wp-content\/uploads\/2026\/05\/schutzsymbol_keltisch_awen.webp","datePublished":"2026-09-03T00:12:35+00:00","dateModified":"2026-09-03T01:19:48+00:00","description":"Awen \u00e4r ett tecken av tre str\u00e5lar som st\u00e5r f\u00f6r inspiration. Ordets och symbolens ursprung f\u00f6rklaras p\u00e5 ett l\u00e4ttbegripligt s\u00e4tt.","breadcrumb":{"@id":"https:\/\/iwell-guard.com\/sv\/awen-tecknet-for-inspiration\/#breadcrumb"},"inLanguage":"sv-SE","potentialAction":[{"@type":"ReadAction","target":["https:\/\/iwell-guard.com\/sv\/awen-tecknet-for-inspiration\/"]}]},{"@type":"ImageObject","inLanguage":"sv-SE","@id":"https:\/\/iwell-guard.com\/sv\/awen-tecknet-for-inspiration\/#primaryimage","url":"https:\/\/iwell-guard.com\/wp-content\/uploads\/2026\/05\/schutzsymbol_keltisch_awen.webp","contentUrl":"https:\/\/iwell-guard.com\/wp-content\/uploads\/2026\/05\/schutzsymbol_keltisch_awen.webp","width":1024,"height":1536,"caption":"Skyddssymbol. Stilleben-illustration i museistil."},{"@type":"BreadcrumbList","@id":"https:\/\/iwell-guard.com\/sv\/awen-tecknet-for-inspiration\/#breadcrumb","itemListElement":[{"@type":"ListItem","position":1,"name":"Start","item":"https:\/\/iwell-guard.com\/sv\/?page_id=136483"},{"@type":"ListItem","position":2,"name":"Awen \u2013 tecknet f\u00f6r inspiration"}]},{"@type":"WebSite","@id":"https:\/\/iwell-guard.com\/sv\/#website","url":"https:\/\/iwell-guard.com\/sv\/","name":"iWell Guard","description":"Schutz vor dunklen Einfl\u00fcssen","publisher":{"@id":"https:\/\/iwell-guard.com\/sv\/#organization"},"potentialAction":[{"@type":"SearchAction","target":{"@type":"EntryPoint","urlTemplate":"https:\/\/iwell-guard.com\/sv\/?s={search_term_string}"},"query-input":{"@type":"PropertyValueSpecification","valueRequired":true,"valueName":"search_term_string"}}],"inLanguage":"sv-SE"},{"@type":"Organization","@id":"https:\/\/iwell-guard.com\/sv\/#organization","name":"Ittermann electronic GmbH","url":"https:\/\/iwell-guard.com\/sv\/","logo":{"@type":"ImageObject","inLanguage":"sv-SE","@id":"https:\/\/iwell-guard.com\/sv\/#\/schema\/logo\/image\/","url":"https:\/\/iwell-guard.com\/wp-content\/uploads\/2026\/05\/Ittermann-Logo-1182x237-1.png","contentUrl":"https:\/\/iwell-guard.com\/wp-content\/uploads\/2026\/05\/Ittermann-Logo-1182x237-1.png","width":1182,"height":237,"caption":"Ittermann electronic GmbH"},"image":{"@id":"https:\/\/iwell-guard.com\/sv\/#\/schema\/logo\/image\/"},"sameAs":["https:\/\/pantip.com\/profile\/9367242","https:\/\/micro.blog\/iwellguard","https:\/\/www.diggerslist.com\/iwellguard\/about","https:\/\/skitterphoto.com\/photographers\/2870314\/iwell-guard","https:\/\/iwellguard.wordpress.com\/2026\/06\/06\/iwell-guard\/","https:\/\/hub.docker.com\/u\/iwellguard","https:\/\/www.pinterest.com\/iwellguard\/","https:\/\/bit.ly\/m\/iwellguard","https:\/\/entre-vos-mains.alsace.eu\/profiles\/iwellguard\/activity","https:\/\/gravatar.com\/reallybeded8fd34","https:\/\/naijamatta.com\/iwellguard","https:\/\/www.goodreads.com\/iwellguard","https:\/\/profile.hatena.ne.jp\/iwellguard\/","https:\/\/experiment.com\/users\/iwellguard","https:\/\/wakelet.com\/@iWellGuard82270","https:\/\/www.chordie.com\/forum\/profile.php?id=2555664","https:\/\/www.instapaper.com\/p\/17757966","https:\/\/www.mapleprimes.com\/users\/iwellguard","https:\/\/businesslistingplus.com\/profile\/iwell-guard\/","https:\/\/telegra.ph\/iWell-Guard-06-06","https:\/\/pbase.com\/iwellguard\/iwellguard","https:\/\/b.hatena.ne.jp\/iwellguard\/20260607#bookmark-4788405196491818882","https:\/\/fliphtml5.com\/home\/iwellguard","https:\/\/anyflip.com\/homepage\/cmiwl#About","https:\/\/transfur.com\/Users\/iwellguard","http:\/\/delphi.larsbo.org\/user\/iwellguard","https:\/\/jobs.lajobsportal.org\/profiles\/8380803-iwell-guard","https:\/\/md.chaosdorf.de\/s\/jfbe5SBdJD","https:\/\/www.lingvolive.com\/en-us\/profile\/9ecaeaca-ce11-4e51-9e71-01d55e2bff36\/translations","https:\/\/www.fitday.com\/fitness\/forums\/members\/iwellguard.html","https:\/\/www.mymeetbook.com\/iwellguard","https:\/\/pxhere.com\/en\/photographer-me\/5040798","https:\/\/disqus.com\/by\/iwellguard\/about\/","https:\/\/pastelink.net\/hjwciqwq","https:\/\/pubhtml5.com\/homepage\/scjhn\/","https:\/\/www.bitchute.com\/channel\/2O2eOKzNqujT","https:\/\/audiomack.com\/iwellguard"]}]}},"_links":{"self":[{"href":"https:\/\/iwell-guard.com\/sv\/wp-json\/wp\/v2\/pages\/137078","targetHints":{"allow":["GET"]}}],"collection":[{"href":"https:\/\/iwell-guard.com\/sv\/wp-json\/wp\/v2\/pages"}],"about":[{"href":"https:\/\/iwell-guard.com\/sv\/wp-json\/wp\/v2\/types\/page"}],"author":[{"embeddable":true,"href":"https:\/\/iwell-guard.com\/sv\/wp-json\/wp\/v2\/users\/3"}],"replies":[{"embeddable":true,"href":"https:\/\/iwell-guard.com\/sv\/wp-json\/wp\/v2\/comments?post=137078"}],"version-history":[{"count":0,"href":"https:\/\/iwell-guard.com\/sv\/wp-json\/wp\/v2\/pages\/137078\/revisions"}],"wp:featuredmedia":[{"embeddable":true,"href":"https:\/\/iwell-guard.com\/sv\/wp-json\/wp\/v2\/media\/3489"}],"wp:attachment":[{"href":"https:\/\/iwell-guard.com\/sv\/wp-json\/wp\/v2\/media?parent=137078"}],"wp:term":[{"taxonomy":"category","embeddable":true,"href":"https:\/\/iwell-guard.com\/sv\/wp-json\/wp\/v2\/categories?post=137078"}],"curies":[{"name":"wp","href":"https:\/\/api.w.org\/{rel}","templated":true}]}}