{"id":137063,"date":"2026-09-03T00:12:27","date_gmt":"2026-09-03T00:12:27","guid":{"rendered":"https:\/\/iwell-guard.com\/?page_id=137063"},"modified":"2026-09-03T01:19:26","modified_gmt":"2026-09-03T01:19:26","slug":"chakana-andeskors","status":"publish","type":"page","link":"https:\/\/iwell-guard.com\/sv\/chakana-andeskors\/","title":{"rendered":"Chakana \u2013 Inkarnas andeskors"},"content":{"rendered":"\t\t<div data-elementor-type=\"wp-page\" data-elementor-id=\"137063\" class=\"elementor elementor-137063 elementor-3650 elementor-bc-flex-widget\" data-elementor-post-type=\"page\">\n\t\t\t\t<div class=\"elementor-element elementor-element-iwgs-chakana-hero e-flex e-con-boxed e-con e-parent\" data-id=\"iwgs-chakana-hero\" data-element_type=\"container\" data-e-type=\"container\">\n\t\t\t\t\t<div class=\"e-con-inner\">\n\t\t<div class=\"elementor-element elementor-element-iwgs-chakana-hl e-flex e-con-boxed e-con e-parent\" data-id=\"iwgs-chakana-hl\" data-element_type=\"container\" data-e-type=\"container\">\n\t\t\t\t\t<div class=\"e-con-inner\">\n\t\t<div class=\"elementor-element elementor-element-iwgs-chakana-hlbox e-con-full e-flex e-con e-parent\" data-id=\"iwgs-chakana-hlbox\" data-element_type=\"container\" data-e-type=\"container\">\n\t\t\t\t<div class=\"elementor-element elementor-element-iwgs-chakana-h1 elementor-widget elementor-widget-heading\" data-id=\"iwgs-chakana-h1\" data-element_type=\"widget\" data-e-type=\"widget\" data-widget_type=\"heading.default\">\n\t\t\t\t\t<h1 class=\"elementor-heading-title elementor-size-default\">Chakana \u2013 det stegformade andeskorset<\/h1>\t\t\t\t<\/div>\n\t\t\t\t<div class=\"elementor-element elementor-element-iwgs-chakana-lead elementor-widget elementor-widget-text-editor\" data-id=\"iwgs-chakana-lead\" data-element_type=\"widget\" data-e-type=\"widget\" data-widget_type=\"text-editor.default\">\n\t\t\t\t\t\t\t\t\t<p>Chakana \u00e4r det stegformade andeskorset, ett tecken fr\u00e5n kulturomr\u00e5det Anderna. Trappkorset har gamla r\u00f6tter i andekonsten, men dagens utarbetade tolkning \u00e4r till stor del av yngre datum.<\/p>\t\t\t\t\t\t\t\t<\/div>\n\t\t\t\t<\/div>\n\t\t\t\t<div class=\"elementor-element elementor-element-iwgs-chakana-pills elementor-widget elementor-widget-html\" data-id=\"iwgs-chakana-pills\" data-element_type=\"widget\" data-e-type=\"widget\" data-widget_type=\"html.default\">\n\t\t\t\t\t<div class=\"iwg-pill-row\"><span class=\"iwg-klasse-badge\" tabindex=\"0\" data-tooltip=\"Skyddssymbol, amulett eller apotrop\u00e4iskt f\u00f6rem\u00e5l.\">Skyddssymbol<\/span><a href=\"https:\/\/iwell-guard.com\/sv\/andeska-kulturer-inka-inti-pachamama-viracocha\/\" class=\"iwg-kultur-badge\" tabindex=\"0\" data-tooltip=\"Skyddstradition: Anderna\">Anderna<\/a><span class=\"iwg-tradition-badge\" tabindex=\"0\" data-tooltip=\"Ett kors vars fot vilar p\u00e5 en stegformad sockel.\">Trappkors<\/span><\/div>\t\t\t\t<\/div>\n\t\t\t\t\t<\/div>\n\t\t\t\t<\/div>\n\t\t<div class=\"elementor-element elementor-element-iwgs-chakana-hr e-con-full e-flex e-con e-parent\" data-id=\"iwgs-chakana-hr\" data-element_type=\"container\" data-e-type=\"container\">\n\t\t\t\t<div class=\"elementor-element elementor-element-iwgs-chakana-himg iwg-hero-image elementor-widget elementor-widget-image\" data-id=\"iwgs-chakana-himg\" data-element_type=\"widget\" data-e-type=\"widget\" data-widget_type=\"image.default\">\n\t\t\t\t\t\t\t\t\t\t\t\t\t\t\t<img fetchpriority=\"high\" decoding=\"async\" width=\"683\" height=\"1024\" src=\"https:\/\/iwell-guard.com\/wp-content\/uploads\/2026\/05\/schutzsymbol_anden_chakana-683x1024.webp\" class=\"attachment-large size-large wp-image-135781\" alt=\"Chakana \u2013 skyddssymbol, illustration i museistil\" srcset=\"https:\/\/iwell-guard.com\/wp-content\/uploads\/2026\/05\/schutzsymbol_anden_chakana-683x1024.webp 683w, https:\/\/iwell-guard.com\/wp-content\/uploads\/2026\/05\/schutzsymbol_anden_chakana-200x300.webp 200w, https:\/\/iwell-guard.com\/wp-content\/uploads\/2026\/05\/schutzsymbol_anden_chakana-768x1152.webp 768w, https:\/\/iwell-guard.com\/wp-content\/uploads\/2026\/05\/schutzsymbol_anden_chakana.webp 1024w\" sizes=\"(max-width: 683px) 100vw, 683px\" \/>\t\t\t\t\t\t\t\t\t\t\t\t\t\t\t<\/div>\n\t\t\t\t<\/div>\n\t\t\t\t\t<\/div>\n\t\t\t\t<\/div>\n\t\t<div class=\"elementor-element elementor-element-iwgs-chakana-s0 e-flex e-con-boxed e-con e-parent\" data-id=\"iwgs-chakana-s0\" data-element_type=\"container\" data-e-type=\"container\">\n\t\t\t\t\t<div class=\"e-con-inner\">\n\t\t\t\t<div class=\"elementor-element elementor-element-iwgs-chakana-s0h elementor-widget elementor-widget-heading\" data-id=\"iwgs-chakana-s0h\" data-element_type=\"widget\" data-e-type=\"widget\" data-widget_type=\"heading.default\">\n\t\t\t\t\t<h2 class=\"elementor-heading-title elementor-size-default\">Inordning<\/h2>\t\t\t\t<\/div>\n\t\t<div class=\"elementor-element elementor-element-iwgs-chakana-s0box e-con-full e-flex e-con e-parent\" data-id=\"iwgs-chakana-s0box\" data-element_type=\"container\" data-e-type=\"container\">\n\t\t\t\t<div class=\"elementor-element elementor-element-iwgs-chakana-s0t elementor-widget elementor-widget-text-editor\" data-id=\"iwgs-chakana-s0t\" data-element_type=\"widget\" data-e-type=\"widget\" data-widget_type=\"text-editor.default\">\n\t\t\t\t\t\t\t\t\t<p>Chakana \u00e4r ett tecken fr\u00e5n kulturomr\u00e5det <a href=\"https:\/\/iwell-guard.com\/sv\/andeska-kulturer-inka-inti-pachamama-viracocha\/\">Anderna<\/a>. Det kallas ofta f\u00f6r andeskors eller inkakors. Dess form \u00e4r ett stegformat, m\u00e5ngfaldigt vinklat kors.<\/p><p>Trappkorset \u00e4r ett gammalt <span class=\"iwg-fachbegriff\" data-tooltip=\"Ett \u00e5terkommande inneh\u00e5llsligt element i konst eller ber\u00e4ttelse.\" tabindex=\"0\">motiv<\/span> i andekonsten. Det f\u00f6rekommer i arkitekturen, i v\u00e4vnaderna och i keramiken hos andekulturerna under en l\u00e5ng tidsperiod. I den meningen har chakanan verkligt gamla r\u00f6tter.<\/p><p>Samtidigt \u00e4r dagens chakana f\u00f6rbunden med en utf\u00f6rlig, m\u00e5ngfasetterad tolkning. Denna tolkning kopplar samman tecknet med Andernas v\u00e4rldsbild, med de tre v\u00e4rldarna och med de fyra v\u00e4derstrecken.<\/p><p>Inom forskningen \u00e4r chakanan ett fall som kr\u00e4ver noggrann \u00e5tskillnad. Det stegformade korset som bildmotiv \u00e4r gammalt. Den systematiska tolkning som idag f\u00f6rknippas med namnet chakana \u00e4r d\u00e4remot till stor del en modern utarbetning.<\/p><p>En \u00e4rlig framst\u00e4llning h\u00e5ller is\u00e4r de b\u00e5da sidorna. Den hedrar det gamla trappkorset i andekonsten och konstaterar samtidigt att den utarbetade chakana-tolkningen till stor del tillh\u00f6r 1900-talet.<\/p><p>Chakanan \u00e4r d\u00e4rmed ett l\u00e4rorikt exempel. Den visar hur ett gammalt bildmotiv i nutiden kan f\u00f6rses med en rik betydelse, och hur viktigt det \u00e4r att skilja det gamla <span class=\"iwg-fachbegriff\" data-tooltip=\"Ett \u00e5terkommande inneh\u00e5llsligt element i konst eller ber\u00e4ttelse.\" tabindex=\"0\">motivet<\/span> fr\u00e5n den nya tolkningen.<\/p>\t\t\t\t\t\t\t\t<\/div>\n\t\t\t\t<\/div>\n\t\t\t\t\t<\/div>\n\t\t\t\t<\/div>\n\t\t<div class=\"elementor-element elementor-element-iwgs-chakana-s1 e-flex e-con-boxed e-con e-parent\" data-id=\"iwgs-chakana-s1\" data-element_type=\"container\" data-e-type=\"container\">\n\t\t\t\t\t<div class=\"e-con-inner\">\n\t\t\t\t<div class=\"elementor-element elementor-element-iwgs-chakana-s1h elementor-widget elementor-widget-heading\" data-id=\"iwgs-chakana-s1h\" data-element_type=\"widget\" data-e-type=\"widget\" data-widget_type=\"heading.default\">\n\t\t\t\t\t<h2 class=\"elementor-heading-title elementor-size-default\">Den stegformade korsformen<\/h2>\t\t\t\t<\/div>\n\t\t<div class=\"elementor-element elementor-element-iwgs-chakana-s1box e-con-full e-flex e-con e-parent\" data-id=\"iwgs-chakana-s1box\" data-element_type=\"container\" data-e-type=\"container\">\n\t\t\t\t<div class=\"elementor-element elementor-element-iwgs-chakana-s1t elementor-widget elementor-widget-text-editor\" data-id=\"iwgs-chakana-s1t\" data-element_type=\"widget\" data-e-type=\"widget\" data-widget_type=\"text-editor.default\">\n\t\t\t\t\t\t\t\t\t<p>Chakanan har en s\u00e4regen form. Det \u00e4r ett kors vars armar inte slutar rakt utan \u00e4r indelade i steg. Varje arm avslutas med en trappliknande avtrappning.<\/p><p>Sammantaget ger detta en m\u00e5ngfaldigt vinklad, geometriskt str\u00e4ng figur. Chakanan \u00e4r symmetriskt uppbyggd, eftersom alla fyra armar \u00e4r likadant utformade. I mitten b\u00e4r tecknet ofta en \u00f6ppning eller en cirkel.<\/p><p>Stegmotivet \u00e4r chakanans egentliga k\u00e4nnetecken. Det \u00e4r en form som var vitt spridd i andekonsten. Trappan eller steget \u00e4r ett grundmotiv i den andinska formskatten.<\/p><p>Chakanans str\u00e4nga, tydliga geometri g\u00f6r den l\u00e4tt igenk\u00e4nnlig. Den g\u00e5r bra att utf\u00f6ra i sten, i v\u00e4vnad och i metall. Denna gestaltningsm\u00e4ssiga tydlighet har bidragit till dess popularitet idag.<\/p><p>Den stegformade formen inbjuder till tolkningar. Steg kan f\u00f6rst\u00e5s som uppstigning och nedstigning, som en f\u00f6rbindelse mellan olika niv\u00e5er. P\u00e5 s\u00e5dana tankeg\u00e5ngar bygger dagens tolkning av chakanan.<\/p><p>Trots formens tydlighet b\u00f6r man dock ha i \u00e5tanke att formen ensam inte fastst\u00e4ller n\u00e5gon best\u00e4md betydelse. Vad trappkorset betydde i den gamla andekonsten g\u00e5r inte att utl\u00e4sa enbart av dess gestalt.<\/p>\t\t\t\t\t\t\t\t<\/div>\n\t\t\t\t<\/div>\n\t\t\t\t\t<\/div>\n\t\t\t\t<\/div>\n\t\t<div class=\"elementor-element elementor-element-iwgs-chakana-s2 e-flex e-con-boxed e-con e-parent\" data-id=\"iwgs-chakana-s2\" data-element_type=\"container\" data-e-type=\"container\">\n\t\t\t\t\t<div class=\"e-con-inner\">\n\t\t\t\t<div class=\"elementor-element elementor-element-iwgs-chakana-s2h elementor-widget elementor-widget-heading\" data-id=\"iwgs-chakana-s2h\" data-element_type=\"widget\" data-e-type=\"widget\" data-widget_type=\"heading.default\">\n\t\t\t\t\t<h2 class=\"elementor-heading-title elementor-size-default\">Trappkorset i den gamla andekonsten<\/h2>\t\t\t\t<\/div>\n\t\t<div class=\"elementor-element elementor-element-iwgs-chakana-s2box e-con-full e-flex e-con e-parent\" data-id=\"iwgs-chakana-s2box\" data-element_type=\"container\" data-e-type=\"container\">\n\t\t\t\t<div class=\"elementor-element elementor-element-iwgs-chakana-s2t elementor-widget elementor-widget-text-editor\" data-id=\"iwgs-chakana-s2t\" data-element_type=\"widget\" data-e-type=\"widget\" data-widget_type=\"text-editor.default\">\n\t\t\t\t\t\t\t\t\t<p>Det stegformade <span class=\"iwg-fachbegriff\" data-tooltip=\"Ett \u00e5terkommande inneh\u00e5llsligt element i konst eller ber\u00e4ttelse.\" tabindex=\"0\">motivet<\/span> har en l\u00e5ng historia i andekonsten. Det \u00e4r belagt genom m\u00e5nga \u00e5rhundraden och \u00f6ver olika kulturer i andeomr\u00e5det.<\/p><p>S\u00e4rskilt k\u00e4nt \u00e4r stegmotivet fr\u00e5n Tiwanakukulturen, ett betydande centrum i h\u00f6glandet vid Titicacasj\u00f6n. I Tiwanakus stenkonst f\u00f6rekommer det stegformade <span class=\"iwg-fachbegriff\" data-tooltip=\"Ett \u00e5terkommande inneh\u00e5llsligt element i konst eller ber\u00e4ttelse.\" tabindex=\"0\">motivet<\/span> flerfaldigt.<\/p><p>\u00c4ven i inkafolkets byggnadskonst spelar steget en roll. De ber\u00f6mda stenmurarna och de terrasserade anl\u00e4ggningarna hos inkafolket visar stegmotivet. Det h\u00f6r till grundbest\u00e5ndet i det andinska formspr\u00e5ket.<\/p><p>I andekulturernas v\u00e4vnader, som h\u00f6r till de mest konstfulla i v\u00e4rlden, \u00e4r det stegformade <span class=\"iwg-fachbegriff\" data-tooltip=\"Ett \u00e5terkommande inneh\u00e5llsligt element i konst eller ber\u00e4ttelse.\" tabindex=\"0\">motivet<\/span> likas\u00e5 utbrett. V\u00e4verskorna och v\u00e4verna i andeomr\u00e5det anv\u00e4nde geometriska m\u00f6nster, bland dem stegmotivet.<\/p><p>Trappkorset \u00e4r d\u00e4rmed v\u00e4l belagt som bildmotiv i den gamla andekonsten. Det \u00e4r inget modernt p\u00e5hitt utan ett verkligt element i den andinska formskatten.<\/p><p>Vad dessa gamla trappkors exakt betydde f\u00f6r m\u00e4nniskorna p\u00e5 den tiden \u00e4r dock inte lika s\u00e4kert belagt. Andekulturerna k\u00e4nde inte till skrift i vanlig mening, och d\u00e4rf\u00f6r saknas texter som skulle kunna f\u00f6rklara <span class=\"iwg-fachbegriff\" data-tooltip=\"Ett \u00e5terkommande inneh\u00e5llsligt element i konst eller ber\u00e4ttelse.\" tabindex=\"0\">motivet<\/span>.<\/p>\t\t\t\t\t\t\t\t<\/div>\n\t\t\t\t<\/div>\n\t\t\t\t\t<\/div>\n\t\t\t\t<\/div>\n\t\t<div class=\"elementor-element elementor-element-iwgs-chakana-s3 e-flex e-con-boxed e-con e-parent\" data-id=\"iwgs-chakana-s3\" data-element_type=\"container\" data-e-type=\"container\">\n\t\t\t\t\t<div class=\"e-con-inner\">\n\t\t\t\t<div class=\"elementor-element elementor-element-iwgs-chakana-s3h elementor-widget elementor-widget-heading\" data-id=\"iwgs-chakana-s3h\" data-element_type=\"widget\" data-e-type=\"widget\" data-widget_type=\"heading.default\">\n\t\t\t\t\t<h2 class=\"elementor-heading-title elementor-size-default\">De tre v\u00e4rldarna<\/h2>\t\t\t\t<\/div>\n\t\t<div class=\"elementor-element elementor-element-iwgs-chakana-s3box e-con-full e-flex e-con e-parent\" data-id=\"iwgs-chakana-s3box\" data-element_type=\"container\" data-e-type=\"container\">\n\t\t\t\t<div class=\"elementor-element elementor-element-iwgs-chakana-s3t elementor-widget elementor-widget-text-editor\" data-id=\"iwgs-chakana-s3t\" data-element_type=\"widget\" data-e-type=\"widget\" data-widget_type=\"text-editor.default\">\n\t\t\t\t\t\t\t\t\t<p>Dagens tolkning av chakanan f\u00f6rbinder tecknet med Andernas v\u00e4rldsbild. En viktig best\u00e5ndsdel i denna v\u00e4rldsbild \u00e4r f\u00f6rest\u00e4llningen om tre v\u00e4rldar eller tre existensomr\u00e5den.<\/p><p>Dessa tre omr\u00e5den ben\u00e4mns p\u00e5 quechuaspr\u00e5ket. Det finns den \u00f6vre v\u00e4rlden, som \u00e4r f\u00f6rbunden med himlen. Det finns den mellersta v\u00e4rlden, d\u00e4r m\u00e4nniskorna lever. Och det finns den nedre v\u00e4rlden, som \u00e4r f\u00f6rbunden med jordens inre.<\/p><p>Denna tredelning av kosmos \u00e4r faktiskt belagd f\u00f6r det andinska t\u00e4nkandet. F\u00f6rest\u00e4llningen om en \u00f6vre, en mellersta och en nedre v\u00e4rld h\u00f6r till andekulturernas \u00f6verl\u00e4mnade v\u00e4rldsbild.<\/p><p>I den moderna tolkningen av chakanan f\u00f6rbinds korsets steg med dessa tre v\u00e4rldar. Det stegformade korset framst\u00e5r d\u00e5 som en bild av det tredelade kosmos och av f\u00f6rbindelsen mellan dess niv\u00e5er.<\/p><p>Denna koppling mellan trappkors och l\u00e4ran om de tre v\u00e4rldarna \u00e4r meningsfull och sammanh\u00e4ngande i sig. Stegen kan gott l\u00e4sas som uppstigning och nedstigning mellan v\u00e4rldarna.<\/p><p>Det \u00e4r dock viktigt att veta att denna tolkning \u00e4r just en tolkning. Att de gamla andekulturerna sj\u00e4lva f\u00f6rstod trappkorset exakt p\u00e5 detta s\u00e4tt \u00e4r inte belagt genom gamla k\u00e4llor, utan \u00e4r en slutledning.<\/p>\t\t\t\t\t\t\t\t<\/div>\n\t\t\t\t<\/div>\n\t\t\t\t\t<\/div>\n\t\t\t\t<\/div>\n\t\t<div class=\"elementor-element elementor-element-iwgs-chakana-s4 e-flex e-con-boxed e-con e-parent\" data-id=\"iwgs-chakana-s4\" data-element_type=\"container\" data-e-type=\"container\">\n\t\t\t\t\t<div class=\"e-con-inner\">\n\t\t\t\t<div class=\"elementor-element elementor-element-iwgs-chakana-s4h elementor-widget elementor-widget-heading\" data-id=\"iwgs-chakana-s4h\" data-element_type=\"widget\" data-e-type=\"widget\" data-widget_type=\"heading.default\">\n\t\t\t\t\t<h2 class=\"elementor-heading-title elementor-size-default\">De fyra v\u00e4derstrecken och S\u00f6dra korset<\/h2>\t\t\t\t<\/div>\n\t\t<div class=\"elementor-element elementor-element-iwgs-chakana-s4box e-con-full e-flex e-con e-parent\" data-id=\"iwgs-chakana-s4box\" data-element_type=\"container\" data-e-type=\"container\">\n\t\t\t\t<div class=\"elementor-element elementor-element-iwgs-chakana-s4t elementor-widget elementor-widget-text-editor\" data-id=\"iwgs-chakana-s4t\" data-element_type=\"widget\" data-e-type=\"widget\" data-widget_type=\"text-editor.default\">\n\t\t\t\t\t\t\t\t\t<p>Ut\u00f6ver de tre v\u00e4rldarna kopplar dagens tolkning ocks\u00e5 chakana till de fyra v\u00e4derstrecken. Korset med sina fyra lika l\u00e5nga armar g\u00e5r l\u00e4tt att l\u00e4sa som ett tecken f\u00f6r de fyra riktningarna.<\/p><p>Denna tolkning st\u00e4mmer v\u00e4l med ett grunddrag i Inkariket. Inkariket var indelat i fyra stora delar, och rikets namn gav uttryck f\u00f6r just denna fyrdelning. Talet fyra hade en viktig st\u00e4llning i det andinska t\u00e4nkandet.<\/p><p>En annan tolkningslinje kopplar chakana till en stj\u00e4rnbild, S\u00f6dra korset. Denna stj\u00e4rnbild \u00e4r v\u00e4l synlig p\u00e5 himlen p\u00e5 s\u00f6dra halvklotet och hade betydelse f\u00f6r andeskulturerna.<\/p><p>Namnet chakana f\u00f6rknippas med ett quechua-ord som har att g\u00f6ra med att korsa, att f\u00f6rbinda och med bron. I denna tolkning \u00e4r chakana ett tecken p\u00e5 f\u00f6rbindelse, en bro mellan olika omr\u00e5den.<\/p><p>Dessa tolkningar, de fyra riktningarna, stj\u00e4rnbilden och tanken om bron, ger tillsammans en rik bild. Chakana framst\u00e5r d\u00e5 som ett tecken som omfattar kosmos, dess riktningar och dess niv\u00e5er.<\/p><p>\u00c4ven h\u00e4r kr\u00e4vs dock n\u00f6dv\u00e4ndig f\u00f6rsiktighet. Dessa tolkningar \u00e4r v\u00e4l genomt\u00e4nkta och sammanh\u00e4ngande, men de \u00e4r till stor del moderna utarbetningar. Hur mycket som g\u00e5r tillbaka p\u00e5 gammal andinsk kunskap \u00e4r sv\u00e5rt att avg\u00f6ra i detalj.<\/p>\t\t\t\t\t\t\t\t<\/div>\n\t\t\t\t<\/div>\n\t\t\t\t\t<\/div>\n\t\t\t\t<\/div>\n\t\t<div class=\"elementor-element elementor-element-iwgs-chakana-s5 e-flex e-con-boxed e-con e-parent\" data-id=\"iwgs-chakana-s5\" data-element_type=\"container\" data-e-type=\"container\">\n\t\t\t\t\t<div class=\"e-con-inner\">\n\t\t\t\t<div class=\"elementor-element elementor-element-iwgs-chakana-s5h elementor-widget elementor-widget-heading\" data-id=\"iwgs-chakana-s5h\" data-element_type=\"widget\" data-e-type=\"widget\" data-widget_type=\"heading.default\">\n\t\t\t\t\t<h2 class=\"elementor-heading-title elementor-size-default\">Namnet och dess betydelse<\/h2>\t\t\t\t<\/div>\n\t\t<div class=\"elementor-element elementor-element-iwgs-chakana-s5box e-con-full e-flex e-con e-parent\" data-id=\"iwgs-chakana-s5box\" data-element_type=\"container\" data-e-type=\"container\">\n\t\t\t\t<div class=\"elementor-element elementor-element-iwgs-chakana-s5t elementor-widget elementor-widget-text-editor\" data-id=\"iwgs-chakana-s5t\" data-element_type=\"widget\" data-e-type=\"widget\" data-widget_type=\"text-editor.default\">\n\t\t\t\t\t\t\t\t\t<p>Namnet chakana kommer fr\u00e5n quechua, det spr\u00e5k som talades i Inkariket och som fortfarande talas i andenregionen. Namnet f\u00f6rknippas med en ordstam som betecknar att korsa och att f\u00f6rbinda.<\/p><p>Ur denna spr\u00e5kliga koppling uppst\u00e5r tolkningen av chakana som en bro eller som ett f\u00f6rbindande tecken. Chakana skulle d\u00e5 vara det som binder samman olika omr\u00e5den, till exempel de tre v\u00e4rldarna i den andinska kosmologin.<\/p><p>Denna tolkning \u00e4r l\u00e4ttillg\u00e4nglig och passar v\u00e4l med den stegformade utformningen, som kan l\u00e4sas som en uppstigning och nedstigning. Den \u00e4r en viktig del av chakanas nutida betydelse.<\/p><p>Det \u00e4r dock inte belagt att det gamla stegkorset i andekonsten redan bar detta namn eller tolkades exakt p\u00e5 detta s\u00e4tt som en bro. Namnet och tolkningen kan ha f\u00f6renats med varandra f\u00f6rst senare.<\/p><p>Denna os\u00e4kerhet \u00e4r k\u00e4nnetecknande f\u00f6r chakana. Form, namn och tolkning kan i dag fogas samman till en sluten helhetsbild, men om denna helhet verkligen \u00e4r gammal \u00e4r fortfarande en \u00f6ppen fr\u00e5ga.<\/p><p>En \u00e4rlig framst\u00e4llning redovisar denna \u00f6ppenhet. Den presenterar tolkningen, men markerar den som en tolkning och inte som s\u00e4ker gammal kunskap.<\/p>\t\t\t\t\t\t\t\t<\/div>\n\t\t\t\t<\/div>\n\t\t\t\t\t<\/div>\n\t\t\t\t<\/div>\n\t\t<div class=\"elementor-element elementor-element-iwgs-chakana-s6 e-flex e-con-boxed e-con e-parent\" data-id=\"iwgs-chakana-s6\" data-element_type=\"container\" data-e-type=\"container\">\n\t\t\t\t\t<div class=\"e-con-inner\">\n\t\t\t\t<div class=\"elementor-element elementor-element-iwgs-chakana-s6h elementor-widget elementor-widget-heading\" data-id=\"iwgs-chakana-s6h\" data-element_type=\"widget\" data-e-type=\"widget\" data-widget_type=\"heading.default\">\n\t\t\t\t\t<h2 class=\"elementor-heading-title elementor-size-default\">Fr\u00e5gan om \u00e5ldern<\/h2>\t\t\t\t<\/div>\n\t\t<div class=\"elementor-element elementor-element-iwgs-chakana-s6box e-con-full e-flex e-con e-parent\" data-id=\"iwgs-chakana-s6box\" data-element_type=\"container\" data-e-type=\"container\">\n\t\t\t\t<div class=\"elementor-element elementor-element-iwgs-chakana-s6t elementor-widget elementor-widget-text-editor\" data-id=\"iwgs-chakana-s6t\" data-element_type=\"widget\" data-e-type=\"widget\" data-widget_type=\"text-editor.default\">\n\t\t\t\t\t\t\t\t\t<p>N\u00e4r det g\u00e4ller chakana \u00e4r \u00e5ldersfr\u00e5gan s\u00e4rskilt viktig. I dagens bild uppfattas chakana ofta som en urgammal, av inkafolket eller deras f\u00f6reg\u00e5ngare fullt utarbetad <span class=\"iwg-fachbegriff\" data-tooltip=\"Ett tecken som representerar en f\u00f6rest\u00e4llning eller betydelse.\" tabindex=\"0\">symbol<\/span>. Denna f\u00f6rest\u00e4llning kr\u00e4ver en noggrann granskning.<\/p><p>Det \u00e4r riktigt att det stegformade korsmotivet i andekonsten \u00e4r gammalt och v\u00e4l belagt. Steget och stegkorset h\u00f6r till andeskulturernas \u00e4kta gamla formf\u00f6rr\u00e5d.<\/p><p>Den utarbetade tolkningen av chakana, som f\u00f6rbinder tecknet med de tre v\u00e4rldarna, de fyra riktningarna, stj\u00e4rnbilden och tanken om bron, \u00e4r dock till stor del en insats fr\u00e5n 1900-talet.<\/p><p>Forskare och f\u00f6rfattare i nyare tid har tagit upp det gamla stegmotivet och gett det en systematisk, sammanh\u00e4ngande betydelse. De st\u00f6dde sig d\u00e4rvid p\u00e5 den ned\u00e4rvda andinska v\u00e4rldsbilden, p\u00e5 observationer och p\u00e5 egna \u00f6verv\u00e4ganden.<\/p><p>Dagens chakana \u00e4r d\u00e4rmed resultatet av ett samspel. Ett \u00e4kta gammalt bildmotiv har f\u00f6renats med en modern, v\u00e4l genomt\u00e4nkt tolkning. B\u00e5da delarna h\u00f6r till chakana, som den f\u00f6rst\u00e5s i dag.<\/p><p>Detta konstaterande minskar inte chakanas v\u00e4rde. Det placerar den bara r\u00e4tt. Chakana \u00e4r ett tecken med gamla r\u00f6tter och en modern tolkning, och en noggrann framst\u00e4llning redovisar tydligt b\u00e5da sidorna.<\/p>\t\t\t\t\t\t\t\t<\/div>\n\t\t\t\t<\/div>\n\t\t\t\t\t<\/div>\n\t\t\t\t<\/div>\n\t\t<div class=\"elementor-element elementor-element-iwgs-chakana-s7 e-flex e-con-boxed e-con e-parent\" data-id=\"iwgs-chakana-s7\" data-element_type=\"container\" data-e-type=\"container\">\n\t\t\t\t\t<div class=\"e-con-inner\">\n\t\t\t\t<div class=\"elementor-element elementor-element-iwgs-chakana-s7h elementor-widget elementor-widget-heading\" data-id=\"iwgs-chakana-s7h\" data-element_type=\"widget\" data-e-type=\"widget\" data-widget_type=\"heading.default\">\n\t\t\t\t\t<h2 class=\"elementor-heading-title elementor-size-default\">Skydd och ordning<\/h2>\t\t\t\t<\/div>\n\t\t<div class=\"elementor-element elementor-element-iwgs-chakana-s7box e-con-full e-flex e-con e-parent\" data-id=\"iwgs-chakana-s7box\" data-element_type=\"container\" data-e-type=\"container\">\n\t\t\t\t<div class=\"elementor-element elementor-element-iwgs-chakana-s7t elementor-widget elementor-widget-text-editor\" data-id=\"iwgs-chakana-s7t\" data-element_type=\"widget\" data-e-type=\"widget\" data-widget_type=\"text-editor.default\">\n\t\t\t\t\t\t\t\t\t<p>Som skyddstecken h\u00f6r chakana till de tecken som verkar genom att gestalta en ordning. Den avv\u00e4rjer inte genom en skr\u00e4ckbild och f\u00e5ngar inte upp en blick. Den visar snarare en bild av den ordnade v\u00e4rlden.<\/p><p>I dagens tolkning \u00e4r chakana en bild av kosmos. Den visar de tre v\u00e4rldarna, de fyra riktningarna och f\u00f6rbindelsen mellan niv\u00e5erna. Den framst\u00e4ller d\u00e4rmed en omfattande ordning av tillvaron.<\/p><p>Ett tecken som visar en omfattande ordning kan f\u00f6rmedla trygghet och tillh\u00f6righet. Den som betraktar eller b\u00e4r chakana ser en bild av en v\u00e4rld d\u00e4r allt har sin plats och d\u00e4r niv\u00e5erna \u00e4r f\u00f6rbundna med varandra.<\/p><p>I denna mening verkar chakana som ett skyddstecken. Dess skydd ligger inte i att avv\u00e4rja en enskild fara, utan i att gestalta en meningsfull, ordnad v\u00e4rld.<\/p><p>D\u00e4rmed h\u00f6r chakana till de tecken som verkar liknande en v\u00e4rldsbilds-<span class=\"iwg-fachbegriff\" data-tooltip=\"Ett tecken som representerar en f\u00f6rest\u00e4llning eller betydelse.\" tabindex=\"0\">symbol<\/span>. Den ger b\u00e4raren en orientering och placerar honom eller henne i ett st\u00f6rre, ordnat sammanhang.<\/p><p>Detta verkningss\u00e4tt g\u00e4ller f\u00f6r dagens utarbetade chakana. Det bygger p\u00e5 den moderna tolkningen av tecknet. Med denna reservation kan chakana meningsfullt placeras i sammanhanget av skyddstecken.<\/p>\t\t\t\t\t\t\t\t<\/div>\n\t\t\t\t<\/div>\n\t\t\t\t\t<\/div>\n\t\t\t\t<\/div>\n\t\t<div class=\"elementor-element elementor-element-iwgs-chakana-s8 e-flex e-con-boxed e-con e-parent\" data-id=\"iwgs-chakana-s8\" data-element_type=\"container\" data-e-type=\"container\">\n\t\t\t\t\t<div class=\"e-con-inner\">\n\t\t\t\t<div class=\"elementor-element elementor-element-iwgs-chakana-s8h elementor-widget elementor-widget-heading\" data-id=\"iwgs-chakana-s8h\" data-element_type=\"widget\" data-e-type=\"widget\" data-widget_type=\"heading.default\">\n\t\t\t\t\t<h2 class=\"elementor-heading-title elementor-size-default\">Aktuell mottagning<\/h2>\t\t\t\t<\/div>\n\t\t<div class=\"elementor-element elementor-element-iwgs-chakana-s8box e-con-full e-flex e-con e-parent\" data-id=\"iwgs-chakana-s8box\" data-element_type=\"container\" data-e-type=\"container\">\n\t\t\t\t<div class=\"elementor-element elementor-element-iwgs-chakana-s8t elementor-widget elementor-widget-text-editor\" data-id=\"iwgs-chakana-s8t\" data-element_type=\"widget\" data-e-type=\"widget\" data-widget_type=\"text-editor.default\">\n\t\t\t\t\t\t\t\t\t<p>Chakana \u00e4r idag vitt spridd i Andesregionen. I Peru, Bolivia och grannl\u00e4nderna f\u00f6rekommer den p\u00e5 smycken, p\u00e5 v\u00e4vnader, i formgivning och som ett tecken p\u00e5 kulturell identitet.<\/p><p>F\u00f6r m\u00e5nga m\u00e4nniskor i Andesregionen \u00e4r chakanan ett tecken p\u00e5 samh\u00f6righet med den egna h\u00e4rkomsten och med de andinska kulturernas arv. Den st\u00e5r f\u00f6r den andinska v\u00e4rldsbilden och f\u00f6r ett ursprung som str\u00e4cker sig tillbaka till tiden f\u00f6re koloniseringen.<\/p><p>Utanf\u00f6r Andesregionen har chakanan blivit k\u00e4nd genom intresset f\u00f6r de andinska kulturerna och f\u00f6r andliga str\u00f6mningar. Den b\u00e4rs som smycke och anv\u00e4nds som <span class=\"iwg-fachbegriff\" data-tooltip=\"Ett \u00e5terkommande inneh\u00e5llselement i konst eller ber\u00e4ttelse.\" tabindex=\"0\">motiv<\/span>.<\/p><p>I denna spridning tolkas chakanan ofta med stor best\u00e4mdhet, som om dess utf\u00f6rliga betydelse vore urgammal, s\u00e4kerst\u00e4lld kunskap. En sakligt underbyggd framst\u00e4llning st\u00e4ller detta mot den \u00f6ppna k\u00e4ll\u00e4get.<\/p><p>Chakanan f\u00f6rblir d\u00e4rmed ett dubbelt intressant tecken. Den bygger p\u00e5 ett verkligt gammalt <span class=\"iwg-fachbegriff\" data-tooltip=\"Ett \u00e5terkommande inneh\u00e5llselement i konst eller ber\u00e4ttelse.\" tabindex=\"0\">motiv<\/span> i den andinska konsten, det stegade korset. Och den \u00e4r samtidigt ett exempel p\u00e5 hur ett gammalt <span class=\"iwg-fachbegriff\" data-tooltip=\"Ett \u00e5terkommande inneh\u00e5llselement i konst eller ber\u00e4ttelse.\" tabindex=\"0\">motiv<\/span> i v\u00e5r tid f\u00f6rses med en rik tolkning.<\/p><p>En fullst\u00e4ndig framst\u00e4llning ger r\u00e4ttvisa \u00e5t b\u00e5da sidorna. Den visar chakanan som ett tecken som f\u00f6renar gamla andinska r\u00f6tter med en modern, genomt\u00e4nkt tolkning, och den h\u00e5ller tydligt fast vid skillnaden mellan de tv\u00e5.<\/p>\t\t\t\t\t\t\t\t<\/div>\n\t\t\t\t<\/div>\n\t\t\t\t\t<\/div>\n\t\t\t\t<\/div>\n\t\t<div class=\"elementor-element elementor-element-iwgs-chakana-lit e-flex e-con-boxed e-con e-parent\" data-id=\"iwgs-chakana-lit\" data-element_type=\"container\" data-e-type=\"container\">\n\t\t\t\t\t<div class=\"e-con-inner\">\n\t\t\t\t<div class=\"elementor-element elementor-element-iwgs-chakana-lith elementor-widget elementor-widget-heading\" data-id=\"iwgs-chakana-lith\" data-element_type=\"widget\" data-e-type=\"widget\" data-widget_type=\"heading.default\">\n\t\t\t\t\t<h2 class=\"elementor-heading-title elementor-size-default\">Litteratur (urval)<\/h2>\t\t\t\t<\/div>\n\t\t<div class=\"elementor-element elementor-element-iwgs-chakana-litbox e-con-full e-flex e-con e-parent\" data-id=\"iwgs-chakana-litbox\" data-element_type=\"container\" data-e-type=\"container\">\n\t\t\t\t<div class=\"elementor-element elementor-element-iwgs-chakana-litt elementor-widget elementor-widget-html\" data-id=\"iwgs-chakana-litt\" data-element_type=\"widget\" data-e-type=\"widget\" data-widget_type=\"html.default\">\n\t\t\t\t\t<footer data-nosnippet=\"true\"><ul><li>Mary Strong: <em>Art, Nature, and Religion in the Central Andes<\/em> (2012)<\/li><li>Gary Urton: <em>At the Crossroads of the Earth and the Sky. An Andean Cosmology<\/em> (1981)<\/li><li>Catherine Allen: <em>The Hold Life Has. Coca and Cultural Identity in an Andean Community<\/em> (1988)<\/li><li>Henrique Urbano: Studier om andinsk mytologi och v\u00e4rldsbild<\/li><li>Tom Zuidema: <em>The Ceque System of Cuzco<\/em> (1964)<\/li><\/ul><\/footer>\t\t\t\t<\/div>\n\t\t\t\t<\/div>\n\t\t\t\t\t<\/div>\n\t\t\t\t<\/div>\n\t\t<div class=\"elementor-element elementor-element-iwgs-chakana-kwd e-flex e-con-boxed e-con e-parent\" data-id=\"iwgs-chakana-kwd\" data-element_type=\"container\" data-e-type=\"container\">\n\t\t\t\t\t<div class=\"e-con-inner\">\n\t\t\t\t<div class=\"elementor-element elementor-element-iwgs-chakana-kwdt elementor-widget elementor-widget-text-editor\" data-id=\"iwgs-chakana-kwdt\" data-element_type=\"widget\" data-e-type=\"widget\" data-widget_type=\"text-editor.default\">\n\t\t\t\t\t\t\t\t\t<p><em>Relaterade nyckelbegrepp: Chakana Andeskors Inka Stegkors tre v\u00e4rldar Quechua Tiwanaku Anderna.<\/em><\/p>\t\t\t\t\t\t\t\t<\/div>\n\t\t\t\t\t<\/div>\n\t\t\t\t<\/div>\n\t\t<div class=\"elementor-element elementor-element-iwgs-chakana-cc e-flex e-con-boxed e-con e-parent\" data-id=\"iwgs-chakana-cc\" data-element_type=\"container\" data-e-type=\"container\" id=\"iwg-cc-chakana\">\n\t\t\t\t\t<div class=\"e-con-inner\">\n\t\t<div class=\"elementor-element elementor-element-iwgs-chakana-ccinner e-flex e-con-boxed e-con e-parent\" data-id=\"iwgs-chakana-ccinner\" data-element_type=\"container\" data-e-type=\"container\" data-settings=\"{&quot;background_background&quot;:&quot;classic&quot;}\">\n\t\t\t\t\t<div class=\"e-con-inner\">\n\t\t\t\t<div class=\"elementor-element elementor-element-iwgs-chakana-cch elementor-widget elementor-widget-heading\" data-id=\"iwgs-chakana-cch\" data-element_type=\"widget\" data-e-type=\"widget\" data-widget_type=\"heading.default\">\n\t\t\t\t\t<h2 class=\"elementor-heading-title elementor-size-default\">iWell Guard och skyddstraditioner<\/h2>\t\t\t\t<\/div>\n\t\t\t\t<div class=\"elementor-element elementor-element-iwgs-chakana-cct elementor-widget elementor-widget-text-editor\" data-id=\"iwgs-chakana-cct\" data-element_type=\"widget\" data-e-type=\"widget\" data-widget_type=\"text-editor.default\">\n\t\t\t\t\t\t\t\t\t<p>iWell Guard st\u00e5r i den kulturhistoriska linjen av b\u00e4rbara skyddsobjekt, dit \u00e4ven chakanan h\u00f6r. En modern f\u00f6ljeslagare f\u00f6r m\u00e4nniskor som lever med skyddssymboler: tillverkad i Tyskland, 41 lager av \u00e4kta guld, platina och silver, med 30 dagars \u00f6ppet k\u00f6p.<\/p>\t\t\t\t\t\t\t\t<\/div>\n\t\t\t\t<div class=\"elementor-element elementor-element-iwgs-chakana-ccb iwg-cc-button iwg-cc-cta-2026-05-13 elementor-widget elementor-widget-jet-button\" data-id=\"iwgs-chakana-ccb\" data-element_type=\"widget\" data-e-type=\"widget\" data-widget_type=\"jet-button.default\">\n\t\t\t\t<div class=\"elementor-widget-container\">\n\t\t\t\t\t<div class=\"elementor-jet-button jet-elements\"><div class=\"jet-button__container\"><a class=\"jet-button__instance jet-button__instance--icon-left hover-effect-1\" href=\"\/schutzanhaenger-iwell-guard-kaufen\/?utm_source=iwell-guard.com&amp;utm_medium=info-box&amp;utm_campaign=schutzsymbole\"><div class=\"jet-button__plane jet-button__plane-normal\"><\/div><div class=\"jet-button__plane jet-button__plane-hover\"><\/div><div class=\"jet-button__state jet-button__state-normal\"><span class=\"jet-button__label\">Mer om iWell Guard<\/span><\/div><div class=\"jet-button__state jet-button__state-hover\"><span class=\"jet-button__label\">Mer om iWell Guard<\/span><\/div><\/a><\/div><\/div><style>.elementor-element.elementor-element-iwgs-chakana-ccb .jet-button__instance{width:320px;height:56px;}.elementor-element.elementor-element-iwgs-chakana-ccb .jet-button__state-normal .jet-button__label{text-align:center;margin:0px 0px 0px 0px;color:#1a1b20;font-family:Montserrat,sans-serif;font-size:13px;font-weight:400;letter-spacing:4px;line-height:1.714em;text-transform:uppercase;}.elementor-element.elementor-element-iwgs-chakana-ccb .jet-button__state-hover .jet-button__label{text-align:center;margin:0px 0px 0px 0px;color:#FECC76;font-family:Montserrat,sans-serif;font-size:13px;font-weight:400;letter-spacing:4px;line-height:1.714em;text-transform:uppercase;}.elementor-element.elementor-element-iwgs-chakana-ccb .jet-button__plane-normal{background-color:#FECC76;border-style:solid;border-color:#C99540;border-width:2px 2px 2px 2px;}.elementor-element.elementor-element-iwgs-chakana-ccb .jet-button__plane-hover{background-color:rgba(0,0,0,0.55);border-style:solid;border-color:#FECC76;border-width:2px 2px 2px 2px;}<\/style>\t\t\t\t<\/div>\n\t\t\t\t<\/div>\n\t\t\t\t<div class=\"elementor-element elementor-element-iwgs-chakana-ccd elementor-widget elementor-widget-text-editor\" data-id=\"iwgs-chakana-ccd\" data-element_type=\"widget\" data-e-type=\"widget\" data-widget_type=\"text-editor.default\">\n\t\t\t\t\t\t\t\t\t<p style=\"text-align:center;font-size:13px;opacity:0.7;margin-top:14px\" data-nosnippet=\"true\">Personliga erfarenheter kan variera. Ingen medicinteknisk produkt. Inget l\u00f6fte om l\u00e4kning.<\/p>\t\t\t\t\t\t\t\t<\/div>\n\t\t\t\t\t<\/div>\n\t\t\t\t<\/div>\n\t\t\t\t\t<\/div>\n\t\t\t\t<\/div>\n\t\t<div class=\"elementor-element elementor-element-iwgs-chakana-disc e-flex e-con-boxed e-con e-parent\" data-id=\"iwgs-chakana-disc\" data-element_type=\"container\" data-e-type=\"container\">\n\t\t\t\t\t<div class=\"e-con-inner\">\n\t\t\t\t<div class=\"elementor-element elementor-element-iwgs-chakana-discw elementor-widget elementor-widget-html\" data-id=\"iwgs-chakana-discw\" data-element_type=\"widget\" data-e-type=\"widget\" data-widget_type=\"html.default\">\n\t\t\t\t\t<footer data-nosnippet=\"true\" class=\"iwg-disclaimer-block\"><p data-nosnippet=\"true\">iWell Guard \u00e4r <strong>ingen medicinteknisk produkt<\/strong> och ers\u00e4tter ingen l\u00e4karbehandling eller psykoterapeutisk behandling. Inneh\u00e5llet som presenteras h\u00e4r \u00e4r en religionsvetenskaplig och kulturhistorisk kontextualisering, inget l\u00f6fte om andlig verkan.<\/p><\/footer>\t\t\t\t<\/div>\n\t\t\t\t\t<\/div>\n\t\t\t\t<\/div>\n\t\t\t\t<\/div>\n\t\t","protected":false},"excerpt":{"rendered":"","protected":false},"author":3,"featured_media":3558,"parent":0,"menu_order":0,"comment_status":"closed","ping_status":"closed","template":"elementor_header_footer","meta":{"_yoast_wpseo_focuskw":"Chakana","_yoast_wpseo_title":"Chakana \u2013 Inkarnas andeskors","_yoast_wpseo_metadesc":"Chakana \u00e4r det stegformade andeskorset. Form, gamla r\u00f6tter och tolkningsfr\u00e5gan f\u00f6rklaras p\u00e5 ett l\u00e4ttillg\u00e4ngligt s\u00e4tt.","_yoast_wpseo_meta-robots-noindex":"","_yoast_wpseo_canonical":"","_angie_page":false,"gefaehrdungsstufe":"","wesen_kultur":"","wesen_klasse":"","footnotes":""},"categories":[],"class_list":["post-137063","page","type-page","status-publish","has-post-thumbnail","hentry"],"yoast_head":"<!-- This site is optimized with the Yoast SEO Premium plugin v27.7 (Yoast SEO v28.3) - https:\/\/yoast.com\/product\/yoast-seo-premium-wordpress\/ -->\n<title>Chakana \u2013 Inkarnas andeskors<\/title>\n<meta name=\"description\" content=\"Chakana \u00e4r det stegformade andeskorset. Form, gamla r\u00f6tter och tolkningsfr\u00e5gan f\u00f6rklaras p\u00e5 ett l\u00e4ttillg\u00e4ngligt s\u00e4tt.\" \/>\n<meta name=\"robots\" content=\"index, follow, max-snippet:-1, max-image-preview:large, max-video-preview:-1\" \/>\n<link rel=\"canonical\" href=\"https:\/\/iwell-guard.com\/sv\/chakana-andeskors\/\" \/>\n<meta property=\"og:locale\" content=\"sv_SE\" \/>\n<meta property=\"og:type\" content=\"article\" \/>\n<meta property=\"og:title\" content=\"Chakana \u2013 Inkarnas andeskors\" \/>\n<meta property=\"og:description\" content=\"Chakana \u00e4r det stegformade andeskorset. Form, gamla r\u00f6tter och tolkningsfr\u00e5gan f\u00f6rklaras p\u00e5 ett l\u00e4ttillg\u00e4ngligt s\u00e4tt.\" \/>\n<meta property=\"og:url\" content=\"https:\/\/iwell-guard.com\/sv\/chakana-andeskors\/\" \/>\n<meta property=\"og:site_name\" content=\"iWell Guard\" \/>\n<meta property=\"article:modified_time\" content=\"2026-09-03T01:19:26+00:00\" \/>\n<meta property=\"og:image\" content=\"https:\/\/iwell-guard.com\/wp-content\/uploads\/2026\/05\/schutzsymbol_anden_chakana.webp\" \/>\n\t<meta property=\"og:image:width\" content=\"1024\" \/>\n\t<meta property=\"og:image:height\" content=\"1536\" \/>\n\t<meta property=\"og:image:type\" content=\"image\/webp\" \/>\n<meta name=\"twitter:card\" content=\"summary_large_image\" \/>\n<script type=\"application\/ld+json\" class=\"yoast-schema-graph\">{\"@context\":\"https:\\\/\\\/schema.org\",\"@graph\":[{\"@type\":\"WebPage\",\"@id\":\"https:\\\/\\\/iwell-guard.com\\\/sv\\\/chakana-andeskors\\\/\",\"url\":\"https:\\\/\\\/iwell-guard.com\\\/sv\\\/chakana-andeskors\\\/\",\"name\":\"Chakana \u2013 Inkarnas andeskors\",\"isPartOf\":{\"@id\":\"https:\\\/\\\/iwell-guard.com\\\/sv\\\/#website\"},\"primaryImageOfPage\":{\"@id\":\"https:\\\/\\\/iwell-guard.com\\\/sv\\\/chakana-andeskors\\\/#primaryimage\"},\"image\":{\"@id\":\"https:\\\/\\\/iwell-guard.com\\\/sv\\\/chakana-andeskors\\\/#primaryimage\"},\"thumbnailUrl\":\"https:\\\/\\\/iwell-guard.com\\\/wp-content\\\/uploads\\\/2026\\\/05\\\/schutzsymbol_anden_chakana.webp\",\"datePublished\":\"2026-09-03T00:12:27+00:00\",\"dateModified\":\"2026-09-03T01:19:26+00:00\",\"description\":\"Chakana \u00e4r det stegformade andeskorset. Form, gamla r\u00f6tter och tolkningsfr\u00e5gan f\u00f6rklaras p\u00e5 ett l\u00e4ttillg\u00e4ngligt s\u00e4tt.\",\"breadcrumb\":{\"@id\":\"https:\\\/\\\/iwell-guard.com\\\/sv\\\/chakana-andeskors\\\/#breadcrumb\"},\"inLanguage\":\"sv-SE\",\"potentialAction\":[{\"@type\":\"ReadAction\",\"target\":[\"https:\\\/\\\/iwell-guard.com\\\/sv\\\/chakana-andeskors\\\/\"]}]},{\"@type\":\"ImageObject\",\"inLanguage\":\"sv-SE\",\"@id\":\"https:\\\/\\\/iwell-guard.com\\\/sv\\\/chakana-andeskors\\\/#primaryimage\",\"url\":\"https:\\\/\\\/iwell-guard.com\\\/wp-content\\\/uploads\\\/2026\\\/05\\\/schutzsymbol_anden_chakana.webp\",\"contentUrl\":\"https:\\\/\\\/iwell-guard.com\\\/wp-content\\\/uploads\\\/2026\\\/05\\\/schutzsymbol_anden_chakana.webp\",\"width\":1024,\"height\":1536,\"caption\":\"Skyddssymbol. Stilleben-illustration i museistil.\"},{\"@type\":\"BreadcrumbList\",\"@id\":\"https:\\\/\\\/iwell-guard.com\\\/sv\\\/chakana-andeskors\\\/#breadcrumb\",\"itemListElement\":[{\"@type\":\"ListItem\",\"position\":1,\"name\":\"Start\",\"item\":\"https:\\\/\\\/iwell-guard.com\\\/sv\\\/?page_id=136483\"},{\"@type\":\"ListItem\",\"position\":2,\"name\":\"Chakana \u2013 Inkarnas andeskors\"}]},{\"@type\":\"WebSite\",\"@id\":\"https:\\\/\\\/iwell-guard.com\\\/sv\\\/#website\",\"url\":\"https:\\\/\\\/iwell-guard.com\\\/sv\\\/\",\"name\":\"iWell Guard\",\"description\":\"Schutz vor dunklen Einfl\u00fcssen\",\"publisher\":{\"@id\":\"https:\\\/\\\/iwell-guard.com\\\/sv\\\/#organization\"},\"potentialAction\":[{\"@type\":\"SearchAction\",\"target\":{\"@type\":\"EntryPoint\",\"urlTemplate\":\"https:\\\/\\\/iwell-guard.com\\\/sv\\\/?s={search_term_string}\"},\"query-input\":{\"@type\":\"PropertyValueSpecification\",\"valueRequired\":true,\"valueName\":\"search_term_string\"}}],\"inLanguage\":\"sv-SE\"},{\"@type\":\"Organization\",\"@id\":\"https:\\\/\\\/iwell-guard.com\\\/sv\\\/#organization\",\"name\":\"Ittermann electronic GmbH\",\"url\":\"https:\\\/\\\/iwell-guard.com\\\/sv\\\/\",\"logo\":{\"@type\":\"ImageObject\",\"inLanguage\":\"sv-SE\",\"@id\":\"https:\\\/\\\/iwell-guard.com\\\/sv\\\/#\\\/schema\\\/logo\\\/image\\\/\",\"url\":\"https:\\\/\\\/iwell-guard.com\\\/wp-content\\\/uploads\\\/2026\\\/05\\\/Ittermann-Logo-1182x237-1.png\",\"contentUrl\":\"https:\\\/\\\/iwell-guard.com\\\/wp-content\\\/uploads\\\/2026\\\/05\\\/Ittermann-Logo-1182x237-1.png\",\"width\":1182,\"height\":237,\"caption\":\"Ittermann electronic GmbH\"},\"image\":{\"@id\":\"https:\\\/\\\/iwell-guard.com\\\/sv\\\/#\\\/schema\\\/logo\\\/image\\\/\"},\"sameAs\":[\"https:\\\/\\\/pantip.com\\\/profile\\\/9367242\",\"https:\\\/\\\/micro.blog\\\/iwellguard\",\"https:\\\/\\\/www.diggerslist.com\\\/iwellguard\\\/about\",\"https:\\\/\\\/skitterphoto.com\\\/photographers\\\/2870314\\\/iwell-guard\",\"https:\\\/\\\/iwellguard.wordpress.com\\\/2026\\\/06\\\/06\\\/iwell-guard\\\/\",\"https:\\\/\\\/hub.docker.com\\\/u\\\/iwellguard\",\"https:\\\/\\\/www.pinterest.com\\\/iwellguard\\\/\",\"https:\\\/\\\/bit.ly\\\/m\\\/iwellguard\",\"https:\\\/\\\/entre-vos-mains.alsace.eu\\\/profiles\\\/iwellguard\\\/activity\",\"https:\\\/\\\/gravatar.com\\\/reallybeded8fd34\",\"https:\\\/\\\/naijamatta.com\\\/iwellguard\",\"https:\\\/\\\/www.goodreads.com\\\/iwellguard\",\"https:\\\/\\\/profile.hatena.ne.jp\\\/iwellguard\\\/\",\"https:\\\/\\\/experiment.com\\\/users\\\/iwellguard\",\"https:\\\/\\\/wakelet.com\\\/@iWellGuard82270\",\"https:\\\/\\\/www.chordie.com\\\/forum\\\/profile.php?id=2555664\",\"https:\\\/\\\/www.instapaper.com\\\/p\\\/17757966\",\"https:\\\/\\\/www.mapleprimes.com\\\/users\\\/iwellguard\",\"https:\\\/\\\/businesslistingplus.com\\\/profile\\\/iwell-guard\\\/\",\"https:\\\/\\\/telegra.ph\\\/iWell-Guard-06-06\",\"https:\\\/\\\/pbase.com\\\/iwellguard\\\/iwellguard\",\"https:\\\/\\\/b.hatena.ne.jp\\\/iwellguard\\\/20260607#bookmark-4788405196491818882\",\"https:\\\/\\\/fliphtml5.com\\\/home\\\/iwellguard\",\"https:\\\/\\\/anyflip.com\\\/homepage\\\/cmiwl#About\",\"https:\\\/\\\/transfur.com\\\/Users\\\/iwellguard\",\"http:\\\/\\\/delphi.larsbo.org\\\/user\\\/iwellguard\",\"https:\\\/\\\/jobs.lajobsportal.org\\\/profiles\\\/8380803-iwell-guard\",\"https:\\\/\\\/md.chaosdorf.de\\\/s\\\/jfbe5SBdJD\",\"https:\\\/\\\/www.lingvolive.com\\\/en-us\\\/profile\\\/9ecaeaca-ce11-4e51-9e71-01d55e2bff36\\\/translations\",\"https:\\\/\\\/www.fitday.com\\\/fitness\\\/forums\\\/members\\\/iwellguard.html\",\"https:\\\/\\\/www.mymeetbook.com\\\/iwellguard\",\"https:\\\/\\\/pxhere.com\\\/en\\\/photographer-me\\\/5040798\",\"https:\\\/\\\/disqus.com\\\/by\\\/iwellguard\\\/about\\\/\",\"https:\\\/\\\/pastelink.net\\\/hjwciqwq\",\"https:\\\/\\\/pubhtml5.com\\\/homepage\\\/scjhn\\\/\",\"https:\\\/\\\/www.bitchute.com\\\/channel\\\/2O2eOKzNqujT\",\"https:\\\/\\\/audiomack.com\\\/iwellguard\"]}]}<\/script>\n<!-- \/ Yoast SEO Premium plugin. -->","yoast_head_json":{"title":"Chakana \u2013 Inkarnas andeskors","description":"Chakana \u00e4r det stegformade andeskorset. Form, gamla r\u00f6tter och tolkningsfr\u00e5gan f\u00f6rklaras p\u00e5 ett l\u00e4ttillg\u00e4ngligt s\u00e4tt.","robots":{"index":"index","follow":"follow","max-snippet":"max-snippet:-1","max-image-preview":"max-image-preview:large","max-video-preview":"max-video-preview:-1"},"canonical":"https:\/\/iwell-guard.com\/sv\/chakana-andeskors\/","og_locale":"sv_SE","og_type":"article","og_title":"Chakana \u2013 Inkarnas andeskors","og_description":"Chakana \u00e4r det stegformade andeskorset. Form, gamla r\u00f6tter och tolkningsfr\u00e5gan f\u00f6rklaras p\u00e5 ett l\u00e4ttillg\u00e4ngligt s\u00e4tt.","og_url":"https:\/\/iwell-guard.com\/sv\/chakana-andeskors\/","og_site_name":"iWell Guard","article_modified_time":"2026-09-03T01:19:26+00:00","og_image":[{"width":1024,"height":1536,"url":"https:\/\/iwell-guard.com\/wp-content\/uploads\/2026\/05\/schutzsymbol_anden_chakana.webp","type":"image\/webp"}],"twitter_card":"summary_large_image","schema":{"@context":"https:\/\/schema.org","@graph":[{"@type":"WebPage","@id":"https:\/\/iwell-guard.com\/sv\/chakana-andeskors\/","url":"https:\/\/iwell-guard.com\/sv\/chakana-andeskors\/","name":"Chakana \u2013 Inkarnas andeskors","isPartOf":{"@id":"https:\/\/iwell-guard.com\/sv\/#website"},"primaryImageOfPage":{"@id":"https:\/\/iwell-guard.com\/sv\/chakana-andeskors\/#primaryimage"},"image":{"@id":"https:\/\/iwell-guard.com\/sv\/chakana-andeskors\/#primaryimage"},"thumbnailUrl":"https:\/\/iwell-guard.com\/wp-content\/uploads\/2026\/05\/schutzsymbol_anden_chakana.webp","datePublished":"2026-09-03T00:12:27+00:00","dateModified":"2026-09-03T01:19:26+00:00","description":"Chakana \u00e4r det stegformade andeskorset. Form, gamla r\u00f6tter och tolkningsfr\u00e5gan f\u00f6rklaras p\u00e5 ett l\u00e4ttillg\u00e4ngligt s\u00e4tt.","breadcrumb":{"@id":"https:\/\/iwell-guard.com\/sv\/chakana-andeskors\/#breadcrumb"},"inLanguage":"sv-SE","potentialAction":[{"@type":"ReadAction","target":["https:\/\/iwell-guard.com\/sv\/chakana-andeskors\/"]}]},{"@type":"ImageObject","inLanguage":"sv-SE","@id":"https:\/\/iwell-guard.com\/sv\/chakana-andeskors\/#primaryimage","url":"https:\/\/iwell-guard.com\/wp-content\/uploads\/2026\/05\/schutzsymbol_anden_chakana.webp","contentUrl":"https:\/\/iwell-guard.com\/wp-content\/uploads\/2026\/05\/schutzsymbol_anden_chakana.webp","width":1024,"height":1536,"caption":"Skyddssymbol. Stilleben-illustration i museistil."},{"@type":"BreadcrumbList","@id":"https:\/\/iwell-guard.com\/sv\/chakana-andeskors\/#breadcrumb","itemListElement":[{"@type":"ListItem","position":1,"name":"Start","item":"https:\/\/iwell-guard.com\/sv\/?page_id=136483"},{"@type":"ListItem","position":2,"name":"Chakana \u2013 Inkarnas andeskors"}]},{"@type":"WebSite","@id":"https:\/\/iwell-guard.com\/sv\/#website","url":"https:\/\/iwell-guard.com\/sv\/","name":"iWell Guard","description":"Schutz vor dunklen Einfl\u00fcssen","publisher":{"@id":"https:\/\/iwell-guard.com\/sv\/#organization"},"potentialAction":[{"@type":"SearchAction","target":{"@type":"EntryPoint","urlTemplate":"https:\/\/iwell-guard.com\/sv\/?s={search_term_string}"},"query-input":{"@type":"PropertyValueSpecification","valueRequired":true,"valueName":"search_term_string"}}],"inLanguage":"sv-SE"},{"@type":"Organization","@id":"https:\/\/iwell-guard.com\/sv\/#organization","name":"Ittermann electronic GmbH","url":"https:\/\/iwell-guard.com\/sv\/","logo":{"@type":"ImageObject","inLanguage":"sv-SE","@id":"https:\/\/iwell-guard.com\/sv\/#\/schema\/logo\/image\/","url":"https:\/\/iwell-guard.com\/wp-content\/uploads\/2026\/05\/Ittermann-Logo-1182x237-1.png","contentUrl":"https:\/\/iwell-guard.com\/wp-content\/uploads\/2026\/05\/Ittermann-Logo-1182x237-1.png","width":1182,"height":237,"caption":"Ittermann electronic GmbH"},"image":{"@id":"https:\/\/iwell-guard.com\/sv\/#\/schema\/logo\/image\/"},"sameAs":["https:\/\/pantip.com\/profile\/9367242","https:\/\/micro.blog\/iwellguard","https:\/\/www.diggerslist.com\/iwellguard\/about","https:\/\/skitterphoto.com\/photographers\/2870314\/iwell-guard","https:\/\/iwellguard.wordpress.com\/2026\/06\/06\/iwell-guard\/","https:\/\/hub.docker.com\/u\/iwellguard","https:\/\/www.pinterest.com\/iwellguard\/","https:\/\/bit.ly\/m\/iwellguard","https:\/\/entre-vos-mains.alsace.eu\/profiles\/iwellguard\/activity","https:\/\/gravatar.com\/reallybeded8fd34","https:\/\/naijamatta.com\/iwellguard","https:\/\/www.goodreads.com\/iwellguard","https:\/\/profile.hatena.ne.jp\/iwellguard\/","https:\/\/experiment.com\/users\/iwellguard","https:\/\/wakelet.com\/@iWellGuard82270","https:\/\/www.chordie.com\/forum\/profile.php?id=2555664","https:\/\/www.instapaper.com\/p\/17757966","https:\/\/www.mapleprimes.com\/users\/iwellguard","https:\/\/businesslistingplus.com\/profile\/iwell-guard\/","https:\/\/telegra.ph\/iWell-Guard-06-06","https:\/\/pbase.com\/iwellguard\/iwellguard","https:\/\/b.hatena.ne.jp\/iwellguard\/20260607#bookmark-4788405196491818882","https:\/\/fliphtml5.com\/home\/iwellguard","https:\/\/anyflip.com\/homepage\/cmiwl#About","https:\/\/transfur.com\/Users\/iwellguard","http:\/\/delphi.larsbo.org\/user\/iwellguard","https:\/\/jobs.lajobsportal.org\/profiles\/8380803-iwell-guard","https:\/\/md.chaosdorf.de\/s\/jfbe5SBdJD","https:\/\/www.lingvolive.com\/en-us\/profile\/9ecaeaca-ce11-4e51-9e71-01d55e2bff36\/translations","https:\/\/www.fitday.com\/fitness\/forums\/members\/iwellguard.html","https:\/\/www.mymeetbook.com\/iwellguard","https:\/\/pxhere.com\/en\/photographer-me\/5040798","https:\/\/disqus.com\/by\/iwellguard\/about\/","https:\/\/pastelink.net\/hjwciqwq","https:\/\/pubhtml5.com\/homepage\/scjhn\/","https:\/\/www.bitchute.com\/channel\/2O2eOKzNqujT","https:\/\/audiomack.com\/iwellguard"]}]}},"_links":{"self":[{"href":"https:\/\/iwell-guard.com\/sv\/wp-json\/wp\/v2\/pages\/137063","targetHints":{"allow":["GET"]}}],"collection":[{"href":"https:\/\/iwell-guard.com\/sv\/wp-json\/wp\/v2\/pages"}],"about":[{"href":"https:\/\/iwell-guard.com\/sv\/wp-json\/wp\/v2\/types\/page"}],"author":[{"embeddable":true,"href":"https:\/\/iwell-guard.com\/sv\/wp-json\/wp\/v2\/users\/3"}],"replies":[{"embeddable":true,"href":"https:\/\/iwell-guard.com\/sv\/wp-json\/wp\/v2\/comments?post=137063"}],"version-history":[{"count":0,"href":"https:\/\/iwell-guard.com\/sv\/wp-json\/wp\/v2\/pages\/137063\/revisions"}],"wp:featuredmedia":[{"embeddable":true,"href":"https:\/\/iwell-guard.com\/sv\/wp-json\/wp\/v2\/media\/3558"}],"wp:attachment":[{"href":"https:\/\/iwell-guard.com\/sv\/wp-json\/wp\/v2\/media?parent=137063"}],"wp:term":[{"taxonomy":"category","embeddable":true,"href":"https:\/\/iwell-guard.com\/sv\/wp-json\/wp\/v2\/categories?post=137063"}],"curies":[{"name":"wp","href":"https:\/\/api.w.org\/{rel}","templated":true}]}}