{"id":137046,"date":"2026-09-03T00:12:18","date_gmt":"2026-09-03T00:12:18","guid":{"rendered":"https:\/\/iwell-guard.com\/?page_id=137046"},"modified":"2026-09-03T01:18:59","modified_gmt":"2026-09-03T01:18:59","slug":"rod-trad-mot-onda-ogat","status":"publish","type":"page","link":"https:\/\/iwell-guard.com\/sv\/rod-trad-mot-onda-ogat\/","title":{"rendered":"R\u00f6d tr\u00e5d \u2013 skyddsbandet mot onda \u00f6gat"},"content":{"rendered":"\t\t<div data-elementor-type=\"wp-page\" data-elementor-id=\"137046\" class=\"elementor elementor-137046 elementor-3621 elementor-bc-flex-widget\" data-elementor-post-type=\"page\">\n\t\t\t\t<div class=\"elementor-element elementor-element-iwgs-roterfaden-hero e-flex e-con-boxed e-con e-parent\" data-id=\"iwgs-roterfaden-hero\" data-element_type=\"container\" data-e-type=\"container\">\n\t\t\t\t\t<div class=\"e-con-inner\">\n\t\t<div class=\"elementor-element elementor-element-iwgs-roterfaden-hl e-flex e-con-boxed e-con e-parent\" data-id=\"iwgs-roterfaden-hl\" data-element_type=\"container\" data-e-type=\"container\">\n\t\t\t\t\t<div class=\"e-con-inner\">\n\t\t<div class=\"elementor-element elementor-element-iwgs-roterfaden-hlbox e-con-full e-flex e-con e-parent\" data-id=\"iwgs-roterfaden-hlbox\" data-element_type=\"container\" data-e-type=\"container\">\n\t\t\t\t<div class=\"elementor-element elementor-element-iwgs-roterfaden-h1 elementor-widget elementor-widget-heading\" data-id=\"iwgs-roterfaden-h1\" data-element_type=\"widget\" data-e-type=\"widget\" data-widget_type=\"heading.default\">\n\t\t\t\t\t<h1 class=\"elementor-heading-title elementor-size-default\">Den r\u00f6da tr\u00e5den \u2013 det kabbalistiska skyddsbandet mot onda \u00f6gat<\/h1>\t\t\t\t<\/div>\n\t\t\t\t<div class=\"elementor-element elementor-element-iwgs-roterfaden-lead elementor-widget elementor-widget-text-editor\" data-id=\"iwgs-roterfaden-lead\" data-element_type=\"widget\" data-e-type=\"widget\" data-widget_type=\"text-editor.default\">\n\t\t\t\t\t\t\t\t\t<p>Den r\u00f6da tr\u00e5den \u00e4r det kabbalistiska skyddsbandet inom den judiska <span class=\"iwg-fachbegriff\" data-tooltip=\"\u00d6verf\u00f6ringen av kunskap och ber\u00e4ttelser genom generationerna.\" tabindex=\"0\">traditionen<\/span>, som b\u00e4rs runt handleden mot onda \u00f6gat. Den r\u00f6da tr\u00e5den runt handleden anses skydda mot onda \u00f6gat.<\/p><p>Den blev k\u00e4nd framf\u00f6r allt genom den folkliga <span class=\"iwg-fachbegriff\" data-tooltip=\"En riktning inom judisk mystik med huvudverk som Sefer Jezira och Sohar.\" tabindex=\"0\">Kabbalan<\/span>, men tanken att avv\u00e4rja olycka med den r\u00f6da f\u00e4rgen \u00e4r mycket \u00e4ldre och f\u00f6rekommer i m\u00e5nga kulturer.<\/p>\t\t\t\t\t\t\t\t<\/div>\n\t\t\t\t<\/div>\n\t\t\t\t<div class=\"elementor-element elementor-element-iwgs-roterfaden-pills elementor-widget elementor-widget-html\" data-id=\"iwgs-roterfaden-pills\" data-element_type=\"widget\" data-e-type=\"widget\" data-widget_type=\"html.default\">\n\t\t\t\t\t<div class=\"iwg-pill-row\"><span class=\"iwg-klasse-badge\" tabindex=\"0\" data-tooltip=\"Skyddssymbol, amulett eller apotrop\u00e4iskt f\u00f6rem\u00e5l.\">Skyddssymbol<\/span><a href=\"https:\/\/iwell-guard.com\/sv\/judendom\/\" class=\"iwg-kultur-badge\" tabindex=\"0\" data-tooltip=\"Skyddstradition: judendom\">Judendom<\/a><span class=\"iwg-tradition-badge\" tabindex=\"0\" data-tooltip=\"Ett band som tillskrivs en skyddande verkan.\">Skyddsband<\/span><\/div>\t\t\t\t<\/div>\n\t\t\t\t\t<\/div>\n\t\t\t\t<\/div>\n\t\t<div class=\"elementor-element elementor-element-iwgs-roterfaden-hr e-con-full e-flex e-con e-parent\" data-id=\"iwgs-roterfaden-hr\" data-element_type=\"container\" data-e-type=\"container\">\n\t\t\t\t<div class=\"elementor-element elementor-element-iwgs-roterfaden-himg iwg-hero-image elementor-widget elementor-widget-image\" data-id=\"iwgs-roterfaden-himg\" data-element_type=\"widget\" data-e-type=\"widget\" data-widget_type=\"image.default\">\n\t\t\t\t\t\t\t\t\t\t\t\t\t\t\t<img fetchpriority=\"high\" decoding=\"async\" width=\"683\" height=\"1024\" src=\"https:\/\/iwell-guard.com\/wp-content\/uploads\/2026\/05\/schutzsymbol_judentum_roter-faden-683x1024.webp\" class=\"attachment-large size-large wp-image-135828\" alt=\"R\u00f6d tr\u00e5d \u2013 skyddssymbol, museal illustration\" srcset=\"https:\/\/iwell-guard.com\/wp-content\/uploads\/2026\/05\/schutzsymbol_judentum_roter-faden-683x1024.webp 683w, https:\/\/iwell-guard.com\/wp-content\/uploads\/2026\/05\/schutzsymbol_judentum_roter-faden-200x300.webp 200w, https:\/\/iwell-guard.com\/wp-content\/uploads\/2026\/05\/schutzsymbol_judentum_roter-faden-768x1152.webp 768w, https:\/\/iwell-guard.com\/wp-content\/uploads\/2026\/05\/schutzsymbol_judentum_roter-faden.webp 1024w\" sizes=\"(max-width: 683px) 100vw, 683px\" \/>\t\t\t\t\t\t\t\t\t\t\t\t\t\t\t<\/div>\n\t\t\t\t<\/div>\n\t\t\t\t\t<\/div>\n\t\t\t\t<\/div>\n\t\t<div class=\"elementor-element elementor-element-iwgs-roterfaden-s0 e-flex e-con-boxed e-con e-parent\" data-id=\"iwgs-roterfaden-s0\" data-element_type=\"container\" data-e-type=\"container\">\n\t\t\t\t\t<div class=\"e-con-inner\">\n\t\t\t\t<div class=\"elementor-element elementor-element-iwgs-roterfaden-s0h elementor-widget elementor-widget-heading\" data-id=\"iwgs-roterfaden-s0h\" data-element_type=\"widget\" data-e-type=\"widget\" data-widget_type=\"heading.default\">\n\t\t\t\t\t<h2 class=\"elementor-heading-title elementor-size-default\">Inordning<\/h2>\t\t\t\t<\/div>\n\t\t<div class=\"elementor-element elementor-element-iwgs-roterfaden-s0box e-con-full e-flex e-con e-parent\" data-id=\"iwgs-roterfaden-s0box\" data-element_type=\"container\" data-e-type=\"container\">\n\t\t\t\t<div class=\"elementor-element elementor-element-iwgs-roterfaden-s0t elementor-widget elementor-widget-text-editor\" data-id=\"iwgs-roterfaden-s0t\" data-element_type=\"widget\" data-e-type=\"widget\" data-widget_type=\"text-editor.default\">\n\t\t\t\t\t\t\t\t\t<p>Den r\u00f6da tr\u00e5den \u00e4r ett enkelt skyddsf\u00f6rem\u00e5l. Det r\u00f6r sig om ett tunt band av r\u00f6d ull som b\u00e4rs runt handleden. Trots sin enkelhet \u00e4r den r\u00f6da tr\u00e5den ett av de mest k\u00e4nda skyddstecknen, som f\u00f6rknippas med den judiska traditionen och s\u00e4rskilt med den folkliga <span class=\"iwg-fachbegriff\" data-tooltip=\"En riktning inom judisk mystik med huvudverk som Sefer Jezira och Sohar.\" tabindex=\"0\">Kabbalan<\/span>.<\/p><p>Dess uppgift \u00e4r klart avgr\u00e4nsad. Den r\u00f6da tr\u00e5den ska skydda sin b\u00e4rare mot onda \u00f6gat. Den riktar sig d\u00e4rmed mot den skadliga verkan av blicken som beskrivs i <a href=\"https:\/\/iwell-guard.com\/sv\/onda-ogat\/\">tron p\u00e5 onda \u00f6gat<\/a>. Tr\u00e5den \u00e4r ett medel f\u00f6r skydd i vardagen.<\/p><p>Inom <span class=\"iwg-fachbegriff\" data-tooltip=\"Vetenskapen som unders\u00f6ker religioner j\u00e4mf\u00f6rande och utan trosbindning.\" tabindex=\"0\">religionsvetenskapen<\/span> placeras den r\u00f6da tr\u00e5den med omsorg i sitt sammanhang. Den idag spridda formen, bandet fr\u00e5n Rakels grav, \u00e4r en relativt sen f\u00f6reteelse. Den underliggande tanken, att avv\u00e4rja olycka med r\u00f6d f\u00e4rg, \u00e4r dock mycket \u00e4ldre. B\u00e5da lagren h\u00f6r till en fullst\u00e4ndig framst\u00e4llning.<\/p><p>Den r\u00f6da tr\u00e5den \u00e4r dessutom ett gott exempel p\u00e5 hur en skyddssed str\u00e4cker sig bortom gr\u00e4nserna f\u00f6r en enskild kultur. R\u00f6da skyddstr\u00e5dar \u00e4r inte enbart k\u00e4nda inom den judiska sf\u00e4ren. De f\u00f6rekommer i m\u00e5nga delar av v\u00e4rlden och pekar mot en vitt spridd f\u00f6rest\u00e4llning om f\u00e4rgen r\u00f6tt.<\/p><p>Den r\u00f6da tr\u00e5den h\u00f6r till de enklaste skyddsf\u00f6rem\u00e5l som finns. Den b\u00e4r ingen <span class=\"iwg-fachbegriff\" data-tooltip=\"En text inristad eller huggen i ett fast underlag.\" tabindex=\"0\">inskription<\/span> och ingen bild, den best\u00e5r enbart av f\u00e4rg och form. Just denna enkelhet \u00e4r en av dess styrkor. Ett skyddstecken som kr\u00e4ver s\u00e5 lite \u00e4r tillg\u00e4ngligt f\u00f6r alla och l\u00e4tt att f\u00f6ra vidare.<\/p>\t\t\t\t\t\t\t\t<\/div>\n\t\t\t\t<\/div>\n\t\t\t\t\t<\/div>\n\t\t\t\t<\/div>\n\t\t<div class=\"elementor-element elementor-element-iwgs-roterfaden-s1 e-flex e-con-boxed e-con e-parent\" data-id=\"iwgs-roterfaden-s1\" data-element_type=\"container\" data-e-type=\"container\">\n\t\t\t\t\t<div class=\"e-con-inner\">\n\t\t\t\t<div class=\"elementor-element elementor-element-iwgs-roterfaden-s1h elementor-widget elementor-widget-heading\" data-id=\"iwgs-roterfaden-s1h\" data-element_type=\"widget\" data-e-type=\"widget\" data-widget_type=\"heading.default\">\n\t\t\t\t\t<h2 class=\"elementor-heading-title elementor-size-default\">F\u00e4rgen r\u00f6tt som skyddsf\u00e4rg<\/h2>\t\t\t\t<\/div>\n\t\t<div class=\"elementor-element elementor-element-iwgs-roterfaden-s1box e-con-full e-flex e-con e-parent\" data-id=\"iwgs-roterfaden-s1box\" data-element_type=\"container\" data-e-type=\"container\">\n\t\t\t\t<div class=\"elementor-element elementor-element-iwgs-roterfaden-s1t elementor-widget elementor-widget-text-editor\" data-id=\"iwgs-roterfaden-s1t\" data-element_type=\"widget\" data-e-type=\"widget\" data-widget_type=\"text-editor.default\">\n\t\t\t\t\t\t\t\t\t<p>I k\u00e4rnan av den r\u00f6da tr\u00e5dens betydelse st\u00e5r f\u00e4rgen. R\u00f6tt ans\u00e5gs i m\u00e5nga kulturer vara en f\u00e4rg med s\u00e4rskild kraft. Den f\u00f6rknippades med blodet, livet och elden. Ur denna koppling v\u00e4xte f\u00f6rest\u00e4llningen att r\u00f6tt har en skyddande och avv\u00e4rjande verkan.<\/p><p>Denna f\u00f6rest\u00e4llning kan sp\u00e5ras l\u00e5ngt tillbaka i tiden. Redan i tidiga epoker f\u00f6rs\u00e5gs gravar och f\u00f6rem\u00e5l med r\u00f6d f\u00e4rg\u00e4mne, och mycket talar f\u00f6r att detta hade en skyddande betydelse. F\u00e4rgen r\u00f6tt var d\u00e4rmed sedan urminnes tid mer \u00e4n bara en f\u00e4rgs\u00e4ttning.<\/p><p>R\u00f6tt \u00e4r dessutom en p\u00e5fallande, \u00f6gonf\u00e5ngande f\u00e4rg. Denna egenskap passar v\u00e4l f\u00f6r att avv\u00e4rja onda \u00f6gat. Ett lysande r\u00f6tt tecken drar till sig uppm\u00e4rksamheten. Det kan f\u00e5nga upp den skadliga blicken innan den n\u00e5r den skyddade personen. F\u00e4rg och funktion samverkar h\u00e4r.<\/p><p>Den r\u00f6da tr\u00e5den \u00e4r d\u00e4rmed i f\u00f6rsta hand ett f\u00e4rgat skyddstecken. Dess verkan tillskrivs f\u00e4rgen, inte materialet i sig. Ull var ett vanligt och l\u00e4ttillg\u00e4ngligt material. Avg\u00f6rande var att tr\u00e5den var r\u00f6d, eftersom den skyddande kraften enligt vedertagen f\u00f6rest\u00e4llning l\u00e5g i f\u00e4rgen.<\/p><p>Den skyddande betydelsen av f\u00e4rgen r\u00f6tt kan sp\u00e5ras \u00e4nda till f\u00f6rhistorisk tid. Redan i gamla begravningar anv\u00e4ndes r\u00f6d f\u00e4rg\u00e4mne, och mycket talar f\u00f6r en skyddande avsikt. \u00c4ven r\u00f6da kl\u00e4desplagg f\u00f6r barn \u00e4r fr\u00e5n m\u00e5nga europeiska regioner belagda som skyddssed. F\u00e4rgen bar betydelsen genom l\u00e5ng tid.<\/p>\t\t\t\t\t\t\t\t<\/div>\n\t\t\t\t<\/div>\n\t\t\t\t\t<\/div>\n\t\t\t\t<\/div>\n\t\t<div class=\"elementor-element elementor-element-iwgs-roterfaden-s2 e-flex e-con-boxed e-con e-parent\" data-id=\"iwgs-roterfaden-s2\" data-element_type=\"container\" data-e-type=\"container\">\n\t\t\t\t\t<div class=\"e-con-inner\">\n\t\t\t\t<div class=\"elementor-element elementor-element-iwgs-roterfaden-s2h elementor-widget elementor-widget-heading\" data-id=\"iwgs-roterfaden-s2h\" data-element_type=\"widget\" data-e-type=\"widget\" data-widget_type=\"heading.default\">\n\t\t\t\t\t<h2 class=\"elementor-heading-title elementor-size-default\">Den r\u00f6da tr\u00e5den och Kabbalan<\/h2>\t\t\t\t<\/div>\n\t\t<div class=\"elementor-element elementor-element-iwgs-roterfaden-s2box e-con-full e-flex e-con e-parent\" data-id=\"iwgs-roterfaden-s2box\" data-element_type=\"container\" data-e-type=\"container\">\n\t\t\t\t<div class=\"elementor-element elementor-element-iwgs-roterfaden-s2t elementor-widget elementor-widget-text-editor\" data-id=\"iwgs-roterfaden-s2t\" data-element_type=\"widget\" data-e-type=\"widget\" data-widget_type=\"text-editor.default\">\n\t\t\t\t\t\t\t\t\t<p>R\u00f6da tr\u00e5den blev framf\u00f6r allt k\u00e4nd i samband med <span class=\"iwg-fachbegriff\" data-tooltip=\"En str\u00f6mning inom judisk mystik med huvudverk som Sefer Jezira och Sohar.\" tabindex=\"0\">Kabbalan<\/span>. <span class=\"iwg-fachbegriff\" data-tooltip=\"En str\u00f6mning inom judisk mystik med huvudverk som Sefer Jezira och Sohar.\" tabindex=\"0\">Kabbalan<\/span> \u00e4r den mystiska str\u00f6mningen inom judendomen som \u00e4gnar sig \u00e5t de heliga texternas dolda betydelser och Guds v\u00e4sen. I dess folkliga milj\u00f6 uppstod talrika skyddsseder.<\/p><p>R\u00f6da tr\u00e5den h\u00f6r till dessa folkliga, kabbalistiskt pr\u00e4glade seder. Den \u00e4r inte en l\u00e4rosats inom den l\u00e4rda <span class=\"iwg-fachbegriff\" data-tooltip=\"En str\u00f6mning inom judisk mystik med huvudverk som Sefer Jezira och Sohar.\" tabindex=\"0\">Kabbalan<\/span>, utan en praktik som utvecklades i denna str\u00f6mnings n\u00e4rhet. S\u00e5dana seder f\u00f6renar mystiska f\u00f6rest\u00e4llningar med vardagslivets \u00f6nskem\u00e5l, till exempel \u00f6nskan om skydd.<\/p><p>Under de senaste decennierna har r\u00f6da tr\u00e5den f\u00e5tt en stark spridning. Institutioner som f\u00f6rmedlade kabbalistiskt tankegods till en bred allm\u00e4nhet gjorde <span class=\"iwg-fachbegriff\" data-tooltip=\"En traditionell handling som regelbundet upprepas inom en gemenskap.\" tabindex=\"0\">seden<\/span> internationellt k\u00e4nd. K\u00e4nda personer som bar r\u00f6da tr\u00e5den bidrog ytterligare till dess spridning.<\/p><p>Denna moderna k\u00e4ndhet b\u00f6r dock inte lura oss om sedens \u00e5lder. Den form av r\u00f6da tr\u00e5den som \u00e4r spridd i dag \u00e4r en ung f\u00f6reteelse. <span class=\"iwg-fachbegriff\" data-tooltip=\"En traditionell handling som regelbundet upprepas inom en gemenskap.\" tabindex=\"0\">Seden<\/span> i sin nuvarande form har f\u00f6rst p\u00e5 senare tid blivit brett synlig, \u00e4ven om den ansluter till \u00e4ldre f\u00f6rest\u00e4llningar.<\/p><p><span class=\"iwg-fachbegriff\" data-tooltip=\"En str\u00f6mning inom judisk mystik med huvudverk som Sefer Jezira och Sohar.\" tabindex=\"0\">Kabbalan<\/span> \u00e4gnar sig bland annat \u00e5t de dolda v\u00e4gar genom vilka gudomlig <span class=\"iwg-fachbegriff\" data-tooltip=\"Till\u00f6nskan av lycka och skydd, ofta i fast spr\u00e5klig form.\" tabindex=\"0\">v\u00e4lsignelse<\/span> n\u00e5r v\u00e4rlden. I dess folkliga milj\u00f6 uppstod talrika seder som ville g\u00f6ra denna <span class=\"iwg-fachbegriff\" data-tooltip=\"Till\u00f6nskan av lycka och skydd, ofta i fast spr\u00e5klig form.\" tabindex=\"0\">v\u00e4lsignelse<\/span> anv\u00e4ndbar i vardagen. R\u00f6da tr\u00e5den \u00e4r en s\u00e5dan <span class=\"iwg-fachbegriff\" data-tooltip=\"En traditionell handling som regelbundet upprepas inom en gemenskap.\" tabindex=\"0\">sed<\/span> som f\u00f6renar mystisk f\u00f6rest\u00e4llning med praktiskt skyddsbehov.<\/p>\t\t\t\t\t\t\t\t<\/div>\n\t\t\t\t<\/div>\n\t\t\t\t\t<\/div>\n\t\t\t\t<\/div>\n\t\t<div class=\"elementor-element elementor-element-iwgs-roterfaden-s3 e-flex e-con-boxed e-con e-parent\" data-id=\"iwgs-roterfaden-s3\" data-element_type=\"container\" data-e-type=\"container\">\n\t\t\t\t\t<div class=\"e-con-inner\">\n\t\t\t\t<div class=\"elementor-element elementor-element-iwgs-roterfaden-s3h elementor-widget elementor-widget-heading\" data-id=\"iwgs-roterfaden-s3h\" data-element_type=\"widget\" data-e-type=\"widget\" data-widget_type=\"heading.default\">\n\t\t\t\t\t<h2 class=\"elementor-heading-title elementor-size-default\">Rakels grav<\/h2>\t\t\t\t<\/div>\n\t\t<div class=\"elementor-element elementor-element-iwgs-roterfaden-s3box e-con-full e-flex e-con e-parent\" data-id=\"iwgs-roterfaden-s3box\" data-element_type=\"container\" data-e-type=\"container\">\n\t\t\t\t<div class=\"elementor-element elementor-element-iwgs-roterfaden-s3t elementor-widget elementor-widget-text-editor\" data-id=\"iwgs-roterfaden-s3t\" data-element_type=\"widget\" data-e-type=\"widget\" data-widget_type=\"text-editor.default\">\n\t\t\t\t\t\t\t\t\t<p>Den i dag mest k\u00e4nda formen av r\u00f6da tr\u00e5den \u00e4r knuten till en best\u00e4md plats, Rakels grav. Rakel \u00e4r en av Israels stamm\u00f6drar, och hennes traderade grav ligger n\u00e4ra Betlehem. Det \u00e4r en betydelsefull plats f\u00f6r judisk <span class=\"iwg-fachbegriff\" data-tooltip=\"En m\u00e4nniskas levda religi\u00f6sa h\u00e5llning och praktik.\" tabindex=\"0\">fromhet<\/span>.<\/p><p>Enligt den spridda <span class=\"iwg-fachbegriff\" data-tooltip=\"En traditionell handling som regelbundet upprepas inom en gemenskap.\" tabindex=\"0\">seden<\/span> lindas en r\u00f6d tr\u00e5d runt denna grav. Genom denna ber\u00f6ring med den heliga platsen ska tr\u00e5den f\u00e5 en skyddande kraft. D\u00e4refter klipps den l\u00e5nga tr\u00e5den i korta bitar som anv\u00e4nds som enskilda skyddsband.<\/p><p>Dessa enskilda bitar b\u00e4rs sedan som armband eller ges vidare. Kopplingen till Rakels grav ger tr\u00e5den dess s\u00e4rskilda betydelse. Den \u00e4r inte l\u00e4ngre bara en r\u00f6d ylletr\u00e5d, utan ett band som f\u00f6rknippas med en v\u00f6rdad plats.<\/p><p>Denna <span class=\"iwg-fachbegriff\" data-tooltip=\"En traditionell handling som regelbundet upprepas inom en gemenskap.\" tabindex=\"0\">sed<\/span> visar ett \u00e5terkommande m\u00f6nster inom amulettkunskapen. Ett f\u00f6rem\u00e5l f\u00e5r sin kraft genom ber\u00f6ring med en helig plats eller en helig person. \u00c4ven i andra traditioner <span class=\"iwg-fachbegriff\" data-tooltip=\"\u00d6verl\u00e4mnad till det heliga genom en religi\u00f6s handling och d\u00e4rmed lyft ur det vardagliga.\" tabindex=\"0\">invigs<\/span> band, tygstycken och sm\u00e5 f\u00f6rem\u00e5l vid gravar och helgedomar. R\u00f6da tr\u00e5den fr\u00e5n Rakels grav f\u00f6ljer detta m\u00f6nster.<\/p><p>Rakel betraktas i judisk <span class=\"iwg-fachbegriff\" data-tooltip=\"\u00d6verf\u00f6ringen av kunskap och ber\u00e4ttelser mellan generationer.\" tabindex=\"0\">tradition<\/span> som den gr\u00e5tande modern som tr\u00e4der in f\u00f6r sina barn och f\u00f6r deras talan. Denna f\u00f6rest\u00e4llning g\u00f6r hennes grav till en plats f\u00f6r tr\u00f6st och b\u00f6n. R\u00f6da tr\u00e5den, som f\u00f6rknippas med denna plats, tar upp n\u00e5got av denna moderliga omsorg.<\/p>\t\t\t\t\t\t\t\t<\/div>\n\t\t\t\t<\/div>\n\t\t\t\t\t<\/div>\n\t\t\t\t<\/div>\n\t\t<div class=\"elementor-element elementor-element-iwgs-roterfaden-s4 e-flex e-con-boxed e-con e-parent\" data-id=\"iwgs-roterfaden-s4\" data-element_type=\"container\" data-e-type=\"container\">\n\t\t\t\t\t<div class=\"e-con-inner\">\n\t\t\t\t<div class=\"elementor-element elementor-element-iwgs-roterfaden-s4h elementor-widget elementor-widget-heading\" data-id=\"iwgs-roterfaden-s4h\" data-element_type=\"widget\" data-e-type=\"widget\" data-widget_type=\"heading.default\">\n\t\t\t\t\t<h2 class=\"elementor-heading-title elementor-size-default\">Buren p\u00e5 v\u00e4nster handled<\/h2>\t\t\t\t<\/div>\n\t\t<div class=\"elementor-element elementor-element-iwgs-roterfaden-s4box e-con-full e-flex e-con e-parent\" data-id=\"iwgs-roterfaden-s4box\" data-element_type=\"container\" data-e-type=\"container\">\n\t\t\t\t<div class=\"elementor-element elementor-element-iwgs-roterfaden-s4t elementor-widget elementor-widget-text-editor\" data-id=\"iwgs-roterfaden-s4t\" data-element_type=\"widget\" data-e-type=\"widget\" data-widget_type=\"text-editor.default\">\n\t\t\t\t\t\t\t\t\t<p>Enligt en spridd f\u00f6rest\u00e4llning b\u00e4rs r\u00f6da tr\u00e5den p\u00e5 v\u00e4nster handled. Denna best\u00e4mning \u00e4r ingen slump. I den kabbalistiska f\u00f6rest\u00e4llningsv\u00e4rlden \u00e4r den v\u00e4nstra sidan m\u00e4nniskans mottagande sida.<\/p><p>Den h\u00f6gra och den v\u00e4nstra sidan b\u00e4r i detta t\u00e4nkande olika betydelser. Den h\u00f6gra sidan anses vara den givande, den v\u00e4nstra den mottagande. Den som vill ta emot skydd och <span class=\"iwg-fachbegriff\" data-tooltip=\"Till\u00f6nskan av lycka och skydd, ofta i fast spr\u00e5klig form.\" tabindex=\"0\">v\u00e4lsignelse<\/span> b\u00e4r d\u00e4rf\u00f6r tecknet p\u00e5 den sida som f\u00f6rknippas med detta mottagande.<\/p><p>Med p\u00e5s\u00e4ttningen av tr\u00e5den f\u00f6rknippas ofta korta b\u00f6ner eller v\u00e4lsignelseord. Bandet knyts sedan oftast med flera knutar. \u00c4ven knutarna har en betydelse, eftersom knytandet och bindandet i m\u00e5nga traditioner h\u00f6r till de handlingar med vilka skydd f\u00e4sts.<\/p><p>Dessa exakta anvisningar, sidan, knutarna, de medf\u00f6ljande orden, visar att r\u00f6da tr\u00e5den \u00e4r mer \u00e4n bara ett band. Den \u00e4r del av en ordnad praktik. Att b\u00e4ra den p\u00e5 r\u00e4tt s\u00e4tt h\u00f6r enligt sedens f\u00f6rest\u00e4llning till skyddets verkan.<\/p><p>Vid p\u00e5s\u00e4ttningen av r\u00f6da tr\u00e5den knyts ofta sju knutar, och till varje knut kan ett v\u00e4lsignelseord uttalas. Talet sju anses betydelsefullt i m\u00e5nga traditioner. Knytandet av knutarna \u00e4r d\u00e4rvid inte ov\u00e4sentligt, eftersom bindande och f\u00e4stande h\u00f6r till de vanliga handlingarna inom skyddspraktiken.<\/p>\t\t\t\t\t\t\t\t<\/div>\n\t\t\t\t<\/div>\n\t\t\t\t\t<\/div>\n\t\t\t\t<\/div>\n\t\t<div class=\"elementor-element elementor-element-iwgs-roterfaden-s5 e-flex e-con-boxed e-con e-parent\" data-id=\"iwgs-roterfaden-s5\" data-element_type=\"container\" data-e-type=\"container\">\n\t\t\t\t\t<div class=\"e-con-inner\">\n\t\t\t\t<div class=\"elementor-element elementor-element-iwgs-roterfaden-s5h elementor-widget elementor-widget-heading\" data-id=\"iwgs-roterfaden-s5h\" data-element_type=\"widget\" data-e-type=\"widget\" data-widget_type=\"heading.default\">\n\t\t\t\t\t<h2 class=\"elementor-heading-title elementor-size-default\">Skydd mot det onda \u00f6gat<\/h2>\t\t\t\t<\/div>\n\t\t<div class=\"elementor-element elementor-element-iwgs-roterfaden-s5box e-con-full e-flex e-con e-parent\" data-id=\"iwgs-roterfaden-s5box\" data-element_type=\"container\" data-e-type=\"container\">\n\t\t\t\t<div class=\"elementor-element elementor-element-iwgs-roterfaden-s5t elementor-widget elementor-widget-text-editor\" data-id=\"iwgs-roterfaden-s5t\" data-element_type=\"widget\" data-e-type=\"widget\" data-widget_type=\"text-editor.default\">\n\t\t\t\t\t\t\t\t\t<p>Den r\u00f6da tr\u00e5dens huvuduppgift \u00e4r att avv\u00e4rja det onda \u00f6gat. F\u00f6rest\u00e4llningen om det onda \u00f6gat inneb\u00e4r att en blick kan orsaka skada, ofta buren av avund. Den som betraktar n\u00e5got vackert, h\u00e4lsosamt eller framg\u00e5ngsrikt med missunnsamhet kan enligt denna f\u00f6rest\u00e4llning skada det.<\/p><p>Den r\u00f6da tr\u00e5den motverkar denna skada. Som ett i\u00f6gonfallande r\u00f6tt tecken p\u00e5 handleden ska den dra till sig blicken och f\u00e5nga upp dess skadliga kraft. I st\u00e4llet f\u00f6r att tr\u00e4ffa den skyddade personen riktas uppm\u00e4rksamheten mot det r\u00f6da bandet.<\/p><p>Denna verkningsprincip delar den r\u00f6da tr\u00e5den med andra skyddsobjekt mot det onda \u00f6gat. \u00c4ven den bl\u00e5 <a href=\"https:\/\/iwell-guard.com\/sv\/nazar-boncugu-skyddsoga\/\">Nazar Boncu\u011fu<\/a> arbetar med att dra till sig blicken. B\u00e5da objekten f\u00f6ljer tanken att st\u00e4lla ett i\u00f6gonfallande f\u00f6rem\u00e5l mot den skadliga blicken, ett f\u00f6rem\u00e5l som avleder och binder den.<\/p><p>Den r\u00f6da tr\u00e5den h\u00f6r d\u00e4rmed till en stor, kultur\u00f6verskridande familj. Tron p\u00e5 det onda \u00f6gat \u00e4r spridd i hela Medelhavsomr\u00e5det och i Mellan\u00f6stern, i judisk, kristen och islamisk milj\u00f6. Den r\u00f6da tr\u00e5den \u00e4r ett av de enklaste och samtidigt mest utbredda svaren p\u00e5 denna gamla oro.<\/p><p>I folktron kopplas det onda \u00f6gat ofta samman med avund. S\u00e4rskilt utsatta anses d\u00e4rf\u00f6r de vara som drar till sig uppm\u00e4rksamhet och beundran. Den r\u00f6da tr\u00e5den binds d\u00e4rf\u00f6r g\u00e4rna just p\u00e5 sm\u00e5 barn, gravida kvinnor och m\u00e4nniskor i lyckliga livsskeden, eftersom de anses s\u00e4rskilt synliga.<\/p>\t\t\t\t\t\t\t\t<\/div>\n\t\t\t\t<\/div>\n\t\t\t\t\t<\/div>\n\t\t\t\t<\/div>\n\t\t<div class=\"elementor-element elementor-element-iwgs-roterfaden-s6 e-flex e-con-boxed e-con e-parent\" data-id=\"iwgs-roterfaden-s6\" data-element_type=\"container\" data-e-type=\"container\">\n\t\t\t\t\t<div class=\"e-con-inner\">\n\t\t\t\t<div class=\"elementor-element elementor-element-iwgs-roterfaden-s6h elementor-widget elementor-widget-heading\" data-id=\"iwgs-roterfaden-s6h\" data-element_type=\"widget\" data-e-type=\"widget\" data-widget_type=\"heading.default\">\n\t\t\t\t\t<h2 class=\"elementor-heading-title elementor-size-default\">R\u00f6da tr\u00e5dar i andra kulturer<\/h2>\t\t\t\t<\/div>\n\t\t<div class=\"elementor-element elementor-element-iwgs-roterfaden-s6box e-con-full e-flex e-con e-parent\" data-id=\"iwgs-roterfaden-s6box\" data-element_type=\"container\" data-e-type=\"container\">\n\t\t\t\t<div class=\"elementor-element elementor-element-iwgs-roterfaden-s6t elementor-widget elementor-widget-text-editor\" data-id=\"iwgs-roterfaden-s6t\" data-element_type=\"widget\" data-e-type=\"widget\" data-widget_type=\"text-editor.default\">\n\t\t\t\t\t\t\t\t\t<p>Den r\u00f6da skyddstr\u00e5den \u00e4r p\u00e5 intet s\u00e4tt begr\u00e4nsad till den judiska milj\u00f6n. I mycket m\u00e5nga kulturer b\u00e4rs r\u00f6da tr\u00e5dar och band som skydd. Denna vida spridning \u00e4r en viktig indikation p\u00e5 tankens \u00e5lder och allm\u00e4ngiltighet.<\/p><p>I den hinduistiska traditionen bindas invigda tr\u00e5dar runt handleden, ofta i r\u00f6da och gula nyanser. De s\u00e4tts p\u00e5 vid religi\u00f6sa handlingar och anses vara ett tecken p\u00e5 v\u00e4lsignelse och skydd. \u00c4ven h\u00e4r \u00e4r tr\u00e5den ett enkelt skyddsobjekt som b\u00e4rs p\u00e5 kroppen.<\/p><p>I slaviska och andra europeiska traditioner \u00e4r r\u00f6da tr\u00e5dar likas\u00e5 k\u00e4nda som skydd f\u00f6r barn och f\u00f6r boskap. I delar av Ostasien spelar r\u00f6da sn\u00f6ren en roll i egna f\u00f6rest\u00e4llningar. Detaljerna skiljer sig \u00e5t, men grundtanken liknar varandra p\u00e5fallande mycket.<\/p><p>Denna kultur\u00f6verskridande spridning visar att den r\u00f6da tr\u00e5den bygger p\u00e5 en mycket grundl\u00e4ggande tanke. Kopplingen mellan r\u00f6d f\u00e4rg och skydd \u00e4r inte en enskild kulturs egendom. Den r\u00f6da tr\u00e5den i den kabbalistiska traditionen \u00e4r en s\u00e4rskild utformning av en v\u00e4rldsvitt spridd skyddssed.<\/p><p>Ett belysande exempel p\u00e5 sl\u00e4ktskapet mellan sederna \u00e4r den hinduistiska skyddstr\u00e5den, som bindas runt handleden vid religi\u00f6sa handlingar. Den \u00e4r oftast r\u00f6d eller r\u00f6d-gul och f\u00f6ljer en liknande tanke. S\u00e5dana paralleller visar att den r\u00f6da skyddstr\u00e5den har en mycket bred, kultur\u00f6verskridande grund.<\/p>\t\t\t\t\t\t\t\t<\/div>\n\t\t\t\t<\/div>\n\t\t\t\t\t<\/div>\n\t\t\t\t<\/div>\n\t\t<div class=\"elementor-element elementor-element-iwgs-roterfaden-s7 e-flex e-con-boxed e-con e-parent\" data-id=\"iwgs-roterfaden-s7\" data-element_type=\"container\" data-e-type=\"container\">\n\t\t\t\t\t<div class=\"e-con-inner\">\n\t\t\t\t<div class=\"elementor-element elementor-element-iwgs-roterfaden-s7h elementor-widget elementor-widget-heading\" data-id=\"iwgs-roterfaden-s7h\" data-element_type=\"widget\" data-e-type=\"widget\" data-widget_type=\"heading.default\">\n\t\t\t\t\t<h2 class=\"elementor-heading-title elementor-size-default\">Gamla r\u00f6tter och modern spridning<\/h2>\t\t\t\t<\/div>\n\t\t<div class=\"elementor-element elementor-element-iwgs-roterfaden-s7box e-con-full e-flex e-con e-parent\" data-id=\"iwgs-roterfaden-s7box\" data-element_type=\"container\" data-e-type=\"container\">\n\t\t\t\t<div class=\"elementor-element elementor-element-iwgs-roterfaden-s7t elementor-widget elementor-widget-text-editor\" data-id=\"iwgs-roterfaden-s7t\" data-element_type=\"widget\" data-e-type=\"widget\" data-widget_type=\"text-editor.default\">\n\t\t\t\t\t\t\t\t\t<p>Vid framst\u00e4llningen av den r\u00f6da tr\u00e5den \u00e4r det viktigt att skilja mellan tv\u00e5 niv\u00e5er. Den ena r\u00f6r de gamla r\u00f6tterna, den andra den moderna spridningen. B\u00e5da h\u00f6r samman, men \u00e4r inte samma sak.<\/p><p>De gamla r\u00f6tterna ligger i f\u00f6rest\u00e4llningen om skyddskraften hos den r\u00f6da f\u00e4rgen och i de traditionella sederna att avv\u00e4rja olycka med r\u00f6da tr\u00e5dar. \u00c4ven den hebreiska bibeln k\u00e4nner till den r\u00f6da eller scharlakansf\u00e4rgade tr\u00e5den i enskilda sammanhang. Grundtanken \u00e4r d\u00e4rmed gammal och v\u00e4l belagd.<\/p><p>Den moderna spridningen r\u00f6r d\u00e4remot den i dag k\u00e4nda formen, armbandet fr\u00e5n Rakels grav. Denna s\u00e4rskilda utformning av seden har f\u00f6rst under de senaste decennierna blivit vitt synlig. Den beror framf\u00f6r allt p\u00e5 f\u00f6rmedlingen av kabbalistiskt tankegods till en bred, internationell publik.<\/p><p>En noggrann framst\u00e4llning h\u00e5ller is\u00e4r de b\u00e5da niv\u00e5erna. Den ger den r\u00f6da skyddstr\u00e5dens gamla r\u00f6tter sitt v\u00e4rde och anger samtidigt att dagens vida k\u00e4nda form \u00e4r ung. P\u00e5 s\u00e5 s\u00e4tt g\u00f6rs den r\u00f6da tr\u00e5den varken konstlat \u00e4ldre, eller f\u00f6rkortad i sin betydelse.<\/p><p>\u00c4ven den hebreiska bibeln k\u00e4nner den scharlakansf\u00e4rgade tr\u00e5den i enskilda ber\u00e4ttelser, till exempel som ett k\u00e4nnetecken vid ett f\u00f6nster eller p\u00e5 en hand. Dessa st\u00e4llen visar att den r\u00f6da tr\u00e5den som betydelsefullt tecken \u00e4r gammal. De kan dock inte likst\u00e4llas med dagens skyddsarmband, som \u00e4r en senare utformning.<\/p>\t\t\t\t\t\t\t\t<\/div>\n\t\t\t\t<\/div>\n\t\t\t\t\t<\/div>\n\t\t\t\t<\/div>\n\t\t<div class=\"elementor-element elementor-element-iwgs-roterfaden-s8 e-flex e-con-boxed e-con e-parent\" data-id=\"iwgs-roterfaden-s8\" data-element_type=\"container\" data-e-type=\"container\">\n\t\t\t\t\t<div class=\"e-con-inner\">\n\t\t\t\t<div class=\"elementor-element elementor-element-iwgs-roterfaden-s8h elementor-widget elementor-widget-heading\" data-id=\"iwgs-roterfaden-s8h\" data-element_type=\"widget\" data-e-type=\"widget\" data-widget_type=\"heading.default\">\n\t\t\t\t\t<h2 class=\"elementor-heading-title elementor-size-default\">Aktuell mottagning<\/h2>\t\t\t\t<\/div>\n\t\t<div class=\"elementor-element elementor-element-iwgs-roterfaden-s8box e-con-full e-flex e-con e-parent\" data-id=\"iwgs-roterfaden-s8box\" data-element_type=\"container\" data-e-type=\"container\">\n\t\t\t\t<div class=\"elementor-element elementor-element-iwgs-roterfaden-s8t elementor-widget elementor-widget-text-editor\" data-id=\"iwgs-roterfaden-s8t\" data-element_type=\"widget\" data-e-type=\"widget\" data-widget_type=\"text-editor.default\">\n\t\t\t\t\t\t\t\t\t<p>Den r\u00f6da tr\u00e5den \u00e4r i dag spridd \u00f6ver hela v\u00e4rlden. Som ett enkelt r\u00f6tt armband \u00e4r den l\u00e4tt att tillverka, l\u00e4tt att b\u00e4ra och f\u00f6rst\u00e5elig \u00f6ver kulturella gr\u00e4nser. Denna enkelhet har i h\u00f6g grad bidragit till dess snabba spridning.<\/p><p>F\u00f6r n\u00e5gra \u00e4r den r\u00f6da tr\u00e5den ett tecken med en tydlig religi\u00f6s och kabbalistisk bakgrund. F\u00f6r andra har den blivit ett allm\u00e4nt skydds- och lyckoband som b\u00e4rs utan n\u00e4rmare kunskap om dess ursprung. I modet f\u00f6rekommer det r\u00f6da bandet ofta som enkelt smycke.<\/p><p>Denna betydelsef\u00f6rskjutning brukar ofta iakttas hos utbredda skyddstecken. Ett tecken med fast religi\u00f6s betydelse blir ett allm\u00e4nt tecken f\u00f6r skydd, lycka eller en spirituell h\u00e5llning. Den r\u00f6da tr\u00e5den har tillryggalagt denna v\u00e4g p\u00e5 kort tid.<\/p><p>I sin k\u00e4rna \u00e4r den r\u00f6da tr\u00e5den dock fortfarande vad den alltid varit, ett enkelt f\u00e4rgat skyddsband. Den p\u00e5minner om att skyddstecken inte beh\u00f6ver vara dyrbara eller konstfulla. En tunn r\u00f6d tr\u00e5d runt handleden r\u00e4cker f\u00f6r att synligg\u00f6ra en mycket gammal och vitt spridd f\u00f6rest\u00e4llning.<\/p><p>En f\u00f6rdel med den r\u00f6da tr\u00e5den i v\u00e5r tid \u00e4r dess diskretion. Den fogar sig om\u00e4rkligt in vid handleden och passar d\u00e4rmed \u00e4ven in i en modern vardag, d\u00e4r i\u00f6gonfallande smycken inte alltid \u00e4r \u00f6nskv\u00e4rda. Denna stillsamma n\u00e4rvaro har bidragit till det enkla bandets fortsatta popularitet.<\/p>\t\t\t\t\t\t\t\t<\/div>\n\t\t\t\t<\/div>\n\t\t\t\t\t<\/div>\n\t\t\t\t<\/div>\n\t\t<div class=\"elementor-element elementor-element-iwgs-roterfaden-lit e-flex e-con-boxed e-con e-parent\" data-id=\"iwgs-roterfaden-lit\" data-element_type=\"container\" data-e-type=\"container\">\n\t\t\t\t\t<div class=\"e-con-inner\">\n\t\t\t\t<div class=\"elementor-element elementor-element-iwgs-roterfaden-lith elementor-widget elementor-widget-heading\" data-id=\"iwgs-roterfaden-lith\" data-element_type=\"widget\" data-e-type=\"widget\" data-widget_type=\"heading.default\">\n\t\t\t\t\t<h2 class=\"elementor-heading-title elementor-size-default\">Litteratur (urval)<\/h2>\t\t\t\t<\/div>\n\t\t<div class=\"elementor-element elementor-element-iwgs-roterfaden-litbox e-con-full e-flex e-con e-parent\" data-id=\"iwgs-roterfaden-litbox\" data-element_type=\"container\" data-e-type=\"container\">\n\t\t\t\t<div class=\"elementor-element elementor-element-iwgs-roterfaden-litt elementor-widget elementor-widget-html\" data-id=\"iwgs-roterfaden-litt\" data-element_type=\"widget\" data-e-type=\"widget\" data-widget_type=\"html.default\">\n\t\t\t\t\t<footer data-nosnippet=\"true\"><ul><li>Joshua Trachtenberg: <em>Jewish Magic and Superstition<\/em> (1939)<\/li><li>Alan Dundes (red.): <em>The Evil Eye. A Casebook<\/em> (1981)<\/li><li>T. Schrire: <em>Hebrew Amulets<\/em> (1966)<\/li><li>Siegfried Seligmann: <em>Der b\u00f6se Blick und Verwandtes<\/em> (1910)<\/li><li>Judendomens lexikon, artikel om folksed och amulett<\/li><\/ul><\/footer>\t\t\t\t<\/div>\n\t\t\t\t<\/div>\n\t\t\t\t\t<\/div>\n\t\t\t\t<\/div>\n\t\t<div class=\"elementor-element elementor-element-iwgs-roterfaden-kwd e-flex e-con-boxed e-con e-parent\" data-id=\"iwgs-roterfaden-kwd\" data-element_type=\"container\" data-e-type=\"container\">\n\t\t\t\t\t<div class=\"e-con-inner\">\n\t\t\t\t<div class=\"elementor-element elementor-element-iwgs-roterfaden-kwdt elementor-widget elementor-widget-text-editor\" data-id=\"iwgs-roterfaden-kwdt\" data-element_type=\"widget\" data-e-type=\"widget\" data-widget_type=\"text-editor.default\">\n\t\t\t\t\t\t\t\t\t<p><em>Relaterade nyckelbegrepp: r\u00f6d tr\u00e5d skyddsband <span class=\"iwg-fachbegriff\" data-tooltip=\"Spridd f\u00f6rest\u00e4llning om att en avundsjuk blick fr\u00e5n en annan person kan orsaka skada.\" tabindex=\"0\">onda \u00f6gat<\/span> <span class=\"iwg-fachbegriff\" data-tooltip=\"Str\u00f6mning inom judisk mystik med huvudverk som Sefer Jetzira och Sohar.\" tabindex=\"0\">kabbala<\/span> Rakel handled ull skyddsf\u00e4rg r\u00f6d.<\/em><\/p>\t\t\t\t\t\t\t\t<\/div>\n\t\t\t\t\t<\/div>\n\t\t\t\t<\/div>\n\t\t<div class=\"elementor-element elementor-element-iwgs-roterfaden-cc e-flex e-con-boxed e-con e-parent\" data-id=\"iwgs-roterfaden-cc\" data-element_type=\"container\" data-e-type=\"container\" id=\"iwg-cc-roter-faden\">\n\t\t\t\t\t<div class=\"e-con-inner\">\n\t\t<div class=\"elementor-element elementor-element-iwgs-roterfaden-ccinner e-flex e-con-boxed e-con e-parent\" data-id=\"iwgs-roterfaden-ccinner\" data-element_type=\"container\" data-e-type=\"container\" data-settings=\"{&quot;background_background&quot;:&quot;classic&quot;}\">\n\t\t\t\t\t<div class=\"e-con-inner\">\n\t\t\t\t<div class=\"elementor-element elementor-element-iwgs-roterfaden-cch elementor-widget elementor-widget-heading\" data-id=\"iwgs-roterfaden-cch\" data-element_type=\"widget\" data-e-type=\"widget\" data-widget_type=\"heading.default\">\n\t\t\t\t\t<h2 class=\"elementor-heading-title elementor-size-default\">iWell Guard och skyddstraditioner<\/h2>\t\t\t\t<\/div>\n\t\t\t\t<div class=\"elementor-element elementor-element-iwgs-roterfaden-cct elementor-widget elementor-widget-text-editor\" data-id=\"iwgs-roterfaden-cct\" data-element_type=\"widget\" data-e-type=\"widget\" data-widget_type=\"text-editor.default\">\n\t\t\t\t\t\t\t\t\t<p>iWell Guard st\u00e5r i den kulturhistoriska traditionen av b\u00e4rbara skyddsobjekt, till vilken \u00e4ven den r\u00f6da tr\u00e5den h\u00f6r. En modern f\u00f6ljeslagare f\u00f6r m\u00e4nniskor som lever med skyddssymboler: tillverkad i Tyskland, 41 lager av \u00e4kta guld, platina och silver, med 30 dagars \u00e5ngerr\u00e4tt.<\/p>\t\t\t\t\t\t\t\t<\/div>\n\t\t\t\t<div class=\"elementor-element elementor-element-iwgs-roterfaden-ccb iwg-cc-button iwg-cc-cta-2026-05-13 elementor-widget elementor-widget-jet-button\" data-id=\"iwgs-roterfaden-ccb\" data-element_type=\"widget\" data-e-type=\"widget\" data-widget_type=\"jet-button.default\">\n\t\t\t\t<div class=\"elementor-widget-container\">\n\t\t\t\t\t<div class=\"elementor-jet-button jet-elements\"><div class=\"jet-button__container\"><a class=\"jet-button__instance jet-button__instance--icon-left hover-effect-1\" href=\"\/schutzanhaenger-iwell-guard-kaufen\/?utm_source=iwell-guard.com&amp;utm_medium=info-box&amp;utm_campaign=schutzsymbole\"><div class=\"jet-button__plane jet-button__plane-normal\"><\/div><div class=\"jet-button__plane jet-button__plane-hover\"><\/div><div class=\"jet-button__state jet-button__state-normal\"><span class=\"jet-button__label\">Mer om iWell Guard<\/span><\/div><div class=\"jet-button__state jet-button__state-hover\"><span class=\"jet-button__label\">Mer om iWell Guard<\/span><\/div><\/a><\/div><\/div><style>.elementor-element.elementor-element-iwgs-roterfaden-ccb .jet-button__instance{width:320px;height:56px;}.elementor-element.elementor-element-iwgs-roterfaden-ccb .jet-button__state-normal .jet-button__label{text-align:center;margin:0px 0px 0px 0px;color:#1a1b20;font-family:Montserrat,sans-serif;font-size:13px;font-weight:400;letter-spacing:4px;line-height:1.714em;text-transform:uppercase;}.elementor-element.elementor-element-iwgs-roterfaden-ccb .jet-button__state-hover .jet-button__label{text-align:center;margin:0px 0px 0px 0px;color:#FECC76;font-family:Montserrat,sans-serif;font-size:13px;font-weight:400;letter-spacing:4px;line-height:1.714em;text-transform:uppercase;}.elementor-element.elementor-element-iwgs-roterfaden-ccb .jet-button__plane-normal{background-color:#FECC76;border-style:solid;border-color:#C99540;border-width:2px 2px 2px 2px;}.elementor-element.elementor-element-iwgs-roterfaden-ccb .jet-button__plane-hover{background-color:rgba(0,0,0,0.55);border-style:solid;border-color:#FECC76;border-width:2px 2px 2px 2px;}<\/style>\t\t\t\t<\/div>\n\t\t\t\t<\/div>\n\t\t\t\t<div class=\"elementor-element elementor-element-iwgs-roterfaden-ccd elementor-widget elementor-widget-text-editor\" data-id=\"iwgs-roterfaden-ccd\" data-element_type=\"widget\" data-e-type=\"widget\" data-widget_type=\"text-editor.default\">\n\t\t\t\t\t\t\t\t\t<p style=\"text-align:center;font-size:13px;opacity:0.7;margin-top:14px\" data-nosnippet=\"true\">Personliga erfarenheter kan variera. Ingen medicinteknisk produkt. Inget l\u00f6fte om l\u00e4kning.<\/p>\t\t\t\t\t\t\t\t<\/div>\n\t\t\t\t\t<\/div>\n\t\t\t\t<\/div>\n\t\t\t\t\t<\/div>\n\t\t\t\t<\/div>\n\t\t<div class=\"elementor-element elementor-element-iwgs-roterfaden-disc e-flex e-con-boxed e-con e-parent\" data-id=\"iwgs-roterfaden-disc\" data-element_type=\"container\" data-e-type=\"container\">\n\t\t\t\t\t<div class=\"e-con-inner\">\n\t\t\t\t<div class=\"elementor-element elementor-element-iwgs-roterfaden-discw elementor-widget elementor-widget-html\" data-id=\"iwgs-roterfaden-discw\" data-element_type=\"widget\" data-e-type=\"widget\" data-widget_type=\"html.default\">\n\t\t\t\t\t<footer data-nosnippet=\"true\" class=\"iwg-disclaimer-block\"><p data-nosnippet=\"true\">iWell Guard \u00e4r <strong>ingen medicinteknisk produkt<\/strong> och ers\u00e4tter ingen l\u00e4karbehandling eller psykoterapeutisk behandling. Inneh\u00e5llet som presenteras h\u00e4r \u00e4r en religionsvetenskaplig och kulturhistorisk kontextualisering, inget l\u00f6fte om andlig verkan.<\/p><\/footer>\t\t\t\t<\/div>\n\t\t\t\t\t<\/div>\n\t\t\t\t<\/div>\n\t\t\t\t<\/div>\n\t\t","protected":false},"excerpt":{"rendered":"","protected":false},"author":3,"featured_media":3511,"parent":0,"menu_order":0,"comment_status":"closed","ping_status":"closed","template":"elementor_header_footer","meta":{"_yoast_wpseo_focuskw":"r\u00f6d tr\u00e5d","_yoast_wpseo_title":"R\u00f6d tr\u00e5d \u2013 Kabbalas skyddsband","_yoast_wpseo_metadesc":"Den r\u00f6da tr\u00e5den runt handleden anses skydda mot onda \u00f6gat. Ursprung, kabbalistisk bakgrund och betydelse f\u00f6rklaras.","_yoast_wpseo_meta-robots-noindex":"","_yoast_wpseo_canonical":"","_angie_page":false,"gefaehrdungsstufe":"","wesen_kultur":"","wesen_klasse":"","footnotes":""},"categories":[],"class_list":["post-137046","page","type-page","status-publish","has-post-thumbnail","hentry"],"yoast_head":"<!-- This site is optimized with the Yoast SEO Premium plugin v27.7 (Yoast SEO v28.3) - https:\/\/yoast.com\/product\/yoast-seo-premium-wordpress\/ -->\n<title>R\u00f6d tr\u00e5d \u2013 Kabbalas skyddsband<\/title>\n<meta name=\"description\" content=\"Den r\u00f6da tr\u00e5den runt handleden anses skydda mot onda \u00f6gat. Ursprung, kabbalistisk bakgrund och betydelse f\u00f6rklaras.\" \/>\n<meta name=\"robots\" content=\"index, follow, max-snippet:-1, max-image-preview:large, max-video-preview:-1\" \/>\n<link rel=\"canonical\" href=\"https:\/\/iwell-guard.com\/sv\/rod-trad-mot-onda-ogat\/\" \/>\n<meta property=\"og:locale\" content=\"sv_SE\" \/>\n<meta property=\"og:type\" content=\"article\" \/>\n<meta property=\"og:title\" content=\"R\u00f6d tr\u00e5d \u2013 skyddsbandet mot onda \u00f6gat\" \/>\n<meta property=\"og:description\" content=\"Den r\u00f6da tr\u00e5den runt handleden anses skydda mot onda \u00f6gat. Ursprung, kabbalistisk bakgrund och betydelse f\u00f6rklaras.\" \/>\n<meta property=\"og:url\" content=\"https:\/\/iwell-guard.com\/sv\/rod-trad-mot-onda-ogat\/\" \/>\n<meta property=\"og:site_name\" content=\"iWell Guard\" \/>\n<meta property=\"article:modified_time\" content=\"2026-09-03T01:18:59+00:00\" \/>\n<meta property=\"og:image\" content=\"https:\/\/iwell-guard.com\/wp-content\/uploads\/2026\/05\/schutzsymbol_judentum_roter-faden.webp\" \/>\n\t<meta property=\"og:image:width\" content=\"1024\" \/>\n\t<meta property=\"og:image:height\" content=\"1536\" \/>\n\t<meta property=\"og:image:type\" content=\"image\/webp\" \/>\n<meta name=\"twitter:card\" content=\"summary_large_image\" \/>\n<script type=\"application\/ld+json\" class=\"yoast-schema-graph\">{\"@context\":\"https:\\\/\\\/schema.org\",\"@graph\":[{\"@type\":\"WebPage\",\"@id\":\"https:\\\/\\\/iwell-guard.com\\\/sv\\\/rod-trad-mot-onda-ogat\\\/\",\"url\":\"https:\\\/\\\/iwell-guard.com\\\/sv\\\/rod-trad-mot-onda-ogat\\\/\",\"name\":\"R\u00f6d tr\u00e5d \u2013 Kabbalas skyddsband\",\"isPartOf\":{\"@id\":\"https:\\\/\\\/iwell-guard.com\\\/sv\\\/#website\"},\"primaryImageOfPage\":{\"@id\":\"https:\\\/\\\/iwell-guard.com\\\/sv\\\/rod-trad-mot-onda-ogat\\\/#primaryimage\"},\"image\":{\"@id\":\"https:\\\/\\\/iwell-guard.com\\\/sv\\\/rod-trad-mot-onda-ogat\\\/#primaryimage\"},\"thumbnailUrl\":\"https:\\\/\\\/iwell-guard.com\\\/wp-content\\\/uploads\\\/2026\\\/05\\\/schutzsymbol_judentum_roter-faden.webp\",\"datePublished\":\"2026-09-03T00:12:18+00:00\",\"dateModified\":\"2026-09-03T01:18:59+00:00\",\"description\":\"Den r\u00f6da tr\u00e5den runt handleden anses skydda mot onda \u00f6gat. Ursprung, kabbalistisk bakgrund och betydelse f\u00f6rklaras.\",\"breadcrumb\":{\"@id\":\"https:\\\/\\\/iwell-guard.com\\\/sv\\\/rod-trad-mot-onda-ogat\\\/#breadcrumb\"},\"inLanguage\":\"sv-SE\",\"potentialAction\":[{\"@type\":\"ReadAction\",\"target\":[\"https:\\\/\\\/iwell-guard.com\\\/sv\\\/rod-trad-mot-onda-ogat\\\/\"]}]},{\"@type\":\"ImageObject\",\"inLanguage\":\"sv-SE\",\"@id\":\"https:\\\/\\\/iwell-guard.com\\\/sv\\\/rod-trad-mot-onda-ogat\\\/#primaryimage\",\"url\":\"https:\\\/\\\/iwell-guard.com\\\/wp-content\\\/uploads\\\/2026\\\/05\\\/schutzsymbol_judentum_roter-faden.webp\",\"contentUrl\":\"https:\\\/\\\/iwell-guard.com\\\/wp-content\\\/uploads\\\/2026\\\/05\\\/schutzsymbol_judentum_roter-faden.webp\",\"width\":1024,\"height\":1536,\"caption\":\"Skyddssymbol. Stilleben-illustration i museistil.\"},{\"@type\":\"BreadcrumbList\",\"@id\":\"https:\\\/\\\/iwell-guard.com\\\/sv\\\/rod-trad-mot-onda-ogat\\\/#breadcrumb\",\"itemListElement\":[{\"@type\":\"ListItem\",\"position\":1,\"name\":\"Start\",\"item\":\"https:\\\/\\\/iwell-guard.com\\\/sv\\\/?page_id=136483\"},{\"@type\":\"ListItem\",\"position\":2,\"name\":\"R\u00f6d tr\u00e5d \u2013 skyddsbandet mot onda \u00f6gat\"}]},{\"@type\":\"WebSite\",\"@id\":\"https:\\\/\\\/iwell-guard.com\\\/sv\\\/#website\",\"url\":\"https:\\\/\\\/iwell-guard.com\\\/sv\\\/\",\"name\":\"iWell Guard\",\"description\":\"Schutz vor dunklen Einfl\u00fcssen\",\"publisher\":{\"@id\":\"https:\\\/\\\/iwell-guard.com\\\/sv\\\/#organization\"},\"potentialAction\":[{\"@type\":\"SearchAction\",\"target\":{\"@type\":\"EntryPoint\",\"urlTemplate\":\"https:\\\/\\\/iwell-guard.com\\\/sv\\\/?s={search_term_string}\"},\"query-input\":{\"@type\":\"PropertyValueSpecification\",\"valueRequired\":true,\"valueName\":\"search_term_string\"}}],\"inLanguage\":\"sv-SE\"},{\"@type\":\"Organization\",\"@id\":\"https:\\\/\\\/iwell-guard.com\\\/sv\\\/#organization\",\"name\":\"Ittermann electronic GmbH\",\"url\":\"https:\\\/\\\/iwell-guard.com\\\/sv\\\/\",\"logo\":{\"@type\":\"ImageObject\",\"inLanguage\":\"sv-SE\",\"@id\":\"https:\\\/\\\/iwell-guard.com\\\/sv\\\/#\\\/schema\\\/logo\\\/image\\\/\",\"url\":\"https:\\\/\\\/iwell-guard.com\\\/wp-content\\\/uploads\\\/2026\\\/05\\\/Ittermann-Logo-1182x237-1.png\",\"contentUrl\":\"https:\\\/\\\/iwell-guard.com\\\/wp-content\\\/uploads\\\/2026\\\/05\\\/Ittermann-Logo-1182x237-1.png\",\"width\":1182,\"height\":237,\"caption\":\"Ittermann electronic GmbH\"},\"image\":{\"@id\":\"https:\\\/\\\/iwell-guard.com\\\/sv\\\/#\\\/schema\\\/logo\\\/image\\\/\"},\"sameAs\":[\"https:\\\/\\\/pantip.com\\\/profile\\\/9367242\",\"https:\\\/\\\/micro.blog\\\/iwellguard\",\"https:\\\/\\\/www.diggerslist.com\\\/iwellguard\\\/about\",\"https:\\\/\\\/skitterphoto.com\\\/photographers\\\/2870314\\\/iwell-guard\",\"https:\\\/\\\/iwellguard.wordpress.com\\\/2026\\\/06\\\/06\\\/iwell-guard\\\/\",\"https:\\\/\\\/hub.docker.com\\\/u\\\/iwellguard\",\"https:\\\/\\\/www.pinterest.com\\\/iwellguard\\\/\",\"https:\\\/\\\/bit.ly\\\/m\\\/iwellguard\",\"https:\\\/\\\/entre-vos-mains.alsace.eu\\\/profiles\\\/iwellguard\\\/activity\",\"https:\\\/\\\/gravatar.com\\\/reallybeded8fd34\",\"https:\\\/\\\/naijamatta.com\\\/iwellguard\",\"https:\\\/\\\/www.goodreads.com\\\/iwellguard\",\"https:\\\/\\\/profile.hatena.ne.jp\\\/iwellguard\\\/\",\"https:\\\/\\\/experiment.com\\\/users\\\/iwellguard\",\"https:\\\/\\\/wakelet.com\\\/@iWellGuard82270\",\"https:\\\/\\\/www.chordie.com\\\/forum\\\/profile.php?id=2555664\",\"https:\\\/\\\/www.instapaper.com\\\/p\\\/17757966\",\"https:\\\/\\\/www.mapleprimes.com\\\/users\\\/iwellguard\",\"https:\\\/\\\/businesslistingplus.com\\\/profile\\\/iwell-guard\\\/\",\"https:\\\/\\\/telegra.ph\\\/iWell-Guard-06-06\",\"https:\\\/\\\/pbase.com\\\/iwellguard\\\/iwellguard\",\"https:\\\/\\\/b.hatena.ne.jp\\\/iwellguard\\\/20260607#bookmark-4788405196491818882\",\"https:\\\/\\\/fliphtml5.com\\\/home\\\/iwellguard\",\"https:\\\/\\\/anyflip.com\\\/homepage\\\/cmiwl#About\",\"https:\\\/\\\/transfur.com\\\/Users\\\/iwellguard\",\"http:\\\/\\\/delphi.larsbo.org\\\/user\\\/iwellguard\",\"https:\\\/\\\/jobs.lajobsportal.org\\\/profiles\\\/8380803-iwell-guard\",\"https:\\\/\\\/md.chaosdorf.de\\\/s\\\/jfbe5SBdJD\",\"https:\\\/\\\/www.lingvolive.com\\\/en-us\\\/profile\\\/9ecaeaca-ce11-4e51-9e71-01d55e2bff36\\\/translations\",\"https:\\\/\\\/www.fitday.com\\\/fitness\\\/forums\\\/members\\\/iwellguard.html\",\"https:\\\/\\\/www.mymeetbook.com\\\/iwellguard\",\"https:\\\/\\\/pxhere.com\\\/en\\\/photographer-me\\\/5040798\",\"https:\\\/\\\/disqus.com\\\/by\\\/iwellguard\\\/about\\\/\",\"https:\\\/\\\/pastelink.net\\\/hjwciqwq\",\"https:\\\/\\\/pubhtml5.com\\\/homepage\\\/scjhn\\\/\",\"https:\\\/\\\/www.bitchute.com\\\/channel\\\/2O2eOKzNqujT\",\"https:\\\/\\\/audiomack.com\\\/iwellguard\"]}]}<\/script>\n<!-- \/ Yoast SEO Premium plugin. -->","yoast_head_json":{"title":"R\u00f6d tr\u00e5d \u2013 Kabbalas skyddsband","description":"Den r\u00f6da tr\u00e5den runt handleden anses skydda mot onda \u00f6gat. Ursprung, kabbalistisk bakgrund och betydelse f\u00f6rklaras.","robots":{"index":"index","follow":"follow","max-snippet":"max-snippet:-1","max-image-preview":"max-image-preview:large","max-video-preview":"max-video-preview:-1"},"canonical":"https:\/\/iwell-guard.com\/sv\/rod-trad-mot-onda-ogat\/","og_locale":"sv_SE","og_type":"article","og_title":"R\u00f6d tr\u00e5d \u2013 skyddsbandet mot onda \u00f6gat","og_description":"Den r\u00f6da tr\u00e5den runt handleden anses skydda mot onda \u00f6gat. Ursprung, kabbalistisk bakgrund och betydelse f\u00f6rklaras.","og_url":"https:\/\/iwell-guard.com\/sv\/rod-trad-mot-onda-ogat\/","og_site_name":"iWell Guard","article_modified_time":"2026-09-03T01:18:59+00:00","og_image":[{"width":1024,"height":1536,"url":"https:\/\/iwell-guard.com\/wp-content\/uploads\/2026\/05\/schutzsymbol_judentum_roter-faden.webp","type":"image\/webp"}],"twitter_card":"summary_large_image","schema":{"@context":"https:\/\/schema.org","@graph":[{"@type":"WebPage","@id":"https:\/\/iwell-guard.com\/sv\/rod-trad-mot-onda-ogat\/","url":"https:\/\/iwell-guard.com\/sv\/rod-trad-mot-onda-ogat\/","name":"R\u00f6d tr\u00e5d \u2013 Kabbalas skyddsband","isPartOf":{"@id":"https:\/\/iwell-guard.com\/sv\/#website"},"primaryImageOfPage":{"@id":"https:\/\/iwell-guard.com\/sv\/rod-trad-mot-onda-ogat\/#primaryimage"},"image":{"@id":"https:\/\/iwell-guard.com\/sv\/rod-trad-mot-onda-ogat\/#primaryimage"},"thumbnailUrl":"https:\/\/iwell-guard.com\/wp-content\/uploads\/2026\/05\/schutzsymbol_judentum_roter-faden.webp","datePublished":"2026-09-03T00:12:18+00:00","dateModified":"2026-09-03T01:18:59+00:00","description":"Den r\u00f6da tr\u00e5den runt handleden anses skydda mot onda \u00f6gat. Ursprung, kabbalistisk bakgrund och betydelse f\u00f6rklaras.","breadcrumb":{"@id":"https:\/\/iwell-guard.com\/sv\/rod-trad-mot-onda-ogat\/#breadcrumb"},"inLanguage":"sv-SE","potentialAction":[{"@type":"ReadAction","target":["https:\/\/iwell-guard.com\/sv\/rod-trad-mot-onda-ogat\/"]}]},{"@type":"ImageObject","inLanguage":"sv-SE","@id":"https:\/\/iwell-guard.com\/sv\/rod-trad-mot-onda-ogat\/#primaryimage","url":"https:\/\/iwell-guard.com\/wp-content\/uploads\/2026\/05\/schutzsymbol_judentum_roter-faden.webp","contentUrl":"https:\/\/iwell-guard.com\/wp-content\/uploads\/2026\/05\/schutzsymbol_judentum_roter-faden.webp","width":1024,"height":1536,"caption":"Skyddssymbol. Stilleben-illustration i museistil."},{"@type":"BreadcrumbList","@id":"https:\/\/iwell-guard.com\/sv\/rod-trad-mot-onda-ogat\/#breadcrumb","itemListElement":[{"@type":"ListItem","position":1,"name":"Start","item":"https:\/\/iwell-guard.com\/sv\/?page_id=136483"},{"@type":"ListItem","position":2,"name":"R\u00f6d tr\u00e5d \u2013 skyddsbandet mot onda \u00f6gat"}]},{"@type":"WebSite","@id":"https:\/\/iwell-guard.com\/sv\/#website","url":"https:\/\/iwell-guard.com\/sv\/","name":"iWell Guard","description":"Schutz vor dunklen Einfl\u00fcssen","publisher":{"@id":"https:\/\/iwell-guard.com\/sv\/#organization"},"potentialAction":[{"@type":"SearchAction","target":{"@type":"EntryPoint","urlTemplate":"https:\/\/iwell-guard.com\/sv\/?s={search_term_string}"},"query-input":{"@type":"PropertyValueSpecification","valueRequired":true,"valueName":"search_term_string"}}],"inLanguage":"sv-SE"},{"@type":"Organization","@id":"https:\/\/iwell-guard.com\/sv\/#organization","name":"Ittermann electronic GmbH","url":"https:\/\/iwell-guard.com\/sv\/","logo":{"@type":"ImageObject","inLanguage":"sv-SE","@id":"https:\/\/iwell-guard.com\/sv\/#\/schema\/logo\/image\/","url":"https:\/\/iwell-guard.com\/wp-content\/uploads\/2026\/05\/Ittermann-Logo-1182x237-1.png","contentUrl":"https:\/\/iwell-guard.com\/wp-content\/uploads\/2026\/05\/Ittermann-Logo-1182x237-1.png","width":1182,"height":237,"caption":"Ittermann electronic GmbH"},"image":{"@id":"https:\/\/iwell-guard.com\/sv\/#\/schema\/logo\/image\/"},"sameAs":["https:\/\/pantip.com\/profile\/9367242","https:\/\/micro.blog\/iwellguard","https:\/\/www.diggerslist.com\/iwellguard\/about","https:\/\/skitterphoto.com\/photographers\/2870314\/iwell-guard","https:\/\/iwellguard.wordpress.com\/2026\/06\/06\/iwell-guard\/","https:\/\/hub.docker.com\/u\/iwellguard","https:\/\/www.pinterest.com\/iwellguard\/","https:\/\/bit.ly\/m\/iwellguard","https:\/\/entre-vos-mains.alsace.eu\/profiles\/iwellguard\/activity","https:\/\/gravatar.com\/reallybeded8fd34","https:\/\/naijamatta.com\/iwellguard","https:\/\/www.goodreads.com\/iwellguard","https:\/\/profile.hatena.ne.jp\/iwellguard\/","https:\/\/experiment.com\/users\/iwellguard","https:\/\/wakelet.com\/@iWellGuard82270","https:\/\/www.chordie.com\/forum\/profile.php?id=2555664","https:\/\/www.instapaper.com\/p\/17757966","https:\/\/www.mapleprimes.com\/users\/iwellguard","https:\/\/businesslistingplus.com\/profile\/iwell-guard\/","https:\/\/telegra.ph\/iWell-Guard-06-06","https:\/\/pbase.com\/iwellguard\/iwellguard","https:\/\/b.hatena.ne.jp\/iwellguard\/20260607#bookmark-4788405196491818882","https:\/\/fliphtml5.com\/home\/iwellguard","https:\/\/anyflip.com\/homepage\/cmiwl#About","https:\/\/transfur.com\/Users\/iwellguard","http:\/\/delphi.larsbo.org\/user\/iwellguard","https:\/\/jobs.lajobsportal.org\/profiles\/8380803-iwell-guard","https:\/\/md.chaosdorf.de\/s\/jfbe5SBdJD","https:\/\/www.lingvolive.com\/en-us\/profile\/9ecaeaca-ce11-4e51-9e71-01d55e2bff36\/translations","https:\/\/www.fitday.com\/fitness\/forums\/members\/iwellguard.html","https:\/\/www.mymeetbook.com\/iwellguard","https:\/\/pxhere.com\/en\/photographer-me\/5040798","https:\/\/disqus.com\/by\/iwellguard\/about\/","https:\/\/pastelink.net\/hjwciqwq","https:\/\/pubhtml5.com\/homepage\/scjhn\/","https:\/\/www.bitchute.com\/channel\/2O2eOKzNqujT","https:\/\/audiomack.com\/iwellguard"]}]}},"_links":{"self":[{"href":"https:\/\/iwell-guard.com\/sv\/wp-json\/wp\/v2\/pages\/137046","targetHints":{"allow":["GET"]}}],"collection":[{"href":"https:\/\/iwell-guard.com\/sv\/wp-json\/wp\/v2\/pages"}],"about":[{"href":"https:\/\/iwell-guard.com\/sv\/wp-json\/wp\/v2\/types\/page"}],"author":[{"embeddable":true,"href":"https:\/\/iwell-guard.com\/sv\/wp-json\/wp\/v2\/users\/3"}],"replies":[{"embeddable":true,"href":"https:\/\/iwell-guard.com\/sv\/wp-json\/wp\/v2\/comments?post=137046"}],"version-history":[{"count":0,"href":"https:\/\/iwell-guard.com\/sv\/wp-json\/wp\/v2\/pages\/137046\/revisions"}],"wp:featuredmedia":[{"embeddable":true,"href":"https:\/\/iwell-guard.com\/sv\/wp-json\/wp\/v2\/media\/3511"}],"wp:attachment":[{"href":"https:\/\/iwell-guard.com\/sv\/wp-json\/wp\/v2\/media?parent=137046"}],"wp:term":[{"taxonomy":"category","embeddable":true,"href":"https:\/\/iwell-guard.com\/sv\/wp-json\/wp\/v2\/categories?post=137046"}],"curies":[{"name":"wp","href":"https:\/\/api.w.org\/{rel}","templated":true}]}}