{"id":137041,"date":"2026-09-03T00:12:16","date_gmt":"2026-09-03T00:12:16","guid":{"rendered":"https:\/\/iwell-guard.com\/?page_id=137041"},"modified":"2026-09-03T01:18:54","modified_gmt":"2026-09-03T01:18:54","slug":"valknut-nordiska-knuten-for-de-fallna","status":"publish","type":"page","link":"https:\/\/iwell-guard.com\/sv\/valknut-nordiska-knuten-for-de-fallna\/","title":{"rendered":"Valknut \u2013 nordiska knuten f\u00f6r de fallna"},"content":{"rendered":"\t\t<div data-elementor-type=\"wp-page\" data-elementor-id=\"137041\" class=\"elementor elementor-137041 elementor-3616 elementor-bc-flex-widget\" data-elementor-post-type=\"page\">\n\t\t\t\t<div class=\"elementor-element elementor-element-iwgs-valknut-hero e-flex e-con-boxed e-con e-parent\" data-id=\"iwgs-valknut-hero\" data-element_type=\"container\" data-e-type=\"container\">\n\t\t\t\t\t<div class=\"e-con-inner\">\n\t\t<div class=\"elementor-element elementor-element-iwgs-valknut-hl e-flex e-con-boxed e-con e-parent\" data-id=\"iwgs-valknut-hl\" data-element_type=\"container\" data-e-type=\"container\">\n\t\t\t\t\t<div class=\"e-con-inner\">\n\t\t<div class=\"elementor-element elementor-element-iwgs-valknut-hlbox e-con-full e-flex e-con e-parent\" data-id=\"iwgs-valknut-hlbox\" data-element_type=\"container\" data-e-type=\"container\">\n\t\t\t\t<div class=\"elementor-element elementor-element-iwgs-valknut-h1 elementor-widget elementor-widget-heading\" data-id=\"iwgs-valknut-h1\" data-element_type=\"widget\" data-e-type=\"widget\" data-widget_type=\"heading.default\">\n\t\t\t\t\t<h1 class=\"elementor-heading-title elementor-size-default\">Valknuten \u2013 nordiska knuten f\u00f6r de fallna<\/h1>\t\t\t\t<\/div>\n\t\t\t\t<div class=\"elementor-element elementor-element-iwgs-valknut-lead elementor-widget elementor-widget-text-editor\" data-id=\"iwgs-valknut-lead\" data-element_type=\"widget\" data-e-type=\"widget\" data-widget_type=\"text-editor.default\">\n\t\t\t\t\t\t\t\t\t<p>Valknuten, tre sammanfl\u00e4tade trianglar, \u00e4r ett av de mest slagkraftiga tecknen i den nordiska v\u00e4rlden. Den \u00e5terfinns p\u00e5 vikingatida bildstenar, \u00e4r n\u00e4ra f\u00f6rknippad med Oden och de fallna, och ger forskningen g\u00e5tor att fundera \u00f6ver \u00e4n i dag.<\/p>\t\t\t\t\t\t\t\t<\/div>\n\t\t\t\t<\/div>\n\t\t\t\t<div class=\"elementor-element elementor-element-iwgs-valknut-pills elementor-widget elementor-widget-html\" data-id=\"iwgs-valknut-pills\" data-element_type=\"widget\" data-e-type=\"widget\" data-widget_type=\"html.default\">\n\t\t\t\t\t<div class=\"iwg-pill-row\"><span class=\"iwg-klasse-badge\" tabindex=\"0\" data-tooltip=\"Skyddssymbol, amulett eller apotrop\u00e4iskt objekt.\">Skyddssymbol<\/span><a href=\"https:\/\/iwell-guard.com\/sv\/germanskt\/\" class=\"iwg-kultur-badge\" tabindex=\"0\" data-tooltip=\"Skyddstradition: Germansk\">Germansk<\/a><span class=\"iwg-tradition-badge\" tabindex=\"0\" data-tooltip=\"En sinnebild med skyddande eller betydelseb\u00e4rande funktion.\">Tecken<\/span><\/div>\t\t\t\t<\/div>\n\t\t\t\t\t<\/div>\n\t\t\t\t<\/div>\n\t\t<div class=\"elementor-element elementor-element-iwgs-valknut-hr e-con-full e-flex e-con e-parent\" data-id=\"iwgs-valknut-hr\" data-element_type=\"container\" data-e-type=\"container\">\n\t\t\t\t<div class=\"elementor-element elementor-element-iwgs-valknut-himg iwg-hero-image elementor-widget elementor-widget-image\" data-id=\"iwgs-valknut-himg\" data-element_type=\"widget\" data-e-type=\"widget\" data-widget_type=\"image.default\">\n\t\t\t\t\t\t\t\t\t\t\t\t\t\t\t<img fetchpriority=\"high\" decoding=\"async\" width=\"683\" height=\"1024\" src=\"https:\/\/iwell-guard.com\/wp-content\/uploads\/2026\/05\/schutzsymbol_germanisch_valknut-683x1024.webp\" class=\"attachment-large size-large wp-image-135857\" alt=\"Valknut - skyddssymbol, museal illustration\" srcset=\"https:\/\/iwell-guard.com\/wp-content\/uploads\/2026\/05\/schutzsymbol_germanisch_valknut-683x1024.webp 683w, https:\/\/iwell-guard.com\/wp-content\/uploads\/2026\/05\/schutzsymbol_germanisch_valknut-200x300.webp 200w, https:\/\/iwell-guard.com\/wp-content\/uploads\/2026\/05\/schutzsymbol_germanisch_valknut-768x1152.webp 768w, https:\/\/iwell-guard.com\/wp-content\/uploads\/2026\/05\/schutzsymbol_germanisch_valknut.webp 1024w\" sizes=\"(max-width: 683px) 100vw, 683px\" \/>\t\t\t\t\t\t\t\t\t\t\t\t\t\t\t<\/div>\n\t\t\t\t<\/div>\n\t\t\t\t\t<\/div>\n\t\t\t\t<\/div>\n\t\t<div class=\"elementor-element elementor-element-iwgs-valknut-s0 e-flex e-con-boxed e-con e-parent\" data-id=\"iwgs-valknut-s0\" data-element_type=\"container\" data-e-type=\"container\">\n\t\t\t\t\t<div class=\"e-con-inner\">\n\t\t\t\t<div class=\"elementor-element elementor-element-iwgs-valknut-s0h elementor-widget elementor-widget-heading\" data-id=\"iwgs-valknut-s0h\" data-element_type=\"widget\" data-e-type=\"widget\" data-widget_type=\"heading.default\">\n\t\t\t\t\t<h2 class=\"elementor-heading-title elementor-size-default\">Inordning<\/h2>\t\t\t\t<\/div>\n\t\t<div class=\"elementor-element elementor-element-iwgs-valknut-s0box e-con-full e-flex e-con e-parent\" data-id=\"iwgs-valknut-s0box\" data-element_type=\"container\" data-e-type=\"container\">\n\t\t\t\t<div class=\"elementor-element elementor-element-iwgs-valknut-s0t elementor-widget elementor-widget-text-editor\" data-id=\"iwgs-valknut-s0t\" data-element_type=\"widget\" data-e-type=\"widget\" data-widget_type=\"text-editor.default\">\n\t\t\t\t\t\t\t\t\t<p>Valknuten \u00e4r ett tecken best\u00e5ende av tre sammanfl\u00e4tade trianglar. Den h\u00e4rstammar fr\u00e5n den <a href=\"https:\/\/iwell-guard.com\/sv\/germanskt\/\">germansk-nordiska<\/a> v\u00e4rlden och \u00e4r framf\u00f6r allt k\u00e4nd fr\u00e5n vikingatiden.<\/p><p>P\u00e5 bildstenar och p\u00e5 enstaka f\u00f6rem\u00e5l fr\u00e5n den epoken \u00e4r den belagd flera g\u00e5nger. Dess geometriska form \u00e4r tydlig och l\u00e4tt att minnas. Samtidigt h\u00f6r valknuten till de tecken vars betydelse inte \u00e4r fullst\u00e4ndigt klarlagd.<\/p><p>Valknuten upptr\u00e4der n\u00e4stan alltid i ett best\u00e4mt sammanhang. Den f\u00f6rekommer i n\u00e4rheten av avbildningar som f\u00f6rknippas med guden Oden, med strid och med d\u00f6den. Denna iakttagelse \u00e4r den viktigaste utg\u00e5ngspunkten f\u00f6r dess tolkning. Utifr\u00e5n sammanhanget kan man dra slutsatser om vilket omr\u00e5de tecknet h\u00f6rde till.<\/p><p>Inom <span class=\"iwg-fachbegriff\" data-tooltip=\"Vetenskapen som studerar religioner j\u00e4mf\u00f6rande och utan trosbundenhet.\" tabindex=\"0\">religionsvetenskapen<\/span> behandlas valknuten med \u00e5terh\u00e5llsamhet. Det finns ingen skriftlig k\u00e4lla fr\u00e5n vikingatiden som f\u00f6rklarar tecknet. Allt som s\u00e4gs om dess betydelse bygger p\u00e5 slutsatser fr\u00e5n fyndsammanhanget. Detta l\u00e4ge kr\u00e4ver en f\u00f6rsiktig framst\u00e4llning som tydligt skiljer s\u00e4ker kunskap fr\u00e5n antaganden.<\/p><p>Valknuten \u00e4r d\u00e4rmed ett l\u00e4rorikt exempel. Den visar att inte alla gamla tecken kan f\u00f6rst\u00e5s fullst\u00e4ndigt. Vissa symboler har bevarats utan att deras exakta betydelse har f\u00f6ljt med i \u00f6verl\u00e4mningen. En \u00e4rlig framst\u00e4llning p\u00e5pekar denna gr\u00e4ns i st\u00e4llet f\u00f6r att d\u00f6lja den. Just detta g\u00f6r valknuten till ett intressant studieobjekt.<\/p>\t\t\t\t\t\t\t\t<\/div>\n\t\t\t\t<\/div>\n\t\t\t\t\t<\/div>\n\t\t\t\t<\/div>\n\t\t<div class=\"elementor-element elementor-element-iwgs-valknut-s1 e-flex e-con-boxed e-con e-parent\" data-id=\"iwgs-valknut-s1\" data-element_type=\"container\" data-e-type=\"container\">\n\t\t\t\t\t<div class=\"e-con-inner\">\n\t\t\t\t<div class=\"elementor-element elementor-element-iwgs-valknut-s1h elementor-widget elementor-widget-heading\" data-id=\"iwgs-valknut-s1h\" data-element_type=\"widget\" data-e-type=\"widget\" data-widget_type=\"heading.default\">\n\t\t\t\t\t<h2 class=\"elementor-heading-title elementor-size-default\">Namnet och dess ursprung<\/h2>\t\t\t\t<\/div>\n\t\t<div class=\"elementor-element elementor-element-iwgs-valknut-s1box e-con-full e-flex e-con e-parent\" data-id=\"iwgs-valknut-s1box\" data-element_type=\"container\" data-e-type=\"container\">\n\t\t\t\t<div class=\"elementor-element elementor-element-iwgs-valknut-s1t elementor-widget elementor-widget-text-editor\" data-id=\"iwgs-valknut-s1t\" data-element_type=\"widget\" data-e-type=\"widget\" data-widget_type=\"text-editor.default\">\n\t\t\t\t\t\t\t\t\t<p>Namnet valknut l\u00e5ter gammalt, men \u00e4r i sj\u00e4lva verket modernt. I de bevarade fornnordiska texterna f\u00f6rekommer det inte. Hur m\u00e4nniskorna under vikingatiden ben\u00e4mnde tecknet \u00e4r inte k\u00e4nt. Namnet bildades f\u00f6rst i nyare tid, f\u00f6r att man \u00f6verhuvudtaget skulle kunna ben\u00e4mna tecknet.<\/p><p>Det moderna namnet \u00e4r sammansatt av tv\u00e5 fornnordiska ord. Det f\u00f6rsta betecknar de fallna i strid, de dr\u00e4pta. Det andra betyder knut. Tillsammans ger detta betydelsen knuten f\u00f6r de fallna. Detta namn sammanfattar den f\u00f6rmodade betydelsen av tecknet i ett ord.<\/p><p>Det \u00e4r viktigt att vara medveten om denna bakgrund till namnet. Namnet \u00e4r i sig redan en tolkning. Det antyder att tecknet har att g\u00f6ra med de fallna och med Oden.<\/p><p>Denna tolkning \u00e4r v\u00e4l underbyggd, men den bekr\u00e4ftas inte av n\u00e5gon gammal k\u00e4lla. Namnet f\u00e5r inte f\u00f6rv\u00e4xlas med ett belagt fynd.<\/p><p>Denna distinktion \u00e4r ingen bisak. Den r\u00f6r k\u00e4rnan i ett seri\u00f6st f\u00f6rh\u00e5llningss\u00e4tt till historiska tecken. Ett modernt namn kan vara praktiskt och tr\u00e4ffande, men f\u00f6rblir \u00e4nd\u00e5 en konstruktion fr\u00e5n forskningens sida. Vid valknuten \u00e4r detta l\u00e4ge s\u00e4rskilt tydligt, eftersom \u00e4ven sj\u00e4lva namnet \u00e4r en nyskapelse.<\/p>\t\t\t\t\t\t\t\t<\/div>\n\t\t\t\t<\/div>\n\t\t\t\t\t<\/div>\n\t\t\t\t<\/div>\n\t\t<div class=\"elementor-element elementor-element-iwgs-valknut-s2 e-flex e-con-boxed e-con e-parent\" data-id=\"iwgs-valknut-s2\" data-element_type=\"container\" data-e-type=\"container\">\n\t\t\t\t\t<div class=\"e-con-inner\">\n\t\t\t\t<div class=\"elementor-element elementor-element-iwgs-valknut-s2h elementor-widget elementor-widget-heading\" data-id=\"iwgs-valknut-s2h\" data-element_type=\"widget\" data-e-type=\"widget\" data-widget_type=\"heading.default\">\n\t\t\t\t\t<h2 class=\"elementor-heading-title elementor-size-default\">Form: tre sammanfl\u00e4tade trianglar<\/h2>\t\t\t\t<\/div>\n\t\t<div class=\"elementor-element elementor-element-iwgs-valknut-s2box e-con-full e-flex e-con e-parent\" data-id=\"iwgs-valknut-s2box\" data-element_type=\"container\" data-e-type=\"container\">\n\t\t\t\t<div class=\"elementor-element elementor-element-iwgs-valknut-s2t elementor-widget elementor-widget-text-editor\" data-id=\"iwgs-valknut-s2t\" data-element_type=\"widget\" data-e-type=\"widget\" data-widget_type=\"text-editor.default\">\n\t\t\t\t\t\t\t\t\t<p>Valknuten best\u00e5r av tre liksidiga trianglar som \u00e4r sammanfl\u00e4tade med varandra. Trianglarna griper in i varandra p\u00e5 ett s\u00e4tt som g\u00f6r att ingen av dem kan l\u00f6sg\u00f6ras utan de andra. Ur denna sammanfl\u00e4tning uppst\u00e5r tecknets of\u00f6rgl\u00f6mliga form. Den verkar samtidigt ordnad och konstfull.<\/p><p>De bevarade exemplen visar tv\u00e5 grundformer. I den ena formen \u00e4r valknuten bildad av en enda, sammanh\u00e4ngande linje som fl\u00e4tar sig och till slut \u00e5terv\u00e4nder till sig sj\u00e4lv. I den andra formen bildas de tre trianglarna av separata, avskilda linjer. B\u00e5da formerna f\u00f6rekommer.<\/p><p>Denna skillnad har betydelse f\u00f6r tolkningen. Formen med en enda linje st\u00e5r n\u00e4ra de o\u00e4ndliga, obrutna tecken som m\u00e5nga kulturer tillskrev en skyddande verkan. En sluten linje utan b\u00f6rjan och slut ans\u00e5gs vara en gr\u00e4ns som ingenting kan tr\u00e4nga igenom. Huruvida denna f\u00f6rest\u00e4llning spelade en roll f\u00f6r valknuten g\u00e5r dock inte att bevisa.<\/p><p>Den tydliga geometriska formen har gjort valknuten l\u00e4tt att k\u00e4nna igen. Den gick att rista i sten och sk\u00e4ra i tr\u00e4. Just denna enkla och samtidigt konstfulla gestaltning bidrog till att tecknet \u00f6verlevde genom \u00e5rhundradena. \u00c4n i dag \u00e4r valknuten omedelbart igenk\u00e4nd som ett nordiskt tecken.<\/p>\t\t\t\t\t\t\t\t<\/div>\n\t\t\t\t<\/div>\n\t\t\t\t\t<\/div>\n\t\t\t\t<\/div>\n\t\t<div class=\"elementor-element elementor-element-iwgs-valknut-s3 e-flex e-con-boxed e-con e-parent\" data-id=\"iwgs-valknut-s3\" data-element_type=\"container\" data-e-type=\"container\">\n\t\t\t\t\t<div class=\"e-con-inner\">\n\t\t\t\t<div class=\"elementor-element elementor-element-iwgs-valknut-s3h elementor-widget elementor-widget-heading\" data-id=\"iwgs-valknut-s3h\" data-element_type=\"widget\" data-e-type=\"widget\" data-widget_type=\"heading.default\">\n\t\t\t\t\t<h2 class=\"elementor-heading-title elementor-size-default\">Det arkeologiska fyndmaterialet<\/h2>\t\t\t\t<\/div>\n\t\t<div class=\"elementor-element elementor-element-iwgs-valknut-s3box e-con-full e-flex e-con e-parent\" data-id=\"iwgs-valknut-s3box\" data-element_type=\"container\" data-e-type=\"container\">\n\t\t\t\t<div class=\"elementor-element elementor-element-iwgs-valknut-s3t elementor-widget elementor-widget-text-editor\" data-id=\"iwgs-valknut-s3t\" data-element_type=\"widget\" data-e-type=\"widget\" data-widget_type=\"text-editor.default\">\n\t\t\t\t\t\t\t\t\t<p>Valknuten \u00e4r belagd genom ett begr\u00e4nsat antal fynd. S\u00e4rskilt viktiga \u00e4r bildstenarna fr\u00e5n \u00f6n Gotland i \u00d6stersj\u00f6n. P\u00e5 n\u00e5gra av dessa stenar f\u00f6rekommer valknuten inom st\u00f6rre bildscener. Dessa stenar \u00e4r bland de mest givande k\u00e4llorna till den nordiska bildv\u00e4rlden.<\/p><p>Ett annat betydelsefullt fynd kommer fr\u00e5n skeppsgraven i Oseberg i Norge. P\u00e5 en s\u00e4ng fr\u00e5n denna rika gravl\u00e4ggning \u00e4r valknuten avbildad. \u00c4ven p\u00e5 enstaka andra f\u00f6rem\u00e5l fr\u00e5n vikingatiden \u00e5terfinns tecknet. Antalet s\u00e4kra bel\u00e4gg f\u00f6rblir dock begr\u00e4nsat.<\/p><p>Upplysande \u00e4r inte bara att valknuten f\u00f6rekommer, utan \u00e4ven var den f\u00f6rekommer. P\u00e5 bildstenarna st\u00e5r den i n\u00e4rheten av scener som visar h\u00e4star, krigare och bev\u00e4pnade m\u00e4n. Ofta kan dessa scener kopplas till Oden och till h\u00e4ndelser kring d\u00f6den i strid. Detta sammanhang \u00e4r nyckeln till tolkningen.<\/p><p>Fyndmaterialet \u00e4r d\u00e4rmed tydligt i sin iakttagelse, men begr\u00e4nsat i sin omfattning. De f\u00e5 bevarade stycken g\u00f6r det m\u00f6jligt att ange vilket omr\u00e5de valknuten h\u00f6rde till. De g\u00f6r det inte m\u00f6jligt att fastst\u00e4lla dess exakta betydelse. Detta l\u00e4ge pr\u00e4glar varje seri\u00f6s framst\u00e4llning av tecknet.<\/p>\t\t\t\t\t\t\t\t<\/div>\n\t\t\t\t<\/div>\n\t\t\t\t\t<\/div>\n\t\t\t\t<\/div>\n\t\t<div class=\"elementor-element elementor-element-iwgs-valknut-s4 e-flex e-con-boxed e-con e-parent\" data-id=\"iwgs-valknut-s4\" data-element_type=\"container\" data-e-type=\"container\">\n\t\t\t\t\t<div class=\"e-con-inner\">\n\t\t\t\t<div class=\"elementor-element elementor-element-iwgs-valknut-s4h elementor-widget elementor-widget-heading\" data-id=\"iwgs-valknut-s4h\" data-element_type=\"widget\" data-e-type=\"widget\" data-widget_type=\"heading.default\">\n\t\t\t\t\t<h2 class=\"elementor-heading-title elementor-size-default\">Sambandet med Oden<\/h2>\t\t\t\t<\/div>\n\t\t<div class=\"elementor-element elementor-element-iwgs-valknut-s4box e-con-full e-flex e-con e-parent\" data-id=\"iwgs-valknut-s4box\" data-element_type=\"container\" data-e-type=\"container\">\n\t\t\t\t<div class=\"elementor-element elementor-element-iwgs-valknut-s4t elementor-widget elementor-widget-text-editor\" data-id=\"iwgs-valknut-s4t\" data-element_type=\"widget\" data-e-type=\"widget\" data-widget_type=\"text-editor.default\">\n\t\t\t\t\t\t\t\t\t<p>Den viktigaste ledtr\u00e5den f\u00f6r att tolka valknuten \u00e4r dess n\u00e4rhet till Oden. P\u00e5 bildstenarna f\u00f6rekommer tecknet upprepade g\u00e5nger i scener som kan kopplas till denna gud. Oden var i den nordiska religionen bland annat gud f\u00f6r de fallna och f\u00f6r kriget.<\/p><p>Enligt den nordiska <span class=\"iwg-fachbegriff\" data-tooltip=\"Vidaref\u00f6randet av kunskap och ber\u00e4ttelser genom generationer.\" tabindex=\"0\">\u00f6verl\u00e4mningen<\/span> tog Oden till sig de som d\u00f6dats i strid. De f\u00f6rdes till Valhall, hallen f\u00f6r de stupade. D\u00e4r f\u00f6rberedde de sig f\u00f6r den stora slutstriden. Oden f\u00f6rfogade d\u00e4rmed \u00f6ver krigarnas \u00f6de i d\u00f6den. Han var herren \u00f6ver de fallna.<\/p><p>Mot denna bakgrund ligger det n\u00e4ra till hands att tolka valknuten som f\u00f6rbunden med denna Odens roll. Den kan vara ett tecken f\u00f6r de stupade och f\u00f6r deras bindning till guden. Denna tolkning f\u00f6rklarar varf\u00f6r tecknet just f\u00f6rekommer i d\u00f6dsscener. Den passar v\u00e4l in i det empiriska underlaget.<\/p><p>Det f\u00f6rblir dock en tolkning, inte en s\u00e4kerst\u00e4lld sanning. Kopplingen till Oden \u00e4r v\u00e4l underbyggd, men den st\u00f6djer sig enbart p\u00e5 bildsammanhanget. En gammal k\u00e4lla som uttryckligen tillskriver valknuten Oden finns inte. Forskningen talar d\u00e4rf\u00f6r h\u00e4r om en trolig, inte en bevisad koppling.<\/p>\t\t\t\t\t\t\t\t<\/div>\n\t\t\t\t<\/div>\n\t\t\t\t\t<\/div>\n\t\t\t\t<\/div>\n\t\t<div class=\"elementor-element elementor-element-iwgs-valknut-s5 e-flex e-con-boxed e-con e-parent\" data-id=\"iwgs-valknut-s5\" data-element_type=\"container\" data-e-type=\"container\">\n\t\t\t\t\t<div class=\"e-con-inner\">\n\t\t\t\t<div class=\"elementor-element elementor-element-iwgs-valknut-s5h elementor-widget elementor-widget-heading\" data-id=\"iwgs-valknut-s5h\" data-element_type=\"widget\" data-e-type=\"widget\" data-widget_type=\"heading.default\">\n\t\t\t\t\t<h2 class=\"elementor-heading-title elementor-size-default\">De stupades knut: tolkningsf\u00f6rs\u00f6k<\/h2>\t\t\t\t<\/div>\n\t\t<div class=\"elementor-element elementor-element-iwgs-valknut-s5box e-con-full e-flex e-con e-parent\" data-id=\"iwgs-valknut-s5box\" data-element_type=\"container\" data-e-type=\"container\">\n\t\t\t\t<div class=\"elementor-element elementor-element-iwgs-valknut-s5t elementor-widget elementor-widget-text-editor\" data-id=\"iwgs-valknut-s5t\" data-element_type=\"widget\" data-e-type=\"widget\" data-widget_type=\"text-editor.default\">\n\t\t\t\t\t\t\t\t\t<p>Ur kopplingen till Oden och de fallna v\u00e4xer flera tolkningsf\u00f6rs\u00f6k fram. En av dem knyter an till en s\u00e4rskild f\u00f6rm\u00e5ga som guden Oden enligt <span class=\"iwg-fachbegriff\" data-tooltip=\"Vidaref\u00f6randet av kunskap och ber\u00e4ttelser genom generationer.\" tabindex=\"0\">\u00f6verl\u00e4mningen<\/span> hade. Oden kunde i strid f\u00f6rlama eller befria krigarna. Han kunde sk\u00e4nka dem fruktan och or\u00f6rlighet, eller ta bort dessa fr\u00e5n dem.<\/p><p>De fornnordiska texterna talar i detta sammanhang om en slags fj\u00e4tter som Oden kunde l\u00e4gga p\u00e5 krigarna eller l\u00f6sa fr\u00e5n dem. Denna f\u00f6rest\u00e4llning om en andlig fj\u00e4tter passar p\u00e5fallande v\u00e4l till ett knuttecken. En knut binder och kan l\u00f6sas. Vissa forskare tolkar d\u00e4rf\u00f6r valknuten som en bild av denna bindande och l\u00f6sande makt.<\/p><p>En annan tolkningslinje betonar talet tre och de tre trianglarna. Talet tre spelade en viktig roll i den nordiska f\u00f6rest\u00e4llningsv\u00e4rlden. Valknuten kan syfta p\u00e5 en s\u00e5dan treenighet, utan att det g\u00e5r att s\u00e4ga exakt vilken som avses. \u00c4ven denna tolkning f\u00f6rblir ett f\u00f6rslag.<\/p><p>Alla dessa tolkningar har sin ber\u00e4ttigande, och alla f\u00f6rblir os\u00e4kra. De visar i vilken riktning tecknet pekar, utan att slutgiltigt fastst\u00e4lla dess inneb\u00f6rd. En \u00e4rlig framst\u00e4llning redovisar tolkningsf\u00f6rs\u00f6ken sida vid sida. Den anger deras styrkor och deras gr\u00e4nser, i st\u00e4llet f\u00f6r att framst\u00e4lla en enskild tolkning som s\u00e4kerst\u00e4lld.<\/p>\t\t\t\t\t\t\t\t<\/div>\n\t\t\t\t<\/div>\n\t\t\t\t\t<\/div>\n\t\t\t\t<\/div>\n\t\t<div class=\"elementor-element elementor-element-iwgs-valknut-s6 e-flex e-con-boxed e-con e-parent\" data-id=\"iwgs-valknut-s6\" data-element_type=\"container\" data-e-type=\"container\">\n\t\t\t\t\t<div class=\"e-con-inner\">\n\t\t\t\t<div class=\"elementor-element elementor-element-iwgs-valknut-s6h elementor-widget elementor-widget-heading\" data-id=\"iwgs-valknut-s6h\" data-element_type=\"widget\" data-e-type=\"widget\" data-widget_type=\"heading.default\">\n\t\t\t\t\t<h2 class=\"elementor-heading-title elementor-size-default\">Den os\u00e4kra betydelsen<\/h2>\t\t\t\t<\/div>\n\t\t<div class=\"elementor-element elementor-element-iwgs-valknut-s6box e-con-full e-flex e-con e-parent\" data-id=\"iwgs-valknut-s6box\" data-element_type=\"container\" data-e-type=\"container\">\n\t\t\t\t<div class=\"elementor-element elementor-element-iwgs-valknut-s6t elementor-widget elementor-widget-text-editor\" data-id=\"iwgs-valknut-s6t\" data-element_type=\"widget\" data-e-type=\"widget\" data-widget_type=\"text-editor.default\">\n\t\t\t\t\t\t\t\t\t<p>N\u00e4r det g\u00e4ller valknuten \u00e4r det s\u00e4rskilt viktigt att klart ange gr\u00e4nserna f\u00f6r vad vi vet. Det finns ingen k\u00e4lla fr\u00e5n vikingatiden som f\u00f6rklarar tecknet. Det finns inget namn som har bevarats. Vad som \u00e5terst\u00e5r \u00e4r ett begr\u00e4nsat antal fynd och det bildsammanhang de f\u00f6rekommer i.<\/p><p>Ur detta underlag kan man h\u00e4rleda ett omr\u00e5de. Valknuten h\u00f6r till Odens, kampens och d\u00f6dens n\u00e4rhet. S\u00e5 l\u00e5ngt str\u00e4cker sig det som med goda sk\u00e4l kan s\u00e4gas. En exakt betydelse, en fast formel eller en best\u00e4md skyddsfunktion kan inte h\u00e4rledas ur detta.<\/p><p>I popul\u00e4rvetenskapliga framst\u00e4llningar tolkas valknuten ofta med stor best\u00e4mdhet. Den tillskrivs klara betydelser, som om de var s\u00e4kerst\u00e4llda. En saklig granskning inv\u00e4nder att denna best\u00e4mdhet inte t\u00e4cks av k\u00e4llorna. S\u00e4kerheten i de popul\u00e4ra tolkningarna \u00e4r st\u00f6rre \u00e4n s\u00e4kerheten i det faktiska underlaget.<\/p><p>Att erk\u00e4nna denna os\u00e4kerhet \u00e4r ingen brist, utan en del av en \u00e4rlig framst\u00e4llning. Valknuten f\u00f6rblir ett gripande tecken fr\u00e5n den nordiska v\u00e4rlden, \u00e4ven utan att dess betydelse g\u00e5r att klarl\u00e4gga fullst\u00e4ndigt. Den som betraktar den ser en gammal <span class=\"iwg-fachbegriff\" data-tooltip=\"Ett tecken som symboliserar en f\u00f6rest\u00e4llning eller betydelse.\" tabindex=\"0\">symbol<\/span> som avgr\u00e4nsar ett omr\u00e5de och samtidigt bevarar en hemlighet.<\/p>\t\t\t\t\t\t\t\t<\/div>\n\t\t\t\t<\/div>\n\t\t\t\t\t<\/div>\n\t\t\t\t<\/div>\n\t\t<div class=\"elementor-element elementor-element-iwgs-valknut-s7 e-flex e-con-boxed e-con e-parent\" data-id=\"iwgs-valknut-s7\" data-element_type=\"container\" data-e-type=\"container\">\n\t\t\t\t\t<div class=\"e-con-inner\">\n\t\t\t\t<div class=\"elementor-element elementor-element-iwgs-valknut-s7h elementor-widget elementor-widget-heading\" data-id=\"iwgs-valknut-s7h\" data-element_type=\"widget\" data-e-type=\"widget\" data-widget_type=\"heading.default\">\n\t\t\t\t\t<h2 class=\"elementor-heading-title elementor-size-default\">Besl\u00e4ktade knuttecken<\/h2>\t\t\t\t<\/div>\n\t\t<div class=\"elementor-element elementor-element-iwgs-valknut-s7box e-con-full e-flex e-con e-parent\" data-id=\"iwgs-valknut-s7box\" data-element_type=\"container\" data-e-type=\"container\">\n\t\t\t\t<div class=\"elementor-element elementor-element-iwgs-valknut-s7t elementor-widget elementor-widget-text-editor\" data-id=\"iwgs-valknut-s7t\" data-element_type=\"widget\" data-e-type=\"widget\" data-widget_type=\"text-editor.default\">\n\t\t\t\t\t\t\t\t\t<p>Valknuten st\u00e5r inte ensam. Den nordiska och den germanska bildv\u00e4rlden k\u00e4nde flera tecken som bygger p\u00e5 slingrande linjer och knutar. Slingrande band och fl\u00e4tm\u00f6nster h\u00f6r till de mest framtr\u00e4dande dragen i vikingatidens konst. Valknuten passar in i denna f\u00f6rk\u00e4rlek f\u00f6r det fl\u00e4tade.<\/p><p>Ett besl\u00e4ktat tecken \u00e4r triquetran, treenighetsknuten som best\u00e5r av tre sammanfl\u00e4tade b\u00e5gar. \u00c4ven den bildas av en l\u00f6pande, slingrande linje. Triquetran och valknuten h\u00f6r b\u00e5da till Nordeuropas knuttecken, \u00e4ven om deras historia och spridning skiljer sig \u00e5t.<\/p><p>Knuttecken f\u00f6rekommer l\u00e5ngt bortom Norden. M\u00e5nga kulturer k\u00e4nner till slingrande, \u00e4ndl\u00f6sa m\u00f6nster som tillskrivs en ordnande eller skyddande betydelse. Principen med en linje utan b\u00f6rjan och slut \u00e4r vida spridd. Om valknuten medvetet h\u00f6r till denna stora familj g\u00e5r inte att s\u00e4ga med s\u00e4kerhet.<\/p><p>Placeringen i knuttecknens v\u00e4rld hj\u00e4lper likv\u00e4l till f\u00f6rst\u00e5elsen. Den visar att valknuten inte \u00e4r en helt isolerad f\u00f6reteelse. Den h\u00f6r till en bred tradition, d\u00e4r slingring, fl\u00e4ta och sluten linje spelade en roll. Inom denna tradition h\u00e4vdar valknuten genom sin strama triangelform en egen, omissk\u00e4nnlig plats.<\/p>\t\t\t\t\t\t\t\t<\/div>\n\t\t\t\t<\/div>\n\t\t\t\t\t<\/div>\n\t\t\t\t<\/div>\n\t\t<div class=\"elementor-element elementor-element-iwgs-valknut-s8 e-flex e-con-boxed e-con e-parent\" data-id=\"iwgs-valknut-s8\" data-element_type=\"container\" data-e-type=\"container\">\n\t\t\t\t\t<div class=\"e-con-inner\">\n\t\t\t\t<div class=\"elementor-element elementor-element-iwgs-valknut-s8h elementor-widget elementor-widget-heading\" data-id=\"iwgs-valknut-s8h\" data-element_type=\"widget\" data-e-type=\"widget\" data-widget_type=\"heading.default\">\n\t\t\t\t\t<h2 class=\"elementor-heading-title elementor-size-default\">Aktuell mottagning<\/h2>\t\t\t\t<\/div>\n\t\t<div class=\"elementor-element elementor-element-iwgs-valknut-s8box e-con-full e-flex e-con e-parent\" data-id=\"iwgs-valknut-s8box\" data-element_type=\"container\" data-e-type=\"container\">\n\t\t\t\t<div class=\"elementor-element elementor-element-iwgs-valknut-s8t elementor-widget elementor-widget-text-editor\" data-id=\"iwgs-valknut-s8t\" data-element_type=\"widget\" data-e-type=\"widget\" data-widget_type=\"text-editor.default\">\n\t\t\t\t\t\t\t\t\t<p>Valknuten \u00e4r idag allm\u00e4nt k\u00e4nd. Den h\u00f6r till de vanligaste tecknen som f\u00f6rknippas med vikingatiden och med den nordiska kulturen. Som smyckeh\u00e4nge och som <span class=\"iwg-fachbegriff\" data-tooltip=\"Ett \u00e5terkommande inneh\u00e5llsligt element i konst eller ber\u00e4ttelse.\" tabindex=\"0\">motiv<\/span> f\u00f6rekommer den i m\u00e5nga sammanhang. Dess tydliga form har gett den en stor synlighet.<\/p><p>I moderna hedniska r\u00f6relser som bygger p\u00e5 den nordiska religionen anv\u00e4nds valknuten som ett tecken. D\u00e4r st\u00e5r den ofta i samband med Oden och med ett bek\u00e4nnande till den ned\u00e4rvda trosv\u00e4rlden. I detta bruk f\u00e5r tecknet en ny, samtida betydelse.<\/p><p>Liksom m\u00e5nga nordiska tecken \u00e4r \u00e4ven valknuten inte skyddad mot att tas i anspr\u00e5k av andra. Det har h\u00e4nt att s\u00e5dana symboler har anv\u00e4nts av grupper vars syften inte har n\u00e5got att g\u00f6ra med den historiska betydelsen. Den som avbildar valknuten b\u00f6r vara medveten om denna sp\u00e4nning och visa tecknet i dess historiska sammanhang.<\/p><p>Ursprungliga bel\u00e4gg f\u00f6r valknuten finns p\u00e5 Gotlands bildstenar och i vikingatida fynd som bevaras i nordeuropeiska museer. De visar ett tecken som antyder mycket och avsl\u00f6jar lite. Just denna blandning av tydlig form och \u00f6ppen betydelse g\u00f6r valknuten \u00e4n idag till ett av nordens mest gripande tecken.<\/p>\t\t\t\t\t\t\t\t<\/div>\n\t\t\t\t<\/div>\n\t\t\t\t\t<\/div>\n\t\t\t\t<\/div>\n\t\t<div class=\"elementor-element elementor-element-iwgs-valknut-lit e-flex e-con-boxed e-con e-parent\" data-id=\"iwgs-valknut-lit\" data-element_type=\"container\" data-e-type=\"container\">\n\t\t\t\t\t<div class=\"e-con-inner\">\n\t\t\t\t<div class=\"elementor-element elementor-element-iwgs-valknut-lith elementor-widget elementor-widget-heading\" data-id=\"iwgs-valknut-lith\" data-element_type=\"widget\" data-e-type=\"widget\" data-widget_type=\"heading.default\">\n\t\t\t\t\t<h2 class=\"elementor-heading-title elementor-size-default\">Litteratur (urval)<\/h2>\t\t\t\t<\/div>\n\t\t<div class=\"elementor-element elementor-element-iwgs-valknut-litbox e-con-full e-flex e-con e-parent\" data-id=\"iwgs-valknut-litbox\" data-element_type=\"container\" data-e-type=\"container\">\n\t\t\t\t<div class=\"elementor-element elementor-element-iwgs-valknut-litt elementor-widget elementor-widget-html\" data-id=\"iwgs-valknut-litt\" data-element_type=\"widget\" data-e-type=\"widget\" data-widget_type=\"html.default\">\n\t\t\t\t\t<footer data-nosnippet=\"true\"><ul><li>Rudolf Simek: <em>Lexikon der germanischen Mythologie<\/em> (2006)<\/li><li>Hilda Ellis Davidson: <em>Gods and Myths of Northern Europe<\/em> (1964)<\/li><li>Anders Andr\u00e9n: <em>Tracing Old Norse Cosmology<\/em> (2014)<\/li><li>Sigmund Oehrl: <em>Studien zur Bildstein\u00fcberlieferung Gotlands<\/em> (Studien)<\/li><li>Neil Price: <em>The Viking Way<\/em> (2002)<\/li><\/ul><\/footer>\t\t\t\t<\/div>\n\t\t\t\t<\/div>\n\t\t\t\t\t<\/div>\n\t\t\t\t<\/div>\n\t\t<div class=\"elementor-element elementor-element-iwgs-valknut-kwd e-flex e-con-boxed e-con e-parent\" data-id=\"iwgs-valknut-kwd\" data-element_type=\"container\" data-e-type=\"container\">\n\t\t\t\t\t<div class=\"e-con-inner\">\n\t\t\t\t<div class=\"elementor-element elementor-element-iwgs-valknut-kwdt elementor-widget elementor-widget-text-editor\" data-id=\"iwgs-valknut-kwdt\" data-element_type=\"widget\" data-e-type=\"widget\" data-widget_type=\"text-editor.default\">\n\t\t\t\t\t\t\t\t\t<p><em>Relaterade nyckelbegrepp: Valknut Oden Fallna Vikingatiden Gotland Bildsten Knuttecken Oseberg Valhall.<\/em><\/p>\t\t\t\t\t\t\t\t<\/div>\n\t\t\t\t\t<\/div>\n\t\t\t\t<\/div>\n\t\t<div class=\"elementor-element elementor-element-iwgs-valknut-cc e-flex e-con-boxed e-con e-parent\" data-id=\"iwgs-valknut-cc\" data-element_type=\"container\" data-e-type=\"container\" id=\"iwg-cc-valknut\">\n\t\t\t\t\t<div class=\"e-con-inner\">\n\t\t<div class=\"elementor-element elementor-element-iwgs-valknut-ccinner e-flex e-con-boxed e-con e-parent\" data-id=\"iwgs-valknut-ccinner\" data-element_type=\"container\" data-e-type=\"container\" data-settings=\"{&quot;background_background&quot;:&quot;classic&quot;}\">\n\t\t\t\t\t<div class=\"e-con-inner\">\n\t\t\t\t<div class=\"elementor-element elementor-element-iwgs-valknut-cch elementor-widget elementor-widget-heading\" data-id=\"iwgs-valknut-cch\" data-element_type=\"widget\" data-e-type=\"widget\" data-widget_type=\"heading.default\">\n\t\t\t\t\t<h2 class=\"elementor-heading-title elementor-size-default\">iWell Guard och skyddstraditioner<\/h2>\t\t\t\t<\/div>\n\t\t\t\t<div class=\"elementor-element elementor-element-iwgs-valknut-cct elementor-widget elementor-widget-text-editor\" data-id=\"iwgs-valknut-cct\" data-element_type=\"widget\" data-e-type=\"widget\" data-widget_type=\"text-editor.default\">\n\t\t\t\t\t\t\t\t\t<p>iWell Guard st\u00e5r i den kulturhistoriska linjen av b\u00e4rbara skyddsobjekt, dit \u00e4ven valknuten h\u00f6r. En modern f\u00f6ljeslagare f\u00f6r m\u00e4nniskor som lever med skyddssymboler: tillverkad i Tyskland, 41 lager av \u00e4kta guld, platina och silver, med 30 dagars \u00f6ppet k\u00f6p.<\/p>\t\t\t\t\t\t\t\t<\/div>\n\t\t\t\t<div class=\"elementor-element elementor-element-iwgs-valknut-ccb iwg-cc-button iwg-cc-cta-2026-05-13 elementor-widget elementor-widget-jet-button\" data-id=\"iwgs-valknut-ccb\" data-element_type=\"widget\" data-e-type=\"widget\" data-widget_type=\"jet-button.default\">\n\t\t\t\t<div class=\"elementor-widget-container\">\n\t\t\t\t\t<div class=\"elementor-jet-button jet-elements\"><div class=\"jet-button__container\"><a class=\"jet-button__instance jet-button__instance--icon-left hover-effect-1\" href=\"\/schutzanhaenger-iwell-guard-kaufen\/?utm_source=iwell-guard.com&amp;utm_medium=info-box&amp;utm_campaign=schutzsymbole\"><div class=\"jet-button__plane jet-button__plane-normal\"><\/div><div class=\"jet-button__plane jet-button__plane-hover\"><\/div><div class=\"jet-button__state jet-button__state-normal\"><span class=\"jet-button__label\">Mer om iWell Guard<\/span><\/div><div class=\"jet-button__state jet-button__state-hover\"><span class=\"jet-button__label\">Mer om iWell Guard<\/span><\/div><\/a><\/div><\/div><style>.elementor-element.elementor-element-iwgs-valknut-ccb .jet-button__instance{width:320px;height:56px;}.elementor-element.elementor-element-iwgs-valknut-ccb .jet-button__state-normal .jet-button__label{text-align:center;margin:0px 0px 0px 0px;color:#1a1b20;font-family:Montserrat,sans-serif;font-size:13px;font-weight:400;letter-spacing:4px;line-height:1.714em;text-transform:uppercase;}.elementor-element.elementor-element-iwgs-valknut-ccb .jet-button__state-hover .jet-button__label{text-align:center;margin:0px 0px 0px 0px;color:#FECC76;font-family:Montserrat,sans-serif;font-size:13px;font-weight:400;letter-spacing:4px;line-height:1.714em;text-transform:uppercase;}.elementor-element.elementor-element-iwgs-valknut-ccb .jet-button__plane-normal{background-color:#FECC76;border-style:solid;border-color:#C99540;border-width:2px 2px 2px 2px;}.elementor-element.elementor-element-iwgs-valknut-ccb .jet-button__plane-hover{background-color:rgba(0,0,0,0.55);border-style:solid;border-color:#FECC76;border-width:2px 2px 2px 2px;}<\/style>\t\t\t\t<\/div>\n\t\t\t\t<\/div>\n\t\t\t\t<div class=\"elementor-element elementor-element-iwgs-valknut-ccd elementor-widget elementor-widget-text-editor\" data-id=\"iwgs-valknut-ccd\" data-element_type=\"widget\" data-e-type=\"widget\" data-widget_type=\"text-editor.default\">\n\t\t\t\t\t\t\t\t\t<p style=\"text-align:center;font-size:13px;opacity:0.7;margin-top:14px\" data-nosnippet=\"true\">Personliga erfarenheter kan variera. Ingen medicinteknisk produkt. Inget l\u00f6fte om l\u00e4kning.<\/p>\t\t\t\t\t\t\t\t<\/div>\n\t\t\t\t\t<\/div>\n\t\t\t\t<\/div>\n\t\t\t\t\t<\/div>\n\t\t\t\t<\/div>\n\t\t<div class=\"elementor-element elementor-element-iwgs-valknut-disc e-flex e-con-boxed e-con e-parent\" data-id=\"iwgs-valknut-disc\" data-element_type=\"container\" data-e-type=\"container\">\n\t\t\t\t\t<div class=\"e-con-inner\">\n\t\t\t\t<div class=\"elementor-element elementor-element-iwgs-valknut-discw elementor-widget elementor-widget-html\" data-id=\"iwgs-valknut-discw\" data-element_type=\"widget\" data-e-type=\"widget\" data-widget_type=\"html.default\">\n\t\t\t\t\t<footer data-nosnippet=\"true\" class=\"iwg-disclaimer-block\"><p data-nosnippet=\"true\">iWell Guard \u00e4r <strong>ingen medicinteknisk produkt<\/strong> och ers\u00e4tter ingen l\u00e4karbehandling eller psykoterapeutisk behandling. Inneh\u00e5llet som presenteras h\u00e4r \u00e4r en religionsvetenskaplig och kulturhistorisk kontextualisering, inget l\u00f6fte om andlig verkan.<\/p><\/footer>\t\t\t\t<\/div>\n\t\t\t\t\t<\/div>\n\t\t\t\t<\/div>\n\t\t\t\t<\/div>\n\t\t","protected":false},"excerpt":{"rendered":"","protected":false},"author":3,"featured_media":3482,"parent":0,"menu_order":0,"comment_status":"closed","ping_status":"closed","template":"elementor_header_footer","meta":{"_yoast_wpseo_focuskw":"Valknut","_yoast_wpseo_title":"Valknut \u2013 nordiskt symbol f\u00f6rklarad","_yoast_wpseo_metadesc":"Valknuten, tre sammanfl\u00e4tade trianglar, \u00e4r en symbol ur den nordiska v\u00e4rlden och f\u00f6rknippas med Oden. Fynd, tolkning och historia f\u00f6rklaras h\u00e4r.","_yoast_wpseo_meta-robots-noindex":"","_yoast_wpseo_canonical":"","_angie_page":false,"gefaehrdungsstufe":"","wesen_kultur":"","wesen_klasse":"","footnotes":""},"categories":[],"class_list":["post-137041","page","type-page","status-publish","has-post-thumbnail","hentry"],"yoast_head":"<!-- This site is optimized with the Yoast SEO Premium plugin v27.7 (Yoast SEO v28.3) - https:\/\/yoast.com\/product\/yoast-seo-premium-wordpress\/ -->\n<title>Valknut \u2013 nordiskt symbol f\u00f6rklarad<\/title>\n<meta name=\"description\" content=\"Valknuten, tre sammanfl\u00e4tade trianglar, \u00e4r en symbol ur den nordiska v\u00e4rlden och f\u00f6rknippas med Oden. Fynd, tolkning och historia f\u00f6rklaras h\u00e4r.\" \/>\n<meta name=\"robots\" content=\"index, follow, max-snippet:-1, max-image-preview:large, max-video-preview:-1\" \/>\n<link rel=\"canonical\" href=\"https:\/\/iwell-guard.com\/sv\/valknut-nordiska-knuten-for-de-fallna\/\" \/>\n<meta property=\"og:locale\" content=\"sv_SE\" \/>\n<meta property=\"og:type\" content=\"article\" \/>\n<meta property=\"og:title\" content=\"Valknut \u2013 nordiska knuten f\u00f6r de fallna\" \/>\n<meta property=\"og:description\" content=\"Valknuten, tre sammanfl\u00e4tade trianglar, \u00e4r en symbol ur den nordiska v\u00e4rlden och f\u00f6rknippas med Oden. Fynd, tolkning och historia f\u00f6rklaras h\u00e4r.\" \/>\n<meta property=\"og:url\" content=\"https:\/\/iwell-guard.com\/sv\/valknut-nordiska-knuten-for-de-fallna\/\" \/>\n<meta property=\"og:site_name\" content=\"iWell Guard\" \/>\n<meta property=\"article:modified_time\" content=\"2026-09-03T01:18:54+00:00\" \/>\n<meta property=\"og:image\" content=\"https:\/\/iwell-guard.com\/wp-content\/uploads\/2026\/05\/schutzsymbol_germanisch_valknut.webp\" \/>\n\t<meta property=\"og:image:width\" content=\"1024\" \/>\n\t<meta property=\"og:image:height\" content=\"1536\" \/>\n\t<meta property=\"og:image:type\" content=\"image\/webp\" \/>\n<meta name=\"twitter:card\" content=\"summary_large_image\" \/>\n<script type=\"application\/ld+json\" class=\"yoast-schema-graph\">{\"@context\":\"https:\\\/\\\/schema.org\",\"@graph\":[{\"@type\":\"WebPage\",\"@id\":\"https:\\\/\\\/iwell-guard.com\\\/sv\\\/valknut-nordiska-knuten-for-de-fallna\\\/\",\"url\":\"https:\\\/\\\/iwell-guard.com\\\/sv\\\/valknut-nordiska-knuten-for-de-fallna\\\/\",\"name\":\"Valknut \u2013 nordiskt symbol f\u00f6rklarad\",\"isPartOf\":{\"@id\":\"https:\\\/\\\/iwell-guard.com\\\/sv\\\/#website\"},\"primaryImageOfPage\":{\"@id\":\"https:\\\/\\\/iwell-guard.com\\\/sv\\\/valknut-nordiska-knuten-for-de-fallna\\\/#primaryimage\"},\"image\":{\"@id\":\"https:\\\/\\\/iwell-guard.com\\\/sv\\\/valknut-nordiska-knuten-for-de-fallna\\\/#primaryimage\"},\"thumbnailUrl\":\"https:\\\/\\\/iwell-guard.com\\\/wp-content\\\/uploads\\\/2026\\\/05\\\/schutzsymbol_germanisch_valknut.webp\",\"datePublished\":\"2026-09-03T00:12:16+00:00\",\"dateModified\":\"2026-09-03T01:18:54+00:00\",\"description\":\"Valknuten, tre sammanfl\u00e4tade trianglar, \u00e4r en symbol ur den nordiska v\u00e4rlden och f\u00f6rknippas med Oden. Fynd, tolkning och historia f\u00f6rklaras h\u00e4r.\",\"breadcrumb\":{\"@id\":\"https:\\\/\\\/iwell-guard.com\\\/sv\\\/valknut-nordiska-knuten-for-de-fallna\\\/#breadcrumb\"},\"inLanguage\":\"sv-SE\",\"potentialAction\":[{\"@type\":\"ReadAction\",\"target\":[\"https:\\\/\\\/iwell-guard.com\\\/sv\\\/valknut-nordiska-knuten-for-de-fallna\\\/\"]}]},{\"@type\":\"ImageObject\",\"inLanguage\":\"sv-SE\",\"@id\":\"https:\\\/\\\/iwell-guard.com\\\/sv\\\/valknut-nordiska-knuten-for-de-fallna\\\/#primaryimage\",\"url\":\"https:\\\/\\\/iwell-guard.com\\\/wp-content\\\/uploads\\\/2026\\\/05\\\/schutzsymbol_germanisch_valknut.webp\",\"contentUrl\":\"https:\\\/\\\/iwell-guard.com\\\/wp-content\\\/uploads\\\/2026\\\/05\\\/schutzsymbol_germanisch_valknut.webp\",\"width\":1024,\"height\":1536,\"caption\":\"Skyddssymbol. Stilleben-illustration i museistil.\"},{\"@type\":\"BreadcrumbList\",\"@id\":\"https:\\\/\\\/iwell-guard.com\\\/sv\\\/valknut-nordiska-knuten-for-de-fallna\\\/#breadcrumb\",\"itemListElement\":[{\"@type\":\"ListItem\",\"position\":1,\"name\":\"Start\",\"item\":\"https:\\\/\\\/iwell-guard.com\\\/sv\\\/?page_id=136483\"},{\"@type\":\"ListItem\",\"position\":2,\"name\":\"Valknut \u2013 nordiska knuten f\u00f6r de fallna\"}]},{\"@type\":\"WebSite\",\"@id\":\"https:\\\/\\\/iwell-guard.com\\\/sv\\\/#website\",\"url\":\"https:\\\/\\\/iwell-guard.com\\\/sv\\\/\",\"name\":\"iWell Guard\",\"description\":\"Schutz vor dunklen Einfl\u00fcssen\",\"publisher\":{\"@id\":\"https:\\\/\\\/iwell-guard.com\\\/sv\\\/#organization\"},\"potentialAction\":[{\"@type\":\"SearchAction\",\"target\":{\"@type\":\"EntryPoint\",\"urlTemplate\":\"https:\\\/\\\/iwell-guard.com\\\/sv\\\/?s={search_term_string}\"},\"query-input\":{\"@type\":\"PropertyValueSpecification\",\"valueRequired\":true,\"valueName\":\"search_term_string\"}}],\"inLanguage\":\"sv-SE\"},{\"@type\":\"Organization\",\"@id\":\"https:\\\/\\\/iwell-guard.com\\\/sv\\\/#organization\",\"name\":\"Ittermann electronic GmbH\",\"url\":\"https:\\\/\\\/iwell-guard.com\\\/sv\\\/\",\"logo\":{\"@type\":\"ImageObject\",\"inLanguage\":\"sv-SE\",\"@id\":\"https:\\\/\\\/iwell-guard.com\\\/sv\\\/#\\\/schema\\\/logo\\\/image\\\/\",\"url\":\"https:\\\/\\\/iwell-guard.com\\\/wp-content\\\/uploads\\\/2026\\\/05\\\/Ittermann-Logo-1182x237-1.png\",\"contentUrl\":\"https:\\\/\\\/iwell-guard.com\\\/wp-content\\\/uploads\\\/2026\\\/05\\\/Ittermann-Logo-1182x237-1.png\",\"width\":1182,\"height\":237,\"caption\":\"Ittermann electronic GmbH\"},\"image\":{\"@id\":\"https:\\\/\\\/iwell-guard.com\\\/sv\\\/#\\\/schema\\\/logo\\\/image\\\/\"},\"sameAs\":[\"https:\\\/\\\/pantip.com\\\/profile\\\/9367242\",\"https:\\\/\\\/micro.blog\\\/iwellguard\",\"https:\\\/\\\/www.diggerslist.com\\\/iwellguard\\\/about\",\"https:\\\/\\\/skitterphoto.com\\\/photographers\\\/2870314\\\/iwell-guard\",\"https:\\\/\\\/iwellguard.wordpress.com\\\/2026\\\/06\\\/06\\\/iwell-guard\\\/\",\"https:\\\/\\\/hub.docker.com\\\/u\\\/iwellguard\",\"https:\\\/\\\/www.pinterest.com\\\/iwellguard\\\/\",\"https:\\\/\\\/bit.ly\\\/m\\\/iwellguard\",\"https:\\\/\\\/entre-vos-mains.alsace.eu\\\/profiles\\\/iwellguard\\\/activity\",\"https:\\\/\\\/gravatar.com\\\/reallybeded8fd34\",\"https:\\\/\\\/naijamatta.com\\\/iwellguard\",\"https:\\\/\\\/www.goodreads.com\\\/iwellguard\",\"https:\\\/\\\/profile.hatena.ne.jp\\\/iwellguard\\\/\",\"https:\\\/\\\/experiment.com\\\/users\\\/iwellguard\",\"https:\\\/\\\/wakelet.com\\\/@iWellGuard82270\",\"https:\\\/\\\/www.chordie.com\\\/forum\\\/profile.php?id=2555664\",\"https:\\\/\\\/www.instapaper.com\\\/p\\\/17757966\",\"https:\\\/\\\/www.mapleprimes.com\\\/users\\\/iwellguard\",\"https:\\\/\\\/businesslistingplus.com\\\/profile\\\/iwell-guard\\\/\",\"https:\\\/\\\/telegra.ph\\\/iWell-Guard-06-06\",\"https:\\\/\\\/pbase.com\\\/iwellguard\\\/iwellguard\",\"https:\\\/\\\/b.hatena.ne.jp\\\/iwellguard\\\/20260607#bookmark-4788405196491818882\",\"https:\\\/\\\/fliphtml5.com\\\/home\\\/iwellguard\",\"https:\\\/\\\/anyflip.com\\\/homepage\\\/cmiwl#About\",\"https:\\\/\\\/transfur.com\\\/Users\\\/iwellguard\",\"http:\\\/\\\/delphi.larsbo.org\\\/user\\\/iwellguard\",\"https:\\\/\\\/jobs.lajobsportal.org\\\/profiles\\\/8380803-iwell-guard\",\"https:\\\/\\\/md.chaosdorf.de\\\/s\\\/jfbe5SBdJD\",\"https:\\\/\\\/www.lingvolive.com\\\/en-us\\\/profile\\\/9ecaeaca-ce11-4e51-9e71-01d55e2bff36\\\/translations\",\"https:\\\/\\\/www.fitday.com\\\/fitness\\\/forums\\\/members\\\/iwellguard.html\",\"https:\\\/\\\/www.mymeetbook.com\\\/iwellguard\",\"https:\\\/\\\/pxhere.com\\\/en\\\/photographer-me\\\/5040798\",\"https:\\\/\\\/disqus.com\\\/by\\\/iwellguard\\\/about\\\/\",\"https:\\\/\\\/pastelink.net\\\/hjwciqwq\",\"https:\\\/\\\/pubhtml5.com\\\/homepage\\\/scjhn\\\/\",\"https:\\\/\\\/www.bitchute.com\\\/channel\\\/2O2eOKzNqujT\",\"https:\\\/\\\/audiomack.com\\\/iwellguard\"]}]}<\/script>\n<!-- \/ Yoast SEO Premium plugin. -->","yoast_head_json":{"title":"Valknut \u2013 nordiskt symbol f\u00f6rklarad","description":"Valknuten, tre sammanfl\u00e4tade trianglar, \u00e4r en symbol ur den nordiska v\u00e4rlden och f\u00f6rknippas med Oden. Fynd, tolkning och historia f\u00f6rklaras h\u00e4r.","robots":{"index":"index","follow":"follow","max-snippet":"max-snippet:-1","max-image-preview":"max-image-preview:large","max-video-preview":"max-video-preview:-1"},"canonical":"https:\/\/iwell-guard.com\/sv\/valknut-nordiska-knuten-for-de-fallna\/","og_locale":"sv_SE","og_type":"article","og_title":"Valknut \u2013 nordiska knuten f\u00f6r de fallna","og_description":"Valknuten, tre sammanfl\u00e4tade trianglar, \u00e4r en symbol ur den nordiska v\u00e4rlden och f\u00f6rknippas med Oden. Fynd, tolkning och historia f\u00f6rklaras h\u00e4r.","og_url":"https:\/\/iwell-guard.com\/sv\/valknut-nordiska-knuten-for-de-fallna\/","og_site_name":"iWell Guard","article_modified_time":"2026-09-03T01:18:54+00:00","og_image":[{"width":1024,"height":1536,"url":"https:\/\/iwell-guard.com\/wp-content\/uploads\/2026\/05\/schutzsymbol_germanisch_valknut.webp","type":"image\/webp"}],"twitter_card":"summary_large_image","schema":{"@context":"https:\/\/schema.org","@graph":[{"@type":"WebPage","@id":"https:\/\/iwell-guard.com\/sv\/valknut-nordiska-knuten-for-de-fallna\/","url":"https:\/\/iwell-guard.com\/sv\/valknut-nordiska-knuten-for-de-fallna\/","name":"Valknut \u2013 nordiskt symbol f\u00f6rklarad","isPartOf":{"@id":"https:\/\/iwell-guard.com\/sv\/#website"},"primaryImageOfPage":{"@id":"https:\/\/iwell-guard.com\/sv\/valknut-nordiska-knuten-for-de-fallna\/#primaryimage"},"image":{"@id":"https:\/\/iwell-guard.com\/sv\/valknut-nordiska-knuten-for-de-fallna\/#primaryimage"},"thumbnailUrl":"https:\/\/iwell-guard.com\/wp-content\/uploads\/2026\/05\/schutzsymbol_germanisch_valknut.webp","datePublished":"2026-09-03T00:12:16+00:00","dateModified":"2026-09-03T01:18:54+00:00","description":"Valknuten, tre sammanfl\u00e4tade trianglar, \u00e4r en symbol ur den nordiska v\u00e4rlden och f\u00f6rknippas med Oden. Fynd, tolkning och historia f\u00f6rklaras h\u00e4r.","breadcrumb":{"@id":"https:\/\/iwell-guard.com\/sv\/valknut-nordiska-knuten-for-de-fallna\/#breadcrumb"},"inLanguage":"sv-SE","potentialAction":[{"@type":"ReadAction","target":["https:\/\/iwell-guard.com\/sv\/valknut-nordiska-knuten-for-de-fallna\/"]}]},{"@type":"ImageObject","inLanguage":"sv-SE","@id":"https:\/\/iwell-guard.com\/sv\/valknut-nordiska-knuten-for-de-fallna\/#primaryimage","url":"https:\/\/iwell-guard.com\/wp-content\/uploads\/2026\/05\/schutzsymbol_germanisch_valknut.webp","contentUrl":"https:\/\/iwell-guard.com\/wp-content\/uploads\/2026\/05\/schutzsymbol_germanisch_valknut.webp","width":1024,"height":1536,"caption":"Skyddssymbol. Stilleben-illustration i museistil."},{"@type":"BreadcrumbList","@id":"https:\/\/iwell-guard.com\/sv\/valknut-nordiska-knuten-for-de-fallna\/#breadcrumb","itemListElement":[{"@type":"ListItem","position":1,"name":"Start","item":"https:\/\/iwell-guard.com\/sv\/?page_id=136483"},{"@type":"ListItem","position":2,"name":"Valknut \u2013 nordiska knuten f\u00f6r de fallna"}]},{"@type":"WebSite","@id":"https:\/\/iwell-guard.com\/sv\/#website","url":"https:\/\/iwell-guard.com\/sv\/","name":"iWell Guard","description":"Schutz vor dunklen Einfl\u00fcssen","publisher":{"@id":"https:\/\/iwell-guard.com\/sv\/#organization"},"potentialAction":[{"@type":"SearchAction","target":{"@type":"EntryPoint","urlTemplate":"https:\/\/iwell-guard.com\/sv\/?s={search_term_string}"},"query-input":{"@type":"PropertyValueSpecification","valueRequired":true,"valueName":"search_term_string"}}],"inLanguage":"sv-SE"},{"@type":"Organization","@id":"https:\/\/iwell-guard.com\/sv\/#organization","name":"Ittermann electronic GmbH","url":"https:\/\/iwell-guard.com\/sv\/","logo":{"@type":"ImageObject","inLanguage":"sv-SE","@id":"https:\/\/iwell-guard.com\/sv\/#\/schema\/logo\/image\/","url":"https:\/\/iwell-guard.com\/wp-content\/uploads\/2026\/05\/Ittermann-Logo-1182x237-1.png","contentUrl":"https:\/\/iwell-guard.com\/wp-content\/uploads\/2026\/05\/Ittermann-Logo-1182x237-1.png","width":1182,"height":237,"caption":"Ittermann electronic GmbH"},"image":{"@id":"https:\/\/iwell-guard.com\/sv\/#\/schema\/logo\/image\/"},"sameAs":["https:\/\/pantip.com\/profile\/9367242","https:\/\/micro.blog\/iwellguard","https:\/\/www.diggerslist.com\/iwellguard\/about","https:\/\/skitterphoto.com\/photographers\/2870314\/iwell-guard","https:\/\/iwellguard.wordpress.com\/2026\/06\/06\/iwell-guard\/","https:\/\/hub.docker.com\/u\/iwellguard","https:\/\/www.pinterest.com\/iwellguard\/","https:\/\/bit.ly\/m\/iwellguard","https:\/\/entre-vos-mains.alsace.eu\/profiles\/iwellguard\/activity","https:\/\/gravatar.com\/reallybeded8fd34","https:\/\/naijamatta.com\/iwellguard","https:\/\/www.goodreads.com\/iwellguard","https:\/\/profile.hatena.ne.jp\/iwellguard\/","https:\/\/experiment.com\/users\/iwellguard","https:\/\/wakelet.com\/@iWellGuard82270","https:\/\/www.chordie.com\/forum\/profile.php?id=2555664","https:\/\/www.instapaper.com\/p\/17757966","https:\/\/www.mapleprimes.com\/users\/iwellguard","https:\/\/businesslistingplus.com\/profile\/iwell-guard\/","https:\/\/telegra.ph\/iWell-Guard-06-06","https:\/\/pbase.com\/iwellguard\/iwellguard","https:\/\/b.hatena.ne.jp\/iwellguard\/20260607#bookmark-4788405196491818882","https:\/\/fliphtml5.com\/home\/iwellguard","https:\/\/anyflip.com\/homepage\/cmiwl#About","https:\/\/transfur.com\/Users\/iwellguard","http:\/\/delphi.larsbo.org\/user\/iwellguard","https:\/\/jobs.lajobsportal.org\/profiles\/8380803-iwell-guard","https:\/\/md.chaosdorf.de\/s\/jfbe5SBdJD","https:\/\/www.lingvolive.com\/en-us\/profile\/9ecaeaca-ce11-4e51-9e71-01d55e2bff36\/translations","https:\/\/www.fitday.com\/fitness\/forums\/members\/iwellguard.html","https:\/\/www.mymeetbook.com\/iwellguard","https:\/\/pxhere.com\/en\/photographer-me\/5040798","https:\/\/disqus.com\/by\/iwellguard\/about\/","https:\/\/pastelink.net\/hjwciqwq","https:\/\/pubhtml5.com\/homepage\/scjhn\/","https:\/\/www.bitchute.com\/channel\/2O2eOKzNqujT","https:\/\/audiomack.com\/iwellguard"]}]}},"_links":{"self":[{"href":"https:\/\/iwell-guard.com\/sv\/wp-json\/wp\/v2\/pages\/137041","targetHints":{"allow":["GET"]}}],"collection":[{"href":"https:\/\/iwell-guard.com\/sv\/wp-json\/wp\/v2\/pages"}],"about":[{"href":"https:\/\/iwell-guard.com\/sv\/wp-json\/wp\/v2\/types\/page"}],"author":[{"embeddable":true,"href":"https:\/\/iwell-guard.com\/sv\/wp-json\/wp\/v2\/users\/3"}],"replies":[{"embeddable":true,"href":"https:\/\/iwell-guard.com\/sv\/wp-json\/wp\/v2\/comments?post=137041"}],"version-history":[{"count":0,"href":"https:\/\/iwell-guard.com\/sv\/wp-json\/wp\/v2\/pages\/137041\/revisions"}],"wp:featuredmedia":[{"embeddable":true,"href":"https:\/\/iwell-guard.com\/sv\/wp-json\/wp\/v2\/media\/3482"}],"wp:attachment":[{"href":"https:\/\/iwell-guard.com\/sv\/wp-json\/wp\/v2\/media?parent=137041"}],"wp:term":[{"taxonomy":"category","embeddable":true,"href":"https:\/\/iwell-guard.com\/sv\/wp-json\/wp\/v2\/categories?post=137041"}],"curies":[{"name":"wp","href":"https:\/\/api.w.org\/{rel}","templated":true}]}}