{"id":137028,"date":"2026-09-03T00:12:09","date_gmt":"2026-09-03T00:12:09","guid":{"rendered":"https:\/\/iwell-guard.com\/?page_id=137028"},"modified":"2026-09-03T01:18:32","modified_gmt":"2026-09-03T01:18:32","slug":"nazar-boncugu-skyddsoga","status":"publish","type":"page","link":"https:\/\/iwell-guard.com\/sv\/nazar-boncugu-skyddsoga\/","title":{"rendered":"Nazar Boncu\u011fu \u2013 det bl\u00e5 skydds\u00f6gat mot det onda \u00f6gat"},"content":{"rendered":"\t\t<div data-elementor-type=\"wp-page\" data-elementor-id=\"137028\" class=\"elementor elementor-137028 elementor-3588 elementor-bc-flex-widget\" data-elementor-post-type=\"page\">\n\t\t\t\t<div class=\"elementor-element elementor-element-iwgs-nazar-hero e-flex e-con-boxed e-con e-parent\" data-id=\"iwgs-nazar-hero\" data-element_type=\"container\" data-e-type=\"container\">\n\t\t\t\t\t<div class=\"e-con-inner\">\n\t\t<div class=\"elementor-element elementor-element-iwgs-nazar-hl e-flex e-con-boxed e-con e-parent\" data-id=\"iwgs-nazar-hl\" data-element_type=\"container\" data-e-type=\"container\">\n\t\t\t\t\t<div class=\"e-con-inner\">\n\t\t<div class=\"elementor-element elementor-element-iwgs-nazar-hlbox e-con-full e-flex e-con e-parent\" data-id=\"iwgs-nazar-hlbox\" data-element_type=\"container\" data-e-type=\"container\">\n\t\t\t\t<div class=\"elementor-element elementor-element-iwgs-nazar-h1 elementor-widget elementor-widget-heading\" data-id=\"iwgs-nazar-h1\" data-element_type=\"widget\" data-e-type=\"widget\" data-widget_type=\"heading.default\">\n\t\t\t\t\t<h1 class=\"elementor-heading-title elementor-size-default\">Nazar Boncu\u011fu \u2013 det bl\u00e5 glas\u00f6gat mot det onda \u00f6gat<\/h1>\t\t\t\t<\/div>\n\t\t\t\t<div class=\"elementor-element elementor-element-iwgs-nazar-lead elementor-widget elementor-widget-text-editor\" data-id=\"iwgs-nazar-lead\" data-element_type=\"widget\" data-e-type=\"widget\" data-widget_type=\"text-editor.default\">\n\t\t\t\t\t\t\t\t\t<p>Nazar Boncu\u011fu, det bl\u00e5 glas\u00f6gat, \u00e4r ett av de mest k\u00e4nda skyddsobjekten i Medelhavsomr\u00e5det och Fr\u00e4mre Orienten. Det ska f\u00e5nga upp och g\u00f6ra det onda \u00f6gat harml\u00f6st, och det m\u00f6ts \u00e4n idag p\u00e5 d\u00f6rrar, i fordon och som smycke. Faktarutan visar hur det bl\u00e5 glas\u00f6gat mot det onda \u00f6gat forts\u00e4tter att leva vidare i vardagsf\u00f6rem\u00e5l.<\/p>\t\t\t\t\t\t\t\t<\/div>\n\t\t\t\t<\/div>\n\t\t\t\t<div class=\"elementor-element elementor-element-iwgs-nazar-pills elementor-widget elementor-widget-html\" data-id=\"iwgs-nazar-pills\" data-element_type=\"widget\" data-e-type=\"widget\" data-widget_type=\"html.default\">\n\t\t\t\t\t<div class=\"iwg-pill-row\"><span class=\"iwg-klasse-badge\" tabindex=\"0\" data-tooltip=\"Skyddssymbol, amulett eller apotropeiskt objekt.\">Skyddssymbol<\/span><a href=\"https:\/\/iwell-guard.com\/sv\/skyddssymboler\/\" class=\"iwg-kultur-badge\" tabindex=\"0\" data-tooltip=\"Skyddstradition: Medelhavsomr\u00e5det\">Medelhavsomr\u00e5det<\/a><span class=\"iwg-tradition-badge\" tabindex=\"0\" data-tooltip=\"Ett f\u00f6rem\u00e5l eller tecken som ska avv\u00e4rja olycka och skadliga influenser.\">Apotropeikon<\/span><\/div>\t\t\t\t<\/div>\n\t\t\t\t\t<\/div>\n\t\t\t\t<\/div>\n\t\t<div class=\"elementor-element elementor-element-iwgs-nazar-hr e-con-full e-flex e-con e-parent\" data-id=\"iwgs-nazar-hr\" data-element_type=\"container\" data-e-type=\"container\">\n\t\t\t\t<div class=\"elementor-element elementor-element-iwgs-nazar-himg iwg-hero-image elementor-widget elementor-widget-image\" data-id=\"iwgs-nazar-himg\" data-element_type=\"widget\" data-e-type=\"widget\" data-widget_type=\"image.default\">\n\t\t\t\t\t\t\t\t\t\t\t\t\t\t\t<img fetchpriority=\"high\" decoding=\"async\" width=\"683\" height=\"1024\" src=\"https:\/\/iwell-guard.com\/wp-content\/uploads\/2026\/05\/schutzsymbol_tuerkei_nazar-2-683x1024.webp\" class=\"attachment-large size-large wp-image-135889\" alt=\"Stort turkiskt nazar-boncu\u011fu-skydds\u00f6ga i bl\u00e5tt glas som v\u00e4ggamulett\" srcset=\"https:\/\/iwell-guard.com\/wp-content\/uploads\/2026\/05\/schutzsymbol_tuerkei_nazar-2-683x1024.webp 683w, https:\/\/iwell-guard.com\/wp-content\/uploads\/2026\/05\/schutzsymbol_tuerkei_nazar-2-200x300.webp 200w, https:\/\/iwell-guard.com\/wp-content\/uploads\/2026\/05\/schutzsymbol_tuerkei_nazar-2-768x1152.webp 768w, https:\/\/iwell-guard.com\/wp-content\/uploads\/2026\/05\/schutzsymbol_tuerkei_nazar-2.webp 1024w\" sizes=\"(max-width: 683px) 100vw, 683px\" \/>\t\t\t\t\t\t\t\t\t\t\t\t\t\t\t<\/div>\n\t\t\t\t<\/div>\n\t\t\t\t\t<\/div>\n\t\t\t\t<\/div>\n\t\t<div class=\"elementor-element elementor-element-iwgs-nazar-s0 e-flex e-con-boxed e-con e-parent\" data-id=\"iwgs-nazar-s0\" data-element_type=\"container\" data-e-type=\"container\">\n\t\t\t\t\t<div class=\"e-con-inner\">\n\t\t\t\t<div class=\"elementor-element elementor-element-iwgs-nazar-s0h elementor-widget elementor-widget-heading\" data-id=\"iwgs-nazar-s0h\" data-element_type=\"widget\" data-e-type=\"widget\" data-widget_type=\"heading.default\">\n\t\t\t\t\t<h2 class=\"elementor-heading-title elementor-size-default\">Inordning<\/h2>\t\t\t\t<\/div>\n\t\t<div class=\"elementor-element elementor-element-iwgs-nazar-s0box e-con-full e-flex e-con e-parent\" data-id=\"iwgs-nazar-s0box\" data-element_type=\"container\" data-e-type=\"container\">\n\t\t\t\t<div class=\"elementor-element elementor-element-iwgs-nazar-s0t elementor-widget elementor-widget-text-editor\" data-id=\"iwgs-nazar-s0t\" data-element_type=\"widget\" data-e-type=\"widget\" data-widget_type=\"text-editor.default\">\n\t\t\t\t\t\t\t\t\t<p>Nazar Boncu\u011fu \u00e4r ett skyddsobjekt av bl\u00e5tt glas som framf\u00f6r allt \u00e4r spritt i \u00f6stra Medelhavsomr\u00e5det, i Turkiet och i Fr\u00e4mre Orienten. Namnet f\u00f6renar det arabiska ordet nazar, som betyder blick eller att betrakta, med det turkiska ordet boncuk f\u00f6r p\u00e4rla. Ordagrant \u00e4r det allts\u00e5 blickp\u00e4rlan.<\/p><p>Objektet \u00e4r n\u00e4ra knutet till tron p\u00e5 <a href=\"https:\/\/iwell-guard.com\/sv\/onda-ogat\/\">det onda \u00f6gat<\/a>. Medan den sidan behandlar sj\u00e4lva f\u00f6rest\u00e4llningen om det onda \u00f6gat, st\u00e5r h\u00e4r skyddsobjektet i centrum, det som st\u00e4lls mot det. Nazar Boncu\u011fu \u00e4r det materiella svaret p\u00e5 en form av betraktande som upplevs som farlig.<\/p><p>Inom <span class=\"iwg-fachbegriff\" data-tooltip=\"Vetenskapen som utforskar religioner j\u00e4mf\u00f6rande och utan trosbundenhet.\" tabindex=\"0\">religionsvetenskapen<\/span> r\u00e4knas det bl\u00e5 glas\u00f6gat till <span class=\"iwg-fachbegriff\" data-tooltip=\"Plural av apotropeikon: f\u00f6rem\u00e5l och tecken som ska avv\u00e4rja olycka.\" tabindex=\"0\">apotropeika<\/span>. Det \u00e4r ett bra exempel p\u00e5 hur en f\u00f6rest\u00e4llning som \u00e4r spridd \u00f6ver stora regioner blir gripbar i ett enda, omedelbart igenk\u00e4nnbart f\u00f6rem\u00e5l. Knappast n\u00e5got annat skyddsobjekt \u00e4r s\u00e5 allest\u00e4des n\u00e4rvarande i Medelhavsomr\u00e5det.<\/p><p>Nazar Boncu\u011fu \u00e4r ett av de mest spridda skyddsobjekten \u00f6verhuvudtaget. I Turkiet \u00e4r det allest\u00e4des n\u00e4rvarande, och som rese- och handelsvara har det f\u00f6r l\u00e4nge sedan n\u00e5tt hela v\u00e4rlden.<\/p><p>Denna spridning g\u00f6r det till ett bra exempel p\u00e5 hur ett lokalt hantverk och en gammal skyddsf\u00f6rest\u00e4llning tillsammans kan bli ett internationellt k\u00e4nt f\u00f6rem\u00e5l. Knappast n\u00e5got annat <span class=\"iwg-fachbegriff\" data-tooltip=\"Ett buret f\u00f6rem\u00e5l som tillskrivs en skyddande, olycksavv\u00e4rjande verkan.\" tabindex=\"0\">amulett<\/span> f\u00f6renar en s\u00e5 klart avgr\u00e4nsad form med en s\u00e5 stor spridning.<\/p>\t\t\t\t\t\t\t\t<\/div>\n\t\t\t\t<\/div>\n\t\t\t\t\t<\/div>\n\t\t\t\t<\/div>\n\t\t<div class=\"elementor-element elementor-element-iwgs-nazar-s1 e-flex e-con-boxed e-con e-parent\" data-id=\"iwgs-nazar-s1\" data-element_type=\"container\" data-e-type=\"container\">\n\t\t\t\t\t<div class=\"e-con-inner\">\n\t\t\t\t<div class=\"elementor-element elementor-element-iwgs-nazar-s1h elementor-widget elementor-widget-heading\" data-id=\"iwgs-nazar-s1h\" data-element_type=\"widget\" data-e-type=\"widget\" data-widget_type=\"heading.default\">\n\t\t\t\t\t<h2 class=\"elementor-heading-title elementor-size-default\">Tron p\u00e5 det onda \u00f6gat<\/h2>\t\t\t\t<\/div>\n\t\t<div class=\"elementor-element elementor-element-iwgs-nazar-s1box e-con-full e-flex e-con e-parent\" data-id=\"iwgs-nazar-s1box\" data-element_type=\"container\" data-e-type=\"container\">\n\t\t\t\t<div class=\"elementor-element elementor-element-iwgs-nazar-s1t elementor-widget elementor-widget-text-editor\" data-id=\"iwgs-nazar-s1t\" data-element_type=\"widget\" data-e-type=\"widget\" data-widget_type=\"text-editor.default\">\n\t\t\t\t\t\t\t\t\t<p>F\u00f6rest\u00e4llningen om det onda \u00f6gat \u00e4r mycket gammal och spridd \u00f6ver m\u00e5nga kulturer. Den inneb\u00e4r att en blick kan orsaka skada, ofta utan medveten avsikt hos den som blickar. Det onda \u00f6gat f\u00f6rknippas ofta med avund. Den som betraktar n\u00e5got vackert, h\u00e4lsosamt eller framg\u00e5ngsrikt med illvilja kan enligt denna f\u00f6rest\u00e4llning skada det.<\/p><p>S\u00e4rskilt utsatta ans\u00e5gs de vara som uppfattades som s\u00e5rbara eller avundsv\u00e4rda, allts\u00e5 sm\u00e5 barn, gravida, brudar, men \u00e4ven boskap och sk\u00f6rd. Just f\u00f6r dessa omr\u00e5den anv\u00e4ndes skyddet genom Nazar Boncu\u011fu.<\/p><p>Det onda \u00f6gat \u00e4r d\u00e4rmed inte enbart en fr\u00e5ga om ond avsikt. \u00c4ven ett beundrande betraktande kunde bli farligt. Det f\u00f6rklarar varf\u00f6r skyddet inte riktades mot best\u00e4mda fiender utan allm\u00e4nt placerades d\u00e4r n\u00e5got var s\u00e4rskilt v\u00e4rdefullt eller utsatt.<\/p><p>Tron p\u00e5 det onda \u00f6gat \u00e4r mycket gammal. Redan mesopotamiska och forntida egyptiska texter k\u00e4nner till blickens skadliga kraft, och i Grekland och Rom var f\u00f6rest\u00e4llningen fast f\u00f6rankrad under egna begrepp.<\/p><p>Romarna talade om fascinatio. Denna l\u00e5nga historia f\u00f6rklarar den vida spridningen av skyddsmedlen. Det bl\u00e5 glas\u00f6gat \u00e4r ett f\u00f6rh\u00e5llandevis ungt, men s\u00e4rskilt framg\u00e5ngsrikt svar p\u00e5 en oro som har f\u00f6ljt Medelhavsomr\u00e5det i tusentals \u00e5r.<\/p>\t\t\t\t\t\t\t\t<\/div>\n\t\t\t\t<\/div>\n\t\t\t\t\t<\/div>\n\t\t\t\t<\/div>\n\t\t<div class=\"elementor-element elementor-element-iwgs-nazar-s2 e-flex e-con-boxed e-con e-parent\" data-id=\"iwgs-nazar-s2\" data-element_type=\"container\" data-e-type=\"container\">\n\t\t\t\t\t<div class=\"e-con-inner\">\n\t\t\t\t<div class=\"elementor-element elementor-element-iwgs-nazar-s2h elementor-widget elementor-widget-heading\" data-id=\"iwgs-nazar-s2h\" data-element_type=\"widget\" data-e-type=\"widget\" data-widget_type=\"heading.default\">\n\t\t\t\t\t<h2 class=\"elementor-heading-title elementor-size-default\">Gestalt: det bl\u00e5 glas\u00f6gat<\/h2>\t\t\t\t<\/div>\n\t\t<div class=\"elementor-element elementor-element-iwgs-nazar-s2box e-con-full e-flex e-con e-parent\" data-id=\"iwgs-nazar-s2box\" data-element_type=\"container\" data-e-type=\"container\">\n\t\t\t\t<div class=\"elementor-element elementor-element-iwgs-nazar-s2t elementor-widget elementor-widget-text-editor\" data-id=\"iwgs-nazar-s2t\" data-element_type=\"widget\" data-e-type=\"widget\" data-widget_type=\"text-editor.default\">\n\t\t\t\t\t\t\t\t\t<p>Nazar Boncu\u011fu har en omissk\u00e4nnlig form. Det \u00e4r en platt, rund skiva eller p\u00e4rla av glas med koncentriska ringar. Fr\u00e5n utsidan mot mitten f\u00f6ljer oftast ett m\u00f6rkt koboltbl\u00e5tt, ett ljusare bl\u00e5tt, en vit ring och en m\u00f6rk punkt i mitten. Denna uppbyggnad ger bilden av ett stiliserat \u00f6ga.<\/p><p>Formen \u00e4r medvetet vald. Skyddsobjektet \u00e5terger sj\u00e4lvt ett \u00f6ga och st\u00e4ller d\u00e4rmed en egen blick mot den farliga blicken. Amulettens \u00f6ga blickar liksom tillbaka och f\u00e5ngar upp den skadliga uppm\u00e4rksamheten innan den n\u00e5r sitt m\u00e5l.<\/p><p>Storlekarna str\u00e4cker sig fr\u00e5n sm\u00e5 p\u00e4rlor f\u00f6r smycken och armband till stora skivor som tj\u00e4nar som v\u00e4ggdekoration. Trots de olika m\u00e5tten f\u00f6rblir grundbilden alltid densamma, s\u00e5 att Nazar Boncu\u011fu i varje form omedelbart \u00e4r igenk\u00e4nnbart.<\/p><p>Inom grundformen finns det m\u00e5nga varianter. Sm\u00e5 p\u00e4rlor tr\u00e4s till kedjor och armband, st\u00f6rre skivor tj\u00e4nar som h\u00e4ngen f\u00f6r v\u00e4ggar och d\u00f6rrar. Ofta f\u00f6renas \u00f6gat med andra skyddstecken, exempelvis en liten hand eller ett granat\u00e4pple.<\/p><p>Trots denna m\u00e5ngfald f\u00f6rblir det koncentriska \u00f6gonm\u00f6nstret den omissk\u00e4nnliga k\u00e4rnan. Det g\u00f6r att f\u00f6rem\u00e5let i varje storlek och i varje kombination f\u00f6rblir omedelbart igenk\u00e4nnbart som Nazar Boncu\u011fu.<\/p>\t\t\t\t\t\t\t\t<\/div>\n\t\t\t\t<\/div>\n\t\t\t\t\t<\/div>\n\t\t\t\t<\/div>\n\t\t<div class=\"elementor-element elementor-element-iwgs-nazar-s3 e-flex e-con-boxed e-con e-parent\" data-id=\"iwgs-nazar-s3\" data-element_type=\"container\" data-e-type=\"container\">\n\t\t\t\t\t<div class=\"e-con-inner\">\n\t\t\t\t<div class=\"elementor-element elementor-element-iwgs-nazar-s3h elementor-widget elementor-widget-heading\" data-id=\"iwgs-nazar-s3h\" data-element_type=\"widget\" data-e-type=\"widget\" data-widget_type=\"heading.default\">\n\t\t\t\t\t<h2 class=\"elementor-heading-title elementor-size-default\">Tillverkning i det anatoliska glasbl\u00e5seriet<\/h2>\t\t\t\t<\/div>\n\t\t<div class=\"elementor-element elementor-element-iwgs-nazar-s3box e-con-full e-flex e-con e-parent\" data-id=\"iwgs-nazar-s3box\" data-element_type=\"container\" data-e-type=\"container\">\n\t\t\t\t<div class=\"elementor-element elementor-element-iwgs-nazar-s3t elementor-widget elementor-widget-text-editor\" data-id=\"iwgs-nazar-s3t\" data-element_type=\"widget\" data-e-type=\"widget\" data-widget_type=\"text-editor.default\">\n\t\t\t\t\t\t\t\t\t<p>Nazar boncu\u011fu tillverkas traditionellt f\u00f6r hand. I Turkiet finns platser d\u00e4r glasbl\u00e5sare har specialiserat sig p\u00e5 att tillverka skydds\u00f6gonen. Glasmakarna arbetar vid vedeldade ugnar, d\u00e4r glaset hettas upp till h\u00f6ga temperaturer.<\/p><p>De koncentriska ringarna skapas genom att sm\u00e4lt glas i olika f\u00e4rger l\u00e4ggs lager p\u00e5 lager. Glasbl\u00e5saren s\u00e4tter droppe f\u00f6r droppe tills det karakteristiska \u00f6gonm\u00f6nstret \u00e4r klart. Detta arbete kr\u00e4ver erfarenhet, eftersom f\u00e4rgskikten m\u00e5ste passa exakt in i varandra f\u00f6r att \u00f6gat ska f\u00f6rbli tydligt l\u00e4sbart.<\/p><p>Hantverkstraditionen med glasp\u00e4rlorna v\u00e5rdas i Turkiet som ett kulturarv. Den f\u00f6renar en gammal kunskap om glasbearbetning med en skyddsf\u00f6rest\u00e4llning som fortfarande \u00e4r levande. Det finns \u00e4ven industriellt tillverkade exemplar, men de handgjorda p\u00e4rlorna betraktas som f\u00f6rem\u00e5lets egentliga form.<\/p><p>I Turkiet har enskilda platser helt inriktat sig p\u00e5 detta hantverk. I byar n\u00e4ra \u0130zmir, bland dem en plats som har sitt binamn efter sj\u00e4lva skydds\u00f6gat, arbetar glasm\u00e4stare vid traditionella vedeldade ugnar.<\/p><p>Deras konst f\u00f6rs vidare fr\u00e5n generation till generation. Arbetet vid \u00f6ppen eld \u00e4r anstr\u00e4ngande och kr\u00e4ver stor skicklighet. Att detta hantverk lever kvar trots industriell konkurrens visar vilken kulturell st\u00e4llning nazar boncu\u011fu har i Turkiet.<\/p>\t\t\t\t\t\t\t\t<\/div>\n\t\t\t\t<\/div>\n\t\t\t\t\t<\/div>\n\t\t\t\t<\/div>\n\t\t<div class=\"elementor-element elementor-element-iwgs-nazar-s4 e-flex e-con-boxed e-con e-parent\" data-id=\"iwgs-nazar-s4\" data-element_type=\"container\" data-e-type=\"container\">\n\t\t\t\t\t<div class=\"e-con-inner\">\n\t\t\t\t<div class=\"elementor-element elementor-element-iwgs-nazar-s4h elementor-widget elementor-widget-heading\" data-id=\"iwgs-nazar-s4h\" data-element_type=\"widget\" data-e-type=\"widget\" data-widget_type=\"heading.default\">\n\t\t\t\t\t<h2 class=\"elementor-heading-title elementor-size-default\">Varf\u00f6r f\u00e4rgen bl\u00e5<\/h2>\t\t\t\t<\/div>\n\t\t<div class=\"elementor-element elementor-element-iwgs-nazar-s4box e-con-full e-flex e-con e-parent\" data-id=\"iwgs-nazar-s4box\" data-element_type=\"container\" data-e-type=\"container\">\n\t\t\t\t<div class=\"elementor-element elementor-element-iwgs-nazar-s4t elementor-widget elementor-widget-text-editor\" data-id=\"iwgs-nazar-s4t\" data-element_type=\"widget\" data-e-type=\"widget\" data-widget_type=\"text-editor.default\">\n\t\t\t\t\t\t\t\t\t<p>Den bl\u00e5 f\u00e4rgen \u00e4r ingen slump. I \u00f6stra Medelhavsomr\u00e5det och i Fr\u00e4mre Asien \u00e4r bl\u00e5 \u00f6gon ovanliga, och just den s\u00e4llsynta, ljusa blicken tillskrevs traditionellt en s\u00e4rskild kraft. Det bl\u00e5 glas\u00f6gat tar upp denna f\u00f6rest\u00e4llning och v\u00e4nder den till skydd.<\/p><p>Bl\u00e5tt betraktas dessutom i m\u00e5nga kulturer i regionen som en skyddande f\u00e4rg. Den f\u00f6rknippas med vatten och himmel och s\u00e4tts i samband med avv\u00e4rjandet av olycka. Bl\u00e5 f\u00e4rg p\u00e5 d\u00f6rrar, f\u00f6nsterkarmar och f\u00f6rem\u00e5l \u00e4r spridd i hela Medelhavsomr\u00e5det som skyddsmedel.<\/p><p>I nazar boncu\u011fu m\u00f6ts b\u00e5da dessa linjer. F\u00e4rgen syftar p\u00e5 den ljusa blick som uppfattas som kraftfull och st\u00e5r samtidigt i den allm\u00e4nna traditionen av den skyddande f\u00e4rgen bl\u00e5tt. F\u00f6rem\u00e5let f\u00f6renar d\u00e4rmed tv\u00e5 f\u00f6rest\u00e4llningar i en enda, minnesv\u00e4rd bild.<\/p><p>Den skyddande kraften i f\u00e4rgen bl\u00e5tt g\u00e5r att se i hela Medelhavsomr\u00e5det. Bl\u00e5m\u00e5lade d\u00f6rrar, f\u00f6nsterluckor och hush\u00f6rn ska h\u00e5lla olycka borta, och \u00e4ven den lysande bl\u00e5 f\u00e4rgen p\u00e5 gamla glasyrer tillskrevs en avv\u00e4rjande verkan.<\/p><p>Redan det gamla Egypten k\u00e4nde till ett kraftigt bl\u00e5tt som livets f\u00e4rg. Nazar boncu\u011fu st\u00e5r i denna l\u00e5nga tradition. Dess f\u00e4rg \u00e4r inte smyckning utan en del av skyddsf\u00f6rest\u00e4llningen som f\u00f6rem\u00e5let till stor del har sin verkan tack vare.<\/p>\t\t\t\t\t\t\t\t<\/div>\n\t\t\t\t<\/div>\n\t\t\t\t\t<\/div>\n\t\t\t\t<\/div>\n\t\t<div class=\"elementor-element elementor-element-iwgs-nazar-s5 e-flex e-con-boxed e-con e-parent\" data-id=\"iwgs-nazar-s5\" data-element_type=\"container\" data-e-type=\"container\">\n\t\t\t\t\t<div class=\"e-con-inner\">\n\t\t\t\t<div class=\"elementor-element elementor-element-iwgs-nazar-s5h elementor-widget elementor-widget-heading\" data-id=\"iwgs-nazar-s5h\" data-element_type=\"widget\" data-e-type=\"widget\" data-widget_type=\"heading.default\">\n\t\t\t\t\t<h2 class=\"elementor-heading-title elementor-size-default\">Anv\u00e4ndning i vardagen<\/h2>\t\t\t\t<\/div>\n\t\t<div class=\"elementor-element elementor-element-iwgs-nazar-s5box e-con-full e-flex e-con e-parent\" data-id=\"iwgs-nazar-s5box\" data-element_type=\"container\" data-e-type=\"container\">\n\t\t\t\t<div class=\"elementor-element elementor-element-iwgs-nazar-s5t elementor-widget elementor-widget-text-editor\" data-id=\"iwgs-nazar-s5t\" data-element_type=\"widget\" data-e-type=\"widget\" data-widget_type=\"text-editor.default\">\n\t\t\t\t\t\t\t\t\t<p>Nazar boncu\u011fu m\u00f6ter man p\u00e5 m\u00e5nga st\u00e4llen i vardagen. Det h\u00e4nger vid hus entr\u00e9er och ytterd\u00f6rrar, det finns monterat i fordon, och det f\u00f6rekommer p\u00e5 arbetsplatser och i aff\u00e4rer. \u00d6verallt d\u00e4r markerar det en tr\u00f6skel eller en plats som ska skyddas.<\/p><p>S\u00e4rskilt viktigt \u00e4r skyddet av barn. Nyf\u00f6dda och sm\u00e5 barn f\u00e5r det bl\u00e5 \u00f6gat f\u00e4st p\u00e5 kl\u00e4derna eller buret som armband. \u00c4ven brudar, djur och nya hus f\u00f6rses med nazar boncu\u011fu, eftersom de anses s\u00e4rskilt utsatta.<\/p><p>En vanlig f\u00f6rest\u00e4llning s\u00e4ger att glas\u00f6gat spricker n\u00e4r det har f\u00e5ngat upp en stark ond blick. Sprickan ses d\u00e5 som ett tecken p\u00e5 att f\u00f6rem\u00e5let har utf\u00f6rt sin uppgift. Det trasiga stycket ers\u00e4tts, och skyddet b\u00f6rjar p\u00e5 nytt.<\/p><p>Nazar boncu\u011fu \u00e4r ocks\u00e5 en vanlig g\u00e5va. Vid ett barns f\u00f6delse, vid br\u00f6llop eller vid inflyttning i ett nytt hus \u00f6verl\u00e4mnas det och uttrycker d\u00e4rmed en \u00f6nskan om skydd och v\u00e4lg\u00e5ng.<\/p><p>F\u00f6r nyf\u00f6dda kombineras det ofta med guld, till exempel som en liten berlock p\u00e5 ett armband. I denna f\u00f6rening av skyddstanke och g\u00e5va visar sig att f\u00f6rem\u00e5let inte bara avv\u00e4rjer, utan \u00e4ven synligg\u00f6r sociala relationer och omtanke.<\/p>\t\t\t\t\t\t\t\t<\/div>\n\t\t\t\t<\/div>\n\t\t\t\t\t<\/div>\n\t\t\t\t<\/div>\n\t\t<div class=\"elementor-element elementor-element-iwgs-nazar-s6 e-flex e-con-boxed e-con e-parent\" data-id=\"iwgs-nazar-s6\" data-element_type=\"container\" data-e-type=\"container\">\n\t\t\t\t\t<div class=\"e-con-inner\">\n\t\t\t\t<div class=\"elementor-element elementor-element-iwgs-nazar-s6h elementor-widget elementor-widget-heading\" data-id=\"iwgs-nazar-s6h\" data-element_type=\"widget\" data-e-type=\"widget\" data-widget_type=\"heading.default\">\n\t\t\t\t\t<h2 class=\"elementor-heading-title elementor-size-default\">Verkningsprincipen: den f\u00e5ngade blicken<\/h2>\t\t\t\t<\/div>\n\t\t<div class=\"elementor-element elementor-element-iwgs-nazar-s6box e-con-full e-flex e-con e-parent\" data-id=\"iwgs-nazar-s6box\" data-element_type=\"container\" data-e-type=\"container\">\n\t\t\t\t<div class=\"elementor-element elementor-element-iwgs-nazar-s6t elementor-widget elementor-widget-text-editor\" data-id=\"iwgs-nazar-s6t\" data-element_type=\"widget\" data-e-type=\"widget\" data-widget_type=\"text-editor.default\">\n\t\t\t\t\t\t\t\t\t<p>Nazar boncu\u011fu verkar enligt en klar princip. Det st\u00e4ller ett eget \u00f6ga mot den farliga blicken och drar den skadliga uppm\u00e4rksamheten till sig. Ist\u00e4llet f\u00f6r att tr\u00e4ffa det skyddade barnet eller den skyddade platsen riktas den onda blicken mot det p\u00e5fallande bl\u00e5 \u00f6gat.<\/p><p>F\u00f6rem\u00e5let fungerar allts\u00e5 som avledning och som uppsamlingsplats. Dess lysande f\u00e4rg och tydliga form \u00e4r inte smyckning utan en del av verkan. \u00d6gat ska hamna i blickf\u00e5nget och binda uppm\u00e4rksamheten innan den kan orsaka skada.<\/p><p>Denna princip med den uppsamlande motbilden f\u00f6rbinder nazar boncu\u011fu med andra skyddsobjekt i Medelhavsomr\u00e5det, till exempel <a href=\"https:\/\/iwell-guard.com\/sv\/hamsa\/\">hamsan<\/a>. \u00c4ven den b\u00e4r ofta ett \u00f6ga och f\u00f6ljer tanken att st\u00e4lla en blick mot den skadliga blicken.<\/p><p>D\u00e4rmed skiljer sig nazar boncu\u011fu fr\u00e5n skyddsobjekt som verkar genom avskr\u00e4ckning. En skr\u00e4ckbild som gorgoneion ska st\u00f6ta bort angriparen. Det bl\u00e5 \u00f6gat verkar d\u00e4remot genom attraktion.<\/p><p>Det drar blicken till sig och f\u00e5ngar upp den, i st\u00e4llet f\u00f6r att avv\u00e4rja den. B\u00e5da v\u00e4garna h\u00f6r till v\u00e4rlden av <span class=\"iwg-fachbegriff\" data-tooltip=\"Pluralis av apotropaikon: f\u00f6rem\u00e5l och tecken som ska avv\u00e4rja olycka.\" tabindex=\"0\">apotropaika<\/span>, men de f\u00f6ljer motsatta r\u00f6relser. Att f\u00f6rst\u00e5 denna skillnad hj\u00e4lper till att ordna den stora familjen av skyddsobjekt efter deras verkningss\u00e4tt.<\/p>\t\t\t\t\t\t\t\t<\/div>\n\t\t\t\t<\/div>\n\t\t\t\t\t<\/div>\n\t\t\t\t<\/div>\n\t\t<div class=\"elementor-element elementor-element-iwgs-nazar-s7 e-flex e-con-boxed e-con e-parent\" data-id=\"iwgs-nazar-s7\" data-element_type=\"container\" data-e-type=\"container\">\n\t\t\t\t\t<div class=\"e-con-inner\">\n\t\t\t\t<div class=\"elementor-element elementor-element-iwgs-nazar-s7h elementor-widget elementor-widget-heading\" data-id=\"iwgs-nazar-s7h\" data-element_type=\"widget\" data-e-type=\"widget\" data-widget_type=\"heading.default\">\n\t\t\t\t\t<h2 class=\"elementor-heading-title elementor-size-default\">Nazar i religion och region<\/h2>\t\t\t\t<\/div>\n\t\t<div class=\"elementor-element elementor-element-iwgs-nazar-s7box e-con-full e-flex e-con e-parent\" data-id=\"iwgs-nazar-s7box\" data-element_type=\"container\" data-e-type=\"container\">\n\t\t\t\t<div class=\"elementor-element elementor-element-iwgs-nazar-s7t elementor-widget elementor-widget-text-editor\" data-id=\"iwgs-nazar-s7t\" data-element_type=\"widget\" data-e-type=\"widget\" data-widget_type=\"text-editor.default\">\n\t\t\t\t\t\t\t\t\t<p>Tron p\u00e5 det onda \u00f6gat \u00e4r k\u00e4nd och erk\u00e4nd inom <a href=\"https:\/\/iwell-guard.com\/sv\/islam\/\">islam<\/a>. Den islamiska <span class=\"iwg-fachbegriff\" data-tooltip=\"Vidaref\u00f6randet av kunskap och ber\u00e4ttelser genom generationer.\" tabindex=\"0\">\u00f6verlevnadstraditionen<\/span> k\u00e4nner till den skadliga blicken och rekommenderar skydd genom <span class=\"iwg-fachbegriff\" data-tooltip=\"M\u00e4nniskans spr\u00e5kliga v\u00e4ndning till en gudom.\" tabindex=\"0\">b\u00f6n<\/span> och <span class=\"iwg-fachbegriff\" data-tooltip=\"Det bedjande eller besv\u00e4rjande tilltalet av en gudom eller makt.\" tabindex=\"0\">\u00e5kallan<\/span> av Gud. Nazar Boncu\u011fu st\u00e5r vid sidan av denna religi\u00f6sa praxis som ett folkligt skyddsmedel.<\/p><p>Det onda \u00f6gat \u00e4r dock inte begr\u00e4nsat till en enda religion. F\u00f6rest\u00e4llningen \u00e4r spridd i hela Medelhavsomr\u00e5det, i den kristna liksom i den judiska och den islamiska milj\u00f6n. Det bl\u00e5 glas\u00f6gat anv\u00e4nds d\u00e4rf\u00f6r av m\u00e4nniskor med olika religi\u00f6s tillh\u00f6righet.<\/p><p>Denna bredd g\u00f6r Nazar Boncu\u011fu till ett f\u00f6renande objekt. Det tillh\u00f6r inte en enskild trosgemenskap ensam, utan en hel region. D\u00e4ri ligger en viktig skillnad j\u00e4mf\u00f6rt med skyddstecken som \u00e4r n\u00e4ra bundna till en best\u00e4md religion.<\/p><p>Den islamiska <span class=\"iwg-fachbegriff\" data-tooltip=\"Vidaref\u00f6randet av kunskap och ber\u00e4ttelser genom generationer.\" tabindex=\"0\">\u00f6verlevnadstraditionen<\/span> erk\u00e4nner uttryckligen verkligheten av det onda \u00f6gat. Samtidigt f\u00f6rs en fortl\u00f6pande diskussion bland l\u00e4rda om vilka skyddsmedel som \u00e4r l\u00e4mpliga.<\/p><p>Vissa betonar <span class=\"iwg-fachbegriff\" data-tooltip=\"M\u00e4nniskans spr\u00e5kliga v\u00e4ndning till en gudom.\" tabindex=\"0\">b\u00f6nen<\/span> och <span class=\"iwg-fachbegriff\" data-tooltip=\"Det bedjande eller besv\u00e4rjande tilltalet av en gudom eller makt.\" tabindex=\"0\">\u00e5kallan<\/span> av Gud och f\u00f6rh\u00e5ller sig avvaktande till burna amuletter, andra till\u00e5ter dem. Liknande \u00f6verv\u00e4ganden finns \u00e4ven inom judendomen. Nazar Boncu\u011fu r\u00f6r sig d\u00e4rmed i ett f\u00e4lt mellan folklig praxis och religi\u00f6s l\u00e4ra, en sp\u00e4nning som f\u00f6ljer m\u00e5nga skyddsobjekt.<\/p>\t\t\t\t\t\t\t\t<\/div>\n\t\t\t\t<\/div>\n\t\t\t\t\t<\/div>\n\t\t\t\t<\/div>\n\t\t<div class=\"elementor-element elementor-element-iwgs-nazar-s8 e-flex e-con-boxed e-con e-parent\" data-id=\"iwgs-nazar-s8\" data-element_type=\"container\" data-e-type=\"container\">\n\t\t\t\t\t<div class=\"e-con-inner\">\n\t\t\t\t<div class=\"elementor-element elementor-element-iwgs-nazar-s8h elementor-widget elementor-widget-heading\" data-id=\"iwgs-nazar-s8h\" data-element_type=\"widget\" data-e-type=\"widget\" data-widget_type=\"heading.default\">\n\t\t\t\t\t<h2 class=\"elementor-heading-title elementor-size-default\">Dagens mottagande och global spridning<\/h2>\t\t\t\t<\/div>\n\t\t<div class=\"elementor-element elementor-element-iwgs-nazar-s8box e-con-full e-flex e-con e-parent\" data-id=\"iwgs-nazar-s8box\" data-element_type=\"container\" data-e-type=\"container\">\n\t\t\t\t<div class=\"elementor-element elementor-element-iwgs-nazar-s8t elementor-widget elementor-widget-text-editor\" data-id=\"iwgs-nazar-s8t\" data-element_type=\"widget\" data-e-type=\"widget\" data-widget_type=\"text-editor.default\">\n\t\t\t\t\t\t\t\t\t<p>Nazar Boncu\u011fu har under de senaste decennierna f\u00e5tt en global spridning. Som h\u00e4nge, armband och v\u00e4ggdekoration b\u00e4rs och s\u00e4ljs det idag i m\u00e5nga l\u00e4nder, ofta utan n\u00e4rmare kunskap om dess ursprung. Det bl\u00e5 \u00f6gat har blivit ett internationellt k\u00e4nt <span class=\"iwg-fachbegriff\" data-tooltip=\"Ett \u00e5terkommande inneh\u00e5llsligt element i konst eller ber\u00e4ttelse.\" tabindex=\"0\">motiv<\/span>.<\/p><p>I mode och design f\u00f6rekommer \u00f6gonmotivet ofta, och det har till och med gjort sitt int\u00e5g i den digitala kommunikationens bildtecken. D\u00e4rmed f\u00f6rskjuts betydelsen. Fr\u00e5n ett skyddsobjekt med klar funktion blir det delvis ett dekorativt tecken.<\/p><p>I Medelhavsomr\u00e5det sj\u00e4lvt lever den ursprungliga betydelsen d\u00e4remot vidare. D\u00e4r f\u00f6rblir Nazar Boncu\u011fu ett f\u00f6rem\u00e5l som synligg\u00f6r tron p\u00e5 det onda \u00f6gat och \u00f6nskan om skydd i vardagen. Det \u00e4r d\u00e4rmed ett exempel p\u00e5 en skyddstradition som forts\u00e4tter obruten.<\/p><p>I Turkiet v\u00e5rdas och fr\u00e4mjas tillverkningen av glasp\u00e4rlorna idag som kulturarv. Samtidigt har det bl\u00e5 \u00f6gat blivit ett informellt k\u00e4nnetecken som m\u00e5nga resen\u00e4rer f\u00f6rknippar med landet.<\/p><p>I den internationella modev\u00e4rlden f\u00f6rekommer \u00f6gonmotivet p\u00e5 smycken och kl\u00e4der, ofta l\u00f6sgjort fr\u00e5n sin ursprungliga betydelse. Denna dubbla existens, som ett p\u00e5 allvar taget skyddsobjekt och som ett modetecken, \u00e4r typisk f\u00f6r m\u00e5nga traditionella amuletter som har \u00f6verg\u00e5tt i det globala bildspr\u00e5ket.<\/p>\t\t\t\t\t\t\t\t<\/div>\n\t\t\t\t<\/div>\n\t\t\t\t\t<\/div>\n\t\t\t\t<\/div>\n\t\t<div class=\"elementor-element elementor-element-iwgs-nazar-lit e-flex e-con-boxed e-con e-parent\" data-id=\"iwgs-nazar-lit\" data-element_type=\"container\" data-e-type=\"container\">\n\t\t\t\t\t<div class=\"e-con-inner\">\n\t\t\t\t<div class=\"elementor-element elementor-element-iwgs-nazar-lith elementor-widget elementor-widget-heading\" data-id=\"iwgs-nazar-lith\" data-element_type=\"widget\" data-e-type=\"widget\" data-widget_type=\"heading.default\">\n\t\t\t\t\t<h2 class=\"elementor-heading-title elementor-size-default\">Litteratur (urval)<\/h2>\t\t\t\t<\/div>\n\t\t<div class=\"elementor-element elementor-element-iwgs-nazar-litbox e-con-full e-flex e-con e-parent\" data-id=\"iwgs-nazar-litbox\" data-element_type=\"container\" data-e-type=\"container\">\n\t\t\t\t<div class=\"elementor-element elementor-element-iwgs-nazar-litt elementor-widget elementor-widget-html\" data-id=\"iwgs-nazar-litt\" data-element_type=\"widget\" data-e-type=\"widget\" data-widget_type=\"html.default\">\n\t\t\t\t\t<footer data-nosnippet=\"true\"><ul><li>Alan Dundes (red.): <em>The Evil Eye. A Casebook<\/em> (1981)<\/li><li>Frederick Thomas Elworthy: <em>The Evil Eye<\/em> (1895)<\/li><li>Siegfried Seligmann: <em>Der b\u00f6se Blick und Verwandtes<\/em> (1910)<\/li><li>Nils Bring\u00e9us: <em>Volkst\u00fcmliche Bilderkunde<\/em> (1982)<\/li><li>Birgit Heller: <em>Religion und Geschlecht im Mittelmeerraum<\/em> (2003)<\/li><\/ul><\/footer>\t\t\t\t<\/div>\n\t\t\t\t<\/div>\n\t\t\t\t\t<\/div>\n\t\t\t\t<\/div>\n\t\t<div class=\"elementor-element elementor-element-iwgs-nazar-kwd e-flex e-con-boxed e-con e-parent\" data-id=\"iwgs-nazar-kwd\" data-element_type=\"container\" data-e-type=\"container\">\n\t\t\t\t\t<div class=\"e-con-inner\">\n\t\t\t\t<div class=\"elementor-element elementor-element-iwgs-nazar-kwdt elementor-widget elementor-widget-text-editor\" data-id=\"iwgs-nazar-kwdt\" data-element_type=\"widget\" data-e-type=\"widget\" data-widget_type=\"text-editor.default\">\n\t\t\t\t\t\t\t\t\t<p><em>Relaterade nyckelbegrepp: Nazar Boncu\u011fu <span class=\"iwg-fachbegriff\" data-tooltip=\"Utbredd f\u00f6rest\u00e4llning om att en avundsjuk blick fr\u00e5n en annan person kan orsaka skada.\" tabindex=\"0\">onda \u00f6gat<\/span> bl\u00e5tt glas\u00f6ga <span class=\"iwg-fachbegriff\" data-tooltip=\"Religionsvetenskaplig term f\u00f6r ett f\u00f6rem\u00e5l eller tecken med ondskeavv\u00e4rjande funktion.\" tabindex=\"0\">apotropaikon<\/span> Turkiet glasp\u00e4rla Medelhavsomr\u00e5det avund.<\/em><\/p>\t\t\t\t\t\t\t\t<\/div>\n\t\t\t\t\t<\/div>\n\t\t\t\t<\/div>\n\t\t<div class=\"elementor-element elementor-element-iwgs-nazar-cc e-flex e-con-boxed e-con e-parent\" data-id=\"iwgs-nazar-cc\" data-element_type=\"container\" data-e-type=\"container\" id=\"iwg-cc-nazar\">\n\t\t\t\t\t<div class=\"e-con-inner\">\n\t\t<div class=\"elementor-element elementor-element-iwgs-nazar-ccinner e-flex e-con-boxed e-con e-parent\" data-id=\"iwgs-nazar-ccinner\" data-element_type=\"container\" data-e-type=\"container\" data-settings=\"{&quot;background_background&quot;:&quot;classic&quot;}\">\n\t\t\t\t\t<div class=\"e-con-inner\">\n\t\t\t\t<div class=\"elementor-element elementor-element-iwgs-nazar-cch elementor-widget elementor-widget-heading\" data-id=\"iwgs-nazar-cch\" data-element_type=\"widget\" data-e-type=\"widget\" data-widget_type=\"heading.default\">\n\t\t\t\t\t<h2 class=\"elementor-heading-title elementor-size-default\">iWell Guard och skyddstraditioner<\/h2>\t\t\t\t<\/div>\n\t\t\t\t<div class=\"elementor-element elementor-element-iwgs-nazar-cct elementor-widget elementor-widget-text-editor\" data-id=\"iwgs-nazar-cct\" data-element_type=\"widget\" data-e-type=\"widget\" data-widget_type=\"text-editor.default\">\n\t\t\t\t\t\t\t\t\t<p>iWell Guard st\u00e5r i den kulturhistoriska linjen av b\u00e4rbara skyddsobjekt, dit \u00e4ven Nazar Boncu\u011fu h\u00f6r. En modern f\u00f6ljeslagare f\u00f6r m\u00e4nniskor som lever med skyddssymboler: tillverkad i Tyskland, 41 lager av \u00e4kta guld, platina och silver, med 30 dagars returr\u00e4tt.<\/p>\t\t\t\t\t\t\t\t<\/div>\n\t\t\t\t<div class=\"elementor-element elementor-element-iwgs-nazar-ccb iwg-cc-button iwg-cc-cta-2026-05-13 elementor-widget elementor-widget-jet-button\" data-id=\"iwgs-nazar-ccb\" data-element_type=\"widget\" data-e-type=\"widget\" data-widget_type=\"jet-button.default\">\n\t\t\t\t<div class=\"elementor-widget-container\">\n\t\t\t\t\t<div class=\"elementor-jet-button jet-elements\"><div class=\"jet-button__container\"><a class=\"jet-button__instance jet-button__instance--icon-left hover-effect-1\" href=\"\/schutzanhaenger-iwell-guard-kaufen\/?utm_source=iwell-guard.com&amp;utm_medium=info-box&amp;utm_campaign=schutzsymbole\"><div class=\"jet-button__plane jet-button__plane-normal\"><\/div><div class=\"jet-button__plane jet-button__plane-hover\"><\/div><div class=\"jet-button__state jet-button__state-normal\"><span class=\"jet-button__label\">Mer om iWell Guard<\/span><\/div><div class=\"jet-button__state jet-button__state-hover\"><span class=\"jet-button__label\">Mer om iWell Guard<\/span><\/div><\/a><\/div><\/div><style>.elementor-element.elementor-element-iwgs-nazar-ccb .jet-button__instance{width:320px;height:56px;}.elementor-element.elementor-element-iwgs-nazar-ccb .jet-button__state-normal .jet-button__label{text-align:center;margin:0px 0px 0px 0px;color:#1a1b20;font-family:Montserrat,sans-serif;font-size:13px;font-weight:400;letter-spacing:4px;line-height:1.714em;text-transform:uppercase;}.elementor-element.elementor-element-iwgs-nazar-ccb .jet-button__state-hover .jet-button__label{text-align:center;margin:0px 0px 0px 0px;color:#FECC76;font-family:Montserrat,sans-serif;font-size:13px;font-weight:400;letter-spacing:4px;line-height:1.714em;text-transform:uppercase;}.elementor-element.elementor-element-iwgs-nazar-ccb .jet-button__plane-normal{background-color:#FECC76;border-style:solid;border-color:#C99540;border-width:2px 2px 2px 2px;}.elementor-element.elementor-element-iwgs-nazar-ccb .jet-button__plane-hover{background-color:rgba(0,0,0,0.55);border-style:solid;border-color:#FECC76;border-width:2px 2px 2px 2px;}<\/style>\t\t\t\t<\/div>\n\t\t\t\t<\/div>\n\t\t\t\t<div class=\"elementor-element elementor-element-iwgs-nazar-ccd elementor-widget elementor-widget-text-editor\" data-id=\"iwgs-nazar-ccd\" data-element_type=\"widget\" data-e-type=\"widget\" data-widget_type=\"text-editor.default\">\n\t\t\t\t\t\t\t\t\t<p style=\"text-align:center;font-size:13px;opacity:0.7;margin-top:14px\" data-nosnippet=\"true\">Personliga erfarenheter kan variera. Ingen medicinteknisk produkt. Inget l\u00f6fte om l\u00e4kning.<\/p>\t\t\t\t\t\t\t\t<\/div>\n\t\t\t\t\t<\/div>\n\t\t\t\t<\/div>\n\t\t\t\t\t<\/div>\n\t\t\t\t<\/div>\n\t\t<div class=\"elementor-element elementor-element-iwgs-nazar-disc e-flex e-con-boxed e-con e-parent\" data-id=\"iwgs-nazar-disc\" data-element_type=\"container\" data-e-type=\"container\">\n\t\t\t\t\t<div class=\"e-con-inner\">\n\t\t\t\t<div class=\"elementor-element elementor-element-iwgs-nazar-discw elementor-widget elementor-widget-html\" data-id=\"iwgs-nazar-discw\" data-element_type=\"widget\" data-e-type=\"widget\" data-widget_type=\"html.default\">\n\t\t\t\t\t<footer data-nosnippet=\"true\" class=\"iwg-disclaimer-block\"><p data-nosnippet=\"true\">iWell Guard \u00e4r <strong>ingen medicinteknisk produkt<\/strong> och ers\u00e4tter ingen l\u00e4karbehandling eller psykoterapeutisk behandling. Inneh\u00e5llet som presenteras h\u00e4r \u00e4r en religionsvetenskaplig och kulturhistorisk kontextualisering, inget l\u00f6fte om andlig verkan.<\/p><\/footer>\t\t\t\t<\/div>\n\t\t\t\t\t<\/div>\n\t\t\t\t<\/div>\n\t\t\t\t<\/div>\n\t\t","protected":false},"excerpt":{"rendered":"","protected":false},"author":3,"featured_media":3438,"parent":0,"menu_order":0,"comment_status":"closed","ping_status":"closed","template":"elementor_header_footer","meta":{"_yoast_wpseo_focuskw":"Nazar Boncu\u011fu","_yoast_wpseo_title":"Nazar Boncu\u011fu \u2013 det bl\u00e5 skydds\u00f6gat","_yoast_wpseo_metadesc":"Nazar Boncu\u011fu, det bl\u00e5 glas\u00f6gat, betraktas i Medelhavsomr\u00e5det som ett skydd mot det onda \u00f6gat. Ursprung, tillverkning och anv\u00e4ndning f\u00f6rklaras.","_yoast_wpseo_meta-robots-noindex":"","_yoast_wpseo_canonical":"","_angie_page":false,"gefaehrdungsstufe":"","wesen_kultur":"","wesen_klasse":"","footnotes":""},"categories":[],"class_list":["post-137028","page","type-page","status-publish","has-post-thumbnail","hentry"],"yoast_head":"<!-- This site is optimized with the Yoast SEO Premium plugin v27.7 (Yoast SEO v28.3) - https:\/\/yoast.com\/product\/yoast-seo-premium-wordpress\/ -->\n<title>Nazar Boncu\u011fu \u2013 det bl\u00e5 skydds\u00f6gat<\/title>\n<meta name=\"description\" content=\"Nazar Boncu\u011fu, det bl\u00e5 glas\u00f6gat, betraktas i Medelhavsomr\u00e5det som ett skydd mot det onda \u00f6gat. Ursprung, tillverkning och anv\u00e4ndning f\u00f6rklaras.\" \/>\n<meta name=\"robots\" content=\"index, follow, max-snippet:-1, max-image-preview:large, max-video-preview:-1\" \/>\n<link rel=\"canonical\" href=\"https:\/\/iwell-guard.com\/sv\/nazar-boncugu-skyddsoga\/\" \/>\n<meta property=\"og:locale\" content=\"sv_SE\" \/>\n<meta property=\"og:type\" content=\"article\" \/>\n<meta property=\"og:title\" content=\"Nazar Boncu\u011fu \u2013 det bl\u00e5 skydds\u00f6gat mot det onda \u00f6gat\" \/>\n<meta property=\"og:description\" content=\"Nazar Boncu\u011fu, det bl\u00e5 glas\u00f6gat, betraktas i Medelhavsomr\u00e5det som ett skydd mot det onda \u00f6gat. Ursprung, tillverkning och anv\u00e4ndning f\u00f6rklaras.\" \/>\n<meta property=\"og:url\" content=\"https:\/\/iwell-guard.com\/sv\/nazar-boncugu-skyddsoga\/\" \/>\n<meta property=\"og:site_name\" content=\"iWell Guard\" \/>\n<meta property=\"article:modified_time\" content=\"2026-09-03T01:18:32+00:00\" \/>\n<meta property=\"og:image\" content=\"https:\/\/iwell-guard.com\/wp-content\/uploads\/2026\/05\/schutzsymbol_tuerkei_nazar-2.webp\" \/>\n\t<meta property=\"og:image:width\" content=\"1024\" \/>\n\t<meta property=\"og:image:height\" content=\"1536\" \/>\n\t<meta property=\"og:image:type\" content=\"image\/webp\" \/>\n<meta name=\"twitter:card\" content=\"summary_large_image\" \/>\n<script type=\"application\/ld+json\" class=\"yoast-schema-graph\">{\"@context\":\"https:\\\/\\\/schema.org\",\"@graph\":[{\"@type\":\"WebPage\",\"@id\":\"https:\\\/\\\/iwell-guard.com\\\/sv\\\/nazar-boncugu-skyddsoga\\\/\",\"url\":\"https:\\\/\\\/iwell-guard.com\\\/sv\\\/nazar-boncugu-skyddsoga\\\/\",\"name\":\"Nazar Boncu\u011fu \u2013 det bl\u00e5 skydds\u00f6gat\",\"isPartOf\":{\"@id\":\"https:\\\/\\\/iwell-guard.com\\\/sv\\\/#website\"},\"primaryImageOfPage\":{\"@id\":\"https:\\\/\\\/iwell-guard.com\\\/sv\\\/nazar-boncugu-skyddsoga\\\/#primaryimage\"},\"image\":{\"@id\":\"https:\\\/\\\/iwell-guard.com\\\/sv\\\/nazar-boncugu-skyddsoga\\\/#primaryimage\"},\"thumbnailUrl\":\"https:\\\/\\\/iwell-guard.com\\\/wp-content\\\/uploads\\\/2026\\\/05\\\/schutzsymbol_tuerkei_nazar-2.webp\",\"datePublished\":\"2026-09-03T00:12:09+00:00\",\"dateModified\":\"2026-09-03T01:18:32+00:00\",\"description\":\"Nazar Boncu\u011fu, det bl\u00e5 glas\u00f6gat, betraktas i Medelhavsomr\u00e5det som ett skydd mot det onda \u00f6gat. Ursprung, tillverkning och anv\u00e4ndning f\u00f6rklaras.\",\"breadcrumb\":{\"@id\":\"https:\\\/\\\/iwell-guard.com\\\/sv\\\/nazar-boncugu-skyddsoga\\\/#breadcrumb\"},\"inLanguage\":\"sv-SE\",\"potentialAction\":[{\"@type\":\"ReadAction\",\"target\":[\"https:\\\/\\\/iwell-guard.com\\\/sv\\\/nazar-boncugu-skyddsoga\\\/\"]}]},{\"@type\":\"ImageObject\",\"inLanguage\":\"sv-SE\",\"@id\":\"https:\\\/\\\/iwell-guard.com\\\/sv\\\/nazar-boncugu-skyddsoga\\\/#primaryimage\",\"url\":\"https:\\\/\\\/iwell-guard.com\\\/wp-content\\\/uploads\\\/2026\\\/05\\\/schutzsymbol_tuerkei_nazar-2.webp\",\"contentUrl\":\"https:\\\/\\\/iwell-guard.com\\\/wp-content\\\/uploads\\\/2026\\\/05\\\/schutzsymbol_tuerkei_nazar-2.webp\",\"width\":1024,\"height\":1536,\"caption\":\"Skyddssymbol. Stilleben-illustration i museistil.\"},{\"@type\":\"BreadcrumbList\",\"@id\":\"https:\\\/\\\/iwell-guard.com\\\/sv\\\/nazar-boncugu-skyddsoga\\\/#breadcrumb\",\"itemListElement\":[{\"@type\":\"ListItem\",\"position\":1,\"name\":\"Start\",\"item\":\"https:\\\/\\\/iwell-guard.com\\\/sv\\\/?page_id=136483\"},{\"@type\":\"ListItem\",\"position\":2,\"name\":\"Nazar Boncu\u011fu \u2013 det bl\u00e5 skydds\u00f6gat mot det onda \u00f6gat\"}]},{\"@type\":\"WebSite\",\"@id\":\"https:\\\/\\\/iwell-guard.com\\\/sv\\\/#website\",\"url\":\"https:\\\/\\\/iwell-guard.com\\\/sv\\\/\",\"name\":\"iWell Guard\",\"description\":\"Schutz vor dunklen Einfl\u00fcssen\",\"publisher\":{\"@id\":\"https:\\\/\\\/iwell-guard.com\\\/sv\\\/#organization\"},\"potentialAction\":[{\"@type\":\"SearchAction\",\"target\":{\"@type\":\"EntryPoint\",\"urlTemplate\":\"https:\\\/\\\/iwell-guard.com\\\/sv\\\/?s={search_term_string}\"},\"query-input\":{\"@type\":\"PropertyValueSpecification\",\"valueRequired\":true,\"valueName\":\"search_term_string\"}}],\"inLanguage\":\"sv-SE\"},{\"@type\":\"Organization\",\"@id\":\"https:\\\/\\\/iwell-guard.com\\\/sv\\\/#organization\",\"name\":\"Ittermann electronic GmbH\",\"url\":\"https:\\\/\\\/iwell-guard.com\\\/sv\\\/\",\"logo\":{\"@type\":\"ImageObject\",\"inLanguage\":\"sv-SE\",\"@id\":\"https:\\\/\\\/iwell-guard.com\\\/sv\\\/#\\\/schema\\\/logo\\\/image\\\/\",\"url\":\"https:\\\/\\\/iwell-guard.com\\\/wp-content\\\/uploads\\\/2026\\\/05\\\/Ittermann-Logo-1182x237-1.png\",\"contentUrl\":\"https:\\\/\\\/iwell-guard.com\\\/wp-content\\\/uploads\\\/2026\\\/05\\\/Ittermann-Logo-1182x237-1.png\",\"width\":1182,\"height\":237,\"caption\":\"Ittermann electronic GmbH\"},\"image\":{\"@id\":\"https:\\\/\\\/iwell-guard.com\\\/sv\\\/#\\\/schema\\\/logo\\\/image\\\/\"},\"sameAs\":[\"https:\\\/\\\/pantip.com\\\/profile\\\/9367242\",\"https:\\\/\\\/micro.blog\\\/iwellguard\",\"https:\\\/\\\/www.diggerslist.com\\\/iwellguard\\\/about\",\"https:\\\/\\\/skitterphoto.com\\\/photographers\\\/2870314\\\/iwell-guard\",\"https:\\\/\\\/iwellguard.wordpress.com\\\/2026\\\/06\\\/06\\\/iwell-guard\\\/\",\"https:\\\/\\\/hub.docker.com\\\/u\\\/iwellguard\",\"https:\\\/\\\/www.pinterest.com\\\/iwellguard\\\/\",\"https:\\\/\\\/bit.ly\\\/m\\\/iwellguard\",\"https:\\\/\\\/entre-vos-mains.alsace.eu\\\/profiles\\\/iwellguard\\\/activity\",\"https:\\\/\\\/gravatar.com\\\/reallybeded8fd34\",\"https:\\\/\\\/naijamatta.com\\\/iwellguard\",\"https:\\\/\\\/www.goodreads.com\\\/iwellguard\",\"https:\\\/\\\/profile.hatena.ne.jp\\\/iwellguard\\\/\",\"https:\\\/\\\/experiment.com\\\/users\\\/iwellguard\",\"https:\\\/\\\/wakelet.com\\\/@iWellGuard82270\",\"https:\\\/\\\/www.chordie.com\\\/forum\\\/profile.php?id=2555664\",\"https:\\\/\\\/www.instapaper.com\\\/p\\\/17757966\",\"https:\\\/\\\/www.mapleprimes.com\\\/users\\\/iwellguard\",\"https:\\\/\\\/businesslistingplus.com\\\/profile\\\/iwell-guard\\\/\",\"https:\\\/\\\/telegra.ph\\\/iWell-Guard-06-06\",\"https:\\\/\\\/pbase.com\\\/iwellguard\\\/iwellguard\",\"https:\\\/\\\/b.hatena.ne.jp\\\/iwellguard\\\/20260607#bookmark-4788405196491818882\",\"https:\\\/\\\/fliphtml5.com\\\/home\\\/iwellguard\",\"https:\\\/\\\/anyflip.com\\\/homepage\\\/cmiwl#About\",\"https:\\\/\\\/transfur.com\\\/Users\\\/iwellguard\",\"http:\\\/\\\/delphi.larsbo.org\\\/user\\\/iwellguard\",\"https:\\\/\\\/jobs.lajobsportal.org\\\/profiles\\\/8380803-iwell-guard\",\"https:\\\/\\\/md.chaosdorf.de\\\/s\\\/jfbe5SBdJD\",\"https:\\\/\\\/www.lingvolive.com\\\/en-us\\\/profile\\\/9ecaeaca-ce11-4e51-9e71-01d55e2bff36\\\/translations\",\"https:\\\/\\\/www.fitday.com\\\/fitness\\\/forums\\\/members\\\/iwellguard.html\",\"https:\\\/\\\/www.mymeetbook.com\\\/iwellguard\",\"https:\\\/\\\/pxhere.com\\\/en\\\/photographer-me\\\/5040798\",\"https:\\\/\\\/disqus.com\\\/by\\\/iwellguard\\\/about\\\/\",\"https:\\\/\\\/pastelink.net\\\/hjwciqwq\",\"https:\\\/\\\/pubhtml5.com\\\/homepage\\\/scjhn\\\/\",\"https:\\\/\\\/www.bitchute.com\\\/channel\\\/2O2eOKzNqujT\",\"https:\\\/\\\/audiomack.com\\\/iwellguard\"]}]}<\/script>\n<!-- \/ Yoast SEO Premium plugin. -->","yoast_head_json":{"title":"Nazar Boncu\u011fu \u2013 det bl\u00e5 skydds\u00f6gat","description":"Nazar Boncu\u011fu, det bl\u00e5 glas\u00f6gat, betraktas i Medelhavsomr\u00e5det som ett skydd mot det onda \u00f6gat. Ursprung, tillverkning och anv\u00e4ndning f\u00f6rklaras.","robots":{"index":"index","follow":"follow","max-snippet":"max-snippet:-1","max-image-preview":"max-image-preview:large","max-video-preview":"max-video-preview:-1"},"canonical":"https:\/\/iwell-guard.com\/sv\/nazar-boncugu-skyddsoga\/","og_locale":"sv_SE","og_type":"article","og_title":"Nazar Boncu\u011fu \u2013 det bl\u00e5 skydds\u00f6gat mot det onda \u00f6gat","og_description":"Nazar Boncu\u011fu, det bl\u00e5 glas\u00f6gat, betraktas i Medelhavsomr\u00e5det som ett skydd mot det onda \u00f6gat. Ursprung, tillverkning och anv\u00e4ndning f\u00f6rklaras.","og_url":"https:\/\/iwell-guard.com\/sv\/nazar-boncugu-skyddsoga\/","og_site_name":"iWell Guard","article_modified_time":"2026-09-03T01:18:32+00:00","og_image":[{"width":1024,"height":1536,"url":"https:\/\/iwell-guard.com\/wp-content\/uploads\/2026\/05\/schutzsymbol_tuerkei_nazar-2.webp","type":"image\/webp"}],"twitter_card":"summary_large_image","schema":{"@context":"https:\/\/schema.org","@graph":[{"@type":"WebPage","@id":"https:\/\/iwell-guard.com\/sv\/nazar-boncugu-skyddsoga\/","url":"https:\/\/iwell-guard.com\/sv\/nazar-boncugu-skyddsoga\/","name":"Nazar Boncu\u011fu \u2013 det bl\u00e5 skydds\u00f6gat","isPartOf":{"@id":"https:\/\/iwell-guard.com\/sv\/#website"},"primaryImageOfPage":{"@id":"https:\/\/iwell-guard.com\/sv\/nazar-boncugu-skyddsoga\/#primaryimage"},"image":{"@id":"https:\/\/iwell-guard.com\/sv\/nazar-boncugu-skyddsoga\/#primaryimage"},"thumbnailUrl":"https:\/\/iwell-guard.com\/wp-content\/uploads\/2026\/05\/schutzsymbol_tuerkei_nazar-2.webp","datePublished":"2026-09-03T00:12:09+00:00","dateModified":"2026-09-03T01:18:32+00:00","description":"Nazar Boncu\u011fu, det bl\u00e5 glas\u00f6gat, betraktas i Medelhavsomr\u00e5det som ett skydd mot det onda \u00f6gat. Ursprung, tillverkning och anv\u00e4ndning f\u00f6rklaras.","breadcrumb":{"@id":"https:\/\/iwell-guard.com\/sv\/nazar-boncugu-skyddsoga\/#breadcrumb"},"inLanguage":"sv-SE","potentialAction":[{"@type":"ReadAction","target":["https:\/\/iwell-guard.com\/sv\/nazar-boncugu-skyddsoga\/"]}]},{"@type":"ImageObject","inLanguage":"sv-SE","@id":"https:\/\/iwell-guard.com\/sv\/nazar-boncugu-skyddsoga\/#primaryimage","url":"https:\/\/iwell-guard.com\/wp-content\/uploads\/2026\/05\/schutzsymbol_tuerkei_nazar-2.webp","contentUrl":"https:\/\/iwell-guard.com\/wp-content\/uploads\/2026\/05\/schutzsymbol_tuerkei_nazar-2.webp","width":1024,"height":1536,"caption":"Skyddssymbol. Stilleben-illustration i museistil."},{"@type":"BreadcrumbList","@id":"https:\/\/iwell-guard.com\/sv\/nazar-boncugu-skyddsoga\/#breadcrumb","itemListElement":[{"@type":"ListItem","position":1,"name":"Start","item":"https:\/\/iwell-guard.com\/sv\/?page_id=136483"},{"@type":"ListItem","position":2,"name":"Nazar Boncu\u011fu \u2013 det bl\u00e5 skydds\u00f6gat mot det onda \u00f6gat"}]},{"@type":"WebSite","@id":"https:\/\/iwell-guard.com\/sv\/#website","url":"https:\/\/iwell-guard.com\/sv\/","name":"iWell Guard","description":"Schutz vor dunklen Einfl\u00fcssen","publisher":{"@id":"https:\/\/iwell-guard.com\/sv\/#organization"},"potentialAction":[{"@type":"SearchAction","target":{"@type":"EntryPoint","urlTemplate":"https:\/\/iwell-guard.com\/sv\/?s={search_term_string}"},"query-input":{"@type":"PropertyValueSpecification","valueRequired":true,"valueName":"search_term_string"}}],"inLanguage":"sv-SE"},{"@type":"Organization","@id":"https:\/\/iwell-guard.com\/sv\/#organization","name":"Ittermann electronic GmbH","url":"https:\/\/iwell-guard.com\/sv\/","logo":{"@type":"ImageObject","inLanguage":"sv-SE","@id":"https:\/\/iwell-guard.com\/sv\/#\/schema\/logo\/image\/","url":"https:\/\/iwell-guard.com\/wp-content\/uploads\/2026\/05\/Ittermann-Logo-1182x237-1.png","contentUrl":"https:\/\/iwell-guard.com\/wp-content\/uploads\/2026\/05\/Ittermann-Logo-1182x237-1.png","width":1182,"height":237,"caption":"Ittermann electronic GmbH"},"image":{"@id":"https:\/\/iwell-guard.com\/sv\/#\/schema\/logo\/image\/"},"sameAs":["https:\/\/pantip.com\/profile\/9367242","https:\/\/micro.blog\/iwellguard","https:\/\/www.diggerslist.com\/iwellguard\/about","https:\/\/skitterphoto.com\/photographers\/2870314\/iwell-guard","https:\/\/iwellguard.wordpress.com\/2026\/06\/06\/iwell-guard\/","https:\/\/hub.docker.com\/u\/iwellguard","https:\/\/www.pinterest.com\/iwellguard\/","https:\/\/bit.ly\/m\/iwellguard","https:\/\/entre-vos-mains.alsace.eu\/profiles\/iwellguard\/activity","https:\/\/gravatar.com\/reallybeded8fd34","https:\/\/naijamatta.com\/iwellguard","https:\/\/www.goodreads.com\/iwellguard","https:\/\/profile.hatena.ne.jp\/iwellguard\/","https:\/\/experiment.com\/users\/iwellguard","https:\/\/wakelet.com\/@iWellGuard82270","https:\/\/www.chordie.com\/forum\/profile.php?id=2555664","https:\/\/www.instapaper.com\/p\/17757966","https:\/\/www.mapleprimes.com\/users\/iwellguard","https:\/\/businesslistingplus.com\/profile\/iwell-guard\/","https:\/\/telegra.ph\/iWell-Guard-06-06","https:\/\/pbase.com\/iwellguard\/iwellguard","https:\/\/b.hatena.ne.jp\/iwellguard\/20260607#bookmark-4788405196491818882","https:\/\/fliphtml5.com\/home\/iwellguard","https:\/\/anyflip.com\/homepage\/cmiwl#About","https:\/\/transfur.com\/Users\/iwellguard","http:\/\/delphi.larsbo.org\/user\/iwellguard","https:\/\/jobs.lajobsportal.org\/profiles\/8380803-iwell-guard","https:\/\/md.chaosdorf.de\/s\/jfbe5SBdJD","https:\/\/www.lingvolive.com\/en-us\/profile\/9ecaeaca-ce11-4e51-9e71-01d55e2bff36\/translations","https:\/\/www.fitday.com\/fitness\/forums\/members\/iwellguard.html","https:\/\/www.mymeetbook.com\/iwellguard","https:\/\/pxhere.com\/en\/photographer-me\/5040798","https:\/\/disqus.com\/by\/iwellguard\/about\/","https:\/\/pastelink.net\/hjwciqwq","https:\/\/pubhtml5.com\/homepage\/scjhn\/","https:\/\/www.bitchute.com\/channel\/2O2eOKzNqujT","https:\/\/audiomack.com\/iwellguard"]}]}},"_links":{"self":[{"href":"https:\/\/iwell-guard.com\/sv\/wp-json\/wp\/v2\/pages\/137028","targetHints":{"allow":["GET"]}}],"collection":[{"href":"https:\/\/iwell-guard.com\/sv\/wp-json\/wp\/v2\/pages"}],"about":[{"href":"https:\/\/iwell-guard.com\/sv\/wp-json\/wp\/v2\/types\/page"}],"author":[{"embeddable":true,"href":"https:\/\/iwell-guard.com\/sv\/wp-json\/wp\/v2\/users\/3"}],"replies":[{"embeddable":true,"href":"https:\/\/iwell-guard.com\/sv\/wp-json\/wp\/v2\/comments?post=137028"}],"version-history":[{"count":0,"href":"https:\/\/iwell-guard.com\/sv\/wp-json\/wp\/v2\/pages\/137028\/revisions"}],"wp:featuredmedia":[{"embeddable":true,"href":"https:\/\/iwell-guard.com\/sv\/wp-json\/wp\/v2\/media\/3438"}],"wp:attachment":[{"href":"https:\/\/iwell-guard.com\/sv\/wp-json\/wp\/v2\/media?parent=137028"}],"wp:term":[{"taxonomy":"category","embeddable":true,"href":"https:\/\/iwell-guard.com\/sv\/wp-json\/wp\/v2\/categories?post=137028"}],"curies":[{"name":"wp","href":"https:\/\/api.w.org\/{rel}","templated":true}]}}