{"id":137019,"date":"2026-09-03T00:12:04","date_gmt":"2026-09-03T00:12:04","guid":{"rendered":"https:\/\/iwell-guard.com\/?page_id=137019"},"modified":"2026-09-03T01:18:19","modified_gmt":"2026-09-03T01:18:19","slug":"gede","status":"publish","type":"page","link":"https:\/\/iwell-guard.com\/sv\/gede\/","title":{"rendered":"Gede"},"content":{"rendered":"\t\t<div data-elementor-type=\"wp-page\" data-elementor-id=\"137019\" class=\"elementor elementor-137019 elementor-3059 elementor-bc-flex-widget\" data-elementor-post-type=\"page\">\n\t\t\t\t<div class=\"elementor-element elementor-element-7dc05f7 e-flex e-con-boxed e-con e-parent\" data-id=\"7dc05f7\" data-element_type=\"container\" data-e-type=\"container\" data-settings=\"{&quot;background_background&quot;:&quot;classic&quot;}\">\n\t\t\t\t\t<div class=\"e-con-inner\">\n\t\t<div class=\"elementor-element elementor-element-b93596f e-flex e-con-boxed e-con e-child\" data-id=\"b93596f\" data-element_type=\"container\" data-e-type=\"container\">\n\t\t\t\t\t<div class=\"e-con-inner\">\n\t\t<div class=\"elementor-element elementor-element-3f8f1db e-con-full e-flex e-con e-child\" data-id=\"3f8f1db\" data-element_type=\"container\" data-e-type=\"container\">\n\t\t\t\t<div class=\"elementor-element elementor-element-94814d9 elementor-widget elementor-widget-heading\" data-id=\"94814d9\" data-element_type=\"widget\" data-e-type=\"widget\" data-widget_type=\"heading.default\">\n\t\t\t\t\t<h1 class=\"elementor-heading-title elementor-size-default\">Gede, d\u00f6dens loa-familj inom vodou<\/h1>\t\t\t\t<\/div>\n\t\t\t\t<div class=\"elementor-element elementor-element-5ad7a2a elementor-widget elementor-widget-text-editor\" data-id=\"5ad7a2a\" data-element_type=\"widget\" data-e-type=\"widget\" data-widget_type=\"text-editor.default\">\n\t\t\t\t\t\t\t\t\t<p>Gede (\u00e4ven Ghede eller Gu\u00e9d\u00e9) \u00e4r inom den haitiska vodoun inte en enskild loa, utan en hel familj av andar som \u00e4r f\u00f6rknippade med d\u00f6d, sexualitet, livslust och l\u00e4kning.<\/p><p>I spetsen f\u00f6r denna familj st\u00e5r Baron Samedi, Baron La Croix och Baron Cimeti\u00e8re, som anses vara kyrkog\u00e5rdens herrar, samt Maman Brigitte, de d\u00f6das h\u00e4rskarinna. Gede \u00e4r de mest popul\u00e4ra och m\u00e5ngtydiga loa inom den haitiska traditionen, p\u00e5 samma g\u00e5ng v\u00f6rdnadsbjudande och burleska, och h\u00f6r till de mest kreoliserade andarna i den haitiska panteonen. Som d\u00f6dens loa-familj f\u00f6rbinder Gede de d\u00f6das rike med de levandes angel\u00e4genheter.<\/p>\t\t\t\t\t\t\t\t<\/div>\n\t\t\t\t<\/div>\n\t\t<div class=\"elementor-element elementor-element-bdc6a50 e-con-full e-flex e-con e-parent\" data-id=\"bdc6a50\" data-element_type=\"container\" data-e-type=\"container\">\n\t\t\t\t<div class=\"elementor-element elementor-element-2161d0e elementor-widget elementor-widget-html\" data-id=\"2161d0e\" data-element_type=\"widget\" data-e-type=\"widget\" data-widget_type=\"html.default\">\n\t\t\t\t\t<div class=\"iwg-pill-row\"><span class=\"iwg-klasse-badge\" tabindex=\"0\" data-tooltip=\"Gud\/gudinna: Personifierad h\u00f6gsta makt inom en kulturs pantheon, med tydliga ansvarsomr\u00e5den som naturkrafter, \u00f6de, krig och fruktbarhet. Dyrkas genom kulter, offer och tempelinstitutioner.\">Gud<\/span><a href=\"https:\/\/iwell-guard.com\/sv\/vodou\/\" class=\"iwg-kultur-badge\" tabindex=\"0\" data-tooltip=\"Haitisk-v\u00e4stafrikansk vodoutradition med lwa-v\u00e4sen, som religionshistoriskt vandrat fr\u00e5n V\u00e4stafrika till Karibien.\">Vodou<\/a><\/div>\t\t\t\t<\/div>\n\t\t\t\t<\/div>\n\t\t<div class=\"elementor-element elementor-element-a5935fe e-con-full e-flex e-con e-child\" data-id=\"a5935fe\" data-element_type=\"container\" data-e-type=\"container\">\n\t\t\t\t<div class=\"elementor-element elementor-element-bcfe47e elementor-toc--minimized-on-tablet elementor-widget elementor-widget-table-of-contents\" data-id=\"bcfe47e\" data-element_type=\"widget\" data-e-type=\"widget\" data-settings=\"{&quot;exclude_headings_by_selector&quot;:[],&quot;no_headings_message&quot;:&quot;Inga rubriker hittades p\\u00e5 den h\\u00e4r sidan.&quot;,&quot;headings_by_tags&quot;:[&quot;h2&quot;,&quot;h3&quot;],&quot;marker_view&quot;:&quot;bullets&quot;,&quot;icon&quot;:{&quot;value&quot;:&quot;fas fa-circle&quot;,&quot;library&quot;:&quot;fa-solid&quot;,&quot;rendered_tag&quot;:&quot;&lt;svg class=\\&quot;e-font-icon-svg e-fas-circle\\&quot; viewBox=\\&quot;0 0 512 512\\&quot; xmlns=\\&quot;http:\\\/\\\/www.w3.org\\\/2000\\\/svg\\&quot;&gt;&lt;path d=\\&quot;M256 8C119 8 8 119 8 256s111 248 248 248 248-111 248-248S393 8 256 8z\\&quot;&gt;&lt;\\\/path&gt;&lt;\\\/svg&gt;&quot;},&quot;minimize_box&quot;:&quot;yes&quot;,&quot;minimized_on&quot;:&quot;tablet&quot;,&quot;hierarchical_view&quot;:&quot;yes&quot;,&quot;min_height&quot;:{&quot;unit&quot;:&quot;px&quot;,&quot;size&quot;:&quot;&quot;,&quot;sizes&quot;:[]},&quot;min_height_tablet&quot;:{&quot;unit&quot;:&quot;px&quot;,&quot;size&quot;:&quot;&quot;,&quot;sizes&quot;:[]},&quot;min_height_mobile&quot;:{&quot;unit&quot;:&quot;px&quot;,&quot;size&quot;:&quot;&quot;,&quot;sizes&quot;:[]}}\" data-widget_type=\"table-of-contents.default\">\n\t\t\t\t\t\t\t\t\t<div class=\"elementor-toc__header\">\n\t\t\t\t\t\t<h2 class=\"elementor-toc__header-title\">\n\t\t\t\tInneh\u00e5llsf\u00f6rteckning\t\t\t<\/h2>\n\t\t\t\t\t\t\t\t\t\t<div class=\"elementor-toc__toggle-button elementor-toc__toggle-button--expand\" role=\"button\" tabindex=\"0\" aria-controls=\"elementor-toc__bcfe47e\" aria-expanded=\"true\" aria-label=\"\u00d6ppna inneh\u00e5llsf\u00f6rteckning\"><svg aria-hidden=\"true\" class=\"e-font-icon-svg e-fas-chevron-down\" viewBox=\"0 0 448 512\" xmlns=\"http:\/\/www.w3.org\/2000\/svg\"><path d=\"M207.029 381.476L12.686 187.132c-9.373-9.373-9.373-24.569 0-33.941l22.667-22.667c9.357-9.357 24.522-9.375 33.901-.04L224 284.505l154.745-154.021c9.379-9.335 24.544-9.317 33.901.04l22.667 22.667c9.373 9.373 9.373 24.569 0 33.941L240.971 381.476c-9.373 9.372-24.569 9.372-33.942 0z\"><\/path><\/svg><\/div>\n\t\t\t\t<div class=\"elementor-toc__toggle-button elementor-toc__toggle-button--collapse\" role=\"button\" tabindex=\"0\" aria-controls=\"elementor-toc__bcfe47e\" aria-expanded=\"true\" aria-label=\"St\u00e4ng inneh\u00e5llsf\u00f6rteckning\"><svg aria-hidden=\"true\" class=\"e-font-icon-svg e-fas-chevron-up\" viewBox=\"0 0 448 512\" xmlns=\"http:\/\/www.w3.org\/2000\/svg\"><path d=\"M240.971 130.524l194.343 194.343c9.373 9.373 9.373 24.569 0 33.941l-22.667 22.667c-9.357 9.357-24.522 9.375-33.901.04L224 227.495 69.255 381.516c-9.379 9.335-24.544 9.317-33.901-.04l-22.667-22.667c-9.373-9.373-9.373-24.569 0-33.941L207.03 130.525c9.372-9.373 24.568-9.373 33.941-.001z\"><\/path><\/svg><\/div>\n\t\t\t\t\t<\/div>\n\t\t\t\t<div id=\"elementor-toc__bcfe47e\" class=\"elementor-toc__body\">\n\t\t\t<div class=\"elementor-toc__spinner-container\">\n\t\t\t\t<svg class=\"elementor-toc__spinner eicon-animation-spin e-font-icon-svg e-eicon-loading\" aria-hidden=\"true\" viewBox=\"0 0 1000 1000\" xmlns=\"http:\/\/www.w3.org\/2000\/svg\"><path d=\"M500 975V858C696 858 858 696 858 500S696 142 500 142 142 304 142 500H25C25 237 238 25 500 25S975 237 975 500 763 975 500 975Z\"><\/path><\/svg>\t\t\t<\/div>\n\t\t<\/div>\n\t\t\t\t\t\t<\/div>\n\t\t\t\t<\/div>\n\t\t\t\t\t<\/div>\n\t\t\t\t<\/div>\n\t\t<div class=\"elementor-element elementor-element-606722d e-con-full e-flex e-con e-child\" data-id=\"606722d\" data-element_type=\"container\" data-e-type=\"container\">\n\t\t\t\t<div class=\"elementor-element elementor-element-4aa934d iwg-hero-image elementor-widget elementor-widget-image\" data-id=\"4aa934d\" data-element_type=\"widget\" data-e-type=\"widget\" data-widget_type=\"image.default\">\n\t\t\t\t\t\t\t\t\t\t\t\t\t\t\t<img fetchpriority=\"high\" decoding=\"async\" width=\"683\" height=\"1024\" src=\"https:\/\/iwell-guard.com\/wp-content\/uploads\/2026\/05\/goetter_vodou_gede-683x1024.webp\" class=\"attachment-large size-large wp-image-135961\" alt=\"Gede \u2013 gudar fr\u00e5n vodoutraditionen, historiskt-illustrativ\" srcset=\"https:\/\/iwell-guard.com\/wp-content\/uploads\/2026\/05\/goetter_vodou_gede-683x1024.webp 683w, https:\/\/iwell-guard.com\/wp-content\/uploads\/2026\/05\/goetter_vodou_gede-200x300.webp 200w, https:\/\/iwell-guard.com\/wp-content\/uploads\/2026\/05\/goetter_vodou_gede-768x1152.webp 768w, https:\/\/iwell-guard.com\/wp-content\/uploads\/2026\/05\/goetter_vodou_gede.webp 1024w\" sizes=\"(max-width: 683px) 100vw, 683px\" \/>\t\t\t\t\t\t\t\t\t\t\t\t\t\t\t<\/div>\n\t\t\t\t<\/div>\n\t\t\t\t\t<\/div>\n\t\t\t\t<\/div>\n\t\t<div class=\"elementor-element elementor-element-c4d71f3 e-con-boxed e-flex e-con e-parent\" data-id=\"c4d71f3\" data-element_type=\"container\" data-e-type=\"container\">\n\t\t\t\t\t<div class=\"e-con-inner\">\n\t\t<div class=\"elementor-element elementor-element-ebf8899 e-con-full e-flex e-con e-child\" data-id=\"ebf8899\" data-element_type=\"container\" data-e-type=\"container\">\n\t\t\t\t<div class=\"elementor-element elementor-element-40e6f99 elementor-widget elementor-widget-heading\" data-id=\"40e6f99\" data-element_type=\"widget\" data-e-type=\"widget\" data-widget_type=\"heading.default\">\n\t\t\t\t\t<h2 class=\"elementor-heading-title elementor-size-default\">V\u00e4sen och funktion<\/h2>\t\t\t\t<\/div>\n\t\t\t\t<div class=\"elementor-element elementor-element-ecc4643 elementor-widget elementor-widget-text-editor\" data-id=\"ecc4643\" data-element_type=\"widget\" data-e-type=\"widget\" data-widget_type=\"text-editor.default\">\n\t\t\t\t\t\t\t\t\t<p>Gede st\u00e5r vid gr\u00e4nsen mellan de levandes och de d\u00f6das v\u00e4rldar. De k\u00e4nner d\u00f6dsriket, eftersom de sj\u00e4lva bor d\u00e4r, och de k\u00e4nner den h\u00e4r sidan, eftersom de regelbundet \u00e5terv\u00e4nder till de levande.<\/p><p>Denna dubbelposition g\u00f6r dem till l\u00e4kare, f\u00f6rmedlare och v\u00e4ktare av det f\u00f6rflutnas och framtidens \u00f6den. De \u00e4r ocks\u00e5 de loa som ansvarar f\u00f6r sexualitet, fruktbarhet och barnaskydd, vilket f\u00f6rklaras av deras position som v\u00e4ktare av livets b\u00f6rjan och livets slut.<\/p>\n\n<p><span data-nosnippet>Maya Deren beskrev i \u00abDivine Horsemen\u00bb (1953) Gedes paradoxala natur: de \u00e4r d\u00f6dens andar, men samtidigt h\u00f6gljudda, smutsiga och livsbejakande som inga andra andar inom denna tradition.<\/span><\/p><p>N\u00e4r Gede rider en troende, upptr\u00e4der ofta ett drastiskt sexuellt och skatologiskt spr\u00e5k, kombinerat med grovt hum\u00f6r och en enast\u00e5ende l\u00e4kande kraft. Denna f\u00f6rening av kyrkog\u00e5rd och livslust \u00e4r enligt Deren ett teologiskt uttalande om odelbarheten mellan d\u00f6d och liv.<\/p>\t\t\t\t\t\t\t\t<\/div>\n\t\t\t\t<\/div>\n\t\t<div class=\"elementor-element elementor-element-4b0b3ac e-con-full e-flex e-con e-child\" data-id=\"4b0b3ac\" data-element_type=\"container\" data-e-type=\"container\">\n\t\t\t\t<div class=\"elementor-element elementor-element-cb89823 elementor-widget elementor-widget-heading\" data-id=\"cb89823\" data-element_type=\"widget\" data-e-type=\"widget\" data-widget_type=\"heading.default\">\n\t\t\t\t\t<h2 class=\"elementor-heading-title elementor-size-default\">Baron-familjen<\/h2>\t\t\t\t<\/div>\n\t\t\t\t<div class=\"elementor-element elementor-element-4088891 elementor-widget elementor-widget-text-editor\" data-id=\"4088891\" data-element_type=\"widget\" data-e-type=\"widget\" data-widget_type=\"text-editor.default\">\n\t\t\t\t\t\t\t\t\t<p>I spetsen f\u00f6r Gede-familjen st\u00e5r \u00abBaron\u00bb-manifestationerna, som var och en representerar en aspekt av kyrkog\u00e5rdens herrav\u00e4lde. Baron Samedi (\u00abL\u00f6rdagsbaronen\u00bb) \u00e4r den mest k\u00e4nda; han b\u00e4r en svart frack, en svart h\u00f6g hatt, svarta solglas\u00f6gon (ofta med ett saknat glas) och en promenadk\u00e4pp.<\/p><p>Han anses vara v\u00e4ktaren som leder de d\u00f6da till d\u00f6dsriket, och l\u00e4karen som kan f\u00f6ra d\u00f6ende tillbaka till livet.<\/p>\n\n<p>Baron La Croix (\u00abKorsets baron\u00bb) \u00e4r uppst\u00e5ndelsens och \u00f6verg\u00e5ngens aspekt; han st\u00e5r f\u00f6r den slutliga tr\u00f6skeln mellan liv och d\u00f6d. Baron Cimeti\u00e8re (\u00abKyrkog\u00e5rdens baron\u00bb) \u00e4r v\u00e4ktaren av den konkreta begravningsplatsen.<\/p><p>Dessa tre Baron-manifestationer dyrkas tillsammans och delar m\u00e5nga attribut utan att sm\u00e4lta samman. Karen McCarthy Brown har i \u00abMama Lola\u00bb beskrivit distinktionerna och sambanden i detalj utifr\u00e5n en ut\u00f6vande pr\u00e4stinnas perspektiv.<\/p>\t\t\t\t\t\t\t\t<\/div>\n\t\t\t\t<\/div>\n\t\t<div class=\"elementor-element elementor-element-8224ea7 e-con-full e-flex e-con e-child\" data-id=\"8224ea7\" data-element_type=\"container\" data-e-type=\"container\">\n\t\t\t\t<div class=\"elementor-element elementor-element-207f47a elementor-widget elementor-widget-heading\" data-id=\"207f47a\" data-element_type=\"widget\" data-e-type=\"widget\" data-widget_type=\"heading.default\">\n\t\t\t\t\t<h2 class=\"elementor-heading-title elementor-size-default\">Maman Brigitte<\/h2>\t\t\t\t<\/div>\n\t\t\t\t<div class=\"elementor-element elementor-element-0973de5 elementor-widget elementor-widget-text-editor\" data-id=\"0973de5\" data-element_type=\"widget\" data-e-type=\"widget\" data-widget_type=\"text-editor.default\">\n\t\t\t\t\t\t\t\t\t<p>Maman Brigitte, de d\u00f6das h\u00e4rskarinna och Baron Samedis hustru, \u00e4r den viktigaste kvinnliga manifestationen inom Gede-familjen. Hon \u00e4r f\u00f6rknippad med kyrkog\u00e5rden, med skyddet av kvinnor och med l\u00e4keritualer.<\/p><p>Hennes ikonografiska form visar henne som en r\u00f6dh\u00e5rig kvinna, vilket inom forskningen om den haitiska traditionen har tolkats som en m\u00f6jlig antydan om ett skotsk-keltiskt substratsamband, dock spekulativt. Vissa forskare, bland dem Leslie Desmangles, ser i figuren en koppling till den irl\u00e4ndska Sankta Brigida, vars dyrkan kan ha n\u00e5tt Karibien via franska katolska mission\u00e4rer.<\/p>\n\n<p>Maman Brigitte dyrkas s\u00e4rskilt av kvinnor som ber om skydd f\u00f6r sina barn, om l\u00e4kning vid gynekologiska besv\u00e4r eller om st\u00f6d i familjekriser.<\/p><p>Hennes <span class=\"iwg-fachbegriff\" data-tooltip=\"Det bedjande eller besv\u00e4rjande tilltalet av en gudom eller makt.\" tabindex=\"0\">\u00e5kallan<\/span> sker vid den f\u00f6rsta kvinnans grav p\u00e5 respektive kyrkog\u00e5rd, vilken traditionellt \u00e4r reserverad f\u00f6r henne. Denna sedv\u00e4nja \u00e4r vanlig i Haiti och har analyserats av Joan Dayan i hennes arbeten om den haitiska traditionens k\u00f6nsordning, som ett exempel p\u00e5 kvinnlig religi\u00f6s makt.<\/p>\t\t\t\t\t\t\t\t<\/div>\n\t\t\t\t<\/div>\n\t\t<div class=\"elementor-element elementor-element-7743900 e-con-full e-flex e-con e-child\" data-id=\"7743900\" data-element_type=\"container\" data-e-type=\"container\">\n\t\t\t\t<div class=\"elementor-element elementor-element-3e14b92 elementor-widget elementor-widget-heading\" data-id=\"3e14b92\" data-element_type=\"widget\" data-e-type=\"widget\" data-widget_type=\"heading.default\">\n\t\t\t\t\t<h2 class=\"elementor-heading-title elementor-size-default\">V\u00e4stafrikanska och kreolska r\u00f6tter<\/h2>\t\t\t\t<\/div>\n\t\t\t\t<div class=\"elementor-element elementor-element-d5efa22 elementor-widget elementor-widget-text-editor\" data-id=\"d5efa22\" data-element_type=\"widget\" data-e-type=\"widget\" data-widget_type=\"text-editor.default\">\n\t\t\t\t\t\t\t\t\t<p>Gede-familjens r\u00f6tter finns i flera v\u00e4stafrikanska traditioner, men \u00e4r starkt kreoliserade. Viktiga f\u00f6reg\u00e5ngare \u00e4r fonfolkets f\u00f6rf\u00e4derskult (vodun) och yorubas egungun-tradition, d\u00e4r maskerade dansare upptr\u00e4der som f\u00f6rf\u00e4dernas f\u00f6rkroppsligande. F\u00f6rest\u00e4llningen om Gede som en egen familj av andar som upptr\u00e4der kollektivt h\u00e4rstammar troligen ocks\u00e5 fr\u00e5n fon-traditionen.<\/p>\n\n<p>Alfred M\u00e9traux har p\u00e5pekat att den specifika formen av Gede i Haiti uppvisar starka kreolska drag som inte direkt kan h\u00e4rledas ur afrikanska f\u00f6rlagor.<\/p><p>Kombinationen av kyrkog\u00e5rd, sexualitet och burlesk \u00e4r i denna koncentration endast belagd inom den haitiska traditionen och verkar vara ett svar fr\u00e5n den f\u00f6rslavade befolkningen p\u00e5 erfarenheten av massd\u00f6d under slaveriet. Joan Dayan har vidareutvecklat denna tes och visat hur Gede utg\u00f6r en kollektiv bearbetning av slaveriets historia.<\/p>\t\t\t\t\t\t\t\t<\/div>\n\t\t\t\t<\/div>\n\t\t<div class=\"elementor-element elementor-element-8a53b3b e-con-full e-flex e-con e-child\" data-id=\"8a53b3b\" data-element_type=\"container\" data-e-type=\"container\">\n\t\t\t\t<div class=\"elementor-element elementor-element-4735832 elementor-widget elementor-widget-heading\" data-id=\"4735832\" data-element_type=\"widget\" data-e-type=\"widget\" data-widget_type=\"heading.default\">\n\t\t\t\t\t<h2 class=\"elementor-heading-title elementor-size-default\">Symboler och attribut<\/h2>\t\t\t\t<\/div>\n\t\t\t\t<div class=\"elementor-element elementor-element-28e67b2 elementor-widget elementor-widget-text-editor\" data-id=\"28e67b2\" data-element_type=\"widget\" data-e-type=\"widget\" data-widget_type=\"text-editor.default\">\n\t\t\t\t\t\t\t\t\t<p>Gedes huvudsymboler \u00e4r korset (ofta som ett kyrkog\u00e5rdskors), skallen, de svarta solglas\u00f6gonen, den svarta h\u00f6ga hatten, fracken och promenadk\u00e4ppen. Svart och violett \u00e4r huvudf\u00e4rgerna. \u00abV\u00e8v\u00e8\u00bb, de rituella marktecknen, visar oftast ett kors, en likkista eller en skalle med korsade ben.<\/p>\n\n<p>De f\u00f6redragna offerg\u00e5vorna \u00e4r stark rom (ofta blandad med peppar), tobak, jordn\u00f6tter, kaffe och starka karameller. En s\u00e4rskild specialitet \u00e4r \u00abkleren\u00bb, en starkt alkoholhaltig karibisk rom som ofta \u00e4r blandad med 21 olika starka kryddor.<\/p><p>Denna blandning dricks traditionellt vid <span class=\"iwg-fachbegriff\" data-tooltip=\"Det bedjande eller besv\u00e4rjande tilltalet av en gudom eller makt.\" tabindex=\"0\">\u00e5kallan<\/span> av Gede och betraktas som ett k\u00e4nnetecken f\u00f6r deras rituella praktik. \u00c4ven att t\u00e4nda eld p\u00e5 och sv\u00e4lja mindre m\u00e4ngder brinnande rom h\u00f6r till deras manifestationer.<\/p>\t\t\t\t\t\t\t\t<\/div>\n\t\t\t\t<\/div>\n\t\t<div class=\"elementor-element elementor-element-455723c e-con-full e-flex e-con e-child\" data-id=\"455723c\" data-element_type=\"container\" data-e-type=\"container\">\n\t\t\t\t<div class=\"elementor-element elementor-element-b1a0639 elementor-widget elementor-widget-heading\" data-id=\"b1a0639\" data-element_type=\"widget\" data-e-type=\"widget\" data-widget_type=\"heading.default\">\n\t\t\t\t\t<h2 class=\"elementor-heading-title elementor-size-default\">H\u00f6gtidsdag och kyrkog\u00e5rdsritual<\/h2>\t\t\t\t<\/div>\n\t\t\t\t<div class=\"elementor-element elementor-element-0a89c89 elementor-widget elementor-widget-text-editor\" data-id=\"0a89c89\" data-element_type=\"widget\" data-e-type=\"widget\" data-widget_type=\"text-editor.default\">\n\t\t\t\t\t\t\t\t\t<p>Den viktigaste h\u00f6gtiden f\u00f6r Gede \u00e4r \u00abF\u00e8t Gede\u00bb, som sammanfaller med de katolska h\u00f6gtiderna Alla helgons dag och Alla sj\u00e4lars dag (1 och 2 november). Under dessa dagar samlas anh\u00e4ngarna av denna tradition p\u00e5 kyrkog\u00e5rdarna, framf\u00f6r allt p\u00e5 huvudkyrkog\u00e5rden i Port-au-Prince.<\/p><p>De reng\u00f6r gravarna, t\u00e4nder ljus, offrar mat och dansar till trumrytmer. St\u00e4mningen \u00e4r samtidigt h\u00f6gtidlig och uppsluppen, med karnevalselement och obscena s\u00e5nger.<\/p>\n\n<p><span data-nosnippet>Elizabeth McAlister har i \u00abRara!\u00bb (2002) ing\u00e5ende dokumenterat F\u00e8t Gede och visat hur den fyller en viktig funktion i den haitiska minneskulturen.<\/span><\/p><p>Det \u00e4r inte bara en religi\u00f6s h\u00f6gtid, utan \u00e4ven en kollektiv minneshandling f\u00f6r de avlidna, framf\u00f6r allt f\u00f6r <span class=\"iwg-fachbegriff\" data-tooltip=\"G\u00e5va till en gudom f\u00f6r att uttrycka tack, \u00f6nskan eller v\u00f6rdnad.\" tabindex=\"0\">offren<\/span> f\u00f6r slaveriet och det politiska v\u00e5ldet. Under 1980- och 1990-talet blev h\u00f6gtiden alltmer politiskt laddad och kopplades samman med demokratir\u00f6relsen.<\/p>\t\t\t\t\t\t\t\t<\/div>\n\t\t\t\t<\/div>\n\t\t<div class=\"elementor-element elementor-element-eba842e e-con-full e-flex e-con e-child\" data-id=\"eba842e\" data-element_type=\"container\" data-e-type=\"container\">\n\t\t\t\t<div class=\"elementor-element elementor-element-63d393d elementor-widget elementor-widget-heading\" data-id=\"63d393d\" data-element_type=\"widget\" data-e-type=\"widget\" data-widget_type=\"heading.default\">\n\t\t\t\t\t<h2 class=\"elementor-heading-title elementor-size-default\">L\u00e4kande funktion<\/h2>\t\t\t\t<\/div>\n\t\t\t\t<div class=\"elementor-element elementor-element-e202548 elementor-widget elementor-widget-text-editor\" data-id=\"e202548\" data-element_type=\"widget\" data-e-type=\"widget\" data-widget_type=\"text-editor.default\">\n\t\t\t\t\t\t\t\t\t<p>Trots sin koppling till d\u00f6den \u00e4r Gede de viktigaste helarna i den haitiska traditionens pantheon. N\u00e4r en m\u00e4nniska befinner sig p\u00e5 d\u00f6dens tr\u00f6skel \u00e5kallas Baron Samedi f\u00f6r att f\u00f6ra henne tillbaka till livet.<\/p><p>Denna l\u00e4kande funktion h\u00e4rr\u00f6r fr\u00e5n hans st\u00e4llning som kyrkog\u00e5rdens herre: endast han kan avg\u00f6ra om en d\u00f6ende ska sl\u00e4ppas in eller skickas tillbaka. I m\u00e5nga traditionella ber\u00e4ttelser \u00e5terv\u00e4nder en d\u00f6ende till livet genom Baron Samedis ingripande.<\/p>\n\n<p>Karen McCarthy Brown har i \u00abMama Lola\u00bb dokumenterat flera fall d\u00e4r anh\u00e4ngare \u00e5kallade Baron Samedi f\u00f6r att r\u00e4dda sv\u00e5rt sjuka familjemedlemmar.<\/p><p>Denna l\u00e4kande funktion \u00e4r \u00e4ven relevant i samband med r\u00e4ttskipning och konfliktl\u00f6sning: Gede betraktas som omutliga domare som har sista ordet i komplicerade tvister. Denna juridiska dimension f\u00f6rbinder dem med den v\u00e4stafrikanska traditionen av f\u00f6rf\u00e4ders r\u00e4ttskipning.<\/p>\t\t\t\t\t\t\t\t<\/div>\n\t\t\t\t<\/div>\n\t\t<div class=\"elementor-element elementor-element-9fe9472 e-con-full e-flex e-con e-child\" data-id=\"9fe9472\" data-element_type=\"container\" data-e-type=\"container\">\n\t\t\t\t<div class=\"elementor-element elementor-element-0022c66 elementor-widget elementor-widget-heading\" data-id=\"0022c66\" data-element_type=\"widget\" data-e-type=\"widget\" data-widget_type=\"heading.default\">\n\t\t\t\t\t<h2 class=\"elementor-heading-title elementor-size-default\">Synkretistisk identifikation<\/h2>\t\t\t\t<\/div>\n\t\t\t\t<div class=\"elementor-element elementor-element-611978e elementor-widget elementor-widget-text-editor\" data-id=\"611978e\" data-element_type=\"widget\" data-e-type=\"widget\" data-widget_type=\"text-editor.default\">\n\t\t\t\t\t\t\t\t\t<p>I det katolsk-vodou-synkretistiska systemet identifieras de olika Baron-manifestationerna med olika katolska helgon. Baron Samedi f\u00f6rknippas ofta med Sankt Martin de Porres eller med en svart Maria-avbildning; Baron La Croix med Sankt Gerard Majella; Baron Cimeti\u00e8re med Sankt Expeditus.<\/p><p>Maman Brigitte identifieras med den heliga Maria Magdalena eller med Sankt Brigid. Dessa kopplingar varierar regionalt och f\u00f6ljer lokala ikonografiska konventioner.<\/p>\n\n<p>Leslie Desmangles har p\u00e5pekat att dessa synkretistiska kopplingar inte ska f\u00f6rst\u00e5s som f\u00f6rv\u00e4xlingar, utan som medvetna \u00f6vers\u00e4ttningsprestationer. De ut\u00f6vare av denna tradition vet mycket v\u00e4l att Baron Samedi inte \u00e4r identisk med Sankt Gerard; de anv\u00e4nder de katolska bilderna som visuella ankare, utan att ta \u00f6ver deras teologiska inneh\u00e5ll.<\/p><p>Denna \u00abdubbla religiositet\u00bb \u00e4r en specifik form av karibisk religiositet, som p\u00e5 j\u00e4mf\u00f6rbart s\u00e4tt \u00e4ven \u00e5terfinns i Kuba, i Brasilien och i de s\u00f6dra delarna av USA.<\/p>\t\t\t\t\t\t\t\t<\/div>\n\t\t\t\t<\/div>\n\t\t<div class=\"elementor-element elementor-element-b3c11d2 e-con-full e-flex e-con e-child\" data-id=\"b3c11d2\" data-element_type=\"container\" data-e-type=\"container\">\n\t\t\t\t<div class=\"elementor-element elementor-element-67f2994 elementor-widget elementor-widget-heading\" data-id=\"67f2994\" data-element_type=\"widget\" data-e-type=\"widget\" data-widget_type=\"heading.default\">\n\t\t\t\t\t<h2 class=\"elementor-heading-title elementor-size-default\">Forskning och kulturell betydelse<\/h2>\t\t\t\t<\/div>\n\t\t\t\t<div class=\"elementor-element elementor-element-02b0ab0 elementor-widget elementor-widget-text-editor\" data-id=\"02b0ab0\" data-element_type=\"widget\" data-e-type=\"widget\" data-widget_type=\"text-editor.default\">\n\t\t\t\t\t\t\t\t\t<p>Forskningen om Gede ing\u00e5r i den bredare forskningen om den haitiska traditionen och bygger p\u00e5 de klassiska arbetena av Maya Deren, Alfred M\u00e9traux och Karen McCarthy Brown.<\/p><p>Joan Dayan, Elizabeth McAlister, Leslie Desmangles och Claudine Michel har under de senaste decennierna presenterat mer nyanserade studier som tar h\u00e4nsyn till den kulturella, politiska och k\u00f6nsspecifika dimensionen av Gede-v\u00f6rdnaden. Gede betraktas idag som den teologiskt mest komplexa loa-familjen inom den haitiska traditionen, just p\u00e5 grund av att de f\u00f6renar till synes motstridiga funktioner.<\/p>\n\n<p>Inom popul\u00e4rkulturen \u00e4r Baron Samedi-gestalten den utan tvekan mest k\u00e4nda manifestationen av denna tradition. Han f\u00f6rekommer i James Bond-filmer (s\u00e4rskilt i \u00abLive and Let Die\u00bb), i Disneys animerade film \u00abThe Princess and the Frog\u00bb samt i ett stort antal romaner och s\u00e5nger.<\/p><p>Dessa popul\u00e4rkulturella tolkningar har starkt pr\u00e4glat den offentliga bilden av Baron Samedi, ofta p\u00e5 bekostnad av den religi\u00f6sa substansen. Den haitiska forskningen av Patrick Bellegarde-Smith och Laennec Hurbon har upprepade g\u00e5nger pekat p\u00e5 n\u00f6dv\u00e4ndigheten av att skilja mellan exotiserande framst\u00e4llning och religi\u00f6s tradition.<\/p>\t\t\t\t\t\t\t\t<\/div>\n\t\t\t\t<\/div>\n\t\t<div class=\"elementor-element elementor-element-a2eb336 e-con-full e-flex e-con e-child\" data-id=\"a2eb336\" data-element_type=\"container\" data-e-type=\"container\">\n\t\t\t\t<div class=\"elementor-element elementor-element-7003f5f elementor-widget elementor-widget-heading\" data-id=\"7003f5f\" data-element_type=\"widget\" data-e-type=\"widget\" data-widget_type=\"heading.default\">\n\t\t\t\t\t<h2 class=\"elementor-heading-title elementor-size-default\">Placering mellan Rada och Petwo<\/h2>\t\t\t\t<\/div>\n\t\t\t\t<div class=\"elementor-element elementor-element-9cea9a9 elementor-widget elementor-widget-text-editor\" data-id=\"9cea9a9\" data-element_type=\"widget\" data-e-type=\"widget\" data-widget_type=\"text-editor.default\">\n\t\t\t\t\t\t\t\t\t<p>Gede-familjen har en s\u00e4rskild st\u00e4llning inom den haitiska traditionen, eftersom den inte tydligt kan h\u00e4nf\u00f6ras till antingen Rada- eller Petwo-familjen. I de flesta hounfor behandlas den som en egen \u00abnation\u00bb (\u00abnasyon\u00bb), med egna trumrytmer (\u00abbanda\u00bb och \u00abgede\u00bb), egna s\u00e5nger och egna dansformer.<\/p><p>I den liturgiska ordningen under en rituell natt inom denna tradition framtr\u00e4der de oftast sist, efter Rada- och Petwo-riterna, vilket understryker deras funktion som \u00f6verg\u00e5ngsv\u00e4sen. De avslutar <span class=\"iwg-fachbegriff\" data-tooltip=\"En h\u00f6gtidlig handling som utf\u00f6rs enligt fasta regler.\" tabindex=\"0\">ceremonin<\/span>, precis som de avslutar livet sj\u00e4lvt.<\/p>\n<p><span data-nosnippet>Donald Cosentino har i \u00abSacred Arts of Haitian Vodou\u00bb (Los Angeles 1995) och i uppsatsen \u00abRepossession: Ogou in Folk Religion and Politics\u00bb presenterat en detaljerad analys av Gede-<span class=\"iwg-fachbegriff\" data-tooltip=\"L\u00e4ran om bildinneh\u00e5ll och deras betydelse.\" tabindex=\"0\">ikonografin<\/span>.<\/span><\/p><p>I samlingsverket \u00abThe Faces of the Gods\u00bb beskriver Leslie Desmangles hur Gede \u00e4r sammansatta av flera afrikanska substrat: de d\u00f6das familj hos Fon, Egungun-f\u00f6rf\u00e4derna hos Yoruba och Bakulu-f\u00f6rf\u00e4dersf\u00f6rest\u00e4llningarna hos Kongo-grupperna. Denna blandning utg\u00f6r grunden f\u00f6r den haitiskt egenartade Gede-familjen och f\u00f6rklarar dess teologiska m\u00e5ngfacetterade karakt\u00e4r.<\/p>\t\t\t\t\t\t\t\t<\/div>\n\t\t\t\t<\/div>\n\t\t<div class=\"elementor-element elementor-element-1f75832 e-con-full e-flex e-con e-child\" data-id=\"1f75832\" data-element_type=\"container\" data-e-type=\"container\">\n\t\t\t\t<div class=\"elementor-element elementor-element-b3a4782 elementor-widget elementor-widget-heading\" data-id=\"b3a4782\" data-element_type=\"widget\" data-e-type=\"widget\" data-widget_type=\"heading.default\">\n\t\t\t\t\t<h2 class=\"elementor-heading-title elementor-size-default\">Duvaliers till\u00e4gnelse av Baron Samedi<\/h2>\t\t\t\t<\/div>\n\t\t\t\t<div class=\"elementor-element elementor-element-7d8102b elementor-widget elementor-widget-text-editor\" data-id=\"7d8102b\" data-element_type=\"widget\" data-e-type=\"widget\" data-widget_type=\"text-editor.default\">\n\t\t\t\t\t\t\t\t\t<p><span data-nosnippet>Ett politiskt belastat kapitel i Gedes historia \u00e4r den haitiske diktatorn Fran\u00e7ois \u00abPapa Doc\u00bb Duvaliers (president 1957\u20131971) till\u00e4gnande av Baron Samedi. Duvalier framtr\u00e4dde offentligt med loans ikonografiska k\u00e4nnetecken: svart kostym, svart h\u00f6g hatt, svarta solglas\u00f6gon med saknat glas och ett nasalt tal.<\/span><\/p><p>Denna sj\u00e4lvframst\u00e4llning skulle framst\u00e4lla honom som en f\u00f6rkroppsling av kyrkog\u00e5rdens herre och d\u00e4rmed som oangriplig. Den utnyttjade den folkreligi\u00f6sa fruktan f\u00f6r d\u00f6den och f\u00f6r de d\u00f6das andar f\u00f6r att bef\u00e4sta skr\u00e4ckv\u00e4ldet.<\/p>\n<p>La\u00ebnnec Hurbon har i \u00abCulture et dictature en Ha\u00efti\u00bb (Paris 1979) och i senare studier analyserat den religionspolitiska mekaniken bakom detta till\u00e4gnande. Det var ingen autentisk rituell praktik inom den haitiska traditionen, utan en sekul\u00e4r instrumentalisering av religi\u00f6s symbolik. Traditionens gemenskap reagerade splittrat: n\u00e5gra houngans integrerades i regimen, andra tog avst\u00e5nd.<\/p><p><span data-nosnippet>Patrick Bellegarde-Smith har i \u00abHaiti: The Breached Citadel\u00bb (Boulder 1990) visat hur detta kapitel \u00e4n i dag belastar den internationella uppfattningen av den haitiska traditionen och tvingar forskningen till en sv\u00e5r f\u00f6rsvarsposition: Gedes religi\u00f6sa substans m\u00e5ste konsekvent skiljas fr\u00e5n den politiska karikatyren under Duvalier-regimen.<\/span><\/p>\t\t\t\t\t\t\t\t<\/div>\n\t\t\t\t<\/div>\n\t\t<div class=\"elementor-element elementor-element-0403dd0 e-con-full e-flex e-con e-child\" data-id=\"0403dd0\" data-element_type=\"container\" data-e-type=\"container\">\n\t\t\t\t<div class=\"elementor-element elementor-element-ee41834 elementor-widget elementor-widget-heading\" data-id=\"ee41834\" data-element_type=\"widget\" data-e-type=\"widget\" data-widget_type=\"heading.default\">\n\t\t\t\t\t<h2 class=\"elementor-heading-title elementor-size-default\">Enskilda Gede-loa och deras namn<\/h2>\t\t\t\t<\/div>\n\t\t\t\t<div class=\"elementor-element elementor-element-c9fcaf0 elementor-widget elementor-widget-text-editor\" data-id=\"c9fcaf0\" data-element_type=\"widget\" data-e-type=\"widget\" data-widget_type=\"text-editor.default\">\n\t\t\t\t\t\t\t\t\t<p>Gede-familjen \u00e4r ingen homogen grupp, utan en samling av m\u00e5nga individuella medlemmar, som var och en representerar en karakt\u00e4r och en social funktion.<\/p><p>Till de mer k\u00e4nda Gede h\u00f6r Gede Nibo (v\u00e4ktare av unga avlidna), Gede Doubye (med medicinsk funktion), Gede Plumaj (sk\u00e5despelarnas och de talkunnigas beskyddare), Gede Linto (ofta framst\u00e4lld som ett barn-loa), Gede Loraj (kopplad till \u00e5skan), Gede Souffrant (f\u00f6r de or\u00e4ttf\u00e4rdigt avlidna) och Gede Zarenyen (med spindelkonnotation).<\/p><p>Den exakta listan varierar fr\u00e5n hounfor till hounfor och \u00e5terges olika i den etnografiska litteraturen.<\/p>\n<p>Donald Cosentino har i samlingsverket \u00abSacred Arts of Haitian Vodou\u00bb presenterat en ikonografisk \u00f6versikt \u00f6ver mer \u00e4n tjugo Gede-manifestationer. Karen McCarthy Brown har i \u00abMama Lola\u00bb beskrivit pr\u00e4stinnans personliga relation till flera individuella Gede-loa, bland annat en avliden bror som p\u00e5 nytt v\u00f6rdas som medlem av Gede-familjen.<\/p><p>Denna personifiering av avlidna familjemedlemmar \u00e4r ett typiskt drag i Gede-v\u00f6rdnaden: Den d\u00f6de tr\u00e4der efter en viss tid (ofta ett \u00e5r och en dag) in i Gede-familjen och f\u00e5r d\u00e4r ett namn som f\u00f6r vidare hans eller hennes personlighet. Detta f\u00f6rlopp f\u00f6ljer den v\u00e4stafrikanska anlogiken och pr\u00e4glar den haitiska sorgearbetsprocessen i grunden.<\/p>\t\t\t\t\t\t\t\t<\/div>\n\t\t\t\t<\/div>\n\t\t<div class=\"elementor-element elementor-element-b7d733f e-con-full e-flex e-con e-child\" data-id=\"b7d733f\" data-element_type=\"container\" data-e-type=\"container\">\n\t\t\t\t<div class=\"elementor-element elementor-element-fd4f205 elementor-widget elementor-widget-heading\" data-id=\"fd4f205\" data-element_type=\"widget\" data-e-type=\"widget\" data-widget_type=\"heading.default\">\n\t\t\t\t\t<h2 class=\"elementor-heading-title elementor-size-default\">K\u00e4llor och litteratur<\/h2>\t\t\t\t<\/div>\n\t\t\t\t<div class=\"elementor-element elementor-element-99ad15f elementor-widget elementor-widget-text-editor\" data-id=\"99ad15f\" data-element_type=\"widget\" data-e-type=\"widget\" data-widget_type=\"text-editor.default\">\n\t\t\t\t\t\t\t\t\t<footer class=\"iwg-literatur\"><p>Sekund\u00e4rlitteratur:<\/p><ul><li><span data-nosnippet>Alfred M\u00e9traux, \u00abLe vaudou ha\u00eftien\u00bb (Paris 1958).<\/span><\/li><li><span data-nosnippet>Karen McCarthy Brown, \u00abMama Lola\u00bb (Berkeley 1991), s\u00e4rskilt kapitlen om Maman Brigitte och Gedes helande funktion.<\/span><\/li><li><span data-nosnippet>Donald Cosentino (red.), \u00abSacred Arts of Haitian Vodou\u00bb (Los Angeles 1995), med uppsatserna om Bawon Samdi och Gede-<span class=\"iwg-fachbegriff\" data-tooltip=\"L\u00e4ran om bildinneh\u00e5ll och deras betydelse.\" tabindex=\"0\">ikonografin<\/span>.<\/span><\/li><li><span data-nosnippet>Elizabeth McAlister, \u00abRara! Vodou, Power, and Performance\u00bb (Berkeley 2002), s\u00e4rskilt kapitlet om F\u00e8t Gede.<\/span><\/li><li><span data-nosnippet>La\u00ebnnec Hurbon, \u00abCulture et dictature en Ha\u00efti\u00bb (Paris 1979) och \u00abLe barbare imaginaire\u00bb (Paris 1988).<\/span><\/li><li><span data-nosnippet>Patrick Bellegarde-Smith och Claudine Michel, \u00abHaitian Vodou: Spirit, Myth, and Reality\u00bb (Bloomington 2006).<\/span><\/li><li><span data-nosnippet>Patrick Bellegarde-Smith, \u00abHaiti: The Breached Citadel\u00bb (Boulder 1990).<\/span><\/li><\/ul><p><span data-nosnippet>Om de v\u00e4stafrikanska f\u00f6rlagorna: Melville J. Herskovits, \u00abDahomey\u00bb (New York 1938); Suzanne Preston Blier, \u00abAfrican Vodun\u00bb (Chicago 1995); Robert Farris Thompson, \u00abFlash of the Spirit: African and Afro-American Art and Philosophy\u00bb (New York 1983), med kapitel om Kongo-substrat i Gede-traditionen.<\/span><\/p>\n<p class=\"iwg-bib-more\"><span data-nosnippet>Fler standardverk i <a href=\"https:\/\/iwell-guard.com\/sv\/litteratur\/\">litteraturf\u00f6rteckningen<\/a>.<\/span><\/p><\/footer>\t\t\t\t\t\t\t\t<\/div>\n\t\t\t\t<\/div>\n\t\t\t\t\t<\/div>\n\t\t\t\t<\/div>\n\t\t\t\t<\/div>\n\t\t","protected":false},"excerpt":{"rendered":"","protected":false},"author":3,"featured_media":3281,"parent":0,"menu_order":0,"comment_status":"closed","ping_status":"closed","template":"elementor_header_footer","meta":{"_yoast_wpseo_focuskw":"Gede","_yoast_wpseo_title":"Gede - andar av d\u00f6d, sexualitet och l\u00e4kning","_yoast_wpseo_metadesc":"Gede (Gu\u00e9d\u00e9) \u00e4r de d\u00f6das loa inom vodou, familjen kring Baron Samedi. Kyrkog\u00e5rdsandar i svartvioletta f\u00e4rger.","_yoast_wpseo_meta-robots-noindex":"","_yoast_wpseo_canonical":"","_angie_page":false,"gefaehrdungsstufe":"2","wesen_kultur":"vodou","wesen_klasse":"goetter","footnotes":""},"categories":[],"class_list":["post-137019","page","type-page","status-publish","has-post-thumbnail","hentry"],"yoast_head":"<!-- This site is optimized with the Yoast SEO Premium plugin v27.7 (Yoast SEO v28.3) - https:\/\/yoast.com\/product\/yoast-seo-premium-wordpress\/ -->\n<title>Gede - andar av d\u00f6d, sexualitet och l\u00e4kning<\/title>\n<meta name=\"description\" content=\"Gede (Gu\u00e9d\u00e9) \u00e4r de d\u00f6das loa inom vodou, familjen kring Baron Samedi. Kyrkog\u00e5rdsandar i svartvioletta f\u00e4rger.\" \/>\n<meta name=\"robots\" content=\"index, follow, max-snippet:-1, max-image-preview:large, max-video-preview:-1\" \/>\n<link rel=\"canonical\" href=\"https:\/\/iwell-guard.com\/sv\/gede\/\" \/>\n<meta property=\"og:locale\" content=\"sv_SE\" \/>\n<meta property=\"og:type\" content=\"article\" \/>\n<meta property=\"og:title\" content=\"Gede\" \/>\n<meta property=\"og:description\" content=\"Gede (Gu\u00e9d\u00e9) \u00e4r de d\u00f6das loa inom vodou, familjen kring Baron Samedi. Kyrkog\u00e5rdsandar i svartvioletta f\u00e4rger.\" \/>\n<meta property=\"og:url\" content=\"https:\/\/iwell-guard.com\/sv\/gede\/\" \/>\n<meta property=\"og:site_name\" content=\"iWell Guard\" \/>\n<meta property=\"article:modified_time\" content=\"2026-09-03T01:18:19+00:00\" \/>\n<meta property=\"og:image\" content=\"https:\/\/iwell-guard.com\/wp-content\/uploads\/2026\/05\/goetter_vodou_gede.webp\" \/>\n\t<meta property=\"og:image:width\" content=\"1024\" \/>\n\t<meta property=\"og:image:height\" content=\"1536\" \/>\n\t<meta property=\"og:image:type\" content=\"image\/webp\" \/>\n<meta name=\"twitter:card\" content=\"summary_large_image\" \/>\n<script type=\"application\/ld+json\" class=\"yoast-schema-graph\">{\"@context\":\"https:\\\/\\\/schema.org\",\"@graph\":[{\"@type\":\"WebPage\",\"@id\":\"https:\\\/\\\/iwell-guard.com\\\/sv\\\/gede\\\/\",\"url\":\"https:\\\/\\\/iwell-guard.com\\\/sv\\\/gede\\\/\",\"name\":\"Gede - andar av d\u00f6d, sexualitet och l\u00e4kning\",\"isPartOf\":{\"@id\":\"https:\\\/\\\/iwell-guard.com\\\/sv\\\/#website\"},\"primaryImageOfPage\":{\"@id\":\"https:\\\/\\\/iwell-guard.com\\\/sv\\\/gede\\\/#primaryimage\"},\"image\":{\"@id\":\"https:\\\/\\\/iwell-guard.com\\\/sv\\\/gede\\\/#primaryimage\"},\"thumbnailUrl\":\"https:\\\/\\\/iwell-guard.com\\\/wp-content\\\/uploads\\\/2026\\\/05\\\/goetter_vodou_gede.webp\",\"datePublished\":\"2026-09-03T00:12:04+00:00\",\"dateModified\":\"2026-09-03T01:18:19+00:00\",\"description\":\"Gede (Gu\u00e9d\u00e9) \u00e4r de d\u00f6das loa inom vodou, familjen kring Baron Samedi. Kyrkog\u00e5rdsandar i svartvioletta f\u00e4rger.\",\"breadcrumb\":{\"@id\":\"https:\\\/\\\/iwell-guard.com\\\/sv\\\/gede\\\/#breadcrumb\"},\"inLanguage\":\"sv-SE\",\"potentialAction\":[{\"@type\":\"ReadAction\",\"target\":[\"https:\\\/\\\/iwell-guard.com\\\/sv\\\/gede\\\/\"]}]},{\"@type\":\"ImageObject\",\"inLanguage\":\"sv-SE\",\"@id\":\"https:\\\/\\\/iwell-guard.com\\\/sv\\\/gede\\\/#primaryimage\",\"url\":\"https:\\\/\\\/iwell-guard.com\\\/wp-content\\\/uploads\\\/2026\\\/05\\\/goetter_vodou_gede.webp\",\"contentUrl\":\"https:\\\/\\\/iwell-guard.com\\\/wp-content\\\/uploads\\\/2026\\\/05\\\/goetter_vodou_gede.webp\",\"width\":1024,\"height\":1536,\"caption\":\"Gudar fr\u00e5n vodou-traditionen.\"},{\"@type\":\"BreadcrumbList\",\"@id\":\"https:\\\/\\\/iwell-guard.com\\\/sv\\\/gede\\\/#breadcrumb\",\"itemListElement\":[{\"@type\":\"ListItem\",\"position\":1,\"name\":\"Start\",\"item\":\"https:\\\/\\\/iwell-guard.com\\\/sv\\\/?page_id=136483\"},{\"@type\":\"ListItem\",\"position\":2,\"name\":\"Gede\"}]},{\"@type\":\"WebSite\",\"@id\":\"https:\\\/\\\/iwell-guard.com\\\/sv\\\/#website\",\"url\":\"https:\\\/\\\/iwell-guard.com\\\/sv\\\/\",\"name\":\"iWell Guard\",\"description\":\"Schutz vor dunklen Einfl\u00fcssen\",\"publisher\":{\"@id\":\"https:\\\/\\\/iwell-guard.com\\\/sv\\\/#organization\"},\"potentialAction\":[{\"@type\":\"SearchAction\",\"target\":{\"@type\":\"EntryPoint\",\"urlTemplate\":\"https:\\\/\\\/iwell-guard.com\\\/sv\\\/?s={search_term_string}\"},\"query-input\":{\"@type\":\"PropertyValueSpecification\",\"valueRequired\":true,\"valueName\":\"search_term_string\"}}],\"inLanguage\":\"sv-SE\"},{\"@type\":\"Organization\",\"@id\":\"https:\\\/\\\/iwell-guard.com\\\/sv\\\/#organization\",\"name\":\"Ittermann electronic GmbH\",\"url\":\"https:\\\/\\\/iwell-guard.com\\\/sv\\\/\",\"logo\":{\"@type\":\"ImageObject\",\"inLanguage\":\"sv-SE\",\"@id\":\"https:\\\/\\\/iwell-guard.com\\\/sv\\\/#\\\/schema\\\/logo\\\/image\\\/\",\"url\":\"https:\\\/\\\/iwell-guard.com\\\/wp-content\\\/uploads\\\/2026\\\/05\\\/Ittermann-Logo-1182x237-1.png\",\"contentUrl\":\"https:\\\/\\\/iwell-guard.com\\\/wp-content\\\/uploads\\\/2026\\\/05\\\/Ittermann-Logo-1182x237-1.png\",\"width\":1182,\"height\":237,\"caption\":\"Ittermann electronic GmbH\"},\"image\":{\"@id\":\"https:\\\/\\\/iwell-guard.com\\\/sv\\\/#\\\/schema\\\/logo\\\/image\\\/\"},\"sameAs\":[\"https:\\\/\\\/pantip.com\\\/profile\\\/9367242\",\"https:\\\/\\\/micro.blog\\\/iwellguard\",\"https:\\\/\\\/www.diggerslist.com\\\/iwellguard\\\/about\",\"https:\\\/\\\/skitterphoto.com\\\/photographers\\\/2870314\\\/iwell-guard\",\"https:\\\/\\\/iwellguard.wordpress.com\\\/2026\\\/06\\\/06\\\/iwell-guard\\\/\",\"https:\\\/\\\/hub.docker.com\\\/u\\\/iwellguard\",\"https:\\\/\\\/www.pinterest.com\\\/iwellguard\\\/\",\"https:\\\/\\\/bit.ly\\\/m\\\/iwellguard\",\"https:\\\/\\\/entre-vos-mains.alsace.eu\\\/profiles\\\/iwellguard\\\/activity\",\"https:\\\/\\\/gravatar.com\\\/reallybeded8fd34\",\"https:\\\/\\\/naijamatta.com\\\/iwellguard\",\"https:\\\/\\\/www.goodreads.com\\\/iwellguard\",\"https:\\\/\\\/profile.hatena.ne.jp\\\/iwellguard\\\/\",\"https:\\\/\\\/experiment.com\\\/users\\\/iwellguard\",\"https:\\\/\\\/wakelet.com\\\/@iWellGuard82270\",\"https:\\\/\\\/www.chordie.com\\\/forum\\\/profile.php?id=2555664\",\"https:\\\/\\\/www.instapaper.com\\\/p\\\/17757966\",\"https:\\\/\\\/www.mapleprimes.com\\\/users\\\/iwellguard\",\"https:\\\/\\\/businesslistingplus.com\\\/profile\\\/iwell-guard\\\/\",\"https:\\\/\\\/telegra.ph\\\/iWell-Guard-06-06\",\"https:\\\/\\\/pbase.com\\\/iwellguard\\\/iwellguard\",\"https:\\\/\\\/b.hatena.ne.jp\\\/iwellguard\\\/20260607#bookmark-4788405196491818882\",\"https:\\\/\\\/fliphtml5.com\\\/home\\\/iwellguard\",\"https:\\\/\\\/anyflip.com\\\/homepage\\\/cmiwl#About\",\"https:\\\/\\\/transfur.com\\\/Users\\\/iwellguard\",\"http:\\\/\\\/delphi.larsbo.org\\\/user\\\/iwellguard\",\"https:\\\/\\\/jobs.lajobsportal.org\\\/profiles\\\/8380803-iwell-guard\",\"https:\\\/\\\/md.chaosdorf.de\\\/s\\\/jfbe5SBdJD\",\"https:\\\/\\\/www.lingvolive.com\\\/en-us\\\/profile\\\/9ecaeaca-ce11-4e51-9e71-01d55e2bff36\\\/translations\",\"https:\\\/\\\/www.fitday.com\\\/fitness\\\/forums\\\/members\\\/iwellguard.html\",\"https:\\\/\\\/www.mymeetbook.com\\\/iwellguard\",\"https:\\\/\\\/pxhere.com\\\/en\\\/photographer-me\\\/5040798\",\"https:\\\/\\\/disqus.com\\\/by\\\/iwellguard\\\/about\\\/\",\"https:\\\/\\\/pastelink.net\\\/hjwciqwq\",\"https:\\\/\\\/pubhtml5.com\\\/homepage\\\/scjhn\\\/\",\"https:\\\/\\\/www.bitchute.com\\\/channel\\\/2O2eOKzNqujT\",\"https:\\\/\\\/audiomack.com\\\/iwellguard\"]},{\"@type\":\"Article\",\"@id\":\"https:\\\/\\\/iwell-guard.com\\\/sv\\\/gede\\\/#article\",\"isPartOf\":{\"@id\":\"https:\\\/\\\/iwell-guard.com\\\/sv\\\/gede\\\/\"},\"author\":{\"name\":\"Ralf Ittermann\",\"@id\":\"https:\\\/\\\/iwell-guard.com\\\/sv\\\/#\\\/schema\\\/person\\\/ee2a27f1cac3406c7c6fb5820cb7349f\"},\"headline\":\"Gede\",\"datePublished\":\"2026-09-03T00:12:04+00:00\",\"dateModified\":\"2026-09-03T01:18:19+00:00\",\"mainEntityOfPage\":{\"@id\":\"https:\\\/\\\/iwell-guard.com\\\/sv\\\/gede\\\/\"},\"publisher\":{\"@id\":\"https:\\\/\\\/iwell-guard.com\\\/sv\\\/#organization\"},\"image\":{\"@id\":\"https:\\\/\\\/iwell-guard.com\\\/sv\\\/gede\\\/#primaryimage\"},\"thumbnailUrl\":\"https:\\\/\\\/iwell-guard.com\\\/wp-content\\\/uploads\\\/2026\\\/05\\\/goetter_vodou_gede.webp\",\"inLanguage\":\"sv-SE\",\"description\":\"Gede (Gu\u00e9d\u00e9) \u00e4r de d\u00f6das loa inom vodou, familjen kring Baron Samedi. Kyrkog\u00e5rdsandar i svartvioletta f\u00e4rger.\"}]}<\/script>\n<!-- \/ Yoast SEO Premium plugin. -->","yoast_head_json":{"title":"Gede - andar av d\u00f6d, sexualitet och l\u00e4kning","description":"Gede (Gu\u00e9d\u00e9) \u00e4r de d\u00f6das loa inom vodou, familjen kring Baron Samedi. Kyrkog\u00e5rdsandar i svartvioletta f\u00e4rger.","robots":{"index":"index","follow":"follow","max-snippet":"max-snippet:-1","max-image-preview":"max-image-preview:large","max-video-preview":"max-video-preview:-1"},"canonical":"https:\/\/iwell-guard.com\/sv\/gede\/","og_locale":"sv_SE","og_type":"article","og_title":"Gede","og_description":"Gede (Gu\u00e9d\u00e9) \u00e4r de d\u00f6das loa inom vodou, familjen kring Baron Samedi. Kyrkog\u00e5rdsandar i svartvioletta f\u00e4rger.","og_url":"https:\/\/iwell-guard.com\/sv\/gede\/","og_site_name":"iWell Guard","article_modified_time":"2026-09-03T01:18:19+00:00","og_image":[{"width":1024,"height":1536,"url":"https:\/\/iwell-guard.com\/wp-content\/uploads\/2026\/05\/goetter_vodou_gede.webp","type":"image\/webp"}],"twitter_card":"summary_large_image","schema":{"@context":"https:\/\/schema.org","@graph":[{"@type":"Article","@id":"https:\/\/iwell-guard.com\/sv\/gede\/#article","isPartOf":{"@id":"https:\/\/iwell-guard.com\/sv\/gede\/"},"author":{"name":"Ralf Ittermann","@id":"https:\/\/iwell-guard.com\/sv\/#\/schema\/person\/ee2a27f1cac3406c7c6fb5820cb7349f"},"headline":"Gede","datePublished":"2026-09-03T00:12:04+00:00","dateModified":"2026-09-03T01:18:19+00:00","mainEntityOfPage":{"@id":"https:\/\/iwell-guard.com\/sv\/gede\/"},"publisher":{"@id":"https:\/\/iwell-guard.com\/sv\/#organization"},"image":{"@id":"https:\/\/iwell-guard.com\/sv\/gede\/#primaryimage"},"thumbnailUrl":"https:\/\/iwell-guard.com\/wp-content\/uploads\/2026\/05\/goetter_vodou_gede.webp","inLanguage":"sv-SE","description":"Gede (Gu\u00e9d\u00e9) \u00e4r de d\u00f6das loa inom vodou, familjen kring Baron Samedi. Kyrkog\u00e5rdsandar i svartvioletta f\u00e4rger."},{"@type":"WebPage","@id":"https:\/\/iwell-guard.com\/sv\/gede\/","url":"https:\/\/iwell-guard.com\/sv\/gede\/","name":"Gede - andar av d\u00f6d, sexualitet och l\u00e4kning","isPartOf":{"@id":"https:\/\/iwell-guard.com\/sv\/#website"},"primaryImageOfPage":{"@id":"https:\/\/iwell-guard.com\/sv\/gede\/#primaryimage"},"image":{"@id":"https:\/\/iwell-guard.com\/sv\/gede\/#primaryimage"},"thumbnailUrl":"https:\/\/iwell-guard.com\/wp-content\/uploads\/2026\/05\/goetter_vodou_gede.webp","datePublished":"2026-09-03T00:12:04+00:00","dateModified":"2026-09-03T01:18:19+00:00","description":"Gede (Gu\u00e9d\u00e9) \u00e4r de d\u00f6das loa inom vodou, familjen kring Baron Samedi. Kyrkog\u00e5rdsandar i svartvioletta f\u00e4rger.","breadcrumb":{"@id":"https:\/\/iwell-guard.com\/sv\/gede\/#breadcrumb"},"inLanguage":"sv-SE","potentialAction":[{"@type":"ReadAction","target":["https:\/\/iwell-guard.com\/sv\/gede\/"]}]},{"@type":"ImageObject","inLanguage":"sv-SE","@id":"https:\/\/iwell-guard.com\/sv\/gede\/#primaryimage","url":"https:\/\/iwell-guard.com\/wp-content\/uploads\/2026\/05\/goetter_vodou_gede.webp","contentUrl":"https:\/\/iwell-guard.com\/wp-content\/uploads\/2026\/05\/goetter_vodou_gede.webp","width":1024,"height":1536,"caption":"Gudar fr\u00e5n vodou-traditionen."},{"@type":"BreadcrumbList","@id":"https:\/\/iwell-guard.com\/sv\/gede\/#breadcrumb","itemListElement":[{"@type":"ListItem","position":1,"name":"Start","item":"https:\/\/iwell-guard.com\/sv\/?page_id=136483"},{"@type":"ListItem","position":2,"name":"Gede"}]},{"@type":"WebSite","@id":"https:\/\/iwell-guard.com\/sv\/#website","url":"https:\/\/iwell-guard.com\/sv\/","name":"iWell Guard","description":"Schutz vor dunklen Einfl\u00fcssen","publisher":{"@id":"https:\/\/iwell-guard.com\/sv\/#organization"},"potentialAction":[{"@type":"SearchAction","target":{"@type":"EntryPoint","urlTemplate":"https:\/\/iwell-guard.com\/sv\/?s={search_term_string}"},"query-input":{"@type":"PropertyValueSpecification","valueRequired":true,"valueName":"search_term_string"}}],"inLanguage":"sv-SE"},{"@type":"Organization","@id":"https:\/\/iwell-guard.com\/sv\/#organization","name":"Ittermann electronic GmbH","url":"https:\/\/iwell-guard.com\/sv\/","logo":{"@type":"ImageObject","inLanguage":"sv-SE","@id":"https:\/\/iwell-guard.com\/sv\/#\/schema\/logo\/image\/","url":"https:\/\/iwell-guard.com\/wp-content\/uploads\/2026\/05\/Ittermann-Logo-1182x237-1.png","contentUrl":"https:\/\/iwell-guard.com\/wp-content\/uploads\/2026\/05\/Ittermann-Logo-1182x237-1.png","width":1182,"height":237,"caption":"Ittermann electronic GmbH"},"image":{"@id":"https:\/\/iwell-guard.com\/sv\/#\/schema\/logo\/image\/"},"sameAs":["https:\/\/pantip.com\/profile\/9367242","https:\/\/micro.blog\/iwellguard","https:\/\/www.diggerslist.com\/iwellguard\/about","https:\/\/skitterphoto.com\/photographers\/2870314\/iwell-guard","https:\/\/iwellguard.wordpress.com\/2026\/06\/06\/iwell-guard\/","https:\/\/hub.docker.com\/u\/iwellguard","https:\/\/www.pinterest.com\/iwellguard\/","https:\/\/bit.ly\/m\/iwellguard","https:\/\/entre-vos-mains.alsace.eu\/profiles\/iwellguard\/activity","https:\/\/gravatar.com\/reallybeded8fd34","https:\/\/naijamatta.com\/iwellguard","https:\/\/www.goodreads.com\/iwellguard","https:\/\/profile.hatena.ne.jp\/iwellguard\/","https:\/\/experiment.com\/users\/iwellguard","https:\/\/wakelet.com\/@iWellGuard82270","https:\/\/www.chordie.com\/forum\/profile.php?id=2555664","https:\/\/www.instapaper.com\/p\/17757966","https:\/\/www.mapleprimes.com\/users\/iwellguard","https:\/\/businesslistingplus.com\/profile\/iwell-guard\/","https:\/\/telegra.ph\/iWell-Guard-06-06","https:\/\/pbase.com\/iwellguard\/iwellguard","https:\/\/b.hatena.ne.jp\/iwellguard\/20260607#bookmark-4788405196491818882","https:\/\/fliphtml5.com\/home\/iwellguard","https:\/\/anyflip.com\/homepage\/cmiwl#About","https:\/\/transfur.com\/Users\/iwellguard","http:\/\/delphi.larsbo.org\/user\/iwellguard","https:\/\/jobs.lajobsportal.org\/profiles\/8380803-iwell-guard","https:\/\/md.chaosdorf.de\/s\/jfbe5SBdJD","https:\/\/www.lingvolive.com\/en-us\/profile\/9ecaeaca-ce11-4e51-9e71-01d55e2bff36\/translations","https:\/\/www.fitday.com\/fitness\/forums\/members\/iwellguard.html","https:\/\/www.mymeetbook.com\/iwellguard","https:\/\/pxhere.com\/en\/photographer-me\/5040798","https:\/\/disqus.com\/by\/iwellguard\/about\/","https:\/\/pastelink.net\/hjwciqwq","https:\/\/pubhtml5.com\/homepage\/scjhn\/","https:\/\/www.bitchute.com\/channel\/2O2eOKzNqujT","https:\/\/audiomack.com\/iwellguard"]},{"@type":"Person","@id":"https:\/\/iwell-guard.com\/sv\/#\/schema\/person\/ee2a27f1cac3406c7c6fb5820cb7349f","name":"Ralf Ittermann","image":{"@type":"ImageObject","inLanguage":"sv-SE","@id":"https:\/\/secure.gravatar.com\/avatar\/073c0153e350a5005b68eb752b445fea71f6b24a26da9449ad7e155e6b446c9d?s=96&d=mm&r=g","url":"https:\/\/secure.gravatar.com\/avatar\/073c0153e350a5005b68eb752b445fea71f6b24a26da9449ad7e155e6b446c9d?s=96&d=mm&r=g","contentUrl":"https:\/\/secure.gravatar.com\/avatar\/073c0153e350a5005b68eb752b445fea71f6b24a26da9449ad7e155e6b446c9d?s=96&d=mm&r=g","caption":"Ralf Ittermann"},"givenName":"Ralf","familyName":"Ittermann","jobTitle":"Gesch\u00e4ftsf\u00fchrer und redaktioneller Verantwortlicher","url":"https:\/\/iwell-guard.com\/sv\/author\/claude\/","description":"Ralf Ittermann ist Gesch\u00e4ftsf\u00fchrer der Ittermann electronic GmbH und redaktioneller Verantwortlicher des iWell-Guard-Lexikons. Er verbindet langj\u00e4hrige Erfahrung in der Pr\u00e4zisionsfertigung mit medialer Praxis und religionsgeschichtlicher Quellenarbeit.","worksFor":{"@type":"Organization","name":"Ittermann electronic GmbH","url":"https:\/\/ittermann.de\/","address":{"@type":"PostalAddress","streetAddress":"K\u00f6hlergasse 16-18","postalCode":"99842","addressLocality":"Ruhla","addressCountry":"DE"}},"knowsAbout":["Religionsgeschichte","Mythologie","Mediale Praxis","Energetische Diagnostik","Schutzpraxis","Volksglauben","Westliche Esoterik"]},{"@type":"Article","@id":"https:\/\/iwell-guard.com\/sv\/gede\/#article","isPartOf":{"@id":"https:\/\/iwell-guard.com\/sv\/gede\/"},"author":{"name":"Ralf Ittermann","@id":"https:\/\/iwell-guard.com\/sv\/#\/schema\/person\/ee2a27f1cac3406c7c6fb5820cb7349f"},"headline":"Gede","datePublished":"2026-09-03T00:12:04+00:00","dateModified":"2026-09-03T01:18:19+00:00","mainEntityOfPage":{"@id":"https:\/\/iwell-guard.com\/sv\/gede\/"},"publisher":{"@id":"https:\/\/iwell-guard.com\/sv\/#organization"},"image":{"@id":"https:\/\/iwell-guard.com\/sv\/gede\/#primaryimage"},"thumbnailUrl":"https:\/\/iwell-guard.com\/wp-content\/uploads\/2026\/05\/goetter_vodou_gede.webp","inLanguage":"sv-SE","description":"Gede (Gu\u00e9d\u00e9) \u00e4r de d\u00f6das loa inom vodou, familjen kring Baron Samedi. Kyrkog\u00e5rdsandar i svartvioletta f\u00e4rger."}]}},"_links":{"self":[{"href":"https:\/\/iwell-guard.com\/sv\/wp-json\/wp\/v2\/pages\/137019","targetHints":{"allow":["GET"]}}],"collection":[{"href":"https:\/\/iwell-guard.com\/sv\/wp-json\/wp\/v2\/pages"}],"about":[{"href":"https:\/\/iwell-guard.com\/sv\/wp-json\/wp\/v2\/types\/page"}],"author":[{"embeddable":true,"href":"https:\/\/iwell-guard.com\/sv\/wp-json\/wp\/v2\/users\/3"}],"replies":[{"embeddable":true,"href":"https:\/\/iwell-guard.com\/sv\/wp-json\/wp\/v2\/comments?post=137019"}],"version-history":[{"count":0,"href":"https:\/\/iwell-guard.com\/sv\/wp-json\/wp\/v2\/pages\/137019\/revisions"}],"wp:featuredmedia":[{"embeddable":true,"href":"https:\/\/iwell-guard.com\/sv\/wp-json\/wp\/v2\/media\/3281"}],"wp:attachment":[{"href":"https:\/\/iwell-guard.com\/sv\/wp-json\/wp\/v2\/media?parent=137019"}],"wp:term":[{"taxonomy":"category","embeddable":true,"href":"https:\/\/iwell-guard.com\/sv\/wp-json\/wp\/v2\/categories?post=137019"}],"curies":[{"name":"wp","href":"https:\/\/api.w.org\/{rel}","templated":true}]}}