{"id":137010,"date":"2026-09-03T00:11:59","date_gmt":"2026-09-03T00:11:59","guid":{"rendered":"https:\/\/iwell-guard.com\/?page_id=137010"},"modified":"2026-09-03T01:18:05","modified_gmt":"2026-09-03T01:18:05","slug":"ceridwen","status":"publish","type":"page","link":"https:\/\/iwell-guard.com\/sv\/ceridwen\/","title":{"rendered":"Ceridwen"},"content":{"rendered":"\t\t<div data-elementor-type=\"wp-page\" data-elementor-id=\"137010\" class=\"elementor elementor-137010 elementor-3050 elementor-bc-flex-widget\" data-elementor-post-type=\"page\">\n\t\t\t\t<div class=\"elementor-element elementor-element-4574f70 e-flex e-con-boxed e-con e-parent\" data-id=\"4574f70\" data-element_type=\"container\" data-e-type=\"container\" data-settings=\"{&quot;background_background&quot;:&quot;classic&quot;}\">\n\t\t\t\t\t<div class=\"e-con-inner\">\n\t\t<div class=\"elementor-element elementor-element-e92efab e-flex e-con-boxed e-con e-child\" data-id=\"e92efab\" data-element_type=\"container\" data-e-type=\"container\">\n\t\t\t\t\t<div class=\"e-con-inner\">\n\t\t<div class=\"elementor-element elementor-element-7241c66 e-con-full e-flex e-con e-child\" data-id=\"7241c66\" data-element_type=\"container\" data-e-type=\"container\">\n\t\t\t\t<div class=\"elementor-element elementor-element-f71b140 elementor-widget elementor-widget-heading\" data-id=\"f71b140\" data-element_type=\"widget\" data-e-type=\"widget\" data-widget_type=\"heading.default\">\n\t\t\t\t\t<h1 class=\"elementor-heading-title elementor-size-default\">Ceridwen, walesisk gudinna f\u00f6r inspiration<\/h1>\t\t\t\t<\/div>\n\t\t\t\t<div class=\"elementor-element elementor-element-e0cb8c4 elementor-widget elementor-widget-text-editor\" data-id=\"e0cb8c4\" data-element_type=\"widget\" data-e-type=\"widget\" data-widget_type=\"text-editor.default\">\n\t\t\t\t\t\t\t\t\t<p>Ceridwen, \u00e4ven kallad Cerridwen, \u00e4r en central gestalt i den walesiska <span class=\"iwg-fachbegriff\" data-tooltip=\"Helheten av en kulturs \u00f6verl\u00e4mnade gudaber\u00e4ttelser.\" tabindex=\"0\">mytologin<\/span> och beskrivs i den medeltida traditionen som h\u00e4rskarinnan \u00f6ver inspirationens kittel.<\/p><p>Hennes ber\u00e4ttelse st\u00e5r i centrum av \u00abHanes Taliesin\u00bb, livshistorien om den legendariske walesiska diktaren Taliesin, vars \u00e4ldsta fragmentariska bel\u00e4gg g\u00e5r tillbaka till 800-talet, medan den fullst\u00e4ndiga versionen f\u00f6rst \u00e5terfinns i senmedeltida handskrifter.<\/p>\t\t\t\t\t\t\t\t<\/div>\n\t\t\t\t<\/div>\n\t\t<div class=\"elementor-element elementor-element-9182ee4 e-con-full e-flex e-con e-parent\" data-id=\"9182ee4\" data-element_type=\"container\" data-e-type=\"container\">\n\t\t\t\t<div class=\"elementor-element elementor-element-b9737c5 elementor-widget elementor-widget-html\" data-id=\"b9737c5\" data-element_type=\"widget\" data-e-type=\"widget\" data-widget_type=\"html.default\">\n\t\t\t\t\t<div class=\"iwg-pill-row\"><span class=\"iwg-klasse-badge\" tabindex=\"0\" data-tooltip=\"Gud \/ Gudinna: Personifierad h\u00f6gsta makt i en kulturs pantheon, med klara ansvarsomr\u00e5den \u2013 naturkrafter, \u00f6de, krig, fruktbarhet. Dyrkad genom kulter, offer och tempelinstitutioner.\">Gud<\/span><a href=\"https:\/\/iwell-guard.com\/sv\/keltisk\/\" class=\"iwg-kultur-badge\" tabindex=\"0\" data-tooltip=\"Keltisk religion i V\u00e4steuropa och p\u00e5 Brittiska \u00f6arna, mytologiskt \u00f6verl\u00e4mnad genom irl\u00e4ndsk-walesiska texter.\">Keltisk<\/a><\/div>\t\t\t\t<\/div>\n\t\t\t\t<\/div>\n\t\t<div class=\"elementor-element elementor-element-d0b42c6 e-con-full e-flex e-con e-child\" data-id=\"d0b42c6\" data-element_type=\"container\" data-e-type=\"container\">\n\t\t\t\t<div class=\"elementor-element elementor-element-1a79296 elementor-toc--minimized-on-tablet elementor-widget elementor-widget-table-of-contents\" data-id=\"1a79296\" data-element_type=\"widget\" data-e-type=\"widget\" data-settings=\"{&quot;exclude_headings_by_selector&quot;:[],&quot;no_headings_message&quot;:&quot;Inga rubriker hittades p\\u00e5 den h\\u00e4r sidan.&quot;,&quot;headings_by_tags&quot;:[&quot;h2&quot;,&quot;h3&quot;],&quot;marker_view&quot;:&quot;bullets&quot;,&quot;icon&quot;:{&quot;value&quot;:&quot;fas fa-circle&quot;,&quot;library&quot;:&quot;fa-solid&quot;,&quot;rendered_tag&quot;:&quot;&lt;svg class=\\&quot;e-font-icon-svg e-fas-circle\\&quot; viewBox=\\&quot;0 0 512 512\\&quot; xmlns=\\&quot;http:\\\/\\\/www.w3.org\\\/2000\\\/svg\\&quot;&gt;&lt;path d=\\&quot;M256 8C119 8 8 119 8 256s111 248 248 248 248-111 248-248S393 8 256 8z\\&quot;&gt;&lt;\\\/path&gt;&lt;\\\/svg&gt;&quot;},&quot;minimize_box&quot;:&quot;yes&quot;,&quot;minimized_on&quot;:&quot;tablet&quot;,&quot;hierarchical_view&quot;:&quot;yes&quot;,&quot;min_height&quot;:{&quot;unit&quot;:&quot;px&quot;,&quot;size&quot;:&quot;&quot;,&quot;sizes&quot;:[]},&quot;min_height_tablet&quot;:{&quot;unit&quot;:&quot;px&quot;,&quot;size&quot;:&quot;&quot;,&quot;sizes&quot;:[]},&quot;min_height_mobile&quot;:{&quot;unit&quot;:&quot;px&quot;,&quot;size&quot;:&quot;&quot;,&quot;sizes&quot;:[]}}\" data-widget_type=\"table-of-contents.default\">\n\t\t\t\t\t\t\t\t\t<div class=\"elementor-toc__header\">\n\t\t\t\t\t\t<h2 class=\"elementor-toc__header-title\">\n\t\t\t\tInneh\u00e5llsf\u00f6rteckning\t\t\t<\/h2>\n\t\t\t\t\t\t\t\t\t\t<div class=\"elementor-toc__toggle-button elementor-toc__toggle-button--expand\" role=\"button\" tabindex=\"0\" aria-controls=\"elementor-toc__1a79296\" aria-expanded=\"true\" aria-label=\"\u00d6ppna inneh\u00e5llsf\u00f6rteckning\"><svg aria-hidden=\"true\" class=\"e-font-icon-svg e-fas-chevron-down\" viewBox=\"0 0 448 512\" xmlns=\"http:\/\/www.w3.org\/2000\/svg\"><path d=\"M207.029 381.476L12.686 187.132c-9.373-9.373-9.373-24.569 0-33.941l22.667-22.667c9.357-9.357 24.522-9.375 33.901-.04L224 284.505l154.745-154.021c9.379-9.335 24.544-9.317 33.901.04l22.667 22.667c9.373 9.373 9.373 24.569 0 33.941L240.971 381.476c-9.373 9.372-24.569 9.372-33.942 0z\"><\/path><\/svg><\/div>\n\t\t\t\t<div class=\"elementor-toc__toggle-button elementor-toc__toggle-button--collapse\" role=\"button\" tabindex=\"0\" aria-controls=\"elementor-toc__1a79296\" aria-expanded=\"true\" aria-label=\"St\u00e4ng inneh\u00e5llsf\u00f6rteckning\"><svg aria-hidden=\"true\" class=\"e-font-icon-svg e-fas-chevron-up\" viewBox=\"0 0 448 512\" xmlns=\"http:\/\/www.w3.org\/2000\/svg\"><path d=\"M240.971 130.524l194.343 194.343c9.373 9.373 9.373 24.569 0 33.941l-22.667 22.667c-9.357 9.357-24.522 9.375-33.901.04L224 227.495 69.255 381.516c-9.379 9.335-24.544 9.317-33.901-.04l-22.667-22.667c-9.373-9.373-9.373-24.569 0-33.941L207.03 130.525c9.372-9.373 24.568-9.373 33.941-.001z\"><\/path><\/svg><\/div>\n\t\t\t\t\t<\/div>\n\t\t\t\t<div id=\"elementor-toc__1a79296\" class=\"elementor-toc__body\">\n\t\t\t<div class=\"elementor-toc__spinner-container\">\n\t\t\t\t<svg class=\"elementor-toc__spinner eicon-animation-spin e-font-icon-svg e-eicon-loading\" aria-hidden=\"true\" viewBox=\"0 0 1000 1000\" xmlns=\"http:\/\/www.w3.org\/2000\/svg\"><path d=\"M500 975V858C696 858 858 696 858 500S696 142 500 142 142 304 142 500H25C25 237 238 25 500 25S975 237 975 500 763 975 500 975Z\"><\/path><\/svg>\t\t\t<\/div>\n\t\t<\/div>\n\t\t\t\t\t\t<\/div>\n\t\t\t\t<\/div>\n\t\t\t\t\t<\/div>\n\t\t\t\t<\/div>\n\t\t<div class=\"elementor-element elementor-element-3e12ecb e-con-full e-flex e-con e-child\" data-id=\"3e12ecb\" data-element_type=\"container\" data-e-type=\"container\">\n\t\t\t\t<div class=\"elementor-element elementor-element-8e63264 iwg-hero-image elementor-widget elementor-widget-image\" data-id=\"8e63264\" data-element_type=\"widget\" data-e-type=\"widget\" data-widget_type=\"image.default\">\n\t\t\t\t\t\t\t\t\t\t\t\t\t\t\t<img fetchpriority=\"high\" decoding=\"async\" width=\"683\" height=\"1024\" src=\"https:\/\/iwell-guard.com\/wp-content\/uploads\/2026\/05\/goetter_keltisch_ceridwen-683x1024.webp\" class=\"attachment-large size-large wp-image-136000\" alt=\"Ceridwen - Gudar fr\u00e5n den keltiska traditionen, historiskt-illustrativ\" srcset=\"https:\/\/iwell-guard.com\/wp-content\/uploads\/2026\/05\/goetter_keltisch_ceridwen-683x1024.webp 683w, https:\/\/iwell-guard.com\/wp-content\/uploads\/2026\/05\/goetter_keltisch_ceridwen-200x300.webp 200w, https:\/\/iwell-guard.com\/wp-content\/uploads\/2026\/05\/goetter_keltisch_ceridwen-768x1152.webp 768w, https:\/\/iwell-guard.com\/wp-content\/uploads\/2026\/05\/goetter_keltisch_ceridwen.webp 1024w\" sizes=\"(max-width: 683px) 100vw, 683px\" \/>\t\t\t\t\t\t\t\t\t\t\t\t\t\t\t<\/div>\n\t\t\t\t<\/div>\n\t\t\t\t\t<\/div>\n\t\t\t\t<\/div>\n\t\t<div class=\"elementor-element elementor-element-166156e e-con-boxed e-flex e-con e-parent\" data-id=\"166156e\" data-element_type=\"container\" data-e-type=\"container\">\n\t\t\t\t\t<div class=\"e-con-inner\">\n\t\t<div class=\"elementor-element elementor-element-02670c8 e-con-full e-flex e-con e-child\" data-id=\"02670c8\" data-element_type=\"container\" data-e-type=\"container\">\n\t\t\t\t<div class=\"elementor-element elementor-element-bad60e7 elementor-widget elementor-widget-heading\" data-id=\"bad60e7\" data-element_type=\"widget\" data-e-type=\"widget\" data-widget_type=\"heading.default\">\n\t\t\t\t\t<h2 class=\"elementor-heading-title elementor-size-default\">K\u00e4ll\u00e4ge och litter\u00e4r tradition<\/h2>\t\t\t\t<\/div>\n\t\t\t\t<div class=\"elementor-element elementor-element-247b67c elementor-widget elementor-widget-text-editor\" data-id=\"247b67c\" data-element_type=\"widget\" data-e-type=\"widget\" data-widget_type=\"text-editor.default\">\n\t\t\t\t\t\t\t\t\t<p>Den viktigaste k\u00e4llan f\u00f6r Ceridwen \u00e4r \u00abHanes Taliesin\u00bb, som i sin fullst\u00e4ndiga form finns hos Elis Gruffydd p\u00e5 1500-talet och hos John Jones i \u00abLlanstephan-handskrifterna\u00bb. Fragment som pekar p\u00e5 en betydligt \u00e4ldre tradition \u00e5terfinns i \u00abBoken om Taliesin\u00bb och i \u00abBoken om Aneirin\u00bb, b\u00e5da fr\u00e5n 1200-talet.<\/p><p>Patrick K. Ford har i \u00abThe Mabinogi and Other Medieval Welsh Tales\u00bb (1977) bearbetat textens historiska komplexitet i Ceridwen-traditionen och visat att den centrala ber\u00e4ttelsen om kittelns f\u00f6rvandling f\u00f6rekommer i flera walesiska och bretonska varianter.<\/p>\n\n<p>Marged Haycock har i sina arbeten om \u00abBoken om Taliesin\u00bb p\u00e5pekat att m\u00e5nga av de dikter som tillskrivits Taliesin uppkom f\u00f6rst under 800- till 1100-talet, medan ber\u00e4ttelsen om Ceridwen inneh\u00e5ller litter\u00e4rt \u00e4ldre skikt. Forskningen st\u00e5r d\u00e4rmed inf\u00f6r det typiska problemet att rekonstruera en m\u00f6jligen gammal mytisk substans ur en senmedeltida textform.<\/p>\t\t\t\t\t\t\t\t<\/div>\n\t\t\t\t<\/div>\n\t\t<div class=\"elementor-element elementor-element-35cf2c8 e-con-full e-flex e-con e-child\" data-id=\"35cf2c8\" data-element_type=\"container\" data-e-type=\"container\">\n\t\t\t\t<div class=\"elementor-element elementor-element-20f5c6c elementor-widget elementor-widget-heading\" data-id=\"20f5c6c\" data-element_type=\"widget\" data-e-type=\"widget\" data-widget_type=\"heading.default\">\n\t\t\t\t\t<h2 class=\"elementor-heading-title elementor-size-default\">Ber\u00e4ttelsen om kitteln<\/h2>\t\t\t\t<\/div>\n\t\t\t\t<div class=\"elementor-element elementor-element-2172be2 elementor-widget elementor-widget-text-editor\" data-id=\"2172be2\" data-element_type=\"widget\" data-e-type=\"widget\" data-widget_type=\"text-editor.default\">\n\t\t\t\t\t\t\t\t\t<p>Den centrala ber\u00e4ttelsen lyder: Ceridwen lever med sin man Tegid Foel vid sj\u00f6n Llyn Tegid (nuvarande Bala Lake i Gwynedd) och har tv\u00e5 barn, den vackra Creirwy och den fule Morfran (\u00e4ven kallad Afagddu).<\/p><p>F\u00f6r att f\u00f6rse Morfran med vishet och inspiration trots hans osk\u00f6nhet, bryggar Ceridwen en s\u00e4rskild dryck i inspirationens kittel (\u00abpair awen\u00bb). Drycken m\u00e5ste puttra i ett \u00e5r och en dag, och endast de f\u00f6rsta tre dropparna har den magiska verkan; resten \u00e4r d\u00f6dligt gift.<\/p>\n\n<p>Kitteln vaktas av pojken Gwion Bach. N\u00e4r han r\u00f6r om st\u00e4nker tre droppar p\u00e5 hans tumme, som han instinktivt sticker i munnen. Genast f\u00e5r han den omfattande kunskap som egentligen var avsedd f\u00f6r Morfran. F\u00f6rskr\u00e4ckt flyr han, och kitteln g\u00e5r s\u00f6nder.<\/p><p>Ceridwen f\u00f6rf\u00f6ljer honom genom en serie f\u00f6rvandlingar: Gwion blir en hare, hon en hund, han en fisk, hon en utter, han en f\u00e5gel, hon en falk, han ett s\u00e4deskorn, hon en h\u00f6na som slukar kornet. Nio m\u00e5nader senare f\u00f6der hon barnet Taliesin, som hon kastar i havet i en l\u00e4derp\u00e5se, d\u00e4r den unge prinsen Elphin hittar och uppfostrar honom.<\/p>\t\t\t\t\t\t\t\t<\/div>\n\t\t\t\t<\/div>\n\t\t<div class=\"elementor-element elementor-element-1953bdc e-con-full e-flex e-con e-child\" data-id=\"1953bdc\" data-element_type=\"container\" data-e-type=\"container\">\n\t\t\t\t<div class=\"elementor-element elementor-element-0dce562 elementor-widget elementor-widget-heading\" data-id=\"0dce562\" data-element_type=\"widget\" data-e-type=\"widget\" data-widget_type=\"heading.default\">\n\t\t\t\t\t<h2 class=\"elementor-heading-title elementor-size-default\">Kittelns symbolik<\/h2>\t\t\t\t<\/div>\n\t\t\t\t<div class=\"elementor-element elementor-element-ce22367 elementor-widget elementor-widget-text-editor\" data-id=\"ce22367\" data-element_type=\"widget\" data-e-type=\"widget\" data-widget_type=\"text-editor.default\">\n\t\t\t\t\t\t\t\t\t<p>Ceridwens kittel h\u00f6r till de mest betydande symbolerna i den walesiska traditionen. Den st\u00e5r i en rad tillsammans med andra underverkande kittlar, till exempel Brans kittel i \u00abMabinogi\u00bb, som \u00e5teruppv\u00e4cker de d\u00f6da, eller Dagdas kittel i den irl\u00e4ndska traditionen, som sk\u00e4nker outsinlig f\u00f6da.<\/p><p>Helmut Birkhan har i \u00abKelten\u00bb (1997) identifierat kitteln som ett centralt sakralt objekt inom den keltiska religionen, som blir konkret gripbart genom arkeologiska fynd som Gundestrupkitteln och kittlarna fr\u00e5n Br\u00e5 och Rynkeby.<\/p>\n\n<p>Miranda Aldhouse-Green har i \u00abThe Quest for the Shaman\u00bb (2005) \u00f6verv\u00e4gt m\u00f6jligheten att kittelsymboliken g\u00e5r tillbaka p\u00e5 shamanska inspirations- och initiationsriter, d\u00e4r ett inneh\u00e5lls\u00e4mne i flytande form var f\u00f6rknippat med att uppn\u00e5 ovanlig kunskap. Denna hypotes f\u00f6rblir spekulativ, men motiveras av hur ofta kittelmotivet f\u00f6rekommer i keltisk bildkonst och ber\u00e4ttartradition.<\/p>\t\t\t\t\t\t\t\t<\/div>\n\t\t\t\t<\/div>\n\t\t<div class=\"elementor-element elementor-element-f058627 e-con-full e-flex e-con e-child\" data-id=\"f058627\" data-element_type=\"container\" data-e-type=\"container\">\n\t\t\t\t<div class=\"elementor-element elementor-element-36a825d elementor-widget elementor-widget-heading\" data-id=\"36a825d\" data-element_type=\"widget\" data-e-type=\"widget\" data-widget_type=\"heading.default\">\n\t\t\t\t\t<h2 class=\"elementor-heading-title elementor-size-default\">Ceridwen som gudinna?<\/h2>\t\t\t\t<\/div>\n\t\t\t\t<div class=\"elementor-element elementor-element-19b670d elementor-widget elementor-widget-text-editor\" data-id=\"19b670d\" data-element_type=\"widget\" data-e-type=\"widget\" data-widget_type=\"text-editor.default\">\n\t\t\t\t\t\t\t\t\t<p>Huruvida Ceridwen ursprungligen var en gudinna \u00e4r omtvistat inom forskningen. \u00abHanes Taliesin\u00bb framst\u00e4ller henne som en m\u00e4ktig trollkvinna, utan att uttryckligen kalla henne gudinna.<\/p><p>Bernhard Maier placerar henne i \u00abDie Religion der Kelten\u00bb (2001) snarare som en litter\u00e4rt utformad gestalt som f\u00f6renar egenskaper fr\u00e5n \u00e4ldre inspirations- och f\u00f6rvandlingsgudomar. John T. Koch har d\u00e4remot i flera artiklar argumenterat f\u00f6r en identifikation med en gammal walesisk gudinna f\u00f6r diktkonst och f\u00f6rvandling.<\/p>\n\n<p>Det finns ingen namngiven galloromersk inspirationsgudinna, men inskrifterna om Sirona, Belisama och Brigantia visar att kvinnliga lokalgudomar med inspirations- och helandekompetenser existerade. Den strukturella n\u00e4rheten till den irl\u00e4ndska Brigid, som bland annat h\u00e4rskar \u00f6ver diktkonsten, har Marie-Louise Sjoestedt tidigt lyft fram.<\/p><p>En direkt identifikation avvisar hon dock. Den nuvarande majoritetsuppfattningen ser Ceridwen som en litter\u00e4rt utformad mytgestalt, i vilken \u00e4ldre mytisk substans klingar med, utan att n\u00e5gon sammanh\u00e5llen \u00abCeridwens religion\u00bb kan rekonstrueras.<\/p>\t\t\t\t\t\t\t\t<\/div>\n\t\t\t\t<\/div>\n\t\t<div class=\"elementor-element elementor-element-f2120e1 e-con-full e-flex e-con e-child\" data-id=\"f2120e1\" data-element_type=\"container\" data-e-type=\"container\">\n\t\t\t\t<div class=\"elementor-element elementor-element-499463a elementor-widget elementor-widget-heading\" data-id=\"499463a\" data-element_type=\"widget\" data-e-type=\"widget\" data-widget_type=\"heading.default\">\n\t\t\t\t\t<h2 class=\"elementor-heading-title elementor-size-default\">Ceridwen och Taliesin<\/h2>\t\t\t\t<\/div>\n\t\t\t\t<div class=\"elementor-element elementor-element-2ce9478 elementor-widget elementor-widget-text-editor\" data-id=\"2ce9478\" data-element_type=\"widget\" data-e-type=\"widget\" data-widget_type=\"text-editor.default\">\n\t\t\t\t\t\t\t\t\t<p>Gwion Bachs \u00e5terf\u00f6delse som Taliesin knyter samman Ceridwen-traditionen med den historiskt belagda Taliesin, en walesisk hovdiktare fr\u00e5n 500-talet, till vilken \u00abBoken om Taliesin\u00bb tillskriver en del av sina dikter.<\/p><p>I de senare ber\u00e4ttelserna blir Taliesin den arketypiska gestalten f\u00f6r den inspirerade diktaren, som k\u00e4nner till alla tids\u00e5ldrar och f\u00f6rvandlingar. Hans ber\u00f6mda sj\u00e4lvbiografiska dikter (\u00abJag var d\u00e4r vid v\u00e4rldens skapelse\u00bb; \u00abJag var en bl\u00e5 lax\u00bb) f\u00f6ruts\u00e4tter upplevelserna fr\u00e5n den mytiska f\u00f6rf\u00f6ljelsen av Ceridwen.<\/p>\n\n<p>Ceridwen har d\u00e4rmed en dubbel funktion: hon \u00e4r b\u00e5de f\u00f6rf\u00f6ljare och f\u00f6derska av diktaren. Marged Haycock har tolkat detta som en modell f\u00f6r en initierande modersgestalt, som genom sin f\u00f6rf\u00f6ljelse f\u00f6rst skapar den invigdes senare skicklighet.<\/p><p>Ceridwen tillh\u00f6r d\u00e4rmed den typologiska raden av l\u00e4rarinnor och motspelare, som den irl\u00e4ndska Sc\u00e1thach, som utbildar C\u00fachulainn, eller den nordiska Gunnl\u00f6d, som vaktar diktkonstens mj\u00f6d.<\/p>\t\t\t\t\t\t\t\t<\/div>\n\t\t\t\t<\/div>\n\t\t<div class=\"elementor-element elementor-element-9d40b4c e-con-full e-flex e-con e-child\" data-id=\"9d40b4c\" data-element_type=\"container\" data-e-type=\"container\">\n\t\t\t\t<div class=\"elementor-element elementor-element-657e109 elementor-widget elementor-widget-heading\" data-id=\"657e109\" data-element_type=\"widget\" data-e-type=\"widget\" data-widget_type=\"heading.default\">\n\t\t\t\t\t<h2 class=\"elementor-heading-title elementor-size-default\">Llyn Tegid och landskapets betydelse<\/h2>\t\t\t\t<\/div>\n\t\t\t\t<div class=\"elementor-element elementor-element-07226c8 elementor-widget elementor-widget-text-editor\" data-id=\"07226c8\" data-element_type=\"widget\" data-e-type=\"widget\" data-widget_type=\"text-editor.default\">\n\t\t\t\t\t\t\t\t\t<p>Sj\u00f6n Llyn Tegid (Bala Lake) i nordv\u00e4stra Wales \u00e4r huvudplatsen f\u00f6r ber\u00e4ttelsen om Ceridwen. Med sina 6 kilometers l\u00e4ngd \u00e4r den den st\u00f6rsta naturliga sj\u00f6n i Wales och har sedan <span class=\"iwg-fachbegriff\" data-tooltip=\"Epoken f\u00f6r den grekiska och romerska kulturen, cirka 800 f.Kr. till 600 e.Kr.\" tabindex=\"0\">antiken<\/span> varit f\u00f6rbunden med talrika s\u00e4gner.<\/p><p>De medeltida texterna presenterar den som boplats f\u00f6r Tegid Foel, vars namn betyder \u00abTegid den skallige\u00bb och som kan syfta p\u00e5 en \u00e4ldre sj\u00f6gudom. Kopplingen mellan Ceridwen och sj\u00f6n placerar henne i det f\u00f6r den keltiska <span class=\"iwg-fachbegriff\" data-tooltip=\"Den samlade m\u00e4ngden \u00f6verl\u00e4mnade gudaber\u00e4ttelser i en kultur.\" tabindex=\"0\">mytologin<\/span> typiska sambandet mellan kvinnliga gestalter och stillast\u00e5ende vatten.<\/p>\n\n<p>Brynley Roberts har i sina studier av den walesiska toponymin p\u00e5pekat m\u00f6jligheten att sj\u00f6n ursprungligen tj\u00e4nade som <span class=\"iwg-fachbegriff\" data-tooltip=\"En helig plats \u00e4gnad \u00e5t dyrkan av en gudom.\" tabindex=\"0\">helgedom<\/span>, d\u00e4r inspirations- och initiationsriter \u00e4gde rum. Arkeologiska bel\u00e4gg saknas, men den t\u00e4ta f\u00f6rekomsten av s\u00e4gner knutna till Llyn Tegid st\u00f6der antagandet om en \u00e4ldre sakral betydelse.<\/p>\t\t\t\t\t\t\t\t<\/div>\n\t\t\t\t<\/div>\n\t\t<div class=\"elementor-element elementor-element-c283f72 e-con-full e-flex e-con e-child\" data-id=\"c283f72\" data-element_type=\"container\" data-e-type=\"container\">\n\t\t\t\t<div class=\"elementor-element elementor-element-6b2f780 elementor-widget elementor-widget-heading\" data-id=\"6b2f780\" data-element_type=\"widget\" data-e-type=\"widget\" data-widget_type=\"heading.default\">\n\t\t\t\t\t<h2 class=\"elementor-heading-title elementor-size-default\">Mottagande och modern nyformning<\/h2>\t\t\t\t<\/div>\n\t\t\t\t<div class=\"elementor-element elementor-element-e7c3738 elementor-widget elementor-widget-text-editor\" data-id=\"e7c3738\" data-element_type=\"widget\" data-e-type=\"widget\" data-widget_type=\"text-editor.default\">\n\t\t\t\t\t\t\t\t\t<p>Under den walesiska romantiken p\u00e5 1700- och 1800-talet upplevde Ceridwen en litter\u00e4r ren\u00e4ssans, framf\u00f6r allt genom Iolo Morganwg (Edward Williams), som uppfann en stor del av den moderna \u00abkeltiska\u00bb bardtraditionen och presenterade Ceridwen som de walesiska druidernas h\u00f6gsta gudinna.<\/p><p>Denna rekonstruktion erk\u00e4nns idag som en uppfinning fr\u00e5n 1800-talet, men har varaktigt pr\u00e4glat den allm\u00e4nna bilden av Ceridwen. Ronald Hutton har i \u00abBlood and Mistletoe\u00bb (2009) nyanserat bearbetat denna mottagandehistoria.<\/p>\n\n<p>I den moderna nypaganistiska traditionen, framf\u00f6r allt inom den walesiskt pr\u00e4glade druidistr\u00f6mningen och wiccar\u00f6relsen, \u00e4r Ceridwen en central gudinna f\u00f6r inspiration och h\u00e4xkonst. Hennes kittel betraktas som en <span class=\"iwg-fachbegriff\" data-tooltip=\"Ett tecken som representerar en f\u00f6rest\u00e4llning eller betydelse.\" tabindex=\"0\">symbol<\/span> f\u00f6r transformation, skapande insikt och kvinnlig makt.<\/p><p>Detta moderna mottagande grundar sig mindre p\u00e5 de medeltida texterna \u00e4n p\u00e5 den druidbild som skapats av Iolo Morganwg och hans efterf\u00f6ljare. En direkt linje till den f\u00f6rkristna walesiska religionen \u00e4r inte belagd, vilket Bernhard Maier och Ronald Hutton upprepade g\u00e5nger har betonat.<\/p>\t\t\t\t\t\t\t\t<\/div>\n\t\t\t\t<\/div>\n\t\t<div class=\"elementor-element elementor-element-f42b448 e-con-full e-flex e-con e-child\" data-id=\"f42b448\" data-element_type=\"container\" data-e-type=\"container\">\n\t\t\t\t<div class=\"elementor-element elementor-element-d155c5e elementor-widget elementor-widget-heading\" data-id=\"d155c5e\" data-element_type=\"widget\" data-e-type=\"widget\" data-widget_type=\"heading.default\">\n\t\t\t\t\t<h2 class=\"elementor-heading-title elementor-size-default\">Awen som centralt begrepp<\/h2>\t\t\t\t<\/div>\n\t\t\t\t<div class=\"elementor-element elementor-element-a91c6ee elementor-widget elementor-widget-text-editor\" data-id=\"a91c6ee\" data-element_type=\"widget\" data-e-type=\"widget\" data-widget_type=\"text-editor.default\">\n\t\t\t\t\t\t\t\t\t<p>N\u00e4ra f\u00f6rbundet med Ceridwen \u00e4r begreppet awen, som i den walesiska traditionen betecknar den \u00abgudomliga inspiration\u00bb som g\u00f6r en diktare till en fullkomlig bardd. Begreppet f\u00f6rekommer redan i de tidiga Taliesin-dikterna och diskuteras inom den medeltida bardskolan som en oumb\u00e4rlig kvalitet i diktkonsten.<\/p><p>De tre dropparna ur Ceridwens kittel f\u00f6rst\u00e5s i texterna som en materiell manifestation av awen, som h\u00e4r inte framtr\u00e4der som en abstrakt egenskap utan som en fysiskt \u00f6verf\u00f6rbar substans.<\/p>\n\n<p>Patrick Sims-Williams har i \u00abReligion and Literature in Western England, 600-800\u00bb (1990) visat att f\u00f6rest\u00e4llningen om awen var djupt rotad i keltisk-kristna \u00f6verg\u00e5ngsformer, b\u00e5de i den walesiska och i den irl\u00e4ndska traditionen.<\/p><p>Ber\u00e4ttelsen om Ceridwen betraktas som dess viktigaste mytiska f\u00f6rt\u00e4tning inom det walesiska omr\u00e5det. Den senare walesiska bardskolan, s\u00e4rskilt inom eisteddfod-traditionen, har bevarat awen som ett grundl\u00e4ggande begrepp, dock utan den direkta mytiska kopplingen till Ceridwen.<\/p>\t\t\t\t\t\t\t\t<\/div>\n\t\t\t\t<\/div>\n\t\t<div class=\"elementor-element elementor-element-9033a31 e-con-full e-flex e-con e-child\" data-id=\"9033a31\" data-element_type=\"container\" data-e-type=\"container\">\n\t\t\t\t<div class=\"elementor-element elementor-element-b392acd elementor-widget elementor-widget-heading\" data-id=\"b392acd\" data-element_type=\"widget\" data-e-type=\"widget\" data-widget_type=\"heading.default\">\n\t\t\t\t\t<h2 class=\"elementor-heading-title elementor-size-default\">Handskriftlig \u00f6verl\u00e4mning av Hanes Taliesin<\/h2>\t\t\t\t<\/div>\n\t\t\t\t<div class=\"elementor-element elementor-element-e07c572 elementor-widget elementor-widget-text-editor\" data-id=\"e07c572\" data-element_type=\"widget\" data-e-type=\"widget\" data-widget_type=\"text-editor.default\">\n\t\t\t\t\t\t\t\t\t<p>Den viktigaste k\u00e4llan f\u00f6r Ceridwen \u00e4r \u00abYstoria Taliesin\u00bb, \u00e4ven kallad \u00abHanes Taliesin\u00bb.<\/p><p>Den ing\u00e5r inte i de \u00e4ldsta walesiska samlingshandskrifterna, \u00abLlyfr Aneirin\u00bb och \u00abLlyfr Taliesin\u00bb fr\u00e5n 1200- och 1300-talet, utan \u00e4r f\u00f6rst \u00f6verl\u00e4mnad i en prosaisk ber\u00e4ttarform, vars \u00e4ldsta fullst\u00e4ndiga textvittne utg\u00f6rs av handskriften \u00abNLW MS 5276D\u00bb (\u00e4ven kallad \u00abElis Gruffydd-kr\u00f6nikan\u00bb, mitten av 1500-talet).<\/p><p>Patrick Ford har i \u00abYstoria Taliesin\u00bb (Cardiff 1992) rekonstruerat editionshistorien och visat att ber\u00e4ttelsen i muntlig tradition \u00e4r betydligt \u00e4ldre, men i sin litter\u00e4ra form uppvisar tidigmoderna skiktningar.<\/p><p>Editionen med engelsk \u00f6vers\u00e4ttning utkom f\u00f6rst i \u00abMabinogion\u00bb-banden av Lady Charlotte Guest (1838 till 1849), som tog upp texten som bilaga i Mabinogi-<span class=\"iwg-fachbegriff\" data-tooltip=\"Den samling av en religions heliga skrifter som erk\u00e4nns som bindande.\" tabindex=\"0\">kanon<\/span>.<\/p>\n<p>Marged Haycock har i \u00abLegendary Poems from the Book of Taliesin\u00bb (Aberystwyth 2007 och andra upplagan 2015) filologiskt utrett de s\u00e5 kallade \u00absagolika\u00bb dikterna i de \u00e4ldsta Taliesin-handskrifterna och visar att figuren Ceridwen d\u00e4r n\u00e4mns flera g\u00e5nger som \u00abpeiryanvic ceridwen\u00bb, den \u00abstridande Ceridwen\u00bb, respektive som kittelns v\u00e4ktare (\u00abpeir ceridwen\u00bb), utan att n\u00e5gon narrativ episod utvecklas.<\/p><p>Dessa korta anspelningar \u00e4r de \u00e4ldsta poetiska textvittnena f\u00f6r figuren och dateras troligen till 800- till 1000-talet. De visar att kittelkomplexet \u00e4r betydligt \u00e4ldre \u00e4n den utf\u00f6rliga ber\u00e4ttelsen i den tidigmoderna prosan.<\/p>\t\t\t\t\t\t\t\t<\/div>\n\t\t\t\t<\/div>\n\t\t<div class=\"elementor-element elementor-element-947832b e-con-full e-flex e-con e-child\" data-id=\"947832b\" data-element_type=\"container\" data-e-type=\"container\">\n\t\t\t\t<div class=\"elementor-element elementor-element-6e1b492 elementor-widget elementor-widget-heading\" data-id=\"6e1b492\" data-element_type=\"widget\" data-e-type=\"widget\" data-widget_type=\"heading.default\">\n\t\t\t\t\t<h2 class=\"elementor-heading-title elementor-size-default\">Awen, inspiration och bardkultur<\/h2>\t\t\t\t<\/div>\n\t\t\t\t<div class=\"elementor-element elementor-element-e0a1d98 elementor-widget elementor-widget-text-editor\" data-id=\"e0a1d98\" data-element_type=\"widget\" data-e-type=\"widget\" data-widget_type=\"text-editor.default\">\n\t\t\t\t\t\t\t\t\t<p>Den centrala substansen i ber\u00e4ttelsen om Ceridwen, de tre dropparna ur inspirationskitteln, betecknas i det walesiska originalet som \u00abawen\u00bb. Begreppet kan spr\u00e5khistoriskt h\u00e4rledas till roten *au- \u00abbl\u00e5sa, andas\u00bb och betyder ordagrant \u00abingivelse\u00bb, \u00abgudomlig andedr\u00e4kt\u00bb.<\/p><p>I \u00abCyfraith Hywel Dda\u00bb (\u00abHywel Ddas lagar\u00bb, manuskript fr\u00e5n 1100-talet och senare) \u00e4r \u00abawen\u00bb redan belagt som fackterm f\u00f6r hovskalderna (pencerdd).<\/p><p>Den walesiska skalden Iolo Goch (1300-talet), som var hovskald \u00e5t Owain Glynd\u0175r, h\u00e4nvisar i flera dikter till \u00abawen Ceridwen\u00bb som k\u00e4llan till sin poetiska kraft.<\/p><p>Iolo Morganwg (Edward Williams, 1747\u20131826) f\u00f6rde under 1700-talet och det tidiga 1800-talet denna tradition in i ett nydruidiskt sammanhang och f\u00f6rband i \u00abBarddas\u00bb awen-symboliken med det grafiska tecknet av tre str\u00e5lar, som lever vidare i dagens eisteddfod-tradition.<\/p>\n<p>John T. Koch har i \u00abCeltic Culture. A Historical Encyclopedia\u00bb (Santa Barbara 2006) och i sina uppsatser om den walesiska bardkulturen betonat en teknisk funktion hos awen-konceptet. Denna funktion fyllde den b\u00e5de i den medeltida bardutbildningen och i senare eisteddfod-reglementen. Den tj\u00e4nade som sj\u00e4lvlegitimering f\u00f6r yrkesskalderna, som d\u00e4rigenom kunde framst\u00e4lla sin konst som gudomligt f\u00f6rl\u00e4nad snarare \u00e4n blott inl\u00e4rd.<\/p><p>Ber\u00e4ttelsen om Ceridwen, med sin v\u00e4xling mellan m\u00f6dosam f\u00f6rberedelse under ett \u00e5r och den pl\u00f6tsliga ingivelsen genom de tre dropparna, kodifierar litter\u00e4rt denna dubbla aspekt av bardkonsten.<\/p>\t\t\t\t\t\t\t\t<\/div>\n\t\t\t\t<\/div>\n\t\t<div class=\"elementor-element elementor-element-345679a e-con-full e-flex e-con e-child\" data-id=\"345679a\" data-element_type=\"container\" data-e-type=\"container\">\n\t\t\t\t<div class=\"elementor-element elementor-element-dd21ba4 elementor-widget elementor-widget-heading\" data-id=\"dd21ba4\" data-element_type=\"widget\" data-e-type=\"widget\" data-widget_type=\"heading.default\">\n\t\t\t\t\t<h2 class=\"elementor-heading-title elementor-size-default\">F\u00f6rvandlingsmotivet i j\u00e4mf\u00f6rande perspektiv<\/h2>\t\t\t\t<\/div>\n\t\t\t\t<div class=\"elementor-element elementor-element-bc4739c elementor-widget elementor-widget-text-editor\" data-id=\"bc4739c\" data-element_type=\"widget\" data-e-type=\"widget\" data-widget_type=\"text-editor.default\">\n\t\t\t\t\t\t\t\t\t<p>Jakten mellan Ceridwen och Gwion tillh\u00f6r ett vitt spritt ber\u00e4ttande <span class=\"iwg-fachbegriff\" data-tooltip=\"Ett \u00e5terkommande inneh\u00e5llselement i konst eller ber\u00e4ttelse.\" tabindex=\"0\">motiv<\/span> som betecknas som \u00abf\u00f6rvandlingst\u00e4vling\u00bb.<\/p><p>J\u00e4mf\u00f6rbara sekvenser f\u00f6rekommer i den grekiska traditionen (Zeus f\u00f6rf\u00f6ljer Nemesis, Apollon och Daphne), inom det keltiska omr\u00e5det (f\u00f6rf\u00f6ljelsen av \u00c9ta\u00edn i \u00abTochmarc \u00c9ta\u00edne\u00bb), i den nordiska Eddan (Loki och Heimdallr) och i den skotska folktraditionen. Stith Thompson har katalogiserat detta <span class=\"iwg-fachbegriff\" data-tooltip=\"Ett \u00e5terkommande inneh\u00e5llselement i konst eller ber\u00e4ttelse.\" tabindex=\"0\">motiv<\/span> i sin \u00abMotif-Index of Folk-Literature\u00bb under D610 som ett universellt ber\u00e4ttarm\u00f6nster.<\/p>\n\n<p>Inom den keltiska traditionen \u00e4r sekvensen s\u00e4rskilt utarbetad, eftersom den inneh\u00e5ller inte bara en f\u00f6rf\u00f6ljelsedramatik utan \u00e4ven en l\u00e4rare\u2013elev-relation och en f\u00f6derska\u2013barn-relation.<\/p><p>John Carey har tolkat denna m\u00e5ngskiktning som en antydan om en arkaisk initiationsstruktur, d\u00e4r den invigde symboliskt uppslukas av l\u00e4raren och \u00e5terf\u00f6ds. Ett direkt rituellt bel\u00e4gg f\u00f6r denna praktik saknas, men <span class=\"iwg-fachbegriff\" data-tooltip=\"Ett \u00e5terkommande inneh\u00e5llselement i konst eller ber\u00e4ttelse.\" tabindex=\"0\">motivet<\/span> kan g\u00f6ras plausibelt genom talrika j\u00e4mf\u00f6rande religionsexempel.<\/p>\t\t\t\t\t\t\t\t<\/div>\n\t\t\t\t<\/div>\n\t\t\t\t\t<\/div>\n\t\t\t\t<\/div>\n\t\t\t\t<\/div>\n\t\t","protected":false},"excerpt":{"rendered":"","protected":false},"author":3,"featured_media":3240,"parent":0,"menu_order":0,"comment_status":"closed","ping_status":"closed","template":"elementor_header_footer","meta":{"_yoast_wpseo_focuskw":"Ceridwen","_yoast_wpseo_title":"Ceridwen \u2013 Walesisk gudinna f\u00f6r inspiration | iWell Guard","_yoast_wpseo_metadesc":"Ceridwen \u00e4r den walesiska h\u00e4xgudinnan och v\u00e4ktaren av Awen, inspirationens kittel. Mor till Taliesin. Myt, druidism och bardtradition.","_yoast_wpseo_meta-robots-noindex":"","_yoast_wpseo_canonical":"","_angie_page":false,"gefaehrdungsstufe":"3","wesen_kultur":"keltisch","wesen_klasse":"goetter","footnotes":""},"categories":[],"class_list":["post-137010","page","type-page","status-publish","has-post-thumbnail","hentry"],"yoast_head":"<!-- This site is optimized with the Yoast SEO Premium plugin v27.7 (Yoast SEO v28.3) - https:\/\/yoast.com\/product\/yoast-seo-premium-wordpress\/ -->\n<title>Ceridwen \u2013 Walesisk gudinna f\u00f6r inspiration | iWell Guard<\/title>\n<meta name=\"description\" content=\"Ceridwen \u00e4r den walesiska h\u00e4xgudinnan och v\u00e4ktaren av Awen, inspirationens kittel. Mor till Taliesin. Myt, druidism och bardtradition.\" \/>\n<meta name=\"robots\" content=\"index, follow, max-snippet:-1, max-image-preview:large, max-video-preview:-1\" \/>\n<link rel=\"canonical\" href=\"https:\/\/iwell-guard.com\/sv\/ceridwen\/\" \/>\n<meta property=\"og:locale\" content=\"sv_SE\" \/>\n<meta property=\"og:type\" content=\"article\" \/>\n<meta property=\"og:title\" content=\"Ceridwen\" \/>\n<meta property=\"og:description\" content=\"Ceridwen \u00e4r den walesiska h\u00e4xgudinnan och v\u00e4ktaren av Awen, inspirationens kittel. Mor till Taliesin. Myt, druidism och bardtradition.\" \/>\n<meta property=\"og:url\" content=\"https:\/\/iwell-guard.com\/sv\/ceridwen\/\" \/>\n<meta property=\"og:site_name\" content=\"iWell Guard\" \/>\n<meta property=\"article:modified_time\" content=\"2026-09-03T01:18:05+00:00\" \/>\n<meta property=\"og:image\" content=\"https:\/\/iwell-guard.com\/wp-content\/uploads\/2026\/05\/goetter_keltisch_ceridwen.webp\" \/>\n\t<meta property=\"og:image:width\" content=\"1024\" \/>\n\t<meta property=\"og:image:height\" content=\"1536\" \/>\n\t<meta property=\"og:image:type\" content=\"image\/webp\" \/>\n<meta name=\"twitter:card\" content=\"summary_large_image\" \/>\n<script type=\"application\/ld+json\" class=\"yoast-schema-graph\">{\"@context\":\"https:\\\/\\\/schema.org\",\"@graph\":[{\"@type\":\"WebPage\",\"@id\":\"https:\\\/\\\/iwell-guard.com\\\/sv\\\/ceridwen\\\/\",\"url\":\"https:\\\/\\\/iwell-guard.com\\\/sv\\\/ceridwen\\\/\",\"name\":\"Ceridwen \u2013 Walesisk gudinna f\u00f6r inspiration | iWell Guard\",\"isPartOf\":{\"@id\":\"https:\\\/\\\/iwell-guard.com\\\/sv\\\/#website\"},\"primaryImageOfPage\":{\"@id\":\"https:\\\/\\\/iwell-guard.com\\\/sv\\\/ceridwen\\\/#primaryimage\"},\"image\":{\"@id\":\"https:\\\/\\\/iwell-guard.com\\\/sv\\\/ceridwen\\\/#primaryimage\"},\"thumbnailUrl\":\"https:\\\/\\\/iwell-guard.com\\\/wp-content\\\/uploads\\\/2026\\\/05\\\/goetter_keltisch_ceridwen.webp\",\"datePublished\":\"2026-09-03T00:11:59+00:00\",\"dateModified\":\"2026-09-03T01:18:05+00:00\",\"description\":\"Ceridwen \u00e4r den walesiska h\u00e4xgudinnan och v\u00e4ktaren av Awen, inspirationens kittel. Mor till Taliesin. Myt, druidism och bardtradition.\",\"breadcrumb\":{\"@id\":\"https:\\\/\\\/iwell-guard.com\\\/sv\\\/ceridwen\\\/#breadcrumb\"},\"inLanguage\":\"sv-SE\",\"potentialAction\":[{\"@type\":\"ReadAction\",\"target\":[\"https:\\\/\\\/iwell-guard.com\\\/sv\\\/ceridwen\\\/\"]}]},{\"@type\":\"ImageObject\",\"inLanguage\":\"sv-SE\",\"@id\":\"https:\\\/\\\/iwell-guard.com\\\/sv\\\/ceridwen\\\/#primaryimage\",\"url\":\"https:\\\/\\\/iwell-guard.com\\\/wp-content\\\/uploads\\\/2026\\\/05\\\/goetter_keltisch_ceridwen.webp\",\"contentUrl\":\"https:\\\/\\\/iwell-guard.com\\\/wp-content\\\/uploads\\\/2026\\\/05\\\/goetter_keltisch_ceridwen.webp\",\"width\":1024,\"height\":1536,\"caption\":\"Gudar fr\u00e5n den keltiska traditionen.\"},{\"@type\":\"BreadcrumbList\",\"@id\":\"https:\\\/\\\/iwell-guard.com\\\/sv\\\/ceridwen\\\/#breadcrumb\",\"itemListElement\":[{\"@type\":\"ListItem\",\"position\":1,\"name\":\"Start\",\"item\":\"https:\\\/\\\/iwell-guard.com\\\/sv\\\/?page_id=136483\"},{\"@type\":\"ListItem\",\"position\":2,\"name\":\"Ceridwen\"}]},{\"@type\":\"WebSite\",\"@id\":\"https:\\\/\\\/iwell-guard.com\\\/sv\\\/#website\",\"url\":\"https:\\\/\\\/iwell-guard.com\\\/sv\\\/\",\"name\":\"iWell Guard\",\"description\":\"Schutz vor dunklen Einfl\u00fcssen\",\"publisher\":{\"@id\":\"https:\\\/\\\/iwell-guard.com\\\/sv\\\/#organization\"},\"potentialAction\":[{\"@type\":\"SearchAction\",\"target\":{\"@type\":\"EntryPoint\",\"urlTemplate\":\"https:\\\/\\\/iwell-guard.com\\\/sv\\\/?s={search_term_string}\"},\"query-input\":{\"@type\":\"PropertyValueSpecification\",\"valueRequired\":true,\"valueName\":\"search_term_string\"}}],\"inLanguage\":\"sv-SE\"},{\"@type\":\"Organization\",\"@id\":\"https:\\\/\\\/iwell-guard.com\\\/sv\\\/#organization\",\"name\":\"Ittermann electronic GmbH\",\"url\":\"https:\\\/\\\/iwell-guard.com\\\/sv\\\/\",\"logo\":{\"@type\":\"ImageObject\",\"inLanguage\":\"sv-SE\",\"@id\":\"https:\\\/\\\/iwell-guard.com\\\/sv\\\/#\\\/schema\\\/logo\\\/image\\\/\",\"url\":\"https:\\\/\\\/iwell-guard.com\\\/wp-content\\\/uploads\\\/2026\\\/05\\\/Ittermann-Logo-1182x237-1.png\",\"contentUrl\":\"https:\\\/\\\/iwell-guard.com\\\/wp-content\\\/uploads\\\/2026\\\/05\\\/Ittermann-Logo-1182x237-1.png\",\"width\":1182,\"height\":237,\"caption\":\"Ittermann electronic GmbH\"},\"image\":{\"@id\":\"https:\\\/\\\/iwell-guard.com\\\/sv\\\/#\\\/schema\\\/logo\\\/image\\\/\"},\"sameAs\":[\"https:\\\/\\\/pantip.com\\\/profile\\\/9367242\",\"https:\\\/\\\/micro.blog\\\/iwellguard\",\"https:\\\/\\\/www.diggerslist.com\\\/iwellguard\\\/about\",\"https:\\\/\\\/skitterphoto.com\\\/photographers\\\/2870314\\\/iwell-guard\",\"https:\\\/\\\/iwellguard.wordpress.com\\\/2026\\\/06\\\/06\\\/iwell-guard\\\/\",\"https:\\\/\\\/hub.docker.com\\\/u\\\/iwellguard\",\"https:\\\/\\\/www.pinterest.com\\\/iwellguard\\\/\",\"https:\\\/\\\/bit.ly\\\/m\\\/iwellguard\",\"https:\\\/\\\/entre-vos-mains.alsace.eu\\\/profiles\\\/iwellguard\\\/activity\",\"https:\\\/\\\/gravatar.com\\\/reallybeded8fd34\",\"https:\\\/\\\/naijamatta.com\\\/iwellguard\",\"https:\\\/\\\/www.goodreads.com\\\/iwellguard\",\"https:\\\/\\\/profile.hatena.ne.jp\\\/iwellguard\\\/\",\"https:\\\/\\\/experiment.com\\\/users\\\/iwellguard\",\"https:\\\/\\\/wakelet.com\\\/@iWellGuard82270\",\"https:\\\/\\\/www.chordie.com\\\/forum\\\/profile.php?id=2555664\",\"https:\\\/\\\/www.instapaper.com\\\/p\\\/17757966\",\"https:\\\/\\\/www.mapleprimes.com\\\/users\\\/iwellguard\",\"https:\\\/\\\/businesslistingplus.com\\\/profile\\\/iwell-guard\\\/\",\"https:\\\/\\\/telegra.ph\\\/iWell-Guard-06-06\",\"https:\\\/\\\/pbase.com\\\/iwellguard\\\/iwellguard\",\"https:\\\/\\\/b.hatena.ne.jp\\\/iwellguard\\\/20260607#bookmark-4788405196491818882\",\"https:\\\/\\\/fliphtml5.com\\\/home\\\/iwellguard\",\"https:\\\/\\\/anyflip.com\\\/homepage\\\/cmiwl#About\",\"https:\\\/\\\/transfur.com\\\/Users\\\/iwellguard\",\"http:\\\/\\\/delphi.larsbo.org\\\/user\\\/iwellguard\",\"https:\\\/\\\/jobs.lajobsportal.org\\\/profiles\\\/8380803-iwell-guard\",\"https:\\\/\\\/md.chaosdorf.de\\\/s\\\/jfbe5SBdJD\",\"https:\\\/\\\/www.lingvolive.com\\\/en-us\\\/profile\\\/9ecaeaca-ce11-4e51-9e71-01d55e2bff36\\\/translations\",\"https:\\\/\\\/www.fitday.com\\\/fitness\\\/forums\\\/members\\\/iwellguard.html\",\"https:\\\/\\\/www.mymeetbook.com\\\/iwellguard\",\"https:\\\/\\\/pxhere.com\\\/en\\\/photographer-me\\\/5040798\",\"https:\\\/\\\/disqus.com\\\/by\\\/iwellguard\\\/about\\\/\",\"https:\\\/\\\/pastelink.net\\\/hjwciqwq\",\"https:\\\/\\\/pubhtml5.com\\\/homepage\\\/scjhn\\\/\",\"https:\\\/\\\/www.bitchute.com\\\/channel\\\/2O2eOKzNqujT\",\"https:\\\/\\\/audiomack.com\\\/iwellguard\"]},{\"@type\":\"Article\",\"@id\":\"https:\\\/\\\/iwell-guard.com\\\/sv\\\/ceridwen\\\/#article\",\"isPartOf\":{\"@id\":\"https:\\\/\\\/iwell-guard.com\\\/sv\\\/ceridwen\\\/\"},\"author\":{\"name\":\"Ralf Ittermann\",\"@id\":\"https:\\\/\\\/iwell-guard.com\\\/sv\\\/#\\\/schema\\\/person\\\/ee2a27f1cac3406c7c6fb5820cb7349f\"},\"headline\":\"Ceridwen\",\"datePublished\":\"2026-09-03T00:11:59+00:00\",\"dateModified\":\"2026-09-03T01:18:05+00:00\",\"mainEntityOfPage\":{\"@id\":\"https:\\\/\\\/iwell-guard.com\\\/sv\\\/ceridwen\\\/\"},\"publisher\":{\"@id\":\"https:\\\/\\\/iwell-guard.com\\\/sv\\\/#organization\"},\"image\":{\"@id\":\"https:\\\/\\\/iwell-guard.com\\\/sv\\\/ceridwen\\\/#primaryimage\"},\"thumbnailUrl\":\"https:\\\/\\\/iwell-guard.com\\\/wp-content\\\/uploads\\\/2026\\\/05\\\/goetter_keltisch_ceridwen.webp\",\"inLanguage\":\"sv-SE\",\"description\":\"Ceridwen \u00e4r den walesiska h\u00e4xgudinnan och v\u00e4ktaren av Awen, inspirationens kittel. Mor till Taliesin. Myt, druidism och bardtradition.\"}]}<\/script>\n<!-- \/ Yoast SEO Premium plugin. -->","yoast_head_json":{"title":"Ceridwen \u2013 Walesisk gudinna f\u00f6r inspiration | iWell Guard","description":"Ceridwen \u00e4r den walesiska h\u00e4xgudinnan och v\u00e4ktaren av Awen, inspirationens kittel. Mor till Taliesin. Myt, druidism och bardtradition.","robots":{"index":"index","follow":"follow","max-snippet":"max-snippet:-1","max-image-preview":"max-image-preview:large","max-video-preview":"max-video-preview:-1"},"canonical":"https:\/\/iwell-guard.com\/sv\/ceridwen\/","og_locale":"sv_SE","og_type":"article","og_title":"Ceridwen","og_description":"Ceridwen \u00e4r den walesiska h\u00e4xgudinnan och v\u00e4ktaren av Awen, inspirationens kittel. Mor till Taliesin. Myt, druidism och bardtradition.","og_url":"https:\/\/iwell-guard.com\/sv\/ceridwen\/","og_site_name":"iWell Guard","article_modified_time":"2026-09-03T01:18:05+00:00","og_image":[{"width":1024,"height":1536,"url":"https:\/\/iwell-guard.com\/wp-content\/uploads\/2026\/05\/goetter_keltisch_ceridwen.webp","type":"image\/webp"}],"twitter_card":"summary_large_image","schema":{"@context":"https:\/\/schema.org","@graph":[{"@type":"Article","@id":"https:\/\/iwell-guard.com\/sv\/ceridwen\/#article","isPartOf":{"@id":"https:\/\/iwell-guard.com\/sv\/ceridwen\/"},"author":{"name":"Ralf Ittermann","@id":"https:\/\/iwell-guard.com\/sv\/#\/schema\/person\/ee2a27f1cac3406c7c6fb5820cb7349f"},"headline":"Ceridwen","datePublished":"2026-09-03T00:11:59+00:00","dateModified":"2026-09-03T01:18:05+00:00","mainEntityOfPage":{"@id":"https:\/\/iwell-guard.com\/sv\/ceridwen\/"},"publisher":{"@id":"https:\/\/iwell-guard.com\/sv\/#organization"},"image":{"@id":"https:\/\/iwell-guard.com\/sv\/ceridwen\/#primaryimage"},"thumbnailUrl":"https:\/\/iwell-guard.com\/wp-content\/uploads\/2026\/05\/goetter_keltisch_ceridwen.webp","inLanguage":"sv-SE","description":"Ceridwen \u00e4r den walesiska h\u00e4xgudinnan och v\u00e4ktaren av Awen, inspirationens kittel. Mor till Taliesin. Myt, druidism och bardtradition."},{"@type":"WebPage","@id":"https:\/\/iwell-guard.com\/sv\/ceridwen\/","url":"https:\/\/iwell-guard.com\/sv\/ceridwen\/","name":"Ceridwen \u2013 Walesisk gudinna f\u00f6r inspiration | iWell Guard","isPartOf":{"@id":"https:\/\/iwell-guard.com\/sv\/#website"},"primaryImageOfPage":{"@id":"https:\/\/iwell-guard.com\/sv\/ceridwen\/#primaryimage"},"image":{"@id":"https:\/\/iwell-guard.com\/sv\/ceridwen\/#primaryimage"},"thumbnailUrl":"https:\/\/iwell-guard.com\/wp-content\/uploads\/2026\/05\/goetter_keltisch_ceridwen.webp","datePublished":"2026-09-03T00:11:59+00:00","dateModified":"2026-09-03T01:18:05+00:00","description":"Ceridwen \u00e4r den walesiska h\u00e4xgudinnan och v\u00e4ktaren av Awen, inspirationens kittel. Mor till Taliesin. Myt, druidism och bardtradition.","breadcrumb":{"@id":"https:\/\/iwell-guard.com\/sv\/ceridwen\/#breadcrumb"},"inLanguage":"sv-SE","potentialAction":[{"@type":"ReadAction","target":["https:\/\/iwell-guard.com\/sv\/ceridwen\/"]}]},{"@type":"ImageObject","inLanguage":"sv-SE","@id":"https:\/\/iwell-guard.com\/sv\/ceridwen\/#primaryimage","url":"https:\/\/iwell-guard.com\/wp-content\/uploads\/2026\/05\/goetter_keltisch_ceridwen.webp","contentUrl":"https:\/\/iwell-guard.com\/wp-content\/uploads\/2026\/05\/goetter_keltisch_ceridwen.webp","width":1024,"height":1536,"caption":"Gudar fr\u00e5n den keltiska traditionen."},{"@type":"BreadcrumbList","@id":"https:\/\/iwell-guard.com\/sv\/ceridwen\/#breadcrumb","itemListElement":[{"@type":"ListItem","position":1,"name":"Start","item":"https:\/\/iwell-guard.com\/sv\/?page_id=136483"},{"@type":"ListItem","position":2,"name":"Ceridwen"}]},{"@type":"WebSite","@id":"https:\/\/iwell-guard.com\/sv\/#website","url":"https:\/\/iwell-guard.com\/sv\/","name":"iWell Guard","description":"Schutz vor dunklen Einfl\u00fcssen","publisher":{"@id":"https:\/\/iwell-guard.com\/sv\/#organization"},"potentialAction":[{"@type":"SearchAction","target":{"@type":"EntryPoint","urlTemplate":"https:\/\/iwell-guard.com\/sv\/?s={search_term_string}"},"query-input":{"@type":"PropertyValueSpecification","valueRequired":true,"valueName":"search_term_string"}}],"inLanguage":"sv-SE"},{"@type":"Organization","@id":"https:\/\/iwell-guard.com\/sv\/#organization","name":"Ittermann electronic GmbH","url":"https:\/\/iwell-guard.com\/sv\/","logo":{"@type":"ImageObject","inLanguage":"sv-SE","@id":"https:\/\/iwell-guard.com\/sv\/#\/schema\/logo\/image\/","url":"https:\/\/iwell-guard.com\/wp-content\/uploads\/2026\/05\/Ittermann-Logo-1182x237-1.png","contentUrl":"https:\/\/iwell-guard.com\/wp-content\/uploads\/2026\/05\/Ittermann-Logo-1182x237-1.png","width":1182,"height":237,"caption":"Ittermann electronic GmbH"},"image":{"@id":"https:\/\/iwell-guard.com\/sv\/#\/schema\/logo\/image\/"},"sameAs":["https:\/\/pantip.com\/profile\/9367242","https:\/\/micro.blog\/iwellguard","https:\/\/www.diggerslist.com\/iwellguard\/about","https:\/\/skitterphoto.com\/photographers\/2870314\/iwell-guard","https:\/\/iwellguard.wordpress.com\/2026\/06\/06\/iwell-guard\/","https:\/\/hub.docker.com\/u\/iwellguard","https:\/\/www.pinterest.com\/iwellguard\/","https:\/\/bit.ly\/m\/iwellguard","https:\/\/entre-vos-mains.alsace.eu\/profiles\/iwellguard\/activity","https:\/\/gravatar.com\/reallybeded8fd34","https:\/\/naijamatta.com\/iwellguard","https:\/\/www.goodreads.com\/iwellguard","https:\/\/profile.hatena.ne.jp\/iwellguard\/","https:\/\/experiment.com\/users\/iwellguard","https:\/\/wakelet.com\/@iWellGuard82270","https:\/\/www.chordie.com\/forum\/profile.php?id=2555664","https:\/\/www.instapaper.com\/p\/17757966","https:\/\/www.mapleprimes.com\/users\/iwellguard","https:\/\/businesslistingplus.com\/profile\/iwell-guard\/","https:\/\/telegra.ph\/iWell-Guard-06-06","https:\/\/pbase.com\/iwellguard\/iwellguard","https:\/\/b.hatena.ne.jp\/iwellguard\/20260607#bookmark-4788405196491818882","https:\/\/fliphtml5.com\/home\/iwellguard","https:\/\/anyflip.com\/homepage\/cmiwl#About","https:\/\/transfur.com\/Users\/iwellguard","http:\/\/delphi.larsbo.org\/user\/iwellguard","https:\/\/jobs.lajobsportal.org\/profiles\/8380803-iwell-guard","https:\/\/md.chaosdorf.de\/s\/jfbe5SBdJD","https:\/\/www.lingvolive.com\/en-us\/profile\/9ecaeaca-ce11-4e51-9e71-01d55e2bff36\/translations","https:\/\/www.fitday.com\/fitness\/forums\/members\/iwellguard.html","https:\/\/www.mymeetbook.com\/iwellguard","https:\/\/pxhere.com\/en\/photographer-me\/5040798","https:\/\/disqus.com\/by\/iwellguard\/about\/","https:\/\/pastelink.net\/hjwciqwq","https:\/\/pubhtml5.com\/homepage\/scjhn\/","https:\/\/www.bitchute.com\/channel\/2O2eOKzNqujT","https:\/\/audiomack.com\/iwellguard"]},{"@type":"Person","@id":"https:\/\/iwell-guard.com\/sv\/#\/schema\/person\/ee2a27f1cac3406c7c6fb5820cb7349f","name":"Ralf Ittermann","image":{"@type":"ImageObject","inLanguage":"sv-SE","@id":"https:\/\/secure.gravatar.com\/avatar\/073c0153e350a5005b68eb752b445fea71f6b24a26da9449ad7e155e6b446c9d?s=96&d=mm&r=g","url":"https:\/\/secure.gravatar.com\/avatar\/073c0153e350a5005b68eb752b445fea71f6b24a26da9449ad7e155e6b446c9d?s=96&d=mm&r=g","contentUrl":"https:\/\/secure.gravatar.com\/avatar\/073c0153e350a5005b68eb752b445fea71f6b24a26da9449ad7e155e6b446c9d?s=96&d=mm&r=g","caption":"Ralf Ittermann"},"givenName":"Ralf","familyName":"Ittermann","jobTitle":"Gesch\u00e4ftsf\u00fchrer und redaktioneller Verantwortlicher","url":"https:\/\/iwell-guard.com\/sv\/author\/claude\/","description":"Ralf Ittermann ist Gesch\u00e4ftsf\u00fchrer der Ittermann electronic GmbH und redaktioneller Verantwortlicher des iWell-Guard-Lexikons. Er verbindet langj\u00e4hrige Erfahrung in der Pr\u00e4zisionsfertigung mit medialer Praxis und religionsgeschichtlicher Quellenarbeit.","worksFor":{"@type":"Organization","name":"Ittermann electronic GmbH","url":"https:\/\/ittermann.de\/","address":{"@type":"PostalAddress","streetAddress":"K\u00f6hlergasse 16-18","postalCode":"99842","addressLocality":"Ruhla","addressCountry":"DE"}},"knowsAbout":["Religionsgeschichte","Mythologie","Mediale Praxis","Energetische Diagnostik","Schutzpraxis","Volksglauben","Westliche Esoterik"]},{"@type":"Article","@id":"https:\/\/iwell-guard.com\/sv\/ceridwen\/#article","isPartOf":{"@id":"https:\/\/iwell-guard.com\/sv\/ceridwen\/"},"author":{"name":"Ralf Ittermann","@id":"https:\/\/iwell-guard.com\/sv\/#\/schema\/person\/ee2a27f1cac3406c7c6fb5820cb7349f"},"headline":"Ceridwen","datePublished":"2026-09-03T00:11:59+00:00","dateModified":"2026-09-03T01:18:05+00:00","mainEntityOfPage":{"@id":"https:\/\/iwell-guard.com\/sv\/ceridwen\/"},"publisher":{"@id":"https:\/\/iwell-guard.com\/sv\/#organization"},"image":{"@id":"https:\/\/iwell-guard.com\/sv\/ceridwen\/#primaryimage"},"thumbnailUrl":"https:\/\/iwell-guard.com\/wp-content\/uploads\/2026\/05\/goetter_keltisch_ceridwen.webp","inLanguage":"sv-SE","description":"Ceridwen \u00e4r den walesiska h\u00e4xgudinnan och v\u00e4ktaren av Awen, inspirationens kittel. Mor till Taliesin. Myt, druidism och bardtradition."}]}},"_links":{"self":[{"href":"https:\/\/iwell-guard.com\/sv\/wp-json\/wp\/v2\/pages\/137010","targetHints":{"allow":["GET"]}}],"collection":[{"href":"https:\/\/iwell-guard.com\/sv\/wp-json\/wp\/v2\/pages"}],"about":[{"href":"https:\/\/iwell-guard.com\/sv\/wp-json\/wp\/v2\/types\/page"}],"author":[{"embeddable":true,"href":"https:\/\/iwell-guard.com\/sv\/wp-json\/wp\/v2\/users\/3"}],"replies":[{"embeddable":true,"href":"https:\/\/iwell-guard.com\/sv\/wp-json\/wp\/v2\/comments?post=137010"}],"version-history":[{"count":0,"href":"https:\/\/iwell-guard.com\/sv\/wp-json\/wp\/v2\/pages\/137010\/revisions"}],"wp:featuredmedia":[{"embeddable":true,"href":"https:\/\/iwell-guard.com\/sv\/wp-json\/wp\/v2\/media\/3240"}],"wp:attachment":[{"href":"https:\/\/iwell-guard.com\/sv\/wp-json\/wp\/v2\/media?parent=137010"}],"wp:term":[{"taxonomy":"category","embeddable":true,"href":"https:\/\/iwell-guard.com\/sv\/wp-json\/wp\/v2\/categories?post=137010"}],"curies":[{"name":"wp","href":"https:\/\/api.w.org\/{rel}","templated":true}]}}