{"id":136974,"date":"2026-09-03T00:11:40","date_gmt":"2026-09-03T00:11:40","guid":{"rendered":"https:\/\/iwell-guard.com\/?page_id=136974"},"modified":"2026-09-03T01:17:06","modified_gmt":"2026-09-03T01:17:06","slug":"diana","status":"publish","type":"page","link":"https:\/\/iwell-guard.com\/sv\/diana\/","title":{"rendered":"Diana"},"content":{"rendered":"\t\t<div data-elementor-type=\"wp-page\" data-elementor-id=\"136974\" class=\"elementor elementor-136974 elementor-3012 elementor-bc-flex-widget\" data-elementor-post-type=\"page\">\n\t\t\t\t<div class=\"elementor-element elementor-element-0938905 e-flex e-con-boxed e-con e-parent\" data-id=\"0938905\" data-element_type=\"container\" data-e-type=\"container\" data-settings=\"{&quot;background_background&quot;:&quot;classic&quot;}\">\n\t\t\t\t\t<div class=\"e-con-inner\">\n\t\t<div class=\"elementor-element elementor-element-407655f e-flex e-con-boxed e-con e-child\" data-id=\"407655f\" data-element_type=\"container\" data-e-type=\"container\">\n\t\t\t\t\t<div class=\"e-con-inner\">\n\t\t<div class=\"elementor-element elementor-element-f581a00 e-con-full e-flex e-con e-child\" data-id=\"f581a00\" data-element_type=\"container\" data-e-type=\"container\">\n\t\t\t\t<div class=\"elementor-element elementor-element-410379c elementor-widget elementor-widget-heading\" data-id=\"410379c\" data-element_type=\"widget\" data-e-type=\"widget\" data-widget_type=\"heading.default\">\n\t\t\t\t\t<h1 class=\"elementor-heading-title elementor-size-default\">Diana, romersk gudinna f\u00f6r jakt och m\u00e5ne<\/h1>\t\t\t\t<\/div>\n\t\t\t\t<div class=\"elementor-element elementor-element-5d0d7a5 elementor-widget elementor-widget-text-editor\" data-id=\"5d0d7a5\" data-element_type=\"widget\" data-e-type=\"widget\" data-widget_type=\"text-editor.default\">\n\t\t\t\t\t\t\t\t\t<p>Diana \u00e4r den romerska gudinnan f\u00f6r jakt, m\u00e5ne och de vilda skogarna. Hon skyddar kvinnor vid f\u00f6rlossning, djur i skogen och resen\u00e4rer p\u00e5 obanade v\u00e4gar.<\/p><p>Hennes gamla huvudkult l\u00e5g i <span class=\"iwg-fachbegriff\" data-tooltip=\"En helig tr\u00e4dlund som tj\u00e4nade som kultplats.\" tabindex=\"0\">lunden<\/span> vid Nemi vid Albanosj\u00f6n, en <span class=\"iwg-fachbegriff\" data-tooltip=\"En helig plats vigd \u00e5t dyrkan av en gudom.\" tabindex=\"0\">helgedom<\/span> som redan f\u00f6re den romerska statsbildningen betraktades som f\u00f6rbundshelgedom f\u00f6r de latinska st\u00e4derna. Senare identifierades Diana i stor utstr\u00e4ckning med den grekiska Artemis, och i denna sammansm\u00e4ltning g\u00e4llde hon som Apollons syster och dotter till Iuppiter och Latona.<\/p>\t\t\t\t\t\t\t\t<\/div>\n\t\t\t\t<\/div>\n\t\t<div class=\"elementor-element elementor-element-1826bdf e-con-full e-flex e-con e-parent\" data-id=\"1826bdf\" data-element_type=\"container\" data-e-type=\"container\">\n\t\t\t\t<div class=\"elementor-element elementor-element-c2061a9 elementor-widget elementor-widget-html\" data-id=\"c2061a9\" data-element_type=\"widget\" data-e-type=\"widget\" data-widget_type=\"html.default\">\n\t\t\t\t\t<div class=\"iwg-pill-row\"><span class=\"iwg-klasse-badge\" tabindex=\"0\" data-tooltip=\"Gud \/ Gudinna: Personifierad h\u00f6gsta makt i en kulturs pantheon, med tydliga ansvarsomr\u00e5den \u2014 naturkrafter, \u00f6de, krig, fruktbarhet. V\u00f6rdad genom kulter, offer och tempelinstitutioner.\">Gud<\/span><a href=\"https:\/\/iwell-guard.com\/sv\/rom\/\" class=\"iwg-kultur-badge\" tabindex=\"0\" data-tooltip=\"Romersk religion fr\u00e5n kungatiden till senantiken \u2014 synkretistisk med grekiska och etruskiska skikt.\">Rom<\/a><\/div>\t\t\t\t<\/div>\n\t\t\t\t<\/div>\n\t\t<div class=\"elementor-element elementor-element-e2c3b89 e-con-full e-flex e-con e-child\" data-id=\"e2c3b89\" data-element_type=\"container\" data-e-type=\"container\">\n\t\t\t\t<div class=\"elementor-element elementor-element-494d901 elementor-toc--minimized-on-tablet elementor-widget elementor-widget-table-of-contents\" data-id=\"494d901\" data-element_type=\"widget\" data-e-type=\"widget\" data-settings=\"{&quot;exclude_headings_by_selector&quot;:[],&quot;no_headings_message&quot;:&quot;Inga rubriker hittades p\\u00e5 den h\\u00e4r sidan.&quot;,&quot;headings_by_tags&quot;:[&quot;h2&quot;,&quot;h3&quot;],&quot;marker_view&quot;:&quot;bullets&quot;,&quot;icon&quot;:{&quot;value&quot;:&quot;fas fa-circle&quot;,&quot;library&quot;:&quot;fa-solid&quot;,&quot;rendered_tag&quot;:&quot;&lt;svg class=\\&quot;e-font-icon-svg e-fas-circle\\&quot; viewBox=\\&quot;0 0 512 512\\&quot; xmlns=\\&quot;http:\\\/\\\/www.w3.org\\\/2000\\\/svg\\&quot;&gt;&lt;path d=\\&quot;M256 8C119 8 8 119 8 256s111 248 248 248 248-111 248-248S393 8 256 8z\\&quot;&gt;&lt;\\\/path&gt;&lt;\\\/svg&gt;&quot;},&quot;minimize_box&quot;:&quot;yes&quot;,&quot;minimized_on&quot;:&quot;tablet&quot;,&quot;hierarchical_view&quot;:&quot;yes&quot;,&quot;min_height&quot;:{&quot;unit&quot;:&quot;px&quot;,&quot;size&quot;:&quot;&quot;,&quot;sizes&quot;:[]},&quot;min_height_tablet&quot;:{&quot;unit&quot;:&quot;px&quot;,&quot;size&quot;:&quot;&quot;,&quot;sizes&quot;:[]},&quot;min_height_mobile&quot;:{&quot;unit&quot;:&quot;px&quot;,&quot;size&quot;:&quot;&quot;,&quot;sizes&quot;:[]}}\" data-widget_type=\"table-of-contents.default\">\n\t\t\t\t\t\t\t\t\t<div class=\"elementor-toc__header\">\n\t\t\t\t\t\t<h2 class=\"elementor-toc__header-title\">\n\t\t\t\tInneh\u00e5llsf\u00f6rteckning\t\t\t<\/h2>\n\t\t\t\t\t\t\t\t\t\t<div class=\"elementor-toc__toggle-button elementor-toc__toggle-button--expand\" role=\"button\" tabindex=\"0\" aria-controls=\"elementor-toc__494d901\" aria-expanded=\"true\" aria-label=\"\u00d6ppna inneh\u00e5llsf\u00f6rteckning\"><svg aria-hidden=\"true\" class=\"e-font-icon-svg e-fas-chevron-down\" viewBox=\"0 0 448 512\" xmlns=\"http:\/\/www.w3.org\/2000\/svg\"><path d=\"M207.029 381.476L12.686 187.132c-9.373-9.373-9.373-24.569 0-33.941l22.667-22.667c9.357-9.357 24.522-9.375 33.901-.04L224 284.505l154.745-154.021c9.379-9.335 24.544-9.317 33.901.04l22.667 22.667c9.373 9.373 9.373 24.569 0 33.941L240.971 381.476c-9.373 9.372-24.569 9.372-33.942 0z\"><\/path><\/svg><\/div>\n\t\t\t\t<div class=\"elementor-toc__toggle-button elementor-toc__toggle-button--collapse\" role=\"button\" tabindex=\"0\" aria-controls=\"elementor-toc__494d901\" aria-expanded=\"true\" aria-label=\"St\u00e4ng inneh\u00e5llsf\u00f6rteckning\"><svg aria-hidden=\"true\" class=\"e-font-icon-svg e-fas-chevron-up\" viewBox=\"0 0 448 512\" xmlns=\"http:\/\/www.w3.org\/2000\/svg\"><path d=\"M240.971 130.524l194.343 194.343c9.373 9.373 9.373 24.569 0 33.941l-22.667 22.667c-9.357 9.357-24.522 9.375-33.901.04L224 227.495 69.255 381.516c-9.379 9.335-24.544 9.317-33.901-.04l-22.667-22.667c-9.373-9.373-9.373-24.569 0-33.941L207.03 130.525c9.372-9.373 24.568-9.373 33.941-.001z\"><\/path><\/svg><\/div>\n\t\t\t\t\t<\/div>\n\t\t\t\t<div id=\"elementor-toc__494d901\" class=\"elementor-toc__body\">\n\t\t\t<div class=\"elementor-toc__spinner-container\">\n\t\t\t\t<svg class=\"elementor-toc__spinner eicon-animation-spin e-font-icon-svg e-eicon-loading\" aria-hidden=\"true\" viewBox=\"0 0 1000 1000\" xmlns=\"http:\/\/www.w3.org\/2000\/svg\"><path d=\"M500 975V858C696 858 858 696 858 500S696 142 500 142 142 304 142 500H25C25 237 238 25 500 25S975 237 975 500 763 975 500 975Z\"><\/path><\/svg>\t\t\t<\/div>\n\t\t<\/div>\n\t\t\t\t\t\t<\/div>\n\t\t\t\t<\/div>\n\t\t\t\t\t<\/div>\n\t\t\t\t<\/div>\n\t\t<div class=\"elementor-element elementor-element-779a289 e-con-full e-flex e-con e-child\" data-id=\"779a289\" data-element_type=\"container\" data-e-type=\"container\">\n\t\t\t\t<div class=\"elementor-element elementor-element-6e24f3d iwg-hero-image elementor-widget elementor-widget-image\" data-id=\"6e24f3d\" data-element_type=\"widget\" data-e-type=\"widget\" data-widget_type=\"image.default\">\n\t\t\t\t\t\t\t\t\t\t\t\t\t\t\t<img fetchpriority=\"high\" decoding=\"async\" width=\"683\" height=\"1024\" src=\"https:\/\/iwell-guard.com\/wp-content\/uploads\/2026\/05\/goetter_rom_diana-683x1024.webp\" class=\"attachment-large size-large wp-image-135985\" alt=\"Diana \u2013 gudar fr\u00e5n den romerska traditionen, historiskt-illustrativt\" srcset=\"https:\/\/iwell-guard.com\/wp-content\/uploads\/2026\/05\/goetter_rom_diana-683x1024.webp 683w, https:\/\/iwell-guard.com\/wp-content\/uploads\/2026\/05\/goetter_rom_diana-200x300.webp 200w, https:\/\/iwell-guard.com\/wp-content\/uploads\/2026\/05\/goetter_rom_diana-768x1152.webp 768w, https:\/\/iwell-guard.com\/wp-content\/uploads\/2026\/05\/goetter_rom_diana.webp 1024w\" sizes=\"(max-width: 683px) 100vw, 683px\" \/>\t\t\t\t\t\t\t\t\t\t\t\t\t\t\t<\/div>\n\t\t\t\t<\/div>\n\t\t\t\t\t<\/div>\n\t\t\t\t<\/div>\n\t\t<div class=\"elementor-element elementor-element-266f5f8 e-con-boxed e-flex e-con e-parent\" data-id=\"266f5f8\" data-element_type=\"container\" data-e-type=\"container\">\n\t\t\t\t\t<div class=\"e-con-inner\">\n\t\t<div class=\"elementor-element elementor-element-a940ad5 e-con-full e-flex e-con e-child\" data-id=\"a940ad5\" data-element_type=\"container\" data-e-type=\"container\">\n\t\t\t\t<div class=\"elementor-element elementor-element-bf6b107 elementor-widget elementor-widget-heading\" data-id=\"bf6b107\" data-element_type=\"widget\" data-e-type=\"widget\" data-widget_type=\"heading.default\">\n\t\t\t\t\t<h2 class=\"elementor-heading-title elementor-size-default\">Myt och ursprung<\/h2>\t\t\t\t<\/div>\n\t\t\t\t<div class=\"elementor-element elementor-element-1b6e2e6 elementor-widget elementor-widget-text-editor\" data-id=\"1b6e2e6\" data-element_type=\"widget\" data-e-type=\"widget\" data-widget_type=\"text-editor.default\">\n\t\t\t\t\t\t\t\t\t<p>Namnet Diana h\u00e4rleds spr\u00e5khistoriskt fr\u00e5n en indoeuropeisk rot med betydelsen \u00ablysande\u00bb eller \u00abhimmelsklart\u00bb. D\u00e4rav f\u00f6ljer den n\u00e4ra f\u00f6rbindelsen till m\u00e5nen och dagsljuset. I det \u00e4ldsta italiska lagret var Diana en gudinna f\u00f6r den vilda naturen, k\u00e4llorna och kvinnlig mognad.<\/p><p>F\u00f6rst genom den religi\u00f6sa reformen under Servius Tullius togs hon upp i den urbana religionen, d\u00e5 ett Diana-<span class=\"iwg-fachbegriff\" data-tooltip=\"En byggnad som \u00e4gnas \u00e5t dyrkan av en eller flera gudomar.\" tabindex=\"0\">tempel<\/span> uppf\u00f6rdes p\u00e5 Aventinen, vilket samtidigt skulle vara f\u00f6rbundshelgedom f\u00f6r de latinska st\u00e4derna. Denna politiska funktion var en medveten gest f\u00f6r att h\u00e4vda romerskt f\u00f6retr\u00e4de gentemot de \u00f6vriga latinska samh\u00e4llena.<\/p>\n<p>Det \u00e4ldsta romerska kultcentrumet l\u00e5g dock i Nemi, en vulkanisk kratersj\u00f6 i Albanska bergen. H\u00e4r dyrkade latinarna Diana Nemorensis, lundens h\u00e4rskarinna.<\/p><p>Redan Cato ber\u00e4ttar om denna helgedoms betydelse, och Strabo skildrar den ovanliga pr\u00e4stritualen, d\u00e4r den tj\u00e4nstg\u00f6rande pr\u00e4sten, Rex Nemorensis, kunde utmanas av en rymd slav och avl\u00f6sas i envig.<\/p><p>Denna arkaiska praxis bevarade sp\u00e5r av \u00e4ldre initiationsriter och fascinerade senare religionshistorisk forskning, framf\u00f6r allt James George Frazer, som inledde sitt verk \u00abThe Golden Bough\u00bb med Nemi-<span class=\"iwg-fachbegriff\" data-tooltip=\"En helig tr\u00e4dlund som tj\u00e4nade som kultplats.\" tabindex=\"0\">lunden<\/span>. Fr\u00e5gan om Rex Nemorensis verkligen existerade eller var en litter\u00e4r konstruktion syssels\u00e4tter forskningen \u00e4n i dag.<\/p>\n<p>Vergilius n\u00e4mner Diana upprepade g\u00e5nger som beskyddare av lantliga fromma. Ovidius \u00e4gnar henne i \u00abMetamorphoses\u00bb den ber\u00f6mda episoden om Aktaion, som ser den badande gudinnan och till straff f\u00f6rvandlas till en hjort.<\/p><p>Den romerska traditionen har oftast tagit \u00f6ver s\u00e5dana ber\u00e4ttelser i n\u00e4ra anslutning till grekiska f\u00f6rlagor, men f\u00f6rbundit dem starkare med kultiska realia fr\u00e5n Latium. Catullus \u00e4gnar henne en egen hymn, Carmen 34, som beskriver gudinnan som ljusb\u00e4rare och beskyddare av unga flickor.<\/p>\n<p>I den italiska folkreligionen f\u00f6rblev Diana l\u00e4nge n\u00e4rvarande som djurens h\u00e4rskarinna och de outforskade landskapens gudinna. Inskrifter fr\u00e5n Latiums inland visar henne som k\u00e4llgudom, beskyddare av djurhjordar och hj\u00e4lparinna vid f\u00f6rlossningar.<\/p><p>Dessa lantliga inslag f\u00f6rblev knutna till den offentliga Aventinkulten och kom ofta i skymundan i den litter\u00e4ra traditionen till f\u00f6rm\u00e5n f\u00f6r de hellenistiskt f\u00e4rgade Artemis-bilderna.<\/p>\t\t\t\t\t\t\t\t<\/div>\n\t\t\t\t<\/div>\n\t\t<div class=\"elementor-element elementor-element-3c9f8e5 e-con-full e-flex e-con e-child\" data-id=\"3c9f8e5\" data-element_type=\"container\" data-e-type=\"container\">\n\t\t\t\t<div class=\"elementor-element elementor-element-182ea83 elementor-widget elementor-widget-heading\" data-id=\"182ea83\" data-element_type=\"widget\" data-e-type=\"widget\" data-widget_type=\"heading.default\">\n\t\t\t\t\t<h2 class=\"elementor-heading-title elementor-size-default\">Symboler och attribut<\/h2>\t\t\t\t<\/div>\n\t\t\t\t<div class=\"elementor-element elementor-element-66eb4df elementor-widget elementor-widget-text-editor\" data-id=\"66eb4df\" data-element_type=\"widget\" data-e-type=\"widget\" data-widget_type=\"text-editor.default\">\n\t\t\t\t\t\t\t\t\t<p>Pilb\u00e5ge och pilar \u00e4r Dianas centrala k\u00e4nnetecken och pekar p\u00e5 hennes roll som j\u00e4gargudinna. I den bildliga traditionen framst\u00e4lls hon oftast med uppknuten kl\u00e4dnad och sandaler, ofta i s\u00e4llskap med en hund eller en hjort.<\/p><p>M\u00e5nen, synlig som en halvm\u00e5ne \u00f6ver pannan eller i h\u00e5ret, k\u00e4nnetecknar henne samtidigt som ljusgudinna. Denna kombinerade symbolik av jaktvapen och m\u00e5nsymbol \u00e5terfinns p\u00e5 m\u00e5nga mynt fr\u00e5n den sena republiken och kejsartiden.<\/p>\n<p>Ett annat attribut \u00e4r facklan. Den framtr\u00e4der s\u00e4rskilt d\u00e4r Diana upptr\u00e4der som gudinna f\u00f6r nattlig belysning och f\u00f6r v\u00e4garna genom m\u00f6rka skogar. I Nemi-<span class=\"iwg-fachbegriff\" data-tooltip=\"Summan av de religi\u00f6sa v\u00f6rdnadshandlingarna f\u00f6r en gudom eller helig gestalt.\" tabindex=\"0\">kulten<\/span> bar <span class=\"iwg-fachbegriff\" data-tooltip=\"En m\u00e4nniska som g\u00f6r en religi\u00f6st motiverad resa till en helig plats.\" tabindex=\"0\">pilgrimerna<\/span> facklor runt sj\u00f6n, vars vatten ans\u00e5gs vara en spegel av m\u00e5nen.<\/p><p>F\u00f6rbindelsen mellan m\u00e5nljus och fackelsken pr\u00e4glar den senare ikonografiska traditionen \u00e4nda in i ren\u00e4ssansen, d\u00e5 Diana n\u00e4stan alltid framst\u00e4lls som en nattvandrande gestalt omgiven av ljussken.<\/p>\n<p>Diana \u00e5tf\u00f6ljs ofta av hundar, hjortar, r\u00e5djur och mer s\u00e4llan bj\u00f6rnar. Dessa djur markerar hennes herrav\u00e4lde \u00f6ver skogen. P\u00e5 reliefer fr\u00e5n Aventinen f\u00f6rekommer dessutom ormar, som visar hennes ktoniska sida och f\u00f6rbindelsen till helande k\u00e4llor.<\/p><p>F\u00f6r kvinnor som bad om bist\u00e5nd vid f\u00f6rlossningen var \u00e4ven en krans av vild olivkvist en vanlig votivg\u00e5va. \u00c4ven vigda lerfigurer av gravida kvinnor, som hittats i stort antal i Nemi och vid andra helgedomar, h\u00f6r till de materiella sp\u00e5ren av hennes f\u00f6rlossningskult.<\/p>\n<p>I provinserna synkretiserades hon ofta med den lokala naturgudinnan, till exempel som Diana Abnoba i Schwarzwald, Diana Arduinna i Ardennerna eller Diana Nemetona i Donauomr\u00e5det. Dessa lokala former b\u00e4r ofta egna attribut, som pinjekvistar, k\u00e4llsk\u00e5lar eller regionala vilda djur. Den provinsiella <span class=\"iwg-fachbegriff\" data-tooltip=\"L\u00e4ran om bildinneh\u00e5ll och deras betydelse.\" tabindex=\"0\">ikonografin<\/span> visar p\u00e5 ett imponerande s\u00e4tt den romerska religionens f\u00f6rm\u00e5ga att sammanf\u00f6ra lokala naturkulter under en gemensam huvudgudom.<\/p>\t\t\t\t\t\t\t\t<\/div>\n\t\t\t\t<\/div>\n\t\t<div class=\"elementor-element elementor-element-f2962d8 e-con-full e-flex e-con e-child\" data-id=\"f2962d8\" data-element_type=\"container\" data-e-type=\"container\">\n\t\t\t\t<div class=\"elementor-element elementor-element-bd612d8 elementor-widget elementor-widget-heading\" data-id=\"bd612d8\" data-element_type=\"widget\" data-e-type=\"widget\" data-widget_type=\"heading.default\">\n\t\t\t\t\t<h2 class=\"elementor-heading-title elementor-size-default\">Kult och v\u00f6rdnad<\/h2>\t\t\t\t<\/div>\n\t\t\t\t<div class=\"elementor-element elementor-element-db40542 elementor-widget elementor-widget-text-editor\" data-id=\"db40542\" data-element_type=\"widget\" data-e-type=\"widget\" data-widget_type=\"text-editor.default\">\n\t\t\t\t\t\t\t\t\t<p><span class=\"iwg-fachbegriff\" data-tooltip=\"En helig plats vigd \u00e5t dyrkan av en gudom.\" tabindex=\"0\">Helgedomen<\/span> i Nemi var den mest inflytelserika lantliga <span class=\"iwg-fachbegriff\" data-tooltip=\"Summan av de religi\u00f6sa v\u00f6rdnadshandlingar som \u00e4gnas en gudom eller helig gestalt.\" tabindex=\"0\">kulten<\/span> f\u00f6r gudinnan. Tusentals votivg\u00e5vor i lera, som har utgr\u00e4vts arkeologiskt, visar kvinnor med barn, gravida figuriner och djur.<\/p><p>Dessa fynd visar att Diana, f\u00f6rutom sin roll som jaktgudinna, framf\u00f6r allt \u00e5kallades som beskyddare vid f\u00f6rlossningar och barnuppfostran. De arkeologiska unders\u00f6kningarna sedan 1800-talet har blottlagt <span class=\"iwg-fachbegriff\" data-tooltip=\"En helig plats vigd \u00e5t dyrkan av en gudom.\" tabindex=\"0\">helgedomen<\/span> som ett lantligt pilgrimscentrum av allm\u00e4n italisk betydelse, med omfattande byggnader, samlingssalar och tempelanl\u00e4ggningar.<\/p>\n<p>I Rom sj\u00e4lv l\u00e5g <span class=\"iwg-fachbegriff\" data-tooltip=\"En byggnad \u00e4gnad \u00e5t dyrkan av en eller flera gudomar.\" tabindex=\"0\">templet<\/span> p\u00e5 Aventinen. Det grundades enligt Livius under Servius Tullius och betraktades som samlingsplats f\u00f6r plebejer och slavar. Framf\u00f6r detta <span class=\"iwg-fachbegriff\" data-tooltip=\"En byggnad \u00e4gnad \u00e5t dyrkan av en eller flera gudomar.\" tabindex=\"0\">tempel<\/span> firades den 13 augusti den viktigaste festen, Servatorius eller dies natalis.<\/p><p>Denna dag fick slavar inte tvingas till arbete, och ett ljust\u00e5g drog fr\u00e5n Rom till Nemi under hela natten. Denna f\u00f6rening av den urbana och den lantliga kulten genom en processionell ljusv\u00e4g \u00e4r en ovanlig och s\u00e4rskilt gripande festform i romersk religion.<\/p>\n<p>I Capua och p\u00e5 andra italiska platser dyrkades Diana Tifatina, med egen <span class=\"iwg-fachbegriff\" data-tooltip=\"En helig tr\u00e4dlund som tj\u00e4nade som kultplats.\" tabindex=\"0\">lund<\/span> och k\u00e4lla. I provinserna, framf\u00f6r allt i Gallien och Germanien, framtr\u00e4der hon ofta i lokala synkretismer.<\/p><p>I Britannien, Spanien och vid Nordafrikas kust \u00e4r hon epigrafiskt belagd som j\u00e4gare och naturgudinna. I Efesos l\u00e5g <span class=\"iwg-fachbegriff\" data-tooltip=\"En helig plats vigd \u00e5t dyrkan av en gudom.\" tabindex=\"0\">helgedomen<\/span> f\u00f6r Diana Ephesia, som ans\u00e5gs vara en identifikation med den stora orientaliska modergudinnan och som spelar en framtr\u00e4dande roll i Nya testamentets apostlag\u00e4rningar.<\/p>\n<p>\u00c4ven i folkreligionen f\u00f6rblev Diana l\u00e4nge levande. Konciliet i Ankyra p\u00e5 300-talet och senare synoder f\u00f6rbj\u00f6d kvinnor att \u00abrida med Diana om natten\u00bb.<\/p><p>Detta st\u00e4lle \u00e4r ett viktigt bel\u00e4gg f\u00f6r hur dianska f\u00f6rest\u00e4llningar levde vidare bortom de hedniska kulternas slut och st\u00e5r vid ursprunget till senare h\u00e4xtrof\u00f6rest\u00e4llningar. I den s\u00e5 kallade Canon Episcopi fr\u00e5n 800-talet f\u00f6rd\u00f6ms den nattliga f\u00e4rden med Diana som <span class=\"iwg-fachbegriff\" data-tooltip=\"Neds\u00e4ttande ben\u00e4mning p\u00e5 f\u00f6rest\u00e4llningar som anses religi\u00f6st ogrundade.\" tabindex=\"0\">vidskepelse<\/span>, vilket visar hur seglivad den folkreligi\u00f6sa v\u00f6rdnaden var.<\/p>\n<p>Vestalerna, som tj\u00e4nade Vesta, f\u00f6rde fram offerg\u00e5vor i Dianas <span class=\"iwg-fachbegriff\" data-tooltip=\"En byggnad \u00e4gnad \u00e5t dyrkan av en eller flera gudomar.\" tabindex=\"0\">tempel<\/span> p\u00e5 hennes festdagar. Denna kultiska sammanfl\u00e4tning av Vesta och Diana speglar det n\u00e4ra sl\u00e4ktskapet mellan renhet, jungfrulighet och ljusgudom. \u00c4ven Iuno \u00e5kallades tillsammans p\u00e5 Dianas festdagar i Lavinium och Tusculum, vilket understryker b\u00e5da gudinnornas f\u00f6rlossningshj\u00e4lpande funktion.<\/p>\t\t\t\t\t\t\t\t<\/div>\n\t\t\t\t<\/div>\n\t\t<div class=\"elementor-element elementor-element-67e249f e-con-full e-flex e-con e-child\" data-id=\"67e249f\" data-element_type=\"container\" data-e-type=\"container\">\n\t\t\t\t<div class=\"elementor-element elementor-element-f9d3f49 elementor-widget elementor-widget-heading\" data-id=\"f9d3f49\" data-element_type=\"widget\" data-e-type=\"widget\" data-widget_type=\"heading.default\">\n\t\t\t\t\t<h2 class=\"elementor-heading-title elementor-size-default\">Viktiga myter<\/h2>\t\t\t\t<\/div>\n\t\t\t\t<div class=\"elementor-element elementor-element-007d6ba elementor-widget elementor-widget-text-editor\" data-id=\"007d6ba\" data-element_type=\"widget\" data-e-type=\"widget\" data-widget_type=\"text-editor.default\">\n\t\t\t\t\t\t\t\t\t<p>Ber\u00e4ttelsen om Aktaeon \u00e4r det mest k\u00e4nda avsnittet i den dianiska <span class=\"iwg-fachbegriff\" data-tooltip=\"Helheten av \u00f6verl\u00e4mnade gudaber\u00e4ttelser i en kultur.\" tabindex=\"0\">mytologin<\/span>. Ovidius skildrar i \u00abMetamorfoser\u00bb hur den unge j\u00e4garen Aktaeon p\u00e5 sin vandring av en slump st\u00f6ter p\u00e5 den badande Diana. Uppr\u00f6rd \u00f6ver kr\u00e4nkningen av sin renhet f\u00f6rvandlar hon honom till en hjort, som sedan rivs ihj\u00e4l av sina egna hundar.<\/p><p>Ber\u00e4ttelsen inneh\u00e5ller ett gammalt tabu kring gudomlighet, f\u00f6rbudet mot den obeh\u00f6riga blicken, och tolkades under medeltiden kristet allegoriskt som en varning mot okysk nyfikenhet. Titian och senare m\u00e5lare har f\u00e5ngat f\u00f6rvandlingens \u00f6gonblick i ber\u00f6mda bilder som f\u00f6rt\u00e4tar <span class=\"iwg-fachbegriff\" data-tooltip=\"Ett \u00e5terkommande inneh\u00e5llsligt element i konst eller ber\u00e4ttelse.\" tabindex=\"0\">motivet<\/span> av den heliga tr\u00f6skeln i bildform.<\/p>\n<p>Ett andra avsnitt r\u00f6r Ifigenia. Enligt en tradition som \u00e5terges av Servius r\u00e4ddade Diana Agamemnons dotter i sista sekunden fr\u00e5n att offras i Aulis och f\u00f6rde henne bort till Tauris, d\u00e4r hon blev hennes pr\u00e4st.<\/p><p>I den romerska tolkningen kopplas ber\u00e4ttelsen till Nemi-<span class=\"iwg-fachbegriff\" data-tooltip=\"Helheten av religi\u00f6sa v\u00f6rdnadshandlingar f\u00f6r en gudom eller helig gestalt.\" tabindex=\"0\">kulten<\/span>, eftersom det tauriska m\u00e4nniskooffret sj\u00e4lv avslutas av Diana, och gudinnan d\u00e4rigenom utvecklas till v\u00e4ktare av en r\u00e4ttf\u00e4rdig och m\u00e5ttfull offerpraxis.<\/p><p>Euripides bearbetning av denna <span class=\"iwg-fachbegriff\" data-tooltip=\"En \u00f6verl\u00e4mnad ber\u00e4ttelse om gudar, ursprung och v\u00e4rldens ordning.\" tabindex=\"0\">myt<\/span> i \u00abIfigenia i Tauris\u00bb uppf\u00f6rdes ofta under romersk tid och p\u00e5verkade uppfattningen om Diana som en gudinna som r\u00e4ddar m\u00e4nniskor ist\u00e4llet f\u00f6r att offra dem.<\/p>\n<p>En tredje ber\u00e4ttelse handlar om Dianas hjort p\u00e5 Aventinen. Enligt Livius uppf\u00f6dde en romersk bonde fr\u00e5n sabinerland en s\u00e4rskilt stor hjort, om vilken ett <span class=\"iwg-fachbegriff\" data-tooltip=\"En plats eller institution d\u00e4r man inh\u00e4mtar ett gudomligt besked.\" tabindex=\"0\">orakel<\/span> sade att det folk som offrade djuret skulle uppn\u00e5 herrav\u00e4ldet \u00f6ver Italien.<\/p><p>Sabinern f\u00f6rde hjorten till <span class=\"iwg-fachbegriff\" data-tooltip=\"En byggnad avsedd f\u00f6r v\u00f6rdnad av en eller flera gudomar.\" tabindex=\"0\">templet<\/span> p\u00e5 Aventinen, men blev lurad genom en romersk list att offra djuret. D\u00e4rigenom fick Rom den profeterade maktst\u00e4llningen. Ber\u00e4ttelsen f\u00f6renar den lantliga <span class=\"iwg-fachbegriff\" data-tooltip=\"Ett tecken som representerar en f\u00f6rest\u00e4llning eller betydelse.\" tabindex=\"0\">symbolen<\/span> av hjorten med Dianas politiska betydelse som Roms skyddsgudinna.<\/p>\n<p>En fj\u00e4rde mytisk h\u00e5gkomst anknyter till Hippolytos. Theseus unge son, som endast v\u00f6rdade Diana och f\u00f6raktade Venus, d\u00f6dades av en tjur-<span class=\"iwg-fachbegriff\" data-tooltip=\"Ett andev\u00e4sen som tillskrivs skadlig eller tvetydig verkan.\" tabindex=\"0\">demon<\/span> och v\u00e4cktes till liv av Diana genom Aesculapius, varefter han f\u00f6rdes bort till Aricia i Nemi-dalen.<\/p><p>D\u00e4r ska han ha verkat som hj\u00e4lte under namnet Virbius. Ber\u00e4ttelsen f\u00f6renar Aventin-kulten med Nemi-<span class=\"iwg-fachbegriff\" data-tooltip=\"En helig lund som tj\u00e4nade som kultplats.\" tabindex=\"0\">lunden<\/span> och framst\u00e4ller Diana som en gudinna som b\u00e4r sina anh\u00e4ngare bortom d\u00f6den.<\/p>\t\t\t\t\t\t\t\t<\/div>\n\t\t\t\t<\/div>\n\t\t<div class=\"elementor-element elementor-element-d5b5d49 e-con-full e-flex e-con e-child\" data-id=\"d5b5d49\" data-element_type=\"container\" data-e-type=\"container\">\n\t\t\t\t<div class=\"elementor-element elementor-element-75ed841 elementor-widget elementor-widget-heading\" data-id=\"75ed841\" data-element_type=\"widget\" data-e-type=\"widget\" data-widget_type=\"heading.default\">\n\t\t\t\t\t<h2 class=\"elementor-heading-title elementor-size-default\">Relationer i pantheon<\/h2>\t\t\t\t<\/div>\n\t\t\t\t<div class=\"elementor-element elementor-element-853128a elementor-widget elementor-widget-text-editor\" data-id=\"853128a\" data-element_type=\"widget\" data-e-type=\"widget\" data-widget_type=\"text-editor.default\">\n\t\t\t\t\t\t\t\t\t<p>Diana uppfattades tidigt som Apollos syster, i exakt parallell till Artemis och Apollon i det grekiska systemet. B\u00e5da anses vara barn till Iuppiter och Latona. Apollo f\u00f6rkroppsligar den str\u00e5lande dag- och solsidan, Diana m\u00e5ne- och nattsidan.<\/p><p>Vid kultplatser som Delos och i romerska synkretismer upptr\u00e4der de tv\u00e5 syskonen ofta tillsammans. Den augusteiska religionspolitiken anv\u00e4nde medvetet detta syskonpar, eftersom Augustus sj\u00e4lv betraktade sig som Apollos skyddsling.<\/p>\n<p>Med Trivia, v\u00e4gkorsningarnas gudinna, \u00e4r Diana n\u00e4ra f\u00f6renad. I denna funktion blir hon en ktonisk gudinna av natten, <span class=\"iwg-fachbegriff\" data-tooltip=\"Praktiker som genom s\u00e4rskilda handlingar eller formler f\u00f6rs\u00f6ker ingripa i tingens g\u00e5ng.\" tabindex=\"0\">magin<\/span> och tr\u00f6sklarna. Catullus, Vergilius och Horatius anv\u00e4nder tillnamnet Trivia som poetisk variant.<\/p><p>Raden Diana, Luna, Hecate, Trivia sammansm\u00e4lter ofta till en enda m\u00e5ngskepnadsgestalt, som var popul\u00e4r under kejsartiden. Belysande h\u00e4r \u00e4r ocks\u00e5 <span class=\"iwg-fachbegriff\" data-tooltip=\"Det bedjande eller besv\u00e4rjande tilltalet till en gudom eller makt.\" tabindex=\"0\">\u00e5kallandet<\/span> av Augustus i Horatius \u00abCarmen Saeculare\u00bb, som sammanfattar gudinnetriaden under namnet Diana.<\/p>\n<p>I f\u00f6rh\u00e5llande till Venus framtr\u00e4der Diana som kyskhetens f\u00f6rsvarare. B\u00e5da gudinnorna \u00e5kallas kontrasterande i k\u00e4rleks- och \u00e4ktenskapsfr\u00e5gor. Med Iuno delar Diana aspekten av barnsb\u00f6rdshj\u00e4lp, varf\u00f6r b\u00e5da anropades gemensamt om skydd vid f\u00f6rlossningar. Dessa aspekter visar att Diana inom den romerska <span class=\"iwg-fachbegriff\" data-tooltip=\"Helheten av gudarna inom en religion eller kultur.\" tabindex=\"0\">pantheonen<\/span> inte var isolerad, utan f\u00f6rankrad i ett n\u00e4tverk av kvinnliga funktioner.<\/p>\t\t\t\t\t\t\t\t<\/div>\n\t\t\t\t<\/div>\n\t\t<div class=\"elementor-element elementor-element-c92c8a7 e-con-full e-flex e-con e-child\" data-id=\"c92c8a7\" data-element_type=\"container\" data-e-type=\"container\">\n\t\t\t\t<div class=\"elementor-element elementor-element-3bb7509 elementor-widget elementor-widget-heading\" data-id=\"3bb7509\" data-element_type=\"widget\" data-e-type=\"widget\" data-widget_type=\"heading.default\">\n\t\t\t\t\t<h2 class=\"elementor-heading-title elementor-size-default\">Mottagande och verkan<\/h2>\t\t\t\t<\/div>\n\t\t\t\t<div class=\"elementor-element elementor-element-52b9961 elementor-widget elementor-widget-text-editor\" data-id=\"52b9961\" data-element_type=\"widget\" data-e-type=\"widget\" data-widget_type=\"text-editor.default\">\n\t\t\t\t\t\t\t\t\t<p>Ren\u00e4ssansen uppt\u00e4ckte Diana p\u00e5 nytt som sinnebilden f\u00f6r behag och avst\u00e5nd fr\u00e5n civilisationen. Titian m\u00e5lade henne flera g\u00e5nger, mest k\u00e4nt i \u00abDiana och Aktaeon\u00bb och \u00abDiana och Callisto\u00bb, b\u00e5da idag i Edinburgh.<\/p><p>Under 1500-talet blev hon den franska hovkulturens favoritgudinna, framf\u00f6r allt under Henrik II och Diane de Poitiers, som medvetet ikl\u00e4dde sig en dianisk roll. Slottet Anet blev en dianisk tillflyktsort med talrika bildprogram, d\u00e4ribland den ber\u00f6mda statyn Diane chasseresse, som idag finns p\u00e5 Louvren.<\/p>\n<p>Under barocken f\u00f6rekommer Diana i den franska hovoperan, till exempel hos Lully, och i m\u00e5lningar av Domenichino och Rubens.<\/p><p>Under 1700-talet f\u00e5r hon mindre ikonografiskt utrymme men desto mer i landskapsm\u00e5leriet, i takt med det v\u00e4xande intresset f\u00f6r vilda lundar och m\u00e5nskensscener. Romantikens 1800-tal f\u00f6rdjupar denna bild och g\u00f6r Diana till en <span class=\"iwg-fachbegriff\" data-tooltip=\"En \u00e5sk\u00e5dlig bild som st\u00e5r f\u00f6r en abstrakt tanke.\" tabindex=\"0\">sinnebild<\/span> f\u00f6r ot\u00e4mjd, f\u00f6rcivilisatorisk natur.<\/p>\n<p>I religionshistorien under 1800- och 1900-talet blev Diana en nyckelfigur. Frazer inledde sitt verk \u00abThe Golden Bough\u00bb med fr\u00e5gan om pr\u00e4sten i Nemi och utvecklade d\u00e4rifr\u00e5n en omfattande teori om magiska kungad\u00f6men.<\/p><p>Margaret Murray och hennes efterf\u00f6ljare gjorde Diana till den namngivande gudinnan f\u00f6r en f\u00f6rmodad europeisk underjordisk religion, en konstruktion som forskningen idag anser vara historiskt oh\u00e5llbar men som djupt har pr\u00e4glat moderna nypaganistiska str\u00f6mningar. Stregheria, en italiensk-amerikansk h\u00e4xr\u00f6relse fr\u00e5n 1900-talet, \u00e5beropar Diana som h\u00f6gsta <span class=\"iwg-fachbegriff\" data-tooltip=\"En varelse som dyrkas som gudomlig inom en religion.\" tabindex=\"0\">gudom<\/span> och visar p\u00e5 den antika figurens fortsatta utstr\u00e5lning.<\/p>\t\t\t\t\t\t\t\t<\/div>\n\t\t\t\t<\/div>\n\t\t<div class=\"elementor-element elementor-element-f43230f e-con-full e-flex e-con e-child\" data-id=\"f43230f\" data-element_type=\"container\" data-e-type=\"container\">\n\t\t\t\t<div class=\"elementor-element elementor-element-47197b7 elementor-widget elementor-widget-heading\" data-id=\"47197b7\" data-element_type=\"widget\" data-e-type=\"widget\" data-widget_type=\"heading.default\">\n\t\t\t\t\t<h2 class=\"elementor-heading-title elementor-size-default\">Religionsvetenskaplig kontextualisering<\/h2>\t\t\t\t<\/div>\n\t\t\t\t<div class=\"elementor-element elementor-element-bd211dd elementor-widget elementor-widget-text-editor\" data-id=\"bd211dd\" data-element_type=\"widget\" data-e-type=\"widget\" data-widget_type=\"text-editor.default\">\n\t\t\t\t\t\t\t\t\t<p>Robert Schilling beskriver Diana som en italisk gudinna med tv\u00e5 tyngdpunkter, den lantliga lundkulten och den statligt-urbana funktionen p\u00e5 Aventinen. B\u00e5da polerna \u00e4r socialhistoriskt \u00e5tskilda men f\u00f6rbundna genom kulten. Kurt Latte tolkar den gamla Diana som latinernas huvudgudinna och ser i Nemi-<span class=\"iwg-fachbegriff\" data-tooltip=\"Summan av de religi\u00f6sa v\u00f6rdnadshandlingar som \u00e4gnas en gudom eller helig gestalt.\" tabindex=\"0\">kulten<\/span> en plats f\u00f6r edsf\u00f6rbund mellan latinska st\u00e4der f\u00f6re den romerska hegemonin.<\/p>\n<p>Mary Beard, John North och Simon Price betonar den sociala komponenten. <span class=\"iwg-fachbegriff\" data-tooltip=\"En byggnad avsedd f\u00f6r dyrkan av en eller flera gudomar.\" tabindex=\"0\">Templet<\/span> p\u00e5 Aventinen var samlingsplats f\u00f6r plebejer och slavar, medan den lantliga <span class=\"iwg-fachbegriff\" data-tooltip=\"Summan av de religi\u00f6sa v\u00f6rdnadshandlingar som \u00e4gnas en gudom eller helig gestalt.\" tabindex=\"0\">kulten<\/span> v\u00e4nde sig till kvinnor, herdar och vandrare. Gudinnan speglar d\u00e4rmed skikt utanf\u00f6r den senatoriska k\u00e4rnan, vilket f\u00f6rklarar hennes l\u00e5nga livskraft i folkreligionen.<\/p><p>J\u00f6rg R\u00fcpke betonar Dianas intermediala karakt\u00e4r, som f\u00f6renade urbana och lantliga, hellenistiska och italiska, offentliga och privata element.<\/p>\n<p>Den religionshistoriska kontinuiteten fram till medeltiden \u00e4r v\u00e4l belagd. Carlo Ginzburg har i \u00abStoria notturna\u00bb sp\u00e5rat dianiska f\u00f6rest\u00e4llningar i folkmagiska bruk i Norditalien och visat att den tidigmoderna h\u00e4xtroprocessen v\u00e4xte fram ur ett n\u00e4tverk av s\u00e5dana traditioner. \u00c4ven Norman Cohn analyserar i \u00abEurope&#8217;s Inner Demons\u00bb hur kyrklig diabolisering lade sig \u00f6ver dessa lantliga f\u00f6rest\u00e4llningar.<\/p>\n<p>Den arkeologiska forskningen under 1900- och 2000-talet har genom stora utgr\u00e4vningar frilagt <span class=\"iwg-fachbegriff\" data-tooltip=\"En helig plats till\u00e4gnad dyrkan av en gudom.\" tabindex=\"0\">helgedomen<\/span> i Nemi, Aricia och p\u00e5 Aventinen. Fynden, i synnerhet inskrifter och votivg\u00e5vor, dokumenterar en kontinuitet \u00f6ver \u00e5rhundraden och visar att <span class=\"iwg-fachbegriff\" data-tooltip=\"Summan av de religi\u00f6sa v\u00f6rdnadshandlingar som \u00e4gnas en gudom eller helig gestalt.\" tabindex=\"0\">kulten<\/span> levde vidare in i den kristna <span class=\"iwg-fachbegriff\" data-tooltip=\"\u00d6verg\u00e5ngsepok mellan antiken och medeltiden, cirka 300 till 700 e.Kr.\" tabindex=\"0\">senantiken<\/span>.<\/p>\t\t\t\t\t\t\t\t<\/div>\n\t\t\t\t<\/div>\n\t\t<div class=\"elementor-element elementor-element-a72358d e-con-full e-flex e-con e-child\" data-id=\"a72358d\" data-element_type=\"container\" data-e-type=\"container\">\n\t\t\t\t<div class=\"elementor-element elementor-element-261e25e elementor-widget elementor-widget-heading\" data-id=\"261e25e\" data-element_type=\"widget\" data-e-type=\"widget\" data-widget_type=\"heading.default\">\n\t\t\t\t\t<h2 class=\"elementor-heading-title elementor-size-default\">K\u00e4llor och f\u00f6rdjupande litteratur<\/h2>\t\t\t\t<\/div>\n\t\t\t\t<div class=\"elementor-element elementor-element-0e3b7c1 elementor-widget elementor-widget-text-editor\" data-id=\"0e3b7c1\" data-element_type=\"widget\" data-e-type=\"widget\" data-widget_type=\"text-editor.default\">\n\t\t\t\t\t\t\t\t\t<div data-nosnippet=\"true\"><p><span class=\"iwg-fachbegriff\" data-tooltip=\"Epok av grekisk och romersk kultur, cirka 800 f.Kr. till 600 e.Kr.\" tabindex=\"0\">Antiken<\/span>s k\u00e4llor: Vergilius \u00abAeneis\u00bb, Ovidius \u00abMetamorphoses\u00bb och \u00abFasti\u00bb, Livius \u00abAb urbe condita\u00bb, Catullus \u00abCarmina\u00bb 34, Horatius \u00abCarmen Saeculare\u00bb, Strabon \u00abGeographika\u00bb, Servius-kommentaren, Pausanias \u00abPeriegesis\u00bb, Plinius \u00abNaturalis historia\u00bb.<\/p>\n<ul><li>Forskningslitteratur: James George Frazer, \u00abThe Golden Bough\u00bb, London 1890-1915.<\/li><li>Robert Schilling, \u00abRites, cultes, dieux de Rome\u00bb, Paris 1979.<\/li><li>Mary Beard, John North, Simon Price, \u00abReligions of Rome\u00bb, Cambridge 1998.<\/li><li>J\u00f6rg R\u00fcpke, \u00abDie Religion der R\u00f6mer\u00bb, M\u00fcnchen 2001.<\/li><li>Carlo Ginzburg, \u00abStoria notturna\u00bb, Turin 1989.<\/li><li>Christopher Smith, \u00abThe Roman Clan\u00bb, Cambridge 2006.<\/li><li>Kurt Latte, \u00abR\u00f6mische Religionsgeschichte\u00bb, M\u00fcnchen 1960.<\/li><\/ul><\/div>\t\t\t\t\t\t\t\t<\/div>\n\t\t\t\t<\/div>\n\t\t\t\t\t<\/div>\n\t\t\t\t<\/div>\n\t\t\t\t<\/div>\n\t\t","protected":false},"excerpt":{"rendered":"","protected":false},"author":3,"featured_media":3256,"parent":0,"menu_order":0,"comment_status":"closed","ping_status":"closed","template":"elementor_header_footer","meta":{"_yoast_wpseo_focuskw":"Diana","_yoast_wpseo_title":"Diana \u2013 romersk jaktgudinna | iWell Guard","_yoast_wpseo_metadesc":"Diana \u00e4r den romerska gudinnan f\u00f6r jakt, m\u00e5ne, vilda djur och f\u00f6dsel. Apollons syster, Nemi-helgedomen, Trivia-aspekten. Myt och kult.","_yoast_wpseo_meta-robots-noindex":"","_yoast_wpseo_canonical":"","_angie_page":false,"gefaehrdungsstufe":"2","wesen_kultur":"rom","wesen_klasse":"goetter","footnotes":""},"categories":[],"class_list":["post-136974","page","type-page","status-publish","has-post-thumbnail","hentry"],"yoast_head":"<!-- This site is optimized with the Yoast SEO Premium plugin v27.7 (Yoast SEO v28.3) - https:\/\/yoast.com\/product\/yoast-seo-premium-wordpress\/ -->\n<title>Diana \u2013 romersk jaktgudinna | iWell Guard<\/title>\n<meta name=\"description\" content=\"Diana \u00e4r den romerska gudinnan f\u00f6r jakt, m\u00e5ne, vilda djur och f\u00f6dsel. Apollons syster, Nemi-helgedomen, Trivia-aspekten. Myt och kult.\" \/>\n<meta name=\"robots\" content=\"index, follow, max-snippet:-1, max-image-preview:large, max-video-preview:-1\" \/>\n<link rel=\"canonical\" href=\"https:\/\/iwell-guard.com\/sv\/diana\/\" \/>\n<meta property=\"og:locale\" content=\"sv_SE\" \/>\n<meta property=\"og:type\" content=\"article\" \/>\n<meta property=\"og:title\" content=\"Diana\" \/>\n<meta property=\"og:description\" content=\"Diana \u00e4r den romerska gudinnan f\u00f6r jakt, m\u00e5ne, vilda djur och f\u00f6dsel. Apollons syster, Nemi-helgedomen, Trivia-aspekten. Myt och kult.\" \/>\n<meta property=\"og:url\" content=\"https:\/\/iwell-guard.com\/sv\/diana\/\" \/>\n<meta property=\"og:site_name\" content=\"iWell Guard\" \/>\n<meta property=\"article:modified_time\" content=\"2026-09-03T01:17:06+00:00\" \/>\n<meta property=\"og:image\" content=\"https:\/\/iwell-guard.com\/wp-content\/uploads\/2026\/05\/goetter_rom_diana.webp\" \/>\n\t<meta property=\"og:image:width\" content=\"1024\" \/>\n\t<meta property=\"og:image:height\" content=\"1536\" \/>\n\t<meta property=\"og:image:type\" content=\"image\/webp\" \/>\n<meta name=\"twitter:card\" content=\"summary_large_image\" \/>\n<script type=\"application\/ld+json\" class=\"yoast-schema-graph\">{\"@context\":\"https:\\\/\\\/schema.org\",\"@graph\":[{\"@type\":\"WebPage\",\"@id\":\"https:\\\/\\\/iwell-guard.com\\\/sv\\\/diana\\\/\",\"url\":\"https:\\\/\\\/iwell-guard.com\\\/sv\\\/diana\\\/\",\"name\":\"Diana \u2013 romersk jaktgudinna | iWell Guard\",\"isPartOf\":{\"@id\":\"https:\\\/\\\/iwell-guard.com\\\/sv\\\/#website\"},\"primaryImageOfPage\":{\"@id\":\"https:\\\/\\\/iwell-guard.com\\\/sv\\\/diana\\\/#primaryimage\"},\"image\":{\"@id\":\"https:\\\/\\\/iwell-guard.com\\\/sv\\\/diana\\\/#primaryimage\"},\"thumbnailUrl\":\"https:\\\/\\\/iwell-guard.com\\\/wp-content\\\/uploads\\\/2026\\\/05\\\/goetter_rom_diana.webp\",\"datePublished\":\"2026-09-03T00:11:40+00:00\",\"dateModified\":\"2026-09-03T01:17:06+00:00\",\"description\":\"Diana \u00e4r den romerska gudinnan f\u00f6r jakt, m\u00e5ne, vilda djur och f\u00f6dsel. Apollons syster, Nemi-helgedomen, Trivia-aspekten. Myt och kult.\",\"breadcrumb\":{\"@id\":\"https:\\\/\\\/iwell-guard.com\\\/sv\\\/diana\\\/#breadcrumb\"},\"inLanguage\":\"sv-SE\",\"potentialAction\":[{\"@type\":\"ReadAction\",\"target\":[\"https:\\\/\\\/iwell-guard.com\\\/sv\\\/diana\\\/\"]}]},{\"@type\":\"ImageObject\",\"inLanguage\":\"sv-SE\",\"@id\":\"https:\\\/\\\/iwell-guard.com\\\/sv\\\/diana\\\/#primaryimage\",\"url\":\"https:\\\/\\\/iwell-guard.com\\\/wp-content\\\/uploads\\\/2026\\\/05\\\/goetter_rom_diana.webp\",\"contentUrl\":\"https:\\\/\\\/iwell-guard.com\\\/wp-content\\\/uploads\\\/2026\\\/05\\\/goetter_rom_diana.webp\",\"width\":1024,\"height\":1536,\"caption\":\"Gudar fr\u00e5n den romerska traditionen.\"},{\"@type\":\"BreadcrumbList\",\"@id\":\"https:\\\/\\\/iwell-guard.com\\\/sv\\\/diana\\\/#breadcrumb\",\"itemListElement\":[{\"@type\":\"ListItem\",\"position\":1,\"name\":\"Start\",\"item\":\"https:\\\/\\\/iwell-guard.com\\\/sv\\\/?page_id=136483\"},{\"@type\":\"ListItem\",\"position\":2,\"name\":\"Diana\"}]},{\"@type\":\"WebSite\",\"@id\":\"https:\\\/\\\/iwell-guard.com\\\/sv\\\/#website\",\"url\":\"https:\\\/\\\/iwell-guard.com\\\/sv\\\/\",\"name\":\"iWell Guard\",\"description\":\"Schutz vor dunklen Einfl\u00fcssen\",\"publisher\":{\"@id\":\"https:\\\/\\\/iwell-guard.com\\\/sv\\\/#organization\"},\"potentialAction\":[{\"@type\":\"SearchAction\",\"target\":{\"@type\":\"EntryPoint\",\"urlTemplate\":\"https:\\\/\\\/iwell-guard.com\\\/sv\\\/?s={search_term_string}\"},\"query-input\":{\"@type\":\"PropertyValueSpecification\",\"valueRequired\":true,\"valueName\":\"search_term_string\"}}],\"inLanguage\":\"sv-SE\"},{\"@type\":\"Organization\",\"@id\":\"https:\\\/\\\/iwell-guard.com\\\/sv\\\/#organization\",\"name\":\"Ittermann electronic GmbH\",\"url\":\"https:\\\/\\\/iwell-guard.com\\\/sv\\\/\",\"logo\":{\"@type\":\"ImageObject\",\"inLanguage\":\"sv-SE\",\"@id\":\"https:\\\/\\\/iwell-guard.com\\\/sv\\\/#\\\/schema\\\/logo\\\/image\\\/\",\"url\":\"https:\\\/\\\/iwell-guard.com\\\/wp-content\\\/uploads\\\/2026\\\/05\\\/Ittermann-Logo-1182x237-1.png\",\"contentUrl\":\"https:\\\/\\\/iwell-guard.com\\\/wp-content\\\/uploads\\\/2026\\\/05\\\/Ittermann-Logo-1182x237-1.png\",\"width\":1182,\"height\":237,\"caption\":\"Ittermann electronic GmbH\"},\"image\":{\"@id\":\"https:\\\/\\\/iwell-guard.com\\\/sv\\\/#\\\/schema\\\/logo\\\/image\\\/\"},\"sameAs\":[\"https:\\\/\\\/pantip.com\\\/profile\\\/9367242\",\"https:\\\/\\\/micro.blog\\\/iwellguard\",\"https:\\\/\\\/www.diggerslist.com\\\/iwellguard\\\/about\",\"https:\\\/\\\/skitterphoto.com\\\/photographers\\\/2870314\\\/iwell-guard\",\"https:\\\/\\\/iwellguard.wordpress.com\\\/2026\\\/06\\\/06\\\/iwell-guard\\\/\",\"https:\\\/\\\/hub.docker.com\\\/u\\\/iwellguard\",\"https:\\\/\\\/www.pinterest.com\\\/iwellguard\\\/\",\"https:\\\/\\\/bit.ly\\\/m\\\/iwellguard\",\"https:\\\/\\\/entre-vos-mains.alsace.eu\\\/profiles\\\/iwellguard\\\/activity\",\"https:\\\/\\\/gravatar.com\\\/reallybeded8fd34\",\"https:\\\/\\\/naijamatta.com\\\/iwellguard\",\"https:\\\/\\\/www.goodreads.com\\\/iwellguard\",\"https:\\\/\\\/profile.hatena.ne.jp\\\/iwellguard\\\/\",\"https:\\\/\\\/experiment.com\\\/users\\\/iwellguard\",\"https:\\\/\\\/wakelet.com\\\/@iWellGuard82270\",\"https:\\\/\\\/www.chordie.com\\\/forum\\\/profile.php?id=2555664\",\"https:\\\/\\\/www.instapaper.com\\\/p\\\/17757966\",\"https:\\\/\\\/www.mapleprimes.com\\\/users\\\/iwellguard\",\"https:\\\/\\\/businesslistingplus.com\\\/profile\\\/iwell-guard\\\/\",\"https:\\\/\\\/telegra.ph\\\/iWell-Guard-06-06\",\"https:\\\/\\\/pbase.com\\\/iwellguard\\\/iwellguard\",\"https:\\\/\\\/b.hatena.ne.jp\\\/iwellguard\\\/20260607#bookmark-4788405196491818882\",\"https:\\\/\\\/fliphtml5.com\\\/home\\\/iwellguard\",\"https:\\\/\\\/anyflip.com\\\/homepage\\\/cmiwl#About\",\"https:\\\/\\\/transfur.com\\\/Users\\\/iwellguard\",\"http:\\\/\\\/delphi.larsbo.org\\\/user\\\/iwellguard\",\"https:\\\/\\\/jobs.lajobsportal.org\\\/profiles\\\/8380803-iwell-guard\",\"https:\\\/\\\/md.chaosdorf.de\\\/s\\\/jfbe5SBdJD\",\"https:\\\/\\\/www.lingvolive.com\\\/en-us\\\/profile\\\/9ecaeaca-ce11-4e51-9e71-01d55e2bff36\\\/translations\",\"https:\\\/\\\/www.fitday.com\\\/fitness\\\/forums\\\/members\\\/iwellguard.html\",\"https:\\\/\\\/www.mymeetbook.com\\\/iwellguard\",\"https:\\\/\\\/pxhere.com\\\/en\\\/photographer-me\\\/5040798\",\"https:\\\/\\\/disqus.com\\\/by\\\/iwellguard\\\/about\\\/\",\"https:\\\/\\\/pastelink.net\\\/hjwciqwq\",\"https:\\\/\\\/pubhtml5.com\\\/homepage\\\/scjhn\\\/\",\"https:\\\/\\\/www.bitchute.com\\\/channel\\\/2O2eOKzNqujT\",\"https:\\\/\\\/audiomack.com\\\/iwellguard\"]},{\"@type\":\"Article\",\"@id\":\"https:\\\/\\\/iwell-guard.com\\\/sv\\\/diana\\\/#article\",\"isPartOf\":{\"@id\":\"https:\\\/\\\/iwell-guard.com\\\/sv\\\/diana\\\/\"},\"author\":{\"name\":\"Ralf Ittermann\",\"@id\":\"https:\\\/\\\/iwell-guard.com\\\/sv\\\/#\\\/schema\\\/person\\\/ee2a27f1cac3406c7c6fb5820cb7349f\"},\"headline\":\"Diana\",\"datePublished\":\"2026-09-03T00:11:40+00:00\",\"dateModified\":\"2026-09-03T01:17:06+00:00\",\"mainEntityOfPage\":{\"@id\":\"https:\\\/\\\/iwell-guard.com\\\/sv\\\/diana\\\/\"},\"publisher\":{\"@id\":\"https:\\\/\\\/iwell-guard.com\\\/sv\\\/#organization\"},\"image\":{\"@id\":\"https:\\\/\\\/iwell-guard.com\\\/sv\\\/diana\\\/#primaryimage\"},\"thumbnailUrl\":\"https:\\\/\\\/iwell-guard.com\\\/wp-content\\\/uploads\\\/2026\\\/05\\\/goetter_rom_diana.webp\",\"inLanguage\":\"sv-SE\",\"description\":\"Diana \u00e4r den romerska gudinnan f\u00f6r jakt, m\u00e5ne, vilda djur och f\u00f6dsel. Apollons syster, Nemi-helgedomen, Trivia-aspekten. Myt och kult.\"}]}<\/script>\n<!-- \/ Yoast SEO Premium plugin. -->","yoast_head_json":{"title":"Diana \u2013 romersk jaktgudinna | iWell Guard","description":"Diana \u00e4r den romerska gudinnan f\u00f6r jakt, m\u00e5ne, vilda djur och f\u00f6dsel. Apollons syster, Nemi-helgedomen, Trivia-aspekten. Myt och kult.","robots":{"index":"index","follow":"follow","max-snippet":"max-snippet:-1","max-image-preview":"max-image-preview:large","max-video-preview":"max-video-preview:-1"},"canonical":"https:\/\/iwell-guard.com\/sv\/diana\/","og_locale":"sv_SE","og_type":"article","og_title":"Diana","og_description":"Diana \u00e4r den romerska gudinnan f\u00f6r jakt, m\u00e5ne, vilda djur och f\u00f6dsel. Apollons syster, Nemi-helgedomen, Trivia-aspekten. Myt och kult.","og_url":"https:\/\/iwell-guard.com\/sv\/diana\/","og_site_name":"iWell Guard","article_modified_time":"2026-09-03T01:17:06+00:00","og_image":[{"width":1024,"height":1536,"url":"https:\/\/iwell-guard.com\/wp-content\/uploads\/2026\/05\/goetter_rom_diana.webp","type":"image\/webp"}],"twitter_card":"summary_large_image","schema":{"@context":"https:\/\/schema.org","@graph":[{"@type":"Article","@id":"https:\/\/iwell-guard.com\/sv\/diana\/#article","isPartOf":{"@id":"https:\/\/iwell-guard.com\/sv\/diana\/"},"author":{"name":"Ralf Ittermann","@id":"https:\/\/iwell-guard.com\/sv\/#\/schema\/person\/ee2a27f1cac3406c7c6fb5820cb7349f"},"headline":"Diana","datePublished":"2026-09-03T00:11:40+00:00","dateModified":"2026-09-03T01:17:06+00:00","mainEntityOfPage":{"@id":"https:\/\/iwell-guard.com\/sv\/diana\/"},"publisher":{"@id":"https:\/\/iwell-guard.com\/sv\/#organization"},"image":{"@id":"https:\/\/iwell-guard.com\/sv\/diana\/#primaryimage"},"thumbnailUrl":"https:\/\/iwell-guard.com\/wp-content\/uploads\/2026\/05\/goetter_rom_diana.webp","inLanguage":"sv-SE","description":"Diana \u00e4r den romerska gudinnan f\u00f6r jakt, m\u00e5ne, vilda djur och f\u00f6dsel. Apollons syster, Nemi-helgedomen, Trivia-aspekten. Myt och kult."},{"@type":"WebPage","@id":"https:\/\/iwell-guard.com\/sv\/diana\/","url":"https:\/\/iwell-guard.com\/sv\/diana\/","name":"Diana \u2013 romersk jaktgudinna | iWell Guard","isPartOf":{"@id":"https:\/\/iwell-guard.com\/sv\/#website"},"primaryImageOfPage":{"@id":"https:\/\/iwell-guard.com\/sv\/diana\/#primaryimage"},"image":{"@id":"https:\/\/iwell-guard.com\/sv\/diana\/#primaryimage"},"thumbnailUrl":"https:\/\/iwell-guard.com\/wp-content\/uploads\/2026\/05\/goetter_rom_diana.webp","datePublished":"2026-09-03T00:11:40+00:00","dateModified":"2026-09-03T01:17:06+00:00","description":"Diana \u00e4r den romerska gudinnan f\u00f6r jakt, m\u00e5ne, vilda djur och f\u00f6dsel. Apollons syster, Nemi-helgedomen, Trivia-aspekten. Myt och kult.","breadcrumb":{"@id":"https:\/\/iwell-guard.com\/sv\/diana\/#breadcrumb"},"inLanguage":"sv-SE","potentialAction":[{"@type":"ReadAction","target":["https:\/\/iwell-guard.com\/sv\/diana\/"]}]},{"@type":"ImageObject","inLanguage":"sv-SE","@id":"https:\/\/iwell-guard.com\/sv\/diana\/#primaryimage","url":"https:\/\/iwell-guard.com\/wp-content\/uploads\/2026\/05\/goetter_rom_diana.webp","contentUrl":"https:\/\/iwell-guard.com\/wp-content\/uploads\/2026\/05\/goetter_rom_diana.webp","width":1024,"height":1536,"caption":"Gudar fr\u00e5n den romerska traditionen."},{"@type":"BreadcrumbList","@id":"https:\/\/iwell-guard.com\/sv\/diana\/#breadcrumb","itemListElement":[{"@type":"ListItem","position":1,"name":"Start","item":"https:\/\/iwell-guard.com\/sv\/?page_id=136483"},{"@type":"ListItem","position":2,"name":"Diana"}]},{"@type":"WebSite","@id":"https:\/\/iwell-guard.com\/sv\/#website","url":"https:\/\/iwell-guard.com\/sv\/","name":"iWell Guard","description":"Schutz vor dunklen Einfl\u00fcssen","publisher":{"@id":"https:\/\/iwell-guard.com\/sv\/#organization"},"potentialAction":[{"@type":"SearchAction","target":{"@type":"EntryPoint","urlTemplate":"https:\/\/iwell-guard.com\/sv\/?s={search_term_string}"},"query-input":{"@type":"PropertyValueSpecification","valueRequired":true,"valueName":"search_term_string"}}],"inLanguage":"sv-SE"},{"@type":"Organization","@id":"https:\/\/iwell-guard.com\/sv\/#organization","name":"Ittermann electronic GmbH","url":"https:\/\/iwell-guard.com\/sv\/","logo":{"@type":"ImageObject","inLanguage":"sv-SE","@id":"https:\/\/iwell-guard.com\/sv\/#\/schema\/logo\/image\/","url":"https:\/\/iwell-guard.com\/wp-content\/uploads\/2026\/05\/Ittermann-Logo-1182x237-1.png","contentUrl":"https:\/\/iwell-guard.com\/wp-content\/uploads\/2026\/05\/Ittermann-Logo-1182x237-1.png","width":1182,"height":237,"caption":"Ittermann electronic GmbH"},"image":{"@id":"https:\/\/iwell-guard.com\/sv\/#\/schema\/logo\/image\/"},"sameAs":["https:\/\/pantip.com\/profile\/9367242","https:\/\/micro.blog\/iwellguard","https:\/\/www.diggerslist.com\/iwellguard\/about","https:\/\/skitterphoto.com\/photographers\/2870314\/iwell-guard","https:\/\/iwellguard.wordpress.com\/2026\/06\/06\/iwell-guard\/","https:\/\/hub.docker.com\/u\/iwellguard","https:\/\/www.pinterest.com\/iwellguard\/","https:\/\/bit.ly\/m\/iwellguard","https:\/\/entre-vos-mains.alsace.eu\/profiles\/iwellguard\/activity","https:\/\/gravatar.com\/reallybeded8fd34","https:\/\/naijamatta.com\/iwellguard","https:\/\/www.goodreads.com\/iwellguard","https:\/\/profile.hatena.ne.jp\/iwellguard\/","https:\/\/experiment.com\/users\/iwellguard","https:\/\/wakelet.com\/@iWellGuard82270","https:\/\/www.chordie.com\/forum\/profile.php?id=2555664","https:\/\/www.instapaper.com\/p\/17757966","https:\/\/www.mapleprimes.com\/users\/iwellguard","https:\/\/businesslistingplus.com\/profile\/iwell-guard\/","https:\/\/telegra.ph\/iWell-Guard-06-06","https:\/\/pbase.com\/iwellguard\/iwellguard","https:\/\/b.hatena.ne.jp\/iwellguard\/20260607#bookmark-4788405196491818882","https:\/\/fliphtml5.com\/home\/iwellguard","https:\/\/anyflip.com\/homepage\/cmiwl#About","https:\/\/transfur.com\/Users\/iwellguard","http:\/\/delphi.larsbo.org\/user\/iwellguard","https:\/\/jobs.lajobsportal.org\/profiles\/8380803-iwell-guard","https:\/\/md.chaosdorf.de\/s\/jfbe5SBdJD","https:\/\/www.lingvolive.com\/en-us\/profile\/9ecaeaca-ce11-4e51-9e71-01d55e2bff36\/translations","https:\/\/www.fitday.com\/fitness\/forums\/members\/iwellguard.html","https:\/\/www.mymeetbook.com\/iwellguard","https:\/\/pxhere.com\/en\/photographer-me\/5040798","https:\/\/disqus.com\/by\/iwellguard\/about\/","https:\/\/pastelink.net\/hjwciqwq","https:\/\/pubhtml5.com\/homepage\/scjhn\/","https:\/\/www.bitchute.com\/channel\/2O2eOKzNqujT","https:\/\/audiomack.com\/iwellguard"]},{"@type":"Person","@id":"https:\/\/iwell-guard.com\/sv\/#\/schema\/person\/ee2a27f1cac3406c7c6fb5820cb7349f","name":"Ralf Ittermann","image":{"@type":"ImageObject","inLanguage":"sv-SE","@id":"https:\/\/secure.gravatar.com\/avatar\/073c0153e350a5005b68eb752b445fea71f6b24a26da9449ad7e155e6b446c9d?s=96&d=mm&r=g","url":"https:\/\/secure.gravatar.com\/avatar\/073c0153e350a5005b68eb752b445fea71f6b24a26da9449ad7e155e6b446c9d?s=96&d=mm&r=g","contentUrl":"https:\/\/secure.gravatar.com\/avatar\/073c0153e350a5005b68eb752b445fea71f6b24a26da9449ad7e155e6b446c9d?s=96&d=mm&r=g","caption":"Ralf Ittermann"},"givenName":"Ralf","familyName":"Ittermann","jobTitle":"Gesch\u00e4ftsf\u00fchrer und redaktioneller Verantwortlicher","url":"https:\/\/iwell-guard.com\/sv\/author\/claude\/","description":"Ralf Ittermann ist Gesch\u00e4ftsf\u00fchrer der Ittermann electronic GmbH und redaktioneller Verantwortlicher des iWell-Guard-Lexikons. Er verbindet langj\u00e4hrige Erfahrung in der Pr\u00e4zisionsfertigung mit medialer Praxis und religionsgeschichtlicher Quellenarbeit.","worksFor":{"@type":"Organization","name":"Ittermann electronic GmbH","url":"https:\/\/ittermann.de\/","address":{"@type":"PostalAddress","streetAddress":"K\u00f6hlergasse 16-18","postalCode":"99842","addressLocality":"Ruhla","addressCountry":"DE"}},"knowsAbout":["Religionsgeschichte","Mythologie","Mediale Praxis","Energetische Diagnostik","Schutzpraxis","Volksglauben","Westliche Esoterik"]},{"@type":"Article","@id":"https:\/\/iwell-guard.com\/sv\/diana\/#article","isPartOf":{"@id":"https:\/\/iwell-guard.com\/sv\/diana\/"},"author":{"name":"Ralf Ittermann","@id":"https:\/\/iwell-guard.com\/sv\/#\/schema\/person\/ee2a27f1cac3406c7c6fb5820cb7349f"},"headline":"Diana","datePublished":"2026-09-03T00:11:40+00:00","dateModified":"2026-09-03T01:17:06+00:00","mainEntityOfPage":{"@id":"https:\/\/iwell-guard.com\/sv\/diana\/"},"publisher":{"@id":"https:\/\/iwell-guard.com\/sv\/#organization"},"image":{"@id":"https:\/\/iwell-guard.com\/sv\/diana\/#primaryimage"},"thumbnailUrl":"https:\/\/iwell-guard.com\/wp-content\/uploads\/2026\/05\/goetter_rom_diana.webp","inLanguage":"sv-SE","description":"Diana \u00e4r den romerska gudinnan f\u00f6r jakt, m\u00e5ne, vilda djur och f\u00f6dsel. Apollons syster, Nemi-helgedomen, Trivia-aspekten. Myt och kult."}]}},"_links":{"self":[{"href":"https:\/\/iwell-guard.com\/sv\/wp-json\/wp\/v2\/pages\/136974","targetHints":{"allow":["GET"]}}],"collection":[{"href":"https:\/\/iwell-guard.com\/sv\/wp-json\/wp\/v2\/pages"}],"about":[{"href":"https:\/\/iwell-guard.com\/sv\/wp-json\/wp\/v2\/types\/page"}],"author":[{"embeddable":true,"href":"https:\/\/iwell-guard.com\/sv\/wp-json\/wp\/v2\/users\/3"}],"replies":[{"embeddable":true,"href":"https:\/\/iwell-guard.com\/sv\/wp-json\/wp\/v2\/comments?post=136974"}],"version-history":[{"count":0,"href":"https:\/\/iwell-guard.com\/sv\/wp-json\/wp\/v2\/pages\/136974\/revisions"}],"wp:featuredmedia":[{"embeddable":true,"href":"https:\/\/iwell-guard.com\/sv\/wp-json\/wp\/v2\/media\/3256"}],"wp:attachment":[{"href":"https:\/\/iwell-guard.com\/sv\/wp-json\/wp\/v2\/media?parent=136974"}],"wp:term":[{"taxonomy":"category","embeddable":true,"href":"https:\/\/iwell-guard.com\/sv\/wp-json\/wp\/v2\/categories?post=136974"}],"curies":[{"name":"wp","href":"https:\/\/api.w.org\/{rel}","templated":true}]}}