{"id":136961,"date":"2026-09-03T00:11:33","date_gmt":"2026-09-03T00:11:33","guid":{"rendered":"https:\/\/iwell-guard.com\/?page_id=136961"},"modified":"2026-09-03T01:16:47","modified_gmt":"2026-09-03T01:16:47","slug":"tyr","status":"publish","type":"page","link":"https:\/\/iwell-guard.com\/sv\/tyr\/","title":{"rendered":"Tyr"},"content":{"rendered":"\t\t<div data-elementor-type=\"wp-page\" data-elementor-id=\"136961\" class=\"elementor elementor-136961 elementor-2999 elementor-bc-flex-widget\" data-elementor-post-type=\"page\">\n\t\t\t\t<div class=\"elementor-element elementor-element-718c31b e-flex e-con-boxed e-con e-parent\" data-id=\"718c31b\" data-element_type=\"container\" data-e-type=\"container\" data-settings=\"{&quot;background_background&quot;:&quot;classic&quot;}\">\n\t\t\t\t\t<div class=\"e-con-inner\">\n\t\t<div class=\"elementor-element elementor-element-e6a3c93 e-flex e-con-boxed e-con e-child\" data-id=\"e6a3c93\" data-element_type=\"container\" data-e-type=\"container\">\n\t\t\t\t\t<div class=\"e-con-inner\">\n\t\t<div class=\"elementor-element elementor-element-b0f0c91 e-con-full e-flex e-con e-child\" data-id=\"b0f0c91\" data-element_type=\"container\" data-e-type=\"container\">\n\t\t\t\t<div class=\"elementor-element elementor-element-78987f3 elementor-widget elementor-widget-heading\" data-id=\"78987f3\" data-element_type=\"widget\" data-e-type=\"widget\" data-widget_type=\"heading.default\">\n\t\t\t\t\t<h1 class=\"elementor-heading-title elementor-size-default\">Tyr, germansk gud f\u00f6r r\u00e4tt och krig<\/h1>\t\t\t\t<\/div>\n\t\t\t\t<div class=\"elementor-element elementor-element-e600bbc elementor-widget elementor-widget-text-editor\" data-id=\"e600bbc\" data-element_type=\"widget\" data-e-type=\"widget\" data-widget_type=\"text-editor.default\">\n\t\t\t\t\t\t\t\t\t<p>Tyr \u00e4r en germansk krigsgud och edens v\u00e4ktare, den som r\u00e5der \u00f6ver r\u00e4tten och det bindande ordet. Tyr r\u00e4knas till de \u00e4ldsta gudomarna i den germanska pantheonen. Han f\u00f6rekommer i de eddiska k\u00e4llorna som gud f\u00f6r krig, r\u00e4tt och tingsf\u00f6rsamlingen och g\u00e4ller som garant f\u00f6r den bindande eden.<\/p><p>Hans enarmade framtoning g\u00e5r tillbaka p\u00e5 bindningen av vargen Fenrir, en av de centrala episoderna i den nordiska <span class=\"iwg-fachbegriff\" data-tooltip=\"Den samlade m\u00e4ngden \u00f6verl\u00e4mnade gudaber\u00e4ttelser i en kultur.\" tabindex=\"0\">mytologin<\/span>. Religionshistoriskt tolkas Tyr som en \u00e5terspegling av en indoeuropeisk himmels- och r\u00e4ttsgudom, j\u00e4mf\u00f6rbar med den romerske Mars och den grekiske Zeus i dennes \u00e4ldre funktion som edsgud.<\/p>\t\t\t\t\t\t\t\t<\/div>\n\t\t\t\t<\/div>\n\t\t<div class=\"elementor-element elementor-element-0088fab e-con-full e-flex e-con e-parent\" data-id=\"0088fab\" data-element_type=\"container\" data-e-type=\"container\">\n\t\t\t\t<div class=\"elementor-element elementor-element-78ca0c9 elementor-widget elementor-widget-html\" data-id=\"78ca0c9\" data-element_type=\"widget\" data-e-type=\"widget\" data-widget_type=\"html.default\">\n\t\t\t\t\t<div class=\"iwg-pill-row\"><span class=\"iwg-klasse-badge\" tabindex=\"0\" data-tooltip=\"Gud \/ Gudinna: Personifierad h\u00f6gsta makt i en kulturs pantheon, med tydliga ansvarsomr\u00e5den \u2014 naturkrafter, \u00f6de, krig, fruktbarhet. Dyrkad genom kulter, offer och tempelinstitutioner.\">Gud<\/span><a href=\"https:\/\/iwell-guard.com\/sv\/germanskt\/\" class=\"iwg-kultur-badge\" tabindex=\"0\" data-tooltip=\"F\u00f6rkristen gudav\u00e4rld och andev\u00e4rld i Nord- och Mellaneuropa.\">Germansk<\/a><\/div>\t\t\t\t<\/div>\n\t\t\t\t<\/div>\n\t\t<div class=\"elementor-element elementor-element-96613ac e-con-full e-flex e-con e-child\" data-id=\"96613ac\" data-element_type=\"container\" data-e-type=\"container\">\n\t\t\t\t<div class=\"elementor-element elementor-element-625c0e4 elementor-toc--minimized-on-tablet elementor-widget elementor-widget-table-of-contents\" data-id=\"625c0e4\" data-element_type=\"widget\" data-e-type=\"widget\" data-settings=\"{&quot;exclude_headings_by_selector&quot;:[],&quot;no_headings_message&quot;:&quot;Inga rubriker hittades p\\u00e5 den h\\u00e4r sidan.&quot;,&quot;headings_by_tags&quot;:[&quot;h2&quot;,&quot;h3&quot;],&quot;marker_view&quot;:&quot;bullets&quot;,&quot;icon&quot;:{&quot;value&quot;:&quot;fas fa-circle&quot;,&quot;library&quot;:&quot;fa-solid&quot;,&quot;rendered_tag&quot;:&quot;&lt;svg class=\\&quot;e-font-icon-svg e-fas-circle\\&quot; viewBox=\\&quot;0 0 512 512\\&quot; xmlns=\\&quot;http:\\\/\\\/www.w3.org\\\/2000\\\/svg\\&quot;&gt;&lt;path d=\\&quot;M256 8C119 8 8 119 8 256s111 248 248 248 248-111 248-248S393 8 256 8z\\&quot;&gt;&lt;\\\/path&gt;&lt;\\\/svg&gt;&quot;},&quot;minimize_box&quot;:&quot;yes&quot;,&quot;minimized_on&quot;:&quot;tablet&quot;,&quot;hierarchical_view&quot;:&quot;yes&quot;,&quot;min_height&quot;:{&quot;unit&quot;:&quot;px&quot;,&quot;size&quot;:&quot;&quot;,&quot;sizes&quot;:[]},&quot;min_height_tablet&quot;:{&quot;unit&quot;:&quot;px&quot;,&quot;size&quot;:&quot;&quot;,&quot;sizes&quot;:[]},&quot;min_height_mobile&quot;:{&quot;unit&quot;:&quot;px&quot;,&quot;size&quot;:&quot;&quot;,&quot;sizes&quot;:[]}}\" data-widget_type=\"table-of-contents.default\">\n\t\t\t\t\t\t\t\t\t<div class=\"elementor-toc__header\">\n\t\t\t\t\t\t<h2 class=\"elementor-toc__header-title\">\n\t\t\t\tInneh\u00e5llsf\u00f6rteckning\t\t\t<\/h2>\n\t\t\t\t\t\t\t\t\t\t<div class=\"elementor-toc__toggle-button elementor-toc__toggle-button--expand\" role=\"button\" tabindex=\"0\" aria-controls=\"elementor-toc__625c0e4\" aria-expanded=\"true\" aria-label=\"\u00d6ppna inneh\u00e5llsf\u00f6rteckning\"><svg aria-hidden=\"true\" class=\"e-font-icon-svg e-fas-chevron-down\" viewBox=\"0 0 448 512\" xmlns=\"http:\/\/www.w3.org\/2000\/svg\"><path d=\"M207.029 381.476L12.686 187.132c-9.373-9.373-9.373-24.569 0-33.941l22.667-22.667c9.357-9.357 24.522-9.375 33.901-.04L224 284.505l154.745-154.021c9.379-9.335 24.544-9.317 33.901.04l22.667 22.667c9.373 9.373 9.373 24.569 0 33.941L240.971 381.476c-9.373 9.372-24.569 9.372-33.942 0z\"><\/path><\/svg><\/div>\n\t\t\t\t<div class=\"elementor-toc__toggle-button elementor-toc__toggle-button--collapse\" role=\"button\" tabindex=\"0\" aria-controls=\"elementor-toc__625c0e4\" aria-expanded=\"true\" aria-label=\"St\u00e4ng inneh\u00e5llsf\u00f6rteckning\"><svg aria-hidden=\"true\" class=\"e-font-icon-svg e-fas-chevron-up\" viewBox=\"0 0 448 512\" xmlns=\"http:\/\/www.w3.org\/2000\/svg\"><path d=\"M240.971 130.524l194.343 194.343c9.373 9.373 9.373 24.569 0 33.941l-22.667 22.667c-9.357 9.357-24.522 9.375-33.901.04L224 227.495 69.255 381.516c-9.379 9.335-24.544 9.317-33.901-.04l-22.667-22.667c-9.373-9.373-9.373-24.569 0-33.941L207.03 130.525c9.372-9.373 24.568-9.373 33.941-.001z\"><\/path><\/svg><\/div>\n\t\t\t\t\t<\/div>\n\t\t\t\t<div id=\"elementor-toc__625c0e4\" class=\"elementor-toc__body\">\n\t\t\t<div class=\"elementor-toc__spinner-container\">\n\t\t\t\t<svg class=\"elementor-toc__spinner eicon-animation-spin e-font-icon-svg e-eicon-loading\" aria-hidden=\"true\" viewBox=\"0 0 1000 1000\" xmlns=\"http:\/\/www.w3.org\/2000\/svg\"><path d=\"M500 975V858C696 858 858 696 858 500S696 142 500 142 142 304 142 500H25C25 237 238 25 500 25S975 237 975 500 763 975 500 975Z\"><\/path><\/svg>\t\t\t<\/div>\n\t\t<\/div>\n\t\t\t\t\t\t<\/div>\n\t\t\t\t<\/div>\n\t\t\t\t\t<\/div>\n\t\t\t\t<\/div>\n\t\t<div class=\"elementor-element elementor-element-69bc4d3 e-con-full e-flex e-con e-child\" data-id=\"69bc4d3\" data-element_type=\"container\" data-e-type=\"container\">\n\t\t\t\t<div class=\"elementor-element elementor-element-37a9d54 iwg-hero-image elementor-widget elementor-widget-image\" data-id=\"37a9d54\" data-element_type=\"widget\" data-e-type=\"widget\" data-widget_type=\"image.default\">\n\t\t\t\t\t\t\t\t\t\t\t\t\t\t\t<img fetchpriority=\"high\" decoding=\"async\" width=\"683\" height=\"1024\" src=\"https:\/\/iwell-guard.com\/wp-content\/uploads\/2026\/05\/goetter_germanisch_tyr-1-683x1024.webp\" class=\"attachment-large size-large wp-image-136016\" alt=\"Tyr \u2013 gud fr\u00e5n den germanska traditionen, historiskt-illustrativ\" srcset=\"https:\/\/iwell-guard.com\/wp-content\/uploads\/2026\/05\/goetter_germanisch_tyr-1-683x1024.webp 683w, https:\/\/iwell-guard.com\/wp-content\/uploads\/2026\/05\/goetter_germanisch_tyr-1-200x300.webp 200w, https:\/\/iwell-guard.com\/wp-content\/uploads\/2026\/05\/goetter_germanisch_tyr-1-768x1152.webp 768w, https:\/\/iwell-guard.com\/wp-content\/uploads\/2026\/05\/goetter_germanisch_tyr-1.webp 1024w\" sizes=\"(max-width: 683px) 100vw, 683px\" \/>\t\t\t\t\t\t\t\t\t\t\t\t\t\t\t<\/div>\n\t\t\t\t<\/div>\n\t\t\t\t\t<\/div>\n\t\t\t\t<\/div>\n\t\t<div class=\"elementor-element elementor-element-ded2f89 e-con-boxed e-flex e-con e-parent\" data-id=\"ded2f89\" data-element_type=\"container\" data-e-type=\"container\">\n\t\t\t\t\t<div class=\"e-con-inner\">\n\t\t<div class=\"elementor-element elementor-element-0cf4716 e-con-full e-flex e-con e-child\" data-id=\"0cf4716\" data-element_type=\"container\" data-e-type=\"container\">\n\t\t\t\t<div class=\"elementor-element elementor-element-80bfd98 elementor-widget elementor-widget-heading\" data-id=\"80bfd98\" data-element_type=\"widget\" data-e-type=\"widget\" data-widget_type=\"heading.default\">\n\t\t\t\t\t<h2 class=\"elementor-heading-title elementor-size-default\">Myt och ursprung<\/h2>\t\t\t\t<\/div>\n\t\t\t\t<div class=\"elementor-element elementor-element-44b0135 elementor-widget elementor-widget-text-editor\" data-id=\"44b0135\" data-element_type=\"widget\" data-e-type=\"widget\" data-widget_type=\"text-editor.default\">\n\t\t\t\t\t\t\t\t\t<p>Forskningen ser i Tyr (fornnordiska Tyr, fornh\u00f6gtyska Ziu, v\u00e4stgermanska Tiwaz) en spr\u00e5kligt v\u00e4l belagd forts\u00e4ttning av en indoeuropeisk himmelsgud med urgermanska namnet *Tiwaz.<\/p><p>Roten kan kopplas till grekiska Zeus, latinska Iuppiter (ursprungligen *dyeu-pater) och sanskrit Dyaus Pitar. I den germanska <span class=\"iwg-fachbegriff\" data-tooltip=\"\u00d6verf\u00f6ringen av kunskap och ber\u00e4ttelser genom generationer.\" tabindex=\"0\">traditionen<\/span> f\u00f6rskjuts funktionen: fr\u00e5n indoeuropeiska traditionens himmelsherre blir han en krigs- och r\u00e4ttsgud i tingsamh\u00e4llet.<\/p>\n<p>Snorri Sturluson kallar Tyr i \u00abProsaiska Eddan\u00bb (Gylfaginning 25) den \u00abmodigaste och k\u00e4ckaste\u00bb av asarna, som avg\u00f6r vem som segrar i strid. Han s\u00e4gs vara son till Oden, men i \u00abHymiskvida\u00bb i \u00abPoetiska Eddan\u00bb kallas han son till j\u00e4tten Hymir.<\/p><p>Denna mots\u00e4gelsefulla genealogi tolkas av Jan de Vries och Rudolf Simek som ett sp\u00e5r av en \u00e4ldre, sj\u00e4lvst\u00e4ndig st\u00e4llning f\u00f6r Tyr, som senare \u00f6verskuggades av Odens dominans i de litter\u00e4ra k\u00e4llorna.<\/p>\n<p>Det centrala mytologemet \u00e4r bindningen av Fenrir. N\u00e4r asarna vill binda den ob\u00e4ndigt v\u00e4xande vargen Fenrir med fj\u00e4ttern Gleipnir kr\u00e4ver djuret en pant p\u00e5 god vilja. Endast Tyr l\u00e4gger sin h\u00f6gra hand i vargens gap.<\/p><p>N\u00e4r Fenrir uppt\u00e4cker bedr\u00e4geriet biter han av handen. Snorri fastsl\u00e5r att Tyr sedan dess \u00e4r enh\u00e4nt och inte kan g\u00e4lla som stiftare av fred mellan m\u00e4nniskor. Scenen \u00e4r ikonografiskt belagd p\u00e5 flera skandinaviska bildstenar och sm\u00e5 bronsh\u00e4ngen fr\u00e5n 500- till 900-talet.<\/p>\n<p>I \u00abVoluspa\u00bb och i Snorris \u00abGylfaginning\u00bb 51 beskrivs Tyrs slut. Vid Ragnar\u00f6k m\u00f6ter han hunden Garmr fr\u00e5n d\u00f6dsriket. B\u00e5da dr\u00e4per varandra. De b\u00e5da v\u00e4sendenas d\u00f6d markerar slutet p\u00e5 den gamla ordningen och st\u00e5r i symmetrisk relation till Odens fall i striden mot Fenrir och Tors d\u00f6d av Midg\u00e5rdsormens gift.<\/p>\n\n<p>Forskningen har sp\u00e5rat namnet Tyr i talrika inskrifter och ortnamn. Tiwaz-<span class=\"iwg-fachbegriff\" data-tooltip=\"Skrifttecken hos de germanska folken, \u00e4ven anv\u00e4nda f\u00f6r skydds- och besv\u00e4rjelseformler.\" tabindex=\"0\">runan<\/span> finns p\u00e5 spetsen fr\u00e5n Kovel (Wolhynien, 200-talet), p\u00e5 sp\u00e4nnet fr\u00e5n Aquincum (Pannonien, 300-talet) och p\u00e5 talrika brakteater fr\u00e5n folkvandringstidens fynd i Danmark och Sydsverige.<\/p><p>Spridningen av dessa bel\u00e4gg str\u00e4cker sig fr\u00e5n Donau till Mellansverige och visar en tradition som omfattar samtliga germanska stamgrupper.<\/p>\n<p>Tyrs s\u00e4rst\u00e4llning bland de andra gudarna understryks ocks\u00e5 av den ringa m\u00e4ngden myter kring honom. Medan Oden, Tor och Loke f\u00f6rekommer i dussintals episoder begr\u00e4nsas Tyrs ber\u00e4ttelser till n\u00e5gra f\u00e5 nyckelscener: bindningen av Fenrir, f\u00e4rden till Hymir, striden mot Garmr vid Ragnar\u00f6k.<\/p><p>Klaus von See har i sina Eddakommentarer (bd. 4, 2004) h\u00e4vdat att denna sparsamhet p\u00e5 myter inte \u00e4r slumpen, utan en \u00e5terspegling av en \u00e4ldre gud vars litter\u00e4ra f\u00f6rankring var p\u00e5 tillbakag\u00e5ng under 800- till 1200-talet, medan hans kultiska och r\u00e4ttsliga funktion fortfarande verkade under ytan.<\/p>\t\t\t\t\t\t\t\t<\/div>\n\t\t\t\t<\/div>\n\t\t<div class=\"elementor-element elementor-element-5f5ca5a e-con-full e-flex e-con e-child\" data-id=\"5f5ca5a\" data-element_type=\"container\" data-e-type=\"container\">\n\t\t\t\t<div class=\"elementor-element elementor-element-0279ee6 elementor-widget elementor-widget-heading\" data-id=\"0279ee6\" data-element_type=\"widget\" data-e-type=\"widget\" data-widget_type=\"heading.default\">\n\t\t\t\t\t<h2 class=\"elementor-heading-title elementor-size-default\">Symboler och attribut<\/h2>\t\t\t\t<\/div>\n\t\t\t\t<div class=\"elementor-element elementor-element-1f64623 elementor-widget elementor-widget-text-editor\" data-id=\"1f64623\" data-element_type=\"widget\" data-e-type=\"widget\" data-widget_type=\"text-editor.default\">\n\t\t\t\t\t\t\t\t\t<p>Det mest utm\u00e4rkande attributet \u00e4r den saknade h\u00f6gra handen. I den bildliga traditionen framtr\u00e4der Tyr oftast med sv\u00e4rd och en stump som n\u00e5r in i vargens gap. Runtecknet Tiwaz som \u00e4r uppkallat efter honom (germanska t-<span class=\"iwg-fachbegriff\" data-tooltip=\"Skrifttecken hos de germanska folken, \u00e4ven anv\u00e4nda f\u00f6r skydds- och besv\u00e4rjelseformler.\" tabindex=\"0\">runan<\/span>, fornnordiska tyr) har formen av en upp\u00e5triktad pil.<\/p><p>\u00abSigrdrifumal\u00bb i \u00abPoetiska Eddan\u00bb rekommenderar att man ristar <span class=\"iwg-fachbegriff\" data-tooltip=\"Skrifttecken hos de germanska folken, \u00e4ven anv\u00e4nda f\u00f6r skydds- och besv\u00e4rjelseformler.\" tabindex=\"0\">runan<\/span> p\u00e5 sv\u00e4rdet och n\u00e4mner Tyrs namn tv\u00e5 g\u00e5nger f\u00f6r att uppn\u00e5 seger. D\u00e4rmed framtr\u00e4der <span class=\"iwg-fachbegriff\" data-tooltip=\"Skrifttecken hos de germanska folken, \u00e4ven anv\u00e4nda f\u00f6r skydds- och besv\u00e4rjelseformler.\" tabindex=\"0\">runan<\/span> b\u00e5de som skrifttecken och som magiskt sigill.<\/p>\n<p>Veckodagen som tillskrivits honom \u00e4r tisdagen, p\u00e5 engelska T\u00fcsday, p\u00e5 svenska tisdag, p\u00e5 norska och danska tirsdag. I Sydtyskland lever formen Ziestag, Zischtig kvar i alemanniska dialekter fram till 1900-talet.<\/p><p>Denna veckodagsbildning f\u00f6ljer interpretatio romana, d\u00e4r Tyr likst\u00e4lldes med Mars. Tacitus ber\u00e4ttar i \u00abGermania\u00bb kapitel 9 att germanerna bland gudarna \u00e4ven dyrkade Mars, varmed Tiwaz avses.<\/p>\n<p>Djuroffer till Tyr kopplas i arkeologiska fynd framf\u00f6r allt samman med h\u00e4st och hund. Myrfynd fr\u00e5n Danmark, till exempel Illerup \u00c5dal och Nydam, inneh\u00e5ller i massiv omfattning f\u00f6rst\u00f6rda vapen, som enligt Klaus Randsborgs och Joachim Werners tolkning betraktas som krigsbytesoffer till en krigsgudom, f\u00f6rmodligen Tiwaz.<\/p>\t\t\t\t\t\t\t\t<\/div>\n\t\t\t\t<\/div>\n\t\t<div class=\"elementor-element elementor-element-0e8d786 e-con-full e-flex e-con e-child\" data-id=\"0e8d786\" data-element_type=\"container\" data-e-type=\"container\">\n\t\t\t\t<div class=\"elementor-element elementor-element-2ee60db elementor-widget elementor-widget-heading\" data-id=\"2ee60db\" data-element_type=\"widget\" data-e-type=\"widget\" data-widget_type=\"heading.default\">\n\t\t\t\t\t<h2 class=\"elementor-heading-title elementor-size-default\">Kult och v\u00f6rdnad<\/h2>\t\t\t\t<\/div>\n\t\t\t\t<div class=\"elementor-element elementor-element-dd246c0 elementor-widget elementor-widget-text-editor\" data-id=\"dd246c0\" data-element_type=\"widget\" data-e-type=\"widget\" data-widget_type=\"text-editor.default\">\n\t\t\t\t\t\t\t\t\t<p>Adam av Bremen skildrar i \u00abGesta Hammaburgensis ecclesi\u00e4 pontificum\u00bb (omkring 1075) <span class=\"iwg-fachbegriff\" data-tooltip=\"En byggnad som \u00e4gnas \u00e5t v\u00f6rdnaden av en eller flera gudomligheter.\" tabindex=\"0\">templet<\/span> i Uppsala med tre gudabilder: Tor, Oden och Fricco. Tyr saknas i denna sena uppr\u00e4kning, vilket tolkas som ett tecken p\u00e5 den avtagande kultiska betydelsen i vikingatidens slutskede.<\/p><p>I \u00e4ldre lager, exempelvis i de kontinentala stamomr\u00e5dena hos sydtyskarna och sachsarna, var hans st\u00e4llning d\u00e4remot framtr\u00e4dande. Ortnamn som Tislund (Danmark), Tysnes (Norge) samt Zierberg och Ziessenhausen (Sydtyskland) vittnar om ett t\u00e4tt sakralt n\u00e4tverk.<\/p>\n<p>Tacitus n\u00e4mner i \u00abGermania\u00bb 9, utan att ange n\u00e5got egennamn, en germansk Mars som m\u00e4nniskooffer skulle ha \u00e4gnats. I \u00abAnnalerna\u00bb 13,57 ber\u00e4ttar han om hermundurernas seger \u00f6ver chatterna, d\u00e5 hela fiendeh\u00e4ren, tillsammans med h\u00e4star och vapen, blev <span class=\"iwg-fachbegriff\" data-tooltip=\"\u00d6verl\u00e4mnad till det heliga genom en religi\u00f6s handling och d\u00e4rigenom lyft ur det vardagliga.\" tabindex=\"0\">helgad<\/span> \u00e5t Mars och Mercurius.<\/p><p>Religionsvetare som Jens Peter Schjodt tolkar denna praxis som en rituell devotio, en form av f\u00f6regripande offer till krigsguden f\u00f6r att s\u00e4kra segern.<\/p>\n<p>Tingplatsen var det rum som tillskrevs honom. Eftersom tinget samtidigt var domf\u00f6rsamling och politisk sammankomst, tillf\u00f6ll Tyr rollen som v\u00e4ktare av r\u00e4ttsordningen. Den fornisl\u00e4ndska \u00abLandnamabok\u00bb och det svenska lagverket \u00abUpplandslagen\u00bb bevarar sp\u00e5r av ett \u00e4ldre samband mellan edsformler, tingsjord och gestalten Tyr.<\/p><p><span data-nosnippet>Margaret Clunies Ross har i \u00abProlonged Ech\u00f6s\u00bb (1994) visat att r\u00e4ttsfunktionen i det litter\u00e4ra senskiktet till stor del \u00f6vergick till Forseti och andra yngre gestalter, medan det arkaiska bel\u00e4gget f\u00f6r Tyr bevarades i edsformler och runinskrifter.<\/span><\/p>\t\t\t\t\t\t\t\t<\/div>\n\t\t\t\t<\/div>\n\t\t<div class=\"elementor-element elementor-element-71045c2 e-con-full e-flex e-con e-child\" data-id=\"71045c2\" data-element_type=\"container\" data-e-type=\"container\">\n\t\t\t\t<div class=\"elementor-element elementor-element-dff6ce2 elementor-widget elementor-widget-heading\" data-id=\"dff6ce2\" data-element_type=\"widget\" data-e-type=\"widget\" data-widget_type=\"heading.default\">\n\t\t\t\t\t<h2 class=\"elementor-heading-title elementor-size-default\">Viktiga myter<\/h2>\t\t\t\t<\/div>\n\t\t\t\t<div class=\"elementor-element elementor-element-b996b95 elementor-widget elementor-widget-text-editor\" data-id=\"b996b95\" data-element_type=\"widget\" data-e-type=\"widget\" data-widget_type=\"text-editor.default\">\n\t\t\t\t\t\t\t\t\t<p>Bindningen av Fenrir st\u00e5r i centrum. Snorri ber\u00e4ttar utf\u00f6rligt i Gylfaginning 34 hur dv\u00e4rgarna i Svartalfheim smider fj\u00e4ttret Gleipnir av sex om\u00f6jliga best\u00e5ndsdelar: ljudet av en katts steg, en kvinnas sk\u00e4gg, en bergs r\u00f6tter, en bj\u00f6rns senor, en fisks andedr\u00e4kt och en f\u00e5gels saliv.<\/p><p>Uppr\u00e4kningen har en magisk-poetisk funktion och f\u00f6rklarar varf\u00f6r v\u00e4rlden inte l\u00e4ngre besitter dessa ting.<\/p><p><span data-nosnippet>Fenrir misstror det till synes tunna bandet. Tyrs handling \u00e4r d\u00e4rmed inte impulsivt mod utan ett medvetet uppoffrande f\u00f6r att s\u00e4kra den kosmiska ordningen. Georges Dumezil har i \u00abMitra-Varuna\u00bb (1948) tolkat denna scen som ett exempel p\u00e5 den juridiska gudens f\u00f6rlorade suver\u00e4nitet: Tyr f\u00f6rlorar handen som sv\u00e4r eden och d\u00e4rmed symboliskt en del av sin r\u00e4ttsfunktion.<\/span><\/p>\n<p>En andra <span class=\"iwg-fachbegriff\" data-tooltip=\"En \u00f6verl\u00e4mnad ber\u00e4ttelse om gudar, ursprung och v\u00e4rldens ordning.\" tabindex=\"0\">myt<\/span> \u00e4r h\u00e4mtandet av kitteln i \u00abHymiskvida\u00bb. Tor och Tyr reser till j\u00e4tten Hymir f\u00f6r att h\u00e4mta asarnas bryggkittel. Tyr introduceras h\u00e4r som Hymirs son, vilket understryker den mots\u00e4gelsefulla genealogin.<\/p><p>Scenen slutar med Tors fiskef\u00e4rd, d\u00e5 han f\u00e5r Midg\u00e5rdsormen p\u00e5 kroken. Tyr fungerar som v\u00e4gvisare och genealogisk l\u00e4nk mellan asar och j\u00e4ttar.<\/p>\n<p>Den tredje <span class=\"iwg-fachbegriff\" data-tooltip=\"En \u00f6verl\u00e4mnad ber\u00e4ttelse om gudar, ursprung och v\u00e4rldens ordning.\" tabindex=\"0\">myten<\/span> \u00e4r slaget mot Garm vid Ragnar\u00f6k. Snorri och \u00abVoluspa\u00bb 44 n\u00e4mner hunden vid ing\u00e5ngen till Hel. I slutstriden m\u00f6ts Tyr och Garm. De d\u00f6dar varandra \u00f6msesidigt.<\/p><p>Denna \u00f6msesidiga tillintetg\u00f6relse tolkas inom forskningen som en spegelbildlig variant av striden mellan Oden och Fenrir. D\u00e4r Oden slukas, faller Tyr i en symmetrisk f\u00f6rintelse. Kompositionen tyder p\u00e5 en sen diktarisk omarbetning som anpassar Tyr till Ragnar\u00f6k-schemat.<\/p>\n\n<p>Forskningen om Fenrirbindningen har lyft fram <span class=\"iwg-fachbegriff\" data-tooltip=\"Ett \u00e5terkommande inneh\u00e5llselement i konst eller ber\u00e4ttelse.\" tabindex=\"0\">motivet<\/span> av det gudomliga sj\u00e4lvoffret. Tyrs gest \u00e4r inte bara mod, utan en juridisk handling: han ger sin pant f\u00f6r ett avtal som sedan bryts.<\/p><p>D\u00e4rigenom markeras och legitimeras samtidigt de andra asarnas avtalsbrott p\u00e5 ett kosmiskt plan. Klaus von See har utarbetat denna tolkning i juridisk-avtalsteoretiska termer: Tyr f\u00f6rlorar handen eftersom den var den enda gudahand som Fenrir litade p\u00e5, och denna trov\u00e4rdighet var den egentliga garanten f\u00f6r bindningen.<\/p>\n<p>Ett mindre k\u00e4nt mytologiskt sp\u00e5r finns i \u00abHeidreks saga\u00bb (1200-talet), d\u00e4r Tyrs sv\u00e4rd f\u00f6rekommer som ett trollvapen som s\u00e4krar seger. Detta sena ber\u00e4ttarskikt visar att Tyrs krigiska funktion levde vidare \u00e4ven i sagalitteraturen, l\u00e5ngt efter att den kultiska v\u00f6rdnaden i egentlig mening hade upph\u00f6rt.<\/p><p>Sagan f\u00f6rbinder sv\u00e4rdet med en l\u00e5ng genealogi av hedniska kungar och speglar en minnesbaserad till\u00e4gnelse av det hedniska arvet under den kristna tiden.<\/p>\t\t\t\t\t\t\t\t<\/div>\n\t\t\t\t<\/div>\n\t\t<div class=\"elementor-element elementor-element-2ac31a7 e-con-full e-flex e-con e-child\" data-id=\"2ac31a7\" data-element_type=\"container\" data-e-type=\"container\">\n\t\t\t\t<div class=\"elementor-element elementor-element-fd922b6 elementor-widget elementor-widget-heading\" data-id=\"fd922b6\" data-element_type=\"widget\" data-e-type=\"widget\" data-widget_type=\"heading.default\">\n\t\t\t\t\t<h2 class=\"elementor-heading-title elementor-size-default\">Relationer i pantheon<\/h2>\t\t\t\t<\/div>\n\t\t\t\t<div class=\"elementor-element elementor-element-48e14a8 elementor-widget elementor-widget-text-editor\" data-id=\"48e14a8\" data-element_type=\"widget\" data-e-type=\"widget\" data-widget_type=\"text-editor.default\">\n\t\t\t\t\t\t\t\t\t<p>Tyr r\u00e4knas till asarna, utan att hans genealogiska st\u00e4llning \u00e4r entydig. Snorri kallar honom Odens son, medan \u00abHymiskvida\u00bb g\u00f6r honom till son av Hymir och en on\u00e4mnd j\u00e4ttemor, vars gyllene smycken och f\u00f6rn\u00e4ma v\u00e4sen antyder en mer \u00e4del h\u00e4rkomst \u00e4n vad j\u00e4ttestatusen ensam skulle ge anledning att f\u00f6rv\u00e4nta.<\/p><p><span data-nosnippet>Rudolf Simek har i \u00abLexikon der germanischen <span class=\"iwg-fachbegriff\" data-tooltip=\"Helheten av en kulturs \u00f6verl\u00e4mnade gudaber\u00e4ttelser.\" tabindex=\"0\">Mythologie<\/span>\u00bb (3:e uppl. 2006) f\u00f6reslagit att man h\u00e4r b\u00f6r anta tv\u00e5 konkurrerande traditioner.<\/span><\/p>\n<p>En maka till Tyr n\u00e4mns inte uttryckligen i de eddiska k\u00e4llorna. I \u00abLokasenna\u00bb 40 talar Loki om en on\u00e4mnd hustru till Tyr, med vilken han, Loki, ska ha avlat en son.<\/p><p>St\u00e4llet \u00e4r ett skymford och ska inte l\u00e4sas som en tillf\u00f6rlitlig genealogi. Senare isl\u00e4ndska traditioner f\u00f6rbinder Tyr med Zisa, en gudinna som \u00e4r belagd i det alemanniska omr\u00e5det. F\u00f6rbindelsen \u00e4r spr\u00e5kligt plausibel men k\u00e4llm\u00e4ssigt svag.<\/p>\n<p>I f\u00f6rh\u00e5llande till Tor framtr\u00e4der Tyr i \u00abHymiskvida\u00bb som resekamrat och kunskapsb\u00e4rare. Gentemot Oden \u00e4r funktionen komplement\u00e4r: medan Oden \u00e4r extasens, <span class=\"iwg-fachbegriff\" data-tooltip=\"Praktiker som genom s\u00e4rskilda handlingar eller formler f\u00f6rs\u00f6ker ingripa i tingens g\u00e5ng.\" tabindex=\"0\">magins<\/span> och andens gud, representerar Tyr r\u00e4ttens och edens sida av suver\u00e4niteten. Denna bin\u00e4ra uppdelning av suver\u00e4nitetsfunktionen p\u00e5 tv\u00e5 gestalter h\u00f6r till Dum\u00e9zils klassiska tre-funktionsteori.<\/p>\t\t\t\t\t\t\t\t<\/div>\n\t\t\t\t<\/div>\n\t\t<div class=\"elementor-element elementor-element-13c63a1 e-con-full e-flex e-con e-child\" data-id=\"13c63a1\" data-element_type=\"container\" data-e-type=\"container\">\n\t\t\t\t<div class=\"elementor-element elementor-element-c589da7 elementor-widget elementor-widget-heading\" data-id=\"c589da7\" data-element_type=\"widget\" data-e-type=\"widget\" data-widget_type=\"heading.default\">\n\t\t\t\t\t<h2 class=\"elementor-heading-title elementor-size-default\">Mottagande och verkan<\/h2>\t\t\t\t<\/div>\n\t\t\t\t<div class=\"elementor-element elementor-element-01fd2f5 elementor-widget elementor-widget-text-editor\" data-id=\"01fd2f5\" data-element_type=\"widget\" data-e-type=\"widget\" data-widget_type=\"text-editor.default\">\n\t\t\t\t\t\t\t\t\t<p>Under tidig medeltid avtar den kultiska v\u00f6rdnaden av Tyr i takt med kristnandet, men hans namn lever kvar i veckodagsbeteckningar, ortnamn och i runraden. Den anglosaxiska \u00abRunedikten\u00bb (900-talet) \u00e4gnar Tiwaz-<span class=\"iwg-fachbegriff\" data-tooltip=\"Skrivtecken hos de germanska folken, anv\u00e4ndes \u00e4ven f\u00f6r skydds- och besv\u00e4rjelseformler.\" tabindex=\"0\">runan<\/span> en egen strof och beskriver den som \u00abtecken som h\u00e5ller trohet med de \u00e4dla\u00bb.<\/p><p><span data-nosnippet><span class=\"iwg-fachbegriff\" data-tooltip=\"Skrivtecken hos de germanska folken, anv\u00e4ndes \u00e4ven f\u00f6r skydds- och besv\u00e4rjelseformler.\" tabindex=\"0\">Runan<\/span> f\u00f6rekommer p\u00e5 sv\u00e4rd, spjutspetsar och amuletter fr\u00e5n 400- till 900-talet. Klaus D\u00fcwel har i \u00abRunenkunde\u00bb (4:e uppl. 2008) katalogiserat omkring tv\u00e5 dussin bel\u00e4gg.<\/span><\/p>\n<p><span data-nosnippet>Inom 1800-talets <span class=\"iwg-fachbegriff\" data-tooltip=\"Vetenskap som studerar vardagskultur, seder och traderade f\u00f6rest\u00e4llningar.\" tabindex=\"0\">folklivsforskning<\/span> lyftes Tyr fram p\u00e5 nytt genom Jacob Grimms \u00abDeutsche <span class=\"iwg-fachbegriff\" data-tooltip=\"Samlingen av traderade gudaber\u00e4ttelser i en kultur.\" tabindex=\"0\">Mythologie<\/span>\u00bb (1835). Grimm samlade regionala rester, till exempel ortnamnet Ziesberg i Augsburg och svabiska edsformler.<\/span><\/p><p>Under romantiken och i Wagner-receptionen (Nibelungens ring) f\u00f6rblev Tyr en bifigur, till skillnad fr\u00e5n Oden eller Tor. Denna marginalisering i konstmytologin st\u00e5r i kontrast till hans centrala st\u00e4llning i det arkaiska skiktet.<\/p>\n<p>Under 1900-talet \u00e5teraktualiserades Tyr flera g\u00e5nger i folklivsreligi\u00f6sa sammanhang, delvis i problematiska kontexter. Den vetenskapliga forskningen, representerad av Jan de Vries, Folke Str\u00f6m, Klaus von See och p\u00e5 senare tid Jens Peter Schj\u00f8dt, har tagit avst\u00e5nd fr\u00e5n ideologiska till\u00e4gnanden och rehabiliterat Tyr som en nyckelgestalt i den indoeuropeiska suver\u00e4nitetsl\u00e4ran.<\/p>\n\n<p>Veckodagsnamnet tisdag i de germanska spr\u00e5ken \u00e4r ett av de starkaste sp\u00e5ren av den antika interpretatio romana, d\u00e4r germanska gudar identifierades med romerska. Tyr-Mars blev d\u00e4rmed innehavare av Dies Martis, som \u00e4nnu lever kvar som tisdag, Tuesday, tirsdag, Tirsd\u00e4g med flera.<\/p><p><span data-nosnippet>Det sydalemanniska Ziestag och det sydtyska Zischtig \u00e4r s\u00e4rskilt arkaiska rester som \u00e4nnu under 1800- och 1900-talet f\u00f6rekom i talspr\u00e5ket. Folklivsforskaren Eduard Hoffmann-Krayer har i \u00abSchweizerisches Idiotikon\u00bb (band 8, 1907) samlat talrika bel\u00e4gg fr\u00e5n bondespr\u00e5ket i de schweiziska alperna.<\/span><\/p>\n<p>I den engelskspr\u00e5kiga traditionen \u00e4r Tyr s\u00e4rskilt n\u00e4rvarande i Tolkien-receptionen. J. R. R. Tolkien, sj\u00e4lv indoeuropeist, tog upp anspelningar p\u00e5 Tyr-Tiwaz i sin fiktiva <span class=\"iwg-fachbegriff\" data-tooltip=\"Samlingen av traderade gudaber\u00e4ttelser i en kultur.\" tabindex=\"0\">mytologi<\/span>, framf\u00f6r allt i gestalten Beren och i slagskildringarna i Silmarillion.<\/p><p>Denna litter\u00e4ra verkan har under 1900- och 2000-talet n\u00e5tt en bred publik och gjort gestalten Tyr k\u00e4nd bortom den akademiska forskningen.<\/p>\n<p>Den arkeologiska forskningen under de senaste tre decennierna har gett ytterligare bel\u00e4gg f\u00f6r Tyrs <span class=\"iwg-fachbegriff\" data-tooltip=\"Summan av de religi\u00f6sa v\u00f6rdnadshandlingar som \u00e4gnas en gudom eller helig gestalt.\" tabindex=\"0\">kult<\/span>. Unders\u00f6kningarna i mossen vid Hjortspring (Danmark, \u00e5terpublicerade 2014) och i Vimose har gett inskriftsfynd med Tiwaz-<span class=\"iwg-fachbegriff\" data-tooltip=\"Skrivtecken hos de germanska folken, anv\u00e4ndes \u00e4ven f\u00f6r skydds- och besv\u00e4rjelseformler.\" tabindex=\"0\">runan<\/span>. Dessa fynd bel\u00e4gger en medveten kultisk anknytning till Tyr-Tiwaz under sen <span class=\"iwg-fachbegriff\" data-tooltip=\"F\u00f6rhistorisk epok efter brons\u00e5ldern, pr\u00e4glad av j\u00e4rnbearbetning.\" tabindex=\"0\">j\u00e4rn\u00e5lder<\/span> och folkvandringstid.<\/p>\t\t\t\t\t\t\t\t<\/div>\n\t\t\t\t<\/div>\n\t\t<div class=\"elementor-element elementor-element-e79f2bb e-con-full e-flex e-con e-child\" data-id=\"e79f2bb\" data-element_type=\"container\" data-e-type=\"container\">\n\t\t\t\t<div class=\"elementor-element elementor-element-69a3ea3 elementor-widget elementor-widget-heading\" data-id=\"69a3ea3\" data-element_type=\"widget\" data-e-type=\"widget\" data-widget_type=\"heading.default\">\n\t\t\t\t\t<h2 class=\"elementor-heading-title elementor-size-default\">Religionsvetenskaplig kontextualisering<\/h2>\t\t\t\t<\/div>\n\t\t\t\t<div class=\"elementor-element elementor-element-5ad0c76 elementor-widget elementor-widget-text-editor\" data-id=\"5ad0c76\" data-element_type=\"widget\" data-e-type=\"widget\" data-widget_type=\"text-editor.default\">\n\t\t\t\t\t\t\t\t\t<p>Forskningen inordnar Tyr i den modell av de tre indoeuropeiska funktionerna som Georges Dum\u00e9zil utformade. Tyr och Oden delar den f\u00f6rsta funktionen, suver\u00e4niteten. Oden f\u00f6rkroppsligar den magisk-religi\u00f6sa sidan (Varuna-typen), Tyr den juridisk-avtalsm\u00e4ssiga (Mitra-typen). Denna uppdelning f\u00f6rklarar varf\u00f6r Tyr f\u00f6rblir edsgud samtidigt som han i kampen mot Fenrir representerar suver\u00e4nens r\u00e4ttsliga sida.<\/p>\n<p><span data-nosnippet>Jens Peter Schj\u00f8dt har i \u00ab<span class=\"iwg-fachbegriff\" data-tooltip=\"Rituell \u00f6verg\u00e5ng genom vilken n\u00e5gon upptas i en ny status eller gemenskap.\" tabindex=\"0\">initiation<\/span> between Two Worlds\u00bb (2008) argumenterat mot Dum\u00e9zils stela schematisering och visat att Tyrs profil i den senare fasen f\u00f6rskjuts starkare mot krig och seger. Margaret Clunies Ross p\u00e5pekar d\u00e4remot den rituella betydelsen av den enhandiga edsgesten i skandinaviska r\u00e4ttsk\u00e4llor och ser h\u00e4r en kontinuitet \u00e4nda fram till 1100-talet.<\/span><\/p>\n<p>Spr\u00e5kvetenskapligt \u00e4r Tyrs etymologi v\u00e4l belagd genom Heinrich Bernhard Jankuhn, Wolfgang Krause och senast Edgar Polom\u00e9. Formen *Tiwaz \u00e4r den enda germanska gudabeteckningen som ljudlagsenligt utan tvivel kan sp\u00e5ras tillbaka till det indoeuropeiska grundspr\u00e5ket. Denna \u00e5lder understryker gestaltens arkaiska karakt\u00e4r och st\u00f6djer tesen om en kontinuerlig betydelse som eds- och r\u00e4ttsgud.<\/p>\t\t\t\t\t\t\t\t<\/div>\n\t\t\t\t<\/div>\n\t\t<div class=\"elementor-element elementor-element-27a65f4 e-con-full e-flex e-con e-child\" data-id=\"27a65f4\" data-element_type=\"container\" data-e-type=\"container\">\n\t\t\t\t<div class=\"elementor-element elementor-element-2dabfd3 elementor-widget elementor-widget-heading\" data-id=\"2dabfd3\" data-element_type=\"widget\" data-e-type=\"widget\" data-widget_type=\"heading.default\">\n\t\t\t\t\t<h2 class=\"elementor-heading-title elementor-size-default\">K\u00e4llor och f\u00f6rdjupande litteratur<\/h2>\t\t\t\t<\/div>\n\t\t\t\t<div class=\"elementor-element elementor-element-2abdbec elementor-widget elementor-widget-text-editor\" data-id=\"2abdbec\" data-element_type=\"widget\" data-e-type=\"widget\" data-widget_type=\"text-editor.default\">\n\t\t\t\t\t\t\t\t\t<footer class=\"iwg-literatur\"><p><span data-nosnippet>Prim\u00e4rk\u00e4llor: \u00abProsa-Edda\u00bb (Snorri Sturluson, cirka 1220, kritisk utg\u00e5va Anthony Faulkes 1982), \u00abLieder-Edda\u00bb (Codex Regius, cirka 1270, utg\u00e5va Klaus von See et al. 1997 ff.), \u00abGermania\u00bb (Tacitus, 98 e.Kr., utg\u00e5va Allan Lund 1988), \u00abGesta Hammaburgensis\u00bb (Adam av Bremen, cirka 1075). Runinskrifter samlade av Wolfgang Krause\/Herbert Jankuhn \u00abDie Runeninschriften im \u00e4lteren <span class=\"iwg-fachbegriff\" data-tooltip=\"Den efter sina f\u00f6rsta tecken ben\u00e4mnda ordningen i det germanska runalfabetet.\" tabindex=\"0\">Futhark<\/span>\u00bb (1966).<\/span><\/p>\n<p>Sekund\u00e4rlitteratur:<\/p><ul><li><span data-nosnippet>Jan de Vries \u00abAltgermanische Religionsgeschichte\u00bb (2 vol., 2. uppl. 1956\/57).<\/span><\/li><li><span data-nosnippet>Georges Dumezil \u00abMitra-Varuna\u00bb (1948) och \u00abLes dieux des Germains\u00bb (1959).<\/span><\/li><li><span data-nosnippet>Margaret Clunies Ross \u00abProlonged Ech\u00f6s\u00bb (2 vol. 1994\/98).<\/span><\/li><li><span data-nosnippet>Klaus D\u00fcwel \u00abRunenkunde\u00bb (4. uppl. 2008).<\/span><\/li><li><span data-nosnippet>Regis Boyer \u00abLa religion des anciens Scandinaves\u00bb (1981).<\/span><\/li><\/ul>\n<p class=\"iwg-bib-more\"><span data-nosnippet>Fler standardverk i <a href=\"https:\/\/iwell-guard.com\/sv\/litteratur\/\">litteraturf\u00f6rteckningen<\/a>.<\/span><\/p><\/footer>\t\t\t\t\t\t\t\t<\/div>\n\t\t\t\t<\/div>\n\t\t\t\t\t<\/div>\n\t\t\t\t<\/div>\n\t\t\t\t<\/div>\n\t\t","protected":false},"excerpt":{"rendered":"","protected":false},"author":3,"featured_media":3224,"parent":0,"menu_order":0,"comment_status":"closed","ping_status":"closed","template":"elementor_header_footer","meta":{"_yoast_wpseo_focuskw":"Tyr","_yoast_wpseo_title":"Tyr \u2013 germansk krigsgud och edens v\u00e4ktare | iWell Guard","_yoast_wpseo_metadesc":"Tyr \u00e4r den germanska guden f\u00f6r krig och edsordning, enh\u00e4nt enligt Fenrismyten. Tiwaz-runan och veckodagen tisdag.","_yoast_wpseo_meta-robots-noindex":"","_yoast_wpseo_canonical":"","_angie_page":false,"gefaehrdungsstufe":"","wesen_kultur":"","wesen_klasse":"","footnotes":""},"categories":[],"class_list":["post-136961","page","type-page","status-publish","has-post-thumbnail","hentry"],"yoast_head":"<!-- This site is optimized with the Yoast SEO Premium plugin v27.7 (Yoast SEO v28.3) - https:\/\/yoast.com\/product\/yoast-seo-premium-wordpress\/ -->\n<title>Tyr \u2013 germansk krigsgud och edens v\u00e4ktare | iWell Guard<\/title>\n<meta name=\"description\" content=\"Tyr \u00e4r den germanska guden f\u00f6r krig och edsordning, enh\u00e4nt enligt Fenrismyten. Tiwaz-runan och veckodagen tisdag.\" \/>\n<meta name=\"robots\" content=\"index, follow, max-snippet:-1, max-image-preview:large, max-video-preview:-1\" \/>\n<link rel=\"canonical\" href=\"https:\/\/iwell-guard.com\/sv\/tyr\/\" \/>\n<meta property=\"og:locale\" content=\"sv_SE\" \/>\n<meta property=\"og:type\" content=\"article\" \/>\n<meta property=\"og:title\" content=\"Tyr\" \/>\n<meta property=\"og:description\" content=\"Tyr \u00e4r den germanska guden f\u00f6r krig och edsordning, enh\u00e4nt enligt Fenrismyten. Tiwaz-runan och veckodagen tisdag.\" \/>\n<meta property=\"og:url\" content=\"https:\/\/iwell-guard.com\/sv\/tyr\/\" \/>\n<meta property=\"og:site_name\" content=\"iWell Guard\" \/>\n<meta property=\"article:modified_time\" content=\"2026-09-03T01:16:47+00:00\" \/>\n<meta property=\"og:image\" content=\"https:\/\/iwell-guard.com\/wp-content\/uploads\/2026\/05\/goetter_germanisch_tyr-1.webp\" \/>\n\t<meta property=\"og:image:width\" content=\"1024\" \/>\n\t<meta property=\"og:image:height\" content=\"1536\" \/>\n\t<meta property=\"og:image:type\" content=\"image\/webp\" \/>\n<meta name=\"twitter:card\" content=\"summary_large_image\" \/>\n<script type=\"application\/ld+json\" class=\"yoast-schema-graph\">{\"@context\":\"https:\\\/\\\/schema.org\",\"@graph\":[{\"@type\":\"WebPage\",\"@id\":\"https:\\\/\\\/iwell-guard.com\\\/sv\\\/tyr\\\/\",\"url\":\"https:\\\/\\\/iwell-guard.com\\\/sv\\\/tyr\\\/\",\"name\":\"Tyr \u2013 germansk krigsgud och edens v\u00e4ktare | iWell Guard\",\"isPartOf\":{\"@id\":\"https:\\\/\\\/iwell-guard.com\\\/sv\\\/#website\"},\"primaryImageOfPage\":{\"@id\":\"https:\\\/\\\/iwell-guard.com\\\/sv\\\/tyr\\\/#primaryimage\"},\"image\":{\"@id\":\"https:\\\/\\\/iwell-guard.com\\\/sv\\\/tyr\\\/#primaryimage\"},\"thumbnailUrl\":\"https:\\\/\\\/iwell-guard.com\\\/wp-content\\\/uploads\\\/2026\\\/05\\\/goetter_germanisch_tyr-1.webp\",\"datePublished\":\"2026-09-03T00:11:33+00:00\",\"dateModified\":\"2026-09-03T01:16:47+00:00\",\"description\":\"Tyr \u00e4r den germanska guden f\u00f6r krig och edsordning, enh\u00e4nt enligt Fenrismyten. Tiwaz-runan och veckodagen tisdag.\",\"breadcrumb\":{\"@id\":\"https:\\\/\\\/iwell-guard.com\\\/sv\\\/tyr\\\/#breadcrumb\"},\"inLanguage\":\"sv-SE\",\"potentialAction\":[{\"@type\":\"ReadAction\",\"target\":[\"https:\\\/\\\/iwell-guard.com\\\/sv\\\/tyr\\\/\"]}]},{\"@type\":\"ImageObject\",\"inLanguage\":\"sv-SE\",\"@id\":\"https:\\\/\\\/iwell-guard.com\\\/sv\\\/tyr\\\/#primaryimage\",\"url\":\"https:\\\/\\\/iwell-guard.com\\\/wp-content\\\/uploads\\\/2026\\\/05\\\/goetter_germanisch_tyr-1.webp\",\"contentUrl\":\"https:\\\/\\\/iwell-guard.com\\\/wp-content\\\/uploads\\\/2026\\\/05\\\/goetter_germanisch_tyr-1.webp\",\"width\":1024,\"height\":1536,\"caption\":\"Gudar fr\u00e5n den germanska traditionen.\"},{\"@type\":\"BreadcrumbList\",\"@id\":\"https:\\\/\\\/iwell-guard.com\\\/sv\\\/tyr\\\/#breadcrumb\",\"itemListElement\":[{\"@type\":\"ListItem\",\"position\":1,\"name\":\"Start\",\"item\":\"https:\\\/\\\/iwell-guard.com\\\/sv\\\/?page_id=136483\"},{\"@type\":\"ListItem\",\"position\":2,\"name\":\"Tyr\"}]},{\"@type\":\"WebSite\",\"@id\":\"https:\\\/\\\/iwell-guard.com\\\/sv\\\/#website\",\"url\":\"https:\\\/\\\/iwell-guard.com\\\/sv\\\/\",\"name\":\"iWell Guard\",\"description\":\"Schutz vor dunklen Einfl\u00fcssen\",\"publisher\":{\"@id\":\"https:\\\/\\\/iwell-guard.com\\\/sv\\\/#organization\"},\"potentialAction\":[{\"@type\":\"SearchAction\",\"target\":{\"@type\":\"EntryPoint\",\"urlTemplate\":\"https:\\\/\\\/iwell-guard.com\\\/sv\\\/?s={search_term_string}\"},\"query-input\":{\"@type\":\"PropertyValueSpecification\",\"valueRequired\":true,\"valueName\":\"search_term_string\"}}],\"inLanguage\":\"sv-SE\"},{\"@type\":\"Organization\",\"@id\":\"https:\\\/\\\/iwell-guard.com\\\/sv\\\/#organization\",\"name\":\"Ittermann electronic GmbH\",\"url\":\"https:\\\/\\\/iwell-guard.com\\\/sv\\\/\",\"logo\":{\"@type\":\"ImageObject\",\"inLanguage\":\"sv-SE\",\"@id\":\"https:\\\/\\\/iwell-guard.com\\\/sv\\\/#\\\/schema\\\/logo\\\/image\\\/\",\"url\":\"https:\\\/\\\/iwell-guard.com\\\/wp-content\\\/uploads\\\/2026\\\/05\\\/Ittermann-Logo-1182x237-1.png\",\"contentUrl\":\"https:\\\/\\\/iwell-guard.com\\\/wp-content\\\/uploads\\\/2026\\\/05\\\/Ittermann-Logo-1182x237-1.png\",\"width\":1182,\"height\":237,\"caption\":\"Ittermann electronic GmbH\"},\"image\":{\"@id\":\"https:\\\/\\\/iwell-guard.com\\\/sv\\\/#\\\/schema\\\/logo\\\/image\\\/\"},\"sameAs\":[\"https:\\\/\\\/pantip.com\\\/profile\\\/9367242\",\"https:\\\/\\\/micro.blog\\\/iwellguard\",\"https:\\\/\\\/www.diggerslist.com\\\/iwellguard\\\/about\",\"https:\\\/\\\/skitterphoto.com\\\/photographers\\\/2870314\\\/iwell-guard\",\"https:\\\/\\\/iwellguard.wordpress.com\\\/2026\\\/06\\\/06\\\/iwell-guard\\\/\",\"https:\\\/\\\/hub.docker.com\\\/u\\\/iwellguard\",\"https:\\\/\\\/www.pinterest.com\\\/iwellguard\\\/\",\"https:\\\/\\\/bit.ly\\\/m\\\/iwellguard\",\"https:\\\/\\\/entre-vos-mains.alsace.eu\\\/profiles\\\/iwellguard\\\/activity\",\"https:\\\/\\\/gravatar.com\\\/reallybeded8fd34\",\"https:\\\/\\\/naijamatta.com\\\/iwellguard\",\"https:\\\/\\\/www.goodreads.com\\\/iwellguard\",\"https:\\\/\\\/profile.hatena.ne.jp\\\/iwellguard\\\/\",\"https:\\\/\\\/experiment.com\\\/users\\\/iwellguard\",\"https:\\\/\\\/wakelet.com\\\/@iWellGuard82270\",\"https:\\\/\\\/www.chordie.com\\\/forum\\\/profile.php?id=2555664\",\"https:\\\/\\\/www.instapaper.com\\\/p\\\/17757966\",\"https:\\\/\\\/www.mapleprimes.com\\\/users\\\/iwellguard\",\"https:\\\/\\\/businesslistingplus.com\\\/profile\\\/iwell-guard\\\/\",\"https:\\\/\\\/telegra.ph\\\/iWell-Guard-06-06\",\"https:\\\/\\\/pbase.com\\\/iwellguard\\\/iwellguard\",\"https:\\\/\\\/b.hatena.ne.jp\\\/iwellguard\\\/20260607#bookmark-4788405196491818882\",\"https:\\\/\\\/fliphtml5.com\\\/home\\\/iwellguard\",\"https:\\\/\\\/anyflip.com\\\/homepage\\\/cmiwl#About\",\"https:\\\/\\\/transfur.com\\\/Users\\\/iwellguard\",\"http:\\\/\\\/delphi.larsbo.org\\\/user\\\/iwellguard\",\"https:\\\/\\\/jobs.lajobsportal.org\\\/profiles\\\/8380803-iwell-guard\",\"https:\\\/\\\/md.chaosdorf.de\\\/s\\\/jfbe5SBdJD\",\"https:\\\/\\\/www.lingvolive.com\\\/en-us\\\/profile\\\/9ecaeaca-ce11-4e51-9e71-01d55e2bff36\\\/translations\",\"https:\\\/\\\/www.fitday.com\\\/fitness\\\/forums\\\/members\\\/iwellguard.html\",\"https:\\\/\\\/www.mymeetbook.com\\\/iwellguard\",\"https:\\\/\\\/pxhere.com\\\/en\\\/photographer-me\\\/5040798\",\"https:\\\/\\\/disqus.com\\\/by\\\/iwellguard\\\/about\\\/\",\"https:\\\/\\\/pastelink.net\\\/hjwciqwq\",\"https:\\\/\\\/pubhtml5.com\\\/homepage\\\/scjhn\\\/\",\"https:\\\/\\\/www.bitchute.com\\\/channel\\\/2O2eOKzNqujT\",\"https:\\\/\\\/audiomack.com\\\/iwellguard\"]}]}<\/script>\n<!-- \/ Yoast SEO Premium plugin. -->","yoast_head_json":{"title":"Tyr \u2013 germansk krigsgud och edens v\u00e4ktare | iWell Guard","description":"Tyr \u00e4r den germanska guden f\u00f6r krig och edsordning, enh\u00e4nt enligt Fenrismyten. Tiwaz-runan och veckodagen tisdag.","robots":{"index":"index","follow":"follow","max-snippet":"max-snippet:-1","max-image-preview":"max-image-preview:large","max-video-preview":"max-video-preview:-1"},"canonical":"https:\/\/iwell-guard.com\/sv\/tyr\/","og_locale":"sv_SE","og_type":"article","og_title":"Tyr","og_description":"Tyr \u00e4r den germanska guden f\u00f6r krig och edsordning, enh\u00e4nt enligt Fenrismyten. Tiwaz-runan och veckodagen tisdag.","og_url":"https:\/\/iwell-guard.com\/sv\/tyr\/","og_site_name":"iWell Guard","article_modified_time":"2026-09-03T01:16:47+00:00","og_image":[{"width":1024,"height":1536,"url":"https:\/\/iwell-guard.com\/wp-content\/uploads\/2026\/05\/goetter_germanisch_tyr-1.webp","type":"image\/webp"}],"twitter_card":"summary_large_image","schema":{"@context":"https:\/\/schema.org","@graph":[{"@type":"WebPage","@id":"https:\/\/iwell-guard.com\/sv\/tyr\/","url":"https:\/\/iwell-guard.com\/sv\/tyr\/","name":"Tyr \u2013 germansk krigsgud och edens v\u00e4ktare | iWell Guard","isPartOf":{"@id":"https:\/\/iwell-guard.com\/sv\/#website"},"primaryImageOfPage":{"@id":"https:\/\/iwell-guard.com\/sv\/tyr\/#primaryimage"},"image":{"@id":"https:\/\/iwell-guard.com\/sv\/tyr\/#primaryimage"},"thumbnailUrl":"https:\/\/iwell-guard.com\/wp-content\/uploads\/2026\/05\/goetter_germanisch_tyr-1.webp","datePublished":"2026-09-03T00:11:33+00:00","dateModified":"2026-09-03T01:16:47+00:00","description":"Tyr \u00e4r den germanska guden f\u00f6r krig och edsordning, enh\u00e4nt enligt Fenrismyten. Tiwaz-runan och veckodagen tisdag.","breadcrumb":{"@id":"https:\/\/iwell-guard.com\/sv\/tyr\/#breadcrumb"},"inLanguage":"sv-SE","potentialAction":[{"@type":"ReadAction","target":["https:\/\/iwell-guard.com\/sv\/tyr\/"]}]},{"@type":"ImageObject","inLanguage":"sv-SE","@id":"https:\/\/iwell-guard.com\/sv\/tyr\/#primaryimage","url":"https:\/\/iwell-guard.com\/wp-content\/uploads\/2026\/05\/goetter_germanisch_tyr-1.webp","contentUrl":"https:\/\/iwell-guard.com\/wp-content\/uploads\/2026\/05\/goetter_germanisch_tyr-1.webp","width":1024,"height":1536,"caption":"Gudar fr\u00e5n den germanska traditionen."},{"@type":"BreadcrumbList","@id":"https:\/\/iwell-guard.com\/sv\/tyr\/#breadcrumb","itemListElement":[{"@type":"ListItem","position":1,"name":"Start","item":"https:\/\/iwell-guard.com\/sv\/?page_id=136483"},{"@type":"ListItem","position":2,"name":"Tyr"}]},{"@type":"WebSite","@id":"https:\/\/iwell-guard.com\/sv\/#website","url":"https:\/\/iwell-guard.com\/sv\/","name":"iWell Guard","description":"Schutz vor dunklen Einfl\u00fcssen","publisher":{"@id":"https:\/\/iwell-guard.com\/sv\/#organization"},"potentialAction":[{"@type":"SearchAction","target":{"@type":"EntryPoint","urlTemplate":"https:\/\/iwell-guard.com\/sv\/?s={search_term_string}"},"query-input":{"@type":"PropertyValueSpecification","valueRequired":true,"valueName":"search_term_string"}}],"inLanguage":"sv-SE"},{"@type":"Organization","@id":"https:\/\/iwell-guard.com\/sv\/#organization","name":"Ittermann electronic GmbH","url":"https:\/\/iwell-guard.com\/sv\/","logo":{"@type":"ImageObject","inLanguage":"sv-SE","@id":"https:\/\/iwell-guard.com\/sv\/#\/schema\/logo\/image\/","url":"https:\/\/iwell-guard.com\/wp-content\/uploads\/2026\/05\/Ittermann-Logo-1182x237-1.png","contentUrl":"https:\/\/iwell-guard.com\/wp-content\/uploads\/2026\/05\/Ittermann-Logo-1182x237-1.png","width":1182,"height":237,"caption":"Ittermann electronic GmbH"},"image":{"@id":"https:\/\/iwell-guard.com\/sv\/#\/schema\/logo\/image\/"},"sameAs":["https:\/\/pantip.com\/profile\/9367242","https:\/\/micro.blog\/iwellguard","https:\/\/www.diggerslist.com\/iwellguard\/about","https:\/\/skitterphoto.com\/photographers\/2870314\/iwell-guard","https:\/\/iwellguard.wordpress.com\/2026\/06\/06\/iwell-guard\/","https:\/\/hub.docker.com\/u\/iwellguard","https:\/\/www.pinterest.com\/iwellguard\/","https:\/\/bit.ly\/m\/iwellguard","https:\/\/entre-vos-mains.alsace.eu\/profiles\/iwellguard\/activity","https:\/\/gravatar.com\/reallybeded8fd34","https:\/\/naijamatta.com\/iwellguard","https:\/\/www.goodreads.com\/iwellguard","https:\/\/profile.hatena.ne.jp\/iwellguard\/","https:\/\/experiment.com\/users\/iwellguard","https:\/\/wakelet.com\/@iWellGuard82270","https:\/\/www.chordie.com\/forum\/profile.php?id=2555664","https:\/\/www.instapaper.com\/p\/17757966","https:\/\/www.mapleprimes.com\/users\/iwellguard","https:\/\/businesslistingplus.com\/profile\/iwell-guard\/","https:\/\/telegra.ph\/iWell-Guard-06-06","https:\/\/pbase.com\/iwellguard\/iwellguard","https:\/\/b.hatena.ne.jp\/iwellguard\/20260607#bookmark-4788405196491818882","https:\/\/fliphtml5.com\/home\/iwellguard","https:\/\/anyflip.com\/homepage\/cmiwl#About","https:\/\/transfur.com\/Users\/iwellguard","http:\/\/delphi.larsbo.org\/user\/iwellguard","https:\/\/jobs.lajobsportal.org\/profiles\/8380803-iwell-guard","https:\/\/md.chaosdorf.de\/s\/jfbe5SBdJD","https:\/\/www.lingvolive.com\/en-us\/profile\/9ecaeaca-ce11-4e51-9e71-01d55e2bff36\/translations","https:\/\/www.fitday.com\/fitness\/forums\/members\/iwellguard.html","https:\/\/www.mymeetbook.com\/iwellguard","https:\/\/pxhere.com\/en\/photographer-me\/5040798","https:\/\/disqus.com\/by\/iwellguard\/about\/","https:\/\/pastelink.net\/hjwciqwq","https:\/\/pubhtml5.com\/homepage\/scjhn\/","https:\/\/www.bitchute.com\/channel\/2O2eOKzNqujT","https:\/\/audiomack.com\/iwellguard"]}]}},"_links":{"self":[{"href":"https:\/\/iwell-guard.com\/sv\/wp-json\/wp\/v2\/pages\/136961","targetHints":{"allow":["GET"]}}],"collection":[{"href":"https:\/\/iwell-guard.com\/sv\/wp-json\/wp\/v2\/pages"}],"about":[{"href":"https:\/\/iwell-guard.com\/sv\/wp-json\/wp\/v2\/types\/page"}],"author":[{"embeddable":true,"href":"https:\/\/iwell-guard.com\/sv\/wp-json\/wp\/v2\/users\/3"}],"replies":[{"embeddable":true,"href":"https:\/\/iwell-guard.com\/sv\/wp-json\/wp\/v2\/comments?post=136961"}],"version-history":[{"count":0,"href":"https:\/\/iwell-guard.com\/sv\/wp-json\/wp\/v2\/pages\/136961\/revisions"}],"wp:featuredmedia":[{"embeddable":true,"href":"https:\/\/iwell-guard.com\/sv\/wp-json\/wp\/v2\/media\/3224"}],"wp:attachment":[{"href":"https:\/\/iwell-guard.com\/sv\/wp-json\/wp\/v2\/media?parent=136961"}],"wp:term":[{"taxonomy":"category","embeddable":true,"href":"https:\/\/iwell-guard.com\/sv\/wp-json\/wp\/v2\/categories?post=136961"}],"curies":[{"name":"wp","href":"https:\/\/api.w.org\/{rel}","templated":true}]}}