{"id":136952,"date":"2026-09-03T00:11:29","date_gmt":"2026-09-03T00:11:29","guid":{"rendered":"https:\/\/iwell-guard.com\/?page_id=136952"},"modified":"2026-09-03T01:16:33","modified_gmt":"2026-09-03T01:16:33","slug":"hefaistos","status":"publish","type":"page","link":"https:\/\/iwell-guard.com\/sv\/hefaistos\/","title":{"rendered":"Hefaistos"},"content":{"rendered":"\t\t<div data-elementor-type=\"wp-page\" data-elementor-id=\"136952\" class=\"elementor elementor-136952 elementor-2978 elementor-bc-flex-widget\" data-elementor-post-type=\"page\">\n\t\t\t\t<div class=\"elementor-element elementor-element-6bd68ab e-flex e-con-boxed e-con e-parent\" data-id=\"6bd68ab\" data-element_type=\"container\" data-e-type=\"container\" data-settings=\"{&quot;background_background&quot;:&quot;classic&quot;}\">\n\t\t\t\t\t<div class=\"e-con-inner\">\n\t\t<div class=\"elementor-element elementor-element-322df7c e-flex e-con-boxed e-con e-child\" data-id=\"322df7c\" data-element_type=\"container\" data-e-type=\"container\">\n\t\t\t\t\t<div class=\"e-con-inner\">\n\t\t<div class=\"elementor-element elementor-element-5a8b23c e-con-full e-flex e-con e-child\" data-id=\"5a8b23c\" data-element_type=\"container\" data-e-type=\"container\">\n\t\t\t\t<div class=\"elementor-element elementor-element-5f442e2 elementor-widget elementor-widget-heading\" data-id=\"5f442e2\" data-element_type=\"widget\" data-e-type=\"widget\" data-widget_type=\"heading.default\">\n\t\t\t\t\t<h1 class=\"elementor-heading-title elementor-size-default\">Hefaistos, grekisk smidesgud<\/h1>\t\t\t\t<\/div>\n\t\t\t\t<div class=\"elementor-element elementor-element-60eebce elementor-widget elementor-widget-text-editor\" data-id=\"60eebce\" data-element_type=\"widget\" data-e-type=\"widget\" data-widget_type=\"text-editor.default\">\n\t\t\t\t\t\t\t\t\t<p>Hefaistos \u00e4r en grekisk smidesgud och m\u00e4staren \u00f6ver den konstfulla elden, till vilken de olympiska gudarnas mest konstfulla verk tillskrivs. I den grekiska <span class=\"iwg-fachbegriff\" data-tooltip=\"Samlingen av gudar inom en religion eller kultur.\" tabindex=\"0\">panteon<\/span> \u00e4r Hefaistos guden f\u00f6r smideskonsten, elden och det hantverksm\u00e4ssiga uppfinnandet.<\/p><p>Till skillnad fr\u00e5n Athena Ergane, som skyddar hantverkets andliga och planerande sida, representerar Hefaistos den praktiska bem\u00e4stringen av materialet: beh\u00e4rskningen av elden samt sm\u00e4ltning, smide, hamring och gjutning av metall.<\/p><p>Hos Homeros b\u00e4r han <span class=\"iwg-fachbegriff\" data-tooltip=\"Ett fast tillnamn som k\u00e4nnetecknar en gudom eller gestalt.\" tabindex=\"0\">epitetet<\/span> \u00abamphigyeeis\u00bb, \u00abmed haltande f\u00f6tter\u00bb, och \u00abkyllopodion\u00bb, \u00abhaltfotad\u00bb. Hans funktionsneds\u00e4ttning tillh\u00f6r hans \u00e4ldsta profil och saknar all moralisk eller negativ inneb\u00f6rd; tv\u00e4rtom markerar den honom som en enast\u00e5ende konstn\u00e4r vars verk kompenserar f\u00f6r det som hans kropp saknar i r\u00f6rlighet.<\/p><p>Hans <span class=\"iwg-fachbegriff\" data-tooltip=\"Samlingen av religi\u00f6sa v\u00f6rdnadshandlingar f\u00f6r en gudom eller helig gestalt.\" tabindex=\"0\">kult<\/span> \u00e4r utpr\u00e4glad p\u00e5 de vulkaniska \u00f6arna Lemnos och Sicilien, i Aten och i de hellenistiska verkstadscentra.<\/p>\t\t\t\t\t\t\t\t<\/div>\n\t\t\t\t<\/div>\n\t\t<div class=\"elementor-element elementor-element-294bf3d e-con-full e-flex e-con e-parent\" data-id=\"294bf3d\" data-element_type=\"container\" data-e-type=\"container\">\n\t\t\t\t<div class=\"elementor-element elementor-element-5d04c11 elementor-widget elementor-widget-html\" data-id=\"5d04c11\" data-element_type=\"widget\" data-e-type=\"widget\" data-widget_type=\"html.default\">\n\t\t\t\t\t<div class=\"iwg-pill-row\"><span class=\"iwg-klasse-badge\" tabindex=\"0\" data-tooltip=\"Gud \/ Gudinna: Personifierad h\u00f6gsta makt i en kulturs pantheon, med tydliga ansvarsomr\u00e5den \u2014 naturkrafter, \u00f6de, krig, fruktbarhet. Dyrkas genom kulter, offer och tempelinstitutioner.\">Gud<\/span><a href=\"https:\/\/iwell-guard.com\/sv\/grekland\/\" class=\"iwg-kultur-badge\" tabindex=\"0\" data-tooltip=\"Antika Greklands religion och mytologi fr\u00e5n den mykenska tiden till senantiken.\">Grekland<\/a><\/div>\t\t\t\t<\/div>\n\t\t\t\t<\/div>\n\t\t<div class=\"elementor-element elementor-element-4ba00c6 e-con-full e-flex e-con e-child\" data-id=\"4ba00c6\" data-element_type=\"container\" data-e-type=\"container\">\n\t\t\t\t<div class=\"elementor-element elementor-element-32fe886 elementor-toc--minimized-on-tablet elementor-widget elementor-widget-table-of-contents\" data-id=\"32fe886\" data-element_type=\"widget\" data-e-type=\"widget\" data-settings=\"{&quot;exclude_headings_by_selector&quot;:[],&quot;no_headings_message&quot;:&quot;Inga rubriker hittades p\\u00e5 den h\\u00e4r sidan.&quot;,&quot;headings_by_tags&quot;:[&quot;h2&quot;,&quot;h3&quot;],&quot;marker_view&quot;:&quot;bullets&quot;,&quot;icon&quot;:{&quot;value&quot;:&quot;fas fa-circle&quot;,&quot;library&quot;:&quot;fa-solid&quot;,&quot;rendered_tag&quot;:&quot;&lt;svg class=\\&quot;e-font-icon-svg e-fas-circle\\&quot; viewBox=\\&quot;0 0 512 512\\&quot; xmlns=\\&quot;http:\\\/\\\/www.w3.org\\\/2000\\\/svg\\&quot;&gt;&lt;path d=\\&quot;M256 8C119 8 8 119 8 256s111 248 248 248 248-111 248-248S393 8 256 8z\\&quot;&gt;&lt;\\\/path&gt;&lt;\\\/svg&gt;&quot;},&quot;minimize_box&quot;:&quot;yes&quot;,&quot;minimized_on&quot;:&quot;tablet&quot;,&quot;hierarchical_view&quot;:&quot;yes&quot;,&quot;min_height&quot;:{&quot;unit&quot;:&quot;px&quot;,&quot;size&quot;:&quot;&quot;,&quot;sizes&quot;:[]},&quot;min_height_tablet&quot;:{&quot;unit&quot;:&quot;px&quot;,&quot;size&quot;:&quot;&quot;,&quot;sizes&quot;:[]},&quot;min_height_mobile&quot;:{&quot;unit&quot;:&quot;px&quot;,&quot;size&quot;:&quot;&quot;,&quot;sizes&quot;:[]}}\" data-widget_type=\"table-of-contents.default\">\n\t\t\t\t\t\t\t\t\t<div class=\"elementor-toc__header\">\n\t\t\t\t\t\t<h2 class=\"elementor-toc__header-title\">\n\t\t\t\tInneh\u00e5llsf\u00f6rteckning\t\t\t<\/h2>\n\t\t\t\t\t\t\t\t\t\t<div class=\"elementor-toc__toggle-button elementor-toc__toggle-button--expand\" role=\"button\" tabindex=\"0\" aria-controls=\"elementor-toc__32fe886\" aria-expanded=\"true\" aria-label=\"\u00d6ppna inneh\u00e5llsf\u00f6rteckning\"><svg aria-hidden=\"true\" class=\"e-font-icon-svg e-fas-chevron-down\" viewBox=\"0 0 448 512\" xmlns=\"http:\/\/www.w3.org\/2000\/svg\"><path d=\"M207.029 381.476L12.686 187.132c-9.373-9.373-9.373-24.569 0-33.941l22.667-22.667c9.357-9.357 24.522-9.375 33.901-.04L224 284.505l154.745-154.021c9.379-9.335 24.544-9.317 33.901.04l22.667 22.667c9.373 9.373 9.373 24.569 0 33.941L240.971 381.476c-9.373 9.372-24.569 9.372-33.942 0z\"><\/path><\/svg><\/div>\n\t\t\t\t<div class=\"elementor-toc__toggle-button elementor-toc__toggle-button--collapse\" role=\"button\" tabindex=\"0\" aria-controls=\"elementor-toc__32fe886\" aria-expanded=\"true\" aria-label=\"St\u00e4ng inneh\u00e5llsf\u00f6rteckning\"><svg aria-hidden=\"true\" class=\"e-font-icon-svg e-fas-chevron-up\" viewBox=\"0 0 448 512\" xmlns=\"http:\/\/www.w3.org\/2000\/svg\"><path d=\"M240.971 130.524l194.343 194.343c9.373 9.373 9.373 24.569 0 33.941l-22.667 22.667c-9.357 9.357-24.522 9.375-33.901.04L224 227.495 69.255 381.516c-9.379 9.335-24.544 9.317-33.901-.04l-22.667-22.667c-9.373-9.373-9.373-24.569 0-33.941L207.03 130.525c9.372-9.373 24.568-9.373 33.941-.001z\"><\/path><\/svg><\/div>\n\t\t\t\t\t<\/div>\n\t\t\t\t<div id=\"elementor-toc__32fe886\" class=\"elementor-toc__body\">\n\t\t\t<div class=\"elementor-toc__spinner-container\">\n\t\t\t\t<svg class=\"elementor-toc__spinner eicon-animation-spin e-font-icon-svg e-eicon-loading\" aria-hidden=\"true\" viewBox=\"0 0 1000 1000\" xmlns=\"http:\/\/www.w3.org\/2000\/svg\"><path d=\"M500 975V858C696 858 858 696 858 500S696 142 500 142 142 304 142 500H25C25 237 238 25 500 25S975 237 975 500 763 975 500 975Z\"><\/path><\/svg>\t\t\t<\/div>\n\t\t<\/div>\n\t\t\t\t\t\t<\/div>\n\t\t\t\t<\/div>\n\t\t\t\t\t<\/div>\n\t\t\t\t<\/div>\n\t\t<div class=\"elementor-element elementor-element-a93e4c5 e-con-full e-flex e-con e-child\" data-id=\"a93e4c5\" data-element_type=\"container\" data-e-type=\"container\">\n\t\t\t\t<div class=\"elementor-element elementor-element-3035918 iwg-hero-image elementor-widget elementor-widget-image\" data-id=\"3035918\" data-element_type=\"widget\" data-e-type=\"widget\" data-widget_type=\"image.default\">\n\t\t\t\t\t\t\t\t\t\t\t\t\t\t\t<img fetchpriority=\"high\" decoding=\"async\" width=\"683\" height=\"1024\" src=\"https:\/\/iwell-guard.com\/wp-content\/uploads\/2026\/05\/goetter_griechenland_hephaistos-683x1024.webp\" class=\"attachment-large size-large wp-image-136041\" alt=\"Hefaistos \u2013 gudar fr\u00e5n den grekiska traditionen, historisk-illustrativt\" srcset=\"https:\/\/iwell-guard.com\/wp-content\/uploads\/2026\/05\/goetter_griechenland_hephaistos-683x1024.webp 683w, https:\/\/iwell-guard.com\/wp-content\/uploads\/2026\/05\/goetter_griechenland_hephaistos-200x300.webp 200w, https:\/\/iwell-guard.com\/wp-content\/uploads\/2026\/05\/goetter_griechenland_hephaistos-768x1152.webp 768w, https:\/\/iwell-guard.com\/wp-content\/uploads\/2026\/05\/goetter_griechenland_hephaistos.webp 1024w\" sizes=\"(max-width: 683px) 100vw, 683px\" \/>\t\t\t\t\t\t\t\t\t\t\t\t\t\t\t<\/div>\n\t\t\t\t<\/div>\n\t\t\t\t\t<\/div>\n\t\t\t\t<\/div>\n\t\t<div class=\"elementor-element elementor-element-5a84155 e-con-boxed e-flex e-con e-parent\" data-id=\"5a84155\" data-element_type=\"container\" data-e-type=\"container\">\n\t\t\t\t\t<div class=\"e-con-inner\">\n\t\t<div class=\"elementor-element elementor-element-9b5bf46 e-con-full e-flex e-con e-child\" data-id=\"9b5bf46\" data-element_type=\"container\" data-e-type=\"container\">\n\t\t\t\t<div class=\"elementor-element elementor-element-53e34cc elementor-widget elementor-widget-heading\" data-id=\"53e34cc\" data-element_type=\"widget\" data-e-type=\"widget\" data-widget_type=\"heading.default\">\n\t\t\t\t\t<h2 class=\"elementor-heading-title elementor-size-default\">Myt och sl\u00e4kttr\u00e4d<\/h2>\t\t\t\t<\/div>\n\t\t\t\t<div class=\"elementor-element elementor-element-f0eeb5a elementor-widget elementor-widget-text-editor\" data-id=\"f0eeb5a\" data-element_type=\"widget\" data-e-type=\"widget\" data-widget_type=\"text-editor.default\">\n\t\t\t\t\t\t\t\t\t<p>Om Hefaistos ursprung finns det tv\u00e5 konkurrerande traditioner. Hos Hesiodos (Theogonie 927 till 929) f\u00f6ds han av Hera ensam, som ett trotsigt svar p\u00e5 den partenogenetiska f\u00f6delsen av Athena ur Zeus&#8217; huvud. Denna version g\u00f6r honom till en ren Hera-son utan del av gudafadern.<\/p><p>En andra tradition hos Homeros (Ilias I, 578 och XIV, 338) kallar honom son till b\u00e5da, Zeus och Hera. Den hesiodiska versionen \u00e4r den religionshistoriskt \u00e4ldre och b\u00e4ttre belagda; den st\u00e4mmer med Hefaistos funktion som en sj\u00e4lvst\u00e4ndig smidesgestalt, vars f\u00f6rh\u00e5llande till de olympiska kungarna f\u00f6rblir distanserat.<\/p>\n<p>Funktionsneds\u00e4ttningen f\u00f6rklaras i tv\u00e5 fallber\u00e4ttelser. Den f\u00f6rsta, hos Homeros (Ilias I, 590 till 594), ber\u00e4ttar hur Zeus kastade honom fr\u00e5n Olympen d\u00e4rf\u00f6r att Hefaistos ingrep p\u00e5 Heras sida i en f\u00f6r\u00e4ldratvist; han f\u00f6ll en hel dag tills han slog ner p\u00e5 Lemnos, sv\u00e5rt skadad, och togs om hand av sintierna.<\/p><p>Den andra versionen, hos Homeros (Ilias XVIII, 395 till 405), v\u00e4nder p\u00e5 ordningen: Hera sj\u00e4lv kastar sin nyf\u00f6dda son fr\u00e5n Olympen eftersom han kommit till v\u00e4rlden haltfotad; Thetis och Eurynome f\u00e5ngar upp honom och g\u00f6mmer honom i nio \u00e5r i en grotta vid Okeanos, d\u00e4r han l\u00e4r sig sitt smidesyrke.<\/p>\n<p>Hefaistos&#8217; maka \u00e4r hos Homeros (Odyssee VIII, 266 till 366) Afrodite, hos Hesiodos och i den yngre traditionen Aglaia, den yngsta av Chariterna. Med Athena avlar han i den attiska lokaltraditionen den autoktona kungen Erichthonios, utan att det kommer till en regelr\u00e4tt f\u00f6rening.<\/p><p>Faderskapet till Erichthonios \u00e4r betydelsefullt s\u00e5 till vida att det skriver in Hefaistos i Atens grundl\u00e4ggningsber\u00e4ttelse och g\u00f6r honom till den egentliga upphovsmannen till den atenska kungasl\u00e4kten, vid sidan av Athena som fostermor.<\/p>\n<p>I den senare traditionen tillkommer fler barn: den argiviska kabiren Kabeiros, till vilken de underjordiska mysterierna p\u00e5 Lemnos och Samothrake \u00e4r knutna, samt de skrikande onda Kabeiroi-s\u00f6nerna enligt Strabon. Genom dessa f\u00f6rbindelser blir Hefaistos en central gestalt i det \u00e4ldsta mysteriereligi\u00f6sa skiktet av den grekiska religionen, l\u00e5ngt bortom sin olympiska funktion.<\/p>\t\t\t\t\t\t\t\t<\/div>\n\t\t\t\t<\/div>\n\t\t<div class=\"elementor-element elementor-element-6b2f2eb e-con-full e-flex e-con e-child\" data-id=\"6b2f2eb\" data-element_type=\"container\" data-e-type=\"container\">\n\t\t\t\t<div class=\"elementor-element elementor-element-fd6f7bf elementor-widget elementor-widget-heading\" data-id=\"fd6f7bf\" data-element_type=\"widget\" data-e-type=\"widget\" data-widget_type=\"heading.default\">\n\t\t\t\t\t<h2 class=\"elementor-heading-title elementor-size-default\">Symboler, ikonografi och attribut<\/h2>\t\t\t\t<\/div>\n\t\t\t\t<div class=\"elementor-element elementor-element-1812d33 elementor-widget elementor-widget-text-editor\" data-id=\"1812d33\" data-element_type=\"widget\" data-e-type=\"widget\" data-widget_type=\"text-editor.default\">\n\t\t\t\t\t\t\t\t\t<p>Hefaistos avbildas typiskt med hammare, t\u00e5ng och smidesb\u00e4lg, ibland sittande p\u00e5 en pall, eftersom hans funktionsneds\u00e4ttning g\u00f6r det sv\u00e5rt att st\u00e5 l\u00e4nge. Han b\u00e4r en konformad filthatt, \u00abpilos\u00bb, en karakteristisk huvudbonad f\u00f6r hantverkare som skiljer honom fr\u00e5n de barhuvade olympierna.<\/p><p>Hans chiton \u00e4r kort, ofta t\u00e4ckande bara en axel (exomis), som arbetarna bar den. I den attiska vasm\u00e5lningen fr\u00e5n det sj\u00e4tte och femte \u00e5rhundradet framtr\u00e4der han ofta i s\u00e4llskap med satyrer, m\u00e4nader och Dionysos, tillsammans med vilken hans \u00e5terkomst till Olympen avbildas.<\/p>\n<p>Hans verkstadsplats anses traditionellt vara underjordisk, inne i vulkanerna Lemnos, Hiera (Hefaistia, i dag Vulcano) och Etna.<\/p><p>I den homeriska verkstaden \u00e4r hj\u00e4lparna inga d\u00f6dliga utan automatiska maskiner: gyllene tj\u00e4nsteflickor som t\u00e4nker, talar och arbetar som levande varelser (Ilias XVIII, 417 till 420), samt eldiga trefotsst\u00e4ll p\u00e5 hjul som sj\u00e4lvmant rullar till gudarnas f\u00f6rsamlingssal. Denna tidiga vision av teknisk sj\u00e4lvverksamhet \u00e4r ett av de \u00e4ldsta bel\u00e4ggen f\u00f6r mytisk robotik i den europeiska litteraturen.<\/p>\n<p>Bland Hefaistos&#8217; mest ber\u00f6mda verk finns Akilles nya sk\u00f6ld (Ilias XVIII, 478 till 608), i vars bildprogram Hefaistos skildrar hela v\u00e4rlden, fr\u00e5n staden i fred till staden i krig, fr\u00e5n sk\u00f6rdefesten till br\u00f6llopet; de obrytbara bojorna med vilka Prometheus smids fast vid Kaukasus (Aischylos, Gefesselter Prometheus 1 till 87); Helios solvagn; Zeus och Athenas aigis; Harmonias smyckessp\u00e4nne, som bringar olycka \u00f6ver hennes \u00e4tt; samt bronsj\u00e4tten Talos, som vaktar \u00f6n Kreta (Apollonios Rhodios IV, 1638 till 1693).<\/p>\n<p>Den skulpturala avbildningen av Hefaistos under den klassiska tiden \u00e4r mer s\u00e4llsynt \u00e4n f\u00f6r andra olympier, eftersom hans hantverksm\u00e4ssiga anspr\u00e5ksl\u00f6shet tycktes st\u00e5 i mots\u00e4ttning till den monumentala sakralarkitekturen. Ett undantag utg\u00f6r Athena-Hefaistos-gruppen, som Alkamenes skapade f\u00f6r Hefaisteion p\u00e5 den atenska Agora; den kan i dag bara rekonstrueras utifr\u00e5n beskrivningar.<\/p>\t\t\t\t\t\t\t\t<\/div>\n\t\t\t\t<\/div>\n\t\t<div class=\"elementor-element elementor-element-7db3a61 e-con-full e-flex e-con e-child\" data-id=\"7db3a61\" data-element_type=\"container\" data-e-type=\"container\">\n\t\t\t\t<div class=\"elementor-element elementor-element-1c800a5 elementor-widget elementor-widget-heading\" data-id=\"1c800a5\" data-element_type=\"widget\" data-e-type=\"widget\" data-widget_type=\"heading.default\">\n\t\t\t\t\t<h2 class=\"elementor-heading-title elementor-size-default\">Kult och v\u00f6rdnad<\/h2>\t\t\t\t<\/div>\n\t\t\t\t<div class=\"elementor-element elementor-element-dafffc4 elementor-widget elementor-widget-text-editor\" data-id=\"dafffc4\" data-element_type=\"widget\" data-e-type=\"widget\" data-widget_type=\"text-editor.default\">\n\t\t\t\t\t\t\t\t\t<p>I Aten hade Hefaistos en central funktion som skyddsgud f\u00f6r hantverkarna. Chalkeia, som firades p\u00e5 den sista dagen i m\u00e5naden Pyanopsion (oktober\/november), var den gemensamma festen f\u00f6r Hefaistos och Athena Ergane. Denna dag b\u00f6rjade v\u00e4verskorna p\u00e5 Akropolis med den nya peplosen till Panathenaia.<\/p><p>En festprocession av hantverkare gick fr\u00e5n Hephaisteion p\u00e5 Agora till Akropolis. Pausanias (I, 14, 6) ber\u00e4ttar att det vid templets fot stod ett heligt olivtr\u00e4d, som sades ha v\u00e4xt fram ur Erichthonios stav.<\/p>\n<p>En egen Hefaistos-fest var Apaturierna f\u00f6r Atens fratrier, d\u00e4r varje borgarson p\u00e5 familjefestens tredje dag (Koureotis) sk\u00e4nkte Hefaistos en fackla vid <span class=\"iwg-fachbegriff\" data-tooltip=\"Rituell \u00f6verg\u00e5ng genom vilken n\u00e5gon upptas i en ny status eller gemenskap.\" tabindex=\"0\">initiationen<\/span>.<\/p><p>Hephaisteia-facklloppet (fackell\u00f6pning fr\u00e5n Akademin till staden) var en av de \u00e4ldsta idrottst\u00e4vlingarna i Aten och f\u00f6rknippades s\u00e4rskilt med Hefaistos. Segrarna fick lerlampor med bilden av smedjeguden.<\/p>\n<p>Lemnos var den \u00e4ldsta och starkast utpr\u00e4glade Hefaistos-<span class=\"iwg-fachbegriff\" data-tooltip=\"Summan av de religi\u00f6sa v\u00f6rdnadshandlingar som \u00e4gnas en gudom eller en helig gestalt.\" tabindex=\"0\">kulten<\/span>. P\u00e5 den vulkaniska \u00f6n ans\u00e5gs fumarolerna vid berget Moschylos vara ett synligt tecken p\u00e5 hans verkstad.<\/p><p>En g\u00e5ng om \u00e5ret sl\u00e4cktes alla eldar p\u00e5 \u00f6n och h\u00f6lls i en rituell renhetsperiod i nio dagar. D\u00e4refter f\u00f6rde ett skepp nytt, rent eld fr\u00e5n <span class=\"iwg-fachbegriff\" data-tooltip=\"En helig plats till\u00e4gnad v\u00f6rdnaden av en gudom.\" tabindex=\"0\">helgedomen<\/span> p\u00e5 Delos till Lemnos, med vilken h\u00e4rd- och smedjeeldarna \u00e5ter t\u00e4ndes (Filostratos, Heroikos 28, 6).<\/p><p>Denna period kallades \u00abden lemniska handlingen\u00bb, som ett minne av den mytiska kvinnod\u00e5den p\u00e5 Lemnos, d\u00e5 lemniskorna d\u00f6dade sina m\u00e4n, vilket gjorde \u00f6n \u00aboren\u00bb tills Hefaistos skapade f\u00f6rsoning.<\/p>\n<p>P\u00e5 Sicilien var <span class=\"iwg-fachbegriff\" data-tooltip=\"Summan av de religi\u00f6sa v\u00f6rdnadshandlingar som \u00e4gnas en gudom eller en helig gestalt.\" tabindex=\"0\">kulten<\/span> f\u00f6rbunden med Etna. \u00d6arna norr om Sicilien (Lipari, Vulcano, Stromboli) tolkades under hellenistisk tid som Hefaistos verkst\u00e4der. Pindaros (Pythiska oden I, 17-28) l\u00e5ter guden h\u00e5lla j\u00e4tten Typhon f\u00e5ngen under Etna.<\/p><p>I Olympia f\u00f6rekom Hefaistos bland raden av de tolv altarna f\u00f6r de olympiska gudarna, i Argos delade han ett <span class=\"iwg-fachbegriff\" data-tooltip=\"En byggnad avsedd f\u00f6r v\u00f6rdnaden av en eller flera gudomar.\" tabindex=\"0\">tempel<\/span> med Erinyerna. Genom italiska \u00f6vertaganden f\u00f6rdes <span class=\"iwg-fachbegriff\" data-tooltip=\"Summan av de religi\u00f6sa v\u00f6rdnadshandlingar som \u00e4gnas en gudom eller en helig gestalt.\" tabindex=\"0\">kulten<\/span> under namnet Vulcanus \u00e4ven in i den romerska gudakretsen.<\/p>\t\t\t\t\t\t\t\t<\/div>\n\t\t\t\t<\/div>\n\t\t<div class=\"elementor-element elementor-element-982fabe e-con-full e-flex e-con e-child\" data-id=\"982fabe\" data-element_type=\"container\" data-e-type=\"container\">\n\t\t\t\t<div class=\"elementor-element elementor-element-fe321dc elementor-widget elementor-widget-heading\" data-id=\"fe321dc\" data-element_type=\"widget\" data-e-type=\"widget\" data-widget_type=\"heading.default\">\n\t\t\t\t\t<h2 class=\"elementor-heading-title elementor-size-default\">Viktiga helgedomar och tempel<\/h2>\t\t\t\t<\/div>\n\t\t\t\t<div class=\"elementor-element elementor-element-53f69ee elementor-widget elementor-widget-text-editor\" data-id=\"53f69ee\" data-element_type=\"widget\" data-e-type=\"widget\" data-widget_type=\"text-editor.default\">\n\t\t\t\t\t\t\t\t\t<p>Det mest betydande bevarade <span class=\"iwg-fachbegriff\" data-tooltip=\"En byggnad avsedd f\u00f6r v\u00f6rdnaden av en eller flera gudomar.\" tabindex=\"0\">templet<\/span> f\u00f6r Hefaistos ligger p\u00e5 den nordv\u00e4stra h\u00f6jden av Agora i Aten, Hephaisteion. Byggt mellan 449 och 415 f\u00f6re v\u00e5r tider\u00e4kning \u00e4r det det b\u00e4st bevarade doriska <span class=\"iwg-fachbegriff\" data-tooltip=\"En byggnad avsedd f\u00f6r v\u00f6rdnaden av en eller flera gudomar.\" tabindex=\"0\">templet<\/span> i Grekland. Sin bevarande status har det tack vare omvandlingen till en kyrka till\u00e4gnad den helige Georg under det sjunde \u00e5rhundradet.<\/p><p>Metoperna visar Herakles och Theseus bedrifter. Inuti fanns bronsgruppen med Athena och Hefaistos av Alkamenes. <span class=\"iwg-fachbegriff\" data-tooltip=\"En byggnad avsedd f\u00f6r v\u00f6rdnaden av en eller flera gudomar.\" tabindex=\"0\">Templet<\/span> tj\u00e4nade fram till artonhundratalet som begravningsplats f\u00f6r brittiska resen\u00e4rer, vilket m\u00e5nga gravstenar vittnar om.<\/p>\n<p>P\u00e5 Lemnos l\u00e5g Hefaistos-<span class=\"iwg-fachbegriff\" data-tooltip=\"En helig plats till\u00e4gnad v\u00f6rdnaden av en gudom.\" tabindex=\"0\">helgedomen<\/span> vid Hephaistia, p\u00e5 \u00f6ns nordkust. Arkeologiska unders\u00f6kningar av italienska skolor sedan 1930-talet har dokumenterat <span class=\"iwg-fachbegriff\" data-tooltip=\"En helig plats till\u00e4gnad v\u00f6rdnaden av en gudom.\" tabindex=\"0\">helgedomen<\/span>. Den var samlingsplats f\u00f6r den f\u00f6rgrekiska befolkningen \u00absintierna\u00bb och senare f\u00f6r den grekiska befolkningen. I teatern och i <span class=\"iwg-fachbegriff\" data-tooltip=\"En helig plats till\u00e4gnad v\u00f6rdnaden av en gudom.\" tabindex=\"0\">helgedomen<\/span> Kabirion kan Hefaistos-anknytningar bel\u00e4ggas i talrika inskriptioner.<\/p>\n<p>P\u00e5 de Liparinska \u00f6arna var Hiera, dagens \u00f6 Vulcano, en Hefaistos-plats under <span class=\"iwg-fachbegriff\" data-tooltip=\"Epok av grekisk och romersk kultur, ungef\u00e4r 800 f.Kr. till 600 e.Kr.\" tabindex=\"0\">antiken<\/span>. Den vulkaniska aktiviteten ans\u00e5gs vara en synlig bekr\u00e4ftelse p\u00e5 verkstaden. Strabon (VI, 2, 11) beskriver de regelbundna utbrotten som rytmiska smedjeslag.<\/p><p>I Argos delade Hefaistos en <span class=\"iwg-fachbegriff\" data-tooltip=\"En helig plats till\u00e4gnad v\u00f6rdnaden av en gudom.\" tabindex=\"0\">helgedom<\/span> med Erinyerna, vilken Pausanias (II, 24, 2) beskriver som ett litet stadskultcentrum. P\u00e5 Kreta fanns ett <span class=\"iwg-fachbegriff\" data-tooltip=\"En liten helig f\u00f6rvaringsplats eller andaktsplats.\" tabindex=\"0\">skrin<\/span> i Olus, d\u00e4r Hefaistos v\u00f6rdades som skapare av Talos.<\/p>\t\t\t\t\t\t\t\t<\/div>\n\t\t\t\t<\/div>\n\t\t<div class=\"elementor-element elementor-element-35949e0 e-con-full e-flex e-con e-child\" data-id=\"35949e0\" data-element_type=\"container\" data-e-type=\"container\">\n\t\t\t\t<div class=\"elementor-element elementor-element-6a8b1db elementor-widget elementor-widget-heading\" data-id=\"6a8b1db\" data-element_type=\"widget\" data-e-type=\"widget\" data-widget_type=\"heading.default\">\n\t\t\t\t\t<h2 class=\"elementor-heading-title elementor-size-default\">Mytber\u00e4ttelser<\/h2>\t\t\t\t<\/div>\n\t\t\t\t<div class=\"elementor-element elementor-element-704ab8d elementor-widget elementor-widget-text-editor\" data-id=\"704ab8d\" data-element_type=\"widget\" data-e-type=\"widget\" data-widget_type=\"text-editor.default\">\n\t\t\t\t\t\t\t\t\t<p>Br\u00f6llopsmyten om Afrodite och Hefaistos \u00e4r gudens mest ber\u00f6mda historia. Hos Homeros (Odyss\u00e9en VIII, 266 till 366) ber\u00e4ttar s\u00e5ngaren Demodokos f\u00f6r feakerna: Afrodite, otrogen mot sin haltande make, tr\u00e4ffar Ares i Hefaistos&#8217; sovkammare. Helios, den allseende, avsl\u00f6jar \u00e4ktenskapsbrottet.<\/p><p>Hefaistos smider ett osynligt n\u00e4t av tunnaste bronstr\u00e5dar och l\u00e4gger det \u00f6ver b\u00e4dden. P\u00e5 bar g\u00e4rning f\u00e5ngas \u00e4lskarna; Hefaistos kallar samman de olympiska gudarna, som brister ut i homeriskt skratt. Episoden \u00e4r en av de \u00e4ldsta komedierna i den europeiska litteraturen och behandlar den st\u00e4ndiga sp\u00e4nningen mellan hantverksdygd och aristokratisk sk\u00f6nhet.<\/p>\n<p>Den <span class=\"iwg-fachbegriff\" data-tooltip=\"En traderad ber\u00e4ttelse om gudar, ursprung och v\u00e4rldens ordning.\" tabindex=\"0\">myten<\/span> om den gyllene tronen skildrar en episod mellan Hera och Hefaistos. Hefaistos s\u00e4nder sin mor, som hade kastat honom fr\u00e5n Olympen, en underbar tron som skenbar f\u00f6rsoningsg\u00e5va. Hera s\u00e4tter sig p\u00e5 tronen och h\u00e5lls fast av osynliga bojor. Olymperna kan inte l\u00f6sa verket; endast Hefaistos k\u00e4nner till hemligheten.<\/p><p>F\u00f6rst n\u00e4r Dionysos g\u00f6r smidesguden berusad och f\u00f6r honom till Olympen p\u00e5 en mula g\u00e5r Hefaistos med p\u00e5 att befria sin mor. Denna \u00ab\u00e5terf\u00f6rande\u00bb av Hefaistos till Olympen \u00e4r ett av de vanligaste motiven i den attiska vasm\u00e5lningen mellan 580 och 470 f\u00f6re v\u00e5r tider\u00e4kning.<\/p>\n<p>Vid Athenas f\u00f6delse spelar Hefaistos rollen som barnmorska: han klyver Zeus skalle med ett yxhugg, varp\u00e5 Athena hoppar fram i full rustning (Pindaros, Olympiska oden VII, 35 till 38).<\/p><p>Denna paradoxala konstellation, d\u00e4r den haltande smiden blir f\u00f6rlossare av den jungfruliga gudinnan, betraktas inom den j\u00e4mf\u00f6rande <span class=\"iwg-fachbegriff\" data-tooltip=\"Den samlade traderade gudaber\u00e4ttelsen inom en kultur.\" tabindex=\"0\">mytologin<\/span> som en modell f\u00f6r f\u00f6rmedlingen av form och stoff genom teknisk kunskap.<\/p>\n<p>Fj\u00e4ttringen av Prometheus, skildrad i Aischylos&#8217; \u00abDen fj\u00e4ttrade Prometheus\u00bb, visar Hefaistos i sin andra roll som verkst\u00e4llare av gudarnas ordning. P\u00e5 Zeus befallning smider han fast titanen vid Kaukasus klippa. Men i tragedin uttalar han verket med of\u00f6rt\u00e4ckt sorg och erk\u00e4nner sin sl\u00e4ktskap med den straffade, eftersom b\u00e5da \u00e4r eldens gudar. Dessutom ifr\u00e5gas\u00e4tter han uppdragets h\u00e5rdhet.<\/p><p>Denna scen visar Hefaistos som en etiskt k\u00e4nslig gud, som lyder befallningen men moraliskt st\u00e5r \u00f6ver den.<\/p>\t\t\t\t\t\t\t\t<\/div>\n\t\t\t\t<\/div>\n\t\t<div class=\"elementor-element elementor-element-9bbbada e-con-full e-flex e-con e-child\" data-id=\"9bbbada\" data-element_type=\"container\" data-e-type=\"container\">\n\t\t\t\t<div class=\"elementor-element elementor-element-64ad772 elementor-widget elementor-widget-heading\" data-id=\"64ad772\" data-element_type=\"widget\" data-e-type=\"widget\" data-widget_type=\"heading.default\">\n\t\t\t\t\t<h2 class=\"elementor-heading-title elementor-size-default\">Relationer i pantheon<\/h2>\t\t\t\t<\/div>\n\t\t\t\t<div class=\"elementor-element elementor-element-77508df elementor-widget elementor-widget-text-editor\" data-id=\"77508df\" data-element_type=\"widget\" data-e-type=\"widget\" data-widget_type=\"text-editor.default\">\n\t\t\t\t\t\t\t\t\t<p>Hefaistos f\u00f6rh\u00e5llande till Hera \u00e4r ambivalent. \u00c5 ena sidan \u00e4r hon hans mor, ofta utan faderlig medverkan, \u00e5 andra sidan har hon st\u00f6rtat honom fr\u00e5n Olympen. Den gyllene tronen och hans \u00e5terf\u00f6rande genom Dionysos visar f\u00f6rsoningen mellan mor och son, en f\u00f6rsoning som m\u00f6jligg\u00f6rs genom en tredje gestalt (Dionysos).<\/p><p>Till Zeus har han en professionell relation: Zeus ger honom de tunga uppdragen (aigis, skapandet av Pandora, fj\u00e4ttrandet av Prometheus), och Hefaistos utf\u00f6r dem utan att knota, ibland med en inre distans.<\/p>\n<p>Med Afrodite \u00e4r han gift enligt Homeros, med Athena f\u00f6rbunden genom h\u00e4ndelsen med Erichthonios. B\u00e5da f\u00f6rbindelserna visar sp\u00e4nningen mellan den haltande guden och panteons vackraste gudinnor.<\/p><p>F\u00f6rbindelsen med Afrodite tolkas som en kosmisk allegori \u00f6ver f\u00f6reningen av materia (smideskonst) och form (sk\u00f6nhet), en tolkning som utarbetades av Plutarchos och inom den nyplatonska traditionen. Relationen till Athena \u00e4r arbetspraktisk: b\u00e5da \u00e4r hantverkarnas skyddsgudar, och Hefaisteion var helgat \u00e5t dem b\u00e5da <span class=\"iwg-fachbegriff\" data-tooltip=\"Genom en religi\u00f6s handling \u00f6verl\u00e4mnad \u00e5t det heliga och d\u00e4rmed lyft ur det vardagliga.\" tabindex=\"0\">helgat<\/span>.<\/p>\n<p>Med Ares r\u00e5der rivalitet p\u00e5 grund av Afrodite, men \u00e4ven en professionell mots\u00e4ttning: Hefaistos smider vapnen, Ares anv\u00e4nder dem. I den attiska vasm\u00e5lningen st\u00e4lls de b\u00e5da ofta upp som motparter i bildprogrammet.<\/p><p>Med Dionysos f\u00f6renas han genom \u00ab\u00e5terf\u00f6randet till Olympen\u00bb, en av de \u00e4ldsta och mest avbildade gudascenerna i den arkaiska bildkonsten. Med kykloperna delar han den underjordiska verkstadsplatsen; de anses vara hans medhj\u00e4lpare vid smidandet av de olympiska vapnen.<\/p>\t\t\t\t\t\t\t\t<\/div>\n\t\t\t\t<\/div>\n\t\t<div class=\"elementor-element elementor-element-6941657 e-con-full e-flex e-con e-child\" data-id=\"6941657\" data-element_type=\"container\" data-e-type=\"container\">\n\t\t\t\t<div class=\"elementor-element elementor-element-4563a45 elementor-widget elementor-widget-heading\" data-id=\"4563a45\" data-element_type=\"widget\" data-e-type=\"widget\" data-widget_type=\"heading.default\">\n\t\t\t\t\t<h2 class=\"elementor-heading-title elementor-size-default\">Reception<\/h2>\t\t\t\t<\/div>\n\t\t\t\t<div class=\"elementor-element elementor-element-5810fae elementor-widget elementor-widget-text-editor\" data-id=\"5810fae\" data-element_type=\"widget\" data-e-type=\"widget\" data-widget_type=\"text-editor.default\">\n\t\t\t\t\t\t\t\t\t<p>I den romerska religionen motsvarar Hefaistos Volcanus, en gammal italisk eldgud, vars <span class=\"iwg-fachbegriff\" data-tooltip=\"Den samlade religi\u00f6sa v\u00f6rdnaden av en gudom eller helig gestalt.\" tabindex=\"0\">kult<\/span> fr\u00e4mst var koncentrerad till Volcanal p\u00e5 Forum. Vulcanalia den 23 augusti var en fest f\u00f6r att avv\u00e4rja senssommarens eldfara; festprogrammet omfattade f\u00f6rbr\u00e4nning av sm\u00e5djur, f\u00f6rmodligen som ett sonoffer f\u00f6r de heta veckorna.<\/p><p>Vergilius (Aeneiden VIII, 416 till 453) f\u00f6rl\u00e4gger Vulcans verkstad till \u00f6n Hiera (Vulcano) och beskriver tillverkningen av vapnen f\u00f6r Aeneas, en direkt gensvar p\u00e5 Achilles-sk\u00f6lden i Iliaden.<\/p>\n<p>Under medeltiden f\u00f6rblev Hefaistos n\u00e4rvarande som allegori \u00f6ver smideshantverket. Boccaccio behandlar honom i \u00abDe genealogia deorum gentilium\u00bb med allegoriska tolkningar. Ren\u00e4ssansen f\u00f6rde med sig nya ikonografiska skapelser genom Vel\u00e1zquez&#8217; \u00abVulcans smedja\u00bb (1630) och Tintorettos \u00abVulcan \u00f6verraskar Mars och Venus\u00bb.<\/p><p>Under barocken tolkade Rubens och Cortona \u00e4mnet som en allegori \u00f6ver den konstn\u00e4rliga skapelsen; smiden, driven av hammaren, blir en <span class=\"iwg-fachbegriff\" data-tooltip=\"En \u00e5sk\u00e5dlig bild som st\u00e5r f\u00f6r en abstrakt tanke.\" tabindex=\"0\">symbol<\/span> f\u00f6r den produktiva konstn\u00e4ren.<\/p>\n<p>Sjuttonhundratalet s\u00e5g i Vulcan framf\u00f6r allt <span class=\"iwg-fachbegriff\" data-tooltip=\"En \u00e5sk\u00e5dlig bild som st\u00e5r f\u00f6r en abstrakt tanke.\" tabindex=\"0\">symbolen<\/span> f\u00f6r upplysningstekniken, artonhundratalet den f\u00f6r den industriella smideskonsten. Friedrich H\u00f6lderlin g\u00f6r i \u00abHyperion\u00bb Hefaistos till j\u00e4rnarbetarnas skyddsgud. Karl Marx citerar i \u00abTeorier om merv\u00e4rdet\u00bb <span class=\"iwg-fachbegriff\" data-tooltip=\"En traderad ber\u00e4ttelse om gudar, ursprung och v\u00e4rldens ordning.\" tabindex=\"0\">myten<\/span> f\u00f6r att illustrera f\u00f6rh\u00e5llandet mellan arbete och kapital.<\/p><p>Den moderna forskningen av Marcel Detienne och Jean-Pierre Vernant (\u00abLes ruses de l&#8217;intelligence\u00bb, 1974) har placerat Hefaistos inom det mytiska begreppet \u00abmetis\u00bb, den listiga uppfinningsrikedomen, och d\u00e4rmed p\u00e5 nytt betonat hans intellektuella dimension.<\/p>\t\t\t\t\t\t\t\t<\/div>\n\t\t\t\t<\/div>\n\t\t<div class=\"elementor-element elementor-element-6a19d5d e-con-full e-flex e-con e-child\" data-id=\"6a19d5d\" data-element_type=\"container\" data-e-type=\"container\">\n\t\t\t\t<div class=\"elementor-element elementor-element-ecf1e48 elementor-widget elementor-widget-heading\" data-id=\"ecf1e48\" data-element_type=\"widget\" data-e-type=\"widget\" data-widget_type=\"heading.default\">\n\t\t\t\t\t<h2 class=\"elementor-heading-title elementor-size-default\">Religionsvetenskaplig kontextualisering<\/h2>\t\t\t\t<\/div>\n\t\t\t\t<div class=\"elementor-element elementor-element-263059a elementor-widget elementor-widget-text-editor\" data-id=\"263059a\" data-element_type=\"widget\" data-e-type=\"widget\" data-widget_type=\"text-editor.default\">\n\t\t\t\t\t\t\t\t\t<p>Etymologin f\u00f6r namnet Hephaistos \u00e4r os\u00e4ker. En indoeuropeisk h\u00e4rledning anses osannolik; de flesta forskare, d\u00e4ribland Robert Beekes, antar ett f\u00f6rgrekiskt, m\u00f6jligen lemniskt ursprung. De mykenska linj\u00e4r B-tavlorna n\u00e4mner ingen gud med detta namn, vilket kan tyda p\u00e5 att han inf\u00f6rdes i den grekiska religionen f\u00f6rst under den geometriska perioden.<\/p><p>Kopplingen till den vulkaniska \u00f6n Lemnos och till de icke-grekiska sintierna st\u00f6djer denna tes.<\/p>\n<p>I ett religionsj\u00e4mf\u00f6rande perspektiv framtr\u00e4der paralleller till den hurro-hettitiska smiden Hasamil, till den ugaritiska K\u00f6thar-wa-Hasis och till den vediska Tva\u1e63\u1e6d\u1e5b, som alla fyller den gudomliga hantverkarens profil: han som smider gudarnas vapen och genom s\u00e4rskilda uppfinningar medskapar den mytiska v\u00e4rlden.<\/p><p>Smidesgudens funktionsneds\u00e4ttning \u00e4r ett vanligt <span class=\"iwg-fachbegriff\" data-tooltip=\"Ett \u00e5terkommande inneh\u00e5llsligt element i konst eller ber\u00e4ttelse.\" tabindex=\"0\">motiv<\/span>: \u00e4ven den germanska V\u00f6lund, den nordiska V\u00f6lundr och den irl\u00e4ndska Goibniu \u00e4r, i olika nyanser, kroppsligt funktionshindrade.<\/p><p>Marcel Detienne och Jean-Pierre Vernant har tolkat detta <span class=\"iwg-fachbegriff\" data-tooltip=\"Ett \u00e5terkommande inneh\u00e5llsligt element i konst eller ber\u00e4ttelse.\" tabindex=\"0\">motiv<\/span> som en symbolisk markering av undantagsstatus: smiden tr\u00e4der ut ur den normala livsbanan och vinner d\u00e4rmed extraordin\u00e4r tillg\u00e5ng till eldens och metallens element\u00e4ra krafter.<\/p>\n<p>Walter Burkert har i \u00abGriechische Religion\u00bb belyst Hephaistos religionshistoriska funktion som pantheonets \u00abLukas\u00bb (j\u00e4mf\u00f6rbar med en helgonfunktion): han \u00e4r guden som sakraliserar verkstadsproduktionen och ger hantverkaren en egen religi\u00f6s v\u00e4rdighet, vid sidan av den krigiska adeln och pr\u00e4stklassen.<\/p><p>Denna funktion f\u00f6rklarar hans starka n\u00e4rvaro i den atenska medborgarkulten, som betraktade hantverkarna som j\u00e4mlika medlemmar av polisen. Nyare forskning av Robert Parker har rekonstruerat den sociala skiktningen bland Hephaistos-dyrkarna i Aten och visat att Chalkeia-festen och lamploppet fr\u00e4mst bars upp av meteker och inhemska hantverkare.<\/p>\t\t\t\t\t\t\t\t<\/div>\n\t\t\t\t<\/div>\n\t\t<div class=\"elementor-element elementor-element-d645446 e-con-full e-flex e-con e-child\" data-id=\"d645446\" data-element_type=\"container\" data-e-type=\"container\">\n\t\t\t\t<div class=\"elementor-element elementor-element-31b92a7 elementor-widget elementor-widget-heading\" data-id=\"31b92a7\" data-element_type=\"widget\" data-e-type=\"widget\" data-widget_type=\"heading.default\">\n\t\t\t\t\t<h2 class=\"elementor-heading-title elementor-size-default\">Etymologi och f\u00f6rgrekiskt lager<\/h2>\t\t\t\t<\/div>\n\t\t\t\t<div class=\"elementor-element elementor-element-032d57b elementor-widget elementor-widget-text-editor\" data-id=\"032d57b\" data-element_type=\"widget\" data-e-type=\"widget\" data-widget_type=\"text-editor.default\">\n\t\t\t\t\t\t\t\t\t<p>Namnet \u00abHephaistos\u00bb (ej belagt p\u00e5 mykenska, doriskt \u00abAphaistos\u00bb) \u00e4r etymologiskt oklart. En indoeuropeisk h\u00e4rledning anses osannolik; de flesta forskare, d\u00e4ribland Robert Beekes, antar ett f\u00f6rgrekiskt ursprung. Kopplingen till den vulkaniska \u00f6n Lemnos och till de icke-grekiska sintierna st\u00f6djer denna tes.<\/p><p>Sintierna, som enligt Homeros tar emot Hephaistos efter hans fall, betraktas i forskningen som en f\u00f6rgrekisk befolkning i norra Egeiska havet, m\u00f6jligen med anatoliska eller trakiska f\u00f6rbindelser.<\/p>\n<p>Anm\u00e4rkningsv\u00e4rt \u00e4r den saknade mykenska bel\u00e4gget. Medan de flesta olympiska gudar kan bel\u00e4ggas i linj\u00e4r B-tavlorna, saknas Hephaistos helt i de mykenska texter som hittills har hittats.<\/p><p>Detta kan tyda p\u00e5 att guden infogades i det grekiska <span class=\"iwg-fachbegriff\" data-tooltip=\"Samtliga gudar inom en religion eller kultur.\" tabindex=\"0\">pantheon<\/span> f\u00f6rst efter det mykenska palatskulturens sammanbrott, m\u00f6jligen i samband med kontakter med de vulkaniska \u00f6arna i norra Egeiska havet och med de anatoliska smidesgudarna under j\u00e4rn\u00e5lderns \u00f6verg\u00e5ngsfas.<\/p>\n<p>Den teologiska sl\u00e4ktskapen mellan Hephaistos och hurro-hettitiska smidesgudar har unders\u00f6kts systematiskt av Sandra Blakely (\u00abMyth, <span class=\"iwg-fachbegriff\" data-tooltip=\"En reglerad f\u00f6ljd av symboliska handlingar med religi\u00f6s eller kulturell betydelse.\" tabindex=\"0\">Ritual<\/span> and Metallurgy in Ancient Greece and Recent Africa\u00bb, 2006) och Walter Burkert.<\/p><p>S\u00e4rskilt den hettitiska \u00abHasamil\u00bb och den hurriska \u00abKothar-wa-Hasis\u00bb (i Ugarit kallad K\u00f6thar) uppvisar strukturella likheter med den grekiska Hephaistos: alla tre \u00e4r skapare av gudarnas vapen, alla tre har en ovanlig kroppslig status, alla tre \u00e4r lokaliserade i verkst\u00e4der p\u00e5 extraordin\u00e4ra platser.<\/p><p>Denna sl\u00e4ktskap antyder en gammal \u00f6stmedelhavsk tradition kring den gudomliga smiden, som den grekiska Hephaistos ansluter sig till.<\/p>\t\t\t\t\t\t\t\t<\/div>\n\t\t\t\t<\/div>\n\t\t<div class=\"elementor-element elementor-element-11c86b5 e-con-full e-flex e-con e-child\" data-id=\"11c86b5\" data-element_type=\"container\" data-e-type=\"container\">\n\t\t\t\t<div class=\"elementor-element elementor-element-cce63ef elementor-widget elementor-widget-heading\" data-id=\"cce63ef\" data-element_type=\"widget\" data-e-type=\"widget\" data-widget_type=\"heading.default\">\n\t\t\t\t\t<h2 class=\"elementor-heading-title elementor-size-default\">K\u00e4llor<\/h2>\t\t\t\t<\/div>\n\t\t\t\t<div class=\"elementor-element elementor-element-657621d elementor-widget elementor-widget-text-editor\" data-id=\"657621d\" data-element_type=\"widget\" data-e-type=\"widget\" data-widget_type=\"text-editor.default\">\n\t\t\t\t\t\t\t\t\t<footer class=\"iwg-literatur\"><p>Homer, \u00abIlias\u00bb I, 571 bis 600 (Sturz vom Olymp), XVIII, 369 bis 617 (Schild des Achilleus); \u00abOdyssee\u00bb VIII, 266 bis 366 (Aphrodite und Ares). Hesiod, \u00abTheogonie\u00bb 927 bis 929 (Geburt). Aischylos, \u00abGefesselter Prometheus\u00bb 1 bis 87. Pindar, \u00abOlympische Oden\u00bb VII, 35 bis 38. Apollonios Rhodios, \u00abArgonautika\u00bb IV, 1638 bis 1693 (Talos).<\/p><p>Apollodor, \u00abBibliotheke\u00bb, I, 3, 5 und III, 14, 6 (Erichthonios). Pausanias, \u00abBeschreibung Griechenlands\u00bb, I, 14 (Hephaisteion), II, 24 (Argos). Vergil, \u00abAeneis\u00bb VIII, 416 bis 453. Walter Burkert, \u00abGriechische Religion\u00bb, Stuttgart 1977. Marcel Detienne, Jean-Pierre Vernant, \u00abLes ruses de l&#8217;intelligence. La m\u00e8tis des Grecs\u00bb, Paris 1974. Karl Ker\u00e9nyi, \u00abDie <span class=\"iwg-fachbegriff\" data-tooltip=\"Samtliga \u00f6verl\u00e4mnade gudaber\u00e4ttelser inom en kultur.\" tabindex=\"0\">mytologi<\/span> der Griechen\u00bb, Z\u00fcrich 1951.<\/p><\/footer>\t\t\t\t\t\t\t\t<\/div>\n\t\t\t\t<\/div>\n\t\t\t\t\t<\/div>\n\t\t\t\t<\/div>\n\t\t\t\t<\/div>\n\t\t","protected":false},"excerpt":{"rendered":"","protected":false},"author":3,"featured_media":2983,"parent":0,"menu_order":0,"comment_status":"closed","ping_status":"closed","template":"elementor_header_footer","meta":{"_yoast_wpseo_focuskw":"Hefaistos","_yoast_wpseo_title":"Hefaistos \u2013 smidesgud f\u00f6r elden | iWell Guard","_yoast_wpseo_metadesc":"Hefaistos \u00e4r den grekiska smidesguden, m\u00e4stare \u00f6ver elden och hantverkskonsten. Son till Hera, make till Afrodite. Myt och kult.","_yoast_wpseo_meta-robots-noindex":"","_yoast_wpseo_canonical":"","_angie_page":false,"gefaehrdungsstufe":"1","wesen_kultur":"","wesen_klasse":"","footnotes":""},"categories":[],"class_list":["post-136952","page","type-page","status-publish","has-post-thumbnail","hentry"],"yoast_head":"<!-- This site is optimized with the Yoast SEO Premium plugin v27.7 (Yoast SEO v28.3) - https:\/\/yoast.com\/product\/yoast-seo-premium-wordpress\/ -->\n<title>Hefaistos \u2013 smidesgud f\u00f6r elden | iWell Guard<\/title>\n<meta name=\"description\" content=\"Hefaistos \u00e4r den grekiska smidesguden, m\u00e4stare \u00f6ver elden och hantverkskonsten. Son till Hera, make till Afrodite. Myt och kult.\" \/>\n<meta name=\"robots\" content=\"index, follow, max-snippet:-1, max-image-preview:large, max-video-preview:-1\" \/>\n<link rel=\"canonical\" href=\"https:\/\/iwell-guard.com\/sv\/hefaistos\/\" \/>\n<meta property=\"og:locale\" content=\"sv_SE\" \/>\n<meta property=\"og:type\" content=\"article\" \/>\n<meta property=\"og:title\" content=\"Hefaistos\" \/>\n<meta property=\"og:description\" content=\"Hefaistos \u00e4r den grekiska smidesguden, m\u00e4stare \u00f6ver elden och hantverkskonsten. Son till Hera, make till Afrodite. Myt och kult.\" \/>\n<meta property=\"og:url\" content=\"https:\/\/iwell-guard.com\/sv\/hefaistos\/\" \/>\n<meta property=\"og:site_name\" content=\"iWell Guard\" \/>\n<meta property=\"article:modified_time\" content=\"2026-09-03T01:16:33+00:00\" \/>\n<meta property=\"og:image\" content=\"https:\/\/iwell-guard.com\/wp-content\/uploads\/2026\/05\/goetter_griechenland_hephaistos.webp\" \/>\n\t<meta property=\"og:image:width\" content=\"1024\" \/>\n\t<meta property=\"og:image:height\" content=\"1536\" \/>\n\t<meta property=\"og:image:type\" content=\"image\/webp\" \/>\n<meta name=\"twitter:card\" content=\"summary_large_image\" \/>\n<script type=\"application\/ld+json\" class=\"yoast-schema-graph\">{\"@context\":\"https:\\\/\\\/schema.org\",\"@graph\":[{\"@type\":\"WebPage\",\"@id\":\"https:\\\/\\\/iwell-guard.com\\\/sv\\\/hefaistos\\\/\",\"url\":\"https:\\\/\\\/iwell-guard.com\\\/sv\\\/hefaistos\\\/\",\"name\":\"Hefaistos \u2013 smidesgud f\u00f6r elden | iWell Guard\",\"isPartOf\":{\"@id\":\"https:\\\/\\\/iwell-guard.com\\\/sv\\\/#website\"},\"primaryImageOfPage\":{\"@id\":\"https:\\\/\\\/iwell-guard.com\\\/sv\\\/hefaistos\\\/#primaryimage\"},\"image\":{\"@id\":\"https:\\\/\\\/iwell-guard.com\\\/sv\\\/hefaistos\\\/#primaryimage\"},\"thumbnailUrl\":\"https:\\\/\\\/iwell-guard.com\\\/wp-content\\\/uploads\\\/2026\\\/05\\\/goetter_griechenland_hephaistos.webp\",\"datePublished\":\"2026-09-03T00:11:29+00:00\",\"dateModified\":\"2026-09-03T01:16:33+00:00\",\"description\":\"Hefaistos \u00e4r den grekiska smidesguden, m\u00e4stare \u00f6ver elden och hantverkskonsten. Son till Hera, make till Afrodite. Myt och kult.\",\"breadcrumb\":{\"@id\":\"https:\\\/\\\/iwell-guard.com\\\/sv\\\/hefaistos\\\/#breadcrumb\"},\"inLanguage\":\"sv-SE\",\"potentialAction\":[{\"@type\":\"ReadAction\",\"target\":[\"https:\\\/\\\/iwell-guard.com\\\/sv\\\/hefaistos\\\/\"]}]},{\"@type\":\"ImageObject\",\"inLanguage\":\"sv-SE\",\"@id\":\"https:\\\/\\\/iwell-guard.com\\\/sv\\\/hefaistos\\\/#primaryimage\",\"url\":\"https:\\\/\\\/iwell-guard.com\\\/wp-content\\\/uploads\\\/2026\\\/05\\\/goetter_griechenland_hephaistos.webp\",\"contentUrl\":\"https:\\\/\\\/iwell-guard.com\\\/wp-content\\\/uploads\\\/2026\\\/05\\\/goetter_griechenland_hephaistos.webp\",\"width\":1024,\"height\":1536,\"caption\":\"Gudar fr\u00e5n den grekiska traditionen.\"},{\"@type\":\"BreadcrumbList\",\"@id\":\"https:\\\/\\\/iwell-guard.com\\\/sv\\\/hefaistos\\\/#breadcrumb\",\"itemListElement\":[{\"@type\":\"ListItem\",\"position\":1,\"name\":\"Start\",\"item\":\"https:\\\/\\\/iwell-guard.com\\\/sv\\\/?page_id=136483\"},{\"@type\":\"ListItem\",\"position\":2,\"name\":\"Hefaistos\"}]},{\"@type\":\"WebSite\",\"@id\":\"https:\\\/\\\/iwell-guard.com\\\/sv\\\/#website\",\"url\":\"https:\\\/\\\/iwell-guard.com\\\/sv\\\/\",\"name\":\"iWell Guard\",\"description\":\"Schutz vor dunklen Einfl\u00fcssen\",\"publisher\":{\"@id\":\"https:\\\/\\\/iwell-guard.com\\\/sv\\\/#organization\"},\"potentialAction\":[{\"@type\":\"SearchAction\",\"target\":{\"@type\":\"EntryPoint\",\"urlTemplate\":\"https:\\\/\\\/iwell-guard.com\\\/sv\\\/?s={search_term_string}\"},\"query-input\":{\"@type\":\"PropertyValueSpecification\",\"valueRequired\":true,\"valueName\":\"search_term_string\"}}],\"inLanguage\":\"sv-SE\"},{\"@type\":\"Organization\",\"@id\":\"https:\\\/\\\/iwell-guard.com\\\/sv\\\/#organization\",\"name\":\"Ittermann electronic GmbH\",\"url\":\"https:\\\/\\\/iwell-guard.com\\\/sv\\\/\",\"logo\":{\"@type\":\"ImageObject\",\"inLanguage\":\"sv-SE\",\"@id\":\"https:\\\/\\\/iwell-guard.com\\\/sv\\\/#\\\/schema\\\/logo\\\/image\\\/\",\"url\":\"https:\\\/\\\/iwell-guard.com\\\/wp-content\\\/uploads\\\/2026\\\/05\\\/Ittermann-Logo-1182x237-1.png\",\"contentUrl\":\"https:\\\/\\\/iwell-guard.com\\\/wp-content\\\/uploads\\\/2026\\\/05\\\/Ittermann-Logo-1182x237-1.png\",\"width\":1182,\"height\":237,\"caption\":\"Ittermann electronic GmbH\"},\"image\":{\"@id\":\"https:\\\/\\\/iwell-guard.com\\\/sv\\\/#\\\/schema\\\/logo\\\/image\\\/\"},\"sameAs\":[\"https:\\\/\\\/pantip.com\\\/profile\\\/9367242\",\"https:\\\/\\\/micro.blog\\\/iwellguard\",\"https:\\\/\\\/www.diggerslist.com\\\/iwellguard\\\/about\",\"https:\\\/\\\/skitterphoto.com\\\/photographers\\\/2870314\\\/iwell-guard\",\"https:\\\/\\\/iwellguard.wordpress.com\\\/2026\\\/06\\\/06\\\/iwell-guard\\\/\",\"https:\\\/\\\/hub.docker.com\\\/u\\\/iwellguard\",\"https:\\\/\\\/www.pinterest.com\\\/iwellguard\\\/\",\"https:\\\/\\\/bit.ly\\\/m\\\/iwellguard\",\"https:\\\/\\\/entre-vos-mains.alsace.eu\\\/profiles\\\/iwellguard\\\/activity\",\"https:\\\/\\\/gravatar.com\\\/reallybeded8fd34\",\"https:\\\/\\\/naijamatta.com\\\/iwellguard\",\"https:\\\/\\\/www.goodreads.com\\\/iwellguard\",\"https:\\\/\\\/profile.hatena.ne.jp\\\/iwellguard\\\/\",\"https:\\\/\\\/experiment.com\\\/users\\\/iwellguard\",\"https:\\\/\\\/wakelet.com\\\/@iWellGuard82270\",\"https:\\\/\\\/www.chordie.com\\\/forum\\\/profile.php?id=2555664\",\"https:\\\/\\\/www.instapaper.com\\\/p\\\/17757966\",\"https:\\\/\\\/www.mapleprimes.com\\\/users\\\/iwellguard\",\"https:\\\/\\\/businesslistingplus.com\\\/profile\\\/iwell-guard\\\/\",\"https:\\\/\\\/telegra.ph\\\/iWell-Guard-06-06\",\"https:\\\/\\\/pbase.com\\\/iwellguard\\\/iwellguard\",\"https:\\\/\\\/b.hatena.ne.jp\\\/iwellguard\\\/20260607#bookmark-4788405196491818882\",\"https:\\\/\\\/fliphtml5.com\\\/home\\\/iwellguard\",\"https:\\\/\\\/anyflip.com\\\/homepage\\\/cmiwl#About\",\"https:\\\/\\\/transfur.com\\\/Users\\\/iwellguard\",\"http:\\\/\\\/delphi.larsbo.org\\\/user\\\/iwellguard\",\"https:\\\/\\\/jobs.lajobsportal.org\\\/profiles\\\/8380803-iwell-guard\",\"https:\\\/\\\/md.chaosdorf.de\\\/s\\\/jfbe5SBdJD\",\"https:\\\/\\\/www.lingvolive.com\\\/en-us\\\/profile\\\/9ecaeaca-ce11-4e51-9e71-01d55e2bff36\\\/translations\",\"https:\\\/\\\/www.fitday.com\\\/fitness\\\/forums\\\/members\\\/iwellguard.html\",\"https:\\\/\\\/www.mymeetbook.com\\\/iwellguard\",\"https:\\\/\\\/pxhere.com\\\/en\\\/photographer-me\\\/5040798\",\"https:\\\/\\\/disqus.com\\\/by\\\/iwellguard\\\/about\\\/\",\"https:\\\/\\\/pastelink.net\\\/hjwciqwq\",\"https:\\\/\\\/pubhtml5.com\\\/homepage\\\/scjhn\\\/\",\"https:\\\/\\\/www.bitchute.com\\\/channel\\\/2O2eOKzNqujT\",\"https:\\\/\\\/audiomack.com\\\/iwellguard\"]}]}<\/script>\n<!-- \/ Yoast SEO Premium plugin. -->","yoast_head_json":{"title":"Hefaistos \u2013 smidesgud f\u00f6r elden | iWell Guard","description":"Hefaistos \u00e4r den grekiska smidesguden, m\u00e4stare \u00f6ver elden och hantverkskonsten. Son till Hera, make till Afrodite. Myt och kult.","robots":{"index":"index","follow":"follow","max-snippet":"max-snippet:-1","max-image-preview":"max-image-preview:large","max-video-preview":"max-video-preview:-1"},"canonical":"https:\/\/iwell-guard.com\/sv\/hefaistos\/","og_locale":"sv_SE","og_type":"article","og_title":"Hefaistos","og_description":"Hefaistos \u00e4r den grekiska smidesguden, m\u00e4stare \u00f6ver elden och hantverkskonsten. Son till Hera, make till Afrodite. Myt och kult.","og_url":"https:\/\/iwell-guard.com\/sv\/hefaistos\/","og_site_name":"iWell Guard","article_modified_time":"2026-09-03T01:16:33+00:00","og_image":[{"width":1024,"height":1536,"url":"https:\/\/iwell-guard.com\/wp-content\/uploads\/2026\/05\/goetter_griechenland_hephaistos.webp","type":"image\/webp"}],"twitter_card":"summary_large_image","schema":{"@context":"https:\/\/schema.org","@graph":[{"@type":"WebPage","@id":"https:\/\/iwell-guard.com\/sv\/hefaistos\/","url":"https:\/\/iwell-guard.com\/sv\/hefaistos\/","name":"Hefaistos \u2013 smidesgud f\u00f6r elden | iWell Guard","isPartOf":{"@id":"https:\/\/iwell-guard.com\/sv\/#website"},"primaryImageOfPage":{"@id":"https:\/\/iwell-guard.com\/sv\/hefaistos\/#primaryimage"},"image":{"@id":"https:\/\/iwell-guard.com\/sv\/hefaistos\/#primaryimage"},"thumbnailUrl":"https:\/\/iwell-guard.com\/wp-content\/uploads\/2026\/05\/goetter_griechenland_hephaistos.webp","datePublished":"2026-09-03T00:11:29+00:00","dateModified":"2026-09-03T01:16:33+00:00","description":"Hefaistos \u00e4r den grekiska smidesguden, m\u00e4stare \u00f6ver elden och hantverkskonsten. Son till Hera, make till Afrodite. Myt och kult.","breadcrumb":{"@id":"https:\/\/iwell-guard.com\/sv\/hefaistos\/#breadcrumb"},"inLanguage":"sv-SE","potentialAction":[{"@type":"ReadAction","target":["https:\/\/iwell-guard.com\/sv\/hefaistos\/"]}]},{"@type":"ImageObject","inLanguage":"sv-SE","@id":"https:\/\/iwell-guard.com\/sv\/hefaistos\/#primaryimage","url":"https:\/\/iwell-guard.com\/wp-content\/uploads\/2026\/05\/goetter_griechenland_hephaistos.webp","contentUrl":"https:\/\/iwell-guard.com\/wp-content\/uploads\/2026\/05\/goetter_griechenland_hephaistos.webp","width":1024,"height":1536,"caption":"Gudar fr\u00e5n den grekiska traditionen."},{"@type":"BreadcrumbList","@id":"https:\/\/iwell-guard.com\/sv\/hefaistos\/#breadcrumb","itemListElement":[{"@type":"ListItem","position":1,"name":"Start","item":"https:\/\/iwell-guard.com\/sv\/?page_id=136483"},{"@type":"ListItem","position":2,"name":"Hefaistos"}]},{"@type":"WebSite","@id":"https:\/\/iwell-guard.com\/sv\/#website","url":"https:\/\/iwell-guard.com\/sv\/","name":"iWell Guard","description":"Schutz vor dunklen Einfl\u00fcssen","publisher":{"@id":"https:\/\/iwell-guard.com\/sv\/#organization"},"potentialAction":[{"@type":"SearchAction","target":{"@type":"EntryPoint","urlTemplate":"https:\/\/iwell-guard.com\/sv\/?s={search_term_string}"},"query-input":{"@type":"PropertyValueSpecification","valueRequired":true,"valueName":"search_term_string"}}],"inLanguage":"sv-SE"},{"@type":"Organization","@id":"https:\/\/iwell-guard.com\/sv\/#organization","name":"Ittermann electronic GmbH","url":"https:\/\/iwell-guard.com\/sv\/","logo":{"@type":"ImageObject","inLanguage":"sv-SE","@id":"https:\/\/iwell-guard.com\/sv\/#\/schema\/logo\/image\/","url":"https:\/\/iwell-guard.com\/wp-content\/uploads\/2026\/05\/Ittermann-Logo-1182x237-1.png","contentUrl":"https:\/\/iwell-guard.com\/wp-content\/uploads\/2026\/05\/Ittermann-Logo-1182x237-1.png","width":1182,"height":237,"caption":"Ittermann electronic GmbH"},"image":{"@id":"https:\/\/iwell-guard.com\/sv\/#\/schema\/logo\/image\/"},"sameAs":["https:\/\/pantip.com\/profile\/9367242","https:\/\/micro.blog\/iwellguard","https:\/\/www.diggerslist.com\/iwellguard\/about","https:\/\/skitterphoto.com\/photographers\/2870314\/iwell-guard","https:\/\/iwellguard.wordpress.com\/2026\/06\/06\/iwell-guard\/","https:\/\/hub.docker.com\/u\/iwellguard","https:\/\/www.pinterest.com\/iwellguard\/","https:\/\/bit.ly\/m\/iwellguard","https:\/\/entre-vos-mains.alsace.eu\/profiles\/iwellguard\/activity","https:\/\/gravatar.com\/reallybeded8fd34","https:\/\/naijamatta.com\/iwellguard","https:\/\/www.goodreads.com\/iwellguard","https:\/\/profile.hatena.ne.jp\/iwellguard\/","https:\/\/experiment.com\/users\/iwellguard","https:\/\/wakelet.com\/@iWellGuard82270","https:\/\/www.chordie.com\/forum\/profile.php?id=2555664","https:\/\/www.instapaper.com\/p\/17757966","https:\/\/www.mapleprimes.com\/users\/iwellguard","https:\/\/businesslistingplus.com\/profile\/iwell-guard\/","https:\/\/telegra.ph\/iWell-Guard-06-06","https:\/\/pbase.com\/iwellguard\/iwellguard","https:\/\/b.hatena.ne.jp\/iwellguard\/20260607#bookmark-4788405196491818882","https:\/\/fliphtml5.com\/home\/iwellguard","https:\/\/anyflip.com\/homepage\/cmiwl#About","https:\/\/transfur.com\/Users\/iwellguard","http:\/\/delphi.larsbo.org\/user\/iwellguard","https:\/\/jobs.lajobsportal.org\/profiles\/8380803-iwell-guard","https:\/\/md.chaosdorf.de\/s\/jfbe5SBdJD","https:\/\/www.lingvolive.com\/en-us\/profile\/9ecaeaca-ce11-4e51-9e71-01d55e2bff36\/translations","https:\/\/www.fitday.com\/fitness\/forums\/members\/iwellguard.html","https:\/\/www.mymeetbook.com\/iwellguard","https:\/\/pxhere.com\/en\/photographer-me\/5040798","https:\/\/disqus.com\/by\/iwellguard\/about\/","https:\/\/pastelink.net\/hjwciqwq","https:\/\/pubhtml5.com\/homepage\/scjhn\/","https:\/\/www.bitchute.com\/channel\/2O2eOKzNqujT","https:\/\/audiomack.com\/iwellguard"]}]}},"_links":{"self":[{"href":"https:\/\/iwell-guard.com\/sv\/wp-json\/wp\/v2\/pages\/136952","targetHints":{"allow":["GET"]}}],"collection":[{"href":"https:\/\/iwell-guard.com\/sv\/wp-json\/wp\/v2\/pages"}],"about":[{"href":"https:\/\/iwell-guard.com\/sv\/wp-json\/wp\/v2\/types\/page"}],"author":[{"embeddable":true,"href":"https:\/\/iwell-guard.com\/sv\/wp-json\/wp\/v2\/users\/3"}],"replies":[{"embeddable":true,"href":"https:\/\/iwell-guard.com\/sv\/wp-json\/wp\/v2\/comments?post=136952"}],"version-history":[{"count":0,"href":"https:\/\/iwell-guard.com\/sv\/wp-json\/wp\/v2\/pages\/136952\/revisions"}],"wp:featuredmedia":[{"embeddable":true,"href":"https:\/\/iwell-guard.com\/sv\/wp-json\/wp\/v2\/media\/2983"}],"wp:attachment":[{"href":"https:\/\/iwell-guard.com\/sv\/wp-json\/wp\/v2\/media?parent=136952"}],"wp:term":[{"taxonomy":"category","embeddable":true,"href":"https:\/\/iwell-guard.com\/sv\/wp-json\/wp\/v2\/categories?post=136952"}],"curies":[{"name":"wp","href":"https:\/\/api.w.org\/{rel}","templated":true}]}}