{"id":136945,"date":"2026-09-03T00:11:25","date_gmt":"2026-09-03T00:11:25","guid":{"rendered":"https:\/\/iwell-guard.com\/?page_id=136945"},"modified":"2026-09-03T01:16:21","modified_gmt":"2026-09-03T01:16:21","slug":"ragnarok-varldens-undergang-nordisk-mytologi","status":"publish","type":"page","link":"https:\/\/iwell-guard.com\/sv\/ragnarok-varldens-undergang-nordisk-mytologi\/","title":{"rendered":"Ragnar\u00f6k \u2013 v\u00e4rldens underg\u00e5ng i den nordiska mytologin"},"content":{"rendered":"\t\t<div data-elementor-type=\"wp-page\" data-elementor-id=\"136945\" class=\"elementor elementor-136945 elementor-2928 elementor-bc-flex-widget\" data-elementor-post-type=\"page\">\n\t\t\t\t<div class=\"elementor-element elementor-element-hero4f726b9 e-flex e-con-boxed e-con e-parent\" data-id=\"hero4f726b9\" data-element_type=\"container\" data-e-type=\"container\">\n\t\t\t\t\t<div class=\"e-con-inner\">\n\t\t\t\t<div class=\"elementor-element elementor-element-heroimg268171a iwg-hero-image elementor-widget elementor-widget-image\" data-id=\"heroimg268171a\" data-element_type=\"widget\" data-e-type=\"widget\" data-widget_type=\"image.default\">\n\t\t\t\t\t\t\t\t\t\t\t\t\t\t\t<img fetchpriority=\"high\" decoding=\"async\" width=\"683\" height=\"1024\" src=\"https:\/\/iwell-guard.com\/wp-content\/uploads\/2026\/05\/phaenomene_germanisch_ragnaroek-683x1024.webp\" class=\"attachment-large size-large wp-image-135951\" alt=\"Ragnar\u00f6k - fenomen fr\u00e5n den germanska traditionen, historiskt-illustrativ\" srcset=\"https:\/\/iwell-guard.com\/wp-content\/uploads\/2026\/05\/phaenomene_germanisch_ragnaroek-683x1024.webp 683w, https:\/\/iwell-guard.com\/wp-content\/uploads\/2026\/05\/phaenomene_germanisch_ragnaroek-200x300.webp 200w, https:\/\/iwell-guard.com\/wp-content\/uploads\/2026\/05\/phaenomene_germanisch_ragnaroek-768x1152.webp 768w, https:\/\/iwell-guard.com\/wp-content\/uploads\/2026\/05\/phaenomene_germanisch_ragnaroek.webp 1024w\" sizes=\"(max-width: 683px) 100vw, 683px\" \/>\t\t\t\t\t\t\t\t\t\t\t\t\t\t\t<\/div>\n\t\t\t\t\t<\/div>\n\t\t\t\t<\/div>\n\t\t<div class=\"elementor-element elementor-element-iwgw-ragnaroek-hero e-flex e-con-boxed e-con e-parent\" data-id=\"iwgw-ragnaroek-hero\" data-element_type=\"container\" data-e-type=\"container\">\n\t\t\t\t\t<div class=\"e-con-inner\">\n\t\t\t\t<div class=\"elementor-element elementor-element-iwgw-ragnaroek-h1 elementor-widget elementor-widget-heading\" data-id=\"iwgw-ragnaroek-h1\" data-element_type=\"widget\" data-e-type=\"widget\" data-widget_type=\"heading.default\">\n\t\t\t\t\t<h1 class=\"elementor-heading-title elementor-size-default\">Ragnar\u00f6k \u2013 underg\u00e5ng och f\u00f6rnyelse av v\u00e4rlden i den nordiska myten<\/h1>\t\t\t\t<\/div>\n\t\t\t\t<div class=\"elementor-element elementor-element-iwgw-ragnaroek-pills elementor-widget elementor-widget-html\" data-id=\"iwgw-ragnaroek-pills\" data-element_type=\"widget\" data-e-type=\"widget\" data-widget_type=\"html.default\">\n\t\t\t\t\t<div class=\"iwg-pill-row\"><span class=\"iwg-klasse-badge\" tabindex=\"0\" data-tooltip=\"Myt inom den germanska traditionen.\">Myt<\/span><a href=\"https:\/\/iwell-guard.com\/sv\/germanskt\/\" class=\"iwg-kultur-badge\" tabindex=\"0\" data-tooltip=\"Mytologi inom den germanska traditionen.\">Germanskt<\/a><span class=\"iwg-tradition-badge\" tabindex=\"0\" data-tooltip=\"Eskatologisk myt.\">Eskatologisk myt<\/span><\/div>\t\t\t\t<\/div>\n\t\t\t\t<div class=\"elementor-element elementor-element-iwgw-ragnaroek-lead elementor-widget elementor-widget-text-editor\" data-id=\"iwgw-ragnaroek-lead\" data-element_type=\"widget\" data-e-type=\"widget\" data-widget_type=\"text-editor.default\">\n\t\t\t\t\t\t\t\t\t<p>Ragnar\u00f6k \u00e4r den eskatologiska <span class=\"iwg-fachbegriff\" data-tooltip=\"En \u00f6verl\u00e4mnad ber\u00e4ttelse om gudar, ursprung och v\u00e4rldens ordning.\" tabindex=\"0\">myten<\/span> i den nordiska <span class=\"iwg-fachbegriff\" data-tooltip=\"Vidaref\u00f6randet av kunskap och ber\u00e4ttelser genom generationer.\" tabindex=\"0\">traditionen<\/span>. Den ber\u00e4ttar om gudarnas och v\u00e4rldens underg\u00e5ng i striden mot de fientliga makterna och om hur en f\u00f6rnyad jord stiger upp ur havet. D\u00e4rmed f\u00f6renar den yttersta tiden och en ny begynnelse i en enda stor ber\u00e4ttelse.<\/p>\t\t\t\t\t\t\t\t<\/div>\n\t\t\t\t\t<\/div>\n\t\t\t\t<\/div>\n\t\t<div class=\"elementor-element elementor-element-iwgw-ragnaroek-s0 e-flex e-con-boxed e-con e-parent\" data-id=\"iwgw-ragnaroek-s0\" data-element_type=\"container\" data-e-type=\"container\">\n\t\t\t\t\t<div class=\"e-con-inner\">\n\t\t\t\t<div class=\"elementor-element elementor-element-iwgw-ragnaroek-s0h elementor-widget elementor-widget-heading\" data-id=\"iwgw-ragnaroek-s0h\" data-element_type=\"widget\" data-e-type=\"widget\" data-widget_type=\"heading.default\">\n\t\t\t\t\t<h2 class=\"elementor-heading-title elementor-size-default\">Inordning<\/h2>\t\t\t\t<\/div>\n\t\t\t\t<div class=\"elementor-element elementor-element-iwgw-ragnaroek-s0t elementor-widget elementor-widget-text-editor\" data-id=\"iwgw-ragnaroek-s0t\" data-element_type=\"widget\" data-e-type=\"widget\" data-widget_type=\"text-editor.default\">\n\t\t\t\t\t\t\t\t\t<p>Ragnar\u00f6k betecknar inom den nordiska <span class=\"iwg-fachbegriff\" data-tooltip=\"Den samlade m\u00e4ngden \u00f6verl\u00e4mnade gudaber\u00e4ttelser i en kultur.\" tabindex=\"0\">mytologin<\/span> h\u00e4ndelsef\u00f6rloppet vid v\u00e4rldens slut: gudarnas underg\u00e5ng, kosmos sammanbrott och den efterf\u00f6ljande f\u00f6rnyelsen av jorden. Det r\u00f6r sig inte om en person eller en varelse, utan om en <span class=\"iwg-fachbegriff\" data-tooltip=\"En \u00f6verl\u00e4mnad ber\u00e4ttelse om gudar, ursprung och v\u00e4rldens ordning.\" tabindex=\"0\">myt<\/span>, ett sammanh\u00e4ngande h\u00e4ndelsef\u00f6rlopp som <span class=\"iwg-fachbegriff\" data-tooltip=\"Vidaref\u00f6randet av kunskap och ber\u00e4ttelser genom generationer.\" tabindex=\"0\">traditionen<\/span> beskriver som alla makters f\u00f6rutbest\u00e4mda \u00f6de.<\/p><p>Inom religionen i den <a href=\"https:\/\/iwell-guard.com\/sv\/germanskt\/\">germanska<\/a> v\u00e4rlden, mer specifikt den fornnordiska <span class=\"iwg-fachbegriff\" data-tooltip=\"Vidaref\u00f6randet av kunskap och ber\u00e4ttelser genom generationer.\" tabindex=\"0\">traditionen<\/span> i Skandinavien och Island, intar Ragnar\u00f6k en s\u00e4rskild st\u00e4llning.<\/p><p>Det \u00e4r den enda utf\u00f6rligt utvecklade eskatologiska myten, och den \u00e4r n\u00e4ra f\u00f6rbunden med f\u00f6rest\u00e4llningen att \u00e4ven gudarna \u00e4r underkastade \u00f6det. Till skillnad fr\u00e5n od\u00f6dliga gudar i andra religioner vet de nordiska gudarna om sitt eget slut och g\u00e5r det \u00e4nd\u00e5 till m\u00f6tes.<\/p><p>Religionsvetenskapligt tillh\u00f6r Ragnar\u00f6k eskatologierna, l\u00e4ran om de yttersta tingen. K\u00e4nnetecknande \u00e4r f\u00f6rbindelsen mellan underg\u00e5ng och f\u00f6rnyelse: <span class=\"iwg-fachbegriff\" data-tooltip=\"En \u00f6verl\u00e4mnad ber\u00e4ttelse om gudar, ursprung och v\u00e4rldens ordning.\" tabindex=\"0\">Myten<\/span> slutar inte med f\u00f6rintelsen, utan med uppkomsten av en ny, renad v\u00e4rld.<\/p><p>D\u00e4rmed skiljer den sig fr\u00e5n en rent katastrofisk f\u00f6rest\u00e4llning och n\u00e4rmar sig en cyklisk modell, d\u00e4r slut och b\u00f6rjan griper in i varandra.<\/p>\t\t\t\t\t\t\t\t<\/div>\n\t\t\t\t\t<\/div>\n\t\t\t\t<\/div>\n\t\t<div class=\"elementor-element elementor-element-iwgw-ragnaroek-s1 e-flex e-con-boxed e-con e-parent\" data-id=\"iwgw-ragnaroek-s1\" data-element_type=\"container\" data-e-type=\"container\">\n\t\t\t\t\t<div class=\"e-con-inner\">\n\t\t\t\t<div class=\"elementor-element elementor-element-iwgw-ragnaroek-s1h elementor-widget elementor-widget-heading\" data-id=\"iwgw-ragnaroek-s1h\" data-element_type=\"widget\" data-e-type=\"widget\" data-widget_type=\"heading.default\">\n\t\t\t\t\t<h2 class=\"elementor-heading-title elementor-size-default\">Namn och etymologi<\/h2>\t\t\t\t<\/div>\n\t\t\t\t<div class=\"elementor-element elementor-element-iwgw-ragnaroek-s1t elementor-widget elementor-widget-text-editor\" data-id=\"iwgw-ragnaroek-s1t\" data-element_type=\"widget\" data-e-type=\"widget\" data-widget_type=\"text-editor.default\">\n\t\t\t\t\t\t\t\t\t<p>Det fornnordiska ordet <em>ragnar\u00f6k<\/em> \u00e4r sammansatt av <em>ragna<\/em>, genitiv plural av <em>regin<\/em>, de r\u00e5dande makterna eller gudarna, och <em>r\u00f6k<\/em>, \u00f6de, underg\u00e5ng eller ursprung. Den ordagranna betydelsen \u00e4r allts\u00e5 gudarnas \u00f6de eller makternas underg\u00e5ng.<\/p><p>Dessutom f\u00f6rekommer i k\u00e4llorna formen <em>ragnar\u00f8kkr<\/em>, som h\u00e4rstammar fr\u00e5n <em>r\u00f8kkr<\/em>, skymning, och tolkar h\u00e4ndelsen som gudarnas skymning.<\/p><p>Denna andra tolkning \u00e4r spr\u00e5kligt sett troligen sekund\u00e4r, men har f\u00e5tt stor genomslagskraft. Genom den tyska \u00f6vers\u00e4ttningen G\u00f6tterd\u00e4mmerung blev begreppet k\u00e4nt l\u00e5ngt utanf\u00f6r fackvetenskapen, inte minst genom 1800-talets musik.<\/p><p>Forskningen f\u00f6redrar idag oftast formen Ragnar\u00f6k med betydelsen gudarnas \u00f6de, eftersom den ligger n\u00e4rmare den \u00e4ldre <span class=\"iwg-fachbegriff\" data-tooltip=\"Vidaref\u00f6randet av kunskap och ber\u00e4ttelser genom generationer.\" tabindex=\"0\">traditionen<\/span>. B\u00e5da tolkningarna \u00e4r dock gamla och representerar tv\u00e5 aspekter av samma <span class=\"iwg-fachbegriff\" data-tooltip=\"En \u00f6verl\u00e4mnad ber\u00e4ttelse om gudar, ursprung och v\u00e4rldens ordning.\" tabindex=\"0\">myt<\/span>: \u00e5 ena sidan det f\u00f6rutbest\u00e4mda \u00f6det, \u00e5 andra sidan de gudomliga ljusmakternas utslocknande.<\/p>\t\t\t\t\t\t\t\t<\/div>\n\t\t\t\t\t<\/div>\n\t\t\t\t<\/div>\n\t\t<div class=\"elementor-element elementor-element-iwgw-ragnaroek-s2 e-flex e-con-boxed e-con e-parent\" data-id=\"iwgw-ragnaroek-s2\" data-element_type=\"container\" data-e-type=\"container\">\n\t\t\t\t\t<div class=\"e-con-inner\">\n\t\t\t\t<div class=\"elementor-element elementor-element-iwgw-ragnaroek-s2h elementor-widget elementor-widget-heading\" data-id=\"iwgw-ragnaroek-s2h\" data-element_type=\"widget\" data-e-type=\"widget\" data-widget_type=\"heading.default\">\n\t\t\t\t\t<h2 class=\"elementor-heading-title elementor-size-default\">F\u00f6rebud och h\u00e4ndelsef\u00f6rlopp<\/h2>\t\t\t\t<\/div>\n\t\t\t\t<div class=\"elementor-element elementor-element-iwgw-ragnaroek-s2t elementor-widget elementor-widget-text-editor\" data-id=\"iwgw-ragnaroek-s2t\" data-element_type=\"widget\" data-e-type=\"widget\" data-widget_type=\"text-editor.default\">\n\t\t\t\t\t\t\t\t\t<p><span class=\"iwg-fachbegriff\" data-tooltip=\"En ned\u00e4rvd ber\u00e4ttelse om gudar, ursprung och v\u00e4rldens ordning.\" tabindex=\"0\">Myten<\/span> beskriver Ragnar\u00f6k som en h\u00e4ndelse som f\u00f6reg\u00e5s av en rad f\u00f6rebud. F\u00f6rst kommer <em>Fimbulvintern<\/em>, en trefaldig, obruten vinter utan sommar mellan, \u00e5tf\u00f6ljd av krig, moraliskt f\u00f6rfall och uppl\u00f6sningen av den m\u00e4nskliga ordningen.<\/p><p>Br\u00f6der dr\u00e4per varandra, alla band uppl\u00f6ses. <em>V\u00f6lusp\u00e1<\/em> sammanfattar detta f\u00f6rfall i gripande verser som talar om yxtid, sv\u00e4rdstid, vindtid och vargtid, och tolkar det sociala kaoset som en f\u00f6reb\u00e5dning av det kosmiska.<\/p><p>Kosmiska tecken f\u00f6ljer: vargar slukar solen och m\u00e5nen, stj\u00e4rnorna faller, jorden skakar och alla fj\u00e4ttrar brister. De fientliga makterna blir fria.<\/p><p>Den fj\u00e4ttrade vargen Fenrir sl\u00e5r sig l\u00f6s, midg\u00e5rdsormen J\u00f6rmungandr stiger upp ur havet, d\u00f6dsskeppet Naglfar n\u00e4rmar sig med djupets makter, och eldj\u00e4ttarna drar fram fr\u00e5n Muspelheim under ledning av Surt och br\u00e4nner ner v\u00e4rlden.<\/p><p>\u00c4ven den fj\u00e4ttrade Loki blir fri och st\u00e4ller sig p\u00e5 fiendens sida. Heimdall, gudarnas v\u00e4ktare, bl\u00e5ser i hornet Gjallarhorn och kallar gudarna och de i Valhall samlade fallna krigarna till den sista striden p\u00e5 slagf\u00e4ltet Vigrid.<\/p><p>P\u00e5 det stora slagf\u00e4ltet m\u00f6ter gudarna och fienderna varandra. <a href=\"https:\/\/iwell-guard.com\/sv\/odin\/\">Oden<\/a> faller i striden mot vargen Fenrir, som h\u00e4mnas av sin son Vidar.<\/p><p><a href=\"https:\/\/iwell-guard.com\/sv\/thor\/\">Tor<\/a> dr\u00e4per midg\u00e5rdsormen men g\u00e5r sj\u00e4lv under av dess gift efter nio steg. Frej faller mot Surt, v\u00e4ktaren Heimdall och Loki d\u00f6dar varandra, liksom hunden Garm och krigsguden Tyr.<\/p><p>Till sist omsluter Surts eld hela v\u00e4rlden, och den av l\u00e5gorna f\u00f6rt\u00e4rda jorden s\u00e4nks ner i havet. Ber\u00e4ttelsen slutar dock inte h\u00e4r: ur vattnet stiger en ny, gr\u00f6n jord upp.<\/p><p>Gudar som Vidar, Vale och Tors s\u00f6ner \u00f6verlever, Balder \u00e5terv\u00e4nder fr\u00e5n d\u00f6dsriket, m\u00e4nniskoparet Liv och Livtrasir har h\u00e5llit sig g\u00f6mda i en <span class=\"iwg-fachbegriff\" data-tooltip=\"En helig tr\u00e4dlund som tj\u00e4nade som kultplats.\" tabindex=\"0\">helig lund<\/span>, och en ny v\u00e4rldscykel tar sin b\u00f6rjan.<\/p>\t\t\t\t\t\t\t\t<\/div>\n\t\t\t\t\t<\/div>\n\t\t\t\t<\/div>\n\t\t<div class=\"elementor-element elementor-element-iwgw-ragnaroek-s3 e-flex e-con-boxed e-con e-parent\" data-id=\"iwgw-ragnaroek-s3\" data-element_type=\"container\" data-e-type=\"container\">\n\t\t\t\t\t<div class=\"e-con-inner\">\n\t\t\t\t<div class=\"elementor-element elementor-element-iwgw-ragnaroek-s3h elementor-widget elementor-widget-heading\" data-id=\"iwgw-ragnaroek-s3h\" data-element_type=\"widget\" data-e-type=\"widget\" data-widget_type=\"heading.default\">\n\t\t\t\t\t<h2 class=\"elementor-heading-title elementor-size-default\">Mytologi och tradition<\/h2>\t\t\t\t<\/div>\n\t\t\t\t<div class=\"elementor-element elementor-element-iwgw-ragnaroek-s3t elementor-widget elementor-widget-text-editor\" data-id=\"iwgw-ragnaroek-s3t\" data-element_type=\"widget\" data-e-type=\"widget\" data-widget_type=\"text-editor.default\">\n\t\t\t\t\t\t\t\t\t<p>De viktigaste k\u00e4llorna till Ragnar\u00f6k \u00e4r tv\u00e5 texter fr\u00e5n 1200-talet fr\u00e5n Island. Det eddiska diktverket <em>V\u00f6lusp\u00e1<\/em>, sierskans s\u00e5ng, skildrar i t\u00e4t, antydningsrik spr\u00e5k hela v\u00e4rldsf\u00f6rloppet, fr\u00e5n skapelsen \u00f6ver underg\u00e5ngen till f\u00f6rnyelsen.<\/p><p>Snorri Sturluson sammanfattar i sin <em>Prosaiska Edda<\/em> <span class=\"iwg-fachbegriff\" data-tooltip=\"En ned\u00e4rvd ber\u00e4ttelse om gudar, ursprung och v\u00e4rldens ordning.\" tabindex=\"0\">myten<\/span> systematiskt och citerar \u00e4ldre dikter, men ordnar dem efter sin egen uppfattning.<\/p><p>Andra eddiska dikter, som <em>Vaf\u00fer\u00fa\u00f0nism\u00e1l<\/em>, bidrar med enskilda byggstenar, till exempel om de \u00f6verlevande och om Fimbulvintern. <span class=\"iwg-fachbegriff\" data-tooltip=\"\u00d6verf\u00f6ringen av kunskap och ber\u00e4ttelser genom generationer.\" tabindex=\"0\">Traditionen<\/span> \u00e4r d\u00e4rmed varken enhetlig eller fri fr\u00e5n mots\u00e4gelser: h\u00e4ndelseordningen, de inblandade gestalterna och detaljerna varierar mellan k\u00e4llorna. En del av det som anses vara en fast bild g\u00e5r tillbaka p\u00e5 Snorris ordnande hand.<\/p><p>Till detta kommer dateringsproblemet. De skriftliga k\u00e4llorna tillkom i det kristna Island, mer \u00e4n tv\u00e5 sekler efter kristendomens officiella antagande. \u00c4ldre forskning s\u00e5g i kopplingen mellan underg\u00e5ng och f\u00f6rnyad v\u00e4rld, d\u00e4r en h\u00f6gre, on\u00e4mnd makthavare framtr\u00e4der, ett kristet inflytande.<\/p><p>Nyare forskning bed\u00f6mer mer f\u00f6rsiktigt: k\u00e4rnan i <span class=\"iwg-fachbegriff\" data-tooltip=\"En ned\u00e4rvd ber\u00e4ttelse om gudar, ursprung och v\u00e4rldens ordning.\" tabindex=\"0\">myten<\/span>, gudarnas kamp mot kaosmakterna och deras f\u00f6rutbest\u00e4mda underg\u00e5ng, anses vara <span class=\"iwg-fachbegriff\" data-tooltip=\"Fr\u00e5n tiden innan kristendomen spreds.\" tabindex=\"0\">f\u00f6rkristen<\/span>, men den bevarade formen \u00e4r samtidigt pr\u00e4glad av den kristna nedskrivningssituationen.<\/p>\t\t\t\t\t\t\t\t<\/div>\n\t\t\t\t\t<\/div>\n\t\t\t\t<\/div>\n\t\t<div class=\"elementor-element elementor-element-iwgw-ragnaroek-s4 e-flex e-con-boxed e-con e-parent\" data-id=\"iwgw-ragnaroek-s4\" data-element_type=\"container\" data-e-type=\"container\">\n\t\t\t\t\t<div class=\"e-con-inner\">\n\t\t\t\t<div class=\"elementor-element elementor-element-iwgw-ragnaroek-s4h elementor-widget elementor-widget-heading\" data-id=\"iwgw-ragnaroek-s4h\" data-element_type=\"widget\" data-e-type=\"widget\" data-widget_type=\"heading.default\">\n\t\t\t\t\t<h2 class=\"elementor-heading-title elementor-size-default\">St\u00e4llning inom kulten och trosv\u00e4rlden<\/h2>\t\t\t\t<\/div>\n\t\t\t\t<div class=\"elementor-element elementor-element-iwgw-ragnaroek-s4t elementor-widget elementor-widget-text-editor\" data-id=\"iwgw-ragnaroek-s4t\" data-element_type=\"widget\" data-e-type=\"widget\" data-widget_type=\"text-editor.default\">\n\t\t\t\t\t\t\t\t\t<p>Till skillnad fr\u00e5n ett dyrkat v\u00e4sen var Ragnar\u00f6k inte f\u00f6rem\u00e5l f\u00f6r en egen kult. Det fanns inga riter som var direkt riktade mot \u00e4ndtidsmyten. Dess betydelse l\u00e5g i trosv\u00e4rlden och i tolkningen av m\u00e4nniskans tillvaro, inte i en kultisk praxis.<\/p><p>\u00c4nd\u00e5 genomsyrade tanken p\u00e5 det f\u00f6rutbest\u00e4mda slutet den religi\u00f6sa f\u00f6rest\u00e4llningsv\u00e4rlden. Samlingen av de fallna krigarna i den h\u00f6gste gudens hall, den i k\u00e4llorna skildrade f\u00f6rberedelsen f\u00f6r den sista striden, f\u00f6renade den enskilda d\u00f6des \u00f6de med det kosmiska skeendet.<\/p><p>Den som f\u00f6ll hedersamt i strid skulle till slut st\u00e5 p\u00e5 gudarnas sida. D\u00e4rmed fick tapperhetsidealet en eskatologisk motivering.<\/p><p>Religionsvetenskapligt tolkas Ragnar\u00f6k ofta som ett uttryck f\u00f6r en h\u00e5llning d\u00e4r gudarna sj\u00e4lva \u00e4r underkastade \u00f6det men likv\u00e4l m\u00f6ter det med uppr\u00e4tt h\u00e5llning. Denna f\u00f6rest\u00e4llning pr\u00e4glade f\u00f6rst\u00e5elsen av \u00e4ra, mod och st\u00e5ndaktighet.<\/p><p>Huruvida m\u00e4nniskorna under vikingatiden uppfattade <span class=\"iwg-fachbegriff\" data-tooltip=\"En ned\u00e4rvd ber\u00e4ttelse om gudar, ursprung och v\u00e4rldens ordning.\" tabindex=\"0\">myten<\/span> som n\u00e4ra f\u00f6rest\u00e5ende, som ett avl\u00e4gset \u00f6de eller som en bildlig tolkning av v\u00e4rldsordningen, kan inte fastst\u00e4llas entydigt utifr\u00e5n k\u00e4llorna.<\/p>\t\t\t\t\t\t\t\t<\/div>\n\t\t\t\t\t<\/div>\n\t\t\t\t<\/div>\n\t\t<div class=\"elementor-element elementor-element-iwgw-ragnaroek-s5 e-flex e-con-boxed e-con e-parent\" data-id=\"iwgw-ragnaroek-s5\" data-element_type=\"container\" data-e-type=\"container\">\n\t\t\t\t\t<div class=\"e-con-inner\">\n\t\t\t\t<div class=\"elementor-element elementor-element-iwgw-ragnaroek-s5h elementor-widget elementor-widget-heading\" data-id=\"iwgw-ragnaroek-s5h\" data-element_type=\"widget\" data-e-type=\"widget\" data-widget_type=\"heading.default\">\n\t\t\t\t\t<h2 class=\"elementor-heading-title elementor-size-default\">Skyddstolkning och hantering av \u00f6det<\/h2>\t\t\t\t<\/div>\n\t\t\t\t<div class=\"elementor-element elementor-element-iwgw-ragnaroek-s5t elementor-widget elementor-widget-text-editor\" data-id=\"iwgw-ragnaroek-s5t\" data-element_type=\"widget\" data-e-type=\"widget\" data-widget_type=\"text-editor.default\">\n\t\t\t\t\t\t\t\t\t<p>Eftersom Ragnar\u00f6k ans\u00e5gs vara en oundviklig, av \u00f6det fastst\u00e4lld h\u00e4ndelse k\u00e4nde <span class=\"iwg-fachbegriff\" data-tooltip=\"Vidaref\u00f6randet av kunskap och ber\u00e4ttelser genom generationer.\" tabindex=\"0\">traditionen<\/span> ingen apotrop\u00e4isk praktik som skulle kunna avv\u00e4rja det. Gudarnas underg\u00e5ng kunde inte hindras genom trolldom, <span class=\"iwg-fachbegriff\" data-tooltip=\"G\u00e5va till en gudom f\u00f6r att uttrycka tack, b\u00f6n eller v\u00f6rdnad.\" tabindex=\"0\">offer<\/span> eller <span class=\"iwg-fachbegriff\" data-tooltip=\"Ett buret f\u00f6rem\u00e5l som tillskrivs en skyddande, ont avv\u00e4rjande verkan.\" tabindex=\"0\">amulett<\/span>. Skydd i egentlig mening \u00e4r d\u00e4rf\u00f6r inget tema i <span class=\"iwg-fachbegriff\" data-tooltip=\"En traderad ber\u00e4ttelse om gudar, ursprung och v\u00e4rldens ordning.\" tabindex=\"0\">myten<\/span>.<\/p><p>Hanteringen av underg\u00e5ngen l\u00e5g snarare p\u00e5 en annan niv\u00e5. Gudarna sj\u00e4lva agerar f\u00f6rebyggande: de binder vargen och de \u00f6vriga kaosv\u00e4sendena, de f\u00f6rs\u00f6ker skjuta upp olyckan trots att de vet att den kommer.<\/p><p>Denna bindning av de destruktiva krafterna h\u00e5ller samman v\u00e4rlden under den utm\u00e4tta tiden. I <span class=\"iwg-fachbegriff\" data-tooltip=\"En traderad ber\u00e4ttelse om gudar, ursprung och v\u00e4rldens ordning.\" tabindex=\"0\">myten<\/span> \u00e4r den modellen f\u00f6r ett handlande som uppr\u00e4tth\u00e5ller ordningen utan att kunna f\u00f6rneka slutet.<\/p><p>F\u00f6r m\u00e4nniskorna ligger motsvarande h\u00e5llning i att acceptera \u00f6det och upptr\u00e4da hederv\u00e4rt inom de givna gr\u00e4nserna. Vetenskapligt kan Ragnar\u00f6k d\u00e4rmed l\u00e4sas som en <span class=\"iwg-fachbegriff\" data-tooltip=\"En traderad ber\u00e4ttelse om gudar, ursprung och v\u00e4rldens ordning.\" tabindex=\"0\">myt<\/span> som inte utlovar skydd mot slutet, utan erbjuder en tolkning av hur man ska leva med vissheten om slutet.<\/p><p>Tr\u00f6st finns inte i avv\u00e4rjandet utan i utsikten till den f\u00f6rnyade v\u00e4rlden som stiger upp ur havet efter underg\u00e5ngen.<\/p>\t\t\t\t\t\t\t\t<\/div>\n\t\t\t\t\t<\/div>\n\t\t\t\t<\/div>\n\t\t<div class=\"elementor-element elementor-element-iwgw-ragnaroek-s6 e-flex e-con-boxed e-con e-parent\" data-id=\"iwgw-ragnaroek-s6\" data-element_type=\"container\" data-e-type=\"container\">\n\t\t\t\t\t<div class=\"e-con-inner\">\n\t\t\t\t<div class=\"elementor-element elementor-element-iwgw-ragnaroek-s6h elementor-widget elementor-widget-heading\" data-id=\"iwgw-ragnaroek-s6h\" data-element_type=\"widget\" data-e-type=\"widget\" data-widget_type=\"heading.default\">\n\t\t\t\t\t<h2 class=\"elementor-heading-title elementor-size-default\">Bildliga och materiella vittnesb\u00f6rd<\/h2>\t\t\t\t<\/div>\n\t\t\t\t<div class=\"elementor-element elementor-element-iwgw-ragnaroek-s6t elementor-widget elementor-widget-text-editor\" data-id=\"iwgw-ragnaroek-s6t\" data-element_type=\"widget\" data-e-type=\"widget\" data-widget_type=\"text-editor.default\">\n\t\t\t\t\t\t\t\t\t<p>Ut\u00f6ver de litter\u00e4ra k\u00e4llorna finns en rad bildliga vittnesb\u00f6rd som f\u00f6rknippas med Ragnar\u00f6k-stoffet. Den vikingatida bildstenen fr\u00e5n Ledberg i Sverige visar en gestalt som angrips av ett djur vid fot och ben, vilket ofta har tolkats som Oden och vargen Fenrir.<\/p><p>P\u00e5 korset fr\u00e5n Gosforth i engelska Cumbria, ett kristet minnesmonument fr\u00e5n 900-talet, finns scener som tolkats som den bundne Loke, som Heimdall med hornet och som Vidars strid med vargen.<\/p><p>Dessa tolkningar \u00e4r inte oomtvistade, eftersom bilderna saknar inskriptioner och till\u00e5ter flera tolkningar. De visar dock att motiv fr\u00e5n underg\u00e5ngsmyten redan gestaltades bildligt under vikingatiden, allts\u00e5 f\u00f6re den skriftliga nedteckningen i <em>V\u00f6lusp\u00e1<\/em> och <em>Prosa-Edda<\/em>.<\/p><p>S\u00e4rskilt Gosforth-korset \u00e4r belysande: det f\u00f6renar kristen och hednisk bildv\u00e4rld p\u00e5 ett och samma monument och visar att <span class=\"iwg-fachbegriff\" data-tooltip=\"En traderad ber\u00e4ttelse om gudar, ursprung och v\u00e4rldens ordning.\" tabindex=\"0\">myten<\/span> f\u00f6rblev levande och omtolkades under \u00f6verg\u00e5ngstiden.<\/p><p>Vetenskapligt \u00e4r s\u00e5dana vittnesb\u00f6rd v\u00e4rdefulla eftersom de \u00f6ppnar en oberoende v\u00e4g till <span class=\"iwg-fachbegriff\" data-tooltip=\"Vidaref\u00f6randet av kunskap och ber\u00e4ttelser genom generationer.\" tabindex=\"0\">traditionen<\/span>. De st\u00f6der antagandet att en f\u00f6rkristen k\u00e4rna existerade, men manar samtidigt till f\u00f6rsiktighet: bild och text beh\u00f6ver inte f\u00f6ruts\u00e4tta samma version av <span class=\"iwg-fachbegriff\" data-tooltip=\"En traderad ber\u00e4ttelse om gudar, ursprung och v\u00e4rldens ordning.\" tabindex=\"0\">myten<\/span>, och vissa identifieringar bygger snarare p\u00e5 forskningens f\u00f6rv\u00e4ntningar \u00e4n p\u00e5 entydiga k\u00e4nnetecken.<\/p>\t\t\t\t\t\t\t\t<\/div>\n\t\t\t\t\t<\/div>\n\t\t\t\t<\/div>\n\t\t<div class=\"elementor-element elementor-element-iwgw-ragnaroek-s7 e-flex e-con-boxed e-con e-parent\" data-id=\"iwgw-ragnaroek-s7\" data-element_type=\"container\" data-e-type=\"container\">\n\t\t\t\t\t<div class=\"e-con-inner\">\n\t\t\t\t<div class=\"elementor-element elementor-element-iwgw-ragnaroek-s7h elementor-widget elementor-widget-heading\" data-id=\"iwgw-ragnaroek-s7h\" data-element_type=\"widget\" data-e-type=\"widget\" data-widget_type=\"heading.default\">\n\t\t\t\t\t<h2 class=\"elementor-heading-title elementor-size-default\">Paralleller i andra kulturer<\/h2>\t\t\t\t<\/div>\n\t\t\t\t<div class=\"elementor-element elementor-element-iwgw-ragnaroek-s7t elementor-widget elementor-widget-text-editor\" data-id=\"iwgw-ragnaroek-s7t\" data-element_type=\"widget\" data-e-type=\"widget\" data-widget_type=\"text-editor.default\">\n\t\t\t\t\t\t\t\t\t<p>Underg\u00e5ngsmyter \u00e4r utbredda i religionshistorien, och Ragnar\u00f6k kan j\u00e4mf\u00f6ras med flera av dem. I den iranska <span class=\"iwg-fachbegriff\" data-tooltip=\"Vidaref\u00f6randet av kunskap och ber\u00e4ttelser genom generationer.\" tabindex=\"0\">traditionen<\/span> finns f\u00f6rest\u00e4llningen om en stor strid mellan det godas och det ondas makter, vilken slutar med en renad, f\u00f6rnyad v\u00e4rld.<\/p><p>Den judisk-kristna apokalyptiken har likas\u00e5 en sista strid, en dom och en ny himmel och en ny jord.<\/p><p>Sl\u00e5ende hos Ragnar\u00f6k \u00e4r f\u00f6rbindelsen mellan underg\u00e5ng och \u00e5terkomst, som n\u00e4rmar den till en cyklisk v\u00e4rldsbild, s\u00e5dan man till exempel m\u00f6ter i indiska f\u00f6rest\u00e4llningar om p\u00e5 varandra f\u00f6ljande tids\u00e5ldrar. Samtidigt f\u00f6rblir h\u00e4ndelsen enskild och riktad, vilket f\u00f6r den n\u00e4rmare den linj\u00e4ra apokalyptiken. Ragnar\u00f6k st\u00e5r d\u00e4rmed mellan den cykliska och den linj\u00e4ra modellen.<\/p><p>Inom den germanska v\u00e4rlden sj\u00e4lv \u00e4r striden mellan gudarna och j\u00e4ttarna och kaosv\u00e4sendena ett genomg\u00e5ende <span class=\"iwg-fachbegriff\" data-tooltip=\"Ett \u00e5terkommande inneh\u00e5llsm\u00e4ssigt element i konst eller ber\u00e4ttelse.\" tabindex=\"0\">motiv<\/span> som i Ragnar\u00f6k n\u00e5r sin h\u00f6jdpunkt och sitt slut.<\/p><p>Vetenskapligt b\u00f6r man vara f\u00f6rsiktig med alla s\u00e5dana j\u00e4mf\u00f6relser: likheterna visar utbredda tolkningsm\u00f6nster men bevisar inget direkt beroende. Fr\u00e5gan om hur mycket den bevarade versionen \u00e4r den kristna nedteckningen skyldig f\u00f6rblir en viktig del av diskussionen.<\/p>\t\t\t\t\t\t\t\t<\/div>\n\t\t\t\t\t<\/div>\n\t\t\t\t<\/div>\n\t\t<div class=\"elementor-element elementor-element-iwgw-ragnaroek-s8 e-flex e-con-boxed e-con e-parent\" data-id=\"iwgw-ragnaroek-s8\" data-element_type=\"container\" data-e-type=\"container\">\n\t\t\t\t\t<div class=\"e-con-inner\">\n\t\t\t\t<div class=\"elementor-element elementor-element-iwgw-ragnaroek-s8h elementor-widget elementor-widget-heading\" data-id=\"iwgw-ragnaroek-s8h\" data-element_type=\"widget\" data-e-type=\"widget\" data-widget_type=\"heading.default\">\n\t\t\t\t\t<h2 class=\"elementor-heading-title elementor-size-default\">Nutida mottagande och forskning<\/h2>\t\t\t\t<\/div>\n\t\t\t\t<div class=\"elementor-element elementor-element-iwgw-ragnaroek-s8t elementor-widget elementor-widget-text-editor\" data-id=\"iwgw-ragnaroek-s8t\" data-element_type=\"widget\" data-e-type=\"widget\" data-widget_type=\"text-editor.default\">\n\t\t\t\t\t\t\t\t\t<p>Ragnar\u00f6k h\u00f6r till de mest inflytelserika myterna i den germanska <span class=\"iwg-fachbegriff\" data-tooltip=\"Vidaref\u00f6randet av kunskap och ber\u00e4ttelser genom generationer.\" tabindex=\"0\">\u00f6verl\u00e4mningen<\/span>. Via 1800-talets romantiska medeltidsentusiasm och s\u00e4rskilt genom Richard Wagners scenverk, vars avslutande del b\u00e4r namnet Ragnar\u00f6k (G\u00f6tterd\u00e4mmerung), blev <span class=\"iwg-fachbegriff\" data-tooltip=\"En \u00f6verl\u00e4mnad ber\u00e4ttelse om gudar, ursprung och v\u00e4rldens ordning.\" tabindex=\"0\">myten<\/span> k\u00e4nd f\u00f6r en bred publik.<\/p><p>Sedan dess har den tagits upp i litteratur, konst, film, spel och popul\u00e4rkultur p\u00e5 m\u00e5nga s\u00e4tt, ofta starkt f\u00f6r\u00e4ndrad och l\u00e5ngt fr\u00e5n k\u00e4llunderlaget.<\/p><p>Den vetenskapliga forskningen har framf\u00f6r allt sysslat med tv\u00e5 fr\u00e5gor.<\/p><p>Den f\u00f6rsta r\u00f6r \u00f6verl\u00e4mningens \u00e5lder och \u00e4kthet. Hur mycket av det som bevarats i V\u00f6lusp\u00e1 och Snorres Edda \u00e4r f\u00f6rkristet, och hur starkt har den kristna nedteckningssituationen format myten? Rudolf Simek, Jan de Vries, Gro Steinsland och John Lindow har h\u00e4r satt olika tonvikter. Den nyare forskningens tendens g\u00e5r mot att anta en f\u00f6rkristen k\u00e4rna. Den bevarade formen tolkas dock som delvis pr\u00e4glad av den kristna tiden.<\/p><p>Den andra fr\u00e5gan r\u00f6r tolkningen: \u00c4r Ragnar\u00f6k en pessimistisk underg\u00e5ngsmyt eller en hoppfull f\u00f6rnyelsemyt? Forskningen betonar oftast att b\u00e5da h\u00f6r ihop och att <span class=\"iwg-fachbegriff\" data-tooltip=\"En \u00f6verl\u00e4mnad ber\u00e4ttelse om gudar, ursprung och v\u00e4rldens ordning.\" tabindex=\"0\">myten<\/span> just i denna sp\u00e4nning har sin s\u00e4rpr\u00e4gel.<\/p><p>Kritiskt behandlas ocks\u00e5 den moderna approprieringen, till exempel n\u00e4r <span class=\"iwg-fachbegriff\" data-tooltip=\"En \u00f6verl\u00e4mnad ber\u00e4ttelse om gudar, ursprung och v\u00e4rldens ordning.\" tabindex=\"0\">myten<\/span> laddas ideologiskt eller missf\u00f6rst\u00e5s som ren underg\u00e5ngsfantasi. En k\u00e4lln\u00e4ra ansats h\u00e5ller d\u00e4remot fast vid att Ragnar\u00f6k f\u00f6renar slut och b\u00f6rjan i en enda ber\u00e4ttelseb\u00e5ge.<\/p>\t\t\t\t\t\t\t\t<\/div>\n\t\t\t\t\t<\/div>\n\t\t\t\t<\/div>\n\t\t<div class=\"elementor-element elementor-element-iwgw-ragnaroek-lit e-flex e-con-boxed e-con e-parent\" data-id=\"iwgw-ragnaroek-lit\" data-element_type=\"container\" data-e-type=\"container\">\n\t\t\t\t\t<div class=\"e-con-inner\">\n\t\t\t\t<div class=\"elementor-element elementor-element-iwgw-ragnaroek-lith elementor-widget elementor-widget-heading\" data-id=\"iwgw-ragnaroek-lith\" data-element_type=\"widget\" data-e-type=\"widget\" data-widget_type=\"heading.default\">\n\t\t\t\t\t<h2 class=\"elementor-heading-title elementor-size-default\">Litteratur (urval)<\/h2>\t\t\t\t<\/div>\n\t\t\t\t<div class=\"elementor-element elementor-element-iwgw-ragnaroek-litt elementor-widget elementor-widget-text-editor\" data-id=\"iwgw-ragnaroek-litt\" data-element_type=\"widget\" data-e-type=\"widget\" data-widget_type=\"text-editor.default\">\n\t\t\t\t\t\t\t\t\t<ul><li>Rudolf Simek: <em>Lexikon der germanischen <span class=\"iwg-fachbegriff\" data-tooltip=\"Helheten av en kulturs \u00f6verl\u00e4mnade gudaber\u00e4ttelser.\" tabindex=\"0\">Mythologie<\/span><\/em> (1984)<\/li><li>Jan de Vries: <em>Altgermanische Religionsgeschichte<\/em> (1956\u20131957)<\/li><li><span data-nosnippet>Gro Steinsland: <em>Norr\u00f8n religion. Myter, riter, samfunn<\/em> (2005)<\/span><\/li><li><span data-nosnippet>John Lindow: <em>Norse Mythology. A Guide to the Gods, Heroes, Rituals, and Beliefs<\/em> (2001)<\/span><\/li><li>Andreas Nordberg: <em>Krigarna i Odins sal<\/em> (2003)<\/li><\/ul>\t\t\t\t\t\t\t\t<\/div>\n\t\t\t\t\t<\/div>\n\t\t\t\t<\/div>\n\t\t<div class=\"elementor-element elementor-element-iwgkw2-add-ragnaroek e-flex e-con-boxed e-con e-parent\" data-id=\"iwgkw2-add-ragnaroek\" data-element_type=\"container\" data-e-type=\"container\">\n\t\t\t\t\t<div class=\"e-con-inner\">\n\t\t\t\t<div class=\"elementor-element elementor-element-iwgkw2-add-ragnaroek-t elementor-widget elementor-widget-text-editor\" data-id=\"iwgkw2-add-ragnaroek-t\" data-element_type=\"widget\" data-e-type=\"widget\" data-widget_type=\"text-editor.default\">\n\t\t\t\t\t\t\t\t\t<p>Som <em>v\u00e4rldsunderg\u00e5ng<\/em> i den nordiska <span class=\"iwg-fachbegriff\" data-tooltip=\"Vidaref\u00f6randet av kunskap och ber\u00e4ttelser genom generationer.\" tabindex=\"0\">\u00f6verl\u00e4mningen<\/span> beskriver Ragnar\u00f6k asarnas fall i striden mot j\u00e4ttar, Fenrir och Surt samt hur en renad v\u00e4rld \u00e5teruppst\u00e5r ur vattnen.<\/p>\t\t\t\t\t\t\t\t<\/div>\n\t\t\t\t\t<\/div>\n\t\t\t\t<\/div>\n\t\t<div class=\"elementor-element elementor-element-iwgw-ragnaroek-kwd e-flex e-con-boxed e-con e-parent\" data-id=\"iwgw-ragnaroek-kwd\" data-element_type=\"container\" data-e-type=\"container\">\n\t\t\t\t\t<div class=\"e-con-inner\">\n\t\t\t\t<div class=\"elementor-element elementor-element-iwgw-ragnaroek-kwdt elementor-widget elementor-widget-text-editor\" data-id=\"iwgw-ragnaroek-kwdt\" data-element_type=\"widget\" data-e-type=\"widget\" data-widget_type=\"text-editor.default\">\n\t\t\t\t\t\t\t\t\t<p><em>Relaterade nyckelbegrepp: Ragnar\u00f6k G\u00f6tterd\u00e4mmerung Fimbulvinter V\u00f6lusp\u00e1 Edda \u00c4ndtidsmyt Eskatologi regin.<\/em><\/p>\t\t\t\t\t\t\t\t<\/div>\n\t\t\t\t\t<\/div>\n\t\t\t\t<\/div>\n\t\t<div class=\"elementor-element elementor-element-iwgw-ragnaroek-cc e-flex e-con-boxed e-con e-parent\" data-id=\"iwgw-ragnaroek-cc\" data-element_type=\"container\" data-e-type=\"container\" id=\"iwg-cc-ragnaroek\">\n\t\t\t\t\t<div class=\"e-con-inner\">\n\t\t<div class=\"elementor-element elementor-element-iwgw-ragnaroek-ccinner e-flex e-con-boxed e-con e-parent\" data-id=\"iwgw-ragnaroek-ccinner\" data-element_type=\"container\" data-e-type=\"container\" data-settings=\"{&quot;background_background&quot;:&quot;classic&quot;}\">\n\t\t\t\t\t<div class=\"e-con-inner\">\n\t\t\t\t<div class=\"elementor-element elementor-element-iwgw-ragnaroek-cch elementor-widget elementor-widget-heading\" data-id=\"iwgw-ragnaroek-cch\" data-element_type=\"widget\" data-e-type=\"widget\" data-widget_type=\"heading.default\">\n\t\t\t\t\t<h2 class=\"elementor-heading-title elementor-size-default\">iWell Guard och skyddstraditioner<\/h2>\t\t\t\t<\/div>\n\t\t\t\t<div class=\"elementor-element elementor-element-iwgw-ragnaroek-cct elementor-widget elementor-widget-text-editor\" data-id=\"iwgw-ragnaroek-cct\" data-element_type=\"widget\" data-e-type=\"widget\" data-widget_type=\"text-editor.default\">\n\t\t\t\t\t\t\t\t\t<div data-nosnippet=\"true\"><p>iWell Guard ansluter till den kulturhistoriska traditionen av b\u00e4rbara skyddsobjekt, i traditionen fr\u00e5n <a href=\"https:\/\/iwell-guard.com\/sv\/germanskt\/\">Germansk kultur<\/a> och m\u00e5nga andra kulturer v\u00e4rlden \u00f6ver. 41 niv\u00e5er, \u00e4kta guld, platina, silver, tillverkat i Tyskland. 30 dagars returr\u00e4tt.<\/p><\/div>\t\t\t\t\t\t\t\t<\/div>\n\t\t\t\t<div class=\"elementor-element elementor-element-iwgw-ragnaroek-ccb iwg-cc-button iwg-cc-cta-2026-05-13 elementor-widget elementor-widget-jet-button\" data-id=\"iwgw-ragnaroek-ccb\" data-element_type=\"widget\" data-e-type=\"widget\" data-widget_type=\"jet-button.default\">\n\t\t\t\t<div class=\"elementor-widget-container\">\n\t\t\t\t\t<div class=\"elementor-jet-button jet-elements\"><div class=\"jet-button__container\"><a class=\"jet-button__instance jet-button__instance--icon-left hover-effect-1\" href=\"\/ueber-iwell-guard\/?utm_source=iwell-guard.com&amp;utm_medium=info-box&amp;utm_campaign=wesen-tradition\"><div class=\"jet-button__plane jet-button__plane-normal\"><\/div><div class=\"jet-button__plane jet-button__plane-hover\"><\/div><div class=\"jet-button__state jet-button__state-normal\"><span class=\"jet-button__label\">Mer om iWell Guard<\/span><\/div><div class=\"jet-button__state jet-button__state-hover\"><span class=\"jet-button__label\">Mer om iWell Guard<\/span><\/div><\/a><\/div><\/div><style>.elementor-element.elementor-element-iwgw-ragnaroek-ccb .jet-button__instance{width:320px;height:56px;}.elementor-element.elementor-element-iwgw-ragnaroek-ccb .jet-button__state-normal .jet-button__label{text-align:center;margin:0px 0px 0px 0px;color:#1a1b20;font-family:Montserrat,sans-serif;font-size:13px;font-weight:400;letter-spacing:4px;line-height:1.714em;text-transform:uppercase;}.elementor-element.elementor-element-iwgw-ragnaroek-ccb .jet-button__state-hover .jet-button__label{text-align:center;margin:0px 0px 0px 0px;color:#FECC76;font-family:Montserrat,sans-serif;font-size:13px;font-weight:400;letter-spacing:4px;line-height:1.714em;text-transform:uppercase;}.elementor-element.elementor-element-iwgw-ragnaroek-ccb .jet-button__plane-normal{background-color:#FECC76;border-style:solid;border-color:#C99540;border-width:2px 2px 2px 2px;}.elementor-element.elementor-element-iwgw-ragnaroek-ccb .jet-button__plane-hover{background-color:rgba(0,0,0,0.55);border-style:solid;border-color:#FECC76;border-width:2px 2px 2px 2px;}<\/style>\t\t\t\t<\/div>\n\t\t\t\t<\/div>\n\t\t\t\t<div class=\"elementor-element elementor-element-iwgw-ragnaroek-ccd elementor-widget elementor-widget-text-editor\" data-id=\"iwgw-ragnaroek-ccd\" data-element_type=\"widget\" data-e-type=\"widget\" data-widget_type=\"text-editor.default\">\n\t\t\t\t\t\t\t\t\t<div data-nosnippet=\"true\"><p style=\"text-align:center;font-size:13px;opacity:0.7;margin-top:14px\" data-nosnippet=\"true\">Personliga erfarenheter kan variera. Ingen medicinteknisk produkt. Inget l\u00f6fte om l\u00e4kning.<\/p><\/div>\t\t\t\t\t\t\t\t<\/div>\n\t\t\t\t\t<\/div>\n\t\t\t\t<\/div>\n\t\t\t\t\t<\/div>\n\t\t\t\t<\/div>\n\t\t<div class=\"elementor-element elementor-element-iwgw-ragnaroek-disc e-flex e-con-boxed e-con e-parent\" data-id=\"iwgw-ragnaroek-disc\" data-element_type=\"container\" data-e-type=\"container\">\n\t\t\t\t\t<div class=\"e-con-inner\">\n\t\t\t\t<div class=\"elementor-element elementor-element-iwgw-ragnaroek-discw elementor-widget elementor-widget-html\" data-id=\"iwgw-ragnaroek-discw\" data-element_type=\"widget\" data-e-type=\"widget\" data-widget_type=\"html.default\">\n\t\t\t\t\t<footer data-nosnippet=\"true\" class=\"iwg-disclaimer-block\"><p data-nosnippet=\"true\">iWell Guard \u00e4r <strong>ingen medicinteknisk produkt<\/strong> och ers\u00e4tter inte l\u00e4karv\u00e5rd eller psykoterapeutisk behandling. De religionsvetenskapliga inneh\u00e5llen \u00e4r kulturhistorisk inordning, ingen andlig praxisrekommendation.<\/p><\/footer>\t\t\t\t<\/div>\n\t\t\t\t\t<\/div>\n\t\t\t\t<\/div>\n\t\t\t\t<\/div>\n\t\t","protected":false},"excerpt":{"rendered":"","protected":false},"author":3,"featured_media":3372,"parent":0,"menu_order":0,"comment_status":"closed","ping_status":"closed","template":"elementor_header_footer","meta":{"_yoast_wpseo_focuskw":"Ragnar\u00f6k nordisk mytologi v\u00e4rldens underg\u00e5ng","_yoast_wpseo_title":"Ragnar\u00f6k \u2013 underg\u00e5ng och f\u00f6rnyelse av v\u00e4rlden","_yoast_wpseo_metadesc":"Ragnar\u00f6k \u00e4r den nordiska traditionens eskatologiska myt: underg\u00e5ng och f\u00f6rnyelse av v\u00e4rlden. Religionsvetenskaplig kontextualisering med k\u00e4llor.","_yoast_wpseo_meta-robots-noindex":"","_yoast_wpseo_canonical":"","_angie_page":false,"gefaehrdungsstufe":"","wesen_kultur":"","wesen_klasse":"","footnotes":""},"categories":[],"class_list":["post-136945","page","type-page","status-publish","has-post-thumbnail","hentry"],"yoast_head":"<!-- This site is optimized with the Yoast SEO Premium plugin v27.7 (Yoast SEO v28.3) - https:\/\/yoast.com\/product\/yoast-seo-premium-wordpress\/ -->\n<title>Ragnar\u00f6k \u2013 underg\u00e5ng och f\u00f6rnyelse av v\u00e4rlden<\/title>\n<meta name=\"description\" content=\"Ragnar\u00f6k \u00e4r den nordiska traditionens eskatologiska myt: underg\u00e5ng och f\u00f6rnyelse av v\u00e4rlden. Religionsvetenskaplig kontextualisering med k\u00e4llor.\" \/>\n<meta name=\"robots\" content=\"index, follow, max-snippet:-1, max-image-preview:large, max-video-preview:-1\" \/>\n<link rel=\"canonical\" href=\"https:\/\/iwell-guard.com\/sv\/ragnarok-varldens-undergang-nordisk-mytologi\/\" \/>\n<meta property=\"og:locale\" content=\"sv_SE\" \/>\n<meta property=\"og:type\" content=\"article\" \/>\n<meta property=\"og:title\" content=\"Ragnar\u00f6k \u2013 v\u00e4rldens underg\u00e5ng i den nordiska mytologin\" \/>\n<meta property=\"og:description\" content=\"Ragnar\u00f6k \u00e4r den nordiska traditionens eskatologiska myt: underg\u00e5ng och f\u00f6rnyelse av v\u00e4rlden. Religionsvetenskaplig kontextualisering med k\u00e4llor.\" \/>\n<meta property=\"og:url\" content=\"https:\/\/iwell-guard.com\/sv\/ragnarok-varldens-undergang-nordisk-mytologi\/\" \/>\n<meta property=\"og:site_name\" content=\"iWell Guard\" \/>\n<meta property=\"article:modified_time\" content=\"2026-09-03T01:16:21+00:00\" \/>\n<meta property=\"og:image\" content=\"https:\/\/iwell-guard.com\/wp-content\/uploads\/2026\/05\/phaenomene_germanisch_ragnaroek.webp\" \/>\n\t<meta property=\"og:image:width\" content=\"1024\" \/>\n\t<meta property=\"og:image:height\" content=\"1536\" \/>\n\t<meta property=\"og:image:type\" content=\"image\/webp\" \/>\n<meta name=\"twitter:card\" content=\"summary_large_image\" \/>\n<script type=\"application\/ld+json\" class=\"yoast-schema-graph\">{\"@context\":\"https:\\\/\\\/schema.org\",\"@graph\":[{\"@type\":\"WebPage\",\"@id\":\"https:\\\/\\\/iwell-guard.com\\\/sv\\\/ragnarok-varldens-undergang-nordisk-mytologi\\\/\",\"url\":\"https:\\\/\\\/iwell-guard.com\\\/sv\\\/ragnarok-varldens-undergang-nordisk-mytologi\\\/\",\"name\":\"Ragnar\u00f6k \u2013 underg\u00e5ng och f\u00f6rnyelse av v\u00e4rlden\",\"isPartOf\":{\"@id\":\"https:\\\/\\\/iwell-guard.com\\\/sv\\\/#website\"},\"primaryImageOfPage\":{\"@id\":\"https:\\\/\\\/iwell-guard.com\\\/sv\\\/ragnarok-varldens-undergang-nordisk-mytologi\\\/#primaryimage\"},\"image\":{\"@id\":\"https:\\\/\\\/iwell-guard.com\\\/sv\\\/ragnarok-varldens-undergang-nordisk-mytologi\\\/#primaryimage\"},\"thumbnailUrl\":\"https:\\\/\\\/iwell-guard.com\\\/wp-content\\\/uploads\\\/2026\\\/05\\\/phaenomene_germanisch_ragnaroek.webp\",\"datePublished\":\"2026-09-03T00:11:25+00:00\",\"dateModified\":\"2026-09-03T01:16:21+00:00\",\"description\":\"Ragnar\u00f6k \u00e4r den nordiska traditionens eskatologiska myt: underg\u00e5ng och f\u00f6rnyelse av v\u00e4rlden. Religionsvetenskaplig kontextualisering med k\u00e4llor.\",\"breadcrumb\":{\"@id\":\"https:\\\/\\\/iwell-guard.com\\\/sv\\\/ragnarok-varldens-undergang-nordisk-mytologi\\\/#breadcrumb\"},\"inLanguage\":\"sv-SE\",\"potentialAction\":[{\"@type\":\"ReadAction\",\"target\":[\"https:\\\/\\\/iwell-guard.com\\\/sv\\\/ragnarok-varldens-undergang-nordisk-mytologi\\\/\"]}]},{\"@type\":\"ImageObject\",\"inLanguage\":\"sv-SE\",\"@id\":\"https:\\\/\\\/iwell-guard.com\\\/sv\\\/ragnarok-varldens-undergang-nordisk-mytologi\\\/#primaryimage\",\"url\":\"https:\\\/\\\/iwell-guard.com\\\/wp-content\\\/uploads\\\/2026\\\/05\\\/phaenomene_germanisch_ragnaroek.webp\",\"contentUrl\":\"https:\\\/\\\/iwell-guard.com\\\/wp-content\\\/uploads\\\/2026\\\/05\\\/phaenomene_germanisch_ragnaroek.webp\",\"width\":1024,\"height\":1536,\"caption\":\"Fenomen fr\u00e5n den germanska traditionen.\"},{\"@type\":\"BreadcrumbList\",\"@id\":\"https:\\\/\\\/iwell-guard.com\\\/sv\\\/ragnarok-varldens-undergang-nordisk-mytologi\\\/#breadcrumb\",\"itemListElement\":[{\"@type\":\"ListItem\",\"position\":1,\"name\":\"Start\",\"item\":\"https:\\\/\\\/iwell-guard.com\\\/sv\\\/?page_id=136483\"},{\"@type\":\"ListItem\",\"position\":2,\"name\":\"Ragnar\u00f6k \u2013 v\u00e4rldens underg\u00e5ng i den nordiska mytologin\"}]},{\"@type\":\"WebSite\",\"@id\":\"https:\\\/\\\/iwell-guard.com\\\/sv\\\/#website\",\"url\":\"https:\\\/\\\/iwell-guard.com\\\/sv\\\/\",\"name\":\"iWell Guard\",\"description\":\"Schutz vor dunklen Einfl\u00fcssen\",\"publisher\":{\"@id\":\"https:\\\/\\\/iwell-guard.com\\\/sv\\\/#organization\"},\"potentialAction\":[{\"@type\":\"SearchAction\",\"target\":{\"@type\":\"EntryPoint\",\"urlTemplate\":\"https:\\\/\\\/iwell-guard.com\\\/sv\\\/?s={search_term_string}\"},\"query-input\":{\"@type\":\"PropertyValueSpecification\",\"valueRequired\":true,\"valueName\":\"search_term_string\"}}],\"inLanguage\":\"sv-SE\"},{\"@type\":\"Organization\",\"@id\":\"https:\\\/\\\/iwell-guard.com\\\/sv\\\/#organization\",\"name\":\"Ittermann electronic GmbH\",\"url\":\"https:\\\/\\\/iwell-guard.com\\\/sv\\\/\",\"logo\":{\"@type\":\"ImageObject\",\"inLanguage\":\"sv-SE\",\"@id\":\"https:\\\/\\\/iwell-guard.com\\\/sv\\\/#\\\/schema\\\/logo\\\/image\\\/\",\"url\":\"https:\\\/\\\/iwell-guard.com\\\/wp-content\\\/uploads\\\/2026\\\/05\\\/Ittermann-Logo-1182x237-1.png\",\"contentUrl\":\"https:\\\/\\\/iwell-guard.com\\\/wp-content\\\/uploads\\\/2026\\\/05\\\/Ittermann-Logo-1182x237-1.png\",\"width\":1182,\"height\":237,\"caption\":\"Ittermann electronic GmbH\"},\"image\":{\"@id\":\"https:\\\/\\\/iwell-guard.com\\\/sv\\\/#\\\/schema\\\/logo\\\/image\\\/\"},\"sameAs\":[\"https:\\\/\\\/pantip.com\\\/profile\\\/9367242\",\"https:\\\/\\\/micro.blog\\\/iwellguard\",\"https:\\\/\\\/www.diggerslist.com\\\/iwellguard\\\/about\",\"https:\\\/\\\/skitterphoto.com\\\/photographers\\\/2870314\\\/iwell-guard\",\"https:\\\/\\\/iwellguard.wordpress.com\\\/2026\\\/06\\\/06\\\/iwell-guard\\\/\",\"https:\\\/\\\/hub.docker.com\\\/u\\\/iwellguard\",\"https:\\\/\\\/www.pinterest.com\\\/iwellguard\\\/\",\"https:\\\/\\\/bit.ly\\\/m\\\/iwellguard\",\"https:\\\/\\\/entre-vos-mains.alsace.eu\\\/profiles\\\/iwellguard\\\/activity\",\"https:\\\/\\\/gravatar.com\\\/reallybeded8fd34\",\"https:\\\/\\\/naijamatta.com\\\/iwellguard\",\"https:\\\/\\\/www.goodreads.com\\\/iwellguard\",\"https:\\\/\\\/profile.hatena.ne.jp\\\/iwellguard\\\/\",\"https:\\\/\\\/experiment.com\\\/users\\\/iwellguard\",\"https:\\\/\\\/wakelet.com\\\/@iWellGuard82270\",\"https:\\\/\\\/www.chordie.com\\\/forum\\\/profile.php?id=2555664\",\"https:\\\/\\\/www.instapaper.com\\\/p\\\/17757966\",\"https:\\\/\\\/www.mapleprimes.com\\\/users\\\/iwellguard\",\"https:\\\/\\\/businesslistingplus.com\\\/profile\\\/iwell-guard\\\/\",\"https:\\\/\\\/telegra.ph\\\/iWell-Guard-06-06\",\"https:\\\/\\\/pbase.com\\\/iwellguard\\\/iwellguard\",\"https:\\\/\\\/b.hatena.ne.jp\\\/iwellguard\\\/20260607#bookmark-4788405196491818882\",\"https:\\\/\\\/fliphtml5.com\\\/home\\\/iwellguard\",\"https:\\\/\\\/anyflip.com\\\/homepage\\\/cmiwl#About\",\"https:\\\/\\\/transfur.com\\\/Users\\\/iwellguard\",\"http:\\\/\\\/delphi.larsbo.org\\\/user\\\/iwellguard\",\"https:\\\/\\\/jobs.lajobsportal.org\\\/profiles\\\/8380803-iwell-guard\",\"https:\\\/\\\/md.chaosdorf.de\\\/s\\\/jfbe5SBdJD\",\"https:\\\/\\\/www.lingvolive.com\\\/en-us\\\/profile\\\/9ecaeaca-ce11-4e51-9e71-01d55e2bff36\\\/translations\",\"https:\\\/\\\/www.fitday.com\\\/fitness\\\/forums\\\/members\\\/iwellguard.html\",\"https:\\\/\\\/www.mymeetbook.com\\\/iwellguard\",\"https:\\\/\\\/pxhere.com\\\/en\\\/photographer-me\\\/5040798\",\"https:\\\/\\\/disqus.com\\\/by\\\/iwellguard\\\/about\\\/\",\"https:\\\/\\\/pastelink.net\\\/hjwciqwq\",\"https:\\\/\\\/pubhtml5.com\\\/homepage\\\/scjhn\\\/\",\"https:\\\/\\\/www.bitchute.com\\\/channel\\\/2O2eOKzNqujT\",\"https:\\\/\\\/audiomack.com\\\/iwellguard\"]}]}<\/script>\n<!-- \/ Yoast SEO Premium plugin. -->","yoast_head_json":{"title":"Ragnar\u00f6k \u2013 underg\u00e5ng och f\u00f6rnyelse av v\u00e4rlden","description":"Ragnar\u00f6k \u00e4r den nordiska traditionens eskatologiska myt: underg\u00e5ng och f\u00f6rnyelse av v\u00e4rlden. Religionsvetenskaplig kontextualisering med k\u00e4llor.","robots":{"index":"index","follow":"follow","max-snippet":"max-snippet:-1","max-image-preview":"max-image-preview:large","max-video-preview":"max-video-preview:-1"},"canonical":"https:\/\/iwell-guard.com\/sv\/ragnarok-varldens-undergang-nordisk-mytologi\/","og_locale":"sv_SE","og_type":"article","og_title":"Ragnar\u00f6k \u2013 v\u00e4rldens underg\u00e5ng i den nordiska mytologin","og_description":"Ragnar\u00f6k \u00e4r den nordiska traditionens eskatologiska myt: underg\u00e5ng och f\u00f6rnyelse av v\u00e4rlden. Religionsvetenskaplig kontextualisering med k\u00e4llor.","og_url":"https:\/\/iwell-guard.com\/sv\/ragnarok-varldens-undergang-nordisk-mytologi\/","og_site_name":"iWell Guard","article_modified_time":"2026-09-03T01:16:21+00:00","og_image":[{"width":1024,"height":1536,"url":"https:\/\/iwell-guard.com\/wp-content\/uploads\/2026\/05\/phaenomene_germanisch_ragnaroek.webp","type":"image\/webp"}],"twitter_card":"summary_large_image","schema":{"@context":"https:\/\/schema.org","@graph":[{"@type":"WebPage","@id":"https:\/\/iwell-guard.com\/sv\/ragnarok-varldens-undergang-nordisk-mytologi\/","url":"https:\/\/iwell-guard.com\/sv\/ragnarok-varldens-undergang-nordisk-mytologi\/","name":"Ragnar\u00f6k \u2013 underg\u00e5ng och f\u00f6rnyelse av v\u00e4rlden","isPartOf":{"@id":"https:\/\/iwell-guard.com\/sv\/#website"},"primaryImageOfPage":{"@id":"https:\/\/iwell-guard.com\/sv\/ragnarok-varldens-undergang-nordisk-mytologi\/#primaryimage"},"image":{"@id":"https:\/\/iwell-guard.com\/sv\/ragnarok-varldens-undergang-nordisk-mytologi\/#primaryimage"},"thumbnailUrl":"https:\/\/iwell-guard.com\/wp-content\/uploads\/2026\/05\/phaenomene_germanisch_ragnaroek.webp","datePublished":"2026-09-03T00:11:25+00:00","dateModified":"2026-09-03T01:16:21+00:00","description":"Ragnar\u00f6k \u00e4r den nordiska traditionens eskatologiska myt: underg\u00e5ng och f\u00f6rnyelse av v\u00e4rlden. Religionsvetenskaplig kontextualisering med k\u00e4llor.","breadcrumb":{"@id":"https:\/\/iwell-guard.com\/sv\/ragnarok-varldens-undergang-nordisk-mytologi\/#breadcrumb"},"inLanguage":"sv-SE","potentialAction":[{"@type":"ReadAction","target":["https:\/\/iwell-guard.com\/sv\/ragnarok-varldens-undergang-nordisk-mytologi\/"]}]},{"@type":"ImageObject","inLanguage":"sv-SE","@id":"https:\/\/iwell-guard.com\/sv\/ragnarok-varldens-undergang-nordisk-mytologi\/#primaryimage","url":"https:\/\/iwell-guard.com\/wp-content\/uploads\/2026\/05\/phaenomene_germanisch_ragnaroek.webp","contentUrl":"https:\/\/iwell-guard.com\/wp-content\/uploads\/2026\/05\/phaenomene_germanisch_ragnaroek.webp","width":1024,"height":1536,"caption":"Fenomen fr\u00e5n den germanska traditionen."},{"@type":"BreadcrumbList","@id":"https:\/\/iwell-guard.com\/sv\/ragnarok-varldens-undergang-nordisk-mytologi\/#breadcrumb","itemListElement":[{"@type":"ListItem","position":1,"name":"Start","item":"https:\/\/iwell-guard.com\/sv\/?page_id=136483"},{"@type":"ListItem","position":2,"name":"Ragnar\u00f6k \u2013 v\u00e4rldens underg\u00e5ng i den nordiska mytologin"}]},{"@type":"WebSite","@id":"https:\/\/iwell-guard.com\/sv\/#website","url":"https:\/\/iwell-guard.com\/sv\/","name":"iWell Guard","description":"Schutz vor dunklen Einfl\u00fcssen","publisher":{"@id":"https:\/\/iwell-guard.com\/sv\/#organization"},"potentialAction":[{"@type":"SearchAction","target":{"@type":"EntryPoint","urlTemplate":"https:\/\/iwell-guard.com\/sv\/?s={search_term_string}"},"query-input":{"@type":"PropertyValueSpecification","valueRequired":true,"valueName":"search_term_string"}}],"inLanguage":"sv-SE"},{"@type":"Organization","@id":"https:\/\/iwell-guard.com\/sv\/#organization","name":"Ittermann electronic GmbH","url":"https:\/\/iwell-guard.com\/sv\/","logo":{"@type":"ImageObject","inLanguage":"sv-SE","@id":"https:\/\/iwell-guard.com\/sv\/#\/schema\/logo\/image\/","url":"https:\/\/iwell-guard.com\/wp-content\/uploads\/2026\/05\/Ittermann-Logo-1182x237-1.png","contentUrl":"https:\/\/iwell-guard.com\/wp-content\/uploads\/2026\/05\/Ittermann-Logo-1182x237-1.png","width":1182,"height":237,"caption":"Ittermann electronic GmbH"},"image":{"@id":"https:\/\/iwell-guard.com\/sv\/#\/schema\/logo\/image\/"},"sameAs":["https:\/\/pantip.com\/profile\/9367242","https:\/\/micro.blog\/iwellguard","https:\/\/www.diggerslist.com\/iwellguard\/about","https:\/\/skitterphoto.com\/photographers\/2870314\/iwell-guard","https:\/\/iwellguard.wordpress.com\/2026\/06\/06\/iwell-guard\/","https:\/\/hub.docker.com\/u\/iwellguard","https:\/\/www.pinterest.com\/iwellguard\/","https:\/\/bit.ly\/m\/iwellguard","https:\/\/entre-vos-mains.alsace.eu\/profiles\/iwellguard\/activity","https:\/\/gravatar.com\/reallybeded8fd34","https:\/\/naijamatta.com\/iwellguard","https:\/\/www.goodreads.com\/iwellguard","https:\/\/profile.hatena.ne.jp\/iwellguard\/","https:\/\/experiment.com\/users\/iwellguard","https:\/\/wakelet.com\/@iWellGuard82270","https:\/\/www.chordie.com\/forum\/profile.php?id=2555664","https:\/\/www.instapaper.com\/p\/17757966","https:\/\/www.mapleprimes.com\/users\/iwellguard","https:\/\/businesslistingplus.com\/profile\/iwell-guard\/","https:\/\/telegra.ph\/iWell-Guard-06-06","https:\/\/pbase.com\/iwellguard\/iwellguard","https:\/\/b.hatena.ne.jp\/iwellguard\/20260607#bookmark-4788405196491818882","https:\/\/fliphtml5.com\/home\/iwellguard","https:\/\/anyflip.com\/homepage\/cmiwl#About","https:\/\/transfur.com\/Users\/iwellguard","http:\/\/delphi.larsbo.org\/user\/iwellguard","https:\/\/jobs.lajobsportal.org\/profiles\/8380803-iwell-guard","https:\/\/md.chaosdorf.de\/s\/jfbe5SBdJD","https:\/\/www.lingvolive.com\/en-us\/profile\/9ecaeaca-ce11-4e51-9e71-01d55e2bff36\/translations","https:\/\/www.fitday.com\/fitness\/forums\/members\/iwellguard.html","https:\/\/www.mymeetbook.com\/iwellguard","https:\/\/pxhere.com\/en\/photographer-me\/5040798","https:\/\/disqus.com\/by\/iwellguard\/about\/","https:\/\/pastelink.net\/hjwciqwq","https:\/\/pubhtml5.com\/homepage\/scjhn\/","https:\/\/www.bitchute.com\/channel\/2O2eOKzNqujT","https:\/\/audiomack.com\/iwellguard"]}]}},"_links":{"self":[{"href":"https:\/\/iwell-guard.com\/sv\/wp-json\/wp\/v2\/pages\/136945","targetHints":{"allow":["GET"]}}],"collection":[{"href":"https:\/\/iwell-guard.com\/sv\/wp-json\/wp\/v2\/pages"}],"about":[{"href":"https:\/\/iwell-guard.com\/sv\/wp-json\/wp\/v2\/types\/page"}],"author":[{"embeddable":true,"href":"https:\/\/iwell-guard.com\/sv\/wp-json\/wp\/v2\/users\/3"}],"replies":[{"embeddable":true,"href":"https:\/\/iwell-guard.com\/sv\/wp-json\/wp\/v2\/comments?post=136945"}],"version-history":[{"count":0,"href":"https:\/\/iwell-guard.com\/sv\/wp-json\/wp\/v2\/pages\/136945\/revisions"}],"wp:featuredmedia":[{"embeddable":true,"href":"https:\/\/iwell-guard.com\/sv\/wp-json\/wp\/v2\/media\/3372"}],"wp:attachment":[{"href":"https:\/\/iwell-guard.com\/sv\/wp-json\/wp\/v2\/media?parent=136945"}],"wp:term":[{"taxonomy":"category","embeddable":true,"href":"https:\/\/iwell-guard.com\/sv\/wp-json\/wp\/v2\/categories?post=136945"}],"curies":[{"name":"wp","href":"https:\/\/api.w.org\/{rel}","templated":true}]}}