{"id":136943,"date":"2026-09-03T00:11:24","date_gmt":"2026-09-03T00:11:24","guid":{"rendered":"https:\/\/iwell-guard.com\/?page_id=136943"},"modified":"2026-09-03T01:16:20","modified_gmt":"2026-09-03T01:16:20","slug":"rama-vishnus-sjunde-avatara","status":"publish","type":"page","link":"https:\/\/iwell-guard.com\/sv\/rama-vishnus-sjunde-avatara\/","title":{"rendered":"Rama \u2013 Vishnus sjunde avatara"},"content":{"rendered":"\t\t<div data-elementor-type=\"wp-page\" data-elementor-id=\"136943\" class=\"elementor elementor-136943 elementor-2926 elementor-bc-flex-widget\" data-elementor-post-type=\"page\">\n\t\t\t\t<div class=\"elementor-element elementor-element-hero1baa694 e-flex e-con-boxed e-con e-parent\" data-id=\"hero1baa694\" data-element_type=\"container\" data-e-type=\"container\">\n\t\t\t\t\t<div class=\"e-con-inner\">\n\t\t\t\t<div class=\"elementor-element elementor-element-heroimgd11c513 iwg-hero-image elementor-widget elementor-widget-image\" data-id=\"heroimgd11c513\" data-element_type=\"widget\" data-e-type=\"widget\" data-widget_type=\"image.default\">\n\t\t\t\t\t\t\t\t\t\t\t\t\t\t\t<img fetchpriority=\"high\" decoding=\"async\" width=\"683\" height=\"1024\" src=\"https:\/\/iwell-guard.com\/wp-content\/uploads\/2026\/05\/goetter_hinduismus_rama-683x1024.webp\" class=\"attachment-large size-large wp-image-135945\" alt=\"Rama \u2013 gudar fr\u00e5n den hinduiska traditionen, historiskt-illustrativ\" srcset=\"https:\/\/iwell-guard.com\/wp-content\/uploads\/2026\/05\/goetter_hinduismus_rama-683x1024.webp 683w, https:\/\/iwell-guard.com\/wp-content\/uploads\/2026\/05\/goetter_hinduismus_rama-200x300.webp 200w, https:\/\/iwell-guard.com\/wp-content\/uploads\/2026\/05\/goetter_hinduismus_rama-768x1152.webp 768w, https:\/\/iwell-guard.com\/wp-content\/uploads\/2026\/05\/goetter_hinduismus_rama.webp 1024w\" sizes=\"(max-width: 683px) 100vw, 683px\" \/>\t\t\t\t\t\t\t\t\t\t\t\t\t\t\t<\/div>\n\t\t\t\t\t<\/div>\n\t\t\t\t<\/div>\n\t\t<div class=\"elementor-element elementor-element-iwgw-rama-hero e-flex e-con-boxed e-con e-parent\" data-id=\"iwgw-rama-hero\" data-element_type=\"container\" data-e-type=\"container\">\n\t\t\t\t\t<div class=\"e-con-inner\">\n\t\t\t\t<div class=\"elementor-element elementor-element-iwgw-rama-h1 elementor-widget elementor-widget-heading\" data-id=\"iwgw-rama-h1\" data-element_type=\"widget\" data-e-type=\"widget\" data-widget_type=\"heading.default\">\n\t\t\t\t\t<h1 class=\"elementor-heading-title elementor-size-default\">Rama \u2013 Vishnus sjunde avatara och hj\u00e4lte i Ramayana<\/h1>\t\t\t\t<\/div>\n\t\t\t\t<div class=\"elementor-element elementor-element-iwgw-rama-pills elementor-widget elementor-widget-html\" data-id=\"iwgw-rama-pills\" data-element_type=\"widget\" data-e-type=\"widget\" data-widget_type=\"html.default\">\n\t\t\t\t\t<div class=\"iwg-pill-row\"><span class=\"iwg-klasse-badge\" tabindex=\"0\" data-tooltip=\"Gud inom traditionen hinduism.\">Gud<\/span><a href=\"https:\/\/iwell-guard.com\/sv\/hinduism\/\" class=\"iwg-kultur-badge\" tabindex=\"0\" data-tooltip=\"Mytologi inom traditionen hinduism.\">Hinduism<\/a><span class=\"iwg-tradition-badge\" tabindex=\"0\" data-tooltip=\"Avatar.\">Avatar<\/span><\/div>\t\t\t\t<\/div>\n\t\t\t\t<div class=\"elementor-element elementor-element-iwgw-rama-lead elementor-widget elementor-widget-text-editor\" data-id=\"iwgw-rama-lead\" data-element_type=\"widget\" data-e-type=\"widget\" data-widget_type=\"text-editor.default\">\n\t\t\t\t\t\t\t\t\t<p>Rama betraktas som Vishnus sjunde avatara och som hj\u00e4lten i eposet Ramayana. Han f\u00f6rkroppsligar idealet om den r\u00e4ttf\u00e4rdige kungen och pliktuppfyllelsen. Hans historia, f\u00f6rlusten och \u00e5tervinnandet av Sita, pr\u00e4glar den religi\u00f6sa kulturen i Syd- och Sydostasien.<\/p>\t\t\t\t\t\t\t\t<\/div>\n\t\t\t\t\t<\/div>\n\t\t\t\t<\/div>\n\t\t<div class=\"elementor-element elementor-element-iwgw-rama-s0 e-flex e-con-boxed e-con e-parent\" data-id=\"iwgw-rama-s0\" data-element_type=\"container\" data-e-type=\"container\">\n\t\t\t\t\t<div class=\"e-con-inner\">\n\t\t\t\t<div class=\"elementor-element elementor-element-iwgw-rama-s0h elementor-widget elementor-widget-heading\" data-id=\"iwgw-rama-s0h\" data-element_type=\"widget\" data-e-type=\"widget\" data-widget_type=\"heading.default\">\n\t\t\t\t\t<h2 class=\"elementor-heading-title elementor-size-default\">Inordning<\/h2>\t\t\t\t<\/div>\n\t\t\t\t<div class=\"elementor-element elementor-element-iwgw-rama-s0t elementor-widget elementor-widget-text-editor\" data-id=\"iwgw-rama-s0t\" data-element_type=\"widget\" data-e-type=\"widget\" data-widget_type=\"text-editor.default\">\n\t\t\t\t\t\t\t\t\t<p>Rama tillh\u00f6r inom <a href=\"https:\/\/iwell-guard.com\/sv\/hinduism\/\">hinduismen<\/a> de tio huvudinkarnationerna av Vishnu och r\u00e4knas i den vanliga ordningen som sjunde avatara. Till skillnad fr\u00e5n de djur- eller blandgestaltade tidiga avatarorna framtr\u00e4der Rama i helt m\u00e4nsklig gestalt som prins och senare kung. D\u00e4rmed f\u00f6rskjuts tyngdpunkten fr\u00e5n det kosmiska hotet till fr\u00e5gan om det r\u00e4tta m\u00e4nskliga handlandet.<\/p><p>Huvudk\u00e4llan \u00e4r <em>Ramayana<\/em>, som tillskrivs den traditionsenlige diktaren Valmiki. Det r\u00e4knas som ett av Indiens tv\u00e5 stora epos och finns i talrika regionala och spr\u00e5kliga versioner.<\/p><p>Forskningen daterar oftast de \u00e4ldsta skikten av Valmiki-texten till de sista \u00e5rhundradena f\u00f6re v\u00e5r tider\u00e4kning, medan de inramande b\u00f6ckerna, d\u00e4r Rama uttryckligen betraktas som gudomlig, \u00e4r yngre. Denna m\u00e5ngfald av versioner \u00e4r religionsvetenskapligt betydelsefull, eftersom den visar hur ett stoff har \u00e5terber\u00e4ttats och tolkats p\u00e5 nytt genom \u00e5rhundradena.<\/p><p>Rama betraktas som sinnebilden f\u00f6r <em><span class=\"iwg-fachbegriff\" data-tooltip=\"I de indiska religionerna l\u00e4ran om och den r\u00e4tta ordningen f\u00f6r handlandet.\" tabindex=\"0\">dharma<\/span><\/em>, den r\u00e4tta ordningen och pliktuppfyllelsen. Hans beteende i sv\u00e5ra situationer betraktas i traditionen som f\u00f6rebildligt. Samtidigt har just n\u00e5gra av hans beslut, till exempel i hanteringen av hans f\u00f6ljeslagare Sita, l\u00e4nge diskuterats kontroversiellt, vilket g\u00f6r gestalten till ett st\u00e4ndigt f\u00f6rem\u00e5l f\u00f6r etisk reflektion.<\/p><p>Religionshistoriskt \u00e4r det anm\u00e4rkningsv\u00e4rt att gudomligg\u00f6randet av Rama skedde f\u00f6rst gradvis. I de \u00e4ldsta textskikten framtr\u00e4der han fr\u00e4mst som en idealisk m\u00e4nniska och hj\u00e4lte. F\u00f6rst under det f\u00f6rsta \u00e5rhundradet efter Kristi f\u00f6delse, med bhaktir\u00f6relsens uppg\u00e5ng, blev Rama en huvudgudom, \u00e5t vilken egna <span class=\"iwg-fachbegriff\" data-tooltip=\"En byggnad som anv\u00e4nds f\u00f6r dyrkan av en eller flera gudomar.\" tabindex=\"0\">tempel<\/span>, fester och teologiska skolor \u00e4gnades.<\/p>\t\t\t\t\t\t\t\t<\/div>\n\t\t\t\t\t<\/div>\n\t\t\t\t<\/div>\n\t\t<div class=\"elementor-element elementor-element-iwgw-rama-s1 e-flex e-con-boxed e-con e-parent\" data-id=\"iwgw-rama-s1\" data-element_type=\"container\" data-e-type=\"container\">\n\t\t\t\t\t<div class=\"e-con-inner\">\n\t\t\t\t<div class=\"elementor-element elementor-element-iwgw-rama-s1h elementor-widget elementor-widget-heading\" data-id=\"iwgw-rama-s1h\" data-element_type=\"widget\" data-e-type=\"widget\" data-widget_type=\"heading.default\">\n\t\t\t\t\t<h2 class=\"elementor-heading-title elementor-size-default\">Namn och etymologi<\/h2>\t\t\t\t<\/div>\n\t\t\t\t<div class=\"elementor-element elementor-element-iwgw-rama-s1t elementor-widget elementor-widget-text-editor\" data-id=\"iwgw-rama-s1t\" data-element_type=\"widget\" data-e-type=\"widget\" data-widget_type=\"text-editor.default\">\n\t\t\t\t\t\t\t\t\t<p>Namnet <em>Rama<\/em> f\u00f6rknippas p\u00e5 sanskrit med betydelser som den gl\u00e4djande, den behaglige eller den m\u00f6rke. I det religi\u00f6sa spr\u00e5kbruket har namnet sj\u00e4lvt f\u00e5tt h\u00f6g betydelse och reciteras ofta i bhaktipraktiken. F\u00f6rbindelsen Sita-Rama \u00e4r en vanlig <span class=\"iwg-fachbegriff\" data-tooltip=\"Den bedjande eller besv\u00e4rjande tilltalet till en gudom eller makt.\" tabindex=\"0\">\u00e5kallan<\/span> som n\u00e4mner det gudomliga paret tillsammans.<\/p><p>Rama b\u00e4r flera tillnamn som pekar p\u00e5 hans ursprung och verkan. <em>Raghava<\/em> betecknar honom som \u00e4ttling till sl\u00e4kten Raghu, <em>Ramachandra<\/em> j\u00e4mf\u00f6r honom med m\u00e5nens sk\u00f6nhet, <em>Dasharathi<\/em> kallar honom son till kung Dasharatha. Beteckningar som <em>Kosalendra<\/em> h\u00e4nvisar till hans herrav\u00e4lde \u00f6ver landet Kosala, andra namn till hans h\u00e4rkomst fr\u00e5n solsl\u00e4kten.<\/p><p>I det religi\u00f6sa livet har den upprepade <span class=\"iwg-fachbegriff\" data-tooltip=\"Den bedjande eller besv\u00e4rjande tilltalet till en gudom eller makt.\" tabindex=\"0\">\u00e5kallan<\/span> av namnet, till exempel i formen Ram eller i formeln Sita-Ram, en fast plats i flera bhaktitraditioner.<\/p><p>Reformatorer och diktare under de senaste \u00e5rhundradena har gjort Ramas namn till en central del av sin fromhetspraktik. I n\u00e5gra riktningar, till exempel hos diktaren Kabir, uppfattades Ram samtidigt som namnet p\u00e5 ett forml\u00f6st, h\u00f6gsta gudomligt v\u00e4sen som g\u00e5r bortom den episka gestalten.<\/p>\t\t\t\t\t\t\t\t<\/div>\n\t\t\t\t\t<\/div>\n\t\t\t\t<\/div>\n\t\t<div class=\"elementor-element elementor-element-iwgw-rama-s2 e-flex e-con-boxed e-con e-parent\" data-id=\"iwgw-rama-s2\" data-element_type=\"container\" data-e-type=\"container\">\n\t\t\t\t\t<div class=\"e-con-inner\">\n\t\t\t\t<div class=\"elementor-element elementor-element-iwgw-rama-s2h elementor-widget elementor-widget-heading\" data-id=\"iwgw-rama-s2h\" data-element_type=\"widget\" data-e-type=\"widget\" data-widget_type=\"heading.default\">\n\t\t\t\t\t<h2 class=\"elementor-heading-title elementor-size-default\">Beskrivning och ikonografi<\/h2>\t\t\t\t<\/div>\n\t\t\t\t<div class=\"elementor-element elementor-element-iwgw-rama-s2t elementor-widget elementor-widget-text-editor\" data-id=\"iwgw-rama-s2t\" data-element_type=\"widget\" data-e-type=\"widget\" data-widget_type=\"text-editor.default\">\n\t\t\t\t\t\t\t\t\t<p>Rama avbildas i bildtraditionen oftast som en ungdomlig, v\u00e4rdig prins. Ofta framst\u00e4lls hans hud i m\u00f6rk eller m\u00f6rkbl\u00e5 f\u00e4rg, vilket ikonografiskt f\u00f6rbinder honom med <a href=\"https:\/\/iwell-guard.com\/sv\/vishnu\/\">Vishnu<\/a>. Hans karakteristiska attribut \u00e4r den stora b\u00e5gen, som pekar p\u00e5 hans roll som krigare och beskyddare, ofta h\u00e5ller han dessutom en pil eller ett koger.<\/p><p>Mycket vanlig \u00e4r framst\u00e4llningen som grupp, den s\u00e5 kallade Rama-Parivar. Den visar Rama tillsammans med sin f\u00f6ljeslagare Sita, sin trogne bror Lakshmana och apahj\u00e4lten Hanuman, som ofta kn\u00e4b\u00f6jer i tj\u00e4nande h\u00e5llning vid parets f\u00f6tter. Denna bildgrupp \u00e4r vanlig i tempel och hemaltare och sammanfattar eposets centrala relationer.<\/p><p>D\u00e4rtill finns framst\u00e4llningar av enskilda scener ur eposet, till exempel Rama n\u00e4r han sp\u00e4nner eller bryter Shivas stora b\u00e5ge under friandet av Sita, i striden mot demonkungen Ravana eller vid \u00e5terkomsten till sin hemstad Ayodhya.<\/p><p>Ikonografin betonar genomg\u00e5ende f\u00f6rbindelsen mellan kunglig v\u00e4rdighet, krigisk duglighet och sedlig f\u00f6rebildlighet. I den nordindiska miniatyrm\u00e5lningen och i v\u00e4ggm\u00e5lningarna i sydindiska och sydostasiatiska <span class=\"iwg-fachbegriff\" data-tooltip=\"En byggnad som anv\u00e4nds f\u00f6r dyrkan av en eller flera gudomar.\" tabindex=\"0\">tempel<\/span> finns hela bildcykler av Ramayana bevarade.<\/p>\t\t\t\t\t\t\t\t<\/div>\n\t\t\t\t\t<\/div>\n\t\t\t\t<\/div>\n\t\t<div class=\"elementor-element elementor-element-iwgw-rama-s3 e-flex e-con-boxed e-con e-parent\" data-id=\"iwgw-rama-s3\" data-element_type=\"container\" data-e-type=\"container\">\n\t\t\t\t\t<div class=\"e-con-inner\">\n\t\t\t\t<div class=\"elementor-element elementor-element-iwgw-rama-s3h elementor-widget elementor-widget-heading\" data-id=\"iwgw-rama-s3h\" data-element_type=\"widget\" data-e-type=\"widget\" data-widget_type=\"heading.default\">\n\t\t\t\t\t<h2 class=\"elementor-heading-title elementor-size-default\">Mytologiska ber\u00e4ttelser<\/h2>\t\t\t\t<\/div>\n\t\t\t\t<div class=\"elementor-element elementor-element-iwgw-rama-s3t elementor-widget elementor-widget-text-editor\" data-id=\"iwgw-rama-s3t\" data-element_type=\"widget\" data-e-type=\"widget\" data-widget_type=\"text-editor.default\">\n\t\t\t\t\t\t\t\t\t<p><em>Ramayana<\/em> skildrar Ramas liv fr\u00e5n f\u00f6delsen till kungsv\u00e4rdigheten. Rama \u00e4r den \u00e4ldste sonen till kung Dasharatha av Ayodhya och ska som r\u00e4ttm\u00e4tig arvinge bestiga tronen.<\/p><p>I sin ungdom f\u00f6ljer han vismannen Vishvamitra, skyddar dennes offereld mot demoner och vinner vid en t\u00e4vling vid hovet i Mithila Sitas hand genom att som ende man sp\u00e4nna Shivas v\u00e4ldiga b\u00e5ge, som d\u00e4rvid brister.<\/p><p>P\u00e5 grund av ett gammalt l\u00f6fte som kungen gett sin gem\u00e5l Kaikeyi skickas Rama dock strax f\u00f6re sin kr\u00f6ning i fjorton \u00e5rs landsflykt i skogen, medan Kaikeyis son Bharata ska f\u00e5 tronen.<\/p><p>I st\u00e4llet f\u00f6r att s\u00e4tta sig till motv\u00e4rn accepterar Rama landsflykten som ett uttryck f\u00f6r pliktuppfyllelse. Hans f\u00f6ljeslagare Sita och hans bror Lakshmana f\u00f6ljer honom frivilligt. Bharata v\u00e4grar dock att g\u00f6ra anspr\u00e5k p\u00e5 tronen f\u00f6r egen del och regerar endast som st\u00e4llf\u00f6retr\u00e4dare genom att placera Ramas sandaler p\u00e5 tronen.<\/p><p>I skogen blir Sita bortf\u00f6rd av Ravana, den tiohuvade demonkungen p\u00e5 \u00f6n Lanka, sedan denne med ett knep i form av en guldhjort skilt henne fr\u00e5n hennes beskyddare.<\/p><p>Den efterf\u00f6ljande s\u00f6kandet och befrielsen av Sita utg\u00f6r huvuddelen av epet. Rama f\u00f6rbund sig med apfolket, vars kung Sugriva han hj\u00e4lper till tronen och vars viktigaste hj\u00e4lte \u00e4r Hanuman.<\/p><p>Hanuman hoppar \u00f6ver havet, finner Sita f\u00e5ngen i <span class=\"iwg-fachbegriff\" data-tooltip=\"En helig lund som anv\u00e4ndes som kultplats.\" tabindex=\"0\">lunden<\/span> p\u00e5 Lanka och \u00f6verl\u00e4mnar till henne ett tecken fr\u00e5n Rama. D\u00e4refter bygger apah\u00e4ren en \u00f6verg\u00e5ng till \u00f6n, och slutligen utk\u00e4mpas det stora slaget d\u00e4r Ravana och hans krigare besegras.<\/p><p>Efter segern \u00e5terv\u00e4nder Rama med Sita och sina f\u00f6ljeslagare till Ayodhya och tilltr\u00e4der kungav\u00e4rdigheten. Hans regeringstid ben\u00e4mns i traditionen <em>Ramarajya<\/em>, sinnebilden f\u00f6r ett r\u00e4ttvist och fridfullt styre d\u00e4r v\u00e4lst\u00e5nd och ordning r\u00e5der.<\/p><p>Den sista boken i epet skildrar dock \u00e4ven ett senare, bittert avsnitt: p\u00e5 grund av rykten bland folket om tiden f\u00f6r Sitas f\u00e5ngenskap f\u00f6rvisar Rama henne, trots att hon \u00e4r gravid.<\/p><p>Hon finner tillflykt hos vismannen Valmiki och f\u00f6der tvillingarna Lava och Kusha. Till slut \u00e5terv\u00e4nder Sita till jorden, ur vilken hon enligt <span class=\"iwg-fachbegriff\" data-tooltip=\"\u00d6verf\u00f6ringen av kunskap och ber\u00e4ttelser genom generationer.\" tabindex=\"0\">traditionen<\/span> en g\u00e5ng framg\u00e5tt. Detta avsnitt har l\u00e4nge uppfattats som etiskt problematiskt och behandlas olika i de skilda versionerna eller utel\u00e4mnas helt.<\/p><p>De olika regionala Ramayana-versionerna l\u00e4gger tyngdpunkten p\u00e5 olika saker. Den tamilska versionen av Kamban, hindiversionen av Tulsidas med titeln <em>Ramcharitmanas<\/em>, den bengaliska Ramayana av Krittibas och m\u00e5nga andra bearbetningar betonar dels h\u00e4ngivenheten till Rama, dels den kungliga plikten, medan andra ger enskilda gestalter som Sita eller Hanuman st\u00f6rre betydelse.<\/p><p>Denna m\u00e5ngfald g\u00f6r epet till ett levande stoff som st\u00e4ndigt tolkas p\u00e5 nytt.<\/p>\t\t\t\t\t\t\t\t<\/div>\n\t\t\t\t\t<\/div>\n\t\t\t\t<\/div>\n\t\t<div class=\"elementor-element elementor-element-iwgw-rama-s4 e-flex e-con-boxed e-con e-parent\" data-id=\"iwgw-rama-s4\" data-element_type=\"container\" data-e-type=\"container\">\n\t\t\t\t\t<div class=\"e-con-inner\">\n\t\t\t\t<div class=\"elementor-element elementor-element-iwgw-rama-s4h elementor-widget elementor-widget-heading\" data-id=\"iwgw-rama-s4h\" data-element_type=\"widget\" data-e-type=\"widget\" data-widget_type=\"heading.default\">\n\t\t\t\t\t<h2 class=\"elementor-heading-title elementor-size-default\">Kult och v\u00f6rdnad<\/h2>\t\t\t\t<\/div>\n\t\t\t\t<div class=\"elementor-element elementor-element-iwgw-rama-s4t elementor-widget elementor-widget-text-editor\" data-id=\"iwgw-rama-s4t\" data-element_type=\"widget\" data-e-type=\"widget\" data-widget_type=\"text-editor.default\">\n\t\t\t\t\t\t\t\t\t<p>V\u00f6rdnaden av Rama \u00e4r spridd \u00f6ver stora delar av Indien och har s\u00e4rskilt h\u00f6g st\u00e4llning i Nordindien.<\/p><p>Viktiga platser \u00e4r staden Ayodhya, som anses vara hans f\u00f6ddelse- och maktplats, vidare orter som f\u00f6rknippas med landsflykten, till exempel Chitrakut och Nashik, samt Rameswaram l\u00e4ngst i s\u00f6der, d\u00e4r Rama enligt <span class=\"iwg-fachbegriff\" data-tooltip=\"\u00d6verf\u00f6ringen av kunskap och ber\u00e4ttelser genom generationer.\" tabindex=\"0\">traditionen<\/span> utf\u00f6rde en v\u00f6rdnad av Shiva innan \u00f6verg\u00e5ngen till Lanka.<\/p><p>M\u00e5nga <span class=\"iwg-fachbegriff\" data-tooltip=\"En byggnad som anv\u00e4nds f\u00f6r v\u00f6rdnad av en eller flera gudomligheter.\" tabindex=\"0\">tempel<\/span> \u00e4r till\u00e4gnade bildgruppen Rama-Parivar. Den \u00e5rliga festen Ramanavami firar Ramas framtr\u00e4dande p\u00e5 v\u00e5ren.<\/p><p>En framst\u00e5ende roll spelar de folkliga f\u00f6rest\u00e4llningarna av epet, Ramlila, d\u00e4r episoder ur Ramas liv gestaltas scenisk under flera dagar, ofta med br\u00e4nningen av j\u00e4ttelika Ravana-figurer som h\u00f6jdpunkt.<\/p><p>H\u00f6stfesten Dussehra minns segern \u00f6ver Ravana, ljusfesten Diwali f\u00f6rknippas p\u00e5 m\u00e5nga h\u00e5ll med Ramas \u00e5terkomst till Ayodhya, som de rader av oljelampor ska p\u00e5minna om.<\/p><p>Bhakti-diktningen har djupt pr\u00e4glat v\u00f6rdnaden av Rama. Reformatorer och diktare fr\u00e5n g\u00e5ngna sekler skrev regionalspr\u00e5kiga versioner av epet, av vilka <em>Ramcharitmanas<\/em> av Tulsidas fr\u00e5n det sextonde \u00e5rhundradet fick s\u00e4rskilt stor spridning och blev tillg\u00e4nglig f\u00f6r den religi\u00f6sa praktiken hos breda befolkningsskikt.<\/p><p>Egna gemenskaper som Ramanandi-asketerna \u00e4gnar sig i f\u00f6rsta hand \u00e5t v\u00f6rdnaden av Rama. \u00c4ven den trogne tj\u00e4naren Hanuman \u00e4r f\u00f6rem\u00e5l f\u00f6r en egen, mycket spridd v\u00f6rdnad, som \u00e4r n\u00e4ra f\u00f6rbunden med Rama-<span class=\"iwg-fachbegriff\" data-tooltip=\"Den levda religi\u00f6sa h\u00e5llningen och praktiken hos en m\u00e4nniska.\" tabindex=\"0\">fr\u00f6mmigheten<\/span>.<\/p>\t\t\t\t\t\t\t\t<\/div>\n\t\t\t\t\t<\/div>\n\t\t\t\t<\/div>\n\t\t<div class=\"elementor-element elementor-element-iwgw-rama-s5 e-flex e-con-boxed e-con e-parent\" data-id=\"iwgw-rama-s5\" data-element_type=\"container\" data-e-type=\"container\">\n\t\t\t\t\t<div class=\"e-con-inner\">\n\t\t\t\t<div class=\"elementor-element elementor-element-iwgw-rama-s5h elementor-widget elementor-widget-heading\" data-id=\"iwgw-rama-s5h\" data-element_type=\"widget\" data-e-type=\"widget\" data-widget_type=\"heading.default\">\n\t\t\t\t\t<h2 class=\"elementor-heading-title elementor-size-default\">Skyddspraxis och apotrop\u00e4iskt<\/h2>\t\t\t\t<\/div>\n\t\t\t\t<div class=\"elementor-element elementor-element-iwgw-rama-s5t elementor-widget elementor-widget-text-editor\" data-id=\"iwgw-rama-s5t\" data-element_type=\"widget\" data-e-type=\"widget\" data-widget_type=\"text-editor.default\">\n\t\t\t\t\t\t\t\t\t<p>Kring v\u00f6rdnaden av Rama har olika former utvecklats som inom <span class=\"iwg-fachbegriff\" data-tooltip=\"Vetenskapen som unders\u00f6ker religioner j\u00e4mf\u00f6rande och utan trosbundenhet.\" tabindex=\"0\">religionsvetenskapen<\/span> beskrivs som <span class=\"iwg-fachbegriff\" data-tooltip=\"Ont avv\u00e4rjande: om tecken och f\u00f6rem\u00e5l som ska h\u00e5lla skadliga inflytelser borta.\" tabindex=\"0\">apotrop\u00e4iska<\/span>.<\/p><p>Till dessa h\u00f6r reciterandet av namnet, ofta i formen Ram, l\u00e4sning eller \u00e5h\u00f6rande av avsnitt ur epet samt v\u00f6rdnaden av gestalten Hanuman, som \u00e4r n\u00e4ra f\u00f6rbunden med Rama och i m\u00e5nga traditioner betraktas som en kraftfull skyddsfigur. \u00c4ven hymner som Ramaraksha-Stotra reciteras som skyddsb\u00f6ner.<\/p><p>Den mytologiska grunden \u00e4r ber\u00e4ttelsen sj\u00e4lv, i vilken Rama \u00e5teruppr\u00e4ttar ordning och r\u00e4ttvisa och avl\u00e4gsnar hotet fr\u00e5n demonkungen.<\/p><p>Ramas st\u00e5ndaktighet i landsflykt och strid uppfattas i traditionen som ett f\u00f6red\u00f6me som de troende ska orientera sig efter i sina egna liv. Hanuman, som anses os\u00e5rbar genom sin trohet mot Rama, \u00e5kallas s\u00e4rskilt f\u00f6r att avv\u00e4rja fruktan och fientliga makter.<\/p><p>Religionshistoriskt b\u00f6r noteras att dessa sedv\u00e4njor framst\u00e4lls som traderade trosf\u00f6rest\u00e4llningar. En saklig framst\u00e4llning beskriver dem som en del av traditionen och tillskriver dem ingen objektiv, kontrollerbar skyddsverkan. Vetenskapligt intressant \u00e4r hur n\u00e4ra etiskt f\u00f6red\u00f6me och skyddstillit \u00e4r f\u00f6rbundna med varandra i Rama-<span class=\"iwg-fachbegriff\" data-tooltip=\"Den levda religi\u00f6sa h\u00e5llningen och praktiken hos en m\u00e4nniska.\" tabindex=\"0\">fr\u00f6mmigheten<\/span>.<\/p>\t\t\t\t\t\t\t\t<\/div>\n\t\t\t\t\t<\/div>\n\t\t\t\t<\/div>\n\t\t<div class=\"elementor-element elementor-element-iwgw-rama-s6 e-flex e-con-boxed e-con e-parent\" data-id=\"iwgw-rama-s6\" data-element_type=\"container\" data-e-type=\"container\">\n\t\t\t\t\t<div class=\"e-con-inner\">\n\t\t\t\t<div class=\"elementor-element elementor-element-iwgw-rama-s6h elementor-widget elementor-widget-heading\" data-id=\"iwgw-rama-s6h\" data-element_type=\"widget\" data-e-type=\"widget\" data-widget_type=\"heading.default\">\n\t\t\t\t\t<h2 class=\"elementor-heading-title elementor-size-default\">Paralleller i andra kulturer<\/h2>\t\t\t\t<\/div>\n\t\t\t\t<div class=\"elementor-element elementor-element-iwgw-rama-s6t elementor-widget elementor-widget-text-editor\" data-id=\"iwgw-rama-s6t\" data-element_type=\"widget\" data-e-type=\"widget\" data-widget_type=\"text-editor.default\">\n\t\t\t\t\t\t\t\t\t<p>Ramayana har f\u00e5tt en anm\u00e4rkningsv\u00e4rd spridning utanf\u00f6r Indien. I Sydostasien, till exempel i kulturerna i dagens Thailand med Ramakien, i Kambodja med Reamker, i Laos och i Indonesien, har egna versioner av ber\u00e4ttelsen uppst\u00e5tt, som lever vidare i litteratur, skuggteater, dans och bildkonst.<\/p><p>Reliefer fr\u00e5n Angkor och Prambanan h\u00f6r till de mest imponerande vittnesb\u00f6rden. Dessa versioner \u00e4r egna kulturella bedrifter, inte enbart \u00f6vers\u00e4ttningar, och anpassar ber\u00e4ttelsen delvis till buddhistiska eller lokala f\u00f6rest\u00e4llningar.<\/p><p>Den j\u00e4mf\u00f6rande forskningen har satt enskilda motiv i eposet, till exempel bortf\u00f6randet av f\u00f6ljeslagarinnan och det efterf\u00f6ljande kriget f\u00f6r att \u00e5tervinna henne, i relation till ber\u00e4ttelser fr\u00e5n andra traditioner. S\u00e5dana j\u00e4mf\u00f6relser bel\u00e4gger inget direkt beroende, men uppm\u00e4rksammar \u00e5terkommande narrativa m\u00f6nster, exempelvis m\u00f6nstret med hj\u00e4ltens resa med f\u00f6rvisning, pr\u00f6vning och \u00e5terkomst.<\/p><p>Inom det indiska religionsrummet st\u00e5r Rama i raden av <a href=\"https:\/\/iwell-guard.com\/sv\/vishnu\/\">Vishnus<\/a> avatarer. J\u00e4mf\u00f6relsen med andra avatarer och med <a href=\"https:\/\/iwell-guard.com\/sv\/shiva\/\">Shiva<\/a> g\u00f6r det m\u00f6jligt att beskriva olika modeller av det gudomliga, fr\u00e5n en djurgestalts kosmiska ingripande till det m\u00e4nskligt levda idealet f\u00f6r r\u00e4tt handlande.<\/p><p>Medan Krishna i Mahabharata f\u00f6rkroppsligar den gudomliga leken och den h\u00e4ngivna k\u00e4rleken, st\u00e5r Rama f\u00f6r bundenheten till plikt och ordning, s\u00e5 att de tv\u00e5 m\u00e4nniskogestaltade avatarerna erbjuder varandra kompletterande v\u00e4rdebilder.<\/p>\t\t\t\t\t\t\t\t<\/div>\n\t\t\t\t\t<\/div>\n\t\t\t\t<\/div>\n\t\t<div class=\"elementor-element elementor-element-iwgw-rama-s7 e-flex e-con-boxed e-con e-parent\" data-id=\"iwgw-rama-s7\" data-element_type=\"container\" data-e-type=\"container\">\n\t\t\t\t\t<div class=\"e-con-inner\">\n\t\t\t\t<div class=\"elementor-element elementor-element-iwgw-rama-s7h elementor-widget elementor-widget-heading\" data-id=\"iwgw-rama-s7h\" data-element_type=\"widget\" data-e-type=\"widget\" data-widget_type=\"heading.default\">\n\t\t\t\t\t<h2 class=\"elementor-heading-title elementor-size-default\">Nutida mottagande och forskning<\/h2>\t\t\t\t<\/div>\n\t\t\t\t<div class=\"elementor-element elementor-element-iwgw-rama-s7t elementor-widget elementor-widget-text-editor\" data-id=\"iwgw-rama-s7t\" data-element_type=\"widget\" data-e-type=\"widget\" data-widget_type=\"text-editor.default\">\n\t\t\t\t\t\t\t\t\t<p>Rama \u00e4r starkt n\u00e4rvarande i dagens kultur i Indien och Sydostasien. Eposet bearbetas st\u00e4ndigt p\u00e5 nytt i film, tv, serietidningar och digitala medier.<\/p><p>Den flerdelade tv-filmatiseringen av Ramayana n\u00e5dde i slutet av \u00e5ttiotalet en enormt stor publik och pr\u00e4glade varaktigt den visuella bilden av gestalten. Ramlila-f\u00f6rest\u00e4llningarna och de stora festerna med anknytning till Rama \u00e4r en fast del av det offentliga livet.<\/p><p>Samtidigt har gestalten Rama ocks\u00e5 laddats politiskt. <span class=\"iwg-fachbegriff\" data-tooltip=\"Vetenskapen som j\u00e4mf\u00f6rande och utan trosbindning utforskar religioner.\" tabindex=\"0\">Religionsvetenskapen<\/span> och historievetenskapen unders\u00f6ker hur ber\u00e4ttelsen i modern tid har tagits i anspr\u00e5k f\u00f6r olika samh\u00e4lleliga och politiska syften, s\u00e4rskilt i samband med striderna om Ayodhya.<\/p><p>Denna forskning betraktar receptionshistorien kritiskt och s\u00e4tter den i sitt historiska sammanhang, utan att f\u00f6rminska gestaltens religi\u00f6sa betydelse.<\/p><p>Den akademiska syssels\u00e4ttningen med Ramayana omfattar texthistoria, j\u00e4mf\u00f6relse av de m\u00e5nga regionala versionerna, ikonografi och socialhistoria. Av s\u00e4rskilt intresse \u00e4r versionernas m\u00e5ngfald, den gradvisa f\u00f6rgudligandet av Rama och den fortsatta etiska diskussionen om enskilda episoder, framf\u00f6r allt om behandlingen av Sita.<\/p><p>\u00c4ven feministiskt pr\u00e4glade l\u00e4sningar, som s\u00e4tter Sita i centrum, h\u00f6r i dag till forskningen. Rama f\u00f6rblir d\u00e4rmed ett centralt forsknings\u00e4mne inom indologin och den j\u00e4mf\u00f6rande <span class=\"iwg-fachbegriff\" data-tooltip=\"Vetenskapen som j\u00e4mf\u00f6rande och utan trosbindning utforskar religioner.\" tabindex=\"0\">religionsvetenskapen<\/span>.<\/p>\t\t\t\t\t\t\t\t<\/div>\n\t\t\t\t\t<\/div>\n\t\t\t\t<\/div>\n\t\t<div class=\"elementor-element elementor-element-iwgw-rama-lit e-flex e-con-boxed e-con e-parent\" data-id=\"iwgw-rama-lit\" data-element_type=\"container\" data-e-type=\"container\">\n\t\t\t\t\t<div class=\"e-con-inner\">\n\t\t\t\t<div class=\"elementor-element elementor-element-iwgw-rama-lith elementor-widget elementor-widget-heading\" data-id=\"iwgw-rama-lith\" data-element_type=\"widget\" data-e-type=\"widget\" data-widget_type=\"heading.default\">\n\t\t\t\t\t<h2 class=\"elementor-heading-title elementor-size-default\">Litteratur (urval)<\/h2>\t\t\t\t<\/div>\n\t\t\t\t<div class=\"elementor-element elementor-element-iwgw-rama-litt elementor-widget elementor-widget-text-editor\" data-id=\"iwgw-rama-litt\" data-element_type=\"widget\" data-e-type=\"widget\" data-widget_type=\"text-editor.default\">\n\t\t\t\t\t\t\t\t\t<ul><li>Gavin Flood: <em>An Introduction to Hinduism<\/em> (1996)<\/li><li>Wendy Doniger: <em>The Hindus. An Alternative History<\/em> (2009)<\/li><li>Klaus K. Klostermaier: <em>A Survey of Hinduism<\/em> (2007)<\/li><li>Robert P. Goldman (red.): <em>The Ramayana of Valmiki. An Epic of Ancient India<\/em> (1984 ff.)<\/li><li>Paula Richman (red.): <em>Many Ramayanas. The Diversity of a Narrative Tradition in South Asia<\/em> (1991)<\/li><\/ul>\t\t\t\t\t\t\t\t<\/div>\n\t\t\t\t\t<\/div>\n\t\t\t\t<\/div>\n\t\t<div class=\"elementor-element elementor-element-iwgw-rama-kwd e-flex e-con-boxed e-con e-parent\" data-id=\"iwgw-rama-kwd\" data-element_type=\"container\" data-e-type=\"container\">\n\t\t\t\t\t<div class=\"e-con-inner\">\n\t\t\t\t<div class=\"elementor-element elementor-element-iwgw-rama-kwdt elementor-widget elementor-widget-text-editor\" data-id=\"iwgw-rama-kwdt\" data-element_type=\"widget\" data-e-type=\"widget\" data-widget_type=\"text-editor.default\">\n\t\t\t\t\t\t\t\t\t<p><em>Relaterade nyckelbegrepp: Rama Vishnu Ramayana Sita Hanuman Ravana Ayodhya <span class=\"iwg-fachbegriff\" data-tooltip=\"I de indiska religionerna l\u00e4ran om och den r\u00e4tta ordningen f\u00f6r handlandet.\" tabindex=\"0\">Dharma<\/span>.<\/em><\/p>\t\t\t\t\t\t\t\t<\/div>\n\t\t\t\t\t<\/div>\n\t\t\t\t<\/div>\n\t\t<div class=\"elementor-element elementor-element-iwgw-rama-cc e-flex e-con-boxed e-con e-parent\" data-id=\"iwgw-rama-cc\" data-element_type=\"container\" data-e-type=\"container\" id=\"iwg-cc-rama\">\n\t\t\t\t\t<div class=\"e-con-inner\">\n\t\t<div class=\"elementor-element elementor-element-iwgw-rama-ccinner e-flex e-con-boxed e-con e-parent\" data-id=\"iwgw-rama-ccinner\" data-element_type=\"container\" data-e-type=\"container\" data-settings=\"{&quot;background_background&quot;:&quot;classic&quot;}\">\n\t\t\t\t\t<div class=\"e-con-inner\">\n\t\t\t\t<div class=\"elementor-element elementor-element-iwgw-rama-cch elementor-widget elementor-widget-heading\" data-id=\"iwgw-rama-cch\" data-element_type=\"widget\" data-e-type=\"widget\" data-widget_type=\"heading.default\">\n\t\t\t\t\t<h2 class=\"elementor-heading-title elementor-size-default\">iWell Guard och skyddstraditioner<\/h2>\t\t\t\t<\/div>\n\t\t\t\t<div class=\"elementor-element elementor-element-iwgw-rama-cct elementor-widget elementor-widget-text-editor\" data-id=\"iwgw-rama-cct\" data-element_type=\"widget\" data-e-type=\"widget\" data-widget_type=\"text-editor.default\">\n\t\t\t\t\t\t\t\t\t<div data-nosnippet=\"true\"><p>iWell Guard bygger vidare p\u00e5 den kulturhistoriska traditionen av b\u00e4rbara skyddsobjekt, i traditionen fr\u00e5n <a href=\"https:\/\/iwell-guard.com\/sv\/hinduism\/\">hinduismen<\/a> och m\u00e5nga andra kulturer v\u00e4rlden \u00f6ver. 41 niv\u00e5er, \u00e4kta guld, platina, silver, tillverkad i Tyskland. 30 dagars returr\u00e4tt.<\/p><\/div>\t\t\t\t\t\t\t\t<\/div>\n\t\t\t\t<div class=\"elementor-element elementor-element-iwgw-rama-ccb iwg-cc-button iwg-cc-cta-2026-05-13 elementor-widget elementor-widget-jet-button\" data-id=\"iwgw-rama-ccb\" data-element_type=\"widget\" data-e-type=\"widget\" data-widget_type=\"jet-button.default\">\n\t\t\t\t<div class=\"elementor-widget-container\">\n\t\t\t\t\t<div class=\"elementor-jet-button jet-elements\"><div class=\"jet-button__container\"><a class=\"jet-button__instance jet-button__instance--icon-left hover-effect-1\" href=\"\/ueber-iwell-guard\/?utm_source=iwell-guard.com&amp;utm_medium=info-box&amp;utm_campaign=wesen-tradition\"><div class=\"jet-button__plane jet-button__plane-normal\"><\/div><div class=\"jet-button__plane jet-button__plane-hover\"><\/div><div class=\"jet-button__state jet-button__state-normal\"><span class=\"jet-button__label\">Mer om iWell Guard<\/span><\/div><div class=\"jet-button__state jet-button__state-hover\"><span class=\"jet-button__label\">Mer om iWell Guard<\/span><\/div><\/a><\/div><\/div><style>.elementor-element.elementor-element-iwgw-rama-ccb .jet-button__instance{width:320px;height:56px;}.elementor-element.elementor-element-iwgw-rama-ccb .jet-button__state-normal .jet-button__label{text-align:center;margin:0px 0px 0px 0px;color:#1a1b20;font-family:Montserrat,sans-serif;font-size:13px;font-weight:400;letter-spacing:4px;line-height:1.714em;text-transform:uppercase;}.elementor-element.elementor-element-iwgw-rama-ccb .jet-button__state-hover .jet-button__label{text-align:center;margin:0px 0px 0px 0px;color:#FECC76;font-family:Montserrat,sans-serif;font-size:13px;font-weight:400;letter-spacing:4px;line-height:1.714em;text-transform:uppercase;}.elementor-element.elementor-element-iwgw-rama-ccb .jet-button__plane-normal{background-color:#FECC76;border-style:solid;border-color:#C99540;border-width:2px 2px 2px 2px;}.elementor-element.elementor-element-iwgw-rama-ccb .jet-button__plane-hover{background-color:rgba(0,0,0,0.55);border-style:solid;border-color:#FECC76;border-width:2px 2px 2px 2px;}<\/style>\t\t\t\t<\/div>\n\t\t\t\t<\/div>\n\t\t\t\t<div class=\"elementor-element elementor-element-iwgw-rama-ccd elementor-widget elementor-widget-text-editor\" data-id=\"iwgw-rama-ccd\" data-element_type=\"widget\" data-e-type=\"widget\" data-widget_type=\"text-editor.default\">\n\t\t\t\t\t\t\t\t\t<div data-nosnippet=\"true\"><p style=\"text-align:center;font-size:13px;opacity:0.7;margin-top:14px\" data-nosnippet=\"true\">Personliga erfarenheter kan variera. Ingen medicinteknisk produkt. Inget l\u00f6fte om l\u00e4kning.<\/p><\/div>\t\t\t\t\t\t\t\t<\/div>\n\t\t\t\t\t<\/div>\n\t\t\t\t<\/div>\n\t\t\t\t\t<\/div>\n\t\t\t\t<\/div>\n\t\t<div class=\"elementor-element elementor-element-iwgw-rama-disc e-flex e-con-boxed e-con e-parent\" data-id=\"iwgw-rama-disc\" data-element_type=\"container\" data-e-type=\"container\">\n\t\t\t\t\t<div class=\"e-con-inner\">\n\t\t\t\t<div class=\"elementor-element elementor-element-iwgw-rama-discw elementor-widget elementor-widget-html\" data-id=\"iwgw-rama-discw\" data-element_type=\"widget\" data-e-type=\"widget\" data-widget_type=\"html.default\">\n\t\t\t\t\t<footer data-nosnippet=\"true\" class=\"iwg-disclaimer-block\"><p data-nosnippet=\"true\">iWell Guard \u00e4r <strong>ingen medicinteknisk produkt<\/strong> och ers\u00e4tter inte l\u00e4karv\u00e5rd eller psykoterapeutisk behandling. De religionsvetenskapliga inneh\u00e5llen \u00e4r kulturhistorisk inordning, ingen andlig praxisrekommendation.<\/p><\/footer>\t\t\t\t<\/div>\n\t\t\t\t\t<\/div>\n\t\t\t\t<\/div>\n\t\t\t\t<\/div>\n\t\t","protected":false},"excerpt":{"rendered":"","protected":false},"author":3,"featured_media":3378,"parent":0,"menu_order":0,"comment_status":"closed","ping_status":"closed","template":"elementor_header_footer","meta":{"_yoast_wpseo_focuskw":"Rama Vishnus avatara","_yoast_wpseo_title":"Rama - hj\u00e4lte i eposet Ramayana och pliktuppfyllelse","_yoast_wpseo_metadesc":"Rama, Vishnus sjunde avatara, \u00e4r hj\u00e4lten i Ramayana och en symbol f\u00f6r dharmiskt kungad\u00f6me. Huvudk\u00e4llan \u00e4r eposet som tillskrivs Valmiki.","_yoast_wpseo_meta-robots-noindex":"","_yoast_wpseo_canonical":"","_angie_page":false,"gefaehrdungsstufe":"","wesen_kultur":"","wesen_klasse":"","footnotes":""},"categories":[],"class_list":["post-136943","page","type-page","status-publish","has-post-thumbnail","hentry"],"yoast_head":"<!-- This site is optimized with the Yoast SEO Premium plugin v27.7 (Yoast SEO v28.3) - https:\/\/yoast.com\/product\/yoast-seo-premium-wordpress\/ -->\n<title>Rama - hj\u00e4lte i eposet Ramayana och pliktuppfyllelse<\/title>\n<meta name=\"description\" content=\"Rama, Vishnus sjunde avatara, \u00e4r hj\u00e4lten i Ramayana och en symbol f\u00f6r dharmiskt kungad\u00f6me. Huvudk\u00e4llan \u00e4r eposet som tillskrivs Valmiki.\" \/>\n<meta name=\"robots\" content=\"index, follow, max-snippet:-1, max-image-preview:large, max-video-preview:-1\" \/>\n<link rel=\"canonical\" href=\"https:\/\/iwell-guard.com\/sv\/rama-vishnus-sjunde-avatara\/\" \/>\n<meta property=\"og:locale\" content=\"sv_SE\" \/>\n<meta property=\"og:type\" content=\"article\" \/>\n<meta property=\"og:title\" content=\"Rama \u2013 Vishnus sjunde avatara\" \/>\n<meta property=\"og:description\" content=\"Rama, Vishnus sjunde avatara, \u00e4r hj\u00e4lten i Ramayana och en symbol f\u00f6r dharmiskt kungad\u00f6me. Huvudk\u00e4llan \u00e4r eposet som tillskrivs Valmiki.\" \/>\n<meta property=\"og:url\" content=\"https:\/\/iwell-guard.com\/sv\/rama-vishnus-sjunde-avatara\/\" \/>\n<meta property=\"og:site_name\" content=\"iWell Guard\" \/>\n<meta property=\"article:modified_time\" content=\"2026-09-03T01:16:20+00:00\" \/>\n<meta property=\"og:image\" content=\"https:\/\/iwell-guard.com\/wp-content\/uploads\/2026\/05\/goetter_hinduismus_rama.webp\" \/>\n\t<meta property=\"og:image:width\" content=\"1024\" \/>\n\t<meta property=\"og:image:height\" content=\"1536\" \/>\n\t<meta property=\"og:image:type\" content=\"image\/webp\" \/>\n<meta name=\"twitter:card\" content=\"summary_large_image\" \/>\n<script type=\"application\/ld+json\" class=\"yoast-schema-graph\">{\"@context\":\"https:\\\/\\\/schema.org\",\"@graph\":[{\"@type\":\"WebPage\",\"@id\":\"https:\\\/\\\/iwell-guard.com\\\/sv\\\/rama-vishnus-sjunde-avatara\\\/\",\"url\":\"https:\\\/\\\/iwell-guard.com\\\/sv\\\/rama-vishnus-sjunde-avatara\\\/\",\"name\":\"Rama - hj\u00e4lte i eposet Ramayana och pliktuppfyllelse\",\"isPartOf\":{\"@id\":\"https:\\\/\\\/iwell-guard.com\\\/sv\\\/#website\"},\"primaryImageOfPage\":{\"@id\":\"https:\\\/\\\/iwell-guard.com\\\/sv\\\/rama-vishnus-sjunde-avatara\\\/#primaryimage\"},\"image\":{\"@id\":\"https:\\\/\\\/iwell-guard.com\\\/sv\\\/rama-vishnus-sjunde-avatara\\\/#primaryimage\"},\"thumbnailUrl\":\"https:\\\/\\\/iwell-guard.com\\\/wp-content\\\/uploads\\\/2026\\\/05\\\/goetter_hinduismus_rama.webp\",\"datePublished\":\"2026-09-03T00:11:24+00:00\",\"dateModified\":\"2026-09-03T01:16:20+00:00\",\"description\":\"Rama, Vishnus sjunde avatara, \u00e4r hj\u00e4lten i Ramayana och en symbol f\u00f6r dharmiskt kungad\u00f6me. Huvudk\u00e4llan \u00e4r eposet som tillskrivs Valmiki.\",\"breadcrumb\":{\"@id\":\"https:\\\/\\\/iwell-guard.com\\\/sv\\\/rama-vishnus-sjunde-avatara\\\/#breadcrumb\"},\"inLanguage\":\"sv-SE\",\"potentialAction\":[{\"@type\":\"ReadAction\",\"target\":[\"https:\\\/\\\/iwell-guard.com\\\/sv\\\/rama-vishnus-sjunde-avatara\\\/\"]}]},{\"@type\":\"ImageObject\",\"inLanguage\":\"sv-SE\",\"@id\":\"https:\\\/\\\/iwell-guard.com\\\/sv\\\/rama-vishnus-sjunde-avatara\\\/#primaryimage\",\"url\":\"https:\\\/\\\/iwell-guard.com\\\/wp-content\\\/uploads\\\/2026\\\/05\\\/goetter_hinduismus_rama.webp\",\"contentUrl\":\"https:\\\/\\\/iwell-guard.com\\\/wp-content\\\/uploads\\\/2026\\\/05\\\/goetter_hinduismus_rama.webp\",\"width\":1024,\"height\":1536,\"caption\":\"Gudar fr\u00e5n den hinduiska traditionen.\"},{\"@type\":\"BreadcrumbList\",\"@id\":\"https:\\\/\\\/iwell-guard.com\\\/sv\\\/rama-vishnus-sjunde-avatara\\\/#breadcrumb\",\"itemListElement\":[{\"@type\":\"ListItem\",\"position\":1,\"name\":\"Start\",\"item\":\"https:\\\/\\\/iwell-guard.com\\\/sv\\\/?page_id=136483\"},{\"@type\":\"ListItem\",\"position\":2,\"name\":\"Rama \u2013 Vishnus sjunde avatara\"}]},{\"@type\":\"WebSite\",\"@id\":\"https:\\\/\\\/iwell-guard.com\\\/sv\\\/#website\",\"url\":\"https:\\\/\\\/iwell-guard.com\\\/sv\\\/\",\"name\":\"iWell Guard\",\"description\":\"Schutz vor dunklen Einfl\u00fcssen\",\"publisher\":{\"@id\":\"https:\\\/\\\/iwell-guard.com\\\/sv\\\/#organization\"},\"potentialAction\":[{\"@type\":\"SearchAction\",\"target\":{\"@type\":\"EntryPoint\",\"urlTemplate\":\"https:\\\/\\\/iwell-guard.com\\\/sv\\\/?s={search_term_string}\"},\"query-input\":{\"@type\":\"PropertyValueSpecification\",\"valueRequired\":true,\"valueName\":\"search_term_string\"}}],\"inLanguage\":\"sv-SE\"},{\"@type\":\"Organization\",\"@id\":\"https:\\\/\\\/iwell-guard.com\\\/sv\\\/#organization\",\"name\":\"Ittermann electronic GmbH\",\"url\":\"https:\\\/\\\/iwell-guard.com\\\/sv\\\/\",\"logo\":{\"@type\":\"ImageObject\",\"inLanguage\":\"sv-SE\",\"@id\":\"https:\\\/\\\/iwell-guard.com\\\/sv\\\/#\\\/schema\\\/logo\\\/image\\\/\",\"url\":\"https:\\\/\\\/iwell-guard.com\\\/wp-content\\\/uploads\\\/2026\\\/05\\\/Ittermann-Logo-1182x237-1.png\",\"contentUrl\":\"https:\\\/\\\/iwell-guard.com\\\/wp-content\\\/uploads\\\/2026\\\/05\\\/Ittermann-Logo-1182x237-1.png\",\"width\":1182,\"height\":237,\"caption\":\"Ittermann electronic GmbH\"},\"image\":{\"@id\":\"https:\\\/\\\/iwell-guard.com\\\/sv\\\/#\\\/schema\\\/logo\\\/image\\\/\"},\"sameAs\":[\"https:\\\/\\\/pantip.com\\\/profile\\\/9367242\",\"https:\\\/\\\/micro.blog\\\/iwellguard\",\"https:\\\/\\\/www.diggerslist.com\\\/iwellguard\\\/about\",\"https:\\\/\\\/skitterphoto.com\\\/photographers\\\/2870314\\\/iwell-guard\",\"https:\\\/\\\/iwellguard.wordpress.com\\\/2026\\\/06\\\/06\\\/iwell-guard\\\/\",\"https:\\\/\\\/hub.docker.com\\\/u\\\/iwellguard\",\"https:\\\/\\\/www.pinterest.com\\\/iwellguard\\\/\",\"https:\\\/\\\/bit.ly\\\/m\\\/iwellguard\",\"https:\\\/\\\/entre-vos-mains.alsace.eu\\\/profiles\\\/iwellguard\\\/activity\",\"https:\\\/\\\/gravatar.com\\\/reallybeded8fd34\",\"https:\\\/\\\/naijamatta.com\\\/iwellguard\",\"https:\\\/\\\/www.goodreads.com\\\/iwellguard\",\"https:\\\/\\\/profile.hatena.ne.jp\\\/iwellguard\\\/\",\"https:\\\/\\\/experiment.com\\\/users\\\/iwellguard\",\"https:\\\/\\\/wakelet.com\\\/@iWellGuard82270\",\"https:\\\/\\\/www.chordie.com\\\/forum\\\/profile.php?id=2555664\",\"https:\\\/\\\/www.instapaper.com\\\/p\\\/17757966\",\"https:\\\/\\\/www.mapleprimes.com\\\/users\\\/iwellguard\",\"https:\\\/\\\/businesslistingplus.com\\\/profile\\\/iwell-guard\\\/\",\"https:\\\/\\\/telegra.ph\\\/iWell-Guard-06-06\",\"https:\\\/\\\/pbase.com\\\/iwellguard\\\/iwellguard\",\"https:\\\/\\\/b.hatena.ne.jp\\\/iwellguard\\\/20260607#bookmark-4788405196491818882\",\"https:\\\/\\\/fliphtml5.com\\\/home\\\/iwellguard\",\"https:\\\/\\\/anyflip.com\\\/homepage\\\/cmiwl#About\",\"https:\\\/\\\/transfur.com\\\/Users\\\/iwellguard\",\"http:\\\/\\\/delphi.larsbo.org\\\/user\\\/iwellguard\",\"https:\\\/\\\/jobs.lajobsportal.org\\\/profiles\\\/8380803-iwell-guard\",\"https:\\\/\\\/md.chaosdorf.de\\\/s\\\/jfbe5SBdJD\",\"https:\\\/\\\/www.lingvolive.com\\\/en-us\\\/profile\\\/9ecaeaca-ce11-4e51-9e71-01d55e2bff36\\\/translations\",\"https:\\\/\\\/www.fitday.com\\\/fitness\\\/forums\\\/members\\\/iwellguard.html\",\"https:\\\/\\\/www.mymeetbook.com\\\/iwellguard\",\"https:\\\/\\\/pxhere.com\\\/en\\\/photographer-me\\\/5040798\",\"https:\\\/\\\/disqus.com\\\/by\\\/iwellguard\\\/about\\\/\",\"https:\\\/\\\/pastelink.net\\\/hjwciqwq\",\"https:\\\/\\\/pubhtml5.com\\\/homepage\\\/scjhn\\\/\",\"https:\\\/\\\/www.bitchute.com\\\/channel\\\/2O2eOKzNqujT\",\"https:\\\/\\\/audiomack.com\\\/iwellguard\"]}]}<\/script>\n<!-- \/ Yoast SEO Premium plugin. -->","yoast_head_json":{"title":"Rama - hj\u00e4lte i eposet Ramayana och pliktuppfyllelse","description":"Rama, Vishnus sjunde avatara, \u00e4r hj\u00e4lten i Ramayana och en symbol f\u00f6r dharmiskt kungad\u00f6me. Huvudk\u00e4llan \u00e4r eposet som tillskrivs Valmiki.","robots":{"index":"index","follow":"follow","max-snippet":"max-snippet:-1","max-image-preview":"max-image-preview:large","max-video-preview":"max-video-preview:-1"},"canonical":"https:\/\/iwell-guard.com\/sv\/rama-vishnus-sjunde-avatara\/","og_locale":"sv_SE","og_type":"article","og_title":"Rama \u2013 Vishnus sjunde avatara","og_description":"Rama, Vishnus sjunde avatara, \u00e4r hj\u00e4lten i Ramayana och en symbol f\u00f6r dharmiskt kungad\u00f6me. Huvudk\u00e4llan \u00e4r eposet som tillskrivs Valmiki.","og_url":"https:\/\/iwell-guard.com\/sv\/rama-vishnus-sjunde-avatara\/","og_site_name":"iWell Guard","article_modified_time":"2026-09-03T01:16:20+00:00","og_image":[{"width":1024,"height":1536,"url":"https:\/\/iwell-guard.com\/wp-content\/uploads\/2026\/05\/goetter_hinduismus_rama.webp","type":"image\/webp"}],"twitter_card":"summary_large_image","schema":{"@context":"https:\/\/schema.org","@graph":[{"@type":"WebPage","@id":"https:\/\/iwell-guard.com\/sv\/rama-vishnus-sjunde-avatara\/","url":"https:\/\/iwell-guard.com\/sv\/rama-vishnus-sjunde-avatara\/","name":"Rama - hj\u00e4lte i eposet Ramayana och pliktuppfyllelse","isPartOf":{"@id":"https:\/\/iwell-guard.com\/sv\/#website"},"primaryImageOfPage":{"@id":"https:\/\/iwell-guard.com\/sv\/rama-vishnus-sjunde-avatara\/#primaryimage"},"image":{"@id":"https:\/\/iwell-guard.com\/sv\/rama-vishnus-sjunde-avatara\/#primaryimage"},"thumbnailUrl":"https:\/\/iwell-guard.com\/wp-content\/uploads\/2026\/05\/goetter_hinduismus_rama.webp","datePublished":"2026-09-03T00:11:24+00:00","dateModified":"2026-09-03T01:16:20+00:00","description":"Rama, Vishnus sjunde avatara, \u00e4r hj\u00e4lten i Ramayana och en symbol f\u00f6r dharmiskt kungad\u00f6me. Huvudk\u00e4llan \u00e4r eposet som tillskrivs Valmiki.","breadcrumb":{"@id":"https:\/\/iwell-guard.com\/sv\/rama-vishnus-sjunde-avatara\/#breadcrumb"},"inLanguage":"sv-SE","potentialAction":[{"@type":"ReadAction","target":["https:\/\/iwell-guard.com\/sv\/rama-vishnus-sjunde-avatara\/"]}]},{"@type":"ImageObject","inLanguage":"sv-SE","@id":"https:\/\/iwell-guard.com\/sv\/rama-vishnus-sjunde-avatara\/#primaryimage","url":"https:\/\/iwell-guard.com\/wp-content\/uploads\/2026\/05\/goetter_hinduismus_rama.webp","contentUrl":"https:\/\/iwell-guard.com\/wp-content\/uploads\/2026\/05\/goetter_hinduismus_rama.webp","width":1024,"height":1536,"caption":"Gudar fr\u00e5n den hinduiska traditionen."},{"@type":"BreadcrumbList","@id":"https:\/\/iwell-guard.com\/sv\/rama-vishnus-sjunde-avatara\/#breadcrumb","itemListElement":[{"@type":"ListItem","position":1,"name":"Start","item":"https:\/\/iwell-guard.com\/sv\/?page_id=136483"},{"@type":"ListItem","position":2,"name":"Rama \u2013 Vishnus sjunde avatara"}]},{"@type":"WebSite","@id":"https:\/\/iwell-guard.com\/sv\/#website","url":"https:\/\/iwell-guard.com\/sv\/","name":"iWell Guard","description":"Schutz vor dunklen Einfl\u00fcssen","publisher":{"@id":"https:\/\/iwell-guard.com\/sv\/#organization"},"potentialAction":[{"@type":"SearchAction","target":{"@type":"EntryPoint","urlTemplate":"https:\/\/iwell-guard.com\/sv\/?s={search_term_string}"},"query-input":{"@type":"PropertyValueSpecification","valueRequired":true,"valueName":"search_term_string"}}],"inLanguage":"sv-SE"},{"@type":"Organization","@id":"https:\/\/iwell-guard.com\/sv\/#organization","name":"Ittermann electronic GmbH","url":"https:\/\/iwell-guard.com\/sv\/","logo":{"@type":"ImageObject","inLanguage":"sv-SE","@id":"https:\/\/iwell-guard.com\/sv\/#\/schema\/logo\/image\/","url":"https:\/\/iwell-guard.com\/wp-content\/uploads\/2026\/05\/Ittermann-Logo-1182x237-1.png","contentUrl":"https:\/\/iwell-guard.com\/wp-content\/uploads\/2026\/05\/Ittermann-Logo-1182x237-1.png","width":1182,"height":237,"caption":"Ittermann electronic GmbH"},"image":{"@id":"https:\/\/iwell-guard.com\/sv\/#\/schema\/logo\/image\/"},"sameAs":["https:\/\/pantip.com\/profile\/9367242","https:\/\/micro.blog\/iwellguard","https:\/\/www.diggerslist.com\/iwellguard\/about","https:\/\/skitterphoto.com\/photographers\/2870314\/iwell-guard","https:\/\/iwellguard.wordpress.com\/2026\/06\/06\/iwell-guard\/","https:\/\/hub.docker.com\/u\/iwellguard","https:\/\/www.pinterest.com\/iwellguard\/","https:\/\/bit.ly\/m\/iwellguard","https:\/\/entre-vos-mains.alsace.eu\/profiles\/iwellguard\/activity","https:\/\/gravatar.com\/reallybeded8fd34","https:\/\/naijamatta.com\/iwellguard","https:\/\/www.goodreads.com\/iwellguard","https:\/\/profile.hatena.ne.jp\/iwellguard\/","https:\/\/experiment.com\/users\/iwellguard","https:\/\/wakelet.com\/@iWellGuard82270","https:\/\/www.chordie.com\/forum\/profile.php?id=2555664","https:\/\/www.instapaper.com\/p\/17757966","https:\/\/www.mapleprimes.com\/users\/iwellguard","https:\/\/businesslistingplus.com\/profile\/iwell-guard\/","https:\/\/telegra.ph\/iWell-Guard-06-06","https:\/\/pbase.com\/iwellguard\/iwellguard","https:\/\/b.hatena.ne.jp\/iwellguard\/20260607#bookmark-4788405196491818882","https:\/\/fliphtml5.com\/home\/iwellguard","https:\/\/anyflip.com\/homepage\/cmiwl#About","https:\/\/transfur.com\/Users\/iwellguard","http:\/\/delphi.larsbo.org\/user\/iwellguard","https:\/\/jobs.lajobsportal.org\/profiles\/8380803-iwell-guard","https:\/\/md.chaosdorf.de\/s\/jfbe5SBdJD","https:\/\/www.lingvolive.com\/en-us\/profile\/9ecaeaca-ce11-4e51-9e71-01d55e2bff36\/translations","https:\/\/www.fitday.com\/fitness\/forums\/members\/iwellguard.html","https:\/\/www.mymeetbook.com\/iwellguard","https:\/\/pxhere.com\/en\/photographer-me\/5040798","https:\/\/disqus.com\/by\/iwellguard\/about\/","https:\/\/pastelink.net\/hjwciqwq","https:\/\/pubhtml5.com\/homepage\/scjhn\/","https:\/\/www.bitchute.com\/channel\/2O2eOKzNqujT","https:\/\/audiomack.com\/iwellguard"]}]}},"_links":{"self":[{"href":"https:\/\/iwell-guard.com\/sv\/wp-json\/wp\/v2\/pages\/136943","targetHints":{"allow":["GET"]}}],"collection":[{"href":"https:\/\/iwell-guard.com\/sv\/wp-json\/wp\/v2\/pages"}],"about":[{"href":"https:\/\/iwell-guard.com\/sv\/wp-json\/wp\/v2\/types\/page"}],"author":[{"embeddable":true,"href":"https:\/\/iwell-guard.com\/sv\/wp-json\/wp\/v2\/users\/3"}],"replies":[{"embeddable":true,"href":"https:\/\/iwell-guard.com\/sv\/wp-json\/wp\/v2\/comments?post=136943"}],"version-history":[{"count":0,"href":"https:\/\/iwell-guard.com\/sv\/wp-json\/wp\/v2\/pages\/136943\/revisions"}],"wp:featuredmedia":[{"embeddable":true,"href":"https:\/\/iwell-guard.com\/sv\/wp-json\/wp\/v2\/media\/3378"}],"wp:attachment":[{"href":"https:\/\/iwell-guard.com\/sv\/wp-json\/wp\/v2\/media?parent=136943"}],"wp:term":[{"taxonomy":"category","embeddable":true,"href":"https:\/\/iwell-guard.com\/sv\/wp-json\/wp\/v2\/categories?post=136943"}],"curies":[{"name":"wp","href":"https:\/\/api.w.org\/{rel}","templated":true}]}}