{"id":136939,"date":"2026-09-03T00:11:22","date_gmt":"2026-09-03T00:11:22","guid":{"rendered":"https:\/\/iwell-guard.com\/?page_id=136939"},"modified":"2026-09-03T01:16:13","modified_gmt":"2026-09-03T01:16:13","slug":"utukku-dodsandar-underjordsdemoner","status":"publish","type":"page","link":"https:\/\/iwell-guard.com\/sv\/utukku-dodsandar-underjordsdemoner\/","title":{"rendered":"Utukku \u2013 d\u00f6dsandar och underjordsdemoner"},"content":{"rendered":"\t\t<div data-elementor-type=\"wp-page\" data-elementor-id=\"136939\" class=\"elementor elementor-136939 elementor-2922 elementor-bc-flex-widget\" data-elementor-post-type=\"page\">\n\t\t\t\t<div class=\"elementor-element elementor-element-heroae1e90b e-flex e-con-boxed e-con e-parent\" data-id=\"heroae1e90b\" data-element_type=\"container\" data-e-type=\"container\">\n\t\t\t\t\t<div class=\"e-con-inner\">\n\t\t\t\t<div class=\"elementor-element elementor-element-heroimg37adfaf iwg-hero-image elementor-widget elementor-widget-image\" data-id=\"heroimg37adfaf\" data-element_type=\"widget\" data-e-type=\"widget\" data-widget_type=\"image.default\">\n\t\t\t\t\t\t\t\t\t\t\t\t\t\t\t<img fetchpriority=\"high\" decoding=\"async\" width=\"683\" height=\"1024\" src=\"https:\/\/iwell-guard.com\/wp-content\/uploads\/2026\/05\/daemonen_mesopotamien_utukku-683x1024.webp\" class=\"attachment-large size-large wp-image-135943\" alt=\"Utukku - demoner fr\u00e5n den mesopotamiska traditionen, historisk-illustrativt\" srcset=\"https:\/\/iwell-guard.com\/wp-content\/uploads\/2026\/05\/daemonen_mesopotamien_utukku-683x1024.webp 683w, https:\/\/iwell-guard.com\/wp-content\/uploads\/2026\/05\/daemonen_mesopotamien_utukku-200x300.webp 200w, https:\/\/iwell-guard.com\/wp-content\/uploads\/2026\/05\/daemonen_mesopotamien_utukku-768x1152.webp 768w, https:\/\/iwell-guard.com\/wp-content\/uploads\/2026\/05\/daemonen_mesopotamien_utukku.webp 1024w\" sizes=\"(max-width: 683px) 100vw, 683px\" \/>\t\t\t\t\t\t\t\t\t\t\t\t\t\t\t<\/div>\n\t\t\t\t\t<\/div>\n\t\t\t\t<\/div>\n\t\t<div class=\"elementor-element elementor-element-iwgw-utukku-hero e-flex e-con-boxed e-con e-parent\" data-id=\"iwgw-utukku-hero\" data-element_type=\"container\" data-e-type=\"container\">\n\t\t\t\t\t<div class=\"e-con-inner\">\n\t\t\t\t<div class=\"elementor-element elementor-element-iwgw-utukku-h1 elementor-widget elementor-widget-heading\" data-id=\"iwgw-utukku-h1\" data-element_type=\"widget\" data-e-type=\"widget\" data-widget_type=\"heading.default\">\n\t\t\t\t\t<h1 class=\"elementor-heading-title elementor-size-default\">Utukku \u2013 mesopotamiska d\u00f6dsandar och underjordsdemoner<\/h1>\t\t\t\t<\/div>\n\t\t\t\t<div class=\"elementor-element elementor-element-iwgw-utukku-pills elementor-widget elementor-widget-html\" data-id=\"iwgw-utukku-pills\" data-element_type=\"widget\" data-e-type=\"widget\" data-widget_type=\"html.default\">\n\t\t\t\t\t<div class=\"iwg-pill-row\"><span class=\"iwg-klasse-badge\" tabindex=\"0\" data-tooltip=\"Demon i den mesopotamiska traditionen.\">Demon<\/span><a href=\"https:\/\/iwell-guard.com\/sv\/mesopotamien\/\" class=\"iwg-kultur-badge\" tabindex=\"0\" data-tooltip=\"Mytologi i den mesopotamiska traditionen.\">Mesopotamien<\/a><span class=\"iwg-tradition-badge\" tabindex=\"0\" data-tooltip=\"D\u00f6dsande.\">D\u00f6dsande<\/span><\/div>\t\t\t\t<\/div>\n\t\t\t\t<div class=\"elementor-element elementor-element-iwgw-utukku-lead elementor-widget elementor-widget-text-editor\" data-id=\"iwgw-utukku-lead\" data-element_type=\"widget\" data-e-type=\"widget\" data-widget_type=\"text-editor.default\">\n\t\t\t\t\t\t\t\t\t<p>Utukku \u00e4r inte en enskild varelse, utan en samlingsbeteckning f\u00f6r en klass av mesopotamiska andev\u00e4sen. De r\u00f6rde sig mellan underjorden och de levandes v\u00e4rld, ans\u00e5gs orsaka sjukdom och olycka och stod i centrum f\u00f6r en omfattande besv\u00e4rjelselitteratur.<\/p>\t\t\t\t\t\t\t\t<\/div>\n\t\t\t\t\t<\/div>\n\t\t\t\t<\/div>\n\t\t<div class=\"elementor-element elementor-element-iwgw-utukku-s0 e-flex e-con-boxed e-con e-parent\" data-id=\"iwgw-utukku-s0\" data-element_type=\"container\" data-e-type=\"container\">\n\t\t\t\t\t<div class=\"e-con-inner\">\n\t\t\t\t<div class=\"elementor-element elementor-element-iwgw-utukku-s0h elementor-widget elementor-widget-heading\" data-id=\"iwgw-utukku-s0h\" data-element_type=\"widget\" data-e-type=\"widget\" data-widget_type=\"heading.default\">\n\t\t\t\t\t<h2 class=\"elementor-heading-title elementor-size-default\">Inordning<\/h2>\t\t\t\t<\/div>\n\t\t\t\t<div class=\"elementor-element elementor-element-iwgw-utukku-s0t elementor-widget elementor-widget-text-editor\" data-id=\"iwgw-utukku-s0t\" data-element_type=\"widget\" data-e-type=\"widget\" data-widget_type=\"text-editor.default\">\n\t\t\t\t\t\t\t\t\t<p>Begreppet utukku h\u00f6r till den mesopotamiska demonologins vokabul\u00e4r. Det betecknar ingen enskild, klart avgr\u00e4nsad gestalt, utan en hel kategori av andev\u00e4sen som under \u00e5rhundraden spelade en viktig roll i texterna fr\u00e5n <a href=\"https:\/\/iwell-guard.com\/sv\/mesopotamien\/\">Mesopotamien<\/a>.<\/p><p>Utukku kunde vara b\u00e5de illvilliga och, i vissa sammanhang, neutrala eller skyddande v\u00e4sen, men i det religi\u00f6sa vardagslivet stod de farliga, skadev\u00e5llande utukku i f\u00f6rgrunden.<\/p><p>Den mesopotamiska f\u00f6rest\u00e4llningsv\u00e4rlden k\u00e4nde till m\u00e5nga klasser av demoner och andar. Vid sidan av utukku f\u00f6rekom v\u00e4sen som etemmu, d\u00f6dsandarna i egentlig mening, samt ytterligare grupper av demoner.<\/p><p>Gr\u00e4nserna mellan dessa kategorier var flytande, och texterna anv\u00e4nder inte alltid begreppen strikt \u00e5tskilda. Utukku kunde f\u00f6rst\u00e5s som andar av avlidna som inte fann ro, men lika g\u00e4rna som sj\u00e4lvst\u00e4ndiga demoniska makter utan m\u00e4nskligt ursprung.<\/p><p>Religionshistoriskt \u00e4r utukku betydelsefulla, eftersom man genom dem kan avl\u00e4sa den mesopotamiska f\u00f6rst\u00e5elsen av sjukdom, olycka och d\u00f6d. Lidande tolkades ofta inte som en rent kroppslig process, utan som verkan av \u00f6vernaturliga makter. Utukku h\u00f6rde till de v\u00e4sen som man tillskrev s\u00e5dan verkan.<\/p>\t\t\t\t\t\t\t\t<\/div>\n\t\t\t\t\t<\/div>\n\t\t\t\t<\/div>\n\t\t<div class=\"elementor-element elementor-element-iwgw-utukku-s1 e-flex e-con-boxed e-con e-parent\" data-id=\"iwgw-utukku-s1\" data-element_type=\"container\" data-e-type=\"container\">\n\t\t\t\t\t<div class=\"e-con-inner\">\n\t\t\t\t<div class=\"elementor-element elementor-element-iwgw-utukku-s1h elementor-widget elementor-widget-heading\" data-id=\"iwgw-utukku-s1h\" data-element_type=\"widget\" data-e-type=\"widget\" data-widget_type=\"heading.default\">\n\t\t\t\t\t<h2 class=\"elementor-heading-title elementor-size-default\">Namn och etymologi<\/h2>\t\t\t\t<\/div>\n\t\t\t\t<div class=\"elementor-element elementor-element-iwgw-utukku-s1t elementor-widget elementor-widget-text-editor\" data-id=\"iwgw-utukku-s1t\" data-element_type=\"widget\" data-e-type=\"widget\" data-widget_type=\"text-editor.default\">\n\t\t\t\t\t\t\t\t\t<p>Begreppet \u00e4r belagt p\u00e5 sumeriskt som <em>udug<\/em> och togs \u00f6ver p\u00e5 akkadiskt som utukku. Den exakta grundbetydelsen av det sumeriska ordet \u00e4r inte helt klarlagd. Det betecknar allm\u00e4nt ett andev\u00e4sen eller en <span class=\"iwg-fachbegriff\" data-tooltip=\"Andligt v\u00e4sen som tillskrivs skadlig eller tvetydig verkan.\" tabindex=\"0\">demon<\/span> och kan beroende p\u00e5 sammanhang syfta p\u00e5 mycket olika v\u00e4sen.<\/p><p>K\u00e4nnetecknande \u00e4r att ordet s\u00e4llan st\u00e5r ensamt. I texterna f\u00f6rekommer det oftast med ett f\u00f6rtydligande till\u00e4gg. Den onda varianten kallas p\u00e5 akkadiskt utukku lemnu, det vill s\u00e4ga ond utukku.<\/p><p>Omv\u00e4nt kunde en utukku ocks\u00e5 betecknas som gynnsam eller skyddande. Denna tudelning visar att begreppet i grunden betecknar en typ av v\u00e4sen vars moraliska inriktning fastst\u00e4lls f\u00f6rst genom till\u00e4gget.<\/p><p>I forskningslitteraturen \u00f6vers\u00e4tts utukku ibland allm\u00e4nt med <span class=\"iwg-fachbegriff\" data-tooltip=\"Andligt v\u00e4sen som tillskrivs skadlig eller tvetydig verkan.\" tabindex=\"0\">demon<\/span> eller <span class=\"iwg-fachbegriff\" data-tooltip=\"Ett kroppsl\u00f6st v\u00e4sen som tillskrivs verkan i v\u00e4rlden.\" tabindex=\"0\">ande<\/span>. Dessa \u00f6vers\u00e4ttningar \u00e4r approximationer, eftersom det mesopotamiska begreppet inte helt sammanfaller med moderna f\u00f6rest\u00e4llningar om demoner. Pluralformen, som syftar p\u00e5 en hel grupp av s\u00e5dana v\u00e4sen, spelar en s\u00e4rskild roll i besv\u00e4rjelsetexterna.<\/p>\t\t\t\t\t\t\t\t<\/div>\n\t\t\t\t\t<\/div>\n\t\t\t\t<\/div>\n\t\t<div class=\"elementor-element elementor-element-iwgw-utukku-s2 e-flex e-con-boxed e-con e-parent\" data-id=\"iwgw-utukku-s2\" data-element_type=\"container\" data-e-type=\"container\">\n\t\t\t\t\t<div class=\"e-con-inner\">\n\t\t\t\t<div class=\"elementor-element elementor-element-iwgw-utukku-s2h elementor-widget elementor-widget-heading\" data-id=\"iwgw-utukku-s2h\" data-element_type=\"widget\" data-e-type=\"widget\" data-widget_type=\"heading.default\">\n\t\t\t\t\t<h2 class=\"elementor-heading-title elementor-size-default\">Beskrivning och ikonografi<\/h2>\t\t\t\t<\/div>\n\t\t\t\t<div class=\"elementor-element elementor-element-iwgw-utukku-s2t elementor-widget elementor-widget-text-editor\" data-id=\"iwgw-utukku-s2t\" data-element_type=\"widget\" data-e-type=\"widget\" data-widget_type=\"text-editor.default\">\n\t\t\t\t\t\t\t\t\t<p>Utukku undg\u00e5r en fast bildlig framst\u00e4llning, just eftersom det r\u00f6r sig om en samlingskategori. Till skillnad fr\u00e5n demonen <a href=\"https:\/\/iwell-guard.com\/sv\/lamashtu\/\">Lamashtu<\/a> eller <span class=\"iwg-fachbegriff\" data-tooltip=\"Andligt v\u00e4sen som tillskrivs skadlig eller tvetydig verkan.\" tabindex=\"0\">demonen<\/span> <a href=\"https:\/\/iwell-guard.com\/sv\/pazuzu\/\">Pazuzu<\/a>, som i konsten framtr\u00e4der genom tydligt igenk\u00e4nnbara blandvarelser, f\u00f6rblev utukku i regel utan en entydigt kanoniserad framtoning.<\/p><p>Texterna beskriver dem ofta som skr\u00e4mmande, forml\u00f6sa eller skuggartade. De kan h\u00e5lla till i \u00f6knen, p\u00e5 \u00f6vergivna platser, bland ruiner eller i gravarnas n\u00e4rhet.<\/p><p>Vissa traditioner skildrar dem som v\u00e4sen som upptr\u00e4der i halvm\u00f6rkret, glider l\u00e4ngs v\u00e4ggar eller uppeh\u00e5ller sig vid d\u00f6rrar och tr\u00f6sklar. Deras hotfullhet ligger just i deras ogripbarhet. De \u00e4r \u00f6verallt och ingenstans, de tr\u00e4nger obem\u00e4rkt in i hus och kroppar.<\/p><p>D\u00e4r texterna beskriver enskilda onda utukku mer konkret, betonas deras grymma, skoningsl\u00f6sa natur. De liknas vid stormvindar, vid rovdjur eller vid d\u00f6dens k\u00f6ld.<\/p><p>Dessa spr\u00e5kbilder f\u00f6rmedlar intrycket av en makt som bryter in, griper tag och inte sl\u00e4pper. Fr\u00e5nvaron av en fast ikonografi understryker religionshistoriskt att utukku f\u00f6rstods mindre som bildgestalter \u00e4n som en upplevd hotbild.<\/p>\t\t\t\t\t\t\t\t<\/div>\n\t\t\t\t\t<\/div>\n\t\t\t\t<\/div>\n\t\t<div class=\"elementor-element elementor-element-iwgw-utukku-s3 e-flex e-con-boxed e-con e-parent\" data-id=\"iwgw-utukku-s3\" data-element_type=\"container\" data-e-type=\"container\">\n\t\t\t\t\t<div class=\"e-con-inner\">\n\t\t\t\t<div class=\"elementor-element elementor-element-iwgw-utukku-s3h elementor-widget elementor-widget-heading\" data-id=\"iwgw-utukku-s3h\" data-element_type=\"widget\" data-e-type=\"widget\" data-widget_type=\"heading.default\">\n\t\t\t\t\t<h2 class=\"elementor-heading-title elementor-size-default\">Mytologiska ber\u00e4ttelser<\/h2>\t\t\t\t<\/div>\n\t\t\t\t<div class=\"elementor-element elementor-element-iwgw-utukku-s3t elementor-widget elementor-widget-text-editor\" data-id=\"iwgw-utukku-s3t\" data-element_type=\"widget\" data-e-type=\"widget\" data-widget_type=\"text-editor.default\">\n\t\t\t\t\t\t\t\t\t<p>Till skillnad fr\u00e5n de stora gudarna st\u00e5r utukku inte i centrum f\u00f6r egna myter med handling och ber\u00e4ttarb\u00e5ge. De f\u00f6rekommer snarare i besv\u00e4rjelses- och ritualtexterna, som sj\u00e4lva inneh\u00e5ller en egen form av mytiskt ber\u00e4ttande. Dessa texter skildrar ofta demonernas ursprung, deras egenskaper och deras skadliga verksamhet, f\u00f6r att d\u00e4rigenom underkasta dem rituell kontroll.<\/p><p>Den viktigaste k\u00e4llan \u00e4r den stora besv\u00e4rjelseserien, som i forskningen kallas Utukku Lemnutu, det vill s\u00e4ga de onda utukku. Det r\u00f6r sig om en omfattande samling besv\u00e4rjelser som str\u00e4cker sig \u00f6ver m\u00e5nga tavlor.<\/p><p>Denna serie \u00f6verl\u00e4mnades under l\u00e5ng tid, kopierades och kommenterades. Den inneh\u00e5ller skildringar av hur demonerna stiger upp ur underjorden, hur de drar genom landet och angriper m\u00e4nniskor.<\/p><p>En \u00e5terkommande bild \u00e4r den om de Sju, en grupp s\u00e4rskilt fruktade demoniska v\u00e4sen som inte k\u00e4nner skam eller barmh\u00e4rtighet, som varken \u00e4r manliga eller kvinnliga och som drar \u00f6ver jorden som en storm. Dessa Sju s\u00e4tts ibland i samband med utukku och betraktas som budb\u00e4rare som utf\u00f6r olycka.<\/p><p>Karakteristiskt f\u00f6r dessa texter \u00e4r konstellationen mellan m\u00e4nniska, <span class=\"iwg-fachbegriff\" data-tooltip=\"Andligt v\u00e4sen som tillskrivs skadlig eller mots\u00e4gelsefull verkan.\" tabindex=\"0\">demon<\/span> och gud. Den m\u00e4nniska som drabbats av en utukku \u00e4r hj\u00e4lpl\u00f6s. Besv\u00e4rjelsepr\u00e4sten upptr\u00e4der som f\u00f6rmedlare och \u00e5kallar gudarna, framf\u00f6r allt visdomsguden Enki och hans son, besv\u00e4rjelseguden.<\/p><p>I ett vanligt ber\u00e4ttarm\u00f6nster v\u00e4nder sig sonen r\u00e5dvill till sin far Enki, och denne meddelar honom den verksamma kunskapen, s\u00e5 att helandet framst\u00e5r som en f\u00f6rmedling av gudomlig visdom.<\/p><p>Med gudarnas auktoritet befalls <span class=\"iwg-fachbegriff\" data-tooltip=\"Andligt v\u00e4sen som tillskrivs skadlig eller mots\u00e4gelsefull verkan.\" tabindex=\"0\">demonen<\/span> att l\u00e4mna m\u00e4nniskan och \u00e5terv\u00e4nda till underjorden. Denna rituella ber\u00e4ttelse upprepas i m\u00e5nga varianter och utg\u00f6r k\u00e4rnan i den mesopotamiska hanteringen av utukku.<\/p><p>Vissa texter f\u00f6rbinder \u00e4ven utukku med de obegravda eller f\u00f6rsummade d\u00f6da. Den som inte fick en ordentlig begravning eller vars d\u00f6dskult f\u00f6rsummades kunde \u00e5terv\u00e4nda som en rastl\u00f6s <span class=\"iwg-fachbegriff\" data-tooltip=\"Ett kroppsl\u00f6st v\u00e4sen som tillskrivs verkan i v\u00e4rlden.\" tabindex=\"0\">ande<\/span> och pl\u00e5ga de levande.<\/p><p>\u00c4ven en v\u00e5ldsam d\u00f6d, att d\u00f6 fj\u00e4rran fr\u00e5n hemlandet eller avsaknaden av avkomlingar som skulle sk\u00f6ta d\u00f6dskulten, betraktades som orsaker till en andes rastl\u00f6shet. I denna tolkning \u00e4r utukku n\u00e4ra f\u00f6rbundna med den mesopotamiska f\u00f6rest\u00e4llningen om f\u00f6rh\u00e5llandet mellan de levande och deras d\u00f6da.<\/p>\t\t\t\t\t\t\t\t<\/div>\n\t\t\t\t\t<\/div>\n\t\t\t\t<\/div>\n\t\t<div class=\"elementor-element elementor-element-iwgw-utukku-s4 e-flex e-con-boxed e-con e-parent\" data-id=\"iwgw-utukku-s4\" data-element_type=\"container\" data-e-type=\"container\">\n\t\t\t\t\t<div class=\"e-con-inner\">\n\t\t\t\t<div class=\"elementor-element elementor-element-iwgw-utukku-s4h elementor-widget elementor-widget-heading\" data-id=\"iwgw-utukku-s4h\" data-element_type=\"widget\" data-e-type=\"widget\" data-widget_type=\"heading.default\">\n\t\t\t\t\t<h2 class=\"elementor-heading-title elementor-size-default\">Kult och v\u00f6rdnad<\/h2>\t\t\t\t<\/div>\n\t\t\t\t<div class=\"elementor-element elementor-element-iwgw-utukku-s4t elementor-widget elementor-widget-text-editor\" data-id=\"iwgw-utukku-s4t\" data-element_type=\"widget\" data-e-type=\"widget\" data-widget_type=\"text-editor.default\">\n\t\t\t\t\t\t\t\t\t<p>Eftersom de onda utukku betraktades som skadliga makter fanns det ingen <span class=\"iwg-fachbegriff\" data-tooltip=\"Helheten av religi\u00f6sa v\u00f6rdnadshandlingar f\u00f6r en gudomlighet eller helig gestalt.\" tabindex=\"0\">kult<\/span> i betydelsen v\u00f6rdnad. Man byggde inga <span class=\"iwg-fachbegriff\" data-tooltip=\"En byggnad som anv\u00e4nds f\u00f6r v\u00f6rdnad av en eller flera gudomligheter.\" tabindex=\"0\">tempel<\/span> \u00e5t dem och gav dem inga regelbundna <span class=\"iwg-fachbegriff\" data-tooltip=\"G\u00e5va till en gudomlighet f\u00f6r att uttrycka tack, b\u00f6n eller v\u00f6rdnad.\" tabindex=\"0\">offer<\/span>, som var brukligt f\u00f6r gudar. Den religi\u00f6sa hanteringen av utukku bestod snarare av avv\u00e4rjning, bannlysning och f\u00f6rdrivning.<\/p><p>Den centrala akt\u00f6ren var besv\u00e4rjelsepr\u00e4sten, p\u00e5 akkadiskt kallad ashipu. Han f\u00f6rfogade \u00f6ver den n\u00f6dv\u00e4ndiga kunskapen och de rituella texterna. Denna specialist utf\u00f6rde renings- och avv\u00e4rjningsritualer, reciterade besv\u00e4rjelserna, utf\u00f6rde symboliska handlingar och tillverkade vid behov figurer av lera, vax eller deg som representerade <span class=\"iwg-fachbegriff\" data-tooltip=\"Andligt v\u00e4sen som tillskrivs skadlig eller mots\u00e4gelsefull verkan.\" tabindex=\"0\">demonen<\/span> och gjordes oskadliga.<\/p><p>Vid sidan av ashipu kunde \u00e4ven ashu, en slags l\u00e4kekunnig, kallas in, som snarare arbetade med v\u00e4xter och substanser. Ofta samverkade b\u00e5da specialisterna, s\u00e5 att behandlingen av en m\u00e4nniska som drabbats av en utukku f\u00f6renade det talade ordet, den symboliska handlingen och materiella medel.<\/p><p>Inom detta system spelade de stora gudarna en viktig roll, inte som mottagare av en utukku-kult, utan som makter vars auktoritet mobiliserades mot demonerna.<\/p><p>Shamash som r\u00e4ttens gud, Enki som visdomens gud och hans son, besv\u00e4rjelseguden, \u00e5kallades s\u00e4rskilt ofta. I besv\u00e4rjelserna upptr\u00e4der pr\u00e4sten uttryckligen som budb\u00e4rare eller ombud f\u00f6r dessa gudar, s\u00e5 att det inte \u00e4r han sj\u00e4lv utan den gudomliga makten som f\u00f6rdriver <span class=\"iwg-fachbegriff\" data-tooltip=\"Andligt v\u00e4sen som tillskrivs skadlig eller mots\u00e4gelsefull verkan.\" tabindex=\"0\">demonen<\/span>.<\/p><p>D\u00f6dskulten f\u00f6r de egna avlidna kan i detta sammanhang ocks\u00e5 f\u00f6rst\u00e5s som en f\u00f6rebyggande \u00e5tg\u00e4rd, eftersom en v\u00e4l sk\u00f6tt d\u00f6dskult med regelbundna vatten- och matoffer f\u00f6rhindrade att en avliden blev en rastl\u00f6s, skadlig <span class=\"iwg-fachbegriff\" data-tooltip=\"Ett kroppsl\u00f6st v\u00e4sen som tillskrivs verkan i v\u00e4rlden.\" tabindex=\"0\">ande<\/span>. F\u00f6rsummelsen av dessa plikter ans\u00e5gs vara en v\u00e4sentlig orsak till att andar \u00f6verhuvudtaget blev pl\u00e5goandar f\u00f6r de levande.<\/p>\t\t\t\t\t\t\t\t<\/div>\n\t\t\t\t\t<\/div>\n\t\t\t\t<\/div>\n\t\t<div class=\"elementor-element elementor-element-iwgw-utukku-s5 e-flex e-con-boxed e-con e-parent\" data-id=\"iwgw-utukku-s5\" data-element_type=\"container\" data-e-type=\"container\">\n\t\t\t\t\t<div class=\"e-con-inner\">\n\t\t\t\t<div class=\"elementor-element elementor-element-iwgw-utukku-s5h elementor-widget elementor-widget-heading\" data-id=\"iwgw-utukku-s5h\" data-element_type=\"widget\" data-e-type=\"widget\" data-widget_type=\"heading.default\">\n\t\t\t\t\t<h2 class=\"elementor-heading-title elementor-size-default\">Skyddspraxis och apotrop\u00e4iskt<\/h2>\t\t\t\t<\/div>\n\t\t\t\t<div class=\"elementor-element elementor-element-iwgw-utukku-s5t elementor-widget elementor-widget-text-editor\" data-id=\"iwgw-utukku-s5t\" data-element_type=\"widget\" data-e-type=\"widget\" data-widget_type=\"text-editor.default\">\n\t\t\t\t\t\t\t\t\t<p>Skyddet mot utukku var en av de viktigaste uppgifterna inom den mesopotamiska ritualpraktiken. Besv\u00e4rjelseserien Utukku Lemnutu var det mest omfattande redskapet i detta f\u00f6rsvar. Besv\u00e4rjelserna f\u00f6ljer ofta en fast uppbyggnad.<\/p><p>F\u00f6rst namnges demonerna och deras hotfullhet beskrivs, d\u00e4refter \u00e5kallas gudarna, och slutligen ges befallningen till <span class=\"iwg-fachbegriff\" data-tooltip=\"Andligt v\u00e4sen som tillskrivs skadlig eller mots\u00e4gelsefull verkan.\" tabindex=\"0\">demonen<\/span> att ge vika och \u00e5terv\u00e4nda till underjorden.<\/p><p>Till de apotrop\u00e4iska \u00e5tg\u00e4rderna h\u00f6rde reningsritualer med vatten, eld och s\u00e4rskilda \u00e4mnen. Ofta tillverkades ers\u00e4ttningsfigurer som f\u00f6rest\u00e4llde <span class=\"iwg-fachbegriff\" data-tooltip=\"Andligt v\u00e4sen som tillskrivs skadlig eller mots\u00e4gelsefull verkan.\" tabindex=\"0\">demonen<\/span> eller patienten. Genom rituella handlingar med dessa figurer skulle ondskan bannlysas, br\u00e4nnas eller skickas bort. \u00c4ven amuletter och inskrivna f\u00f6rem\u00e5l kunde tj\u00e4na som skydd.<\/p><p>Vidare var det viktigt att uppr\u00e4tth\u00e5lla ordningen i hemmet och i f\u00f6rh\u00e5llandet till de d\u00f6da. Vansk\u00f6tta gravar, st\u00f6rda tr\u00f6skar och orena platser ans\u00e5gs vara ink\u00f6rsportar f\u00f6r utukku. Den som f\u00f6ljde de rituella reglerna, v\u00e5rdade d\u00f6dskulten och vid sjukdom tillkallade besv\u00e4rjelsepr\u00e4sten f\u00f6rs\u00f6kte p\u00e5 s\u00e5 s\u00e4tt skydda sig mot demonerna.<\/p><p>Den vetenskapliga betraktelsen f\u00f6rst\u00e5r dessa praktiker som en del av en sammanh\u00e4ngande v\u00e4rldsbild, d\u00e4r sjukdom och olycka blev f\u00f6rklarbara och d\u00e4rmed ocks\u00e5 behandlingsbara. N\u00e5gon verkan i modern medicinsk mening p\u00e5st\u00e5s inte h\u00e4rmed.<\/p>\t\t\t\t\t\t\t\t<\/div>\n\t\t\t\t\t<\/div>\n\t\t\t\t<\/div>\n\t\t<div class=\"elementor-element elementor-element-iwgw-utukku-s6 e-flex e-con-boxed e-con e-parent\" data-id=\"iwgw-utukku-s6\" data-element_type=\"container\" data-e-type=\"container\">\n\t\t\t\t\t<div class=\"e-con-inner\">\n\t\t\t\t<div class=\"elementor-element elementor-element-iwgw-utukku-s6h elementor-widget elementor-widget-heading\" data-id=\"iwgw-utukku-s6h\" data-element_type=\"widget\" data-e-type=\"widget\" data-widget_type=\"heading.default\">\n\t\t\t\t\t<h2 class=\"elementor-heading-title elementor-size-default\">Paralleller i andra kulturer<\/h2>\t\t\t\t<\/div>\n\t\t\t\t<div class=\"elementor-element elementor-element-iwgw-utukku-s6t elementor-widget elementor-widget-text-editor\" data-id=\"iwgw-utukku-s6t\" data-element_type=\"widget\" data-e-type=\"widget\" data-widget_type=\"text-editor.default\">\n\t\t\t\t\t\t\t\t\t<p>F\u00f6rest\u00e4llningar om rastl\u00f6sa d\u00f6dsandar och sjukdomsbringande demoner \u00e4r spridda i m\u00e5nga kulturer. Inom Fr\u00e4mre Orienten kan man dra kopplingar till den v\u00e4stsemitiska och senare den judiska demonologin, d\u00e4r liknande f\u00f6rest\u00e4llningar om andar och orena makter f\u00f6rekommer.<\/p><p>Den mesopotamiska besv\u00e4rjelselitteraturen har i forskningen f\u00e5tt uppm\u00e4rksamhet som en bakgrund till senare besv\u00e4rjelsetraditioner, till exempel i den arameiska sk\u00e5lbesv\u00e4rjelsetraditionen fr\u00e5n <span class=\"iwg-fachbegriff\" data-tooltip=\"\u00d6verg\u00e5ngsepok mellan antiken och medeltiden, ungef\u00e4r 3:e till 7:e \u00e5rhundradet.\" tabindex=\"0\">senantiken<\/span>, d\u00e4r demoner likas\u00e5 namnges och bannlyses.<\/p><p>Strukturellt j\u00e4mf\u00f6rbar \u00e4r f\u00f6rest\u00e4llningen att sjukdom uppst\u00e5r genom att ett fr\u00e4mmande, andligt v\u00e4sen tr\u00e4nger in och att den kan botas genom rituell bortdrivning. S\u00e5dana f\u00f6rest\u00e4llningar \u00e5terfinns i m\u00e5nga f\u00f6rmoderna l\u00e4kekonstsystem.<\/p><p>\u00c4ven <span class=\"iwg-fachbegriff\" data-tooltip=\"Ett \u00e5terkommande inneh\u00e5llselement i konst eller ber\u00e4ttelse.\" tabindex=\"0\">motivet<\/span> med den obegravda d\u00f6de som \u00e5terv\u00e4nder som <span class=\"iwg-fachbegriff\" data-tooltip=\"Ett kroppsl\u00f6st v\u00e4sen som tillskrivs verkan i v\u00e4rlden.\" tabindex=\"0\">ande<\/span> \u00e4r vitt spritt och f\u00f6rekommer till exempel i den grekiska och romerska f\u00f6rest\u00e4llningsv\u00e4rlden, d\u00e4r d\u00f6dsandarna vid vansk\u00f6tt begravning ans\u00e5gs vara oroliga och m\u00e5ste blidkas genom egna riter.<\/p><p>Trots alla likheter kr\u00e4vs f\u00f6rsiktighet. Utukku \u00e4r inb\u00e4ddade i ett specifikt mesopotamiskt system med egna gudar, en egen f\u00f6rest\u00e4llning om underjorden och en egen ritualtradition.<\/p><p>Paralleller ska d\u00e4rf\u00f6r f\u00f6rst\u00e5s som typologisk sl\u00e4ktskap, inte som en enkel likst\u00e4llning. Den religionsj\u00e4mf\u00f6rande forskningen anv\u00e4nder dem f\u00f6r att beskriva allm\u00e4nna m\u00f6nster i hanteringen av sjukdom, d\u00f6d och osynliga makter.<\/p>\t\t\t\t\t\t\t\t<\/div>\n\t\t\t\t\t<\/div>\n\t\t\t\t<\/div>\n\t\t<div class=\"elementor-element elementor-element-iwgw-utukku-s7 e-flex e-con-boxed e-con e-parent\" data-id=\"iwgw-utukku-s7\" data-element_type=\"container\" data-e-type=\"container\">\n\t\t\t\t\t<div class=\"e-con-inner\">\n\t\t\t\t<div class=\"elementor-element elementor-element-iwgw-utukku-s7h elementor-widget elementor-widget-heading\" data-id=\"iwgw-utukku-s7h\" data-element_type=\"widget\" data-e-type=\"widget\" data-widget_type=\"heading.default\">\n\t\t\t\t\t<h2 class=\"elementor-heading-title elementor-size-default\">Nutida mottagande och forskning<\/h2>\t\t\t\t<\/div>\n\t\t\t\t<div class=\"elementor-element elementor-element-iwgw-utukku-s7t elementor-widget elementor-widget-text-editor\" data-id=\"iwgw-utukku-s7t\" data-element_type=\"widget\" data-e-type=\"widget\" data-widget_type=\"text-editor.default\">\n\t\t\t\t\t\t\t\t\t<p>Utukku \u00e4r framf\u00f6r allt k\u00e4nda genom den vetenskapliga utforskningen av besv\u00e4rjelseserien Utukku Lemnutu. Denna serie har rekonstruerats, editerats och \u00f6versatts utifr\u00e5n ett stort antal kilskriftstavlor. M\u00e5nga av dessa tavlor kommer fr\u00e5n den assyriske kungen Assurbanipals bibliotek i Nineve, samt fr\u00e5n \u00e4ldre textfynd som g\u00e5r tillbaka till det andra \u00e5rtusendet.<\/p><p>Arbetet med dessa texter \u00e4r kr\u00e4vande, eftersom serien har \u00f6verl\u00e4mnats under l\u00e5ng tid och f\u00f6religger i olika versioner, delvis med tv\u00e5spr\u00e5kiga sumerisk-akkadiska passager d\u00e4r den sumeriska <span class=\"iwg-fachbegriff\" data-tooltip=\"Ett spr\u00e5kligt ritual som ska \u00e5kalla eller binda en makt.\" tabindex=\"0\">besv\u00e4rjelsen<\/span> rad f\u00f6r rad \u00e5tf\u00f6ljs av en akkadisk \u00f6vers\u00e4ttning.<\/p><p>Ett viktigt forskningsresultat \u00e4r insikten att den mesopotamiska demonologin inte var en oordnad <span class=\"iwg-fachbegriff\" data-tooltip=\"Religi\u00f6sa f\u00f6rest\u00e4llningar och seder som \u00e4r spridda i vardagen.\" tabindex=\"0\">folktro<\/span> utan ett l\u00e4rt, skriftligt f\u00f6rmedlat system. Begrepp som utukku, etemmu eller alu var del av ett fackspr\u00e5k som l\u00e4rdes ut i skrivarskolorna. Forskningen diskuterar hur skarpt dessa kategorier var avgr\u00e4nsade fr\u00e5n varandra och i vilken utstr\u00e4ckning de \u00f6verlappade.<\/p><p>Forskningen intresserar sig s\u00e4rskilt f\u00f6r den mesopotamiska f\u00f6rest\u00e4llningen om sjukdom, botande och besv\u00e4rjelsepr\u00e4stens roll.<\/p><p>Utukku-texterna visar hur t\u00e4tt religi\u00f6s tolkning, ritualpraktik och det som kan kallas tidig l\u00e4kekonst var sammanfl\u00e4tade. Besv\u00e4rjelsepr\u00e4sterna f\u00f6rfogade \u00f6ver en omfattande textkunskap som samlades i det f\u00f6rsta \u00e5rtusendets l\u00e4rdomsbibliotek.<\/p><p>I den popul\u00e4ra receptionen har utukku ibland anv\u00e4nts som beteckning f\u00f6r mesopotamiska demoner, ofta dock utan exakt k\u00e4llh\u00e4nvisning.<\/p><p>En sakligt korrekt syssels\u00e4ttning med utukku st\u00f6djer sig p\u00e5 de kritiska editionerna av besv\u00e4rjelsetexterna och p\u00e5 den assyriologiska facklitteraturen, som placerar dessa v\u00e4sen i sitt historiska och religi\u00f6sa sammanhang. Den visar utukku som en fast best\u00e5ndsdel av en differentierad demonologi som pr\u00e4glade den mesopotamiska f\u00f6rst\u00e5elsen av v\u00e4rld och lidande.<\/p>\t\t\t\t\t\t\t\t<\/div>\n\t\t\t\t\t<\/div>\n\t\t\t\t<\/div>\n\t\t<div class=\"elementor-element elementor-element-iwgw-utukku-lit e-flex e-con-boxed e-con e-parent\" data-id=\"iwgw-utukku-lit\" data-element_type=\"container\" data-e-type=\"container\">\n\t\t\t\t\t<div class=\"e-con-inner\">\n\t\t\t\t<div class=\"elementor-element elementor-element-iwgw-utukku-lith elementor-widget elementor-widget-heading\" data-id=\"iwgw-utukku-lith\" data-element_type=\"widget\" data-e-type=\"widget\" data-widget_type=\"heading.default\">\n\t\t\t\t\t<h2 class=\"elementor-heading-title elementor-size-default\">Litteratur (urval)<\/h2>\t\t\t\t<\/div>\n\t\t\t\t<div class=\"elementor-element elementor-element-iwgw-utukku-litt elementor-widget elementor-widget-text-editor\" data-id=\"iwgw-utukku-litt\" data-element_type=\"widget\" data-e-type=\"widget\" data-widget_type=\"text-editor.default\">\n\t\t\t\t\t\t\t\t\t<ul><li>Markham J. Geller: <em>Evil Demons. Canonical Utukk\u016b Lemn\u016btu Incantations<\/em> (2007)<\/li><li><span data-nosnippet>Jeremy Black, Anthony Green: <em>Gods, Demons and Symbols of Ancient Mesopotamia<\/em> (1992)<\/span><\/li><li>Walter Farber: <em>Lama\u0161tu. An Edition of the Canonical Series of Lama\u0161tu Incantations<\/em> (2014)<\/li><li>Jean Bott\u00e9ro: <em>Die \u00e4lteste Religion. Mesopotamien<\/em> (2001)<\/li><li>Frans A. M. Wiggermann: <em>Mesopotamian Protective Spirits<\/em> (1992)<\/li><\/ul>\t\t\t\t\t\t\t\t<\/div>\n\t\t\t\t\t<\/div>\n\t\t\t\t<\/div>\n\t\t<div class=\"elementor-element elementor-element-iwgkw2-add-utukku e-flex e-con-boxed e-con e-parent\" data-id=\"iwgkw2-add-utukku\" data-element_type=\"container\" data-e-type=\"container\">\n\t\t\t\t\t<div class=\"e-con-inner\">\n\t\t\t\t<div class=\"elementor-element elementor-element-iwgkw2-add-utukku-t elementor-widget elementor-widget-text-editor\" data-id=\"iwgkw2-add-utukku-t\" data-element_type=\"widget\" data-e-type=\"widget\" data-widget_type=\"text-editor.default\">\n\t\t\t\t\t\t\t\t\t<p>Utukku r\u00e4knas i den akkadiska besv\u00e4rjelselitteraturen till de fruktade <em>underjordsdemonerna<\/em>, som i egenskap av rastl\u00f6sa d\u00f6dsandar kunde bringa sjukdom och olycka \u00f6ver de levande; den centrala k\u00e4llan \u00e4r serien Utukku Lemnutu.<\/p>\t\t\t\t\t\t\t\t<\/div>\n\t\t\t\t\t<\/div>\n\t\t\t\t<\/div>\n\t\t<div class=\"elementor-element elementor-element-iwgw-utukku-kwd e-flex e-con-boxed e-con e-parent\" data-id=\"iwgw-utukku-kwd\" data-element_type=\"container\" data-e-type=\"container\">\n\t\t\t\t\t<div class=\"e-con-inner\">\n\t\t\t\t<div class=\"elementor-element elementor-element-iwgw-utukku-kwdt elementor-widget elementor-widget-text-editor\" data-id=\"iwgw-utukku-kwdt\" data-element_type=\"widget\" data-e-type=\"widget\" data-widget_type=\"text-editor.default\">\n\t\t\t\t\t\t\t\t\t<p><em>Relaterade nyckelbegrepp: Utukku Lemnutu udug besv\u00e4rjelseserie d\u00f6dsande Etemmu besv\u00e4rjelsepr\u00e4st underjord.<\/em><\/p>\t\t\t\t\t\t\t\t<\/div>\n\t\t\t\t\t<\/div>\n\t\t\t\t<\/div>\n\t\t<div class=\"elementor-element elementor-element-iwgw-utukku-cc e-flex e-con-boxed e-con e-parent\" data-id=\"iwgw-utukku-cc\" data-element_type=\"container\" data-e-type=\"container\" id=\"iwg-cc-utukku\">\n\t\t\t\t\t<div class=\"e-con-inner\">\n\t\t<div class=\"elementor-element elementor-element-iwgw-utukku-ccinner e-flex e-con-boxed e-con e-parent\" data-id=\"iwgw-utukku-ccinner\" data-element_type=\"container\" data-e-type=\"container\" data-settings=\"{&quot;background_background&quot;:&quot;classic&quot;}\">\n\t\t\t\t\t<div class=\"e-con-inner\">\n\t\t\t\t<div class=\"elementor-element elementor-element-iwgw-utukku-cch elementor-widget elementor-widget-heading\" data-id=\"iwgw-utukku-cch\" data-element_type=\"widget\" data-e-type=\"widget\" data-widget_type=\"heading.default\">\n\t\t\t\t\t<h2 class=\"elementor-heading-title elementor-size-default\">iWell Guard och skyddstraditioner<\/h2>\t\t\t\t<\/div>\n\t\t\t\t<div class=\"elementor-element elementor-element-iwgw-utukku-cct elementor-widget elementor-widget-text-editor\" data-id=\"iwgw-utukku-cct\" data-element_type=\"widget\" data-e-type=\"widget\" data-widget_type=\"text-editor.default\">\n\t\t\t\t\t\t\t\t\t<div data-nosnippet=\"true\"><p>iWell Guard ansluter till den kulturhistoriska traditionen av b\u00e4rbara skyddsobjekt, i traditionen fr\u00e5n <a href=\"https:\/\/iwell-guard.com\/sv\/mesopotamien\/\">Mesopotamien<\/a> och m\u00e5nga andra kulturer v\u00e4rlden \u00f6ver. 41 niv\u00e5er, \u00e4kta guld, platina, silver, tillverkad i Tyskland. 30 dagars \u00e5ngerr\u00e4tt.<\/p><\/div>\t\t\t\t\t\t\t\t<\/div>\n\t\t\t\t<div class=\"elementor-element elementor-element-iwgw-utukku-ccb iwg-cc-button iwg-cc-cta-2026-05-13 elementor-widget elementor-widget-jet-button\" data-id=\"iwgw-utukku-ccb\" data-element_type=\"widget\" data-e-type=\"widget\" data-widget_type=\"jet-button.default\">\n\t\t\t\t<div class=\"elementor-widget-container\">\n\t\t\t\t\t<div class=\"elementor-jet-button jet-elements\"><div class=\"jet-button__container\"><a class=\"jet-button__instance jet-button__instance--icon-left hover-effect-1\" href=\"\/ueber-iwell-guard\/?utm_source=iwell-guard.com&amp;utm_medium=info-box&amp;utm_campaign=wesen-tradition\"><div class=\"jet-button__plane jet-button__plane-normal\"><\/div><div class=\"jet-button__plane jet-button__plane-hover\"><\/div><div class=\"jet-button__state jet-button__state-normal\"><span class=\"jet-button__label\">Mer om iWell Guard<\/span><\/div><div class=\"jet-button__state jet-button__state-hover\"><span class=\"jet-button__label\">Mer om iWell Guard<\/span><\/div><\/a><\/div><\/div><style>.elementor-element.elementor-element-iwgw-utukku-ccb .jet-button__instance{width:320px;height:56px;}.elementor-element.elementor-element-iwgw-utukku-ccb .jet-button__state-normal .jet-button__label{text-align:center;margin:0px 0px 0px 0px;color:#1a1b20;font-family:Montserrat,sans-serif;font-size:13px;font-weight:400;letter-spacing:4px;line-height:1.714em;text-transform:uppercase;}.elementor-element.elementor-element-iwgw-utukku-ccb .jet-button__state-hover .jet-button__label{text-align:center;margin:0px 0px 0px 0px;color:#FECC76;font-family:Montserrat,sans-serif;font-size:13px;font-weight:400;letter-spacing:4px;line-height:1.714em;text-transform:uppercase;}.elementor-element.elementor-element-iwgw-utukku-ccb .jet-button__plane-normal{background-color:#FECC76;border-style:solid;border-color:#C99540;border-width:2px 2px 2px 2px;}.elementor-element.elementor-element-iwgw-utukku-ccb .jet-button__plane-hover{background-color:rgba(0,0,0,0.55);border-style:solid;border-color:#FECC76;border-width:2px 2px 2px 2px;}<\/style>\t\t\t\t<\/div>\n\t\t\t\t<\/div>\n\t\t\t\t<div class=\"elementor-element elementor-element-iwgw-utukku-ccd elementor-widget elementor-widget-text-editor\" data-id=\"iwgw-utukku-ccd\" data-element_type=\"widget\" data-e-type=\"widget\" data-widget_type=\"text-editor.default\">\n\t\t\t\t\t\t\t\t\t<div data-nosnippet=\"true\"><p style=\"text-align:center;font-size:13px;opacity:0.7;margin-top:14px\" data-nosnippet=\"true\">Personliga erfarenheter kan variera. Ingen medicinteknisk produkt. Inget l\u00f6fte om l\u00e4kning.<\/p><\/div>\t\t\t\t\t\t\t\t<\/div>\n\t\t\t\t\t<\/div>\n\t\t\t\t<\/div>\n\t\t\t\t\t<\/div>\n\t\t\t\t<\/div>\n\t\t<div class=\"elementor-element elementor-element-iwgw-utukku-disc e-flex e-con-boxed e-con e-parent\" data-id=\"iwgw-utukku-disc\" data-element_type=\"container\" data-e-type=\"container\">\n\t\t\t\t\t<div class=\"e-con-inner\">\n\t\t\t\t<div class=\"elementor-element elementor-element-iwgw-utukku-discw elementor-widget elementor-widget-html\" data-id=\"iwgw-utukku-discw\" data-element_type=\"widget\" data-e-type=\"widget\" data-widget_type=\"html.default\">\n\t\t\t\t\t<footer data-nosnippet=\"true\" class=\"iwg-disclaimer-block\"><p data-nosnippet=\"true\">iWell Guard \u00e4r <strong>ingen medicinteknisk produkt<\/strong> och ers\u00e4tter inte l\u00e4karv\u00e5rd eller psykoterapeutisk behandling. De religionsvetenskapliga inneh\u00e5llen \u00e4r kulturhistorisk inordning, ingen andlig praxisrekommendation.<\/p><\/footer>\t\t\t\t<\/div>\n\t\t\t\t\t<\/div>\n\t\t\t\t<\/div>\n\t\t\t\t<\/div>\n\t\t","protected":false},"excerpt":{"rendered":"","protected":false},"author":3,"featured_media":3380,"parent":0,"menu_order":0,"comment_status":"closed","ping_status":"closed","template":"elementor_header_footer","meta":{"_yoast_wpseo_focuskw":"Utukku mesopotamiska demoner","_yoast_wpseo_title":"Utukku \u2013 mesopotamiska d\u00f6dsandar och demoner","_yoast_wpseo_metadesc":"Utukku betecknar en klass av mesopotamiska demoner och d\u00f6dsandar. Religionsvetenskaplig genomg\u00e5ng med besv\u00e4rjelseserie, kult och k\u00e4llor.","_yoast_wpseo_meta-robots-noindex":"","_yoast_wpseo_canonical":"","_angie_page":false,"gefaehrdungsstufe":"3","wesen_kultur":"mesopotamien","wesen_klasse":"daemonen","footnotes":""},"categories":[],"class_list":["post-136939","page","type-page","status-publish","has-post-thumbnail","hentry"],"yoast_head":"<!-- This site is optimized with the Yoast SEO Premium plugin v27.7 (Yoast SEO v28.3) - https:\/\/yoast.com\/product\/yoast-seo-premium-wordpress\/ -->\n<title>Utukku \u2013 mesopotamiska d\u00f6dsandar och demoner<\/title>\n<meta name=\"description\" content=\"Utukku betecknar en klass av mesopotamiska demoner och d\u00f6dsandar. Religionsvetenskaplig genomg\u00e5ng med besv\u00e4rjelseserie, kult och k\u00e4llor.\" \/>\n<meta name=\"robots\" content=\"index, follow, max-snippet:-1, max-image-preview:large, max-video-preview:-1\" \/>\n<link rel=\"canonical\" href=\"https:\/\/iwell-guard.com\/sv\/utukku-dodsandar-underjordsdemoner\/\" \/>\n<meta property=\"og:locale\" content=\"sv_SE\" \/>\n<meta property=\"og:type\" content=\"article\" \/>\n<meta property=\"og:title\" content=\"Utukku \u2013 d\u00f6dsandar och underjordsdemoner\" \/>\n<meta property=\"og:description\" content=\"Utukku betecknar en klass av mesopotamiska demoner och d\u00f6dsandar. Religionsvetenskaplig genomg\u00e5ng med besv\u00e4rjelseserie, kult och k\u00e4llor.\" \/>\n<meta property=\"og:url\" content=\"https:\/\/iwell-guard.com\/sv\/utukku-dodsandar-underjordsdemoner\/\" \/>\n<meta property=\"og:site_name\" content=\"iWell Guard\" \/>\n<meta property=\"article:modified_time\" content=\"2026-09-03T01:16:13+00:00\" \/>\n<meta property=\"og:image\" content=\"https:\/\/iwell-guard.com\/wp-content\/uploads\/2026\/05\/daemonen_mesopotamien_utukku.webp\" \/>\n\t<meta property=\"og:image:width\" content=\"1024\" \/>\n\t<meta property=\"og:image:height\" content=\"1536\" \/>\n\t<meta property=\"og:image:type\" content=\"image\/webp\" \/>\n<meta name=\"twitter:card\" content=\"summary_large_image\" \/>\n<script type=\"application\/ld+json\" class=\"yoast-schema-graph\">{\"@context\":\"https:\\\/\\\/schema.org\",\"@graph\":[{\"@type\":\"WebPage\",\"@id\":\"https:\\\/\\\/iwell-guard.com\\\/sv\\\/utukku-dodsandar-underjordsdemoner\\\/\",\"url\":\"https:\\\/\\\/iwell-guard.com\\\/sv\\\/utukku-dodsandar-underjordsdemoner\\\/\",\"name\":\"Utukku \u2013 mesopotamiska d\u00f6dsandar och demoner\",\"isPartOf\":{\"@id\":\"https:\\\/\\\/iwell-guard.com\\\/sv\\\/#website\"},\"primaryImageOfPage\":{\"@id\":\"https:\\\/\\\/iwell-guard.com\\\/sv\\\/utukku-dodsandar-underjordsdemoner\\\/#primaryimage\"},\"image\":{\"@id\":\"https:\\\/\\\/iwell-guard.com\\\/sv\\\/utukku-dodsandar-underjordsdemoner\\\/#primaryimage\"},\"thumbnailUrl\":\"https:\\\/\\\/iwell-guard.com\\\/wp-content\\\/uploads\\\/2026\\\/05\\\/daemonen_mesopotamien_utukku.webp\",\"datePublished\":\"2026-09-03T00:11:22+00:00\",\"dateModified\":\"2026-09-03T01:16:13+00:00\",\"description\":\"Utukku betecknar en klass av mesopotamiska demoner och d\u00f6dsandar. Religionsvetenskaplig genomg\u00e5ng med besv\u00e4rjelseserie, kult och k\u00e4llor.\",\"breadcrumb\":{\"@id\":\"https:\\\/\\\/iwell-guard.com\\\/sv\\\/utukku-dodsandar-underjordsdemoner\\\/#breadcrumb\"},\"inLanguage\":\"sv-SE\",\"potentialAction\":[{\"@type\":\"ReadAction\",\"target\":[\"https:\\\/\\\/iwell-guard.com\\\/sv\\\/utukku-dodsandar-underjordsdemoner\\\/\"]}]},{\"@type\":\"ImageObject\",\"inLanguage\":\"sv-SE\",\"@id\":\"https:\\\/\\\/iwell-guard.com\\\/sv\\\/utukku-dodsandar-underjordsdemoner\\\/#primaryimage\",\"url\":\"https:\\\/\\\/iwell-guard.com\\\/wp-content\\\/uploads\\\/2026\\\/05\\\/daemonen_mesopotamien_utukku.webp\",\"contentUrl\":\"https:\\\/\\\/iwell-guard.com\\\/wp-content\\\/uploads\\\/2026\\\/05\\\/daemonen_mesopotamien_utukku.webp\",\"width\":1024,\"height\":1536,\"caption\":\"Demoner fr\u00e5n den mesopotamiska traditionen.\"},{\"@type\":\"BreadcrumbList\",\"@id\":\"https:\\\/\\\/iwell-guard.com\\\/sv\\\/utukku-dodsandar-underjordsdemoner\\\/#breadcrumb\",\"itemListElement\":[{\"@type\":\"ListItem\",\"position\":1,\"name\":\"Start\",\"item\":\"https:\\\/\\\/iwell-guard.com\\\/sv\\\/?page_id=136483\"},{\"@type\":\"ListItem\",\"position\":2,\"name\":\"Utukku \u2013 d\u00f6dsandar och underjordsdemoner\"}]},{\"@type\":\"WebSite\",\"@id\":\"https:\\\/\\\/iwell-guard.com\\\/sv\\\/#website\",\"url\":\"https:\\\/\\\/iwell-guard.com\\\/sv\\\/\",\"name\":\"iWell Guard\",\"description\":\"Schutz vor dunklen Einfl\u00fcssen\",\"publisher\":{\"@id\":\"https:\\\/\\\/iwell-guard.com\\\/sv\\\/#organization\"},\"potentialAction\":[{\"@type\":\"SearchAction\",\"target\":{\"@type\":\"EntryPoint\",\"urlTemplate\":\"https:\\\/\\\/iwell-guard.com\\\/sv\\\/?s={search_term_string}\"},\"query-input\":{\"@type\":\"PropertyValueSpecification\",\"valueRequired\":true,\"valueName\":\"search_term_string\"}}],\"inLanguage\":\"sv-SE\"},{\"@type\":\"Organization\",\"@id\":\"https:\\\/\\\/iwell-guard.com\\\/sv\\\/#organization\",\"name\":\"Ittermann electronic GmbH\",\"url\":\"https:\\\/\\\/iwell-guard.com\\\/sv\\\/\",\"logo\":{\"@type\":\"ImageObject\",\"inLanguage\":\"sv-SE\",\"@id\":\"https:\\\/\\\/iwell-guard.com\\\/sv\\\/#\\\/schema\\\/logo\\\/image\\\/\",\"url\":\"https:\\\/\\\/iwell-guard.com\\\/wp-content\\\/uploads\\\/2026\\\/05\\\/Ittermann-Logo-1182x237-1.png\",\"contentUrl\":\"https:\\\/\\\/iwell-guard.com\\\/wp-content\\\/uploads\\\/2026\\\/05\\\/Ittermann-Logo-1182x237-1.png\",\"width\":1182,\"height\":237,\"caption\":\"Ittermann electronic GmbH\"},\"image\":{\"@id\":\"https:\\\/\\\/iwell-guard.com\\\/sv\\\/#\\\/schema\\\/logo\\\/image\\\/\"},\"sameAs\":[\"https:\\\/\\\/pantip.com\\\/profile\\\/9367242\",\"https:\\\/\\\/micro.blog\\\/iwellguard\",\"https:\\\/\\\/www.diggerslist.com\\\/iwellguard\\\/about\",\"https:\\\/\\\/skitterphoto.com\\\/photographers\\\/2870314\\\/iwell-guard\",\"https:\\\/\\\/iwellguard.wordpress.com\\\/2026\\\/06\\\/06\\\/iwell-guard\\\/\",\"https:\\\/\\\/hub.docker.com\\\/u\\\/iwellguard\",\"https:\\\/\\\/www.pinterest.com\\\/iwellguard\\\/\",\"https:\\\/\\\/bit.ly\\\/m\\\/iwellguard\",\"https:\\\/\\\/entre-vos-mains.alsace.eu\\\/profiles\\\/iwellguard\\\/activity\",\"https:\\\/\\\/gravatar.com\\\/reallybeded8fd34\",\"https:\\\/\\\/naijamatta.com\\\/iwellguard\",\"https:\\\/\\\/www.goodreads.com\\\/iwellguard\",\"https:\\\/\\\/profile.hatena.ne.jp\\\/iwellguard\\\/\",\"https:\\\/\\\/experiment.com\\\/users\\\/iwellguard\",\"https:\\\/\\\/wakelet.com\\\/@iWellGuard82270\",\"https:\\\/\\\/www.chordie.com\\\/forum\\\/profile.php?id=2555664\",\"https:\\\/\\\/www.instapaper.com\\\/p\\\/17757966\",\"https:\\\/\\\/www.mapleprimes.com\\\/users\\\/iwellguard\",\"https:\\\/\\\/businesslistingplus.com\\\/profile\\\/iwell-guard\\\/\",\"https:\\\/\\\/telegra.ph\\\/iWell-Guard-06-06\",\"https:\\\/\\\/pbase.com\\\/iwellguard\\\/iwellguard\",\"https:\\\/\\\/b.hatena.ne.jp\\\/iwellguard\\\/20260607#bookmark-4788405196491818882\",\"https:\\\/\\\/fliphtml5.com\\\/home\\\/iwellguard\",\"https:\\\/\\\/anyflip.com\\\/homepage\\\/cmiwl#About\",\"https:\\\/\\\/transfur.com\\\/Users\\\/iwellguard\",\"http:\\\/\\\/delphi.larsbo.org\\\/user\\\/iwellguard\",\"https:\\\/\\\/jobs.lajobsportal.org\\\/profiles\\\/8380803-iwell-guard\",\"https:\\\/\\\/md.chaosdorf.de\\\/s\\\/jfbe5SBdJD\",\"https:\\\/\\\/www.lingvolive.com\\\/en-us\\\/profile\\\/9ecaeaca-ce11-4e51-9e71-01d55e2bff36\\\/translations\",\"https:\\\/\\\/www.fitday.com\\\/fitness\\\/forums\\\/members\\\/iwellguard.html\",\"https:\\\/\\\/www.mymeetbook.com\\\/iwellguard\",\"https:\\\/\\\/pxhere.com\\\/en\\\/photographer-me\\\/5040798\",\"https:\\\/\\\/disqus.com\\\/by\\\/iwellguard\\\/about\\\/\",\"https:\\\/\\\/pastelink.net\\\/hjwciqwq\",\"https:\\\/\\\/pubhtml5.com\\\/homepage\\\/scjhn\\\/\",\"https:\\\/\\\/www.bitchute.com\\\/channel\\\/2O2eOKzNqujT\",\"https:\\\/\\\/audiomack.com\\\/iwellguard\"]},{\"@type\":\"Article\",\"@id\":\"https:\\\/\\\/iwell-guard.com\\\/sv\\\/utukku-dodsandar-underjordsdemoner\\\/#article\",\"isPartOf\":{\"@id\":\"https:\\\/\\\/iwell-guard.com\\\/sv\\\/utukku-dodsandar-underjordsdemoner\\\/\"},\"author\":{\"name\":\"Ralf Ittermann\",\"@id\":\"https:\\\/\\\/iwell-guard.com\\\/sv\\\/#\\\/schema\\\/person\\\/ee2a27f1cac3406c7c6fb5820cb7349f\"},\"headline\":\"Utukku \u2013 d\u00f6dsandar och underjordsdemoner\",\"datePublished\":\"2026-09-03T00:11:22+00:00\",\"dateModified\":\"2026-09-03T01:16:13+00:00\",\"mainEntityOfPage\":{\"@id\":\"https:\\\/\\\/iwell-guard.com\\\/sv\\\/utukku-dodsandar-underjordsdemoner\\\/\"},\"publisher\":{\"@id\":\"https:\\\/\\\/iwell-guard.com\\\/sv\\\/#organization\"},\"image\":{\"@id\":\"https:\\\/\\\/iwell-guard.com\\\/sv\\\/utukku-dodsandar-underjordsdemoner\\\/#primaryimage\"},\"thumbnailUrl\":\"https:\\\/\\\/iwell-guard.com\\\/wp-content\\\/uploads\\\/2026\\\/05\\\/daemonen_mesopotamien_utukku.webp\",\"inLanguage\":\"sv-SE\",\"description\":\"Utukku betecknar en klass av mesopotamiska demoner och d\u00f6dsandar. Religionsvetenskaplig genomg\u00e5ng med besv\u00e4rjelseserie, kult och k\u00e4llor.\"}]}<\/script>\n<!-- \/ Yoast SEO Premium plugin. -->","yoast_head_json":{"title":"Utukku \u2013 mesopotamiska d\u00f6dsandar och demoner","description":"Utukku betecknar en klass av mesopotamiska demoner och d\u00f6dsandar. Religionsvetenskaplig genomg\u00e5ng med besv\u00e4rjelseserie, kult och k\u00e4llor.","robots":{"index":"index","follow":"follow","max-snippet":"max-snippet:-1","max-image-preview":"max-image-preview:large","max-video-preview":"max-video-preview:-1"},"canonical":"https:\/\/iwell-guard.com\/sv\/utukku-dodsandar-underjordsdemoner\/","og_locale":"sv_SE","og_type":"article","og_title":"Utukku \u2013 d\u00f6dsandar och underjordsdemoner","og_description":"Utukku betecknar en klass av mesopotamiska demoner och d\u00f6dsandar. Religionsvetenskaplig genomg\u00e5ng med besv\u00e4rjelseserie, kult och k\u00e4llor.","og_url":"https:\/\/iwell-guard.com\/sv\/utukku-dodsandar-underjordsdemoner\/","og_site_name":"iWell Guard","article_modified_time":"2026-09-03T01:16:13+00:00","og_image":[{"width":1024,"height":1536,"url":"https:\/\/iwell-guard.com\/wp-content\/uploads\/2026\/05\/daemonen_mesopotamien_utukku.webp","type":"image\/webp"}],"twitter_card":"summary_large_image","schema":{"@context":"https:\/\/schema.org","@graph":[{"@type":"Article","@id":"https:\/\/iwell-guard.com\/sv\/utukku-dodsandar-underjordsdemoner\/#article","isPartOf":{"@id":"https:\/\/iwell-guard.com\/sv\/utukku-dodsandar-underjordsdemoner\/"},"author":{"name":"Ralf Ittermann","@id":"https:\/\/iwell-guard.com\/sv\/#\/schema\/person\/ee2a27f1cac3406c7c6fb5820cb7349f"},"headline":"Utukku \u2013 d\u00f6dsandar och underjordsdemoner","datePublished":"2026-09-03T00:11:22+00:00","dateModified":"2026-09-03T01:16:13+00:00","mainEntityOfPage":{"@id":"https:\/\/iwell-guard.com\/sv\/utukku-dodsandar-underjordsdemoner\/"},"publisher":{"@id":"https:\/\/iwell-guard.com\/sv\/#organization"},"image":{"@id":"https:\/\/iwell-guard.com\/sv\/utukku-dodsandar-underjordsdemoner\/#primaryimage"},"thumbnailUrl":"https:\/\/iwell-guard.com\/wp-content\/uploads\/2026\/05\/daemonen_mesopotamien_utukku.webp","inLanguage":"sv-SE","description":"Utukku betecknar en klass av mesopotamiska demoner och d\u00f6dsandar. Religionsvetenskaplig genomg\u00e5ng med besv\u00e4rjelseserie, kult och k\u00e4llor."},{"@type":"WebPage","@id":"https:\/\/iwell-guard.com\/sv\/utukku-dodsandar-underjordsdemoner\/","url":"https:\/\/iwell-guard.com\/sv\/utukku-dodsandar-underjordsdemoner\/","name":"Utukku \u2013 mesopotamiska d\u00f6dsandar och demoner","isPartOf":{"@id":"https:\/\/iwell-guard.com\/sv\/#website"},"primaryImageOfPage":{"@id":"https:\/\/iwell-guard.com\/sv\/utukku-dodsandar-underjordsdemoner\/#primaryimage"},"image":{"@id":"https:\/\/iwell-guard.com\/sv\/utukku-dodsandar-underjordsdemoner\/#primaryimage"},"thumbnailUrl":"https:\/\/iwell-guard.com\/wp-content\/uploads\/2026\/05\/daemonen_mesopotamien_utukku.webp","datePublished":"2026-09-03T00:11:22+00:00","dateModified":"2026-09-03T01:16:13+00:00","description":"Utukku betecknar en klass av mesopotamiska demoner och d\u00f6dsandar. Religionsvetenskaplig genomg\u00e5ng med besv\u00e4rjelseserie, kult och k\u00e4llor.","breadcrumb":{"@id":"https:\/\/iwell-guard.com\/sv\/utukku-dodsandar-underjordsdemoner\/#breadcrumb"},"inLanguage":"sv-SE","potentialAction":[{"@type":"ReadAction","target":["https:\/\/iwell-guard.com\/sv\/utukku-dodsandar-underjordsdemoner\/"]}]},{"@type":"ImageObject","inLanguage":"sv-SE","@id":"https:\/\/iwell-guard.com\/sv\/utukku-dodsandar-underjordsdemoner\/#primaryimage","url":"https:\/\/iwell-guard.com\/wp-content\/uploads\/2026\/05\/daemonen_mesopotamien_utukku.webp","contentUrl":"https:\/\/iwell-guard.com\/wp-content\/uploads\/2026\/05\/daemonen_mesopotamien_utukku.webp","width":1024,"height":1536,"caption":"Demoner fr\u00e5n den mesopotamiska traditionen."},{"@type":"BreadcrumbList","@id":"https:\/\/iwell-guard.com\/sv\/utukku-dodsandar-underjordsdemoner\/#breadcrumb","itemListElement":[{"@type":"ListItem","position":1,"name":"Start","item":"https:\/\/iwell-guard.com\/sv\/?page_id=136483"},{"@type":"ListItem","position":2,"name":"Utukku \u2013 d\u00f6dsandar och underjordsdemoner"}]},{"@type":"WebSite","@id":"https:\/\/iwell-guard.com\/sv\/#website","url":"https:\/\/iwell-guard.com\/sv\/","name":"iWell Guard","description":"Schutz vor dunklen Einfl\u00fcssen","publisher":{"@id":"https:\/\/iwell-guard.com\/sv\/#organization"},"potentialAction":[{"@type":"SearchAction","target":{"@type":"EntryPoint","urlTemplate":"https:\/\/iwell-guard.com\/sv\/?s={search_term_string}"},"query-input":{"@type":"PropertyValueSpecification","valueRequired":true,"valueName":"search_term_string"}}],"inLanguage":"sv-SE"},{"@type":"Organization","@id":"https:\/\/iwell-guard.com\/sv\/#organization","name":"Ittermann electronic GmbH","url":"https:\/\/iwell-guard.com\/sv\/","logo":{"@type":"ImageObject","inLanguage":"sv-SE","@id":"https:\/\/iwell-guard.com\/sv\/#\/schema\/logo\/image\/","url":"https:\/\/iwell-guard.com\/wp-content\/uploads\/2026\/05\/Ittermann-Logo-1182x237-1.png","contentUrl":"https:\/\/iwell-guard.com\/wp-content\/uploads\/2026\/05\/Ittermann-Logo-1182x237-1.png","width":1182,"height":237,"caption":"Ittermann electronic GmbH"},"image":{"@id":"https:\/\/iwell-guard.com\/sv\/#\/schema\/logo\/image\/"},"sameAs":["https:\/\/pantip.com\/profile\/9367242","https:\/\/micro.blog\/iwellguard","https:\/\/www.diggerslist.com\/iwellguard\/about","https:\/\/skitterphoto.com\/photographers\/2870314\/iwell-guard","https:\/\/iwellguard.wordpress.com\/2026\/06\/06\/iwell-guard\/","https:\/\/hub.docker.com\/u\/iwellguard","https:\/\/www.pinterest.com\/iwellguard\/","https:\/\/bit.ly\/m\/iwellguard","https:\/\/entre-vos-mains.alsace.eu\/profiles\/iwellguard\/activity","https:\/\/gravatar.com\/reallybeded8fd34","https:\/\/naijamatta.com\/iwellguard","https:\/\/www.goodreads.com\/iwellguard","https:\/\/profile.hatena.ne.jp\/iwellguard\/","https:\/\/experiment.com\/users\/iwellguard","https:\/\/wakelet.com\/@iWellGuard82270","https:\/\/www.chordie.com\/forum\/profile.php?id=2555664","https:\/\/www.instapaper.com\/p\/17757966","https:\/\/www.mapleprimes.com\/users\/iwellguard","https:\/\/businesslistingplus.com\/profile\/iwell-guard\/","https:\/\/telegra.ph\/iWell-Guard-06-06","https:\/\/pbase.com\/iwellguard\/iwellguard","https:\/\/b.hatena.ne.jp\/iwellguard\/20260607#bookmark-4788405196491818882","https:\/\/fliphtml5.com\/home\/iwellguard","https:\/\/anyflip.com\/homepage\/cmiwl#About","https:\/\/transfur.com\/Users\/iwellguard","http:\/\/delphi.larsbo.org\/user\/iwellguard","https:\/\/jobs.lajobsportal.org\/profiles\/8380803-iwell-guard","https:\/\/md.chaosdorf.de\/s\/jfbe5SBdJD","https:\/\/www.lingvolive.com\/en-us\/profile\/9ecaeaca-ce11-4e51-9e71-01d55e2bff36\/translations","https:\/\/www.fitday.com\/fitness\/forums\/members\/iwellguard.html","https:\/\/www.mymeetbook.com\/iwellguard","https:\/\/pxhere.com\/en\/photographer-me\/5040798","https:\/\/disqus.com\/by\/iwellguard\/about\/","https:\/\/pastelink.net\/hjwciqwq","https:\/\/pubhtml5.com\/homepage\/scjhn\/","https:\/\/www.bitchute.com\/channel\/2O2eOKzNqujT","https:\/\/audiomack.com\/iwellguard"]},{"@type":"Person","@id":"https:\/\/iwell-guard.com\/sv\/#\/schema\/person\/ee2a27f1cac3406c7c6fb5820cb7349f","name":"Ralf Ittermann","image":{"@type":"ImageObject","inLanguage":"sv-SE","@id":"https:\/\/secure.gravatar.com\/avatar\/073c0153e350a5005b68eb752b445fea71f6b24a26da9449ad7e155e6b446c9d?s=96&d=mm&r=g","url":"https:\/\/secure.gravatar.com\/avatar\/073c0153e350a5005b68eb752b445fea71f6b24a26da9449ad7e155e6b446c9d?s=96&d=mm&r=g","contentUrl":"https:\/\/secure.gravatar.com\/avatar\/073c0153e350a5005b68eb752b445fea71f6b24a26da9449ad7e155e6b446c9d?s=96&d=mm&r=g","caption":"Ralf Ittermann"},"givenName":"Ralf","familyName":"Ittermann","jobTitle":"Gesch\u00e4ftsf\u00fchrer und redaktioneller Verantwortlicher","url":"https:\/\/iwell-guard.com\/sv\/author\/claude\/","description":"Ralf Ittermann ist Gesch\u00e4ftsf\u00fchrer der Ittermann electronic GmbH und redaktioneller Verantwortlicher des iWell-Guard-Lexikons. Er verbindet langj\u00e4hrige Erfahrung in der Pr\u00e4zisionsfertigung mit medialer Praxis und religionsgeschichtlicher Quellenarbeit.","worksFor":{"@type":"Organization","name":"Ittermann electronic GmbH","url":"https:\/\/ittermann.de\/","address":{"@type":"PostalAddress","streetAddress":"K\u00f6hlergasse 16-18","postalCode":"99842","addressLocality":"Ruhla","addressCountry":"DE"}},"knowsAbout":["Religionsgeschichte","Mythologie","Mediale Praxis","Energetische Diagnostik","Schutzpraxis","Volksglauben","Westliche Esoterik"]},{"@type":"Article","@id":"https:\/\/iwell-guard.com\/sv\/utukku-dodsandar-underjordsdemoner\/#article","isPartOf":{"@id":"https:\/\/iwell-guard.com\/sv\/utukku-dodsandar-underjordsdemoner\/"},"author":{"name":"Ralf Ittermann","@id":"https:\/\/iwell-guard.com\/sv\/#\/schema\/person\/ee2a27f1cac3406c7c6fb5820cb7349f"},"headline":"Utukku \u2013 d\u00f6dsandar och underjordsdemoner","datePublished":"2026-09-03T00:11:22+00:00","dateModified":"2026-09-03T01:16:13+00:00","mainEntityOfPage":{"@id":"https:\/\/iwell-guard.com\/sv\/utukku-dodsandar-underjordsdemoner\/"},"publisher":{"@id":"https:\/\/iwell-guard.com\/sv\/#organization"},"image":{"@id":"https:\/\/iwell-guard.com\/sv\/utukku-dodsandar-underjordsdemoner\/#primaryimage"},"thumbnailUrl":"https:\/\/iwell-guard.com\/wp-content\/uploads\/2026\/05\/daemonen_mesopotamien_utukku.webp","inLanguage":"sv-SE","description":"Utukku betecknar en klass av mesopotamiska demoner och d\u00f6dsandar. Religionsvetenskaplig genomg\u00e5ng med besv\u00e4rjelseserie, kult och k\u00e4llor."}]}},"_links":{"self":[{"href":"https:\/\/iwell-guard.com\/sv\/wp-json\/wp\/v2\/pages\/136939","targetHints":{"allow":["GET"]}}],"collection":[{"href":"https:\/\/iwell-guard.com\/sv\/wp-json\/wp\/v2\/pages"}],"about":[{"href":"https:\/\/iwell-guard.com\/sv\/wp-json\/wp\/v2\/types\/page"}],"author":[{"embeddable":true,"href":"https:\/\/iwell-guard.com\/sv\/wp-json\/wp\/v2\/users\/3"}],"replies":[{"embeddable":true,"href":"https:\/\/iwell-guard.com\/sv\/wp-json\/wp\/v2\/comments?post=136939"}],"version-history":[{"count":0,"href":"https:\/\/iwell-guard.com\/sv\/wp-json\/wp\/v2\/pages\/136939\/revisions"}],"wp:featuredmedia":[{"embeddable":true,"href":"https:\/\/iwell-guard.com\/sv\/wp-json\/wp\/v2\/media\/3380"}],"wp:attachment":[{"href":"https:\/\/iwell-guard.com\/sv\/wp-json\/wp\/v2\/media?parent=136939"}],"wp:term":[{"taxonomy":"category","embeddable":true,"href":"https:\/\/iwell-guard.com\/sv\/wp-json\/wp\/v2\/categories?post=136939"}],"curies":[{"name":"wp","href":"https:\/\/api.w.org\/{rel}","templated":true}]}}