{"id":136938,"date":"2026-09-03T00:11:21","date_gmt":"2026-09-03T00:11:21","guid":{"rendered":"https:\/\/iwell-guard.com\/?page_id=136938"},"modified":"2026-09-03T01:16:12","modified_gmt":"2026-09-03T01:16:12","slug":"sin-manguden-ur-harran","status":"publish","type":"page","link":"https:\/\/iwell-guard.com\/sv\/sin-manguden-ur-harran\/","title":{"rendered":"Sin \u2013 m\u00e5nguden av Ur och Harran"},"content":{"rendered":"\t\t<div data-elementor-type=\"wp-page\" data-elementor-id=\"136938\" class=\"elementor elementor-136938 elementor-2921 elementor-bc-flex-widget\" data-elementor-post-type=\"page\">\n\t\t\t\t<div class=\"elementor-element elementor-element-hero2b91e78 e-flex e-con-boxed e-con e-parent\" data-id=\"hero2b91e78\" data-element_type=\"container\" data-e-type=\"container\">\n\t\t\t\t\t<div class=\"e-con-inner\">\n\t\t\t\t<div class=\"elementor-element elementor-element-heroimg44d3a7a iwg-hero-image elementor-widget elementor-widget-image\" data-id=\"heroimg44d3a7a\" data-element_type=\"widget\" data-e-type=\"widget\" data-widget_type=\"image.default\">\n\t\t\t\t\t\t\t\t\t\t\t\t\t\t\t<img fetchpriority=\"high\" decoding=\"async\" width=\"683\" height=\"1024\" src=\"https:\/\/iwell-guard.com\/wp-content\/uploads\/2026\/05\/goetter_mesopotamien_sin-683x1024.webp\" class=\"attachment-large size-large wp-image-135941\" alt=\"Sin - gudar fr\u00e5n den mesopotamiska traditionen, historisk-illustrativt\" srcset=\"https:\/\/iwell-guard.com\/wp-content\/uploads\/2026\/05\/goetter_mesopotamien_sin-683x1024.webp 683w, https:\/\/iwell-guard.com\/wp-content\/uploads\/2026\/05\/goetter_mesopotamien_sin-200x300.webp 200w, https:\/\/iwell-guard.com\/wp-content\/uploads\/2026\/05\/goetter_mesopotamien_sin-768x1152.webp 768w, https:\/\/iwell-guard.com\/wp-content\/uploads\/2026\/05\/goetter_mesopotamien_sin.webp 1024w\" sizes=\"(max-width: 683px) 100vw, 683px\" \/>\t\t\t\t\t\t\t\t\t\t\t\t\t\t\t<\/div>\n\t\t\t\t\t<\/div>\n\t\t\t\t<\/div>\n\t\t<div class=\"elementor-element elementor-element-iwgw-sin-hero e-flex e-con-boxed e-con e-parent\" data-id=\"iwgw-sin-hero\" data-element_type=\"container\" data-e-type=\"container\">\n\t\t\t\t\t<div class=\"e-con-inner\">\n\t\t\t\t<div class=\"elementor-element elementor-element-iwgw-sin-h1 elementor-widget elementor-widget-heading\" data-id=\"iwgw-sin-h1\" data-element_type=\"widget\" data-e-type=\"widget\" data-widget_type=\"heading.default\">\n\t\t\t\t\t<h1 class=\"elementor-heading-title elementor-size-default\">Sin \u2013 mesopotamisk m\u00e5ngud och nattens herre<\/h1>\t\t\t\t<\/div>\n\t\t\t\t<div class=\"elementor-element elementor-element-iwgw-sin-pills elementor-widget elementor-widget-html\" data-id=\"iwgw-sin-pills\" data-element_type=\"widget\" data-e-type=\"widget\" data-widget_type=\"html.default\">\n\t\t\t\t\t<div class=\"iwg-pill-row\"><span class=\"iwg-klasse-badge\" tabindex=\"0\" data-tooltip=\"Gud i traditionen Mesopotamien.\">Gud<\/span><a href=\"https:\/\/iwell-guard.com\/sv\/mesopotamien\/\" class=\"iwg-kultur-badge\" tabindex=\"0\" data-tooltip=\"Mytologi i traditionen Mesopotamien.\">Mesopotamien<\/a><span class=\"iwg-tradition-badge\" tabindex=\"0\" data-tooltip=\"M\u00e5ngudom.\">M\u00e5ngudom<\/span><\/div>\t\t\t\t<\/div>\n\t\t\t\t<div class=\"elementor-element elementor-element-iwgw-sin-lead elementor-widget elementor-widget-text-editor\" data-id=\"iwgw-sin-lead\" data-element_type=\"widget\" data-e-type=\"widget\" data-widget_type=\"text-editor.default\">\n\t\t\t\t\t\t\t\t\t\nSin (\u00e4ven m\u00e5nguden Nanna i det sumeriska <span class=\"iwg-fachbegriff\" data-tooltip=\"Samlingen av gudar inom en religion eller kultur.\" tabindex=\"0\">panteon<\/span>) f\u00f6rkroppsligade m\u00e5nen och d\u00e4rmed tidens ordning. Som herre \u00f6ver nattens himmel reglerade han m\u00e5nader och h\u00f6gtider, ans\u00e5gs som en vis r\u00e4knare av dagarna och som fader till viktiga gudar i det babyloniska panteon. I Ur och Harran levde hans tempelkulter kvar l\u00e5ngt in i den islamiska <span class=\"iwg-fachbegriff\" data-tooltip=\"\u00d6verg\u00e5ngsperiod mellan antiken och medeltiden, ungef\u00e4r 3:e till 7:e \u00e5rhundradet.\" tabindex=\"0\">senantiken<\/span>.\t\t\t\t\t\t\t\t<\/div>\n\t\t\t\t\t<\/div>\n\t\t\t\t<\/div>\n\t\t<div class=\"elementor-element elementor-element-iwgw-sin-s0 e-flex e-con-boxed e-con e-parent\" data-id=\"iwgw-sin-s0\" data-element_type=\"container\" data-e-type=\"container\">\n\t\t\t\t\t<div class=\"e-con-inner\">\n\t\t\t\t<div class=\"elementor-element elementor-element-iwgw-sin-s0h elementor-widget elementor-widget-heading\" data-id=\"iwgw-sin-s0h\" data-element_type=\"widget\" data-e-type=\"widget\" data-widget_type=\"heading.default\">\n\t\t\t\t\t<h2 class=\"elementor-heading-title elementor-size-default\">Inordning<\/h2>\t\t\t\t<\/div>\n\t\t\t\t<div class=\"elementor-element elementor-element-iwgw-sin-s0t elementor-widget elementor-widget-text-editor\" data-id=\"iwgw-sin-s0t\" data-element_type=\"widget\" data-e-type=\"widget\" data-widget_type=\"text-editor.default\">\n\t\t\t\t\t\t\t\t\t<p>Sin, p\u00e5 sumeriskt kallad Nanna eller Suen, h\u00f6r till de \u00e4ldsta och mest best\u00e4ndiga gudomarna i <a href=\"https:\/\/iwell-guard.com\/sv\/mesopotamien\/\">Mesopotamien<\/a>. Som m\u00e5nens gud intog han en framtr\u00e4dande st\u00e4llning inom panteon, eftersom m\u00e5nen strukturerade kalendern och d\u00e4rmed hela det religi\u00f6sa och ekonomiska livet.<\/p><p>I den teologiska systematiken ans\u00e5gs Sin vara son till Enlil och Ninlil, vilket gav honom en fast plats i den h\u00f6gsta gudafamiljen.<\/p><p>Fr\u00e5n Sin h\u00e4rstammade ytterligare betydande gudomar. Hans barn var solguden Shamash samt gudinnan Ishtar i hennes gestalt som Venusstj\u00e4rnan.<\/p><p>D\u00e4rmed stod Sin vid ursprunget till de himmelsgudomar som var centrala f\u00f6r den mesopotamiska astralreligionen. M\u00e5nen som fader till solen och Venus speglar den h\u00f6ga aktning som nattens himmel \u00e5tnj\u00f6t i denna kultur.<\/p><p>Religionshistoriskt anm\u00e4rkningsv\u00e4rt \u00e4r Sin-kultens l\u00e5nga livsl\u00e4ngd. Medan andra gudomar f\u00f6rlorade i betydelse, beh\u00f6ll Sin en trogen anh\u00e4ngarskara under \u00e5rtusenden. S\u00e4rskilt <span class=\"iwg-fachbegriff\" data-tooltip=\"En helig plats till\u00e4gnad tillbedjan av en gudom.\" tabindex=\"0\">helgedomen<\/span> i Harran i norra Mesopotamien f\u00f6rblev fram till <span class=\"iwg-fachbegriff\" data-tooltip=\"\u00d6verg\u00e5ngsperiod mellan antiken och medeltiden, ungef\u00e4r 3:e till 7:e \u00e5rhundradet.\" tabindex=\"0\">senantiken<\/span> ett levande centrum f\u00f6r m\u00e5nkulten.<\/p>\t\t\t\t\t\t\t\t<\/div>\n\t\t\t\t\t<\/div>\n\t\t\t\t<\/div>\n\t\t<div class=\"elementor-element elementor-element-iwgw-sin-s1 e-flex e-con-boxed e-con e-parent\" data-id=\"iwgw-sin-s1\" data-element_type=\"container\" data-e-type=\"container\">\n\t\t\t\t\t<div class=\"e-con-inner\">\n\t\t\t\t<div class=\"elementor-element elementor-element-iwgw-sin-s1h elementor-widget elementor-widget-heading\" data-id=\"iwgw-sin-s1h\" data-element_type=\"widget\" data-e-type=\"widget\" data-widget_type=\"heading.default\">\n\t\t\t\t\t<h2 class=\"elementor-heading-title elementor-size-default\">Namn och etymologi<\/h2>\t\t\t\t<\/div>\n\t\t\t\t<div class=\"elementor-element elementor-element-iwgw-sin-s1t elementor-widget elementor-widget-text-editor\" data-id=\"iwgw-sin-s1t\" data-element_type=\"widget\" data-e-type=\"widget\" data-widget_type=\"text-editor.default\">\n\t\t\t\t\t\t\t\t\t<p>Guden b\u00e4r tv\u00e5 huvudnamn, vars f\u00f6rh\u00e5llande l\u00e4nge har sysselsatt forskningen. Det sumeriska namnet Nanna \u00e4r det \u00e4ldre; vid sidan av det finns formen Suen, ur vilken namnet Sin uppstod genom ljudutveckling p\u00e5 akkadiskt. I m\u00e5nga texter f\u00f6rekommer skrivningen som en sammans\u00e4ttning av tecknen som \u00e5terger Nanna och Suen.<\/p><p>Namnet Nannas exakta betydelse \u00e4r inte helt klarlagd. Tolkningar har f\u00f6reslagits som f\u00f6rbinder det med den lysande himlakroppen eller med begrepp f\u00f6r glans och upph\u00f6jdhet. \u00c4ven f\u00f6r Suen \u00e4r etymologin os\u00e4ker. Viktigare \u00e4n den spr\u00e5khistoriska h\u00e4rledningen \u00e4r iakttagelsen att b\u00e5da namnen anv\u00e4ndes genom hela den mesopotamiska historien, ofta sida vid sida.<\/p><p>Sin bar m\u00e5nga tillnamn som beskriver hans funktioner. Han kallades den lysande tjuren, kronans herre, den vise herren eller dagarnas r\u00e4knare. Kopplingen till tjuren kommer fr\u00e5n m\u00e5nsk\u00e4ran, vars form p\u00e5minde om tjurhorn. Dessa bilder genomsyrar hymner och b\u00f6ner och pr\u00e4glar den religi\u00f6sa f\u00f6rst\u00e5elsen av guden.<\/p>\t\t\t\t\t\t\t\t<\/div>\n\t\t\t\t\t<\/div>\n\t\t\t\t<\/div>\n\t\t<div class=\"elementor-element elementor-element-iwgw-sin-s2 e-flex e-con-boxed e-con e-parent\" data-id=\"iwgw-sin-s2\" data-element_type=\"container\" data-e-type=\"container\">\n\t\t\t\t\t<div class=\"e-con-inner\">\n\t\t\t\t<div class=\"elementor-element elementor-element-iwgw-sin-s2h elementor-widget elementor-widget-heading\" data-id=\"iwgw-sin-s2h\" data-element_type=\"widget\" data-e-type=\"widget\" data-widget_type=\"heading.default\">\n\t\t\t\t\t<h2 class=\"elementor-heading-title elementor-size-default\">Beskrivning och ikonografi<\/h2>\t\t\t\t<\/div>\n\t\t\t\t<div class=\"elementor-element elementor-element-iwgw-sin-s2t elementor-widget elementor-widget-text-editor\" data-id=\"iwgw-sin-s2t\" data-element_type=\"widget\" data-e-type=\"widget\" data-widget_type=\"text-editor.default\">\n\t\t\t\t\t\t\t\t\t<p>Den tydliga och genom seklerna stabila <span class=\"iwg-fachbegriff\" data-tooltip=\"Ett tecken som representerar en f\u00f6rest\u00e4llning eller betydelse.\" tabindex=\"0\">symbolen<\/span> f\u00f6r Sin \u00e4r den liggande m\u00e5nsk\u00e4ran. Den f\u00f6rekommer p\u00e5 cylindersigill, gr\u00e4nsstenar, stelar och i tempelkonsten. Sk\u00e4ran avbildas ofta s\u00e5 att den p\u00e5minner om en b\u00e5t, vilket st\u00e4mmer med f\u00f6rest\u00e4llningen att m\u00e5nguden nattetid korsade himlen som p\u00e5 ett vattenfarkost.<\/p><p>I antropomorfa avbildningar framtr\u00e4der Sin som en sk\u00e4ggig, tronande gud med den hornprydda kronan. Vissa bilder visar honom med en halvm\u00e5ne \u00f6ver huvudet eller i handen.<\/p><p>P\u00e5 de babyloniska gr\u00e4nsstenarna, de s\u00e5 kallade kudurrusarna, h\u00f6r m\u00e5nsk\u00e4ran till de gudomliga symboler som avbildas oftast, och den \u00e5terfinns d\u00e4r oftast bredvid Shamashs solstj\u00e4rna och Ishtars venusstj\u00e4rna.<\/p><p>Den litter\u00e4ra beskrivningen betonar Sins ljus. Hans sken skildras som milt men \u00e4ven genomtr\u00e4ngande. Han lyser upp natten utan att driva bort den och m\u00f6jligg\u00f6r orientering i m\u00f6rkret.<\/p><p>M\u00e5nens v\u00e4xande och avtagande tolkades mytiskt och f\u00f6rbands med gudens regelbundna framtr\u00e4dande och f\u00f6rsvinnande. Denna cykliska natur gjorde Sin till en bild f\u00f6r den tillf\u00f6rlitliga, sig st\u00e4ndigt f\u00f6rnyande ordningen.<\/p>\t\t\t\t\t\t\t\t<\/div>\n\t\t\t\t\t<\/div>\n\t\t\t\t<\/div>\n\t\t<div class=\"elementor-element elementor-element-iwgw-sin-s3 e-flex e-con-boxed e-con e-parent\" data-id=\"iwgw-sin-s3\" data-element_type=\"container\" data-e-type=\"container\">\n\t\t\t\t\t<div class=\"e-con-inner\">\n\t\t\t\t<div class=\"elementor-element elementor-element-iwgw-sin-s3h elementor-widget elementor-widget-heading\" data-id=\"iwgw-sin-s3h\" data-element_type=\"widget\" data-e-type=\"widget\" data-widget_type=\"heading.default\">\n\t\t\t\t\t<h2 class=\"elementor-heading-title elementor-size-default\">Mytologiska ber\u00e4ttelser<\/h2>\t\t\t\t<\/div>\n\t\t\t\t<div class=\"elementor-element elementor-element-iwgw-sin-s3t elementor-widget elementor-widget-text-editor\" data-id=\"iwgw-sin-s3t\" data-element_type=\"widget\" data-e-type=\"widget\" data-widget_type=\"text-editor.default\">\n\t\t\t\t\t\t\t\t\t<p>Sins f\u00f6delse skildras i ber\u00e4ttelsen om Enlil och Ninlil. Efter att Enlil har tr\u00e4ngt sig p\u00e5 gudinnan Ninlil f\u00f6rvisas han av gudaf\u00f6rsamlingen till underjorden. Ninlil, som har blivit havande med m\u00e5nguden genom honom, f\u00f6ljer honom dit.<\/p><p>F\u00f6r att barnet, som ska tillh\u00f6ra den ljusa himlen, inte ska stanna kvar i underjorden, sk\u00e4nker Enlil och Ninlil genom ytterligare m\u00f6ten ers\u00e4ttningsgudomar till underjorden. P\u00e5 s\u00e5 s\u00e4tt kommer Sin till himlen, medan de underjordiska gudomarna bebor djupet.<\/p><p>Sin f\u00f6rekommer ocks\u00e5 i myter d\u00e4r han tr\u00e4ngs av demoner. En besv\u00e4rjelseber\u00e4ttelse skildrar hur onda makter f\u00f6rm\u00f6rkar m\u00e5nen. I en bevarad ber\u00e4ttelse f\u00f6renar sig sju onda demoner f\u00f6r att omringa Sin p\u00e5 himlen och sl\u00e4cka hans ljus.<\/p><p>En m\u00e5nf\u00f6rm\u00f6rkelse ans\u00e5gs vara ett olycksb\u00e5dande tecken, ett angrepp av fientliga v\u00e4sen mot guden. I s\u00e5dana fall kallade besv\u00e4rjelsepr\u00e4ster p\u00e5 andra gudar till hj\u00e4lp, s\u00e5 att Sin skulle \u00e5terf\u00e5 sitt ljus. Detta ber\u00e4ttelsemotiv f\u00f6rbinder <span class=\"iwg-fachbegriff\" data-tooltip=\"En \u00f6verl\u00e4mnad ber\u00e4ttelse om gudar, ursprung och v\u00e4rldens ordning.\" tabindex=\"0\">myt<\/span> och <span class=\"iwg-fachbegriff\" data-tooltip=\"En reglerad f\u00f6ljd av symboliska handlingar med religi\u00f6s eller kulturell betydelse.\" tabindex=\"0\">ritual<\/span> direkt med varandra.<\/p><p>I hymner skildras Sin som en vis r\u00e5dgivare, som tillsammans med sin son Shamash vakar \u00f6ver r\u00e4tt och sanning. Medan Shamash som solgud ser allt under dagen, genomtr\u00e4nger Sin natten.<\/p><p>Ur denna konstellation uppst\u00e5r f\u00f6rest\u00e4llningen om en obruten gudomlig blick som inte l\u00e4mnar n\u00e5got dolt. M\u00e5nadens \u00f6de, s\u00e4gs det, best\u00e4ms av Sin, varf\u00f6r hans m\u00e5natliga framtr\u00e4dande observerades med s\u00e4rskild uppm\u00e4rksamhet.<\/p><p>Ett eget ber\u00e4ttelsemotiv g\u00e4ller dr\u00f6mmen, i vilken Sin uppenbarar sig f\u00f6r m\u00e4nniskorna. Den siste babyloniske kungen Nabonid ber\u00e4ttar i sina inskrifter att m\u00e5nguden hade visat sig f\u00f6r honom i en dr\u00f6m och gett honom uppdraget att \u00e5teruppbygga dennes f\u00f6rfallna <span class=\"iwg-fachbegriff\" data-tooltip=\"En byggnad som tj\u00e4nar dyrkan av en eller flera gudomar.\" tabindex=\"0\">tempel<\/span> i Harran.<\/p><p>S\u00e5dana texter \u00e4r inga myter i strikt mening, men de visar hur mytiska f\u00f6rest\u00e4llningar om den talande, visande guden n\u00e5dde \u00e4nda in i den kungliga sj\u00e4lvframst\u00e4llningen.<\/p><p>\u00c4ven i hymner som tillskrivs Enheduanna och i h\u00f6gpr\u00e4stinnornas b\u00f6ner framtr\u00e4der Sin som en gud som h\u00f6r b\u00f6ner och s\u00e4nder tecken. Tolkningen av dessa tecken, framf\u00f6r allt m\u00e5nfaserna och m\u00e5nsk\u00e4rans st\u00e4llning, var f\u00f6rem\u00e5l f\u00f6r en utarbetad observations- och tolkningspraxis.<\/p>\t\t\t\t\t\t\t\t<\/div>\n\t\t\t\t\t<\/div>\n\t\t\t\t<\/div>\n\t\t<div class=\"elementor-element elementor-element-iwgw-sin-s4 e-flex e-con-boxed e-con e-parent\" data-id=\"iwgw-sin-s4\" data-element_type=\"container\" data-e-type=\"container\">\n\t\t\t\t\t<div class=\"e-con-inner\">\n\t\t\t\t<div class=\"elementor-element elementor-element-iwgw-sin-s4h elementor-widget elementor-widget-heading\" data-id=\"iwgw-sin-s4h\" data-element_type=\"widget\" data-e-type=\"widget\" data-widget_type=\"heading.default\">\n\t\t\t\t\t<h2 class=\"elementor-heading-title elementor-size-default\">Kult och v\u00f6rdnad<\/h2>\t\t\t\t<\/div>\n\t\t\t\t<div class=\"elementor-element elementor-element-iwgw-sin-s4t elementor-widget elementor-widget-text-editor\" data-id=\"iwgw-sin-s4t\" data-element_type=\"widget\" data-e-type=\"widget\" data-widget_type=\"text-editor.default\">\n\t\t\t\t\t\t\t\t\t<p>Det viktigaste kultcentrumet f\u00f6r Sin i s\u00f6dra Mesopotamien var staden Ur. D\u00e4r l\u00e5g <span class=\"iwg-fachbegriff\" data-tooltip=\"En byggnad som tj\u00e4nar dyrkan av en eller flera gudomar.\" tabindex=\"0\">templet<\/span> Ekishnugal, och den ber\u00f6mda ziggurat av Ur, en trappstegsformad tempelplattform, var <span class=\"iwg-fachbegriff\" data-tooltip=\"Genom en religi\u00f6s handling \u00f6verl\u00e4mnad till det heliga och d\u00e4rigenom lyft ur det vardagliga.\" tabindex=\"0\">helgad<\/span> \u00e5t m\u00e5nguden. Kung Ur-Nammu och hans son Shulgi l\u00e4t uppf\u00f6ra den monumentala zigguraten i den form som dess ruiner fortfarande visar.<\/p><p>Under Urs tredje dynasti upplevde <span class=\"iwg-fachbegriff\" data-tooltip=\"Samtliga religi\u00f6sa v\u00f6rdnadshandlingar f\u00f6r en gudom eller helig gestalt.\" tabindex=\"0\">kulten<\/span> en s\u00e4rskild blomstring.<\/p><p>En framtr\u00e4dande roll spelade \u00e4mbetet som h\u00f6gpr\u00e4stinna \u00e5t m\u00e5nguden, vilket ofta innehades av kungliga d\u00f6ttrar. Den mest k\u00e4nda innehavaren av detta \u00e4mbete var Enheduanna, en dotter till kung Sargon av Akkad, som tillskrivs litter\u00e4ra hymner.<\/p><p>\u00c4mbetet bestod i \u00e5rhundraden, och \u00e4nnu kung Nabonid insatte sin dotter som pr\u00e4stinna i Ur, varvid han \u00e5beropade ett gudomligt val som visats genom ett m\u00e5nomen.<\/p><p>I norra Mesopotamien var Harran det andra stora centrumet f\u00f6r m\u00e5ngudsdyrkan. Det d\u00e4r bel\u00e4gna <span class=\"iwg-fachbegriff\" data-tooltip=\"En byggnad som tj\u00e4nar dyrkan av en eller flera gudomar.\" tabindex=\"0\">templet<\/span> f\u00f6r Sin, kallat Ehulhul, \u00e5tnj\u00f6t anseende under en utomordentligt l\u00e5ng tid.<\/p><p>\u00c4nnu under det f\u00f6rsta \u00e5rtusendet f\u00f6re v\u00e5r tider\u00e4kning visade nyassyriska och nybabyloniska h\u00e4rskare stort intresse f\u00f6r detta <span class=\"iwg-fachbegriff\" data-tooltip=\"En helig plats vigd \u00e5t dyrkan av en gudom.\" tabindex=\"0\">helgedom<\/span>. Den siste babyloniske kungen Nabonid \u00e4gnade Sin av Harran s\u00e4rskild uppm\u00e4rksamhet, l\u00e4t \u00e5teruppbygga <span class=\"iwg-fachbegriff\" data-tooltip=\"En byggnad som tj\u00e4nar dyrkan av en eller flera gudomar.\" tabindex=\"0\">templet<\/span> och tillbringade flera \u00e5r fj\u00e4rran fr\u00e5n Babylon, vilket v\u00e4ckte motst\u00e5nd bland pr\u00e4sterskapet f\u00f6r andra gudar, framf\u00f6r allt Marduk.<\/p><p>\u00c4ven Nabonids mor, vars l\u00e5nga livstid dokumenteras i en egen <span class=\"iwg-fachbegriff\" data-tooltip=\"En text inristad eller inhuggen i ett fast underlag.\" tabindex=\"0\">inskrift<\/span>, var n\u00e4ra f\u00f6rbunden med Sin-<span class=\"iwg-fachbegriff\" data-tooltip=\"Samtliga religi\u00f6sa v\u00f6rdnadshandlingar f\u00f6r en gudom eller helig gestalt.\" tabindex=\"0\">kulten<\/span> i Harran.<\/p><p><span class=\"iwg-fachbegriff\" data-tooltip=\"Samtliga religi\u00f6sa v\u00f6rdnadshandlingar f\u00f6r en gudom eller helig gestalt.\" tabindex=\"0\">Kulten<\/span> omfattade dagliga <span class=\"iwg-fachbegriff\" data-tooltip=\"G\u00e5va till en gudom f\u00f6r att uttrycka tacksamhet, b\u00f6n eller v\u00f6rdnad.\" tabindex=\"0\">offer<\/span>, m\u00e5natliga fester kopplade till m\u00e5nfaserna och b\u00f6ner. Nym\u00e5nen, fullm\u00e5nen och m\u00e5nens f\u00f6rsvinnande var <span class=\"iwg-fachbegriff\" data-tooltip=\"Tillh\u00f6rande ett fastst\u00e4llt religi\u00f6st handlingsf\u00f6rlopp.\" tabindex=\"0\">rituellt<\/span> betydelsefulla tidpunkter, d\u00e5 s\u00e4rskilda riter genomf\u00f6rdes. Dagen d\u00e5 m\u00e5nen f\u00f6rsvann ans\u00e5gs vara vansklig och f\u00f6rknippades med klago- och f\u00f6rsoningsriter.<\/p><p><span class=\"iwg-fachbegriff\" data-tooltip=\"En byggnad som tj\u00e4nar dyrkan av en eller flera gudomar.\" tabindex=\"0\">Templen<\/span> f\u00f6rfogade \u00f6ver omfattande jordegendomar och ett hierarkiskt uppbyggt pr\u00e4sterskap med s\u00e5ngare, klagopr\u00e4ster och f\u00f6rvaltningspersonal. Fr\u00e5n Ur h\u00e4rstammar rika arkeologiska fynd, d\u00e4ribland <span class=\"iwg-fachbegriff\" data-tooltip=\"En helig plats vigd \u00e5t dyrkan av en gudom.\" tabindex=\"0\">helgedomen<\/span> f\u00f6r h\u00f6gpr\u00e4stinne\u00e4mbetet, Gipar, som ger inblick i Sin-kultens materiella kultur.<\/p>\t\t\t\t\t\t\t\t<\/div>\n\t\t\t\t\t<\/div>\n\t\t\t\t<\/div>\n\t\t<div class=\"elementor-element elementor-element-iwgw-sin-s5 e-flex e-con-boxed e-con e-parent\" data-id=\"iwgw-sin-s5\" data-element_type=\"container\" data-e-type=\"container\">\n\t\t\t\t\t<div class=\"e-con-inner\">\n\t\t\t\t<div class=\"elementor-element elementor-element-iwgw-sin-s5h elementor-widget elementor-widget-heading\" data-id=\"iwgw-sin-s5h\" data-element_type=\"widget\" data-e-type=\"widget\" data-widget_type=\"heading.default\">\n\t\t\t\t\t<h2 class=\"elementor-heading-title elementor-size-default\">Skyddspraxis och apotrop\u00e4iskt<\/h2>\t\t\t\t<\/div>\n\t\t\t\t<div class=\"elementor-element elementor-element-iwgw-sin-s5t elementor-widget elementor-widget-text-editor\" data-id=\"iwgw-sin-s5t\" data-element_type=\"widget\" data-e-type=\"widget\" data-widget_type=\"text-editor.default\">\n\t\t\t\t\t\t\t\t\t<p>Sin var n\u00e4ra f\u00f6rbunden med skydd och avv\u00e4rjande av olycka, eftersom hans ljus lyste upp nattens m\u00f6rker, d\u00e4r man menade att demoniska makter var s\u00e4rskilt aktiva.<\/p><p>B\u00f6ner till Sin bad om hans ljus som hj\u00e4lp och v\u00e4gledning. Eftersom m\u00e5nen ordnade kalendern var hans tillf\u00f6rlitlighet samtidigt ett skydd mot den otaliga tidens kaos.<\/p><p>En s\u00e4rskild roll spelade Sin i samband med m\u00e5nf\u00f6rm\u00f6rkelser. En f\u00f6rm\u00f6rkelse ans\u00e5gs vara ett angrepp fr\u00e5n fientliga v\u00e4sen mot guden och ett olycksb\u00e5dande tecken, framf\u00f6r allt f\u00f6r kungen.<\/p><p>Det fanns s\u00e4rskilda ritualtexter med vilka man ville avv\u00e4rja de skadliga f\u00f6ljderna av en f\u00f6rm\u00f6rkelse. Ett k\u00e4nt f\u00f6rfarande var ers\u00e4ttningskungsritualen, d\u00e4r en st\u00e4llf\u00f6retr\u00e4dare symboliskt tog p\u00e5 sig den olycka som omen hotade med, medan den egentlige kungen f\u00f6rblev skyddad.<\/p><p>I besv\u00e4rjelser \u00e5kallades Sin tillsammans med andra gudomar f\u00f6r att bota sjuka och driva bort onda andar. M\u00e5nguden framtr\u00e4der h\u00e4r inte som en isolerad skyddsmakt, utan som en del av ett st\u00f6rre gudomligt bist\u00e5nd.<\/p><p>Eftersom Sin ans\u00e5gs vara en vis och r\u00e4ttf\u00e4rdig gud, litade man p\u00e5 att han skulle st\u00f6dja de or\u00e4ttvist f\u00f6rtryckta. Hans milda men st\u00e4ndiga ljus var en <span class=\"iwg-fachbegriff\" data-tooltip=\"En bildlig framst\u00e4llning som st\u00e5r f\u00f6r en abstrakt tanke.\" tabindex=\"0\">symbol<\/span> f\u00f6r hoppet att \u00e4ven den m\u00f6rkaste natt tar slut.<\/p>\t\t\t\t\t\t\t\t<\/div>\n\t\t\t\t\t<\/div>\n\t\t\t\t<\/div>\n\t\t<div class=\"elementor-element elementor-element-iwgw-sin-s6 e-flex e-con-boxed e-con e-parent\" data-id=\"iwgw-sin-s6\" data-element_type=\"container\" data-e-type=\"container\">\n\t\t\t\t\t<div class=\"e-con-inner\">\n\t\t\t\t<div class=\"elementor-element elementor-element-iwgw-sin-s6h elementor-widget elementor-widget-heading\" data-id=\"iwgw-sin-s6h\" data-element_type=\"widget\" data-e-type=\"widget\" data-widget_type=\"heading.default\">\n\t\t\t\t\t<h2 class=\"elementor-heading-title elementor-size-default\">Paralleller i andra kulturer<\/h2>\t\t\t\t<\/div>\n\t\t\t\t<div class=\"elementor-element elementor-element-iwgw-sin-s6t elementor-widget elementor-widget-text-editor\" data-id=\"iwgw-sin-s6t\" data-element_type=\"widget\" data-e-type=\"widget\" data-widget_type=\"text-editor.default\">\n\t\t\t\t\t\t\t\t\t<p>M\u00e5nguder \u00e4r belagda i m\u00e5nga kulturer i det gamla Orienten och bortom det. I det v\u00e4stsemitiska omr\u00e5det fanns egna m\u00e5nguder, och \u00e4ven i Sydarabien stod m\u00e5nen i centrum f\u00f6r betydande kulter. Kopplingen mellan m\u00e5ne, kalender och tidsordning \u00e4r ett \u00e5terkommande m\u00f6nster, eftersom m\u00e5nens cykel utgjorde den mest naturliga grunden f\u00f6r tidr\u00e4kning i f\u00f6rmoderna samh\u00e4llen.<\/p><p>Anm\u00e4rkningsv\u00e4rt \u00e4r att m\u00e5nguden Sin i det mesopotamiska systemet betraktas som fader till solguden. I m\u00e5nga andra mytologiska system, till exempel det grekiska, \u00e4r f\u00f6rh\u00e5llandet omv\u00e4nt eller viktat p\u00e5 annat s\u00e4tt, och solen intar en \u00f6verordnad st\u00e4llning. Den mesopotamiska h\u00f6gre v\u00e4rderingen av m\u00e5nen speglar betydelsen av nattlig himmelsobservation och den lunara kalendern.<\/p><p><span class=\"iwg-fachbegriff\" data-tooltip=\"Summan av de religi\u00f6sa v\u00f6rdnadshandlingarna f\u00f6r en gudom eller helig gestalt.\" tabindex=\"0\">Kulten<\/span> kring Sin i Harran \u00e4r ett specialfall av religi\u00f6s kontinuitet. Medan den gamla mesopotamiska religionen p\u00e5 andra h\u00e5ll l\u00e4nge hade upph\u00f6rt, levde former av stj\u00e4rnv\u00f6rdnad kvar i Harran \u00e4nda in i <span class=\"iwg-fachbegriff\" data-tooltip=\"\u00d6verg\u00e5ngsepoken mellan antiken och medeltiden, ungef\u00e4r 3:e till 7:e \u00e5rhundradet.\" tabindex=\"0\">senantiken<\/span>. Senare k\u00e4llor ber\u00e4ttar om en gemenskap i Harran som ut\u00f6vade astrala kulter.<\/p><p>V\u00e4rderingen av dessa uppgifter \u00e4r omtvistad inom forskningen, men de visar hur best\u00e5ende m\u00e5nv\u00f6rdnaden var p\u00e5 denna plats.<\/p>\t\t\t\t\t\t\t\t<\/div>\n\t\t\t\t\t<\/div>\n\t\t\t\t<\/div>\n\t\t<div class=\"elementor-element elementor-element-iwgw-sin-s7 e-flex e-con-boxed e-con e-parent\" data-id=\"iwgw-sin-s7\" data-element_type=\"container\" data-e-type=\"container\">\n\t\t\t\t\t<div class=\"e-con-inner\">\n\t\t\t\t<div class=\"elementor-element elementor-element-iwgw-sin-s7h elementor-widget elementor-widget-heading\" data-id=\"iwgw-sin-s7h\" data-element_type=\"widget\" data-e-type=\"widget\" data-widget_type=\"heading.default\">\n\t\t\t\t\t<h2 class=\"elementor-heading-title elementor-size-default\">Nutida mottagande och forskning<\/h2>\t\t\t\t<\/div>\n\t\t\t\t<div class=\"elementor-element elementor-element-iwgw-sin-s7t elementor-widget elementor-widget-text-editor\" data-id=\"iwgw-sin-s7t\" data-element_type=\"widget\" data-e-type=\"widget\" data-widget_type=\"text-editor.default\">\n\t\t\t\t\t\t\t\t\t<p>Utforskningen av Sin-kulten bygger p\u00e5 ett brett k\u00e4llmaterial. Utgr\u00e4vningarna i Ur, framf\u00f6r allt Leonard Woolleys arbeten under f\u00f6rsta h\u00e4lften av nittonhundratalet, blottlade <span class=\"iwg-fachbegriff\" data-tooltip=\"En byggnad som \u00e4gnas \u00e5t v\u00f6rdnaden av en eller flera gudomar.\" tabindex=\"0\">tempel<\/span>, zigguraten, giparu och en m\u00e4ngd fynd.<\/p><p>Till detta kommer kilskriftstexter, bland annat hymner, b\u00f6ner, ritualtexter och f\u00f6rvaltningsdokument, som dokumenterar <span class=\"iwg-fachbegriff\" data-tooltip=\"Summan av de religi\u00f6sa v\u00f6rdnadshandlingarna f\u00f6r en gudom eller helig gestalt.\" tabindex=\"0\">kulten<\/span> under dess olika epoker. Nabonids inskrifter utg\u00f6r ett eget, mycket studerat k\u00e4llmaterial om m\u00e5nv\u00f6rdnadens senare fas.<\/p><p>Ett \u00e4mne som fortsatt diskuteras \u00e4r Nabonids religionspolitik. Hans f\u00f6rdel f\u00f6r Sin framf\u00f6r Marduk framst\u00e4lldes i senare, honom fientliga texter som en f\u00f6rsummelse. Forskningen str\u00e4var efter att skilja dessa tendenti\u00f6sa k\u00e4llor fr\u00e5n kungens egna uttalanden och att rekonstruera bakgrunden till konflikten mellan pr\u00e4sterskapen.<\/p><p>Ett viktigt forsknings\u00e4mne \u00e4r den astrala dimensionen av den mesopotamiska religionen. Sin st\u00e5r i centrum f\u00f6r fr\u00e5gan om hur himlaobservation, kalenderv\u00e4sen och religi\u00f6s tolkning samverkade.<\/p><p>De mesopotamiska l\u00e4rde utvecklade en f\u00f6rfinad omentolkning, d\u00e4r m\u00e5nfenomen spelade en central roll. Dessa texter \u00e4r intressanta inte bara religionshistoriskt utan \u00e4ven vetenskapshistoriskt, eftersom de h\u00f6r till r\u00f6tterna till den senare astronomin.<\/p><p>\u00c4ven gestalten Enheduanna har under de senaste decennierna f\u00e5tt mycket uppm\u00e4rksamhet. Som h\u00f6gsta pr\u00e4stinna f\u00f6r m\u00e5nguden och antagen f\u00f6rfattare till hymner betraktas hon som en av de tidigaste namngivna f\u00f6rfattarna i litteraturhistorien.<\/p><p>Tillskrivningen av texterna diskuteras nyanserat inom forskningen. Sammantaget f\u00f6rblir Sin en gestalt genom vilken centrala teman i den mesopotamiska religionshistorien kan studeras p\u00e5 ett exemplariskt s\u00e4tt.<\/p>\t\t\t\t\t\t\t\t<\/div>\n\t\t\t\t\t<\/div>\n\t\t\t\t<\/div>\n\t\t<div class=\"elementor-element elementor-element-iwgw-sin-lit e-flex e-con-boxed e-con e-parent\" data-id=\"iwgw-sin-lit\" data-element_type=\"container\" data-e-type=\"container\">\n\t\t\t\t\t<div class=\"e-con-inner\">\n\t\t\t\t<div class=\"elementor-element elementor-element-iwgw-sin-lith elementor-widget elementor-widget-heading\" data-id=\"iwgw-sin-lith\" data-element_type=\"widget\" data-e-type=\"widget\" data-widget_type=\"heading.default\">\n\t\t\t\t\t<h2 class=\"elementor-heading-title elementor-size-default\">Litteratur (urval)<\/h2>\t\t\t\t<\/div>\n\t\t\t\t<div class=\"elementor-element elementor-element-iwgw-sin-litt elementor-widget elementor-widget-text-editor\" data-id=\"iwgw-sin-litt\" data-element_type=\"widget\" data-e-type=\"widget\" data-widget_type=\"text-editor.default\">\n\t\t\t\t\t\t\t\t\t<ul><li><span data-nosnippet>Jeremy Black, Anthony Green: <em>Gods, Demons and Symbols of Ancient Mesopotamia<\/em> (1992)<\/span><\/li><li>Jean Bott\u00e9ro: <em>Die \u00e4lteste Religion. Mesopotamien<\/em> (2001)<\/li><li>Thorkild Jacobsen: <em>The Treasures of Darkness. A History of Mesopotamian Religion<\/em> (1976)<\/li><li>Mark E. Cohen: <em>The Cultic Calendars of the Ancient Near East<\/em> (1993)<\/li><li>Wilfred G. Lambert: <em>Babylonian Oracle Questions<\/em> (2007)<\/li><\/ul>\t\t\t\t\t\t\t\t<\/div>\n\t\t\t\t\t<\/div>\n\t\t\t\t<\/div>\n\t\t<div class=\"elementor-element elementor-element-iwgkw2-add-sin e-flex e-con-boxed e-con e-parent\" data-id=\"iwgkw2-add-sin\" data-element_type=\"container\" data-e-type=\"container\">\n\t\t\t\t\t<div class=\"e-con-inner\">\n\t\t\t\t<div class=\"elementor-element elementor-element-iwgkw2-add-sin-t elementor-widget elementor-widget-text-editor\" data-id=\"iwgkw2-add-sin-t\" data-element_type=\"widget\" data-e-type=\"widget\" data-widget_type=\"text-editor.default\">\n\t\t\t\t\t\t\t\t\t<p>Sin r\u00e4knas som <em>mesopotamisk<\/em> m\u00e5negud i Ur och Harran, vars hornkrona och m\u00e5nsk\u00e4raskikt f\u00f6rdes vidare fr\u00e5n den gammalsumeriska Nanna \u00e4nda fram till den senbabyloniska kungaideologin.<\/p>\t\t\t\t\t\t\t\t<\/div>\n\t\t\t\t\t<\/div>\n\t\t\t\t<\/div>\n\t\t<div class=\"elementor-element elementor-element-iwgw-sin-kwd e-flex e-con-boxed e-con e-parent\" data-id=\"iwgw-sin-kwd\" data-element_type=\"container\" data-e-type=\"container\">\n\t\t\t\t\t<div class=\"e-con-inner\">\n\t\t\t\t<div class=\"elementor-element elementor-element-iwgw-sin-kwdt elementor-widget elementor-widget-text-editor\" data-id=\"iwgw-sin-kwdt\" data-element_type=\"widget\" data-e-type=\"widget\" data-widget_type=\"text-editor.default\">\n\t\t\t\t\t\t\t\t\t<p><em>Relaterade nyckelbegrepp: Sin Nanna Suen Ur Harran m\u00e5negud ziggurat Enheduanna Shamash.<\/em><\/p>\t\t\t\t\t\t\t\t<\/div>\n\t\t\t\t\t<\/div>\n\t\t\t\t<\/div>\n\t\t<div class=\"elementor-element elementor-element-iwgw-sin-cc e-flex e-con-boxed e-con e-parent\" data-id=\"iwgw-sin-cc\" data-element_type=\"container\" data-e-type=\"container\" id=\"iwg-cc-sin\">\n\t\t\t\t\t<div class=\"e-con-inner\">\n\t\t<div class=\"elementor-element elementor-element-iwgw-sin-ccinner e-flex e-con-boxed e-con e-parent\" data-id=\"iwgw-sin-ccinner\" data-element_type=\"container\" data-e-type=\"container\" data-settings=\"{&quot;background_background&quot;:&quot;classic&quot;}\">\n\t\t\t\t\t<div class=\"e-con-inner\">\n\t\t\t\t<div class=\"elementor-element elementor-element-iwgw-sin-cch elementor-widget elementor-widget-heading\" data-id=\"iwgw-sin-cch\" data-element_type=\"widget\" data-e-type=\"widget\" data-widget_type=\"heading.default\">\n\t\t\t\t\t<h2 class=\"elementor-heading-title elementor-size-default\">iWell Guard och skyddstraditioner<\/h2>\t\t\t\t<\/div>\n\t\t\t\t<div class=\"elementor-element elementor-element-iwgw-sin-cct elementor-widget elementor-widget-text-editor\" data-id=\"iwgw-sin-cct\" data-element_type=\"widget\" data-e-type=\"widget\" data-widget_type=\"text-editor.default\">\n\t\t\t\t\t\t\t\t\t<div data-nosnippet=\"true\"><p>iWell Guard ansluter till den kulturhistoriska traditionen av b\u00e4rbara skyddsobjekt, i traditionen fr\u00e5n <a href=\"https:\/\/iwell-guard.com\/sv\/mesopotamien\/\">Mesopotamien<\/a> och m\u00e5nga andra kulturer v\u00e4rlden \u00f6ver. 41 niv\u00e5er, \u00e4kta guld, platina, silver, tillverkad i Tyskland. 30 dagars \u00e5ngerr\u00e4tt.<\/p><\/div>\t\t\t\t\t\t\t\t<\/div>\n\t\t\t\t<div class=\"elementor-element elementor-element-iwgw-sin-ccb iwg-cc-button iwg-cc-cta-2026-05-13 elementor-widget elementor-widget-jet-button\" data-id=\"iwgw-sin-ccb\" data-element_type=\"widget\" data-e-type=\"widget\" data-widget_type=\"jet-button.default\">\n\t\t\t\t<div class=\"elementor-widget-container\">\n\t\t\t\t\t<div class=\"elementor-jet-button jet-elements\"><div class=\"jet-button__container\"><a class=\"jet-button__instance jet-button__instance--icon-left hover-effect-1\" href=\"\/ueber-iwell-guard\/?utm_source=iwell-guard.com&amp;utm_medium=info-box&amp;utm_campaign=wesen-tradition\"><div class=\"jet-button__plane jet-button__plane-normal\"><\/div><div class=\"jet-button__plane jet-button__plane-hover\"><\/div><div class=\"jet-button__state jet-button__state-normal\"><span class=\"jet-button__label\">Mer om iWell Guard<\/span><\/div><div class=\"jet-button__state jet-button__state-hover\"><span class=\"jet-button__label\">Mer om iWell Guard<\/span><\/div><\/a><\/div><\/div><style>.elementor-element.elementor-element-iwgw-sin-ccb .jet-button__instance{width:320px;height:56px;}.elementor-element.elementor-element-iwgw-sin-ccb .jet-button__state-normal .jet-button__label{text-align:center;margin:0px 0px 0px 0px;color:#1a1b20;font-family:Montserrat,sans-serif;font-size:13px;font-weight:400;letter-spacing:4px;line-height:1.714em;text-transform:uppercase;}.elementor-element.elementor-element-iwgw-sin-ccb .jet-button__state-hover .jet-button__label{text-align:center;margin:0px 0px 0px 0px;color:#FECC76;font-family:Montserrat,sans-serif;font-size:13px;font-weight:400;letter-spacing:4px;line-height:1.714em;text-transform:uppercase;}.elementor-element.elementor-element-iwgw-sin-ccb .jet-button__plane-normal{background-color:#FECC76;border-style:solid;border-color:#C99540;border-width:2px 2px 2px 2px;}.elementor-element.elementor-element-iwgw-sin-ccb .jet-button__plane-hover{background-color:rgba(0,0,0,0.55);border-style:solid;border-color:#FECC76;border-width:2px 2px 2px 2px;}<\/style>\t\t\t\t<\/div>\n\t\t\t\t<\/div>\n\t\t\t\t<div class=\"elementor-element elementor-element-iwgw-sin-ccd elementor-widget elementor-widget-text-editor\" data-id=\"iwgw-sin-ccd\" data-element_type=\"widget\" data-e-type=\"widget\" data-widget_type=\"text-editor.default\">\n\t\t\t\t\t\t\t\t\t<div data-nosnippet=\"true\"><p style=\"text-align:center;font-size:13px;opacity:0.7;margin-top:14px\" data-nosnippet=\"true\">Personliga erfarenheter kan variera. Ingen medicinteknisk produkt. Inget l\u00f6fte om l\u00e4kning.<\/p><\/div>\t\t\t\t\t\t\t\t<\/div>\n\t\t\t\t\t<\/div>\n\t\t\t\t<\/div>\n\t\t\t\t\t<\/div>\n\t\t\t\t<\/div>\n\t\t<div class=\"elementor-element elementor-element-iwgw-sin-disc e-flex e-con-boxed e-con e-parent\" data-id=\"iwgw-sin-disc\" data-element_type=\"container\" data-e-type=\"container\">\n\t\t\t\t\t<div class=\"e-con-inner\">\n\t\t\t\t<div class=\"elementor-element elementor-element-iwgw-sin-discw elementor-widget elementor-widget-html\" data-id=\"iwgw-sin-discw\" data-element_type=\"widget\" data-e-type=\"widget\" data-widget_type=\"html.default\">\n\t\t\t\t\t<footer data-nosnippet=\"true\" class=\"iwg-disclaimer-block\"><p data-nosnippet=\"true\">iWell Guard \u00e4r <strong>ingen medicinteknisk produkt<\/strong> och ers\u00e4tter inte l\u00e4karv\u00e5rd eller psykoterapeutisk behandling. De religionsvetenskapliga inneh\u00e5llen \u00e4r kulturhistorisk inordning, ingen andlig praxisrekommendation.<\/p><\/footer>\t\t\t\t<\/div>\n\t\t\t\t\t<\/div>\n\t\t\t\t<\/div>\n\t\t\t\t<\/div>\n\t\t","protected":false},"excerpt":{"rendered":"","protected":false},"author":3,"featured_media":3382,"parent":0,"menu_order":0,"comment_status":"closed","ping_status":"closed","template":"elementor_header_footer","meta":{"_yoast_wpseo_focuskw":"Sin mesopotamisk m\u00e5ngud","_yoast_wpseo_title":"Sin \u2013 mesopotamisk m\u00e5ngud fr\u00e5n Ur och Harran","_yoast_wpseo_metadesc":"Sin, p\u00e5 sumeriskt Nanna, var den mesopotamiska m\u00e5nguden med kultcentra i Ur och Harran, v\u00e4ktare av tid och kalender.","_yoast_wpseo_meta-robots-noindex":"","_yoast_wpseo_canonical":"","_angie_page":false,"gefaehrdungsstufe":"2","wesen_kultur":"mesopotamien","wesen_klasse":"goetter","footnotes":""},"categories":[],"class_list":["post-136938","page","type-page","status-publish","has-post-thumbnail","hentry"],"yoast_head":"<!-- This site is optimized with the Yoast SEO Premium plugin v27.7 (Yoast SEO v28.3) - https:\/\/yoast.com\/product\/yoast-seo-premium-wordpress\/ -->\n<title>Sin \u2013 mesopotamisk m\u00e5ngud fr\u00e5n Ur och Harran<\/title>\n<meta name=\"description\" content=\"Sin, p\u00e5 sumeriskt Nanna, var den mesopotamiska m\u00e5nguden med kultcentra i Ur och Harran, v\u00e4ktare av tid och kalender.\" \/>\n<meta name=\"robots\" content=\"index, follow, max-snippet:-1, max-image-preview:large, max-video-preview:-1\" \/>\n<link rel=\"canonical\" href=\"https:\/\/iwell-guard.com\/sv\/sin-manguden-ur-harran\/\" \/>\n<meta property=\"og:locale\" content=\"sv_SE\" \/>\n<meta property=\"og:type\" content=\"article\" \/>\n<meta property=\"og:title\" content=\"Sin \u2013 m\u00e5nguden av Ur och Harran\" \/>\n<meta property=\"og:description\" content=\"Sin, p\u00e5 sumeriskt Nanna, var den mesopotamiska m\u00e5nguden med kultcentra i Ur och Harran, v\u00e4ktare av tid och kalender.\" \/>\n<meta property=\"og:url\" content=\"https:\/\/iwell-guard.com\/sv\/sin-manguden-ur-harran\/\" \/>\n<meta property=\"og:site_name\" content=\"iWell Guard\" \/>\n<meta property=\"article:modified_time\" content=\"2026-09-03T01:16:12+00:00\" \/>\n<meta property=\"og:image\" content=\"https:\/\/iwell-guard.com\/wp-content\/uploads\/2026\/05\/goetter_mesopotamien_sin.webp\" \/>\n\t<meta property=\"og:image:width\" content=\"1024\" \/>\n\t<meta property=\"og:image:height\" content=\"1536\" \/>\n\t<meta property=\"og:image:type\" content=\"image\/webp\" \/>\n<meta name=\"twitter:card\" content=\"summary_large_image\" \/>\n<script type=\"application\/ld+json\" class=\"yoast-schema-graph\">{\"@context\":\"https:\\\/\\\/schema.org\",\"@graph\":[{\"@type\":\"WebPage\",\"@id\":\"https:\\\/\\\/iwell-guard.com\\\/sv\\\/sin-manguden-ur-harran\\\/\",\"url\":\"https:\\\/\\\/iwell-guard.com\\\/sv\\\/sin-manguden-ur-harran\\\/\",\"name\":\"Sin \u2013 mesopotamisk m\u00e5ngud fr\u00e5n Ur och Harran\",\"isPartOf\":{\"@id\":\"https:\\\/\\\/iwell-guard.com\\\/sv\\\/#website\"},\"primaryImageOfPage\":{\"@id\":\"https:\\\/\\\/iwell-guard.com\\\/sv\\\/sin-manguden-ur-harran\\\/#primaryimage\"},\"image\":{\"@id\":\"https:\\\/\\\/iwell-guard.com\\\/sv\\\/sin-manguden-ur-harran\\\/#primaryimage\"},\"thumbnailUrl\":\"https:\\\/\\\/iwell-guard.com\\\/wp-content\\\/uploads\\\/2026\\\/05\\\/goetter_mesopotamien_sin.webp\",\"datePublished\":\"2026-09-03T00:11:21+00:00\",\"dateModified\":\"2026-09-03T01:16:12+00:00\",\"description\":\"Sin, p\u00e5 sumeriskt Nanna, var den mesopotamiska m\u00e5nguden med kultcentra i Ur och Harran, v\u00e4ktare av tid och kalender.\",\"breadcrumb\":{\"@id\":\"https:\\\/\\\/iwell-guard.com\\\/sv\\\/sin-manguden-ur-harran\\\/#breadcrumb\"},\"inLanguage\":\"sv-SE\",\"potentialAction\":[{\"@type\":\"ReadAction\",\"target\":[\"https:\\\/\\\/iwell-guard.com\\\/sv\\\/sin-manguden-ur-harran\\\/\"]}]},{\"@type\":\"ImageObject\",\"inLanguage\":\"sv-SE\",\"@id\":\"https:\\\/\\\/iwell-guard.com\\\/sv\\\/sin-manguden-ur-harran\\\/#primaryimage\",\"url\":\"https:\\\/\\\/iwell-guard.com\\\/wp-content\\\/uploads\\\/2026\\\/05\\\/goetter_mesopotamien_sin.webp\",\"contentUrl\":\"https:\\\/\\\/iwell-guard.com\\\/wp-content\\\/uploads\\\/2026\\\/05\\\/goetter_mesopotamien_sin.webp\",\"width\":1024,\"height\":1536,\"caption\":\"Gudar fr\u00e5n den mesopotamiska traditionen.\"},{\"@type\":\"BreadcrumbList\",\"@id\":\"https:\\\/\\\/iwell-guard.com\\\/sv\\\/sin-manguden-ur-harran\\\/#breadcrumb\",\"itemListElement\":[{\"@type\":\"ListItem\",\"position\":1,\"name\":\"Start\",\"item\":\"https:\\\/\\\/iwell-guard.com\\\/sv\\\/?page_id=136483\"},{\"@type\":\"ListItem\",\"position\":2,\"name\":\"Sin \u2013 m\u00e5nguden av Ur och Harran\"}]},{\"@type\":\"WebSite\",\"@id\":\"https:\\\/\\\/iwell-guard.com\\\/sv\\\/#website\",\"url\":\"https:\\\/\\\/iwell-guard.com\\\/sv\\\/\",\"name\":\"iWell Guard\",\"description\":\"Schutz vor dunklen Einfl\u00fcssen\",\"publisher\":{\"@id\":\"https:\\\/\\\/iwell-guard.com\\\/sv\\\/#organization\"},\"potentialAction\":[{\"@type\":\"SearchAction\",\"target\":{\"@type\":\"EntryPoint\",\"urlTemplate\":\"https:\\\/\\\/iwell-guard.com\\\/sv\\\/?s={search_term_string}\"},\"query-input\":{\"@type\":\"PropertyValueSpecification\",\"valueRequired\":true,\"valueName\":\"search_term_string\"}}],\"inLanguage\":\"sv-SE\"},{\"@type\":\"Organization\",\"@id\":\"https:\\\/\\\/iwell-guard.com\\\/sv\\\/#organization\",\"name\":\"Ittermann electronic GmbH\",\"url\":\"https:\\\/\\\/iwell-guard.com\\\/sv\\\/\",\"logo\":{\"@type\":\"ImageObject\",\"inLanguage\":\"sv-SE\",\"@id\":\"https:\\\/\\\/iwell-guard.com\\\/sv\\\/#\\\/schema\\\/logo\\\/image\\\/\",\"url\":\"https:\\\/\\\/iwell-guard.com\\\/wp-content\\\/uploads\\\/2026\\\/05\\\/Ittermann-Logo-1182x237-1.png\",\"contentUrl\":\"https:\\\/\\\/iwell-guard.com\\\/wp-content\\\/uploads\\\/2026\\\/05\\\/Ittermann-Logo-1182x237-1.png\",\"width\":1182,\"height\":237,\"caption\":\"Ittermann electronic GmbH\"},\"image\":{\"@id\":\"https:\\\/\\\/iwell-guard.com\\\/sv\\\/#\\\/schema\\\/logo\\\/image\\\/\"},\"sameAs\":[\"https:\\\/\\\/pantip.com\\\/profile\\\/9367242\",\"https:\\\/\\\/micro.blog\\\/iwellguard\",\"https:\\\/\\\/www.diggerslist.com\\\/iwellguard\\\/about\",\"https:\\\/\\\/skitterphoto.com\\\/photographers\\\/2870314\\\/iwell-guard\",\"https:\\\/\\\/iwellguard.wordpress.com\\\/2026\\\/06\\\/06\\\/iwell-guard\\\/\",\"https:\\\/\\\/hub.docker.com\\\/u\\\/iwellguard\",\"https:\\\/\\\/www.pinterest.com\\\/iwellguard\\\/\",\"https:\\\/\\\/bit.ly\\\/m\\\/iwellguard\",\"https:\\\/\\\/entre-vos-mains.alsace.eu\\\/profiles\\\/iwellguard\\\/activity\",\"https:\\\/\\\/gravatar.com\\\/reallybeded8fd34\",\"https:\\\/\\\/naijamatta.com\\\/iwellguard\",\"https:\\\/\\\/www.goodreads.com\\\/iwellguard\",\"https:\\\/\\\/profile.hatena.ne.jp\\\/iwellguard\\\/\",\"https:\\\/\\\/experiment.com\\\/users\\\/iwellguard\",\"https:\\\/\\\/wakelet.com\\\/@iWellGuard82270\",\"https:\\\/\\\/www.chordie.com\\\/forum\\\/profile.php?id=2555664\",\"https:\\\/\\\/www.instapaper.com\\\/p\\\/17757966\",\"https:\\\/\\\/www.mapleprimes.com\\\/users\\\/iwellguard\",\"https:\\\/\\\/businesslistingplus.com\\\/profile\\\/iwell-guard\\\/\",\"https:\\\/\\\/telegra.ph\\\/iWell-Guard-06-06\",\"https:\\\/\\\/pbase.com\\\/iwellguard\\\/iwellguard\",\"https:\\\/\\\/b.hatena.ne.jp\\\/iwellguard\\\/20260607#bookmark-4788405196491818882\",\"https:\\\/\\\/fliphtml5.com\\\/home\\\/iwellguard\",\"https:\\\/\\\/anyflip.com\\\/homepage\\\/cmiwl#About\",\"https:\\\/\\\/transfur.com\\\/Users\\\/iwellguard\",\"http:\\\/\\\/delphi.larsbo.org\\\/user\\\/iwellguard\",\"https:\\\/\\\/jobs.lajobsportal.org\\\/profiles\\\/8380803-iwell-guard\",\"https:\\\/\\\/md.chaosdorf.de\\\/s\\\/jfbe5SBdJD\",\"https:\\\/\\\/www.lingvolive.com\\\/en-us\\\/profile\\\/9ecaeaca-ce11-4e51-9e71-01d55e2bff36\\\/translations\",\"https:\\\/\\\/www.fitday.com\\\/fitness\\\/forums\\\/members\\\/iwellguard.html\",\"https:\\\/\\\/www.mymeetbook.com\\\/iwellguard\",\"https:\\\/\\\/pxhere.com\\\/en\\\/photographer-me\\\/5040798\",\"https:\\\/\\\/disqus.com\\\/by\\\/iwellguard\\\/about\\\/\",\"https:\\\/\\\/pastelink.net\\\/hjwciqwq\",\"https:\\\/\\\/pubhtml5.com\\\/homepage\\\/scjhn\\\/\",\"https:\\\/\\\/www.bitchute.com\\\/channel\\\/2O2eOKzNqujT\",\"https:\\\/\\\/audiomack.com\\\/iwellguard\"]},{\"@type\":\"Article\",\"@id\":\"https:\\\/\\\/iwell-guard.com\\\/sv\\\/sin-manguden-ur-harran\\\/#article\",\"isPartOf\":{\"@id\":\"https:\\\/\\\/iwell-guard.com\\\/sv\\\/sin-manguden-ur-harran\\\/\"},\"author\":{\"name\":\"Ralf Ittermann\",\"@id\":\"https:\\\/\\\/iwell-guard.com\\\/sv\\\/#\\\/schema\\\/person\\\/ee2a27f1cac3406c7c6fb5820cb7349f\"},\"headline\":\"Sin \u2013 m\u00e5nguden av Ur och Harran\",\"datePublished\":\"2026-09-03T00:11:21+00:00\",\"dateModified\":\"2026-09-03T01:16:12+00:00\",\"mainEntityOfPage\":{\"@id\":\"https:\\\/\\\/iwell-guard.com\\\/sv\\\/sin-manguden-ur-harran\\\/\"},\"publisher\":{\"@id\":\"https:\\\/\\\/iwell-guard.com\\\/sv\\\/#organization\"},\"image\":{\"@id\":\"https:\\\/\\\/iwell-guard.com\\\/sv\\\/sin-manguden-ur-harran\\\/#primaryimage\"},\"thumbnailUrl\":\"https:\\\/\\\/iwell-guard.com\\\/wp-content\\\/uploads\\\/2026\\\/05\\\/goetter_mesopotamien_sin.webp\",\"inLanguage\":\"sv-SE\",\"description\":\"Sin, p\u00e5 sumeriskt Nanna, var den mesopotamiska m\u00e5nguden med kultcentra i Ur och Harran, v\u00e4ktare av tid och kalender.\"}]}<\/script>\n<!-- \/ Yoast SEO Premium plugin. -->","yoast_head_json":{"title":"Sin \u2013 mesopotamisk m\u00e5ngud fr\u00e5n Ur och Harran","description":"Sin, p\u00e5 sumeriskt Nanna, var den mesopotamiska m\u00e5nguden med kultcentra i Ur och Harran, v\u00e4ktare av tid och kalender.","robots":{"index":"index","follow":"follow","max-snippet":"max-snippet:-1","max-image-preview":"max-image-preview:large","max-video-preview":"max-video-preview:-1"},"canonical":"https:\/\/iwell-guard.com\/sv\/sin-manguden-ur-harran\/","og_locale":"sv_SE","og_type":"article","og_title":"Sin \u2013 m\u00e5nguden av Ur och Harran","og_description":"Sin, p\u00e5 sumeriskt Nanna, var den mesopotamiska m\u00e5nguden med kultcentra i Ur och Harran, v\u00e4ktare av tid och kalender.","og_url":"https:\/\/iwell-guard.com\/sv\/sin-manguden-ur-harran\/","og_site_name":"iWell Guard","article_modified_time":"2026-09-03T01:16:12+00:00","og_image":[{"width":1024,"height":1536,"url":"https:\/\/iwell-guard.com\/wp-content\/uploads\/2026\/05\/goetter_mesopotamien_sin.webp","type":"image\/webp"}],"twitter_card":"summary_large_image","schema":{"@context":"https:\/\/schema.org","@graph":[{"@type":"Article","@id":"https:\/\/iwell-guard.com\/sv\/sin-manguden-ur-harran\/#article","isPartOf":{"@id":"https:\/\/iwell-guard.com\/sv\/sin-manguden-ur-harran\/"},"author":{"name":"Ralf Ittermann","@id":"https:\/\/iwell-guard.com\/sv\/#\/schema\/person\/ee2a27f1cac3406c7c6fb5820cb7349f"},"headline":"Sin \u2013 m\u00e5nguden av Ur och Harran","datePublished":"2026-09-03T00:11:21+00:00","dateModified":"2026-09-03T01:16:12+00:00","mainEntityOfPage":{"@id":"https:\/\/iwell-guard.com\/sv\/sin-manguden-ur-harran\/"},"publisher":{"@id":"https:\/\/iwell-guard.com\/sv\/#organization"},"image":{"@id":"https:\/\/iwell-guard.com\/sv\/sin-manguden-ur-harran\/#primaryimage"},"thumbnailUrl":"https:\/\/iwell-guard.com\/wp-content\/uploads\/2026\/05\/goetter_mesopotamien_sin.webp","inLanguage":"sv-SE","description":"Sin, p\u00e5 sumeriskt Nanna, var den mesopotamiska m\u00e5nguden med kultcentra i Ur och Harran, v\u00e4ktare av tid och kalender."},{"@type":"WebPage","@id":"https:\/\/iwell-guard.com\/sv\/sin-manguden-ur-harran\/","url":"https:\/\/iwell-guard.com\/sv\/sin-manguden-ur-harran\/","name":"Sin \u2013 mesopotamisk m\u00e5ngud fr\u00e5n Ur och Harran","isPartOf":{"@id":"https:\/\/iwell-guard.com\/sv\/#website"},"primaryImageOfPage":{"@id":"https:\/\/iwell-guard.com\/sv\/sin-manguden-ur-harran\/#primaryimage"},"image":{"@id":"https:\/\/iwell-guard.com\/sv\/sin-manguden-ur-harran\/#primaryimage"},"thumbnailUrl":"https:\/\/iwell-guard.com\/wp-content\/uploads\/2026\/05\/goetter_mesopotamien_sin.webp","datePublished":"2026-09-03T00:11:21+00:00","dateModified":"2026-09-03T01:16:12+00:00","description":"Sin, p\u00e5 sumeriskt Nanna, var den mesopotamiska m\u00e5nguden med kultcentra i Ur och Harran, v\u00e4ktare av tid och kalender.","breadcrumb":{"@id":"https:\/\/iwell-guard.com\/sv\/sin-manguden-ur-harran\/#breadcrumb"},"inLanguage":"sv-SE","potentialAction":[{"@type":"ReadAction","target":["https:\/\/iwell-guard.com\/sv\/sin-manguden-ur-harran\/"]}]},{"@type":"ImageObject","inLanguage":"sv-SE","@id":"https:\/\/iwell-guard.com\/sv\/sin-manguden-ur-harran\/#primaryimage","url":"https:\/\/iwell-guard.com\/wp-content\/uploads\/2026\/05\/goetter_mesopotamien_sin.webp","contentUrl":"https:\/\/iwell-guard.com\/wp-content\/uploads\/2026\/05\/goetter_mesopotamien_sin.webp","width":1024,"height":1536,"caption":"Gudar fr\u00e5n den mesopotamiska traditionen."},{"@type":"BreadcrumbList","@id":"https:\/\/iwell-guard.com\/sv\/sin-manguden-ur-harran\/#breadcrumb","itemListElement":[{"@type":"ListItem","position":1,"name":"Start","item":"https:\/\/iwell-guard.com\/sv\/?page_id=136483"},{"@type":"ListItem","position":2,"name":"Sin \u2013 m\u00e5nguden av Ur och Harran"}]},{"@type":"WebSite","@id":"https:\/\/iwell-guard.com\/sv\/#website","url":"https:\/\/iwell-guard.com\/sv\/","name":"iWell Guard","description":"Schutz vor dunklen Einfl\u00fcssen","publisher":{"@id":"https:\/\/iwell-guard.com\/sv\/#organization"},"potentialAction":[{"@type":"SearchAction","target":{"@type":"EntryPoint","urlTemplate":"https:\/\/iwell-guard.com\/sv\/?s={search_term_string}"},"query-input":{"@type":"PropertyValueSpecification","valueRequired":true,"valueName":"search_term_string"}}],"inLanguage":"sv-SE"},{"@type":"Organization","@id":"https:\/\/iwell-guard.com\/sv\/#organization","name":"Ittermann electronic GmbH","url":"https:\/\/iwell-guard.com\/sv\/","logo":{"@type":"ImageObject","inLanguage":"sv-SE","@id":"https:\/\/iwell-guard.com\/sv\/#\/schema\/logo\/image\/","url":"https:\/\/iwell-guard.com\/wp-content\/uploads\/2026\/05\/Ittermann-Logo-1182x237-1.png","contentUrl":"https:\/\/iwell-guard.com\/wp-content\/uploads\/2026\/05\/Ittermann-Logo-1182x237-1.png","width":1182,"height":237,"caption":"Ittermann electronic GmbH"},"image":{"@id":"https:\/\/iwell-guard.com\/sv\/#\/schema\/logo\/image\/"},"sameAs":["https:\/\/pantip.com\/profile\/9367242","https:\/\/micro.blog\/iwellguard","https:\/\/www.diggerslist.com\/iwellguard\/about","https:\/\/skitterphoto.com\/photographers\/2870314\/iwell-guard","https:\/\/iwellguard.wordpress.com\/2026\/06\/06\/iwell-guard\/","https:\/\/hub.docker.com\/u\/iwellguard","https:\/\/www.pinterest.com\/iwellguard\/","https:\/\/bit.ly\/m\/iwellguard","https:\/\/entre-vos-mains.alsace.eu\/profiles\/iwellguard\/activity","https:\/\/gravatar.com\/reallybeded8fd34","https:\/\/naijamatta.com\/iwellguard","https:\/\/www.goodreads.com\/iwellguard","https:\/\/profile.hatena.ne.jp\/iwellguard\/","https:\/\/experiment.com\/users\/iwellguard","https:\/\/wakelet.com\/@iWellGuard82270","https:\/\/www.chordie.com\/forum\/profile.php?id=2555664","https:\/\/www.instapaper.com\/p\/17757966","https:\/\/www.mapleprimes.com\/users\/iwellguard","https:\/\/businesslistingplus.com\/profile\/iwell-guard\/","https:\/\/telegra.ph\/iWell-Guard-06-06","https:\/\/pbase.com\/iwellguard\/iwellguard","https:\/\/b.hatena.ne.jp\/iwellguard\/20260607#bookmark-4788405196491818882","https:\/\/fliphtml5.com\/home\/iwellguard","https:\/\/anyflip.com\/homepage\/cmiwl#About","https:\/\/transfur.com\/Users\/iwellguard","http:\/\/delphi.larsbo.org\/user\/iwellguard","https:\/\/jobs.lajobsportal.org\/profiles\/8380803-iwell-guard","https:\/\/md.chaosdorf.de\/s\/jfbe5SBdJD","https:\/\/www.lingvolive.com\/en-us\/profile\/9ecaeaca-ce11-4e51-9e71-01d55e2bff36\/translations","https:\/\/www.fitday.com\/fitness\/forums\/members\/iwellguard.html","https:\/\/www.mymeetbook.com\/iwellguard","https:\/\/pxhere.com\/en\/photographer-me\/5040798","https:\/\/disqus.com\/by\/iwellguard\/about\/","https:\/\/pastelink.net\/hjwciqwq","https:\/\/pubhtml5.com\/homepage\/scjhn\/","https:\/\/www.bitchute.com\/channel\/2O2eOKzNqujT","https:\/\/audiomack.com\/iwellguard"]},{"@type":"Person","@id":"https:\/\/iwell-guard.com\/sv\/#\/schema\/person\/ee2a27f1cac3406c7c6fb5820cb7349f","name":"Ralf Ittermann","image":{"@type":"ImageObject","inLanguage":"sv-SE","@id":"https:\/\/secure.gravatar.com\/avatar\/073c0153e350a5005b68eb752b445fea71f6b24a26da9449ad7e155e6b446c9d?s=96&d=mm&r=g","url":"https:\/\/secure.gravatar.com\/avatar\/073c0153e350a5005b68eb752b445fea71f6b24a26da9449ad7e155e6b446c9d?s=96&d=mm&r=g","contentUrl":"https:\/\/secure.gravatar.com\/avatar\/073c0153e350a5005b68eb752b445fea71f6b24a26da9449ad7e155e6b446c9d?s=96&d=mm&r=g","caption":"Ralf Ittermann"},"givenName":"Ralf","familyName":"Ittermann","jobTitle":"Gesch\u00e4ftsf\u00fchrer und redaktioneller Verantwortlicher","url":"https:\/\/iwell-guard.com\/sv\/author\/claude\/","description":"Ralf Ittermann ist Gesch\u00e4ftsf\u00fchrer der Ittermann electronic GmbH und redaktioneller Verantwortlicher des iWell-Guard-Lexikons. Er verbindet langj\u00e4hrige Erfahrung in der Pr\u00e4zisionsfertigung mit medialer Praxis und religionsgeschichtlicher Quellenarbeit.","worksFor":{"@type":"Organization","name":"Ittermann electronic GmbH","url":"https:\/\/ittermann.de\/","address":{"@type":"PostalAddress","streetAddress":"K\u00f6hlergasse 16-18","postalCode":"99842","addressLocality":"Ruhla","addressCountry":"DE"}},"knowsAbout":["Religionsgeschichte","Mythologie","Mediale Praxis","Energetische Diagnostik","Schutzpraxis","Volksglauben","Westliche Esoterik"]},{"@type":"Article","@id":"https:\/\/iwell-guard.com\/sv\/sin-manguden-ur-harran\/#article","isPartOf":{"@id":"https:\/\/iwell-guard.com\/sv\/sin-manguden-ur-harran\/"},"author":{"name":"Ralf Ittermann","@id":"https:\/\/iwell-guard.com\/sv\/#\/schema\/person\/ee2a27f1cac3406c7c6fb5820cb7349f"},"headline":"Sin \u2013 m\u00e5nguden av Ur och Harran","datePublished":"2026-09-03T00:11:21+00:00","dateModified":"2026-09-03T01:16:12+00:00","mainEntityOfPage":{"@id":"https:\/\/iwell-guard.com\/sv\/sin-manguden-ur-harran\/"},"publisher":{"@id":"https:\/\/iwell-guard.com\/sv\/#organization"},"image":{"@id":"https:\/\/iwell-guard.com\/sv\/sin-manguden-ur-harran\/#primaryimage"},"thumbnailUrl":"https:\/\/iwell-guard.com\/wp-content\/uploads\/2026\/05\/goetter_mesopotamien_sin.webp","inLanguage":"sv-SE","description":"Sin, p\u00e5 sumeriskt Nanna, var den mesopotamiska m\u00e5nguden med kultcentra i Ur och Harran, v\u00e4ktare av tid och kalender."}]}},"_links":{"self":[{"href":"https:\/\/iwell-guard.com\/sv\/wp-json\/wp\/v2\/pages\/136938","targetHints":{"allow":["GET"]}}],"collection":[{"href":"https:\/\/iwell-guard.com\/sv\/wp-json\/wp\/v2\/pages"}],"about":[{"href":"https:\/\/iwell-guard.com\/sv\/wp-json\/wp\/v2\/types\/page"}],"author":[{"embeddable":true,"href":"https:\/\/iwell-guard.com\/sv\/wp-json\/wp\/v2\/users\/3"}],"replies":[{"embeddable":true,"href":"https:\/\/iwell-guard.com\/sv\/wp-json\/wp\/v2\/comments?post=136938"}],"version-history":[{"count":0,"href":"https:\/\/iwell-guard.com\/sv\/wp-json\/wp\/v2\/pages\/136938\/revisions"}],"wp:featuredmedia":[{"embeddable":true,"href":"https:\/\/iwell-guard.com\/sv\/wp-json\/wp\/v2\/media\/3382"}],"wp:attachment":[{"href":"https:\/\/iwell-guard.com\/sv\/wp-json\/wp\/v2\/media?parent=136938"}],"wp:term":[{"taxonomy":"category","embeddable":true,"href":"https:\/\/iwell-guard.com\/sv\/wp-json\/wp\/v2\/categories?post=136938"}],"curies":[{"name":"wp","href":"https:\/\/api.w.org\/{rel}","templated":true}]}}