{"id":136937,"date":"2026-09-03T00:11:21","date_gmt":"2026-09-03T00:11:21","guid":{"rendered":"https:\/\/iwell-guard.com\/?page_id=136937"},"modified":"2026-09-03T01:16:11","modified_gmt":"2026-09-03T01:16:11","slug":"enlil-stormgud-panteonherre","status":"publish","type":"page","link":"https:\/\/iwell-guard.com\/sv\/enlil-stormgud-panteonherre\/","title":{"rendered":"Enlil \u2013 stormgud och panteonherre"},"content":{"rendered":"\t\t<div data-elementor-type=\"wp-page\" data-elementor-id=\"136937\" class=\"elementor elementor-136937 elementor-2920 elementor-bc-flex-widget\" data-elementor-post-type=\"page\">\n\t\t\t\t<div class=\"elementor-element elementor-element-heroaad0d85 e-flex e-con-boxed e-con e-parent\" data-id=\"heroaad0d85\" data-element_type=\"container\" data-e-type=\"container\">\n\t\t\t\t\t<div class=\"e-con-inner\">\n\t\t\t\t<div class=\"elementor-element elementor-element-heroimgba7b3ad iwg-hero-image elementor-widget elementor-widget-image\" data-id=\"heroimgba7b3ad\" data-element_type=\"widget\" data-e-type=\"widget\" data-widget_type=\"image.default\">\n\t\t\t\t\t\t\t\t\t\t\t\t\t\t\t<img fetchpriority=\"high\" decoding=\"async\" width=\"683\" height=\"1024\" src=\"https:\/\/iwell-guard.com\/wp-content\/uploads\/2026\/05\/goetter_mesopotamien_enlil-683x1024.webp\" class=\"attachment-large size-large wp-image-135942\" alt=\"Enlil \u2013 gudar fr\u00e5n den mesopotamiska traditionen, historiskt-illustrativt\" srcset=\"https:\/\/iwell-guard.com\/wp-content\/uploads\/2026\/05\/goetter_mesopotamien_enlil-683x1024.webp 683w, https:\/\/iwell-guard.com\/wp-content\/uploads\/2026\/05\/goetter_mesopotamien_enlil-200x300.webp 200w, https:\/\/iwell-guard.com\/wp-content\/uploads\/2026\/05\/goetter_mesopotamien_enlil-768x1152.webp 768w, https:\/\/iwell-guard.com\/wp-content\/uploads\/2026\/05\/goetter_mesopotamien_enlil.webp 1024w\" sizes=\"(max-width: 683px) 100vw, 683px\" \/>\t\t\t\t\t\t\t\t\t\t\t\t\t\t\t<\/div>\n\t\t\t\t\t<\/div>\n\t\t\t\t<\/div>\n\t\t<div class=\"elementor-element elementor-element-iwgw-enlil-hero e-flex e-con-boxed e-con e-parent\" data-id=\"iwgw-enlil-hero\" data-element_type=\"container\" data-e-type=\"container\">\n\t\t\t\t\t<div class=\"e-con-inner\">\n\t\t\t\t<div class=\"elementor-element elementor-element-iwgw-enlil-h1 elementor-widget elementor-widget-heading\" data-id=\"iwgw-enlil-h1\" data-element_type=\"widget\" data-e-type=\"widget\" data-widget_type=\"heading.default\">\n\t\t\t\t\t<h1 class=\"elementor-heading-title elementor-size-default\">Enlil \u2013 mesopotamisk stormgud och herre \u00f6ver gudarnas r\u00e5d<\/h1>\t\t\t\t<\/div>\n\t\t\t\t<div class=\"elementor-element elementor-element-iwgw-enlil-pills elementor-widget elementor-widget-html\" data-id=\"iwgw-enlil-pills\" data-element_type=\"widget\" data-e-type=\"widget\" data-widget_type=\"html.default\">\n\t\t\t\t\t<div class=\"iwg-pill-row\"><span class=\"iwg-klasse-badge\" tabindex=\"0\" data-tooltip=\"Gud av traditionen Mesopotamien.\">Gud<\/span><a href=\"https:\/\/iwell-guard.com\/sv\/mesopotamien\/\" class=\"iwg-kultur-badge\" tabindex=\"0\" data-tooltip=\"Mytologi av traditionen Mesopotamien.\">Mesopotamien<\/a><span class=\"iwg-tradition-badge\" tabindex=\"0\" data-tooltip=\"H\u00f6ggudom.\">H\u00f6ggudom<\/span><\/div>\t\t\t\t<\/div>\n\t\t\t\t<div class=\"elementor-element elementor-element-iwgw-enlil-lead elementor-widget elementor-widget-text-editor\" data-id=\"iwgw-enlil-lead\" data-element_type=\"widget\" data-e-type=\"widget\" data-widget_type=\"text-editor.default\">\n\t\t\t\t\t\t\t\t\t\nEnlil, gud \u00f6ver storm, vind och panteon, betraktades i det sumeriska och akkadiska omr\u00e5det under \u00e5rhundraden som v\u00e4rldens egentliga styresman. Som gudakollegiets h\u00f6gsta verkst\u00e4llande makt avgjorde han \u00f6den, styrde kungamakt och naturkrafter, och ans\u00e5gs vara den kraft som h\u00e5ller v\u00e4rlden samman.\t\t\t\t\t\t\t\t<\/div>\n\t\t\t\t\t<\/div>\n\t\t\t\t<\/div>\n\t\t\t\t<section class=\"elementor-section elementor-top-section elementor-element elementor-element-sec-iwgcomp-enlil elementor-section-boxed elementor-section-height-default elementor-section-height-default\" data-id=\"sec-iwgcomp-enlil\" data-element_type=\"section\" data-e-type=\"section\">\n\t\t\t\t\t\t<div class=\"elementor-container elementor-column-gap-default\">\n\t\t\t\t\t<div class=\"elementor-column elementor-col-100 elementor-top-column elementor-element elementor-element-col-iwgcomp-enlil\" data-id=\"col-iwgcomp-enlil\" data-element_type=\"column\" data-e-type=\"column\">\n\t\t\t<div class=\"elementor-widget-wrap elementor-element-populated\">\n\t\t\t\t\t\t<div class=\"elementor-element elementor-element-iwgcomp-enlil elementor-widget elementor-widget-text-editor\" data-id=\"iwgcomp-enlil\" data-element_type=\"widget\" data-e-type=\"widget\" data-widget_type=\"text-editor.default\">\n\t\t\t\t\t\t\t\t\t<p>Enlil betraktas inom det mesopotamiska <span class=\"iwg-fachbegriff\" data-tooltip=\"Totaliteten av gudarna inom en religion eller kultur.\" tabindex=\"0\">panteon<\/span> som <strong><span class=\"iwg-fachbegriff\" data-tooltip=\"Totaliteten av gudarna inom en religion eller kultur.\" tabindex=\"0\">panteon<\/span>herre<\/strong>, den som f\u00f6rvaltar \u00f6destavlorna och styr \u00f6ver s\u00e5v\u00e4l gudar som m\u00e4nniskor.<\/p>\t\t\t\t\t\t\t\t<\/div>\n\t\t\t\t\t<\/div>\n\t\t<\/div>\n\t\t\t\t\t<\/div>\n\t\t<\/section>\n\t\t<div class=\"elementor-element elementor-element-iwgw-enlil-s0 e-flex e-con-boxed e-con e-parent\" data-id=\"iwgw-enlil-s0\" data-element_type=\"container\" data-e-type=\"container\">\n\t\t\t\t\t<div class=\"e-con-inner\">\n\t\t\t\t<div class=\"elementor-element elementor-element-iwgw-enlil-s0h elementor-widget elementor-widget-heading\" data-id=\"iwgw-enlil-s0h\" data-element_type=\"widget\" data-e-type=\"widget\" data-widget_type=\"heading.default\">\n\t\t\t\t\t<h2 class=\"elementor-heading-title elementor-size-default\">Inordning<\/h2>\t\t\t\t<\/div>\n\t\t\t\t<div class=\"elementor-element elementor-element-iwgw-enlil-s0t elementor-widget elementor-widget-text-editor\" data-id=\"iwgw-enlil-s0t\" data-element_type=\"widget\" data-e-type=\"widget\" data-widget_type=\"text-editor.default\">\n\t\t\t\t\t\t\t\t\t<p>Enlil h\u00f6r till de mest betydande gudomarna i det gamla <a href=\"https:\/\/iwell-guard.com\/sv\/mesopotamien\/\">Mesopotamien<\/a>. I sumerernas och senare akkadernas, babyloniernas och assyriernas religi\u00f6sa f\u00f6rest\u00e4llningsv\u00e4rld bildade han tillsammans med himmelsguden An och vatten- och visdomsguden Enki den h\u00f6gsta gudatriaden.<\/p><p>Medan An f\u00f6rblev en mer abstrakt och avl\u00e4gsen auktoritet, var Enlil den gud som faktiskt verkst\u00e4llde och genomdrev gudarnas r\u00e5ds beslut. Av denna anledning kallades han i texterna ofta f\u00f6r l\u00e4ndernas herre och den i vars hand \u00f6dena l\u00e5g.<\/p><p>Enlils religionshistoriska betydelse kan knappast \u00f6verskattas. Fr\u00e5n det tredje \u00e5rtusendet f\u00f6re v\u00e5r tider\u00e4kning \u00e4nda fram till l\u00e5ngt in p\u00e5 det andra \u00e5rtusendet var hans <span class=\"iwg-fachbegriff\" data-tooltip=\"En byggnad som \u00e4r \u00e4gnad \u00e5t dyrkan av en eller flera gudomar.\" tabindex=\"0\">tempel<\/span> i Nippur den mesopotamiska v\u00e4rldens andliga centrum.<\/p><p>H\u00e4rskare fr\u00e5n olika stadsstater och dynastier s\u00f6kte Enlils erk\u00e4nnande f\u00f6r att legitimera sin makt. F\u00f6rst med Babylons uppg\u00e5ng och stadsguden Marduks allt starkare st\u00e4llning f\u00f6rlorade Enlil s\u00e5 sm\u00e5ningom i betydelse, utan att dock helt f\u00f6rsvinna.<\/p><p>Enlil \u00e4r ingen entydigt v\u00e4lvillig gestalt. K\u00e4llorna visar honom som en ambivalent makt som skapar ordning och ger v\u00e4lst\u00e5nd, men som ocks\u00e5 s\u00e4nder katastrofer om m\u00e4nskligheten rubbar den kosmiska balansen. Denna dubbelhet motsvarar stormens egen natur, som ger regn \u00e5t f\u00e4lten men samtidigt kan orsaka f\u00f6r\u00f6delse.<\/p>\t\t\t\t\t\t\t\t<\/div>\n\t\t\t\t\t<\/div>\n\t\t\t\t<\/div>\n\t\t<div class=\"elementor-element elementor-element-iwgw-enlil-s1 e-flex e-con-boxed e-con e-parent\" data-id=\"iwgw-enlil-s1\" data-element_type=\"container\" data-e-type=\"container\">\n\t\t\t\t\t<div class=\"e-con-inner\">\n\t\t\t\t<div class=\"elementor-element elementor-element-iwgw-enlil-s1h elementor-widget elementor-widget-heading\" data-id=\"iwgw-enlil-s1h\" data-element_type=\"widget\" data-e-type=\"widget\" data-widget_type=\"heading.default\">\n\t\t\t\t\t<h2 class=\"elementor-heading-title elementor-size-default\">Namn och etymologi<\/h2>\t\t\t\t<\/div>\n\t\t\t\t<div class=\"elementor-element elementor-element-iwgw-enlil-s1t elementor-widget elementor-widget-text-editor\" data-id=\"iwgw-enlil-s1t\" data-element_type=\"widget\" data-e-type=\"widget\" data-widget_type=\"text-editor.default\">\n\t\t\t\t\t\t\t\t\t<p>Namnet Enlil \u00e4r av sumeriskt ursprung. Den traditionella tolkningen ser det som en sammans\u00e4ttning av elementen <em>en<\/em>, allts\u00e5 herre, och <em>l\u00edl<\/em>, ett ord som f\u00f6rknippas med vind, luft eller atmosf\u00e4riskt andetag.<\/p><p>Enligt denna l\u00e4sning blir \u00f6vers\u00e4ttningen Herre vind eller Herre \u00f6ver luften, vilket v\u00e4l st\u00e4mmer med Enlils karakt\u00e4r som gud \u00f6ver det r\u00f6rliga luftrummet mellan himmel och jord.<\/p><p>Forskningen har p\u00e5pekat att det sumeriska <em>l\u00edl<\/em> \u00e4r ett m\u00e5ngbottnat begrepp. Det betecknar inte bara den r\u00f6rliga luften utan kan \u00e4ven syfta p\u00e5 en sp\u00f6klik, kuslig sf\u00e4r.<\/p><p>Vissa assyriologer ser d\u00e4ri en antydan om att Enlil ursprungligen \u00e4ven bar numin\u00f6sa, sv\u00e5rf\u00e5ngade drag. Oavsett detta st\u00e5r namnet f\u00f6r en makt som verkar osynligt men \u00e4nd\u00e5 \u00e4r f\u00f6rnimbar \u00f6verallt.<\/p><p>I akkadiska texter f\u00f6rekommer guden under samma namn, ibland \u00e4ven i formen Ellil. Dessutom bar han m\u00e5nga binamn och titlar, till exempel Nunamnir, samt beteckningar som Stora bergstoppen eller Gudarnas fader. Kopplingen till berget \u00e4r betydelsefull, eftersom hans <span class=\"iwg-fachbegriff\" data-tooltip=\"En byggnad som \u00e4r \u00e4gnad \u00e5t dyrkan av en eller flera gudomar.\" tabindex=\"0\">tempel<\/span> i Nippur hette Ekur, vilket betyder Bergets hem eller Bergtemplet.<\/p>\t\t\t\t\t\t\t\t<\/div>\n\t\t\t\t\t<\/div>\n\t\t\t\t<\/div>\n\t\t<div class=\"elementor-element elementor-element-iwgw-enlil-s2 e-flex e-con-boxed e-con e-parent\" data-id=\"iwgw-enlil-s2\" data-element_type=\"container\" data-e-type=\"container\">\n\t\t\t\t\t<div class=\"e-con-inner\">\n\t\t\t\t<div class=\"elementor-element elementor-element-iwgw-enlil-s2h elementor-widget elementor-widget-heading\" data-id=\"iwgw-enlil-s2h\" data-element_type=\"widget\" data-e-type=\"widget\" data-widget_type=\"heading.default\">\n\t\t\t\t\t<h2 class=\"elementor-heading-title elementor-size-default\">Beskrivning och ikonografi<\/h2>\t\t\t\t<\/div>\n\t\t\t\t<div class=\"elementor-element elementor-element-iwgw-enlil-s2t elementor-widget elementor-widget-text-editor\" data-id=\"iwgw-enlil-s2t\" data-element_type=\"widget\" data-e-type=\"widget\" data-widget_type=\"text-editor.default\">\n\t\t\t\t\t\t\t\t\t<p>Till skillnad fr\u00e5n flera andra mesopotamiska gudomar k\u00e4nnetecknas Enlils bildliga framst\u00e4llning inte av n\u00e5got entydigt, \u00e5terkommande attribut. I glyptiken, det vill s\u00e4ga p\u00e5 cylindersigill, och i reliefkonsten framtr\u00e4der gudomar ofta i m\u00e4nsklig gestalt, tronande, med den hornade kronan som tecken p\u00e5 gudomlig v\u00e4rdighet.<\/p><p>Hornkronan \u00e4r det allm\u00e4nna k\u00e4nnetecknet f\u00f6r gudomlig rang och tillskrivs \u00e4ven Enlil, men en specifik <span class=\"iwg-fachbegriff\" data-tooltip=\"Ett tecken som representerar en f\u00f6rest\u00e4llning eller betydelse.\" tabindex=\"0\">symbol<\/span>, f\u00f6rbeh\u00e5llen enbart honom, g\u00e5r inte att fastst\u00e4lla med samma s\u00e4kerhet som exempelvis Marduks spade eller m\u00e5nsk\u00e4ran hos m\u00e5nguden.<\/p><p>I texterna skildras Enlil som en majest\u00e4tisk, tronande gestalt, inf\u00f6r vilken \u00e4ven de \u00f6vriga gudarna k\u00e4nner v\u00f6rdnad. Hymner beskriver hans blick som s\u00e5 v\u00e4ldig att ingen gud kan utmana honom ostraffat. Hans ord g\u00e4ller som o\u00e5terkalleligt. Denna spr\u00e5kliga ikonografi \u00e4r ofta mer upplysande f\u00f6r f\u00f6rst\u00e5elsen av Enlil \u00e4n den bevarade bildkonsten.<\/p><p>Med Enlil f\u00f6rknippas bilden av storm och ov\u00e4der. Litter\u00e4ra texter liknar hans r\u00f6st vid \u00e5skan och hans vrede vid stormfloden. Hans symboldjur \u00e4r i vissa traditioner kopplat till jordens och bergens sf\u00e4r.<\/p><p>F\u00f6rest\u00e4llningen att Enlil residerar i ett bergstempel pr\u00e4glar hela symboliken kring honom och g\u00f6r sj\u00e4lva <span class=\"iwg-fachbegriff\" data-tooltip=\"En byggnad som \u00e4r \u00e4gnad \u00e5t dyrkan av en eller flera gudomar.\" tabindex=\"0\">templet<\/span> Ekur till en central bildb\u00e4rare f\u00f6r hans dyrkan.<\/p>\t\t\t\t\t\t\t\t<\/div>\n\t\t\t\t\t<\/div>\n\t\t\t\t<\/div>\n\t\t<div class=\"elementor-element elementor-element-iwgw-enlil-s3 e-flex e-con-boxed e-con e-parent\" data-id=\"iwgw-enlil-s3\" data-element_type=\"container\" data-e-type=\"container\">\n\t\t\t\t\t<div class=\"e-con-inner\">\n\t\t\t\t<div class=\"elementor-element elementor-element-iwgw-enlil-s3h elementor-widget elementor-widget-heading\" data-id=\"iwgw-enlil-s3h\" data-element_type=\"widget\" data-e-type=\"widget\" data-widget_type=\"heading.default\">\n\t\t\t\t\t<h2 class=\"elementor-heading-title elementor-size-default\">Mytologiska ber\u00e4ttelser<\/h2>\t\t\t\t<\/div>\n\t\t\t\t<div class=\"elementor-element elementor-element-iwgw-enlil-s3t elementor-widget elementor-widget-text-editor\" data-id=\"iwgw-enlil-s3t\" data-element_type=\"widget\" data-e-type=\"widget\" data-widget_type=\"text-editor.default\">\n\t\t\t\t\t\t\t\t\t<p>Enlil upptr\u00e4der som handlande huvudperson i talrika sumeriska och akkadiska myter. I skapelsemyter tillskrivs han att ha skilt himmel och jord \u00e5t och d\u00e4rmed skapat det rum d\u00e4r liv blev m\u00f6jligt. Vissa texter framst\u00e4ller honom som den som uppfann hackan och d\u00e4rmed gav m\u00e4nskligheten jordbruk och civilisation.<\/p><p>En k\u00e4nd ber\u00e4ttelse skildrar f\u00f6rbindelsen mellan Enlil och s\u00e4desgudinnan Ninlil. I denna ber\u00e4ttelse m\u00f6ter den unge Enlil gudinnan vid vattnet, och deras f\u00f6rening leder till f\u00f6delsen av flera gudomar, d\u00e4ribland m\u00e5nguden.<\/p><p>P\u00e5 grund av sitt \u00f6vergrepp f\u00f6rvisas Enlil av gudaf\u00f6rsamlingen till underjorden. Ninlil f\u00f6ljer honom, och genom en rad ytterligare m\u00f6ten uppst\u00e5r underjordens gudomar. Ber\u00e4ttelsen f\u00f6renar p\u00e5 ett egendomligt s\u00e4tt skuld, straff och tillkomsten av viktiga gudomliga v\u00e4sen.<\/p><p>S\u00e4rskilt inflytelserik \u00e4r Enlils roll i flodmyterna. I ber\u00e4ttelsen om Atrachasis och i besl\u00e4ktade traditioner \u00e4r det Enlil som uppfattar den v\u00e4xande m\u00e4nskligheten som en st\u00f6rning. F\u00f6rst s\u00e4nder han farsoter och torka, till slut beslutar han om den stora floden f\u00f6r att f\u00f6rg\u00f6ra m\u00e4nskligheten.<\/p><p>Den vise guden Enki korsar denna plan genom att varna en m\u00e4nniska som bygger en b\u00e5t och \u00f6verlever. Denna mytiska konstellation, d\u00e4r Enlil framtr\u00e4der som vredgad och Enki som r\u00e4ddande makt, pr\u00e4glar varaktigt den mesopotamiska bilden av de tv\u00e5 gudarna.<\/p><p>I ber\u00e4ttelsen om f\u00e5geln Anzu spelar Enlil ocks\u00e5 en central roll. F\u00e5geln Anzu r\u00f6var bort de s\u00e5 kallade \u00f6destavlorna, ett f\u00f6rem\u00e5l som f\u00f6rkroppsligar makten \u00f6ver de kosmiska besluten.<\/p><p>F\u00f6rst efter en strid \u00e5tervinns tavlorna. Episoden understryker att herrav\u00e4ldet \u00f6ver \u00f6dena \u00e4r n\u00e4ra knutet till Enlil, och att f\u00f6rlusten av det hotar sj\u00e4lva v\u00e4rldsordningen.<\/p>\t\t\t\t\t\t\t\t<\/div>\n\t\t\t\t\t<\/div>\n\t\t\t\t<\/div>\n\t\t<div class=\"elementor-element elementor-element-iwgw-enlil-s4 e-flex e-con-boxed e-con e-parent\" data-id=\"iwgw-enlil-s4\" data-element_type=\"container\" data-e-type=\"container\">\n\t\t\t\t\t<div class=\"e-con-inner\">\n\t\t\t\t<div class=\"elementor-element elementor-element-iwgw-enlil-s4h elementor-widget elementor-widget-heading\" data-id=\"iwgw-enlil-s4h\" data-element_type=\"widget\" data-e-type=\"widget\" data-widget_type=\"heading.default\">\n\t\t\t\t\t<h2 class=\"elementor-heading-title elementor-size-default\">Kult och v\u00f6rdnad<\/h2>\t\t\t\t<\/div>\n\t\t\t\t<div class=\"elementor-element elementor-element-iwgw-enlil-s4t elementor-widget elementor-widget-text-editor\" data-id=\"iwgw-enlil-s4t\" data-element_type=\"widget\" data-e-type=\"widget\" data-widget_type=\"text-editor.default\">\n\t\t\t\t\t\t\t\t\t<p>Centrum f\u00f6r Enlils dyrkan var staden Nippur i s\u00f6dra Mesopotamien. Nippur var inget betydande politiskt makts\u00e4te, utan en stad som framf\u00f6r allt var religi\u00f6st definierad. Just denna relativa politiska neutralitet gjorde staden till ett gemensamt <span class=\"iwg-fachbegriff\" data-tooltip=\"En helig plats vigd \u00e5t dyrkan av en gudom.\" tabindex=\"0\">helgedom<\/span> f\u00f6r konkurrerande stadsstater.<\/p><p><span class=\"iwg-fachbegriff\" data-tooltip=\"En byggnad som tj\u00e4nar dyrkan av en eller flera gudomar.\" tabindex=\"0\">Templet<\/span> Ekur ans\u00e5gs vara den plats d\u00e4r kungamakt gavs och bekr\u00e4ftades. Till <span class=\"iwg-fachbegriff\" data-tooltip=\"En helig plats vigd \u00e5t dyrkan av en gudom.\" tabindex=\"0\">helgedomen<\/span> h\u00f6rde zigguraten, som i k\u00e4llorna framtr\u00e4der under namnet Eduranki, ett namn som anspelar p\u00e5 f\u00f6rbindelsen mellan himmel och jord och som utm\u00e4rkte Nippur som v\u00e4rldens axelpunkt.<\/p><p>H\u00e4rskare fr\u00e5n de sumeriska stadsstaterna, dynastin av Akkad samt tredje dynastin av Ur l\u00e4t bygga i Nippur, sk\u00e4nkte votivg\u00e5vor och betonade i sina inskrifter Enlils gunst.<\/p><p>Redan den f\u00f6rdynastiske h\u00e4rskaren Ur-Nan\u0161e av Lagash och senare Eannatum \u00e5beropade Enlil, likas\u00e5 Sargon av Akkad och hans sonson Naram-Sin. Under tredje dynastin av Ur l\u00e4t Ur-Nammu och \u0160ulgi f\u00f6rnya Ekur i stor skala.<\/p><p>Den som av Enlil erk\u00e4ndes som r\u00e4ttm\u00e4tig h\u00e4rskare kunde g\u00f6ra anspr\u00e5k p\u00e5 ett omfattande herrav\u00e4ldesanspr\u00e5k. Denna ideologiska funktion hos Enlil-kulten var stabil under \u00e5rhundraden.<\/p><p>Till <span class=\"iwg-fachbegriff\" data-tooltip=\"Helheten av religi\u00f6sa v\u00f6rdnadshandlingar f\u00f6r en gudom eller helig gestalt.\" tabindex=\"0\">kulten<\/span> h\u00f6rde regelbundna <span class=\"iwg-fachbegriff\" data-tooltip=\"G\u00e5va till en gudom f\u00f6r att uttrycka tack, b\u00f6n eller v\u00f6rdnad.\" tabindex=\"0\">offer<\/span>, hymner och festritualer. Nippurs tempelkalender k\u00e4nde fasta h\u00f6gtider, d\u00e4ribland firanden i samband med s\u00e5dd och sk\u00f6rd samt ny\u00e5rsfesten.<\/p><p>En omfattande pr\u00e4sterskap f\u00f6rs\u00f6rjde <span class=\"iwg-fachbegriff\" data-tooltip=\"En helig plats vigd \u00e5t dyrkan av en gudom.\" tabindex=\"0\">helgedomen<\/span>, f\u00f6rvaltade dess marker och genomf\u00f6rde den dagliga <span class=\"iwg-fachbegriff\" data-tooltip=\"Helheten av religi\u00f6sa v\u00f6rdnadshandlingar f\u00f6r en gudom eller helig gestalt.\" tabindex=\"0\">kulten<\/span>, som omfattade utspisning av gudabilden, reningsriter och uppl\u00e4sning av hymner.<\/p><p>Ekurs ekonomiska betydelse var avsev\u00e4rd, eftersom <span class=\"iwg-fachbegriff\" data-tooltip=\"En byggnad som tj\u00e4nar dyrkan av en eller flera gudomar.\" tabindex=\"0\">templet<\/span> f\u00f6rfogade \u00f6ver \u00e5krar, hjordar och arbetskraft. Tempelarkiv fr\u00e5n Nippur h\u00f6r till de viktigaste k\u00e4llorna f\u00f6r regionens social- och ekonomihistoria.<\/p><p>Vid Enlils sida stod hans maka Ninlil, som hade en egen <span class=\"iwg-fachbegriff\" data-tooltip=\"En helig plats vigd \u00e5t dyrkan av en gudom.\" tabindex=\"0\">helgedom<\/span> i Nippur. \u00c4ven andra gudomar var f\u00f6rbundna med Ekur och dess omgivning, d\u00e4ribland Enlils tj\u00e4nare och vesir Nuska, s\u00e5 att tempelkomplexet kn\u00f6t samman ett helt n\u00e4t av kultiska relationer.<\/p><p>En grupp litter\u00e4ra texter, de s\u00e5 kallade tempelhymnerna, samt klagos\u00e5nger \u00f6ver Nippurs f\u00f6rst\u00f6relse visar hur starkt staden uppfattades som en religi\u00f6s <span class=\"iwg-fachbegriff\" data-tooltip=\"En bildlig bild som st\u00e5r f\u00f6r en abstrakt tanke.\" tabindex=\"0\">symbol<\/span>, vars \u00f6del\u00e4ggelse betraktades som en kosmisk katastrof.<\/p>\t\t\t\t\t\t\t\t<\/div>\n\t\t\t\t\t<\/div>\n\t\t\t\t<\/div>\n\t\t<div class=\"elementor-element elementor-element-iwgw-enlil-s5 e-flex e-con-boxed e-con e-parent\" data-id=\"iwgw-enlil-s5\" data-element_type=\"container\" data-e-type=\"container\">\n\t\t\t\t\t<div class=\"e-con-inner\">\n\t\t\t\t<div class=\"elementor-element elementor-element-iwgw-enlil-s5h elementor-widget elementor-widget-heading\" data-id=\"iwgw-enlil-s5h\" data-element_type=\"widget\" data-e-type=\"widget\" data-widget_type=\"heading.default\">\n\t\t\t\t\t<h2 class=\"elementor-heading-title elementor-size-default\">Skyddspraxis och apotrop\u00e4iskt<\/h2>\t\t\t\t<\/div>\n\t\t\t\t<div class=\"elementor-element elementor-element-iwgw-enlil-s5t elementor-widget elementor-widget-text-editor\" data-id=\"iwgw-enlil-s5t\" data-element_type=\"widget\" data-e-type=\"widget\" data-widget_type=\"text-editor.default\">\n\t\t\t\t\t\t\t\t\t<p>I det religi\u00f6sa vardagslivet i Mesopotamien v\u00e4nde man sig till Enlil framf\u00f6r allt genom b\u00f6ner och hymner som erk\u00e4nde hans makt och bad om hans gunst. Eftersom Enlil ans\u00e5gs best\u00e4mma \u00f6det var det avg\u00f6rande att bevara hans v\u00e4lvilja och inte utmana hans vrede.<\/p><p>Botb\u00f6ner och klagos\u00e5nger, d\u00e4r m\u00e4nniskor tolkade sin olycka som en f\u00f6ljd av gudomlig vrede, riktades delvis ocks\u00e5 till honom eller till de gudar som var knutna till honom.<\/p><p>Den mesopotamiska f\u00f6rest\u00e4llningsv\u00e4rlden k\u00e4nde till ett t\u00e4tt system av besv\u00e4rjelser och apotrop\u00e4iska ritualer, med vilka man f\u00f6rs\u00f6kte skydda sig mot sjukdom, olycka och demoniska makter. Enlil sj\u00e4lv var dock inte en skyddsgud i egentlig mening, som man v\u00e4nde sig till f\u00f6r direkt avv\u00e4rjning av demoner.<\/p><p>Denna funktion fylldes snarare av besv\u00e4rjelsepr\u00e4ster samt vissa gudar och skyddande <span class=\"iwg-fachbegriff\" data-tooltip=\"En varelse som f\u00f6renar drag fr\u00e5n olika levande varelser.\" tabindex=\"0\">blandvarelser<\/span>. Mot den fruktade demonen <a href=\"https:\/\/iwell-guard.com\/sv\/lamashtu\/\">Lamashtu<\/a> \u00e5kallade man till exempel hj\u00e4lp fr\u00e5n demonen <a href=\"https:\/\/iwell-guard.com\/sv\/pazuzu\/\">Pazuzu<\/a>, inte Enlils.<\/p><p>Enlil ber\u00f6rde dock skyddets omr\u00e5de p\u00e5 en h\u00f6gre niv\u00e5. Eftersom han ans\u00e5gs vara garant f\u00f6r den kosmiska och politiska ordningen, s\u00e4krade hans v\u00e4lvilja den stabilitet i vilken m\u00e4nskligt liv \u00f6verhuvudtaget kunde blomstra.<\/p><p>En kung som var bekr\u00e4ftad av Enlil betraktade sitt herrad\u00f6me som en skyddsvall mot kaos och fiender. I denna vidare mening var Enlil en ordnande och d\u00e4rmed indirekt skyddande makt.<\/p>\t\t\t\t\t\t\t\t<\/div>\n\t\t\t\t\t<\/div>\n\t\t\t\t<\/div>\n\t\t<div class=\"elementor-element elementor-element-iwgw-enlil-s6 e-flex e-con-boxed e-con e-parent\" data-id=\"iwgw-enlil-s6\" data-element_type=\"container\" data-e-type=\"container\">\n\t\t\t\t\t<div class=\"e-con-inner\">\n\t\t\t\t<div class=\"elementor-element elementor-element-iwgw-enlil-s6h elementor-widget elementor-widget-heading\" data-id=\"iwgw-enlil-s6h\" data-element_type=\"widget\" data-e-type=\"widget\" data-widget_type=\"heading.default\">\n\t\t\t\t\t<h2 class=\"elementor-heading-title elementor-size-default\">Paralleller i andra kulturer<\/h2>\t\t\t\t<\/div>\n\t\t\t\t<div class=\"elementor-element elementor-element-iwgw-enlil-s6t elementor-widget elementor-widget-text-editor\" data-id=\"iwgw-enlil-s6t\" data-element_type=\"widget\" data-e-type=\"widget\" data-widget_type=\"text-editor.default\">\n\t\t\t\t\t\t\t\t\t<p>Typen av storm- och v\u00e4dergud i toppen eller centrum av en panteon \u00e5terfinns i m\u00e5nga forntida orientaliska och medelhavskulturer. I det hurritiska och hettitiska omr\u00e5det intar v\u00e4dergud Teshub en j\u00e4mf\u00f6rbart central st\u00e4llning.<\/p><p>I Syrien och Levanten \u00e4r v\u00e4dergud Hadad eller Baal en formande gestalt som f\u00f6rkroppsligar regn och fruktbarhet, men \u00e4ven f\u00f6r\u00f6dande ov\u00e4der.<\/p><p>Inom Mesopotamien sj\u00e4lvt sker en anm\u00e4rkningsv\u00e4rd f\u00f6rskjutning. Med Babylons politiska uppg\u00e5ng \u00f6vertog stadsguden Marduk m\u00e5nga funktioner som tidigare tillkom Enlil.<\/p><p>I det babyloniska skapelseeposet Enuma Elisch upph\u00f6js Marduk till gudarnas kung och tilldelas titlar som p\u00e5minner om Enlils forna v\u00e4rdighet. Vissa texter talar till och med om en Enlil bland gudarna som en hedersbetitel f\u00f6r Marduk. I Assyrien \u00f6vertog i sin tur riksguden Assur motsvarande roller.<\/p><p>En direkt j\u00e4mf\u00f6relse med den grekiska Zeus eller den romerska Jupiter \u00e4r endast m\u00f6jlig med f\u00f6rsiktighet. Visserligen delar de <span class=\"iwg-fachbegriff\" data-tooltip=\"Ett \u00e5terkommande inneh\u00e5llsm\u00e4ssigt element i konst eller ber\u00e4ttelse.\" tabindex=\"0\">motivet<\/span> med den h\u00f6gsta guden med koppling till himmel och v\u00e4der, men de religi\u00f6sa system som de tillh\u00f6r skiljer sig grundl\u00e4ggande \u00e5t. S\u00e5dana paralleller b\u00f6r snarare f\u00f6rst\u00e5s som typologiska likheter \u00e4n som historiskt beroende.<\/p>\t\t\t\t\t\t\t\t<\/div>\n\t\t\t\t\t<\/div>\n\t\t\t\t<\/div>\n\t\t<div class=\"elementor-element elementor-element-iwgw-enlil-s7 e-flex e-con-boxed e-con e-parent\" data-id=\"iwgw-enlil-s7\" data-element_type=\"container\" data-e-type=\"container\">\n\t\t\t\t\t<div class=\"e-con-inner\">\n\t\t\t\t<div class=\"elementor-element elementor-element-iwgw-enlil-s7h elementor-widget elementor-widget-heading\" data-id=\"iwgw-enlil-s7h\" data-element_type=\"widget\" data-e-type=\"widget\" data-widget_type=\"heading.default\">\n\t\t\t\t\t<h2 class=\"elementor-heading-title elementor-size-default\">Nutida mottagande och forskning<\/h2>\t\t\t\t<\/div>\n\t\t\t\t<div class=\"elementor-element elementor-element-iwgw-enlil-s7t elementor-widget elementor-widget-text-editor\" data-id=\"iwgw-enlil-s7t\" data-element_type=\"widget\" data-e-type=\"widget\" data-widget_type=\"text-editor.default\">\n\t\t\t\t\t\t\t\t\t<p>Enlil \u00e4r en gestalt som \u00e4r intensivt utforskad inom modern assyriologi. Utgr\u00e4vningarna i Nippur, som sedan slutet av artonhundratalet genomf\u00f6rts av amerikanska expeditioner och senare i samarbete med irakiska myndigheter, med avbrott, har gett en utomordentligt rik <span class=\"iwg-fachbegriff\" data-tooltip=\"\u00d6verf\u00f6ringen av kunskap och ber\u00e4ttelser mellan generationer.\" tabindex=\"0\">tradition<\/span>.<\/p><p>Tusentals kilskrifttavlor, d\u00e4ribland litter\u00e4ra texter, hymner och f\u00f6rvaltningsdokument, ger en detaljerad inblick i Enlil-<span class=\"iwg-fachbegriff\" data-tooltip=\"Helheten av religi\u00f6sa v\u00f6rdnadshandlingar f\u00f6r en gudom eller helig gestalt.\" tabindex=\"0\">kulten<\/span> och dess historia. En betydande del av den k\u00e4nda sumeriska skollitteraturen kommer fr\u00e5n Nippur, eftersom staden var ett centrum f\u00f6r skrivarutbildning.<\/p><p>Forskningen intresserar sig s\u00e4rskilt f\u00f6r fr\u00e5gan om hur religi\u00f6s auktoritet och politisk makt f\u00f6rh\u00f6ll sig till varandra i det gamla Mesopotamien. Fallet Enlil \u00e4r ett nyckelexempel p\u00e5 detta, eftersom en religi\u00f6st definierad stad under \u00e5rhundraden f\u00f6rmedlade legitimitet \u00e5t skiftande h\u00e4rskare.<\/p><p>Likas\u00e5 unders\u00f6ks den gradvisa f\u00f6rskjutningen av den h\u00f6gsta gudomliga v\u00e4rdigheten fr\u00e5n Enlil till Marduk som ett exempel p\u00e5 teologisk f\u00f6r\u00e4ndring till f\u00f6ljd av politiska omv\u00e4lvningar. Man diskuterar ocks\u00e5 i vilken utstr\u00e4ckning Enlil f\u00f6rblev en frist\u00e5ende person och i vilken utstr\u00e4ckning han blev en slags titel och funktionsbeteckning som kunde \u00f6verf\u00f6ras p\u00e5 andra gudar.<\/p><p>Ett annat tyngdpunkt ligger p\u00e5 Enlils ambivalens. Texterna visar honom inte som en genomg\u00e5ende god gud, utan som en makt som f\u00f6rfogar \u00f6ver b\u00e5de <span class=\"iwg-fachbegriff\" data-tooltip=\"Till\u00f6nskan av lycka och skydd, ofta i fast spr\u00e5klig form.\" tabindex=\"0\">v\u00e4lsignelse<\/span> och underg\u00e5ng. Religionsvetenskapligt \u00e4r just denna sp\u00e4nning belysande, eftersom den visar att den mesopotamiska <span class=\"iwg-fachbegriff\" data-tooltip=\"Den vetenskapliga l\u00e4ran om Gud och om en religions tro.\" tabindex=\"0\">teologin<\/span> inte h\u00f6ll det onda borta fr\u00e5n den h\u00f6gsta <span class=\"iwg-fachbegriff\" data-tooltip=\"En varelse som dyrkas som gudomlig inom en religion.\" tabindex=\"0\">gudomen<\/span>, utan innesl\u00f6t det i dennes v\u00e4sen.<\/p><p>I den bredare allm\u00e4nheten har Enlil framf\u00f6r allt blivit k\u00e4nd genom flodmyterna, eftersom dessa diskuterats flitigt i samband med den bibliska syndaflodstraditionen.<\/p><p>H\u00e4r kr\u00e4vs f\u00f6rsiktighet, eftersom popul\u00e4ra framst\u00e4llningar ofta f\u00f6renklar det komplexa k\u00e4ll\u00e4get avsev\u00e4rt. Ett seri\u00f6st arbete med Enlil grundar sig p\u00e5 de utgivna kilskrifttexterna och den vetenskapliga facklitteraturen som placerar hans roll i sitt historiska och kulturella sammanhang.<\/p>\t\t\t\t\t\t\t\t<\/div>\n\t\t\t\t\t<\/div>\n\t\t\t\t<\/div>\n\t\t<div class=\"elementor-element elementor-element-iwgw-enlil-lit e-flex e-con-boxed e-con e-parent\" data-id=\"iwgw-enlil-lit\" data-element_type=\"container\" data-e-type=\"container\">\n\t\t\t\t\t<div class=\"e-con-inner\">\n\t\t\t\t<div class=\"elementor-element elementor-element-iwgw-enlil-lith elementor-widget elementor-widget-heading\" data-id=\"iwgw-enlil-lith\" data-element_type=\"widget\" data-e-type=\"widget\" data-widget_type=\"heading.default\">\n\t\t\t\t\t<h2 class=\"elementor-heading-title elementor-size-default\">Litteratur (urval)<\/h2>\t\t\t\t<\/div>\n\t\t\t\t<div class=\"elementor-element elementor-element-iwgw-enlil-litt elementor-widget elementor-widget-text-editor\" data-id=\"iwgw-enlil-litt\" data-element_type=\"widget\" data-e-type=\"widget\" data-widget_type=\"text-editor.default\">\n\t\t\t\t\t\t\t\t\t<ul><li>Jean Bott\u00e9ro: <em>Die \u00e4lteste Religion. Mesopotamien<\/em> (2001)<\/li><li><span data-nosnippet>Jeremy Black, Anthony Green: <em>Gods, Demons and Symbols of Ancient Mesopotamia<\/em> (1992)<\/span><\/li><li>Thorkild Jacobsen: <em>The Treasures of Darkness. A History of Mesopotamian Religion<\/em> (1976)<\/li><li>Wilfred G. Lambert: <em>Babylonian Creation Myths<\/em> (2013)<\/li><li>Stefan M. Maul: <em>Das Gilgamesch-Epos<\/em> (2005)<\/li><\/ul>\t\t\t\t\t\t\t\t<\/div>\n\t\t\t\t\t<\/div>\n\t\t\t\t<\/div>\n\t\t<div class=\"elementor-element elementor-element-iwgkw2-add-enlil e-flex e-con-boxed e-con e-parent\" data-id=\"iwgkw2-add-enlil\" data-element_type=\"container\" data-e-type=\"container\">\n\t\t\t\t\t<div class=\"e-con-inner\">\n\t\t\t\t<div class=\"elementor-element elementor-element-iwgkw2-add-enlil-t elementor-widget elementor-widget-text-editor\" data-id=\"iwgkw2-add-enlil-t\" data-element_type=\"widget\" data-e-type=\"widget\" data-widget_type=\"text-editor.default\">\n\t\t\t\t\t\t\t\t\t<p>Enlil anses vara den centrala <em>mesopotamiska<\/em> huvudguden, som fr\u00e5n Nippur styrde \u00f6ver vind, storm och kungad\u00f6me, och som i sumeriska s\u00e5v\u00e4l som akkadiska hymner framtr\u00e4der som ledare f\u00f6r den stora gudaf\u00f6rsamlingen.<\/p>\t\t\t\t\t\t\t\t<\/div>\n\t\t\t\t\t<\/div>\n\t\t\t\t<\/div>\n\t\t<div class=\"elementor-element elementor-element-iwgw-enlil-kwd e-flex e-con-boxed e-con e-parent\" data-id=\"iwgw-enlil-kwd\" data-element_type=\"container\" data-e-type=\"container\">\n\t\t\t\t\t<div class=\"e-con-inner\">\n\t\t\t\t<div class=\"elementor-element elementor-element-iwgw-enlil-kwdt elementor-widget elementor-widget-text-editor\" data-id=\"iwgw-enlil-kwdt\" data-element_type=\"widget\" data-e-type=\"widget\" data-widget_type=\"text-editor.default\">\n\t\t\t\t\t\t\t\t\t<p><em>Relaterade nyckelbegrepp: Enlil Nippur Ekur Sumer Akkad stormgud gudar\u00e5d \u00f6destavlor Ninlil.<\/em><\/p>\t\t\t\t\t\t\t\t<\/div>\n\t\t\t\t\t<\/div>\n\t\t\t\t<\/div>\n\t\t<div class=\"elementor-element elementor-element-iwgw-enlil-cc e-flex e-con-boxed e-con e-parent\" data-id=\"iwgw-enlil-cc\" data-element_type=\"container\" data-e-type=\"container\" id=\"iwg-cc-enlil\">\n\t\t\t\t\t<div class=\"e-con-inner\">\n\t\t<div class=\"elementor-element elementor-element-iwgw-enlil-ccinner e-flex e-con-boxed e-con e-parent\" data-id=\"iwgw-enlil-ccinner\" data-element_type=\"container\" data-e-type=\"container\" data-settings=\"{&quot;background_background&quot;:&quot;classic&quot;}\">\n\t\t\t\t\t<div class=\"e-con-inner\">\n\t\t\t\t<div class=\"elementor-element elementor-element-iwgw-enlil-cch elementor-widget elementor-widget-heading\" data-id=\"iwgw-enlil-cch\" data-element_type=\"widget\" data-e-type=\"widget\" data-widget_type=\"heading.default\">\n\t\t\t\t\t<h2 class=\"elementor-heading-title elementor-size-default\">iWell Guard och skyddstraditioner<\/h2>\t\t\t\t<\/div>\n\t\t\t\t<div class=\"elementor-element elementor-element-iwgw-enlil-cct elementor-widget elementor-widget-text-editor\" data-id=\"iwgw-enlil-cct\" data-element_type=\"widget\" data-e-type=\"widget\" data-widget_type=\"text-editor.default\">\n\t\t\t\t\t\t\t\t\t<div data-nosnippet=\"true\"><p>iWell Guard ansluter till den kulturhistoriska traditionen av b\u00e4rbara skyddsobjekt, i traditionen fr\u00e5n <a href=\"https:\/\/iwell-guard.com\/sv\/mesopotamien\/\">Mesopotamien<\/a> och m\u00e5nga andra kulturer v\u00e4rlden \u00f6ver. 41 niv\u00e5er, \u00e4kta guld, platina, silver, tillverkad i Tyskland. 30 dagars \u00e5ngerr\u00e4tt.<\/p><\/div>\t\t\t\t\t\t\t\t<\/div>\n\t\t\t\t<div class=\"elementor-element elementor-element-iwgw-enlil-ccb iwg-cc-button iwg-cc-cta-2026-05-13 elementor-widget elementor-widget-jet-button\" data-id=\"iwgw-enlil-ccb\" data-element_type=\"widget\" data-e-type=\"widget\" data-widget_type=\"jet-button.default\">\n\t\t\t\t<div class=\"elementor-widget-container\">\n\t\t\t\t\t<div class=\"elementor-jet-button jet-elements\"><div class=\"jet-button__container\"><a class=\"jet-button__instance jet-button__instance--icon-left hover-effect-1\" href=\"\/ueber-iwell-guard\/?utm_source=iwell-guard.com&amp;utm_medium=info-box&amp;utm_campaign=wesen-tradition\"><div class=\"jet-button__plane jet-button__plane-normal\"><\/div><div class=\"jet-button__plane jet-button__plane-hover\"><\/div><div class=\"jet-button__state jet-button__state-normal\"><span class=\"jet-button__label\">Mer om iWell Guard<\/span><\/div><div class=\"jet-button__state jet-button__state-hover\"><span class=\"jet-button__label\">Mer om iWell Guard<\/span><\/div><\/a><\/div><\/div><style>.elementor-element.elementor-element-iwgw-enlil-ccb .jet-button__instance{width:320px;height:56px;}.elementor-element.elementor-element-iwgw-enlil-ccb .jet-button__state-normal .jet-button__label{text-align:center;margin:0px 0px 0px 0px;color:#1a1b20;font-family:Montserrat,sans-serif;font-size:13px;font-weight:400;letter-spacing:4px;line-height:1.714em;text-transform:uppercase;}.elementor-element.elementor-element-iwgw-enlil-ccb .jet-button__state-hover .jet-button__label{text-align:center;margin:0px 0px 0px 0px;color:#FECC76;font-family:Montserrat,sans-serif;font-size:13px;font-weight:400;letter-spacing:4px;line-height:1.714em;text-transform:uppercase;}.elementor-element.elementor-element-iwgw-enlil-ccb .jet-button__plane-normal{background-color:#FECC76;border-style:solid;border-color:#C99540;border-width:2px 2px 2px 2px;}.elementor-element.elementor-element-iwgw-enlil-ccb .jet-button__plane-hover{background-color:rgba(0,0,0,0.55);border-style:solid;border-color:#FECC76;border-width:2px 2px 2px 2px;}<\/style>\t\t\t\t<\/div>\n\t\t\t\t<\/div>\n\t\t\t\t<div class=\"elementor-element elementor-element-iwgw-enlil-ccd elementor-widget elementor-widget-text-editor\" data-id=\"iwgw-enlil-ccd\" data-element_type=\"widget\" data-e-type=\"widget\" data-widget_type=\"text-editor.default\">\n\t\t\t\t\t\t\t\t\t<div data-nosnippet=\"true\"><p style=\"text-align:center;font-size:13px;opacity:0.7;margin-top:14px\" data-nosnippet=\"true\">Personliga erfarenheter kan variera. Ingen medicinteknisk produkt. Inget l\u00f6fte om l\u00e4kning.<\/p><\/div>\t\t\t\t\t\t\t\t<\/div>\n\t\t\t\t\t<\/div>\n\t\t\t\t<\/div>\n\t\t\t\t\t<\/div>\n\t\t\t\t<\/div>\n\t\t<div class=\"elementor-element elementor-element-iwgw-enlil-disc e-flex e-con-boxed e-con e-parent\" data-id=\"iwgw-enlil-disc\" data-element_type=\"container\" data-e-type=\"container\">\n\t\t\t\t\t<div class=\"e-con-inner\">\n\t\t\t\t<div class=\"elementor-element elementor-element-iwgw-enlil-discw elementor-widget elementor-widget-html\" data-id=\"iwgw-enlil-discw\" data-element_type=\"widget\" data-e-type=\"widget\" data-widget_type=\"html.default\">\n\t\t\t\t\t<footer data-nosnippet=\"true\" class=\"iwg-disclaimer-block\"><p data-nosnippet=\"true\">iWell Guard \u00e4r <strong>ingen medicinteknisk produkt<\/strong> och ers\u00e4tter inte l\u00e4karv\u00e5rd eller psykoterapeutisk behandling. De religionsvetenskapliga inneh\u00e5llen \u00e4r kulturhistorisk inordning, ingen andlig praxisrekommendation.<\/p><\/footer>\t\t\t\t<\/div>\n\t\t\t\t\t<\/div>\n\t\t\t\t<\/div>\n\t\t\t\t<\/div>\n\t\t","protected":false},"excerpt":{"rendered":"","protected":false},"author":3,"featured_media":3381,"parent":0,"menu_order":0,"comment_status":"closed","ping_status":"closed","template":"elementor_header_footer","meta":{"_yoast_wpseo_focuskw":"Enlil, mesopotamisk gud","_yoast_wpseo_title":"Enlil \u2013 mesopotamisk stormgud och panteonherre","_yoast_wpseo_metadesc":"Enlil, mesopotamisk vind- och stormgud, stod i spetsen f\u00f6r Nippurs panteon och ans\u00e5gs vara herre \u00f6ver gudarnas r\u00e5d.","_yoast_wpseo_meta-robots-noindex":"","_yoast_wpseo_canonical":"","_angie_page":false,"gefaehrdungsstufe":"3","wesen_kultur":"mesopotamien","wesen_klasse":"goetter","footnotes":""},"categories":[],"class_list":["post-136937","page","type-page","status-publish","has-post-thumbnail","hentry"],"yoast_head":"<!-- This site is optimized with the Yoast SEO Premium plugin v27.7 (Yoast SEO v28.3) - https:\/\/yoast.com\/product\/yoast-seo-premium-wordpress\/ -->\n<title>Enlil \u2013 mesopotamisk stormgud och panteonherre<\/title>\n<meta name=\"description\" content=\"Enlil, mesopotamisk vind- och stormgud, stod i spetsen f\u00f6r Nippurs panteon och ans\u00e5gs vara herre \u00f6ver gudarnas r\u00e5d.\" \/>\n<meta name=\"robots\" content=\"index, follow, max-snippet:-1, max-image-preview:large, max-video-preview:-1\" \/>\n<link rel=\"canonical\" href=\"https:\/\/iwell-guard.com\/sv\/enlil-stormgud-panteonherre\/\" \/>\n<meta property=\"og:locale\" content=\"sv_SE\" \/>\n<meta property=\"og:type\" content=\"article\" \/>\n<meta property=\"og:title\" content=\"Enlil \u2013 stormgud och panteonherre\" \/>\n<meta property=\"og:description\" content=\"Enlil, mesopotamisk vind- och stormgud, stod i spetsen f\u00f6r Nippurs panteon och ans\u00e5gs vara herre \u00f6ver gudarnas r\u00e5d.\" \/>\n<meta property=\"og:url\" content=\"https:\/\/iwell-guard.com\/sv\/enlil-stormgud-panteonherre\/\" \/>\n<meta property=\"og:site_name\" content=\"iWell Guard\" \/>\n<meta property=\"article:modified_time\" content=\"2026-09-03T01:16:11+00:00\" \/>\n<meta property=\"og:image\" content=\"https:\/\/iwell-guard.com\/wp-content\/uploads\/2026\/05\/goetter_mesopotamien_enlil.webp\" \/>\n\t<meta property=\"og:image:width\" content=\"1024\" \/>\n\t<meta property=\"og:image:height\" content=\"1536\" \/>\n\t<meta property=\"og:image:type\" content=\"image\/webp\" \/>\n<meta name=\"twitter:card\" content=\"summary_large_image\" \/>\n<script type=\"application\/ld+json\" class=\"yoast-schema-graph\">{\"@context\":\"https:\\\/\\\/schema.org\",\"@graph\":[{\"@type\":\"WebPage\",\"@id\":\"https:\\\/\\\/iwell-guard.com\\\/sv\\\/enlil-stormgud-panteonherre\\\/\",\"url\":\"https:\\\/\\\/iwell-guard.com\\\/sv\\\/enlil-stormgud-panteonherre\\\/\",\"name\":\"Enlil \u2013 mesopotamisk stormgud och panteonherre\",\"isPartOf\":{\"@id\":\"https:\\\/\\\/iwell-guard.com\\\/sv\\\/#website\"},\"primaryImageOfPage\":{\"@id\":\"https:\\\/\\\/iwell-guard.com\\\/sv\\\/enlil-stormgud-panteonherre\\\/#primaryimage\"},\"image\":{\"@id\":\"https:\\\/\\\/iwell-guard.com\\\/sv\\\/enlil-stormgud-panteonherre\\\/#primaryimage\"},\"thumbnailUrl\":\"https:\\\/\\\/iwell-guard.com\\\/wp-content\\\/uploads\\\/2026\\\/05\\\/goetter_mesopotamien_enlil.webp\",\"datePublished\":\"2026-09-03T00:11:21+00:00\",\"dateModified\":\"2026-09-03T01:16:11+00:00\",\"description\":\"Enlil, mesopotamisk vind- och stormgud, stod i spetsen f\u00f6r Nippurs panteon och ans\u00e5gs vara herre \u00f6ver gudarnas r\u00e5d.\",\"breadcrumb\":{\"@id\":\"https:\\\/\\\/iwell-guard.com\\\/sv\\\/enlil-stormgud-panteonherre\\\/#breadcrumb\"},\"inLanguage\":\"sv-SE\",\"potentialAction\":[{\"@type\":\"ReadAction\",\"target\":[\"https:\\\/\\\/iwell-guard.com\\\/sv\\\/enlil-stormgud-panteonherre\\\/\"]}]},{\"@type\":\"ImageObject\",\"inLanguage\":\"sv-SE\",\"@id\":\"https:\\\/\\\/iwell-guard.com\\\/sv\\\/enlil-stormgud-panteonherre\\\/#primaryimage\",\"url\":\"https:\\\/\\\/iwell-guard.com\\\/wp-content\\\/uploads\\\/2026\\\/05\\\/goetter_mesopotamien_enlil.webp\",\"contentUrl\":\"https:\\\/\\\/iwell-guard.com\\\/wp-content\\\/uploads\\\/2026\\\/05\\\/goetter_mesopotamien_enlil.webp\",\"width\":1024,\"height\":1536,\"caption\":\"Gudar fr\u00e5n den mesopotamiska traditionen.\"},{\"@type\":\"BreadcrumbList\",\"@id\":\"https:\\\/\\\/iwell-guard.com\\\/sv\\\/enlil-stormgud-panteonherre\\\/#breadcrumb\",\"itemListElement\":[{\"@type\":\"ListItem\",\"position\":1,\"name\":\"Start\",\"item\":\"https:\\\/\\\/iwell-guard.com\\\/sv\\\/?page_id=136483\"},{\"@type\":\"ListItem\",\"position\":2,\"name\":\"Enlil \u2013 stormgud och panteonherre\"}]},{\"@type\":\"WebSite\",\"@id\":\"https:\\\/\\\/iwell-guard.com\\\/sv\\\/#website\",\"url\":\"https:\\\/\\\/iwell-guard.com\\\/sv\\\/\",\"name\":\"iWell Guard\",\"description\":\"Schutz vor dunklen Einfl\u00fcssen\",\"publisher\":{\"@id\":\"https:\\\/\\\/iwell-guard.com\\\/sv\\\/#organization\"},\"potentialAction\":[{\"@type\":\"SearchAction\",\"target\":{\"@type\":\"EntryPoint\",\"urlTemplate\":\"https:\\\/\\\/iwell-guard.com\\\/sv\\\/?s={search_term_string}\"},\"query-input\":{\"@type\":\"PropertyValueSpecification\",\"valueRequired\":true,\"valueName\":\"search_term_string\"}}],\"inLanguage\":\"sv-SE\"},{\"@type\":\"Organization\",\"@id\":\"https:\\\/\\\/iwell-guard.com\\\/sv\\\/#organization\",\"name\":\"Ittermann electronic GmbH\",\"url\":\"https:\\\/\\\/iwell-guard.com\\\/sv\\\/\",\"logo\":{\"@type\":\"ImageObject\",\"inLanguage\":\"sv-SE\",\"@id\":\"https:\\\/\\\/iwell-guard.com\\\/sv\\\/#\\\/schema\\\/logo\\\/image\\\/\",\"url\":\"https:\\\/\\\/iwell-guard.com\\\/wp-content\\\/uploads\\\/2026\\\/05\\\/Ittermann-Logo-1182x237-1.png\",\"contentUrl\":\"https:\\\/\\\/iwell-guard.com\\\/wp-content\\\/uploads\\\/2026\\\/05\\\/Ittermann-Logo-1182x237-1.png\",\"width\":1182,\"height\":237,\"caption\":\"Ittermann electronic GmbH\"},\"image\":{\"@id\":\"https:\\\/\\\/iwell-guard.com\\\/sv\\\/#\\\/schema\\\/logo\\\/image\\\/\"},\"sameAs\":[\"https:\\\/\\\/pantip.com\\\/profile\\\/9367242\",\"https:\\\/\\\/micro.blog\\\/iwellguard\",\"https:\\\/\\\/www.diggerslist.com\\\/iwellguard\\\/about\",\"https:\\\/\\\/skitterphoto.com\\\/photographers\\\/2870314\\\/iwell-guard\",\"https:\\\/\\\/iwellguard.wordpress.com\\\/2026\\\/06\\\/06\\\/iwell-guard\\\/\",\"https:\\\/\\\/hub.docker.com\\\/u\\\/iwellguard\",\"https:\\\/\\\/www.pinterest.com\\\/iwellguard\\\/\",\"https:\\\/\\\/bit.ly\\\/m\\\/iwellguard\",\"https:\\\/\\\/entre-vos-mains.alsace.eu\\\/profiles\\\/iwellguard\\\/activity\",\"https:\\\/\\\/gravatar.com\\\/reallybeded8fd34\",\"https:\\\/\\\/naijamatta.com\\\/iwellguard\",\"https:\\\/\\\/www.goodreads.com\\\/iwellguard\",\"https:\\\/\\\/profile.hatena.ne.jp\\\/iwellguard\\\/\",\"https:\\\/\\\/experiment.com\\\/users\\\/iwellguard\",\"https:\\\/\\\/wakelet.com\\\/@iWellGuard82270\",\"https:\\\/\\\/www.chordie.com\\\/forum\\\/profile.php?id=2555664\",\"https:\\\/\\\/www.instapaper.com\\\/p\\\/17757966\",\"https:\\\/\\\/www.mapleprimes.com\\\/users\\\/iwellguard\",\"https:\\\/\\\/businesslistingplus.com\\\/profile\\\/iwell-guard\\\/\",\"https:\\\/\\\/telegra.ph\\\/iWell-Guard-06-06\",\"https:\\\/\\\/pbase.com\\\/iwellguard\\\/iwellguard\",\"https:\\\/\\\/b.hatena.ne.jp\\\/iwellguard\\\/20260607#bookmark-4788405196491818882\",\"https:\\\/\\\/fliphtml5.com\\\/home\\\/iwellguard\",\"https:\\\/\\\/anyflip.com\\\/homepage\\\/cmiwl#About\",\"https:\\\/\\\/transfur.com\\\/Users\\\/iwellguard\",\"http:\\\/\\\/delphi.larsbo.org\\\/user\\\/iwellguard\",\"https:\\\/\\\/jobs.lajobsportal.org\\\/profiles\\\/8380803-iwell-guard\",\"https:\\\/\\\/md.chaosdorf.de\\\/s\\\/jfbe5SBdJD\",\"https:\\\/\\\/www.lingvolive.com\\\/en-us\\\/profile\\\/9ecaeaca-ce11-4e51-9e71-01d55e2bff36\\\/translations\",\"https:\\\/\\\/www.fitday.com\\\/fitness\\\/forums\\\/members\\\/iwellguard.html\",\"https:\\\/\\\/www.mymeetbook.com\\\/iwellguard\",\"https:\\\/\\\/pxhere.com\\\/en\\\/photographer-me\\\/5040798\",\"https:\\\/\\\/disqus.com\\\/by\\\/iwellguard\\\/about\\\/\",\"https:\\\/\\\/pastelink.net\\\/hjwciqwq\",\"https:\\\/\\\/pubhtml5.com\\\/homepage\\\/scjhn\\\/\",\"https:\\\/\\\/www.bitchute.com\\\/channel\\\/2O2eOKzNqujT\",\"https:\\\/\\\/audiomack.com\\\/iwellguard\"]},{\"@type\":\"Article\",\"@id\":\"https:\\\/\\\/iwell-guard.com\\\/sv\\\/enlil-stormgud-panteonherre\\\/#article\",\"isPartOf\":{\"@id\":\"https:\\\/\\\/iwell-guard.com\\\/sv\\\/enlil-stormgud-panteonherre\\\/\"},\"author\":{\"name\":\"Ralf Ittermann\",\"@id\":\"https:\\\/\\\/iwell-guard.com\\\/sv\\\/#\\\/schema\\\/person\\\/ee2a27f1cac3406c7c6fb5820cb7349f\"},\"headline\":\"Enlil \u2013 stormgud och panteonherre\",\"datePublished\":\"2026-09-03T00:11:21+00:00\",\"dateModified\":\"2026-09-03T01:16:11+00:00\",\"mainEntityOfPage\":{\"@id\":\"https:\\\/\\\/iwell-guard.com\\\/sv\\\/enlil-stormgud-panteonherre\\\/\"},\"publisher\":{\"@id\":\"https:\\\/\\\/iwell-guard.com\\\/sv\\\/#organization\"},\"image\":{\"@id\":\"https:\\\/\\\/iwell-guard.com\\\/sv\\\/enlil-stormgud-panteonherre\\\/#primaryimage\"},\"thumbnailUrl\":\"https:\\\/\\\/iwell-guard.com\\\/wp-content\\\/uploads\\\/2026\\\/05\\\/goetter_mesopotamien_enlil.webp\",\"inLanguage\":\"sv-SE\",\"description\":\"Enlil, mesopotamisk vind- och stormgud, stod i spetsen f\u00f6r Nippurs panteon och ans\u00e5gs vara herre \u00f6ver gudarnas r\u00e5d.\"}]}<\/script>\n<!-- \/ Yoast SEO Premium plugin. -->","yoast_head_json":{"title":"Enlil \u2013 mesopotamisk stormgud och panteonherre","description":"Enlil, mesopotamisk vind- och stormgud, stod i spetsen f\u00f6r Nippurs panteon och ans\u00e5gs vara herre \u00f6ver gudarnas r\u00e5d.","robots":{"index":"index","follow":"follow","max-snippet":"max-snippet:-1","max-image-preview":"max-image-preview:large","max-video-preview":"max-video-preview:-1"},"canonical":"https:\/\/iwell-guard.com\/sv\/enlil-stormgud-panteonherre\/","og_locale":"sv_SE","og_type":"article","og_title":"Enlil \u2013 stormgud och panteonherre","og_description":"Enlil, mesopotamisk vind- och stormgud, stod i spetsen f\u00f6r Nippurs panteon och ans\u00e5gs vara herre \u00f6ver gudarnas r\u00e5d.","og_url":"https:\/\/iwell-guard.com\/sv\/enlil-stormgud-panteonherre\/","og_site_name":"iWell Guard","article_modified_time":"2026-09-03T01:16:11+00:00","og_image":[{"width":1024,"height":1536,"url":"https:\/\/iwell-guard.com\/wp-content\/uploads\/2026\/05\/goetter_mesopotamien_enlil.webp","type":"image\/webp"}],"twitter_card":"summary_large_image","schema":{"@context":"https:\/\/schema.org","@graph":[{"@type":"Article","@id":"https:\/\/iwell-guard.com\/sv\/enlil-stormgud-panteonherre\/#article","isPartOf":{"@id":"https:\/\/iwell-guard.com\/sv\/enlil-stormgud-panteonherre\/"},"author":{"name":"Ralf Ittermann","@id":"https:\/\/iwell-guard.com\/sv\/#\/schema\/person\/ee2a27f1cac3406c7c6fb5820cb7349f"},"headline":"Enlil \u2013 stormgud och panteonherre","datePublished":"2026-09-03T00:11:21+00:00","dateModified":"2026-09-03T01:16:11+00:00","mainEntityOfPage":{"@id":"https:\/\/iwell-guard.com\/sv\/enlil-stormgud-panteonherre\/"},"publisher":{"@id":"https:\/\/iwell-guard.com\/sv\/#organization"},"image":{"@id":"https:\/\/iwell-guard.com\/sv\/enlil-stormgud-panteonherre\/#primaryimage"},"thumbnailUrl":"https:\/\/iwell-guard.com\/wp-content\/uploads\/2026\/05\/goetter_mesopotamien_enlil.webp","inLanguage":"sv-SE","description":"Enlil, mesopotamisk vind- och stormgud, stod i spetsen f\u00f6r Nippurs panteon och ans\u00e5gs vara herre \u00f6ver gudarnas r\u00e5d."},{"@type":"WebPage","@id":"https:\/\/iwell-guard.com\/sv\/enlil-stormgud-panteonherre\/","url":"https:\/\/iwell-guard.com\/sv\/enlil-stormgud-panteonherre\/","name":"Enlil \u2013 mesopotamisk stormgud och panteonherre","isPartOf":{"@id":"https:\/\/iwell-guard.com\/sv\/#website"},"primaryImageOfPage":{"@id":"https:\/\/iwell-guard.com\/sv\/enlil-stormgud-panteonherre\/#primaryimage"},"image":{"@id":"https:\/\/iwell-guard.com\/sv\/enlil-stormgud-panteonherre\/#primaryimage"},"thumbnailUrl":"https:\/\/iwell-guard.com\/wp-content\/uploads\/2026\/05\/goetter_mesopotamien_enlil.webp","datePublished":"2026-09-03T00:11:21+00:00","dateModified":"2026-09-03T01:16:11+00:00","description":"Enlil, mesopotamisk vind- och stormgud, stod i spetsen f\u00f6r Nippurs panteon och ans\u00e5gs vara herre \u00f6ver gudarnas r\u00e5d.","breadcrumb":{"@id":"https:\/\/iwell-guard.com\/sv\/enlil-stormgud-panteonherre\/#breadcrumb"},"inLanguage":"sv-SE","potentialAction":[{"@type":"ReadAction","target":["https:\/\/iwell-guard.com\/sv\/enlil-stormgud-panteonherre\/"]}]},{"@type":"ImageObject","inLanguage":"sv-SE","@id":"https:\/\/iwell-guard.com\/sv\/enlil-stormgud-panteonherre\/#primaryimage","url":"https:\/\/iwell-guard.com\/wp-content\/uploads\/2026\/05\/goetter_mesopotamien_enlil.webp","contentUrl":"https:\/\/iwell-guard.com\/wp-content\/uploads\/2026\/05\/goetter_mesopotamien_enlil.webp","width":1024,"height":1536,"caption":"Gudar fr\u00e5n den mesopotamiska traditionen."},{"@type":"BreadcrumbList","@id":"https:\/\/iwell-guard.com\/sv\/enlil-stormgud-panteonherre\/#breadcrumb","itemListElement":[{"@type":"ListItem","position":1,"name":"Start","item":"https:\/\/iwell-guard.com\/sv\/?page_id=136483"},{"@type":"ListItem","position":2,"name":"Enlil \u2013 stormgud och panteonherre"}]},{"@type":"WebSite","@id":"https:\/\/iwell-guard.com\/sv\/#website","url":"https:\/\/iwell-guard.com\/sv\/","name":"iWell Guard","description":"Schutz vor dunklen Einfl\u00fcssen","publisher":{"@id":"https:\/\/iwell-guard.com\/sv\/#organization"},"potentialAction":[{"@type":"SearchAction","target":{"@type":"EntryPoint","urlTemplate":"https:\/\/iwell-guard.com\/sv\/?s={search_term_string}"},"query-input":{"@type":"PropertyValueSpecification","valueRequired":true,"valueName":"search_term_string"}}],"inLanguage":"sv-SE"},{"@type":"Organization","@id":"https:\/\/iwell-guard.com\/sv\/#organization","name":"Ittermann electronic GmbH","url":"https:\/\/iwell-guard.com\/sv\/","logo":{"@type":"ImageObject","inLanguage":"sv-SE","@id":"https:\/\/iwell-guard.com\/sv\/#\/schema\/logo\/image\/","url":"https:\/\/iwell-guard.com\/wp-content\/uploads\/2026\/05\/Ittermann-Logo-1182x237-1.png","contentUrl":"https:\/\/iwell-guard.com\/wp-content\/uploads\/2026\/05\/Ittermann-Logo-1182x237-1.png","width":1182,"height":237,"caption":"Ittermann electronic GmbH"},"image":{"@id":"https:\/\/iwell-guard.com\/sv\/#\/schema\/logo\/image\/"},"sameAs":["https:\/\/pantip.com\/profile\/9367242","https:\/\/micro.blog\/iwellguard","https:\/\/www.diggerslist.com\/iwellguard\/about","https:\/\/skitterphoto.com\/photographers\/2870314\/iwell-guard","https:\/\/iwellguard.wordpress.com\/2026\/06\/06\/iwell-guard\/","https:\/\/hub.docker.com\/u\/iwellguard","https:\/\/www.pinterest.com\/iwellguard\/","https:\/\/bit.ly\/m\/iwellguard","https:\/\/entre-vos-mains.alsace.eu\/profiles\/iwellguard\/activity","https:\/\/gravatar.com\/reallybeded8fd34","https:\/\/naijamatta.com\/iwellguard","https:\/\/www.goodreads.com\/iwellguard","https:\/\/profile.hatena.ne.jp\/iwellguard\/","https:\/\/experiment.com\/users\/iwellguard","https:\/\/wakelet.com\/@iWellGuard82270","https:\/\/www.chordie.com\/forum\/profile.php?id=2555664","https:\/\/www.instapaper.com\/p\/17757966","https:\/\/www.mapleprimes.com\/users\/iwellguard","https:\/\/businesslistingplus.com\/profile\/iwell-guard\/","https:\/\/telegra.ph\/iWell-Guard-06-06","https:\/\/pbase.com\/iwellguard\/iwellguard","https:\/\/b.hatena.ne.jp\/iwellguard\/20260607#bookmark-4788405196491818882","https:\/\/fliphtml5.com\/home\/iwellguard","https:\/\/anyflip.com\/homepage\/cmiwl#About","https:\/\/transfur.com\/Users\/iwellguard","http:\/\/delphi.larsbo.org\/user\/iwellguard","https:\/\/jobs.lajobsportal.org\/profiles\/8380803-iwell-guard","https:\/\/md.chaosdorf.de\/s\/jfbe5SBdJD","https:\/\/www.lingvolive.com\/en-us\/profile\/9ecaeaca-ce11-4e51-9e71-01d55e2bff36\/translations","https:\/\/www.fitday.com\/fitness\/forums\/members\/iwellguard.html","https:\/\/www.mymeetbook.com\/iwellguard","https:\/\/pxhere.com\/en\/photographer-me\/5040798","https:\/\/disqus.com\/by\/iwellguard\/about\/","https:\/\/pastelink.net\/hjwciqwq","https:\/\/pubhtml5.com\/homepage\/scjhn\/","https:\/\/www.bitchute.com\/channel\/2O2eOKzNqujT","https:\/\/audiomack.com\/iwellguard"]},{"@type":"Person","@id":"https:\/\/iwell-guard.com\/sv\/#\/schema\/person\/ee2a27f1cac3406c7c6fb5820cb7349f","name":"Ralf Ittermann","image":{"@type":"ImageObject","inLanguage":"sv-SE","@id":"https:\/\/secure.gravatar.com\/avatar\/073c0153e350a5005b68eb752b445fea71f6b24a26da9449ad7e155e6b446c9d?s=96&d=mm&r=g","url":"https:\/\/secure.gravatar.com\/avatar\/073c0153e350a5005b68eb752b445fea71f6b24a26da9449ad7e155e6b446c9d?s=96&d=mm&r=g","contentUrl":"https:\/\/secure.gravatar.com\/avatar\/073c0153e350a5005b68eb752b445fea71f6b24a26da9449ad7e155e6b446c9d?s=96&d=mm&r=g","caption":"Ralf Ittermann"},"givenName":"Ralf","familyName":"Ittermann","jobTitle":"Gesch\u00e4ftsf\u00fchrer und redaktioneller Verantwortlicher","url":"https:\/\/iwell-guard.com\/sv\/author\/claude\/","description":"Ralf Ittermann ist Gesch\u00e4ftsf\u00fchrer der Ittermann electronic GmbH und redaktioneller Verantwortlicher des iWell-Guard-Lexikons. Er verbindet langj\u00e4hrige Erfahrung in der Pr\u00e4zisionsfertigung mit medialer Praxis und religionsgeschichtlicher Quellenarbeit.","worksFor":{"@type":"Organization","name":"Ittermann electronic GmbH","url":"https:\/\/ittermann.de\/","address":{"@type":"PostalAddress","streetAddress":"K\u00f6hlergasse 16-18","postalCode":"99842","addressLocality":"Ruhla","addressCountry":"DE"}},"knowsAbout":["Religionsgeschichte","Mythologie","Mediale Praxis","Energetische Diagnostik","Schutzpraxis","Volksglauben","Westliche Esoterik"]},{"@type":"Article","@id":"https:\/\/iwell-guard.com\/sv\/enlil-stormgud-panteonherre\/#article","isPartOf":{"@id":"https:\/\/iwell-guard.com\/sv\/enlil-stormgud-panteonherre\/"},"author":{"name":"Ralf Ittermann","@id":"https:\/\/iwell-guard.com\/sv\/#\/schema\/person\/ee2a27f1cac3406c7c6fb5820cb7349f"},"headline":"Enlil \u2013 stormgud och panteonherre","datePublished":"2026-09-03T00:11:21+00:00","dateModified":"2026-09-03T01:16:11+00:00","mainEntityOfPage":{"@id":"https:\/\/iwell-guard.com\/sv\/enlil-stormgud-panteonherre\/"},"publisher":{"@id":"https:\/\/iwell-guard.com\/sv\/#organization"},"image":{"@id":"https:\/\/iwell-guard.com\/sv\/enlil-stormgud-panteonherre\/#primaryimage"},"thumbnailUrl":"https:\/\/iwell-guard.com\/wp-content\/uploads\/2026\/05\/goetter_mesopotamien_enlil.webp","inLanguage":"sv-SE","description":"Enlil, mesopotamisk vind- och stormgud, stod i spetsen f\u00f6r Nippurs panteon och ans\u00e5gs vara herre \u00f6ver gudarnas r\u00e5d."}]}},"_links":{"self":[{"href":"https:\/\/iwell-guard.com\/sv\/wp-json\/wp\/v2\/pages\/136937","targetHints":{"allow":["GET"]}}],"collection":[{"href":"https:\/\/iwell-guard.com\/sv\/wp-json\/wp\/v2\/pages"}],"about":[{"href":"https:\/\/iwell-guard.com\/sv\/wp-json\/wp\/v2\/types\/page"}],"author":[{"embeddable":true,"href":"https:\/\/iwell-guard.com\/sv\/wp-json\/wp\/v2\/users\/3"}],"replies":[{"embeddable":true,"href":"https:\/\/iwell-guard.com\/sv\/wp-json\/wp\/v2\/comments?post=136937"}],"version-history":[{"count":0,"href":"https:\/\/iwell-guard.com\/sv\/wp-json\/wp\/v2\/pages\/136937\/revisions"}],"wp:featuredmedia":[{"embeddable":true,"href":"https:\/\/iwell-guard.com\/sv\/wp-json\/wp\/v2\/media\/3381"}],"wp:attachment":[{"href":"https:\/\/iwell-guard.com\/sv\/wp-json\/wp\/v2\/media?parent=136937"}],"wp:term":[{"taxonomy":"category","embeddable":true,"href":"https:\/\/iwell-guard.com\/sv\/wp-json\/wp\/v2\/categories?post=136937"}],"curies":[{"name":"wp","href":"https:\/\/api.w.org\/{rel}","templated":true}]}}