{"id":136935,"date":"2026-09-03T00:11:19","date_gmt":"2026-09-03T00:11:19","guid":{"rendered":"https:\/\/iwell-guard.com\/?page_id=136935"},"modified":"2026-09-03T01:16:08","modified_gmt":"2026-09-03T01:16:08","slug":"kronos-titan-och-harskare-under-den-gyllene-tidsaldern","status":"publish","type":"page","link":"https:\/\/iwell-guard.com\/sv\/kronos-titan-och-harskare-under-den-gyllene-tidsaldern\/","title":{"rendered":"Kronos \u2013 Titan och h\u00e4rskare under den gyllene tids\u00e5ldern"},"content":{"rendered":"\t\t<div data-elementor-type=\"wp-page\" data-elementor-id=\"136935\" class=\"elementor elementor-136935 elementor-2918 elementor-bc-flex-widget\" data-elementor-post-type=\"page\">\n\t\t\t\t<div class=\"elementor-element elementor-element-herof597b9c e-flex e-con-boxed e-con e-parent\" data-id=\"herof597b9c\" data-element_type=\"container\" data-e-type=\"container\">\n\t\t\t\t\t<div class=\"e-con-inner\">\n\t\t\t\t<div class=\"elementor-element elementor-element-heroimg20a558e iwg-hero-image elementor-widget elementor-widget-image\" data-id=\"heroimg20a558e\" data-element_type=\"widget\" data-e-type=\"widget\" data-widget_type=\"image.default\">\n\t\t\t\t\t\t\t\t\t\t\t\t\t\t\t<img fetchpriority=\"high\" decoding=\"async\" width=\"683\" height=\"1024\" src=\"https:\/\/iwell-guard.com\/wp-content\/uploads\/2026\/05\/goetter_griechenland_kronos-683x1024.webp\" class=\"attachment-large size-large wp-image-135949\" alt=\"Kronos - Gudar fr\u00e5n den grekiska traditionen, historiskt-illustrativ\" srcset=\"https:\/\/iwell-guard.com\/wp-content\/uploads\/2026\/05\/goetter_griechenland_kronos-683x1024.webp 683w, https:\/\/iwell-guard.com\/wp-content\/uploads\/2026\/05\/goetter_griechenland_kronos-200x300.webp 200w, https:\/\/iwell-guard.com\/wp-content\/uploads\/2026\/05\/goetter_griechenland_kronos-768x1152.webp 768w, https:\/\/iwell-guard.com\/wp-content\/uploads\/2026\/05\/goetter_griechenland_kronos.webp 1024w\" sizes=\"(max-width: 683px) 100vw, 683px\" \/>\t\t\t\t\t\t\t\t\t\t\t\t\t\t\t<\/div>\n\t\t\t\t\t<\/div>\n\t\t\t\t<\/div>\n\t\t<div class=\"elementor-element elementor-element-iwgw-kronos-hero e-flex e-con-boxed e-con e-parent\" data-id=\"iwgw-kronos-hero\" data-element_type=\"container\" data-e-type=\"container\">\n\t\t\t\t\t<div class=\"e-con-inner\">\n\t\t\t\t<div class=\"elementor-element elementor-element-iwgw-kronos-h1 elementor-widget elementor-widget-heading\" data-id=\"iwgw-kronos-h1\" data-element_type=\"widget\" data-e-type=\"widget\" data-widget_type=\"heading.default\">\n\t\t\t\t\t<h1 class=\"elementor-heading-title elementor-size-default\">Kronos \u2013 Titan, Zeus far och avsatt h\u00e4rskare<\/h1>\t\t\t\t<\/div>\n\t\t\t\t<div class=\"elementor-element elementor-element-iwgw-kronos-pills elementor-widget elementor-widget-html\" data-id=\"iwgw-kronos-pills\" data-element_type=\"widget\" data-e-type=\"widget\" data-widget_type=\"html.default\">\n\t\t\t\t\t<div class=\"iwg-pill-row\"><span class=\"iwg-klasse-badge\" tabindex=\"0\" data-tooltip=\"Titan inom traditionen Grekland.\">Titan<\/span><a href=\"https:\/\/iwell-guard.com\/sv\/grekland\/\" class=\"iwg-kultur-badge\" tabindex=\"0\" data-tooltip=\"Mytologi inom traditionen Grekland.\">Grekland<\/a><span class=\"iwg-tradition-badge\" tabindex=\"0\" data-tooltip=\"Urtidsgudom.\">Urtidsgudom<\/span><\/div>\t\t\t\t<\/div>\n\t\t\t\t<div class=\"elementor-element elementor-element-iwgw-kronos-lead elementor-widget elementor-widget-text-editor\" data-id=\"iwgw-kronos-lead\" data-element_type=\"widget\" data-e-type=\"widget\" data-widget_type=\"text-editor.default\">\n\t\t\t\t\t\t\t\t\t<p>Kronos \u00e4r den yngste av titanerna, son till Uranos och Gaia och far till Zeus. Han kastrerar sin far, slukar sina egna barn och blir till slut avsatt av Zeus. Samtidigt betraktas hans styre som den gyllene tids\u00e5ldern.<\/p>\t\t\t\t\t\t\t\t<\/div>\n\t\t\t\t\t<\/div>\n\t\t\t\t<\/div>\n\t\t<div class=\"elementor-element elementor-element-iwgw-kronos-s0 e-flex e-con-boxed e-con e-parent\" data-id=\"iwgw-kronos-s0\" data-element_type=\"container\" data-e-type=\"container\">\n\t\t\t\t\t<div class=\"e-con-inner\">\n\t\t\t\t<div class=\"elementor-element elementor-element-iwgw-kronos-s0h elementor-widget elementor-widget-heading\" data-id=\"iwgw-kronos-s0h\" data-element_type=\"widget\" data-e-type=\"widget\" data-widget_type=\"heading.default\">\n\t\t\t\t\t<h2 class=\"elementor-heading-title elementor-size-default\">Inordning<\/h2>\t\t\t\t<\/div>\n\t\t\t\t<div class=\"elementor-element elementor-element-iwgw-kronos-s0t elementor-widget elementor-widget-text-editor\" data-id=\"iwgw-kronos-s0t\" data-element_type=\"widget\" data-e-type=\"widget\" data-widget_type=\"text-editor.default\">\n\t\t\t\t\t\t\t\t\t<p>Kronos h\u00f6r till titanernas generation, de gudasl\u00e4kten som i den <a href=\"https:\/\/iwell-guard.com\/sv\/grekland\/\">grekiska<\/a> <span class=\"iwg-fachbegriff\" data-tooltip=\"Helheten av \u00f6verl\u00e4mnade ber\u00e4ttelser om gudar inom en kultur.\" tabindex=\"0\">mytologin<\/span> st\u00e5r mellan de \u00e4ldsta urmakterna och de olympiska gudarna. Han \u00e4r den yngste sonen till himmelsguden Uranos och jordgudinnan Gaia och tar \u00f6ver v\u00e4rldsherrav\u00e4ldet efter att ha avsatt sin far.<\/p><p>D\u00e4rmed \u00e4r Kronos den centrala gestalten i den mellersta fasen av den grekiska skapelsemyten, den s\u00e5 kallade successionsmytologin, d\u00e4r v\u00e4rldsherrav\u00e4ldet f\u00f6rs vidare genom tre generationer.<\/p><p>Religionsvetenskapligt \u00e4r Kronos en dubbelgestalt. P\u00e5 ena sidan st\u00e5r den grymme h\u00e4rskaren som stympar sin far och slukar sina egna barn f\u00f6r att s\u00e4kra sin makt.<\/p><p>P\u00e5 den andra sidan st\u00e5r kungen av den gyllene tids\u00e5ldern, under vars styre m\u00e4nniskorna levde bekymmersl\u00f6st och utan m\u00f6da. Denna sp\u00e4nning mellan skr\u00e4ckgestalt och fredskonung g\u00f6r Kronos till en s\u00e4rskilt belysande figur f\u00f6r f\u00f6rst\u00e5elsen av grekiska historie- och tidsf\u00f6rest\u00e4llningar.<\/p><p>Den viktigaste k\u00e4llan \u00e4r Hesiodos <em>Theogonin<\/em>, som utf\u00f6rligt ber\u00e4ttar <span class=\"iwg-fachbegriff\" data-tooltip=\"En \u00f6verl\u00e4mnad ber\u00e4ttelse om gudar, ursprung och v\u00e4rldens ordning.\" tabindex=\"0\">myten<\/span> om hur v\u00e4rldsherrav\u00e4ldet gick i arv. D\u00e4rtill finns talrika senare traditioner, mytografiska verk och likst\u00e4llandet med den romerske Saturnus, som vidareutvecklade bilden av Kronos under <span class=\"iwg-fachbegriff\" data-tooltip=\"Epok av grekisk och romersk kultur, cirka 800 f.Kr. till 600 e.Kr.\" tabindex=\"0\">antiken<\/span>. Den orfiska diktningen erbj\u00f6d en egen version av gudaf\u00f6ljden, som avvek fr\u00e5n Hesiodos.<\/p>\t\t\t\t\t\t\t\t<\/div>\n\t\t\t\t\t<\/div>\n\t\t\t\t<\/div>\n\t\t<div class=\"elementor-element elementor-element-iwgw-kronos-s1 e-flex e-con-boxed e-con e-parent\" data-id=\"iwgw-kronos-s1\" data-element_type=\"container\" data-e-type=\"container\">\n\t\t\t\t\t<div class=\"e-con-inner\">\n\t\t\t\t<div class=\"elementor-element elementor-element-iwgw-kronos-s1h elementor-widget elementor-widget-heading\" data-id=\"iwgw-kronos-s1h\" data-element_type=\"widget\" data-e-type=\"widget\" data-widget_type=\"heading.default\">\n\t\t\t\t\t<h2 class=\"elementor-heading-title elementor-size-default\">Namn och etymologi<\/h2>\t\t\t\t<\/div>\n\t\t\t\t<div class=\"elementor-element elementor-element-iwgw-kronos-s1t elementor-widget elementor-widget-text-editor\" data-id=\"iwgw-kronos-s1t\" data-element_type=\"widget\" data-e-type=\"widget\" data-widget_type=\"text-editor.default\">\n\t\t\t\t\t\t\t\t\t<p>Namnet Kronos \u00e4r spr\u00e5kligt inte s\u00e4kert tolkat. Redan i <span class=\"iwg-fachbegriff\" data-tooltip=\"Epok av grekisk och romersk kultur, cirka 800 f.Kr. till 600 e.Kr.\" tabindex=\"0\">antiken<\/span> f\u00f6rknippades det ofta med det grekiska ordet f\u00f6r tid, Chronos. Denna likst\u00e4llning h\u00e5ller inte spr\u00e5kvetenskapligt, eftersom de tv\u00e5 namnen skrivs och betonas olika.<\/p><p>Trots det fick den stor verkan: redan i <span class=\"iwg-fachbegriff\" data-tooltip=\"Epok av grekisk och romersk kultur, cirka 800 f.Kr. till 600 e.Kr.\" tabindex=\"0\">antiken<\/span>, s\u00e4rskilt inom den stoiska och orfiska spekulationen, tolkades Kronos som en personifikation av tiden, som slukar sina egna barn, det vill s\u00e4ga allt som blivit till.<\/p><p>Andra <span class=\"iwg-fachbegriff\" data-tooltip=\"Epok av grekisk och romersk kultur, cirka 800 f.Kr. till 600 e.Kr.\" tabindex=\"0\">antika<\/span> tolkningar f\u00f6rknippade namnet med verbet att sk\u00f6rda eller med begrepp fr\u00e5n jordbrukets omr\u00e5de, vilket passade med hans attribut, sk\u00e4ran. \u00c4ven dessa f\u00f6rklaringar \u00e4r folketymologiska och inte s\u00e4kerst\u00e4llda.<\/p><p>Den moderna forskningen tenderar att betrakta namnet Kronos som f\u00f6rgrekiskt, allts\u00e5 som ett arvord fr\u00e5n ett spr\u00e5kskikt som talades innan den grekisktalande befolkningen kom till Egeiska havet. En s\u00e4ker etymologi finns inte.<\/p><p>I den romerska <span class=\"iwg-fachbegriff\" data-tooltip=\"\u00d6verf\u00f6ringen av kunskap och ber\u00e4ttelser genom generationer.\" tabindex=\"0\">traditionen<\/span> likst\u00e4lldes Kronos med Saturnus. Denna identifikation var s\u00e5 inflytelserik att m\u00e5nga drag hos Kronos levde vidare i den latinska kulturkretsen under namnet Saturnus, till exempel f\u00f6rest\u00e4llningen om den gyllene tids\u00e5ldern och saturnaliefesten.<\/p><p>\u00c5tskillnaden mellan den grekiske Kronos och den romerske Saturnus \u00e4r viktig inom forskningen, eftersom b\u00e5da gestalterna genomgick egna utvecklingar.<\/p>\t\t\t\t\t\t\t\t<\/div>\n\t\t\t\t\t<\/div>\n\t\t\t\t<\/div>\n\t\t<div class=\"elementor-element elementor-element-iwgw-kronos-s2 e-flex e-con-boxed e-con e-parent\" data-id=\"iwgw-kronos-s2\" data-element_type=\"container\" data-e-type=\"container\">\n\t\t\t\t\t<div class=\"e-con-inner\">\n\t\t\t\t<div class=\"elementor-element elementor-element-iwgw-kronos-s2h elementor-widget elementor-widget-heading\" data-id=\"iwgw-kronos-s2h\" data-element_type=\"widget\" data-e-type=\"widget\" data-widget_type=\"heading.default\">\n\t\t\t\t\t<h2 class=\"elementor-heading-title elementor-size-default\">Beskrivning och ikonografi<\/h2>\t\t\t\t<\/div>\n\t\t\t\t<div class=\"elementor-element elementor-element-iwgw-kronos-s2t elementor-widget elementor-widget-text-editor\" data-id=\"iwgw-kronos-s2t\" data-element_type=\"widget\" data-e-type=\"widget\" data-widget_type=\"text-editor.default\">\n\t\t\t\t\t\t\t\t\t<p>Kronos avbildas i den <span class=\"iwg-fachbegriff\" data-tooltip=\"Epok inom den grekiska och romerska kulturen, ungef\u00e4r 800 f.Kr. till 600 e.Kr.\" tabindex=\"0\">antikens<\/span> bildkonst mer s\u00e4llan och mindre enhetligt \u00e4n de olympiska gudarna. D\u00e4r han f\u00f6rekommer visas han oftast som en sk\u00e4ggig, mogen man, med v\u00e4rdighet men utan den ungdomliga kraft som exempelvis k\u00e4nnetecknar Zeus.<\/p><p>Hans mest utm\u00e4rkande attribut \u00e4r sk\u00e4ran eller det b\u00f6jda sk\u00e4rverktyget, med vilket han enligt <span class=\"iwg-fachbegriff\" data-tooltip=\"En traditions\u00f6verf\u00f6rd ber\u00e4ttelse om gudar, ursprung och v\u00e4rldens ordning.\" tabindex=\"0\">myten<\/span> kastrerade sin far Uranos. Detta verktyg, i k\u00e4llorna kallat harpe, \u00e4r hans fasta k\u00e4nnetecken.<\/p><p>Kronos avbildas ofta med huvudet h\u00f6ljt, med manteln dragen \u00f6ver bakhuvudet. Denna besl\u00f6jning tolkades som ett tecken p\u00e5 hans koppling till v\u00e4rldens dolda, kusliga sida, eller som en h\u00e4nvisning till hans status som en st\u00f6rtad h\u00e4rskare f\u00f6rdriven till djupet. I den romerska ikonografin kring Saturnus levde detta k\u00e4nnetecken vidare.<\/p><p>Scener som illustrerar <span class=\"iwg-fachbegriff\" data-tooltip=\"En traditions\u00f6verf\u00f6rd ber\u00e4ttelse om gudar, ursprung och v\u00e4rldens ordning.\" tabindex=\"0\">myten<\/span> visar Kronos framf\u00f6r allt i tv\u00e5 \u00f6gonblick: n\u00e4r han kastrerar Uranos och n\u00e4r han slukar sina barn.<\/p><p>Den senare scenen, d\u00e4r Kronos f\u00f6r en sp\u00e4dbarn till munnen eller tar emot en i lindor svept sten, togs s\u00e4rskilt upp i konsten efter antiken och h\u00f6r till de mest gripande bilderna inom hela <span class=\"iwg-fachbegriff\" data-tooltip=\"Den samlade m\u00e4ngden av en kulturs traditions\u00f6verf\u00f6rda gudaber\u00e4ttelser.\" tabindex=\"0\">mytologin<\/span>. Under sj\u00e4lva <span class=\"iwg-fachbegriff\" data-tooltip=\"Epok inom den grekiska och romerska kulturen, ungef\u00e4r 800 f.Kr. till 600 e.Kr.\" tabindex=\"0\">antiken<\/span> dominerar dock den lugna, h\u00e4rskarlika framst\u00e4llningen. Som kung av den gyllene tids\u00e5ldern visades han ibland tronande.<\/p>\t\t\t\t\t\t\t\t<\/div>\n\t\t\t\t\t<\/div>\n\t\t\t\t<\/div>\n\t\t<div class=\"elementor-element elementor-element-iwgw-kronos-s3 e-flex e-con-boxed e-con e-parent\" data-id=\"iwgw-kronos-s3\" data-element_type=\"container\" data-e-type=\"container\">\n\t\t\t\t\t<div class=\"e-con-inner\">\n\t\t\t\t<div class=\"elementor-element elementor-element-iwgw-kronos-s3h elementor-widget elementor-widget-heading\" data-id=\"iwgw-kronos-s3h\" data-element_type=\"widget\" data-e-type=\"widget\" data-widget_type=\"heading.default\">\n\t\t\t\t\t<h2 class=\"elementor-heading-title elementor-size-default\">Mytologiska ber\u00e4ttelser<\/h2>\t\t\t\t<\/div>\n\t\t\t\t<div class=\"elementor-element elementor-element-iwgw-kronos-s3t elementor-widget elementor-widget-text-editor\" data-id=\"iwgw-kronos-s3t\" data-element_type=\"widget\" data-e-type=\"widget\" data-widget_type=\"text-editor.default\">\n\t\t\t\t\t\t\t\t\t<p>Kronos historia b\u00f6rjar med en konflikt mellan urkrafterna. Uranos, himlen, f\u00f6renade sig med Gaia, jorden, men h\u00f6ll deras gemensamma barn, bland dem titanerna, kvar inne i jorden. Gaia, pressad av denna b\u00f6rda, smidde en plan och tillverkade en sk\u00e4ra av h\u00e5rd sten.<\/p><p>Av alla hennes barn var det bara Kronos, den yngste av titanerna, som gick med p\u00e5 att g\u00f6ra uppror mot fadern. N\u00e4r Uranos p\u00e5 nytt n\u00e4rmade sig Gaia skar Kronos av hans k\u00f6nsorgan och kastade det i havet.<\/p><p>Ur blodet och de delar som f\u00f6ll i havet uppstod ytterligare varelser, bland dem enligt en <span class=\"iwg-fachbegriff\" data-tooltip=\"\u00d6verf\u00f6ringen av kunskap och ber\u00e4ttelser mellan generationer.\" tabindex=\"0\">tradition<\/span> Afrodite, samt erinyerna och giganterna.<\/p><p>Genom detta slag blev Kronos h\u00e4rskare \u00f6ver v\u00e4rlden. Han tog sin syster Rhea till hustru och fick med henne en rad barn, som blev den f\u00f6rsta generationen olympiska gudar.<\/p><p>Men Uranos och Gaia hade f\u00f6rutsp\u00e5tt Kronos att \u00e4ven han skulle bli st\u00f6rtad av en egen son. F\u00f6r att undvika denna profetia slukade Kronos varje barn direkt efter f\u00f6dseln: Hestia, Demeter, Hera, Hades och Poseidon.<\/p><p>N\u00e4r det sj\u00e4tte barnet, Zeus, skulle f\u00f6das kom Rhea p\u00e5 ett knep. Hon f\u00f6dde sp\u00e4dbarnet i hemlighet p\u00e5 Kreta och gav Kronos, i st\u00e4llet f\u00f6r barnet, en i lindor svept sten, som han ovetande slukade. Zeus v\u00e4xte upp i hemlighet.<\/p><p>N\u00e4r han vuxit upp tvingade han Kronos att spy upp de uppslukade syskonen igen, f\u00f6rst stenen, sedan gudarna. D\u00e4refter f\u00f6ljde det stora kriget mellan titanerna under Kronos och de yngre gudarna under <a href=\"https:\/\/iwell-guard.com\/sv\/zeus\/\">Zeus<\/a>, titanomakin.<\/p><p>Det slutade med olympiernas seger. De besegrade titanerna f\u00f6rdrevs till Tartaros, underjordens djupaste del.<\/p><p>Om Kronos senare \u00f6de finns olika traditioner. Enligt en version f\u00f6rblir han f\u00e5nge i Tartaros.<\/p><p>Enligt en annan, mildare tradition blir han efter f\u00f6rsoning h\u00e4rskare \u00f6ver De saligas \u00f6ar, d\u00e4r de r\u00e4ttf\u00e4rdiga d\u00f6da lever ett lyckligt liv. Denna andra linje f\u00f6rbinds med f\u00f6rest\u00e4llningen om den gyllene tids\u00e5ldern, som ska ha r\u00e5tt under hans styre.<\/p>\t\t\t\t\t\t\t\t<\/div>\n\t\t\t\t\t<\/div>\n\t\t\t\t<\/div>\n\t\t<div class=\"elementor-element elementor-element-iwgw-kronos-s4 e-flex e-con-boxed e-con e-parent\" data-id=\"iwgw-kronos-s4\" data-element_type=\"container\" data-e-type=\"container\">\n\t\t\t\t\t<div class=\"e-con-inner\">\n\t\t\t\t<div class=\"elementor-element elementor-element-iwgw-kronos-s4h elementor-widget elementor-widget-heading\" data-id=\"iwgw-kronos-s4h\" data-element_type=\"widget\" data-e-type=\"widget\" data-widget_type=\"heading.default\">\n\t\t\t\t\t<h2 class=\"elementor-heading-title elementor-size-default\">Kult och v\u00f6rdnad<\/h2>\t\t\t\t<\/div>\n\t\t\t\t<div class=\"elementor-element elementor-element-iwgw-kronos-s4t elementor-widget elementor-widget-text-editor\" data-id=\"iwgw-kronos-s4t\" data-element_type=\"widget\" data-e-type=\"widget\" data-widget_type=\"text-editor.default\">\n\t\t\t\t\t\t\t\t\t<p>J\u00e4mf\u00f6rt med de olympiska gudarna var <span class=\"iwg-fachbegriff\" data-tooltip=\"Den samlade m\u00e4ngden av religi\u00f6sa v\u00f6rdnadshandlingar f\u00f6r en gudom eller helig gestalt.\" tabindex=\"0\">kulten<\/span> av Kronos i Grekland av mindre omfattning, men den fanns. Den viktigaste festen som \u00e4gnades honom var kronierna, som firades i Aten och p\u00e5 andra platser.<\/p><p>De inf\u00f6ll efter sk\u00f6rdetiden och hade en s\u00e4rskild karakt\u00e4r: denna dag upph\u00e4vdes eller l\u00e4ttades den sociala ordningen tillf\u00e4lligt. Herrar och slavar deltog tillsammans i m\u00e5ltiden, och p\u00e5 vissa h\u00e5ll betj\u00e4nades slavarna av sina herrar.<\/p><p>Religionsvetenskapligt \u00e4r denna rituella omv\u00e4ndning av stor betydelse. Festen \u00e5teruppr\u00e4ttade f\u00f6r en begr\u00e4nsad tid det tillst\u00e5nd som den gyllene tids\u00e5ldern haft, d\u00e5 det enligt <span class=\"iwg-fachbegriff\" data-tooltip=\"En traditions\u00f6verf\u00f6rd ber\u00e4ttelse om gudar, ursprung och v\u00e4rldens ordning.\" tabindex=\"0\">myten<\/span> inte funnits herrav\u00e4lde, m\u00f6da eller sociala skillnader.<\/p><p>Festen var d\u00e4rmed ett rituellt minne av en f\u00f6rlorad urtid av j\u00e4mlikhet. De romerska saturnalierna, festen f\u00f6r Saturnus som likst\u00e4lldes med Kronos, hade samma karakt\u00e4r och firades \u00e4nnu mer utpr\u00e4glat.<\/p><p>Helgedomar \u00e5t Kronos \u00e4r belagda p\u00e5 flera platser, bland dem Olympia, d\u00e4r kullen ovanf\u00f6r <span class=\"iwg-fachbegriff\" data-tooltip=\"En helig plats \u00e4gnad \u00e5t v\u00f6rdnaden av en gudom.\" tabindex=\"0\">helgedomen<\/span> bar titanens namn. I Aten fanns ett gemensamt omr\u00e5de f\u00f6r Kronos och Rhea.<\/p><p><span class=\"iwg-fachbegriff\" data-tooltip=\"Den samlade m\u00e4ngden av religi\u00f6sa v\u00f6rdnadshandlingar f\u00f6r en gudom eller helig gestalt.\" tabindex=\"0\">Kulten<\/span> f\u00f6rblev likv\u00e4l i skuggan av de stora olympiska gudomarna. Kronos var en <span class=\"iwg-fachbegriff\" data-tooltip=\"En varelse som dyrkas som gudomlig inom en religion.\" tabindex=\"0\">gudom<\/span> av det f\u00f6rflutna, den avl\u00f6sta v\u00e4rldsordningen, och denna st\u00e4llning \u00e5terspeglades i den begr\u00e4nsade men betydelsefulla kultiska n\u00e4rvaron.<\/p>\t\t\t\t\t\t\t\t<\/div>\n\t\t\t\t\t<\/div>\n\t\t\t\t<\/div>\n\t\t<div class=\"elementor-element elementor-element-iwgw-kronos-s5 e-flex e-con-boxed e-con e-parent\" data-id=\"iwgw-kronos-s5\" data-element_type=\"container\" data-e-type=\"container\">\n\t\t\t\t\t<div class=\"e-con-inner\">\n\t\t\t\t<div class=\"elementor-element elementor-element-iwgw-kronos-s5h elementor-widget elementor-widget-heading\" data-id=\"iwgw-kronos-s5h\" data-element_type=\"widget\" data-e-type=\"widget\" data-widget_type=\"heading.default\">\n\t\t\t\t\t<h2 class=\"elementor-heading-title elementor-size-default\">Skyddspraxis och apotrop\u00e4iskt<\/h2>\t\t\t\t<\/div>\n\t\t\t\t<div class=\"elementor-element elementor-element-iwgw-kronos-s5t elementor-widget elementor-widget-text-editor\" data-id=\"iwgw-kronos-s5t\" data-element_type=\"widget\" data-e-type=\"widget\" data-widget_type=\"text-editor.default\">\n\t\t\t\t\t\t\t\t\t<p>Kronos var inte en gestalt som man riktade en utpr\u00e4glad avv\u00e4rjningspraxis mot, som mot demoner eller skadande andar. Som st\u00f6rtad och till Tartaros landsf\u00f6rvisad titan var han avl\u00e4gsnad fr\u00e5n v\u00e4rldens aktiva verkningskrets. N\u00e5gon egentlig apotrop\u00e4isk praxis mot Kronos \u00e4r inte \u00f6verl\u00e4mnad.<\/p><p>\u00c4nd\u00e5 bar gestalten Kronos en kuslig, hotfull komponent som levde vidare i f\u00f6rest\u00e4llningsv\u00e4rlden. Den barn\u00e4tande fadern var en bild av skr\u00e4ck.<\/p><p>I den senare, framf\u00f6r allt romerska och senantika, tolkningen, d\u00e4r Kronos likst\u00e4lldes med Chronos, tiden, fick denna sida \u00f6kad vikt: tiden, som f\u00f6der fram allt och \u00e5ter f\u00f6rg\u00f6r allt, blev till en sinnebild f\u00f6r f\u00f6rg\u00e4ngligheten. Denna tolkning var dock filosofisk och litter\u00e4r, inte kultisk.<\/p><p>Inom det rituella omr\u00e5det kan man snarare se motsatsen till en avv\u00e4rjning. Festen Kronia syftade inte till att h\u00e5lla titanen p\u00e5 avst\u00e5nd, utan till att tillf\u00e4lligt \u00e5terkalla hans tid, den gyllene tids\u00e5ldern. Den festliga uppl\u00f6sningen av ordningen var en kontrollerad n\u00e4rmande till Kronos sf\u00e4r.<\/p><p>D\u00e4r apotrop\u00e4iska f\u00f6rest\u00e4llningar f\u00f6rknippades med Saturnus, till exempel inom senantik astrologi, d\u00e4r planeten Saturnus ans\u00e5gs olycksbringande, r\u00f6r det sig om en utveckling som str\u00e4cker sig l\u00e5ngt bortom den grekiske Kronos och som h\u00f6r till den romersk-orientaliska stj\u00e4rntydningen.<\/p>\t\t\t\t\t\t\t\t<\/div>\n\t\t\t\t\t<\/div>\n\t\t\t\t<\/div>\n\t\t<div class=\"elementor-element elementor-element-iwgw-kronos-s6 e-flex e-con-boxed e-con e-parent\" data-id=\"iwgw-kronos-s6\" data-element_type=\"container\" data-e-type=\"container\">\n\t\t\t\t\t<div class=\"e-con-inner\">\n\t\t\t\t<div class=\"elementor-element elementor-element-iwgw-kronos-s6h elementor-widget elementor-widget-heading\" data-id=\"iwgw-kronos-s6h\" data-element_type=\"widget\" data-e-type=\"widget\" data-widget_type=\"heading.default\">\n\t\t\t\t\t<h2 class=\"elementor-heading-title elementor-size-default\">Paralleller i andra kulturer<\/h2>\t\t\t\t<\/div>\n\t\t\t\t<div class=\"elementor-element elementor-element-iwgw-kronos-s6t elementor-widget elementor-widget-text-editor\" data-id=\"iwgw-kronos-s6t\" data-element_type=\"widget\" data-e-type=\"widget\" data-widget_type=\"text-editor.default\">\n\t\t\t\t\t\t\t\t\t<p><span class=\"iwg-fachbegriff\" data-tooltip=\"En \u00f6verl\u00e4mnad ber\u00e4ttelse om gudar, ursprung och v\u00e4rldens ordning.\" tabindex=\"0\">Myten<\/span> om himmelsfaderns st\u00f6rtande och successionen av v\u00e4rldsh\u00e4rskare har n\u00e4ra paralleller i kulturerna i Fr\u00e4mre Orienten och Mindre Asien. Den j\u00e4mf\u00f6rande forskningen har sedan nittonhundratalet avsl\u00f6jat vittg\u00e5ende samband h\u00e4r.<\/p><p>Den tydligaste motsvarigheten erbjuder den hettitiska <span class=\"iwg-fachbegriff\" data-tooltip=\"En \u00f6verl\u00e4mnad ber\u00e4ttelse om gudar, ursprung och v\u00e4rldens ordning.\" tabindex=\"0\">myten<\/span> om kungad\u00f6met i himlen, \u00f6verl\u00e4mnad p\u00e5 kilskriftstavlor fr\u00e5n Mindre Asien. D\u00e4r kastrerar guden Kumarbi sin f\u00f6reg\u00e5ngare Anu genom att bita av hans k\u00f6nsdelar, och st\u00f6rtas sj\u00e4lv i sin tur av en senare gudagene\u00adration.<\/p><p>\u00d6verensst\u00e4mmelsen med Kronos-ber\u00e4ttelsen i successionen av h\u00e4rskargenerationer och i <span class=\"iwg-fachbegriff\" data-tooltip=\"Ett \u00e5terkommande inneh\u00e5llselement i konst eller ber\u00e4ttelse.\" tabindex=\"0\">motivet<\/span> med kastreringen anses vara s\u00e5 n\u00e4ra att en historisk f\u00f6rbindelse, en \u00f6vertagelse eller ett gemensamt \u00f6sterl\u00e4ndskt arv, allm\u00e4nt antas.<\/p><p>\u00c4ven i den babyloniska skapelsedikten finns en generationsf\u00f6ljd av gudar med v\u00e5ldsamma maktskiften. I den nordiska <span class=\"iwg-fachbegriff\" data-tooltip=\"Den samlade m\u00e4ngden \u00f6verl\u00e4mnade gudaber\u00e4ttelser i en kultur.\" tabindex=\"0\">mytologin<\/span> st\u00e5r konflikten mellan urj\u00e4ttar och yngre gudar i en avl\u00e4gsen tematisk n\u00e4rhet.<\/p><p><span class=\"iwg-fachbegriff\" data-tooltip=\"Ett \u00e5terkommande inneh\u00e5llselement i konst eller ber\u00e4ttelse.\" tabindex=\"0\">Motivet<\/span> med den gyllene tids\u00e5ldern, den m\u00f6dofria urtiden under en godhj\u00e4rtad h\u00e4rskare, har motsvarigheter i m\u00e5nga kulturer, fr\u00e5n den forniorientaliska f\u00f6rest\u00e4llningen om ett paradisiskt begynnelsetillst\u00e5nd till indiska f\u00f6rest\u00e4llningar om tids\u00e5ldrar.<\/p><p>Kronos f\u00f6renar d\u00e4rmed tv\u00e5 motivkretsar som b\u00e5da \u00e4r vitt spridda: gudarnas v\u00e5ldsamma succession och den f\u00f6rlorade lyckliga urtiden. Forskningen ser i den grekiska teogonin en sj\u00e4lvst\u00e4ndig bearbetning av stoff som till stor del h\u00e4rstammar fr\u00e5n Fr\u00e4mre Orienten.<\/p>\t\t\t\t\t\t\t\t<\/div>\n\t\t\t\t\t<\/div>\n\t\t\t\t<\/div>\n\t\t<div class=\"elementor-element elementor-element-iwgw-kronos-s7 e-flex e-con-boxed e-con e-parent\" data-id=\"iwgw-kronos-s7\" data-element_type=\"container\" data-e-type=\"container\">\n\t\t\t\t\t<div class=\"e-con-inner\">\n\t\t\t\t<div class=\"elementor-element elementor-element-iwgw-kronos-s7h elementor-widget elementor-widget-heading\" data-id=\"iwgw-kronos-s7h\" data-element_type=\"widget\" data-e-type=\"widget\" data-widget_type=\"heading.default\">\n\t\t\t\t\t<h2 class=\"elementor-heading-title elementor-size-default\">Nutida mottagande och forskning<\/h2>\t\t\t\t<\/div>\n\t\t\t\t<div class=\"elementor-element elementor-element-iwgw-kronos-s7t elementor-widget elementor-widget-text-editor\" data-id=\"iwgw-kronos-s7t\" data-element_type=\"widget\" data-e-type=\"widget\" data-widget_type=\"text-editor.default\">\n\t\t\t\t\t\t\t\t\t<p>Kronos \u00e4r framf\u00f6r allt genom tv\u00e5 verkningslinjer levande \u00e4n i dag. Den f\u00f6rsta \u00e4r likst\u00e4llandet med tiden. Via den <span class=\"iwg-fachbegriff\" data-tooltip=\"Epoken f\u00f6r den grekiska och romerska kulturen, ungef\u00e4r 800 f.Kr. till 600 e.Kr.\" tabindex=\"0\">antika<\/span> spekulationen, den medeltida allegorin och den nyare tidens konst uppstod gestalten av den gamle Fader Tid med lie och timglas, en sammansm\u00e4ltning av Kronos, Chronos och Saturnus.<\/p><p>Den andra linjen \u00e4r bilden av den barn\u00e4tande titanen, som i den nyare tidens bildkonst fick gripande gestaltningar och blev ett fast <span class=\"iwg-fachbegriff\" data-tooltip=\"Ett \u00e5terkommande inneh\u00e5llselement i konst eller ber\u00e4ttelse.\" tabindex=\"0\">motiv<\/span> i den europeiska konsthistorien.<\/p><p>I popul\u00e4rkulturen f\u00f6rekommer Kronos ofta, f\u00f6r det mesta i rollen som en \u00f6verm\u00e4ktig, hotfull urgud, ofta sammansm\u00e4lt med drag fr\u00e5n andra titaner eller sammanblandad med namnet Chronos. \u00c4ven begreppet saturnalier har som beteckning f\u00f6r en utsv\u00e4vande fest g\u00e5tt in i det allm\u00e4nna spr\u00e5kbruket.<\/p><p>Den vetenskapliga forskningen har behandlat Kronos p\u00e5 flera niv\u00e5er. I centrum st\u00e5r sedan l\u00e4nge fr\u00e5gan om successionsmytologins orientaliska r\u00f6tter.<\/p><p>Martin Litchfield West och andra har arbetat fram f\u00f6rbindelserna till den hettitiska och babyloniska <span class=\"iwg-fachbegriff\" data-tooltip=\"Vidaref\u00f6randet av kunskap och ber\u00e4ttelser genom generationerna.\" tabindex=\"0\">\u00f6verl\u00e4mningen<\/span>. Vid sidan om detta finns unders\u00f6kningen av Kronos-kulten och festen Kronia, som som exempel p\u00e5 rituell omkastning v\u00e4ckt stort intresse.<\/p><p>Walter Burkert har placerat Kronos inom ramen f\u00f6r den grekiska religionshistorien, Fritz Graf inom mytforskningen, Timothy Gantz har sammanst\u00e4llt k\u00e4llorna. Kronos f\u00f6rblir ett nyckelexempel p\u00e5 hur grekerna t\u00e4nkte kring v\u00e4rldens uppkomst, ordningens tillblivelse och en f\u00f6rlorad, b\u00e4ttre tid.<\/p>\t\t\t\t\t\t\t\t<\/div>\n\t\t\t\t\t<\/div>\n\t\t\t\t<\/div>\n\t\t<div class=\"elementor-element elementor-element-iwgw-kronos-lit e-flex e-con-boxed e-con e-parent\" data-id=\"iwgw-kronos-lit\" data-element_type=\"container\" data-e-type=\"container\">\n\t\t\t\t\t<div class=\"e-con-inner\">\n\t\t\t\t<div class=\"elementor-element elementor-element-iwgw-kronos-lith elementor-widget elementor-widget-heading\" data-id=\"iwgw-kronos-lith\" data-element_type=\"widget\" data-e-type=\"widget\" data-widget_type=\"heading.default\">\n\t\t\t\t\t<h2 class=\"elementor-heading-title elementor-size-default\">Litteratur (urval)<\/h2>\t\t\t\t<\/div>\n\t\t\t\t<div class=\"elementor-element elementor-element-iwgw-kronos-litt elementor-widget elementor-widget-text-editor\" data-id=\"iwgw-kronos-litt\" data-element_type=\"widget\" data-e-type=\"widget\" data-widget_type=\"text-editor.default\">\n\t\t\t\t\t\t\t\t\t<ul><li>Martin Litchfield West: <em>The East Face of Helicon. West Asiatic Elements in Greek Poetry and Myth<\/em> (1997)<\/li><li>Walter Burkert: <em>Griechische Religion der archaischen und klassischen Epoche<\/em> (1977)<\/li><li>Martin Persson Nilsson: <em>Geschichte der griechischen Religion<\/em> (1941\u20131950)<\/li><li>Timothy Gantz: <em>Early Greek Myth. A Guide to Literary and Artistic Sources<\/em> (1993)<\/li><li>Fritz Graf: <em>Griechische <span class=\"iwg-fachbegriff\" data-tooltip=\"Den samlade m\u00e4ngden \u00f6verl\u00e4mnade gudaber\u00e4ttelser i en kultur.\" tabindex=\"0\">Mythologie<\/span>. Eine Einf\u00fchrung<\/em> (1985)<\/li><li>Walter Burkert: <em>Die orientalisierende Epoche in der griechischen Religion und Literatur<\/em> (1984)<\/li><\/ul>\t\t\t\t\t\t\t\t<\/div>\n\t\t\t\t\t<\/div>\n\t\t\t\t<\/div>\n\t\t<div class=\"elementor-element elementor-element-iwgw-kronos-kwd e-flex e-con-boxed e-con e-parent\" data-id=\"iwgw-kronos-kwd\" data-element_type=\"container\" data-e-type=\"container\">\n\t\t\t\t\t<div class=\"e-con-inner\">\n\t\t\t\t<div class=\"elementor-element elementor-element-iwgw-kronos-kwdt elementor-widget elementor-widget-text-editor\" data-id=\"iwgw-kronos-kwdt\" data-element_type=\"widget\" data-e-type=\"widget\" data-widget_type=\"text-editor.default\">\n\t\t\t\t\t\t\t\t\t<p><em>Relaterade nyckelbegrepp: Kronos Titan Zeus Rhea Uranos Titanomaki Gyllene tids\u00e5ldern Tartaros.<\/em><\/p>\t\t\t\t\t\t\t\t<\/div>\n\t\t\t\t\t<\/div>\n\t\t\t\t<\/div>\n\t\t<div class=\"elementor-element elementor-element-iwgw-kronos-cc e-flex e-con-boxed e-con e-parent\" data-id=\"iwgw-kronos-cc\" data-element_type=\"container\" data-e-type=\"container\" id=\"iwg-cc-kronos\">\n\t\t\t\t\t<div class=\"e-con-inner\">\n\t\t<div class=\"elementor-element elementor-element-iwgw-kronos-ccinner e-flex e-con-boxed e-con e-parent\" data-id=\"iwgw-kronos-ccinner\" data-element_type=\"container\" data-e-type=\"container\" data-settings=\"{&quot;background_background&quot;:&quot;classic&quot;}\">\n\t\t\t\t\t<div class=\"e-con-inner\">\n\t\t\t\t<div class=\"elementor-element elementor-element-iwgw-kronos-cch elementor-widget elementor-widget-heading\" data-id=\"iwgw-kronos-cch\" data-element_type=\"widget\" data-e-type=\"widget\" data-widget_type=\"heading.default\">\n\t\t\t\t\t<h2 class=\"elementor-heading-title elementor-size-default\">iWell Guard och skyddstraditioner<\/h2>\t\t\t\t<\/div>\n\t\t\t\t<div class=\"elementor-element elementor-element-iwgw-kronos-cct elementor-widget elementor-widget-text-editor\" data-id=\"iwgw-kronos-cct\" data-element_type=\"widget\" data-e-type=\"widget\" data-widget_type=\"text-editor.default\">\n\t\t\t\t\t\t\t\t\t<div data-nosnippet=\"true\"><p>iWell Guard ansluter till den kulturhistoriska traditionen av b\u00e4rbara skyddsobjekt, i tradition fr\u00e5n <a href=\"https:\/\/iwell-guard.com\/sv\/grekland\/\">Grekland<\/a> och m\u00e5nga andra kulturer v\u00e4rlden \u00f6ver. 41 niv\u00e5er, \u00e4kta guld, platina, silver, tillverkad i Tyskland. 30 dagars \u00e5ngerr\u00e4tt.<\/p><\/div>\t\t\t\t\t\t\t\t<\/div>\n\t\t\t\t<div class=\"elementor-element elementor-element-iwgw-kronos-ccb iwg-cc-button iwg-cc-cta-2026-05-13 elementor-widget elementor-widget-jet-button\" data-id=\"iwgw-kronos-ccb\" data-element_type=\"widget\" data-e-type=\"widget\" data-widget_type=\"jet-button.default\">\n\t\t\t\t<div class=\"elementor-widget-container\">\n\t\t\t\t\t<div class=\"elementor-jet-button jet-elements\"><div class=\"jet-button__container\"><a class=\"jet-button__instance jet-button__instance--icon-left hover-effect-1\" href=\"\/ueber-iwell-guard\/?utm_source=iwell-guard.com&amp;utm_medium=info-box&amp;utm_campaign=wesen-tradition\"><div class=\"jet-button__plane jet-button__plane-normal\"><\/div><div class=\"jet-button__plane jet-button__plane-hover\"><\/div><div class=\"jet-button__state jet-button__state-normal\"><span class=\"jet-button__label\">Mer om iWell Guard<\/span><\/div><div class=\"jet-button__state jet-button__state-hover\"><span class=\"jet-button__label\">Mer om iWell Guard<\/span><\/div><\/a><\/div><\/div><style>.elementor-element.elementor-element-iwgw-kronos-ccb .jet-button__instance{width:320px;height:56px;}.elementor-element.elementor-element-iwgw-kronos-ccb .jet-button__state-normal .jet-button__label{text-align:center;margin:0px 0px 0px 0px;color:#1a1b20;font-family:Montserrat,sans-serif;font-size:13px;font-weight:400;letter-spacing:4px;line-height:1.714em;text-transform:uppercase;}.elementor-element.elementor-element-iwgw-kronos-ccb .jet-button__state-hover .jet-button__label{text-align:center;margin:0px 0px 0px 0px;color:#FECC76;font-family:Montserrat,sans-serif;font-size:13px;font-weight:400;letter-spacing:4px;line-height:1.714em;text-transform:uppercase;}.elementor-element.elementor-element-iwgw-kronos-ccb .jet-button__plane-normal{background-color:#FECC76;border-style:solid;border-color:#C99540;border-width:2px 2px 2px 2px;}.elementor-element.elementor-element-iwgw-kronos-ccb .jet-button__plane-hover{background-color:rgba(0,0,0,0.55);border-style:solid;border-color:#FECC76;border-width:2px 2px 2px 2px;}<\/style>\t\t\t\t<\/div>\n\t\t\t\t<\/div>\n\t\t\t\t<div class=\"elementor-element elementor-element-iwgw-kronos-ccd elementor-widget elementor-widget-text-editor\" data-id=\"iwgw-kronos-ccd\" data-element_type=\"widget\" data-e-type=\"widget\" data-widget_type=\"text-editor.default\">\n\t\t\t\t\t\t\t\t\t<div data-nosnippet=\"true\"><p style=\"text-align:center;font-size:13px;opacity:0.7;margin-top:14px\" data-nosnippet=\"true\">Personliga erfarenheter kan variera. Ingen medicinteknisk produkt. Inget l\u00f6fte om l\u00e4kning.<\/p><\/div>\t\t\t\t\t\t\t\t<\/div>\n\t\t\t\t\t<\/div>\n\t\t\t\t<\/div>\n\t\t\t\t\t<\/div>\n\t\t\t\t<\/div>\n\t\t<div class=\"elementor-element elementor-element-iwgw-kronos-disc e-flex e-con-boxed e-con e-parent\" data-id=\"iwgw-kronos-disc\" data-element_type=\"container\" data-e-type=\"container\">\n\t\t\t\t\t<div class=\"e-con-inner\">\n\t\t\t\t<div class=\"elementor-element elementor-element-iwgw-kronos-discw elementor-widget elementor-widget-html\" data-id=\"iwgw-kronos-discw\" data-element_type=\"widget\" data-e-type=\"widget\" data-widget_type=\"html.default\">\n\t\t\t\t\t<footer data-nosnippet=\"true\" class=\"iwg-disclaimer-block\"><p data-nosnippet=\"true\">iWell Guard \u00e4r <strong>ingen medicinteknisk produkt<\/strong> och ers\u00e4tter inte l\u00e4karv\u00e5rd eller psykoterapeutisk behandling. De religionsvetenskapliga inneh\u00e5llen \u00e4r kulturhistorisk inordning, ingen andlig praxisrekommendation.<\/p><\/footer>\t\t\t\t<\/div>\n\t\t\t\t\t<\/div>\n\t\t\t\t<\/div>\n\t\t\t\t<\/div>\n\t\t","protected":false},"excerpt":{"rendered":"","protected":false},"author":3,"featured_media":3374,"parent":0,"menu_order":0,"comment_status":"closed","ping_status":"closed","template":"elementor_header_footer","meta":{"_yoast_wpseo_focuskw":"Kronos Titan","_yoast_wpseo_title":"Kronos \u2013 Titan och Zeus far","_yoast_wpseo_metadesc":"Kronos, titanen i den grekiska mytologin, Zeus far och h\u00e4rskare under den gyllene tids\u00e5ldern.","_yoast_wpseo_meta-robots-noindex":"","_yoast_wpseo_canonical":"","_angie_page":false,"gefaehrdungsstufe":"","wesen_kultur":"","wesen_klasse":"","footnotes":""},"categories":[],"class_list":["post-136935","page","type-page","status-publish","has-post-thumbnail","hentry"],"yoast_head":"<!-- This site is optimized with the Yoast SEO Premium plugin v27.7 (Yoast SEO v28.3) - https:\/\/yoast.com\/product\/yoast-seo-premium-wordpress\/ -->\n<title>Kronos \u2013 Titan och Zeus far<\/title>\n<meta name=\"description\" content=\"Kronos, titanen i den grekiska mytologin, Zeus far och h\u00e4rskare under den gyllene tids\u00e5ldern.\" \/>\n<meta name=\"robots\" content=\"index, follow, max-snippet:-1, max-image-preview:large, max-video-preview:-1\" \/>\n<link rel=\"canonical\" href=\"https:\/\/iwell-guard.com\/sv\/kronos-titan-och-harskare-under-den-gyllene-tidsaldern\/\" \/>\n<meta property=\"og:locale\" content=\"sv_SE\" \/>\n<meta property=\"og:type\" content=\"article\" \/>\n<meta property=\"og:title\" content=\"Kronos \u2013 Titan och h\u00e4rskare under den gyllene tids\u00e5ldern\" \/>\n<meta property=\"og:description\" content=\"Kronos, titanen i den grekiska mytologin, Zeus far och h\u00e4rskare under den gyllene tids\u00e5ldern.\" \/>\n<meta property=\"og:url\" content=\"https:\/\/iwell-guard.com\/sv\/kronos-titan-och-harskare-under-den-gyllene-tidsaldern\/\" \/>\n<meta property=\"og:site_name\" content=\"iWell Guard\" \/>\n<meta property=\"article:modified_time\" content=\"2026-09-03T01:16:08+00:00\" \/>\n<meta property=\"og:image\" content=\"https:\/\/iwell-guard.com\/wp-content\/uploads\/2026\/05\/goetter_griechenland_kronos.webp\" \/>\n\t<meta property=\"og:image:width\" content=\"1024\" \/>\n\t<meta property=\"og:image:height\" content=\"1536\" \/>\n\t<meta property=\"og:image:type\" content=\"image\/webp\" \/>\n<meta name=\"twitter:card\" content=\"summary_large_image\" \/>\n<script type=\"application\/ld+json\" class=\"yoast-schema-graph\">{\"@context\":\"https:\\\/\\\/schema.org\",\"@graph\":[{\"@type\":\"WebPage\",\"@id\":\"https:\\\/\\\/iwell-guard.com\\\/sv\\\/kronos-titan-och-harskare-under-den-gyllene-tidsaldern\\\/\",\"url\":\"https:\\\/\\\/iwell-guard.com\\\/sv\\\/kronos-titan-och-harskare-under-den-gyllene-tidsaldern\\\/\",\"name\":\"Kronos \u2013 Titan och Zeus far\",\"isPartOf\":{\"@id\":\"https:\\\/\\\/iwell-guard.com\\\/sv\\\/#website\"},\"primaryImageOfPage\":{\"@id\":\"https:\\\/\\\/iwell-guard.com\\\/sv\\\/kronos-titan-och-harskare-under-den-gyllene-tidsaldern\\\/#primaryimage\"},\"image\":{\"@id\":\"https:\\\/\\\/iwell-guard.com\\\/sv\\\/kronos-titan-och-harskare-under-den-gyllene-tidsaldern\\\/#primaryimage\"},\"thumbnailUrl\":\"https:\\\/\\\/iwell-guard.com\\\/wp-content\\\/uploads\\\/2026\\\/05\\\/goetter_griechenland_kronos.webp\",\"datePublished\":\"2026-09-03T00:11:19+00:00\",\"dateModified\":\"2026-09-03T01:16:08+00:00\",\"description\":\"Kronos, titanen i den grekiska mytologin, Zeus far och h\u00e4rskare under den gyllene tids\u00e5ldern.\",\"breadcrumb\":{\"@id\":\"https:\\\/\\\/iwell-guard.com\\\/sv\\\/kronos-titan-och-harskare-under-den-gyllene-tidsaldern\\\/#breadcrumb\"},\"inLanguage\":\"sv-SE\",\"potentialAction\":[{\"@type\":\"ReadAction\",\"target\":[\"https:\\\/\\\/iwell-guard.com\\\/sv\\\/kronos-titan-och-harskare-under-den-gyllene-tidsaldern\\\/\"]}]},{\"@type\":\"ImageObject\",\"inLanguage\":\"sv-SE\",\"@id\":\"https:\\\/\\\/iwell-guard.com\\\/sv\\\/kronos-titan-och-harskare-under-den-gyllene-tidsaldern\\\/#primaryimage\",\"url\":\"https:\\\/\\\/iwell-guard.com\\\/wp-content\\\/uploads\\\/2026\\\/05\\\/goetter_griechenland_kronos.webp\",\"contentUrl\":\"https:\\\/\\\/iwell-guard.com\\\/wp-content\\\/uploads\\\/2026\\\/05\\\/goetter_griechenland_kronos.webp\",\"width\":1024,\"height\":1536,\"caption\":\"Gudar fr\u00e5n den grekiska traditionen.\"},{\"@type\":\"BreadcrumbList\",\"@id\":\"https:\\\/\\\/iwell-guard.com\\\/sv\\\/kronos-titan-och-harskare-under-den-gyllene-tidsaldern\\\/#breadcrumb\",\"itemListElement\":[{\"@type\":\"ListItem\",\"position\":1,\"name\":\"Start\",\"item\":\"https:\\\/\\\/iwell-guard.com\\\/sv\\\/?page_id=136483\"},{\"@type\":\"ListItem\",\"position\":2,\"name\":\"Kronos \u2013 Titan och h\u00e4rskare under den gyllene tids\u00e5ldern\"}]},{\"@type\":\"WebSite\",\"@id\":\"https:\\\/\\\/iwell-guard.com\\\/sv\\\/#website\",\"url\":\"https:\\\/\\\/iwell-guard.com\\\/sv\\\/\",\"name\":\"iWell Guard\",\"description\":\"Schutz vor dunklen Einfl\u00fcssen\",\"publisher\":{\"@id\":\"https:\\\/\\\/iwell-guard.com\\\/sv\\\/#organization\"},\"potentialAction\":[{\"@type\":\"SearchAction\",\"target\":{\"@type\":\"EntryPoint\",\"urlTemplate\":\"https:\\\/\\\/iwell-guard.com\\\/sv\\\/?s={search_term_string}\"},\"query-input\":{\"@type\":\"PropertyValueSpecification\",\"valueRequired\":true,\"valueName\":\"search_term_string\"}}],\"inLanguage\":\"sv-SE\"},{\"@type\":\"Organization\",\"@id\":\"https:\\\/\\\/iwell-guard.com\\\/sv\\\/#organization\",\"name\":\"Ittermann electronic GmbH\",\"url\":\"https:\\\/\\\/iwell-guard.com\\\/sv\\\/\",\"logo\":{\"@type\":\"ImageObject\",\"inLanguage\":\"sv-SE\",\"@id\":\"https:\\\/\\\/iwell-guard.com\\\/sv\\\/#\\\/schema\\\/logo\\\/image\\\/\",\"url\":\"https:\\\/\\\/iwell-guard.com\\\/wp-content\\\/uploads\\\/2026\\\/05\\\/Ittermann-Logo-1182x237-1.png\",\"contentUrl\":\"https:\\\/\\\/iwell-guard.com\\\/wp-content\\\/uploads\\\/2026\\\/05\\\/Ittermann-Logo-1182x237-1.png\",\"width\":1182,\"height\":237,\"caption\":\"Ittermann electronic GmbH\"},\"image\":{\"@id\":\"https:\\\/\\\/iwell-guard.com\\\/sv\\\/#\\\/schema\\\/logo\\\/image\\\/\"},\"sameAs\":[\"https:\\\/\\\/pantip.com\\\/profile\\\/9367242\",\"https:\\\/\\\/micro.blog\\\/iwellguard\",\"https:\\\/\\\/www.diggerslist.com\\\/iwellguard\\\/about\",\"https:\\\/\\\/skitterphoto.com\\\/photographers\\\/2870314\\\/iwell-guard\",\"https:\\\/\\\/iwellguard.wordpress.com\\\/2026\\\/06\\\/06\\\/iwell-guard\\\/\",\"https:\\\/\\\/hub.docker.com\\\/u\\\/iwellguard\",\"https:\\\/\\\/www.pinterest.com\\\/iwellguard\\\/\",\"https:\\\/\\\/bit.ly\\\/m\\\/iwellguard\",\"https:\\\/\\\/entre-vos-mains.alsace.eu\\\/profiles\\\/iwellguard\\\/activity\",\"https:\\\/\\\/gravatar.com\\\/reallybeded8fd34\",\"https:\\\/\\\/naijamatta.com\\\/iwellguard\",\"https:\\\/\\\/www.goodreads.com\\\/iwellguard\",\"https:\\\/\\\/profile.hatena.ne.jp\\\/iwellguard\\\/\",\"https:\\\/\\\/experiment.com\\\/users\\\/iwellguard\",\"https:\\\/\\\/wakelet.com\\\/@iWellGuard82270\",\"https:\\\/\\\/www.chordie.com\\\/forum\\\/profile.php?id=2555664\",\"https:\\\/\\\/www.instapaper.com\\\/p\\\/17757966\",\"https:\\\/\\\/www.mapleprimes.com\\\/users\\\/iwellguard\",\"https:\\\/\\\/businesslistingplus.com\\\/profile\\\/iwell-guard\\\/\",\"https:\\\/\\\/telegra.ph\\\/iWell-Guard-06-06\",\"https:\\\/\\\/pbase.com\\\/iwellguard\\\/iwellguard\",\"https:\\\/\\\/b.hatena.ne.jp\\\/iwellguard\\\/20260607#bookmark-4788405196491818882\",\"https:\\\/\\\/fliphtml5.com\\\/home\\\/iwellguard\",\"https:\\\/\\\/anyflip.com\\\/homepage\\\/cmiwl#About\",\"https:\\\/\\\/transfur.com\\\/Users\\\/iwellguard\",\"http:\\\/\\\/delphi.larsbo.org\\\/user\\\/iwellguard\",\"https:\\\/\\\/jobs.lajobsportal.org\\\/profiles\\\/8380803-iwell-guard\",\"https:\\\/\\\/md.chaosdorf.de\\\/s\\\/jfbe5SBdJD\",\"https:\\\/\\\/www.lingvolive.com\\\/en-us\\\/profile\\\/9ecaeaca-ce11-4e51-9e71-01d55e2bff36\\\/translations\",\"https:\\\/\\\/www.fitday.com\\\/fitness\\\/forums\\\/members\\\/iwellguard.html\",\"https:\\\/\\\/www.mymeetbook.com\\\/iwellguard\",\"https:\\\/\\\/pxhere.com\\\/en\\\/photographer-me\\\/5040798\",\"https:\\\/\\\/disqus.com\\\/by\\\/iwellguard\\\/about\\\/\",\"https:\\\/\\\/pastelink.net\\\/hjwciqwq\",\"https:\\\/\\\/pubhtml5.com\\\/homepage\\\/scjhn\\\/\",\"https:\\\/\\\/www.bitchute.com\\\/channel\\\/2O2eOKzNqujT\",\"https:\\\/\\\/audiomack.com\\\/iwellguard\"]}]}<\/script>\n<!-- \/ Yoast SEO Premium plugin. -->","yoast_head_json":{"title":"Kronos \u2013 Titan och Zeus far","description":"Kronos, titanen i den grekiska mytologin, Zeus far och h\u00e4rskare under den gyllene tids\u00e5ldern.","robots":{"index":"index","follow":"follow","max-snippet":"max-snippet:-1","max-image-preview":"max-image-preview:large","max-video-preview":"max-video-preview:-1"},"canonical":"https:\/\/iwell-guard.com\/sv\/kronos-titan-och-harskare-under-den-gyllene-tidsaldern\/","og_locale":"sv_SE","og_type":"article","og_title":"Kronos \u2013 Titan och h\u00e4rskare under den gyllene tids\u00e5ldern","og_description":"Kronos, titanen i den grekiska mytologin, Zeus far och h\u00e4rskare under den gyllene tids\u00e5ldern.","og_url":"https:\/\/iwell-guard.com\/sv\/kronos-titan-och-harskare-under-den-gyllene-tidsaldern\/","og_site_name":"iWell Guard","article_modified_time":"2026-09-03T01:16:08+00:00","og_image":[{"width":1024,"height":1536,"url":"https:\/\/iwell-guard.com\/wp-content\/uploads\/2026\/05\/goetter_griechenland_kronos.webp","type":"image\/webp"}],"twitter_card":"summary_large_image","schema":{"@context":"https:\/\/schema.org","@graph":[{"@type":"WebPage","@id":"https:\/\/iwell-guard.com\/sv\/kronos-titan-och-harskare-under-den-gyllene-tidsaldern\/","url":"https:\/\/iwell-guard.com\/sv\/kronos-titan-och-harskare-under-den-gyllene-tidsaldern\/","name":"Kronos \u2013 Titan och Zeus far","isPartOf":{"@id":"https:\/\/iwell-guard.com\/sv\/#website"},"primaryImageOfPage":{"@id":"https:\/\/iwell-guard.com\/sv\/kronos-titan-och-harskare-under-den-gyllene-tidsaldern\/#primaryimage"},"image":{"@id":"https:\/\/iwell-guard.com\/sv\/kronos-titan-och-harskare-under-den-gyllene-tidsaldern\/#primaryimage"},"thumbnailUrl":"https:\/\/iwell-guard.com\/wp-content\/uploads\/2026\/05\/goetter_griechenland_kronos.webp","datePublished":"2026-09-03T00:11:19+00:00","dateModified":"2026-09-03T01:16:08+00:00","description":"Kronos, titanen i den grekiska mytologin, Zeus far och h\u00e4rskare under den gyllene tids\u00e5ldern.","breadcrumb":{"@id":"https:\/\/iwell-guard.com\/sv\/kronos-titan-och-harskare-under-den-gyllene-tidsaldern\/#breadcrumb"},"inLanguage":"sv-SE","potentialAction":[{"@type":"ReadAction","target":["https:\/\/iwell-guard.com\/sv\/kronos-titan-och-harskare-under-den-gyllene-tidsaldern\/"]}]},{"@type":"ImageObject","inLanguage":"sv-SE","@id":"https:\/\/iwell-guard.com\/sv\/kronos-titan-och-harskare-under-den-gyllene-tidsaldern\/#primaryimage","url":"https:\/\/iwell-guard.com\/wp-content\/uploads\/2026\/05\/goetter_griechenland_kronos.webp","contentUrl":"https:\/\/iwell-guard.com\/wp-content\/uploads\/2026\/05\/goetter_griechenland_kronos.webp","width":1024,"height":1536,"caption":"Gudar fr\u00e5n den grekiska traditionen."},{"@type":"BreadcrumbList","@id":"https:\/\/iwell-guard.com\/sv\/kronos-titan-och-harskare-under-den-gyllene-tidsaldern\/#breadcrumb","itemListElement":[{"@type":"ListItem","position":1,"name":"Start","item":"https:\/\/iwell-guard.com\/sv\/?page_id=136483"},{"@type":"ListItem","position":2,"name":"Kronos \u2013 Titan och h\u00e4rskare under den gyllene tids\u00e5ldern"}]},{"@type":"WebSite","@id":"https:\/\/iwell-guard.com\/sv\/#website","url":"https:\/\/iwell-guard.com\/sv\/","name":"iWell Guard","description":"Schutz vor dunklen Einfl\u00fcssen","publisher":{"@id":"https:\/\/iwell-guard.com\/sv\/#organization"},"potentialAction":[{"@type":"SearchAction","target":{"@type":"EntryPoint","urlTemplate":"https:\/\/iwell-guard.com\/sv\/?s={search_term_string}"},"query-input":{"@type":"PropertyValueSpecification","valueRequired":true,"valueName":"search_term_string"}}],"inLanguage":"sv-SE"},{"@type":"Organization","@id":"https:\/\/iwell-guard.com\/sv\/#organization","name":"Ittermann electronic GmbH","url":"https:\/\/iwell-guard.com\/sv\/","logo":{"@type":"ImageObject","inLanguage":"sv-SE","@id":"https:\/\/iwell-guard.com\/sv\/#\/schema\/logo\/image\/","url":"https:\/\/iwell-guard.com\/wp-content\/uploads\/2026\/05\/Ittermann-Logo-1182x237-1.png","contentUrl":"https:\/\/iwell-guard.com\/wp-content\/uploads\/2026\/05\/Ittermann-Logo-1182x237-1.png","width":1182,"height":237,"caption":"Ittermann electronic GmbH"},"image":{"@id":"https:\/\/iwell-guard.com\/sv\/#\/schema\/logo\/image\/"},"sameAs":["https:\/\/pantip.com\/profile\/9367242","https:\/\/micro.blog\/iwellguard","https:\/\/www.diggerslist.com\/iwellguard\/about","https:\/\/skitterphoto.com\/photographers\/2870314\/iwell-guard","https:\/\/iwellguard.wordpress.com\/2026\/06\/06\/iwell-guard\/","https:\/\/hub.docker.com\/u\/iwellguard","https:\/\/www.pinterest.com\/iwellguard\/","https:\/\/bit.ly\/m\/iwellguard","https:\/\/entre-vos-mains.alsace.eu\/profiles\/iwellguard\/activity","https:\/\/gravatar.com\/reallybeded8fd34","https:\/\/naijamatta.com\/iwellguard","https:\/\/www.goodreads.com\/iwellguard","https:\/\/profile.hatena.ne.jp\/iwellguard\/","https:\/\/experiment.com\/users\/iwellguard","https:\/\/wakelet.com\/@iWellGuard82270","https:\/\/www.chordie.com\/forum\/profile.php?id=2555664","https:\/\/www.instapaper.com\/p\/17757966","https:\/\/www.mapleprimes.com\/users\/iwellguard","https:\/\/businesslistingplus.com\/profile\/iwell-guard\/","https:\/\/telegra.ph\/iWell-Guard-06-06","https:\/\/pbase.com\/iwellguard\/iwellguard","https:\/\/b.hatena.ne.jp\/iwellguard\/20260607#bookmark-4788405196491818882","https:\/\/fliphtml5.com\/home\/iwellguard","https:\/\/anyflip.com\/homepage\/cmiwl#About","https:\/\/transfur.com\/Users\/iwellguard","http:\/\/delphi.larsbo.org\/user\/iwellguard","https:\/\/jobs.lajobsportal.org\/profiles\/8380803-iwell-guard","https:\/\/md.chaosdorf.de\/s\/jfbe5SBdJD","https:\/\/www.lingvolive.com\/en-us\/profile\/9ecaeaca-ce11-4e51-9e71-01d55e2bff36\/translations","https:\/\/www.fitday.com\/fitness\/forums\/members\/iwellguard.html","https:\/\/www.mymeetbook.com\/iwellguard","https:\/\/pxhere.com\/en\/photographer-me\/5040798","https:\/\/disqus.com\/by\/iwellguard\/about\/","https:\/\/pastelink.net\/hjwciqwq","https:\/\/pubhtml5.com\/homepage\/scjhn\/","https:\/\/www.bitchute.com\/channel\/2O2eOKzNqujT","https:\/\/audiomack.com\/iwellguard"]}]}},"_links":{"self":[{"href":"https:\/\/iwell-guard.com\/sv\/wp-json\/wp\/v2\/pages\/136935","targetHints":{"allow":["GET"]}}],"collection":[{"href":"https:\/\/iwell-guard.com\/sv\/wp-json\/wp\/v2\/pages"}],"about":[{"href":"https:\/\/iwell-guard.com\/sv\/wp-json\/wp\/v2\/types\/page"}],"author":[{"embeddable":true,"href":"https:\/\/iwell-guard.com\/sv\/wp-json\/wp\/v2\/users\/3"}],"replies":[{"embeddable":true,"href":"https:\/\/iwell-guard.com\/sv\/wp-json\/wp\/v2\/comments?post=136935"}],"version-history":[{"count":0,"href":"https:\/\/iwell-guard.com\/sv\/wp-json\/wp\/v2\/pages\/136935\/revisions"}],"wp:featuredmedia":[{"embeddable":true,"href":"https:\/\/iwell-guard.com\/sv\/wp-json\/wp\/v2\/media\/3374"}],"wp:attachment":[{"href":"https:\/\/iwell-guard.com\/sv\/wp-json\/wp\/v2\/media?parent=136935"}],"wp:term":[{"taxonomy":"category","embeddable":true,"href":"https:\/\/iwell-guard.com\/sv\/wp-json\/wp\/v2\/categories?post=136935"}],"curies":[{"name":"wp","href":"https:\/\/api.w.org\/{rel}","templated":true}]}}