{"id":136930,"date":"2026-09-03T00:11:17","date_gmt":"2026-09-03T00:11:17","guid":{"rendered":"https:\/\/iwell-guard.com\/?page_id=136930"},"modified":"2026-09-03T01:15:58","modified_gmt":"2026-09-03T01:15:58","slug":"manerna-fordudade-andar-doda","status":"publish","type":"page","link":"https:\/\/iwell-guard.com\/sv\/manerna-fordudade-andar-doda\/","title":{"rendered":"Manerna \u2013 de f\u00f6rgudade andarna av de d\u00f6da"},"content":{"rendered":"\t\t<div data-elementor-type=\"wp-page\" data-elementor-id=\"136930\" class=\"elementor elementor-136930 elementor-2913 elementor-bc-flex-widget\" data-elementor-post-type=\"page\">\n\t\t\t\t<div class=\"elementor-element elementor-element-heroddf97ec e-flex e-con-boxed e-con e-parent\" data-id=\"heroddf97ec\" data-element_type=\"container\" data-e-type=\"container\">\n\t\t\t\t\t<div class=\"e-con-inner\">\n\t\t\t\t<div class=\"elementor-element elementor-element-heroimgb8292d6 iwg-hero-image elementor-widget elementor-widget-image\" data-id=\"heroimgb8292d6\" data-element_type=\"widget\" data-e-type=\"widget\" data-widget_type=\"image.default\">\n\t\t\t\t\t\t\t\t\t\t\t\t\t\t\t<img fetchpriority=\"high\" decoding=\"async\" width=\"683\" height=\"1024\" src=\"https:\/\/iwell-guard.com\/wp-content\/uploads\/2026\/05\/geister_rom_manen-683x1024.webp\" class=\"attachment-large size-large wp-image-135936\" alt=\"Manerna - andar fr\u00e5n den romerska traditionen, historiskt-illustrativt\" srcset=\"https:\/\/iwell-guard.com\/wp-content\/uploads\/2026\/05\/geister_rom_manen-683x1024.webp 683w, https:\/\/iwell-guard.com\/wp-content\/uploads\/2026\/05\/geister_rom_manen-200x300.webp 200w, https:\/\/iwell-guard.com\/wp-content\/uploads\/2026\/05\/geister_rom_manen-768x1152.webp 768w, https:\/\/iwell-guard.com\/wp-content\/uploads\/2026\/05\/geister_rom_manen.webp 1024w\" sizes=\"(max-width: 683px) 100vw, 683px\" \/>\t\t\t\t\t\t\t\t\t\t\t\t\t\t\t<\/div>\n\t\t\t\t\t<\/div>\n\t\t\t\t<\/div>\n\t\t<div class=\"elementor-element elementor-element-iwgw-manen-hero e-flex e-con-boxed e-con e-parent\" data-id=\"iwgw-manen-hero\" data-element_type=\"container\" data-e-type=\"container\">\n\t\t\t\t\t<div class=\"e-con-inner\">\n\t\t\t\t<div class=\"elementor-element elementor-element-iwgw-manen-h1 elementor-widget elementor-widget-heading\" data-id=\"iwgw-manen-h1\" data-element_type=\"widget\" data-e-type=\"widget\" data-widget_type=\"heading.default\">\n\t\t\t\t\t<h1 class=\"elementor-heading-title elementor-size-default\">Di Manes \u2013 de d\u00f6das andar i romersk religion<\/h1>\t\t\t\t<\/div>\n\t\t\t\t<div class=\"elementor-element elementor-element-iwgw-manen-pills elementor-widget elementor-widget-html\" data-id=\"iwgw-manen-pills\" data-element_type=\"widget\" data-e-type=\"widget\" data-widget_type=\"html.default\">\n\t\t\t\t\t<div class=\"iwg-pill-row\"><span class=\"iwg-klasse-badge\" tabindex=\"0\" data-tooltip=\"D\u00f6dsandar i traditionen Rom.\">D\u00f6dsandar<\/span><a href=\"https:\/\/iwell-guard.com\/sv\/rom\/\" class=\"iwg-kultur-badge\" tabindex=\"0\" data-tooltip=\"Mytologi i traditionen Rom.\">Rom<\/a><span class=\"iwg-tradition-badge\" tabindex=\"0\" data-tooltip=\"Anandar.\">Anandar<\/span><\/div>\t\t\t\t<\/div>\n\t\t\t\t<div class=\"elementor-element elementor-element-iwgw-manen-lead elementor-widget elementor-widget-text-editor\" data-id=\"iwgw-manen-lead\" data-element_type=\"widget\" data-e-type=\"widget\" data-widget_type=\"text-editor.default\">\n\t\t\t\t\t\t\t\t\t\nManerna (latin: Di Manes) var f\u00f6r romarna de f\u00f6rgudade andarna av de d\u00f6da, som man visade gudomlig v\u00f6rdnad. Deras <span class=\"iwg-fachbegriff\" data-tooltip=\"Summan av de religi\u00f6sa v\u00f6rdnadshandlingar f\u00f6r en gudom eller helig gestalt.\" tabindex=\"0\">kult<\/span> pr\u00e4glade omsorgen om de d\u00f6da fr\u00e5n den tidiga republiken och l\u00e5ngt in i kejsartiden. Manerna betraktades som familjens skyddsv\u00e4sen och \u00e5kallades i hemliga riter som Lemuria och Parentalia.\nSom d\u00f6dsandar i den romerska religionen v\u00f6rdades manerna i hemliga riter som Lemuria och Parentalia.\t\t\t\t\t\t\t\t<\/div>\n\t\t\t\t\t<\/div>\n\t\t\t\t<\/div>\n\t\t<div class=\"elementor-element elementor-element-iwgw-manen-s0 e-flex e-con-boxed e-con e-parent\" data-id=\"iwgw-manen-s0\" data-element_type=\"container\" data-e-type=\"container\">\n\t\t\t\t\t<div class=\"e-con-inner\">\n\t\t\t\t<div class=\"elementor-element elementor-element-iwgw-manen-s0h elementor-widget elementor-widget-heading\" data-id=\"iwgw-manen-s0h\" data-element_type=\"widget\" data-e-type=\"widget\" data-widget_type=\"heading.default\">\n\t\t\t\t\t<h2 class=\"elementor-heading-title elementor-size-default\">Inordning<\/h2>\t\t\t\t<\/div>\n\t\t\t\t<div class=\"elementor-element elementor-element-iwgw-manen-s0t elementor-widget elementor-widget-text-editor\" data-id=\"iwgw-manen-s0t\" data-element_type=\"widget\" data-e-type=\"widget\" data-widget_type=\"text-editor.default\">\n\t\t\t\t\t\t\t\t\t<p><em>Di Manes<\/em>, kort manerna, h\u00f6r till de grundl\u00e4ggande f\u00f6rest\u00e4llningarna inom romersk religion. Med begreppet betecknade romarna de d\u00f6das andar, som efter d\u00f6den \u00f6vergick till ett kollektivt, gudomligt t\u00e4nkt tillst\u00e5nd.<\/p><p>Till skillnad fr\u00e5n m\u00e5nga andra religioner var f\u00f6rest\u00e4llningen om den enskildes \u00f6de efter d\u00f6den i Rom f\u00f6ga utarbetad. I centrum stod inte den individuella sj\u00e4len, utan de d\u00f6das samlade helhet, som man var skyldig omsorg och v\u00f6rdnad.<\/p><p>Religionshistoriskt \u00e4r manerna ett exempel p\u00e5 den n\u00e4ra f\u00f6rbindelsen mellan familj, minne och religion i Rom. Omsorgen om de d\u00f6da var en plikt f\u00f6r de levande sl\u00e4ktingarna, och att f\u00f6rsumma den betraktades som ett religi\u00f6st och socialt misslyckande. Manerkulten var d\u00e4rmed fast f\u00f6rankrad i familjens struktur och dess kontinuitet.<\/p><p>Manerna stod i ett flytande f\u00f6rh\u00e5llande till andra bortomv\u00e4rldsliga makter i den <a href=\"https:\/\/iwell-guard.com\/sv\/rom\/\">romerska<\/a> v\u00e4rlden, till exempel larerna och de som ans\u00e5gs olycksb\u00e5dande, larverna och lemurerna.<\/p><p>Medan manerna vanligen framst\u00e5r som mottagare av pliktenlig v\u00f6rdnad, kunde obegravda eller f\u00f6rsummade d\u00f6da f\u00f6rest\u00e4llas som rastl\u00f6sa, farliga andar. Denna bredd speglar betydelsen av r\u00e4tt hantering av d\u00f6den i det romerska t\u00e4nkandet.<\/p><p>Spr\u00e5kligt och r\u00e4ttsligt var manerna fast f\u00f6rankrade i det offentliga livet. Tolvtavlelagarna, den \u00e4ldsta skriftligt fastst\u00e4llda romerska r\u00e4tten, inneh\u00f6ll redan best\u00e4mmelser om begravningsr\u00e4tt och skyddade d\u00e4rmed indirekt de d\u00f6das dom\u00e4n.<\/p><p>Begreppet Di Manes f\u00f6rekommer likv\u00e4l i vigningsformler, i gravepigrafik och i det r\u00e4ttsliga spr\u00e5ket, vilket visar hur sj\u00e4lvklart f\u00f6rest\u00e4llningen genomsyrade hela samh\u00e4llet.<\/p>\t\t\t\t\t\t\t\t<\/div>\n\t\t\t\t\t<\/div>\n\t\t\t\t<\/div>\n\t\t<div class=\"elementor-element elementor-element-iwgw-manen-s1 e-flex e-con-boxed e-con e-parent\" data-id=\"iwgw-manen-s1\" data-element_type=\"container\" data-e-type=\"container\">\n\t\t\t\t\t<div class=\"e-con-inner\">\n\t\t\t\t<div class=\"elementor-element elementor-element-iwgw-manen-s1h elementor-widget elementor-widget-heading\" data-id=\"iwgw-manen-s1h\" data-element_type=\"widget\" data-e-type=\"widget\" data-widget_type=\"heading.default\">\n\t\t\t\t\t<h2 class=\"elementor-heading-title elementor-size-default\">Namn och etymologi<\/h2>\t\t\t\t<\/div>\n\t\t\t\t<div class=\"elementor-element elementor-element-iwgw-manen-s1t elementor-widget elementor-widget-text-editor\" data-id=\"iwgw-manen-s1t\" data-element_type=\"widget\" data-e-type=\"widget\" data-widget_type=\"text-editor.default\">\n\t\t\t\t\t\t\t\t\t<p>Begreppet <em>Manes<\/em> anv\u00e4nds endast i plural och f\u00f6rbinds oftast med uttrycket <em>Di Manes<\/em>, de goda gudarna. Den <span class=\"iwg-fachbegriff\" data-tooltip=\"Epok inom grekisk och romersk kultur, ungef\u00e4r 800 f.Kr. till 600 e.Kr.\" tabindex=\"0\">antika<\/span> spr\u00e5ktolkningen f\u00f6rband ordet med ett gammalt latinskt adjektiv <em>manus<\/em>, som betydde ungef\u00e4r gott.<\/p><p><em>Di Manes<\/em> skulle allts\u00e5 ordagrant betyda de goda gudarna, en f\u00f6rsk\u00f6nande ben\u00e4mning som \u00e4r typisk f\u00f6r det f\u00f6rsiktiga romerska f\u00f6rh\u00e5llningss\u00e4ttet till d\u00f6dens omr\u00e5de.<\/p><p>Denna tolkning som f\u00f6rsk\u00f6nande namn \u00e4r religionshistoriskt intressant. Den visar att romarna m\u00f6tte de d\u00f6da med en blandning av respekt och fruktan och undvek att direkt beteckna dem som hotfulla. Liknande f\u00f6rsk\u00f6nande strategier finns f\u00f6r andra k\u00e4nsliga omr\u00e5den inom antik religion.<\/p><p>N\u00e4ra f\u00f6rbunden med manerna \u00e4r gudinnan <em>Mania<\/em>, som i k\u00e4llorna ibland framst\u00e5r som manernas mor eller h\u00e4rskarinna. \u00c4ven h\u00e4r \u00e4r det exakta f\u00f6rh\u00e5llandet oklart.<\/p><p>Viktigt \u00e4r att begreppet <em>Manes<\/em> f\u00f6rblev kollektivt. \u00c4ven n\u00e4r det syftade p\u00e5 en enskild avliden, till exempel i gravformeln, betecknade det denne som en del av de d\u00f6das helhet, inte som en isolerad enskild sj\u00e4l.<\/p>\t\t\t\t\t\t\t\t<\/div>\n\t\t\t\t\t<\/div>\n\t\t\t\t<\/div>\n\t\t<div class=\"elementor-element elementor-element-iwgw-manen-s2 e-flex e-con-boxed e-con e-parent\" data-id=\"iwgw-manen-s2\" data-element_type=\"container\" data-e-type=\"container\">\n\t\t\t\t\t<div class=\"e-con-inner\">\n\t\t\t\t<div class=\"elementor-element elementor-element-iwgw-manen-s2h elementor-widget elementor-widget-heading\" data-id=\"iwgw-manen-s2h\" data-element_type=\"widget\" data-e-type=\"widget\" data-widget_type=\"heading.default\">\n\t\t\t\t\t<h2 class=\"elementor-heading-title elementor-size-default\">Beskrivning och ikonografi<\/h2>\t\t\t\t<\/div>\n\t\t\t\t<div class=\"elementor-element elementor-element-iwgw-manen-s2t elementor-widget elementor-widget-text-editor\" data-id=\"iwgw-manen-s2t\" data-element_type=\"widget\" data-e-type=\"widget\" data-widget_type=\"text-editor.default\">\n\t\t\t\t\t\t\t\t\t<p>Manerna hade ingen fast bildlig gestalt. Till skillnad fr\u00e5n larerna, som framst\u00e4lldes som dansande figurer, f\u00f6rblev manerna i stort sett gestaltl\u00f6sa. I st\u00e4llet f\u00f6r statyer i hushelgedomen h\u00f6lls de n\u00e4rvarande genom graven, gravinskriften och den rituella handlingen.<\/p><p>Det viktigaste synliga sp\u00e5ret av manertron \u00e4r gravinskriften. Otaliga romerska gravstenar inleds med formeln <em>D M<\/em> eller <em>D M S<\/em>, f\u00f6rkortningen f\u00f6r <em>Dis Manibus<\/em> eller <em>Dis Manibus Sacrum<\/em>, <span class=\"iwg-fachbegriff\" data-tooltip=\"\u00d6verl\u00e4mnad till det heliga genom en religi\u00f6s handling och d\u00e4rmed upph\u00f6jd ur det vardagliga.\" tabindex=\"0\">helgad<\/span> \u00e5t den avlidnes maner.<\/p><p>Denna invigning gjorde graven till en religi\u00f6st best\u00e4md plats och st\u00e4llde den d\u00f6de under manernas skydd och i deras gemenskap.<\/p><p>D\u00e4r de d\u00f6da \u00e4nd\u00e5 framtr\u00e4der bildligt, till exempel i litter\u00e4ra skildringar av uppenbarelser, f\u00f6rest\u00e4lls de f\u00f6r det mesta som bleka, skuggartade gestalter. Vid Lemurias nattliga riter undveks det medvetet att se p\u00e5 de rastl\u00f6sa andarna; just blicken mot dem skulle undvikas.<\/p><p>Manernas ikonografi \u00e4r allts\u00e5 framf\u00f6r allt en ikonografi av plats och skrift, inte av bild. Gravmonumentet, gravomr\u00e5det och den inhuggna invigningen var deras framtr\u00e4delseform.<\/p>\t\t\t\t\t\t\t\t<\/div>\n\t\t\t\t\t<\/div>\n\t\t\t\t<\/div>\n\t\t<div class=\"elementor-element elementor-element-iwgw-manen-s3 e-flex e-con-boxed e-con e-parent\" data-id=\"iwgw-manen-s3\" data-element_type=\"container\" data-e-type=\"container\">\n\t\t\t\t\t<div class=\"e-con-inner\">\n\t\t\t\t<div class=\"elementor-element elementor-element-iwgw-manen-s3h elementor-widget elementor-widget-heading\" data-id=\"iwgw-manen-s3h\" data-element_type=\"widget\" data-e-type=\"widget\" data-widget_type=\"heading.default\">\n\t\t\t\t\t<h2 class=\"elementor-heading-title elementor-size-default\">Mytologiska ber\u00e4ttelser och \u00f6verlevering<\/h2>\t\t\t\t<\/div>\n\t\t\t\t<div class=\"elementor-element elementor-element-iwgw-manen-s3t elementor-widget elementor-widget-text-editor\" data-id=\"iwgw-manen-s3t\" data-element_type=\"widget\" data-e-type=\"widget\" data-widget_type=\"text-editor.default\">\n\t\t\t\t\t\t\t\t\t<p>Manerna \u00e4r mindre f\u00f6rem\u00e5l f\u00f6r ber\u00e4ttelser \u00e4n f\u00f6r riter. \u00c4nd\u00e5 finns det en rik litter\u00e4r <span class=\"iwg-fachbegriff\" data-tooltip=\"\u00d6verf\u00f6ringen av kunskap och ber\u00e4ttelser genom generationer.\" tabindex=\"0\">\u00f6verl\u00e4mning<\/span>, som g\u00f6r den romerska f\u00f6rst\u00e5elsen av f\u00f6rh\u00e5llandet mellan de levande och de d\u00f6da gripbar. Diktaren Ovidius \u00e4gnar i sina <em>Fasti<\/em> utf\u00f6rliga avsnitt b\u00e5de \u00e5t Parentalia och \u00e5t Lemuria och ger d\u00e4rmed en av de viktigaste k\u00e4llorna.<\/p><p>Ovidius ber\u00e4ttar att man i Roms tidiga historia en g\u00e5ng f\u00f6rsummade d\u00f6dsv\u00e5rden p\u00e5 grund av ett krig. De d\u00f6da skall d\u00e5 ha hems\u00f6kt staden som rastl\u00f6sa andar, och f\u00f6rst \u00e5terupptagandet av riterna \u00e5terst\u00e4llde ordningen. Denna ber\u00e4ttelse f\u00f6rklarar n\u00f6dv\u00e4ndigheten av d\u00f6dsfesterna och understryker f\u00f6rest\u00e4llningen att f\u00f6rsummade manes kunde bli farliga.<\/p><p>F\u00f6r Lemuria \u00f6verl\u00e4mnar Ovidius en gripande hush\u00e5llsrit. Husfadern stiger upp vid midnatt, g\u00e5r barfota genom huset, kastar svarta b\u00f6nor \u00f6ver axeln och uttalar samtidigt en fast formel med vilken han uppmanar andarna att l\u00e4mna huset.<\/p><p>S\u00e5dana st\u00e4llen visar att umg\u00e4nget med de d\u00f6da i Rom var noggrant reglerat och att det fanns fasta formler och handlingar f\u00f6r att ordna f\u00f6rh\u00e5llandet till dem. En sammanh\u00e4ngande d\u00f6dsrikesmytologi med utarbetad topografi \u00f6ver underjorden var d\u00e4remot snarare en angel\u00e4genhet f\u00f6r den litteratur som p\u00e5verkats av den grekiska diktningen.<\/p><p>Vergilius ger i Aeneiden en gripande bild av d\u00f6dsv\u00f6rdnaden, n\u00e4r Aeneas vid sin fader Anchises grav framb\u00e4r ett h\u00f6gtidligt <span class=\"iwg-fachbegriff\" data-tooltip=\"G\u00e5va till en gudom f\u00f6r att uttrycka tack, b\u00f6n eller v\u00f6rdnad.\" tabindex=\"0\">offer<\/span> och \u00e5kallar faderns manes.<\/p><p>Scenen visar gravv\u00e5rden som en helig plikt och uttryck f\u00f6r pietas, f\u00f6rbindelsen med f\u00f6rf\u00e4derna. \u00c4ven Cicero n\u00e4mner manerna flera g\u00e5nger, till exempel n\u00e4r han i sitt verk om lagarna fastsl\u00e5r att r\u00e4ttigheterna f\u00f6r de gudomligt t\u00e4nkta d\u00f6da skulle h\u00e5llas <span class=\"iwg-fachbegriff\" data-tooltip=\"Tillh\u00f6rande det gudomliga och d\u00e4rigenom undandragen vardagligt bruk.\" tabindex=\"0\">heliga<\/span>.<\/p>\t\t\t\t\t\t\t\t<\/div>\n\t\t\t\t\t<\/div>\n\t\t\t\t<\/div>\n\t\t<div class=\"elementor-element elementor-element-iwgw-manen-s4 e-flex e-con-boxed e-con e-parent\" data-id=\"iwgw-manen-s4\" data-element_type=\"container\" data-e-type=\"container\">\n\t\t\t\t\t<div class=\"e-con-inner\">\n\t\t\t\t<div class=\"elementor-element elementor-element-iwgw-manen-s4h elementor-widget elementor-widget-heading\" data-id=\"iwgw-manen-s4h\" data-element_type=\"widget\" data-e-type=\"widget\" data-widget_type=\"heading.default\">\n\t\t\t\t\t<h2 class=\"elementor-heading-title elementor-size-default\">Kult och v\u00f6rdnad<\/h2>\t\t\t\t<\/div>\n\t\t\t\t<div class=\"elementor-element elementor-element-iwgw-manen-s4t elementor-widget elementor-widget-text-editor\" data-id=\"iwgw-manen-s4t\" data-element_type=\"widget\" data-e-type=\"widget\" data-widget_type=\"text-editor.default\">\n\t\t\t\t\t\t\t\t\t<p>Manerkulten hade en privat och en offentligt reglerad del. I centrum stod familjens v\u00e5rd av graven. P\u00e5 best\u00e4mda dagar f\u00f6rde de anh\u00f6riga g\u00e5vor till graven, till exempel vin, mj\u00f6lk, olja, blommor och mat. Viktigt var d\u00e4rvid pliktens uppfyllande och det fortsatta minnet, g\u00e5vans materiella v\u00e4rde spelade ingen roll.<\/p><p>Den centrala offentliga d\u00f6dsfesten var <em>Parentalia<\/em> i februari, som p\u00e5gick i flera dagar och n\u00e5dde sin h\u00f6jdpunkt vid festen <em>Feralia<\/em>.<\/p><p>Under denna tid l\u00e5g det offentliga livet delvis stilla, <span class=\"iwg-fachbegriff\" data-tooltip=\"En byggnad som tj\u00e4nar v\u00f6rdnaden av en eller flera gudomar.\" tabindex=\"0\">tempel<\/span> f\u00f6rblev st\u00e4ngda, och familjerna drog ut till gravarna f\u00f6r att s\u00f6rja f\u00f6r manerna. Avslutningen bildades av festen <em>Caristia<\/em>, en dag f\u00f6r familj\u00e4r f\u00f6rsoning bland de levande, som meningsfullt kompletterade d\u00f6dsv\u00e5rden.<\/p><p>I maj f\u00f6ljde <em>Lemuria<\/em>, en fest f\u00f6r de rastl\u00f6sa andarna. Till skillnad fr\u00e5n de mer v\u00e5rdande Parentalia hade Lemuria en avv\u00e4rjande karakt\u00e4r. H\u00e4r g\u00e4llde det att blidka och driva ut de andar som sp\u00f6kade i huset.<\/p><p>Att de tv\u00e5 festerna existerade sida vid sida visar den romerska d\u00f6dstrons dubbla natur, \u00e5 den ena sidan den omv\u00e5rdande v\u00f6rdnaden av manerna, \u00e5 den andra den n\u00f6dv\u00e4ndiga avv\u00e4rjningen av oroliga d\u00f6da. Hela komplexet stod under grundsatsen att de levande stod i en varaktig f\u00f6rpliktelse gentemot de d\u00f6da.<\/p><p>Enligt <span class=\"iwg-fachbegriff\" data-tooltip=\"\u00d6verf\u00f6ringen av kunskap och ber\u00e4ttelser genom generationer.\" tabindex=\"0\">\u00f6verl\u00e4mningen<\/span> b\u00f6rjade Parentalia den trettonde februari och p\u00e5gick till den tjugof\u00f6rsta, dagen f\u00f6r Feralia, som ans\u00e5gs vara det offentliga avslutet. Under denna tid g\u00e4llde inskr\u00e4nkningar av det offentliga livet. Ovidius ber\u00e4ttar i Fasti att br\u00f6llop uteblev eftersom tiden tillh\u00f6rde de d\u00f6da, och att \u00e4mbetsm\u00e4nnen lade av sina insignier.<\/p><p>De f\u00f6rsta \u00e5tta dagarna var f\u00f6rbeh\u00e5llna den privata d\u00f6dsv\u00e5rden inom de enskilda familjerna, f\u00f6rst Feralia hade offentlig karakt\u00e4r. F\u00f6ljande dag, Caristia eller Cara Cognatio, samlades de levande sl\u00e4ktingarna till en gemensam m\u00e5ltid som uttryckligen tj\u00e4nade f\u00f6rsoningen bland de levande.<\/p><p>Lemuria i maj f\u00f6ll p\u00e5 nionde, elfte och trettonde dagen i m\u00e5naden. Ovidius h\u00e4rleder deras namn fr\u00e5n Lemures, de kringvandrande andarna, och kopplar festen etiologiskt till f\u00f6rsoningen f\u00f6r den Remus som dr\u00e4ptes av Romulus.<\/p><p>\u00c4ven detta \u00e4r en litter\u00e4r konstruktion som gav <span class=\"iwg-fachbegriff\" data-tooltip=\"En fastst\u00e4lld, \u00e5terkommande religi\u00f6s handling.\" tabindex=\"0\">riten<\/span> en f\u00f6rhistoria. Under Lemuria f\u00f6rblev <span class=\"iwg-fachbegriff\" data-tooltip=\"En byggnad som tj\u00e4nar v\u00f6rdnaden av en eller flera gudomar.\" tabindex=\"0\">tempel<\/span> st\u00e4ngda och inga br\u00f6llop h\u00f6lls, vilket ans\u00e5gs olyckosamt.<\/p>\t\t\t\t\t\t\t\t<\/div>\n\t\t\t\t\t<\/div>\n\t\t\t\t<\/div>\n\t\t<div class=\"elementor-element elementor-element-iwgw-manen-s5 e-flex e-con-boxed e-con e-parent\" data-id=\"iwgw-manen-s5\" data-element_type=\"container\" data-e-type=\"container\">\n\t\t\t\t\t<div class=\"e-con-inner\">\n\t\t\t\t<div class=\"elementor-element elementor-element-iwgw-manen-s5h elementor-widget elementor-widget-heading\" data-id=\"iwgw-manen-s5h\" data-element_type=\"widget\" data-e-type=\"widget\" data-widget_type=\"heading.default\">\n\t\t\t\t\t<h2 class=\"elementor-heading-title elementor-size-default\">Skyddspraxis och apotrop\u00e4iskt<\/h2>\t\t\t\t<\/div>\n\t\t\t\t<div class=\"elementor-element elementor-element-iwgw-manen-s5t elementor-widget elementor-widget-text-editor\" data-id=\"iwgw-manen-s5t\" data-element_type=\"widget\" data-e-type=\"widget\" data-widget_type=\"text-editor.default\">\n\t\t\t\t\t\t\t\t\t<p>I f\u00f6rh\u00e5llandet till manerna innebar skydd framf\u00f6r allt skydd genom r\u00e4tt v\u00e5rd. S\u00e5 l\u00e4nge de d\u00f6da begravdes p\u00e5 korrekt s\u00e4tt och f\u00f6rs\u00f6rjdes regelbundet ans\u00e5gs manerna vara v\u00e4lvilliga, goda gudar vars n\u00e4rhet man inte beh\u00f6vde fly.<\/p><p>Enligt romersk f\u00f6rest\u00e4llning uppstod fara n\u00e4r denna plikt f\u00f6rsummades, n\u00e4r n\u00e5gon f\u00f6rblev obegravd eller n\u00e4r en grav sk\u00e4ndades.<\/p><p>F\u00f6r s\u00e5dana fall k\u00e4nde den romerska religionen till avv\u00e4rjande riter. Det mest k\u00e4nda exemplet \u00e4r b\u00f6nkastningen vid Lemuria. Husfadern anv\u00e4nde svarta b\u00f6nor, uttalade en fastst\u00e4lld formel och utf\u00f6rde handlingen i en exakt reglerad ordning under nattens timmar.<\/p><p>Detta <span class=\"iwg-fachbegriff\" data-tooltip=\"En reglerad f\u00f6ljd av symboliska handlingar med religi\u00f6s eller kulturell betydelse.\" tabindex=\"0\">ritual<\/span> skulle blidka andarna och f\u00f6rm\u00e5 dem att l\u00e4mna huset. Karakteristiskt \u00e4r att den handlande inte fick se p\u00e5 andarna och m\u00e5ste h\u00e5lla sig till fastst\u00e4llda ord och gester.<\/p><p>\u00c4ven gravr\u00e4tten hade en skyddande funktion. Gravar betraktades som <em>loci religiosi<\/em>, religi\u00f6st best\u00e4mda platser, vars sk\u00e4ndning medf\u00f6rde straff. Gravinskrifter inneh\u00e5ller ibland f\u00f6rbannelser riktade mot eventuella gravsk\u00e4ndare och st\u00e4ller graven under manernas skydd.<\/p><p>P\u00e5 s\u00e5 s\u00e4tt f\u00f6renades r\u00e4ttslig f\u00f6reskrift och religi\u00f6s f\u00f6rest\u00e4llning till ett skydd som mindre skulle bevara de levande fr\u00e5n de d\u00f6da \u00e4n de d\u00f6da fr\u00e5n de levande. Skyddspraktiken bestod sammantaget i att bevara ordningen mellan de tv\u00e5 sf\u00e4rerna.<\/p><p>En annan form av ordnad hantering av de d\u00f6da var soningen vid ett ovanligt d\u00f6dsfall. Den som f\u00f6rblev obegravd, exempelvis eftersom kroppen inte \u00e5terfanns, ans\u00e5gs vara i fara att vandra rastl\u00f6s, varf\u00f6r man i s\u00e5dana fall kunde anl\u00e4gga en tom grav, en kenotaf.<\/p><p>D\u00e4rigenom tilldelades den avlidne symboliskt en plats och gjorde det m\u00f6jligt f\u00f6r denne att \u00f6verg\u00e5 till manernas gemenskap.<\/p>\t\t\t\t\t\t\t\t<\/div>\n\t\t\t\t\t<\/div>\n\t\t\t\t<\/div>\n\t\t<div class=\"elementor-element elementor-element-iwgw-manen-s6 e-flex e-con-boxed e-con e-parent\" data-id=\"iwgw-manen-s6\" data-element_type=\"container\" data-e-type=\"container\">\n\t\t\t\t\t<div class=\"e-con-inner\">\n\t\t\t\t<div class=\"elementor-element elementor-element-iwgw-manen-s6h elementor-widget elementor-widget-heading\" data-id=\"iwgw-manen-s6h\" data-element_type=\"widget\" data-e-type=\"widget\" data-widget_type=\"heading.default\">\n\t\t\t\t\t<h2 class=\"elementor-heading-title elementor-size-default\">Paralleller i andra kulturer<\/h2>\t\t\t\t<\/div>\n\t\t\t\t<div class=\"elementor-element elementor-element-iwgw-manen-s6t elementor-widget elementor-widget-text-editor\" data-id=\"iwgw-manen-s6t\" data-element_type=\"widget\" data-e-type=\"widget\" data-widget_type=\"text-editor.default\">\n\t\t\t\t\t\t\t\t\t<p>Den romerska manerkulten kan v\u00e4l placeras in i det vida f\u00e4ltet av anf\u00e4ders- och d\u00f6dsdyrkan som \u00e5terfinns i m\u00e5nga kulturer.<\/p><p>Inom den romerska religionen stod manerna vid sidan av lararna och penaterna samt vid sidan av de som farliga betraktade larverna och lemurerna. Medan lararna var starkare platsbundna, syftade manerna p\u00e5 de d\u00f6da som s\u00e5dana.<\/p><p>En grekisk parallell erbjuder dyrkan av de avlidna inom ramen f\u00f6r de grekiska d\u00f6dskulterna, till exempel gravv\u00e5rden och f\u00f6rest\u00e4llningen om skuggorna i underjorden. \u00c4ven den grekiska v\u00e4rlden k\u00e4nde till dagar d\u00e5 man t\u00e4nkte s\u00e4rskilt p\u00e5 de d\u00f6da som stod n\u00e4ra, och riter med vilka man h\u00f6ll rastl\u00f6sa andar borta.<\/p><p>En exakt likst\u00e4llning \u00e4r dock inte m\u00f6jlig, eftersom de religi\u00f6sa ramarna var olika. Den romerska betoningen av familjeplikten och den r\u00e4ttsligt skyddade gravplatsen har sin egen pr\u00e4gel.<\/p><p>Vetenskapligt h\u00f6r manerna till typen av kollektiv f\u00f6rf\u00e4derskult, d\u00e4r de d\u00f6das gemenskap och deras fortsatta relation till de levande st\u00e5r i f\u00f6rgrunden, framf\u00f6r det individuella \u00f6det efter d\u00f6den. Den romerska utformningen \u00e4r s\u00e4rskilt v\u00e4l dokumenterad genom inskrifter och visar hur n\u00e4ra religion, familj och minneskultur var f\u00f6rbundna med varandra.<\/p>\t\t\t\t\t\t\t\t<\/div>\n\t\t\t\t\t<\/div>\n\t\t\t\t<\/div>\n\t\t<div class=\"elementor-element elementor-element-iwgw-manen-s7 e-flex e-con-boxed e-con e-parent\" data-id=\"iwgw-manen-s7\" data-element_type=\"container\" data-e-type=\"container\">\n\t\t\t\t\t<div class=\"e-con-inner\">\n\t\t\t\t<div class=\"elementor-element elementor-element-iwgw-manen-s7h elementor-widget elementor-widget-heading\" data-id=\"iwgw-manen-s7h\" data-element_type=\"widget\" data-e-type=\"widget\" data-widget_type=\"heading.default\">\n\t\t\t\t\t<h2 class=\"elementor-heading-title elementor-size-default\">Nutida mottagande och forskning<\/h2>\t\t\t\t<\/div>\n\t\t\t\t<div class=\"elementor-element elementor-element-iwgw-manen-s7t elementor-widget elementor-widget-text-editor\" data-id=\"iwgw-manen-s7t\" data-element_type=\"widget\" data-e-type=\"widget\" data-widget_type=\"text-editor.default\">\n\t\t\t\t\t\t\t\t\t<p>Manerna \u00e4r ett centralt tema inom forskningen om romersk religion, eftersom de r\u00f6r hanteringen av d\u00f6den och d\u00e4rmed ett grundl\u00e4ggande omr\u00e5de inom varje religion.<\/p><p>Georg Wissowa och Kurt Latte behandlade d\u00f6dskulten utf\u00f6rligt, och inom nyare forskning har bland andra John Scheid och J\u00f6rg R\u00fcpke belyst de rituella och sociala dimensionerna av Parentalia och Lemuria.<\/p><p>En viktig k\u00e4llgrupp \u00e4r de otaliga gravinskrifterna med formeln <em>Dis Manibus<\/em>. De g\u00f6r det m\u00f6jligt f\u00f6r forskningen att f\u00f6lja manerkultens spridning \u00f6ver hela riket, \u00f6ver alla samh\u00e4llsskikt och under l\u00e5ng tid. <span class=\"iwg-fachbegriff\" data-tooltip=\"Vetenskapen om inskrifter.\" tabindex=\"0\">Epigrafiken<\/span> har d\u00e4rmed visat hur sj\u00e4lvklar f\u00f6rest\u00e4llningen om manerna var i den romerska vardagen.<\/p><p>I dagens allm\u00e4nbildning \u00e4r begreppet manerna mindre bekant \u00e4n exempelvis de romerska huvudgudarna, men det f\u00f6rekommer regelbundet inom studiet av antika begravningsseder, i museer och i historisk undervisning.<\/p><p>F\u00f6rkortningen <em>D M<\/em> p\u00e5 gravstenar m\u00f6ter alla som \u00e4gnar sig \u00e5t romersk <span class=\"iwg-fachbegriff\" data-tooltip=\"Vetenskapen om inskrifter.\" tabindex=\"0\">epigrafik<\/span>. F\u00f6r <span class=\"iwg-fachbegriff\" data-tooltip=\"Vetenskapen som utforskar religioner j\u00e4mf\u00f6rande och utan trosbindning.\" tabindex=\"0\">religionsvetenskapen<\/span> f\u00f6rblir manerna ett viktigt exempel p\u00e5 hur ett samh\u00e4lle ordnade f\u00f6rh\u00e5llandet mellan levande och d\u00f6da p\u00e5 ett <span class=\"iwg-fachbegriff\" data-tooltip=\"Tillh\u00f6rande ett fastst\u00e4llt religi\u00f6st handlingsf\u00f6rlopp.\" tabindex=\"0\">rituellt<\/span> s\u00e4tt.<\/p><p>Den nyare forskningen har dessutom belyst d\u00f6dsfesternas sociala funktion. Parentalia och den efterf\u00f6ljande Caristia var riter f\u00f6r de d\u00f6da och samtidigt tillf\u00e4llen d\u00e4r familjen bekr\u00e4ftade sig som en varaktig enhet \u00f6ver gr\u00e4nsen mellan liv och d\u00f6d.<\/p><p>Gravinskrifterna, som ofta anger den avlidnes sociala status, \u00e5lder och familjeband, betraktas d\u00e4rf\u00f6r av forskningen som en k\u00e4lla av f\u00f6rsta rang, b\u00e5de religionshistoriskt och socialhistoriskt.<\/p>\t\t\t\t\t\t\t\t<\/div>\n\t\t\t\t\t<\/div>\n\t\t\t\t<\/div>\n\t\t<div class=\"elementor-element elementor-element-iwgw-manen-lit e-flex e-con-boxed e-con e-parent\" data-id=\"iwgw-manen-lit\" data-element_type=\"container\" data-e-type=\"container\">\n\t\t\t\t\t<div class=\"e-con-inner\">\n\t\t\t\t<div class=\"elementor-element elementor-element-iwgw-manen-lith elementor-widget elementor-widget-heading\" data-id=\"iwgw-manen-lith\" data-element_type=\"widget\" data-e-type=\"widget\" data-widget_type=\"heading.default\">\n\t\t\t\t\t<h2 class=\"elementor-heading-title elementor-size-default\">Litteratur (urval)<\/h2>\t\t\t\t<\/div>\n\t\t\t\t<div class=\"elementor-element elementor-element-iwgw-manen-litt elementor-widget elementor-widget-text-editor\" data-id=\"iwgw-manen-litt\" data-element_type=\"widget\" data-e-type=\"widget\" data-widget_type=\"text-editor.default\">\n\t\t\t\t\t\t\t\t\t<div data-nosnippet=\"true\"><ul><li>Georg Wissowa: <em>Religion und Kultus der R\u00f6mer<\/em> (1912)<\/li><li>Kurt Latte: <em>R\u00f6mische Religionsgeschichte<\/em> (1960)<\/li><li><span data-nosnippet>Mary Beard, John North, Simon Price: <em>Religions of Rome<\/em> (1998)<\/span><\/li><li>John Scheid: <em>An Introduction to Roman Religion<\/em> (2003)<\/li><li>J\u00f6rg R\u00fcpke: <em>Die Religion der R\u00f6mer<\/em> (2001)<\/li><\/ul><\/div>\t\t\t\t\t\t\t\t<\/div>\n\t\t\t\t\t<\/div>\n\t\t\t\t<\/div>\n\t\t<div class=\"elementor-element elementor-element-iwgw-manen-kwd e-flex e-con-boxed e-con e-parent\" data-id=\"iwgw-manen-kwd\" data-element_type=\"container\" data-e-type=\"container\">\n\t\t\t\t\t<div class=\"e-con-inner\">\n\t\t\t\t<div class=\"elementor-element elementor-element-iwgw-manen-kwdt elementor-widget elementor-widget-text-editor\" data-id=\"iwgw-manen-kwdt\" data-element_type=\"widget\" data-e-type=\"widget\" data-widget_type=\"text-editor.default\">\n\t\t\t\t\t\t\t\t\t<p><em>Relaterade nyckelbegrepp: Manen Di Manes Parentalia Lemuria Feralia D\u00f6dskult Dis Manibus Anf\u00e4der.<\/em><\/p>\t\t\t\t\t\t\t\t<\/div>\n\t\t\t\t\t<\/div>\n\t\t\t\t<\/div>\n\t\t<div class=\"elementor-element elementor-element-iwgw-manen-cc e-flex e-con-boxed e-con e-parent\" data-id=\"iwgw-manen-cc\" data-element_type=\"container\" data-e-type=\"container\" id=\"iwg-cc-manen\">\n\t\t\t\t\t<div class=\"e-con-inner\">\n\t\t<div class=\"elementor-element elementor-element-iwgw-manen-ccinner e-flex e-con-boxed e-con e-parent\" data-id=\"iwgw-manen-ccinner\" data-element_type=\"container\" data-e-type=\"container\" data-settings=\"{&quot;background_background&quot;:&quot;classic&quot;}\">\n\t\t\t\t\t<div class=\"e-con-inner\">\n\t\t\t\t<div class=\"elementor-element elementor-element-iwgw-manen-cch elementor-widget elementor-widget-heading\" data-id=\"iwgw-manen-cch\" data-element_type=\"widget\" data-e-type=\"widget\" data-widget_type=\"heading.default\">\n\t\t\t\t\t<h2 class=\"elementor-heading-title elementor-size-default\">iWell Guard och skyddstraditioner<\/h2>\t\t\t\t<\/div>\n\t\t\t\t<div class=\"elementor-element elementor-element-iwgw-manen-cct elementor-widget elementor-widget-text-editor\" data-id=\"iwgw-manen-cct\" data-element_type=\"widget\" data-e-type=\"widget\" data-widget_type=\"text-editor.default\">\n\t\t\t\t\t\t\t\t\t<div data-nosnippet=\"true\"><p>iWell Guard ansluter till den kulturhistoriska traditionen av b\u00e4rbara skyddsobjekt, i traditionen fr\u00e5n <a href=\"https:\/\/iwell-guard.com\/sv\/rom\/\">Rom<\/a> och m\u00e5nga andra kulturer v\u00e4rlden \u00f6ver. 41 niv\u00e5er, \u00e4kta guld, platina, silver, tillverkad i Tyskland. 30 dagars returr\u00e4tt.<\/p><\/div>\t\t\t\t\t\t\t\t<\/div>\n\t\t\t\t<div class=\"elementor-element elementor-element-iwgw-manen-ccb iwg-cc-button iwg-cc-cta-2026-05-13 elementor-widget elementor-widget-jet-button\" data-id=\"iwgw-manen-ccb\" data-element_type=\"widget\" data-e-type=\"widget\" data-widget_type=\"jet-button.default\">\n\t\t\t\t<div class=\"elementor-widget-container\">\n\t\t\t\t\t<div class=\"elementor-jet-button jet-elements\"><div class=\"jet-button__container\"><a class=\"jet-button__instance jet-button__instance--icon-left hover-effect-1\" href=\"\/ueber-iwell-guard\/?utm_source=iwell-guard.com&amp;utm_medium=info-box&amp;utm_campaign=wesen-tradition\"><div class=\"jet-button__plane jet-button__plane-normal\"><\/div><div class=\"jet-button__plane jet-button__plane-hover\"><\/div><div class=\"jet-button__state jet-button__state-normal\"><span class=\"jet-button__label\">Mer om iWell Guard<\/span><\/div><div class=\"jet-button__state jet-button__state-hover\"><span class=\"jet-button__label\">Mer om iWell Guard<\/span><\/div><\/a><\/div><\/div><style>.elementor-element.elementor-element-iwgw-manen-ccb .jet-button__instance{width:320px;height:56px;}.elementor-element.elementor-element-iwgw-manen-ccb .jet-button__state-normal .jet-button__label{text-align:center;margin:0px 0px 0px 0px;color:#1a1b20;font-family:Montserrat,sans-serif;font-size:13px;font-weight:400;letter-spacing:4px;line-height:1.714em;text-transform:uppercase;}.elementor-element.elementor-element-iwgw-manen-ccb .jet-button__state-hover .jet-button__label{text-align:center;margin:0px 0px 0px 0px;color:#FECC76;font-family:Montserrat,sans-serif;font-size:13px;font-weight:400;letter-spacing:4px;line-height:1.714em;text-transform:uppercase;}.elementor-element.elementor-element-iwgw-manen-ccb .jet-button__plane-normal{background-color:#FECC76;border-style:solid;border-color:#C99540;border-width:2px 2px 2px 2px;}.elementor-element.elementor-element-iwgw-manen-ccb .jet-button__plane-hover{background-color:rgba(0,0,0,0.55);border-style:solid;border-color:#FECC76;border-width:2px 2px 2px 2px;}<\/style>\t\t\t\t<\/div>\n\t\t\t\t<\/div>\n\t\t\t\t<div class=\"elementor-element elementor-element-iwgw-manen-ccd elementor-widget elementor-widget-text-editor\" data-id=\"iwgw-manen-ccd\" data-element_type=\"widget\" data-e-type=\"widget\" data-widget_type=\"text-editor.default\">\n\t\t\t\t\t\t\t\t\t<div data-nosnippet=\"true\"><p style=\"text-align:center;font-size:13px;opacity:0.7;margin-top:14px\" data-nosnippet=\"true\">Personliga erfarenheter kan variera. Ingen medicinteknisk produkt. Inget l\u00f6fte om l\u00e4kning.<\/p><\/div>\t\t\t\t\t\t\t\t<\/div>\n\t\t\t\t\t<\/div>\n\t\t\t\t<\/div>\n\t\t\t\t\t<\/div>\n\t\t\t\t<\/div>\n\t\t<div class=\"elementor-element elementor-element-iwgw-manen-disc e-flex e-con-boxed e-con e-parent\" data-id=\"iwgw-manen-disc\" data-element_type=\"container\" data-e-type=\"container\">\n\t\t\t\t\t<div class=\"e-con-inner\">\n\t\t\t\t<div class=\"elementor-element elementor-element-iwgw-manen-discw elementor-widget elementor-widget-html\" data-id=\"iwgw-manen-discw\" data-element_type=\"widget\" data-e-type=\"widget\" data-widget_type=\"html.default\">\n\t\t\t\t\t<footer data-nosnippet=\"true\" class=\"iwg-disclaimer-block\"><p data-nosnippet=\"true\">iWell Guard \u00e4r <strong>ingen medicinteknisk produkt<\/strong> och ers\u00e4tter inte l\u00e4karv\u00e5rd eller psykoterapeutisk behandling. De religionsvetenskapliga inneh\u00e5llen \u00e4r kulturhistorisk inordning, ingen andlig praxisrekommendation.<\/p><\/footer>\t\t\t\t<\/div>\n\t\t\t\t\t<\/div>\n\t\t\t\t<\/div>\n\t\t\t\t<\/div>\n\t\t","protected":false},"excerpt":{"rendered":"","protected":false},"author":3,"featured_media":3388,"parent":0,"menu_order":0,"comment_status":"closed","ping_status":"closed","template":"elementor_header_footer","meta":{"_yoast_wpseo_focuskw":"Manerna romerska d\u00f6dsandar","_yoast_wpseo_title":"Manerna \u2013 de d\u00f6das andar i romersk religion","_yoast_wpseo_metadesc":"Manerna \u00e4r de f\u00f6rgudade andarna av de d\u00f6da i romersk tro. Religionsvetenskaplig genomg\u00e5ng av Parentalia, Lemuria och kult.","_yoast_wpseo_meta-robots-noindex":"","_yoast_wpseo_canonical":"","_angie_page":false,"gefaehrdungsstufe":"2","wesen_kultur":"rom","wesen_klasse":"geister","footnotes":""},"categories":[],"class_list":["post-136930","page","type-page","status-publish","has-post-thumbnail","hentry"],"yoast_head":"<!-- This site is optimized with the Yoast SEO Premium plugin v27.7 (Yoast SEO v28.3) - https:\/\/yoast.com\/product\/yoast-seo-premium-wordpress\/ -->\n<title>Manerna \u2013 de d\u00f6das andar i romersk religion<\/title>\n<meta name=\"description\" content=\"Manerna \u00e4r de f\u00f6rgudade andarna av de d\u00f6da i romersk tro. Religionsvetenskaplig genomg\u00e5ng av Parentalia, Lemuria och kult.\" \/>\n<meta name=\"robots\" content=\"index, follow, max-snippet:-1, max-image-preview:large, max-video-preview:-1\" \/>\n<link rel=\"canonical\" href=\"https:\/\/iwell-guard.com\/sv\/manerna-fordudade-andar-doda\/\" \/>\n<meta property=\"og:locale\" content=\"sv_SE\" \/>\n<meta property=\"og:type\" content=\"article\" \/>\n<meta property=\"og:title\" content=\"Manerna \u2013 de f\u00f6rgudade andarna av de d\u00f6da\" \/>\n<meta property=\"og:description\" content=\"Manerna \u00e4r de f\u00f6rgudade andarna av de d\u00f6da i romersk tro. Religionsvetenskaplig genomg\u00e5ng av Parentalia, Lemuria och kult.\" \/>\n<meta property=\"og:url\" content=\"https:\/\/iwell-guard.com\/sv\/manerna-fordudade-andar-doda\/\" \/>\n<meta property=\"og:site_name\" content=\"iWell Guard\" \/>\n<meta property=\"article:modified_time\" content=\"2026-09-03T01:15:58+00:00\" \/>\n<meta property=\"og:image\" content=\"https:\/\/iwell-guard.com\/wp-content\/uploads\/2026\/05\/geister_rom_manen.webp\" \/>\n\t<meta property=\"og:image:width\" content=\"1024\" \/>\n\t<meta property=\"og:image:height\" content=\"1536\" \/>\n\t<meta property=\"og:image:type\" content=\"image\/webp\" \/>\n<meta name=\"twitter:card\" content=\"summary_large_image\" \/>\n<script type=\"application\/ld+json\" class=\"yoast-schema-graph\">{\"@context\":\"https:\\\/\\\/schema.org\",\"@graph\":[{\"@type\":\"WebPage\",\"@id\":\"https:\\\/\\\/iwell-guard.com\\\/sv\\\/manerna-fordudade-andar-doda\\\/\",\"url\":\"https:\\\/\\\/iwell-guard.com\\\/sv\\\/manerna-fordudade-andar-doda\\\/\",\"name\":\"Manerna \u2013 de d\u00f6das andar i romersk religion\",\"isPartOf\":{\"@id\":\"https:\\\/\\\/iwell-guard.com\\\/sv\\\/#website\"},\"primaryImageOfPage\":{\"@id\":\"https:\\\/\\\/iwell-guard.com\\\/sv\\\/manerna-fordudade-andar-doda\\\/#primaryimage\"},\"image\":{\"@id\":\"https:\\\/\\\/iwell-guard.com\\\/sv\\\/manerna-fordudade-andar-doda\\\/#primaryimage\"},\"thumbnailUrl\":\"https:\\\/\\\/iwell-guard.com\\\/wp-content\\\/uploads\\\/2026\\\/05\\\/geister_rom_manen.webp\",\"datePublished\":\"2026-09-03T00:11:17+00:00\",\"dateModified\":\"2026-09-03T01:15:58+00:00\",\"description\":\"Manerna \u00e4r de f\u00f6rgudade andarna av de d\u00f6da i romersk tro. Religionsvetenskaplig genomg\u00e5ng av Parentalia, Lemuria och kult.\",\"breadcrumb\":{\"@id\":\"https:\\\/\\\/iwell-guard.com\\\/sv\\\/manerna-fordudade-andar-doda\\\/#breadcrumb\"},\"inLanguage\":\"sv-SE\",\"potentialAction\":[{\"@type\":\"ReadAction\",\"target\":[\"https:\\\/\\\/iwell-guard.com\\\/sv\\\/manerna-fordudade-andar-doda\\\/\"]}]},{\"@type\":\"ImageObject\",\"inLanguage\":\"sv-SE\",\"@id\":\"https:\\\/\\\/iwell-guard.com\\\/sv\\\/manerna-fordudade-andar-doda\\\/#primaryimage\",\"url\":\"https:\\\/\\\/iwell-guard.com\\\/wp-content\\\/uploads\\\/2026\\\/05\\\/geister_rom_manen.webp\",\"contentUrl\":\"https:\\\/\\\/iwell-guard.com\\\/wp-content\\\/uploads\\\/2026\\\/05\\\/geister_rom_manen.webp\",\"width\":1024,\"height\":1536,\"caption\":\"Andar fr\u00e5n den romerska traditionen.\"},{\"@type\":\"BreadcrumbList\",\"@id\":\"https:\\\/\\\/iwell-guard.com\\\/sv\\\/manerna-fordudade-andar-doda\\\/#breadcrumb\",\"itemListElement\":[{\"@type\":\"ListItem\",\"position\":1,\"name\":\"Start\",\"item\":\"https:\\\/\\\/iwell-guard.com\\\/sv\\\/?page_id=136483\"},{\"@type\":\"ListItem\",\"position\":2,\"name\":\"Manerna \u2013 de f\u00f6rgudade andarna av de d\u00f6da\"}]},{\"@type\":\"WebSite\",\"@id\":\"https:\\\/\\\/iwell-guard.com\\\/sv\\\/#website\",\"url\":\"https:\\\/\\\/iwell-guard.com\\\/sv\\\/\",\"name\":\"iWell Guard\",\"description\":\"Schutz vor dunklen Einfl\u00fcssen\",\"publisher\":{\"@id\":\"https:\\\/\\\/iwell-guard.com\\\/sv\\\/#organization\"},\"potentialAction\":[{\"@type\":\"SearchAction\",\"target\":{\"@type\":\"EntryPoint\",\"urlTemplate\":\"https:\\\/\\\/iwell-guard.com\\\/sv\\\/?s={search_term_string}\"},\"query-input\":{\"@type\":\"PropertyValueSpecification\",\"valueRequired\":true,\"valueName\":\"search_term_string\"}}],\"inLanguage\":\"sv-SE\"},{\"@type\":\"Organization\",\"@id\":\"https:\\\/\\\/iwell-guard.com\\\/sv\\\/#organization\",\"name\":\"Ittermann electronic GmbH\",\"url\":\"https:\\\/\\\/iwell-guard.com\\\/sv\\\/\",\"logo\":{\"@type\":\"ImageObject\",\"inLanguage\":\"sv-SE\",\"@id\":\"https:\\\/\\\/iwell-guard.com\\\/sv\\\/#\\\/schema\\\/logo\\\/image\\\/\",\"url\":\"https:\\\/\\\/iwell-guard.com\\\/wp-content\\\/uploads\\\/2026\\\/05\\\/Ittermann-Logo-1182x237-1.png\",\"contentUrl\":\"https:\\\/\\\/iwell-guard.com\\\/wp-content\\\/uploads\\\/2026\\\/05\\\/Ittermann-Logo-1182x237-1.png\",\"width\":1182,\"height\":237,\"caption\":\"Ittermann electronic GmbH\"},\"image\":{\"@id\":\"https:\\\/\\\/iwell-guard.com\\\/sv\\\/#\\\/schema\\\/logo\\\/image\\\/\"},\"sameAs\":[\"https:\\\/\\\/pantip.com\\\/profile\\\/9367242\",\"https:\\\/\\\/micro.blog\\\/iwellguard\",\"https:\\\/\\\/www.diggerslist.com\\\/iwellguard\\\/about\",\"https:\\\/\\\/skitterphoto.com\\\/photographers\\\/2870314\\\/iwell-guard\",\"https:\\\/\\\/iwellguard.wordpress.com\\\/2026\\\/06\\\/06\\\/iwell-guard\\\/\",\"https:\\\/\\\/hub.docker.com\\\/u\\\/iwellguard\",\"https:\\\/\\\/www.pinterest.com\\\/iwellguard\\\/\",\"https:\\\/\\\/bit.ly\\\/m\\\/iwellguard\",\"https:\\\/\\\/entre-vos-mains.alsace.eu\\\/profiles\\\/iwellguard\\\/activity\",\"https:\\\/\\\/gravatar.com\\\/reallybeded8fd34\",\"https:\\\/\\\/naijamatta.com\\\/iwellguard\",\"https:\\\/\\\/www.goodreads.com\\\/iwellguard\",\"https:\\\/\\\/profile.hatena.ne.jp\\\/iwellguard\\\/\",\"https:\\\/\\\/experiment.com\\\/users\\\/iwellguard\",\"https:\\\/\\\/wakelet.com\\\/@iWellGuard82270\",\"https:\\\/\\\/www.chordie.com\\\/forum\\\/profile.php?id=2555664\",\"https:\\\/\\\/www.instapaper.com\\\/p\\\/17757966\",\"https:\\\/\\\/www.mapleprimes.com\\\/users\\\/iwellguard\",\"https:\\\/\\\/businesslistingplus.com\\\/profile\\\/iwell-guard\\\/\",\"https:\\\/\\\/telegra.ph\\\/iWell-Guard-06-06\",\"https:\\\/\\\/pbase.com\\\/iwellguard\\\/iwellguard\",\"https:\\\/\\\/b.hatena.ne.jp\\\/iwellguard\\\/20260607#bookmark-4788405196491818882\",\"https:\\\/\\\/fliphtml5.com\\\/home\\\/iwellguard\",\"https:\\\/\\\/anyflip.com\\\/homepage\\\/cmiwl#About\",\"https:\\\/\\\/transfur.com\\\/Users\\\/iwellguard\",\"http:\\\/\\\/delphi.larsbo.org\\\/user\\\/iwellguard\",\"https:\\\/\\\/jobs.lajobsportal.org\\\/profiles\\\/8380803-iwell-guard\",\"https:\\\/\\\/md.chaosdorf.de\\\/s\\\/jfbe5SBdJD\",\"https:\\\/\\\/www.lingvolive.com\\\/en-us\\\/profile\\\/9ecaeaca-ce11-4e51-9e71-01d55e2bff36\\\/translations\",\"https:\\\/\\\/www.fitday.com\\\/fitness\\\/forums\\\/members\\\/iwellguard.html\",\"https:\\\/\\\/www.mymeetbook.com\\\/iwellguard\",\"https:\\\/\\\/pxhere.com\\\/en\\\/photographer-me\\\/5040798\",\"https:\\\/\\\/disqus.com\\\/by\\\/iwellguard\\\/about\\\/\",\"https:\\\/\\\/pastelink.net\\\/hjwciqwq\",\"https:\\\/\\\/pubhtml5.com\\\/homepage\\\/scjhn\\\/\",\"https:\\\/\\\/www.bitchute.com\\\/channel\\\/2O2eOKzNqujT\",\"https:\\\/\\\/audiomack.com\\\/iwellguard\"]},{\"@type\":\"Article\",\"@id\":\"https:\\\/\\\/iwell-guard.com\\\/sv\\\/manerna-fordudade-andar-doda\\\/#article\",\"isPartOf\":{\"@id\":\"https:\\\/\\\/iwell-guard.com\\\/sv\\\/manerna-fordudade-andar-doda\\\/\"},\"author\":{\"name\":\"Ralf Ittermann\",\"@id\":\"https:\\\/\\\/iwell-guard.com\\\/sv\\\/#\\\/schema\\\/person\\\/ee2a27f1cac3406c7c6fb5820cb7349f\"},\"headline\":\"Manerna \u2013 de f\u00f6rgudade andarna av de d\u00f6da\",\"datePublished\":\"2026-09-03T00:11:17+00:00\",\"dateModified\":\"2026-09-03T01:15:58+00:00\",\"mainEntityOfPage\":{\"@id\":\"https:\\\/\\\/iwell-guard.com\\\/sv\\\/manerna-fordudade-andar-doda\\\/\"},\"publisher\":{\"@id\":\"https:\\\/\\\/iwell-guard.com\\\/sv\\\/#organization\"},\"image\":{\"@id\":\"https:\\\/\\\/iwell-guard.com\\\/sv\\\/manerna-fordudade-andar-doda\\\/#primaryimage\"},\"thumbnailUrl\":\"https:\\\/\\\/iwell-guard.com\\\/wp-content\\\/uploads\\\/2026\\\/05\\\/geister_rom_manen.webp\",\"inLanguage\":\"sv-SE\",\"description\":\"Manerna \u00e4r de f\u00f6rgudade andarna av de d\u00f6da i romersk tro. Religionsvetenskaplig genomg\u00e5ng av Parentalia, Lemuria och kult.\"}]}<\/script>\n<!-- \/ Yoast SEO Premium plugin. -->","yoast_head_json":{"title":"Manerna \u2013 de d\u00f6das andar i romersk religion","description":"Manerna \u00e4r de f\u00f6rgudade andarna av de d\u00f6da i romersk tro. Religionsvetenskaplig genomg\u00e5ng av Parentalia, Lemuria och kult.","robots":{"index":"index","follow":"follow","max-snippet":"max-snippet:-1","max-image-preview":"max-image-preview:large","max-video-preview":"max-video-preview:-1"},"canonical":"https:\/\/iwell-guard.com\/sv\/manerna-fordudade-andar-doda\/","og_locale":"sv_SE","og_type":"article","og_title":"Manerna \u2013 de f\u00f6rgudade andarna av de d\u00f6da","og_description":"Manerna \u00e4r de f\u00f6rgudade andarna av de d\u00f6da i romersk tro. Religionsvetenskaplig genomg\u00e5ng av Parentalia, Lemuria och kult.","og_url":"https:\/\/iwell-guard.com\/sv\/manerna-fordudade-andar-doda\/","og_site_name":"iWell Guard","article_modified_time":"2026-09-03T01:15:58+00:00","og_image":[{"width":1024,"height":1536,"url":"https:\/\/iwell-guard.com\/wp-content\/uploads\/2026\/05\/geister_rom_manen.webp","type":"image\/webp"}],"twitter_card":"summary_large_image","schema":{"@context":"https:\/\/schema.org","@graph":[{"@type":"Article","@id":"https:\/\/iwell-guard.com\/sv\/manerna-fordudade-andar-doda\/#article","isPartOf":{"@id":"https:\/\/iwell-guard.com\/sv\/manerna-fordudade-andar-doda\/"},"author":{"name":"Ralf Ittermann","@id":"https:\/\/iwell-guard.com\/sv\/#\/schema\/person\/ee2a27f1cac3406c7c6fb5820cb7349f"},"headline":"Manerna \u2013 de f\u00f6rgudade andarna av de d\u00f6da","datePublished":"2026-09-03T00:11:17+00:00","dateModified":"2026-09-03T01:15:58+00:00","mainEntityOfPage":{"@id":"https:\/\/iwell-guard.com\/sv\/manerna-fordudade-andar-doda\/"},"publisher":{"@id":"https:\/\/iwell-guard.com\/sv\/#organization"},"image":{"@id":"https:\/\/iwell-guard.com\/sv\/manerna-fordudade-andar-doda\/#primaryimage"},"thumbnailUrl":"https:\/\/iwell-guard.com\/wp-content\/uploads\/2026\/05\/geister_rom_manen.webp","inLanguage":"sv-SE","description":"Manerna \u00e4r de f\u00f6rgudade andarna av de d\u00f6da i romersk tro. Religionsvetenskaplig genomg\u00e5ng av Parentalia, Lemuria och kult."},{"@type":"WebPage","@id":"https:\/\/iwell-guard.com\/sv\/manerna-fordudade-andar-doda\/","url":"https:\/\/iwell-guard.com\/sv\/manerna-fordudade-andar-doda\/","name":"Manerna \u2013 de d\u00f6das andar i romersk religion","isPartOf":{"@id":"https:\/\/iwell-guard.com\/sv\/#website"},"primaryImageOfPage":{"@id":"https:\/\/iwell-guard.com\/sv\/manerna-fordudade-andar-doda\/#primaryimage"},"image":{"@id":"https:\/\/iwell-guard.com\/sv\/manerna-fordudade-andar-doda\/#primaryimage"},"thumbnailUrl":"https:\/\/iwell-guard.com\/wp-content\/uploads\/2026\/05\/geister_rom_manen.webp","datePublished":"2026-09-03T00:11:17+00:00","dateModified":"2026-09-03T01:15:58+00:00","description":"Manerna \u00e4r de f\u00f6rgudade andarna av de d\u00f6da i romersk tro. Religionsvetenskaplig genomg\u00e5ng av Parentalia, Lemuria och kult.","breadcrumb":{"@id":"https:\/\/iwell-guard.com\/sv\/manerna-fordudade-andar-doda\/#breadcrumb"},"inLanguage":"sv-SE","potentialAction":[{"@type":"ReadAction","target":["https:\/\/iwell-guard.com\/sv\/manerna-fordudade-andar-doda\/"]}]},{"@type":"ImageObject","inLanguage":"sv-SE","@id":"https:\/\/iwell-guard.com\/sv\/manerna-fordudade-andar-doda\/#primaryimage","url":"https:\/\/iwell-guard.com\/wp-content\/uploads\/2026\/05\/geister_rom_manen.webp","contentUrl":"https:\/\/iwell-guard.com\/wp-content\/uploads\/2026\/05\/geister_rom_manen.webp","width":1024,"height":1536,"caption":"Andar fr\u00e5n den romerska traditionen."},{"@type":"BreadcrumbList","@id":"https:\/\/iwell-guard.com\/sv\/manerna-fordudade-andar-doda\/#breadcrumb","itemListElement":[{"@type":"ListItem","position":1,"name":"Start","item":"https:\/\/iwell-guard.com\/sv\/?page_id=136483"},{"@type":"ListItem","position":2,"name":"Manerna \u2013 de f\u00f6rgudade andarna av de d\u00f6da"}]},{"@type":"WebSite","@id":"https:\/\/iwell-guard.com\/sv\/#website","url":"https:\/\/iwell-guard.com\/sv\/","name":"iWell Guard","description":"Schutz vor dunklen Einfl\u00fcssen","publisher":{"@id":"https:\/\/iwell-guard.com\/sv\/#organization"},"potentialAction":[{"@type":"SearchAction","target":{"@type":"EntryPoint","urlTemplate":"https:\/\/iwell-guard.com\/sv\/?s={search_term_string}"},"query-input":{"@type":"PropertyValueSpecification","valueRequired":true,"valueName":"search_term_string"}}],"inLanguage":"sv-SE"},{"@type":"Organization","@id":"https:\/\/iwell-guard.com\/sv\/#organization","name":"Ittermann electronic GmbH","url":"https:\/\/iwell-guard.com\/sv\/","logo":{"@type":"ImageObject","inLanguage":"sv-SE","@id":"https:\/\/iwell-guard.com\/sv\/#\/schema\/logo\/image\/","url":"https:\/\/iwell-guard.com\/wp-content\/uploads\/2026\/05\/Ittermann-Logo-1182x237-1.png","contentUrl":"https:\/\/iwell-guard.com\/wp-content\/uploads\/2026\/05\/Ittermann-Logo-1182x237-1.png","width":1182,"height":237,"caption":"Ittermann electronic GmbH"},"image":{"@id":"https:\/\/iwell-guard.com\/sv\/#\/schema\/logo\/image\/"},"sameAs":["https:\/\/pantip.com\/profile\/9367242","https:\/\/micro.blog\/iwellguard","https:\/\/www.diggerslist.com\/iwellguard\/about","https:\/\/skitterphoto.com\/photographers\/2870314\/iwell-guard","https:\/\/iwellguard.wordpress.com\/2026\/06\/06\/iwell-guard\/","https:\/\/hub.docker.com\/u\/iwellguard","https:\/\/www.pinterest.com\/iwellguard\/","https:\/\/bit.ly\/m\/iwellguard","https:\/\/entre-vos-mains.alsace.eu\/profiles\/iwellguard\/activity","https:\/\/gravatar.com\/reallybeded8fd34","https:\/\/naijamatta.com\/iwellguard","https:\/\/www.goodreads.com\/iwellguard","https:\/\/profile.hatena.ne.jp\/iwellguard\/","https:\/\/experiment.com\/users\/iwellguard","https:\/\/wakelet.com\/@iWellGuard82270","https:\/\/www.chordie.com\/forum\/profile.php?id=2555664","https:\/\/www.instapaper.com\/p\/17757966","https:\/\/www.mapleprimes.com\/users\/iwellguard","https:\/\/businesslistingplus.com\/profile\/iwell-guard\/","https:\/\/telegra.ph\/iWell-Guard-06-06","https:\/\/pbase.com\/iwellguard\/iwellguard","https:\/\/b.hatena.ne.jp\/iwellguard\/20260607#bookmark-4788405196491818882","https:\/\/fliphtml5.com\/home\/iwellguard","https:\/\/anyflip.com\/homepage\/cmiwl#About","https:\/\/transfur.com\/Users\/iwellguard","http:\/\/delphi.larsbo.org\/user\/iwellguard","https:\/\/jobs.lajobsportal.org\/profiles\/8380803-iwell-guard","https:\/\/md.chaosdorf.de\/s\/jfbe5SBdJD","https:\/\/www.lingvolive.com\/en-us\/profile\/9ecaeaca-ce11-4e51-9e71-01d55e2bff36\/translations","https:\/\/www.fitday.com\/fitness\/forums\/members\/iwellguard.html","https:\/\/www.mymeetbook.com\/iwellguard","https:\/\/pxhere.com\/en\/photographer-me\/5040798","https:\/\/disqus.com\/by\/iwellguard\/about\/","https:\/\/pastelink.net\/hjwciqwq","https:\/\/pubhtml5.com\/homepage\/scjhn\/","https:\/\/www.bitchute.com\/channel\/2O2eOKzNqujT","https:\/\/audiomack.com\/iwellguard"]},{"@type":"Person","@id":"https:\/\/iwell-guard.com\/sv\/#\/schema\/person\/ee2a27f1cac3406c7c6fb5820cb7349f","name":"Ralf Ittermann","image":{"@type":"ImageObject","inLanguage":"sv-SE","@id":"https:\/\/secure.gravatar.com\/avatar\/073c0153e350a5005b68eb752b445fea71f6b24a26da9449ad7e155e6b446c9d?s=96&d=mm&r=g","url":"https:\/\/secure.gravatar.com\/avatar\/073c0153e350a5005b68eb752b445fea71f6b24a26da9449ad7e155e6b446c9d?s=96&d=mm&r=g","contentUrl":"https:\/\/secure.gravatar.com\/avatar\/073c0153e350a5005b68eb752b445fea71f6b24a26da9449ad7e155e6b446c9d?s=96&d=mm&r=g","caption":"Ralf Ittermann"},"givenName":"Ralf","familyName":"Ittermann","jobTitle":"Gesch\u00e4ftsf\u00fchrer und redaktioneller Verantwortlicher","url":"https:\/\/iwell-guard.com\/sv\/author\/claude\/","description":"Ralf Ittermann ist Gesch\u00e4ftsf\u00fchrer der Ittermann electronic GmbH und redaktioneller Verantwortlicher des iWell-Guard-Lexikons. Er verbindet langj\u00e4hrige Erfahrung in der Pr\u00e4zisionsfertigung mit medialer Praxis und religionsgeschichtlicher Quellenarbeit.","worksFor":{"@type":"Organization","name":"Ittermann electronic GmbH","url":"https:\/\/ittermann.de\/","address":{"@type":"PostalAddress","streetAddress":"K\u00f6hlergasse 16-18","postalCode":"99842","addressLocality":"Ruhla","addressCountry":"DE"}},"knowsAbout":["Religionsgeschichte","Mythologie","Mediale Praxis","Energetische Diagnostik","Schutzpraxis","Volksglauben","Westliche Esoterik"]},{"@type":"Article","@id":"https:\/\/iwell-guard.com\/sv\/manerna-fordudade-andar-doda\/#article","isPartOf":{"@id":"https:\/\/iwell-guard.com\/sv\/manerna-fordudade-andar-doda\/"},"author":{"name":"Ralf Ittermann","@id":"https:\/\/iwell-guard.com\/sv\/#\/schema\/person\/ee2a27f1cac3406c7c6fb5820cb7349f"},"headline":"Manerna \u2013 de f\u00f6rgudade andarna av de d\u00f6da","datePublished":"2026-09-03T00:11:17+00:00","dateModified":"2026-09-03T01:15:58+00:00","mainEntityOfPage":{"@id":"https:\/\/iwell-guard.com\/sv\/manerna-fordudade-andar-doda\/"},"publisher":{"@id":"https:\/\/iwell-guard.com\/sv\/#organization"},"image":{"@id":"https:\/\/iwell-guard.com\/sv\/manerna-fordudade-andar-doda\/#primaryimage"},"thumbnailUrl":"https:\/\/iwell-guard.com\/wp-content\/uploads\/2026\/05\/geister_rom_manen.webp","inLanguage":"sv-SE","description":"Manerna \u00e4r de f\u00f6rgudade andarna av de d\u00f6da i romersk tro. Religionsvetenskaplig genomg\u00e5ng av Parentalia, Lemuria och kult."}]}},"_links":{"self":[{"href":"https:\/\/iwell-guard.com\/sv\/wp-json\/wp\/v2\/pages\/136930","targetHints":{"allow":["GET"]}}],"collection":[{"href":"https:\/\/iwell-guard.com\/sv\/wp-json\/wp\/v2\/pages"}],"about":[{"href":"https:\/\/iwell-guard.com\/sv\/wp-json\/wp\/v2\/types\/page"}],"author":[{"embeddable":true,"href":"https:\/\/iwell-guard.com\/sv\/wp-json\/wp\/v2\/users\/3"}],"replies":[{"embeddable":true,"href":"https:\/\/iwell-guard.com\/sv\/wp-json\/wp\/v2\/comments?post=136930"}],"version-history":[{"count":0,"href":"https:\/\/iwell-guard.com\/sv\/wp-json\/wp\/v2\/pages\/136930\/revisions"}],"wp:featuredmedia":[{"embeddable":true,"href":"https:\/\/iwell-guard.com\/sv\/wp-json\/wp\/v2\/media\/3388"}],"wp:attachment":[{"href":"https:\/\/iwell-guard.com\/sv\/wp-json\/wp\/v2\/media?parent=136930"}],"wp:term":[{"taxonomy":"category","embeddable":true,"href":"https:\/\/iwell-guard.com\/sv\/wp-json\/wp\/v2\/categories?post=136930"}],"curies":[{"name":"wp","href":"https:\/\/api.w.org\/{rel}","templated":true}]}}