{"id":136921,"date":"2026-09-03T00:11:12","date_gmt":"2026-09-03T00:11:12","guid":{"rendered":"https:\/\/iwell-guard.com\/?page_id=136921"},"modified":"2026-09-03T01:15:45","modified_gmt":"2026-09-03T01:15:45","slug":"saivo-heliga-berg-och-sjovarld","status":"publish","type":"page","link":"https:\/\/iwell-guard.com\/sv\/saivo-heliga-berg-och-sjovarld\/","title":{"rendered":"Saivo &#8211; Samernas heliga berg- och sj\u00f6v\u00e4rld"},"content":{"rendered":"\t\t<div data-elementor-type=\"wp-page\" data-elementor-id=\"136921\" class=\"elementor elementor-136921 elementor-2673 elementor-bc-flex-widget\" data-elementor-post-type=\"page\">\n\t\t\t\t<div class=\"elementor-element elementor-element-iwgw-saivo-hero e-flex e-con-boxed e-con e-parent\" data-id=\"iwgw-saivo-hero\" data-element_type=\"container\" data-e-type=\"container\" data-settings=\"{&quot;background_background&quot;:&quot;classic&quot;}\">\n\t\t\t\t\t<div class=\"e-con-inner\">\n\t\t<div class=\"elementor-element elementor-element-iwgw-saivo-hl e-flex e-con-boxed e-con e-child\" data-id=\"iwgw-saivo-hl\" data-element_type=\"container\" data-e-type=\"container\">\n\t\t\t\t\t<div class=\"e-con-inner\">\n\t\t<div class=\"elementor-element elementor-element-iwgw-saivo-htxt e-con-full e-flex e-con e-child\" data-id=\"iwgw-saivo-htxt\" data-element_type=\"container\" data-e-type=\"container\">\n\t\t\t\t<div class=\"elementor-element elementor-element-iwgw-saivo-h1 elementor-widget elementor-widget-heading\" data-id=\"iwgw-saivo-h1\" data-element_type=\"widget\" data-e-type=\"widget\" data-widget_type=\"heading.default\">\n\t\t\t\t\t<h1 class=\"elementor-heading-title elementor-size-default\">Saivo - Samernas heliga berg- och sj\u00f6v\u00e4rld och boplats f\u00f6r schamanernas hj\u00e4lpandar<\/h1>\t\t\t\t<\/div>\n\t\t\t\t<div class=\"elementor-element elementor-element-iwgw-saivo-lead elementor-widget elementor-widget-text-editor\" data-id=\"iwgw-saivo-lead\" data-element_type=\"widget\" data-e-type=\"widget\" data-widget_type=\"text-editor.default\">\n\t\t\t\t\t\t\t\t\t<p>Saivo, \u00e4ven skrivet S\u00e1jvva eller Saaivo, \u00e4r inom den f\u00f6rkristna <a href=\"https:\/\/iwell-guard.com\/sv\/sami-noaidi-trumma\/\">samiska<\/a> religionen en s\u00e4rskild andev\u00e4rld som lokaliseras till best\u00e4mda berg och under sj\u00f6ar. H\u00e4r bor Saivo-andarna, som fungerar som schamanernas personliga hj\u00e4lpandar. Religionsvetenskapligt tillh\u00f6r Saivo de mest egenartade konfigurationerna inom den samiska <span class=\"iwg-fachbegriff\" data-tooltip=\"L\u00e4ran om Gud och om en religions tro, studerad vetenskapligt.\" tabindex=\"0\">teologin<\/span>.<\/p>\t\t\t\t\t\t\t\t<\/div>\n\t\t\t\t<\/div>\n\t\t<div class=\"elementor-element elementor-element-iwgw-saivo-pillc e-con-full e-flex e-con e-child\" data-id=\"iwgw-saivo-pillc\" data-element_type=\"container\" data-e-type=\"container\">\n\t\t\t\t<div class=\"elementor-element elementor-element-iwgw-saivo-pills elementor-widget elementor-widget-html\" data-id=\"iwgw-saivo-pills\" data-element_type=\"widget\" data-e-type=\"widget\" data-widget_type=\"html.default\">\n\t\t\t\t\t<div class=\"iwg-pill-row\"><span class=\"iwg-klasse-badge\" tabindex=\"0\" data-tooltip=\"Ande inom den samiska traditionen.\">Ande<\/span><a href=\"https:\/\/iwell-guard.com\/sv\/sami-noaidi-trumma\/\" class=\"iwg-kultur-badge\" tabindex=\"0\" data-tooltip=\"Mytologi inom den samiska traditionen.\">Sami<\/a><span class=\"iwg-tradition-badge\" tabindex=\"0\" data-tooltip=\"Helig v\u00e4rld och andeboplats.\">Helig v\u00e4rld och andeboplats<\/span><\/div>\t\t\t\t<\/div>\n\t\t\t\t<\/div>\n\t\t<div class=\"elementor-element elementor-element-iwgw-saivo-tocc e-con-full e-flex e-con e-child\" data-id=\"iwgw-saivo-tocc\" data-element_type=\"container\" data-e-type=\"container\">\n\t\t\t\t<div class=\"elementor-element elementor-element-iwgw-saivo-toc elementor-toc--minimized-on-tablet elementor-widget elementor-widget-table-of-contents\" data-id=\"iwgw-saivo-toc\" data-element_type=\"widget\" data-e-type=\"widget\" data-settings=\"{&quot;headings_by_tags&quot;:[&quot;h2&quot;,&quot;h3&quot;],&quot;minimize_box&quot;:&quot;yes&quot;,&quot;marker_view&quot;:&quot;bullets&quot;,&quot;no_headings_message&quot;:&quot;Inga rubriker hittades p\\u00e5 den h\\u00e4r sidan.&quot;,&quot;exclude_headings_by_selector&quot;:[],&quot;icon&quot;:{&quot;value&quot;:&quot;fas fa-circle&quot;,&quot;library&quot;:&quot;fa-solid&quot;,&quot;rendered_tag&quot;:&quot;&lt;svg class=\\&quot;e-font-icon-svg e-fas-circle\\&quot; viewBox=\\&quot;0 0 512 512\\&quot; xmlns=\\&quot;http:\\\/\\\/www.w3.org\\\/2000\\\/svg\\&quot;&gt;&lt;path d=\\&quot;M256 8C119 8 8 119 8 256s111 248 248 248 248-111 248-248S393 8 256 8z\\&quot;&gt;&lt;\\\/path&gt;&lt;\\\/svg&gt;&quot;},&quot;minimized_on&quot;:&quot;tablet&quot;,&quot;hierarchical_view&quot;:&quot;yes&quot;,&quot;min_height&quot;:{&quot;unit&quot;:&quot;px&quot;,&quot;size&quot;:&quot;&quot;,&quot;sizes&quot;:[]},&quot;min_height_tablet&quot;:{&quot;unit&quot;:&quot;px&quot;,&quot;size&quot;:&quot;&quot;,&quot;sizes&quot;:[]},&quot;min_height_mobile&quot;:{&quot;unit&quot;:&quot;px&quot;,&quot;size&quot;:&quot;&quot;,&quot;sizes&quot;:[]}}\" data-widget_type=\"table-of-contents.default\">\n\t\t\t\t\t\t\t\t\t<div class=\"elementor-toc__header\">\n\t\t\t\t\t\t<h2 class=\"elementor-toc__header-title\">\n\t\t\t\tInneh\u00e5llsf\u00f6rteckning\t\t\t<\/h2>\n\t\t\t\t\t\t\t\t\t\t<div class=\"elementor-toc__toggle-button elementor-toc__toggle-button--expand\" role=\"button\" tabindex=\"0\" aria-controls=\"elementor-toc__iwgw-saivo-toc\" aria-expanded=\"true\" aria-label=\"\u00d6ppna inneh\u00e5llsf\u00f6rteckning\"><svg aria-hidden=\"true\" class=\"e-font-icon-svg e-fas-chevron-down\" viewBox=\"0 0 448 512\" xmlns=\"http:\/\/www.w3.org\/2000\/svg\"><path d=\"M207.029 381.476L12.686 187.132c-9.373-9.373-9.373-24.569 0-33.941l22.667-22.667c9.357-9.357 24.522-9.375 33.901-.04L224 284.505l154.745-154.021c9.379-9.335 24.544-9.317 33.901.04l22.667 22.667c9.373 9.373 9.373 24.569 0 33.941L240.971 381.476c-9.373 9.372-24.569 9.372-33.942 0z\"><\/path><\/svg><\/div>\n\t\t\t\t<div class=\"elementor-toc__toggle-button elementor-toc__toggle-button--collapse\" role=\"button\" tabindex=\"0\" aria-controls=\"elementor-toc__iwgw-saivo-toc\" aria-expanded=\"true\" aria-label=\"St\u00e4ng inneh\u00e5llsf\u00f6rteckning\"><svg aria-hidden=\"true\" class=\"e-font-icon-svg e-fas-chevron-up\" viewBox=\"0 0 448 512\" xmlns=\"http:\/\/www.w3.org\/2000\/svg\"><path d=\"M240.971 130.524l194.343 194.343c9.373 9.373 9.373 24.569 0 33.941l-22.667 22.667c-9.357 9.357-24.522 9.375-33.901.04L224 227.495 69.255 381.516c-9.379 9.335-24.544 9.317-33.901-.04l-22.667-22.667c-9.373-9.373-9.373-24.569 0-33.941L207.03 130.525c9.372-9.373 24.568-9.373 33.941-.001z\"><\/path><\/svg><\/div>\n\t\t\t\t\t<\/div>\n\t\t\t\t<div id=\"elementor-toc__iwgw-saivo-toc\" class=\"elementor-toc__body\">\n\t\t\t<div class=\"elementor-toc__spinner-container\">\n\t\t\t\t<svg class=\"elementor-toc__spinner eicon-animation-spin e-font-icon-svg e-eicon-loading\" aria-hidden=\"true\" viewBox=\"0 0 1000 1000\" xmlns=\"http:\/\/www.w3.org\/2000\/svg\"><path d=\"M500 975V858C696 858 858 696 858 500S696 142 500 142 142 304 142 500H25C25 237 238 25 500 25S975 237 975 500 763 975 500 975Z\"><\/path><\/svg>\t\t\t<\/div>\n\t\t<\/div>\n\t\t\t\t\t\t<\/div>\n\t\t\t\t<\/div>\n\t\t\t\t\t<\/div>\n\t\t\t\t<\/div>\n\t\t<div class=\"elementor-element elementor-element-iwgw-saivo-hr e-con-full e-flex e-con e-child\" data-id=\"iwgw-saivo-hr\" data-element_type=\"container\" data-e-type=\"container\">\n\t\t\t\t<div class=\"elementor-element elementor-element-iwgw-saivo-heroimg iwg-hero-image elementor-widget elementor-widget-image\" data-id=\"iwgw-saivo-heroimg\" data-element_type=\"widget\" data-e-type=\"widget\" data-widget_type=\"image.default\">\n\t\t\t\t\t\t\t\t\t\t\t\t\t\t\t<img fetchpriority=\"high\" decoding=\"async\" width=\"683\" height=\"1024\" src=\"https:\/\/iwell-guard.com\/wp-content\/uploads\/2026\/05\/geister_sami_saivo-683x1024.webp\" class=\"attachment-large size-large wp-image-136056\" alt=\"Saivo \u2013 andar fr\u00e5n den samiska traditionen, historiskt-illustrativt\" srcset=\"https:\/\/iwell-guard.com\/wp-content\/uploads\/2026\/05\/geister_sami_saivo-683x1024.webp 683w, https:\/\/iwell-guard.com\/wp-content\/uploads\/2026\/05\/geister_sami_saivo-200x300.webp 200w, https:\/\/iwell-guard.com\/wp-content\/uploads\/2026\/05\/geister_sami_saivo-768x1152.webp 768w, https:\/\/iwell-guard.com\/wp-content\/uploads\/2026\/05\/geister_sami_saivo.webp 1024w\" sizes=\"(max-width: 683px) 100vw, 683px\" \/>\t\t\t\t\t\t\t\t\t\t\t\t\t\t\t<\/div>\n\t\t\t\t<\/div>\n\t\t\t\t\t<\/div>\n\t\t\t\t<\/div>\n\t\t\t\t<section class=\"elementor-section elementor-top-section elementor-element elementor-element-sec-iwgcomp2-saivo elementor-section-boxed elementor-section-height-default elementor-section-height-default\" data-id=\"sec-iwgcomp2-saivo\" data-element_type=\"section\" data-e-type=\"section\">\n\t\t\t\t\t\t<div class=\"elementor-container elementor-column-gap-default\">\n\t\t\t\t\t<div class=\"elementor-column elementor-col-100 elementor-top-column elementor-element elementor-element-col-iwgcomp2-saivo\" data-id=\"col-iwgcomp2-saivo\" data-element_type=\"column\" data-e-type=\"column\">\n\t\t\t<div class=\"elementor-widget-wrap elementor-element-populated\">\n\t\t\t\t\t\t<div class=\"elementor-element elementor-element-iwgcomp2-saivo elementor-widget elementor-widget-text-editor\" data-id=\"iwgcomp2-saivo\" data-element_type=\"widget\" data-e-type=\"widget\" data-widget_type=\"text-editor.default\">\n\t\t\t\t\t\t\t\t\t<p>Saivo \u00e4r inom den samiska tron boplatsen f\u00f6r <strong>schamanernas hj\u00e4lpandar<\/strong>, i heliga berg och sj\u00f6ar.<\/p>\t\t\t\t\t\t\t\t<\/div>\n\t\t\t\t\t<\/div>\n\t\t<\/div>\n\t\t\t\t\t<\/div>\n\t\t<\/section>\n\t\t<div class=\"elementor-element elementor-element-iwgw-saivo-s0 e-flex e-con-boxed e-con e-parent\" data-id=\"iwgw-saivo-s0\" data-element_type=\"container\" data-e-type=\"container\">\n\t\t\t\t\t<div class=\"e-con-inner\">\n\t\t\t\t<div class=\"elementor-element elementor-element-iwgw-saivo-s0h elementor-widget elementor-widget-heading\" data-id=\"iwgw-saivo-s0h\" data-element_type=\"widget\" data-e-type=\"widget\" data-widget_type=\"heading.default\">\n\t\t\t\t\t<h2 class=\"elementor-heading-title elementor-size-default\">Kontextualisering och kortprofil<\/h2>\t\t\t\t<\/div>\n\t\t<div class=\"elementor-element elementor-element-iwgw-saivo-s0c e-con-full e-flex e-con e-child\" data-id=\"iwgw-saivo-s0c\" data-element_type=\"container\" data-e-type=\"container\">\n\t\t\t\t<div class=\"elementor-element elementor-element-iwgw-saivo-s0t elementor-widget elementor-widget-text-editor\" data-id=\"iwgw-saivo-s0t\" data-element_type=\"widget\" data-e-type=\"widget\" data-widget_type=\"text-editor.default\">\n\t\t\t\t\t\t\t\t\t<p>Saivo \u00e4r samtidigt en topografisk och religi\u00f6s dubbelbest\u00e4mning: en helig plats i landskapet (heliga berg, heliga sj\u00f6ar) och en v\u00e4rld av andar som bor p\u00e5 dessa platser. Denna dubbelbest\u00e4mning \u00e4r religionsfenomenologiskt egenartad och skiljer Saivo fr\u00e5n renodlat topografiska eller renodlat teologiska begrepp.<\/p><p>Saivo-andarna \u00e4r de viktigaste personliga hj\u00e4lpandarna f\u00f6r de samiska schamanerna (noaidi). Varje <span class=\"iwg-fachbegriff\" data-tooltip=\"Religi\u00f6s specialist som tillskrivs f\u00f6rmedlingen mellan m\u00e4nniskor och andev\u00e4rlden.\" tabindex=\"0\">schaman<\/span> hade en eller flera Saivo-hj\u00e4lpare som stod vid dennes sida i trans. Dessa hj\u00e4lpandar kunde anta olika gestalter: djur, m\u00e4nniska, <span class=\"iwg-fachbegriff\" data-tooltip=\"En varelse som f\u00f6renar egenskaper fr\u00e5n olika levande varelser.\" tabindex=\"0\">blandvarelse<\/span>.<\/p><p>Religionsvetenskapligt \u00e4r Saivo en egenartad konfiguration som strukturellt liknar <a href=\"https:\/\/iwell-guard.com\/sv\/inuit-arktis-sedna-tornit-skyddspraxis\/\">inuiternas<\/a> Tornarssuk-f\u00f6rest\u00e4llning, men som skiljer sig i den topografiska f\u00f6rankringen. Denna f\u00f6rankring \u00e4r religionsfenomenologiskt ett eget fenomen och g\u00f6r Saivo till ett s\u00e4rskilt intressant forskningsobjekt.<\/p><p>Den heliga berg- och sj\u00f6v\u00e4rlden Saivo har i nyare forskning behandlats med ut\u00f6kade angreppss\u00e4tt som f\u00f6renar etnografisk noggrannhet, spr\u00e5klig k\u00e4llkritik och j\u00e4mf\u00f6rande perspektiv. Samiska forskare deltar idag sj\u00e4lva i detta arbete och korrigerar \u00e4ldre v\u00e4sterl\u00e4ndska tolkningar, som delvis pr\u00e4glades av koloniala syns\u00e4tt.<\/p><p>Genom sin dubbla natur av helig plats och andev\u00e4rld ansluter sig Saivo till ett m\u00f6nster av circumpol\u00e4r religi\u00f6s topografi som \u00e5terkommer \u00f6ver vida omr\u00e5den. Att denna struktur f\u00f6rblir stabil \u00f6ver tusentals kilometer betraktas av den j\u00e4mf\u00f6rande <span class=\"iwg-fachbegriff\" data-tooltip=\"Vetenskapen som utforskar religioner j\u00e4mf\u00f6rande och utan trosbundenhet.\" tabindex=\"0\">religionsvetenskapen<\/span> som ett av dess mest anm\u00e4rkningsv\u00e4rda fynd och \u00e4r fortfarande f\u00f6rem\u00e5l f\u00f6r p\u00e5g\u00e5ende diskussion.<\/p>\t\t\t\t\t\t\t\t<\/div>\n\t\t\t\t<\/div>\n\t\t\t\t\t<\/div>\n\t\t\t\t<\/div>\n\t\t<div class=\"elementor-element elementor-element-iwgw-saivo-s1 e-flex e-con-boxed e-con e-parent\" data-id=\"iwgw-saivo-s1\" data-element_type=\"container\" data-e-type=\"container\">\n\t\t\t\t\t<div class=\"e-con-inner\">\n\t\t\t\t<div class=\"elementor-element elementor-element-iwgw-saivo-s1h elementor-widget elementor-widget-heading\" data-id=\"iwgw-saivo-s1h\" data-element_type=\"widget\" data-e-type=\"widget\" data-widget_type=\"heading.default\">\n\t\t\t\t\t<h2 class=\"elementor-heading-title elementor-size-default\">Namn och etymologi<\/h2>\t\t\t\t<\/div>\n\t\t<div class=\"elementor-element elementor-element-iwgw-saivo-s1c e-con-full e-flex e-con e-child\" data-id=\"iwgw-saivo-s1c\" data-element_type=\"container\" data-e-type=\"container\">\n\t\t\t\t<div class=\"elementor-element elementor-element-iwgw-saivo-s1t elementor-widget elementor-widget-text-editor\" data-id=\"iwgw-saivo-s1t\" data-element_type=\"widget\" data-e-type=\"widget\" data-widget_type=\"text-editor.default\">\n\t\t\t\t\t\t\t\t\t<p>Namnet Saivo \u00e4r spr\u00e5kligt inte slutgiltigt klarlagt. En hypotes f\u00f6rbinder det med fornnordiska <em>s\u00e6<\/em> f\u00f6r hav eller sj\u00f6, vilket passar med vattensymboliken. En annan hypotes ser en sj\u00e4lvst\u00e4ndig uralisk rot med betydelsen <span class=\"iwg-fachbegriff\" data-tooltip=\"Tillh\u00f6rande det gudomliga och d\u00e4rmed undandragen den vardagliga anv\u00e4ndningen.\" tabindex=\"0\">helig<\/span> eller dold.<\/p><p>Etymologiskt har sl\u00e4ktskapet med det finska <em>s\u00e4iv\u00f6<\/em>, som betecknar liknande heliga platser, diskuterats. Denna koppling \u00e4r religionsfenomenologiskt produktiv och pekar mot ett gammalt finsk-ugriskt lager.<\/p><p>Dialektala varianter \u00e4r Saivve i sydsamiskt, S\u00e1jvva i umesamiskt, S\u00e1ivvu i nordsamiskt spr\u00e5kbruk. Denna m\u00e5ngfald motsvarar den allm\u00e4nna dialektala differentieringen inom samiskan.<\/p><p>Religionssociologiskt kan man fr\u00e5ga vilken funktion Saivo fyllde i den sociala ordningen i det traditionella samiska samh\u00e4llet. Eftersom Saivo-andarna som personliga hj\u00e4lpare till noaidi-schamanerna bar upp den rituella praktiken, var den religi\u00f6sa strukturen t\u00e4tt sammanfl\u00e4tad med det samh\u00e4lleliga livet.<\/p><p>Denna koppling utg\u00f6r ett eget religionsantropologiskt forskningsf\u00e4lt, som framf\u00f6r allt H\u00e5kan Rydving och Konsta Kaikkonen har unders\u00f6kt systematiskt.<\/p><p>Till detta kommer Saivos betydelse idag f\u00f6r den samiska identitetspolitiken. I samband med samernas sj\u00e4lvstyre och det folkr\u00e4ttsliga erk\u00e4nnandet av urfolks r\u00e4ttigheter vinner de heliga platserna och deras andev\u00e4rld p\u00e5 nytt synlighet. Samspelet mellan religionsforskning och politiskt erk\u00e4nnande utg\u00f6r h\u00e4r ett eget unders\u00f6kningsomr\u00e5de, som under de senaste \u00e5ren bearbetats med \u00f6kad uppm\u00e4rksamhet.<\/p>\t\t\t\t\t\t\t\t<\/div>\n\t\t\t\t<\/div>\n\t\t\t\t\t<\/div>\n\t\t\t\t<\/div>\n\t\t<div class=\"elementor-element elementor-element-iwgw-saivo-s2 e-flex e-con-boxed e-con e-parent\" data-id=\"iwgw-saivo-s2\" data-element_type=\"container\" data-e-type=\"container\">\n\t\t\t\t\t<div class=\"e-con-inner\">\n\t\t\t\t<div class=\"elementor-element elementor-element-iwgw-saivo-s2h elementor-widget elementor-widget-heading\" data-id=\"iwgw-saivo-s2h\" data-element_type=\"widget\" data-e-type=\"widget\" data-widget_type=\"heading.default\">\n\t\t\t\t\t<h2 class=\"elementor-heading-title elementor-size-default\">Topografi f\u00f6r Saivo-platserna<\/h2>\t\t\t\t<\/div>\n\t\t<div class=\"elementor-element elementor-element-iwgw-saivo-s2c e-con-full e-flex e-con e-child\" data-id=\"iwgw-saivo-s2c\" data-element_type=\"container\" data-e-type=\"container\">\n\t\t\t\t<div class=\"elementor-element elementor-element-iwgw-saivo-s2t elementor-widget elementor-widget-text-editor\" data-id=\"iwgw-saivo-s2t\" data-element_type=\"widget\" data-e-type=\"widget\" data-widget_type=\"text-editor.default\">\n\t\t\t\t\t\t\t\t\t<p>Saivo-platser \u00e4r konkret f\u00f6rlagda i det samiska landskapet. Best\u00e4mda berg, best\u00e4mda sj\u00f6ar, best\u00e4mda klippformationer identifieras som Saivo. Dessa platser \u00e4r adresser f\u00f6r offerg\u00e5vor och anropanden.<\/p><p>Utm\u00e4rkande \u00e4r f\u00f6rest\u00e4llningen om en omv\u00e4nd v\u00e4rld under Saivo-berget eller Saivo-sj\u00f6n. Medan samerna lever p\u00e5 ytan, lever Saivo-andarna i en speglad v\u00e4rld d\u00e4runder. Denna spegelf\u00f6rest\u00e4llning \u00e4r religionsfenomenologiskt ett eget fenomen.<\/p><p>Konkreta Saivo-platser \u00e4r etnografiskt dokumenterade. De ligger i de traditionella samiska bos\u00e4ttningsomr\u00e5dena och \u00e4r ofta f\u00f6rsedda med s\u00e4rskilda visuella k\u00e4nnetecken, till exempel p\u00e5fallande klippformationer, ovanliga sj\u00f6ar eller berg med s\u00e4rskild form.<\/p>\t\t\t\t\t\t\t\t<\/div>\n\t\t\t\t<\/div>\n\t\t\t\t\t<\/div>\n\t\t\t\t<\/div>\n\t\t<div class=\"elementor-element elementor-element-iwgw-saivo-s3 e-flex e-con-boxed e-con e-parent\" data-id=\"iwgw-saivo-s3\" data-element_type=\"container\" data-e-type=\"container\">\n\t\t\t\t\t<div class=\"e-con-inner\">\n\t\t\t\t<div class=\"elementor-element elementor-element-iwgw-saivo-s3h elementor-widget elementor-widget-heading\" data-id=\"iwgw-saivo-s3h\" data-element_type=\"widget\" data-e-type=\"widget\" data-widget_type=\"heading.default\">\n\t\t\t\t\t<h2 class=\"elementor-heading-title elementor-size-default\">Saivo-andarna som hj\u00e4lpandar<\/h2>\t\t\t\t<\/div>\n\t\t<div class=\"elementor-element elementor-element-iwgw-saivo-s3c e-con-full e-flex e-con e-child\" data-id=\"iwgw-saivo-s3c\" data-element_type=\"container\" data-e-type=\"container\">\n\t\t\t\t<div class=\"elementor-element elementor-element-iwgw-saivo-s3t elementor-widget elementor-widget-text-editor\" data-id=\"iwgw-saivo-s3t\" data-element_type=\"widget\" data-e-type=\"widget\" data-widget_type=\"text-editor.default\">\n\t\t\t\t\t\t\t\t\t<p>Saivo-andarna \u00e4r schamanernas personliga hj\u00e4lpandar. De kan upptr\u00e4da i olika gestalter: Saivo-Lodde som f\u00e5gel-<span class=\"iwg-fachbegriff\" data-tooltip=\"En kroppsl\u00f6s varelse som tillskrivs verkan i v\u00e4rlden.\" tabindex=\"0\">ande<\/span>, Saivo-Guelie som fisk-<span class=\"iwg-fachbegriff\" data-tooltip=\"En kroppsl\u00f6s varelse som tillskrivs verkan i v\u00e4rlden.\" tabindex=\"0\">ande<\/span>, Saivo-Sarvva som ren-<span class=\"iwg-fachbegriff\" data-tooltip=\"En kroppsl\u00f6s varelse som tillskrivs verkan i v\u00e4rlden.\" tabindex=\"0\">ande<\/span>, Saivo-Olmm\u00e1i som m\u00e4nnisko-<span class=\"iwg-fachbegriff\" data-tooltip=\"En kroppsl\u00f6s varelse som tillskrivs verkan i v\u00e4rlden.\" tabindex=\"0\">ande<\/span>.<\/p><p>Varje <span class=\"iwg-fachbegriff\" data-tooltip=\"Religi\u00f6s specialist som tillskrivs f\u00f6rmedling mellan m\u00e4nniskor och andev\u00e4rlden.\" tabindex=\"0\">schaman<\/span> hade en eller flera personliga Saivo-andar som tillfallit honom vid b\u00f6rjan av hans schamanska kallelse. Dessa hj\u00e4lpandar var f\u00f6rbundna med schamanen hela livet och kunde f\u00f6ras vidare till n\u00e4sta generation.<\/p><p>Vetenskapligt \u00e4r denna hj\u00e4lpandekonstellation strukturellt besl\u00e4ktad med <a href=\"https:\/\/iwell-guard.com\/sv\/inuit-arktis-sedna-tornit-skyddspraxis\/\">inuiternas<\/a> tornait-f\u00f6rest\u00e4llning (se <a href=\"https:\/\/iwell-guard.com\/sv\/tornarssuk-stor-skyddsande-shamaner\/\">Tornarssuk<\/a>). Den strukturella \u00f6verensst\u00e4mmelsen \u00e4r religionsfenomenologiskt ett eget fynd och pekar p\u00e5 cirkumpol\u00e4ra schamanska universalier.<\/p>\t\t\t\t\t\t\t\t<\/div>\n\t\t\t\t<\/div>\n\t\t\t\t\t<\/div>\n\t\t\t\t<\/div>\n\t\t<div class=\"elementor-element elementor-element-iwgw-saivo-s4 e-flex e-con-boxed e-con e-parent\" data-id=\"iwgw-saivo-s4\" data-element_type=\"container\" data-e-type=\"container\">\n\t\t\t\t\t<div class=\"e-con-inner\">\n\t\t\t\t<div class=\"elementor-element elementor-element-iwgw-saivo-s4h elementor-widget elementor-widget-heading\" data-id=\"iwgw-saivo-s4h\" data-element_type=\"widget\" data-e-type=\"widget\" data-widget_type=\"heading.default\">\n\t\t\t\t\t<h2 class=\"elementor-heading-title elementor-size-default\">Schamansk praxis med Saivo<\/h2>\t\t\t\t<\/div>\n\t\t<div class=\"elementor-element elementor-element-iwgw-saivo-s4c e-con-full e-flex e-con e-child\" data-id=\"iwgw-saivo-s4c\" data-element_type=\"container\" data-e-type=\"container\">\n\t\t\t\t<div class=\"elementor-element elementor-element-iwgw-saivo-s4t elementor-widget elementor-widget-text-editor\" data-id=\"iwgw-saivo-s4t\" data-element_type=\"widget\" data-e-type=\"widget\" data-widget_type=\"text-editor.default\">\n\t\t\t\t\t\t\t\t\t<p>Noaidi-praxisen var n\u00e4ra f\u00f6rbunden med Saivo. Vid varje transresa \u00e5kallade <span class=\"iwg-fachbegriff\" data-tooltip=\"Religi\u00f6s specialist som tillskrivs f\u00f6rmedling mellan m\u00e4nniskor och andev\u00e4rlden.\" tabindex=\"0\">schamanen<\/span> sina Saivo-hj\u00e4lpare, som visade honom v\u00e4gen till den andra v\u00e4rlden. Transen framkallades genom trumma och joik.<\/p><p>Saivo-hj\u00e4lparna kunde bist\u00e5 schamanen i olika uppgifter: bota sjukdomar, f\u00f6ruts\u00e4ga v\u00e4der, s\u00f6ka efter f\u00f6rlorade djur och ha kontakt med de d\u00f6da i <a href=\"https:\/\/iwell-guard.com\/sv\/jabmiidaibmu-dodsriket-samerna\/\">Jabmiidaibmu<\/a>. Denna m\u00e5ngfald av funktioner \u00e4r religionsfenomenologiskt typisk.<\/p><p>Konkreta ber\u00e4ttelser om schamanska resor \u00e4r detaljerat dokumenterade i k\u00e4llorna fr\u00e5n Schefferus, Leem och L\u00e6stadius. Dessa ber\u00e4ttelser \u00e4r religionsetnologiskt centrala f\u00f6r utforskningen av den samiska schamanska praxisen.<\/p>\t\t\t\t\t\t\t\t<\/div>\n\t\t\t\t<\/div>\n\t\t\t\t\t<\/div>\n\t\t\t\t<\/div>\n\t\t<div class=\"elementor-element elementor-element-iwgw-saivo-s5 e-flex e-con-boxed e-con e-parent\" data-id=\"iwgw-saivo-s5\" data-element_type=\"container\" data-e-type=\"container\">\n\t\t\t\t\t<div class=\"e-con-inner\">\n\t\t\t\t<div class=\"elementor-element elementor-element-iwgw-saivo-s5h elementor-widget elementor-widget-heading\" data-id=\"iwgw-saivo-s5h\" data-element_type=\"widget\" data-e-type=\"widget\" data-widget_type=\"heading.default\">\n\t\t\t\t\t<h2 class=\"elementor-heading-title elementor-size-default\">Saivo och de d\u00f6da<\/h2>\t\t\t\t<\/div>\n\t\t<div class=\"elementor-element elementor-element-iwgw-saivo-s5c e-con-full e-flex e-con e-child\" data-id=\"iwgw-saivo-s5c\" data-element_type=\"container\" data-e-type=\"container\">\n\t\t\t\t<div class=\"elementor-element elementor-element-iwgw-saivo-s5t elementor-widget elementor-widget-text-editor\" data-id=\"iwgw-saivo-s5t\" data-element_type=\"widget\" data-e-type=\"widget\" data-widget_type=\"text-editor.default\">\n\t\t\t\t\t\t\t\t\t<p>I vissa k\u00e4llor beskrivs Saivo inte bara som en andev\u00e4rld, utan \u00e4ven som vistelseort f\u00f6r vissa avlidna. Schamanernas f\u00f6rf\u00e4der, det vill s\u00e4ga de tidigare noaidi, bor i Saivo och blir sina eftertr\u00e4dares hj\u00e4lpandar.<\/p><p>Denna f\u00f6rest\u00e4llning f\u00f6rbinder Saivo med <a href=\"https:\/\/iwell-guard.com\/sv\/jabmiidaibmu-dodsriket-samerna\/\">Jabmiidaibmu<\/a> i en dubblering av d\u00f6dsrikena. Medan Jabmiidaibmu ansvarar f\u00f6r de vanliga avlidna, \u00e4r Saivo en s\u00e4rskild plats f\u00f6r de religi\u00f6st beg\u00e5vades f\u00f6rf\u00e4der.<\/p><p>Vetenskapligt \u00e4r denna dubblering av d\u00f6dsrikena en egen konfiguration. Den skiljer den samiska traditionen fr\u00e5n traditioner med ett enda d\u00f6dsrike och \u00e4r religionsfenomenologiskt utarbetad.<\/p>\t\t\t\t\t\t\t\t<\/div>\n\t\t\t\t<\/div>\n\t\t\t\t\t<\/div>\n\t\t\t\t<\/div>\n\t\t<div class=\"elementor-element elementor-element-iwgw-saivo-s6 e-flex e-con-boxed e-con e-parent\" data-id=\"iwgw-saivo-s6\" data-element_type=\"container\" data-e-type=\"container\">\n\t\t\t\t\t<div class=\"e-con-inner\">\n\t\t\t\t<div class=\"elementor-element elementor-element-iwgw-saivo-s6h elementor-widget elementor-widget-heading\" data-id=\"iwgw-saivo-s6h\" data-element_type=\"widget\" data-e-type=\"widget\" data-widget_type=\"heading.default\">\n\t\t\t\t\t<h2 class=\"elementor-heading-title elementor-size-default\">Saivo-tabun och offerpraxis<\/h2>\t\t\t\t<\/div>\n\t\t<div class=\"elementor-element elementor-element-iwgw-saivo-s6c e-con-full e-flex e-con e-child\" data-id=\"iwgw-saivo-s6c\" data-element_type=\"container\" data-e-type=\"container\">\n\t\t\t\t<div class=\"elementor-element elementor-element-iwgw-saivo-s6t elementor-widget elementor-widget-text-editor\" data-id=\"iwgw-saivo-s6t\" data-element_type=\"widget\" data-e-type=\"widget\" data-widget_type=\"text-editor.default\">\n\t\t\t\t\t\t\t\t\t<p>Saivo-platserna var omgivna av m\u00e5nga tabun. Den som bes\u00f6kte ett Saivo-berg m\u00e5ste vara <span class=\"iwg-fachbegriff\" data-tooltip=\"Tillh\u00f6rande ett fastst\u00e4llt religi\u00f6st handlingsf\u00f6rlopp.\" tabindex=\"0\">rituellt<\/span> ren, fick inte uttala vissa ord och m\u00e5ste ta med offerg\u00e5vor. \u00d6vertr\u00e4delser av Saivo-tabun kunde leda till sjukdom, jaktolycka eller d\u00f6d.<\/p><p>Offerg\u00e5vorna vid Saivo-platserna bestod oftast av renhorn, ben, tygbitar eller sm\u00e5 snidade figurer. Denna praxis kan delvis bel\u00e4ggas arkeologiskt, eftersom offerrester har hittats p\u00e5 n\u00e5gra Saivo-platser.<\/p><p>Att denna offerpraxis har bevarats \u00e4r vetenskapligt informativt. Det m\u00f6jligg\u00f6r en arkeologisk verifiering av de etnografiska uppteckningarna och g\u00f6r Saivo-religionen till ett forskningsobjekt som \u00e4r s\u00e4rskilt v\u00e4l belagt.<\/p>\t\t\t\t\t\t\t\t<\/div>\n\t\t\t\t<\/div>\n\t\t\t\t\t<\/div>\n\t\t\t\t<\/div>\n\t\t<div class=\"elementor-element elementor-element-iwgw-saivo-s7 e-flex e-con-boxed e-con e-parent\" data-id=\"iwgw-saivo-s7\" data-element_type=\"container\" data-e-type=\"container\">\n\t\t\t\t\t<div class=\"e-con-inner\">\n\t\t\t\t<div class=\"elementor-element elementor-element-iwgw-saivo-s7h elementor-widget elementor-widget-heading\" data-id=\"iwgw-saivo-s7h\" data-element_type=\"widget\" data-e-type=\"widget\" data-widget_type=\"heading.default\">\n\t\t\t\t\t<h2 class=\"elementor-heading-title elementor-size-default\">J\u00e4mf\u00f6relse med andra andev\u00e4rldar<\/h2>\t\t\t\t<\/div>\n\t\t<div class=\"elementor-element elementor-element-iwgw-saivo-s7c e-con-full e-flex e-con e-child\" data-id=\"iwgw-saivo-s7c\" data-element_type=\"container\" data-e-type=\"container\">\n\t\t\t\t<div class=\"elementor-element elementor-element-iwgw-saivo-s7t elementor-widget elementor-widget-text-editor\" data-id=\"iwgw-saivo-s7t\" data-element_type=\"widget\" data-e-type=\"widget\" data-widget_type=\"text-editor.default\">\n\t\t\t\t\t\t\t\t\t<p>Saivo tillh\u00f6r klassen av topografiskt f\u00f6rankrade andev\u00e4rldar, som f\u00f6rekommer i m\u00e5nga ursprungsreligioner. Strukturellt j\u00e4mf\u00f6rbara \u00e4r den finska Tuonela med sin topografiska placering, de nentsiska heliga bergen och de nordamerikanska manido-hemvisterna.<\/p><p>Det specifika f\u00f6r Saivo ligger i dubbelbest\u00e4mningen som topografisk plats och som boplats f\u00f6r personliga hj\u00e4lpandar. Denna dubbelbest\u00e4mning \u00e4r religionsfenomenologiskt egenartad och skiljer Saivo fr\u00e5n rent topografiska eller rent teologiska konfigurationer.<\/p><p>Inom den finsk-ugriska traditionen \u00e4r Saivo besl\u00e4ktat med den finska f\u00f6rest\u00e4llningen om <em>s\u00e4iv\u00f6<\/em>. Det strukturella sl\u00e4ktskapet pekar p\u00e5 ett gammalt gemensamt lager. Detta lager \u00e4r religionshistoriskt v\u00e4l dokumenterat.<\/p>\t\t\t\t\t\t\t\t<\/div>\n\t\t\t\t<\/div>\n\t\t\t\t\t<\/div>\n\t\t\t\t<\/div>\n\t\t<div class=\"elementor-element elementor-element-iwgw-saivo-s8 e-flex e-con-boxed e-con e-parent\" data-id=\"iwgw-saivo-s8\" data-element_type=\"container\" data-e-type=\"container\">\n\t\t\t\t\t<div class=\"e-con-inner\">\n\t\t\t\t<div class=\"elementor-element elementor-element-iwgw-saivo-s8h elementor-widget elementor-widget-heading\" data-id=\"iwgw-saivo-s8h\" data-element_type=\"widget\" data-e-type=\"widget\" data-widget_type=\"heading.default\">\n\t\t\t\t\t<h2 class=\"elementor-heading-title elementor-size-default\">Forskning och nul\u00e4ge<\/h2>\t\t\t\t<\/div>\n\t\t<div class=\"elementor-element elementor-element-iwgw-saivo-s8c e-con-full e-flex e-con e-child\" data-id=\"iwgw-saivo-s8c\" data-element_type=\"container\" data-e-type=\"container\">\n\t\t\t\t<div class=\"elementor-element elementor-element-iwgw-saivo-s8t elementor-widget elementor-widget-text-editor\" data-id=\"iwgw-saivo-s8t\" data-element_type=\"widget\" data-e-type=\"widget\" data-widget_type=\"text-editor.default\">\n\t\t\t\t\t\t\t\t\t<p>Forskningen om Saivo \u00e4r brett upplagd. H\u00e5kan Rydving, Juha Pentik\u00e4inen, Anna Lia Berthelsen och Konsta Kaikkonen har systematiskt utforskat Saivo-<span class=\"iwg-fachbegriff\" data-tooltip=\"Den vetenskapliga l\u00e4ran om Gud och en religions tro.\" tabindex=\"0\">teologin<\/span>. Arkeologiska arbeten vid Saivo-platser kompletterar det etnografiska k\u00e4ll\u00e4get.<\/p><p>I den samtida samiska kulturrevitaliseringen \u00e4r Saivo en betydelsefull gestalt. De heliga bergen och sj\u00f6arna skyddas i dag som en del av det samiska kulturarvet, vilket religionspolitiskt \u00e4r en viktig framg\u00e5ng.<\/p><p>Vetenskapligt \u00e4r bearbetningen av Saivo ett produktivt forskningsf\u00e4lt. Konkreta forskningsbehov finns i den arkeologiska kartl\u00e4ggningen av fler Saivo-platser och i den exakta religionsfenomenologiska differentieringen av Saivo-andarna.<\/p>\t\t\t\t\t\t\t\t<\/div>\n\t\t\t\t<\/div>\n\t\t\t\t\t<\/div>\n\t\t\t\t<\/div>\n\t\t<div class=\"elementor-element elementor-element-iwgw-saivo-s9 e-flex e-con-boxed e-con e-parent\" data-id=\"iwgw-saivo-s9\" data-element_type=\"container\" data-e-type=\"container\">\n\t\t\t\t\t<div class=\"e-con-inner\">\n\t\t\t\t<div class=\"elementor-element elementor-element-iwgw-saivo-s9h elementor-widget elementor-widget-heading\" data-id=\"iwgw-saivo-s9h\" data-element_type=\"widget\" data-e-type=\"widget\" data-widget_type=\"heading.default\">\n\t\t\t\t\t<h2 class=\"elementor-heading-title elementor-size-default\">Lexikonh\u00e4nvisningar<\/h2>\t\t\t\t<\/div>\n\t\t<div class=\"elementor-element elementor-element-iwgw-saivo-s9c e-con-full e-flex e-con e-child\" data-id=\"iwgw-saivo-s9c\" data-element_type=\"container\" data-e-type=\"container\">\n\t\t\t\t<div class=\"elementor-element elementor-element-iwgw-saivo-s9t elementor-widget elementor-widget-text-editor\" data-id=\"iwgw-saivo-s9t\" data-element_type=\"widget\" data-e-type=\"widget\" data-widget_type=\"text-editor.default\">\n\t\t\t\t\t\t\t\t\t<p>Saivo har samband med <a href=\"https:\/\/iwell-guard.com\/sv\/jabmiidaibmu-dodsriket-samerna\/\">Jabmiidaibmu<\/a>, <a href=\"https:\/\/iwell-guard.com\/sv\/beaivi-solgudinnan-hos-samerna\/\">Beaivi<\/a>, <a href=\"https:\/\/iwell-guard.com\/sv\/mannu-mangud-hos-samerna\/\">M\u00e1nnu<\/a>, <a href=\"https:\/\/iwell-guard.com\/sv\/rahka-fadergud-samisk-religion\/\">R\u00e1hka<\/a>, <a href=\"https:\/\/iwell-guard.com\/sv\/stallo-manniskoatande-jatte\/\">Stallo<\/a>, <a href=\"https:\/\/iwell-guard.com\/sv\/sara-akka-fodelsegudinna-samerna\/\">Sara-Akka<\/a>, <a href=\"https:\/\/iwell-guard.com\/sv\/uksakka-dorrgudinna-troskelvaktare-samerna\/\">Uksakka<\/a>, <a href=\"https:\/\/iwell-guard.com\/sv\/juksakka-bagens-gudinna-pojkarnas-beskyddare\/\">Juksakka<\/a> och <a href=\"https:\/\/iwell-guard.com\/sv\/madderakka-urmoder-hogsta-akka\/\">Madderakka<\/a>. Kulturnavet <a href=\"https:\/\/iwell-guard.com\/sv\/sami-noaidi-trumma\/\">samisk tradition<\/a> ramar in de heliga bergv\u00e4rldarna. Strukturellt likartade hj\u00e4lpandeboplatser finns i <a href=\"https:\/\/iwell-guard.com\/sv\/inuit-arktis-sedna-tornit-skyddspraxis\/\">inuit<\/a>-uppslagsordsserien under <em>Tornarssuk<\/em>.<\/p>\t\t\t\t\t\t\t\t<\/div>\n\t\t\t\t<\/div>\n\t\t\t\t\t<\/div>\n\t\t\t\t<\/div>\n\t\t<div class=\"elementor-element elementor-element-cp2fc47813 e-flex e-con-boxed e-con e-parent\" data-id=\"cp2fc47813\" data-element_type=\"container\" data-e-type=\"container\">\n\t\t\t\t\t<div class=\"e-con-inner\">\n\t\t\t\t<div class=\"elementor-element elementor-element-cp2a94fa09 elementor-widget elementor-widget-heading\" data-id=\"cp2a94fa09\" data-element_type=\"widget\" data-e-type=\"widget\" data-widget_type=\"heading.default\">\n\t\t\t\t\t<h2 class=\"elementor-heading-title elementor-size-default\">Saivo som plats och som v\u00e4sensomr\u00e5de: om begreppets betydelse<\/h2>\t\t\t\t<\/div>\n\t\t<div class=\"elementor-element elementor-element-cp2ffcc7ba e-flex e-con-boxed e-con e-child\" data-id=\"cp2ffcc7ba\" data-element_type=\"container\" data-e-type=\"container\">\n\t\t\t\t\t<div class=\"e-con-inner\">\n\t\t\t\t<div class=\"elementor-element elementor-element-cp2493c457 elementor-widget elementor-widget-text-editor\" data-id=\"cp2493c457\" data-element_type=\"widget\" data-e-type=\"widget\" data-widget_type=\"text-editor.default\">\n\t\t\t\t\t\t\t\t\t<p>Det samiska begreppet <em>saivo<\/em> (i regionala varianter \u00e4ven <em>saiva<\/em>, <em>s\u00e1iva<\/em>) betecknar mindre en enskild v\u00e4sen \u00e4n ett helt omr\u00e5de av den bortomv\u00e4rldsliga v\u00e4rlden. I k\u00e4llorna framtr\u00e4der saivo som en sf\u00e4r f\u00f6rbunden med vissa heliga sj\u00f6ar, berg och platser i landskapet.<\/p><p>Karakteristisk \u00e4r f\u00f6rest\u00e4llningen om sj\u00f6ar med dubbel botten: under det synliga vattnet ligger en andra botten, i vilken en egen v\u00e4rld med egna fiskar och v\u00e4sen existerar.<\/p><p>Med saivo f\u00f6rknippades f\u00f6rest\u00e4llningen att d\u00e4r levde <em>saivo<\/em>-v\u00e4sen, till vilka r\u00e4knades hj\u00e4lpandar \u00e5t <em>noaidi<\/em>, de samiska rituella specialisterna. Dessa andar kunde anta djurgestalt, till exempel som <em>saivo<\/em>-fisk, <em>saivo<\/em>-f\u00e5gel eller <em>saivo<\/em>-ren, och underst\u00f6dde noaidin p\u00e5 dennes resor till de bortomv\u00e4rldsliga sf\u00e4rerna.<\/p><p>Samtidigt ans\u00e5gs saivo i vissa traditioner vara en vistelseort f\u00f6r de d\u00f6da eller f\u00f6r vissa f\u00f6rf\u00e4der, s\u00e5 att begreppet betecknar ett rum d\u00e4r andev\u00e4rld och d\u00f6dsrike ber\u00f6r varandra.<\/p><p>Den exakta avgr\u00e4nsningen av saivo gentemot andra bortomv\u00e4rldsliga sf\u00e4rer i den samiska <span class=\"iwg-fachbegriff\" data-tooltip=\"F\u00f6rest\u00e4llningen om v\u00e4rldens uppbyggnad och ordning inom en kultur.\" tabindex=\"0\">kosmologin<\/span> \u00e4r inte enhetlig i k\u00e4llorna. Vid sidan av saivo n\u00e4mns \u00e4ven en underjordisk v\u00e4rld och himmelska sf\u00e4rer, och rapporterna mots\u00e4ger varandra delvis.<\/p><p>Detta beror \u00e5 ena sidan p\u00e5 den regionala m\u00e5ngfalden inom den samiska religionen \u00f6ver ett enormt bos\u00e4ttningsomr\u00e5de, \u00e5 andra sidan p\u00e5 den fragmentariska och genom kristna observat\u00f6rer filtrerade <span class=\"iwg-fachbegriff\" data-tooltip=\"Vidaref\u00f6randet av kunskap och ber\u00e4ttelser genom generationerna.\" tabindex=\"0\">\u00f6verl\u00e4mningen<\/span>. Man kan sl\u00e5 fast att saivo var en central men begreppsligt oskarp best\u00e5ndsdel i den samiska f\u00f6rest\u00e4llningen om en flerskiktad v\u00e4rld. Besl\u00e4ktade f\u00f6rest\u00e4llningar om heliga platser finns \u00e4ven hos andra <a href=\"https:\/\/iwell-guard.com\/sv\/sami-noaidi-trumma\/\">nordeurasiska kulturer<\/a>.<\/p>\t\t\t\t\t\t\t\t<\/div>\n\t\t\t\t\t<\/div>\n\t\t\t\t<\/div>\n\t\t\t\t\t<\/div>\n\t\t\t\t<\/div>\n\t\t<div class=\"elementor-element elementor-element-cp2a7ae17a e-flex e-con-boxed e-con e-parent\" data-id=\"cp2a7ae17a\" data-element_type=\"container\" data-e-type=\"container\">\n\t\t\t\t\t<div class=\"e-con-inner\">\n\t\t\t\t<div class=\"elementor-element elementor-element-cp2b8c42db elementor-widget elementor-widget-heading\" data-id=\"cp2b8c42db\" data-element_type=\"widget\" data-e-type=\"widget\" data-widget_type=\"heading.default\">\n\t\t\t\t\t<h2 class=\"elementor-heading-title elementor-size-default\">Saivo-andar och shamansk praktik: en tradition f\u00f6rvr\u00e4ngd av missionen<\/h2>\t\t\t\t<\/div>\n\t\t<div class=\"elementor-element elementor-element-cp2ac09e8f e-flex e-con-boxed e-con e-child\" data-id=\"cp2ac09e8f\" data-element_type=\"container\" data-e-type=\"container\">\n\t\t\t\t\t<div class=\"e-con-inner\">\n\t\t\t\t<div class=\"elementor-element elementor-element-cp21d51adc elementor-widget elementor-widget-text-editor\" data-id=\"cp21d51adc\" data-element_type=\"widget\" data-e-type=\"widget\" data-widget_type=\"text-editor.default\">\n\t\t\t\t\t\t\t\t\t<p>F\u00f6rbindelsen mellan Saivo och noaidis praktik g\u00f6r begreppet viktigt f\u00f6r religionsforskningen, men samtidigt s\u00e4rskilt k\u00e4nsligt ur k\u00e4llkritisk synvinkel.<\/p><p>N\u00e4stan allt som \u00e4r k\u00e4nt om saivo-hj\u00e4lpandarna h\u00e4rstammar fr\u00e5n skrifter av kristna mission\u00e4rer fr\u00e5n 1600- och 1700-talet, som betraktade noaidi och hans trumma som dj\u00e4vulens verktyg. Skildringar av saivo-andar uppstod allts\u00e5 i samband med den aktiva bek\u00e4mpningen av den inhemska religionen.<\/p><p>Denna tillkomstsituation har pr\u00e4glat <span class=\"iwg-fachbegriff\" data-tooltip=\"Vidaref\u00f6randet av kunskap och ber\u00e4ttelser genom generationer.\" tabindex=\"0\">traditionen<\/span> i flera avseenden. F\u00f6r det f\u00f6rsta demoniserades saivo-andarna av observat\u00f6rerna och pressades in i ett kristet m\u00f6nster av pakt och besatthet.<\/p><p>F\u00f6r det andra intresserade sig uppteckningsm\u00e4nnen framf\u00f6r allt f\u00f6r det spektakul\u00e4ra, exempelvis noaidis trance, medan Saivos vardagliga kopplingar till landskapet och jakten fick mindre uppm\u00e4rksamhet. F\u00f6r det tredje h\u00e4rstammar m\u00e5nga uppgifter fr\u00e5n f\u00f6rh\u00f6rssituationer, till exempel i samband med r\u00e4tteg\u00e5ngar mot samiska rituella specialister, vilket ytterligare minskar tillf\u00f6rlitligheten.<\/p><p>Nyare forskning, bland annat arbeten av H\u00e5kan Rydving och andra skandinavister och religionsvetare, betonar d\u00e4rf\u00f6r att den \u00f6verl\u00e4mnade bilden av saivo-andarna inte f\u00e5r l\u00e4sas som en direkt avbild av samiska f\u00f6rest\u00e4llningar. Vissa detaljer torde vara mission\u00e4rskonstruktioner, medan andra \u00e4nd\u00e5 tr\u00e4ffar k\u00e4rnan av en inhemsk tradition.<\/p><p>Som relativt v\u00e4l belagd betraktas grundf\u00f6rest\u00e4llningen om Saivo som en andebefolkad bortomv\u00e4rldslig sf\u00e4r, f\u00f6rbunden med konkreta heliga platser i landskapet. Detaljerna kring saivo-andarna och deras roll i noaidi-praktiken f\u00f6rblir d\u00e4remot f\u00f6renade med betydande os\u00e4kerhet.<\/p>\t\t\t\t\t\t\t\t<\/div>\n\t\t\t\t\t<\/div>\n\t\t\t\t<\/div>\n\t\t\t\t\t<\/div>\n\t\t\t\t<\/div>\n\t\t<div class=\"elementor-element elementor-element-iwgw-saivo-lit e-flex e-con-boxed e-con e-parent\" data-id=\"iwgw-saivo-lit\" data-element_type=\"container\" data-e-type=\"container\">\n\t\t\t\t\t<div class=\"e-con-inner\">\n\t\t\t\t<div class=\"elementor-element elementor-element-iwgw-saivo-lith elementor-widget elementor-widget-heading\" data-id=\"iwgw-saivo-lith\" data-element_type=\"widget\" data-e-type=\"widget\" data-widget_type=\"heading.default\">\n\t\t\t\t\t<h2 class=\"elementor-heading-title elementor-size-default\">Litteratur (urval)<\/h2>\t\t\t\t<\/div>\n\t\t<div class=\"elementor-element elementor-element-iwgw-saivo-litc e-con-full e-flex e-con e-child\" data-id=\"iwgw-saivo-litc\" data-element_type=\"container\" data-e-type=\"container\">\n\t\t\t\t<div class=\"elementor-element elementor-element-iwgw-saivo-litt elementor-widget elementor-widget-text-editor\" data-id=\"iwgw-saivo-litt\" data-element_type=\"widget\" data-e-type=\"widget\" data-widget_type=\"text-editor.default\">\n\t\t\t\t\t\t\t\t\t<div data-nosnippet=\"true\"><ul><li>Johannes Schefferus: <em>Lapponia<\/em> (Frankfurt 1673)<\/li><li>Knud Leem: <em>Beskrivelse over Finmarkens Lapper<\/em> (Kopenhagen 1767)<\/li><li>Lars Levi L\u00e6stadius: <em>Fragmenter i lappska mythologien<\/em> (Manuskript ca. 1840)<\/li><li>H\u00e5kan Rydving: <em>The End of Drum-Time<\/em> (Uppsala 1993)<\/li><li>Juha Pentik\u00e4inen: <em>Saamelaiset<\/em> (Helsinki 1995)<\/li><li>Konsta Kaikkonen: <em>Sami Pre-Christian Religion<\/em> (Helsinki 2020)<\/li><\/ul><\/div>\t\t\t\t\t\t\t\t<\/div>\n\t\t\t\t<\/div>\n\t\t\t\t\t<\/div>\n\t\t\t\t<\/div>\n\t\t<div class=\"elementor-element elementor-element-iwgkw2-add-saivo e-flex e-con-boxed e-con e-parent\" data-id=\"iwgkw2-add-saivo\" data-element_type=\"container\" data-e-type=\"container\">\n\t\t\t\t\t<div class=\"e-con-inner\">\n\t\t\t\t<div class=\"elementor-element elementor-element-iwgkw2-add-saivo-t elementor-widget elementor-widget-text-editor\" data-id=\"iwgkw2-add-saivo-t\" data-element_type=\"widget\" data-e-type=\"widget\" data-widget_type=\"text-editor.default\">\n\t\t\t\t\t\t\t\t\t<p>Saivo betraktas i den \u00e4ldre samiska <span class=\"iwg-fachbegriff\" data-tooltip=\"Vidaref\u00f6randet av kunskap och ber\u00e4ttelser genom generationer.\" tabindex=\"0\">traditionen<\/span> som ett heligt <em>andehem<\/em> inuti bergen och sj\u00f6arna, d\u00e4r f\u00f6rf\u00e4derna och de shamanska hj\u00e4lpdjuren bor och som bes\u00f6ks av noaidi under trumresor.<\/p>\t\t\t\t\t\t\t\t<\/div>\n\t\t\t\t\t<\/div>\n\t\t\t\t<\/div>\n\t\t<div class=\"elementor-element elementor-element-iwgw-saivo-kwd e-flex e-con-boxed e-con e-parent\" data-id=\"iwgw-saivo-kwd\" data-element_type=\"container\" data-e-type=\"container\">\n\t\t\t\t\t<div class=\"e-con-inner\">\n\t\t<div class=\"elementor-element elementor-element-iwgw-saivo-kwdc e-con-full e-flex e-con e-child\" data-id=\"iwgw-saivo-kwdc\" data-element_type=\"container\" data-e-type=\"container\">\n\t\t\t\t<div class=\"elementor-element elementor-element-iwgw-saivo-kwdt elementor-widget elementor-widget-text-editor\" data-id=\"iwgw-saivo-kwdt\" data-element_type=\"widget\" data-e-type=\"widget\" data-widget_type=\"text-editor.default\">\n\t\t\t\t\t\t\t\t\t<p><em>Relaterade nyckelbegrepp: Saivo S\u00e1jvva Saaivo Sami Helig v\u00e4rld Andeboning Noaidi Hj\u00e4lpandar.<\/em><\/p>\t\t\t\t\t\t\t\t<\/div>\n\t\t\t\t<\/div>\n\t\t\t\t\t<\/div>\n\t\t\t\t<\/div>\n\t\t<div class=\"elementor-element elementor-element-iwgw-saivo-cc e-flex e-con-boxed e-con e-parent\" data-id=\"iwgw-saivo-cc\" data-element_type=\"container\" data-e-type=\"container\" id=\"iwg-cc-saivo\">\n\t\t\t\t\t<div class=\"e-con-inner\">\n\t\t<div class=\"elementor-element elementor-element-iwgw-saivo-ccinner e-flex e-con-boxed e-con e-parent\" data-id=\"iwgw-saivo-ccinner\" data-element_type=\"container\" data-e-type=\"container\" data-settings=\"{&quot;background_background&quot;:&quot;classic&quot;}\">\n\t\t\t\t\t<div class=\"e-con-inner\">\n\t\t\t\t<div class=\"elementor-element elementor-element-iwgw-saivo-cch elementor-widget elementor-widget-heading\" data-id=\"iwgw-saivo-cch\" data-element_type=\"widget\" data-e-type=\"widget\" data-widget_type=\"heading.default\">\n\t\t\t\t\t<h2 class=\"elementor-heading-title elementor-size-default\">iWell Guard och skyddstraditioner<\/h2>\t\t\t\t<\/div>\n\t\t\t\t<div class=\"elementor-element elementor-element-iwgw-saivo-cct elementor-widget elementor-widget-text-editor\" data-id=\"iwgw-saivo-cct\" data-element_type=\"widget\" data-e-type=\"widget\" data-widget_type=\"text-editor.default\">\n\t\t\t\t\t\t\t\t\t<div data-nosnippet=\"true\"><p>iWell Guard ansluter till den kulturhistoriska traditionen av b\u00e4rbara skyddsobjekt, i traditionen fr\u00e5n <a href=\"https:\/\/iwell-guard.com\/sv\/sami-noaidi-trumma\/\">samerna<\/a> och m\u00e5nga andra kulturer v\u00e4rlden \u00f6ver. 41 lager, \u00e4kta guld, platina, silver, tillverkad i Tyskland. 30 dagars returr\u00e4tt.<\/p><\/div>\t\t\t\t\t\t\t\t<\/div>\n\t\t\t\t<div class=\"elementor-element elementor-element-iwgw-saivo-ccb iwg-cc-button iwg-cc-cta-2026-05-13 elementor-widget elementor-widget-jet-button\" data-id=\"iwgw-saivo-ccb\" data-element_type=\"widget\" data-e-type=\"widget\" data-widget_type=\"jet-button.default\">\n\t\t\t\t<div class=\"elementor-widget-container\">\n\t\t\t\t\t<div class=\"elementor-jet-button jet-elements\"><div class=\"jet-button__container\"><a class=\"jet-button__instance jet-button__instance--icon-left hover-effect-1\" href=\"\/ueber-iwell-guard\/?utm_source=iwell-guard.com&amp;utm_medium=info-box&amp;utm_campaign=wesen-tradition\"><div class=\"jet-button__plane jet-button__plane-normal\"><\/div><div class=\"jet-button__plane jet-button__plane-hover\"><\/div><div class=\"jet-button__state jet-button__state-normal\"><span class=\"jet-button__label\">Mer om iWell Guard<\/span><\/div><div class=\"jet-button__state jet-button__state-hover\"><span class=\"jet-button__label\">Mer om iWell Guard<\/span><\/div><\/a><\/div><\/div><style>.elementor-element.elementor-element-iwgw-saivo-ccb .jet-button__instance{width:320px;height:56px;}.elementor-element.elementor-element-iwgw-saivo-ccb .jet-button__state-normal .jet-button__label{text-align:center;margin:0px 0px 0px 0px;color:#1a1b20;font-family:Montserrat,sans-serif;font-size:13px;font-weight:400;letter-spacing:4px;line-height:1.714em;text-transform:uppercase;}.elementor-element.elementor-element-iwgw-saivo-ccb .jet-button__state-hover .jet-button__label{text-align:center;margin:0px 0px 0px 0px;color:#FECC76;font-family:Montserrat,sans-serif;font-size:13px;font-weight:400;letter-spacing:4px;line-height:1.714em;text-transform:uppercase;}.elementor-element.elementor-element-iwgw-saivo-ccb .jet-button__plane-normal{background-color:#FECC76;border-style:solid;border-color:#C99540;border-width:2px 2px 2px 2px;}.elementor-element.elementor-element-iwgw-saivo-ccb .jet-button__plane-hover{background-color:rgba(0,0,0,0.55);border-style:solid;border-color:#FECC76;border-width:2px 2px 2px 2px;}<\/style>\t\t\t\t<\/div>\n\t\t\t\t<\/div>\n\t\t\t\t<div class=\"elementor-element elementor-element-iwgw-saivo-ccd elementor-widget elementor-widget-text-editor\" data-id=\"iwgw-saivo-ccd\" data-element_type=\"widget\" data-e-type=\"widget\" data-widget_type=\"text-editor.default\">\n\t\t\t\t\t\t\t\t\t<div data-nosnippet=\"true\"><p style=\"text-align:center;font-size:13px;opacity:0.7;margin-top:14px\" data-nosnippet=\"true\">Personliga erfarenheter kan variera. Ingen medicinteknisk produkt. Inget l\u00f6fte om l\u00e4kning.<\/p><\/div>\t\t\t\t\t\t\t\t<\/div>\n\t\t\t\t\t<\/div>\n\t\t\t\t<\/div>\n\t\t\t\t\t<\/div>\n\t\t\t\t<\/div>\n\t\t<div class=\"elementor-element elementor-element-iwgw-saivo-disc e-flex e-con-boxed e-con e-parent\" data-id=\"iwgw-saivo-disc\" data-element_type=\"container\" data-e-type=\"container\">\n\t\t\t\t\t<div class=\"e-con-inner\">\n\t\t\t\t<div class=\"elementor-element elementor-element-iwgw-saivo-discw elementor-widget elementor-widget-html\" data-id=\"iwgw-saivo-discw\" data-element_type=\"widget\" data-e-type=\"widget\" data-widget_type=\"html.default\">\n\t\t\t\t\t<footer data-nosnippet=\"true\" class=\"iwg-disclaimer-block\"><p data-nosnippet=\"true\">iWell Guard \u00e4r <strong>ingen medicinteknisk produkt<\/strong> och ers\u00e4tter inte l\u00e4karv\u00e5rd eller psykoterapeutisk behandling. De religionsvetenskapliga inneh\u00e5llen \u00e4r kulturhistorisk inordning, ingen andlig praxisrekommendation.<\/p><\/footer>\t\t\t\t<\/div>\n\t\t\t\t\t<\/div>\n\t\t\t\t<\/div>\n\t\t\t\t<\/div>\n\t\t","protected":false},"excerpt":{"rendered":"","protected":false},"author":3,"featured_media":2889,"parent":0,"menu_order":0,"comment_status":"closed","ping_status":"closed","template":"elementor_header_footer","meta":{"_yoast_wpseo_focuskw":"Saivo Samisk Helig V\u00e4rld","_yoast_wpseo_title":"Saivo - Samernas heliga v\u00e4rld och andehem","_yoast_wpseo_metadesc":"Saivo \u00e4r den heliga berg- och sj\u00f6v\u00e4rlden inom den samiska religionen, boplats f\u00f6r schamanernas hj\u00e4lpandar. Religionsvetenskaplig inordning.","_yoast_wpseo_meta-robots-noindex":"","_yoast_wpseo_canonical":"","_angie_page":false,"gefaehrdungsstufe":"1","wesen_kultur":"sami","wesen_klasse":"geister","footnotes":""},"categories":[],"class_list":["post-136921","page","type-page","status-publish","has-post-thumbnail","hentry"],"yoast_head":"<!-- This site is optimized with the Yoast SEO Premium plugin v27.7 (Yoast SEO v28.3) - https:\/\/yoast.com\/product\/yoast-seo-premium-wordpress\/ -->\n<title>Saivo - Samernas heliga v\u00e4rld och andehem<\/title>\n<meta name=\"description\" content=\"Saivo \u00e4r den heliga berg- och sj\u00f6v\u00e4rlden inom den samiska religionen, boplats f\u00f6r schamanernas hj\u00e4lpandar. Religionsvetenskaplig inordning.\" \/>\n<meta name=\"robots\" content=\"index, follow, max-snippet:-1, max-image-preview:large, max-video-preview:-1\" \/>\n<link rel=\"canonical\" href=\"https:\/\/iwell-guard.com\/sv\/saivo-heliga-berg-och-sjovarld\/\" \/>\n<meta property=\"og:locale\" content=\"sv_SE\" \/>\n<meta property=\"og:type\" content=\"article\" \/>\n<meta property=\"og:title\" content=\"Saivo - Samernas heliga berg- och sj\u00f6v\u00e4rld\" \/>\n<meta property=\"og:description\" content=\"Saivo \u00e4r den heliga berg- och sj\u00f6v\u00e4rlden inom den samiska religionen, boplats f\u00f6r schamanernas hj\u00e4lpandar. Religionsvetenskaplig inordning.\" \/>\n<meta property=\"og:url\" content=\"https:\/\/iwell-guard.com\/sv\/saivo-heliga-berg-och-sjovarld\/\" \/>\n<meta property=\"og:site_name\" content=\"iWell Guard\" \/>\n<meta property=\"article:modified_time\" content=\"2026-09-03T01:15:45+00:00\" \/>\n<meta property=\"og:image\" content=\"https:\/\/iwell-guard.com\/wp-content\/uploads\/2026\/05\/geister_sami_saivo.webp\" \/>\n\t<meta property=\"og:image:width\" content=\"1024\" \/>\n\t<meta property=\"og:image:height\" content=\"1536\" \/>\n\t<meta property=\"og:image:type\" content=\"image\/webp\" \/>\n<meta name=\"twitter:card\" content=\"summary_large_image\" \/>\n<script type=\"application\/ld+json\" class=\"yoast-schema-graph\">{\"@context\":\"https:\\\/\\\/schema.org\",\"@graph\":[{\"@type\":\"WebPage\",\"@id\":\"https:\\\/\\\/iwell-guard.com\\\/sv\\\/saivo-heliga-berg-och-sjovarld\\\/\",\"url\":\"https:\\\/\\\/iwell-guard.com\\\/sv\\\/saivo-heliga-berg-och-sjovarld\\\/\",\"name\":\"Saivo - Samernas heliga v\u00e4rld och andehem\",\"isPartOf\":{\"@id\":\"https:\\\/\\\/iwell-guard.com\\\/sv\\\/#website\"},\"primaryImageOfPage\":{\"@id\":\"https:\\\/\\\/iwell-guard.com\\\/sv\\\/saivo-heliga-berg-och-sjovarld\\\/#primaryimage\"},\"image\":{\"@id\":\"https:\\\/\\\/iwell-guard.com\\\/sv\\\/saivo-heliga-berg-och-sjovarld\\\/#primaryimage\"},\"thumbnailUrl\":\"https:\\\/\\\/iwell-guard.com\\\/wp-content\\\/uploads\\\/2026\\\/05\\\/geister_sami_saivo.webp\",\"datePublished\":\"2026-09-03T00:11:12+00:00\",\"dateModified\":\"2026-09-03T01:15:45+00:00\",\"description\":\"Saivo \u00e4r den heliga berg- och sj\u00f6v\u00e4rlden inom den samiska religionen, boplats f\u00f6r schamanernas hj\u00e4lpandar. Religionsvetenskaplig inordning.\",\"breadcrumb\":{\"@id\":\"https:\\\/\\\/iwell-guard.com\\\/sv\\\/saivo-heliga-berg-och-sjovarld\\\/#breadcrumb\"},\"inLanguage\":\"sv-SE\",\"potentialAction\":[{\"@type\":\"ReadAction\",\"target\":[\"https:\\\/\\\/iwell-guard.com\\\/sv\\\/saivo-heliga-berg-och-sjovarld\\\/\"]}]},{\"@type\":\"ImageObject\",\"inLanguage\":\"sv-SE\",\"@id\":\"https:\\\/\\\/iwell-guard.com\\\/sv\\\/saivo-heliga-berg-och-sjovarld\\\/#primaryimage\",\"url\":\"https:\\\/\\\/iwell-guard.com\\\/wp-content\\\/uploads\\\/2026\\\/05\\\/geister_sami_saivo.webp\",\"contentUrl\":\"https:\\\/\\\/iwell-guard.com\\\/wp-content\\\/uploads\\\/2026\\\/05\\\/geister_sami_saivo.webp\",\"width\":1024,\"height\":1536,\"caption\":\"Andar fr\u00e5n den samiska traditionen.\"},{\"@type\":\"BreadcrumbList\",\"@id\":\"https:\\\/\\\/iwell-guard.com\\\/sv\\\/saivo-heliga-berg-och-sjovarld\\\/#breadcrumb\",\"itemListElement\":[{\"@type\":\"ListItem\",\"position\":1,\"name\":\"Start\",\"item\":\"https:\\\/\\\/iwell-guard.com\\\/sv\\\/?page_id=136483\"},{\"@type\":\"ListItem\",\"position\":2,\"name\":\"Saivo &#8211; Samernas heliga berg- och sj\u00f6v\u00e4rld\"}]},{\"@type\":\"WebSite\",\"@id\":\"https:\\\/\\\/iwell-guard.com\\\/sv\\\/#website\",\"url\":\"https:\\\/\\\/iwell-guard.com\\\/sv\\\/\",\"name\":\"iWell Guard\",\"description\":\"Schutz vor dunklen Einfl\u00fcssen\",\"publisher\":{\"@id\":\"https:\\\/\\\/iwell-guard.com\\\/sv\\\/#organization\"},\"potentialAction\":[{\"@type\":\"SearchAction\",\"target\":{\"@type\":\"EntryPoint\",\"urlTemplate\":\"https:\\\/\\\/iwell-guard.com\\\/sv\\\/?s={search_term_string}\"},\"query-input\":{\"@type\":\"PropertyValueSpecification\",\"valueRequired\":true,\"valueName\":\"search_term_string\"}}],\"inLanguage\":\"sv-SE\"},{\"@type\":\"Organization\",\"@id\":\"https:\\\/\\\/iwell-guard.com\\\/sv\\\/#organization\",\"name\":\"Ittermann electronic GmbH\",\"url\":\"https:\\\/\\\/iwell-guard.com\\\/sv\\\/\",\"logo\":{\"@type\":\"ImageObject\",\"inLanguage\":\"sv-SE\",\"@id\":\"https:\\\/\\\/iwell-guard.com\\\/sv\\\/#\\\/schema\\\/logo\\\/image\\\/\",\"url\":\"https:\\\/\\\/iwell-guard.com\\\/wp-content\\\/uploads\\\/2026\\\/05\\\/Ittermann-Logo-1182x237-1.png\",\"contentUrl\":\"https:\\\/\\\/iwell-guard.com\\\/wp-content\\\/uploads\\\/2026\\\/05\\\/Ittermann-Logo-1182x237-1.png\",\"width\":1182,\"height\":237,\"caption\":\"Ittermann electronic GmbH\"},\"image\":{\"@id\":\"https:\\\/\\\/iwell-guard.com\\\/sv\\\/#\\\/schema\\\/logo\\\/image\\\/\"},\"sameAs\":[\"https:\\\/\\\/pantip.com\\\/profile\\\/9367242\",\"https:\\\/\\\/micro.blog\\\/iwellguard\",\"https:\\\/\\\/www.diggerslist.com\\\/iwellguard\\\/about\",\"https:\\\/\\\/skitterphoto.com\\\/photographers\\\/2870314\\\/iwell-guard\",\"https:\\\/\\\/iwellguard.wordpress.com\\\/2026\\\/06\\\/06\\\/iwell-guard\\\/\",\"https:\\\/\\\/hub.docker.com\\\/u\\\/iwellguard\",\"https:\\\/\\\/www.pinterest.com\\\/iwellguard\\\/\",\"https:\\\/\\\/bit.ly\\\/m\\\/iwellguard\",\"https:\\\/\\\/entre-vos-mains.alsace.eu\\\/profiles\\\/iwellguard\\\/activity\",\"https:\\\/\\\/gravatar.com\\\/reallybeded8fd34\",\"https:\\\/\\\/naijamatta.com\\\/iwellguard\",\"https:\\\/\\\/www.goodreads.com\\\/iwellguard\",\"https:\\\/\\\/profile.hatena.ne.jp\\\/iwellguard\\\/\",\"https:\\\/\\\/experiment.com\\\/users\\\/iwellguard\",\"https:\\\/\\\/wakelet.com\\\/@iWellGuard82270\",\"https:\\\/\\\/www.chordie.com\\\/forum\\\/profile.php?id=2555664\",\"https:\\\/\\\/www.instapaper.com\\\/p\\\/17757966\",\"https:\\\/\\\/www.mapleprimes.com\\\/users\\\/iwellguard\",\"https:\\\/\\\/businesslistingplus.com\\\/profile\\\/iwell-guard\\\/\",\"https:\\\/\\\/telegra.ph\\\/iWell-Guard-06-06\",\"https:\\\/\\\/pbase.com\\\/iwellguard\\\/iwellguard\",\"https:\\\/\\\/b.hatena.ne.jp\\\/iwellguard\\\/20260607#bookmark-4788405196491818882\",\"https:\\\/\\\/fliphtml5.com\\\/home\\\/iwellguard\",\"https:\\\/\\\/anyflip.com\\\/homepage\\\/cmiwl#About\",\"https:\\\/\\\/transfur.com\\\/Users\\\/iwellguard\",\"http:\\\/\\\/delphi.larsbo.org\\\/user\\\/iwellguard\",\"https:\\\/\\\/jobs.lajobsportal.org\\\/profiles\\\/8380803-iwell-guard\",\"https:\\\/\\\/md.chaosdorf.de\\\/s\\\/jfbe5SBdJD\",\"https:\\\/\\\/www.lingvolive.com\\\/en-us\\\/profile\\\/9ecaeaca-ce11-4e51-9e71-01d55e2bff36\\\/translations\",\"https:\\\/\\\/www.fitday.com\\\/fitness\\\/forums\\\/members\\\/iwellguard.html\",\"https:\\\/\\\/www.mymeetbook.com\\\/iwellguard\",\"https:\\\/\\\/pxhere.com\\\/en\\\/photographer-me\\\/5040798\",\"https:\\\/\\\/disqus.com\\\/by\\\/iwellguard\\\/about\\\/\",\"https:\\\/\\\/pastelink.net\\\/hjwciqwq\",\"https:\\\/\\\/pubhtml5.com\\\/homepage\\\/scjhn\\\/\",\"https:\\\/\\\/www.bitchute.com\\\/channel\\\/2O2eOKzNqujT\",\"https:\\\/\\\/audiomack.com\\\/iwellguard\"]},{\"@type\":\"Article\",\"@id\":\"https:\\\/\\\/iwell-guard.com\\\/sv\\\/saivo-heliga-berg-och-sjovarld\\\/#article\",\"isPartOf\":{\"@id\":\"https:\\\/\\\/iwell-guard.com\\\/sv\\\/saivo-heliga-berg-och-sjovarld\\\/\"},\"author\":{\"name\":\"Ralf Ittermann\",\"@id\":\"https:\\\/\\\/iwell-guard.com\\\/sv\\\/#\\\/schema\\\/person\\\/ee2a27f1cac3406c7c6fb5820cb7349f\"},\"headline\":\"Saivo &#8211; Samernas heliga berg- och sj\u00f6v\u00e4rld\",\"datePublished\":\"2026-09-03T00:11:12+00:00\",\"dateModified\":\"2026-09-03T01:15:45+00:00\",\"mainEntityOfPage\":{\"@id\":\"https:\\\/\\\/iwell-guard.com\\\/sv\\\/saivo-heliga-berg-och-sjovarld\\\/\"},\"publisher\":{\"@id\":\"https:\\\/\\\/iwell-guard.com\\\/sv\\\/#organization\"},\"image\":{\"@id\":\"https:\\\/\\\/iwell-guard.com\\\/sv\\\/saivo-heliga-berg-och-sjovarld\\\/#primaryimage\"},\"thumbnailUrl\":\"https:\\\/\\\/iwell-guard.com\\\/wp-content\\\/uploads\\\/2026\\\/05\\\/geister_sami_saivo.webp\",\"inLanguage\":\"sv-SE\",\"description\":\"Saivo \u00e4r den heliga berg- och sj\u00f6v\u00e4rlden inom den samiska religionen, boplats f\u00f6r schamanernas hj\u00e4lpandar. Religionsvetenskaplig inordning.\"}]}<\/script>\n<!-- \/ Yoast SEO Premium plugin. -->","yoast_head_json":{"title":"Saivo - Samernas heliga v\u00e4rld och andehem","description":"Saivo \u00e4r den heliga berg- och sj\u00f6v\u00e4rlden inom den samiska religionen, boplats f\u00f6r schamanernas hj\u00e4lpandar. Religionsvetenskaplig inordning.","robots":{"index":"index","follow":"follow","max-snippet":"max-snippet:-1","max-image-preview":"max-image-preview:large","max-video-preview":"max-video-preview:-1"},"canonical":"https:\/\/iwell-guard.com\/sv\/saivo-heliga-berg-och-sjovarld\/","og_locale":"sv_SE","og_type":"article","og_title":"Saivo - Samernas heliga berg- och sj\u00f6v\u00e4rld","og_description":"Saivo \u00e4r den heliga berg- och sj\u00f6v\u00e4rlden inom den samiska religionen, boplats f\u00f6r schamanernas hj\u00e4lpandar. Religionsvetenskaplig inordning.","og_url":"https:\/\/iwell-guard.com\/sv\/saivo-heliga-berg-och-sjovarld\/","og_site_name":"iWell Guard","article_modified_time":"2026-09-03T01:15:45+00:00","og_image":[{"width":1024,"height":1536,"url":"https:\/\/iwell-guard.com\/wp-content\/uploads\/2026\/05\/geister_sami_saivo.webp","type":"image\/webp"}],"twitter_card":"summary_large_image","schema":{"@context":"https:\/\/schema.org","@graph":[{"@type":"Article","@id":"https:\/\/iwell-guard.com\/sv\/saivo-heliga-berg-och-sjovarld\/#article","isPartOf":{"@id":"https:\/\/iwell-guard.com\/sv\/saivo-heliga-berg-och-sjovarld\/"},"author":{"name":"Ralf Ittermann","@id":"https:\/\/iwell-guard.com\/sv\/#\/schema\/person\/ee2a27f1cac3406c7c6fb5820cb7349f"},"headline":"Saivo &#8211; Samernas heliga berg- och sj\u00f6v\u00e4rld","datePublished":"2026-09-03T00:11:12+00:00","dateModified":"2026-09-03T01:15:45+00:00","mainEntityOfPage":{"@id":"https:\/\/iwell-guard.com\/sv\/saivo-heliga-berg-och-sjovarld\/"},"publisher":{"@id":"https:\/\/iwell-guard.com\/sv\/#organization"},"image":{"@id":"https:\/\/iwell-guard.com\/sv\/saivo-heliga-berg-och-sjovarld\/#primaryimage"},"thumbnailUrl":"https:\/\/iwell-guard.com\/wp-content\/uploads\/2026\/05\/geister_sami_saivo.webp","inLanguage":"sv-SE","description":"Saivo \u00e4r den heliga berg- och sj\u00f6v\u00e4rlden inom den samiska religionen, boplats f\u00f6r schamanernas hj\u00e4lpandar. Religionsvetenskaplig inordning."},{"@type":"WebPage","@id":"https:\/\/iwell-guard.com\/sv\/saivo-heliga-berg-och-sjovarld\/","url":"https:\/\/iwell-guard.com\/sv\/saivo-heliga-berg-och-sjovarld\/","name":"Saivo - Samernas heliga v\u00e4rld och andehem","isPartOf":{"@id":"https:\/\/iwell-guard.com\/sv\/#website"},"primaryImageOfPage":{"@id":"https:\/\/iwell-guard.com\/sv\/saivo-heliga-berg-och-sjovarld\/#primaryimage"},"image":{"@id":"https:\/\/iwell-guard.com\/sv\/saivo-heliga-berg-och-sjovarld\/#primaryimage"},"thumbnailUrl":"https:\/\/iwell-guard.com\/wp-content\/uploads\/2026\/05\/geister_sami_saivo.webp","datePublished":"2026-09-03T00:11:12+00:00","dateModified":"2026-09-03T01:15:45+00:00","description":"Saivo \u00e4r den heliga berg- och sj\u00f6v\u00e4rlden inom den samiska religionen, boplats f\u00f6r schamanernas hj\u00e4lpandar. Religionsvetenskaplig inordning.","breadcrumb":{"@id":"https:\/\/iwell-guard.com\/sv\/saivo-heliga-berg-och-sjovarld\/#breadcrumb"},"inLanguage":"sv-SE","potentialAction":[{"@type":"ReadAction","target":["https:\/\/iwell-guard.com\/sv\/saivo-heliga-berg-och-sjovarld\/"]}]},{"@type":"ImageObject","inLanguage":"sv-SE","@id":"https:\/\/iwell-guard.com\/sv\/saivo-heliga-berg-och-sjovarld\/#primaryimage","url":"https:\/\/iwell-guard.com\/wp-content\/uploads\/2026\/05\/geister_sami_saivo.webp","contentUrl":"https:\/\/iwell-guard.com\/wp-content\/uploads\/2026\/05\/geister_sami_saivo.webp","width":1024,"height":1536,"caption":"Andar fr\u00e5n den samiska traditionen."},{"@type":"BreadcrumbList","@id":"https:\/\/iwell-guard.com\/sv\/saivo-heliga-berg-och-sjovarld\/#breadcrumb","itemListElement":[{"@type":"ListItem","position":1,"name":"Start","item":"https:\/\/iwell-guard.com\/sv\/?page_id=136483"},{"@type":"ListItem","position":2,"name":"Saivo &#8211; Samernas heliga berg- och sj\u00f6v\u00e4rld"}]},{"@type":"WebSite","@id":"https:\/\/iwell-guard.com\/sv\/#website","url":"https:\/\/iwell-guard.com\/sv\/","name":"iWell Guard","description":"Schutz vor dunklen Einfl\u00fcssen","publisher":{"@id":"https:\/\/iwell-guard.com\/sv\/#organization"},"potentialAction":[{"@type":"SearchAction","target":{"@type":"EntryPoint","urlTemplate":"https:\/\/iwell-guard.com\/sv\/?s={search_term_string}"},"query-input":{"@type":"PropertyValueSpecification","valueRequired":true,"valueName":"search_term_string"}}],"inLanguage":"sv-SE"},{"@type":"Organization","@id":"https:\/\/iwell-guard.com\/sv\/#organization","name":"Ittermann electronic GmbH","url":"https:\/\/iwell-guard.com\/sv\/","logo":{"@type":"ImageObject","inLanguage":"sv-SE","@id":"https:\/\/iwell-guard.com\/sv\/#\/schema\/logo\/image\/","url":"https:\/\/iwell-guard.com\/wp-content\/uploads\/2026\/05\/Ittermann-Logo-1182x237-1.png","contentUrl":"https:\/\/iwell-guard.com\/wp-content\/uploads\/2026\/05\/Ittermann-Logo-1182x237-1.png","width":1182,"height":237,"caption":"Ittermann electronic GmbH"},"image":{"@id":"https:\/\/iwell-guard.com\/sv\/#\/schema\/logo\/image\/"},"sameAs":["https:\/\/pantip.com\/profile\/9367242","https:\/\/micro.blog\/iwellguard","https:\/\/www.diggerslist.com\/iwellguard\/about","https:\/\/skitterphoto.com\/photographers\/2870314\/iwell-guard","https:\/\/iwellguard.wordpress.com\/2026\/06\/06\/iwell-guard\/","https:\/\/hub.docker.com\/u\/iwellguard","https:\/\/www.pinterest.com\/iwellguard\/","https:\/\/bit.ly\/m\/iwellguard","https:\/\/entre-vos-mains.alsace.eu\/profiles\/iwellguard\/activity","https:\/\/gravatar.com\/reallybeded8fd34","https:\/\/naijamatta.com\/iwellguard","https:\/\/www.goodreads.com\/iwellguard","https:\/\/profile.hatena.ne.jp\/iwellguard\/","https:\/\/experiment.com\/users\/iwellguard","https:\/\/wakelet.com\/@iWellGuard82270","https:\/\/www.chordie.com\/forum\/profile.php?id=2555664","https:\/\/www.instapaper.com\/p\/17757966","https:\/\/www.mapleprimes.com\/users\/iwellguard","https:\/\/businesslistingplus.com\/profile\/iwell-guard\/","https:\/\/telegra.ph\/iWell-Guard-06-06","https:\/\/pbase.com\/iwellguard\/iwellguard","https:\/\/b.hatena.ne.jp\/iwellguard\/20260607#bookmark-4788405196491818882","https:\/\/fliphtml5.com\/home\/iwellguard","https:\/\/anyflip.com\/homepage\/cmiwl#About","https:\/\/transfur.com\/Users\/iwellguard","http:\/\/delphi.larsbo.org\/user\/iwellguard","https:\/\/jobs.lajobsportal.org\/profiles\/8380803-iwell-guard","https:\/\/md.chaosdorf.de\/s\/jfbe5SBdJD","https:\/\/www.lingvolive.com\/en-us\/profile\/9ecaeaca-ce11-4e51-9e71-01d55e2bff36\/translations","https:\/\/www.fitday.com\/fitness\/forums\/members\/iwellguard.html","https:\/\/www.mymeetbook.com\/iwellguard","https:\/\/pxhere.com\/en\/photographer-me\/5040798","https:\/\/disqus.com\/by\/iwellguard\/about\/","https:\/\/pastelink.net\/hjwciqwq","https:\/\/pubhtml5.com\/homepage\/scjhn\/","https:\/\/www.bitchute.com\/channel\/2O2eOKzNqujT","https:\/\/audiomack.com\/iwellguard"]},{"@type":"Person","@id":"https:\/\/iwell-guard.com\/sv\/#\/schema\/person\/ee2a27f1cac3406c7c6fb5820cb7349f","name":"Ralf Ittermann","image":{"@type":"ImageObject","inLanguage":"sv-SE","@id":"https:\/\/secure.gravatar.com\/avatar\/073c0153e350a5005b68eb752b445fea71f6b24a26da9449ad7e155e6b446c9d?s=96&d=mm&r=g","url":"https:\/\/secure.gravatar.com\/avatar\/073c0153e350a5005b68eb752b445fea71f6b24a26da9449ad7e155e6b446c9d?s=96&d=mm&r=g","contentUrl":"https:\/\/secure.gravatar.com\/avatar\/073c0153e350a5005b68eb752b445fea71f6b24a26da9449ad7e155e6b446c9d?s=96&d=mm&r=g","caption":"Ralf Ittermann"},"givenName":"Ralf","familyName":"Ittermann","jobTitle":"Gesch\u00e4ftsf\u00fchrer und redaktioneller Verantwortlicher","url":"https:\/\/iwell-guard.com\/sv\/author\/claude\/","description":"Ralf Ittermann ist Gesch\u00e4ftsf\u00fchrer der Ittermann electronic GmbH und redaktioneller Verantwortlicher des iWell-Guard-Lexikons. Er verbindet langj\u00e4hrige Erfahrung in der Pr\u00e4zisionsfertigung mit medialer Praxis und religionsgeschichtlicher Quellenarbeit.","worksFor":{"@type":"Organization","name":"Ittermann electronic GmbH","url":"https:\/\/ittermann.de\/","address":{"@type":"PostalAddress","streetAddress":"K\u00f6hlergasse 16-18","postalCode":"99842","addressLocality":"Ruhla","addressCountry":"DE"}},"knowsAbout":["Religionsgeschichte","Mythologie","Mediale Praxis","Energetische Diagnostik","Schutzpraxis","Volksglauben","Westliche Esoterik"]},{"@type":"Article","@id":"https:\/\/iwell-guard.com\/sv\/saivo-heliga-berg-och-sjovarld\/#article","isPartOf":{"@id":"https:\/\/iwell-guard.com\/sv\/saivo-heliga-berg-och-sjovarld\/"},"author":{"name":"Ralf Ittermann","@id":"https:\/\/iwell-guard.com\/sv\/#\/schema\/person\/ee2a27f1cac3406c7c6fb5820cb7349f"},"headline":"Saivo &#8211; Samernas heliga berg- och sj\u00f6v\u00e4rld","datePublished":"2026-09-03T00:11:12+00:00","dateModified":"2026-09-03T01:15:45+00:00","mainEntityOfPage":{"@id":"https:\/\/iwell-guard.com\/sv\/saivo-heliga-berg-och-sjovarld\/"},"publisher":{"@id":"https:\/\/iwell-guard.com\/sv\/#organization"},"image":{"@id":"https:\/\/iwell-guard.com\/sv\/saivo-heliga-berg-och-sjovarld\/#primaryimage"},"thumbnailUrl":"https:\/\/iwell-guard.com\/wp-content\/uploads\/2026\/05\/geister_sami_saivo.webp","inLanguage":"sv-SE","description":"Saivo \u00e4r den heliga berg- och sj\u00f6v\u00e4rlden inom den samiska religionen, boplats f\u00f6r schamanernas hj\u00e4lpandar. Religionsvetenskaplig inordning."}]}},"_links":{"self":[{"href":"https:\/\/iwell-guard.com\/sv\/wp-json\/wp\/v2\/pages\/136921","targetHints":{"allow":["GET"]}}],"collection":[{"href":"https:\/\/iwell-guard.com\/sv\/wp-json\/wp\/v2\/pages"}],"about":[{"href":"https:\/\/iwell-guard.com\/sv\/wp-json\/wp\/v2\/types\/page"}],"author":[{"embeddable":true,"href":"https:\/\/iwell-guard.com\/sv\/wp-json\/wp\/v2\/users\/3"}],"replies":[{"embeddable":true,"href":"https:\/\/iwell-guard.com\/sv\/wp-json\/wp\/v2\/comments?post=136921"}],"version-history":[{"count":0,"href":"https:\/\/iwell-guard.com\/sv\/wp-json\/wp\/v2\/pages\/136921\/revisions"}],"wp:featuredmedia":[{"embeddable":true,"href":"https:\/\/iwell-guard.com\/sv\/wp-json\/wp\/v2\/media\/2889"}],"wp:attachment":[{"href":"https:\/\/iwell-guard.com\/sv\/wp-json\/wp\/v2\/media?parent=136921"}],"wp:term":[{"taxonomy":"category","embeddable":true,"href":"https:\/\/iwell-guard.com\/sv\/wp-json\/wp\/v2\/categories?post=136921"}],"curies":[{"name":"wp","href":"https:\/\/api.w.org\/{rel}","templated":true}]}}