{"id":136920,"date":"2026-09-03T00:11:11","date_gmt":"2026-09-03T00:11:11","guid":{"rendered":"https:\/\/iwell-guard.com\/?page_id=136920"},"modified":"2026-09-03T01:15:45","modified_gmt":"2026-09-03T01:15:45","slug":"jabmiidaibmu-dodsriket-samerna","status":"publish","type":"page","link":"https:\/\/iwell-guard.com\/sv\/jabmiidaibmu-dodsriket-samerna\/","title":{"rendered":"Jabmiidaibmu &#8211; d\u00f6dsriket och de avlidnas rike hos samerna"},"content":{"rendered":"\t\t<div data-elementor-type=\"wp-page\" data-elementor-id=\"136920\" class=\"elementor elementor-136920 elementor-2672 elementor-bc-flex-widget\" data-elementor-post-type=\"page\">\n\t\t\t\t<div class=\"elementor-element elementor-element-iwgw-jabmiidaib-hero e-flex e-con-boxed e-con e-parent\" data-id=\"iwgw-jabmiidaib-hero\" data-element_type=\"container\" data-e-type=\"container\" data-settings=\"{&quot;background_background&quot;:&quot;classic&quot;}\">\n\t\t\t\t\t<div class=\"e-con-inner\">\n\t\t<div class=\"elementor-element elementor-element-iwgw-jabmiidaib-hl e-flex e-con-boxed e-con e-child\" data-id=\"iwgw-jabmiidaib-hl\" data-element_type=\"container\" data-e-type=\"container\">\n\t\t\t\t\t<div class=\"e-con-inner\">\n\t\t<div class=\"elementor-element elementor-element-iwgw-jabmiidaib-htxt e-con-full e-flex e-con e-child\" data-id=\"iwgw-jabmiidaib-htxt\" data-element_type=\"container\" data-e-type=\"container\">\n\t\t\t\t<div class=\"elementor-element elementor-element-iwgw-jabmiidaib-h1 elementor-widget elementor-widget-heading\" data-id=\"iwgw-jabmiidaib-h1\" data-element_type=\"widget\" data-e-type=\"widget\" data-widget_type=\"heading.default\">\n\t\t\t\t\t<h1 class=\"elementor-heading-title elementor-size-default\">Jabmiidaibmu - d\u00f6dsriket och de avlidnas underjordiska rike i den samiska traditionen<\/h1>\t\t\t\t<\/div>\n\t\t\t\t<div class=\"elementor-element elementor-element-iwgw-jabmiidaib-lead elementor-widget elementor-widget-text-editor\" data-id=\"iwgw-jabmiidaib-lead\" data-element_type=\"widget\" data-e-type=\"widget\" data-widget_type=\"text-editor.default\">\n\t\t\t\t\t\t\t\t\t<p>Jabmiidaibmu, \u00e4ven skrivet Jamiaibmu, J\u00e1bme-aibmu eller Jamijmo, \u00e4r d\u00f6dsriket i den f\u00f6rkristna <a href=\"https:\/\/iwell-guard.com\/sv\/sami-noaidi-trumma\/\">samiska<\/a> religionen. Det ligger under jorden och h\u00e4rb\u00e4rgerar de avlidna. Religionsvetenskapligt h\u00f6r det till den vida klassen av underjordiska d\u00f6dsriken i cirkumpol\u00e4ra och nordeuropeiska mytologier.<\/p>\t\t\t\t\t\t\t\t<\/div>\n\t\t\t\t<\/div>\n\t\t<div class=\"elementor-element elementor-element-iwgw-jabmiidaib-pillc e-con-full e-flex e-con e-child\" data-id=\"iwgw-jabmiidaib-pillc\" data-element_type=\"container\" data-e-type=\"container\">\n\t\t\t\t<div class=\"elementor-element elementor-element-iwgw-jabmiidaib-pills elementor-widget elementor-widget-html\" data-id=\"iwgw-jabmiidaib-pills\" data-element_type=\"widget\" data-e-type=\"widget\" data-widget_type=\"html.default\">\n\t\t\t\t\t<div class=\"iwg-pill-row\"><span class=\"iwg-klasse-badge\" tabindex=\"0\" data-tooltip=\"D\u00f6dsandar inom traditionen Sami.\">D\u00f6dsandar<\/span><a href=\"https:\/\/iwell-guard.com\/sv\/sami-noaidi-trumma\/\" class=\"iwg-kultur-badge\" tabindex=\"0\" data-tooltip=\"Mytologi inom traditionen Sami.\">Sami<\/a><span class=\"iwg-tradition-badge\" tabindex=\"0\" data-tooltip=\"D\u00f6dsrike och underjord.\">D\u00f6dsrike och underjord<\/span><\/div>\t\t\t\t<\/div>\n\t\t\t\t<\/div>\n\t\t<div class=\"elementor-element elementor-element-iwgw-jabmiidaib-tocc e-con-full e-flex e-con e-child\" data-id=\"iwgw-jabmiidaib-tocc\" data-element_type=\"container\" data-e-type=\"container\">\n\t\t\t\t<div class=\"elementor-element elementor-element-iwgw-jabmiidaib-toc elementor-toc--minimized-on-tablet elementor-widget elementor-widget-table-of-contents\" data-id=\"iwgw-jabmiidaib-toc\" data-element_type=\"widget\" data-e-type=\"widget\" data-settings=\"{&quot;headings_by_tags&quot;:[&quot;h2&quot;,&quot;h3&quot;],&quot;minimize_box&quot;:&quot;yes&quot;,&quot;marker_view&quot;:&quot;bullets&quot;,&quot;no_headings_message&quot;:&quot;Inga rubriker hittades p\\u00e5 den h\\u00e4r sidan.&quot;,&quot;exclude_headings_by_selector&quot;:[],&quot;icon&quot;:{&quot;value&quot;:&quot;fas fa-circle&quot;,&quot;library&quot;:&quot;fa-solid&quot;,&quot;rendered_tag&quot;:&quot;&lt;svg class=\\&quot;e-font-icon-svg e-fas-circle\\&quot; viewBox=\\&quot;0 0 512 512\\&quot; xmlns=\\&quot;http:\\\/\\\/www.w3.org\\\/2000\\\/svg\\&quot;&gt;&lt;path d=\\&quot;M256 8C119 8 8 119 8 256s111 248 248 248 248-111 248-248S393 8 256 8z\\&quot;&gt;&lt;\\\/path&gt;&lt;\\\/svg&gt;&quot;},&quot;minimized_on&quot;:&quot;tablet&quot;,&quot;hierarchical_view&quot;:&quot;yes&quot;,&quot;min_height&quot;:{&quot;unit&quot;:&quot;px&quot;,&quot;size&quot;:&quot;&quot;,&quot;sizes&quot;:[]},&quot;min_height_tablet&quot;:{&quot;unit&quot;:&quot;px&quot;,&quot;size&quot;:&quot;&quot;,&quot;sizes&quot;:[]},&quot;min_height_mobile&quot;:{&quot;unit&quot;:&quot;px&quot;,&quot;size&quot;:&quot;&quot;,&quot;sizes&quot;:[]}}\" data-widget_type=\"table-of-contents.default\">\n\t\t\t\t\t\t\t\t\t<div class=\"elementor-toc__header\">\n\t\t\t\t\t\t<h2 class=\"elementor-toc__header-title\">\n\t\t\t\tInneh\u00e5llsf\u00f6rteckning\t\t\t<\/h2>\n\t\t\t\t\t\t\t\t\t\t<div class=\"elementor-toc__toggle-button elementor-toc__toggle-button--expand\" role=\"button\" tabindex=\"0\" aria-controls=\"elementor-toc__iwgw-jabmiidaib-toc\" aria-expanded=\"true\" aria-label=\"\u00d6ppna inneh\u00e5llsf\u00f6rteckning\"><svg aria-hidden=\"true\" class=\"e-font-icon-svg e-fas-chevron-down\" viewBox=\"0 0 448 512\" xmlns=\"http:\/\/www.w3.org\/2000\/svg\"><path d=\"M207.029 381.476L12.686 187.132c-9.373-9.373-9.373-24.569 0-33.941l22.667-22.667c9.357-9.357 24.522-9.375 33.901-.04L224 284.505l154.745-154.021c9.379-9.335 24.544-9.317 33.901.04l22.667 22.667c9.373 9.373 9.373 24.569 0 33.941L240.971 381.476c-9.373 9.372-24.569 9.372-33.942 0z\"><\/path><\/svg><\/div>\n\t\t\t\t<div class=\"elementor-toc__toggle-button elementor-toc__toggle-button--collapse\" role=\"button\" tabindex=\"0\" aria-controls=\"elementor-toc__iwgw-jabmiidaib-toc\" aria-expanded=\"true\" aria-label=\"St\u00e4ng inneh\u00e5llsf\u00f6rteckning\"><svg aria-hidden=\"true\" class=\"e-font-icon-svg e-fas-chevron-up\" viewBox=\"0 0 448 512\" xmlns=\"http:\/\/www.w3.org\/2000\/svg\"><path d=\"M240.971 130.524l194.343 194.343c9.373 9.373 9.373 24.569 0 33.941l-22.667 22.667c-9.357 9.357-24.522 9.375-33.901.04L224 227.495 69.255 381.516c-9.379 9.335-24.544 9.317-33.901-.04l-22.667-22.667c-9.373-9.373-9.373-24.569 0-33.941L207.03 130.525c9.372-9.373 24.568-9.373 33.941-.001z\"><\/path><\/svg><\/div>\n\t\t\t\t\t<\/div>\n\t\t\t\t<div id=\"elementor-toc__iwgw-jabmiidaib-toc\" class=\"elementor-toc__body\">\n\t\t\t<div class=\"elementor-toc__spinner-container\">\n\t\t\t\t<svg class=\"elementor-toc__spinner eicon-animation-spin e-font-icon-svg e-eicon-loading\" aria-hidden=\"true\" viewBox=\"0 0 1000 1000\" xmlns=\"http:\/\/www.w3.org\/2000\/svg\"><path d=\"M500 975V858C696 858 858 696 858 500S696 142 500 142 142 304 142 500H25C25 237 238 25 500 25S975 237 975 500 763 975 500 975Z\"><\/path><\/svg>\t\t\t<\/div>\n\t\t<\/div>\n\t\t\t\t\t\t<\/div>\n\t\t\t\t<\/div>\n\t\t\t\t\t<\/div>\n\t\t\t\t<\/div>\n\t\t<div class=\"elementor-element elementor-element-iwgw-jabmiidaib-hr e-con-full e-flex e-con e-child\" data-id=\"iwgw-jabmiidaib-hr\" data-element_type=\"container\" data-e-type=\"container\">\n\t\t\t\t<div class=\"elementor-element elementor-element-iwgw-jabmiidaib-heroimg iwg-hero-image elementor-widget elementor-widget-image\" data-id=\"iwgw-jabmiidaib-heroimg\" data-element_type=\"widget\" data-e-type=\"widget\" data-widget_type=\"image.default\">\n\t\t\t\t\t\t\t\t\t\t\t\t\t\t\t<img fetchpriority=\"high\" decoding=\"async\" width=\"683\" height=\"1024\" src=\"https:\/\/iwell-guard.com\/wp-content\/uploads\/2026\/05\/geister_sami_jabmiidaibmu-683x1024.webp\" class=\"attachment-large size-large wp-image-136057\" alt=\"Jabmiidaibmu - Andar fr\u00e5n den samiska traditionen, historiskt-illustrativt\" srcset=\"https:\/\/iwell-guard.com\/wp-content\/uploads\/2026\/05\/geister_sami_jabmiidaibmu-683x1024.webp 683w, https:\/\/iwell-guard.com\/wp-content\/uploads\/2026\/05\/geister_sami_jabmiidaibmu-200x300.webp 200w, https:\/\/iwell-guard.com\/wp-content\/uploads\/2026\/05\/geister_sami_jabmiidaibmu-768x1152.webp 768w, https:\/\/iwell-guard.com\/wp-content\/uploads\/2026\/05\/geister_sami_jabmiidaibmu.webp 1024w\" sizes=\"(max-width: 683px) 100vw, 683px\" \/>\t\t\t\t\t\t\t\t\t\t\t\t\t\t\t<\/div>\n\t\t\t\t<\/div>\n\t\t\t\t\t<\/div>\n\t\t\t\t<\/div>\n\t\t<div class=\"elementor-element elementor-element-iwgw-jabmiidaib-s0 e-flex e-con-boxed e-con e-parent\" data-id=\"iwgw-jabmiidaib-s0\" data-element_type=\"container\" data-e-type=\"container\">\n\t\t\t\t\t<div class=\"e-con-inner\">\n\t\t\t\t<div class=\"elementor-element elementor-element-iwgw-jabmiidaib-s0h elementor-widget elementor-widget-heading\" data-id=\"iwgw-jabmiidaib-s0h\" data-element_type=\"widget\" data-e-type=\"widget\" data-widget_type=\"heading.default\">\n\t\t\t\t\t<h2 class=\"elementor-heading-title elementor-size-default\">Kontextualisering och kortprofil<\/h2>\t\t\t\t<\/div>\n\t\t<div class=\"elementor-element elementor-element-iwgw-jabmiidaib-s0c e-con-full e-flex e-con e-child\" data-id=\"iwgw-jabmiidaib-s0c\" data-element_type=\"container\" data-e-type=\"container\">\n\t\t\t\t<div class=\"elementor-element elementor-element-iwgw-jabmiidaib-s0t elementor-widget elementor-widget-text-editor\" data-id=\"iwgw-jabmiidaib-s0t\" data-element_type=\"widget\" data-e-type=\"widget\" data-widget_type=\"text-editor.default\">\n\t\t\t\t\t\t\t\t\t<p>Jabmiidaibmu \u00e4r den samiska traditionens underjordiska d\u00f6dsrike. I k\u00e4llorna beskrivs det som en kall, skuggig plats d\u00e4r de avlidna lever vidare, dock utan att existera i samma form som p\u00e5 jorden.<\/p><p>Begreppet \u00e4r sammansatt av <em>j\u00e1bmi<\/em> f\u00f6r d\u00f6d och <em>\u00e1ibmu<\/em> f\u00f6r v\u00e4rld eller sf\u00e4r. Jabmiidaibmu betyder allts\u00e5 ordagrant de d\u00f6das v\u00e4rld eller d\u00f6dssf\u00e4r. Etymologin \u00e4r spr\u00e5kligt tydlig och v\u00e4l belagd religionsvetenskapligt.<\/p><p>Vetenskapligt h\u00f6r Jabmiidaibmu till den vida klassen av underjordiska d\u00f6dsriken som f\u00f6rekommer i m\u00e5nga religioner. Strukturellt j\u00e4mf\u00f6rbara \u00e4r inuiternas <a href=\"https:\/\/iwell-guard.com\/sv\/inuit-arktis-sedna-tornit-skyddspraxis\/\">Adlivun<\/a> (se <a href=\"https:\/\/iwell-guard.com\/sv\/anguta-sednas-far-och-underjordens-vaktare\/\">Anguta<\/a>), den grekiska underjorden Hades, den fornnordiska Helheim och det mesopotamiska Kurnugia.<\/p><p>\u00c4ven d\u00f6dsriket Jabmiidaibmu har i nyare forskning unders\u00f6kts med utvidgade metoder som f\u00f6renar etnografisk noggrannhet, spr\u00e5klig k\u00e4llkritik och j\u00e4mf\u00f6rande perspektiv. Den samiska kunskapsgemenskapen \u00e4r i dag sj\u00e4lv en del av denna forskning och granskar kritiskt \u00e4ldre v\u00e4sterl\u00e4ndska tolkningar av d\u00f6dsriket, i den m\u00e5n de f\u00e4rgats av koloniala tankem\u00f6nster.<\/p><p>Som de avlidnas underjordiska rike passar Jabmiidaibmu in i ett m\u00f6nster av cirkumpol\u00e4r religi\u00f6s topografi som \u00e5terkommer \u00f6ver vida omr\u00e5den. Att denna struktur bevarar sina grunddrag \u00f6ver tusentals kilometer h\u00f6r till de mest anm\u00e4rkningsv\u00e4rda r\u00f6nen inom den j\u00e4mf\u00f6rande <span class=\"iwg-fachbegriff\" data-tooltip=\"Vetenskapen som utforskar religioner j\u00e4mf\u00f6rande och utan trosbundenhet.\" tabindex=\"0\">religionsvetenskapen<\/span> och diskuteras alltj\u00e4mt.<\/p>\t\t\t\t\t\t\t\t<\/div>\n\t\t\t\t<\/div>\n\t\t\t\t\t<\/div>\n\t\t\t\t<\/div>\n\t\t<div class=\"elementor-element elementor-element-iwgw-jabmiidaib-s1 e-flex e-con-boxed e-con e-parent\" data-id=\"iwgw-jabmiidaib-s1\" data-element_type=\"container\" data-e-type=\"container\">\n\t\t\t\t\t<div class=\"e-con-inner\">\n\t\t\t\t<div class=\"elementor-element elementor-element-iwgw-jabmiidaib-s1h elementor-widget elementor-widget-heading\" data-id=\"iwgw-jabmiidaib-s1h\" data-element_type=\"widget\" data-e-type=\"widget\" data-widget_type=\"heading.default\">\n\t\t\t\t\t<h2 class=\"elementor-heading-title elementor-size-default\">Namn och etymologi<\/h2>\t\t\t\t<\/div>\n\t\t<div class=\"elementor-element elementor-element-iwgw-jabmiidaib-s1c e-con-full e-flex e-con e-child\" data-id=\"iwgw-jabmiidaib-s1c\" data-element_type=\"container\" data-e-type=\"container\">\n\t\t\t\t<div class=\"elementor-element elementor-element-iwgw-jabmiidaib-s1t elementor-widget elementor-widget-text-editor\" data-id=\"iwgw-jabmiidaib-s1t\" data-element_type=\"widget\" data-e-type=\"widget\" data-widget_type=\"text-editor.default\">\n\t\t\t\t\t\t\t\t\t<p>Namnet Jabmiidaibmu \u00e4r en spr\u00e5kligt transparent sammans\u00e4ttning. <em>J\u00e1bmi<\/em> eller <em>j\u00e1met<\/em> betyder p\u00e5 samiska d\u00f6d, avliden, bortg\u00e5ngen. <em>\u00c1ibmu<\/em> eller <em>aibmu<\/em> betyder v\u00e4rld, omr\u00e5de, sf\u00e4r. Sammans\u00e4ttningen \u00e4r produktiv i samiskan och h\u00f6r till standardterminologin.<\/p><p>Etymologiskt \u00e4r roten <em>j\u00e1bmi<\/em> besl\u00e4ktad med finskans <em>j\u00e4m\u00e4<\/em> f\u00f6r rest eller det sista, och h\u00f6r till det finsk-ugriska grundordskiktet. Denna rots religionshistoriska djup \u00e4r betydande och pekar mot ett gammalt skikt av d\u00f6dsf\u00f6rest\u00e4llningar.<\/p><p>Dialektala varianter \u00e4r Jamijmo i sydsamiskan, Jamiaibmu i umesamiskan, J\u00e1bme-aibmu i nordsamiskt spr\u00e5kbruk. Denna variation motsvarar den allm\u00e4nna dialektala differentieringen.<\/p><p>Religionssociologiskt kan man vidare fr\u00e5ga vilken funktion f\u00f6rest\u00e4llningen om Jabmiidaibmu fyllde i den traditionella samiska gemenskapens sociala ordning, exempelvis i hanteringen av d\u00f6d, sorg och relationen till de avlidna.<\/p><p>\u00c4ven h\u00e4r var religi\u00f6s f\u00f6rest\u00e4llning och samh\u00e4llspraxis inte \u00e5tskilda utan t\u00e4tt sammanfl\u00e4tade. Denna sammanfl\u00e4tning utg\u00f6r ett eget religionsantropologiskt forskningsf\u00e4lt, som s\u00e4rskilt H\u00e5kan Rydving och Konsta Kaikkonen har unders\u00f6kt systematiskt.<\/p><p>En ytterligare dimension r\u00f6r d\u00f6dsrikets betydelse i dag f\u00f6r samisk identitetspolitik. Med det samiska sj\u00e4lvstyret och den folkr\u00e4ttsliga erk\u00e4nnandet av urfolksr\u00e4ttigheter f\u00e5r de ned\u00e4rvda religi\u00f6sa f\u00f6rest\u00e4llningarna \u00e5ter st\u00f6rre synlighet. Hur religionsforskning och politiskt erk\u00e4nnande d\u00e4rvid samverkar utg\u00f6r ett eget f\u00e4lt, som forskningen p\u00e5 senare \u00e5r har \u00e4gnat allt mer uppm\u00e4rksamhet.<\/p>\t\t\t\t\t\t\t\t<\/div>\n\t\t\t\t<\/div>\n\t\t\t\t\t<\/div>\n\t\t\t\t<\/div>\n\t\t<div class=\"elementor-element elementor-element-iwgw-jabmiidaib-s2 e-flex e-con-boxed e-con e-parent\" data-id=\"iwgw-jabmiidaib-s2\" data-element_type=\"container\" data-e-type=\"container\">\n\t\t\t\t\t<div class=\"e-con-inner\">\n\t\t\t\t<div class=\"elementor-element elementor-element-iwgw-jabmiidaib-s2h elementor-widget elementor-widget-heading\" data-id=\"iwgw-jabmiidaib-s2h\" data-element_type=\"widget\" data-e-type=\"widget\" data-widget_type=\"heading.default\">\n\t\t\t\t\t<h2 class=\"elementor-heading-title elementor-size-default\">Topografi och beskrivning<\/h2>\t\t\t\t<\/div>\n\t\t<div class=\"elementor-element elementor-element-iwgw-jabmiidaib-s2c e-con-full e-flex e-con e-child\" data-id=\"iwgw-jabmiidaib-s2c\" data-element_type=\"container\" data-e-type=\"container\">\n\t\t\t\t<div class=\"elementor-element elementor-element-iwgw-jabmiidaib-s2t elementor-widget elementor-widget-text-editor\" data-id=\"iwgw-jabmiidaib-s2t\" data-element_type=\"widget\" data-e-type=\"widget\" data-widget_type=\"text-editor.default\">\n\t\t\t\t\t\t\t\t\t<p>Jabmiidaibmu ligger under jorden och \u00e4r inte direkt tillg\u00e4ngligt. De avlidna f\u00f6rs dit efter d\u00f6den, och endast shamaner kan resa dit i trans f\u00f6r att se eller r\u00e5dfr\u00e5ga de d\u00f6da.<\/p><p>I k\u00e4llorna, framf\u00f6r allt hos Schefferus, Leem och L\u00e6stadius, beskrivs Jabmiidaibmu som en kall, m\u00f6rk, skuggig plats. De avlidna lever d\u00e4r vidare i en svagare form, ofta som en spegelbild av sin jordiska tillvaro, men med d\u00e4mpad livskraft.<\/p><p>Religionsfenomenologiskt \u00e4r denna f\u00f6rest\u00e4llning ingen moralisk straffdom i kristen mening. Jabmiidaibmu \u00e4r inte ett helvete utan ett d\u00f6dsrike som tar emot alla avlidna, oavsett deras levnadss\u00e4tt. Denna etikfr\u00e5nv\u00e4nda uppfattning utg\u00f6r religionsfenomenologiskt ett eget fenomen.<\/p>\t\t\t\t\t\t\t\t<\/div>\n\t\t\t\t<\/div>\n\t\t\t\t\t<\/div>\n\t\t\t\t<\/div>\n\t\t<div class=\"elementor-element elementor-element-iwgw-jabmiidaib-s3 e-flex e-con-boxed e-con e-parent\" data-id=\"iwgw-jabmiidaib-s3\" data-element_type=\"container\" data-e-type=\"container\">\n\t\t\t\t\t<div class=\"e-con-inner\">\n\t\t\t\t<div class=\"elementor-element elementor-element-iwgw-jabmiidaib-s3h elementor-widget elementor-widget-heading\" data-id=\"iwgw-jabmiidaib-s3h\" data-element_type=\"widget\" data-e-type=\"widget\" data-widget_type=\"heading.default\">\n\t\t\t\t\t<h2 class=\"elementor-heading-title elementor-size-default\">V\u00e4gen till d\u00f6dsriket<\/h2>\t\t\t\t<\/div>\n\t\t<div class=\"elementor-element elementor-element-iwgw-jabmiidaib-s3c e-con-full e-flex e-con e-child\" data-id=\"iwgw-jabmiidaib-s3c\" data-element_type=\"container\" data-e-type=\"container\">\n\t\t\t\t<div class=\"elementor-element elementor-element-iwgw-jabmiidaib-s3t elementor-widget elementor-widget-text-editor\" data-id=\"iwgw-jabmiidaib-s3t\" data-element_type=\"widget\" data-e-type=\"widget\" data-widget_type=\"text-editor.default\">\n\t\t\t\t\t\t\t\t\t<p>V\u00e4gen till d\u00f6dsriket beskrivs i detalj i de samiska k\u00e4llorna. Den avlidnes sj\u00e4l vandrar genom en isig tundra, korsar en \u00e4lv eller ett berg och tr\u00e4der till slut in i Jabmiidaibmu genom en spricka under jorden.<\/p><p>Vid denna \u00f6verg\u00e5ng st\u00e5r olika v\u00e4ktare eller v\u00e5rdare som pr\u00f6var sj\u00e4len. I n\u00e5gra k\u00e4llor \u00e4r v\u00e4ktaren en Akka-gestalt, i andra en manlig <span class=\"iwg-fachbegriff\" data-tooltip=\"En kroppsl\u00f6s varelse som tillskrivs verkan i v\u00e4rlden.\" tabindex=\"0\">ande<\/span>. Denna v\u00e4ktarf\u00f6rest\u00e4llning \u00e4r religionsfenomenologiskt typisk f\u00f6r \u00f6verg\u00e5ngar till d\u00f6dsriken.<\/p><p>Shamaner som reste i trans till Jabmiidaibmu m\u00e5ste ocks\u00e5 tillryggal\u00e4gga denna v\u00e4g. Konkreta beskrivningar av den shamanska resan till Jabmiidaibmu finns detaljerat i k\u00e4llorna, till exempel hos Schefferus, som \u00e5terger en l\u00e5ng ber\u00e4ttelse av en noaidi om sin transresa till Jabmiidaibmu.<\/p>\t\t\t\t\t\t\t\t<\/div>\n\t\t\t\t<\/div>\n\t\t\t\t\t<\/div>\n\t\t\t\t<\/div>\n\t\t<div class=\"elementor-element elementor-element-iwgw-jabmiidaib-s4 e-flex e-con-boxed e-con e-parent\" data-id=\"iwgw-jabmiidaib-s4\" data-element_type=\"container\" data-e-type=\"container\">\n\t\t\t\t\t<div class=\"e-con-inner\">\n\t\t\t\t<div class=\"elementor-element elementor-element-iwgw-jabmiidaib-s4h elementor-widget elementor-widget-heading\" data-id=\"iwgw-jabmiidaib-s4h\" data-element_type=\"widget\" data-e-type=\"widget\" data-widget_type=\"heading.default\">\n\t\t\t\t\t<h2 class=\"elementor-heading-title elementor-size-default\">De d\u00f6da i Jabmiidaibmu<\/h2>\t\t\t\t<\/div>\n\t\t<div class=\"elementor-element elementor-element-iwgw-jabmiidaib-s4c e-con-full e-flex e-con e-child\" data-id=\"iwgw-jabmiidaib-s4c\" data-element_type=\"container\" data-e-type=\"container\">\n\t\t\t\t<div class=\"elementor-element elementor-element-iwgw-jabmiidaib-s4t elementor-widget elementor-widget-text-editor\" data-id=\"iwgw-jabmiidaib-s4t\" data-element_type=\"widget\" data-e-type=\"widget\" data-widget_type=\"text-editor.default\">\n\t\t\t\t\t\t\t\t\t<p>De d\u00f6da lever i Jabmiidaibmu i en form som speglar deras jordiska tillvaro, men d\u00e4mpad. De har sina verktyg, sina familjer, sina renhjordar, men allt i svagare form \u00e4n p\u00e5 jorden.<\/p><p>Denna f\u00f6rest\u00e4llning \u00e4r religionsfenomenologiskt ett eget fenomen och skiljer den samiska d\u00f6dsteologin fr\u00e5n traditioner d\u00e4r de d\u00f6da \u00f6verg\u00e5r till en helt annan existensform. Hos samerna bevaras den avlidnes identitet, endast intensiteten minskar.<\/p><p>Vetenskapligt motsvarar detta en spegel-<span class=\"iwg-fachbegriff\" data-tooltip=\"Den vetenskapliga l\u00e4ran om Gud och om en religions tro.\" tabindex=\"0\">teologi<\/span> f\u00f6r d\u00f6dsriket, vilket \u00e4r belagt i m\u00e5nga ursprungsfolks religioner. Den strukturella \u00f6verensst\u00e4mmelsen med andra traditioner \u00e4r religionsfenomenologiskt ett eget fynd.<\/p>\t\t\t\t\t\t\t\t<\/div>\n\t\t\t\t<\/div>\n\t\t\t\t\t<\/div>\n\t\t\t\t<\/div>\n\t\t<div class=\"elementor-element elementor-element-iwgw-jabmiidaib-s5 e-flex e-con-boxed e-con e-parent\" data-id=\"iwgw-jabmiidaib-s5\" data-element_type=\"container\" data-e-type=\"container\">\n\t\t\t\t\t<div class=\"e-con-inner\">\n\t\t\t\t<div class=\"elementor-element elementor-element-iwgw-jabmiidaib-s5h elementor-widget elementor-widget-heading\" data-id=\"iwgw-jabmiidaib-s5h\" data-element_type=\"widget\" data-e-type=\"widget\" data-widget_type=\"heading.default\">\n\t\t\t\t\t<h2 class=\"elementor-heading-title elementor-size-default\">Begravningsritualer och kontakt med de d\u00f6da<\/h2>\t\t\t\t<\/div>\n\t\t<div class=\"elementor-element elementor-element-iwgw-jabmiidaib-s5c e-con-full e-flex e-con e-child\" data-id=\"iwgw-jabmiidaib-s5c\" data-element_type=\"container\" data-e-type=\"container\">\n\t\t\t\t<div class=\"elementor-element elementor-element-iwgw-jabmiidaib-s5t elementor-widget elementor-widget-text-editor\" data-id=\"iwgw-jabmiidaib-s5t\" data-element_type=\"widget\" data-e-type=\"widget\" data-widget_type=\"text-editor.default\">\n\t\t\t\t\t\t\t\t\t<p>De samiska begravningsritualerna var n\u00e4ra knutna till Jabmiidaibmu. Den avlidne begravdes med verktyg, smycken och ibland med slaktade renar som han skulle beh\u00f6va i d\u00f6dsriket. Denna praxis med gravg\u00e5vor \u00e4r religionsetnologiskt noggrant dokumenterad.<\/p><p>Kontakten med de d\u00f6da var m\u00f6jlig via schamanerna. Vid kriser, sjukdom eller familjeangel\u00e4genheter kunde en noaidi resa till Jabmiidaibmu och r\u00e5dfr\u00e5ga de d\u00f6da. Denna praxis var religionsetnologiskt en central del av den samiska religionen.<\/p><p>De d\u00f6da kunde ocks\u00e5 visa sig av egen kraft, framf\u00f6r allt som dr\u00f6mmar eller som andar som blev synliga i s\u00e4rskilda \u00f6gonblick. Denna f\u00f6rest\u00e4llning \u00e4r religionsfenomenologiskt ett eget fenomen och f\u00f6rekommer i m\u00e5nga ursprungsfolks religioner.<\/p>\t\t\t\t\t\t\t\t<\/div>\n\t\t\t\t<\/div>\n\t\t\t\t\t<\/div>\n\t\t\t\t<\/div>\n\t\t<div class=\"elementor-element elementor-element-iwgw-jabmiidaib-s6 e-flex e-con-boxed e-con e-parent\" data-id=\"iwgw-jabmiidaib-s6\" data-element_type=\"container\" data-e-type=\"container\">\n\t\t\t\t\t<div class=\"e-con-inner\">\n\t\t\t\t<div class=\"elementor-element elementor-element-iwgw-jabmiidaib-s6h elementor-widget elementor-widget-heading\" data-id=\"iwgw-jabmiidaib-s6h\" data-element_type=\"widget\" data-e-type=\"widget\" data-widget_type=\"heading.default\">\n\t\t\t\t\t<h2 class=\"elementor-heading-title elementor-size-default\">Jabmiidaibmu i cirkumpol\u00e4r j\u00e4mf\u00f6relse<\/h2>\t\t\t\t<\/div>\n\t\t<div class=\"elementor-element elementor-element-iwgw-jabmiidaib-s6c e-con-full e-flex e-con e-child\" data-id=\"iwgw-jabmiidaib-s6c\" data-element_type=\"container\" data-e-type=\"container\">\n\t\t\t\t<div class=\"elementor-element elementor-element-iwgw-jabmiidaib-s6t elementor-widget elementor-widget-text-editor\" data-id=\"iwgw-jabmiidaib-s6t\" data-element_type=\"widget\" data-e-type=\"widget\" data-widget_type=\"text-editor.default\">\n\t\t\t\t\t\t\t\t\t<p>Jabmiidaibmu h\u00f6r till den breda kategorin underjordiska d\u00f6dsriken som \u00e4r vanliga i cirkumpol\u00e4ra och nordeuropeiska religioner. Strukturellt j\u00e4mf\u00f6rbara \u00e4r <a href=\"https:\/\/iwell-guard.com\/sv\/inuit-arktis-sedna-tornit-skyddspraxis\/\">inuiternas<\/a> Adlivun (vaktat av <a href=\"https:\/\/iwell-guard.com\/sv\/anguta-sednas-far-och-underjordens-vaktare\/\">Anguta<\/a>), den fornnordiska Helheim (vaktat av Hel), den finska Tuonela (vaktat av Tuoni) och den nenetsiska Ngo&#8217;-jelba.<\/p><p>Det specifika f\u00f6r Jabmiidaibmu ligger i den detaljerade topografiska beskrivningen och i den utvecklade schamanska rese\u00f6vningen. Traditionens djup \u00e4r religionsfenomenologiskt egenartat och g\u00f6r den samiska d\u00f6dsteologin till ett v\u00e4l utforskningsbart fall.<\/p><p>Inom den finsk-ugriska traditionen \u00e4r finnarnas Tuonela-f\u00f6rest\u00e4llning den n\u00e4rmaste parallellen. Det strukturella sambandet \u00e4r avsev\u00e4rt och historiskt v\u00e4l dokumenterat. Detta samband pekar mot ett gammalt gemensamt lager.<\/p>\t\t\t\t\t\t\t\t<\/div>\n\t\t\t\t<\/div>\n\t\t\t\t\t<\/div>\n\t\t\t\t<\/div>\n\t\t<div class=\"elementor-element elementor-element-iwgw-jabmiidaib-s7 e-flex e-con-boxed e-con e-parent\" data-id=\"iwgw-jabmiidaib-s7\" data-element_type=\"container\" data-e-type=\"container\">\n\t\t\t\t\t<div class=\"e-con-inner\">\n\t\t\t\t<div class=\"elementor-element elementor-element-iwgw-jabmiidaib-s7h elementor-widget elementor-widget-heading\" data-id=\"iwgw-jabmiidaib-s7h\" data-element_type=\"widget\" data-e-type=\"widget\" data-widget_type=\"heading.default\">\n\t\t\t\t\t<h2 class=\"elementor-heading-title elementor-size-default\">Mission och undantr\u00e4ngning<\/h2>\t\t\t\t<\/div>\n\t\t<div class=\"elementor-element elementor-element-iwgw-jabmiidaib-s7c e-con-full e-flex e-con e-child\" data-id=\"iwgw-jabmiidaib-s7c\" data-element_type=\"container\" data-e-type=\"container\">\n\t\t\t\t<div class=\"elementor-element elementor-element-iwgw-jabmiidaib-s7t elementor-widget elementor-widget-text-editor\" data-id=\"iwgw-jabmiidaib-s7t\" data-element_type=\"widget\" data-e-type=\"widget\" data-widget_type=\"text-editor.default\">\n\t\t\t\t\t\t\t\t\t<p>Den kristna missionen omtolkade Jabmiidaibmu delvis som helvetet, delvis som sk\u00e4rselden, delvis som limbus i kristen mening. Denna omtolkning ledde till betydande teologiska f\u00f6rvirringar, eftersom den etikfj\u00e4rran samiska f\u00f6rest\u00e4llningen inte utan vidare passade in i det kristna moraliska schemat.<\/p><p>Den rituella begravningspraxisen f\u00f6r\u00e4ndrades kraftigt genom missionen. Gravg\u00e5vor f\u00f6rbj\u00f6ds, schamanska resor till d\u00f6dsriket kriminaliserades. Rester av traditionen har bevarats i familjepraxis och i muntligt \u00f6verf\u00f6rda ber\u00e4ttelser.<\/p><p>Vetenskapligt \u00e4r denna missionshistoria ett eget forskningsf\u00e4lt. Den postkoloniala bearbetningen av den samiska d\u00f6dsteologin har under de senaste decennierna gjort betydande framsteg och korrigerar den \u00e4ldre mission\u00e4rt pr\u00e4glade framst\u00e4llningen.<\/p>\t\t\t\t\t\t\t\t<\/div>\n\t\t\t\t<\/div>\n\t\t\t\t\t<\/div>\n\t\t\t\t<\/div>\n\t\t<div class=\"elementor-element elementor-element-iwgw-jabmiidaib-s8 e-flex e-con-boxed e-con e-parent\" data-id=\"iwgw-jabmiidaib-s8\" data-element_type=\"container\" data-e-type=\"container\">\n\t\t\t\t\t<div class=\"e-con-inner\">\n\t\t\t\t<div class=\"elementor-element elementor-element-iwgw-jabmiidaib-s8h elementor-widget elementor-widget-heading\" data-id=\"iwgw-jabmiidaib-s8h\" data-element_type=\"widget\" data-e-type=\"widget\" data-widget_type=\"heading.default\">\n\t\t\t\t\t<h2 class=\"elementor-heading-title elementor-size-default\">Forskning och nul\u00e4ge<\/h2>\t\t\t\t<\/div>\n\t\t<div class=\"elementor-element elementor-element-iwgw-jabmiidaib-s8c e-con-full e-flex e-con e-child\" data-id=\"iwgw-jabmiidaib-s8c\" data-element_type=\"container\" data-e-type=\"container\">\n\t\t\t\t<div class=\"elementor-element elementor-element-iwgw-jabmiidaib-s8t elementor-widget elementor-widget-text-editor\" data-id=\"iwgw-jabmiidaib-s8t\" data-element_type=\"widget\" data-e-type=\"widget\" data-widget_type=\"text-editor.default\">\n\t\t\t\t\t\t\t\t\t<p>Forskningen om Jabmiidaibmu \u00e4r omfattande. H\u00e5kan Rydving, Juha Pentik\u00e4inen, Anna Lia Berthelsen och Konsta Kaikkonen har systematiskt utforskat d\u00f6dsteologin och belyst den specifikt samiska utformningen.<\/p><p>I den samtida samiska kulturen \u00e4r Jabmiidaibmu n\u00e4rvarande i jojktexter, i samisk litteratur och i bildkonsten. F\u00f6rfattare som Nils-Aslak Valkeap\u00e4\u00e4 har p\u00e5 ett produktivt s\u00e4tt tagit upp f\u00f6rest\u00e4llningen om d\u00f6dsriket.<\/p><p>Den vetenskapliga bearbetningen av Jabmiidaibmu p\u00e5g\u00e5r. Konkreta forskningsluckor finns i den exakta relationen mellan Jabmiidaibmu och <a href=\"https:\/\/iwell-guard.com\/sv\/saivo-heliga-berg-och-sjovarld\/\">Saivo<\/a> som den samiska traditionens andra underjordiska v\u00e4rld. Denna dubblering av underjorden \u00e4r religionsfenomenologiskt egenartad.<\/p>\t\t\t\t\t\t\t\t<\/div>\n\t\t\t\t<\/div>\n\t\t\t\t\t<\/div>\n\t\t\t\t<\/div>\n\t\t<div class=\"elementor-element elementor-element-iwgw-jabmiidaib-s9 e-flex e-con-boxed e-con e-parent\" data-id=\"iwgw-jabmiidaib-s9\" data-element_type=\"container\" data-e-type=\"container\">\n\t\t\t\t\t<div class=\"e-con-inner\">\n\t\t\t\t<div class=\"elementor-element elementor-element-iwgw-jabmiidaib-s9h elementor-widget elementor-widget-heading\" data-id=\"iwgw-jabmiidaib-s9h\" data-element_type=\"widget\" data-e-type=\"widget\" data-widget_type=\"heading.default\">\n\t\t\t\t\t<h2 class=\"elementor-heading-title elementor-size-default\">Lexikonh\u00e4nvisningar<\/h2>\t\t\t\t<\/div>\n\t\t<div class=\"elementor-element elementor-element-iwgw-jabmiidaib-s9c e-con-full e-flex e-con e-child\" data-id=\"iwgw-jabmiidaib-s9c\" data-element_type=\"container\" data-e-type=\"container\">\n\t\t\t\t<div class=\"elementor-element elementor-element-iwgw-jabmiidaib-s9t elementor-widget elementor-widget-text-editor\" data-id=\"iwgw-jabmiidaib-s9t\" data-element_type=\"widget\" data-e-type=\"widget\" data-widget_type=\"text-editor.default\">\n\t\t\t\t\t\t\t\t\t<p>Jabmiidaibmu \u00e4r f\u00f6rbundet med <a href=\"https:\/\/iwell-guard.com\/sv\/saivo-heliga-berg-och-sjovarld\/\">Saivo<\/a>, <a href=\"https:\/\/iwell-guard.com\/sv\/beaivi-solgudinnan-hos-samerna\/\">Beaivi<\/a>, <a href=\"https:\/\/iwell-guard.com\/sv\/mannu-mangud-hos-samerna\/\">M\u00e1nnu<\/a>, <a href=\"https:\/\/iwell-guard.com\/sv\/rahka-fadergud-samisk-religion\/\">R\u00e1hka<\/a>, <a href=\"https:\/\/iwell-guard.com\/sv\/stallo-manniskoatande-jatte\/\">Stallo<\/a>, <a href=\"https:\/\/iwell-guard.com\/sv\/sara-akka-fodelsegudinna-samerna\/\">Sara-Akka<\/a>, <a href=\"https:\/\/iwell-guard.com\/sv\/uksakka-dorrgudinna-troskelvaktare-samerna\/\">Uksakka<\/a>, <a href=\"https:\/\/iwell-guard.com\/sv\/juksakka-bagens-gudinna-pojkarnas-beskyddare\/\">Juksakka<\/a> och <a href=\"https:\/\/iwell-guard.com\/sv\/madderakka-urmoder-hogsta-akka\/\">Madderakka<\/a>. Kulturnavet <a href=\"https:\/\/iwell-guard.com\/sv\/sami-noaidi-trumma\/\">Samisk tradition<\/a> ramar in d\u00f6dsteologin. Strukturellt liknande d\u00f6dsriken finns i <a href=\"https:\/\/iwell-guard.com\/sv\/inuit-arktis-sedna-tornit-skyddspraxis\/\">inuiternas<\/a> lemma-serie hos <em>Anguta<\/em> och Adlivun.<\/p>\t\t\t\t\t\t\t\t<\/div>\n\t\t\t\t<\/div>\n\t\t\t\t\t<\/div>\n\t\t\t\t<\/div>\n\t\t<div class=\"elementor-element elementor-element-cp2483344c e-flex e-con-boxed e-con e-parent\" data-id=\"cp2483344c\" data-element_type=\"container\" data-e-type=\"container\">\n\t\t\t\t\t<div class=\"e-con-inner\">\n\t\t\t\t<div class=\"elementor-element elementor-element-cp21ce3fd3 elementor-widget elementor-widget-heading\" data-id=\"cp21ce3fd3\" data-element_type=\"widget\" data-e-type=\"widget\" data-widget_type=\"heading.default\">\n\t\t\t\t\t<h2 class=\"elementor-heading-title elementor-size-default\">K\u00e4ll\u00e4ge: mission\u00e4risk och folkloristisk dokumentation<\/h2>\t\t\t\t<\/div>\n\t\t<div class=\"elementor-element elementor-element-cp208326bd e-flex e-con-boxed e-con e-child\" data-id=\"cp208326bd\" data-element_type=\"container\" data-e-type=\"container\">\n\t\t\t\t\t<div class=\"e-con-inner\">\n\t\t\t\t<div class=\"elementor-element elementor-element-cp2255c84e elementor-widget elementor-widget-text-editor\" data-id=\"cp2255c84e\" data-element_type=\"widget\" data-e-type=\"widget\" data-widget_type=\"text-editor.default\">\n\t\t\t\t\t\t\t\t\t<p>Om <em>Jabmiidaibmu<\/em>, h\u00e4rskarinnan \u00f6ver det samiska d\u00f6dsriket <em>J\u00e1bmiid\u00e1ibmu<\/em>, finns inte en enda f\u00f6rkristen text bevarad som \u00e4r f\u00f6rfattad av samerna sj\u00e4lva. All kunskap kommer i andra hand: fr\u00e5n lutherska mission\u00e4rers anteckningar fr\u00e5n 1600-talet och tidigt 1700-tal samt fr\u00e5n senare folkloristiska samlingar.<\/p><p>De viktigaste tidiga vittnesb\u00f6rden \u00e4r de dansk-norska missionsrapporterna, s\u00e4rskilt manuskripten kring Thomas von Westens missionskollegium, samt arbetena av Isaac Olsen och Jens Kildal.<\/p><p>Dessa k\u00e4llor \u00e4r dubbelt filtrerade. F\u00f6r det f\u00f6rsta kommer de fr\u00e5n m\u00e4nniskor som bek\u00e4mpade den samiska religionen och beskrev den som vidskepelse eller dj\u00e4vulsdyrkan. F\u00f6r det andra nedtecknades m\u00e5nga namn och begrepp efter h\u00f6rsel, utan enhetlig ortografi, vilket g\u00f6r att namnformen varierar starkt.<\/p><p>Religionsvetare som H\u00e5kan Rydving har p\u00e5pekat att mission\u00e4rernas till synes systematiska gudalistor delvis \u00e4r konstruktioner som pressade samiska f\u00f6rest\u00e4llningar in i ett bekant schema.<\/p><p>Till detta kommer den regionala m\u00e5ngfalden. Den samiska kulturen str\u00e4cker sig \u00f6ver Norge, Sverige, Finland och Kolahalv\u00f6n med flera egna spr\u00e5k.<\/p><p>En gestalt som f\u00f6rekommer i sydsamiska k\u00e4llor beh\u00f6ver inte ha haft samma roll i nordsamiska eller skoltsamiska traditioner. Uttalanden om Jabmiidaibmu b\u00f6r d\u00e4rf\u00f6r alltid f\u00f6renas med fr\u00e5gan om vilken region och vilket dokumentationsskikt de h\u00e4rstammar fr\u00e5n.<\/p>\t\t\t\t\t\t\t\t<\/div>\n\t\t\t\t\t<\/div>\n\t\t\t\t<\/div>\n\t\t\t\t\t<\/div>\n\t\t\t\t<\/div>\n\t\t<div class=\"elementor-element elementor-element-cp2fb0f9b8 e-flex e-con-boxed e-con e-parent\" data-id=\"cp2fb0f9b8\" data-element_type=\"container\" data-e-type=\"container\">\n\t\t\t\t\t<div class=\"e-con-inner\">\n\t\t\t\t<div class=\"elementor-element elementor-element-cp2ae0b2b0 elementor-widget elementor-widget-heading\" data-id=\"cp2ae0b2b0\" data-element_type=\"widget\" data-e-type=\"widget\" data-widget_type=\"heading.default\">\n\t\t\t\t\t<h2 class=\"elementor-heading-title elementor-size-default\">J\u00e1bmiid\u00e1ibmu som plats: d\u00f6dsriket under jorden<\/h2>\t\t\t\t<\/div>\n\t\t<div class=\"elementor-element elementor-element-cp29eae327 e-flex e-con-boxed e-con e-child\" data-id=\"cp29eae327\" data-element_type=\"container\" data-e-type=\"container\">\n\t\t\t\t\t<div class=\"e-con-inner\">\n\t\t\t\t<div class=\"elementor-element elementor-element-cp2c64f801 elementor-widget elementor-widget-text-editor\" data-id=\"cp2c64f801\" data-element_type=\"widget\" data-e-type=\"widget\" data-widget_type=\"text-editor.default\">\n\t\t\t\t\t\t\t\t\t<p>I de \u00f6verl\u00e4mnade f\u00f6rest\u00e4llningarna \u00e4r <em>J\u00e1bmiid\u00e1ibmu<\/em> i f\u00f6rsta hand en plats, ett rike f\u00f6r de d\u00f6da som t\u00e4nktes ligga under jorden, och f\u00f6rst i andra hand en personifierad h\u00e4rskarinna \u00f6ver detta rike.<\/p><p>Det samiska ordet inneh\u00e5ller stammen f\u00f6r &#8221;de d\u00f6da&#8221; (<em>j\u00e1bmek<\/em>) och ett element f\u00f6r &#8221;v\u00e4rld&#8221; eller &#8221;omr\u00e5de&#8221;. Enligt uppteckningarna levde de d\u00f6da d\u00e4r en tillvaro som liknade den jordiska, men med omv\u00e4nda eller speglade drag.<\/p><p>F\u00f6rh\u00e5llandet mellan de levande och d\u00f6dsriket var inte slutgiltigt avskilt. Flera k\u00e4llor ber\u00e4ttar att <em>noaidi<\/em>, den samiska ritualspecialisten, i trance kunde resa ner till de d\u00f6da f\u00f6r att f\u00f6rhandla, till exempel vid sjukdom.<\/p><p>Sjukdom tolkades ibland som att de d\u00f6da kallade en levande till sig. Noaidin f\u00f6rs\u00f6kte d\u00e5 erbjuda en ers\u00e4ttningsg\u00e5va, ofta ett djur.<\/p><p>I detta sammanhang framtr\u00e4der den personifierade h\u00e4rskarinnan. Hon \u00e4r den instans som man f\u00f6rhandlar med, som tar emot eller avvisar g\u00e5vor. Till skillnad fr\u00e5n den kristna D\u00f6den framst\u00e4lls hon inte entydigt som hotfull eller straffande; hon f\u00f6rvaltar ett omr\u00e5de som varje m\u00e4nniska till slut hamnar i, och hon f\u00f6rblir blek i de sparsamma k\u00e4llorna.<\/p><p>Denna blekhet \u00e4r ingen brist hos gestalten, utan en f\u00f6ljd av <span class=\"iwg-fachbegriff\" data-tooltip=\"Vidaref\u00f6randet av kunskap och ber\u00e4ttelser genom generationer.\" tabindex=\"0\">traditionen<\/span>: mission\u00e4rerna intresserade sig f\u00f6r det som de kunde f\u00f6rd\u00f6ma som avgudadyrkan, inte f\u00f6r de subtila dragen hos en h\u00e4rskarinna \u00f6ver de d\u00f6das rike.<\/p>\t\t\t\t\t\t\t\t<\/div>\n\t\t\t\t\t<\/div>\n\t\t\t\t<\/div>\n\t\t\t\t\t<\/div>\n\t\t\t\t<\/div>\n\t\t<div class=\"elementor-element elementor-element-iwgw-jabmiidaib-lit e-flex e-con-boxed e-con e-parent\" data-id=\"iwgw-jabmiidaib-lit\" data-element_type=\"container\" data-e-type=\"container\">\n\t\t\t\t\t<div class=\"e-con-inner\">\n\t\t\t\t<div class=\"elementor-element elementor-element-iwgw-jabmiidaib-lith elementor-widget elementor-widget-heading\" data-id=\"iwgw-jabmiidaib-lith\" data-element_type=\"widget\" data-e-type=\"widget\" data-widget_type=\"heading.default\">\n\t\t\t\t\t<h2 class=\"elementor-heading-title elementor-size-default\">Litteratur (urval)<\/h2>\t\t\t\t<\/div>\n\t\t<div class=\"elementor-element elementor-element-iwgw-jabmiidaib-litc e-con-full e-flex e-con e-child\" data-id=\"iwgw-jabmiidaib-litc\" data-element_type=\"container\" data-e-type=\"container\">\n\t\t\t\t<div class=\"elementor-element elementor-element-iwgw-jabmiidaib-litt elementor-widget elementor-widget-text-editor\" data-id=\"iwgw-jabmiidaib-litt\" data-element_type=\"widget\" data-e-type=\"widget\" data-widget_type=\"text-editor.default\">\n\t\t\t\t\t\t\t\t\t<div data-nosnippet=\"true\"><ul><li>Johannes Schefferus: <em>Lapponia<\/em> (Frankfurt 1673)<\/li><li>Knud Leem: <em>Beskrivelse over Finmarkens Lapper<\/em> (Kopenhagen 1767)<\/li><li>Lars Levi L\u00e6stadius: <em>Fragmenter i lappska mythologien<\/em> (Manuskript ca. 1840)<\/li><li>H\u00e5kan Rydving: <em>The End of Drum-Time<\/em> (Uppsala 1993)<\/li><li>Juha Pentik\u00e4inen: <em>Saamelaiset<\/em> (Helsinki 1995)<\/li><li>Konsta Kaikkonen: <em>Sami Pre-Christian Religion<\/em> (Helsinki 2020)<\/li><\/ul><\/div>\t\t\t\t\t\t\t\t<\/div>\n\t\t\t\t<\/div>\n\t\t\t\t\t<\/div>\n\t\t\t\t<\/div>\n\t\t<div class=\"elementor-element elementor-element-iwgw-jabmiidaib-kwd e-flex e-con-boxed e-con e-parent\" data-id=\"iwgw-jabmiidaib-kwd\" data-element_type=\"container\" data-e-type=\"container\">\n\t\t\t\t\t<div class=\"e-con-inner\">\n\t\t<div class=\"elementor-element elementor-element-iwgw-jabmiidaib-kwdc e-con-full e-flex e-con e-child\" data-id=\"iwgw-jabmiidaib-kwdc\" data-element_type=\"container\" data-e-type=\"container\">\n\t\t\t\t<div class=\"elementor-element elementor-element-iwgw-jabmiidaib-kwdt elementor-widget elementor-widget-text-editor\" data-id=\"iwgw-jabmiidaib-kwdt\" data-element_type=\"widget\" data-e-type=\"widget\" data-widget_type=\"text-editor.default\">\n\t\t\t\t\t\t\t\t\t<p><em>Relaterade nyckelbegrepp: Jabmiidaibmu Jamiaibmu J\u00e1bme-aibmu Sami Totenland Unterwelt Noaidi Bestattungsrituale.<\/em><\/p>\t\t\t\t\t\t\t\t<\/div>\n\t\t\t\t<\/div>\n\t\t\t\t\t<\/div>\n\t\t\t\t<\/div>\n\t\t<div class=\"elementor-element elementor-element-iwgw-jabmiidaib-cc e-flex e-con-boxed e-con e-parent\" data-id=\"iwgw-jabmiidaib-cc\" data-element_type=\"container\" data-e-type=\"container\" id=\"iwg-cc-jabmiidaibmu\">\n\t\t\t\t\t<div class=\"e-con-inner\">\n\t\t<div class=\"elementor-element elementor-element-iwgw-jabmiidaib-ccinner e-flex e-con-boxed e-con e-parent\" data-id=\"iwgw-jabmiidaib-ccinner\" data-element_type=\"container\" data-e-type=\"container\" data-settings=\"{&quot;background_background&quot;:&quot;classic&quot;}\">\n\t\t\t\t\t<div class=\"e-con-inner\">\n\t\t\t\t<div class=\"elementor-element elementor-element-iwgw-jabmiidaib-cch elementor-widget elementor-widget-heading\" data-id=\"iwgw-jabmiidaib-cch\" data-element_type=\"widget\" data-e-type=\"widget\" data-widget_type=\"heading.default\">\n\t\t\t\t\t<h2 class=\"elementor-heading-title elementor-size-default\">iWell Guard och skyddstraditioner<\/h2>\t\t\t\t<\/div>\n\t\t\t\t<div class=\"elementor-element elementor-element-iwgw-jabmiidaib-cct elementor-widget elementor-widget-text-editor\" data-id=\"iwgw-jabmiidaib-cct\" data-element_type=\"widget\" data-e-type=\"widget\" data-widget_type=\"text-editor.default\">\n\t\t\t\t\t\t\t\t\t<div data-nosnippet=\"true\"><p>iWell Guard ansluter till den kulturhistoriska traditionen av b\u00e4rbara skyddsobjekt, i traditionen fr\u00e5n <a href=\"https:\/\/iwell-guard.com\/sv\/sami-noaidi-trumma\/\">samerna<\/a> och m\u00e5nga andra kulturer v\u00e4rlden \u00f6ver. 41 lager, \u00e4kta guld, platina, silver, tillverkad i Tyskland. 30 dagars returr\u00e4tt.<\/p><\/div>\t\t\t\t\t\t\t\t<\/div>\n\t\t\t\t<div class=\"elementor-element elementor-element-iwgw-jabmiidaib-ccb iwg-cc-button iwg-cc-cta-2026-05-13 elementor-widget elementor-widget-jet-button\" data-id=\"iwgw-jabmiidaib-ccb\" data-element_type=\"widget\" data-e-type=\"widget\" data-widget_type=\"jet-button.default\">\n\t\t\t\t<div class=\"elementor-widget-container\">\n\t\t\t\t\t<div class=\"elementor-jet-button jet-elements\"><div class=\"jet-button__container\"><a class=\"jet-button__instance jet-button__instance--icon-left hover-effect-1\" href=\"\/ueber-iwell-guard\/?utm_source=iwell-guard.com&amp;utm_medium=info-box&amp;utm_campaign=wesen-tradition\"><div class=\"jet-button__plane jet-button__plane-normal\"><\/div><div class=\"jet-button__plane jet-button__plane-hover\"><\/div><div class=\"jet-button__state jet-button__state-normal\"><span class=\"jet-button__label\">Mer om iWell Guard<\/span><\/div><div class=\"jet-button__state jet-button__state-hover\"><span class=\"jet-button__label\">Mer om iWell Guard<\/span><\/div><\/a><\/div><\/div><style>.elementor-element.elementor-element-iwgw-jabmiidaib-ccb .jet-button__instance{width:320px;height:56px;}.elementor-element.elementor-element-iwgw-jabmiidaib-ccb .jet-button__state-normal .jet-button__label{text-align:center;margin:0px 0px 0px 0px;color:#1a1b20;font-family:Montserrat,sans-serif;font-size:13px;font-weight:400;letter-spacing:4px;line-height:1.714em;text-transform:uppercase;}.elementor-element.elementor-element-iwgw-jabmiidaib-ccb .jet-button__state-hover .jet-button__label{text-align:center;margin:0px 0px 0px 0px;color:#FECC76;font-family:Montserrat,sans-serif;font-size:13px;font-weight:400;letter-spacing:4px;line-height:1.714em;text-transform:uppercase;}.elementor-element.elementor-element-iwgw-jabmiidaib-ccb .jet-button__plane-normal{background-color:#FECC76;border-style:solid;border-color:#C99540;border-width:2px 2px 2px 2px;}.elementor-element.elementor-element-iwgw-jabmiidaib-ccb .jet-button__plane-hover{background-color:rgba(0,0,0,0.55);border-style:solid;border-color:#FECC76;border-width:2px 2px 2px 2px;}<\/style>\t\t\t\t<\/div>\n\t\t\t\t<\/div>\n\t\t\t\t<div class=\"elementor-element elementor-element-iwgw-jabmiidaib-ccd elementor-widget elementor-widget-text-editor\" data-id=\"iwgw-jabmiidaib-ccd\" data-element_type=\"widget\" data-e-type=\"widget\" data-widget_type=\"text-editor.default\">\n\t\t\t\t\t\t\t\t\t<div data-nosnippet=\"true\"><p style=\"text-align:center;font-size:13px;opacity:0.7;margin-top:14px\" data-nosnippet=\"true\">Personliga erfarenheter kan variera. Ingen medicinteknisk produkt. Inget l\u00f6fte om l\u00e4kning.<\/p><\/div>\t\t\t\t\t\t\t\t<\/div>\n\t\t\t\t\t<\/div>\n\t\t\t\t<\/div>\n\t\t\t\t\t<\/div>\n\t\t\t\t<\/div>\n\t\t<div class=\"elementor-element elementor-element-iwgw-jabmiidaib-disc e-flex e-con-boxed e-con e-parent\" data-id=\"iwgw-jabmiidaib-disc\" data-element_type=\"container\" data-e-type=\"container\">\n\t\t\t\t\t<div class=\"e-con-inner\">\n\t\t\t\t<div class=\"elementor-element elementor-element-iwgw-jabmiidaib-discw elementor-widget elementor-widget-html\" data-id=\"iwgw-jabmiidaib-discw\" data-element_type=\"widget\" data-e-type=\"widget\" data-widget_type=\"html.default\">\n\t\t\t\t\t<footer data-nosnippet=\"true\" class=\"iwg-disclaimer-block\"><p data-nosnippet=\"true\">iWell Guard \u00e4r <strong>ingen medicinteknisk produkt<\/strong> och ers\u00e4tter inte l\u00e4karv\u00e5rd eller psykoterapeutisk behandling. De religionsvetenskapliga inneh\u00e5llen \u00e4r kulturhistorisk inordning, ingen andlig praxisrekommendation.<\/p><\/footer>\t\t\t\t<\/div>\n\t\t\t\t\t<\/div>\n\t\t\t\t<\/div>\n\t\t\t\t<\/div>\n\t\t","protected":false},"excerpt":{"rendered":"","protected":false},"author":3,"featured_media":2888,"parent":0,"menu_order":0,"comment_status":"closed","ping_status":"closed","template":"elementor_header_footer","meta":{"_yoast_wpseo_focuskw":"Jabmiidaibmu samiskt d\u00f6dsrike","_yoast_wpseo_title":"Jabmiidaibmu - d\u00f6dsriket i den samiska religionen","_yoast_wpseo_metadesc":"Jabmiidaibmu \u00e4r d\u00f6dsriket i den samiska religionen, de avlidnas underjordiska rike. Religionsvetenskaplig genomg\u00e5ng med k\u00e4llor.","_yoast_wpseo_meta-robots-noindex":"","_yoast_wpseo_canonical":"","_angie_page":false,"gefaehrdungsstufe":"3","wesen_kultur":"sami","wesen_klasse":"geister","footnotes":""},"categories":[],"class_list":["post-136920","page","type-page","status-publish","has-post-thumbnail","hentry"],"yoast_head":"<!-- This site is optimized with the Yoast SEO Premium plugin v27.7 (Yoast SEO v28.3) - https:\/\/yoast.com\/product\/yoast-seo-premium-wordpress\/ -->\n<title>Jabmiidaibmu - d\u00f6dsriket i den samiska religionen<\/title>\n<meta name=\"description\" content=\"Jabmiidaibmu \u00e4r d\u00f6dsriket i den samiska religionen, de avlidnas underjordiska rike. Religionsvetenskaplig genomg\u00e5ng med k\u00e4llor.\" \/>\n<meta name=\"robots\" content=\"index, follow, max-snippet:-1, max-image-preview:large, max-video-preview:-1\" \/>\n<link rel=\"canonical\" href=\"https:\/\/iwell-guard.com\/sv\/jabmiidaibmu-dodsriket-samerna\/\" \/>\n<meta property=\"og:locale\" content=\"sv_SE\" \/>\n<meta property=\"og:type\" content=\"article\" \/>\n<meta property=\"og:title\" content=\"Jabmiidaibmu - d\u00f6dsriket och de avlidnas rike hos samerna\" \/>\n<meta property=\"og:description\" content=\"Jabmiidaibmu \u00e4r d\u00f6dsriket i den samiska religionen, de avlidnas underjordiska rike. Religionsvetenskaplig genomg\u00e5ng med k\u00e4llor.\" \/>\n<meta property=\"og:url\" content=\"https:\/\/iwell-guard.com\/sv\/jabmiidaibmu-dodsriket-samerna\/\" \/>\n<meta property=\"og:site_name\" content=\"iWell Guard\" \/>\n<meta property=\"article:modified_time\" content=\"2026-09-03T01:15:45+00:00\" \/>\n<meta property=\"og:image\" content=\"https:\/\/iwell-guard.com\/wp-content\/uploads\/2026\/05\/geister_sami_jabmiidaibmu.webp\" \/>\n\t<meta property=\"og:image:width\" content=\"1024\" \/>\n\t<meta property=\"og:image:height\" content=\"1536\" \/>\n\t<meta property=\"og:image:type\" content=\"image\/webp\" \/>\n<meta name=\"twitter:card\" content=\"summary_large_image\" \/>\n<script type=\"application\/ld+json\" class=\"yoast-schema-graph\">{\"@context\":\"https:\\\/\\\/schema.org\",\"@graph\":[{\"@type\":\"WebPage\",\"@id\":\"https:\\\/\\\/iwell-guard.com\\\/sv\\\/jabmiidaibmu-dodsriket-samerna\\\/\",\"url\":\"https:\\\/\\\/iwell-guard.com\\\/sv\\\/jabmiidaibmu-dodsriket-samerna\\\/\",\"name\":\"Jabmiidaibmu - d\u00f6dsriket i den samiska religionen\",\"isPartOf\":{\"@id\":\"https:\\\/\\\/iwell-guard.com\\\/sv\\\/#website\"},\"primaryImageOfPage\":{\"@id\":\"https:\\\/\\\/iwell-guard.com\\\/sv\\\/jabmiidaibmu-dodsriket-samerna\\\/#primaryimage\"},\"image\":{\"@id\":\"https:\\\/\\\/iwell-guard.com\\\/sv\\\/jabmiidaibmu-dodsriket-samerna\\\/#primaryimage\"},\"thumbnailUrl\":\"https:\\\/\\\/iwell-guard.com\\\/wp-content\\\/uploads\\\/2026\\\/05\\\/geister_sami_jabmiidaibmu.webp\",\"datePublished\":\"2026-09-03T00:11:11+00:00\",\"dateModified\":\"2026-09-03T01:15:45+00:00\",\"description\":\"Jabmiidaibmu \u00e4r d\u00f6dsriket i den samiska religionen, de avlidnas underjordiska rike. Religionsvetenskaplig genomg\u00e5ng med k\u00e4llor.\",\"breadcrumb\":{\"@id\":\"https:\\\/\\\/iwell-guard.com\\\/sv\\\/jabmiidaibmu-dodsriket-samerna\\\/#breadcrumb\"},\"inLanguage\":\"sv-SE\",\"potentialAction\":[{\"@type\":\"ReadAction\",\"target\":[\"https:\\\/\\\/iwell-guard.com\\\/sv\\\/jabmiidaibmu-dodsriket-samerna\\\/\"]}]},{\"@type\":\"ImageObject\",\"inLanguage\":\"sv-SE\",\"@id\":\"https:\\\/\\\/iwell-guard.com\\\/sv\\\/jabmiidaibmu-dodsriket-samerna\\\/#primaryimage\",\"url\":\"https:\\\/\\\/iwell-guard.com\\\/wp-content\\\/uploads\\\/2026\\\/05\\\/geister_sami_jabmiidaibmu.webp\",\"contentUrl\":\"https:\\\/\\\/iwell-guard.com\\\/wp-content\\\/uploads\\\/2026\\\/05\\\/geister_sami_jabmiidaibmu.webp\",\"width\":1024,\"height\":1536,\"caption\":\"Andar fr\u00e5n den samiska traditionen.\"},{\"@type\":\"BreadcrumbList\",\"@id\":\"https:\\\/\\\/iwell-guard.com\\\/sv\\\/jabmiidaibmu-dodsriket-samerna\\\/#breadcrumb\",\"itemListElement\":[{\"@type\":\"ListItem\",\"position\":1,\"name\":\"Start\",\"item\":\"https:\\\/\\\/iwell-guard.com\\\/sv\\\/?page_id=136483\"},{\"@type\":\"ListItem\",\"position\":2,\"name\":\"Jabmiidaibmu &#8211; d\u00f6dsriket och de avlidnas rike hos samerna\"}]},{\"@type\":\"WebSite\",\"@id\":\"https:\\\/\\\/iwell-guard.com\\\/sv\\\/#website\",\"url\":\"https:\\\/\\\/iwell-guard.com\\\/sv\\\/\",\"name\":\"iWell Guard\",\"description\":\"Schutz vor dunklen Einfl\u00fcssen\",\"publisher\":{\"@id\":\"https:\\\/\\\/iwell-guard.com\\\/sv\\\/#organization\"},\"potentialAction\":[{\"@type\":\"SearchAction\",\"target\":{\"@type\":\"EntryPoint\",\"urlTemplate\":\"https:\\\/\\\/iwell-guard.com\\\/sv\\\/?s={search_term_string}\"},\"query-input\":{\"@type\":\"PropertyValueSpecification\",\"valueRequired\":true,\"valueName\":\"search_term_string\"}}],\"inLanguage\":\"sv-SE\"},{\"@type\":\"Organization\",\"@id\":\"https:\\\/\\\/iwell-guard.com\\\/sv\\\/#organization\",\"name\":\"Ittermann electronic GmbH\",\"url\":\"https:\\\/\\\/iwell-guard.com\\\/sv\\\/\",\"logo\":{\"@type\":\"ImageObject\",\"inLanguage\":\"sv-SE\",\"@id\":\"https:\\\/\\\/iwell-guard.com\\\/sv\\\/#\\\/schema\\\/logo\\\/image\\\/\",\"url\":\"https:\\\/\\\/iwell-guard.com\\\/wp-content\\\/uploads\\\/2026\\\/05\\\/Ittermann-Logo-1182x237-1.png\",\"contentUrl\":\"https:\\\/\\\/iwell-guard.com\\\/wp-content\\\/uploads\\\/2026\\\/05\\\/Ittermann-Logo-1182x237-1.png\",\"width\":1182,\"height\":237,\"caption\":\"Ittermann electronic GmbH\"},\"image\":{\"@id\":\"https:\\\/\\\/iwell-guard.com\\\/sv\\\/#\\\/schema\\\/logo\\\/image\\\/\"},\"sameAs\":[\"https:\\\/\\\/pantip.com\\\/profile\\\/9367242\",\"https:\\\/\\\/micro.blog\\\/iwellguard\",\"https:\\\/\\\/www.diggerslist.com\\\/iwellguard\\\/about\",\"https:\\\/\\\/skitterphoto.com\\\/photographers\\\/2870314\\\/iwell-guard\",\"https:\\\/\\\/iwellguard.wordpress.com\\\/2026\\\/06\\\/06\\\/iwell-guard\\\/\",\"https:\\\/\\\/hub.docker.com\\\/u\\\/iwellguard\",\"https:\\\/\\\/www.pinterest.com\\\/iwellguard\\\/\",\"https:\\\/\\\/bit.ly\\\/m\\\/iwellguard\",\"https:\\\/\\\/entre-vos-mains.alsace.eu\\\/profiles\\\/iwellguard\\\/activity\",\"https:\\\/\\\/gravatar.com\\\/reallybeded8fd34\",\"https:\\\/\\\/naijamatta.com\\\/iwellguard\",\"https:\\\/\\\/www.goodreads.com\\\/iwellguard\",\"https:\\\/\\\/profile.hatena.ne.jp\\\/iwellguard\\\/\",\"https:\\\/\\\/experiment.com\\\/users\\\/iwellguard\",\"https:\\\/\\\/wakelet.com\\\/@iWellGuard82270\",\"https:\\\/\\\/www.chordie.com\\\/forum\\\/profile.php?id=2555664\",\"https:\\\/\\\/www.instapaper.com\\\/p\\\/17757966\",\"https:\\\/\\\/www.mapleprimes.com\\\/users\\\/iwellguard\",\"https:\\\/\\\/businesslistingplus.com\\\/profile\\\/iwell-guard\\\/\",\"https:\\\/\\\/telegra.ph\\\/iWell-Guard-06-06\",\"https:\\\/\\\/pbase.com\\\/iwellguard\\\/iwellguard\",\"https:\\\/\\\/b.hatena.ne.jp\\\/iwellguard\\\/20260607#bookmark-4788405196491818882\",\"https:\\\/\\\/fliphtml5.com\\\/home\\\/iwellguard\",\"https:\\\/\\\/anyflip.com\\\/homepage\\\/cmiwl#About\",\"https:\\\/\\\/transfur.com\\\/Users\\\/iwellguard\",\"http:\\\/\\\/delphi.larsbo.org\\\/user\\\/iwellguard\",\"https:\\\/\\\/jobs.lajobsportal.org\\\/profiles\\\/8380803-iwell-guard\",\"https:\\\/\\\/md.chaosdorf.de\\\/s\\\/jfbe5SBdJD\",\"https:\\\/\\\/www.lingvolive.com\\\/en-us\\\/profile\\\/9ecaeaca-ce11-4e51-9e71-01d55e2bff36\\\/translations\",\"https:\\\/\\\/www.fitday.com\\\/fitness\\\/forums\\\/members\\\/iwellguard.html\",\"https:\\\/\\\/www.mymeetbook.com\\\/iwellguard\",\"https:\\\/\\\/pxhere.com\\\/en\\\/photographer-me\\\/5040798\",\"https:\\\/\\\/disqus.com\\\/by\\\/iwellguard\\\/about\\\/\",\"https:\\\/\\\/pastelink.net\\\/hjwciqwq\",\"https:\\\/\\\/pubhtml5.com\\\/homepage\\\/scjhn\\\/\",\"https:\\\/\\\/www.bitchute.com\\\/channel\\\/2O2eOKzNqujT\",\"https:\\\/\\\/audiomack.com\\\/iwellguard\"]},{\"@type\":\"Article\",\"@id\":\"https:\\\/\\\/iwell-guard.com\\\/sv\\\/jabmiidaibmu-dodsriket-samerna\\\/#article\",\"isPartOf\":{\"@id\":\"https:\\\/\\\/iwell-guard.com\\\/sv\\\/jabmiidaibmu-dodsriket-samerna\\\/\"},\"author\":{\"name\":\"Ralf Ittermann\",\"@id\":\"https:\\\/\\\/iwell-guard.com\\\/sv\\\/#\\\/schema\\\/person\\\/ee2a27f1cac3406c7c6fb5820cb7349f\"},\"headline\":\"Jabmiidaibmu &#8211; d\u00f6dsriket och de avlidnas rike hos samerna\",\"datePublished\":\"2026-09-03T00:11:11+00:00\",\"dateModified\":\"2026-09-03T01:15:45+00:00\",\"mainEntityOfPage\":{\"@id\":\"https:\\\/\\\/iwell-guard.com\\\/sv\\\/jabmiidaibmu-dodsriket-samerna\\\/\"},\"publisher\":{\"@id\":\"https:\\\/\\\/iwell-guard.com\\\/sv\\\/#organization\"},\"image\":{\"@id\":\"https:\\\/\\\/iwell-guard.com\\\/sv\\\/jabmiidaibmu-dodsriket-samerna\\\/#primaryimage\"},\"thumbnailUrl\":\"https:\\\/\\\/iwell-guard.com\\\/wp-content\\\/uploads\\\/2026\\\/05\\\/geister_sami_jabmiidaibmu.webp\",\"inLanguage\":\"sv-SE\",\"description\":\"Jabmiidaibmu \u00e4r d\u00f6dsriket i den samiska religionen, de avlidnas underjordiska rike. Religionsvetenskaplig genomg\u00e5ng med k\u00e4llor.\"}]}<\/script>\n<!-- \/ Yoast SEO Premium plugin. -->","yoast_head_json":{"title":"Jabmiidaibmu - d\u00f6dsriket i den samiska religionen","description":"Jabmiidaibmu \u00e4r d\u00f6dsriket i den samiska religionen, de avlidnas underjordiska rike. Religionsvetenskaplig genomg\u00e5ng med k\u00e4llor.","robots":{"index":"index","follow":"follow","max-snippet":"max-snippet:-1","max-image-preview":"max-image-preview:large","max-video-preview":"max-video-preview:-1"},"canonical":"https:\/\/iwell-guard.com\/sv\/jabmiidaibmu-dodsriket-samerna\/","og_locale":"sv_SE","og_type":"article","og_title":"Jabmiidaibmu - d\u00f6dsriket och de avlidnas rike hos samerna","og_description":"Jabmiidaibmu \u00e4r d\u00f6dsriket i den samiska religionen, de avlidnas underjordiska rike. Religionsvetenskaplig genomg\u00e5ng med k\u00e4llor.","og_url":"https:\/\/iwell-guard.com\/sv\/jabmiidaibmu-dodsriket-samerna\/","og_site_name":"iWell Guard","article_modified_time":"2026-09-03T01:15:45+00:00","og_image":[{"width":1024,"height":1536,"url":"https:\/\/iwell-guard.com\/wp-content\/uploads\/2026\/05\/geister_sami_jabmiidaibmu.webp","type":"image\/webp"}],"twitter_card":"summary_large_image","schema":{"@context":"https:\/\/schema.org","@graph":[{"@type":"Article","@id":"https:\/\/iwell-guard.com\/sv\/jabmiidaibmu-dodsriket-samerna\/#article","isPartOf":{"@id":"https:\/\/iwell-guard.com\/sv\/jabmiidaibmu-dodsriket-samerna\/"},"author":{"name":"Ralf Ittermann","@id":"https:\/\/iwell-guard.com\/sv\/#\/schema\/person\/ee2a27f1cac3406c7c6fb5820cb7349f"},"headline":"Jabmiidaibmu &#8211; d\u00f6dsriket och de avlidnas rike hos samerna","datePublished":"2026-09-03T00:11:11+00:00","dateModified":"2026-09-03T01:15:45+00:00","mainEntityOfPage":{"@id":"https:\/\/iwell-guard.com\/sv\/jabmiidaibmu-dodsriket-samerna\/"},"publisher":{"@id":"https:\/\/iwell-guard.com\/sv\/#organization"},"image":{"@id":"https:\/\/iwell-guard.com\/sv\/jabmiidaibmu-dodsriket-samerna\/#primaryimage"},"thumbnailUrl":"https:\/\/iwell-guard.com\/wp-content\/uploads\/2026\/05\/geister_sami_jabmiidaibmu.webp","inLanguage":"sv-SE","description":"Jabmiidaibmu \u00e4r d\u00f6dsriket i den samiska religionen, de avlidnas underjordiska rike. Religionsvetenskaplig genomg\u00e5ng med k\u00e4llor."},{"@type":"WebPage","@id":"https:\/\/iwell-guard.com\/sv\/jabmiidaibmu-dodsriket-samerna\/","url":"https:\/\/iwell-guard.com\/sv\/jabmiidaibmu-dodsriket-samerna\/","name":"Jabmiidaibmu - d\u00f6dsriket i den samiska religionen","isPartOf":{"@id":"https:\/\/iwell-guard.com\/sv\/#website"},"primaryImageOfPage":{"@id":"https:\/\/iwell-guard.com\/sv\/jabmiidaibmu-dodsriket-samerna\/#primaryimage"},"image":{"@id":"https:\/\/iwell-guard.com\/sv\/jabmiidaibmu-dodsriket-samerna\/#primaryimage"},"thumbnailUrl":"https:\/\/iwell-guard.com\/wp-content\/uploads\/2026\/05\/geister_sami_jabmiidaibmu.webp","datePublished":"2026-09-03T00:11:11+00:00","dateModified":"2026-09-03T01:15:45+00:00","description":"Jabmiidaibmu \u00e4r d\u00f6dsriket i den samiska religionen, de avlidnas underjordiska rike. Religionsvetenskaplig genomg\u00e5ng med k\u00e4llor.","breadcrumb":{"@id":"https:\/\/iwell-guard.com\/sv\/jabmiidaibmu-dodsriket-samerna\/#breadcrumb"},"inLanguage":"sv-SE","potentialAction":[{"@type":"ReadAction","target":["https:\/\/iwell-guard.com\/sv\/jabmiidaibmu-dodsriket-samerna\/"]}]},{"@type":"ImageObject","inLanguage":"sv-SE","@id":"https:\/\/iwell-guard.com\/sv\/jabmiidaibmu-dodsriket-samerna\/#primaryimage","url":"https:\/\/iwell-guard.com\/wp-content\/uploads\/2026\/05\/geister_sami_jabmiidaibmu.webp","contentUrl":"https:\/\/iwell-guard.com\/wp-content\/uploads\/2026\/05\/geister_sami_jabmiidaibmu.webp","width":1024,"height":1536,"caption":"Andar fr\u00e5n den samiska traditionen."},{"@type":"BreadcrumbList","@id":"https:\/\/iwell-guard.com\/sv\/jabmiidaibmu-dodsriket-samerna\/#breadcrumb","itemListElement":[{"@type":"ListItem","position":1,"name":"Start","item":"https:\/\/iwell-guard.com\/sv\/?page_id=136483"},{"@type":"ListItem","position":2,"name":"Jabmiidaibmu &#8211; d\u00f6dsriket och de avlidnas rike hos samerna"}]},{"@type":"WebSite","@id":"https:\/\/iwell-guard.com\/sv\/#website","url":"https:\/\/iwell-guard.com\/sv\/","name":"iWell Guard","description":"Schutz vor dunklen Einfl\u00fcssen","publisher":{"@id":"https:\/\/iwell-guard.com\/sv\/#organization"},"potentialAction":[{"@type":"SearchAction","target":{"@type":"EntryPoint","urlTemplate":"https:\/\/iwell-guard.com\/sv\/?s={search_term_string}"},"query-input":{"@type":"PropertyValueSpecification","valueRequired":true,"valueName":"search_term_string"}}],"inLanguage":"sv-SE"},{"@type":"Organization","@id":"https:\/\/iwell-guard.com\/sv\/#organization","name":"Ittermann electronic GmbH","url":"https:\/\/iwell-guard.com\/sv\/","logo":{"@type":"ImageObject","inLanguage":"sv-SE","@id":"https:\/\/iwell-guard.com\/sv\/#\/schema\/logo\/image\/","url":"https:\/\/iwell-guard.com\/wp-content\/uploads\/2026\/05\/Ittermann-Logo-1182x237-1.png","contentUrl":"https:\/\/iwell-guard.com\/wp-content\/uploads\/2026\/05\/Ittermann-Logo-1182x237-1.png","width":1182,"height":237,"caption":"Ittermann electronic GmbH"},"image":{"@id":"https:\/\/iwell-guard.com\/sv\/#\/schema\/logo\/image\/"},"sameAs":["https:\/\/pantip.com\/profile\/9367242","https:\/\/micro.blog\/iwellguard","https:\/\/www.diggerslist.com\/iwellguard\/about","https:\/\/skitterphoto.com\/photographers\/2870314\/iwell-guard","https:\/\/iwellguard.wordpress.com\/2026\/06\/06\/iwell-guard\/","https:\/\/hub.docker.com\/u\/iwellguard","https:\/\/www.pinterest.com\/iwellguard\/","https:\/\/bit.ly\/m\/iwellguard","https:\/\/entre-vos-mains.alsace.eu\/profiles\/iwellguard\/activity","https:\/\/gravatar.com\/reallybeded8fd34","https:\/\/naijamatta.com\/iwellguard","https:\/\/www.goodreads.com\/iwellguard","https:\/\/profile.hatena.ne.jp\/iwellguard\/","https:\/\/experiment.com\/users\/iwellguard","https:\/\/wakelet.com\/@iWellGuard82270","https:\/\/www.chordie.com\/forum\/profile.php?id=2555664","https:\/\/www.instapaper.com\/p\/17757966","https:\/\/www.mapleprimes.com\/users\/iwellguard","https:\/\/businesslistingplus.com\/profile\/iwell-guard\/","https:\/\/telegra.ph\/iWell-Guard-06-06","https:\/\/pbase.com\/iwellguard\/iwellguard","https:\/\/b.hatena.ne.jp\/iwellguard\/20260607#bookmark-4788405196491818882","https:\/\/fliphtml5.com\/home\/iwellguard","https:\/\/anyflip.com\/homepage\/cmiwl#About","https:\/\/transfur.com\/Users\/iwellguard","http:\/\/delphi.larsbo.org\/user\/iwellguard","https:\/\/jobs.lajobsportal.org\/profiles\/8380803-iwell-guard","https:\/\/md.chaosdorf.de\/s\/jfbe5SBdJD","https:\/\/www.lingvolive.com\/en-us\/profile\/9ecaeaca-ce11-4e51-9e71-01d55e2bff36\/translations","https:\/\/www.fitday.com\/fitness\/forums\/members\/iwellguard.html","https:\/\/www.mymeetbook.com\/iwellguard","https:\/\/pxhere.com\/en\/photographer-me\/5040798","https:\/\/disqus.com\/by\/iwellguard\/about\/","https:\/\/pastelink.net\/hjwciqwq","https:\/\/pubhtml5.com\/homepage\/scjhn\/","https:\/\/www.bitchute.com\/channel\/2O2eOKzNqujT","https:\/\/audiomack.com\/iwellguard"]},{"@type":"Person","@id":"https:\/\/iwell-guard.com\/sv\/#\/schema\/person\/ee2a27f1cac3406c7c6fb5820cb7349f","name":"Ralf Ittermann","image":{"@type":"ImageObject","inLanguage":"sv-SE","@id":"https:\/\/secure.gravatar.com\/avatar\/073c0153e350a5005b68eb752b445fea71f6b24a26da9449ad7e155e6b446c9d?s=96&d=mm&r=g","url":"https:\/\/secure.gravatar.com\/avatar\/073c0153e350a5005b68eb752b445fea71f6b24a26da9449ad7e155e6b446c9d?s=96&d=mm&r=g","contentUrl":"https:\/\/secure.gravatar.com\/avatar\/073c0153e350a5005b68eb752b445fea71f6b24a26da9449ad7e155e6b446c9d?s=96&d=mm&r=g","caption":"Ralf Ittermann"},"givenName":"Ralf","familyName":"Ittermann","jobTitle":"Gesch\u00e4ftsf\u00fchrer und redaktioneller Verantwortlicher","url":"https:\/\/iwell-guard.com\/sv\/author\/claude\/","description":"Ralf Ittermann ist Gesch\u00e4ftsf\u00fchrer der Ittermann electronic GmbH und redaktioneller Verantwortlicher des iWell-Guard-Lexikons. Er verbindet langj\u00e4hrige Erfahrung in der Pr\u00e4zisionsfertigung mit medialer Praxis und religionsgeschichtlicher Quellenarbeit.","worksFor":{"@type":"Organization","name":"Ittermann electronic GmbH","url":"https:\/\/ittermann.de\/","address":{"@type":"PostalAddress","streetAddress":"K\u00f6hlergasse 16-18","postalCode":"99842","addressLocality":"Ruhla","addressCountry":"DE"}},"knowsAbout":["Religionsgeschichte","Mythologie","Mediale Praxis","Energetische Diagnostik","Schutzpraxis","Volksglauben","Westliche Esoterik"]},{"@type":"Article","@id":"https:\/\/iwell-guard.com\/sv\/jabmiidaibmu-dodsriket-samerna\/#article","isPartOf":{"@id":"https:\/\/iwell-guard.com\/sv\/jabmiidaibmu-dodsriket-samerna\/"},"author":{"name":"Ralf Ittermann","@id":"https:\/\/iwell-guard.com\/sv\/#\/schema\/person\/ee2a27f1cac3406c7c6fb5820cb7349f"},"headline":"Jabmiidaibmu &#8211; d\u00f6dsriket och de avlidnas rike hos samerna","datePublished":"2026-09-03T00:11:11+00:00","dateModified":"2026-09-03T01:15:45+00:00","mainEntityOfPage":{"@id":"https:\/\/iwell-guard.com\/sv\/jabmiidaibmu-dodsriket-samerna\/"},"publisher":{"@id":"https:\/\/iwell-guard.com\/sv\/#organization"},"image":{"@id":"https:\/\/iwell-guard.com\/sv\/jabmiidaibmu-dodsriket-samerna\/#primaryimage"},"thumbnailUrl":"https:\/\/iwell-guard.com\/wp-content\/uploads\/2026\/05\/geister_sami_jabmiidaibmu.webp","inLanguage":"sv-SE","description":"Jabmiidaibmu \u00e4r d\u00f6dsriket i den samiska religionen, de avlidnas underjordiska rike. Religionsvetenskaplig genomg\u00e5ng med k\u00e4llor."}]}},"_links":{"self":[{"href":"https:\/\/iwell-guard.com\/sv\/wp-json\/wp\/v2\/pages\/136920","targetHints":{"allow":["GET"]}}],"collection":[{"href":"https:\/\/iwell-guard.com\/sv\/wp-json\/wp\/v2\/pages"}],"about":[{"href":"https:\/\/iwell-guard.com\/sv\/wp-json\/wp\/v2\/types\/page"}],"author":[{"embeddable":true,"href":"https:\/\/iwell-guard.com\/sv\/wp-json\/wp\/v2\/users\/3"}],"replies":[{"embeddable":true,"href":"https:\/\/iwell-guard.com\/sv\/wp-json\/wp\/v2\/comments?post=136920"}],"version-history":[{"count":0,"href":"https:\/\/iwell-guard.com\/sv\/wp-json\/wp\/v2\/pages\/136920\/revisions"}],"wp:featuredmedia":[{"embeddable":true,"href":"https:\/\/iwell-guard.com\/sv\/wp-json\/wp\/v2\/media\/2888"}],"wp:attachment":[{"href":"https:\/\/iwell-guard.com\/sv\/wp-json\/wp\/v2\/media?parent=136920"}],"wp:term":[{"taxonomy":"category","embeddable":true,"href":"https:\/\/iwell-guard.com\/sv\/wp-json\/wp\/v2\/categories?post=136920"}],"curies":[{"name":"wp","href":"https:\/\/api.w.org\/{rel}","templated":true}]}}