{"id":136915,"date":"2026-09-03T00:11:09","date_gmt":"2026-09-03T00:11:09","guid":{"rendered":"https:\/\/iwell-guard.com\/?page_id=136915"},"modified":"2026-09-03T01:15:36","modified_gmt":"2026-09-03T01:15:36","slug":"stallo-manniskoatande-jatte","status":"publish","type":"page","link":"https:\/\/iwell-guard.com\/sv\/stallo-manniskoatande-jatte\/","title":{"rendered":"Stallo &#8211; M\u00e4nnisko\u00e4tande j\u00e4tte i den samiska traditionen"},"content":{"rendered":"\t\t<div data-elementor-type=\"wp-page\" data-elementor-id=\"136915\" class=\"elementor elementor-136915 elementor-2667 elementor-bc-flex-widget\" data-elementor-post-type=\"page\">\n\t\t\t\t<div class=\"elementor-element elementor-element-iwgw-stallo-hero e-flex e-con-boxed e-con e-parent\" data-id=\"iwgw-stallo-hero\" data-element_type=\"container\" data-e-type=\"container\" data-settings=\"{&quot;background_background&quot;:&quot;classic&quot;}\">\n\t\t\t\t\t<div class=\"e-con-inner\">\n\t\t<div class=\"elementor-element elementor-element-iwgw-stallo-hl e-flex e-con-boxed e-con e-child\" data-id=\"iwgw-stallo-hl\" data-element_type=\"container\" data-e-type=\"container\">\n\t\t\t\t\t<div class=\"e-con-inner\">\n\t\t<div class=\"elementor-element elementor-element-iwgw-stallo-htxt e-con-full e-flex e-con e-child\" data-id=\"iwgw-stallo-htxt\" data-element_type=\"container\" data-e-type=\"container\">\n\t\t\t\t<div class=\"elementor-element elementor-element-iwgw-stallo-h1 elementor-widget elementor-widget-heading\" data-id=\"iwgw-stallo-h1\" data-element_type=\"widget\" data-e-type=\"widget\" data-widget_type=\"heading.default\">\n\t\t\t\t\t<h1 class=\"elementor-heading-title elementor-size-default\">Stallo - M\u00e4nnisko\u00e4tande j\u00e4tte och tricksterantagonist i den samiska traditionen<\/h1>\t\t\t\t<\/div>\n\t\t\t\t<div class=\"elementor-element elementor-element-iwgw-stallo-lead elementor-widget elementor-widget-text-editor\" data-id=\"iwgw-stallo-lead\" data-element_type=\"widget\" data-e-type=\"widget\" data-widget_type=\"text-editor.default\">\n\t\t\t\t\t\t\t\t\t<p>Stallo, i dialektala varianter \u00e4ven Staaloe eller Staaloh, \u00e4r den m\u00e4nnisko\u00e4tande j\u00e4tten i den samiska ber\u00e4ttartraditionen. Han upptr\u00e4der som antagonist i m\u00e5nga ber\u00e4ttelser d\u00e4r samiska huvudpersoner besegrar honom genom list. Religionsvetenskapligt h\u00f6r han till den vida klassen j\u00e4tteantagonister i nordeuropeiska mytologier.<\/p>\t\t\t\t\t\t\t\t<\/div>\n\t\t\t\t<\/div>\n\t\t<div class=\"elementor-element elementor-element-iwgw-stallo-pillc e-con-full e-flex e-con e-child\" data-id=\"iwgw-stallo-pillc\" data-element_type=\"container\" data-e-type=\"container\">\n\t\t\t\t<div class=\"elementor-element elementor-element-iwgw-stallo-pills elementor-widget elementor-widget-html\" data-id=\"iwgw-stallo-pills\" data-element_type=\"widget\" data-e-type=\"widget\" data-widget_type=\"html.default\">\n\t\t\t\t\t<div class=\"iwg-pill-row\"><span class=\"iwg-klasse-badge\" tabindex=\"0\" data-tooltip=\"J\u00e4tte i den samiska traditionen.\">J\u00e4tte<\/span><a href=\"https:\/\/iwell-guard.com\/sv\/sami-noaidi-trumma\/\" class=\"iwg-kultur-badge\" tabindex=\"0\" data-tooltip=\"Mytologi i den samiska traditionen.\">Sami<\/a><span class=\"iwg-tradition-badge\" tabindex=\"0\" data-tooltip=\"J\u00e4ttevarelse och antagonist.\">J\u00e4ttevarelse och antagonist<\/span><\/div>\t\t\t\t<\/div>\n\t\t\t\t<\/div>\n\t\t<div class=\"elementor-element elementor-element-iwgw-stallo-tocc e-con-full e-flex e-con e-child\" data-id=\"iwgw-stallo-tocc\" data-element_type=\"container\" data-e-type=\"container\">\n\t\t\t\t<div class=\"elementor-element elementor-element-iwgw-stallo-toc elementor-toc--minimized-on-tablet elementor-widget elementor-widget-table-of-contents\" data-id=\"iwgw-stallo-toc\" data-element_type=\"widget\" data-e-type=\"widget\" data-settings=\"{&quot;headings_by_tags&quot;:[&quot;h2&quot;,&quot;h3&quot;],&quot;minimize_box&quot;:&quot;yes&quot;,&quot;marker_view&quot;:&quot;bullets&quot;,&quot;no_headings_message&quot;:&quot;Inga rubriker hittades p\\u00e5 den h\\u00e4r sidan.&quot;,&quot;exclude_headings_by_selector&quot;:[],&quot;icon&quot;:{&quot;value&quot;:&quot;fas fa-circle&quot;,&quot;library&quot;:&quot;fa-solid&quot;,&quot;rendered_tag&quot;:&quot;&lt;svg class=\\&quot;e-font-icon-svg e-fas-circle\\&quot; viewBox=\\&quot;0 0 512 512\\&quot; xmlns=\\&quot;http:\\\/\\\/www.w3.org\\\/2000\\\/svg\\&quot;&gt;&lt;path d=\\&quot;M256 8C119 8 8 119 8 256s111 248 248 248 248-111 248-248S393 8 256 8z\\&quot;&gt;&lt;\\\/path&gt;&lt;\\\/svg&gt;&quot;},&quot;minimized_on&quot;:&quot;tablet&quot;,&quot;hierarchical_view&quot;:&quot;yes&quot;,&quot;min_height&quot;:{&quot;unit&quot;:&quot;px&quot;,&quot;size&quot;:&quot;&quot;,&quot;sizes&quot;:[]},&quot;min_height_tablet&quot;:{&quot;unit&quot;:&quot;px&quot;,&quot;size&quot;:&quot;&quot;,&quot;sizes&quot;:[]},&quot;min_height_mobile&quot;:{&quot;unit&quot;:&quot;px&quot;,&quot;size&quot;:&quot;&quot;,&quot;sizes&quot;:[]}}\" data-widget_type=\"table-of-contents.default\">\n\t\t\t\t\t\t\t\t\t<div class=\"elementor-toc__header\">\n\t\t\t\t\t\t<h2 class=\"elementor-toc__header-title\">\n\t\t\t\tInneh\u00e5llsf\u00f6rteckning\t\t\t<\/h2>\n\t\t\t\t\t\t\t\t\t\t<div class=\"elementor-toc__toggle-button elementor-toc__toggle-button--expand\" role=\"button\" tabindex=\"0\" aria-controls=\"elementor-toc__iwgw-stallo-toc\" aria-expanded=\"true\" aria-label=\"\u00d6ppna inneh\u00e5llsf\u00f6rteckning\"><svg aria-hidden=\"true\" class=\"e-font-icon-svg e-fas-chevron-down\" viewBox=\"0 0 448 512\" xmlns=\"http:\/\/www.w3.org\/2000\/svg\"><path d=\"M207.029 381.476L12.686 187.132c-9.373-9.373-9.373-24.569 0-33.941l22.667-22.667c9.357-9.357 24.522-9.375 33.901-.04L224 284.505l154.745-154.021c9.379-9.335 24.544-9.317 33.901.04l22.667 22.667c9.373 9.373 9.373 24.569 0 33.941L240.971 381.476c-9.373 9.372-24.569 9.372-33.942 0z\"><\/path><\/svg><\/div>\n\t\t\t\t<div class=\"elementor-toc__toggle-button elementor-toc__toggle-button--collapse\" role=\"button\" tabindex=\"0\" aria-controls=\"elementor-toc__iwgw-stallo-toc\" aria-expanded=\"true\" aria-label=\"St\u00e4ng inneh\u00e5llsf\u00f6rteckning\"><svg aria-hidden=\"true\" class=\"e-font-icon-svg e-fas-chevron-up\" viewBox=\"0 0 448 512\" xmlns=\"http:\/\/www.w3.org\/2000\/svg\"><path d=\"M240.971 130.524l194.343 194.343c9.373 9.373 9.373 24.569 0 33.941l-22.667 22.667c-9.357 9.357-24.522 9.375-33.901.04L224 227.495 69.255 381.516c-9.379 9.335-24.544 9.317-33.901-.04l-22.667-22.667c-9.373-9.373-9.373-24.569 0-33.941L207.03 130.525c9.372-9.373 24.568-9.373 33.941-.001z\"><\/path><\/svg><\/div>\n\t\t\t\t\t<\/div>\n\t\t\t\t<div id=\"elementor-toc__iwgw-stallo-toc\" class=\"elementor-toc__body\">\n\t\t\t<div class=\"elementor-toc__spinner-container\">\n\t\t\t\t<svg class=\"elementor-toc__spinner eicon-animation-spin e-font-icon-svg e-eicon-loading\" aria-hidden=\"true\" viewBox=\"0 0 1000 1000\" xmlns=\"http:\/\/www.w3.org\/2000\/svg\"><path d=\"M500 975V858C696 858 858 696 858 500S696 142 500 142 142 304 142 500H25C25 237 238 25 500 25S975 237 975 500 763 975 500 975Z\"><\/path><\/svg>\t\t\t<\/div>\n\t\t<\/div>\n\t\t\t\t\t\t<\/div>\n\t\t\t\t<\/div>\n\t\t\t\t\t<\/div>\n\t\t\t\t<\/div>\n\t\t<div class=\"elementor-element elementor-element-iwgw-stallo-hr e-con-full e-flex e-con e-child\" data-id=\"iwgw-stallo-hr\" data-element_type=\"container\" data-e-type=\"container\">\n\t\t\t\t<div class=\"elementor-element elementor-element-iwgw-stallo-heroimg iwg-hero-image elementor-widget elementor-widget-image\" data-id=\"iwgw-stallo-heroimg\" data-element_type=\"widget\" data-e-type=\"widget\" data-widget_type=\"image.default\">\n\t\t\t\t\t\t\t\t\t\t\t\t\t\t\t<img fetchpriority=\"high\" decoding=\"async\" width=\"683\" height=\"1024\" src=\"https:\/\/iwell-guard.com\/wp-content\/uploads\/2026\/05\/goetter_sami_stallo-683x1024.webp\" class=\"attachment-large size-large wp-image-136049\" alt=\"Stallo \u2013 gudar fr\u00e5n den samiska traditionen, historiskt-illustrativt\" srcset=\"https:\/\/iwell-guard.com\/wp-content\/uploads\/2026\/05\/goetter_sami_stallo-683x1024.webp 683w, https:\/\/iwell-guard.com\/wp-content\/uploads\/2026\/05\/goetter_sami_stallo-200x300.webp 200w, https:\/\/iwell-guard.com\/wp-content\/uploads\/2026\/05\/goetter_sami_stallo-768x1152.webp 768w, https:\/\/iwell-guard.com\/wp-content\/uploads\/2026\/05\/goetter_sami_stallo.webp 1024w\" sizes=\"(max-width: 683px) 100vw, 683px\" \/>\t\t\t\t\t\t\t\t\t\t\t\t\t\t\t<\/div>\n\t\t\t\t<\/div>\n\t\t\t\t\t<\/div>\n\t\t\t\t<\/div>\n\t\t\t\t<section class=\"elementor-section elementor-top-section elementor-element elementor-element-sec-iwgcomp-stallo elementor-section-boxed elementor-section-height-default elementor-section-height-default\" data-id=\"sec-iwgcomp-stallo\" data-element_type=\"section\" data-e-type=\"section\">\n\t\t\t\t\t\t<div class=\"elementor-container elementor-column-gap-default\">\n\t\t\t\t\t<div class=\"elementor-column elementor-col-100 elementor-top-column elementor-element elementor-element-col-iwgcomp-stallo\" data-id=\"col-iwgcomp-stallo\" data-element_type=\"column\" data-e-type=\"column\">\n\t\t\t<div class=\"elementor-widget-wrap elementor-element-populated\">\n\t\t\t\t\t\t<div class=\"elementor-element elementor-element-iwgcomp-stallo elementor-widget elementor-widget-text-editor\" data-id=\"iwgcomp-stallo\" data-element_type=\"widget\" data-e-type=\"widget\" data-widget_type=\"text-editor.default\">\n\t\t\t\t\t\t\t\t\t<p>Stallo r\u00e4knas som <strong>j\u00e4tteantagonist<\/strong> i ber\u00e4ttelserna fr\u00e5n de samiska bondesamh\u00e4llena, en m\u00e4nnisko\u00e4tande outsider.<\/p>\t\t\t\t\t\t\t\t<\/div>\n\t\t\t\t\t<\/div>\n\t\t<\/div>\n\t\t\t\t\t<\/div>\n\t\t<\/section>\n\t\t<div class=\"elementor-element elementor-element-iwgw-stallo-s0 e-flex e-con-boxed e-con e-parent\" data-id=\"iwgw-stallo-s0\" data-element_type=\"container\" data-e-type=\"container\">\n\t\t\t\t\t<div class=\"e-con-inner\">\n\t\t\t\t<div class=\"elementor-element elementor-element-iwgw-stallo-s0h elementor-widget elementor-widget-heading\" data-id=\"iwgw-stallo-s0h\" data-element_type=\"widget\" data-e-type=\"widget\" data-widget_type=\"heading.default\">\n\t\t\t\t\t<h2 class=\"elementor-heading-title elementor-size-default\">Kontextualisering och kortprofil<\/h2>\t\t\t\t<\/div>\n\t\t<div class=\"elementor-element elementor-element-iwgw-stallo-s0c e-con-full e-flex e-con e-child\" data-id=\"iwgw-stallo-s0c\" data-element_type=\"container\" data-e-type=\"container\">\n\t\t\t\t<div class=\"elementor-element elementor-element-iwgw-stallo-s0t elementor-widget elementor-widget-text-editor\" data-id=\"iwgw-stallo-s0t\" data-element_type=\"widget\" data-e-type=\"widget\" data-widget_type=\"text-editor.default\">\n\t\t\t\t\t\t\t\t\t<p>Stallo h\u00f6r till det ber\u00e4ttande skiktet av den samiska traditionen, som mindre r\u00e4knas till den egentliga religi\u00f6sa <span class=\"iwg-fachbegriff\" data-tooltip=\"Den vetenskapliga l\u00e4ran om gud och om en religions tro.\" tabindex=\"0\">teologin<\/span> \u00e4n till den mytologisk-narrativa traditionen. Till skillnad fr\u00e5n <a href=\"https:\/\/iwell-guard.com\/sv\/beaivi-solgudinnan-hos-samerna\/\">Beaivi<\/a>, <a href=\"https:\/\/iwell-guard.com\/sv\/rahka-fadergud-samisk-religion\/\">R\u00e1hka<\/a> eller Akkorna \u00e4r Stallo ingen kultfigur, utan en narrativ varelse som f\u00f6rekommer i m\u00e5nga ber\u00e4ttelser.<\/p><p>Stallo-ber\u00e4ttelserna \u00e4r spridda i de samiska spr\u00e5kregionerna, fr\u00e5n norra Sverige via Norge till Finland och Ryssland. De skildrar Stallo mestadels som en dum och grym j\u00e4tte som besegras av de klokare samerna genom list. Denna trickster-antihj\u00e4lte-konstellation \u00e4r religionsfenomenologiskt ett eget fenomen.<\/p><p>Religionsvetenskapligt \u00e4r Stallos exakta st\u00e4llning mellan religion och <span class=\"iwg-fachbegriff\" data-tooltip=\"Den traditionella folkkulturen med seder, ber\u00e4ttelser och s\u00e5nger.\" tabindex=\"0\">folklore<\/span> omtvistad. Vissa forskare (Pentik\u00e4inen) ser i honom en historiskt f\u00f6rsk\u00f6nad antagonist, andra (Rydving) en rent narrativ figur, ytterligare andra (Kaikkonen) h\u00e4nvisar till hans shamanska funktion som initiationsfigur.<\/p><p>\u00c4ven den narrativa j\u00e4ttegestalten Stallo har i den nyare forskningen behandlats med ut\u00f6kade angreppss\u00e4tt som f\u00f6renar etnografisk noggrannhet, spr\u00e5kkritisk granskning av <span class=\"iwg-fachbegriff\" data-tooltip=\"\u00d6verf\u00f6ringen av kunskap och ber\u00e4ttelser genom generationer.\" tabindex=\"0\">\u00f6verl\u00e4mningen<\/span> och j\u00e4mf\u00f6rande inordning. Samiska forskare tillh\u00f6r i dag sj\u00e4lva denna forskning och korrigerar \u00e4ldre v\u00e4sterl\u00e4ndska tolkningar av Stallo, d\u00e4r delvis koloniala syns\u00e4tt kommit till uttryck.<\/p><p>I en vidare vetenskaplig j\u00e4mf\u00f6relse infogar sig Stallo, som ber\u00e4ttas om fr\u00e5n norra Sverige via Norge till Finland och Ryssland, i m\u00f6nstret av en cirkumpol\u00e4r religi\u00f6s-narrativ topografi. Att dess grundstruktur f\u00f6rblir stabil \u00f6ver tusentals kilometer r\u00e4knas som ett av \u00e4mnets mest anm\u00e4rkningsv\u00e4rda fynd och diskuteras fortfarande i dag.<\/p>\t\t\t\t\t\t\t\t<\/div>\n\t\t\t\t<\/div>\n\t\t\t\t\t<\/div>\n\t\t\t\t<\/div>\n\t\t<div class=\"elementor-element elementor-element-iwgw-stallo-s1 e-flex e-con-boxed e-con e-parent\" data-id=\"iwgw-stallo-s1\" data-element_type=\"container\" data-e-type=\"container\">\n\t\t\t\t\t<div class=\"e-con-inner\">\n\t\t\t\t<div class=\"elementor-element elementor-element-iwgw-stallo-s1h elementor-widget elementor-widget-heading\" data-id=\"iwgw-stallo-s1h\" data-element_type=\"widget\" data-e-type=\"widget\" data-widget_type=\"heading.default\">\n\t\t\t\t\t<h2 class=\"elementor-heading-title elementor-size-default\">Namn och etymologi<\/h2>\t\t\t\t<\/div>\n\t\t<div class=\"elementor-element elementor-element-iwgw-stallo-s1c e-con-full e-flex e-con e-child\" data-id=\"iwgw-stallo-s1c\" data-element_type=\"container\" data-e-type=\"container\">\n\t\t\t\t<div class=\"elementor-element elementor-element-iwgw-stallo-s1t elementor-widget elementor-widget-text-editor\" data-id=\"iwgw-stallo-s1t\" data-element_type=\"widget\" data-e-type=\"widget\" data-widget_type=\"text-editor.default\">\n\t\t\t\t\t\t\t\t\t<p>Namnet Stallo \u00e4r etymologiskt inte slutgiltigt klarlagt. En hypotes f\u00f6rbinder det med fornnordiska <em>stallari<\/em>, som ursprungligen betydde stallm\u00e4stare eller marskalk och betecknade en hedersfunktion i den fornnordiska sagalitteraturen.<\/p><p>En annan hypotes h\u00e4nvisar till en egen samisk rot med betydelsen j\u00e4tte eller den store. Denna fr\u00e5ga \u00e4r metodiskt viktig, eftersom den etymologiska f\u00f6rbindelsen till det fornnordiska begreppet skulle tala f\u00f6r ett kulturhistoriskt kontaktskikt.<\/p><p>Dialektala varianter \u00e4r Staaloe i sydsamiskt, Staaloh i umesamiskt, St\u00e1llu i lulesamiskt spr\u00e5kbruk. Formernas m\u00e5ngfald motsvarar den allm\u00e4nna dialektala differentieringen av samiskan och bekr\u00e4ftar figurens vida spridning.<\/p><p>Kompletterande kan man religionssociologiskt fr\u00e5ga vilken funktion Stallo-ber\u00e4ttelserna hade i den sociala ordningen i det traditionella samiska samh\u00e4llet, till exempel som l\u00e4rober\u00e4ttelser om list, fara och sammanh\u00e5llning.<\/p><p>Religi\u00f6s f\u00f6rest\u00e4llning och samh\u00e4llspraxis var inte heller h\u00e4r \u00e5tskilda, utan t\u00e4tt sammanfl\u00e4tade. Denna sammanfl\u00e4tning utg\u00f6r ett eget religionsantropologiskt forskningsf\u00e4lt, som s\u00e4rskilt H\u00e5kan Rydving och Konsta Kaikkonen har unders\u00f6kt systematiskt.<\/p><p>En ytterligare niv\u00e5 g\u00e4ller Stallos betydelse i dag f\u00f6r den samiska identitetspolitiken. Inom ramen f\u00f6r det samiska sj\u00e4lvstyret och det folkr\u00e4ttsliga erk\u00e4nnandet av urfolks r\u00e4ttigheter f\u00e5r ocks\u00e5 traditionens narrativa gestalter ny synlighet. F\u00f6rh\u00e5llandet mellan religionsforskning och politisk sj\u00e4lvh\u00e4vdelse utg\u00f6r ett eget arbetsf\u00e4lt, som under de senaste \u00e5ren bearbetats alltmer.<\/p>\t\t\t\t\t\t\t\t<\/div>\n\t\t\t\t<\/div>\n\t\t\t\t\t<\/div>\n\t\t\t\t<\/div>\n\t\t<div class=\"elementor-element elementor-element-iwgw-stallo-s2 e-flex e-con-boxed e-con e-parent\" data-id=\"iwgw-stallo-s2\" data-element_type=\"container\" data-e-type=\"container\">\n\t\t\t\t\t<div class=\"e-con-inner\">\n\t\t\t\t<div class=\"elementor-element elementor-element-iwgw-stallo-s2h elementor-widget elementor-widget-heading\" data-id=\"iwgw-stallo-s2h\" data-element_type=\"widget\" data-e-type=\"widget\" data-widget_type=\"heading.default\">\n\t\t\t\t\t<h2 class=\"elementor-heading-title elementor-size-default\">Beskrivning och karakt\u00e4r<\/h2>\t\t\t\t<\/div>\n\t\t<div class=\"elementor-element elementor-element-iwgw-stallo-s2c e-con-full e-flex e-con e-child\" data-id=\"iwgw-stallo-s2c\" data-element_type=\"container\" data-e-type=\"container\">\n\t\t\t\t<div class=\"elementor-element elementor-element-iwgw-stallo-s2t elementor-widget elementor-widget-text-editor\" data-id=\"iwgw-stallo-s2t\" data-element_type=\"widget\" data-e-type=\"widget\" data-widget_type=\"text-editor.default\">\n\t\t\t\t\t\t\t\t\t<p>Stallo beskrivs i ber\u00e4ttelserna oftast som en stor, stark men dum och grym j\u00e4tte. Han \u00e4r ofta utrustad med j\u00e4rnredskap, vilket skiljer honom fr\u00e5n samerna, som traditionellt anv\u00e4nde tr\u00e4, ben och horn. Denna materialasymmetri \u00e4r vetenskapligt belysande.<\/p><p>Till sin karakt\u00e4r \u00e4r Stallo glupsk och v\u00e5ldsam, men l\u00e4tt att lura. I ber\u00e4ttelserna besegrar samerna honom oftast genom list, till exempel genom att lura honom i en f\u00e4lla, g\u00f6ra honom berusad eller bedra honom med en allegori. Denna trickster-list-konstellation \u00e4r ber\u00e4ttelsefenomenologiskt typisk.<\/p><p>Ikonografiskt har Stallo inte avbildats i den traditionella kulturen. I den samtida samiska konsten och litteraturen f\u00f6rekommer han oftare, ofta som en kritisk-humoristisk figur, ibland som en allegori f\u00f6r kolonialt hot. Denna moderna appropriering \u00e4r religionsfenomenologiskt ett eget fenomen.<\/p>\t\t\t\t\t\t\t\t<\/div>\n\t\t\t\t<\/div>\n\t\t\t\t\t<\/div>\n\t\t\t\t<\/div>\n\t\t<div class=\"elementor-element elementor-element-iwgw-stallo-s3 e-flex e-con-boxed e-con e-parent\" data-id=\"iwgw-stallo-s3\" data-element_type=\"container\" data-e-type=\"container\">\n\t\t\t\t\t<div class=\"e-con-inner\">\n\t\t\t\t<div class=\"elementor-element elementor-element-iwgw-stallo-s3h elementor-widget elementor-widget-heading\" data-id=\"iwgw-stallo-s3h\" data-element_type=\"widget\" data-e-type=\"widget\" data-widget_type=\"heading.default\">\n\t\t\t\t\t<h2 class=\"elementor-heading-title elementor-size-default\">Stallo-ber\u00e4ttelser och deras struktur<\/h2>\t\t\t\t<\/div>\n\t\t<div class=\"elementor-element elementor-element-iwgw-stallo-s3c e-con-full e-flex e-con e-child\" data-id=\"iwgw-stallo-s3c\" data-element_type=\"container\" data-e-type=\"container\">\n\t\t\t\t<div class=\"elementor-element elementor-element-iwgw-stallo-s3t elementor-widget elementor-widget-text-editor\" data-id=\"iwgw-stallo-s3t\" data-element_type=\"widget\" data-e-type=\"widget\" data-widget_type=\"text-editor.default\">\n\t\t\t\t\t\t\t\t\t<p>Den typiska Stallo-ber\u00e4ttelsen f\u00f6ljer ett fast narrativt m\u00f6nster: en same m\u00f6ter Stallo, hamnar i fara, hittar en listig l\u00f6sning, besegrar Stallo och \u00e5terv\u00e4nder med byte. Denna struktur liknar trickster-ber\u00e4ttelser i m\u00e5nga kulturer.<\/p><p>Konkreta ber\u00e4ttelser varierar i detaljerna. I en k\u00e4nd ber\u00e4ttelse lurar en same-j\u00e4gare Stallo med f\u00f6rslaget att \u00e4ta tillsammans, lockar honom in i en klyfta och d\u00f6dar honom d\u00e4r.<\/p><p>I en annan ber\u00e4ttelse lockar tv\u00e5 br\u00f6der Stallo in i en koja, d\u00e4r de st\u00f6ter en gl\u00f6dande j\u00e4rnst\u00e5ng i halsen p\u00e5 honom. Dessa v\u00e5ldsamma l\u00f6sningar \u00e4r ber\u00e4ttelsefenomenologiskt typiska.<\/p><p>Vetenskapligt \u00e4r Stallo-ber\u00e4ttelselitteraturen v\u00e4ldokumenterad i de stora samiska sagosamlingarna, till exempel hos Just Knud Qvigstad och Konrad Nielsen. Dessa samlingar utg\u00f6r ett eget forskningsf\u00e4lt och \u00e4r religionsetnologiskt v\u00e4rdefulla.<\/p>\t\t\t\t\t\t\t\t<\/div>\n\t\t\t\t<\/div>\n\t\t\t\t\t<\/div>\n\t\t\t\t<\/div>\n\t\t<div class=\"elementor-element elementor-element-iwgw-stallo-s4 e-flex e-con-boxed e-con e-parent\" data-id=\"iwgw-stallo-s4\" data-element_type=\"container\" data-e-type=\"container\">\n\t\t\t\t\t<div class=\"e-con-inner\">\n\t\t\t\t<div class=\"elementor-element elementor-element-iwgw-stallo-s4h elementor-widget elementor-widget-heading\" data-id=\"iwgw-stallo-s4h\" data-element_type=\"widget\" data-e-type=\"widget\" data-widget_type=\"heading.default\">\n\t\t\t\t\t<h2 class=\"elementor-heading-title elementor-size-default\">Historiska tolkningar<\/h2>\t\t\t\t<\/div>\n\t\t<div class=\"elementor-element elementor-element-iwgw-stallo-s4c e-con-full e-flex e-con e-child\" data-id=\"iwgw-stallo-s4c\" data-element_type=\"container\" data-e-type=\"container\">\n\t\t\t\t<div class=\"elementor-element elementor-element-iwgw-stallo-s4t elementor-widget elementor-widget-text-editor\" data-id=\"iwgw-stallo-s4t\" data-element_type=\"widget\" data-e-type=\"widget\" data-widget_type=\"text-editor.default\">\n\t\t\t\t\t\t\t\t\t<p>En framtr\u00e4dande hypotes inom den \u00e4ldre forskningen tolkade Stallo som ett f\u00f6rklarat minne av icke-samiska inkr\u00e4ktare, till exempel skandinaviska vikingat\u00e5g eller ryska kolonisat\u00f6rer. Denna hypotes har f\u00f6rdelen att den f\u00f6rklarar materialasymmetrin (Stallo med j\u00e4rn, samer med tr\u00e4).<\/p><p>Vetenskapligt \u00e4r hypotesen rimlig men inte helt \u00f6vertygande. Stallo-ber\u00e4ttelser f\u00f6rekommer \u00e4ven i regioner d\u00e4r ingen direkt kontakt med fr\u00e4mmande inkr\u00e4ktare \u00e4r belagd. Den rent historiskt-rationaliserande tolkningen r\u00e4cker allts\u00e5 inte till.<\/p><p>En alternativ tolkning ser i Stallo en kosmologisk antagonistgestalt som i varje kultur tj\u00e4nar som en n\u00f6dv\u00e4ndig motpol till det kulturella jaget. Denna strukturalistiska l\u00e4sning \u00e4r religionsfenomenologiskt produktiv och motsvarar den vidare klassen j\u00e4tte-antagonister i m\u00e5nga mytologier.<\/p>\t\t\t\t\t\t\t\t<\/div>\n\t\t\t\t<\/div>\n\t\t\t\t\t<\/div>\n\t\t\t\t<\/div>\n\t\t<div class=\"elementor-element elementor-element-iwgw-stallo-s5 e-flex e-con-boxed e-con e-parent\" data-id=\"iwgw-stallo-s5\" data-element_type=\"container\" data-e-type=\"container\">\n\t\t\t\t\t<div class=\"e-con-inner\">\n\t\t\t\t<div class=\"elementor-element elementor-element-iwgw-stallo-s5h elementor-widget elementor-widget-heading\" data-id=\"iwgw-stallo-s5h\" data-element_type=\"widget\" data-e-type=\"widget\" data-widget_type=\"heading.default\">\n\t\t\t\t\t<h2 class=\"elementor-heading-title elementor-size-default\">Stallo och det schamanska initiationsritualet<\/h2>\t\t\t\t<\/div>\n\t\t<div class=\"elementor-element elementor-element-iwgw-stallo-s5c e-con-full e-flex e-con e-child\" data-id=\"iwgw-stallo-s5c\" data-element_type=\"container\" data-e-type=\"container\">\n\t\t\t\t<div class=\"elementor-element elementor-element-iwgw-stallo-s5t elementor-widget elementor-widget-text-editor\" data-id=\"iwgw-stallo-s5t\" data-element_type=\"widget\" data-e-type=\"widget\" data-widget_type=\"text-editor.default\">\n\t\t\t\t\t\t\t\t\t<p>Konsta Kaikkonen och n\u00e5gra andra forskare har f\u00f6reslagit att l\u00e4sa Stallo som en initiationsfigur inom den samiska <span class=\"iwg-fachbegriff\" data-tooltip=\"Religi\u00f6st system d\u00e4r specialister umg\u00e5s med andev\u00e4rlden.\" tabindex=\"0\">schamanismen<\/span>. Unga <em>noaidi<\/em>-aspiranter fick i symbolisk konfrontation med Stallo-liknande gestalter visa sin l\u00e4mplighet. Denna hypotes \u00e4r omtvistad, men har heuristiskt v\u00e4rde.<\/p><p>Om denna l\u00e4sning st\u00e4mmer, skulle Stallo inte bara vara en narrativ, utan en rituell gestalt. Den religionsfenomenologiska betydelsen skulle vara betydande, eftersom den skulle f\u00f6rskjuta gr\u00e4nslinjen mellan <span class=\"iwg-fachbegriff\" data-tooltip=\"Den ned\u00e4rvda folkkulturen med seder, ber\u00e4ttelser och s\u00e5nger.\" tabindex=\"0\">folklore<\/span> och religion i den samiska traditionen.<\/p><p>Metodiskt \u00e4r denna hypotes sv\u00e5r att pr\u00f6va, eftersom den direkta rituella praktiken i stort sett har upph\u00f6rt genom missionen. Indirekta bel\u00e4gg i ber\u00e4ttelserna kan st\u00f6dja hypotesen, men inte slutgiltigt bevisa den. Denna metodiska f\u00f6rsiktighet \u00e4r vetenskapligt p\u00e5kallad.<\/p>\t\t\t\t\t\t\t\t<\/div>\n\t\t\t\t<\/div>\n\t\t\t\t\t<\/div>\n\t\t\t\t<\/div>\n\t\t<div class=\"elementor-element elementor-element-iwgw-stallo-s6 e-flex e-con-boxed e-con e-parent\" data-id=\"iwgw-stallo-s6\" data-element_type=\"container\" data-e-type=\"container\">\n\t\t\t\t\t<div class=\"e-con-inner\">\n\t\t\t\t<div class=\"elementor-element elementor-element-iwgw-stallo-s6h elementor-widget elementor-widget-heading\" data-id=\"iwgw-stallo-s6h\" data-element_type=\"widget\" data-e-type=\"widget\" data-widget_type=\"heading.default\">\n\t\t\t\t\t<h2 class=\"elementor-heading-title elementor-size-default\">Stallo i j\u00e4mf\u00f6relse med j\u00e4tte-antagonister<\/h2>\t\t\t\t<\/div>\n\t\t<div class=\"elementor-element elementor-element-iwgw-stallo-s6c e-con-full e-flex e-con e-child\" data-id=\"iwgw-stallo-s6c\" data-element_type=\"container\" data-e-type=\"container\">\n\t\t\t\t<div class=\"elementor-element elementor-element-iwgw-stallo-s6t elementor-widget elementor-widget-text-editor\" data-id=\"iwgw-stallo-s6t\" data-element_type=\"widget\" data-e-type=\"widget\" data-widget_type=\"text-editor.default\">\n\t\t\t\t\t\t\t\t\t<p>Stallo tillh\u00f6r den vida klassen j\u00e4tte-antagonister i nordeuropeiska mytologier. Strukturellt j\u00e4mf\u00f6rbara \u00e4r de fornnordiska j\u00e4ttarna (jotnar), de finska <em>j\u00e4tit<\/em>, de ryska <em>volot<\/em>-j\u00e4ttarna och <a href=\"https:\/\/iwell-guard.com\/sv\/inuit-arktis-sedna-tornit-skyddspraxis\/\">inuit<\/a>-j\u00e4tteber\u00e4ttelserna, d\u00e4r mytologiska f\u00f6reg\u00e5ngarvarelser besegras.<\/p><p>J\u00e4mf\u00f6rt med de fornnordiska j\u00e4ttarna \u00e4r Stallo betydligt enklare uppbyggd. Han saknar en egen mytologisk genealogi som j\u00e4tte-v\u00e4rlden Utg\u00e5rd, egna gudar, en egen <span class=\"iwg-fachbegriff\" data-tooltip=\"Den vetenskapliga l\u00e4ran om Gud och om en religions tro.\" tabindex=\"0\">teologi<\/span>. Stallo \u00e4r snarare en stereotyp figur \u00e4n en fullt utbyggd mytologisk motpol.<\/p><p>Denna ber\u00e4ttartekniska enkelhet \u00e4r vetenskapligt upplysande. Den visar att den samiska traditionen anv\u00e4nder j\u00e4tte-antagonister som narrativa verktyg utan att bygga ut dem till en mytologisk v\u00e4rld. Religionsfenomenologiskt \u00e4r denna funktionalitet egenartad.<\/p>\t\t\t\t\t\t\t\t<\/div>\n\t\t\t\t<\/div>\n\t\t\t\t\t<\/div>\n\t\t\t\t<\/div>\n\t\t<div class=\"elementor-element elementor-element-iwgw-stallo-s7 e-flex e-con-boxed e-con e-parent\" data-id=\"iwgw-stallo-s7\" data-element_type=\"container\" data-e-type=\"container\">\n\t\t\t\t\t<div class=\"e-con-inner\">\n\t\t\t\t<div class=\"elementor-element elementor-element-iwgw-stallo-s7h elementor-widget elementor-widget-heading\" data-id=\"iwgw-stallo-s7h\" data-element_type=\"widget\" data-e-type=\"widget\" data-widget_type=\"heading.default\">\n\t\t\t\t\t<h2 class=\"elementor-heading-title elementor-size-default\">Stallo i den samtida approprieringen<\/h2>\t\t\t\t<\/div>\n\t\t<div class=\"elementor-element elementor-element-iwgw-stallo-s7c e-con-full e-flex e-con e-child\" data-id=\"iwgw-stallo-s7c\" data-element_type=\"container\" data-e-type=\"container\">\n\t\t\t\t<div class=\"elementor-element elementor-element-iwgw-stallo-s7t elementor-widget elementor-widget-text-editor\" data-id=\"iwgw-stallo-s7t\" data-element_type=\"widget\" data-e-type=\"widget\" data-widget_type=\"text-editor.default\">\n\t\t\t\t\t\t\t\t\t<p>I den samtida samiska kulturen \u00e4r Stallo en produktiv gestalt. F\u00f6rfattare som Nils-Aslak Valkeap\u00e4\u00e4, konstn\u00e4rer som Britta Marakatt-Labba och filmskapare som Nils Gaup har tagit upp Stallo, ofta som en allegori f\u00f6r koloniala hot eller som en <span class=\"iwg-fachbegriff\" data-tooltip=\"Ett tecken som representerar en f\u00f6rest\u00e4llning eller betydelse.\" tabindex=\"0\">symbol<\/span> f\u00f6r sj\u00e4lvh\u00e4vdelse mot yttre makter.<\/p><p>Filmen <em>Pathfinder<\/em> (Ofela\u0161, 1987) av Nils Gaup satte Stallo-liknande gestalter i scen p\u00e5 ett framtr\u00e4dande s\u00e4tt och gjorde d\u00e4rmed figuren tillg\u00e4nglig f\u00f6r en internationell publik. Denna reception \u00e4r religionsfenomenologiskt ett eget fenomen.<\/p><p>I den pedagogiska praktiken vid samiska skolor anv\u00e4nds Stallo som en identifikationsfigur. Den didaktiska funktionen ligger i exemplet med den kloke samen som genom list besegrar r\u00e5styrka. Denna pedagogiska appropriering \u00e4r religionsdidaktiskt ett eget f\u00e4lt.<\/p>\t\t\t\t\t\t\t\t<\/div>\n\t\t\t\t<\/div>\n\t\t\t\t\t<\/div>\n\t\t\t\t<\/div>\n\t\t<div class=\"elementor-element elementor-element-iwgw-stallo-s8 e-flex e-con-boxed e-con e-parent\" data-id=\"iwgw-stallo-s8\" data-element_type=\"container\" data-e-type=\"container\">\n\t\t\t\t\t<div class=\"e-con-inner\">\n\t\t\t\t<div class=\"elementor-element elementor-element-iwgw-stallo-s8h elementor-widget elementor-widget-heading\" data-id=\"iwgw-stallo-s8h\" data-element_type=\"widget\" data-e-type=\"widget\" data-widget_type=\"heading.default\">\n\t\t\t\t\t<h2 class=\"elementor-heading-title elementor-size-default\">Forskning och nul\u00e4ge<\/h2>\t\t\t\t<\/div>\n\t\t<div class=\"elementor-element elementor-element-iwgw-stallo-s8c e-con-full e-flex e-con e-child\" data-id=\"iwgw-stallo-s8c\" data-element_type=\"container\" data-e-type=\"container\">\n\t\t\t\t<div class=\"elementor-element elementor-element-iwgw-stallo-s8t elementor-widget elementor-widget-text-editor\" data-id=\"iwgw-stallo-s8t\" data-element_type=\"widget\" data-e-type=\"widget\" data-widget_type=\"text-editor.default\">\n\t\t\t\t\t\t\t\t\t<p>Forskningen om Stallo \u00e4r omfattande. Just Knud Qvigstad presenterade en grundl\u00e4ggande samling i sina <em>Lappische M\u00e4rchen- und Sagenvarianten<\/em> (1925-1929). Juha Pentik\u00e4inen, H\u00e5kan Rydving och Konsta Kaikkonen har genomf\u00f6rt den religions-antropologiska bearbetningen.<\/p><p>Inom den j\u00e4mf\u00f6rande religionsfenomenologin behandlas Stallo som ett exempelfall bland de nordeuropeiska j\u00e4tte-antagonisterna. Denna inordning m\u00f6jligg\u00f6r strukturella j\u00e4mf\u00f6relser som \u00e4r vetenskapligt produktiva.<\/p><p>Konkreta forskningsluckor finns i den exakta differentieringen mellan <span class=\"iwg-fachbegriff\" data-tooltip=\"Som h\u00f6r till ett fastst\u00e4llt religi\u00f6st handlingsf\u00f6rlopp.\" tabindex=\"0\">rituell<\/span>-religi\u00f6s och narrativt-folkloristisk funktion hos Stallo. Denna differentiering \u00e4r metodiskt sv\u00e5r, men viktig f\u00f6r figurens exakta vetenskapliga placering.<\/p>\t\t\t\t\t\t\t\t<\/div>\n\t\t\t\t<\/div>\n\t\t\t\t\t<\/div>\n\t\t\t\t<\/div>\n\t\t<div class=\"elementor-element elementor-element-iwgw-stallo-s9 e-flex e-con-boxed e-con e-parent\" data-id=\"iwgw-stallo-s9\" data-element_type=\"container\" data-e-type=\"container\">\n\t\t\t\t\t<div class=\"e-con-inner\">\n\t\t\t\t<div class=\"elementor-element elementor-element-iwgw-stallo-s9h elementor-widget elementor-widget-heading\" data-id=\"iwgw-stallo-s9h\" data-element_type=\"widget\" data-e-type=\"widget\" data-widget_type=\"heading.default\">\n\t\t\t\t\t<h2 class=\"elementor-heading-title elementor-size-default\">Lexikonh\u00e4nvisningar<\/h2>\t\t\t\t<\/div>\n\t\t<div class=\"elementor-element elementor-element-iwgw-stallo-s9c e-con-full e-flex e-con e-child\" data-id=\"iwgw-stallo-s9c\" data-element_type=\"container\" data-e-type=\"container\">\n\t\t\t\t<div class=\"elementor-element elementor-element-iwgw-stallo-s9t elementor-widget elementor-widget-text-editor\" data-id=\"iwgw-stallo-s9t\" data-element_type=\"widget\" data-e-type=\"widget\" data-widget_type=\"text-editor.default\">\n\t\t\t\t\t\t\t\t\t<p>Stallo f\u00f6rbinds med <a href=\"https:\/\/iwell-guard.com\/sv\/beaivi-solgudinnan-hos-samerna\/\">Beaivi<\/a>, <a href=\"https:\/\/iwell-guard.com\/sv\/mannu-mangud-hos-samerna\/\">M\u00e1nnu<\/a>, <a href=\"https:\/\/iwell-guard.com\/sv\/rahka-fadergud-samisk-religion\/\">R\u00e1hka<\/a>, <a href=\"https:\/\/iwell-guard.com\/sv\/sara-akka-fodelsegudinna-samerna\/\">Sara-Akka<\/a>, <a href=\"https:\/\/iwell-guard.com\/sv\/uksakka-dorrgudinna-troskelvaktare-samerna\/\">Uksakka<\/a>, <a href=\"https:\/\/iwell-guard.com\/sv\/juksakka-bagens-gudinna-pojkarnas-beskyddare\/\">Juksakka<\/a>, <a href=\"https:\/\/iwell-guard.com\/sv\/madderakka-urmoder-hogsta-akka\/\">Madderakka<\/a>, <a href=\"https:\/\/iwell-guard.com\/sv\/jabmiidaibmu-dodsriket-samerna\/\">Jabmiidaibmu<\/a> och <a href=\"https:\/\/iwell-guard.com\/sv\/saivo-heliga-berg-och-sjovarld\/\">Saivo<\/a>. Kulturhubben <a href=\"https:\/\/iwell-guard.com\/sv\/sami-noaidi-trumma\/\">samisk tradition<\/a> ramar in ber\u00e4ttartraditionen. Strukturlikartade j\u00e4tte-antagonister finns i m\u00e5nga nordeuropeiska mytologier, till exempel hos de fornnordiska j\u00e4ttarna.<\/p>\t\t\t\t\t\t\t\t<\/div>\n\t\t\t\t<\/div>\n\t\t\t\t\t<\/div>\n\t\t\t\t<\/div>\n\t\t<div class=\"elementor-element elementor-element-cp27f479d8 e-flex e-con-boxed e-con e-parent\" data-id=\"cp27f479d8\" data-element_type=\"container\" data-e-type=\"container\">\n\t\t\t\t\t<div class=\"e-con-inner\">\n\t\t\t\t<div class=\"elementor-element elementor-element-cp22e03f85 elementor-widget elementor-widget-heading\" data-id=\"cp22e03f85\" data-element_type=\"widget\" data-e-type=\"widget\" data-widget_type=\"heading.default\">\n\t\t\t\t\t<h2 class=\"elementor-heading-title elementor-size-default\">Stallo i den samiska ber\u00e4ttartraditionen<\/h2>\t\t\t\t<\/div>\n\t\t<div class=\"elementor-element elementor-element-cp2d7af954 e-flex e-con-boxed e-con e-child\" data-id=\"cp2d7af954\" data-element_type=\"container\" data-e-type=\"container\">\n\t\t\t\t\t<div class=\"e-con-inner\">\n\t\t\t\t<div class=\"elementor-element elementor-element-cp2d72ad29 elementor-widget elementor-widget-text-editor\" data-id=\"cp2d72ad29\" data-element_type=\"widget\" data-e-type=\"widget\" data-widget_type=\"text-editor.default\">\n\t\t\t\t\t\t\t\t\t<p>Stallo, p\u00e5 nordsamiska <em>St\u00e1llu<\/em>, \u00e4r ingen <span class=\"iwg-fachbegriff\" data-tooltip=\"En varelse som dyrkas som gudomlig inom en religion.\" tabindex=\"0\">gudom<\/span>, utan en gestalt inom den samiska ber\u00e4ttartraditionen, det muntligt vidaref\u00f6rda sago- och s\u00e4gengodset.<\/p><p>I dessa ber\u00e4ttelser framtr\u00e4der han som ett stort, dumt och glupskt oknytt som lever i vildmarken, hotar m\u00e4nniskor och s\u00e4rskilt lurar p\u00e5 barn och ensamma resande. Trots sin farlighet \u00e4r han l\u00e4ttlurad, vilket g\u00f6r att de m\u00e4nskliga hj\u00e4ltarna regelbundet \u00f6vervinner honom med list.<\/p><p>Typiskt \u00e4r ber\u00e4ttelsem\u00f6nstret d\u00e4r ett barn eller en klok kvinna lurar Stallo: han f\u00f6rm\u00e5s att skada sig sj\u00e4lv, falla i en grop eller angripa sina egna anh\u00f6riga.<\/p><p>I vissa ber\u00e4ttelser har Stallo en hund som ocks\u00e5 m\u00e5ste bek\u00e4mpas, samt rikedomar av silver som den segrande hj\u00e4lten till slut er\u00f6vrar. Stallo f\u00f6rknippas ofta med ett j\u00e4rnredskap, till exempel en j\u00e4rnstav, med vilken han lockar till sig eller s\u00f6ker sitt <span class=\"iwg-fachbegriff\" data-tooltip=\"G\u00e5va till en gudom f\u00f6r att uttrycka tacksamhet, b\u00f6n eller v\u00f6rdnad.\" tabindex=\"0\">offer<\/span>.<\/p><p>Den finska och norska folkloristiken, till exempel kring de samlingar som Just Knud Qvigstad gjorde, som i b\u00f6rjan av 1900-talet tecknade ner och utgav omfattande samiska ber\u00e4ttelser, har dokumenterat ett stort antal Stallo-ber\u00e4ttelser.<\/p><p>Dessa samlingar \u00e4r den viktigaste k\u00e4llan, eftersom den samiska kulturen l\u00e4nge saknade en egen skriftlighet och ber\u00e4ttelsegodset f\u00f6rst sent nedtecknades. Stallo h\u00f6r i denna <span class=\"iwg-fachbegriff\" data-tooltip=\"Vidaref\u00f6randet av kunskap och ber\u00e4ttelser genom generationer.\" tabindex=\"0\">tradition<\/span> till de mest belagda gestalterna och tj\u00e4nade i ber\u00e4ttelserna \u00e4ven som en pedagogisk figur, med vilken barn varnades f\u00f6r vildmarkens faror.<\/p>\t\t\t\t\t\t\t\t<\/div>\n\t\t\t\t\t<\/div>\n\t\t\t\t<\/div>\n\t\t\t\t\t<\/div>\n\t\t\t\t<\/div>\n\t\t<div class=\"elementor-element elementor-element-cp2cec7cfd e-flex e-con-boxed e-con e-parent\" data-id=\"cp2cec7cfd\" data-element_type=\"container\" data-e-type=\"container\">\n\t\t\t\t\t<div class=\"e-con-inner\">\n\t\t\t\t<div class=\"elementor-element elementor-element-cp239c0ae7 elementor-widget elementor-widget-heading\" data-id=\"cp239c0ae7\" data-element_type=\"widget\" data-e-type=\"widget\" data-widget_type=\"heading.default\">\n\t\t\t\t\t<h2 class=\"elementor-heading-title elementor-size-default\">Stallo-gropar och den arkeologiska debatten<\/h2>\t\t\t\t<\/div>\n\t\t<div class=\"elementor-element elementor-element-cp2fca4ed6 e-flex e-con-boxed e-con e-child\" data-id=\"cp2fca4ed6\" data-element_type=\"container\" data-e-type=\"container\">\n\t\t\t\t\t<div class=\"e-con-inner\">\n\t\t\t\t<div class=\"elementor-element elementor-element-cp235194de elementor-widget elementor-widget-text-editor\" data-id=\"cp235194de\" data-element_type=\"widget\" data-e-type=\"widget\" data-widget_type=\"text-editor.default\">\n\t\t\t\t\t\t\t\t\t<p>I det nordsvenska och norska fj\u00e4llandskapet k\u00e4nner <span class=\"iwg-fachbegriff\" data-tooltip=\"Vetenskapen som utforskar forna kulturer med hj\u00e4lp av materiella fynd.\" tabindex=\"0\">arkeologin<\/span> till en s\u00e4rskild typ av husgrunder som i forskningen kallas Stallo-gropar eller Stallo-platser.<\/p><p>Det r\u00f6r sig om runda eller ovala strukturer, l\u00e4tt nedgr\u00e4vda i marken, som oftast ligger i rader l\u00e4ngs h\u00f6jdl\u00e4gen och dateras till <span class=\"iwg-fachbegriff\" data-tooltip=\"F\u00f6rhistorisk epok efter brons\u00e5ldern, pr\u00e4glad av j\u00e4rnbearbetning.\" tabindex=\"0\">j\u00e4rn\u00e5ldern<\/span> och tidig medeltid, ungef\u00e4r till det f\u00f6rsta \u00e5rtusendet av v\u00e5r tider\u00e4kning.<\/p><p>Ben\u00e4mningen g\u00e5r tillbaka p\u00e5 samiska informanter som i nyare tid f\u00f6rknippade dessa marksp\u00e5r med sagov\u00e4sendet Stallo, utan att det beh\u00f6ver finnas n\u00e5got historiskt samband. Inom <span class=\"iwg-fachbegriff\" data-tooltip=\"Vetenskapen som utforskar forna kulturer med hj\u00e4lp av materiella fynd.\" tabindex=\"0\">arkeologin<\/span> har det i decennier varit omtvistat vem som egentligen anlade och anv\u00e4nde dessa platser.<\/p><p>En \u00e4ldre uppfattning s\u00e5g d\u00e4ri sp\u00e5r av norska skatteindrivare eller fr\u00e4mmande j\u00e4gare. Inge Zachrisson och andra har d\u00e4remot h\u00e4vdat att det r\u00f6r sig om bos\u00e4ttningssp\u00e5r fr\u00e5n den samiska befolkningen sj\u00e4lv, m\u00f6jligen f\u00f6rknippade med en tidig, mer intensiv form av rensk\u00f6tsel.<\/p><p>Debatten ber\u00f6r en grundl\u00e4ggande fr\u00e5ga inom nordskandinavisk historia, n\u00e4mligen sedan n\u00e4r och i vilken form samerna utnyttjade h\u00f6gfj\u00e4llen och hur deras n\u00e4ringsut\u00f6vning f\u00f6r\u00e4ndrades. Stallo-groparna utg\u00f6r h\u00e4r ett centralt fynd, eftersom det \u00e4r v\u00e4l daterbart.<\/p><p>Vetenskapligt \u00e4r framf\u00f6r allt den efterhandskonstruerade ben\u00e4mningen intressant: den visar hur en senare befolkning knyter obegripna sp\u00e5r fr\u00e5n det f\u00f6rflutna till en ber\u00e4ttargestalt och d\u00e4rmed tolkar dem. Namnet Stallo blev p\u00e5 s\u00e5 s\u00e4tt fr\u00e5n ett sagov\u00e4sen till ett arkeologiskt fackbegrepp, utan att <span class=\"iwg-fachbegriff\" data-tooltip=\"En \u00f6verl\u00e4mnad ber\u00e4ttelse med ofta historisk k\u00e4rna och underbara drag.\" tabindex=\"0\">s\u00e4gnen<\/span> sj\u00e4lv s\u00e4ger n\u00e5got om de verkliga uppf\u00f6rarna.<\/p>\t\t\t\t\t\t\t\t<\/div>\n\t\t\t\t\t<\/div>\n\t\t\t\t<\/div>\n\t\t\t\t\t<\/div>\n\t\t\t\t<\/div>\n\t\t<div class=\"elementor-element elementor-element-cp2c949df5 e-flex e-con-boxed e-con e-parent\" data-id=\"cp2c949df5\" data-element_type=\"container\" data-e-type=\"container\">\n\t\t\t\t\t<div class=\"e-con-inner\">\n\t\t\t\t<div class=\"elementor-element elementor-element-cp266503be elementor-widget elementor-widget-heading\" data-id=\"cp266503be\" data-element_type=\"widget\" data-e-type=\"widget\" data-widget_type=\"heading.default\">\n\t\t\t\t\t<h2 class=\"elementor-heading-title elementor-size-default\">Tolkningar av Stallo-gestalten i forskningen<\/h2>\t\t\t\t<\/div>\n\t\t<div class=\"elementor-element elementor-element-cp2900f5e8 e-flex e-con-boxed e-con e-child\" data-id=\"cp2900f5e8\" data-element_type=\"container\" data-e-type=\"container\">\n\t\t\t\t\t<div class=\"e-con-inner\">\n\t\t\t\t<div class=\"elementor-element elementor-element-cp2fff0e3e elementor-widget elementor-widget-text-editor\" data-id=\"cp2fff0e3e\" data-element_type=\"widget\" data-e-type=\"widget\" data-widget_type=\"text-editor.default\">\n\t\t\t\t\t\t\t\t\t<p>Fr\u00e5gan om vad Stallo ursprungligen representerar har sysselsatt <span class=\"iwg-fachbegriff\" data-tooltip=\"Vetenskapen som utforskar vardagskultur, seder och traderade f\u00f6rest\u00e4llningar.\" tabindex=\"0\">folkloristiken<\/span> och <span class=\"iwg-fachbegriff\" data-tooltip=\"Vetenskapen som j\u00e4mf\u00f6rande och utan trosbindning utforskar religioner.\" tabindex=\"0\">religionsvetenskapen<\/span> sedan 1800-talet. Flera f\u00f6rklaringar existerar sida vid sida utan att n\u00e5gon av dem slutgiltigt har f\u00e5tt genomslag.<\/p><p>En vanlig tolkning ser i Stallo en ber\u00e4ttarm\u00e4ssig bearbetning av historiska hoterfarenheter. Samerna var under \u00e5rhundraden utsatta f\u00f6r fr\u00e4mmande skatteindrivning, \u00f6vergrepp och konkurrerande befolkningsgrupper. Den farlige men dumme Stallo, som kan besegras med list, skulle enligt denna l\u00e4sning vara en bild av den \u00f6verm\u00e4ktige men \u00f6verlistbare fr\u00e4mlingen.<\/p><p>F\u00f6r denna uppfattning talar att Stallo i m\u00e5nga ber\u00e4ttelser f\u00f6rknippas med j\u00e4rn, silver och rikedom, allts\u00e5 med gods som associerades med fr\u00e4mmande handelsm\u00e4n och makter. Spr\u00e5kligt f\u00f6rknippas namnet ibland med det fornnordiska ordet f\u00f6r st\u00e5l, vilket skulle st\u00f6dja denna riktning, men det \u00e4r inte belagt.<\/p><p>En annan tolkning betonar Stallos funktion inom ber\u00e4ttargemenskapen sj\u00e4lv. Som skr\u00e4ckgestalt tj\u00e4nade han fostran och f\u00f6rmedlingen av beteenderegler, till exempel varningen att inte ensam avl\u00e4gsna sig f\u00f6r l\u00e5ngt fr\u00e5n bos\u00e4ttningen. Ytterligare andra har f\u00f6rknippat Stallo med \u00e4ldre f\u00f6rest\u00e4llningar om vildandar eller med de d\u00f6da.<\/p><p>Nyare forskning, till exempel arbeten inom den samiska folkloristiken, tenderar att anta flera av dessa lager och att inte h\u00e4rleda Stallo till en enda rot. Han f\u00f6rblir d\u00e4rmed en m\u00e5ngskiktad gestalt, vars popularitet i ber\u00e4ttelsegodset kanske just ligger i att han f\u00f6renar hot och dess \u00f6vervinnande i en enda figur.<\/p>\t\t\t\t\t\t\t\t<\/div>\n\t\t\t\t\t<\/div>\n\t\t\t\t<\/div>\n\t\t\t\t\t<\/div>\n\t\t\t\t<\/div>\n\t\t<div class=\"elementor-element elementor-element-iwgw-stallo-lit e-flex e-con-boxed e-con e-parent\" data-id=\"iwgw-stallo-lit\" data-element_type=\"container\" data-e-type=\"container\">\n\t\t\t\t\t<div class=\"e-con-inner\">\n\t\t\t\t<div class=\"elementor-element elementor-element-iwgw-stallo-lith elementor-widget elementor-widget-heading\" data-id=\"iwgw-stallo-lith\" data-element_type=\"widget\" data-e-type=\"widget\" data-widget_type=\"heading.default\">\n\t\t\t\t\t<h2 class=\"elementor-heading-title elementor-size-default\">Litteratur (urval)<\/h2>\t\t\t\t<\/div>\n\t\t<div class=\"elementor-element elementor-element-iwgw-stallo-litc e-con-full e-flex e-con e-child\" data-id=\"iwgw-stallo-litc\" data-element_type=\"container\" data-e-type=\"container\">\n\t\t\t\t<div class=\"elementor-element elementor-element-iwgw-stallo-litt elementor-widget elementor-widget-text-editor\" data-id=\"iwgw-stallo-litt\" data-element_type=\"widget\" data-e-type=\"widget\" data-widget_type=\"text-editor.default\">\n\t\t\t\t\t\t\t\t\t<ul><li>Just Knud Qvigstad: <em>Lappische M\u00e4rchen- und Sagenvarianten<\/em> (Oslo 1925-1929)<\/li><li>H\u00e5kan Rydving: <em>The End of Drum-Time<\/em> (Uppsala 1993)<\/li><li>Juha Pentik\u00e4inen: <em>Saamelaiset. Pohjoisen kansan mytologia<\/em> (Helsinki 1995)<\/li><li>Konsta Kaikkonen: <em>Sami Pre-Christian Religion<\/em> (Helsinki 2020)<\/li><li><span data-nosnippet>Nils Gaup: <em>Ofela\u0161 (Pathfinder)<\/em> (Film, 1987)<\/span><\/li><li>Anna Lia Berthelsen: <em>The Sami People<\/em> (Fairbanks 2002)<\/li><\/ul>\t\t\t\t\t\t\t\t<\/div>\n\t\t\t\t<\/div>\n\t\t\t\t\t<\/div>\n\t\t\t\t<\/div>\n\t\t<div class=\"elementor-element elementor-element-iwgkw2-add-stallo e-flex e-con-boxed e-con e-parent\" data-id=\"iwgkw2-add-stallo\" data-element_type=\"container\" data-e-type=\"container\">\n\t\t\t\t\t<div class=\"e-con-inner\">\n\t\t\t\t<div class=\"elementor-element elementor-element-iwgkw2-add-stallo-t elementor-widget elementor-widget-text-editor\" data-id=\"iwgkw2-add-stallo-t\" data-element_type=\"widget\" data-e-type=\"widget\" data-widget_type=\"text-editor.default\">\n\t\t\t\t\t\t\t\t\t<p>Stallo f\u00f6rekommer i samiska ber\u00e4ttelser som en <em>m\u00e4nnisko\u00e4tande<\/em> j\u00e4tte och trickster-antagonist, som uts\u00e4tter hj\u00e4ltarna f\u00f6r pr\u00f6vningar och i l\u00e4rande ber\u00e4ttelser markerar gr\u00e4nserna mellan vildmark och boplats.<\/p>\t\t\t\t\t\t\t\t<\/div>\n\t\t\t\t\t<\/div>\n\t\t\t\t<\/div>\n\t\t<div class=\"elementor-element elementor-element-iwgw-stallo-kwd e-flex e-con-boxed e-con e-parent\" data-id=\"iwgw-stallo-kwd\" data-element_type=\"container\" data-e-type=\"container\">\n\t\t\t\t\t<div class=\"e-con-inner\">\n\t\t<div class=\"elementor-element elementor-element-iwgw-stallo-kwdc e-con-full e-flex e-con e-child\" data-id=\"iwgw-stallo-kwdc\" data-element_type=\"container\" data-e-type=\"container\">\n\t\t\t\t<div class=\"elementor-element elementor-element-iwgw-stallo-kwdt elementor-widget elementor-widget-text-editor\" data-id=\"iwgw-stallo-kwdt\" data-element_type=\"widget\" data-e-type=\"widget\" data-widget_type=\"text-editor.default\">\n\t\t\t\t\t\t\t\t\t<p><em>Relaterade nyckelbegrepp: Stallo Staaloe St\u00e1llu Sami J\u00e4tte Antagonist Trickster-ber\u00e4ttelse Qvigstad.<\/em><\/p>\t\t\t\t\t\t\t\t<\/div>\n\t\t\t\t<\/div>\n\t\t\t\t\t<\/div>\n\t\t\t\t<\/div>\n\t\t<div class=\"elementor-element elementor-element-iwgw-stallo-cc e-flex e-con-boxed e-con e-parent\" data-id=\"iwgw-stallo-cc\" data-element_type=\"container\" data-e-type=\"container\" id=\"iwg-cc-stallo\">\n\t\t\t\t\t<div class=\"e-con-inner\">\n\t\t<div class=\"elementor-element elementor-element-iwgw-stallo-ccinner e-flex e-con-boxed e-con e-parent\" data-id=\"iwgw-stallo-ccinner\" data-element_type=\"container\" data-e-type=\"container\" data-settings=\"{&quot;background_background&quot;:&quot;classic&quot;}\">\n\t\t\t\t\t<div class=\"e-con-inner\">\n\t\t\t\t<div class=\"elementor-element elementor-element-iwgw-stallo-cch elementor-widget elementor-widget-heading\" data-id=\"iwgw-stallo-cch\" data-element_type=\"widget\" data-e-type=\"widget\" data-widget_type=\"heading.default\">\n\t\t\t\t\t<h2 class=\"elementor-heading-title elementor-size-default\">iWell Guard och skyddstraditioner<\/h2>\t\t\t\t<\/div>\n\t\t\t\t<div class=\"elementor-element elementor-element-iwgw-stallo-cct elementor-widget elementor-widget-text-editor\" data-id=\"iwgw-stallo-cct\" data-element_type=\"widget\" data-e-type=\"widget\" data-widget_type=\"text-editor.default\">\n\t\t\t\t\t\t\t\t\t<div data-nosnippet=\"true\"><p>iWell Guard ansluter till den kulturhistoriska traditionen av b\u00e4rbara skyddsobjekt, i traditionen fr\u00e5n <a href=\"https:\/\/iwell-guard.com\/sv\/sami-noaidi-trumma\/\">samerna<\/a> och m\u00e5nga andra kulturer v\u00e4rlden \u00f6ver. 41 lager, \u00e4kta guld, platina, silver, tillverkad i Tyskland. 30 dagars returr\u00e4tt.<\/p><\/div>\t\t\t\t\t\t\t\t<\/div>\n\t\t\t\t<div class=\"elementor-element elementor-element-iwgw-stallo-ccb iwg-cc-button iwg-cc-cta-2026-05-13 elementor-widget elementor-widget-jet-button\" data-id=\"iwgw-stallo-ccb\" data-element_type=\"widget\" data-e-type=\"widget\" data-widget_type=\"jet-button.default\">\n\t\t\t\t<div class=\"elementor-widget-container\">\n\t\t\t\t\t<div class=\"elementor-jet-button jet-elements\"><div class=\"jet-button__container\"><a class=\"jet-button__instance jet-button__instance--icon-left hover-effect-1\" href=\"\/ueber-iwell-guard\/?utm_source=iwell-guard.com&amp;utm_medium=info-box&amp;utm_campaign=wesen-tradition\"><div class=\"jet-button__plane jet-button__plane-normal\"><\/div><div class=\"jet-button__plane jet-button__plane-hover\"><\/div><div class=\"jet-button__state jet-button__state-normal\"><span class=\"jet-button__label\">Mer om iWell Guard<\/span><\/div><div class=\"jet-button__state jet-button__state-hover\"><span class=\"jet-button__label\">Mer om iWell Guard<\/span><\/div><\/a><\/div><\/div><style>.elementor-element.elementor-element-iwgw-stallo-ccb .jet-button__instance{width:320px;height:56px;}.elementor-element.elementor-element-iwgw-stallo-ccb .jet-button__state-normal .jet-button__label{text-align:center;margin:0px 0px 0px 0px;color:#1a1b20;font-family:Montserrat,sans-serif;font-size:13px;font-weight:400;letter-spacing:4px;line-height:1.714em;text-transform:uppercase;}.elementor-element.elementor-element-iwgw-stallo-ccb .jet-button__state-hover .jet-button__label{text-align:center;margin:0px 0px 0px 0px;color:#FECC76;font-family:Montserrat,sans-serif;font-size:13px;font-weight:400;letter-spacing:4px;line-height:1.714em;text-transform:uppercase;}.elementor-element.elementor-element-iwgw-stallo-ccb .jet-button__plane-normal{background-color:#FECC76;border-style:solid;border-color:#C99540;border-width:2px 2px 2px 2px;}.elementor-element.elementor-element-iwgw-stallo-ccb .jet-button__plane-hover{background-color:rgba(0,0,0,0.55);border-style:solid;border-color:#FECC76;border-width:2px 2px 2px 2px;}<\/style>\t\t\t\t<\/div>\n\t\t\t\t<\/div>\n\t\t\t\t<div class=\"elementor-element elementor-element-iwgw-stallo-ccd elementor-widget elementor-widget-text-editor\" data-id=\"iwgw-stallo-ccd\" data-element_type=\"widget\" data-e-type=\"widget\" data-widget_type=\"text-editor.default\">\n\t\t\t\t\t\t\t\t\t<div data-nosnippet=\"true\"><p style=\"text-align:center;font-size:13px;opacity:0.7;margin-top:14px\" data-nosnippet=\"true\">Personliga erfarenheter kan variera. Ingen medicinteknisk produkt. Inget l\u00f6fte om l\u00e4kning.<\/p><\/div>\t\t\t\t\t\t\t\t<\/div>\n\t\t\t\t\t<\/div>\n\t\t\t\t<\/div>\n\t\t\t\t\t<\/div>\n\t\t\t\t<\/div>\n\t\t<div class=\"elementor-element elementor-element-iwgw-stallo-disc e-flex e-con-boxed e-con e-parent\" data-id=\"iwgw-stallo-disc\" data-element_type=\"container\" data-e-type=\"container\">\n\t\t\t\t\t<div class=\"e-con-inner\">\n\t\t\t\t<div class=\"elementor-element elementor-element-iwgw-stallo-discw elementor-widget elementor-widget-html\" data-id=\"iwgw-stallo-discw\" data-element_type=\"widget\" data-e-type=\"widget\" data-widget_type=\"html.default\">\n\t\t\t\t\t<footer data-nosnippet=\"true\" class=\"iwg-disclaimer-block\"><p data-nosnippet=\"true\">iWell Guard \u00e4r <strong>ingen medicinteknisk produkt<\/strong> och ers\u00e4tter inte l\u00e4karv\u00e5rd eller psykoterapeutisk behandling. De religionsvetenskapliga inneh\u00e5llen \u00e4r kulturhistorisk inordning, ingen andlig praxisrekommendation.<\/p><\/footer>\t\t\t\t<\/div>\n\t\t\t\t\t<\/div>\n\t\t\t\t<\/div>\n\t\t\t\t<\/div>\n\t\t","protected":false},"excerpt":{"rendered":"","protected":false},"author":3,"featured_media":2896,"parent":0,"menu_order":0,"comment_status":"closed","ping_status":"closed","template":"elementor_header_footer","meta":{"_yoast_wpseo_focuskw":"Stallo samisk j\u00e4tte","_yoast_wpseo_title":"Stallo - J\u00e4tteantagonist i de samiska ber\u00e4ttelserna","_yoast_wpseo_metadesc":"Stallo \u00e4r den m\u00e4nnisko\u00e4tande j\u00e4tten i den samiska traditionen. Religionsvetenskaplig inordning av antagonistber\u00e4ttelserna.","_yoast_wpseo_meta-robots-noindex":"","_yoast_wpseo_canonical":"","_angie_page":false,"gefaehrdungsstufe":"4","wesen_kultur":"sami","wesen_klasse":"geister","footnotes":""},"categories":[],"class_list":["post-136915","page","type-page","status-publish","has-post-thumbnail","hentry"],"yoast_head":"<!-- This site is optimized with the Yoast SEO Premium plugin v27.7 (Yoast SEO v28.3) - https:\/\/yoast.com\/product\/yoast-seo-premium-wordpress\/ -->\n<title>Stallo - J\u00e4tteantagonist i de samiska ber\u00e4ttelserna<\/title>\n<meta name=\"description\" content=\"Stallo \u00e4r den m\u00e4nnisko\u00e4tande j\u00e4tten i den samiska traditionen. Religionsvetenskaplig inordning av antagonistber\u00e4ttelserna.\" \/>\n<meta name=\"robots\" content=\"index, follow, max-snippet:-1, max-image-preview:large, max-video-preview:-1\" \/>\n<link rel=\"canonical\" href=\"https:\/\/iwell-guard.com\/sv\/stallo-manniskoatande-jatte\/\" \/>\n<meta property=\"og:locale\" content=\"sv_SE\" \/>\n<meta property=\"og:type\" content=\"article\" \/>\n<meta property=\"og:title\" content=\"Stallo - M\u00e4nnisko\u00e4tande j\u00e4tte i den samiska traditionen\" \/>\n<meta property=\"og:description\" content=\"Stallo \u00e4r den m\u00e4nnisko\u00e4tande j\u00e4tten i den samiska traditionen. Religionsvetenskaplig inordning av antagonistber\u00e4ttelserna.\" \/>\n<meta property=\"og:url\" content=\"https:\/\/iwell-guard.com\/sv\/stallo-manniskoatande-jatte\/\" \/>\n<meta property=\"og:site_name\" content=\"iWell Guard\" \/>\n<meta property=\"article:modified_time\" content=\"2026-09-03T01:15:36+00:00\" \/>\n<meta property=\"og:image\" content=\"https:\/\/iwell-guard.com\/wp-content\/uploads\/2026\/05\/goetter_sami_stallo.webp\" \/>\n\t<meta property=\"og:image:width\" content=\"1024\" \/>\n\t<meta property=\"og:image:height\" content=\"1536\" \/>\n\t<meta property=\"og:image:type\" content=\"image\/webp\" \/>\n<meta name=\"twitter:card\" content=\"summary_large_image\" \/>\n<script type=\"application\/ld+json\" class=\"yoast-schema-graph\">{\"@context\":\"https:\\\/\\\/schema.org\",\"@graph\":[{\"@type\":\"WebPage\",\"@id\":\"https:\\\/\\\/iwell-guard.com\\\/sv\\\/stallo-manniskoatande-jatte\\\/\",\"url\":\"https:\\\/\\\/iwell-guard.com\\\/sv\\\/stallo-manniskoatande-jatte\\\/\",\"name\":\"Stallo - J\u00e4tteantagonist i de samiska ber\u00e4ttelserna\",\"isPartOf\":{\"@id\":\"https:\\\/\\\/iwell-guard.com\\\/sv\\\/#website\"},\"primaryImageOfPage\":{\"@id\":\"https:\\\/\\\/iwell-guard.com\\\/sv\\\/stallo-manniskoatande-jatte\\\/#primaryimage\"},\"image\":{\"@id\":\"https:\\\/\\\/iwell-guard.com\\\/sv\\\/stallo-manniskoatande-jatte\\\/#primaryimage\"},\"thumbnailUrl\":\"https:\\\/\\\/iwell-guard.com\\\/wp-content\\\/uploads\\\/2026\\\/05\\\/goetter_sami_stallo.webp\",\"datePublished\":\"2026-09-03T00:11:09+00:00\",\"dateModified\":\"2026-09-03T01:15:36+00:00\",\"description\":\"Stallo \u00e4r den m\u00e4nnisko\u00e4tande j\u00e4tten i den samiska traditionen. Religionsvetenskaplig inordning av antagonistber\u00e4ttelserna.\",\"breadcrumb\":{\"@id\":\"https:\\\/\\\/iwell-guard.com\\\/sv\\\/stallo-manniskoatande-jatte\\\/#breadcrumb\"},\"inLanguage\":\"sv-SE\",\"potentialAction\":[{\"@type\":\"ReadAction\",\"target\":[\"https:\\\/\\\/iwell-guard.com\\\/sv\\\/stallo-manniskoatande-jatte\\\/\"]}]},{\"@type\":\"ImageObject\",\"inLanguage\":\"sv-SE\",\"@id\":\"https:\\\/\\\/iwell-guard.com\\\/sv\\\/stallo-manniskoatande-jatte\\\/#primaryimage\",\"url\":\"https:\\\/\\\/iwell-guard.com\\\/wp-content\\\/uploads\\\/2026\\\/05\\\/goetter_sami_stallo.webp\",\"contentUrl\":\"https:\\\/\\\/iwell-guard.com\\\/wp-content\\\/uploads\\\/2026\\\/05\\\/goetter_sami_stallo.webp\",\"width\":1024,\"height\":1536,\"caption\":\"Gudar fr\u00e5n samisk tradition.\"},{\"@type\":\"BreadcrumbList\",\"@id\":\"https:\\\/\\\/iwell-guard.com\\\/sv\\\/stallo-manniskoatande-jatte\\\/#breadcrumb\",\"itemListElement\":[{\"@type\":\"ListItem\",\"position\":1,\"name\":\"Start\",\"item\":\"https:\\\/\\\/iwell-guard.com\\\/sv\\\/?page_id=136483\"},{\"@type\":\"ListItem\",\"position\":2,\"name\":\"Stallo &#8211; M\u00e4nnisko\u00e4tande j\u00e4tte i den samiska traditionen\"}]},{\"@type\":\"WebSite\",\"@id\":\"https:\\\/\\\/iwell-guard.com\\\/sv\\\/#website\",\"url\":\"https:\\\/\\\/iwell-guard.com\\\/sv\\\/\",\"name\":\"iWell Guard\",\"description\":\"Schutz vor dunklen Einfl\u00fcssen\",\"publisher\":{\"@id\":\"https:\\\/\\\/iwell-guard.com\\\/sv\\\/#organization\"},\"potentialAction\":[{\"@type\":\"SearchAction\",\"target\":{\"@type\":\"EntryPoint\",\"urlTemplate\":\"https:\\\/\\\/iwell-guard.com\\\/sv\\\/?s={search_term_string}\"},\"query-input\":{\"@type\":\"PropertyValueSpecification\",\"valueRequired\":true,\"valueName\":\"search_term_string\"}}],\"inLanguage\":\"sv-SE\"},{\"@type\":\"Organization\",\"@id\":\"https:\\\/\\\/iwell-guard.com\\\/sv\\\/#organization\",\"name\":\"Ittermann electronic GmbH\",\"url\":\"https:\\\/\\\/iwell-guard.com\\\/sv\\\/\",\"logo\":{\"@type\":\"ImageObject\",\"inLanguage\":\"sv-SE\",\"@id\":\"https:\\\/\\\/iwell-guard.com\\\/sv\\\/#\\\/schema\\\/logo\\\/image\\\/\",\"url\":\"https:\\\/\\\/iwell-guard.com\\\/wp-content\\\/uploads\\\/2026\\\/05\\\/Ittermann-Logo-1182x237-1.png\",\"contentUrl\":\"https:\\\/\\\/iwell-guard.com\\\/wp-content\\\/uploads\\\/2026\\\/05\\\/Ittermann-Logo-1182x237-1.png\",\"width\":1182,\"height\":237,\"caption\":\"Ittermann electronic GmbH\"},\"image\":{\"@id\":\"https:\\\/\\\/iwell-guard.com\\\/sv\\\/#\\\/schema\\\/logo\\\/image\\\/\"},\"sameAs\":[\"https:\\\/\\\/pantip.com\\\/profile\\\/9367242\",\"https:\\\/\\\/micro.blog\\\/iwellguard\",\"https:\\\/\\\/www.diggerslist.com\\\/iwellguard\\\/about\",\"https:\\\/\\\/skitterphoto.com\\\/photographers\\\/2870314\\\/iwell-guard\",\"https:\\\/\\\/iwellguard.wordpress.com\\\/2026\\\/06\\\/06\\\/iwell-guard\\\/\",\"https:\\\/\\\/hub.docker.com\\\/u\\\/iwellguard\",\"https:\\\/\\\/www.pinterest.com\\\/iwellguard\\\/\",\"https:\\\/\\\/bit.ly\\\/m\\\/iwellguard\",\"https:\\\/\\\/entre-vos-mains.alsace.eu\\\/profiles\\\/iwellguard\\\/activity\",\"https:\\\/\\\/gravatar.com\\\/reallybeded8fd34\",\"https:\\\/\\\/naijamatta.com\\\/iwellguard\",\"https:\\\/\\\/www.goodreads.com\\\/iwellguard\",\"https:\\\/\\\/profile.hatena.ne.jp\\\/iwellguard\\\/\",\"https:\\\/\\\/experiment.com\\\/users\\\/iwellguard\",\"https:\\\/\\\/wakelet.com\\\/@iWellGuard82270\",\"https:\\\/\\\/www.chordie.com\\\/forum\\\/profile.php?id=2555664\",\"https:\\\/\\\/www.instapaper.com\\\/p\\\/17757966\",\"https:\\\/\\\/www.mapleprimes.com\\\/users\\\/iwellguard\",\"https:\\\/\\\/businesslistingplus.com\\\/profile\\\/iwell-guard\\\/\",\"https:\\\/\\\/telegra.ph\\\/iWell-Guard-06-06\",\"https:\\\/\\\/pbase.com\\\/iwellguard\\\/iwellguard\",\"https:\\\/\\\/b.hatena.ne.jp\\\/iwellguard\\\/20260607#bookmark-4788405196491818882\",\"https:\\\/\\\/fliphtml5.com\\\/home\\\/iwellguard\",\"https:\\\/\\\/anyflip.com\\\/homepage\\\/cmiwl#About\",\"https:\\\/\\\/transfur.com\\\/Users\\\/iwellguard\",\"http:\\\/\\\/delphi.larsbo.org\\\/user\\\/iwellguard\",\"https:\\\/\\\/jobs.lajobsportal.org\\\/profiles\\\/8380803-iwell-guard\",\"https:\\\/\\\/md.chaosdorf.de\\\/s\\\/jfbe5SBdJD\",\"https:\\\/\\\/www.lingvolive.com\\\/en-us\\\/profile\\\/9ecaeaca-ce11-4e51-9e71-01d55e2bff36\\\/translations\",\"https:\\\/\\\/www.fitday.com\\\/fitness\\\/forums\\\/members\\\/iwellguard.html\",\"https:\\\/\\\/www.mymeetbook.com\\\/iwellguard\",\"https:\\\/\\\/pxhere.com\\\/en\\\/photographer-me\\\/5040798\",\"https:\\\/\\\/disqus.com\\\/by\\\/iwellguard\\\/about\\\/\",\"https:\\\/\\\/pastelink.net\\\/hjwciqwq\",\"https:\\\/\\\/pubhtml5.com\\\/homepage\\\/scjhn\\\/\",\"https:\\\/\\\/www.bitchute.com\\\/channel\\\/2O2eOKzNqujT\",\"https:\\\/\\\/audiomack.com\\\/iwellguard\"]},{\"@type\":\"Article\",\"@id\":\"https:\\\/\\\/iwell-guard.com\\\/sv\\\/stallo-manniskoatande-jatte\\\/#article\",\"isPartOf\":{\"@id\":\"https:\\\/\\\/iwell-guard.com\\\/sv\\\/stallo-manniskoatande-jatte\\\/\"},\"author\":{\"name\":\"Ralf Ittermann\",\"@id\":\"https:\\\/\\\/iwell-guard.com\\\/sv\\\/#\\\/schema\\\/person\\\/ee2a27f1cac3406c7c6fb5820cb7349f\"},\"headline\":\"Stallo &#8211; M\u00e4nnisko\u00e4tande j\u00e4tte i den samiska traditionen\",\"datePublished\":\"2026-09-03T00:11:09+00:00\",\"dateModified\":\"2026-09-03T01:15:36+00:00\",\"mainEntityOfPage\":{\"@id\":\"https:\\\/\\\/iwell-guard.com\\\/sv\\\/stallo-manniskoatande-jatte\\\/\"},\"publisher\":{\"@id\":\"https:\\\/\\\/iwell-guard.com\\\/sv\\\/#organization\"},\"image\":{\"@id\":\"https:\\\/\\\/iwell-guard.com\\\/sv\\\/stallo-manniskoatande-jatte\\\/#primaryimage\"},\"thumbnailUrl\":\"https:\\\/\\\/iwell-guard.com\\\/wp-content\\\/uploads\\\/2026\\\/05\\\/goetter_sami_stallo.webp\",\"inLanguage\":\"sv-SE\",\"description\":\"Stallo \u00e4r den m\u00e4nnisko\u00e4tande j\u00e4tten i den samiska traditionen. Religionsvetenskaplig inordning av antagonistber\u00e4ttelserna.\"}]}<\/script>\n<!-- \/ Yoast SEO Premium plugin. -->","yoast_head_json":{"title":"Stallo - J\u00e4tteantagonist i de samiska ber\u00e4ttelserna","description":"Stallo \u00e4r den m\u00e4nnisko\u00e4tande j\u00e4tten i den samiska traditionen. Religionsvetenskaplig inordning av antagonistber\u00e4ttelserna.","robots":{"index":"index","follow":"follow","max-snippet":"max-snippet:-1","max-image-preview":"max-image-preview:large","max-video-preview":"max-video-preview:-1"},"canonical":"https:\/\/iwell-guard.com\/sv\/stallo-manniskoatande-jatte\/","og_locale":"sv_SE","og_type":"article","og_title":"Stallo - M\u00e4nnisko\u00e4tande j\u00e4tte i den samiska traditionen","og_description":"Stallo \u00e4r den m\u00e4nnisko\u00e4tande j\u00e4tten i den samiska traditionen. Religionsvetenskaplig inordning av antagonistber\u00e4ttelserna.","og_url":"https:\/\/iwell-guard.com\/sv\/stallo-manniskoatande-jatte\/","og_site_name":"iWell Guard","article_modified_time":"2026-09-03T01:15:36+00:00","og_image":[{"width":1024,"height":1536,"url":"https:\/\/iwell-guard.com\/wp-content\/uploads\/2026\/05\/goetter_sami_stallo.webp","type":"image\/webp"}],"twitter_card":"summary_large_image","schema":{"@context":"https:\/\/schema.org","@graph":[{"@type":"Article","@id":"https:\/\/iwell-guard.com\/sv\/stallo-manniskoatande-jatte\/#article","isPartOf":{"@id":"https:\/\/iwell-guard.com\/sv\/stallo-manniskoatande-jatte\/"},"author":{"name":"Ralf Ittermann","@id":"https:\/\/iwell-guard.com\/sv\/#\/schema\/person\/ee2a27f1cac3406c7c6fb5820cb7349f"},"headline":"Stallo &#8211; M\u00e4nnisko\u00e4tande j\u00e4tte i den samiska traditionen","datePublished":"2026-09-03T00:11:09+00:00","dateModified":"2026-09-03T01:15:36+00:00","mainEntityOfPage":{"@id":"https:\/\/iwell-guard.com\/sv\/stallo-manniskoatande-jatte\/"},"publisher":{"@id":"https:\/\/iwell-guard.com\/sv\/#organization"},"image":{"@id":"https:\/\/iwell-guard.com\/sv\/stallo-manniskoatande-jatte\/#primaryimage"},"thumbnailUrl":"https:\/\/iwell-guard.com\/wp-content\/uploads\/2026\/05\/goetter_sami_stallo.webp","inLanguage":"sv-SE","description":"Stallo \u00e4r den m\u00e4nnisko\u00e4tande j\u00e4tten i den samiska traditionen. Religionsvetenskaplig inordning av antagonistber\u00e4ttelserna."},{"@type":"WebPage","@id":"https:\/\/iwell-guard.com\/sv\/stallo-manniskoatande-jatte\/","url":"https:\/\/iwell-guard.com\/sv\/stallo-manniskoatande-jatte\/","name":"Stallo - J\u00e4tteantagonist i de samiska ber\u00e4ttelserna","isPartOf":{"@id":"https:\/\/iwell-guard.com\/sv\/#website"},"primaryImageOfPage":{"@id":"https:\/\/iwell-guard.com\/sv\/stallo-manniskoatande-jatte\/#primaryimage"},"image":{"@id":"https:\/\/iwell-guard.com\/sv\/stallo-manniskoatande-jatte\/#primaryimage"},"thumbnailUrl":"https:\/\/iwell-guard.com\/wp-content\/uploads\/2026\/05\/goetter_sami_stallo.webp","datePublished":"2026-09-03T00:11:09+00:00","dateModified":"2026-09-03T01:15:36+00:00","description":"Stallo \u00e4r den m\u00e4nnisko\u00e4tande j\u00e4tten i den samiska traditionen. Religionsvetenskaplig inordning av antagonistber\u00e4ttelserna.","breadcrumb":{"@id":"https:\/\/iwell-guard.com\/sv\/stallo-manniskoatande-jatte\/#breadcrumb"},"inLanguage":"sv-SE","potentialAction":[{"@type":"ReadAction","target":["https:\/\/iwell-guard.com\/sv\/stallo-manniskoatande-jatte\/"]}]},{"@type":"ImageObject","inLanguage":"sv-SE","@id":"https:\/\/iwell-guard.com\/sv\/stallo-manniskoatande-jatte\/#primaryimage","url":"https:\/\/iwell-guard.com\/wp-content\/uploads\/2026\/05\/goetter_sami_stallo.webp","contentUrl":"https:\/\/iwell-guard.com\/wp-content\/uploads\/2026\/05\/goetter_sami_stallo.webp","width":1024,"height":1536,"caption":"Gudar fr\u00e5n samisk tradition."},{"@type":"BreadcrumbList","@id":"https:\/\/iwell-guard.com\/sv\/stallo-manniskoatande-jatte\/#breadcrumb","itemListElement":[{"@type":"ListItem","position":1,"name":"Start","item":"https:\/\/iwell-guard.com\/sv\/?page_id=136483"},{"@type":"ListItem","position":2,"name":"Stallo &#8211; M\u00e4nnisko\u00e4tande j\u00e4tte i den samiska traditionen"}]},{"@type":"WebSite","@id":"https:\/\/iwell-guard.com\/sv\/#website","url":"https:\/\/iwell-guard.com\/sv\/","name":"iWell Guard","description":"Schutz vor dunklen Einfl\u00fcssen","publisher":{"@id":"https:\/\/iwell-guard.com\/sv\/#organization"},"potentialAction":[{"@type":"SearchAction","target":{"@type":"EntryPoint","urlTemplate":"https:\/\/iwell-guard.com\/sv\/?s={search_term_string}"},"query-input":{"@type":"PropertyValueSpecification","valueRequired":true,"valueName":"search_term_string"}}],"inLanguage":"sv-SE"},{"@type":"Organization","@id":"https:\/\/iwell-guard.com\/sv\/#organization","name":"Ittermann electronic GmbH","url":"https:\/\/iwell-guard.com\/sv\/","logo":{"@type":"ImageObject","inLanguage":"sv-SE","@id":"https:\/\/iwell-guard.com\/sv\/#\/schema\/logo\/image\/","url":"https:\/\/iwell-guard.com\/wp-content\/uploads\/2026\/05\/Ittermann-Logo-1182x237-1.png","contentUrl":"https:\/\/iwell-guard.com\/wp-content\/uploads\/2026\/05\/Ittermann-Logo-1182x237-1.png","width":1182,"height":237,"caption":"Ittermann electronic GmbH"},"image":{"@id":"https:\/\/iwell-guard.com\/sv\/#\/schema\/logo\/image\/"},"sameAs":["https:\/\/pantip.com\/profile\/9367242","https:\/\/micro.blog\/iwellguard","https:\/\/www.diggerslist.com\/iwellguard\/about","https:\/\/skitterphoto.com\/photographers\/2870314\/iwell-guard","https:\/\/iwellguard.wordpress.com\/2026\/06\/06\/iwell-guard\/","https:\/\/hub.docker.com\/u\/iwellguard","https:\/\/www.pinterest.com\/iwellguard\/","https:\/\/bit.ly\/m\/iwellguard","https:\/\/entre-vos-mains.alsace.eu\/profiles\/iwellguard\/activity","https:\/\/gravatar.com\/reallybeded8fd34","https:\/\/naijamatta.com\/iwellguard","https:\/\/www.goodreads.com\/iwellguard","https:\/\/profile.hatena.ne.jp\/iwellguard\/","https:\/\/experiment.com\/users\/iwellguard","https:\/\/wakelet.com\/@iWellGuard82270","https:\/\/www.chordie.com\/forum\/profile.php?id=2555664","https:\/\/www.instapaper.com\/p\/17757966","https:\/\/www.mapleprimes.com\/users\/iwellguard","https:\/\/businesslistingplus.com\/profile\/iwell-guard\/","https:\/\/telegra.ph\/iWell-Guard-06-06","https:\/\/pbase.com\/iwellguard\/iwellguard","https:\/\/b.hatena.ne.jp\/iwellguard\/20260607#bookmark-4788405196491818882","https:\/\/fliphtml5.com\/home\/iwellguard","https:\/\/anyflip.com\/homepage\/cmiwl#About","https:\/\/transfur.com\/Users\/iwellguard","http:\/\/delphi.larsbo.org\/user\/iwellguard","https:\/\/jobs.lajobsportal.org\/profiles\/8380803-iwell-guard","https:\/\/md.chaosdorf.de\/s\/jfbe5SBdJD","https:\/\/www.lingvolive.com\/en-us\/profile\/9ecaeaca-ce11-4e51-9e71-01d55e2bff36\/translations","https:\/\/www.fitday.com\/fitness\/forums\/members\/iwellguard.html","https:\/\/www.mymeetbook.com\/iwellguard","https:\/\/pxhere.com\/en\/photographer-me\/5040798","https:\/\/disqus.com\/by\/iwellguard\/about\/","https:\/\/pastelink.net\/hjwciqwq","https:\/\/pubhtml5.com\/homepage\/scjhn\/","https:\/\/www.bitchute.com\/channel\/2O2eOKzNqujT","https:\/\/audiomack.com\/iwellguard"]},{"@type":"Person","@id":"https:\/\/iwell-guard.com\/sv\/#\/schema\/person\/ee2a27f1cac3406c7c6fb5820cb7349f","name":"Ralf Ittermann","image":{"@type":"ImageObject","inLanguage":"sv-SE","@id":"https:\/\/secure.gravatar.com\/avatar\/073c0153e350a5005b68eb752b445fea71f6b24a26da9449ad7e155e6b446c9d?s=96&d=mm&r=g","url":"https:\/\/secure.gravatar.com\/avatar\/073c0153e350a5005b68eb752b445fea71f6b24a26da9449ad7e155e6b446c9d?s=96&d=mm&r=g","contentUrl":"https:\/\/secure.gravatar.com\/avatar\/073c0153e350a5005b68eb752b445fea71f6b24a26da9449ad7e155e6b446c9d?s=96&d=mm&r=g","caption":"Ralf Ittermann"},"givenName":"Ralf","familyName":"Ittermann","jobTitle":"Gesch\u00e4ftsf\u00fchrer und redaktioneller Verantwortlicher","url":"https:\/\/iwell-guard.com\/sv\/author\/claude\/","description":"Ralf Ittermann ist Gesch\u00e4ftsf\u00fchrer der Ittermann electronic GmbH und redaktioneller Verantwortlicher des iWell-Guard-Lexikons. Er verbindet langj\u00e4hrige Erfahrung in der Pr\u00e4zisionsfertigung mit medialer Praxis und religionsgeschichtlicher Quellenarbeit.","worksFor":{"@type":"Organization","name":"Ittermann electronic GmbH","url":"https:\/\/ittermann.de\/","address":{"@type":"PostalAddress","streetAddress":"K\u00f6hlergasse 16-18","postalCode":"99842","addressLocality":"Ruhla","addressCountry":"DE"}},"knowsAbout":["Religionsgeschichte","Mythologie","Mediale Praxis","Energetische Diagnostik","Schutzpraxis","Volksglauben","Westliche Esoterik"]},{"@type":"Article","@id":"https:\/\/iwell-guard.com\/sv\/stallo-manniskoatande-jatte\/#article","isPartOf":{"@id":"https:\/\/iwell-guard.com\/sv\/stallo-manniskoatande-jatte\/"},"author":{"name":"Ralf Ittermann","@id":"https:\/\/iwell-guard.com\/sv\/#\/schema\/person\/ee2a27f1cac3406c7c6fb5820cb7349f"},"headline":"Stallo &#8211; M\u00e4nnisko\u00e4tande j\u00e4tte i den samiska traditionen","datePublished":"2026-09-03T00:11:09+00:00","dateModified":"2026-09-03T01:15:36+00:00","mainEntityOfPage":{"@id":"https:\/\/iwell-guard.com\/sv\/stallo-manniskoatande-jatte\/"},"publisher":{"@id":"https:\/\/iwell-guard.com\/sv\/#organization"},"image":{"@id":"https:\/\/iwell-guard.com\/sv\/stallo-manniskoatande-jatte\/#primaryimage"},"thumbnailUrl":"https:\/\/iwell-guard.com\/wp-content\/uploads\/2026\/05\/goetter_sami_stallo.webp","inLanguage":"sv-SE","description":"Stallo \u00e4r den m\u00e4nnisko\u00e4tande j\u00e4tten i den samiska traditionen. Religionsvetenskaplig inordning av antagonistber\u00e4ttelserna."}]}},"_links":{"self":[{"href":"https:\/\/iwell-guard.com\/sv\/wp-json\/wp\/v2\/pages\/136915","targetHints":{"allow":["GET"]}}],"collection":[{"href":"https:\/\/iwell-guard.com\/sv\/wp-json\/wp\/v2\/pages"}],"about":[{"href":"https:\/\/iwell-guard.com\/sv\/wp-json\/wp\/v2\/types\/page"}],"author":[{"embeddable":true,"href":"https:\/\/iwell-guard.com\/sv\/wp-json\/wp\/v2\/users\/3"}],"replies":[{"embeddable":true,"href":"https:\/\/iwell-guard.com\/sv\/wp-json\/wp\/v2\/comments?post=136915"}],"version-history":[{"count":0,"href":"https:\/\/iwell-guard.com\/sv\/wp-json\/wp\/v2\/pages\/136915\/revisions"}],"wp:featuredmedia":[{"embeddable":true,"href":"https:\/\/iwell-guard.com\/sv\/wp-json\/wp\/v2\/media\/2896"}],"wp:attachment":[{"href":"https:\/\/iwell-guard.com\/sv\/wp-json\/wp\/v2\/media?parent=136915"}],"wp:term":[{"taxonomy":"category","embeddable":true,"href":"https:\/\/iwell-guard.com\/sv\/wp-json\/wp\/v2\/categories?post=136915"}],"curies":[{"name":"wp","href":"https:\/\/api.w.org\/{rel}","templated":true}]}}