{"id":136910,"date":"2026-09-03T00:11:06","date_gmt":"2026-09-03T00:11:06","guid":{"rendered":"https:\/\/iwell-guard.com\/?page_id=136910"},"modified":"2026-09-03T01:15:30","modified_gmt":"2026-09-03T01:15:30","slug":"malina-solgudinna-inuiterna","status":"publish","type":"page","link":"https:\/\/iwell-guard.com\/sv\/malina-solgudinna-inuiterna\/","title":{"rendered":"Malina \u2013 solgudinnan hos inuiterna"},"content":{"rendered":"\t\t<div data-elementor-type=\"wp-page\" data-elementor-id=\"136910\" class=\"elementor elementor-136910 elementor-2662 elementor-bc-flex-widget\" data-elementor-post-type=\"page\">\n\t\t\t\t<div class=\"elementor-element elementor-element-iwgw-malinainui-hero e-flex e-con-boxed e-con e-parent\" data-id=\"iwgw-malinainui-hero\" data-element_type=\"container\" data-e-type=\"container\" data-settings=\"{&quot;background_background&quot;:&quot;classic&quot;}\">\n\t\t\t\t\t<div class=\"e-con-inner\">\n\t\t<div class=\"elementor-element elementor-element-iwgw-malinainui-hl e-flex e-con-boxed e-con e-child\" data-id=\"iwgw-malinainui-hl\" data-element_type=\"container\" data-e-type=\"container\">\n\t\t\t\t\t<div class=\"e-con-inner\">\n\t\t<div class=\"elementor-element elementor-element-iwgw-malinainui-htxt e-con-full e-flex e-con e-child\" data-id=\"iwgw-malinainui-htxt\" data-element_type=\"container\" data-e-type=\"container\">\n\t\t\t\t<div class=\"elementor-element elementor-element-iwgw-malinainui-h1 elementor-widget elementor-widget-heading\" data-id=\"iwgw-malinainui-h1\" data-element_type=\"widget\" data-e-type=\"widget\" data-widget_type=\"heading.default\">\n\t\t\t\t\t<h1 class=\"elementor-heading-title elementor-size-default\">Malina \u2013 solgudinna och m\u00e5nens syster i inuitisk tradition<\/h1>\t\t\t\t<\/div>\n\t\t\t\t<div class=\"elementor-element elementor-element-iwgw-malinainui-lead elementor-widget elementor-widget-text-editor\" data-id=\"iwgw-malinainui-lead\" data-element_type=\"widget\" data-e-type=\"widget\" data-widget_type=\"text-editor.default\">\n\t\t\t\t\t\t\t\t\t<p>Malina \u00e4r i den centralarktiska <a href=\"https:\/\/iwell-guard.com\/sv\/inuit-arktis-sedna-tornit-skyddspraxis\/\">inuit<\/a>traditionen solgudinnan, syster till m\u00e5nen <a href=\"https:\/\/iwell-guard.com\/sv\/igaluk-mangud-inuit-tradition\/\">Igaluk<\/a> och huvudperson i en av inuiternas centrala myter. Hennes flykt undan brodern f\u00f6rklarar uppdelningen av dag och natt. Religionsvetenskapligt \u00e4r hon den paradigmatiska kvinnliga solgudinnan i den cirkumpol\u00e4ra regionen.<\/p>\t\t\t\t\t\t\t\t<\/div>\n\t\t\t\t<\/div>\n\t\t<div class=\"elementor-element elementor-element-iwgw-malinainui-pillc e-con-full e-flex e-con e-child\" data-id=\"iwgw-malinainui-pillc\" data-element_type=\"container\" data-e-type=\"container\">\n\t\t\t\t<div class=\"elementor-element elementor-element-iwgw-malinainui-pills elementor-widget elementor-widget-html\" data-id=\"iwgw-malinainui-pills\" data-element_type=\"widget\" data-e-type=\"widget\" data-widget_type=\"html.default\">\n\t\t\t\t\t<div class=\"iwg-pill-row\"><span class=\"iwg-klasse-badge\" tabindex=\"0\" data-tooltip=\"Gudinna inom inuitisk tradition.\">Gudinna<\/span><a href=\"https:\/\/iwell-guard.com\/sv\/inuit-arktis-sedna-tornit-skyddspraxis\/\" class=\"iwg-kultur-badge\" tabindex=\"0\" data-tooltip=\"Mytologi inom inuitisk tradition.\">Inuit<\/a><span class=\"iwg-tradition-badge\" tabindex=\"0\" data-tooltip=\"Solgudinna.\">Solgudinna<\/span><\/div>\t\t\t\t<\/div>\n\t\t\t\t<\/div>\n\t\t<div class=\"elementor-element elementor-element-iwgw-malinainui-tocc e-con-full e-flex e-con e-child\" data-id=\"iwgw-malinainui-tocc\" data-element_type=\"container\" data-e-type=\"container\">\n\t\t\t\t<div class=\"elementor-element elementor-element-iwgw-malinainui-toc elementor-toc--minimized-on-tablet elementor-widget elementor-widget-table-of-contents\" data-id=\"iwgw-malinainui-toc\" data-element_type=\"widget\" data-e-type=\"widget\" data-settings=\"{&quot;headings_by_tags&quot;:[&quot;h2&quot;,&quot;h3&quot;],&quot;minimize_box&quot;:&quot;yes&quot;,&quot;marker_view&quot;:&quot;bullets&quot;,&quot;no_headings_message&quot;:&quot;Inga rubriker hittades p\\u00e5 den h\\u00e4r sidan.&quot;,&quot;exclude_headings_by_selector&quot;:[],&quot;icon&quot;:{&quot;value&quot;:&quot;fas fa-circle&quot;,&quot;library&quot;:&quot;fa-solid&quot;,&quot;rendered_tag&quot;:&quot;&lt;svg class=\\&quot;e-font-icon-svg e-fas-circle\\&quot; viewBox=\\&quot;0 0 512 512\\&quot; xmlns=\\&quot;http:\\\/\\\/www.w3.org\\\/2000\\\/svg\\&quot;&gt;&lt;path d=\\&quot;M256 8C119 8 8 119 8 256s111 248 248 248 248-111 248-248S393 8 256 8z\\&quot;&gt;&lt;\\\/path&gt;&lt;\\\/svg&gt;&quot;},&quot;minimized_on&quot;:&quot;tablet&quot;,&quot;hierarchical_view&quot;:&quot;yes&quot;,&quot;min_height&quot;:{&quot;unit&quot;:&quot;px&quot;,&quot;size&quot;:&quot;&quot;,&quot;sizes&quot;:[]},&quot;min_height_tablet&quot;:{&quot;unit&quot;:&quot;px&quot;,&quot;size&quot;:&quot;&quot;,&quot;sizes&quot;:[]},&quot;min_height_mobile&quot;:{&quot;unit&quot;:&quot;px&quot;,&quot;size&quot;:&quot;&quot;,&quot;sizes&quot;:[]}}\" data-widget_type=\"table-of-contents.default\">\n\t\t\t\t\t\t\t\t\t<div class=\"elementor-toc__header\">\n\t\t\t\t\t\t<h2 class=\"elementor-toc__header-title\">\n\t\t\t\tInneh\u00e5llsf\u00f6rteckning\t\t\t<\/h2>\n\t\t\t\t\t\t\t\t\t\t<div class=\"elementor-toc__toggle-button elementor-toc__toggle-button--expand\" role=\"button\" tabindex=\"0\" aria-controls=\"elementor-toc__iwgw-malinainui-toc\" aria-expanded=\"true\" aria-label=\"Inhaltsverzeichnis \u00f6ffnen\"><svg aria-hidden=\"true\" class=\"e-font-icon-svg e-fas-chevron-down\" viewBox=\"0 0 448 512\" xmlns=\"http:\/\/www.w3.org\/2000\/svg\"><path d=\"M207.029 381.476L12.686 187.132c-9.373-9.373-9.373-24.569 0-33.941l22.667-22.667c9.357-9.357 24.522-9.375 33.901-.04L224 284.505l154.745-154.021c9.379-9.335 24.544-9.317 33.901.04l22.667 22.667c9.373 9.373 9.373 24.569 0 33.941L240.971 381.476c-9.373 9.372-24.569 9.372-33.942 0z\"><\/path><\/svg><\/div>\n\t\t\t\t<div class=\"elementor-toc__toggle-button elementor-toc__toggle-button--collapse\" role=\"button\" tabindex=\"0\" aria-controls=\"elementor-toc__iwgw-malinainui-toc\" aria-expanded=\"true\" aria-label=\"Inhaltsverzeichnis schlie\u00dfen\"><svg aria-hidden=\"true\" class=\"e-font-icon-svg e-fas-chevron-up\" viewBox=\"0 0 448 512\" xmlns=\"http:\/\/www.w3.org\/2000\/svg\"><path d=\"M240.971 130.524l194.343 194.343c9.373 9.373 9.373 24.569 0 33.941l-22.667 22.667c-9.357 9.357-24.522 9.375-33.901.04L224 227.495 69.255 381.516c-9.379 9.335-24.544 9.317-33.901-.04l-22.667-22.667c-9.373-9.373-9.373-24.569 0-33.941L207.03 130.525c9.372-9.373 24.568-9.373 33.941-.001z\"><\/path><\/svg><\/div>\n\t\t\t\t\t<\/div>\n\t\t\t\t<div id=\"elementor-toc__iwgw-malinainui-toc\" class=\"elementor-toc__body\">\n\t\t\t<div class=\"elementor-toc__spinner-container\">\n\t\t\t\t<svg class=\"elementor-toc__spinner eicon-animation-spin e-font-icon-svg e-eicon-loading\" aria-hidden=\"true\" viewBox=\"0 0 1000 1000\" xmlns=\"http:\/\/www.w3.org\/2000\/svg\"><path d=\"M500 975V858C696 858 858 696 858 500S696 142 500 142 142 304 142 500H25C25 237 238 25 500 25S975 237 975 500 763 975 500 975Z\"><\/path><\/svg>\t\t\t<\/div>\n\t\t<\/div>\n\t\t\t\t\t\t<\/div>\n\t\t\t\t<\/div>\n\t\t\t\t\t<\/div>\n\t\t\t\t<\/div>\n\t\t<div class=\"elementor-element elementor-element-iwgw-malinainui-hr e-con-full e-flex e-con e-child\" data-id=\"iwgw-malinainui-hr\" data-element_type=\"container\" data-e-type=\"container\">\n\t\t\t\t<div class=\"elementor-element elementor-element-iwgw-malinainui-heroimg iwg-hero-image elementor-widget elementor-widget-image\" data-id=\"iwgw-malinainui-heroimg\" data-element_type=\"widget\" data-e-type=\"widget\" data-widget_type=\"image.default\">\n\t\t\t\t\t\t\t\t\t\t\t\t\t\t\t<img fetchpriority=\"high\" decoding=\"async\" width=\"683\" height=\"1024\" src=\"https:\/\/iwell-guard.com\/wp-content\/uploads\/2026\/05\/goetter_inuit_malina-inuit-683x1024.webp\" class=\"attachment-large size-large wp-image-2883\" alt=\"Malina Inuit - G\u00f6tter aus der Inuit-Tradition, historisch-illustrativ\" srcset=\"https:\/\/iwell-guard.com\/wp-content\/uploads\/2026\/05\/goetter_inuit_malina-inuit-683x1024.webp 683w, https:\/\/iwell-guard.com\/wp-content\/uploads\/2026\/05\/goetter_inuit_malina-inuit-200x300.webp 200w, https:\/\/iwell-guard.com\/wp-content\/uploads\/2026\/05\/goetter_inuit_malina-inuit-768x1152.webp 768w, https:\/\/iwell-guard.com\/wp-content\/uploads\/2026\/05\/goetter_inuit_malina-inuit.webp 1024w\" sizes=\"(max-width: 683px) 100vw, 683px\" \/>\t\t\t\t\t\t\t\t\t\t\t\t\t\t\t<\/div>\n\t\t\t\t<\/div>\n\t\t\t\t\t<\/div>\n\t\t\t\t<\/div>\n\t\t\t\t<section class=\"elementor-section elementor-top-section elementor-element elementor-element-sec-iwgcomp-malina-inuit elementor-section-boxed elementor-section-height-default elementor-section-height-default\" data-id=\"sec-iwgcomp-malina-inuit\" data-element_type=\"section\" data-e-type=\"section\">\n\t\t\t\t\t\t<div class=\"elementor-container elementor-column-gap-default\">\n\t\t\t\t\t<div class=\"elementor-column elementor-col-100 elementor-top-column elementor-element elementor-element-col-iwgcomp-malina-inuit\" data-id=\"col-iwgcomp-malina-inuit\" data-element_type=\"column\" data-e-type=\"column\">\n\t\t\t<div class=\"elementor-widget-wrap elementor-element-populated\">\n\t\t\t\t\t\t<div class=\"elementor-element elementor-element-iwgcomp-malina-inuit elementor-widget elementor-widget-text-editor\" data-id=\"iwgcomp-malina-inuit\" data-element_type=\"widget\" data-e-type=\"widget\" data-widget_type=\"text-editor.default\">\n\t\t\t\t\t\t\t\t\t<p>Malina \u00e4r den <strong>inuitiska solgudinnan<\/strong> och syster till m\u00e5ngguden Igaluk i den arktiska <span class=\"iwg-fachbegriff\" data-tooltip=\"Den samlade m\u00e4ngden \u00f6verl\u00e4mnade gudeber\u00e4ttelser i en kultur.\" tabindex=\"0\">mytologin<\/span>.<\/p>\t\t\t\t\t\t\t\t<\/div>\n\t\t\t\t\t<\/div>\n\t\t<\/div>\n\t\t\t\t\t<\/div>\n\t\t<\/section>\n\t\t<div class=\"elementor-element elementor-element-iwgw-malinainui-s0 e-flex e-con-boxed e-con e-parent\" data-id=\"iwgw-malinainui-s0\" data-element_type=\"container\" data-e-type=\"container\">\n\t\t\t\t\t<div class=\"e-con-inner\">\n\t\t\t\t<div class=\"elementor-element elementor-element-iwgw-malinainui-s0h elementor-widget elementor-widget-heading\" data-id=\"iwgw-malinainui-s0h\" data-element_type=\"widget\" data-e-type=\"widget\" data-widget_type=\"heading.default\">\n\t\t\t\t\t<h2 class=\"elementor-heading-title elementor-size-default\">Kontextualisering och kortprofil<\/h2>\t\t\t\t<\/div>\n\t\t<div class=\"elementor-element elementor-element-iwgw-malinainui-s0c e-con-full e-flex e-con e-child\" data-id=\"iwgw-malinainui-s0c\" data-element_type=\"container\" data-e-type=\"container\">\n\t\t\t\t<div class=\"elementor-element elementor-element-iwgw-malinainui-s0t elementor-widget elementor-widget-text-editor\" data-id=\"iwgw-malinainui-s0t\" data-element_type=\"widget\" data-e-type=\"widget\" data-widget_type=\"text-editor.default\">\n\t\t\t\t\t\t\t\t\t<p>Malina \u00e4r i det inuitiska <span class=\"iwg-fachbegriff\" data-tooltip=\"Den samlade m\u00e4ngden gudar inom en religion eller kultur.\" tabindex=\"0\">pantheonet<\/span> solen i personifierad kvinnlig form. Religionsvetenskapligt anm\u00e4rkningsv\u00e4rt \u00e4r att den inuitiska traditionen, liksom de flesta cirkumpol\u00e4ra och nordeuropeiska traditioner, uppfattar solen som kvinnlig och m\u00e5nen som manlig, till skillnad fr\u00e5n m\u00e5nga medelhavstraditioner d\u00e4r k\u00f6nspolariteten \u00e4r omv\u00e4nd. Denna k\u00f6nstillskrivning \u00e4r ett viktigt religionsfenomenologiskt k\u00e4nnetecken.<\/p><p>Malina \u00e4r inte en frist\u00e5ende, sj\u00e4lvst\u00e4ndig <span class=\"iwg-fachbegriff\" data-tooltip=\"En varelse som dyrkas som gudomlig inom en religion.\" tabindex=\"0\">gudom<\/span>, utan n\u00e4mns alltid i f\u00f6rh\u00e5llande till <span class=\"iwg-fachbegriff\" data-tooltip=\"En \u00f6verl\u00e4mnad ber\u00e4ttelse om gudar, ursprung och v\u00e4rldens ordning.\" tabindex=\"0\">myten<\/span> om brodern Igaluk. Hennes flykt upp till himlen och Igaluks st\u00e4ndiga f\u00f6rf\u00f6ljelse av henne strukturerar dygnscykeln och d\u00e4rmed tidens grundordning. Denna narrativa bindning till Igaluk \u00e4r religionsfenomenologiskt ett eget fenomen.<\/p><p>Trots denna narrativa bindning har Malina egna rituella funktioner, framf\u00f6r allt inom kvinnors praktiker, renhet, f\u00f6dsel och den kalla vintern, vars slut markeras av hennes \u00e5terkomst efter polarnatten. Hennes religi\u00f6sa betydelse \u00e4r n\u00e4ra knuten till den arktiska \u00e5rscykeln och g\u00f6r henne till en nyckelgestalt i inuiternas cykliska tidsuppfattning.<\/p><p>Solgudinnan Malina, som alltid \u00f6verl\u00e4mnas i f\u00f6rh\u00e5llande till <span class=\"iwg-fachbegriff\" data-tooltip=\"En \u00f6verl\u00e4mnad ber\u00e4ttelse om gudar, ursprung och v\u00e4rldens ordning.\" tabindex=\"0\">myten<\/span> om brodern Igaluk, har av den nyare forskningen belysts med utvidgade metodiska angreppss\u00e4tt som f\u00f6renar etnografisk noggrannhet, spr\u00e5klig k\u00e4llkritik och j\u00e4mf\u00f6rande perspektiv. Idag utg\u00f6r den inuitiska kunskapsgemenskapen sj\u00e4lv en del av denna forskning och korrigerar \u00e4ldre, delvis kolonialt pr\u00e4glade v\u00e4sterl\u00e4ndska tolkningar.<\/p><p>Ytterligare insikt ger den religionssociologiska fr\u00e5gan om Malinas funktion i den traditionella inuitiska gemenskapens sociala ordning. Eftersom hennes rituella betydelse var knuten till kvinnors praktiker, f\u00f6dsel och \u00e5rscykeln, visar hon att den religi\u00f6sa strukturen inte var skild fr\u00e5n den samh\u00e4lleliga praktiken utan t\u00e4tt sammanfl\u00e4tad med den.<\/p><p>Denna sammanfl\u00e4tning utg\u00f6r ett eget religionsantropologiskt forskningsf\u00e4lt, som framf\u00f6r allt Fr\u00e9d\u00e9ric Laugrand och Jarich Oosten systematiskt har unders\u00f6kt.<\/p>\t\t\t\t\t\t\t\t<\/div>\n\t\t\t\t<\/div>\n\t\t\t\t\t<\/div>\n\t\t\t\t<\/div>\n\t\t<div class=\"elementor-element elementor-element-iwgw-malinainui-s1 e-flex e-con-boxed e-con e-parent\" data-id=\"iwgw-malinainui-s1\" data-element_type=\"container\" data-e-type=\"container\">\n\t\t\t\t\t<div class=\"e-con-inner\">\n\t\t\t\t<div class=\"elementor-element elementor-element-iwgw-malinainui-s1h elementor-widget elementor-widget-heading\" data-id=\"iwgw-malinainui-s1h\" data-element_type=\"widget\" data-e-type=\"widget\" data-widget_type=\"heading.default\">\n\t\t\t\t\t<h2 class=\"elementor-heading-title elementor-size-default\">Namn och etymologi<\/h2>\t\t\t\t<\/div>\n\t\t<div class=\"elementor-element elementor-element-iwgw-malinainui-s1c e-con-full e-flex e-con e-child\" data-id=\"iwgw-malinainui-s1c\" data-element_type=\"container\" data-e-type=\"container\">\n\t\t\t\t<div class=\"elementor-element elementor-element-iwgw-malinainui-s1t elementor-widget elementor-widget-text-editor\" data-id=\"iwgw-malinainui-s1t\" data-element_type=\"widget\" data-e-type=\"widget\" data-widget_type=\"text-editor.default\">\n\t\t\t\t\t\t\t\t\t<p>Namnet Malina \u00e4r mest belagt i den v\u00e4stgr\u00f6nl\u00e4ndska dialekten. Etymologiskt \u00e4r det inte slutgiltigt klarlagt, men det kan vara besl\u00e4ktat med stammen <em>mali\u014b\u014buq<\/em>, som betecknar f\u00f6rf\u00f6ljande. Vetenskapligt st\u00e4mmer detta v\u00e4l med ber\u00e4ttelsen, d\u00e4r f\u00f6rf\u00f6ljelsestrukturen \u00e4r det centrala <span class=\"iwg-fachbegriff\" data-tooltip=\"Ett \u00e5terkommande inneh\u00e5llselement i konst eller ber\u00e4ttelse.\" tabindex=\"0\">motivet<\/span>.<\/p><p>Andra namn f\u00f6r solen i de inuitiska spr\u00e5ken \u00e4r <em>seqineq<\/em>, <em>siqiniq<\/em> eller <em>siqinniq<\/em>. Dessa namn betecknar dock i f\u00f6rsta hand himlakroppen, inte den personifierade gudinnan. Skillnaden \u00e4r vetenskapligt viktig: inte varje solbeteckning b\u00e4r den teologiska gestalten Malina. Den metodiska noggrannheten i k\u00e4llarbetet \u00e4r h\u00e4r avg\u00f6rande.<\/p><p>I Iglulik f\u00f6rekommer formen Akycha eller Malik, i \u00d6stgr\u00f6nland Naajaa. Den regionala variationen motsvarar den allm\u00e4nna spr\u00e5kliga m\u00e5ngfalden i den inuitiska v\u00e4rlden och b\u00f6r beaktas vid den vetenskapliga bearbetningen. En systematisk spr\u00e5klig syntes saknas fortfarande.<\/p><p>Inom den j\u00e4mf\u00f6rande <span class=\"iwg-fachbegriff\" data-tooltip=\"Vetenskapen som utforskar religioner j\u00e4mf\u00f6rande och utan trosbindning.\" tabindex=\"0\">religionsvetenskapen<\/span> fogar Malina sig in i m\u00f6nstret av den cirkumpol\u00e4ra religi\u00f6sa topografin, som bevaras i f\u00f6rv\u00e5nansv\u00e4rt konstant struktur \u00f6ver tusentals kilometer. Denna strukturella stabilitet h\u00f6r religionsfenomenologiskt till disciplinens mest anm\u00e4rkningsv\u00e4rda resultat och diskuteras fortfarande vidare.<\/p>\t\t\t\t\t\t\t\t<\/div>\n\t\t\t\t<\/div>\n\t\t\t\t\t<\/div>\n\t\t\t\t<\/div>\n\t\t<div class=\"elementor-element elementor-element-iwgw-malinainui-s2 e-flex e-con-boxed e-con e-parent\" data-id=\"iwgw-malinainui-s2\" data-element_type=\"container\" data-e-type=\"container\">\n\t\t\t\t\t<div class=\"e-con-inner\">\n\t\t\t\t<div class=\"elementor-element elementor-element-iwgw-malinainui-s2h elementor-widget elementor-widget-heading\" data-id=\"iwgw-malinainui-s2h\" data-element_type=\"widget\" data-e-type=\"widget\" data-widget_type=\"heading.default\">\n\t\t\t\t\t<h2 class=\"elementor-heading-title elementor-size-default\">Incestflyktsmyten<\/h2>\t\t\t\t<\/div>\n\t\t<div class=\"elementor-element elementor-element-iwgw-malinainui-s2c e-con-full e-flex e-con e-child\" data-id=\"iwgw-malinainui-s2c\" data-element_type=\"container\" data-e-type=\"container\">\n\t\t\t\t<div class=\"elementor-element elementor-element-iwgw-malinainui-s2t elementor-widget elementor-widget-text-editor\" data-id=\"iwgw-malinainui-s2t\" data-element_type=\"widget\" data-e-type=\"widget\" data-widget_type=\"text-editor.default\">\n\t\t\t\t\t\t\t\t\t<p>K\u00e4rnmyten om Malina \u00e4r identisk med Igaluk-<span class=\"iwg-fachbegriff\" data-tooltip=\"En traderad ber\u00e4ttelse om gudar, ursprung och v\u00e4rldens ordning.\" tabindex=\"0\">myten<\/span> och har redan beskrivits d\u00e4r. Ur Malinas perspektiv \u00e4r den en ber\u00e4ttelse om kvinnlig sj\u00e4lvh\u00e4vdelse och skapandet av kosmisk ordning genom egen flykt. Detta perspektiv \u00e4r vetenskapligt fruktbart och har gjorts explicit av Birgitte Sonne och Pamela Stern.<\/p><p>Malina m\u00e4rker sin bror med sot, k\u00e4nner igen hans identitet, sk\u00e4r av sig br\u00f6sten av skam, kastar dem mot honom och flyr med en lysande fackla upp till himlen. Hennes ljusstyrka \u00f6vertr\u00e4ffar broderns, eftersom hon flydde f\u00f6rst och grep den ljusare facklan. Igaluk f\u00f6ljer efter men blir kvar.<\/p><p>Vetenskapligt sett \u00e4r denna ber\u00e4ttelse ingen passiv <span class=\"iwg-fachbegriff\" data-tooltip=\"G\u00e5va till en gudom f\u00f6r att uttrycka tacksamhet, b\u00f6n eller v\u00f6rdnad.\" tabindex=\"0\">offer<\/span>-ber\u00e4ttelse, utan en handling: Malina agerar genom att m\u00e4rka sig sj\u00e4lv, genom att kastrera sig sj\u00e4lv, genom att fly. Hon blir solen genom sitt eget initiativ, inte genom ett gudomligt ingripande. Denna aktiva komponent f\u00f6rtj\u00e4nar s\u00e4rskild religionsfenomenologisk uppm\u00e4rksamhet och skiljer sig fr\u00e5n rent offerorienterade solmyter.<\/p>\t\t\t\t\t\t\t\t<\/div>\n\t\t\t\t<\/div>\n\t\t\t\t\t<\/div>\n\t\t\t\t<\/div>\n\t\t<div class=\"elementor-element elementor-element-iwgw-malinainui-s3 e-flex e-con-boxed e-con e-parent\" data-id=\"iwgw-malinainui-s3\" data-element_type=\"container\" data-e-type=\"container\">\n\t\t\t\t\t<div class=\"e-con-inner\">\n\t\t\t\t<div class=\"elementor-element elementor-element-iwgw-malinainui-s3h elementor-widget elementor-widget-heading\" data-id=\"iwgw-malinainui-s3h\" data-element_type=\"widget\" data-e-type=\"widget\" data-widget_type=\"heading.default\">\n\t\t\t\t\t<h2 class=\"elementor-heading-title elementor-size-default\">Solen, m\u00f6rkret och den arktiska \u00e5rscykeln<\/h2>\t\t\t\t<\/div>\n\t\t<div class=\"elementor-element elementor-element-iwgw-malinainui-s3c e-con-full e-flex e-con e-child\" data-id=\"iwgw-malinainui-s3c\" data-element_type=\"container\" data-e-type=\"container\">\n\t\t\t\t<div class=\"elementor-element elementor-element-iwgw-malinainui-s3t elementor-widget elementor-widget-text-editor\" data-id=\"iwgw-malinainui-s3t\" data-element_type=\"widget\" data-e-type=\"widget\" data-widget_type=\"text-editor.default\">\n\t\t\t\t\t\t\t\t\t<p>Malinas religi\u00f6sa betydelse pr\u00e4glas av den arktiska \u00e5rscykeln. Polarnatten, d\u00e5 solen under veckor inte kommer \u00f6ver horisonten, var ett religi\u00f6st laddat tillst\u00e5nd. Malinas \u00e5terkomst p\u00e5 v\u00e5ren h\u00e4lsades <span class=\"iwg-fachbegriff\" data-tooltip=\"Tillh\u00f6rande ett fastst\u00e4llt religi\u00f6st handlingsf\u00f6rlopp.\" tabindex=\"0\">ritualt<\/span>, i vissa regioner med sm\u00e5 fester, i andra med s\u00e4rskilda tabun.<\/p><p>Rasmussen ber\u00e4ttar fr\u00e5n Iglulik att barnen sj\u00f6ng s\u00e4rskilda s\u00e5nger vid den f\u00f6rsta anblicken av solen efter polarnatten, f\u00f6r att h\u00e4lsa den \u00e5terv\u00e4ndande solgudinnan. Denna sedvana var inte j\u00e4mf\u00f6rbar med den intensiva festkulturen i sydliga solkulter, men hade sitt eget rituella djup och sin egen vetenskapliga betydelse som en arktisk sol-h\u00e4lsningsritual.<\/p><p>P\u00e5 sommaren, n\u00e4r solen inte g\u00e5r ner, var Malina en annan n\u00e4rvaro: st\u00e4ndigt synlig, ljus, p\u00e5 s\u00e4tt och vis \u00f6verv\u00e4ldigande. Dubbelheten av fr\u00e5nvaro och allest\u00e4des n\u00e4rvaro \u00e4r religionsfenomenologiskt en s\u00e4rart hos den arktiska solv\u00f6rdnaden och skapar ett religi\u00f6st upplevelserytm som inte \u00e4r m\u00f6jligt i tempererade klimatzoner.<\/p>\t\t\t\t\t\t\t\t<\/div>\n\t\t\t\t<\/div>\n\t\t\t\t\t<\/div>\n\t\t\t\t<\/div>\n\t\t<div class=\"elementor-element elementor-element-iwgw-malinainui-s4 e-flex e-con-boxed e-con e-parent\" data-id=\"iwgw-malinainui-s4\" data-element_type=\"container\" data-e-type=\"container\">\n\t\t\t\t\t<div class=\"e-con-inner\">\n\t\t\t\t<div class=\"elementor-element elementor-element-iwgw-malinainui-s4h elementor-widget elementor-widget-heading\" data-id=\"iwgw-malinainui-s4h\" data-element_type=\"widget\" data-e-type=\"widget\" data-widget_type=\"heading.default\">\n\t\t\t\t\t<h2 class=\"elementor-heading-title elementor-size-default\">Malina och kvinnornas religi\u00f6sa praxis<\/h2>\t\t\t\t<\/div>\n\t\t<div class=\"elementor-element elementor-element-iwgw-malinainui-s4c e-con-full e-flex e-con e-child\" data-id=\"iwgw-malinainui-s4c\" data-element_type=\"container\" data-e-type=\"container\">\n\t\t\t\t<div class=\"elementor-element elementor-element-iwgw-malinainui-s4t elementor-widget elementor-widget-text-editor\" data-id=\"iwgw-malinainui-s4t\" data-element_type=\"widget\" data-e-type=\"widget\" data-widget_type=\"text-editor.default\">\n\t\t\t\t\t\t\t\t\t<p>Malina st\u00e5r s\u00e4rskilt kvinnor n\u00e4ra i religi\u00f6s praxis. Vid f\u00f6rlossning, menstruation och i de tabufaser som pr\u00e4glar kvinnors liv \u00e5kallades hon. Den religi\u00f6sa f\u00f6rest\u00e4llningen var att solen, som en \u00e4ldre, pr\u00f6vad kvinna, var mottaglig f\u00f6r de m\u00e4nskliga kvinnornas erfarenheter. Denna empatikonstellation \u00e4r religionsfenomenologiskt ett eget fenomen.<\/p><p>Vissa ritualer, som reningsbad i sn\u00f6n eller att b\u00e4ra best\u00e4mda amuletter, var f\u00f6rknippade med Malina. Vetenskapligt h\u00f6r detta till den vidare klassen av kvinnliga solv\u00f6rdnader, som \u00e4r belagda i variationer inom det cirkumpol\u00e4ra omr\u00e5det och utg\u00f6r ett eget j\u00e4mf\u00f6rande forskningsf\u00e4lt.<\/p><p>Hos caribou-inuiterna var denna koppling mindre framtr\u00e4dande \u00e4n hos Iglulik-folket. Den regionala variationen \u00e4r betydande och b\u00f6r inte sammanfattas till en enhetlig Malina-<span class=\"iwg-fachbegriff\" data-tooltip=\"Den vetenskapliga l\u00e4ran om gud och om en religions tro.\" tabindex=\"0\">teologi<\/span>. Den vetenskapliga uppgiften ligger i en differentierad regional beskrivning snarare \u00e4n en harmoniserande syntes.<\/p>\t\t\t\t\t\t\t\t<\/div>\n\t\t\t\t<\/div>\n\t\t\t\t\t<\/div>\n\t\t\t\t<\/div>\n\t\t<div class=\"elementor-element elementor-element-iwgw-malinainui-s5 e-flex e-con-boxed e-con e-parent\" data-id=\"iwgw-malinainui-s5\" data-element_type=\"container\" data-e-type=\"container\">\n\t\t\t\t\t<div class=\"e-con-inner\">\n\t\t\t\t<div class=\"elementor-element elementor-element-iwgw-malinainui-s5h elementor-widget elementor-widget-heading\" data-id=\"iwgw-malinainui-s5h\" data-element_type=\"widget\" data-e-type=\"widget\" data-widget_type=\"heading.default\">\n\t\t\t\t\t<h2 class=\"elementor-heading-title elementor-size-default\">Solen som hopp- och tidssymbol<\/h2>\t\t\t\t<\/div>\n\t\t<div class=\"elementor-element elementor-element-iwgw-malinainui-s5c e-con-full e-flex e-con e-child\" data-id=\"iwgw-malinainui-s5c\" data-element_type=\"container\" data-e-type=\"container\">\n\t\t\t\t<div class=\"elementor-element elementor-element-iwgw-malinainui-s5t elementor-widget elementor-widget-text-editor\" data-id=\"iwgw-malinainui-s5t\" data-element_type=\"widget\" data-e-type=\"widget\" data-widget_type=\"text-editor.default\">\n\t\t\t\t\t\t\t\t\t<p>I den schamanska praktiken kunde Malina \u00e5kallas som ett hoppets symbol. Vid sjukdom, hunger eller f\u00f6rtvivlan tolkades hennes \u00e5terkomst fr\u00e5n polarnatten som en f\u00f6rebild f\u00f6r uppg\u00e5ng och nytt liv. Schamaner reste i trance inte i f\u00f6rsta hand till solen som till m\u00e5nen, men de kunde \u00e5beropa hennes kraft som ett st\u00f6d.<\/p><p>Tidsm\u00e4ssigt strukturerar Malina dygnets kretslopp. Medan m\u00e5nfaserna best\u00e4mmer m\u00e5naderna, ger solen dygnet och \u00e5rstiden. Vetenskapligt sett \u00e4r denna komplement\u00e4ra tidsstruktur ett viktigt inslag i den inuitiska <span class=\"iwg-fachbegriff\" data-tooltip=\"F\u00f6rest\u00e4llningen om v\u00e4rldens uppbyggnad och ordning inom en kultur.\" tabindex=\"0\">kosmologin<\/span>, och g\u00f6r syskonparet Malina-Igaluk till en kalendarisk-religi\u00f6s diad.<\/p><p>I samtida inuitkonst \u00e4r Malina n\u00e4rvarande, ofta i diptyk med Igaluk. Asymmetrin mellan de b\u00e5da syskonen, deras konflikt och f\u00f6rf\u00f6ljelsen g\u00f6rs konstn\u00e4rligt produktiv. Religionsfenomenologiskt visar detta myten om Malinas fortsatta livskraft och dess b\u00e4rkraft som konstn\u00e4rlig inspirationsk\u00e4lla.<\/p>\t\t\t\t\t\t\t\t<\/div>\n\t\t\t\t<\/div>\n\t\t\t\t\t<\/div>\n\t\t\t\t<\/div>\n\t\t<div class=\"elementor-element elementor-element-iwgw-malinainui-s6 e-flex e-con-boxed e-con e-parent\" data-id=\"iwgw-malinainui-s6\" data-element_type=\"container\" data-e-type=\"container\">\n\t\t\t\t\t<div class=\"e-con-inner\">\n\t\t\t\t<div class=\"elementor-element elementor-element-iwgw-malinainui-s6h elementor-widget elementor-widget-heading\" data-id=\"iwgw-malinainui-s6h\" data-element_type=\"widget\" data-e-type=\"widget\" data-widget_type=\"heading.default\">\n\t\t\t\t\t<h2 class=\"elementor-heading-title elementor-size-default\">J\u00e4mf\u00f6relse med andra solgudinnor<\/h2>\t\t\t\t<\/div>\n\t\t<div class=\"elementor-element elementor-element-iwgw-malinainui-s6c e-con-full e-flex e-con e-child\" data-id=\"iwgw-malinainui-s6c\" data-element_type=\"container\" data-e-type=\"container\">\n\t\t\t\t<div class=\"elementor-element elementor-element-iwgw-malinainui-s6t elementor-widget elementor-widget-text-editor\" data-id=\"iwgw-malinainui-s6t\" data-element_type=\"widget\" data-e-type=\"widget\" data-widget_type=\"text-editor.default\">\n\t\t\t\t\t\t\t\t\t<p>Kvinnliga solgudomligheter \u00e4r vanligt f\u00f6rekommande i det cirkumpol\u00e4ra och nordeuropeiska omr\u00e5det. Den <a href=\"https:\/\/iwell-guard.com\/sv\/sami-noaidi-trumma\/\">samiska<\/a> Beaivi, den finsk-ugriska P\u00e4iv\u00e4t\u00e4r, den germanska S\u00f3l, den baltiska Saul\u0117 och den japanska Amaterasu utg\u00f6r en j\u00e4mf\u00f6rbar klass av solgudinnor.<\/p><p>Denna spridning \u00e4r vetenskapligt inte slumpm\u00e4ssig. Den \u00e5terspeglar en bred nordlig k\u00f6nstilldelning av himlakropparna, som i det globala j\u00e4mf\u00f6relseperspektivet bildar ett eget omr\u00e5de. Det religionshistoriska djupet i detta lager \u00e4r f\u00f6rem\u00e5l f\u00f6r p\u00e5g\u00e5ende forskning och b\u00f6r inte leda till f\u00f6rhastade universalistiska konstruktioner.<\/p><p>Inom den inuitiska traditionen st\u00e5r Malina i en komplement\u00e4r relation till Igaluk, p\u00e5 liknande s\u00e4tt som <a href=\"https:\/\/iwell-guard.com\/sv\/sedna-havets-harskarinna-inuiterna\/\">Sedna<\/a> till <a href=\"https:\/\/iwell-guard.com\/sv\/anguta-sednas-far-och-underjordens-vaktare\/\">Anguta<\/a>. Syskonparen bildar ett \u00e5terkommande religi\u00f6st m\u00f6nster och \u00e4r religionsfenomenologiskt ett eget strukturm\u00f6nster i den inuitiska <span class=\"iwg-fachbegriff\" data-tooltip=\"Den vetenskapliga l\u00e4ran om gud och om en religions tro.\" tabindex=\"0\">teologin<\/span>.<\/p>\t\t\t\t\t\t\t\t<\/div>\n\t\t\t\t<\/div>\n\t\t\t\t\t<\/div>\n\t\t\t\t<\/div>\n\t\t<div class=\"elementor-element elementor-element-iwgw-malinainui-s7 e-flex e-con-boxed e-con e-parent\" data-id=\"iwgw-malinainui-s7\" data-element_type=\"container\" data-e-type=\"container\">\n\t\t\t\t\t<div class=\"e-con-inner\">\n\t\t\t\t<div class=\"elementor-element elementor-element-iwgw-malinainui-s7h elementor-widget elementor-widget-heading\" data-id=\"iwgw-malinainui-s7h\" data-element_type=\"widget\" data-e-type=\"widget\" data-widget_type=\"heading.default\">\n\t\t\t\t\t<h2 class=\"elementor-heading-title elementor-size-default\">Mission och modern reception<\/h2>\t\t\t\t<\/div>\n\t\t<div class=\"elementor-element elementor-element-iwgw-malinainui-s7c e-con-full e-flex e-con e-child\" data-id=\"iwgw-malinainui-s7c\" data-element_type=\"container\" data-e-type=\"container\">\n\t\t\t\t<div class=\"elementor-element elementor-element-iwgw-malinainui-s7t elementor-widget elementor-widget-text-editor\" data-id=\"iwgw-malinainui-s7t\" data-element_type=\"widget\" data-e-type=\"widget\" data-widget_type=\"text-editor.default\">\n\t\t\t\t\t\t\t\t\t<p>Missionen angrep Malina mindre \u00e4n Sedna eller Tornarssuk, eftersom hennes funktion inte var direkt kopplad till <span class=\"iwg-fachbegriff\" data-tooltip=\"Religi\u00f6st system d\u00e4r specialister f\u00f6rmedlar kontakt med andev\u00e4rlden.\" tabindex=\"0\">shamanism<\/span> eller tabustrukturer. \u00c4nd\u00e5 uppfattades incest<span class=\"iwg-fachbegriff\" data-tooltip=\"En traderad ber\u00e4ttelse om gudar, ursprung och v\u00e4rldens ordning.\" tabindex=\"0\">myten<\/span> delvis som st\u00f6tande och h\u00f6lls tillbaka i den offentliga ber\u00e4ttelsen.<\/p><p>I den samtida inuitkulturen \u00e4r Malina n\u00e4rvarande som en symbolisk gestalt, ofta i en feministisk tolkning som exempel p\u00e5 kvinnligt sj\u00e4lvh\u00e4vdande mot sexualiserat v\u00e5ld. Denna moderna tolkning kan vetenskapligt inte bel\u00e4ggas historiskt, men \u00e4r kulturellt relevant och ett exempel p\u00e5 hur traditionella ber\u00e4ttelser aktiveras i aktuella diskurser.<\/p><p>I l\u00e4rob\u00f6cker och museer f\u00f6rmedlas Malina med f\u00f6rsiktighet. Gestaltens historiska djup erk\u00e4nns alltmer, utan att n\u00e5gon systematisk <span class=\"iwg-fachbegriff\" data-tooltip=\"Den vetenskapliga l\u00e4ran om Gud och en religions trosuppfattningar.\" tabindex=\"0\">teologi<\/span> rekonstrueras. Denna f\u00f6rsiktighet \u00e4r religionsdidaktiskt l\u00e4mplig, eftersom k\u00e4ll\u00e4get inte till\u00e5ter n\u00e5gon harmoniserande syntes.<\/p>\t\t\t\t\t\t\t\t<\/div>\n\t\t\t\t<\/div>\n\t\t\t\t\t<\/div>\n\t\t\t\t<\/div>\n\t\t<div class=\"elementor-element elementor-element-iwgw-malinainui-s8 e-flex e-con-boxed e-con e-parent\" data-id=\"iwgw-malinainui-s8\" data-element_type=\"container\" data-e-type=\"container\">\n\t\t\t\t\t<div class=\"e-con-inner\">\n\t\t\t\t<div class=\"elementor-element elementor-element-iwgw-malinainui-s8h elementor-widget elementor-widget-heading\" data-id=\"iwgw-malinainui-s8h\" data-element_type=\"widget\" data-e-type=\"widget\" data-widget_type=\"heading.default\">\n\t\t\t\t\t<h2 class=\"elementor-heading-title elementor-size-default\">Forskning och nul\u00e4ge<\/h2>\t\t\t\t<\/div>\n\t\t<div class=\"elementor-element elementor-element-iwgw-malinainui-s8c e-con-full e-flex e-con e-child\" data-id=\"iwgw-malinainui-s8c\" data-element_type=\"container\" data-e-type=\"container\">\n\t\t\t\t<div class=\"elementor-element elementor-element-iwgw-malinainui-s8t elementor-widget elementor-widget-text-editor\" data-id=\"iwgw-malinainui-s8t\" data-element_type=\"widget\" data-e-type=\"widget\" data-widget_type=\"text-editor.default\">\n\t\t\t\t\t\t\t\t\t<p>Forskningen om Malina \u00e4r sammanfl\u00e4tad med forskningen om Igaluk. Rasmussen, Boas, Birket-Smith och Merkur \u00e4r huvudk\u00e4llorna. Det finns ingen egen monografi om Malina, vilket i sig speglar forskningshistorien: den manliga sidan av <span class=\"iwg-fachbegriff\" data-tooltip=\"En \u00f6verl\u00e4mnad ber\u00e4ttelse om gudar, ursprung och v\u00e4rldens ordning.\" tabindex=\"0\">myten<\/span> har l\u00e4nge f\u00e5tt mer uppm\u00e4rksamhet \u00e4n den kvinnliga.<\/p><p>Aktuell forskning, i synnerhet hos Birgitte Sonne och Pamela Stern, lyfter fram Malinas egen religi\u00f6sa funktion tydligare och framst\u00e4ller henne inte enbart som broderns f\u00f6rf\u00f6ljda offer. Denna perspektivf\u00f6rskjutning \u00e4r vetenskapligt produktiv och motsvarar en bredare feministisk omformulering av ursprungsbefolkningars religionshistoria.<\/p><p>Inom framtida inuitisk religionsforskning vore en noggrannare genomg\u00e5ng av kvinnornas ritualer kring Malina \u00f6nskv\u00e4rd, i den m\u00e5n k\u00e4llorna till\u00e5ter det. En s\u00e5dan genomg\u00e5ng skulle v\u00e4sentligt komplettera helhetsbilden av det inuitiska panteonet och korrigera den ensidigt manligt pr\u00e4glade forskningsl\u00e4get.<\/p>\t\t\t\t\t\t\t\t<\/div>\n\t\t\t\t<\/div>\n\t\t\t\t\t<\/div>\n\t\t\t\t<\/div>\n\t\t<div class=\"elementor-element elementor-element-iwgw-malinainui-s9 e-flex e-con-boxed e-con e-parent\" data-id=\"iwgw-malinainui-s9\" data-element_type=\"container\" data-e-type=\"container\">\n\t\t\t\t\t<div class=\"e-con-inner\">\n\t\t\t\t<div class=\"elementor-element elementor-element-iwgw-malinainui-s9h elementor-widget elementor-widget-heading\" data-id=\"iwgw-malinainui-s9h\" data-element_type=\"widget\" data-e-type=\"widget\" data-widget_type=\"heading.default\">\n\t\t\t\t\t<h2 class=\"elementor-heading-title elementor-size-default\">Lexikonh\u00e4nvisningar<\/h2>\t\t\t\t<\/div>\n\t\t<div class=\"elementor-element elementor-element-iwgw-malinainui-s9c e-con-full e-flex e-con e-child\" data-id=\"iwgw-malinainui-s9c\" data-element_type=\"container\" data-e-type=\"container\">\n\t\t\t\t<div class=\"elementor-element elementor-element-iwgw-malinainui-s9t elementor-widget elementor-widget-text-editor\" data-id=\"iwgw-malinainui-s9t\" data-element_type=\"widget\" data-e-type=\"widget\" data-widget_type=\"text-editor.default\">\n\t\t\t\t\t\t\t\t\t<p>Malina f\u00f6rbinds med <a href=\"https:\/\/iwell-guard.com\/sv\/igaluk-mangud-inuit-tradition\/\">Igaluk<\/a>, <a href=\"https:\/\/iwell-guard.com\/sv\/sedna-havets-harskarinna-inuiterna\/\">Sedna<\/a>, <a href=\"https:\/\/iwell-guard.com\/sv\/sila-varldsandetag-vaderherre-inuiter\/\">Sila<\/a>, <a href=\"https:\/\/iwell-guard.com\/sv\/pinga-harskarinna-landdjur\/\">Pinga<\/a>, <a href=\"https:\/\/iwell-guard.com\/sv\/anguta-sednas-far-och-underjordens-vaktare\/\">Anguta<\/a>, <a href=\"https:\/\/iwell-guard.com\/sv\/nanook-isbjornsherre-inuit-tradition\/\">Nanook<\/a>, <a href=\"https:\/\/iwell-guard.com\/sv\/tornarssuk-stor-skyddsande-shamaner\/\">Tornarssuk<\/a>, <a href=\"https:\/\/iwell-guard.com\/sv\/tupilak-konstgjord-hamndeande-inuiter\/\">Tupilak<\/a> och <a href=\"https:\/\/iwell-guard.com\/sv\/qailertetang-vaderfoljeslagare-djurens-vaktare\/\">Qailertetang<\/a>. Kulturnavet <a href=\"https:\/\/iwell-guard.com\/sv\/inuit-arktis-sedna-tornit-skyddspraxis\/\">Inuit-tradition<\/a> ramar in sol<span class=\"iwg-fachbegriff\" data-tooltip=\"Den vetenskapliga l\u00e4ran om Gud och en religions trosuppfattningar.\" tabindex=\"0\">teologin<\/span>. Strukturellt liknande solgudinnor \u00e5terfinns i den <a href=\"https:\/\/iwell-guard.com\/sv\/sami-noaidi-trumma\/\">samiska<\/a> lemmaraden med <em>Beaivi<\/em>.<\/p>\t\t\t\t\t\t\t\t<\/div>\n\t\t\t\t<\/div>\n\t\t\t\t\t<\/div>\n\t\t\t\t<\/div>\n\t\t<div class=\"elementor-element elementor-element-cp2f9cc2de e-flex e-con-boxed e-con e-parent\" data-id=\"cp2f9cc2de\" data-element_type=\"container\" data-e-type=\"container\">\n\t\t\t\t\t<div class=\"e-con-inner\">\n\t\t\t\t<div class=\"elementor-element elementor-element-cp2aefe3ab elementor-widget elementor-widget-heading\" data-id=\"cp2aefe3ab\" data-element_type=\"widget\" data-e-type=\"widget\" data-widget_type=\"heading.default\">\n\t\t\t\t\t<h2 class=\"elementor-heading-title elementor-size-default\">F\u00f6rf\u00f6ljelseber\u00e4ttelsen om sol och m\u00e5ne<\/h2>\t\t\t\t<\/div>\n\t\t<div class=\"elementor-element elementor-element-cp24aa4a16 e-flex e-con-boxed e-con e-child\" data-id=\"cp24aa4a16\" data-element_type=\"container\" data-e-type=\"container\">\n\t\t\t\t\t<div class=\"e-con-inner\">\n\t\t\t\t<div class=\"elementor-element elementor-element-cp2de6ed82 elementor-widget elementor-widget-text-editor\" data-id=\"cp2de6ed82\" data-element_type=\"widget\" data-e-type=\"widget\" data-widget_type=\"text-editor.default\">\n\t\t\t\t\t\t\t\t\t<p>Den mest k\u00e4nda <span class=\"iwg-fachbegriff\" data-tooltip=\"Traderingen av kunskap och ber\u00e4ttelser genom generationer.\" tabindex=\"0\">\u00f6verlevnaden<\/span> kring Malina, den kvinnliga gestalt som i den engelskspr\u00e5kiga etnografin ofta kallas <em>Sun Sister<\/em>, \u00e4r ber\u00e4ttelsen om syskon som efter att ha brutit det sociala tabut blir sol och m\u00e5ne.<\/p><p>I de versioner som Knud Rasmussen nedtecknade under Femte Thule-expeditionen (1921 till 1924), till exempel i <em>Intellectual Culture of the Iglulik Eskimos<\/em>, ber\u00e4ttas hur en bror i m\u00f6rkret i ett samlingshus i hemlighet ans\u00e4tter sin syster.<\/p><p>Systern smetar sot p\u00e5 sina h\u00e4nder f\u00f6r att m\u00e4rka den ok\u00e4nde f\u00f6r\u00f6varen. N\u00e4r hon n\u00e4sta dag uppt\u00e4cker sotsp\u00e5ren i sin brors ansikte, griper hon en brinnande fackla och flyr.<\/p><p>Brodern f\u00f6rf\u00f6ljer henne, men hans fackla slocknar delvis och gl\u00f6der bara vidare. B\u00e5da stiger upp till himlen: systern blir till den starkt lysande solen, brodern till den svagare lysande m\u00e5nen, som sedan st\u00e4ndigt jagar henne utan att n\u00e5gonsin hinna upp henne.<\/p><p>Ber\u00e4ttelsen f\u00f6rklarar samtidigt flera f\u00f6reteelser: varf\u00f6r sol och m\u00e5ne f\u00f6ljer varandra p\u00e5 himlen, varf\u00f6r m\u00e5nen lyser svagare \u00e4n solen, och i vissa versioner varf\u00f6r m\u00e5nskivan har fl\u00e4ckar som tolkas som sotsp\u00e5r. Vetenskapligt b\u00f6r den l\u00e4sas som en etiologisk <span class=\"iwg-fachbegriff\" data-tooltip=\"En traderad ber\u00e4ttelse om gudar, ursprung och v\u00e4rldens ordning.\" tabindex=\"0\">myt<\/span> som samtidigt markerar det sv\u00e5raste sociala brottet, incest, som ursprunget till den kosmiska ordningen. Ber\u00e4ttelsens regionala spridning str\u00e4cker sig fr\u00e5n Gr\u00f6nland \u00f6ver den kanadensiska Arktis till Alaska, med betydande skillnader i namn och detaljer. Namnet Malina \u00e4r framf\u00f6r allt belagt i gr\u00f6nl\u00e4ndska traditioner, medan andra inuitgrupper kallar solsystern annorlunda eller inte ger henne n\u00e5got fast namn.\t\t\t\t\t\t\t\t<\/div>\n\t\t\t\t\t<\/div>\n\t\t\t\t<\/div>\n\t\t\t\t\t<\/div>\n\t\t\t\t<\/div>\n\t\t<div class=\"elementor-element elementor-element-cp2a334bb7 e-flex e-con-boxed e-con e-parent\" data-id=\"cp2a334bb7\" data-element_type=\"container\" data-e-type=\"container\">\n\t\t\t\t\t<div class=\"e-con-inner\">\n\t\t\t\t<div class=\"elementor-element elementor-element-cp26328bea elementor-widget elementor-widget-heading\" data-id=\"cp26328bea\" data-element_type=\"widget\" data-e-type=\"widget\" data-widget_type=\"heading.default\">\n\t\t\t\t\t<h2 class=\"elementor-heading-title elementor-size-default\">K\u00e4ll\u00e4ge och risken f\u00f6r generalisering<\/h2>\t\t\t\t<\/div>\n\t\t<div class=\"elementor-element elementor-element-cp2ded0565 e-flex e-con-boxed e-con e-child\" data-id=\"cp2ded0565\" data-element_type=\"container\" data-e-type=\"container\">\n\t\t\t\t\t<div class=\"e-con-inner\">\n\t\t\t\t<div class=\"elementor-element elementor-element-cp2d14b225 elementor-widget elementor-widget-text-editor\" data-id=\"cp2d14b225\" data-element_type=\"widget\" data-e-type=\"widget\" data-widget_type=\"text-editor.default\">\n\t\t\t\t\t\t\t\t\t<p>\u00d6verl\u00e4mnandet av ber\u00e4ttelser om Malina (<span class=\"iwg-fachbegriff\" data-tooltip=\"\u00d6verf\u00f6ringen av kunskap och ber\u00e4ttelser mellan generationer.\" tabindex=\"0\">\u00f6verl\u00e4mnandet<\/span>) \u00e4r k\u00e4llkritiskt problematiskt, och varje redog\u00f6relse m\u00e5ste redovisa denna begr\u00e4nsning. Det finns inga f\u00f6rkoloniala skriftliga k\u00e4llor; all kunskap h\u00e4rstammar fr\u00e5n uppteckningar som gjordes fr\u00e5n och med 1800-talet av mission\u00e4rer, valf\u00e5ngare, handelsm\u00e4n och etnografer.<\/p><p>Den viktigaste samlingen har vi Knud Rasmussen att tacka f\u00f6r. Som son till en delvis inuit\u00e4ttad familj talade han gr\u00f6nl\u00e4ndska och hade d\u00e4rigenom en mer direkt tillg\u00e5ng till ber\u00e4ttarna \u00e4n m\u00e5nga andra forskare.<\/p><p>Materialet \u00e4r dock fortfarande fragmentariskt. Inuiterna utg\u00f6r inte en enhetlig kultur utan en grupp av regionalt sj\u00e4lvst\u00e4ndiga samh\u00e4llen spridda \u00f6ver hela den cirkumpol\u00e4ra Arktis, med olika dialekter och traditioner.<\/p><p>Namnet Malina och den tillh\u00f6rande ber\u00e4ttelsen om solsystern \u00e4r inte lika v\u00e4l belagda \u00f6verallt. I V\u00e4stgr\u00f6nland \u00e4r formen b\u00e4ttre dokumenterad \u00e4n p\u00e5 andra h\u00e5ll, och det \u00e4r metodologiskt otill\u00e5tet att utifr\u00e5n en gr\u00f6nl\u00e4ndsk version dra slutsatsen att det finns en pan-inuitisk solgudom.<\/p><p>Dessutom l\u00f6sgjorde m\u00e5nga tidiga samlare ber\u00e4ttelserna fr\u00e5n det sammanhang i vilket de framf\u00f6rdes. Inuiternas ber\u00e4ttelser var bundna till \u00e5rstid, tillf\u00e4lle och ber\u00e4ttare; den skriftliga fixeringen gjorde dem till statiska texter. Vetenskapligt b\u00f6r Malina d\u00e4rf\u00f6r snarare f\u00f6rst\u00e5s som en regionalt bunden gestalt inom ett vitt spritt ber\u00e4ttelsemotiv \u00e4n som en klart definierad gudinna i den medelhavska panteonens mening. Forskningen, till exempel Daniel Merkur i <em>Becoming Half Hidden<\/em> (1985), har betonat att inuiternas <span class=\"iwg-fachbegriff\" data-tooltip=\"F\u00f6rest\u00e4llningen om v\u00e4rldens uppbyggnad och ordning inom en kultur.\" tabindex=\"0\">kosmologi<\/span> i mindre grad pr\u00e4glades av namngivna h\u00f6gre gudomar och i h\u00f6gre grad av v\u00e4sen som havskvinnan och av schamanska praktiker.\t\t\t\t\t\t\t\t<\/div>\n\t\t\t\t\t<\/div>\n\t\t\t\t<\/div>\n\t\t\t\t\t<\/div>\n\t\t\t\t<\/div>\n\t\t<div class=\"elementor-element elementor-element-iwgw-malinainui-lit e-flex e-con-boxed e-con e-parent\" data-id=\"iwgw-malinainui-lit\" data-element_type=\"container\" data-e-type=\"container\">\n\t\t\t\t\t<div class=\"e-con-inner\">\n\t\t\t\t<div class=\"elementor-element elementor-element-iwgw-malinainui-lith elementor-widget elementor-widget-heading\" data-id=\"iwgw-malinainui-lith\" data-element_type=\"widget\" data-e-type=\"widget\" data-widget_type=\"heading.default\">\n\t\t\t\t\t<h2 class=\"elementor-heading-title elementor-size-default\">Litteratur (urval)<\/h2>\t\t\t\t<\/div>\n\t\t<div class=\"elementor-element elementor-element-iwgw-malinainui-litc e-con-full e-flex e-con e-child\" data-id=\"iwgw-malinainui-litc\" data-element_type=\"container\" data-e-type=\"container\">\n\t\t\t\t<div class=\"elementor-element elementor-element-iwgw-malinainui-litt elementor-widget elementor-widget-text-editor\" data-id=\"iwgw-malinainui-litt\" data-element_type=\"widget\" data-e-type=\"widget\" data-widget_type=\"text-editor.default\">\n\t\t\t\t\t\t\t\t\t<ul><li>Knud Rasmussen: <em>Intellectual Culture of the Iglulik Eskimos<\/em> (Kopenhagen 1929)<\/li><li>Franz Boas: <em>The Central Eskimo<\/em> (Washington 1888)<\/li><li>Daniel Merkur: <em>Becoming Half Hidden<\/em> (Stockholm 1985)<\/li><li>Birgitte Sonne: <em>Heaven Negotiated. Hell Imagined<\/em> (Kopenhagen 2017)<\/li><li>Pamela Stern: <em>Historical Dictionary of the Inuit<\/em> (Lanham 2013)<\/li><li>Hinrich Rink: <em>Tales and Traditions of the Eskimo<\/em> (Edinburgh 1875)<\/li><\/ul>\t\t\t\t\t\t\t\t<\/div>\n\t\t\t\t<\/div>\n\t\t\t\t\t<\/div>\n\t\t\t\t<\/div>\n\t\t<div class=\"elementor-element elementor-element-iwgkw2-add-malinainuit e-flex e-con-boxed e-con e-parent\" data-id=\"iwgkw2-add-malinainuit\" data-element_type=\"container\" data-e-type=\"container\">\n\t\t\t\t\t<div class=\"e-con-inner\">\n\t\t\t\t<div class=\"elementor-element elementor-element-iwgkw2-add-malinainuit-t elementor-widget elementor-widget-text-editor\" data-id=\"iwgkw2-add-malinainuit-t\" data-element_type=\"widget\" data-e-type=\"widget\" data-widget_type=\"text-editor.default\">\n\t\t\t\t\t\t\t\t\t<p>I inuiternas ber\u00e4ttelser \u00e4r Malina syster till <strong>Igaluk<\/strong>, m\u00e5nen. Hon flyr undan hans efterh\u00e4ngsenhet upp till himlen och har sedan dess dragit sin bana som solen.<\/p>\t\t\t\t\t\t\t\t<\/div>\n\t\t\t\t\t<\/div>\n\t\t\t\t<\/div>\n\t\t<div class=\"elementor-element elementor-element-iwgw-malinainui-kwd e-flex e-con-boxed e-con e-parent\" data-id=\"iwgw-malinainui-kwd\" data-element_type=\"container\" data-e-type=\"container\">\n\t\t\t\t\t<div class=\"e-con-inner\">\n\t\t<div class=\"elementor-element elementor-element-iwgw-malinainui-kwdc e-con-full e-flex e-con e-child\" data-id=\"iwgw-malinainui-kwdc\" data-element_type=\"container\" data-e-type=\"container\">\n\t\t\t\t<div class=\"elementor-element elementor-element-iwgw-malinainui-kwdt elementor-widget elementor-widget-text-editor\" data-id=\"iwgw-malinainui-kwdt\" data-element_type=\"widget\" data-e-type=\"widget\" data-widget_type=\"text-editor.default\">\n\t\t\t\t\t\t\t\t\t<p><em>Relaterade nyckelbegrepp: Malina Inuit solgudinna Akycha Iglulik polarnatt m\u00e5ne-sol-<span class=\"iwg-fachbegriff\" data-tooltip=\"En traderad ber\u00e4ttelse om gudar, ursprung och v\u00e4rldens ordning.\" tabindex=\"0\">myt<\/span> incest-flykt.<\/em><\/p>\t\t\t\t\t\t\t\t<\/div>\n\t\t\t\t<\/div>\n\t\t\t\t\t<\/div>\n\t\t\t\t<\/div>\n\t\t<div class=\"elementor-element elementor-element-iwgw-malinainui-cc e-flex e-con-boxed e-con e-parent\" data-id=\"iwgw-malinainui-cc\" data-element_type=\"container\" data-e-type=\"container\" id=\"iwg-cc-malina-inuit\">\n\t\t\t\t\t<div class=\"e-con-inner\">\n\t\t<div class=\"elementor-element elementor-element-iwgw-malinainui-ccinner e-flex e-con-boxed e-con e-parent\" data-id=\"iwgw-malinainui-ccinner\" data-element_type=\"container\" data-e-type=\"container\" data-settings=\"{&quot;background_background&quot;:&quot;classic&quot;}\">\n\t\t\t\t\t<div class=\"e-con-inner\">\n\t\t\t\t<div class=\"elementor-element elementor-element-iwgw-malinainui-cch elementor-widget elementor-widget-heading\" data-id=\"iwgw-malinainui-cch\" data-element_type=\"widget\" data-e-type=\"widget\" data-widget_type=\"heading.default\">\n\t\t\t\t\t<h2 class=\"elementor-heading-title elementor-size-default\">iWell Guard och skyddstraditioner<\/h2>\t\t\t\t<\/div>\n\t\t\t\t<div class=\"elementor-element elementor-element-iwgw-malinainui-cct elementor-widget elementor-widget-text-editor\" data-id=\"iwgw-malinainui-cct\" data-element_type=\"widget\" data-e-type=\"widget\" data-widget_type=\"text-editor.default\">\n\t\t\t\t\t\t\t\t\t<div data-nosnippet=\"true\"><p>iWell Guard bygger p\u00e5 den kulturhistoriska traditionen av b\u00e4rbara skyddsobjekt, i traditionen fr\u00e5n <a href=\"https:\/\/iwell-guard.com\/sv\/inuit-arktis-sedna-tornit-skyddspraxis\/\">inuiter<\/a> och m\u00e5nga andra kulturer v\u00e4rlden \u00f6ver. 41 lager, \u00e4kta guld, platina, silver, tillverkad i Tyskland. 30 dagars \u00e5ngerr\u00e4tt.<\/p><\/div>\t\t\t\t\t\t\t\t<\/div>\n\t\t\t\t<div class=\"elementor-element elementor-element-iwgw-malinainui-ccb iwg-cc-button iwg-cc-cta-2026-05-13 elementor-widget elementor-widget-jet-button\" data-id=\"iwgw-malinainui-ccb\" data-element_type=\"widget\" data-e-type=\"widget\" data-widget_type=\"jet-button.default\">\n\t\t\t\t<div class=\"elementor-widget-container\">\n\t\t\t\t\t<div class=\"elementor-jet-button jet-elements\"><div class=\"jet-button__container\"><a class=\"jet-button__instance jet-button__instance--icon-left hover-effect-1\" href=\"\/ueber-iwell-guard\/?utm_source=iwell-guard.com&amp;utm_medium=info-box&amp;utm_campaign=wesen-tradition\"><div class=\"jet-button__plane jet-button__plane-normal\"><\/div><div class=\"jet-button__plane jet-button__plane-hover\"><\/div><div class=\"jet-button__state jet-button__state-normal\"><span class=\"jet-button__label\">Mer om iWell Guard<\/span><\/div><div class=\"jet-button__state jet-button__state-hover\"><span class=\"jet-button__label\">Mer om iWell Guard<\/span><\/div><\/a><\/div><\/div><style>.elementor-element.elementor-element-iwgw-malinainui-ccb .jet-button__instance{width:320px;height:56px;}.elementor-element.elementor-element-iwgw-malinainui-ccb .jet-button__state-normal .jet-button__label{text-align:center;margin:0px 0px 0px 0px;color:#1a1b20;font-family:Montserrat,sans-serif;font-size:13px;font-weight:400;letter-spacing:4px;line-height:1.714em;text-transform:uppercase;}.elementor-element.elementor-element-iwgw-malinainui-ccb .jet-button__state-hover .jet-button__label{text-align:center;margin:0px 0px 0px 0px;color:#FECC76;font-family:Montserrat,sans-serif;font-size:13px;font-weight:400;letter-spacing:4px;line-height:1.714em;text-transform:uppercase;}.elementor-element.elementor-element-iwgw-malinainui-ccb .jet-button__plane-normal{background-color:#FECC76;border-style:solid;border-color:#C99540;border-width:2px 2px 2px 2px;}.elementor-element.elementor-element-iwgw-malinainui-ccb .jet-button__plane-hover{background-color:rgba(0,0,0,0.55);border-style:solid;border-color:#FECC76;border-width:2px 2px 2px 2px;}<\/style>\t\t\t\t<\/div>\n\t\t\t\t<\/div>\n\t\t\t\t<div class=\"elementor-element elementor-element-iwgw-malinainui-ccd elementor-widget elementor-widget-text-editor\" data-id=\"iwgw-malinainui-ccd\" data-element_type=\"widget\" data-e-type=\"widget\" data-widget_type=\"text-editor.default\">\n\t\t\t\t\t\t\t\t\t<div data-nosnippet=\"true\"><p style=\"text-align:center;font-size:13px;opacity:0.7;margin-top:14px\" data-nosnippet=\"true\">Personliga erfarenheter kan variera. Ingen medicinteknisk produkt. Inget l\u00f6fte om l\u00e4kning.<\/p><\/div>\t\t\t\t\t\t\t\t<\/div>\n\t\t\t\t\t<\/div>\n\t\t\t\t<\/div>\n\t\t\t\t\t<\/div>\n\t\t\t\t<\/div>\n\t\t<div class=\"elementor-element elementor-element-iwgw-malinainui-disc e-flex e-con-boxed e-con e-parent\" data-id=\"iwgw-malinainui-disc\" data-element_type=\"container\" data-e-type=\"container\">\n\t\t\t\t\t<div class=\"e-con-inner\">\n\t\t\t\t<div class=\"elementor-element elementor-element-iwgw-malinainui-discw elementor-widget elementor-widget-html\" data-id=\"iwgw-malinainui-discw\" data-element_type=\"widget\" data-e-type=\"widget\" data-widget_type=\"html.default\">\n\t\t\t\t\t<footer data-nosnippet=\"true\" class=\"iwg-disclaimer-block\"><p data-nosnippet=\"true\">iWell Guard \u00e4r <strong>ingen medicinteknisk produkt<\/strong> och ers\u00e4tter inte l\u00e4karv\u00e5rd eller psykoterapeutisk behandling. De religionsvetenskapliga inneh\u00e5llen \u00e4r kulturhistorisk inordning, ingen andlig praxisrekommendation.<\/p><\/footer>\t\t\t\t<\/div>\n\t\t\t\t\t<\/div>\n\t\t\t\t<\/div>\n\t\t\t\t<\/div>\n\t\t","protected":false},"excerpt":{"rendered":"","protected":false},"author":3,"featured_media":2883,"parent":0,"menu_order":0,"comment_status":"closed","ping_status":"closed","template":"elementor_header_footer","meta":{"_yoast_wpseo_focuskw":"Malina inuitisk solgudinna","_yoast_wpseo_title":"Malina \u2013 inuitisk solgudinna och Igaluks syster","_yoast_wpseo_metadesc":"Malina \u00e4r inuiternas solgudinna, syster till och f\u00f6rf\u00f6ljd av m\u00e5nen Igaluk. Religionsvetenskaplig inordning med myt och k\u00e4llor.","_yoast_wpseo_meta-robots-noindex":"","_yoast_wpseo_canonical":"","_angie_page":false,"gefaehrdungsstufe":"1","wesen_kultur":"inuit","wesen_klasse":"goetter","footnotes":""},"categories":[],"class_list":["post-136910","page","type-page","status-publish","has-post-thumbnail","hentry"],"yoast_head":"<!-- This site is optimized with the Yoast SEO Premium plugin v27.7 (Yoast SEO v28.3) - https:\/\/yoast.com\/product\/yoast-seo-premium-wordpress\/ -->\n<title>Malina \u2013 inuitisk solgudinna och Igaluks syster<\/title>\n<meta name=\"description\" content=\"Malina \u00e4r inuiternas solgudinna, syster till och f\u00f6rf\u00f6ljd av m\u00e5nen Igaluk. Religionsvetenskaplig inordning med myt och k\u00e4llor.\" \/>\n<meta name=\"robots\" content=\"index, follow, max-snippet:-1, max-image-preview:large, max-video-preview:-1\" \/>\n<link rel=\"canonical\" href=\"https:\/\/iwell-guard.com\/sv\/malina-solgudinna-inuiterna\/\" \/>\n<meta property=\"og:locale\" content=\"sv_SE\" \/>\n<meta property=\"og:type\" content=\"article\" \/>\n<meta property=\"og:title\" content=\"Malina \u2013 solgudinnan hos inuiterna\" \/>\n<meta property=\"og:description\" content=\"Malina \u00e4r inuiternas solgudinna, syster till och f\u00f6rf\u00f6ljd av m\u00e5nen Igaluk. Religionsvetenskaplig inordning med myt och k\u00e4llor.\" \/>\n<meta property=\"og:url\" content=\"https:\/\/iwell-guard.com\/sv\/malina-solgudinna-inuiterna\/\" \/>\n<meta property=\"og:site_name\" content=\"iWell Guard\" \/>\n<meta property=\"article:modified_time\" content=\"2026-09-03T01:15:30+00:00\" \/>\n<meta property=\"og:image\" content=\"https:\/\/iwell-guard.com\/wp-content\/uploads\/2026\/05\/goetter_inuit_malina-inuit.webp\" \/>\n\t<meta property=\"og:image:width\" content=\"1024\" \/>\n\t<meta property=\"og:image:height\" content=\"1536\" \/>\n\t<meta property=\"og:image:type\" content=\"image\/webp\" \/>\n<meta name=\"twitter:card\" content=\"summary_large_image\" \/>\n<script type=\"application\/ld+json\" class=\"yoast-schema-graph\">{\"@context\":\"https:\\\/\\\/schema.org\",\"@graph\":[{\"@type\":\"WebPage\",\"@id\":\"https:\\\/\\\/iwell-guard.com\\\/sv\\\/malina-solgudinna-inuiterna\\\/\",\"url\":\"https:\\\/\\\/iwell-guard.com\\\/sv\\\/malina-solgudinna-inuiterna\\\/\",\"name\":\"Malina \u2013 inuitisk solgudinna och Igaluks syster\",\"isPartOf\":{\"@id\":\"https:\\\/\\\/iwell-guard.com\\\/sv\\\/#website\"},\"primaryImageOfPage\":{\"@id\":\"https:\\\/\\\/iwell-guard.com\\\/sv\\\/malina-solgudinna-inuiterna\\\/#primaryimage\"},\"image\":{\"@id\":\"https:\\\/\\\/iwell-guard.com\\\/sv\\\/malina-solgudinna-inuiterna\\\/#primaryimage\"},\"thumbnailUrl\":\"https:\\\/\\\/iwell-guard.com\\\/wp-content\\\/uploads\\\/2026\\\/05\\\/goetter_inuit_malina-inuit.webp\",\"datePublished\":\"2026-09-03T00:11:06+00:00\",\"dateModified\":\"2026-09-03T01:15:30+00:00\",\"description\":\"Malina \u00e4r inuiternas solgudinna, syster till och f\u00f6rf\u00f6ljd av m\u00e5nen Igaluk. Religionsvetenskaplig inordning med myt och k\u00e4llor.\",\"breadcrumb\":{\"@id\":\"https:\\\/\\\/iwell-guard.com\\\/sv\\\/malina-solgudinna-inuiterna\\\/#breadcrumb\"},\"inLanguage\":\"sv-SE\",\"potentialAction\":[{\"@type\":\"ReadAction\",\"target\":[\"https:\\\/\\\/iwell-guard.com\\\/sv\\\/malina-solgudinna-inuiterna\\\/\"]}]},{\"@type\":\"ImageObject\",\"inLanguage\":\"sv-SE\",\"@id\":\"https:\\\/\\\/iwell-guard.com\\\/sv\\\/malina-solgudinna-inuiterna\\\/#primaryimage\",\"url\":\"https:\\\/\\\/iwell-guard.com\\\/wp-content\\\/uploads\\\/2026\\\/05\\\/goetter_inuit_malina-inuit.webp\",\"contentUrl\":\"https:\\\/\\\/iwell-guard.com\\\/wp-content\\\/uploads\\\/2026\\\/05\\\/goetter_inuit_malina-inuit.webp\",\"width\":1024,\"height\":1536,\"caption\":\"Gudar fr\u00e5n den inuitiska traditionen.\"},{\"@type\":\"BreadcrumbList\",\"@id\":\"https:\\\/\\\/iwell-guard.com\\\/sv\\\/malina-solgudinna-inuiterna\\\/#breadcrumb\",\"itemListElement\":[{\"@type\":\"ListItem\",\"position\":1,\"name\":\"Start\",\"item\":\"https:\\\/\\\/iwell-guard.com\\\/sv\\\/?page_id=136483\"},{\"@type\":\"ListItem\",\"position\":2,\"name\":\"Malina \u2013 solgudinnan hos inuiterna\"}]},{\"@type\":\"WebSite\",\"@id\":\"https:\\\/\\\/iwell-guard.com\\\/sv\\\/#website\",\"url\":\"https:\\\/\\\/iwell-guard.com\\\/sv\\\/\",\"name\":\"iWell Guard\",\"description\":\"Schutz vor dunklen Einfl\u00fcssen\",\"publisher\":{\"@id\":\"https:\\\/\\\/iwell-guard.com\\\/sv\\\/#organization\"},\"potentialAction\":[{\"@type\":\"SearchAction\",\"target\":{\"@type\":\"EntryPoint\",\"urlTemplate\":\"https:\\\/\\\/iwell-guard.com\\\/sv\\\/?s={search_term_string}\"},\"query-input\":{\"@type\":\"PropertyValueSpecification\",\"valueRequired\":true,\"valueName\":\"search_term_string\"}}],\"inLanguage\":\"sv-SE\"},{\"@type\":\"Organization\",\"@id\":\"https:\\\/\\\/iwell-guard.com\\\/sv\\\/#organization\",\"name\":\"Ittermann electronic GmbH\",\"url\":\"https:\\\/\\\/iwell-guard.com\\\/sv\\\/\",\"logo\":{\"@type\":\"ImageObject\",\"inLanguage\":\"sv-SE\",\"@id\":\"https:\\\/\\\/iwell-guard.com\\\/sv\\\/#\\\/schema\\\/logo\\\/image\\\/\",\"url\":\"https:\\\/\\\/iwell-guard.com\\\/wp-content\\\/uploads\\\/2026\\\/05\\\/Ittermann-Logo-1182x237-1.png\",\"contentUrl\":\"https:\\\/\\\/iwell-guard.com\\\/wp-content\\\/uploads\\\/2026\\\/05\\\/Ittermann-Logo-1182x237-1.png\",\"width\":1182,\"height\":237,\"caption\":\"Ittermann electronic GmbH\"},\"image\":{\"@id\":\"https:\\\/\\\/iwell-guard.com\\\/sv\\\/#\\\/schema\\\/logo\\\/image\\\/\"},\"sameAs\":[\"https:\\\/\\\/pantip.com\\\/profile\\\/9367242\",\"https:\\\/\\\/micro.blog\\\/iwellguard\",\"https:\\\/\\\/www.diggerslist.com\\\/iwellguard\\\/about\",\"https:\\\/\\\/skitterphoto.com\\\/photographers\\\/2870314\\\/iwell-guard\",\"https:\\\/\\\/iwellguard.wordpress.com\\\/2026\\\/06\\\/06\\\/iwell-guard\\\/\",\"https:\\\/\\\/hub.docker.com\\\/u\\\/iwellguard\",\"https:\\\/\\\/www.pinterest.com\\\/iwellguard\\\/\",\"https:\\\/\\\/bit.ly\\\/m\\\/iwellguard\",\"https:\\\/\\\/entre-vos-mains.alsace.eu\\\/profiles\\\/iwellguard\\\/activity\",\"https:\\\/\\\/gravatar.com\\\/reallybeded8fd34\",\"https:\\\/\\\/naijamatta.com\\\/iwellguard\",\"https:\\\/\\\/www.goodreads.com\\\/iwellguard\",\"https:\\\/\\\/profile.hatena.ne.jp\\\/iwellguard\\\/\",\"https:\\\/\\\/experiment.com\\\/users\\\/iwellguard\",\"https:\\\/\\\/wakelet.com\\\/@iWellGuard82270\",\"https:\\\/\\\/www.chordie.com\\\/forum\\\/profile.php?id=2555664\",\"https:\\\/\\\/www.instapaper.com\\\/p\\\/17757966\",\"https:\\\/\\\/www.mapleprimes.com\\\/users\\\/iwellguard\",\"https:\\\/\\\/businesslistingplus.com\\\/profile\\\/iwell-guard\\\/\",\"https:\\\/\\\/telegra.ph\\\/iWell-Guard-06-06\",\"https:\\\/\\\/pbase.com\\\/iwellguard\\\/iwellguard\",\"https:\\\/\\\/b.hatena.ne.jp\\\/iwellguard\\\/20260607#bookmark-4788405196491818882\",\"https:\\\/\\\/fliphtml5.com\\\/home\\\/iwellguard\",\"https:\\\/\\\/anyflip.com\\\/homepage\\\/cmiwl#About\",\"https:\\\/\\\/transfur.com\\\/Users\\\/iwellguard\",\"http:\\\/\\\/delphi.larsbo.org\\\/user\\\/iwellguard\",\"https:\\\/\\\/jobs.lajobsportal.org\\\/profiles\\\/8380803-iwell-guard\",\"https:\\\/\\\/md.chaosdorf.de\\\/s\\\/jfbe5SBdJD\",\"https:\\\/\\\/www.lingvolive.com\\\/en-us\\\/profile\\\/9ecaeaca-ce11-4e51-9e71-01d55e2bff36\\\/translations\",\"https:\\\/\\\/www.fitday.com\\\/fitness\\\/forums\\\/members\\\/iwellguard.html\",\"https:\\\/\\\/www.mymeetbook.com\\\/iwellguard\",\"https:\\\/\\\/pxhere.com\\\/en\\\/photographer-me\\\/5040798\",\"https:\\\/\\\/disqus.com\\\/by\\\/iwellguard\\\/about\\\/\",\"https:\\\/\\\/pastelink.net\\\/hjwciqwq\",\"https:\\\/\\\/pubhtml5.com\\\/homepage\\\/scjhn\\\/\",\"https:\\\/\\\/www.bitchute.com\\\/channel\\\/2O2eOKzNqujT\",\"https:\\\/\\\/audiomack.com\\\/iwellguard\"]},{\"@type\":\"Article\",\"@id\":\"https:\\\/\\\/iwell-guard.com\\\/sv\\\/malina-solgudinna-inuiterna\\\/#article\",\"isPartOf\":{\"@id\":\"https:\\\/\\\/iwell-guard.com\\\/sv\\\/malina-solgudinna-inuiterna\\\/\"},\"author\":{\"name\":\"Ralf Ittermann\",\"@id\":\"https:\\\/\\\/iwell-guard.com\\\/sv\\\/#\\\/schema\\\/person\\\/ee2a27f1cac3406c7c6fb5820cb7349f\"},\"headline\":\"Malina \u2013 solgudinnan hos inuiterna\",\"datePublished\":\"2026-09-03T00:11:06+00:00\",\"dateModified\":\"2026-09-03T01:15:30+00:00\",\"mainEntityOfPage\":{\"@id\":\"https:\\\/\\\/iwell-guard.com\\\/sv\\\/malina-solgudinna-inuiterna\\\/\"},\"publisher\":{\"@id\":\"https:\\\/\\\/iwell-guard.com\\\/sv\\\/#organization\"},\"image\":{\"@id\":\"https:\\\/\\\/iwell-guard.com\\\/sv\\\/malina-solgudinna-inuiterna\\\/#primaryimage\"},\"thumbnailUrl\":\"https:\\\/\\\/iwell-guard.com\\\/wp-content\\\/uploads\\\/2026\\\/05\\\/goetter_inuit_malina-inuit.webp\",\"inLanguage\":\"sv-SE\",\"description\":\"Malina \u00e4r inuiternas solgudinna, syster till och f\u00f6rf\u00f6ljd av m\u00e5nen Igaluk. Religionsvetenskaplig inordning med myt och k\u00e4llor.\"}]}<\/script>\n<!-- \/ Yoast SEO Premium plugin. -->","yoast_head_json":{"title":"Malina \u2013 inuitisk solgudinna och Igaluks syster","description":"Malina \u00e4r inuiternas solgudinna, syster till och f\u00f6rf\u00f6ljd av m\u00e5nen Igaluk. Religionsvetenskaplig inordning med myt och k\u00e4llor.","robots":{"index":"index","follow":"follow","max-snippet":"max-snippet:-1","max-image-preview":"max-image-preview:large","max-video-preview":"max-video-preview:-1"},"canonical":"https:\/\/iwell-guard.com\/sv\/malina-solgudinna-inuiterna\/","og_locale":"sv_SE","og_type":"article","og_title":"Malina \u2013 solgudinnan hos inuiterna","og_description":"Malina \u00e4r inuiternas solgudinna, syster till och f\u00f6rf\u00f6ljd av m\u00e5nen Igaluk. Religionsvetenskaplig inordning med myt och k\u00e4llor.","og_url":"https:\/\/iwell-guard.com\/sv\/malina-solgudinna-inuiterna\/","og_site_name":"iWell Guard","article_modified_time":"2026-09-03T01:15:30+00:00","og_image":[{"width":1024,"height":1536,"url":"https:\/\/iwell-guard.com\/wp-content\/uploads\/2026\/05\/goetter_inuit_malina-inuit.webp","type":"image\/webp"}],"twitter_card":"summary_large_image","schema":{"@context":"https:\/\/schema.org","@graph":[{"@type":"Article","@id":"https:\/\/iwell-guard.com\/sv\/malina-solgudinna-inuiterna\/#article","isPartOf":{"@id":"https:\/\/iwell-guard.com\/sv\/malina-solgudinna-inuiterna\/"},"author":{"name":"Ralf Ittermann","@id":"https:\/\/iwell-guard.com\/sv\/#\/schema\/person\/ee2a27f1cac3406c7c6fb5820cb7349f"},"headline":"Malina \u2013 solgudinnan hos inuiterna","datePublished":"2026-09-03T00:11:06+00:00","dateModified":"2026-09-03T01:15:30+00:00","mainEntityOfPage":{"@id":"https:\/\/iwell-guard.com\/sv\/malina-solgudinna-inuiterna\/"},"publisher":{"@id":"https:\/\/iwell-guard.com\/sv\/#organization"},"image":{"@id":"https:\/\/iwell-guard.com\/sv\/malina-solgudinna-inuiterna\/#primaryimage"},"thumbnailUrl":"https:\/\/iwell-guard.com\/wp-content\/uploads\/2026\/05\/goetter_inuit_malina-inuit.webp","inLanguage":"sv-SE","description":"Malina \u00e4r inuiternas solgudinna, syster till och f\u00f6rf\u00f6ljd av m\u00e5nen Igaluk. Religionsvetenskaplig inordning med myt och k\u00e4llor."},{"@type":"WebPage","@id":"https:\/\/iwell-guard.com\/sv\/malina-solgudinna-inuiterna\/","url":"https:\/\/iwell-guard.com\/sv\/malina-solgudinna-inuiterna\/","name":"Malina \u2013 inuitisk solgudinna och Igaluks syster","isPartOf":{"@id":"https:\/\/iwell-guard.com\/sv\/#website"},"primaryImageOfPage":{"@id":"https:\/\/iwell-guard.com\/sv\/malina-solgudinna-inuiterna\/#primaryimage"},"image":{"@id":"https:\/\/iwell-guard.com\/sv\/malina-solgudinna-inuiterna\/#primaryimage"},"thumbnailUrl":"https:\/\/iwell-guard.com\/wp-content\/uploads\/2026\/05\/goetter_inuit_malina-inuit.webp","datePublished":"2026-09-03T00:11:06+00:00","dateModified":"2026-09-03T01:15:30+00:00","description":"Malina \u00e4r inuiternas solgudinna, syster till och f\u00f6rf\u00f6ljd av m\u00e5nen Igaluk. Religionsvetenskaplig inordning med myt och k\u00e4llor.","breadcrumb":{"@id":"https:\/\/iwell-guard.com\/sv\/malina-solgudinna-inuiterna\/#breadcrumb"},"inLanguage":"sv-SE","potentialAction":[{"@type":"ReadAction","target":["https:\/\/iwell-guard.com\/sv\/malina-solgudinna-inuiterna\/"]}]},{"@type":"ImageObject","inLanguage":"sv-SE","@id":"https:\/\/iwell-guard.com\/sv\/malina-solgudinna-inuiterna\/#primaryimage","url":"https:\/\/iwell-guard.com\/wp-content\/uploads\/2026\/05\/goetter_inuit_malina-inuit.webp","contentUrl":"https:\/\/iwell-guard.com\/wp-content\/uploads\/2026\/05\/goetter_inuit_malina-inuit.webp","width":1024,"height":1536,"caption":"Gudar fr\u00e5n den inuitiska traditionen."},{"@type":"BreadcrumbList","@id":"https:\/\/iwell-guard.com\/sv\/malina-solgudinna-inuiterna\/#breadcrumb","itemListElement":[{"@type":"ListItem","position":1,"name":"Start","item":"https:\/\/iwell-guard.com\/sv\/?page_id=136483"},{"@type":"ListItem","position":2,"name":"Malina \u2013 solgudinnan hos inuiterna"}]},{"@type":"WebSite","@id":"https:\/\/iwell-guard.com\/sv\/#website","url":"https:\/\/iwell-guard.com\/sv\/","name":"iWell Guard","description":"Schutz vor dunklen Einfl\u00fcssen","publisher":{"@id":"https:\/\/iwell-guard.com\/sv\/#organization"},"potentialAction":[{"@type":"SearchAction","target":{"@type":"EntryPoint","urlTemplate":"https:\/\/iwell-guard.com\/sv\/?s={search_term_string}"},"query-input":{"@type":"PropertyValueSpecification","valueRequired":true,"valueName":"search_term_string"}}],"inLanguage":"sv-SE"},{"@type":"Organization","@id":"https:\/\/iwell-guard.com\/sv\/#organization","name":"Ittermann electronic GmbH","url":"https:\/\/iwell-guard.com\/sv\/","logo":{"@type":"ImageObject","inLanguage":"sv-SE","@id":"https:\/\/iwell-guard.com\/sv\/#\/schema\/logo\/image\/","url":"https:\/\/iwell-guard.com\/wp-content\/uploads\/2026\/05\/Ittermann-Logo-1182x237-1.png","contentUrl":"https:\/\/iwell-guard.com\/wp-content\/uploads\/2026\/05\/Ittermann-Logo-1182x237-1.png","width":1182,"height":237,"caption":"Ittermann electronic GmbH"},"image":{"@id":"https:\/\/iwell-guard.com\/sv\/#\/schema\/logo\/image\/"},"sameAs":["https:\/\/pantip.com\/profile\/9367242","https:\/\/micro.blog\/iwellguard","https:\/\/www.diggerslist.com\/iwellguard\/about","https:\/\/skitterphoto.com\/photographers\/2870314\/iwell-guard","https:\/\/iwellguard.wordpress.com\/2026\/06\/06\/iwell-guard\/","https:\/\/hub.docker.com\/u\/iwellguard","https:\/\/www.pinterest.com\/iwellguard\/","https:\/\/bit.ly\/m\/iwellguard","https:\/\/entre-vos-mains.alsace.eu\/profiles\/iwellguard\/activity","https:\/\/gravatar.com\/reallybeded8fd34","https:\/\/naijamatta.com\/iwellguard","https:\/\/www.goodreads.com\/iwellguard","https:\/\/profile.hatena.ne.jp\/iwellguard\/","https:\/\/experiment.com\/users\/iwellguard","https:\/\/wakelet.com\/@iWellGuard82270","https:\/\/www.chordie.com\/forum\/profile.php?id=2555664","https:\/\/www.instapaper.com\/p\/17757966","https:\/\/www.mapleprimes.com\/users\/iwellguard","https:\/\/businesslistingplus.com\/profile\/iwell-guard\/","https:\/\/telegra.ph\/iWell-Guard-06-06","https:\/\/pbase.com\/iwellguard\/iwellguard","https:\/\/b.hatena.ne.jp\/iwellguard\/20260607#bookmark-4788405196491818882","https:\/\/fliphtml5.com\/home\/iwellguard","https:\/\/anyflip.com\/homepage\/cmiwl#About","https:\/\/transfur.com\/Users\/iwellguard","http:\/\/delphi.larsbo.org\/user\/iwellguard","https:\/\/jobs.lajobsportal.org\/profiles\/8380803-iwell-guard","https:\/\/md.chaosdorf.de\/s\/jfbe5SBdJD","https:\/\/www.lingvolive.com\/en-us\/profile\/9ecaeaca-ce11-4e51-9e71-01d55e2bff36\/translations","https:\/\/www.fitday.com\/fitness\/forums\/members\/iwellguard.html","https:\/\/www.mymeetbook.com\/iwellguard","https:\/\/pxhere.com\/en\/photographer-me\/5040798","https:\/\/disqus.com\/by\/iwellguard\/about\/","https:\/\/pastelink.net\/hjwciqwq","https:\/\/pubhtml5.com\/homepage\/scjhn\/","https:\/\/www.bitchute.com\/channel\/2O2eOKzNqujT","https:\/\/audiomack.com\/iwellguard"]},{"@type":"Person","@id":"https:\/\/iwell-guard.com\/sv\/#\/schema\/person\/ee2a27f1cac3406c7c6fb5820cb7349f","name":"Ralf Ittermann","image":{"@type":"ImageObject","inLanguage":"sv-SE","@id":"https:\/\/secure.gravatar.com\/avatar\/073c0153e350a5005b68eb752b445fea71f6b24a26da9449ad7e155e6b446c9d?s=96&d=mm&r=g","url":"https:\/\/secure.gravatar.com\/avatar\/073c0153e350a5005b68eb752b445fea71f6b24a26da9449ad7e155e6b446c9d?s=96&d=mm&r=g","contentUrl":"https:\/\/secure.gravatar.com\/avatar\/073c0153e350a5005b68eb752b445fea71f6b24a26da9449ad7e155e6b446c9d?s=96&d=mm&r=g","caption":"Ralf Ittermann"},"givenName":"Ralf","familyName":"Ittermann","jobTitle":"Gesch\u00e4ftsf\u00fchrer und redaktioneller Verantwortlicher","url":"https:\/\/iwell-guard.com\/sv\/author\/claude\/","description":"Ralf Ittermann ist Gesch\u00e4ftsf\u00fchrer der Ittermann electronic GmbH und redaktioneller Verantwortlicher des iWell-Guard-Lexikons. Er verbindet langj\u00e4hrige Erfahrung in der Pr\u00e4zisionsfertigung mit medialer Praxis und religionsgeschichtlicher Quellenarbeit.","worksFor":{"@type":"Organization","name":"Ittermann electronic GmbH","url":"https:\/\/ittermann.de\/","address":{"@type":"PostalAddress","streetAddress":"K\u00f6hlergasse 16-18","postalCode":"99842","addressLocality":"Ruhla","addressCountry":"DE"}},"knowsAbout":["Religionsgeschichte","Mythologie","Mediale Praxis","Energetische Diagnostik","Schutzpraxis","Volksglauben","Westliche Esoterik"]},{"@type":"Article","@id":"https:\/\/iwell-guard.com\/sv\/malina-solgudinna-inuiterna\/#article","isPartOf":{"@id":"https:\/\/iwell-guard.com\/sv\/malina-solgudinna-inuiterna\/"},"author":{"name":"Ralf Ittermann","@id":"https:\/\/iwell-guard.com\/sv\/#\/schema\/person\/ee2a27f1cac3406c7c6fb5820cb7349f"},"headline":"Malina \u2013 solgudinnan hos inuiterna","datePublished":"2026-09-03T00:11:06+00:00","dateModified":"2026-09-03T01:15:30+00:00","mainEntityOfPage":{"@id":"https:\/\/iwell-guard.com\/sv\/malina-solgudinna-inuiterna\/"},"publisher":{"@id":"https:\/\/iwell-guard.com\/sv\/#organization"},"image":{"@id":"https:\/\/iwell-guard.com\/sv\/malina-solgudinna-inuiterna\/#primaryimage"},"thumbnailUrl":"https:\/\/iwell-guard.com\/wp-content\/uploads\/2026\/05\/goetter_inuit_malina-inuit.webp","inLanguage":"sv-SE","description":"Malina \u00e4r inuiternas solgudinna, syster till och f\u00f6rf\u00f6ljd av m\u00e5nen Igaluk. Religionsvetenskaplig inordning med myt och k\u00e4llor."}]}},"_links":{"self":[{"href":"https:\/\/iwell-guard.com\/sv\/wp-json\/wp\/v2\/pages\/136910","targetHints":{"allow":["GET"]}}],"collection":[{"href":"https:\/\/iwell-guard.com\/sv\/wp-json\/wp\/v2\/pages"}],"about":[{"href":"https:\/\/iwell-guard.com\/sv\/wp-json\/wp\/v2\/types\/page"}],"author":[{"embeddable":true,"href":"https:\/\/iwell-guard.com\/sv\/wp-json\/wp\/v2\/users\/3"}],"replies":[{"embeddable":true,"href":"https:\/\/iwell-guard.com\/sv\/wp-json\/wp\/v2\/comments?post=136910"}],"version-history":[{"count":0,"href":"https:\/\/iwell-guard.com\/sv\/wp-json\/wp\/v2\/pages\/136910\/revisions"}],"wp:featuredmedia":[{"embeddable":true,"href":"https:\/\/iwell-guard.com\/sv\/wp-json\/wp\/v2\/media\/2883"}],"wp:attachment":[{"href":"https:\/\/iwell-guard.com\/sv\/wp-json\/wp\/v2\/media?parent=136910"}],"wp:term":[{"taxonomy":"category","embeddable":true,"href":"https:\/\/iwell-guard.com\/sv\/wp-json\/wp\/v2\/categories?post=136910"}],"curies":[{"name":"wp","href":"https:\/\/api.w.org\/{rel}","templated":true}]}}