{"id":136909,"date":"2026-09-03T00:11:06","date_gmt":"2026-09-03T00:11:06","guid":{"rendered":"https:\/\/iwell-guard.com\/?page_id=136909"},"modified":"2026-09-03T01:15:27","modified_gmt":"2026-09-03T01:15:27","slug":"igaluk-mangud-inuit-tradition","status":"publish","type":"page","link":"https:\/\/iwell-guard.com\/sv\/igaluk-mangud-inuit-tradition\/","title":{"rendered":"Igaluk &#8211; m\u00e5ngud i den inuitiska traditionen"},"content":{"rendered":"\t\t<div data-elementor-type=\"wp-page\" data-elementor-id=\"136909\" class=\"elementor elementor-136909 elementor-2661 elementor-bc-flex-widget\" data-elementor-post-type=\"page\">\n\t\t\t\t<div class=\"elementor-element elementor-element-iwgw-igaluk-hero e-flex e-con-boxed e-con e-parent\" data-id=\"iwgw-igaluk-hero\" data-element_type=\"container\" data-e-type=\"container\" data-settings=\"{&quot;background_background&quot;:&quot;classic&quot;}\">\n\t\t\t\t\t<div class=\"e-con-inner\">\n\t\t<div class=\"elementor-element elementor-element-iwgw-igaluk-hl e-flex e-con-boxed e-con e-child\" data-id=\"iwgw-igaluk-hl\" data-element_type=\"container\" data-e-type=\"container\">\n\t\t\t\t\t<div class=\"e-con-inner\">\n\t\t<div class=\"elementor-element elementor-element-iwgw-igaluk-htxt e-con-full e-flex e-con e-child\" data-id=\"iwgw-igaluk-htxt\" data-element_type=\"container\" data-e-type=\"container\">\n\t\t\t\t<div class=\"elementor-element elementor-element-iwgw-igaluk-h1 elementor-widget elementor-widget-heading\" data-id=\"iwgw-igaluk-h1\" data-element_type=\"widget\" data-e-type=\"widget\" data-widget_type=\"heading.default\">\n\t\t\t\t\t<h1 class=\"elementor-heading-title elementor-size-default\">Igaluk - m\u00e5ngud, bror till solen och jaktens v\u00e4ktare<\/h1>\t\t\t\t<\/div>\n\t\t\t\t<div class=\"elementor-element elementor-element-iwgw-igaluk-lead elementor-widget elementor-widget-text-editor\" data-id=\"iwgw-igaluk-lead\" data-element_type=\"widget\" data-e-type=\"widget\" data-widget_type=\"text-editor.default\">\n\t\t\t\t\t\t\t\t\t<p>Igaluk \u00e4r i den centralarktiska <a href=\"https:\/\/iwell-guard.com\/sv\/inuit-arktis-sedna-tornit-skyddspraxis\/\">inuit<\/a>traditionen m\u00e5ngud, som \u00e4r n\u00e4ra f\u00f6rbunden med sin syster, solen <a href=\"https:\/\/iwell-guard.com\/sv\/malina-solgudinna-inuiterna\/\">Malina<\/a>, i en ambivalent <span class=\"iwg-fachbegriff\" data-tooltip=\"En traderad ber\u00e4ttelse om gudar, ursprung och v\u00e4rldens ordning.\" tabindex=\"0\">myt<\/span>. Han betraktas samtidigt som jaktens v\u00e4ktare och som en moraliskt problematisk gestalt med en incestu\u00f6s f\u00f6rhistoria. Religionsvetenskapligt \u00e4r han en paradigmatiskt ambivalent figur.<\/p>\t\t\t\t\t\t\t\t<\/div>\n\t\t\t\t<\/div>\n\t\t<div class=\"elementor-element elementor-element-iwgw-igaluk-pillc e-con-full e-flex e-con e-child\" data-id=\"iwgw-igaluk-pillc\" data-element_type=\"container\" data-e-type=\"container\">\n\t\t\t\t<div class=\"elementor-element elementor-element-iwgw-igaluk-pills elementor-widget elementor-widget-html\" data-id=\"iwgw-igaluk-pills\" data-element_type=\"widget\" data-e-type=\"widget\" data-widget_type=\"html.default\">\n\t\t\t\t\t<div class=\"iwg-pill-row\"><span class=\"iwg-klasse-badge\" tabindex=\"0\" data-tooltip=\"M\u00e5ngud i den inuitiska traditionen.\">M\u00e5ngud<\/span><a href=\"https:\/\/iwell-guard.com\/sv\/inuit-arktis-sedna-tornit-skyddspraxis\/\" class=\"iwg-kultur-badge\" tabindex=\"0\" data-tooltip=\"Mytologi i den inuitiska traditionen.\">Inuit<\/a><span class=\"iwg-tradition-badge\" tabindex=\"0\" data-tooltip=\"M\u00e5ne- och jaktv\u00e4ktare.\">M\u00e5ne- och jaktv\u00e4ktare<\/span><\/div>\t\t\t\t<\/div>\n\t\t\t\t<\/div>\n\t\t<div class=\"elementor-element elementor-element-iwgw-igaluk-tocc e-con-full e-flex e-con e-child\" data-id=\"iwgw-igaluk-tocc\" data-element_type=\"container\" data-e-type=\"container\">\n\t\t\t\t<div class=\"elementor-element elementor-element-iwgw-igaluk-toc elementor-toc--minimized-on-tablet elementor-widget elementor-widget-table-of-contents\" data-id=\"iwgw-igaluk-toc\" data-element_type=\"widget\" data-e-type=\"widget\" data-settings=\"{&quot;headings_by_tags&quot;:[&quot;h2&quot;,&quot;h3&quot;],&quot;minimize_box&quot;:&quot;yes&quot;,&quot;marker_view&quot;:&quot;bullets&quot;,&quot;no_headings_message&quot;:&quot;Inga rubriker hittades p\\u00e5 den h\\u00e4r sidan.&quot;,&quot;exclude_headings_by_selector&quot;:[],&quot;icon&quot;:{&quot;value&quot;:&quot;fas fa-circle&quot;,&quot;library&quot;:&quot;fa-solid&quot;,&quot;rendered_tag&quot;:&quot;&lt;svg class=\\&quot;e-font-icon-svg e-fas-circle\\&quot; viewBox=\\&quot;0 0 512 512\\&quot; xmlns=\\&quot;http:\\\/\\\/www.w3.org\\\/2000\\\/svg\\&quot;&gt;&lt;path d=\\&quot;M256 8C119 8 8 119 8 256s111 248 248 248 248-111 248-248S393 8 256 8z\\&quot;&gt;&lt;\\\/path&gt;&lt;\\\/svg&gt;&quot;},&quot;minimized_on&quot;:&quot;tablet&quot;,&quot;hierarchical_view&quot;:&quot;yes&quot;,&quot;min_height&quot;:{&quot;unit&quot;:&quot;px&quot;,&quot;size&quot;:&quot;&quot;,&quot;sizes&quot;:[]},&quot;min_height_tablet&quot;:{&quot;unit&quot;:&quot;px&quot;,&quot;size&quot;:&quot;&quot;,&quot;sizes&quot;:[]},&quot;min_height_mobile&quot;:{&quot;unit&quot;:&quot;px&quot;,&quot;size&quot;:&quot;&quot;,&quot;sizes&quot;:[]}}\" data-widget_type=\"table-of-contents.default\">\n\t\t\t\t\t\t\t\t\t<div class=\"elementor-toc__header\">\n\t\t\t\t\t\t<h2 class=\"elementor-toc__header-title\">\n\t\t\t\tInneh\u00e5llsf\u00f6rteckning\t\t\t<\/h2>\n\t\t\t\t\t\t\t\t\t\t<div class=\"elementor-toc__toggle-button elementor-toc__toggle-button--expand\" role=\"button\" tabindex=\"0\" aria-controls=\"elementor-toc__iwgw-igaluk-toc\" aria-expanded=\"true\" aria-label=\"\u00d6ppna inneh\u00e5llsf\u00f6rteckning\"><svg aria-hidden=\"true\" class=\"e-font-icon-svg e-fas-chevron-down\" viewBox=\"0 0 448 512\" xmlns=\"http:\/\/www.w3.org\/2000\/svg\"><path d=\"M207.029 381.476L12.686 187.132c-9.373-9.373-9.373-24.569 0-33.941l22.667-22.667c9.357-9.357 24.522-9.375 33.901-.04L224 284.505l154.745-154.021c9.379-9.335 24.544-9.317 33.901.04l22.667 22.667c9.373 9.373 9.373 24.569 0 33.941L240.971 381.476c-9.373 9.372-24.569 9.372-33.942 0z\"><\/path><\/svg><\/div>\n\t\t\t\t<div class=\"elementor-toc__toggle-button elementor-toc__toggle-button--collapse\" role=\"button\" tabindex=\"0\" aria-controls=\"elementor-toc__iwgw-igaluk-toc\" aria-expanded=\"true\" aria-label=\"St\u00e4ng inneh\u00e5llsf\u00f6rteckning\"><svg aria-hidden=\"true\" class=\"e-font-icon-svg e-fas-chevron-up\" viewBox=\"0 0 448 512\" xmlns=\"http:\/\/www.w3.org\/2000\/svg\"><path d=\"M240.971 130.524l194.343 194.343c9.373 9.373 9.373 24.569 0 33.941l-22.667 22.667c-9.357 9.357-24.522 9.375-33.901.04L224 227.495 69.255 381.516c-9.379 9.335-24.544 9.317-33.901-.04l-22.667-22.667c-9.373-9.373-9.373-24.569 0-33.941L207.03 130.525c9.372-9.373 24.568-9.373 33.941-.001z\"><\/path><\/svg><\/div>\n\t\t\t\t\t<\/div>\n\t\t\t\t<div id=\"elementor-toc__iwgw-igaluk-toc\" class=\"elementor-toc__body\">\n\t\t\t<div class=\"elementor-toc__spinner-container\">\n\t\t\t\t<svg class=\"elementor-toc__spinner eicon-animation-spin e-font-icon-svg e-eicon-loading\" aria-hidden=\"true\" viewBox=\"0 0 1000 1000\" xmlns=\"http:\/\/www.w3.org\/2000\/svg\"><path d=\"M500 975V858C696 858 858 696 858 500S696 142 500 142 142 304 142 500H25C25 237 238 25 500 25S975 237 975 500 763 975 500 975Z\"><\/path><\/svg>\t\t\t<\/div>\n\t\t<\/div>\n\t\t\t\t\t\t<\/div>\n\t\t\t\t<\/div>\n\t\t\t\t\t<\/div>\n\t\t\t\t<\/div>\n\t\t<div class=\"elementor-element elementor-element-iwgw-igaluk-hr e-con-full e-flex e-con e-child\" data-id=\"iwgw-igaluk-hr\" data-element_type=\"container\" data-e-type=\"container\">\n\t\t\t\t<div class=\"elementor-element elementor-element-iwgw-igaluk-heroimg iwg-hero-image elementor-widget elementor-widget-image\" data-id=\"iwgw-igaluk-heroimg\" data-element_type=\"widget\" data-e-type=\"widget\" data-widget_type=\"image.default\">\n\t\t\t\t\t\t\t\t\t\t\t\t\t\t\t<img fetchpriority=\"high\" decoding=\"async\" width=\"683\" height=\"1024\" src=\"https:\/\/iwell-guard.com\/wp-content\/uploads\/2026\/05\/goetter_inuit_igaluk-683x1024.webp\" class=\"attachment-large size-large wp-image-136061\" alt=\"Igaluk \u2013 gudar fr\u00e5n inuitisk tradition, historiskt-illustrativt\" srcset=\"https:\/\/iwell-guard.com\/wp-content\/uploads\/2026\/05\/goetter_inuit_igaluk-683x1024.webp 683w, https:\/\/iwell-guard.com\/wp-content\/uploads\/2026\/05\/goetter_inuit_igaluk-200x300.webp 200w, https:\/\/iwell-guard.com\/wp-content\/uploads\/2026\/05\/goetter_inuit_igaluk-768x1152.webp 768w, https:\/\/iwell-guard.com\/wp-content\/uploads\/2026\/05\/goetter_inuit_igaluk.webp 1024w\" sizes=\"(max-width: 683px) 100vw, 683px\" \/>\t\t\t\t\t\t\t\t\t\t\t\t\t\t\t<\/div>\n\t\t\t\t<\/div>\n\t\t\t\t\t<\/div>\n\t\t\t\t<\/div>\n\t\t<div class=\"elementor-element elementor-element-iwgw-igaluk-s0 e-flex e-con-boxed e-con e-parent\" data-id=\"iwgw-igaluk-s0\" data-element_type=\"container\" data-e-type=\"container\">\n\t\t\t\t\t<div class=\"e-con-inner\">\n\t\t\t\t<div class=\"elementor-element elementor-element-iwgw-igaluk-s0h elementor-widget elementor-widget-heading\" data-id=\"iwgw-igaluk-s0h\" data-element_type=\"widget\" data-e-type=\"widget\" data-widget_type=\"heading.default\">\n\t\t\t\t\t<h2 class=\"elementor-heading-title elementor-size-default\">Kontextualisering och kortprofil<\/h2>\t\t\t\t<\/div>\n\t\t<div class=\"elementor-element elementor-element-iwgw-igaluk-s0c e-con-full e-flex e-con e-child\" data-id=\"iwgw-igaluk-s0c\" data-element_type=\"container\" data-e-type=\"container\">\n\t\t\t\t<div class=\"elementor-element elementor-element-iwgw-igaluk-s0t elementor-widget elementor-widget-text-editor\" data-id=\"iwgw-igaluk-s0t\" data-element_type=\"widget\" data-e-type=\"widget\" data-widget_type=\"text-editor.default\">\n\t\t\t\t\t\t\t\t\t<p>M\u00e5nen \u00e4r i den inuitiska traditionen inte en neutral astronomisk storhet, utan en personifierad gestalt med egen biografi och etisk laddning. Igaluk, i vissa regioner \u00e4ven kallad Aningat eller Tatqiq, h\u00f6r till de mest v\u00e4ldokumenterade manliga gudomarna i den centrala Arktis och \u00e4r religionsvetenskapligt en central figur.<\/p><p>Vetenskapligt \u00e4r Igaluk s\u00e4rskild genom att han \u00e4r laddad med b\u00e5de positiva och negativa betydelser. Positivt som jaktens v\u00e4ktare, som schamaner kan bes\u00f6ka och som p\u00e5verkar v\u00e4der och djurbest\u00e5nd. Negativt som huvudperson i en incestu\u00f6s <span class=\"iwg-fachbegriff\" data-tooltip=\"En traderad ber\u00e4ttelse om gudar, ursprung och v\u00e4rldens ordning.\" tabindex=\"0\">myt<\/span>, d\u00e4r han omedvetet skaffar barn med sin syster och d\u00e4rigenom driver henne till solens position. Denna ambivalenta dubbelbest\u00e4mning \u00e4r religionsfenomenologiskt typisk.<\/p><p>Denna ambivalens g\u00f6r Igaluk till en paradigmatisk gestalt f\u00f6r inuiternas icke-moralistiska <span class=\"iwg-fachbegriff\" data-tooltip=\"Den vetenskapliga l\u00e4ran om Gud och om en religions tro.\" tabindex=\"0\">teologi<\/span>. Gudar \u00e4r varken enbart goda eller enbart onda, utan b\u00e4rare av komplexa narrativa identiteter. Denna komplexitet mots\u00e4tter sig monistiska teologier och \u00e4r religionsfenomenologiskt ett eget fenomen som pr\u00e4glar den inuitiska traditionen.<\/p><p>M\u00e5nguden Igaluk, som h\u00f6r till de v\u00e4ldokumenterade manliga gudomarna i den centrala Arktis, har inom nyare forskning behandlats med utvidgade metodiska angreppss\u00e4tt som f\u00f6renar etnografisk noggrannhet, spr\u00e5klig k\u00e4llkritik och komparativt perspektiv. Inuiternas kunskapsgemenskap medverkar idag sj\u00e4lv i denna forskning och korrigerar \u00e4ldre v\u00e4sterl\u00e4ndska tolkningar, som delvis pr\u00e4glades av kolonialt t\u00e4nkande.<\/p><p>En kompletterande infallsvinkel \u00f6ppnas av den religionssociologiska fr\u00e5gan om Igaluks funktion i den traditionella inuitiska gemenskapens sociala ordning.<\/p><p>Som b\u00e5de hj\u00e4lpsam jaktv\u00e4ktare och huvudperson i en moraliskt k\u00e4nslig <span class=\"iwg-fachbegriff\" data-tooltip=\"En traderad ber\u00e4ttelse om gudar, ursprung och v\u00e4rldens ordning.\" tabindex=\"0\">myt<\/span> visar han att den religi\u00f6sa strukturen inte var skild fr\u00e5n den samh\u00e4lleliga praktiken utan t\u00e4tt sammanfl\u00e4tad med den. Denna sammanfl\u00e4tning \u00e4r ett eget religionsantropologiskt forskningsf\u00e4lt och har s\u00e4rskilt unders\u00f6kts systematiskt av Fr\u00e9d\u00e9ric Laugrand och Jarich Oosten.<\/p>\t\t\t\t\t\t\t\t<\/div>\n\t\t\t\t<\/div>\n\t\t\t\t\t<\/div>\n\t\t\t\t<\/div>\n\t\t<div class=\"elementor-element elementor-element-iwgw-igaluk-s1 e-flex e-con-boxed e-con e-parent\" data-id=\"iwgw-igaluk-s1\" data-element_type=\"container\" data-e-type=\"container\">\n\t\t\t\t\t<div class=\"e-con-inner\">\n\t\t\t\t<div class=\"elementor-element elementor-element-iwgw-igaluk-s1h elementor-widget elementor-widget-heading\" data-id=\"iwgw-igaluk-s1h\" data-element_type=\"widget\" data-e-type=\"widget\" data-widget_type=\"heading.default\">\n\t\t\t\t\t<h2 class=\"elementor-heading-title elementor-size-default\">Namn, etymologi och varianter<\/h2>\t\t\t\t<\/div>\n\t\t<div class=\"elementor-element elementor-element-iwgw-igaluk-s1c e-con-full e-flex e-con e-child\" data-id=\"iwgw-igaluk-s1c\" data-element_type=\"container\" data-e-type=\"container\">\n\t\t\t\t<div class=\"elementor-element elementor-element-iwgw-igaluk-s1t elementor-widget elementor-widget-text-editor\" data-id=\"iwgw-igaluk-s1t\" data-element_type=\"widget\" data-e-type=\"widget\" data-widget_type=\"text-editor.default\">\n\t\t\t\t\t\t\t\t\t<p>Namnet Igaluk h\u00e4rleds troligen fr\u00e5n stammen <em>igalu-<\/em>, som \u00e4r besl\u00e4ktad med ordet f\u00f6r f\u00f6nster eller ljus\u00f6ppning. Detta st\u00e4mmer med f\u00f6rest\u00e4llningen om m\u00e5nen som en nattlig ljusk\u00e4lla, genom vilken dagsriket blickar in i nattriket. Detta ordval \u00e4r religionsfenomenologiskt belysande.<\/p><p>Alternativa namn \u00e4r Aningat eller Anningan i Iglulik och Aningaup. Begreppet <em>tatqiq<\/em> betecknar b\u00e5de m\u00e5nen som himlakropp och m\u00e5naden som tidsenhet. Denna semantiska dubbeltydighet \u00e4r vetenskapligt intressant, eftersom den i ett ord f\u00f6renar himlakropp, tidsrytm och <span class=\"iwg-fachbegriff\" data-tooltip=\"Ett v\u00e4sen som dyrkas som gudomligt inom en religion.\" tabindex=\"0\">gudom<\/span>, och markerar m\u00e5nens kalendariska funktion som en religi\u00f6st laddad storhet.<\/p><p>I V\u00e4stgr\u00f6nland f\u00f6rekommer formen Aningaaq, i \u00d6stgr\u00f6nland Aning&#8217;iaq, i Alaska Aliq. De regionala varianterna avspeglar spr\u00e5kliga skillnader utan att f\u00f6r\u00e4ndra den religi\u00f6sa substansen. Denna stabilitet i den religi\u00f6sa funktionen trots spr\u00e5klig m\u00e5ngfald \u00e4r religionsfenomenologiskt typisk f\u00f6r paninuitiska begrepp.<\/p>\t\t\t\t\t\t\t\t<\/div>\n\t\t\t\t<\/div>\n\t\t\t\t\t<\/div>\n\t\t\t\t<\/div>\n\t\t<div class=\"elementor-element elementor-element-iwgw-igaluk-s2 e-flex e-con-boxed e-con e-parent\" data-id=\"iwgw-igaluk-s2\" data-element_type=\"container\" data-e-type=\"container\">\n\t\t\t\t\t<div class=\"e-con-inner\">\n\t\t\t\t<div class=\"elementor-element elementor-element-iwgw-igaluk-s2h elementor-widget elementor-widget-heading\" data-id=\"iwgw-igaluk-s2h\" data-element_type=\"widget\" data-e-type=\"widget\" data-widget_type=\"heading.default\">\n\t\t\t\t\t<h2 class=\"elementor-heading-title elementor-size-default\">Beskrivning och symbolik<\/h2>\t\t\t\t<\/div>\n\t\t<div class=\"elementor-element elementor-element-iwgw-igaluk-s2c e-con-full e-flex e-con e-child\" data-id=\"iwgw-igaluk-s2c\" data-element_type=\"container\" data-e-type=\"container\">\n\t\t\t\t<div class=\"elementor-element elementor-element-iwgw-igaluk-s2t elementor-widget elementor-widget-text-editor\" data-id=\"iwgw-igaluk-s2t\" data-element_type=\"widget\" data-e-type=\"widget\" data-widget_type=\"text-editor.default\">\n\t\t\t\t\t\t\t\t\t<p>Igaluk beskrivs i de etnografiska k\u00e4llorna som en ung, kraftfull man med ett ljust, ofta fl\u00e4ckigt ansikte. Fl\u00e4ckarna i m\u00e5nansiktet \u00e4r enligt inuitisk f\u00f6rest\u00e4llning sp\u00e5r av den handling som spelar en central roll i hans <span class=\"iwg-fachbegriff\" data-tooltip=\"En traderad ber\u00e4ttelse om gudar, ursprung och v\u00e4rldens ordning.\" tabindex=\"0\">myt<\/span>. I n\u00e5gra versioner \u00e4r det sotfl\u00e4ckar, i andra s\u00e5r eller t\u00e5rar.<\/p><p>Symboliskt \u00e4r Igaluk f\u00f6rbunden med sl\u00e4de och hundspann. Enligt ber\u00e4ttelserna f\u00e4rdas han med sin sl\u00e4de \u00f6ver himlen, varvid m\u00e5nens omloppsbana skildrar hans nattliga resa.<\/p><p>Ibland tolkas \u00e4ven skuggan i hans spann som hans hund. Denna sl\u00e4de-symbolik \u00e4r specifikt arktisk och skiljer Igaluk fr\u00e5n medelhavsomr\u00e5dets m\u00e5ngudomar, som oftast \u00e4r f\u00f6rbundna med en vagn eller ett skepp.<\/p><p>Visuella framst\u00e4llningar \u00e4r s\u00e4llsynta i den traditionella kulturen men vanliga i den samtida inuitiska konsten. Stensnitt visar Igaluk som en ung schaman eller som en man med en m\u00e5nskiva i bakgrunden. Vetenskapligt \u00e4r denna moderna visualisering ett \u00e5tertagande, inte en kontinuitet av traditionella bildv\u00e4rldar. Skillnaden m\u00e5ste reflekteras metodiskt.<\/p><p>I den vidare diskursen inom den j\u00e4mf\u00f6rande <span class=\"iwg-fachbegriff\" data-tooltip=\"Vetenskapen som utforskar religioner j\u00e4mf\u00f6rande och utan trosbundenhet.\" tabindex=\"0\">religionsvetenskapen<\/span> placerar sig Igaluk i m\u00f6nstret av den cirkumpolara religi\u00f6sa topografin. Dess strukturella stabilitet \u00f6ver tusentals kilometer betraktas religionsfenomenologiskt som ett av \u00e4mnets mest anm\u00e4rkningsv\u00e4rda fynd och \u00e4r fortsatt f\u00f6rem\u00e5l f\u00f6r p\u00e5g\u00e5ende forskningsdiskussion.<\/p>\t\t\t\t\t\t\t\t<\/div>\n\t\t\t\t<\/div>\n\t\t\t\t\t<\/div>\n\t\t\t\t<\/div>\n\t\t<div class=\"elementor-element elementor-element-iwgw-igaluk-s3 e-flex e-con-boxed e-con e-parent\" data-id=\"iwgw-igaluk-s3\" data-element_type=\"container\" data-e-type=\"container\">\n\t\t\t\t\t<div class=\"e-con-inner\">\n\t\t\t\t<div class=\"elementor-element elementor-element-iwgw-igaluk-s3h elementor-widget elementor-widget-heading\" data-id=\"iwgw-igaluk-s3h\" data-element_type=\"widget\" data-e-type=\"widget\" data-widget_type=\"heading.default\">\n\t\t\t\t\t<h2 class=\"elementor-heading-title elementor-size-default\">Incestmyten och dess betydelse<\/h2>\t\t\t\t<\/div>\n\t\t<div class=\"elementor-element elementor-element-iwgw-igaluk-s3c e-con-full e-flex e-con e-child\" data-id=\"iwgw-igaluk-s3c\" data-element_type=\"container\" data-e-type=\"container\">\n\t\t\t\t<div class=\"elementor-element elementor-element-iwgw-igaluk-s3t elementor-widget elementor-widget-text-editor\" data-id=\"iwgw-igaluk-s3t\" data-element_type=\"widget\" data-e-type=\"widget\" data-widget_type=\"text-editor.default\">\n\t\t\t\t\t\t\t\t\t<p>K\u00e4rnmyten om Igaluk och hans syster Malina \u00e4r en av de mest k\u00e4nda ber\u00e4ttelserna inom inuitisk religion. I den iglulikiska varianten, som Rasmussen nedtecknade, levde bror och syster i en iglugemenskap.<\/p><p>En m\u00f6rk natt lade sig en ok\u00e4nd man hos Malina, utan att hon kunde k\u00e4nna igen honom. Hon smetade in sina h\u00e4nder med sot och str\u00f6k det \u00f6ver den fr\u00e4mmandes ansikte f\u00f6r att kunna identifiera honom n\u00e4sta dag.<\/p><p>P\u00e5 morgonen s\u00e5g hon att det hade varit hennes bror Igaluk. I skam och vrede skar hon av sina br\u00f6st, kastade dem mot honom och flydde med en fackla i handen upp mot himlen.<\/p><p>Igaluk f\u00f6ljde efter henne med en mindre ljusstark fackla. B\u00e5da blir till sol och m\u00e5ne. Fl\u00e4ckarna i hans ansikte \u00e4r sotsp\u00e5ren. Denna drastiska narrativa struktur \u00e4r vetenskapligt belysande.<\/p><p>Vetenskapligt sett \u00e4r denna <span class=\"iwg-fachbegriff\" data-tooltip=\"En traderad ber\u00e4ttelse om gudar, ursprung och v\u00e4rldens ordning.\" tabindex=\"0\">myt<\/span> inte i f\u00f6rsta hand en moralisk l\u00e4rosats, utan en \u00e4tiologisk ber\u00e4ttelse om himlakropparnas uppkomst och deras asymmetriska ljusstyrka. Incestmotivet \u00e4r en del av den \u00e4tiologiska strukturen, inte prim\u00e4rt en sedel\u00e4rande varning. Denna \u00e4tiologiska l\u00e4sning skiljer sig fr\u00e5n senare moraliserande tolkningar.<\/p>\t\t\t\t\t\t\t\t<\/div>\n\t\t\t\t<\/div>\n\t\t\t\t\t<\/div>\n\t\t\t\t<\/div>\n\t\t<div class=\"elementor-element elementor-element-iwgw-igaluk-s4 e-flex e-con-boxed e-con e-parent\" data-id=\"iwgw-igaluk-s4\" data-element_type=\"container\" data-e-type=\"container\">\n\t\t\t\t\t<div class=\"e-con-inner\">\n\t\t\t\t<div class=\"elementor-element elementor-element-iwgw-igaluk-s4h elementor-widget elementor-widget-heading\" data-id=\"iwgw-igaluk-s4h\" data-element_type=\"widget\" data-e-type=\"widget\" data-widget_type=\"heading.default\">\n\t\t\t\t\t<h2 class=\"elementor-heading-title elementor-size-default\">Igaluk som jaktens v\u00e4ktare och shamanens partner<\/h2>\t\t\t\t<\/div>\n\t\t<div class=\"elementor-element elementor-element-iwgw-igaluk-s4c e-con-full e-flex e-con e-child\" data-id=\"iwgw-igaluk-s4c\" data-element_type=\"container\" data-e-type=\"container\">\n\t\t\t\t<div class=\"elementor-element elementor-element-iwgw-igaluk-s4t elementor-widget elementor-widget-text-editor\" data-id=\"iwgw-igaluk-s4t\" data-element_type=\"widget\" data-e-type=\"widget\" data-widget_type=\"text-editor.default\">\n\t\t\t\t\t\t\t\t\t<p>Trots eller just p\u00e5 grund av sin ambivalenta f\u00f6rhistoria \u00e4r Igaluk en viktig religi\u00f6s referensfigur. Han betraktas som jaktens v\u00e4ktare, till vilken shamaner kan framf\u00f6ra sina b\u00f6ner. I trans bes\u00f6kte shamaner Igaluk p\u00e5 m\u00e5nen och \u00e5terv\u00e4nde med kunskap eller med djur. Denna resa till m\u00e5nen \u00e4r ett eget topos i den inuitiska shamanismlitteraturen.<\/p><p>Daniel Merkur dokumenterar flera skildringar av s\u00e5dana m\u00e5nresor fr\u00e5n Iglulik. <span class=\"iwg-fachbegriff\" data-tooltip=\"Religi\u00f6s specialist som anses f\u00f6rmedla mellan m\u00e4nniskor och andev\u00e4rlden.\" tabindex=\"0\">Shamanen<\/span> f\u00e4rdas med sina hj\u00e4lpandars kraft upp till himlen, korsar den kalla atmosf\u00e4ren och tr\u00e4der fram inf\u00f6r Igaluk. D\u00e4r kan han f\u00e5 svar, l\u00e5ta karibubest\u00e5nden regleras eller m\u00f6ta avlidna som vistas p\u00e5 m\u00e5nen. Denna funktion \u00e4r religionsfenomenologiskt egenartad.<\/p><p>Denna funktion hos Igaluk kompletterar andra stora gudomars roller. <a href=\"https:\/\/iwell-guard.com\/sv\/sedna-havets-harskarinna-inuiterna\/\">Sedna<\/a> kontrollerar havsdjuren, <a href=\"https:\/\/iwell-guard.com\/sv\/pinga-harskarinna-landdjur\/\">Pinga<\/a> landdjuren, <a href=\"https:\/\/iwell-guard.com\/sv\/sila-varldsandetag-vaderherre-inuiter\/\">Sila<\/a> v\u00e4dret, och Igaluk de kompletterande aspekterna av jakt och tid. Denna f\u00f6rdelning av religi\u00f6sa funktioner utg\u00f6r religionsfenomenologiskt ett eget strukturm\u00f6nster i den inuitiska <span class=\"iwg-fachbegriff\" data-tooltip=\"Den vetenskapliga l\u00e4ran om Gud och om en religions tro.\" tabindex=\"0\">teologin<\/span>.<\/p>\t\t\t\t\t\t\t\t<\/div>\n\t\t\t\t<\/div>\n\t\t\t\t\t<\/div>\n\t\t\t\t<\/div>\n\t\t<div class=\"elementor-element elementor-element-iwgw-igaluk-s5 e-flex e-con-boxed e-con e-parent\" data-id=\"iwgw-igaluk-s5\" data-element_type=\"container\" data-e-type=\"container\">\n\t\t\t\t\t<div class=\"e-con-inner\">\n\t\t\t\t<div class=\"elementor-element elementor-element-iwgw-igaluk-s5h elementor-widget elementor-widget-heading\" data-id=\"iwgw-igaluk-s5h\" data-element_type=\"widget\" data-e-type=\"widget\" data-widget_type=\"heading.default\">\n\t\t\t\t\t<h2 class=\"elementor-heading-title elementor-size-default\">Igaluk, fruktbarhet och tid<\/h2>\t\t\t\t<\/div>\n\t\t<div class=\"elementor-element elementor-element-iwgw-igaluk-s5c e-con-full e-flex e-con e-child\" data-id=\"iwgw-igaluk-s5c\" data-element_type=\"container\" data-e-type=\"container\">\n\t\t\t\t<div class=\"elementor-element elementor-element-iwgw-igaluk-s5t elementor-widget elementor-widget-text-editor\" data-id=\"iwgw-igaluk-s5t\" data-element_type=\"widget\" data-e-type=\"widget\" data-widget_type=\"text-editor.default\">\n\t\t\t\t\t\t\t\t\t<p>I vissa iglulikiska traditioner \u00e4r Igaluk ocks\u00e5 en fruktbarhetsrelaterad gestalt. Unga kvinnor borde inte se f\u00f6r l\u00e4nge p\u00e5 m\u00e5nen, eftersom de annars kunde bli havande genom Igaluk. Denna f\u00f6rest\u00e4llning ska vetenskapligt inte l\u00e4sas som en verklig praxisanvisning, utan som en rituell h\u00e4nvisning till Igaluks makt i \u00f6verg\u00e5ngs\u00f6gonblicket.<\/p><p>Tidsm\u00e4ssigt \u00e4r Igaluk f\u00f6rbunden med m\u00e5nfaserna, som strukturerade den traditionella kalendern. M\u00e5naderna hade namn som \u00e5terspeglade jaktpraktiker eller klimatiska f\u00f6rh\u00e5llanden, och Igaluk utgjorde ramen f\u00f6r denna tidsstruktur. I den traditionella livsv\u00e4rlden var m\u00e5ncykeln religi\u00f6st laddad och inte bara en naturiakttagelse. Denna sammanfl\u00e4tning av tid och religion \u00e4r religionsfenomenologiskt ett eget fenomen.<\/p><p>Sammanfl\u00e4tningen av fruktbarhet, jakt och tid i en och samma gestalt \u00e4r religionsfenomenologiskt typisk f\u00f6r arktiska m\u00e5ngudar och finner paralleller hos den <a href=\"https:\/\/iwell-guard.com\/sv\/sami-noaidi-trumma\/\">samiska<\/a> <em>M\u00e1nnu<\/em> och de nenetsiska m\u00e5ngudomarna. Denna strukturella \u00f6verensst\u00e4mmelse antyder ett gammalt cirkumpol\u00e4rt lager av religi\u00f6s begreppsbildning.<\/p>\t\t\t\t\t\t\t\t<\/div>\n\t\t\t\t<\/div>\n\t\t\t\t\t<\/div>\n\t\t\t\t<\/div>\n\t\t<div class=\"elementor-element elementor-element-iwgw-igaluk-s6 e-flex e-con-boxed e-con e-parent\" data-id=\"iwgw-igaluk-s6\" data-element_type=\"container\" data-e-type=\"container\">\n\t\t\t\t\t<div class=\"e-con-inner\">\n\t\t\t\t<div class=\"elementor-element elementor-element-iwgw-igaluk-s6h elementor-widget elementor-widget-heading\" data-id=\"iwgw-igaluk-s6h\" data-element_type=\"widget\" data-e-type=\"widget\" data-widget_type=\"heading.default\">\n\t\t\t\t\t<h2 class=\"elementor-heading-title elementor-size-default\">J\u00e4mf\u00f6relse med andra m\u00e5ngudomar<\/h2>\t\t\t\t<\/div>\n\t\t<div class=\"elementor-element elementor-element-iwgw-igaluk-s6c e-con-full e-flex e-con e-child\" data-id=\"iwgw-igaluk-s6c\" data-element_type=\"container\" data-e-type=\"container\">\n\t\t\t\t<div class=\"elementor-element elementor-element-iwgw-igaluk-s6t elementor-widget elementor-widget-text-editor\" data-id=\"iwgw-igaluk-s6t\" data-element_type=\"widget\" data-e-type=\"widget\" data-widget_type=\"text-editor.default\">\n\t\t\t\t\t\t\t\t\t<p>M\u00e5ngudomar f\u00f6rekommer globalt, men deras k\u00f6nstillskrivning varierar. Medan solen inom det indoeuropeiska spr\u00e5komr\u00e5det oftast \u00e4r manlig och m\u00e5nen kvinnlig (Sol\/Luna, Helios\/Selene), v\u00e4nder inuittraditionen p\u00e5 denna f\u00f6rdelning. Solen \u00e4r kvinnlig (Malina), m\u00e5nen \u00e4r manlig (Igaluk).<\/p><p>Denna omkastning \u00e4r vetenskapligt belysande. Den \u00e5terfinns i delar av den germanska traditionen (S\u00f3l kvinnlig, M\u00e1ni manlig), i delar av f\u00f6rest\u00e4llningarna hos <a href=\"https:\/\/iwell-guard.com\/sv\/sami-noaidi-trumma\/\">samerna<\/a> (Beaivi kvinnlig, M\u00e1nnu manlig), i den baltiska traditionen och i m\u00e5nga finsk-ugriska religioner. Inuittraditionen \u00e4r allts\u00e5 en del av en bredare nordlig k\u00f6nstillskrivning, som utg\u00f6r ett eget forskningsf\u00e4lt inom den komparativa religionshistorien.<\/p><p>Incest<span class=\"iwg-fachbegriff\" data-tooltip=\"En traderad ber\u00e4ttelse om gudar, ursprung och v\u00e4rldens ordning.\" tabindex=\"0\">myten<\/span> mellan sol och m\u00e5ne har paralleller i talrika mytologier, till exempel hos de sydamerikanska tucanofolken eller hos de oceaniska maorierna. Den vetenskapliga diskussionen om en universell incestgenealogi f\u00f6r himlakroppar \u00e4r gammal och kontroversiell, utan att slutgiltigt ha l\u00f6sts. Denna strukturella \u00f6verensst\u00e4mmelse utan historisk f\u00f6rbindelse \u00e4r religionsfenomenologiskt ett eget fynd.<\/p>\t\t\t\t\t\t\t\t<\/div>\n\t\t\t\t<\/div>\n\t\t\t\t\t<\/div>\n\t\t\t\t<\/div>\n\t\t<div class=\"elementor-element elementor-element-iwgw-igaluk-s7 e-flex e-con-boxed e-con e-parent\" data-id=\"iwgw-igaluk-s7\" data-element_type=\"container\" data-e-type=\"container\">\n\t\t\t\t\t<div class=\"e-con-inner\">\n\t\t\t\t<div class=\"elementor-element elementor-element-iwgw-igaluk-s7h elementor-widget elementor-widget-heading\" data-id=\"iwgw-igaluk-s7h\" data-element_type=\"widget\" data-e-type=\"widget\" data-widget_type=\"heading.default\">\n\t\t\t\t\t<h2 class=\"elementor-heading-title elementor-size-default\">Kristen omtolkning och modern reception<\/h2>\t\t\t\t<\/div>\n\t\t<div class=\"elementor-element elementor-element-iwgw-igaluk-s7c e-con-full e-flex e-con e-child\" data-id=\"iwgw-igaluk-s7c\" data-element_type=\"container\" data-e-type=\"container\">\n\t\t\t\t<div class=\"elementor-element elementor-element-iwgw-igaluk-s7t elementor-widget elementor-widget-text-editor\" data-id=\"iwgw-igaluk-s7t\" data-element_type=\"widget\" data-e-type=\"widget\" data-widget_type=\"text-editor.default\">\n\t\t\t\t\t\t\t\t\t<p>Missionen har delvis uppfattat incest<span class=\"iwg-fachbegriff\" data-tooltip=\"En traderad ber\u00e4ttelse om gudar, ursprung och v\u00e4rldens ordning.\" tabindex=\"0\">myten<\/span> som st\u00f6tande och anv\u00e4nt den i predikningar som exempel p\u00e5 hednisk osedlighet. Denna omtolkning ledde till att ber\u00e4ttelsen under andra h\u00e4lften av 1900-talet inte l\u00e4ngre ber\u00e4ttades \u00f6ppet i m\u00e5nga inuitsamh\u00e4llen.<\/p><p>Den vetenskapliga forskningen har dock dokumenterat ber\u00e4ttelsen och under 1990-talet ocks\u00e5 f\u00f6rt den tillbaka in i Nunavuts skoldiskurs och kulturella diskurs. Idag behandlas den med didaktisk distans, som ett religionshistoriskt dokument, inte som en sedel\u00e4rande f\u00f6rebild. Denna pedagogiska \u00e5terer\u00f6vring utg\u00f6r religionsdidaktiskt ett eget forskningsf\u00e4lt.<\/p><p>I den samtida inuitkonsten \u00e4r Igaluk n\u00e4rvarande, ofta i diptyk tillsammans med Malina. Asymmetrin mellan de tv\u00e5 syskonen, deras skiljande och deras st\u00e4ndiga f\u00f6rf\u00f6ljelse p\u00e5 himlen, g\u00f6rs konstn\u00e4rligt produktiv. Religionsfenomenologiskt f\u00f6rblir <span class=\"iwg-fachbegriff\" data-tooltip=\"En traderad ber\u00e4ttelse om gudar, ursprung och v\u00e4rldens ordning.\" tabindex=\"0\">myten<\/span> levande, \u00e4ven om dess rituella betydelse i stort sett har g\u00e5tt f\u00f6rlorad och den i f\u00f6rsta hand lever vidare i den ber\u00e4ttande och konstn\u00e4rliga traditionen.<\/p>\t\t\t\t\t\t\t\t<\/div>\n\t\t\t\t<\/div>\n\t\t\t\t\t<\/div>\n\t\t\t\t<\/div>\n\t\t<div class=\"elementor-element elementor-element-iwgw-igaluk-s8 e-flex e-con-boxed e-con e-parent\" data-id=\"iwgw-igaluk-s8\" data-element_type=\"container\" data-e-type=\"container\">\n\t\t\t\t\t<div class=\"e-con-inner\">\n\t\t\t\t<div class=\"elementor-element elementor-element-iwgw-igaluk-s8h elementor-widget elementor-widget-heading\" data-id=\"iwgw-igaluk-s8h\" data-element_type=\"widget\" data-e-type=\"widget\" data-widget_type=\"heading.default\">\n\t\t\t\t\t<h2 class=\"elementor-heading-title elementor-size-default\">Forskning och nul\u00e4ge<\/h2>\t\t\t\t<\/div>\n\t\t<div class=\"elementor-element elementor-element-iwgw-igaluk-s8c e-con-full e-flex e-con e-child\" data-id=\"iwgw-igaluk-s8c\" data-element_type=\"container\" data-e-type=\"container\">\n\t\t\t\t<div class=\"elementor-element elementor-element-iwgw-igaluk-s8t elementor-widget elementor-widget-text-editor\" data-id=\"iwgw-igaluk-s8t\" data-element_type=\"widget\" data-e-type=\"widget\" data-widget_type=\"text-editor.default\">\n\t\t\t\t\t\t\t\t\t<p>Forskningen om Igaluk \u00e4r omfattande. Rasmussens uppteckningar \u00e4r huvudk\u00e4llan, kompletterad av Boas, Birket-Smith, Merkur och Laugrand. Ber\u00e4ttelsen om m\u00e5nen och solen \u00e4r dokumenterad i m\u00e5nga varianter, vilket m\u00f6jligg\u00f6r en j\u00e4mf\u00f6rande analys och underl\u00e4ttar den vetenskapliga forskningen.<\/p><p>David Brumley har kartlagt de astronomiska aspekterna f\u00f6r inuitisk kalenderforskning genom att koppla samman den religi\u00f6sa m\u00e5ngestalten med den praktiska tider\u00e4kningen. Detta tv\u00e4rvetenskapliga perspektiv ger en mer exakt bild av inuiternas religi\u00f6st-tidsbundna livsv\u00e4rld och integrerar astronomins historia i <span class=\"iwg-fachbegriff\" data-tooltip=\"Vetenskapen som j\u00e4mf\u00f6rande och utan trosbundenhet studerar religioner.\" tabindex=\"0\">religionsvetenskapen<\/span>.<\/p><p>I dagens ursprungsbefolkningars religiositet \u00e4r Igaluk mer n\u00e4rvarande \u00e4n vissa andra gestalter, eftersom hans m\u00e5nform f\u00f6rblir synlig p\u00e5 himlen och ber\u00e4ttelsen f\u00f6rankras genom den dagliga betraktelsen. Detta \u00e4r religionsfenomenologiskt en egen punkt: myter som \u00e4r f\u00f6rbundna med synliga naturfenomen h\u00e5ller sig b\u00e4ttre \u00e4n andra och \u00e4r ett eget \u00e4mne inom den religionspsykologiska forskningen.<\/p>\t\t\t\t\t\t\t\t<\/div>\n\t\t\t\t<\/div>\n\t\t\t\t\t<\/div>\n\t\t\t\t<\/div>\n\t\t<div class=\"elementor-element elementor-element-iwgw-igaluk-s9 e-flex e-con-boxed e-con e-parent\" data-id=\"iwgw-igaluk-s9\" data-element_type=\"container\" data-e-type=\"container\">\n\t\t\t\t\t<div class=\"e-con-inner\">\n\t\t\t\t<div class=\"elementor-element elementor-element-iwgw-igaluk-s9h elementor-widget elementor-widget-heading\" data-id=\"iwgw-igaluk-s9h\" data-element_type=\"widget\" data-e-type=\"widget\" data-widget_type=\"heading.default\">\n\t\t\t\t\t<h2 class=\"elementor-heading-title elementor-size-default\">Lexikonh\u00e4nvisningar<\/h2>\t\t\t\t<\/div>\n\t\t<div class=\"elementor-element elementor-element-iwgw-igaluk-s9c e-con-full e-flex e-con e-child\" data-id=\"iwgw-igaluk-s9c\" data-element_type=\"container\" data-e-type=\"container\">\n\t\t\t\t<div class=\"elementor-element elementor-element-iwgw-igaluk-s9t elementor-widget elementor-widget-text-editor\" data-id=\"iwgw-igaluk-s9t\" data-element_type=\"widget\" data-e-type=\"widget\" data-widget_type=\"text-editor.default\">\n\t\t\t\t\t\t\t\t\t<p>Igaluk \u00e4r f\u00f6rbunden med <a href=\"https:\/\/iwell-guard.com\/sv\/malina-solgudinna-inuiterna\/\">Malina<\/a>, <a href=\"https:\/\/iwell-guard.com\/sv\/sedna-havets-harskarinna-inuiterna\/\">Sedna<\/a>, <a href=\"https:\/\/iwell-guard.com\/sv\/sila-varldsandetag-vaderherre-inuiter\/\">Sila<\/a>, <a href=\"https:\/\/iwell-guard.com\/sv\/pinga-harskarinna-landdjur\/\">Pinga<\/a>, <a href=\"https:\/\/iwell-guard.com\/sv\/anguta-sednas-far-och-underjordens-vaktare\/\">Anguta<\/a>, <a href=\"https:\/\/iwell-guard.com\/sv\/nanook-isbjornsherre-inuit-tradition\/\">Nanook<\/a>, <a href=\"https:\/\/iwell-guard.com\/sv\/tornarssuk-stor-skyddsande-shamaner\/\">Tornarssuk<\/a>, <a href=\"https:\/\/iwell-guard.com\/sv\/tupilak-konstgjord-hamndeande-inuiter\/\">Tupilak<\/a> och <a href=\"https:\/\/iwell-guard.com\/sv\/qailertetang-vaderfoljeslagare-djurens-vaktare\/\">Qailertetang<\/a>. Kulturhubben <a href=\"https:\/\/iwell-guard.com\/sv\/inuit-arktis-sedna-tornit-skyddspraxis\/\">Inuit-traditionen<\/a> ramar in m\u00e5n<span class=\"iwg-fachbegriff\" data-tooltip=\"Den vetenskapliga l\u00e4ran om Gud och om en religions tro.\" tabindex=\"0\">teologin<\/span>. J\u00e4mf\u00f6rbara m\u00e5ngudomar \u00e5terfinns i den <a href=\"https:\/\/iwell-guard.com\/sv\/sami-noaidi-trumma\/\">samiska<\/a> lemmaraden, framf\u00f6r allt hos <em>M\u00e1nnu<\/em>.<\/p>\t\t\t\t\t\t\t\t<\/div>\n\t\t\t\t<\/div>\n\t\t\t\t\t<\/div>\n\t\t\t\t<\/div>\n\t\t<div class=\"elementor-element elementor-element-cp2b182d64 e-flex e-con-boxed e-con e-parent\" data-id=\"cp2b182d64\" data-element_type=\"container\" data-e-type=\"container\">\n\t\t\t\t\t<div class=\"e-con-inner\">\n\t\t\t\t<div class=\"elementor-element elementor-element-cp2529ede5 elementor-widget elementor-widget-heading\" data-id=\"cp2529ede5\" data-element_type=\"widget\" data-e-type=\"widget\" data-widget_type=\"heading.default\">\n\t\t\t\t\t<h2 class=\"elementor-heading-title elementor-size-default\">Igaluk som m\u00e5nmannen och djurens herre<\/h2>\t\t\t\t<\/div>\n\t\t<div class=\"elementor-element elementor-element-cp2eac0ff3 e-flex e-con-boxed e-con e-child\" data-id=\"cp2eac0ff3\" data-element_type=\"container\" data-e-type=\"container\">\n\t\t\t\t\t<div class=\"e-con-inner\">\n\t\t\t\t<div class=\"elementor-element elementor-element-cp2e8deb58 elementor-widget elementor-widget-text-editor\" data-id=\"cp2e8deb58\" data-element_type=\"widget\" data-e-type=\"widget\" data-widget_type=\"text-editor.default\">\n\t\t\t\t\t\t\t\t\t<p>Igaluk \u00e4r en ben\u00e4mning p\u00e5 m\u00e5nmannen som framf\u00f6r allt \u00e4r belagd i den v\u00e4stra delen av inuitv\u00e4rlden, n\u00e4rmare best\u00e4mt i Alaska. Han \u00e4r den manliga himlagestalten som i den vitt spridda ber\u00e4ttelsen om solens och m\u00e5nens f\u00f6rf\u00f6ljelse framst\u00e4lls som brodern.<\/p><p>I de traditioner som fr\u00e5n slutet av 1800-talet tecknades ner av etnografer som Edward Nelson i <em>The Eskimo about Bering Strait<\/em> (1899) och senare av andra forskare, har m\u00e5nmannen dock en egen religi\u00f6s funktion ut\u00f6ver den kosmogoniska ber\u00e4ttelsen.<\/p><p>I vissa traditioner betraktas m\u00e5nmannen som herre \u00f6ver best\u00e4mda landdjur eller som en varelse som p\u00e5verkar viltbest\u00e5ndet och d\u00e4rmed jaktlyckan. Medan havsgudinnan r\u00e5der \u00f6ver vattnets varelser, \u00e4r m\u00e5nmannen i vissa regioner ansvarig f\u00f6r landets djur eller f\u00f6r fruktbarheten.<\/p><p>Schamaner, <em>angakkuit<\/em>, f\u00f6retog i trans resor till honom f\u00f6r att be om jaktlycka eller f\u00f6r att f\u00e5 veta vilka regelbrott som orsakat att djuren uteblivit.<\/p><p>M\u00e5nmannen tillskrivs i flera traditioner \u00e4ven ett inflytande \u00f6ver fortplantningen och \u00f6ver kvinnorna. I vissa regioner ans\u00e5gs det farligt f\u00f6r kvinnor att titta f\u00f6r l\u00e4nge p\u00e5 m\u00e5nen, eftersom detta kunde utl\u00f6sa en o\u00f6nskad graviditet. Vetenskapligt f\u00f6renas i Igaluk d\u00e4rmed ett knippe ansvarsomr\u00e5den: kosmisk ordning, jakt, fruktbarhet och sanktionering av sociala regler. Hur l\u00e5ngt dessa funktioner str\u00e4cker sig varierar mycket regionalt, och namnet Igaluk sj\u00e4lvt \u00e4r inte brukligt i alla inuitgrupper. De \u00f6stliga grupperna anv\u00e4nder andra ben\u00e4mningar eller ber\u00e4ttar om m\u00e5nmannen utan ett fast egennamn.\t\t\t\t\t\t\t\t<\/div>\n\t\t\t\t\t<\/div>\n\t\t\t\t<\/div>\n\t\t\t\t\t<\/div>\n\t\t\t\t<\/div>\n\t\t<div class=\"elementor-element elementor-element-cp28b94b8c e-flex e-con-boxed e-con e-parent\" data-id=\"cp28b94b8c\" data-element_type=\"container\" data-e-type=\"container\">\n\t\t\t\t\t<div class=\"e-con-inner\">\n\t\t\t\t<div class=\"elementor-element elementor-element-cp2a53fed6 elementor-widget elementor-widget-heading\" data-id=\"cp2a53fed6\" data-element_type=\"widget\" data-e-type=\"widget\" data-widget_type=\"heading.default\">\n\t\t\t\t\t<h2 class=\"elementor-heading-title elementor-size-default\">Regional bundenhet och kolonial k\u00e4llkritik<\/h2>\t\t\t\t<\/div>\n\t\t<div class=\"elementor-element elementor-element-cp2d8a88cc e-flex e-con-boxed e-con e-child\" data-id=\"cp2d8a88cc\" data-element_type=\"container\" data-e-type=\"container\">\n\t\t\t\t\t<div class=\"e-con-inner\">\n\t\t\t\t<div class=\"elementor-element elementor-element-cp230f359d elementor-widget elementor-widget-text-editor\" data-id=\"cp230f359d\" data-element_type=\"widget\" data-e-type=\"widget\" data-widget_type=\"text-editor.default\">\n\t\t\t\t\t\t\t\t\t<p>Den <span class=\"iwg-fachbegriff\" data-tooltip=\"Vidaref\u00f6randet av kunskap och ber\u00e4ttelser \u00f6ver generationer.\" tabindex=\"0\">traditionen<\/span> kring Igaluk \u00e4r ett exempel p\u00e5 hur starkt ett enskilt namn i inuitisk religion \u00e4r bundet till en best\u00e4md region, och hur f\u00f6rsiktigt man m\u00e5ste vara med generella p\u00e5st\u00e5enden.<\/p><p>Igaluk \u00e4r framf\u00f6r allt belagd i omr\u00e5det runt Beringssundet och i delar av Alaska. De kanadensiska och gr\u00f6nl\u00e4ndska inuiterna k\u00e4nner m\u00e5nmannen under andra namn eller ber\u00e4ttar sol-och-m\u00e5nber\u00e4ttelsen med avvikande betoningar. En panuinuitisk m\u00e5ngudom vid namn Igaluk finns i denna mening inte.<\/p><p>K\u00e4ll\u00e4get bygger n\u00e4stan helt p\u00e5 den etnografiska verksamheten under sent 1800-tal och tidigt 1900-tal. Edward Nelson, som p\u00e5 uppdrag av Smithsonian Institution tillbringade flera \u00e5r vid Beringssundet, h\u00f6r till de viktigaste tidiga insamlarna f\u00f6r Alaska.<\/p><p>Hans uppteckningar \u00e4r rika men b\u00e4r p\u00e5 sin tids typiska problem: de tillkom via tolkar, klassificerade materialet i fr\u00e4mmande kategorier och dokumenterade ofta inte ber\u00e4ttelsens sammanhang.<\/p><p>Till detta kommer att uppteckningarna f\u00f6ll i en period av djupg\u00e5ende omv\u00e4lvningar. Kristen mission, handel och nya sjukdomar f\u00f6r\u00e4ndrade inuitsamh\u00e4llena avsev\u00e4rt, och en del traditioner tecknades redan ner i en form som pr\u00e4glats av dessa omv\u00e4lvningar. Vetenskapligt f\u00f6ljer av detta att uttalanden om Igaluk alltid m\u00e5ste knytas till den respektive regionala traditionen och till den respektive k\u00e4llan. Forskningen, till exempel hos Daniel Merkur och i nyare arbeten om arktisk religionshistoria, betonar att den inuitiska <span class=\"iwg-fachbegriff\" data-tooltip=\"F\u00f6rest\u00e4llningen om v\u00e4rldens uppbyggnad och ordning inom en kultur.\" tabindex=\"0\">kosmologin<\/span> inte k\u00e4nde till n\u00e5gon fast <span class=\"iwg-fachbegriff\" data-tooltip=\"Samlingen av gudar inom en religion eller kultur.\" tabindex=\"0\">panteon<\/span>, utan ett r\u00f6rligt n\u00e4t av v\u00e4sen vars namn, k\u00f6n och funktion v\u00e4xlade fr\u00e5n samh\u00e4lle till samh\u00e4lle.\t\t\t\t\t\t\t\t<\/div>\n\t\t\t\t\t<\/div>\n\t\t\t\t<\/div>\n\t\t\t\t\t<\/div>\n\t\t\t\t<\/div>\n\t\t<div class=\"elementor-element elementor-element-iwgw-igaluk-lit e-flex e-con-boxed e-con e-parent\" data-id=\"iwgw-igaluk-lit\" data-element_type=\"container\" data-e-type=\"container\">\n\t\t\t\t\t<div class=\"e-con-inner\">\n\t\t\t\t<div class=\"elementor-element elementor-element-iwgw-igaluk-lith elementor-widget elementor-widget-heading\" data-id=\"iwgw-igaluk-lith\" data-element_type=\"widget\" data-e-type=\"widget\" data-widget_type=\"heading.default\">\n\t\t\t\t\t<h2 class=\"elementor-heading-title elementor-size-default\">Litteratur (urval)<\/h2>\t\t\t\t<\/div>\n\t\t<div class=\"elementor-element elementor-element-iwgw-igaluk-litc e-con-full e-flex e-con e-child\" data-id=\"iwgw-igaluk-litc\" data-element_type=\"container\" data-e-type=\"container\">\n\t\t\t\t<div class=\"elementor-element elementor-element-iwgw-igaluk-litt elementor-widget elementor-widget-text-editor\" data-id=\"iwgw-igaluk-litt\" data-element_type=\"widget\" data-e-type=\"widget\" data-widget_type=\"text-editor.default\">\n\t\t\t\t\t\t\t\t\t<ul><li>Knud Rasmussen: <em>Intellectual Culture of the Iglulik Eskimos<\/em> (Kopenhagen 1929)<\/li><li>Franz Boas: <em>The Central Eskimo<\/em> (Washington 1888)<\/li><li>Daniel Merkur: <em>Becoming Half Hidden<\/em> (Stockholm 1985)<\/li><li>Kaj Birket-Smith: <em>Die Eskimos<\/em> (Z\u00fcrich 1948)<\/li><li>Fr\u00e9d\u00e9ric Laugrand och Jarich Oosten: <em>Inuit Shamanism and Christianity<\/em> (Montreal 2010)<\/li><li>Hinrich Rink: <em>Tales and Traditions of the Eskimo<\/em> (Edinburgh 1875)<\/li><\/ul>\t\t\t\t\t\t\t\t<\/div>\n\t\t\t\t<\/div>\n\t\t\t\t\t<\/div>\n\t\t\t\t<\/div>\n\t\t<div class=\"elementor-element elementor-element-iwgw-igaluk-kwd e-flex e-con-boxed e-con e-parent\" data-id=\"iwgw-igaluk-kwd\" data-element_type=\"container\" data-e-type=\"container\">\n\t\t\t\t\t<div class=\"e-con-inner\">\n\t\t<div class=\"elementor-element elementor-element-iwgw-igaluk-kwdc e-con-full e-flex e-con e-child\" data-id=\"iwgw-igaluk-kwdc\" data-element_type=\"container\" data-e-type=\"container\">\n\t\t\t\t<div class=\"elementor-element elementor-element-iwgw-igaluk-kwdt elementor-widget elementor-widget-text-editor\" data-id=\"iwgw-igaluk-kwdt\" data-element_type=\"widget\" data-e-type=\"widget\" data-widget_type=\"text-editor.default\">\n\t\t\t\t\t\t\t\t\t<p><em>Relaterade nyckelbegrepp: Igaluk Aningat Tatqiq Inuit m\u00e5ngud Malina m\u00e5ncykel incest-<span class=\"iwg-fachbegriff\" data-tooltip=\"En \u00f6verl\u00e4mnad ber\u00e4ttelse om gudar, ursprung och v\u00e4rldens ordning.\" tabindex=\"0\">myt<\/span>.<\/em><\/p>\t\t\t\t\t\t\t\t<\/div>\n\t\t\t\t<\/div>\n\t\t\t\t\t<\/div>\n\t\t\t\t<\/div>\n\t\t<div class=\"elementor-element elementor-element-iwgw-igaluk-cc e-flex e-con-boxed e-con e-parent\" data-id=\"iwgw-igaluk-cc\" data-element_type=\"container\" data-e-type=\"container\" id=\"iwg-cc-igaluk\">\n\t\t\t\t\t<div class=\"e-con-inner\">\n\t\t<div class=\"elementor-element elementor-element-iwgw-igaluk-ccinner e-flex e-con-boxed e-con e-parent\" data-id=\"iwgw-igaluk-ccinner\" data-element_type=\"container\" data-e-type=\"container\" data-settings=\"{&quot;background_background&quot;:&quot;classic&quot;}\">\n\t\t\t\t\t<div class=\"e-con-inner\">\n\t\t\t\t<div class=\"elementor-element elementor-element-iwgw-igaluk-cch elementor-widget elementor-widget-heading\" data-id=\"iwgw-igaluk-cch\" data-element_type=\"widget\" data-e-type=\"widget\" data-widget_type=\"heading.default\">\n\t\t\t\t\t<h2 class=\"elementor-heading-title elementor-size-default\">iWell Guard och skyddstraditioner<\/h2>\t\t\t\t<\/div>\n\t\t\t\t<div class=\"elementor-element elementor-element-iwgw-igaluk-cct elementor-widget elementor-widget-text-editor\" data-id=\"iwgw-igaluk-cct\" data-element_type=\"widget\" data-e-type=\"widget\" data-widget_type=\"text-editor.default\">\n\t\t\t\t\t\t\t\t\t<div data-nosnippet=\"true\"><p>iWell Guard bygger p\u00e5 den kulturhistoriska traditionen av b\u00e4rbara skyddsobjekt, i traditionen fr\u00e5n <a href=\"https:\/\/iwell-guard.com\/sv\/inuit-arktis-sedna-tornit-skyddspraxis\/\">inuiter<\/a> och m\u00e5nga andra kulturer v\u00e4rlden \u00f6ver. 41 lager, \u00e4kta guld, platina, silver, tillverkad i Tyskland. 30 dagars \u00e5ngerr\u00e4tt.<\/p><\/div>\t\t\t\t\t\t\t\t<\/div>\n\t\t\t\t<div class=\"elementor-element elementor-element-iwgw-igaluk-ccb iwg-cc-button iwg-cc-cta-2026-05-13 elementor-widget elementor-widget-jet-button\" data-id=\"iwgw-igaluk-ccb\" data-element_type=\"widget\" data-e-type=\"widget\" data-widget_type=\"jet-button.default\">\n\t\t\t\t<div class=\"elementor-widget-container\">\n\t\t\t\t\t<div class=\"elementor-jet-button jet-elements\"><div class=\"jet-button__container\"><a class=\"jet-button__instance jet-button__instance--icon-left hover-effect-1\" href=\"\/ueber-iwell-guard\/?utm_source=iwell-guard.com&amp;utm_medium=info-box&amp;utm_campaign=wesen-tradition\"><div class=\"jet-button__plane jet-button__plane-normal\"><\/div><div class=\"jet-button__plane jet-button__plane-hover\"><\/div><div class=\"jet-button__state jet-button__state-normal\"><span class=\"jet-button__label\">Mer om iWell Guard<\/span><\/div><div class=\"jet-button__state jet-button__state-hover\"><span class=\"jet-button__label\">Mer om iWell Guard<\/span><\/div><\/a><\/div><\/div><style>.elementor-element.elementor-element-iwgw-igaluk-ccb .jet-button__instance{width:320px;height:56px;}.elementor-element.elementor-element-iwgw-igaluk-ccb .jet-button__state-normal .jet-button__label{text-align:center;margin:0px 0px 0px 0px;color:#1a1b20;font-family:Montserrat,sans-serif;font-size:13px;font-weight:400;letter-spacing:4px;line-height:1.714em;text-transform:uppercase;}.elementor-element.elementor-element-iwgw-igaluk-ccb .jet-button__state-hover .jet-button__label{text-align:center;margin:0px 0px 0px 0px;color:#FECC76;font-family:Montserrat,sans-serif;font-size:13px;font-weight:400;letter-spacing:4px;line-height:1.714em;text-transform:uppercase;}.elementor-element.elementor-element-iwgw-igaluk-ccb .jet-button__plane-normal{background-color:#FECC76;border-style:solid;border-color:#C99540;border-width:2px 2px 2px 2px;}.elementor-element.elementor-element-iwgw-igaluk-ccb .jet-button__plane-hover{background-color:rgba(0,0,0,0.55);border-style:solid;border-color:#FECC76;border-width:2px 2px 2px 2px;}<\/style>\t\t\t\t<\/div>\n\t\t\t\t<\/div>\n\t\t\t\t<div class=\"elementor-element elementor-element-iwgw-igaluk-ccd elementor-widget elementor-widget-text-editor\" data-id=\"iwgw-igaluk-ccd\" data-element_type=\"widget\" data-e-type=\"widget\" data-widget_type=\"text-editor.default\">\n\t\t\t\t\t\t\t\t\t<div data-nosnippet=\"true\"><p style=\"text-align:center;font-size:13px;opacity:0.7;margin-top:14px\" data-nosnippet=\"true\">Personliga erfarenheter kan variera. Ingen medicinteknisk produkt. Inget l\u00f6fte om l\u00e4kning.<\/p><\/div>\t\t\t\t\t\t\t\t<\/div>\n\t\t\t\t\t<\/div>\n\t\t\t\t<\/div>\n\t\t\t\t\t<\/div>\n\t\t\t\t<\/div>\n\t\t<div class=\"elementor-element elementor-element-iwgw-igaluk-disc e-flex e-con-boxed e-con e-parent\" data-id=\"iwgw-igaluk-disc\" data-element_type=\"container\" data-e-type=\"container\">\n\t\t\t\t\t<div class=\"e-con-inner\">\n\t\t\t\t<div class=\"elementor-element elementor-element-iwgw-igaluk-discw elementor-widget elementor-widget-html\" data-id=\"iwgw-igaluk-discw\" data-element_type=\"widget\" data-e-type=\"widget\" data-widget_type=\"html.default\">\n\t\t\t\t\t<footer data-nosnippet=\"true\" class=\"iwg-disclaimer-block\"><p data-nosnippet=\"true\">iWell Guard \u00e4r <strong>ingen medicinteknisk produkt<\/strong> och ers\u00e4tter inte l\u00e4karv\u00e5rd eller psykoterapeutisk behandling. De religionsvetenskapliga inneh\u00e5llen \u00e4r kulturhistorisk inordning, ingen andlig praxisrekommendation.<\/p><\/footer>\t\t\t\t<\/div>\n\t\t\t\t\t<\/div>\n\t\t\t\t<\/div>\n\t\t\t\t<\/div>\n\t\t","protected":false},"excerpt":{"rendered":"","protected":false},"author":3,"featured_media":2882,"parent":0,"menu_order":0,"comment_status":"closed","ping_status":"closed","template":"elementor_header_footer","meta":{"_yoast_wpseo_focuskw":"Igaluk, inuitisk m\u00e5ngud","_yoast_wpseo_title":"Igaluk - m\u00e5ngud och jaktv\u00e4ktare hos inuiterna","_yoast_wpseo_metadesc":"Igaluk \u00e4r inuiternas m\u00e5ngud, bror till solen Malina och jaktens v\u00e4ktare. Religionsvetenskaplig kontextualisering med myt och k\u00e4llor.","_yoast_wpseo_meta-robots-noindex":"","_yoast_wpseo_canonical":"","_angie_page":false,"gefaehrdungsstufe":"2","wesen_kultur":"inuit","wesen_klasse":"goetter","footnotes":""},"categories":[],"class_list":["post-136909","page","type-page","status-publish","has-post-thumbnail","hentry"],"yoast_head":"<!-- This site is optimized with the Yoast SEO Premium plugin v27.7 (Yoast SEO v28.3) - https:\/\/yoast.com\/product\/yoast-seo-premium-wordpress\/ -->\n<title>Igaluk - m\u00e5ngud och jaktv\u00e4ktare hos inuiterna<\/title>\n<meta name=\"description\" content=\"Igaluk \u00e4r inuiternas m\u00e5ngud, bror till solen Malina och jaktens v\u00e4ktare. Religionsvetenskaplig kontextualisering med myt och k\u00e4llor.\" \/>\n<meta name=\"robots\" content=\"index, follow, max-snippet:-1, max-image-preview:large, max-video-preview:-1\" \/>\n<link rel=\"canonical\" href=\"https:\/\/iwell-guard.com\/sv\/igaluk-mangud-inuit-tradition\/\" \/>\n<meta property=\"og:locale\" content=\"sv_SE\" \/>\n<meta property=\"og:type\" content=\"article\" \/>\n<meta property=\"og:title\" content=\"Igaluk - m\u00e5ngud i den inuitiska traditionen\" \/>\n<meta property=\"og:description\" content=\"Igaluk \u00e4r inuiternas m\u00e5ngud, bror till solen Malina och jaktens v\u00e4ktare. Religionsvetenskaplig kontextualisering med myt och k\u00e4llor.\" \/>\n<meta property=\"og:url\" content=\"https:\/\/iwell-guard.com\/sv\/igaluk-mangud-inuit-tradition\/\" \/>\n<meta property=\"og:site_name\" content=\"iWell Guard\" \/>\n<meta property=\"article:modified_time\" content=\"2026-09-03T01:15:27+00:00\" \/>\n<meta property=\"og:image\" content=\"https:\/\/iwell-guard.com\/wp-content\/uploads\/2026\/05\/goetter_inuit_igaluk.webp\" \/>\n\t<meta property=\"og:image:width\" content=\"1024\" \/>\n\t<meta property=\"og:image:height\" content=\"1536\" \/>\n\t<meta property=\"og:image:type\" content=\"image\/webp\" \/>\n<meta name=\"twitter:card\" content=\"summary_large_image\" \/>\n<script type=\"application\/ld+json\" class=\"yoast-schema-graph\">{\"@context\":\"https:\\\/\\\/schema.org\",\"@graph\":[{\"@type\":\"WebPage\",\"@id\":\"https:\\\/\\\/iwell-guard.com\\\/sv\\\/igaluk-mangud-inuit-tradition\\\/\",\"url\":\"https:\\\/\\\/iwell-guard.com\\\/sv\\\/igaluk-mangud-inuit-tradition\\\/\",\"name\":\"Igaluk - m\u00e5ngud och jaktv\u00e4ktare hos inuiterna\",\"isPartOf\":{\"@id\":\"https:\\\/\\\/iwell-guard.com\\\/sv\\\/#website\"},\"primaryImageOfPage\":{\"@id\":\"https:\\\/\\\/iwell-guard.com\\\/sv\\\/igaluk-mangud-inuit-tradition\\\/#primaryimage\"},\"image\":{\"@id\":\"https:\\\/\\\/iwell-guard.com\\\/sv\\\/igaluk-mangud-inuit-tradition\\\/#primaryimage\"},\"thumbnailUrl\":\"https:\\\/\\\/iwell-guard.com\\\/wp-content\\\/uploads\\\/2026\\\/05\\\/goetter_inuit_igaluk.webp\",\"datePublished\":\"2026-09-03T00:11:06+00:00\",\"dateModified\":\"2026-09-03T01:15:27+00:00\",\"description\":\"Igaluk \u00e4r inuiternas m\u00e5ngud, bror till solen Malina och jaktens v\u00e4ktare. Religionsvetenskaplig kontextualisering med myt och k\u00e4llor.\",\"breadcrumb\":{\"@id\":\"https:\\\/\\\/iwell-guard.com\\\/sv\\\/igaluk-mangud-inuit-tradition\\\/#breadcrumb\"},\"inLanguage\":\"sv-SE\",\"potentialAction\":[{\"@type\":\"ReadAction\",\"target\":[\"https:\\\/\\\/iwell-guard.com\\\/sv\\\/igaluk-mangud-inuit-tradition\\\/\"]}]},{\"@type\":\"ImageObject\",\"inLanguage\":\"sv-SE\",\"@id\":\"https:\\\/\\\/iwell-guard.com\\\/sv\\\/igaluk-mangud-inuit-tradition\\\/#primaryimage\",\"url\":\"https:\\\/\\\/iwell-guard.com\\\/wp-content\\\/uploads\\\/2026\\\/05\\\/goetter_inuit_igaluk.webp\",\"contentUrl\":\"https:\\\/\\\/iwell-guard.com\\\/wp-content\\\/uploads\\\/2026\\\/05\\\/goetter_inuit_igaluk.webp\",\"width\":1024,\"height\":1536,\"caption\":\"Gudar fr\u00e5n den inuitiska traditionen.\"},{\"@type\":\"BreadcrumbList\",\"@id\":\"https:\\\/\\\/iwell-guard.com\\\/sv\\\/igaluk-mangud-inuit-tradition\\\/#breadcrumb\",\"itemListElement\":[{\"@type\":\"ListItem\",\"position\":1,\"name\":\"Start\",\"item\":\"https:\\\/\\\/iwell-guard.com\\\/sv\\\/?page_id=136483\"},{\"@type\":\"ListItem\",\"position\":2,\"name\":\"Igaluk &#8211; m\u00e5ngud i den inuitiska traditionen\"}]},{\"@type\":\"WebSite\",\"@id\":\"https:\\\/\\\/iwell-guard.com\\\/sv\\\/#website\",\"url\":\"https:\\\/\\\/iwell-guard.com\\\/sv\\\/\",\"name\":\"iWell Guard\",\"description\":\"Schutz vor dunklen Einfl\u00fcssen\",\"publisher\":{\"@id\":\"https:\\\/\\\/iwell-guard.com\\\/sv\\\/#organization\"},\"potentialAction\":[{\"@type\":\"SearchAction\",\"target\":{\"@type\":\"EntryPoint\",\"urlTemplate\":\"https:\\\/\\\/iwell-guard.com\\\/sv\\\/?s={search_term_string}\"},\"query-input\":{\"@type\":\"PropertyValueSpecification\",\"valueRequired\":true,\"valueName\":\"search_term_string\"}}],\"inLanguage\":\"sv-SE\"},{\"@type\":\"Organization\",\"@id\":\"https:\\\/\\\/iwell-guard.com\\\/sv\\\/#organization\",\"name\":\"Ittermann electronic GmbH\",\"url\":\"https:\\\/\\\/iwell-guard.com\\\/sv\\\/\",\"logo\":{\"@type\":\"ImageObject\",\"inLanguage\":\"sv-SE\",\"@id\":\"https:\\\/\\\/iwell-guard.com\\\/sv\\\/#\\\/schema\\\/logo\\\/image\\\/\",\"url\":\"https:\\\/\\\/iwell-guard.com\\\/wp-content\\\/uploads\\\/2026\\\/05\\\/Ittermann-Logo-1182x237-1.png\",\"contentUrl\":\"https:\\\/\\\/iwell-guard.com\\\/wp-content\\\/uploads\\\/2026\\\/05\\\/Ittermann-Logo-1182x237-1.png\",\"width\":1182,\"height\":237,\"caption\":\"Ittermann electronic GmbH\"},\"image\":{\"@id\":\"https:\\\/\\\/iwell-guard.com\\\/sv\\\/#\\\/schema\\\/logo\\\/image\\\/\"},\"sameAs\":[\"https:\\\/\\\/pantip.com\\\/profile\\\/9367242\",\"https:\\\/\\\/micro.blog\\\/iwellguard\",\"https:\\\/\\\/www.diggerslist.com\\\/iwellguard\\\/about\",\"https:\\\/\\\/skitterphoto.com\\\/photographers\\\/2870314\\\/iwell-guard\",\"https:\\\/\\\/iwellguard.wordpress.com\\\/2026\\\/06\\\/06\\\/iwell-guard\\\/\",\"https:\\\/\\\/hub.docker.com\\\/u\\\/iwellguard\",\"https:\\\/\\\/www.pinterest.com\\\/iwellguard\\\/\",\"https:\\\/\\\/bit.ly\\\/m\\\/iwellguard\",\"https:\\\/\\\/entre-vos-mains.alsace.eu\\\/profiles\\\/iwellguard\\\/activity\",\"https:\\\/\\\/gravatar.com\\\/reallybeded8fd34\",\"https:\\\/\\\/naijamatta.com\\\/iwellguard\",\"https:\\\/\\\/www.goodreads.com\\\/iwellguard\",\"https:\\\/\\\/profile.hatena.ne.jp\\\/iwellguard\\\/\",\"https:\\\/\\\/experiment.com\\\/users\\\/iwellguard\",\"https:\\\/\\\/wakelet.com\\\/@iWellGuard82270\",\"https:\\\/\\\/www.chordie.com\\\/forum\\\/profile.php?id=2555664\",\"https:\\\/\\\/www.instapaper.com\\\/p\\\/17757966\",\"https:\\\/\\\/www.mapleprimes.com\\\/users\\\/iwellguard\",\"https:\\\/\\\/businesslistingplus.com\\\/profile\\\/iwell-guard\\\/\",\"https:\\\/\\\/telegra.ph\\\/iWell-Guard-06-06\",\"https:\\\/\\\/pbase.com\\\/iwellguard\\\/iwellguard\",\"https:\\\/\\\/b.hatena.ne.jp\\\/iwellguard\\\/20260607#bookmark-4788405196491818882\",\"https:\\\/\\\/fliphtml5.com\\\/home\\\/iwellguard\",\"https:\\\/\\\/anyflip.com\\\/homepage\\\/cmiwl#About\",\"https:\\\/\\\/transfur.com\\\/Users\\\/iwellguard\",\"http:\\\/\\\/delphi.larsbo.org\\\/user\\\/iwellguard\",\"https:\\\/\\\/jobs.lajobsportal.org\\\/profiles\\\/8380803-iwell-guard\",\"https:\\\/\\\/md.chaosdorf.de\\\/s\\\/jfbe5SBdJD\",\"https:\\\/\\\/www.lingvolive.com\\\/en-us\\\/profile\\\/9ecaeaca-ce11-4e51-9e71-01d55e2bff36\\\/translations\",\"https:\\\/\\\/www.fitday.com\\\/fitness\\\/forums\\\/members\\\/iwellguard.html\",\"https:\\\/\\\/www.mymeetbook.com\\\/iwellguard\",\"https:\\\/\\\/pxhere.com\\\/en\\\/photographer-me\\\/5040798\",\"https:\\\/\\\/disqus.com\\\/by\\\/iwellguard\\\/about\\\/\",\"https:\\\/\\\/pastelink.net\\\/hjwciqwq\",\"https:\\\/\\\/pubhtml5.com\\\/homepage\\\/scjhn\\\/\",\"https:\\\/\\\/www.bitchute.com\\\/channel\\\/2O2eOKzNqujT\",\"https:\\\/\\\/audiomack.com\\\/iwellguard\"]},{\"@type\":\"Article\",\"@id\":\"https:\\\/\\\/iwell-guard.com\\\/sv\\\/igaluk-mangud-inuit-tradition\\\/#article\",\"isPartOf\":{\"@id\":\"https:\\\/\\\/iwell-guard.com\\\/sv\\\/igaluk-mangud-inuit-tradition\\\/\"},\"author\":{\"name\":\"Ralf Ittermann\",\"@id\":\"https:\\\/\\\/iwell-guard.com\\\/sv\\\/#\\\/schema\\\/person\\\/ee2a27f1cac3406c7c6fb5820cb7349f\"},\"headline\":\"Igaluk &#8211; m\u00e5ngud i den inuitiska traditionen\",\"datePublished\":\"2026-09-03T00:11:06+00:00\",\"dateModified\":\"2026-09-03T01:15:27+00:00\",\"mainEntityOfPage\":{\"@id\":\"https:\\\/\\\/iwell-guard.com\\\/sv\\\/igaluk-mangud-inuit-tradition\\\/\"},\"publisher\":{\"@id\":\"https:\\\/\\\/iwell-guard.com\\\/sv\\\/#organization\"},\"image\":{\"@id\":\"https:\\\/\\\/iwell-guard.com\\\/sv\\\/igaluk-mangud-inuit-tradition\\\/#primaryimage\"},\"thumbnailUrl\":\"https:\\\/\\\/iwell-guard.com\\\/wp-content\\\/uploads\\\/2026\\\/05\\\/goetter_inuit_igaluk.webp\",\"inLanguage\":\"sv-SE\",\"description\":\"Igaluk \u00e4r inuiternas m\u00e5ngud, bror till solen Malina och jaktens v\u00e4ktare. Religionsvetenskaplig kontextualisering med myt och k\u00e4llor.\"}]}<\/script>\n<!-- \/ Yoast SEO Premium plugin. -->","yoast_head_json":{"title":"Igaluk - m\u00e5ngud och jaktv\u00e4ktare hos inuiterna","description":"Igaluk \u00e4r inuiternas m\u00e5ngud, bror till solen Malina och jaktens v\u00e4ktare. Religionsvetenskaplig kontextualisering med myt och k\u00e4llor.","robots":{"index":"index","follow":"follow","max-snippet":"max-snippet:-1","max-image-preview":"max-image-preview:large","max-video-preview":"max-video-preview:-1"},"canonical":"https:\/\/iwell-guard.com\/sv\/igaluk-mangud-inuit-tradition\/","og_locale":"sv_SE","og_type":"article","og_title":"Igaluk - m\u00e5ngud i den inuitiska traditionen","og_description":"Igaluk \u00e4r inuiternas m\u00e5ngud, bror till solen Malina och jaktens v\u00e4ktare. Religionsvetenskaplig kontextualisering med myt och k\u00e4llor.","og_url":"https:\/\/iwell-guard.com\/sv\/igaluk-mangud-inuit-tradition\/","og_site_name":"iWell Guard","article_modified_time":"2026-09-03T01:15:27+00:00","og_image":[{"width":1024,"height":1536,"url":"https:\/\/iwell-guard.com\/wp-content\/uploads\/2026\/05\/goetter_inuit_igaluk.webp","type":"image\/webp"}],"twitter_card":"summary_large_image","schema":{"@context":"https:\/\/schema.org","@graph":[{"@type":"Article","@id":"https:\/\/iwell-guard.com\/sv\/igaluk-mangud-inuit-tradition\/#article","isPartOf":{"@id":"https:\/\/iwell-guard.com\/sv\/igaluk-mangud-inuit-tradition\/"},"author":{"name":"Ralf Ittermann","@id":"https:\/\/iwell-guard.com\/sv\/#\/schema\/person\/ee2a27f1cac3406c7c6fb5820cb7349f"},"headline":"Igaluk &#8211; m\u00e5ngud i den inuitiska traditionen","datePublished":"2026-09-03T00:11:06+00:00","dateModified":"2026-09-03T01:15:27+00:00","mainEntityOfPage":{"@id":"https:\/\/iwell-guard.com\/sv\/igaluk-mangud-inuit-tradition\/"},"publisher":{"@id":"https:\/\/iwell-guard.com\/sv\/#organization"},"image":{"@id":"https:\/\/iwell-guard.com\/sv\/igaluk-mangud-inuit-tradition\/#primaryimage"},"thumbnailUrl":"https:\/\/iwell-guard.com\/wp-content\/uploads\/2026\/05\/goetter_inuit_igaluk.webp","inLanguage":"sv-SE","description":"Igaluk \u00e4r inuiternas m\u00e5ngud, bror till solen Malina och jaktens v\u00e4ktare. Religionsvetenskaplig kontextualisering med myt och k\u00e4llor."},{"@type":"WebPage","@id":"https:\/\/iwell-guard.com\/sv\/igaluk-mangud-inuit-tradition\/","url":"https:\/\/iwell-guard.com\/sv\/igaluk-mangud-inuit-tradition\/","name":"Igaluk - m\u00e5ngud och jaktv\u00e4ktare hos inuiterna","isPartOf":{"@id":"https:\/\/iwell-guard.com\/sv\/#website"},"primaryImageOfPage":{"@id":"https:\/\/iwell-guard.com\/sv\/igaluk-mangud-inuit-tradition\/#primaryimage"},"image":{"@id":"https:\/\/iwell-guard.com\/sv\/igaluk-mangud-inuit-tradition\/#primaryimage"},"thumbnailUrl":"https:\/\/iwell-guard.com\/wp-content\/uploads\/2026\/05\/goetter_inuit_igaluk.webp","datePublished":"2026-09-03T00:11:06+00:00","dateModified":"2026-09-03T01:15:27+00:00","description":"Igaluk \u00e4r inuiternas m\u00e5ngud, bror till solen Malina och jaktens v\u00e4ktare. Religionsvetenskaplig kontextualisering med myt och k\u00e4llor.","breadcrumb":{"@id":"https:\/\/iwell-guard.com\/sv\/igaluk-mangud-inuit-tradition\/#breadcrumb"},"inLanguage":"sv-SE","potentialAction":[{"@type":"ReadAction","target":["https:\/\/iwell-guard.com\/sv\/igaluk-mangud-inuit-tradition\/"]}]},{"@type":"ImageObject","inLanguage":"sv-SE","@id":"https:\/\/iwell-guard.com\/sv\/igaluk-mangud-inuit-tradition\/#primaryimage","url":"https:\/\/iwell-guard.com\/wp-content\/uploads\/2026\/05\/goetter_inuit_igaluk.webp","contentUrl":"https:\/\/iwell-guard.com\/wp-content\/uploads\/2026\/05\/goetter_inuit_igaluk.webp","width":1024,"height":1536,"caption":"Gudar fr\u00e5n den inuitiska traditionen."},{"@type":"BreadcrumbList","@id":"https:\/\/iwell-guard.com\/sv\/igaluk-mangud-inuit-tradition\/#breadcrumb","itemListElement":[{"@type":"ListItem","position":1,"name":"Start","item":"https:\/\/iwell-guard.com\/sv\/?page_id=136483"},{"@type":"ListItem","position":2,"name":"Igaluk &#8211; m\u00e5ngud i den inuitiska traditionen"}]},{"@type":"WebSite","@id":"https:\/\/iwell-guard.com\/sv\/#website","url":"https:\/\/iwell-guard.com\/sv\/","name":"iWell Guard","description":"Schutz vor dunklen Einfl\u00fcssen","publisher":{"@id":"https:\/\/iwell-guard.com\/sv\/#organization"},"potentialAction":[{"@type":"SearchAction","target":{"@type":"EntryPoint","urlTemplate":"https:\/\/iwell-guard.com\/sv\/?s={search_term_string}"},"query-input":{"@type":"PropertyValueSpecification","valueRequired":true,"valueName":"search_term_string"}}],"inLanguage":"sv-SE"},{"@type":"Organization","@id":"https:\/\/iwell-guard.com\/sv\/#organization","name":"Ittermann electronic GmbH","url":"https:\/\/iwell-guard.com\/sv\/","logo":{"@type":"ImageObject","inLanguage":"sv-SE","@id":"https:\/\/iwell-guard.com\/sv\/#\/schema\/logo\/image\/","url":"https:\/\/iwell-guard.com\/wp-content\/uploads\/2026\/05\/Ittermann-Logo-1182x237-1.png","contentUrl":"https:\/\/iwell-guard.com\/wp-content\/uploads\/2026\/05\/Ittermann-Logo-1182x237-1.png","width":1182,"height":237,"caption":"Ittermann electronic GmbH"},"image":{"@id":"https:\/\/iwell-guard.com\/sv\/#\/schema\/logo\/image\/"},"sameAs":["https:\/\/pantip.com\/profile\/9367242","https:\/\/micro.blog\/iwellguard","https:\/\/www.diggerslist.com\/iwellguard\/about","https:\/\/skitterphoto.com\/photographers\/2870314\/iwell-guard","https:\/\/iwellguard.wordpress.com\/2026\/06\/06\/iwell-guard\/","https:\/\/hub.docker.com\/u\/iwellguard","https:\/\/www.pinterest.com\/iwellguard\/","https:\/\/bit.ly\/m\/iwellguard","https:\/\/entre-vos-mains.alsace.eu\/profiles\/iwellguard\/activity","https:\/\/gravatar.com\/reallybeded8fd34","https:\/\/naijamatta.com\/iwellguard","https:\/\/www.goodreads.com\/iwellguard","https:\/\/profile.hatena.ne.jp\/iwellguard\/","https:\/\/experiment.com\/users\/iwellguard","https:\/\/wakelet.com\/@iWellGuard82270","https:\/\/www.chordie.com\/forum\/profile.php?id=2555664","https:\/\/www.instapaper.com\/p\/17757966","https:\/\/www.mapleprimes.com\/users\/iwellguard","https:\/\/businesslistingplus.com\/profile\/iwell-guard\/","https:\/\/telegra.ph\/iWell-Guard-06-06","https:\/\/pbase.com\/iwellguard\/iwellguard","https:\/\/b.hatena.ne.jp\/iwellguard\/20260607#bookmark-4788405196491818882","https:\/\/fliphtml5.com\/home\/iwellguard","https:\/\/anyflip.com\/homepage\/cmiwl#About","https:\/\/transfur.com\/Users\/iwellguard","http:\/\/delphi.larsbo.org\/user\/iwellguard","https:\/\/jobs.lajobsportal.org\/profiles\/8380803-iwell-guard","https:\/\/md.chaosdorf.de\/s\/jfbe5SBdJD","https:\/\/www.lingvolive.com\/en-us\/profile\/9ecaeaca-ce11-4e51-9e71-01d55e2bff36\/translations","https:\/\/www.fitday.com\/fitness\/forums\/members\/iwellguard.html","https:\/\/www.mymeetbook.com\/iwellguard","https:\/\/pxhere.com\/en\/photographer-me\/5040798","https:\/\/disqus.com\/by\/iwellguard\/about\/","https:\/\/pastelink.net\/hjwciqwq","https:\/\/pubhtml5.com\/homepage\/scjhn\/","https:\/\/www.bitchute.com\/channel\/2O2eOKzNqujT","https:\/\/audiomack.com\/iwellguard"]},{"@type":"Person","@id":"https:\/\/iwell-guard.com\/sv\/#\/schema\/person\/ee2a27f1cac3406c7c6fb5820cb7349f","name":"Ralf Ittermann","image":{"@type":"ImageObject","inLanguage":"sv-SE","@id":"https:\/\/secure.gravatar.com\/avatar\/073c0153e350a5005b68eb752b445fea71f6b24a26da9449ad7e155e6b446c9d?s=96&d=mm&r=g","url":"https:\/\/secure.gravatar.com\/avatar\/073c0153e350a5005b68eb752b445fea71f6b24a26da9449ad7e155e6b446c9d?s=96&d=mm&r=g","contentUrl":"https:\/\/secure.gravatar.com\/avatar\/073c0153e350a5005b68eb752b445fea71f6b24a26da9449ad7e155e6b446c9d?s=96&d=mm&r=g","caption":"Ralf Ittermann"},"givenName":"Ralf","familyName":"Ittermann","jobTitle":"Gesch\u00e4ftsf\u00fchrer und redaktioneller Verantwortlicher","url":"https:\/\/iwell-guard.com\/sv\/author\/claude\/","description":"Ralf Ittermann ist Gesch\u00e4ftsf\u00fchrer der Ittermann electronic GmbH und redaktioneller Verantwortlicher des iWell-Guard-Lexikons. Er verbindet langj\u00e4hrige Erfahrung in der Pr\u00e4zisionsfertigung mit medialer Praxis und religionsgeschichtlicher Quellenarbeit.","worksFor":{"@type":"Organization","name":"Ittermann electronic GmbH","url":"https:\/\/ittermann.de\/","address":{"@type":"PostalAddress","streetAddress":"K\u00f6hlergasse 16-18","postalCode":"99842","addressLocality":"Ruhla","addressCountry":"DE"}},"knowsAbout":["Religionsgeschichte","Mythologie","Mediale Praxis","Energetische Diagnostik","Schutzpraxis","Volksglauben","Westliche Esoterik"]},{"@type":"Article","@id":"https:\/\/iwell-guard.com\/sv\/igaluk-mangud-inuit-tradition\/#article","isPartOf":{"@id":"https:\/\/iwell-guard.com\/sv\/igaluk-mangud-inuit-tradition\/"},"author":{"name":"Ralf Ittermann","@id":"https:\/\/iwell-guard.com\/sv\/#\/schema\/person\/ee2a27f1cac3406c7c6fb5820cb7349f"},"headline":"Igaluk &#8211; m\u00e5ngud i den inuitiska traditionen","datePublished":"2026-09-03T00:11:06+00:00","dateModified":"2026-09-03T01:15:27+00:00","mainEntityOfPage":{"@id":"https:\/\/iwell-guard.com\/sv\/igaluk-mangud-inuit-tradition\/"},"publisher":{"@id":"https:\/\/iwell-guard.com\/sv\/#organization"},"image":{"@id":"https:\/\/iwell-guard.com\/sv\/igaluk-mangud-inuit-tradition\/#primaryimage"},"thumbnailUrl":"https:\/\/iwell-guard.com\/wp-content\/uploads\/2026\/05\/goetter_inuit_igaluk.webp","inLanguage":"sv-SE","description":"Igaluk \u00e4r inuiternas m\u00e5ngud, bror till solen Malina och jaktens v\u00e4ktare. Religionsvetenskaplig kontextualisering med myt och k\u00e4llor."}]}},"_links":{"self":[{"href":"https:\/\/iwell-guard.com\/sv\/wp-json\/wp\/v2\/pages\/136909","targetHints":{"allow":["GET"]}}],"collection":[{"href":"https:\/\/iwell-guard.com\/sv\/wp-json\/wp\/v2\/pages"}],"about":[{"href":"https:\/\/iwell-guard.com\/sv\/wp-json\/wp\/v2\/types\/page"}],"author":[{"embeddable":true,"href":"https:\/\/iwell-guard.com\/sv\/wp-json\/wp\/v2\/users\/3"}],"replies":[{"embeddable":true,"href":"https:\/\/iwell-guard.com\/sv\/wp-json\/wp\/v2\/comments?post=136909"}],"version-history":[{"count":0,"href":"https:\/\/iwell-guard.com\/sv\/wp-json\/wp\/v2\/pages\/136909\/revisions"}],"wp:featuredmedia":[{"embeddable":true,"href":"https:\/\/iwell-guard.com\/sv\/wp-json\/wp\/v2\/media\/2882"}],"wp:attachment":[{"href":"https:\/\/iwell-guard.com\/sv\/wp-json\/wp\/v2\/media?parent=136909"}],"wp:term":[{"taxonomy":"category","embeddable":true,"href":"https:\/\/iwell-guard.com\/sv\/wp-json\/wp\/v2\/categories?post=136909"}],"curies":[{"name":"wp","href":"https:\/\/api.w.org\/{rel}","templated":true}]}}