{"id":136903,"date":"2026-09-03T00:11:03","date_gmt":"2026-09-03T00:11:03","guid":{"rendered":"https:\/\/iwell-guard.com\/?page_id=136903"},"modified":"2026-09-03T01:15:17","modified_gmt":"2026-09-03T01:15:17","slug":"sila-varldsandetag-vaderherre-inuiter","status":"publish","type":"page","link":"https:\/\/iwell-guard.com\/sv\/sila-varldsandetag-vaderherre-inuiter\/","title":{"rendered":"Sila &#8211; V\u00e4rldsandetag och v\u00e4derherre hos inuiterna"},"content":{"rendered":"\t\t<div data-elementor-type=\"wp-page\" data-elementor-id=\"136903\" class=\"elementor elementor-136903 elementor-2655 elementor-bc-flex-widget\" data-elementor-post-type=\"page\">\n\t\t\t\t<div class=\"elementor-element elementor-element-iwgw-sila-hero e-flex e-con-boxed e-con e-parent\" data-id=\"iwgw-sila-hero\" data-element_type=\"container\" data-e-type=\"container\" data-settings=\"{&quot;background_background&quot;:&quot;classic&quot;}\">\n\t\t\t\t\t<div class=\"e-con-inner\">\n\t\t<div class=\"elementor-element elementor-element-iwgw-sila-hl e-flex e-con-boxed e-con e-child\" data-id=\"iwgw-sila-hl\" data-element_type=\"container\" data-e-type=\"container\">\n\t\t\t\t\t<div class=\"e-con-inner\">\n\t\t<div class=\"elementor-element elementor-element-iwgw-sila-htxt e-con-full e-flex e-con e-child\" data-id=\"iwgw-sila-htxt\" data-element_type=\"container\" data-e-type=\"container\">\n\t\t\t\t<div class=\"elementor-element elementor-element-iwgw-sila-h1 elementor-widget elementor-widget-heading\" data-id=\"iwgw-sila-h1\" data-element_type=\"widget\" data-e-type=\"widget\" data-widget_type=\"heading.default\">\n\t\t\t\t\t<h1 class=\"elementor-heading-title elementor-size-default\">Sila - V\u00e4rldsandetag, v\u00e4der och medvetande i inuitiskt t\u00e4nkande<\/h1>\t\t\t\t<\/div>\n\t\t\t\t<div class=\"elementor-element elementor-element-iwgw-sila-lead elementor-widget elementor-widget-text-editor\" data-id=\"iwgw-sila-lead\" data-element_type=\"widget\" data-e-type=\"widget\" data-widget_type=\"text-editor.default\">\n\t\t\t\t\t\t\t\t\t<p>I de centralarktiska <a href=\"https:\/\/iwell-guard.com\/sv\/inuit-arktis-sedna-tornit-skyddspraxis\/\">inuiternas<\/a> f\u00f6rest\u00e4llningsv\u00e4rld \u00e4r Sila ingen personlig gud i egentlig mening, utan den ordnande principen f\u00f6r luft, v\u00e4der, andedr\u00e4kt och f\u00f6rst\u00e5nd.<\/p><p>Den som k\u00e4nner Sila k\u00e4nner samtidigt v\u00e4dret, t\u00e4nkandet och v\u00e4rldens ordning, eftersom det inuitiska spr\u00e5ket samlar dessa sf\u00e4rer i ett enda begrepp. Religionsvetenskapligt \u00e4r Sila ett av de konceptuellt djupaste begreppen i hela den cirkumpol\u00e4ra religionshistorien.<\/p>\t\t\t\t\t\t\t\t<\/div>\n\t\t\t\t<\/div>\n\t\t<div class=\"elementor-element elementor-element-iwgw-sila-pillc e-con-full e-flex e-con e-child\" data-id=\"iwgw-sila-pillc\" data-element_type=\"container\" data-e-type=\"container\">\n\t\t\t\t<div class=\"elementor-element elementor-element-iwgw-sila-pills elementor-widget elementor-widget-html\" data-id=\"iwgw-sila-pills\" data-element_type=\"widget\" data-e-type=\"widget\" data-widget_type=\"html.default\">\n\t\t\t\t\t<div class=\"iwg-pill-row\"><span class=\"iwg-klasse-badge\" tabindex=\"0\" data-tooltip=\"V\u00e4derande i inuitisk tradition.\">V\u00e4derande<\/span><a href=\"https:\/\/iwell-guard.com\/sv\/inuit-arktis-sedna-tornit-skyddspraxis\/\" class=\"iwg-kultur-badge\" tabindex=\"0\" data-tooltip=\"Mytologi i inuitisk tradition.\">Inuiter<\/a><span class=\"iwg-tradition-badge\" tabindex=\"0\" data-tooltip=\"V\u00e4rlds- och v\u00e4derprincip.\">V\u00e4rlds- och v\u00e4derprincip<\/span><\/div>\t\t\t\t<\/div>\n\t\t\t\t<\/div>\n\t\t<div class=\"elementor-element elementor-element-iwgw-sila-tocc e-con-full e-flex e-con e-child\" data-id=\"iwgw-sila-tocc\" data-element_type=\"container\" data-e-type=\"container\">\n\t\t\t\t<div class=\"elementor-element elementor-element-iwgw-sila-toc elementor-toc--minimized-on-tablet elementor-widget elementor-widget-table-of-contents\" data-id=\"iwgw-sila-toc\" data-element_type=\"widget\" data-e-type=\"widget\" data-settings=\"{&quot;headings_by_tags&quot;:[&quot;h2&quot;,&quot;h3&quot;],&quot;minimize_box&quot;:&quot;yes&quot;,&quot;marker_view&quot;:&quot;bullets&quot;,&quot;no_headings_message&quot;:&quot;Inga rubriker hittades p\\u00e5 den h\\u00e4r sidan.&quot;,&quot;exclude_headings_by_selector&quot;:[],&quot;icon&quot;:{&quot;value&quot;:&quot;fas fa-circle&quot;,&quot;library&quot;:&quot;fa-solid&quot;,&quot;rendered_tag&quot;:&quot;&lt;svg class=\\&quot;e-font-icon-svg e-fas-circle\\&quot; viewBox=\\&quot;0 0 512 512\\&quot; xmlns=\\&quot;http:\\\/\\\/www.w3.org\\\/2000\\\/svg\\&quot;&gt;&lt;path d=\\&quot;M256 8C119 8 8 119 8 256s111 248 248 248 248-111 248-248S393 8 256 8z\\&quot;&gt;&lt;\\\/path&gt;&lt;\\\/svg&gt;&quot;},&quot;minimized_on&quot;:&quot;tablet&quot;,&quot;hierarchical_view&quot;:&quot;yes&quot;,&quot;min_height&quot;:{&quot;unit&quot;:&quot;px&quot;,&quot;size&quot;:&quot;&quot;,&quot;sizes&quot;:[]},&quot;min_height_tablet&quot;:{&quot;unit&quot;:&quot;px&quot;,&quot;size&quot;:&quot;&quot;,&quot;sizes&quot;:[]},&quot;min_height_mobile&quot;:{&quot;unit&quot;:&quot;px&quot;,&quot;size&quot;:&quot;&quot;,&quot;sizes&quot;:[]}}\" data-widget_type=\"table-of-contents.default\">\n\t\t\t\t\t\t\t\t\t<div class=\"elementor-toc__header\">\n\t\t\t\t\t\t<h2 class=\"elementor-toc__header-title\">\n\t\t\t\tInneh\u00e5llsf\u00f6rteckning\t\t\t<\/h2>\n\t\t\t\t\t\t\t\t\t\t<div class=\"elementor-toc__toggle-button elementor-toc__toggle-button--expand\" role=\"button\" tabindex=\"0\" aria-controls=\"elementor-toc__iwgw-sila-toc\" aria-expanded=\"true\" aria-label=\"Inhaltsverzeichnis \u00f6ffnen\"><svg aria-hidden=\"true\" class=\"e-font-icon-svg e-fas-chevron-down\" viewBox=\"0 0 448 512\" xmlns=\"http:\/\/www.w3.org\/2000\/svg\"><path d=\"M207.029 381.476L12.686 187.132c-9.373-9.373-9.373-24.569 0-33.941l22.667-22.667c9.357-9.357 24.522-9.375 33.901-.04L224 284.505l154.745-154.021c9.379-9.335 24.544-9.317 33.901.04l22.667 22.667c9.373 9.373 9.373 24.569 0 33.941L240.971 381.476c-9.373 9.372-24.569 9.372-33.942 0z\"><\/path><\/svg><\/div>\n\t\t\t\t<div class=\"elementor-toc__toggle-button elementor-toc__toggle-button--collapse\" role=\"button\" tabindex=\"0\" aria-controls=\"elementor-toc__iwgw-sila-toc\" aria-expanded=\"true\" aria-label=\"Inhaltsverzeichnis schlie\u00dfen\"><svg aria-hidden=\"true\" class=\"e-font-icon-svg e-fas-chevron-up\" viewBox=\"0 0 448 512\" xmlns=\"http:\/\/www.w3.org\/2000\/svg\"><path d=\"M240.971 130.524l194.343 194.343c9.373 9.373 9.373 24.569 0 33.941l-22.667 22.667c-9.357 9.357-24.522 9.375-33.901.04L224 227.495 69.255 381.516c-9.379 9.335-24.544 9.317-33.901-.04l-22.667-22.667c-9.373-9.373-9.373-24.569 0-33.941L207.03 130.525c9.372-9.373 24.568-9.373 33.941-.001z\"><\/path><\/svg><\/div>\n\t\t\t\t\t<\/div>\n\t\t\t\t<div id=\"elementor-toc__iwgw-sila-toc\" class=\"elementor-toc__body\">\n\t\t\t<div class=\"elementor-toc__spinner-container\">\n\t\t\t\t<svg class=\"elementor-toc__spinner eicon-animation-spin e-font-icon-svg e-eicon-loading\" aria-hidden=\"true\" viewBox=\"0 0 1000 1000\" xmlns=\"http:\/\/www.w3.org\/2000\/svg\"><path d=\"M500 975V858C696 858 858 696 858 500S696 142 500 142 142 304 142 500H25C25 237 238 25 500 25S975 237 975 500 763 975 500 975Z\"><\/path><\/svg>\t\t\t<\/div>\n\t\t<\/div>\n\t\t\t\t\t\t<\/div>\n\t\t\t\t<\/div>\n\t\t\t\t\t<\/div>\n\t\t\t\t<\/div>\n\t\t<div class=\"elementor-element elementor-element-iwgw-sila-hr e-con-full e-flex e-con e-child\" data-id=\"iwgw-sila-hr\" data-element_type=\"container\" data-e-type=\"container\">\n\t\t\t\t<div class=\"elementor-element elementor-element-iwgw-sila-heroimg iwg-hero-image elementor-widget elementor-widget-image\" data-id=\"iwgw-sila-heroimg\" data-element_type=\"widget\" data-e-type=\"widget\" data-widget_type=\"image.default\">\n\t\t\t\t\t\t\t\t\t\t\t\t\t\t\t<img fetchpriority=\"high\" decoding=\"async\" width=\"683\" height=\"1024\" src=\"https:\/\/iwell-guard.com\/wp-content\/uploads\/2026\/05\/geister_inuit_sila-683x1024.webp\" class=\"attachment-large size-large wp-image-2879\" alt=\"Sila - Geister aus der Inuit-Tradition, historisch-illustrativ\" srcset=\"https:\/\/iwell-guard.com\/wp-content\/uploads\/2026\/05\/geister_inuit_sila-683x1024.webp 683w, https:\/\/iwell-guard.com\/wp-content\/uploads\/2026\/05\/geister_inuit_sila-200x300.webp 200w, https:\/\/iwell-guard.com\/wp-content\/uploads\/2026\/05\/geister_inuit_sila-768x1152.webp 768w, https:\/\/iwell-guard.com\/wp-content\/uploads\/2026\/05\/geister_inuit_sila.webp 1024w\" sizes=\"(max-width: 683px) 100vw, 683px\" \/>\t\t\t\t\t\t\t\t\t\t\t\t\t\t\t<\/div>\n\t\t\t\t<\/div>\n\t\t\t\t\t<\/div>\n\t\t\t\t<\/div>\n\t\t<div class=\"elementor-element elementor-element-iwgw-sila-s0 e-flex e-con-boxed e-con e-parent\" data-id=\"iwgw-sila-s0\" data-element_type=\"container\" data-e-type=\"container\">\n\t\t\t\t\t<div class=\"e-con-inner\">\n\t\t\t\t<div class=\"elementor-element elementor-element-iwgw-sila-s0h elementor-widget elementor-widget-heading\" data-id=\"iwgw-sila-s0h\" data-element_type=\"widget\" data-e-type=\"widget\" data-widget_type=\"heading.default\">\n\t\t\t\t\t<h2 class=\"elementor-heading-title elementor-size-default\">Kontextualisering och kortprofil<\/h2>\t\t\t\t<\/div>\n\t\t<div class=\"elementor-element elementor-element-iwgw-sila-s0c e-con-full e-flex e-con e-child\" data-id=\"iwgw-sila-s0c\" data-element_type=\"container\" data-e-type=\"container\">\n\t\t\t\t<div class=\"elementor-element elementor-element-iwgw-sila-s0t elementor-widget elementor-widget-text-editor\" data-id=\"iwgw-sila-s0t\" data-element_type=\"widget\" data-e-type=\"widget\" data-widget_type=\"text-editor.default\">\n\t\t\t\t\t\t\t\t\t<p>Sila h\u00f6r i den religionsvetenskapliga klassifikationen till de s\u00e4llsynta begrepp som samtidigt betecknar en kosmologisk, meteorologisk och epistemisk princip. Knud Rasmussen, som utforskade begreppet i sina anteckningar fr\u00e5n den femte Thule-expeditionen som en religi\u00f6s nyckel till de centralarktiska inuiterna, \u00f6versatte det med v\u00e4rldsf\u00f6rnuft, medan andra f\u00f6rfattare som Daniel Merkur och Fr\u00e9d\u00e9ric Laugrand talar om v\u00e4rldsandetag.<\/p><p>Denna bredd i \u00f6vers\u00e4ttningarna \u00e4r inte ett uttryck f\u00f6r osk\u00e4rpa, utan motsvarar ordets egen semantiska djup, som saknar en direkt motsvarighet i v\u00e4sterl\u00e4ndskt vokabul\u00e4r.<\/p><p>Till skillnad fr\u00e5n <a href=\"https:\/\/iwell-guard.com\/sv\/sedna-havets-harskarinna-inuiterna\/\">Sedna<\/a> \u00e4r Sila inte inb\u00e4ddad i n\u00e5gon ber\u00e4ttande biografi. Sila har inga fingerleder, ingen b\u00e5t, ingen far, inga f\u00f6rlovade. Sila \u00e4r det osynliga, alltgenomtr\u00e4ngande villkor i vilket djur och m\u00e4nniskor r\u00f6r sig.<\/p><p>Just d\u00e4rf\u00f6r uppfattas v\u00e4dret av inuiterna som en manifestation av en genomt\u00e4nkt, iakttagande, ibland straffande instans. F\u00f6rmedlingen mellan m\u00e4nniska och v\u00e4rld sker genom att sj\u00e4lva v\u00e4rlden andas, utan att n\u00e5gon gud beh\u00f6ver representeras.<\/p><p>Denna dubbla best\u00e4mning som v\u00e4der och som f\u00f6rnuft g\u00f6r Sila till ett brobegrepp mellan naturuppfattning och religi\u00f6s reflektion. Dagens klimatdebatt har tagit upp begreppet: n\u00e4r inuitiska \u00e4ldste s\u00e4ger att Sila har f\u00f6r\u00e4ndrats, menar de mycket mer \u00e4n v\u00e4dret, n\u00e4mligen en v\u00e4rldsordning i kris.<\/p><p>Denna aktualitet g\u00f6r Sila till kanske det mest levande begreppet i inuitisk religionshistoria och skiljer det fr\u00e5n rent historiska begrepp i andra religioner.<\/p>\t\t\t\t\t\t\t\t<\/div>\n\t\t\t\t<\/div>\n\t\t\t\t\t<\/div>\n\t\t\t\t<\/div>\n\t\t<div class=\"elementor-element elementor-element-iwgw-sila-s1 e-flex e-con-boxed e-con e-parent\" data-id=\"iwgw-sila-s1\" data-element_type=\"container\" data-e-type=\"container\">\n\t\t\t\t\t<div class=\"e-con-inner\">\n\t\t\t\t<div class=\"elementor-element elementor-element-iwgw-sila-s1h elementor-widget elementor-widget-heading\" data-id=\"iwgw-sila-s1h\" data-element_type=\"widget\" data-e-type=\"widget\" data-widget_type=\"heading.default\">\n\t\t\t\t\t<h2 class=\"elementor-heading-title elementor-size-default\">Etymologi och spr\u00e5klig flerskiktighet<\/h2>\t\t\t\t<\/div>\n\t\t<div class=\"elementor-element elementor-element-iwgw-sila-s1c e-con-full e-flex e-con e-child\" data-id=\"iwgw-sila-s1c\" data-element_type=\"container\" data-e-type=\"container\">\n\t\t\t\t<div class=\"elementor-element elementor-element-iwgw-sila-s1t elementor-widget elementor-widget-text-editor\" data-id=\"iwgw-sila-s1t\" data-element_type=\"widget\" data-e-type=\"widget\" data-widget_type=\"text-editor.default\">\n\t\t\t\t\t\t\t\t\t<p>Ordet <em>sila<\/em> \u00e4r belagt i n\u00e4stan identisk form inom hela det inuitiska spr\u00e5komr\u00e5det, fr\u00e5n Tjuktjien till Gr\u00f6nland, vilket tyder p\u00e5 f\u00f6rest\u00e4llningens stora djup. Betydelserna omfattar: v\u00e4dret utomhus, den yttre v\u00e4rlden, himlen, f\u00f6rst\u00e5ndet, f\u00f6rnuftet, klokheten, den r\u00e4tta bed\u00f6mningen av en situation.<\/p><p>H\u00e4rifr\u00e5n h\u00e4rleds <em>silatujuq<\/em>, som betecknar en klok, vis m\u00e4nniska, ordagrant en som har Sila. Denna ordbildning \u00e4r religionsfenomenologiskt central, eftersom den visar att klokhet h\u00e4r i f\u00f6rsta hand f\u00f6rst\u00e5s som ett innehav av Sila, mindre som en kognitiv f\u00f6rm\u00e5ga.<\/p><p>Att samma rot b\u00e4r b\u00e5de meteorologisk och intellektuell betydelse \u00e4r inte spr\u00e5khistoriskt en slump. Vetenskapligt ses detta som en inhemsk kunskapsteori, d\u00e4r den korrekta bed\u00f6mningen av omv\u00e4rlden och det r\u00e4tta t\u00e4nkandet bildar en enhet.<\/p><p>Den som inte kan l\u00e4sa v\u00e4dret \u00e4r inte klok, och omv\u00e4nt: den som inte \u00e4r klok missar v\u00e4derns tecken. Denna sammanfl\u00e4tning \u00e4r religionsfenomenologiskt ett sj\u00e4lvst\u00e4ndigt fenomen utan direkt motsvarighet i europeiska spr\u00e5k.<\/p><p>I det religi\u00f6sa spr\u00e5kbruket f\u00f6rekommer \u00e4ven sammans\u00e4ttningen <em>sila inua<\/em>, ordagrant Silas person eller v\u00e4derns man. Denna betecknar en kvasi-personlig instans som kan tilltalas i den schamanska diskursen, utan att det uppst\u00e5r en fullt utbyggd gudsfigur.<\/p><p>Denna sv\u00e4vning mellan princip och person \u00e4r vetenskapligt s\u00e4rskilt upplysande och motsvarar en form av modal-<span class=\"iwg-fachbegriff\" data-tooltip=\"Den vetenskapliga l\u00e4ran om Gud och om en religions tro.\" tabindex=\"0\">teologi<\/span>: Sila tilltalas mer eller mindre personifierat beroende p\u00e5 sammanhang.<\/p>\t\t\t\t\t\t\t\t<\/div>\n\t\t\t\t<\/div>\n\t\t\t\t\t<\/div>\n\t\t\t\t<\/div>\n\t\t<div class=\"elementor-element elementor-element-iwgw-sila-s2 e-flex e-con-boxed e-con e-parent\" data-id=\"iwgw-sila-s2\" data-element_type=\"container\" data-e-type=\"container\">\n\t\t\t\t\t<div class=\"e-con-inner\">\n\t\t\t\t<div class=\"elementor-element elementor-element-iwgw-sila-s2h elementor-widget elementor-widget-heading\" data-id=\"iwgw-sila-s2h\" data-element_type=\"widget\" data-e-type=\"widget\" data-widget_type=\"heading.default\">\n\t\t\t\t\t<h2 class=\"elementor-heading-title elementor-size-default\">Beskrivning i de etnografiska k\u00e4llorna<\/h2>\t\t\t\t<\/div>\n\t\t<div class=\"elementor-element elementor-element-iwgw-sila-s2c e-con-full e-flex e-con e-child\" data-id=\"iwgw-sila-s2c\" data-element_type=\"container\" data-e-type=\"container\">\n\t\t\t\t<div class=\"elementor-element elementor-element-iwgw-sila-s2t elementor-widget elementor-widget-text-editor\" data-id=\"iwgw-sila-s2t\" data-element_type=\"widget\" data-e-type=\"widget\" data-widget_type=\"text-editor.default\">\n\t\t\t\t\t\t\t\t\t<p>De \u00e4ldsta och mest utf\u00f6rliga beskrivningarna av Sila h\u00e4rstammar fr\u00e5n Rasmussens samtal med Iglulik-schamanerna Aua, Ivaluardjuk och Kibkarjuk p\u00e5 1920-talet.<\/p><p>Aua f\u00f6rklarade f\u00f6r Rasmussen att Sila var en makt vars r\u00f6st var s\u00e5 svag att endast barn kunde h\u00f6ra den, och vars budskap, n\u00e4r det gjorde sig h\u00f6rt, kunde sl\u00e5 om i storm, sn\u00f6yra och hunger. Detta uttalande har blivit en klassisk referens i den vetenskapliga standardlitteraturen om arktisk religion.<\/p><p>Sila var allts\u00e5 i alla avseenden samtidigt det omgivande v\u00e4dret och den vaksamma instans som registrerar m\u00e4nskligt beteende. En annan Iglulik-<span class=\"iwg-fachbegriff\" data-tooltip=\"Religi\u00f6s specialist som anses f\u00f6rmedla mellan m\u00e4nniskor och andev\u00e4rlden.\" tabindex=\"0\">schaman<\/span> sade: De d\u00f6da och solen och m\u00e5nen, de tillh\u00f6r alla Sila, eftersom allt som sker \u00e4r Sila.<\/p><p>Av detta drar Merkur slutsatsen att Sila i Iglulik-<span class=\"iwg-fachbegriff\" data-tooltip=\"Den vetenskapliga l\u00e4ran om Gud och om en religions tro.\" tabindex=\"0\">teologin<\/span> \u00e4r en slags monistisk bakgrundsprincip som omfattar de personliga gudomarna utan att absorbera dem. Denna tolkning \u00e4r vetenskapligt omtvistad men har haft betydande inflytande p\u00e5 efterf\u00f6ljande forskning.<\/p><p>P\u00e5 Gr\u00f6nland \u00e5terger Hinrich Rink begreppet i formen <em>silap inua<\/em>, i den centralkanadensiska tundran <em>sila<\/em>, och hos Mackenzie-inuiterna delvis <em>hila<\/em>. Trots dialektal variation \u00e4r den religi\u00f6sa funktionen genomg\u00e5ende densamma.<\/p><p>Begreppets stabilitet \u00f6ver tusentals kilometer \u00e4r vetenskapligt anm\u00e4rkningsv\u00e4rd och tyder p\u00e5 ett mycket gammalt konceptuellt lager, som troligen g\u00e5r tillbaka till det protoeskimo-aleutiska spr\u00e5kskedet och d\u00e4rmed kan vara flera \u00e5rtusenden gammalt.<\/p>\t\t\t\t\t\t\t\t<\/div>\n\t\t\t\t<\/div>\n\t\t\t\t\t<\/div>\n\t\t\t\t<\/div>\n\t\t<div class=\"elementor-element elementor-element-iwgw-sila-s3 e-flex e-con-boxed e-con e-parent\" data-id=\"iwgw-sila-s3\" data-element_type=\"container\" data-e-type=\"container\">\n\t\t\t\t\t<div class=\"e-con-inner\">\n\t\t\t\t<div class=\"elementor-element elementor-element-iwgw-sila-s3h elementor-widget elementor-widget-heading\" data-id=\"iwgw-sila-s3h\" data-element_type=\"widget\" data-e-type=\"widget\" data-widget_type=\"heading.default\">\n\t\t\t\t\t<h2 class=\"elementor-heading-title elementor-size-default\">Sila som v\u00e4der och kosmologisk princip<\/h2>\t\t\t\t<\/div>\n\t\t<div class=\"elementor-element elementor-element-iwgw-sila-s3c e-con-full e-flex e-con e-child\" data-id=\"iwgw-sila-s3c\" data-element_type=\"container\" data-e-type=\"container\">\n\t\t\t\t<div class=\"elementor-element elementor-element-iwgw-sila-s3t elementor-widget elementor-widget-text-editor\" data-id=\"iwgw-sila-s3t\" data-element_type=\"widget\" data-e-type=\"widget\" data-widget_type=\"text-editor.default\">\n\t\t\t\t\t\t\t\t\t<p>I den arktiska vardagen avg\u00f6r Sila som v\u00e4der liv och d\u00f6d. Pl\u00f6tsligt vitm\u00f6rker, sn\u00f6stormar och isens uppbrytning p\u00e5 havet uppfattas som uttryck f\u00f6r en instans som reagerar p\u00e5 m\u00e4nniskors beteende, aldrig som slumpm\u00e4ssiga naturh\u00e4ndelser.<\/p><p>Vetenskapligt sett \u00e4r detta inte <span class=\"iwg-fachbegriff\" data-tooltip=\"F\u00f6rest\u00e4llningen att \u00e4ven djur, v\u00e4xter och ting besitter en sj\u00e4l.\" tabindex=\"0\">animism<\/span> i klassisk mening, utan en ekologisk <span class=\"iwg-fachbegriff\" data-tooltip=\"Den vetenskapliga l\u00e4ran om Gud och om en religions tro.\" tabindex=\"0\">teologi<\/span>, d\u00e4r v\u00e4dret uppfattas som en personlig storhet som kan tilltalas. Denna skillnad gentemot \u00e4ldre forskningsdefinitioners <span class=\"iwg-fachbegriff\" data-tooltip=\"F\u00f6rest\u00e4llningen att \u00e4ven djur, v\u00e4xter och ting besitter en sj\u00e4l.\" tabindex=\"0\">animism<\/span> \u00e4r analytiskt viktig.<\/p><p>Kosmologiskt beskrivs Sila i vissa iglulik-utsagor som den forna j\u00e4tten som efter sin d\u00f6d breddes ut \u00f6ver v\u00e4rlden och vars andedr\u00e4kt nu driver vinden.<\/p><p>Andra ber\u00e4ttelser k\u00e4nner Sila endast som det omgivande elementet, utan n\u00e5gon genealogisk historia. Denna variation \u00e4r vetenskapligt inte en mots\u00e4gelse, utan en spegling av att inuiternas religion inte \u00e4r ett dogmatiskt system, utan lever i muntlig tradition och konfigureras beroende p\u00e5 sammanhang.<\/p><p>Viktig \u00e4r sammanfl\u00e4tningen med andra instanser. Sila st\u00e5r vid sidan av <a href=\"https:\/\/iwell-guard.com\/sv\/sedna-havets-harskarinna-inuiterna\/\">Sedna<\/a> som h\u00e4rskarinna \u00f6ver havsdjuren, vid sidan av <a href=\"https:\/\/iwell-guard.com\/sv\/igaluk-mangud-inuit-tradition\/\">Igaluk<\/a>, m\u00e5nen, och vid sidan av <a href=\"https:\/\/iwell-guard.com\/sv\/pinga-harskarinna-landdjur\/\">Pinga<\/a>, som vakar \u00f6ver landdjuren.<\/p><p>Makten \u00e4r f\u00f6rdelad, Sila utg\u00f6r den allomfattande ramen. Denna f\u00f6rdelning utg\u00f6r religionsfenomenologiskt ett eget m\u00f6nster och g\u00f6r inuiternas religion till en relationsteologi snarare \u00e4n en hierarki. Gudav\u00e4rlden \u00e4r n\u00e4tverksartat organiserad, och det g\u00e5r inte att tala om n\u00e5gon pyramidal ordning.<\/p>\t\t\t\t\t\t\t\t<\/div>\n\t\t\t\t<\/div>\n\t\t\t\t\t<\/div>\n\t\t\t\t<\/div>\n\t\t<div class=\"elementor-element elementor-element-iwgw-sila-s4 e-flex e-con-boxed e-con e-parent\" data-id=\"iwgw-sila-s4\" data-element_type=\"container\" data-e-type=\"container\">\n\t\t\t\t\t<div class=\"e-con-inner\">\n\t\t\t\t<div class=\"elementor-element elementor-element-iwgw-sila-s4h elementor-widget elementor-widget-heading\" data-id=\"iwgw-sila-s4h\" data-element_type=\"widget\" data-e-type=\"widget\" data-widget_type=\"heading.default\">\n\t\t\t\t\t<h2 class=\"elementor-heading-title elementor-size-default\">Sila som f\u00f6rnuft och etisk instans<\/h2>\t\t\t\t<\/div>\n\t\t<div class=\"elementor-element elementor-element-iwgw-sila-s4c e-con-full e-flex e-con e-child\" data-id=\"iwgw-sila-s4c\" data-element_type=\"container\" data-e-type=\"container\">\n\t\t\t\t<div class=\"elementor-element elementor-element-iwgw-sila-s4t elementor-widget elementor-widget-text-editor\" data-id=\"iwgw-sila-s4t\" data-element_type=\"widget\" data-e-type=\"widget\" data-widget_type=\"text-editor.default\">\n\t\t\t\t\t\t\t\t\t<p>Den semantiska dubbelbetydelsen g\u00f6r Sila till en etisk storhet. Den som bryter mot <em>pittailiniq<\/em>, tabuna, f\u00f6rlorar djuren och dessutom sitt sila, det vill s\u00e4ga blir of\u00f6rnuftig, bed\u00f6mer v\u00e4dret fel, g\u00e5r vilse, fryser till d\u00f6ds.<\/p><p>F\u00f6rnuftsfel och v\u00e4derolycka \u00e4r d\u00e4rmed tv\u00e5 uttrycksformer av samma brott mot v\u00e4rldsordningen. Denna sammanfl\u00e4tning \u00e4r vetenskapligt djupg\u00e5ende, eftersom den visar att den inuitiska etiken fungerar genom klokhetskategorier snarare \u00e4n skuldkategorier.<\/p><p>Hos iglulikfolket ber\u00e4ttar Rasmussen om ett begrepp som han beskriver som inuitisk stoicism: den r\u00e4tta h\u00e5llningen i stormen \u00e4r det t\u00e5liga, klara, sila-konforma uth\u00e4rdandet, inte det f\u00f6rtvivlade motst\u00e5ndet.<\/p><p>Den som g\u00e5r genom v\u00e4dret utan att f\u00f6rlora sitt sila kommer inte att frysa till d\u00f6ds. Disciplinen att beh\u00e4rska sina affekter \u00e4r religi\u00f6st en form av h\u00e4ngivenhet \u00e5t Sila. Denna affektkontroll har f\u00e5tt stort utrymme i den etnopsykologiska forskningens diskussion.<\/p><p>Detta samband mellan v\u00e4der, f\u00f6rnuft och etisk sj\u00e4lvdisciplin har f\u00e5tt betydande uppm\u00e4rksamhet inom religionsfilosofin under andra h\u00e4lften av 1900-talet, till exempel i Merkurs arbeten och i diskussionen om arktisk <span class=\"iwg-fachbegriff\" data-tooltip=\"Ett kroppsl\u00f6st v\u00e4sen som tillskrivs verkan i v\u00e4rlden.\" tabindex=\"0\">ande<\/span>-ekologi hos Tim Ingold.<\/p><p>Den strukturella n\u00e4rheten till antika stoiska etiker \u00e4r p\u00e5fallande, men b\u00f6r inte leda till f\u00f6rhastad identifikation, eftersom de kulturhistoriska sammanhangen skiljer sig och den inuitiska etiken har vuxit fram ur en annan historisk situation.<\/p>\t\t\t\t\t\t\t\t<\/div>\n\t\t\t\t<\/div>\n\t\t\t\t\t<\/div>\n\t\t\t\t<\/div>\n\t\t<div class=\"elementor-element elementor-element-iwgw-sila-s5 e-flex e-con-boxed e-con e-parent\" data-id=\"iwgw-sila-s5\" data-element_type=\"container\" data-e-type=\"container\">\n\t\t\t\t\t<div class=\"e-con-inner\">\n\t\t\t\t<div class=\"elementor-element elementor-element-iwgw-sila-s5h elementor-widget elementor-widget-heading\" data-id=\"iwgw-sila-s5h\" data-element_type=\"widget\" data-e-type=\"widget\" data-widget_type=\"heading.default\">\n\t\t\t\t\t<h2 class=\"elementor-heading-title elementor-size-default\">Schamanistisk praxis och v\u00e4derritual<\/h2>\t\t\t\t<\/div>\n\t\t<div class=\"elementor-element elementor-element-iwgw-sila-s5c e-con-full e-flex e-con e-child\" data-id=\"iwgw-sila-s5c\" data-element_type=\"container\" data-e-type=\"container\">\n\t\t\t\t<div class=\"elementor-element elementor-element-iwgw-sila-s5t elementor-widget elementor-widget-text-editor\" data-id=\"iwgw-sila-s5t\" data-element_type=\"widget\" data-e-type=\"widget\" data-widget_type=\"text-editor.default\">\n\t\t\t\t\t\t\t\t\t<p>Angakkuit, schamanerna, hade f\u00f6rutom resan till Sedna en andra, mindre dramatisk men mer vardagsn\u00e4ra uppgift: att lugna eller p\u00e5verka v\u00e4dret. Denna praxis riktades till Sila.<\/p><p>Vid hotande storm kunde en <span class=\"iwg-fachbegriff\" data-tooltip=\"Religi\u00f6s specialist som tillskrivs f\u00f6rmedling mellan m\u00e4nniskor och andev\u00e4rlden.\" tabindex=\"0\">schaman<\/span> g\u00e5 in i trans och \u00e5kalla Sila, ibland genom att h\u00e5lla andan, ibland genom att sl\u00e5 upp i luften med en piska av s\u00e4lskinn. Dessa praktiker \u00e4r mindre dramatiskt dokumenterade \u00e4n Sedna-resorna, men lika betydelsefulla i den religi\u00f6sa praktikens vardag.<\/p><p>Andra praktiker bestod i att teckna sm\u00e5 bilder eller framf\u00f6ra gamla ord som ans\u00e5gs vara sila-former. Viktig var h\u00e5llningen: man bad inte Sila, man st\u00e4llde sig r\u00e4tt gentemot Sila.<\/p><p>Skillnaden gentemot den magisk-instrumentella <span class=\"iwg-fachbegriff\" data-tooltip=\"Ett spr\u00e5kligt ritual som ska frammana eller binda en makt.\" tabindex=\"0\">besv\u00e4rjelsen<\/span> \u00e4r vetenskapligt avg\u00f6rande och skiljer den inuitiska praxisen fr\u00e5n besl\u00e4ktade sibiriska traditioner, d\u00e4r v\u00e4derbesv\u00e4rjelse ofta var mer konkret och manipulativ utformad.<\/p><p><span class=\"iwg-fachbegriff\" data-tooltip=\"Ont avv\u00e4rjande: om tecken och f\u00f6rem\u00e5l som ska h\u00e5lla skadliga inflytelser borta.\" tabindex=\"0\">Apotrop\u00e4iskt<\/span> arbetade inuiterna dessutom med spr\u00e5ket. Vissa ord gentemot Sila var tabu, andra m\u00e5ste s\u00e4gas. Den som tillr\u00e4ttavisade ett barn talade inte alltf\u00f6r h\u00e5rt, eftersom Sila kunde registrera detta och d\u00e4refter v\u00e4nda v\u00e4dret mot den som tillr\u00e4ttavisade.<\/p><p>Denna fina konstellation visar hur religi\u00f6s ordning, uppfostran och v\u00e4derreglering var sammanfl\u00e4tade. Vetenskapligt \u00e4r detta ett paradigmatiskt fall av en genomtr\u00e4ngande religiositet som inte \u00e4r begr\u00e4nsad till rituella \u00f6ar.<\/p>\t\t\t\t\t\t\t\t<\/div>\n\t\t\t\t<\/div>\n\t\t\t\t\t<\/div>\n\t\t\t\t<\/div>\n\t\t<div class=\"elementor-element elementor-element-iwgw-sila-s6 e-flex e-con-boxed e-con e-parent\" data-id=\"iwgw-sila-s6\" data-element_type=\"container\" data-e-type=\"container\">\n\t\t\t\t\t<div class=\"e-con-inner\">\n\t\t\t\t<div class=\"elementor-element elementor-element-iwgw-sila-s6h elementor-widget elementor-widget-heading\" data-id=\"iwgw-sila-s6h\" data-element_type=\"widget\" data-e-type=\"widget\" data-widget_type=\"heading.default\">\n\t\t\t\t\t<h2 class=\"elementor-heading-title elementor-size-default\">Sila i j\u00e4mf\u00f6relse med andra v\u00e4derbegrepp<\/h2>\t\t\t\t<\/div>\n\t\t<div class=\"elementor-element elementor-element-iwgw-sila-s6c e-con-full e-flex e-con e-child\" data-id=\"iwgw-sila-s6c\" data-element_type=\"container\" data-e-type=\"container\">\n\t\t\t\t<div class=\"elementor-element elementor-element-iwgw-sila-s6t elementor-widget elementor-widget-text-editor\" data-id=\"iwgw-sila-s6t\" data-element_type=\"widget\" data-e-type=\"widget\" data-widget_type=\"text-editor.default\">\n\t\t\t\t\t\t\t\t\t<p>Vetenskapligt \u00e4r Sila s\u00e4rskilt intressant eftersom det varken kan j\u00e4mf\u00f6ras med den medelhavsbaserade Zeus-typen eller med den indoeuropeiska \u00e5skgudsmodellen. Det \u00e4r snarare besl\u00e4ktat med det kinesiska <em><span class=\"iwg-fachbegriff\" data-tooltip=\"Enligt kinesisk f\u00f6rest\u00e4llning den verkande livskraft som genomstr\u00f6mmar allt.\" tabindex=\"0\">qi<\/span><\/em>, det stoiska <em>pneuma<\/em> och det polynesiska <em>mana<\/em>, men \u00e4r specifikt arktiskt f\u00f6rankrat i j\u00e4garsamh\u00e4llets v\u00e4derberoende. Denna j\u00e4mf\u00f6rbarhet \u00e4r religionsfenomenologiskt fruktbar, men b\u00f6r inte leda till f\u00f6rhastade universalismkonstruktioner.<\/p><p>Inom det cirkumpol\u00e4ra omr\u00e5det framtr\u00e4der den tydligaste parallellen till den samiska f\u00f6rest\u00e4llningen om <em>Ilmaris<\/em> eller till den nenetsiska <em>Num<\/em>, som likas\u00e5 omfattar v\u00e4der och himmel som en monistisk princip.<\/p><p>\u00c4ven h\u00e4r \u00e4r personifieringen svag, medan begreppets r\u00e4ckvidd \u00e4r stor. Denna \u00f6verensst\u00e4mmelse tyder p\u00e5 ett gammalt cirkumpol\u00e4rt lager av religi\u00f6s begreppsbildning, vars exakta historia \u00e4nnu inte har utretts.<\/p><p>Bron till den europeiska naturfilosofin har dragits flera g\u00e5nger. Hugh Brody och Tim Ingold har h\u00e4vdat att Sila kan l\u00e4sas som en inhemsk variant av ett vidstr\u00e4ckt begrepp om det atmosf\u00e4riska, som f\u00f6rekommer i den v\u00e4sterl\u00e4ndska fenomenologin till exempel hos Hermann Schmitz eller Gernot B\u00f6hme.<\/p><p>Silas religi\u00f6sa djup g\u00e5r dock ut\u00f6ver all v\u00e4sterl\u00e4ndsk atmosf\u00e4rfilosofi, eftersom det ut\u00f6ver det deskriptiva ocks\u00e5 \u00e4r handlingsrelevant.<\/p>\t\t\t\t\t\t\t\t<\/div>\n\t\t\t\t<\/div>\n\t\t\t\t\t<\/div>\n\t\t\t\t<\/div>\n\t\t<div class=\"elementor-element elementor-element-iwgw-sila-s7 e-flex e-con-boxed e-con e-parent\" data-id=\"iwgw-sila-s7\" data-element_type=\"container\" data-e-type=\"container\">\n\t\t\t\t\t<div class=\"e-con-inner\">\n\t\t\t\t<div class=\"elementor-element elementor-element-iwgw-sila-s7h elementor-widget elementor-widget-heading\" data-id=\"iwgw-sila-s7h\" data-element_type=\"widget\" data-e-type=\"widget\" data-widget_type=\"heading.default\">\n\t\t\t\t\t<h2 class=\"elementor-heading-title elementor-size-default\">Sila och klimatf\u00f6r\u00e4ndringen<\/h2>\t\t\t\t<\/div>\n\t\t<div class=\"elementor-element elementor-element-iwgw-sila-s7c e-con-full e-flex e-con e-child\" data-id=\"iwgw-sila-s7c\" data-element_type=\"container\" data-e-type=\"container\">\n\t\t\t\t<div class=\"elementor-element elementor-element-iwgw-sila-s7t elementor-widget elementor-widget-text-editor\" data-id=\"iwgw-sila-s7t\" data-element_type=\"widget\" data-e-type=\"widget\" data-widget_type=\"text-editor.default\">\n\t\t\t\t\t\t\t\t\t<p>Sedan 1990-talet har Sila blivit ett centralt begrepp i inuitisk klimatdiskurs. Inuitiska \u00e4ldste, till exempel i rapporterna fr\u00e5n Inuit Tapiriit Kanatami och Inuit Circumpolar Council, beskriver klimatf\u00f6r\u00e4ndringen framf\u00f6r allt som en f\u00f6rlust av Silas f\u00f6ruts\u00e4gbarhet, snarare \u00e4n som en temperatur\u00f6kning. V\u00e4dret blir ober\u00e4kneligt, vilket samtidigt inneb\u00e4r att det inte l\u00e4ngre st\u00e4mmer med den \u00f6verl\u00e4mnade f\u00f6rnuftsordningen.<\/p><p>Vetenskapligt \u00e4r detta anm\u00e4rkningsv\u00e4rt, eftersom ett traditionellt religi\u00f6st begrepp blir spr\u00e5ket f\u00f6r den ekologiska krisen, utan att leda till en fundamentalistisk \u00e5teruppr\u00e4ttelse. Forskaren Sheila Watt-Cloutier har i <em>The Right to Be Cold<\/em> anv\u00e4nt Sila som ett \u00f6vers\u00e4ttningsbegrepp f\u00f6r den folkr\u00e4ttsliga klimatdebatten och d\u00e4rmed visat hur inhemska religi\u00f6sa begrepp kan bli globalt politiskt verksamma.<\/p><p>Denna aktualitet visar att Sila inte \u00e4r ett f\u00f6rg\u00e5nget religi\u00f6st fenomen, utan ett levande begrepp i st\u00e4ndig omvandling. Den inuitiska v\u00e4deretiska l\u00e4ran m\u00f6ter h\u00e4r globala vetenskapliga och politiska diskurser, utan att f\u00f6rlora sitt eget djup.<\/p><p>Vetenskapligt \u00e4r detta ett paradigmatiskt exempel p\u00e5 hur traditionella begrepp aktiveras f\u00f6r samtida globala diskurser, med metodisk betydelse l\u00e5ngt ut\u00f6ver den inuitiska traditionen.<\/p>\t\t\t\t\t\t\t\t<\/div>\n\t\t\t\t<\/div>\n\t\t\t\t\t<\/div>\n\t\t\t\t<\/div>\n\t\t<div class=\"elementor-element elementor-element-iwgw-sila-s8 e-flex e-con-boxed e-con e-parent\" data-id=\"iwgw-sila-s8\" data-element_type=\"container\" data-e-type=\"container\">\n\t\t\t\t\t<div class=\"e-con-inner\">\n\t\t\t\t<div class=\"elementor-element elementor-element-iwgw-sila-s8h elementor-widget elementor-widget-heading\" data-id=\"iwgw-sila-s8h\" data-element_type=\"widget\" data-e-type=\"widget\" data-widget_type=\"heading.default\">\n\t\t\t\t\t<h2 class=\"elementor-heading-title elementor-size-default\">Forskningshistoria och mottagande<\/h2>\t\t\t\t<\/div>\n\t\t<div class=\"elementor-element elementor-element-iwgw-sila-s8c e-con-full e-flex e-con e-child\" data-id=\"iwgw-sila-s8c\" data-element_type=\"container\" data-e-type=\"container\">\n\t\t\t\t<div class=\"elementor-element elementor-element-iwgw-sila-s8t elementor-widget elementor-widget-text-editor\" data-id=\"iwgw-sila-s8t\" data-element_type=\"widget\" data-e-type=\"widget\" data-widget_type=\"text-editor.default\">\n\t\t\t\t\t\t\t\t\t<p>Utforskningen av Sila har genomg\u00e5tt tre faser. F\u00f6rst dokumenterade polarforskarna under sent 1800-tal och tidigt 1900-tal begreppet fragmentariskt (Boas, Rink, Birket-Smith). Rasmussen lade 1929 grunden, som f\u00f6rblev oemotsagd i decennier. Daniel Merkur och Mircea Eliade byggde d\u00e4rifr\u00e5n den vetenskapliga syntes som var <span class=\"iwg-fachbegriff\" data-tooltip=\"Tillh\u00f6rande den bindande, erk\u00e4nda skriftsamlingen inom en religion.\" tabindex=\"0\">kanonisk<\/span> under andra h\u00e4lften av 1900-talet.<\/p><p>Sedan 1990-talet har Fr\u00e9d\u00e9ric Laugrand och Jarich Oosten \u00e4gnat sig \u00e5t en mer noggrann regional differentiering av Sila-begreppet. De visar att Iglulik, Netsilik, Baffin och Gr\u00f6nland utvecklar n\u00e5got olika konnotationer, utan att grundstrukturen uppl\u00f6ses.<\/p><p>En fj\u00e4rde fas markerar den ekologiska och politiska aktualiseringen sedan 2000-talet, d\u00e5 inuitiska f\u00f6rfattare sj\u00e4lva publicerar om Sila och d\u00e4rmed v\u00e4sentligt f\u00f6r\u00e4ndrar forskningsl\u00e4get.<\/p><p>Inom den inuitiska kulturkretsen sj\u00e4lvt har Sila f\u00e5tt en plats i skol- och h\u00f6gskoleutbildningen. F\u00f6rmedlingen av begreppet till den yngre generationen \u00e4r i dag en del av ett medvetet bevarande av spr\u00e5k och kunskap, som vetenskapligt f\u00f6ljs men inte ers\u00e4tts.<\/p><p>Denna dubbelhet mellan inhemsk kunskapsgemenskap och akademisk forskning \u00e4r religionsfenomenologiskt en egen fr\u00e5ga och ett exempel p\u00e5 den postkoloniala omformningen av <span class=\"iwg-fachbegriff\" data-tooltip=\"Vetenskapen som studerar religioner j\u00e4mf\u00f6rande och utan trosbindning.\" tabindex=\"0\">religionsvetenskapen<\/span>.<\/p>\t\t\t\t\t\t\t\t<\/div>\n\t\t\t\t<\/div>\n\t\t\t\t\t<\/div>\n\t\t\t\t<\/div>\n\t\t<div class=\"elementor-element elementor-element-iwgw-sila-s9 e-flex e-con-boxed e-con e-parent\" data-id=\"iwgw-sila-s9\" data-element_type=\"container\" data-e-type=\"container\">\n\t\t\t\t\t<div class=\"e-con-inner\">\n\t\t\t\t<div class=\"elementor-element elementor-element-iwgw-sila-s9h elementor-widget elementor-widget-heading\" data-id=\"iwgw-sila-s9h\" data-element_type=\"widget\" data-e-type=\"widget\" data-widget_type=\"heading.default\">\n\t\t\t\t\t<h2 class=\"elementor-heading-title elementor-size-default\">Korsh\u00e4nvisningar i inuitlexikonet<\/h2>\t\t\t\t<\/div>\n\t\t<div class=\"elementor-element elementor-element-iwgw-sila-s9c e-con-full e-flex e-con e-child\" data-id=\"iwgw-sila-s9c\" data-element_type=\"container\" data-e-type=\"container\">\n\t\t\t\t<div class=\"elementor-element elementor-element-iwgw-sila-s9t elementor-widget elementor-widget-text-editor\" data-id=\"iwgw-sila-s9t\" data-element_type=\"widget\" data-e-type=\"widget\" data-widget_type=\"text-editor.default\">\n\t\t\t\t\t\t\t\t\t<p>Den som vill f\u00f6rdjupa sig i Silas samband med andra v\u00e4sen finner i lexikonet uppslagsorden om <a href=\"https:\/\/iwell-guard.com\/sv\/sedna-havets-harskarinna-inuiterna\/\">Sedna<\/a>, <a href=\"https:\/\/iwell-guard.com\/sv\/igaluk-mangud-inuit-tradition\/\">Igaluk<\/a>, <a href=\"https:\/\/iwell-guard.com\/sv\/pinga-harskarinna-landdjur\/\">Pinga<\/a>, <a href=\"https:\/\/iwell-guard.com\/sv\/tornarssuk-stor-skyddsande-shamaner\/\">Tornarssuk<\/a>, <a href=\"https:\/\/iwell-guard.com\/sv\/nanook-isbjornsherre-inuit-tradition\/\">Nanook<\/a>, <a href=\"https:\/\/iwell-guard.com\/sv\/tupilak-konstgjord-hamndeande-inuiter\/\">Tupilak<\/a>, <a href=\"https:\/\/iwell-guard.com\/sv\/anguta-sednas-far-och-underjordens-vaktare\/\">Anguta<\/a>, <a href=\"https:\/\/iwell-guard.com\/sv\/malina-solgudinna-inuiterna\/\">Malina<\/a> och <a href=\"https:\/\/iwell-guard.com\/sv\/qailertetang-vaderfoljeslagare-djurens-vaktare\/\">Qailertetang<\/a>. \u00d6vergripande ramas den religi\u00f6sa topografin i den centrala Arktis in av kulturhubben <a href=\"https:\/\/iwell-guard.com\/sv\/inuit-arktis-sedna-tornit-skyddspraxis\/\">Inuit-tradition<\/a>.<\/p><p>Den som vill f\u00f6rst\u00e5 Sila i en vidare cirkumpol\u00e4r j\u00e4mf\u00f6relse finner viktiga paralleller hos de <a href=\"https:\/\/iwell-guard.com\/sv\/sami-noaidi-trumma\/\">samiska<\/a> v\u00e4der- och atmosf\u00e4rbegreppen, s\u00e4rskilt i Beaivi-Sara-konstellationen.<\/p>\t\t\t\t\t\t\t\t<\/div>\n\t\t\t\t<\/div>\n\t\t\t\t\t<\/div>\n\t\t\t\t<\/div>\n\t\t<div class=\"elementor-element elementor-element-cp2cd38ede e-flex e-con-boxed e-con e-parent\" data-id=\"cp2cd38ede\" data-element_type=\"container\" data-e-type=\"container\">\n\t\t\t\t\t<div class=\"e-con-inner\">\n\t\t\t\t<div class=\"elementor-element elementor-element-cp20442d65 elementor-widget elementor-widget-heading\" data-id=\"cp20442d65\" data-element_type=\"widget\" data-e-type=\"widget\" data-widget_type=\"heading.default\">\n\t\t\t\t\t<h2 class=\"elementor-heading-title elementor-size-default\">Luft, f\u00f6rnuft och v\u00e4der: sv\u00e5righeten att \u00f6vers\u00e4tta Sila<\/h2>\t\t\t\t<\/div>\n\t\t<div class=\"elementor-element elementor-element-cp2b5f2985 e-flex e-con-boxed e-con e-child\" data-id=\"cp2b5f2985\" data-element_type=\"container\" data-e-type=\"container\">\n\t\t\t\t\t<div class=\"e-con-inner\">\n\t\t\t\t<div class=\"elementor-element elementor-element-cp266dd50f elementor-widget elementor-widget-text-editor\" data-id=\"cp266dd50f\" data-element_type=\"widget\" data-e-type=\"widget\" data-widget_type=\"text-editor.default\">\n\t\t\t\t\t\t\t\t\t<p>Begreppet <em>Sila<\/em>, belagt i olika stavningar som <em>Silap Inua<\/em> eller <em>Sila Inua<\/em>, h\u00f6r till de f\u00f6rest\u00e4llningar inom inuiternas traditioner som s\u00e4rskilt envist undflyr v\u00e4sterl\u00e4ndska \u00f6vers\u00e4ttningskategorier. Ordet t\u00e4cker ett betydelsef\u00e4lt som p\u00e5 svenska \u00e4r uppdelat p\u00e5 flera olika begrepp.<\/p><p><em>Sila<\/em> kan beteckna omv\u00e4rlden i betydelsen v\u00e4der och klimat, det kan syfta p\u00e5 luften och himlen, och det kan samtidigt betyda f\u00f6rst\u00e5nd, f\u00f6rnuft eller medvetande. Ett barn som b\u00f6rjar bli f\u00f6rnuftigt kan beskrivas med en v\u00e4ndning som inneh\u00e5ller Sila.<\/p><p>Denna betydelsebredd \u00e4r ingen brist i spr\u00e5ket, utan uttryck f\u00f6r en annan indelning av v\u00e4rlden. Sila f\u00f6rbinder det omfattande utanf\u00f6r med f\u00f6rst\u00e5elsen inom. F\u00f6rest\u00e4llningen om <em>Silap Inua<\/em>, Silas Inua eller \u00e4gare, t\u00e4nker denna f\u00f6rbindelse som en personlig makt.<\/p><p>Inua, ofta \u00f6versatt med \u00e4gare eller inv\u00e5nare, betecknar inom inuiternas traditioner den inneboende personen i en plats, ett djur eller en f\u00f6reteelse. Silap Inua \u00e4r allts\u00e5 den personliga insidan av hela den omgivande ordningen, ingen v\u00e4dergu\u0434 i europeisk mening.<\/p><p>Knud Rasmussen, som under den femte Thule-expeditionen antecknade samtal med shamaner, har bevarat n\u00e5gra uttalanden d\u00e4r Sila framtr\u00e4der som en stor, ogripbar makt som inte kan tilltalas med vanliga ord och som visar sig genom v\u00e4dret, genom storm och genom djurens beteende.<\/p><p>Rasmussens \u00e5tergivningar \u00e4r v\u00e4rdefulla, men de \u00e4r \u00f6vers\u00e4ttningar av \u00f6vers\u00e4ttningar, f\u00f6rmedlade genom tolkar och genom hans eget s\u00f6kande efter en fattbar <span class=\"iwg-fachbegriff\" data-tooltip=\"Den vetenskapliga l\u00e4ran om Gud och om en religions tro.\" tabindex=\"0\">teologi<\/span>. Vissa forskare misst\u00e4nker att den slutenhet med vilken Sila i en del sekund\u00e4rlitteratur framst\u00e4lls som en h\u00f6gsta gudom delvis \u00e4r en effekt av denna upptecknings\u00adsituation.<\/p><p>F\u00f6r en korrekt framst\u00e4llning f\u00f6ljer d\u00e4rav tv\u00e5 saker. F\u00f6r det f\u00f6rsta b\u00f6r Sila inte f\u00f6rhastat reduceras till en v\u00e4dergu\u0434, eftersom kopplingen till f\u00f6rst\u00e5nd och livsordning d\u00e5 skulle g\u00e5 f\u00f6rlorad, en koppling som \u00e4r central f\u00f6r inuiternas f\u00f6rest\u00e4llning.<\/p><p>F\u00f6r det andra m\u00e5ste den koloniala f\u00f6rmedlingen alltid v\u00e4gas in i varje uttalande om Sila. K\u00e4llorna \u00e4r sparsamma, sv\u00e5ra att kontrollera enspr\u00e5kigt och f\u00e4rgade av samlarnas intresse f\u00f6r ett ordnat religi\u00f6st system.<\/p>\t\t\t\t\t\t\t\t<\/div>\n\t\t\t\t\t<\/div>\n\t\t\t\t<\/div>\n\t\t\t\t\t<\/div>\n\t\t\t\t<\/div>\n\t\t<div class=\"elementor-element elementor-element-iwgw-sila-lit e-flex e-con-boxed e-con e-parent\" data-id=\"iwgw-sila-lit\" data-element_type=\"container\" data-e-type=\"container\">\n\t\t\t\t\t<div class=\"e-con-inner\">\n\t\t\t\t<div class=\"elementor-element elementor-element-iwgw-sila-lith elementor-widget elementor-widget-heading\" data-id=\"iwgw-sila-lith\" data-element_type=\"widget\" data-e-type=\"widget\" data-widget_type=\"heading.default\">\n\t\t\t\t\t<h2 class=\"elementor-heading-title elementor-size-default\">Litteratur (urval)<\/h2>\t\t\t\t<\/div>\n\t\t<div class=\"elementor-element elementor-element-iwgw-sila-litc e-con-full e-flex e-con e-child\" data-id=\"iwgw-sila-litc\" data-element_type=\"container\" data-e-type=\"container\">\n\t\t\t\t<div class=\"elementor-element elementor-element-iwgw-sila-litt elementor-widget elementor-widget-text-editor\" data-id=\"iwgw-sila-litt\" data-element_type=\"widget\" data-e-type=\"widget\" data-widget_type=\"text-editor.default\">\n\t\t\t\t\t\t\t\t\t<ul><li>Knud Rasmussen: <em>Intellectual Culture of the Iglulik Eskimos<\/em> (K\u00f6penhamn 1929)<\/li><li>Daniel Merkur: <em>Powers Which We Do Not Know<\/em> (Moscow ID 1991)<\/li><li>Fr\u00e9d\u00e9ric Laugrand och Jarich Oosten: <em>Inuit Shamanism and Christianity<\/em> (Montreal 2010)<\/li><li>Hinrich Rink: <em>Tales and Traditions of the Eskimo<\/em> (Edinburgh 1875)<\/li><li>Sheila Watt-Cloutier: <em>The Right to Be Cold<\/em> (Toronto 2015)<\/li><li>Tim Ingold: <em>The Perception of the Environment<\/em> (London 2000)<\/li><\/ul>\t\t\t\t\t\t\t\t<\/div>\n\t\t\t\t<\/div>\n\t\t\t\t\t<\/div>\n\t\t\t\t<\/div>\n\t\t<div class=\"elementor-element elementor-element-iwgw-sila-kwd e-flex e-con-boxed e-con e-parent\" data-id=\"iwgw-sila-kwd\" data-element_type=\"container\" data-e-type=\"container\">\n\t\t\t\t\t<div class=\"e-con-inner\">\n\t\t<div class=\"elementor-element elementor-element-iwgw-sila-kwdc e-con-full e-flex e-con e-child\" data-id=\"iwgw-sila-kwdc\" data-element_type=\"container\" data-e-type=\"container\">\n\t\t\t\t<div class=\"elementor-element elementor-element-iwgw-sila-kwdt elementor-widget elementor-widget-text-editor\" data-id=\"iwgw-sila-kwdt\" data-element_type=\"widget\" data-e-type=\"widget\" data-widget_type=\"text-editor.default\">\n\t\t\t\t\t\t\t\t\t<p><em>Relaterade nyckelbegrepp: Sila Silap Inua V\u00e4rldsanden V\u00e4derprincip Inuitiskt f\u00f6rnuft Pittailiniq Iglulik.<\/em><\/p>\t\t\t\t\t\t\t\t<\/div>\n\t\t\t\t<\/div>\n\t\t\t\t\t<\/div>\n\t\t\t\t<\/div>\n\t\t<div class=\"elementor-element elementor-element-iwgw-sila-cc e-flex e-con-boxed e-con e-parent\" data-id=\"iwgw-sila-cc\" data-element_type=\"container\" data-e-type=\"container\" id=\"iwg-cc-sila\">\n\t\t\t\t\t<div class=\"e-con-inner\">\n\t\t<div class=\"elementor-element elementor-element-iwgw-sila-ccinner e-flex e-con-boxed e-con e-parent\" data-id=\"iwgw-sila-ccinner\" data-element_type=\"container\" data-e-type=\"container\" data-settings=\"{&quot;background_background&quot;:&quot;classic&quot;}\">\n\t\t\t\t\t<div class=\"e-con-inner\">\n\t\t\t\t<div class=\"elementor-element elementor-element-iwgw-sila-cch elementor-widget elementor-widget-heading\" data-id=\"iwgw-sila-cch\" data-element_type=\"widget\" data-e-type=\"widget\" data-widget_type=\"heading.default\">\n\t\t\t\t\t<h2 class=\"elementor-heading-title elementor-size-default\">iWell Guard och skyddstraditioner<\/h2>\t\t\t\t<\/div>\n\t\t\t\t<div class=\"elementor-element elementor-element-iwgw-sila-cct elementor-widget elementor-widget-text-editor\" data-id=\"iwgw-sila-cct\" data-element_type=\"widget\" data-e-type=\"widget\" data-widget_type=\"text-editor.default\">\n\t\t\t\t\t\t\t\t\t<div data-nosnippet=\"true\"><p>iWell Guard bygger p\u00e5 den kulturhistoriska traditionen av b\u00e4rbara skyddsobjekt, i traditionen fr\u00e5n <a href=\"https:\/\/iwell-guard.com\/sv\/inuit-arktis-sedna-tornit-skyddspraxis\/\">inuiter<\/a> och m\u00e5nga andra kulturer v\u00e4rlden \u00f6ver. 41 lager, \u00e4kta guld, platina, silver, tillverkad i Tyskland. 30 dagars \u00e5ngerr\u00e4tt.<\/p><\/div>\t\t\t\t\t\t\t\t<\/div>\n\t\t\t\t<div class=\"elementor-element elementor-element-iwgw-sila-ccb iwg-cc-button iwg-cc-cta-2026-05-13 elementor-widget elementor-widget-jet-button\" data-id=\"iwgw-sila-ccb\" data-element_type=\"widget\" data-e-type=\"widget\" data-widget_type=\"jet-button.default\">\n\t\t\t\t<div class=\"elementor-widget-container\">\n\t\t\t\t\t<div class=\"elementor-jet-button jet-elements\"><div class=\"jet-button__container\"><a class=\"jet-button__instance jet-button__instance--icon-left hover-effect-1\" href=\"\/ueber-iwell-guard\/?utm_source=iwell-guard.com&amp;utm_medium=info-box&amp;utm_campaign=wesen-tradition\"><div class=\"jet-button__plane jet-button__plane-normal\"><\/div><div class=\"jet-button__plane jet-button__plane-hover\"><\/div><div class=\"jet-button__state jet-button__state-normal\"><span class=\"jet-button__label\">Mer om iWell Guard<\/span><\/div><div class=\"jet-button__state jet-button__state-hover\"><span class=\"jet-button__label\">Mer om iWell Guard<\/span><\/div><\/a><\/div><\/div><style>.elementor-element.elementor-element-iwgw-sila-ccb .jet-button__instance{width:320px;height:56px;}.elementor-element.elementor-element-iwgw-sila-ccb .jet-button__state-normal .jet-button__label{text-align:center;margin:0px 0px 0px 0px;color:#1a1b20;font-family:Montserrat,sans-serif;font-size:13px;font-weight:400;letter-spacing:4px;line-height:1.714em;text-transform:uppercase;}.elementor-element.elementor-element-iwgw-sila-ccb .jet-button__state-hover .jet-button__label{text-align:center;margin:0px 0px 0px 0px;color:#FECC76;font-family:Montserrat,sans-serif;font-size:13px;font-weight:400;letter-spacing:4px;line-height:1.714em;text-transform:uppercase;}.elementor-element.elementor-element-iwgw-sila-ccb .jet-button__plane-normal{background-color:#FECC76;border-style:solid;border-color:#C99540;border-width:2px 2px 2px 2px;}.elementor-element.elementor-element-iwgw-sila-ccb .jet-button__plane-hover{background-color:rgba(0,0,0,0.55);border-style:solid;border-color:#FECC76;border-width:2px 2px 2px 2px;}<\/style>\t\t\t\t<\/div>\n\t\t\t\t<\/div>\n\t\t\t\t<div class=\"elementor-element elementor-element-iwgw-sila-ccd elementor-widget elementor-widget-text-editor\" data-id=\"iwgw-sila-ccd\" data-element_type=\"widget\" data-e-type=\"widget\" data-widget_type=\"text-editor.default\">\n\t\t\t\t\t\t\t\t\t<div data-nosnippet=\"true\"><p style=\"text-align:center;font-size:13px;opacity:0.7;margin-top:14px\" data-nosnippet=\"true\">Personliga erfarenheter kan variera. Ingen medicinteknisk produkt. Inget l\u00f6fte om l\u00e4kning.<\/p><\/div>\t\t\t\t\t\t\t\t<\/div>\n\t\t\t\t\t<\/div>\n\t\t\t\t<\/div>\n\t\t\t\t\t<\/div>\n\t\t\t\t<\/div>\n\t\t<div class=\"elementor-element elementor-element-iwgw-sila-disc e-flex e-con-boxed e-con e-parent\" data-id=\"iwgw-sila-disc\" data-element_type=\"container\" data-e-type=\"container\">\n\t\t\t\t\t<div class=\"e-con-inner\">\n\t\t\t\t<div class=\"elementor-element elementor-element-iwgw-sila-discw elementor-widget elementor-widget-html\" data-id=\"iwgw-sila-discw\" data-element_type=\"widget\" data-e-type=\"widget\" data-widget_type=\"html.default\">\n\t\t\t\t\t<footer data-nosnippet=\"true\" class=\"iwg-disclaimer-block\"><p data-nosnippet=\"true\">iWell Guard \u00e4r <strong>ingen medicinteknisk produkt<\/strong> och ers\u00e4tter inte l\u00e4karv\u00e5rd eller psykoterapeutisk behandling. De religionsvetenskapliga inneh\u00e5llen \u00e4r kulturhistorisk inordning, ingen andlig praxisrekommendation.<\/p><\/footer>\t\t\t\t<\/div>\n\t\t\t\t\t<\/div>\n\t\t\t\t<\/div>\n\t\t\t\t<\/div>\n\t\t","protected":false},"excerpt":{"rendered":"","protected":false},"author":3,"featured_media":2879,"parent":0,"menu_order":0,"comment_status":"closed","ping_status":"closed","template":"elementor_header_footer","meta":{"_yoast_wpseo_focuskw":"Sila Inuiter V\u00e4rldsandetag","_yoast_wpseo_title":"Sila - Inuiternas v\u00e4rldsandetag, v\u00e4der och f\u00f6rnuft","_yoast_wpseo_metadesc":"Sila \u00e4r den arktiska v\u00e4rldsprincipen f\u00f6r v\u00e4der, luft och f\u00f6rnuft. Religionsvetenskaplig genomg\u00e5ng med myt, schamanpraxis, k\u00e4llor och tabu.","_yoast_wpseo_meta-robots-noindex":"","_yoast_wpseo_canonical":"","_angie_page":false,"gefaehrdungsstufe":"2","wesen_kultur":"inuit","wesen_klasse":"geister","footnotes":""},"categories":[],"class_list":["post-136903","page","type-page","status-publish","has-post-thumbnail","hentry"],"yoast_head":"<!-- This site is optimized with the Yoast SEO Premium plugin v27.7 (Yoast SEO v28.3) - https:\/\/yoast.com\/product\/yoast-seo-premium-wordpress\/ -->\n<title>Sila - Inuiternas v\u00e4rldsandetag, v\u00e4der och f\u00f6rnuft<\/title>\n<meta name=\"description\" content=\"Sila \u00e4r den arktiska v\u00e4rldsprincipen f\u00f6r v\u00e4der, luft och f\u00f6rnuft. Religionsvetenskaplig genomg\u00e5ng med myt, schamanpraxis, k\u00e4llor och tabu.\" \/>\n<meta name=\"robots\" content=\"index, follow, max-snippet:-1, max-image-preview:large, max-video-preview:-1\" \/>\n<link rel=\"canonical\" href=\"https:\/\/iwell-guard.com\/sv\/sila-varldsandetag-vaderherre-inuiter\/\" \/>\n<meta property=\"og:locale\" content=\"sv_SE\" \/>\n<meta property=\"og:type\" content=\"article\" \/>\n<meta property=\"og:title\" content=\"Sila - V\u00e4rldsandetag och v\u00e4derherre hos inuiterna\" \/>\n<meta property=\"og:description\" content=\"Sila \u00e4r den arktiska v\u00e4rldsprincipen f\u00f6r v\u00e4der, luft och f\u00f6rnuft. Religionsvetenskaplig genomg\u00e5ng med myt, schamanpraxis, k\u00e4llor och tabu.\" \/>\n<meta property=\"og:url\" content=\"https:\/\/iwell-guard.com\/sv\/sila-varldsandetag-vaderherre-inuiter\/\" \/>\n<meta property=\"og:site_name\" content=\"iWell Guard\" \/>\n<meta property=\"article:modified_time\" content=\"2026-09-03T01:15:17+00:00\" \/>\n<meta property=\"og:image\" content=\"https:\/\/iwell-guard.com\/wp-content\/uploads\/2026\/05\/geister_inuit_sila.webp\" \/>\n\t<meta property=\"og:image:width\" content=\"1024\" \/>\n\t<meta property=\"og:image:height\" content=\"1536\" \/>\n\t<meta property=\"og:image:type\" content=\"image\/webp\" \/>\n<meta name=\"twitter:card\" content=\"summary_large_image\" \/>\n<script type=\"application\/ld+json\" class=\"yoast-schema-graph\">{\"@context\":\"https:\\\/\\\/schema.org\",\"@graph\":[{\"@type\":\"WebPage\",\"@id\":\"https:\\\/\\\/iwell-guard.com\\\/sv\\\/sila-varldsandetag-vaderherre-inuiter\\\/\",\"url\":\"https:\\\/\\\/iwell-guard.com\\\/sv\\\/sila-varldsandetag-vaderherre-inuiter\\\/\",\"name\":\"Sila - Inuiternas v\u00e4rldsandetag, v\u00e4der och f\u00f6rnuft\",\"isPartOf\":{\"@id\":\"https:\\\/\\\/iwell-guard.com\\\/sv\\\/#website\"},\"primaryImageOfPage\":{\"@id\":\"https:\\\/\\\/iwell-guard.com\\\/sv\\\/sila-varldsandetag-vaderherre-inuiter\\\/#primaryimage\"},\"image\":{\"@id\":\"https:\\\/\\\/iwell-guard.com\\\/sv\\\/sila-varldsandetag-vaderherre-inuiter\\\/#primaryimage\"},\"thumbnailUrl\":\"https:\\\/\\\/iwell-guard.com\\\/wp-content\\\/uploads\\\/2026\\\/05\\\/geister_inuit_sila.webp\",\"datePublished\":\"2026-09-03T00:11:03+00:00\",\"dateModified\":\"2026-09-03T01:15:17+00:00\",\"description\":\"Sila \u00e4r den arktiska v\u00e4rldsprincipen f\u00f6r v\u00e4der, luft och f\u00f6rnuft. Religionsvetenskaplig genomg\u00e5ng med myt, schamanpraxis, k\u00e4llor och tabu.\",\"breadcrumb\":{\"@id\":\"https:\\\/\\\/iwell-guard.com\\\/sv\\\/sila-varldsandetag-vaderherre-inuiter\\\/#breadcrumb\"},\"inLanguage\":\"sv-SE\",\"potentialAction\":[{\"@type\":\"ReadAction\",\"target\":[\"https:\\\/\\\/iwell-guard.com\\\/sv\\\/sila-varldsandetag-vaderherre-inuiter\\\/\"]}]},{\"@type\":\"ImageObject\",\"inLanguage\":\"sv-SE\",\"@id\":\"https:\\\/\\\/iwell-guard.com\\\/sv\\\/sila-varldsandetag-vaderherre-inuiter\\\/#primaryimage\",\"url\":\"https:\\\/\\\/iwell-guard.com\\\/wp-content\\\/uploads\\\/2026\\\/05\\\/geister_inuit_sila.webp\",\"contentUrl\":\"https:\\\/\\\/iwell-guard.com\\\/wp-content\\\/uploads\\\/2026\\\/05\\\/geister_inuit_sila.webp\",\"width\":1024,\"height\":1536,\"caption\":\"Andar fr\u00e5n den inuitiska traditionen.\"},{\"@type\":\"BreadcrumbList\",\"@id\":\"https:\\\/\\\/iwell-guard.com\\\/sv\\\/sila-varldsandetag-vaderherre-inuiter\\\/#breadcrumb\",\"itemListElement\":[{\"@type\":\"ListItem\",\"position\":1,\"name\":\"Start\",\"item\":\"https:\\\/\\\/iwell-guard.com\\\/sv\\\/?page_id=136483\"},{\"@type\":\"ListItem\",\"position\":2,\"name\":\"Sila &#8211; V\u00e4rldsandetag och v\u00e4derherre hos inuiterna\"}]},{\"@type\":\"WebSite\",\"@id\":\"https:\\\/\\\/iwell-guard.com\\\/sv\\\/#website\",\"url\":\"https:\\\/\\\/iwell-guard.com\\\/sv\\\/\",\"name\":\"iWell Guard\",\"description\":\"Schutz vor dunklen Einfl\u00fcssen\",\"publisher\":{\"@id\":\"https:\\\/\\\/iwell-guard.com\\\/sv\\\/#organization\"},\"potentialAction\":[{\"@type\":\"SearchAction\",\"target\":{\"@type\":\"EntryPoint\",\"urlTemplate\":\"https:\\\/\\\/iwell-guard.com\\\/sv\\\/?s={search_term_string}\"},\"query-input\":{\"@type\":\"PropertyValueSpecification\",\"valueRequired\":true,\"valueName\":\"search_term_string\"}}],\"inLanguage\":\"sv-SE\"},{\"@type\":\"Organization\",\"@id\":\"https:\\\/\\\/iwell-guard.com\\\/sv\\\/#organization\",\"name\":\"Ittermann electronic GmbH\",\"url\":\"https:\\\/\\\/iwell-guard.com\\\/sv\\\/\",\"logo\":{\"@type\":\"ImageObject\",\"inLanguage\":\"sv-SE\",\"@id\":\"https:\\\/\\\/iwell-guard.com\\\/sv\\\/#\\\/schema\\\/logo\\\/image\\\/\",\"url\":\"https:\\\/\\\/iwell-guard.com\\\/wp-content\\\/uploads\\\/2026\\\/05\\\/Ittermann-Logo-1182x237-1.png\",\"contentUrl\":\"https:\\\/\\\/iwell-guard.com\\\/wp-content\\\/uploads\\\/2026\\\/05\\\/Ittermann-Logo-1182x237-1.png\",\"width\":1182,\"height\":237,\"caption\":\"Ittermann electronic GmbH\"},\"image\":{\"@id\":\"https:\\\/\\\/iwell-guard.com\\\/sv\\\/#\\\/schema\\\/logo\\\/image\\\/\"},\"sameAs\":[\"https:\\\/\\\/pantip.com\\\/profile\\\/9367242\",\"https:\\\/\\\/micro.blog\\\/iwellguard\",\"https:\\\/\\\/www.diggerslist.com\\\/iwellguard\\\/about\",\"https:\\\/\\\/skitterphoto.com\\\/photographers\\\/2870314\\\/iwell-guard\",\"https:\\\/\\\/iwellguard.wordpress.com\\\/2026\\\/06\\\/06\\\/iwell-guard\\\/\",\"https:\\\/\\\/hub.docker.com\\\/u\\\/iwellguard\",\"https:\\\/\\\/www.pinterest.com\\\/iwellguard\\\/\",\"https:\\\/\\\/bit.ly\\\/m\\\/iwellguard\",\"https:\\\/\\\/entre-vos-mains.alsace.eu\\\/profiles\\\/iwellguard\\\/activity\",\"https:\\\/\\\/gravatar.com\\\/reallybeded8fd34\",\"https:\\\/\\\/naijamatta.com\\\/iwellguard\",\"https:\\\/\\\/www.goodreads.com\\\/iwellguard\",\"https:\\\/\\\/profile.hatena.ne.jp\\\/iwellguard\\\/\",\"https:\\\/\\\/experiment.com\\\/users\\\/iwellguard\",\"https:\\\/\\\/wakelet.com\\\/@iWellGuard82270\",\"https:\\\/\\\/www.chordie.com\\\/forum\\\/profile.php?id=2555664\",\"https:\\\/\\\/www.instapaper.com\\\/p\\\/17757966\",\"https:\\\/\\\/www.mapleprimes.com\\\/users\\\/iwellguard\",\"https:\\\/\\\/businesslistingplus.com\\\/profile\\\/iwell-guard\\\/\",\"https:\\\/\\\/telegra.ph\\\/iWell-Guard-06-06\",\"https:\\\/\\\/pbase.com\\\/iwellguard\\\/iwellguard\",\"https:\\\/\\\/b.hatena.ne.jp\\\/iwellguard\\\/20260607#bookmark-4788405196491818882\",\"https:\\\/\\\/fliphtml5.com\\\/home\\\/iwellguard\",\"https:\\\/\\\/anyflip.com\\\/homepage\\\/cmiwl#About\",\"https:\\\/\\\/transfur.com\\\/Users\\\/iwellguard\",\"http:\\\/\\\/delphi.larsbo.org\\\/user\\\/iwellguard\",\"https:\\\/\\\/jobs.lajobsportal.org\\\/profiles\\\/8380803-iwell-guard\",\"https:\\\/\\\/md.chaosdorf.de\\\/s\\\/jfbe5SBdJD\",\"https:\\\/\\\/www.lingvolive.com\\\/en-us\\\/profile\\\/9ecaeaca-ce11-4e51-9e71-01d55e2bff36\\\/translations\",\"https:\\\/\\\/www.fitday.com\\\/fitness\\\/forums\\\/members\\\/iwellguard.html\",\"https:\\\/\\\/www.mymeetbook.com\\\/iwellguard\",\"https:\\\/\\\/pxhere.com\\\/en\\\/photographer-me\\\/5040798\",\"https:\\\/\\\/disqus.com\\\/by\\\/iwellguard\\\/about\\\/\",\"https:\\\/\\\/pastelink.net\\\/hjwciqwq\",\"https:\\\/\\\/pubhtml5.com\\\/homepage\\\/scjhn\\\/\",\"https:\\\/\\\/www.bitchute.com\\\/channel\\\/2O2eOKzNqujT\",\"https:\\\/\\\/audiomack.com\\\/iwellguard\"]},{\"@type\":\"Article\",\"@id\":\"https:\\\/\\\/iwell-guard.com\\\/sv\\\/sila-varldsandetag-vaderherre-inuiter\\\/#article\",\"isPartOf\":{\"@id\":\"https:\\\/\\\/iwell-guard.com\\\/sv\\\/sila-varldsandetag-vaderherre-inuiter\\\/\"},\"author\":{\"name\":\"Ralf Ittermann\",\"@id\":\"https:\\\/\\\/iwell-guard.com\\\/sv\\\/#\\\/schema\\\/person\\\/ee2a27f1cac3406c7c6fb5820cb7349f\"},\"headline\":\"Sila &#8211; V\u00e4rldsandetag och v\u00e4derherre hos inuiterna\",\"datePublished\":\"2026-09-03T00:11:03+00:00\",\"dateModified\":\"2026-09-03T01:15:17+00:00\",\"mainEntityOfPage\":{\"@id\":\"https:\\\/\\\/iwell-guard.com\\\/sv\\\/sila-varldsandetag-vaderherre-inuiter\\\/\"},\"publisher\":{\"@id\":\"https:\\\/\\\/iwell-guard.com\\\/sv\\\/#organization\"},\"image\":{\"@id\":\"https:\\\/\\\/iwell-guard.com\\\/sv\\\/sila-varldsandetag-vaderherre-inuiter\\\/#primaryimage\"},\"thumbnailUrl\":\"https:\\\/\\\/iwell-guard.com\\\/wp-content\\\/uploads\\\/2026\\\/05\\\/geister_inuit_sila.webp\",\"inLanguage\":\"sv-SE\",\"description\":\"Sila \u00e4r den arktiska v\u00e4rldsprincipen f\u00f6r v\u00e4der, luft och f\u00f6rnuft. Religionsvetenskaplig genomg\u00e5ng med myt, schamanpraxis, k\u00e4llor och tabu.\"}]}<\/script>\n<!-- \/ Yoast SEO Premium plugin. -->","yoast_head_json":{"title":"Sila - Inuiternas v\u00e4rldsandetag, v\u00e4der och f\u00f6rnuft","description":"Sila \u00e4r den arktiska v\u00e4rldsprincipen f\u00f6r v\u00e4der, luft och f\u00f6rnuft. Religionsvetenskaplig genomg\u00e5ng med myt, schamanpraxis, k\u00e4llor och tabu.","robots":{"index":"index","follow":"follow","max-snippet":"max-snippet:-1","max-image-preview":"max-image-preview:large","max-video-preview":"max-video-preview:-1"},"canonical":"https:\/\/iwell-guard.com\/sv\/sila-varldsandetag-vaderherre-inuiter\/","og_locale":"sv_SE","og_type":"article","og_title":"Sila - V\u00e4rldsandetag och v\u00e4derherre hos inuiterna","og_description":"Sila \u00e4r den arktiska v\u00e4rldsprincipen f\u00f6r v\u00e4der, luft och f\u00f6rnuft. Religionsvetenskaplig genomg\u00e5ng med myt, schamanpraxis, k\u00e4llor och tabu.","og_url":"https:\/\/iwell-guard.com\/sv\/sila-varldsandetag-vaderherre-inuiter\/","og_site_name":"iWell Guard","article_modified_time":"2026-09-03T01:15:17+00:00","og_image":[{"width":1024,"height":1536,"url":"https:\/\/iwell-guard.com\/wp-content\/uploads\/2026\/05\/geister_inuit_sila.webp","type":"image\/webp"}],"twitter_card":"summary_large_image","schema":{"@context":"https:\/\/schema.org","@graph":[{"@type":"Article","@id":"https:\/\/iwell-guard.com\/sv\/sila-varldsandetag-vaderherre-inuiter\/#article","isPartOf":{"@id":"https:\/\/iwell-guard.com\/sv\/sila-varldsandetag-vaderherre-inuiter\/"},"author":{"name":"Ralf Ittermann","@id":"https:\/\/iwell-guard.com\/sv\/#\/schema\/person\/ee2a27f1cac3406c7c6fb5820cb7349f"},"headline":"Sila &#8211; V\u00e4rldsandetag och v\u00e4derherre hos inuiterna","datePublished":"2026-09-03T00:11:03+00:00","dateModified":"2026-09-03T01:15:17+00:00","mainEntityOfPage":{"@id":"https:\/\/iwell-guard.com\/sv\/sila-varldsandetag-vaderherre-inuiter\/"},"publisher":{"@id":"https:\/\/iwell-guard.com\/sv\/#organization"},"image":{"@id":"https:\/\/iwell-guard.com\/sv\/sila-varldsandetag-vaderherre-inuiter\/#primaryimage"},"thumbnailUrl":"https:\/\/iwell-guard.com\/wp-content\/uploads\/2026\/05\/geister_inuit_sila.webp","inLanguage":"sv-SE","description":"Sila \u00e4r den arktiska v\u00e4rldsprincipen f\u00f6r v\u00e4der, luft och f\u00f6rnuft. Religionsvetenskaplig genomg\u00e5ng med myt, schamanpraxis, k\u00e4llor och tabu."},{"@type":"WebPage","@id":"https:\/\/iwell-guard.com\/sv\/sila-varldsandetag-vaderherre-inuiter\/","url":"https:\/\/iwell-guard.com\/sv\/sila-varldsandetag-vaderherre-inuiter\/","name":"Sila - Inuiternas v\u00e4rldsandetag, v\u00e4der och f\u00f6rnuft","isPartOf":{"@id":"https:\/\/iwell-guard.com\/sv\/#website"},"primaryImageOfPage":{"@id":"https:\/\/iwell-guard.com\/sv\/sila-varldsandetag-vaderherre-inuiter\/#primaryimage"},"image":{"@id":"https:\/\/iwell-guard.com\/sv\/sila-varldsandetag-vaderherre-inuiter\/#primaryimage"},"thumbnailUrl":"https:\/\/iwell-guard.com\/wp-content\/uploads\/2026\/05\/geister_inuit_sila.webp","datePublished":"2026-09-03T00:11:03+00:00","dateModified":"2026-09-03T01:15:17+00:00","description":"Sila \u00e4r den arktiska v\u00e4rldsprincipen f\u00f6r v\u00e4der, luft och f\u00f6rnuft. Religionsvetenskaplig genomg\u00e5ng med myt, schamanpraxis, k\u00e4llor och tabu.","breadcrumb":{"@id":"https:\/\/iwell-guard.com\/sv\/sila-varldsandetag-vaderherre-inuiter\/#breadcrumb"},"inLanguage":"sv-SE","potentialAction":[{"@type":"ReadAction","target":["https:\/\/iwell-guard.com\/sv\/sila-varldsandetag-vaderherre-inuiter\/"]}]},{"@type":"ImageObject","inLanguage":"sv-SE","@id":"https:\/\/iwell-guard.com\/sv\/sila-varldsandetag-vaderherre-inuiter\/#primaryimage","url":"https:\/\/iwell-guard.com\/wp-content\/uploads\/2026\/05\/geister_inuit_sila.webp","contentUrl":"https:\/\/iwell-guard.com\/wp-content\/uploads\/2026\/05\/geister_inuit_sila.webp","width":1024,"height":1536,"caption":"Andar fr\u00e5n den inuitiska traditionen."},{"@type":"BreadcrumbList","@id":"https:\/\/iwell-guard.com\/sv\/sila-varldsandetag-vaderherre-inuiter\/#breadcrumb","itemListElement":[{"@type":"ListItem","position":1,"name":"Start","item":"https:\/\/iwell-guard.com\/sv\/?page_id=136483"},{"@type":"ListItem","position":2,"name":"Sila &#8211; V\u00e4rldsandetag och v\u00e4derherre hos inuiterna"}]},{"@type":"WebSite","@id":"https:\/\/iwell-guard.com\/sv\/#website","url":"https:\/\/iwell-guard.com\/sv\/","name":"iWell Guard","description":"Schutz vor dunklen Einfl\u00fcssen","publisher":{"@id":"https:\/\/iwell-guard.com\/sv\/#organization"},"potentialAction":[{"@type":"SearchAction","target":{"@type":"EntryPoint","urlTemplate":"https:\/\/iwell-guard.com\/sv\/?s={search_term_string}"},"query-input":{"@type":"PropertyValueSpecification","valueRequired":true,"valueName":"search_term_string"}}],"inLanguage":"sv-SE"},{"@type":"Organization","@id":"https:\/\/iwell-guard.com\/sv\/#organization","name":"Ittermann electronic GmbH","url":"https:\/\/iwell-guard.com\/sv\/","logo":{"@type":"ImageObject","inLanguage":"sv-SE","@id":"https:\/\/iwell-guard.com\/sv\/#\/schema\/logo\/image\/","url":"https:\/\/iwell-guard.com\/wp-content\/uploads\/2026\/05\/Ittermann-Logo-1182x237-1.png","contentUrl":"https:\/\/iwell-guard.com\/wp-content\/uploads\/2026\/05\/Ittermann-Logo-1182x237-1.png","width":1182,"height":237,"caption":"Ittermann electronic GmbH"},"image":{"@id":"https:\/\/iwell-guard.com\/sv\/#\/schema\/logo\/image\/"},"sameAs":["https:\/\/pantip.com\/profile\/9367242","https:\/\/micro.blog\/iwellguard","https:\/\/www.diggerslist.com\/iwellguard\/about","https:\/\/skitterphoto.com\/photographers\/2870314\/iwell-guard","https:\/\/iwellguard.wordpress.com\/2026\/06\/06\/iwell-guard\/","https:\/\/hub.docker.com\/u\/iwellguard","https:\/\/www.pinterest.com\/iwellguard\/","https:\/\/bit.ly\/m\/iwellguard","https:\/\/entre-vos-mains.alsace.eu\/profiles\/iwellguard\/activity","https:\/\/gravatar.com\/reallybeded8fd34","https:\/\/naijamatta.com\/iwellguard","https:\/\/www.goodreads.com\/iwellguard","https:\/\/profile.hatena.ne.jp\/iwellguard\/","https:\/\/experiment.com\/users\/iwellguard","https:\/\/wakelet.com\/@iWellGuard82270","https:\/\/www.chordie.com\/forum\/profile.php?id=2555664","https:\/\/www.instapaper.com\/p\/17757966","https:\/\/www.mapleprimes.com\/users\/iwellguard","https:\/\/businesslistingplus.com\/profile\/iwell-guard\/","https:\/\/telegra.ph\/iWell-Guard-06-06","https:\/\/pbase.com\/iwellguard\/iwellguard","https:\/\/b.hatena.ne.jp\/iwellguard\/20260607#bookmark-4788405196491818882","https:\/\/fliphtml5.com\/home\/iwellguard","https:\/\/anyflip.com\/homepage\/cmiwl#About","https:\/\/transfur.com\/Users\/iwellguard","http:\/\/delphi.larsbo.org\/user\/iwellguard","https:\/\/jobs.lajobsportal.org\/profiles\/8380803-iwell-guard","https:\/\/md.chaosdorf.de\/s\/jfbe5SBdJD","https:\/\/www.lingvolive.com\/en-us\/profile\/9ecaeaca-ce11-4e51-9e71-01d55e2bff36\/translations","https:\/\/www.fitday.com\/fitness\/forums\/members\/iwellguard.html","https:\/\/www.mymeetbook.com\/iwellguard","https:\/\/pxhere.com\/en\/photographer-me\/5040798","https:\/\/disqus.com\/by\/iwellguard\/about\/","https:\/\/pastelink.net\/hjwciqwq","https:\/\/pubhtml5.com\/homepage\/scjhn\/","https:\/\/www.bitchute.com\/channel\/2O2eOKzNqujT","https:\/\/audiomack.com\/iwellguard"]},{"@type":"Person","@id":"https:\/\/iwell-guard.com\/sv\/#\/schema\/person\/ee2a27f1cac3406c7c6fb5820cb7349f","name":"Ralf Ittermann","image":{"@type":"ImageObject","inLanguage":"sv-SE","@id":"https:\/\/secure.gravatar.com\/avatar\/073c0153e350a5005b68eb752b445fea71f6b24a26da9449ad7e155e6b446c9d?s=96&d=mm&r=g","url":"https:\/\/secure.gravatar.com\/avatar\/073c0153e350a5005b68eb752b445fea71f6b24a26da9449ad7e155e6b446c9d?s=96&d=mm&r=g","contentUrl":"https:\/\/secure.gravatar.com\/avatar\/073c0153e350a5005b68eb752b445fea71f6b24a26da9449ad7e155e6b446c9d?s=96&d=mm&r=g","caption":"Ralf Ittermann"},"givenName":"Ralf","familyName":"Ittermann","jobTitle":"Gesch\u00e4ftsf\u00fchrer und redaktioneller Verantwortlicher","url":"https:\/\/iwell-guard.com\/sv\/author\/claude\/","description":"Ralf Ittermann ist Gesch\u00e4ftsf\u00fchrer der Ittermann electronic GmbH und redaktioneller Verantwortlicher des iWell-Guard-Lexikons. Er verbindet langj\u00e4hrige Erfahrung in der Pr\u00e4zisionsfertigung mit medialer Praxis und religionsgeschichtlicher Quellenarbeit.","worksFor":{"@type":"Organization","name":"Ittermann electronic GmbH","url":"https:\/\/ittermann.de\/","address":{"@type":"PostalAddress","streetAddress":"K\u00f6hlergasse 16-18","postalCode":"99842","addressLocality":"Ruhla","addressCountry":"DE"}},"knowsAbout":["Religionsgeschichte","Mythologie","Mediale Praxis","Energetische Diagnostik","Schutzpraxis","Volksglauben","Westliche Esoterik"]},{"@type":"Article","@id":"https:\/\/iwell-guard.com\/sv\/sila-varldsandetag-vaderherre-inuiter\/#article","isPartOf":{"@id":"https:\/\/iwell-guard.com\/sv\/sila-varldsandetag-vaderherre-inuiter\/"},"author":{"name":"Ralf Ittermann","@id":"https:\/\/iwell-guard.com\/sv\/#\/schema\/person\/ee2a27f1cac3406c7c6fb5820cb7349f"},"headline":"Sila &#8211; V\u00e4rldsandetag och v\u00e4derherre hos inuiterna","datePublished":"2026-09-03T00:11:03+00:00","dateModified":"2026-09-03T01:15:17+00:00","mainEntityOfPage":{"@id":"https:\/\/iwell-guard.com\/sv\/sila-varldsandetag-vaderherre-inuiter\/"},"publisher":{"@id":"https:\/\/iwell-guard.com\/sv\/#organization"},"image":{"@id":"https:\/\/iwell-guard.com\/sv\/sila-varldsandetag-vaderherre-inuiter\/#primaryimage"},"thumbnailUrl":"https:\/\/iwell-guard.com\/wp-content\/uploads\/2026\/05\/geister_inuit_sila.webp","inLanguage":"sv-SE","description":"Sila \u00e4r den arktiska v\u00e4rldsprincipen f\u00f6r v\u00e4der, luft och f\u00f6rnuft. Religionsvetenskaplig genomg\u00e5ng med myt, schamanpraxis, k\u00e4llor och tabu."}]}},"_links":{"self":[{"href":"https:\/\/iwell-guard.com\/sv\/wp-json\/wp\/v2\/pages\/136903","targetHints":{"allow":["GET"]}}],"collection":[{"href":"https:\/\/iwell-guard.com\/sv\/wp-json\/wp\/v2\/pages"}],"about":[{"href":"https:\/\/iwell-guard.com\/sv\/wp-json\/wp\/v2\/types\/page"}],"author":[{"embeddable":true,"href":"https:\/\/iwell-guard.com\/sv\/wp-json\/wp\/v2\/users\/3"}],"replies":[{"embeddable":true,"href":"https:\/\/iwell-guard.com\/sv\/wp-json\/wp\/v2\/comments?post=136903"}],"version-history":[{"count":0,"href":"https:\/\/iwell-guard.com\/sv\/wp-json\/wp\/v2\/pages\/136903\/revisions"}],"wp:featuredmedia":[{"embeddable":true,"href":"https:\/\/iwell-guard.com\/sv\/wp-json\/wp\/v2\/media\/2879"}],"wp:attachment":[{"href":"https:\/\/iwell-guard.com\/sv\/wp-json\/wp\/v2\/media?parent=136903"}],"wp:term":[{"taxonomy":"category","embeddable":true,"href":"https:\/\/iwell-guard.com\/sv\/wp-json\/wp\/v2\/categories?post=136903"}],"curies":[{"name":"wp","href":"https:\/\/api.w.org\/{rel}","templated":true}]}}