{"id":136901,"date":"2026-09-03T00:11:02","date_gmt":"2026-09-03T00:11:02","guid":{"rendered":"https:\/\/iwell-guard.com\/?page_id=136901"},"modified":"2026-09-03T01:15:17","modified_gmt":"2026-09-03T01:15:17","slug":"sedna-havets-harskarinna-inuiterna","status":"publish","type":"page","link":"https:\/\/iwell-guard.com\/sv\/sedna-havets-harskarinna-inuiterna\/","title":{"rendered":"Sedna \u2013 havens h\u00e4rskarinna hos inuiterna"},"content":{"rendered":"\t\t<div data-elementor-type=\"wp-page\" data-elementor-id=\"136901\" class=\"elementor elementor-136901 elementor-2654 elementor-bc-flex-widget\" data-elementor-post-type=\"page\">\n\t\t\t\t<div class=\"elementor-element elementor-element-iwgw-sedna-hero e-flex e-con-boxed e-con e-parent\" data-id=\"iwgw-sedna-hero\" data-element_type=\"container\" data-e-type=\"container\" data-settings=\"{&quot;background_background&quot;:&quot;classic&quot;}\">\n\t\t\t\t\t<div class=\"e-con-inner\">\n\t\t<div class=\"elementor-element elementor-element-iwgw-sedna-hl e-flex e-con-boxed e-con e-child\" data-id=\"iwgw-sedna-hl\" data-element_type=\"container\" data-e-type=\"container\">\n\t\t\t\t\t<div class=\"e-con-inner\">\n\t\t<div class=\"elementor-element elementor-element-iwgw-sedna-htxt e-con-full e-flex e-con e-child\" data-id=\"iwgw-sedna-htxt\" data-element_type=\"container\" data-e-type=\"container\">\n\t\t\t\t<div class=\"elementor-element elementor-element-iwgw-sedna-h1 elementor-widget elementor-widget-heading\" data-id=\"iwgw-sedna-h1\" data-element_type=\"widget\" data-e-type=\"widget\" data-widget_type=\"heading.default\">\n\t\t\t\t\t<h1 class=\"elementor-heading-title elementor-size-default\">Sedna \u2013 havens h\u00e4rskarinna och djurens beskyddare i den inuitiska panteonen<\/h1>\t\t\t\t<\/div>\n\t\t\t\t<div class=\"elementor-element elementor-element-iwgw-sedna-lead elementor-widget elementor-widget-text-editor\" data-id=\"iwgw-sedna-lead\" data-element_type=\"widget\" data-e-type=\"widget\" data-widget_type=\"text-editor.default\">\n\t\t\t\t\t\t\t\t\t<p>Sedna, k\u00e4nd i den polara inuittraditionen under en rad namn som Nuliajuk, Takannakapsaluk eller Arnakuagsak, anses vara h\u00e4rskarinna \u00f6ver havsdjuren och tillh\u00f6r de b\u00e4st dokumenterade gestalterna i den cirkumpolara religionshistorien. Knud Rasmussens anteckningar fr\u00e5n den femte Thule-expeditionen gjorde hennes gestalt till en nyckel f\u00f6r varje seri\u00f6s religionsvetenskaplig betraktelse av de arktiska subsistenssamh\u00e4llena.<\/p>\t\t\t\t\t\t\t\t<\/div>\n\t\t\t\t<\/div>\n\t\t<div class=\"elementor-element elementor-element-iwgw-sedna-pillc e-con-full e-flex e-con e-child\" data-id=\"iwgw-sedna-pillc\" data-element_type=\"container\" data-e-type=\"container\">\n\t\t\t\t<div class=\"elementor-element elementor-element-iwgw-sedna-pills elementor-widget elementor-widget-html\" data-id=\"iwgw-sedna-pills\" data-element_type=\"widget\" data-e-type=\"widget\" data-widget_type=\"html.default\">\n\t\t\t\t\t<div class=\"iwg-pill-row\"><span class=\"iwg-klasse-badge\" tabindex=\"0\" data-tooltip=\"Havsvarelse i den inuitiska traditionen.\">Havsvarelse<\/span><a href=\"https:\/\/iwell-guard.com\/sv\/inuit-arktis-sedna-tornit-skyddspraxis\/\" class=\"iwg-kultur-badge\" tabindex=\"0\" data-tooltip=\"Mytologi i den inuitiska traditionen.\">Inuiter<\/a><span class=\"iwg-tradition-badge\" tabindex=\"0\" data-tooltip=\"Djurens h\u00e4rskarinna.\">Djurens h\u00e4rskarinna<\/span><\/div>\t\t\t\t<\/div>\n\t\t\t\t<\/div>\n\t\t<div class=\"elementor-element elementor-element-iwgw-sedna-tocc e-con-full e-flex e-con e-child\" data-id=\"iwgw-sedna-tocc\" data-element_type=\"container\" data-e-type=\"container\">\n\t\t\t\t<div class=\"elementor-element elementor-element-iwgw-sedna-toc elementor-toc--minimized-on-tablet elementor-widget elementor-widget-table-of-contents\" data-id=\"iwgw-sedna-toc\" data-element_type=\"widget\" data-e-type=\"widget\" data-settings=\"{&quot;headings_by_tags&quot;:[&quot;h2&quot;,&quot;h3&quot;],&quot;minimize_box&quot;:&quot;yes&quot;,&quot;marker_view&quot;:&quot;bullets&quot;,&quot;no_headings_message&quot;:&quot;Inga rubriker hittades p\\u00e5 den h\\u00e4r sidan.&quot;,&quot;exclude_headings_by_selector&quot;:[],&quot;icon&quot;:{&quot;value&quot;:&quot;fas fa-circle&quot;,&quot;library&quot;:&quot;fa-solid&quot;,&quot;rendered_tag&quot;:&quot;&lt;svg class=\\&quot;e-font-icon-svg e-fas-circle\\&quot; viewBox=\\&quot;0 0 512 512\\&quot; xmlns=\\&quot;http:\\\/\\\/www.w3.org\\\/2000\\\/svg\\&quot;&gt;&lt;path d=\\&quot;M256 8C119 8 8 119 8 256s111 248 248 248 248-111 248-248S393 8 256 8z\\&quot;&gt;&lt;\\\/path&gt;&lt;\\\/svg&gt;&quot;},&quot;minimized_on&quot;:&quot;tablet&quot;,&quot;hierarchical_view&quot;:&quot;yes&quot;,&quot;min_height&quot;:{&quot;unit&quot;:&quot;px&quot;,&quot;size&quot;:&quot;&quot;,&quot;sizes&quot;:[]},&quot;min_height_tablet&quot;:{&quot;unit&quot;:&quot;px&quot;,&quot;size&quot;:&quot;&quot;,&quot;sizes&quot;:[]},&quot;min_height_mobile&quot;:{&quot;unit&quot;:&quot;px&quot;,&quot;size&quot;:&quot;&quot;,&quot;sizes&quot;:[]}}\" data-widget_type=\"table-of-contents.default\">\n\t\t\t\t\t\t\t\t\t<div class=\"elementor-toc__header\">\n\t\t\t\t\t\t<h2 class=\"elementor-toc__header-title\">\n\t\t\t\tInneh\u00e5llsf\u00f6rteckning\t\t\t<\/h2>\n\t\t\t\t\t\t\t\t\t\t<div class=\"elementor-toc__toggle-button elementor-toc__toggle-button--expand\" role=\"button\" tabindex=\"0\" aria-controls=\"elementor-toc__iwgw-sedna-toc\" aria-expanded=\"true\" aria-label=\"Inhaltsverzeichnis \u00f6ffnen\"><svg aria-hidden=\"true\" class=\"e-font-icon-svg e-fas-chevron-down\" viewBox=\"0 0 448 512\" xmlns=\"http:\/\/www.w3.org\/2000\/svg\"><path d=\"M207.029 381.476L12.686 187.132c-9.373-9.373-9.373-24.569 0-33.941l22.667-22.667c9.357-9.357 24.522-9.375 33.901-.04L224 284.505l154.745-154.021c9.379-9.335 24.544-9.317 33.901.04l22.667 22.667c9.373 9.373 9.373 24.569 0 33.941L240.971 381.476c-9.373 9.372-24.569 9.372-33.942 0z\"><\/path><\/svg><\/div>\n\t\t\t\t<div class=\"elementor-toc__toggle-button elementor-toc__toggle-button--collapse\" role=\"button\" tabindex=\"0\" aria-controls=\"elementor-toc__iwgw-sedna-toc\" aria-expanded=\"true\" aria-label=\"Inhaltsverzeichnis schlie\u00dfen\"><svg aria-hidden=\"true\" class=\"e-font-icon-svg e-fas-chevron-up\" viewBox=\"0 0 448 512\" xmlns=\"http:\/\/www.w3.org\/2000\/svg\"><path d=\"M240.971 130.524l194.343 194.343c9.373 9.373 9.373 24.569 0 33.941l-22.667 22.667c-9.357 9.357-24.522 9.375-33.901.04L224 227.495 69.255 381.516c-9.379 9.335-24.544 9.317-33.901-.04l-22.667-22.667c-9.373-9.373-9.373-24.569 0-33.941L207.03 130.525c9.372-9.373 24.568-9.373 33.941-.001z\"><\/path><\/svg><\/div>\n\t\t\t\t\t<\/div>\n\t\t\t\t<div id=\"elementor-toc__iwgw-sedna-toc\" class=\"elementor-toc__body\">\n\t\t\t<div class=\"elementor-toc__spinner-container\">\n\t\t\t\t<svg class=\"elementor-toc__spinner eicon-animation-spin e-font-icon-svg e-eicon-loading\" aria-hidden=\"true\" viewBox=\"0 0 1000 1000\" xmlns=\"http:\/\/www.w3.org\/2000\/svg\"><path d=\"M500 975V858C696 858 858 696 858 500S696 142 500 142 142 304 142 500H25C25 237 238 25 500 25S975 237 975 500 763 975 500 975Z\"><\/path><\/svg>\t\t\t<\/div>\n\t\t<\/div>\n\t\t\t\t\t\t<\/div>\n\t\t\t\t<\/div>\n\t\t\t\t\t<\/div>\n\t\t\t\t<\/div>\n\t\t<div class=\"elementor-element elementor-element-iwgw-sedna-hr e-con-full e-flex e-con e-child\" data-id=\"iwgw-sedna-hr\" data-element_type=\"container\" data-e-type=\"container\">\n\t\t\t\t<div class=\"elementor-element elementor-element-iwgw-sedna-heroimg iwg-hero-image elementor-widget elementor-widget-image\" data-id=\"iwgw-sedna-heroimg\" data-element_type=\"widget\" data-e-type=\"widget\" data-widget_type=\"image.default\">\n\t\t\t\t\t\t\t\t\t\t\t\t\t\t\t<img fetchpriority=\"high\" decoding=\"async\" width=\"683\" height=\"1024\" src=\"https:\/\/iwell-guard.com\/wp-content\/uploads\/2026\/05\/goetter_inuit_sedna-1-683x1024.webp\" class=\"attachment-large size-large wp-image-2885\" alt=\"Sedna - G\u00f6tter aus der Inuit-Tradition, historisch-illustrativ\" srcset=\"https:\/\/iwell-guard.com\/wp-content\/uploads\/2026\/05\/goetter_inuit_sedna-1-683x1024.webp 683w, https:\/\/iwell-guard.com\/wp-content\/uploads\/2026\/05\/goetter_inuit_sedna-1-200x300.webp 200w, https:\/\/iwell-guard.com\/wp-content\/uploads\/2026\/05\/goetter_inuit_sedna-1-768x1152.webp 768w, https:\/\/iwell-guard.com\/wp-content\/uploads\/2026\/05\/goetter_inuit_sedna-1.webp 1024w\" sizes=\"(max-width: 683px) 100vw, 683px\" \/>\t\t\t\t\t\t\t\t\t\t\t\t\t\t\t<\/div>\n\t\t\t\t<\/div>\n\t\t\t\t\t<\/div>\n\t\t\t\t<\/div>\n\t\t\t\t<section class=\"elementor-section elementor-top-section elementor-element elementor-element-sec-iwgcomp-sedna elementor-section-boxed elementor-section-height-default elementor-section-height-default\" data-id=\"sec-iwgcomp-sedna\" data-element_type=\"section\" data-e-type=\"section\">\n\t\t\t\t\t\t<div class=\"elementor-container elementor-column-gap-default\">\n\t\t\t\t\t<div class=\"elementor-column elementor-col-100 elementor-top-column elementor-element elementor-element-col-iwgcomp-sedna\" data-id=\"col-iwgcomp-sedna\" data-element_type=\"column\" data-e-type=\"column\">\n\t\t\t<div class=\"elementor-widget-wrap elementor-element-populated\">\n\t\t\t\t\t\t<div class=\"elementor-element elementor-element-iwgcomp-sedna elementor-widget elementor-widget-text-editor\" data-id=\"iwgcomp-sedna\" data-element_type=\"widget\" data-e-type=\"widget\" data-widget_type=\"text-editor.default\">\n\t\t\t\t\t\t\t\t\t<p>Den <strong><span class=\"iwg-fachbegriff\" data-tooltip=\"Helheten av religi\u00f6sa v\u00f6rdnadshandlingar f\u00f6r en gudom eller helig gestalt.\" tabindex=\"0\">kulten<\/span><\/strong> kring den inuitiska havens h\u00e4rskarinna Sedna pr\u00e4glar jakt- och skyddsriter i Arktis-regionen \u00e4n idag.<\/p>\t\t\t\t\t\t\t\t<\/div>\n\t\t\t\t\t<\/div>\n\t\t<\/div>\n\t\t\t\t\t<\/div>\n\t\t<\/section>\n\t\t<div class=\"elementor-element elementor-element-iwgw-sedna-s0 e-flex e-con-boxed e-con e-parent\" data-id=\"iwgw-sedna-s0\" data-element_type=\"container\" data-e-type=\"container\">\n\t\t\t\t\t<div class=\"e-con-inner\">\n\t\t\t\t<div class=\"elementor-element elementor-element-iwgw-sedna-s0h elementor-widget elementor-widget-heading\" data-id=\"iwgw-sedna-s0h\" data-element_type=\"widget\" data-e-type=\"widget\" data-widget_type=\"heading.default\">\n\t\t\t\t\t<h2 class=\"elementor-heading-title elementor-size-default\">Kontextualisering och kortprofil<\/h2>\t\t\t\t<\/div>\n\t\t<div class=\"elementor-element elementor-element-iwgw-sedna-s0c e-con-full e-flex e-con e-child\" data-id=\"iwgw-sedna-s0c\" data-element_type=\"container\" data-e-type=\"container\">\n\t\t\t\t<div class=\"elementor-element elementor-element-iwgw-sedna-s0t elementor-widget elementor-widget-text-editor\" data-id=\"iwgw-sedna-s0t\" data-element_type=\"widget\" data-e-type=\"widget\" data-widget_type=\"text-editor.default\">\n\t\t\t\t\t\t\t\t\t<p>Sedna \u00e4r den mest framtr\u00e4dande numin\u00f6sa gestalten i den centralarktiska <a href=\"https:\/\/iwell-guard.com\/sv\/inuit-arktis-sedna-tornit-skyddspraxis\/\">inuit<\/a>-traditionen. Enligt de \u00f6verlevande ber\u00e4ttelserna bor hon p\u00e5 havets botten och kontrollerar de best\u00e5nd av s\u00e4lar, valar och valrossar som \u00e4r livsavg\u00f6rande f\u00f6r m\u00e4nniskornas f\u00f6rs\u00f6rjning.<\/p><p>Till skillnad fr\u00e5n m\u00e5nga panarktiska gudomar har Sedna en sammanh\u00e5llen narrativ biografi som utpekar henne som en tidigare m\u00e4nsklig kvinna, vars stympning och neds\u00e4nkning i havet f\u00f6rde henne till positionen som djurens h\u00e4rskarinna. Detta narrativa djup g\u00f6r henne till ett religionsvetenskapligt s\u00e4rskilt v\u00e4l bearbetningsbart fall.<\/p><p>Vetenskapligt klassificeras Sedna som en inkarnation av den i Sibirien och Nordamerika vitt spridda typen djurens h\u00e4rskarinna. Knud Rasmussen, Ann Fienup-Riordan och Daniel Merkur har samst\u00e4mmigt visat att hennes kontrollfunktion \u00f6ver jaktbytet markerar den centrala ekonomisk-religi\u00f6sa knutpunkten i det traditionella inuitiska samh\u00e4llet. Den som bryter mot tabun mot henne st\u00e4nger enligt inuitisk l\u00e4ra jaktmarkerna.<\/p><p>Sednas makt \u00e4r inte moraliskt d\u00f6mande i v\u00e4sterl\u00e4ndsk mening, utan reglerad reciprokt. Hon h\u00e5ller tillbaka sina djur eller sl\u00e4pper dem fria beroende p\u00e5 om m\u00e4nniskornas levnadss\u00e4tt uppr\u00e4tth\u00e5ller hennes tabusystem.<\/p><p>Denna mekanik diskuteras inom forskningen som en religi\u00f6s resursekonomi som sammanfl\u00e4tar social sammanh\u00e5llning och jaktreglering. Hon \u00e4r d\u00e4rmed samtidigt en teologisk och samh\u00e4llspolitisk instans, vilket skiljer henne fr\u00e5n m\u00e5nga andra gudomsfigurer.<\/p><p>Eftersom Sedna har en ovanligt sammanh\u00e5llen ber\u00e4ttarbiografi har den nyare vetenskapliga forskningen just p\u00e5 henne pr\u00f6vat sina metodiskt utvidgade tillv\u00e4gag\u00e5ngss\u00e4tt: den fl\u00e4tar samman etnografisk detaljrikedom, spr\u00e5klig k\u00e4llkritik och j\u00e4mf\u00f6rande perspektiv. Idag medverkar i h\u00f6g grad forskare fr\u00e5n inuitsamh\u00e4llet sj\u00e4lva, som granskar och r\u00e4ttar till \u00e4ldre, delvis kolonialt f\u00e4rgade tolkningar av havens h\u00e4rskarinna.<\/p>\t\t\t\t\t\t\t\t<\/div>\n\t\t\t\t<\/div>\n\t\t\t\t\t<\/div>\n\t\t\t\t<\/div>\n\t\t<div class=\"elementor-element elementor-element-iwgw-sedna-s1 e-flex e-con-boxed e-con e-parent\" data-id=\"iwgw-sedna-s1\" data-element_type=\"container\" data-e-type=\"container\">\n\t\t\t\t\t<div class=\"e-con-inner\">\n\t\t\t\t<div class=\"elementor-element elementor-element-iwgw-sedna-s1h elementor-widget elementor-widget-heading\" data-id=\"iwgw-sedna-s1h\" data-element_type=\"widget\" data-e-type=\"widget\" data-widget_type=\"heading.default\">\n\t\t\t\t\t<h2 class=\"elementor-heading-title elementor-size-default\">Namn, etymologi och regionala varianter<\/h2>\t\t\t\t<\/div>\n\t\t<div class=\"elementor-element elementor-element-iwgw-sedna-s1c e-con-full e-flex e-con e-child\" data-id=\"iwgw-sedna-s1c\" data-element_type=\"container\" data-e-type=\"container\">\n\t\t\t\t<div class=\"elementor-element elementor-element-iwgw-sedna-s1t elementor-widget elementor-widget-text-editor\" data-id=\"iwgw-sedna-s1t\" data-element_type=\"widget\" data-e-type=\"widget\" data-widget_type=\"text-editor.default\">\n\t\t\t\t\t\t\t\t\t<p>Det idag g\u00e4ngse namnet Sedna kommer fr\u00e5n inuktitut i Baffin-regionen och blev <span class=\"iwg-fachbegriff\" data-tooltip=\"Tillh\u00f6rande den erk\u00e4nda, bindande skriftsamlingen inom en religion.\" tabindex=\"0\">kanoniskt<\/span> genom Franz Boas anteckningar i slutet av 1800-talet. Sednas egentligen <span class=\"iwg-fachbegriff\" data-tooltip=\"Ont avv\u00e4rjande: om tecken och f\u00f6rem\u00e5l som ska h\u00e5lla skadliga inflytanden borta.\" tabindex=\"0\">apotrop\u00e4iskt<\/span> tabubelagda namn undviks ofta i ber\u00e4ttarsituationer. Ist\u00e4llet f\u00f6rekommer hedersnamn som Nuliajuk, vilket ordagrant betyder den st\u00e4ndigt friade, och som dominerar i Netsilik- och Iglulik-regionen.<\/p><p>Hos Aivilingmiut och Iglulingmiut \u00e4r formen Takannakapsaluk vanlig, i Gr\u00f6nland Arnakuagsak eller Arnarquassaaq. Den regionala m\u00e5ngfalden g\u00e5r l\u00e4ngre \u00e4n det spr\u00e5kliga och medf\u00f6r ocks\u00e5 l\u00e4tt varierande mytiska f\u00f6rlopp.<\/p><p>Iglulik-varianten betonar starkare adoptions- och gifterm\u00e5lssp\u00e5ren, medan Baffin-varianten lyfter fram fadern Anguta och b\u00e5tdramat. I Alaska finns besl\u00e4ktade koncept som dock funktionellt delvis avviker fr\u00e5n den centralarktiska Sedna.<\/p><p>Etymologiskt tolkar Daniel Merkur namnet Nuliajuk i betydelsen en kvinna som st\u00e4ndigt friats av andar, och ser d\u00e4ri en spegling av den schamanska resan: <span class=\"iwg-fachbegriff\" data-tooltip=\"Religi\u00f6s specialist som tillskrivs f\u00f6rmedlingen mellan m\u00e4nniskor och andev\u00e4rlden.\" tabindex=\"0\">schamanen<\/span> m\u00e5ste s\u00f6ka upp henne som en friare som vinner hennes ynnest.<\/p><p>Andra namnformer speglar funktionen: <em>Arnaq<\/em> betyder helt enkelt kvinna, <em>nuna<\/em> land eller v\u00e4rld, s\u00e5 att binamn som kvinnan under havet f\u00f6rblir semantiskt genomskinliga. Namnens m\u00e5ngfald motsvarar den religionsfenomenologiska iakttagelsen att m\u00e4ktiga numin\u00f6sa gestalter ofta bara tilltalas genom omskrivningar.<\/p>\t\t\t\t\t\t\t\t<\/div>\n\t\t\t\t<\/div>\n\t\t\t\t\t<\/div>\n\t\t\t\t<\/div>\n\t\t<div class=\"elementor-element elementor-element-iwgw-sedna-s2 e-flex e-con-boxed e-con e-parent\" data-id=\"iwgw-sedna-s2\" data-element_type=\"container\" data-e-type=\"container\">\n\t\t\t\t\t<div class=\"e-con-inner\">\n\t\t\t\t<div class=\"elementor-element elementor-element-iwgw-sedna-s2h elementor-widget elementor-widget-heading\" data-id=\"iwgw-sedna-s2h\" data-element_type=\"widget\" data-e-type=\"widget\" data-widget_type=\"heading.default\">\n\t\t\t\t\t<h2 class=\"elementor-heading-title elementor-size-default\">Beskrivning och ikonografi<\/h2>\t\t\t\t<\/div>\n\t\t<div class=\"elementor-element elementor-element-iwgw-sedna-s2c e-con-full e-flex e-con e-child\" data-id=\"iwgw-sedna-s2c\" data-element_type=\"container\" data-e-type=\"container\">\n\t\t\t\t<div class=\"elementor-element elementor-element-iwgw-sedna-s2t elementor-widget elementor-widget-text-editor\" data-id=\"iwgw-sedna-s2t\" data-element_type=\"widget\" data-e-type=\"widget\" data-widget_type=\"text-editor.default\">\n\t\t\t\t\t\t\t\t\t<p>Sedna beskrivs i de \u00f6verl\u00e4mnade ber\u00e4ttelserna som en v\u00e4ldig kvinna p\u00e5 havets botten, vars h\u00e4nder antingen helt saknas eller har f\u00f6rvandlats till s\u00e4lfenor.<\/p><p>Hennes h\u00e5r \u00e4r l\u00e5ngt, tungt och st\u00e4ndigt tovigt, eftersom hon utan fingrar inte l\u00e4ngre kan kamma det sj\u00e4lv. Ur detta tovade h\u00e5r uppst\u00e5r enligt flera ber\u00e4ttelser sjukdomarna och bristen p\u00e5 jaktvilt. Denna kroppsliga s\u00e5rbarhet \u00e4r religionsfenomenologiskt ett eget <span class=\"iwg-fachbegriff\" data-tooltip=\"Ett \u00e5terkommande inneh\u00e5llsm\u00e4ssigt element i konst eller ber\u00e4ttelse.\" tabindex=\"0\">motiv<\/span>.<\/p><p>Visuella framst\u00e4llningar var s\u00e4llsynta i den traditionella inuitiska kulturen, eftersom en figurativ avbildning av havets h\u00e4rskarinna i sig var tabubelagd. F\u00f6rst den samtida inuitiska konsten sedan 1950-talet, till exempel i Cape Dorset (Kinngait) och Pangnirtung, har gjort Sedna till ett ikonografiskt gripbart <span class=\"iwg-fachbegriff\" data-tooltip=\"Ett \u00e5terkommande inneh\u00e5llsm\u00e4ssigt element i konst eller ber\u00e4ttelse.\" tabindex=\"0\">motiv<\/span>.<\/p><p>Stensnitt av konstn\u00e4rer som Ningiukulu Teevee, Kenojuak Ashevak eller Pitseolak Ashoona visar henne ofta som en varelse med m\u00e4nsklig \u00f6verkropp och stj\u00e4rtfena.<\/p><p>Den samtida bildtraditionen ska vetenskapligt skiljas fr\u00e5n den f\u00f6rkristna traditionen. I Rasmussens uppteckningar ber\u00e4ttar shamanerna att de bara kunde se Sedna under s\u00e4rskilda transtillst\u00e5nd och att varje f\u00f6regripande framst\u00e4llning ans\u00e5gs f\u00f6rm\u00e4ten. Dagens bildtradition \u00e4r allts\u00e5 mindre en \u00e5tergivning av en historisk ikonografi \u00e4n en egen modern till\u00e4gnelse av gestalten.<\/p><p>Symboliskt tillskrivs henne sj\u00e4lva vattendjuren: knubbs\u00e4lar, sk\u00e4ggs\u00e4lar, valrossar, vitvalar, narvalar. I ber\u00e4ttelser om hennes tillkomst har dessa djur uppst\u00e5tt ur de avhuggna fingerlederna, ett etiologiskt <span class=\"iwg-fachbegriff\" data-tooltip=\"Ett \u00e5terkommande inneh\u00e5llsm\u00e4ssigt element i konst eller ber\u00e4ttelse.\" tabindex=\"0\">motiv<\/span> som synligg\u00f6r det ekonomiska beroendets <span class=\"iwg-fachbegriff\" data-tooltip=\"En reglerad f\u00f6ljd av symboliska handlingar med religi\u00f6s eller kulturell betydelse.\" tabindex=\"0\">ritual<\/span>.<\/p><p>Den som f\u00e4ller en s\u00e4l har religionsmytiskt f\u00e5tt en del av Sednas egen kropp, vilket grundar plikten att behandla djuret med respekt.<\/p>\t\t\t\t\t\t\t\t<\/div>\n\t\t\t\t<\/div>\n\t\t\t\t\t<\/div>\n\t\t\t\t<\/div>\n\t\t<div class=\"elementor-element elementor-element-iwgw-sedna-s3 e-flex e-con-boxed e-con e-parent\" data-id=\"iwgw-sedna-s3\" data-element_type=\"container\" data-e-type=\"container\">\n\t\t\t\t\t<div class=\"e-con-inner\">\n\t\t\t\t<div class=\"elementor-element elementor-element-iwgw-sedna-s3h elementor-widget elementor-widget-heading\" data-id=\"iwgw-sedna-s3h\" data-element_type=\"widget\" data-e-type=\"widget\" data-widget_type=\"heading.default\">\n\t\t\t\t\t<h2 class=\"elementor-heading-title elementor-size-default\">Den centrala myten om stympningen<\/h2>\t\t\t\t<\/div>\n\t\t<div class=\"elementor-element elementor-element-iwgw-sedna-s3c e-con-full e-flex e-con e-child\" data-id=\"iwgw-sedna-s3c\" data-element_type=\"container\" data-e-type=\"container\">\n\t\t\t\t<div class=\"elementor-element elementor-element-iwgw-sedna-s3t elementor-widget elementor-widget-text-editor\" data-id=\"iwgw-sedna-s3t\" data-element_type=\"widget\" data-e-type=\"widget\" data-widget_type=\"text-editor.default\">\n\t\t\t\t\t\t\t\t\t<p>K\u00e4rnber\u00e4ttelsen f\u00f6ljer i n\u00e4stan alla varianter en fast grundstruktur, som Franz Boas, Knud Rasmussen och senare Daniel Merkur har dokumenterat. Sedna \u00e4r dotter till mannen <a href=\"https:\/\/iwell-guard.com\/sv\/anguta-sednas-far-och-underjordens-vaktare\/\">Anguta<\/a>. Hon v\u00e4grar att gifta sig med en m\u00e4nniskoman.<\/p><p>Till slut tar hon emot en friare som avsl\u00f6jar sig som en stormf\u00e5gel, en hund eller en ok\u00e4nd fr\u00e4mling. Efter gifterm\u00e5let inser hon sin mans sanna natur och ropar p\u00e5 sin far.<\/p><p>Anguta h\u00e4mtar henne med umiaken, kvinnob\u00e5ten. Under flykten drar stormf\u00e5gelmannen ihop ett ov\u00e4der. F\u00f6r att r\u00e4dda b\u00e5ten fr\u00e5n att g\u00e5 under kastar Anguta sin dotter i havet.<\/p><p>N\u00e4r hon klamrar sig fast vid b\u00e5tkanten, hackar han av hennes fingerleder. Ur den f\u00f6rsta leden uppst\u00e5r de sm\u00e5 s\u00e4larna, ur den andra sk\u00e4ggs\u00e4larna, ur den tredje valrossarna och valarna. Denna successiva tillkomst av havsdjuren \u00e4r ett typiskt <span class=\"iwg-fachbegriff\" data-tooltip=\"Ett \u00e5terkommande inneh\u00e5llsm\u00e4ssigt element i konst eller ber\u00e4ttelse.\" tabindex=\"0\">motiv<\/span> i etiologisk ber\u00e4ttarlitteratur.<\/p><p>Stympad sjunker Sedna till havets botten och blir d\u00e4r djurens h\u00e4rskarinna. Hon f\u00f6rblir ambivalent gentemot fadern som f\u00f6rr\u00e5dde henne, gentemot m\u00e4nniskorna vars tabubrott g\u00f6r att hennes h\u00e5r tovar sig, och gentemot shamanerna som i trans stiger ner till henne.<\/p><p>Denna <span class=\"iwg-fachbegriff\" data-tooltip=\"En \u00f6verl\u00e4mnad ber\u00e4ttelse om gudar, ursprung och v\u00e4rldens ordning.\" tabindex=\"0\">myt<\/span> \u00e4r i f\u00f6rsta hand en etiologisk modell f\u00f6r jaktekonomins uppkomst, inte en straffmyt. Vetenskapligt \u00e4r den ett paradigmatiskt fall av en skapelsemytologi d\u00e4r v\u00e4rlden uppst\u00e5r ur skada snarare \u00e4n ur ordning.<\/p>\t\t\t\t\t\t\t\t<\/div>\n\t\t\t\t<\/div>\n\t\t\t\t\t<\/div>\n\t\t\t\t<\/div>\n\t\t<div class=\"elementor-element elementor-element-iwgw-sedna-s4 e-flex e-con-boxed e-con e-parent\" data-id=\"iwgw-sedna-s4\" data-element_type=\"container\" data-e-type=\"container\">\n\t\t\t\t\t<div class=\"e-con-inner\">\n\t\t\t\t<div class=\"elementor-element elementor-element-iwgw-sedna-s4h elementor-widget elementor-widget-heading\" data-id=\"iwgw-sedna-s4h\" data-element_type=\"widget\" data-e-type=\"widget\" data-widget_type=\"heading.default\">\n\t\t\t\t\t<h2 class=\"elementor-heading-title elementor-size-default\">Den shamanska resan ned\u00e5t<\/h2>\t\t\t\t<\/div>\n\t\t<div class=\"elementor-element elementor-element-iwgw-sedna-s4c e-con-full e-flex e-con e-child\" data-id=\"iwgw-sedna-s4c\" data-element_type=\"container\" data-e-type=\"container\">\n\t\t\t\t<div class=\"elementor-element elementor-element-iwgw-sedna-s4t elementor-widget elementor-widget-text-editor\" data-id=\"iwgw-sedna-s4t\" data-element_type=\"widget\" data-e-type=\"widget\" data-widget_type=\"text-editor.default\">\n\t\t\t\t\t\t\t\t\t<p>N\u00e4r jaktlyckan uteblev under l\u00e4ngre tid var det enligt inuitisk f\u00f6rest\u00e4llning angakkuqens, shamanens, centrala uppgift att stiga ner till Sedna. Rasmussen har i <em>Intellectual Culture of the Iglulik Eskimos<\/em> \u00e5tergett en av de mest utf\u00f6rliga beskrivningarna av denna resa, som i den vetenskapliga diskursen blivit standardreferensen f\u00f6r den cirkumpolara shamanismforskningen.<\/p><p><span class=\"iwg-fachbegriff\" data-tooltip=\"Religi\u00f6s specialist som tillskrivs f\u00f6rmedlingen mellan m\u00e4nniskor och andev\u00e4rlden.\" tabindex=\"0\">Shamanen<\/span> f\u00f6rs\u00e4tts genom trumslag, s\u00e5ng och andningstekniker i trans. Hans dubbelg\u00e5ngare eller sj\u00e4l l\u00e4mnar kroppen, korsar en isig tundrasl\u00e4tt, tar sig f\u00f6rbi ett roterande isbergssund, en forsande str\u00f6m med knivvassa isflak och slutligen en hund som vaktar ing\u00e5ngen till Sednas hus.<\/p><p>V\u00e4l inne i huset finner han Sedna med tovigt h\u00e5r, i vilket djuren har fastnat.<\/p><p>Shamanens uppgift \u00e4r att kamma och reng\u00f6ra hennes h\u00e5r och upptr\u00e4da f\u00f6rsonligt. Under denna handling bek\u00e4nner den m\u00e4nskliga gemenskapen i iglun, under hj\u00e4lpshamanens ledning, sina tabubrott.<\/p><p>F\u00f6rst n\u00e4r f\u00f6rseelserna har uttalats sl\u00e4pper Sedna djuren fria. Mircea Eliade har behandlat denna praxis i <em><span class=\"iwg-fachbegriff\" data-tooltip=\"Religi\u00f6st system d\u00e4r specialister umg\u00e5s med andev\u00e4rlden.\" tabindex=\"0\">shamanism<\/span> och arkaisk extasteknik<\/em> som ett exempelfall p\u00e5 den shamanska medieringen.<\/p><p>Daniel Merkur betonar att resan ska f\u00f6rst\u00e5s som ett kollektivt krisritual, d\u00e4r den ekonomiska krisen symboliseras religi\u00f6st och l\u00f6ses gemensamt. Som en individuell helandepraktik skulle den vara missf\u00f6rst\u00e5dd. Den sociala funktionen \u00e4r minst lika viktig som den teologiska, och de tv\u00e5 g\u00e5r i praktiken inte att skilja \u00e5t.<\/p>\t\t\t\t\t\t\t\t<\/div>\n\t\t\t\t<\/div>\n\t\t\t\t\t<\/div>\n\t\t\t\t<\/div>\n\t\t<div class=\"elementor-element elementor-element-iwgw-sedna-s5 e-flex e-con-boxed e-con e-parent\" data-id=\"iwgw-sedna-s5\" data-element_type=\"container\" data-e-type=\"container\">\n\t\t\t\t\t<div class=\"e-con-inner\">\n\t\t\t\t<div class=\"elementor-element elementor-element-iwgw-sedna-s5h elementor-widget elementor-widget-heading\" data-id=\"iwgw-sedna-s5h\" data-element_type=\"widget\" data-e-type=\"widget\" data-widget_type=\"heading.default\">\n\t\t\t\t\t<h2 class=\"elementor-heading-title elementor-size-default\">Tabu, pittailiniq och apotrop\u00e4isk praxis<\/h2>\t\t\t\t<\/div>\n\t\t<div class=\"elementor-element elementor-element-iwgw-sedna-s5c e-con-full e-flex e-con e-child\" data-id=\"iwgw-sedna-s5c\" data-element_type=\"container\" data-e-type=\"container\">\n\t\t\t\t<div class=\"elementor-element elementor-element-iwgw-sedna-s5t elementor-widget elementor-widget-text-editor\" data-id=\"iwgw-sedna-s5t\" data-element_type=\"widget\" data-e-type=\"widget\" data-widget_type=\"text-editor.default\">\n\t\t\t\t\t\t\t\t\t<p>Systemet av tabun som omger Sedna \u00e4r p\u00e5 inuitiskt spr\u00e5k k\u00e4nt som <em>pittailiniq<\/em>, vilket ordagrant betyder det som m\u00e5ste undvikas. Dessa f\u00f6rbud \u00e4r f\u00f6rankrade i jakt- och subsistensekonomi och har ingen moralisk betydelse i kristen mening.<\/p><p>Den som blandar land- och havsdjur i samma m\u00e5ltid, som inte hanterar s\u00e4lk\u00f6tt p\u00e5 r\u00e4tt s\u00e4tt, som styckar s\u00e4l under menstruation eller som d\u00f6ljer ett d\u00f6dsfall smutsar enligt f\u00f6rest\u00e4llningen ner Sednas h\u00e5r.<\/p><p><span class=\"iwg-fachbegriff\" data-tooltip=\"Olycksavv\u00e4rjande: om tecken och f\u00f6rem\u00e5l som ska h\u00e5lla skadliga inflytelser borta.\" tabindex=\"0\">Apotrop\u00e4isk<\/span> verkan har framf\u00f6r allt reningsplikterna efter f\u00f6dsel och d\u00f6dsfall, det \u00e5tskilda f\u00f6rvarandet av verktyg f\u00f6r s\u00e4l och karibu, hanteringen av det f\u00f6rsta f\u00e4llda djuret samt att h\u00e4lla vatten i munnen p\u00e5 den d\u00f6dade s\u00e4len som tecken p\u00e5 respekt.<\/p><p>Den senare gesten, som i forskningen kallas s\u00e4lbegravning, betraktas som en central tr\u00f6steg\u00e5va till djurets sj\u00e4l och indirekt till Sedna.<\/p><p>\u00c4ven skyddsamuletter, kallade <em>aarnguaq<\/em>, \u00e4r belagda. Dessa kan best\u00e5 av ben, klor eller n\u00e4bbrester fr\u00e5n d\u00f6dade djur och h\u00e4ngs p\u00e5 sp\u00e4dbarn eller j\u00e4gare.<\/p><p>Ist\u00e4llet f\u00f6r att fungera magiskt i betydelsen mekanisk verkan indikerar de en v\u00e5rdad relation till de icke-m\u00e4nskliga personer som \u00f6verlevnaden \u00e4r beroende av. Denna relationsetik skiljer den inuitiska religionen tydligt fr\u00e5n magisk-instrumentella traditioner.<\/p>\t\t\t\t\t\t\t\t<\/div>\n\t\t\t\t<\/div>\n\t\t\t\t\t<\/div>\n\t\t\t\t<\/div>\n\t\t<div class=\"elementor-element elementor-element-iwgw-sedna-s6 e-flex e-con-boxed e-con e-parent\" data-id=\"iwgw-sedna-s6\" data-element_type=\"container\" data-e-type=\"container\">\n\t\t\t\t\t<div class=\"e-con-inner\">\n\t\t\t\t<div class=\"elementor-element elementor-element-iwgw-sedna-s6h elementor-widget elementor-widget-heading\" data-id=\"iwgw-sedna-s6h\" data-element_type=\"widget\" data-e-type=\"widget\" data-widget_type=\"heading.default\">\n\t\t\t\t\t<h2 class=\"elementor-heading-title elementor-size-default\">Sedna i den cirkumpolara religionens kontext<\/h2>\t\t\t\t<\/div>\n\t\t<div class=\"elementor-element elementor-element-iwgw-sedna-s6c e-con-full e-flex e-con e-child\" data-id=\"iwgw-sedna-s6c\" data-element_type=\"container\" data-e-type=\"container\">\n\t\t\t\t<div class=\"elementor-element elementor-element-iwgw-sedna-s6t elementor-widget elementor-widget-text-editor\" data-id=\"iwgw-sedna-s6t\" data-element_type=\"widget\" data-e-type=\"widget\" data-widget_type=\"text-editor.default\">\n\t\t\t\t\t\t\t\t\t<p>Religionsfenomenologiskt tillh\u00f6r Sedna den vidstr\u00e4ckta familjen djurens h\u00e4rskarinnor, som Adolf Friedrich och senare Otto Zerries systematiskt beskrivit f\u00f6r norra Eurasien och Nordamerika. Paralleller finns i den tjuktjiska f\u00f6rest\u00e4llningen om <em>kelet<\/em>, hos de korjakiska och itelmenska havsh\u00e4rskarinnorna samt hos den yupikiska <a href=\"https:\/\/iwell-guard.com\/sv\/qailertetang-vaderfoljeslagare-djurens-vaktare\/\">Qailertetang<\/a>, som i vissa ber\u00e4ttelser till och med upptr\u00e4der som Sednas f\u00f6ljeslagare.<\/p><p>I den vidare cirkumpolara j\u00e4mf\u00f6relsen kommer hon n\u00e4ra den finsk-ugriska <em>Mehts\u00e4-Em\u00e4<\/em>, eller skogsmodern, och de samiska <a href=\"https:\/\/iwell-guard.com\/sv\/sami-noaidi-trumma\/\">samiska<\/a> djurh\u00e4rskarinnorna som <em>Leibolmm\u00e1i<\/em>. Den strukturella \u00f6verensst\u00e4mmelsen ligger i den reciproka logiken: bytet betraktas som en g\u00e5va fr\u00e5n en numin\u00f6s person, aldrig som en ren resurs.<\/p><p>I den subarktiskt-cirkumpolara diskursen har Ann Fienup-Riordan visat f\u00f6r <em>Yupik<\/em>-traditionen att de strukturlika gestalterna d\u00e4r upptr\u00e4der som knippen av relationer och tabun. En enhetlig personifiering saknas.<\/p><p>Den centralarktiskt pr\u00e4glade inuittraditionen tenderar d\u00e4remot starkare mot personifiering i den enda stora gestalten Sedna. Denna skillnad inom det cirkumpolara rummet \u00e4r vetenskapligt belysande, eftersom den visar att den religi\u00f6sa formen inte med n\u00f6dv\u00e4ndighet f\u00f6ljer av den ekologiska konfigurationen.<\/p>\t\t\t\t\t\t\t\t<\/div>\n\t\t\t\t<\/div>\n\t\t\t\t\t<\/div>\n\t\t\t\t<\/div>\n\t\t<div class=\"elementor-element elementor-element-iwgw-sedna-s7 e-flex e-con-boxed e-con e-parent\" data-id=\"iwgw-sedna-s7\" data-element_type=\"container\" data-e-type=\"container\">\n\t\t\t\t\t<div class=\"e-con-inner\">\n\t\t\t\t<div class=\"elementor-element elementor-element-iwgw-sedna-s7h elementor-widget elementor-widget-heading\" data-id=\"iwgw-sedna-s7h\" data-element_type=\"widget\" data-e-type=\"widget\" data-widget_type=\"heading.default\">\n\t\t\t\t\t<h2 class=\"elementor-heading-title elementor-size-default\">Kolonialhistoria och kristen \u00f6verlagring<\/h2>\t\t\t\t<\/div>\n\t\t<div class=\"elementor-element elementor-element-iwgw-sedna-s7c e-con-full e-flex e-con e-child\" data-id=\"iwgw-sedna-s7c\" data-element_type=\"container\" data-e-type=\"container\">\n\t\t\t\t<div class=\"elementor-element elementor-element-iwgw-sedna-s7t elementor-widget elementor-widget-text-editor\" data-id=\"iwgw-sedna-s7t\" data-element_type=\"widget\" data-e-type=\"widget\" data-widget_type=\"text-editor.default\">\n\t\t\t\t\t\t\t\t\t<p>Med missioneringen av inuiterna genom moraviska och anglikanska mission\u00e4rer fr\u00e5n 1700-talet, tillspetsad i Kanada under 1800-talet och det tidiga 1900-talet, hamnade Sedna-<span class=\"iwg-fachbegriff\" data-tooltip=\"Helheten av religi\u00f6sa v\u00f6rdnadshandlingar f\u00f6r en gudom eller helig gestalt.\" tabindex=\"0\">kulten<\/span> under betydande tryck.<\/p><p>Schamanerna sm\u00e4dades p\u00e5 m\u00e5nga h\u00e5ll som h\u00e4xm\u00e4stare och deras trummor br\u00e4ndes offentligt. Angakkuq-praktiken upph\u00f6rde formellt i m\u00e5nga regioner, vilket dock inte inneb\u00e4r att Sedna-ber\u00e4ttelserna f\u00f6rsvann.<\/p><p>En f\u00f6rvandling till ber\u00e4ttarlitteraturens omr\u00e5de och senare till den samtida konsten \u00e4r vetenskapligt v\u00e4l dokumenterad. Sedna blev en litter\u00e4r och konstn\u00e4rlig identitetssymbol f\u00f6r en kolonialt tr\u00e4ngd kultur. Efter etableringen av territoriet Nunavut 1999 har hon blivit en del av skolans l\u00e4roplaner och museipedagogiken.<\/p><p>Restitutionsr\u00f6relsen f\u00f6r ursprungsreligioner har sedan 2000-talet lett till en \u00e5teruppt\u00e4ckt av schamanska praktiker i avkonfessionaliserad form. Den vetenskapliga iakttagelsen \u00e4r h\u00e4r deskriptiv: det r\u00f6r sig om en blandform av minnespraktik, identitetskonstruktion och delvis ritualrevival, inte om en obruten kontinuitet. Denna postkoloniala konfiguration \u00e4r ett eget vetenskapligt forskningsf\u00e4lt.<\/p>\t\t\t\t\t\t\t\t<\/div>\n\t\t\t\t<\/div>\n\t\t\t\t\t<\/div>\n\t\t\t\t<\/div>\n\t\t<div class=\"elementor-element elementor-element-iwgw-sedna-s8 e-flex e-con-boxed e-con e-parent\" data-id=\"iwgw-sedna-s8\" data-element_type=\"container\" data-e-type=\"container\">\n\t\t\t\t\t<div class=\"e-con-inner\">\n\t\t\t\t<div class=\"elementor-element elementor-element-iwgw-sedna-s8h elementor-widget elementor-widget-heading\" data-id=\"iwgw-sedna-s8h\" data-element_type=\"widget\" data-e-type=\"widget\" data-widget_type=\"heading.default\">\n\t\t\t\t\t<h2 class=\"elementor-heading-title elementor-size-default\">Nutida mottagande, forskning och konst<\/h2>\t\t\t\t<\/div>\n\t\t<div class=\"elementor-element elementor-element-iwgw-sedna-s8c e-con-full e-flex e-con e-child\" data-id=\"iwgw-sedna-s8c\" data-element_type=\"container\" data-e-type=\"container\">\n\t\t\t\t<div class=\"elementor-element elementor-element-iwgw-sedna-s8t elementor-widget elementor-widget-text-editor\" data-id=\"iwgw-sedna-s8t\" data-element_type=\"widget\" data-e-type=\"widget\" data-widget_type=\"text-editor.default\">\n\t\t\t\t\t\t\t\t\t<p>I det icke-inhemska mottagandet har Sedna blivit den mest framtr\u00e4dande gestalten inom arktisk religion. Astronomiskt b\u00e4r ett transneptunskt objekt uppt\u00e4ckt 2003 namnet 90377 Sedna, vilket dokumenterar gestaltens r\u00e4ckvidd bortom det sn\u00e4vare vetenskapliga omr\u00e5det.<\/p><p>I popul\u00e4rkulturen \u00e4r hon n\u00e4rvarande i romaner, filmer, serier och spel, ofta i starkt f\u00f6renklad, ibland problematiskt romantiserad form.<\/p><p>Inom inuitsamh\u00e4llena sj\u00e4lva \u00e4r inst\u00e4llningen till detta utomst\u00e5ende mottagande ambivalent. Medan synligheten v\u00e4lkomnas som kulturellt erk\u00e4nnande kritiserar r\u00f6ster som den inuitiska curatorn Heather Igloliorte eller f\u00f6rfattaren Rachel Qitsualik att externa anv\u00e4ndningar ofta bortser fr\u00e5n de religi\u00f6sa referenserna och reducerar gestalten till en estetisk sj\u00f6jungfru.<\/p><p>Den vetenskapliga forskningen under de senaste tjugo \u00e5ren, till exempel hos Fr\u00e9d\u00e9ric Laugrand, Jarich Oosten och Anna Lia Berthelsen, betonar n\u00f6dv\u00e4ndigheten av att l\u00e4sa Sedna som en knutpunkt i ett relationsn\u00e4tverk mellan m\u00e4nniskor, djur och land, snarare \u00e4n att betrakta henne som en isolerad gudabild.<\/p><p>I denna l\u00e4sning blir hon en nyckelgestalt inom en ekologisk religionsantropologi f\u00f6r Arktis. Denna teoretiska f\u00f6rskjutning har betydande konsekvenser f\u00f6r uppfattningen av hela den arktiska religionshistorien.<\/p>\t\t\t\t\t\t\t\t<\/div>\n\t\t\t\t<\/div>\n\t\t\t\t\t<\/div>\n\t\t\t\t<\/div>\n\t\t<div class=\"elementor-element elementor-element-iwgw-sedna-s9 e-flex e-con-boxed e-con e-parent\" data-id=\"iwgw-sedna-s9\" data-element_type=\"container\" data-e-type=\"container\">\n\t\t\t\t\t<div class=\"e-con-inner\">\n\t\t\t\t<div class=\"elementor-element elementor-element-iwgw-sedna-s9h elementor-widget elementor-widget-heading\" data-id=\"iwgw-sedna-s9h\" data-element_type=\"widget\" data-e-type=\"widget\" data-widget_type=\"heading.default\">\n\t\t\t\t\t<h2 class=\"elementor-heading-title elementor-size-default\">Sedna i lexikonet \u00f6ver inuittraditionen<\/h2>\t\t\t\t<\/div>\n\t\t<div class=\"elementor-element elementor-element-iwgw-sedna-s9c e-con-full e-flex e-con e-child\" data-id=\"iwgw-sedna-s9c\" data-element_type=\"container\" data-e-type=\"container\">\n\t\t\t\t<div class=\"elementor-element elementor-element-iwgw-sedna-s9t elementor-widget elementor-widget-text-editor\" data-id=\"iwgw-sedna-s9t\" data-element_type=\"widget\" data-e-type=\"widget\" data-widget_type=\"text-editor.default\">\n\t\t\t\t\t\t\t\t\t<p>F\u00f6r en f\u00f6rdjupad f\u00f6rst\u00e5else av den inuitiska f\u00f6rest\u00e4llningsv\u00e4rlden rekommenderas uppslagsorden om <a href=\"https:\/\/iwell-guard.com\/sv\/sila-varldsandetag-vaderherre-inuiter\/\">Sila<\/a>, v\u00e4rldens andningsrum, om <a href=\"https:\/\/iwell-guard.com\/sv\/anguta-sednas-far-och-underjordens-vaktare\/\">Anguta<\/a>, hennes far, om <a href=\"https:\/\/iwell-guard.com\/sv\/tornarssuk-stor-skyddsande-shamaner\/\">Tornarssuk<\/a>, den schamanska hj\u00e4lpanden, om <a href=\"https:\/\/iwell-guard.com\/sv\/nanook-isbjornsherre-inuit-tradition\/\">Nanook<\/a>, isbj\u00f6rnsanden, och om <a href=\"https:\/\/iwell-guard.com\/sv\/qailertetang-vaderfoljeslagare-djurens-vaktare\/\">Qailertetang<\/a>, den v\u00e4derskapande f\u00f6ljeslagaren.<\/p><p>\u00d6vergripande ger kulturhubben <a href=\"https:\/\/iwell-guard.com\/sv\/inuit-arktis-sedna-tornit-skyddspraxis\/\">Inuittradition<\/a> den religionshistoriska ramen. Den som s\u00f6ker sammanhanget med djurh\u00e4rskarinnor fr\u00e5n andra kulturer finner strukturlika konfigurationer bland de <a href=\"https:\/\/iwell-guard.com\/sv\/sami-noaidi-trumma\/\">samiska<\/a> uppslagsorden, till exempel hos <em>Madderakka<\/em>.<\/p>\t\t\t\t\t\t\t\t<\/div>\n\t\t\t\t<\/div>\n\t\t\t\t\t<\/div>\n\t\t\t\t<\/div>\n\t\t<div class=\"elementor-element elementor-element-cp29452ded e-flex e-con-boxed e-con e-parent\" data-id=\"cp29452ded\" data-element_type=\"container\" data-e-type=\"container\">\n\t\t\t\t\t<div class=\"e-con-inner\">\n\t\t\t\t<div class=\"elementor-element elementor-element-cp24dd8067 elementor-widget elementor-widget-heading\" data-id=\"cp24dd8067\" data-element_type=\"widget\" data-e-type=\"widget\" data-widget_type=\"heading.default\">\n\t\t\t\t\t<h2 class=\"elementor-heading-title elementor-size-default\">Regional m\u00e5ngfald i ber\u00e4ttelsen och dess namn<\/h2>\t\t\t\t<\/div>\n\t\t<div class=\"elementor-element elementor-element-cp24eec498 e-flex e-con-boxed e-con e-child\" data-id=\"cp24eec498\" data-element_type=\"container\" data-e-type=\"container\">\n\t\t\t\t\t<div class=\"e-con-inner\">\n\t\t\t\t<div class=\"elementor-element elementor-element-cp27817669 elementor-widget elementor-widget-text-editor\" data-id=\"cp27817669\" data-element_type=\"widget\" data-e-type=\"widget\" data-widget_type=\"text-editor.default\">\n\t\t\t\t\t\t\t\t\t<p>Sedna \u00e4r inte ett enhetligt namn p\u00e5 en gemensam arktisk <span class=\"iwg-fachbegriff\" data-tooltip=\"En varelse som dyrkas som gudomlig inom en religion.\" tabindex=\"0\">gudom<\/span>, utan en ben\u00e4mning som \u00e4r vanlig i forskningslitteraturen f\u00f6r en gestalt som f\u00f6rekommer under mycket olika namn i de olika inuit- och yupik-regionerna.<\/p><p>Hos inuiterna vid Hudson Bay och den \u00f6stliga arktis \u00e4r hon k\u00e4nd som Nuliajuk eller Takannaaluk, i v\u00e4st f\u00f6rekommer former som Arnakuagsak, och namnet Sedna kommer fr\u00e5n Franz Boas anteckningar om Baffin Island fr\u00e5n slutet av 1800-talet.<\/p><p>Denna m\u00e5ngfald \u00e4r ingen bisak, utan vittnar om de enskilda samh\u00e4llenas regionala egenart. \u00c4ven ber\u00e4ttelsen sj\u00e4lv varierar. I vissa versioner \u00e4r den blivande havsh\u00e4rskarinnan en kvinna som gifter sig med en hund eller en f\u00e5gel i f\u00e5gelskepnad, i andra en flicka som v\u00e4grar att gifta sig.<\/p><p>Gemensamt f\u00f6r m\u00e5nga versioner \u00e4r att hon f\u00f6rs med av sin far i kajaken, kastas \u00f6verbord under en storm och klamrar sig fast vid b\u00e5tkanten tills fingrarna sk\u00e4rs av henne. Ur de avskurna fingrarna uppst\u00e5r havsd\u00e4ggdjuren.<\/p><p>Huvudk\u00e4llorna f\u00f6r Sedna \u00e4r Franz Boas anteckningar samt det omfattande materialet fr\u00e5n den femte Thule-expeditionen under Knud Rasmussen p\u00e5 1920-talet.<\/p><p>B\u00e5da k\u00e4llkomplexen \u00e4r v\u00e4rdefulla, men filtrerade genom spr\u00e5ket, urvalet och intressena hos de som gjorde anteckningarna. En pan-arktisk Sedna \u00e4r en konstruktion utifr\u00e5n ett utomst\u00e5ende perspektiv. Varje uttalande b\u00f6r d\u00e4rf\u00f6r ange den aktuella regionen och det namn som anv\u00e4nds d\u00e4r.<\/p>\t\t\t\t\t\t\t\t<\/div>\n\t\t\t\t\t<\/div>\n\t\t\t\t<\/div>\n\t\t\t\t\t<\/div>\n\t\t\t\t<\/div>\n\t\t<div class=\"elementor-element elementor-element-cp22aea445 e-flex e-con-boxed e-con e-parent\" data-id=\"cp22aea445\" data-element_type=\"container\" data-e-type=\"container\">\n\t\t\t\t\t<div class=\"e-con-inner\">\n\t\t\t\t<div class=\"elementor-element elementor-element-cp292b3d5a elementor-widget elementor-widget-heading\" data-id=\"cp292b3d5a\" data-element_type=\"widget\" data-e-type=\"widget\" data-widget_type=\"heading.default\">\n\t\t\t\t\t<h2 class=\"elementor-heading-title elementor-size-default\">Shamanens nedstigning till havsh\u00e4rskarinnan<\/h2>\t\t\t\t<\/div>\n\t\t<div class=\"elementor-element elementor-element-cp2e8a031f e-flex e-con-boxed e-con e-child\" data-id=\"cp2e8a031f\" data-element_type=\"container\" data-e-type=\"container\">\n\t\t\t\t\t<div class=\"e-con-inner\">\n\t\t\t\t<div class=\"elementor-element elementor-element-cp26b91245 elementor-widget elementor-widget-text-editor\" data-id=\"cp26b91245\" data-element_type=\"widget\" data-e-type=\"widget\" data-widget_type=\"text-editor.default\">\n\t\t\t\t\t\t\t\t\t<p>En egen rituell tradition \u00e4r f\u00f6rknippad med f\u00f6rest\u00e4llningen att havsh\u00e4rskarinnan kontrollerar tillg\u00e5ngen till havsd\u00e4ggdjuren. Om s\u00e4lar, valrossar och valar uteblev och en gemenskap d\u00e4rmed hotades av sv\u00e4lt, ans\u00e5gs detta vara ett tecken p\u00e5 att h\u00e4rskarinnan var f\u00f6rt\u00f6rnad.<\/p><p>Som orsak angavs brott mot tabun, exempelvis \u00f6vertr\u00e4delser vid f\u00f6dsel, d\u00f6d eller vid hanteringen av f\u00e4llt vilt. M\u00e4nniskornas f\u00f6rseelser ans\u00e5gs samlas som smuts eller trassel i h\u00e4rskarinnans h\u00e5r.<\/p><p>I detta l\u00e4ge tr\u00e4dde <em>angakkuq<\/em>, <span class=\"iwg-fachbegriff\" data-tooltip=\"Religi\u00f6s specialist som tillskrivs f\u00f6rm\u00e5gan att f\u00f6rmedla mellan m\u00e4nniskor och andev\u00e4rlden.\" tabindex=\"0\">shamanen<\/span>, i handling. Knud Rasmussen har fr\u00e5n trakten kring Hudson Bay dokumenterat en detaljerad redog\u00f6relse f\u00f6r en s\u00e5dan <span class=\"iwg-fachbegriff\" data-tooltip=\"En fastst\u00e4lld, \u00e5terkommande religi\u00f6s handling.\" tabindex=\"0\">rit<\/span>.<\/p><p><span class=\"iwg-fachbegriff\" data-tooltip=\"Religi\u00f6s specialist som tillskrivs f\u00f6rm\u00e5gan att f\u00f6rmedla mellan m\u00e4nniskor och andev\u00e4rlden.\" tabindex=\"0\">Shamanen<\/span> ger sig i trans ut p\u00e5 en andlig resa ner till havsbotten och m\u00e5ste d\u00e4rvid passera hinder, till exempel en avgrund, ett roterande isblock eller en hund som vaktar ing\u00e5ngen.<\/p><p>V\u00e4l framme i h\u00e4rskarinnans hus kammar och ordnar han hennes h\u00e5r, eftersom hon p\u00e5 grund av sina saknade fingrar inte kan g\u00f6ra det sj\u00e4lv. D\u00e4rmed tar han bort den ansamlade smutsen och f\u00f6rseelserna.<\/p><p>I utbyte m\u00e5ste h\u00e4rskarinnan sl\u00e4ppa havsd\u00e4ggdjuren fria igen. Vid \u00e5terkomsten ur transen uppmanade <span class=\"iwg-fachbegriff\" data-tooltip=\"Religi\u00f6s specialist som tillskrivs f\u00f6rm\u00e5gan att f\u00f6rmedla mellan m\u00e4nniskor och andev\u00e4rlden.\" tabindex=\"0\">shamanen<\/span> ofta de f\u00f6rsamlade att \u00f6ppet bek\u00e4nna sina tabubrott.<\/p><p>Vetenskapligt f\u00f6renar denna <span class=\"iwg-fachbegriff\" data-tooltip=\"En fastst\u00e4lld, \u00e5terkommande religi\u00f6s handling.\" tabindex=\"0\">rit<\/span> en kosmologisk f\u00f6rklaring till jaktmisslyckanden med en social funktion: den gjorde dolt felbeteende offentligt och \u00e5terst\u00e4llde ordningen mellan m\u00e4nniskor, djur och havsh\u00e4rskarinnan.<\/p>\t\t\t\t\t\t\t\t<\/div>\n\t\t\t\t\t<\/div>\n\t\t\t\t<\/div>\n\t\t\t\t\t<\/div>\n\t\t\t\t<\/div>\n\t\t<div class=\"elementor-element elementor-element-iwgw-sedna-lit e-flex e-con-boxed e-con e-parent\" data-id=\"iwgw-sedna-lit\" data-element_type=\"container\" data-e-type=\"container\">\n\t\t\t\t\t<div class=\"e-con-inner\">\n\t\t\t\t<div class=\"elementor-element elementor-element-iwgw-sedna-lith elementor-widget elementor-widget-heading\" data-id=\"iwgw-sedna-lith\" data-element_type=\"widget\" data-e-type=\"widget\" data-widget_type=\"heading.default\">\n\t\t\t\t\t<h2 class=\"elementor-heading-title elementor-size-default\">Litteratur (urval)<\/h2>\t\t\t\t<\/div>\n\t\t<div class=\"elementor-element elementor-element-iwgw-sedna-litc e-con-full e-flex e-con e-child\" data-id=\"iwgw-sedna-litc\" data-element_type=\"container\" data-e-type=\"container\">\n\t\t\t\t<div class=\"elementor-element elementor-element-iwgw-sedna-litt elementor-widget elementor-widget-text-editor\" data-id=\"iwgw-sedna-litt\" data-element_type=\"widget\" data-e-type=\"widget\" data-widget_type=\"text-editor.default\">\n\t\t\t\t\t\t\t\t\t<ul><li><span data-nosnippet>Knud Rasmussen: <em>Intellectual Culture of the Iglulik Eskimos<\/em> (Report of the Fifth Thule Expedition, Bd. VII.1, Kopenhagen 1929)<\/span><\/li><li>Franz Boas: <em>The Central Eskimo<\/em> (Washington 1888)<\/li><li><span data-nosnippet>Daniel Merkur: <em>Becoming Half Hidden: Shamanism and <span class=\"iwg-fachbegriff\" data-tooltip=\"Rituell \u00f6verg\u00e5ng genom vilken n\u00e5gon upptas i en ny status eller gemenskap.\" tabindex=\"0\">initiation<\/span> among the Inuit<\/em> (Stockholm 1985)<\/span><\/li><li><span data-nosnippet>Ann Fienup-Riordan: <em>Boundaries and Passages: Rule and <span class=\"iwg-fachbegriff\" data-tooltip=\"En reglerad f\u00f6ljd av symboliska handlingar med religi\u00f6s eller kulturell betydelse.\" tabindex=\"0\">ritual<\/span> in Yup&#8217;ik Eskimo Oral Tradition<\/em> (Norman 1994)<\/span><\/li><li>Fr\u00e9d\u00e9ric Laugrand och Jarich Oosten: <em>Inuit Shamanism and Christianity<\/em> (Montreal 2010)<\/li><li>Mircea Eliade: <em><span class=\"iwg-fachbegriff\" data-tooltip=\"Religi\u00f6st system d\u00e4r specialister har kontakt med andev\u00e4rlden.\" tabindex=\"0\">Schamanism<\/span> und archaische Ekstasetechnik<\/em> (Stuttgart 1957)<\/li><\/ul>\t\t\t\t\t\t\t\t<\/div>\n\t\t\t\t<\/div>\n\t\t\t\t\t<\/div>\n\t\t\t\t<\/div>\n\t\t<div class=\"elementor-element elementor-element-iwgkw-add-sedna e-flex e-con-boxed e-con e-parent\" data-id=\"iwgkw-add-sedna\" data-element_type=\"container\" data-e-type=\"container\">\n\t\t\t\t\t<div class=\"e-con-inner\">\n\t\t\t\t<div class=\"elementor-element elementor-element-iwgkw-add-sedna-t elementor-widget elementor-widget-text-editor\" data-id=\"iwgkw-add-sedna-t\" data-element_type=\"widget\" data-e-type=\"widget\" data-widget_type=\"text-editor.default\">\n\t\t\t\t\t\t\t\t\t<p>I det inuitiska <span class=\"iwg-fachbegriff\" data-tooltip=\"Den samlade m\u00e4ngden gudar inom en religion eller kultur.\" tabindex=\"0\">pantheon<\/span> anses Sedna vara <em>v\u00e4ktare<\/em> av havsdjuren: s\u00e4lar, valar och fiskar uppst\u00e5r enligt traditionell f\u00f6rest\u00e4llning ur hennes kropp och st\u00e5r under hennes kontroll.<\/p><p>Om gemenskapen bryter mot jakt- och renhetsregler h\u00e5ller v\u00e4ktaren tillbaka djuren, och <em>angakkoq<\/em> m\u00e5ste i trans stiga ner till henne f\u00f6r att kamma hennes h\u00e5r och d\u00e4rigenom \u00f6ppna jaktmarkerna p\u00e5 nytt.<\/p>\t\t\t\t\t\t\t\t<\/div>\n\t\t\t\t\t<\/div>\n\t\t\t\t<\/div>\n\t\t<div class=\"elementor-element elementor-element-iwgw-sedna-kwd e-flex e-con-boxed e-con e-parent\" data-id=\"iwgw-sedna-kwd\" data-element_type=\"container\" data-e-type=\"container\">\n\t\t\t\t\t<div class=\"e-con-inner\">\n\t\t<div class=\"elementor-element elementor-element-iwgw-sedna-kwdc e-con-full e-flex e-con e-child\" data-id=\"iwgw-sedna-kwdc\" data-element_type=\"container\" data-e-type=\"container\">\n\t\t\t\t<div class=\"elementor-element elementor-element-iwgw-sedna-kwdt elementor-widget elementor-widget-text-editor\" data-id=\"iwgw-sedna-kwdt\" data-element_type=\"widget\" data-e-type=\"widget\" data-widget_type=\"text-editor.default\">\n\t\t\t\t\t\t\t\t\t<p><em>Relaterade nyckelbegrepp: Sedna Nuliajuk Takannakapsaluk Angakkuq Iglulik havsh\u00e4rskarinnan s\u00e4lh\u00e4rskarinnan Pittailiniq.<\/em><\/p>\t\t\t\t\t\t\t\t<\/div>\n\t\t\t\t<\/div>\n\t\t\t\t\t<\/div>\n\t\t\t\t<\/div>\n\t\t<div class=\"elementor-element elementor-element-iwgw-sedna-cc e-flex e-con-boxed e-con e-parent\" data-id=\"iwgw-sedna-cc\" data-element_type=\"container\" data-e-type=\"container\" id=\"iwg-cc-sedna\">\n\t\t\t\t\t<div class=\"e-con-inner\">\n\t\t<div class=\"elementor-element elementor-element-iwgw-sedna-ccinner e-flex e-con-boxed e-con e-parent\" data-id=\"iwgw-sedna-ccinner\" data-element_type=\"container\" data-e-type=\"container\" data-settings=\"{&quot;background_background&quot;:&quot;classic&quot;}\">\n\t\t\t\t\t<div class=\"e-con-inner\">\n\t\t\t\t<div class=\"elementor-element elementor-element-iwgw-sedna-cch elementor-widget elementor-widget-heading\" data-id=\"iwgw-sedna-cch\" data-element_type=\"widget\" data-e-type=\"widget\" data-widget_type=\"heading.default\">\n\t\t\t\t\t<h2 class=\"elementor-heading-title elementor-size-default\">iWell Guard och skyddstraditioner<\/h2>\t\t\t\t<\/div>\n\t\t\t\t<div class=\"elementor-element elementor-element-iwgw-sedna-cct elementor-widget elementor-widget-text-editor\" data-id=\"iwgw-sedna-cct\" data-element_type=\"widget\" data-e-type=\"widget\" data-widget_type=\"text-editor.default\">\n\t\t\t\t\t\t\t\t\t<div data-nosnippet=\"true\"><p>iWell Guard bygger p\u00e5 den kulturhistoriska traditionen av b\u00e4rbara skyddsobjekt, i traditionen fr\u00e5n <a href=\"https:\/\/iwell-guard.com\/sv\/inuit-arktis-sedna-tornit-skyddspraxis\/\">inuiter<\/a> och m\u00e5nga andra kulturer v\u00e4rlden \u00f6ver. 41 lager, \u00e4kta guld, platina, silver, tillverkad i Tyskland. 30 dagars \u00e5ngerr\u00e4tt.<\/p><\/div>\t\t\t\t\t\t\t\t<\/div>\n\t\t\t\t<div class=\"elementor-element elementor-element-iwgw-sedna-ccb iwg-cc-button iwg-cc-cta-2026-05-13 elementor-widget elementor-widget-jet-button\" data-id=\"iwgw-sedna-ccb\" data-element_type=\"widget\" data-e-type=\"widget\" data-widget_type=\"jet-button.default\">\n\t\t\t\t<div class=\"elementor-widget-container\">\n\t\t\t\t\t<div class=\"elementor-jet-button jet-elements\"><div class=\"jet-button__container\"><a class=\"jet-button__instance jet-button__instance--icon-left hover-effect-1\" href=\"\/ueber-iwell-guard\/?utm_source=iwell-guard.com&amp;utm_medium=info-box&amp;utm_campaign=wesen-tradition\"><div class=\"jet-button__plane jet-button__plane-normal\"><\/div><div class=\"jet-button__plane jet-button__plane-hover\"><\/div><div class=\"jet-button__state jet-button__state-normal\"><span class=\"jet-button__label\">Mer om iWell Guard<\/span><\/div><div class=\"jet-button__state jet-button__state-hover\"><span class=\"jet-button__label\">Mer om iWell Guard<\/span><\/div><\/a><\/div><\/div><style>.elementor-element.elementor-element-iwgw-sedna-ccb .jet-button__instance{width:320px;height:56px;}.elementor-element.elementor-element-iwgw-sedna-ccb .jet-button__state-normal .jet-button__label{text-align:center;margin:0px 0px 0px 0px;color:#1a1b20;font-family:Montserrat,sans-serif;font-size:13px;font-weight:400;letter-spacing:4px;line-height:1.714em;text-transform:uppercase;}.elementor-element.elementor-element-iwgw-sedna-ccb .jet-button__state-hover .jet-button__label{text-align:center;margin:0px 0px 0px 0px;color:#FECC76;font-family:Montserrat,sans-serif;font-size:13px;font-weight:400;letter-spacing:4px;line-height:1.714em;text-transform:uppercase;}.elementor-element.elementor-element-iwgw-sedna-ccb .jet-button__plane-normal{background-color:#FECC76;border-style:solid;border-color:#C99540;border-width:2px 2px 2px 2px;}.elementor-element.elementor-element-iwgw-sedna-ccb .jet-button__plane-hover{background-color:rgba(0,0,0,0.55);border-style:solid;border-color:#FECC76;border-width:2px 2px 2px 2px;}<\/style>\t\t\t\t<\/div>\n\t\t\t\t<\/div>\n\t\t\t\t<div class=\"elementor-element elementor-element-iwgw-sedna-ccd elementor-widget elementor-widget-text-editor\" data-id=\"iwgw-sedna-ccd\" data-element_type=\"widget\" data-e-type=\"widget\" data-widget_type=\"text-editor.default\">\n\t\t\t\t\t\t\t\t\t<div data-nosnippet=\"true\"><p style=\"text-align:center;font-size:13px;opacity:0.7;margin-top:14px\" data-nosnippet=\"true\">Personliga erfarenheter kan variera. Ingen medicinteknisk produkt. Inget l\u00f6fte om l\u00e4kning.<\/p><\/div>\t\t\t\t\t\t\t\t<\/div>\n\t\t\t\t\t<\/div>\n\t\t\t\t<\/div>\n\t\t\t\t\t<\/div>\n\t\t\t\t<\/div>\n\t\t<div class=\"elementor-element elementor-element-iwgw-sedna-disc e-flex e-con-boxed e-con e-parent\" data-id=\"iwgw-sedna-disc\" data-element_type=\"container\" data-e-type=\"container\">\n\t\t\t\t\t<div class=\"e-con-inner\">\n\t\t\t\t<div class=\"elementor-element elementor-element-iwgw-sedna-discw elementor-widget elementor-widget-html\" data-id=\"iwgw-sedna-discw\" data-element_type=\"widget\" data-e-type=\"widget\" data-widget_type=\"html.default\">\n\t\t\t\t\t<footer data-nosnippet=\"true\" class=\"iwg-disclaimer-block\"><p data-nosnippet=\"true\">iWell Guard \u00e4r <strong>ingen medicinteknisk produkt<\/strong> och ers\u00e4tter inte l\u00e4karv\u00e5rd eller psykoterapeutisk behandling. De religionsvetenskapliga inneh\u00e5llen \u00e4r kulturhistorisk inordning, ingen andlig praxisrekommendation.<\/p><\/footer>\t\t\t\t<\/div>\n\t\t\t\t\t<\/div>\n\t\t\t\t<\/div>\n\t\t\t\t<\/div>\n\t\t","protected":false},"excerpt":{"rendered":"","protected":false},"author":3,"featured_media":2885,"parent":0,"menu_order":0,"comment_status":"closed","ping_status":"closed","template":"elementor_header_footer","meta":{"_yoast_wpseo_focuskw":"Sedna inuitisk havsgudinna","_yoast_wpseo_title":"Sedna \u2013 havens h\u00e4rskarinna hos inuiterna, myt och kult","_yoast_wpseo_metadesc":"Sedna anses vara h\u00e4rskarinna \u00f6ver havsdjuren i den inuitiska panteonen. Religionsvetenskaplig genomg\u00e5ng: myt, schamanpraktik, k\u00e4llor.","_yoast_wpseo_meta-robots-noindex":"","_yoast_wpseo_canonical":"","_angie_page":false,"gefaehrdungsstufe":"3","wesen_kultur":"inuit","wesen_klasse":"geister","footnotes":""},"categories":[],"class_list":["post-136901","page","type-page","status-publish","has-post-thumbnail","hentry"],"yoast_head":"<!-- This site is optimized with the Yoast SEO Premium plugin v27.7 (Yoast SEO v28.3) - https:\/\/yoast.com\/product\/yoast-seo-premium-wordpress\/ -->\n<title>Sedna \u2013 havens h\u00e4rskarinna hos inuiterna, myt och kult<\/title>\n<meta name=\"description\" content=\"Sedna anses vara h\u00e4rskarinna \u00f6ver havsdjuren i den inuitiska panteonen. Religionsvetenskaplig genomg\u00e5ng: myt, schamanpraktik, k\u00e4llor.\" \/>\n<meta name=\"robots\" content=\"index, follow, max-snippet:-1, max-image-preview:large, max-video-preview:-1\" \/>\n<link rel=\"canonical\" href=\"https:\/\/iwell-guard.com\/sv\/sedna-havets-harskarinna-inuiterna\/\" \/>\n<meta property=\"og:locale\" content=\"sv_SE\" \/>\n<meta property=\"og:type\" content=\"article\" \/>\n<meta property=\"og:title\" content=\"Sedna \u2013 havens h\u00e4rskarinna hos inuiterna\" \/>\n<meta property=\"og:description\" content=\"Sedna anses vara h\u00e4rskarinna \u00f6ver havsdjuren i den inuitiska panteonen. Religionsvetenskaplig genomg\u00e5ng: myt, schamanpraktik, k\u00e4llor.\" \/>\n<meta property=\"og:url\" content=\"https:\/\/iwell-guard.com\/sv\/sedna-havets-harskarinna-inuiterna\/\" \/>\n<meta property=\"og:site_name\" content=\"iWell Guard\" \/>\n<meta property=\"article:modified_time\" content=\"2026-09-03T01:15:17+00:00\" \/>\n<meta property=\"og:image\" content=\"https:\/\/iwell-guard.com\/wp-content\/uploads\/2026\/05\/goetter_inuit_sedna-1.webp\" \/>\n\t<meta property=\"og:image:width\" content=\"1024\" \/>\n\t<meta property=\"og:image:height\" content=\"1536\" \/>\n\t<meta property=\"og:image:type\" content=\"image\/webp\" \/>\n<meta name=\"twitter:card\" content=\"summary_large_image\" \/>\n<script type=\"application\/ld+json\" class=\"yoast-schema-graph\">{\"@context\":\"https:\\\/\\\/schema.org\",\"@graph\":[{\"@type\":\"WebPage\",\"@id\":\"https:\\\/\\\/iwell-guard.com\\\/sv\\\/sedna-havets-harskarinna-inuiterna\\\/\",\"url\":\"https:\\\/\\\/iwell-guard.com\\\/sv\\\/sedna-havets-harskarinna-inuiterna\\\/\",\"name\":\"Sedna \u2013 havens h\u00e4rskarinna hos inuiterna, myt och kult\",\"isPartOf\":{\"@id\":\"https:\\\/\\\/iwell-guard.com\\\/sv\\\/#website\"},\"primaryImageOfPage\":{\"@id\":\"https:\\\/\\\/iwell-guard.com\\\/sv\\\/sedna-havets-harskarinna-inuiterna\\\/#primaryimage\"},\"image\":{\"@id\":\"https:\\\/\\\/iwell-guard.com\\\/sv\\\/sedna-havets-harskarinna-inuiterna\\\/#primaryimage\"},\"thumbnailUrl\":\"https:\\\/\\\/iwell-guard.com\\\/wp-content\\\/uploads\\\/2026\\\/05\\\/goetter_inuit_sedna-1.webp\",\"datePublished\":\"2026-09-03T00:11:02+00:00\",\"dateModified\":\"2026-09-03T01:15:17+00:00\",\"description\":\"Sedna anses vara h\u00e4rskarinna \u00f6ver havsdjuren i den inuitiska panteonen. Religionsvetenskaplig genomg\u00e5ng: myt, schamanpraktik, k\u00e4llor.\",\"breadcrumb\":{\"@id\":\"https:\\\/\\\/iwell-guard.com\\\/sv\\\/sedna-havets-harskarinna-inuiterna\\\/#breadcrumb\"},\"inLanguage\":\"sv-SE\",\"potentialAction\":[{\"@type\":\"ReadAction\",\"target\":[\"https:\\\/\\\/iwell-guard.com\\\/sv\\\/sedna-havets-harskarinna-inuiterna\\\/\"]}]},{\"@type\":\"ImageObject\",\"inLanguage\":\"sv-SE\",\"@id\":\"https:\\\/\\\/iwell-guard.com\\\/sv\\\/sedna-havets-harskarinna-inuiterna\\\/#primaryimage\",\"url\":\"https:\\\/\\\/iwell-guard.com\\\/wp-content\\\/uploads\\\/2026\\\/05\\\/goetter_inuit_sedna-1.webp\",\"contentUrl\":\"https:\\\/\\\/iwell-guard.com\\\/wp-content\\\/uploads\\\/2026\\\/05\\\/goetter_inuit_sedna-1.webp\",\"width\":1024,\"height\":1536,\"caption\":\"Gudar fr\u00e5n den inuitiska traditionen.\"},{\"@type\":\"BreadcrumbList\",\"@id\":\"https:\\\/\\\/iwell-guard.com\\\/sv\\\/sedna-havets-harskarinna-inuiterna\\\/#breadcrumb\",\"itemListElement\":[{\"@type\":\"ListItem\",\"position\":1,\"name\":\"Start\",\"item\":\"https:\\\/\\\/iwell-guard.com\\\/sv\\\/?page_id=136483\"},{\"@type\":\"ListItem\",\"position\":2,\"name\":\"Sedna \u2013 havens h\u00e4rskarinna hos inuiterna\"}]},{\"@type\":\"WebSite\",\"@id\":\"https:\\\/\\\/iwell-guard.com\\\/sv\\\/#website\",\"url\":\"https:\\\/\\\/iwell-guard.com\\\/sv\\\/\",\"name\":\"iWell Guard\",\"description\":\"Schutz vor dunklen Einfl\u00fcssen\",\"publisher\":{\"@id\":\"https:\\\/\\\/iwell-guard.com\\\/sv\\\/#organization\"},\"potentialAction\":[{\"@type\":\"SearchAction\",\"target\":{\"@type\":\"EntryPoint\",\"urlTemplate\":\"https:\\\/\\\/iwell-guard.com\\\/sv\\\/?s={search_term_string}\"},\"query-input\":{\"@type\":\"PropertyValueSpecification\",\"valueRequired\":true,\"valueName\":\"search_term_string\"}}],\"inLanguage\":\"sv-SE\"},{\"@type\":\"Organization\",\"@id\":\"https:\\\/\\\/iwell-guard.com\\\/sv\\\/#organization\",\"name\":\"Ittermann electronic GmbH\",\"url\":\"https:\\\/\\\/iwell-guard.com\\\/sv\\\/\",\"logo\":{\"@type\":\"ImageObject\",\"inLanguage\":\"sv-SE\",\"@id\":\"https:\\\/\\\/iwell-guard.com\\\/sv\\\/#\\\/schema\\\/logo\\\/image\\\/\",\"url\":\"https:\\\/\\\/iwell-guard.com\\\/wp-content\\\/uploads\\\/2026\\\/05\\\/Ittermann-Logo-1182x237-1.png\",\"contentUrl\":\"https:\\\/\\\/iwell-guard.com\\\/wp-content\\\/uploads\\\/2026\\\/05\\\/Ittermann-Logo-1182x237-1.png\",\"width\":1182,\"height\":237,\"caption\":\"Ittermann electronic GmbH\"},\"image\":{\"@id\":\"https:\\\/\\\/iwell-guard.com\\\/sv\\\/#\\\/schema\\\/logo\\\/image\\\/\"},\"sameAs\":[\"https:\\\/\\\/pantip.com\\\/profile\\\/9367242\",\"https:\\\/\\\/micro.blog\\\/iwellguard\",\"https:\\\/\\\/www.diggerslist.com\\\/iwellguard\\\/about\",\"https:\\\/\\\/skitterphoto.com\\\/photographers\\\/2870314\\\/iwell-guard\",\"https:\\\/\\\/iwellguard.wordpress.com\\\/2026\\\/06\\\/06\\\/iwell-guard\\\/\",\"https:\\\/\\\/hub.docker.com\\\/u\\\/iwellguard\",\"https:\\\/\\\/www.pinterest.com\\\/iwellguard\\\/\",\"https:\\\/\\\/bit.ly\\\/m\\\/iwellguard\",\"https:\\\/\\\/entre-vos-mains.alsace.eu\\\/profiles\\\/iwellguard\\\/activity\",\"https:\\\/\\\/gravatar.com\\\/reallybeded8fd34\",\"https:\\\/\\\/naijamatta.com\\\/iwellguard\",\"https:\\\/\\\/www.goodreads.com\\\/iwellguard\",\"https:\\\/\\\/profile.hatena.ne.jp\\\/iwellguard\\\/\",\"https:\\\/\\\/experiment.com\\\/users\\\/iwellguard\",\"https:\\\/\\\/wakelet.com\\\/@iWellGuard82270\",\"https:\\\/\\\/www.chordie.com\\\/forum\\\/profile.php?id=2555664\",\"https:\\\/\\\/www.instapaper.com\\\/p\\\/17757966\",\"https:\\\/\\\/www.mapleprimes.com\\\/users\\\/iwellguard\",\"https:\\\/\\\/businesslistingplus.com\\\/profile\\\/iwell-guard\\\/\",\"https:\\\/\\\/telegra.ph\\\/iWell-Guard-06-06\",\"https:\\\/\\\/pbase.com\\\/iwellguard\\\/iwellguard\",\"https:\\\/\\\/b.hatena.ne.jp\\\/iwellguard\\\/20260607#bookmark-4788405196491818882\",\"https:\\\/\\\/fliphtml5.com\\\/home\\\/iwellguard\",\"https:\\\/\\\/anyflip.com\\\/homepage\\\/cmiwl#About\",\"https:\\\/\\\/transfur.com\\\/Users\\\/iwellguard\",\"http:\\\/\\\/delphi.larsbo.org\\\/user\\\/iwellguard\",\"https:\\\/\\\/jobs.lajobsportal.org\\\/profiles\\\/8380803-iwell-guard\",\"https:\\\/\\\/md.chaosdorf.de\\\/s\\\/jfbe5SBdJD\",\"https:\\\/\\\/www.lingvolive.com\\\/en-us\\\/profile\\\/9ecaeaca-ce11-4e51-9e71-01d55e2bff36\\\/translations\",\"https:\\\/\\\/www.fitday.com\\\/fitness\\\/forums\\\/members\\\/iwellguard.html\",\"https:\\\/\\\/www.mymeetbook.com\\\/iwellguard\",\"https:\\\/\\\/pxhere.com\\\/en\\\/photographer-me\\\/5040798\",\"https:\\\/\\\/disqus.com\\\/by\\\/iwellguard\\\/about\\\/\",\"https:\\\/\\\/pastelink.net\\\/hjwciqwq\",\"https:\\\/\\\/pubhtml5.com\\\/homepage\\\/scjhn\\\/\",\"https:\\\/\\\/www.bitchute.com\\\/channel\\\/2O2eOKzNqujT\",\"https:\\\/\\\/audiomack.com\\\/iwellguard\"]},{\"@type\":\"Article\",\"@id\":\"https:\\\/\\\/iwell-guard.com\\\/sv\\\/sedna-havets-harskarinna-inuiterna\\\/#article\",\"isPartOf\":{\"@id\":\"https:\\\/\\\/iwell-guard.com\\\/sv\\\/sedna-havets-harskarinna-inuiterna\\\/\"},\"author\":{\"name\":\"Ralf Ittermann\",\"@id\":\"https:\\\/\\\/iwell-guard.com\\\/sv\\\/#\\\/schema\\\/person\\\/ee2a27f1cac3406c7c6fb5820cb7349f\"},\"headline\":\"Sedna \u2013 havens h\u00e4rskarinna hos inuiterna\",\"datePublished\":\"2026-09-03T00:11:02+00:00\",\"dateModified\":\"2026-09-03T01:15:17+00:00\",\"mainEntityOfPage\":{\"@id\":\"https:\\\/\\\/iwell-guard.com\\\/sv\\\/sedna-havets-harskarinna-inuiterna\\\/\"},\"publisher\":{\"@id\":\"https:\\\/\\\/iwell-guard.com\\\/sv\\\/#organization\"},\"image\":{\"@id\":\"https:\\\/\\\/iwell-guard.com\\\/sv\\\/sedna-havets-harskarinna-inuiterna\\\/#primaryimage\"},\"thumbnailUrl\":\"https:\\\/\\\/iwell-guard.com\\\/wp-content\\\/uploads\\\/2026\\\/05\\\/goetter_inuit_sedna-1.webp\",\"inLanguage\":\"sv-SE\",\"description\":\"Sedna anses vara h\u00e4rskarinna \u00f6ver havsdjuren i den inuitiska panteonen. Religionsvetenskaplig genomg\u00e5ng: myt, schamanpraktik, k\u00e4llor.\"}]}<\/script>\n<!-- \/ Yoast SEO Premium plugin. -->","yoast_head_json":{"title":"Sedna \u2013 havens h\u00e4rskarinna hos inuiterna, myt och kult","description":"Sedna anses vara h\u00e4rskarinna \u00f6ver havsdjuren i den inuitiska panteonen. Religionsvetenskaplig genomg\u00e5ng: myt, schamanpraktik, k\u00e4llor.","robots":{"index":"index","follow":"follow","max-snippet":"max-snippet:-1","max-image-preview":"max-image-preview:large","max-video-preview":"max-video-preview:-1"},"canonical":"https:\/\/iwell-guard.com\/sv\/sedna-havets-harskarinna-inuiterna\/","og_locale":"sv_SE","og_type":"article","og_title":"Sedna \u2013 havens h\u00e4rskarinna hos inuiterna","og_description":"Sedna anses vara h\u00e4rskarinna \u00f6ver havsdjuren i den inuitiska panteonen. Religionsvetenskaplig genomg\u00e5ng: myt, schamanpraktik, k\u00e4llor.","og_url":"https:\/\/iwell-guard.com\/sv\/sedna-havets-harskarinna-inuiterna\/","og_site_name":"iWell Guard","article_modified_time":"2026-09-03T01:15:17+00:00","og_image":[{"width":1024,"height":1536,"url":"https:\/\/iwell-guard.com\/wp-content\/uploads\/2026\/05\/goetter_inuit_sedna-1.webp","type":"image\/webp"}],"twitter_card":"summary_large_image","schema":{"@context":"https:\/\/schema.org","@graph":[{"@type":"Article","@id":"https:\/\/iwell-guard.com\/sv\/sedna-havets-harskarinna-inuiterna\/#article","isPartOf":{"@id":"https:\/\/iwell-guard.com\/sv\/sedna-havets-harskarinna-inuiterna\/"},"author":{"name":"Ralf Ittermann","@id":"https:\/\/iwell-guard.com\/sv\/#\/schema\/person\/ee2a27f1cac3406c7c6fb5820cb7349f"},"headline":"Sedna \u2013 havens h\u00e4rskarinna hos inuiterna","datePublished":"2026-09-03T00:11:02+00:00","dateModified":"2026-09-03T01:15:17+00:00","mainEntityOfPage":{"@id":"https:\/\/iwell-guard.com\/sv\/sedna-havets-harskarinna-inuiterna\/"},"publisher":{"@id":"https:\/\/iwell-guard.com\/sv\/#organization"},"image":{"@id":"https:\/\/iwell-guard.com\/sv\/sedna-havets-harskarinna-inuiterna\/#primaryimage"},"thumbnailUrl":"https:\/\/iwell-guard.com\/wp-content\/uploads\/2026\/05\/goetter_inuit_sedna-1.webp","inLanguage":"sv-SE","description":"Sedna anses vara h\u00e4rskarinna \u00f6ver havsdjuren i den inuitiska panteonen. Religionsvetenskaplig genomg\u00e5ng: myt, schamanpraktik, k\u00e4llor."},{"@type":"WebPage","@id":"https:\/\/iwell-guard.com\/sv\/sedna-havets-harskarinna-inuiterna\/","url":"https:\/\/iwell-guard.com\/sv\/sedna-havets-harskarinna-inuiterna\/","name":"Sedna \u2013 havens h\u00e4rskarinna hos inuiterna, myt och kult","isPartOf":{"@id":"https:\/\/iwell-guard.com\/sv\/#website"},"primaryImageOfPage":{"@id":"https:\/\/iwell-guard.com\/sv\/sedna-havets-harskarinna-inuiterna\/#primaryimage"},"image":{"@id":"https:\/\/iwell-guard.com\/sv\/sedna-havets-harskarinna-inuiterna\/#primaryimage"},"thumbnailUrl":"https:\/\/iwell-guard.com\/wp-content\/uploads\/2026\/05\/goetter_inuit_sedna-1.webp","datePublished":"2026-09-03T00:11:02+00:00","dateModified":"2026-09-03T01:15:17+00:00","description":"Sedna anses vara h\u00e4rskarinna \u00f6ver havsdjuren i den inuitiska panteonen. Religionsvetenskaplig genomg\u00e5ng: myt, schamanpraktik, k\u00e4llor.","breadcrumb":{"@id":"https:\/\/iwell-guard.com\/sv\/sedna-havets-harskarinna-inuiterna\/#breadcrumb"},"inLanguage":"sv-SE","potentialAction":[{"@type":"ReadAction","target":["https:\/\/iwell-guard.com\/sv\/sedna-havets-harskarinna-inuiterna\/"]}]},{"@type":"ImageObject","inLanguage":"sv-SE","@id":"https:\/\/iwell-guard.com\/sv\/sedna-havets-harskarinna-inuiterna\/#primaryimage","url":"https:\/\/iwell-guard.com\/wp-content\/uploads\/2026\/05\/goetter_inuit_sedna-1.webp","contentUrl":"https:\/\/iwell-guard.com\/wp-content\/uploads\/2026\/05\/goetter_inuit_sedna-1.webp","width":1024,"height":1536,"caption":"Gudar fr\u00e5n den inuitiska traditionen."},{"@type":"BreadcrumbList","@id":"https:\/\/iwell-guard.com\/sv\/sedna-havets-harskarinna-inuiterna\/#breadcrumb","itemListElement":[{"@type":"ListItem","position":1,"name":"Start","item":"https:\/\/iwell-guard.com\/sv\/?page_id=136483"},{"@type":"ListItem","position":2,"name":"Sedna \u2013 havens h\u00e4rskarinna hos inuiterna"}]},{"@type":"WebSite","@id":"https:\/\/iwell-guard.com\/sv\/#website","url":"https:\/\/iwell-guard.com\/sv\/","name":"iWell Guard","description":"Schutz vor dunklen Einfl\u00fcssen","publisher":{"@id":"https:\/\/iwell-guard.com\/sv\/#organization"},"potentialAction":[{"@type":"SearchAction","target":{"@type":"EntryPoint","urlTemplate":"https:\/\/iwell-guard.com\/sv\/?s={search_term_string}"},"query-input":{"@type":"PropertyValueSpecification","valueRequired":true,"valueName":"search_term_string"}}],"inLanguage":"sv-SE"},{"@type":"Organization","@id":"https:\/\/iwell-guard.com\/sv\/#organization","name":"Ittermann electronic GmbH","url":"https:\/\/iwell-guard.com\/sv\/","logo":{"@type":"ImageObject","inLanguage":"sv-SE","@id":"https:\/\/iwell-guard.com\/sv\/#\/schema\/logo\/image\/","url":"https:\/\/iwell-guard.com\/wp-content\/uploads\/2026\/05\/Ittermann-Logo-1182x237-1.png","contentUrl":"https:\/\/iwell-guard.com\/wp-content\/uploads\/2026\/05\/Ittermann-Logo-1182x237-1.png","width":1182,"height":237,"caption":"Ittermann electronic GmbH"},"image":{"@id":"https:\/\/iwell-guard.com\/sv\/#\/schema\/logo\/image\/"},"sameAs":["https:\/\/pantip.com\/profile\/9367242","https:\/\/micro.blog\/iwellguard","https:\/\/www.diggerslist.com\/iwellguard\/about","https:\/\/skitterphoto.com\/photographers\/2870314\/iwell-guard","https:\/\/iwellguard.wordpress.com\/2026\/06\/06\/iwell-guard\/","https:\/\/hub.docker.com\/u\/iwellguard","https:\/\/www.pinterest.com\/iwellguard\/","https:\/\/bit.ly\/m\/iwellguard","https:\/\/entre-vos-mains.alsace.eu\/profiles\/iwellguard\/activity","https:\/\/gravatar.com\/reallybeded8fd34","https:\/\/naijamatta.com\/iwellguard","https:\/\/www.goodreads.com\/iwellguard","https:\/\/profile.hatena.ne.jp\/iwellguard\/","https:\/\/experiment.com\/users\/iwellguard","https:\/\/wakelet.com\/@iWellGuard82270","https:\/\/www.chordie.com\/forum\/profile.php?id=2555664","https:\/\/www.instapaper.com\/p\/17757966","https:\/\/www.mapleprimes.com\/users\/iwellguard","https:\/\/businesslistingplus.com\/profile\/iwell-guard\/","https:\/\/telegra.ph\/iWell-Guard-06-06","https:\/\/pbase.com\/iwellguard\/iwellguard","https:\/\/b.hatena.ne.jp\/iwellguard\/20260607#bookmark-4788405196491818882","https:\/\/fliphtml5.com\/home\/iwellguard","https:\/\/anyflip.com\/homepage\/cmiwl#About","https:\/\/transfur.com\/Users\/iwellguard","http:\/\/delphi.larsbo.org\/user\/iwellguard","https:\/\/jobs.lajobsportal.org\/profiles\/8380803-iwell-guard","https:\/\/md.chaosdorf.de\/s\/jfbe5SBdJD","https:\/\/www.lingvolive.com\/en-us\/profile\/9ecaeaca-ce11-4e51-9e71-01d55e2bff36\/translations","https:\/\/www.fitday.com\/fitness\/forums\/members\/iwellguard.html","https:\/\/www.mymeetbook.com\/iwellguard","https:\/\/pxhere.com\/en\/photographer-me\/5040798","https:\/\/disqus.com\/by\/iwellguard\/about\/","https:\/\/pastelink.net\/hjwciqwq","https:\/\/pubhtml5.com\/homepage\/scjhn\/","https:\/\/www.bitchute.com\/channel\/2O2eOKzNqujT","https:\/\/audiomack.com\/iwellguard"]},{"@type":"Person","@id":"https:\/\/iwell-guard.com\/sv\/#\/schema\/person\/ee2a27f1cac3406c7c6fb5820cb7349f","name":"Ralf Ittermann","image":{"@type":"ImageObject","inLanguage":"sv-SE","@id":"https:\/\/secure.gravatar.com\/avatar\/073c0153e350a5005b68eb752b445fea71f6b24a26da9449ad7e155e6b446c9d?s=96&d=mm&r=g","url":"https:\/\/secure.gravatar.com\/avatar\/073c0153e350a5005b68eb752b445fea71f6b24a26da9449ad7e155e6b446c9d?s=96&d=mm&r=g","contentUrl":"https:\/\/secure.gravatar.com\/avatar\/073c0153e350a5005b68eb752b445fea71f6b24a26da9449ad7e155e6b446c9d?s=96&d=mm&r=g","caption":"Ralf Ittermann"},"givenName":"Ralf","familyName":"Ittermann","jobTitle":"Gesch\u00e4ftsf\u00fchrer und redaktioneller Verantwortlicher","url":"https:\/\/iwell-guard.com\/sv\/author\/claude\/","description":"Ralf Ittermann ist Gesch\u00e4ftsf\u00fchrer der Ittermann electronic GmbH und redaktioneller Verantwortlicher des iWell-Guard-Lexikons. Er verbindet langj\u00e4hrige Erfahrung in der Pr\u00e4zisionsfertigung mit medialer Praxis und religionsgeschichtlicher Quellenarbeit.","worksFor":{"@type":"Organization","name":"Ittermann electronic GmbH","url":"https:\/\/ittermann.de\/","address":{"@type":"PostalAddress","streetAddress":"K\u00f6hlergasse 16-18","postalCode":"99842","addressLocality":"Ruhla","addressCountry":"DE"}},"knowsAbout":["Religionsgeschichte","Mythologie","Mediale Praxis","Energetische Diagnostik","Schutzpraxis","Volksglauben","Westliche Esoterik"]},{"@type":"Article","@id":"https:\/\/iwell-guard.com\/sv\/sedna-havets-harskarinna-inuiterna\/#article","isPartOf":{"@id":"https:\/\/iwell-guard.com\/sv\/sedna-havets-harskarinna-inuiterna\/"},"author":{"name":"Ralf Ittermann","@id":"https:\/\/iwell-guard.com\/sv\/#\/schema\/person\/ee2a27f1cac3406c7c6fb5820cb7349f"},"headline":"Sedna \u2013 havens h\u00e4rskarinna hos inuiterna","datePublished":"2026-09-03T00:11:02+00:00","dateModified":"2026-09-03T01:15:17+00:00","mainEntityOfPage":{"@id":"https:\/\/iwell-guard.com\/sv\/sedna-havets-harskarinna-inuiterna\/"},"publisher":{"@id":"https:\/\/iwell-guard.com\/sv\/#organization"},"image":{"@id":"https:\/\/iwell-guard.com\/sv\/sedna-havets-harskarinna-inuiterna\/#primaryimage"},"thumbnailUrl":"https:\/\/iwell-guard.com\/wp-content\/uploads\/2026\/05\/goetter_inuit_sedna-1.webp","inLanguage":"sv-SE","description":"Sedna anses vara h\u00e4rskarinna \u00f6ver havsdjuren i den inuitiska panteonen. Religionsvetenskaplig genomg\u00e5ng: myt, schamanpraktik, k\u00e4llor."}]}},"_links":{"self":[{"href":"https:\/\/iwell-guard.com\/sv\/wp-json\/wp\/v2\/pages\/136901","targetHints":{"allow":["GET"]}}],"collection":[{"href":"https:\/\/iwell-guard.com\/sv\/wp-json\/wp\/v2\/pages"}],"about":[{"href":"https:\/\/iwell-guard.com\/sv\/wp-json\/wp\/v2\/types\/page"}],"author":[{"embeddable":true,"href":"https:\/\/iwell-guard.com\/sv\/wp-json\/wp\/v2\/users\/3"}],"replies":[{"embeddable":true,"href":"https:\/\/iwell-guard.com\/sv\/wp-json\/wp\/v2\/comments?post=136901"}],"version-history":[{"count":0,"href":"https:\/\/iwell-guard.com\/sv\/wp-json\/wp\/v2\/pages\/136901\/revisions"}],"wp:featuredmedia":[{"embeddable":true,"href":"https:\/\/iwell-guard.com\/sv\/wp-json\/wp\/v2\/media\/2885"}],"wp:attachment":[{"href":"https:\/\/iwell-guard.com\/sv\/wp-json\/wp\/v2\/media?parent=136901"}],"wp:term":[{"taxonomy":"category","embeddable":true,"href":"https:\/\/iwell-guard.com\/sv\/wp-json\/wp\/v2\/categories?post=136901"}],"curies":[{"name":"wp","href":"https:\/\/api.w.org\/{rel}","templated":true}]}}