{"id":136899,"date":"2026-09-03T00:11:00","date_gmt":"2026-09-03T00:11:00","guid":{"rendered":"https:\/\/iwell-guard.com\/?page_id=136899"},"modified":"2026-09-03T01:15:11","modified_gmt":"2026-09-03T01:15:11","slug":"mimi-andar-tunna-klippandar-arnhem-land","status":"publish","type":"page","link":"https:\/\/iwell-guard.com\/sv\/mimi-andar-tunna-klippandar-arnhem-land\/","title":{"rendered":"Mimi-andar \u2013 tunna klippandar hos aboriginer i Arnhem Land"},"content":{"rendered":"\t\t<div data-elementor-type=\"wp-page\" data-elementor-id=\"136899\" class=\"elementor elementor-136899 elementor-2650 elementor-bc-flex-widget\" data-elementor-post-type=\"page\">\n\t\t\t\t<div class=\"elementor-element elementor-element-iwgw-mimigeiste-hero e-flex e-con-boxed e-con e-parent\" data-id=\"iwgw-mimigeiste-hero\" data-element_type=\"container\" data-e-type=\"container\" data-settings=\"{&quot;background_background&quot;:&quot;classic&quot;}\">\n\t\t\t\t\t<div class=\"e-con-inner\">\n\t\t<div class=\"elementor-element elementor-element-iwgw-mimigeiste-hl e-flex e-con-boxed e-con e-child\" data-id=\"iwgw-mimigeiste-hl\" data-element_type=\"container\" data-e-type=\"container\">\n\t\t\t\t\t<div class=\"e-con-inner\">\n\t\t<div class=\"elementor-element elementor-element-iwgw-mimigeiste-htxt e-con-full e-flex e-con e-child\" data-id=\"iwgw-mimigeiste-htxt\" data-element_type=\"container\" data-e-type=\"container\">\n\t\t\t\t<div class=\"elementor-element elementor-element-iwgw-mimigeiste-h1 elementor-widget elementor-widget-heading\" data-id=\"iwgw-mimigeiste-h1\" data-element_type=\"widget\" data-e-type=\"widget\" data-widget_type=\"heading.default\">\n\t\t\t\t\t<h1 class=\"elementor-heading-title elementor-size-default\">Mimi-andar, tunna klipp- och grottandar i den aboriginska traditionen i Arnhem Land<\/h1>\t\t\t\t<\/div>\n\t\t\t\t<div class=\"elementor-element elementor-element-iwgw-mimigeiste-lead elementor-widget elementor-widget-text-editor\" data-id=\"iwgw-mimigeiste-lead\" data-element_type=\"widget\" data-e-type=\"widget\" data-widget_type=\"text-editor.default\">\n\t\t\t\t\t\t\t\t\t<p>Mimi-andarna (\u00e4ven <em>Mimih<\/em>) \u00e4r tunna, skygga klipp- och grottandar i den aboriginska traditionen i v\u00e4stra Arnhem Land i norra Australien. De \u00e4r s\u00e5 tunna att de kan g\u00f6mma sig i klippsprickor, och s\u00e5 skygga att de bara visar sig n\u00e4r det \u00e4r helt vindstilla.<\/p>\t\t\t\t\t\t\t\t<\/div>\n\t\t\t\t<\/div>\n\t\t<div class=\"elementor-element elementor-element-iwgw-mimigeiste-pillc e-con-full e-flex e-con e-child\" data-id=\"iwgw-mimigeiste-pillc\" data-element_type=\"container\" data-e-type=\"container\">\n\t\t\t\t<div class=\"elementor-element elementor-element-iwgw-mimigeiste-pills elementor-widget elementor-widget-html\" data-id=\"iwgw-mimigeiste-pills\" data-element_type=\"widget\" data-e-type=\"widget\" data-widget_type=\"html.default\">\n\t\t\t\t\t<div class=\"iwg-pill-row\"><span class=\"iwg-klasse-badge\" tabindex=\"0\" data-tooltip=\"Naturande i den aboriginska traditionen.\">Naturande<\/span><a href=\"https:\/\/iwell-guard.com\/sv\/aboriginal-australien-dreamtime-tjukurpa-skyddsobjekt\/\" class=\"iwg-kultur-badge\" tabindex=\"0\" data-tooltip=\"Mytologi i den aboriginska traditionen.\">Aboriginer<\/a><span class=\"iwg-tradition-badge\" tabindex=\"0\" data-tooltip=\"Klippandar.\">Klippandar<\/span><\/div>\t\t\t\t<\/div>\n\t\t\t\t<\/div>\n\t\t<div class=\"elementor-element elementor-element-iwgw-mimigeiste-tocc e-con-full e-flex e-con e-child\" data-id=\"iwgw-mimigeiste-tocc\" data-element_type=\"container\" data-e-type=\"container\">\n\t\t\t\t<div class=\"elementor-element elementor-element-iwgw-mimigeiste-toc elementor-toc--minimized-on-tablet elementor-widget elementor-widget-table-of-contents\" data-id=\"iwgw-mimigeiste-toc\" data-element_type=\"widget\" data-e-type=\"widget\" data-settings=\"{&quot;headings_by_tags&quot;:[&quot;h2&quot;,&quot;h3&quot;],&quot;minimize_box&quot;:&quot;yes&quot;,&quot;marker_view&quot;:&quot;bullets&quot;,&quot;no_headings_message&quot;:&quot;Inga rubriker hittades p\\u00e5 den h\\u00e4r sidan.&quot;,&quot;exclude_headings_by_selector&quot;:[],&quot;icon&quot;:{&quot;value&quot;:&quot;fas fa-circle&quot;,&quot;library&quot;:&quot;fa-solid&quot;,&quot;rendered_tag&quot;:&quot;&lt;svg class=\\&quot;e-font-icon-svg e-fas-circle\\&quot; viewBox=\\&quot;0 0 512 512\\&quot; xmlns=\\&quot;http:\\\/\\\/www.w3.org\\\/2000\\\/svg\\&quot;&gt;&lt;path d=\\&quot;M256 8C119 8 8 119 8 256s111 248 248 248 248-111 248-248S393 8 256 8z\\&quot;&gt;&lt;\\\/path&gt;&lt;\\\/svg&gt;&quot;},&quot;minimized_on&quot;:&quot;tablet&quot;,&quot;hierarchical_view&quot;:&quot;yes&quot;,&quot;min_height&quot;:{&quot;unit&quot;:&quot;px&quot;,&quot;size&quot;:&quot;&quot;,&quot;sizes&quot;:[]},&quot;min_height_tablet&quot;:{&quot;unit&quot;:&quot;px&quot;,&quot;size&quot;:&quot;&quot;,&quot;sizes&quot;:[]},&quot;min_height_mobile&quot;:{&quot;unit&quot;:&quot;px&quot;,&quot;size&quot;:&quot;&quot;,&quot;sizes&quot;:[]}}\" data-widget_type=\"table-of-contents.default\">\n\t\t\t\t\t\t\t\t\t<div class=\"elementor-toc__header\">\n\t\t\t\t\t\t<h2 class=\"elementor-toc__header-title\">\n\t\t\t\tInneh\u00e5llsf\u00f6rteckning\t\t\t<\/h2>\n\t\t\t\t\t\t\t\t\t\t<div class=\"elementor-toc__toggle-button elementor-toc__toggle-button--expand\" role=\"button\" tabindex=\"0\" aria-controls=\"elementor-toc__iwgw-mimigeiste-toc\" aria-expanded=\"true\" aria-label=\"Inhaltsverzeichnis \u00f6ffnen\"><svg aria-hidden=\"true\" class=\"e-font-icon-svg e-fas-chevron-down\" viewBox=\"0 0 448 512\" xmlns=\"http:\/\/www.w3.org\/2000\/svg\"><path d=\"M207.029 381.476L12.686 187.132c-9.373-9.373-9.373-24.569 0-33.941l22.667-22.667c9.357-9.357 24.522-9.375 33.901-.04L224 284.505l154.745-154.021c9.379-9.335 24.544-9.317 33.901.04l22.667 22.667c9.373 9.373 9.373 24.569 0 33.941L240.971 381.476c-9.373 9.372-24.569 9.372-33.942 0z\"><\/path><\/svg><\/div>\n\t\t\t\t<div class=\"elementor-toc__toggle-button elementor-toc__toggle-button--collapse\" role=\"button\" tabindex=\"0\" aria-controls=\"elementor-toc__iwgw-mimigeiste-toc\" aria-expanded=\"true\" aria-label=\"Inhaltsverzeichnis schlie\u00dfen\"><svg aria-hidden=\"true\" class=\"e-font-icon-svg e-fas-chevron-up\" viewBox=\"0 0 448 512\" xmlns=\"http:\/\/www.w3.org\/2000\/svg\"><path d=\"M240.971 130.524l194.343 194.343c9.373 9.373 9.373 24.569 0 33.941l-22.667 22.667c-9.357 9.357-24.522 9.375-33.901.04L224 227.495 69.255 381.516c-9.379 9.335-24.544 9.317-33.901-.04l-22.667-22.667c-9.373-9.373-9.373-24.569 0-33.941L207.03 130.525c9.372-9.373 24.568-9.373 33.941-.001z\"><\/path><\/svg><\/div>\n\t\t\t\t\t<\/div>\n\t\t\t\t<div id=\"elementor-toc__iwgw-mimigeiste-toc\" class=\"elementor-toc__body\">\n\t\t\t<div class=\"elementor-toc__spinner-container\">\n\t\t\t\t<svg class=\"elementor-toc__spinner eicon-animation-spin e-font-icon-svg e-eicon-loading\" aria-hidden=\"true\" viewBox=\"0 0 1000 1000\" xmlns=\"http:\/\/www.w3.org\/2000\/svg\"><path d=\"M500 975V858C696 858 858 696 858 500S696 142 500 142 142 304 142 500H25C25 237 238 25 500 25S975 237 975 500 763 975 500 975Z\"><\/path><\/svg>\t\t\t<\/div>\n\t\t<\/div>\n\t\t\t\t\t\t<\/div>\n\t\t\t\t<\/div>\n\t\t\t\t\t<\/div>\n\t\t\t\t<\/div>\n\t\t<div class=\"elementor-element elementor-element-iwgw-mimigeiste-hr e-con-full e-flex e-con e-child\" data-id=\"iwgw-mimigeiste-hr\" data-element_type=\"container\" data-e-type=\"container\">\n\t\t\t\t<div class=\"elementor-element elementor-element-iwgw-mimigeiste-heroimg iwg-hero-image elementor-widget elementor-widget-image\" data-id=\"iwgw-mimigeiste-heroimg\" data-element_type=\"widget\" data-e-type=\"widget\" data-widget_type=\"image.default\">\n\t\t\t\t\t\t\t\t\t\t\t\t\t\t\t<img fetchpriority=\"high\" decoding=\"async\" width=\"683\" height=\"1024\" src=\"https:\/\/iwell-guard.com\/wp-content\/uploads\/2026\/05\/geister_aboriginal_mimi-geister-683x1024.webp\" class=\"attachment-large size-large wp-image-2867\" alt=\"Mimi Geister - Geister aus der Aboriginal-Tradition, historisch-illustrativ\" srcset=\"https:\/\/iwell-guard.com\/wp-content\/uploads\/2026\/05\/geister_aboriginal_mimi-geister-683x1024.webp 683w, https:\/\/iwell-guard.com\/wp-content\/uploads\/2026\/05\/geister_aboriginal_mimi-geister-200x300.webp 200w, https:\/\/iwell-guard.com\/wp-content\/uploads\/2026\/05\/geister_aboriginal_mimi-geister-768x1152.webp 768w, https:\/\/iwell-guard.com\/wp-content\/uploads\/2026\/05\/geister_aboriginal_mimi-geister.webp 1024w\" sizes=\"(max-width: 683px) 100vw, 683px\" \/>\t\t\t\t\t\t\t\t\t\t\t\t\t\t\t<\/div>\n\t\t\t\t<\/div>\n\t\t\t\t\t<\/div>\n\t\t\t\t<\/div>\n\t\t<div class=\"elementor-element elementor-element-iwgw-mimigeiste-s0 e-flex e-con-boxed e-con e-parent\" data-id=\"iwgw-mimigeiste-s0\" data-element_type=\"container\" data-e-type=\"container\">\n\t\t\t\t\t<div class=\"e-con-inner\">\n\t\t\t\t<div class=\"elementor-element elementor-element-iwgw-mimigeiste-s0h elementor-widget elementor-widget-heading\" data-id=\"iwgw-mimigeiste-s0h\" data-element_type=\"widget\" data-e-type=\"widget\" data-widget_type=\"heading.default\">\n\t\t\t\t\t<h2 class=\"elementor-heading-title elementor-size-default\">Kontextualisering och kortprofil<\/h2>\t\t\t\t<\/div>\n\t\t<div class=\"elementor-element elementor-element-iwgw-mimigeiste-s0c e-con-full e-flex e-con e-child\" data-id=\"iwgw-mimigeiste-s0c\" data-element_type=\"container\" data-e-type=\"container\">\n\t\t\t\t<div class=\"elementor-element elementor-element-iwgw-mimigeiste-s0t elementor-widget elementor-widget-text-editor\" data-id=\"iwgw-mimigeiste-s0t\" data-element_type=\"widget\" data-e-type=\"widget\" data-widget_type=\"text-editor.default\">\n\t\t\t\t\t\t\t\t\t<p>Mimi-andarna tillh\u00f6r religionshistorien hos de aboriginska samh\u00e4llena i v\u00e4stra Arnhem Land, s\u00e4rskilt Kunwinjku, Mayali, Dangbon och Rembarrnga. Ur traditionens eget perspektiv \u00e4r de verkliga varelser som lever i klipporna och grottorna p\u00e5 Arnhem Land-platt\u00e5n. Ur religionsetnologins yttre perspektiv \u00e4r de en familj av platsbundna andar med undervisande och varnande funktioner.<\/p><p>Inom <a href=\"https:\/\/iwell-guard.com\/sv\/aboriginal-australien-dreamtime-tjukurpa-skyddsobjekt\/\">den aboriginska traditionen<\/a> \u00e4r mimi s\u00e4rskilt intressanta eftersom aboriginerna sj\u00e4lva tillskriver dem uppfinningen av klippm\u00e5leriet: enligt ber\u00e4ttelsen m\u00e5lade mimi under dr\u00f6mtiden de f\u00f6rsta bilderna, och m\u00e4nniskorna l\u00e4rde sig m\u00e5la av dem. Denna mytiska h\u00e4rledning av klippbilderna g\u00f6r mimi till en nyckelfigur i den aboriginska konsthistorien.<\/p><p>Religionsfenomenologiskt h\u00f6r mimi till den breda kategorin &#8221;fairy people&#8221;, sm\u00e5, skygga, platsbundna andar som f\u00f6rekommer i m\u00e5nga ursprungsfolkstraditioner v\u00e4rlden \u00f6ver och oftast f\u00f6rknippas med undervisande och varnande funktioner.<\/p>\t\t\t\t\t\t\t\t<\/div>\n\t\t\t\t<\/div>\n\t\t\t\t\t<\/div>\n\t\t\t\t<\/div>\n\t\t<div class=\"elementor-element elementor-element-iwgw-mimigeiste-s1 e-flex e-con-boxed e-con e-parent\" data-id=\"iwgw-mimigeiste-s1\" data-element_type=\"container\" data-e-type=\"container\">\n\t\t\t\t\t<div class=\"e-con-inner\">\n\t\t\t\t<div class=\"elementor-element elementor-element-iwgw-mimigeiste-s1h elementor-widget elementor-widget-heading\" data-id=\"iwgw-mimigeiste-s1h\" data-element_type=\"widget\" data-e-type=\"widget\" data-widget_type=\"heading.default\">\n\t\t\t\t\t<h2 class=\"elementor-heading-title elementor-size-default\">Namn och etymologi<\/h2>\t\t\t\t<\/div>\n\t\t<div class=\"elementor-element elementor-element-iwgw-mimigeiste-s1c e-con-full e-flex e-con e-child\" data-id=\"iwgw-mimigeiste-s1c\" data-element_type=\"container\" data-e-type=\"container\">\n\t\t\t\t<div class=\"elementor-element elementor-element-iwgw-mimigeiste-s1t elementor-widget elementor-widget-text-editor\" data-id=\"iwgw-mimigeiste-s1t\" data-element_type=\"widget\" data-e-type=\"widget\" data-widget_type=\"text-editor.default\">\n\t\t\t\t\t\t\t\t\t<p>Namnet <em>Mimi<\/em> (\u00e4ven <em>Mimih<\/em>) \u00e4r belagt i de flesta aboriginska spr\u00e5k i Arnhem Land. Etymologin \u00e4r inte slutgiltigt klarlagd. En traditionell h\u00e4rledning kopplar ordet till en onomatopoetisk rot som \u00e5terger andarnas tysta v\u00e4sande eller viskande.<\/p><p><span data-nosnippet>Hos yolngu i \u00f6stra Arnhem Land heter de n\u00e5got annat, <em>Wapitja<\/em> eller <em>Yawk<\/em>, med delvis avvikande egenskaper. Howard Morphy har i <em>Aboriginal Art<\/em> (1998) systematiskt dokumenterat de regionala variationerna.<\/span><\/p><p>I \u00e4ldre etnografiska rapporter kallas mimi ofta &#8221;mimih spirits&#8221;, en anglifiering som \u00e4r mindre vanlig i dag. Standarden i dag \u00e4r stavningen <em>mimi-andar<\/em> (svenska) eller <em>mimi spirits<\/em> (engelska).<\/p>\t\t\t\t\t\t\t\t<\/div>\n\t\t\t\t<\/div>\n\t\t\t\t\t<\/div>\n\t\t\t\t<\/div>\n\t\t<div class=\"elementor-element elementor-element-iwgw-mimigeiste-s2 e-flex e-con-boxed e-con e-parent\" data-id=\"iwgw-mimigeiste-s2\" data-element_type=\"container\" data-e-type=\"container\">\n\t\t\t\t\t<div class=\"e-con-inner\">\n\t\t\t\t<div class=\"elementor-element elementor-element-iwgw-mimigeiste-s2h elementor-widget elementor-widget-heading\" data-id=\"iwgw-mimigeiste-s2h\" data-element_type=\"widget\" data-e-type=\"widget\" data-widget_type=\"heading.default\">\n\t\t\t\t\t<h2 class=\"elementor-heading-title elementor-size-default\">Beskrivning och ikonografi<\/h2>\t\t\t\t<\/div>\n\t\t<div class=\"elementor-element elementor-element-iwgw-mimigeiste-s2c e-con-full e-flex e-con e-child\" data-id=\"iwgw-mimigeiste-s2c\" data-element_type=\"container\" data-e-type=\"container\">\n\t\t\t\t<div class=\"elementor-element elementor-element-iwgw-mimigeiste-s2t elementor-widget elementor-widget-text-editor\" data-id=\"iwgw-mimigeiste-s2t\" data-element_type=\"widget\" data-e-type=\"widget\" data-widget_type=\"text-editor.default\">\n\t\t\t\t\t\t\t\t\t<p>Mimi beskrivs som ytterst tunna, l\u00e5nga varelser, s\u00e5 tunna att de kan g\u00f6mma sig i klippsprickor, och s\u00e5 k\u00e4nsliga att till och med en l\u00e4tt vind skulle bryta deras halsben. D\u00e4rf\u00f6r l\u00e4mnar de sina klippskrevor bara n\u00e4r det \u00e4r helt vindstilla. De har m\u00e4nskliga ansikten men extremt l\u00e5nga lemmar, och tillskrivs ofta ett l\u00e5ngt spjut i handen.<\/p><p>Klippm\u00e5lningar i mimi-stil h\u00f6r till de \u00e4ldsta bevarade klippbilderna i Arnhem Land. De visar typiskt tunna, livligt r\u00f6rliga figurer, j\u00e4gare med spjut, dansare, kvinnor med gr\u00e4vstavar. Denna &#8221;dynamic figures style&#8221; dateras till upp till 12 000 \u00e5r tillbaka, vilket g\u00f6r mimi-klippbilderna till n\u00e5gra av Australiens \u00e4ldsta bevarade konstverk.<\/p><p>Mimi-traditionen har f\u00e5tt s\u00e4rskild betydelse inom 1900-talets barkm\u00e5leri. Aboriginska konstn\u00e4rer som Yirawala, Crusoe Kuningbal och Spider Namirrkki har f\u00f6rt mimi-motiven vidare till moderna medier. Dessa verk finns i dag p\u00e5 m\u00e5nga museer v\u00e4rlden \u00f6ver (t.ex. National Museum i Canberra, British Museum, Mus\u00e9e du Quai Branly i Paris).<\/p>\t\t\t\t\t\t\t\t<\/div>\n\t\t\t\t<\/div>\n\t\t\t\t\t<\/div>\n\t\t\t\t<\/div>\n\t\t<div class=\"elementor-element elementor-element-iwgw-mimigeiste-s3 e-flex e-con-boxed e-con e-parent\" data-id=\"iwgw-mimigeiste-s3\" data-element_type=\"container\" data-e-type=\"container\">\n\t\t\t\t\t<div class=\"e-con-inner\">\n\t\t\t\t<div class=\"elementor-element elementor-element-iwgw-mimigeiste-s3h elementor-widget elementor-widget-heading\" data-id=\"iwgw-mimigeiste-s3h\" data-element_type=\"widget\" data-e-type=\"widget\" data-widget_type=\"heading.default\">\n\t\t\t\t\t<h2 class=\"elementor-heading-title elementor-size-default\">Mytologiska ber\u00e4ttelser<\/h2>\t\t\t\t<\/div>\n\t\t<div class=\"elementor-element elementor-element-iwgw-mimigeiste-s3c e-con-full e-flex e-con e-child\" data-id=\"iwgw-mimigeiste-s3c\" data-element_type=\"container\" data-e-type=\"container\">\n\t\t\t\t<div class=\"elementor-element elementor-element-iwgw-mimigeiste-s3t elementor-widget elementor-widget-text-editor\" data-id=\"iwgw-mimigeiste-s3t\" data-element_type=\"widget\" data-e-type=\"widget\" data-widget_type=\"text-editor.default\">\n\t\t\t\t\t\t\t\t\t<p>Den centrala mimi-ber\u00e4ttelsen \u00e4r &#8221;mimi-l\u00e4ran&#8221;: under dr\u00f6mtiden levde mimi fridfullt i klipporna. De var m\u00e4starj\u00e4gare och m\u00e4starm\u00e5lare. De s\u00e5g de f\u00f6rsta m\u00e4nniskorna och l\u00e4rde dem av medlidande att jaga, g\u00f6ra eld och m\u00e5la. Kunwinjkus konst och kultur i dag \u00e4r enligt ber\u00e4ttelsen ett direkt arv fr\u00e5n mimi.<\/p><p>En andra ber\u00e4ttelse beskriver mimis g\u00f6mstrategier: n\u00e4r det bl\u00e5ser drar mimi sig djupt in i klipporna, vid vindstilla v\u00e5gar de sig ut. Den som ser en mimi-<span class=\"iwg-fachbegriff\" data-tooltip=\"En kroppsl\u00f6s varelse som tillskrivs verkan i v\u00e4rlden.\" tabindex=\"0\">ande<\/span> b\u00f6r inte tilltala den, eftersom de \u00e4r skygga och drar sig tillbaka s\u00e5rade.<\/p><p>En tredje ber\u00e4ttelse handlar om farliga m\u00f6ten med mimi: stannar en j\u00e4gare f\u00f6r l\u00e4nge i en grotta kan han bli &#8221;tagen&#8221; av mimi, ett <span class=\"iwg-fachbegriff\" data-tooltip=\"Ett \u00e5terkommande inneh\u00e5llselement i konst eller ber\u00e4ttelse.\" tabindex=\"0\">motiv<\/span> som p\u00e5minner om europeiska \u00e4lvbortf\u00f6randen och som anv\u00e4nds i m\u00e5nga aboriginska varningsber\u00e4ttelser f\u00f6r barn.<\/p>\t\t\t\t\t\t\t\t<\/div>\n\t\t\t\t<\/div>\n\t\t\t\t\t<\/div>\n\t\t\t\t<\/div>\n\t\t<div class=\"elementor-element elementor-element-iwgw-mimigeiste-s4 e-flex e-con-boxed e-con e-parent\" data-id=\"iwgw-mimigeiste-s4\" data-element_type=\"container\" data-e-type=\"container\">\n\t\t\t\t\t<div class=\"e-con-inner\">\n\t\t\t\t<div class=\"elementor-element elementor-element-iwgw-mimigeiste-s4h elementor-widget elementor-widget-heading\" data-id=\"iwgw-mimigeiste-s4h\" data-element_type=\"widget\" data-e-type=\"widget\" data-widget_type=\"heading.default\">\n\t\t\t\t\t<h2 class=\"elementor-heading-title elementor-size-default\">Kult och v\u00f6rdnad<\/h2>\t\t\t\t<\/div>\n\t\t<div class=\"elementor-element elementor-element-iwgw-mimigeiste-s4c e-con-full e-flex e-con e-child\" data-id=\"iwgw-mimigeiste-s4c\" data-element_type=\"container\" data-e-type=\"container\">\n\t\t\t\t<div class=\"elementor-element elementor-element-iwgw-mimigeiste-s4t elementor-widget elementor-widget-text-editor\" data-id=\"iwgw-mimigeiste-s4t\" data-element_type=\"widget\" data-e-type=\"widget\" data-widget_type=\"text-editor.default\">\n\t\t\t\t\t\t\t\t\t<p>Mimi har ingen formell <span class=\"iwg-fachbegriff\" data-tooltip=\"Helheten av religi\u00f6sa v\u00f6rdnadshandlingar f\u00f6r en gudom eller helig gestalt.\" tabindex=\"0\">kult<\/span>. De \u00e4r snarare f\u00f6rem\u00e5l f\u00f6r vardaglig f\u00f6rsiktighet och tillf\u00e4llig <span class=\"iwg-fachbegriff\" data-tooltip=\"Den bedjande eller besv\u00e4rjande tilltalet av en gudom eller makt.\" tabindex=\"0\">\u00e5kallan<\/span>. Innan man g\u00e5r in i en grotta &#8221;underr\u00e4ttas&#8221; de tyst: en kort vissling, ett ord av respekt, ibland en ber\u00f6ring av klippan.<\/p><p>En s\u00e4rskild sedv\u00e4nja \u00e4r stam\u00e4ldstes \u00e5rliga &#8221;f\u00f6rnyande&#8221; av vissa mimi-klippbilder: liksom hos <a href=\"https:\/\/iwell-guard.com\/sv\/wandjina-moln-och-regnvasen-kimberley\/\">wandjina<\/a> i Kimberley m\u00e5las en klippbild om <span class=\"iwg-fachbegriff\" data-tooltip=\"Tillh\u00f6rande ett fastst\u00e4llt religi\u00f6st handlingsf\u00f6rlopp.\" tabindex=\"0\">ritualt<\/span>, vilket f\u00f6rst\u00e5s som en bekr\u00e4ftelse av det levande f\u00f6rh\u00e5llandet mellan m\u00e4nniskor och mimi.<\/p><p>I den samtida aboriginska praktiken i Maningrida, Gunbalanya och andra samh\u00e4llen i Arnhem Land lever mimi-motiven vidare i konsten. Flera konstn\u00e4rer arbetar \u00f6ver generationer inom &#8221;mimi-traditionen&#8221;, som \u00e4r betydelsefull b\u00e5de religi\u00f6st och ekonomiskt (f\u00f6rs\u00e4ljning av verken).<\/p>\t\t\t\t\t\t\t\t<\/div>\n\t\t\t\t<\/div>\n\t\t\t\t\t<\/div>\n\t\t\t\t<\/div>\n\t\t<div class=\"elementor-element elementor-element-iwgw-mimigeiste-s5 e-flex e-con-boxed e-con e-parent\" data-id=\"iwgw-mimigeiste-s5\" data-element_type=\"container\" data-e-type=\"container\">\n\t\t\t\t\t<div class=\"e-con-inner\">\n\t\t\t\t<div class=\"elementor-element elementor-element-iwgw-mimigeiste-s5h elementor-widget elementor-widget-heading\" data-id=\"iwgw-mimigeiste-s5h\" data-element_type=\"widget\" data-e-type=\"widget\" data-widget_type=\"heading.default\">\n\t\t\t\t\t<h2 class=\"elementor-heading-title elementor-size-default\">Skyddspraxis och apotrop\u00e4iskt<\/h2>\t\t\t\t<\/div>\n\t\t<div class=\"elementor-element elementor-element-iwgw-mimigeiste-s5c e-con-full e-flex e-con e-child\" data-id=\"iwgw-mimigeiste-s5c\" data-element_type=\"container\" data-e-type=\"container\">\n\t\t\t\t<div class=\"elementor-element elementor-element-iwgw-mimigeiste-s5t elementor-widget elementor-widget-text-editor\" data-id=\"iwgw-mimigeiste-s5t\" data-element_type=\"widget\" data-e-type=\"widget\" data-widget_type=\"text-editor.default\">\n\t\t\t\t\t\t\t\t\t<p>Religionsvetenskapligt beskrivet: apotrop\u00e4iska sedv\u00e4njor i mimi-komplexet syftar p\u00e5 ett respektfullt bem\u00f6tande av grottorna och klipporna. F\u00f6rbjudet \u00e4r h\u00f6gljutt tal i grottor, obeh\u00f6rig \u00f6verm\u00e5lning av mimi-h\u00e4llbilder, borttagning av klippfragment samt vistelse i en grotta efter solnedg\u00e5ngen.<\/p><p>En s\u00e4rskild skyddspraktik \u00e4r att b\u00e4ra med sig sm\u00e5 spjut eller snidade tr\u00e4figurer vid grottbes\u00f6k. Dessa g\u00e4ller som en \u201eg\u00e5va\u201d till mimi och s\u00e4krar ett fridfullt m\u00f6te.<\/p><p>Ur ett etnografiskt utifr\u00e5nperspektiv utg\u00f6r dessa sedv\u00e4njor vardagsstrukturerande regler som f\u00f6renar ekologisk f\u00f6rsiktighet (skydd av grottans ekosystem) med religi\u00f6s praxis (respekt f\u00f6r andarna). Mary Douglas har i <em>Reinheit und Gef\u00e4hrdung<\/em> (1966) beskrivit liknande tabustrukturer religionsantropologiskt.<\/p>\t\t\t\t\t\t\t\t<\/div>\n\t\t\t\t<\/div>\n\t\t\t\t\t<\/div>\n\t\t\t\t<\/div>\n\t\t<div class=\"elementor-element elementor-element-iwgw-mimigeiste-s6 e-flex e-con-boxed e-con e-parent\" data-id=\"iwgw-mimigeiste-s6\" data-element_type=\"container\" data-e-type=\"container\">\n\t\t\t\t\t<div class=\"e-con-inner\">\n\t\t\t\t<div class=\"elementor-element elementor-element-iwgw-mimigeiste-s6h elementor-widget elementor-widget-heading\" data-id=\"iwgw-mimigeiste-s6h\" data-element_type=\"widget\" data-e-type=\"widget\" data-widget_type=\"heading.default\">\n\t\t\t\t\t<h2 class=\"elementor-heading-title elementor-size-default\">Paralleller i andra kulturer<\/h2>\t\t\t\t<\/div>\n\t\t<div class=\"elementor-element elementor-element-iwgw-mimigeiste-s6c e-con-full e-flex e-con e-child\" data-id=\"iwgw-mimigeiste-s6c\" data-element_type=\"container\" data-e-type=\"container\">\n\t\t\t\t<div class=\"elementor-element elementor-element-iwgw-mimigeiste-s6t elementor-widget elementor-widget-text-editor\" data-id=\"iwgw-mimigeiste-s6t\" data-element_type=\"widget\" data-e-type=\"widget\" data-widget_type=\"text-editor.default\">\n\t\t\t\t\t\t\t\t\t<p>Tunna, skygga klippandar \u00e4r religionsfenomenologiskt v\u00e4l belagda. Strukturellt j\u00e4mf\u00f6rbara \u00e4r de irl\u00e4ndska <em>s\u00eddh<\/em>-v\u00e4sendena, de skotska faerierna, de japanska <em>tsuchigumo<\/em> i \u00e4ldre versioner samt de nordamerikanska memegwesi ur algonkin-traditionen. I samtliga fall r\u00f6r det sig om platsbundna, skygga v\u00e4sen med l\u00e4rande och varnande funktioner.<\/p><p>Religionsfenomenologiskt intressant \u00e4r kopplingen mellan mimi och l\u00e4ran om jakt, eld och konst. Denna \u201ekulturhj\u00e4lte\u201d-funktion g\u00f6r dem typologiskt besl\u00e4ktade med Prometheus (elden), Hermes (konsten) och m\u00e5nga andra kulturl\u00e4rande gestalter. Den aboriginska varianten \u00e4r s\u00e4rskilt intressant eftersom det inte \u00e4r en enskild gestalt utan en hel grupp andar som fungerar som l\u00e4rare.<\/p><p>I Sibirien liknar mimi de shamanistiska hj\u00e4lpandarna som <a href=\"https:\/\/iwell-guard.com\/sv\/asbuiga-burjatisk-hastskyddsande\/\">Asbuiga<\/a>, som likaledes fungerar som l\u00e4rande f\u00f6rmedlargestalter. En direkt historisk koppling kan dock inte antas; det r\u00f6r sig om en typologisk konvergens.<\/p>\t\t\t\t\t\t\t\t<\/div>\n\t\t\t\t<\/div>\n\t\t\t\t\t<\/div>\n\t\t\t\t<\/div>\n\t\t<div class=\"elementor-element elementor-element-iwgw-mimigeiste-s7 e-flex e-con-boxed e-con e-parent\" data-id=\"iwgw-mimigeiste-s7\" data-element_type=\"container\" data-e-type=\"container\">\n\t\t\t\t\t<div class=\"e-con-inner\">\n\t\t\t\t<div class=\"elementor-element elementor-element-iwgw-mimigeiste-s7h elementor-widget elementor-widget-heading\" data-id=\"iwgw-mimigeiste-s7h\" data-element_type=\"widget\" data-e-type=\"widget\" data-widget_type=\"heading.default\">\n\t\t\t\t\t<h2 class=\"elementor-heading-title elementor-size-default\">Nutida mottagande och forskning<\/h2>\t\t\t\t<\/div>\n\t\t<div class=\"elementor-element elementor-element-iwgw-mimigeiste-s7c e-con-full e-flex e-con e-child\" data-id=\"iwgw-mimigeiste-s7c\" data-element_type=\"container\" data-e-type=\"container\">\n\t\t\t\t<div class=\"elementor-element elementor-element-iwgw-mimigeiste-s7t elementor-widget elementor-widget-text-editor\" data-id=\"iwgw-mimigeiste-s7t\" data-element_type=\"widget\" data-e-type=\"widget\" data-widget_type=\"text-editor.default\">\n\t\t\t\t\t\t\t\t\t<p><span data-nosnippet>Den viktigaste tidiga k\u00e4llan \u00e4r Charles P. Mountfords <em>Records of the American-Australian Scientific Expedition to Arnhem Land<\/em> (1956), en omfattande dokumentation som samlar mycket mimi-relaterat material. Ronald M. och Catherine H. Berndt har i flera arbeten f\u00f6rdjupat mimi-traditionen.<\/span><\/p><p>Howard Morphys <em>Aboriginal Art<\/em> (Phaidon 1998) och Luke Taylors <em>Seeing the Inside<\/em> (1996) \u00e4r de viktigaste samtida konsthistoriska studierna om mimi-h\u00e4llm\u00e5leriet och dess \u00f6verf\u00f6ring till moderna medier.<\/p><p>I den samtida aboriginska sj\u00e4lvframst\u00e4llningen \u00e4r mimi internationellt n\u00e4rvarande genom barkm\u00e5lningstraditionen i Maningrida-regionen. Bukit Larrtjpi konstn\u00e4rsf\u00f6rening och andra inhemska institutioner v\u00e5rdar mimi-traditionen som ett kulturellt och ekonomiskt arv.<\/p>\t\t\t\t\t\t\t\t<\/div>\n\t\t\t\t<\/div>\n\t\t\t\t\t<\/div>\n\t\t\t\t<\/div>\n\t\t<div class=\"elementor-element elementor-element-iwgw-mimigeiste-s8 e-flex e-con-boxed e-con e-parent\" data-id=\"iwgw-mimigeiste-s8\" data-element_type=\"container\" data-e-type=\"container\">\n\t\t\t\t\t<div class=\"e-con-inner\">\n\t\t\t\t<div class=\"elementor-element elementor-element-iwgw-mimigeiste-s8h elementor-widget elementor-widget-heading\" data-id=\"iwgw-mimigeiste-s8h\" data-element_type=\"widget\" data-e-type=\"widget\" data-widget_type=\"heading.default\">\n\t\t\t\t\t<h2 class=\"elementor-heading-title elementor-size-default\">Forskningsdebatter och \u00f6ppna fr\u00e5gor<\/h2>\t\t\t\t<\/div>\n\t\t<div class=\"elementor-element elementor-element-iwgw-mimigeiste-s8c e-con-full e-flex e-con e-child\" data-id=\"iwgw-mimigeiste-s8c\" data-element_type=\"container\" data-e-type=\"container\">\n\t\t\t\t<div class=\"elementor-element elementor-element-iwgw-mimigeiste-s8t elementor-widget elementor-widget-text-editor\" data-id=\"iwgw-mimigeiste-s8t\" data-element_type=\"widget\" data-e-type=\"widget\" data-widget_type=\"text-editor.default\">\n\t\t\t\t\t\t\t\t\t<p>Flera forskningsdebatter kretsar kring mimi. F\u00f6r det f\u00f6rsta: hur gammal \u00e4r mimi-traditionen? H\u00e4llbilderna i mimi-stil \u00e4r arkeologiskt daterade till upp till 12 000 \u00e5r, men huruvida den nutida levande mimi-f\u00f6rest\u00e4llningen kontinuerligt h\u00e4rstammar fr\u00e5n dessa gamla bilder \u00e4r inte s\u00e4kert fastst\u00e4llt.<\/p><p>F\u00f6r det andra: hur f\u00f6rh\u00e5ller sig mimi till de st\u00f6rre skapelsegestalterna som <a href=\"https:\/\/iwell-guard.com\/sv\/rainbow-serpent-regnbagsormen-aboriginsk-religion\/\">Rainbow Serpent<\/a> eller <a href=\"https:\/\/iwell-guard.com\/sv\/wandjina-moln-och-regnvasen-kimberley\/\">Wandjina<\/a>? Mimi \u00e4r otvivelaktigt \u201emindre\u201d andar, men deras l\u00e4rande funktion g\u00f6r dem religionshistoriskt viktiga.<\/p><p>F\u00f6r det tredje: vilken roll spelar mimi i den samtida aboriginska konstpraktiken? Den kommersiella exploateringen av mimi-bilderna \u00e4r religionssociologiskt intressant och r\u00f6r fr\u00e5gor om inhemska \u00e4gander\u00e4tter till traditionella bildmotiv.<\/p>\t\t\t\t\t\t\t\t<\/div>\n\t\t\t\t<\/div>\n\t\t\t\t\t<\/div>\n\t\t\t\t<\/div>\n\t\t<div class=\"elementor-element elementor-element-iwgw-mimigeiste-s9 e-flex e-con-boxed e-con e-parent\" data-id=\"iwgw-mimigeiste-s9\" data-element_type=\"container\" data-e-type=\"container\">\n\t\t\t\t\t<div class=\"e-con-inner\">\n\t\t\t\t<div class=\"elementor-element elementor-element-iwgw-mimigeiste-s9h elementor-widget elementor-widget-heading\" data-id=\"iwgw-mimigeiste-s9h\" data-element_type=\"widget\" data-e-type=\"widget\" data-widget_type=\"heading.default\">\n\t\t\t\t\t<h2 class=\"elementor-heading-title elementor-size-default\">Mimi-h\u00e4llm\u00e5leri och aboriginsk konsthistoria<\/h2>\t\t\t\t<\/div>\n\t\t<div class=\"elementor-element elementor-element-iwgw-mimigeiste-s9c e-con-full e-flex e-con e-child\" data-id=\"iwgw-mimigeiste-s9c\" data-element_type=\"container\" data-e-type=\"container\">\n\t\t\t\t<div class=\"elementor-element elementor-element-iwgw-mimigeiste-s9t elementor-widget elementor-widget-text-editor\" data-id=\"iwgw-mimigeiste-s9t\" data-element_type=\"widget\" data-e-type=\"widget\" data-widget_type=\"text-editor.default\">\n\t\t\t\t\t\t\t\t\t<p>En f\u00f6rdjupning f\u00f6rtj\u00e4nar mimi-h\u00e4llm\u00e5leriets st\u00e4llning i den aboriginska konsthistorien. Den s\u00e5 kallade \u201edynamic figures style\u201d-traditionen anses vara en av v\u00e4rldens \u00e4ldsta bevarade konstriktningar; arkeologiska dateringar str\u00e4cker sig \u00e4nda till senare delen av pleistocen.<\/p><p>Dessa h\u00e4llbilder visar typiskt tunna, dynamiskt r\u00f6rliga figurer i jakt- och dansscener. Paul Ta\u00e7on har i flera uppsatser gjort dateringar och tolkningar av dessa bilder; hans arbete \u00e4r i dag standard.<\/p><p>Den mytiska identifikationen av dessa bilder med mimi-andarna g\u00f6r dem religionshistoriskt s\u00e4rskilt intressanta. Ur ett aboriginskt innanf\u00f6rperspektiv \u00e4r bilderna inte m\u00e4nniskoverk utan mimi-verk, en ontologi som utmanar v\u00e4sterl\u00e4ndska konstbegrepp.<\/p>\t\t\t\t\t\t\t\t<\/div>\n\t\t\t\t<\/div>\n\t\t\t\t\t<\/div>\n\t\t\t\t<\/div>\n\t\t<div class=\"elementor-element elementor-element-iwgw-mimigeiste-s10 e-flex e-con-boxed e-con e-parent\" data-id=\"iwgw-mimigeiste-s10\" data-element_type=\"container\" data-e-type=\"container\">\n\t\t\t\t\t<div class=\"e-con-inner\">\n\t\t\t\t<div class=\"elementor-element elementor-element-iwgw-mimigeiste-s10h elementor-widget elementor-widget-heading\" data-id=\"iwgw-mimigeiste-s10h\" data-element_type=\"widget\" data-e-type=\"widget\" data-widget_type=\"heading.default\">\n\t\t\t\t\t<h2 class=\"elementor-heading-title elementor-size-default\">Mimi i den samtida barkm\u00e5lningstraditionen<\/h2>\t\t\t\t<\/div>\n\t\t<div class=\"elementor-element elementor-element-iwgw-mimigeiste-s10c e-con-full e-flex e-con e-child\" data-id=\"iwgw-mimigeiste-s10c\" data-element_type=\"container\" data-e-type=\"container\">\n\t\t\t\t<div class=\"elementor-element elementor-element-iwgw-mimigeiste-s10t elementor-widget elementor-widget-text-editor\" data-id=\"iwgw-mimigeiste-s10t\" data-element_type=\"widget\" data-e-type=\"widget\" data-widget_type=\"text-editor.default\">\n\t\t\t\t\t\t\t\t\t<p><span data-nosnippet>Barkm\u00e5lningstraditionen i Arnhem Land har f\u00e5tt internationell uppm\u00e4rksamhet sedan 1950-talet. K\u00e4nda konstn\u00e4rer som Yirawala (Kunwinjku, 1903, 1976), Crusoe Kuningbal, John Mawurndjul och Spider Namirrkki har \u00f6verf\u00f6rt mimi-motiv till moderna medier och gjort dem tillg\u00e4ngliga f\u00f6r den internationella konstmarknaden.<\/span><\/p><p>Howard Morphy har i <em>Becoming Art<\/em> (2007) visat hur \u00f6verg\u00e5ngen fr\u00e5n rituellt h\u00e4llm\u00e5leri till marknadsanpassad barkm\u00e5lning har f\u00f6r\u00e4ndrat mimi-framst\u00e4llningens religi\u00f6sa funktion. Bilderna har \u201eblivit sj\u00e4lvst\u00e4ndiga\u201d och integrerats i en global konstmarknad.<\/p><p>Religionssociologiskt \u00e4r denna utveckling ambivalent. \u00c5 ena sidan s\u00e4krar den aboriginska samh\u00e4llens ekonomiska \u00f6verlevnad, \u00e5 andra sidan omvandlar den hemliga religi\u00f6sa inneh\u00e5ll till offentlig vara. Aboriginska konstn\u00e4rer och deras samh\u00e4llen har utvecklat metoder f\u00f6r att hantera denna sp\u00e4nning.<\/p>\t\t\t\t\t\t\t\t<\/div>\n\t\t\t\t<\/div>\n\t\t\t\t\t<\/div>\n\t\t\t\t<\/div>\n\t\t<div class=\"elementor-element elementor-element-iwgw-mimigeiste-s11 e-flex e-con-boxed e-con e-parent\" data-id=\"iwgw-mimigeiste-s11\" data-element_type=\"container\" data-e-type=\"container\">\n\t\t\t\t\t<div class=\"e-con-inner\">\n\t\t\t\t<div class=\"elementor-element elementor-element-iwgw-mimigeiste-s11h elementor-widget elementor-widget-heading\" data-id=\"iwgw-mimigeiste-s11h\" data-element_type=\"widget\" data-e-type=\"widget\" data-widget_type=\"heading.default\">\n\t\t\t\t\t<h2 class=\"elementor-heading-title elementor-size-default\">Metodisk reflektion och k\u00e4llor<\/h2>\t\t\t\t<\/div>\n\t\t<div class=\"elementor-element elementor-element-iwgw-mimigeiste-s11c e-con-full e-flex e-con e-child\" data-id=\"iwgw-mimigeiste-s11c\" data-element_type=\"container\" data-e-type=\"container\">\n\t\t\t\t<div class=\"elementor-element elementor-element-iwgw-mimigeiste-s11t elementor-widget elementor-widget-text-editor\" data-id=\"iwgw-mimigeiste-s11t\" data-element_type=\"widget\" data-e-type=\"widget\" data-widget_type=\"text-editor.default\">\n\t\t\t\t\t\t\t\t\t<p>Vid mimi-forskningen uppst\u00e5r flera metodologiska problem. F\u00f6r det f\u00f6rsta: den arkeologiska dateringen av mimi-h\u00e4llbilderna \u00e4r sv\u00e5r och f\u00f6rem\u00e5l f\u00f6r p\u00e5g\u00e5ende debatt. Olika dateringsmetoder ger skilda resultat; en konsensuskronologi saknas fortfarande.<\/p><p>F\u00f6r det andra: mycket av mimi-kunskapen \u00e4r inte \u201ebegr\u00e4nsad\u201d i strikt mening, men likv\u00e4l djupt f\u00f6rankrad i lokal praxis. Ett respektfullt k\u00e4llarbete kr\u00e4vs, i samr\u00e5d med de traditionella \u00e4garna.<\/p><p>F\u00f6r det tredje: det konsthistoriska och det religionsantropologiska perspektivet p\u00e5 mimi b\u00f6r samverka. B\u00e5da disciplinerna har sina styrkor; en isolerad behandling missar mimi-traditionens djup.<\/p><p>Den som vill studera mimi-komplexet i hela dess bredd hittar p\u00e5 \u00f6versiktssidan <a href=\"https:\/\/iwell-guard.com\/sv\/aboriginal-australien-dreamtime-tjukurpa-skyddsobjekt\/\">Aboriginsk tradition<\/a> de viktigaste korsreferenserna till besl\u00e4ktade gestalter som <a href=\"https:\/\/iwell-guard.com\/sv\/wandjina-moln-och-regnvasen-kimberley\/\">Wandjina<\/a>, <a href=\"https:\/\/iwell-guard.com\/sv\/rainbow-serpent-regnbagsormen-aboriginsk-religion\/\">Rainbow Serpent<\/a> och <a href=\"https:\/\/iwell-guard.com\/sv\/namarrkon-blixtman-kunwinjku\/\">Namarrkon<\/a>.<\/p>\t\t\t\t\t\t\t\t<\/div>\n\t\t\t\t<\/div>\n\t\t\t\t\t<\/div>\n\t\t\t\t<\/div>\n\t\t<div class=\"elementor-element elementor-element-iwgw-mimigeiste-s12 e-flex e-con-boxed e-con e-parent\" data-id=\"iwgw-mimigeiste-s12\" data-element_type=\"container\" data-e-type=\"container\">\n\t\t\t\t\t<div class=\"e-con-inner\">\n\t\t\t\t<div class=\"elementor-element elementor-element-iwgw-mimigeiste-s12h elementor-widget elementor-widget-heading\" data-id=\"iwgw-mimigeiste-s12h\" data-element_type=\"widget\" data-e-type=\"widget\" data-widget_type=\"heading.default\">\n\t\t\t\t\t<h2 class=\"elementor-heading-title elementor-size-default\">Mimi och den aboriginska konstmarknaden<\/h2>\t\t\t\t<\/div>\n\t\t<div class=\"elementor-element elementor-element-iwgw-mimigeiste-s12c e-con-full e-flex e-con e-child\" data-id=\"iwgw-mimigeiste-s12c\" data-element_type=\"container\" data-e-type=\"container\">\n\t\t\t\t<div class=\"elementor-element elementor-element-iwgw-mimigeiste-s12t elementor-widget elementor-widget-text-editor\" data-id=\"iwgw-mimigeiste-s12t\" data-element_type=\"widget\" data-e-type=\"widget\" data-widget_type=\"text-editor.default\">\n\t\t\t\t\t\t\t\t\t<p>Mimi-traditionen \u00e4r idag internationellt n\u00e4rvarande, framf\u00f6r allt genom bark-painting-traditionen i Maningrida-regionen. K\u00e4nda konstn\u00e4rer som John Mawurndjul, Spider Namirrkki och andra har \u00f6versatt Mimi-motiv till ett internationellt konstspr\u00e5k.<\/p><p><span data-nosnippet>Howard Morphy har i <em>Becoming Art<\/em> (2007) visat hur \u00f6verg\u00e5ngen fr\u00e5n rituell h\u00e4llm\u00e5lning till marknadsanpassad bark-painting har omvandlat Mimi-traditionen utan att upph\u00e4va den. Bilderna cirkulerar p\u00e5 en global marknad men beh\u00e5ller sin rituella koppling till Maningrida-samh\u00e4llet.<\/span><\/p><p>Denna dubbla funktion (kommersiell och <span class=\"iwg-fachbegriff\" data-tooltip=\"Tillh\u00f6rande ett fastst\u00e4llt religi\u00f6st handlingsf\u00f6rlopp.\" tabindex=\"0\">rituell<\/span>) \u00e4r religionsantropologiskt ett intressant studiefall. Det illustrerar hur inhemsk religion kan \u00f6verleva och omvandlas under moderna marknadsvillkor.<\/p>\t\t\t\t\t\t\t\t<\/div>\n\t\t\t\t<\/div>\n\t\t\t\t\t<\/div>\n\t\t\t\t<\/div>\n\t\t<div class=\"elementor-element elementor-element-iwgw-mimigeiste-s13 e-flex e-con-boxed e-con e-parent\" data-id=\"iwgw-mimigeiste-s13\" data-element_type=\"container\" data-e-type=\"container\">\n\t\t\t\t\t<div class=\"e-con-inner\">\n\t\t\t\t<div class=\"elementor-element elementor-element-iwgw-mimigeiste-s13h elementor-widget elementor-widget-heading\" data-id=\"iwgw-mimigeiste-s13h\" data-element_type=\"widget\" data-e-type=\"widget\" data-widget_type=\"heading.default\">\n\t\t\t\t\t<h2 class=\"elementor-heading-title elementor-size-default\">Mimi och den konsthistoriska periodiseringen av Aboriginal-konst<\/h2>\t\t\t\t<\/div>\n\t\t<div class=\"elementor-element elementor-element-iwgw-mimigeiste-s13c e-con-full e-flex e-con e-child\" data-id=\"iwgw-mimigeiste-s13c\" data-element_type=\"container\" data-e-type=\"container\">\n\t\t\t\t<div class=\"elementor-element elementor-element-iwgw-mimigeiste-s13t elementor-widget elementor-widget-text-editor\" data-id=\"iwgw-mimigeiste-s13t\" data-element_type=\"widget\" data-e-type=\"widget\" data-widget_type=\"text-editor.default\">\n\t\t\t\t\t\t\t\t\t<p>En konsthistorisk f\u00f6rdjupning f\u00f6rtj\u00e4nar periodiseringen av h\u00e4llm\u00e5lningarna i Arnhem Land. Forskningen skiljer mellan flera stilfaser: &#8221;Dynamic Figures&#8221; (troligen 10 000+ \u00e5r gamla, ofta Mimi-h\u00e4llm\u00e5lningar), &#8221;Yam Style&#8221;, &#8221;X-Ray Style&#8221; (yngre, med v\u00e4sen som Namarrkon).<\/p><p>Paul Ta\u00e7on, Christopher Chippindale och George Chaloupka har i flera standardverk etablerat denna kronologi. Mimi-h\u00e4llm\u00e5lningarna h\u00f6r till de \u00e4ldsta bevarade konstverken i v\u00e4rlden, ett historiskt sett enast\u00e5ende fynd.<\/p><p>I den samtida forskningen f\u00f6rfinas och granskas denna kronologi kritiskt. Nya dateringsmetoder (uran-torium-datering) ger mer precisa resultat; n\u00e5gra Mimi-bilder dateras nu till upp emot 30 000 \u00e5r, vilket \u00f6ppnar dateringsdiskussionen p\u00e5 nytt.<\/p>\t\t\t\t\t\t\t\t<\/div>\n\t\t\t\t<\/div>\n\t\t\t\t\t<\/div>\n\t\t\t\t<\/div>\n\t\t<div class=\"elementor-element elementor-element-iwgw-mimigeiste-s14 e-flex e-con-boxed e-con e-parent\" data-id=\"iwgw-mimigeiste-s14\" data-element_type=\"container\" data-e-type=\"container\">\n\t\t\t\t\t<div class=\"e-con-inner\">\n\t\t\t\t<div class=\"elementor-element elementor-element-iwgw-mimigeiste-s14h elementor-widget elementor-widget-heading\" data-id=\"iwgw-mimigeiste-s14h\" data-element_type=\"widget\" data-e-type=\"widget\" data-widget_type=\"heading.default\">\n\t\t\t\t\t<h2 class=\"elementor-heading-title elementor-size-default\">Mimi och hemlig kunskap<\/h2>\t\t\t\t<\/div>\n\t\t<div class=\"elementor-element elementor-element-iwgw-mimigeiste-s14c e-con-full e-flex e-con e-child\" data-id=\"iwgw-mimigeiste-s14c\" data-element_type=\"container\" data-e-type=\"container\">\n\t\t\t\t<div class=\"elementor-element elementor-element-iwgw-mimigeiste-s14t elementor-widget elementor-widget-text-editor\" data-id=\"iwgw-mimigeiste-s14t\" data-element_type=\"widget\" data-e-type=\"widget\" data-widget_type=\"text-editor.default\">\n\t\t\t\t\t\t\t\t\t<p>En s\u00e4rskild metodisk f\u00f6rdjupning f\u00f6rtj\u00e4nar fr\u00e5gan om hemlig kunskap. Mycket av den Mimi-relaterade kunskapen \u00e4r inte &#8221;restricted&#8221; i strikt mening (allts\u00e5 inte initiationspliktig), men \u00e4r \u00e4nd\u00e5 inb\u00e4ddad i lokala sammanhang d\u00e4r den inte b\u00f6r presenteras offentligt.<\/p><p><span data-nosnippet>Howard Morphy har i <em>Aboriginal Art<\/em> (1998) f\u00f6reslagit en differentierad \u00e5tskillnad mellan flera kunskapsniv\u00e5er: &#8221;inside knowledge&#8221; (initiationspliktig), &#8221;outside knowledge&#8221; (f\u00f6r hela samh\u00e4llet), &#8221;public knowledge&#8221; (f\u00f6r den breda allm\u00e4nheten). Mimi-traditionen omfattar element fr\u00e5n alla tre niv\u00e5erna.<\/span><\/p><p>F\u00f6r den samtida forskningen inneb\u00e4r detta att ett respektfullt k\u00e4llarbete m\u00e5ste skilja mellan dessa niv\u00e5er och hantera dem p\u00e5 l\u00e4mpligt s\u00e4tt beroende p\u00e5 sammanhang. Denna metodiska noggrannhet har varit standard sedan 1990-talet.<\/p>\t\t\t\t\t\t\t\t<\/div>\n\t\t\t\t<\/div>\n\t\t\t\t\t<\/div>\n\t\t\t\t<\/div>\n\t\t<div class=\"elementor-element elementor-element-iwgw-mimigeiste-s15 e-flex e-con-boxed e-con e-parent\" data-id=\"iwgw-mimigeiste-s15\" data-element_type=\"container\" data-e-type=\"container\">\n\t\t\t\t\t<div class=\"e-con-inner\">\n\t\t\t\t<div class=\"elementor-element elementor-element-iwgw-mimigeiste-s15h elementor-widget elementor-widget-heading\" data-id=\"iwgw-mimigeiste-s15h\" data-element_type=\"widget\" data-e-type=\"widget\" data-widget_type=\"heading.default\">\n\t\t\t\t\t<h2 class=\"elementor-heading-title elementor-size-default\">Mimi och Aboriginal-kunskapstraditionen<\/h2>\t\t\t\t<\/div>\n\t\t<div class=\"elementor-element elementor-element-iwgw-mimigeiste-s15c e-con-full e-flex e-con e-child\" data-id=\"iwgw-mimigeiste-s15c\" data-element_type=\"container\" data-e-type=\"container\">\n\t\t\t\t<div class=\"elementor-element elementor-element-iwgw-mimigeiste-s15t elementor-widget elementor-widget-text-editor\" data-id=\"iwgw-mimigeiste-s15t\" data-element_type=\"widget\" data-e-type=\"widget\" data-widget_type=\"text-editor.default\">\n\t\t\t\t\t\t\t\t\t<p>En f\u00f6rdjupande studie f\u00f6rtj\u00e4nar Mimi som en del av en bredare Aboriginal-kunskapstradition. Den aboriginska traditionen ser sig inte bara som religi\u00f6s, utan som en helhetlig kunskapsform som f\u00f6renar religion, ekologi, samh\u00e4llsordning och praktisk f\u00f6rm\u00e5ga.<\/p><p><span data-nosnippet>Tyson Yunkaporta har i <em>Sand Talk<\/em> (2019) konceptualiserat det aboriginska kunskapssystemet som &#8221;relational pattern thinking&#8221;. Mimi-traditionen passar in i detta system: den f\u00f6renar ekologisk f\u00f6rsiktighet (grott-risker), konstn\u00e4rlig tradition (h\u00e4llm\u00e5lning), pedagogisk funktion (jaktundervisning) och religi\u00f6s praxis (relation till andar).<\/span><\/p><p>Religionsfenomenologiskt \u00e4r detta en viktig observation: inhemsk religion \u00e4r inte ett avskilt omr\u00e5de kallat &#8221;tro&#8221;, utan en integrerad del av en omfattande kunskapsekologi. Denna syn har p\u00e5verkat den samtida religionsforskningen v\u00e4rlden \u00f6ver.<\/p>\t\t\t\t\t\t\t\t<\/div>\n\t\t\t\t<\/div>\n\t\t\t\t\t<\/div>\n\t\t\t\t<\/div>\n\t\t<div class=\"elementor-element elementor-element-iwgw-mimigeiste-s16 e-flex e-con-boxed e-con e-parent\" data-id=\"iwgw-mimigeiste-s16\" data-element_type=\"container\" data-e-type=\"container\">\n\t\t\t\t\t<div class=\"e-con-inner\">\n\t\t\t\t<div class=\"elementor-element elementor-element-iwgw-mimigeiste-s16h elementor-widget elementor-widget-heading\" data-id=\"iwgw-mimigeiste-s16h\" data-element_type=\"widget\" data-e-type=\"widget\" data-widget_type=\"heading.default\">\n\t\t\t\t\t<h2 class=\"elementor-heading-title elementor-size-default\">Mimi och dateringen av Aboriginal-h\u00e4llm\u00e5lningar<\/h2>\t\t\t\t<\/div>\n\t\t<div class=\"elementor-element elementor-element-iwgw-mimigeiste-s16c e-con-full e-flex e-con e-child\" data-id=\"iwgw-mimigeiste-s16c\" data-element_type=\"container\" data-e-type=\"container\">\n\t\t\t\t<div class=\"elementor-element elementor-element-iwgw-mimigeiste-s16t elementor-widget elementor-widget-text-editor\" data-id=\"iwgw-mimigeiste-s16t\" data-element_type=\"widget\" data-e-type=\"widget\" data-widget_type=\"text-editor.default\">\n\t\t\t\t\t\t\t\t\t<p>En aktuell forskningslinje r\u00f6r den arkeologiska dateringen av Mimi-h\u00e4llm\u00e5lningarna. De s\u00e5 kallade &#8221;Dynamic Figures&#8221; har l\u00e4nge daterats till 6000-8000 \u00e5r; nyare dateringsmetoder (uran-torium, luminescens) ger delvis \u00e4ldre resultat.<\/p><p>Paul Ta\u00e7on, Christopher Chippindale och andra har i flera uppsatser diskuterat dateringsfr\u00e5gan. N\u00e5gra h\u00e4llm\u00e5lningar dateras nu till upp emot 30 000 \u00e5r, vilket skulle g\u00f6ra Mimi-traditionen till en av de \u00e4ldsta bevarade konstpraktikerna i v\u00e4rlden.<\/p><p>Religionshistoriskt \u00e4r denna datering av yttersta betydelse. Den skulle inneb\u00e4ra att f\u00f6rest\u00e4llningen om Mimi-andar h\u00f6r till de \u00e4ldsta religi\u00f6sa koncept vi k\u00e4nner till. Forskningen befinner sig h\u00e4r i en metodologiskt produktiv fas.<\/p>\t\t\t\t\t\t\t\t<\/div>\n\t\t\t\t<\/div>\n\t\t\t\t\t<\/div>\n\t\t\t\t<\/div>\n\t\t<div class=\"elementor-element elementor-element-cp21604241 e-flex e-con-boxed e-con e-parent\" data-id=\"cp21604241\" data-element_type=\"container\" data-e-type=\"container\">\n\t\t\t\t\t<div class=\"e-con-inner\">\n\t\t\t\t<div class=\"elementor-element elementor-element-cp2421a483 elementor-widget elementor-widget-heading\" data-id=\"cp2421a483\" data-element_type=\"widget\" data-e-type=\"widget\" data-widget_type=\"heading.default\">\n\t\t\t\t\t<h2 class=\"elementor-heading-title elementor-size-default\">Strecktunna och skygga: mimih i h\u00e4llkonsten i Arnhem Land<\/h2>\t\t\t\t<\/div>\n\t\t<div class=\"elementor-element elementor-element-cp20d64a9e e-flex e-con-boxed e-con e-child\" data-id=\"cp20d64a9e\" data-element_type=\"container\" data-e-type=\"container\">\n\t\t\t\t\t<div class=\"e-con-inner\">\n\t\t\t\t<div class=\"elementor-element elementor-element-cp22fc4a0c elementor-widget elementor-widget-text-editor\" data-id=\"cp22fc4a0c\" data-element_type=\"widget\" data-e-type=\"widget\" data-widget_type=\"text-editor.default\">\n\t\t\t\t\t\t\t\t\t<p><em>Mimih<\/em>, som i v\u00e4sterl\u00e4ndska texter ofta kallas mimi-andar, h\u00f6r till de gestalter i den australiska <span class=\"iwg-fachbegriff\" data-tooltip=\"Traderingen av kunskap och ber\u00e4ttelser genom generationer.\" tabindex=\"0\">traderingen<\/span> som \u00e4r mest exakt knutna till ett bildmaterial. De \u00e4r en fast del av h\u00e4llkonsten i v\u00e4stra Arnhem Land, en region i norra delen av kontinenten, vars stamomr\u00e5den bland annat bebos av talare av kunwinjku och besl\u00e4ktade spr\u00e5k.<\/p><p>I dessa samh\u00e4llens ber\u00e4ttelser \u00e4r mimih tunna, l\u00e5nglemmade varelser som lever i sandstensklippornas sprickor och h\u00e5lrum. Deras kroppar \u00e4r s\u00e5 br\u00e4ckliga att en kraftig vindst\u00f6t skulle kunna bryta halsen p\u00e5 dem, varf\u00f6r de bara kommer fram n\u00e4r det \u00e4r vindstilla och f\u00f6rsvinner in i klippan vid fara genom att bl\u00e5sa upp den som mjuk deg.<\/p><p>Denna f\u00f6rest\u00e4llning st\u00e5r i ett anm\u00e4rkningsv\u00e4rt f\u00f6rh\u00e5llande till h\u00e4llkonsten sj\u00e4lv. M\u00e5nga av de dynamiska, fint tecknade figurerna i de \u00e4ldre lagren av Arnhem Land-m\u00e5leriet visar smala, i r\u00f6relse frusna gestalter som jagar, springer eller dansar. I de traditionella \u00e4garnas <span class=\"iwg-fachbegriff\" data-tooltip=\"Traderingen av kunskap och ber\u00e4ttelser genom generationer.\" tabindex=\"0\">tradering<\/span> tillskrivs bilder av detta slag delvis mimih sj\u00e4lva.<\/p><p>Enligt denna tolkning var det inte m\u00e4nniskor som m\u00e5lade de \u00e4ldsta bilderna, utan mimih, som f\u00f6rst d\u00e4refter visade m\u00e4nniskorna hur man jagar, m\u00e5lar och utf\u00f6r vissa ceremonier. Mimih framst\u00e5r d\u00e4rmed som f\u00f6rmedlare av kulturteknik, i likhet med andra f\u00f6rm\u00e4nskliga varelser i de australiska traditionerna.<\/p><p>Den arkeologiska forskningen, till exempel arbetena av George Chaloupka och senare specialister, har f\u00f6r h\u00e4llkonsten i Arnhem Land tagit fram en l\u00e5ng f\u00f6ljd av stilfaser som str\u00e4cker sig \u00f6ver m\u00e5nga \u00e5rtusenden. Det \u00e4r viktigt att inte st\u00e4lla ursprungsbefolkningens tillskrivning till mimih mot den arkeologiska stilkronologin.<\/p><p>B\u00e5da besvarar olika fr\u00e5gor. Den arkeologiska kronologin ordnar bilderna i en tidsf\u00f6ljd, medan ursprungsbefolkningens <span class=\"iwg-fachbegriff\" data-tooltip=\"Traderingen av kunskap och ber\u00e4ttelser genom generationer.\" tabindex=\"0\">tradering<\/span> placerar dem i en v\u00e4rldsuppfattning d\u00e4r gr\u00e4nsen mellan m\u00e4nskligt och f\u00f6rm\u00e4nskligt upphovsmannaskap dras p\u00e5 ett annat s\u00e4tt.<\/p><p>Mimih \u00e4r d\u00e4rmed inte enbart varelser fr\u00e5n det f\u00f6rflutna. I m\u00e5nga samh\u00e4llen anses de vara n\u00e4rvarande \u00e4n idag, ofarliga till lynniga, ibland hj\u00e4lpsamma, ibland kidnappande m\u00e4nniskor.<\/p><p>Sedan andra h\u00e4lften av 1900-talet ing\u00e5r snidade mimih-figurer i tr\u00e4 \u00e4ven i regionens vitt k\u00e4nda konstproduktion, ett exempel p\u00e5 hur en gammal andef\u00f6rest\u00e4llning \u00f6verg\u00e5r i nya uttrycksformer utan att f\u00f6rlora sin plats i den levande traditionen.<\/p>\t\t\t\t\t\t\t\t<\/div>\n\t\t\t\t\t<\/div>\n\t\t\t\t<\/div>\n\t\t\t\t\t<\/div>\n\t\t\t\t<\/div>\n\t\t<div class=\"elementor-element elementor-element-iwgw-mimigeiste-lit e-flex e-con-boxed e-con e-parent\" data-id=\"iwgw-mimigeiste-lit\" data-element_type=\"container\" data-e-type=\"container\">\n\t\t\t\t\t<div class=\"e-con-inner\">\n\t\t\t\t<div class=\"elementor-element elementor-element-iwgw-mimigeiste-lith elementor-widget elementor-widget-heading\" data-id=\"iwgw-mimigeiste-lith\" data-element_type=\"widget\" data-e-type=\"widget\" data-widget_type=\"heading.default\">\n\t\t\t\t\t<h2 class=\"elementor-heading-title elementor-size-default\">Litteratur (urval)<\/h2>\t\t\t\t<\/div>\n\t\t<div class=\"elementor-element elementor-element-iwgw-mimigeiste-litc e-con-full e-flex e-con e-child\" data-id=\"iwgw-mimigeiste-litc\" data-element_type=\"container\" data-e-type=\"container\">\n\t\t\t\t<div class=\"elementor-element elementor-element-iwgw-mimigeiste-litt elementor-widget elementor-widget-text-editor\" data-id=\"iwgw-mimigeiste-litt\" data-element_type=\"widget\" data-e-type=\"widget\" data-widget_type=\"text-editor.default\">\n\t\t\t\t\t\t\t\t\t<ul><li>Charles P. Mountford: <em>Records of the American-Australian Scientific Expedition to Arnhem Land<\/em> (1956)<\/li><li><span data-nosnippet>Ronald M. Berndt &#038; Catherine H. Berndt: <em>Man, Land and Myth in North Australia<\/em> (1970)<\/span><\/li><li>Howard Morphy: <em>Aboriginal Art<\/em> (Phaidon 1998)<\/li><li>Luke Taylor: <em>Seeing the Inside<\/em> (1996)<\/li><li>Tony Swain: <em>A Place for Strangers<\/em> (1993)<\/li><li>Lynne Hume: <em>Ancestral Power<\/em> (2002)<\/li><\/ul>\t\t\t\t\t\t\t\t<\/div>\n\t\t\t\t<\/div>\n\t\t\t\t\t<\/div>\n\t\t\t\t<\/div>\n\t\t<div class=\"elementor-element elementor-element-iwgkw2-add-mimigeister e-flex e-con-boxed e-con e-parent\" data-id=\"iwgkw2-add-mimigeister\" data-element_type=\"container\" data-e-type=\"container\">\n\t\t\t\t\t<div class=\"e-con-inner\">\n\t\t\t\t<div class=\"elementor-element elementor-element-iwgkw2-add-mimigeister-t elementor-widget elementor-widget-text-editor\" data-id=\"iwgkw2-add-mimigeister-t\" data-element_type=\"widget\" data-e-type=\"widget\" data-widget_type=\"text-editor.default\">\n\t\t\t\t\t\t\t\t\t<p><em><span class=\"iwg-fachbegriff\" data-tooltip=\"En traderad ber\u00e4ttelse om gudar, ursprung och v\u00e4rldens ordning.\" tabindex=\"0\">Myten<\/span><\/em> om mimi-andarna skildrar dem som magra inv\u00e5nare i Arnhem Lands klippsprickor, som l\u00e4rde m\u00e4nniskorna jakt, dans och eld; de viktigaste <em>k\u00e4llorna<\/em> \u00e4r h\u00e4llm\u00e5lningar samt ber\u00e4ttelser fr\u00e5n de yolngu- och kunwinjku-talande spr\u00e5ksamfunden.<\/p>\t\t\t\t\t\t\t\t<\/div>\n\t\t\t\t\t<\/div>\n\t\t\t\t<\/div>\n\t\t<div class=\"elementor-element elementor-element-iwgw-mimigeiste-kwd e-flex e-con-boxed e-con e-parent\" data-id=\"iwgw-mimigeiste-kwd\" data-element_type=\"container\" data-e-type=\"container\">\n\t\t\t\t\t<div class=\"e-con-inner\">\n\t\t<div class=\"elementor-element elementor-element-iwgw-mimigeiste-kwdc e-con-full e-flex e-con e-child\" data-id=\"iwgw-mimigeiste-kwdc\" data-element_type=\"container\" data-e-type=\"container\">\n\t\t\t\t<div class=\"elementor-element elementor-element-iwgw-mimigeiste-kwdt elementor-widget elementor-widget-text-editor\" data-id=\"iwgw-mimigeiste-kwdt\" data-element_type=\"widget\" data-e-type=\"widget\" data-widget_type=\"text-editor.default\">\n\t\t\t\t\t\t\t\t\t<p><em>Relaterade nyckelbegrepp: Mimi Mimih Arnhem Land klippandar jaktl\u00e4rare Kunwinjku.<\/em><\/p>\t\t\t\t\t\t\t\t<\/div>\n\t\t\t\t<\/div>\n\t\t\t\t\t<\/div>\n\t\t\t\t<\/div>\n\t\t<div class=\"elementor-element elementor-element-iwgw-mimigeiste-cc e-flex e-con-boxed e-con e-parent\" data-id=\"iwgw-mimigeiste-cc\" data-element_type=\"container\" data-e-type=\"container\" id=\"iwg-cc-mimi-geister\">\n\t\t\t\t\t<div class=\"e-con-inner\">\n\t\t<div class=\"elementor-element elementor-element-iwgw-mimigeiste-ccinner e-flex e-con-boxed e-con e-parent\" data-id=\"iwgw-mimigeiste-ccinner\" data-element_type=\"container\" data-e-type=\"container\" data-settings=\"{&quot;background_background&quot;:&quot;classic&quot;}\">\n\t\t\t\t\t<div class=\"e-con-inner\">\n\t\t\t\t<div class=\"elementor-element elementor-element-iwgw-mimigeiste-cch elementor-widget elementor-widget-heading\" data-id=\"iwgw-mimigeiste-cch\" data-element_type=\"widget\" data-e-type=\"widget\" data-widget_type=\"heading.default\">\n\t\t\t\t\t<h2 class=\"elementor-heading-title elementor-size-default\">iWell Guard och skyddstraditioner<\/h2>\t\t\t\t<\/div>\n\t\t\t\t<div class=\"elementor-element elementor-element-iwgw-mimigeiste-cct elementor-widget elementor-widget-text-editor\" data-id=\"iwgw-mimigeiste-cct\" data-element_type=\"widget\" data-e-type=\"widget\" data-widget_type=\"text-editor.default\">\n\t\t\t\t\t\t\t\t\t<div data-nosnippet=\"true\"><p>iWell Guard ansluter till den kulturhistoriska traditionen av b\u00e4rbara skyddsobjekt, i traditionen fr\u00e5n <a href=\"https:\/\/iwell-guard.com\/sv\/aboriginal-australien-dreamtime-tjukurpa-skyddsobjekt\/\">aboriginer<\/a> och m\u00e5nga andra kulturer v\u00e4rlden \u00f6ver. 41 lager, \u00e4kta guld, platina, silver, tillverkad i Tyskland. 30 dagars returr\u00e4tt.<\/p><\/div>\t\t\t\t\t\t\t\t<\/div>\n\t\t\t\t<div class=\"elementor-element elementor-element-iwgw-mimigeiste-ccb iwg-cc-button iwg-cc-cta-2026-05-13 elementor-widget elementor-widget-jet-button\" data-id=\"iwgw-mimigeiste-ccb\" data-element_type=\"widget\" data-e-type=\"widget\" data-widget_type=\"jet-button.default\">\n\t\t\t\t<div class=\"elementor-widget-container\">\n\t\t\t\t\t<div class=\"elementor-jet-button jet-elements\"><div class=\"jet-button__container\"><a class=\"jet-button__instance jet-button__instance--icon-left hover-effect-1\" href=\"\/ueber-iwell-guard\/?utm_source=iwell-guard.com&amp;utm_medium=info-box&amp;utm_campaign=wesen-tradition\"><div class=\"jet-button__plane jet-button__plane-normal\"><\/div><div class=\"jet-button__plane jet-button__plane-hover\"><\/div><div class=\"jet-button__state jet-button__state-normal\"><span class=\"jet-button__label\">Mer om iWell Guard<\/span><\/div><div class=\"jet-button__state jet-button__state-hover\"><span class=\"jet-button__label\">Mer om iWell Guard<\/span><\/div><\/a><\/div><\/div><style>.elementor-element.elementor-element-iwgw-mimigeiste-ccb .jet-button__instance{width:320px;height:56px;}.elementor-element.elementor-element-iwgw-mimigeiste-ccb .jet-button__state-normal .jet-button__label{text-align:center;margin:0px 0px 0px 0px;color:#1a1b20;font-family:Montserrat,sans-serif;font-size:13px;font-weight:400;letter-spacing:4px;line-height:1.714em;text-transform:uppercase;}.elementor-element.elementor-element-iwgw-mimigeiste-ccb .jet-button__state-hover .jet-button__label{text-align:center;margin:0px 0px 0px 0px;color:#FECC76;font-family:Montserrat,sans-serif;font-size:13px;font-weight:400;letter-spacing:4px;line-height:1.714em;text-transform:uppercase;}.elementor-element.elementor-element-iwgw-mimigeiste-ccb .jet-button__plane-normal{background-color:#FECC76;border-style:solid;border-color:#C99540;border-width:2px 2px 2px 2px;}.elementor-element.elementor-element-iwgw-mimigeiste-ccb .jet-button__plane-hover{background-color:rgba(0,0,0,0.55);border-style:solid;border-color:#FECC76;border-width:2px 2px 2px 2px;}<\/style>\t\t\t\t<\/div>\n\t\t\t\t<\/div>\n\t\t\t\t<div class=\"elementor-element elementor-element-iwgw-mimigeiste-ccd elementor-widget elementor-widget-text-editor\" data-id=\"iwgw-mimigeiste-ccd\" data-element_type=\"widget\" data-e-type=\"widget\" data-widget_type=\"text-editor.default\">\n\t\t\t\t\t\t\t\t\t<div data-nosnippet=\"true\"><p style=\"text-align:center;font-size:13px;opacity:0.7;margin-top:14px\" data-nosnippet=\"true\">Personliga erfarenheter kan variera. Ingen medicinteknisk produkt. Inget l\u00f6fte om l\u00e4kning.<\/p><\/div>\t\t\t\t\t\t\t\t<\/div>\n\t\t\t\t\t<\/div>\n\t\t\t\t<\/div>\n\t\t\t\t\t<\/div>\n\t\t\t\t<\/div>\n\t\t<div class=\"elementor-element elementor-element-iwgw-mimigeiste-disc e-flex e-con-boxed e-con e-parent\" data-id=\"iwgw-mimigeiste-disc\" data-element_type=\"container\" data-e-type=\"container\">\n\t\t\t\t\t<div class=\"e-con-inner\">\n\t\t\t\t<div class=\"elementor-element elementor-element-iwgw-mimigeiste-discw elementor-widget elementor-widget-html\" data-id=\"iwgw-mimigeiste-discw\" data-element_type=\"widget\" data-e-type=\"widget\" data-widget_type=\"html.default\">\n\t\t\t\t\t<footer data-nosnippet=\"true\" class=\"iwg-disclaimer-block\"><p data-nosnippet=\"true\">iWell Guard \u00e4r <strong>ingen medicinteknisk produkt<\/strong> och ers\u00e4tter inte l\u00e4karv\u00e5rd eller psykoterapeutisk behandling. De religionsvetenskapliga inneh\u00e5llen \u00e4r kulturhistorisk inordning, ingen andlig praxisrekommendation.<\/p><\/footer>\t\t\t\t<\/div>\n\t\t\t\t\t<\/div>\n\t\t\t\t<\/div>\n\t\t\t\t<\/div>\n\t\t","protected":false},"excerpt":{"rendered":"","protected":false},"author":3,"featured_media":2867,"parent":0,"menu_order":0,"comment_status":"closed","ping_status":"closed","template":"elementor_header_footer","meta":{"_yoast_wpseo_focuskw":"Mimi-andar Arnhem Land aboriginer","_yoast_wpseo_title":"Mimi-andar \u2013 aboriginska klippandar, myt och k\u00e4llor","_yoast_wpseo_metadesc":"Mimi-andar \u00e4r tunna klipp- och grottandar hos aboriginer i Arnhem Land. Religionsvetenskaplig inordning med myt och k\u00e4llor.","_yoast_wpseo_meta-robots-noindex":"","_yoast_wpseo_canonical":"","_angie_page":false,"gefaehrdungsstufe":"3","wesen_kultur":"aboriginal","wesen_klasse":"geister","footnotes":""},"categories":[],"class_list":["post-136899","page","type-page","status-publish","has-post-thumbnail","hentry"],"yoast_head":"<!-- This site is optimized with the Yoast SEO Premium plugin v27.7 (Yoast SEO v28.3) - https:\/\/yoast.com\/product\/yoast-seo-premium-wordpress\/ -->\n<title>Mimi-andar \u2013 aboriginska klippandar, myt och k\u00e4llor<\/title>\n<meta name=\"description\" content=\"Mimi-andar \u00e4r tunna klipp- och grottandar hos aboriginer i Arnhem Land. Religionsvetenskaplig inordning med myt och k\u00e4llor.\" \/>\n<meta name=\"robots\" content=\"index, follow, max-snippet:-1, max-image-preview:large, max-video-preview:-1\" \/>\n<link rel=\"canonical\" href=\"https:\/\/iwell-guard.com\/sv\/mimi-andar-tunna-klippandar-arnhem-land\/\" \/>\n<meta property=\"og:locale\" content=\"sv_SE\" \/>\n<meta property=\"og:type\" content=\"article\" \/>\n<meta property=\"og:title\" content=\"Mimi-andar \u2013 tunna klippandar hos aboriginer i Arnhem Land\" \/>\n<meta property=\"og:description\" content=\"Mimi-andar \u00e4r tunna klipp- och grottandar hos aboriginer i Arnhem Land. Religionsvetenskaplig inordning med myt och k\u00e4llor.\" \/>\n<meta property=\"og:url\" content=\"https:\/\/iwell-guard.com\/sv\/mimi-andar-tunna-klippandar-arnhem-land\/\" \/>\n<meta property=\"og:site_name\" content=\"iWell Guard\" \/>\n<meta property=\"article:modified_time\" content=\"2026-09-03T01:15:11+00:00\" \/>\n<meta property=\"og:image\" content=\"https:\/\/iwell-guard.com\/wp-content\/uploads\/2026\/05\/geister_aboriginal_mimi-geister.webp\" \/>\n\t<meta property=\"og:image:width\" content=\"1024\" \/>\n\t<meta property=\"og:image:height\" content=\"1536\" \/>\n\t<meta property=\"og:image:type\" content=\"image\/webp\" \/>\n<meta name=\"twitter:card\" content=\"summary_large_image\" \/>\n<script type=\"application\/ld+json\" class=\"yoast-schema-graph\">{\"@context\":\"https:\\\/\\\/schema.org\",\"@graph\":[{\"@type\":\"WebPage\",\"@id\":\"https:\\\/\\\/iwell-guard.com\\\/sv\\\/mimi-andar-tunna-klippandar-arnhem-land\\\/\",\"url\":\"https:\\\/\\\/iwell-guard.com\\\/sv\\\/mimi-andar-tunna-klippandar-arnhem-land\\\/\",\"name\":\"Mimi-andar \u2013 aboriginska klippandar, myt och k\u00e4llor\",\"isPartOf\":{\"@id\":\"https:\\\/\\\/iwell-guard.com\\\/sv\\\/#website\"},\"primaryImageOfPage\":{\"@id\":\"https:\\\/\\\/iwell-guard.com\\\/sv\\\/mimi-andar-tunna-klippandar-arnhem-land\\\/#primaryimage\"},\"image\":{\"@id\":\"https:\\\/\\\/iwell-guard.com\\\/sv\\\/mimi-andar-tunna-klippandar-arnhem-land\\\/#primaryimage\"},\"thumbnailUrl\":\"https:\\\/\\\/iwell-guard.com\\\/wp-content\\\/uploads\\\/2026\\\/05\\\/geister_aboriginal_mimi-geister.webp\",\"datePublished\":\"2026-09-03T00:11:00+00:00\",\"dateModified\":\"2026-09-03T01:15:11+00:00\",\"description\":\"Mimi-andar \u00e4r tunna klipp- och grottandar hos aboriginer i Arnhem Land. Religionsvetenskaplig inordning med myt och k\u00e4llor.\",\"breadcrumb\":{\"@id\":\"https:\\\/\\\/iwell-guard.com\\\/sv\\\/mimi-andar-tunna-klippandar-arnhem-land\\\/#breadcrumb\"},\"inLanguage\":\"sv-SE\",\"potentialAction\":[{\"@type\":\"ReadAction\",\"target\":[\"https:\\\/\\\/iwell-guard.com\\\/sv\\\/mimi-andar-tunna-klippandar-arnhem-land\\\/\"]}]},{\"@type\":\"ImageObject\",\"inLanguage\":\"sv-SE\",\"@id\":\"https:\\\/\\\/iwell-guard.com\\\/sv\\\/mimi-andar-tunna-klippandar-arnhem-land\\\/#primaryimage\",\"url\":\"https:\\\/\\\/iwell-guard.com\\\/wp-content\\\/uploads\\\/2026\\\/05\\\/geister_aboriginal_mimi-geister.webp\",\"contentUrl\":\"https:\\\/\\\/iwell-guard.com\\\/wp-content\\\/uploads\\\/2026\\\/05\\\/geister_aboriginal_mimi-geister.webp\",\"width\":1024,\"height\":1536,\"caption\":\"Andar fr\u00e5n den aboriginska traditionen.\"},{\"@type\":\"BreadcrumbList\",\"@id\":\"https:\\\/\\\/iwell-guard.com\\\/sv\\\/mimi-andar-tunna-klippandar-arnhem-land\\\/#breadcrumb\",\"itemListElement\":[{\"@type\":\"ListItem\",\"position\":1,\"name\":\"Start\",\"item\":\"https:\\\/\\\/iwell-guard.com\\\/sv\\\/?page_id=136483\"},{\"@type\":\"ListItem\",\"position\":2,\"name\":\"Mimi-andar \u2013 tunna klippandar hos aboriginer i Arnhem Land\"}]},{\"@type\":\"WebSite\",\"@id\":\"https:\\\/\\\/iwell-guard.com\\\/sv\\\/#website\",\"url\":\"https:\\\/\\\/iwell-guard.com\\\/sv\\\/\",\"name\":\"iWell Guard\",\"description\":\"Schutz vor dunklen Einfl\u00fcssen\",\"publisher\":{\"@id\":\"https:\\\/\\\/iwell-guard.com\\\/sv\\\/#organization\"},\"potentialAction\":[{\"@type\":\"SearchAction\",\"target\":{\"@type\":\"EntryPoint\",\"urlTemplate\":\"https:\\\/\\\/iwell-guard.com\\\/sv\\\/?s={search_term_string}\"},\"query-input\":{\"@type\":\"PropertyValueSpecification\",\"valueRequired\":true,\"valueName\":\"search_term_string\"}}],\"inLanguage\":\"sv-SE\"},{\"@type\":\"Organization\",\"@id\":\"https:\\\/\\\/iwell-guard.com\\\/sv\\\/#organization\",\"name\":\"Ittermann electronic GmbH\",\"url\":\"https:\\\/\\\/iwell-guard.com\\\/sv\\\/\",\"logo\":{\"@type\":\"ImageObject\",\"inLanguage\":\"sv-SE\",\"@id\":\"https:\\\/\\\/iwell-guard.com\\\/sv\\\/#\\\/schema\\\/logo\\\/image\\\/\",\"url\":\"https:\\\/\\\/iwell-guard.com\\\/wp-content\\\/uploads\\\/2026\\\/05\\\/Ittermann-Logo-1182x237-1.png\",\"contentUrl\":\"https:\\\/\\\/iwell-guard.com\\\/wp-content\\\/uploads\\\/2026\\\/05\\\/Ittermann-Logo-1182x237-1.png\",\"width\":1182,\"height\":237,\"caption\":\"Ittermann electronic GmbH\"},\"image\":{\"@id\":\"https:\\\/\\\/iwell-guard.com\\\/sv\\\/#\\\/schema\\\/logo\\\/image\\\/\"},\"sameAs\":[\"https:\\\/\\\/pantip.com\\\/profile\\\/9367242\",\"https:\\\/\\\/micro.blog\\\/iwellguard\",\"https:\\\/\\\/www.diggerslist.com\\\/iwellguard\\\/about\",\"https:\\\/\\\/skitterphoto.com\\\/photographers\\\/2870314\\\/iwell-guard\",\"https:\\\/\\\/iwellguard.wordpress.com\\\/2026\\\/06\\\/06\\\/iwell-guard\\\/\",\"https:\\\/\\\/hub.docker.com\\\/u\\\/iwellguard\",\"https:\\\/\\\/www.pinterest.com\\\/iwellguard\\\/\",\"https:\\\/\\\/bit.ly\\\/m\\\/iwellguard\",\"https:\\\/\\\/entre-vos-mains.alsace.eu\\\/profiles\\\/iwellguard\\\/activity\",\"https:\\\/\\\/gravatar.com\\\/reallybeded8fd34\",\"https:\\\/\\\/naijamatta.com\\\/iwellguard\",\"https:\\\/\\\/www.goodreads.com\\\/iwellguard\",\"https:\\\/\\\/profile.hatena.ne.jp\\\/iwellguard\\\/\",\"https:\\\/\\\/experiment.com\\\/users\\\/iwellguard\",\"https:\\\/\\\/wakelet.com\\\/@iWellGuard82270\",\"https:\\\/\\\/www.chordie.com\\\/forum\\\/profile.php?id=2555664\",\"https:\\\/\\\/www.instapaper.com\\\/p\\\/17757966\",\"https:\\\/\\\/www.mapleprimes.com\\\/users\\\/iwellguard\",\"https:\\\/\\\/businesslistingplus.com\\\/profile\\\/iwell-guard\\\/\",\"https:\\\/\\\/telegra.ph\\\/iWell-Guard-06-06\",\"https:\\\/\\\/pbase.com\\\/iwellguard\\\/iwellguard\",\"https:\\\/\\\/b.hatena.ne.jp\\\/iwellguard\\\/20260607#bookmark-4788405196491818882\",\"https:\\\/\\\/fliphtml5.com\\\/home\\\/iwellguard\",\"https:\\\/\\\/anyflip.com\\\/homepage\\\/cmiwl#About\",\"https:\\\/\\\/transfur.com\\\/Users\\\/iwellguard\",\"http:\\\/\\\/delphi.larsbo.org\\\/user\\\/iwellguard\",\"https:\\\/\\\/jobs.lajobsportal.org\\\/profiles\\\/8380803-iwell-guard\",\"https:\\\/\\\/md.chaosdorf.de\\\/s\\\/jfbe5SBdJD\",\"https:\\\/\\\/www.lingvolive.com\\\/en-us\\\/profile\\\/9ecaeaca-ce11-4e51-9e71-01d55e2bff36\\\/translations\",\"https:\\\/\\\/www.fitday.com\\\/fitness\\\/forums\\\/members\\\/iwellguard.html\",\"https:\\\/\\\/www.mymeetbook.com\\\/iwellguard\",\"https:\\\/\\\/pxhere.com\\\/en\\\/photographer-me\\\/5040798\",\"https:\\\/\\\/disqus.com\\\/by\\\/iwellguard\\\/about\\\/\",\"https:\\\/\\\/pastelink.net\\\/hjwciqwq\",\"https:\\\/\\\/pubhtml5.com\\\/homepage\\\/scjhn\\\/\",\"https:\\\/\\\/www.bitchute.com\\\/channel\\\/2O2eOKzNqujT\",\"https:\\\/\\\/audiomack.com\\\/iwellguard\"]},{\"@type\":\"Article\",\"@id\":\"https:\\\/\\\/iwell-guard.com\\\/sv\\\/mimi-andar-tunna-klippandar-arnhem-land\\\/#article\",\"isPartOf\":{\"@id\":\"https:\\\/\\\/iwell-guard.com\\\/sv\\\/mimi-andar-tunna-klippandar-arnhem-land\\\/\"},\"author\":{\"name\":\"Ralf Ittermann\",\"@id\":\"https:\\\/\\\/iwell-guard.com\\\/sv\\\/#\\\/schema\\\/person\\\/ee2a27f1cac3406c7c6fb5820cb7349f\"},\"headline\":\"Mimi-andar \u2013 tunna klippandar hos aboriginer i Arnhem Land\",\"datePublished\":\"2026-09-03T00:11:00+00:00\",\"dateModified\":\"2026-09-03T01:15:11+00:00\",\"mainEntityOfPage\":{\"@id\":\"https:\\\/\\\/iwell-guard.com\\\/sv\\\/mimi-andar-tunna-klippandar-arnhem-land\\\/\"},\"publisher\":{\"@id\":\"https:\\\/\\\/iwell-guard.com\\\/sv\\\/#organization\"},\"image\":{\"@id\":\"https:\\\/\\\/iwell-guard.com\\\/sv\\\/mimi-andar-tunna-klippandar-arnhem-land\\\/#primaryimage\"},\"thumbnailUrl\":\"https:\\\/\\\/iwell-guard.com\\\/wp-content\\\/uploads\\\/2026\\\/05\\\/geister_aboriginal_mimi-geister.webp\",\"inLanguage\":\"sv-SE\",\"description\":\"Mimi-andar \u00e4r tunna klipp- och grottandar hos aboriginer i Arnhem Land. Religionsvetenskaplig inordning med myt och k\u00e4llor.\"}]}<\/script>\n<!-- \/ Yoast SEO Premium plugin. -->","yoast_head_json":{"title":"Mimi-andar \u2013 aboriginska klippandar, myt och k\u00e4llor","description":"Mimi-andar \u00e4r tunna klipp- och grottandar hos aboriginer i Arnhem Land. Religionsvetenskaplig inordning med myt och k\u00e4llor.","robots":{"index":"index","follow":"follow","max-snippet":"max-snippet:-1","max-image-preview":"max-image-preview:large","max-video-preview":"max-video-preview:-1"},"canonical":"https:\/\/iwell-guard.com\/sv\/mimi-andar-tunna-klippandar-arnhem-land\/","og_locale":"sv_SE","og_type":"article","og_title":"Mimi-andar \u2013 tunna klippandar hos aboriginer i Arnhem Land","og_description":"Mimi-andar \u00e4r tunna klipp- och grottandar hos aboriginer i Arnhem Land. Religionsvetenskaplig inordning med myt och k\u00e4llor.","og_url":"https:\/\/iwell-guard.com\/sv\/mimi-andar-tunna-klippandar-arnhem-land\/","og_site_name":"iWell Guard","article_modified_time":"2026-09-03T01:15:11+00:00","og_image":[{"width":1024,"height":1536,"url":"https:\/\/iwell-guard.com\/wp-content\/uploads\/2026\/05\/geister_aboriginal_mimi-geister.webp","type":"image\/webp"}],"twitter_card":"summary_large_image","schema":{"@context":"https:\/\/schema.org","@graph":[{"@type":"Article","@id":"https:\/\/iwell-guard.com\/sv\/mimi-andar-tunna-klippandar-arnhem-land\/#article","isPartOf":{"@id":"https:\/\/iwell-guard.com\/sv\/mimi-andar-tunna-klippandar-arnhem-land\/"},"author":{"name":"Ralf Ittermann","@id":"https:\/\/iwell-guard.com\/sv\/#\/schema\/person\/ee2a27f1cac3406c7c6fb5820cb7349f"},"headline":"Mimi-andar \u2013 tunna klippandar hos aboriginer i Arnhem Land","datePublished":"2026-09-03T00:11:00+00:00","dateModified":"2026-09-03T01:15:11+00:00","mainEntityOfPage":{"@id":"https:\/\/iwell-guard.com\/sv\/mimi-andar-tunna-klippandar-arnhem-land\/"},"publisher":{"@id":"https:\/\/iwell-guard.com\/sv\/#organization"},"image":{"@id":"https:\/\/iwell-guard.com\/sv\/mimi-andar-tunna-klippandar-arnhem-land\/#primaryimage"},"thumbnailUrl":"https:\/\/iwell-guard.com\/wp-content\/uploads\/2026\/05\/geister_aboriginal_mimi-geister.webp","inLanguage":"sv-SE","description":"Mimi-andar \u00e4r tunna klipp- och grottandar hos aboriginer i Arnhem Land. Religionsvetenskaplig inordning med myt och k\u00e4llor."},{"@type":"WebPage","@id":"https:\/\/iwell-guard.com\/sv\/mimi-andar-tunna-klippandar-arnhem-land\/","url":"https:\/\/iwell-guard.com\/sv\/mimi-andar-tunna-klippandar-arnhem-land\/","name":"Mimi-andar \u2013 aboriginska klippandar, myt och k\u00e4llor","isPartOf":{"@id":"https:\/\/iwell-guard.com\/sv\/#website"},"primaryImageOfPage":{"@id":"https:\/\/iwell-guard.com\/sv\/mimi-andar-tunna-klippandar-arnhem-land\/#primaryimage"},"image":{"@id":"https:\/\/iwell-guard.com\/sv\/mimi-andar-tunna-klippandar-arnhem-land\/#primaryimage"},"thumbnailUrl":"https:\/\/iwell-guard.com\/wp-content\/uploads\/2026\/05\/geister_aboriginal_mimi-geister.webp","datePublished":"2026-09-03T00:11:00+00:00","dateModified":"2026-09-03T01:15:11+00:00","description":"Mimi-andar \u00e4r tunna klipp- och grottandar hos aboriginer i Arnhem Land. Religionsvetenskaplig inordning med myt och k\u00e4llor.","breadcrumb":{"@id":"https:\/\/iwell-guard.com\/sv\/mimi-andar-tunna-klippandar-arnhem-land\/#breadcrumb"},"inLanguage":"sv-SE","potentialAction":[{"@type":"ReadAction","target":["https:\/\/iwell-guard.com\/sv\/mimi-andar-tunna-klippandar-arnhem-land\/"]}]},{"@type":"ImageObject","inLanguage":"sv-SE","@id":"https:\/\/iwell-guard.com\/sv\/mimi-andar-tunna-klippandar-arnhem-land\/#primaryimage","url":"https:\/\/iwell-guard.com\/wp-content\/uploads\/2026\/05\/geister_aboriginal_mimi-geister.webp","contentUrl":"https:\/\/iwell-guard.com\/wp-content\/uploads\/2026\/05\/geister_aboriginal_mimi-geister.webp","width":1024,"height":1536,"caption":"Andar fr\u00e5n den aboriginska traditionen."},{"@type":"BreadcrumbList","@id":"https:\/\/iwell-guard.com\/sv\/mimi-andar-tunna-klippandar-arnhem-land\/#breadcrumb","itemListElement":[{"@type":"ListItem","position":1,"name":"Start","item":"https:\/\/iwell-guard.com\/sv\/?page_id=136483"},{"@type":"ListItem","position":2,"name":"Mimi-andar \u2013 tunna klippandar hos aboriginer i Arnhem Land"}]},{"@type":"WebSite","@id":"https:\/\/iwell-guard.com\/sv\/#website","url":"https:\/\/iwell-guard.com\/sv\/","name":"iWell Guard","description":"Schutz vor dunklen Einfl\u00fcssen","publisher":{"@id":"https:\/\/iwell-guard.com\/sv\/#organization"},"potentialAction":[{"@type":"SearchAction","target":{"@type":"EntryPoint","urlTemplate":"https:\/\/iwell-guard.com\/sv\/?s={search_term_string}"},"query-input":{"@type":"PropertyValueSpecification","valueRequired":true,"valueName":"search_term_string"}}],"inLanguage":"sv-SE"},{"@type":"Organization","@id":"https:\/\/iwell-guard.com\/sv\/#organization","name":"Ittermann electronic GmbH","url":"https:\/\/iwell-guard.com\/sv\/","logo":{"@type":"ImageObject","inLanguage":"sv-SE","@id":"https:\/\/iwell-guard.com\/sv\/#\/schema\/logo\/image\/","url":"https:\/\/iwell-guard.com\/wp-content\/uploads\/2026\/05\/Ittermann-Logo-1182x237-1.png","contentUrl":"https:\/\/iwell-guard.com\/wp-content\/uploads\/2026\/05\/Ittermann-Logo-1182x237-1.png","width":1182,"height":237,"caption":"Ittermann electronic GmbH"},"image":{"@id":"https:\/\/iwell-guard.com\/sv\/#\/schema\/logo\/image\/"},"sameAs":["https:\/\/pantip.com\/profile\/9367242","https:\/\/micro.blog\/iwellguard","https:\/\/www.diggerslist.com\/iwellguard\/about","https:\/\/skitterphoto.com\/photographers\/2870314\/iwell-guard","https:\/\/iwellguard.wordpress.com\/2026\/06\/06\/iwell-guard\/","https:\/\/hub.docker.com\/u\/iwellguard","https:\/\/www.pinterest.com\/iwellguard\/","https:\/\/bit.ly\/m\/iwellguard","https:\/\/entre-vos-mains.alsace.eu\/profiles\/iwellguard\/activity","https:\/\/gravatar.com\/reallybeded8fd34","https:\/\/naijamatta.com\/iwellguard","https:\/\/www.goodreads.com\/iwellguard","https:\/\/profile.hatena.ne.jp\/iwellguard\/","https:\/\/experiment.com\/users\/iwellguard","https:\/\/wakelet.com\/@iWellGuard82270","https:\/\/www.chordie.com\/forum\/profile.php?id=2555664","https:\/\/www.instapaper.com\/p\/17757966","https:\/\/www.mapleprimes.com\/users\/iwellguard","https:\/\/businesslistingplus.com\/profile\/iwell-guard\/","https:\/\/telegra.ph\/iWell-Guard-06-06","https:\/\/pbase.com\/iwellguard\/iwellguard","https:\/\/b.hatena.ne.jp\/iwellguard\/20260607#bookmark-4788405196491818882","https:\/\/fliphtml5.com\/home\/iwellguard","https:\/\/anyflip.com\/homepage\/cmiwl#About","https:\/\/transfur.com\/Users\/iwellguard","http:\/\/delphi.larsbo.org\/user\/iwellguard","https:\/\/jobs.lajobsportal.org\/profiles\/8380803-iwell-guard","https:\/\/md.chaosdorf.de\/s\/jfbe5SBdJD","https:\/\/www.lingvolive.com\/en-us\/profile\/9ecaeaca-ce11-4e51-9e71-01d55e2bff36\/translations","https:\/\/www.fitday.com\/fitness\/forums\/members\/iwellguard.html","https:\/\/www.mymeetbook.com\/iwellguard","https:\/\/pxhere.com\/en\/photographer-me\/5040798","https:\/\/disqus.com\/by\/iwellguard\/about\/","https:\/\/pastelink.net\/hjwciqwq","https:\/\/pubhtml5.com\/homepage\/scjhn\/","https:\/\/www.bitchute.com\/channel\/2O2eOKzNqujT","https:\/\/audiomack.com\/iwellguard"]},{"@type":"Person","@id":"https:\/\/iwell-guard.com\/sv\/#\/schema\/person\/ee2a27f1cac3406c7c6fb5820cb7349f","name":"Ralf Ittermann","image":{"@type":"ImageObject","inLanguage":"sv-SE","@id":"https:\/\/secure.gravatar.com\/avatar\/073c0153e350a5005b68eb752b445fea71f6b24a26da9449ad7e155e6b446c9d?s=96&d=mm&r=g","url":"https:\/\/secure.gravatar.com\/avatar\/073c0153e350a5005b68eb752b445fea71f6b24a26da9449ad7e155e6b446c9d?s=96&d=mm&r=g","contentUrl":"https:\/\/secure.gravatar.com\/avatar\/073c0153e350a5005b68eb752b445fea71f6b24a26da9449ad7e155e6b446c9d?s=96&d=mm&r=g","caption":"Ralf Ittermann"},"givenName":"Ralf","familyName":"Ittermann","jobTitle":"Gesch\u00e4ftsf\u00fchrer und redaktioneller Verantwortlicher","url":"https:\/\/iwell-guard.com\/sv\/author\/claude\/","description":"Ralf Ittermann ist Gesch\u00e4ftsf\u00fchrer der Ittermann electronic GmbH und redaktioneller Verantwortlicher des iWell-Guard-Lexikons. Er verbindet langj\u00e4hrige Erfahrung in der Pr\u00e4zisionsfertigung mit medialer Praxis und religionsgeschichtlicher Quellenarbeit.","worksFor":{"@type":"Organization","name":"Ittermann electronic GmbH","url":"https:\/\/ittermann.de\/","address":{"@type":"PostalAddress","streetAddress":"K\u00f6hlergasse 16-18","postalCode":"99842","addressLocality":"Ruhla","addressCountry":"DE"}},"knowsAbout":["Religionsgeschichte","Mythologie","Mediale Praxis","Energetische Diagnostik","Schutzpraxis","Volksglauben","Westliche Esoterik"]},{"@type":"Article","@id":"https:\/\/iwell-guard.com\/sv\/mimi-andar-tunna-klippandar-arnhem-land\/#article","isPartOf":{"@id":"https:\/\/iwell-guard.com\/sv\/mimi-andar-tunna-klippandar-arnhem-land\/"},"author":{"name":"Ralf Ittermann","@id":"https:\/\/iwell-guard.com\/sv\/#\/schema\/person\/ee2a27f1cac3406c7c6fb5820cb7349f"},"headline":"Mimi-andar \u2013 tunna klippandar hos aboriginer i Arnhem Land","datePublished":"2026-09-03T00:11:00+00:00","dateModified":"2026-09-03T01:15:11+00:00","mainEntityOfPage":{"@id":"https:\/\/iwell-guard.com\/sv\/mimi-andar-tunna-klippandar-arnhem-land\/"},"publisher":{"@id":"https:\/\/iwell-guard.com\/sv\/#organization"},"image":{"@id":"https:\/\/iwell-guard.com\/sv\/mimi-andar-tunna-klippandar-arnhem-land\/#primaryimage"},"thumbnailUrl":"https:\/\/iwell-guard.com\/wp-content\/uploads\/2026\/05\/geister_aboriginal_mimi-geister.webp","inLanguage":"sv-SE","description":"Mimi-andar \u00e4r tunna klipp- och grottandar hos aboriginer i Arnhem Land. Religionsvetenskaplig inordning med myt och k\u00e4llor."}]}},"_links":{"self":[{"href":"https:\/\/iwell-guard.com\/sv\/wp-json\/wp\/v2\/pages\/136899","targetHints":{"allow":["GET"]}}],"collection":[{"href":"https:\/\/iwell-guard.com\/sv\/wp-json\/wp\/v2\/pages"}],"about":[{"href":"https:\/\/iwell-guard.com\/sv\/wp-json\/wp\/v2\/types\/page"}],"author":[{"embeddable":true,"href":"https:\/\/iwell-guard.com\/sv\/wp-json\/wp\/v2\/users\/3"}],"replies":[{"embeddable":true,"href":"https:\/\/iwell-guard.com\/sv\/wp-json\/wp\/v2\/comments?post=136899"}],"version-history":[{"count":0,"href":"https:\/\/iwell-guard.com\/sv\/wp-json\/wp\/v2\/pages\/136899\/revisions"}],"wp:featuredmedia":[{"embeddable":true,"href":"https:\/\/iwell-guard.com\/sv\/wp-json\/wp\/v2\/media\/2867"}],"wp:attachment":[{"href":"https:\/\/iwell-guard.com\/sv\/wp-json\/wp\/v2\/media?parent=136899"}],"wp:term":[{"taxonomy":"category","embeddable":true,"href":"https:\/\/iwell-guard.com\/sv\/wp-json\/wp\/v2\/categories?post=136899"}],"curies":[{"name":"wp","href":"https:\/\/api.w.org\/{rel}","templated":true}]}}